{"id":171516,"date":"2026-09-05T15:40:02","date_gmt":"2026-09-05T15:40:02","guid":{"rendered":"https:\/\/iwell-guard.com\/?page_id=171516"},"modified":"2026-09-05T15:59:47","modified_gmt":"2026-09-05T15:59:47","slug":"perun","status":"publish","type":"page","link":"https:\/\/iwell-guard.com\/ca\/perun\/","title":{"rendered":"Perun"},"content":{"rendered":"\t\t<div data-elementor-type=\"wp-page\" data-elementor-id=\"171516\" class=\"elementor elementor-171516 elementor-1987 elementor-bc-flex-widget\" data-elementor-post-type=\"page\">\n\t\t\t\t<div class=\"elementor-element elementor-element-10fdade e-flex e-con-boxed e-con e-parent\" data-id=\"10fdade\" data-element_type=\"container\" data-e-type=\"container\" data-settings=\"{&quot;background_background&quot;:&quot;classic&quot;}\">\n\t\t\t\t\t<div class=\"e-con-inner\">\n\t\t<div class=\"elementor-element elementor-element-herohlft0 e-flex e-con-boxed e-con e-child\" data-id=\"herohlft0\" data-element_type=\"container\" data-e-type=\"container\">\n\t\t\t\t\t<div class=\"e-con-inner\">\n\t\t<div class=\"elementor-element elementor-element-c3ceb64 e-con-full e-flex e-con e-child\" data-id=\"c3ceb64\" data-element_type=\"container\" data-e-type=\"container\">\n\t\t\t\t<div class=\"elementor-element elementor-element-96ae5e1 elementor-widget elementor-widget-heading\" data-id=\"96ae5e1\" data-element_type=\"widget\" data-e-type=\"widget\" data-widget_type=\"heading.default\">\n\t\t\t\t\t<h1 class=\"elementor-heading-title elementor-size-default\">Perun, d\u00e9u de la tradici\u00f3 eslava<\/h1>\t\t\t\t<\/div>\n\t\t\t\t<div class=\"elementor-element elementor-element-e45238a elementor-widget elementor-widget-text-editor\" data-id=\"e45238a\" data-element_type=\"widget\" data-e-type=\"widget\" data-widget_type=\"text-editor.default\">\n\t\t\t\t\t\t\t\t\t<p>Perun \u00e9s el d\u00e9u suprem del tro de la <span class=\"iwg-fachbegriff\" data-tooltip=\"El conjunt dels relats m\u00edtics transmesos d'una cultura.\" tabindex=\"0\">mitologia<\/span> eslava i encarna el llamp, el tro i el poder celeste. Va ser religiosament central fins a la cristianitzaci\u00f3 dels segles X-XI, i posteriorment ha continuat vigent culturalment en el <span class=\"iwg-fachbegriff\" data-tooltip=\"La cultura popular transmesa amb costums, relats i can\u00e7ons.\" tabindex=\"0\">folklore<\/span> i en pr\u00e0ctiques regionals fins avui dia.<\/p>\t\t\t\t\t\t\t\t<\/div>\n\t\t\t\t<\/div>\n\t\t<div class=\"elementor-element elementor-element-klsbdg01 e-con-full e-flex e-con e-parent\" data-id=\"klsbdg01\" data-element_type=\"container\" data-e-type=\"container\">\n\t\t\t\t<div class=\"elementor-element elementor-element-klshtm01 elementor-widget elementor-widget-html\" data-id=\"klshtm01\" data-element_type=\"widget\" data-e-type=\"widget\" data-widget_type=\"html.default\">\n\t\t\t\t\t<div class=\"iwg-pill-row\"><span class=\"iwg-klasse-badge\" tabindex=\"0\" data-tooltip=\"D\u00e9u \/ Deessa: Poder suprem personificat en el pante\u00f3 d'una cultura, amb \u00e0mbits clars, forces de la natura, dest\u00ed, guerra, fertilitat. Venerat mitjan\u00e7ant cultes, ofrenes i institucions de temple.\">D\u00e9u<\/span><a href=\"https:\/\/iwell-guard.com\/ca\/?page_id=171369\" class=\"iwg-kultur-badge\" tabindex=\"0\" data-tooltip=\"Mitologia i religi\u00f3 popular eslava, cristianitzada a partir del segle X.\">Eslau<\/a><\/div>\t\t\t\t<\/div>\n\t\t\t\t<\/div>\n\t\t<div class=\"elementor-element elementor-element-3f74855 e-con-full e-flex e-con e-child\" data-id=\"3f74855\" data-element_type=\"container\" data-e-type=\"container\">\n\t\t\t\t<div class=\"elementor-element elementor-element-1c30362 elementor-toc--minimized-on-tablet elementor-widget elementor-widget-table-of-contents\" data-id=\"1c30362\" data-element_type=\"widget\" data-e-type=\"widget\" data-settings=\"{&quot;exclude_headings_by_selector&quot;:[],&quot;no_headings_message&quot;:&quot;No s&#039;ha trobat cap encap\\u00e7alament en aquesta p\\u00e0gina.&quot;,&quot;headings_by_tags&quot;:[&quot;h2&quot;,&quot;h3&quot;],&quot;marker_view&quot;:&quot;bullets&quot;,&quot;minimize_box&quot;:&quot;yes&quot;,&quot;icon&quot;:{&quot;value&quot;:&quot;fas fa-circle&quot;,&quot;library&quot;:&quot;fa-solid&quot;,&quot;rendered_tag&quot;:&quot;&lt;svg class=\\&quot;e-font-icon-svg e-fas-circle\\&quot; viewBox=\\&quot;0 0 512 512\\&quot; xmlns=\\&quot;http:\\\/\\\/www.w3.org\\\/2000\\\/svg\\&quot;&gt;&lt;path d=\\&quot;M256 8C119 8 8 119 8 256s111 248 248 248 248-111 248-248S393 8 256 8z\\&quot;&gt;&lt;\\\/path&gt;&lt;\\\/svg&gt;&quot;},&quot;minimized_on&quot;:&quot;tablet&quot;,&quot;hierarchical_view&quot;:&quot;yes&quot;,&quot;min_height&quot;:{&quot;unit&quot;:&quot;px&quot;,&quot;size&quot;:&quot;&quot;,&quot;sizes&quot;:[]},&quot;min_height_tablet&quot;:{&quot;unit&quot;:&quot;px&quot;,&quot;size&quot;:&quot;&quot;,&quot;sizes&quot;:[]},&quot;min_height_mobile&quot;:{&quot;unit&quot;:&quot;px&quot;,&quot;size&quot;:&quot;&quot;,&quot;sizes&quot;:[]}}\" data-widget_type=\"table-of-contents.default\">\n\t\t\t\t\t\t\t\t\t<div class=\"elementor-toc__header\">\n\t\t\t\t\t\t<h2 class=\"elementor-toc__header-title\">\n\t\t\t\t\u00cdndex\t\t\t<\/h2>\n\t\t\t\t\t\t\t\t\t\t<div class=\"elementor-toc__toggle-button elementor-toc__toggle-button--expand\" role=\"button\" tabindex=\"0\" aria-controls=\"elementor-toc__1c30362\" aria-expanded=\"true\" aria-label=\"Open table of contents\"><svg aria-hidden=\"true\" class=\"e-font-icon-svg e-fas-chevron-down\" viewBox=\"0 0 448 512\" xmlns=\"http:\/\/www.w3.org\/2000\/svg\"><path d=\"M207.029 381.476L12.686 187.132c-9.373-9.373-9.373-24.569 0-33.941l22.667-22.667c9.357-9.357 24.522-9.375 33.901-.04L224 284.505l154.745-154.021c9.379-9.335 24.544-9.317 33.901.04l22.667 22.667c9.373 9.373 9.373 24.569 0 33.941L240.971 381.476c-9.373 9.372-24.569 9.372-33.942 0z\"><\/path><\/svg><\/div>\n\t\t\t\t<div class=\"elementor-toc__toggle-button elementor-toc__toggle-button--collapse\" role=\"button\" tabindex=\"0\" aria-controls=\"elementor-toc__1c30362\" aria-expanded=\"true\" aria-label=\"Close table of contents\"><svg aria-hidden=\"true\" class=\"e-font-icon-svg e-fas-chevron-up\" viewBox=\"0 0 448 512\" xmlns=\"http:\/\/www.w3.org\/2000\/svg\"><path d=\"M240.971 130.524l194.343 194.343c9.373 9.373 9.373 24.569 0 33.941l-22.667 22.667c-9.357 9.357-24.522 9.375-33.901.04L224 227.495 69.255 381.516c-9.379 9.335-24.544 9.317-33.901-.04l-22.667-22.667c-9.373-9.373-9.373-24.569 0-33.941L207.03 130.525c9.372-9.373 24.568-9.373 33.941-.001z\"><\/path><\/svg><\/div>\n\t\t\t\t\t<\/div>\n\t\t\t\t<div id=\"elementor-toc__1c30362\" class=\"elementor-toc__body\">\n\t\t\t<div class=\"elementor-toc__spinner-container\">\n\t\t\t\t<svg class=\"elementor-toc__spinner eicon-animation-spin e-font-icon-svg e-eicon-loading\" aria-hidden=\"true\" viewBox=\"0 0 1000 1000\" xmlns=\"http:\/\/www.w3.org\/2000\/svg\"><path d=\"M500 975V858C696 858 858 696 858 500S696 142 500 142 142 304 142 500H25C25 237 238 25 500 25S975 237 975 500 763 975 500 975Z\"><\/path><\/svg>\t\t\t<\/div>\n\t\t<\/div>\n\t\t\t\t\t\t<\/div>\n\t\t\t\t<\/div>\n\t\t\t\t\t<\/div>\n\t\t\t\t<\/div>\n\t\t<div class=\"elementor-element elementor-element-herorght0 e-con-full e-flex e-con e-child\" data-id=\"herorght0\" data-element_type=\"container\" data-e-type=\"container\">\n\t\t\t\t<div class=\"elementor-element elementor-element-heroimg00 iwg-hero-image elementor-widget elementor-widget-image\" data-id=\"heroimg00\" data-element_type=\"widget\" data-e-type=\"widget\" data-widget_type=\"image.default\">\n\t\t\t\t\t\t\t\t\t\t\t\t\t\t\t<img fetchpriority=\"high\" decoding=\"async\" width=\"683\" height=\"1024\" src=\"https:\/\/iwell-guard.com\/wp-content\/uploads\/2026\/04\/goetter_slawisch_perun-683x1024.webp\" class=\"attachment-large size-large wp-image-1763\" alt=\"Perun\" srcset=\"https:\/\/iwell-guard.com\/wp-content\/uploads\/2026\/04\/goetter_slawisch_perun-683x1024.webp 683w, https:\/\/iwell-guard.com\/wp-content\/uploads\/2026\/04\/goetter_slawisch_perun-200x300.webp 200w, https:\/\/iwell-guard.com\/wp-content\/uploads\/2026\/04\/goetter_slawisch_perun-768x1152.webp 768w, https:\/\/iwell-guard.com\/wp-content\/uploads\/2026\/04\/goetter_slawisch_perun.webp 1024w\" sizes=\"(max-width: 683px) 100vw, 683px\" \/>\t\t\t\t\t\t\t\t\t\t\t\t\t\t\t<\/div>\n\t\t\t\t<\/div>\n\t\t\t\t\t<\/div>\n\t\t\t\t<\/div>\n\t\t<div class=\"elementor-element elementor-element-32917199 e-flex e-con-boxed e-con e-parent\" data-id=\"32917199\" data-element_type=\"container\" data-e-type=\"container\">\n\t\t\t\t\t<div class=\"e-con-inner\">\n\t\t<div class=\"elementor-element elementor-element-26e916cb e-flex e-con-boxed e-con e-child\" data-id=\"26e916cb\" data-element_type=\"container\" data-e-type=\"container\">\n\t\t\t\t\t<div class=\"e-con-inner\">\n\t\t<div class=\"elementor-element elementor-element-253a40d4 e-flex e-con-boxed e-con e-child\" data-id=\"253a40d4\" data-element_type=\"container\" data-e-type=\"container\">\n\t\t\t\t\t<div class=\"e-con-inner\">\n\t\t\t\t<div class=\"elementor-element elementor-element-1200c304 elementor-widget elementor-widget-heading\" data-id=\"1200c304\" data-element_type=\"widget\" data-e-type=\"widget\" data-widget_type=\"heading.default\">\n\t\t\t\t\t<h2 class=\"elementor-heading-title elementor-size-default\">Perun<\/h2>\t\t\t\t<\/div>\n\t\t\t\t<div class=\"elementor-element elementor-element-11758e7f elementor-widget elementor-widget-text-editor\" data-id=\"11758e7f\" data-element_type=\"widget\" data-e-type=\"widget\" data-widget_type=\"text-editor.default\">\n\t\t\t\t\t\t\t\t\t<p>Perun governa el temps, la just\u00edcia i el valor guerrer. El seu <span class=\"iwg-fachbegriff\" data-tooltip=\"Un signe que representa una idea o un significat.\" tabindex=\"0\">s\u00edmbol<\/span> \u00e9s la destral o la roda. En la pr\u00e0ctica cultual apareix vinculat a ofrenes, juraments i la protecci\u00f3 de les fronteres. Es conserven rel\u00edquies de la seva veneraci\u00f3 en noms de llocs europeus i en ritus populars fins avui.<\/p>\t\t\t\t\t\t\t\t<\/div>\n\t\t\t\t\t<\/div>\n\t\t\t\t<\/div>\n\t\t<div class=\"elementor-element elementor-element-159dcf9a e-flex e-con-boxed e-con e-child\" data-id=\"159dcf9a\" data-element_type=\"container\" data-e-type=\"container\">\n\t\t\t\t\t<div class=\"e-con-inner\">\n\t\t\t\t<div class=\"elementor-element elementor-element-48cee66f elementor-widget elementor-widget-heading\" data-id=\"48cee66f\" data-element_type=\"widget\" data-e-type=\"widget\" data-widget_type=\"heading.default\">\n\t\t\t\t\t<h3 class=\"elementor-heading-title elementor-size-default\">Resum r\u00e0pid: Perun<\/h3>\t\t\t\t<\/div>\n\t\t\t\t<div class=\"elementor-element elementor-element-3f50d82c elementor-widget elementor-widget-text-editor\" data-id=\"3f50d82c\" data-element_type=\"widget\" data-e-type=\"widget\" data-widget_type=\"text-editor.default\">\n\t\t\t\t\t\t\t\t\t<p><strong>Tipus:<\/strong> Divinitat eslava principal, d\u00e9u del tro i la tempesta, d\u00e9u suprem del pante\u00f3 eslau<br><span class=\"iwg-fachbegriff\" data-tooltip=\"El conjunt de d\u00e9us d'una religi\u00f3 o cultura.\" tabindex=\"0\">Pante\u00f3<\/span>: eslau (est, oest i sud-eslau)<br>Funci\u00f3: tro, llamp, guerra, reialesa, ordre c\u00f2smic, submissi\u00f3 de la serp ca\u00f2tica Veles<br>Atributs principals: destral del tro (o martell), roure (arbre sagrat), \u00e0guila, aparen\u00e7a barbuda i amena\u00e7adora<br>Principals llocs de culte: <strong>K\u00ediv<\/strong> (pante\u00f3 de Vlad\u00edmir abans del 988), N\u00f3vgorod (<span class=\"iwg-fachbegriff\" data-tooltip=\"Un lloc sagrat dedicat a la veneraci\u00f3 d'una divinitat.\" tabindex=\"0\">santuari<\/span> de Perinj), Pomer\u00e0nia (Stettin)<br>Parentiu indoeuropeu: Donar\/Thor (germ\u00e0nic), Indra (hind\u00fa), Zeus (grec), Tarhunna (hitita)<\/p>\t\t\t\t\t\t\t\t<\/div>\n\t\t\t\t\t<\/div>\n\t\t\t\t<\/div>\n\t\t\t\t\t<\/div>\n\t\t\t\t<\/div>\n\t\t\t\t\t<\/div>\n\t\t\t\t<\/div>\n\t\t<div class=\"elementor-element elementor-element-18613602 e-flex e-con-boxed e-con e-parent\" data-id=\"18613602\" data-element_type=\"container\" data-e-type=\"container\">\n\t\t\t\t\t<div class=\"e-con-inner\">\n\t\t\t\t<div class=\"elementor-element elementor-element-262b8a9f elementor-widget elementor-widget-heading\" data-id=\"262b8a9f\" data-element_type=\"widget\" data-e-type=\"widget\" data-widget_type=\"heading.default\">\n\t\t\t\t\t<h2 class=\"elementor-heading-title elementor-size-default\">Contextualitzaci\u00f3 hist\u00f2rica<\/h2>\t\t\t\t<\/div>\n\t\t<div class=\"elementor-element elementor-element-46dcb7d e-con-full e-flex e-con e-child\" data-id=\"46dcb7d\" data-element_type=\"container\" data-e-type=\"container\">\n\t\t<div class=\"elementor-element elementor-element-61d3ab3 e-flex e-con-boxed e-con e-child\" data-id=\"61d3ab3\" data-element_type=\"container\" data-e-type=\"container\">\n\t\t\t\t\t<div class=\"e-con-inner\">\n\t\t\t\t<div class=\"elementor-element elementor-element-117c166 elementor-widget elementor-widget-heading\" data-id=\"117c166\" data-element_type=\"widget\" data-e-type=\"widget\" data-widget_type=\"heading.default\">\n\t\t\t\t\t<h3 class=\"elementor-heading-title elementor-size-default\">Per\u00edode dels textos<\/h3>\t\t\t\t<\/div>\n\t\t\t\t<div class=\"elementor-element elementor-element-73997a0 elementor-widget elementor-widget-text-editor\" data-id=\"73997a0\" data-element_type=\"widget\" data-e-type=\"widget\" data-widget_type=\"text-editor.default\">\n\t\t\t\t\t\t\t\t\t<p>Perun \u00e9s la <span class=\"iwg-fachbegriff\" data-tooltip=\"Un \u00e9sser venerat com a div\u00ed dins d'una religi\u00f3.\" tabindex=\"0\">divinitat<\/span> eslava m\u00e9s important, atestada en els tres grups de lleng\u00fces eslaves (oriental, occidental i meridional). Per\u00edode d&#8217;esplendor principal: \u00e8poca preccristiana (fins aproximadament el 988, la cristianitzaci\u00f3 de la Rus de K\u00edev per Volod\u00edmir el Gran). Volod\u00edmir va erigir cap al 980 a K\u00edev el fam\u00f3s <span class=\"iwg-fachbegriff\" data-tooltip=\"El conjunt de d\u00e9us d'una religi\u00f3 o cultura.\" tabindex=\"0\">pante\u00f3<\/span> amb Perun al capdavant (Cr\u00f2nica de N\u00e9stor).<\/p><p>Despr\u00e9s de la cristianitzaci\u00f3, la imatge de Perun va ser llan\u00e7ada al Dn\u00edpper. Els costums populars van sobreviure en moltes regions eslaves fins al segle XIX (ritus del tro, veneraci\u00f3 del roure). Al segle XX es va produir un renaixement del <em>rodnov\u00e8rie<\/em> a R\u00fassia, Pol\u00f2nia, la Rep\u00fablica Txeca, Eslov\u00e0quia i Ucra\u00efna.<\/p>\t\t\t\t\t\t\t\t<\/div>\n\t\t\t\t\t<\/div>\n\t\t\t\t<\/div>\n\t\t<div class=\"elementor-element elementor-element-d47b156 e-flex e-con-boxed e-con e-child\" data-id=\"d47b156\" data-element_type=\"container\" data-e-type=\"container\">\n\t\t\t\t\t<div class=\"e-con-inner\">\n\t\t\t\t<div class=\"elementor-element elementor-element-ff38c2b elementor-widget elementor-widget-heading\" data-id=\"ff38c2b\" data-element_type=\"widget\" data-e-type=\"widget\" data-widget_type=\"heading.default\">\n\t\t\t\t\t<h3 class=\"elementor-heading-title elementor-size-default\">\u00c0rea de difusi\u00f3<\/h3>\t\t\t\t<\/div>\n\t\t\t\t<div class=\"elementor-element elementor-element-4e49fcc elementor-widget elementor-widget-text-editor\" data-id=\"4e49fcc\" data-element_type=\"widget\" data-e-type=\"widget\" data-widget_type=\"text-editor.default\">\n\t\t\t\t\t\t\t\t\t<p>Principals llocs de culte: <em>K\u00ediv<\/em> (pante\u00f3 de Vlad\u00edmir amb una est\u00e0tua de Perun de cap de plata i bigoti d&#8217;or, 980&ndash;988), <strong>N\u00f3vgorod<\/strong> (<span class=\"iwg-fachbegriff\" data-tooltip=\"Un lloc sagrat dedicat a la veneraci\u00f3 d'una divinitat.\" tabindex=\"0\">santuari<\/span> de Perinj vora el riu Volkhov), <strong>Stettin<\/strong> (Pomer\u00e0nia), <strong>mont Triglav<\/strong> (en algunes tradicions del sud eslau). A m\u00e9s, milers de santuaris de roures a les regions muntanyoses eslaves. En el modern <em>moviment neopag\u00e0 eslau<\/em> (rodnov\u00e8rie, des dels anys 1990 a R\u00fassia, Pol\u00f2nia i Ucra\u00efna), \u00e9s venerat de nou com a figura central.<\/p>\t\t\t\t\t\t\t\t<\/div>\n\t\t\t\t\t<\/div>\n\t\t\t\t<\/div>\n\t\t\t\t<\/div>\n\t\t<div class=\"elementor-element elementor-element-db03c39 e-con-full e-flex e-con e-child\" data-id=\"db03c39\" data-element_type=\"container\" data-e-type=\"container\">\n\t\t<div class=\"elementor-element elementor-element-229a87b e-flex e-con-boxed e-con e-child\" data-id=\"229a87b\" data-element_type=\"container\" data-e-type=\"container\">\n\t\t\t\t\t<div class=\"e-con-inner\">\n\t\t\t\t<div class=\"elementor-element elementor-element-1f471fc elementor-widget elementor-widget-heading\" data-id=\"1f471fc\" data-element_type=\"widget\" data-e-type=\"widget\" data-widget_type=\"heading.default\">\n\t\t\t\t\t<h3 class=\"elementor-heading-title elementor-size-default\">Estat de les fonts<\/h3>\t\t\t\t<\/div>\n\t\t\t\t<div class=\"elementor-element elementor-element-36b1201 elementor-widget elementor-widget-text-editor\" data-id=\"36b1201\" data-element_type=\"widget\" data-e-type=\"widget\" data-widget_type=\"text-editor.default\">\n\t\t\t\t\t\t\t\t\t<p>Fonts centrals: <em>Cr\u00f2nica de N\u00e9stor<\/em> (Cr\u00f2nica primig\u00e8nia russa, segle XII, amb descripci\u00f3 del pante\u00f3 de Vlad\u00edmir), Helmold de Bosau <em>Chronica Slavorum<\/em> (segle XII, eslau occidental), Saxo Grammaticus <em>Gesta Danorum<\/em>, narracions i can\u00e7ons populars. Bibliografia secund\u00e0ria: V\u00e1\u0148a, <em><span class=\"iwg-fachbegriff\" data-tooltip=\"El conjunt de les narracions m\u00edtiques transmeses d'una cultura.\" tabindex=\"0\">Mitologia<\/span> i m\u00f3n div\u00ed dels pobles eslaus<\/em>; Gimbutas, <em>The Slavs<\/em>; Ivanov\/Toporov, <em>Issledovanija v oblasti slavjanskich drevnostej<\/em> (estudi cl\u00e0ssic); Pittner, <em>Slawische <span class=\"iwg-fachbegriff\" data-tooltip=\"El conjunt de les narracions m\u00edtiques transmeses d'una cultura.\" tabindex=\"0\">Mitologia<\/span><\/em>.<\/p>\t\t\t\t\t\t\t\t<\/div>\n\t\t\t\t\t<\/div>\n\t\t\t\t<\/div>\n\t\t\t\t<\/div>\n\t\t\t\t\t<\/div>\n\t\t\t\t<\/div>\n\t\t<div class=\"elementor-element elementor-element-3ae0637c e-flex e-con-boxed e-con e-parent\" data-id=\"3ae0637c\" data-element_type=\"container\" data-e-type=\"container\">\n\t\t\t\t\t<div class=\"e-con-inner\">\n\t\t\t\t<div class=\"elementor-element elementor-element-31d07739 elementor-widget elementor-widget-heading\" data-id=\"31d07739\" data-element_type=\"widget\" data-e-type=\"widget\" data-widget_type=\"heading.default\">\n\t\t\t\t\t<h2 class=\"elementor-heading-title elementor-size-default\">Denominaci\u00f3 i grafies<\/h2>\t\t\t\t<\/div>\n\t\t<div class=\"elementor-element elementor-element-b7642947 e-con-full e-flex e-con e-child\" data-id=\"b7642947\" data-element_type=\"container\" data-e-type=\"container\">\n\t\t\t\t<div class=\"elementor-element elementor-element-a086266 elementor-widget elementor-widget-text-editor\" data-id=\"a086266\" data-element_type=\"widget\" data-e-type=\"widget\" data-widget_type=\"text-editor.default\">\n\t\t\t\t\t\t\t\t\t<p>En les fonts disponibles, Perun es representa de manera constant com un home gran i fort, amb cabell roig o ros flamejant i barba espessa, un tret t\u00edpic dels d\u00e9us del tro indoeuropeus.<\/p><p>La seva arma sagrada \u00e9s la destral (o de vegades la destral petita), amb la qual llan\u00e7a llamps: el tro \u00e9s el so de la destral, el llamp \u00e9s la seva llum. El llampec o Peruna \u00e9s un <span class=\"iwg-fachbegriff\" data-tooltip=\"Un signe que representa una idea o un significat.\" tabindex=\"0\">s\u00edmbol<\/span> geom\u00e8tric de sis puntes o en forma de creu, sovint dut com a <span class=\"iwg-fachbegriff\" data-tooltip=\"Un objecte portat al qual s'atribueix un efecte protector contra el mal.\" tabindex=\"0\">amulet<\/span>.<\/p><p>El roure \u00e9s el seu arbre sagrat: sota roures s&#8217;hi feien <span class=\"iwg-fachbegriff\" data-tooltip=\"Ofrena a una divinitat per expressar gratitud, s\u00faplica o veneraci\u00f3.\" tabindex=\"0\">ofrenes<\/span>, i els seus santuaris solien trobar-se en boscos de roures, on la fusta era venerada com a pertanyent al d\u00e9u.<\/p><p>El seu <span class=\"iwg-fachbegriff\" data-tooltip=\"Una construcci\u00f3 dedicada a la veneraci\u00f3 d'una o diverses divinitats.\" tabindex=\"0\">temple<\/span> a K\u00edev portava al capdamunt una est\u00e0tua d&#8217;or amb ulls de cornalina (pedra vermella) i plata, un <span class=\"iwg-fachbegriff\" data-tooltip=\"Un signe que representa una idea o un significat.\" tabindex=\"0\">s\u00edmbol<\/span> deliberat del domini alhora sobre el foc celestial i el poder terrenal. En les danses rituals i processons se li oferien sovint sacrificis de carn crua com a tribut i veneraci\u00f3.<\/p>\t\t\t\t\t\t\t\t<\/div>\n\t\t\t\t<\/div>\n\t\t\t\t\t<\/div>\n\t\t\t\t<\/div>\n\t\t<div class=\"elementor-element elementor-element-709a44a8 e-flex e-con-boxed e-con e-parent\" data-id=\"709a44a8\" data-element_type=\"container\" data-e-type=\"container\">\n\t\t\t\t\t<div class=\"e-con-inner\">\n\t\t\t\t<div class=\"elementor-element elementor-element-2f585873 elementor-widget elementor-widget-heading\" data-id=\"2f585873\" data-element_type=\"widget\" data-e-type=\"widget\" data-widget_type=\"heading.default\">\n\t\t\t\t\t<h2 class=\"elementor-heading-title elementor-size-default\">Descripci\u00f3<\/h2>\t\t\t\t<\/div>\n\t\t<div class=\"elementor-element elementor-element-70621c12 e-con-full e-flex e-con e-child\" data-id=\"70621c12\" data-element_type=\"container\" data-e-type=\"container\">\n\t\t\t\t<div class=\"elementor-element elementor-element-4296eb49 elementor-widget elementor-widget-text-editor\" data-id=\"4296eb49\" data-element_type=\"widget\" data-e-type=\"widget\" data-widget_type=\"text-editor.default\">\n\t\t\t\t\t\t\t\t\t<p>Perun no era nom\u00e9s una for\u00e7a natural personificada, sin\u00f3 el guardi\u00e0 de l&#8217;ordre social, de la just\u00edcia i del pacte.<\/p><p>Els guerrers juraven els seus juraments davant el seu <span class=\"iwg-fachbegriff\" data-tooltip=\"Lloc elevat o taula per a sacrificis i actes religiosos.\" tabindex=\"0\">altar<\/span>, i el jurament es segellava amb el seu nom; trencar un jurament es considerava no nom\u00e9s una vergonya personal, sin\u00f3 un sacrilegi que el mateix Perun venjaria. En temps de crisi, els Rus l&#8217;imploraven per obtenir la vict\u00f2ria, i despr\u00e9s de guerres reeixides es feien \u00e0mplies <span class=\"iwg-fachbegriff\" data-tooltip=\"Ofrena a una divinitat per expressar gratitud, s\u00faplica o veneraci\u00f3.\" tabindex=\"0\">ofrenes<\/span>.<\/p><p>Les seves festes tenien lloc en \u00e8poques de tempestes intenses, especialment en els canvis d&#8217;estaci\u00f3 (primavera i estiu), quan les tempestes eren freq\u00fcents. El <span class=\"iwg-fachbegriff\" data-tooltip=\"El conjunt d'actes de veneraci\u00f3 religiosa dedicats a una divinitat o figura sagrada.\" tabindex=\"0\">culte<\/span> estava organitzat jer\u00e0rquicament: nom\u00e9s els sacerdots formats podien tocar el seu foc sagrat, i el gran pr\u00edncep mateix era el principal oferent, una funci\u00f3 que justificava i legitimava aquesta alta posici\u00f3.<\/p><p>Despr\u00e9s de la cristianitzaci\u00f3, el <span class=\"iwg-fachbegriff\" data-tooltip=\"El conjunt d'actes de veneraci\u00f3 religiosa dedicats a una divinitat o figura sagrada.\" tabindex=\"0\">culte<\/span> obert va desapar\u00e8ixer r\u00e0pidament, per\u00f2 les tradicions populars i les pr\u00e0ctiques rurals van conservar-ne records, sovint amagats en forma de supersticions sobre llampecs, trons i alzines.<\/p>\t\t\t\t\t\t\t\t<\/div>\n\t\t\t\t<\/div>\n\t\t\t\t\t<\/div>\n\t\t\t\t<\/div>\n\t\t<div class=\"elementor-element elementor-element-44e71476 e-flex e-con-boxed e-con e-parent\" data-id=\"44e71476\" data-element_type=\"container\" data-e-type=\"container\">\n\t\t\t\t\t<div class=\"e-con-inner\">\n\t\t\t\t<div class=\"elementor-element elementor-element-3c1fc3f0 elementor-widget elementor-widget-heading\" data-id=\"3c1fc3f0\" data-element_type=\"widget\" data-e-type=\"widget\" data-widget_type=\"heading.default\">\n\t\t\t\t\t<h2 class=\"elementor-heading-title elementor-size-default\">Fitxa: Perun<\/h2>\t\t\t\t<\/div>\n\t\t<div class=\"elementor-element elementor-element-84f33b8e e-con-full e-flex e-con e-child\" data-id=\"84f33b8e\" data-element_type=\"container\" data-e-type=\"container\">\n\t\t\t\t<div class=\"elementor-element elementor-element-hqkdc67p elementor-widget elementor-widget-text-editor\" data-id=\"hqkdc67p\" data-element_type=\"widget\" data-e-type=\"widget\" data-widget_type=\"text-editor.default\">\n\t\t\t\t\t\t\t\t\t<p>Els aspectes m\u00e9s importants de Perun d&#8217;un cop d&#8217;ull. Els camps seg\u00fcents resumeixen l&#8217;origen, la funci\u00f3, l&#8217;aparen\u00e7a, la veneraci\u00f3, els s\u00edmbols i els paral\u00b7lels culturals.<\/p>\t\t\t\t\t\t\t\t<\/div>\n\t\t\t\t<\/div>\n\t\t<div class=\"elementor-element elementor-element-pemmx7c5 e-con-full e-flex e-con e-child\" data-id=\"pemmx7c5\" data-element_type=\"container\" data-e-type=\"container\">\n\t\t<div class=\"elementor-element elementor-element-pemmx7c1 e-con-full e-flex e-con e-child\" data-id=\"pemmx7c1\" data-element_type=\"container\" data-e-type=\"container\">\n\t\t<div class=\"elementor-element elementor-element-qh9oavvu iwg-steckbrief-card e-flex e-con-boxed e-con e-child\" data-id=\"qh9oavvu\" data-element_type=\"container\" data-e-type=\"container\">\n\t\t\t\t\t<div class=\"e-con-inner\">\n\t\t\t\t<div class=\"elementor-element elementor-element-awzx8k2k elementor-widget elementor-widget-heading\" data-id=\"awzx8k2k\" data-element_type=\"widget\" data-e-type=\"widget\" data-widget_type=\"heading.default\">\n\t\t\t\t\t<h3 class=\"elementor-heading-title elementor-size-default\">Context cultural<\/h3>\t\t\t\t<\/div>\n\t\t\t\t<div class=\"elementor-element elementor-element-x6rowhv0 elementor-widget elementor-widget-text-editor\" data-id=\"x6rowhv0\" data-element_type=\"widget\" data-e-type=\"widget\" data-widget_type=\"text-editor.default\">\n\t\t\t\t\t\t\t\t\t<p>Perun \u00e9s el d\u00e9u principal del pante\u00f3 eslau, amb arrels indoeuropees en la tradici\u00f3 comuna del d\u00e9u del tro (comparable amb el germ\u00e0nic Donar\/Thor, el v\u00e8dic Indra, el grec Zeus).<\/p><p>En el <span class=\"iwg-fachbegriff\" data-tooltip=\"Una narraci\u00f3 transmesa sobre d\u00e9us, or\u00edgens i l'ordre del m\u00f3n.\" tabindex=\"0\">mite<\/span> eslau central: lluita eterna entre Perun (ordre celestial, tro) i Veles (poder ct\u00f2nic, d\u00e9u serpent del m\u00f3n subterrani), un cl\u00e0ssic <span class=\"iwg-fachbegriff\" data-tooltip=\"Una narraci\u00f3 transmesa sobre d\u00e9us, or\u00edgens i l'ordre del m\u00f3n.\" tabindex=\"0\">mite<\/span> de combat contra el drac.<\/p><p>Perun combat Veles perqu\u00e8 aquest li ha robat el bestiar, l&#8217;esposa o el fill (segons la versi\u00f3), i el fa retrocedir cap al m\u00f3n subterrani; d&#8217;aqu\u00ed sorgeixen els trons, la pluja i la fertilitat. Pare de Yarilo (en algunes tradicions).<\/p>\t\t\t\t\t\t\t\t<\/div>\n\t\t\t\t\t<\/div>\n\t\t\t\t<\/div>\n\t\t<div class=\"elementor-element elementor-element-8e3o4kxs iwg-steckbrief-card e-flex e-con-boxed e-con e-child\" data-id=\"8e3o4kxs\" data-element_type=\"container\" data-e-type=\"container\">\n\t\t\t\t\t<div class=\"e-con-inner\">\n\t\t\t\t<div class=\"elementor-element elementor-element-08rkdgov elementor-widget elementor-widget-heading\" data-id=\"08rkdgov\" data-element_type=\"widget\" data-e-type=\"widget\" data-widget_type=\"heading.default\">\n\t\t\t\t\t<h3 class=\"elementor-heading-title elementor-size-default\">Objecte d'acci\u00f3<\/h3>\t\t\t\t<\/div>\n\t\t\t\t<div class=\"elementor-element elementor-element-uwjelx8s elementor-widget elementor-widget-text-editor\" data-id=\"uwjelx8s\" data-element_type=\"widget\" data-e-type=\"widget\" data-widget_type=\"text-editor.default\">\n\t\t\t\t\t\t\t\t\t<p>D\u00e9u del tro i el llamp. D\u00e9u reial (venerat a K\u00edev com a d\u00e9u principal dels pr\u00ednceps). Patr\u00f3 de la guerra (invocat abans de les batalles). Patr\u00f3 de les alzines (arbre sagrat, colpejat pel llamp).<\/p><p>En el culte dom\u00e8stic personal, <span class=\"iwg-fachbegriff\" data-tooltip=\"L'acte de suplicar o invocar una divinitat o poder.\" tabindex=\"0\">invocaci\u00f3<\/span> per obtenir protecci\u00f3 contra els llamps i la desgr\u00e0cia. En la creen\u00e7a popular es va identificar amb <em>Sant Elies (Ilja)<\/em> cristi\u00e0, que fa rodar el seu carro de foc pel cel i colpeja amb llamps, funci\u00f3 equivalent a la de Perun.<\/p>\t\t\t\t\t\t\t\t<\/div>\n\t\t\t\t\t<\/div>\n\t\t\t\t<\/div>\n\t\t<div class=\"elementor-element elementor-element-jm2n74ec iwg-steckbrief-card e-flex e-con-boxed e-con e-child\" data-id=\"jm2n74ec\" data-element_type=\"container\" data-e-type=\"container\">\n\t\t\t\t\t<div class=\"e-con-inner\">\n\t\t\t\t<div class=\"elementor-element elementor-element-8vufse4c elementor-widget elementor-widget-heading\" data-id=\"8vufse4c\" data-element_type=\"widget\" data-e-type=\"widget\" data-widget_type=\"heading.default\">\n\t\t\t\t\t<h3 class=\"elementor-heading-title elementor-size-default\">Aparen\u00e7a<\/h3>\t\t\t\t<\/div>\n\t\t\t\t<div class=\"elementor-element elementor-element-mwb9u015 elementor-widget elementor-widget-text-editor\" data-id=\"mwb9u015\" data-element_type=\"widget\" data-e-type=\"widget\" data-widget_type=\"text-editor.default\">\n\t\t\t\t\t\t\t\t\t<p>Representat de manera caracter\u00edstica segons la Cr\u00f2nica de N\u00e8stor: una est\u00e0tua amb el cap de plata i els bigotis d&#8217;or, vestit amb indument\u00e0ria de guerrer eslau primitiu. Representacions posteriors (especialment en el moviment modern rodnoverista): un home fort i barbut amb una llarga barba roja o rossa, vestit amb roba de guerrer eslau i abric de pell.<\/p><p>El seu atribut principal \u00e9s una <em>destral del tro<\/em> (o martell) a la m\u00e0. De vegades amb una <em>\u00e0guila<\/em> a l&#8217;espatlla (ocell sagrat). Munta un carro o cavall de foc. La pell envermellida (per la ira i l&#8217;energia del tro).<\/p>\t\t\t\t\t\t\t\t<\/div>\n\t\t\t\t\t<\/div>\n\t\t\t\t<\/div>\n\t\t\t\t<\/div>\n\t\t<div class=\"elementor-element elementor-element-pemmx7c2 e-con-full e-flex e-con e-child\" data-id=\"pemmx7c2\" data-element_type=\"container\" data-e-type=\"container\">\n\t\t<div class=\"elementor-element elementor-element-37ss2yr6 iwg-steckbrief-card e-flex e-con-boxed e-con e-child\" data-id=\"37ss2yr6\" data-element_type=\"container\" data-e-type=\"container\">\n\t\t\t\t\t<div class=\"e-con-inner\">\n\t\t\t\t<div class=\"elementor-element elementor-element-3v0wp3wx elementor-widget elementor-widget-heading\" data-id=\"3v0wp3wx\" data-element_type=\"widget\" data-e-type=\"widget\" data-widget_type=\"heading.default\">\n\t\t\t\t\t<h3 class=\"elementor-heading-title elementor-size-default\">Activitat<\/h3>\t\t\t\t<\/div>\n\t\t\t\t<div class=\"elementor-element elementor-element-w3247g2m elementor-widget elementor-widget-text-editor\" data-id=\"w3247g2m\" data-element_type=\"widget\" data-e-type=\"widget\" data-widget_type=\"text-editor.default\">\n\t\t\t\t\t\t\t\t\t<p><strong>\u00c0mbit d&#8217;acci\u00f3:<\/strong> Perun era invocat com a d\u00e9u principal en l&#8217;eslavisme precristi\u00e0, abans de les batalles, en f\u00f3rmules de jurament (les f\u00f3rmules eslaves invocaven Perun) i en preocupacions relacionades amb el temps. Els santuaris d&#8217;alzines eren els seus principals llocs de culte. La seva festa principal anual queia el 20 de juliol (mantinguda en la tradici\u00f3 cristiana com a festa de Sant Elies). En la tradici\u00f3 moderna del <em>rodnoverisme<\/em>, es venera de nou en reunions similars als bl\u00f3t, amb comunitats actives a R\u00fassia, Pol\u00f2nia, Ucra\u00efna, la Rep\u00fablica Txeca i Eslov\u00e0quia.<\/p>\t\t\t\t\t\t\t\t<\/div>\n\t\t\t\t\t<\/div>\n\t\t\t\t<\/div>\n\t\t<div class=\"elementor-element elementor-element-0qpjal9w iwg-steckbrief-card e-flex e-con-boxed e-con e-child\" data-id=\"0qpjal9w\" data-element_type=\"container\" data-e-type=\"container\">\n\t\t\t\t\t<div class=\"e-con-inner\">\n\t\t\t\t<div class=\"elementor-element elementor-element-6ndoih0o elementor-widget elementor-widget-heading\" data-id=\"6ndoih0o\" data-element_type=\"widget\" data-e-type=\"widget\" data-widget_type=\"heading.default\">\n\t\t\t\t\t<h3 class=\"elementor-heading-title elementor-size-default\">Formes de defensa<\/h3>\t\t\t\t<\/div>\n\t\t\t\t<div class=\"elementor-element elementor-element-6684tyh9 elementor-widget elementor-widget-text-editor\" data-id=\"6684tyh9\" data-element_type=\"widget\" data-e-type=\"widget\" data-widget_type=\"text-editor.default\">\n\t\t\t\t\t\t\t\t\t<p>Destral del tro (o martell), alzina (arbre sagrat), \u00e0guila, carro de foc, fletxes (fletxes del tro), destral de combat. Planta sagrada: l&#8217;alzina (totes les alzines colpejades pel llamp es consideraven <span class=\"iwg-fachbegriff\" data-tooltip=\"Pertanyent a l'\u00e0mbit div\u00ed i, per tant, excl\u00f2s de l'\u00fas quotidi\u00e0.\" tabindex=\"0\">sagrades<\/span>), la lliri d&#8217;espasa. Animals sagrats: \u00e0guila, brau (animal de sacrifici), gall. N\u00famero sagrat: 4 (els quatre punts cardinals, els quatre cops de la destral del tro). Dia de la setmana sagrat: dijous (en algunes tradicions).<\/p>\t\t\t\t\t\t\t\t<\/div>\n\t\t\t\t\t<\/div>\n\t\t\t\t<\/div>\n\t\t<div class=\"elementor-element elementor-element-3lfi7x32 iwg-steckbrief-card e-flex e-con-boxed e-con e-child\" data-id=\"3lfi7x32\" data-element_type=\"container\" data-e-type=\"container\">\n\t\t\t\t\t<div class=\"e-con-inner\">\n\t\t\t\t<div class=\"elementor-element elementor-element-0kg99ga1 elementor-widget elementor-widget-heading\" data-id=\"0kg99ga1\" data-element_type=\"widget\" data-e-type=\"widget\" data-widget_type=\"heading.default\">\n\t\t\t\t\t<div class=\"elementor-heading-title elementor-size-default\">Paral\u00b7lels de Perun<\/div>\t\t\t\t<\/div>\n\t\t\t\t<div class=\"elementor-element elementor-element-n0fum6kp elementor-widget elementor-widget-text-editor\" data-id=\"n0fum6kp\" data-element_type=\"widget\" data-e-type=\"widget\" data-widget_type=\"text-editor.default\">\n\t\t\t\t\t\t\t\t\t<p><em>Donar \/ Thor<\/em> (germ\u00e0nic, d\u00e9u del tro amb martell, arrel indoeuropea comuna), <em>Indra<\/em> (hinduisme, llamp Vajra, <span class=\"iwg-fachbegriff\" data-tooltip=\"Una narraci\u00f3 transmesa sobre d\u00e9us, or\u00edgens i l'ordre del m\u00f3n.\" tabindex=\"0\">mite<\/span> de la batalla contra Vritra), <em>Zeus<\/em> (Gr\u00e8cia, rei dels d\u00e9us amb el llamp), <em>J\u00fapiter<\/em> (Roma), <em>Tarhunna\/Tesub<\/em> (hitites), <em>Marduk<\/em> (Mesopot\u00e0mia, heroi de la tempesta), <em>Adad<\/em> (Mesopot\u00e0mia), <em>Baal<\/em> (Llevant), <em>Raijin<\/em> (Jap\u00f3), <em>Lei Gong<\/em> (Xina). El <span class=\"iwg-fachbegriff\" data-tooltip=\"Una narraci\u00f3 transmesa sobre d\u00e9us, or\u00edgens i l'ordre del m\u00f3n.\" tabindex=\"0\">mite<\/span> de la batalla entre Perun i Veles correspon estructuralment de manera exacta als mites de combat contra el drac dels altres d\u00e9us del tro indoeuropeus.<\/p>\t\t\t\t\t\t\t\t<\/div>\n\t\t\t\t\t<\/div>\n\t\t\t\t<\/div>\n\t\t\t\t<\/div>\n\t\t\t\t<\/div>\n\t\t\t\t\t<\/div>\n\t\t\t\t<\/div>\n\t\t<div class=\"elementor-element elementor-element-5a584676 e-flex e-con-boxed e-con e-parent\" data-id=\"5a584676\" data-element_type=\"container\" data-e-type=\"container\">\n\t\t\t\t\t<div class=\"e-con-inner\">\n\t\t\t\t<div class=\"elementor-element elementor-element-6d0757bf elementor-widget elementor-widget-heading\" data-id=\"6d0757bf\" data-element_type=\"widget\" data-e-type=\"widget\" data-widget_type=\"heading.default\">\n\t\t\t\t\t<h2 class=\"elementor-heading-title elementor-size-default\">Perun, paral\u00b7lels en altres cultures<\/h2>\t\t\t\t<\/div>\n\t\t<div class=\"elementor-element elementor-element-60563f68 e-con-full e-flex e-con e-child\" data-id=\"60563f68\" data-element_type=\"container\" data-e-type=\"container\">\n\t\t\t\t<div class=\"elementor-element elementor-element-5a93fdd6 elementor-widget elementor-widget-text-editor\" data-id=\"5a93fdd6\" data-element_type=\"widget\" data-e-type=\"widget\" data-widget_type=\"text-editor.default\">\n\t\t\t\t\t\t\t\t\t<p>Perun correspon estructuralment i funcionalment al b\u00e0ltic Perkunas, al litu\u00e0 Perk\u016bnas i, de manera m\u00e9s llunyana, al germ\u00e0nic Donar\/Thor i al rom\u00e0 Jupiter Tonans (Zeus Keraunios).<\/p><p>Tots aquests d\u00e9us governen sobre el temps atmosf\u00e8ric i la guerra, tots s\u00f3n homes poderosos amb destrals, martells o llamps, i tots s\u00f3n d\u00e9us suprems o gaireb\u00e9 suprems dels seus respectius panteons. Aquest ampli consens indoeuropeu mostra un patr\u00f3 fonamental i arquet\u00edpic.<\/p>\n<p><strong>Tradici\u00f3 jueva:<\/strong> el d\u00e9u Hadad o Baal en les cultures sem\u00edtiques comparteix amb Perun el domini sobre els fen\u00f2mens atmosf\u00e8rics i la fertilitat. Tots dos es representen amb armes de tro (llamp, destral) i es veneren en llocs de culte elevats.<\/p><p><strong>M\u00f3n grecorom\u00e0:<\/strong> Zeus i el seu equivalent rom\u00e0, Iuppiter, s&#8217;assemblen estructuralment a Perun: divinitats supremes amb arma de tro (llamp), autoritat cosmica i vinculaci\u00f3 amb els juraments i la guerra. L&#8217;arrel indoeuropea *Per-\u01f5unos est\u00e0 documentada ling\u00fc\u00edsticament.<\/p><p><strong>Tradici\u00f3 germ\u00e0nica:<\/strong> Donar\/Thor de la <span class=\"iwg-fachbegriff\" data-tooltip=\"El conjunt de relats mitol\u00f2gics transmesos d'una cultura.\" tabindex=\"0\">mitologia<\/span> n\u00f2rdica \u00e9s paral\u00b7lel a Perun: d\u00e9u del tro amb martell (Mj\u00f6lnir) en lloc de destral, funci\u00f3 similar en la protecci\u00f3 de fronteres i en els juraments, i adopcions populars comparables despr\u00e9s de la cristianitzaci\u00f3 (denominacions del dijous, f\u00f3rmules de protecci\u00f3).<\/p><p><strong>Hinduisme:<\/strong> Indra, el d\u00e9u v\u00e8dic del cel i del tro, presenta trets estructurals com el domini del temps atmosf\u00e8ric, la funci\u00f3 guerrera i la reciprocitat sacrificial. Hi ha continu\u00eftat ling\u00fc\u00edstica i mitol\u00f2gica amb el d\u00e9u primigeni indoeuropeu.<\/p>\t\t\t\t\t\t\t\t<\/div>\n\t\t\t\t<\/div>\n\t\t\t\t\t<\/div>\n\t\t\t\t<\/div>\n\t\t<div class=\"elementor-element elementor-element-cpcd43fe9 e-flex e-con-boxed e-con e-parent\" data-id=\"cpcd43fe9\" data-element_type=\"container\" data-e-type=\"container\">\n\t\t\t\t\t<div class=\"e-con-inner\">\n\t\t\t\t<div class=\"elementor-element elementor-element-cpa02230a elementor-widget elementor-widget-heading\" data-id=\"cpa02230a\" data-element_type=\"widget\" data-e-type=\"widget\" data-widget_type=\"heading.default\">\n\t\t\t\t\t<h2 class=\"elementor-heading-title elementor-size-default\">Perun i l'estat de les fonts de la mitologia eslava<\/h2>\t\t\t\t<\/div>\n\t\t<div class=\"elementor-element elementor-element-cpdc09b51 e-con-full e-flex e-con e-child\" data-id=\"cpdc09b51\" data-element_type=\"container\" data-e-type=\"container\">\n\t\t\t\t<div class=\"elementor-element elementor-element-cp61467f9 elementor-widget elementor-widget-text-editor\" data-id=\"cp61467f9\" data-element_type=\"widget\" data-e-type=\"widget\" data-widget_type=\"text-editor.default\">\n\t\t\t\t\t\t\t\t\t<p>Qui vulgui estudiar Perun ha de comprendre primer la dif\u00edcil situaci\u00f3 de les fonts de la <span class=\"iwg-fachbegriff\" data-tooltip=\"El conjunt de les narracions m\u00edtiques transmeses d'una cultura.\" tabindex=\"0\">mitologia<\/span> eslava. A difer\u00e8ncia de la <span class=\"iwg-fachbegriff\" data-tooltip=\"La transmissi\u00f3 de coneixements i narracions al llarg de generacions.\" tabindex=\"0\">tradici\u00f3<\/span> grega, romana o n\u00f2rdica, la religi\u00f3 eslava precristiana no va deixar cap tradici\u00f3 liter\u00e0ria pr\u00f2pia. No existeix cap <em>Edda<\/em> eslava, ni cap <em>Teogonia<\/em> eslava. Tot el que sabem prov\u00e9 de testimonis indirectes i, en la majoria dels casos, tardans.<\/p><p>Les fonts m\u00e9s importants sobre Perun s\u00f3n textos cron\u00edstics i eclesi\u00e0stics.<\/p><p>La <em>Cr\u00f2nica de N\u00e9stor<\/em> antiga russa, tamb\u00e9 anomenada <em>Relat dels anys passats<\/em>, de principis del segle XII, explica que el pr\u00edncep Vlad\u00edmir de K\u00edev, abans de la seva cristianitzaci\u00f3 l&#8217;any 980, va fer erigir una s\u00e8rie d&#8217;imatges divines encap\u00e7alades per Perun, la imatge del qual es descriu feta de fusta amb el cap de plata i el bigoti d&#8217;or.<\/p><p>La mateixa cr\u00f2nica explica que la imatge de Perun va ser enderrocada, colpejada i llan\u00e7ada al riu durant la cristianitzaci\u00f3 l&#8217;any 988.<\/p><p>Altres indicis provenen dels tractats entre la Rus de K\u00edev i Bizanci, en els quals els rus pagans juren per Perun i pel d\u00e9u del bestiar Volos. A aix\u00f2 s&#8217;afegeixen sermons contra els costums pagans, troballes arqueol\u00f2giques i <span class=\"iwg-fachbegriff\" data-tooltip=\"La cultura popular transmesa amb costums, narracions i can\u00e7ons.\" tabindex=\"0\">folklore<\/span> registrat molt m\u00e9s tard.<\/p><p>La recerca, per exemple en Roman Jakobson, Henryk \u0141owmia\u0144ski o els treballs posteriors de Bor\u00eds Uspenski, subratlla que d&#8217;aquests fragments dispersos nom\u00e9s se&#8217;n pot obtenir una imatge incompleta. Molt del que apareix com a coneixement segur en les representacions populars \u00e9s, de fet, reconstrucci\u00f3 o hip\u00f2tesi. Aquesta prud\u00e8ncia \u00e9s la base de qualsevol estudi seri\u00f3s sobre Perun.<\/p>\t\t\t\t\t\t\t\t<\/div>\n\t\t\t\t<\/div>\n\t\t\t\t\t<\/div>\n\t\t\t\t<\/div>\n\t\t<div class=\"elementor-element elementor-element-cpb9bea2d e-flex e-con-boxed e-con e-parent\" data-id=\"cpb9bea2d\" data-element_type=\"container\" data-e-type=\"container\">\n\t\t\t\t\t<div class=\"e-con-inner\">\n\t\t\t\t<div class=\"elementor-element elementor-element-cpc48585b elementor-widget elementor-widget-heading\" data-id=\"cpc48585b\" data-element_type=\"widget\" data-e-type=\"widget\" data-widget_type=\"heading.default\">\n\t\t\t\t\t<h2 class=\"elementor-heading-title elementor-size-default\">Perun com a d\u00e9u del tro i la comparaci\u00f3 indogerm\u00e0nica<\/h2>\t\t\t\t<\/div>\n\t\t<div class=\"elementor-element elementor-element-cp4c61b0e e-con-full e-flex e-con e-child\" data-id=\"cp4c61b0e\" data-element_type=\"container\" data-e-type=\"container\">\n\t\t\t\t<div class=\"elementor-element elementor-element-cpcea625f elementor-widget elementor-widget-text-editor\" data-id=\"cpcea625f\" data-element_type=\"widget\" data-e-type=\"widget\" data-widget_type=\"text-editor.default\">\n\t\t\t\t\t\t\t\t\t<p>Segons l&#8217;opini\u00f3 coincident de la investigaci\u00f3, Perun \u00e9s el d\u00e9u eslau del tro i la tempesta. El seu propi nom apunta en aquesta direcci\u00f3. En diverses lleng\u00fces eslaves, una paraula emparentada significa simplement tro o tro sobtat, i el nom es pot relacionar amb una arrel indoeuropea vinculada al fet de colpejar.<\/p><p>Aquesta constataci\u00f3 ling\u00fc\u00edstica va cridar aviat l&#8217;atenci\u00f3 de la <span class=\"iwg-fachbegriff\" data-tooltip=\"El conjunt de relats mitol\u00f2gics transmesos d'una cultura.\" tabindex=\"0\">mitologia<\/span> comparada. Perun forma part d&#8217;una s\u00e8rie de divinitats indoeuropees de la tempesta, entre les quals es troben el b\u00e0ltic Perk\u016bnas, el n\u00f2rdic <a href=\"https:\/\/iwell-guard.com\/ca\/?page_id=171567\">Thor<\/a>, el v\u00e8dic Indra i, en certa manera, el grec Zeus.<\/p><p>Especialment notable, i ben fonamentada ling\u00fc\u00edsticament, \u00e9s la proximitat amb el b\u00e0ltic Perk\u016bnas, ja que eslaus i b\u00e0ltics van formar durant molt temps una comunitat ling\u00fc\u00edstica i cultural estreta.<\/p><p>Caracter\u00edstica d&#8217;aquestes divinitats de la tempesta \u00e9s la idea d&#8217;un combat contra un adversari de forma serpentina o drac\u00f2nica. En la investigaci\u00f3 eslava, aquesta idea va ser desenvolupada com l&#8217;anomenat model del mite fonamental per Vjatxeslav Iv\u00e0nov i Vlad\u00edmir Toporov.<\/p><p>Segons aquesta hip\u00f2tesi, Perun, que resideix a dalt, al cel i a les muntanyes, lluita contra Wolos o Weles, vinculat a baix, amb el bestiar, l&#8217;aigua i el m\u00f3n subterrani.<\/p><p>Aquest model \u00e9s influent, per\u00f2 controvertit. Els cr\u00edtics li retreuen construir un sistema massa tancat a partir de fonts molt escasses. La valoraci\u00f3 des dels estudis religiosos \u00e9s que el car\u00e0cter de Perun com a d\u00e9u del tro est\u00e0 ben fonamentat, per\u00f2 la configuraci\u00f3 exacta del seu conflicte m\u00edtic continua sent, en gran part, una conjectura raonada.<\/p>\t\t\t\t\t\t\t\t<\/div>\n\t\t\t\t<\/div>\n\t\t\t\t\t<\/div>\n\t\t\t\t<\/div>\n\t\t<div class=\"elementor-element elementor-element-cp3902956 e-flex e-con-boxed e-con e-parent\" data-id=\"cp3902956\" data-element_type=\"container\" data-e-type=\"container\">\n\t\t\t\t\t<div class=\"e-con-inner\">\n\t\t\t\t<div class=\"elementor-element elementor-element-cpfedd386 elementor-widget elementor-widget-heading\" data-id=\"cpfedd386\" data-element_type=\"widget\" data-e-type=\"widget\" data-widget_type=\"heading.default\">\n\t\t\t\t\t<h2 class=\"elementor-heading-title elementor-size-default\">Culte, llocs sagrats i el santuari de N\u00f3vgorod<\/h2>\t\t\t\t<\/div>\n\t\t<div class=\"elementor-element elementor-element-cp7e4fc3a e-con-full e-flex e-con e-child\" data-id=\"cp7e4fc3a\" data-element_type=\"container\" data-e-type=\"container\">\n\t\t\t\t<div class=\"elementor-element elementor-element-cpb17f095 elementor-widget elementor-widget-text-editor\" data-id=\"cpb17f095\" data-element_type=\"widget\" data-e-type=\"widget\" data-widget_type=\"text-editor.default\">\n\t\t\t\t\t\t\t\t\t<p>Sobre el <span class=\"iwg-fachbegriff\" data-tooltip=\"El conjunt de les pr\u00e0ctiques de veneraci\u00f3 religiosa dedicades a una divinitat o figura sagrada.\" tabindex=\"0\">culte<\/span> concret a Perun es poden extreure algunes afirmacions de les fonts. La <em>Cr\u00f2nica de N\u00e9stor<\/em> esmenta que Vlad\u00edmir va fer erigir una imatge de Perun no nom\u00e9s a K\u00edev, sin\u00f3 tamb\u00e9 a N\u00f2vgorod, imatge que m\u00e9s tard tamb\u00e9 va ser derrocada i llan\u00e7ada al riu V\u00f3lkhov.<\/p><p>Arqueol\u00f2gicament, prop de N\u00f2vgorod, en un lloc anomenat Perin, es va excavar una estructura que alguns investigadors interpreten com un <span class=\"iwg-fachbegriff\" data-tooltip=\"Un lloc sagrat dedicat a la veneraci\u00f3 d'una divinitat.\" tabindex=\"0\">santuari<\/span> de Perun.<\/p><p>Es tracta d&#8217;una estructura circular amb una fossa central, possiblement destinada a una <span class=\"iwg-fachbegriff\" data-tooltip=\"Representaci\u00f3 figurativa d'una divinitat venerada en un temple o santuari.\" tabindex=\"0\">imatge de culte<\/span>, i amb rastres de fogueres a la vora. Tot i aix\u00f2, la interpretaci\u00f3 no \u00e9s un\u00e0nime, i els investigadors adverteixen de no llegir precipitadament qualsevol jaciment circular com un santuari div\u00ed.<\/p><p>Del <span class=\"iwg-fachbegriff\" data-tooltip=\"La cultura popular transmesa a trav\u00e9s de costums, relats i can\u00e7ons.\" tabindex=\"0\">folklore<\/span> posterior i dels noms de lloc es pot deduir que Perun va romandre associat a turons, roures i el tro. El roure era considerat en moltes regions eslaves l&#8217;arbre de Perun, fet que coincideix amb el paral\u00b7lelisme indoeuropeu, ja que altres d\u00e9us de la tempesta tamb\u00e9 estan vinculats al roure.<\/p><p>Els arbres colpejats per llamps i les pedres de forma inusual, considerades en la cultura popular com a \u00abpedres de tro\u00bb, es van associar en part amb Perun.<\/p><p>Despr\u00e9s de la cristianitzaci\u00f3, les funcions de Perun es van transferir a figures cristianes, sobretot al profeta Elies, considerat en la cultura popular ortodoxa de l&#8217;Europa de l&#8217;Est com a senyor del tro i la tempesta, i en el dia de la seva festa es mantenien costums relacionats amb les tempestes. Tamb\u00e9 sant Jordi va assumir trets del lluitador contra el drac. Aquesta transici\u00f3 mostra com les creences paganes van poder perv\u00edurer sota una superf\u00edcie cristiana.<\/p>\t\t\t\t\t\t\t\t<\/div>\n\t\t\t\t<\/div>\n\t\t\t\t\t<\/div>\n\t\t\t\t<\/div>\n\t\t<div class=\"elementor-element elementor-element-36dd7469 e-flex e-con-boxed e-con e-parent\" data-id=\"36dd7469\" data-element_type=\"container\" data-e-type=\"container\">\n\t\t\t\t\t<div class=\"e-con-inner\">\n\t\t\t\t<div class=\"elementor-element elementor-element-13760ab4 elementor-widget elementor-widget-heading\" data-id=\"13760ab4\" data-element_type=\"widget\" data-e-type=\"widget\" data-widget_type=\"heading.default\">\n\t\t\t\t\t<h2 class=\"elementor-heading-title elementor-size-default\">Enlla\u00e7os relacionats<\/h2>\t\t\t\t<\/div>\n\t\t<div class=\"elementor-element elementor-element-28c87796 e-con-full e-flex e-con e-child\" data-id=\"28c87796\" data-element_type=\"container\" data-e-type=\"container\">\n\t\t\t\t<div class=\"elementor-element elementor-element-5d6538df elementor-widget elementor-widget-text-editor\" data-id=\"5d6538df\" data-element_type=\"widget\" data-e-type=\"widget\" data-widget_type=\"text-editor.default\">\n\t\t\t\t\t\t\t\t\t<ul><li><a href=\"https:\/\/iwell-guard.com\/ca\/?page_id=171515\">Veles, arxienemic, d\u00e9u serpent\u00ed ct\u00f2nic<\/a><\/li><li><a href=\"https:\/\/iwell-guard.com\/ca\/?page_id=171572\">Svarog, d\u00e9u eslau emparentat, forjador i d\u00e9u solar<\/a><\/li><li><a href=\"https:\/\/iwell-guard.com\/ca\/?page_id=171519\">Mokosh, deessa mare eslava femenina<\/a><\/li><li><a href=\"https:\/\/iwell-guard.com\/ca\/?page_id=171567\">Thor, paral\u00b7lel germ\u00e0nic del tro<\/a><\/li><li><a href=\"https:\/\/iwell-guard.com\/ca\/?page_id=171555\">Indra, paral\u00b7lel v\u00e8dic del tro<\/a><\/li><li><a href=\"https:\/\/iwell-guard.com\/ca\/?page_id=171462\">Zeus, paral\u00b7lel grec del tro<\/a><\/li><li><a href=\"https:\/\/iwell-guard.com\/ca\/?page_id=171369\">Eslau, visi\u00f3 general del pante\u00f3<\/a><\/li><li><a href=\"https:\/\/iwell-guard.com\/ca\/?page_id=171459\">Divinitats superiors, subcategoria<\/a><\/li><\/ul>\t\t\t\t\t\t\t\t<\/div>\n\t\t\t\t<\/div>\n\t\t\t\t\t<\/div>\n\t\t\t\t<\/div>\n\t\t<div class=\"elementor-element elementor-element-grl4kl40 e-flex e-con-boxed e-con e-parent\" data-id=\"grl4kl40\" data-element_type=\"container\" data-e-type=\"container\">\n\t\t\t\t\t<div class=\"e-con-inner\">\n\t\t\t\t<div class=\"elementor-element elementor-element-bzsbfrmh elementor-widget elementor-widget-heading\" data-id=\"bzsbfrmh\" data-element_type=\"widget\" data-e-type=\"widget\" data-widget_type=\"heading.default\">\n\t\t\t\t\t<h2 class=\"elementor-heading-title elementor-size-default\">Fonts i bibliografia<\/h2>\t\t\t\t<\/div>\n\t\t<div class=\"elementor-element elementor-element-2c13224a e-con-full e-flex e-con e-child\" data-id=\"2c13224a\" data-element_type=\"container\" data-e-type=\"container\">\n\t\t\t\t<div class=\"elementor-element elementor-element-0eymh9ub elementor-widget elementor-widget-text-editor\" data-id=\"0eymh9ub\" data-element_type=\"widget\" data-e-type=\"widget\" data-widget_type=\"text-editor.default\">\n\t\t\t\t\t\t\t\t\t<footer class=\"iwg-literatur\" data-nosnippet=\"true\"><ul><li>V&aacute;&#328;a, Zden&#283;k: <em><span class=\"iwg-fachbegriff\" data-tooltip=\"El conjunt dels relats mitol\u00f2gics transmesos d'una cultura.\" tabindex=\"0\">Mitologia<\/span> i m\u00f3n div\u00ed dels pobles eslaus<\/em>. Stuttgart 1992.<\/li><li><span data-nosnippet>Iv&aacute;nov, Vja&#269;eslav \/ Toporov, Vladimir: <em>Issledovanija v oblasti slavjanskich drevnostej<\/em>. Moscou 1974.<\/span><\/li><li><span data-nosnippet>Gimbutas, Marija: <em>The Slavs<\/em>. Londres 1971.<\/span><\/li><li><span data-nosnippet>Pittner, Manfred: <em><span class=\"iwg-fachbegriff\" data-tooltip=\"El conjunt dels relats mitol\u00f2gics transmesos d'una cultura.\" tabindex=\"0\">Mitologia<\/span> eslava<\/em>. Col\u00f2nia 2009.<\/span><\/li><li>Cr\u00f2nica de N\u00e9stor, Helmold de Bosau (nombroses traduccions).<\/li><li>Walde, Christine (ed.): <em>Der Neue Pauly<\/em> (entrada \u00abPerun\u00bb).<\/li><\/ul><\/footer>\t\t\t\t\t\t\t\t<\/div>\n\t\t\t\t<\/div>\n\t\t\t\t\t<\/div>\n\t\t\t\t<\/div>\n\t\t\t\t<section class=\"elementor-section elementor-top-section elementor-element elementor-element-wv-perun-faq-d264b8 elementor-section-boxed elementor-section-height-default elementor-section-height-default\" data-id=\"wv-perun-faq-d264b8\" data-element_type=\"section\" data-e-type=\"section\">\n\t\t\t\t\t\t<div class=\"elementor-container elementor-column-gap-default\">\n\t\t\t\t\t<div class=\"elementor-column elementor-col-100 elementor-top-column elementor-element elementor-element-wv-perun-faq-col-63e16c\" data-id=\"wv-perun-faq-col-63e16c\" data-element_type=\"column\" data-e-type=\"column\">\n\t\t\t<div class=\"elementor-widget-wrap elementor-element-populated\">\n\t\t\t\t\t\t<div class=\"elementor-element elementor-element-wv-perun-h elementor-widget elementor-widget-heading\" data-id=\"wv-perun-h\" data-element_type=\"widget\" data-e-type=\"widget\" data-widget_type=\"heading.default\">\n\t\t\t\t\t<h2 class=\"elementor-heading-title elementor-size-default\">Preguntes freq\u00fcents sobre Perun<\/h2>\t\t\t\t<\/div>\n\t\t\t\t<div class=\"elementor-element elementor-element-wv-perun-t elementor-widget elementor-widget-text-editor\" data-id=\"wv-perun-t\" data-element_type=\"widget\" data-e-type=\"widget\" data-widget_type=\"text-editor.default\">\n\t\t\t\t\t\t\t\t\t\n<details class=\"iwg-faq-item\">\n  <summary><strong>Qui era Perun en la <span class=\"iwg-fachbegriff\" data-tooltip=\"El conjunt dels relats mitol\u00f2gics transmesos d'una cultura.\" tabindex=\"0\">mitologia<\/span> eslava?<\/strong><\/summary>\n  <p>Perun era el d\u00e9u suprem del pante\u00f3 eslau oriental, d\u00e9u del tro, del llamp, de la guerra i del poder reial. El seu <span class=\"iwg-fachbegriff\" data-tooltip=\"Un lloc sagrat dedicat a la veneraci\u00f3 d'una divinitat.\" tabindex=\"0\">santuari<\/span> es trobava al tur\u00f3 de K\u00edev, fins que Vlad\u00edmir el Sant el va enderrocar el 988 amb la cristianitzaci\u00f3. Perun est\u00e0 estretament emparentat amb el b\u00e0ltic Perk\u016bnas, el germ\u00e0nic Thor i l&#8217;indi Indra.<\/p>\n<\/details>\n\n<details class=\"iwg-faq-item\">\n  <summary><strong>Quins s\u00edmbols estan associats a Perun?<\/strong><\/summary>\n  <p>Entre els s\u00edmbols cl\u00e0ssics de Perun hi ha el roure (arbre sagrat), la destral o el martell (arma del tro), la roda del tro de sis raigs (signe de Perun), el senglar i el bou (animals de sacrifici), aix\u00ed com el llamp mateix. El signe de Perun va reapar\u00e8ixer m\u00e9s tard com a s\u00edmbol protector als frontons de les cases dels masos eslaus.<\/p>\n<\/details>\t\t\t\t\t\t\t\t<\/div>\n\t\t\t\t<div class=\"elementor-element elementor-element-wv-perun-s elementor-widget elementor-widget-html\" data-id=\"wv-perun-s\" data-element_type=\"widget\" data-e-type=\"widget\" data-widget_type=\"html.default\">\n\t\t\t\t\t<script type=\"application\/ld+json\">{\"@context\": \"https:\/\/schema.org\", \"@type\": \"FAQPage\", \"mainEntity\": [{\"@type\": \"Question\", \"name\": \"Qui era Perun en la mitologia eslava?\", \"acceptedAnswer\": {\"@type\": \"Answer\", \"text\": \"Perun era el d\u00e9u suprem del pante\u00f3 eslau oriental: d\u00e9u del tro, del llamp, de la guerra i del poder reial. El seu santuari es trobava al tur\u00f3 de K\u00edev, fins que Vlad\u00edmir el Sant el va enderrocar el 988 amb la cristianitzaci\u00f3. Perun est\u00e0 estretament emparentat amb el b\u00e0ltic Perk\u016bnas, el germ\u00e0nic Thor i l'indi Indra.\"}}, {\"@type\": \"Question\", \"name\": \"Quins s\u00edmbols estan associats a Perun?\", \"acceptedAnswer\": {\"@type\": \"Answer\", \"text\": \"Entre els s\u00edmbols cl\u00e0ssics de Perun hi ha el roure (arbre sagrat), la destral o el martell (arma del tro), la roda del tro de sis raigs (signe de Perun), el senglar i el bou (animals de sacrifici), aix\u00ed com el llamp mateix. El signe de Perun va reapar\u00e8ixer m\u00e9s tard com a s\u00edmbol protector als frontons de les cases dels masos eslaus.\"}}]}<\/script>\t\t\t\t<\/div>\n\t\t\t\t\t<\/div>\n\t\t<\/div>\n\t\t\t\t\t<\/div>\n\t\t<\/section>\n\t\t\t\t<\/div>\n\t\t","protected":false},"excerpt":{"rendered":"","protected":false},"author":3,"featured_media":1763,"parent":0,"menu_order":0,"comment_status":"closed","ping_status":"closed","template":"elementor_header_footer","meta":{"_yoast_wpseo_focuskw":"Perun","_yoast_wpseo_title":"Perun \u2013 El d\u00e9u suprem dels eslaus","_yoast_wpseo_metadesc":"Perun, d\u00e9u suprem dels eslaus. Senyor del llamp, protector dels guerrers i guardi\u00e0 dels juraments a la Rus preccristiana: el rei del tro.","_yoast_wpseo_meta-robots-noindex":"","_yoast_wpseo_canonical":"","_angie_page":false,"gefaehrdungsstufe":"2","wesen_kultur":"slawisch","wesen_klasse":"goetter","footnotes":""},"categories":[],"class_list":["post-171516","page","type-page","status-publish","has-post-thumbnail","hentry"],"yoast_head":"<!-- This site is optimized with the Yoast SEO Premium plugin v27.7 (Yoast SEO v28.3) - https:\/\/yoast.com\/product\/yoast-seo-premium-wordpress\/ -->\n<title>Perun \u2013 El d\u00e9u suprem dels eslaus<\/title>\n<meta name=\"description\" content=\"Perun, d\u00e9u suprem dels eslaus. Senyor del llamp, protector dels guerrers i guardi\u00e0 dels juraments a la Rus preccristiana: el rei del tro.\" \/>\n<meta name=\"robots\" content=\"index, follow, max-snippet:-1, max-image-preview:large, max-video-preview:-1\" \/>\n<link rel=\"canonical\" href=\"https:\/\/iwell-guard.com\/ca\/perun\/\" \/>\n<meta property=\"og:locale\" content=\"ca_ES\" \/>\n<meta property=\"og:type\" content=\"article\" \/>\n<meta property=\"og:title\" content=\"Perun\" \/>\n<meta property=\"og:description\" content=\"Perun, d\u00e9u suprem dels eslaus. Senyor del llamp, protector dels guerrers i guardi\u00e0 dels juraments a la Rus preccristiana: el rei del tro.\" \/>\n<meta property=\"og:url\" content=\"https:\/\/iwell-guard.com\/ca\/perun\/\" \/>\n<meta property=\"og:site_name\" content=\"iWell Guard\" \/>\n<meta property=\"article:modified_time\" content=\"2026-09-05T15:59:47+00:00\" \/>\n<meta property=\"og:image\" content=\"https:\/\/iwell-guard.com\/wp-content\/uploads\/2026\/04\/goetter_slawisch_perun.webp\" \/>\n\t<meta property=\"og:image:width\" content=\"1024\" \/>\n\t<meta property=\"og:image:height\" content=\"1536\" \/>\n\t<meta property=\"og:image:type\" content=\"image\/webp\" \/>\n<meta name=\"twitter:card\" content=\"summary_large_image\" \/>\n<script type=\"application\/ld+json\" class=\"yoast-schema-graph\">{\"@context\":\"https:\\\/\\\/schema.org\",\"@graph\":[{\"@type\":\"WebPage\",\"@id\":\"https:\\\/\\\/iwell-guard.com\\\/ca\\\/perun\\\/\",\"url\":\"https:\\\/\\\/iwell-guard.com\\\/ca\\\/perun\\\/\",\"name\":\"Perun \u2013 El d\u00e9u suprem dels eslaus\",\"isPartOf\":{\"@id\":\"https:\\\/\\\/iwell-guard.com\\\/ca\\\/#website\"},\"primaryImageOfPage\":{\"@id\":\"https:\\\/\\\/iwell-guard.com\\\/ca\\\/perun\\\/#primaryimage\"},\"image\":{\"@id\":\"https:\\\/\\\/iwell-guard.com\\\/ca\\\/perun\\\/#primaryimage\"},\"thumbnailUrl\":\"https:\\\/\\\/iwell-guard.com\\\/wp-content\\\/uploads\\\/2026\\\/04\\\/goetter_slawisch_perun.webp\",\"datePublished\":\"2026-09-05T15:40:02+00:00\",\"dateModified\":\"2026-09-05T15:59:47+00:00\",\"description\":\"Perun, d\u00e9u suprem dels eslaus. Senyor del llamp, protector dels guerrers i guardi\u00e0 dels juraments a la Rus preccristiana: el rei del tro.\",\"breadcrumb\":{\"@id\":\"https:\\\/\\\/iwell-guard.com\\\/ca\\\/perun\\\/#breadcrumb\"},\"inLanguage\":\"ca\",\"potentialAction\":[{\"@type\":\"ReadAction\",\"target\":[\"https:\\\/\\\/iwell-guard.com\\\/ca\\\/perun\\\/\"]}]},{\"@type\":\"ImageObject\",\"inLanguage\":\"ca\",\"@id\":\"https:\\\/\\\/iwell-guard.com\\\/ca\\\/perun\\\/#primaryimage\",\"url\":\"https:\\\/\\\/iwell-guard.com\\\/wp-content\\\/uploads\\\/2026\\\/04\\\/goetter_slawisch_perun.webp\",\"contentUrl\":\"https:\\\/\\\/iwell-guard.com\\\/wp-content\\\/uploads\\\/2026\\\/04\\\/goetter_slawisch_perun.webp\",\"width\":1024,\"height\":1536,\"caption\":\"D\u00e9us de la tradici\u00f3 eslava.\"},{\"@type\":\"BreadcrumbList\",\"@id\":\"https:\\\/\\\/iwell-guard.com\\\/ca\\\/perun\\\/#breadcrumb\",\"itemListElement\":[{\"@type\":\"ListItem\",\"position\":1,\"name\":\"Start\",\"item\":\"https:\\\/\\\/iwell-guard.com\\\/ca\\\/?page_id=171333\"},{\"@type\":\"ListItem\",\"position\":2,\"name\":\"Perun\"}]},{\"@type\":\"WebSite\",\"@id\":\"https:\\\/\\\/iwell-guard.com\\\/ca\\\/#website\",\"url\":\"https:\\\/\\\/iwell-guard.com\\\/ca\\\/\",\"name\":\"iWell Guard\",\"description\":\"Schutz vor dunklen Einfl\u00fcssen\",\"publisher\":{\"@id\":\"https:\\\/\\\/iwell-guard.com\\\/ca\\\/#organization\"},\"potentialAction\":[{\"@type\":\"SearchAction\",\"target\":{\"@type\":\"EntryPoint\",\"urlTemplate\":\"https:\\\/\\\/iwell-guard.com\\\/ca\\\/?s={search_term_string}\"},\"query-input\":{\"@type\":\"PropertyValueSpecification\",\"valueRequired\":true,\"valueName\":\"search_term_string\"}}],\"inLanguage\":\"ca\"},{\"@type\":\"Organization\",\"@id\":\"https:\\\/\\\/iwell-guard.com\\\/ca\\\/#organization\",\"name\":\"Ittermann electronic GmbH\",\"url\":\"https:\\\/\\\/iwell-guard.com\\\/ca\\\/\",\"logo\":{\"@type\":\"ImageObject\",\"inLanguage\":\"ca\",\"@id\":\"https:\\\/\\\/iwell-guard.com\\\/ca\\\/#\\\/schema\\\/logo\\\/image\\\/\",\"url\":\"https:\\\/\\\/iwell-guard.com\\\/wp-content\\\/uploads\\\/2026\\\/05\\\/Ittermann-Logo-1182x237-1.png\",\"contentUrl\":\"https:\\\/\\\/iwell-guard.com\\\/wp-content\\\/uploads\\\/2026\\\/05\\\/Ittermann-Logo-1182x237-1.png\",\"width\":1182,\"height\":237,\"caption\":\"Ittermann electronic GmbH\"},\"image\":{\"@id\":\"https:\\\/\\\/iwell-guard.com\\\/ca\\\/#\\\/schema\\\/logo\\\/image\\\/\"},\"sameAs\":[\"https:\\\/\\\/pantip.com\\\/profile\\\/9367242\",\"https:\\\/\\\/micro.blog\\\/iwellguard\",\"https:\\\/\\\/www.diggerslist.com\\\/iwellguard\\\/about\",\"https:\\\/\\\/skitterphoto.com\\\/photographers\\\/2870314\\\/iwell-guard\",\"https:\\\/\\\/iwellguard.wordpress.com\\\/2026\\\/06\\\/06\\\/iwell-guard\\\/\",\"https:\\\/\\\/hub.docker.com\\\/u\\\/iwellguard\",\"https:\\\/\\\/www.pinterest.com\\\/iwellguard\\\/\",\"https:\\\/\\\/bit.ly\\\/m\\\/iwellguard\",\"https:\\\/\\\/entre-vos-mains.alsace.eu\\\/profiles\\\/iwellguard\\\/activity\",\"https:\\\/\\\/gravatar.com\\\/reallybeded8fd34\",\"https:\\\/\\\/naijamatta.com\\\/iwellguard\",\"https:\\\/\\\/www.goodreads.com\\\/iwellguard\",\"https:\\\/\\\/profile.hatena.ne.jp\\\/iwellguard\\\/\",\"https:\\\/\\\/experiment.com\\\/users\\\/iwellguard\",\"https:\\\/\\\/wakelet.com\\\/@iWellGuard82270\",\"https:\\\/\\\/www.chordie.com\\\/forum\\\/profile.php?id=2555664\",\"https:\\\/\\\/www.instapaper.com\\\/p\\\/17757966\",\"https:\\\/\\\/www.mapleprimes.com\\\/users\\\/iwellguard\",\"https:\\\/\\\/businesslistingplus.com\\\/profile\\\/iwell-guard\\\/\",\"https:\\\/\\\/telegra.ph\\\/iWell-Guard-06-06\",\"https:\\\/\\\/pbase.com\\\/iwellguard\\\/iwellguard\",\"https:\\\/\\\/b.hatena.ne.jp\\\/iwellguard\\\/20260607#bookmark-4788405196491818882\",\"https:\\\/\\\/fliphtml5.com\\\/home\\\/iwellguard\",\"https:\\\/\\\/anyflip.com\\\/homepage\\\/cmiwl#About\",\"https:\\\/\\\/transfur.com\\\/Users\\\/iwellguard\",\"http:\\\/\\\/delphi.larsbo.org\\\/user\\\/iwellguard\",\"https:\\\/\\\/jobs.lajobsportal.org\\\/profiles\\\/8380803-iwell-guard\",\"https:\\\/\\\/md.chaosdorf.de\\\/s\\\/jfbe5SBdJD\",\"https:\\\/\\\/www.lingvolive.com\\\/en-us\\\/profile\\\/9ecaeaca-ce11-4e51-9e71-01d55e2bff36\\\/translations\",\"https:\\\/\\\/www.fitday.com\\\/fitness\\\/forums\\\/members\\\/iwellguard.html\",\"https:\\\/\\\/www.mymeetbook.com\\\/iwellguard\",\"https:\\\/\\\/pxhere.com\\\/en\\\/photographer-me\\\/5040798\",\"https:\\\/\\\/disqus.com\\\/by\\\/iwellguard\\\/about\\\/\",\"https:\\\/\\\/pastelink.net\\\/hjwciqwq\",\"https:\\\/\\\/pubhtml5.com\\\/homepage\\\/scjhn\\\/\",\"https:\\\/\\\/www.bitchute.com\\\/channel\\\/2O2eOKzNqujT\",\"https:\\\/\\\/audiomack.com\\\/iwellguard\"]},{\"@type\":\"Article\",\"@id\":\"https:\\\/\\\/iwell-guard.com\\\/ca\\\/perun\\\/#article\",\"isPartOf\":{\"@id\":\"https:\\\/\\\/iwell-guard.com\\\/ca\\\/perun\\\/\"},\"author\":{\"name\":\"Ralf Ittermann\",\"@id\":\"https:\\\/\\\/iwell-guard.com\\\/ca\\\/#\\\/schema\\\/person\\\/ee2a27f1cac3406c7c6fb5820cb7349f\"},\"headline\":\"Perun\",\"datePublished\":\"2026-09-05T15:40:02+00:00\",\"dateModified\":\"2026-09-05T15:59:47+00:00\",\"mainEntityOfPage\":{\"@id\":\"https:\\\/\\\/iwell-guard.com\\\/ca\\\/perun\\\/\"},\"publisher\":{\"@id\":\"https:\\\/\\\/iwell-guard.com\\\/ca\\\/#organization\"},\"image\":{\"@id\":\"https:\\\/\\\/iwell-guard.com\\\/ca\\\/perun\\\/#primaryimage\"},\"thumbnailUrl\":\"https:\\\/\\\/iwell-guard.com\\\/wp-content\\\/uploads\\\/2026\\\/04\\\/goetter_slawisch_perun.webp\",\"inLanguage\":\"ca\",\"description\":\"Perun, d\u00e9u suprem dels eslaus. Senyor del llamp, protector dels guerrers i guardi\u00e0 dels juraments a la Rus preccristiana: el rei del tro.\"}]}<\/script>\n<!-- \/ Yoast SEO Premium plugin. -->","yoast_head_json":{"title":"Perun \u2013 El d\u00e9u suprem dels eslaus","description":"Perun, d\u00e9u suprem dels eslaus. Senyor del llamp, protector dels guerrers i guardi\u00e0 dels juraments a la Rus preccristiana: el rei del tro.","robots":{"index":"index","follow":"follow","max-snippet":"max-snippet:-1","max-image-preview":"max-image-preview:large","max-video-preview":"max-video-preview:-1"},"canonical":"https:\/\/iwell-guard.com\/ca\/perun\/","og_locale":"ca_ES","og_type":"article","og_title":"Perun","og_description":"Perun, d\u00e9u suprem dels eslaus. Senyor del llamp, protector dels guerrers i guardi\u00e0 dels juraments a la Rus preccristiana: el rei del tro.","og_url":"https:\/\/iwell-guard.com\/ca\/perun\/","og_site_name":"iWell Guard","article_modified_time":"2026-09-05T15:59:47+00:00","og_image":[{"width":1024,"height":1536,"url":"https:\/\/iwell-guard.com\/wp-content\/uploads\/2026\/04\/goetter_slawisch_perun.webp","type":"image\/webp"}],"twitter_card":"summary_large_image","schema":{"@context":"https:\/\/schema.org","@graph":[{"@type":"Article","@id":"https:\/\/iwell-guard.com\/ca\/perun\/#article","isPartOf":{"@id":"https:\/\/iwell-guard.com\/ca\/perun\/"},"author":{"name":"Ralf Ittermann","@id":"https:\/\/iwell-guard.com\/ca\/#\/schema\/person\/ee2a27f1cac3406c7c6fb5820cb7349f"},"headline":"Perun","datePublished":"2026-09-05T15:40:02+00:00","dateModified":"2026-09-05T15:59:47+00:00","mainEntityOfPage":{"@id":"https:\/\/iwell-guard.com\/ca\/perun\/"},"publisher":{"@id":"https:\/\/iwell-guard.com\/ca\/#organization"},"image":{"@id":"https:\/\/iwell-guard.com\/ca\/perun\/#primaryimage"},"thumbnailUrl":"https:\/\/iwell-guard.com\/wp-content\/uploads\/2026\/04\/goetter_slawisch_perun.webp","inLanguage":"ca","description":"Perun, d\u00e9u suprem dels eslaus. Senyor del llamp, protector dels guerrers i guardi\u00e0 dels juraments a la Rus preccristiana: el rei del tro."},{"@type":"WebPage","@id":"https:\/\/iwell-guard.com\/ca\/perun\/","url":"https:\/\/iwell-guard.com\/ca\/perun\/","name":"Perun \u2013 El d\u00e9u suprem dels eslaus","isPartOf":{"@id":"https:\/\/iwell-guard.com\/ca\/#website"},"primaryImageOfPage":{"@id":"https:\/\/iwell-guard.com\/ca\/perun\/#primaryimage"},"image":{"@id":"https:\/\/iwell-guard.com\/ca\/perun\/#primaryimage"},"thumbnailUrl":"https:\/\/iwell-guard.com\/wp-content\/uploads\/2026\/04\/goetter_slawisch_perun.webp","datePublished":"2026-09-05T15:40:02+00:00","dateModified":"2026-09-05T15:59:47+00:00","description":"Perun, d\u00e9u suprem dels eslaus. Senyor del llamp, protector dels guerrers i guardi\u00e0 dels juraments a la Rus preccristiana: el rei del tro.","breadcrumb":{"@id":"https:\/\/iwell-guard.com\/ca\/perun\/#breadcrumb"},"inLanguage":"ca","potentialAction":[{"@type":"ReadAction","target":["https:\/\/iwell-guard.com\/ca\/perun\/"]}]},{"@type":"ImageObject","inLanguage":"ca","@id":"https:\/\/iwell-guard.com\/ca\/perun\/#primaryimage","url":"https:\/\/iwell-guard.com\/wp-content\/uploads\/2026\/04\/goetter_slawisch_perun.webp","contentUrl":"https:\/\/iwell-guard.com\/wp-content\/uploads\/2026\/04\/goetter_slawisch_perun.webp","width":1024,"height":1536,"caption":"D\u00e9us de la tradici\u00f3 eslava."},{"@type":"BreadcrumbList","@id":"https:\/\/iwell-guard.com\/ca\/perun\/#breadcrumb","itemListElement":[{"@type":"ListItem","position":1,"name":"Start","item":"https:\/\/iwell-guard.com\/ca\/?page_id=171333"},{"@type":"ListItem","position":2,"name":"Perun"}]},{"@type":"WebSite","@id":"https:\/\/iwell-guard.com\/ca\/#website","url":"https:\/\/iwell-guard.com\/ca\/","name":"iWell Guard","description":"Schutz vor dunklen Einfl\u00fcssen","publisher":{"@id":"https:\/\/iwell-guard.com\/ca\/#organization"},"potentialAction":[{"@type":"SearchAction","target":{"@type":"EntryPoint","urlTemplate":"https:\/\/iwell-guard.com\/ca\/?s={search_term_string}"},"query-input":{"@type":"PropertyValueSpecification","valueRequired":true,"valueName":"search_term_string"}}],"inLanguage":"ca"},{"@type":"Organization","@id":"https:\/\/iwell-guard.com\/ca\/#organization","name":"Ittermann electronic GmbH","url":"https:\/\/iwell-guard.com\/ca\/","logo":{"@type":"ImageObject","inLanguage":"ca","@id":"https:\/\/iwell-guard.com\/ca\/#\/schema\/logo\/image\/","url":"https:\/\/iwell-guard.com\/wp-content\/uploads\/2026\/05\/Ittermann-Logo-1182x237-1.png","contentUrl":"https:\/\/iwell-guard.com\/wp-content\/uploads\/2026\/05\/Ittermann-Logo-1182x237-1.png","width":1182,"height":237,"caption":"Ittermann electronic GmbH"},"image":{"@id":"https:\/\/iwell-guard.com\/ca\/#\/schema\/logo\/image\/"},"sameAs":["https:\/\/pantip.com\/profile\/9367242","https:\/\/micro.blog\/iwellguard","https:\/\/www.diggerslist.com\/iwellguard\/about","https:\/\/skitterphoto.com\/photographers\/2870314\/iwell-guard","https:\/\/iwellguard.wordpress.com\/2026\/06\/06\/iwell-guard\/","https:\/\/hub.docker.com\/u\/iwellguard","https:\/\/www.pinterest.com\/iwellguard\/","https:\/\/bit.ly\/m\/iwellguard","https:\/\/entre-vos-mains.alsace.eu\/profiles\/iwellguard\/activity","https:\/\/gravatar.com\/reallybeded8fd34","https:\/\/naijamatta.com\/iwellguard","https:\/\/www.goodreads.com\/iwellguard","https:\/\/profile.hatena.ne.jp\/iwellguard\/","https:\/\/experiment.com\/users\/iwellguard","https:\/\/wakelet.com\/@iWellGuard82270","https:\/\/www.chordie.com\/forum\/profile.php?id=2555664","https:\/\/www.instapaper.com\/p\/17757966","https:\/\/www.mapleprimes.com\/users\/iwellguard","https:\/\/businesslistingplus.com\/profile\/iwell-guard\/","https:\/\/telegra.ph\/iWell-Guard-06-06","https:\/\/pbase.com\/iwellguard\/iwellguard","https:\/\/b.hatena.ne.jp\/iwellguard\/20260607#bookmark-4788405196491818882","https:\/\/fliphtml5.com\/home\/iwellguard","https:\/\/anyflip.com\/homepage\/cmiwl#About","https:\/\/transfur.com\/Users\/iwellguard","http:\/\/delphi.larsbo.org\/user\/iwellguard","https:\/\/jobs.lajobsportal.org\/profiles\/8380803-iwell-guard","https:\/\/md.chaosdorf.de\/s\/jfbe5SBdJD","https:\/\/www.lingvolive.com\/en-us\/profile\/9ecaeaca-ce11-4e51-9e71-01d55e2bff36\/translations","https:\/\/www.fitday.com\/fitness\/forums\/members\/iwellguard.html","https:\/\/www.mymeetbook.com\/iwellguard","https:\/\/pxhere.com\/en\/photographer-me\/5040798","https:\/\/disqus.com\/by\/iwellguard\/about\/","https:\/\/pastelink.net\/hjwciqwq","https:\/\/pubhtml5.com\/homepage\/scjhn\/","https:\/\/www.bitchute.com\/channel\/2O2eOKzNqujT","https:\/\/audiomack.com\/iwellguard"]},{"@type":"Person","@id":"https:\/\/iwell-guard.com\/ca\/#\/schema\/person\/ee2a27f1cac3406c7c6fb5820cb7349f","name":"Ralf Ittermann","image":{"@type":"ImageObject","inLanguage":"ca","@id":"https:\/\/secure.gravatar.com\/avatar\/073c0153e350a5005b68eb752b445fea71f6b24a26da9449ad7e155e6b446c9d?s=96&d=mm&r=g","url":"https:\/\/secure.gravatar.com\/avatar\/073c0153e350a5005b68eb752b445fea71f6b24a26da9449ad7e155e6b446c9d?s=96&d=mm&r=g","contentUrl":"https:\/\/secure.gravatar.com\/avatar\/073c0153e350a5005b68eb752b445fea71f6b24a26da9449ad7e155e6b446c9d?s=96&d=mm&r=g","caption":"Ralf Ittermann"},"givenName":"Ralf","familyName":"Ittermann","jobTitle":"Gesch\u00e4ftsf\u00fchrer und redaktioneller Verantwortlicher","url":"https:\/\/iwell-guard.com\/ca\/author\/claude\/","description":"Ralf Ittermann ist Gesch\u00e4ftsf\u00fchrer der Ittermann electronic GmbH und redaktioneller Verantwortlicher des iWell-Guard-Lexikons. Er verbindet langj\u00e4hrige Erfahrung in der Pr\u00e4zisionsfertigung mit medialer Praxis und religionsgeschichtlicher Quellenarbeit.","worksFor":{"@type":"Organization","name":"Ittermann electronic GmbH","url":"https:\/\/ittermann.de\/","address":{"@type":"PostalAddress","streetAddress":"K\u00f6hlergasse 16-18","postalCode":"99842","addressLocality":"Ruhla","addressCountry":"DE"}},"knowsAbout":["Religionsgeschichte","Mythologie","Mediale Praxis","Energetische Diagnostik","Schutzpraxis","Volksglauben","Westliche Esoterik"]},{"@type":"Article","@id":"https:\/\/iwell-guard.com\/ca\/perun\/#article","isPartOf":{"@id":"https:\/\/iwell-guard.com\/ca\/perun\/"},"author":{"name":"Ralf Ittermann","@id":"https:\/\/iwell-guard.com\/ca\/#\/schema\/person\/ee2a27f1cac3406c7c6fb5820cb7349f"},"headline":"Perun","datePublished":"2026-09-05T15:40:02+00:00","dateModified":"2026-09-05T15:59:47+00:00","mainEntityOfPage":{"@id":"https:\/\/iwell-guard.com\/ca\/perun\/"},"publisher":{"@id":"https:\/\/iwell-guard.com\/ca\/#organization"},"image":{"@id":"https:\/\/iwell-guard.com\/ca\/perun\/#primaryimage"},"thumbnailUrl":"https:\/\/iwell-guard.com\/wp-content\/uploads\/2026\/04\/goetter_slawisch_perun.webp","inLanguage":"ca","description":"Perun, d\u00e9u suprem dels eslaus. Senyor del llamp, protector dels guerrers i guardi\u00e0 dels juraments a la Rus preccristiana: el rei del tro."}]}},"_links":{"self":[{"href":"https:\/\/iwell-guard.com\/ca\/wp-json\/wp\/v2\/pages\/171516","targetHints":{"allow":["GET"]}}],"collection":[{"href":"https:\/\/iwell-guard.com\/ca\/wp-json\/wp\/v2\/pages"}],"about":[{"href":"https:\/\/iwell-guard.com\/ca\/wp-json\/wp\/v2\/types\/page"}],"author":[{"embeddable":true,"href":"https:\/\/iwell-guard.com\/ca\/wp-json\/wp\/v2\/users\/3"}],"replies":[{"embeddable":true,"href":"https:\/\/iwell-guard.com\/ca\/wp-json\/wp\/v2\/comments?post=171516"}],"version-history":[{"count":0,"href":"https:\/\/iwell-guard.com\/ca\/wp-json\/wp\/v2\/pages\/171516\/revisions"}],"wp:featuredmedia":[{"embeddable":true,"href":"https:\/\/iwell-guard.com\/ca\/wp-json\/wp\/v2\/media\/1763"}],"wp:attachment":[{"href":"https:\/\/iwell-guard.com\/ca\/wp-json\/wp\/v2\/media?parent=171516"}],"wp:term":[{"taxonomy":"category","embeddable":true,"href":"https:\/\/iwell-guard.com\/ca\/wp-json\/wp\/v2\/categories?post=171516"}],"curies":[{"name":"wp","href":"https:\/\/api.w.org\/{rel}","templated":true}]}}