{"id":171513,"date":"2026-09-05T15:40:00","date_gmt":"2026-09-05T15:40:00","guid":{"rendered":"https:\/\/iwell-guard.com\/?page_id=171513"},"modified":"2026-09-05T15:59:42","modified_gmt":"2026-09-05T15:59:42","slug":"morrigan","status":"publish","type":"page","link":"https:\/\/iwell-guard.com\/ca\/morrigan\/","title":{"rendered":"Morrigan"},"content":{"rendered":"\t\t<div data-elementor-type=\"wp-page\" data-elementor-id=\"171513\" class=\"elementor elementor-171513 elementor-1982 elementor-bc-flex-widget\" data-elementor-post-type=\"page\">\n\t\t\t\t<div class=\"elementor-element elementor-element-10fdade e-flex e-con-boxed e-con e-parent\" data-id=\"10fdade\" data-element_type=\"container\" data-e-type=\"container\" data-settings=\"{&quot;background_background&quot;:&quot;classic&quot;}\">\n\t\t\t\t\t<div class=\"e-con-inner\">\n\t\t<div class=\"elementor-element elementor-element-herohlft0 e-flex e-con-boxed e-con e-child\" data-id=\"herohlft0\" data-element_type=\"container\" data-e-type=\"container\">\n\t\t\t\t\t<div class=\"e-con-inner\">\n\t\t<div class=\"elementor-element elementor-element-c3ceb64 e-con-full e-flex e-con e-child\" data-id=\"c3ceb64\" data-element_type=\"container\" data-e-type=\"container\">\n\t\t\t\t<div class=\"elementor-element elementor-element-96ae5e1 elementor-widget elementor-widget-heading\" data-id=\"96ae5e1\" data-element_type=\"widget\" data-e-type=\"widget\" data-widget_type=\"heading.default\">\n\t\t\t\t\t<h1 class=\"elementor-heading-title elementor-size-default\">Morrigan, deessa de la tradici\u00f3 c\u00e8ltica<\/h1>\t\t\t\t<\/div>\n\t\t\t\t<div class=\"elementor-element elementor-element-e45238a elementor-widget elementor-widget-text-editor\" data-id=\"e45238a\" data-element_type=\"widget\" data-e-type=\"widget\" data-widget_type=\"text-editor.default\">\n\t\t\t\t\t\t\t\t\t<p>Morrigan \u00e9s la deessa de la tradici\u00f3 c\u00e8ltica, senyora de la guerra, el dest\u00ed, la sexualitat i la mort, sovint representada com a esperit de guerra o figura metamorfa. Des del punt de vista de la hist\u00f2ria de les religions, representa el tipus indoeuropeu de la \u00abdeessa del dest\u00ed\u00bb i \u00e9s fonamental per entendre la religi\u00f3 guerrera c\u00e8ltica i l&#8217;ambival\u00e8ncia demonol\u00f2gica.<\/p>\t\t\t\t\t\t\t\t<\/div>\n\t\t\t\t<\/div>\n\t\t<div class=\"elementor-element elementor-element-klsbdg01 e-con-full e-flex e-con e-parent\" data-id=\"klsbdg01\" data-element_type=\"container\" data-e-type=\"container\">\n\t\t\t\t<div class=\"elementor-element elementor-element-klshtm01 elementor-widget elementor-widget-html\" data-id=\"klshtm01\" data-element_type=\"widget\" data-e-type=\"widget\" data-widget_type=\"html.default\">\n\t\t\t\t\t<div class=\"iwg-pill-row\"><span class=\"iwg-klasse-badge\" tabindex=\"0\" data-tooltip=\"D\u00e9u \/ Deessa: Poder suprem personificat en el pante\u00f3 d'una cultura, amb \u00e0mbits de compet\u00e8ncia clars, forces de la natura, dest\u00ed, guerra, fertilitat. Venerat mitjan\u00e7ant cultes, ofrenes i institucions de temple.\">Deessa<\/span><a href=\"https:\/\/iwell-guard.com\/ca\/?page_id=171367\" class=\"iwg-kultur-badge\" tabindex=\"0\" data-tooltip=\"Religi\u00f3 c\u00e8ltica de l'Europa Occidental i les Illes Brit\u00e0niques, transmesa mitol\u00f2gicament mitjan\u00e7ant textos irlandesos i gal\u00b7lesos.\">C\u00e8ltic<\/a><a href=\"https:\/\/iwell-guard.com\/ca\/?page_id=171461\" class=\"iwg-tradition-badge\" tabindex=\"0\" data-tooltip=\"D\u00e9us de l'inframon i de la mort, governants de l'ultratomba, jutges dels morts, guies d'\u00e0nimes.\">Divinitat dels morts<\/a><\/div>\t\t\t\t<\/div>\n\t\t\t\t<\/div>\n\t\t<div class=\"elementor-element elementor-element-3f74855 e-con-full e-flex e-con e-child\" data-id=\"3f74855\" data-element_type=\"container\" data-e-type=\"container\">\n\t\t\t\t<div class=\"elementor-element elementor-element-1c30362 elementor-toc--minimized-on-tablet elementor-widget elementor-widget-table-of-contents\" data-id=\"1c30362\" data-element_type=\"widget\" data-e-type=\"widget\" data-settings=\"{&quot;exclude_headings_by_selector&quot;:[],&quot;no_headings_message&quot;:&quot;No s&#039;ha trobat cap encap\\u00e7alament en aquesta p\\u00e0gina.&quot;,&quot;headings_by_tags&quot;:[&quot;h2&quot;,&quot;h3&quot;],&quot;marker_view&quot;:&quot;bullets&quot;,&quot;minimize_box&quot;:&quot;yes&quot;,&quot;icon&quot;:{&quot;value&quot;:&quot;fas fa-circle&quot;,&quot;library&quot;:&quot;fa-solid&quot;,&quot;rendered_tag&quot;:&quot;&lt;svg class=\\&quot;e-font-icon-svg e-fas-circle\\&quot; viewBox=\\&quot;0 0 512 512\\&quot; xmlns=\\&quot;http:\\\/\\\/www.w3.org\\\/2000\\\/svg\\&quot;&gt;&lt;path d=\\&quot;M256 8C119 8 8 119 8 256s111 248 248 248 248-111 248-248S393 8 256 8z\\&quot;&gt;&lt;\\\/path&gt;&lt;\\\/svg&gt;&quot;},&quot;minimized_on&quot;:&quot;tablet&quot;,&quot;hierarchical_view&quot;:&quot;yes&quot;,&quot;min_height&quot;:{&quot;unit&quot;:&quot;px&quot;,&quot;size&quot;:&quot;&quot;,&quot;sizes&quot;:[]},&quot;min_height_tablet&quot;:{&quot;unit&quot;:&quot;px&quot;,&quot;size&quot;:&quot;&quot;,&quot;sizes&quot;:[]},&quot;min_height_mobile&quot;:{&quot;unit&quot;:&quot;px&quot;,&quot;size&quot;:&quot;&quot;,&quot;sizes&quot;:[]}}\" data-widget_type=\"table-of-contents.default\">\n\t\t\t\t\t\t\t\t\t<div class=\"elementor-toc__header\">\n\t\t\t\t\t\t<h2 class=\"elementor-toc__header-title\">\n\t\t\t\t\u00cdndex\t\t\t<\/h2>\n\t\t\t\t\t\t\t\t\t\t<div class=\"elementor-toc__toggle-button elementor-toc__toggle-button--expand\" role=\"button\" tabindex=\"0\" aria-controls=\"elementor-toc__1c30362\" aria-expanded=\"true\" aria-label=\"Open table of contents\"><svg aria-hidden=\"true\" class=\"e-font-icon-svg e-fas-chevron-down\" viewBox=\"0 0 448 512\" xmlns=\"http:\/\/www.w3.org\/2000\/svg\"><path d=\"M207.029 381.476L12.686 187.132c-9.373-9.373-9.373-24.569 0-33.941l22.667-22.667c9.357-9.357 24.522-9.375 33.901-.04L224 284.505l154.745-154.021c9.379-9.335 24.544-9.317 33.901.04l22.667 22.667c9.373 9.373 9.373 24.569 0 33.941L240.971 381.476c-9.373 9.372-24.569 9.372-33.942 0z\"><\/path><\/svg><\/div>\n\t\t\t\t<div class=\"elementor-toc__toggle-button elementor-toc__toggle-button--collapse\" role=\"button\" tabindex=\"0\" aria-controls=\"elementor-toc__1c30362\" aria-expanded=\"true\" aria-label=\"Close table of contents\"><svg aria-hidden=\"true\" class=\"e-font-icon-svg e-fas-chevron-up\" viewBox=\"0 0 448 512\" xmlns=\"http:\/\/www.w3.org\/2000\/svg\"><path d=\"M240.971 130.524l194.343 194.343c9.373 9.373 9.373 24.569 0 33.941l-22.667 22.667c-9.357 9.357-24.522 9.375-33.901.04L224 227.495 69.255 381.516c-9.379 9.335-24.544 9.317-33.901-.04l-22.667-22.667c-9.373-9.373-9.373-24.569 0-33.941L207.03 130.525c9.372-9.373 24.568-9.373 33.941-.001z\"><\/path><\/svg><\/div>\n\t\t\t\t\t<\/div>\n\t\t\t\t<div id=\"elementor-toc__1c30362\" class=\"elementor-toc__body\">\n\t\t\t<div class=\"elementor-toc__spinner-container\">\n\t\t\t\t<svg class=\"elementor-toc__spinner eicon-animation-spin e-font-icon-svg e-eicon-loading\" aria-hidden=\"true\" viewBox=\"0 0 1000 1000\" xmlns=\"http:\/\/www.w3.org\/2000\/svg\"><path d=\"M500 975V858C696 858 858 696 858 500S696 142 500 142 142 304 142 500H25C25 237 238 25 500 25S975 237 975 500 763 975 500 975Z\"><\/path><\/svg>\t\t\t<\/div>\n\t\t<\/div>\n\t\t\t\t\t\t<\/div>\n\t\t\t\t<\/div>\n\t\t\t\t\t<\/div>\n\t\t\t\t<\/div>\n\t\t<div class=\"elementor-element elementor-element-herorght0 e-con-full e-flex e-con e-child\" data-id=\"herorght0\" data-element_type=\"container\" data-e-type=\"container\">\n\t\t\t\t<div class=\"elementor-element elementor-element-heroimg00 iwg-hero-image elementor-widget elementor-widget-image\" data-id=\"heroimg00\" data-element_type=\"widget\" data-e-type=\"widget\" data-widget_type=\"image.default\">\n\t\t\t\t\t\t\t\t\t\t\t\t\t\t\t<img fetchpriority=\"high\" decoding=\"async\" width=\"683\" height=\"1024\" src=\"https:\/\/iwell-guard.com\/wp-content\/uploads\/2026\/04\/goetter_keltisch_morrigan-683x1024.webp\" class=\"attachment-large size-large wp-image-1733\" alt=\"Morrigan\" srcset=\"https:\/\/iwell-guard.com\/wp-content\/uploads\/2026\/04\/goetter_keltisch_morrigan-683x1024.webp 683w, https:\/\/iwell-guard.com\/wp-content\/uploads\/2026\/04\/goetter_keltisch_morrigan-200x300.webp 200w, https:\/\/iwell-guard.com\/wp-content\/uploads\/2026\/04\/goetter_keltisch_morrigan-768x1152.webp 768w, https:\/\/iwell-guard.com\/wp-content\/uploads\/2026\/04\/goetter_keltisch_morrigan.webp 1024w\" sizes=\"(max-width: 683px) 100vw, 683px\" \/>\t\t\t\t\t\t\t\t\t\t\t\t\t\t\t<\/div>\n\t\t\t\t<\/div>\n\t\t\t\t\t<\/div>\n\t\t\t\t<\/div>\n\t\t<div class=\"elementor-element elementor-element-32917199 e-flex e-con-boxed e-con e-parent\" data-id=\"32917199\" data-element_type=\"container\" data-e-type=\"container\">\n\t\t\t\t\t<div class=\"e-con-inner\">\n\t\t<div class=\"elementor-element elementor-element-26e916cb e-flex e-con-boxed e-con e-child\" data-id=\"26e916cb\" data-element_type=\"container\" data-e-type=\"container\">\n\t\t\t\t\t<div class=\"e-con-inner\">\n\t\t<div class=\"elementor-element elementor-element-253a40d4 e-flex e-con-boxed e-con e-child\" data-id=\"253a40d4\" data-element_type=\"container\" data-e-type=\"container\">\n\t\t\t\t\t<div class=\"e-con-inner\">\n\t\t\t\t<div class=\"elementor-element elementor-element-1200c304 elementor-widget elementor-widget-heading\" data-id=\"1200c304\" data-element_type=\"widget\" data-e-type=\"widget\" data-widget_type=\"heading.default\">\n\t\t\t\t\t<div class=\"elementor-heading-title elementor-size-default\">Morrigan<\/div>\t\t\t\t<\/div>\n\t\t\t\t<div class=\"elementor-element elementor-element-11758e7f elementor-widget elementor-widget-text-editor\" data-id=\"11758e7f\" data-element_type=\"widget\" data-e-type=\"widget\" data-widget_type=\"text-editor.default\">\n\t\t\t\t\t\t\t\t\t<p>Morrigan (tamb\u00e9 Morr\u00edgu, M\u00f3r-R\u00edghan) es representa com a deessa i <span class=\"iwg-fachbegriff\" data-tooltip=\"Un \u00e9sser incorpori al qual s'atribueix una acci\u00f3 en el m\u00f3n.\" tabindex=\"0\">esperit<\/span> de la guerra, la mort i el dest\u00ed. Apareix com una gralla o corb, vola sobre els camps de batalla i influeix en el resultat de la guerra mitjan\u00e7ant un poder sobrenatural.<\/p><p>\u00c9s amant de diversos herois (Dagda, Lugh, C\u00fa Chulainn) i els porta <span class=\"iwg-fachbegriff\" data-tooltip=\"Concessi\u00f3 de benedicci\u00f3 i protecci\u00f3, sovint en una forma ling\u00fc\u00edstica fixa.\" tabindex=\"0\">benedicci\u00f3<\/span> o perdici\u00f3. En el Cath Maige Tuired anuncia el resultat de la batalla. De vegades es transmet com una tr\u00edada (M\u00f3r-R\u00edghan, Macha, Badb) o com una figura individual. No \u00e9s \u00abdolenta\u00bb, sin\u00f3 amoral i determinada per la guerra.<\/p>\t\t\t\t\t\t\t\t<\/div>\n\t\t\t\t\t<\/div>\n\t\t\t\t<\/div>\n\t\t<div class=\"elementor-element elementor-element-159dcf9a e-flex e-con-boxed e-con e-child\" data-id=\"159dcf9a\" data-element_type=\"container\" data-e-type=\"container\">\n\t\t\t\t\t<div class=\"e-con-inner\">\n\t\t\t\t<div class=\"elementor-element elementor-element-48cee66f elementor-widget elementor-widget-heading\" data-id=\"48cee66f\" data-element_type=\"widget\" data-e-type=\"widget\" data-widget_type=\"heading.default\">\n\t\t\t\t\t<div class=\"elementor-heading-title elementor-size-default\">Resum: Morrigan<\/div>\t\t\t\t<\/div>\n\t\t\t\t<div class=\"elementor-element elementor-element-3f50d82c elementor-widget elementor-widget-text-editor\" data-id=\"3f50d82c\" data-element_type=\"widget\" data-e-type=\"widget\" data-widget_type=\"text-editor.default\">\n\t\t\t\t\t\t\t\t\t<p>Els testimonis provenen del Cath Maige Tuired, la Togail Bruidne D\u00e1 Derga, l&#8217;Oidheadh Chloinne Usnig i altres cicles llegendaris irlandesos (redactats entre els segles VIII i XII). Morrigan tamb\u00e9 apareix esmentada en genealogies i etimologies de noms de lloc (Rath Maeve, \u00abtur\u00f3 de la reina\u00bb, possiblement relacionat amb Morrigan).<\/p><p>La investigaci\u00f3 moderna (Maier, Mac Cana, Green) discuteix si Morrigan \u00e9s una deessa origin\u00e0ria o el <span class=\"iwg-fachbegriff\" data-tooltip=\"Fusi\u00f3 de conceptes o divinitats provinents de diferents tradicions religioses.\" tabindex=\"0\">sincretisme<\/span> de diverses figures. La <span class=\"iwg-fachbegriff\" data-tooltip=\"La transmissi\u00f3 de coneixement i relats a trav\u00e9s de generacions.\" tabindex=\"0\">tradici\u00f3<\/span> folkl\u00f2rica a Irlanda i Esc\u00f2cia va conservar tradicions sobre esperits de guerra.<\/p>\t\t\t\t\t\t\t\t<\/div>\n\t\t\t\t\t<\/div>\n\t\t\t\t<\/div>\n\t\t\t\t\t<\/div>\n\t\t\t\t<\/div>\n\t\t\t\t\t<\/div>\n\t\t\t\t<\/div>\n\t\t<div class=\"elementor-element elementor-element-18613602 e-flex e-con-boxed e-con e-parent\" data-id=\"18613602\" data-element_type=\"container\" data-e-type=\"container\">\n\t\t\t\t\t<div class=\"e-con-inner\">\n\t\t\t\t<div class=\"elementor-element elementor-element-262b8a9f elementor-widget elementor-widget-heading\" data-id=\"262b8a9f\" data-element_type=\"widget\" data-e-type=\"widget\" data-widget_type=\"heading.default\">\n\t\t\t\t\t<h2 class=\"elementor-heading-title elementor-size-default\">Contextualitzaci\u00f3 hist\u00f2rica<\/h2>\t\t\t\t<\/div>\n\t\t<div class=\"elementor-element elementor-element-46dcb7d e-con-full e-flex e-con e-child\" data-id=\"46dcb7d\" data-element_type=\"container\" data-e-type=\"container\">\n\t\t<div class=\"elementor-element elementor-element-61d3ab3 e-flex e-con-boxed e-con e-child\" data-id=\"61d3ab3\" data-element_type=\"container\" data-e-type=\"container\">\n\t\t\t\t\t<div class=\"e-con-inner\">\n\t\t\t\t<div class=\"elementor-element elementor-element-117c166 elementor-widget elementor-widget-heading\" data-id=\"117c166\" data-element_type=\"widget\" data-e-type=\"widget\" data-widget_type=\"heading.default\">\n\t\t\t\t\t<div class=\"elementor-heading-title elementor-size-default\">Per\u00edode dels textos<\/div>\t\t\t\t<\/div>\n\t\t\t\t<div class=\"elementor-element elementor-element-73997a0 elementor-widget elementor-widget-text-editor\" data-id=\"73997a0\" data-element_type=\"widget\" data-e-type=\"widget\" data-widget_type=\"text-editor.default\">\n\t\t\t\t\t\t\t\t\t<p>La figura de la Morr\u00edgan es pot seguir des dels manuscrits irlandesos altmedievals fins als nostres dies. Els escrivans cristians van conservar els relats sobre la deessa de la guerra, tot i que ja no compartien la seva religi\u00f3, i aix\u00ed van fixar per escrit textos com la T\u00e1in B\u00f3 C\u00faailnge. Actualment, corrents neopagans recuperen la Morr\u00edgan com a figura de veneraci\u00f3, tot i que la interpretaci\u00f3 s&#8217;ha despla\u00e7at en alguns aspectes de manera considerable respecte de les fonts medievals.<\/p>\t\t\t\t\t\t\t\t<\/div>\n\t\t\t\t\t<\/div>\n\t\t\t\t<\/div>\n\t\t<div class=\"elementor-element elementor-element-d47b156 e-flex e-con-boxed e-con e-child\" data-id=\"d47b156\" data-element_type=\"container\" data-e-type=\"container\">\n\t\t\t\t\t<div class=\"e-con-inner\">\n\t\t\t\t<div class=\"elementor-element elementor-element-ff38c2b elementor-widget elementor-widget-heading\" data-id=\"ff38c2b\" data-element_type=\"widget\" data-e-type=\"widget\" data-widget_type=\"heading.default\">\n\t\t\t\t\t<div class=\"elementor-heading-title elementor-size-default\">\u00c0rea de difusi\u00f3<\/div>\t\t\t\t<\/div>\n\t\t\t\t<div class=\"elementor-element elementor-element-4e49fcc elementor-widget elementor-widget-text-editor\" data-id=\"4e49fcc\" data-element_type=\"widget\" data-e-type=\"widget\" data-widget_type=\"text-editor.default\">\n\t\t\t\t\t\t\t\t\t<p>Morrigan era coneguda i venerada, o respectuosament temuda, arreu del m\u00f3n c\u00e8ltic, sense limitar-se a regions o llocs concrets. Tant en grans centres urbans com en regions rurals perif\u00e8riques, tant entre l&#8217;elit social com entre la gent senzilla, la import\u00e0ncia espiritual o cultural d&#8217;aquesta entitat era reconeguda de manera constant i universal.<\/p><p>La Morr\u00edgan no era un culte local, sin\u00f3 que estava fermament arrelada en els cicles narratius irlandesos, que es recitaven arreu de l&#8217;illa. Noms de lloc com D\u00e1 Ch\u00edch na Morrigna, els turons anomenats \u00abels pits de la Morr\u00edgan\u00bb a la plana de Meath, mostren que la deessa tamb\u00e9 quedava situada en el paisatge. La seva figura, de vegades triple, juntament amb Badb i Macha, la relacionava a m\u00e9s amb altres deesses de la guerra conegudes en un \u00e0mbit m\u00e9s ampli.<\/p>\t\t\t\t\t\t\t\t<\/div>\n\t\t\t\t\t<\/div>\n\t\t\t\t<\/div>\n\t\t\t\t<\/div>\n\t\t<div class=\"elementor-element elementor-element-db03c39 e-con-full e-flex e-con e-child\" data-id=\"db03c39\" data-element_type=\"container\" data-e-type=\"container\">\n\t\t<div class=\"elementor-element elementor-element-229a87b e-flex e-con-boxed e-con e-child\" data-id=\"229a87b\" data-element_type=\"container\" data-e-type=\"container\">\n\t\t\t\t\t<div class=\"e-con-inner\">\n\t\t\t\t<div class=\"elementor-element elementor-element-1f471fc elementor-widget elementor-widget-heading\" data-id=\"1f471fc\" data-element_type=\"widget\" data-e-type=\"widget\" data-widget_type=\"heading.default\">\n\t\t\t\t\t<div class=\"elementor-heading-title elementor-size-default\">Estat de les fonts<\/div>\t\t\t\t<\/div>\n\t\t\t\t<div class=\"elementor-element elementor-element-36b1201 elementor-widget elementor-widget-text-editor\" data-id=\"36b1201\" data-element_type=\"widget\" data-e-type=\"widget\" data-widget_type=\"text-editor.default\">\n\t\t\t\t\t\t\t\t\t<p>Fonts prim\u00e0ries: Cath Maige Tuired (recensions A i B, redactades cap als segles IX-XII), Togail Bruidne D\u00e1 Derga (saga de la destrucci\u00f3), Oidheadh Chloinne Usnig (dest\u00ed dels fills d&#8217;Usnech), tamb\u00e9 la Tochmarc E\u00edmhain (\u00abel festeig d&#8217;Eimain\u00bb).<\/p><p>Per\u00edode: les tradicions orals s\u00f3n m\u00e9s antigues (possiblement de l&#8217;edat del ferro o de l&#8217;alta edat mitjana), la fixaci\u00f3 escrita a partir del segle VIII. Investigadors com Proinsias Mac Cana (Celtic Mythology, The Mabinogion), Bernhard Maier (Die Religion der Kelten), Miranda Green (The Gods of the Celts) i Birkhan (Kelten) tracten Morrigan com una figura central de la religi\u00f3 guerrera.<\/p>\t\t\t\t\t\t\t\t<\/div>\n\t\t\t\t\t<\/div>\n\t\t\t\t<\/div>\n\t\t\t\t<\/div>\n\t\t\t\t\t<\/div>\n\t\t\t\t<\/div>\n\t\t<div class=\"elementor-element elementor-element-3ae0637c e-flex e-con-boxed e-con e-parent\" data-id=\"3ae0637c\" data-element_type=\"container\" data-e-type=\"container\">\n\t\t\t\t\t<div class=\"e-con-inner\">\n\t\t\t\t<div class=\"elementor-element elementor-element-31d07739 elementor-widget elementor-widget-heading\" data-id=\"31d07739\" data-element_type=\"widget\" data-e-type=\"widget\" data-widget_type=\"heading.default\">\n\t\t\t\t\t<h2 class=\"elementor-heading-title elementor-size-default\">Nom i variants<\/h2>\t\t\t\t<\/div>\n\t\t<div class=\"elementor-element elementor-element-b7642947 e-con-full e-flex e-con e-child\" data-id=\"b7642947\" data-element_type=\"container\" data-e-type=\"container\">\n\t\t\t\t<div class=\"elementor-element elementor-element-a086266 elementor-widget elementor-widget-text-editor\" data-id=\"a086266\" data-element_type=\"widget\" data-e-type=\"widget\" data-widget_type=\"text-editor.default\">\n\t\t\t\t\t\t\t\t\t<p>Morrigan es representa en les diverses fonts i tradicions art\u00edstiques amb determinats elements iconogr\u00e0fics recurrents, que es mantenen relativament constants al llarg de d\u00e8cades i en diferents espais geogr\u00e0fics. Aquests elements estan profundament codificats simb\u00f2licament i tenen un gran significat. No hi ha res de purament decoratiu o triat a l&#8217;atzar.<\/p><p>Les formes d&#8217;aparici\u00f3 de la Morr\u00edgan s\u00f3n significatives en els textos irlandesos: la gralla o corba sobre el camp de batalla indica la seva relaci\u00f3 amb el combat i la mort, la figura de la rentadora al riu, que renta una armadura ensangonada, anuncia la mort d&#8217;un guerrer, i les transformacions en anguila, lloba i vedella en la trobada amb C\u00fa Chulainn mostren el seu poder sobre la forma. Els oients coneixedors dels relats podien identificar immediatament, a partir de cadascuna d&#8217;aquestes formes, quin paper assumia la deessa en cada escena.<\/p>\t\t\t\t\t\t\t\t<\/div>\n\t\t\t\t<\/div>\n\t\t\t\t\t<\/div>\n\t\t\t\t<\/div>\n\t\t<div class=\"elementor-element elementor-element-709a44a8 e-flex e-con-boxed e-con e-parent\" data-id=\"709a44a8\" data-element_type=\"container\" data-e-type=\"container\">\n\t\t\t\t\t<div class=\"e-con-inner\">\n\t\t\t\t<div class=\"elementor-element elementor-element-2f585873 elementor-widget elementor-widget-heading\" data-id=\"2f585873\" data-element_type=\"widget\" data-e-type=\"widget\" data-widget_type=\"heading.default\">\n\t\t\t\t\t<h2 class=\"elementor-heading-title elementor-size-default\">Descripci\u00f3<\/h2>\t\t\t\t<\/div>\n\t\t<div class=\"elementor-element elementor-element-70621c12 e-con-full e-flex e-con e-child\" data-id=\"70621c12\" data-element_type=\"container\" data-e-type=\"container\">\n\t\t\t\t<div class=\"elementor-element elementor-element-4296eb49 elementor-widget elementor-widget-text-editor\" data-id=\"4296eb49\" data-element_type=\"widget\" data-e-type=\"widget\" data-widget_type=\"text-editor.default\">\n\t\t\t\t\t\t\t\t\t<p>Morrigan va ser central en la pr\u00e0ctica religiosa, els rituals quotidians i la comprensi\u00f3 cotidiana dels C\u00e8ltics. Les persones s&#8217;adre\u00e7aven a aquesta entitat en situacions vitals cr\u00edtiques o determinades, o en certes \u00e8poques rituals de l&#8217;any, amb rituals estructurats i sovint elaborats, preg\u00e0ries o ofrenes.<\/p><p>El coneixement sobre la Morr\u00edgan va ser transm\u00e8s a Irlanda pels estaments erudits: els poetes i savis de l&#8217;\u00e8poca precristiana van preservar els relats sobre la deessa de la guerra, i els monjos dels monestirs medievals els van finalment consignar en manuscrits com el Llibre de Leinster. All\u00f2 que se n&#8217;ha transm\u00e8s segueix, doncs, tradicions narratives i escrites fixes, no una invenci\u00f3 espont\u00e0nia.<\/p><p>La Morr\u00edgan va romandre durant segles objecte de la tradici\u00f3 narrativa irlandesa perqu\u00e8 les seves funcions estaven clarament delimitades: predeia el resultat de les batalles, influ\u00efa en els combats mitjan\u00e7ant la por i la confusi\u00f3 dels enemics, i anunciava la mort a herois concrets com C\u00fa Chulainn. En el T\u00e1in B\u00f3 C\u00faailnge interv\u00e9 ella mateixa en els fets. El seu paper \u00e9s, doncs, menys protector que fat\u00eddic: representa la sort en la guerra, la profecia i la fi.<\/p>\t\t\t\t\t\t\t\t<\/div>\n\t\t\t\t<\/div>\n\t\t\t\t\t<\/div>\n\t\t\t\t<\/div>\n\t\t<div class=\"elementor-element elementor-element-44e71476 e-flex e-con-boxed e-con e-parent\" data-id=\"44e71476\" data-element_type=\"container\" data-e-type=\"container\">\n\t\t\t\t\t<div class=\"e-con-inner\">\n\t\t\t\t<div class=\"elementor-element elementor-element-3c1fc3f0 elementor-widget elementor-widget-heading\" data-id=\"3c1fc3f0\" data-element_type=\"widget\" data-e-type=\"widget\" data-widget_type=\"heading.default\">\n\t\t\t\t\t<div class=\"elementor-heading-title elementor-size-default\">Fitxa: Morrigan<\/div>\t\t\t\t<\/div>\n\t\t<div class=\"elementor-element elementor-element-84f33b8e e-con-full e-flex e-con e-child\" data-id=\"84f33b8e\" data-element_type=\"container\" data-e-type=\"container\">\n\t\t\t\t<div class=\"elementor-element elementor-element-hqkdc67p elementor-widget elementor-widget-text-editor\" data-id=\"hqkdc67p\" data-element_type=\"widget\" data-e-type=\"widget\" data-widget_type=\"text-editor.default\">\n\t\t\t\t\t\t\t\t\t<p>La fitxa recull Morrigan en sis aspectes principals: el seu origen mitol\u00f2gic i la seva posici\u00f3 ambivalent en el <span class=\"iwg-fachbegriff\" data-tooltip=\"El conjunt dels d\u00e9us d'una religi\u00f3 o cultura.\" tabindex=\"0\">pante\u00f3<\/span> c\u00e8ltic, la seva funci\u00f3 com a esperit de la guerra i determinant del dest\u00ed, la seva iconografia com a corb i com a metamorfa, els seus efectes demon\u00edac-poderosos, les precaucions espirituals aix\u00ed com paral\u00b7lelismes culturals en altres tradicions religioses.<\/p><p>Les targetes seg\u00fcents reuneixen de manera condensada els punts clau; descripcions m\u00e9s detallades es troben en els cap\u00edtols anteriors sobre noms, descripci\u00f3 i pr\u00e0ctica de protecci\u00f3.<\/p>\t\t\t\t\t\t\t\t<\/div>\n\t\t\t\t<\/div>\n\t\t<div class=\"elementor-element elementor-element-pemmx7c5 e-con-full e-flex e-con e-child\" data-id=\"pemmx7c5\" data-element_type=\"container\" data-e-type=\"container\">\n\t\t<div class=\"elementor-element elementor-element-pemmx7c1 e-con-full e-flex e-con e-child\" data-id=\"pemmx7c1\" data-element_type=\"container\" data-e-type=\"container\">\n\t\t<div class=\"elementor-element elementor-element-qh9oavvu iwg-steckbrief-card e-flex e-con-boxed e-con e-child\" data-id=\"qh9oavvu\" data-element_type=\"container\" data-e-type=\"container\">\n\t\t\t\t\t<div class=\"e-con-inner\">\n\t\t\t\t<div class=\"elementor-element elementor-element-awzx8k2k elementor-widget elementor-widget-heading\" data-id=\"awzx8k2k\" data-element_type=\"widget\" data-e-type=\"widget\" data-widget_type=\"heading.default\">\n\t\t\t\t\t<h3 class=\"elementor-heading-title elementor-size-default\">Origen<\/h3>\t\t\t\t<\/div>\n\t\t\t\t<div class=\"elementor-element elementor-element-x6rowhv0 elementor-widget elementor-widget-text-editor\" data-id=\"x6rowhv0\" data-element_type=\"widget\" data-e-type=\"widget\" data-widget_type=\"text-editor.default\">\n\t\t\t\t\t\t\t\t\t<p>Morrigan pertany a les capes m\u00e9s antigues de les tradicions de deesses c\u00e8ltiques, possiblement d&#8217;origen prec\u00e8ltic. Es transmet de manera variada, ja sigui com a deessa \u00fanica o com a tr\u00edada (M\u00f3r-R\u00edghan, Macha, Badb).<\/p><p>Geogr\u00e0ficament, se centra a Irlanda, amb variants escoceses i gal\u00b7leses. La seva primera atestaci\u00f3 liter\u00e0ria es troba en textos del segle IX-X, per\u00f2 la tradici\u00f3 \u00e9s m\u00e9s antiga. Les etimologies s\u00f3n controvertides (\u00abGran Reina\u00bb, \u00abDeessa del Mar\u00bb, \u00abFates\u00bb).<\/p>\t\t\t\t\t\t\t\t<\/div>\n\t\t\t\t\t<\/div>\n\t\t\t\t<\/div>\n\t\t<div class=\"elementor-element elementor-element-8e3o4kxs iwg-steckbrief-card e-flex e-con-boxed e-con e-child\" data-id=\"8e3o4kxs\" data-element_type=\"container\" data-e-type=\"container\">\n\t\t\t\t\t<div class=\"e-con-inner\">\n\t\t\t\t<div class=\"elementor-element elementor-element-08rkdgov elementor-widget elementor-widget-heading\" data-id=\"08rkdgov\" data-element_type=\"widget\" data-e-type=\"widget\" data-widget_type=\"heading.default\">\n\t\t\t\t\t<h3 class=\"elementor-heading-title elementor-size-default\">Destinataris<\/h3>\t\t\t\t<\/div>\n\t\t\t\t<div class=\"elementor-element elementor-element-uwjelx8s elementor-widget elementor-widget-text-editor\" data-id=\"uwjelx8s\" data-element_type=\"widget\" data-e-type=\"widget\" data-widget_type=\"text-editor.default\">\n\t\t\t\t\t\t\t\t\t<p>Morrigan era invocada per guerrers i reis per obtenir la vict\u00f2ria o provocar la derrota. Les dones s&#8217;hi adre\u00e7aven en q\u00fcestions de part i fertilitat. Era deessa del dest\u00ed de la guerra i de la feminitat salvatge; un \u00abculte organitzat\u00bb mai no li va pert\u00e0nyer. En algunes tradicions se la cultivava mitjan\u00e7ant <span class=\"iwg-fachbegriff\" data-tooltip=\"Ofrena a una divinitat per expressar agra\u00efment, s\u00faplica o veneraci\u00f3.\" tabindex=\"0\">ofrenes<\/span> o ritus d&#8217;apaivagament per assegurar el seu favor en les batalles.<\/p>\t\t\t\t\t\t\t\t<\/div>\n\t\t\t\t\t<\/div>\n\t\t\t\t<\/div>\n\t\t<div class=\"elementor-element elementor-element-jm2n74ec iwg-steckbrief-card e-flex e-con-boxed e-con e-child\" data-id=\"jm2n74ec\" data-element_type=\"container\" data-e-type=\"container\">\n\t\t\t\t\t<div class=\"e-con-inner\">\n\t\t\t\t<div class=\"elementor-element elementor-element-8vufse4c elementor-widget elementor-widget-heading\" data-id=\"8vufse4c\" data-element_type=\"widget\" data-e-type=\"widget\" data-widget_type=\"heading.default\">\n\t\t\t\t\t<h3 class=\"elementor-heading-title elementor-size-default\">Aparen\u00e7a<\/h3>\t\t\t\t<\/div>\n\t\t\t\t<div class=\"elementor-element elementor-element-mwb9u015 elementor-widget elementor-widget-text-editor\" data-id=\"mwb9u015\" data-element_type=\"widget\" data-e-type=\"widget\" data-widget_type=\"text-editor.default\">\n\t\t\t\t\t\t\t\t\t<p>Iconogr\u00e0ficament, Morrigan sovint es representa com un corb o corbera, de vegades amb trets humans o com una dona metamorfa. Ocasionalment porta armadura o atributs guerrers. En les descripcions liter\u00e0ries \u00e9s salvatge, bella i perillosa alhora. Es situa als camps de batalla o hi vola per sobre. Colors: negre, vermell (sang), de vegades argent. Despr\u00e8n una pres\u00e8ncia sobrenatural.<\/p>\t\t\t\t\t\t\t\t<\/div>\n\t\t\t\t\t<\/div>\n\t\t\t\t<\/div>\n\t\t\t\t<\/div>\n\t\t<div class=\"elementor-element elementor-element-pemmx7c2 e-con-full e-flex e-con e-child\" data-id=\"pemmx7c2\" data-element_type=\"container\" data-e-type=\"container\">\n\t\t<div class=\"elementor-element elementor-element-37ss2yr6 iwg-steckbrief-card e-flex e-con-boxed e-con e-child\" data-id=\"37ss2yr6\" data-element_type=\"container\" data-e-type=\"container\">\n\t\t\t\t\t<div class=\"e-con-inner\">\n\t\t\t\t<div class=\"elementor-element elementor-element-3v0wp3wx elementor-widget elementor-widget-heading\" data-id=\"3v0wp3wx\" data-element_type=\"widget\" data-e-type=\"widget\" data-widget_type=\"heading.default\">\n\t\t\t\t\t<h3 class=\"elementor-heading-title elementor-size-default\">L'acci\u00f3 de Morrigan<\/h3>\t\t\t\t<\/div>\n\t\t\t\t<div class=\"elementor-element elementor-element-w3247g2m elementor-widget elementor-widget-text-editor\" data-id=\"w3247g2m\" data-element_type=\"widget\" data-e-type=\"widget\" data-widget_type=\"text-editor.default\">\n\t\t\t\t\t\t\t\t\t<p>A Morrigan se li atribueix poder sobre el resultat de la guerra, la determinaci\u00f3 del dest\u00ed, la fertilitat i la sexualitat, aix\u00ed com capacitats de metamorfosi. Pot inspirar herois o paralitzar els seus enemics. Encarna la feminitat destructiva i creativa alhora. La seva for\u00e7a sobrenatural \u00e9s amoral: segueix la l\u00f2gica de la guerra, no l&#8217;\u00e8tica.<\/p><p>Pot portar la ru\u00efna, per\u00f2 tamb\u00e9 <span class=\"iwg-fachbegriff\" data-tooltip=\"Concessi\u00f3 de benestar i protecci\u00f3, sovint en una forma ling\u00fc\u00edstica fixa.\" tabindex=\"0\">benedicci\u00f3<\/span>. En el T\u00e1in B\u00f3 C\u00faailnge aquesta doble naturalesa es manifesta amb especial claredat: primer ofereix el seu favor a C\u00fa Chulainn, despr\u00e9s es gira contra ell. Aquesta ambival\u00e8ncia no es pot resoldre moralment; vol ser entesa com a for\u00e7a c\u00f2smica del dest\u00ed.<\/p>\t\t\t\t\t\t\t\t<\/div>\n\t\t\t\t\t<\/div>\n\t\t\t\t<\/div>\n\t\t<div class=\"elementor-element elementor-element-0qpjal9w iwg-steckbrief-card e-flex e-con-boxed e-con e-child\" data-id=\"0qpjal9w\" data-element_type=\"container\" data-e-type=\"container\">\n\t\t\t\t\t<div class=\"e-con-inner\">\n\t\t\t\t<div class=\"elementor-element elementor-element-6ndoih0o elementor-widget elementor-widget-heading\" data-id=\"6ndoih0o\" data-element_type=\"widget\" data-e-type=\"widget\" data-widget_type=\"heading.default\">\n\t\t\t\t\t<h3 class=\"elementor-heading-title elementor-size-default\">Formes de defensa<\/h3>\t\t\t\t<\/div>\n\t\t\t\t<div class=\"elementor-element elementor-element-6684tyh9 elementor-widget elementor-widget-text-editor\" data-id=\"6684tyh9\" data-element_type=\"widget\" data-e-type=\"widget\" data-widget_type=\"text-editor.default\">\n\t\t\t\t\t\t\t\t\t<p>Morrigan no \u00e9s mal\u00e8vola, per\u00f2 \u00e9s perillosa i imprevisible. \u00c9s mestra del dest\u00ed del combat, no una dimoni. Les pr\u00e0ctiques de protecci\u00f3 consisteixen a respectar-la i honrar-la, no a t\u00e9mer-la.<\/p><p>Les tradicions de m\u00e0gia guerrera ensenyen invocacions i <span class=\"iwg-fachbegriff\" data-tooltip=\"Ofrena a una divinitat per expressar agra\u00efment, s\u00faplica o veneraci\u00f3.\" tabindex=\"0\">ofrenes<\/span> per guanyar el seu favor o evitar la seva enemistat. La pr\u00e0ctica esot\u00e8rica moderna considera Morrigan com una for\u00e7a de transformaci\u00f3 i autenticitat, no com una for\u00e7a destructiva.<\/p>\t\t\t\t\t\t\t\t<\/div>\n\t\t\t\t\t<\/div>\n\t\t\t\t<\/div>\n\t\t<div class=\"elementor-element elementor-element-3lfi7x32 iwg-steckbrief-card e-flex e-con-boxed e-con e-child\" data-id=\"3lfi7x32\" data-element_type=\"container\" data-e-type=\"container\">\n\t\t\t\t\t<div class=\"e-con-inner\">\n\t\t\t\t<div class=\"elementor-element elementor-element-0kg99ga1 elementor-widget elementor-widget-heading\" data-id=\"0kg99ga1\" data-element_type=\"widget\" data-e-type=\"widget\" data-widget_type=\"heading.default\">\n\t\t\t\t\t<h3 class=\"elementor-heading-title elementor-size-default\">Equivalents<\/h3>\t\t\t\t<\/div>\n\t\t\t\t<div class=\"elementor-element elementor-element-n0fum6kp elementor-widget elementor-widget-text-editor\" data-id=\"n0fum6kp\" data-element_type=\"widget\" data-e-type=\"widget\" data-widget_type=\"text-editor.default\">\n\t\t\t\t\t\t\t\t\t<p>Comparables s\u00f3n les Er\u00ednies\/F\u00faries (gregues) com a divinitats del dest\u00ed i la venjan\u00e7a, les Nornes (germ\u00e0niques) com a teixidores del dest\u00ed, similars a la Morr\u00edgan en la seva estructura tripartida, la romana Bel\u00b7lona com a deessa de la guerra, i la \u00edndia Kali com a deessa de la destrucci\u00f3 i la transformaci\u00f3.<\/p><p>El tipus de \u00abdeessa del dest\u00ed\u00bb est\u00e0 \u00e0mpliament est\u00e8s en l&#8217;\u00e0mbit indoeuropeu. Tamb\u00e9 l&#8217;eslava Mokosh, la n\u00f2rdica antiga Skuld i la fr\u00edgia C\u00edbele comparteixen aspectes de la tr\u00edada de guerra, terra i mortalitat; en una lectura feminista-historicoreligiosa, la Morr\u00edgan tamb\u00e9 es compara amb les deesses mare anat\u00f2liques de finals de l&#8217;edat del bronze.<\/p>\t\t\t\t\t\t\t\t<\/div>\n\t\t\t\t\t<\/div>\n\t\t\t\t<\/div>\n\t\t\t\t<\/div>\n\t\t\t\t<\/div>\n\t\t\t\t\t<\/div>\n\t\t\t\t<\/div>\n\t\t<div class=\"elementor-element elementor-element-5a584676 e-flex e-con-boxed e-con e-parent\" data-id=\"5a584676\" data-element_type=\"container\" data-e-type=\"container\">\n\t\t\t\t\t<div class=\"e-con-inner\">\n\t\t\t\t<div class=\"elementor-element elementor-element-6d0757bf elementor-widget elementor-widget-heading\" data-id=\"6d0757bf\" data-element_type=\"widget\" data-e-type=\"widget\" data-widget_type=\"heading.default\">\n\t\t\t\t\t<h2 class=\"elementor-heading-title elementor-size-default\">Morrigan, paral\u00b7lelismes en altres cultures<\/h2>\t\t\t\t<\/div>\n\t\t<div class=\"elementor-element elementor-element-60563f68 e-con-full e-flex e-con e-child\" data-id=\"60563f68\" data-element_type=\"container\" data-e-type=\"container\">\n\t\t\t\t<div class=\"elementor-element elementor-element-5a93fdd6 elementor-widget elementor-widget-text-editor\" data-id=\"5a93fdd6\" data-element_type=\"widget\" data-e-type=\"widget\" data-widget_type=\"text-editor.default\">\n\t\t\t\t\t\t\t\t\t<p>La comparaci\u00f3 mostra que Morr\u00edgan representa un tipus religi\u00f3s universal: la for\u00e7a femenina ambivalent de la destrucci\u00f3 i la transformaci\u00f3, que no \u00e9s ni bona ni dolenta, sin\u00f3 amoral i necess\u00e0ria. Aquesta figura apareix en nombroses cultures com a reflex de veritats psicol\u00f2giques i cosmol\u00f2giques profundes sobre el canvi, la viol\u00e8ncia i la feminitat.<\/p>\n<p><p><strong>Tradici\u00f3 jueva:<\/strong> No hi ha una correspond\u00e8ncia directa en forma divina. Relacionades de manera llunyana hi ha Lilith com a for\u00e7a femenina salvatge i incontrolable, o els aspectes de la Shekin\u00e0 com a pres\u00e8ncia i esglai. A la Cabala: Bin\u00e0 com a for\u00e7a destructiva-creativa.<\/p><p><strong>M\u00f3n grecorom\u00e0:<\/strong> Les Er\u00ednies\/F\u00faries com a encarnacions sobrenaturals del dest\u00ed i esperits venjatius. Ares\/Mart en el seu aspecte guerrer. H\u00e8cate com a deessa dels llindars i la <span class=\"iwg-fachbegriff\" data-tooltip=\"Pr\u00e0ctiques que pretenen intervenir en el curs de les coses mitjan\u00e7ant accions o f\u00f3rmules especials.\" tabindex=\"0\">m\u00e0gia<\/span>. Bel\u00b7lona com a deessa romana de la guerra. Tamb\u00e9 N\u00e8mesi com a deessa de la venjan\u00e7a i l&#8217;equilibri cosmic.<\/p><p><strong>Mesopot\u00e0mia:<\/strong> Ereshkigal com a senyora de l&#8217;infram\u00f3n i determinadora de la mort. Ishtar\/Innana en el seu aspecte destructiu i guerrer. Tamb\u00e9 Lilitu (Lilith primitiva) com a for\u00e7a femenina salvatge i incontrolable.<\/p><p><strong>\u00cdndia\/\u00c0sia:<\/strong> Kali com a deessa de la destrucci\u00f3, del temps, de la guerra i de la transformaci\u00f3. \u00c9s semblant a Morr\u00edgan: amoral, salvatge, necess\u00e0ria. Tamb\u00e9 Durga com a deessa guerrera i protectora. Al Tibet: Mahakali com a for\u00e7a fosca i protectora. Aquestes mostren paral\u00b7lelismes estructurals profunds amb la deessa celta de l&#8217;esperit guerrer.<\/p>\t\t\t\t\t\t\t\t<\/div>\n\t\t\t\t<\/div>\n\t\t\t\t\t<\/div>\n\t\t\t\t<\/div>\n\t\t<div class=\"elementor-element elementor-element-cp689a7e1 e-flex e-con-boxed e-con e-parent\" data-id=\"cp689a7e1\" data-element_type=\"container\" data-e-type=\"container\">\n\t\t\t\t\t<div class=\"e-con-inner\">\n\t\t\t\t<div class=\"elementor-element elementor-element-cp9a05fe9 elementor-widget elementor-widget-heading\" data-id=\"cp9a05fe9\" data-element_type=\"widget\" data-e-type=\"widget\" data-widget_type=\"heading.default\">\n\t\t\t\t\t<h2 class=\"elementor-heading-title elementor-size-default\">La Morr\u00edgan a la T\u00e1in B\u00f3 C\u00faailnge<\/h2>\t\t\t\t<\/div>\n\t\t<div class=\"elementor-element elementor-element-cpd55a44f e-con-full e-flex e-con e-child\" data-id=\"cpd55a44f\" data-element_type=\"container\" data-e-type=\"container\">\n\t\t\t\t<div class=\"elementor-element elementor-element-cp1febcf0 elementor-widget elementor-widget-text-editor\" data-id=\"cp1febcf0\" data-element_type=\"widget\" data-e-type=\"widget\" data-widget_type=\"text-editor.default\">\n\t\t\t\t\t\t\t\t\t<p>Els relats m\u00e9s detallats sobre la Morr\u00edgan es troben en el cicle de llegendes al voltant de l&#8217;heroi C\u00fa Chulainn, sobretot a la <em>T\u00e1in B\u00f3 C\u00faailnge<\/em>, el robatori del bestiar de Cooley, el relat heroic central del denominat cicle de l&#8217;Ulster. All\u00e0 la Morr\u00edgan s&#8217;enfronta a l&#8217;heroi en diversos episodis, i la seva relaci\u00f3 amb ell \u00e9s ambivalent.<\/p><p>En una escena se li apareix com una dona jove i li ofereix el seu amor. C\u00fa Chulainn, enmig del combat i esquerp, rebutja l&#8217;oferta. Aleshores la Morr\u00edgan anuncia que l&#8217;obstaculitzar\u00e0 en la batalla.<\/p><p>Ho fa en forma animal: l&#8217;ataca com una anguila que s&#8217;enrosca a les seves cames, com una lloba que fa avan\u00e7ar el bestiar contra ell, i com una vedella que encap\u00e7ala un ramat.<\/p><p>C\u00fa Chulainn la fereix en cadascuna d&#8217;aquestes formes. M\u00e9s tard se li apareix com una dona vella que muny una vaca i li demana beure. Ell li dona a beure i la beneeix tres vegades, sense recon\u00e8ixer-la, i amb cada <span class=\"iwg-fachbegriff\" data-tooltip=\"Invocaci\u00f3 de protecci\u00f3 i benestar, sovint amb una f\u00f3rmula ling\u00fc\u00edstica fixa.\" tabindex=\"0\">benedicci\u00f3<\/span> es curen les ferides que abans li havia infligit.<\/p><p>Aquesta seq\u00fc\u00e8ncia d&#8217;episodis mostra la Morr\u00edgan com un poder que no \u00e9s simplement enemiga ni ajudant. Pot assetjar l&#8217;heroi i tot i aix\u00ed ser curada per ell, canvia de forma i de paper.<\/p><p>La recerca hi ha vist diverses capes: restes de concepcions m\u00e9s antigues d&#8217;una deessa de la terra i de la sobirania, per\u00f2 tamb\u00e9 elaboraci\u00f3 narrativa per part d&#8217;escrivans medievals cristians que van transmetre el material. Per aix\u00f2 no \u00e9s possible fixar-se en un \u00fanic significat originari.<\/p>\t\t\t\t\t\t\t\t<\/div>\n\t\t\t\t<\/div>\n\t\t\t\t\t<\/div>\n\t\t\t\t<\/div>\n\t\t<div class=\"elementor-element elementor-element-cpdc0760f e-flex e-con-boxed e-con e-parent\" data-id=\"cpdc0760f\" data-element_type=\"container\" data-e-type=\"container\">\n\t\t\t\t\t<div class=\"e-con-inner\">\n\t\t\t\t<div class=\"elementor-element elementor-element-cp38bafbe elementor-widget elementor-widget-heading\" data-id=\"cp38bafbe\" data-element_type=\"widget\" data-e-type=\"widget\" data-widget_type=\"heading.default\">\n\t\t\t\t\t<h2 class=\"elementor-heading-title elementor-size-default\">La forma del camp de batalla: el corb, la profecia i la mort de l'heroi<\/h2>\t\t\t\t<\/div>\n\t\t<div class=\"elementor-element elementor-element-cpfcc99df e-con-full e-flex e-con e-child\" data-id=\"cpfcc99df\" data-element_type=\"container\" data-e-type=\"container\">\n\t\t\t\t<div class=\"elementor-element elementor-element-cp047bbc1 elementor-widget elementor-widget-text-editor\" data-id=\"cp047bbc1\" data-element_type=\"widget\" data-e-type=\"widget\" data-widget_type=\"text-editor.default\">\n\t\t\t\t\t\t\t\t\t<p>Estretament vinculada a la Morr\u00edgan hi ha la imatge del corb o de la cornella, aus carronyeres del camp de batalla. En els relats, la Morr\u00edgan anuncia la lluita i la mort, pot confondre ex\u00e8rcits mitjan\u00e7ant la por i apareix all\u00e0 on es vessa sang.<\/p><p>El seu nom es interpreta en els textos de vegades com a reina fantasma, de vegades com a gran reina, per\u00f2 l&#8217;etimologia exacta \u00e9s discutida en la recerca.<\/p><p>En la mort de C\u00fa Chulainn t\u00e9 un paper clar. Abans del seu \u00faltim combat, segons una <span class=\"iwg-fachbegriff\" data-tooltip=\"La transmissi\u00f3 de coneixements i relats a trav\u00e9s de generacions.\" tabindex=\"0\">tradici\u00f3<\/span>, la Morr\u00edgan trenca el seu carro per retenir-lo, ja que la seva mort \u00e9s propera. Quan tot i aix\u00ed va a la batalla i resulta mortalment ferit, es lliga a una pedra per morir dret.<\/p><p>Nom\u00e9s quan un corb es posa a la seva espatlla, els enemics gosen acostar-s&#8217;hi. Aquest corb es relaciona en la tradici\u00f3 amb la Morr\u00edgan. La imatge de l&#8217;ocell que confirma la mort de l&#8217;heroi \u00e9s una de les escenes m\u00e9s conegudes de la literatura llegend\u00e0ria irlandesa.<\/p><p>La forma del camp de batalla de la Morr\u00edgan s&#8217;insereix en un context m\u00e9s ampli. En els textos apareix sovint juntament amb altres figures femenines de combat, com la Badb i la Nemain, de manera que algunes fonts parlen d&#8217;una tr\u00edada o d&#8217;un grup.<\/p><p>Els l\u00edmits entre aquestes figures s\u00f3n difusos, i la recerca discuteix si es tracta de figures independents o d&#8217;aspectes d&#8217;un \u00fanic poder. Aquesta ambig\u00fcitat no \u00e9s una mancan\u00e7a de la <span class=\"iwg-fachbegriff\" data-tooltip=\"La transmissi\u00f3 de coneixements i relats a trav\u00e9s de generacions.\" tabindex=\"0\">tradici\u00f3<\/span>, sin\u00f3 que correspon a la manera com aquestes figures eren pensades en els primers textos irlandesos.<\/p>\t\t\t\t\t\t\t\t<\/div>\n\t\t\t\t<\/div>\n\t\t\t\t\t<\/div>\n\t\t\t\t<\/div>\n\t\t<div class=\"elementor-element elementor-element-cp500da98 e-flex e-con-boxed e-con e-parent\" data-id=\"cp500da98\" data-element_type=\"container\" data-e-type=\"container\">\n\t\t\t\t\t<div class=\"e-con-inner\">\n\t\t\t\t<div class=\"elementor-element elementor-element-cp1fbc251 elementor-widget elementor-widget-heading\" data-id=\"cp1fbc251\" data-element_type=\"widget\" data-e-type=\"widget\" data-widget_type=\"heading.default\">\n\t\t\t\t\t<h2 class=\"elementor-heading-title elementor-size-default\">La Morr\u00edgan entre els T\u00faatha D\u00e9 Danann<\/h2>\t\t\t\t<\/div>\n\t\t<div class=\"elementor-element elementor-element-cpbfdc713 e-con-full e-flex e-con e-child\" data-id=\"cpbfdc713\" data-element_type=\"container\" data-e-type=\"container\">\n\t\t\t\t<div class=\"elementor-element elementor-element-cp792d5c2 elementor-widget elementor-widget-text-editor\" data-id=\"cp792d5c2\" data-element_type=\"widget\" data-e-type=\"widget\" data-widget_type=\"text-editor.default\">\n\t\t\t\t\t\t\t\t\t<p>A m\u00e9s del cicle de l&#8217;Ulster, la Morr\u00edgan apareix tamb\u00e9 en el que s&#8217;anomena cicle mitol\u00f2gic, que tracta dels T\u00faatha D\u00e9 Danann, la nissaga de d\u00e9us de la <span class=\"iwg-fachbegriff\" data-tooltip=\"La transmissi\u00f3 de coneixements i relats al llarg de generacions.\" tabindex=\"0\">tradici\u00f3<\/span> irlandesa. A la <em>Cath Maige Tuired<\/em>, la Batalla de Mag Tuired, en la qual els T\u00faatha D\u00e9 Danann lluiten contra els Fomori, la Morr\u00edgan apareix en diversos passatges.<\/p><p>Abans de la batalla t\u00e9 una trobada amb el d\u00e9u Dagda, el poder\u00f3s d\u00e9u pare dels T\u00faatha D\u00e9 Danann. Tots dos es troben en un riu, i la Morr\u00edgan promet al Dagda que emprar\u00e0 les seves forces contra els Fomori.<\/p><p>Durant la batalla mateixa, parla i incita els T\u00faatha D\u00e9 Danann. Despr\u00e9s de la vict\u00f2ria, segons el text, pronuncia una mena de proclamaci\u00f3 de pau o de vict\u00f2ria, seguida d&#8217;una fosca <span class=\"iwg-fachbegriff\" data-tooltip=\"La predicci\u00f3 d'esdeveniments futurs mitjan\u00e7ant mitjans religiosos o m\u00e0gics.\" tabindex=\"0\">profecia<\/span> sobre desgr\u00e0cies futures i la decad\u00e8ncia de l&#8217;ordre.<\/p><p>Aquesta profecia, redactada en un llenguatge fosc i dif\u00edcil de traduir, \u00e9s un dels passatges m\u00e9s impressionants i alhora m\u00e9s enigm\u00e0tics del text.<\/p><p>En aquest context, la Morr\u00edgan es presenta com molt m\u00e9s que una f\u00faria de la batalla: \u00e9s una figura que parla tamb\u00e9, m\u00e9s enll\u00e0 de la guerra i la pau, del curs del temps i del dest\u00ed del m\u00f3n.<\/p><p>La investigaci\u00f3 hi ha vist indicis d&#8217;una funci\u00f3 m\u00e9s antiga com a deessa de la sobirania o del dest\u00ed, per\u00f2 com passa amb moltes figures de la <span class=\"iwg-fachbegriff\" data-tooltip=\"El conjunt de relats transmesos sobre els d\u00e9us d'una cultura.\" tabindex=\"0\">mitologia<\/span> irlandesa, aquestes reconstruccions s&#8217;han de tractar amb precauci\u00f3, ja que els textos es van redactar per escrit segles despr\u00e9s de la cristianitzaci\u00f3. Figures emparentades de la tradici\u00f3 narrativa irlandesa es troben, per exemple, en el <a href=\"https:\/\/iwell-guard.com\/ca\/?page_id=171512\">Dagda<\/a>.<\/p>\t\t\t\t\t\t\t\t<\/div>\n\t\t\t\t<\/div>\n\t\t\t\t\t<\/div>\n\t\t\t\t<\/div>\n\t\t<div class=\"elementor-element elementor-element-cp3b24084 e-flex e-con-boxed e-con e-parent\" data-id=\"cp3b24084\" data-element_type=\"container\" data-e-type=\"container\">\n\t\t\t\t\t<div class=\"e-con-inner\">\n\t\t\t\t<div class=\"elementor-element elementor-element-cpde49472 elementor-widget elementor-widget-heading\" data-id=\"cpde49472\" data-element_type=\"widget\" data-e-type=\"widget\" data-widget_type=\"heading.default\">\n\t\t\t\t\t<h2 class=\"elementor-heading-title elementor-size-default\">Recepci\u00f3: la Morr\u00edgan en la cultura moderna<\/h2>\t\t\t\t<\/div>\n\t\t<div class=\"elementor-element elementor-element-cp0331021 e-con-full e-flex e-con e-child\" data-id=\"cp0331021\" data-element_type=\"container\" data-e-type=\"container\">\n\t\t\t\t<div class=\"elementor-element elementor-element-cp4b40f9b elementor-widget elementor-widget-text-editor\" data-id=\"cp4b40f9b\" data-element_type=\"widget\" data-e-type=\"widget\" data-widget_type=\"text-editor.default\">\n\t\t\t\t\t\t\t\t\t<p>Des de finals del segle XIX, amb el creixent inter\u00e8s per la <span class=\"iwg-fachbegriff\" data-tooltip=\"La transmissi\u00f3 de coneixements i relats al llarg de generacions.\" tabindex=\"0\">tradici\u00f3<\/span> irlandesa arran del que s&#8217;anomena el renaixement c\u00e8ltic, la Morr\u00edgan ha tingut una \u00e0mplia recepci\u00f3.<\/p><p>Les traduccions i adaptacions del <em>T\u00e1in<\/em> van fer accessible la seva figura a un p\u00fablic m\u00e9s ampli. Poetes i escriptors del moviment literari irland\u00e8s van rec\u00f3rrer a motius de les antigues llegendes, encara que la Morr\u00edgan sol no ocupar-hi el centre.<\/p><p>Al segle XX i al segle XXI, la Morr\u00edgan ha estat represa sobretot en dos \u00e0mbits. En els corrents pagans moderns i neopagans se la venera com a deessa, sovint en el paper de deessa de la guerra, del dest\u00ed o de la sobirania.<\/p><p>Aquesta apropiaci\u00f3 es basa en els textos medievals, per\u00f2 en la seva <span class=\"iwg-fachbegriff\" data-tooltip=\"La disciplina cient\u00edfica sobre D\u00e9u i la fe d'una religi\u00f3.\" tabindex=\"0\">teologia<\/span> sistem\u00e0tica va clarament m\u00e9s enll\u00e0 del que permeten les fonts.<\/p><p>A m\u00e9s, la Morr\u00edgan s&#8217;ha convertit en un element estable de la cultura popular de la fantasia i dels videojocs, on apareix com a personatge en novel\u00b7les, c\u00f2mics, videojocs i jocs de rol, sovint com una figura femenina fosca i poderosa vinculada a les corbes, la guerra i la mort.<\/p><p>Per a l&#8217;estudi cient\u00edfic \u00e9s important separar aquesta capa moderna de les fonts medievals. La Morr\u00edgan popular \u00e9s una entitat cultural pr\u00f2pia, que s&#8217;alimenta de la <span class=\"iwg-fachbegriff\" data-tooltip=\"La transmissi\u00f3 de coneixements i relats al llarg de generacions.\" tabindex=\"0\">tradici\u00f3<\/span> per\u00f2 que tamb\u00e9 la desenvolupa lliurement.<\/p><p>Qui vulgui aprofundir en la figura hist\u00f2rica es remet a les edicions i traduccions dels textos narratius irlandesos, elaborades i comentades una i altra vegada per la celtologia des de finals del segle XIX.<\/p>\t\t\t\t\t\t\t\t<\/div>\n\t\t\t\t<\/div>\n\t\t\t\t\t<\/div>\n\t\t\t\t<\/div>\n\t\t<div class=\"elementor-element elementor-element-36dd7469 e-flex e-con-boxed e-con e-parent\" data-id=\"36dd7469\" data-element_type=\"container\" data-e-type=\"container\">\n\t\t\t\t\t<div class=\"e-con-inner\">\n\t\t\t\t<div class=\"elementor-element elementor-element-13760ab4 elementor-widget elementor-widget-heading\" data-id=\"13760ab4\" data-element_type=\"widget\" data-e-type=\"widget\" data-widget_type=\"heading.default\">\n\t\t\t\t\t<h2 class=\"elementor-heading-title elementor-size-default\">Enlla\u00e7os relacionats<\/h2>\t\t\t\t<\/div>\n\t\t<div class=\"elementor-element elementor-element-28c87796 e-con-full e-flex e-con e-child\" data-id=\"28c87796\" data-element_type=\"container\" data-e-type=\"container\">\n\t\t\t\t<div class=\"elementor-element elementor-element-5d6538df elementor-widget elementor-widget-text-editor\" data-id=\"5d6538df\" data-element_type=\"widget\" data-e-type=\"widget\" data-widget_type=\"text-editor.default\">\n\t\t\t\t\t\t\t\t\t<p><ul><li><a href=\"https:\/\/iwell-guard.com\/ca\/?page_id=171512\">Dagda<\/a>, d\u00e9u pare, sobir\u00e0 dels Tuatha D\u00e9 Danann, calder de l&#8217;abund\u00e0ncia<\/li><li><a href=\"https:\/\/iwell-guard.com\/ca\/?page_id=171584\">Lugh<\/a>, mestre universal, guerrer i artista, festa de Lughnasadh<\/li><li><a href=\"https:\/\/iwell-guard.com\/ca\/?page_id=171367\">Cultura c\u00e8ltica<\/a>, punt central per a tots els d\u00e9us i esperits celtes<\/li><li><a href=\"https:\/\/iwell-guard.com\/ca\/?page_id=171613\">Leanan Sidhe<\/a>, amant fada, inspiradora ambivalent<\/li><li><a href=\"https:\/\/iwell-guard.com\/ca\/?page_id=171582\">Cernunnos<\/a>, d\u00e9u del bosc, senyor dels animals i de la fertilitat animal<\/li><\/ul><\/p>\t\t\t\t\t\t\t\t<\/div>\n\t\t\t\t<\/div>\n\t\t\t\t\t<\/div>\n\t\t\t\t<\/div>\n\t\t<div class=\"elementor-element elementor-element-grl4kl40 e-flex e-con-boxed e-con e-parent\" data-id=\"grl4kl40\" data-element_type=\"container\" data-e-type=\"container\">\n\t\t\t\t\t<div class=\"e-con-inner\">\n\t\t\t\t<div class=\"elementor-element elementor-element-bzsbfrmh elementor-widget elementor-widget-heading\" data-id=\"bzsbfrmh\" data-element_type=\"widget\" data-e-type=\"widget\" data-widget_type=\"heading.default\">\n\t\t\t\t\t<h2 class=\"elementor-heading-title elementor-size-default\">Bibliografia de recerca<\/h2>\t\t\t\t<\/div>\n\t\t<div class=\"elementor-element elementor-element-2c13224a e-con-full e-flex e-con e-child\" data-id=\"2c13224a\" data-element_type=\"container\" data-e-type=\"container\">\n\t\t\t\t<div class=\"elementor-element elementor-element-0eymh9ub elementor-widget elementor-widget-text-editor\" data-id=\"0eymh9ub\" data-element_type=\"widget\" data-e-type=\"widget\" data-widget_type=\"text-editor.default\">\n\t\t\t\t\t\t\t\t\t<footer class=\"iwg-literatur\" data-nosnippet=\"true\"><p><span data-nosnippet><ul><li>Proinsias Mac Cana: Celtic Mythology. Hamlyn, London 1970.<\/li><li>Bernhard Maier: Die Religion der Kelten. Ihre Ausdrucksformen und ihre Entwicklung. Kohlhammer, Stuttgart 2003.<\/li><li>Miranda Green: The Gods of the Celts.<\/span><\/p><p><span data-nosnippet>Sutton Publishing, Stroud 1996.<\/li><li>Helmut Birkhan: Kelten. Versuch einer Gesamtdarstellung ihrer Kultur. Verlag der \u00d6sterreichischen Akademie der Wissenschaften, Wien 1997.<\/li><li>Myles Dillon: The Cycles of the Kings. Oxford University Press, Oxford 1946.<\/li><\/ul><\/span><\/p><\/footer>\t\t\t\t\t\t\t\t<\/div>\n\t\t\t\t<\/div>\n\t\t\t\t\t<\/div>\n\t\t\t\t<\/div>\n\t\t<div class=\"elementor-element elementor-element-iwgkw2-add-morrigan e-flex e-con-boxed e-con e-parent\" data-id=\"iwgkw2-add-morrigan\" data-element_type=\"container\" data-e-type=\"container\">\n\t\t\t\t\t<div class=\"e-con-inner\">\n\t\t\t\t<div class=\"elementor-element elementor-element-iwgkw2-add-morrigan-t elementor-widget elementor-widget-text-editor\" data-id=\"iwgkw2-add-morrigan-t\" data-element_type=\"widget\" data-e-type=\"widget\" data-widget_type=\"text-editor.default\">\n\t\t\t\t\t\t\t\t\t<p>Com a <em><span class=\"iwg-fachbegriff\" data-tooltip=\"Un \u00e9sser venerat com a div\u00ed dins d'una religi\u00f3.\" tabindex=\"0\">divinitat<\/span><\/em> de la tradici\u00f3 irlandesa-c\u00e8ltica, la Morr\u00edgan apareix en la batalla, la profecia i la sobirania, i es manifesta en els textos del cicle de l&#8217;Ulster com a corb, lloba o reina.<\/p>\t\t\t\t\t\t\t\t<\/div>\n\t\t\t\t\t<\/div>\n\t\t\t\t<\/div>\n\t\t<div class=\"elementor-element elementor-element-878936a e-con-boxed e-flex e-con e-parent\" data-id=\"878936a\" data-element_type=\"container\" data-e-type=\"container\">\n\t\t\t\t\t<div class=\"e-con-inner\">\n\t\t\t\t<div class=\"elementor-element elementor-element-0bf87bf elementor-widget elementor-widget-text-editor\" data-id=\"0bf87bf\" data-element_type=\"widget\" data-e-type=\"widget\" data-widget_type=\"text-editor.default\">\n\t\t\t\t\t\t\t\t\t\n<h2>Preguntes freq\u00fcents sobre Morrigan<\/h2>\n<div class=\"iwg-faq-q\"><h3>Qui \u00e9s la Morrigan en la <span class=\"iwg-fachbegriff\" data-tooltip=\"El conjunt de les narracions m\u00edtiques transmeses d'una cultura.\" tabindex=\"0\">mitologia<\/span> irlandesa?<\/h3><p>La Morrigan (tamb\u00e9 Morr\u00edgan, en irland\u00e8s antic Mor-R\u00edoghain, \u00abGran Reina\u00bb o \u00abReina Fantasma\u00bb) \u00e9s una deessa central de la <span class=\"iwg-fachbegriff\" data-tooltip=\"El conjunt de les narracions m\u00edtiques transmeses d'una cultura.\" tabindex=\"0\">mitologia<\/span> irlandesa-c\u00e8ltica, senyora de la guerra, del dest\u00ed i dels morts. Sovint apareix com a corb o gralla i profetitza el resultat de les batalles.<\/p><p>Segons la tradici\u00f3, es presenta com una tr\u00edada (trinitat): Morrigan, Badb i Macha, de vegades amb Nemain com a quarta figura. La seva aparici\u00f3 m\u00e9s c\u00e8lebre \u00e9s la que fa davant l&#8217;heroi C\u00fa Chulainn abans de la seva mort.<\/p><\/div>\n<div class=\"iwg-faq-q\"><h3>Quina \u00e9s la relaci\u00f3 entre Morrigan i C\u00fa Chulainn?<\/h3><p>C\u00fa Chulainn \u00e9s el gran heroi de la saga irlandesa (el Cicle de l&#8217;Ulster). La Morrigan el desitjava, per\u00f2 ell la va rebutjar. Aleshores ella va jurar entorpir-lo en el combat. Va intentar matar-lo prenent formes animals (anguila, lloba, vedella) i, finalment, va ser ella qui va resultar ferida per ell.<\/p><p>Abans de morir, la Morrigan se li va apar\u00e8ixer com una bugadera al gual, rentant la seva armadura ensangonada, un presagi de mort cl\u00e0ssic en la tradici\u00f3 c\u00e8ltica. C\u00fa Chulainn, agonitzant, es va lligar a una pedra per morir dret.<\/p><\/div>\n<script type=\"application\/ld+json\">{\"@context\":\"https:\/\/schema.org\",\"@type\":\"FAQPage\",\"mainEntity\":[{\"@type\":\"Question\",\"name\":\"Qui \u00e9s la Morrigan en la mitologia irlandesa?\",\"acceptedAnswer\":{\"@type\":\"Answer\",\"text\":\"La Morrigan (tamb\u00e9 Morr\u00edgan, en irland\u00e8s antic Mor-R\u00edoghain, \u00abGran Reina\u00bb o \u00abReina Fantasma\u00bb) \u00e9s una deessa central de la mitologia irlandesa-c\u00e8ltica, senyora de la guerra, del dest\u00ed i dels morts. Sovint apareix com a corb o gralla i profetitza el resultat de les batalles.Segons la tradici\u00f3, es presenta com una tr\u00edada (trinitat): Morrigan, Badb i Macha, de vegades amb Nemain com a quarta figura. La seva aparici\u00f3 m\u00e9s c\u00e8lebre \u00e9s la que fa davant l'heroi C\u00fa Chulainn abans de la seva mort.\"}},{\"@type\":\"Question\",\"name\":\"Quina \u00e9s la relaci\u00f3 entre Morrigan i C\u00fa Chulainn?\",\"acceptedAnswer\":{\"@type\":\"Answer\",\"text\":\"C\u00fa Chulainn \u00e9s el gran heroi de la saga irlandesa (el Cicle de l'Ulster). La Morrigan el desitjava, per\u00f2 ell la va rebutjar. Aleshores ella va jurar entorpir-lo en el combat. Va intentar matar-lo prenent formes animals (anguila, lloba, vedella) i, finalment, va ser ella qui va resultar ferida per ell.Abans de morir, la Morrigan se li va apar\u00e8ixer com una bugadera al gual, rentant la seva armadura ensangonada, un presagi de mort cl\u00e0ssic en la tradici\u00f3 c\u00e8ltica. C\u00fa Chulainn, agonitzant, es va lligar a una pedra per morir dret.\"}}]}<\/script>\t\t\t\t\t\t\t\t<\/div>\n\t\t\t\t\t<\/div>\n\t\t\t\t<\/div>\n\t\t\t\t<\/div>\n\t\t","protected":false},"excerpt":{"rendered":"","protected":false},"author":3,"featured_media":1733,"parent":0,"menu_order":0,"comment_status":"closed","ping_status":"closed","template":"elementor_header_footer","meta":{"_yoast_wpseo_focuskw":"Morrigan","_yoast_wpseo_title":"Morrigan - Senyora de la guerra, el dest\u00ed, la sexualitat i la mort","_yoast_wpseo_metadesc":"Morrigan, deessa de la tradici\u00f3 c\u00e8ltica, transmesa durant segles: figura de corb sobre els camps de batalla, veu en el Cath Maige Tuired.","_yoast_wpseo_meta-robots-noindex":"","_yoast_wpseo_canonical":"","_angie_page":false,"gefaehrdungsstufe":"3","wesen_kultur":"keltisch","wesen_klasse":"goetter","footnotes":""},"categories":[],"class_list":["post-171513","page","type-page","status-publish","has-post-thumbnail","hentry"],"yoast_head":"<!-- This site is optimized with the Yoast SEO Premium plugin v27.7 (Yoast SEO v28.3) - https:\/\/yoast.com\/product\/yoast-seo-premium-wordpress\/ -->\n<title>Morrigan - Senyora de la guerra, el dest\u00ed, la sexualitat i la mort<\/title>\n<meta name=\"description\" content=\"Morrigan, deessa de la tradici\u00f3 c\u00e8ltica, transmesa durant segles: figura de corb sobre els camps de batalla, veu en el Cath Maige Tuired.\" \/>\n<meta name=\"robots\" content=\"index, follow, max-snippet:-1, max-image-preview:large, max-video-preview:-1\" \/>\n<link rel=\"canonical\" href=\"https:\/\/iwell-guard.com\/ca\/morrigan\/\" \/>\n<meta property=\"og:locale\" content=\"ca_ES\" \/>\n<meta property=\"og:type\" content=\"article\" \/>\n<meta property=\"og:title\" content=\"Morrigan\" \/>\n<meta property=\"og:description\" content=\"Morrigan, deessa de la tradici\u00f3 c\u00e8ltica, transmesa durant segles: figura de corb sobre els camps de batalla, veu en el Cath Maige Tuired.\" \/>\n<meta property=\"og:url\" content=\"https:\/\/iwell-guard.com\/ca\/morrigan\/\" \/>\n<meta property=\"og:site_name\" content=\"iWell Guard\" \/>\n<meta property=\"article:modified_time\" content=\"2026-09-05T15:59:42+00:00\" \/>\n<meta property=\"og:image\" content=\"https:\/\/iwell-guard.com\/wp-content\/uploads\/2026\/04\/goetter_keltisch_morrigan.webp\" \/>\n\t<meta property=\"og:image:width\" content=\"1024\" \/>\n\t<meta property=\"og:image:height\" content=\"1536\" \/>\n\t<meta property=\"og:image:type\" content=\"image\/webp\" \/>\n<meta name=\"twitter:card\" content=\"summary_large_image\" \/>\n<script type=\"application\/ld+json\" class=\"yoast-schema-graph\">{\"@context\":\"https:\\\/\\\/schema.org\",\"@graph\":[{\"@type\":\"WebPage\",\"@id\":\"https:\\\/\\\/iwell-guard.com\\\/ca\\\/morrigan\\\/\",\"url\":\"https:\\\/\\\/iwell-guard.com\\\/ca\\\/morrigan\\\/\",\"name\":\"Morrigan - Senyora de la guerra, el dest\u00ed, la sexualitat i la mort\",\"isPartOf\":{\"@id\":\"https:\\\/\\\/iwell-guard.com\\\/ca\\\/#website\"},\"primaryImageOfPage\":{\"@id\":\"https:\\\/\\\/iwell-guard.com\\\/ca\\\/morrigan\\\/#primaryimage\"},\"image\":{\"@id\":\"https:\\\/\\\/iwell-guard.com\\\/ca\\\/morrigan\\\/#primaryimage\"},\"thumbnailUrl\":\"https:\\\/\\\/iwell-guard.com\\\/wp-content\\\/uploads\\\/2026\\\/04\\\/goetter_keltisch_morrigan.webp\",\"datePublished\":\"2026-09-05T15:40:00+00:00\",\"dateModified\":\"2026-09-05T15:59:42+00:00\",\"description\":\"Morrigan, deessa de la tradici\u00f3 c\u00e8ltica, transmesa durant segles: figura de corb sobre els camps de batalla, veu en el Cath Maige Tuired.\",\"breadcrumb\":{\"@id\":\"https:\\\/\\\/iwell-guard.com\\\/ca\\\/morrigan\\\/#breadcrumb\"},\"inLanguage\":\"ca\",\"potentialAction\":[{\"@type\":\"ReadAction\",\"target\":[\"https:\\\/\\\/iwell-guard.com\\\/ca\\\/morrigan\\\/\"]}]},{\"@type\":\"ImageObject\",\"inLanguage\":\"ca\",\"@id\":\"https:\\\/\\\/iwell-guard.com\\\/ca\\\/morrigan\\\/#primaryimage\",\"url\":\"https:\\\/\\\/iwell-guard.com\\\/wp-content\\\/uploads\\\/2026\\\/04\\\/goetter_keltisch_morrigan.webp\",\"contentUrl\":\"https:\\\/\\\/iwell-guard.com\\\/wp-content\\\/uploads\\\/2026\\\/04\\\/goetter_keltisch_morrigan.webp\",\"width\":1024,\"height\":1536,\"caption\":\"D\u00e9us de la tradici\u00f3 c\u00e8ltica.\"},{\"@type\":\"BreadcrumbList\",\"@id\":\"https:\\\/\\\/iwell-guard.com\\\/ca\\\/morrigan\\\/#breadcrumb\",\"itemListElement\":[{\"@type\":\"ListItem\",\"position\":1,\"name\":\"Start\",\"item\":\"https:\\\/\\\/iwell-guard.com\\\/ca\\\/?page_id=171333\"},{\"@type\":\"ListItem\",\"position\":2,\"name\":\"Morrigan\"}]},{\"@type\":\"WebSite\",\"@id\":\"https:\\\/\\\/iwell-guard.com\\\/ca\\\/#website\",\"url\":\"https:\\\/\\\/iwell-guard.com\\\/ca\\\/\",\"name\":\"iWell Guard\",\"description\":\"Schutz vor dunklen Einfl\u00fcssen\",\"publisher\":{\"@id\":\"https:\\\/\\\/iwell-guard.com\\\/ca\\\/#organization\"},\"potentialAction\":[{\"@type\":\"SearchAction\",\"target\":{\"@type\":\"EntryPoint\",\"urlTemplate\":\"https:\\\/\\\/iwell-guard.com\\\/ca\\\/?s={search_term_string}\"},\"query-input\":{\"@type\":\"PropertyValueSpecification\",\"valueRequired\":true,\"valueName\":\"search_term_string\"}}],\"inLanguage\":\"ca\"},{\"@type\":\"Organization\",\"@id\":\"https:\\\/\\\/iwell-guard.com\\\/ca\\\/#organization\",\"name\":\"Ittermann electronic GmbH\",\"url\":\"https:\\\/\\\/iwell-guard.com\\\/ca\\\/\",\"logo\":{\"@type\":\"ImageObject\",\"inLanguage\":\"ca\",\"@id\":\"https:\\\/\\\/iwell-guard.com\\\/ca\\\/#\\\/schema\\\/logo\\\/image\\\/\",\"url\":\"https:\\\/\\\/iwell-guard.com\\\/wp-content\\\/uploads\\\/2026\\\/05\\\/Ittermann-Logo-1182x237-1.png\",\"contentUrl\":\"https:\\\/\\\/iwell-guard.com\\\/wp-content\\\/uploads\\\/2026\\\/05\\\/Ittermann-Logo-1182x237-1.png\",\"width\":1182,\"height\":237,\"caption\":\"Ittermann electronic GmbH\"},\"image\":{\"@id\":\"https:\\\/\\\/iwell-guard.com\\\/ca\\\/#\\\/schema\\\/logo\\\/image\\\/\"},\"sameAs\":[\"https:\\\/\\\/pantip.com\\\/profile\\\/9367242\",\"https:\\\/\\\/micro.blog\\\/iwellguard\",\"https:\\\/\\\/www.diggerslist.com\\\/iwellguard\\\/about\",\"https:\\\/\\\/skitterphoto.com\\\/photographers\\\/2870314\\\/iwell-guard\",\"https:\\\/\\\/iwellguard.wordpress.com\\\/2026\\\/06\\\/06\\\/iwell-guard\\\/\",\"https:\\\/\\\/hub.docker.com\\\/u\\\/iwellguard\",\"https:\\\/\\\/www.pinterest.com\\\/iwellguard\\\/\",\"https:\\\/\\\/bit.ly\\\/m\\\/iwellguard\",\"https:\\\/\\\/entre-vos-mains.alsace.eu\\\/profiles\\\/iwellguard\\\/activity\",\"https:\\\/\\\/gravatar.com\\\/reallybeded8fd34\",\"https:\\\/\\\/naijamatta.com\\\/iwellguard\",\"https:\\\/\\\/www.goodreads.com\\\/iwellguard\",\"https:\\\/\\\/profile.hatena.ne.jp\\\/iwellguard\\\/\",\"https:\\\/\\\/experiment.com\\\/users\\\/iwellguard\",\"https:\\\/\\\/wakelet.com\\\/@iWellGuard82270\",\"https:\\\/\\\/www.chordie.com\\\/forum\\\/profile.php?id=2555664\",\"https:\\\/\\\/www.instapaper.com\\\/p\\\/17757966\",\"https:\\\/\\\/www.mapleprimes.com\\\/users\\\/iwellguard\",\"https:\\\/\\\/businesslistingplus.com\\\/profile\\\/iwell-guard\\\/\",\"https:\\\/\\\/telegra.ph\\\/iWell-Guard-06-06\",\"https:\\\/\\\/pbase.com\\\/iwellguard\\\/iwellguard\",\"https:\\\/\\\/b.hatena.ne.jp\\\/iwellguard\\\/20260607#bookmark-4788405196491818882\",\"https:\\\/\\\/fliphtml5.com\\\/home\\\/iwellguard\",\"https:\\\/\\\/anyflip.com\\\/homepage\\\/cmiwl#About\",\"https:\\\/\\\/transfur.com\\\/Users\\\/iwellguard\",\"http:\\\/\\\/delphi.larsbo.org\\\/user\\\/iwellguard\",\"https:\\\/\\\/jobs.lajobsportal.org\\\/profiles\\\/8380803-iwell-guard\",\"https:\\\/\\\/md.chaosdorf.de\\\/s\\\/jfbe5SBdJD\",\"https:\\\/\\\/www.lingvolive.com\\\/en-us\\\/profile\\\/9ecaeaca-ce11-4e51-9e71-01d55e2bff36\\\/translations\",\"https:\\\/\\\/www.fitday.com\\\/fitness\\\/forums\\\/members\\\/iwellguard.html\",\"https:\\\/\\\/www.mymeetbook.com\\\/iwellguard\",\"https:\\\/\\\/pxhere.com\\\/en\\\/photographer-me\\\/5040798\",\"https:\\\/\\\/disqus.com\\\/by\\\/iwellguard\\\/about\\\/\",\"https:\\\/\\\/pastelink.net\\\/hjwciqwq\",\"https:\\\/\\\/pubhtml5.com\\\/homepage\\\/scjhn\\\/\",\"https:\\\/\\\/www.bitchute.com\\\/channel\\\/2O2eOKzNqujT\",\"https:\\\/\\\/audiomack.com\\\/iwellguard\"]},{\"@type\":\"Article\",\"@id\":\"https:\\\/\\\/iwell-guard.com\\\/ca\\\/morrigan\\\/#article\",\"isPartOf\":{\"@id\":\"https:\\\/\\\/iwell-guard.com\\\/ca\\\/morrigan\\\/\"},\"author\":{\"name\":\"Ralf Ittermann\",\"@id\":\"https:\\\/\\\/iwell-guard.com\\\/ca\\\/#\\\/schema\\\/person\\\/ee2a27f1cac3406c7c6fb5820cb7349f\"},\"headline\":\"Morrigan\",\"datePublished\":\"2026-09-05T15:40:00+00:00\",\"dateModified\":\"2026-09-05T15:59:42+00:00\",\"mainEntityOfPage\":{\"@id\":\"https:\\\/\\\/iwell-guard.com\\\/ca\\\/morrigan\\\/\"},\"publisher\":{\"@id\":\"https:\\\/\\\/iwell-guard.com\\\/ca\\\/#organization\"},\"image\":{\"@id\":\"https:\\\/\\\/iwell-guard.com\\\/ca\\\/morrigan\\\/#primaryimage\"},\"thumbnailUrl\":\"https:\\\/\\\/iwell-guard.com\\\/wp-content\\\/uploads\\\/2026\\\/04\\\/goetter_keltisch_morrigan.webp\",\"inLanguage\":\"ca\",\"description\":\"Morrigan, deessa de la tradici\u00f3 c\u00e8ltica, transmesa durant segles: figura de corb sobre els camps de batalla, veu en el Cath Maige Tuired.\"}]}<\/script>\n<!-- \/ Yoast SEO Premium plugin. -->","yoast_head_json":{"title":"Morrigan - Senyora de la guerra, el dest\u00ed, la sexualitat i la mort","description":"Morrigan, deessa de la tradici\u00f3 c\u00e8ltica, transmesa durant segles: figura de corb sobre els camps de batalla, veu en el Cath Maige Tuired.","robots":{"index":"index","follow":"follow","max-snippet":"max-snippet:-1","max-image-preview":"max-image-preview:large","max-video-preview":"max-video-preview:-1"},"canonical":"https:\/\/iwell-guard.com\/ca\/morrigan\/","og_locale":"ca_ES","og_type":"article","og_title":"Morrigan","og_description":"Morrigan, deessa de la tradici\u00f3 c\u00e8ltica, transmesa durant segles: figura de corb sobre els camps de batalla, veu en el Cath Maige Tuired.","og_url":"https:\/\/iwell-guard.com\/ca\/morrigan\/","og_site_name":"iWell Guard","article_modified_time":"2026-09-05T15:59:42+00:00","og_image":[{"width":1024,"height":1536,"url":"https:\/\/iwell-guard.com\/wp-content\/uploads\/2026\/04\/goetter_keltisch_morrigan.webp","type":"image\/webp"}],"twitter_card":"summary_large_image","schema":{"@context":"https:\/\/schema.org","@graph":[{"@type":"Article","@id":"https:\/\/iwell-guard.com\/ca\/morrigan\/#article","isPartOf":{"@id":"https:\/\/iwell-guard.com\/ca\/morrigan\/"},"author":{"name":"Ralf Ittermann","@id":"https:\/\/iwell-guard.com\/ca\/#\/schema\/person\/ee2a27f1cac3406c7c6fb5820cb7349f"},"headline":"Morrigan","datePublished":"2026-09-05T15:40:00+00:00","dateModified":"2026-09-05T15:59:42+00:00","mainEntityOfPage":{"@id":"https:\/\/iwell-guard.com\/ca\/morrigan\/"},"publisher":{"@id":"https:\/\/iwell-guard.com\/ca\/#organization"},"image":{"@id":"https:\/\/iwell-guard.com\/ca\/morrigan\/#primaryimage"},"thumbnailUrl":"https:\/\/iwell-guard.com\/wp-content\/uploads\/2026\/04\/goetter_keltisch_morrigan.webp","inLanguage":"ca","description":"Morrigan, deessa de la tradici\u00f3 c\u00e8ltica, transmesa durant segles: figura de corb sobre els camps de batalla, veu en el Cath Maige Tuired."},{"@type":"WebPage","@id":"https:\/\/iwell-guard.com\/ca\/morrigan\/","url":"https:\/\/iwell-guard.com\/ca\/morrigan\/","name":"Morrigan - Senyora de la guerra, el dest\u00ed, la sexualitat i la mort","isPartOf":{"@id":"https:\/\/iwell-guard.com\/ca\/#website"},"primaryImageOfPage":{"@id":"https:\/\/iwell-guard.com\/ca\/morrigan\/#primaryimage"},"image":{"@id":"https:\/\/iwell-guard.com\/ca\/morrigan\/#primaryimage"},"thumbnailUrl":"https:\/\/iwell-guard.com\/wp-content\/uploads\/2026\/04\/goetter_keltisch_morrigan.webp","datePublished":"2026-09-05T15:40:00+00:00","dateModified":"2026-09-05T15:59:42+00:00","description":"Morrigan, deessa de la tradici\u00f3 c\u00e8ltica, transmesa durant segles: figura de corb sobre els camps de batalla, veu en el Cath Maige Tuired.","breadcrumb":{"@id":"https:\/\/iwell-guard.com\/ca\/morrigan\/#breadcrumb"},"inLanguage":"ca","potentialAction":[{"@type":"ReadAction","target":["https:\/\/iwell-guard.com\/ca\/morrigan\/"]}]},{"@type":"ImageObject","inLanguage":"ca","@id":"https:\/\/iwell-guard.com\/ca\/morrigan\/#primaryimage","url":"https:\/\/iwell-guard.com\/wp-content\/uploads\/2026\/04\/goetter_keltisch_morrigan.webp","contentUrl":"https:\/\/iwell-guard.com\/wp-content\/uploads\/2026\/04\/goetter_keltisch_morrigan.webp","width":1024,"height":1536,"caption":"D\u00e9us de la tradici\u00f3 c\u00e8ltica."},{"@type":"BreadcrumbList","@id":"https:\/\/iwell-guard.com\/ca\/morrigan\/#breadcrumb","itemListElement":[{"@type":"ListItem","position":1,"name":"Start","item":"https:\/\/iwell-guard.com\/ca\/?page_id=171333"},{"@type":"ListItem","position":2,"name":"Morrigan"}]},{"@type":"WebSite","@id":"https:\/\/iwell-guard.com\/ca\/#website","url":"https:\/\/iwell-guard.com\/ca\/","name":"iWell Guard","description":"Schutz vor dunklen Einfl\u00fcssen","publisher":{"@id":"https:\/\/iwell-guard.com\/ca\/#organization"},"potentialAction":[{"@type":"SearchAction","target":{"@type":"EntryPoint","urlTemplate":"https:\/\/iwell-guard.com\/ca\/?s={search_term_string}"},"query-input":{"@type":"PropertyValueSpecification","valueRequired":true,"valueName":"search_term_string"}}],"inLanguage":"ca"},{"@type":"Organization","@id":"https:\/\/iwell-guard.com\/ca\/#organization","name":"Ittermann electronic GmbH","url":"https:\/\/iwell-guard.com\/ca\/","logo":{"@type":"ImageObject","inLanguage":"ca","@id":"https:\/\/iwell-guard.com\/ca\/#\/schema\/logo\/image\/","url":"https:\/\/iwell-guard.com\/wp-content\/uploads\/2026\/05\/Ittermann-Logo-1182x237-1.png","contentUrl":"https:\/\/iwell-guard.com\/wp-content\/uploads\/2026\/05\/Ittermann-Logo-1182x237-1.png","width":1182,"height":237,"caption":"Ittermann electronic GmbH"},"image":{"@id":"https:\/\/iwell-guard.com\/ca\/#\/schema\/logo\/image\/"},"sameAs":["https:\/\/pantip.com\/profile\/9367242","https:\/\/micro.blog\/iwellguard","https:\/\/www.diggerslist.com\/iwellguard\/about","https:\/\/skitterphoto.com\/photographers\/2870314\/iwell-guard","https:\/\/iwellguard.wordpress.com\/2026\/06\/06\/iwell-guard\/","https:\/\/hub.docker.com\/u\/iwellguard","https:\/\/www.pinterest.com\/iwellguard\/","https:\/\/bit.ly\/m\/iwellguard","https:\/\/entre-vos-mains.alsace.eu\/profiles\/iwellguard\/activity","https:\/\/gravatar.com\/reallybeded8fd34","https:\/\/naijamatta.com\/iwellguard","https:\/\/www.goodreads.com\/iwellguard","https:\/\/profile.hatena.ne.jp\/iwellguard\/","https:\/\/experiment.com\/users\/iwellguard","https:\/\/wakelet.com\/@iWellGuard82270","https:\/\/www.chordie.com\/forum\/profile.php?id=2555664","https:\/\/www.instapaper.com\/p\/17757966","https:\/\/www.mapleprimes.com\/users\/iwellguard","https:\/\/businesslistingplus.com\/profile\/iwell-guard\/","https:\/\/telegra.ph\/iWell-Guard-06-06","https:\/\/pbase.com\/iwellguard\/iwellguard","https:\/\/b.hatena.ne.jp\/iwellguard\/20260607#bookmark-4788405196491818882","https:\/\/fliphtml5.com\/home\/iwellguard","https:\/\/anyflip.com\/homepage\/cmiwl#About","https:\/\/transfur.com\/Users\/iwellguard","http:\/\/delphi.larsbo.org\/user\/iwellguard","https:\/\/jobs.lajobsportal.org\/profiles\/8380803-iwell-guard","https:\/\/md.chaosdorf.de\/s\/jfbe5SBdJD","https:\/\/www.lingvolive.com\/en-us\/profile\/9ecaeaca-ce11-4e51-9e71-01d55e2bff36\/translations","https:\/\/www.fitday.com\/fitness\/forums\/members\/iwellguard.html","https:\/\/www.mymeetbook.com\/iwellguard","https:\/\/pxhere.com\/en\/photographer-me\/5040798","https:\/\/disqus.com\/by\/iwellguard\/about\/","https:\/\/pastelink.net\/hjwciqwq","https:\/\/pubhtml5.com\/homepage\/scjhn\/","https:\/\/www.bitchute.com\/channel\/2O2eOKzNqujT","https:\/\/audiomack.com\/iwellguard"]},{"@type":"Person","@id":"https:\/\/iwell-guard.com\/ca\/#\/schema\/person\/ee2a27f1cac3406c7c6fb5820cb7349f","name":"Ralf Ittermann","image":{"@type":"ImageObject","inLanguage":"ca","@id":"https:\/\/secure.gravatar.com\/avatar\/073c0153e350a5005b68eb752b445fea71f6b24a26da9449ad7e155e6b446c9d?s=96&d=mm&r=g","url":"https:\/\/secure.gravatar.com\/avatar\/073c0153e350a5005b68eb752b445fea71f6b24a26da9449ad7e155e6b446c9d?s=96&d=mm&r=g","contentUrl":"https:\/\/secure.gravatar.com\/avatar\/073c0153e350a5005b68eb752b445fea71f6b24a26da9449ad7e155e6b446c9d?s=96&d=mm&r=g","caption":"Ralf Ittermann"},"givenName":"Ralf","familyName":"Ittermann","jobTitle":"Gesch\u00e4ftsf\u00fchrer und redaktioneller Verantwortlicher","url":"https:\/\/iwell-guard.com\/ca\/author\/claude\/","description":"Ralf Ittermann ist Gesch\u00e4ftsf\u00fchrer der Ittermann electronic GmbH und redaktioneller Verantwortlicher des iWell-Guard-Lexikons. Er verbindet langj\u00e4hrige Erfahrung in der Pr\u00e4zisionsfertigung mit medialer Praxis und religionsgeschichtlicher Quellenarbeit.","worksFor":{"@type":"Organization","name":"Ittermann electronic GmbH","url":"https:\/\/ittermann.de\/","address":{"@type":"PostalAddress","streetAddress":"K\u00f6hlergasse 16-18","postalCode":"99842","addressLocality":"Ruhla","addressCountry":"DE"}},"knowsAbout":["Religionsgeschichte","Mythologie","Mediale Praxis","Energetische Diagnostik","Schutzpraxis","Volksglauben","Westliche Esoterik"]},{"@type":"Article","@id":"https:\/\/iwell-guard.com\/ca\/morrigan\/#article","isPartOf":{"@id":"https:\/\/iwell-guard.com\/ca\/morrigan\/"},"author":{"name":"Ralf Ittermann","@id":"https:\/\/iwell-guard.com\/ca\/#\/schema\/person\/ee2a27f1cac3406c7c6fb5820cb7349f"},"headline":"Morrigan","datePublished":"2026-09-05T15:40:00+00:00","dateModified":"2026-09-05T15:59:42+00:00","mainEntityOfPage":{"@id":"https:\/\/iwell-guard.com\/ca\/morrigan\/"},"publisher":{"@id":"https:\/\/iwell-guard.com\/ca\/#organization"},"image":{"@id":"https:\/\/iwell-guard.com\/ca\/morrigan\/#primaryimage"},"thumbnailUrl":"https:\/\/iwell-guard.com\/wp-content\/uploads\/2026\/04\/goetter_keltisch_morrigan.webp","inLanguage":"ca","description":"Morrigan, deessa de la tradici\u00f3 c\u00e8ltica, transmesa durant segles: figura de corb sobre els camps de batalla, veu en el Cath Maige Tuired."}]}},"_links":{"self":[{"href":"https:\/\/iwell-guard.com\/ca\/wp-json\/wp\/v2\/pages\/171513","targetHints":{"allow":["GET"]}}],"collection":[{"href":"https:\/\/iwell-guard.com\/ca\/wp-json\/wp\/v2\/pages"}],"about":[{"href":"https:\/\/iwell-guard.com\/ca\/wp-json\/wp\/v2\/types\/page"}],"author":[{"embeddable":true,"href":"https:\/\/iwell-guard.com\/ca\/wp-json\/wp\/v2\/users\/3"}],"replies":[{"embeddable":true,"href":"https:\/\/iwell-guard.com\/ca\/wp-json\/wp\/v2\/comments?post=171513"}],"version-history":[{"count":0,"href":"https:\/\/iwell-guard.com\/ca\/wp-json\/wp\/v2\/pages\/171513\/revisions"}],"wp:featuredmedia":[{"embeddable":true,"href":"https:\/\/iwell-guard.com\/ca\/wp-json\/wp\/v2\/media\/1733"}],"wp:attachment":[{"href":"https:\/\/iwell-guard.com\/ca\/wp-json\/wp\/v2\/media?parent=171513"}],"wp:term":[{"taxonomy":"category","embeddable":true,"href":"https:\/\/iwell-guard.com\/ca\/wp-json\/wp\/v2\/categories?post=171513"}],"curies":[{"name":"wp","href":"https:\/\/api.w.org\/{rel}","templated":true}]}}