{"id":171512,"date":"2026-09-05T15:40:00","date_gmt":"2026-09-05T15:40:00","guid":{"rendered":"https:\/\/iwell-guard.com\/?page_id=171512"},"modified":"2026-09-05T15:59:41","modified_gmt":"2026-09-05T15:59:41","slug":"dagda","status":"publish","type":"page","link":"https:\/\/iwell-guard.com\/ca\/dagda\/","title":{"rendered":"Dagda"},"content":{"rendered":"\t\t<div data-elementor-type=\"wp-page\" data-elementor-id=\"171512\" class=\"elementor elementor-171512 elementor-1981 elementor-bc-flex-widget\" data-elementor-post-type=\"page\">\n\t\t\t\t<div class=\"elementor-element elementor-element-10fdade e-flex e-con-boxed e-con e-parent\" data-id=\"10fdade\" data-element_type=\"container\" data-e-type=\"container\" data-settings=\"{&quot;background_background&quot;:&quot;classic&quot;}\">\n\t\t\t\t\t<div class=\"e-con-inner\">\n\t\t<div class=\"elementor-element elementor-element-herohlft0 e-flex e-con-boxed e-con e-child\" data-id=\"herohlft0\" data-element_type=\"container\" data-e-type=\"container\">\n\t\t\t\t\t<div class=\"e-con-inner\">\n\t\t<div class=\"elementor-element elementor-element-c3ceb64 e-con-full e-flex e-con e-child\" data-id=\"c3ceb64\" data-element_type=\"container\" data-e-type=\"container\">\n\t\t\t\t<div class=\"elementor-element elementor-element-96ae5e1 elementor-widget elementor-widget-heading\" data-id=\"96ae5e1\" data-element_type=\"widget\" data-e-type=\"widget\" data-widget_type=\"heading.default\">\n\t\t\t\t\t<h1 class=\"elementor-heading-title elementor-size-default\">Dagda, d\u00e9u de la tradici\u00f3 celta<\/h1>\t\t\t\t<\/div>\n\t\t\t\t<div class=\"elementor-element elementor-element-e45238a elementor-widget elementor-widget-text-editor\" data-id=\"e45238a\" data-element_type=\"widget\" data-e-type=\"widget\" data-widget_type=\"text-editor.default\">\n\t\t\t\t\t\t\t\t\t<p>Dagda \u00e9s un d\u00e9u celta de la tradici\u00f3 irlandesa, conegut com el \u00abBon D\u00e9u\u00bb, pare i senyor de totes les coses en la <span class=\"iwg-fachbegriff\" data-tooltip=\"La transmissi\u00f3 de coneixements i relats al llarg de generacions.\" tabindex=\"0\">tradici\u00f3<\/span> mitol\u00f2gica. Representa un d\u00e9u central dels Tuatha D\u00e9 Danann i, des del punt de vista de la hist\u00f2ria de les religions, constitueix un testimoni del tipus indoeuropeu del \u00abd\u00e9u sobir\u00e0\u00bb o del d\u00e9u \u00abomniscient\u00bb. Com a d\u00e9u pare i patriarca tribal, encarna l&#8217;ordre protector del clan.<\/p>\t\t\t\t\t\t\t\t<\/div>\n\t\t\t\t<\/div>\n\t\t<div class=\"elementor-element elementor-element-klsbdg01 e-con-full e-flex e-con e-parent\" data-id=\"klsbdg01\" data-element_type=\"container\" data-e-type=\"container\">\n\t\t\t\t<div class=\"elementor-element elementor-element-klshtm01 elementor-widget elementor-widget-html\" data-id=\"klshtm01\" data-element_type=\"widget\" data-e-type=\"widget\" data-widget_type=\"html.default\">\n\t\t\t\t\t<div class=\"iwg-pill-row\"><span class=\"iwg-klasse-badge\" tabindex=\"0\" data-tooltip=\"D\u00e9u \/ Deessa: Poder m\u00e0xim personificat en el pante\u00f3 d'una cultura, amb compet\u00e8ncies clares, forces de la natura, dest\u00ed, guerra, fertilitat. Venerat mitjan\u00e7ant cultes, ofrenes i institucions de temple.\">D\u00e9u<\/span><a href=\"https:\/\/iwell-guard.com\/ca\/?page_id=171367\" class=\"iwg-kultur-badge\" tabindex=\"0\" data-tooltip=\"Religi\u00f3 celta d'Europa occidental i de les Illes Brit\u00e0niques, transmesa mitol\u00f2gicament a trav\u00e9s de textos irlandesos i gal\u00b7lesos.\">Celta<\/a><a href=\"https:\/\/iwell-guard.com\/ca\/?page_id=171459\" class=\"iwg-tradition-badge\" tabindex=\"0\" data-tooltip=\"Els d\u00e9us m\u00e9s elevats d'un pante\u00f3, sobirania c\u00f2smica, aspecte creador o sobir\u00e0.\">Alta divinitat<\/a><\/div>\t\t\t\t<\/div>\n\t\t\t\t<\/div>\n\t\t<div class=\"elementor-element elementor-element-3f74855 e-con-full e-flex e-con e-child\" data-id=\"3f74855\" data-element_type=\"container\" data-e-type=\"container\">\n\t\t\t\t<div class=\"elementor-element elementor-element-1c30362 elementor-toc--minimized-on-tablet elementor-widget elementor-widget-table-of-contents\" data-id=\"1c30362\" data-element_type=\"widget\" data-e-type=\"widget\" data-settings=\"{&quot;exclude_headings_by_selector&quot;:[],&quot;no_headings_message&quot;:&quot;No s&#039;ha trobat cap encap\\u00e7alament en aquesta p\\u00e0gina.&quot;,&quot;headings_by_tags&quot;:[&quot;h2&quot;,&quot;h3&quot;],&quot;marker_view&quot;:&quot;bullets&quot;,&quot;minimize_box&quot;:&quot;yes&quot;,&quot;icon&quot;:{&quot;value&quot;:&quot;fas fa-circle&quot;,&quot;library&quot;:&quot;fa-solid&quot;,&quot;rendered_tag&quot;:&quot;&lt;svg class=\\&quot;e-font-icon-svg e-fas-circle\\&quot; viewBox=\\&quot;0 0 512 512\\&quot; xmlns=\\&quot;http:\\\/\\\/www.w3.org\\\/2000\\\/svg\\&quot;&gt;&lt;path d=\\&quot;M256 8C119 8 8 119 8 256s111 248 248 248 248-111 248-248S393 8 256 8z\\&quot;&gt;&lt;\\\/path&gt;&lt;\\\/svg&gt;&quot;},&quot;minimized_on&quot;:&quot;tablet&quot;,&quot;hierarchical_view&quot;:&quot;yes&quot;,&quot;min_height&quot;:{&quot;unit&quot;:&quot;px&quot;,&quot;size&quot;:&quot;&quot;,&quot;sizes&quot;:[]},&quot;min_height_tablet&quot;:{&quot;unit&quot;:&quot;px&quot;,&quot;size&quot;:&quot;&quot;,&quot;sizes&quot;:[]},&quot;min_height_mobile&quot;:{&quot;unit&quot;:&quot;px&quot;,&quot;size&quot;:&quot;&quot;,&quot;sizes&quot;:[]}}\" data-widget_type=\"table-of-contents.default\">\n\t\t\t\t\t\t\t\t\t<div class=\"elementor-toc__header\">\n\t\t\t\t\t\t<h2 class=\"elementor-toc__header-title\">\n\t\t\t\t\u00cdndex\t\t\t<\/h2>\n\t\t\t\t\t\t\t\t\t\t<div class=\"elementor-toc__toggle-button elementor-toc__toggle-button--expand\" role=\"button\" tabindex=\"0\" aria-controls=\"elementor-toc__1c30362\" aria-expanded=\"true\" aria-label=\"Open table of contents\"><svg aria-hidden=\"true\" class=\"e-font-icon-svg e-fas-chevron-down\" viewBox=\"0 0 448 512\" xmlns=\"http:\/\/www.w3.org\/2000\/svg\"><path d=\"M207.029 381.476L12.686 187.132c-9.373-9.373-9.373-24.569 0-33.941l22.667-22.667c9.357-9.357 24.522-9.375 33.901-.04L224 284.505l154.745-154.021c9.379-9.335 24.544-9.317 33.901.04l22.667 22.667c9.373 9.373 9.373 24.569 0 33.941L240.971 381.476c-9.373 9.372-24.569 9.372-33.942 0z\"><\/path><\/svg><\/div>\n\t\t\t\t<div class=\"elementor-toc__toggle-button elementor-toc__toggle-button--collapse\" role=\"button\" tabindex=\"0\" aria-controls=\"elementor-toc__1c30362\" aria-expanded=\"true\" aria-label=\"Close table of contents\"><svg aria-hidden=\"true\" class=\"e-font-icon-svg e-fas-chevron-up\" viewBox=\"0 0 448 512\" xmlns=\"http:\/\/www.w3.org\/2000\/svg\"><path d=\"M240.971 130.524l194.343 194.343c9.373 9.373 9.373 24.569 0 33.941l-22.667 22.667c-9.357 9.357-24.522 9.375-33.901.04L224 227.495 69.255 381.516c-9.379 9.335-24.544 9.317-33.901-.04l-22.667-22.667c-9.373-9.373-9.373-24.569 0-33.941L207.03 130.525c9.372-9.373 24.568-9.373 33.941-.001z\"><\/path><\/svg><\/div>\n\t\t\t\t\t<\/div>\n\t\t\t\t<div id=\"elementor-toc__1c30362\" class=\"elementor-toc__body\">\n\t\t\t<div class=\"elementor-toc__spinner-container\">\n\t\t\t\t<svg class=\"elementor-toc__spinner eicon-animation-spin e-font-icon-svg e-eicon-loading\" aria-hidden=\"true\" viewBox=\"0 0 1000 1000\" xmlns=\"http:\/\/www.w3.org\/2000\/svg\"><path d=\"M500 975V858C696 858 858 696 858 500S696 142 500 142 142 304 142 500H25C25 237 238 25 500 25S975 237 975 500 763 975 500 975Z\"><\/path><\/svg>\t\t\t<\/div>\n\t\t<\/div>\n\t\t\t\t\t\t<\/div>\n\t\t\t\t<\/div>\n\t\t\t\t\t<\/div>\n\t\t\t\t<\/div>\n\t\t<div class=\"elementor-element elementor-element-herorght0 e-con-full e-flex e-con e-child\" data-id=\"herorght0\" data-element_type=\"container\" data-e-type=\"container\">\n\t\t\t\t<div class=\"elementor-element elementor-element-heroimg00 iwg-hero-image elementor-widget elementor-widget-image\" data-id=\"heroimg00\" data-element_type=\"widget\" data-e-type=\"widget\" data-widget_type=\"image.default\">\n\t\t\t\t\t\t\t\t\t\t\t\t\t\t\t<img fetchpriority=\"high\" decoding=\"async\" width=\"683\" height=\"1024\" src=\"https:\/\/iwell-guard.com\/wp-content\/uploads\/2026\/04\/goetter_keltisch_dagda-683x1024.webp\" class=\"attachment-large size-large wp-image-1750\" alt=\"Dagda\" srcset=\"https:\/\/iwell-guard.com\/wp-content\/uploads\/2026\/04\/goetter_keltisch_dagda-683x1024.webp 683w, https:\/\/iwell-guard.com\/wp-content\/uploads\/2026\/04\/goetter_keltisch_dagda-200x300.webp 200w, https:\/\/iwell-guard.com\/wp-content\/uploads\/2026\/04\/goetter_keltisch_dagda-768x1152.webp 768w, https:\/\/iwell-guard.com\/wp-content\/uploads\/2026\/04\/goetter_keltisch_dagda.webp 1024w\" sizes=\"(max-width: 683px) 100vw, 683px\" \/>\t\t\t\t\t\t\t\t\t\t\t\t\t\t\t<\/div>\n\t\t\t\t<\/div>\n\t\t\t\t\t<\/div>\n\t\t\t\t<\/div>\n\t\t<div class=\"elementor-element elementor-element-32917199 e-flex e-con-boxed e-con e-parent\" data-id=\"32917199\" data-element_type=\"container\" data-e-type=\"container\">\n\t\t\t\t\t<div class=\"e-con-inner\">\n\t\t<div class=\"elementor-element elementor-element-26e916cb e-flex e-con-boxed e-con e-child\" data-id=\"26e916cb\" data-element_type=\"container\" data-e-type=\"container\">\n\t\t\t\t\t<div class=\"e-con-inner\">\n\t\t<div class=\"elementor-element elementor-element-253a40d4 e-flex e-con-boxed e-con e-child\" data-id=\"253a40d4\" data-element_type=\"container\" data-e-type=\"container\">\n\t\t\t\t\t<div class=\"e-con-inner\">\n\t\t\t\t<div class=\"elementor-element elementor-element-1200c304 elementor-widget elementor-widget-heading\" data-id=\"1200c304\" data-element_type=\"widget\" data-e-type=\"widget\" data-widget_type=\"heading.default\">\n\t\t\t\t\t<h2 class=\"elementor-heading-title elementor-size-default\">Dagda<\/h2>\t\t\t\t<\/div>\n\t\t\t\t<div class=\"elementor-element elementor-element-11758e7f elementor-widget elementor-widget-text-editor\" data-id=\"11758e7f\" data-element_type=\"widget\" data-e-type=\"widget\" data-widget_type=\"text-editor.default\">\n\t\t\t\t\t\t\t\t\t<p>Dagda es representa com un d\u00e9u extraordin\u00e0riament fort, ric i savi, que domina la m\u00fasica, l&#8217;art de curar, la ferreria i la <span class=\"iwg-fachbegriff\" data-tooltip=\"Pr\u00e0ctiques que pretenen intervenir en el curs dels esdeveniments mitjan\u00e7ant accions o f\u00f3rmules especials.\" tabindex=\"0\">m\u00e0gia<\/span>. Centrals en el seu culte s\u00f3n el seu calder de l&#8217;abund\u00e0ncia (Coire Ansic), del qual tots els \u00e9ssers en surten satisfets, i la seva arpa, que governa les estacions.<\/p><p>\u00c9s el pare de molts Tuatha D\u00e9 Danann i cabdill en les batalles. A la Cath Maige Tuired apareix en la guerra contra els Fomoire.<\/p>\t\t\t\t\t\t\t\t<\/div>\n\t\t\t\t\t<\/div>\n\t\t\t\t<\/div>\n\t\t<div class=\"elementor-element elementor-element-159dcf9a e-flex e-con-boxed e-con e-child\" data-id=\"159dcf9a\" data-element_type=\"container\" data-e-type=\"container\">\n\t\t\t\t\t<div class=\"e-con-inner\">\n\t\t\t\t<div class=\"elementor-element elementor-element-48cee66f elementor-widget elementor-widget-heading\" data-id=\"48cee66f\" data-element_type=\"widget\" data-e-type=\"widget\" data-widget_type=\"heading.default\">\n\t\t\t\t\t<div class=\"elementor-heading-title elementor-size-default\">Perfil breu: Dagda<\/div>\t\t\t\t<\/div>\n\t\t\t\t<div class=\"elementor-element elementor-element-3f50d82c elementor-widget elementor-widget-text-editor\" data-id=\"3f50d82c\" data-element_type=\"widget\" data-e-type=\"widget\" data-widget_type=\"text-editor.default\">\n\t\t\t\t\t\t\t\t\t<p>Els textos primaris s\u00f3n el Lebor Gab\u00e1la \u00c9renn (\u00abLlibre de les Invasions\u00bb), la Cath Maige Tuired (\u00abBatalla de la Plana de Mag Tuired\u00bb) i el Metrical Dindshenchas. Aquests textos irlandesos medievals, redactats entre els segles VIII i XII, recullen material div\u00ed m\u00e9s antic. Bernhard Maier i Proinsias Mac Cana han situat aquesta figura com a d\u00e9u-pare primordial en estructures indoeuropees, comparable al tipus Dyaus o Zeus.<\/p>\t\t\t\t\t\t\t\t<\/div>\n\t\t\t\t\t<\/div>\n\t\t\t\t<\/div>\n\t\t\t\t\t<\/div>\n\t\t\t\t<\/div>\n\t\t\t\t\t<\/div>\n\t\t\t\t<\/div>\n\t\t<div class=\"elementor-element elementor-element-18613602 e-flex e-con-boxed e-con e-parent\" data-id=\"18613602\" data-element_type=\"container\" data-e-type=\"container\">\n\t\t\t\t\t<div class=\"e-con-inner\">\n\t\t\t\t<div class=\"elementor-element elementor-element-262b8a9f elementor-widget elementor-widget-heading\" data-id=\"262b8a9f\" data-element_type=\"widget\" data-e-type=\"widget\" data-widget_type=\"heading.default\">\n\t\t\t\t\t<h2 class=\"elementor-heading-title elementor-size-default\">Context<\/h2>\t\t\t\t<\/div>\n\t\t<div class=\"elementor-element elementor-element-46dcb7d e-con-full e-flex e-con e-child\" data-id=\"46dcb7d\" data-element_type=\"container\" data-e-type=\"container\">\n\t\t<div class=\"elementor-element elementor-element-61d3ab3 e-flex e-con-boxed e-con e-child\" data-id=\"61d3ab3\" data-element_type=\"container\" data-e-type=\"container\">\n\t\t\t\t\t<div class=\"e-con-inner\">\n\t\t\t\t<div class=\"elementor-element elementor-element-117c166 elementor-widget elementor-widget-heading\" data-id=\"117c166\" data-element_type=\"widget\" data-e-type=\"widget\" data-widget_type=\"heading.default\">\n\t\t\t\t\t<div class=\"elementor-heading-title elementor-size-default\">Per\u00edode dels textos<\/div>\t\t\t\t<\/div>\n\t\t\t\t<div class=\"elementor-element elementor-element-73997a0 elementor-widget elementor-widget-text-editor\" data-id=\"73997a0\" data-element_type=\"widget\" data-e-type=\"widget\" data-widget_type=\"text-editor.default\">\n\t\t\t\t\t\t\t\t\t<p>Els relats sobre Dagda es van copiar al llarg de segles des de l&#8217;inici de l&#8217;edat mitjana irlandesa; la Cath Maige Tuired es conserva en un manuscrit del segle XVI, el contingut del qual \u00e9s ling\u00fc\u00edsticament molt m\u00e9s antic.<\/p><p>Despr\u00e9s de la cristianitzaci\u00f3, els escrivans van reinterpretar els Tuatha D\u00e9 Danann com un poble d&#8217;un temps antic, per\u00f2 la ma\u00e7a, el calder i l&#8217;arpa es van mantenir com a atributs caracter\u00edstics de Dagda. En la tradici\u00f3 popular irlandesa va perviure com a figura dels turons dels s\u00edd, dels quals els textos el fan senyor de Br\u00fa na B\u00f3inne.<\/p>\t\t\t\t\t\t\t\t<\/div>\n\t\t\t\t\t<\/div>\n\t\t\t\t<\/div>\n\t\t<div class=\"elementor-element elementor-element-d47b156 e-flex e-con-boxed e-con e-child\" data-id=\"d47b156\" data-element_type=\"container\" data-e-type=\"container\">\n\t\t\t\t\t<div class=\"e-con-inner\">\n\t\t\t\t<div class=\"elementor-element elementor-element-ff38c2b elementor-widget elementor-widget-heading\" data-id=\"ff38c2b\" data-element_type=\"widget\" data-e-type=\"widget\" data-widget_type=\"heading.default\">\n\t\t\t\t\t<div class=\"elementor-heading-title elementor-size-default\">\u00c0rea de difusi\u00f3<\/div>\t\t\t\t<\/div>\n\t\t\t\t<div class=\"elementor-element elementor-element-4e49fcc elementor-widget elementor-widget-text-editor\" data-id=\"4e49fcc\" data-element_type=\"widget\" data-e-type=\"widget\" data-widget_type=\"text-editor.default\">\n\t\t\t\t\t\t\t\t\t<p>Dagda no estava limitat a una regi\u00f3 o ubicaci\u00f3 concreta, sin\u00f3 que era conegut i venerat, o respectuosament temut, universalment en tot el m\u00f3n celta. Tant en grans centres urbans com en regions rurals perif\u00e8riques, tant entre l&#8217;elit social com entre el poble senzill, el significat espiritual o cultural d&#8217;aquesta entitat era reconegut de manera constant i universal.<\/p><p>Els ep\u00edtets Eochaid Ollathair, \u00abl&#8217;Avi de tots\u00bb, i Ruad Rofhessa, \u00absenyor del gran saber\u00bb, atorguen a Dagda una posici\u00f3 paterna sobre els Tuatha D\u00e9 Danann i, per tant, sobre els avantpassats m\u00edtics d&#8217;Irlanda. El Lebor Gab\u00e1la l&#8217;integra en la l\u00ednia geneal\u00f2gica a la qual es referien els llinatges reials irlandesos.<\/p><p>Amb tot, el seu arrelament es va mantenir limitat a Irlanda; la difusi\u00f3 del material es va produir a trav\u00e9s de les c\u00f2pies mon\u00e0stiques i l&#8217;art dels filid, els que el van fer con\u00e8ixer per tot el pa\u00eds, sense intervenci\u00f3 del comer\u00e7.<\/p>\t\t\t\t\t\t\t\t<\/div>\n\t\t\t\t\t<\/div>\n\t\t\t\t<\/div>\n\t\t\t\t<\/div>\n\t\t<div class=\"elementor-element elementor-element-db03c39 e-con-full e-flex e-con e-child\" data-id=\"db03c39\" data-element_type=\"container\" data-e-type=\"container\">\n\t\t<div class=\"elementor-element elementor-element-229a87b e-flex e-con-boxed e-con e-child\" data-id=\"229a87b\" data-element_type=\"container\" data-e-type=\"container\">\n\t\t\t\t\t<div class=\"e-con-inner\">\n\t\t\t\t<div class=\"elementor-element elementor-element-1f471fc elementor-widget elementor-widget-heading\" data-id=\"1f471fc\" data-element_type=\"widget\" data-e-type=\"widget\" data-widget_type=\"heading.default\">\n\t\t\t\t\t<div class=\"elementor-heading-title elementor-size-default\">Estat de les fonts<\/div>\t\t\t\t<\/div>\n\t\t\t\t<div class=\"elementor-element elementor-element-36b1201 elementor-widget elementor-widget-text-editor\" data-id=\"36b1201\" data-element_type=\"widget\" data-e-type=\"widget\" data-widget_type=\"text-editor.default\">\n\t\t\t\t\t\t\t\t\t<p>Fonts prim\u00e0ries: Lebor Gab\u00e1la \u00c9renn (redactat als segles IX-X, transmet material m\u00e9s antic), Cath Maige Tuired (medieval, per\u00f2 amb versions m\u00e9s antigues reconstru\u00efbles), Metrical Dindshenchas.<\/p><p>Per\u00edode: els mites reflecteixen circumst\u00e0ncies de l&#8217;edat del ferro o de l&#8217;alta edat mitjana (aprox. 500 a.C. 800 d.C.), per\u00f2 les redaccions es van fer entre els segles VIII i XII. Investigadors: Mac Cana (Celtic Mythology), Bernhard Maier (Die Religion der Kelten), Sjoestedt (Gods and Heroes of the Celts) tracten Dagda de manera sistem\u00e0tica.<\/p>\t\t\t\t\t\t\t\t<\/div>\n\t\t\t\t\t<\/div>\n\t\t\t\t<\/div>\n\t\t\t\t<\/div>\n\t\t\t\t\t<\/div>\n\t\t\t\t<\/div>\n\t\t<div class=\"elementor-element elementor-element-3ae0637c e-flex e-con-boxed e-con e-parent\" data-id=\"3ae0637c\" data-element_type=\"container\" data-e-type=\"container\">\n\t\t\t\t\t<div class=\"e-con-inner\">\n\t\t\t\t<div class=\"elementor-element elementor-element-31d07739 elementor-widget elementor-widget-heading\" data-id=\"31d07739\" data-element_type=\"widget\" data-e-type=\"widget\" data-widget_type=\"heading.default\">\n\t\t\t\t\t<h2 class=\"elementor-heading-title elementor-size-default\">Denominaci\u00f3 i grafies<\/h2>\t\t\t\t<\/div>\n\t\t<div class=\"elementor-element elementor-element-b7642947 e-con-full e-flex e-con e-child\" data-id=\"b7642947\" data-element_type=\"container\" data-e-type=\"container\">\n\t\t\t\t<div class=\"elementor-element elementor-element-a086266 elementor-widget elementor-widget-text-editor\" data-id=\"a086266\" data-element_type=\"widget\" data-e-type=\"widget\" data-widget_type=\"text-editor.default\">\n\t\t\t\t\t\t\t\t\t<p>Dagda es representa en les diverses fonts i tradicions art\u00edstiques amb certs elements iconogr\u00e0fics recurrents, que es mantenen relativament constants al llarg de d\u00e8cades i en diferents espais geogr\u00e0fics. Aquests elements estan profundament codificats simb\u00f2licament i tenen un gran significat; no es tracta de mera decoraci\u00f3 ni d&#8217;atzar.<\/p><p>Els tres b\u00e9ns de Dagda formen un sistema d&#8217;expressi\u00f3 tancat: la ma\u00e7a, que mata amb un extrem i ressuscita amb l&#8217;altre, mostra el seu poder sobre la vida i la mort. El calder, del qual la Cath Maige Tuired diu que ning\u00fa se n&#8217;anava insatisfet, representa l&#8217;abund\u00e0ncia i l&#8217;hospitalitat.<\/p><p>L&#8217;arpa, amb la qual ordena les estacions i provoca el riure, el plor i el son, li atorga el domini sobre el temps i l&#8217;estat d&#8217;\u00e0nim. El seu ep\u00edtet Eochaid Ollathair, \u00abl&#8217;Avi de tots\u00bb, i el t\u00edtol de bon d\u00e9u s&#8217;encaixen en aquesta imatge: qui coneixia la tradici\u00f3 narrativa irlandesa hi llegia el rang i les compet\u00e8ncies del d\u00e9u.<\/p>\t\t\t\t\t\t\t\t<\/div>\n\t\t\t\t<\/div>\n\t\t\t\t\t<\/div>\n\t\t\t\t<\/div>\n\t\t<div class=\"elementor-element elementor-element-709a44a8 e-flex e-con-boxed e-con e-parent\" data-id=\"709a44a8\" data-element_type=\"container\" data-e-type=\"container\">\n\t\t\t\t\t<div class=\"e-con-inner\">\n\t\t\t\t<div class=\"elementor-element elementor-element-2f585873 elementor-widget elementor-widget-heading\" data-id=\"2f585873\" data-element_type=\"widget\" data-e-type=\"widget\" data-widget_type=\"heading.default\">\n\t\t\t\t\t<h2 class=\"elementor-heading-title elementor-size-default\">Descripci\u00f3<\/h2>\t\t\t\t<\/div>\n\t\t<div class=\"elementor-element elementor-element-70621c12 e-con-full e-flex e-con e-child\" data-id=\"70621c12\" data-element_type=\"container\" data-e-type=\"container\">\n\t\t\t\t<div class=\"elementor-element elementor-element-4296eb49 elementor-widget elementor-widget-text-editor\" data-id=\"4296eb49\" data-element_type=\"widget\" data-e-type=\"widget\" data-widget_type=\"text-editor.default\">\n\t\t\t\t\t\t\t\t\t<p>Dagda era central en la pr\u00e0ctica religiosa, en els rituals quotidians i en la comprensi\u00f3 di\u00e0ria de la cultura celta. La gent s&#8217;adre\u00e7ava a aquesta entitat en situacions vitals cr\u00edtiques o determinades, o en certes \u00e8poques rituals de l&#8217;any, amb rituals estructurats, sovint elaborats, preg\u00e0ries o ofrenes.<\/p><p>El que es coneix sobre el tracte amb Dagda prov\u00e9 de textos que estudiosos i clergues irlandesos medievals van registrar seguint regles fixes.<\/p><p>El Lebor Gab\u00e1la i la Cath Maige Tuired es van copiar en scriptoria mon\u00e0stics per escrivans formats, que recorrien al saber dels filid, la casta erudita dels poetes. La transmissi\u00f3 del material recaia, doncs, en especialistes que treballaven segons les convencions de la seva tradici\u00f3 escol\u00e0stica.<\/p><p>El fet que el material sobre Dagda es copi\u00e9s repetidament des de l&#8217;alta edat mitjana fins als manuscrits del segle XVI mostra la import\u00e0ncia que els estudiosos irlandesos li atorgaven.<\/p><p>Les funcions que els textos li atribueixen s\u00f3n molt \u00e0mplies: amb la ma\u00e7a podia matar i ressuscitar, el seu calder saciava qualsevol societat, i a la Cath Maige Tuired dirigeix, mitjan\u00e7ant negociaci\u00f3 i ast\u00facia, la transici\u00f3 del domini dels Fomoire a l&#8217;ordre dels Tuatha D\u00e9 Danann.<\/p>\t\t\t\t\t\t\t\t<\/div>\n\t\t\t\t<\/div>\n\t\t\t\t\t<\/div>\n\t\t\t\t<\/div>\n\t\t<div class=\"elementor-element elementor-element-44e71476 e-flex e-con-boxed e-con e-parent\" data-id=\"44e71476\" data-element_type=\"container\" data-e-type=\"container\">\n\t\t\t\t\t<div class=\"e-con-inner\">\n\t\t\t\t<div class=\"elementor-element elementor-element-3c1fc3f0 elementor-widget elementor-widget-heading\" data-id=\"3c1fc3f0\" data-element_type=\"widget\" data-e-type=\"widget\" data-widget_type=\"heading.default\">\n\t\t\t\t\t<h2 class=\"elementor-heading-title elementor-size-default\">Fitxa: Dagda<\/h2>\t\t\t\t<\/div>\n\t\t<div class=\"elementor-element elementor-element-84f33b8e e-con-full e-flex e-con e-child\" data-id=\"84f33b8e\" data-element_type=\"container\" data-e-type=\"container\">\n\t\t\t\t<div class=\"elementor-element elementor-element-hqkdc67p elementor-widget elementor-widget-text-editor\" data-id=\"hqkdc67p\" data-element_type=\"widget\" data-e-type=\"widget\" data-widget_type=\"text-editor.default\">\n\t\t\t\t\t\t\t\t\t<p>Aquesta fitxa il\u00b7lumina Dagda en sis dimensions: el seu origen mitol\u00f2gic i la seva posici\u00f3 dins els Tuatha D\u00e9 Danann, els seus cercles de veneraci\u00f3 i contextos socials, els seus trets iconogr\u00e0fics i atributs m\u00e0gics, els seus poders c\u00f2smics i guerrers, aix\u00ed com les formes d&#8217;<span class=\"iwg-fachbegriff\" data-tooltip=\"L'acte de dirigir-se a una divinitat o poder amb s\u00fapliques o conjurs.\" tabindex=\"0\">invocaci\u00f3<\/span> i els paral\u00b7lels culturals. Aix\u00f2 ofereix una imatge de conjunt d&#8217;aquest poli\u00e8dric d\u00e9u primordial.<\/p>\t\t\t\t\t\t\t\t<\/div>\n\t\t\t\t<\/div>\n\t\t<div class=\"elementor-element elementor-element-pemmx7c5 e-con-full e-flex e-con e-child\" data-id=\"pemmx7c5\" data-element_type=\"container\" data-e-type=\"container\">\n\t\t<div class=\"elementor-element elementor-element-pemmx7c1 e-con-full e-flex e-con e-child\" data-id=\"pemmx7c1\" data-element_type=\"container\" data-e-type=\"container\">\n\t\t<div class=\"elementor-element elementor-element-qh9oavvu iwg-steckbrief-card e-flex e-con-boxed e-con e-child\" data-id=\"qh9oavvu\" data-element_type=\"container\" data-e-type=\"container\">\n\t\t\t\t\t<div class=\"e-con-inner\">\n\t\t\t\t<div class=\"elementor-element elementor-element-awzx8k2k elementor-widget elementor-widget-heading\" data-id=\"awzx8k2k\" data-element_type=\"widget\" data-e-type=\"widget\" data-widget_type=\"heading.default\">\n\t\t\t\t\t<div class=\"elementor-heading-title elementor-size-default\">Origen<\/div>\t\t\t\t<\/div>\n\t\t\t\t<div class=\"elementor-element elementor-element-x6rowhv0 elementor-widget elementor-widget-text-editor\" data-id=\"x6rowhv0\" data-element_type=\"widget\" data-e-type=\"widget\" data-widget_type=\"text-editor.default\">\n\t\t\t\t\t\t\t\t\t<p>Dagda pertany als Tuatha D\u00e9 Danann, aquella ra\u00e7a mitol\u00f2gica de d\u00e9us que colonitza Irlanda a la Cath Maige Tuired. \u00c9s fill del d\u00e9u suprem o b\u00e9 aut\u00f2cton; la genealogia \u00e9s fragment\u00e0ria.<\/p><p>El seu origen \u00e9s prec\u00e8ltic o proto-indoeuropeu. Geogr\u00e0ficament, Irlanda \u00e9s el seu territori central, especialment les planes de Mag Tuired. Els primers testimonis literaris es troben en textos dels segles VIII-IX.<\/p>\t\t\t\t\t\t\t\t<\/div>\n\t\t\t\t\t<\/div>\n\t\t\t\t<\/div>\n\t\t<div class=\"elementor-element elementor-element-8e3o4kxs iwg-steckbrief-card e-flex e-con-boxed e-con e-child\" data-id=\"8e3o4kxs\" data-element_type=\"container\" data-e-type=\"container\">\n\t\t\t\t\t<div class=\"e-con-inner\">\n\t\t\t\t<div class=\"elementor-element elementor-element-08rkdgov elementor-widget elementor-widget-heading\" data-id=\"08rkdgov\" data-element_type=\"widget\" data-e-type=\"widget\" data-widget_type=\"heading.default\">\n\t\t\t\t\t<div class=\"elementor-heading-title elementor-size-default\">Relacionat amb<\/div>\t\t\t\t<\/div>\n\t\t\t\t<div class=\"elementor-element elementor-element-uwjelx8s elementor-widget elementor-widget-text-editor\" data-id=\"uwjelx8s\" data-element_type=\"widget\" data-e-type=\"widget\" data-widget_type=\"text-editor.default\">\n\t\t\t\t\t\t\t\t\t<p>Dagda era venerat per guerrers, druides, artesans i fam\u00edlies reials. Com a pare i guardi\u00e0 del saber, era protector de l&#8217;erudici\u00f3. En contextos de batalla, els guerrers l&#8217;invocaven. Les dones s&#8217;adre\u00e7aven a ell en q\u00fcestions de fertilitat. El seu calder el va convertir en patr\u00f3 del benestar i de la distribuci\u00f3 de l&#8217;abund\u00e0ncia dins la societat i el clan.<\/p>\t\t\t\t\t\t\t\t<\/div>\n\t\t\t\t\t<\/div>\n\t\t\t\t<\/div>\n\t\t<div class=\"elementor-element elementor-element-jm2n74ec iwg-steckbrief-card e-flex e-con-boxed e-con e-child\" data-id=\"jm2n74ec\" data-element_type=\"container\" data-e-type=\"container\">\n\t\t\t\t\t<div class=\"e-con-inner\">\n\t\t\t\t<div class=\"elementor-element elementor-element-8vufse4c elementor-widget elementor-widget-heading\" data-id=\"8vufse4c\" data-element_type=\"widget\" data-e-type=\"widget\" data-widget_type=\"heading.default\">\n\t\t\t\t\t<div class=\"elementor-heading-title elementor-size-default\">Aparen\u00e7a<\/div>\t\t\t\t<\/div>\n\t\t\t\t<div class=\"elementor-element elementor-element-mwb9u015 elementor-widget elementor-widget-text-editor\" data-id=\"mwb9u015\" data-element_type=\"widget\" data-e-type=\"widget\" data-widget_type=\"text-editor.default\">\n\t\t\t\t\t\t\t\t\t<p>Dagda es representa com un home corpulent i fort, sovint amb el seu calder caracter\u00edstic (Coire Ansic) i la seva arpa m\u00e0gica. En algunes descripcions porta una vestimenta de pell de c\u00e9rvol o vestits senzills.<\/p><p>El seu aspecte \u00e9s digne i arcaic, menys ostent\u00f3s que el dels seus fills. De vegades se&#8217;l mostra amb una ma\u00e7a o arma que causa tant la mort com la curaci\u00f3.<\/p>\t\t\t\t\t\t\t\t<\/div>\n\t\t\t\t\t<\/div>\n\t\t\t\t<\/div>\n\t\t\t\t<\/div>\n\t\t<div class=\"elementor-element elementor-element-pemmx7c2 e-con-full e-flex e-con e-child\" data-id=\"pemmx7c2\" data-element_type=\"container\" data-e-type=\"container\">\n\t\t<div class=\"elementor-element elementor-element-37ss2yr6 iwg-steckbrief-card e-flex e-con-boxed e-con e-child\" data-id=\"37ss2yr6\" data-element_type=\"container\" data-e-type=\"container\">\n\t\t\t\t\t<div class=\"e-con-inner\">\n\t\t\t\t<div class=\"elementor-element elementor-element-3v0wp3wx elementor-widget elementor-widget-heading\" data-id=\"3v0wp3wx\" data-element_type=\"widget\" data-e-type=\"widget\" data-widget_type=\"heading.default\">\n\t\t\t\t\t<div class=\"elementor-heading-title elementor-size-default\">Funci\u00f3<\/div>\t\t\t\t<\/div>\n\t\t\t\t<div class=\"elementor-element elementor-element-w3247g2m elementor-widget elementor-widget-text-editor\" data-id=\"w3247g2m\" data-element_type=\"widget\" data-e-type=\"widget\" data-widget_type=\"text-editor.default\">\n\t\t\t\t\t\t\t\t\t<strong>\u00c0mbit d&#8217;acci\u00f3:<\/strong> El Dagda (\u00abel bon d\u00e9u\u00bb) \u00e9s, dins la <span class=\"iwg-fachbegriff\" data-tooltip=\"El conjunt de narracions m\u00edtiques transmeses d'una cultura.\" tabindex=\"0\">mitologia<\/span> irlandesa, el d\u00e9u suprem dels Tuatha D\u00e9 Danann, d\u00e9u pare, heroi guerrer i posse\u00efdor de tot el saber. El seu poder s&#8217;est\u00e9n a la fertilitat, l&#8217;agricultura, la <span class=\"iwg-fachbegriff\" data-tooltip=\"Pr\u00e0ctiques que pretenen influir en el curs dels esdeveniments mitjan\u00e7ant accions o f\u00f3rmules especials.\" tabindex=\"0\">m\u00e0gia<\/span> i la saviesa. Encarna la for\u00e7a creadora i paternal, i \u00e9s guardi\u00e0 d&#8217;objectes <span class=\"iwg-fachbegriff\" data-tooltip=\"Pr\u00e0ctiques que pretenen influir en el curs dels esdeveniments mitjan\u00e7ant accions o f\u00f3rmules especials.\" tabindex=\"0\">m\u00e0gics<\/span>: el calder inesgotable (abund\u00e0ncia), la ma\u00e7a de guerra (invencible) i l&#8217;arpa m\u00e0gica (domini del temps i de les emocions). El seu poder es manifesta en la prosperitat, la vict\u00f2ria b\u00e8l\u00b7lica i un profund coneixement ocult. A la Cath Maige Tuired \u00e9s venerat com a protector del territori i garant de la prosperitat c\u00f2smica.\n\t\t\t\t\t\t\t\t<\/div>\n\t\t\t\t\t<\/div>\n\t\t\t\t<\/div>\n\t\t<div class=\"elementor-element elementor-element-0qpjal9w iwg-steckbrief-card e-flex e-con-boxed e-con e-child\" data-id=\"0qpjal9w\" data-element_type=\"container\" data-e-type=\"container\">\n\t\t\t\t\t<div class=\"e-con-inner\">\n\t\t\t\t<div class=\"elementor-element elementor-element-6ndoih0o elementor-widget elementor-widget-heading\" data-id=\"6ndoih0o\" data-element_type=\"widget\" data-e-type=\"widget\" data-widget_type=\"heading.default\">\n\t\t\t\t\t<div class=\"elementor-heading-title elementor-size-default\">Formes de defensa<\/div>\t\t\t\t<\/div>\n\t\t\t\t<div class=\"elementor-element elementor-element-6684tyh9 elementor-widget elementor-widget-text-editor\" data-id=\"6684tyh9\" data-element_type=\"widget\" data-e-type=\"widget\" data-widget_type=\"text-editor.default\">\n\t\t\t\t\t\t\t\t\t<p>Dagda \u00e9s considerat paternal i gener\u00f3s. Druides i reis l&#8217;invocaven per demanar saviesa i <span class=\"iwg-fachbegriff\" data-tooltip=\"Concessi\u00f3 de benedicci\u00f3 i protecci\u00f3, sovint amb una f\u00f3rmula ling\u00fc\u00edstica fixa.\" tabindex=\"0\">benedicci\u00f3<\/span>. En temps de crisi, el seu calder era invocat com a <span class=\"iwg-fachbegriff\" data-tooltip=\"Un signe que representa una idea o significat.\" tabindex=\"0\">s\u00edmbol<\/span> del retorn de l&#8217;abund\u00e0ncia. La tradici\u00f3 coneix Dagda com un d\u00e9u protector i benefactor; no se li atribueix cap acci\u00f3 perjudicial. La <span class=\"iwg-fachbegriff\" data-tooltip=\"L'acte de dirigir-se a una divinitat o poder amb s\u00fapliques o conjurs.\" tabindex=\"0\">invocaci\u00f3<\/span> moderna es fa demanant riquesa, saviesa i protecci\u00f3 familiar. No hi ha pr\u00e0ctiques de defensa, ja que la seva naturalesa \u00e9s ben\u00e8vola.<\/p>\t\t\t\t\t\t\t\t<\/div>\n\t\t\t\t\t<\/div>\n\t\t\t\t<\/div>\n\t\t<div class=\"elementor-element elementor-element-3lfi7x32 iwg-steckbrief-card e-flex e-con-boxed e-con e-child\" data-id=\"3lfi7x32\" data-element_type=\"container\" data-e-type=\"container\">\n\t\t\t\t\t<div class=\"e-con-inner\">\n\t\t\t\t<div class=\"elementor-element elementor-element-0kg99ga1 elementor-widget elementor-widget-heading\" data-id=\"0kg99ga1\" data-element_type=\"widget\" data-e-type=\"widget\" data-widget_type=\"heading.default\">\n\t\t\t\t\t<div class=\"elementor-heading-title elementor-size-default\">Els paral\u00b7lels de Dagda<\/div>\t\t\t\t<\/div>\n\t\t\t\t<div class=\"elementor-element elementor-element-n0fum6kp elementor-widget elementor-widget-text-editor\" data-id=\"n0fum6kp\" data-element_type=\"widget\" data-e-type=\"widget\" data-widget_type=\"text-editor.default\">\n\t\t\t\t\t\t\t\t\t<p>Se&#8217;l pot comparar amb J\u00fapiter (rom\u00e0) com a pare i sobir\u00e0 dels d\u00e9us, Zeus (grec) com a d\u00e9u suprem i guardi\u00e0 de l&#8217;ordre, el Dyaus Pitar indi com a d\u00e9u pare del cel, i el germ\u00e0nic Odin com a d\u00e9u de la saviesa i el poder. L&#8217;aspecte de \u00abbon d\u00e9u\u00bb s&#8217;assembla al t\u00edtol rom\u00e0 de J\u00fapiter Optimus Maximus (\u00abel millor i el m\u00e9s gran\u00bb).<\/p>\t\t\t\t\t\t\t\t<\/div>\n\t\t\t\t\t<\/div>\n\t\t\t\t<\/div>\n\t\t\t\t<\/div>\n\t\t\t\t<\/div>\n\t\t\t\t\t<\/div>\n\t\t\t\t<\/div>\n\t\t<div class=\"elementor-element elementor-element-7533bc7a e-flex e-con-boxed e-con e-parent\" data-id=\"7533bc7a\" data-element_type=\"container\" data-e-type=\"container\">\n\t\t\t\t\t<div class=\"e-con-inner\">\n\t\t\t\t<div class=\"elementor-element elementor-element-2447d18d elementor-widget elementor-widget-heading\" data-id=\"2447d18d\" data-element_type=\"widget\" data-e-type=\"widget\" data-widget_type=\"heading.default\">\n\t\t\t\t\t<h2 class=\"elementor-heading-title elementor-size-default\">Protecci\u00f3 en la vida quotidiana<\/h2>\t\t\t\t<\/div>\n\t\t<div class=\"elementor-element elementor-element-d5d0260c e-con-full e-flex e-con e-child\" data-id=\"d5d0260c\" data-element_type=\"container\" data-e-type=\"container\">\n\t\t\t\t<div class=\"elementor-element elementor-element-341be2ac elementor-widget elementor-widget-text-editor\" data-id=\"341be2ac\" data-element_type=\"widget\" data-e-type=\"widget\" data-widget_type=\"text-editor.default\">\n\t\t\t\t\t\t\t\t\t<p><strong>Rituals i veneraci\u00f3<\/strong><\/p><p>El Dagda era venerat en les quatre festivitats celtes, especialment Samhain (1 de novembre), quan la frontera entre la vida i la mort es torna permeable. Les ofrenes eren cereals, carn i hidromel. Els druides realitzaven llargs rituals nocturns per implorar la <span class=\"iwg-fachbegriff\" data-tooltip=\"Concessi\u00f3 de benedicci\u00f3 i protecci\u00f3, sovint amb una f\u00f3rmula ling\u00fc\u00edstica fixa.\" tabindex=\"0\">benedicci\u00f3<\/span> de Dagda per collites abundants i vict\u00f2ries militars. Els seus altars sovint es trobaven prop de fonts sagrades.<\/p><p><strong>Conjurs i invocacions<\/strong><\/p><p>Les invocacions destacaven la seva versatilitat: \u00abDagda, pare de tots, dona&#8217;ns abund\u00e0ncia i vict\u00f2ria.\u00bb Els guerrers l&#8217;invocaven amb la ma\u00e7a com a s\u00edmbol b\u00e8l\u00b7lic, els pagesos amb l&#8217;arpa com a garant d&#8217;harmonia. Una f\u00f3rmula transmesa de les genealogies \u00d3 N\u00e9ill deia: \u00abQue el bon d\u00e9u decideixi aquesta batalla al nostre favor.\u00bb<\/p><p><strong>Amulets i s\u00edmbols de protecci\u00f3<\/strong><\/p><p>La ma\u00e7a de Dagda (com a amulet de fusta o gravada) simbolitzava una for\u00e7a invencible. L&#8217;arpa es reprodu\u00efa en instruments rituals. El <span class=\"iwg-fachbegriff\" data-tooltip=\"Un signe que representa una idea o significat.\" tabindex=\"0\">s\u00edmbol<\/span> del calder (quatre pent\u00e0gons dins un cercle) era un <span class=\"iwg-fachbegriff\" data-tooltip=\"Un objecte que es porta al cos, al qual s'atribueix un efecte protector contra el mal.\" tabindex=\"0\">amulet<\/span> d&#8217;abund\u00e0ncia. R\u00e8pliques daurades del calder es guardaven com a objectes sagrats en assentaments celtes.<\/p>\n\t\t\t\t\t\t\t\t<\/div>\n\t\t\t\t<\/div>\n\t\t\t\t\t<\/div>\n\t\t\t\t<\/div>\n\t\t<div class=\"elementor-element elementor-element-5a584676 e-flex e-con-boxed e-con e-parent\" data-id=\"5a584676\" data-element_type=\"container\" data-e-type=\"container\">\n\t\t\t\t\t<div class=\"e-con-inner\">\n\t\t\t\t<div class=\"elementor-element elementor-element-6d0757bf elementor-widget elementor-widget-heading\" data-id=\"6d0757bf\" data-element_type=\"widget\" data-e-type=\"widget\" data-widget_type=\"heading.default\">\n\t\t\t\t\t<h2 class=\"elementor-heading-title elementor-size-default\">Dagda, paral\u00b7lels en altres cultures<\/h2>\t\t\t\t<\/div>\n\t\t<div class=\"elementor-element elementor-element-60563f68 e-con-full e-flex e-con e-child\" data-id=\"60563f68\" data-element_type=\"container\" data-e-type=\"container\">\n\t\t\t\t<div class=\"elementor-element elementor-element-5a93fdd6 elementor-widget elementor-widget-text-editor\" data-id=\"5a93fdd6\" data-element_type=\"widget\" data-e-type=\"widget\" data-widget_type=\"text-editor.default\">\n\t\t\t\t\t\t\t\t\t<p><p><strong>Tradici\u00f3 jueva:<\/strong> Hi ha met\u00e0fores llunyanament relacionades de D\u00e9u com a for\u00e7a paternal i protectora (Sal 23) o el d\u00e9u de Si\u00f3 com a garant del benestar. No hi ha cap correspond\u00e8ncia directa amb una figura divina personificada.<\/p><p><strong>M\u00f3n grecorom\u00e0:<\/strong> Zeus com a pare del cel, sobir\u00e0 i d\u00e9u del saber, J\u00fapiter com a equivalent rom\u00e0 amb aspectes d&#8217;abund\u00e0ncia i transmissi\u00f3 de benediccions. Cronos (pare dels d\u00e9us) i Hades (d\u00e9u de la riquesa, Plutus) mostren aspectes d&#8217;abund\u00e0ncia i sobirania sobre el m\u00f3n subterrani.<\/p><p><strong>Mesopot\u00e0mia:<\/strong> Enlil com a d\u00e9u suprem i guardi\u00e0 de l&#8217;ordre, Enki com a dispensador de saviesa i abund\u00e0ncia. Ambd\u00f3s comparteixen amb Dagda el paper de figures paternals omnipotents i s\u00e0vies.<\/p><p><strong>\u00cdndia\/\u00c0sia:<\/strong> Dyaus Pitar (Pare Cel) com a arquetip indoeuropeu del d\u00e9u pare primordial. Brahman i Varuna com a divinitats que governen l&#8217;ordre c\u00f2smic. Indra, com a rei guerrer i dispensador de <span class=\"iwg-fachbegriff\" data-tooltip=\"Concessi\u00f3 de benedicci\u00f3 i protecci\u00f3, sovint amb una f\u00f3rmula ling\u00fc\u00edstica fixa.\" tabindex=\"0\">benedicci\u00f3<\/span>, mostra paral\u00b7lels amb els aspectes b\u00e8l\u00b7lics i de riquesa de Dagda.<\/p>\t\t\t\t\t\t\t\t<\/div>\n\t\t\t\t<\/div>\n\t\t\t\t\t<\/div>\n\t\t\t\t<\/div>\n\t\t<div class=\"elementor-element elementor-element-cp9d5e7ef e-flex e-con-boxed e-con e-parent\" data-id=\"cp9d5e7ef\" data-element_type=\"container\" data-e-type=\"container\">\n\t\t\t\t\t<div class=\"e-con-inner\">\n\t\t\t\t<div class=\"elementor-element elementor-element-cpf22caa0 elementor-widget elementor-widget-heading\" data-id=\"cpf22caa0\" data-element_type=\"widget\" data-e-type=\"widget\" data-widget_type=\"heading.default\">\n\t\t\t\t\t<h2 class=\"elementor-heading-title elementor-size-default\">El Dagda en les fonts irlandeses<\/h2>\t\t\t\t<\/div>\n\t\t<div class=\"elementor-element elementor-element-cp433da38 e-con-full e-flex e-con e-child\" data-id=\"cp433da38\" data-element_type=\"container\" data-e-type=\"container\">\n\t\t\t\t<div class=\"elementor-element elementor-element-cpd192663 elementor-widget elementor-widget-text-editor\" data-id=\"cpd192663\" data-element_type=\"widget\" data-e-type=\"widget\" data-widget_type=\"text-editor.default\">\n\t\t\t\t\t\t\t\t\t<p>El Dagda \u00e9s una de les figures centrals de la <span class=\"iwg-fachbegriff\" data-tooltip=\"El conjunt dels relats m\u00edtics transmesos d'una cultura.\" tabindex=\"0\">mitologia<\/span> irlandesa i pertany als T\u00faatha D\u00e9 Danann, el llinatge div\u00ed de la <span class=\"iwg-fachbegriff\" data-tooltip=\"La transmissi\u00f3 de coneixements i relats al llarg de generacions.\" tabindex=\"0\">tradici\u00f3<\/span> irlandesa. A difer\u00e8ncia de la majoria de mitologies, el nostre coneixement sobre el Dagda prov\u00e9 de manuscrits medievals cristians, en els quals monjos van registrar tradicions narratives m\u00e9s antigues i les van reformular.<\/p><p>Les fonts m\u00e9s importants s\u00f3n el <em>Lebor Gab\u00e1la \u00c9renn<\/em>, el Llibre de les Invasions, una representaci\u00f3 pseudohist\u00f2rica del poblament d&#8217;Irlanda, i sobretot el relat <em>Cath Maige Tuired<\/em>, la Batalla de Mag Tuired, que descriu la lluita dels T\u00faatha D\u00e9 Danann contra els inquietants Fomoiri. En aquest relat, el Dagda destaca amb especial vivesa.<\/p><p>All\u00e0 el Dagda apareix com una figura poderosa per\u00f2 alhora grollera i en part c\u00f2mica. Abans de la batalla decisiva, va al campament dels Fomoiri, que per burla li serveixen una gran farinetes fetes de llet, farina, greix i porcs sencers, i l&#8217;obliguen a menjar-s&#8217;ho tot. El Dagda, en efecte, s&#8217;ho menja tot, fins que gaireb\u00e9 no pot caminar.<\/p><p>La investigaci\u00f3 no interpreta aquest episodi com una degradaci\u00f3, sin\u00f3 com un indici de la naturalesa del Dagda com a d\u00e9u de l&#8217;abund\u00e0ncia i de la fertilitat.<\/p><p>El seu ep\u00edtet, que pot interpretar-se com el bon d\u00e9u, es refereix segons les mateixes fonts a la capacitat i no a la bondat moral, en el sentit de ser bo en tot, expert en moltes coses. Es troben figures afins dins del cercle div\u00ed c\u00e8ltic en <a href=\"https:\/\/iwell-guard.com\/ca\/?page_id=171584\">Lugh<\/a> i <a href=\"https:\/\/iwell-guard.com\/ca\/?page_id=171513\">Morr\u00edgan<\/a>.<\/p>\t\t\t\t\t\t\t\t<\/div>\n\t\t\t\t<\/div>\n\t\t\t\t\t<\/div>\n\t\t\t\t<\/div>\n\t\t<div class=\"elementor-element elementor-element-cp922580f e-flex e-con-boxed e-con e-parent\" data-id=\"cp922580f\" data-element_type=\"container\" data-e-type=\"container\">\n\t\t\t\t\t<div class=\"e-con-inner\">\n\t\t\t\t<div class=\"elementor-element elementor-element-cpad7d99f elementor-widget elementor-widget-heading\" data-id=\"cpad7d99f\" data-element_type=\"widget\" data-e-type=\"widget\" data-widget_type=\"heading.default\">\n\t\t\t\t\t<h2 class=\"elementor-heading-title elementor-size-default\">Els atributs del Dagda: la clava, el calder i l'arpa<\/h2>\t\t\t\t<\/div>\n\t\t<div class=\"elementor-element elementor-element-cpc9509d1 e-con-full e-flex e-con e-child\" data-id=\"cpc9509d1\" data-element_type=\"container\" data-e-type=\"container\">\n\t\t\t\t<div class=\"elementor-element elementor-element-cp0ccd784 elementor-widget elementor-widget-text-editor\" data-id=\"cp0ccd784\" data-element_type=\"widget\" data-e-type=\"widget\" data-widget_type=\"text-editor.default\">\n\t\t\t\t\t\t\t\t\t<p>El Dagda apareix a les fonts irlandeses caracteritzat per tres possessions distintives que il\u00b7lustren les seves funcions. Aquests atributs s\u00f3n tan caracter\u00edstics que apareixen en pr\u00e0cticament totes les representacions del Dagda.<\/p><p>El primer \u00e9s una clava enorme, tan grossa que ha de transportar-se amb rodes. Un extrem de la clava mata quan colpeja una persona, mentre que l&#8217;altre extrem pot retornar els morts a la vida.<\/p><p>Amb aquesta doble funci\u00f3, la clava encarna el poder sobre la vida i la mort. El rastre que deixa sobre el terra s&#8217;assembla, segons les fonts, a un solc fronterer entre territoris.<\/p><p>El segon atribut \u00e9s un calder, considerat un dels quatre tresors que els T\u00faatha D\u00e9 Danann van portar a Irlanda. D&#8217;aquest calder ning\u00fa no marxa sense estar sadollat. Representa un aliment inesgotable i, per tant, l&#8217;abund\u00e0ncia que garanteix el Dagda.<\/p><p>El tercer atribut \u00e9s una arpa, robada pels Fomoiri en un episodi de la <em>Cath Maige Tuired<\/em>. El Dagda la recupera i la crida pel seu nom, i llavors ella vola sola a trav\u00e9s de les files dels enemics.<\/p><p>Amb aquesta arpa, el Dagda pot tocar les tres maneres de la m\u00fasica, que fan plorar, riure o dormir, i amb aix\u00f2 ordena el curs de les estacions.<\/p><p>La investigaci\u00f3 interpreta aquests tres atributs com a expressi\u00f3 de la m\u00faltiple compet\u00e8ncia del Dagda: en el combat i la mort, en el nodriment i la fertilitat, i en el temps ordenat. El Dagda no \u00e9s, doncs, un d\u00e9u especialitzat, sin\u00f3 un poder abastador.<\/p>\t\t\t\t\t\t\t\t<\/div>\n\t\t\t\t<\/div>\n\t\t\t\t\t<\/div>\n\t\t\t\t<\/div>\n\t\t<div class=\"elementor-element elementor-element-cp0db3559 e-flex e-con-boxed e-con e-parent\" data-id=\"cp0db3559\" data-element_type=\"container\" data-e-type=\"container\">\n\t\t\t\t\t<div class=\"e-con-inner\">\n\t\t\t\t<div class=\"elementor-element elementor-element-cpa0ac868 elementor-widget elementor-widget-heading\" data-id=\"cpa0ac868\" data-element_type=\"widget\" data-e-type=\"widget\" data-widget_type=\"heading.default\">\n\t\t\t\t\t<h2 class=\"elementor-heading-title elementor-size-default\">El Dagda i la festa anual de Samhain<\/h2>\t\t\t\t<\/div>\n\t\t<div class=\"elementor-element elementor-element-cp5ade039 e-con-full e-flex e-con e-child\" data-id=\"cp5ade039\" data-element_type=\"container\" data-e-type=\"container\">\n\t\t\t\t<div class=\"elementor-element elementor-element-cp1220b60 elementor-widget elementor-widget-text-editor\" data-id=\"cp1220b60\" data-element_type=\"widget\" data-e-type=\"widget\" data-widget_type=\"text-editor.default\">\n\t\t\t\t\t\t\t\t\t<p>Un dels episodis m\u00e9s coneguts sobre el Dagda el relaciona amb la festa de Samhain, la festivitat c\u00e8ltica de canvi d&#8217;any i dels morts, que cau en el pas de la tardor a l&#8217;hivern. La <em>Cath Maige Tuired<\/em> relata que el Dagda, en el temps de Samhain, s&#8217;uneix a una dona que es troba dreta sobre un riu, l&#8217;Unius.<\/p><p>Aquesta dona s&#8217;identifica com la Morr\u00edgan, una figura relacionada amb la guerra, el dest\u00ed i, en part, amb la sobirania de la terra.<\/p><p>Despr\u00e9s de la uni\u00f3, la Morr\u00edgan promet al Dagda la seva ajuda contra els Fomoiri i s&#8217;ofereix a xuclar la sang d&#8217;un cap enemic. La trobada \u00e9s, doncs, molt m\u00e9s que un episodi er\u00f2tic: \u00e9s una alian\u00e7a que decideix en part el resultat de la batalla.<\/p><p>La investigaci\u00f3 veu en aquests relats un patr\u00f3 recurrent de la <span class=\"iwg-fachbegriff\" data-tooltip=\"El conjunt dels relats m\u00edtics transmesos d'una cultura.\" tabindex=\"0\">mitologia<\/span> irlandesa, en el qual la uni\u00f3 d&#8217;una <span class=\"iwg-fachbegriff\" data-tooltip=\"Un \u00e9sser venerat com a div\u00ed dins d'una religi\u00f3.\" tabindex=\"0\">divinitat<\/span> masculina amb una dona que encarna la terra o la sobirania t\u00e9 una import\u00e0ncia central.<\/p><p>El moment de Samhain refor\u00e7a aquest sentit, ja que aquesta festa es considerava un temps llindar, en qu\u00e8 la frontera entre el m\u00f3n hum\u00e0 i l&#8217;Altre M\u00f3n es tornava permeable.<\/p><p>El Dagda tamb\u00e9 est\u00e0 relacionat amb un lloc concret del paisatge llegendari irland\u00e8s, el t\u00famul de Br\u00fa na B\u00f3inne, l&#8217;actual Newgrange.<\/p><p>Segons una <span class=\"iwg-fachbegriff\" data-tooltip=\"La transmissi\u00f3 de coneixements i relats al llarg de generacions.\" tabindex=\"0\">tradici\u00f3<\/span>, aquest lloc era la resid\u00e8ncia del Dagda, que m\u00e9s tard va perdre a favor del seu fill \u00d3engus mitjan\u00e7ant un enginy. El fet que un dels monuments prehist\u00f2rics m\u00e9s impressionants d&#8217;Irlanda fos atribu\u00eft mitol\u00f2gicament al Dagda mostra la seva posici\u00f3 destacada dins del pante\u00f3 irland\u00e8s.<\/p>\t\t\t\t\t\t\t\t<\/div>\n\t\t\t\t<\/div>\n\t\t\t\t\t<\/div>\n\t\t\t\t<\/div>\n\t\t<div class=\"elementor-element elementor-element-36dd7469 e-flex e-con-boxed e-con e-parent\" data-id=\"36dd7469\" data-element_type=\"container\" data-e-type=\"container\">\n\t\t\t\t\t<div class=\"e-con-inner\">\n\t\t\t\t<div class=\"elementor-element elementor-element-13760ab4 elementor-widget elementor-widget-heading\" data-id=\"13760ab4\" data-element_type=\"widget\" data-e-type=\"widget\" data-widget_type=\"heading.default\">\n\t\t\t\t\t<h2 class=\"elementor-heading-title elementor-size-default\">Enlla\u00e7os relacionats<\/h2>\t\t\t\t<\/div>\n\t\t<div class=\"elementor-element elementor-element-28c87796 e-con-full e-flex e-con e-child\" data-id=\"28c87796\" data-element_type=\"container\" data-e-type=\"container\">\n\t\t\t\t<div class=\"elementor-element elementor-element-5d6538df elementor-widget elementor-widget-text-editor\" data-id=\"5d6538df\" data-element_type=\"widget\" data-e-type=\"widget\" data-widget_type=\"text-editor.default\">\n\t\t\t\t\t\t\t\t\t<ul><li><a href=\"https:\/\/iwell-guard.com\/ca\/?page_id=171585\">Manannan mac Lir, d\u00e9u del mar<\/a><\/li><li><a href=\"https:\/\/iwell-guard.com\/ca\/?page_id=171584\">Lugh, d\u00e9u de la llum<\/a><\/li><\/ul>\n\t\t\t\t\t\t\t\t<\/div>\n\t\t\t\t<\/div>\n\t\t\t\t\t<\/div>\n\t\t\t\t<\/div>\n\t\t<div class=\"elementor-element elementor-element-grl4kl40 e-flex e-con-boxed e-con e-parent\" data-id=\"grl4kl40\" data-element_type=\"container\" data-e-type=\"container\">\n\t\t\t\t\t<div class=\"e-con-inner\">\n\t\t\t\t<div class=\"elementor-element elementor-element-bzsbfrmh elementor-widget elementor-widget-heading\" data-id=\"bzsbfrmh\" data-element_type=\"widget\" data-e-type=\"widget\" data-widget_type=\"heading.default\">\n\t\t\t\t\t<h2 class=\"elementor-heading-title elementor-size-default\">Fonts i bibliografia<\/h2>\t\t\t\t<\/div>\n\t\t<div class=\"elementor-element elementor-element-2c13224a e-con-full e-flex e-con e-child\" data-id=\"2c13224a\" data-element_type=\"container\" data-e-type=\"container\">\n\t\t\t\t<div class=\"elementor-element elementor-element-0eymh9ub elementor-widget elementor-widget-text-editor\" data-id=\"0eymh9ub\" data-element_type=\"widget\" data-e-type=\"widget\" data-widget_type=\"text-editor.default\">\n\t\t\t\t\t\t\t\t\t<footer class=\"iwg-literatur\" data-nosnippet=\"true\"><ul><li><span data-nosnippet>Mac Cana, P.: <em>Celtic Mythology<\/em>. Hamlyn Publishing, 1983.<\/span><\/li><li><span data-nosnippet>MacKillop, J.: <em>Dictionary of Celtic Mythology<\/em>. Oxford University Press, 2004.<\/span><\/li><\/ul>\n<\/footer>\n<p class=\"iwg-bib-more\"><span data-nosnippet>M\u00e9s obres de refer\u00e8ncia al <a href=\"https:\/\/iwell-guard.com\/ca\/?page_id=171483\">llistat bibliogr\u00e0fic<\/a>.<\/span><\/p>\t\t\t\t\t\t\t\t<\/div>\n\t\t\t\t<\/div>\n\t\t\t\t\t<\/div>\n\t\t\t\t<\/div>\n\t\t<div class=\"elementor-element elementor-element-95bfd36 e-con-boxed e-flex e-con e-parent\" data-id=\"95bfd36\" data-element_type=\"container\" data-e-type=\"container\">\n\t\t\t\t\t<div class=\"e-con-inner\">\n\t\t\t\t<div class=\"elementor-element elementor-element-33e4122 elementor-widget elementor-widget-text-editor\" data-id=\"33e4122\" data-element_type=\"widget\" data-e-type=\"widget\" data-widget_type=\"text-editor.default\">\n\t\t\t\t\t\t\t\t\t\n<h2>Preguntes freq\u00fcents sobre Dagda<\/h2>\n<div class=\"iwg-faq-q\"><h3>Qui \u00e9s el Dagda en la <span class=\"iwg-fachbegriff\" data-tooltip=\"El conjunt de relats m\u00edtics transmesos d'una cultura sobre els seus d\u00e9us.\" tabindex=\"0\">mitologia<\/span> irlandesa?<\/h3><p>El Dagda (irland\u00e8s antic An Dagda, el bon d\u00e9u) \u00e9s una de les figures divines m\u00e9s importants de la <span class=\"iwg-fachbegriff\" data-tooltip=\"El conjunt de relats m\u00edtics transmesos d'una cultura sobre els seus d\u00e9us.\" tabindex=\"0\">mitologia<\/span> irlandesa-c\u00e8ltica, el d\u00e9u pare dels Tuatha D\u00e9 Danann, el llinatge m\u00edtic de semid\u00e9us que va poblar Irlanda abans dels irlandesos. Els seus ep\u00edtets Eochaid Ollathair (Cavall-Pare de tots) i Ruad Ro-fhessa (Vermell Omniscient) mostren la seva posici\u00f3 com a d\u00e9u c\u00f2smic totpoder\u00f3s.<\/p><p>Posseeix tres artefactes m\u00e0gics: un calder (Coire) del qual ning\u00fa marxa amb fam; una enorme ma\u00e7a que amb un extrem mata i amb l&#8217;altre ressuscita; i una arpa que regula l&#8217;any.<\/p><\/div>\n<div class=\"iwg-faq-q\"><h3>Quins s\u00f3n els tres tresors del Dagda?<\/h3><p>Les tres possessions m\u00e0giques del Dagda simbolitzen la seva funci\u00f3 c\u00f2smica. El calder del Dagda (Coire ansic, l&#8217;Inesgotable) \u00e9s s\u00edmbol de l&#8217;abund\u00e0ncia inesgotable, probablement una forma precursora del motiu del Grial en la posterior tradici\u00f3 celta-cristiana. La ma\u00e7a Lorg M\u00f3r \u00e9s una eina de vida i mort que encarna la doble naturalesa c\u00f2smica del d\u00e9u pare. L&#8217;arpa Uaithne, finalment, regula l&#8217;any: quan el Dagda toca una melodia determinada, arriben l&#8217;estiu, l&#8217;hivern, el son o les ll\u00e0grimes sobre el m\u00f3n.<\/p><\/div>\n<script type=\"application\/ld+json\">{\"@context\":\"https:\/\/schema.org\",\"@type\":\"FAQPage\",\"mainEntity\":[{\"@type\":\"Question\",\"name\":\"Qui \u00e9s el Dagda en la mitologia irlandesa?\",\"acceptedAnswer\":{\"@type\":\"Answer\",\"text\":\"El Dagda (irland\u00e8s antic An Dagda, el bon d\u00e9u) \u00e9s una de les figures divines m\u00e9s importants de la mitologia irlandesa-c\u00e8ltica, el d\u00e9u pare dels Tuatha D\u00e9 Danann, el llinatge m\u00edtic de semid\u00e9us que va poblar Irlanda abans dels irlandesos. Els seus ep\u00edtets Eochaid Ollathair (Cavall-Pare de tots) i Ruad Ro-fhessa (Vermell Omniscient) mostren la seva posici\u00f3 com a d\u00e9u c\u00f2smic totpoder\u00f3s.Posseeix tres artefactes m\u00e0gics: un calder (Coire) del qual ning\u00fa marxa amb fam; una enorme ma\u00e7a que amb un extrem mata i amb l'altre ressuscita; i una arpa que regula l'any.\"}},{\"@type\":\"Question\",\"name\":\"Quins s\u00f3n els tres tresors del Dagda?\",\"acceptedAnswer\":{\"@type\":\"Answer\",\"text\":\"Les tres possessions m\u00e0giques del Dagda simbolitzen la seva funci\u00f3 c\u00f2smica. El calder del Dagda (Coire ansic, l'Inesgotable) \u00e9s s\u00edmbol de l'abund\u00e0ncia inesgotable, probablement una forma precursora del motiu del Grial en la posterior tradici\u00f3 celta-cristiana. La ma\u00e7a Lorg M\u00f3r \u00e9s una eina de vida i mort que encarna la doble naturalesa c\u00f2smica del d\u00e9u pare. L'arpa Uaithne, finalment, regula l'any: quan el Dagda toca una melodia determinada, arriben l'estiu, l'hivern, el son o les ll\u00e0grimes sobre el m\u00f3n.\"}}]}<\/script>\t\t\t\t\t\t\t\t<\/div>\n\t\t\t\t\t<\/div>\n\t\t\t\t<\/div>\n\t\t\t\t<\/div>\n\t\t","protected":false},"excerpt":{"rendered":"","protected":false},"author":3,"featured_media":1750,"parent":0,"menu_order":0,"comment_status":"closed","ping_status":"closed","template":"elementor_header_footer","meta":{"_yoast_wpseo_focuskw":"Dagda","_yoast_wpseo_title":"Dagda \u2013 d\u00e9u celta pare i patriarca tribal","_yoast_wpseo_metadesc":"Dagda, el Bon D\u00e9u de la tradici\u00f3 irlandesa: pare dels Tuatha D\u00e9 Danann, senyor del calder Coire Ansic i d'una arpa que governa les estacions.","_yoast_wpseo_meta-robots-noindex":"","_yoast_wpseo_canonical":"","_angie_page":false,"gefaehrdungsstufe":"2","wesen_kultur":"keltisch","wesen_klasse":"goetter","footnotes":""},"categories":[],"class_list":["post-171512","page","type-page","status-publish","has-post-thumbnail","hentry"],"yoast_head":"<!-- This site is optimized with the Yoast SEO Premium plugin v27.7 (Yoast SEO v28.3) - https:\/\/yoast.com\/product\/yoast-seo-premium-wordpress\/ -->\n<title>Dagda \u2013 d\u00e9u celta pare i patriarca tribal<\/title>\n<meta name=\"description\" content=\"Dagda, el Bon D\u00e9u de la tradici\u00f3 irlandesa: pare dels Tuatha D\u00e9 Danann, senyor del calder Coire Ansic i d&#039;una arpa que governa les estacions.\" \/>\n<meta name=\"robots\" content=\"index, follow, max-snippet:-1, max-image-preview:large, max-video-preview:-1\" \/>\n<link rel=\"canonical\" href=\"https:\/\/iwell-guard.com\/ca\/dagda\/\" \/>\n<meta property=\"og:locale\" content=\"ca_ES\" \/>\n<meta property=\"og:type\" content=\"article\" \/>\n<meta property=\"og:title\" content=\"Dagda\" \/>\n<meta property=\"og:description\" content=\"Dagda, el Bon D\u00e9u de la tradici\u00f3 irlandesa: pare dels Tuatha D\u00e9 Danann, senyor del calder Coire Ansic i d&#039;una arpa que governa les estacions.\" \/>\n<meta property=\"og:url\" content=\"https:\/\/iwell-guard.com\/ca\/dagda\/\" \/>\n<meta property=\"og:site_name\" content=\"iWell Guard\" \/>\n<meta property=\"article:modified_time\" content=\"2026-09-05T15:59:41+00:00\" \/>\n<meta property=\"og:image\" content=\"https:\/\/iwell-guard.com\/wp-content\/uploads\/2026\/04\/goetter_keltisch_dagda.webp\" \/>\n\t<meta property=\"og:image:width\" content=\"1024\" \/>\n\t<meta property=\"og:image:height\" content=\"1536\" \/>\n\t<meta property=\"og:image:type\" content=\"image\/webp\" \/>\n<meta name=\"twitter:card\" content=\"summary_large_image\" \/>\n<script type=\"application\/ld+json\" class=\"yoast-schema-graph\">{\"@context\":\"https:\\\/\\\/schema.org\",\"@graph\":[{\"@type\":\"WebPage\",\"@id\":\"https:\\\/\\\/iwell-guard.com\\\/ca\\\/dagda\\\/\",\"url\":\"https:\\\/\\\/iwell-guard.com\\\/ca\\\/dagda\\\/\",\"name\":\"Dagda \u2013 d\u00e9u celta pare i patriarca tribal\",\"isPartOf\":{\"@id\":\"https:\\\/\\\/iwell-guard.com\\\/ca\\\/#website\"},\"primaryImageOfPage\":{\"@id\":\"https:\\\/\\\/iwell-guard.com\\\/ca\\\/dagda\\\/#primaryimage\"},\"image\":{\"@id\":\"https:\\\/\\\/iwell-guard.com\\\/ca\\\/dagda\\\/#primaryimage\"},\"thumbnailUrl\":\"https:\\\/\\\/iwell-guard.com\\\/wp-content\\\/uploads\\\/2026\\\/04\\\/goetter_keltisch_dagda.webp\",\"datePublished\":\"2026-09-05T15:40:00+00:00\",\"dateModified\":\"2026-09-05T15:59:41+00:00\",\"description\":\"Dagda, el Bon D\u00e9u de la tradici\u00f3 irlandesa: pare dels Tuatha D\u00e9 Danann, senyor del calder Coire Ansic i d'una arpa que governa les estacions.\",\"breadcrumb\":{\"@id\":\"https:\\\/\\\/iwell-guard.com\\\/ca\\\/dagda\\\/#breadcrumb\"},\"inLanguage\":\"ca\",\"potentialAction\":[{\"@type\":\"ReadAction\",\"target\":[\"https:\\\/\\\/iwell-guard.com\\\/ca\\\/dagda\\\/\"]}]},{\"@type\":\"ImageObject\",\"inLanguage\":\"ca\",\"@id\":\"https:\\\/\\\/iwell-guard.com\\\/ca\\\/dagda\\\/#primaryimage\",\"url\":\"https:\\\/\\\/iwell-guard.com\\\/wp-content\\\/uploads\\\/2026\\\/04\\\/goetter_keltisch_dagda.webp\",\"contentUrl\":\"https:\\\/\\\/iwell-guard.com\\\/wp-content\\\/uploads\\\/2026\\\/04\\\/goetter_keltisch_dagda.webp\",\"width\":1024,\"height\":1536,\"caption\":\"D\u00e9us de la tradici\u00f3 c\u00e8ltica.\"},{\"@type\":\"BreadcrumbList\",\"@id\":\"https:\\\/\\\/iwell-guard.com\\\/ca\\\/dagda\\\/#breadcrumb\",\"itemListElement\":[{\"@type\":\"ListItem\",\"position\":1,\"name\":\"Start\",\"item\":\"https:\\\/\\\/iwell-guard.com\\\/ca\\\/?page_id=171333\"},{\"@type\":\"ListItem\",\"position\":2,\"name\":\"Dagda\"}]},{\"@type\":\"WebSite\",\"@id\":\"https:\\\/\\\/iwell-guard.com\\\/ca\\\/#website\",\"url\":\"https:\\\/\\\/iwell-guard.com\\\/ca\\\/\",\"name\":\"iWell Guard\",\"description\":\"Schutz vor dunklen Einfl\u00fcssen\",\"publisher\":{\"@id\":\"https:\\\/\\\/iwell-guard.com\\\/ca\\\/#organization\"},\"potentialAction\":[{\"@type\":\"SearchAction\",\"target\":{\"@type\":\"EntryPoint\",\"urlTemplate\":\"https:\\\/\\\/iwell-guard.com\\\/ca\\\/?s={search_term_string}\"},\"query-input\":{\"@type\":\"PropertyValueSpecification\",\"valueRequired\":true,\"valueName\":\"search_term_string\"}}],\"inLanguage\":\"ca\"},{\"@type\":\"Organization\",\"@id\":\"https:\\\/\\\/iwell-guard.com\\\/ca\\\/#organization\",\"name\":\"Ittermann electronic GmbH\",\"url\":\"https:\\\/\\\/iwell-guard.com\\\/ca\\\/\",\"logo\":{\"@type\":\"ImageObject\",\"inLanguage\":\"ca\",\"@id\":\"https:\\\/\\\/iwell-guard.com\\\/ca\\\/#\\\/schema\\\/logo\\\/image\\\/\",\"url\":\"https:\\\/\\\/iwell-guard.com\\\/wp-content\\\/uploads\\\/2026\\\/05\\\/Ittermann-Logo-1182x237-1.png\",\"contentUrl\":\"https:\\\/\\\/iwell-guard.com\\\/wp-content\\\/uploads\\\/2026\\\/05\\\/Ittermann-Logo-1182x237-1.png\",\"width\":1182,\"height\":237,\"caption\":\"Ittermann electronic GmbH\"},\"image\":{\"@id\":\"https:\\\/\\\/iwell-guard.com\\\/ca\\\/#\\\/schema\\\/logo\\\/image\\\/\"},\"sameAs\":[\"https:\\\/\\\/pantip.com\\\/profile\\\/9367242\",\"https:\\\/\\\/micro.blog\\\/iwellguard\",\"https:\\\/\\\/www.diggerslist.com\\\/iwellguard\\\/about\",\"https:\\\/\\\/skitterphoto.com\\\/photographers\\\/2870314\\\/iwell-guard\",\"https:\\\/\\\/iwellguard.wordpress.com\\\/2026\\\/06\\\/06\\\/iwell-guard\\\/\",\"https:\\\/\\\/hub.docker.com\\\/u\\\/iwellguard\",\"https:\\\/\\\/www.pinterest.com\\\/iwellguard\\\/\",\"https:\\\/\\\/bit.ly\\\/m\\\/iwellguard\",\"https:\\\/\\\/entre-vos-mains.alsace.eu\\\/profiles\\\/iwellguard\\\/activity\",\"https:\\\/\\\/gravatar.com\\\/reallybeded8fd34\",\"https:\\\/\\\/naijamatta.com\\\/iwellguard\",\"https:\\\/\\\/www.goodreads.com\\\/iwellguard\",\"https:\\\/\\\/profile.hatena.ne.jp\\\/iwellguard\\\/\",\"https:\\\/\\\/experiment.com\\\/users\\\/iwellguard\",\"https:\\\/\\\/wakelet.com\\\/@iWellGuard82270\",\"https:\\\/\\\/www.chordie.com\\\/forum\\\/profile.php?id=2555664\",\"https:\\\/\\\/www.instapaper.com\\\/p\\\/17757966\",\"https:\\\/\\\/www.mapleprimes.com\\\/users\\\/iwellguard\",\"https:\\\/\\\/businesslistingplus.com\\\/profile\\\/iwell-guard\\\/\",\"https:\\\/\\\/telegra.ph\\\/iWell-Guard-06-06\",\"https:\\\/\\\/pbase.com\\\/iwellguard\\\/iwellguard\",\"https:\\\/\\\/b.hatena.ne.jp\\\/iwellguard\\\/20260607#bookmark-4788405196491818882\",\"https:\\\/\\\/fliphtml5.com\\\/home\\\/iwellguard\",\"https:\\\/\\\/anyflip.com\\\/homepage\\\/cmiwl#About\",\"https:\\\/\\\/transfur.com\\\/Users\\\/iwellguard\",\"http:\\\/\\\/delphi.larsbo.org\\\/user\\\/iwellguard\",\"https:\\\/\\\/jobs.lajobsportal.org\\\/profiles\\\/8380803-iwell-guard\",\"https:\\\/\\\/md.chaosdorf.de\\\/s\\\/jfbe5SBdJD\",\"https:\\\/\\\/www.lingvolive.com\\\/en-us\\\/profile\\\/9ecaeaca-ce11-4e51-9e71-01d55e2bff36\\\/translations\",\"https:\\\/\\\/www.fitday.com\\\/fitness\\\/forums\\\/members\\\/iwellguard.html\",\"https:\\\/\\\/www.mymeetbook.com\\\/iwellguard\",\"https:\\\/\\\/pxhere.com\\\/en\\\/photographer-me\\\/5040798\",\"https:\\\/\\\/disqus.com\\\/by\\\/iwellguard\\\/about\\\/\",\"https:\\\/\\\/pastelink.net\\\/hjwciqwq\",\"https:\\\/\\\/pubhtml5.com\\\/homepage\\\/scjhn\\\/\",\"https:\\\/\\\/www.bitchute.com\\\/channel\\\/2O2eOKzNqujT\",\"https:\\\/\\\/audiomack.com\\\/iwellguard\"]},{\"@type\":\"Article\",\"@id\":\"https:\\\/\\\/iwell-guard.com\\\/ca\\\/dagda\\\/#article\",\"isPartOf\":{\"@id\":\"https:\\\/\\\/iwell-guard.com\\\/ca\\\/dagda\\\/\"},\"author\":{\"name\":\"Ralf Ittermann\",\"@id\":\"https:\\\/\\\/iwell-guard.com\\\/ca\\\/#\\\/schema\\\/person\\\/ee2a27f1cac3406c7c6fb5820cb7349f\"},\"headline\":\"Dagda\",\"datePublished\":\"2026-09-05T15:40:00+00:00\",\"dateModified\":\"2026-09-05T15:59:41+00:00\",\"mainEntityOfPage\":{\"@id\":\"https:\\\/\\\/iwell-guard.com\\\/ca\\\/dagda\\\/\"},\"publisher\":{\"@id\":\"https:\\\/\\\/iwell-guard.com\\\/ca\\\/#organization\"},\"image\":{\"@id\":\"https:\\\/\\\/iwell-guard.com\\\/ca\\\/dagda\\\/#primaryimage\"},\"thumbnailUrl\":\"https:\\\/\\\/iwell-guard.com\\\/wp-content\\\/uploads\\\/2026\\\/04\\\/goetter_keltisch_dagda.webp\",\"inLanguage\":\"ca\",\"description\":\"Dagda, el Bon D\u00e9u de la tradici\u00f3 irlandesa: pare dels Tuatha D\u00e9 Danann, senyor del calder Coire Ansic i d'una arpa que governa les estacions.\"}]}<\/script>\n<!-- \/ Yoast SEO Premium plugin. -->","yoast_head_json":{"title":"Dagda \u2013 d\u00e9u celta pare i patriarca tribal","description":"Dagda, el Bon D\u00e9u de la tradici\u00f3 irlandesa: pare dels Tuatha D\u00e9 Danann, senyor del calder Coire Ansic i d'una arpa que governa les estacions.","robots":{"index":"index","follow":"follow","max-snippet":"max-snippet:-1","max-image-preview":"max-image-preview:large","max-video-preview":"max-video-preview:-1"},"canonical":"https:\/\/iwell-guard.com\/ca\/dagda\/","og_locale":"ca_ES","og_type":"article","og_title":"Dagda","og_description":"Dagda, el Bon D\u00e9u de la tradici\u00f3 irlandesa: pare dels Tuatha D\u00e9 Danann, senyor del calder Coire Ansic i d'una arpa que governa les estacions.","og_url":"https:\/\/iwell-guard.com\/ca\/dagda\/","og_site_name":"iWell Guard","article_modified_time":"2026-09-05T15:59:41+00:00","og_image":[{"width":1024,"height":1536,"url":"https:\/\/iwell-guard.com\/wp-content\/uploads\/2026\/04\/goetter_keltisch_dagda.webp","type":"image\/webp"}],"twitter_card":"summary_large_image","schema":{"@context":"https:\/\/schema.org","@graph":[{"@type":"Article","@id":"https:\/\/iwell-guard.com\/ca\/dagda\/#article","isPartOf":{"@id":"https:\/\/iwell-guard.com\/ca\/dagda\/"},"author":{"name":"Ralf Ittermann","@id":"https:\/\/iwell-guard.com\/ca\/#\/schema\/person\/ee2a27f1cac3406c7c6fb5820cb7349f"},"headline":"Dagda","datePublished":"2026-09-05T15:40:00+00:00","dateModified":"2026-09-05T15:59:41+00:00","mainEntityOfPage":{"@id":"https:\/\/iwell-guard.com\/ca\/dagda\/"},"publisher":{"@id":"https:\/\/iwell-guard.com\/ca\/#organization"},"image":{"@id":"https:\/\/iwell-guard.com\/ca\/dagda\/#primaryimage"},"thumbnailUrl":"https:\/\/iwell-guard.com\/wp-content\/uploads\/2026\/04\/goetter_keltisch_dagda.webp","inLanguage":"ca","description":"Dagda, el Bon D\u00e9u de la tradici\u00f3 irlandesa: pare dels Tuatha D\u00e9 Danann, senyor del calder Coire Ansic i d'una arpa que governa les estacions."},{"@type":"WebPage","@id":"https:\/\/iwell-guard.com\/ca\/dagda\/","url":"https:\/\/iwell-guard.com\/ca\/dagda\/","name":"Dagda \u2013 d\u00e9u celta pare i patriarca tribal","isPartOf":{"@id":"https:\/\/iwell-guard.com\/ca\/#website"},"primaryImageOfPage":{"@id":"https:\/\/iwell-guard.com\/ca\/dagda\/#primaryimage"},"image":{"@id":"https:\/\/iwell-guard.com\/ca\/dagda\/#primaryimage"},"thumbnailUrl":"https:\/\/iwell-guard.com\/wp-content\/uploads\/2026\/04\/goetter_keltisch_dagda.webp","datePublished":"2026-09-05T15:40:00+00:00","dateModified":"2026-09-05T15:59:41+00:00","description":"Dagda, el Bon D\u00e9u de la tradici\u00f3 irlandesa: pare dels Tuatha D\u00e9 Danann, senyor del calder Coire Ansic i d'una arpa que governa les estacions.","breadcrumb":{"@id":"https:\/\/iwell-guard.com\/ca\/dagda\/#breadcrumb"},"inLanguage":"ca","potentialAction":[{"@type":"ReadAction","target":["https:\/\/iwell-guard.com\/ca\/dagda\/"]}]},{"@type":"ImageObject","inLanguage":"ca","@id":"https:\/\/iwell-guard.com\/ca\/dagda\/#primaryimage","url":"https:\/\/iwell-guard.com\/wp-content\/uploads\/2026\/04\/goetter_keltisch_dagda.webp","contentUrl":"https:\/\/iwell-guard.com\/wp-content\/uploads\/2026\/04\/goetter_keltisch_dagda.webp","width":1024,"height":1536,"caption":"D\u00e9us de la tradici\u00f3 c\u00e8ltica."},{"@type":"BreadcrumbList","@id":"https:\/\/iwell-guard.com\/ca\/dagda\/#breadcrumb","itemListElement":[{"@type":"ListItem","position":1,"name":"Start","item":"https:\/\/iwell-guard.com\/ca\/?page_id=171333"},{"@type":"ListItem","position":2,"name":"Dagda"}]},{"@type":"WebSite","@id":"https:\/\/iwell-guard.com\/ca\/#website","url":"https:\/\/iwell-guard.com\/ca\/","name":"iWell Guard","description":"Schutz vor dunklen Einfl\u00fcssen","publisher":{"@id":"https:\/\/iwell-guard.com\/ca\/#organization"},"potentialAction":[{"@type":"SearchAction","target":{"@type":"EntryPoint","urlTemplate":"https:\/\/iwell-guard.com\/ca\/?s={search_term_string}"},"query-input":{"@type":"PropertyValueSpecification","valueRequired":true,"valueName":"search_term_string"}}],"inLanguage":"ca"},{"@type":"Organization","@id":"https:\/\/iwell-guard.com\/ca\/#organization","name":"Ittermann electronic GmbH","url":"https:\/\/iwell-guard.com\/ca\/","logo":{"@type":"ImageObject","inLanguage":"ca","@id":"https:\/\/iwell-guard.com\/ca\/#\/schema\/logo\/image\/","url":"https:\/\/iwell-guard.com\/wp-content\/uploads\/2026\/05\/Ittermann-Logo-1182x237-1.png","contentUrl":"https:\/\/iwell-guard.com\/wp-content\/uploads\/2026\/05\/Ittermann-Logo-1182x237-1.png","width":1182,"height":237,"caption":"Ittermann electronic GmbH"},"image":{"@id":"https:\/\/iwell-guard.com\/ca\/#\/schema\/logo\/image\/"},"sameAs":["https:\/\/pantip.com\/profile\/9367242","https:\/\/micro.blog\/iwellguard","https:\/\/www.diggerslist.com\/iwellguard\/about","https:\/\/skitterphoto.com\/photographers\/2870314\/iwell-guard","https:\/\/iwellguard.wordpress.com\/2026\/06\/06\/iwell-guard\/","https:\/\/hub.docker.com\/u\/iwellguard","https:\/\/www.pinterest.com\/iwellguard\/","https:\/\/bit.ly\/m\/iwellguard","https:\/\/entre-vos-mains.alsace.eu\/profiles\/iwellguard\/activity","https:\/\/gravatar.com\/reallybeded8fd34","https:\/\/naijamatta.com\/iwellguard","https:\/\/www.goodreads.com\/iwellguard","https:\/\/profile.hatena.ne.jp\/iwellguard\/","https:\/\/experiment.com\/users\/iwellguard","https:\/\/wakelet.com\/@iWellGuard82270","https:\/\/www.chordie.com\/forum\/profile.php?id=2555664","https:\/\/www.instapaper.com\/p\/17757966","https:\/\/www.mapleprimes.com\/users\/iwellguard","https:\/\/businesslistingplus.com\/profile\/iwell-guard\/","https:\/\/telegra.ph\/iWell-Guard-06-06","https:\/\/pbase.com\/iwellguard\/iwellguard","https:\/\/b.hatena.ne.jp\/iwellguard\/20260607#bookmark-4788405196491818882","https:\/\/fliphtml5.com\/home\/iwellguard","https:\/\/anyflip.com\/homepage\/cmiwl#About","https:\/\/transfur.com\/Users\/iwellguard","http:\/\/delphi.larsbo.org\/user\/iwellguard","https:\/\/jobs.lajobsportal.org\/profiles\/8380803-iwell-guard","https:\/\/md.chaosdorf.de\/s\/jfbe5SBdJD","https:\/\/www.lingvolive.com\/en-us\/profile\/9ecaeaca-ce11-4e51-9e71-01d55e2bff36\/translations","https:\/\/www.fitday.com\/fitness\/forums\/members\/iwellguard.html","https:\/\/www.mymeetbook.com\/iwellguard","https:\/\/pxhere.com\/en\/photographer-me\/5040798","https:\/\/disqus.com\/by\/iwellguard\/about\/","https:\/\/pastelink.net\/hjwciqwq","https:\/\/pubhtml5.com\/homepage\/scjhn\/","https:\/\/www.bitchute.com\/channel\/2O2eOKzNqujT","https:\/\/audiomack.com\/iwellguard"]},{"@type":"Person","@id":"https:\/\/iwell-guard.com\/ca\/#\/schema\/person\/ee2a27f1cac3406c7c6fb5820cb7349f","name":"Ralf Ittermann","image":{"@type":"ImageObject","inLanguage":"ca","@id":"https:\/\/secure.gravatar.com\/avatar\/073c0153e350a5005b68eb752b445fea71f6b24a26da9449ad7e155e6b446c9d?s=96&d=mm&r=g","url":"https:\/\/secure.gravatar.com\/avatar\/073c0153e350a5005b68eb752b445fea71f6b24a26da9449ad7e155e6b446c9d?s=96&d=mm&r=g","contentUrl":"https:\/\/secure.gravatar.com\/avatar\/073c0153e350a5005b68eb752b445fea71f6b24a26da9449ad7e155e6b446c9d?s=96&d=mm&r=g","caption":"Ralf Ittermann"},"givenName":"Ralf","familyName":"Ittermann","jobTitle":"Gesch\u00e4ftsf\u00fchrer und redaktioneller Verantwortlicher","url":"https:\/\/iwell-guard.com\/ca\/author\/claude\/","description":"Ralf Ittermann ist Gesch\u00e4ftsf\u00fchrer der Ittermann electronic GmbH und redaktioneller Verantwortlicher des iWell-Guard-Lexikons. Er verbindet langj\u00e4hrige Erfahrung in der Pr\u00e4zisionsfertigung mit medialer Praxis und religionsgeschichtlicher Quellenarbeit.","worksFor":{"@type":"Organization","name":"Ittermann electronic GmbH","url":"https:\/\/ittermann.de\/","address":{"@type":"PostalAddress","streetAddress":"K\u00f6hlergasse 16-18","postalCode":"99842","addressLocality":"Ruhla","addressCountry":"DE"}},"knowsAbout":["Religionsgeschichte","Mythologie","Mediale Praxis","Energetische Diagnostik","Schutzpraxis","Volksglauben","Westliche Esoterik"]},{"@type":"Article","@id":"https:\/\/iwell-guard.com\/ca\/dagda\/#article","isPartOf":{"@id":"https:\/\/iwell-guard.com\/ca\/dagda\/"},"author":{"name":"Ralf Ittermann","@id":"https:\/\/iwell-guard.com\/ca\/#\/schema\/person\/ee2a27f1cac3406c7c6fb5820cb7349f"},"headline":"Dagda","datePublished":"2026-09-05T15:40:00+00:00","dateModified":"2026-09-05T15:59:41+00:00","mainEntityOfPage":{"@id":"https:\/\/iwell-guard.com\/ca\/dagda\/"},"publisher":{"@id":"https:\/\/iwell-guard.com\/ca\/#organization"},"image":{"@id":"https:\/\/iwell-guard.com\/ca\/dagda\/#primaryimage"},"thumbnailUrl":"https:\/\/iwell-guard.com\/wp-content\/uploads\/2026\/04\/goetter_keltisch_dagda.webp","inLanguage":"ca","description":"Dagda, el Bon D\u00e9u de la tradici\u00f3 irlandesa: pare dels Tuatha D\u00e9 Danann, senyor del calder Coire Ansic i d'una arpa que governa les estacions."}]}},"_links":{"self":[{"href":"https:\/\/iwell-guard.com\/ca\/wp-json\/wp\/v2\/pages\/171512","targetHints":{"allow":["GET"]}}],"collection":[{"href":"https:\/\/iwell-guard.com\/ca\/wp-json\/wp\/v2\/pages"}],"about":[{"href":"https:\/\/iwell-guard.com\/ca\/wp-json\/wp\/v2\/types\/page"}],"author":[{"embeddable":true,"href":"https:\/\/iwell-guard.com\/ca\/wp-json\/wp\/v2\/users\/3"}],"replies":[{"embeddable":true,"href":"https:\/\/iwell-guard.com\/ca\/wp-json\/wp\/v2\/comments?post=171512"}],"version-history":[{"count":0,"href":"https:\/\/iwell-guard.com\/ca\/wp-json\/wp\/v2\/pages\/171512\/revisions"}],"wp:featuredmedia":[{"embeddable":true,"href":"https:\/\/iwell-guard.com\/ca\/wp-json\/wp\/v2\/media\/1750"}],"wp:attachment":[{"href":"https:\/\/iwell-guard.com\/ca\/wp-json\/wp\/v2\/media?parent=171512"}],"wp:term":[{"taxonomy":"category","embeddable":true,"href":"https:\/\/iwell-guard.com\/ca\/wp-json\/wp\/v2\/categories?post=171512"}],"curies":[{"name":"wp","href":"https:\/\/api.w.org\/{rel}","templated":true}]}}