{"id":171511,"date":"2026-09-05T15:39:59","date_gmt":"2026-09-05T15:39:59","guid":{"rendered":"https:\/\/iwell-guard.com\/?page_id=171511"},"modified":"2026-09-05T15:59:38","modified_gmt":"2026-09-05T15:59:38","slug":"mikail","status":"publish","type":"page","link":"https:\/\/iwell-guard.com\/ca\/mikail\/","title":{"rendered":"Mikail"},"content":{"rendered":"\t\t<div data-elementor-type=\"wp-page\" data-elementor-id=\"171511\" class=\"elementor elementor-171511 elementor-1980 elementor-bc-flex-widget\" data-elementor-post-type=\"page\">\n\t\t\t\t<div class=\"elementor-element elementor-element-10fdade e-flex e-con-boxed e-con e-parent\" data-id=\"10fdade\" data-element_type=\"container\" data-e-type=\"container\" data-settings=\"{&quot;background_background&quot;:&quot;classic&quot;}\">\n\t\t\t\t\t<div class=\"e-con-inner\">\n\t\t<div class=\"elementor-element elementor-element-herohlft0 e-flex e-con-boxed e-con e-child\" data-id=\"herohlft0\" data-element_type=\"container\" data-e-type=\"container\">\n\t\t\t\t\t<div class=\"e-con-inner\">\n\t\t<div class=\"elementor-element elementor-element-c3ceb64 e-con-full e-flex e-con e-child\" data-id=\"c3ceb64\" data-element_type=\"container\" data-e-type=\"container\">\n\t\t\t\t<div class=\"elementor-element elementor-element-96ae5e1 elementor-widget elementor-widget-heading\" data-id=\"96ae5e1\" data-element_type=\"widget\" data-e-type=\"widget\" data-widget_type=\"heading.default\">\n\t\t\t\t\t<h1 class=\"elementor-heading-title elementor-size-default\">Mikail, d\u00e9u de la tradici\u00f3 isl\u00e0mica<\/h1>\t\t\t\t<\/div>\n\t\t\t\t<div class=\"elementor-element elementor-element-e45238a elementor-widget elementor-widget-text-editor\" data-id=\"e45238a\" data-element_type=\"widget\" data-e-type=\"widget\" data-widget_type=\"text-editor.default\">\n\t\t\t\t\t\t\t\t\t<p>Mikail \u00e9s la figura arcang\u00e8lica de la tradici\u00f3 isl\u00e0mica, missatger de D\u00e9u i prove\u00efdor d&#8217;aliment i <span class=\"iwg-fachbegriff\" data-tooltip=\"Manifestaci\u00f3 de b\u00e9 i protecci\u00f3 a trav\u00e9s de la paraula, sovint en forma fixa.\" tabindex=\"0\">benedicci\u00f3<\/span>. La seva import\u00e0ncia des del punt de vista de la ci\u00e8ncia de la religi\u00f3 rau en la personificaci\u00f3 de la cura divina, en el suport als creients contra els adversaris demon\u00edacs i en la revelaci\u00f3 cor\u00e1nica com un dels \u00e9ssers celestials m\u00e9s poderosos d&#8217;Al\u00b7l\u00e0.<\/p>\t\t\t\t\t\t\t\t<\/div>\n\t\t\t\t<\/div>\n\t\t<div class=\"elementor-element elementor-element-klsbdg01 e-con-full e-flex e-con e-parent\" data-id=\"klsbdg01\" data-element_type=\"container\" data-e-type=\"container\">\n\t\t\t\t<div class=\"elementor-element elementor-element-klshtm01 elementor-widget elementor-widget-html\" data-id=\"klshtm01\" data-element_type=\"widget\" data-e-type=\"widget\" data-widget_type=\"html.default\">\n\t\t\t\t\t<div class=\"iwg-pill-row\"><span class=\"iwg-klasse-badge\" tabindex=\"0\" data-tooltip=\"\u00c9ssers de llum: \u00e9ssers il\u00b7luminats, protectors o instructors, arc\u00e0ngels, mestres ascendits, \u00e9ssers de la natura lluminosos. Descrits en tradicions espirituals antigues i modernes com a ajudants i mestres.\">\u00c9sser de llum<\/span><a href=\"https:\/\/iwell-guard.com\/ca\/?page_id=171365\" class=\"iwg-kultur-badge\" tabindex=\"0\" data-tooltip=\"M\u00f3n de creences isl\u00e0mic amb arc\u00e0ngels, djinns i \u00e9ssers religiosos.\">Islam<\/a><span class=\"iwg-tradition-badge\" tabindex=\"0\" data-tooltip=\"Arc\u00e0ngel, la classe ang\u00e8lica m\u00e9s alta en la tradici\u00f3 jueva, cristiana i isl\u00e0mica.\">Arc\u00e0ngel<\/span><\/div>\t\t\t\t<\/div>\n\t\t\t\t<\/div>\n\t\t<div class=\"elementor-element elementor-element-3f74855 e-con-full e-flex e-con e-child\" data-id=\"3f74855\" data-element_type=\"container\" data-e-type=\"container\">\n\t\t\t\t<div class=\"elementor-element elementor-element-1c30362 elementor-toc--minimized-on-tablet elementor-widget elementor-widget-table-of-contents\" data-id=\"1c30362\" data-element_type=\"widget\" data-e-type=\"widget\" data-settings=\"{&quot;exclude_headings_by_selector&quot;:[],&quot;no_headings_message&quot;:&quot;No s&#039;ha trobat cap encap\\u00e7alament en aquesta p\\u00e0gina.&quot;,&quot;headings_by_tags&quot;:[&quot;h2&quot;,&quot;h3&quot;],&quot;marker_view&quot;:&quot;bullets&quot;,&quot;minimize_box&quot;:&quot;yes&quot;,&quot;icon&quot;:{&quot;value&quot;:&quot;fas fa-circle&quot;,&quot;library&quot;:&quot;fa-solid&quot;,&quot;rendered_tag&quot;:&quot;&lt;svg class=\\&quot;e-font-icon-svg e-fas-circle\\&quot; viewBox=\\&quot;0 0 512 512\\&quot; xmlns=\\&quot;http:\\\/\\\/www.w3.org\\\/2000\\\/svg\\&quot;&gt;&lt;path d=\\&quot;M256 8C119 8 8 119 8 256s111 248 248 248 248-111 248-248S393 8 256 8z\\&quot;&gt;&lt;\\\/path&gt;&lt;\\\/svg&gt;&quot;},&quot;minimized_on&quot;:&quot;tablet&quot;,&quot;hierarchical_view&quot;:&quot;yes&quot;,&quot;min_height&quot;:{&quot;unit&quot;:&quot;px&quot;,&quot;size&quot;:&quot;&quot;,&quot;sizes&quot;:[]},&quot;min_height_tablet&quot;:{&quot;unit&quot;:&quot;px&quot;,&quot;size&quot;:&quot;&quot;,&quot;sizes&quot;:[]},&quot;min_height_mobile&quot;:{&quot;unit&quot;:&quot;px&quot;,&quot;size&quot;:&quot;&quot;,&quot;sizes&quot;:[]}}\" data-widget_type=\"table-of-contents.default\">\n\t\t\t\t\t\t\t\t\t<div class=\"elementor-toc__header\">\n\t\t\t\t\t\t<h2 class=\"elementor-toc__header-title\">\n\t\t\t\t\u00cdndex\t\t\t<\/h2>\n\t\t\t\t\t\t\t\t\t\t<div class=\"elementor-toc__toggle-button elementor-toc__toggle-button--expand\" role=\"button\" tabindex=\"0\" aria-controls=\"elementor-toc__1c30362\" aria-expanded=\"true\" aria-label=\"Open table of contents\"><svg aria-hidden=\"true\" class=\"e-font-icon-svg e-fas-chevron-down\" viewBox=\"0 0 448 512\" xmlns=\"http:\/\/www.w3.org\/2000\/svg\"><path d=\"M207.029 381.476L12.686 187.132c-9.373-9.373-9.373-24.569 0-33.941l22.667-22.667c9.357-9.357 24.522-9.375 33.901-.04L224 284.505l154.745-154.021c9.379-9.335 24.544-9.317 33.901.04l22.667 22.667c9.373 9.373 9.373 24.569 0 33.941L240.971 381.476c-9.373 9.372-24.569 9.372-33.942 0z\"><\/path><\/svg><\/div>\n\t\t\t\t<div class=\"elementor-toc__toggle-button elementor-toc__toggle-button--collapse\" role=\"button\" tabindex=\"0\" aria-controls=\"elementor-toc__1c30362\" aria-expanded=\"true\" aria-label=\"Close table of contents\"><svg aria-hidden=\"true\" class=\"e-font-icon-svg e-fas-chevron-up\" viewBox=\"0 0 448 512\" xmlns=\"http:\/\/www.w3.org\/2000\/svg\"><path d=\"M240.971 130.524l194.343 194.343c9.373 9.373 9.373 24.569 0 33.941l-22.667 22.667c-9.357 9.357-24.522 9.375-33.901.04L224 227.495 69.255 381.516c-9.379 9.335-24.544 9.317-33.901-.04l-22.667-22.667c-9.373-9.373-9.373-24.569 0-33.941L207.03 130.525c9.372-9.373 24.568-9.373 33.941-.001z\"><\/path><\/svg><\/div>\n\t\t\t\t\t<\/div>\n\t\t\t\t<div id=\"elementor-toc__1c30362\" class=\"elementor-toc__body\">\n\t\t\t<div class=\"elementor-toc__spinner-container\">\n\t\t\t\t<svg class=\"elementor-toc__spinner eicon-animation-spin e-font-icon-svg e-eicon-loading\" aria-hidden=\"true\" viewBox=\"0 0 1000 1000\" xmlns=\"http:\/\/www.w3.org\/2000\/svg\"><path d=\"M500 975V858C696 858 858 696 858 500S696 142 500 142 142 304 142 500H25C25 237 238 25 500 25S975 237 975 500 763 975 500 975Z\"><\/path><\/svg>\t\t\t<\/div>\n\t\t<\/div>\n\t\t\t\t\t\t<\/div>\n\t\t\t\t<\/div>\n\t\t\t\t\t<\/div>\n\t\t\t\t<\/div>\n\t\t<div class=\"elementor-element elementor-element-herorght0 e-con-full e-flex e-con e-child\" data-id=\"herorght0\" data-element_type=\"container\" data-e-type=\"container\">\n\t\t\t\t<div class=\"elementor-element elementor-element-heroimg00 iwg-hero-image elementor-widget elementor-widget-image\" data-id=\"heroimg00\" data-element_type=\"widget\" data-e-type=\"widget\" data-widget_type=\"image.default\">\n\t\t\t\t\t\t\t\t\t\t\t\t\t\t\t<img fetchpriority=\"high\" decoding=\"async\" width=\"683\" height=\"1024\" src=\"https:\/\/iwell-guard.com\/wp-content\/uploads\/2026\/04\/goetter_islam_mikail-683x1024.webp\" class=\"attachment-large size-large wp-image-173708\" alt=\"Mikail - d\u00e9us de la tradici\u00f3 isl\u00e0mica, il\u00b7lustraci\u00f3 hist\u00f2rica\" srcset=\"https:\/\/iwell-guard.com\/wp-content\/uploads\/2026\/04\/goetter_islam_mikail-683x1024.webp 683w, https:\/\/iwell-guard.com\/wp-content\/uploads\/2026\/04\/goetter_islam_mikail-200x300.webp 200w, https:\/\/iwell-guard.com\/wp-content\/uploads\/2026\/04\/goetter_islam_mikail-768x1152.webp 768w, https:\/\/iwell-guard.com\/wp-content\/uploads\/2026\/04\/goetter_islam_mikail.webp 1024w\" sizes=\"(max-width: 683px) 100vw, 683px\" \/>\t\t\t\t\t\t\t\t\t\t\t\t\t\t\t<\/div>\n\t\t\t\t<\/div>\n\t\t\t\t\t<\/div>\n\t\t\t\t<\/div>\n\t\t<div class=\"elementor-element elementor-element-32917199 e-flex e-con-boxed e-con e-parent\" data-id=\"32917199\" data-element_type=\"container\" data-e-type=\"container\">\n\t\t\t\t\t<div class=\"e-con-inner\">\n\t\t<div class=\"elementor-element elementor-element-26e916cb e-flex e-con-boxed e-con e-child\" data-id=\"26e916cb\" data-element_type=\"container\" data-e-type=\"container\">\n\t\t\t\t\t<div class=\"e-con-inner\">\n\t\t<div class=\"elementor-element elementor-element-253a40d4 e-flex e-con-boxed e-con e-child\" data-id=\"253a40d4\" data-element_type=\"container\" data-e-type=\"container\">\n\t\t\t\t\t<div class=\"e-con-inner\">\n\t\t\t\t<div class=\"elementor-element elementor-element-1200c304 elementor-widget elementor-widget-heading\" data-id=\"1200c304\" data-element_type=\"widget\" data-e-type=\"widget\" data-widget_type=\"heading.default\">\n\t\t\t\t\t<h2 class=\"elementor-heading-title elementor-size-default\">Mikail<\/h2>\t\t\t\t<\/div>\n\t\t\t\t<div class=\"elementor-element elementor-element-11758e7f elementor-widget elementor-widget-text-editor\" data-id=\"11758e7f\" data-element_type=\"widget\" data-e-type=\"widget\" data-widget_type=\"text-editor.default\">\n\t\t\t\t\t\t\t\t\t<p>Mikail (tamb\u00e9 Mikha&#8217;il) actua com a <span class=\"iwg-fachbegriff\" data-tooltip=\"En les religions abrah\u00e0miques, un \u00e9sser missatger celestial de D\u00e9u.\" tabindex=\"0\">\u00e0ngel<\/span> de la provid\u00e8ncia i guerrer contra els Shayatin. Les seves qualitats inclouen la compassi\u00f3, la for\u00e7a i la proximitat immediata al tron d&#8217;Al\u00b7l\u00e0. Els mites centrals s\u00f3n: la provisi\u00f3 de man\u00e0 a Israel (tradicions hadith), la lluita de Mikail contra Ibl\u00eds (exegesi cor\u00e1nica), la participaci\u00f3 en la pesada de les \u00e0nimes (Yawm ad-Din), i les tradicions m\u00edstiques de la literatura suf\u00ed.<\/p>\t\t\t\t\t\t\t\t<\/div>\n\t\t\t\t\t<\/div>\n\t\t\t\t<\/div>\n\t\t<div class=\"elementor-element elementor-element-159dcf9a e-flex e-con-boxed e-con e-child\" data-id=\"159dcf9a\" data-element_type=\"container\" data-e-type=\"container\">\n\t\t\t\t\t<div class=\"e-con-inner\">\n\t\t\t\t<div class=\"elementor-element elementor-element-48cee66f elementor-widget elementor-widget-heading\" data-id=\"48cee66f\" data-element_type=\"widget\" data-e-type=\"widget\" data-widget_type=\"heading.default\">\n\t\t\t\t\t<div class=\"elementor-heading-title elementor-size-default\">Perfil breu: Mikail<\/div>\t\t\t\t<\/div>\n\t\t\t\t<div class=\"elementor-element elementor-element-3f50d82c elementor-widget elementor-widget-text-editor\" data-id=\"3f50d82c\" data-element_type=\"widget\" data-e-type=\"widget\" data-widget_type=\"text-editor.default\">\n\t\t\t\t\t\t\t\t\t<p>Mikail apareix en versos cor\u00e1nics (Alcor\u00e0 2:98, 3:39) i es desenvolupa en les col\u00b7leccions de hadith (Bukhari, Muslim, Tirmidhi). L&#8217;atribuci\u00f3 marc es produeix en el per\u00edode isl\u00e0mic primerenc (segle VII). La recerca comparativa (Annemarie Schimmel, Patrick Hughes, Stefan Wild, Schmoldt) documenta el paper de Mikail com a essencial en l&#8217;angelologia isl\u00e0mica i el sufisme.<\/p>\t\t\t\t\t\t\t\t<\/div>\n\t\t\t\t\t<\/div>\n\t\t\t\t<\/div>\n\t\t\t\t\t<\/div>\n\t\t\t\t<\/div>\n\t\t\t\t\t<\/div>\n\t\t\t\t<\/div>\n\t\t<div class=\"elementor-element elementor-element-18613602 e-flex e-con-boxed e-con e-parent\" data-id=\"18613602\" data-element_type=\"container\" data-e-type=\"container\">\n\t\t\t\t\t<div class=\"e-con-inner\">\n\t\t\t\t<div class=\"elementor-element elementor-element-262b8a9f elementor-widget elementor-widget-heading\" data-id=\"262b8a9f\" data-element_type=\"widget\" data-e-type=\"widget\" data-widget_type=\"heading.default\">\n\t\t\t\t\t<h2 class=\"elementor-heading-title elementor-size-default\">Contextualitzaci\u00f3 hist\u00f2rica<\/h2>\t\t\t\t<\/div>\n\t\t<div class=\"elementor-element elementor-element-46dcb7d e-con-full e-flex e-con e-child\" data-id=\"46dcb7d\" data-element_type=\"container\" data-e-type=\"container\">\n\t\t<div class=\"elementor-element elementor-element-61d3ab3 e-flex e-con-boxed e-con e-child\" data-id=\"61d3ab3\" data-element_type=\"container\" data-e-type=\"container\">\n\t\t\t\t\t<div class=\"e-con-inner\">\n\t\t\t\t<div class=\"elementor-element elementor-element-117c166 elementor-widget elementor-widget-heading\" data-id=\"117c166\" data-element_type=\"widget\" data-e-type=\"widget\" data-widget_type=\"heading.default\">\n\t\t\t\t\t<div class=\"elementor-heading-title elementor-size-default\">Per\u00edode dels textos<\/div>\t\t\t\t<\/div>\n\t\t\t\t<div class=\"elementor-element elementor-element-73997a0 elementor-widget elementor-widget-text-editor\" data-id=\"73997a0\" data-element_type=\"widget\" data-e-type=\"widget\" data-widget_type=\"text-editor.default\">\n\t\t\t\t\t\t\t\t\t<p>La doctrina sobre Mikail s&#8217;ha mantingut sense canvis substancials des de l&#8217;\u00e8poca de la revelaci\u00f3 de l&#8217;Alcor\u00e0 al segle VII, ja que la seva menci\u00f3 a la sura 2,98 va posar l\u00edmits a qualsevol reinterpretaci\u00f3 posterior. Fins avui, la creen\u00e7a en els \u00e0ngels, i per tant tamb\u00e9 en Mikail, forma part dels fonaments de fe de l&#8217;islam; la seva associaci\u00f3 amb la pluja i la provisi\u00f3 es transmet sense canvis en l&#8217;exegesi cor\u00e1nica i la predicaci\u00f3.<\/p>\t\t\t\t\t\t\t\t<\/div>\n\t\t\t\t\t<\/div>\n\t\t\t\t<\/div>\n\t\t<div class=\"elementor-element elementor-element-d47b156 e-flex e-con-boxed e-con e-child\" data-id=\"d47b156\" data-element_type=\"container\" data-e-type=\"container\">\n\t\t\t\t\t<div class=\"e-con-inner\">\n\t\t\t\t<div class=\"elementor-element elementor-element-ff38c2b elementor-widget elementor-widget-heading\" data-id=\"ff38c2b\" data-element_type=\"widget\" data-e-type=\"widget\" data-widget_type=\"heading.default\">\n\t\t\t\t\t<div class=\"elementor-heading-title elementor-size-default\">\u00c0rea de difusi\u00f3<\/div>\t\t\t\t<\/div>\n\t\t\t\t<div class=\"elementor-element elementor-element-4e49fcc elementor-widget elementor-widget-text-editor\" data-id=\"4e49fcc\" data-element_type=\"widget\" data-e-type=\"widget\" data-widget_type=\"text-editor.default\">\n\t\t\t\t\t\t\t\t\t<p>Mikail no estava limitat a una regi\u00f3 o localitzaci\u00f3 determinada, sin\u00f3 que era conegut i venerat, o respectuosament temut, de manera universal a tot el m\u00f3n isl\u00e0mic. Ja fos en grans centres urbans o en regions rurals perif\u00e8riques, entre l&#8217;elit social o entre la gent senzilla, el significat espiritual o cultural d&#8217;aquesta entitat era reconegut de manera constant i universal.<\/p><p>El coneixement de Mikail es va difondre amb l&#8217;islam mateix, des d&#8217;Ar\u00e0bia fins a l&#8217;\u00c0frica Occidental, el sud-est d&#8217;Europa i el sud-est asi\u00e0tic. Com que la seva menci\u00f3 a la sura 2,98 forma part del text cor\u00e1nic, que es llegeix amb el mateix redactat a tot arreu, la doctrina sobre ell es va mantenir uniforme en totes les regions; formes regionals particulars, com les habituals en figures populars, gaireb\u00e9 no van poder desenvolupar-se en el cas d&#8217;aquest \u00e0ngel.<\/p>\t\t\t\t\t\t\t\t<\/div>\n\t\t\t\t\t<\/div>\n\t\t\t\t<\/div>\n\t\t\t\t<\/div>\n\t\t<div class=\"elementor-element elementor-element-db03c39 e-con-full e-flex e-con e-child\" data-id=\"db03c39\" data-element_type=\"container\" data-e-type=\"container\">\n\t\t<div class=\"elementor-element elementor-element-229a87b e-flex e-con-boxed e-con e-child\" data-id=\"229a87b\" data-element_type=\"container\" data-e-type=\"container\">\n\t\t\t\t\t<div class=\"e-con-inner\">\n\t\t\t\t<div class=\"elementor-element elementor-element-1f471fc elementor-widget elementor-widget-heading\" data-id=\"1f471fc\" data-element_type=\"widget\" data-e-type=\"widget\" data-widget_type=\"heading.default\">\n\t\t\t\t\t<div class=\"elementor-heading-title elementor-size-default\">Estat de les fonts<\/div>\t\t\t\t<\/div>\n\t\t\t\t<div class=\"elementor-element elementor-element-36b1201 elementor-widget elementor-widget-text-editor\" data-id=\"36b1201\" data-element_type=\"widget\" data-e-type=\"widget\" data-widget_type=\"text-editor.default\">\n\t\t\t\t\t\t\t\t\t<p>Les fonts prim\u00e0ries s\u00f3n l&#8217;Alcor\u00e0 (2:98 Qui \u00e9s enemic de l&#8217;<span class=\"iwg-fachbegriff\" data-tooltip=\"En les religions abrah\u00e0miques, un \u00e9sser missatger celestial de D\u00e9u.\" tabindex=\"0\">\u00e0ngel<\/span> Gabriel i Mikail, 3:39, sura 2:97, 98, \u00e0rab, s. VII), les col\u00b7leccions de hadits (Sahih al-Bukhari 3:229, Sahih Muslim, Jami&#8217;at-Tirmidhi, \u00e0rab) i la literatura tafsir (Tabari, Ibn Kathir, s. IX-XIV).<\/p><p><span data-nosnippet>Des del punt de vista secundari, Schimmel (The Mystical Dimensions of Islam, 1975), Hughes (Dictionary of Islam, 1885), Wild (Islamic Angelology, 2002) i McLeod (Judeo-Islamic Angelology) van analitzar l&#8217;evoluci\u00f3 de Mika\u00efl com a arc\u00e0ngel central de l&#8217;islam.<\/span><\/p>\t\t\t\t\t\t\t\t<\/div>\n\t\t\t\t\t<\/div>\n\t\t\t\t<\/div>\n\t\t\t\t<\/div>\n\t\t\t\t\t<\/div>\n\t\t\t\t<\/div>\n\t\t<div class=\"elementor-element elementor-element-3ae0637c e-flex e-con-boxed e-con e-parent\" data-id=\"3ae0637c\" data-element_type=\"container\" data-e-type=\"container\">\n\t\t\t\t\t<div class=\"e-con-inner\">\n\t\t\t\t<div class=\"elementor-element elementor-element-31d07739 elementor-widget elementor-widget-heading\" data-id=\"31d07739\" data-element_type=\"widget\" data-e-type=\"widget\" data-widget_type=\"heading.default\">\n\t\t\t\t\t<h2 class=\"elementor-heading-title elementor-size-default\">Nom i variants<\/h2>\t\t\t\t<\/div>\n\t\t<div class=\"elementor-element elementor-element-b7642947 e-con-full e-flex e-con e-child\" data-id=\"b7642947\" data-element_type=\"container\" data-e-type=\"container\">\n\t\t\t\t<div class=\"elementor-element elementor-element-a086266 elementor-widget elementor-widget-text-editor\" data-id=\"a086266\" data-element_type=\"widget\" data-e-type=\"widget\" data-widget_type=\"text-editor.default\">\n\t\t\t\t\t\t\t\t\t<p>Mikail es representa en les diverses fonts i tradicions art\u00edstiques amb certs elements iconogr\u00e0fics recurrents que es mantenen relativament constants al llarg de les d\u00e8cades i en diferents espais geogr\u00e0fics. Aquests elements no s\u00f3n purament decoratius o triats a l&#8217;atzar, sin\u00f3 que estan profundament codificats simb\u00f2licament i porten un gran significat.<\/p><p>A difer\u00e8ncia dels \u00e0ngels en tradicions riques en imatges, Mikail no es descriu a l&#8217;islam mitjan\u00e7ant colors, armes o accessoris, ja que la doctrina isl\u00e0mica renuncia a la representaci\u00f3 figurativa. Els seus trets distintius s\u00f3n, en canvi, les seves funcions: la tradici\u00f3 li atribueix la distribuci\u00f3 de la pluja, el creixement de les plantes i la provisi\u00f3 de les criatures. Qui coneix les fonts el reconeix precisament per aquest \u00e0mbit de compet\u00e8ncia; la menci\u00f3 expl\u00edcita a la sura 2,98 assegura el seu rang entre els grans \u00e0ngels, al costat de Dhibril.<\/p>\t\t\t\t\t\t\t\t<\/div>\n\t\t\t\t<\/div>\n\t\t\t\t\t<\/div>\n\t\t\t\t<\/div>\n\t\t<div class=\"elementor-element elementor-element-709a44a8 e-flex e-con-boxed e-con e-parent\" data-id=\"709a44a8\" data-element_type=\"container\" data-e-type=\"container\">\n\t\t\t\t\t<div class=\"e-con-inner\">\n\t\t\t\t<div class=\"elementor-element elementor-element-2f585873 elementor-widget elementor-widget-heading\" data-id=\"2f585873\" data-element_type=\"widget\" data-e-type=\"widget\" data-widget_type=\"heading.default\">\n\t\t\t\t\t<h2 class=\"elementor-heading-title elementor-size-default\">Caracter\u00edstiques<\/h2>\t\t\t\t<\/div>\n\t\t<div class=\"elementor-element elementor-element-70621c12 e-con-full e-flex e-con e-child\" data-id=\"70621c12\" data-element_type=\"container\" data-e-type=\"container\">\n\t\t\t\t<div class=\"elementor-element elementor-element-4296eb49 elementor-widget elementor-widget-text-editor\" data-id=\"4296eb49\" data-element_type=\"widget\" data-e-type=\"widget\" data-widget_type=\"text-editor.default\">\n\t\t\t\t\t\t\t\t\t<p>Mikail va ser central en la pr\u00e0ctica religiosa, els rituals quotidians i la comprensi\u00f3 di\u00e0ria de l&#8217;islam. Les persones s&#8217;adre\u00e7aven a aquesta entitat en situacions vitals cr\u00edtiques o determinades, o en certes \u00e8poques rituals de l&#8217;any, mitjan\u00e7ant rituals estructurats, sovint elaborats, oracions o ofrenes.<\/p><p>El tracte amb Mikail est\u00e0 regulat dins l&#8217;islam pels mateixos textos de la revelaci\u00f3: l&#8217;arc\u00e0ngel \u00e9s mencionat expl\u00edcitament a la sura 2,98, i altres afirmacions sobre les seves funcions es troben en la literatura de hadith. Els erudits de l&#8217;exegesi cor\u00e1nica i de la ci\u00e8ncia de la tradici\u00f3 van examinar i ordenar aquests relats segons m\u00e8todes fixos; d&#8217;aquesta manera es va excloure una doctrina ang\u00e8lica lliure i arbitr\u00e0ria.<\/p><p>L&#8217;inter\u00e8s per Mikail va romandre viu al llarg de la hist\u00f2ria isl\u00e0mica perqu\u00e8 la seva compet\u00e8ncia afectava directament la vida quotidiana: la pluja, la collita i el sustent. La tradici\u00f3 el descriu com l&#8217;\u00e0ngel que, per enc\u00e0rrec de D\u00e9u, distribueix la provisi\u00f3; la creen\u00e7a en ell forma part, a m\u00e9s, dels articles de fe de l&#8217;islam, ja que l&#8217;Alcor\u00e0 inclou expressament els \u00e0ngels en la professi\u00f3 de fe. La seva funci\u00f3 \u00e9s, per tant, menys defensiva que prove\u00efdora i conservadora.<\/p>\t\t\t\t\t\t\t\t<\/div>\n\t\t\t\t<\/div>\n\t\t\t\t\t<\/div>\n\t\t\t\t<\/div>\n\t\t<div class=\"elementor-element elementor-element-44e71476 e-flex e-con-boxed e-con e-parent\" data-id=\"44e71476\" data-element_type=\"container\" data-e-type=\"container\">\n\t\t\t\t\t<div class=\"e-con-inner\">\n\t\t\t\t<div class=\"elementor-element elementor-element-3c1fc3f0 elementor-widget elementor-widget-heading\" data-id=\"3c1fc3f0\" data-element_type=\"widget\" data-e-type=\"widget\" data-widget_type=\"heading.default\">\n\t\t\t\t\t<h2 class=\"elementor-heading-title elementor-size-default\">Fitxa: Mikail<\/h2>\t\t\t\t<\/div>\n\t\t<div class=\"elementor-element elementor-element-84f33b8e e-con-full e-flex e-con e-child\" data-id=\"84f33b8e\" data-element_type=\"container\" data-e-type=\"container\">\n\t\t\t\t<div class=\"elementor-element elementor-element-hqkdc67p elementor-widget elementor-widget-text-editor\" data-id=\"hqkdc67p\" data-element_type=\"widget\" data-e-type=\"widget\" data-widget_type=\"text-editor.default\">\n\t\t\t\t\t\t\t\t\t<p>La fitxa presenta Mikail a trav\u00e9s de sis dimensions: el seu origen en les tradicions cor\u00e0niques i basades en hadith, el seu p\u00fablic entre els musulmans creients i els suf\u00eds, els trets iconogr\u00e0fics d&#8217;aigua i llum, el seu paper funcional com a prove\u00efdor i protector, comparacions amb els arc\u00e0ngels cristians i jueus, i el seu paper m\u00edstic en la contemplaci\u00f3 suf\u00ed.<\/p>\t\t\t\t\t\t\t\t<\/div>\n\t\t\t\t<\/div>\n\t\t<div class=\"elementor-element elementor-element-pemmx7c5 e-con-full e-flex e-con e-child\" data-id=\"pemmx7c5\" data-element_type=\"container\" data-e-type=\"container\">\n\t\t<div class=\"elementor-element elementor-element-pemmx7c1 e-con-full e-flex e-con e-child\" data-id=\"pemmx7c1\" data-element_type=\"container\" data-e-type=\"container\">\n\t\t<div class=\"elementor-element elementor-element-qh9oavvu iwg-steckbrief-card e-flex e-con-boxed e-con e-child\" data-id=\"qh9oavvu\" data-element_type=\"container\" data-e-type=\"container\">\n\t\t\t\t\t<div class=\"e-con-inner\">\n\t\t\t\t<div class=\"elementor-element elementor-element-awzx8k2k elementor-widget elementor-widget-heading\" data-id=\"awzx8k2k\" data-element_type=\"widget\" data-e-type=\"widget\" data-widget_type=\"heading.default\">\n\t\t\t\t\t<div class=\"elementor-heading-title elementor-size-default\">Origen<\/div>\t\t\t\t<\/div>\n\t\t\t\t<div class=\"elementor-element elementor-element-x6rowhv0 elementor-widget elementor-widget-text-editor\" data-id=\"x6rowhv0\" data-element_type=\"widget\" data-e-type=\"widget\" data-widget_type=\"text-editor.default\">\n\t\t\t\t\t\t\t\t\t<p>Mikail \u00e9s esmentat en la revelaci\u00f3 cor\u00e1nica del segle VII a Ar\u00e0bia, amb arrels en les tradicions judeo-cristianes dels arc\u00e0ngels. L&#8217;origen geogr\u00e0fic se situa a la pen\u00ednsula ar\u00e0biga i l&#8217;Orient Mitj\u00e0. La dataci\u00f3 de la primera menci\u00f3 \u00e9s la sura 2:98 (per\u00edode de Medina, 623-632 EC). L&#8217;emmarcament teol\u00f2gic com a arc\u00e0ngel principal juntament amb Gabriel i Miquel es va establir en els primers comentaris hadith.<\/p>\t\t\t\t\t\t\t\t<\/div>\n\t\t\t\t\t<\/div>\n\t\t\t\t<\/div>\n\t\t<div class=\"elementor-element elementor-element-8e3o4kxs iwg-steckbrief-card e-flex e-con-boxed e-con e-child\" data-id=\"8e3o4kxs\" data-element_type=\"container\" data-e-type=\"container\">\n\t\t\t\t\t<div class=\"e-con-inner\">\n\t\t\t\t<div class=\"elementor-element elementor-element-08rkdgov elementor-widget elementor-widget-heading\" data-id=\"08rkdgov\" data-element_type=\"widget\" data-e-type=\"widget\" data-widget_type=\"heading.default\">\n\t\t\t\t\t<div class=\"elementor-heading-title elementor-size-default\">Destinataris<\/div>\t\t\t\t<\/div>\n\t\t\t\t<div class=\"elementor-element elementor-element-uwjelx8s elementor-widget elementor-widget-text-editor\" data-id=\"uwjelx8s\" data-element_type=\"widget\" data-e-type=\"widget\" data-widget_type=\"text-editor.default\">\n\t\t\t\t\t\t\t\t\t<p>Mikail s&#8217;adre\u00e7ava principalment a musulmans creients de totes les classes socials. El p\u00fablic destinatari inclou fidels, m\u00edstics (suf\u00eds), malalts (esperan\u00e7a de curaci\u00f3), viatgers (protecci\u00f3) i persones que busquen defensa (contra el mal). Les ocasions s\u00f3n les oracions di\u00e0ries (salat), les crisis, el mes de dejuni del Ramad\u00e0 i les oracions nocturnes m\u00edstiques (tahajjud). La <span class=\"iwg-fachbegriff\" data-tooltip=\"El fet d'adre\u00e7ar-se, suplicant o invocant, a una divinitat o poder.\" tabindex=\"0\">invocaci\u00f3<\/span> es fa en <span class=\"iwg-fachbegriff\" data-tooltip=\"Un breu recolliment religi\u00f3s, personal o comunitari.\" tabindex=\"0\">devoci\u00f3<\/span> i preg\u00e0ria de s\u00faplica (dua) amb la <span class=\"iwg-fachbegriff\" data-tooltip=\"Concessi\u00f3 de salut i protecci\u00f3, sovint en una forma ling\u00fc\u00edstica fixa.\" tabindex=\"0\">benedicci\u00f3<\/span> de D\u00e9u (baraka).<\/p>\t\t\t\t\t\t\t\t<\/div>\n\t\t\t\t\t<\/div>\n\t\t\t\t<\/div>\n\t\t<div class=\"elementor-element elementor-element-jm2n74ec iwg-steckbrief-card e-flex e-con-boxed e-con e-child\" data-id=\"jm2n74ec\" data-element_type=\"container\" data-e-type=\"container\">\n\t\t\t\t\t<div class=\"e-con-inner\">\n\t\t\t\t<div class=\"elementor-element elementor-element-8vufse4c elementor-widget elementor-widget-heading\" data-id=\"8vufse4c\" data-element_type=\"widget\" data-e-type=\"widget\" data-widget_type=\"heading.default\">\n\t\t\t\t\t<div class=\"elementor-heading-title elementor-size-default\">Aparen\u00e7a<\/div>\t\t\t\t<\/div>\n\t\t\t\t<div class=\"elementor-element elementor-element-mwb9u015 elementor-widget elementor-widget-text-editor\" data-id=\"mwb9u015\" data-element_type=\"widget\" data-e-type=\"widget\" data-widget_type=\"text-editor.default\">\n\t\t\t\t\t\t\t\t\t<p>Mikail iconogr\u00e0ficament: figura masculina amb grans ales verdes i daurades, lluminoses com l&#8217;aigua (\u00e0rab: Bi-Suwar al-Nur). Els atributs s\u00f3n l&#8217;espasa (lluita contra els shayatin), la copa d&#8217;aigua (<span class=\"iwg-fachbegriff\" data-tooltip=\"Concessi\u00f3 de salut i protecci\u00f3, sovint en una forma ling\u00fc\u00edstica fixa.\" tabindex=\"0\">benedicci\u00f3<\/span>, fertilitat), de vegades la balan\u00e7a (pesatge de les \u00e0nimes, Yawm ad-Din). En la pintura suf\u00ed de miniatures: t\u00fanica verda (fertilitat), aur\u00e8ola. La vinculaci\u00f3 iconogr\u00e0fica amb l&#8217;aigua distingeix Mikail dels arc\u00e0ngels cristians.<\/p>\t\t\t\t\t\t\t\t<\/div>\n\t\t\t\t\t<\/div>\n\t\t\t\t<\/div>\n\t\t\t\t<\/div>\n\t\t<div class=\"elementor-element elementor-element-pemmx7c2 e-con-full e-flex e-con e-child\" data-id=\"pemmx7c2\" data-element_type=\"container\" data-e-type=\"container\">\n\t\t<div class=\"elementor-element elementor-element-37ss2yr6 iwg-steckbrief-card e-flex e-con-boxed e-con e-child\" data-id=\"37ss2yr6\" data-element_type=\"container\" data-e-type=\"container\">\n\t\t\t\t\t<div class=\"e-con-inner\">\n\t\t\t\t<div class=\"elementor-element elementor-element-3v0wp3wx elementor-widget elementor-widget-heading\" data-id=\"3v0wp3wx\" data-element_type=\"widget\" data-e-type=\"widget\" data-widget_type=\"heading.default\">\n\t\t\t\t\t<div class=\"elementor-heading-title elementor-size-default\">\u00c0mbit d'acci\u00f3<\/div>\t\t\t\t<\/div>\n\t\t\t\t<div class=\"elementor-element elementor-element-w3247g2m elementor-widget elementor-widget-text-editor\" data-id=\"w3247g2m\" data-element_type=\"widget\" data-e-type=\"widget\" data-widget_type=\"text-editor.default\">\n\t\t\t\t\t\t\t\t\t<strong>\u00c0mbit d&#8217;acci\u00f3:<\/strong> Mikail (Miquel) \u00e9s a l&#8217;islam l&#8217;arc\u00e0ngel de la gr\u00e0cia i les benediccions, guardi\u00e0 de la pluja, el vent i les forces naturals, administrador de la provisi\u00f3 terrenal (rizq). Apareix a l&#8217;Alcor\u00e0 al costat de Gabriel i \u00e9s representat en la <span class=\"iwg-fachbegriff\" data-tooltip=\"Concepci\u00f3 de l'estructura i l'ordre del m\u00f3n dins d'una cultura.\" tabindex=\"0\">cosmologia<\/span> isl\u00e0mica com un dels quatre <span class=\"iwg-fachbegriff\" data-tooltip=\"En les religions abra\u00e0miques, un \u00e9sser missatger celestial de D\u00e9u.\" tabindex=\"0\">\u00e0ngels<\/span> m\u00e9s poderosos (malak al-uzzal). El seu poder s&#8217;est\u00e9n a la provisi\u00f3 material de la humanitat, a la curaci\u00f3 i a la protecci\u00f3 davant les influ\u00e8ncies malignes. La seva acci\u00f3 es manifesta en abund\u00e0ncia, guariment i protecci\u00f3 espiritual. Segons la comprensi\u00f3 suf\u00ed, \u00e9s el mediador entre la gr\u00e0cia divina i la necessitat terrenal.\n\t\t\t\t\t\t\t\t<\/div>\n\t\t\t\t\t<\/div>\n\t\t\t\t<\/div>\n\t\t<div class=\"elementor-element elementor-element-0qpjal9w iwg-steckbrief-card e-flex e-con-boxed e-con e-child\" data-id=\"0qpjal9w\" data-element_type=\"container\" data-e-type=\"container\">\n\t\t\t\t\t<div class=\"e-con-inner\">\n\t\t\t\t<div class=\"elementor-element elementor-element-6ndoih0o elementor-widget elementor-widget-heading\" data-id=\"6ndoih0o\" data-element_type=\"widget\" data-e-type=\"widget\" data-widget_type=\"heading.default\">\n\t\t\t\t\t<div class=\"elementor-heading-title elementor-size-default\">Formes de defensa<\/div>\t\t\t\t<\/div>\n\t\t\t\t<div class=\"elementor-element elementor-element-6684tyh9 elementor-widget elementor-widget-text-editor\" data-id=\"6684tyh9\" data-element_type=\"widget\" data-e-type=\"widget\" data-widget_type=\"text-editor.default\">\n\t\t\t\t\t\t\t\t\t<p>Mikail era considerat un \u00e9sser bo i protector amb una cura activa. Les pr\u00e0ctiques d&#8217;invocaci\u00f3 inclo\u00efen preg\u00e0ries demanant la <span class=\"iwg-fachbegriff\" data-tooltip=\"Concessi\u00f3 de salut i protecci\u00f3, sovint en una forma ling\u00fc\u00edstica fixa.\" tabindex=\"0\">benedicci\u00f3<\/span> (baraka), protecci\u00f3 contra el mal (shayatin) i provisi\u00f3.<\/p><p>En les tradicions suf\u00eds es practicaven meditacions dedicades a Mikail (muraqaba) per assolir la purificaci\u00f3 espiritual i la proximitat a Al\u00b7l\u00e0. El respecte envers Mikail s&#8217;expressava en rever\u00e8ncia, purificaci\u00f3 ritual (wud\u00fa) abans de la <span class=\"iwg-fachbegriff\" data-tooltip=\"El fet d'adre\u00e7ar-se, suplicant o invocant, a una divinitat o poder.\" tabindex=\"0\">invocaci\u00f3<\/span> i en el compliment de les preg\u00e0ries obligat\u00f2ries (salat) sota el seu suport celestial.<\/p>\t\t\t\t\t\t\t\t<\/div>\n\t\t\t\t\t<\/div>\n\t\t\t\t<\/div>\n\t\t<div class=\"elementor-element elementor-element-3lfi7x32 iwg-steckbrief-card e-flex e-con-boxed e-con e-child\" data-id=\"3lfi7x32\" data-element_type=\"container\" data-e-type=\"container\">\n\t\t\t\t\t<div class=\"e-con-inner\">\n\t\t\t\t<div class=\"elementor-element elementor-element-0kg99ga1 elementor-widget elementor-widget-heading\" data-id=\"0kg99ga1\" data-element_type=\"widget\" data-e-type=\"widget\" data-widget_type=\"heading.default\">\n\t\t\t\t\t<div class=\"elementor-heading-title elementor-size-default\">\u00c9ssers relacionats<\/div>\t\t\t\t<\/div>\n\t\t\t\t<div class=\"elementor-element elementor-element-n0fum6kp elementor-widget elementor-widget-text-editor\" data-id=\"n0fum6kp\" data-element_type=\"widget\" data-e-type=\"widget\" data-widget_type=\"text-editor.default\">\n\t\t\t\t\t\t\t\t\t<p>Figures comparables dins l&#8217;islam: Jibril (Gabriel, <span class=\"iwg-fachbegriff\" data-tooltip=\"En les religions abra\u00e0miques, un \u00e9sser missatger celestial de D\u00e9u.\" tabindex=\"0\">\u00e0ngel<\/span> de la revelaci\u00f3), Israfil (<span class=\"iwg-fachbegriff\" data-tooltip=\"En les religions abra\u00e0miques, un \u00e9sser missatger celestial de D\u00e9u.\" tabindex=\"0\">\u00e0ngel<\/span> de la trompeta, resurrecci\u00f3), Azrael (\u00e0ngel de la mort). Fora de l&#8217;islam: el Miquel jueu (guerrer, per\u00f2 menys protector), el Miquel cristi\u00e0 (militarista), l&#8217;Spenta Mainyu zoroastri\u00e0 (bon <span class=\"iwg-fachbegriff\" data-tooltip=\"Un \u00e9sser incorpori a qui s'atribueix una acci\u00f3 en el m\u00f3n.\" tabindex=\"0\">esperit<\/span>, cura). La combinaci\u00f3 d&#8217;art guerrer i cura fa de Mikail una figura \u00fanica.<\/p>\t\t\t\t\t\t\t\t<\/div>\n\t\t\t\t\t<\/div>\n\t\t\t\t<\/div>\n\t\t\t\t<\/div>\n\t\t\t\t<\/div>\n\t\t\t\t\t<\/div>\n\t\t\t\t<\/div>\n\t\t<div class=\"elementor-element elementor-element-7533bc7a e-flex e-con-boxed e-con e-parent\" data-id=\"7533bc7a\" data-element_type=\"container\" data-e-type=\"container\">\n\t\t\t\t\t<div class=\"e-con-inner\">\n\t\t\t\t<div class=\"elementor-element elementor-element-2447d18d elementor-widget elementor-widget-heading\" data-id=\"2447d18d\" data-element_type=\"widget\" data-e-type=\"widget\" data-widget_type=\"heading.default\">\n\t\t\t\t\t<h2 class=\"elementor-heading-title elementor-size-default\">Protecci\u00f3 en la vida quotidiana<\/h2>\t\t\t\t<\/div>\n\t\t<div class=\"elementor-element elementor-element-d5d0260c e-con-full e-flex e-con e-child\" data-id=\"d5d0260c\" data-element_type=\"container\" data-e-type=\"container\">\n\t\t\t\t<div class=\"elementor-element elementor-element-341be2ac elementor-widget elementor-widget-text-editor\" data-id=\"341be2ac\" data-element_type=\"widget\" data-e-type=\"widget\" data-widget_type=\"text-editor.default\">\n\t\t\t\t\t\t\t\t\t<p><strong>Rituals i veneraci\u00f3<\/strong><\/p><p>Mikail \u00e9s invocat en preg\u00e0ries religioses (dua), especialment en s\u00fapliques per la curaci\u00f3 i la provisi\u00f3. En les ordres m\u00edstiques suf\u00eds (tariqa) hi ha preg\u00e0ries d&#8217;invocaci\u00f3 especials (wird) per obtenir la seva <span class=\"iwg-fachbegriff\" data-tooltip=\"Concessi\u00f3 de salut i protecci\u00f3, sovint en una forma ling\u00fc\u00edstica fixa.\" tabindex=\"0\">benedicci\u00f3<\/span>. El dia de Miquel en cultures orientals se celebra amb preg\u00e0ries i almoines. Les mesquites sovint mostren representacions cal\u00b7ligr\u00e0fiques dels seus noms.<\/p><p><strong>Conjurs i invocacions<\/strong><\/p><p>Invocacions cl\u00e0ssiques d&#8217;estil cor\u00e1nic: \u00abYa Mikail, <span class=\"iwg-fachbegriff\" data-tooltip=\"En les religions abra\u00e0miques, un \u00e9sser missatger celestial de D\u00e9u.\" tabindex=\"0\">\u00e0ngel<\/span> de la provisi\u00f3, fes baixar la <span class=\"iwg-fachbegriff\" data-tooltip=\"Concessi\u00f3 de salut i protecci\u00f3, sovint en una forma ling\u00fc\u00edstica fixa.\" tabindex=\"0\">benedicci\u00f3<\/span> sobre nosaltres.\u00bb Els suf\u00eds reciten els seus 99 noms en meditaci\u00f3. Una f\u00f3rmula transmesa deia: \u00abMikail, administrador poderos\u00edssim, protegeix-nos a nosaltres i a la nostra fam\u00edlia.\u00bb Els conjurs en temps de necessitat (malaltia, escassetat) s\u00f3n freq\u00fcents en l&#8217;islam popular.<\/p><p><strong>Amulets i s\u00edmbols de protecci\u00f3<\/strong><\/p><p>El nom de Mikail en cal\u00b7ligrafia \u00e0rab es porta com a <span class=\"iwg-fachbegriff\" data-tooltip=\"Un objecte portat al qual s'atribueix un efecte protector i que allunya el mal.\" tabindex=\"0\">amulet<\/span>. Els colors verd i daurat simbolitzen el seu \u00e0mbit. L&#8217;\u00abanell segell de l&#8217;<span class=\"iwg-fachbegriff\" data-tooltip=\"En les religions abra\u00e0miques, un \u00e9sser missatger celestial de D\u00e9u.\" tabindex=\"0\">\u00e0ngel<\/span>\u00bb (amb el segell de Mikail) \u00e9s un objecte de protecci\u00f3 tradicional. Els musulmans porten versos de la sura 2:98 com a talismans escrits.<\/p>\n\t\t\t\t\t\t\t\t<\/div>\n\t\t\t\t<\/div>\n\t\t\t\t\t<\/div>\n\t\t\t\t<\/div>\n\t\t<div class=\"elementor-element elementor-element-5a584676 e-flex e-con-boxed e-con e-parent\" data-id=\"5a584676\" data-element_type=\"container\" data-e-type=\"container\">\n\t\t\t\t\t<div class=\"e-con-inner\">\n\t\t\t\t<div class=\"elementor-element elementor-element-6d0757bf elementor-widget elementor-widget-heading\" data-id=\"6d0757bf\" data-element_type=\"widget\" data-e-type=\"widget\" data-widget_type=\"heading.default\">\n\t\t\t\t\t<h2 class=\"elementor-heading-title elementor-size-default\">Mikail, paral\u00b7lelismes en altres cultures<\/h2>\t\t\t\t<\/div>\n\t\t<div class=\"elementor-element elementor-element-60563f68 e-con-full e-flex e-con e-child\" data-id=\"60563f68\" data-element_type=\"container\" data-e-type=\"container\">\n\t\t\t\t<div class=\"elementor-element elementor-element-5a93fdd6 elementor-widget elementor-widget-text-editor\" data-id=\"5a93fdd6\" data-element_type=\"widget\" data-e-type=\"widget\" data-widget_type=\"text-editor.default\">\n\t\t\t\t\t\t\t\t\t<p><p><strong>Tradici\u00f3 jueva:<\/strong> El Miquel jueu \u00e9s l&#8217;equivalent m\u00e9s proper (hebreu: Qui \u00e9s com D\u00e9u, mateixa etimologia del nom). Miquel \u00e9s, per\u00f2, principalment un <span class=\"iwg-fachbegriff\" data-tooltip=\"En les religions abrah\u00e0miques, un \u00e9sser missatger celestial de D\u00e9u.\" tabindex=\"0\">\u00e0ngel<\/span> de la guerra, vencedor de <span class=\"iwg-fachbegriff\" data-tooltip=\"\u00c9sser espiritual al qual s'atribueix un efecte nociu o ambivalent.\" tabindex=\"0\">dimoni<\/span>, no prove\u00efdor. El paper revelador de Gabriel es diferencia de la cura de Mika\u00efl. Uriel (judici) no t\u00e9 paral\u00b7lel en la protecci\u00f3 ben\u00e8vola de Mika\u00efl.<\/p><p><strong>M\u00f3n grecorom\u00e0:<\/strong> No hi ha paral\u00b7lels directes. Relacionats de manera llunyana: Hermes com a missatger dels d\u00e9us i protector dels viatgers, o Iris (mediadora celestial, per\u00f2 sense poder guerrer). L&#8217;aspecte de protecci\u00f3 personal de Mika\u00efl s&#8217;assembla a la funcionalitat d&#8217;Hermes.<\/p><p><strong>Mesopot\u00e0mia:<\/strong> Equivalent mesopot\u00e0mic: Marduk (l\u00edder dels d\u00e9us, vict\u00f2ria sobre el caos, no \u00e9s un <span class=\"iwg-fachbegriff\" data-tooltip=\"En les religions abrah\u00e0miques, un \u00e9sser missatger celestial de D\u00e9u.\" tabindex=\"0\">\u00e0ngel<\/span> directe). M\u00e9s proper \u00e9s Nabu (escriba, revelaci\u00f3). La combinaci\u00f3 de poder sobir\u00e0 i funci\u00f3 protectora \u00e9s compartida per Mikail i Marduk.<\/p><p><strong>\u00cdndia\/\u00c0sia:<\/strong> Equivalent indi: Indra (d\u00e9u guerrer, lideratge dels d\u00e9us, hinduisme). Paral\u00b7lel budista: bodhisattvas amb funci\u00f3 protectora (Avalokiteshvara, compassi\u00f3). La combinaci\u00f3 de poder i protecci\u00f3 \u00e9s compartida per Mikail i Indra.<\/p>\t\t\t\t\t\t\t\t<\/div>\n\t\t\t\t<\/div>\n\t\t\t\t\t<\/div>\n\t\t\t\t<\/div>\n\t\t<div class=\"elementor-element elementor-element-cp7453048 e-flex e-con-boxed e-con e-parent\" data-id=\"cp7453048\" data-element_type=\"container\" data-e-type=\"container\">\n\t\t\t\t\t<div class=\"e-con-inner\">\n\t\t\t\t<div class=\"elementor-element elementor-element-cp00b4d36 elementor-widget elementor-widget-heading\" data-id=\"cp00b4d36\" data-element_type=\"widget\" data-e-type=\"widget\" data-widget_type=\"heading.default\">\n\t\t\t\t\t<h2 class=\"elementor-heading-title elementor-size-default\">Mikail a l'Alcor\u00e0 i en la tradici\u00f3 dels hadits<\/h2>\t\t\t\t<\/div>\n\t\t<div class=\"elementor-element elementor-element-cp726fb30 e-con-full e-flex e-con e-child\" data-id=\"cp726fb30\" data-element_type=\"container\" data-e-type=\"container\">\n\t\t\t\t<div class=\"elementor-element elementor-element-cpa329f9f elementor-widget elementor-widget-text-editor\" data-id=\"cpa329f9f\" data-element_type=\"widget\" data-e-type=\"widget\" data-widget_type=\"text-editor.default\">\n\t\t\t\t\t\t\t\t\t<p>Mikail, que en catal\u00e0 sol traduir-se com Miquel, apareix esmentat pel seu nom a l&#8217;<em>Alcor\u00e0<\/em> nom\u00e9s una vegada. A la sura 2, vers 98, s&#8217;esmenten conjuntament D\u00e9u, els seus <span class=\"iwg-fachbegriff\" data-tooltip=\"En les religions abrah\u00e0miques, un \u00e9sser missatger celestial de D\u00e9u.\" tabindex=\"0\">\u00e0ngels<\/span>, Gabriel (<em>Dschibril<\/em>) i Miquel (<em>Mikal<\/em>).<\/p><p>El vers s&#8217;insereix en el context d&#8217;una controv\u00e8rsia sobre qui \u00e9s enemic de D\u00e9u, i subratlla que l&#8217;enemistat contra els <span class=\"iwg-fachbegriff\" data-tooltip=\"En les religions abrah\u00e0miques, un \u00e9sser missatger celestial de D\u00e9u.\" tabindex=\"0\">\u00e0ngels<\/span> de D\u00e9u equival a l&#8217;enemistat contra D\u00e9u mateix. Aquesta breu menci\u00f3 \u00e9s l&#8217;\u00fanica base alcor\u00e0nica directa per a Mikail.<\/p><p>Molt m\u00e9s extensa \u00e9s la literatura del <em>hadit<\/em> i la tradici\u00f3 exeg\u00e8tica. En aquesta, s&#8217;atribueix a Mikail una tasca concreta: \u00e9s l&#8217;<span class=\"iwg-fachbegriff\" data-tooltip=\"En les religions abrah\u00e0miques, un \u00e9sser missatger celestial de D\u00e9u.\" tabindex=\"0\">\u00e0ngel<\/span> encarregat del sosteniment de les criatures, de la pluja, del creixement de les plantes i del prove\u00efment.<\/p><p>Mentre que Dschibril \u00e9s considerat el portador de la revelaci\u00f3, Mikail representa el manteniment del m\u00f3n material. Algunes tradicions li atribueixen huaqueres d&#8217;<span class=\"iwg-fachbegriff\" data-tooltip=\"En les religions abrah\u00e0miques, un \u00e9sser missatger celestial de D\u00e9u.\" tabindex=\"0\">\u00e0ngels<\/span> subordinats que administren cada gota de pluja i cada fulla.<\/p><p>La saviesa isl\u00e0mica va vincular a Mikail tamb\u00e9 la tradici\u00f3 segons la qual, juntament amb Dschibril, va acompanyar el profeta Mahoma en moments importants de la seva missi\u00f3.<\/p><p>Els comentaris a la sura tamb\u00e9 discuteixen un rerefons jueu del vers: segons diverses tradicions, el vers hauria estat revelat com a resposta a l&#8217;afirmaci\u00f3 que Mikail era favorable als creients, mentre que Dschibril era un <span class=\"iwg-fachbegriff\" data-tooltip=\"En les religions abrah\u00e0miques, un \u00e9sser missatger celestial de D\u00e9u.\" tabindex=\"0\">\u00e0ngel<\/span> de la desgr\u00e0cia. L&#8217;Alcor\u00e0 rebutja aquesta distinci\u00f3 i situa ambd\u00f3s <span class=\"iwg-fachbegriff\" data-tooltip=\"En les religions abrah\u00e0miques, un \u00e9sser missatger celestial de D\u00e9u.\" tabindex=\"0\">\u00e0ngels<\/span> per igual sota l&#8217;obedi\u00e8ncia a D\u00e9u.<\/p>\t\t\t\t\t\t\t\t<\/div>\n\t\t\t\t<\/div>\n\t\t\t\t\t<\/div>\n\t\t\t\t<\/div>\n\t\t<div class=\"elementor-element elementor-element-cp54c4455 e-flex e-con-boxed e-con e-parent\" data-id=\"cp54c4455\" data-element_type=\"container\" data-e-type=\"container\">\n\t\t\t\t\t<div class=\"e-con-inner\">\n\t\t\t\t<div class=\"elementor-element elementor-element-cpa72c371 elementor-widget elementor-widget-heading\" data-id=\"cpa72c371\" data-element_type=\"widget\" data-e-type=\"widget\" data-widget_type=\"heading.default\">\n\t\t\t\t\t<h2 class=\"elementor-heading-title elementor-size-default\">La posici\u00f3 en la doctrina angelical isl\u00e0mica<\/h2>\t\t\t\t<\/div>\n\t\t<div class=\"elementor-element elementor-element-cpd924459 e-con-full e-flex e-con e-child\" data-id=\"cpd924459\" data-element_type=\"container\" data-e-type=\"container\">\n\t\t\t\t<div class=\"elementor-element elementor-element-cpd1c5bd3 elementor-widget elementor-widget-text-editor\" data-id=\"cpd1c5bd3\" data-element_type=\"widget\" data-e-type=\"widget\" data-widget_type=\"text-editor.default\">\n\t\t\t\t\t\t\t\t\t<p>En la doctrina angelical sistem\u00e0tica de l&#8217;islam (<em>\u02bfilm al-mal\u0101\u02beika<\/em>), Mikail pertany als quatre o cinc \u00e0ngels m\u00e9s alts, sovint junt amb Dschibril, Israfil i Israil, l&#8217;\u00e0ngel de la mort.<\/p><p>Aquesta jerarquia no es desenvolupa a l&#8217;Alcor\u00e0 mateix, sin\u00f3 que va ser recopilada pels te\u00f2legs a partir dels hadits i de la tradici\u00f3 exeg\u00e8tica. Erudits com al-Ghazali i, m\u00e9s tard, obres de l&#8217;escatologia popular van atribuir a cada \u00e0ngel principal una funci\u00f3 cosmica.<\/p><p>Mikail representa en aquest sistema el prove\u00efment i el funcionament ordenat de la natura. Alguns textos el vinculen amb l&#8217;administraci\u00f3 dels magatzems celestials d&#8217;on provenen la pluja i l&#8217;aliment.<\/p><p>Israfil est\u00e0 vinculat al toc de trompeta al final dels temps, Dschibril amb la revelaci\u00f3, Israil amb la mort. Mikail forma el contrapunt: representa el manteniment de la vida mentre el m\u00f3n existeixi.<\/p><p>Aquesta divisi\u00f3 de funcions \u00e9s un exemple de com la <span class=\"iwg-fachbegriff\" data-tooltip=\"La doctrina cient\u00edfica sobre D\u00e9u i sobre la fe d'una religi\u00f3.\" tabindex=\"0\">teologia<\/span> isl\u00e0mica ent\u00e9n els <span class=\"iwg-fachbegriff\" data-tooltip=\"En les religions abrah\u00e0miques, un \u00e9sser missatger celestial de D\u00e9u.\" tabindex=\"0\">\u00e0ngels<\/span> no com a simples missatgers, sin\u00f3 com a agents funcionals d&#8217;una creaci\u00f3 ordenada.<\/p><p>\u00c9s important per a la comprensi\u00f3 que la doctrina isl\u00e0mica concep els <span class=\"iwg-fachbegriff\" data-tooltip=\"En les religions abrah\u00e0miques, un \u00e9sser missatger celestial de D\u00e9u.\" tabindex=\"0\">\u00e0ngels<\/span> fonamentalment com a \u00e9ssers creats de llum, sense voluntat pr\u00f2pia contra D\u00e9u. Mikail, per tant, no pot caure ni rebel\u00b7lar-se. Actua exclusivament per enc\u00e0rrec de D\u00e9u. A difer\u00e8ncia d&#8217;algunes concepcions populars, no \u00e9s un senyor protector que actua de manera aut\u00f2noma, sin\u00f3 un executor.<\/p><p>La literatura teol\u00f2gica distingeix clarament aquesta concepci\u00f3 de la veneraci\u00f3: els <span class=\"iwg-fachbegriff\" data-tooltip=\"En les religions abrah\u00e0miques, un \u00e9sser missatger celestial de D\u00e9u.\" tabindex=\"0\">\u00e0ngels<\/span> no s\u00f3n adorats, sin\u00f3 reconeguts com a part de la fe en el m\u00f3n invisible, que forma part dels articles de fe de l&#8217;islam. Es poden trobar figures relacionades de la mateixa classe en l&#8217;entorn de la <a href=\"https:\/\/iwell-guard.com\/ca\/?page_id=171365\">creen\u00e7a angelical isl\u00e0mica<\/a>.<\/p>\t\t\t\t\t\t\t\t<\/div>\n\t\t\t\t<\/div>\n\t\t\t\t\t<\/div>\n\t\t\t\t<\/div>\n\t\t<div class=\"elementor-element elementor-element-cp4d91998 e-flex e-con-boxed e-con e-parent\" data-id=\"cp4d91998\" data-element_type=\"container\" data-e-type=\"container\">\n\t\t\t\t\t<div class=\"e-con-inner\">\n\t\t\t\t<div class=\"elementor-element elementor-element-cp10e2424 elementor-widget elementor-widget-heading\" data-id=\"cp10e2424\" data-element_type=\"widget\" data-e-type=\"widget\" data-widget_type=\"heading.default\">\n\t\t\t\t\t<h2 class=\"elementor-heading-title elementor-size-default\">Miquel, Mikail i la tradici\u00f3 abrah\u00e0mica compartida<\/h2>\t\t\t\t<\/div>\n\t\t<div class=\"elementor-element elementor-element-cpe03560b e-con-full e-flex e-con e-child\" data-id=\"cpe03560b\" data-element_type=\"container\" data-e-type=\"container\">\n\t\t\t\t<div class=\"elementor-element elementor-element-cpcc8af72 elementor-widget elementor-widget-text-editor\" data-id=\"cpcc8af72\" data-element_type=\"widget\" data-e-type=\"widget\" data-widget_type=\"text-editor.default\">\n\t\t\t\t\t\t\t\t\t<p>Mikail \u00e9s una de les figures en qu\u00e8 es mostra especialment b\u00e9 l&#8217;estreta interrelaci\u00f3 de les tres religions monoteistes. El nom prov\u00e9 de l&#8217;hebreu <em>Mikha\u02beel<\/em>, interpretat com la pregunta ret\u00f2rica \u00abQui \u00e9s com D\u00e9u?\u00bb.<\/p><p>En la literatura jueva, sobretot al Llibre de Daniel, Miquel apareix com el gran pr\u00edncep que intercedeix pel poble d&#8217;Israel. En el cristianisme es va convertir en l&#8217;arc\u00e0ngel i cap de les mil\u00edcies celestials, que a l&#8217;Apocalipsi de Joan ven\u00e7 el drac.<\/p><p>L&#8217;islam va adoptar el nom i la idea b\u00e0sica d&#8217;un \u00e0ngel elevat, per\u00f2 li va donar un perfil propi. El paper guerrer que caracteritza Miquel en la imatge cristiana queda en un segon pla en el cas de Mikail.<\/p><p>En el seu lloc, ocupa un paper central la compet\u00e8ncia sobre el prove\u00efment i l&#8217;ordre de la natura. Aquest canvi \u00e9s revelador des del punt de vista de la hist\u00f2ria de les religions: mostra que les tradicions abra\u00e0miques porten el mateix nom, per\u00f2 el desenvolupen de manera diferent segons les necessitats teol\u00f2giques.<\/p><p><span data-nosnippet>La recerca sobre l&#8217;angelologia isl\u00e0mica, com els treballs de Stephen Burge a <em>Angels in Islam<\/em> (2012), ha posat de manifest com els erudits isl\u00e0mics van recollir tradicions jueves i cristianes m\u00e9s antigues i les van integrar en el seu propi sistema. Burge mostra que les col\u00b7leccions de hadits sobre els \u00e0ngels contenen en part material que es remunta a fonts <span class=\"iwg-fachbegriff\" data-tooltip=\"\u00c8poca de transici\u00f3 entre l'Antiguitat i l'edat mitjana, aproximadament entre els segles III i VII.\" tabindex=\"0\">de l&#8217;antiguitat tardana<\/span> comunes.<\/span><\/p><p>Mikail no \u00e9s, doncs, un fenomen isl\u00e0mic a\u00efllat, sin\u00f3 un punt de trobada d&#8217;una llarga hist\u00f2ria de transmissi\u00f3 compartida. Per a la comparaci\u00f3 resulta \u00fatil fixar-se en la <a href=\"https:\/\/iwell-guard.com\/ca\/?page_id=171364\">tradici\u00f3 cristiana dels arc\u00e0ngels<\/a>, on la mateixa figura va rebre un accent clarament diferent.<\/p>\t\t\t\t\t\t\t\t<\/div>\n\t\t\t\t<\/div>\n\t\t\t\t\t<\/div>\n\t\t\t\t<\/div>\n\t\t<div class=\"elementor-element elementor-element-cpffb4dcb e-flex e-con-boxed e-con e-parent\" data-id=\"cpffb4dcb\" data-element_type=\"container\" data-e-type=\"container\">\n\t\t\t\t\t<div class=\"e-con-inner\">\n\t\t\t\t<div class=\"elementor-element elementor-element-cp457764a elementor-widget elementor-widget-heading\" data-id=\"cp457764a\" data-element_type=\"widget\" data-e-type=\"widget\" data-widget_type=\"heading.default\">\n\t\t\t\t\t<h2 class=\"elementor-heading-title elementor-size-default\">Mikail en la pietat, el calendari i les creences populars<\/h2>\t\t\t\t<\/div>\n\t\t<div class=\"elementor-element elementor-element-cp2f0cc40 e-con-full e-flex e-con e-child\" data-id=\"cp2f0cc40\" data-element_type=\"container\" data-e-type=\"container\">\n\t\t\t\t<div class=\"elementor-element elementor-element-cp6a42fa7 elementor-widget elementor-widget-text-editor\" data-id=\"cp6a42fa7\" data-element_type=\"widget\" data-e-type=\"widget\" data-widget_type=\"text-editor.default\">\n\t\t\t\t\t\t\t\t\t<p>Encara que la <span class=\"iwg-fachbegriff\" data-tooltip=\"La doctrina cient\u00edfica sobre D\u00e9u i sobre la fe d'una religi\u00f3.\" tabindex=\"0\">teologia<\/span> isl\u00e0mica exclou la veneraci\u00f3 dels \u00e0ngels, Mikail ha deixat empremta en la <span class=\"iwg-fachbegriff\" data-tooltip=\"L'actitud i la pr\u00e0ctica religiosa viscuda d'una persona.\" tabindex=\"0\">pietat<\/span> viscuda en diverses regions isl\u00e0miques.<\/p><p>En la tradici\u00f3 de les preg\u00e0ries de petici\u00f3, se l&#8217;esmenta de vegades quan es demana pluja o prove\u00efment, ja que aquests \u00e0mbits li s\u00f3n atribu\u00efts. Aquestes preg\u00e0ries, segons l&#8217;enteniment ortodox, s&#8217;adrecen \u00fanicament a D\u00e9u, per\u00f2 esmenten la funci\u00f3 de Mikail per situar la petici\u00f3.<\/p><p>En algunes tradicions del calendari religi\u00f3s, Mikail s&#8217;associa amb determinades nits en les quals es considera que els <span class=\"iwg-fachbegriff\" data-tooltip=\"En les religions abra\u00e0miques, un \u00e9sser missatger celestial de D\u00e9u.\" tabindex=\"0\">\u00e0ngels<\/span> estan especialment a prop, com en els relats sobre la <em>Lailat al-Qadr<\/em>, la nit de la determinaci\u00f3 durant el mes de Ramad\u00e0.<\/p><p>En aquesta ocasi\u00f3 els <span class=\"iwg-fachbegriff\" data-tooltip=\"En les religions abra\u00e0miques, un \u00e9sser missatger celestial de D\u00e9u.\" tabindex=\"0\">\u00e0ngels<\/span> apareixen en gran nombre, i algunes tradicions els atribueixen l\u00edders. Tamb\u00e9 en la literatura escatol\u00f2gica popular que descriu els esdeveniments del Dia del Judici, Mikail ocupa el seu lloc al costat dels altres \u00e0ngels principals.<\/p><p>En les creences populars d&#8217;algunes regions, sobretot all\u00e0 on es van trobar les idees isl\u00e0miques i les creences locals m\u00e9s antigues, Mikail es va concebre de vegades com un patr\u00f3 protector m\u00e9s independent del que preveu la <span class=\"iwg-fachbegriff\" data-tooltip=\"La doctrina cient\u00edfica sobre D\u00e9u i sobre la fe d'una religi\u00f3.\" tabindex=\"0\">teologia<\/span>. L&#8217;observaci\u00f3 cient\u00edfica d&#8217;aquests fen\u00f2mens revela una tensi\u00f3 recurrent entre la norma erudita i la pr\u00e0ctica viscuda.<\/p><p>Per a Mikail, en tot cas, cal destacar que en totes les capes de la <span class=\"iwg-fachbegriff\" data-tooltip=\"La transmissi\u00f3 de coneixements i relats al llarg de generacions.\" tabindex=\"0\">transmissi\u00f3<\/span> se l&#8217;ent\u00e9n com un pur servent de D\u00e9u, el rang del qual deriva de la seva funci\u00f3 i no d&#8217;un poder propi. Aquesta sobrietat distingeix clarament la imatge isl\u00e0mica de la formaci\u00f3 m\u00e9s rica de llegendes que altres tradicions han desenvolupat al voltant de la mateixa figura.<\/p>\t\t\t\t\t\t\t\t<\/div>\n\t\t\t\t<\/div>\n\t\t\t\t\t<\/div>\n\t\t\t\t<\/div>\n\t\t<div class=\"elementor-element elementor-element-36dd7469 e-flex e-con-boxed e-con e-parent\" data-id=\"36dd7469\" data-element_type=\"container\" data-e-type=\"container\">\n\t\t\t\t\t<div class=\"e-con-inner\">\n\t\t\t\t<div class=\"elementor-element elementor-element-13760ab4 elementor-widget elementor-widget-heading\" data-id=\"13760ab4\" data-element_type=\"widget\" data-e-type=\"widget\" data-widget_type=\"heading.default\">\n\t\t\t\t\t<h2 class=\"elementor-heading-title elementor-size-default\">Enlla\u00e7os relacionats<\/h2>\t\t\t\t<\/div>\n\t\t<div class=\"elementor-element elementor-element-28c87796 e-con-full e-flex e-con e-child\" data-id=\"28c87796\" data-element_type=\"container\" data-e-type=\"container\">\n\t\t\t\t<div class=\"elementor-element elementor-element-5d6538df elementor-widget elementor-widget-text-editor\" data-id=\"5d6538df\" data-element_type=\"widget\" data-e-type=\"widget\" data-widget_type=\"text-editor.default\">\n\t\t\t\t\t\t\t\t\t<ul><li><a href=\"https:\/\/iwell-guard.com\/ca\/?page_id=171594\">Israfil, \u00e0ngel de la resurrecci\u00f3<\/a><\/li><\/ul>\n\t\t\t\t\t\t\t\t<\/div>\n\t\t\t\t<\/div>\n\t\t\t\t\t<\/div>\n\t\t\t\t<\/div>\n\t\t<div class=\"elementor-element elementor-element-grl4kl40 e-flex e-con-boxed e-con e-parent\" data-id=\"grl4kl40\" data-element_type=\"container\" data-e-type=\"container\">\n\t\t\t\t\t<div class=\"e-con-inner\">\n\t\t\t\t<div class=\"elementor-element elementor-element-bzsbfrmh elementor-widget elementor-widget-heading\" data-id=\"bzsbfrmh\" data-element_type=\"widget\" data-e-type=\"widget\" data-widget_type=\"heading.default\">\n\t\t\t\t\t<h2 class=\"elementor-heading-title elementor-size-default\">Bibliografia de recerca<\/h2>\t\t\t\t<\/div>\n\t\t<div class=\"elementor-element elementor-element-2c13224a e-con-full e-flex e-con e-child\" data-id=\"2c13224a\" data-element_type=\"container\" data-e-type=\"container\">\n\t\t\t\t<div class=\"elementor-element elementor-element-0eymh9ub elementor-widget elementor-widget-text-editor\" data-id=\"0eymh9ub\" data-element_type=\"widget\" data-e-type=\"widget\" data-widget_type=\"text-editor.default\">\n\t\t\t\t\t\t\t\t\t<footer class=\"iwg-literatur\" data-nosnippet=\"true\"><ul><li><span data-nosnippet>Burge, S. M.: <em>Angels in Islam: Jalal Abualrub<\/em>. University Press of America, 1991.<\/span><\/li><li><span data-nosnippet>Seyyed, Hossein Nasr: <em>Islamic Art and Spirituality<\/em>. SUNY Press, 1987.<\/span><\/li><li><span data-nosnippet>Lawson, T. T.: <em>The Crucifixion in the Qur&#8217;an and the Classical Muslim Exegesis<\/em>. Oxford University Press, 2009.<\/span><\/li><\/ul>\n<\/footer>\t\t\t\t\t\t\t\t<\/div>\n\t\t\t\t<\/div>\n\t\t\t\t\t<\/div>\n\t\t\t\t<\/div>\n\t\t\t\t<\/div>\n\t\t","protected":false},"excerpt":{"rendered":"","protected":false},"author":3,"featured_media":1746,"parent":0,"menu_order":0,"comment_status":"closed","ping_status":"closed","template":"elementor_header_footer","meta":{"_yoast_wpseo_focuskw":"Mikail","_yoast_wpseo_title":"Mikail - el prove\u00efdor d'aliment i benedicci\u00f3","_yoast_wpseo_metadesc":"Mikail, arc\u00e0ngel de la tradici\u00f3 isl\u00e0mica, documentat per escrit des de fa segles: prove\u00efdor d'aliment i benedicci\u00f3, ajuda contra els Shayatin.","_yoast_wpseo_meta-robots-noindex":"","_yoast_wpseo_canonical":"","_angie_page":false,"gefaehrdungsstufe":"","wesen_kultur":"islam","wesen_klasse":"lichtwesen","footnotes":""},"categories":[],"class_list":["post-171511","page","type-page","status-publish","has-post-thumbnail","hentry"],"yoast_head":"<!-- This site is optimized with the Yoast SEO Premium plugin v27.7 (Yoast SEO v28.3) - https:\/\/yoast.com\/product\/yoast-seo-premium-wordpress\/ -->\n<title>Mikail - el prove\u00efdor d&#039;aliment i benedicci\u00f3<\/title>\n<meta name=\"description\" content=\"Mikail, arc\u00e0ngel de la tradici\u00f3 isl\u00e0mica, documentat per escrit des de fa segles: prove\u00efdor d&#039;aliment i benedicci\u00f3, ajuda contra els Shayatin.\" \/>\n<meta name=\"robots\" content=\"index, follow, max-snippet:-1, max-image-preview:large, max-video-preview:-1\" \/>\n<link rel=\"canonical\" href=\"https:\/\/iwell-guard.com\/ca\/mikail\/\" \/>\n<meta property=\"og:locale\" content=\"ca_ES\" \/>\n<meta property=\"og:type\" content=\"article\" \/>\n<meta property=\"og:title\" content=\"Mikail\" \/>\n<meta property=\"og:description\" content=\"Mikail, arc\u00e0ngel de la tradici\u00f3 isl\u00e0mica, documentat per escrit des de fa segles: prove\u00efdor d&#039;aliment i benedicci\u00f3, ajuda contra els Shayatin.\" \/>\n<meta property=\"og:url\" content=\"https:\/\/iwell-guard.com\/ca\/mikail\/\" \/>\n<meta property=\"og:site_name\" content=\"iWell Guard\" \/>\n<meta property=\"article:modified_time\" content=\"2026-09-05T15:59:38+00:00\" \/>\n<meta property=\"og:image\" content=\"https:\/\/iwell-guard.com\/wp-content\/uploads\/2026\/04\/goetter_islam_mikail.webp\" \/>\n\t<meta property=\"og:image:width\" content=\"1024\" \/>\n\t<meta property=\"og:image:height\" content=\"1536\" \/>\n\t<meta property=\"og:image:type\" content=\"image\/webp\" \/>\n<meta name=\"twitter:card\" content=\"summary_large_image\" \/>\n<script type=\"application\/ld+json\" class=\"yoast-schema-graph\">{\"@context\":\"https:\\\/\\\/schema.org\",\"@graph\":[{\"@type\":\"WebPage\",\"@id\":\"https:\\\/\\\/iwell-guard.com\\\/ca\\\/mikail\\\/\",\"url\":\"https:\\\/\\\/iwell-guard.com\\\/ca\\\/mikail\\\/\",\"name\":\"Mikail - el prove\u00efdor d'aliment i benedicci\u00f3\",\"isPartOf\":{\"@id\":\"https:\\\/\\\/iwell-guard.com\\\/ca\\\/#website\"},\"primaryImageOfPage\":{\"@id\":\"https:\\\/\\\/iwell-guard.com\\\/ca\\\/mikail\\\/#primaryimage\"},\"image\":{\"@id\":\"https:\\\/\\\/iwell-guard.com\\\/ca\\\/mikail\\\/#primaryimage\"},\"thumbnailUrl\":\"https:\\\/\\\/iwell-guard.com\\\/wp-content\\\/uploads\\\/2026\\\/04\\\/goetter_islam_mikail.webp\",\"datePublished\":\"2026-09-05T15:39:59+00:00\",\"dateModified\":\"2026-09-05T15:59:38+00:00\",\"description\":\"Mikail, arc\u00e0ngel de la tradici\u00f3 isl\u00e0mica, documentat per escrit des de fa segles: prove\u00efdor d'aliment i benedicci\u00f3, ajuda contra els Shayatin.\",\"breadcrumb\":{\"@id\":\"https:\\\/\\\/iwell-guard.com\\\/ca\\\/mikail\\\/#breadcrumb\"},\"inLanguage\":\"ca\",\"potentialAction\":[{\"@type\":\"ReadAction\",\"target\":[\"https:\\\/\\\/iwell-guard.com\\\/ca\\\/mikail\\\/\"]}]},{\"@type\":\"ImageObject\",\"inLanguage\":\"ca\",\"@id\":\"https:\\\/\\\/iwell-guard.com\\\/ca\\\/mikail\\\/#primaryimage\",\"url\":\"https:\\\/\\\/iwell-guard.com\\\/wp-content\\\/uploads\\\/2026\\\/04\\\/goetter_islam_mikail.webp\",\"contentUrl\":\"https:\\\/\\\/iwell-guard.com\\\/wp-content\\\/uploads\\\/2026\\\/04\\\/goetter_islam_mikail.webp\",\"width\":1024,\"height\":1536,\"caption\":\"D\u00e9us de la tradici\u00f3 isl\u00e0mica.\"},{\"@type\":\"BreadcrumbList\",\"@id\":\"https:\\\/\\\/iwell-guard.com\\\/ca\\\/mikail\\\/#breadcrumb\",\"itemListElement\":[{\"@type\":\"ListItem\",\"position\":1,\"name\":\"Start\",\"item\":\"https:\\\/\\\/iwell-guard.com\\\/ca\\\/?page_id=171333\"},{\"@type\":\"ListItem\",\"position\":2,\"name\":\"Mikail\"}]},{\"@type\":\"WebSite\",\"@id\":\"https:\\\/\\\/iwell-guard.com\\\/ca\\\/#website\",\"url\":\"https:\\\/\\\/iwell-guard.com\\\/ca\\\/\",\"name\":\"iWell Guard\",\"description\":\"Schutz vor dunklen Einfl\u00fcssen\",\"publisher\":{\"@id\":\"https:\\\/\\\/iwell-guard.com\\\/ca\\\/#organization\"},\"potentialAction\":[{\"@type\":\"SearchAction\",\"target\":{\"@type\":\"EntryPoint\",\"urlTemplate\":\"https:\\\/\\\/iwell-guard.com\\\/ca\\\/?s={search_term_string}\"},\"query-input\":{\"@type\":\"PropertyValueSpecification\",\"valueRequired\":true,\"valueName\":\"search_term_string\"}}],\"inLanguage\":\"ca\"},{\"@type\":\"Organization\",\"@id\":\"https:\\\/\\\/iwell-guard.com\\\/ca\\\/#organization\",\"name\":\"Ittermann electronic GmbH\",\"url\":\"https:\\\/\\\/iwell-guard.com\\\/ca\\\/\",\"logo\":{\"@type\":\"ImageObject\",\"inLanguage\":\"ca\",\"@id\":\"https:\\\/\\\/iwell-guard.com\\\/ca\\\/#\\\/schema\\\/logo\\\/image\\\/\",\"url\":\"https:\\\/\\\/iwell-guard.com\\\/wp-content\\\/uploads\\\/2026\\\/05\\\/Ittermann-Logo-1182x237-1.png\",\"contentUrl\":\"https:\\\/\\\/iwell-guard.com\\\/wp-content\\\/uploads\\\/2026\\\/05\\\/Ittermann-Logo-1182x237-1.png\",\"width\":1182,\"height\":237,\"caption\":\"Ittermann electronic GmbH\"},\"image\":{\"@id\":\"https:\\\/\\\/iwell-guard.com\\\/ca\\\/#\\\/schema\\\/logo\\\/image\\\/\"},\"sameAs\":[\"https:\\\/\\\/pantip.com\\\/profile\\\/9367242\",\"https:\\\/\\\/micro.blog\\\/iwellguard\",\"https:\\\/\\\/www.diggerslist.com\\\/iwellguard\\\/about\",\"https:\\\/\\\/skitterphoto.com\\\/photographers\\\/2870314\\\/iwell-guard\",\"https:\\\/\\\/iwellguard.wordpress.com\\\/2026\\\/06\\\/06\\\/iwell-guard\\\/\",\"https:\\\/\\\/hub.docker.com\\\/u\\\/iwellguard\",\"https:\\\/\\\/www.pinterest.com\\\/iwellguard\\\/\",\"https:\\\/\\\/bit.ly\\\/m\\\/iwellguard\",\"https:\\\/\\\/entre-vos-mains.alsace.eu\\\/profiles\\\/iwellguard\\\/activity\",\"https:\\\/\\\/gravatar.com\\\/reallybeded8fd34\",\"https:\\\/\\\/naijamatta.com\\\/iwellguard\",\"https:\\\/\\\/www.goodreads.com\\\/iwellguard\",\"https:\\\/\\\/profile.hatena.ne.jp\\\/iwellguard\\\/\",\"https:\\\/\\\/experiment.com\\\/users\\\/iwellguard\",\"https:\\\/\\\/wakelet.com\\\/@iWellGuard82270\",\"https:\\\/\\\/www.chordie.com\\\/forum\\\/profile.php?id=2555664\",\"https:\\\/\\\/www.instapaper.com\\\/p\\\/17757966\",\"https:\\\/\\\/www.mapleprimes.com\\\/users\\\/iwellguard\",\"https:\\\/\\\/businesslistingplus.com\\\/profile\\\/iwell-guard\\\/\",\"https:\\\/\\\/telegra.ph\\\/iWell-Guard-06-06\",\"https:\\\/\\\/pbase.com\\\/iwellguard\\\/iwellguard\",\"https:\\\/\\\/b.hatena.ne.jp\\\/iwellguard\\\/20260607#bookmark-4788405196491818882\",\"https:\\\/\\\/fliphtml5.com\\\/home\\\/iwellguard\",\"https:\\\/\\\/anyflip.com\\\/homepage\\\/cmiwl#About\",\"https:\\\/\\\/transfur.com\\\/Users\\\/iwellguard\",\"http:\\\/\\\/delphi.larsbo.org\\\/user\\\/iwellguard\",\"https:\\\/\\\/jobs.lajobsportal.org\\\/profiles\\\/8380803-iwell-guard\",\"https:\\\/\\\/md.chaosdorf.de\\\/s\\\/jfbe5SBdJD\",\"https:\\\/\\\/www.lingvolive.com\\\/en-us\\\/profile\\\/9ecaeaca-ce11-4e51-9e71-01d55e2bff36\\\/translations\",\"https:\\\/\\\/www.fitday.com\\\/fitness\\\/forums\\\/members\\\/iwellguard.html\",\"https:\\\/\\\/www.mymeetbook.com\\\/iwellguard\",\"https:\\\/\\\/pxhere.com\\\/en\\\/photographer-me\\\/5040798\",\"https:\\\/\\\/disqus.com\\\/by\\\/iwellguard\\\/about\\\/\",\"https:\\\/\\\/pastelink.net\\\/hjwciqwq\",\"https:\\\/\\\/pubhtml5.com\\\/homepage\\\/scjhn\\\/\",\"https:\\\/\\\/www.bitchute.com\\\/channel\\\/2O2eOKzNqujT\",\"https:\\\/\\\/audiomack.com\\\/iwellguard\"]},{\"@type\":\"Article\",\"@id\":\"https:\\\/\\\/iwell-guard.com\\\/ca\\\/mikail\\\/#article\",\"isPartOf\":{\"@id\":\"https:\\\/\\\/iwell-guard.com\\\/ca\\\/mikail\\\/\"},\"author\":{\"name\":\"Ralf Ittermann\",\"@id\":\"https:\\\/\\\/iwell-guard.com\\\/ca\\\/#\\\/schema\\\/person\\\/ee2a27f1cac3406c7c6fb5820cb7349f\"},\"headline\":\"Mikail\",\"datePublished\":\"2026-09-05T15:39:59+00:00\",\"dateModified\":\"2026-09-05T15:59:38+00:00\",\"mainEntityOfPage\":{\"@id\":\"https:\\\/\\\/iwell-guard.com\\\/ca\\\/mikail\\\/\"},\"publisher\":{\"@id\":\"https:\\\/\\\/iwell-guard.com\\\/ca\\\/#organization\"},\"image\":{\"@id\":\"https:\\\/\\\/iwell-guard.com\\\/ca\\\/mikail\\\/#primaryimage\"},\"thumbnailUrl\":\"https:\\\/\\\/iwell-guard.com\\\/wp-content\\\/uploads\\\/2026\\\/04\\\/goetter_islam_mikail.webp\",\"inLanguage\":\"ca\",\"description\":\"Mikail, arc\u00e0ngel de la tradici\u00f3 isl\u00e0mica, documentat per escrit des de fa segles: prove\u00efdor d'aliment i benedicci\u00f3, ajuda contra els Shayatin.\"}]}<\/script>\n<!-- \/ Yoast SEO Premium plugin. -->","yoast_head_json":{"title":"Mikail - el prove\u00efdor d'aliment i benedicci\u00f3","description":"Mikail, arc\u00e0ngel de la tradici\u00f3 isl\u00e0mica, documentat per escrit des de fa segles: prove\u00efdor d'aliment i benedicci\u00f3, ajuda contra els Shayatin.","robots":{"index":"index","follow":"follow","max-snippet":"max-snippet:-1","max-image-preview":"max-image-preview:large","max-video-preview":"max-video-preview:-1"},"canonical":"https:\/\/iwell-guard.com\/ca\/mikail\/","og_locale":"ca_ES","og_type":"article","og_title":"Mikail","og_description":"Mikail, arc\u00e0ngel de la tradici\u00f3 isl\u00e0mica, documentat per escrit des de fa segles: prove\u00efdor d'aliment i benedicci\u00f3, ajuda contra els Shayatin.","og_url":"https:\/\/iwell-guard.com\/ca\/mikail\/","og_site_name":"iWell Guard","article_modified_time":"2026-09-05T15:59:38+00:00","og_image":[{"width":1024,"height":1536,"url":"https:\/\/iwell-guard.com\/wp-content\/uploads\/2026\/04\/goetter_islam_mikail.webp","type":"image\/webp"}],"twitter_card":"summary_large_image","schema":{"@context":"https:\/\/schema.org","@graph":[{"@type":"Article","@id":"https:\/\/iwell-guard.com\/ca\/mikail\/#article","isPartOf":{"@id":"https:\/\/iwell-guard.com\/ca\/mikail\/"},"author":{"name":"Ralf Ittermann","@id":"https:\/\/iwell-guard.com\/ca\/#\/schema\/person\/ee2a27f1cac3406c7c6fb5820cb7349f"},"headline":"Mikail","datePublished":"2026-09-05T15:39:59+00:00","dateModified":"2026-09-05T15:59:38+00:00","mainEntityOfPage":{"@id":"https:\/\/iwell-guard.com\/ca\/mikail\/"},"publisher":{"@id":"https:\/\/iwell-guard.com\/ca\/#organization"},"image":{"@id":"https:\/\/iwell-guard.com\/ca\/mikail\/#primaryimage"},"thumbnailUrl":"https:\/\/iwell-guard.com\/wp-content\/uploads\/2026\/04\/goetter_islam_mikail.webp","inLanguage":"ca","description":"Mikail, arc\u00e0ngel de la tradici\u00f3 isl\u00e0mica, documentat per escrit des de fa segles: prove\u00efdor d'aliment i benedicci\u00f3, ajuda contra els Shayatin."},{"@type":"WebPage","@id":"https:\/\/iwell-guard.com\/ca\/mikail\/","url":"https:\/\/iwell-guard.com\/ca\/mikail\/","name":"Mikail - el prove\u00efdor d'aliment i benedicci\u00f3","isPartOf":{"@id":"https:\/\/iwell-guard.com\/ca\/#website"},"primaryImageOfPage":{"@id":"https:\/\/iwell-guard.com\/ca\/mikail\/#primaryimage"},"image":{"@id":"https:\/\/iwell-guard.com\/ca\/mikail\/#primaryimage"},"thumbnailUrl":"https:\/\/iwell-guard.com\/wp-content\/uploads\/2026\/04\/goetter_islam_mikail.webp","datePublished":"2026-09-05T15:39:59+00:00","dateModified":"2026-09-05T15:59:38+00:00","description":"Mikail, arc\u00e0ngel de la tradici\u00f3 isl\u00e0mica, documentat per escrit des de fa segles: prove\u00efdor d'aliment i benedicci\u00f3, ajuda contra els Shayatin.","breadcrumb":{"@id":"https:\/\/iwell-guard.com\/ca\/mikail\/#breadcrumb"},"inLanguage":"ca","potentialAction":[{"@type":"ReadAction","target":["https:\/\/iwell-guard.com\/ca\/mikail\/"]}]},{"@type":"ImageObject","inLanguage":"ca","@id":"https:\/\/iwell-guard.com\/ca\/mikail\/#primaryimage","url":"https:\/\/iwell-guard.com\/wp-content\/uploads\/2026\/04\/goetter_islam_mikail.webp","contentUrl":"https:\/\/iwell-guard.com\/wp-content\/uploads\/2026\/04\/goetter_islam_mikail.webp","width":1024,"height":1536,"caption":"D\u00e9us de la tradici\u00f3 isl\u00e0mica."},{"@type":"BreadcrumbList","@id":"https:\/\/iwell-guard.com\/ca\/mikail\/#breadcrumb","itemListElement":[{"@type":"ListItem","position":1,"name":"Start","item":"https:\/\/iwell-guard.com\/ca\/?page_id=171333"},{"@type":"ListItem","position":2,"name":"Mikail"}]},{"@type":"WebSite","@id":"https:\/\/iwell-guard.com\/ca\/#website","url":"https:\/\/iwell-guard.com\/ca\/","name":"iWell Guard","description":"Schutz vor dunklen Einfl\u00fcssen","publisher":{"@id":"https:\/\/iwell-guard.com\/ca\/#organization"},"potentialAction":[{"@type":"SearchAction","target":{"@type":"EntryPoint","urlTemplate":"https:\/\/iwell-guard.com\/ca\/?s={search_term_string}"},"query-input":{"@type":"PropertyValueSpecification","valueRequired":true,"valueName":"search_term_string"}}],"inLanguage":"ca"},{"@type":"Organization","@id":"https:\/\/iwell-guard.com\/ca\/#organization","name":"Ittermann electronic GmbH","url":"https:\/\/iwell-guard.com\/ca\/","logo":{"@type":"ImageObject","inLanguage":"ca","@id":"https:\/\/iwell-guard.com\/ca\/#\/schema\/logo\/image\/","url":"https:\/\/iwell-guard.com\/wp-content\/uploads\/2026\/05\/Ittermann-Logo-1182x237-1.png","contentUrl":"https:\/\/iwell-guard.com\/wp-content\/uploads\/2026\/05\/Ittermann-Logo-1182x237-1.png","width":1182,"height":237,"caption":"Ittermann electronic GmbH"},"image":{"@id":"https:\/\/iwell-guard.com\/ca\/#\/schema\/logo\/image\/"},"sameAs":["https:\/\/pantip.com\/profile\/9367242","https:\/\/micro.blog\/iwellguard","https:\/\/www.diggerslist.com\/iwellguard\/about","https:\/\/skitterphoto.com\/photographers\/2870314\/iwell-guard","https:\/\/iwellguard.wordpress.com\/2026\/06\/06\/iwell-guard\/","https:\/\/hub.docker.com\/u\/iwellguard","https:\/\/www.pinterest.com\/iwellguard\/","https:\/\/bit.ly\/m\/iwellguard","https:\/\/entre-vos-mains.alsace.eu\/profiles\/iwellguard\/activity","https:\/\/gravatar.com\/reallybeded8fd34","https:\/\/naijamatta.com\/iwellguard","https:\/\/www.goodreads.com\/iwellguard","https:\/\/profile.hatena.ne.jp\/iwellguard\/","https:\/\/experiment.com\/users\/iwellguard","https:\/\/wakelet.com\/@iWellGuard82270","https:\/\/www.chordie.com\/forum\/profile.php?id=2555664","https:\/\/www.instapaper.com\/p\/17757966","https:\/\/www.mapleprimes.com\/users\/iwellguard","https:\/\/businesslistingplus.com\/profile\/iwell-guard\/","https:\/\/telegra.ph\/iWell-Guard-06-06","https:\/\/pbase.com\/iwellguard\/iwellguard","https:\/\/b.hatena.ne.jp\/iwellguard\/20260607#bookmark-4788405196491818882","https:\/\/fliphtml5.com\/home\/iwellguard","https:\/\/anyflip.com\/homepage\/cmiwl#About","https:\/\/transfur.com\/Users\/iwellguard","http:\/\/delphi.larsbo.org\/user\/iwellguard","https:\/\/jobs.lajobsportal.org\/profiles\/8380803-iwell-guard","https:\/\/md.chaosdorf.de\/s\/jfbe5SBdJD","https:\/\/www.lingvolive.com\/en-us\/profile\/9ecaeaca-ce11-4e51-9e71-01d55e2bff36\/translations","https:\/\/www.fitday.com\/fitness\/forums\/members\/iwellguard.html","https:\/\/www.mymeetbook.com\/iwellguard","https:\/\/pxhere.com\/en\/photographer-me\/5040798","https:\/\/disqus.com\/by\/iwellguard\/about\/","https:\/\/pastelink.net\/hjwciqwq","https:\/\/pubhtml5.com\/homepage\/scjhn\/","https:\/\/www.bitchute.com\/channel\/2O2eOKzNqujT","https:\/\/audiomack.com\/iwellguard"]},{"@type":"Person","@id":"https:\/\/iwell-guard.com\/ca\/#\/schema\/person\/ee2a27f1cac3406c7c6fb5820cb7349f","name":"Ralf Ittermann","image":{"@type":"ImageObject","inLanguage":"ca","@id":"https:\/\/secure.gravatar.com\/avatar\/073c0153e350a5005b68eb752b445fea71f6b24a26da9449ad7e155e6b446c9d?s=96&d=mm&r=g","url":"https:\/\/secure.gravatar.com\/avatar\/073c0153e350a5005b68eb752b445fea71f6b24a26da9449ad7e155e6b446c9d?s=96&d=mm&r=g","contentUrl":"https:\/\/secure.gravatar.com\/avatar\/073c0153e350a5005b68eb752b445fea71f6b24a26da9449ad7e155e6b446c9d?s=96&d=mm&r=g","caption":"Ralf Ittermann"},"givenName":"Ralf","familyName":"Ittermann","jobTitle":"Gesch\u00e4ftsf\u00fchrer und redaktioneller Verantwortlicher","url":"https:\/\/iwell-guard.com\/ca\/author\/claude\/","description":"Ralf Ittermann ist Gesch\u00e4ftsf\u00fchrer der Ittermann electronic GmbH und redaktioneller Verantwortlicher des iWell-Guard-Lexikons. Er verbindet langj\u00e4hrige Erfahrung in der Pr\u00e4zisionsfertigung mit medialer Praxis und religionsgeschichtlicher Quellenarbeit.","worksFor":{"@type":"Organization","name":"Ittermann electronic GmbH","url":"https:\/\/ittermann.de\/","address":{"@type":"PostalAddress","streetAddress":"K\u00f6hlergasse 16-18","postalCode":"99842","addressLocality":"Ruhla","addressCountry":"DE"}},"knowsAbout":["Religionsgeschichte","Mythologie","Mediale Praxis","Energetische Diagnostik","Schutzpraxis","Volksglauben","Westliche Esoterik"]},{"@type":"Article","@id":"https:\/\/iwell-guard.com\/ca\/mikail\/#article","isPartOf":{"@id":"https:\/\/iwell-guard.com\/ca\/mikail\/"},"author":{"name":"Ralf Ittermann","@id":"https:\/\/iwell-guard.com\/ca\/#\/schema\/person\/ee2a27f1cac3406c7c6fb5820cb7349f"},"headline":"Mikail","datePublished":"2026-09-05T15:39:59+00:00","dateModified":"2026-09-05T15:59:38+00:00","mainEntityOfPage":{"@id":"https:\/\/iwell-guard.com\/ca\/mikail\/"},"publisher":{"@id":"https:\/\/iwell-guard.com\/ca\/#organization"},"image":{"@id":"https:\/\/iwell-guard.com\/ca\/mikail\/#primaryimage"},"thumbnailUrl":"https:\/\/iwell-guard.com\/wp-content\/uploads\/2026\/04\/goetter_islam_mikail.webp","inLanguage":"ca","description":"Mikail, arc\u00e0ngel de la tradici\u00f3 isl\u00e0mica, documentat per escrit des de fa segles: prove\u00efdor d'aliment i benedicci\u00f3, ajuda contra els Shayatin."}]}},"_links":{"self":[{"href":"https:\/\/iwell-guard.com\/ca\/wp-json\/wp\/v2\/pages\/171511","targetHints":{"allow":["GET"]}}],"collection":[{"href":"https:\/\/iwell-guard.com\/ca\/wp-json\/wp\/v2\/pages"}],"about":[{"href":"https:\/\/iwell-guard.com\/ca\/wp-json\/wp\/v2\/types\/page"}],"author":[{"embeddable":true,"href":"https:\/\/iwell-guard.com\/ca\/wp-json\/wp\/v2\/users\/3"}],"replies":[{"embeddable":true,"href":"https:\/\/iwell-guard.com\/ca\/wp-json\/wp\/v2\/comments?post=171511"}],"version-history":[{"count":0,"href":"https:\/\/iwell-guard.com\/ca\/wp-json\/wp\/v2\/pages\/171511\/revisions"}],"wp:featuredmedia":[{"embeddable":true,"href":"https:\/\/iwell-guard.com\/ca\/wp-json\/wp\/v2\/media\/1746"}],"wp:attachment":[{"href":"https:\/\/iwell-guard.com\/ca\/wp-json\/wp\/v2\/media?parent=171511"}],"wp:term":[{"taxonomy":"category","embeddable":true,"href":"https:\/\/iwell-guard.com\/ca\/wp-json\/wp\/v2\/categories?post=171511"}],"curies":[{"name":"wp","href":"https:\/\/api.w.org\/{rel}","templated":true}]}}