{"id":171509,"date":"2026-09-05T15:39:58","date_gmt":"2026-09-05T15:39:58","guid":{"rendered":"https:\/\/iwell-guard.com\/?page_id=171509"},"modified":"2026-09-05T15:59:36","modified_gmt":"2026-09-05T15:59:36","slug":"samael","status":"publish","type":"page","link":"https:\/\/iwell-guard.com\/ca\/samael\/","title":{"rendered":"Samael"},"content":{"rendered":"\t\t<div data-elementor-type=\"wp-page\" data-elementor-id=\"171509\" class=\"elementor elementor-171509 elementor-1978 elementor-bc-flex-widget\" data-elementor-post-type=\"page\">\n\t\t\t\t<div class=\"elementor-element elementor-element-10fdade e-flex e-con-boxed e-con e-parent\" data-id=\"10fdade\" data-element_type=\"container\" data-e-type=\"container\" data-settings=\"{&quot;background_background&quot;:&quot;classic&quot;}\">\n\t\t\t\t\t<div class=\"e-con-inner\">\n\t\t<div class=\"elementor-element elementor-element-herohlft0 e-flex e-con-boxed e-con e-child\" data-id=\"herohlft0\" data-element_type=\"container\" data-e-type=\"container\">\n\t\t\t\t\t<div class=\"e-con-inner\">\n\t\t<div class=\"elementor-element elementor-element-c3ceb64 e-con-full e-flex e-con e-child\" data-id=\"c3ceb64\" data-element_type=\"container\" data-e-type=\"container\">\n\t\t\t\t<div class=\"elementor-element elementor-element-96ae5e1 elementor-widget elementor-widget-heading\" data-id=\"96ae5e1\" data-element_type=\"widget\" data-e-type=\"widget\" data-widget_type=\"heading.default\">\n\t\t\t\t\t<h1 class=\"elementor-heading-title elementor-size-default\">Samael, d\u00e9u de la tradici\u00f3 jueva<\/h1>\t\t\t\t<\/div>\n\t\t\t\t<div class=\"elementor-element elementor-element-e45238a elementor-widget elementor-widget-text-editor\" data-id=\"e45238a\" data-element_type=\"widget\" data-e-type=\"widget\" data-widget_type=\"text-editor.default\">\n\t\t\t\t\t\t\t\t\t<p>Samael \u00e9s la figura arcang\u00e8lica de la tradici\u00f3 jueva de la <span class=\"iwg-fachbegriff\" data-tooltip=\"Corrent de la m\u00edstica jueva amb obres principals com el Sefer Jetzir\u00e0 i el Zohar.\" tabindex=\"0\">C\u00e0bala<\/span>, una for\u00e7a ambivalent entre el c\u00e0stig i la protecci\u00f3. La seva import\u00e0ncia des del punt de vista de les ci\u00e8ncies de la religi\u00f3 rau en l&#8217;encarnaci\u00f3 del rigor div\u00ed (Guevur\u00e0), en la meitat demon\u00edaca de la <span class=\"iwg-fachbegriff\" data-tooltip=\"Corrent religi\u00f3s centrat en l'experi\u00e8ncia directa de D\u00e9u.\" tabindex=\"0\">m\u00edstica<\/span> de l&#8217;Arbre de les Sefirot i en la complexa <span class=\"iwg-fachbegriff\" data-tooltip=\"La doctrina cient\u00edfica sobre D\u00e9u i la fe d'una religi\u00f3.\" tabindex=\"0\">teologia<\/span> de la c\u00f2lera com a instrument espiritual.<\/p>\t\t\t\t\t\t\t\t<\/div>\n\t\t\t\t<\/div>\n\t\t<div class=\"elementor-element elementor-element-klsbdg01 e-con-full e-flex e-con e-parent\" data-id=\"klsbdg01\" data-element_type=\"container\" data-e-type=\"container\">\n\t\t\t\t<div class=\"elementor-element elementor-element-klshtm01 elementor-widget elementor-widget-html\" data-id=\"klshtm01\" data-element_type=\"widget\" data-e-type=\"widget\" data-widget_type=\"html.default\">\n\t\t\t\t\t<div class=\"iwg-pill-row\"><span class=\"iwg-klasse-badge\" tabindex=\"0\" data-tooltip=\"D\u00e9u \/ Deessa: Poder suprem personificat en el pante\u00f3 d'una cultura, amb \u00e0mbits d'acci\u00f3 clars: forces de la natura, dest\u00ed, guerra, fertilitat. Venerat mitjan\u00e7ant cultes, ofrenes i institucions de temple.\">D\u00e9u<\/span><a href=\"https:\/\/iwell-guard.com\/ca\/judaisme\/\" class=\"iwg-kultur-badge\" tabindex=\"0\" data-tooltip=\"Tradici\u00f3 de fe jueva des del Tanakh fins a la c\u00e0bala i la m\u00edstica moderna.\">Judaisme<\/a><span class=\"iwg-tradition-badge\" tabindex=\"0\" data-tooltip=\"Arc\u00e0ngel, la classe ang\u00e8lica m\u00e9s alta en la tradici\u00f3 jueva, cristiana i isl\u00e0mica.\">Arc\u00e0ngel<\/span><\/div>\t\t\t\t<\/div>\n\t\t\t\t<\/div>\n\t\t<div class=\"elementor-element elementor-element-3f74855 e-con-full e-flex e-con e-child\" data-id=\"3f74855\" data-element_type=\"container\" data-e-type=\"container\">\n\t\t\t\t<div class=\"elementor-element elementor-element-1c30362 elementor-toc--minimized-on-tablet elementor-widget elementor-widget-table-of-contents\" data-id=\"1c30362\" data-element_type=\"widget\" data-e-type=\"widget\" data-settings=\"{&quot;exclude_headings_by_selector&quot;:[],&quot;no_headings_message&quot;:&quot;No s&#039;ha trobat cap encap\\u00e7alament en aquesta p\\u00e0gina.&quot;,&quot;headings_by_tags&quot;:[&quot;h2&quot;,&quot;h3&quot;],&quot;marker_view&quot;:&quot;bullets&quot;,&quot;minimize_box&quot;:&quot;yes&quot;,&quot;icon&quot;:{&quot;value&quot;:&quot;fas fa-circle&quot;,&quot;library&quot;:&quot;fa-solid&quot;,&quot;rendered_tag&quot;:&quot;&lt;svg class=\\&quot;e-font-icon-svg e-fas-circle\\&quot; viewBox=\\&quot;0 0 512 512\\&quot; xmlns=\\&quot;http:\\\/\\\/www.w3.org\\\/2000\\\/svg\\&quot;&gt;&lt;path d=\\&quot;M256 8C119 8 8 119 8 256s111 248 248 248 248-111 248-248S393 8 256 8z\\&quot;&gt;&lt;\\\/path&gt;&lt;\\\/svg&gt;&quot;},&quot;minimized_on&quot;:&quot;tablet&quot;,&quot;hierarchical_view&quot;:&quot;yes&quot;,&quot;min_height&quot;:{&quot;unit&quot;:&quot;px&quot;,&quot;size&quot;:&quot;&quot;,&quot;sizes&quot;:[]},&quot;min_height_tablet&quot;:{&quot;unit&quot;:&quot;px&quot;,&quot;size&quot;:&quot;&quot;,&quot;sizes&quot;:[]},&quot;min_height_mobile&quot;:{&quot;unit&quot;:&quot;px&quot;,&quot;size&quot;:&quot;&quot;,&quot;sizes&quot;:[]}}\" data-widget_type=\"table-of-contents.default\">\n\t\t\t\t\t\t\t\t\t<div class=\"elementor-toc__header\">\n\t\t\t\t\t\t<h2 class=\"elementor-toc__header-title\">\n\t\t\t\t\u00cdndex\t\t\t<\/h2>\n\t\t\t\t\t\t\t\t\t\t<div class=\"elementor-toc__toggle-button elementor-toc__toggle-button--expand\" role=\"button\" tabindex=\"0\" aria-controls=\"elementor-toc__1c30362\" aria-expanded=\"true\" aria-label=\"Open table of contents\"><svg aria-hidden=\"true\" class=\"e-font-icon-svg e-fas-chevron-down\" viewBox=\"0 0 448 512\" xmlns=\"http:\/\/www.w3.org\/2000\/svg\"><path d=\"M207.029 381.476L12.686 187.132c-9.373-9.373-9.373-24.569 0-33.941l22.667-22.667c9.357-9.357 24.522-9.375 33.901-.04L224 284.505l154.745-154.021c9.379-9.335 24.544-9.317 33.901.04l22.667 22.667c9.373 9.373 9.373 24.569 0 33.941L240.971 381.476c-9.373 9.372-24.569 9.372-33.942 0z\"><\/path><\/svg><\/div>\n\t\t\t\t<div class=\"elementor-toc__toggle-button elementor-toc__toggle-button--collapse\" role=\"button\" tabindex=\"0\" aria-controls=\"elementor-toc__1c30362\" aria-expanded=\"true\" aria-label=\"Close table of contents\"><svg aria-hidden=\"true\" class=\"e-font-icon-svg e-fas-chevron-up\" viewBox=\"0 0 448 512\" xmlns=\"http:\/\/www.w3.org\/2000\/svg\"><path d=\"M240.971 130.524l194.343 194.343c9.373 9.373 9.373 24.569 0 33.941l-22.667 22.667c-9.357 9.357-24.522 9.375-33.901.04L224 227.495 69.255 381.516c-9.379 9.335-24.544 9.317-33.901-.04l-22.667-22.667c-9.373-9.373-9.373-24.569 0-33.941L207.03 130.525c9.372-9.373 24.568-9.373 33.941-.001z\"><\/path><\/svg><\/div>\n\t\t\t\t\t<\/div>\n\t\t\t\t<div id=\"elementor-toc__1c30362\" class=\"elementor-toc__body\">\n\t\t\t<div class=\"elementor-toc__spinner-container\">\n\t\t\t\t<svg class=\"elementor-toc__spinner eicon-animation-spin e-font-icon-svg e-eicon-loading\" aria-hidden=\"true\" viewBox=\"0 0 1000 1000\" xmlns=\"http:\/\/www.w3.org\/2000\/svg\"><path d=\"M500 975V858C696 858 858 696 858 500S696 142 500 142 142 304 142 500H25C25 237 238 25 500 25S975 237 975 500 763 975 500 975Z\"><\/path><\/svg>\t\t\t<\/div>\n\t\t<\/div>\n\t\t\t\t\t\t<\/div>\n\t\t\t\t<\/div>\n\t\t\t\t\t<\/div>\n\t\t\t\t<\/div>\n\t\t<div class=\"elementor-element elementor-element-herorght0 e-con-full e-flex e-con e-child\" data-id=\"herorght0\" data-element_type=\"container\" data-e-type=\"container\">\n\t\t\t\t<div class=\"elementor-element elementor-element-heroimg00 iwg-hero-image elementor-widget elementor-widget-image\" data-id=\"heroimg00\" data-element_type=\"widget\" data-e-type=\"widget\" data-widget_type=\"image.default\">\n\t\t\t\t\t\t\t\t\t\t\t\t\t\t\t<img fetchpriority=\"high\" decoding=\"async\" width=\"683\" height=\"1024\" src=\"https:\/\/iwell-guard.com\/wp-content\/uploads\/2026\/04\/goetter_judentum_samael-683x1024.webp\" class=\"attachment-large size-large wp-image-173705\" alt=\"Samael - D\u00e9us de la tradici\u00f3 jueva, il\u00b7lustratiu i hist\u00f2ric\" srcset=\"https:\/\/iwell-guard.com\/wp-content\/uploads\/2026\/04\/goetter_judentum_samael-683x1024.webp 683w, https:\/\/iwell-guard.com\/wp-content\/uploads\/2026\/04\/goetter_judentum_samael-200x300.webp 200w, https:\/\/iwell-guard.com\/wp-content\/uploads\/2026\/04\/goetter_judentum_samael-768x1152.webp 768w, https:\/\/iwell-guard.com\/wp-content\/uploads\/2026\/04\/goetter_judentum_samael.webp 1024w\" sizes=\"(max-width: 683px) 100vw, 683px\" \/>\t\t\t\t\t\t\t\t\t\t\t\t\t\t\t<\/div>\n\t\t\t\t<\/div>\n\t\t\t\t\t<\/div>\n\t\t\t\t<\/div>\n\t\t<div class=\"elementor-element elementor-element-32917199 e-flex e-con-boxed e-con e-parent\" data-id=\"32917199\" data-element_type=\"container\" data-e-type=\"container\">\n\t\t\t\t\t<div class=\"e-con-inner\">\n\t\t<div class=\"elementor-element elementor-element-26e916cb e-flex e-con-boxed e-con e-child\" data-id=\"26e916cb\" data-element_type=\"container\" data-e-type=\"container\">\n\t\t\t\t\t<div class=\"e-con-inner\">\n\t\t<div class=\"elementor-element elementor-element-253a40d4 e-flex e-con-boxed e-con e-child\" data-id=\"253a40d4\" data-element_type=\"container\" data-e-type=\"container\">\n\t\t\t\t\t<div class=\"e-con-inner\">\n\t\t\t\t<div class=\"elementor-element elementor-element-1200c304 elementor-widget elementor-widget-heading\" data-id=\"1200c304\" data-element_type=\"widget\" data-e-type=\"widget\" data-widget_type=\"heading.default\">\n\t\t\t\t\t<h2 class=\"elementor-heading-title elementor-size-default\">Samael<\/h2>\t\t\t\t<\/div>\n\t\t\t\t<div class=\"elementor-element elementor-element-11758e7f elementor-widget elementor-widget-text-editor\" data-id=\"11758e7f\" data-element_type=\"widget\" data-e-type=\"widget\" data-widget_type=\"text-editor.default\">\n\t\t\t\t\t\t\t\t\t<p>Samael actua com a <span class=\"iwg-fachbegriff\" data-tooltip=\"En les religions abrah\u00e0miques, un \u00e9sser missatger celestial de D\u00e9u.\" tabindex=\"0\">\u00e0ngel<\/span> c\u00e0stig i, de vegades, com a pr\u00edncep <span class=\"iwg-fachbegriff\" data-tooltip=\"\u00c9sser espiritual al qual s'atribueix un efecte nociu o ambivalent.\" tabindex=\"0\">dimoni<\/span>. Els seus atributs inclouen el c\u00e0stig, la ira, per\u00f2 tamb\u00e9 la just\u00edcia.<\/p><p>Els mites centrals s\u00f3n: la temptaci\u00f3 d&#8217;Eva per part de Samael (hagadot pseudoepigr\u00e0fiques), el seu paper com a acusador davant el tron (Zohar), el viatge m\u00edstic pels Hekhalot (literatura hekhal\u00f2tica) i el seu estatus ambivalent com a <span class=\"iwg-fachbegriff\" data-tooltip=\"En les religions abrah\u00e0miques, un \u00e9sser missatger celestial de D\u00e9u.\" tabindex=\"0\">\u00e0ngel<\/span> div\u00ed i alhora rei <span class=\"iwg-fachbegriff\" data-tooltip=\"\u00c9sser espiritual al qual s'atribueix un efecte nociu o ambivalent.\" tabindex=\"0\">dimoni<\/span> (Samael com a rei dels dimonis, Zohar I:19a).<\/p>\t\t\t\t\t\t\t\t<\/div>\n\t\t\t\t\t<\/div>\n\t\t\t\t<\/div>\n\t\t<div class=\"elementor-element elementor-element-159dcf9a e-flex e-con-boxed e-con e-child\" data-id=\"159dcf9a\" data-element_type=\"container\" data-e-type=\"container\">\n\t\t\t\t\t<div class=\"e-con-inner\">\n\t\t\t\t<div class=\"elementor-element elementor-element-48cee66f elementor-widget elementor-widget-heading\" data-id=\"48cee66f\" data-element_type=\"widget\" data-e-type=\"widget\" data-widget_type=\"heading.default\">\n\t\t\t\t\t<div class=\"elementor-heading-title elementor-size-default\">Resum r\u00e0pid: Samael<\/div>\t\t\t\t<\/div>\n\t\t\t\t<div class=\"elementor-element elementor-element-3f50d82c elementor-widget elementor-widget-text-editor\" data-id=\"3f50d82c\" data-element_type=\"widget\" data-e-type=\"widget\" data-widget_type=\"text-editor.default\">\n\t\t\t\t\t\t\t\t\t<p>Samael prov\u00e9 de fonts ap\u00f2crifes i cabal\u00edstiques jueves: el Sefer ha-Razim (segles III-IV), la literatura Hekhalot (segles V-VI, en hebreu) i, especialment, el Zohar (segle XIII). L&#8217;atribuci\u00f3 del marc temporal se situa a l&#8217;<span class=\"iwg-fachbegriff\" data-tooltip=\"\u00c8poca de transici\u00f3 entre l'antiguitat i l'edat mitjana, aproximadament del segle III al VII.\" tabindex=\"0\">antiguitat tardana<\/span>, amb un refor\u00e7ament posterior en la <span class=\"iwg-fachbegriff\" data-tooltip=\"Corrent de la m\u00edstica jueva amb obres principals com el Sefer Jetsir\u00e0 i el Zohar.\" tabindex=\"0\">C\u00e0bala<\/span>. L&#8217;estat de la recerca (Scholem, Karppe, Wolfson) mostra Samael com una figura sincr\u00e8tica, marcada pel dualisme gn\u00f2stic i la influ\u00e8ncia zoro\u00e0strica.<\/p>\t\t\t\t\t\t\t\t<\/div>\n\t\t\t\t\t<\/div>\n\t\t\t\t<\/div>\n\t\t\t\t\t<\/div>\n\t\t\t\t<\/div>\n\t\t\t\t\t<\/div>\n\t\t\t\t<\/div>\n\t\t<div class=\"elementor-element elementor-element-18613602 e-flex e-con-boxed e-con e-parent\" data-id=\"18613602\" data-element_type=\"container\" data-e-type=\"container\">\n\t\t\t\t\t<div class=\"e-con-inner\">\n\t\t\t\t<div class=\"elementor-element elementor-element-262b8a9f elementor-widget elementor-widget-heading\" data-id=\"262b8a9f\" data-element_type=\"widget\" data-e-type=\"widget\" data-widget_type=\"heading.default\">\n\t\t\t\t\t<h2 class=\"elementor-heading-title elementor-size-default\">Context<\/h2>\t\t\t\t<\/div>\n\t\t<div class=\"elementor-element elementor-element-46dcb7d e-con-full e-flex e-con e-child\" data-id=\"46dcb7d\" data-element_type=\"container\" data-e-type=\"container\">\n\t\t<div class=\"elementor-element elementor-element-61d3ab3 e-flex e-con-boxed e-con e-child\" data-id=\"61d3ab3\" data-element_type=\"container\" data-e-type=\"container\">\n\t\t\t\t\t<div class=\"e-con-inner\">\n\t\t\t\t<div class=\"elementor-element elementor-element-117c166 elementor-widget elementor-widget-heading\" data-id=\"117c166\" data-element_type=\"widget\" data-e-type=\"widget\" data-widget_type=\"heading.default\">\n\t\t\t\t\t<div class=\"elementor-heading-title elementor-size-default\">Per\u00edode dels textos<\/div>\t\t\t\t<\/div>\n\t\t\t\t<div class=\"elementor-element elementor-element-73997a0 elementor-widget elementor-widget-text-editor\" data-id=\"73997a0\" data-element_type=\"widget\" data-e-type=\"widget\" data-widget_type=\"text-editor.default\">\n\t\t\t\t\t\t\t\t\t<p>La figura de Samael es pot seguir en les fonts al llarg d&#8217;uns mil cinc-cents anys, des de mencions en la literatura apocal\u00edptica primerenca, passant pel Talmud i el Midraix, fins al Zohar i la c\u00e0bala luri\u00e0nica. Amb el temps, l&#8217;accent es va despla\u00e7ar: de l&#8217;acusador i \u00e0ngel de la mort dels textos rab\u00ednics, va passar a ser, en la c\u00e0bala, el pr\u00edncep del m\u00f3n demon\u00edac contrapost. Tamb\u00e9 en l&#8217;esoterisme modern i la cultura popular el nom continua apareixent, generalment inspirant-se en aquestes capes m\u00e9s antigues.<\/p>\t\t\t\t\t\t\t\t<\/div>\n\t\t\t\t\t<\/div>\n\t\t\t\t<\/div>\n\t\t<div class=\"elementor-element elementor-element-d47b156 e-flex e-con-boxed e-con e-child\" data-id=\"d47b156\" data-element_type=\"container\" data-e-type=\"container\">\n\t\t\t\t\t<div class=\"e-con-inner\">\n\t\t\t\t<div class=\"elementor-element elementor-element-ff38c2b elementor-widget elementor-widget-heading\" data-id=\"ff38c2b\" data-element_type=\"widget\" data-e-type=\"widget\" data-widget_type=\"heading.default\">\n\t\t\t\t\t<div class=\"elementor-heading-title elementor-size-default\">\u00c0rea de difusi\u00f3<\/div>\t\t\t\t<\/div>\n\t\t\t\t<div class=\"elementor-element elementor-element-4e49fcc elementor-widget elementor-widget-text-editor\" data-id=\"4e49fcc\" data-element_type=\"widget\" data-e-type=\"widget\" data-widget_type=\"text-editor.default\">\n\t\t\t\t\t\t\t\t\t<p>Samael no es limitava a cap regi\u00f3 o localitzaci\u00f3 concreta, sin\u00f3 que era conegut i venerat, o temut amb respecte, de manera universal en tot el m\u00f3n jueu. Tant en grans centres urbans com en zones rurals perif\u00e8riques, tant entre l&#8217;elit social com entre el poble senzill, la import\u00e0ncia espiritual o cultural d&#8217;aquesta entitat era reconeguda de manera constant i universal.<\/p><p>Samael no era una creen\u00e7a popular limitada a un lloc, sin\u00f3 part de la literatura erudita del judaisme, llegida en totes les comunitats de la di\u00e0spora. Amb el Talmud, el Midraix i, m\u00e9s tard, el Zohar, les idees sobre l&#8217;acusador i \u00e0ngel de la mort van viatjar de Babil\u00f2nia i la terra d&#8217;Israel fins a Espanya, la Proven\u00e7a, It\u00e0lia i Europa de l&#8217;Est. Com que les comunitats es basaven en els mateixos textos, la imatge de Samael es va mantenir sorprenentment uniforme al llarg de grans dist\u00e0ncies.<\/p>\t\t\t\t\t\t\t\t<\/div>\n\t\t\t\t\t<\/div>\n\t\t\t\t<\/div>\n\t\t\t\t<\/div>\n\t\t<div class=\"elementor-element elementor-element-db03c39 e-con-full e-flex e-con e-child\" data-id=\"db03c39\" data-element_type=\"container\" data-e-type=\"container\">\n\t\t<div class=\"elementor-element elementor-element-229a87b e-flex e-con-boxed e-con e-child\" data-id=\"229a87b\" data-element_type=\"container\" data-e-type=\"container\">\n\t\t\t\t\t<div class=\"e-con-inner\">\n\t\t\t\t<div class=\"elementor-element elementor-element-1f471fc elementor-widget elementor-widget-heading\" data-id=\"1f471fc\" data-element_type=\"widget\" data-e-type=\"widget\" data-widget_type=\"heading.default\">\n\t\t\t\t\t<div class=\"elementor-heading-title elementor-size-default\">Estat de les fonts<\/div>\t\t\t\t<\/div>\n\t\t\t\t<div class=\"elementor-element elementor-element-36b1201 elementor-widget elementor-widget-text-editor\" data-id=\"36b1201\" data-element_type=\"widget\" data-e-type=\"widget\" data-widget_type=\"text-editor.default\">\n\t\t\t\t\t\t\t\t\t<p>Les fonts prim\u00e0ries s\u00f3n el Sefer ha-Razim (hebreu, segles III-IV), l&#8217;Hekhalot Rabbati (hebreu, segles V-VI), el Zohar I:19a, b, 55a (arameu, segle XIII, redacci\u00f3 d&#8217;Isaac Luria), i el Pirke de-Rabbi Eliezer 13 (segle X).<\/p><p><span data-nosnippet>Com a font secund\u00e0ria, Scholem (Jewish Mysticism, 1941; Kabbalah, 1974), Karppe (\u00c9sot\u00e9risme et Cabale, en franc\u00e8s, 1909), Wolfson (Through a Speculum That Shines, 1994) i Abrams (Kabbalistic Imaginery) van analitzar l&#8217;origen sincr\u00e8tic de Samael a partir del gnosticisme, el zoroastrisme i la demonologia jueva primerenca.<\/span><\/p>\t\t\t\t\t\t\t\t<\/div>\n\t\t\t\t\t<\/div>\n\t\t\t\t<\/div>\n\t\t\t\t<\/div>\n\t\t\t\t\t<\/div>\n\t\t\t\t<\/div>\n\t\t<div class=\"elementor-element elementor-element-3ae0637c e-flex e-con-boxed e-con e-parent\" data-id=\"3ae0637c\" data-element_type=\"container\" data-e-type=\"container\">\n\t\t\t\t\t<div class=\"e-con-inner\">\n\t\t\t\t<div class=\"elementor-element elementor-element-31d07739 elementor-widget elementor-widget-heading\" data-id=\"31d07739\" data-element_type=\"widget\" data-e-type=\"widget\" data-widget_type=\"heading.default\">\n\t\t\t\t\t<h2 class=\"elementor-heading-title elementor-size-default\">Nom i variants<\/h2>\t\t\t\t<\/div>\n\t\t<div class=\"elementor-element elementor-element-b7642947 e-con-full e-flex e-con e-child\" data-id=\"b7642947\" data-element_type=\"container\" data-e-type=\"container\">\n\t\t\t\t<div class=\"elementor-element elementor-element-a086266 elementor-widget elementor-widget-text-editor\" data-id=\"a086266\" data-element_type=\"widget\" data-e-type=\"widget\" data-widget_type=\"text-editor.default\">\n\t\t\t\t\t\t\t\t\t<p>Samael es representa en les diverses fonts i tradicions art\u00edstiques amb determinats elements iconogr\u00e0fics recurrents, que es mantenen relativament constants al llarg de d\u00e8cades i en diferents espais geogr\u00e0fics. Aquests elements estan profundament codificats de manera simb\u00f2lica i tenen un gran significat; no s&#8217;han triat de cap manera de forma merament decorativa o a l&#8217;atzar.<\/p><p>Samael es descriu a les fonts menys mitjan\u00e7ant imatges que mitjan\u00e7ant funcions, ja que la tradici\u00f3 jueva gaireb\u00e9 no coneix representacions figuratives. Els seus trets distintius s\u00f3n c\u00e0rrecs i motius: l&#8217;acusador davant el tribunal celestial, l&#8217;\u00e0ngel de la mort amb l&#8217;espasa a la punta de la qual penja una gota de fel, el genet de la serp en el midraix sobre la caiguda, i, en la c\u00e0bala, el pr\u00edncep de la Sitra Achra i company de Lilith. Qui coneix la literatura rab\u00ednica i cabal\u00edstica pot determinar amb precisi\u00f3, a partir d&#8217;aquestes atribucions, el rang i l&#8217;\u00e0mbit de funcions de Samael.<\/p>\t\t\t\t\t\t\t\t<\/div>\n\t\t\t\t<\/div>\n\t\t\t\t\t<\/div>\n\t\t\t\t<\/div>\n\t\t<div class=\"elementor-element elementor-element-709a44a8 e-flex e-con-boxed e-con e-parent\" data-id=\"709a44a8\" data-element_type=\"container\" data-e-type=\"container\">\n\t\t\t\t\t<div class=\"e-con-inner\">\n\t\t\t\t<div class=\"elementor-element elementor-element-2f585873 elementor-widget elementor-widget-heading\" data-id=\"2f585873\" data-element_type=\"widget\" data-e-type=\"widget\" data-widget_type=\"heading.default\">\n\t\t\t\t\t<h2 class=\"elementor-heading-title elementor-size-default\">Descripci\u00f3<\/h2>\t\t\t\t<\/div>\n\t\t<div class=\"elementor-element elementor-element-70621c12 e-con-full e-flex e-con e-child\" data-id=\"70621c12\" data-element_type=\"container\" data-e-type=\"container\">\n\t\t\t\t<div class=\"elementor-element elementor-element-4296eb49 elementor-widget elementor-widget-text-editor\" data-id=\"4296eb49\" data-element_type=\"widget\" data-e-type=\"widget\" data-widget_type=\"text-editor.default\">\n\t\t\t\t\t\t\t\t\t<p>Samael va ser central en la pr\u00e0ctica religiosa, els rituals quotidians i la comprensi\u00f3 cotidiana del judaisme. Les persones s&#8217;adre\u00e7aven a aquesta entitat en situacions vitals cr\u00edtiques o determinades, o en certes \u00e8poques rituals de l&#8217;any, amb rituals estructurats, sovint elaborats, oracions o ofrenes.<\/p><p>El tracte amb Samael en la tradici\u00f3 jueva era cosa dels erudits, no de la religiositat popular. El Talmud i el Midrash el tracten dins d&#8217;una tradici\u00f3 exeg\u00e8tica reglada, i els cabalistes el van situar en la seva sistem\u00e0tica de la Sitra Achra, l&#8217;altra banda. Tamb\u00e9 les pr\u00e0ctiques de defensa contra l&#8217;\u00e0ngel de la mort, com certes oracions i f\u00f3rmules protectores, seguien preceptes transmesos i eren transmeses i revisades per autoritats rab\u00edniques.<\/p><p>El fet que la tradici\u00f3 sobre Samael continu\u00e9s des del Talmud fins a la Cabala es deu a la seva utilitat pr\u00e0ctica per a la doctrina. La figura complia diverses funcions: com a acusador, explicava d&#8217;on venien la temptaci\u00f3 i la provaci\u00f3 sense fer-ne responsable D\u00e9u mateix. Com a \u00e0ngel de la mort, donava a la mort una forma amb nom, contra la qual es podien dirigir oracions protectores. A la Cabala, Samael servia finalment per pensar el mal com una esfera pr\u00f2pia dins l&#8217;ordre de la creaci\u00f3.<\/p>\t\t\t\t\t\t\t\t<\/div>\n\t\t\t\t<\/div>\n\t\t\t\t\t<\/div>\n\t\t\t\t<\/div>\n\t\t<div class=\"elementor-element elementor-element-44e71476 e-flex e-con-boxed e-con e-parent\" data-id=\"44e71476\" data-element_type=\"container\" data-e-type=\"container\">\n\t\t\t\t\t<div class=\"e-con-inner\">\n\t\t\t\t<div class=\"elementor-element elementor-element-3c1fc3f0 elementor-widget elementor-widget-heading\" data-id=\"3c1fc3f0\" data-element_type=\"widget\" data-e-type=\"widget\" data-widget_type=\"heading.default\">\n\t\t\t\t\t<h2 class=\"elementor-heading-title elementor-size-default\">Fitxa: Samael<\/h2>\t\t\t\t<\/div>\n\t\t<div class=\"elementor-element elementor-element-84f33b8e e-con-full e-flex e-con e-child\" data-id=\"84f33b8e\" data-element_type=\"container\" data-e-type=\"container\">\n\t\t\t\t<div class=\"elementor-element elementor-element-hqkdc67p elementor-widget elementor-widget-text-editor\" data-id=\"hqkdc67p\" data-element_type=\"widget\" data-e-type=\"widget\" data-widget_type=\"text-editor.default\">\n\t\t\t\t\t\t\t\t\t<p>La fitxa recull Samael a trav\u00e9s de sis dimensions: el seu origen complex en el gnosticisme i la <span class=\"iwg-fachbegriff\" data-tooltip=\"Corrent de la m\u00edstica jueva amb obres principals com el Sefer Jetzir\u00e0 i el Zohar.\" tabindex=\"0\">C\u00e0bala<\/span>, el seu p\u00fablic entre cabalistes m\u00edstics interessats en la <span class=\"iwg-fachbegriff\" data-tooltip=\"Pr\u00e0ctiques que pretenen intervenir en el curs de les coses mitjan\u00e7ant accions o f\u00f3rmules especials.\" tabindex=\"0\">m\u00e0gia<\/span> demon\u00edaca, la seva representaci\u00f3 iconogr\u00e0fica com a <span class=\"iwg-fachbegriff\" data-tooltip=\"En les religions abra\u00e0miques, un \u00e9sser missatger celestial de D\u00e9u.\" tabindex=\"0\">\u00e0ngel<\/span> castigador o rei <span class=\"iwg-fachbegriff\" data-tooltip=\"\u00c9sser espiritual al qual s'atribueix un efecte nociu o ambivalent.\" tabindex=\"0\">dimoni<\/span>, la seva ambival\u00e8ncia funcional entre c\u00e0stig i ensenyament, les comparacions amb altres arc\u00e0ngels demon\u00edacs (Uriel, Raguel), i el seu paper contemplatiu en la <span class=\"iwg-fachbegriff\" data-tooltip=\"Corrent religi\u00f3s centrat en l'experi\u00e8ncia directa de D\u00e9u.\" tabindex=\"0\">m\u00edstica<\/span> de les Hekhalot.<\/p>\t\t\t\t\t\t\t\t<\/div>\n\t\t\t\t<\/div>\n\t\t<div class=\"elementor-element elementor-element-pemmx7c5 e-con-full e-flex e-con e-child\" data-id=\"pemmx7c5\" data-element_type=\"container\" data-e-type=\"container\">\n\t\t<div class=\"elementor-element elementor-element-pemmx7c1 e-con-full e-flex e-con e-child\" data-id=\"pemmx7c1\" data-element_type=\"container\" data-e-type=\"container\">\n\t\t<div class=\"elementor-element elementor-element-qh9oavvu iwg-steckbrief-card e-flex e-con-boxed e-con e-child\" data-id=\"qh9oavvu\" data-element_type=\"container\" data-e-type=\"container\">\n\t\t\t\t\t<div class=\"e-con-inner\">\n\t\t\t\t<div class=\"elementor-element elementor-element-awzx8k2k elementor-widget elementor-widget-heading\" data-id=\"awzx8k2k\" data-element_type=\"widget\" data-e-type=\"widget\" data-widget_type=\"heading.default\">\n\t\t\t\t\t<div class=\"elementor-heading-title elementor-size-default\">Origen de Samael<\/div>\t\t\t\t<\/div>\n\t\t\t\t<div class=\"elementor-element elementor-element-x6rowhv0 elementor-widget elementor-widget-text-editor\" data-id=\"x6rowhv0\" data-element_type=\"widget\" data-e-type=\"widget\" data-widget_type=\"text-editor.default\">\n\t\t\t\t\t\t\t\t\t<p>Samael procedeix de l&#8217;<span class=\"iwg-fachbegriff\" data-tooltip=\"\u00c8poca de transici\u00f3 entre l'antiguitat i l'edat mitjana, aproximadament del segle III al VII.\" tabindex=\"0\">Antiguitat tardana<\/span> (segle III-IV, Sefer ha-Razim), amb una fixaci\u00f3 cabal\u00edstica al segle XIII (Zohar). El seu origen geogr\u00e0fic es troba a Judea i als centres posteriors de la <span class=\"iwg-fachbegriff\" data-tooltip=\"Corrent de la m\u00edstica jueva amb obres principals com el Sefer Jetsir\u00e0 i el Zohar.\" tabindex=\"0\">Cabala<\/span> (Proven\u00e7a, Espanya, Safed).<\/p><p>La dataci\u00f3 de la primera menci\u00f3 \u00e9s el Sefer ha-Razim (segle III-IV). El marc teol\u00f2gic com a rei dels dimonis nom\u00e9s es dona al Zohar (segle XIII), un efecte tard\u00e0 del pensament gn\u00f2stico-dualista.<\/p>\t\t\t\t\t\t\t\t<\/div>\n\t\t\t\t\t<\/div>\n\t\t\t\t<\/div>\n\t\t<div class=\"elementor-element elementor-element-8e3o4kxs iwg-steckbrief-card e-flex e-con-boxed e-con e-child\" data-id=\"8e3o4kxs\" data-element_type=\"container\" data-e-type=\"container\">\n\t\t\t\t\t<div class=\"e-con-inner\">\n\t\t\t\t<div class=\"elementor-element elementor-element-08rkdgov elementor-widget elementor-widget-heading\" data-id=\"08rkdgov\" data-element_type=\"widget\" data-e-type=\"widget\" data-widget_type=\"heading.default\">\n\t\t\t\t\t<div class=\"elementor-heading-title elementor-size-default\">P\u00fablic de Samael<\/div>\t\t\t\t<\/div>\n\t\t\t\t<div class=\"elementor-element elementor-element-uwjelx8s elementor-widget elementor-widget-text-editor\" data-id=\"uwjelx8s\" data-element_type=\"widget\" data-e-type=\"widget\" data-widget_type=\"text-editor.default\">\n\t\t\t\t\t\t\t\t\t<p>Samael s&#8217;adre\u00e7ava principalment a cabalistes m\u00edstics avan\u00e7ats. El seu p\u00fablic s\u00f3n m\u00edstics interessats en la <span class=\"iwg-fachbegriff\" data-tooltip=\"Pr\u00e0ctiques que pretenen intervenir en el curs de les coses mitjan\u00e7ant accions o f\u00f3rmules especials.\" tabindex=\"0\">m\u00e0gia<\/span> demon\u00edaca, l&#8217;<span class=\"iwg-fachbegriff\" data-tooltip=\"Ritual ling\u00fc\u00edstic destinat a invocar o vincular un poder.\" tabindex=\"0\">evocaci\u00f3<\/span> i el coneixement gn\u00f2stic. Les ocasions s\u00f3n visions m\u00edstiques (viatges Hekhalot), actes de penediment (la penit\u00e8ncia com a contacte amb Samael), pr\u00e0ctiques m\u00e0giques (Yichudim) i la confrontaci\u00f3 amb dimonis interiors. La <span class=\"iwg-fachbegriff\" data-tooltip=\"L'acte de dirigir-se a una divinitat o poder amb s\u00faplica o invocaci\u00f3.\" tabindex=\"0\">invocaci\u00f3<\/span> es dona m\u00e9s en la <span class=\"iwg-fachbegriff\" data-tooltip=\"Corrent religi\u00f3s centrat en l'experi\u00e8ncia directa de D\u00e9u.\" tabindex=\"0\">m\u00edstica<\/span> privada que en el <span class=\"iwg-fachbegriff\" data-tooltip=\"El conjunt d'actes de veneraci\u00f3 religiosa envers una divinitat o figura sagrada.\" tabindex=\"0\">culte<\/span> p\u00fablic.<\/p>\t\t\t\t\t\t\t\t<\/div>\n\t\t\t\t\t<\/div>\n\t\t\t\t<\/div>\n\t\t<div class=\"elementor-element elementor-element-jm2n74ec iwg-steckbrief-card e-flex e-con-boxed e-con e-child\" data-id=\"jm2n74ec\" data-element_type=\"container\" data-e-type=\"container\">\n\t\t\t\t\t<div class=\"e-con-inner\">\n\t\t\t\t<div class=\"elementor-element elementor-element-8vufse4c elementor-widget elementor-widget-heading\" data-id=\"8vufse4c\" data-element_type=\"widget\" data-e-type=\"widget\" data-widget_type=\"heading.default\">\n\t\t\t\t\t<div class=\"elementor-heading-title elementor-size-default\">Aparen\u00e7a de Samael<\/div>\t\t\t\t<\/div>\n\t\t\t\t<div class=\"elementor-element elementor-element-mwb9u015 elementor-widget elementor-widget-text-editor\" data-id=\"mwb9u015\" data-element_type=\"widget\" data-e-type=\"widget\" data-widget_type=\"text-editor.default\">\n\t\t\t\t\t\t\t\t\t<p>Samael des del punt de vista iconogr\u00e0fic: figura masculina o andr\u00f2gina amb ales negres o vermelles, fisonomia seriosa o iracunda. Els seus atributs s\u00f3n l&#8217;espasa o la llan\u00e7a (c\u00e0stig), el foc i, de vegades, la serp (aspecte temptador). Al Zohar i en Luria: Samael porta una corona de la Qelip\u00e0 (esfera del mal), d&#8217;aspecte esgarrif\u00f3s. La <span class=\"iwg-fachbegriff\" data-tooltip=\"Disciplina que estudia el contingut de les imatges i el seu significat.\" tabindex=\"0\">iconografia<\/span> varia entre <span class=\"iwg-fachbegriff\" data-tooltip=\"En les religions abrah\u00e0miques, un \u00e9sser missatger celestial de D\u00e9u.\" tabindex=\"0\">\u00e0ngel<\/span> c\u00e0stig i rei <span class=\"iwg-fachbegriff\" data-tooltip=\"\u00c9sser espiritual al qual s'atribueix un efecte nociu o ambivalent.\" tabindex=\"0\">dimoni<\/span>.<\/p>\t\t\t\t\t\t\t\t<\/div>\n\t\t\t\t\t<\/div>\n\t\t\t\t<\/div>\n\t\t\t\t<\/div>\n\t\t<div class=\"elementor-element elementor-element-pemmx7c2 e-con-full e-flex e-con e-child\" data-id=\"pemmx7c2\" data-element_type=\"container\" data-e-type=\"container\">\n\t\t<div class=\"elementor-element elementor-element-37ss2yr6 iwg-steckbrief-card e-flex e-con-boxed e-con e-child\" data-id=\"37ss2yr6\" data-element_type=\"container\" data-e-type=\"container\">\n\t\t\t\t\t<div class=\"e-con-inner\">\n\t\t\t\t<div class=\"elementor-element elementor-element-3v0wp3wx elementor-widget elementor-widget-heading\" data-id=\"3v0wp3wx\" data-element_type=\"widget\" data-e-type=\"widget\" data-widget_type=\"heading.default\">\n\t\t\t\t\t<div class=\"elementor-heading-title elementor-size-default\">Efecte de Samael<\/div>\t\t\t\t<\/div>\n\t\t\t\t<div class=\"elementor-element elementor-element-w3247g2m elementor-widget elementor-widget-text-editor\" data-id=\"w3247g2m\" data-element_type=\"widget\" data-e-type=\"widget\" data-widget_type=\"text-editor.default\">\n\t\t\t\t\t\t\t\t\t<p><strong>\u00c0mbit d&#8217;acci\u00f3:<\/strong> Samael (\u05e1\u05de\u05d0\u05dc, \u00abver\u00ed de D\u00e9u\u00bb) apareix en els escrits rab\u00ednics i cabal\u00edstics com l&#8217;arc\u00e0ngel de la mort, com l&#8217;encarnaci\u00f3 de la just\u00edcia divina punitiva (Middat ha-Din) i, en la recepci\u00f3 posterior, com a cap dels <span class=\"iwg-fachbegriff\" data-tooltip=\"En les religions abra\u00e0miques, un \u00e9sser missatger celestial de D\u00e9u.\" tabindex=\"0\">\u00e0ngels<\/span> caiguts.<\/p><p>Al <em><span class=\"iwg-fachbegriff\" data-tooltip=\"Obra principal del judaisme rab\u00ednic amb interpretaci\u00f3 de la tradici\u00f3 religiosa.\" tabindex=\"0\">Talmud<\/span> Yerushalmi<\/em> (Sanhedr\u00edn 24a) \u00e9s l&#8217;<span class=\"iwg-fachbegriff\" data-tooltip=\"Un \u00e0ngel al qual s'atribueix la protecci\u00f3 d'una persona en concret.\" tabindex=\"0\">\u00e0ngel protector<\/span> d&#8217;Esa\u00fa, i al <em>Targum Pseudo-Jonatan<\/em> sobre Gn 3 actua com la serp al Parad\u00eds.<\/p><p>El <em>Zohar<\/em> (II, 35a) el sistematitza com a esp\u00f2s de Lilith i cap de la Sitra Achra (la \u00abaltra banda\u00bb, el pol demon\u00edac oposat al m\u00f3n de les deu sefirot).<\/p><p>La seva acci\u00f3 abasta la malaltia, la temptaci\u00f3 i la mort: \u00e9s l&#8217;executor del judici div\u00ed, un funcionari encarregat, no un rebel com el Satan\u00e0s cristi\u00e0. En la C\u00e0bala luri\u00e0nica, la seva caiguda es vincula amb la \u00abruptura dels vasos\u00bb (Shevirat ha-Kelim).<\/p>\t\t\t\t\t\t\t\t<\/div>\n\t\t\t\t\t<\/div>\n\t\t\t\t<\/div>\n\t\t<div class=\"elementor-element elementor-element-0qpjal9w iwg-steckbrief-card e-flex e-con-boxed e-con e-child\" data-id=\"0qpjal9w\" data-element_type=\"container\" data-e-type=\"container\">\n\t\t\t\t\t<div class=\"e-con-inner\">\n\t\t\t\t<div class=\"elementor-element elementor-element-6ndoih0o elementor-widget elementor-widget-heading\" data-id=\"6ndoih0o\" data-element_type=\"widget\" data-e-type=\"widget\" data-widget_type=\"heading.default\">\n\t\t\t\t\t<div class=\"elementor-heading-title elementor-size-default\">Defensa contra Samael<\/div>\t\t\t\t<\/div>\n\t\t\t\t<div class=\"elementor-element elementor-element-6684tyh9 elementor-widget elementor-widget-text-editor\" data-id=\"6684tyh9\" data-element_type=\"widget\" data-e-type=\"widget\" data-widget_type=\"text-editor.default\">\n\t\t\t\t\t\t\t\t\t<p>Samael era considerat perill\u00f3s i ambivalent, no purament dolent ni bo. Les pr\u00e0ctiques d&#8217;invocaci\u00f3 eren rares i altament arriscades. En els textos hekhalot, les invocacions es practicaven amb estrictes salvaguardes rituals. Les pr\u00e0ctiques de protecci\u00f3 inclo\u00efen la purificaci\u00f3, la <span class=\"iwg-fachbegriff\" data-tooltip=\"L'acte de suplicar o invocar una divinitat o poder.\" tabindex=\"0\">invocaci\u00f3<\/span> a D\u00e9u i l&#8217;\u00fas de talismans protectors amb Noms Sagrats. El respecte envers Samael es manifestava com a temor i cautela, no com a veneraci\u00f3.<\/p>\t\t\t\t\t\t\t\t<\/div>\n\t\t\t\t\t<\/div>\n\t\t\t\t<\/div>\n\t\t<div class=\"elementor-element elementor-element-3lfi7x32 iwg-steckbrief-card e-flex e-con-boxed e-con e-child\" data-id=\"3lfi7x32\" data-element_type=\"container\" data-e-type=\"container\">\n\t\t\t\t\t<div class=\"e-con-inner\">\n\t\t\t\t<div class=\"elementor-element elementor-element-0kg99ga1 elementor-widget elementor-widget-heading\" data-id=\"0kg99ga1\" data-element_type=\"widget\" data-e-type=\"widget\" data-widget_type=\"heading.default\">\n\t\t\t\t\t<div class=\"elementor-heading-title elementor-size-default\">Paral\u00b7lels de Samael<\/div>\t\t\t\t<\/div>\n\t\t\t\t<div class=\"elementor-element elementor-element-n0fum6kp elementor-widget elementor-widget-text-editor\" data-id=\"n0fum6kp\" data-element_type=\"widget\" data-e-type=\"widget\" data-widget_type=\"text-editor.default\">\n\t\t\t\t\t\t\t\t\t<p>Figures comparables: Uriel (<span class=\"iwg-fachbegriff\" data-tooltip=\"En les religions abrah\u00e0miques, un \u00e9sser missatger celestial de D\u00e9u.\" tabindex=\"0\">\u00e0ngel<\/span> de foc del c\u00e0stig, per\u00f2 no demon\u00edac), Raguel (just\u00edcia c\u00f2smica), Chamuel (rigor div\u00ed, sovint equivalent a Samael). Fora del judaisme: \u00c0hriman (adversari zoro\u00e0stric, dualisme), Azazel (pr\u00edncep <span class=\"iwg-fachbegriff\" data-tooltip=\"\u00c9sser espiritual al qual s'atribueix un efecte nociu o ambivalent.\" tabindex=\"0\">dimoni<\/span>, per\u00f2 no arc\u00e0ngel). L&#8217;ambival\u00e8ncia entre c\u00e0stig i protecci\u00f3 \u00e9s la particularitat de Samael.<\/p>\t\t\t\t\t\t\t\t<\/div>\n\t\t\t\t\t<\/div>\n\t\t\t\t<\/div>\n\t\t\t\t<\/div>\n\t\t\t\t<\/div>\n\t\t\t\t\t<\/div>\n\t\t\t\t<\/div>\n\t\t<div class=\"elementor-element elementor-element-7533bc7a e-flex e-con-boxed e-con e-parent\" data-id=\"7533bc7a\" data-element_type=\"container\" data-e-type=\"container\">\n\t\t\t\t\t<div class=\"e-con-inner\">\n\t\t\t\t<div class=\"elementor-element elementor-element-2447d18d elementor-widget elementor-widget-heading\" data-id=\"2447d18d\" data-element_type=\"widget\" data-e-type=\"widget\" data-widget_type=\"heading.default\">\n\t\t\t\t\t<h2 class=\"elementor-heading-title elementor-size-default\">Protecci\u00f3 en la vida quotidiana<\/h2>\t\t\t\t<\/div>\n\t\t<div class=\"elementor-element elementor-element-d5d0260c e-con-full e-flex e-con e-child\" data-id=\"d5d0260c\" data-element_type=\"container\" data-e-type=\"container\">\n\t\t\t\t<div class=\"elementor-element elementor-element-341be2ac elementor-widget elementor-widget-text-editor\" data-id=\"341be2ac\" data-element_type=\"widget\" data-e-type=\"widget\" data-widget_type=\"text-editor.default\">\n\t\t\t\t\t\t\t\t\t<p><strong>Rituals apotropaics<\/strong><\/p><p>La <span class=\"iwg-fachbegriff\" data-tooltip=\"Corrent religi\u00f3s centrat en l'experi\u00e8ncia directa de D\u00e9u.\" tabindex=\"0\">m\u00edstica<\/span> jueva tradicionalment no coneix cap veneraci\u00f3 directa de Samael, sin\u00f3 la seva repulsi\u00f3. La vig\u00edlia del S\u00e0bat (<em>Erev Shabbat<\/em>) es considera un moment de vulnerabilitat especial: l&#8217;encesa de les espelmes del S\u00e0bat, cobrir la taula amb un drap blanc i el silenci abans del Kidduix s\u00f3n actes apotropaics.<\/p><p>El <em>Zohar<\/em> recomana recitar el Salm 91 abans de dormir com a protecci\u00f3 contra les \u00abplagues de la nit\u00bb.<\/p><p><strong>Conjurs i f\u00f3rmules d&#8217;<span class=\"iwg-fachbegriff\" data-tooltip=\"Exclusi\u00f3 m\u00e0gica o eclesi\u00e0stica; tamb\u00e9 el fet de lligar un poder mitjan\u00e7ant una f\u00f3rmula.\" tabindex=\"0\">excomuni\u00f3<\/span><\/strong><\/p><p>Manuscrits asquenasites medievals (com el <em>Sefer Raziel ha-Malakh<\/em>) transmeten f\u00f3rmules d&#8217;<span class=\"iwg-fachbegriff\" data-tooltip=\"Exclusi\u00f3 m\u00e0gica o eclesi\u00e0stica; tamb\u00e9 el fet de lligar un poder mitjan\u00e7ant una f\u00f3rmula.\" tabindex=\"0\">excomuni\u00f3<\/span> contra Samael, que solen operar amb la <span class=\"iwg-fachbegriff\" data-tooltip=\"La invocaci\u00f3 suplicant o conjuradora d'una divinitat o poder.\" tabindex=\"0\">invocaci\u00f3<\/span> del Tetragrama i dels arc\u00e0ngels Miquel, Gabriel, Uriel i Rafael.<\/p><p>La cabal\u00edstica <em>Pulsa de-Nura<\/em> va ser posteriorment reconvertida en un context ritual contra ell. La f\u00f3rmula \u00abMi ka-El, mi ka-Adonai\u00bb (Qui \u00e9s com D\u00e9u?) es considera una <span class=\"iwg-fachbegriff\" data-tooltip=\"La invocaci\u00f3 suplicant o conjuradora d'una divinitat o poder.\" tabindex=\"0\">invocaci\u00f3<\/span> directa de Miquel contra Samael.<\/p><p><strong>Amulets i s\u00edmbols de protecci\u00f3<\/strong><\/p><p>La <em>Mezuz\u00e0<\/em> a la llinda de la porta (Dt 6:9, 11:20) s&#8217;interpreta tradicionalment com a baluard contra Samael i la seva host (cf. <em>Menachot<\/em> 33b). Amulets protectors amb l&#8217;Estrella de David (<em>Magen David<\/em>) o amb el nom de D\u00e9u de 72 lletres (Xem ha-Mefotaix) es troben en les pr\u00e0ctiques de la <span class=\"iwg-fachbegriff\" data-tooltip=\"Corrent de la m\u00edstica jueva amb obres principals com el Sefer Jetzir\u00e0 i el Zohar.\" tabindex=\"0\">C\u00e0bala<\/span>.<\/p><p>Portar di\u00e0riament els Tefil\u00b7l\u00edn (Ex 13:16) es considera una protecci\u00f3 cont\u00ednua; en comunitats iemenites, el text d&#8217;embolcall s&#8217;orienta especialment contra la <em>Sitra Achra<\/em>.<\/p>\t\t\t\t\t\t\t\t<\/div>\n\t\t\t\t<\/div>\n\t\t\t\t\t<\/div>\n\t\t\t\t<\/div>\n\t\t<div class=\"elementor-element elementor-element-5a584676 e-flex e-con-boxed e-con e-parent\" data-id=\"5a584676\" data-element_type=\"container\" data-e-type=\"container\">\n\t\t\t\t\t<div class=\"e-con-inner\">\n\t\t\t\t<div class=\"elementor-element elementor-element-6d0757bf elementor-widget elementor-widget-heading\" data-id=\"6d0757bf\" data-element_type=\"widget\" data-e-type=\"widget\" data-widget_type=\"heading.default\">\n\t\t\t\t\t<h2 class=\"elementor-heading-title elementor-size-default\">Samael, paral\u00b7lels en altres cultures<\/h2>\t\t\t\t<\/div>\n\t\t<div class=\"elementor-element elementor-element-60563f68 e-con-full e-flex e-con e-child\" data-id=\"60563f68\" data-element_type=\"container\" data-e-type=\"container\">\n\t\t\t\t<div class=\"elementor-element elementor-element-5a93fdd6 elementor-widget elementor-widget-text-editor\" data-id=\"5a93fdd6\" data-element_type=\"widget\" data-e-type=\"widget\" data-widget_type=\"text-editor.default\">\n\t\t\t\t\t\t\t\t\t<p><p><strong>Tradici\u00f3 jueva:<\/strong> Samael est\u00e0 en compet\u00e8ncia amb Uriel i Chamuel (tots dos tamb\u00e9 <span class=\"iwg-fachbegriff\" data-tooltip=\"En les religions abrah\u00e0miques, un \u00e9sser missatger celestial de D\u00e9u.\" tabindex=\"0\">\u00e0ngels<\/span> de c\u00e0stig). La difer\u00e8ncia: Samael \u00e9s demonitzat, mentre que Uriel\/Chamuel romanen ambivalents per\u00f2 no demon\u00edacs. Els textos del Zohar mostren Samael com l&#8217;altra cara del c\u00e0stig, caigut en el dualisme. Azazel (<span class=\"iwg-fachbegriff\" data-tooltip=\"\u00c9sser espiritual al qual s'atribueix un efecte nociu o ambivalent.\" tabindex=\"0\">dimoni<\/span> boc expiatori) \u00e9s una figura paral\u00b7lela sense estatus d&#8217;arc\u00e0ngel.<\/p><p><strong>M\u00f3n grecorom\u00e0:<\/strong> No hi ha paral\u00b7lels directes. Llunyanament emparentats: Helios\/Apol\u00b7lo com a jutges, o les Er\u00ednies\/Eum\u00e8nides com a dimonis de c\u00e0stig. La funci\u00f3 judicial demon\u00edaca els uneix. Tamb\u00e9 Hades (rei de l&#8217;infram\u00f3n) presenta trets demon\u00edacs.<\/p><p><strong>Mesopot\u00e0mia:<\/strong> Correspond\u00e8ncia mesopot\u00e0mica: Nergal (d\u00e9u de la guerra i la pesta, sobir\u00e0 de l&#8217;infram\u00f3n, ambivalent). La combinaci\u00f3 d&#8217;autoritat divina i car\u00e0cter demon\u00edac \u00e9s compartida per Samael i Nergal. Tamb\u00e9 Kingu (<span class=\"iwg-fachbegriff\" data-tooltip=\"\u00c9sser espiritual al qual s'atribueix un efecte nociu o ambivalent.\" tabindex=\"0\">dimoni<\/span> del caos, adversari de Marduk) t\u00e9 una funci\u00f3 demon\u00edaca similar.<\/p><p><strong>\u00cdndia\/\u00c0sia:<\/strong> Correspond\u00e8ncia \u00edndia: Rudra (d\u00e9u de la ira, destrucci\u00f3, per\u00f2 tamb\u00e9 protecci\u00f3, hinduisme). La naturalesa ambivalent \u00e9s compartida per Samael i Rudra. Paral\u00b7lel budista: Mahakala (d\u00e9u protector ombr\u00edvol). Tots dos s\u00f3n severs i perillosos, per\u00f2 no purament demon\u00edacs.<\/p>\t\t\t\t\t\t\t\t<\/div>\n\t\t\t\t<\/div>\n\t\t\t\t\t<\/div>\n\t\t\t\t<\/div>\n\t\t<div class=\"elementor-element elementor-element-cpe83adf5 e-flex e-con-boxed e-con e-parent\" data-id=\"cpe83adf5\" data-element_type=\"container\" data-e-type=\"container\">\n\t\t\t\t\t<div class=\"e-con-inner\">\n\t\t\t\t<div class=\"elementor-element elementor-element-cp4e5bfd7 elementor-widget elementor-widget-heading\" data-id=\"cp4e5bfd7\" data-element_type=\"widget\" data-e-type=\"widget\" data-widget_type=\"heading.default\">\n\t\t\t\t\t<h2 class=\"elementor-heading-title elementor-size-default\">Samael en la literatura rab\u00ednica i el Midraix<\/h2>\t\t\t\t<\/div>\n\t\t<div class=\"elementor-element elementor-element-cpee52509 e-con-full e-flex e-con e-child\" data-id=\"cpee52509\" data-element_type=\"container\" data-e-type=\"container\">\n\t\t\t\t<div class=\"elementor-element elementor-element-cpe3b4347 elementor-widget elementor-widget-text-editor\" data-id=\"cpe3b4347\" data-element_type=\"widget\" data-e-type=\"widget\" data-widget_type=\"text-editor.default\">\n\t\t\t\t\t\t\t\t\t<p>Samael (en hebreu, aproximadament <em>Sammael<\/em>) \u00e9s una de les figures dimon\u00edaques i ang\u00e8liques m\u00e9s importants de la tradici\u00f3 jueva. En la B\u00edblia hebrea pr\u00f2piament dita, tanmateix, no apareix enlloc; nom\u00e9s la literatura postb\u00edblica el coneix. La seva configuraci\u00f3 detallada es troba al Midraix, en la <span class=\"iwg-fachbegriff\" data-tooltip=\"La transmissi\u00f3 de coneixements i relats al llarg de generacions.\" tabindex=\"0\">tradici\u00f3<\/span> ag\u00e0dica i en escrits ap\u00f2crifs dels segles posteriors al cristianisme.<\/p><p>En aquesta literatura, Samael \u00e9s una figura de m\u00faltiples facetes. Sovint es descriu com un <span class=\"iwg-fachbegriff\" data-tooltip=\"En les religions abrah\u00e0miques, un \u00e9sser missatger celestial de D\u00e9u.\" tabindex=\"0\">\u00e0ngel<\/span> d&#8217;alt rang, per\u00f2 alhora com un acusador i adversari, que es fon amb el paper de l&#8217;acusador celestial, el <em>Satan<\/em>.<\/p><p>En diversos midraixim, Samael \u00e9s considerat l&#8217;<span class=\"iwg-fachbegriff\" data-tooltip=\"En les religions abrah\u00e0miques, un \u00e9sser missatger celestial de D\u00e9u.\" tabindex=\"0\">\u00e0ngel<\/span> que dirigeix en segon pla la narraci\u00f3 de la caiguda; una tradici\u00f3 el converteix en el veritable instigador de la temptaci\u00f3 al jard\u00ed de l&#8217;Ed\u00e8n, valent-se de la serp o vinculat-hi directament.<\/p><p>Altres textos relacionen Samael amb l&#8217;intent d&#8217;impedir o frustrar el sacrifici d&#8217;Isaac per part d&#8217;Abraham, o amb les proves patides per Job.<\/p><p>Una <span class=\"iwg-fachbegriff\" data-tooltip=\"La transmissi\u00f3 de coneixements i relats al llarg de generacions.\" tabindex=\"0\">tradici\u00f3<\/span> particularment coneguda converteix Samael en l&#8217;\u00e0ngel de la mort, l&#8217;\u00e9sser que arrabassa l&#8217;\u00e0nima als humans. En aquesta funci\u00f3 \u00e9s un executor dins de l&#8217;ordre establert per D\u00e9u, per tant, molt m\u00e9s que simplement dolent.<\/p><p>Des del punt de vista de la ci\u00e8ncia de la religi\u00f3, aquesta ambig\u00fcitat \u00e9s caracter\u00edstica: en el pensament rab\u00ednic, Samael apareix com un \u00e9sser perill\u00f3s, acusador i portador de mort, que tot i aix\u00ed roman part de la jerarquia celestial, no com un contrad\u00e9u enfrontat a D\u00e9u. La distinci\u00f3 clara entre <span class=\"iwg-fachbegriff\" data-tooltip=\"En les religions abrah\u00e0miques, un \u00e9sser missatger celestial de D\u00e9u.\" tabindex=\"0\">\u00e0ngel<\/span> i diable, tal com la coneixen concepcions posteriors, encara no s&#8217;ha produ\u00eft aqu\u00ed.<\/p>\t\t\t\t\t\t\t\t<\/div>\n\t\t\t\t<\/div>\n\t\t\t\t\t<\/div>\n\t\t\t\t<\/div>\n\t\t<div class=\"elementor-element elementor-element-cpcd05cd9 e-flex e-con-boxed e-con e-parent\" data-id=\"cpcd05cd9\" data-element_type=\"container\" data-e-type=\"container\">\n\t\t\t\t\t<div class=\"e-con-inner\">\n\t\t\t\t<div class=\"elementor-element elementor-element-cp59c59e6 elementor-widget elementor-widget-heading\" data-id=\"cp59c59e6\" data-element_type=\"widget\" data-e-type=\"widget\" data-widget_type=\"heading.default\">\n\t\t\t\t\t<h2 class=\"elementor-heading-title elementor-size-default\">El nom i la q\u00fcesti\u00f3 del seu significat<\/h2>\t\t\t\t<\/div>\n\t\t<div class=\"elementor-element elementor-element-cp6a96f0f e-con-full e-flex e-con e-child\" data-id=\"cp6a96f0f\" data-element_type=\"container\" data-e-type=\"container\">\n\t\t\t\t<div class=\"elementor-element elementor-element-cpfe876ad elementor-widget elementor-widget-text-editor\" data-id=\"cpfe876ad\" data-element_type=\"widget\" data-e-type=\"widget\" data-widget_type=\"text-editor.default\">\n\t\t\t\t\t\t\t\t\t<p>L&#8217;etimologia del nom Samael ha estat des de fa temps objecte d&#8217;interpretaci\u00f3, sense que existeixi una explicaci\u00f3 totalment provada. El segon component, <em>-el<\/em>, \u00e9s inequ\u00edvoc: \u00e9s la paraula hebrea per a D\u00e9u, que apareix en nombrosos noms d&#8217;\u00e0ngels com Miquel o Gabriel. Marca Samael com un \u00e9sser que origin\u00e0riament pertany a l&#8217;esfera ang\u00e8lica.<\/p><p>El primer component, <em>sam-<\/em>, s&#8217;interpreta de diverses maneres. Una explicaci\u00f3 habitual el relaciona amb la paraula hebrea <em>sam<\/em>, que significa ver\u00ed; Samael seria, doncs, el ver\u00ed de D\u00e9u o el verin\u00f3s de D\u00e9u, cosa que s&#8217;ajustaria b\u00e9 al seu paper d&#8217;\u00e0ngel de la mort i temptador.<\/p><p>Aquesta interpretaci\u00f3 \u00e9s antiga i est\u00e0 present en la mateixa tradici\u00f3. Altres propostes parteixen d&#8217;una arrel amb el significat de ceguesa, segons la qual Samael seria el cec de D\u00e9u o el que enceguia; aquesta interpretaci\u00f3 va ser recollida en la literatura cabal\u00edstica i vinculada a la idea que el mal \u00e9s una mena d&#8217;enlluernament.<\/p><p>La investigaci\u00f3 subratlla que aquestes interpretacions del nom sovint s\u00f3n explicacions posteriors, que revelen m\u00e9s sobre la comprensi\u00f3 de la figura en una \u00e8poca determinada que sobre el veritable origen ling\u00fc\u00edstic. Nom\u00e9s \u00e9s segura la refer\u00e8ncia a D\u00e9u de la terminaci\u00f3.<\/p><p>La incertesa sobre la primera s\u00edl\u00b7laba \u00e9s en si mateixa reveladora: mostra que ja la tradici\u00f3 jueva percebia el nom com necessitat d&#8217;interpretaci\u00f3 i el vinculava amb les caracter\u00edstiques centrals de Samael en cada moment: ver\u00ed, mort, enlluernament.<\/p>\t\t\t\t\t\t\t\t<\/div>\n\t\t\t\t<\/div>\n\t\t\t\t\t<\/div>\n\t\t\t\t<\/div>\n\t\t<div class=\"elementor-element elementor-element-cp80c149a e-flex e-con-boxed e-con e-parent\" data-id=\"cp80c149a\" data-element_type=\"container\" data-e-type=\"container\">\n\t\t\t\t\t<div class=\"e-con-inner\">\n\t\t\t\t<div class=\"elementor-element elementor-element-cp9718754 elementor-widget elementor-widget-heading\" data-id=\"cp9718754\" data-element_type=\"widget\" data-e-type=\"widget\" data-widget_type=\"heading.default\">\n\t\t\t\t\t<h2 class=\"elementor-heading-title elementor-size-default\">Samael a la C\u00e0bala i com a esp\u00f2s de Lilith<\/h2>\t\t\t\t<\/div>\n\t\t<div class=\"elementor-element elementor-element-cp7a0e1a3 e-con-full e-flex e-con e-child\" data-id=\"cp7a0e1a3\" data-element_type=\"container\" data-e-type=\"container\">\n\t\t\t\t<div class=\"elementor-element elementor-element-cp194ea76 elementor-widget elementor-widget-text-editor\" data-id=\"cp194ea76\" data-element_type=\"widget\" data-e-type=\"widget\" data-widget_type=\"text-editor.default\">\n\t\t\t\t\t\t\t\t\t<p>En la <span class=\"iwg-fachbegriff\" data-tooltip=\"Corrent de la m\u00edstica jueva amb obres principals com el Sefer Iesir\u00e0 i el Sohar.\" tabindex=\"0\">C\u00e0bala<\/span> medieval, especialment en la literatura entorn del <em>Sohar<\/em> i en els sistemes cabal\u00edstics posteriors, Samael rep una posici\u00f3 sistem\u00e0tica dins de la doctrina del mal.<\/p><p>Aqu\u00ed \u00e9s el cap de la <em>Sitra Ahra<\/em>, l&#8217;altre costat, \u00e9s a dir, aquella esfera contraposada a D\u00e9u que es pensa com la correspond\u00e8ncia fosca al m\u00f3n de les emanacions divines. Samael se situa en aquest sistema al capdamunt de les pot\u00e8ncies impures, tal com al costat sagrat es troba un <span class=\"iwg-fachbegriff\" data-tooltip=\"En les religions abrah\u00e0miques, un \u00e9sser missatger celestial de D\u00e9u.\" tabindex=\"0\">\u00e0ngel<\/span> suprem.<\/p><p>Estretament vinculada a aix\u00f2 hi \u00e9s la idea de Samael com a esp\u00f2s de <a href=\"https:\/\/iwell-guard.com\/ca\/?page_id=171360\">Lilith<\/a>. La parella Samael i Lilith constitueix, en la <span class=\"iwg-fachbegriff\" data-tooltip=\"El conjunt dels relats mitol\u00f2gics transmesos d'una cultura sobre els seus d\u00e9us.\" tabindex=\"0\">mitologia<\/span> cabal\u00edstica, la correspond\u00e8ncia fosca d&#8217;una parella sagrada i es considera l&#8217;origen d&#8217;altres \u00e9ssers dimon\u00edacs.<\/p><p>La seva uni\u00f3 s&#8217;interpreta com la font de la propagaci\u00f3 del mal al m\u00f3n. Aquesta idea de la parella \u00e9s una elaboraci\u00f3 espec\u00edficament cabal\u00edstica que encara no es troba present en la literatura rab\u00ednica m\u00e9s antiga.<\/p><p>Cient\u00edficament, la doctrina cabal\u00edstica sobre Samael \u00e9s un exemple impressionant de la sistematitzaci\u00f3 del mal dins d&#8217;un marc monoteista. La <em>Sitra Ahra<\/em> no \u00e9s un contrad\u00e9u independent, sin\u00f3 que roman depenent de l&#8217;ordre div\u00ed i, en darrer terme, se la pensa subordinada a aquest. Samael encarna en aquest sistema la possibilitat del mal, sense abandonar el <span class=\"iwg-fachbegriff\" data-tooltip=\"La creen\u00e7a en un \u00fanic d\u00e9u.\" tabindex=\"0\">monoteisme<\/span>.<\/p><p>Corrents esot\u00e8rics i ocultistes posteriors de l&#8217;\u00e8poca moderna han desvinculat Samael d&#8217;aquest context teol\u00f2gic i, en part, l&#8217;han convertit en una figura aut\u00f2noma, cosa que, per\u00f2, no arriba a captar el sentit cabal\u00edstic segons el qual tamb\u00e9 l&#8217;altre costat forma part d&#8217;un \u00fanic conjunt determinat per D\u00e9u.<\/p>\t\t\t\t\t\t\t\t<\/div>\n\t\t\t\t<\/div>\n\t\t\t\t\t<\/div>\n\t\t\t\t<\/div>\n\t\t<div class=\"elementor-element elementor-element-cp69c20b3 e-flex e-con-boxed e-con e-parent\" data-id=\"cp69c20b3\" data-element_type=\"container\" data-e-type=\"container\">\n\t\t\t\t\t<div class=\"e-con-inner\">\n\t\t\t\t<div class=\"elementor-element elementor-element-cp02f3474 elementor-widget elementor-widget-heading\" data-id=\"cp02f3474\" data-element_type=\"widget\" data-e-type=\"widget\" data-widget_type=\"heading.default\">\n\t\t\t\t\t<h2 class=\"elementor-heading-title elementor-size-default\">Samael, l'\u00e0ngel protector d'Esa\u00fa i de Roma<\/h2>\t\t\t\t<\/div>\n\t\t<div class=\"elementor-element elementor-element-cp6801553 e-con-full e-flex e-con e-child\" data-id=\"cp6801553\" data-element_type=\"container\" data-e-type=\"container\">\n\t\t\t\t<div class=\"elementor-element elementor-element-cpce51878 elementor-widget elementor-widget-text-editor\" data-id=\"cpce51878\" data-element_type=\"widget\" data-e-type=\"widget\" data-widget_type=\"text-editor.default\">\n\t\t\t\t\t\t\t\t\t<p>Una branca pr\u00f2pia de la tradici\u00f3 relaciona Samael amb la idea dels \u00e0ngels celestials protectors dels pobles. Segons una concepci\u00f3 estesa en la literatura rab\u00ednica, cada poble t\u00e9 un pr\u00edncep celestial o <span class=\"iwg-fachbegriff\" data-tooltip=\"En les religions abrah\u00e0miques, un \u00e9sser missatger celestial de D\u00e9u.\" tabindex=\"0\">\u00e0ngel<\/span> que el representa i intercedeix per ell. En aquest marc, Samael esdev\u00e9 el pr\u00edncep celestial d&#8217;Esa\u00fa i, per extensi\u00f3, de Roma.<\/p><p>Aquesta atribuci\u00f3 s&#8217;ha d&#8217;entendre hist\u00f2ricament. Esa\u00fa \u00e9s considerat en l&#8217;exegesi jueva el patriarca d&#8217;Edom, i Edom es va convertir en l&#8217;\u00e8poca postb\u00edblica en xifra per a Roma i m\u00e9s tard per al poder cristi\u00e0, \u00e9s a dir, per a la gran pot\u00e8ncia sota el domini de la qual vivia i patia el poble jueu.<\/p><p>En convertir Samael, l&#8217;acusador i adversari, en representant celestial d&#8217;aquest poder hostil, l&#8217;experi\u00e8ncia hist\u00f2rica de domini estranger i opressi\u00f3 adquireix una interpretaci\u00f3 c\u00f2smica. La lluita entre Jacob i Esa\u00fa, entre Israel i Edom, es reflecteix en la disputa celestial entre l&#8217;<span class=\"iwg-fachbegriff\" data-tooltip=\"Un \u00e0ngel a qui s'atribueix la protecci\u00f3 d'una persona concreta.\" tabindex=\"0\">\u00e0ngel de la guarda<\/span> d&#8217;Israel i Samael.<\/p><p>Una coneguda narraci\u00f3 ag\u00e0dica interpreta fins i tot la lluita nocturna de Jacob al riu Jaboc, relatada al llibre del G\u00e8nesi, com el combat de Jacob amb Samael, el pr\u00edncep ang\u00e8lic d&#8217;Esa\u00fa. Des del punt de vista cient\u00edfic, aquesta tradici\u00f3 mostra com una figura demon\u00edaca va poder convertir-se en portadora d&#8217;una interpretaci\u00f3 teol\u00f2gica de la hist\u00f2ria.<\/p><p>Aqu\u00ed, Samael \u00e9s el poder hist\u00f2ric hostil personificat, i va aix\u00ed m\u00e9s enll\u00e0 del seductor del jard\u00ed de l&#8217;Ed\u00e8n o de l&#8217;\u00e0ngel de la mort. Aquesta vinculaci\u00f3 entre demonologia i interpretaci\u00f3 de la hist\u00f2ria \u00e9s un tret important del pensament jueu i distingeix la figura de Samael d&#8217;un simple temptador individual.<\/p>\t\t\t\t\t\t\t\t<\/div>\n\t\t\t\t<\/div>\n\t\t\t\t\t<\/div>\n\t\t\t\t<\/div>\n\t\t<div class=\"elementor-element elementor-element-36dd7469 e-flex e-con-boxed e-con e-parent\" data-id=\"36dd7469\" data-element_type=\"container\" data-e-type=\"container\">\n\t\t\t\t\t<div class=\"e-con-inner\">\n\t\t\t\t<div class=\"elementor-element elementor-element-13760ab4 elementor-widget elementor-widget-heading\" data-id=\"13760ab4\" data-element_type=\"widget\" data-e-type=\"widget\" data-widget_type=\"heading.default\">\n\t\t\t\t\t<h2 class=\"elementor-heading-title elementor-size-default\">Enlla\u00e7os relacionats<\/h2>\t\t\t\t<\/div>\n\t\t<div class=\"elementor-element elementor-element-28c87796 e-con-full e-flex e-con e-child\" data-id=\"28c87796\" data-element_type=\"container\" data-e-type=\"container\">\n\t\t\t\t<div class=\"elementor-element elementor-element-5d6538df elementor-widget elementor-widget-text-editor\" data-id=\"5d6538df\" data-element_type=\"widget\" data-e-type=\"widget\" data-widget_type=\"text-editor.default\">\n\t\t\t\t\t\t\t\t\t<ul><li><a href=\"https:\/\/iwell-guard.com\/ca\/?page_id=171360\">Lilith, esposa de Samael en la cabala luri\u00e0nica<\/a><\/li><li><a href=\"https:\/\/iwell-guard.com\/ca\/?page_id=171363\">Azazel, \u00e0ngel caigut relacionat present a 1 Enoc<\/a><\/li><li><a href=\"https:\/\/iwell-guard.com\/ca\/?page_id=171511\">Mikhael, principal oponent de Samael en la jerarquia ang\u00e8lica<\/a><\/li><li><a href=\"https:\/\/iwell-guard.com\/ca\/?page_id=171593\">Azrael, \u00e0ngel de la mort relacionat en la tradici\u00f3 isl\u00e0mica<\/a><\/li><li><a href=\"https:\/\/iwell-guard.com\/ca\/?page_id=171359\">Xedim, host demon\u00edaca sota les ordres de Samael<\/a><\/li><li><a href=\"https:\/\/iwell-guard.com\/ca\/judaisme\/\">Judaisme, context religi\u00f3s<\/a><\/li><\/ul>\t\t\t\t\t\t\t\t<\/div>\n\t\t\t\t<\/div>\n\t\t\t\t\t<\/div>\n\t\t\t\t<\/div>\n\t\t<div class=\"elementor-element elementor-element-grl4kl40 e-flex e-con-boxed e-con e-parent\" data-id=\"grl4kl40\" data-element_type=\"container\" data-e-type=\"container\">\n\t\t\t\t\t<div class=\"e-con-inner\">\n\t\t\t\t<div class=\"elementor-element elementor-element-bzsbfrmh elementor-widget elementor-widget-heading\" data-id=\"bzsbfrmh\" data-element_type=\"widget\" data-e-type=\"widget\" data-widget_type=\"heading.default\">\n\t\t\t\t\t<h2 class=\"elementor-heading-title elementor-size-default\">Bibliografia (selecci\u00f3)<\/h2>\t\t\t\t<\/div>\n\t\t<div class=\"elementor-element elementor-element-2c13224a e-con-full e-flex e-con e-child\" data-id=\"2c13224a\" data-element_type=\"container\" data-e-type=\"container\">\n\t\t\t\t<div class=\"elementor-element elementor-element-0eymh9ub elementor-widget elementor-widget-text-editor\" data-id=\"0eymh9ub\" data-element_type=\"widget\" data-e-type=\"widget\" data-widget_type=\"text-editor.default\">\n\t\t\t\t\t\t\t\t\t<footer class=\"iwg-literatur\" data-nosnippet=\"true\"><ul><li><span data-nosnippet>Scholem, Gershom: <em>Die j\u00fcdische Mystik in ihren Hauptstr\u00f6mungen<\/em>. Suhrkamp, Frankfurt a.M. 1980.<\/span><\/li><li><span data-nosnippet>Scholem, Gershom: <em>Von der mystischen Gestalt der Gottheit<\/em>. Suhrkamp, Frankfurt a.M. 1973.<\/span><\/li><li><span data-nosnippet>Idel, Moshe: <em>Kabbalah: New Perspectives<\/em>. Yale University Press, New Haven 1988.<\/span><\/li><li><span data-nosnippet>Mach, Michael: <em>Entwicklungsstadien des j\u00fcdischen Engelglaubens in vorrabbinischer Zeit<\/em>. Mohr Siebeck, T\u00fcbingen 1992.<\/span><\/li><li><span data-nosnippet>Davidson, Gustav: <em>A Dictionary of Angels<\/em>. The Free Press, New York 1967.<\/span><\/li><li><span data-nosnippet>Patai, Raphael: <em>The Hebrew Goddess<\/em>. Wayne State UP, Detroit 1990.<\/span><\/li><\/ul><\/footer>\t\t\t\t\t\t\t\t<\/div>\n\t\t\t\t<\/div>\n\t\t\t\t\t<\/div>\n\t\t\t\t<\/div>\n\t\t\t\t<\/div>\n\t\t","protected":false},"excerpt":{"rendered":"","protected":false},"author":3,"featured_media":1749,"parent":0,"menu_order":0,"comment_status":"closed","ping_status":"closed","template":"elementor_header_footer","meta":{"_yoast_wpseo_focuskw":"Samael","_yoast_wpseo_title":"Samael - \u00c0ngel entre c\u00e0stig i protecci\u00f3","_yoast_wpseo_metadesc":"Samael, transm\u00e8s per escrit des de fa segles: figura arcang\u00e8lica de la c\u00e0bala jueva entre c\u00e0stig i protecci\u00f3, acusador davant el tron en el Zohar.","_yoast_wpseo_meta-robots-noindex":"","_yoast_wpseo_canonical":"","_angie_page":false,"gefaehrdungsstufe":"4","wesen_kultur":"judentum","wesen_klasse":"goetter","footnotes":""},"categories":[],"class_list":["post-171509","page","type-page","status-publish","has-post-thumbnail","hentry"],"yoast_head":"<!-- This site is optimized with the Yoast SEO Premium plugin v27.7 (Yoast SEO v28.3) - https:\/\/yoast.com\/product\/yoast-seo-premium-wordpress\/ -->\n<title>Samael - \u00c0ngel entre c\u00e0stig i protecci\u00f3<\/title>\n<meta name=\"description\" content=\"Samael, transm\u00e8s per escrit des de fa segles: figura arcang\u00e8lica de la c\u00e0bala jueva entre c\u00e0stig i protecci\u00f3, acusador davant el tron en el Zohar.\" \/>\n<meta name=\"robots\" content=\"index, follow, max-snippet:-1, max-image-preview:large, max-video-preview:-1\" \/>\n<link rel=\"canonical\" href=\"https:\/\/iwell-guard.com\/ca\/samael\/\" \/>\n<meta property=\"og:locale\" content=\"ca_ES\" \/>\n<meta property=\"og:type\" content=\"article\" \/>\n<meta property=\"og:title\" content=\"Samael\" \/>\n<meta property=\"og:description\" content=\"Samael, transm\u00e8s per escrit des de fa segles: figura arcang\u00e8lica de la c\u00e0bala jueva entre c\u00e0stig i protecci\u00f3, acusador davant el tron en el Zohar.\" \/>\n<meta property=\"og:url\" content=\"https:\/\/iwell-guard.com\/ca\/samael\/\" \/>\n<meta property=\"og:site_name\" content=\"iWell Guard\" \/>\n<meta property=\"article:modified_time\" content=\"2026-09-05T15:59:36+00:00\" \/>\n<meta property=\"og:image\" content=\"https:\/\/iwell-guard.com\/wp-content\/uploads\/2026\/04\/goetter_judentum_samael.webp\" \/>\n\t<meta property=\"og:image:width\" content=\"1024\" \/>\n\t<meta property=\"og:image:height\" content=\"1536\" \/>\n\t<meta property=\"og:image:type\" content=\"image\/webp\" \/>\n<meta name=\"twitter:card\" content=\"summary_large_image\" \/>\n<script type=\"application\/ld+json\" class=\"yoast-schema-graph\">{\"@context\":\"https:\\\/\\\/schema.org\",\"@graph\":[{\"@type\":\"WebPage\",\"@id\":\"https:\\\/\\\/iwell-guard.com\\\/ca\\\/samael\\\/\",\"url\":\"https:\\\/\\\/iwell-guard.com\\\/ca\\\/samael\\\/\",\"name\":\"Samael - \u00c0ngel entre c\u00e0stig i protecci\u00f3\",\"isPartOf\":{\"@id\":\"https:\\\/\\\/iwell-guard.com\\\/ca\\\/#website\"},\"primaryImageOfPage\":{\"@id\":\"https:\\\/\\\/iwell-guard.com\\\/ca\\\/samael\\\/#primaryimage\"},\"image\":{\"@id\":\"https:\\\/\\\/iwell-guard.com\\\/ca\\\/samael\\\/#primaryimage\"},\"thumbnailUrl\":\"https:\\\/\\\/iwell-guard.com\\\/wp-content\\\/uploads\\\/2026\\\/04\\\/goetter_judentum_samael.webp\",\"datePublished\":\"2026-09-05T15:39:58+00:00\",\"dateModified\":\"2026-09-05T15:59:36+00:00\",\"description\":\"Samael, transm\u00e8s per escrit des de fa segles: figura arcang\u00e8lica de la c\u00e0bala jueva entre c\u00e0stig i protecci\u00f3, acusador davant el tron en el Zohar.\",\"breadcrumb\":{\"@id\":\"https:\\\/\\\/iwell-guard.com\\\/ca\\\/samael\\\/#breadcrumb\"},\"inLanguage\":\"ca\",\"potentialAction\":[{\"@type\":\"ReadAction\",\"target\":[\"https:\\\/\\\/iwell-guard.com\\\/ca\\\/samael\\\/\"]}]},{\"@type\":\"ImageObject\",\"inLanguage\":\"ca\",\"@id\":\"https:\\\/\\\/iwell-guard.com\\\/ca\\\/samael\\\/#primaryimage\",\"url\":\"https:\\\/\\\/iwell-guard.com\\\/wp-content\\\/uploads\\\/2026\\\/04\\\/goetter_judentum_samael.webp\",\"contentUrl\":\"https:\\\/\\\/iwell-guard.com\\\/wp-content\\\/uploads\\\/2026\\\/04\\\/goetter_judentum_samael.webp\",\"width\":1024,\"height\":1536,\"caption\":\"D\u00e9us de la tradici\u00f3 del judaisme.\"},{\"@type\":\"BreadcrumbList\",\"@id\":\"https:\\\/\\\/iwell-guard.com\\\/ca\\\/samael\\\/#breadcrumb\",\"itemListElement\":[{\"@type\":\"ListItem\",\"position\":1,\"name\":\"Start\",\"item\":\"https:\\\/\\\/iwell-guard.com\\\/ca\\\/?page_id=171333\"},{\"@type\":\"ListItem\",\"position\":2,\"name\":\"Samael\"}]},{\"@type\":\"WebSite\",\"@id\":\"https:\\\/\\\/iwell-guard.com\\\/ca\\\/#website\",\"url\":\"https:\\\/\\\/iwell-guard.com\\\/ca\\\/\",\"name\":\"iWell Guard\",\"description\":\"Schutz vor dunklen Einfl\u00fcssen\",\"publisher\":{\"@id\":\"https:\\\/\\\/iwell-guard.com\\\/ca\\\/#organization\"},\"potentialAction\":[{\"@type\":\"SearchAction\",\"target\":{\"@type\":\"EntryPoint\",\"urlTemplate\":\"https:\\\/\\\/iwell-guard.com\\\/ca\\\/?s={search_term_string}\"},\"query-input\":{\"@type\":\"PropertyValueSpecification\",\"valueRequired\":true,\"valueName\":\"search_term_string\"}}],\"inLanguage\":\"ca\"},{\"@type\":\"Organization\",\"@id\":\"https:\\\/\\\/iwell-guard.com\\\/ca\\\/#organization\",\"name\":\"Ittermann electronic GmbH\",\"url\":\"https:\\\/\\\/iwell-guard.com\\\/ca\\\/\",\"logo\":{\"@type\":\"ImageObject\",\"inLanguage\":\"ca\",\"@id\":\"https:\\\/\\\/iwell-guard.com\\\/ca\\\/#\\\/schema\\\/logo\\\/image\\\/\",\"url\":\"https:\\\/\\\/iwell-guard.com\\\/wp-content\\\/uploads\\\/2026\\\/05\\\/Ittermann-Logo-1182x237-1.png\",\"contentUrl\":\"https:\\\/\\\/iwell-guard.com\\\/wp-content\\\/uploads\\\/2026\\\/05\\\/Ittermann-Logo-1182x237-1.png\",\"width\":1182,\"height\":237,\"caption\":\"Ittermann electronic GmbH\"},\"image\":{\"@id\":\"https:\\\/\\\/iwell-guard.com\\\/ca\\\/#\\\/schema\\\/logo\\\/image\\\/\"},\"sameAs\":[\"https:\\\/\\\/pantip.com\\\/profile\\\/9367242\",\"https:\\\/\\\/micro.blog\\\/iwellguard\",\"https:\\\/\\\/www.diggerslist.com\\\/iwellguard\\\/about\",\"https:\\\/\\\/skitterphoto.com\\\/photographers\\\/2870314\\\/iwell-guard\",\"https:\\\/\\\/iwellguard.wordpress.com\\\/2026\\\/06\\\/06\\\/iwell-guard\\\/\",\"https:\\\/\\\/hub.docker.com\\\/u\\\/iwellguard\",\"https:\\\/\\\/www.pinterest.com\\\/iwellguard\\\/\",\"https:\\\/\\\/bit.ly\\\/m\\\/iwellguard\",\"https:\\\/\\\/entre-vos-mains.alsace.eu\\\/profiles\\\/iwellguard\\\/activity\",\"https:\\\/\\\/gravatar.com\\\/reallybeded8fd34\",\"https:\\\/\\\/naijamatta.com\\\/iwellguard\",\"https:\\\/\\\/www.goodreads.com\\\/iwellguard\",\"https:\\\/\\\/profile.hatena.ne.jp\\\/iwellguard\\\/\",\"https:\\\/\\\/experiment.com\\\/users\\\/iwellguard\",\"https:\\\/\\\/wakelet.com\\\/@iWellGuard82270\",\"https:\\\/\\\/www.chordie.com\\\/forum\\\/profile.php?id=2555664\",\"https:\\\/\\\/www.instapaper.com\\\/p\\\/17757966\",\"https:\\\/\\\/www.mapleprimes.com\\\/users\\\/iwellguard\",\"https:\\\/\\\/businesslistingplus.com\\\/profile\\\/iwell-guard\\\/\",\"https:\\\/\\\/telegra.ph\\\/iWell-Guard-06-06\",\"https:\\\/\\\/pbase.com\\\/iwellguard\\\/iwellguard\",\"https:\\\/\\\/b.hatena.ne.jp\\\/iwellguard\\\/20260607#bookmark-4788405196491818882\",\"https:\\\/\\\/fliphtml5.com\\\/home\\\/iwellguard\",\"https:\\\/\\\/anyflip.com\\\/homepage\\\/cmiwl#About\",\"https:\\\/\\\/transfur.com\\\/Users\\\/iwellguard\",\"http:\\\/\\\/delphi.larsbo.org\\\/user\\\/iwellguard\",\"https:\\\/\\\/jobs.lajobsportal.org\\\/profiles\\\/8380803-iwell-guard\",\"https:\\\/\\\/md.chaosdorf.de\\\/s\\\/jfbe5SBdJD\",\"https:\\\/\\\/www.lingvolive.com\\\/en-us\\\/profile\\\/9ecaeaca-ce11-4e51-9e71-01d55e2bff36\\\/translations\",\"https:\\\/\\\/www.fitday.com\\\/fitness\\\/forums\\\/members\\\/iwellguard.html\",\"https:\\\/\\\/www.mymeetbook.com\\\/iwellguard\",\"https:\\\/\\\/pxhere.com\\\/en\\\/photographer-me\\\/5040798\",\"https:\\\/\\\/disqus.com\\\/by\\\/iwellguard\\\/about\\\/\",\"https:\\\/\\\/pastelink.net\\\/hjwciqwq\",\"https:\\\/\\\/pubhtml5.com\\\/homepage\\\/scjhn\\\/\",\"https:\\\/\\\/www.bitchute.com\\\/channel\\\/2O2eOKzNqujT\",\"https:\\\/\\\/audiomack.com\\\/iwellguard\"]},{\"@type\":\"Article\",\"@id\":\"https:\\\/\\\/iwell-guard.com\\\/ca\\\/samael\\\/#article\",\"isPartOf\":{\"@id\":\"https:\\\/\\\/iwell-guard.com\\\/ca\\\/samael\\\/\"},\"author\":{\"name\":\"Ralf Ittermann\",\"@id\":\"https:\\\/\\\/iwell-guard.com\\\/ca\\\/#\\\/schema\\\/person\\\/ee2a27f1cac3406c7c6fb5820cb7349f\"},\"headline\":\"Samael\",\"datePublished\":\"2026-09-05T15:39:58+00:00\",\"dateModified\":\"2026-09-05T15:59:36+00:00\",\"mainEntityOfPage\":{\"@id\":\"https:\\\/\\\/iwell-guard.com\\\/ca\\\/samael\\\/\"},\"publisher\":{\"@id\":\"https:\\\/\\\/iwell-guard.com\\\/ca\\\/#organization\"},\"image\":{\"@id\":\"https:\\\/\\\/iwell-guard.com\\\/ca\\\/samael\\\/#primaryimage\"},\"thumbnailUrl\":\"https:\\\/\\\/iwell-guard.com\\\/wp-content\\\/uploads\\\/2026\\\/04\\\/goetter_judentum_samael.webp\",\"inLanguage\":\"ca\",\"description\":\"Samael, transm\u00e8s per escrit des de fa segles: figura arcang\u00e8lica de la c\u00e0bala jueva entre c\u00e0stig i protecci\u00f3, acusador davant el tron en el Zohar.\"}]}<\/script>\n<!-- \/ Yoast SEO Premium plugin. -->","yoast_head_json":{"title":"Samael - \u00c0ngel entre c\u00e0stig i protecci\u00f3","description":"Samael, transm\u00e8s per escrit des de fa segles: figura arcang\u00e8lica de la c\u00e0bala jueva entre c\u00e0stig i protecci\u00f3, acusador davant el tron en el Zohar.","robots":{"index":"index","follow":"follow","max-snippet":"max-snippet:-1","max-image-preview":"max-image-preview:large","max-video-preview":"max-video-preview:-1"},"canonical":"https:\/\/iwell-guard.com\/ca\/samael\/","og_locale":"ca_ES","og_type":"article","og_title":"Samael","og_description":"Samael, transm\u00e8s per escrit des de fa segles: figura arcang\u00e8lica de la c\u00e0bala jueva entre c\u00e0stig i protecci\u00f3, acusador davant el tron en el Zohar.","og_url":"https:\/\/iwell-guard.com\/ca\/samael\/","og_site_name":"iWell Guard","article_modified_time":"2026-09-05T15:59:36+00:00","og_image":[{"width":1024,"height":1536,"url":"https:\/\/iwell-guard.com\/wp-content\/uploads\/2026\/04\/goetter_judentum_samael.webp","type":"image\/webp"}],"twitter_card":"summary_large_image","schema":{"@context":"https:\/\/schema.org","@graph":[{"@type":"Article","@id":"https:\/\/iwell-guard.com\/ca\/samael\/#article","isPartOf":{"@id":"https:\/\/iwell-guard.com\/ca\/samael\/"},"author":{"name":"Ralf Ittermann","@id":"https:\/\/iwell-guard.com\/ca\/#\/schema\/person\/ee2a27f1cac3406c7c6fb5820cb7349f"},"headline":"Samael","datePublished":"2026-09-05T15:39:58+00:00","dateModified":"2026-09-05T15:59:36+00:00","mainEntityOfPage":{"@id":"https:\/\/iwell-guard.com\/ca\/samael\/"},"publisher":{"@id":"https:\/\/iwell-guard.com\/ca\/#organization"},"image":{"@id":"https:\/\/iwell-guard.com\/ca\/samael\/#primaryimage"},"thumbnailUrl":"https:\/\/iwell-guard.com\/wp-content\/uploads\/2026\/04\/goetter_judentum_samael.webp","inLanguage":"ca","description":"Samael, transm\u00e8s per escrit des de fa segles: figura arcang\u00e8lica de la c\u00e0bala jueva entre c\u00e0stig i protecci\u00f3, acusador davant el tron en el Zohar."},{"@type":"WebPage","@id":"https:\/\/iwell-guard.com\/ca\/samael\/","url":"https:\/\/iwell-guard.com\/ca\/samael\/","name":"Samael - \u00c0ngel entre c\u00e0stig i protecci\u00f3","isPartOf":{"@id":"https:\/\/iwell-guard.com\/ca\/#website"},"primaryImageOfPage":{"@id":"https:\/\/iwell-guard.com\/ca\/samael\/#primaryimage"},"image":{"@id":"https:\/\/iwell-guard.com\/ca\/samael\/#primaryimage"},"thumbnailUrl":"https:\/\/iwell-guard.com\/wp-content\/uploads\/2026\/04\/goetter_judentum_samael.webp","datePublished":"2026-09-05T15:39:58+00:00","dateModified":"2026-09-05T15:59:36+00:00","description":"Samael, transm\u00e8s per escrit des de fa segles: figura arcang\u00e8lica de la c\u00e0bala jueva entre c\u00e0stig i protecci\u00f3, acusador davant el tron en el Zohar.","breadcrumb":{"@id":"https:\/\/iwell-guard.com\/ca\/samael\/#breadcrumb"},"inLanguage":"ca","potentialAction":[{"@type":"ReadAction","target":["https:\/\/iwell-guard.com\/ca\/samael\/"]}]},{"@type":"ImageObject","inLanguage":"ca","@id":"https:\/\/iwell-guard.com\/ca\/samael\/#primaryimage","url":"https:\/\/iwell-guard.com\/wp-content\/uploads\/2026\/04\/goetter_judentum_samael.webp","contentUrl":"https:\/\/iwell-guard.com\/wp-content\/uploads\/2026\/04\/goetter_judentum_samael.webp","width":1024,"height":1536,"caption":"D\u00e9us de la tradici\u00f3 del judaisme."},{"@type":"BreadcrumbList","@id":"https:\/\/iwell-guard.com\/ca\/samael\/#breadcrumb","itemListElement":[{"@type":"ListItem","position":1,"name":"Start","item":"https:\/\/iwell-guard.com\/ca\/?page_id=171333"},{"@type":"ListItem","position":2,"name":"Samael"}]},{"@type":"WebSite","@id":"https:\/\/iwell-guard.com\/ca\/#website","url":"https:\/\/iwell-guard.com\/ca\/","name":"iWell Guard","description":"Schutz vor dunklen Einfl\u00fcssen","publisher":{"@id":"https:\/\/iwell-guard.com\/ca\/#organization"},"potentialAction":[{"@type":"SearchAction","target":{"@type":"EntryPoint","urlTemplate":"https:\/\/iwell-guard.com\/ca\/?s={search_term_string}"},"query-input":{"@type":"PropertyValueSpecification","valueRequired":true,"valueName":"search_term_string"}}],"inLanguage":"ca"},{"@type":"Organization","@id":"https:\/\/iwell-guard.com\/ca\/#organization","name":"Ittermann electronic GmbH","url":"https:\/\/iwell-guard.com\/ca\/","logo":{"@type":"ImageObject","inLanguage":"ca","@id":"https:\/\/iwell-guard.com\/ca\/#\/schema\/logo\/image\/","url":"https:\/\/iwell-guard.com\/wp-content\/uploads\/2026\/05\/Ittermann-Logo-1182x237-1.png","contentUrl":"https:\/\/iwell-guard.com\/wp-content\/uploads\/2026\/05\/Ittermann-Logo-1182x237-1.png","width":1182,"height":237,"caption":"Ittermann electronic GmbH"},"image":{"@id":"https:\/\/iwell-guard.com\/ca\/#\/schema\/logo\/image\/"},"sameAs":["https:\/\/pantip.com\/profile\/9367242","https:\/\/micro.blog\/iwellguard","https:\/\/www.diggerslist.com\/iwellguard\/about","https:\/\/skitterphoto.com\/photographers\/2870314\/iwell-guard","https:\/\/iwellguard.wordpress.com\/2026\/06\/06\/iwell-guard\/","https:\/\/hub.docker.com\/u\/iwellguard","https:\/\/www.pinterest.com\/iwellguard\/","https:\/\/bit.ly\/m\/iwellguard","https:\/\/entre-vos-mains.alsace.eu\/profiles\/iwellguard\/activity","https:\/\/gravatar.com\/reallybeded8fd34","https:\/\/naijamatta.com\/iwellguard","https:\/\/www.goodreads.com\/iwellguard","https:\/\/profile.hatena.ne.jp\/iwellguard\/","https:\/\/experiment.com\/users\/iwellguard","https:\/\/wakelet.com\/@iWellGuard82270","https:\/\/www.chordie.com\/forum\/profile.php?id=2555664","https:\/\/www.instapaper.com\/p\/17757966","https:\/\/www.mapleprimes.com\/users\/iwellguard","https:\/\/businesslistingplus.com\/profile\/iwell-guard\/","https:\/\/telegra.ph\/iWell-Guard-06-06","https:\/\/pbase.com\/iwellguard\/iwellguard","https:\/\/b.hatena.ne.jp\/iwellguard\/20260607#bookmark-4788405196491818882","https:\/\/fliphtml5.com\/home\/iwellguard","https:\/\/anyflip.com\/homepage\/cmiwl#About","https:\/\/transfur.com\/Users\/iwellguard","http:\/\/delphi.larsbo.org\/user\/iwellguard","https:\/\/jobs.lajobsportal.org\/profiles\/8380803-iwell-guard","https:\/\/md.chaosdorf.de\/s\/jfbe5SBdJD","https:\/\/www.lingvolive.com\/en-us\/profile\/9ecaeaca-ce11-4e51-9e71-01d55e2bff36\/translations","https:\/\/www.fitday.com\/fitness\/forums\/members\/iwellguard.html","https:\/\/www.mymeetbook.com\/iwellguard","https:\/\/pxhere.com\/en\/photographer-me\/5040798","https:\/\/disqus.com\/by\/iwellguard\/about\/","https:\/\/pastelink.net\/hjwciqwq","https:\/\/pubhtml5.com\/homepage\/scjhn\/","https:\/\/www.bitchute.com\/channel\/2O2eOKzNqujT","https:\/\/audiomack.com\/iwellguard"]},{"@type":"Person","@id":"https:\/\/iwell-guard.com\/ca\/#\/schema\/person\/ee2a27f1cac3406c7c6fb5820cb7349f","name":"Ralf Ittermann","image":{"@type":"ImageObject","inLanguage":"ca","@id":"https:\/\/secure.gravatar.com\/avatar\/073c0153e350a5005b68eb752b445fea71f6b24a26da9449ad7e155e6b446c9d?s=96&d=mm&r=g","url":"https:\/\/secure.gravatar.com\/avatar\/073c0153e350a5005b68eb752b445fea71f6b24a26da9449ad7e155e6b446c9d?s=96&d=mm&r=g","contentUrl":"https:\/\/secure.gravatar.com\/avatar\/073c0153e350a5005b68eb752b445fea71f6b24a26da9449ad7e155e6b446c9d?s=96&d=mm&r=g","caption":"Ralf Ittermann"},"givenName":"Ralf","familyName":"Ittermann","jobTitle":"Gesch\u00e4ftsf\u00fchrer und redaktioneller Verantwortlicher","url":"https:\/\/iwell-guard.com\/ca\/author\/claude\/","description":"Ralf Ittermann ist Gesch\u00e4ftsf\u00fchrer der Ittermann electronic GmbH und redaktioneller Verantwortlicher des iWell-Guard-Lexikons. Er verbindet langj\u00e4hrige Erfahrung in der Pr\u00e4zisionsfertigung mit medialer Praxis und religionsgeschichtlicher Quellenarbeit.","worksFor":{"@type":"Organization","name":"Ittermann electronic GmbH","url":"https:\/\/ittermann.de\/","address":{"@type":"PostalAddress","streetAddress":"K\u00f6hlergasse 16-18","postalCode":"99842","addressLocality":"Ruhla","addressCountry":"DE"}},"knowsAbout":["Religionsgeschichte","Mythologie","Mediale Praxis","Energetische Diagnostik","Schutzpraxis","Volksglauben","Westliche Esoterik"]},{"@type":"Article","@id":"https:\/\/iwell-guard.com\/ca\/samael\/#article","isPartOf":{"@id":"https:\/\/iwell-guard.com\/ca\/samael\/"},"author":{"name":"Ralf Ittermann","@id":"https:\/\/iwell-guard.com\/ca\/#\/schema\/person\/ee2a27f1cac3406c7c6fb5820cb7349f"},"headline":"Samael","datePublished":"2026-09-05T15:39:58+00:00","dateModified":"2026-09-05T15:59:36+00:00","mainEntityOfPage":{"@id":"https:\/\/iwell-guard.com\/ca\/samael\/"},"publisher":{"@id":"https:\/\/iwell-guard.com\/ca\/#organization"},"image":{"@id":"https:\/\/iwell-guard.com\/ca\/samael\/#primaryimage"},"thumbnailUrl":"https:\/\/iwell-guard.com\/wp-content\/uploads\/2026\/04\/goetter_judentum_samael.webp","inLanguage":"ca","description":"Samael, transm\u00e8s per escrit des de fa segles: figura arcang\u00e8lica de la c\u00e0bala jueva entre c\u00e0stig i protecci\u00f3, acusador davant el tron en el Zohar."}]}},"_links":{"self":[{"href":"https:\/\/iwell-guard.com\/ca\/wp-json\/wp\/v2\/pages\/171509","targetHints":{"allow":["GET"]}}],"collection":[{"href":"https:\/\/iwell-guard.com\/ca\/wp-json\/wp\/v2\/pages"}],"about":[{"href":"https:\/\/iwell-guard.com\/ca\/wp-json\/wp\/v2\/types\/page"}],"author":[{"embeddable":true,"href":"https:\/\/iwell-guard.com\/ca\/wp-json\/wp\/v2\/users\/3"}],"replies":[{"embeddable":true,"href":"https:\/\/iwell-guard.com\/ca\/wp-json\/wp\/v2\/comments?post=171509"}],"version-history":[{"count":0,"href":"https:\/\/iwell-guard.com\/ca\/wp-json\/wp\/v2\/pages\/171509\/revisions"}],"wp:featuredmedia":[{"embeddable":true,"href":"https:\/\/iwell-guard.com\/ca\/wp-json\/wp\/v2\/media\/1749"}],"wp:attachment":[{"href":"https:\/\/iwell-guard.com\/ca\/wp-json\/wp\/v2\/media?parent=171509"}],"wp:term":[{"taxonomy":"category","embeddable":true,"href":"https:\/\/iwell-guard.com\/ca\/wp-json\/wp\/v2\/categories?post=171509"}],"curies":[{"name":"wp","href":"https:\/\/api.w.org\/{rel}","templated":true}]}}