{"id":171504,"date":"2026-09-05T15:39:55","date_gmt":"2026-09-05T15:39:55","guid":{"rendered":"https:\/\/iwell-guard.com\/?page_id=171504"},"modified":"2026-09-05T15:59:23","modified_gmt":"2026-09-05T15:59:23","slug":"nyx","status":"publish","type":"page","link":"https:\/\/iwell-guard.com\/ca\/nyx\/","title":{"rendered":"Nyx"},"content":{"rendered":"\t\t<div data-elementor-type=\"wp-page\" data-elementor-id=\"171504\" class=\"elementor elementor-171504 elementor-1965 elementor-bc-flex-widget\" data-elementor-post-type=\"page\">\n\t\t\t\t<div class=\"elementor-element elementor-element-10fdade e-flex e-con-boxed e-con e-parent\" data-id=\"10fdade\" data-element_type=\"container\" data-e-type=\"container\" data-settings=\"{&quot;background_background&quot;:&quot;classic&quot;}\">\n\t\t\t\t\t<div class=\"e-con-inner\">\n\t\t<div class=\"elementor-element elementor-element-herohlft0 e-flex e-con-boxed e-con e-child\" data-id=\"herohlft0\" data-element_type=\"container\" data-e-type=\"container\">\n\t\t\t\t\t<div class=\"e-con-inner\">\n\t\t<div class=\"elementor-element elementor-element-c3ceb64 e-con-full e-flex e-con e-child\" data-id=\"c3ceb64\" data-element_type=\"container\" data-e-type=\"container\">\n\t\t\t\t<div class=\"elementor-element elementor-element-96ae5e1 elementor-widget elementor-widget-heading\" data-id=\"96ae5e1\" data-element_type=\"widget\" data-e-type=\"widget\" data-widget_type=\"heading.default\">\n\t\t\t\t\t<h1 class=\"elementor-heading-title elementor-size-default\">Nyx, deessa de la tradici\u00f3 grega<\/h1>\t\t\t\t<\/div>\n\t\t\t\t<div class=\"elementor-element elementor-element-e45238a elementor-widget elementor-widget-text-editor\" data-id=\"e45238a\" data-element_type=\"widget\" data-e-type=\"widget\" data-widget_type=\"text-editor.default\">\n\t\t\t\t\t\t\t\t\t<p>Foscor origin\u00e0ria, mare de les personificacions, sobirana de totes les nits. Nyx \u00e9s una de les divinitats m\u00e9s antigues de la <span class=\"iwg-fachbegriff\" data-tooltip=\"El conjunt de relats mitol\u00f2gics transmesos d'una cultura.\" tabindex=\"0\">mitologia<\/span> grega, nascuda del Caos, sense descendre d&#8217;altres d\u00e9us.<\/p><p>Engendra innombrables fills: T\u00e0natos, Hipnos, les Er\u00ednies, les Hesp\u00e8rides. Nyx no \u00e9s una for\u00e7a maligna, sin\u00f3 el contrap\u00e8s necessari a la llum: sense ella no hi ha son, ni rep\u00f2s, ni renovaci\u00f3.<\/p>\t\t\t\t\t\t\t\t<\/div>\n\t\t\t\t<\/div>\n\t\t<div class=\"elementor-element elementor-element-klsbdg01 e-con-full e-flex e-con e-parent\" data-id=\"klsbdg01\" data-element_type=\"container\" data-e-type=\"container\">\n\t\t\t\t<div class=\"elementor-element elementor-element-klshtm01 elementor-widget elementor-widget-html\" data-id=\"klshtm01\" data-element_type=\"widget\" data-e-type=\"widget\" data-widget_type=\"html.default\">\n\t\t\t\t\t<div class=\"iwg-pill-row\"><span class=\"iwg-klasse-badge\" tabindex=\"0\" data-tooltip=\"D\u00e9u \/ Deessa: Poder suprem personificat en el pante\u00f3 d'una cultura, amb funcions clares: forces naturals, dest\u00ed, guerra, fertilitat. Venerat mitjan\u00e7ant cultes, ofrenes i institucions de temple.\">Deessa<\/span><a href=\"https:\/\/iwell-guard.com\/ca\/grecia\/\" class=\"iwg-kultur-badge\" tabindex=\"0\" data-tooltip=\"Religi\u00f3 i mitologia de la Gr\u00e8cia antiga, des de l'\u00e8poca mic\u00e8nica fins a l'antiguitat tardana.\">Gr\u00e8cia<\/a><\/div>\t\t\t\t<\/div>\n\t\t\t\t<\/div>\n\t\t<div class=\"elementor-element elementor-element-3f74855 e-con-full e-flex e-con e-child\" data-id=\"3f74855\" data-element_type=\"container\" data-e-type=\"container\">\n\t\t\t\t<div class=\"elementor-element elementor-element-1c30362 elementor-toc--minimized-on-tablet elementor-widget elementor-widget-table-of-contents\" data-id=\"1c30362\" data-element_type=\"widget\" data-e-type=\"widget\" data-settings=\"{&quot;exclude_headings_by_selector&quot;:[],&quot;no_headings_message&quot;:&quot;No s&#039;ha trobat cap encap\\u00e7alament en aquesta p\\u00e0gina.&quot;,&quot;headings_by_tags&quot;:[&quot;h2&quot;,&quot;h3&quot;],&quot;marker_view&quot;:&quot;bullets&quot;,&quot;minimize_box&quot;:&quot;yes&quot;,&quot;icon&quot;:{&quot;value&quot;:&quot;fas fa-circle&quot;,&quot;library&quot;:&quot;fa-solid&quot;,&quot;rendered_tag&quot;:&quot;&lt;svg class=\\&quot;e-font-icon-svg e-fas-circle\\&quot; viewBox=\\&quot;0 0 512 512\\&quot; xmlns=\\&quot;http:\\\/\\\/www.w3.org\\\/2000\\\/svg\\&quot;&gt;&lt;path d=\\&quot;M256 8C119 8 8 119 8 256s111 248 248 248 248-111 248-248S393 8 256 8z\\&quot;&gt;&lt;\\\/path&gt;&lt;\\\/svg&gt;&quot;},&quot;minimized_on&quot;:&quot;tablet&quot;,&quot;hierarchical_view&quot;:&quot;yes&quot;,&quot;min_height&quot;:{&quot;unit&quot;:&quot;px&quot;,&quot;size&quot;:&quot;&quot;,&quot;sizes&quot;:[]},&quot;min_height_tablet&quot;:{&quot;unit&quot;:&quot;px&quot;,&quot;size&quot;:&quot;&quot;,&quot;sizes&quot;:[]},&quot;min_height_mobile&quot;:{&quot;unit&quot;:&quot;px&quot;,&quot;size&quot;:&quot;&quot;,&quot;sizes&quot;:[]}}\" data-widget_type=\"table-of-contents.default\">\n\t\t\t\t\t\t\t\t\t<div class=\"elementor-toc__header\">\n\t\t\t\t\t\t<h2 class=\"elementor-toc__header-title\">\n\t\t\t\t\u00cdndex\t\t\t<\/h2>\n\t\t\t\t\t\t\t\t\t\t<div class=\"elementor-toc__toggle-button elementor-toc__toggle-button--expand\" role=\"button\" tabindex=\"0\" aria-controls=\"elementor-toc__1c30362\" aria-expanded=\"true\" aria-label=\"Open table of contents\"><svg aria-hidden=\"true\" class=\"e-font-icon-svg e-fas-chevron-down\" viewBox=\"0 0 448 512\" xmlns=\"http:\/\/www.w3.org\/2000\/svg\"><path d=\"M207.029 381.476L12.686 187.132c-9.373-9.373-9.373-24.569 0-33.941l22.667-22.667c9.357-9.357 24.522-9.375 33.901-.04L224 284.505l154.745-154.021c9.379-9.335 24.544-9.317 33.901.04l22.667 22.667c9.373 9.373 9.373 24.569 0 33.941L240.971 381.476c-9.373 9.372-24.569 9.372-33.942 0z\"><\/path><\/svg><\/div>\n\t\t\t\t<div class=\"elementor-toc__toggle-button elementor-toc__toggle-button--collapse\" role=\"button\" tabindex=\"0\" aria-controls=\"elementor-toc__1c30362\" aria-expanded=\"true\" aria-label=\"Close table of contents\"><svg aria-hidden=\"true\" class=\"e-font-icon-svg e-fas-chevron-up\" viewBox=\"0 0 448 512\" xmlns=\"http:\/\/www.w3.org\/2000\/svg\"><path d=\"M240.971 130.524l194.343 194.343c9.373 9.373 9.373 24.569 0 33.941l-22.667 22.667c-9.357 9.357-24.522 9.375-33.901.04L224 227.495 69.255 381.516c-9.379 9.335-24.544 9.317-33.901-.04l-22.667-22.667c-9.373-9.373-9.373-24.569 0-33.941L207.03 130.525c9.372-9.373 24.568-9.373 33.941-.001z\"><\/path><\/svg><\/div>\n\t\t\t\t\t<\/div>\n\t\t\t\t<div id=\"elementor-toc__1c30362\" class=\"elementor-toc__body\">\n\t\t\t<div class=\"elementor-toc__spinner-container\">\n\t\t\t\t<svg class=\"elementor-toc__spinner eicon-animation-spin e-font-icon-svg e-eicon-loading\" aria-hidden=\"true\" viewBox=\"0 0 1000 1000\" xmlns=\"http:\/\/www.w3.org\/2000\/svg\"><path d=\"M500 975V858C696 858 858 696 858 500S696 142 500 142 142 304 142 500H25C25 237 238 25 500 25S975 237 975 500 763 975 500 975Z\"><\/path><\/svg>\t\t\t<\/div>\n\t\t<\/div>\n\t\t\t\t\t\t<\/div>\n\t\t\t\t<\/div>\n\t\t\t\t\t<\/div>\n\t\t\t\t<\/div>\n\t\t<div class=\"elementor-element elementor-element-herorght0 e-con-full e-flex e-con e-child\" data-id=\"herorght0\" data-element_type=\"container\" data-e-type=\"container\">\n\t\t\t\t<div class=\"elementor-element elementor-element-heroimg00 iwg-hero-image elementor-widget elementor-widget-image\" data-id=\"heroimg00\" data-element_type=\"widget\" data-e-type=\"widget\" data-widget_type=\"image.default\">\n\t\t\t\t\t\t\t\t\t\t\t\t\t\t\t<img fetchpriority=\"high\" decoding=\"async\" width=\"683\" height=\"1024\" src=\"https:\/\/iwell-guard.com\/wp-content\/uploads\/2026\/04\/goetter_griechenland_nyx-683x1024.webp\" class=\"attachment-large size-large wp-image-173710\" alt=\"Nyx - d\u00e9us de la tradici\u00f3 grega, il\u00b7lustraci\u00f3 hist\u00f2rica\" srcset=\"https:\/\/iwell-guard.com\/wp-content\/uploads\/2026\/04\/goetter_griechenland_nyx-683x1024.webp 683w, https:\/\/iwell-guard.com\/wp-content\/uploads\/2026\/04\/goetter_griechenland_nyx-200x300.webp 200w, https:\/\/iwell-guard.com\/wp-content\/uploads\/2026\/04\/goetter_griechenland_nyx-768x1152.webp 768w, https:\/\/iwell-guard.com\/wp-content\/uploads\/2026\/04\/goetter_griechenland_nyx.webp 1024w\" sizes=\"(max-width: 683px) 100vw, 683px\" \/>\t\t\t\t\t\t\t\t\t\t\t\t\t\t\t<\/div>\n\t\t\t\t<\/div>\n\t\t\t\t\t<\/div>\n\t\t\t\t<\/div>\n\t\t<div class=\"elementor-element elementor-element-32917199 e-flex e-con-boxed e-con e-parent\" data-id=\"32917199\" data-element_type=\"container\" data-e-type=\"container\">\n\t\t\t\t\t<div class=\"e-con-inner\">\n\t\t<div class=\"elementor-element elementor-element-26e916cb e-flex e-con-boxed e-con e-child\" data-id=\"26e916cb\" data-element_type=\"container\" data-e-type=\"container\">\n\t\t\t\t\t<div class=\"e-con-inner\">\n\t\t<div class=\"elementor-element elementor-element-253a40d4 e-flex e-con-boxed e-con e-child\" data-id=\"253a40d4\" data-element_type=\"container\" data-e-type=\"container\">\n\t\t\t\t\t<div class=\"e-con-inner\">\n\t\t\t\t<div class=\"elementor-element elementor-element-1200c304 elementor-widget elementor-widget-heading\" data-id=\"1200c304\" data-element_type=\"widget\" data-e-type=\"widget\" data-widget_type=\"heading.default\">\n\t\t\t\t\t<h2 class=\"elementor-heading-title elementor-size-default\">Nyx<\/h2>\t\t\t\t<\/div>\n\t\t\t\t\t<\/div>\n\t\t\t\t<\/div>\n\t\t<div class=\"elementor-element elementor-element-159dcf9a e-flex e-con-boxed e-con e-child\" data-id=\"159dcf9a\" data-element_type=\"container\" data-e-type=\"container\">\n\t\t\t\t\t<div class=\"e-con-inner\">\n\t\t\t\t<div class=\"elementor-element elementor-element-48cee66f elementor-widget elementor-widget-heading\" data-id=\"48cee66f\" data-element_type=\"widget\" data-e-type=\"widget\" data-widget_type=\"heading.default\">\n\t\t\t\t\t<h2 class=\"elementor-heading-title elementor-size-default\">Resum: Nyx<\/h2>\t\t\t\t<\/div>\n\t\t\t\t<div class=\"elementor-element elementor-element-3f50d82c elementor-widget elementor-widget-text-editor\" data-id=\"3f50d82c\" data-element_type=\"widget\" data-e-type=\"widget\" data-widget_type=\"text-editor.default\">\n\t\t\t\t\t\t\t\t\t<p><strong>Tipus:<\/strong> Deessa primordial (creadora origin\u00e0ria)<br><strong>Tradici\u00f3:<\/strong> <span class=\"iwg-fachbegriff\" data-tooltip=\"El conjunt de relats mitol\u00f2gics transmesos d'una cultura.\" tabindex=\"0\">Mitologia<\/span> grega (Hes\u00edode, cosmogonia \u00f2rfica)<br><strong>Classe:<\/strong> Tit\u00e0\/D\u00e9u primordial<br><strong>Rol:<\/strong> Deessa de la nit, creadora del Caos i del Cosmos<br><strong>Fonts:<\/strong> Teogonia d&#8217;Hes\u00edode, Himnes \u00f2rfics, Plat\u00f3, Plutarc<br><strong>\u00c0mbit d&#8217;actuaci\u00f3:<\/strong> Nit, foscor, inconscient, mort, naixements<br><strong>Conflicte principal:<\/strong> Caos contra Cosmos, ocult contra manifest<\/p>\t\t\t\t\t\t\t\t<\/div>\n\t\t\t\t\t<\/div>\n\t\t\t\t<\/div>\n\t\t\t\t\t<\/div>\n\t\t\t\t<\/div>\n\t\t\t\t\t<\/div>\n\t\t\t\t<\/div>\n\t\t<div class=\"elementor-element elementor-element-18613602 e-flex e-con-boxed e-con e-parent\" data-id=\"18613602\" data-element_type=\"container\" data-e-type=\"container\">\n\t\t\t\t\t<div class=\"e-con-inner\">\n\t\t\t\t<div class=\"elementor-element elementor-element-262b8a9f elementor-widget elementor-widget-heading\" data-id=\"262b8a9f\" data-element_type=\"widget\" data-e-type=\"widget\" data-widget_type=\"heading.default\">\n\t\t\t\t\t<h2 class=\"elementor-heading-title elementor-size-default\">Contextualitzaci\u00f3 hist\u00f2rica<\/h2>\t\t\t\t<\/div>\n\t\t<div class=\"elementor-element elementor-element-46dcb7d e-con-full e-flex e-con e-child\" data-id=\"46dcb7d\" data-element_type=\"container\" data-e-type=\"container\">\n\t\t<div class=\"elementor-element elementor-element-61d3ab3 e-flex e-con-boxed e-con e-child\" data-id=\"61d3ab3\" data-element_type=\"container\" data-e-type=\"container\">\n\t\t\t\t\t<div class=\"e-con-inner\">\n\t\t\t\t<div class=\"elementor-element elementor-element-117c166 elementor-widget elementor-widget-heading\" data-id=\"117c166\" data-element_type=\"widget\" data-e-type=\"widget\" data-widget_type=\"heading.default\">\n\t\t\t\t\t<h3 class=\"elementor-heading-title elementor-size-default\">Per\u00edode dels textos<\/h3>\t\t\t\t<\/div>\n\t\t\t\t<div class=\"elementor-element elementor-element-73997a0 elementor-widget elementor-widget-text-editor\" data-id=\"73997a0\" data-element_type=\"widget\" data-e-type=\"widget\" data-widget_type=\"text-editor.default\">\n\t\t\t\t\t\t\t\t\t<p>Els textos determinants sobre Nyx provenen de l&#8217;\u00e8poca arcaica: la Teogonia d&#8217;Hes\u00edode se sol datar cap al 700 abans de Crist, i els poemes hom\u00e8rics al final del segle vuit\u00e8 o al segle set\u00e8 abans de Crist.<\/p><p>Les composicions \u00f2rfiques, que atorguen a Nyx un paper destacat, es transmeten en capes des del segle sis\u00e8 abans de Crist fins a l&#8217;\u00e8poca imperial. Autors posteriors com Paus\u00e0nies, al segle segon despr\u00e9s de Crist, afegeixen algunes not\u00edcies soltes sobre el culte i la tradici\u00f3 iconogr\u00e0fica.<\/p><h3>Classificaci\u00f3 mitol\u00f2gica<\/h3><p>Nyx, la deessa de la nit, \u00e9s una de les divinitats m\u00e9s antigues i prim\u00e0ries de la cosmogonia grega: prov\u00e9 directament del Caos i \u00e9s una for\u00e7a primordial, no generada per altres d\u00e9us. \u00c9s m\u00e9s antiga que el mateix Zeus, que fins i tot la tem.<\/p><p>La seva genealogia \u00e9s descomunal: va engendrar tota sola, sense parella masculina, els fills de la foscor: Erebos (Tenebra), T\u00e0natos (Mort), Hipnos (Son), Eris (Disc\u00f2rdia), N\u00e8mesi (Venjan\u00e7a) i molts altres.<\/p><p>Aquests fills encarnen tots els aspectes negatius i necessaris de l&#8217;exist\u00e8ncia. Nyx no representa el mal, sin\u00f3 el desconegut, l&#8217;ocult, l&#8217;inconscient, aquell \u00e0mbit d&#8217;on tot prov\u00e9 i cap on tot retorna.<\/p>\t\t\t\t\t\t\t\t<\/div>\n\t\t\t\t\t<\/div>\n\t\t\t\t<\/div>\n\t\t<div class=\"elementor-element elementor-element-d47b156 e-flex e-con-boxed e-con e-child\" data-id=\"d47b156\" data-element_type=\"container\" data-e-type=\"container\">\n\t\t\t\t\t<div class=\"e-con-inner\">\n\t\t\t\t<div class=\"elementor-element elementor-element-ff38c2b elementor-widget elementor-widget-heading\" data-id=\"ff38c2b\" data-element_type=\"widget\" data-e-type=\"widget\" data-widget_type=\"heading.default\">\n\t\t\t\t\t<h3 class=\"elementor-heading-title elementor-size-default\">\u00c0rea de difusi\u00f3<\/h3>\t\t\t\t<\/div>\n\t\t\t\t<div class=\"elementor-element elementor-element-4e49fcc elementor-widget elementor-widget-text-editor\" data-id=\"4e49fcc\" data-element_type=\"widget\" data-e-type=\"widget\" data-widget_type=\"text-editor.default\">\n\t\t\t\t\t\t\t\t\t<p>Nyx forma part del patrimoni div\u00ed panhel\u00b7l\u00e8nic i no es limita a una regi\u00f3 concreta. El seu testimoni m\u00e9s important es troba en la poesia be\u00f2cia d&#8217;Hes\u00edode, i tamb\u00e9 apareix en la literatura \u00e8pica i \u00f2rfica de tot l&#8217;\u00e0mbit grec. Paus\u00e0nies esmenta un oracle de la Nit a M\u00e8gara; en canvi, tot i aix\u00f2, gaireb\u00e9 no es documenten temples propis dedicats a Nyx.<\/p>\t\t\t\t\t\t\t\t<\/div>\n\t\t\t\t\t<\/div>\n\t\t\t\t<\/div>\n\t\t\t\t<\/div>\n\t\t<div class=\"elementor-element elementor-element-db03c39 e-con-full e-flex e-con e-child\" data-id=\"db03c39\" data-element_type=\"container\" data-e-type=\"container\">\n\t\t<div class=\"elementor-element elementor-element-229a87b e-flex e-con-boxed e-con e-child\" data-id=\"229a87b\" data-element_type=\"container\" data-e-type=\"container\">\n\t\t\t\t\t<div class=\"e-con-inner\">\n\t\t\t\t<div class=\"elementor-element elementor-element-1f471fc elementor-widget elementor-widget-heading\" data-id=\"1f471fc\" data-element_type=\"widget\" data-e-type=\"widget\" data-widget_type=\"heading.default\">\n\t\t\t\t\t<h3 class=\"elementor-heading-title elementor-size-default\">Estat de les fonts<\/h3>\t\t\t\t<\/div>\n\t\t\t\t<div class=\"elementor-element elementor-element-36b1201 elementor-widget elementor-widget-text-editor\" data-id=\"36b1201\" data-element_type=\"widget\" data-e-type=\"widget\" data-widget_type=\"text-editor.default\">\n\t\t\t\t\t\t\t\t\t<p>La font central sobre Nyx \u00e9s la Teogonia d&#8217;Hes\u00edode, que la fa sorgir com un dels primers \u00e9ssers del Caos i enumera els seus nombrosos fills, entre ells Hipnos, T\u00e0natos i les Moires.<\/p><p>Homer esmenta a la Il\u00edada que fins i tot Zeus tem la Nit i no vol contrariar-la. En les composicions \u00f2rfiques, Nyx assoleix una posici\u00f3 encara m\u00e9s rellevant i hi \u00e9s considerada una pot\u00e8ncia origin\u00e0ria i consellera dels d\u00e9us.<\/p>\t\t\t\t\t\t\t\t<\/div>\n\t\t\t\t\t<\/div>\n\t\t\t\t<\/div>\n\t\t\t\t<\/div>\n\t\t\t\t\t<\/div>\n\t\t\t\t<\/div>\n\t\t<div class=\"elementor-element elementor-element-3ae0637c e-flex e-con-boxed e-con e-parent\" data-id=\"3ae0637c\" data-element_type=\"container\" data-e-type=\"container\">\n\t\t\t\t\t<div class=\"e-con-inner\">\n\t\t\t\t<div class=\"elementor-element elementor-element-31d07739 elementor-widget elementor-widget-heading\" data-id=\"31d07739\" data-element_type=\"widget\" data-e-type=\"widget\" data-widget_type=\"heading.default\">\n\t\t\t\t\t<h2 class=\"elementor-heading-title elementor-size-default\">Nom i variants<\/h2>\t\t\t\t<\/div>\n\t\t<div class=\"elementor-element elementor-element-b7642947 e-con-full e-flex e-con e-child\" data-id=\"b7642947\" data-element_type=\"container\" data-e-type=\"container\">\n\t\t\t\t<div class=\"elementor-element elementor-element-a086266 elementor-widget elementor-widget-text-editor\" data-id=\"a086266\" data-element_type=\"widget\" data-e-type=\"widget\" data-widget_type=\"text-editor.default\">\n\t\t\t\t\t\t\t\t\t<p>Nyx es representa com una dona negra i majestuosa, sovint amb les ales esteses que cobreixen el cel. Els seus s\u00edmbols s\u00f3n la corona d&#8217;estrelles, la mateixa nit negra i, de vegades, una ll\u00e0ntia d&#8217;oli o una torxa (la nit \u00e9s l&#8217;abs\u00e8ncia de llum).<\/p><p>En algunes representacions travessa el cel en un carro negre, imatge oposada al carro daurat del sol d&#8217;H\u00e8lios. Vesteix amb robes fosques i vaporoses.<\/p>\t\t\t\t\t\t\t\t<\/div>\n\t\t\t\t<\/div>\n\t\t\t\t\t<\/div>\n\t\t\t\t<\/div>\n\t\t<div class=\"elementor-element elementor-element-709a44a8 e-flex e-con-boxed e-con e-parent\" data-id=\"709a44a8\" data-element_type=\"container\" data-e-type=\"container\">\n\t\t\t\t\t<div class=\"e-con-inner\">\n\t\t\t\t<div class=\"elementor-element elementor-element-2f585873 elementor-widget elementor-widget-heading\" data-id=\"2f585873\" data-element_type=\"widget\" data-e-type=\"widget\" data-widget_type=\"heading.default\">\n\t\t\t\t\t<h2 class=\"elementor-heading-title elementor-size-default\">Trets caracter\u00edstics<\/h2>\t\t\t\t<\/div>\n\t\t<div class=\"elementor-element elementor-element-70621c12 e-con-full e-flex e-con e-child\" data-id=\"70621c12\" data-element_type=\"container\" data-e-type=\"container\">\n\t\t\t\t<div class=\"elementor-element elementor-element-4296eb49 elementor-widget elementor-widget-text-editor\" data-id=\"4296eb49\" data-element_type=\"widget\" data-e-type=\"widget\" data-widget_type=\"text-editor.default\">\n\t\t\t\t\t\t\t\t\t<p>Nyx no \u00e9s objecte de temples ni de grans rituals, per\u00f2 \u00e9s reconeguda arreu. Mags i endevins l&#8217;invoquen, perqu\u00e8 la nit \u00e9s el temps del coneixement: somnis i <span class=\"iwg-fachbegriff\" data-tooltip=\"Un lloc o instituci\u00f3 on es demana un missatge div\u00ed.\" tabindex=\"0\">oracles<\/span>, el saber ocult es revela en el seu domini.<\/p><p>Se l&#8217;esmenta amb respecte quan la gent se&#8217;n va a dormir. Tamb\u00e9 \u00e9s protectora de qui viatja o treballa de nit. La seva veneraci\u00f3 \u00e9s discreta i privada, no p\u00fablica i festiva com la d&#8217;altres divinitats. Encarna la foscor necess\u00e0ria, sense la qual no hi ha vida.<\/p><h3>Aparen\u00e7a i simbolisme<\/h3><p>Nyx es representa com una dona digna i majestuosa, sovint amb un vestit fosc, amb estrelles al cabell o damunt la seva figura. De vegades porta una lluna creixent o \u00e9s arrossegada per cavalls foscos o mussols, animals de la nit. L&#8217;estrella i la lluna s\u00f3n els seus atributs, igual que la rosella i els ocells negres <span class=\"iwg-fachbegriff\" data-tooltip=\"Ofrena a una divinitat per expressar gratitud, petici\u00f3 o veneraci\u00f3.\" tabindex=\"0\">d&#8217;ofrena<\/span>.<\/p><p>El seu color \u00e9s el negre m\u00e9s profund, el color del desconegut, no del mal. A difer\u00e8ncia dels d\u00e9us masculins, Nyx es representa com a andr\u00f2gina o femenina-poderosa, imposant m\u00e9s que sexualitzada. \u00c9s m\u00e9s antiga que el llenguatge; la seva proximitat \u00e9s indescriptible.<\/p>\t\t\t\t\t\t\t\t<\/div>\n\t\t\t\t<\/div>\n\t\t\t\t\t<\/div>\n\t\t\t\t<\/div>\n\t\t<div class=\"elementor-element elementor-element-44e71476 e-flex e-con-boxed e-con e-parent\" data-id=\"44e71476\" data-element_type=\"container\" data-e-type=\"container\">\n\t\t\t\t\t<div class=\"e-con-inner\">\n\t\t\t\t<div class=\"elementor-element elementor-element-3c1fc3f0 elementor-widget elementor-widget-heading\" data-id=\"3c1fc3f0\" data-element_type=\"widget\" data-e-type=\"widget\" data-widget_type=\"heading.default\">\n\t\t\t\t\t<h2 class=\"elementor-heading-title elementor-size-default\">Fitxa: Nyx<\/h2>\t\t\t\t<\/div>\n\t\t<div class=\"elementor-element elementor-element-84f33b8e e-con-full e-flex e-con e-child\" data-id=\"84f33b8e\" data-element_type=\"container\" data-e-type=\"container\">\n\t\t\t\t<div class=\"elementor-element elementor-element-hqkdc67p elementor-widget elementor-widget-text-editor\" data-id=\"hqkdc67p\" data-element_type=\"widget\" data-e-type=\"widget\" data-widget_type=\"text-editor.default\">\n\t\t\t\t\t\t\t\t\t<p>Nyx (en grec \u039d\u03cd\u03be, \u00abnit\u00bb; equivalent romana Nox) \u00e9s una de les divinitats primordials de la <span class=\"iwg-fachbegriff\" data-tooltip=\"El conjunt de relats mitol\u00f2gics transmesos d'una cultura.\" tabindex=\"0\">mitologia<\/span> grega. Segons la Teogonia d&#8217;Hes\u00edode, va sorgir directament del Caos i, per tant, pertany als primers \u00e9ssers de la formaci\u00f3 del m\u00f3n. El seu \u00e0mbit d&#8217;actuaci\u00f3 \u00e9s la nit en tota la seva profunditat: la foscor, l&#8217;ocultaci\u00f3 i l&#8217;origen.<\/p><p>D&#8217;ella van n\u00e9ixer nombroses personificacions, entre elles Hipnos (el Son), T\u00e0natos (la Mort), les Moires, N\u00e8mesi i Eris. Es representa vestida de fosc i sembrada d&#8217;estrelles, vetllada, de vegades alada o damunt un carro. La <span class=\"iwg-fachbegriff\" data-tooltip=\"La transmissi\u00f3 de coneixements i relats al llarg de generacions.\" tabindex=\"0\">tradici\u00f3<\/span> li atribueix una dignitat especial: segons la Il\u00edada d&#8217;Homer, fins i tot Zeus va evitar irritar Nyx.<\/p>\t\t\t\t\t\t\t\t<\/div>\n\t\t\t\t<\/div>\n\t\t<div class=\"elementor-element elementor-element-pemmx7c5 e-con-full e-flex e-con e-child\" data-id=\"pemmx7c5\" data-element_type=\"container\" data-e-type=\"container\">\n\t\t<div class=\"elementor-element elementor-element-pemmx7c1 e-con-full e-flex e-con e-child\" data-id=\"pemmx7c1\" data-element_type=\"container\" data-e-type=\"container\">\n\t\t<div class=\"elementor-element elementor-element-qh9oavvu iwg-steckbrief-card e-flex e-con-boxed e-con e-child\" data-id=\"qh9oavvu\" data-element_type=\"container\" data-e-type=\"container\">\n\t\t\t\t\t<div class=\"e-con-inner\">\n\t\t\t\t<div class=\"elementor-element elementor-element-awzx8k2k elementor-widget elementor-widget-heading\" data-id=\"awzx8k2k\" data-element_type=\"widget\" data-e-type=\"widget\" data-widget_type=\"heading.default\">\n\t\t\t\t\t<div class=\"elementor-heading-title elementor-size-default\">L'origen de Nyx<\/div>\t\t\t\t<\/div>\n\t\t\t\t<div class=\"elementor-element elementor-element-x6rowhv0 elementor-widget elementor-widget-text-editor\" data-id=\"x6rowhv0\" data-element_type=\"widget\" data-e-type=\"widget\" data-widget_type=\"text-editor.default\">\n\t\t\t\t\t\t\t\t\t<p><strong>Genealogia:<\/strong> A la Teogonia d&#8217;Hes\u00edode, una de les entitats m\u00e9s antigues sorgides del Caos. No \u00e9s filla d&#8217;una altra deessa, sin\u00f3 una for\u00e7a origin\u00e0ria. Mare d&#8217;Hipnos (el Son), T\u00e0natos (la Mort), N\u00e8mesi, les Er\u00ednies, Caront i molts altres \u00e9ssers de la foscor. Tradici\u00f3 \u00f2rfica: Nyx i Erebos (les Tenebres) engendren \u00c8ter (el Cel) i H\u00e8mera (el Dia).<\/p>\t\t\t\t\t\t\t\t<\/div>\n\t\t\t\t\t<\/div>\n\t\t\t\t<\/div>\n\t\t<div class=\"elementor-element elementor-element-8e3o4kxs iwg-steckbrief-card e-flex e-con-boxed e-con e-child\" data-id=\"8e3o4kxs\" data-element_type=\"container\" data-e-type=\"container\">\n\t\t\t\t\t<div class=\"e-con-inner\">\n\t\t\t\t<div class=\"elementor-element elementor-element-08rkdgov elementor-widget elementor-widget-heading\" data-id=\"08rkdgov\" data-element_type=\"widget\" data-e-type=\"widget\" data-widget_type=\"heading.default\">\n\t\t\t\t\t<div class=\"elementor-heading-title elementor-size-default\">Destinataris de Nyx<\/div>\t\t\t\t<\/div>\n\t\t\t\t<div class=\"elementor-element elementor-element-uwjelx8s elementor-widget elementor-widget-text-editor\" data-id=\"uwjelx8s\" data-element_type=\"widget\" data-e-type=\"widget\" data-widget_type=\"text-editor.default\">\n\t\t\t\t\t\t\t\t\t<p><strong>Funci\u00f3:<\/strong> No \u00e9s nom\u00e9s la \u00abnit\u00bb com a fenomen, sin\u00f3 una for\u00e7a c\u00f2smica i psicol\u00f2gica. Representa l&#8217;inconscient, l&#8217;ocult, els l\u00edmits del coneixement hum\u00e0 i la regeneraci\u00f3 a trav\u00e9s del rep\u00f2s. Mare de tots els qui actuen en la foscor: somnis, malediccions, curacions, esperits. <br><strong>Destinataris:<\/strong> treballadors nocturns, artistes, poetes, mags, difunts.<\/p>\t\t\t\t\t\t\t\t<\/div>\n\t\t\t\t\t<\/div>\n\t\t\t\t<\/div>\n\t\t<div class=\"elementor-element elementor-element-jm2n74ec iwg-steckbrief-card e-flex e-con-boxed e-con e-child\" data-id=\"jm2n74ec\" data-element_type=\"container\" data-e-type=\"container\">\n\t\t\t\t\t<div class=\"e-con-inner\">\n\t\t\t\t<div class=\"elementor-element elementor-element-8vufse4c elementor-widget elementor-widget-heading\" data-id=\"8vufse4c\" data-element_type=\"widget\" data-e-type=\"widget\" data-widget_type=\"heading.default\">\n\t\t\t\t\t<div class=\"elementor-heading-title elementor-size-default\">Aparen\u00e7a de Nyx<\/div>\t\t\t\t<\/div>\n\t\t\t\t<div class=\"elementor-element elementor-element-mwb9u015 elementor-widget elementor-widget-text-editor\" data-id=\"mwb9u015\" data-element_type=\"widget\" data-e-type=\"widget\" data-widget_type=\"text-editor.default\">\n\t\t\t\t\t\t\t\t\t<p><strong>Aparen\u00e7a:<\/strong> Generalment una dona fosca i embolcallada, vestida amb un mantell negre, sovint brodat amb estrelles. De vegades porta una diadema de mitja lluna o un vel (que simbolitza una revelaci\u00f3 incompleta). M\u00e9s tard: ales semblants a les d&#8217;Hipnos i T\u00e0natos. Se la representa amb els seus fills. El color negre o violeta intens \u00e9s <span class=\"iwg-fachbegriff\" data-tooltip=\"Un signe que representa una idea o un significat.\" tabindex=\"0\">s\u00edmbol<\/span>, estrella i foscor alhora.<\/p>\t\t\t\t\t\t\t\t<\/div>\n\t\t\t\t\t<\/div>\n\t\t\t\t<\/div>\n\t\t\t\t<\/div>\n\t\t<div class=\"elementor-element elementor-element-pemmx7c2 e-con-full e-flex e-con e-child\" data-id=\"pemmx7c2\" data-element_type=\"container\" data-e-type=\"container\">\n\t\t<div class=\"elementor-element elementor-element-37ss2yr6 iwg-steckbrief-card e-flex e-con-boxed e-con e-child\" data-id=\"37ss2yr6\" data-element_type=\"container\" data-e-type=\"container\">\n\t\t\t\t\t<div class=\"e-con-inner\">\n\t\t\t\t<div class=\"elementor-element elementor-element-3v0wp3wx elementor-widget elementor-widget-heading\" data-id=\"3v0wp3wx\" data-element_type=\"widget\" data-e-type=\"widget\" data-widget_type=\"heading.default\">\n\t\t\t\t\t<div class=\"elementor-heading-title elementor-size-default\">Poder de Nyx<\/div>\t\t\t\t<\/div>\n\t\t\t\t<div class=\"elementor-element elementor-element-w3247g2m elementor-widget elementor-widget-text-editor\" data-id=\"w3247g2m\" data-element_type=\"widget\" data-e-type=\"widget\" data-widget_type=\"text-editor.default\">\n\t\t\t\t\t\t\t\t\t<p><strong>Poder m\u00edtic:<\/strong> Tan poderosa que fins i tot Zeus la respecta; a la Il\u00edada d&#8217;Homer, Zeus li t\u00e9 por i no s&#8217;atreveix a ofendre-la. For\u00e7a primordial per damunt de l&#8217;ordre ol\u00edmpic. Nyx engendra les Er\u00ednies com a esperits venjatius despr\u00e9s de la castraci\u00f3 de Cronos. Mare de la Disc\u00f2rdia i la Desharmonia (Eris), que sembra la disputa entre els homes.<\/p>\t\t\t\t\t\t\t\t<\/div>\n\t\t\t\t\t<\/div>\n\t\t\t\t<\/div>\n\t\t<div class=\"elementor-element elementor-element-0qpjal9w iwg-steckbrief-card e-flex e-con-boxed e-con e-child\" data-id=\"0qpjal9w\" data-element_type=\"container\" data-e-type=\"container\">\n\t\t\t\t\t<div class=\"e-con-inner\">\n\t\t\t\t<div class=\"elementor-element elementor-element-6ndoih0o elementor-widget elementor-widget-heading\" data-id=\"6ndoih0o\" data-element_type=\"widget\" data-e-type=\"widget\" data-widget_type=\"heading.default\">\n\t\t\t\t\t<div class=\"elementor-heading-title elementor-size-default\">Defensa contra Nyx<\/div>\t\t\t\t<\/div>\n\t\t\t\t<div class=\"elementor-element elementor-element-6684tyh9 elementor-widget elementor-widget-text-editor\" data-id=\"6684tyh9\" data-element_type=\"widget\" data-e-type=\"widget\" data-widget_type=\"text-editor.default\">\n\t\t\t\t\t\t\t\t\t<p>La tradici\u00f3 antiga no coneix cap pr\u00e0ctica pr\u00f2pia de defensa contra Nyx, ja que se la considerava una for\u00e7a c\u00f2smica primordial a la qual no es podia fer front, i mai una dimoniessa.<\/p><p>\u00c9s reveladora l&#8217;escena de la Il\u00edada en qu\u00e8 Hipnos explica que Zeus, per respecte a la Nit, va abandonar la seva ira. Els grecs afrontaven els perills de la foscor invocant divinitats protectores com H\u00e8cate o Apol\u00b7lo. No coneixien cap mitj\u00e0 contra Nyx mateixa.<\/p>\t\t\t\t\t\t\t\t<\/div>\n\t\t\t\t\t<\/div>\n\t\t\t\t<\/div>\n\t\t<div class=\"elementor-element elementor-element-3lfi7x32 iwg-steckbrief-card e-flex e-con-boxed e-con e-child\" data-id=\"3lfi7x32\" data-element_type=\"container\" data-e-type=\"container\">\n\t\t\t\t\t<div class=\"e-con-inner\">\n\t\t\t\t<div class=\"elementor-element elementor-element-0kg99ga1 elementor-widget elementor-widget-heading\" data-id=\"0kg99ga1\" data-element_type=\"widget\" data-e-type=\"widget\" data-widget_type=\"heading.default\">\n\t\t\t\t\t<div class=\"elementor-heading-title elementor-size-default\">Paral\u00b7lels de Nyx<\/div>\t\t\t\t<\/div>\n\t\t\t\t<div class=\"elementor-element elementor-element-n0fum6kp elementor-widget elementor-widget-text-editor\" data-id=\"n0fum6kp\" data-element_type=\"widget\" data-e-type=\"widget\" data-widget_type=\"text-editor.default\">\n\t\t\t\t\t\t\t\t\t<p>Com a personificaci\u00f3 de la nit, Nyx t\u00e9 correspond\u00e8ncies en moltes mitologies. Els romans la van adoptar gaireb\u00e9 sense canvis com a Nox; en la tradici\u00f3 v\u00e8dica de l&#8217;\u00cdndia li correspon la deessa Ratri, a qui els himnes del Rigveda dediquen una invocaci\u00f3 pr\u00f2pia.<\/p><p>Tamb\u00e9 la deessa celeste eg\u00edpcia Nut, que cada vespre engoleix el sol, s&#8217;assembla en la seva funci\u00f3 a la deessa grega de la nit, tot i no tenir-hi parentiu.<\/p>\t\t\t\t\t\t\t\t<\/div>\n\t\t\t\t\t<\/div>\n\t\t\t\t<\/div>\n\t\t\t\t<\/div>\n\t\t\t\t<\/div>\n\t\t\t\t\t<\/div>\n\t\t\t\t<\/div>\n\t\t<div class=\"elementor-element elementor-element-7533bc7a e-flex e-con-boxed e-con e-parent\" data-id=\"7533bc7a\" data-element_type=\"container\" data-e-type=\"container\">\n\t\t\t\t\t<div class=\"e-con-inner\">\n\t\t\t\t<div class=\"elementor-element elementor-element-2447d18d elementor-widget elementor-widget-heading\" data-id=\"2447d18d\" data-element_type=\"widget\" data-e-type=\"widget\" data-widget_type=\"heading.default\">\n\t\t\t\t\t<h2 class=\"elementor-heading-title elementor-size-default\">Defensa pr\u00e0ctica<\/h2>\t\t\t\t<\/div>\n\t\t<div class=\"elementor-element elementor-element-d5d0260c e-con-full e-flex e-con e-child\" data-id=\"d5d0260c\" data-element_type=\"container\" data-e-type=\"container\">\n\t\t\t\t<div class=\"elementor-element elementor-element-341be2ac elementor-widget elementor-widget-text-editor\" data-id=\"341be2ac\" data-element_type=\"widget\" data-e-type=\"widget\" data-widget_type=\"text-editor.default\">\n\t\t\t\t\t\t\t\t\t<h3>Rituals de veneraci\u00f3<\/h3><p>Nyx era venerada en rituals nocturns, especialment en santuaris de Dem\u00e8ter com Eleusis, on la nit es considerava <span class=\"iwg-fachbegriff\" data-tooltip=\"Pertanyent al div\u00ed i, per tant, excl\u00f2s de l'\u00fas quotidi\u00e0.\" tabindex=\"0\">sagrada<\/span>, amb els grans misteris celebrats de nit. Les dones feien vig\u00edlies nocturnes per invocar Nyx en demanda de protecci\u00f3, curaci\u00f3 i il\u00b7luminaci\u00f3. En les pr\u00e0ctiques m\u00e0giques, les operacions nocturnes (rituals despr\u00e9s de la posta de sol) es <span class=\"iwg-fachbegriff\" data-tooltip=\"Lliurat al sagrat mitjan\u00e7ant un acte religi\u00f3s i, per tant, apartat de l'\u00fas quotidi\u00e0.\" tabindex=\"0\">consagraven<\/span> a Nyx.<\/p><h3>Conjurs i invocacions<\/h3><p>L&#8217;himne \u00f2rfic 3 \u00e9s la f\u00f3rmula d&#8217;invocaci\u00f3 central: \u00abEscolta&#8217;m, nit sagrada, mare fosca, eterna sobirana dels estels&#8230;\u00bb. Papirs m\u00e0gics d&#8217;Egipte: invocacions a Nyx per als somnis i la curaci\u00f3. Els conjurs durant els eclipsis de lluna eren especialment potents.<\/p><h3>Amulets i s\u00edmbols de protecci\u00f3<\/h3><p><span class=\"iwg-fachbegriff\" data-tooltip=\"Un objecte portat al qual s'atribueix un efecte protector o preventiu contra el mal.\" tabindex=\"0\">Amulet<\/span> nocturn (pedra negra amb estrelles gravades). La pedra estrella (\u03bc\u03b5\u03bb\u03ac\u03bd \u1f04\u03c3\u03c4\u03c1\u03bf\u03bd) es considerava una protecci\u00f3 de Nyx. La pedra lluna com a canal cap a Nyx. En les llars es mantenien altars de Nyx amb espelmes negres i herbes nocturnes, especialment a les cases d&#8217;artistes i escriptors.<\/p>\t\t\t\t\t\t\t\t<\/div>\n\t\t\t\t<\/div>\n\t\t\t\t\t<\/div>\n\t\t\t\t<\/div>\n\t\t<div class=\"elementor-element elementor-element-5a584676 e-flex e-con-boxed e-con e-parent\" data-id=\"5a584676\" data-element_type=\"container\" data-e-type=\"container\">\n\t\t\t\t\t<div class=\"e-con-inner\">\n\t\t\t\t<div class=\"elementor-element elementor-element-6d0757bf elementor-widget elementor-widget-heading\" data-id=\"6d0757bf\" data-element_type=\"widget\" data-e-type=\"widget\" data-widget_type=\"heading.default\">\n\t\t\t\t\t<h2 class=\"elementor-heading-title elementor-size-default\">Nyx, paral\u00b7lels en altres cultures<\/h2>\t\t\t\t<\/div>\n\t\t<div class=\"elementor-element elementor-element-60563f68 e-con-full e-flex e-con e-child\" data-id=\"60563f68\" data-element_type=\"container\" data-e-type=\"container\">\n\t\t\t\t<div class=\"elementor-element elementor-element-5a93fdd6 elementor-widget elementor-widget-text-editor\" data-id=\"5a93fdd6\" data-element_type=\"widget\" data-e-type=\"widget\" data-widget_type=\"text-editor.default\">\n\t\t\t\t\t\t\t\t\t<p>Deesses i d\u00e9us nocturns semblants es troben a tot arreu: H\u00e8cate (Gr\u00e8cia, despr\u00e9s com a deessa de la nit), Hel (Germ\u00e0nia), Nut (Egipte). En les tradicions \u00edndies, Ratri (la Nit) \u00e9s una for\u00e7a igualment fonamental i necess\u00e0ria. Nyx es distingeix d&#8217;H\u00e8cate perqu\u00e8 ella <em>\u00e9s<\/em> la nit mateixa, sense intervenir activament en la <span class=\"iwg-fachbegriff\" data-tooltip=\"Pr\u00e0ctiques que pretenen intervenir en el curs de les coses mitjan\u00e7ant actes o f\u00f3rmules especials.\" tabindex=\"0\">m\u00e0gia<\/span>. \u00c9s una for\u00e7a c\u00f2smica fonamental, no una deessa amb una agenda personal.<\/p>\t\t\t\t\t\t\t\t<\/div>\n\t\t\t\t<\/div>\n\t\t\t\t\t<\/div>\n\t\t\t\t<\/div>\n\t\t<div class=\"elementor-element elementor-element-cpb31ae38 e-flex e-con-boxed e-con e-parent\" data-id=\"cpb31ae38\" data-element_type=\"container\" data-e-type=\"container\">\n\t\t\t\t\t<div class=\"e-con-inner\">\n\t\t\t\t<div class=\"elementor-element elementor-element-cp92cca58 elementor-widget elementor-widget-heading\" data-id=\"cp92cca58\" data-element_type=\"widget\" data-e-type=\"widget\" data-widget_type=\"heading.default\">\n\t\t\t\t\t<h2 class=\"elementor-heading-title elementor-size-default\">Nyx a la Teogonia d'Hes\u00edode: la genealogia de la nit<\/h2>\t\t\t\t<\/div>\n\t\t<div class=\"elementor-element elementor-element-cp8f0bd44 e-con-full e-flex e-con e-child\" data-id=\"cp8f0bd44\" data-element_type=\"container\" data-e-type=\"container\">\n\t\t\t\t<div class=\"elementor-element elementor-element-cp8c3df1a elementor-widget elementor-widget-text-editor\" data-id=\"cp8c3df1a\" data-element_type=\"widget\" data-e-type=\"widget\" data-widget_type=\"text-editor.default\">\n\t\t\t\t\t\t\t\t\t<p>La font primerenca m\u00e9s important sobre Nyx \u00e9s la <em>Teogonia<\/em> d&#8217;Hes\u00edode, un poema did\u00e0ctic grec de finals del segle VIII o principis del VII abans de la nostra era. All\u00e0, Nyx, la Nit, \u00e9s un dels primers \u00e9ssers a sorgir del Caos.<\/p><p>Junt amb ella sorgeixen Erebos, la Foscor, aix\u00ed com Gaia i T\u00e0rtar. Nyx se situa aix\u00ed a l&#8217;inici de la creaci\u00f3 del m\u00f3n, abans dels d\u00e9us ol\u00edmpics i fins i tot abans dels titans.<\/p><p>Hes\u00edode descriu una doble descend\u00e8ncia. Amb Erebos, Nyx engendra \u00c8ter, el cel llumin\u00f3s superior, i H\u00e8mera, el Dia.<\/p><p>D&#8217;ella mateixa, sense parella, fa n\u00e9ixer una llarga s\u00e8rie de forces fosques: Moros, la Fatalitat, Ker i les Keres, T\u00e0natos, la Mort, Hipnos, el Son, l&#8217;estol dels Somnis, i tamb\u00e9 Momos, la Censura, Oizys, la Mis\u00e8ria, les Hesp\u00e8rides, les Moires, N\u00e8mesi, Apate, Filotes, Geres, la Vellesa, i Eris, la Disc\u00f2rdia.<\/p><p>Aquesta genealogia no \u00e9s casual. Ordena tot all\u00f2 que amena\u00e7a l&#8217;\u00e9sser hum\u00e0, all\u00f2 que passa de nit o que s&#8217;oposa a la vida di\u00fcrna, lluminosa i ordenada, sota una \u00fanica avantpassada. Nyx funciona en el sistema d&#8217;Hes\u00edode com a mare de les forces negatives i fatals.<\/p><p>La recerca subratlla que es tracta menys d&#8217;una <span class=\"iwg-fachbegriff\" data-tooltip=\"El conjunt de relats tradicionals sobre d\u00e9us d'una cultura.\" tabindex=\"0\">mitologia<\/span> narrada que d&#8217;una sistem\u00e0tica teol\u00f2gica: Hes\u00edode, mitjan\u00e7ant relacions de parentiu, imposa un ordre en el m\u00f3n de les forces invisibles. Qui vulgui seguir alguns d&#8217;aquests fills, trobar\u00e0 entrades pr\u00f2pies, per exemple sobre <a href=\"https:\/\/iwell-guard.com\/ca\/?page_id=171540\">Hipnos<\/a> i sobre <a href=\"https:\/\/iwell-guard.com\/ca\/?page_id=171503\">T\u00e0natos<\/a>.<\/p>\t\t\t\t\t\t\t\t<\/div>\n\t\t\t\t<\/div>\n\t\t\t\t\t<\/div>\n\t\t\t\t<\/div>\n\t\t<div class=\"elementor-element elementor-element-cp394f876 e-flex e-con-boxed e-con e-parent\" data-id=\"cp394f876\" data-element_type=\"container\" data-e-type=\"container\">\n\t\t\t\t\t<div class=\"e-con-inner\">\n\t\t\t\t<div class=\"elementor-element elementor-element-cpdd111b4 elementor-widget elementor-widget-heading\" data-id=\"cpdd111b4\" data-element_type=\"widget\" data-e-type=\"widget\" data-widget_type=\"heading.default\">\n\t\t\t\t\t<h2 class=\"elementor-heading-title elementor-size-default\">La deessa temuda: Nyx a la Il\u00edada<\/h2>\t\t\t\t<\/div>\n\t\t<div class=\"elementor-element elementor-element-cp0eb1c7e e-con-full e-flex e-con e-child\" data-id=\"cp0eb1c7e\" data-element_type=\"container\" data-e-type=\"container\">\n\t\t\t\t<div class=\"elementor-element elementor-element-cpc6a43f9 elementor-widget elementor-widget-text-editor\" data-id=\"cpc6a43f9\" data-element_type=\"widget\" data-e-type=\"widget\" data-widget_type=\"text-editor.default\">\n\t\t\t\t\t\t\t\t\t<p>Un dels pocs passatges en qu\u00e8 Nyx t\u00e9 un paper en un episodi narrat es troba a la <em>Il\u00edada<\/em> d&#8217;Homer (llibre 14). Hera vol enganyar Zeus i demana a Hipnos, el Son, que l&#8217;adormi.<\/p><p>Hipnos dubta i recorda un incident anterior: ja una vegada, per ordre d&#8217;Hera, havia adormit Zeus, i quan el pare dels d\u00e9us va despertar-se, el va cercar furi\u00f3s.<\/p><p>Hipnos nom\u00e9s va poder escapar perqu\u00e8 va buscar refugi en Nyx, la \u00abvenjadora de d\u00e9us i homes\u00bb. Zeus va renunciar a castigar-lo perqu\u00e8 temia desagradar Nyx.<\/p><p>Aquest breu passatge \u00e9s significatiu des del punt de vista de la hist\u00f2ria de les religions. Mostra que fins i tot el d\u00e9u ol\u00edmpic m\u00e9s alt tracta Nyx amb respecte, fins i tot amb temor.<\/p><p>Nyx pertany a una capa m\u00e9s antiga, preol\u00edmpica, del m\u00f3n div\u00ed, i el seu poder no queda anul\u00b7lat per l&#8217;ordre ol\u00edmpic. Enlloc de formar part de la cort divina de l&#8217;Olimp, roman una entitat aut\u00f2noma i primig\u00e8nia davant la qual fins i tot Zeus actua amb cautela.<\/p><p>La recerca veu en aquests passatges rastres d&#8217;una estratificaci\u00f3 de la fe grega en els d\u00e9us. La religi\u00f3 ol\u00edmpica, tal com Homer la presenta en primer pla, ha situat els poders cosmog\u00f2nics m\u00e9s antics als marges i els ha atorgat una dignitat pr\u00f2pia, en lloc de suprimir-los.<\/p><p>Nyx n&#8217;\u00e9s un exemple clar: gaireb\u00e9 sense culte, poc narrada mitol\u00f2gicament, per\u00f2 reconeguda com a poder c\u00f2smic del rang m\u00e9s alt. La brevetat dels episodis no \u00e9s, doncs, un signe d&#8217;irrellev\u00e0ncia, sin\u00f3 l&#8217;expressi\u00f3 de la seva posici\u00f3 especial, aliena al <span class=\"iwg-fachbegriff\" data-tooltip=\"Un relat transm\u00e8s sobre d\u00e9us, or\u00edgens i l'ordre del m\u00f3n.\" tabindex=\"0\">mite<\/span> narratiu.<\/p>\t\t\t\t\t\t\t\t<\/div>\n\t\t\t\t<\/div>\n\t\t\t\t\t<\/div>\n\t\t\t\t<\/div>\n\t\t<div class=\"elementor-element elementor-element-cp27c7d77 e-flex e-con-boxed e-con e-parent\" data-id=\"cp27c7d77\" data-element_type=\"container\" data-e-type=\"container\">\n\t\t\t\t\t<div class=\"e-con-inner\">\n\t\t\t\t<div class=\"elementor-element elementor-element-cp94e1373 elementor-widget elementor-widget-heading\" data-id=\"cp94e1373\" data-element_type=\"widget\" data-e-type=\"widget\" data-widget_type=\"heading.default\">\n\t\t\t\t\t<h2 class=\"elementor-heading-title elementor-size-default\">Nyx en la teologia \u00f2rfica<\/h2>\t\t\t\t<\/div>\n\t\t<div class=\"elementor-element elementor-element-cpfd9afe6 e-con-full e-flex e-con e-child\" data-id=\"cpfd9afe6\" data-element_type=\"container\" data-e-type=\"container\">\n\t\t\t\t<div class=\"elementor-element elementor-element-cp95c83de elementor-widget elementor-widget-text-editor\" data-id=\"cp95c83de\" data-element_type=\"widget\" data-e-type=\"widget\" data-widget_type=\"text-editor.default\">\n\t\t\t\t\t\t\t\t\t<p>En la tradici\u00f3 \u00f2rfica, un corrent religi\u00f3s amb cosmogonies pr\u00f2pies, Nyx ocupa una posici\u00f3 clarament m\u00e9s elevada i activa que en Hes\u00edode.<\/p><p>Els poemes \u00f2rfics nom\u00e9s s&#8217;han conservat fragment\u00e0riament, transmesos per autors posteriors, en part neoplat\u00f2nics, per la qual cosa la seva reconstrucci\u00f3 \u00e9s controvertida. Tot i aix\u00ed, \u00e9s clar que diverses cosmogonies \u00f2rfiques situen Nyx al principi, o molt a prop del principi, de la formaci\u00f3 del m\u00f3n.<\/p><p>En algunes versions \u00f2rfiques, Nyx \u00e9s un poder prof\u00e8tic i una mena de mare primig\u00e8nia que posseeix un seient oracular i fins i tot aconsella el futur rei dels d\u00e9us.<\/p><p>En certes tradicions, Zeus rep el seu pla de govern consultant Nyx. Aix\u00ed, Nyx \u00e9s aqu\u00ed molt m\u00e9s que l&#8217;avantpassada dels poders foscos: apareix com una figura s\u00e0via i consellera arrelada a l&#8217;ordre c\u00f2smic.<\/p><p>Un himne \u00f2rfic s&#8217;adre\u00e7a expressament a Nyx i la lloa com a mare dels d\u00e9us i dels homes, origen de totes les coses. Els himnes \u00f2rfics, una col\u00b7lecci\u00f3 d&#8217;invocacions cultuals probablement de l&#8217;\u00e8poca imperial, mostren que Nyx era realment invocada en aquest ambient religi\u00f3s, a difer\u00e8ncia del culte urb\u00e0 com\u00fa.<\/p><p>La recerca, com els treballs de Martin L. West sobre els poemes \u00f2rfics, ha posat de manifest que la valoraci\u00f3 \u00f2rfica de la nit com a poder creador \u00e9s una aportaci\u00f3 teol\u00f2gica pr\u00f2pia i no simplement una variant d&#8217;Hes\u00edode. S&#8217;inscriu en un context m\u00e9s ampli de cosmogonies de l&#8217;Orient antic i d&#8217;altres tradicions on la foscor es troba a l&#8217;origen.<\/p>\t\t\t\t\t\t\t\t<\/div>\n\t\t\t\t<\/div>\n\t\t\t\t\t<\/div>\n\t\t\t\t<\/div>\n\t\t<div class=\"elementor-element elementor-element-cp27eec3f e-flex e-con-boxed e-con e-parent\" data-id=\"cp27eec3f\" data-element_type=\"container\" data-e-type=\"container\">\n\t\t\t\t\t<div class=\"e-con-inner\">\n\t\t\t\t<div class=\"elementor-element elementor-element-cpfcf4ea9 elementor-widget elementor-widget-heading\" data-id=\"cpfcf4ea9\" data-element_type=\"widget\" data-e-type=\"widget\" data-widget_type=\"heading.default\">\n\t\t\t\t\t<h2 class=\"elementor-heading-title elementor-size-default\">Culte i art figuratiu: els rars vestigis de la nit<\/h2>\t\t\t\t<\/div>\n\t\t<div class=\"elementor-element elementor-element-cp372c26c e-con-full e-flex e-con e-child\" data-id=\"cp372c26c\" data-element_type=\"container\" data-e-type=\"container\">\n\t\t\t\t<div class=\"elementor-element elementor-element-cpc77a788 elementor-widget elementor-widget-text-editor\" data-id=\"cpc77a788\" data-element_type=\"widget\" data-e-type=\"widget\" data-widget_type=\"text-editor.default\">\n\t\t\t\t\t\t\t\t\t<p>A difer\u00e8ncia dels d\u00e9us ol\u00edmpics, Nyx amb prou feines va tenir un <span class=\"iwg-fachbegriff\" data-tooltip=\"El conjunt d'actes de veneraci\u00f3 religiosa dedicats a una divinitat o figura sagrada.\" tabindex=\"0\">culte<\/span> p\u00fablic desenvolupat. L&#8217;escriptor de viatges de l&#8217;<span class=\"iwg-fachbegriff\" data-tooltip=\"\u00c8poca de la cultura grega i romana, aproximadament entre el 800 aC i el 600 dC.\" tabindex=\"0\">antiguitat<\/span> Paus\u00e0nies esmenta al segle II nom\u00e9s indicis a\u00efllats, com un <span class=\"iwg-fachbegriff\" data-tooltip=\"Un lloc o instituci\u00f3 on s'obt\u00e9 un missatge div\u00ed.\" tabindex=\"0\">oracle<\/span> de Nyx prop de M\u00e8gara.<\/p><p>No es documenta cap culte de temple generalitzat amb festes, sacerdocis i sacrificis propis per a Nyx, com s\u00ed que en tenien Atena o Apol\u00b7lo. Nyx pertany a aquelles personificacions c\u00f2smiques que van ser importants des del punt de vista teol\u00f2gic i po\u00e8tic, per\u00f2 que gaireb\u00e9 no van rebre veneraci\u00f3 institucional.<\/p><p>En l&#8217;art figuratiu, Nyx \u00e9s rara per\u00f2 no desconeguda. En algunes pintures de vasos apareix com a figura femenina, sovint en relaci\u00f3 amb la representaci\u00f3 del dia i la nit o amb els seus fills Hipnos i T\u00e0natos.<\/p><p>Un <span class=\"iwg-fachbegriff\" data-tooltip=\"Un element tem\u00e0tic recurrent en l'art o la narraci\u00f3.\" tabindex=\"0\">motiu<\/span> conegut \u00e9s Nyx com a conductora de carro, que travessa el cel amb el seu tir i porta la nit, mentre H\u00e8mera o Eos porten el dia. Aquestes representacions, per\u00f2, no sempre es poden distingir clarament d&#8217;altres figures relacionades, com Selene, la deessa de la lluna, cosa que dificulta la recerca iconogr\u00e0fica.<\/p><p>\u00c9s famosa la representaci\u00f3 de la nit al conegut com a altar de P\u00e8rgam, del segle II abans de la nostra era, on Nyx apareix com a combatent en la gigantom\u00e0quia i llan\u00e7a un recipient amb una serp. En conjunt, per\u00f2, els testimonis conservats s\u00f3n escassos.<\/p><p>Nyx \u00e9s un bon exemple de com la import\u00e0ncia d&#8217;una <span class=\"iwg-fachbegriff\" data-tooltip=\"Un \u00e9sser venerat com a div\u00ed dins d'una religi\u00f3.\" tabindex=\"0\">divinitat<\/span> en la religi\u00f3 grega no s&#8217;ha de mesurar nom\u00e9s pel nombre de <span class=\"iwg-fachbegriff\" data-tooltip=\"Una construcci\u00f3 destinada a la veneraci\u00f3 d'una o diverses divinitats.\" tabindex=\"0\">temples<\/span> i imatges. El seu pes rau en el pensament teol\u00f2gic, en la cosmogonia i en la poesia.<\/p>\t\t\t\t\t\t\t\t<\/div>\n\t\t\t\t<\/div>\n\t\t\t\t\t<\/div>\n\t\t\t\t<\/div>\n\t\t<div class=\"elementor-element elementor-element-36dd7469 e-flex e-con-boxed e-con e-parent\" data-id=\"36dd7469\" data-element_type=\"container\" data-e-type=\"container\">\n\t\t\t\t\t<div class=\"e-con-inner\">\n\t\t\t\t<div class=\"elementor-element elementor-element-13760ab4 elementor-widget elementor-widget-heading\" data-id=\"13760ab4\" data-element_type=\"widget\" data-e-type=\"widget\" data-widget_type=\"heading.default\">\n\t\t\t\t\t<h2 class=\"elementor-heading-title elementor-size-default\">Enlla\u00e7os relacionats<\/h2>\t\t\t\t<\/div>\n\t\t<div class=\"elementor-element elementor-element-28c87796 e-con-full e-flex e-con e-child\" data-id=\"28c87796\" data-element_type=\"container\" data-e-type=\"container\">\n\t\t\t\t<div class=\"elementor-element elementor-element-5d6538df elementor-widget elementor-widget-text-editor\" data-id=\"5d6538df\" data-element_type=\"widget\" data-e-type=\"widget\" data-widget_type=\"text-editor.default\">\n\t\t\t\t\t\t\t\t\t<ul><li><a href=\"https:\/\/iwell-guard.com\/ca\/?page_id=171540\">Hipnos, fill, d\u00e9u del son<\/a><\/li><li><a href=\"https:\/\/iwell-guard.com\/ca\/?page_id=171503\">T\u00e0natos, fill, d\u00e9u de la mort<\/a><\/li><li><a href=\"https:\/\/iwell-guard.com\/ca\/erinies\/\">Er\u00ednies, filles, esperits venjadors<\/a><\/li><li><a href=\"https:\/\/iwell-guard.com\/ca\/?page_id=171473\">Caront, esperit de la nit<\/a><\/li><\/ul>\t\t\t\t\t\t\t\t<\/div>\n\t\t\t\t<\/div>\n\t\t\t\t\t<\/div>\n\t\t\t\t<\/div>\n\t\t<div class=\"elementor-element elementor-element-grl4kl40 e-flex e-con-boxed e-con e-parent\" data-id=\"grl4kl40\" data-element_type=\"container\" data-e-type=\"container\">\n\t\t\t\t\t<div class=\"e-con-inner\">\n\t\t\t\t<div class=\"elementor-element elementor-element-bzsbfrmh elementor-widget elementor-widget-heading\" data-id=\"bzsbfrmh\" data-element_type=\"widget\" data-e-type=\"widget\" data-widget_type=\"heading.default\">\n\t\t\t\t\t<h2 class=\"elementor-heading-title elementor-size-default\">Fonts i bibliografia<\/h2>\t\t\t\t<\/div>\n\t\t<div class=\"elementor-element elementor-element-2c13224a e-con-full e-flex e-con e-child\" data-id=\"2c13224a\" data-element_type=\"container\" data-e-type=\"container\">\n\t\t\t\t<div class=\"elementor-element elementor-element-0eymh9ub elementor-widget elementor-widget-text-editor\" data-id=\"0eymh9ub\" data-element_type=\"widget\" data-e-type=\"widget\" data-widget_type=\"text-editor.default\">\n\t\t\t\t\t\t\t\t\t<footer class=\"iwg-literatur\" data-nosnippet=\"true\"><ul><li><span data-nosnippet>West, Martin L.: Hesiod, Theogony Commentary. 1966<\/span><\/li><li>Bremmer, Jan N.: Greek Religion. 2008<\/li><li><span data-nosnippet>Nilsson, Martin P.: Geschichte der griechischen Religion. 1955<\/span><\/li><li>Pauly, Wilhelm: Der kleine Pauly. 1979<\/li><\/ul><\/footer>\n<p class=\"iwg-bib-more\"><span data-nosnippet>Altres obres de refer\u00e8ncia al <a href=\"https:\/\/iwell-guard.com\/ca\/?page_id=171483\">\u00cdndex bibliogr\u00e0fic<\/a>.<\/span><\/p>\t\t\t\t\t\t\t\t<\/div>\n\t\t\t\t<\/div>\n\t\t\t\t\t<\/div>\n\t\t\t\t<\/div>\n\t\t\t\t<\/div>\n\t\t","protected":false},"excerpt":{"rendered":"","protected":false},"author":3,"featured_media":1744,"parent":0,"menu_order":0,"comment_status":"closed","ping_status":"closed","template":"elementor_header_footer","meta":{"_yoast_wpseo_focuskw":"Nyx","_yoast_wpseo_title":"Nyx - foscor origin\u00e0ria, sobirana de les nits","_yoast_wpseo_metadesc":"Deessa primordial de la nit, mare de T\u00e0natos, Hipnos i les Er\u00ednies. Fosca, son i rep\u00f2s necessari en els poemes \u00e8pics grecs.","_yoast_wpseo_meta-robots-noindex":"","_yoast_wpseo_canonical":"","_angie_page":false,"gefaehrdungsstufe":"2","wesen_kultur":"griechenland","wesen_klasse":"goetter","footnotes":""},"categories":[],"class_list":["post-171504","page","type-page","status-publish","has-post-thumbnail","hentry"],"yoast_head":"<!-- This site is optimized with the Yoast SEO Premium plugin v27.7 (Yoast SEO v28.3) - https:\/\/yoast.com\/product\/yoast-seo-premium-wordpress\/ -->\n<title>Nyx - foscor origin\u00e0ria, sobirana de les nits<\/title>\n<meta name=\"description\" content=\"Deessa primordial de la nit, mare de T\u00e0natos, Hipnos i les Er\u00ednies. Fosca, son i rep\u00f2s necessari en els poemes \u00e8pics grecs.\" \/>\n<meta name=\"robots\" content=\"index, follow, max-snippet:-1, max-image-preview:large, max-video-preview:-1\" \/>\n<link rel=\"canonical\" href=\"https:\/\/iwell-guard.com\/ca\/nyx\/\" \/>\n<meta property=\"og:locale\" content=\"ca_ES\" \/>\n<meta property=\"og:type\" content=\"article\" \/>\n<meta property=\"og:title\" content=\"Nyx\" \/>\n<meta property=\"og:description\" content=\"Deessa primordial de la nit, mare de T\u00e0natos, Hipnos i les Er\u00ednies. Fosca, son i rep\u00f2s necessari en els poemes \u00e8pics grecs.\" \/>\n<meta property=\"og:url\" content=\"https:\/\/iwell-guard.com\/ca\/nyx\/\" \/>\n<meta property=\"og:site_name\" content=\"iWell Guard\" \/>\n<meta property=\"article:modified_time\" content=\"2026-09-05T15:59:23+00:00\" \/>\n<meta property=\"og:image\" content=\"https:\/\/iwell-guard.com\/wp-content\/uploads\/2026\/04\/goetter_griechenland_nyx.webp\" \/>\n\t<meta property=\"og:image:width\" content=\"1024\" \/>\n\t<meta property=\"og:image:height\" content=\"1536\" \/>\n\t<meta property=\"og:image:type\" content=\"image\/webp\" \/>\n<meta name=\"twitter:card\" content=\"summary_large_image\" \/>\n<script type=\"application\/ld+json\" class=\"yoast-schema-graph\">{\"@context\":\"https:\\\/\\\/schema.org\",\"@graph\":[{\"@type\":\"WebPage\",\"@id\":\"https:\\\/\\\/iwell-guard.com\\\/ca\\\/nyx\\\/\",\"url\":\"https:\\\/\\\/iwell-guard.com\\\/ca\\\/nyx\\\/\",\"name\":\"Nyx - foscor origin\u00e0ria, sobirana de les nits\",\"isPartOf\":{\"@id\":\"https:\\\/\\\/iwell-guard.com\\\/ca\\\/#website\"},\"primaryImageOfPage\":{\"@id\":\"https:\\\/\\\/iwell-guard.com\\\/ca\\\/nyx\\\/#primaryimage\"},\"image\":{\"@id\":\"https:\\\/\\\/iwell-guard.com\\\/ca\\\/nyx\\\/#primaryimage\"},\"thumbnailUrl\":\"https:\\\/\\\/iwell-guard.com\\\/wp-content\\\/uploads\\\/2026\\\/04\\\/goetter_griechenland_nyx.webp\",\"datePublished\":\"2026-09-05T15:39:55+00:00\",\"dateModified\":\"2026-09-05T15:59:23+00:00\",\"description\":\"Deessa primordial de la nit, mare de T\u00e0natos, Hipnos i les Er\u00ednies. Fosca, son i rep\u00f2s necessari en els poemes \u00e8pics grecs.\",\"breadcrumb\":{\"@id\":\"https:\\\/\\\/iwell-guard.com\\\/ca\\\/nyx\\\/#breadcrumb\"},\"inLanguage\":\"ca\",\"potentialAction\":[{\"@type\":\"ReadAction\",\"target\":[\"https:\\\/\\\/iwell-guard.com\\\/ca\\\/nyx\\\/\"]}]},{\"@type\":\"ImageObject\",\"inLanguage\":\"ca\",\"@id\":\"https:\\\/\\\/iwell-guard.com\\\/ca\\\/nyx\\\/#primaryimage\",\"url\":\"https:\\\/\\\/iwell-guard.com\\\/wp-content\\\/uploads\\\/2026\\\/04\\\/goetter_griechenland_nyx.webp\",\"contentUrl\":\"https:\\\/\\\/iwell-guard.com\\\/wp-content\\\/uploads\\\/2026\\\/04\\\/goetter_griechenland_nyx.webp\",\"width\":1024,\"height\":1536,\"caption\":\"D\u00e9us de la tradici\u00f3 grega.\"},{\"@type\":\"BreadcrumbList\",\"@id\":\"https:\\\/\\\/iwell-guard.com\\\/ca\\\/nyx\\\/#breadcrumb\",\"itemListElement\":[{\"@type\":\"ListItem\",\"position\":1,\"name\":\"Start\",\"item\":\"https:\\\/\\\/iwell-guard.com\\\/ca\\\/?page_id=171333\"},{\"@type\":\"ListItem\",\"position\":2,\"name\":\"Nyx\"}]},{\"@type\":\"WebSite\",\"@id\":\"https:\\\/\\\/iwell-guard.com\\\/ca\\\/#website\",\"url\":\"https:\\\/\\\/iwell-guard.com\\\/ca\\\/\",\"name\":\"iWell Guard\",\"description\":\"Schutz vor dunklen Einfl\u00fcssen\",\"publisher\":{\"@id\":\"https:\\\/\\\/iwell-guard.com\\\/ca\\\/#organization\"},\"potentialAction\":[{\"@type\":\"SearchAction\",\"target\":{\"@type\":\"EntryPoint\",\"urlTemplate\":\"https:\\\/\\\/iwell-guard.com\\\/ca\\\/?s={search_term_string}\"},\"query-input\":{\"@type\":\"PropertyValueSpecification\",\"valueRequired\":true,\"valueName\":\"search_term_string\"}}],\"inLanguage\":\"ca\"},{\"@type\":\"Organization\",\"@id\":\"https:\\\/\\\/iwell-guard.com\\\/ca\\\/#organization\",\"name\":\"Ittermann electronic GmbH\",\"url\":\"https:\\\/\\\/iwell-guard.com\\\/ca\\\/\",\"logo\":{\"@type\":\"ImageObject\",\"inLanguage\":\"ca\",\"@id\":\"https:\\\/\\\/iwell-guard.com\\\/ca\\\/#\\\/schema\\\/logo\\\/image\\\/\",\"url\":\"https:\\\/\\\/iwell-guard.com\\\/wp-content\\\/uploads\\\/2026\\\/05\\\/Ittermann-Logo-1182x237-1.png\",\"contentUrl\":\"https:\\\/\\\/iwell-guard.com\\\/wp-content\\\/uploads\\\/2026\\\/05\\\/Ittermann-Logo-1182x237-1.png\",\"width\":1182,\"height\":237,\"caption\":\"Ittermann electronic GmbH\"},\"image\":{\"@id\":\"https:\\\/\\\/iwell-guard.com\\\/ca\\\/#\\\/schema\\\/logo\\\/image\\\/\"},\"sameAs\":[\"https:\\\/\\\/pantip.com\\\/profile\\\/9367242\",\"https:\\\/\\\/micro.blog\\\/iwellguard\",\"https:\\\/\\\/www.diggerslist.com\\\/iwellguard\\\/about\",\"https:\\\/\\\/skitterphoto.com\\\/photographers\\\/2870314\\\/iwell-guard\",\"https:\\\/\\\/iwellguard.wordpress.com\\\/2026\\\/06\\\/06\\\/iwell-guard\\\/\",\"https:\\\/\\\/hub.docker.com\\\/u\\\/iwellguard\",\"https:\\\/\\\/www.pinterest.com\\\/iwellguard\\\/\",\"https:\\\/\\\/bit.ly\\\/m\\\/iwellguard\",\"https:\\\/\\\/entre-vos-mains.alsace.eu\\\/profiles\\\/iwellguard\\\/activity\",\"https:\\\/\\\/gravatar.com\\\/reallybeded8fd34\",\"https:\\\/\\\/naijamatta.com\\\/iwellguard\",\"https:\\\/\\\/www.goodreads.com\\\/iwellguard\",\"https:\\\/\\\/profile.hatena.ne.jp\\\/iwellguard\\\/\",\"https:\\\/\\\/experiment.com\\\/users\\\/iwellguard\",\"https:\\\/\\\/wakelet.com\\\/@iWellGuard82270\",\"https:\\\/\\\/www.chordie.com\\\/forum\\\/profile.php?id=2555664\",\"https:\\\/\\\/www.instapaper.com\\\/p\\\/17757966\",\"https:\\\/\\\/www.mapleprimes.com\\\/users\\\/iwellguard\",\"https:\\\/\\\/businesslistingplus.com\\\/profile\\\/iwell-guard\\\/\",\"https:\\\/\\\/telegra.ph\\\/iWell-Guard-06-06\",\"https:\\\/\\\/pbase.com\\\/iwellguard\\\/iwellguard\",\"https:\\\/\\\/b.hatena.ne.jp\\\/iwellguard\\\/20260607#bookmark-4788405196491818882\",\"https:\\\/\\\/fliphtml5.com\\\/home\\\/iwellguard\",\"https:\\\/\\\/anyflip.com\\\/homepage\\\/cmiwl#About\",\"https:\\\/\\\/transfur.com\\\/Users\\\/iwellguard\",\"http:\\\/\\\/delphi.larsbo.org\\\/user\\\/iwellguard\",\"https:\\\/\\\/jobs.lajobsportal.org\\\/profiles\\\/8380803-iwell-guard\",\"https:\\\/\\\/md.chaosdorf.de\\\/s\\\/jfbe5SBdJD\",\"https:\\\/\\\/www.lingvolive.com\\\/en-us\\\/profile\\\/9ecaeaca-ce11-4e51-9e71-01d55e2bff36\\\/translations\",\"https:\\\/\\\/www.fitday.com\\\/fitness\\\/forums\\\/members\\\/iwellguard.html\",\"https:\\\/\\\/www.mymeetbook.com\\\/iwellguard\",\"https:\\\/\\\/pxhere.com\\\/en\\\/photographer-me\\\/5040798\",\"https:\\\/\\\/disqus.com\\\/by\\\/iwellguard\\\/about\\\/\",\"https:\\\/\\\/pastelink.net\\\/hjwciqwq\",\"https:\\\/\\\/pubhtml5.com\\\/homepage\\\/scjhn\\\/\",\"https:\\\/\\\/www.bitchute.com\\\/channel\\\/2O2eOKzNqujT\",\"https:\\\/\\\/audiomack.com\\\/iwellguard\"]},{\"@type\":\"Article\",\"@id\":\"https:\\\/\\\/iwell-guard.com\\\/ca\\\/nyx\\\/#article\",\"isPartOf\":{\"@id\":\"https:\\\/\\\/iwell-guard.com\\\/ca\\\/nyx\\\/\"},\"author\":{\"name\":\"Ralf Ittermann\",\"@id\":\"https:\\\/\\\/iwell-guard.com\\\/ca\\\/#\\\/schema\\\/person\\\/ee2a27f1cac3406c7c6fb5820cb7349f\"},\"headline\":\"Nyx\",\"datePublished\":\"2026-09-05T15:39:55+00:00\",\"dateModified\":\"2026-09-05T15:59:23+00:00\",\"mainEntityOfPage\":{\"@id\":\"https:\\\/\\\/iwell-guard.com\\\/ca\\\/nyx\\\/\"},\"publisher\":{\"@id\":\"https:\\\/\\\/iwell-guard.com\\\/ca\\\/#organization\"},\"image\":{\"@id\":\"https:\\\/\\\/iwell-guard.com\\\/ca\\\/nyx\\\/#primaryimage\"},\"thumbnailUrl\":\"https:\\\/\\\/iwell-guard.com\\\/wp-content\\\/uploads\\\/2026\\\/04\\\/goetter_griechenland_nyx.webp\",\"inLanguage\":\"ca\",\"description\":\"Deessa primordial de la nit, mare de T\u00e0natos, Hipnos i les Er\u00ednies. Fosca, son i rep\u00f2s necessari en els poemes \u00e8pics grecs.\"}]}<\/script>\n<!-- \/ Yoast SEO Premium plugin. -->","yoast_head_json":{"title":"Nyx - foscor origin\u00e0ria, sobirana de les nits","description":"Deessa primordial de la nit, mare de T\u00e0natos, Hipnos i les Er\u00ednies. Fosca, son i rep\u00f2s necessari en els poemes \u00e8pics grecs.","robots":{"index":"index","follow":"follow","max-snippet":"max-snippet:-1","max-image-preview":"max-image-preview:large","max-video-preview":"max-video-preview:-1"},"canonical":"https:\/\/iwell-guard.com\/ca\/nyx\/","og_locale":"ca_ES","og_type":"article","og_title":"Nyx","og_description":"Deessa primordial de la nit, mare de T\u00e0natos, Hipnos i les Er\u00ednies. Fosca, son i rep\u00f2s necessari en els poemes \u00e8pics grecs.","og_url":"https:\/\/iwell-guard.com\/ca\/nyx\/","og_site_name":"iWell Guard","article_modified_time":"2026-09-05T15:59:23+00:00","og_image":[{"width":1024,"height":1536,"url":"https:\/\/iwell-guard.com\/wp-content\/uploads\/2026\/04\/goetter_griechenland_nyx.webp","type":"image\/webp"}],"twitter_card":"summary_large_image","schema":{"@context":"https:\/\/schema.org","@graph":[{"@type":"Article","@id":"https:\/\/iwell-guard.com\/ca\/nyx\/#article","isPartOf":{"@id":"https:\/\/iwell-guard.com\/ca\/nyx\/"},"author":{"name":"Ralf Ittermann","@id":"https:\/\/iwell-guard.com\/ca\/#\/schema\/person\/ee2a27f1cac3406c7c6fb5820cb7349f"},"headline":"Nyx","datePublished":"2026-09-05T15:39:55+00:00","dateModified":"2026-09-05T15:59:23+00:00","mainEntityOfPage":{"@id":"https:\/\/iwell-guard.com\/ca\/nyx\/"},"publisher":{"@id":"https:\/\/iwell-guard.com\/ca\/#organization"},"image":{"@id":"https:\/\/iwell-guard.com\/ca\/nyx\/#primaryimage"},"thumbnailUrl":"https:\/\/iwell-guard.com\/wp-content\/uploads\/2026\/04\/goetter_griechenland_nyx.webp","inLanguage":"ca","description":"Deessa primordial de la nit, mare de T\u00e0natos, Hipnos i les Er\u00ednies. Fosca, son i rep\u00f2s necessari en els poemes \u00e8pics grecs."},{"@type":"WebPage","@id":"https:\/\/iwell-guard.com\/ca\/nyx\/","url":"https:\/\/iwell-guard.com\/ca\/nyx\/","name":"Nyx - foscor origin\u00e0ria, sobirana de les nits","isPartOf":{"@id":"https:\/\/iwell-guard.com\/ca\/#website"},"primaryImageOfPage":{"@id":"https:\/\/iwell-guard.com\/ca\/nyx\/#primaryimage"},"image":{"@id":"https:\/\/iwell-guard.com\/ca\/nyx\/#primaryimage"},"thumbnailUrl":"https:\/\/iwell-guard.com\/wp-content\/uploads\/2026\/04\/goetter_griechenland_nyx.webp","datePublished":"2026-09-05T15:39:55+00:00","dateModified":"2026-09-05T15:59:23+00:00","description":"Deessa primordial de la nit, mare de T\u00e0natos, Hipnos i les Er\u00ednies. Fosca, son i rep\u00f2s necessari en els poemes \u00e8pics grecs.","breadcrumb":{"@id":"https:\/\/iwell-guard.com\/ca\/nyx\/#breadcrumb"},"inLanguage":"ca","potentialAction":[{"@type":"ReadAction","target":["https:\/\/iwell-guard.com\/ca\/nyx\/"]}]},{"@type":"ImageObject","inLanguage":"ca","@id":"https:\/\/iwell-guard.com\/ca\/nyx\/#primaryimage","url":"https:\/\/iwell-guard.com\/wp-content\/uploads\/2026\/04\/goetter_griechenland_nyx.webp","contentUrl":"https:\/\/iwell-guard.com\/wp-content\/uploads\/2026\/04\/goetter_griechenland_nyx.webp","width":1024,"height":1536,"caption":"D\u00e9us de la tradici\u00f3 grega."},{"@type":"BreadcrumbList","@id":"https:\/\/iwell-guard.com\/ca\/nyx\/#breadcrumb","itemListElement":[{"@type":"ListItem","position":1,"name":"Start","item":"https:\/\/iwell-guard.com\/ca\/?page_id=171333"},{"@type":"ListItem","position":2,"name":"Nyx"}]},{"@type":"WebSite","@id":"https:\/\/iwell-guard.com\/ca\/#website","url":"https:\/\/iwell-guard.com\/ca\/","name":"iWell Guard","description":"Schutz vor dunklen Einfl\u00fcssen","publisher":{"@id":"https:\/\/iwell-guard.com\/ca\/#organization"},"potentialAction":[{"@type":"SearchAction","target":{"@type":"EntryPoint","urlTemplate":"https:\/\/iwell-guard.com\/ca\/?s={search_term_string}"},"query-input":{"@type":"PropertyValueSpecification","valueRequired":true,"valueName":"search_term_string"}}],"inLanguage":"ca"},{"@type":"Organization","@id":"https:\/\/iwell-guard.com\/ca\/#organization","name":"Ittermann electronic GmbH","url":"https:\/\/iwell-guard.com\/ca\/","logo":{"@type":"ImageObject","inLanguage":"ca","@id":"https:\/\/iwell-guard.com\/ca\/#\/schema\/logo\/image\/","url":"https:\/\/iwell-guard.com\/wp-content\/uploads\/2026\/05\/Ittermann-Logo-1182x237-1.png","contentUrl":"https:\/\/iwell-guard.com\/wp-content\/uploads\/2026\/05\/Ittermann-Logo-1182x237-1.png","width":1182,"height":237,"caption":"Ittermann electronic GmbH"},"image":{"@id":"https:\/\/iwell-guard.com\/ca\/#\/schema\/logo\/image\/"},"sameAs":["https:\/\/pantip.com\/profile\/9367242","https:\/\/micro.blog\/iwellguard","https:\/\/www.diggerslist.com\/iwellguard\/about","https:\/\/skitterphoto.com\/photographers\/2870314\/iwell-guard","https:\/\/iwellguard.wordpress.com\/2026\/06\/06\/iwell-guard\/","https:\/\/hub.docker.com\/u\/iwellguard","https:\/\/www.pinterest.com\/iwellguard\/","https:\/\/bit.ly\/m\/iwellguard","https:\/\/entre-vos-mains.alsace.eu\/profiles\/iwellguard\/activity","https:\/\/gravatar.com\/reallybeded8fd34","https:\/\/naijamatta.com\/iwellguard","https:\/\/www.goodreads.com\/iwellguard","https:\/\/profile.hatena.ne.jp\/iwellguard\/","https:\/\/experiment.com\/users\/iwellguard","https:\/\/wakelet.com\/@iWellGuard82270","https:\/\/www.chordie.com\/forum\/profile.php?id=2555664","https:\/\/www.instapaper.com\/p\/17757966","https:\/\/www.mapleprimes.com\/users\/iwellguard","https:\/\/businesslistingplus.com\/profile\/iwell-guard\/","https:\/\/telegra.ph\/iWell-Guard-06-06","https:\/\/pbase.com\/iwellguard\/iwellguard","https:\/\/b.hatena.ne.jp\/iwellguard\/20260607#bookmark-4788405196491818882","https:\/\/fliphtml5.com\/home\/iwellguard","https:\/\/anyflip.com\/homepage\/cmiwl#About","https:\/\/transfur.com\/Users\/iwellguard","http:\/\/delphi.larsbo.org\/user\/iwellguard","https:\/\/jobs.lajobsportal.org\/profiles\/8380803-iwell-guard","https:\/\/md.chaosdorf.de\/s\/jfbe5SBdJD","https:\/\/www.lingvolive.com\/en-us\/profile\/9ecaeaca-ce11-4e51-9e71-01d55e2bff36\/translations","https:\/\/www.fitday.com\/fitness\/forums\/members\/iwellguard.html","https:\/\/www.mymeetbook.com\/iwellguard","https:\/\/pxhere.com\/en\/photographer-me\/5040798","https:\/\/disqus.com\/by\/iwellguard\/about\/","https:\/\/pastelink.net\/hjwciqwq","https:\/\/pubhtml5.com\/homepage\/scjhn\/","https:\/\/www.bitchute.com\/channel\/2O2eOKzNqujT","https:\/\/audiomack.com\/iwellguard"]},{"@type":"Person","@id":"https:\/\/iwell-guard.com\/ca\/#\/schema\/person\/ee2a27f1cac3406c7c6fb5820cb7349f","name":"Ralf Ittermann","image":{"@type":"ImageObject","inLanguage":"ca","@id":"https:\/\/secure.gravatar.com\/avatar\/073c0153e350a5005b68eb752b445fea71f6b24a26da9449ad7e155e6b446c9d?s=96&d=mm&r=g","url":"https:\/\/secure.gravatar.com\/avatar\/073c0153e350a5005b68eb752b445fea71f6b24a26da9449ad7e155e6b446c9d?s=96&d=mm&r=g","contentUrl":"https:\/\/secure.gravatar.com\/avatar\/073c0153e350a5005b68eb752b445fea71f6b24a26da9449ad7e155e6b446c9d?s=96&d=mm&r=g","caption":"Ralf Ittermann"},"givenName":"Ralf","familyName":"Ittermann","jobTitle":"Gesch\u00e4ftsf\u00fchrer und redaktioneller Verantwortlicher","url":"https:\/\/iwell-guard.com\/ca\/author\/claude\/","description":"Ralf Ittermann ist Gesch\u00e4ftsf\u00fchrer der Ittermann electronic GmbH und redaktioneller Verantwortlicher des iWell-Guard-Lexikons. Er verbindet langj\u00e4hrige Erfahrung in der Pr\u00e4zisionsfertigung mit medialer Praxis und religionsgeschichtlicher Quellenarbeit.","worksFor":{"@type":"Organization","name":"Ittermann electronic GmbH","url":"https:\/\/ittermann.de\/","address":{"@type":"PostalAddress","streetAddress":"K\u00f6hlergasse 16-18","postalCode":"99842","addressLocality":"Ruhla","addressCountry":"DE"}},"knowsAbout":["Religionsgeschichte","Mythologie","Mediale Praxis","Energetische Diagnostik","Schutzpraxis","Volksglauben","Westliche Esoterik"]},{"@type":"Article","@id":"https:\/\/iwell-guard.com\/ca\/nyx\/#article","isPartOf":{"@id":"https:\/\/iwell-guard.com\/ca\/nyx\/"},"author":{"name":"Ralf Ittermann","@id":"https:\/\/iwell-guard.com\/ca\/#\/schema\/person\/ee2a27f1cac3406c7c6fb5820cb7349f"},"headline":"Nyx","datePublished":"2026-09-05T15:39:55+00:00","dateModified":"2026-09-05T15:59:23+00:00","mainEntityOfPage":{"@id":"https:\/\/iwell-guard.com\/ca\/nyx\/"},"publisher":{"@id":"https:\/\/iwell-guard.com\/ca\/#organization"},"image":{"@id":"https:\/\/iwell-guard.com\/ca\/nyx\/#primaryimage"},"thumbnailUrl":"https:\/\/iwell-guard.com\/wp-content\/uploads\/2026\/04\/goetter_griechenland_nyx.webp","inLanguage":"ca","description":"Deessa primordial de la nit, mare de T\u00e0natos, Hipnos i les Er\u00ednies. Fosca, son i rep\u00f2s necessari en els poemes \u00e8pics grecs."}]}},"_links":{"self":[{"href":"https:\/\/iwell-guard.com\/ca\/wp-json\/wp\/v2\/pages\/171504","targetHints":{"allow":["GET"]}}],"collection":[{"href":"https:\/\/iwell-guard.com\/ca\/wp-json\/wp\/v2\/pages"}],"about":[{"href":"https:\/\/iwell-guard.com\/ca\/wp-json\/wp\/v2\/types\/page"}],"author":[{"embeddable":true,"href":"https:\/\/iwell-guard.com\/ca\/wp-json\/wp\/v2\/users\/3"}],"replies":[{"embeddable":true,"href":"https:\/\/iwell-guard.com\/ca\/wp-json\/wp\/v2\/comments?post=171504"}],"version-history":[{"count":0,"href":"https:\/\/iwell-guard.com\/ca\/wp-json\/wp\/v2\/pages\/171504\/revisions"}],"wp:featuredmedia":[{"embeddable":true,"href":"https:\/\/iwell-guard.com\/ca\/wp-json\/wp\/v2\/media\/1744"}],"wp:attachment":[{"href":"https:\/\/iwell-guard.com\/ca\/wp-json\/wp\/v2\/media?parent=171504"}],"wp:term":[{"taxonomy":"category","embeddable":true,"href":"https:\/\/iwell-guard.com\/ca\/wp-json\/wp\/v2\/categories?post=171504"}],"curies":[{"name":"wp","href":"https:\/\/api.w.org\/{rel}","templated":true}]}}