{"id":171502,"date":"2026-09-05T15:39:54","date_gmt":"2026-09-05T15:39:54","guid":{"rendered":"https:\/\/iwell-guard.com\/?page_id=171502"},"modified":"2026-09-05T15:59:20","modified_gmt":"2026-09-05T15:59:20","slug":"persefone","status":"publish","type":"page","link":"https:\/\/iwell-guard.com\/ca\/persefone\/","title":{"rendered":"Pers\u00e8fone"},"content":{"rendered":"\t\t<div data-elementor-type=\"wp-page\" data-elementor-id=\"171502\" class=\"elementor elementor-171502 elementor-1963 elementor-bc-flex-widget\" data-elementor-post-type=\"page\">\n\t\t\t\t<div class=\"elementor-element elementor-element-10fdade e-flex e-con-boxed e-con e-parent\" data-id=\"10fdade\" data-element_type=\"container\" data-e-type=\"container\" data-settings=\"{&quot;background_background&quot;:&quot;classic&quot;}\">\n\t\t\t\t\t<div class=\"e-con-inner\">\n\t\t<div class=\"elementor-element elementor-element-herohlft0 e-flex e-con-boxed e-con e-child\" data-id=\"herohlft0\" data-element_type=\"container\" data-e-type=\"container\">\n\t\t\t\t\t<div class=\"e-con-inner\">\n\t\t<div class=\"elementor-element elementor-element-c3ceb64 e-con-full e-flex e-con e-child\" data-id=\"c3ceb64\" data-element_type=\"container\" data-e-type=\"container\">\n\t\t\t\t<div class=\"elementor-element elementor-element-96ae5e1 elementor-widget elementor-widget-heading\" data-id=\"96ae5e1\" data-element_type=\"widget\" data-e-type=\"widget\" data-widget_type=\"heading.default\">\n\t\t\t\t\t<h1 class=\"elementor-heading-title elementor-size-default\">Pers\u00e8fone, deessa de la tradici\u00f3 grega<\/h1>\t\t\t\t<\/div>\n\t\t\t\t<div class=\"elementor-element elementor-element-e45238a elementor-widget elementor-widget-text-editor\" data-id=\"e45238a\" data-element_type=\"widget\" data-e-type=\"widget\" data-widget_type=\"text-editor.default\">\n\t\t\t\t\t\t\t\t\t<p>Filla de la fertilitat, reina de l&#8217;infram\u00f3n, encarnaci\u00f3 del canvi. Pers\u00e8fone (tamb\u00e9 anomenada Core) \u00e9s filla de Dem\u00e8ter i vincle entre la terra i l&#8217;infram\u00f3n.<\/p><p>El seu segrest per part d&#8217;Hades marca la comprensi\u00f3 de la mort, el renaixement i el cicle de les estacions en la cultura grega. Regna com a digna esposa al costat d&#8217;Hades, una deessa que combina severitat i compassi\u00f3.<\/p><p>Pers\u00e8fone \u00e9s deessa de la tradici\u00f3 grega, filla de Dem\u00e8ter i reina de l&#8217;infram\u00f3n.<\/p>\t\t\t\t\t\t\t\t<\/div>\n\t\t\t\t<\/div>\n\t\t<div class=\"elementor-element elementor-element-klsbdg01 e-con-full e-flex e-con e-parent\" data-id=\"klsbdg01\" data-element_type=\"container\" data-e-type=\"container\">\n\t\t\t\t<div class=\"elementor-element elementor-element-klshtm01 elementor-widget elementor-widget-html\" data-id=\"klshtm01\" data-element_type=\"widget\" data-e-type=\"widget\" data-widget_type=\"html.default\">\n\t\t\t\t\t<div class=\"iwg-pill-row\"><span class=\"iwg-klasse-badge\" tabindex=\"0\" data-tooltip=\"D\u00e9u \/ Deessa: Poder suprem personificat en el pante\u00f3 d'una cultura, amb \u00e0mbits d'actuaci\u00f3 clars, forces de la natura, dest\u00ed, guerra, fertilitat. Venerat mitjan\u00e7ant cultes, ofrenes i institucions de temple.\">Deessa<\/span><a href=\"https:\/\/iwell-guard.com\/ca\/grecia\/\" class=\"iwg-kultur-badge\" tabindex=\"0\" data-tooltip=\"Religi\u00f3 i mitologia de la Gr\u00e8cia antiga, des de l'\u00e8poca mic\u00e8nica fins a l'antiguitat tardana.\">Gr\u00e8cia<\/a><a href=\"https:\/\/iwell-guard.com\/ca\/?page_id=171461\" class=\"iwg-tradition-badge\" tabindex=\"0\" data-tooltip=\"De\u00eftats de l'infram\u00f3n i de la mort, governants de l'ultratomba, jutges dels morts, guies d'\u00e0nimes.\">De\u00eftat de l'infram\u00f3n<\/a><\/div>\t\t\t\t<\/div>\n\t\t\t\t<\/div>\n\t\t<div class=\"elementor-element elementor-element-3f74855 e-con-full e-flex e-con e-child\" data-id=\"3f74855\" data-element_type=\"container\" data-e-type=\"container\">\n\t\t\t\t<div class=\"elementor-element elementor-element-1c30362 elementor-toc--minimized-on-tablet elementor-widget elementor-widget-table-of-contents\" data-id=\"1c30362\" data-element_type=\"widget\" data-e-type=\"widget\" data-settings=\"{&quot;exclude_headings_by_selector&quot;:[],&quot;no_headings_message&quot;:&quot;No s&#039;ha trobat cap encap\\u00e7alament en aquesta p\\u00e0gina.&quot;,&quot;headings_by_tags&quot;:[&quot;h2&quot;,&quot;h3&quot;],&quot;marker_view&quot;:&quot;bullets&quot;,&quot;minimize_box&quot;:&quot;yes&quot;,&quot;icon&quot;:{&quot;value&quot;:&quot;fas fa-circle&quot;,&quot;library&quot;:&quot;fa-solid&quot;,&quot;rendered_tag&quot;:&quot;&lt;svg class=\\&quot;e-font-icon-svg e-fas-circle\\&quot; viewBox=\\&quot;0 0 512 512\\&quot; xmlns=\\&quot;http:\\\/\\\/www.w3.org\\\/2000\\\/svg\\&quot;&gt;&lt;path d=\\&quot;M256 8C119 8 8 119 8 256s111 248 248 248 248-111 248-248S393 8 256 8z\\&quot;&gt;&lt;\\\/path&gt;&lt;\\\/svg&gt;&quot;},&quot;minimized_on&quot;:&quot;tablet&quot;,&quot;hierarchical_view&quot;:&quot;yes&quot;,&quot;min_height&quot;:{&quot;unit&quot;:&quot;px&quot;,&quot;size&quot;:&quot;&quot;,&quot;sizes&quot;:[]},&quot;min_height_tablet&quot;:{&quot;unit&quot;:&quot;px&quot;,&quot;size&quot;:&quot;&quot;,&quot;sizes&quot;:[]},&quot;min_height_mobile&quot;:{&quot;unit&quot;:&quot;px&quot;,&quot;size&quot;:&quot;&quot;,&quot;sizes&quot;:[]}}\" data-widget_type=\"table-of-contents.default\">\n\t\t\t\t\t\t\t\t\t<div class=\"elementor-toc__header\">\n\t\t\t\t\t\t<h2 class=\"elementor-toc__header-title\">\n\t\t\t\t\u00cdndex\t\t\t<\/h2>\n\t\t\t\t\t\t\t\t\t\t<div class=\"elementor-toc__toggle-button elementor-toc__toggle-button--expand\" role=\"button\" tabindex=\"0\" aria-controls=\"elementor-toc__1c30362\" aria-expanded=\"true\" aria-label=\"Open table of contents\"><svg aria-hidden=\"true\" class=\"e-font-icon-svg e-fas-chevron-down\" viewBox=\"0 0 448 512\" xmlns=\"http:\/\/www.w3.org\/2000\/svg\"><path d=\"M207.029 381.476L12.686 187.132c-9.373-9.373-9.373-24.569 0-33.941l22.667-22.667c9.357-9.357 24.522-9.375 33.901-.04L224 284.505l154.745-154.021c9.379-9.335 24.544-9.317 33.901.04l22.667 22.667c9.373 9.373 9.373 24.569 0 33.941L240.971 381.476c-9.373 9.372-24.569 9.372-33.942 0z\"><\/path><\/svg><\/div>\n\t\t\t\t<div class=\"elementor-toc__toggle-button elementor-toc__toggle-button--collapse\" role=\"button\" tabindex=\"0\" aria-controls=\"elementor-toc__1c30362\" aria-expanded=\"true\" aria-label=\"Close table of contents\"><svg aria-hidden=\"true\" class=\"e-font-icon-svg e-fas-chevron-up\" viewBox=\"0 0 448 512\" xmlns=\"http:\/\/www.w3.org\/2000\/svg\"><path d=\"M240.971 130.524l194.343 194.343c9.373 9.373 9.373 24.569 0 33.941l-22.667 22.667c-9.357 9.357-24.522 9.375-33.901.04L224 227.495 69.255 381.516c-9.379 9.335-24.544 9.317-33.901-.04l-22.667-22.667c-9.373-9.373-9.373-24.569 0-33.941L207.03 130.525c9.372-9.373 24.568-9.373 33.941-.001z\"><\/path><\/svg><\/div>\n\t\t\t\t\t<\/div>\n\t\t\t\t<div id=\"elementor-toc__1c30362\" class=\"elementor-toc__body\">\n\t\t\t<div class=\"elementor-toc__spinner-container\">\n\t\t\t\t<svg class=\"elementor-toc__spinner eicon-animation-spin e-font-icon-svg e-eicon-loading\" aria-hidden=\"true\" viewBox=\"0 0 1000 1000\" xmlns=\"http:\/\/www.w3.org\/2000\/svg\"><path d=\"M500 975V858C696 858 858 696 858 500S696 142 500 142 142 304 142 500H25C25 237 238 25 500 25S975 237 975 500 763 975 500 975Z\"><\/path><\/svg>\t\t\t<\/div>\n\t\t<\/div>\n\t\t\t\t\t\t<\/div>\n\t\t\t\t<\/div>\n\t\t\t\t\t<\/div>\n\t\t\t\t<\/div>\n\t\t<div class=\"elementor-element elementor-element-herorght0 e-con-full e-flex e-con e-child\" data-id=\"herorght0\" data-element_type=\"container\" data-e-type=\"container\">\n\t\t\t\t<div class=\"elementor-element elementor-element-heroimg00 iwg-hero-image elementor-widget elementor-widget-image\" data-id=\"heroimg00\" data-element_type=\"widget\" data-e-type=\"widget\" data-widget_type=\"image.default\">\n\t\t\t\t\t\t\t\t\t\t\t\t\t\t\t<img fetchpriority=\"high\" decoding=\"async\" width=\"683\" height=\"1024\" src=\"https:\/\/iwell-guard.com\/wp-content\/uploads\/2026\/04\/goetter_griechenland_persephone-683x1024.webp\" class=\"attachment-large size-large wp-image-1725\" alt=\"Pers\u00e8fone\" srcset=\"https:\/\/iwell-guard.com\/wp-content\/uploads\/2026\/04\/goetter_griechenland_persephone-683x1024.webp 683w, https:\/\/iwell-guard.com\/wp-content\/uploads\/2026\/04\/goetter_griechenland_persephone-200x300.webp 200w, https:\/\/iwell-guard.com\/wp-content\/uploads\/2026\/04\/goetter_griechenland_persephone-768x1152.webp 768w, https:\/\/iwell-guard.com\/wp-content\/uploads\/2026\/04\/goetter_griechenland_persephone.webp 1024w\" sizes=\"(max-width: 683px) 100vw, 683px\" \/>\t\t\t\t\t\t\t\t\t\t\t\t\t\t\t<\/div>\n\t\t\t\t<\/div>\n\t\t\t\t\t<\/div>\n\t\t\t\t<\/div>\n\t\t<div class=\"elementor-element elementor-element-32917199 e-flex e-con-boxed e-con e-parent\" data-id=\"32917199\" data-element_type=\"container\" data-e-type=\"container\">\n\t\t\t\t\t<div class=\"e-con-inner\">\n\t\t<div class=\"elementor-element elementor-element-26e916cb e-flex e-con-boxed e-con e-child\" data-id=\"26e916cb\" data-element_type=\"container\" data-e-type=\"container\">\n\t\t\t\t\t<div class=\"e-con-inner\">\n\t\t<div class=\"elementor-element elementor-element-253a40d4 e-flex e-con-boxed e-con e-child\" data-id=\"253a40d4\" data-element_type=\"container\" data-e-type=\"container\">\n\t\t\t\t\t<div class=\"e-con-inner\">\n\t\t\t\t<div class=\"elementor-element elementor-element-1200c304 elementor-widget elementor-widget-heading\" data-id=\"1200c304\" data-element_type=\"widget\" data-e-type=\"widget\" data-widget_type=\"heading.default\">\n\t\t\t\t\t<h2 class=\"elementor-heading-title elementor-size-default\">Pers\u00e8fone<\/h2>\t\t\t\t<\/div>\n\t\t\t\t\t<\/div>\n\t\t\t\t<\/div>\n\t\t<div class=\"elementor-element elementor-element-159dcf9a e-flex e-con-boxed e-con e-child\" data-id=\"159dcf9a\" data-element_type=\"container\" data-e-type=\"container\">\n\t\t\t\t\t<div class=\"e-con-inner\">\n\t\t\t\t<div class=\"elementor-element elementor-element-48cee66f elementor-widget elementor-widget-heading\" data-id=\"48cee66f\" data-element_type=\"widget\" data-e-type=\"widget\" data-widget_type=\"heading.default\">\n\t\t\t\t\t<h2 class=\"elementor-heading-title elementor-size-default\">Resum r\u00e0pid: Pers\u00e8fone<\/h2>\t\t\t\t<\/div>\n\t\t\t\t<div class=\"elementor-element elementor-element-3f50d82c elementor-widget elementor-widget-text-editor\" data-id=\"3f50d82c\" data-element_type=\"widget\" data-e-type=\"widget\" data-widget_type=\"text-editor.default\">\n\t\t\t\t\t\t\t\t\t<p><strong>Tipus:<\/strong> De\u00eftat principal grega, deessa de l&#8217;infram\u00f3n i de la vegetaci\u00f3<br><span class=\"iwg-fachbegriff\" data-tooltip=\"El conjunt de d\u00e9us d'una religi\u00f3 o cultura.\" tabindex=\"0\">Pante\u00f3<\/span>: Gr\u00e8cia (Olimp i infram\u00f3n)<br>Funci\u00f3: Reina de l&#8217;infram\u00f3n, creixement i mort de la vegetaci\u00f3, misteris<br>Atributs principals: magrana, torxa, corona d&#8217;espigues<br>Principals llocs de culte: Eleusis, Locres Epizefiris, Sic\u00edlia (Enna)<br>Equivalent rom\u00e0: Pros\u00e8rpina<\/p>\t\t\t\t\t\t\t\t<\/div>\n\t\t\t\t\t<\/div>\n\t\t\t\t<\/div>\n\t\t\t\t\t<\/div>\n\t\t\t\t<\/div>\n\t\t\t\t\t<\/div>\n\t\t\t\t<\/div>\n\t\t<div class=\"elementor-element elementor-element-18613602 e-flex e-con-boxed e-con e-parent\" data-id=\"18613602\" data-element_type=\"container\" data-e-type=\"container\">\n\t\t\t\t\t<div class=\"e-con-inner\">\n\t\t\t\t<div class=\"elementor-element elementor-element-262b8a9f elementor-widget elementor-widget-heading\" data-id=\"262b8a9f\" data-element_type=\"widget\" data-e-type=\"widget\" data-widget_type=\"heading.default\">\n\t\t\t\t\t<h2 class=\"elementor-heading-title elementor-size-default\">Context<\/h2>\t\t\t\t<\/div>\n\t\t<div class=\"elementor-element elementor-element-46dcb7d e-con-full e-flex e-con e-child\" data-id=\"46dcb7d\" data-element_type=\"container\" data-e-type=\"container\">\n\t\t<div class=\"elementor-element elementor-element-61d3ab3 e-flex e-con-boxed e-con e-child\" data-id=\"61d3ab3\" data-element_type=\"container\" data-e-type=\"container\">\n\t\t\t\t\t<div class=\"e-con-inner\">\n\t\t\t\t<div class=\"elementor-element elementor-element-117c166 elementor-widget elementor-widget-heading\" data-id=\"117c166\" data-element_type=\"widget\" data-e-type=\"widget\" data-widget_type=\"heading.default\">\n\t\t\t\t\t<h3 class=\"elementor-heading-title elementor-size-default\">Per\u00edode dels textos<\/h3>\t\t\t\t<\/div>\n\t\t\t\t<div class=\"elementor-element elementor-element-73997a0 elementor-widget elementor-widget-text-editor\" data-id=\"73997a0\" data-element_type=\"widget\" data-e-type=\"widget\" data-widget_type=\"text-editor.default\">\n\t\t\t\t\t\t\t\t\t<p><span data-nosnippet>Els mites de Pers\u00e8fone s\u00f3n documentats liter\u00e0riament des d&#8217;Homer (segle VIII aC); el mite principal (el segrest per Hades) es narra extensament en l&#8217;<em>Himne hom\u00e8ric a Dem\u00e8ter<\/em>. Els Misteris Eleusins, un dels cultes de misteris m\u00e9s importants del m\u00f3n antic, se centren en la hist\u00f2ria mare-filla de Dem\u00e8ter i Pers\u00e8fone; van perdurar gaireb\u00e9 2000 anys de manera continuada, fins que Teodosi els va abolir l&#8217;any 392 dC.<\/span><\/p>\t\t\t\t\t\t\t\t<\/div>\n\t\t\t\t\t<\/div>\n\t\t\t\t<\/div>\n\t\t<div class=\"elementor-element elementor-element-d47b156 e-flex e-con-boxed e-con e-child\" data-id=\"d47b156\" data-element_type=\"container\" data-e-type=\"container\">\n\t\t\t\t\t<div class=\"e-con-inner\">\n\t\t\t\t<div class=\"elementor-element elementor-element-ff38c2b elementor-widget elementor-widget-heading\" data-id=\"ff38c2b\" data-element_type=\"widget\" data-e-type=\"widget\" data-widget_type=\"heading.default\">\n\t\t\t\t\t<h3 class=\"elementor-heading-title elementor-size-default\">\u00c0rea de difusi\u00f3<\/h3>\t\t\t\t<\/div>\n\t\t\t\t<div class=\"elementor-element elementor-element-4e49fcc elementor-widget elementor-widget-text-editor\" data-id=\"4e49fcc\" data-element_type=\"widget\" data-e-type=\"widget\" data-widget_type=\"text-editor.default\">\n\t\t\t\t\t\t\t\t\t<p>Principal lloc de culte: <strong>Eleusis<\/strong>, a prop d&#8217;Atenes (els misteris m\u00e9s famosos). A m\u00e9s: Sic\u00edlia (Enna com a escenari del segrest), Locres Epizefiris (<span class=\"iwg-fachbegriff\" data-tooltip=\"El conjunt d'actes de veneraci\u00f3 religiosa envers una divinitat o figura sagrada.\" tabindex=\"0\">culte<\/span> especial del sud d&#8217;It\u00e0lia amb pinakes), Corint, Tebes. En \u00e8poca hel\u00b7len\u00edstico-romana, difusi\u00f3 de la identificaci\u00f3 de Pers\u00e8fone com a Pros\u00e8rpina per tota la Mediterr\u00e0nia.<\/p>\t\t\t\t\t\t\t\t<\/div>\n\t\t\t\t\t<\/div>\n\t\t\t\t<\/div>\n\t\t\t\t<\/div>\n\t\t<div class=\"elementor-element elementor-element-db03c39 e-con-full e-flex e-con e-child\" data-id=\"db03c39\" data-element_type=\"container\" data-e-type=\"container\">\n\t\t<div class=\"elementor-element elementor-element-229a87b e-flex e-con-boxed e-con e-child\" data-id=\"229a87b\" data-element_type=\"container\" data-e-type=\"container\">\n\t\t\t\t\t<div class=\"e-con-inner\">\n\t\t\t\t<div class=\"elementor-element elementor-element-1f471fc elementor-widget elementor-widget-heading\" data-id=\"1f471fc\" data-element_type=\"widget\" data-e-type=\"widget\" data-widget_type=\"heading.default\">\n\t\t\t\t\t<h3 class=\"elementor-heading-title elementor-size-default\">Estat de les fonts<\/h3>\t\t\t\t<\/div>\n\t\t\t\t<div class=\"elementor-element elementor-element-36b1201 elementor-widget elementor-widget-text-editor\" data-id=\"36b1201\" data-element_type=\"widget\" data-e-type=\"widget\" data-widget_type=\"text-editor.default\">\n\t\t\t\t\t\t\t\t\t<p>Fonts centrals: l&#8217;<em>Himne hom\u00e8ric a Dem\u00e8ter<\/em> (la narraci\u00f3 <span class=\"iwg-fachbegriff\" data-tooltip=\"\u00c8poca de la cultura grega i romana, aproximadament del 800 aC al 600 dC.\" tabindex=\"0\">antiga<\/span> m\u00e9s extensa del <span class=\"iwg-fachbegriff\" data-tooltip=\"Un relat transm\u00e8s sobre d\u00e9us, or\u00edgens i l'ordre del m\u00f3n.\" tabindex=\"0\">mite<\/span>), la <em>Teogonia<\/em> d&#8217;Hes\u00edode, les glosses d&#8217;Hesiqui sobre els ritus eleusins, els pinakes de Locres (plaques de terracota), la <em>Descripci\u00f3 de Gr\u00e8cia<\/em> de Paus\u00e0nies (cap\u00edtol sobre Eleusis). Literatura secund\u00e0ria: Burkert, <em>Misteris <span class=\"iwg-fachbegriff\" data-tooltip=\"\u00c8poca de la cultura grega i romana, aproximadament del 800 aC al 600 dC.\" tabindex=\"0\">antics<\/span><\/em>; Foley, <em>The Homeric Hymn to Demeter<\/em>; Clinton, <em>The Eleusinian Mysteries<\/em>.<\/p>\t\t\t\t\t\t\t\t<\/div>\n\t\t\t\t\t<\/div>\n\t\t\t\t<\/div>\n\t\t\t\t<\/div>\n\t\t\t\t\t<\/div>\n\t\t\t\t<\/div>\n\t\t<div class=\"elementor-element elementor-element-3ae0637c e-flex e-con-boxed e-con e-parent\" data-id=\"3ae0637c\" data-element_type=\"container\" data-e-type=\"container\">\n\t\t\t\t\t<div class=\"e-con-inner\">\n\t\t\t\t<div class=\"elementor-element elementor-element-31d07739 elementor-widget elementor-widget-heading\" data-id=\"31d07739\" data-element_type=\"widget\" data-e-type=\"widget\" data-widget_type=\"heading.default\">\n\t\t\t\t\t<h2 class=\"elementor-heading-title elementor-size-default\">Nom<\/h2>\t\t\t\t<\/div>\n\t\t<div class=\"elementor-element elementor-element-b7642947 e-con-full e-flex e-con e-child\" data-id=\"b7642947\" data-element_type=\"container\" data-e-type=\"container\">\n\t\t\t\t<div class=\"elementor-element elementor-element-a086266 elementor-widget elementor-widget-text-editor\" data-id=\"a086266\" data-element_type=\"widget\" data-e-type=\"widget\" data-widget_type=\"text-editor.default\">\n\t\t\t\t\t\t\t\t\t<p>Pers\u00e8fone es representa com una dona digna, sovint amb corona o diadema, freq\u00fcentment entronitzada al costat d&#8217;Hades. Els seus atributs s\u00f3n la magrana (<span class=\"iwg-fachbegriff\" data-tooltip=\"Un signe que representa una idea o significat.\" tabindex=\"0\">s\u00edmbol<\/span> del seu vincle amb l&#8217;infram\u00f3n), la torxa (Dem\u00e8ter la va cercar amb una torxa), la rosella i el blat.<\/p><p>A l&#8217;infram\u00f3n porta vestimentes reials; en la seva estada a la terra es representa jove i florent.<\/p>\t\t\t\t\t\t\t\t<\/div>\n\t\t\t\t<\/div>\n\t\t\t\t\t<\/div>\n\t\t\t\t<\/div>\n\t\t<div class=\"elementor-element elementor-element-709a44a8 e-flex e-con-boxed e-con e-parent\" data-id=\"709a44a8\" data-element_type=\"container\" data-e-type=\"container\">\n\t\t\t\t\t<div class=\"e-con-inner\">\n\t\t\t\t<div class=\"elementor-element elementor-element-2f585873 elementor-widget elementor-widget-heading\" data-id=\"2f585873\" data-element_type=\"widget\" data-e-type=\"widget\" data-widget_type=\"heading.default\">\n\t\t\t\t\t<h2 class=\"elementor-heading-title elementor-size-default\">Trets caracter\u00edstics<\/h2>\t\t\t\t<\/div>\n\t\t<div class=\"elementor-element elementor-element-70621c12 e-con-full e-flex e-con e-child\" data-id=\"70621c12\" data-element_type=\"container\" data-e-type=\"container\">\n\t\t\t\t<div class=\"elementor-element elementor-element-4296eb49 elementor-widget elementor-widget-text-editor\" data-id=\"4296eb49\" data-element_type=\"widget\" data-e-type=\"widget\" data-widget_type=\"text-editor.default\">\n\t\t\t\t\t\t\t\t\t<p>Pers\u00e8fone governa juntament amb Hades sobre l&#8217;infram\u00f3n. No \u00e9s cruel, sin\u00f3 justa: escolta les s\u00fapliques dels difunts i exhorta el seu marit a la benevol\u00e8ncia. A Eleusis se celebraven ritus mist\u00e8rics que representaven el descens i el retorn de Pers\u00e8fone, i que prometien als creients l&#8217;esperan\u00e7a d&#8217;una salvaci\u00f3 a l&#8217;ultratomba.<\/p><p>El retorn de Pers\u00e8fone d&#8217;Hades a la terra anuncia la primavera; la seva marxa cap a les profunditats, la tardor. La seva hist\u00f2ria interpreta el sofriment com una cosa necess\u00e0ria i el transforma mitjan\u00e7ant la dignitat.<\/p><p><strong>Aparen\u00e7a i simbolisme<\/strong><\/p><p>Pers\u00e8fone es representa com una dona bella i elegant, de vegades jove i coberta de flors (com a Core), de vegades m\u00e9s madura i coronada amb tiara (com a reina de l&#8217;infram\u00f3n). La magrana \u00e9s el seu atribut principal, el fruit del qual va menjar els grans i que va segellar el seu vincle amb Hades. La torxa (com la de Dem\u00e8ter) simbolitza els seus viatges d&#8217;anada i tornada entre els mons.<\/p><p>El blat i la rosella li s\u00f3n sagrats, aix\u00ed com el narc\u00eds (la flor que collia quan Hades la va segrestar). El seu color varia: blanc o crema com a donzella, vermell fosc o negre com a reina de l&#8217;infram\u00f3n. Ella mateixa encarna la transformaci\u00f3: viure la p\u00e8rdua i la restauraci\u00f3, en lloc de nom\u00e9s un dels dos estats.<\/p>\t\t\t\t\t\t\t\t<\/div>\n\t\t\t\t<\/div>\n\t\t\t\t\t<\/div>\n\t\t\t\t<\/div>\n\t\t<div class=\"elementor-element elementor-element-44e71476 e-flex e-con-boxed e-con e-parent\" data-id=\"44e71476\" data-element_type=\"container\" data-e-type=\"container\">\n\t\t\t\t\t<div class=\"e-con-inner\">\n\t\t\t\t<div class=\"elementor-element elementor-element-3c1fc3f0 elementor-widget elementor-widget-heading\" data-id=\"3c1fc3f0\" data-element_type=\"widget\" data-e-type=\"widget\" data-widget_type=\"heading.default\">\n\t\t\t\t\t<h2 class=\"elementor-heading-title elementor-size-default\">Fitxa: Pers\u00e8fone<\/h2>\t\t\t\t<\/div>\n\t\t<div class=\"elementor-element elementor-element-84f33b8e e-con-full e-flex e-con e-child\" data-id=\"84f33b8e\" data-element_type=\"container\" data-e-type=\"container\">\n\t\t\t\t<div class=\"elementor-element elementor-element-hqkdc67p elementor-widget elementor-widget-text-editor\" data-id=\"hqkdc67p\" data-element_type=\"widget\" data-e-type=\"widget\" data-widget_type=\"text-editor.default\">\n\t\t\t\t\t\t\t\t\t<p>Els aspectes m\u00e9s importants de Pers\u00e8fone d&#8217;una ullada. Els camps seg\u00fcents resumeixen l&#8217;origen, la funci\u00f3, l&#8217;aparen\u00e7a, la veneraci\u00f3, els s\u00edmbols i els paral\u00b7lelismes.<\/p>\t\t\t\t\t\t\t\t<\/div>\n\t\t\t\t<\/div>\n\t\t<div class=\"elementor-element elementor-element-pemmx7c5 e-con-full e-flex e-con e-child\" data-id=\"pemmx7c5\" data-element_type=\"container\" data-e-type=\"container\">\n\t\t<div class=\"elementor-element elementor-element-pemmx7c1 e-con-full e-flex e-con e-child\" data-id=\"pemmx7c1\" data-element_type=\"container\" data-e-type=\"container\">\n\t\t<div class=\"elementor-element elementor-element-qh9oavvu iwg-steckbrief-card e-flex e-con-boxed e-con e-child\" data-id=\"qh9oavvu\" data-element_type=\"container\" data-e-type=\"container\">\n\t\t\t\t\t<div class=\"e-con-inner\">\n\t\t\t\t<div class=\"elementor-element elementor-element-awzx8k2k elementor-widget elementor-widget-heading\" data-id=\"awzx8k2k\" data-element_type=\"widget\" data-e-type=\"widget\" data-widget_type=\"heading.default\">\n\t\t\t\t\t<div class=\"elementor-heading-title elementor-size-default\">Origen de Pers\u00e8fone<\/div>\t\t\t\t<\/div>\n\t\t\t\t<div class=\"elementor-element elementor-element-x6rowhv0 elementor-widget elementor-widget-text-editor\" data-id=\"x6rowhv0\" data-element_type=\"widget\" data-e-type=\"widget\" data-widget_type=\"text-editor.default\">\n\t\t\t\t\t\t\t\t\t<p>Pers\u00e8fone \u00e9s filla de Zeus i Dem\u00e8ter. En el <span class=\"iwg-fachbegriff\" data-tooltip=\"Un relat transm\u00e8s sobre d\u00e9us, or\u00edgens i l'ordre del m\u00f3n.\" tabindex=\"0\">mite<\/span> central, <em>Hades<\/em>, el sobir\u00e0 de l&#8217;infram\u00f3n, la segresta per la for\u00e7a; la seva mare Dem\u00e8ter la cerca desesperadament i deixa que la vegetaci\u00f3 es marceixi.<\/p><p>Finalment es negocia un comprom\u00eds: Pers\u00e8fone passa un ter\u00e7 de l&#8217;any amb Hades (hivern) i dos ter\u00e7os amb Dem\u00e8ter (estiu). La magrana, de la qual menja a l&#8217;infram\u00f3n, la lliga a Hades.<\/p>\t\t\t\t\t\t\t\t<\/div>\n\t\t\t\t\t<\/div>\n\t\t\t\t<\/div>\n\t\t<div class=\"elementor-element elementor-element-8e3o4kxs iwg-steckbrief-card e-flex e-con-boxed e-con e-child\" data-id=\"8e3o4kxs\" data-element_type=\"container\" data-e-type=\"container\">\n\t\t\t\t\t<div class=\"e-con-inner\">\n\t\t\t\t<div class=\"elementor-element elementor-element-08rkdgov elementor-widget elementor-widget-heading\" data-id=\"08rkdgov\" data-element_type=\"widget\" data-e-type=\"widget\" data-widget_type=\"heading.default\">\n\t\t\t\t\t<div class=\"elementor-heading-title elementor-size-default\">Relacionat amb<\/div>\t\t\t\t<\/div>\n\t\t\t\t<div class=\"elementor-element elementor-element-uwjelx8s elementor-widget elementor-widget-text-editor\" data-id=\"uwjelx8s\" data-element_type=\"widget\" data-e-type=\"widget\" data-widget_type=\"text-editor.default\">\n\t\t\t\t\t\t\t\t\t<p>Reina de l&#8217;infram\u00f3n (aspecte de Core enfront de l&#8217;aspecte de Pers\u00e8fone, donzella i sobirana). En la tradici\u00f3 eleusina, mediadora entre la vida i la mort: els misteris prometien als iniciats un ultratomba feli\u00e7 sota el seu patronatge. Vinculaci\u00f3 amb el cicle de la fertilitat: el creixement i la marciment del m\u00f3n vegetal segons la seva pres\u00e8ncia o abs\u00e8ncia a la terra. A Sic\u00edlia, deessa protectora de les donzelles.<\/p>\t\t\t\t\t\t\t\t<\/div>\n\t\t\t\t\t<\/div>\n\t\t\t\t<\/div>\n\t\t<div class=\"elementor-element elementor-element-jm2n74ec iwg-steckbrief-card e-flex e-con-boxed e-con e-child\" data-id=\"jm2n74ec\" data-element_type=\"container\" data-e-type=\"container\">\n\t\t\t\t\t<div class=\"e-con-inner\">\n\t\t\t\t<div class=\"elementor-element elementor-element-8vufse4c elementor-widget elementor-widget-heading\" data-id=\"8vufse4c\" data-element_type=\"widget\" data-e-type=\"widget\" data-widget_type=\"heading.default\">\n\t\t\t\t\t<div class=\"elementor-heading-title elementor-size-default\">Representaci\u00f3<\/div>\t\t\t\t<\/div>\n\t\t\t\t<div class=\"elementor-element elementor-element-mwb9u015 elementor-widget elementor-widget-text-editor\" data-id=\"mwb9u015\" data-element_type=\"widget\" data-e-type=\"widget\" data-widget_type=\"text-editor.default\">\n\t\t\t\t\t\t\t\t\t<p>Dona jove, sovint amb una magrana a la m\u00e0, corona d&#8217;espigues o torxa. En la seva forma d&#8217;Inframon, entronitzada al costat d&#8217;Hades, sovint amb expressi\u00f3 facial seriosa. Als p\u00ednakes locrians apareix sovint representada en l&#8217;escena del casament amb Hades. Com a Kore (donzella) amb corona-pol (barret cil\u00edndric alt). Sovint acompanyada d&#8217;H\u00e8cate (amb torxa) i Hermes (com a escorta de tornada al m\u00f3n superior).<\/p>\t\t\t\t\t\t\t\t<\/div>\n\t\t\t\t\t<\/div>\n\t\t\t\t<\/div>\n\t\t\t\t<\/div>\n\t\t<div class=\"elementor-element elementor-element-pemmx7c2 e-con-full e-flex e-con e-child\" data-id=\"pemmx7c2\" data-element_type=\"container\" data-e-type=\"container\">\n\t\t<div class=\"elementor-element elementor-element-37ss2yr6 iwg-steckbrief-card e-flex e-con-boxed e-con e-child\" data-id=\"37ss2yr6\" data-element_type=\"container\" data-e-type=\"container\">\n\t\t\t\t\t<div class=\"e-con-inner\">\n\t\t\t\t<div class=\"elementor-element elementor-element-3v0wp3wx elementor-widget elementor-widget-heading\" data-id=\"3v0wp3wx\" data-element_type=\"widget\" data-e-type=\"widget\" data-widget_type=\"heading.default\">\n\t\t\t\t\t<div class=\"elementor-heading-title elementor-size-default\">Funci\u00f3<\/div>\t\t\t\t<\/div>\n\t\t\t\t<div class=\"elementor-element elementor-element-w3247g2m elementor-widget elementor-widget-text-editor\" data-id=\"w3247g2m\" data-element_type=\"widget\" data-e-type=\"widget\" data-widget_type=\"text-editor.default\">\n\t\t\t\t\t\t\t\t\t<p><strong>\u00c0mbit d&#8217;acci\u00f3:<\/strong> Pers\u00e8fone era central en els Misteris Eleusinis; iniciats de tot el Mediterrani viatjaven a Eleusis per viure el ritu secret de 9 dies.<\/p><p>En el <span class=\"iwg-fachbegriff\" data-tooltip=\"El conjunt de pr\u00e0ctiques de veneraci\u00f3 religiosa dedicades a una divinitat o figura sagrada.\" tabindex=\"0\">culte<\/span> personal era invocada per les dones abans del casament (aspecte de la donzella que passa a una nova etapa de la vida). En el <span class=\"iwg-fachbegriff\" data-tooltip=\"El conjunt de pr\u00e0ctiques de veneraci\u00f3 religiosa dedicades a una divinitat o figura sagrada.\" tabindex=\"0\">culte<\/span> funerari, protectora dels difunts; els aixovars funeraris amb simbologia de magrana s\u00f3n freq\u00fcents a les tombes gregues.<\/p>\t\t\t\t\t\t\t\t<\/div>\n\t\t\t\t\t<\/div>\n\t\t\t\t<\/div>\n\t\t<div class=\"elementor-element elementor-element-0qpjal9w iwg-steckbrief-card e-flex e-con-boxed e-con e-child\" data-id=\"0qpjal9w\" data-element_type=\"container\" data-e-type=\"container\">\n\t\t\t\t\t<div class=\"e-con-inner\">\n\t\t\t\t<div class=\"elementor-element elementor-element-6ndoih0o elementor-widget elementor-widget-heading\" data-id=\"6ndoih0o\" data-element_type=\"widget\" data-e-type=\"widget\" data-widget_type=\"heading.default\">\n\t\t\t\t\t<div class=\"elementor-heading-title elementor-size-default\">Protecci\u00f3<\/div>\t\t\t\t<\/div>\n\t\t\t\t<div class=\"elementor-element elementor-element-6684tyh9 elementor-widget elementor-widget-text-editor\" data-id=\"6684tyh9\" data-element_type=\"widget\" data-e-type=\"widget\" data-widget_type=\"text-editor.default\">\n\t\t\t\t\t\t\t\t\t<p>Magrana (el <span class=\"iwg-fachbegriff\" data-tooltip=\"Un signe que representa una idea o un significat.\" tabindex=\"0\">s\u00edmbol<\/span> del vincle amb l&#8217;inframon), torxa (la cerca de Dem\u00e8ter), corona d&#8217;espigues (aspecte de vegetaci\u00f3), corona-pol, asf\u00f2del (la flor de l&#8217;inframon), espasa (tradici\u00f3 de Locres). Plantes: magrana, espigues, asf\u00f2del, rosella. Animals sagrats: serp.<\/p>\t\t\t\t\t\t\t\t<\/div>\n\t\t\t\t\t<\/div>\n\t\t\t\t<\/div>\n\t\t<div class=\"elementor-element elementor-element-3lfi7x32 iwg-steckbrief-card e-flex e-con-boxed e-con e-child\" data-id=\"3lfi7x32\" data-element_type=\"container\" data-e-type=\"container\">\n\t\t\t\t\t<div class=\"e-con-inner\">\n\t\t\t\t<div class=\"elementor-element elementor-element-0kg99ga1 elementor-widget elementor-widget-heading\" data-id=\"0kg99ga1\" data-element_type=\"widget\" data-e-type=\"widget\" data-widget_type=\"heading.default\">\n\t\t\t\t\t<div class=\"elementor-heading-title elementor-size-default\">\u00c9ssers relacionats<\/div>\t\t\t\t<\/div>\n\t\t\t\t<div class=\"elementor-element elementor-element-n0fum6kp elementor-widget elementor-widget-text-editor\" data-id=\"n0fum6kp\" data-element_type=\"widget\" data-e-type=\"widget\" data-widget_type=\"text-editor.default\">\n\t\t\t\t\t\t\t\t\t<p><em>Pros\u00e8rpina<\/em> (Roma, adopci\u00f3 pr\u00e0cticament id\u00e8ntica), <em>Innana\/Ixtar<\/em> (Mesopot\u00e0mia, descens a l&#8217;inframon), <em>Ereixkigal<\/em> (Mesopot\u00e0mia, reina de l&#8217;inframon), <em>Hel<\/em> (germ\u00e0nica, sobirana de l&#8217;inframon), <em>Sita<\/em> (hinduisme, vincle amb la terra, desaparici\u00f3 dins la terra), <em>Izanami<\/em> (Jap\u00f3, deessa creadora atrapada a Yomi).<\/p>\t\t\t\t\t\t\t\t<\/div>\n\t\t\t\t\t<\/div>\n\t\t\t\t<\/div>\n\t\t\t\t<\/div>\n\t\t\t\t<\/div>\n\t\t\t\t\t<\/div>\n\t\t\t\t<\/div>\n\t\t<div class=\"elementor-element elementor-element-7533bc7a e-flex e-con-boxed e-con e-parent\" data-id=\"7533bc7a\" data-element_type=\"container\" data-e-type=\"container\">\n\t\t\t\t\t<div class=\"e-con-inner\">\n\t\t\t\t<div class=\"elementor-element elementor-element-2447d18d elementor-widget elementor-widget-heading\" data-id=\"2447d18d\" data-element_type=\"widget\" data-e-type=\"widget\" data-widget_type=\"heading.default\">\n\t\t\t\t\t<h2 class=\"elementor-heading-title elementor-size-default\">Defensa pr\u00e0ctica<\/h2>\t\t\t\t<\/div>\n\t\t<div class=\"elementor-element elementor-element-d5d0260c e-con-full e-flex e-con e-child\" data-id=\"d5d0260c\" data-element_type=\"container\" data-e-type=\"container\">\n\t\t\t\t<div class=\"elementor-element elementor-element-341be2ac elementor-widget elementor-widget-text-editor\" data-id=\"341be2ac\" data-element_type=\"widget\" data-e-type=\"widget\" data-widget_type=\"text-editor.default\">\n\t\t\t\t\t\t\t\t\t<p><strong>Rituals d&#8217;apotropaisme<\/strong><\/p><p>Pers\u00e8fone, la sobirana de l&#8217;inframon, era menys objecte de ritus d&#8217;allunyament que de ritus de conciliaci\u00f3. Com que el seu nom es pronunciava amb precauci\u00f3 en la vida quotidiana, se la designava sovint de manera vetllada com Kore, \u00abla noia\u00bb, una forma ling\u00fc\u00edstica de rever\u00e8ncia cap als poders subterranis.<\/p><p>En els misteris eleusinis, el centre era l&#8217;esperan\u00e7a d&#8217;un bon dest\u00ed a l&#8217;altra vida, m\u00e9s que no pas l&#8217;allunyament.<\/p><p>Una tradici\u00f3 clarament apotropaica \u00e9s la de les l\u00e0mines d&#8217;or orficob\u00e0quiques: primes plaques d&#8217;or inscrites que s&#8217;enterraven amb els difunts i que contenien instruccions per al cam\u00ed per l&#8217;inframon, aix\u00ed com f\u00f3rmules d&#8217;adre\u00e7a a Pers\u00e8fone. Havien d&#8217;assegurar al mort el tr\u00e0nsit, un objecte de protecci\u00f3 en sentit literal.<\/p><p><strong>Invocacions<\/strong><\/p><p>Els Misteris Eleusinis constitu\u00efen la via cultual principal per posar-se b\u00e9 amb Pers\u00e8fone i Dem\u00e8ter: els iniciats n&#8217;esperaven un millor dest\u00ed despr\u00e9s de la mort. A m\u00e9s, les l\u00e0mines d&#8217;or orfiques contenen f\u00f3rmules que posen a la boca de l&#8217;\u00e0nima l&#8217;adre\u00e7a correcta a la reina de l&#8217;inframon, perqu\u00e8 aquesta l&#8217;acoll\u00eds amb benevol\u00e8ncia. El mite de la magrana, els grans de la qual van lligar Pers\u00e8fone a l&#8217;inframon, advertia tamb\u00e9 de la prud\u00e8ncia davant els aliments del regne dels morts.<\/p><p><strong>Amulets i s\u00edmbols de protecci\u00f3<\/strong><\/p><p>En el culte grec, Pers\u00e8fone, com a sobirana de l&#8217;inframon, era tractada amb rever\u00e8ncia; no es pot parlar pr\u00f2piament d&#8217;allunyament. Sovint se la designava simplement com Kore, la noia, o se la descrivia amb ep\u00edtets ben\u00e8vols per evitar pronunciar el seu nom real. Els grecs cercaven protecci\u00f3 en relaci\u00f3 amb el seu domini mitjan\u00e7ant ritus funeraris i d&#8217;enterrament correctes, que asseguraven el tr\u00e0nsit als difunts. Les tauletes de maledicci\u00f3 (defixiones) mostren, a l&#8217;inrev\u00e9s, que tamb\u00e9 se la podia invocar deliberadament, motiu pel qual el tracte respectu\u00f3s amb el seu nom es considerava un precepte.<\/p><p><strong><span class=\"iwg-fachbegriff\" data-tooltip=\"El conjunt de pr\u00e0ctiques de veneraci\u00f3 religiosa dedicades a una divinitat o figura sagrada.\" tabindex=\"0\">Culte<\/span> i veneraci\u00f3<\/strong><\/p><p>Pers\u00e8fone era central en els Misteris Eleusinis, potser encara m\u00e9s que la seva mare Dem\u00e8ter. El seu rapte i retorn es representaven dram\u00e0ticament, i els iniciats vivien aquest viatge en forma ritual. Les Antesteries, una festa dedicada a Pers\u00e8fone i als d\u00e9us de l&#8217;inframon, eren un temps en qu\u00e8 la frontera entre la vida i la mort s&#8217;afeblia.<\/p><p>Les dones pregaven a Pers\u00e8fone durant la pubertat i el casament, com a protectora del pas cap a la condici\u00f3 de dona. La representaci\u00f3 de Kore era venerada com a protectora de la virginitat; la reina d&#8217;Hades, com a protectora del matrimoni i la maternitat. Les sacerdotesses transmetien aquesta dualitat com una integraci\u00f3, no com una contradicci\u00f3.<\/p>\t\t\t\t\t\t\t\t<\/div>\n\t\t\t\t<\/div>\n\t\t\t\t\t<\/div>\n\t\t\t\t<\/div>\n\t\t<div class=\"elementor-element elementor-element-5a584676 e-flex e-con-boxed e-con e-parent\" data-id=\"5a584676\" data-element_type=\"container\" data-e-type=\"container\">\n\t\t\t\t\t<div class=\"e-con-inner\">\n\t\t\t\t<div class=\"elementor-element elementor-element-6d0757bf elementor-widget elementor-widget-heading\" data-id=\"6d0757bf\" data-element_type=\"widget\" data-e-type=\"widget\" data-widget_type=\"heading.default\">\n\t\t\t\t\t<h2 class=\"elementor-heading-title elementor-size-default\">Pers\u00e8fone, paral\u00b7lelismes en altres cultures<\/h2>\t\t\t\t<\/div>\n\t\t<div class=\"elementor-element elementor-element-60563f68 e-con-full e-flex e-con e-child\" data-id=\"60563f68\" data-element_type=\"container\" data-e-type=\"container\">\n\t\t\t\t<div class=\"elementor-element elementor-element-5a93fdd6 elementor-widget elementor-widget-text-editor\" data-id=\"5a93fdd6\" data-element_type=\"widget\" data-e-type=\"widget\" data-widget_type=\"text-editor.default\">\n\t\t\t\t\t\t\t\t\t<p>Deesses de l&#8217;inframon semblants es troben en altres cultures: Innana\/Ixtar (Mesopot\u00e0mia) tamb\u00e9 travessa l&#8217;inframon; Izanami (Jap\u00f3) governa el regne dels morts. L&#8217;episodi de la magrana de Pers\u00e8fone recorda encanteris celtes relacionats amb l&#8217;inframon i mites indis de rapte. L&#8217;aspecte del cicle anual la vincula amb divinitats vegetals com Osiris o Dion\u00eds.<\/p>\t\t\t\t\t\t\t\t<\/div>\n\t\t\t\t<\/div>\n\t\t\t\t\t<\/div>\n\t\t\t\t<\/div>\n\t\t<div class=\"elementor-element elementor-element-cp8742374 e-flex e-con-boxed e-con e-parent\" data-id=\"cp8742374\" data-element_type=\"container\" data-e-type=\"container\">\n\t\t\t\t\t<div class=\"e-con-inner\">\n\t\t\t\t<div class=\"elementor-element elementor-element-cp23b39fb elementor-widget elementor-widget-heading\" data-id=\"cp23b39fb\" data-element_type=\"widget\" data-e-type=\"widget\" data-widget_type=\"heading.default\">\n\t\t\t\t\t<h2 class=\"elementor-heading-title elementor-size-default\">El rapte de Pers\u00e8fone a l'Himne Hom\u00e8ric a Dem\u00e8ter<\/h2>\t\t\t\t<\/div>\n\t\t<div class=\"elementor-element elementor-element-cp4da9781 e-con-full e-flex e-con e-child\" data-id=\"cp4da9781\" data-element_type=\"container\" data-e-type=\"container\">\n\t\t\t\t<div class=\"elementor-element elementor-element-cp9c8ea7c elementor-widget elementor-widget-text-editor\" data-id=\"cp9c8ea7c\" data-element_type=\"widget\" data-e-type=\"widget\" data-widget_type=\"text-editor.default\">\n\t\t\t\t\t\t\t\t\t<p>El relat <span class=\"iwg-fachbegriff\" data-tooltip=\"\u00c8poca de la cultura grega i romana, aproximadament del 800 aC al 600 dC\" tabindex=\"0\">antic<\/span> m\u00e9s detallat sobre Pers\u00e8fone es troba en l&#8217;anomenat Himne hom\u00e8ric a <a href=\"https:\/\/iwell-guard.com\/ca\/?page_id=171539\">Dem\u00e8ter<\/a>, un text que probablement va sorgir al segle VII o VI aC.<\/p><p>Descriu com la noia, anomenada en l&#8217;himne majorit\u00e0riament <em>Kore<\/em>, \u00e9s a dir, simplement \u00abla noia\u00bb, cull flors en un prat. Quan agafa un narc\u00eds especialment bonic, la terra s&#8217;obre i <a href=\"https:\/\/iwell-guard.com\/ca\/?page_id=171468\">Hades<\/a> se l&#8217;emporta al seu carro cap al m\u00f3n inferior.<\/p><p>Dem\u00e8ter busca la seva filla durant nou dies per tota la terra i finalment s&#8217;assabenta, gr\u00e0cies a H\u00e8lios, el d\u00e9u sol que tot ho veu, del que ha passat.<\/p><p>Empesa per la ira i el dol, s&#8217;aparta dels d\u00e9us, fa que els camps esdevinguin est\u00e8rils i amena\u00e7a de deixar morir de fam el g\u00e8nere hum\u00e0. Nom\u00e9s aix\u00ed es veu for\u00e7at Zeus a cedir i a enviar Hermes al m\u00f3n inferior perqu\u00e8 torni Pers\u00e8fone.<\/p><p>L&#8217;episodi de la llavor de magrana \u00e9s decisiu. Abans que Pers\u00e8fone abandoni el m\u00f3n inferior, Hades li dona a menjar una llavor de magrana. Qui ha tastat l&#8217;aliment dels morts queda lligat al m\u00f3n inferior. D&#8217;aqu\u00ed sorgeix el comprom\u00eds segons el qual Pers\u00e8fone ha de passar una part de l&#8217;any amb Hades i una altra part amb la seva mare.<\/p><p>D&#8217;aquesta manera l&#8217;himne uneix el <span class=\"iwg-fachbegriff\" data-tooltip=\"Un relat transm\u00e8s sobre d\u00e9us, or\u00edgens i l'ordre del m\u00f3n.\" tabindex=\"0\">mite<\/span> directament amb el canvi de les estacions i amb el naixement i la mort de la vegetaci\u00f3. Alhora, constitueix el mite fundacional dels misteris eleusinis, la instituci\u00f3 dels quals el text atribueix a la mateixa Dem\u00e8ter.<\/p>\t\t\t\t\t\t\t\t<\/div>\n\t\t\t\t<\/div>\n\t\t\t\t\t<\/div>\n\t\t\t\t<\/div>\n\t\t<div class=\"elementor-element elementor-element-cpfe3dad8 e-flex e-con-boxed e-con e-parent\" data-id=\"cpfe3dad8\" data-element_type=\"container\" data-e-type=\"container\">\n\t\t\t\t\t<div class=\"e-con-inner\">\n\t\t\t\t<div class=\"elementor-element elementor-element-cp24a098d elementor-widget elementor-widget-heading\" data-id=\"cp24a098d\" data-element_type=\"widget\" data-e-type=\"widget\" data-widget_type=\"heading.default\">\n\t\t\t\t\t<h2 class=\"elementor-heading-title elementor-size-default\">Reina del m\u00f3n dels morts<\/h2>\t\t\t\t<\/div>\n\t\t<div class=\"elementor-element elementor-element-cp198d44d e-con-full e-flex e-con e-child\" data-id=\"cp198d44d\" data-element_type=\"container\" data-e-type=\"container\">\n\t\t\t\t<div class=\"elementor-element elementor-element-cpe43e879 elementor-widget elementor-widget-text-editor\" data-id=\"cpe43e879\" data-element_type=\"widget\" data-e-type=\"widget\" data-widget_type=\"text-editor.default\">\n\t\t\t\t\t\t\t\t\t<p>Encara que el mite del rapte marca profundament la imatge de Pers\u00e8fone, en la religi\u00f3 grega viscuda ella \u00e9s sobretot la sobirana del regne dels morts. Al costat d&#8217;Hades governa sobre els difunts, i en aquest rol apareix m\u00e9s sovint i amb m\u00e9s rever\u00e8ncia que en la figura de la noia segrestada.<\/p><p>Els grecs sovint evitaven pronunciar el seu nom i la designaven de manera indirecta, per exemple com <em>Hagne<\/em>, la Pura, o simplement com la deessa.<\/p><p>En aquesta funci\u00f3, Pers\u00e8fone apareix en nombroses escenes liter\u00e0ries. A l&#8217;<em>Odissea<\/em> \u00e9s Pers\u00e8fone qui fa pujar les multituds dels morts davant Ulisses i despr\u00e9s les fa fugir.<\/p><p>En el mite d&#8217;Orfeu \u00e9s ella qui es deixa commoure pel cant del cantor i concedeix la devoluci\u00f3 d&#8217;Eur\u00eddice. Tamb\u00e9 en les tauletes de maledicci\u00f3, les anomenades <em>defixiones<\/em>, que es col\u00b7locaven a les tombes dels difunts, se la invoca com un poder que t\u00e9 domini sobre les ombres.<\/p><p>Aquest doble paper, filla de la deessa de la vegetaci\u00f3 i senyora dels morts, ha ocupat des de fa temps la investigaci\u00f3. Walter Burkert, a la seva <em>Griechische Religion<\/em>, va destacar que ambd\u00f3s aspectes van units: el gra ha de baixar a la terra, a la fosca, perqu\u00e8 pugui n\u00e9ixer nova vida.<\/p><p>Pers\u00e8fone encarna aix\u00ed la relaci\u00f3 entre mort i fertilitat, que a l&#8217;agricultura era directament perceptible; no es pot parlar de dues funcions desconnectades. La dignitat amb qu\u00e8 els grecs es dirigien a ella en el seu paper del m\u00f3n subterrani mostra que era considerada menys com a <span class=\"iwg-fachbegriff\" data-tooltip=\"Ofrena a una divinitat per expressar gratitud, s\u00faplica o veneraci\u00f3.\" tabindex=\"0\">v\u00edctima<\/span> d&#8217;un crim que com un poder c\u00f2smic digne de respecte.<\/p>\t\t\t\t\t\t\t\t<\/div>\n\t\t\t\t<\/div>\n\t\t\t\t\t<\/div>\n\t\t\t\t<\/div>\n\t\t<div class=\"elementor-element elementor-element-cp9b8f38d e-flex e-con-boxed e-con e-parent\" data-id=\"cp9b8f38d\" data-element_type=\"container\" data-e-type=\"container\">\n\t\t\t\t\t<div class=\"e-con-inner\">\n\t\t\t\t<div class=\"elementor-element elementor-element-cp2bff7ff elementor-widget elementor-widget-heading\" data-id=\"cp2bff7ff\" data-element_type=\"widget\" data-e-type=\"widget\" data-widget_type=\"heading.default\">\n\t\t\t\t\t<h2 class=\"elementor-heading-title elementor-size-default\">Pers\u00e8fone en els misteris d'Eleusis<\/h2>\t\t\t\t<\/div>\n\t\t<div class=\"elementor-element elementor-element-cp7292d98 e-con-full e-flex e-con e-child\" data-id=\"cp7292d98\" data-element_type=\"container\" data-e-type=\"container\">\n\t\t\t\t<div class=\"elementor-element elementor-element-cp6de0ebe elementor-widget elementor-widget-text-editor\" data-id=\"cp6de0ebe\" data-element_type=\"widget\" data-e-type=\"widget\" data-widget_type=\"text-editor.default\">\n\t\t\t\t\t\t\t\t\t<p>El <span class=\"iwg-fachbegriff\" data-tooltip=\"Un lloc sagrat dedicat a la veneraci\u00f3 d'una divinitat.\" tabindex=\"0\">santuari<\/span> d&#8217;Eleusis, prop d&#8217;Atenes, era el lloc m\u00e9s important de veneraci\u00f3 a Pers\u00e8fone i Dem\u00e8ter en el m\u00f3n grec.<\/p><p>All\u00e0 se celebraven durant m\u00e9s de mil anys els misteris d&#8217;Eleusis, un culte d&#8217;iniciaci\u00f3 que prometia als iniciats, els <em>mystai<\/em>, una millor perspectiva sobre el dest\u00ed despr\u00e9s de la mort. L&#8217;himne a Dem\u00e8ter atribueix la fundaci\u00f3 d&#8217;aquest culte a la cerca de Dem\u00e8ter de la seva filla.<\/p><p>Sobre el desenvolupament exacte dels rituals secrets se sap poc, perqu\u00e8 els iniciats estaven obligats a guardar silenci i ho van complir amb notable const\u00e0ncia.<\/p><p>El marc extern \u00e9s segur: una <span class=\"iwg-fachbegriff\" data-tooltip=\"Una process\u00f3 religiosa solemne.\" tabindex=\"0\">process\u00f3<\/span> des d&#8217;Atenes a Eleusis al llarg de la Via Sacra, per\u00edodes de dejuni, una beguda especial anomenada <em>kykeon<\/em>, i celebracions nocturnes al Telesterion, la gran sala d&#8217;iniciaci\u00f3. Al centre hi havia, aparentment, la representaci\u00f3 o actualitzaci\u00f3 del dest\u00ed de les dues deesses, des de la separaci\u00f3 fins a la reuni\u00f3.<\/p><p>Fa temps que la investigaci\u00f3 discuteix qu\u00e8 se&#8217;ls prometia realment als iniciats i en qu\u00e8 consistia l&#8217;experi\u00e8ncia. Testimonis <span class=\"iwg-fachbegriff\" data-tooltip=\"\u00c8poca de la cultura grega i romana, aproximadament del 800 a. C. al 600 d. C.\" tabindex=\"0\">antics<\/span>, des de P\u00edndar fins a autors cristians, suggereixen que els misteris oferien consol davant la mort.<\/p><p>El retorn de Pers\u00e8fone del m\u00f3n dels morts servia aix\u00ed com a imatge de l&#8217;esperan\u00e7a que la mort humana no \u00e9s tampoc l&#8217;\u00faltima paraula.<\/p><p>Cal fer la constataci\u00f3 s\u00f2bria que no coneixem l&#8217;acte central de representaci\u00f3. Totes les interpretacions modernes, des de les racionalistes fins a les que suposen una subst\u00e0ncia vegetal psicoactiva en el <em>kykeon<\/em>, continuen sent hip\u00f2tesis que treballen sobre una documentaci\u00f3 deliberadament incompleta.<\/p>\t\t\t\t\t\t\t\t<\/div>\n\t\t\t\t<\/div>\n\t\t\t\t\t<\/div>\n\t\t\t\t<\/div>\n\t\t<div class=\"elementor-element elementor-element-cp60fe985 e-flex e-con-boxed e-con e-parent\" data-id=\"cp60fe985\" data-element_type=\"container\" data-e-type=\"container\">\n\t\t\t\t\t<div class=\"e-con-inner\">\n\t\t\t\t<div class=\"elementor-element elementor-element-cp75c4864 elementor-widget elementor-widget-heading\" data-id=\"cp75c4864\" data-element_type=\"widget\" data-e-type=\"widget\" data-widget_type=\"heading.default\">\n\t\t\t\t\t<h2 class=\"elementor-heading-title elementor-size-default\">Iconografia i culte a Sic\u00edlia i el sud d'It\u00e0lia<\/h2>\t\t\t\t<\/div>\n\t\t<div class=\"elementor-element elementor-element-cp2b58f9b e-con-full e-flex e-con e-child\" data-id=\"cp2b58f9b\" data-element_type=\"container\" data-e-type=\"container\">\n\t\t\t\t<div class=\"elementor-element elementor-element-cpbe4c059 elementor-widget elementor-widget-text-editor\" data-id=\"cpbe4c059\" data-element_type=\"widget\" data-e-type=\"widget\" data-widget_type=\"text-editor.default\">\n\t\t\t\t\t\t\t\t\t<p>En les arts pl\u00e0stiques, Pers\u00e8fone apareix en dos tipus b\u00e0sics. Com a Core, \u00e9s una figura femenina jove, sovint amb espigues, torxa o flors, dif\u00edcil de distingir d&#8217;altres deesses joves.<\/p><p>Com a reina de l&#8217;infram\u00f3n, es troba entronitzada al costat d&#8217;Hades, sovint amb un ceptre i de vegades amb la magrana com a atribut. Les pintures de vasos dels segles V i IV a. C. mostren repetidament el rapte per Hades, el carro, la terra oberta i Dem\u00e8ter buscant-la.<\/p><p>La veneraci\u00f3 era especialment intensa a Sic\u00edlia i a les ciutats gregues del sud d&#8217;It\u00e0lia. Sic\u00edlia era considerada l&#8217;escenari preferit del rapte; la zona al voltant del llac de Pergusa, prop d&#8217;Enna, es va identificar amb el prat de flors.<\/p><p>A Locres Epizefiris, a Cal\u00e0bria, es va trobar un gran nombre de tauletes de fang, els anomenats pinakes, que mostren escenes del mite de Pers\u00e8fone i del seu <span class=\"iwg-fachbegriff\" data-tooltip=\"El conjunt d'actes de veneraci\u00f3 religiosa dedicats a una divinitat o figura sagrada.\" tabindex=\"0\">culte<\/span>. Ofereixen una visi\u00f3 poc habitual del m\u00f3n de representacions d&#8217;una comunitat local i hi vinculen Pers\u00e8fone tamb\u00e9 amb el matrimoni i la vida conjugal.<\/p><p>La import\u00e0ncia de Pers\u00e8fone en aquesta regi\u00f3 est\u00e0 relacionada amb l&#8217;estructura econ\u00f2mica. Sic\u00edlia era un dels grans graners del m\u00f3n antic, i una deessa encarregada del gra i de l&#8217;\u00e0mbit sota la terra hi tenia un lloc fix.<\/p><p>Cicer\u00f3 relata detalladament, en els seus discursos contra Verres, el fam\u00f3s <span class=\"iwg-fachbegriff\" data-tooltip=\"Un lloc sagrat dedicat a la veneraci\u00f3 d'una divinitat.\" tabindex=\"0\">santuari<\/span> de la deessa a prop d&#8217;Enna i el sacrilegi que el governador rom\u00e0 hi va cometre. Aquests testimonis mostren que Pers\u00e8fone era molt m\u00e9s que una figura po\u00e8tica: era un poder els santuaris del qual encara gaudien de prestigi i riquesa en \u00e8poca romana.<\/p>\t\t\t\t\t\t\t\t<\/div>\n\t\t\t\t<\/div>\n\t\t\t\t\t<\/div>\n\t\t\t\t<\/div>\n\t\t<div class=\"elementor-element elementor-element-36dd7469 e-flex e-con-boxed e-con e-parent\" data-id=\"36dd7469\" data-element_type=\"container\" data-e-type=\"container\">\n\t\t\t\t\t<div class=\"e-con-inner\">\n\t\t\t\t<div class=\"elementor-element elementor-element-13760ab4 elementor-widget elementor-widget-heading\" data-id=\"13760ab4\" data-element_type=\"widget\" data-e-type=\"widget\" data-widget_type=\"heading.default\">\n\t\t\t\t\t<h2 class=\"elementor-heading-title elementor-size-default\">Enlla\u00e7os relacionats<\/h2>\t\t\t\t<\/div>\n\t\t<div class=\"elementor-element elementor-element-28c87796 e-con-full e-flex e-con e-child\" data-id=\"28c87796\" data-element_type=\"container\" data-e-type=\"container\">\n\t\t\t\t<div class=\"elementor-element elementor-element-5d6538df elementor-widget elementor-widget-text-editor\" data-id=\"5d6538df\" data-element_type=\"widget\" data-e-type=\"widget\" data-widget_type=\"text-editor.default\">\n\t\t\t\t\t\t\t\t\t<ul><li><a href=\"https:\/\/iwell-guard.com\/ca\/?page_id=171539\">Dem\u00e8ter, mare<\/a><\/li><li><a href=\"https:\/\/iwell-guard.com\/ca\/?page_id=171468\">Hades, esp\u00f2s a l&#8217;infram\u00f3n<\/a><\/li><li><a href=\"https:\/\/iwell-guard.com\/ca\/hecate\/\">H\u00e8cate, companya en el mite<\/a><\/li><li><a href=\"https:\/\/iwell-guard.com\/ca\/?page_id=171510\">Pros\u00e8rpina, equivalent romana<\/a><\/li><li><a href=\"https:\/\/iwell-guard.com\/ca\/grecia\/\">Gr\u00e8cia, panor\u00e0mica del pante\u00f3<\/a><\/li><li><a href=\"https:\/\/iwell-guard.com\/ca\/?page_id=171431\">D\u00e9us, panor\u00e0mica de classes<\/a><\/li><\/ul>\t\t\t\t\t\t\t\t<\/div>\n\t\t\t\t<\/div>\n\t\t\t\t\t<\/div>\n\t\t\t\t<\/div>\n\t\t<div class=\"elementor-element elementor-element-grl4kl40 e-flex e-con-boxed e-con e-parent\" data-id=\"grl4kl40\" data-element_type=\"container\" data-e-type=\"container\">\n\t\t\t\t\t<div class=\"e-con-inner\">\n\t\t\t\t<div class=\"elementor-element elementor-element-bzsbfrmh elementor-widget elementor-widget-heading\" data-id=\"bzsbfrmh\" data-element_type=\"widget\" data-e-type=\"widget\" data-widget_type=\"heading.default\">\n\t\t\t\t\t<h2 class=\"elementor-heading-title elementor-size-default\">Fonts i bibliografia<\/h2>\t\t\t\t<\/div>\n\t\t<div class=\"elementor-element elementor-element-2c13224a e-con-full e-flex e-con e-child\" data-id=\"2c13224a\" data-element_type=\"container\" data-e-type=\"container\">\n\t\t\t\t<div class=\"elementor-element elementor-element-0eymh9ub elementor-widget elementor-widget-text-editor\" data-id=\"0eymh9ub\" data-element_type=\"widget\" data-e-type=\"widget\" data-widget_type=\"text-editor.default\">\n\t\t\t\t\t\t\t\t\t<footer class=\"iwg-literatur\" data-nosnippet=\"true\"><ul><li><span data-nosnippet>Burkert, Walter: <em>Misteris de l&#8217;<span class=\"iwg-fachbegriff\" data-tooltip=\"\u00c8poca de la cultura grega i romana, aproximadament del 800 a. C. al 600 d. C.\" tabindex=\"0\">antiguitat<\/span>. Funcions i contingut<\/em>. Munic 1990.<\/span><\/li><li><span data-nosnippet>Foley, Helene P.: <em>The Homeric Hymn to Demeter<\/em>. Princeton 1994.<\/span><\/li><li><span data-nosnippet>Clinton, Kevin: <em>Myth and Cult. The Iconography of the Eleusinian Mysteries<\/em>. Estocolm 1992.<\/span><\/li><li>Walde, Christine (ed.): <em>Der Neue Pauly<\/em> (entrada &bdquo;Persephone&ldquo;).<\/li><li>Paus\u00e0nies: <em>Descripci\u00f3 de Gr\u00e8cia<\/em>, llibre I (Eleusis).<\/li><\/ul><\/footer>\n<p class=\"iwg-bib-more\"><span data-nosnippet>M\u00e9s obres de refer\u00e8ncia a la <a href=\"https:\/\/iwell-guard.com\/ca\/?page_id=171483\">bibliografia<\/a>.<\/span><\/p>\t\t\t\t\t\t\t\t<\/div>\n\t\t\t\t<\/div>\n\t\t\t\t\t<\/div>\n\t\t\t\t<\/div>\n\t\t<div class=\"elementor-element elementor-element-iwgkw2-add-persephone e-flex e-con-boxed e-con e-parent\" data-id=\"iwgkw2-add-persephone\" data-element_type=\"container\" data-e-type=\"container\">\n\t\t\t\t\t<div class=\"e-con-inner\">\n\t\t\t\t<div class=\"elementor-element elementor-element-iwgkw2-add-persephone-t elementor-widget elementor-widget-text-editor\" data-id=\"iwgkw2-add-persephone-t\" data-element_type=\"widget\" data-e-type=\"widget\" data-widget_type=\"text-editor.default\">\n\t\t\t\t\t\t\t\t\t<p>En la <em><span class=\"iwg-fachbegriff\" data-tooltip=\"El conjunt de relats mitol\u00f2gics transmesos per una cultura sobre els seus d\u00e9us.\" tabindex=\"0\">mitologia<\/span><\/em> grega, Pers\u00e8fone personifica el canvi de les estacions: com a filla de Dem\u00e8ter i esposa d&#8217;Hades, divideix el seu any entre el m\u00f3n dels vius i l&#8217;infram\u00f3n, i \u00e9s venerada com a Core en els misteris eleusins.<\/p>\t\t\t\t\t\t\t\t<\/div>\n\t\t\t\t\t<\/div>\n\t\t\t\t<\/div>\n\t\t<div class=\"elementor-element elementor-element-c678c54 e-con-boxed e-flex e-con e-parent\" data-id=\"c678c54\" data-element_type=\"container\" data-e-type=\"container\">\n\t\t\t\t\t<div class=\"e-con-inner\">\n\t\t\t\t<div class=\"elementor-element elementor-element-c343e0f elementor-widget elementor-widget-text-editor\" data-id=\"c343e0f\" data-element_type=\"widget\" data-e-type=\"widget\" data-widget_type=\"text-editor.default\">\n\t\t\t\t\t\t\t\t\t\n<h2>Preguntes freq\u00fcents sobre Pers\u00e8fone<\/h2>\n<div class=\"iwg-faq-q\"><h3>Qui \u00e9s Pers\u00e8fone en la <span class=\"iwg-fachbegriff\" data-tooltip=\"El conjunt de relats mitol\u00f2gics transmesos per una cultura sobre els seus d\u00e9us.\" tabindex=\"0\">mitologia<\/span> grega?<\/h3><p>Pers\u00e8fone (en rom\u00e0, Pros\u00e8rpina) \u00e9s filla de Dem\u00e8ter (deessa de la collita) i de Zeus. El <span class=\"iwg-fachbegriff\" data-tooltip=\"Un relat transm\u00e8s sobre d\u00e9us, or\u00edgens i l'ordre del m\u00f3n.\" tabindex=\"0\">mite<\/span> central: Pers\u00e8fone \u00e9s raptada per Hades, el governant de l&#8217;infram\u00f3n. Dem\u00e8ter es dol tant que la terra queda erma.<\/p><p>Zeus interv\u00e9 i Pers\u00e8fone pot passar dos ter\u00e7os de l&#8217;any amb la mare (primavera, estiu, tardor) i un ter\u00e7 com a reina de l&#8217;infram\u00f3n (hivern). Aquest <span class=\"iwg-fachbegriff\" data-tooltip=\"Un relat transm\u00e8s sobre d\u00e9us, or\u00edgens i l'ordre del m\u00f3n.\" tabindex=\"0\">mite<\/span> \u00e9s l&#8217;explicaci\u00f3 religiosa del cicle anual i la base dels misteris eleusins.<\/p><\/div>\n<div class=\"iwg-faq-q\"><h3>Qu\u00e8 eren els misteris eleusins?<\/h3><p>Els misteris eleusins van ser el culte de misteris m\u00e9s important de la Gr\u00e8cia antiga, practicat durant gaireb\u00e9 dos mil anys (aproximadament del 1500 a. C. al 392 d. C.).<\/p><p>Al <span class=\"iwg-fachbegriff\" data-tooltip=\"Un lloc sagrat dedicat a la veneraci\u00f3 d'una divinitat.\" tabindex=\"0\">santuari<\/span> d&#8217;Eleusis, prop d&#8217;Atenes, els iniciats vivien el drama de Dem\u00e8ter i Pers\u00e8fone com una <span class=\"iwg-fachbegriff\" data-tooltip=\"Transici\u00f3 ritual per la qual alg\u00fa \u00e9s adm\u00e8s en un nou estatus o en una comunitat.\" tabindex=\"0\">iniciaci\u00f3<\/span>, com una promesa que ni tan sols la mort n&#8217;\u00e9s la fi. Els ritus exactes eren un secret rigor\u00f3s (el vot de silenci eleus\u00ed). Entre els iniciats c\u00e8lebres hi havia S\u00f2focles, Plat\u00f3, Cicer\u00f3, August i Marc Aureli.<\/p><\/div>\n<script type=\"application\/ld+json\">{\"@context\":\"https:\/\/schema.org\",\"@type\":\"FAQPage\",\"mainEntity\":[{\"@type\":\"Question\",\"name\":\"Wer ist Persephone in der griechischen Mythologie?\",\"acceptedAnswer\":{\"@type\":\"Answer\",\"text\":\"Persephone (r\u00f6misch Proserpina) ist die Tochter der Demeter (Ernteg\u00f6ttin) und des Zeus. Der zentrale Mythos: Persephone wird von Hades, dem Herrscher der Unterwelt, geraubt. Demeter trauert so sehr, dass die Erde d\u00fcrr wird.Zeus vermittelt, Persephone darf zwei Drittel des Jahres bei der Mutter (Fr\u00fchling, Sommer, Herbst), ein Drittel als K\u00f6nigin der Unterwelt verbringen (Winter). Dieser Mythos ist die religi\u00f6se Erkl\u00e4rung des Jahreszyklus und Grundlage der Eleusinischen Mysterien.\"}},{\"@type\":\"Question\",\"name\":\"Was waren die Eleusinischen Mysterien?\",\"acceptedAnswer\":{\"@type\":\"Answer\",\"text\":\"Die Eleusinischen Mysterien waren der wichtigste Mysterienkult des antiken Griechenlands, \u00fcber fast zweitausend Jahre praktiziert (etwa 1500 v. Chr. bis 392 n. Chr.).Im Heiligtum von Eleusis bei Athen erlebten Eingeweihte das Drama von Demeter und Persephone als Initiation, als Versprechen, dass auch der Tod nicht das Ende bedeutet. Die genauen Riten waren strengstes Geheimnis (Eleusinische Schweigepflicht). Ber\u00fchmte Eingeweihte waren u.a. Sophokles, Platon, Cicero, Augustus und Marc Aurel.\"}}]}<\/script>\t\t\t\t\t\t\t\t<\/div>\n\t\t\t\t\t<\/div>\n\t\t\t\t<\/div>\n\t\t\t\t<\/div>\n\t\t","protected":false},"excerpt":{"rendered":"","protected":false},"author":3,"featured_media":1725,"parent":0,"menu_order":0,"comment_status":"closed","ping_status":"closed","template":"elementor_header_footer","meta":{"_yoast_wpseo_focuskw":"Pers\u00e8fone","_yoast_wpseo_title":"Pers\u00e8fone \u2013 deessa grega de l'infram\u00f3n","_yoast_wpseo_metadesc":"Filla de Dem\u00e8ter, reina de l'infram\u00f3n, magrana i misteris eleusins. S\u00edmbol de mort, renaixement i cicle de les estacions.","_yoast_wpseo_meta-robots-noindex":"","_yoast_wpseo_canonical":"","_angie_page":false,"gefaehrdungsstufe":"2","wesen_kultur":"griechenland","wesen_klasse":"goetter","footnotes":""},"categories":[],"class_list":["post-171502","page","type-page","status-publish","has-post-thumbnail","hentry"],"yoast_head":"<!-- This site is optimized with the Yoast SEO Premium plugin v27.7 (Yoast SEO v28.3) - https:\/\/yoast.com\/product\/yoast-seo-premium-wordpress\/ -->\n<title>Pers\u00e8fone \u2013 deessa grega de l&#039;infram\u00f3n<\/title>\n<meta name=\"description\" content=\"Filla de Dem\u00e8ter, reina de l&#039;infram\u00f3n, magrana i misteris eleusins. S\u00edmbol de mort, renaixement i cicle de les estacions.\" \/>\n<meta name=\"robots\" content=\"index, follow, max-snippet:-1, max-image-preview:large, max-video-preview:-1\" \/>\n<link rel=\"canonical\" href=\"https:\/\/iwell-guard.com\/ca\/persefone\/\" \/>\n<meta property=\"og:locale\" content=\"ca_ES\" \/>\n<meta property=\"og:type\" content=\"article\" \/>\n<meta property=\"og:title\" content=\"Pers\u00e8fone\" \/>\n<meta property=\"og:description\" content=\"Filla de Dem\u00e8ter, reina de l&#039;infram\u00f3n, magrana i misteris eleusins. S\u00edmbol de mort, renaixement i cicle de les estacions.\" \/>\n<meta property=\"og:url\" content=\"https:\/\/iwell-guard.com\/ca\/persefone\/\" \/>\n<meta property=\"og:site_name\" content=\"iWell Guard\" \/>\n<meta property=\"article:modified_time\" content=\"2026-09-05T15:59:20+00:00\" \/>\n<meta property=\"og:image\" content=\"https:\/\/iwell-guard.com\/wp-content\/uploads\/2026\/04\/goetter_griechenland_persephone.webp\" \/>\n\t<meta property=\"og:image:width\" content=\"1024\" \/>\n\t<meta property=\"og:image:height\" content=\"1536\" \/>\n\t<meta property=\"og:image:type\" content=\"image\/webp\" \/>\n<meta name=\"twitter:card\" content=\"summary_large_image\" \/>\n<script type=\"application\/ld+json\" class=\"yoast-schema-graph\">{\"@context\":\"https:\\\/\\\/schema.org\",\"@graph\":[{\"@type\":\"WebPage\",\"@id\":\"https:\\\/\\\/iwell-guard.com\\\/ca\\\/persefone\\\/\",\"url\":\"https:\\\/\\\/iwell-guard.com\\\/ca\\\/persefone\\\/\",\"name\":\"Pers\u00e8fone \u2013 deessa grega de l'infram\u00f3n\",\"isPartOf\":{\"@id\":\"https:\\\/\\\/iwell-guard.com\\\/ca\\\/#website\"},\"primaryImageOfPage\":{\"@id\":\"https:\\\/\\\/iwell-guard.com\\\/ca\\\/persefone\\\/#primaryimage\"},\"image\":{\"@id\":\"https:\\\/\\\/iwell-guard.com\\\/ca\\\/persefone\\\/#primaryimage\"},\"thumbnailUrl\":\"https:\\\/\\\/iwell-guard.com\\\/wp-content\\\/uploads\\\/2026\\\/04\\\/goetter_griechenland_persephone.webp\",\"datePublished\":\"2026-09-05T15:39:54+00:00\",\"dateModified\":\"2026-09-05T15:59:20+00:00\",\"description\":\"Filla de Dem\u00e8ter, reina de l'infram\u00f3n, magrana i misteris eleusins. S\u00edmbol de mort, renaixement i cicle de les estacions.\",\"breadcrumb\":{\"@id\":\"https:\\\/\\\/iwell-guard.com\\\/ca\\\/persefone\\\/#breadcrumb\"},\"inLanguage\":\"ca\",\"potentialAction\":[{\"@type\":\"ReadAction\",\"target\":[\"https:\\\/\\\/iwell-guard.com\\\/ca\\\/persefone\\\/\"]}]},{\"@type\":\"ImageObject\",\"inLanguage\":\"ca\",\"@id\":\"https:\\\/\\\/iwell-guard.com\\\/ca\\\/persefone\\\/#primaryimage\",\"url\":\"https:\\\/\\\/iwell-guard.com\\\/wp-content\\\/uploads\\\/2026\\\/04\\\/goetter_griechenland_persephone.webp\",\"contentUrl\":\"https:\\\/\\\/iwell-guard.com\\\/wp-content\\\/uploads\\\/2026\\\/04\\\/goetter_griechenland_persephone.webp\",\"width\":1024,\"height\":1536,\"caption\":\"D\u00e9us de la tradici\u00f3 grega.\"},{\"@type\":\"BreadcrumbList\",\"@id\":\"https:\\\/\\\/iwell-guard.com\\\/ca\\\/persefone\\\/#breadcrumb\",\"itemListElement\":[{\"@type\":\"ListItem\",\"position\":1,\"name\":\"Start\",\"item\":\"https:\\\/\\\/iwell-guard.com\\\/ca\\\/?page_id=171333\"},{\"@type\":\"ListItem\",\"position\":2,\"name\":\"Pers\u00e8fone\"}]},{\"@type\":\"WebSite\",\"@id\":\"https:\\\/\\\/iwell-guard.com\\\/ca\\\/#website\",\"url\":\"https:\\\/\\\/iwell-guard.com\\\/ca\\\/\",\"name\":\"iWell Guard\",\"description\":\"Schutz vor dunklen Einfl\u00fcssen\",\"publisher\":{\"@id\":\"https:\\\/\\\/iwell-guard.com\\\/ca\\\/#organization\"},\"potentialAction\":[{\"@type\":\"SearchAction\",\"target\":{\"@type\":\"EntryPoint\",\"urlTemplate\":\"https:\\\/\\\/iwell-guard.com\\\/ca\\\/?s={search_term_string}\"},\"query-input\":{\"@type\":\"PropertyValueSpecification\",\"valueRequired\":true,\"valueName\":\"search_term_string\"}}],\"inLanguage\":\"ca\"},{\"@type\":\"Organization\",\"@id\":\"https:\\\/\\\/iwell-guard.com\\\/ca\\\/#organization\",\"name\":\"Ittermann electronic GmbH\",\"url\":\"https:\\\/\\\/iwell-guard.com\\\/ca\\\/\",\"logo\":{\"@type\":\"ImageObject\",\"inLanguage\":\"ca\",\"@id\":\"https:\\\/\\\/iwell-guard.com\\\/ca\\\/#\\\/schema\\\/logo\\\/image\\\/\",\"url\":\"https:\\\/\\\/iwell-guard.com\\\/wp-content\\\/uploads\\\/2026\\\/05\\\/Ittermann-Logo-1182x237-1.png\",\"contentUrl\":\"https:\\\/\\\/iwell-guard.com\\\/wp-content\\\/uploads\\\/2026\\\/05\\\/Ittermann-Logo-1182x237-1.png\",\"width\":1182,\"height\":237,\"caption\":\"Ittermann electronic GmbH\"},\"image\":{\"@id\":\"https:\\\/\\\/iwell-guard.com\\\/ca\\\/#\\\/schema\\\/logo\\\/image\\\/\"},\"sameAs\":[\"https:\\\/\\\/pantip.com\\\/profile\\\/9367242\",\"https:\\\/\\\/micro.blog\\\/iwellguard\",\"https:\\\/\\\/www.diggerslist.com\\\/iwellguard\\\/about\",\"https:\\\/\\\/skitterphoto.com\\\/photographers\\\/2870314\\\/iwell-guard\",\"https:\\\/\\\/iwellguard.wordpress.com\\\/2026\\\/06\\\/06\\\/iwell-guard\\\/\",\"https:\\\/\\\/hub.docker.com\\\/u\\\/iwellguard\",\"https:\\\/\\\/www.pinterest.com\\\/iwellguard\\\/\",\"https:\\\/\\\/bit.ly\\\/m\\\/iwellguard\",\"https:\\\/\\\/entre-vos-mains.alsace.eu\\\/profiles\\\/iwellguard\\\/activity\",\"https:\\\/\\\/gravatar.com\\\/reallybeded8fd34\",\"https:\\\/\\\/naijamatta.com\\\/iwellguard\",\"https:\\\/\\\/www.goodreads.com\\\/iwellguard\",\"https:\\\/\\\/profile.hatena.ne.jp\\\/iwellguard\\\/\",\"https:\\\/\\\/experiment.com\\\/users\\\/iwellguard\",\"https:\\\/\\\/wakelet.com\\\/@iWellGuard82270\",\"https:\\\/\\\/www.chordie.com\\\/forum\\\/profile.php?id=2555664\",\"https:\\\/\\\/www.instapaper.com\\\/p\\\/17757966\",\"https:\\\/\\\/www.mapleprimes.com\\\/users\\\/iwellguard\",\"https:\\\/\\\/businesslistingplus.com\\\/profile\\\/iwell-guard\\\/\",\"https:\\\/\\\/telegra.ph\\\/iWell-Guard-06-06\",\"https:\\\/\\\/pbase.com\\\/iwellguard\\\/iwellguard\",\"https:\\\/\\\/b.hatena.ne.jp\\\/iwellguard\\\/20260607#bookmark-4788405196491818882\",\"https:\\\/\\\/fliphtml5.com\\\/home\\\/iwellguard\",\"https:\\\/\\\/anyflip.com\\\/homepage\\\/cmiwl#About\",\"https:\\\/\\\/transfur.com\\\/Users\\\/iwellguard\",\"http:\\\/\\\/delphi.larsbo.org\\\/user\\\/iwellguard\",\"https:\\\/\\\/jobs.lajobsportal.org\\\/profiles\\\/8380803-iwell-guard\",\"https:\\\/\\\/md.chaosdorf.de\\\/s\\\/jfbe5SBdJD\",\"https:\\\/\\\/www.lingvolive.com\\\/en-us\\\/profile\\\/9ecaeaca-ce11-4e51-9e71-01d55e2bff36\\\/translations\",\"https:\\\/\\\/www.fitday.com\\\/fitness\\\/forums\\\/members\\\/iwellguard.html\",\"https:\\\/\\\/www.mymeetbook.com\\\/iwellguard\",\"https:\\\/\\\/pxhere.com\\\/en\\\/photographer-me\\\/5040798\",\"https:\\\/\\\/disqus.com\\\/by\\\/iwellguard\\\/about\\\/\",\"https:\\\/\\\/pastelink.net\\\/hjwciqwq\",\"https:\\\/\\\/pubhtml5.com\\\/homepage\\\/scjhn\\\/\",\"https:\\\/\\\/www.bitchute.com\\\/channel\\\/2O2eOKzNqujT\",\"https:\\\/\\\/audiomack.com\\\/iwellguard\"]},{\"@type\":\"Article\",\"@id\":\"https:\\\/\\\/iwell-guard.com\\\/ca\\\/persefone\\\/#article\",\"isPartOf\":{\"@id\":\"https:\\\/\\\/iwell-guard.com\\\/ca\\\/persefone\\\/\"},\"author\":{\"name\":\"Ralf Ittermann\",\"@id\":\"https:\\\/\\\/iwell-guard.com\\\/ca\\\/#\\\/schema\\\/person\\\/ee2a27f1cac3406c7c6fb5820cb7349f\"},\"headline\":\"Pers\u00e8fone\",\"datePublished\":\"2026-09-05T15:39:54+00:00\",\"dateModified\":\"2026-09-05T15:59:20+00:00\",\"mainEntityOfPage\":{\"@id\":\"https:\\\/\\\/iwell-guard.com\\\/ca\\\/persefone\\\/\"},\"publisher\":{\"@id\":\"https:\\\/\\\/iwell-guard.com\\\/ca\\\/#organization\"},\"image\":{\"@id\":\"https:\\\/\\\/iwell-guard.com\\\/ca\\\/persefone\\\/#primaryimage\"},\"thumbnailUrl\":\"https:\\\/\\\/iwell-guard.com\\\/wp-content\\\/uploads\\\/2026\\\/04\\\/goetter_griechenland_persephone.webp\",\"inLanguage\":\"ca\",\"description\":\"Filla de Dem\u00e8ter, reina de l'infram\u00f3n, magrana i misteris eleusins. S\u00edmbol de mort, renaixement i cicle de les estacions.\"}]}<\/script>\n<!-- \/ Yoast SEO Premium plugin. -->","yoast_head_json":{"title":"Pers\u00e8fone \u2013 deessa grega de l'infram\u00f3n","description":"Filla de Dem\u00e8ter, reina de l'infram\u00f3n, magrana i misteris eleusins. S\u00edmbol de mort, renaixement i cicle de les estacions.","robots":{"index":"index","follow":"follow","max-snippet":"max-snippet:-1","max-image-preview":"max-image-preview:large","max-video-preview":"max-video-preview:-1"},"canonical":"https:\/\/iwell-guard.com\/ca\/persefone\/","og_locale":"ca_ES","og_type":"article","og_title":"Pers\u00e8fone","og_description":"Filla de Dem\u00e8ter, reina de l'infram\u00f3n, magrana i misteris eleusins. S\u00edmbol de mort, renaixement i cicle de les estacions.","og_url":"https:\/\/iwell-guard.com\/ca\/persefone\/","og_site_name":"iWell Guard","article_modified_time":"2026-09-05T15:59:20+00:00","og_image":[{"width":1024,"height":1536,"url":"https:\/\/iwell-guard.com\/wp-content\/uploads\/2026\/04\/goetter_griechenland_persephone.webp","type":"image\/webp"}],"twitter_card":"summary_large_image","schema":{"@context":"https:\/\/schema.org","@graph":[{"@type":"Article","@id":"https:\/\/iwell-guard.com\/ca\/persefone\/#article","isPartOf":{"@id":"https:\/\/iwell-guard.com\/ca\/persefone\/"},"author":{"name":"Ralf Ittermann","@id":"https:\/\/iwell-guard.com\/ca\/#\/schema\/person\/ee2a27f1cac3406c7c6fb5820cb7349f"},"headline":"Pers\u00e8fone","datePublished":"2026-09-05T15:39:54+00:00","dateModified":"2026-09-05T15:59:20+00:00","mainEntityOfPage":{"@id":"https:\/\/iwell-guard.com\/ca\/persefone\/"},"publisher":{"@id":"https:\/\/iwell-guard.com\/ca\/#organization"},"image":{"@id":"https:\/\/iwell-guard.com\/ca\/persefone\/#primaryimage"},"thumbnailUrl":"https:\/\/iwell-guard.com\/wp-content\/uploads\/2026\/04\/goetter_griechenland_persephone.webp","inLanguage":"ca","description":"Filla de Dem\u00e8ter, reina de l'infram\u00f3n, magrana i misteris eleusins. S\u00edmbol de mort, renaixement i cicle de les estacions."},{"@type":"WebPage","@id":"https:\/\/iwell-guard.com\/ca\/persefone\/","url":"https:\/\/iwell-guard.com\/ca\/persefone\/","name":"Pers\u00e8fone \u2013 deessa grega de l'infram\u00f3n","isPartOf":{"@id":"https:\/\/iwell-guard.com\/ca\/#website"},"primaryImageOfPage":{"@id":"https:\/\/iwell-guard.com\/ca\/persefone\/#primaryimage"},"image":{"@id":"https:\/\/iwell-guard.com\/ca\/persefone\/#primaryimage"},"thumbnailUrl":"https:\/\/iwell-guard.com\/wp-content\/uploads\/2026\/04\/goetter_griechenland_persephone.webp","datePublished":"2026-09-05T15:39:54+00:00","dateModified":"2026-09-05T15:59:20+00:00","description":"Filla de Dem\u00e8ter, reina de l'infram\u00f3n, magrana i misteris eleusins. S\u00edmbol de mort, renaixement i cicle de les estacions.","breadcrumb":{"@id":"https:\/\/iwell-guard.com\/ca\/persefone\/#breadcrumb"},"inLanguage":"ca","potentialAction":[{"@type":"ReadAction","target":["https:\/\/iwell-guard.com\/ca\/persefone\/"]}]},{"@type":"ImageObject","inLanguage":"ca","@id":"https:\/\/iwell-guard.com\/ca\/persefone\/#primaryimage","url":"https:\/\/iwell-guard.com\/wp-content\/uploads\/2026\/04\/goetter_griechenland_persephone.webp","contentUrl":"https:\/\/iwell-guard.com\/wp-content\/uploads\/2026\/04\/goetter_griechenland_persephone.webp","width":1024,"height":1536,"caption":"D\u00e9us de la tradici\u00f3 grega."},{"@type":"BreadcrumbList","@id":"https:\/\/iwell-guard.com\/ca\/persefone\/#breadcrumb","itemListElement":[{"@type":"ListItem","position":1,"name":"Start","item":"https:\/\/iwell-guard.com\/ca\/?page_id=171333"},{"@type":"ListItem","position":2,"name":"Pers\u00e8fone"}]},{"@type":"WebSite","@id":"https:\/\/iwell-guard.com\/ca\/#website","url":"https:\/\/iwell-guard.com\/ca\/","name":"iWell Guard","description":"Schutz vor dunklen Einfl\u00fcssen","publisher":{"@id":"https:\/\/iwell-guard.com\/ca\/#organization"},"potentialAction":[{"@type":"SearchAction","target":{"@type":"EntryPoint","urlTemplate":"https:\/\/iwell-guard.com\/ca\/?s={search_term_string}"},"query-input":{"@type":"PropertyValueSpecification","valueRequired":true,"valueName":"search_term_string"}}],"inLanguage":"ca"},{"@type":"Organization","@id":"https:\/\/iwell-guard.com\/ca\/#organization","name":"Ittermann electronic GmbH","url":"https:\/\/iwell-guard.com\/ca\/","logo":{"@type":"ImageObject","inLanguage":"ca","@id":"https:\/\/iwell-guard.com\/ca\/#\/schema\/logo\/image\/","url":"https:\/\/iwell-guard.com\/wp-content\/uploads\/2026\/05\/Ittermann-Logo-1182x237-1.png","contentUrl":"https:\/\/iwell-guard.com\/wp-content\/uploads\/2026\/05\/Ittermann-Logo-1182x237-1.png","width":1182,"height":237,"caption":"Ittermann electronic GmbH"},"image":{"@id":"https:\/\/iwell-guard.com\/ca\/#\/schema\/logo\/image\/"},"sameAs":["https:\/\/pantip.com\/profile\/9367242","https:\/\/micro.blog\/iwellguard","https:\/\/www.diggerslist.com\/iwellguard\/about","https:\/\/skitterphoto.com\/photographers\/2870314\/iwell-guard","https:\/\/iwellguard.wordpress.com\/2026\/06\/06\/iwell-guard\/","https:\/\/hub.docker.com\/u\/iwellguard","https:\/\/www.pinterest.com\/iwellguard\/","https:\/\/bit.ly\/m\/iwellguard","https:\/\/entre-vos-mains.alsace.eu\/profiles\/iwellguard\/activity","https:\/\/gravatar.com\/reallybeded8fd34","https:\/\/naijamatta.com\/iwellguard","https:\/\/www.goodreads.com\/iwellguard","https:\/\/profile.hatena.ne.jp\/iwellguard\/","https:\/\/experiment.com\/users\/iwellguard","https:\/\/wakelet.com\/@iWellGuard82270","https:\/\/www.chordie.com\/forum\/profile.php?id=2555664","https:\/\/www.instapaper.com\/p\/17757966","https:\/\/www.mapleprimes.com\/users\/iwellguard","https:\/\/businesslistingplus.com\/profile\/iwell-guard\/","https:\/\/telegra.ph\/iWell-Guard-06-06","https:\/\/pbase.com\/iwellguard\/iwellguard","https:\/\/b.hatena.ne.jp\/iwellguard\/20260607#bookmark-4788405196491818882","https:\/\/fliphtml5.com\/home\/iwellguard","https:\/\/anyflip.com\/homepage\/cmiwl#About","https:\/\/transfur.com\/Users\/iwellguard","http:\/\/delphi.larsbo.org\/user\/iwellguard","https:\/\/jobs.lajobsportal.org\/profiles\/8380803-iwell-guard","https:\/\/md.chaosdorf.de\/s\/jfbe5SBdJD","https:\/\/www.lingvolive.com\/en-us\/profile\/9ecaeaca-ce11-4e51-9e71-01d55e2bff36\/translations","https:\/\/www.fitday.com\/fitness\/forums\/members\/iwellguard.html","https:\/\/www.mymeetbook.com\/iwellguard","https:\/\/pxhere.com\/en\/photographer-me\/5040798","https:\/\/disqus.com\/by\/iwellguard\/about\/","https:\/\/pastelink.net\/hjwciqwq","https:\/\/pubhtml5.com\/homepage\/scjhn\/","https:\/\/www.bitchute.com\/channel\/2O2eOKzNqujT","https:\/\/audiomack.com\/iwellguard"]},{"@type":"Person","@id":"https:\/\/iwell-guard.com\/ca\/#\/schema\/person\/ee2a27f1cac3406c7c6fb5820cb7349f","name":"Ralf Ittermann","image":{"@type":"ImageObject","inLanguage":"ca","@id":"https:\/\/secure.gravatar.com\/avatar\/073c0153e350a5005b68eb752b445fea71f6b24a26da9449ad7e155e6b446c9d?s=96&d=mm&r=g","url":"https:\/\/secure.gravatar.com\/avatar\/073c0153e350a5005b68eb752b445fea71f6b24a26da9449ad7e155e6b446c9d?s=96&d=mm&r=g","contentUrl":"https:\/\/secure.gravatar.com\/avatar\/073c0153e350a5005b68eb752b445fea71f6b24a26da9449ad7e155e6b446c9d?s=96&d=mm&r=g","caption":"Ralf Ittermann"},"givenName":"Ralf","familyName":"Ittermann","jobTitle":"Gesch\u00e4ftsf\u00fchrer und redaktioneller Verantwortlicher","url":"https:\/\/iwell-guard.com\/ca\/author\/claude\/","description":"Ralf Ittermann ist Gesch\u00e4ftsf\u00fchrer der Ittermann electronic GmbH und redaktioneller Verantwortlicher des iWell-Guard-Lexikons. Er verbindet langj\u00e4hrige Erfahrung in der Pr\u00e4zisionsfertigung mit medialer Praxis und religionsgeschichtlicher Quellenarbeit.","worksFor":{"@type":"Organization","name":"Ittermann electronic GmbH","url":"https:\/\/ittermann.de\/","address":{"@type":"PostalAddress","streetAddress":"K\u00f6hlergasse 16-18","postalCode":"99842","addressLocality":"Ruhla","addressCountry":"DE"}},"knowsAbout":["Religionsgeschichte","Mythologie","Mediale Praxis","Energetische Diagnostik","Schutzpraxis","Volksglauben","Westliche Esoterik"]},{"@type":"Article","@id":"https:\/\/iwell-guard.com\/ca\/persefone\/#article","isPartOf":{"@id":"https:\/\/iwell-guard.com\/ca\/persefone\/"},"author":{"name":"Ralf Ittermann","@id":"https:\/\/iwell-guard.com\/ca\/#\/schema\/person\/ee2a27f1cac3406c7c6fb5820cb7349f"},"headline":"Pers\u00e8fone","datePublished":"2026-09-05T15:39:54+00:00","dateModified":"2026-09-05T15:59:20+00:00","mainEntityOfPage":{"@id":"https:\/\/iwell-guard.com\/ca\/persefone\/"},"publisher":{"@id":"https:\/\/iwell-guard.com\/ca\/#organization"},"image":{"@id":"https:\/\/iwell-guard.com\/ca\/persefone\/#primaryimage"},"thumbnailUrl":"https:\/\/iwell-guard.com\/wp-content\/uploads\/2026\/04\/goetter_griechenland_persephone.webp","inLanguage":"ca","description":"Filla de Dem\u00e8ter, reina de l'infram\u00f3n, magrana i misteris eleusins. S\u00edmbol de mort, renaixement i cicle de les estacions."}]}},"_links":{"self":[{"href":"https:\/\/iwell-guard.com\/ca\/wp-json\/wp\/v2\/pages\/171502","targetHints":{"allow":["GET"]}}],"collection":[{"href":"https:\/\/iwell-guard.com\/ca\/wp-json\/wp\/v2\/pages"}],"about":[{"href":"https:\/\/iwell-guard.com\/ca\/wp-json\/wp\/v2\/types\/page"}],"author":[{"embeddable":true,"href":"https:\/\/iwell-guard.com\/ca\/wp-json\/wp\/v2\/users\/3"}],"replies":[{"embeddable":true,"href":"https:\/\/iwell-guard.com\/ca\/wp-json\/wp\/v2\/comments?post=171502"}],"version-history":[{"count":0,"href":"https:\/\/iwell-guard.com\/ca\/wp-json\/wp\/v2\/pages\/171502\/revisions"}],"wp:featuredmedia":[{"embeddable":true,"href":"https:\/\/iwell-guard.com\/ca\/wp-json\/wp\/v2\/media\/1725"}],"wp:attachment":[{"href":"https:\/\/iwell-guard.com\/ca\/wp-json\/wp\/v2\/media?parent=171502"}],"wp:term":[{"taxonomy":"category","embeddable":true,"href":"https:\/\/iwell-guard.com\/ca\/wp-json\/wp\/v2\/categories?post=171502"}],"curies":[{"name":"wp","href":"https:\/\/api.w.org\/{rel}","templated":true}]}}