{"id":171501,"date":"2026-09-05T15:39:54","date_gmt":"2026-09-05T15:39:54","guid":{"rendered":"https:\/\/iwell-guard.com\/?page_id=171501"},"modified":"2026-09-05T15:59:19","modified_gmt":"2026-09-05T15:59:19","slug":"nergal","status":"publish","type":"page","link":"https:\/\/iwell-guard.com\/ca\/nergal\/","title":{"rendered":"Nergal"},"content":{"rendered":"\t\t<div data-elementor-type=\"wp-page\" data-elementor-id=\"171501\" class=\"elementor elementor-171501 elementor-1962 elementor-bc-flex-widget\" data-elementor-post-type=\"page\">\n\t\t\t\t<div class=\"elementor-element elementor-element-10fdade e-flex e-con-boxed e-con e-parent\" data-id=\"10fdade\" data-element_type=\"container\" data-e-type=\"container\" data-settings=\"{&quot;background_background&quot;:&quot;classic&quot;}\">\n\t\t\t\t\t<div class=\"e-con-inner\">\n\t\t<div class=\"elementor-element elementor-element-herohlft0 e-flex e-con-boxed e-con e-child\" data-id=\"herohlft0\" data-element_type=\"container\" data-e-type=\"container\">\n\t\t\t\t\t<div class=\"e-con-inner\">\n\t\t<div class=\"elementor-element elementor-element-c3ceb64 e-con-full e-flex e-con e-child\" data-id=\"c3ceb64\" data-element_type=\"container\" data-e-type=\"container\">\n\t\t\t\t<div class=\"elementor-element elementor-element-96ae5e1 elementor-widget elementor-widget-heading\" data-id=\"96ae5e1\" data-element_type=\"widget\" data-e-type=\"widget\" data-widget_type=\"heading.default\">\n\t\t\t\t\t<h1 class=\"elementor-heading-title elementor-size-default\">Nergal, d\u00e9u de la tradici\u00f3 mesopot\u00e0mica<\/h1>\t\t\t\t<\/div>\n\t\t\t\t<div class=\"elementor-element elementor-element-e45238a elementor-widget elementor-widget-text-editor\" data-id=\"e45238a\" data-element_type=\"widget\" data-e-type=\"widget\" data-widget_type=\"text-editor.default\">\n\t\t\t\t\t\t\t\t\t<p>Nergal \u00e9s d\u00e9u de la tradici\u00f3 mesopot\u00e0mica.<\/p><p><strong>D\u00e9u de la guerra, portador de la pesta, cogovernant de l&#8217;infram\u00f3n.<\/strong> Nergal \u00e9s el terrible d\u00e9u doble de Mesopot\u00e0mia, a dalt el rostre de la guerra i de la pesta, a baix el fosc govern sobre Irkalla al costat d&#8217;Ereshkigal.<\/p><p>Comen\u00e7a com un \u00e9sser solar i salvatge, per\u00f2 el seu matrimoni amb la reina de l&#8217;infram\u00f3n el converteix en una part temuda per\u00f2 necess\u00e0ria de l&#8217;ordre c\u00f2smic. On Nergal esclata, hi segueixen la pesta, la guerra i la crida dels morts.<\/p><p>Nergal \u00e9s, com a d\u00e9u de la guerra, alhora regent de l&#8217;infram\u00f3n al costat d&#8217;Ereshkigal. Com a d\u00e9u de la guerra i regent de l&#8217;infram\u00f3n al costat d&#8217;Ereshkigal, Nergal figura entre les divinitats m\u00e9s temudes de Mesopot\u00e0mia.<\/p>\t\t\t\t\t\t\t\t<\/div>\n\t\t\t\t<\/div>\n\t\t<div class=\"elementor-element elementor-element-klsbdg01 e-con-full e-flex e-con e-parent\" data-id=\"klsbdg01\" data-element_type=\"container\" data-e-type=\"container\">\n\t\t\t\t<div class=\"elementor-element elementor-element-klshtm01 elementor-widget elementor-widget-html\" data-id=\"klshtm01\" data-element_type=\"widget\" data-e-type=\"widget\" data-widget_type=\"html.default\">\n\t\t\t\t\t<div class=\"iwg-pill-row\"><span class=\"iwg-klasse-badge\" tabindex=\"0\" data-tooltip=\"D\u00e9u \/ Deessa: Poder suprem personificat en el pante\u00f3 d'una cultura, amb \u00e0mbits d'actuaci\u00f3 clars, forces naturals, dest\u00ed, guerra, fertilitat. Venerat mitjan\u00e7ant cultes, ofrenes i institucions de temple.\">D\u00e9u<\/span><a href=\"https:\/\/iwell-guard.com\/ca\/mesopotamia\/\" class=\"iwg-kultur-badge\" tabindex=\"0\" data-tooltip=\"Bressol de la religi\u00f3 documentada, Sumer, Akkad, Babil\u00f2nia, Ass\u00edria (aprox. 3500 aC fins 330 aC).\">Mesopot\u00e0mia<\/a><a href=\"https:\/\/iwell-guard.com\/ca\/?page_id=171461\" class=\"iwg-tradition-badge\" tabindex=\"0\" data-tooltip=\"D\u00e9us de l'infram\u00f3n i de la mort, governants de l'ultratomba, jutges dels morts, guies d'\u00e0nimes.\">Divinitat de la mort<\/a><\/div>\t\t\t\t<\/div>\n\t\t\t\t<\/div>\n\t\t<div class=\"elementor-element elementor-element-3f74855 e-con-full e-flex e-con e-child\" data-id=\"3f74855\" data-element_type=\"container\" data-e-type=\"container\">\n\t\t\t\t<div class=\"elementor-element elementor-element-1c30362 elementor-toc--minimized-on-tablet elementor-widget elementor-widget-table-of-contents\" data-id=\"1c30362\" data-element_type=\"widget\" data-e-type=\"widget\" data-settings=\"{&quot;exclude_headings_by_selector&quot;:[],&quot;no_headings_message&quot;:&quot;No s&#039;ha trobat cap encap\\u00e7alament en aquesta p\\u00e0gina.&quot;,&quot;headings_by_tags&quot;:[&quot;h2&quot;,&quot;h3&quot;],&quot;marker_view&quot;:&quot;bullets&quot;,&quot;minimize_box&quot;:&quot;yes&quot;,&quot;icon&quot;:{&quot;value&quot;:&quot;fas fa-circle&quot;,&quot;library&quot;:&quot;fa-solid&quot;,&quot;rendered_tag&quot;:&quot;&lt;svg class=\\&quot;e-font-icon-svg e-fas-circle\\&quot; viewBox=\\&quot;0 0 512 512\\&quot; xmlns=\\&quot;http:\\\/\\\/www.w3.org\\\/2000\\\/svg\\&quot;&gt;&lt;path d=\\&quot;M256 8C119 8 8 119 8 256s111 248 248 248 248-111 248-248S393 8 256 8z\\&quot;&gt;&lt;\\\/path&gt;&lt;\\\/svg&gt;&quot;},&quot;minimized_on&quot;:&quot;tablet&quot;,&quot;hierarchical_view&quot;:&quot;yes&quot;,&quot;min_height&quot;:{&quot;unit&quot;:&quot;px&quot;,&quot;size&quot;:&quot;&quot;,&quot;sizes&quot;:[]},&quot;min_height_tablet&quot;:{&quot;unit&quot;:&quot;px&quot;,&quot;size&quot;:&quot;&quot;,&quot;sizes&quot;:[]},&quot;min_height_mobile&quot;:{&quot;unit&quot;:&quot;px&quot;,&quot;size&quot;:&quot;&quot;,&quot;sizes&quot;:[]}}\" data-widget_type=\"table-of-contents.default\">\n\t\t\t\t\t\t\t\t\t<div class=\"elementor-toc__header\">\n\t\t\t\t\t\t<h2 class=\"elementor-toc__header-title\">\n\t\t\t\t\u00cdndex\t\t\t<\/h2>\n\t\t\t\t\t\t\t\t\t\t<div class=\"elementor-toc__toggle-button elementor-toc__toggle-button--expand\" role=\"button\" tabindex=\"0\" aria-controls=\"elementor-toc__1c30362\" aria-expanded=\"true\" aria-label=\"Open table of contents\"><svg aria-hidden=\"true\" class=\"e-font-icon-svg e-fas-chevron-down\" viewBox=\"0 0 448 512\" xmlns=\"http:\/\/www.w3.org\/2000\/svg\"><path d=\"M207.029 381.476L12.686 187.132c-9.373-9.373-9.373-24.569 0-33.941l22.667-22.667c9.357-9.357 24.522-9.375 33.901-.04L224 284.505l154.745-154.021c9.379-9.335 24.544-9.317 33.901.04l22.667 22.667c9.373 9.373 9.373 24.569 0 33.941L240.971 381.476c-9.373 9.372-24.569 9.372-33.942 0z\"><\/path><\/svg><\/div>\n\t\t\t\t<div class=\"elementor-toc__toggle-button elementor-toc__toggle-button--collapse\" role=\"button\" tabindex=\"0\" aria-controls=\"elementor-toc__1c30362\" aria-expanded=\"true\" aria-label=\"Close table of contents\"><svg aria-hidden=\"true\" class=\"e-font-icon-svg e-fas-chevron-up\" viewBox=\"0 0 448 512\" xmlns=\"http:\/\/www.w3.org\/2000\/svg\"><path d=\"M240.971 130.524l194.343 194.343c9.373 9.373 9.373 24.569 0 33.941l-22.667 22.667c-9.357 9.357-24.522 9.375-33.901.04L224 227.495 69.255 381.516c-9.379 9.335-24.544 9.317-33.901-.04l-22.667-22.667c-9.373-9.373-9.373-24.569 0-33.941L207.03 130.525c9.372-9.373 24.568-9.373 33.941-.001z\"><\/path><\/svg><\/div>\n\t\t\t\t\t<\/div>\n\t\t\t\t<div id=\"elementor-toc__1c30362\" class=\"elementor-toc__body\">\n\t\t\t<div class=\"elementor-toc__spinner-container\">\n\t\t\t\t<svg class=\"elementor-toc__spinner eicon-animation-spin e-font-icon-svg e-eicon-loading\" aria-hidden=\"true\" viewBox=\"0 0 1000 1000\" xmlns=\"http:\/\/www.w3.org\/2000\/svg\"><path d=\"M500 975V858C696 858 858 696 858 500S696 142 500 142 142 304 142 500H25C25 237 238 25 500 25S975 237 975 500 763 975 500 975Z\"><\/path><\/svg>\t\t\t<\/div>\n\t\t<\/div>\n\t\t\t\t\t\t<\/div>\n\t\t\t\t<\/div>\n\t\t\t\t\t<\/div>\n\t\t\t\t<\/div>\n\t\t<div class=\"elementor-element elementor-element-herorght0 e-con-full e-flex e-con e-child\" data-id=\"herorght0\" data-element_type=\"container\" data-e-type=\"container\">\n\t\t\t\t<div class=\"elementor-element elementor-element-heroimg00 iwg-hero-image elementor-widget elementor-widget-image\" data-id=\"heroimg00\" data-element_type=\"widget\" data-e-type=\"widget\" data-widget_type=\"image.default\">\n\t\t\t\t\t\t\t\t\t\t\t\t\t\t\t<img fetchpriority=\"high\" decoding=\"async\" width=\"683\" height=\"1024\" src=\"https:\/\/iwell-guard.com\/wp-content\/uploads\/2026\/04\/goetter_mesopotamien_nergal-683x1024.webp\" class=\"attachment-large size-large wp-image-1736\" alt=\"Nergal\" srcset=\"https:\/\/iwell-guard.com\/wp-content\/uploads\/2026\/04\/goetter_mesopotamien_nergal-683x1024.webp 683w, https:\/\/iwell-guard.com\/wp-content\/uploads\/2026\/04\/goetter_mesopotamien_nergal-200x300.webp 200w, https:\/\/iwell-guard.com\/wp-content\/uploads\/2026\/04\/goetter_mesopotamien_nergal-768x1152.webp 768w, https:\/\/iwell-guard.com\/wp-content\/uploads\/2026\/04\/goetter_mesopotamien_nergal.webp 1024w\" sizes=\"(max-width: 683px) 100vw, 683px\" \/>\t\t\t\t\t\t\t\t\t\t\t\t\t\t\t<\/div>\n\t\t\t\t<\/div>\n\t\t\t\t\t<\/div>\n\t\t\t\t<\/div>\n\t\t<div class=\"elementor-element elementor-element-32917199 e-flex e-con-boxed e-con e-parent\" data-id=\"32917199\" data-element_type=\"container\" data-e-type=\"container\">\n\t\t\t\t\t<div class=\"e-con-inner\">\n\t\t<div class=\"elementor-element elementor-element-26e916cb e-flex e-con-boxed e-con e-child\" data-id=\"26e916cb\" data-element_type=\"container\" data-e-type=\"container\">\n\t\t\t\t\t<div class=\"e-con-inner\">\n\t\t<div class=\"elementor-element elementor-element-253a40d4 e-flex e-con-boxed e-con e-child\" data-id=\"253a40d4\" data-element_type=\"container\" data-e-type=\"container\">\n\t\t\t\t\t<div class=\"e-con-inner\">\n\t\t\t\t<div class=\"elementor-element elementor-element-1200c304 elementor-widget elementor-widget-heading\" data-id=\"1200c304\" data-element_type=\"widget\" data-e-type=\"widget\" data-widget_type=\"heading.default\">\n\t\t\t\t\t<h2 class=\"elementor-heading-title elementor-size-default\">Nergal<\/h2>\t\t\t\t<\/div>\n\t\t\t\t\t<\/div>\n\t\t\t\t<\/div>\n\t\t<div class=\"elementor-element elementor-element-159dcf9a e-flex e-con-boxed e-con e-child\" data-id=\"159dcf9a\" data-element_type=\"container\" data-e-type=\"container\">\n\t\t\t\t\t<div class=\"e-con-inner\">\n\t\t\t\t<div class=\"elementor-element elementor-element-48cee66f elementor-widget elementor-widget-heading\" data-id=\"48cee66f\" data-element_type=\"widget\" data-e-type=\"widget\" data-widget_type=\"heading.default\">\n\t\t\t\t\t<h2 class=\"elementor-heading-title elementor-size-default\">Resum r\u00e0pid: Nergal<\/h2>\t\t\t\t<\/div>\n\t\t\t\t<div class=\"elementor-element elementor-element-3f50d82c elementor-widget elementor-widget-text-editor\" data-id=\"3f50d82c\" data-element_type=\"widget\" data-e-type=\"widget\" data-widget_type=\"text-editor.default\">\n\t\t\t\t\t\t\t\t\t<p><strong>Tipus:<\/strong> Divinitat principal mesopot\u00e0mica, d\u00e9u de la pesta, la guerra i l&#8217;infram\u00f3n<br><span class=\"iwg-fachbegriff\" data-tooltip=\"El conjunt de d\u00e9us d'una religi\u00f3 o cultura.\" tabindex=\"0\">Pante\u00f3<\/span>: Sumer, Akkad, Babil\u00f2nia (present de manera continuada)<br>Funci\u00f3: pesta i malaltia, guerra, govern de l&#8217;infram\u00f3n (esp\u00f2s d&#8217;Ereshkigal)<br>Atributs principals: massa amb cap de lle\u00f3, doble espasa, set dimonis de la pesta com a acompanyants<br>Principals llocs de culte: Kuthu (lloc de culte principal), Babil\u00f2nia, Ur<br>Identificaci\u00f3 astron\u00f2mica: Mart (Salbatanu)<\/p>\t\t\t\t\t\t\t\t<\/div>\n\t\t\t\t\t<\/div>\n\t\t\t\t<\/div>\n\t\t\t\t\t<\/div>\n\t\t\t\t<\/div>\n\t\t\t\t\t<\/div>\n\t\t\t\t<\/div>\n\t\t<div class=\"elementor-element elementor-element-18613602 e-flex e-con-boxed e-con e-parent\" data-id=\"18613602\" data-element_type=\"container\" data-e-type=\"container\">\n\t\t\t\t\t<div class=\"e-con-inner\">\n\t\t\t\t<div class=\"elementor-element elementor-element-262b8a9f elementor-widget elementor-widget-heading\" data-id=\"262b8a9f\" data-element_type=\"widget\" data-e-type=\"widget\" data-widget_type=\"heading.default\">\n\t\t\t\t\t<h2 class=\"elementor-heading-title elementor-size-default\">Context<\/h2>\t\t\t\t<\/div>\n\t\t<div class=\"elementor-element elementor-element-46dcb7d e-con-full e-flex e-con e-child\" data-id=\"46dcb7d\" data-element_type=\"container\" data-e-type=\"container\">\n\t\t<div class=\"elementor-element elementor-element-61d3ab3 e-flex e-con-boxed e-con e-child\" data-id=\"61d3ab3\" data-element_type=\"container\" data-e-type=\"container\">\n\t\t\t\t\t<div class=\"e-con-inner\">\n\t\t\t\t<div class=\"elementor-element elementor-element-117c166 elementor-widget elementor-widget-heading\" data-id=\"117c166\" data-element_type=\"widget\" data-e-type=\"widget\" data-widget_type=\"heading.default\">\n\t\t\t\t\t<h3 class=\"elementor-heading-title elementor-size-default\">Per\u00edode dels textos<\/h3>\t\t\t\t<\/div>\n\t\t\t\t<div class=\"elementor-element elementor-element-73997a0 elementor-widget elementor-widget-text-editor\" data-id=\"73997a0\" data-element_type=\"widget\" data-e-type=\"widget\" data-widget_type=\"text-editor.default\">\n\t\t\t\t\t\t\t\t\t<p>Nergal est\u00e0 documentat des de l&#8217;\u00e8poca acc\u00e0dica antiga (3r mil\u00b7lenni aC). El seu <span class=\"iwg-fachbegriff\" data-tooltip=\"Una narraci\u00f3 transmesa sobre d\u00e9us, or\u00edgens i l'ordre del m\u00f3n.\" tabindex=\"0\">mite<\/span> central, el matrimoni amb la reina de l&#8217;infram\u00f3n <em>Ereshkigal<\/em>, es narra a l&#8217;epopeia <em>Nergal i Ereshkigal<\/em> (versi\u00f3 mitass\u00edria, aprox. segle XIV aC). En l&#8217;\u00e8poca babil\u00f2nica antiga s&#8217;amplien els aspectes b\u00e8l\u00b7lics; en l&#8217;imperi neobabil\u00f2nic tamb\u00e9 \u00e9s patr\u00f3 protector de la reialesa.<\/p>\t\t\t\t\t\t\t\t<\/div>\n\t\t\t\t\t<\/div>\n\t\t\t\t<\/div>\n\t\t<div class=\"elementor-element elementor-element-d47b156 e-flex e-con-boxed e-con e-child\" data-id=\"d47b156\" data-element_type=\"container\" data-e-type=\"container\">\n\t\t\t\t\t<div class=\"e-con-inner\">\n\t\t\t\t<div class=\"elementor-element elementor-element-ff38c2b elementor-widget elementor-widget-heading\" data-id=\"ff38c2b\" data-element_type=\"widget\" data-e-type=\"widget\" data-widget_type=\"heading.default\">\n\t\t\t\t\t<h3 class=\"elementor-heading-title elementor-size-default\">\u00c0rea de difusi\u00f3<\/h3>\t\t\t\t<\/div>\n\t\t\t\t<div class=\"elementor-element elementor-element-4e49fcc elementor-widget elementor-widget-text-editor\" data-id=\"4e49fcc\" data-element_type=\"widget\" data-e-type=\"widget\" data-widget_type=\"text-editor.default\">\n\t\t\t\t\t\t\t\t\t<p>El principal lloc de culte era <strong>Kuthu<\/strong> (avui Tell Ibrahim, al nord de Babil\u00f2nia), la \u00abciutat de Nergal\u00bb, entrada a l&#8217;infram\u00f3n segons la creen\u00e7a babil\u00f2nica. A m\u00e9s, Babil\u00f2nia (<span class=\"iwg-fachbegriff\" data-tooltip=\"Una construcci\u00f3 dedicada a la veneraci\u00f3 d'una o m\u00e9s divinitats.\" tabindex=\"0\">temple<\/span> al complex d&#8217;Esagila), Ur, Susa (elamita), Mari. En la tradici\u00f3 b\u00edblica \u00e9s esmentat com a <em>Nergal<\/em> (2 Reis 17,30), a la llista de d\u00e9us que els deportats assiris van portar a Samaria.<\/p>\t\t\t\t\t\t\t\t<\/div>\n\t\t\t\t\t<\/div>\n\t\t\t\t<\/div>\n\t\t\t\t<\/div>\n\t\t<div class=\"elementor-element elementor-element-db03c39 e-con-full e-flex e-con e-child\" data-id=\"db03c39\" data-element_type=\"container\" data-e-type=\"container\">\n\t\t<div class=\"elementor-element elementor-element-229a87b e-flex e-con-boxed e-con e-child\" data-id=\"229a87b\" data-element_type=\"container\" data-e-type=\"container\">\n\t\t\t\t\t<div class=\"e-con-inner\">\n\t\t\t\t<div class=\"elementor-element elementor-element-1f471fc elementor-widget elementor-widget-heading\" data-id=\"1f471fc\" data-element_type=\"widget\" data-e-type=\"widget\" data-widget_type=\"heading.default\">\n\t\t\t\t\t<h3 class=\"elementor-heading-title elementor-size-default\">Estat de les fonts<\/h3>\t\t\t\t<\/div>\n\t\t\t\t<div class=\"elementor-element elementor-element-36b1201 elementor-widget elementor-widget-text-editor\" data-id=\"36b1201\" data-element_type=\"widget\" data-e-type=\"widget\" data-widget_type=\"text-editor.default\">\n\t\t\t\t\t\t\t\t\t<p>Fonts principals: l&#8217;epopeia <em>Nergal i Ereshkigal<\/em> (versions mitass\u00edries i babil\u00f2niques tardanes), l&#8217;<em>Epopeia d&#8217;Erra<\/em> (Nergal com a Erra\/portador de la pesta), diversos textos d&#8217;exorcisme (<em>Maqlu<\/em>, <em>Shurpu<\/em>), inscripcions de Kuthu i Babil\u00f2nia. Bibliografia secund\u00e0ria: Lambert, <em>Babylonian Wisdom Literature<\/em>; Cagni, <em>L&#8217;epopea di Erra<\/em> (edici\u00f3 de refer\u00e8ncia); Bott\u00e9ro, <em>La plus vieille religion<\/em>.<\/p>\t\t\t\t\t\t\t\t<\/div>\n\t\t\t\t\t<\/div>\n\t\t\t\t<\/div>\n\t\t\t\t<\/div>\n\t\t\t\t\t<\/div>\n\t\t\t\t<\/div>\n\t\t<div class=\"elementor-element elementor-element-3ae0637c e-flex e-con-boxed e-con e-parent\" data-id=\"3ae0637c\" data-element_type=\"container\" data-e-type=\"container\">\n\t\t\t\t\t<div class=\"e-con-inner\">\n\t\t\t\t<div class=\"elementor-element elementor-element-31d07739 elementor-widget elementor-widget-heading\" data-id=\"31d07739\" data-element_type=\"widget\" data-e-type=\"widget\" data-widget_type=\"heading.default\">\n\t\t\t\t\t<h2 class=\"elementor-heading-title elementor-size-default\">Nom i variants<\/h2>\t\t\t\t<\/div>\n\t\t<div class=\"elementor-element elementor-element-b7642947 e-con-full e-flex e-con e-child\" data-id=\"b7642947\" data-element_type=\"container\" data-e-type=\"container\">\n\t\t\t\t<div class=\"elementor-element elementor-element-a086266 elementor-widget elementor-widget-text-editor\" data-id=\"a086266\" data-element_type=\"widget\" data-e-type=\"widget\" data-widget_type=\"text-editor.default\">\n\t\t\t\t\t\t\t\t\t<p>Nergal es representa amb dos aspectes: a dalt, com un guerrer muscul\u00f3s i barbut amb casc, llan\u00e7a i armes, envoltat de flames o s\u00edmbols de pesta. A baix, a Irkalla, ocupa un tron ombr\u00edvol al costat d&#8217;Ereshkigal.<\/p><p>El seu animal emblem\u00e0tic \u00e9s el lle\u00f3 o una figura h\u00edbrida i demon\u00edaca. El seu color \u00e9s el vermell, el vermell de la guerra i de la malaltia. El <em>Namtar<\/em> (<span class=\"iwg-fachbegriff\" data-tooltip=\"\u00c9sser espiritual al qual s'atribueix un efecte nociu o ambivalent.\" tabindex=\"0\">dimoni<\/span> de la pesta) l&#8217;acompanya, aix\u00ed com els esperits de les epid\u00e8mies que marquen el seu cam\u00ed.<\/p>\t\t\t\t\t\t\t\t<\/div>\n\t\t\t\t<\/div>\n\t\t\t\t\t<\/div>\n\t\t\t\t<\/div>\n\t\t<div class=\"elementor-element elementor-element-709a44a8 e-flex e-con-boxed e-con e-parent\" data-id=\"709a44a8\" data-element_type=\"container\" data-e-type=\"container\">\n\t\t\t\t\t<div class=\"e-con-inner\">\n\t\t\t\t<div class=\"elementor-element elementor-element-2f585873 elementor-widget elementor-widget-heading\" data-id=\"2f585873\" data-element_type=\"widget\" data-e-type=\"widget\" data-widget_type=\"heading.default\">\n\t\t\t\t\t<h2 class=\"elementor-heading-title elementor-size-default\">Trets caracter\u00edstics<\/h2>\t\t\t\t<\/div>\n\t\t<div class=\"elementor-element elementor-element-70621c12 e-con-full e-flex e-con e-child\" data-id=\"70621c12\" data-element_type=\"container\" data-e-type=\"container\">\n\t\t\t\t<div class=\"elementor-element elementor-element-4296eb49 elementor-widget elementor-widget-text-editor\" data-id=\"4296eb49\" data-element_type=\"widget\" data-e-type=\"widget\" data-widget_type=\"text-editor.default\">\n\t\t\t\t\t\t\t\t\t<p>Nergal regula l&#8217;equilibri entre la vida i la mort mitjan\u00e7ant la guerra i la pesta. En cas de malaltia s&#8217;invocava, no per curar, sin\u00f3 per apaivagar-lo, perqu\u00e8 retir\u00e9s la pesta. En la guerra, els guerrers li pregaven per obtenir for\u00e7a victoriosa, per\u00f2 tamb\u00e9 temien la seva imprevisibilitat.<\/p><p>La seva festa principal se celebrava a Kutha, on els sacerdots feien <span class=\"iwg-fachbegriff\" data-tooltip=\"Ofrena a una divinitat per expressar gratitud, s\u00faplica o veneraci\u00f3.\" tabindex=\"0\">ofrenes<\/span> per moderar la seva ira. Amb el seu matrimoni amb Ereshkigal, Nergal esdev\u00e9 tamb\u00e9 garant de l&#8217;ordre a l&#8217;infram\u00f3n; no \u00e9s simplement un destructor, sin\u00f3 una for\u00e7a necess\u00e0ria dins l&#8217;estructura c\u00f2smica.<\/p><h3>Aparen\u00e7a i simbologia<\/h3><p><em>Nergal<\/em> es representa com un home muscul\u00f3s amb crinera o rostre de lle\u00f3, sovint envoltat de foc. La seva pell pot ser vermella o marr\u00f3 fosc, i porta armes, espasa, destral o arc, que mostren la seva naturalesa guerrera.<\/p><p>Sovint una serp s&#8217;enrosca al voltant del seu cos o bra\u00e7. El seu cap pot ser de doble rostre, un cap adre\u00e7at a la superf\u00edcie (d\u00e9u de la guerra) i un altre a l&#8217;infram\u00f3n (rei de l&#8217;infram\u00f3n). El lle\u00f3 i l&#8217;escorp\u00ed s\u00f3n els seus animals sagrats. El foc i la sang s\u00f3n els seus colors simb\u00f2lics.<\/p>\t\t\t\t\t\t\t\t<\/div>\n\t\t\t\t<\/div>\n\t\t\t\t\t<\/div>\n\t\t\t\t<\/div>\n\t\t<div class=\"elementor-element elementor-element-44e71476 e-flex e-con-boxed e-con e-parent\" data-id=\"44e71476\" data-element_type=\"container\" data-e-type=\"container\">\n\t\t\t\t\t<div class=\"e-con-inner\">\n\t\t\t\t<div class=\"elementor-element elementor-element-3c1fc3f0 elementor-widget elementor-widget-heading\" data-id=\"3c1fc3f0\" data-element_type=\"widget\" data-e-type=\"widget\" data-widget_type=\"heading.default\">\n\t\t\t\t\t<h2 class=\"elementor-heading-title elementor-size-default\">Fitxa: Nergal<\/h2>\t\t\t\t<\/div>\n\t\t<div class=\"elementor-element elementor-element-84f33b8e e-con-full e-flex e-con e-child\" data-id=\"84f33b8e\" data-element_type=\"container\" data-e-type=\"container\">\n\t\t\t\t<div class=\"elementor-element elementor-element-hqkdc67p elementor-widget elementor-widget-text-editor\" data-id=\"hqkdc67p\" data-element_type=\"widget\" data-e-type=\"widget\" data-widget_type=\"text-editor.default\">\n\t\t\t\t\t\t\t\t\t<p>Els aspectes m\u00e9s importants de Nergal d&#8217;un cop d&#8217;ull. Els camps seg\u00fcents resumeixen origen, funci\u00f3, aparen\u00e7a, veneraci\u00f3, s\u00edmbols i paral\u00b7lelismes.<\/p>\t\t\t\t\t\t\t\t<\/div>\n\t\t\t\t<\/div>\n\t\t<div class=\"elementor-element elementor-element-pemmx7c5 e-con-full e-flex e-con e-child\" data-id=\"pemmx7c5\" data-element_type=\"container\" data-e-type=\"container\">\n\t\t<div class=\"elementor-element elementor-element-pemmx7c1 e-con-full e-flex e-con e-child\" data-id=\"pemmx7c1\" data-element_type=\"container\" data-e-type=\"container\">\n\t\t<div class=\"elementor-element elementor-element-qh9oavvu iwg-steckbrief-card e-flex e-con-boxed e-con e-child\" data-id=\"qh9oavvu\" data-element_type=\"container\" data-e-type=\"container\">\n\t\t\t\t\t<div class=\"e-con-inner\">\n\t\t\t\t<div class=\"elementor-element elementor-element-awzx8k2k elementor-widget elementor-widget-heading\" data-id=\"awzx8k2k\" data-element_type=\"widget\" data-e-type=\"widget\" data-widget_type=\"heading.default\">\n\t\t\t\t\t<div class=\"elementor-heading-title elementor-size-default\">Context cultural<\/div>\t\t\t\t<\/div>\n\t\t\t\t<div class=\"elementor-element elementor-element-x6rowhv0 elementor-widget elementor-widget-text-editor\" data-id=\"x6rowhv0\" data-element_type=\"widget\" data-e-type=\"widget\" data-widget_type=\"text-editor.default\">\n\t\t\t\t\t\t\t\t\t<p>Nergal \u00e9s fill d&#8217;Enlil i Ninlil, germ\u00e0 de Ninurta. En el <span class=\"iwg-fachbegriff\" data-tooltip=\"Una narraci\u00f3 transmesa sobre d\u00e9us, or\u00edgens i l'ordre del m\u00f3n.\" tabindex=\"0\">mite<\/span> central <em>Nergal i Ereshkigal<\/em> viatja a l&#8217;infram\u00f3n; despr\u00e9s de diversos conflictes i mediacions, esdev\u00e9 esp\u00f2s de la reina de l&#8217;infram\u00f3n i comparteix amb ella el govern, per\u00f2 nom\u00e9s durant la meitat de l&#8217;any (aspecte estacional: durant la calor de l&#8217;estiu, quan es propaga la pesta).<\/p><p>A l&#8217;epopeia d&#8217;<em>Erra<\/em> actua per iniciativa pr\u00f2pia com a for\u00e7a incontrolada de la pesta.<\/p>\t\t\t\t\t\t\t\t<\/div>\n\t\t\t\t\t<\/div>\n\t\t\t\t<\/div>\n\t\t<div class=\"elementor-element elementor-element-8e3o4kxs iwg-steckbrief-card e-flex e-con-boxed e-con e-child\" data-id=\"8e3o4kxs\" data-element_type=\"container\" data-e-type=\"container\">\n\t\t\t\t\t<div class=\"e-con-inner\">\n\t\t\t\t<div class=\"elementor-element elementor-element-08rkdgov elementor-widget elementor-widget-heading\" data-id=\"08rkdgov\" data-element_type=\"widget\" data-e-type=\"widget\" data-widget_type=\"heading.default\">\n\t\t\t\t\t<div class=\"elementor-heading-title elementor-size-default\">Grup destinatari de Nergal<\/div>\t\t\t\t<\/div>\n\t\t\t\t<div class=\"elementor-element elementor-element-uwjelx8s elementor-widget elementor-widget-text-editor\" data-id=\"uwjelx8s\" data-element_type=\"widget\" data-e-type=\"widget\" data-widget_type=\"text-editor.default\">\n\t\t\t\t\t\t\t\t\t<p>Portador de la pesta i protector contra la pesta (doble funci\u00f3 com Apol\u00b7lo i Sekhmet). Patr\u00f3 de la febre de calor de l&#8217;estiu (accadi <em>idi\u0161a<\/em>). D\u00e9u de la guerra i les batalles. Com a identificaci\u00f3 amb Mart, tamb\u00e9 \u00e9s astron\u00f2micament molt important, el seu estel (Mart) s&#8217;interpreta en els textos d&#8217;auguris babil\u00f2nics com a portador de desgr\u00e0cia. D\u00e9u protector de la reialesa en la tradici\u00f3 babil\u00f2nico-ass\u00edria.<\/p>\t\t\t\t\t\t\t\t<\/div>\n\t\t\t\t\t<\/div>\n\t\t\t\t<\/div>\n\t\t<div class=\"elementor-element elementor-element-jm2n74ec iwg-steckbrief-card e-flex e-con-boxed e-con e-child\" data-id=\"jm2n74ec\" data-element_type=\"container\" data-e-type=\"container\">\n\t\t\t\t\t<div class=\"e-con-inner\">\n\t\t\t\t<div class=\"elementor-element elementor-element-8vufse4c elementor-widget elementor-widget-heading\" data-id=\"8vufse4c\" data-element_type=\"widget\" data-e-type=\"widget\" data-widget_type=\"heading.default\">\n\t\t\t\t\t<div class=\"elementor-heading-title elementor-size-default\">Forma<\/div>\t\t\t\t<\/div>\n\t\t\t\t<div class=\"elementor-element elementor-element-mwb9u015 elementor-widget elementor-widget-text-editor\" data-id=\"mwb9u015\" data-element_type=\"widget\" data-e-type=\"widget\" data-widget_type=\"text-editor.default\">\n\t\t\t\t\t\t\t\t\t<p>Antropomorf com un home guerrer amb un alt diadema en forma de barret, vestit amb una llarga t\u00fanica. Caracter\u00edstic: la <em>ma\u00e7a amb cap de lle\u00f3<\/em> i l&#8217;espasa doble. Sovint acompanyat pels <em>Sebitti<\/em>, set dimonis de la pesta. En alguns segells apareix en forma de lle\u00f3 o com a <span class=\"iwg-fachbegriff\" data-tooltip=\"Un \u00e9sser que reuneix trets de diferents \u00e9ssers vius.\" tabindex=\"0\">\u00e9sser h\u00edbrid<\/span> home-lle\u00f3. Color de pell vermell o vermell fosc (febre de la pesta, estrella de Mart). En l&#8217;\u00e8poca neobabil\u00f2nica tamb\u00e9 \u00e9s representat amb un carro tirat per bous.<\/p>\t\t\t\t\t\t\t\t<\/div>\n\t\t\t\t\t<\/div>\n\t\t\t\t<\/div>\n\t\t\t\t<\/div>\n\t\t<div class=\"elementor-element elementor-element-pemmx7c2 e-con-full e-flex e-con e-child\" data-id=\"pemmx7c2\" data-element_type=\"container\" data-e-type=\"container\">\n\t\t<div class=\"elementor-element elementor-element-37ss2yr6 iwg-steckbrief-card e-flex e-con-boxed e-con e-child\" data-id=\"37ss2yr6\" data-element_type=\"container\" data-e-type=\"container\">\n\t\t\t\t\t<div class=\"e-con-inner\">\n\t\t\t\t<div class=\"elementor-element elementor-element-3v0wp3wx elementor-widget elementor-widget-heading\" data-id=\"3v0wp3wx\" data-element_type=\"widget\" data-e-type=\"widget\" data-widget_type=\"heading.default\">\n\t\t\t\t\t<div class=\"elementor-heading-title elementor-size-default\">Funci\u00f3<\/div>\t\t\t\t<\/div>\n\t\t\t\t<div class=\"elementor-element elementor-element-w3247g2m elementor-widget elementor-widget-text-editor\" data-id=\"w3247g2m\" data-element_type=\"widget\" data-e-type=\"widget\" data-widget_type=\"text-editor.default\">\n\t\t\t\t\t\t\t\t\t<p><strong>\u00c0mbit d&#8217;acci\u00f3:<\/strong> Nergal era invocat en temps de pesta i abans de les batalles; la seva gran festivitat d&#8217;estiu coincidia amb la temporada anual de pesta. Els reis erigien esteles abans de les batalles. En els rituals d&#8217;invocaci\u00f3 era invocat i temut alhora (doble funci\u00f3). Kuthu era destinaci\u00f3 de pelegrinatge per a rituals funeraris i de curaci\u00f3. En el <span class=\"iwg-fachbegriff\" data-tooltip=\"El conjunt d'actes de veneraci\u00f3 religiosa dedicats a una divinitat o figura sagrada.\" tabindex=\"0\">culte<\/span> personal, tamb\u00e9 protegia contra criminals i bandolers.<\/p>\t\t\t\t\t\t\t\t<\/div>\n\t\t\t\t\t<\/div>\n\t\t\t\t<\/div>\n\t\t<div class=\"elementor-element elementor-element-0qpjal9w iwg-steckbrief-card e-flex e-con-boxed e-con e-child\" data-id=\"0qpjal9w\" data-element_type=\"container\" data-e-type=\"container\">\n\t\t\t\t\t<div class=\"e-con-inner\">\n\t\t\t\t<div class=\"elementor-element elementor-element-6ndoih0o elementor-widget elementor-widget-heading\" data-id=\"6ndoih0o\" data-element_type=\"widget\" data-e-type=\"widget\" data-widget_type=\"heading.default\">\n\t\t\t\t\t<div class=\"elementor-heading-title elementor-size-default\">Amulets protectors<\/div>\t\t\t\t<\/div>\n\t\t\t\t<div class=\"elementor-element elementor-element-6684tyh9 elementor-widget elementor-widget-text-editor\" data-id=\"6684tyh9\" data-element_type=\"widget\" data-e-type=\"widget\" data-widget_type=\"text-editor.default\">\n\t\t\t\t\t\t\t\t\t<p>Ma\u00e7a amb cap de lle\u00f3, espasa doble, corona alta, set dimonis acompanyants (Sebitti), <span class=\"iwg-fachbegriff\" data-tooltip=\"Un \u00e9sser que reuneix trets de diferents \u00e9ssers vius.\" tabindex=\"0\">\u00e9sser h\u00edbrid<\/span> de lle\u00f3, estrella vermella (Mart), calor de ple estiu. Plantes: cogombre amarg, plantes de gr\u00e8vol. N\u00famero sagrat: 7 (els Sebitti).<\/p>\t\t\t\t\t\t\t\t<\/div>\n\t\t\t\t\t<\/div>\n\t\t\t\t<\/div>\n\t\t<div class=\"elementor-element elementor-element-3lfi7x32 iwg-steckbrief-card e-flex e-con-boxed e-con e-child\" data-id=\"3lfi7x32\" data-element_type=\"container\" data-e-type=\"container\">\n\t\t\t\t\t<div class=\"e-con-inner\">\n\t\t\t\t<div class=\"elementor-element elementor-element-0kg99ga1 elementor-widget elementor-widget-heading\" data-id=\"0kg99ga1\" data-element_type=\"widget\" data-e-type=\"widget\" data-widget_type=\"heading.default\">\n\t\t\t\t\t<div class=\"elementor-heading-title elementor-size-default\">Paral\u00b7lels de Nergal<\/div>\t\t\t\t<\/div>\n\t\t\t\t<div class=\"elementor-element elementor-element-n0fum6kp elementor-widget elementor-widget-text-editor\" data-id=\"n0fum6kp\" data-element_type=\"widget\" data-e-type=\"widget\" data-widget_type=\"text-editor.default\">\n\t\t\t\t\t\t\t\t\t<p><em>Erra<\/em> (accadi, aspectes id\u00e8ntics com a portador de pesta, epopeia pr\u00f2pia), <em>Resheph<\/em> (Fen\u00edcia\/Ugarit, pesta i guerra), <em>Apol\u00b7lo<\/em> (Gr\u00e8cia, doble aspecte de portador de pesta i guaridor), <em>Mart<\/em> (Roma, identificat astron\u00f2micament i com a guerrer), <em>Sekhmet<\/em> (Egipte, portadora de pesta i guaridora), <em>Indra<\/em> (hinduisme, guerra i batalla c\u00f2smica), <em>Tyr<\/em> (germ\u00e0nic, d\u00e9u de la guerra).<\/p>\t\t\t\t\t\t\t\t<\/div>\n\t\t\t\t\t<\/div>\n\t\t\t\t<\/div>\n\t\t\t\t<\/div>\n\t\t\t\t<\/div>\n\t\t\t\t\t<\/div>\n\t\t\t\t<\/div>\n\t\t<div class=\"elementor-element elementor-element-7533bc7a e-flex e-con-boxed e-con e-parent\" data-id=\"7533bc7a\" data-element_type=\"container\" data-e-type=\"container\">\n\t\t\t\t\t<div class=\"e-con-inner\">\n\t\t\t\t<div class=\"elementor-element elementor-element-2447d18d elementor-widget elementor-widget-heading\" data-id=\"2447d18d\" data-element_type=\"widget\" data-e-type=\"widget\" data-widget_type=\"heading.default\">\n\t\t\t\t\t<h2 class=\"elementor-heading-title elementor-size-default\">Defensa pr\u00e0ctica<\/h2>\t\t\t\t<\/div>\n\t\t<div class=\"elementor-element elementor-element-d5d0260c e-con-full e-flex e-con e-child\" data-id=\"d5d0260c\" data-element_type=\"container\" data-e-type=\"container\">\n\t\t\t\t<div class=\"elementor-element elementor-element-341be2ac elementor-widget elementor-widget-text-editor\" data-id=\"341be2ac\" data-element_type=\"widget\" data-e-type=\"widget\" data-widget_type=\"text-editor.default\">\n\t\t\t\t\t\t\t\t\t<div><h3>Rituals apotropaics contra Nergal<\/h3><p>El poder destructiu de Nergal (pesta, p\u00e8rdues en la guerra, fat de l&#8217;infram\u00f3n) es controlava en el <span class=\"iwg-fachbegriff\" data-tooltip=\"El conjunt d'actes de veneraci\u00f3 religiosa dedicats a una divinitat o figura sagrada.\" tabindex=\"0\">culte<\/span> mesopot\u00e0mic sobretot al <span class=\"iwg-fachbegriff\" data-tooltip=\"Un edifici destinat a la veneraci\u00f3 d'una o diverses divinitats.\" tabindex=\"0\">temple<\/span> E-meslam de Kuthu mitjan\u00e7ant <span class=\"iwg-fachbegriff\" data-tooltip=\"Ofrena a una divinitat per expressar gratitud, s\u00faplica o veneraci\u00f3.\" tabindex=\"0\">ofrenes<\/span> mensuals regulades: cervesa, ovelles, encens de cedre (erin). Les s\u00e8ries d&#8217;encanteris \u0160urpu i Maql\u00fb (Lambert, <em>Babylonian Wisdom Literature<\/em>) testimonien rituals de foc purificador contra malalties indu\u00efdes per Nergal: el malalt era untat amb oli de lli i es cremava una figureta d&#8217;argila (Nergal-bin).<\/p><h3>F\u00f3rmules d&#8217;encanteri<\/h3><p>La <span class=\"iwg-fachbegriff\" data-tooltip=\"L'acte de dirigir-se a una divinitat o poder amb una s\u00faplica o encanteri.\" tabindex=\"0\">invocaci\u00f3<\/span> \u00abNergal pi-im-\u0161u-bal-li-ta\u00bb (Nergal, fes que la paraula es giri!) es troba a la s\u00e8rie acc\u00e0dia contra la bruixeria Maql\u00fb (Maql\u00fb VII, 32-46). En l&#8217;epopeia acc\u00e0dia d&#8217;Erra (tauleta I, 100-150), l&#8217;assemblea dels d\u00e9us demana al mateix Nergal que es contingui. L&#8217;himne del temple \u00abE-meslam \u0161u\u02bfgar-ra\u00bb es recitava en lluna nova per apaivagar la seva activitat.<\/p><h3>Amulets i s\u00edmbols de protecci\u00f3<\/h3><p>Es soterraven figuretes d&#8217;argila apotropaiques amb cap de lle\u00f3 (l&#8217;animal de Nergal) sota els llindars de les portes (cf. Wiggermann, <em>Mesopotamian Protective Spirits<\/em>). Els cilindres-segell mostren el \u00ab<span class=\"iwg-fachbegriff\" data-tooltip=\"Un signe que representa una idea o significat.\" tabindex=\"0\">s\u00edmbol<\/span> de Nergal\u00bb, l&#8217;est\u00e0ndard del doble lle\u00f3 i el ceptre amb pom; les esteles acc\u00e0dies de protecci\u00f3 contra la pesta procedents d&#8217;Ur (III mil\u00b7lenni aC, actualment al British Museum) porten inscripcions que invoquen Nergal com a garantia de protecci\u00f3.<\/p><\/div>\t\t\t\t\t\t\t\t<\/div>\n\t\t\t\t<\/div>\n\t\t\t\t\t<\/div>\n\t\t\t\t<\/div>\n\t\t<div class=\"elementor-element elementor-element-5a584676 e-flex e-con-boxed e-con e-parent\" data-id=\"5a584676\" data-element_type=\"container\" data-e-type=\"container\">\n\t\t\t\t\t<div class=\"e-con-inner\">\n\t\t\t\t<div class=\"elementor-element elementor-element-6d0757bf elementor-widget elementor-widget-heading\" data-id=\"6d0757bf\" data-element_type=\"widget\" data-e-type=\"widget\" data-widget_type=\"heading.default\">\n\t\t\t\t\t<h2 class=\"elementor-heading-title elementor-size-default\">Nergal, paral\u00b7lels en altres cultures<\/h2>\t\t\t\t<\/div>\n\t\t<div class=\"elementor-element elementor-element-60563f68 e-con-full e-flex e-con e-child\" data-id=\"60563f68\" data-element_type=\"container\" data-e-type=\"container\">\n\t\t\t\t<div class=\"elementor-element elementor-element-5a93fdd6 elementor-widget elementor-widget-text-editor\" data-id=\"5a93fdd6\" data-element_type=\"widget\" data-e-type=\"widget\" data-widget_type=\"text-editor.default\">\n\t\t\t\t\t\t\t\t\t<p>Nergal s&#8217;assembla a Ares (Gr\u00e8cia) en el seu aspecte guerrer, i comparteix amb Hades o Plut\u00f3 el domini de l&#8217;infram\u00f3n. Amb Apol\u00b7lo el vincula la ferocitat solar i resplendent.<\/p><p>En les cultures \u00edndies es podrien veure paral\u00b7lels amb Rudra o Yama, d\u00e9us salvatges que mantenen l&#8217;ordre mitjan\u00e7ant la destrucci\u00f3. La seva doble acci\u00f3, com a destructor a dalt i regent a baix, el converteix en una de les divinitats psicol\u00f2gicament m\u00e9s complexes de l&#8217;antiguitat.<\/p>\t\t\t\t\t\t\t\t<\/div>\n\t\t\t\t<\/div>\n\t\t\t\t\t<\/div>\n\t\t\t\t<\/div>\n\t\t<div class=\"elementor-element elementor-element-cpb75b108 e-flex e-con-boxed e-con e-parent\" data-id=\"cpb75b108\" data-element_type=\"container\" data-e-type=\"container\">\n\t\t\t\t\t<div class=\"e-con-inner\">\n\t\t\t\t<div class=\"elementor-element elementor-element-cp53527b5 elementor-widget elementor-widget-heading\" data-id=\"cp53527b5\" data-element_type=\"widget\" data-e-type=\"widget\" data-widget_type=\"heading.default\">\n\t\t\t\t\t<h2 class=\"elementor-heading-title elementor-size-default\">Nergal, senyor de l'infram\u00f3n<\/h2>\t\t\t\t<\/div>\n\t\t<div class=\"elementor-element elementor-element-cp314942d e-con-full e-flex e-con e-child\" data-id=\"cp314942d\" data-element_type=\"container\" data-e-type=\"container\">\n\t\t\t\t<div class=\"elementor-element elementor-element-cp086173b elementor-widget elementor-widget-text-editor\" data-id=\"cp086173b\" data-element_type=\"widget\" data-e-type=\"widget\" data-widget_type=\"text-editor.default\">\n\t\t\t\t\t\t\t\t\t<p>Nergal \u00e9s una de les divinitats m\u00e9s importants del pante\u00f3 mesopot\u00e0mic i, durant molt temps, va estar estretament vinculat al m\u00f3n inferior. El seu principal centre de culte era la ciutat de Kutha, al sud de Mesopot\u00e0mia, de la qual era el d\u00e9u tutelar. El <span class=\"iwg-fachbegriff\" data-tooltip=\"Un edifici dedicat a la veneraci\u00f3 d'una o m\u00e9s divinitats.\" tabindex=\"0\">temple<\/span> de Kutha portava el nom d&#8217;E-meslam, i Nergal mateix era sovint invocat amb l&#8217;ep\u00edtet referit a aquest <span class=\"iwg-fachbegriff\" data-tooltip=\"Un edifici dedicat a la veneraci\u00f3 d'una o m\u00e9s divinitats.\" tabindex=\"0\">temple<\/span>.<\/p><p>La font mitol\u00f2gica m\u00e9s important sobre el domini de Nergal sobre el m\u00f3n inferior \u00e9s el <span class=\"iwg-fachbegriff\" data-tooltip=\"Un relat transm\u00e8s sobre d\u00e9us, or\u00edgens i l'ordre del m\u00f3n.\" tabindex=\"0\">mite<\/span> de Nergal i Ereshkigal, conservat en diverses versions, entre elles una m\u00e9s curta procedent d&#8217;Amarna i una altra m\u00e9s detallada d&#8217;\u00e8poca posterior.<\/p><p>El <span class=\"iwg-fachbegriff\" data-tooltip=\"Un relat transm\u00e8s sobre d\u00e9us, or\u00edgens i l'ordre del m\u00f3n.\" tabindex=\"0\">mite<\/span> narra com Nergal descendeix al m\u00f3n inferior, el regne de la deessa Ereshkigal. Despr\u00e9s d&#8217;una s\u00e8rie d&#8217;incidents que varien segons les versions, Nergal esdev\u00e9 l&#8217;esp\u00f2s d&#8217;Ereshkigal i, amb aix\u00f2, cogovernant o governant del m\u00f3n inferior.<\/p><p>Aquesta hist\u00f2ria explica com Nergal, que origin\u00e0riament tenia tamb\u00e9 altres aspectes, va quedar vinculat de manera permanent al regne dels morts. La investigaci\u00f3 debat si Nergal va ser des del principi un d\u00e9u del m\u00f3n inferior o si aquesta funci\u00f3 es va consolidar amb el temps al llarg de la <span class=\"iwg-fachbegriff\" data-tooltip=\"La transmissi\u00f3 de coneixements i relats a trav\u00e9s de les generacions.\" tabindex=\"0\">tradici\u00f3<\/span>.<\/p><p>\u00c9s remarcable que, malgrat la seva vinculaci\u00f3 amb la mort, Nergal no era simplement un d\u00e9u terror\u00edfic. Rebia un <span class=\"iwg-fachbegriff\" data-tooltip=\"El conjunt d'actes de veneraci\u00f3 religiosa dedicats a una divinitat o figura sagrada.\" tabindex=\"0\">culte<\/span> regular, era invocat i mantenia relacions fixes amb altres d\u00e9us. La religi\u00f3 mesopot\u00e0mica no coneixia una separaci\u00f3 estricta entre poders venerats i poders temuts. Qui vulgui aprofundir en la sobirana del m\u00f3n inferior trobar\u00e0 a <a href=\"https:\/\/iwell-guard.com\/ca\/?page_id=171508\">Ereshkigal<\/a> la contrapart d&#8217;aquest <span class=\"iwg-fachbegriff\" data-tooltip=\"Un relat transm\u00e8s sobre d\u00e9us, or\u00edgens i l'ordre del m\u00f3n.\" tabindex=\"0\">mite<\/span>.<\/p>\t\t\t\t\t\t\t\t<\/div>\n\t\t\t\t<\/div>\n\t\t\t\t\t<\/div>\n\t\t\t\t<\/div>\n\t\t<div class=\"elementor-element elementor-element-cp23c6516 e-flex e-con-boxed e-con e-parent\" data-id=\"cp23c6516\" data-element_type=\"container\" data-e-type=\"container\">\n\t\t\t\t\t<div class=\"e-con-inner\">\n\t\t\t\t<div class=\"elementor-element elementor-element-cp2d79aec elementor-widget elementor-widget-heading\" data-id=\"cp2d79aec\" data-element_type=\"widget\" data-e-type=\"widget\" data-widget_type=\"heading.default\">\n\t\t\t\t\t<h2 class=\"elementor-heading-title elementor-size-default\">Nergal com a d\u00e9u de la guerra i la pesta<\/h2>\t\t\t\t<\/div>\n\t\t<div class=\"elementor-element elementor-element-cpa91f230 e-con-full e-flex e-con e-child\" data-id=\"cpa91f230\" data-element_type=\"container\" data-e-type=\"container\">\n\t\t\t\t<div class=\"elementor-element elementor-element-cp95d778c elementor-widget elementor-widget-text-editor\" data-id=\"cp95d778c\" data-element_type=\"widget\" data-e-type=\"widget\" data-widget_type=\"text-editor.default\">\n\t\t\t\t\t\t\t\t\t<p>A m\u00e9s del seu paper com a sobir\u00e0 del m\u00f3n inferior, Nergal tenia un segon perfil, estretament relacionat amb el primer: era un d\u00e9u de la mort violenta, de la guerra, de la pesta i de la calor destructiva de l&#8217;estiu. Aquests aspectes estan lligats de manera l\u00f2gica, ja que tots ells provoquen morts massives, i la mort porta directament al regne de Nergal.<\/p><p>En himnes i encanteris, Nergal apareix com una for\u00e7a temible que envia la pesta i la febre. La concepci\u00f3 mesopot\u00e0mica associava determinades malalties amb l&#8217;acci\u00f3 divina, i Nergal era una de les divinitats a les quals s&#8217;atribu\u00efen les epid\u00e8mies.<\/p><p>Alhora, se&#8217;l podia invocar precisament per allunyar aquests perills, un patr\u00f3 t\u00edpic de la religi\u00f3 mesopot\u00e0mica: el mateix poder que causa la desgr\u00e0cia tamb\u00e9 pot mantenir-la a dist\u00e0ncia.<\/p><p>Com a d\u00e9u de la guerra, Nergal era invocat pels reis, que posaven les seves campanyes sota la seva protecci\u00f3. Les inscripcions reials l&#8217;esmenten entre els d\u00e9us que concedeixen la vict\u00f2ria al governant i abaten els enemics. En aquesta funci\u00f3, es situava en part al costat o en compet\u00e8ncia amb altres d\u00e9us de la guerra com Ninurta, amb qui compartia trets en alguns textos.<\/p><p>Astron\u00f2micament, Nergal era identificat amb el planeta Mart, el color vermell\u00f3s del qual, en la interpretaci\u00f3 mesopot\u00e0mica, s&#8217;associava amb la sang, la guerra i la desgr\u00e0cia.<\/p><p>Aquesta equival\u00e8ncia va ser tan estable que va perdurar, a trav\u00e9s de la mediaci\u00f3 grecoromana, fins a tradicions astrol\u00f2giques posteriors. La investigaci\u00f3 veu en aquesta associaci\u00f3 amb Mart un bon exemple de com l&#8217;observaci\u00f3 celestial mesopot\u00e0mica va incorporar i sistematitzar continguts mitol\u00f2gics.<\/p>\t\t\t\t\t\t\t\t<\/div>\n\t\t\t\t<\/div>\n\t\t\t\t\t<\/div>\n\t\t\t\t<\/div>\n\t\t<div class=\"elementor-element elementor-element-cpc32216d e-flex e-con-boxed e-con e-parent\" data-id=\"cpc32216d\" data-element_type=\"container\" data-e-type=\"container\">\n\t\t\t\t\t<div class=\"e-con-inner\">\n\t\t\t\t<div class=\"elementor-element elementor-element-cpee082c7 elementor-widget elementor-widget-heading\" data-id=\"cpee082c7\" data-element_type=\"widget\" data-e-type=\"widget\" data-widget_type=\"heading.default\">\n\t\t\t\t\t<h2 class=\"elementor-heading-title elementor-size-default\">Iconografia i testimonis materials<\/h2>\t\t\t\t<\/div>\n\t\t<div class=\"elementor-element elementor-element-cp592a0ef e-con-full e-flex e-con e-child\" data-id=\"cp592a0ef\" data-element_type=\"container\" data-e-type=\"container\">\n\t\t\t\t<div class=\"elementor-element elementor-element-cp728b57d elementor-widget elementor-widget-text-editor\" data-id=\"cp728b57d\" data-element_type=\"widget\" data-e-type=\"widget\" data-widget_type=\"text-editor.default\">\n\t\t\t\t\t\t\t\t\t<p>La representaci\u00f3 figurativa de Nergal no sempre es pot determinar de manera inequ\u00edvoca, ja que la iconografia divina mesopot\u00e0mica sovint es basa en atributs m\u00e9s que en trets facials individuals. En la investigaci\u00f3, Nergal s&#8217;identifica sobretot mitjan\u00e7ant certs s\u00edmbols i animals que l&#8217;acompanyen.<\/p><p>Un atribut caracter\u00edstic de Nergal \u00e9s una ma\u00e7a o un bast\u00f3 corbat, de vegades decorat amb dos caps de lle\u00f3. El lle\u00f3 \u00e9s un dels seus animals simb\u00f2lics m\u00e9s importants i subratlla el seu car\u00e0cter violent i depredador. En segells i relleus apareix ocasionalment com una <span class=\"iwg-fachbegriff\" data-tooltip=\"Un \u00e9sser venerat com a div\u00ed dins d'una religi\u00f3.\" tabindex=\"0\">divinitat<\/span> armada i en actitud de marxa.<\/p><p>Un lloc especial ocupa una famosa escultura de terracota, sovint relacionada, encara que no de manera un\u00e0nime, amb l&#8217;entorn de Nergal: l&#8217;anomenat <span class=\"iwg-fachbegriff\" data-tooltip=\"Una representaci\u00f3 esculpida en relleu sobre una superf\u00edcie plana.\" tabindex=\"0\">relleu<\/span> Burney o la Reina de la Nit, una placa de terracota paleobabil\u00f2nica que mostra una deessa alada amb potes d&#8217;au entre dos lleons i dos mussols.<\/p><p>La identificaci\u00f3 d&#8217;aquesta figura \u00e9s objecte de controv\u00e8rsia en la investigaci\u00f3; s&#8217;han proposat, entre altres, Ereshkigal i Ishtar. En qualsevol cas, el <span class=\"iwg-fachbegriff\" data-tooltip=\"Una representaci\u00f3 esculpida en relleu sobre una superf\u00edcie plana.\" tabindex=\"0\">relleu<\/span> remet a l&#8217;\u00e0mbit iconogr\u00e0fic del m\u00f3n inferior i del poder nocturn, al qual tamb\u00e9 pertany Nergal.<\/p><p>Materialment, el <span class=\"iwg-fachbegriff\" data-tooltip=\"El conjunt d'actes de veneraci\u00f3 religiosa dedicats a una divinitat o figura sagrada.\" tabindex=\"0\">culte<\/span> a Nergal est\u00e0 documentat per inscripcions de temples, ofrenes votives, textos d&#8217;encanteris i inscripcions reials de diversos segles. La llarga hist\u00f2ria del seu temple a Kutha i la difusi\u00f3 del seu nom en noms personals mostren que Nergal no era una figura teol\u00f2gica marginal, sin\u00f3 una <span class=\"iwg-fachbegriff\" data-tooltip=\"Un \u00e9sser venerat com a div\u00ed dins d'una religi\u00f3.\" tabindex=\"0\">divinitat<\/span> present en la vida quotidiana, a la qual s&#8217;atribu\u00efa poder sobre la vida i la mort.<\/p>\t\t\t\t\t\t\t\t<\/div>\n\t\t\t\t<\/div>\n\t\t\t\t\t<\/div>\n\t\t\t\t<\/div>\n\t\t<div class=\"elementor-element elementor-element-cp3f3c96f e-flex e-con-boxed e-con e-parent\" data-id=\"cp3f3c96f\" data-element_type=\"container\" data-e-type=\"container\">\n\t\t\t\t\t<div class=\"e-con-inner\">\n\t\t\t\t<div class=\"elementor-element elementor-element-cpf6a3842 elementor-widget elementor-widget-heading\" data-id=\"cpf6a3842\" data-element_type=\"widget\" data-e-type=\"widget\" data-widget_type=\"heading.default\">\n\t\t\t\t\t<h2 class=\"elementor-heading-title elementor-size-default\">Nergal en la tradici\u00f3 b\u00edblica i en la hist\u00f2ria de la investigaci\u00f3<\/h2>\t\t\t\t<\/div>\n\t\t<div class=\"elementor-element elementor-element-cp7cbb0dc e-con-full e-flex e-con e-child\" data-id=\"cp7cbb0dc\" data-element_type=\"container\" data-e-type=\"container\">\n\t\t\t\t<div class=\"elementor-element elementor-element-cp92b609a elementor-widget elementor-widget-text-editor\" data-id=\"cp92b609a\" data-element_type=\"widget\" data-e-type=\"widget\" data-widget_type=\"text-editor.default\">\n\t\t\t\t\t\t\t\t\t<p>Nergal va arribar fins i tot a la B\u00edblia hebrea. Al segon llibre dels Reis, en relaci\u00f3 amb els pobles reassentats a Samaria despr\u00e9s de la caiguda del regne del nord, es relata que la gent de Cuta va portar Nergal com el seu d\u00e9u i va continuar venerant-lo.<\/p><p>Aquesta breu not\u00edcia \u00e9s reveladora des del punt de vista de la hist\u00f2ria de les religions, ja que mostra com el d\u00e9u va romandre estretament lligat a la seva ciutat i com els cultes es despla\u00e7aven juntament amb les poblacions.<\/p><p>En la investigaci\u00f3 moderna, Nergal ha estat estudiat des del desxiframent de l&#8217;escriptura cune\u00efforme al segle XIX. Els primers assiri\u00f2legs el van classificar r\u00e0pidament com a d\u00e9u de l&#8217;infram\u00f3n i <span class=\"iwg-fachbegriff\" data-tooltip=\"Un \u00e9sser venerat com a div\u00ed dins d'una religi\u00f3.\" tabindex=\"0\">divinitat<\/span> marcial equiparable a Mart.<\/p><p>La investigaci\u00f3 m\u00e9s recent ha refinat aquesta imatge i emfatitza la complexitat de la figura. Nergal no es pot reduir a una sola funci\u00f3, sin\u00f3 que uneix en un perfil coherent l&#8217;infram\u00f3n, la guerra, la pesta i la calor del sol.<\/p><p>Un punt debatut \u00e9s la relaci\u00f3 de Nergal amb altres d\u00e9us, amb els quals en algunes fonts s&#8217;identifica o es vincula parcialment, com per exemple Erra, el d\u00e9u de la pesta i la devastaci\u00f3, a qui es dedica una obra liter\u00e0ria pr\u00f2pia, l&#8217;Epopeia d&#8217;Erra.<\/p><p>Si Erra i Nergal eren origin\u00e0riament figures separades o dos noms d&#8217;un mateix poder \u00e9s una q\u00fcesti\u00f3 que la investigaci\u00f3 no ha resolt de manera definitiva.<\/p><p>La import\u00e0ncia de Nergal per a la ci\u00e8ncia de les religions rau en el fet que en ell es fa palpable la concepci\u00f3 mesopot\u00e0mica segons la qual la mort, la viol\u00e8ncia i les forces de la natura no es troben fora de l&#8217;ordre div\u00ed, sin\u00f3 que s\u00f3n administrades per una <span class=\"iwg-fachbegriff\" data-tooltip=\"Un \u00e9sser venerat com a div\u00ed dins d'una religi\u00f3.\" tabindex=\"0\">divinitat<\/span> concreta i invocable.<\/p>\t\t\t\t\t\t\t\t<\/div>\n\t\t\t\t<\/div>\n\t\t\t\t\t<\/div>\n\t\t\t\t<\/div>\n\t\t<div class=\"elementor-element elementor-element-36dd7469 e-flex e-con-boxed e-con e-parent\" data-id=\"36dd7469\" data-element_type=\"container\" data-e-type=\"container\">\n\t\t\t\t\t<div class=\"e-con-inner\">\n\t\t\t\t<div class=\"elementor-element elementor-element-13760ab4 elementor-widget elementor-widget-heading\" data-id=\"13760ab4\" data-element_type=\"widget\" data-e-type=\"widget\" data-widget_type=\"heading.default\">\n\t\t\t\t\t<h2 class=\"elementor-heading-title elementor-size-default\">Enlla\u00e7os relacionats<\/h2>\t\t\t\t<\/div>\n\t\t<div class=\"elementor-element elementor-element-28c87796 e-con-full e-flex e-con e-child\" data-id=\"28c87796\" data-element_type=\"container\" data-e-type=\"container\">\n\t\t\t\t<div class=\"elementor-element elementor-element-5d6538df elementor-widget elementor-widget-text-editor\" data-id=\"5d6538df\" data-element_type=\"widget\" data-e-type=\"widget\" data-widget_type=\"text-editor.default\">\n\t\t\t\t\t\t\t\t\t<ul><li><a href=\"https:\/\/iwell-guard.com\/ca\/?page_id=171508\">Ereshkigal, esposa a l&#8217;infram\u00f3n<\/a><\/li><li><a href=\"https:\/\/iwell-guard.com\/ca\/mesopotamia\/\">Mesopot\u00e0mia, panorama del pante\u00f3<\/a><\/li><li><a href=\"https:\/\/iwell-guard.com\/ca\/?page_id=171461\">Divinitats de la mort, subcategoria<\/a><\/li><li><a href=\"https:\/\/iwell-guard.com\/ca\/?page_id=171431\">D\u00e9us, panorama de classes<\/a><\/li><\/ul>\t\t\t\t\t\t\t\t<\/div>\n\t\t\t\t<\/div>\n\t\t\t\t\t<\/div>\n\t\t\t\t<\/div>\n\t\t<div class=\"elementor-element elementor-element-grl4kl40 e-flex e-con-boxed e-con e-parent\" data-id=\"grl4kl40\" data-element_type=\"container\" data-e-type=\"container\">\n\t\t\t\t\t<div class=\"e-con-inner\">\n\t\t\t\t<div class=\"elementor-element elementor-element-bzsbfrmh elementor-widget elementor-widget-heading\" data-id=\"bzsbfrmh\" data-element_type=\"widget\" data-e-type=\"widget\" data-widget_type=\"heading.default\">\n\t\t\t\t\t<h2 class=\"elementor-heading-title elementor-size-default\">Fonts i bibliografia<\/h2>\t\t\t\t<\/div>\n\t\t<div class=\"elementor-element elementor-element-2c13224a e-con-full e-flex e-con e-child\" data-id=\"2c13224a\" data-element_type=\"container\" data-e-type=\"container\">\n\t\t\t\t<div class=\"elementor-element elementor-element-0eymh9ub elementor-widget elementor-widget-text-editor\" data-id=\"0eymh9ub\" data-element_type=\"widget\" data-e-type=\"widget\" data-widget_type=\"text-editor.default\">\n\t\t\t\t\t\t\t\t\t<footer class=\"iwg-literatur\" data-nosnippet=\"true\"><ul><li><span data-nosnippet>Cagni, Luigi: <em>L&rsquo;epopea di Erra<\/em>. Roma 1969 (edici\u00f3 de refer\u00e8ncia).<\/span><\/li><li><span data-nosnippet>Lambert, Wilfred G.: <em>Babylonian Wisdom Literature<\/em>. Oxford 1960.<\/span><\/li><li>Walde, Christine (ed.): <em>Der Neue Pauly<\/em> (entrada &bdquo;Nergal&ldquo;).<\/li><\/ul><\/footer>\n<p class=\"iwg-bib-more\"><span data-nosnippet>M\u00e9s obres de refer\u00e8ncia a la <a href=\"https:\/\/iwell-guard.com\/ca\/?page_id=171483\">bibliografia<\/a>.<\/span><\/p>\t\t\t\t\t\t\t\t<\/div>\n\t\t\t\t<\/div>\n\t\t\t\t\t<\/div>\n\t\t\t\t<\/div>\n\t\t\t\t<\/div>\n\t\t","protected":false},"excerpt":{"rendered":"","protected":false},"author":3,"featured_media":1736,"parent":0,"menu_order":0,"comment_status":"closed","ping_status":"closed","template":"elementor_header_footer","meta":{"_yoast_wpseo_focuskw":"Nergal","_yoast_wpseo_title":"Nergal \u2013 D\u00e9u de la guerra i regent de l'infram\u00f3n a Mesopot\u00e0mia","_yoast_wpseo_metadesc":"Nergal, d\u00e9u de la guerra i regent de l'infram\u00f3n mesopot\u00e0mic. Temple a Kutha, matrimoni amb Ereshkigal, cogovernant d'Irkalla i de l'ordre de la mort.","_yoast_wpseo_meta-robots-noindex":"","_yoast_wpseo_canonical":"","_angie_page":false,"gefaehrdungsstufe":"4","wesen_kultur":"mesopotamien","wesen_klasse":"goetter","footnotes":""},"categories":[],"class_list":["post-171501","page","type-page","status-publish","has-post-thumbnail","hentry"],"yoast_head":"<!-- This site is optimized with the Yoast SEO Premium plugin v27.7 (Yoast SEO v28.3) - https:\/\/yoast.com\/product\/yoast-seo-premium-wordpress\/ -->\n<title>Nergal \u2013 D\u00e9u de la guerra i regent de l&#039;infram\u00f3n a Mesopot\u00e0mia<\/title>\n<meta name=\"description\" content=\"Nergal, d\u00e9u de la guerra i regent de l&#039;infram\u00f3n mesopot\u00e0mic. Temple a Kutha, matrimoni amb Ereshkigal, cogovernant d&#039;Irkalla i de l&#039;ordre de la mort.\" \/>\n<meta name=\"robots\" content=\"index, follow, max-snippet:-1, max-image-preview:large, max-video-preview:-1\" \/>\n<link rel=\"canonical\" href=\"https:\/\/iwell-guard.com\/ca\/nergal\/\" \/>\n<meta property=\"og:locale\" content=\"ca_ES\" \/>\n<meta property=\"og:type\" content=\"article\" \/>\n<meta property=\"og:title\" content=\"Nergal\" \/>\n<meta property=\"og:description\" content=\"Nergal, d\u00e9u de la guerra i regent de l&#039;infram\u00f3n mesopot\u00e0mic. Temple a Kutha, matrimoni amb Ereshkigal, cogovernant d&#039;Irkalla i de l&#039;ordre de la mort.\" \/>\n<meta property=\"og:url\" content=\"https:\/\/iwell-guard.com\/ca\/nergal\/\" \/>\n<meta property=\"og:site_name\" content=\"iWell Guard\" \/>\n<meta property=\"article:modified_time\" content=\"2026-09-05T15:59:19+00:00\" \/>\n<meta property=\"og:image\" content=\"https:\/\/iwell-guard.com\/wp-content\/uploads\/2026\/04\/goetter_mesopotamien_nergal.webp\" \/>\n\t<meta property=\"og:image:width\" content=\"1024\" \/>\n\t<meta property=\"og:image:height\" content=\"1536\" \/>\n\t<meta property=\"og:image:type\" content=\"image\/webp\" \/>\n<meta name=\"twitter:card\" content=\"summary_large_image\" \/>\n<script type=\"application\/ld+json\" class=\"yoast-schema-graph\">{\"@context\":\"https:\\\/\\\/schema.org\",\"@graph\":[{\"@type\":\"WebPage\",\"@id\":\"https:\\\/\\\/iwell-guard.com\\\/ca\\\/nergal\\\/\",\"url\":\"https:\\\/\\\/iwell-guard.com\\\/ca\\\/nergal\\\/\",\"name\":\"Nergal \u2013 D\u00e9u de la guerra i regent de l'infram\u00f3n a Mesopot\u00e0mia\",\"isPartOf\":{\"@id\":\"https:\\\/\\\/iwell-guard.com\\\/ca\\\/#website\"},\"primaryImageOfPage\":{\"@id\":\"https:\\\/\\\/iwell-guard.com\\\/ca\\\/nergal\\\/#primaryimage\"},\"image\":{\"@id\":\"https:\\\/\\\/iwell-guard.com\\\/ca\\\/nergal\\\/#primaryimage\"},\"thumbnailUrl\":\"https:\\\/\\\/iwell-guard.com\\\/wp-content\\\/uploads\\\/2026\\\/04\\\/goetter_mesopotamien_nergal.webp\",\"datePublished\":\"2026-09-05T15:39:54+00:00\",\"dateModified\":\"2026-09-05T15:59:19+00:00\",\"description\":\"Nergal, d\u00e9u de la guerra i regent de l'infram\u00f3n mesopot\u00e0mic. Temple a Kutha, matrimoni amb Ereshkigal, cogovernant d'Irkalla i de l'ordre de la mort.\",\"breadcrumb\":{\"@id\":\"https:\\\/\\\/iwell-guard.com\\\/ca\\\/nergal\\\/#breadcrumb\"},\"inLanguage\":\"ca\",\"potentialAction\":[{\"@type\":\"ReadAction\",\"target\":[\"https:\\\/\\\/iwell-guard.com\\\/ca\\\/nergal\\\/\"]}]},{\"@type\":\"ImageObject\",\"inLanguage\":\"ca\",\"@id\":\"https:\\\/\\\/iwell-guard.com\\\/ca\\\/nergal\\\/#primaryimage\",\"url\":\"https:\\\/\\\/iwell-guard.com\\\/wp-content\\\/uploads\\\/2026\\\/04\\\/goetter_mesopotamien_nergal.webp\",\"contentUrl\":\"https:\\\/\\\/iwell-guard.com\\\/wp-content\\\/uploads\\\/2026\\\/04\\\/goetter_mesopotamien_nergal.webp\",\"width\":1024,\"height\":1536,\"caption\":\"D\u00e9us de la tradici\u00f3 mesopot\u00e0mica.\"},{\"@type\":\"BreadcrumbList\",\"@id\":\"https:\\\/\\\/iwell-guard.com\\\/ca\\\/nergal\\\/#breadcrumb\",\"itemListElement\":[{\"@type\":\"ListItem\",\"position\":1,\"name\":\"Start\",\"item\":\"https:\\\/\\\/iwell-guard.com\\\/ca\\\/?page_id=171333\"},{\"@type\":\"ListItem\",\"position\":2,\"name\":\"Nergal\"}]},{\"@type\":\"WebSite\",\"@id\":\"https:\\\/\\\/iwell-guard.com\\\/ca\\\/#website\",\"url\":\"https:\\\/\\\/iwell-guard.com\\\/ca\\\/\",\"name\":\"iWell Guard\",\"description\":\"Schutz vor dunklen Einfl\u00fcssen\",\"publisher\":{\"@id\":\"https:\\\/\\\/iwell-guard.com\\\/ca\\\/#organization\"},\"potentialAction\":[{\"@type\":\"SearchAction\",\"target\":{\"@type\":\"EntryPoint\",\"urlTemplate\":\"https:\\\/\\\/iwell-guard.com\\\/ca\\\/?s={search_term_string}\"},\"query-input\":{\"@type\":\"PropertyValueSpecification\",\"valueRequired\":true,\"valueName\":\"search_term_string\"}}],\"inLanguage\":\"ca\"},{\"@type\":\"Organization\",\"@id\":\"https:\\\/\\\/iwell-guard.com\\\/ca\\\/#organization\",\"name\":\"Ittermann electronic GmbH\",\"url\":\"https:\\\/\\\/iwell-guard.com\\\/ca\\\/\",\"logo\":{\"@type\":\"ImageObject\",\"inLanguage\":\"ca\",\"@id\":\"https:\\\/\\\/iwell-guard.com\\\/ca\\\/#\\\/schema\\\/logo\\\/image\\\/\",\"url\":\"https:\\\/\\\/iwell-guard.com\\\/wp-content\\\/uploads\\\/2026\\\/05\\\/Ittermann-Logo-1182x237-1.png\",\"contentUrl\":\"https:\\\/\\\/iwell-guard.com\\\/wp-content\\\/uploads\\\/2026\\\/05\\\/Ittermann-Logo-1182x237-1.png\",\"width\":1182,\"height\":237,\"caption\":\"Ittermann electronic GmbH\"},\"image\":{\"@id\":\"https:\\\/\\\/iwell-guard.com\\\/ca\\\/#\\\/schema\\\/logo\\\/image\\\/\"},\"sameAs\":[\"https:\\\/\\\/pantip.com\\\/profile\\\/9367242\",\"https:\\\/\\\/micro.blog\\\/iwellguard\",\"https:\\\/\\\/www.diggerslist.com\\\/iwellguard\\\/about\",\"https:\\\/\\\/skitterphoto.com\\\/photographers\\\/2870314\\\/iwell-guard\",\"https:\\\/\\\/iwellguard.wordpress.com\\\/2026\\\/06\\\/06\\\/iwell-guard\\\/\",\"https:\\\/\\\/hub.docker.com\\\/u\\\/iwellguard\",\"https:\\\/\\\/www.pinterest.com\\\/iwellguard\\\/\",\"https:\\\/\\\/bit.ly\\\/m\\\/iwellguard\",\"https:\\\/\\\/entre-vos-mains.alsace.eu\\\/profiles\\\/iwellguard\\\/activity\",\"https:\\\/\\\/gravatar.com\\\/reallybeded8fd34\",\"https:\\\/\\\/naijamatta.com\\\/iwellguard\",\"https:\\\/\\\/www.goodreads.com\\\/iwellguard\",\"https:\\\/\\\/profile.hatena.ne.jp\\\/iwellguard\\\/\",\"https:\\\/\\\/experiment.com\\\/users\\\/iwellguard\",\"https:\\\/\\\/wakelet.com\\\/@iWellGuard82270\",\"https:\\\/\\\/www.chordie.com\\\/forum\\\/profile.php?id=2555664\",\"https:\\\/\\\/www.instapaper.com\\\/p\\\/17757966\",\"https:\\\/\\\/www.mapleprimes.com\\\/users\\\/iwellguard\",\"https:\\\/\\\/businesslistingplus.com\\\/profile\\\/iwell-guard\\\/\",\"https:\\\/\\\/telegra.ph\\\/iWell-Guard-06-06\",\"https:\\\/\\\/pbase.com\\\/iwellguard\\\/iwellguard\",\"https:\\\/\\\/b.hatena.ne.jp\\\/iwellguard\\\/20260607#bookmark-4788405196491818882\",\"https:\\\/\\\/fliphtml5.com\\\/home\\\/iwellguard\",\"https:\\\/\\\/anyflip.com\\\/homepage\\\/cmiwl#About\",\"https:\\\/\\\/transfur.com\\\/Users\\\/iwellguard\",\"http:\\\/\\\/delphi.larsbo.org\\\/user\\\/iwellguard\",\"https:\\\/\\\/jobs.lajobsportal.org\\\/profiles\\\/8380803-iwell-guard\",\"https:\\\/\\\/md.chaosdorf.de\\\/s\\\/jfbe5SBdJD\",\"https:\\\/\\\/www.lingvolive.com\\\/en-us\\\/profile\\\/9ecaeaca-ce11-4e51-9e71-01d55e2bff36\\\/translations\",\"https:\\\/\\\/www.fitday.com\\\/fitness\\\/forums\\\/members\\\/iwellguard.html\",\"https:\\\/\\\/www.mymeetbook.com\\\/iwellguard\",\"https:\\\/\\\/pxhere.com\\\/en\\\/photographer-me\\\/5040798\",\"https:\\\/\\\/disqus.com\\\/by\\\/iwellguard\\\/about\\\/\",\"https:\\\/\\\/pastelink.net\\\/hjwciqwq\",\"https:\\\/\\\/pubhtml5.com\\\/homepage\\\/scjhn\\\/\",\"https:\\\/\\\/www.bitchute.com\\\/channel\\\/2O2eOKzNqujT\",\"https:\\\/\\\/audiomack.com\\\/iwellguard\"]},{\"@type\":\"Article\",\"@id\":\"https:\\\/\\\/iwell-guard.com\\\/ca\\\/nergal\\\/#article\",\"isPartOf\":{\"@id\":\"https:\\\/\\\/iwell-guard.com\\\/ca\\\/nergal\\\/\"},\"author\":{\"name\":\"Ralf Ittermann\",\"@id\":\"https:\\\/\\\/iwell-guard.com\\\/ca\\\/#\\\/schema\\\/person\\\/ee2a27f1cac3406c7c6fb5820cb7349f\"},\"headline\":\"Nergal\",\"datePublished\":\"2026-09-05T15:39:54+00:00\",\"dateModified\":\"2026-09-05T15:59:19+00:00\",\"mainEntityOfPage\":{\"@id\":\"https:\\\/\\\/iwell-guard.com\\\/ca\\\/nergal\\\/\"},\"publisher\":{\"@id\":\"https:\\\/\\\/iwell-guard.com\\\/ca\\\/#organization\"},\"image\":{\"@id\":\"https:\\\/\\\/iwell-guard.com\\\/ca\\\/nergal\\\/#primaryimage\"},\"thumbnailUrl\":\"https:\\\/\\\/iwell-guard.com\\\/wp-content\\\/uploads\\\/2026\\\/04\\\/goetter_mesopotamien_nergal.webp\",\"inLanguage\":\"ca\",\"description\":\"Nergal, d\u00e9u de la guerra i regent de l'infram\u00f3n mesopot\u00e0mic. Temple a Kutha, matrimoni amb Ereshkigal, cogovernant d'Irkalla i de l'ordre de la mort.\"}]}<\/script>\n<!-- \/ Yoast SEO Premium plugin. -->","yoast_head_json":{"title":"Nergal \u2013 D\u00e9u de la guerra i regent de l'infram\u00f3n a Mesopot\u00e0mia","description":"Nergal, d\u00e9u de la guerra i regent de l'infram\u00f3n mesopot\u00e0mic. Temple a Kutha, matrimoni amb Ereshkigal, cogovernant d'Irkalla i de l'ordre de la mort.","robots":{"index":"index","follow":"follow","max-snippet":"max-snippet:-1","max-image-preview":"max-image-preview:large","max-video-preview":"max-video-preview:-1"},"canonical":"https:\/\/iwell-guard.com\/ca\/nergal\/","og_locale":"ca_ES","og_type":"article","og_title":"Nergal","og_description":"Nergal, d\u00e9u de la guerra i regent de l'infram\u00f3n mesopot\u00e0mic. Temple a Kutha, matrimoni amb Ereshkigal, cogovernant d'Irkalla i de l'ordre de la mort.","og_url":"https:\/\/iwell-guard.com\/ca\/nergal\/","og_site_name":"iWell Guard","article_modified_time":"2026-09-05T15:59:19+00:00","og_image":[{"width":1024,"height":1536,"url":"https:\/\/iwell-guard.com\/wp-content\/uploads\/2026\/04\/goetter_mesopotamien_nergal.webp","type":"image\/webp"}],"twitter_card":"summary_large_image","schema":{"@context":"https:\/\/schema.org","@graph":[{"@type":"Article","@id":"https:\/\/iwell-guard.com\/ca\/nergal\/#article","isPartOf":{"@id":"https:\/\/iwell-guard.com\/ca\/nergal\/"},"author":{"name":"Ralf Ittermann","@id":"https:\/\/iwell-guard.com\/ca\/#\/schema\/person\/ee2a27f1cac3406c7c6fb5820cb7349f"},"headline":"Nergal","datePublished":"2026-09-05T15:39:54+00:00","dateModified":"2026-09-05T15:59:19+00:00","mainEntityOfPage":{"@id":"https:\/\/iwell-guard.com\/ca\/nergal\/"},"publisher":{"@id":"https:\/\/iwell-guard.com\/ca\/#organization"},"image":{"@id":"https:\/\/iwell-guard.com\/ca\/nergal\/#primaryimage"},"thumbnailUrl":"https:\/\/iwell-guard.com\/wp-content\/uploads\/2026\/04\/goetter_mesopotamien_nergal.webp","inLanguage":"ca","description":"Nergal, d\u00e9u de la guerra i regent de l'infram\u00f3n mesopot\u00e0mic. Temple a Kutha, matrimoni amb Ereshkigal, cogovernant d'Irkalla i de l'ordre de la mort."},{"@type":"WebPage","@id":"https:\/\/iwell-guard.com\/ca\/nergal\/","url":"https:\/\/iwell-guard.com\/ca\/nergal\/","name":"Nergal \u2013 D\u00e9u de la guerra i regent de l'infram\u00f3n a Mesopot\u00e0mia","isPartOf":{"@id":"https:\/\/iwell-guard.com\/ca\/#website"},"primaryImageOfPage":{"@id":"https:\/\/iwell-guard.com\/ca\/nergal\/#primaryimage"},"image":{"@id":"https:\/\/iwell-guard.com\/ca\/nergal\/#primaryimage"},"thumbnailUrl":"https:\/\/iwell-guard.com\/wp-content\/uploads\/2026\/04\/goetter_mesopotamien_nergal.webp","datePublished":"2026-09-05T15:39:54+00:00","dateModified":"2026-09-05T15:59:19+00:00","description":"Nergal, d\u00e9u de la guerra i regent de l'infram\u00f3n mesopot\u00e0mic. Temple a Kutha, matrimoni amb Ereshkigal, cogovernant d'Irkalla i de l'ordre de la mort.","breadcrumb":{"@id":"https:\/\/iwell-guard.com\/ca\/nergal\/#breadcrumb"},"inLanguage":"ca","potentialAction":[{"@type":"ReadAction","target":["https:\/\/iwell-guard.com\/ca\/nergal\/"]}]},{"@type":"ImageObject","inLanguage":"ca","@id":"https:\/\/iwell-guard.com\/ca\/nergal\/#primaryimage","url":"https:\/\/iwell-guard.com\/wp-content\/uploads\/2026\/04\/goetter_mesopotamien_nergal.webp","contentUrl":"https:\/\/iwell-guard.com\/wp-content\/uploads\/2026\/04\/goetter_mesopotamien_nergal.webp","width":1024,"height":1536,"caption":"D\u00e9us de la tradici\u00f3 mesopot\u00e0mica."},{"@type":"BreadcrumbList","@id":"https:\/\/iwell-guard.com\/ca\/nergal\/#breadcrumb","itemListElement":[{"@type":"ListItem","position":1,"name":"Start","item":"https:\/\/iwell-guard.com\/ca\/?page_id=171333"},{"@type":"ListItem","position":2,"name":"Nergal"}]},{"@type":"WebSite","@id":"https:\/\/iwell-guard.com\/ca\/#website","url":"https:\/\/iwell-guard.com\/ca\/","name":"iWell Guard","description":"Schutz vor dunklen Einfl\u00fcssen","publisher":{"@id":"https:\/\/iwell-guard.com\/ca\/#organization"},"potentialAction":[{"@type":"SearchAction","target":{"@type":"EntryPoint","urlTemplate":"https:\/\/iwell-guard.com\/ca\/?s={search_term_string}"},"query-input":{"@type":"PropertyValueSpecification","valueRequired":true,"valueName":"search_term_string"}}],"inLanguage":"ca"},{"@type":"Organization","@id":"https:\/\/iwell-guard.com\/ca\/#organization","name":"Ittermann electronic GmbH","url":"https:\/\/iwell-guard.com\/ca\/","logo":{"@type":"ImageObject","inLanguage":"ca","@id":"https:\/\/iwell-guard.com\/ca\/#\/schema\/logo\/image\/","url":"https:\/\/iwell-guard.com\/wp-content\/uploads\/2026\/05\/Ittermann-Logo-1182x237-1.png","contentUrl":"https:\/\/iwell-guard.com\/wp-content\/uploads\/2026\/05\/Ittermann-Logo-1182x237-1.png","width":1182,"height":237,"caption":"Ittermann electronic GmbH"},"image":{"@id":"https:\/\/iwell-guard.com\/ca\/#\/schema\/logo\/image\/"},"sameAs":["https:\/\/pantip.com\/profile\/9367242","https:\/\/micro.blog\/iwellguard","https:\/\/www.diggerslist.com\/iwellguard\/about","https:\/\/skitterphoto.com\/photographers\/2870314\/iwell-guard","https:\/\/iwellguard.wordpress.com\/2026\/06\/06\/iwell-guard\/","https:\/\/hub.docker.com\/u\/iwellguard","https:\/\/www.pinterest.com\/iwellguard\/","https:\/\/bit.ly\/m\/iwellguard","https:\/\/entre-vos-mains.alsace.eu\/profiles\/iwellguard\/activity","https:\/\/gravatar.com\/reallybeded8fd34","https:\/\/naijamatta.com\/iwellguard","https:\/\/www.goodreads.com\/iwellguard","https:\/\/profile.hatena.ne.jp\/iwellguard\/","https:\/\/experiment.com\/users\/iwellguard","https:\/\/wakelet.com\/@iWellGuard82270","https:\/\/www.chordie.com\/forum\/profile.php?id=2555664","https:\/\/www.instapaper.com\/p\/17757966","https:\/\/www.mapleprimes.com\/users\/iwellguard","https:\/\/businesslistingplus.com\/profile\/iwell-guard\/","https:\/\/telegra.ph\/iWell-Guard-06-06","https:\/\/pbase.com\/iwellguard\/iwellguard","https:\/\/b.hatena.ne.jp\/iwellguard\/20260607#bookmark-4788405196491818882","https:\/\/fliphtml5.com\/home\/iwellguard","https:\/\/anyflip.com\/homepage\/cmiwl#About","https:\/\/transfur.com\/Users\/iwellguard","http:\/\/delphi.larsbo.org\/user\/iwellguard","https:\/\/jobs.lajobsportal.org\/profiles\/8380803-iwell-guard","https:\/\/md.chaosdorf.de\/s\/jfbe5SBdJD","https:\/\/www.lingvolive.com\/en-us\/profile\/9ecaeaca-ce11-4e51-9e71-01d55e2bff36\/translations","https:\/\/www.fitday.com\/fitness\/forums\/members\/iwellguard.html","https:\/\/www.mymeetbook.com\/iwellguard","https:\/\/pxhere.com\/en\/photographer-me\/5040798","https:\/\/disqus.com\/by\/iwellguard\/about\/","https:\/\/pastelink.net\/hjwciqwq","https:\/\/pubhtml5.com\/homepage\/scjhn\/","https:\/\/www.bitchute.com\/channel\/2O2eOKzNqujT","https:\/\/audiomack.com\/iwellguard"]},{"@type":"Person","@id":"https:\/\/iwell-guard.com\/ca\/#\/schema\/person\/ee2a27f1cac3406c7c6fb5820cb7349f","name":"Ralf Ittermann","image":{"@type":"ImageObject","inLanguage":"ca","@id":"https:\/\/secure.gravatar.com\/avatar\/073c0153e350a5005b68eb752b445fea71f6b24a26da9449ad7e155e6b446c9d?s=96&d=mm&r=g","url":"https:\/\/secure.gravatar.com\/avatar\/073c0153e350a5005b68eb752b445fea71f6b24a26da9449ad7e155e6b446c9d?s=96&d=mm&r=g","contentUrl":"https:\/\/secure.gravatar.com\/avatar\/073c0153e350a5005b68eb752b445fea71f6b24a26da9449ad7e155e6b446c9d?s=96&d=mm&r=g","caption":"Ralf Ittermann"},"givenName":"Ralf","familyName":"Ittermann","jobTitle":"Gesch\u00e4ftsf\u00fchrer und redaktioneller Verantwortlicher","url":"https:\/\/iwell-guard.com\/ca\/author\/claude\/","description":"Ralf Ittermann ist Gesch\u00e4ftsf\u00fchrer der Ittermann electronic GmbH und redaktioneller Verantwortlicher des iWell-Guard-Lexikons. Er verbindet langj\u00e4hrige Erfahrung in der Pr\u00e4zisionsfertigung mit medialer Praxis und religionsgeschichtlicher Quellenarbeit.","worksFor":{"@type":"Organization","name":"Ittermann electronic GmbH","url":"https:\/\/ittermann.de\/","address":{"@type":"PostalAddress","streetAddress":"K\u00f6hlergasse 16-18","postalCode":"99842","addressLocality":"Ruhla","addressCountry":"DE"}},"knowsAbout":["Religionsgeschichte","Mythologie","Mediale Praxis","Energetische Diagnostik","Schutzpraxis","Volksglauben","Westliche Esoterik"]},{"@type":"Article","@id":"https:\/\/iwell-guard.com\/ca\/nergal\/#article","isPartOf":{"@id":"https:\/\/iwell-guard.com\/ca\/nergal\/"},"author":{"name":"Ralf Ittermann","@id":"https:\/\/iwell-guard.com\/ca\/#\/schema\/person\/ee2a27f1cac3406c7c6fb5820cb7349f"},"headline":"Nergal","datePublished":"2026-09-05T15:39:54+00:00","dateModified":"2026-09-05T15:59:19+00:00","mainEntityOfPage":{"@id":"https:\/\/iwell-guard.com\/ca\/nergal\/"},"publisher":{"@id":"https:\/\/iwell-guard.com\/ca\/#organization"},"image":{"@id":"https:\/\/iwell-guard.com\/ca\/nergal\/#primaryimage"},"thumbnailUrl":"https:\/\/iwell-guard.com\/wp-content\/uploads\/2026\/04\/goetter_mesopotamien_nergal.webp","inLanguage":"ca","description":"Nergal, d\u00e9u de la guerra i regent de l'infram\u00f3n mesopot\u00e0mic. Temple a Kutha, matrimoni amb Ereshkigal, cogovernant d'Irkalla i de l'ordre de la mort."}]}},"_links":{"self":[{"href":"https:\/\/iwell-guard.com\/ca\/wp-json\/wp\/v2\/pages\/171501","targetHints":{"allow":["GET"]}}],"collection":[{"href":"https:\/\/iwell-guard.com\/ca\/wp-json\/wp\/v2\/pages"}],"about":[{"href":"https:\/\/iwell-guard.com\/ca\/wp-json\/wp\/v2\/types\/page"}],"author":[{"embeddable":true,"href":"https:\/\/iwell-guard.com\/ca\/wp-json\/wp\/v2\/users\/3"}],"replies":[{"embeddable":true,"href":"https:\/\/iwell-guard.com\/ca\/wp-json\/wp\/v2\/comments?post=171501"}],"version-history":[{"count":0,"href":"https:\/\/iwell-guard.com\/ca\/wp-json\/wp\/v2\/pages\/171501\/revisions"}],"wp:featuredmedia":[{"embeddable":true,"href":"https:\/\/iwell-guard.com\/ca\/wp-json\/wp\/v2\/media\/1736"}],"wp:attachment":[{"href":"https:\/\/iwell-guard.com\/ca\/wp-json\/wp\/v2\/media?parent=171501"}],"wp:term":[{"taxonomy":"category","embeddable":true,"href":"https:\/\/iwell-guard.com\/ca\/wp-json\/wp\/v2\/categories?post=171501"}],"curies":[{"name":"wp","href":"https:\/\/api.w.org\/{rel}","templated":true}]}}