{"id":171498,"date":"2026-09-05T15:39:52","date_gmt":"2026-09-05T15:39:52","guid":{"rendered":"https:\/\/iwell-guard.com\/?page_id=171498"},"modified":"2026-09-05T15:59:14","modified_gmt":"2026-09-05T15:59:14","slug":"essers-nocturns-i-paralisi-del-son","status":"publish","type":"page","link":"https:\/\/iwell-guard.com\/ca\/essers-nocturns-i-paralisi-del-son\/","title":{"rendered":"\u00c9ssers nocturns i par\u00e0lisi del son"},"content":{"rendered":"\t\t<div data-elementor-type=\"wp-page\" data-elementor-id=\"171498\" class=\"elementor elementor-171498 elementor-1956\" data-elementor-post-type=\"page\">\n\t\t\t\t<div class=\"elementor-element elementor-element-am-nachtw-hero e-flex e-con-boxed e-con e-parent\" data-id=\"am-nachtw-hero\" data-element_type=\"container\" data-e-type=\"container\" data-settings=\"{&quot;background_background&quot;:&quot;classic&quot;}\">\n\t\t\t\t\t<div class=\"e-con-inner\">\n\t\t<div class=\"elementor-element elementor-element-am-nachtw-herohl e-flex e-con-boxed e-con e-child\" data-id=\"am-nachtw-herohl\" data-element_type=\"container\" data-e-type=\"container\">\n\t\t\t\t\t<div class=\"e-con-inner\">\n\t\t<div class=\"elementor-element elementor-element-am-nachtw-c3ceb6 e-con-full e-flex e-con e-child\" data-id=\"am-nachtw-c3ceb6\" data-element_type=\"container\" data-e-type=\"container\">\n\t\t\t\t<div class=\"elementor-element elementor-element-am-nachtw-96ae5e elementor-widget elementor-widget-heading\" data-id=\"am-nachtw-96ae5e\" data-element_type=\"widget\" data-e-type=\"widget\" data-widget_type=\"heading.default\">\n\t\t\t\t\t<h1 class=\"elementor-heading-title elementor-size-default\">\u00c9ssers nocturns i par\u00e0lisi del son<\/h1>\t\t\t\t<\/div>\n\t\t\t\t<div class=\"elementor-element elementor-element-am-nachtw-e45238 elementor-widget elementor-widget-text-editor\" data-id=\"am-nachtw-e45238\" data-element_type=\"widget\" data-e-type=\"widget\" data-widget_type=\"text-editor.default\">\n\t\t\t\t\t\t\t\t\t<p>Els \u00e9ssers nocturns s\u00f3n entitats nocturnes o associades a l&#8217;estat de son que es descriuen en el folklore, la hist\u00f2ria de la medicina i la neuropsiquiatria: \u00edncubs, s\u00facubes, \u00e9ssers del tipus mara o manifestacions de <a class=\"iwg-fachbegriff\" href=\"https:\/\/iwell-guard.com\/ca\/?page_id=171640\" tabindex=\"0\" data-tooltip=\"Estat de vig\u00edlia amb atonia muscular pr\u00f2pia de la fase REM; interpretat arreu del m\u00f3n com una experi\u00e8ncia amb esperits (Mahr, Old Hag, Kanashibari), per\u00f2 explicable neurol\u00f2gicament.\" style=\"color:inherit;text-decoration:none\">par\u00e0lisi del son<\/a> i al\u00b7lucinacions hipnag\u00f2giques. Les fonts hist\u00f2rico-culturals van des dels textos dels pares de l&#8217;Esgl\u00e9sia de l&#8217;antiguitat tardana i els processos de bruixeria medievals fins a les documentacions cl\u00edniques modernes.<\/p><p>El l\u00edmit entre l&#8217;experi\u00e8ncia fenomenol\u00f2gica i la realitat metaf\u00edsica continua sent objecte de debat interdisciplinari i cultural. La seva exist\u00e8ncia s&#8217;interpreta, des d&#8217;una perspectiva historicocultural, com a manifestaci\u00f3 d&#8217;una angoixa inconscient o com a fenomen paraps\u00edquic real.<\/p>\t\t\t\t\t\t\t\t<\/div>\n\t\t\t\t<\/div>\n\t\t<div class=\"elementor-element elementor-element-am-nachtw-klsbdg e-con-full e-flex e-con e-parent\" data-id=\"am-nachtw-klsbdg\" data-element_type=\"container\" data-e-type=\"container\">\n\t\t\t\t<div class=\"elementor-element elementor-element-am-nachtw-klshtm elementor-widget elementor-widget-html\" data-id=\"am-nachtw-klshtm\" data-element_type=\"widget\" data-e-type=\"widget\" data-widget_type=\"html.default\">\n\t\t\t\t\t<div class=\"iwg-pill-row\"><span class=\"iwg-klasse-badge\" tabindex=\"0\" data-tooltip=\"Panor\u00e0mica de classe: p\u00e0gina hub sobre una classe d'\u00e9ssers (\u00e9ssers infernals, \u00e9ssers nocturns, etc.), organitzada funcionalment, transversal a les cultures.\">Panor\u00e0mica de classe<\/span><span class=\"iwg-kultur-badge\" tabindex=\"0\" data-tooltip=\"Fenomen transcultural, documentat en diverses cultures amb estructures emparentades.\">Transversal<\/span><\/div>\t\t\t\t<\/div>\n\t\t\t\t<\/div>\n\t\t<div class=\"elementor-element elementor-element-am-nachtw-3f7485 e-con-full e-flex e-con e-child\" data-id=\"am-nachtw-3f7485\" data-element_type=\"container\" data-e-type=\"container\">\n\t\t\t\t<div class=\"elementor-element elementor-element-am-nachtw-1c3036 elementor-toc--minimized-on-tablet elementor-widget elementor-widget-table-of-contents\" data-id=\"am-nachtw-1c3036\" data-element_type=\"widget\" data-e-type=\"widget\" data-settings=\"{&quot;exclude_headings_by_selector&quot;:[],&quot;no_headings_message&quot;:&quot;No s&#039;ha trobat cap encap\\u00e7alament en aquesta p\\u00e0gina.&quot;,&quot;headings_by_tags&quot;:[&quot;h2&quot;,&quot;h3&quot;],&quot;marker_view&quot;:&quot;bullets&quot;,&quot;minimize_box&quot;:&quot;yes&quot;,&quot;icon&quot;:{&quot;value&quot;:&quot;fas fa-circle&quot;,&quot;library&quot;:&quot;fa-solid&quot;,&quot;rendered_tag&quot;:&quot;&lt;svg class=\\&quot;e-font-icon-svg e-fas-circle\\&quot; viewBox=\\&quot;0 0 512 512\\&quot; xmlns=\\&quot;http:\\\/\\\/www.w3.org\\\/2000\\\/svg\\&quot;&gt;&lt;path d=\\&quot;M256 8C119 8 8 119 8 256s111 248 248 248 248-111 248-248S393 8 256 8z\\&quot;&gt;&lt;\\\/path&gt;&lt;\\\/svg&gt;&quot;},&quot;minimized_on&quot;:&quot;tablet&quot;,&quot;hierarchical_view&quot;:&quot;yes&quot;,&quot;min_height&quot;:{&quot;unit&quot;:&quot;px&quot;,&quot;size&quot;:&quot;&quot;,&quot;sizes&quot;:[]},&quot;min_height_tablet&quot;:{&quot;unit&quot;:&quot;px&quot;,&quot;size&quot;:&quot;&quot;,&quot;sizes&quot;:[]},&quot;min_height_mobile&quot;:{&quot;unit&quot;:&quot;px&quot;,&quot;size&quot;:&quot;&quot;,&quot;sizes&quot;:[]}}\" data-widget_type=\"table-of-contents.default\">\n\t\t\t\t\t\t\t\t\t<div class=\"elementor-toc__header\">\n\t\t\t\t\t\t<h2 class=\"elementor-toc__header-title\">\n\t\t\t\t\u00cdndex\t\t\t<\/h2>\n\t\t\t\t\t\t\t\t\t\t<div class=\"elementor-toc__toggle-button elementor-toc__toggle-button--expand\" role=\"button\" tabindex=\"0\" aria-controls=\"elementor-toc__am-nachtw-1c3036\" aria-expanded=\"true\" aria-label=\"Open table of contents\"><svg aria-hidden=\"true\" class=\"e-font-icon-svg e-fas-chevron-down\" viewBox=\"0 0 448 512\" xmlns=\"http:\/\/www.w3.org\/2000\/svg\"><path d=\"M207.029 381.476L12.686 187.132c-9.373-9.373-9.373-24.569 0-33.941l22.667-22.667c9.357-9.357 24.522-9.375 33.901-.04L224 284.505l154.745-154.021c9.379-9.335 24.544-9.317 33.901.04l22.667 22.667c9.373 9.373 9.373 24.569 0 33.941L240.971 381.476c-9.373 9.372-24.569 9.372-33.942 0z\"><\/path><\/svg><\/div>\n\t\t\t\t<div class=\"elementor-toc__toggle-button elementor-toc__toggle-button--collapse\" role=\"button\" tabindex=\"0\" aria-controls=\"elementor-toc__am-nachtw-1c3036\" aria-expanded=\"true\" aria-label=\"Close table of contents\"><svg aria-hidden=\"true\" class=\"e-font-icon-svg e-fas-chevron-up\" viewBox=\"0 0 448 512\" xmlns=\"http:\/\/www.w3.org\/2000\/svg\"><path d=\"M240.971 130.524l194.343 194.343c9.373 9.373 9.373 24.569 0 33.941l-22.667 22.667c-9.357 9.357-24.522 9.375-33.901.04L224 227.495 69.255 381.516c-9.379 9.335-24.544 9.317-33.901-.04l-22.667-22.667c-9.373-9.373-9.373-24.569 0-33.941L207.03 130.525c9.372-9.373 24.568-9.373 33.941-.001z\"><\/path><\/svg><\/div>\n\t\t\t\t\t<\/div>\n\t\t\t\t<div id=\"elementor-toc__am-nachtw-1c3036\" class=\"elementor-toc__body\">\n\t\t\t<div class=\"elementor-toc__spinner-container\">\n\t\t\t\t<svg class=\"elementor-toc__spinner eicon-animation-spin e-font-icon-svg e-eicon-loading\" aria-hidden=\"true\" viewBox=\"0 0 1000 1000\" xmlns=\"http:\/\/www.w3.org\/2000\/svg\"><path d=\"M500 975V858C696 858 858 696 858 500S696 142 500 142 142 304 142 500H25C25 237 238 25 500 25S975 237 975 500 763 975 500 975Z\"><\/path><\/svg>\t\t\t<\/div>\n\t\t<\/div>\n\t\t\t\t\t\t<\/div>\n\t\t\t\t<\/div>\n\t\t\t\t\t<\/div>\n\t\t\t\t<\/div>\n\t\t<div class=\"elementor-element elementor-element-am-nachtw-herorg e-flex e-con-boxed e-con e-child\" data-id=\"am-nachtw-herorg\" data-element_type=\"container\" data-e-type=\"container\">\n\t\t\t\t\t<div class=\"e-con-inner\">\n\t\t\t\t<div class=\"elementor-element elementor-element-am-nachtw-heroim iwg-hero-image elementor-widget elementor-widget-image\" data-id=\"am-nachtw-heroim\" data-element_type=\"widget\" data-e-type=\"widget\" data-widget_type=\"image.default\">\n\t\t\t\t\t\t\t\t\t\t\t\t\t\t\t<img fetchpriority=\"high\" decoding=\"async\" width=\"683\" height=\"1024\" src=\"https:\/\/iwell-guard.com\/wp-content\/uploads\/2026\/05\/geister_nachtwesen-683x1024.webp\" class=\"attachment-large size-large wp-image-173635\" alt=\"\u00c9ssers nocturns \u2014 \u00c9ssers de la par\u00e0lisi del son\" srcset=\"https:\/\/iwell-guard.com\/wp-content\/uploads\/2026\/05\/geister_nachtwesen-683x1024.webp 683w, https:\/\/iwell-guard.com\/wp-content\/uploads\/2026\/05\/geister_nachtwesen-200x300.webp 200w, https:\/\/iwell-guard.com\/wp-content\/uploads\/2026\/05\/geister_nachtwesen-768x1152.webp 768w, https:\/\/iwell-guard.com\/wp-content\/uploads\/2026\/05\/geister_nachtwesen.webp 1024w\" sizes=\"(max-width: 683px) 100vw, 683px\" \/>\t\t\t\t\t\t\t\t\t\t\t\t\t\t\t<\/div>\n\t\t\t\t\t<\/div>\n\t\t\t\t<\/div>\n\t\t\t\t\t<\/div>\n\t\t\t\t<\/div>\n\t\t<div class=\"elementor-element elementor-element-wmd-s1 e-flex e-con-boxed e-con e-parent\" data-id=\"wmd-s1\" data-element_type=\"container\" data-e-type=\"container\">\n\t\t\t\t\t<div class=\"e-con-inner\">\n\t\t\t\t<div class=\"elementor-element elementor-element-wmd-h1 elementor-widget elementor-widget-heading\" data-id=\"wmd-h1\" data-element_type=\"widget\" data-e-type=\"widget\" data-widget_type=\"heading.default\">\n\t\t\t\t\t<h2 class=\"elementor-heading-title elementor-size-default\">Resum r\u00e0pid (llista de definicions)<\/h2>\t\t\t\t<\/div>\n\t\t<div class=\"elementor-element elementor-element-am-wmdt1-bw e-flex e-con-boxed e-con e-child\" data-id=\"am-wmdt1-bw\" data-element_type=\"container\" data-e-type=\"container\" data-settings=\"{&quot;background_background&quot;:&quot;classic&quot;}\">\n\t\t\t\t\t<div class=\"e-con-inner\">\n\t\t\t\t<div class=\"elementor-element elementor-element-wmd-t1 elementor-widget elementor-widget-text-editor\" data-id=\"wmd-t1\" data-element_type=\"widget\" data-e-type=\"widget\" data-widget_type=\"text-editor.default\">\n\t\t\t\t\t\t\t\t\t<p><strong>Tipus:<\/strong> Fen\u00f2mens sobrenaturals \/ Categoritzaci\u00f3 d&#8217;\u00e9ssers Classe: \u00c9ssers nocturns Difusi\u00f3: Transcultural (europea, asi\u00e0tica, africana, etc.) Trets principals: activitat nocturna, aversi\u00f3 a la llum, sovint dimon\u00edacs o astuts, influ\u00e8ncia sobre el son, comportament territorial Subcategories relacionades: dimonis, esperits dels morts, fantasmes, vampirs, pr\u00e0ctiques<\/p><p>Els conceptes d&#8217;\u00e9ssers nocturns i les experi\u00e8ncies de <a class=\"iwg-fachbegriff\" href=\"https:\/\/iwell-guard.com\/ca\/?page_id=171640\" tabindex=\"0\" data-tooltip=\"Estat perceptiu en qu\u00e8 la consci\u00e8ncia es desperta per\u00f2 el cos encara est\u00e0 paralitzat per l'atonia REM.\" style=\"color:inherit;text-decoration:none\">par\u00e0lisi del son<\/a> apareixen arreu del m\u00f3n en moltes mitologies.<\/p>\t\t\t\t\t\t\t\t<\/div>\n\t\t\t\t\t<\/div>\n\t\t\t\t<\/div>\n\t\t\t\t\t<\/div>\n\t\t\t\t<\/div>\n\t\t<div class=\"elementor-element elementor-element-wmd-s2 e-flex e-con-boxed e-con e-parent\" data-id=\"wmd-s2\" data-element_type=\"container\" data-e-type=\"container\">\n\t\t\t\t\t<div class=\"e-con-inner\">\n\t\t\t\t<div class=\"elementor-element elementor-element-wmd-h2 elementor-widget elementor-widget-heading\" data-id=\"wmd-h2\" data-element_type=\"widget\" data-e-type=\"widget\" data-widget_type=\"heading.default\">\n\t\t\t\t\t<h2 class=\"elementor-heading-title elementor-size-default\">Terme i delimitaci\u00f3<\/h2>\t\t\t\t<\/div>\n\t\t<div class=\"elementor-element elementor-element-am-wmdt2-bw e-flex e-con-boxed e-con e-child\" data-id=\"am-wmdt2-bw\" data-element_type=\"container\" data-e-type=\"container\" data-settings=\"{&quot;background_background&quot;:&quot;classic&quot;}\">\n\t\t\t\t\t<div class=\"e-con-inner\">\n\t\t\t\t<div class=\"elementor-element elementor-element-wmd-t2 elementor-widget elementor-widget-text-editor\" data-id=\"wmd-t2\" data-element_type=\"widget\" data-e-type=\"widget\" data-widget_type=\"text-editor.default\">\n\t\t\t\t\t\t\t\t\t<p>Els \u00e9ssers nocturns constitueixen una categoria funcional, no ontol\u00f2gica. Un \u00e9sser nocturn pot ser un <span class=\"iwg-fachbegriff\" data-tooltip=\"\u00c9sser espiritual al qual s'atribueix un efecte nociu o ambivalent.\" tabindex=\"0\">dimoni<\/span>, un esperit dels morts, una fada o un metamorf; la caracter\u00edstica comuna \u00e9s l&#8217;activitat nocturna i el vincle amb la nit.<\/p><p>En el context europeu, els \u00e9ssers nocturns solen ser mal\u00e8vols o, com a m\u00ednim, perillosos per als humans; en altres tradicions poden ser neutrals o fins i tot ben\u00e8vols. A difer\u00e8ncia dels noms d&#8217;\u00e9ssers concrets (yuurei, kappa, banshee), l&#8217;\u00e9sser nocturn \u00e9s un concepte transversal que uneix diverses tradicions. Protegir-se&#8217;n requereix mesures espec\u00edfiques per a la nit (llum, oracions, ferro, l\u00ednies de sal).<\/p><div><h3>Els \u00e9ssers nocturns com a classe funcional<\/h3><p>La classe dels \u00e9ssers nocturns \u00e9s una categoria funcional, no ontol\u00f2gica. Inclou \u00e9ssers de diverses classes (esperits, dimonis, divinitats menors) amb un denominador com\u00fa: el vincle amb la nit o amb l&#8217;estat de son.<\/p><p>Aquest vincle no \u00e9s casual des del punt de vista historicocultural: la nit \u00e9s, pr\u00e0cticament en totes les cultures desenvolupades, l&#8217;esfera de la incertesa, de la manca de control i de la trobada amb l&#8217;Altre. La fenomenologia de la religi\u00f3 (<span class=\"iwg-fachbegriff\" tabindex=\"0\" data-tooltip=\"Historiador de les religions roman\u00e8s (1907\u20131986); va formular el m\u00e8tode fenomenol\u00f2gic en l'estudi de la religi\u00f3.\">Mircea Eliade<\/span>, <em>Das Heilige und das Profane<\/em>, 1957) ha analitzat la nit com l&#8217;esfera cosmol\u00f2gica del pas llindar.<\/p><\/div>\t\t\t\t\t\t\t\t<\/div>\n\t\t\t\t\t<\/div>\n\t\t\t\t<\/div>\n\t\t\t\t\t<\/div>\n\t\t\t\t<\/div>\n\t\t<div class=\"elementor-element elementor-element-wmd-s3 e-flex e-con-boxed e-con e-parent\" data-id=\"wmd-s3\" data-element_type=\"container\" data-e-type=\"container\">\n\t\t\t\t\t<div class=\"e-con-inner\">\n\t\t\t\t<div class=\"elementor-element elementor-element-wmd-h3 elementor-widget elementor-widget-heading\" data-id=\"wmd-h3\" data-element_type=\"widget\" data-e-type=\"widget\" data-widget_type=\"heading.default\">\n\t\t\t\t\t<h2 class=\"elementor-heading-title elementor-size-default\">Exemples culturohist\u00f2rics<\/h2>\t\t\t\t<\/div>\n\t\t<div class=\"elementor-element elementor-element-am-wmdt3-bw e-flex e-con-boxed e-con e-child\" data-id=\"am-wmdt3-bw\" data-element_type=\"container\" data-e-type=\"container\" data-settings=\"{&quot;background_background&quot;:&quot;classic&quot;}\">\n\t\t\t\t\t<div class=\"e-con-inner\">\n\t\t\t\t<div class=\"elementor-element elementor-element-wmd-t3 elementor-widget elementor-widget-text-editor\" data-id=\"wmd-t3\" data-element_type=\"widget\" data-e-type=\"widget\" data-widget_type=\"text-editor.default\">\n\t\t\t\t\t\t\t\t\t<p>El <em>Mahr<\/em> o <em>Mare<\/em> germ\u00e0nic i europeu \u00e9s un \u00e9sser nocturn que s&#8217;asseu sobre els dorments i provoca malsons, una entitat demon\u00edaca vinculada a la nit i al subconscient.<\/p><p>L&#8217;<em>incubus<\/em> rom\u00e0 i la <em>succubus<\/em> s\u00f3n dimonis nocturns que sedueixen o assalten els que dormen, una categoria cl\u00e0ssica d&#8217;\u00e9ssers nocturns amb un component sexual. El fenomen japon\u00e8s del <em>kanashibari<\/em> \u00e9s una par\u00e0lisi nocturna causada per \u00e9ssers sobrenaturals, en la qual la nit \u00e9s essencial per al mecanisme, sovint acompanyada d&#8217;una sensaci\u00f3 d&#8217;opressi\u00f3 al pit.<\/p><p>En les tradicions africanes i afrocaribenyes, les entitats <em>jumbie<\/em> o <em>obeah<\/em> solen ser nocturnes i provoquen malaltia o bogeria. El <em>jiangshi<\/em> xin\u00e8s (cad\u00e0ver zombi) \u00e9s nocturn i tem la llum: la llum del sol el pot destruir o obligar-lo a tornar a la tomba.<\/p><p>Els <em>vampirs<\/em> europeus s\u00f3n el prototip d&#8217;\u00e9sser nocturn: nom\u00e9s poden actuar de nit i temen la llum del sol, les creus, l&#8217;aigua bene\u00efda i l&#8217;all. En la <span class=\"iwg-fachbegriff\" tabindex=\"0\" data-tooltip=\"Persecuci\u00f3 de persones acusades d'un pacte amb el diable durant l'edat moderna; 1450\u20131750.\">persecuci\u00f3 de bruixes<\/span> europea, els vols nocturns de les bruixes tenien un paper central, com a prova de l&#8217;alian\u00e7a amb el diable. Les <em>vily<\/em> eslaves (fades) tamb\u00e9 s\u00f3n en part nocturnes i castiguen aquells que transgredeixen les seves normes.<\/p>\t\t\t\t\t\t\t\t<\/div>\n\t\t\t\t\t<\/div>\n\t\t\t\t<\/div>\n\t\t\t\t\t<\/div>\n\t\t\t\t<\/div>\n\t\t<div class=\"elementor-element elementor-element-wmd-s4 e-flex e-con-boxed e-con e-parent\" data-id=\"wmd-s4\" data-element_type=\"container\" data-e-type=\"container\">\n\t\t\t\t\t<div class=\"e-con-inner\">\n\t\t\t\t<div class=\"elementor-element elementor-element-wmd-h4 elementor-widget elementor-widget-heading\" data-id=\"wmd-h4\" data-element_type=\"widget\" data-e-type=\"widget\" data-widget_type=\"heading.default\">\n\t\t\t\t\t<h2 class=\"elementor-heading-title elementor-size-default\">Estat de les fonts<\/h2>\t\t\t\t<\/div>\n\t\t<div class=\"elementor-element elementor-element-am-wmdt4-bw e-flex e-con-boxed e-con e-child\" data-id=\"am-wmdt4-bw\" data-element_type=\"container\" data-e-type=\"container\" data-settings=\"{&quot;background_background&quot;:&quot;classic&quot;}\">\n\t\t\t\t\t<div class=\"e-con-inner\">\n\t\t\t\t<div class=\"elementor-element elementor-element-wmd-t4 elementor-widget elementor-widget-text-editor\" data-id=\"wmd-t4\" data-element_type=\"widget\" data-e-type=\"widget\" data-widget_type=\"text-editor.default\">\n\t\t\t\t\t\t\t\t\t<p>Els conceptes de sers nocturns estan documentats en textos medievals europeus, en escrits demonol\u00f2gics (<a class=\"iwg-fachbegriff\" href=\"https:\/\/iwell-guard.com\/ca\/?page_id=171641\" tabindex=\"0\" data-tooltip=\"T\u00edtol llat\u00ed original del Martell de les bruixes; publicat el 1486\/87 a Espira.\" style=\"color:inherit;text-decoration:none\">Malleus Maleficarum<\/a>, manuals demonol\u00f2gics), en registres etnogr\u00e0fics i en col\u00b7leccions de <span class=\"iwg-fachbegriff\" data-tooltip=\"La cultura popular transmesa amb costums, relats i can\u00e7ons.\" tabindex=\"0\">folklore<\/span>.<\/p><p>La difer\u00e8ncia entre els sers nocturns com a fenomen f\u00edsic (aut\u00e8ntiques anomalies nocturnes) i com a fenomen sobrenatural sovint \u00e9s difusa en els textos hist\u00f2rics. Les explicacions m\u00e8diques (par\u00e0lisi del son, somnambulisme, intrusions REM, apnea del son) han aclarit parcialment alguns relats sobre sers nocturns, per\u00f2 no expliquen tots els casos.<\/p><div><a class=\"iwg-fachbegriff\" href=\"https:\/\/iwell-guard.com\/ca\/?page_id=171640\" tabindex=\"0\" data-tooltip=\"Estat de vig\u00edlia amb atonia muscular pr\u00f2pia del son REM; interpretat arreu del m\u00f3n com una experi\u00e8ncia de fantasmes (Mahr, Old Hag, Kanashibari), tot i tenir explicaci\u00f3 neurol\u00f2gica.\" style=\"color:inherit;text-decoration:none\">Par\u00e0lisi del son<\/a><p>La recerca fenomenol\u00f2gica de les darreres d\u00e8cades ha documentat una superposici\u00f3 significativa entre les experi\u00e8ncies de <a class=\"iwg-fachbegriff\" href=\"https:\/\/iwell-guard.com\/ca\/?page_id=171640\" tabindex=\"0\" data-tooltip=\"Estat de vig\u00edlia amb atonia muscular pr\u00f2pia del son REM; interpretat arreu del m\u00f3n com una experi\u00e8ncia de fantasmes (Mahr, Old Hag, Kanashibari), tot i tenir explicaci\u00f3 neurol\u00f2gica.\" style=\"color:inherit;text-decoration:none\">par\u00e0lisi del son<\/a> i els relats sobre sers nocturns. David Hufford ha mostrat a <span class=\"iwg-fachbegriff\" tabindex=\"0\" data-tooltip=\"L'estat natural d'inhibici\u00f3 muscular propi del son REM; en la par\u00e0lisi del son persisteix breument despr\u00e9s de despertar-se.\">REM-Atonie<\/span> (University of Pennsylvania Press, 1982) que els relats de par\u00e0lisi del son de diverses cultures comparteixen elements fenomenol\u00f2gics centrals sorprenentment consistents: despertar-se sense poder-se moure, la percepci\u00f3 d&#8217;una pres\u00e8ncia, pressi\u00f3 al pit i, a vegades, sons o aparicions visuals.<\/p><p>Aquesta const\u00e0ncia es pot atribuir cient\u00edficament a l&#8217;<span class=\"iwg-fachbegriff\" tabindex=\"0\" data-tooltip=\"L'estat natural d'inhibici\u00f3 muscular propi del son REM; en la par\u00e0lisi del son persisteix breument despr\u00e9s de despertar-se.\">atonia REM<\/span>, en qu\u00e8 la inhibici\u00f3 motora pr\u00f2pia del son REM es perllonga cap a l&#8217;estat de vig\u00edlia.<\/p><p>La capa cultural dels relats sobre sers nocturns no \u00e9s id\u00e8ntica a la fenomenol\u00f2gica.<\/p><p>Mentre els s\u00edmptomes de la <a class=\"iwg-fachbegriff\" href=\"https:\/\/iwell-guard.com\/ca\/?page_id=171640\" tabindex=\"0\" data-tooltip=\"Estat de vig\u00edlia amb atonia muscular pr\u00f2pia del son REM; interpretat arreu del m\u00f3n com una experi\u00e8ncia de fantasmes (Mahr, Old Hag, Kanashibari), tot i tenir explicaci\u00f3 neurol\u00f2gica.\" style=\"color:inherit;text-decoration:none\">par\u00e0lisi del son<\/a> presenten constants universals, la interpretaci\u00f3 cultural de la trobada \u00e9s espec\u00edfica de cada tradici\u00f3: el Mahr en la germ\u00e0nica, Lilith en la jueva, Empusa en la grega, Krasue en la tailandesa, els <span class=\"iwg-fachbegriff\" tabindex=\"0\" data-tooltip=\"A l'Alcor\u00e0, sers fets de foc sense fum, dotats de lliure albir, ni \u00e0ngels ni dimonis, sin\u00f3 una creaci\u00f3 pr\u00f2pia amb una moral independent.\">Jinn<\/span> en la tradici\u00f3 \u00e0rab. Aquesta diversitat mostra que la universal fenomenol\u00f2gica s&#8217;emmarca culturalment de maneres diferents.<\/p><\/div>\t\t\t\t\t\t\t\t<\/div>\n\t\t\t\t\t<\/div>\n\t\t\t\t<\/div>\n\t\t\t\t\t<\/div>\n\t\t\t\t<\/div>\n\t\t<div class=\"elementor-element elementor-element-wmd-s5 e-flex e-con-boxed e-con e-parent\" data-id=\"wmd-s5\" data-element_type=\"container\" data-e-type=\"container\">\n\t\t\t\t\t<div class=\"e-con-inner\">\n\t\t\t\t<div class=\"elementor-element elementor-element-wmd-h5 elementor-widget elementor-widget-heading\" data-id=\"wmd-h5\" data-element_type=\"widget\" data-e-type=\"widget\" data-widget_type=\"heading.default\">\n\t\t\t\t\t<h2 class=\"elementor-heading-title elementor-size-default\">Significat actual \/ \u00c9ssers relacionats<\/h2>\t\t\t\t<\/div>\n\t\t<div class=\"elementor-element elementor-element-am-wmdt5-bw e-flex e-con-boxed e-con e-child\" data-id=\"am-wmdt5-bw\" data-element_type=\"container\" data-e-type=\"container\" data-settings=\"{&quot;background_background&quot;:&quot;classic&quot;}\">\n\t\t\t\t\t<div class=\"e-con-inner\">\n\t\t\t\t<div class=\"elementor-element elementor-element-wmd-t5 elementor-widget elementor-widget-text-editor\" data-id=\"wmd-t5\" data-element_type=\"widget\" data-e-type=\"widget\" data-widget_type=\"text-editor.default\">\n\t\t\t\t\t\t\t\t\t<p>La creen\u00e7a en \u00e9ssers de la nit perviu en l&#8217;horror modern i en la investigaci\u00f3 paranormal. Els fen\u00f2mens nocturns inexplicables (sorolls, sensacions de pres\u00e8ncia, par\u00e0lisi, Shadow People) sovint s&#8217;atribueixen a \u00e9ssers de la nit. El concepte \u00e9s rellevant terap\u00e8uticament: en contextos esot\u00e8rics, els trastorns del son i els malsons s&#8217;interpreten sovint com a atacs d&#8217;\u00e9ssers de la nit.<\/p><p>Els equips paranormals documenten regularment activitats nocturnes en llocs encantats. La nit continua sent simb\u00f2licament el regne de les forces inconscients, i els \u00e9ssers de la nit en s\u00f3n l&#8217;encarnaci\u00f3. \u00c9ssers relacionats s\u00f3n els <em>dimonis<\/em>, els <em>vampirs<\/em>, els <em>fantasmes<\/em> i els <em>Shadow People<\/em>, especialitzats en l&#8217;activitat nocturna.<\/p><h3>Classificaci\u00f3 des de la medicina del son<\/h3><p>La tradici\u00f3 dels \u00e9ssers de la nit t\u00e9 una estreta relaci\u00f3 amb el fenomen de la medicina del son conegut com <a class=\"iwg-fachbegriff\" href=\"https:\/\/iwell-guard.com\/ca\/?page_id=171640\" tabindex=\"0\" data-tooltip=\"Estat de vig\u00edlia amb atonia muscular pr\u00f2pia de la fase REM; interpretat arreu del m\u00f3n com una experi\u00e8ncia d'esperits (Mahr, Old Hag, Kanashibari) per\u00f2 explicable neurol\u00f2gicament.\" style=\"color:inherit;text-decoration:none\">par\u00e0lisi del son<\/a>. La const\u00e0ncia transcultural d&#8217;aquests relats, una figura que oprimeix el pit, la sensaci\u00f3 d&#8217;immobilitat, al\u00b7lucinacions ac\u00fastiques i visuals, s&#8217;explica neurofisiol\u00f2gicament per l&#8217;activaci\u00f3 universal de l&#8217;am\u00edgdala durant la fase de despertar del son REM.<\/p><p>El perfil cultural de l&#8217;aparici\u00f3, sigui Mahr, \u00edncub, Mara, Old Hag, Pesanta o Kanashibari, varia segons la cultura popular; la fenomenologia subjacent \u00e9s constant.<\/p><h3>Continu\u00eftat en la hist\u00f2ria de les religions<\/h3><p>La tradici\u00f3, en la hist\u00f2ria de les religions, dels \u00e9ssers de la nit est\u00e0 especialment ben documentada en els reculls de creences populars d&#8217;Europa. El \u00abHandw\u00f6rterbuch des deutschen Aberglaubens\u00bb de Hans B\u00e4chtold-St\u00e4ubli (1927, 1942) \u00e9s la refer\u00e8ncia lexicogr\u00e0fica central; \u00abThe Terror that Comes in the Night\u00bb de David J. Hufford (1982) va establir per primera vegada de manera sistem\u00e0tica la connexi\u00f3 amb la investigaci\u00f3 sobre la <a class=\"iwg-fachbegriff\" href=\"https:\/\/iwell-guard.com\/ca\/?page_id=171640\" tabindex=\"0\" data-tooltip=\"Estat de vig\u00edlia amb atonia muscular pr\u00f2pia de la fase REM; interpretat arreu del m\u00f3n com una experi\u00e8ncia d'esperits (Mahr, Old Hag, Kanashibari) per\u00f2 explicable neurol\u00f2gicament.\" style=\"color:inherit;text-decoration:none\">par\u00e0lisi del son<\/a>.<\/p><p>La investigaci\u00f3 m\u00e9s recent dins del complex de la par\u00e0lisi del son (<span class=\"iwg-fachbegriff\" tabindex=\"0\" data-tooltip=\"Historiador brit\u00e0nic (n. 1969); obres principals Grimoires (2009) i Paranormal (2009).\">Owen Davies<\/span>, \u00abParanormal Experiences\u00bb, 2017) ha matisat encara m\u00e9s aquesta imatge.<\/p><div><h3>Protecci\u00f3 iWell Guard contra els \u00e9ssers de la nit<\/h3><p>En el <span class=\"iwg-fachbegriff\" data-tooltip=\"S\u00edl\u00b7laba o f\u00f3rmula sagrada que es repeteix en l'hinduisme i el budisme.\" tabindex=\"0\">mantra<\/span> de protecci\u00f3, els \u00e9ssers de la nit queden coberts en diverses capes. La capa 1 (camp de protecci\u00f3 espacial) els cobreix mitjan\u00e7ant els conceptes d&#8217;esperits i dimonis, dels quals l&#8217;efecte es neutralitza dins el radi d&#8217;acci\u00f3 del penjoll. La capa 6 (protecci\u00f3 contra el robatori d&#8217;energia) recull expl\u00edcitament la funci\u00f3 d&#8217;extracci\u00f3 d&#8217;energia de molts \u00e9ssers de la nit.<\/p><p>La capa 8 (<span class=\"iwg-fachbegriff\" data-tooltip=\"L'acte de dirigir-se a una divinitat o poder amb s\u00faplica o invocaci\u00f3.\" tabindex=\"0\">invocaci\u00f3<\/span> d&#8217;\u00e9ssers positius) activa la contrapart protectora, \u00e9s a dir, els \u00e9ssers de llum que, en la tradici\u00f3 de la m\u00e0gia ritual, s&#8217;invoquen com a protecci\u00f3 contra l&#8217;amena\u00e7a nocturna (en la tradici\u00f3 cat\u00f2lica cristiana sobretot l&#8217;arc\u00e0ngel Miquel, en la jueva la tr\u00edada d&#8217;<span class=\"iwg-fachbegriff\" data-tooltip=\"En les religions abra\u00e0miques, un \u00e9sser missatger celestial de D\u00e9u.\" tabindex=\"0\">\u00e0ngels<\/span> Senoy, Sansenoy i Semangelof contra Lilith).<\/p><\/div>\t\t\t\t\t\t\t\t<\/div>\n\t\t\t\t\t<\/div>\n\t\t\t\t<\/div>\n\t\t\t\t\t<\/div>\n\t\t\t\t<\/div>\n\t\t<div class=\"elementor-element elementor-element-sub-mem-nachtwesen e-flex e-con-boxed e-con e-parent\" data-id=\"sub-mem-nachtwesen\" data-element_type=\"container\" data-e-type=\"container\">\n\t\t\t\t\t<div class=\"e-con-inner\">\n\t\t\t\t<div class=\"elementor-element elementor-element-sub-mem-h-nachtwesen elementor-widget elementor-widget-heading\" data-id=\"sub-mem-h-nachtwesen\" data-element_type=\"widget\" data-e-type=\"widget\" data-widget_type=\"heading.default\">\n\t\t\t\t\t<h2 class=\"elementor-heading-title elementor-size-default\">\u00c9ssers d'aquesta categoria<\/h2>\t\t\t\t<\/div>\n\t\t<div class=\"elementor-element elementor-element-am-inner-0001 e-con-full e-flex e-con e-child\" data-id=\"am-inner-0001\" data-element_type=\"container\" data-e-type=\"container\">\n\t\t\t\t<div class=\"elementor-element elementor-element-sub-mem-t-nachtwesen elementor-widget elementor-widget-text-editor\" data-id=\"sub-mem-t-nachtwesen\" data-element_type=\"widget\" data-e-type=\"widget\" data-widget_type=\"text-editor.default\">\n\t\t\t\t\t\t\t\t\t<div class=\"iwg-wesen-grid\"><a class=\"iwg-wesen-card\" href=\"https:\/\/iwell-guard.com\/ca\/alp\/\" aria-label=\"Alp\"><div class=\"iwg-wesen-card-imgwrap\"><img decoding=\"async\" src=\"https:\/\/iwell-guard.com\/wp-content\/uploads\/2026\/04\/geister_germanisch_alp-200x300.webp\" alt=\"Alp\" loading=\"lazy\"><\/div><div class=\"iwg-wesen-card-body\"><div class=\"iwg-wesen-card-name\">Alp<\/div><div class=\"iwg-wesen-card-arrow\">\u2192 A l&#039;\u00e9sser<\/div><\/div><\/a><a class=\"iwg-wesen-card\" href=\"https:\/\/iwell-guard.com\/ca\/banshee\/\" aria-label=\"Banshee\"><div class=\"iwg-wesen-card-imgwrap\"><img decoding=\"async\" src=\"https:\/\/iwell-guard.com\/wp-content\/uploads\/2026\/04\/geister_keltisch_banshee-200x300.webp\" alt=\"Banshee\" loading=\"lazy\"><\/div><div class=\"iwg-wesen-card-body\"><div class=\"iwg-wesen-card-name\">Banshee<\/div><div class=\"iwg-wesen-card-arrow\">\u2192 A l&#039;\u00e9sser<\/div><\/div><\/a><a class=\"iwg-wesen-card\" href=\"https:\/\/iwell-guard.com\/ca\/cheonyeo-gwishin\/\" aria-label=\"Cheonyeo-gwishin\"><div class=\"iwg-wesen-card-imgwrap\"><img decoding=\"async\" src=\"https:\/\/iwell-guard.com\/wp-content\/uploads\/2026\/04\/geister_korea_cheonyeo-gwishin-200x300.webp\" alt=\"Cheonyeo-gwishin\" loading=\"lazy\"><\/div><div class=\"iwg-wesen-card-body\"><div class=\"iwg-wesen-card-name\">Cheonyeo-gwishin<\/div><div class=\"iwg-wesen-card-arrow\">\u2192 A l&#039;\u00e9sser<\/div><\/div><\/a><a class=\"iwg-wesen-card\" href=\"https:\/\/iwell-guard.com\/ca\/empusa\/\" aria-label=\"Empusa\"><div class=\"iwg-wesen-card-imgwrap\"><img decoding=\"async\" src=\"https:\/\/iwell-guard.com\/wp-content\/uploads\/2026\/04\/daemonen_griechenland_empusa-200x300.webp\" alt=\"Empusa\" loading=\"lazy\"><\/div><div class=\"iwg-wesen-card-body\"><div class=\"iwg-wesen-card-name\">Empusa<\/div><div class=\"iwg-wesen-card-arrow\">\u2192 A l&#039;\u00e9sser<\/div><\/div><\/a><a class=\"iwg-wesen-card\" href=\"https:\/\/iwell-guard.com\/ca\/gwishin\/\" aria-label=\"Gwishin\"><div class=\"iwg-wesen-card-imgwrap\"><img decoding=\"async\" src=\"https:\/\/iwell-guard.com\/wp-content\/uploads\/2026\/04\/geister_korea_gwishin-200x300.webp\" alt=\"Gwishin\" loading=\"lazy\"><\/div><div class=\"iwg-wesen-card-body\"><div class=\"iwg-wesen-card-name\">Gwishin<\/div><div class=\"iwg-wesen-card-arrow\">\u2192 A l&#039;\u00e9sser<\/div><\/div><\/a><a class=\"iwg-wesen-card\" href=\"https:\/\/iwell-guard.com\/ca\/kikimora\/\" aria-label=\"Kikimora\"><div class=\"iwg-wesen-card-imgwrap\"><img decoding=\"async\" src=\"https:\/\/iwell-guard.com\/wp-content\/uploads\/2026\/04\/geister_slawisch_kikimora-200x300.webp\" alt=\"Kikimora\" loading=\"lazy\"><\/div><div class=\"iwg-wesen-card-body\"><div class=\"iwg-wesen-card-name\">Kikimora<\/div><div class=\"iwg-wesen-card-arrow\">\u2192 A l&#039;\u00e9sser<\/div><\/div><\/a><a class=\"iwg-wesen-card\" href=\"https:\/\/iwell-guard.com\/ca\/lamia\/\" aria-label=\"Lamia\"><div class=\"iwg-wesen-card-imgwrap\"><img decoding=\"async\" src=\"https:\/\/iwell-guard.com\/wp-content\/uploads\/2026\/04\/daemonen_griechenland_lamia-200x300.webp\" alt=\"Lamia\" loading=\"lazy\"><\/div><div class=\"iwg-wesen-card-body\"><div class=\"iwg-wesen-card-name\">Lamia<\/div><div class=\"iwg-wesen-card-arrow\">\u2192 A l&#039;\u00e9sser<\/div><\/div><\/a><a class=\"iwg-wesen-card\" href=\"https:\/\/iwell-guard.com\/ca\/lilith\/\" aria-label=\"Lilith\"><div class=\"iwg-wesen-card-imgwrap\"><img decoding=\"async\" src=\"https:\/\/iwell-guard.com\/wp-content\/uploads\/2026\/04\/daemonen_judentum_lilith-200x300.webp\" alt=\"Lilith\" loading=\"lazy\"><\/div><div class=\"iwg-wesen-card-body\"><div class=\"iwg-wesen-card-name\">Lilith<\/div><div class=\"iwg-wesen-card-arrow\">\u2192 A l&#039;\u00e9sser<\/div><\/div><\/a><a class=\"iwg-wesen-card\" href=\"https:\/\/iwell-guard.com\/ca\/mahr\/\" aria-label=\"Mahr\"><div class=\"iwg-wesen-card-imgwrap\"><img decoding=\"async\" src=\"https:\/\/iwell-guard.com\/wp-content\/uploads\/2026\/04\/geister_germanisch_mahr-200x300.webp\" alt=\"Mahr\" loading=\"lazy\"><\/div><div class=\"iwg-wesen-card-body\"><div class=\"iwg-wesen-card-name\">Mahr<\/div><div class=\"iwg-wesen-card-arrow\">\u2192 A l&#039;\u00e9sser<\/div><\/div><\/a><a class=\"iwg-wesen-card\" href=\"https:\/\/iwell-guard.com\/ca\/mara\/\" aria-label=\"Mara\"><div class=\"iwg-wesen-card-imgwrap\"><img decoding=\"async\" src=\"https:\/\/iwell-guard.com\/wp-content\/uploads\/2026\/04\/goetter_buddhismus_mara-200x300.webp\" alt=\"Mara\" loading=\"lazy\"><\/div><div class=\"iwg-wesen-card-body\"><div class=\"iwg-wesen-card-name\">Mara<\/div><div class=\"iwg-wesen-card-arrow\">\u2192 A l&#039;\u00e9sser<\/div><\/div><\/a><a class=\"iwg-wesen-card\" href=\"https:\/\/iwell-guard.com\/ca\/sluagh\/\" aria-label=\"Sluagh\"><div class=\"iwg-wesen-card-imgwrap\"><img decoding=\"async\" src=\"https:\/\/iwell-guard.com\/wp-content\/uploads\/2026\/04\/geister_keltisch_sluagh-200x300.webp\" alt=\"Sluagh\" loading=\"lazy\"><\/div><div class=\"iwg-wesen-card-body\"><div class=\"iwg-wesen-card-name\">Sluagh<\/div><div class=\"iwg-wesen-card-arrow\">\u2192 A l&#039;\u00e9sser<\/div><\/div><\/a><a class=\"iwg-wesen-card\" href=\"https:\/\/iwell-guard.com\/ca\/striga\/\" aria-label=\"Striga\"><div class=\"iwg-wesen-card-imgwrap\"><img decoding=\"async\" src=\"https:\/\/iwell-guard.com\/wp-content\/uploads\/2026\/04\/geister_rom_striga-200x300.webp\" alt=\"Striga\" loading=\"lazy\"><\/div><div class=\"iwg-wesen-card-body\"><div class=\"iwg-wesen-card-name\">Striga<\/div><div class=\"iwg-wesen-card-arrow\">\u2192 A l&#039;\u00e9sser<\/div><\/div><\/a><a class=\"iwg-wesen-card\" href=\"https:\/\/iwell-guard.com\/ca\/vetala\/\" aria-label=\"Vetala\"><div class=\"iwg-wesen-card-imgwrap\"><img decoding=\"async\" src=\"https:\/\/iwell-guard.com\/wp-content\/uploads\/2026\/04\/geister_hinduismus_vetala-200x300.webp\" alt=\"Vetala\" loading=\"lazy\"><\/div><div class=\"iwg-wesen-card-body\"><div class=\"iwg-wesen-card-name\">Vetala<\/div><div class=\"iwg-wesen-card-arrow\">\u2192 A l&#039;\u00e9sser<\/div><\/div><\/a><a class=\"iwg-wesen-card\" href=\"https:\/\/iwell-guard.com\/ca\/yuki-onna\/\" aria-label=\"Yuki-onna\"><div class=\"iwg-wesen-card-imgwrap\"><img decoding=\"async\" src=\"https:\/\/iwell-guard.com\/wp-content\/uploads\/2026\/04\/geister_japan_yuki-onna-200x300.webp\" alt=\"Yuki-onna\" loading=\"lazy\"><\/div><div class=\"iwg-wesen-card-body\"><div class=\"iwg-wesen-card-name\">Yuki-onna<\/div><div class=\"iwg-wesen-card-arrow\">\u2192 A l&#039;\u00e9sser<\/div><\/div><\/a><a class=\"iwg-wesen-card\" href=\"https:\/\/iwell-guard.com\/ca\/yurei\/\" aria-label=\"Y\u016brei\"><div class=\"iwg-wesen-card-imgwrap\"><img decoding=\"async\" src=\"https:\/\/iwell-guard.com\/wp-content\/uploads\/2026\/04\/geister_japan_yuurei-1-200x300.webp\" alt=\"Y\u016brei\" loading=\"lazy\"><\/div><div class=\"iwg-wesen-card-body\"><div class=\"iwg-wesen-card-name\">Y\u016brei<\/div><div class=\"iwg-wesen-card-arrow\">\u2192 A l&#039;\u00e9sser<\/div><\/div><\/a><\/div>\t\t\t\t\t\t\t\t<\/div>\n\t\t\t\t<\/div>\n\t\t\t\t\t<\/div>\n\t\t\t\t<\/div>\n\t\t<div class=\"elementor-element elementor-element-iwgce-nach-sec e-flex e-con-boxed e-con e-parent\" data-id=\"iwgce-nach-sec\" data-element_type=\"container\" data-e-type=\"container\" id=\"iwg-ce-nachtwesen\">\n\t\t\t\t\t<div class=\"e-con-inner\">\n\t\t<div class=\"elementor-element elementor-element-iwgce-nach-inner e-flex e-con-boxed e-con e-parent\" data-id=\"iwgce-nach-inner\" data-element_type=\"container\" data-e-type=\"container\" data-settings=\"{&quot;background_background&quot;:&quot;classic&quot;}\">\n\t\t\t\t\t<div class=\"e-con-inner\">\n\t\t\t\t<div class=\"elementor-element elementor-element-iwgce-nach-h iwg-ce-heading elementor-widget elementor-widget-heading\" data-id=\"iwgce-nach-h\" data-element_type=\"widget\" data-e-type=\"widget\" data-widget_type=\"heading.default\">\n\t\t\t\t\t<h2 class=\"elementor-heading-title elementor-size-default\">iWell Guard i tradicions de protecci\u00f3<\/h2>\t\t\t\t<\/div>\n\t\t\t\t<div class=\"elementor-element elementor-element-iwgce-nach-t iwg-ce-intro elementor-widget elementor-widget-text-editor\" data-id=\"iwgce-nach-t\" data-element_type=\"widget\" data-e-type=\"widget\" data-widget_type=\"text-editor.default\">\n\t\t\t\t\t\t\t\t\t<p>Els \u00e9ssers de la nit i les seves pr\u00e0ctiques de protecci\u00f3 recollits aqu\u00ed constitueixen una classificaci\u00f3 cient\u00edfica.<\/p><div data-nosnippet=\"true\"><p>iWell Guard s&#8217;inscriu en la l\u00ednia mil\u00b7len\u00e0ria dels objectes de protecci\u00f3 port\u00e0tils, des dels penjolls de <a href=\"https:\/\/iwell-guard.com\/ca\/pazuzu\/\">Pazuzu<\/a> a Mesopot\u00e0mia, passant pels amulets de <a href=\"https:\/\/iwell-guard.com\/ca\/?page_id=171650\">Hamsa<\/a> i de l&#8217;<a href=\"https:\/\/iwell-guard.com\/ca\/?page_id=171654\">ull-de-mal<\/a> a la Mediterr\u00e0nia, fins a la <a href=\"https:\/\/iwell-guard.com\/ca\/?page_id=171652\">Mezuz\u00e0<\/a> als brancals de les portes jueves i les medalles de protecci\u00f3 cristianes.<\/p><\/div><div data-nosnippet=\"true\"><p>Una forma contempor\u00e0nia d&#8217;aquesta tradici\u00f3, fabricada a Alemanya, amb una arquitectura de materials clarament documentada (41 nivells, or aut\u00e8ntic, plat\u00ed, plata). Dret de devoluci\u00f3 de 30 dies.<\/p><\/div>\t\t\t\t\t\t\t\t<\/div>\n\t\t\t\t<div class=\"elementor-element elementor-element-iwgce-nach-b iwg-ce-button iwg-ce-cta-2026-05-12 elementor-widget elementor-widget-jet-button\" data-id=\"iwgce-nach-b\" data-element_type=\"widget\" data-e-type=\"widget\" data-widget_type=\"jet-button.default\">\n\t\t\t\t<div class=\"elementor-widget-container\">\n\t\t\t\t\t<div class=\"elementor-jet-button jet-elements\"><div class=\"jet-button__container\"><a class=\"jet-button__instance jet-button__instance--icon-left hover-effect-1\" href=\"\/schutzanhaenger-iwell-guard-kaufen\/\"><div class=\"jet-button__plane jet-button__plane-normal\"><\/div><div class=\"jet-button__plane jet-button__plane-hover\"><\/div><div class=\"jet-button__state jet-button__state-normal\"><span class=\"jet-button__label\">M\u00e9s informaci\u00f3 sobre l'iWell Guard<\/span><\/div><div class=\"jet-button__state jet-button__state-hover\"><span class=\"jet-button__label\">M\u00e9s informaci\u00f3 sobre l'iWell Guard<\/span><\/div><\/a><\/div><\/div><style>.elementor-element.elementor-element-iwgce-nach-b .jet-button__instance{width:320px;height:56px;}.elementor-element.elementor-element-iwgce-nach-b .jet-button__state-normal .jet-button__label{text-align:center;margin:0px 0px 0px 0px;color:#1a1b20;font-family:Montserrat,sans-serif;font-size:13px;font-weight:400;letter-spacing:4px;line-height:1.714em;text-transform:uppercase;}.elementor-element.elementor-element-iwgce-nach-b .jet-button__state-hover .jet-button__label{text-align:center;margin:0px 0px 0px 0px;color:#FECC76;font-family:Montserrat,sans-serif;font-size:13px;font-weight:400;letter-spacing:4px;line-height:1.714em;text-transform:uppercase;}.elementor-element.elementor-element-iwgce-nach-b .jet-button__plane-normal{background-color:#FECC76;border-style:solid;border-color:#C99540;border-width:2px 2px 2px 2px;}.elementor-element.elementor-element-iwgce-nach-b .jet-button__plane-hover{background-color:rgba(0,0,0,0.55);border-style:solid;border-color:#FECC76;border-width:2px 2px 2px 2px;}<\/style>\t\t\t\t<\/div>\n\t\t\t\t<\/div>\n\t\t\t\t<div class=\"elementor-element elementor-element-iwgce-nach-d iwg-ce-disclaimer elementor-widget elementor-widget-text-editor\" data-id=\"iwgce-nach-d\" data-element_type=\"widget\" data-e-type=\"widget\" data-widget_type=\"text-editor.default\">\n\t\t\t\t\t\t\t\t\t<div data-nosnippet=\"true\"><p style=\"text-align:center;font-size:13px;opacity:0.7;margin-top:14px\" data-nosnippet=\"true\">No \u00e9s un producte m\u00e8dic. No hi ha promesa de curaci\u00f3. Les percepcions personals poden variar.<\/p><\/div>\t\t\t\t\t\t\t\t<\/div>\n\t\t\t\t\t<\/div>\n\t\t\t\t<\/div>\n\t\t\t\t\t<\/div>\n\t\t\t\t<\/div>\n\t\t\t\t<\/div>\n\t\t","protected":false},"excerpt":{"rendered":"","protected":false},"author":3,"featured_media":2314,"parent":0,"menu_order":0,"comment_status":"closed","ping_status":"closed","template":"","meta":{"_yoast_wpseo_focuskw":"\u00c9ssers nocturns","_yoast_wpseo_title":"\u00c9ssers nocturns i par\u00e0lisi del son a tot el m\u00f3n","_yoast_wpseo_metadesc":"Els \u00e9ssers nocturns s\u00f3n entitats sobrenaturals que actuen de nit. Descobreixi l'incubus, la mare, els vampirs i altres fen\u00f2mens paranormals nocturns.","_yoast_wpseo_meta-robots-noindex":"","_yoast_wpseo_canonical":"","_angie_page":false,"gefaehrdungsstufe":"","wesen_kultur":"","wesen_klasse":"","footnotes":""},"categories":[],"class_list":["post-171498","page","type-page","status-publish","has-post-thumbnail","hentry"],"yoast_head":"<!-- This site is optimized with the Yoast SEO Premium plugin v27.7 (Yoast SEO v28.3) - https:\/\/yoast.com\/product\/yoast-seo-premium-wordpress\/ -->\n<title>\u00c9ssers nocturns i par\u00e0lisi del son a tot el m\u00f3n<\/title>\n<meta name=\"description\" content=\"Els \u00e9ssers nocturns s\u00f3n entitats sobrenaturals que actuen de nit. Descobreixi l&#039;incubus, la mare, els vampirs i altres fen\u00f2mens paranormals nocturns.\" \/>\n<meta name=\"robots\" content=\"index, follow, max-snippet:-1, max-image-preview:large, max-video-preview:-1\" \/>\n<link rel=\"canonical\" href=\"https:\/\/iwell-guard.com\/ca\/essers-nocturns-i-paralisi-del-son\/\" \/>\n<meta property=\"og:locale\" content=\"ca_ES\" \/>\n<meta property=\"og:type\" content=\"article\" \/>\n<meta property=\"og:title\" content=\"\u00c9ssers nocturns i par\u00e0lisi del son\" \/>\n<meta property=\"og:description\" content=\"Els \u00e9ssers nocturns s\u00f3n entitats sobrenaturals que actuen de nit. Descobreixi l&#039;incubus, la mare, els vampirs i altres fen\u00f2mens paranormals nocturns.\" \/>\n<meta property=\"og:url\" content=\"https:\/\/iwell-guard.com\/ca\/essers-nocturns-i-paralisi-del-son\/\" \/>\n<meta property=\"og:site_name\" content=\"iWell Guard\" \/>\n<meta property=\"article:modified_time\" content=\"2026-09-05T15:59:14+00:00\" \/>\n<meta property=\"og:image\" content=\"https:\/\/iwell-guard.com\/wp-content\/uploads\/2026\/05\/geister_nachtwesen.webp\" \/>\n\t<meta property=\"og:image:width\" content=\"1024\" \/>\n\t<meta property=\"og:image:height\" content=\"1536\" \/>\n\t<meta property=\"og:image:type\" content=\"image\/webp\" \/>\n<meta name=\"twitter:card\" content=\"summary_large_image\" \/>\n<script type=\"application\/ld+json\" class=\"yoast-schema-graph\">{\"@context\":\"https:\\\/\\\/schema.org\",\"@graph\":[{\"@type\":\"WebPage\",\"@id\":\"https:\\\/\\\/iwell-guard.com\\\/ca\\\/essers-nocturns-i-paralisi-del-son\\\/\",\"url\":\"https:\\\/\\\/iwell-guard.com\\\/ca\\\/essers-nocturns-i-paralisi-del-son\\\/\",\"name\":\"\u00c9ssers nocturns i par\u00e0lisi del son a tot el m\u00f3n\",\"isPartOf\":{\"@id\":\"https:\\\/\\\/iwell-guard.com\\\/ca\\\/#website\"},\"primaryImageOfPage\":{\"@id\":\"https:\\\/\\\/iwell-guard.com\\\/ca\\\/essers-nocturns-i-paralisi-del-son\\\/#primaryimage\"},\"image\":{\"@id\":\"https:\\\/\\\/iwell-guard.com\\\/ca\\\/essers-nocturns-i-paralisi-del-son\\\/#primaryimage\"},\"thumbnailUrl\":\"https:\\\/\\\/iwell-guard.com\\\/wp-content\\\/uploads\\\/2026\\\/05\\\/geister_nachtwesen.webp\",\"datePublished\":\"2026-09-05T15:39:52+00:00\",\"dateModified\":\"2026-09-05T15:59:14+00:00\",\"description\":\"Els \u00e9ssers nocturns s\u00f3n entitats sobrenaturals que actuen de nit. Descobreixi l'incubus, la mare, els vampirs i altres fen\u00f2mens paranormals nocturns.\",\"breadcrumb\":{\"@id\":\"https:\\\/\\\/iwell-guard.com\\\/ca\\\/essers-nocturns-i-paralisi-del-son\\\/#breadcrumb\"},\"inLanguage\":\"ca\",\"potentialAction\":[{\"@type\":\"ReadAction\",\"target\":[\"https:\\\/\\\/iwell-guard.com\\\/ca\\\/essers-nocturns-i-paralisi-del-son\\\/\"]}]},{\"@type\":\"ImageObject\",\"inLanguage\":\"ca\",\"@id\":\"https:\\\/\\\/iwell-guard.com\\\/ca\\\/essers-nocturns-i-paralisi-del-son\\\/#primaryimage\",\"url\":\"https:\\\/\\\/iwell-guard.com\\\/wp-content\\\/uploads\\\/2026\\\/05\\\/geister_nachtwesen.webp\",\"contentUrl\":\"https:\\\/\\\/iwell-guard.com\\\/wp-content\\\/uploads\\\/2026\\\/05\\\/geister_nachtwesen.webp\",\"width\":1024,\"height\":1536,\"caption\":\"\u00c9ssers nocturns \u2014 \u00c9ssers de la par\u00e0lisi del son\"},{\"@type\":\"BreadcrumbList\",\"@id\":\"https:\\\/\\\/iwell-guard.com\\\/ca\\\/essers-nocturns-i-paralisi-del-son\\\/#breadcrumb\",\"itemListElement\":[{\"@type\":\"ListItem\",\"position\":1,\"name\":\"Start\",\"item\":\"https:\\\/\\\/iwell-guard.com\\\/ca\\\/?page_id=171333\"},{\"@type\":\"ListItem\",\"position\":2,\"name\":\"\u00c9ssers nocturns i par\u00e0lisi del son\"}]},{\"@type\":\"WebSite\",\"@id\":\"https:\\\/\\\/iwell-guard.com\\\/ca\\\/#website\",\"url\":\"https:\\\/\\\/iwell-guard.com\\\/ca\\\/\",\"name\":\"iWell Guard\",\"description\":\"Schutz vor dunklen Einfl\u00fcssen\",\"publisher\":{\"@id\":\"https:\\\/\\\/iwell-guard.com\\\/ca\\\/#organization\"},\"potentialAction\":[{\"@type\":\"SearchAction\",\"target\":{\"@type\":\"EntryPoint\",\"urlTemplate\":\"https:\\\/\\\/iwell-guard.com\\\/ca\\\/?s={search_term_string}\"},\"query-input\":{\"@type\":\"PropertyValueSpecification\",\"valueRequired\":true,\"valueName\":\"search_term_string\"}}],\"inLanguage\":\"ca\"},{\"@type\":\"Organization\",\"@id\":\"https:\\\/\\\/iwell-guard.com\\\/ca\\\/#organization\",\"name\":\"Ittermann electronic GmbH\",\"url\":\"https:\\\/\\\/iwell-guard.com\\\/ca\\\/\",\"logo\":{\"@type\":\"ImageObject\",\"inLanguage\":\"ca\",\"@id\":\"https:\\\/\\\/iwell-guard.com\\\/ca\\\/#\\\/schema\\\/logo\\\/image\\\/\",\"url\":\"https:\\\/\\\/iwell-guard.com\\\/wp-content\\\/uploads\\\/2026\\\/05\\\/Ittermann-Logo-1182x237-1.png\",\"contentUrl\":\"https:\\\/\\\/iwell-guard.com\\\/wp-content\\\/uploads\\\/2026\\\/05\\\/Ittermann-Logo-1182x237-1.png\",\"width\":1182,\"height\":237,\"caption\":\"Ittermann electronic GmbH\"},\"image\":{\"@id\":\"https:\\\/\\\/iwell-guard.com\\\/ca\\\/#\\\/schema\\\/logo\\\/image\\\/\"},\"sameAs\":[\"https:\\\/\\\/pantip.com\\\/profile\\\/9367242\",\"https:\\\/\\\/micro.blog\\\/iwellguard\",\"https:\\\/\\\/www.diggerslist.com\\\/iwellguard\\\/about\",\"https:\\\/\\\/skitterphoto.com\\\/photographers\\\/2870314\\\/iwell-guard\",\"https:\\\/\\\/iwellguard.wordpress.com\\\/2026\\\/06\\\/06\\\/iwell-guard\\\/\",\"https:\\\/\\\/hub.docker.com\\\/u\\\/iwellguard\",\"https:\\\/\\\/www.pinterest.com\\\/iwellguard\\\/\",\"https:\\\/\\\/bit.ly\\\/m\\\/iwellguard\",\"https:\\\/\\\/entre-vos-mains.alsace.eu\\\/profiles\\\/iwellguard\\\/activity\",\"https:\\\/\\\/gravatar.com\\\/reallybeded8fd34\",\"https:\\\/\\\/naijamatta.com\\\/iwellguard\",\"https:\\\/\\\/www.goodreads.com\\\/iwellguard\",\"https:\\\/\\\/profile.hatena.ne.jp\\\/iwellguard\\\/\",\"https:\\\/\\\/experiment.com\\\/users\\\/iwellguard\",\"https:\\\/\\\/wakelet.com\\\/@iWellGuard82270\",\"https:\\\/\\\/www.chordie.com\\\/forum\\\/profile.php?id=2555664\",\"https:\\\/\\\/www.instapaper.com\\\/p\\\/17757966\",\"https:\\\/\\\/www.mapleprimes.com\\\/users\\\/iwellguard\",\"https:\\\/\\\/businesslistingplus.com\\\/profile\\\/iwell-guard\\\/\",\"https:\\\/\\\/telegra.ph\\\/iWell-Guard-06-06\",\"https:\\\/\\\/pbase.com\\\/iwellguard\\\/iwellguard\",\"https:\\\/\\\/b.hatena.ne.jp\\\/iwellguard\\\/20260607#bookmark-4788405196491818882\",\"https:\\\/\\\/fliphtml5.com\\\/home\\\/iwellguard\",\"https:\\\/\\\/anyflip.com\\\/homepage\\\/cmiwl#About\",\"https:\\\/\\\/transfur.com\\\/Users\\\/iwellguard\",\"http:\\\/\\\/delphi.larsbo.org\\\/user\\\/iwellguard\",\"https:\\\/\\\/jobs.lajobsportal.org\\\/profiles\\\/8380803-iwell-guard\",\"https:\\\/\\\/md.chaosdorf.de\\\/s\\\/jfbe5SBdJD\",\"https:\\\/\\\/www.lingvolive.com\\\/en-us\\\/profile\\\/9ecaeaca-ce11-4e51-9e71-01d55e2bff36\\\/translations\",\"https:\\\/\\\/www.fitday.com\\\/fitness\\\/forums\\\/members\\\/iwellguard.html\",\"https:\\\/\\\/www.mymeetbook.com\\\/iwellguard\",\"https:\\\/\\\/pxhere.com\\\/en\\\/photographer-me\\\/5040798\",\"https:\\\/\\\/disqus.com\\\/by\\\/iwellguard\\\/about\\\/\",\"https:\\\/\\\/pastelink.net\\\/hjwciqwq\",\"https:\\\/\\\/pubhtml5.com\\\/homepage\\\/scjhn\\\/\",\"https:\\\/\\\/www.bitchute.com\\\/channel\\\/2O2eOKzNqujT\",\"https:\\\/\\\/audiomack.com\\\/iwellguard\"]}]}<\/script>\n<!-- \/ Yoast SEO Premium plugin. -->","yoast_head_json":{"title":"\u00c9ssers nocturns i par\u00e0lisi del son a tot el m\u00f3n","description":"Els \u00e9ssers nocturns s\u00f3n entitats sobrenaturals que actuen de nit. Descobreixi l'incubus, la mare, els vampirs i altres fen\u00f2mens paranormals nocturns.","robots":{"index":"index","follow":"follow","max-snippet":"max-snippet:-1","max-image-preview":"max-image-preview:large","max-video-preview":"max-video-preview:-1"},"canonical":"https:\/\/iwell-guard.com\/ca\/essers-nocturns-i-paralisi-del-son\/","og_locale":"ca_ES","og_type":"article","og_title":"\u00c9ssers nocturns i par\u00e0lisi del son","og_description":"Els \u00e9ssers nocturns s\u00f3n entitats sobrenaturals que actuen de nit. Descobreixi l'incubus, la mare, els vampirs i altres fen\u00f2mens paranormals nocturns.","og_url":"https:\/\/iwell-guard.com\/ca\/essers-nocturns-i-paralisi-del-son\/","og_site_name":"iWell Guard","article_modified_time":"2026-09-05T15:59:14+00:00","og_image":[{"width":1024,"height":1536,"url":"https:\/\/iwell-guard.com\/wp-content\/uploads\/2026\/05\/geister_nachtwesen.webp","type":"image\/webp"}],"twitter_card":"summary_large_image","schema":{"@context":"https:\/\/schema.org","@graph":[{"@type":"WebPage","@id":"https:\/\/iwell-guard.com\/ca\/essers-nocturns-i-paralisi-del-son\/","url":"https:\/\/iwell-guard.com\/ca\/essers-nocturns-i-paralisi-del-son\/","name":"\u00c9ssers nocturns i par\u00e0lisi del son a tot el m\u00f3n","isPartOf":{"@id":"https:\/\/iwell-guard.com\/ca\/#website"},"primaryImageOfPage":{"@id":"https:\/\/iwell-guard.com\/ca\/essers-nocturns-i-paralisi-del-son\/#primaryimage"},"image":{"@id":"https:\/\/iwell-guard.com\/ca\/essers-nocturns-i-paralisi-del-son\/#primaryimage"},"thumbnailUrl":"https:\/\/iwell-guard.com\/wp-content\/uploads\/2026\/05\/geister_nachtwesen.webp","datePublished":"2026-09-05T15:39:52+00:00","dateModified":"2026-09-05T15:59:14+00:00","description":"Els \u00e9ssers nocturns s\u00f3n entitats sobrenaturals que actuen de nit. Descobreixi l'incubus, la mare, els vampirs i altres fen\u00f2mens paranormals nocturns.","breadcrumb":{"@id":"https:\/\/iwell-guard.com\/ca\/essers-nocturns-i-paralisi-del-son\/#breadcrumb"},"inLanguage":"ca","potentialAction":[{"@type":"ReadAction","target":["https:\/\/iwell-guard.com\/ca\/essers-nocturns-i-paralisi-del-son\/"]}]},{"@type":"ImageObject","inLanguage":"ca","@id":"https:\/\/iwell-guard.com\/ca\/essers-nocturns-i-paralisi-del-son\/#primaryimage","url":"https:\/\/iwell-guard.com\/wp-content\/uploads\/2026\/05\/geister_nachtwesen.webp","contentUrl":"https:\/\/iwell-guard.com\/wp-content\/uploads\/2026\/05\/geister_nachtwesen.webp","width":1024,"height":1536,"caption":"\u00c9ssers nocturns \u2014 \u00c9ssers de la par\u00e0lisi del son"},{"@type":"BreadcrumbList","@id":"https:\/\/iwell-guard.com\/ca\/essers-nocturns-i-paralisi-del-son\/#breadcrumb","itemListElement":[{"@type":"ListItem","position":1,"name":"Start","item":"https:\/\/iwell-guard.com\/ca\/?page_id=171333"},{"@type":"ListItem","position":2,"name":"\u00c9ssers nocturns i par\u00e0lisi del son"}]},{"@type":"WebSite","@id":"https:\/\/iwell-guard.com\/ca\/#website","url":"https:\/\/iwell-guard.com\/ca\/","name":"iWell Guard","description":"Schutz vor dunklen Einfl\u00fcssen","publisher":{"@id":"https:\/\/iwell-guard.com\/ca\/#organization"},"potentialAction":[{"@type":"SearchAction","target":{"@type":"EntryPoint","urlTemplate":"https:\/\/iwell-guard.com\/ca\/?s={search_term_string}"},"query-input":{"@type":"PropertyValueSpecification","valueRequired":true,"valueName":"search_term_string"}}],"inLanguage":"ca"},{"@type":"Organization","@id":"https:\/\/iwell-guard.com\/ca\/#organization","name":"Ittermann electronic GmbH","url":"https:\/\/iwell-guard.com\/ca\/","logo":{"@type":"ImageObject","inLanguage":"ca","@id":"https:\/\/iwell-guard.com\/ca\/#\/schema\/logo\/image\/","url":"https:\/\/iwell-guard.com\/wp-content\/uploads\/2026\/05\/Ittermann-Logo-1182x237-1.png","contentUrl":"https:\/\/iwell-guard.com\/wp-content\/uploads\/2026\/05\/Ittermann-Logo-1182x237-1.png","width":1182,"height":237,"caption":"Ittermann electronic GmbH"},"image":{"@id":"https:\/\/iwell-guard.com\/ca\/#\/schema\/logo\/image\/"},"sameAs":["https:\/\/pantip.com\/profile\/9367242","https:\/\/micro.blog\/iwellguard","https:\/\/www.diggerslist.com\/iwellguard\/about","https:\/\/skitterphoto.com\/photographers\/2870314\/iwell-guard","https:\/\/iwellguard.wordpress.com\/2026\/06\/06\/iwell-guard\/","https:\/\/hub.docker.com\/u\/iwellguard","https:\/\/www.pinterest.com\/iwellguard\/","https:\/\/bit.ly\/m\/iwellguard","https:\/\/entre-vos-mains.alsace.eu\/profiles\/iwellguard\/activity","https:\/\/gravatar.com\/reallybeded8fd34","https:\/\/naijamatta.com\/iwellguard","https:\/\/www.goodreads.com\/iwellguard","https:\/\/profile.hatena.ne.jp\/iwellguard\/","https:\/\/experiment.com\/users\/iwellguard","https:\/\/wakelet.com\/@iWellGuard82270","https:\/\/www.chordie.com\/forum\/profile.php?id=2555664","https:\/\/www.instapaper.com\/p\/17757966","https:\/\/www.mapleprimes.com\/users\/iwellguard","https:\/\/businesslistingplus.com\/profile\/iwell-guard\/","https:\/\/telegra.ph\/iWell-Guard-06-06","https:\/\/pbase.com\/iwellguard\/iwellguard","https:\/\/b.hatena.ne.jp\/iwellguard\/20260607#bookmark-4788405196491818882","https:\/\/fliphtml5.com\/home\/iwellguard","https:\/\/anyflip.com\/homepage\/cmiwl#About","https:\/\/transfur.com\/Users\/iwellguard","http:\/\/delphi.larsbo.org\/user\/iwellguard","https:\/\/jobs.lajobsportal.org\/profiles\/8380803-iwell-guard","https:\/\/md.chaosdorf.de\/s\/jfbe5SBdJD","https:\/\/www.lingvolive.com\/en-us\/profile\/9ecaeaca-ce11-4e51-9e71-01d55e2bff36\/translations","https:\/\/www.fitday.com\/fitness\/forums\/members\/iwellguard.html","https:\/\/www.mymeetbook.com\/iwellguard","https:\/\/pxhere.com\/en\/photographer-me\/5040798","https:\/\/disqus.com\/by\/iwellguard\/about\/","https:\/\/pastelink.net\/hjwciqwq","https:\/\/pubhtml5.com\/homepage\/scjhn\/","https:\/\/www.bitchute.com\/channel\/2O2eOKzNqujT","https:\/\/audiomack.com\/iwellguard"]}]}},"_links":{"self":[{"href":"https:\/\/iwell-guard.com\/ca\/wp-json\/wp\/v2\/pages\/171498","targetHints":{"allow":["GET"]}}],"collection":[{"href":"https:\/\/iwell-guard.com\/ca\/wp-json\/wp\/v2\/pages"}],"about":[{"href":"https:\/\/iwell-guard.com\/ca\/wp-json\/wp\/v2\/types\/page"}],"author":[{"embeddable":true,"href":"https:\/\/iwell-guard.com\/ca\/wp-json\/wp\/v2\/users\/3"}],"replies":[{"embeddable":true,"href":"https:\/\/iwell-guard.com\/ca\/wp-json\/wp\/v2\/comments?post=171498"}],"version-history":[{"count":0,"href":"https:\/\/iwell-guard.com\/ca\/wp-json\/wp\/v2\/pages\/171498\/revisions"}],"wp:featuredmedia":[{"embeddable":true,"href":"https:\/\/iwell-guard.com\/ca\/wp-json\/wp\/v2\/media\/2314"}],"wp:attachment":[{"href":"https:\/\/iwell-guard.com\/ca\/wp-json\/wp\/v2\/media?parent=171498"}],"wp:term":[{"taxonomy":"category","embeddable":true,"href":"https:\/\/iwell-guard.com\/ca\/wp-json\/wp\/v2\/categories?post=171498"}],"curies":[{"name":"wp","href":"https:\/\/api.w.org\/{rel}","templated":true}]}}