{"id":171497,"date":"2026-09-05T15:39:52","date_gmt":"2026-09-05T15:39:52","guid":{"rendered":"https:\/\/iwell-guard.com\/?page_id=171497"},"modified":"2026-09-05T15:59:13","modified_gmt":"2026-09-05T15:59:13","slug":"dimonis-infantils","status":"publish","type":"page","link":"https:\/\/iwell-guard.com\/ca\/dimonis-infantils\/","title":{"rendered":"Kinderdaemonen"},"content":{"rendered":"\t\t<div data-elementor-type=\"wp-page\" data-elementor-id=\"171497\" class=\"elementor elementor-171497 elementor-1954\" data-elementor-post-type=\"page\">\n\t\t\t\t<div class=\"elementor-element elementor-element-am-kinder-hero e-flex e-con-boxed e-con e-parent\" data-id=\"am-kinder-hero\" data-element_type=\"container\" data-e-type=\"container\" data-settings=\"{&quot;background_background&quot;:&quot;classic&quot;}\">\n\t\t\t\t\t<div class=\"e-con-inner\">\n\t\t<div class=\"elementor-element elementor-element-am-kinder-herohl e-flex e-con-boxed e-con e-child\" data-id=\"am-kinder-herohl\" data-element_type=\"container\" data-e-type=\"container\">\n\t\t\t\t\t<div class=\"e-con-inner\">\n\t\t<div class=\"elementor-element elementor-element-am-kinder-c3ceb6 e-con-full e-flex e-con e-child\" data-id=\"am-kinder-c3ceb6\" data-element_type=\"container\" data-e-type=\"container\">\n\t\t\t\t<div class=\"elementor-element elementor-element-am-kinder-96ae5e elementor-widget elementor-widget-heading\" data-id=\"am-kinder-96ae5e\" data-element_type=\"widget\" data-e-type=\"widget\" data-widget_type=\"heading.default\">\n\t\t\t\t\t<h1 class=\"elementor-heading-title elementor-size-default\">Dimonis infantils, amenaces per a nadons i infants<\/h1>\t\t\t\t<\/div>\n\t\t\t\t<div class=\"elementor-element elementor-element-am-kinder-e45238 elementor-widget elementor-widget-text-editor\" data-id=\"am-kinder-e45238\" data-element_type=\"widget\" data-e-type=\"widget\" data-widget_type=\"text-editor.default\">\n\t\t\t\t\t\t\t\t\t<p>Aquesta visi\u00f3 general tracta els <strong>dimonis del puerperi<\/strong> i els <strong>dimonis dels nadons<\/strong> de <strong>totes les cultures<\/strong>, des de Lamashtu fins a la tradici\u00f3 de les llevadores.<\/p><p>Els dimonis infantils s\u00f3n \u00e9ssers demon\u00edacs transculturals que amenacen espec\u00edficament nadons, lactants i pu\u00e8rperes. Personifiquen els riscos biol\u00f2gics del part i de la primera inf\u00e0ncia i estan documentats des de Mesopot\u00e0mia fins a l&#8217;Extrem Orient, passant pel Mediterrani.<\/p>\t\t\t\t\t\t\t\t<\/div>\n\t\t\t\t<\/div>\n\t\t<div class=\"elementor-element elementor-element-am-kinder-klsbdg e-con-full e-flex e-con e-parent\" data-id=\"am-kinder-klsbdg\" data-element_type=\"container\" data-e-type=\"container\">\n\t\t\t\t<div class=\"elementor-element elementor-element-am-kinder-klshtm elementor-widget elementor-widget-html\" data-id=\"am-kinder-klshtm\" data-element_type=\"widget\" data-e-type=\"widget\" data-widget_type=\"html.default\">\n\t\t\t\t\t<div class=\"iwg-pill-row\"><span class=\"iwg-klasse-badge\" tabindex=\"0\" data-tooltip=\"Panor\u00e0mica de classe: p\u00e0gina hub sobre una classe d'\u00e9ssers (\u00e9ssers infernals, \u00e9ssers nocturns, etc.), organitzada funcionalment, transversal a les cultures.\">Panor\u00e0mica de classe<\/span><span class=\"iwg-kultur-badge\" tabindex=\"0\" data-tooltip=\"Fenomen transcultural, documentat en diverses cultures amb estructures emparentades.\">Transversal<\/span><\/div>\t\t\t\t<\/div>\n\t\t\t\t<\/div>\n\t\t<div class=\"elementor-element elementor-element-am-kinder-3f7485 e-con-full e-flex e-con e-child\" data-id=\"am-kinder-3f7485\" data-element_type=\"container\" data-e-type=\"container\">\n\t\t\t\t<div class=\"elementor-element elementor-element-am-kinder-1c3036 elementor-toc--minimized-on-tablet elementor-widget elementor-widget-table-of-contents\" data-id=\"am-kinder-1c3036\" data-element_type=\"widget\" data-e-type=\"widget\" data-settings=\"{&quot;exclude_headings_by_selector&quot;:[],&quot;no_headings_message&quot;:&quot;No s&#039;ha trobat cap encap\\u00e7alament en aquesta p\\u00e0gina.&quot;,&quot;headings_by_tags&quot;:[&quot;h2&quot;,&quot;h3&quot;],&quot;marker_view&quot;:&quot;bullets&quot;,&quot;minimize_box&quot;:&quot;yes&quot;,&quot;icon&quot;:{&quot;value&quot;:&quot;fas fa-circle&quot;,&quot;library&quot;:&quot;fa-solid&quot;,&quot;rendered_tag&quot;:&quot;&lt;svg class=\\&quot;e-font-icon-svg e-fas-circle\\&quot; viewBox=\\&quot;0 0 512 512\\&quot; xmlns=\\&quot;http:\\\/\\\/www.w3.org\\\/2000\\\/svg\\&quot;&gt;&lt;path d=\\&quot;M256 8C119 8 8 119 8 256s111 248 248 248 248-111 248-248S393 8 256 8z\\&quot;&gt;&lt;\\\/path&gt;&lt;\\\/svg&gt;&quot;},&quot;minimized_on&quot;:&quot;tablet&quot;,&quot;hierarchical_view&quot;:&quot;yes&quot;,&quot;min_height&quot;:{&quot;unit&quot;:&quot;px&quot;,&quot;size&quot;:&quot;&quot;,&quot;sizes&quot;:[]},&quot;min_height_tablet&quot;:{&quot;unit&quot;:&quot;px&quot;,&quot;size&quot;:&quot;&quot;,&quot;sizes&quot;:[]},&quot;min_height_mobile&quot;:{&quot;unit&quot;:&quot;px&quot;,&quot;size&quot;:&quot;&quot;,&quot;sizes&quot;:[]}}\" data-widget_type=\"table-of-contents.default\">\n\t\t\t\t\t\t\t\t\t<div class=\"elementor-toc__header\">\n\t\t\t\t\t\t<h2 class=\"elementor-toc__header-title\">\n\t\t\t\t\u00cdndex\t\t\t<\/h2>\n\t\t\t\t\t\t\t\t\t\t<div class=\"elementor-toc__toggle-button elementor-toc__toggle-button--expand\" role=\"button\" tabindex=\"0\" aria-controls=\"elementor-toc__am-kinder-1c3036\" aria-expanded=\"true\" aria-label=\"Open table of contents\"><svg aria-hidden=\"true\" class=\"e-font-icon-svg e-fas-chevron-down\" viewBox=\"0 0 448 512\" xmlns=\"http:\/\/www.w3.org\/2000\/svg\"><path d=\"M207.029 381.476L12.686 187.132c-9.373-9.373-9.373-24.569 0-33.941l22.667-22.667c9.357-9.357 24.522-9.375 33.901-.04L224 284.505l154.745-154.021c9.379-9.335 24.544-9.317 33.901.04l22.667 22.667c9.373 9.373 9.373 24.569 0 33.941L240.971 381.476c-9.373 9.372-24.569 9.372-33.942 0z\"><\/path><\/svg><\/div>\n\t\t\t\t<div class=\"elementor-toc__toggle-button elementor-toc__toggle-button--collapse\" role=\"button\" tabindex=\"0\" aria-controls=\"elementor-toc__am-kinder-1c3036\" aria-expanded=\"true\" aria-label=\"Close table of contents\"><svg aria-hidden=\"true\" class=\"e-font-icon-svg e-fas-chevron-up\" viewBox=\"0 0 448 512\" xmlns=\"http:\/\/www.w3.org\/2000\/svg\"><path d=\"M240.971 130.524l194.343 194.343c9.373 9.373 9.373 24.569 0 33.941l-22.667 22.667c-9.357 9.357-24.522 9.375-33.901.04L224 227.495 69.255 381.516c-9.379 9.335-24.544 9.317-33.901-.04l-22.667-22.667c-9.373-9.373-9.373-24.569 0-33.941L207.03 130.525c9.372-9.373 24.568-9.373 33.941-.001z\"><\/path><\/svg><\/div>\n\t\t\t\t\t<\/div>\n\t\t\t\t<div id=\"elementor-toc__am-kinder-1c3036\" class=\"elementor-toc__body\">\n\t\t\t<div class=\"elementor-toc__spinner-container\">\n\t\t\t\t<svg class=\"elementor-toc__spinner eicon-animation-spin e-font-icon-svg e-eicon-loading\" aria-hidden=\"true\" viewBox=\"0 0 1000 1000\" xmlns=\"http:\/\/www.w3.org\/2000\/svg\"><path d=\"M500 975V858C696 858 858 696 858 500S696 142 500 142 142 304 142 500H25C25 237 238 25 500 25S975 237 975 500 763 975 500 975Z\"><\/path><\/svg>\t\t\t<\/div>\n\t\t<\/div>\n\t\t\t\t\t\t<\/div>\n\t\t\t\t<\/div>\n\t\t\t\t\t<\/div>\n\t\t\t\t<\/div>\n\t\t<div class=\"elementor-element elementor-element-am-kinder-herorg e-flex e-con-boxed e-con e-child\" data-id=\"am-kinder-herorg\" data-element_type=\"container\" data-e-type=\"container\">\n\t\t\t\t\t<div class=\"e-con-inner\">\n\t\t\t\t<div class=\"elementor-element elementor-element-am-kinder-heroim iwg-hero-image elementor-widget elementor-widget-image\" data-id=\"am-kinder-heroim\" data-element_type=\"widget\" data-e-type=\"widget\" data-widget_type=\"image.default\">\n\t\t\t\t\t\t\t\t\t\t\t\t\t\t\t<img fetchpriority=\"high\" decoding=\"async\" width=\"683\" height=\"1024\" src=\"https:\/\/iwell-guard.com\/wp-content\/uploads\/2026\/05\/geister_kinderdaemonen-683x1024.webp\" class=\"attachment-large size-large wp-image-173636\" alt=\"Dimonis infantils \u2014 Dimonis del puerperi i dels nadons\" srcset=\"https:\/\/iwell-guard.com\/wp-content\/uploads\/2026\/05\/geister_kinderdaemonen-683x1024.webp 683w, https:\/\/iwell-guard.com\/wp-content\/uploads\/2026\/05\/geister_kinderdaemonen-200x300.webp 200w, https:\/\/iwell-guard.com\/wp-content\/uploads\/2026\/05\/geister_kinderdaemonen-768x1152.webp 768w, https:\/\/iwell-guard.com\/wp-content\/uploads\/2026\/05\/geister_kinderdaemonen.webp 1024w\" sizes=\"(max-width: 683px) 100vw, 683px\" \/>\t\t\t\t\t\t\t\t\t\t\t\t\t\t\t<\/div>\n\t\t\t\t\t<\/div>\n\t\t\t\t<\/div>\n\t\t\t\t\t<\/div>\n\t\t\t\t<\/div>\n\t\t\t\t<section class=\"elementor-section elementor-top-section elementor-element elementor-element-sec-iwgcomp2-kinderdaemonen elementor-section-boxed elementor-section-height-default elementor-section-height-default\" data-id=\"sec-iwgcomp2-kinderdaemonen\" data-element_type=\"section\" data-e-type=\"section\">\n\t\t\t\t\t\t<div class=\"elementor-container elementor-column-gap-default\">\n\t\t\t\t\t<div class=\"elementor-column elementor-col-100 elementor-top-column elementor-element elementor-element-col-iwgcomp2-kinderdaemonen\" data-id=\"col-iwgcomp2-kinderdaemonen\" data-element_type=\"column\" data-e-type=\"column\">\n\t\t\t<div class=\"elementor-widget-wrap elementor-element-populated\">\n\t\t\t\t\t\t<div class=\"elementor-element elementor-element-iwgcomp2-kinderdaemonen elementor-widget elementor-widget-text-editor\" data-id=\"iwgcomp2-kinderdaemonen\" data-element_type=\"widget\" data-e-type=\"widget\" data-widget_type=\"text-editor.default\">\n\t\t\t\t\t\t\t\t\t<p>Els dimonis infantils s\u00f3n <strong>amenaces<\/strong> per als nadons i els infants petits en diverses tradicions religioses.<\/p>\t\t\t\t\t\t\t\t<\/div>\n\t\t\t\t\t<\/div>\n\t\t<\/div>\n\t\t\t\t\t<\/div>\n\t\t<\/section>\n\t\t<div class=\"elementor-element elementor-element-wmd-s1 e-flex e-con-boxed e-con e-parent\" data-id=\"wmd-s1\" data-element_type=\"container\" data-e-type=\"container\">\n\t\t\t\t\t<div class=\"e-con-inner\">\n\t\t\t\t<div class=\"elementor-element elementor-element-wmd-h1 elementor-widget elementor-widget-heading\" data-id=\"wmd-h1\" data-element_type=\"widget\" data-e-type=\"widget\" data-widget_type=\"heading.default\">\n\t\t\t\t\t<h2 class=\"elementor-heading-title elementor-size-default\">Terme i delimitaci\u00f3<\/h2>\t\t\t\t<\/div>\n\t\t<div class=\"elementor-element elementor-element-am-wmdt1-bw e-flex e-con-boxed e-con e-child\" data-id=\"am-wmdt1-bw\" data-element_type=\"container\" data-e-type=\"container\" data-settings=\"{&quot;background_background&quot;:&quot;classic&quot;}\">\n\t\t\t\t\t<div class=\"e-con-inner\">\n\t\t\t\t<div class=\"elementor-element elementor-element-wmd-t1 elementor-widget elementor-widget-text-editor\" data-id=\"wmd-t1\" data-element_type=\"widget\" data-e-type=\"widget\" data-widget_type=\"text-editor.default\">\n\t\t\t\t\t\t\t\t\t<p>Els dimonis infantils es diferencien dels dimonis generals per la seva <strong>especialitzaci\u00f3 funcional<\/strong>: s&#8217;adrecen contra una poblaci\u00f3 vulnerable (embar\u00e0s, puerperi, primera inf\u00e0ncia) i actuen sovint segons patrons d&#8217;hemorr\u00e0gia, mort sobtada del nad\u00f3, transici\u00f3 a la bogeria o dany f\u00edsic.<\/p><p>El fenomen \u00e9s real en la hist\u00f2ria: la mortalitat materna i infantil va ser extraordin\u00e0riament alta en les societats premodernes. La demonologia projecta aquesta por sobre agents sobrenaturals, externalitzant all\u00f2 inexplicable i inevitable. Un infant que moria no havia mort simplement; havia estat pres pel <span class=\"iwg-fachbegriff\" data-tooltip=\"\u00c9sser espiritual al qual s'atribueix un efecte nociu o ambivalent.\" tabindex=\"0\">dimoni<\/span>.<\/p><p>Termes relacionats: vampireses (que xuclen infants), elfs nocturns, bruixes que se centren en nadons; per\u00f2 aquests s\u00f3n rols, mentre que els dimonis infantils tenen una identitat essencial: <em>s\u00f3n<\/em> agressors de nadons, no ho han esdevingut per casualitat.<\/p><h3>Especificitat mesopot\u00e0mica<\/h3><p>El complex mesopot\u00e0mic \u00e9s particularment ric des del punt de vista de la hist\u00f2ria de les religions, perqu\u00e8 est\u00e0 relativament ben documentat. Les tauletes d&#8217;exorcisme acc\u00e0dies i paleobabil\u00f2niques (especialment els conjurs de Lamashtu, editats per Walter Farber, 2014) ofereixen textos on es descriuen minuciosament l&#8217;actuaci\u00f3 de Lamashtu, el seu aspecte i les pr\u00e0ctiques rituals de protecci\u00f3.<\/p><p>Pazuzu, originalment ell mateix un <span class=\"iwg-fachbegriff\" data-tooltip=\"\u00c9sser espiritual al qual s'atribueix un efecte nociu o ambivalent.\" tabindex=\"0\">dimoni<\/span> nociu, es converteix, cap a la segona meitat del segon mil\u00b7lenni aC, en l&#8217;\u00e9sser antagonista espec\u00edfic de Lamashtu, un exemple notable, des de la hist\u00f2ria de les religions, de com un \u00e9sser nociu pot esdevenir un \u00e9sser protector en una constel\u00b7laci\u00f3 cultural canviant.<\/p><h3>Articles relacionats al l\u00e8xic<\/h3><p>Qui vulgui aprofundir en aquest complex trobar\u00e0 als articles individuals sobre <a href=\"https:\/\/iwell-guard.com\/ca\/lamashtu\/\">Lamashtu<\/a>, <a href=\"https:\/\/iwell-guard.com\/ca\/?page_id=171360\">Lilith<\/a> i <a href=\"https:\/\/iwell-guard.com\/ca\/lamia\/\">Lamia<\/a> els \u00e9ssers centrals tractats amb detall. La tradici\u00f3 protectora est\u00e0 documentada als articles sobre <a href=\"https:\/\/iwell-guard.com\/ca\/pazuzu\/\">Pazuzu<\/a> i a les introduccions dels cap\u00edtols de les respectives p\u00e0gines culturals. Un tractament comparatiu excediria l&#8217;abast d&#8217;aquest article; \u00e9s objecte de recerca de l&#8217;antropologia comparada de les religions moderna.<\/p><h3>Notes sobre les fonts<\/h3><p>L&#8217;edici\u00f3 especialitzada m\u00e9s important sobre la tradici\u00f3 de Lamashtu \u00e9s \u00abLama\u0161tu\u00bb de Walter Farber (Eisenbrauns 2014); sobre la tradici\u00f3 de Lilith, \u00abThe Hebrew Goddess\u00bb de Raphael Patai i la col\u00b7lecci\u00f3 de Joseph Dan sobre les tradicions de la <span class=\"iwg-fachbegriff\" data-tooltip=\"Corrent religi\u00f3s centrat en l'experi\u00e8ncia directa de la divinitat.\" tabindex=\"0\">m\u00edstica<\/span> jueva. Sobre Lamia i els \u00e9ssers grecs relacionats, vegeu Sarah Iles Johnston, \u00abRestless Dead\u00bb, University of California Press 1999.<\/p><p>Els dimonis infantils s\u00f3n una amena\u00e7a espec\u00edfica per a dones embarassades i nadons: Lamashtu a Mesopot\u00e0mia, Lilith a la tradici\u00f3 jueva, el Mahr en l&#8217;\u00e0mbit germ\u00e0nic.<\/p>\t\t\t\t\t\t\t\t<\/div>\n\t\t\t\t\t<\/div>\n\t\t\t\t<\/div>\n\t\t\t\t\t<\/div>\n\t\t\t\t<\/div>\n\t\t<div class=\"elementor-element elementor-element-wmd-s2 e-flex e-con-boxed e-con e-parent\" data-id=\"wmd-s2\" data-element_type=\"container\" data-e-type=\"container\">\n\t\t\t\t\t<div class=\"e-con-inner\">\n\t\t\t\t<div class=\"elementor-element elementor-element-wmd-h2 elementor-widget elementor-widget-heading\" data-id=\"wmd-h2\" data-element_type=\"widget\" data-e-type=\"widget\" data-widget_type=\"heading.default\">\n\t\t\t\t\t<h2 class=\"elementor-heading-title elementor-size-default\">Exemples culturohist\u00f2rics<\/h2>\t\t\t\t<\/div>\n\t\t<div class=\"elementor-element elementor-element-am-wmdt2-bw e-flex e-con-boxed e-con e-child\" data-id=\"am-wmdt2-bw\" data-element_type=\"container\" data-e-type=\"container\" data-settings=\"{&quot;background_background&quot;:&quot;classic&quot;}\">\n\t\t\t\t\t<div class=\"e-con-inner\">\n\t\t\t\t<div class=\"elementor-element elementor-element-wmd-t2 elementor-widget elementor-widget-text-editor\" data-id=\"wmd-t2\" data-element_type=\"widget\" data-e-type=\"widget\" data-widget_type=\"text-editor.default\">\n\t\t\t\t\t\t\t\t\t<p>El dimoni arquet\u00edpic \u00e9s Lamashtu (Mesopot\u00e0mia): representada amb cap hum\u00e0, cos de lleona i peus de bou. Es descriu com ataca les dones pu\u00e8rperes, provoca hemorr\u00e0gies i segresta o emmalalteix mortalment els nadons. Les f\u00f3rmules d&#8217;exorcisme acc\u00e0dies i els amulets mostren la por generalitzada que aquesta figura provocava.<\/p><div><h3>Classificaci\u00f3 i antecedents en la hist\u00f2ria de les religions<\/h3><p>Els dimonis infantils s\u00f3n una subclasse de dimonis especialitzats en l&#8217;amena\u00e7a a nadons, infants petits i dones embarassades. Apareixen amb noms propis en pr\u00e0cticament totes les cultures desenvolupades del Mediterrani i del Pr\u00f2xim Orient.<\/p><p>Hist\u00f2ricament, aquesta classe \u00e9s particularment antiga; els testimonis m\u00e9s antics es troben en la literatura d&#8217;exorcisme mesopot\u00e0mica (tauletes de Lamashtu, segon mil\u00b7lenni aC), on Lamashtu, com a amena\u00e7a dels nadons, n&#8217;\u00e9s la figura paradigm\u00e0tica, i els amulets de Pazuzu en s\u00f3n el mitj\u00e0 de protecci\u00f3 m\u00e9s important.<\/p><\/div>\t\t\t\t\t\t\t\t<\/div>\n\t\t\t\t\t<\/div>\n\t\t\t\t<\/div>\n\t\t\t\t\t<\/div>\n\t\t\t\t<\/div>\n\t\t<div class=\"elementor-element elementor-element-wmd-s3 e-flex e-con-boxed e-con e-parent\" data-id=\"wmd-s3\" data-element_type=\"container\" data-e-type=\"container\">\n\t\t\t\t\t<div class=\"e-con-inner\">\n\t\t\t\t<div class=\"elementor-element elementor-element-wmd-h3 elementor-widget elementor-widget-heading\" data-id=\"wmd-h3\" data-element_type=\"widget\" data-e-type=\"widget\" data-widget_type=\"heading.default\">\n\t\t\t\t\t<h2 class=\"elementor-heading-title elementor-size-default\">Estat de les fonts<\/h2>\t\t\t\t<\/div>\n\t\t<div class=\"elementor-element elementor-element-am-wmdt3-bw e-flex e-con-boxed e-con e-child\" data-id=\"am-wmdt3-bw\" data-element_type=\"container\" data-e-type=\"container\" data-settings=\"{&quot;background_background&quot;:&quot;classic&quot;}\">\n\t\t\t\t\t<div class=\"e-con-inner\">\n\t\t\t\t<div class=\"elementor-element elementor-element-wmd-t3 elementor-widget elementor-widget-text-editor\" data-id=\"wmd-t3\" data-element_type=\"widget\" data-e-type=\"widget\" data-widget_type=\"text-editor.default\">\n\t\t\t\t\t\t\t\t\t<p>An\u00e0lisi folkl\u00f2rica moderna: Margaret Murray (controvertida) va relacionar els dimonis infantils amb crisis de fertilitat en societats preindustrials. La recerca m\u00e9s recent (Paola Tartakoff, Rachel Trubowitz) veu en els dimonis infantils projeccions de l&#8217;angoixa materna, del trauma biol\u00f2gic i de la impot\u00e8ncia davant processos naturals incontrolables. S\u00f3n una eina cognitiva per afrontar la mortalitat infantil.<\/p><div><h3>Visi\u00f3 comparativa<\/h3><p>La tradici\u00f3 jueva coneix Lilith (vegeu <a href=\"https:\/\/iwell-guard.com\/ca\/?page_id=171360\">Lilith<\/a>) com l&#8217;antiga primera dona d&#8217;Adam, que despr\u00e9s de la seva separaci\u00f3 actua com a amena\u00e7a dels nadons; la tradici\u00f3 rab\u00ednica coneix nombrosos amulets protectors (<em>amulets de Lilith<\/em>) amb els noms dels \u00e0ngels Senoy, Sansenoy i Semangelof.<\/p><p>La tradici\u00f3 grecobizantina coneix Lamia i Gello (vegeu <a href=\"https:\/\/iwell-guard.com\/ca\/?page_id=171620\">Gello<\/a>) com a figures an\u00e0logues; la tradici\u00f3 romana coneix les Striges i els L\u00e8murs com a amenaces per als nadons.<\/p><p>La tradici\u00f3 \u00e0rab coneix la <em>Qarina<\/em> com un <span class=\"iwg-fachbegriff\" data-tooltip=\"\u00c9sser espiritual al qual s'atribueix un efecte nociu o ambivalent.\" tabindex=\"0\">dimoni<\/span> femen\u00ed que ataca el nad\u00f3; la tradici\u00f3 persa coneix l&#8217;<em>Al<\/em>. La tradici\u00f3 eslava coneix la <em>Kikimora<\/em> i la <em>Polunocnica<\/em> (dimoniessa de la mitjanit), i la tradici\u00f3 tailandesa la <em>Krasue<\/em>.<\/p><\/div>\t\t\t\t\t\t\t\t<\/div>\n\t\t\t\t\t<\/div>\n\t\t\t\t<\/div>\n\t\t\t\t\t<\/div>\n\t\t\t\t<\/div>\n\t\t<div class=\"elementor-element elementor-element-wmd-s4 e-flex e-con-boxed e-con e-parent\" data-id=\"wmd-s4\" data-element_type=\"container\" data-e-type=\"container\">\n\t\t\t\t\t<div class=\"e-con-inner\">\n\t\t\t\t<div class=\"elementor-element elementor-element-wmd-h4 elementor-widget elementor-widget-heading\" data-id=\"wmd-h4\" data-element_type=\"widget\" data-e-type=\"widget\" data-widget_type=\"heading.default\">\n\t\t\t\t\t<h2 class=\"elementor-heading-title elementor-size-default\">Significat actual \/ \u00c9ssers relacionats<\/h2>\t\t\t\t<\/div>\n\t\t<div class=\"elementor-element elementor-element-am-wmdt4-bw e-flex e-con-boxed e-con e-child\" data-id=\"am-wmdt4-bw\" data-element_type=\"container\" data-e-type=\"container\" data-settings=\"{&quot;background_background&quot;:&quot;classic&quot;}\">\n\t\t\t\t\t<div class=\"e-con-inner\">\n\t\t\t\t<div class=\"elementor-element elementor-element-wmd-t4 elementor-widget elementor-widget-text-editor\" data-id=\"wmd-t4\" data-element_type=\"widget\" data-e-type=\"widget\" data-widget_type=\"text-editor.default\">\n\t\t\t\t\t\t\t\t\t<p>En la interpretaci\u00f3 psicoanal\u00edtica (Jung, Neumann), els dimonis infantils es consideren una projecci\u00f3 de la por inconscient davant la feminitat i la reproducci\u00f3. Diverses tradicions esot\u00e8riques modernes sovint els reinterpreten com a arquetips protocham\u00e0nics del ritual de transici\u00f3. Independentment de la interpretaci\u00f3, la seva persist\u00e8ncia cultural \u00e9s un senyal de la profunda preocupaci\u00f3 humana per la descend\u00e8ncia i la continu\u00eftat.<\/p>\t\t\t\t\t\t\t\t<\/div>\n\t\t\t\t\t<\/div>\n\t\t\t\t<\/div>\n\t\t\t\t\t<\/div>\n\t\t\t\t<\/div>\n\t\t<div class=\"elementor-element elementor-element-sub-mem-kinderdaemonen e-flex e-con-boxed e-con e-parent\" data-id=\"sub-mem-kinderdaemonen\" data-element_type=\"container\" data-e-type=\"container\">\n\t\t\t\t\t<div class=\"e-con-inner\">\n\t\t\t\t<div class=\"elementor-element elementor-element-sub-mem-h-kinderdaemonen elementor-widget elementor-widget-heading\" data-id=\"sub-mem-h-kinderdaemonen\" data-element_type=\"widget\" data-e-type=\"widget\" data-widget_type=\"heading.default\">\n\t\t\t\t\t<h2 class=\"elementor-heading-title elementor-size-default\">\u00c9ssers d'aquesta categoria<\/h2>\t\t\t\t<\/div>\n\t\t<div class=\"elementor-element elementor-element-am-inner-0001 e-con-full e-flex e-con e-child\" data-id=\"am-inner-0001\" data-element_type=\"container\" data-e-type=\"container\">\n\t\t\t\t<div class=\"elementor-element elementor-element-sub-mem-t-kinderdaemonen elementor-widget elementor-widget-text-editor\" data-id=\"sub-mem-t-kinderdaemonen\" data-element_type=\"widget\" data-e-type=\"widget\" data-widget_type=\"text-editor.default\">\n\t\t\t\t\t\t\t\t\t<div class=\"iwg-wesen-grid\"><a class=\"iwg-wesen-card\" href=\"https:\/\/iwell-guard.com\/ca\/babi\/\" aria-label=\"Babi\"><div class=\"iwg-wesen-card-imgwrap\"><img decoding=\"async\" src=\"https:\/\/iwell-guard.com\/wp-content\/uploads\/2026\/04\/daemonen_aegypten_babi-200x300.webp\" alt=\"Babi\" loading=\"lazy\"><\/div><div class=\"iwg-wesen-card-body\"><div class=\"iwg-wesen-card-name\">Babi<\/div><div class=\"iwg-wesen-card-arrow\">\u2192 A l&#039;\u00e9sser<\/div><\/div><\/a><a class=\"iwg-wesen-card\" href=\"https:\/\/iwell-guard.com\/ca\/cailleach\/\" aria-label=\"Cailleach\"><div class=\"iwg-wesen-card-imgwrap\"><img decoding=\"async\" src=\"https:\/\/iwell-guard.com\/wp-content\/uploads\/2026\/04\/goetter_keltisch_cailleach-200x300.webp\" alt=\"Cailleach\" loading=\"lazy\"><\/div><div class=\"iwg-wesen-card-body\"><div class=\"iwg-wesen-card-name\">Cailleach<\/div><div class=\"iwg-wesen-card-arrow\">\u2192 A l&#039;\u00e9sser<\/div><\/div><\/a><a class=\"iwg-wesen-card\" href=\"https:\/\/iwell-guard.com\/ca\/empusa\/\" aria-label=\"Empusa\"><div class=\"iwg-wesen-card-imgwrap\"><img decoding=\"async\" src=\"https:\/\/iwell-guard.com\/wp-content\/uploads\/2026\/04\/daemonen_griechenland_empusa-200x300.webp\" alt=\"Empusa\" loading=\"lazy\"><\/div><div class=\"iwg-wesen-card-body\"><div class=\"iwg-wesen-card-name\">Empusa<\/div><div class=\"iwg-wesen-card-arrow\">\u2192 A l&#039;\u00e9sser<\/div><\/div><\/a><a class=\"iwg-wesen-card\" href=\"https:\/\/iwell-guard.com\/ca\/gello\/\" aria-label=\"Gello\"><div class=\"iwg-wesen-card-imgwrap\"><img decoding=\"async\" src=\"https:\/\/iwell-guard.com\/wp-content\/uploads\/2026\/05\/daemonen_griechenland_gello-200x300.webp\" alt=\"Gello\" loading=\"lazy\"><\/div><div class=\"iwg-wesen-card-body\"><div class=\"iwg-wesen-card-name\">Gello<\/div><div class=\"iwg-wesen-card-arrow\">\u2192 A l&#039;\u00e9sser<\/div><\/div><\/a><a class=\"iwg-wesen-card\" href=\"https:\/\/iwell-guard.com\/ca\/lamashtu\/\" aria-label=\"Lamashtu\"><div class=\"iwg-wesen-card-imgwrap\"><img decoding=\"async\" src=\"https:\/\/iwell-guard.com\/wp-content\/uploads\/2026\/04\/daemonen_mesopotamien_lamashtu-200x300.webp\" alt=\"Lamashtu\" loading=\"lazy\"><\/div><div class=\"iwg-wesen-card-body\"><div class=\"iwg-wesen-card-name\">Lamashtu<\/div><div class=\"iwg-wesen-card-arrow\">\u2192 A l&#039;\u00e9sser<\/div><\/div><\/a><a class=\"iwg-wesen-card\" href=\"https:\/\/iwell-guard.com\/ca\/lamia\/\" aria-label=\"Lamia\"><div class=\"iwg-wesen-card-imgwrap\"><img decoding=\"async\" src=\"https:\/\/iwell-guard.com\/wp-content\/uploads\/2026\/04\/daemonen_griechenland_lamia-200x300.webp\" alt=\"Lamia\" loading=\"lazy\"><\/div><div class=\"iwg-wesen-card-body\"><div class=\"iwg-wesen-card-name\">Lamia<\/div><div class=\"iwg-wesen-card-arrow\">\u2192 A l&#039;\u00e9sser<\/div><\/div><\/a><a class=\"iwg-wesen-card\" href=\"https:\/\/iwell-guard.com\/ca\/lamiae\/\" aria-label=\"Lamiae\"><div class=\"iwg-wesen-card-imgwrap\"><img decoding=\"async\" src=\"https:\/\/iwell-guard.com\/wp-content\/uploads\/2026\/04\/daemonen_rom_lamiae-200x300.webp\" alt=\"Lamiae\" loading=\"lazy\"><\/div><div class=\"iwg-wesen-card-body\"><div class=\"iwg-wesen-card-name\">Lamiae<\/div><div class=\"iwg-wesen-card-arrow\">\u2192 A l&#039;\u00e9sser<\/div><\/div><\/a><a class=\"iwg-wesen-card\" href=\"https:\/\/iwell-guard.com\/ca\/lilith\/\" aria-label=\"Lilith\"><div class=\"iwg-wesen-card-imgwrap\"><img decoding=\"async\" src=\"https:\/\/iwell-guard.com\/wp-content\/uploads\/2026\/04\/daemonen_judentum_lilith-200x300.webp\" alt=\"Lilith\" loading=\"lazy\"><\/div><div class=\"iwg-wesen-card-body\"><div class=\"iwg-wesen-card-name\">Lilith<\/div><div class=\"iwg-wesen-card-arrow\">\u2192 A l&#039;\u00e9sser<\/div><\/div><\/a><a class=\"iwg-wesen-card\" href=\"https:\/\/iwell-guard.com\/ca\/mahr\/\" aria-label=\"Mahr\"><div class=\"iwg-wesen-card-imgwrap\"><img decoding=\"async\" src=\"https:\/\/iwell-guard.com\/wp-content\/uploads\/2026\/04\/geister_germanisch_mahr-200x300.webp\" alt=\"Mahr\" loading=\"lazy\"><\/div><div class=\"iwg-wesen-card-body\"><div class=\"iwg-wesen-card-name\">Mahr<\/div><div class=\"iwg-wesen-card-arrow\">\u2192 A l&#039;\u00e9sser<\/div><\/div><\/a><a class=\"iwg-wesen-card\" href=\"https:\/\/iwell-guard.com\/ca\/pishacha\/\" aria-label=\"Pishacha\"><div class=\"iwg-wesen-card-imgwrap\"><img decoding=\"async\" src=\"https:\/\/iwell-guard.com\/wp-content\/uploads\/2026\/04\/daemonen_hinduismus_pishacha-200x300.webp\" alt=\"Pishacha\" loading=\"lazy\"><\/div><div class=\"iwg-wesen-card-body\"><div class=\"iwg-wesen-card-name\">Pishacha<\/div><div class=\"iwg-wesen-card-arrow\">\u2192 A l&#039;\u00e9sser<\/div><\/div><\/a><a class=\"iwg-wesen-card\" href=\"https:\/\/iwell-guard.com\/ca\/rabisu\/\" aria-label=\"Rabisu\"><div class=\"iwg-wesen-card-imgwrap\"><img decoding=\"async\" src=\"https:\/\/iwell-guard.com\/wp-content\/uploads\/2026\/04\/daemonen_mesopotamien_rabisu-200x300.webp\" alt=\"Rabisu\" loading=\"lazy\"><\/div><div class=\"iwg-wesen-card-body\"><div class=\"iwg-wesen-card-name\">Rabisu<\/div><div class=\"iwg-wesen-card-arrow\">\u2192 A l&#039;\u00e9sser<\/div><\/div><\/a><a class=\"iwg-wesen-card\" href=\"https:\/\/iwell-guard.com\/ca\/striga\/\" aria-label=\"Striga\"><div class=\"iwg-wesen-card-imgwrap\"><img decoding=\"async\" src=\"https:\/\/iwell-guard.com\/wp-content\/uploads\/2026\/04\/geister_rom_striga-200x300.webp\" alt=\"Striga\" loading=\"lazy\"><\/div><div class=\"iwg-wesen-card-body\"><div class=\"iwg-wesen-card-name\">Striga<\/div><div class=\"iwg-wesen-card-arrow\">\u2192 A l&#039;\u00e9sser<\/div><\/div><\/a><\/div>\t\t\t\t\t\t\t\t<\/div>\n\t\t\t\t<\/div>\n\t\t\t\t\t<\/div>\n\t\t\t\t<\/div>\n\t\t<div class=\"elementor-element elementor-element-iwgkw2-add-kinderdaemonen e-flex e-con-boxed e-con e-parent\" data-id=\"iwgkw2-add-kinderdaemonen\" data-element_type=\"container\" data-e-type=\"container\">\n\t\t\t\t\t<div class=\"e-con-inner\">\n\t\t\t\t<div class=\"elementor-element elementor-element-iwgkw2-add-kinderdaemonen-t elementor-widget elementor-widget-text-editor\" data-id=\"iwgkw2-add-kinderdaemonen-t\" data-element_type=\"widget\" data-e-type=\"widget\" data-widget_type=\"text-editor.default\">\n\t\t\t\t\t\t\t\t\t<p>Ja en textos d&#8217;encantament de l&#8217;Orient Antic, les f\u00f3rmules protectores s&#8217;adrecen espec\u00edficament a les <strong>dones embarassades<\/strong>, ja que els seus fills, tant els no nascuts com els nadons, es consideraven especialment vulnerables als poders demon\u00edacs.<\/p>\t\t\t\t\t\t\t\t<\/div>\n\t\t\t\t\t<\/div>\n\t\t\t\t<\/div>\n\t\t<div class=\"elementor-element elementor-element-iwgce-kind-sec e-flex e-con-boxed e-con e-parent\" data-id=\"iwgce-kind-sec\" data-element_type=\"container\" data-e-type=\"container\" id=\"iwg-ce-kinderdaemonen\">\n\t\t\t\t\t<div class=\"e-con-inner\">\n\t\t<div class=\"elementor-element elementor-element-iwgce-kind-inner e-flex e-con-boxed e-con e-parent\" data-id=\"iwgce-kind-inner\" data-element_type=\"container\" data-e-type=\"container\" data-settings=\"{&quot;background_background&quot;:&quot;classic&quot;}\">\n\t\t\t\t\t<div class=\"e-con-inner\">\n\t\t\t\t<div class=\"elementor-element elementor-element-iwgce-kind-h iwg-ce-heading elementor-widget elementor-widget-heading\" data-id=\"iwgce-kind-h\" data-element_type=\"widget\" data-e-type=\"widget\" data-widget_type=\"heading.default\">\n\t\t\t\t\t<h2 class=\"elementor-heading-title elementor-size-default\">iWell Guard i tradicions de protecci\u00f3<\/h2>\t\t\t\t<\/div>\n\t\t\t\t<div class=\"elementor-element elementor-element-iwgce-kind-t iwg-ce-intro elementor-widget elementor-widget-text-editor\" data-id=\"iwgce-kind-t\" data-element_type=\"widget\" data-e-type=\"widget\" data-widget_type=\"text-editor.default\">\n\t\t\t\t\t\t\t\t\t<p>Els dimonis infantils documentats aqu\u00ed, aix\u00ed com les pr\u00e0ctiques de protecci\u00f3 hist\u00f2ricament atestades, constitueixen una classificaci\u00f3 cient\u00edfica.<\/p><div data-nosnippet=\"true\"><p>iWell Guard s&#8217;inscriu en la l\u00ednia mil\u00b7len\u00e0ria dels objectes de protecci\u00f3 port\u00e0tils, des dels penjolls de <a href=\"https:\/\/iwell-guard.com\/ca\/pazuzu\/\">Pazuzu<\/a> a Mesopot\u00e0mia, passant per amulets de <a href=\"https:\/\/iwell-guard.com\/ca\/?page_id=171650\">Hamsa<\/a> i de <a href=\"https:\/\/iwell-guard.com\/ca\/?page_id=171654\">mal d&#8217;ull<\/a> a la Mediterr\u00e0nia, fins a la <a href=\"https:\/\/iwell-guard.com\/ca\/?page_id=171652\">Mezuz\u00e0<\/a> als marcs de les portes jueves i les medalles de protecci\u00f3 cristianes.<\/p><\/div><div data-nosnippet=\"true\"><p>Una forma contempor\u00e0nia d&#8217;aquesta tradici\u00f3, fabricada a Alemanya, amb una arquitectura de materials clarament documentada (41 capes, or de veritat, plat\u00ed, plata). Dret de devoluci\u00f3 de 30 dies.<\/p><\/div>\t\t\t\t\t\t\t\t<\/div>\n\t\t\t\t<div class=\"elementor-element elementor-element-iwgce-kind-b iwg-ce-button iwg-ce-cta-2026-05-12 elementor-widget elementor-widget-jet-button\" data-id=\"iwgce-kind-b\" data-element_type=\"widget\" data-e-type=\"widget\" data-widget_type=\"jet-button.default\">\n\t\t\t\t<div class=\"elementor-widget-container\">\n\t\t\t\t\t<div class=\"elementor-jet-button jet-elements\"><div class=\"jet-button__container\"><a class=\"jet-button__instance jet-button__instance--icon-left hover-effect-1\" href=\"\/schutzanhaenger-iwell-guard-kaufen\/\"><div class=\"jet-button__plane jet-button__plane-normal\"><\/div><div class=\"jet-button__plane jet-button__plane-hover\"><\/div><div class=\"jet-button__state jet-button__state-normal\"><span class=\"jet-button__label\">M\u00e9s informaci\u00f3 sobre l'iWell Guard<\/span><\/div><div class=\"jet-button__state jet-button__state-hover\"><span class=\"jet-button__label\">M\u00e9s informaci\u00f3 sobre l'iWell Guard<\/span><\/div><\/a><\/div><\/div><style>.elementor-element.elementor-element-iwgce-kind-b .jet-button__instance{width:320px;height:56px;}.elementor-element.elementor-element-iwgce-kind-b .jet-button__state-normal .jet-button__label{text-align:center;margin:0px 0px 0px 0px;color:#1a1b20;font-family:Montserrat,sans-serif;font-size:13px;font-weight:400;letter-spacing:4px;line-height:1.714em;text-transform:uppercase;}.elementor-element.elementor-element-iwgce-kind-b .jet-button__state-hover .jet-button__label{text-align:center;margin:0px 0px 0px 0px;color:#FECC76;font-family:Montserrat,sans-serif;font-size:13px;font-weight:400;letter-spacing:4px;line-height:1.714em;text-transform:uppercase;}.elementor-element.elementor-element-iwgce-kind-b .jet-button__plane-normal{background-color:#FECC76;border-style:solid;border-color:#C99540;border-width:2px 2px 2px 2px;}.elementor-element.elementor-element-iwgce-kind-b .jet-button__plane-hover{background-color:rgba(0,0,0,0.55);border-style:solid;border-color:#FECC76;border-width:2px 2px 2px 2px;}<\/style>\t\t\t\t<\/div>\n\t\t\t\t<\/div>\n\t\t\t\t<div class=\"elementor-element elementor-element-iwgce-kind-d iwg-ce-disclaimer elementor-widget elementor-widget-text-editor\" data-id=\"iwgce-kind-d\" data-element_type=\"widget\" data-e-type=\"widget\" data-widget_type=\"text-editor.default\">\n\t\t\t\t\t\t\t\t\t<div data-nosnippet=\"true\"><p style=\"text-align:center;font-size:13px;opacity:0.7;margin-top:14px\" data-nosnippet=\"true\">No \u00e9s un producte m\u00e8dic. No hi ha promesa de curaci\u00f3. Les percepcions personals poden variar.<\/p><\/div>\t\t\t\t\t\t\t\t<\/div>\n\t\t\t\t\t<\/div>\n\t\t\t\t<\/div>\n\t\t\t\t\t<\/div>\n\t\t\t\t<\/div>\n\t\t\t\t<\/div>\n\t\t","protected":false},"excerpt":{"rendered":"","protected":false},"author":3,"featured_media":2313,"parent":0,"menu_order":0,"comment_status":"closed","ping_status":"closed","template":"","meta":{"_yoast_wpseo_focuskw":"kinderdaemonen","_yoast_wpseo_title":"Dimonis infantils \u2013 Dones embarassades i nadons","_yoast_wpseo_metadesc":"Dimonis que s'adrecen contra dones embarassades, pu\u00e8rperes o nadons: Lamashtu, Lilith, Empusa, Gello, esperits de la cambra de part.","_yoast_wpseo_meta-robots-noindex":"","_yoast_wpseo_canonical":"","_angie_page":false,"gefaehrdungsstufe":"","wesen_kultur":"","wesen_klasse":"","footnotes":""},"categories":[],"class_list":["post-171497","page","type-page","status-publish","has-post-thumbnail","hentry"],"yoast_head":"<!-- This site is optimized with the Yoast SEO Premium plugin v27.7 (Yoast SEO v28.3) - https:\/\/yoast.com\/product\/yoast-seo-premium-wordpress\/ -->\n<title>Dimonis infantils \u2013 Dones embarassades i nadons<\/title>\n<meta name=\"description\" content=\"Dimonis que s&#039;adrecen contra dones embarassades, pu\u00e8rperes o nadons: Lamashtu, Lilith, Empusa, Gello, esperits de la cambra de part.\" \/>\n<meta name=\"robots\" content=\"index, follow, max-snippet:-1, max-image-preview:large, max-video-preview:-1\" \/>\n<link rel=\"canonical\" href=\"https:\/\/iwell-guard.com\/ca\/dimonis-infantils\/\" \/>\n<meta property=\"og:locale\" content=\"ca_ES\" \/>\n<meta property=\"og:type\" content=\"article\" \/>\n<meta property=\"og:title\" content=\"Kinderdaemonen\" \/>\n<meta property=\"og:description\" content=\"Dimonis que s&#039;adrecen contra dones embarassades, pu\u00e8rperes o nadons: Lamashtu, Lilith, Empusa, Gello, esperits de la cambra de part.\" \/>\n<meta property=\"og:url\" content=\"https:\/\/iwell-guard.com\/ca\/dimonis-infantils\/\" \/>\n<meta property=\"og:site_name\" content=\"iWell Guard\" \/>\n<meta property=\"article:modified_time\" content=\"2026-09-05T15:59:13+00:00\" \/>\n<meta property=\"og:image\" content=\"https:\/\/iwell-guard.com\/wp-content\/uploads\/2026\/05\/geister_kinderdaemonen.webp\" \/>\n\t<meta property=\"og:image:width\" content=\"1024\" \/>\n\t<meta property=\"og:image:height\" content=\"1536\" \/>\n\t<meta property=\"og:image:type\" content=\"image\/webp\" \/>\n<meta name=\"twitter:card\" content=\"summary_large_image\" \/>\n<script type=\"application\/ld+json\" class=\"yoast-schema-graph\">{\"@context\":\"https:\\\/\\\/schema.org\",\"@graph\":[{\"@type\":\"WebPage\",\"@id\":\"https:\\\/\\\/iwell-guard.com\\\/ca\\\/dimonis-infantils\\\/\",\"url\":\"https:\\\/\\\/iwell-guard.com\\\/ca\\\/dimonis-infantils\\\/\",\"name\":\"Dimonis infantils \u2013 Dones embarassades i nadons\",\"isPartOf\":{\"@id\":\"https:\\\/\\\/iwell-guard.com\\\/ca\\\/#website\"},\"primaryImageOfPage\":{\"@id\":\"https:\\\/\\\/iwell-guard.com\\\/ca\\\/dimonis-infantils\\\/#primaryimage\"},\"image\":{\"@id\":\"https:\\\/\\\/iwell-guard.com\\\/ca\\\/dimonis-infantils\\\/#primaryimage\"},\"thumbnailUrl\":\"https:\\\/\\\/iwell-guard.com\\\/wp-content\\\/uploads\\\/2026\\\/05\\\/geister_kinderdaemonen.webp\",\"datePublished\":\"2026-09-05T15:39:52+00:00\",\"dateModified\":\"2026-09-05T15:59:13+00:00\",\"description\":\"Dimonis que s'adrecen contra dones embarassades, pu\u00e8rperes o nadons: Lamashtu, Lilith, Empusa, Gello, esperits de la cambra de part.\",\"breadcrumb\":{\"@id\":\"https:\\\/\\\/iwell-guard.com\\\/ca\\\/dimonis-infantils\\\/#breadcrumb\"},\"inLanguage\":\"ca\",\"potentialAction\":[{\"@type\":\"ReadAction\",\"target\":[\"https:\\\/\\\/iwell-guard.com\\\/ca\\\/dimonis-infantils\\\/\"]}]},{\"@type\":\"ImageObject\",\"inLanguage\":\"ca\",\"@id\":\"https:\\\/\\\/iwell-guard.com\\\/ca\\\/dimonis-infantils\\\/#primaryimage\",\"url\":\"https:\\\/\\\/iwell-guard.com\\\/wp-content\\\/uploads\\\/2026\\\/05\\\/geister_kinderdaemonen.webp\",\"contentUrl\":\"https:\\\/\\\/iwell-guard.com\\\/wp-content\\\/uploads\\\/2026\\\/05\\\/geister_kinderdaemonen.webp\",\"width\":1024,\"height\":1536,\"caption\":\"Dimonis infantils \u2014 Dimonis del puerperi i dels nadons\"},{\"@type\":\"BreadcrumbList\",\"@id\":\"https:\\\/\\\/iwell-guard.com\\\/ca\\\/dimonis-infantils\\\/#breadcrumb\",\"itemListElement\":[{\"@type\":\"ListItem\",\"position\":1,\"name\":\"Start\",\"item\":\"https:\\\/\\\/iwell-guard.com\\\/ca\\\/?page_id=171333\"},{\"@type\":\"ListItem\",\"position\":2,\"name\":\"Kinderdaemonen\"}]},{\"@type\":\"WebSite\",\"@id\":\"https:\\\/\\\/iwell-guard.com\\\/ca\\\/#website\",\"url\":\"https:\\\/\\\/iwell-guard.com\\\/ca\\\/\",\"name\":\"iWell Guard\",\"description\":\"Schutz vor dunklen Einfl\u00fcssen\",\"publisher\":{\"@id\":\"https:\\\/\\\/iwell-guard.com\\\/ca\\\/#organization\"},\"potentialAction\":[{\"@type\":\"SearchAction\",\"target\":{\"@type\":\"EntryPoint\",\"urlTemplate\":\"https:\\\/\\\/iwell-guard.com\\\/ca\\\/?s={search_term_string}\"},\"query-input\":{\"@type\":\"PropertyValueSpecification\",\"valueRequired\":true,\"valueName\":\"search_term_string\"}}],\"inLanguage\":\"ca\"},{\"@type\":\"Organization\",\"@id\":\"https:\\\/\\\/iwell-guard.com\\\/ca\\\/#organization\",\"name\":\"Ittermann electronic GmbH\",\"url\":\"https:\\\/\\\/iwell-guard.com\\\/ca\\\/\",\"logo\":{\"@type\":\"ImageObject\",\"inLanguage\":\"ca\",\"@id\":\"https:\\\/\\\/iwell-guard.com\\\/ca\\\/#\\\/schema\\\/logo\\\/image\\\/\",\"url\":\"https:\\\/\\\/iwell-guard.com\\\/wp-content\\\/uploads\\\/2026\\\/05\\\/Ittermann-Logo-1182x237-1.png\",\"contentUrl\":\"https:\\\/\\\/iwell-guard.com\\\/wp-content\\\/uploads\\\/2026\\\/05\\\/Ittermann-Logo-1182x237-1.png\",\"width\":1182,\"height\":237,\"caption\":\"Ittermann electronic GmbH\"},\"image\":{\"@id\":\"https:\\\/\\\/iwell-guard.com\\\/ca\\\/#\\\/schema\\\/logo\\\/image\\\/\"},\"sameAs\":[\"https:\\\/\\\/pantip.com\\\/profile\\\/9367242\",\"https:\\\/\\\/micro.blog\\\/iwellguard\",\"https:\\\/\\\/www.diggerslist.com\\\/iwellguard\\\/about\",\"https:\\\/\\\/skitterphoto.com\\\/photographers\\\/2870314\\\/iwell-guard\",\"https:\\\/\\\/iwellguard.wordpress.com\\\/2026\\\/06\\\/06\\\/iwell-guard\\\/\",\"https:\\\/\\\/hub.docker.com\\\/u\\\/iwellguard\",\"https:\\\/\\\/www.pinterest.com\\\/iwellguard\\\/\",\"https:\\\/\\\/bit.ly\\\/m\\\/iwellguard\",\"https:\\\/\\\/entre-vos-mains.alsace.eu\\\/profiles\\\/iwellguard\\\/activity\",\"https:\\\/\\\/gravatar.com\\\/reallybeded8fd34\",\"https:\\\/\\\/naijamatta.com\\\/iwellguard\",\"https:\\\/\\\/www.goodreads.com\\\/iwellguard\",\"https:\\\/\\\/profile.hatena.ne.jp\\\/iwellguard\\\/\",\"https:\\\/\\\/experiment.com\\\/users\\\/iwellguard\",\"https:\\\/\\\/wakelet.com\\\/@iWellGuard82270\",\"https:\\\/\\\/www.chordie.com\\\/forum\\\/profile.php?id=2555664\",\"https:\\\/\\\/www.instapaper.com\\\/p\\\/17757966\",\"https:\\\/\\\/www.mapleprimes.com\\\/users\\\/iwellguard\",\"https:\\\/\\\/businesslistingplus.com\\\/profile\\\/iwell-guard\\\/\",\"https:\\\/\\\/telegra.ph\\\/iWell-Guard-06-06\",\"https:\\\/\\\/pbase.com\\\/iwellguard\\\/iwellguard\",\"https:\\\/\\\/b.hatena.ne.jp\\\/iwellguard\\\/20260607#bookmark-4788405196491818882\",\"https:\\\/\\\/fliphtml5.com\\\/home\\\/iwellguard\",\"https:\\\/\\\/anyflip.com\\\/homepage\\\/cmiwl#About\",\"https:\\\/\\\/transfur.com\\\/Users\\\/iwellguard\",\"http:\\\/\\\/delphi.larsbo.org\\\/user\\\/iwellguard\",\"https:\\\/\\\/jobs.lajobsportal.org\\\/profiles\\\/8380803-iwell-guard\",\"https:\\\/\\\/md.chaosdorf.de\\\/s\\\/jfbe5SBdJD\",\"https:\\\/\\\/www.lingvolive.com\\\/en-us\\\/profile\\\/9ecaeaca-ce11-4e51-9e71-01d55e2bff36\\\/translations\",\"https:\\\/\\\/www.fitday.com\\\/fitness\\\/forums\\\/members\\\/iwellguard.html\",\"https:\\\/\\\/www.mymeetbook.com\\\/iwellguard\",\"https:\\\/\\\/pxhere.com\\\/en\\\/photographer-me\\\/5040798\",\"https:\\\/\\\/disqus.com\\\/by\\\/iwellguard\\\/about\\\/\",\"https:\\\/\\\/pastelink.net\\\/hjwciqwq\",\"https:\\\/\\\/pubhtml5.com\\\/homepage\\\/scjhn\\\/\",\"https:\\\/\\\/www.bitchute.com\\\/channel\\\/2O2eOKzNqujT\",\"https:\\\/\\\/audiomack.com\\\/iwellguard\"]}]}<\/script>\n<!-- \/ Yoast SEO Premium plugin. -->","yoast_head_json":{"title":"Dimonis infantils \u2013 Dones embarassades i nadons","description":"Dimonis que s'adrecen contra dones embarassades, pu\u00e8rperes o nadons: Lamashtu, Lilith, Empusa, Gello, esperits de la cambra de part.","robots":{"index":"index","follow":"follow","max-snippet":"max-snippet:-1","max-image-preview":"max-image-preview:large","max-video-preview":"max-video-preview:-1"},"canonical":"https:\/\/iwell-guard.com\/ca\/dimonis-infantils\/","og_locale":"ca_ES","og_type":"article","og_title":"Kinderdaemonen","og_description":"Dimonis que s'adrecen contra dones embarassades, pu\u00e8rperes o nadons: Lamashtu, Lilith, Empusa, Gello, esperits de la cambra de part.","og_url":"https:\/\/iwell-guard.com\/ca\/dimonis-infantils\/","og_site_name":"iWell Guard","article_modified_time":"2026-09-05T15:59:13+00:00","og_image":[{"width":1024,"height":1536,"url":"https:\/\/iwell-guard.com\/wp-content\/uploads\/2026\/05\/geister_kinderdaemonen.webp","type":"image\/webp"}],"twitter_card":"summary_large_image","schema":{"@context":"https:\/\/schema.org","@graph":[{"@type":"WebPage","@id":"https:\/\/iwell-guard.com\/ca\/dimonis-infantils\/","url":"https:\/\/iwell-guard.com\/ca\/dimonis-infantils\/","name":"Dimonis infantils \u2013 Dones embarassades i nadons","isPartOf":{"@id":"https:\/\/iwell-guard.com\/ca\/#website"},"primaryImageOfPage":{"@id":"https:\/\/iwell-guard.com\/ca\/dimonis-infantils\/#primaryimage"},"image":{"@id":"https:\/\/iwell-guard.com\/ca\/dimonis-infantils\/#primaryimage"},"thumbnailUrl":"https:\/\/iwell-guard.com\/wp-content\/uploads\/2026\/05\/geister_kinderdaemonen.webp","datePublished":"2026-09-05T15:39:52+00:00","dateModified":"2026-09-05T15:59:13+00:00","description":"Dimonis que s'adrecen contra dones embarassades, pu\u00e8rperes o nadons: Lamashtu, Lilith, Empusa, Gello, esperits de la cambra de part.","breadcrumb":{"@id":"https:\/\/iwell-guard.com\/ca\/dimonis-infantils\/#breadcrumb"},"inLanguage":"ca","potentialAction":[{"@type":"ReadAction","target":["https:\/\/iwell-guard.com\/ca\/dimonis-infantils\/"]}]},{"@type":"ImageObject","inLanguage":"ca","@id":"https:\/\/iwell-guard.com\/ca\/dimonis-infantils\/#primaryimage","url":"https:\/\/iwell-guard.com\/wp-content\/uploads\/2026\/05\/geister_kinderdaemonen.webp","contentUrl":"https:\/\/iwell-guard.com\/wp-content\/uploads\/2026\/05\/geister_kinderdaemonen.webp","width":1024,"height":1536,"caption":"Dimonis infantils \u2014 Dimonis del puerperi i dels nadons"},{"@type":"BreadcrumbList","@id":"https:\/\/iwell-guard.com\/ca\/dimonis-infantils\/#breadcrumb","itemListElement":[{"@type":"ListItem","position":1,"name":"Start","item":"https:\/\/iwell-guard.com\/ca\/?page_id=171333"},{"@type":"ListItem","position":2,"name":"Kinderdaemonen"}]},{"@type":"WebSite","@id":"https:\/\/iwell-guard.com\/ca\/#website","url":"https:\/\/iwell-guard.com\/ca\/","name":"iWell Guard","description":"Schutz vor dunklen Einfl\u00fcssen","publisher":{"@id":"https:\/\/iwell-guard.com\/ca\/#organization"},"potentialAction":[{"@type":"SearchAction","target":{"@type":"EntryPoint","urlTemplate":"https:\/\/iwell-guard.com\/ca\/?s={search_term_string}"},"query-input":{"@type":"PropertyValueSpecification","valueRequired":true,"valueName":"search_term_string"}}],"inLanguage":"ca"},{"@type":"Organization","@id":"https:\/\/iwell-guard.com\/ca\/#organization","name":"Ittermann electronic GmbH","url":"https:\/\/iwell-guard.com\/ca\/","logo":{"@type":"ImageObject","inLanguage":"ca","@id":"https:\/\/iwell-guard.com\/ca\/#\/schema\/logo\/image\/","url":"https:\/\/iwell-guard.com\/wp-content\/uploads\/2026\/05\/Ittermann-Logo-1182x237-1.png","contentUrl":"https:\/\/iwell-guard.com\/wp-content\/uploads\/2026\/05\/Ittermann-Logo-1182x237-1.png","width":1182,"height":237,"caption":"Ittermann electronic GmbH"},"image":{"@id":"https:\/\/iwell-guard.com\/ca\/#\/schema\/logo\/image\/"},"sameAs":["https:\/\/pantip.com\/profile\/9367242","https:\/\/micro.blog\/iwellguard","https:\/\/www.diggerslist.com\/iwellguard\/about","https:\/\/skitterphoto.com\/photographers\/2870314\/iwell-guard","https:\/\/iwellguard.wordpress.com\/2026\/06\/06\/iwell-guard\/","https:\/\/hub.docker.com\/u\/iwellguard","https:\/\/www.pinterest.com\/iwellguard\/","https:\/\/bit.ly\/m\/iwellguard","https:\/\/entre-vos-mains.alsace.eu\/profiles\/iwellguard\/activity","https:\/\/gravatar.com\/reallybeded8fd34","https:\/\/naijamatta.com\/iwellguard","https:\/\/www.goodreads.com\/iwellguard","https:\/\/profile.hatena.ne.jp\/iwellguard\/","https:\/\/experiment.com\/users\/iwellguard","https:\/\/wakelet.com\/@iWellGuard82270","https:\/\/www.chordie.com\/forum\/profile.php?id=2555664","https:\/\/www.instapaper.com\/p\/17757966","https:\/\/www.mapleprimes.com\/users\/iwellguard","https:\/\/businesslistingplus.com\/profile\/iwell-guard\/","https:\/\/telegra.ph\/iWell-Guard-06-06","https:\/\/pbase.com\/iwellguard\/iwellguard","https:\/\/b.hatena.ne.jp\/iwellguard\/20260607#bookmark-4788405196491818882","https:\/\/fliphtml5.com\/home\/iwellguard","https:\/\/anyflip.com\/homepage\/cmiwl#About","https:\/\/transfur.com\/Users\/iwellguard","http:\/\/delphi.larsbo.org\/user\/iwellguard","https:\/\/jobs.lajobsportal.org\/profiles\/8380803-iwell-guard","https:\/\/md.chaosdorf.de\/s\/jfbe5SBdJD","https:\/\/www.lingvolive.com\/en-us\/profile\/9ecaeaca-ce11-4e51-9e71-01d55e2bff36\/translations","https:\/\/www.fitday.com\/fitness\/forums\/members\/iwellguard.html","https:\/\/www.mymeetbook.com\/iwellguard","https:\/\/pxhere.com\/en\/photographer-me\/5040798","https:\/\/disqus.com\/by\/iwellguard\/about\/","https:\/\/pastelink.net\/hjwciqwq","https:\/\/pubhtml5.com\/homepage\/scjhn\/","https:\/\/www.bitchute.com\/channel\/2O2eOKzNqujT","https:\/\/audiomack.com\/iwellguard"]}]}},"_links":{"self":[{"href":"https:\/\/iwell-guard.com\/ca\/wp-json\/wp\/v2\/pages\/171497","targetHints":{"allow":["GET"]}}],"collection":[{"href":"https:\/\/iwell-guard.com\/ca\/wp-json\/wp\/v2\/pages"}],"about":[{"href":"https:\/\/iwell-guard.com\/ca\/wp-json\/wp\/v2\/types\/page"}],"author":[{"embeddable":true,"href":"https:\/\/iwell-guard.com\/ca\/wp-json\/wp\/v2\/users\/3"}],"replies":[{"embeddable":true,"href":"https:\/\/iwell-guard.com\/ca\/wp-json\/wp\/v2\/comments?post=171497"}],"version-history":[{"count":0,"href":"https:\/\/iwell-guard.com\/ca\/wp-json\/wp\/v2\/pages\/171497\/revisions"}],"wp:featuredmedia":[{"embeddable":true,"href":"https:\/\/iwell-guard.com\/ca\/wp-json\/wp\/v2\/media\/2313"}],"wp:attachment":[{"href":"https:\/\/iwell-guard.com\/ca\/wp-json\/wp\/v2\/media?parent=171497"}],"wp:term":[{"taxonomy":"category","embeddable":true,"href":"https:\/\/iwell-guard.com\/ca\/wp-json\/wp\/v2\/categories?post=171497"}],"curies":[{"name":"wp","href":"https:\/\/api.w.org\/{rel}","templated":true}]}}