{"id":171491,"date":"2026-09-05T15:39:49","date_gmt":"2026-09-05T15:39:49","guid":{"rendered":"https:\/\/iwell-guard.com\/?page_id=171491"},"modified":"2026-09-05T15:59:05","modified_gmt":"2026-09-05T15:59:05","slug":"magia-de-lombra","status":"publish","type":"page","link":"https:\/\/iwell-guard.com\/ca\/magia-de-lombra\/","title":{"rendered":"M\u00e0gia de l&#8217;ombra"},"content":{"rendered":"\t\t<div data-elementor-type=\"wp-page\" data-elementor-id=\"171491\" class=\"elementor elementor-171491 elementor-1942 elementor-bc-flex-widget\" data-elementor-post-type=\"page\">\n\t\t\t\t<div class=\"elementor-element elementor-element-am-schatt-hero e-flex e-con-boxed e-con e-parent\" data-id=\"am-schatt-hero\" data-element_type=\"container\" data-e-type=\"container\" data-settings=\"{&quot;background_background&quot;:&quot;classic&quot;}\">\n\t\t\t\t\t<div class=\"e-con-inner\">\n\t\t<div class=\"elementor-element elementor-element-am-schatt-herohl e-flex e-con-boxed e-con e-child\" data-id=\"am-schatt-herohl\" data-element_type=\"container\" data-e-type=\"container\">\n\t\t\t\t\t<div class=\"e-con-inner\">\n\t\t<div class=\"elementor-element elementor-element-am-schatt-c3ceb6 e-con-full e-flex e-con e-child\" data-id=\"am-schatt-c3ceb6\" data-element_type=\"container\" data-e-type=\"container\">\n\t\t\t\t<div class=\"elementor-element elementor-element-am-schatt-96ae5e elementor-widget elementor-widget-heading\" data-id=\"am-schatt-96ae5e\" data-element_type=\"widget\" data-e-type=\"widget\" data-widget_type=\"heading.default\">\n\t\t\t\t\t<h1 class=\"elementor-heading-title elementor-size-default\">M\u00e0gia de l'ombra, pr\u00e0ctica m\u00e0gica<\/h1>\t\t\t\t<\/div>\n\t\t\t\t<div class=\"elementor-element elementor-element-am-schatt-e45238 elementor-widget elementor-widget-text-editor\" data-id=\"am-schatt-e45238\" data-element_type=\"widget\" data-e-type=\"widget\" data-widget_type=\"text-editor.default\">\n\t\t\t\t\t\t\t\t\t<p>Aquesta <strong>panor\u00e0mica<\/strong> aplega pr\u00e0ctiques m\u00e0giques que treballen amb l&#8217;ombra, l&#8217;ocult i l&#8217;inconscient.<\/p><p>La m\u00e0gia de l&#8217;ombra \u00e9s una pr\u00e0ctica oculta que utilitza l&#8217;ombra com a mitj\u00e0 d&#8217;acci\u00f3 o objecte m\u00e0gic, basada en doctrines animistes de l&#8217;\u00e0nima, conceptes grecoromans de la psique i tradicions de teatre d&#8217;ombres del sud-est asi\u00e0tic. Els testimonis provenen de papirs m\u00e0gics egipcis, tradicions bruixesques europees i sistemes neopagans moderns.<\/p><p>Opera entre la simbologia psicol\u00f2gica i el reconeixement ontol\u00f2gic de l&#8217;ombra com a entitat pr\u00f2pia o subst\u00e0ncia m\u00e0gica amb capacitat d&#8217;acci\u00f3. L&#8217;aplicaci\u00f3 m\u00e0gica es basa en conceptes d&#8217;\u00e0nima, doble i connexi\u00f3 oculta amb la subst\u00e0ncia.<\/p>\t\t\t\t\t\t\t\t<\/div>\n\t\t\t\t<\/div>\n\t\t<div class=\"elementor-element elementor-element-am-schatt-klsbdg e-con-full e-flex e-con e-parent\" data-id=\"am-schatt-klsbdg\" data-element_type=\"container\" data-e-type=\"container\">\n\t\t\t\t<div class=\"elementor-element elementor-element-am-schatt-klshtm elementor-widget elementor-widget-html\" data-id=\"am-schatt-klshtm\" data-element_type=\"widget\" data-e-type=\"widget\" data-widget_type=\"html.default\">\n\t\t\t\t\t<div class=\"iwg-pill-row\"><span class=\"iwg-klasse-badge\" tabindex=\"0\" data-tooltip=\"Pr\u00e0ctica: acci\u00f3 ritual, m\u00e0gica o espiritual amb un objectiu definit, protecci\u00f3, dany, efecte amor\u00f3s, contacte amb \u00e9ssers o camps d'informaci\u00f3 c\u00f2smics. Documentada hist\u00f2ricament des de l'edat del bronze.\">Pr\u00e0ctica<\/span><span class=\"iwg-kultur-badge\" tabindex=\"0\" data-tooltip=\"Fenomen transcultural, documentat en diverses cultures amb estructures afins.\">Transversal<\/span><\/div>\t\t\t\t<\/div>\n\t\t\t\t<\/div>\n\t\t<div class=\"elementor-element elementor-element-am-schatt-3f7485 e-con-full e-flex e-con e-child\" data-id=\"am-schatt-3f7485\" data-element_type=\"container\" data-e-type=\"container\">\n\t\t\t\t<div class=\"elementor-element elementor-element-am-schatt-1c3036 elementor-toc--minimized-on-tablet elementor-widget elementor-widget-table-of-contents\" data-id=\"am-schatt-1c3036\" data-element_type=\"widget\" data-e-type=\"widget\" data-settings=\"{&quot;exclude_headings_by_selector&quot;:[],&quot;no_headings_message&quot;:&quot;No s&#039;ha trobat cap encap\\u00e7alament en aquesta p\\u00e0gina.&quot;,&quot;headings_by_tags&quot;:[&quot;h2&quot;,&quot;h3&quot;],&quot;marker_view&quot;:&quot;bullets&quot;,&quot;minimize_box&quot;:&quot;yes&quot;,&quot;icon&quot;:{&quot;value&quot;:&quot;fas fa-circle&quot;,&quot;library&quot;:&quot;fa-solid&quot;,&quot;rendered_tag&quot;:&quot;&lt;svg class=\\&quot;e-font-icon-svg e-fas-circle\\&quot; viewBox=\\&quot;0 0 512 512\\&quot; xmlns=\\&quot;http:\\\/\\\/www.w3.org\\\/2000\\\/svg\\&quot;&gt;&lt;path d=\\&quot;M256 8C119 8 8 119 8 256s111 248 248 248 248-111 248-248S393 8 256 8z\\&quot;&gt;&lt;\\\/path&gt;&lt;\\\/svg&gt;&quot;},&quot;minimized_on&quot;:&quot;tablet&quot;,&quot;hierarchical_view&quot;:&quot;yes&quot;,&quot;min_height&quot;:{&quot;unit&quot;:&quot;px&quot;,&quot;size&quot;:&quot;&quot;,&quot;sizes&quot;:[]},&quot;min_height_tablet&quot;:{&quot;unit&quot;:&quot;px&quot;,&quot;size&quot;:&quot;&quot;,&quot;sizes&quot;:[]},&quot;min_height_mobile&quot;:{&quot;unit&quot;:&quot;px&quot;,&quot;size&quot;:&quot;&quot;,&quot;sizes&quot;:[]}}\" data-widget_type=\"table-of-contents.default\">\n\t\t\t\t\t\t\t\t\t<div class=\"elementor-toc__header\">\n\t\t\t\t\t\t<h2 class=\"elementor-toc__header-title\">\n\t\t\t\t\u00cdndex\t\t\t<\/h2>\n\t\t\t\t\t\t\t\t\t\t<div class=\"elementor-toc__toggle-button elementor-toc__toggle-button--expand\" role=\"button\" tabindex=\"0\" aria-controls=\"elementor-toc__am-schatt-1c3036\" aria-expanded=\"true\" aria-label=\"Open table of contents\"><svg aria-hidden=\"true\" class=\"e-font-icon-svg e-fas-chevron-down\" viewBox=\"0 0 448 512\" xmlns=\"http:\/\/www.w3.org\/2000\/svg\"><path d=\"M207.029 381.476L12.686 187.132c-9.373-9.373-9.373-24.569 0-33.941l22.667-22.667c9.357-9.357 24.522-9.375 33.901-.04L224 284.505l154.745-154.021c9.379-9.335 24.544-9.317 33.901.04l22.667 22.667c9.373 9.373 9.373 24.569 0 33.941L240.971 381.476c-9.373 9.372-24.569 9.372-33.942 0z\"><\/path><\/svg><\/div>\n\t\t\t\t<div class=\"elementor-toc__toggle-button elementor-toc__toggle-button--collapse\" role=\"button\" tabindex=\"0\" aria-controls=\"elementor-toc__am-schatt-1c3036\" aria-expanded=\"true\" aria-label=\"Close table of contents\"><svg aria-hidden=\"true\" class=\"e-font-icon-svg e-fas-chevron-up\" viewBox=\"0 0 448 512\" xmlns=\"http:\/\/www.w3.org\/2000\/svg\"><path d=\"M240.971 130.524l194.343 194.343c9.373 9.373 9.373 24.569 0 33.941l-22.667 22.667c-9.357 9.357-24.522 9.375-33.901.04L224 227.495 69.255 381.516c-9.379 9.335-24.544 9.317-33.901-.04l-22.667-22.667c-9.373-9.373-9.373-24.569 0-33.941L207.03 130.525c9.372-9.373 24.568-9.373 33.941-.001z\"><\/path><\/svg><\/div>\n\t\t\t\t\t<\/div>\n\t\t\t\t<div id=\"elementor-toc__am-schatt-1c3036\" class=\"elementor-toc__body\">\n\t\t\t<div class=\"elementor-toc__spinner-container\">\n\t\t\t\t<svg class=\"elementor-toc__spinner eicon-animation-spin e-font-icon-svg e-eicon-loading\" aria-hidden=\"true\" viewBox=\"0 0 1000 1000\" xmlns=\"http:\/\/www.w3.org\/2000\/svg\"><path d=\"M500 975V858C696 858 858 696 858 500S696 142 500 142 142 304 142 500H25C25 237 238 25 500 25S975 237 975 500 763 975 500 975Z\"><\/path><\/svg>\t\t\t<\/div>\n\t\t<\/div>\n\t\t\t\t\t\t<\/div>\n\t\t\t\t<\/div>\n\t\t\t\t\t<\/div>\n\t\t\t\t<\/div>\n\t\t<div class=\"elementor-element elementor-element-am-schatt-herorg e-flex e-con-boxed e-con e-child\" data-id=\"am-schatt-herorg\" data-element_type=\"container\" data-e-type=\"container\">\n\t\t\t\t\t<div class=\"e-con-inner\">\n\t\t\t\t<div class=\"elementor-element elementor-element-am-schatt-heroim iwg-hero-image elementor-widget elementor-widget-image\" data-id=\"am-schatt-heroim\" data-element_type=\"widget\" data-e-type=\"widget\" data-widget_type=\"image.default\">\n\t\t\t\t\t\t\t\t\t\t\t\t\t\t\t<img fetchpriority=\"high\" decoding=\"async\" width=\"683\" height=\"1024\" src=\"https:\/\/iwell-guard.com\/wp-content\/uploads\/2026\/05\/praktiken_schattenmagie-683x1024.webp\" class=\"attachment-large size-large wp-image-2307\" alt=\"Schattenmagie \u2014 Praktiken des Verborgenen\" srcset=\"https:\/\/iwell-guard.com\/wp-content\/uploads\/2026\/05\/praktiken_schattenmagie-683x1024.webp 683w, https:\/\/iwell-guard.com\/wp-content\/uploads\/2026\/05\/praktiken_schattenmagie-200x300.webp 200w, https:\/\/iwell-guard.com\/wp-content\/uploads\/2026\/05\/praktiken_schattenmagie-768x1152.webp 768w, https:\/\/iwell-guard.com\/wp-content\/uploads\/2026\/05\/praktiken_schattenmagie.webp 1024w\" sizes=\"(max-width: 683px) 100vw, 683px\" \/>\t\t\t\t\t\t\t\t\t\t\t\t\t\t\t<\/div>\n\t\t\t\t\t<\/div>\n\t\t\t\t<\/div>\n\t\t\t\t\t<\/div>\n\t\t\t\t<\/div>\n\t\t<div class=\"elementor-element elementor-element-wmd-s1 e-con-boxed e-flex e-con e-parent\" data-id=\"wmd-s1\" data-element_type=\"container\" data-e-type=\"container\">\n\t\t\t\t\t<div class=\"e-con-inner\">\n\t\t\t\t<div class=\"elementor-element elementor-element-wmd-h1 elementor-widget elementor-widget-heading\" data-id=\"wmd-h1\" data-element_type=\"widget\" data-e-type=\"widget\" id=\"wmd-h1\" data-widget_type=\"heading.default\">\n\t\t\t\t\t<h2 class=\"elementor-heading-title elementor-size-default\">Terme i delimitaci\u00f3<\/h2>\t\t\t\t<\/div>\n\t\t<div class=\"elementor-element elementor-element-am-wmdt1-bw e-flex e-con-boxed e-con e-child\" data-id=\"am-wmdt1-bw\" data-element_type=\"container\" data-e-type=\"container\" data-settings=\"{&quot;background_background&quot;:&quot;classic&quot;}\">\n\t\t\t\t\t<div class=\"e-con-inner\">\n\t\t\t\t<div class=\"elementor-element elementor-element-wmd-t1 elementor-widget elementor-widget-text-editor\" data-id=\"wmd-t1\" data-element_type=\"widget\" data-e-type=\"widget\" data-widget_type=\"text-editor.default\">\n\t\t\t\t\t\t\t\t\t<p>La m\u00e0gia de l&#8217;ombra <strong>no \u00e9s una pr\u00e0ctica<\/strong>, sin\u00f3 una filosofia i un marc de pr\u00e0ctiques. No es tracta de rituals o subst\u00e0ncies espec\u00edfiques, sin\u00f3 d&#8217;una actitud: que tot all\u00f2 tabu\u00eftzat t\u00e9 potencial i s&#8217;hauria d&#8217;integrar.<\/p><p>Distinci\u00f3 cr\u00edtica respecte a la m\u00e0gia negra: la m\u00e0gia negra \u00e9s un terme de menyspreu (sovint utilitzat per designar una <span class=\"iwg-fachbegriff\" data-tooltip=\"Pr\u00e0ctiques que pretenen intervenir en el curs de les coses mitjan\u00e7ant accions o f\u00f3rmules especials.\" tabindex=\"0\">m\u00e0gia<\/span> dolenta o perjudicial). La m\u00e0gia de l&#8217;ombra afirma que aquesta dicotomia \u00e9s falsa: hi ha llum i ombra, no b\u00e9 i mal.<\/p><p>Conceptes relacionats: la <span class=\"iwg-fachbegriff\" tabindex=\"0\" data-tooltip=\"Corrent brit\u00e0nic de finals dels anys 1970, fundat per Peter Carroll i Ray Sherwin; metodol\u00f2gicament radical, sense pante\u00f3 fix.\">m\u00e0gia del caos<\/span> (amoral, pragm\u00e0tica), la via de la m\u00e0 esquerra (<span class=\"iwg-fachbegriff\" tabindex=\"0\" data-tooltip=\"Tradici\u00f3 religiosa i ritual de l'hinduisme i el budisme amb una doctrina de polaritats d'energia.\">tantra<\/span>), l&#8217;ocultisme sexpositiu. Difer\u00e8ncia respecte a aquests: la m\u00e0gia de l&#8217;ombra t\u00e9 una base m\u00e9s psicol\u00f2gica (Jung) que no pas una neutralitat filos\u00f2fico-\u00e8tica.<\/p><p>La m\u00e0gia de l&#8217;ombra engloba pr\u00e0ctiques ocultes m\u00e9s enll\u00e0 de les escoles establertes de m\u00e0gia de la llum.<\/p>\t\t\t\t\t\t\t\t<\/div>\n\t\t\t\t\t<\/div>\n\t\t\t\t<\/div>\n\t\t\t\t\t<\/div>\n\t\t\t\t<\/div>\n\t\t<div class=\"elementor-element elementor-element-wmd-s2 e-con-boxed e-flex e-con e-parent\" data-id=\"wmd-s2\" data-element_type=\"container\" data-e-type=\"container\">\n\t\t\t\t\t<div class=\"e-con-inner\">\n\t\t\t\t<div class=\"elementor-element elementor-element-wmd-h2 elementor-widget elementor-widget-heading\" data-id=\"wmd-h2\" data-element_type=\"widget\" data-e-type=\"widget\" id=\"wmd-h2\" data-widget_type=\"heading.default\">\n\t\t\t\t\t<h2 class=\"elementor-heading-title elementor-size-default\">Exemples culturohist\u00f2rics<\/h2>\t\t\t\t<\/div>\n\t\t<div class=\"elementor-element elementor-element-am-wmdt2-bw e-flex e-con-boxed e-con e-child\" data-id=\"am-wmdt2-bw\" data-element_type=\"container\" data-e-type=\"container\" data-settings=\"{&quot;background_background&quot;:&quot;classic&quot;}\">\n\t\t\t\t\t<div class=\"e-con-inner\">\n\t\t\t\t<div class=\"elementor-element elementor-element-wmd-t2 elementor-widget elementor-widget-text-editor\" data-id=\"wmd-t2\" data-element_type=\"widget\" data-e-type=\"widget\" data-widget_type=\"text-editor.default\">\n\t\t\t\t\t\t\t\t\t<p><strong>Psicologia junguiana<\/strong>: Carl Jung i el seu concepte de l&#8217;\u00abombra\u00bb, els aspectes inconscients i reprimits de la personalitat, \u00e9s l&#8217;arrel te\u00f2rica. Jung ho va tractar en psicologia anal\u00edtica, no de manera m\u00e0gica, per\u00f2 mags moderns ho apliquen.<\/p><p>Camins t\u00e0ntrics de la m\u00e0 esquerra: el tantrisme (especialment al Tibet i l&#8217;\u00cdndia) treballa conscientment amb pr\u00e0ctiques tabu\u00eftzades, sexe, carn, alcohol, com a mitj\u00e0 d&#8217;il\u00b7luminaci\u00f3. Es tracta d&#8217;una antiga forma cultural d&#8217;integraci\u00f3 de l&#8217;ombra.<\/p><p><span class=\"iwg-fachbegriff\" data-tooltip=\"Pr\u00e0ctiques que pretenen intervenir en el curs dels esdeveniments mitjan\u00e7ant accions o f\u00f3rmules especials.\" tabindex=\"0\">M\u00e0gia<\/span> del caos moderna (<span class=\"iwg-fachbegriff\" tabindex=\"0\" data-tooltip=\"Pintor i esoterista brit\u00e0nic (1886\u20131956); fundador de la m\u00e0gia dels sigil\u00b7lis.\">Austin Osman Spare<\/span>, <span class=\"iwg-fachbegriff\" tabindex=\"0\" data-tooltip=\"Mag brit\u00e0nic (n. 1953); cofundador de l'IOT (1978), te\u00f2ric de la m\u00e0gia del caos.\">Peter Carroll<\/span>): la <span class=\"iwg-fachbegriff\" data-tooltip=\"Pr\u00e0ctiques que pretenen intervenir en el curs dels esdeveniments mitjan\u00e7ant accions o f\u00f3rmules especials.\" tabindex=\"0\">m\u00e0gia<\/span> del caos \u00e9s amoral i pragm\u00e0tica, utilitza qualsevol t\u00e8cnica disponible sense judicis morals. Aix\u00f2 est\u00e0 relacionat amb la m\u00e0gia de l&#8217;ombra, per\u00f2 amb menys fonament psicol\u00f2gic.<\/p><p><span class=\"iwg-fachbegriff\" data-tooltip=\"Pr\u00e0ctiques que pretenen intervenir en el curs dels esdeveniments mitjan\u00e7ant accions o f\u00f3rmules especials.\" tabindex=\"0\">M\u00e0gia<\/span> feminista i queer: bruixes i practicants m\u00e0gics moderns utilitzen el marc de la m\u00e0gia de l&#8217;ombra per reintegrar la sexualitat, l&#8217;agressivitat i la feminitat. All\u00f2 que tradicionalment es considerava pecat, aqu\u00ed s&#8217;ent\u00e9n com a poder.<\/p><p>Moviments neopagans: les tradicions neopaganes (Wicca, druidisme, Heathenry) han divergit; algunes rebutgen la m\u00e0gia de l&#8217;ombra (el precepte wicc\u00e0 \u00abNo facis mal a ning\u00fa\u00bb), altres l&#8217;abracen (les anomenades \u00abbruixes vermelles\u00bb).<\/p><div><h3>El concepte de l&#8217;ombra de Jung: fonaments psicol\u00f2gics del treball amb l&#8217;ombra<\/h3><p><span class=\"iwg-fachbegriff\" tabindex=\"0\" data-tooltip=\"Psic\u00f2leg profund su\u00eds (1875\u20131961); fundador de la psicologia anal\u00edtica.\">Carl Gustav Jung<\/span> va encunyar el terme <em>ombra<\/em> com l&#8217;aspecte inconscient de la personalitat que cont\u00e9 impulsos, desitjos reprimits i trets socialment inacceptables.<\/p><p>A difer\u00e8ncia de l&#8217;inconscient de Freud, l&#8217;ombra de Jung es concep de manera estructural i no prim\u00e0riament pulsional: all\u00f2 que el jo conscient no vol o no pot ser s&#8217;hi diposita. La individuaci\u00f3, el terme de Jung per a la maduresa psicol\u00f2gica, requereix la integraci\u00f3 de l&#8217;ombra. La repressi\u00f3, precisament, no hi condueix.<\/p><p><span data-nosnippet>Aix\u00f2 s&#8217;aconsegueix mitjan\u00e7ant els somnis, la imaginaci\u00f3 activa i el reconeixement que l&#8217;ombra tamb\u00e9 cont\u00e9 energia creativa i autenticitat. L&#8217;obra de Jung <em>Psychology and Alchemy<\/em> (1944) mostra que els textos <span class=\"iwg-fachbegriff\" tabindex=\"0\" data-tooltip=\"Vinculaci\u00f3 premoderna de la filosofia natural i la ci\u00e8ncia simb\u00f2lica; treballa amb la transformaci\u00f3 de la mat\u00e8ria com a transformaci\u00f3 interior.\">alqu\u00edmics<\/span> descriuen de manera inconscient aquests processos d&#8217;integraci\u00f3.<\/span><\/p><p>Per a Jung, l&#8217;enfrontament amb l&#8217;ombra no \u00e9s <span class=\"iwg-fachbegriff\" data-tooltip=\"Pr\u00e0ctiques que pretenen intervenir en el curs dels esdeveniments mitjan\u00e7ant accions o f\u00f3rmules especials.\" tabindex=\"0\">m\u00e0gia<\/span>, sin\u00f3 psicologia anal\u00edtica; tot i aix\u00ed, escoles esot\u00e8riques modernes reinterpreten aquesta metodologia com a m\u00e0gia de l&#8217;ombra.<\/p><\/div>\t\t\t\t\t\t\t\t<\/div>\n\t\t\t\t\t<\/div>\n\t\t\t\t<\/div>\n\t\t\t\t\t<\/div>\n\t\t\t\t<\/div>\n\t\t<div class=\"elementor-element elementor-element-wmd-s3 e-con-boxed e-flex e-con e-parent\" data-id=\"wmd-s3\" data-element_type=\"container\" data-e-type=\"container\">\n\t\t\t\t\t<div class=\"e-con-inner\">\n\t\t\t\t<div class=\"elementor-element elementor-element-wmd-h3 elementor-widget elementor-widget-heading\" data-id=\"wmd-h3\" data-element_type=\"widget\" data-e-type=\"widget\" id=\"wmd-h3\" data-widget_type=\"heading.default\">\n\t\t\t\t\t<h2 class=\"elementor-heading-title elementor-size-default\">Estat de les fonts<\/h2>\t\t\t\t<\/div>\n\t\t<div class=\"elementor-element elementor-element-am-wmdt3-bw e-flex e-con-boxed e-con e-child\" data-id=\"am-wmdt3-bw\" data-element_type=\"container\" data-e-type=\"container\" data-settings=\"{&quot;background_background&quot;:&quot;classic&quot;}\">\n\t\t\t\t\t<div class=\"e-con-inner\">\n\t\t\t\t<div class=\"elementor-element elementor-element-wmd-t3 elementor-widget elementor-widget-text-editor\" data-id=\"wmd-t3\" data-element_type=\"widget\" data-e-type=\"widget\" data-widget_type=\"text-editor.default\">\n\t\t\t\t\t\t\t\t\t<p>Psicol\u00f2gic: Carl Jung (Collected Works, especialment els volums 7 i 9), Robert Moore (estudis sobre la masculinitat), Erich Neumann. Modern m\u00e0gic: Austin Osman Spare (Book of Lies), Peter Carroll (Liber Null, Psychonaut), fanzines de m\u00e0gia del caos. Feminista: Starhawk (cr\u00edtica al respecte), Pat Califia, escrits moderns sobre bruixeria. Acad\u00e8mic: Ronald Hutton, Sarah Pike (estudis neopagans).<\/p><div><h3>Robert A. Johnson i el model d&#8217;integraci\u00f3<\/h3><p><span data-nosnippet>Robert A. Johnson, analista jungi\u00e0, va popularitzar l&#8217;ensenyament de Jung sobre l&#8217;ombra en obres com <em>Inner Work<\/em> (1986) i <em>Owning Your Own Shadow<\/em> (1991). Johnson subratlla que l&#8217;ombra representa la for\u00e7a escindida de la persona i que en cap cas \u00e9s dolenta.<\/span><\/p><p>Un home que es defineix com a bondad\u00f3s hi diposita l&#8217;agressivitat i la ferocitat; una dona que es comporta d&#8217;una manera submisa hi reprimeix l&#8217;autoritat i la sexualitat.<\/p><p>La m\u00e0gia de l&#8217;ombra segons Johnson consisteix a integrar conscientment aquestes forces. L&#8217;objectiu \u00e9s la totalitat de l&#8217;\u00e9sser, no la destructivitat. Johnson va tenir molta influ\u00e8ncia sobre el p\u00fablic de la New Age i va consolidar la idea que l&#8217;autoconeixement, ent\u00e8s com a confrontaci\u00f3 amb l&#8217;ombra, \u00e9s una forma de <span class=\"iwg-fachbegriff\" data-tooltip=\"Pr\u00e0ctiques que volen intervenir en el curs dels esdeveniments mitjan\u00e7ant accions o f\u00f3rmules especials.\" tabindex=\"0\">m\u00e0gia<\/span> de la consci\u00e8ncia.<\/p><\/div>\t\t\t\t\t\t\t\t<\/div>\n\t\t\t\t\t<\/div>\n\t\t\t\t<\/div>\n\t\t\t\t\t<\/div>\n\t\t\t\t<\/div>\n\t\t<div class=\"elementor-element elementor-element-wmd-s4 e-con-boxed e-flex e-con e-parent\" data-id=\"wmd-s4\" data-element_type=\"container\" data-e-type=\"container\">\n\t\t\t\t\t<div class=\"e-con-inner\">\n\t\t\t\t<div class=\"elementor-element elementor-element-wmd-h4 elementor-widget elementor-widget-heading\" data-id=\"wmd-h4\" data-element_type=\"widget\" data-e-type=\"widget\" id=\"wmd-h4\" data-widget_type=\"heading.default\">\n\t\t\t\t\t<h2 class=\"elementor-heading-title elementor-size-default\">Significat actual \/ \u00c9ssers relacionats<\/h2>\t\t\t\t<\/div>\n\t\t<div class=\"elementor-element elementor-element-am-wmdt4-bw e-flex e-con-boxed e-con e-child\" data-id=\"am-wmdt4-bw\" data-element_type=\"container\" data-e-type=\"container\" data-settings=\"{&quot;background_background&quot;:&quot;classic&quot;}\">\n\t\t\t\t\t<div class=\"e-con-inner\">\n\t\t\t\t<div class=\"elementor-element elementor-element-wmd-t4 elementor-widget elementor-widget-text-editor\" data-id=\"wmd-t4\" data-element_type=\"widget\" data-e-type=\"widget\" data-widget_type=\"text-editor.default\">\n\t\t\t\t\t\t\t\t\t<footer class=\"iwg-literatur\"><p>La m\u00e0gia de l&#8217;ombra \u00e9s un marc filos\u00f2fic i terap\u00e8utic important en l&#8217;<span class=\"iwg-fachbegriff\" data-tooltip=\"Ocupaci\u00f3 amb forces i pr\u00e0ctiques ocultes m\u00e9s enll\u00e0 de la ci\u00e8ncia reconeguda.\" tabindex=\"0\">ocultisme<\/span> modern, especialment per a persones que volen alliberar-se de tradicions dogm\u00e0tiques o morals de la <span class=\"iwg-fachbegriff\" data-tooltip=\"Pr\u00e0ctiques que pretenen intervenir en el curs de les coses mitjan\u00e7ant accions o f\u00f3rmules especials.\" tabindex=\"0\">m\u00e0gia<\/span>. Des del punt de vista psicol\u00f2gic \u00e9s una perspectiva v\u00e0lida, la integraci\u00f3 d&#8217;aspectes reprimits \u00e9s una pr\u00e0ctica curativa. Des del punt de vista \u00e8tic cal precauci\u00f3: el marc de la \u00abm\u00e0gia de l&#8217;ombra\u00bb tamb\u00e9 pot fer-se servir com a justificaci\u00f3 per causar dany.<\/p><p>Pr\u00e0ctiques relacionades: <a href=\"https:\/\/iwell-guard.com\/ca\/?page_id=171619\">m\u00e0gia del caos<\/a> (si existeix una p\u00e0gina separada), <a href=\"https:\/\/iwell-guard.com\/ca\/?page_id=171485\">maleficis<\/a> (delimitat cr\u00edticament), <a href=\"https:\/\/iwell-guard.com\/ca\/?page_id=171486\">encanteris d&#8217;amor<\/a> i <a href=\"https:\/\/iwell-guard.com\/ca\/?page_id=171499\">dimonis de la seducci\u00f3<\/a> (com a integraci\u00f3 de l&#8217;ombra).<\/p><h3>Arrels te\u00f2riques<\/h3><p>Des del punt de vista de l&#8217;estudi de les religions, la m\u00e0gia de l&#8217;ombra no \u00e9s una tradici\u00f3 de pr\u00e0ctica, sin\u00f3 un concepte sorgit de la reflexi\u00f3 psicoterap\u00e8utica i espiritual esot\u00e8rica del segle XX. L&#8217;arrel es troba en el concepte de l&#8217;\u00abombra\u00bb de Carl Gustav Jung, la part de la personalitat que es rebutja conscientment, es reprimeix o no s&#8217;integra.<\/p><p>Jung va tractar l&#8217;ombra \u00e0mpliament a les seves \u00abCollected Works\u00bb, especialment al volum 7 (Sobre la psicologia de l&#8217;inconscient) i al volum 9 (Aion); l&#8217;escola junguiana posterior (Marie-Louise von Franz, Edward Edinger, James Hillman) va desenvolupar encara m\u00e9s el concepte.<\/p><h3>Transici\u00f3 cap a la pr\u00e0ctica espiritual<\/h3><p>En el moviment New Age modern i en algunes corrents ocultistes actuals, el concepte d&#8217;ombra es va desprendre del seu context psicoterap\u00e8utic i es va transformar en una forma de pr\u00e0ctica espiritual, el \u00abtreball de l&#8217;ombra\u00bb.<\/p><p>Robert Bly (\u00abIron John\u00bb, 1990) va iniciar un moviment similar dins el moviment dels homes dels anys 1990; Carolyn Myss i Caroline Myss dins la tradici\u00f3 de la medicina energ\u00e8tica; Marianne Williamson en el context d&#8217;\u00abA Course in Miracles\u00bb.<\/p><p>El treball espiritual de l&#8217;ombra \u00e9s metodol\u00f2gicament proper a la comprensi\u00f3 de Jung, per\u00f2 el trasllada a un marc religi\u00f3s o espiritual que no es troba com a tal en el propi Jung.<\/p><h3>L\u00edmits amb la pr\u00e0ctica de la <span class=\"iwg-fachbegriff\" data-tooltip=\"Pr\u00e0ctiques que pretenen intervenir en el curs de les coses mitjan\u00e7ant accions o f\u00f3rmules especials.\" tabindex=\"0\">m\u00e0gia<\/span><\/h3><p>La denominaci\u00f3 \u00abm\u00e0gia de l&#8217;ombra\u00bb, com a pr\u00e0ctica de la <span class=\"iwg-fachbegriff\" data-tooltip=\"Pr\u00e0ctiques que pretenen intervenir en el curs de les coses mitjan\u00e7ant accions o f\u00f3rmules especials.\" tabindex=\"0\">m\u00e0gia<\/span>, sorgeix nom\u00e9s en l&#8217;escena ocultista moderna de finals del segle XX. Ent\u00e9n l&#8217;ombra energ\u00e8ticament m\u00e9s que principalment psicol\u00f2gica: l&#8217;ombra \u00e9s part de la pr\u00f2pia constel\u00b7laci\u00f3 energ\u00e8tica, que es pot treballar mitjan\u00e7ant procediments ritualm\u00e0gics.<\/p><p>Aquest pas no est\u00e0 documentat des del punt de vista de la hist\u00f2ria de les religions, \u00e9s una construcci\u00f3 de la reflexi\u00f3 ocultista moderna. Qui treballa amb la \u00abm\u00e0gia de l&#8217;ombra\u00bb hauria d&#8217;aclarir metodol\u00f2gicament si es refereix a la psicoter\u00e0pia junguiana, al treball espiritual de l&#8217;ombra en sentit New Age o a la pr\u00e0ctica ritualm\u00e0gica en sentit estricte.<\/p><h3>Valoraci\u00f3 cr\u00edtica<\/h3><p>Des del punt de vista cient\u00edfic, la m\u00e0gia de l&#8217;ombra \u00e9s un exemple cl\u00e0ssic de \u00abbricolatge espiritual\u00bb de l&#8217;<span class=\"iwg-fachbegriff\" data-tooltip=\"Terme gen\u00e8ric per a doctrines que pretenen posseir un coneixement ocult, accessible nom\u00e9s als iniciats.\" tabindex=\"0\">esoterisme<\/span> de la modernitat tardana, la combinaci\u00f3 de conceptes psicoterap\u00e8utics, pr\u00e0ctiques espirituals i procediments m\u00e0gics en un camp mixt ecl\u00e8ctic.<\/p><p>La recerca documenta aquesta corrent en <span class=\"iwg-fachbegriff\" tabindex=\"0\" data-tooltip=\"Investigador neerland\u00e8s de l'esoterisme (n. 1961); obra principal New Age Religion and Western Culture (1996).\">Wouter Hanegraaff<\/span> (\u00abNew Age Religion and Western Culture\u00bb) i en Christopher Partridge (\u00abThe Re-Enchantment of the West\u00bb). A iWell Guard informem sobre la m\u00e0gia de l&#8217;ombra com a fenomen sense valorar-lo; la reflexi\u00f3 \u00e8tica i psicol\u00f2gica correspon a cada practicant.<\/p><div data-nosnippet=\"true\" class=\"iwg-litliste\"><p><strong>Bibliografia est\u00e0ndard (<span class=\"iwg-fachbegriff\" data-tooltip=\"La ci\u00e8ncia que estudia les religions de manera comparativa i sense vinculaci\u00f3 confessional.\" tabindex=\"0\">estudi de les religions<\/span> comparat):<\/strong><\/p><\/div><\/footer><div><h3>Connie Zweig i el treball modern de l&#8217;ombra<\/h3><p><span data-nosnippet>Connie Zweig, autora de <em>Meeting the Shadow<\/em> (1991, editat amb Jeremiah Abrams), va desenvolupar m\u00e8todes pr\u00e0ctics de treball de l&#8217;ombra: escriptura de diari, t\u00e8cniques de di\u00e0leg i reintegraci\u00f3 ritual. Zweig distingeix entre l&#8217;ombra personal (continguts reprimits individualment) i l&#8217;ombra col\u00b7lectiva (tab\u00fas culturals i arquetips).<\/span><\/p><p>La seva obra ha influ\u00eft considerablement les comunitats esot\u00e8riques i ha donat lloc a pr\u00e0ctiques com els viatges de l&#8217;ombra (visualitzaci\u00f3 imaginativa), els rituals de l&#8217;ombra (cremar s\u00edmbols d&#8217;aspectes reprimits per simbolitzar l&#8217;alliberament) i la invocaci\u00f3 de l&#8217;ombra (cridar-la conscientment per escoltar-la). Aquesta reinterpretaci\u00f3 de la psicologia anal\u00edtica de Jung com a tecnologia de la <span class=\"iwg-fachbegriff\" data-tooltip=\"Pr\u00e0ctiques que pretenen intervenir en el curs de les coses mitjan\u00e7ant accions o f\u00f3rmules especials.\" tabindex=\"0\">m\u00e0gia<\/span> caracteritza l&#8217;acc\u00e9s modern del New Age als conceptes de la psicologia profunda.<\/p><\/div>\n<p class=\"iwg-bib-more\"><span data-nosnippet>M\u00e9s obres est\u00e0ndard al <a href=\"https:\/\/iwell-guard.com\/ca\/?page_id=171483\">recull bibliogr\u00e0fic<\/a>.<\/span><\/p>\t\t\t\t\t\t\t\t<\/div>\n\t\t\t\t\t<\/div>\n\t\t\t\t<\/div>\n\t\t\t\t\t<\/div>\n\t\t\t\t<\/div>\n\t\t<div class=\"elementor-element elementor-element-iwgcb-schatten-sec e-flex e-con-boxed e-con e-parent\" data-id=\"iwgcb-schatten-sec\" data-element_type=\"container\" data-e-type=\"container\" id=\"iwg-cb-schattenmagie\">\n\t\t\t\t\t<div class=\"e-con-inner\">\n\t\t<div class=\"elementor-element elementor-element-iwgcb-schatten-inner e-flex e-con-boxed e-con e-parent\" data-id=\"iwgcb-schatten-inner\" data-element_type=\"container\" data-e-type=\"container\" data-settings=\"{&quot;background_background&quot;:&quot;classic&quot;}\">\n\t\t\t\t\t<div class=\"e-con-inner\">\n\t\t\t\t<div class=\"elementor-element elementor-element-iwgcb-schatten-h elementor-widget elementor-widget-heading\" data-id=\"iwgcb-schatten-h\" data-element_type=\"widget\" data-e-type=\"widget\" data-widget_type=\"heading.default\">\n\t\t\t\t\t<h2 class=\"elementor-heading-title elementor-size-default\">iWell Guard i tradicions de protecci\u00f3<\/h2>\t\t\t\t<\/div>\n\t\t\t\t<div class=\"elementor-element elementor-element-iwgcb-schatten-t elementor-widget elementor-widget-text-editor\" data-id=\"iwgcb-schatten-t\" data-element_type=\"widget\" data-e-type=\"widget\" data-widget_type=\"text-editor.default\">\n\t\t\t\t\t\t\t\t\t<div data-nosnippet=\"true\"><p>Al llarg de totes les cultures documentades es poden trobar objectes de protecci\u00f3 que la gent portava al cos, des dels amulets de <a href=\"https:\/\/iwell-guard.com\/ca\/pazuzu\/\">Pazuzu<\/a> a Mesopot\u00e0mia, passant per la <a href=\"https:\/\/iwell-guard.com\/ca\/?page_id=171650\">Hamsa<\/a> a la Mediterr\u00e0nia, fins a la <a href=\"https:\/\/iwell-guard.com\/ca\/?page_id=171652\">Mezuz\u00e0<\/a> als brancals de les portes jueves i les medalles cristianes de protecci\u00f3. iWell Guard recull aquesta tradici\u00f3 amb una arquitectura de materials contempor\u00e0nia, fabricada a Alemanya, 41 nivells, or de veritat, plat\u00ed, plata. Dret de devoluci\u00f3 de 30 dies.<\/p><\/div>\t\t\t\t\t\t\t\t<\/div>\n\t\t\t\t<div class=\"elementor-element elementor-element-iwgcb-schatten-b iwg-cb-button iwg-cb-cta-2026-05-13 elementor-widget elementor-widget-jet-button\" data-id=\"iwgcb-schatten-b\" data-element_type=\"widget\" data-e-type=\"widget\" data-widget_type=\"jet-button.default\">\n\t\t\t\t<div class=\"elementor-widget-container\">\n\t\t\t\t\t<div class=\"elementor-jet-button jet-elements\"><div class=\"jet-button__container\"><a class=\"jet-button__instance jet-button__instance--icon-left hover-effect-1\" href=\"\/ueber-iwell-guard\/?utm_source=iwell-guard.com&amp;utm_medium=info-box&amp;utm_campaign=hub-tradition\"><div class=\"jet-button__plane jet-button__plane-normal\"><\/div><div class=\"jet-button__plane jet-button__plane-hover\"><\/div><div class=\"jet-button__state jet-button__state-normal\"><span class=\"jet-button__label\">M\u00e9s informaci\u00f3 sobre l'iWell Guard<\/span><\/div><div class=\"jet-button__state jet-button__state-hover\"><span class=\"jet-button__label\">M\u00e9s informaci\u00f3 sobre l'iWell Guard<\/span><\/div><\/a><\/div><\/div><style>.elementor-element.elementor-element-iwgcb-schatten-b .jet-button__instance{width:320px;height:56px;}.elementor-element.elementor-element-iwgcb-schatten-b .jet-button__state-normal .jet-button__label{text-align:center;margin:0px 0px 0px 0px;color:#1a1b20;font-family:Montserrat,sans-serif;font-size:13px;font-weight:400;letter-spacing:4px;line-height:1.714em;text-transform:uppercase;}.elementor-element.elementor-element-iwgcb-schatten-b .jet-button__state-hover .jet-button__label{text-align:center;margin:0px 0px 0px 0px;color:#FECC76;font-family:Montserrat,sans-serif;font-size:13px;font-weight:400;letter-spacing:4px;line-height:1.714em;text-transform:uppercase;}.elementor-element.elementor-element-iwgcb-schatten-b .jet-button__plane-normal{background-color:#FECC76;border-style:solid;border-color:#C99540;border-width:2px 2px 2px 2px;}.elementor-element.elementor-element-iwgcb-schatten-b .jet-button__plane-hover{background-color:rgba(0,0,0,0.55);border-style:solid;border-color:#FECC76;border-width:2px 2px 2px 2px;}<\/style>\t\t\t\t<\/div>\n\t\t\t\t<\/div>\n\t\t\t\t<div class=\"elementor-element elementor-element-iwgcb-schatten-d elementor-widget elementor-widget-text-editor\" data-id=\"iwgcb-schatten-d\" data-element_type=\"widget\" data-e-type=\"widget\" data-widget_type=\"text-editor.default\">\n\t\t\t\t\t\t\t\t\t<div data-nosnippet=\"true\"><p style=\"text-align:center;font-size:13px;opacity:0.7;margin-top:14px\" data-nosnippet=\"true\">Les experi\u00e8ncies personals poden variar. No \u00e9s un producte sanitari. No \u00e9s una promesa de curaci\u00f3.<\/p><\/div>\t\t\t\t\t\t\t\t<\/div>\n\t\t\t\t\t<\/div>\n\t\t\t\t<\/div>\n\t\t\t\t\t<\/div>\n\t\t\t\t<\/div>\n\t\t\t\t<\/div>\n\t\t","protected":false},"excerpt":{"rendered":"","protected":false},"author":3,"featured_media":2307,"parent":0,"menu_order":0,"comment_status":"closed","ping_status":"closed","template":"elementor_header_footer","meta":{"_yoast_wpseo_focuskw":"m\u00e0gia de l'ombra","_yoast_wpseo_title":"M\u00e0gia de l'ombra \u2013 pr\u00e0ctiques ocultes","_yoast_wpseo_metadesc":"Terme col\u00b7lectiu per a pr\u00e0ctiques m\u00e0giques dutes a terme en secret, sovint amb simbologia de l'ombra o en la penombra. Cl\u00e0ssicament antit\u00e8tica a la m\u00e0gia blanca","_yoast_wpseo_meta-robots-noindex":"","_yoast_wpseo_canonical":"","_angie_page":false,"gefaehrdungsstufe":"","wesen_kultur":"","wesen_klasse":"","footnotes":""},"categories":[],"class_list":["post-171491","page","type-page","status-publish","has-post-thumbnail","hentry"],"yoast_head":"<!-- This site is optimized with the Yoast SEO Premium plugin v27.7 (Yoast SEO v28.3) - https:\/\/yoast.com\/product\/yoast-seo-premium-wordpress\/ -->\n<title>M\u00e0gia de l&#039;ombra \u2013 pr\u00e0ctiques ocultes<\/title>\n<meta name=\"description\" content=\"Terme col\u00b7lectiu per a pr\u00e0ctiques m\u00e0giques dutes a terme en secret, sovint amb simbologia de l&#039;ombra o en la penombra. Cl\u00e0ssicament antit\u00e8tica a la m\u00e0gia blanca\" \/>\n<meta name=\"robots\" content=\"index, follow, max-snippet:-1, max-image-preview:large, max-video-preview:-1\" \/>\n<link rel=\"canonical\" href=\"https:\/\/iwell-guard.com\/ca\/magia-de-lombra\/\" \/>\n<meta property=\"og:locale\" content=\"ca_ES\" \/>\n<meta property=\"og:type\" content=\"article\" \/>\n<meta property=\"og:title\" content=\"M\u00e0gia de l&#039;ombra\" \/>\n<meta property=\"og:description\" content=\"Terme col\u00b7lectiu per a pr\u00e0ctiques m\u00e0giques dutes a terme en secret, sovint amb simbologia de l&#039;ombra o en la penombra. Cl\u00e0ssicament antit\u00e8tica a la m\u00e0gia blanca\" \/>\n<meta property=\"og:url\" content=\"https:\/\/iwell-guard.com\/ca\/magia-de-lombra\/\" \/>\n<meta property=\"og:site_name\" content=\"iWell Guard\" \/>\n<meta property=\"article:modified_time\" content=\"2026-09-05T15:59:05+00:00\" \/>\n<meta property=\"og:image\" content=\"https:\/\/iwell-guard.com\/wp-content\/uploads\/2026\/05\/praktiken_schattenmagie.webp\" \/>\n\t<meta property=\"og:image:width\" content=\"1024\" \/>\n\t<meta property=\"og:image:height\" content=\"1536\" \/>\n\t<meta property=\"og:image:type\" content=\"image\/webp\" \/>\n<meta name=\"twitter:card\" content=\"summary_large_image\" \/>\n<script type=\"application\/ld+json\" class=\"yoast-schema-graph\">{\"@context\":\"https:\\\/\\\/schema.org\",\"@graph\":[{\"@type\":\"WebPage\",\"@id\":\"https:\\\/\\\/iwell-guard.com\\\/ca\\\/magia-de-lombra\\\/\",\"url\":\"https:\\\/\\\/iwell-guard.com\\\/ca\\\/magia-de-lombra\\\/\",\"name\":\"M\u00e0gia de l'ombra \u2013 pr\u00e0ctiques ocultes\",\"isPartOf\":{\"@id\":\"https:\\\/\\\/iwell-guard.com\\\/ca\\\/#website\"},\"primaryImageOfPage\":{\"@id\":\"https:\\\/\\\/iwell-guard.com\\\/ca\\\/magia-de-lombra\\\/#primaryimage\"},\"image\":{\"@id\":\"https:\\\/\\\/iwell-guard.com\\\/ca\\\/magia-de-lombra\\\/#primaryimage\"},\"thumbnailUrl\":\"https:\\\/\\\/iwell-guard.com\\\/wp-content\\\/uploads\\\/2026\\\/05\\\/praktiken_schattenmagie.webp\",\"datePublished\":\"2026-09-05T15:39:49+00:00\",\"dateModified\":\"2026-09-05T15:59:05+00:00\",\"description\":\"Terme col\u00b7lectiu per a pr\u00e0ctiques m\u00e0giques dutes a terme en secret, sovint amb simbologia de l'ombra o en la penombra. Cl\u00e0ssicament antit\u00e8tica a la m\u00e0gia blanca\",\"breadcrumb\":{\"@id\":\"https:\\\/\\\/iwell-guard.com\\\/ca\\\/magia-de-lombra\\\/#breadcrumb\"},\"inLanguage\":\"ca\",\"potentialAction\":[{\"@type\":\"ReadAction\",\"target\":[\"https:\\\/\\\/iwell-guard.com\\\/ca\\\/magia-de-lombra\\\/\"]}]},{\"@type\":\"ImageObject\",\"inLanguage\":\"ca\",\"@id\":\"https:\\\/\\\/iwell-guard.com\\\/ca\\\/magia-de-lombra\\\/#primaryimage\",\"url\":\"https:\\\/\\\/iwell-guard.com\\\/wp-content\\\/uploads\\\/2026\\\/05\\\/praktiken_schattenmagie.webp\",\"contentUrl\":\"https:\\\/\\\/iwell-guard.com\\\/wp-content\\\/uploads\\\/2026\\\/05\\\/praktiken_schattenmagie.webp\",\"width\":1024,\"height\":1536,\"caption\":\"M\u00e0gia de l'ombra \u2014 pr\u00e0ctiques del que est\u00e0 ocult\"},{\"@type\":\"BreadcrumbList\",\"@id\":\"https:\\\/\\\/iwell-guard.com\\\/ca\\\/magia-de-lombra\\\/#breadcrumb\",\"itemListElement\":[{\"@type\":\"ListItem\",\"position\":1,\"name\":\"Start\",\"item\":\"https:\\\/\\\/iwell-guard.com\\\/ca\\\/?page_id=171333\"},{\"@type\":\"ListItem\",\"position\":2,\"name\":\"M\u00e0gia de l&#8217;ombra\"}]},{\"@type\":\"WebSite\",\"@id\":\"https:\\\/\\\/iwell-guard.com\\\/ca\\\/#website\",\"url\":\"https:\\\/\\\/iwell-guard.com\\\/ca\\\/\",\"name\":\"iWell Guard\",\"description\":\"Schutz vor dunklen Einfl\u00fcssen\",\"publisher\":{\"@id\":\"https:\\\/\\\/iwell-guard.com\\\/ca\\\/#organization\"},\"potentialAction\":[{\"@type\":\"SearchAction\",\"target\":{\"@type\":\"EntryPoint\",\"urlTemplate\":\"https:\\\/\\\/iwell-guard.com\\\/ca\\\/?s={search_term_string}\"},\"query-input\":{\"@type\":\"PropertyValueSpecification\",\"valueRequired\":true,\"valueName\":\"search_term_string\"}}],\"inLanguage\":\"ca\"},{\"@type\":\"Organization\",\"@id\":\"https:\\\/\\\/iwell-guard.com\\\/ca\\\/#organization\",\"name\":\"Ittermann electronic GmbH\",\"url\":\"https:\\\/\\\/iwell-guard.com\\\/ca\\\/\",\"logo\":{\"@type\":\"ImageObject\",\"inLanguage\":\"ca\",\"@id\":\"https:\\\/\\\/iwell-guard.com\\\/ca\\\/#\\\/schema\\\/logo\\\/image\\\/\",\"url\":\"https:\\\/\\\/iwell-guard.com\\\/wp-content\\\/uploads\\\/2026\\\/05\\\/Ittermann-Logo-1182x237-1.png\",\"contentUrl\":\"https:\\\/\\\/iwell-guard.com\\\/wp-content\\\/uploads\\\/2026\\\/05\\\/Ittermann-Logo-1182x237-1.png\",\"width\":1182,\"height\":237,\"caption\":\"Ittermann electronic GmbH\"},\"image\":{\"@id\":\"https:\\\/\\\/iwell-guard.com\\\/ca\\\/#\\\/schema\\\/logo\\\/image\\\/\"},\"sameAs\":[\"https:\\\/\\\/pantip.com\\\/profile\\\/9367242\",\"https:\\\/\\\/micro.blog\\\/iwellguard\",\"https:\\\/\\\/www.diggerslist.com\\\/iwellguard\\\/about\",\"https:\\\/\\\/skitterphoto.com\\\/photographers\\\/2870314\\\/iwell-guard\",\"https:\\\/\\\/iwellguard.wordpress.com\\\/2026\\\/06\\\/06\\\/iwell-guard\\\/\",\"https:\\\/\\\/hub.docker.com\\\/u\\\/iwellguard\",\"https:\\\/\\\/www.pinterest.com\\\/iwellguard\\\/\",\"https:\\\/\\\/bit.ly\\\/m\\\/iwellguard\",\"https:\\\/\\\/entre-vos-mains.alsace.eu\\\/profiles\\\/iwellguard\\\/activity\",\"https:\\\/\\\/gravatar.com\\\/reallybeded8fd34\",\"https:\\\/\\\/naijamatta.com\\\/iwellguard\",\"https:\\\/\\\/www.goodreads.com\\\/iwellguard\",\"https:\\\/\\\/profile.hatena.ne.jp\\\/iwellguard\\\/\",\"https:\\\/\\\/experiment.com\\\/users\\\/iwellguard\",\"https:\\\/\\\/wakelet.com\\\/@iWellGuard82270\",\"https:\\\/\\\/www.chordie.com\\\/forum\\\/profile.php?id=2555664\",\"https:\\\/\\\/www.instapaper.com\\\/p\\\/17757966\",\"https:\\\/\\\/www.mapleprimes.com\\\/users\\\/iwellguard\",\"https:\\\/\\\/businesslistingplus.com\\\/profile\\\/iwell-guard\\\/\",\"https:\\\/\\\/telegra.ph\\\/iWell-Guard-06-06\",\"https:\\\/\\\/pbase.com\\\/iwellguard\\\/iwellguard\",\"https:\\\/\\\/b.hatena.ne.jp\\\/iwellguard\\\/20260607#bookmark-4788405196491818882\",\"https:\\\/\\\/fliphtml5.com\\\/home\\\/iwellguard\",\"https:\\\/\\\/anyflip.com\\\/homepage\\\/cmiwl#About\",\"https:\\\/\\\/transfur.com\\\/Users\\\/iwellguard\",\"http:\\\/\\\/delphi.larsbo.org\\\/user\\\/iwellguard\",\"https:\\\/\\\/jobs.lajobsportal.org\\\/profiles\\\/8380803-iwell-guard\",\"https:\\\/\\\/md.chaosdorf.de\\\/s\\\/jfbe5SBdJD\",\"https:\\\/\\\/www.lingvolive.com\\\/en-us\\\/profile\\\/9ecaeaca-ce11-4e51-9e71-01d55e2bff36\\\/translations\",\"https:\\\/\\\/www.fitday.com\\\/fitness\\\/forums\\\/members\\\/iwellguard.html\",\"https:\\\/\\\/www.mymeetbook.com\\\/iwellguard\",\"https:\\\/\\\/pxhere.com\\\/en\\\/photographer-me\\\/5040798\",\"https:\\\/\\\/disqus.com\\\/by\\\/iwellguard\\\/about\\\/\",\"https:\\\/\\\/pastelink.net\\\/hjwciqwq\",\"https:\\\/\\\/pubhtml5.com\\\/homepage\\\/scjhn\\\/\",\"https:\\\/\\\/www.bitchute.com\\\/channel\\\/2O2eOKzNqujT\",\"https:\\\/\\\/audiomack.com\\\/iwellguard\"]}]}<\/script>\n<!-- \/ Yoast SEO Premium plugin. -->","yoast_head_json":{"title":"M\u00e0gia de l'ombra \u2013 pr\u00e0ctiques ocultes","description":"Terme col\u00b7lectiu per a pr\u00e0ctiques m\u00e0giques dutes a terme en secret, sovint amb simbologia de l'ombra o en la penombra. Cl\u00e0ssicament antit\u00e8tica a la m\u00e0gia blanca","robots":{"index":"index","follow":"follow","max-snippet":"max-snippet:-1","max-image-preview":"max-image-preview:large","max-video-preview":"max-video-preview:-1"},"canonical":"https:\/\/iwell-guard.com\/ca\/magia-de-lombra\/","og_locale":"ca_ES","og_type":"article","og_title":"M\u00e0gia de l'ombra","og_description":"Terme col\u00b7lectiu per a pr\u00e0ctiques m\u00e0giques dutes a terme en secret, sovint amb simbologia de l'ombra o en la penombra. Cl\u00e0ssicament antit\u00e8tica a la m\u00e0gia blanca","og_url":"https:\/\/iwell-guard.com\/ca\/magia-de-lombra\/","og_site_name":"iWell Guard","article_modified_time":"2026-09-05T15:59:05+00:00","og_image":[{"width":1024,"height":1536,"url":"https:\/\/iwell-guard.com\/wp-content\/uploads\/2026\/05\/praktiken_schattenmagie.webp","type":"image\/webp"}],"twitter_card":"summary_large_image","schema":{"@context":"https:\/\/schema.org","@graph":[{"@type":"WebPage","@id":"https:\/\/iwell-guard.com\/ca\/magia-de-lombra\/","url":"https:\/\/iwell-guard.com\/ca\/magia-de-lombra\/","name":"M\u00e0gia de l'ombra \u2013 pr\u00e0ctiques ocultes","isPartOf":{"@id":"https:\/\/iwell-guard.com\/ca\/#website"},"primaryImageOfPage":{"@id":"https:\/\/iwell-guard.com\/ca\/magia-de-lombra\/#primaryimage"},"image":{"@id":"https:\/\/iwell-guard.com\/ca\/magia-de-lombra\/#primaryimage"},"thumbnailUrl":"https:\/\/iwell-guard.com\/wp-content\/uploads\/2026\/05\/praktiken_schattenmagie.webp","datePublished":"2026-09-05T15:39:49+00:00","dateModified":"2026-09-05T15:59:05+00:00","description":"Terme col\u00b7lectiu per a pr\u00e0ctiques m\u00e0giques dutes a terme en secret, sovint amb simbologia de l'ombra o en la penombra. Cl\u00e0ssicament antit\u00e8tica a la m\u00e0gia blanca","breadcrumb":{"@id":"https:\/\/iwell-guard.com\/ca\/magia-de-lombra\/#breadcrumb"},"inLanguage":"ca","potentialAction":[{"@type":"ReadAction","target":["https:\/\/iwell-guard.com\/ca\/magia-de-lombra\/"]}]},{"@type":"ImageObject","inLanguage":"ca","@id":"https:\/\/iwell-guard.com\/ca\/magia-de-lombra\/#primaryimage","url":"https:\/\/iwell-guard.com\/wp-content\/uploads\/2026\/05\/praktiken_schattenmagie.webp","contentUrl":"https:\/\/iwell-guard.com\/wp-content\/uploads\/2026\/05\/praktiken_schattenmagie.webp","width":1024,"height":1536,"caption":"M\u00e0gia de l'ombra \u2014 pr\u00e0ctiques del que est\u00e0 ocult"},{"@type":"BreadcrumbList","@id":"https:\/\/iwell-guard.com\/ca\/magia-de-lombra\/#breadcrumb","itemListElement":[{"@type":"ListItem","position":1,"name":"Start","item":"https:\/\/iwell-guard.com\/ca\/?page_id=171333"},{"@type":"ListItem","position":2,"name":"M\u00e0gia de l&#8217;ombra"}]},{"@type":"WebSite","@id":"https:\/\/iwell-guard.com\/ca\/#website","url":"https:\/\/iwell-guard.com\/ca\/","name":"iWell Guard","description":"Schutz vor dunklen Einfl\u00fcssen","publisher":{"@id":"https:\/\/iwell-guard.com\/ca\/#organization"},"potentialAction":[{"@type":"SearchAction","target":{"@type":"EntryPoint","urlTemplate":"https:\/\/iwell-guard.com\/ca\/?s={search_term_string}"},"query-input":{"@type":"PropertyValueSpecification","valueRequired":true,"valueName":"search_term_string"}}],"inLanguage":"ca"},{"@type":"Organization","@id":"https:\/\/iwell-guard.com\/ca\/#organization","name":"Ittermann electronic GmbH","url":"https:\/\/iwell-guard.com\/ca\/","logo":{"@type":"ImageObject","inLanguage":"ca","@id":"https:\/\/iwell-guard.com\/ca\/#\/schema\/logo\/image\/","url":"https:\/\/iwell-guard.com\/wp-content\/uploads\/2026\/05\/Ittermann-Logo-1182x237-1.png","contentUrl":"https:\/\/iwell-guard.com\/wp-content\/uploads\/2026\/05\/Ittermann-Logo-1182x237-1.png","width":1182,"height":237,"caption":"Ittermann electronic GmbH"},"image":{"@id":"https:\/\/iwell-guard.com\/ca\/#\/schema\/logo\/image\/"},"sameAs":["https:\/\/pantip.com\/profile\/9367242","https:\/\/micro.blog\/iwellguard","https:\/\/www.diggerslist.com\/iwellguard\/about","https:\/\/skitterphoto.com\/photographers\/2870314\/iwell-guard","https:\/\/iwellguard.wordpress.com\/2026\/06\/06\/iwell-guard\/","https:\/\/hub.docker.com\/u\/iwellguard","https:\/\/www.pinterest.com\/iwellguard\/","https:\/\/bit.ly\/m\/iwellguard","https:\/\/entre-vos-mains.alsace.eu\/profiles\/iwellguard\/activity","https:\/\/gravatar.com\/reallybeded8fd34","https:\/\/naijamatta.com\/iwellguard","https:\/\/www.goodreads.com\/iwellguard","https:\/\/profile.hatena.ne.jp\/iwellguard\/","https:\/\/experiment.com\/users\/iwellguard","https:\/\/wakelet.com\/@iWellGuard82270","https:\/\/www.chordie.com\/forum\/profile.php?id=2555664","https:\/\/www.instapaper.com\/p\/17757966","https:\/\/www.mapleprimes.com\/users\/iwellguard","https:\/\/businesslistingplus.com\/profile\/iwell-guard\/","https:\/\/telegra.ph\/iWell-Guard-06-06","https:\/\/pbase.com\/iwellguard\/iwellguard","https:\/\/b.hatena.ne.jp\/iwellguard\/20260607#bookmark-4788405196491818882","https:\/\/fliphtml5.com\/home\/iwellguard","https:\/\/anyflip.com\/homepage\/cmiwl#About","https:\/\/transfur.com\/Users\/iwellguard","http:\/\/delphi.larsbo.org\/user\/iwellguard","https:\/\/jobs.lajobsportal.org\/profiles\/8380803-iwell-guard","https:\/\/md.chaosdorf.de\/s\/jfbe5SBdJD","https:\/\/www.lingvolive.com\/en-us\/profile\/9ecaeaca-ce11-4e51-9e71-01d55e2bff36\/translations","https:\/\/www.fitday.com\/fitness\/forums\/members\/iwellguard.html","https:\/\/www.mymeetbook.com\/iwellguard","https:\/\/pxhere.com\/en\/photographer-me\/5040798","https:\/\/disqus.com\/by\/iwellguard\/about\/","https:\/\/pastelink.net\/hjwciqwq","https:\/\/pubhtml5.com\/homepage\/scjhn\/","https:\/\/www.bitchute.com\/channel\/2O2eOKzNqujT","https:\/\/audiomack.com\/iwellguard"]}]}},"_links":{"self":[{"href":"https:\/\/iwell-guard.com\/ca\/wp-json\/wp\/v2\/pages\/171491","targetHints":{"allow":["GET"]}}],"collection":[{"href":"https:\/\/iwell-guard.com\/ca\/wp-json\/wp\/v2\/pages"}],"about":[{"href":"https:\/\/iwell-guard.com\/ca\/wp-json\/wp\/v2\/types\/page"}],"author":[{"embeddable":true,"href":"https:\/\/iwell-guard.com\/ca\/wp-json\/wp\/v2\/users\/3"}],"replies":[{"embeddable":true,"href":"https:\/\/iwell-guard.com\/ca\/wp-json\/wp\/v2\/comments?post=171491"}],"version-history":[{"count":0,"href":"https:\/\/iwell-guard.com\/ca\/wp-json\/wp\/v2\/pages\/171491\/revisions"}],"wp:featuredmedia":[{"embeddable":true,"href":"https:\/\/iwell-guard.com\/ca\/wp-json\/wp\/v2\/media\/2307"}],"wp:attachment":[{"href":"https:\/\/iwell-guard.com\/ca\/wp-json\/wp\/v2\/media?parent=171491"}],"wp:term":[{"taxonomy":"category","embeddable":true,"href":"https:\/\/iwell-guard.com\/ca\/wp-json\/wp\/v2\/categories?post=171491"}],"curies":[{"name":"wp","href":"https:\/\/api.w.org\/{rel}","templated":true}]}}