{"id":171489,"date":"2026-09-05T15:39:48","date_gmt":"2026-09-05T15:39:48","guid":{"rendered":"https:\/\/iwell-guard.com\/?page_id=171489"},"modified":"2026-09-05T15:59:01","modified_gmt":"2026-09-05T15:59:01","slug":"necromancia","status":"publish","type":"page","link":"https:\/\/iwell-guard.com\/ca\/necromancia\/","title":{"rendered":"Necrom\u00e0ncia"},"content":{"rendered":"\t\t<div data-elementor-type=\"wp-page\" data-elementor-id=\"171489\" class=\"elementor elementor-171489 elementor-1938 elementor-bc-flex-widget\" data-elementor-post-type=\"page\">\n\t\t\t\t<div class=\"elementor-element elementor-element-am-nekrom-hero e-flex e-con-boxed e-con e-parent\" data-id=\"am-nekrom-hero\" data-element_type=\"container\" data-e-type=\"container\" data-settings=\"{&quot;background_background&quot;:&quot;classic&quot;}\">\n\t\t\t\t\t<div class=\"e-con-inner\">\n\t\t<div class=\"elementor-element elementor-element-am-nekrom-herohl e-flex e-con-boxed e-con e-child\" data-id=\"am-nekrom-herohl\" data-element_type=\"container\" data-e-type=\"container\">\n\t\t\t\t\t<div class=\"e-con-inner\">\n\t\t<div class=\"elementor-element elementor-element-am-nekrom-c3ceb6 e-con-full e-flex e-con e-child\" data-id=\"am-nekrom-c3ceb6\" data-element_type=\"container\" data-e-type=\"container\">\n\t\t\t\t<div class=\"elementor-element elementor-element-am-nekrom-96ae5e elementor-widget elementor-widget-heading\" data-id=\"am-nekrom-96ae5e\" data-element_type=\"widget\" data-e-type=\"widget\" data-widget_type=\"heading.default\">\n\t\t\t\t\t<h1 class=\"elementor-heading-title elementor-size-default\">Necrom\u00e0ncia, pr\u00e0ctica m\u00e0gica<\/h1>\t\t\t\t<\/div>\n\t\t\t\t<div class=\"elementor-element elementor-element-am-nekrom-e45238 elementor-widget elementor-widget-text-editor\" data-id=\"am-nekrom-e45238\" data-element_type=\"widget\" data-e-type=\"widget\" data-widget_type=\"text-editor.default\">\n\t\t\t\t\t\t\t\t\t<p>Aquesta <strong>panor\u00e0mica<\/strong> presenta pr\u00e0ctiques necrom\u00e0ntiques de l&#8217;<span class=\"iwg-fachbegriff\" data-tooltip=\"\u00c8poca de la cultura grega i romana, aproximadament del 800 a. C. al 600 d. C.\" tabindex=\"0\">Antiguitat<\/span>, l&#8217;edat mitjana i tradicions extraeuropees.<\/p><p>La necrom\u00e0ncia \u00e9s l&#8217;art m\u00e0ntic o m\u00e0gic de comunicar-se amb els difunts o d&#8217;invocar els morts, documentat des de la Mesopot\u00e0mia cune\u00efforme, els rituals grecs de necyia i les ofrenes funer\u00e0ries europees. Les fonts textuals van des del Pentateuc, passant per l&#8217;Odissea d&#8217;Homer, fins a l&#8217;exegesi cristiana primerenca sobre els esperits i les tradicions isl\u00e0miques d&#8217;enterrament dels morts.<\/p><p>La pr\u00e0ctica combina la <span class=\"iwg-fachbegriff\" data-tooltip=\"Terme general per a les pr\u00e0ctiques amb qu\u00e8 s'explora la voluntat divina.\" tabindex=\"0\">divinaci\u00f3<\/span>, la resurrecci\u00f3 dels morts i la perforaci\u00f3 cosmol\u00f2gica entre el regne dels vius i el regne dels morts. Aquesta pr\u00e0ctica exigeix coneixement ritual, art divinatori i qualificaci\u00f3 espiritual del mag o sacerdot.<\/p>\t\t\t\t\t\t\t\t<\/div>\n\t\t\t\t<\/div>\n\t\t<div class=\"elementor-element elementor-element-am-nekrom-klsbdg e-con-full e-flex e-con e-parent\" data-id=\"am-nekrom-klsbdg\" data-element_type=\"container\" data-e-type=\"container\">\n\t\t\t\t<div class=\"elementor-element elementor-element-am-nekrom-klshtm elementor-widget elementor-widget-html\" data-id=\"am-nekrom-klshtm\" data-element_type=\"widget\" data-e-type=\"widget\" data-widget_type=\"html.default\">\n\t\t\t\t\t<div class=\"iwg-pill-row\"><span class=\"iwg-klasse-badge\" tabindex=\"0\" data-tooltip=\"Pr\u00e0ctica: acci\u00f3 ritual, m\u00e0gica o espiritual amb un objectiu definit, protecci\u00f3, dany, efecte amor\u00f3s, contacte amb \u00e9ssers o camps d'informaci\u00f3 c\u00f2smics. Documentada hist\u00f2ricament des de l'edat del bronze.\">Pr\u00e0ctica<\/span><span class=\"iwg-kultur-badge\" tabindex=\"0\" data-tooltip=\"Fenomen transcultural, documentat en diverses cultures amb estructures afins.\">Transversal<\/span><\/div>\t\t\t\t<\/div>\n\t\t\t\t<\/div>\n\t\t<div class=\"elementor-element elementor-element-am-nekrom-3f7485 e-con-full e-flex e-con e-child\" data-id=\"am-nekrom-3f7485\" data-element_type=\"container\" data-e-type=\"container\">\n\t\t\t\t<div class=\"elementor-element elementor-element-am-nekrom-1c3036 elementor-toc--minimized-on-tablet elementor-widget elementor-widget-table-of-contents\" data-id=\"am-nekrom-1c3036\" data-element_type=\"widget\" data-e-type=\"widget\" data-settings=\"{&quot;exclude_headings_by_selector&quot;:[],&quot;no_headings_message&quot;:&quot;No s&#039;ha trobat cap encap\\u00e7alament en aquesta p\\u00e0gina.&quot;,&quot;headings_by_tags&quot;:[&quot;h2&quot;,&quot;h3&quot;],&quot;marker_view&quot;:&quot;bullets&quot;,&quot;minimize_box&quot;:&quot;yes&quot;,&quot;icon&quot;:{&quot;value&quot;:&quot;fas fa-circle&quot;,&quot;library&quot;:&quot;fa-solid&quot;,&quot;rendered_tag&quot;:&quot;&lt;svg class=\\&quot;e-font-icon-svg e-fas-circle\\&quot; viewBox=\\&quot;0 0 512 512\\&quot; xmlns=\\&quot;http:\\\/\\\/www.w3.org\\\/2000\\\/svg\\&quot;&gt;&lt;path d=\\&quot;M256 8C119 8 8 119 8 256s111 248 248 248 248-111 248-248S393 8 256 8z\\&quot;&gt;&lt;\\\/path&gt;&lt;\\\/svg&gt;&quot;},&quot;minimized_on&quot;:&quot;tablet&quot;,&quot;hierarchical_view&quot;:&quot;yes&quot;,&quot;min_height&quot;:{&quot;unit&quot;:&quot;px&quot;,&quot;size&quot;:&quot;&quot;,&quot;sizes&quot;:[]},&quot;min_height_tablet&quot;:{&quot;unit&quot;:&quot;px&quot;,&quot;size&quot;:&quot;&quot;,&quot;sizes&quot;:[]},&quot;min_height_mobile&quot;:{&quot;unit&quot;:&quot;px&quot;,&quot;size&quot;:&quot;&quot;,&quot;sizes&quot;:[]}}\" data-widget_type=\"table-of-contents.default\">\n\t\t\t\t\t\t\t\t\t<div class=\"elementor-toc__header\">\n\t\t\t\t\t\t<h2 class=\"elementor-toc__header-title\">\n\t\t\t\t\u00cdndex\t\t\t<\/h2>\n\t\t\t\t\t\t\t\t\t\t<div class=\"elementor-toc__toggle-button elementor-toc__toggle-button--expand\" role=\"button\" tabindex=\"0\" aria-controls=\"elementor-toc__am-nekrom-1c3036\" aria-expanded=\"true\" aria-label=\"Open table of contents\"><svg aria-hidden=\"true\" class=\"e-font-icon-svg e-fas-chevron-down\" viewBox=\"0 0 448 512\" xmlns=\"http:\/\/www.w3.org\/2000\/svg\"><path d=\"M207.029 381.476L12.686 187.132c-9.373-9.373-9.373-24.569 0-33.941l22.667-22.667c9.357-9.357 24.522-9.375 33.901-.04L224 284.505l154.745-154.021c9.379-9.335 24.544-9.317 33.901.04l22.667 22.667c9.373 9.373 9.373 24.569 0 33.941L240.971 381.476c-9.373 9.372-24.569 9.372-33.942 0z\"><\/path><\/svg><\/div>\n\t\t\t\t<div class=\"elementor-toc__toggle-button elementor-toc__toggle-button--collapse\" role=\"button\" tabindex=\"0\" aria-controls=\"elementor-toc__am-nekrom-1c3036\" aria-expanded=\"true\" aria-label=\"Close table of contents\"><svg aria-hidden=\"true\" class=\"e-font-icon-svg e-fas-chevron-up\" viewBox=\"0 0 448 512\" xmlns=\"http:\/\/www.w3.org\/2000\/svg\"><path d=\"M240.971 130.524l194.343 194.343c9.373 9.373 9.373 24.569 0 33.941l-22.667 22.667c-9.357 9.357-24.522 9.375-33.901.04L224 227.495 69.255 381.516c-9.379 9.335-24.544 9.317-33.901-.04l-22.667-22.667c-9.373-9.373-9.373-24.569 0-33.941L207.03 130.525c9.372-9.373 24.568-9.373 33.941-.001z\"><\/path><\/svg><\/div>\n\t\t\t\t\t<\/div>\n\t\t\t\t<div id=\"elementor-toc__am-nekrom-1c3036\" class=\"elementor-toc__body\">\n\t\t\t<div class=\"elementor-toc__spinner-container\">\n\t\t\t\t<svg class=\"elementor-toc__spinner eicon-animation-spin e-font-icon-svg e-eicon-loading\" aria-hidden=\"true\" viewBox=\"0 0 1000 1000\" xmlns=\"http:\/\/www.w3.org\/2000\/svg\"><path d=\"M500 975V858C696 858 858 696 858 500S696 142 500 142 142 304 142 500H25C25 237 238 25 500 25S975 237 975 500 763 975 500 975Z\"><\/path><\/svg>\t\t\t<\/div>\n\t\t<\/div>\n\t\t\t\t\t\t<\/div>\n\t\t\t\t<\/div>\n\t\t\t\t\t<\/div>\n\t\t\t\t<\/div>\n\t\t<div class=\"elementor-element elementor-element-am-nekrom-herorg e-flex e-con-boxed e-con e-child\" data-id=\"am-nekrom-herorg\" data-element_type=\"container\" data-e-type=\"container\">\n\t\t\t\t\t<div class=\"e-con-inner\">\n\t\t\t\t<div class=\"elementor-element elementor-element-am-nekrom-heroim iwg-hero-image elementor-widget elementor-widget-image\" data-id=\"am-nekrom-heroim\" data-element_type=\"widget\" data-e-type=\"widget\" data-widget_type=\"image.default\">\n\t\t\t\t\t\t\t\t\t\t\t\t\t\t\t<img fetchpriority=\"high\" decoding=\"async\" width=\"683\" height=\"1024\" src=\"https:\/\/iwell-guard.com\/wp-content\/uploads\/2026\/05\/praktiken_nekromantie-683x1024.webp\" class=\"attachment-large size-large wp-image-2306\" alt=\"Nekromantie \u2014 Beschw\u00f6rung Verstorbener\" srcset=\"https:\/\/iwell-guard.com\/wp-content\/uploads\/2026\/05\/praktiken_nekromantie-683x1024.webp 683w, https:\/\/iwell-guard.com\/wp-content\/uploads\/2026\/05\/praktiken_nekromantie-200x300.webp 200w, https:\/\/iwell-guard.com\/wp-content\/uploads\/2026\/05\/praktiken_nekromantie-768x1152.webp 768w, https:\/\/iwell-guard.com\/wp-content\/uploads\/2026\/05\/praktiken_nekromantie.webp 1024w\" sizes=\"(max-width: 683px) 100vw, 683px\" \/>\t\t\t\t\t\t\t\t\t\t\t\t\t\t\t<\/div>\n\t\t\t\t\t<\/div>\n\t\t\t\t<\/div>\n\t\t\t\t\t<\/div>\n\t\t\t\t<\/div>\n\t\t<div class=\"elementor-element elementor-element-wmd-s1 e-con-boxed e-flex e-con e-parent\" data-id=\"wmd-s1\" data-element_type=\"container\" data-e-type=\"container\">\n\t\t\t\t\t<div class=\"e-con-inner\">\n\t\t\t\t<div class=\"elementor-element elementor-element-wmd-h1 elementor-widget elementor-widget-heading\" data-id=\"wmd-h1\" data-element_type=\"widget\" data-e-type=\"widget\" id=\"wmd-h1\" data-widget_type=\"heading.default\">\n\t\t\t\t\t<h2 class=\"elementor-heading-title elementor-size-default\">Terme i delimitaci\u00f3<\/h2>\t\t\t\t<\/div>\n\t\t<div class=\"elementor-element elementor-element-am-wmdt1-bw e-flex e-con-boxed e-con e-child\" data-id=\"am-wmdt1-bw\" data-element_type=\"container\" data-e-type=\"container\" data-settings=\"{&quot;background_background&quot;:&quot;classic&quot;}\">\n\t\t\t\t\t<div class=\"e-con-inner\">\n\t\t\t\t<div class=\"elementor-element elementor-element-wmd-t1 elementor-widget elementor-widget-text-editor\" data-id=\"wmd-t1\" data-element_type=\"widget\" data-e-type=\"widget\" data-widget_type=\"text-editor.default\">\n\t\t\t\t\t\t\t\t\t<p>La necrom\u00e0ncia no \u00e9s simplement <a class=\"iwg-fachbegriff\" href=\"https:\/\/iwell-guard.com\/ca\/?page_id=171644\" tabindex=\"0\" data-tooltip=\"Moviment religi\u00f3s i medi\u00famnic, sorgit als Estats Units cap a la d\u00e8cada de 1850, sistematitzat per Allan Kardec; treballa amb la comunicaci\u00f3 amb els esperits.\" style=\"color:inherit;text-decoration:none\">espiritisme<\/a> ni una sessi\u00f3 d&#8217;espiritisme, encara que aquestes pr\u00e0ctiques hi estan relacionades. L&#8217;<a class=\"iwg-fachbegriff\" href=\"https:\/\/iwell-guard.com\/ca\/?page_id=171644\" tabindex=\"0\" data-tooltip=\"Moviment religi\u00f3s i medi\u00famnic, sorgit als Estats Units cap a la d\u00e8cada de 1850, sistematitzat per Allan Kardec.\" style=\"color:inherit;text-decoration:none\">espiritisme<\/a> \u00e9s passiu i comunicatiu, la necrom\u00e0ncia \u00e9s <strong>activa i coercitiva<\/strong>. El nigromant ordena al mort, no a l&#8217;inrev\u00e9s.<\/p><p>Una segona difer\u00e8ncia: la necrom\u00e0ncia sovint es refereix a morts violentes o impures (executats, ofegats, caiguts en guerra), no a avantpassats estimats. La qualitat del mort \u00e9s important per a la for\u00e7a m\u00e0gica.<\/p><p>Diferenciaci\u00f3 respecte al <span class=\"iwg-fachbegriff\" data-tooltip=\"Veneraci\u00f3 dels difunts d'una fam\u00edlia com a poders protectors que continuen actuant.\" tabindex=\"0\">culte als avantpassats<\/span>: el <span class=\"iwg-fachbegriff\" data-tooltip=\"Veneraci\u00f3 dels difunts d'una fam\u00edlia com a poders protectors que continuen actuant.\" tabindex=\"0\">culte als avantpassats<\/span> \u00e9s religi\u00f3s i respectu\u00f3s, la necrom\u00e0ncia \u00e9s m\u00e0gica i controladora, de vegades fins i tot hostil.<\/p><div><p>El terme <em>necrom\u00e0ncia<\/em> prov\u00e9 del grec <em>nekromante\u00eda<\/em> (de <em>nekr\u00f3s<\/em>, mort, i <em>mante\u00eda<\/em>, <span class=\"iwg-fachbegriff\" data-tooltip=\"L'interpretaci\u00f3 de senyals per con\u00e8ixer el que est\u00e0 ocult o el futur.\" tabindex=\"0\">endevinaci\u00f3<\/span>). El nucli de la pr\u00e0ctica \u00e9s l&#8217;intent d&#8217;obtenir, mitjan\u00e7ant la <span class=\"iwg-fachbegriff\" data-tooltip=\"L'acte de dirigir-se a una divinitat o poder, ja sigui pregant o invocant.\" tabindex=\"0\">invocaci\u00f3<\/span> dels morts, informaci\u00f3 sobre el passat, el present o el futur.<\/p><p>Des del punt de vista de la hist\u00f2ria de les religions, la necrom\u00e0ncia no \u00e9s una invenci\u00f3 de l&#8217;edat moderna cristiana, sin\u00f3 una pr\u00e0ctica amb una prehist\u00f2ria molt anterior en les religions de les altes cultures de la Mediterr\u00e0nia.<\/p><p>La necrom\u00e0ncia es troba en tensi\u00f3 amb les formes religioses institucionalitzades: la <span class=\"iwg-fachbegriff\" data-tooltip=\"Els cinc llibres de Mois\u00e8s, el conjunt de textos fonamental del judaisme.\" tabindex=\"0\">Tor\u00e0<\/span> jueva la prohibeix expressament (Lev\u00edtic 19,31; Deuteronomi 18,11), la tradici\u00f3 cristiana n&#8217;assumeix la prohibici\u00f3, i tamb\u00e9 la xaria isl\u00e0mica cont\u00e9 normes clares de prohibici\u00f3.<\/p><p>Malgrat aquestes prohibicions, la necrom\u00e0ncia est\u00e0 documentada de manera continuada, tant en la pr\u00e0ctica com en la literatura, en els tres \u00e0mbits religiosos, la qual cosa il\u00b7lustra b\u00e9 la discrep\u00e0ncia entre norma i pr\u00e0ctica en la hist\u00f2ria de les religions.<\/p><\/div>\t\t\t\t\t\t\t\t<\/div>\n\t\t\t\t\t<\/div>\n\t\t\t\t<\/div>\n\t\t\t\t\t<\/div>\n\t\t\t\t<\/div>\n\t\t<div class=\"elementor-element elementor-element-wmd-s2 e-con-boxed e-flex e-con e-parent\" data-id=\"wmd-s2\" data-element_type=\"container\" data-e-type=\"container\">\n\t\t\t\t\t<div class=\"e-con-inner\">\n\t\t\t\t<div class=\"elementor-element elementor-element-wmd-h2 elementor-widget elementor-widget-heading\" data-id=\"wmd-h2\" data-element_type=\"widget\" data-e-type=\"widget\" id=\"wmd-h2\" data-widget_type=\"heading.default\">\n\t\t\t\t\t<h2 class=\"elementor-heading-title elementor-size-default\">Exemples culturohist\u00f2rics<\/h2>\t\t\t\t<\/div>\n\t\t<div class=\"elementor-element elementor-element-am-wmdt2-bw e-flex e-con-boxed e-con e-child\" data-id=\"am-wmdt2-bw\" data-element_type=\"container\" data-e-type=\"container\" data-settings=\"{&quot;background_background&quot;:&quot;classic&quot;}\">\n\t\t\t\t\t<div class=\"e-con-inner\">\n\t\t\t\t<div class=\"elementor-element elementor-element-wmd-t2 elementor-widget elementor-widget-text-editor\" data-id=\"wmd-t2\" data-element_type=\"widget\" data-e-type=\"widget\" data-widget_type=\"text-editor.default\">\n\t\t\t\t\t\t\t\t\t<p><strong>Nigrom\u00e0ncia grega de l&#8217;<span class=\"iwg-fachbegriff\" data-tooltip=\"\u00c8poca de la cultura grega i romana, aproximadament del 800 a. C. al 600 d. C.\" tabindex=\"0\">Antiguitat<\/span><\/strong>: Homer descriu a l&#8217;Odissea l&#8217;<span class=\"iwg-fachbegriff\" data-tooltip=\"Un ritual verbal destinat a invocar o vincular un poder.\" tabindex=\"0\">evocaci\u00f3<\/span> de Tir\u00e8sias per part d&#8217;Ulisses, un cl\u00e0ssic. H\u00e8cate \u00e9s invocada en papirs antics com a deessa de la nigrom\u00e0ncia. Els necromantions grecs sovint se situaven en llocs foscos, <span class=\"iwg-fachbegriff\" data-tooltip=\"Un lloc o instituci\u00f3 on s'obt\u00e9 un designi div\u00ed.\" tabindex=\"0\">oracles<\/span> dels morts com el Necromantion del riu Aqueront.<\/p><p>Episodi b\u00edblic de Sa\u00fcl: al Primer Llibre de Samuel, el rei Sa\u00fcl convoca la bruixa d&#8217;Endor per fer evocar el profeta mort Samuel, un exemple hist\u00f2ric de transgressi\u00f3 de tab\u00fa i condemna divina. Aquest passatge s&#8217;ha utilitzat en la <span class=\"iwg-fachbegriff\" data-tooltip=\"La disciplina cient\u00edfica que estudia D\u00e9u i la fe d'una religi\u00f3.\" tabindex=\"0\">teologia<\/span> cristiana com a argument contra la nigrom\u00e0ncia.<\/p><p>Go\u00e8tia cristiana: el <em>Lemegeton<\/em> o <em>Lesser Key of Solomon<\/em> \u00e9s un grimori europeu (manual m\u00e0gic) amb procediments detallats de nigrom\u00e0ncia. Combina elements hebreus, plat\u00f2nics i demonol\u00f2gics. El practicant ha d&#8217;evocar dimonis i morts per a la <span class=\"iwg-fachbegriff\" data-tooltip=\"La interpretaci\u00f3 de senyals per con\u00e8ixer el que \u00e9s amagat o futur.\" tabindex=\"0\">endevinaci\u00f3<\/span> o per obtenir poder m\u00e0gic.<\/p><p>Nigrom\u00e0ncia europea medieval: els manuals de mags descriuen pr\u00e0ctiques com invocar els morts a les seves tombes, utilitzar f\u00f3rmules escrites en pergam\u00ed i emprar parts corporals (ossos, carn) del difunt com a eines m\u00e0giques.<\/p><p>Tradicions africanes i afrocaribenyes: el Hoodoo i el Vud\u00fa inclouen un fort treball amb els avantpassats i els morts, no com a nigrom\u00e0ncia en el sentit occidental, sin\u00f3 com a comunicaci\u00f3 i comprom\u00eds. La zombificaci\u00f3 \u00e9s una forma de nigrom\u00e0ncia.<\/p><div><h3>Estrats de l&#8217;<span class=\"iwg-fachbegriff\" data-tooltip=\"\u00c8poca de la cultura grega i romana, aproximadament del 800 a. C. al 600 d. C.\" tabindex=\"0\">Antiguitat<\/span><\/h3><p>Els testimonis m\u00e9s antics conservats de nigrom\u00e0ncia a la Mediterr\u00e0nia provenen de la tradici\u00f3 mesopot\u00e0mica (textos d&#8217;invocaci\u00f3 acadis per a la <span class=\"iwg-fachbegriff\" data-tooltip=\"L'acte de dirigir-se a una divinitat o poder amb una s\u00faplica o invocaci\u00f3.\" tabindex=\"0\">invocaci\u00f3<\/span> dels morts, documentats per Tzvi Abusch i Daniel Schwemer al <em>Corpus of Mesopotamian Anti-Witchcraft Rituals<\/em>).<\/p><p>La tradici\u00f3 grega coneix de manera destacada el <span class=\"iwg-fachbegriff\" data-tooltip=\"Un element tem\u00e0tic recurrent en l'art o la narrativa.\" tabindex=\"0\">motiu<\/span> de la <em>Nekyia<\/em>: a l&#8217;Odissea (cant XI), Ulisses invoca les ombres dels morts a l&#8217;entrada de l&#8217;inframon per interrogar Tir\u00e8sias. Aquest <span class=\"iwg-fachbegriff\" data-tooltip=\"Un element tem\u00e0tic recurrent en l'art o la narrativa.\" tabindex=\"0\">motiu<\/span> es trasllada a la tradici\u00f3 romana amb Virgili (<em>Eneida<\/em>, llibre VI), on Eneas visita el seu pare Anquises a l&#8217;inframon.<\/p><p>La pr\u00e0ctica grecoromana estava institucionalment vinculada a llocs d&#8217;oracle i santuaris dels morts (el Necromantion d&#8217;\u00c8fira, excavat per Sotirios Dakaris); la hist\u00f2ria de les religions la situa dins el conjunt m\u00e9s ampli del culte als morts i el culte als herois. Plutarc informa a <em>De defectu oraculorum<\/em> sobre els necromantions i la seva decad\u00e8ncia durant l&#8217;\u00e8poca imperial.<\/p><h3>Tradici\u00f3 b\u00edblica i rab\u00ednica<\/h3><p>L&#8217;episodi nigrom\u00e0ntic b\u00edblic m\u00e9s c\u00e8lebre \u00e9s el de la bruixa d&#8217;Endor (1 Samuel 28), que evoca per al rei Sa\u00fcl el profeta difunt Samuel.<\/p><p>Aquest episodi ha estat objecte d&#8217;extensos comentaris teol\u00f2gics, des de la tradici\u00f3 rab\u00ednica (<span class=\"iwg-fachbegriff\" tabindex=\"0\" data-tooltip=\"Obra principal del judaisme rab\u00ednic, en versi\u00f3 babil\u00f2nica i de Jerusalem; cont\u00e9 la Mixn\u00e0 i la Guemar\u00e0.\">Talmud<\/span> Bavli, Berakhot 12b) fins a <span class=\"iwg-fachbegriff\" tabindex=\"0\" data-tooltip=\"Agust\u00ed d'Hipona (354\u2013430); pare de l'Esgl\u00e9sia cristiana, autor principal de les Confessions i De civitate Dei.\">Agust\u00ed<\/span> (<em>De cura pro mortuis gerenda<\/em>, cap al 421\/22), que discuteix si es tractava d&#8217;una aparici\u00f3 aut\u00e8ntica de Samuel o d&#8217;un engany demon\u00edac.<\/p><p>Aquesta q\u00fcesti\u00f3 va marcar la <span class=\"iwg-fachbegriff\" data-tooltip=\"La disciplina cient\u00edfica que estudia D\u00e9u i la fe d'una religi\u00f3.\" tabindex=\"0\">teologia<\/span> cristiana sobre la nigrom\u00e0ncia fins al segle XVII.<\/p><\/div>\t\t\t\t\t\t\t\t<\/div>\n\t\t\t\t\t<\/div>\n\t\t\t\t<\/div>\n\t\t\t\t\t<\/div>\n\t\t\t\t<\/div>\n\t\t<div class=\"elementor-element elementor-element-wmd-s3 e-con-boxed e-flex e-con e-parent\" data-id=\"wmd-s3\" data-element_type=\"container\" data-e-type=\"container\">\n\t\t\t\t\t<div class=\"e-con-inner\">\n\t\t\t\t<div class=\"elementor-element elementor-element-wmd-h3 elementor-widget elementor-widget-heading\" data-id=\"wmd-h3\" data-element_type=\"widget\" data-e-type=\"widget\" id=\"wmd-h3\" data-widget_type=\"heading.default\">\n\t\t\t\t\t<h2 class=\"elementor-heading-title elementor-size-default\">Estat de les fonts<\/h2>\t\t\t\t<\/div>\n\t\t<div class=\"elementor-element elementor-element-am-wmdt3-bw e-flex e-con-boxed e-con e-child\" data-id=\"am-wmdt3-bw\" data-element_type=\"container\" data-e-type=\"container\" data-settings=\"{&quot;background_background&quot;:&quot;classic&quot;}\">\n\t\t\t\t\t<div class=\"e-con-inner\">\n\t\t\t\t<div class=\"elementor-element elementor-element-wmd-t3 elementor-widget elementor-widget-text-editor\" data-id=\"wmd-t3\" data-element_type=\"widget\" data-e-type=\"widget\" data-widget_type=\"text-editor.default\">\n\t\t\t\t\t\t\t\t\t<div><h3>Tradici\u00f3 medieval i moderna primerenca<\/h3><p><span data-nosnippet>A l&#8217;edat mitjana s&#8217;estableix una tradici\u00f3 pr\u00f2pia de nigrom\u00e0ncia ritual-m\u00e0gica, sobretot en el subm\u00f3n clerical (l&#8217;anomenada <em>nigrom\u00e0ncia clerical<\/em>, estudiada en profunditat per Richard Kieckhefer a <em>Forbidden Rites<\/em>, 1997). Fonts centrals s\u00f3n el <em>Liber Iuratus<\/em>, el <em>Liber Razielis<\/em> i el text de nigrom\u00e0ncia de Munic (<em>Codex Latinus Monacensis 849<\/em>, ca. 1450).<\/span><\/p><p>Aquests textos combinen la <span class=\"iwg-fachbegriff\" data-tooltip=\"L'acte de dirigir-se a una divinitat o poder de forma suplicant o conjuradora.\" tabindex=\"0\">invocaci\u00f3<\/span> dels morts, la <span class=\"iwg-fachbegriff\" data-tooltip=\"L'acte de dirigir-se a una divinitat o poder de forma suplicant o conjuradora.\" tabindex=\"0\">invocaci\u00f3<\/span> d&#8217;<span class=\"iwg-fachbegriff\" data-tooltip=\"En les religions abrah\u00e0miques, un \u00e9sser missatger celestial de D\u00e9u.\" tabindex=\"0\">\u00e0ngels<\/span> i la go\u00e8cia en una s\u00edntesi met\u00f2dica que m\u00e9s endavant tornar\u00e0 a desfer-se, en part, en el <em>Lemegeton<\/em>. La Inquisici\u00f3 cat\u00f2lica va actuar sistem\u00e0ticament contra aquesta tradici\u00f3 des del segle XIII, sense arribar a extirpar-la.<\/p><p>Una capa a part la forma l&#8217;anomenada <em>te\u00fargia<\/em>, que dins la tradici\u00f3 del <span class=\"iwg-fachbegriff\" tabindex=\"0\" data-tooltip=\"Tradici\u00f3 filos\u00f2fica de l'antiguitat tardana (Plot\u00ed, I\u00e0mblic, Procle) amb la doctrina de l'U i l'emanaci\u00f3 esglaonada; d'orientaci\u00f3 te\u00fargica.\">neoplatonisme<\/span> tardoantic (<span class=\"iwg-fachbegriff\" tabindex=\"0\" data-tooltip=\"Neoplat\u00f2nic de l'antiguitat tardana (245\u2013325 dC); obra principal De mysteriis; fundador de la te\u00fargia sistem\u00e0tica.\">I\u00e0mblic<\/span>, Procle) es va delimitar com a pr\u00e0ctica leg\u00edtima d&#8217;ascensi\u00f3 enfront de la go\u00e8cia, per\u00f2 en la pol\u00e8mica cristiana sovint es va identificar amb la nigrom\u00e0ncia. Aquesta identificaci\u00f3 \u00e9s, des del punt de vista de la hist\u00f2ria de les religions, err\u00f2nia, per\u00f2 es va imposar en la <span class=\"iwg-fachbegriff\" data-tooltip=\"La doctrina cient\u00edfica sobre D\u00e9u i sobre la fe d'una religi\u00f3.\" tabindex=\"0\">teologia<\/span> dels processos de bruixeria.<\/p><\/div>\t\t\t\t\t\t\t\t<\/div>\n\t\t\t\t\t<\/div>\n\t\t\t\t<\/div>\n\t\t\t\t\t<\/div>\n\t\t\t\t<\/div>\n\t\t<div class=\"elementor-element elementor-element-wmd-s4 e-con-boxed e-flex e-con e-parent\" data-id=\"wmd-s4\" data-element_type=\"container\" data-e-type=\"container\">\n\t\t\t\t\t<div class=\"e-con-inner\">\n\t\t\t\t<div class=\"elementor-element elementor-element-wmd-h4 elementor-widget elementor-widget-heading\" data-id=\"wmd-h4\" data-element_type=\"widget\" data-e-type=\"widget\" id=\"wmd-h4\" data-widget_type=\"heading.default\">\n\t\t\t\t\t<h2 class=\"elementor-heading-title elementor-size-default\">Significat actual \/ \u00c9ssers relacionats<\/h2>\t\t\t\t<\/div>\n\t\t<div class=\"elementor-element elementor-element-am-wmdt4-bw e-flex e-con-boxed e-con e-child\" data-id=\"am-wmdt4-bw\" data-element_type=\"container\" data-e-type=\"container\" data-settings=\"{&quot;background_background&quot;:&quot;classic&quot;}\">\n\t\t\t\t\t<div class=\"e-con-inner\">\n\t\t\t\t<div class=\"elementor-element elementor-element-wmd-t4 elementor-widget elementor-widget-text-editor\" data-id=\"wmd-t4\" data-element_type=\"widget\" data-e-type=\"widget\" data-widget_type=\"text-editor.default\">\n\t\t\t\t\t\t\t\t\t<footer class=\"iwg-literatura\"><p>En les subcultures m\u00e0giques modernes la necrom\u00e0ncia continua present, en el <span class=\"iwg-fachbegriff\" tabindex=\"0\" data-tooltip=\"Corrent brit\u00e0nic de finals dels anys 1970, fundat per Peter Carroll i Ray Sherwin; metodicorradical, sense pante\u00f3 fix.\">Caos-m\u00e0gia<\/span>, la baixa <span class=\"iwg-fachbegriff\" data-tooltip=\"Pr\u00e0ctiques que volen intervenir en el curs de les coses mitjan\u00e7ant accions o f\u00f3rmules especials.\" tabindex=\"0\">m\u00e0gia<\/span>, el LARPing i les subcultures g\u00f2tiques. Els moviments espiritistes del segle XIX (sessions d&#8217;espiritisme, taules girat\u00f2ries) s\u00f3n fen\u00f2mens emparentats. Psicol\u00f2gicament, la necrom\u00e0ncia sovint s&#8217;interpreta com una forma d&#8217;elaborar el dol o el trauma; el desig de parlar amb els morts \u00e9s universal, la interpretaci\u00f3 m\u00e0gica n&#8217;\u00e9s una forma cultural.<\/p><p>Pr\u00e0ctiques relacionades: <a href=\"https:\/\/iwell-guard.com\/ca\/?page_id=171490\">m\u00e0gia de sang<\/a> (sovint lligada a la necrom\u00e0ncia), <a href=\"https:\/\/iwell-guard.com\/ca\/?page_id=171492\">invocaci\u00f3<\/a> (<span class=\"iwg-fachbegriff\" data-tooltip=\"Un ritual ling\u00fc\u00edstic que pret\u00e9n cridar o vincular un poder.\" tabindex=\"0\">conjur<\/span>), <a href=\"https:\/\/iwell-guard.com\/ca\/?page_id=171605\">zombi<\/a> (manipulaci\u00f3 necrom\u00e0ntica).<\/p><h3>M\u00f3n mediterrani de l&#8217;<span class=\"iwg-fachbegriff\" data-tooltip=\"\u00c8poca de la cultura grega i romana, aproximadament del 800 aC al 600 dC.\" tabindex=\"0\">Antiguitat<\/span><\/h3><p>La necrom\u00e0ncia de l&#8217;<span class=\"iwg-fachbegriff\" data-tooltip=\"\u00c8poca de la cultura grega i romana, aproximadament del 800 aC al 600 dC.\" tabindex=\"0\">Antiguitat<\/span> \u00e9s una de les pr\u00e0ctiques m\u00e0giques m\u00e9s ben documentades del m\u00f3n mediterrani. Homer descriu a l&#8217;Odissea (llibre XI) una consulta als morts feta per Odisseu a la vora de l&#8217;infram\u00f3n, amb detall metodol\u00f2gic: sacrifici d&#8217;animals, ofrena de sang i <span class=\"iwg-fachbegriff\" data-tooltip=\"La invocaci\u00f3 suplicant o conjuradora d'una divinitat o poder.\" tabindex=\"0\">invocaci\u00f3<\/span> ritual. A l&#8217;Antic Testament, 1 Samuel 28 narra la hist\u00f2ria de la dona d&#8217;Endor, que invoca el difunt Samuel per a Sa\u00fcl.<\/p><p>Tots dos textos mostren que la pr\u00e0ctica era coneguda i acceptada cap al segle VIII-VI aC, tot i que se n&#8217;oferia una valoraci\u00f3 teol\u00f2gica ambivalent: Sa\u00fcl \u00e9s jutjat a l&#8217;Antic Testament per aquesta pr\u00e0ctica, mentre que Odisseu n&#8217;obt\u00e9 una resposta reeixida.<\/p><h3>Tradici\u00f3 hel\u00b7lenisticoromana<\/h3><p>Al m\u00f3n hel\u00b7len\u00edstic i rom\u00e0 la pr\u00e0ctica de la necrom\u00e0ncia es professionalitza m\u00e9s. Lluci\u00e0, en els seus di\u00e0legs, descriu els necromants com a farsants; Apuleu, en les seves \u00abMetamorfosis\u00bb, els tracta com a mags respectables.<\/p><p>Els papirs m\u00e0gics grecs (Karl Preisendanz, Papyri Graecae Magicae) contenen nombroses invocacions necrom\u00e0ntiques amb instruccions detallades. En el context rom\u00e0 hi havia llocs especialitzats, com el necromanteion d&#8217;Efira a l&#8217;Epir o la cova de l&#8217;Avern a Cumes, que s&#8217;utilitzaven per a la consulta als morts.<\/p><h3>Edat mitjana i <span class=\"iwg-fachbegriff\" data-tooltip=\"\u00c8poca aproximadament del segle XV al XVIII.\" tabindex=\"0\">edat moderna primerenca<\/span><\/h3><p>A l&#8217;edat mitjana cristiana la necrom\u00e0ncia es prohibeix sistem\u00e0ticament i es persegueix juntament amb la <span class=\"iwg-fachbegriff\" tabindex=\"0\" data-tooltip=\"Persecuci\u00f3 de l'edat moderna primerenca de persones acusades de pacte de bruixeria amb el diable; 1450-1750.\">persecuci\u00f3 de bruixes<\/span>. Els manuscrits medievals de necrom\u00e0ncia (per exemple la tradici\u00f3 del Picatrix, el Munich Manual of Demonic Magic, Kieckhefer \u00abForbidden Rites\u00bb 1997) mostren, per\u00f2, que la pr\u00e0ctica va continuar malgrat la prohibici\u00f3, sobretot en cercles clericals que tenien acc\u00e9s literari a les fonts llatines.<\/p><p>En aquesta fase la necrom\u00e0ncia passa de ser una pr\u00e0ctica aut\u00f2noma a formar part d&#8217;un camp m\u00e9s ampli, el de la go\u00e8cia i la magia culta medieval.<\/p><h3>Pr\u00e0ctica moderna<\/h3><p>A l&#8217;escena ocultista moderna la necrom\u00e0ncia com a pr\u00e0ctica aut\u00f2noma s&#8217;ha fet rara, per\u00f2 perviu en l&#8217;<a class=\"iwg-fachbegriff\" href=\"https:\/\/iwell-guard.com\/ca\/?page_id=171644\" tabindex=\"0\" data-tooltip=\"Doctrina i pr\u00e0ctica de comunicaci\u00f3 amb els morts a trav\u00e9s de m\u00e8diums; sorgida el 1848 a Hydesville\/EUA, codificada per Allan Kardec.\" style=\"color:inherit;text-decoration:none\">espiritisme<\/a> (segle XIX) i en pr\u00e0ctiques medi\u00famniques modernes.<\/p><p><span data-nosnippet>L&#8217;<a class=\"iwg-fachbegriff\" href=\"https:\/\/iwell-guard.com\/ca\/?page_id=171644\" tabindex=\"0\" data-tooltip=\"Doctrina i pr\u00e0ctica de comunicaci\u00f3 amb els morts a trav\u00e9s de m\u00e8diums; sorgida el 1848 a Hydesville\/EUA, codificada per Allan Kardec.\" style=\"color:inherit;text-decoration:none\">espiritisme<\/a> \u00e9s metodol\u00f2gicament proper a la necrom\u00e0ncia antiga: tamb\u00e9 aqu\u00ed es tracta d&#8217;una consulta als morts a trav\u00e9s d&#8217;un subjecte mediador amb dots medi\u00famniques. La recerca cient\u00edfica considera l&#8217;espiritisme com un successor secularitzat modern de la tradici\u00f3 necrom\u00e0ntica antiga (Bret Carroll, \u00abSpiritualism in Antebellum America\u00bb, 1997).<\/span><\/p><h3>Articles relacionats<\/h3><p>Dins el lexic\u00f3 d&#8217;iWell Guard hi ha continguts afins: <a href=\"https:\/\/iwell-guard.com\/ca\/?page_id=171492\">invocaci\u00f3<\/a> com a terme gen\u00e8ric, <a href=\"https:\/\/iwell-guard.com\/ca\/?page_id=171622\">go\u00e8cia<\/a> com a tradici\u00f3 ritual germana, <a href=\"https:\/\/iwell-guard.com\/ca\/?page_id=171451\">esperits dels morts<\/a> com a visi\u00f3 de conjunt de la classe d&#8217;\u00e9ssers amb qu\u00e8 opera la necrom\u00e0ncia, i \u00e9ssers concrets com <a href=\"https:\/\/iwell-guard.com\/ca\/edimmu\/\">Edimmu<\/a>, H\u00e8cate i Caront com a figures rellevants per a la hist\u00f2ria de les religions del m\u00f3n dels morts antic.<\/p><div data-nosnippet=\"true\" class=\"iwg-litliste\"><p><strong>Literatura est\u00e0ndard (<span class=\"iwg-fachbegriff\" data-tooltip=\"La ci\u00e8ncia que estudia les religions de manera comparada i sense vinculaci\u00f3 de fe.\" tabindex=\"0\">hist\u00f2ria comparada de les religions<\/span>):<\/strong><\/p><\/div><\/footer><div><h3>Posici\u00f3 d&#8217;iWell Guard sobre la necrom\u00e0ncia<\/h3><p>A iWell Guard la necrom\u00e0ncia es documenta com una pr\u00e0ctica clarament delimitable des del punt de vista hist\u00f2ric, sense que aix\u00f2 impliqui recomanar-ne la pr\u00e0ctica. Forma part de la segona capa del camp de protecci\u00f3 d&#8217;iWell Guard (vegeu <a href=\"https:\/\/iwell-guard.com\/ca\/?page_id=171627\">visi\u00f3 de conjunt del funcionament del mantra de protecci\u00f3<\/a>): els intents de dirigir energies de m\u00e0gia negra, incloses les pr\u00e0ctiques necrom\u00e0ntiques, contra el portador s\u00f3n rebutjats per l&#8217;escut protector.<\/p><p>Qui practica la necrom\u00e0ncia pel seu compte queda subjecte a la cl\u00e0usula d&#8217;autoaplicaci\u00f3 del mantra (punt 10), que redirigeix aquestes energies cap al mateix practicant.<\/p><p>La documentaci\u00f3 des de la hist\u00f2ria de les religions t\u00e9 un valor de coneixement propi, independent de la recomanaci\u00f3 pr\u00e0ctica. Qui vulgui entendre la profunditat hist\u00f2rica de la tradici\u00f3 necrom\u00e0ntica trobar\u00e0, en els articles sobre figures concretes (la bruixa d&#8217;Endor, Apol\u00b7loni de T\u00edana, Edward Kelley), presentacions detallades amb fonts, jerarquia i antecedents hist\u00f2rics.<\/p><\/div>\n<p class=\"iwg-bib-more\"><span data-nosnippet>M\u00e9s obres de refer\u00e8ncia al <a href=\"https:\/\/iwell-guard.com\/ca\/?page_id=171483\">llistat bibliogr\u00e0fic<\/a>.<\/span><\/p>\t\t\t\t\t\t\t\t<\/div>\n\t\t\t\t\t<\/div>\n\t\t\t\t<\/div>\n\t\t\t\t\t<\/div>\n\t\t\t\t<\/div>\n\t\t<div class=\"elementor-element elementor-element-iwgcb-nekroman-sec e-flex e-con-boxed e-con e-parent\" data-id=\"iwgcb-nekroman-sec\" data-element_type=\"container\" data-e-type=\"container\" id=\"iwg-cb-nekromantie\">\n\t\t\t\t\t<div class=\"e-con-inner\">\n\t\t<div class=\"elementor-element elementor-element-iwgcb-nekroman-inner e-flex e-con-boxed e-con e-parent\" data-id=\"iwgcb-nekroman-inner\" data-element_type=\"container\" data-e-type=\"container\" data-settings=\"{&quot;background_background&quot;:&quot;classic&quot;}\">\n\t\t\t\t\t<div class=\"e-con-inner\">\n\t\t\t\t<div class=\"elementor-element elementor-element-iwgcb-nekroman-h elementor-widget elementor-widget-heading\" data-id=\"iwgcb-nekroman-h\" data-element_type=\"widget\" data-e-type=\"widget\" data-widget_type=\"heading.default\">\n\t\t\t\t\t<h2 class=\"elementor-heading-title elementor-size-default\">iWell Guard i tradicions de protecci\u00f3<\/h2>\t\t\t\t<\/div>\n\t\t\t\t<div class=\"elementor-element elementor-element-iwgcb-nekroman-t elementor-widget elementor-widget-text-editor\" data-id=\"iwgcb-nekroman-t\" data-element_type=\"widget\" data-e-type=\"widget\" data-widget_type=\"text-editor.default\">\n\t\t\t\t\t\t\t\t\t<div data-nosnippet=\"true\"><p>Al llarg de totes les cultures documentades es poden trobar objectes de protecci\u00f3 que la gent portava al cos, des dels amulets de <a href=\"https:\/\/iwell-guard.com\/ca\/pazuzu\/\">Pazuzu<\/a> a Mesopot\u00e0mia, passant per la <a href=\"https:\/\/iwell-guard.com\/ca\/?page_id=171650\">Hamsa<\/a> a la Mediterr\u00e0nia, fins a la <a href=\"https:\/\/iwell-guard.com\/ca\/?page_id=171652\">Mezuz\u00e0<\/a> als brancals de les portes jueves i les medalles cristianes de protecci\u00f3. iWell Guard recull aquesta tradici\u00f3 amb una arquitectura de materials contempor\u00e0nia, fabricada a Alemanya, 41 nivells, or de veritat, plat\u00ed, plata. Dret de devoluci\u00f3 de 30 dies.<\/p><\/div>\t\t\t\t\t\t\t\t<\/div>\n\t\t\t\t<div class=\"elementor-element elementor-element-iwgcb-nekroman-b iwg-cb-button iwg-cb-cta-2026-05-13 elementor-widget elementor-widget-jet-button\" data-id=\"iwgcb-nekroman-b\" data-element_type=\"widget\" data-e-type=\"widget\" data-widget_type=\"jet-button.default\">\n\t\t\t\t<div class=\"elementor-widget-container\">\n\t\t\t\t\t<div class=\"elementor-jet-button jet-elements\"><div class=\"jet-button__container\"><a class=\"jet-button__instance jet-button__instance--icon-left hover-effect-1\" href=\"\/ueber-iwell-guard\/?utm_source=iwell-guard.com&amp;utm_medium=info-box&amp;utm_campaign=hub-tradition\"><div class=\"jet-button__plane jet-button__plane-normal\"><\/div><div class=\"jet-button__plane jet-button__plane-hover\"><\/div><div class=\"jet-button__state jet-button__state-normal\"><span class=\"jet-button__label\">M\u00e9s informaci\u00f3 sobre l'iWell Guard<\/span><\/div><div class=\"jet-button__state jet-button__state-hover\"><span class=\"jet-button__label\">M\u00e9s informaci\u00f3 sobre l'iWell Guard<\/span><\/div><\/a><\/div><\/div><style>.elementor-element.elementor-element-iwgcb-nekroman-b .jet-button__instance{width:320px;height:56px;}.elementor-element.elementor-element-iwgcb-nekroman-b .jet-button__state-normal .jet-button__label{text-align:center;margin:0px 0px 0px 0px;color:#1a1b20;font-family:Montserrat,sans-serif;font-size:13px;font-weight:400;letter-spacing:4px;line-height:1.714em;text-transform:uppercase;}.elementor-element.elementor-element-iwgcb-nekroman-b .jet-button__state-hover .jet-button__label{text-align:center;margin:0px 0px 0px 0px;color:#FECC76;font-family:Montserrat,sans-serif;font-size:13px;font-weight:400;letter-spacing:4px;line-height:1.714em;text-transform:uppercase;}.elementor-element.elementor-element-iwgcb-nekroman-b .jet-button__plane-normal{background-color:#FECC76;border-style:solid;border-color:#C99540;border-width:2px 2px 2px 2px;}.elementor-element.elementor-element-iwgcb-nekroman-b .jet-button__plane-hover{background-color:rgba(0,0,0,0.55);border-style:solid;border-color:#FECC76;border-width:2px 2px 2px 2px;}<\/style>\t\t\t\t<\/div>\n\t\t\t\t<\/div>\n\t\t\t\t<div class=\"elementor-element elementor-element-iwgcb-nekroman-d elementor-widget elementor-widget-text-editor\" data-id=\"iwgcb-nekroman-d\" data-element_type=\"widget\" data-e-type=\"widget\" data-widget_type=\"text-editor.default\">\n\t\t\t\t\t\t\t\t\t<div data-nosnippet=\"true\"><p style=\"text-align:center;font-size:13px;opacity:0.7;margin-top:14px\" data-nosnippet=\"true\">Les experi\u00e8ncies personals poden variar. No \u00e9s un producte sanitari. No \u00e9s una promesa de curaci\u00f3.<\/p><\/div>\t\t\t\t\t\t\t\t<\/div>\n\t\t\t\t\t<\/div>\n\t\t\t\t<\/div>\n\t\t\t\t\t<\/div>\n\t\t\t\t<\/div>\n\t\t\t\t<\/div>\n\t\t","protected":false},"excerpt":{"rendered":"","protected":false},"author":3,"featured_media":2306,"parent":0,"menu_order":0,"comment_status":"closed","ping_status":"closed","template":"elementor_header_footer","meta":{"_yoast_wpseo_focuskw":"nekromantie","_yoast_wpseo_title":"Necrom\u00e0ncia \u2013 invocaci\u00f3 dels difunts","_yoast_wpseo_metadesc":"Invocaci\u00f3 dels difunts per predir o influir en el present. De Mesopot\u00e0mia a l'Antiguitat tardana, l'edat mitjana cristiana, en Sa\u00fcl i Odisseu.","_yoast_wpseo_meta-robots-noindex":"","_yoast_wpseo_canonical":"","_angie_page":false,"gefaehrdungsstufe":"","wesen_kultur":"","wesen_klasse":"","footnotes":""},"categories":[],"class_list":["post-171489","page","type-page","status-publish","has-post-thumbnail","hentry"],"yoast_head":"<!-- This site is optimized with the Yoast SEO Premium plugin v27.7 (Yoast SEO v28.3) - https:\/\/yoast.com\/product\/yoast-seo-premium-wordpress\/ -->\n<title>Necrom\u00e0ncia \u2013 invocaci\u00f3 dels difunts<\/title>\n<meta name=\"description\" content=\"Invocaci\u00f3 dels difunts per predir o influir en el present. De Mesopot\u00e0mia a l&#039;Antiguitat tardana, l&#039;edat mitjana cristiana, en Sa\u00fcl i Odisseu.\" \/>\n<meta name=\"robots\" content=\"index, follow, max-snippet:-1, max-image-preview:large, max-video-preview:-1\" \/>\n<link rel=\"canonical\" href=\"https:\/\/iwell-guard.com\/ca\/necromancia\/\" \/>\n<meta property=\"og:locale\" content=\"ca_ES\" \/>\n<meta property=\"og:type\" content=\"article\" \/>\n<meta property=\"og:title\" content=\"Necrom\u00e0ncia\" \/>\n<meta property=\"og:description\" content=\"Invocaci\u00f3 dels difunts per predir o influir en el present. De Mesopot\u00e0mia a l&#039;Antiguitat tardana, l&#039;edat mitjana cristiana, en Sa\u00fcl i Odisseu.\" \/>\n<meta property=\"og:url\" content=\"https:\/\/iwell-guard.com\/ca\/necromancia\/\" \/>\n<meta property=\"og:site_name\" content=\"iWell Guard\" \/>\n<meta property=\"article:modified_time\" content=\"2026-09-05T15:59:01+00:00\" \/>\n<meta property=\"og:image\" content=\"https:\/\/iwell-guard.com\/wp-content\/uploads\/2026\/05\/praktiken_nekromantie.webp\" \/>\n\t<meta property=\"og:image:width\" content=\"1024\" \/>\n\t<meta property=\"og:image:height\" content=\"1536\" \/>\n\t<meta property=\"og:image:type\" content=\"image\/webp\" \/>\n<meta name=\"twitter:card\" content=\"summary_large_image\" \/>\n<script type=\"application\/ld+json\" class=\"yoast-schema-graph\">{\"@context\":\"https:\\\/\\\/schema.org\",\"@graph\":[{\"@type\":\"WebPage\",\"@id\":\"https:\\\/\\\/iwell-guard.com\\\/ca\\\/necromancia\\\/\",\"url\":\"https:\\\/\\\/iwell-guard.com\\\/ca\\\/necromancia\\\/\",\"name\":\"Necrom\u00e0ncia \u2013 invocaci\u00f3 dels difunts\",\"isPartOf\":{\"@id\":\"https:\\\/\\\/iwell-guard.com\\\/ca\\\/#website\"},\"primaryImageOfPage\":{\"@id\":\"https:\\\/\\\/iwell-guard.com\\\/ca\\\/necromancia\\\/#primaryimage\"},\"image\":{\"@id\":\"https:\\\/\\\/iwell-guard.com\\\/ca\\\/necromancia\\\/#primaryimage\"},\"thumbnailUrl\":\"https:\\\/\\\/iwell-guard.com\\\/wp-content\\\/uploads\\\/2026\\\/05\\\/praktiken_nekromantie.webp\",\"datePublished\":\"2026-09-05T15:39:48+00:00\",\"dateModified\":\"2026-09-05T15:59:01+00:00\",\"description\":\"Invocaci\u00f3 dels difunts per predir o influir en el present. De Mesopot\u00e0mia a l'Antiguitat tardana, l'edat mitjana cristiana, en Sa\u00fcl i Odisseu.\",\"breadcrumb\":{\"@id\":\"https:\\\/\\\/iwell-guard.com\\\/ca\\\/necromancia\\\/#breadcrumb\"},\"inLanguage\":\"ca\",\"potentialAction\":[{\"@type\":\"ReadAction\",\"target\":[\"https:\\\/\\\/iwell-guard.com\\\/ca\\\/necromancia\\\/\"]}]},{\"@type\":\"ImageObject\",\"inLanguage\":\"ca\",\"@id\":\"https:\\\/\\\/iwell-guard.com\\\/ca\\\/necromancia\\\/#primaryimage\",\"url\":\"https:\\\/\\\/iwell-guard.com\\\/wp-content\\\/uploads\\\/2026\\\/05\\\/praktiken_nekromantie.webp\",\"contentUrl\":\"https:\\\/\\\/iwell-guard.com\\\/wp-content\\\/uploads\\\/2026\\\/05\\\/praktiken_nekromantie.webp\",\"width\":1024,\"height\":1536,\"caption\":\"Necrom\u00e0ncia \u2014 invocaci\u00f3 dels difunts\"},{\"@type\":\"BreadcrumbList\",\"@id\":\"https:\\\/\\\/iwell-guard.com\\\/ca\\\/necromancia\\\/#breadcrumb\",\"itemListElement\":[{\"@type\":\"ListItem\",\"position\":1,\"name\":\"Start\",\"item\":\"https:\\\/\\\/iwell-guard.com\\\/ca\\\/?page_id=171333\"},{\"@type\":\"ListItem\",\"position\":2,\"name\":\"Necrom\u00e0ncia\"}]},{\"@type\":\"WebSite\",\"@id\":\"https:\\\/\\\/iwell-guard.com\\\/ca\\\/#website\",\"url\":\"https:\\\/\\\/iwell-guard.com\\\/ca\\\/\",\"name\":\"iWell Guard\",\"description\":\"Schutz vor dunklen Einfl\u00fcssen\",\"publisher\":{\"@id\":\"https:\\\/\\\/iwell-guard.com\\\/ca\\\/#organization\"},\"potentialAction\":[{\"@type\":\"SearchAction\",\"target\":{\"@type\":\"EntryPoint\",\"urlTemplate\":\"https:\\\/\\\/iwell-guard.com\\\/ca\\\/?s={search_term_string}\"},\"query-input\":{\"@type\":\"PropertyValueSpecification\",\"valueRequired\":true,\"valueName\":\"search_term_string\"}}],\"inLanguage\":\"ca\"},{\"@type\":\"Organization\",\"@id\":\"https:\\\/\\\/iwell-guard.com\\\/ca\\\/#organization\",\"name\":\"Ittermann electronic GmbH\",\"url\":\"https:\\\/\\\/iwell-guard.com\\\/ca\\\/\",\"logo\":{\"@type\":\"ImageObject\",\"inLanguage\":\"ca\",\"@id\":\"https:\\\/\\\/iwell-guard.com\\\/ca\\\/#\\\/schema\\\/logo\\\/image\\\/\",\"url\":\"https:\\\/\\\/iwell-guard.com\\\/wp-content\\\/uploads\\\/2026\\\/05\\\/Ittermann-Logo-1182x237-1.png\",\"contentUrl\":\"https:\\\/\\\/iwell-guard.com\\\/wp-content\\\/uploads\\\/2026\\\/05\\\/Ittermann-Logo-1182x237-1.png\",\"width\":1182,\"height\":237,\"caption\":\"Ittermann electronic GmbH\"},\"image\":{\"@id\":\"https:\\\/\\\/iwell-guard.com\\\/ca\\\/#\\\/schema\\\/logo\\\/image\\\/\"},\"sameAs\":[\"https:\\\/\\\/pantip.com\\\/profile\\\/9367242\",\"https:\\\/\\\/micro.blog\\\/iwellguard\",\"https:\\\/\\\/www.diggerslist.com\\\/iwellguard\\\/about\",\"https:\\\/\\\/skitterphoto.com\\\/photographers\\\/2870314\\\/iwell-guard\",\"https:\\\/\\\/iwellguard.wordpress.com\\\/2026\\\/06\\\/06\\\/iwell-guard\\\/\",\"https:\\\/\\\/hub.docker.com\\\/u\\\/iwellguard\",\"https:\\\/\\\/www.pinterest.com\\\/iwellguard\\\/\",\"https:\\\/\\\/bit.ly\\\/m\\\/iwellguard\",\"https:\\\/\\\/entre-vos-mains.alsace.eu\\\/profiles\\\/iwellguard\\\/activity\",\"https:\\\/\\\/gravatar.com\\\/reallybeded8fd34\",\"https:\\\/\\\/naijamatta.com\\\/iwellguard\",\"https:\\\/\\\/www.goodreads.com\\\/iwellguard\",\"https:\\\/\\\/profile.hatena.ne.jp\\\/iwellguard\\\/\",\"https:\\\/\\\/experiment.com\\\/users\\\/iwellguard\",\"https:\\\/\\\/wakelet.com\\\/@iWellGuard82270\",\"https:\\\/\\\/www.chordie.com\\\/forum\\\/profile.php?id=2555664\",\"https:\\\/\\\/www.instapaper.com\\\/p\\\/17757966\",\"https:\\\/\\\/www.mapleprimes.com\\\/users\\\/iwellguard\",\"https:\\\/\\\/businesslistingplus.com\\\/profile\\\/iwell-guard\\\/\",\"https:\\\/\\\/telegra.ph\\\/iWell-Guard-06-06\",\"https:\\\/\\\/pbase.com\\\/iwellguard\\\/iwellguard\",\"https:\\\/\\\/b.hatena.ne.jp\\\/iwellguard\\\/20260607#bookmark-4788405196491818882\",\"https:\\\/\\\/fliphtml5.com\\\/home\\\/iwellguard\",\"https:\\\/\\\/anyflip.com\\\/homepage\\\/cmiwl#About\",\"https:\\\/\\\/transfur.com\\\/Users\\\/iwellguard\",\"http:\\\/\\\/delphi.larsbo.org\\\/user\\\/iwellguard\",\"https:\\\/\\\/jobs.lajobsportal.org\\\/profiles\\\/8380803-iwell-guard\",\"https:\\\/\\\/md.chaosdorf.de\\\/s\\\/jfbe5SBdJD\",\"https:\\\/\\\/www.lingvolive.com\\\/en-us\\\/profile\\\/9ecaeaca-ce11-4e51-9e71-01d55e2bff36\\\/translations\",\"https:\\\/\\\/www.fitday.com\\\/fitness\\\/forums\\\/members\\\/iwellguard.html\",\"https:\\\/\\\/www.mymeetbook.com\\\/iwellguard\",\"https:\\\/\\\/pxhere.com\\\/en\\\/photographer-me\\\/5040798\",\"https:\\\/\\\/disqus.com\\\/by\\\/iwellguard\\\/about\\\/\",\"https:\\\/\\\/pastelink.net\\\/hjwciqwq\",\"https:\\\/\\\/pubhtml5.com\\\/homepage\\\/scjhn\\\/\",\"https:\\\/\\\/www.bitchute.com\\\/channel\\\/2O2eOKzNqujT\",\"https:\\\/\\\/audiomack.com\\\/iwellguard\"]}]}<\/script>\n<!-- \/ Yoast SEO Premium plugin. -->","yoast_head_json":{"title":"Necrom\u00e0ncia \u2013 invocaci\u00f3 dels difunts","description":"Invocaci\u00f3 dels difunts per predir o influir en el present. De Mesopot\u00e0mia a l'Antiguitat tardana, l'edat mitjana cristiana, en Sa\u00fcl i Odisseu.","robots":{"index":"index","follow":"follow","max-snippet":"max-snippet:-1","max-image-preview":"max-image-preview:large","max-video-preview":"max-video-preview:-1"},"canonical":"https:\/\/iwell-guard.com\/ca\/necromancia\/","og_locale":"ca_ES","og_type":"article","og_title":"Necrom\u00e0ncia","og_description":"Invocaci\u00f3 dels difunts per predir o influir en el present. De Mesopot\u00e0mia a l'Antiguitat tardana, l'edat mitjana cristiana, en Sa\u00fcl i Odisseu.","og_url":"https:\/\/iwell-guard.com\/ca\/necromancia\/","og_site_name":"iWell Guard","article_modified_time":"2026-09-05T15:59:01+00:00","og_image":[{"width":1024,"height":1536,"url":"https:\/\/iwell-guard.com\/wp-content\/uploads\/2026\/05\/praktiken_nekromantie.webp","type":"image\/webp"}],"twitter_card":"summary_large_image","schema":{"@context":"https:\/\/schema.org","@graph":[{"@type":"WebPage","@id":"https:\/\/iwell-guard.com\/ca\/necromancia\/","url":"https:\/\/iwell-guard.com\/ca\/necromancia\/","name":"Necrom\u00e0ncia \u2013 invocaci\u00f3 dels difunts","isPartOf":{"@id":"https:\/\/iwell-guard.com\/ca\/#website"},"primaryImageOfPage":{"@id":"https:\/\/iwell-guard.com\/ca\/necromancia\/#primaryimage"},"image":{"@id":"https:\/\/iwell-guard.com\/ca\/necromancia\/#primaryimage"},"thumbnailUrl":"https:\/\/iwell-guard.com\/wp-content\/uploads\/2026\/05\/praktiken_nekromantie.webp","datePublished":"2026-09-05T15:39:48+00:00","dateModified":"2026-09-05T15:59:01+00:00","description":"Invocaci\u00f3 dels difunts per predir o influir en el present. De Mesopot\u00e0mia a l'Antiguitat tardana, l'edat mitjana cristiana, en Sa\u00fcl i Odisseu.","breadcrumb":{"@id":"https:\/\/iwell-guard.com\/ca\/necromancia\/#breadcrumb"},"inLanguage":"ca","potentialAction":[{"@type":"ReadAction","target":["https:\/\/iwell-guard.com\/ca\/necromancia\/"]}]},{"@type":"ImageObject","inLanguage":"ca","@id":"https:\/\/iwell-guard.com\/ca\/necromancia\/#primaryimage","url":"https:\/\/iwell-guard.com\/wp-content\/uploads\/2026\/05\/praktiken_nekromantie.webp","contentUrl":"https:\/\/iwell-guard.com\/wp-content\/uploads\/2026\/05\/praktiken_nekromantie.webp","width":1024,"height":1536,"caption":"Necrom\u00e0ncia \u2014 invocaci\u00f3 dels difunts"},{"@type":"BreadcrumbList","@id":"https:\/\/iwell-guard.com\/ca\/necromancia\/#breadcrumb","itemListElement":[{"@type":"ListItem","position":1,"name":"Start","item":"https:\/\/iwell-guard.com\/ca\/?page_id=171333"},{"@type":"ListItem","position":2,"name":"Necrom\u00e0ncia"}]},{"@type":"WebSite","@id":"https:\/\/iwell-guard.com\/ca\/#website","url":"https:\/\/iwell-guard.com\/ca\/","name":"iWell Guard","description":"Schutz vor dunklen Einfl\u00fcssen","publisher":{"@id":"https:\/\/iwell-guard.com\/ca\/#organization"},"potentialAction":[{"@type":"SearchAction","target":{"@type":"EntryPoint","urlTemplate":"https:\/\/iwell-guard.com\/ca\/?s={search_term_string}"},"query-input":{"@type":"PropertyValueSpecification","valueRequired":true,"valueName":"search_term_string"}}],"inLanguage":"ca"},{"@type":"Organization","@id":"https:\/\/iwell-guard.com\/ca\/#organization","name":"Ittermann electronic GmbH","url":"https:\/\/iwell-guard.com\/ca\/","logo":{"@type":"ImageObject","inLanguage":"ca","@id":"https:\/\/iwell-guard.com\/ca\/#\/schema\/logo\/image\/","url":"https:\/\/iwell-guard.com\/wp-content\/uploads\/2026\/05\/Ittermann-Logo-1182x237-1.png","contentUrl":"https:\/\/iwell-guard.com\/wp-content\/uploads\/2026\/05\/Ittermann-Logo-1182x237-1.png","width":1182,"height":237,"caption":"Ittermann electronic GmbH"},"image":{"@id":"https:\/\/iwell-guard.com\/ca\/#\/schema\/logo\/image\/"},"sameAs":["https:\/\/pantip.com\/profile\/9367242","https:\/\/micro.blog\/iwellguard","https:\/\/www.diggerslist.com\/iwellguard\/about","https:\/\/skitterphoto.com\/photographers\/2870314\/iwell-guard","https:\/\/iwellguard.wordpress.com\/2026\/06\/06\/iwell-guard\/","https:\/\/hub.docker.com\/u\/iwellguard","https:\/\/www.pinterest.com\/iwellguard\/","https:\/\/bit.ly\/m\/iwellguard","https:\/\/entre-vos-mains.alsace.eu\/profiles\/iwellguard\/activity","https:\/\/gravatar.com\/reallybeded8fd34","https:\/\/naijamatta.com\/iwellguard","https:\/\/www.goodreads.com\/iwellguard","https:\/\/profile.hatena.ne.jp\/iwellguard\/","https:\/\/experiment.com\/users\/iwellguard","https:\/\/wakelet.com\/@iWellGuard82270","https:\/\/www.chordie.com\/forum\/profile.php?id=2555664","https:\/\/www.instapaper.com\/p\/17757966","https:\/\/www.mapleprimes.com\/users\/iwellguard","https:\/\/businesslistingplus.com\/profile\/iwell-guard\/","https:\/\/telegra.ph\/iWell-Guard-06-06","https:\/\/pbase.com\/iwellguard\/iwellguard","https:\/\/b.hatena.ne.jp\/iwellguard\/20260607#bookmark-4788405196491818882","https:\/\/fliphtml5.com\/home\/iwellguard","https:\/\/anyflip.com\/homepage\/cmiwl#About","https:\/\/transfur.com\/Users\/iwellguard","http:\/\/delphi.larsbo.org\/user\/iwellguard","https:\/\/jobs.lajobsportal.org\/profiles\/8380803-iwell-guard","https:\/\/md.chaosdorf.de\/s\/jfbe5SBdJD","https:\/\/www.lingvolive.com\/en-us\/profile\/9ecaeaca-ce11-4e51-9e71-01d55e2bff36\/translations","https:\/\/www.fitday.com\/fitness\/forums\/members\/iwellguard.html","https:\/\/www.mymeetbook.com\/iwellguard","https:\/\/pxhere.com\/en\/photographer-me\/5040798","https:\/\/disqus.com\/by\/iwellguard\/about\/","https:\/\/pastelink.net\/hjwciqwq","https:\/\/pubhtml5.com\/homepage\/scjhn\/","https:\/\/www.bitchute.com\/channel\/2O2eOKzNqujT","https:\/\/audiomack.com\/iwellguard"]}]}},"_links":{"self":[{"href":"https:\/\/iwell-guard.com\/ca\/wp-json\/wp\/v2\/pages\/171489","targetHints":{"allow":["GET"]}}],"collection":[{"href":"https:\/\/iwell-guard.com\/ca\/wp-json\/wp\/v2\/pages"}],"about":[{"href":"https:\/\/iwell-guard.com\/ca\/wp-json\/wp\/v2\/types\/page"}],"author":[{"embeddable":true,"href":"https:\/\/iwell-guard.com\/ca\/wp-json\/wp\/v2\/users\/3"}],"replies":[{"embeddable":true,"href":"https:\/\/iwell-guard.com\/ca\/wp-json\/wp\/v2\/comments?post=171489"}],"version-history":[{"count":0,"href":"https:\/\/iwell-guard.com\/ca\/wp-json\/wp\/v2\/pages\/171489\/revisions"}],"wp:featuredmedia":[{"embeddable":true,"href":"https:\/\/iwell-guard.com\/ca\/wp-json\/wp\/v2\/media\/2306"}],"wp:attachment":[{"href":"https:\/\/iwell-guard.com\/ca\/wp-json\/wp\/v2\/media?parent=171489"}],"wp:term":[{"taxonomy":"category","embeddable":true,"href":"https:\/\/iwell-guard.com\/ca\/wp-json\/wp\/v2\/categories?post=171489"}],"curies":[{"name":"wp","href":"https:\/\/api.w.org\/{rel}","templated":true}]}}