{"id":171485,"date":"2026-09-05T15:39:46","date_gmt":"2026-09-05T15:39:46","guid":{"rendered":"https:\/\/iwell-guard.com\/?page_id=171485"},"modified":"2026-09-05T15:58:56","modified_gmt":"2026-09-05T15:58:56","slug":"malefici","status":"publish","type":"page","link":"https:\/\/iwell-guard.com\/ca\/malefici\/","title":{"rendered":"M\u00e0gia negativa"},"content":{"rendered":"\t\t<div data-elementor-type=\"wp-page\" data-elementor-id=\"171485\" class=\"elementor elementor-171485 elementor-1930 elementor-bc-flex-widget\" data-elementor-post-type=\"page\">\n\t\t\t\t<div class=\"elementor-element elementor-element-am-schadz-hero e-flex e-con-boxed e-con e-parent\" data-id=\"am-schadz-hero\" data-element_type=\"container\" data-e-type=\"container\" data-settings=\"{&quot;background_background&quot;:&quot;classic&quot;}\">\n\t\t\t\t\t<div class=\"e-con-inner\">\n\t\t<div class=\"elementor-element elementor-element-am-schadz-herohl e-flex e-con-boxed e-con e-child\" data-id=\"am-schadz-herohl\" data-element_type=\"container\" data-e-type=\"container\">\n\t\t\t\t\t<div class=\"e-con-inner\">\n\t\t<div class=\"elementor-element elementor-element-am-schadz-c3ceb6 e-con-full e-flex e-con e-child\" data-id=\"am-schadz-c3ceb6\" data-element_type=\"container\" data-e-type=\"container\">\n\t\t\t\t<div class=\"elementor-element elementor-element-am-schadz-96ae5e elementor-widget elementor-widget-heading\" data-id=\"am-schadz-96ae5e\" data-element_type=\"widget\" data-e-type=\"widget\" data-widget_type=\"heading.default\">\n\t\t\t\t\t<h1 class=\"elementor-heading-title elementor-size-default\">Malefici, pr\u00e0ctica m\u00e0gica<\/h1>\t\t\t\t<\/div>\n\t\t\t\t<div class=\"elementor-element elementor-element-am-schadz-e45238 elementor-widget elementor-widget-text-editor\" data-id=\"am-schadz-e45238\" data-element_type=\"widget\" data-e-type=\"widget\" data-widget_type=\"text-editor.default\">\n\t\t\t\t\t\t\t\t\t<p>Aquesta <strong>visi\u00f3 general<\/strong> presenta de manera compacta pr\u00e0ctiques de malefici de diverses cultures.<\/p><p>El malefici designa accions rituals i m\u00e0giques destinades a causar dany, malaltia o infortuni a tercers de manera deliberada, des de maledicions fins a lligams m\u00e0gics o la transmissi\u00f3 de malalties. Els testimonis abasten des de les tauletes de Maql\u00fa de l&#8217;antiga Babil\u00f2nia fins als expedients dels processos de bruixeria medievals, passant per la recerca de camp etnogr\u00e0fica del segle vint a l&#8217;\u00c0frica i Oceania.<\/p><p>La pr\u00e0ctica combina l&#8217;acci\u00f3 simb\u00f2lica, els objectes male\u00efts i mecanismes causals psicosom\u00e0tics o metaemp\u00edrics amb una funci\u00f3 de sanci\u00f3 social. Aquestes pr\u00e0ctiques estan \u00e0mpliament documentades des del punt de vista culturohist\u00f2ric i etnogr\u00e0fic en diverses cultures.<\/p>\t\t\t\t\t\t\t\t<\/div>\n\t\t\t\t<\/div>\n\t\t<div class=\"elementor-element elementor-element-am-schadz-klsbdg e-con-full e-flex e-con e-parent\" data-id=\"am-schadz-klsbdg\" data-element_type=\"container\" data-e-type=\"container\">\n\t\t\t\t<div class=\"elementor-element elementor-element-am-schadz-klshtm elementor-widget elementor-widget-html\" data-id=\"am-schadz-klshtm\" data-element_type=\"widget\" data-e-type=\"widget\" data-widget_type=\"html.default\">\n\t\t\t\t\t<div class=\"iwg-pill-row\"><span class=\"iwg-klasse-badge\" tabindex=\"0\" data-tooltip=\"Pr\u00e0ctica: acci\u00f3 ritual, m\u00e0gica o espiritual amb un objectiu definit, protecci\u00f3, dany, efecte amor\u00f3s, contacte amb \u00e9ssers o camps d'informaci\u00f3 c\u00f2smics. Documentada hist\u00f2ricament des de l'edat del bronze.\">Pr\u00e0ctica<\/span><span class=\"iwg-kultur-badge\" tabindex=\"0\" data-tooltip=\"Fenomen transcultural, documentat en diverses cultures amb estructures afins.\">Transversal<\/span><\/div>\t\t\t\t<\/div>\n\t\t\t\t<\/div>\n\t\t<div class=\"elementor-element elementor-element-am-schadz-3f7485 e-con-full e-flex e-con e-child\" data-id=\"am-schadz-3f7485\" data-element_type=\"container\" data-e-type=\"container\">\n\t\t\t\t<div class=\"elementor-element elementor-element-am-schadz-1c3036 elementor-toc--minimized-on-tablet elementor-widget elementor-widget-table-of-contents\" data-id=\"am-schadz-1c3036\" data-element_type=\"widget\" data-e-type=\"widget\" data-settings=\"{&quot;exclude_headings_by_selector&quot;:[],&quot;no_headings_message&quot;:&quot;No s&#039;ha trobat cap encap\\u00e7alament en aquesta p\\u00e0gina.&quot;,&quot;headings_by_tags&quot;:[&quot;h2&quot;,&quot;h3&quot;],&quot;marker_view&quot;:&quot;bullets&quot;,&quot;minimize_box&quot;:&quot;yes&quot;,&quot;icon&quot;:{&quot;value&quot;:&quot;fas fa-circle&quot;,&quot;library&quot;:&quot;fa-solid&quot;,&quot;rendered_tag&quot;:&quot;&lt;svg class=\\&quot;e-font-icon-svg e-fas-circle\\&quot; viewBox=\\&quot;0 0 512 512\\&quot; xmlns=\\&quot;http:\\\/\\\/www.w3.org\\\/2000\\\/svg\\&quot;&gt;&lt;path d=\\&quot;M256 8C119 8 8 119 8 256s111 248 248 248 248-111 248-248S393 8 256 8z\\&quot;&gt;&lt;\\\/path&gt;&lt;\\\/svg&gt;&quot;},&quot;minimized_on&quot;:&quot;tablet&quot;,&quot;hierarchical_view&quot;:&quot;yes&quot;,&quot;min_height&quot;:{&quot;unit&quot;:&quot;px&quot;,&quot;size&quot;:&quot;&quot;,&quot;sizes&quot;:[]},&quot;min_height_tablet&quot;:{&quot;unit&quot;:&quot;px&quot;,&quot;size&quot;:&quot;&quot;,&quot;sizes&quot;:[]},&quot;min_height_mobile&quot;:{&quot;unit&quot;:&quot;px&quot;,&quot;size&quot;:&quot;&quot;,&quot;sizes&quot;:[]}}\" data-widget_type=\"table-of-contents.default\">\n\t\t\t\t\t\t\t\t\t<div class=\"elementor-toc__header\">\n\t\t\t\t\t\t<h2 class=\"elementor-toc__header-title\">\n\t\t\t\t\u00cdndex\t\t\t<\/h2>\n\t\t\t\t\t\t\t\t\t\t<div class=\"elementor-toc__toggle-button elementor-toc__toggle-button--expand\" role=\"button\" tabindex=\"0\" aria-controls=\"elementor-toc__am-schadz-1c3036\" aria-expanded=\"true\" aria-label=\"Open table of contents\"><svg aria-hidden=\"true\" class=\"e-font-icon-svg e-fas-chevron-down\" viewBox=\"0 0 448 512\" xmlns=\"http:\/\/www.w3.org\/2000\/svg\"><path d=\"M207.029 381.476L12.686 187.132c-9.373-9.373-9.373-24.569 0-33.941l22.667-22.667c9.357-9.357 24.522-9.375 33.901-.04L224 284.505l154.745-154.021c9.379-9.335 24.544-9.317 33.901.04l22.667 22.667c9.373 9.373 9.373 24.569 0 33.941L240.971 381.476c-9.373 9.372-24.569 9.372-33.942 0z\"><\/path><\/svg><\/div>\n\t\t\t\t<div class=\"elementor-toc__toggle-button elementor-toc__toggle-button--collapse\" role=\"button\" tabindex=\"0\" aria-controls=\"elementor-toc__am-schadz-1c3036\" aria-expanded=\"true\" aria-label=\"Close table of contents\"><svg aria-hidden=\"true\" class=\"e-font-icon-svg e-fas-chevron-up\" viewBox=\"0 0 448 512\" xmlns=\"http:\/\/www.w3.org\/2000\/svg\"><path d=\"M240.971 130.524l194.343 194.343c9.373 9.373 9.373 24.569 0 33.941l-22.667 22.667c-9.357 9.357-24.522 9.375-33.901.04L224 227.495 69.255 381.516c-9.379 9.335-24.544 9.317-33.901-.04l-22.667-22.667c-9.373-9.373-9.373-24.569 0-33.941L207.03 130.525c9.372-9.373 24.568-9.373 33.941-.001z\"><\/path><\/svg><\/div>\n\t\t\t\t\t<\/div>\n\t\t\t\t<div id=\"elementor-toc__am-schadz-1c3036\" class=\"elementor-toc__body\">\n\t\t\t<div class=\"elementor-toc__spinner-container\">\n\t\t\t\t<svg class=\"elementor-toc__spinner eicon-animation-spin e-font-icon-svg e-eicon-loading\" aria-hidden=\"true\" viewBox=\"0 0 1000 1000\" xmlns=\"http:\/\/www.w3.org\/2000\/svg\"><path d=\"M500 975V858C696 858 858 696 858 500S696 142 500 142 142 304 142 500H25C25 237 238 25 500 25S975 237 975 500 763 975 500 975Z\"><\/path><\/svg>\t\t\t<\/div>\n\t\t<\/div>\n\t\t\t\t\t\t<\/div>\n\t\t\t\t<\/div>\n\t\t\t\t\t<\/div>\n\t\t\t\t<\/div>\n\t\t<div class=\"elementor-element elementor-element-am-schadz-herorg e-flex e-con-boxed e-con e-child\" data-id=\"am-schadz-herorg\" data-element_type=\"container\" data-e-type=\"container\">\n\t\t\t\t\t<div class=\"e-con-inner\">\n\t\t\t\t<div class=\"elementor-element elementor-element-am-schadz-heroim iwg-hero-image elementor-widget elementor-widget-image\" data-id=\"am-schadz-heroim\" data-element_type=\"widget\" data-e-type=\"widget\" data-widget_type=\"image.default\">\n\t\t\t\t\t\t\t\t\t\t\t\t\t\t\t<img fetchpriority=\"high\" decoding=\"async\" width=\"683\" height=\"1024\" src=\"https:\/\/iwell-guard.com\/wp-content\/uploads\/2026\/05\/praktiken_schadzauber-683x1024.webp\" class=\"attachment-large size-large wp-image-2302\" alt=\"Schadzauber \u2014 sch\u00e4digende magische Praktiken\" srcset=\"https:\/\/iwell-guard.com\/wp-content\/uploads\/2026\/05\/praktiken_schadzauber-683x1024.webp 683w, https:\/\/iwell-guard.com\/wp-content\/uploads\/2026\/05\/praktiken_schadzauber-200x300.webp 200w, https:\/\/iwell-guard.com\/wp-content\/uploads\/2026\/05\/praktiken_schadzauber-768x1152.webp 768w, https:\/\/iwell-guard.com\/wp-content\/uploads\/2026\/05\/praktiken_schadzauber.webp 1024w\" sizes=\"(max-width: 683px) 100vw, 683px\" \/>\t\t\t\t\t\t\t\t\t\t\t\t\t\t\t<\/div>\n\t\t\t\t\t<\/div>\n\t\t\t\t<\/div>\n\t\t\t\t\t<\/div>\n\t\t\t\t<\/div>\n\t\t<div class=\"elementor-element elementor-element-wmd-s1 e-con-boxed e-flex e-con e-parent\" data-id=\"wmd-s1\" data-element_type=\"container\" data-e-type=\"container\">\n\t\t\t\t\t<div class=\"e-con-inner\">\n\t\t\t\t<div class=\"elementor-element elementor-element-wmd-h1 elementor-widget elementor-widget-heading\" data-id=\"wmd-h1\" data-element_type=\"widget\" data-e-type=\"widget\" id=\"wmd-h1\" data-widget_type=\"heading.default\">\n\t\t\t\t\t<h2 class=\"elementor-heading-title elementor-size-default\">Terme i delimitaci\u00f3<\/h2>\t\t\t\t<\/div>\n\t\t<div class=\"elementor-element elementor-element-am-wmdt1-bw e-flex e-con-boxed e-con e-child\" data-id=\"am-wmdt1-bw\" data-element_type=\"container\" data-e-type=\"container\" data-settings=\"{&quot;background_background&quot;:&quot;classic&quot;}\">\n\t\t\t\t\t<div class=\"e-con-inner\">\n\t\t\t\t<div class=\"elementor-element elementor-element-wmd-t1 elementor-widget elementor-widget-text-editor\" data-id=\"wmd-t1\" data-element_type=\"widget\" data-e-type=\"widget\" data-widget_type=\"text-editor.default\">\n\t\t\t\t\t\t\t\t\t<p>El malefici es distingeix de la m\u00e0gia amorosa, la m\u00e0gia curativa o la <span class=\"iwg-fachbegriff\" data-tooltip=\"Pr\u00e0ctiques que pretenen intervenir en el curs dels esdeveniments mitjan\u00e7ant accions o f\u00f3rmules especials.\" tabindex=\"0\">m\u00e0gia<\/span> ritual pel fet que la <strong>intenci\u00f3 \u00e9s causar dany<\/strong>. Les pr\u00e0ctiques solen tenir una forma similar (<span class=\"iwg-fachbegriff\" data-tooltip=\"Una seq\u00fc\u00e8ncia regulada d'accions simb\u00f2liques amb significat religi\u00f3s o cultural.\" tabindex=\"0\">ritual<\/span>, objecte, f\u00f3rmula), per\u00f2 l&#8217;objectiu les diferencia: causar dany en lloc de guarir o lligar.<\/p><p>Una difer\u00e8ncia important \u00e9s que el malefici est\u00e0 expl\u00edcitament tabu\u00eftzat i condemnat en nombroses cultures, no d&#8217;amagat, sin\u00f3 reconegut ideol\u00f2gicament com a perill\u00f3s i impur. Aix\u00f2 el distingeix de la m\u00e0gia leg\u00edtima i contribueix al manteniment cultural de les normes contra el dany.<\/p><p>Termes relacionats: maleficium (teologia cristiana), bruixeria (Europa moderna primerenca), per\u00f2 aquests termes estan carregats ideol\u00f2gicament. El terme malefici \u00e9s m\u00e9s neutre i descriu el fenomen independentment de la condemna regional.<\/p>\t\t\t\t\t\t\t\t<\/div>\n\t\t\t\t\t<\/div>\n\t\t\t\t<\/div>\n\t\t\t\t\t<\/div>\n\t\t\t\t<\/div>\n\t\t<div class=\"elementor-element elementor-element-wmd-s2 e-con-boxed e-flex e-con e-parent\" data-id=\"wmd-s2\" data-element_type=\"container\" data-e-type=\"container\">\n\t\t\t\t\t<div class=\"e-con-inner\">\n\t\t\t\t<div class=\"elementor-element elementor-element-wmd-h2 elementor-widget elementor-widget-heading\" data-id=\"wmd-h2\" data-element_type=\"widget\" data-e-type=\"widget\" id=\"wmd-h2\" data-widget_type=\"heading.default\">\n\t\t\t\t\t<h2 class=\"elementor-heading-title elementor-size-default\">Exemples culturohist\u00f2rics<\/h2>\t\t\t\t<\/div>\n\t\t<div class=\"elementor-element elementor-element-am-wmdt2-bw e-flex e-con-boxed e-con e-child\" data-id=\"am-wmdt2-bw\" data-element_type=\"container\" data-e-type=\"container\" data-settings=\"{&quot;background_background&quot;:&quot;classic&quot;}\">\n\t\t\t\t\t<div class=\"e-con-inner\">\n\t\t\t\t<div class=\"elementor-element elementor-element-wmd-t2 elementor-widget elementor-widget-text-editor\" data-id=\"wmd-t2\" data-element_type=\"widget\" data-e-type=\"widget\" data-widget_type=\"text-editor.default\">\n\t\t\t\t\t\t\t\t\t<p>Les <strong>defixions de l&#8217;<span class=\"iwg-fachbegriff\" data-tooltip=\"\u00c8poca de la cultura grega i romana, aproximadament entre el 800 aC i el 600 dC.\" tabindex=\"0\">antiguitat<\/span><\/strong> (llat\u00ed: <em>defixio<\/em>) s\u00f3n tauletes de plom o fragments de cer\u00e0mica en els quals es gravaven maledicions, sovint contra competidors, amants o adversaris en processos judicials. S&#8217;han trobat milers d&#8217;exemplars arqueol\u00f2gics, especialment a Atenes, Roma i Egipte.<\/p><p>Una defixio cl\u00e0ssica podria dir: \u00abLligo la boca del meu adversari judicial i el seu cor contra el meu enemic\u00bb. Sovint es soterraven en tombes o llocs sagrats, adre\u00e7ades al m\u00f3n dels morts.<\/p><p>La bruixeria europea (de l&#8217;edat mitjana a l&#8217;edat moderna primerenca) inclou el malefici com a element central: mirades que fereixen, subst\u00e0ncies que mataven el bestiar, figures de cera o fang travessades amb agulles. Els processos de bruixeria van documentar milers d&#8217;aquestes pr\u00e0ctiques; si realment es duien a terme o eren nom\u00e9s projeccions continua sent objecte de debat.<\/p><p>Les pr\u00e0ctiques africanes (ben documentades etnogr\u00e0ficament a Sud-\u00e0frica i l&#8217;\u00c0frica occidental): els bruixots poden transmetre malalties mitjan\u00e7ant objectes (ossos d&#8217;animals enterrats, cabells humans) o f\u00f3rmules. Aquestes pr\u00e0ctiques s\u00f3n culturalment reals i estan institucionalitzades en contextos tradicionals (sancionades pel poble o els avantpassats).<\/p><p>Pr\u00e0ctiques isl\u00e0miques: la <em>Sihr<\/em> (bruixeria) s&#8217;esmenta a l&#8217;Alcor\u00e0 i es tracta \u00e0mpliament en els hadits i en textos isl\u00e0mics posteriors. Inclou el malefici i es conceptualitza com un dany espiritual, no com un fenomen psicol\u00f2gic, sin\u00f3 com l&#8217;acci\u00f3 de forces invisibles.<\/p><div><h3>Arrels mesopot\u00e0miques i eg\u00edpcies: Maqlu i les defixiones<\/h3><p>El malefici no \u00e9s un fenomen modern, sin\u00f3 que ja apareix documentat en les tauletes ac\u00e0diques de <em>Maqlu<\/em> (primer mil\u00b7lenni aC), una col\u00b7lecci\u00f3 d&#8217;encanteris antibruixeria. Les tauletes contenen f\u00f3rmules per bandejar les bruixes i neutralitzar la seva <span class=\"iwg-fachbegriff\" data-tooltip=\"Pr\u00e0ctiques que pretenen intervenir en el curs dels esdeveniments mitjan\u00e7ant accions o f\u00f3rmules especials.\" tabindex=\"0\">m\u00e0gia<\/span> mitjan\u00e7ant contrarituals i foc. Paral\u00b7lelament, textos egipcis com el Llibre dels Morts mostren estrat\u00e8gies per repel\u00b7lir les <em>Hechetiu<\/em> (bruixes mal\u00e8voles del m\u00f3n subterrani).<\/p><p>A l&#8217;\u00e0mbit grecorom\u00e0, a partir del segle cinqu\u00e8 abans de Crist, van sorgir les anomenades <em>defixiones<\/em>, tauletes de maledicci\u00f3 fetes de plom o cer\u00e0mica, en les quals persones particulars demanaven als d\u00e9us i dimonis que paralitzessin, male\u00efssin o matessin un rival.<\/p><p>L&#8217;edici\u00f3 de refer\u00e8ncia \u00e9s Auguste Audollent, <em>Defixionum Tabellae<\/em> (1904); David Jordan va revisar l&#8217;estat de la investigaci\u00f3 en el seu <em>Survey of Greek Defixiones<\/em> (1985).<\/p><\/div>\t\t\t\t\t\t\t\t<\/div>\n\t\t\t\t\t<\/div>\n\t\t\t\t<\/div>\n\t\t\t\t\t<\/div>\n\t\t\t\t<\/div>\n\t\t<div class=\"elementor-element elementor-element-wmd-s3 e-con-boxed e-flex e-con e-parent\" data-id=\"wmd-s3\" data-element_type=\"container\" data-e-type=\"container\">\n\t\t\t\t\t<div class=\"e-con-inner\">\n\t\t\t\t<div class=\"elementor-element elementor-element-wmd-h3 elementor-widget elementor-widget-heading\" data-id=\"wmd-h3\" data-element_type=\"widget\" data-e-type=\"widget\" id=\"wmd-h3\" data-widget_type=\"heading.default\">\n\t\t\t\t\t<h2 class=\"elementor-heading-title elementor-size-default\">Estat de les fonts<\/h2>\t\t\t\t<\/div>\n\t\t<div class=\"elementor-element elementor-element-am-wmdt3-bw e-flex e-con-boxed e-con e-child\" data-id=\"am-wmdt3-bw\" data-element_type=\"container\" data-e-type=\"container\" data-settings=\"{&quot;background_background&quot;:&quot;classic&quot;}\">\n\t\t\t\t\t<div class=\"e-con-inner\">\n\t\t\t\t<div class=\"elementor-element elementor-element-wmd-t3 elementor-widget elementor-widget-text-editor\" data-id=\"wmd-t3\" data-element_type=\"widget\" data-e-type=\"widget\" data-widget_type=\"text-editor.default\">\n\t\t\t\t\t\t\t\t\t<p>Defixions de l&#8217;<span class=\"iwg-fachbegriff\" data-tooltip=\"\u00c8poca de la cultura grega i romana, aproximadament del 800 aC al 600 dC\" tabindex=\"0\">Antiguitat<\/span>: troballes arqueol\u00f2giques a Mag\u00fancia, Atenes i Egipte (col\u00b7leccions de papirs). Edicions d&#8217;Audollent i cat\u00e0legs m\u00e9s recents. Bruixeria europea: <a class=\"iwg-fachbegriff\" href=\"https:\/\/iwell-guard.com\/ca\/?page_id=171641\" tabindex=\"0\" data-tooltip=\"\u201aMartell de les bruixes' d'Heinrich Kramer i Jakob Sprenger (1487); manual central de la persecuci\u00f3 de bruixes de l'\u00e8poca moderna primerenca.\" style=\"color:inherit;text-decoration:none\">Malleus Maleficarum<\/a>, actes de processos de bruixeria (especialment Bamberg, Tr\u00e8veris, Salem), tractats de demonologia. Etnografia africana: Evans-Pritchard, Marwick, Mary Douglas. Fonts isl\u00e0miques: Alcor\u00e0, col\u00b7leccions de hadits, obres erudites posteriors. M\u00e0gia popular europea: Kittredge, Thomas Keith.<\/p><div><h3>Edat Mitjana i \u00c8poca Moderna primerenca: teologia dels processos de bruixeria i demonologia<\/h3><p>La cristiandat medieval interpretava el maleficis com un pacte amb el diable. Te\u00f2legs com Tom\u00e0s d&#8217;Aquino (<em>Summa Theologiae<\/em>, segle XIII) debatien si un \u00e9sser hum\u00e0 podia realment ordenar els dimonis o si aquests nom\u00e9s podien actuar com a c\u00e0stig div\u00ed.<\/p><p>Amb l&#8217;aparici\u00f3 dels processos de bruixeria de l&#8217;\u00e8poca moderna primerenca (segles XVI-XVIII), el maleficis es va convertir en una acusaci\u00f3 de crim capital; l&#8217;obra m\u00e9s influent d&#8217;aquesta l\u00ednia \u00e9s el <em>Malleus Maleficarum<\/em> (Heinrich Kramer, 1486).<\/p><p><span data-nosnippet>La Inquisici\u00f3 i les autoritats protestants van oferir un escenari legal per als conflictes ve\u00efnals: una vaca mor, un infant emmalalteix, una collita fracassa, i la dona sospitosa \u00e9s perseguida per maleficis. Robin Briggs (<em>Witches and Neighbors<\/em>, 1996) mostra que molts acusats coneixien efectivament pr\u00e0ctiques rituals, mentre que d&#8217;altres eren completament innocents.<\/span><\/p><\/div>\t\t\t\t\t\t\t\t<\/div>\n\t\t\t\t\t<\/div>\n\t\t\t\t<\/div>\n\t\t\t\t\t<\/div>\n\t\t\t\t<\/div>\n\t\t<div class=\"elementor-element elementor-element-wmd-s4 e-con-boxed e-flex e-con e-parent\" data-id=\"wmd-s4\" data-element_type=\"container\" data-e-type=\"container\">\n\t\t\t\t\t<div class=\"e-con-inner\">\n\t\t\t\t<div class=\"elementor-element elementor-element-wmd-h4 elementor-widget elementor-widget-heading\" data-id=\"wmd-h4\" data-element_type=\"widget\" data-e-type=\"widget\" id=\"wmd-h4\" data-widget_type=\"heading.default\">\n\t\t\t\t\t<h2 class=\"elementor-heading-title elementor-size-default\">Significat actual \/ \u00c9ssers relacionats<\/h2>\t\t\t\t<\/div>\n\t\t<div class=\"elementor-element elementor-element-am-wmdt4-bw e-flex e-con-boxed e-con e-child\" data-id=\"am-wmdt4-bw\" data-element_type=\"container\" data-e-type=\"container\" data-settings=\"{&quot;background_background&quot;:&quot;classic&quot;}\">\n\t\t\t\t\t<div class=\"e-con-inner\">\n\t\t\t\t<div class=\"elementor-element elementor-element-wmd-t4 elementor-widget elementor-widget-text-editor\" data-id=\"wmd-t4\" data-element_type=\"widget\" data-e-type=\"widget\" data-widget_type=\"text-editor.default\">\n\t\t\t\t\t\t\t\t\t<footer class=\"iwg-literatur\"><p>En contextos moderns, la m\u00e0gia negra es valora de manera diferent dins dels moviments neopagans i les pr\u00e0ctiques de m\u00e0gia baixa, alguns la rebutgen (la Rede Wiccan: \u201eHarm none\u00bb), altres la consideren moralment neutra. Des del punt de vista psicol\u00f2gic, la seva efic\u00e0cia s&#8217;explica per efectes nocebo (dany per expectativa) o per sanci\u00f3 social. En cultures amb una profunda convicci\u00f3 m\u00e0gica, els efectes es mantenen reals, independentment del marc explicatiu occidental.<\/p><p>Pr\u00e0ctiques relacionades: <a href=\"https:\/\/iwell-guard.com\/ca\/?page_id=171486\">M\u00e0gia d&#8217;amor<\/a>, <a href=\"https:\/\/iwell-guard.com\/ca\/?page_id=171490\">M\u00e0gia de sang<\/a>, <a href=\"https:\/\/iwell-guard.com\/ca\/?page_id=171489\">Necrom\u00e0ncia<\/a> (com a instrument de dany), <a href=\"https:\/\/iwell-guard.com\/ca\/?page_id=171435\">Maledicci\u00f3<\/a>.<\/p><h3>Tradici\u00f3 de l&#8217;<span class=\"iwg-fachbegriff\" data-tooltip=\"\u00c8poca de la cultura grega i romana, aproximadament del 800 aC al 600 dC.\" tabindex=\"0\">Antiguitat<\/span><\/h3><p>La m\u00e0gia negra \u00e9s la forma de pr\u00e0ctica m\u00e0gica documentada de manera m\u00e9s completa en termes historicoculturals. Les defixiones de l&#8217;antiguitat, tauletes de plom amb textos de maledicci\u00f3 que es dipositaven a fonts, pous o tombes, s&#8217;han conservat en diversos milers d&#8217;exemplars en la <span class=\"iwg-fachbegriff\" data-tooltip=\"La transmissi\u00f3 de coneixements i relats al llarg de generacions.\" tabindex=\"0\">tradici\u00f3<\/span> arqueol\u00f2gica.<\/p><p><span data-nosnippet>Les edicions de refer\u00e8ncia m\u00e9s importants s\u00f3n les Tabellae Defixionum (Audollent 1904) i les edicions m\u00e9s recents de Daniel Ogden (\u00abGreek and Roman Necromancy\u00bb, 2001) i Christopher Faraone. Les defixiones ofereixen una visi\u00f3 directa poc habitual de la pr\u00e0ctica quotidiana de la <span class=\"iwg-fachbegriff\" data-tooltip=\"Pr\u00e0ctiques que pretenen intervenir en el curs dels esdeveniments mitjan\u00e7ant accions o f\u00f3rmules especials.\" tabindex=\"0\">m\u00e0gia<\/span> al m\u00f3n antic, no van ser redactades per mags professionals, sin\u00f3 per particulars en situacions de conflicte concretes.<\/span><\/p><h3>Transicions medievals<\/h3><p>A l&#8217;edat mitjana cristiana, la tradici\u00f3 de la m\u00e0gia negra passa de l&#8217;espai p\u00fablic a la m\u00e0gia popular. Els processos de bruixeria de l&#8217;edat moderna primerenca documenten un ric conjunt de creences sobre la m\u00e0gia negra, encanteris de lligam, rituals de maledicci\u00f3, danys per simpatia mitjan\u00e7ant figures de cera o objectes personals.<\/p><p><span data-nosnippet>Fins a quin punt aix\u00f2 reflecteix una pr\u00e0ctica hist\u00f2rica o \u00e9s una construcci\u00f3 de la situaci\u00f3 d&#8217;interrogatori \u00e9s objecte de la investigaci\u00f3 moderna sobre la ca\u00e7a de bruixes (Stuart Clark, \u00abThinking with Demons\u00bb 1997; Wolfgang Behringer, \u00abHexen und Hexenprozesse in Deutschland\u00bb 1988).<\/span><\/p><h3>M\u00e0gia popular a tot el m\u00f3n<\/h3><p>Les creences sobre la m\u00e0gia negra estan documentades de manera transcultural en pr\u00e0cticament totes les societats ben conegudes des del punt de vista historicoreligi\u00f3s, des dels conceptes africans de la bruixeria fins a pr\u00e0ctiques asi\u00e0tiques similars al vud\u00fa i tradicions ind\u00edgenes americanes de m\u00e0gia perjudicial.<\/p><p>La recerca veu en aquesta const\u00e0ncia no nom\u00e9s difusi\u00f3 cultural, sin\u00f3 una funci\u00f3 psicol\u00f2gica universal: la m\u00e0gia negra \u00e9s una forma d&#8217;explicaci\u00f3 i intervenci\u00f3 davant conflictes i injust\u00edcies en qu\u00e8 els mitjans legals o socials directes no funcionen.<\/p><h3>Valoraci\u00f3 \u00e8tica i legal<\/h3><p>La m\u00e0gia negra sovint era punible en els sistemes jur\u00eddics antics i medievals, la Lex Cornelia romana (segle I aC) prohibia expl\u00edcitament la pr\u00e0ctica, igual que el dret can\u00f2nic medieval.<\/p><p>En els sistemes jur\u00eddics moderns, la pr\u00e0ctica en si no \u00e9s punible (perqu\u00e8 es considera inefica\u00e7), per\u00f2 els danys concrets que es produeixen en el marc d&#8217;un acte de m\u00e0gia negra (danys materials, amenaces, assetjament) poden ser perseguits penalment i civilment. Des del punt de vista d&#8217;iWell Guard, la m\u00e0gia negra \u00e9s una pr\u00e0ctica clarament rebutjable des del punt de vista \u00e8tic; en parlem com a fenomen historicoreligi\u00f3s, sense cap recomanaci\u00f3 d&#8217;\u00fas.<\/p><div data-nosnippet=\"true\" class=\"iwg-litliste\"><p><strong>Bibliografia de refer\u00e8ncia (<span class=\"iwg-fachbegriff\" data-tooltip=\"La ci\u00e8ncia que estudia les religions de manera comparativa i sense comprom\u00eds de fe.\" tabindex=\"0\">ci\u00e8ncia de les religions<\/span> comparada):<\/strong><\/p><\/div><\/footer><div><h3>Rituals antibruixeria i <span class=\"iwg-fachbegriff\" data-tooltip=\"Pr\u00e0ctiques que pretenen intervenir en el curs dels esdeveniments mitjan\u00e7ant accions o f\u00f3rmules especials.\" tabindex=\"0\">m\u00e0gia<\/span> apotropaica<\/h3><p>Contra la m\u00e0gia negra van sorgir, paral\u00b7lelament, pr\u00e0ctiques apotropaiques (defensives). La <em>pr\u00e0ctica popular<\/em> de l&#8217;\u00e0mbit de parla alemanya, documentada per Willem de Bl\u00e9court i altres autors de la recerca etnogr\u00e0fica sobre la bruixeria, feia servir <span class=\"iwg-fachbegriff\" data-tooltip=\"Concessi\u00f3 de benedicci\u00f3 i protecci\u00f3, sovint amb una f\u00f3rmula ling\u00fc\u00edstica fixa.\" tabindex=\"0\">benediccions<\/span>, herbes medicinals i contramaledicciones per neutralitzar els danys causats per bruixes.<\/p><p>En el context afric\u00e0, els nganga i els endevins funcionen de manera similar: diagnostiquen la m\u00e0gia negra i la trenquen amb contram\u00e0gia i <span class=\"iwg-fachbegriff\" data-tooltip=\"La invocaci\u00f3 suplicant o conjuradora d'una divinitat o poder.\" tabindex=\"0\">invocaci\u00f3<\/span> dels avantpassats. Aquesta dimensi\u00f3 \u00e8tica encara marca la consci\u00e8ncia religiosa avui dia: la <span class=\"iwg-fachbegriff\" data-tooltip=\"Pr\u00e0ctiques que pretenen intervenir en el curs dels esdeveniments mitjan\u00e7ant accions o f\u00f3rmules especials.\" tabindex=\"0\">m\u00e0gia<\/span> leg\u00edtima s&#8217;adre\u00e7a contra la m\u00e0gia negra il\u00b7leg\u00edtima. Vegeu tamb\u00e9 <a href=\"https:\/\/iwell-guard.com\/ca\/?page_id=171435\">Maledicci\u00f3<\/a> i <a href=\"https:\/\/iwell-guard.com\/ca\/?page_id=171492\">Invocaci\u00f3<\/a>.<\/p><\/div>\n<p class=\"iwg-bib-more\"><span data-nosnippet>M\u00e9s obres de refer\u00e8ncia a la <a href=\"https:\/\/iwell-guard.com\/ca\/?page_id=171483\">bibliografia<\/a>.<\/span><\/p>\t\t\t\t\t\t\t\t<\/div>\n\t\t\t\t\t<\/div>\n\t\t\t\t<\/div>\n\t\t\t\t\t<\/div>\n\t\t\t\t<\/div>\n\t\t<div class=\"elementor-element elementor-element-iwgcb-schadzau-sec e-flex e-con-boxed e-con e-parent\" data-id=\"iwgcb-schadzau-sec\" data-element_type=\"container\" data-e-type=\"container\" id=\"iwg-cb-schadzauber\">\n\t\t\t\t\t<div class=\"e-con-inner\">\n\t\t<div class=\"elementor-element elementor-element-iwgcb-schadzau-inner e-flex e-con-boxed e-con e-parent\" data-id=\"iwgcb-schadzau-inner\" data-element_type=\"container\" data-e-type=\"container\" data-settings=\"{&quot;background_background&quot;:&quot;classic&quot;}\">\n\t\t\t\t\t<div class=\"e-con-inner\">\n\t\t\t\t<div class=\"elementor-element elementor-element-iwgcb-schadzau-h elementor-widget elementor-widget-heading\" data-id=\"iwgcb-schadzau-h\" data-element_type=\"widget\" data-e-type=\"widget\" data-widget_type=\"heading.default\">\n\t\t\t\t\t<h2 class=\"elementor-heading-title elementor-size-default\">iWell Guard i tradicions de protecci\u00f3<\/h2>\t\t\t\t<\/div>\n\t\t\t\t<div class=\"elementor-element elementor-element-iwgcb-schadzau-t elementor-widget elementor-widget-text-editor\" data-id=\"iwgcb-schadzau-t\" data-element_type=\"widget\" data-e-type=\"widget\" data-widget_type=\"text-editor.default\">\n\t\t\t\t\t\t\t\t\t<div data-nosnippet=\"true\"><p>Al llarg de totes les cultures documentades es poden trobar objectes de protecci\u00f3 que la gent portava al cos, des dels amulets de <a href=\"https:\/\/iwell-guard.com\/ca\/pazuzu\/\">Pazuzu<\/a> a Mesopot\u00e0mia, passant per la <a href=\"https:\/\/iwell-guard.com\/ca\/?page_id=171650\">Hamsa<\/a> a la Mediterr\u00e0nia, fins a la <a href=\"https:\/\/iwell-guard.com\/ca\/?page_id=171652\">Mezuz\u00e0<\/a> als brancals de les portes jueves i les medalles cristianes de protecci\u00f3. iWell Guard recull aquesta tradici\u00f3 amb una arquitectura de materials contempor\u00e0nia, fabricada a Alemanya, 41 nivells, or de veritat, plat\u00ed, plata. Dret de devoluci\u00f3 de 30 dies.<\/p><\/div>\t\t\t\t\t\t\t\t<\/div>\n\t\t\t\t<div class=\"elementor-element elementor-element-iwgcb-schadzau-b iwg-cb-button iwg-cb-cta-2026-05-13 elementor-widget elementor-widget-jet-button\" data-id=\"iwgcb-schadzau-b\" data-element_type=\"widget\" data-e-type=\"widget\" data-widget_type=\"jet-button.default\">\n\t\t\t\t<div class=\"elementor-widget-container\">\n\t\t\t\t\t<div class=\"elementor-jet-button jet-elements\"><div class=\"jet-button__container\"><a class=\"jet-button__instance jet-button__instance--icon-left hover-effect-1\" href=\"\/ueber-iwell-guard\/?utm_source=iwell-guard.com&amp;utm_medium=info-box&amp;utm_campaign=hub-tradition\"><div class=\"jet-button__plane jet-button__plane-normal\"><\/div><div class=\"jet-button__plane jet-button__plane-hover\"><\/div><div class=\"jet-button__state jet-button__state-normal\"><span class=\"jet-button__label\">M\u00e9s informaci\u00f3 sobre l'iWell Guard<\/span><\/div><div class=\"jet-button__state jet-button__state-hover\"><span class=\"jet-button__label\">M\u00e9s informaci\u00f3 sobre l'iWell Guard<\/span><\/div><\/a><\/div><\/div><style>.elementor-element.elementor-element-iwgcb-schadzau-b .jet-button__instance{width:320px;height:56px;}.elementor-element.elementor-element-iwgcb-schadzau-b .jet-button__state-normal .jet-button__label{text-align:center;margin:0px 0px 0px 0px;color:#1a1b20;font-family:Montserrat,sans-serif;font-size:13px;font-weight:400;letter-spacing:4px;line-height:1.714em;text-transform:uppercase;}.elementor-element.elementor-element-iwgcb-schadzau-b .jet-button__state-hover .jet-button__label{text-align:center;margin:0px 0px 0px 0px;color:#FECC76;font-family:Montserrat,sans-serif;font-size:13px;font-weight:400;letter-spacing:4px;line-height:1.714em;text-transform:uppercase;}.elementor-element.elementor-element-iwgcb-schadzau-b .jet-button__plane-normal{background-color:#FECC76;border-style:solid;border-color:#C99540;border-width:2px 2px 2px 2px;}.elementor-element.elementor-element-iwgcb-schadzau-b .jet-button__plane-hover{background-color:rgba(0,0,0,0.55);border-style:solid;border-color:#FECC76;border-width:2px 2px 2px 2px;}<\/style>\t\t\t\t<\/div>\n\t\t\t\t<\/div>\n\t\t\t\t<div class=\"elementor-element elementor-element-iwgcb-schadzau-d elementor-widget elementor-widget-text-editor\" data-id=\"iwgcb-schadzau-d\" data-element_type=\"widget\" data-e-type=\"widget\" data-widget_type=\"text-editor.default\">\n\t\t\t\t\t\t\t\t\t<div data-nosnippet=\"true\"><p style=\"text-align:center;font-size:13px;opacity:0.7;margin-top:14px\" data-nosnippet=\"true\">Les experi\u00e8ncies personals poden variar. No \u00e9s un producte sanitari. No \u00e9s una promesa de curaci\u00f3.<\/p><\/div>\t\t\t\t\t\t\t\t<\/div>\n\t\t\t\t\t<\/div>\n\t\t\t\t<\/div>\n\t\t\t\t\t<\/div>\n\t\t\t\t<\/div>\n\t\t\t\t<\/div>\n\t\t","protected":false},"excerpt":{"rendered":"","protected":false},"author":3,"featured_media":2302,"parent":0,"menu_order":0,"comment_status":"closed","ping_status":"closed","template":"elementor_header_footer","meta":{"_yoast_wpseo_focuskw":"Malefici, maledicci\u00f3","_yoast_wpseo_title":"Malefici: visi\u00f3 general | iWell Guard","_yoast_wpseo_metadesc":"Terme gen\u00e8ric per a pr\u00e0ctiques m\u00e0giques destinades a causar dany a una persona: des de malalties fins a infortunis o perjudicis en les relacions.","_yoast_wpseo_meta-robots-noindex":"","_yoast_wpseo_canonical":"","_angie_page":false,"gefaehrdungsstufe":"","wesen_kultur":"","wesen_klasse":"","footnotes":""},"categories":[],"class_list":["post-171485","page","type-page","status-publish","has-post-thumbnail","hentry"],"yoast_head":"<!-- This site is optimized with the Yoast SEO Premium plugin v27.7 (Yoast SEO v28.3) - https:\/\/yoast.com\/product\/yoast-seo-premium-wordpress\/ -->\n<title>Malefici: visi\u00f3 general | iWell Guard<\/title>\n<meta name=\"description\" content=\"Terme gen\u00e8ric per a pr\u00e0ctiques m\u00e0giques destinades a causar dany a una persona: des de malalties fins a infortunis o perjudicis en les relacions.\" \/>\n<meta name=\"robots\" content=\"index, follow, max-snippet:-1, max-image-preview:large, max-video-preview:-1\" \/>\n<link rel=\"canonical\" href=\"https:\/\/iwell-guard.com\/ca\/malefici\/\" \/>\n<meta property=\"og:locale\" content=\"ca_ES\" \/>\n<meta property=\"og:type\" content=\"article\" \/>\n<meta property=\"og:title\" content=\"M\u00e0gia negativa\" \/>\n<meta property=\"og:description\" content=\"Terme gen\u00e8ric per a pr\u00e0ctiques m\u00e0giques destinades a causar dany a una persona: des de malalties fins a infortunis o perjudicis en les relacions.\" \/>\n<meta property=\"og:url\" content=\"https:\/\/iwell-guard.com\/ca\/malefici\/\" \/>\n<meta property=\"og:site_name\" content=\"iWell Guard\" \/>\n<meta property=\"article:modified_time\" content=\"2026-09-05T15:58:56+00:00\" \/>\n<meta property=\"og:image\" content=\"https:\/\/iwell-guard.com\/wp-content\/uploads\/2026\/05\/praktiken_schadzauber.webp\" \/>\n\t<meta property=\"og:image:width\" content=\"1024\" \/>\n\t<meta property=\"og:image:height\" content=\"1536\" \/>\n\t<meta property=\"og:image:type\" content=\"image\/webp\" \/>\n<meta name=\"twitter:card\" content=\"summary_large_image\" \/>\n<script type=\"application\/ld+json\" class=\"yoast-schema-graph\">{\"@context\":\"https:\\\/\\\/schema.org\",\"@graph\":[{\"@type\":\"WebPage\",\"@id\":\"https:\\\/\\\/iwell-guard.com\\\/ca\\\/malefici\\\/\",\"url\":\"https:\\\/\\\/iwell-guard.com\\\/ca\\\/malefici\\\/\",\"name\":\"Malefici: visi\u00f3 general | iWell Guard\",\"isPartOf\":{\"@id\":\"https:\\\/\\\/iwell-guard.com\\\/ca\\\/#website\"},\"primaryImageOfPage\":{\"@id\":\"https:\\\/\\\/iwell-guard.com\\\/ca\\\/malefici\\\/#primaryimage\"},\"image\":{\"@id\":\"https:\\\/\\\/iwell-guard.com\\\/ca\\\/malefici\\\/#primaryimage\"},\"thumbnailUrl\":\"https:\\\/\\\/iwell-guard.com\\\/wp-content\\\/uploads\\\/2026\\\/05\\\/praktiken_schadzauber.webp\",\"datePublished\":\"2026-09-05T15:39:46+00:00\",\"dateModified\":\"2026-09-05T15:58:56+00:00\",\"description\":\"Terme gen\u00e8ric per a pr\u00e0ctiques m\u00e0giques destinades a causar dany a una persona: des de malalties fins a infortunis o perjudicis en les relacions.\",\"breadcrumb\":{\"@id\":\"https:\\\/\\\/iwell-guard.com\\\/ca\\\/malefici\\\/#breadcrumb\"},\"inLanguage\":\"ca\",\"potentialAction\":[{\"@type\":\"ReadAction\",\"target\":[\"https:\\\/\\\/iwell-guard.com\\\/ca\\\/malefici\\\/\"]}]},{\"@type\":\"ImageObject\",\"inLanguage\":\"ca\",\"@id\":\"https:\\\/\\\/iwell-guard.com\\\/ca\\\/malefici\\\/#primaryimage\",\"url\":\"https:\\\/\\\/iwell-guard.com\\\/wp-content\\\/uploads\\\/2026\\\/05\\\/praktiken_schadzauber.webp\",\"contentUrl\":\"https:\\\/\\\/iwell-guard.com\\\/wp-content\\\/uploads\\\/2026\\\/05\\\/praktiken_schadzauber.webp\",\"width\":1024,\"height\":1536,\"caption\":\"Malefici \u2014 pr\u00e0ctiques m\u00e0giques perjudicials\"},{\"@type\":\"BreadcrumbList\",\"@id\":\"https:\\\/\\\/iwell-guard.com\\\/ca\\\/malefici\\\/#breadcrumb\",\"itemListElement\":[{\"@type\":\"ListItem\",\"position\":1,\"name\":\"Start\",\"item\":\"https:\\\/\\\/iwell-guard.com\\\/ca\\\/?page_id=171333\"},{\"@type\":\"ListItem\",\"position\":2,\"name\":\"M\u00e0gia negativa\"}]},{\"@type\":\"WebSite\",\"@id\":\"https:\\\/\\\/iwell-guard.com\\\/ca\\\/#website\",\"url\":\"https:\\\/\\\/iwell-guard.com\\\/ca\\\/\",\"name\":\"iWell Guard\",\"description\":\"Schutz vor dunklen Einfl\u00fcssen\",\"publisher\":{\"@id\":\"https:\\\/\\\/iwell-guard.com\\\/ca\\\/#organization\"},\"potentialAction\":[{\"@type\":\"SearchAction\",\"target\":{\"@type\":\"EntryPoint\",\"urlTemplate\":\"https:\\\/\\\/iwell-guard.com\\\/ca\\\/?s={search_term_string}\"},\"query-input\":{\"@type\":\"PropertyValueSpecification\",\"valueRequired\":true,\"valueName\":\"search_term_string\"}}],\"inLanguage\":\"ca\"},{\"@type\":\"Organization\",\"@id\":\"https:\\\/\\\/iwell-guard.com\\\/ca\\\/#organization\",\"name\":\"Ittermann electronic GmbH\",\"url\":\"https:\\\/\\\/iwell-guard.com\\\/ca\\\/\",\"logo\":{\"@type\":\"ImageObject\",\"inLanguage\":\"ca\",\"@id\":\"https:\\\/\\\/iwell-guard.com\\\/ca\\\/#\\\/schema\\\/logo\\\/image\\\/\",\"url\":\"https:\\\/\\\/iwell-guard.com\\\/wp-content\\\/uploads\\\/2026\\\/05\\\/Ittermann-Logo-1182x237-1.png\",\"contentUrl\":\"https:\\\/\\\/iwell-guard.com\\\/wp-content\\\/uploads\\\/2026\\\/05\\\/Ittermann-Logo-1182x237-1.png\",\"width\":1182,\"height\":237,\"caption\":\"Ittermann electronic GmbH\"},\"image\":{\"@id\":\"https:\\\/\\\/iwell-guard.com\\\/ca\\\/#\\\/schema\\\/logo\\\/image\\\/\"},\"sameAs\":[\"https:\\\/\\\/pantip.com\\\/profile\\\/9367242\",\"https:\\\/\\\/micro.blog\\\/iwellguard\",\"https:\\\/\\\/www.diggerslist.com\\\/iwellguard\\\/about\",\"https:\\\/\\\/skitterphoto.com\\\/photographers\\\/2870314\\\/iwell-guard\",\"https:\\\/\\\/iwellguard.wordpress.com\\\/2026\\\/06\\\/06\\\/iwell-guard\\\/\",\"https:\\\/\\\/hub.docker.com\\\/u\\\/iwellguard\",\"https:\\\/\\\/www.pinterest.com\\\/iwellguard\\\/\",\"https:\\\/\\\/bit.ly\\\/m\\\/iwellguard\",\"https:\\\/\\\/entre-vos-mains.alsace.eu\\\/profiles\\\/iwellguard\\\/activity\",\"https:\\\/\\\/gravatar.com\\\/reallybeded8fd34\",\"https:\\\/\\\/naijamatta.com\\\/iwellguard\",\"https:\\\/\\\/www.goodreads.com\\\/iwellguard\",\"https:\\\/\\\/profile.hatena.ne.jp\\\/iwellguard\\\/\",\"https:\\\/\\\/experiment.com\\\/users\\\/iwellguard\",\"https:\\\/\\\/wakelet.com\\\/@iWellGuard82270\",\"https:\\\/\\\/www.chordie.com\\\/forum\\\/profile.php?id=2555664\",\"https:\\\/\\\/www.instapaper.com\\\/p\\\/17757966\",\"https:\\\/\\\/www.mapleprimes.com\\\/users\\\/iwellguard\",\"https:\\\/\\\/businesslistingplus.com\\\/profile\\\/iwell-guard\\\/\",\"https:\\\/\\\/telegra.ph\\\/iWell-Guard-06-06\",\"https:\\\/\\\/pbase.com\\\/iwellguard\\\/iwellguard\",\"https:\\\/\\\/b.hatena.ne.jp\\\/iwellguard\\\/20260607#bookmark-4788405196491818882\",\"https:\\\/\\\/fliphtml5.com\\\/home\\\/iwellguard\",\"https:\\\/\\\/anyflip.com\\\/homepage\\\/cmiwl#About\",\"https:\\\/\\\/transfur.com\\\/Users\\\/iwellguard\",\"http:\\\/\\\/delphi.larsbo.org\\\/user\\\/iwellguard\",\"https:\\\/\\\/jobs.lajobsportal.org\\\/profiles\\\/8380803-iwell-guard\",\"https:\\\/\\\/md.chaosdorf.de\\\/s\\\/jfbe5SBdJD\",\"https:\\\/\\\/www.lingvolive.com\\\/en-us\\\/profile\\\/9ecaeaca-ce11-4e51-9e71-01d55e2bff36\\\/translations\",\"https:\\\/\\\/www.fitday.com\\\/fitness\\\/forums\\\/members\\\/iwellguard.html\",\"https:\\\/\\\/www.mymeetbook.com\\\/iwellguard\",\"https:\\\/\\\/pxhere.com\\\/en\\\/photographer-me\\\/5040798\",\"https:\\\/\\\/disqus.com\\\/by\\\/iwellguard\\\/about\\\/\",\"https:\\\/\\\/pastelink.net\\\/hjwciqwq\",\"https:\\\/\\\/pubhtml5.com\\\/homepage\\\/scjhn\\\/\",\"https:\\\/\\\/www.bitchute.com\\\/channel\\\/2O2eOKzNqujT\",\"https:\\\/\\\/audiomack.com\\\/iwellguard\"]}]}<\/script>\n<!-- \/ Yoast SEO Premium plugin. -->","yoast_head_json":{"title":"Malefici: visi\u00f3 general | iWell Guard","description":"Terme gen\u00e8ric per a pr\u00e0ctiques m\u00e0giques destinades a causar dany a una persona: des de malalties fins a infortunis o perjudicis en les relacions.","robots":{"index":"index","follow":"follow","max-snippet":"max-snippet:-1","max-image-preview":"max-image-preview:large","max-video-preview":"max-video-preview:-1"},"canonical":"https:\/\/iwell-guard.com\/ca\/malefici\/","og_locale":"ca_ES","og_type":"article","og_title":"M\u00e0gia negativa","og_description":"Terme gen\u00e8ric per a pr\u00e0ctiques m\u00e0giques destinades a causar dany a una persona: des de malalties fins a infortunis o perjudicis en les relacions.","og_url":"https:\/\/iwell-guard.com\/ca\/malefici\/","og_site_name":"iWell Guard","article_modified_time":"2026-09-05T15:58:56+00:00","og_image":[{"width":1024,"height":1536,"url":"https:\/\/iwell-guard.com\/wp-content\/uploads\/2026\/05\/praktiken_schadzauber.webp","type":"image\/webp"}],"twitter_card":"summary_large_image","schema":{"@context":"https:\/\/schema.org","@graph":[{"@type":"WebPage","@id":"https:\/\/iwell-guard.com\/ca\/malefici\/","url":"https:\/\/iwell-guard.com\/ca\/malefici\/","name":"Malefici: visi\u00f3 general | iWell Guard","isPartOf":{"@id":"https:\/\/iwell-guard.com\/ca\/#website"},"primaryImageOfPage":{"@id":"https:\/\/iwell-guard.com\/ca\/malefici\/#primaryimage"},"image":{"@id":"https:\/\/iwell-guard.com\/ca\/malefici\/#primaryimage"},"thumbnailUrl":"https:\/\/iwell-guard.com\/wp-content\/uploads\/2026\/05\/praktiken_schadzauber.webp","datePublished":"2026-09-05T15:39:46+00:00","dateModified":"2026-09-05T15:58:56+00:00","description":"Terme gen\u00e8ric per a pr\u00e0ctiques m\u00e0giques destinades a causar dany a una persona: des de malalties fins a infortunis o perjudicis en les relacions.","breadcrumb":{"@id":"https:\/\/iwell-guard.com\/ca\/malefici\/#breadcrumb"},"inLanguage":"ca","potentialAction":[{"@type":"ReadAction","target":["https:\/\/iwell-guard.com\/ca\/malefici\/"]}]},{"@type":"ImageObject","inLanguage":"ca","@id":"https:\/\/iwell-guard.com\/ca\/malefici\/#primaryimage","url":"https:\/\/iwell-guard.com\/wp-content\/uploads\/2026\/05\/praktiken_schadzauber.webp","contentUrl":"https:\/\/iwell-guard.com\/wp-content\/uploads\/2026\/05\/praktiken_schadzauber.webp","width":1024,"height":1536,"caption":"Malefici \u2014 pr\u00e0ctiques m\u00e0giques perjudicials"},{"@type":"BreadcrumbList","@id":"https:\/\/iwell-guard.com\/ca\/malefici\/#breadcrumb","itemListElement":[{"@type":"ListItem","position":1,"name":"Start","item":"https:\/\/iwell-guard.com\/ca\/?page_id=171333"},{"@type":"ListItem","position":2,"name":"M\u00e0gia negativa"}]},{"@type":"WebSite","@id":"https:\/\/iwell-guard.com\/ca\/#website","url":"https:\/\/iwell-guard.com\/ca\/","name":"iWell Guard","description":"Schutz vor dunklen Einfl\u00fcssen","publisher":{"@id":"https:\/\/iwell-guard.com\/ca\/#organization"},"potentialAction":[{"@type":"SearchAction","target":{"@type":"EntryPoint","urlTemplate":"https:\/\/iwell-guard.com\/ca\/?s={search_term_string}"},"query-input":{"@type":"PropertyValueSpecification","valueRequired":true,"valueName":"search_term_string"}}],"inLanguage":"ca"},{"@type":"Organization","@id":"https:\/\/iwell-guard.com\/ca\/#organization","name":"Ittermann electronic GmbH","url":"https:\/\/iwell-guard.com\/ca\/","logo":{"@type":"ImageObject","inLanguage":"ca","@id":"https:\/\/iwell-guard.com\/ca\/#\/schema\/logo\/image\/","url":"https:\/\/iwell-guard.com\/wp-content\/uploads\/2026\/05\/Ittermann-Logo-1182x237-1.png","contentUrl":"https:\/\/iwell-guard.com\/wp-content\/uploads\/2026\/05\/Ittermann-Logo-1182x237-1.png","width":1182,"height":237,"caption":"Ittermann electronic GmbH"},"image":{"@id":"https:\/\/iwell-guard.com\/ca\/#\/schema\/logo\/image\/"},"sameAs":["https:\/\/pantip.com\/profile\/9367242","https:\/\/micro.blog\/iwellguard","https:\/\/www.diggerslist.com\/iwellguard\/about","https:\/\/skitterphoto.com\/photographers\/2870314\/iwell-guard","https:\/\/iwellguard.wordpress.com\/2026\/06\/06\/iwell-guard\/","https:\/\/hub.docker.com\/u\/iwellguard","https:\/\/www.pinterest.com\/iwellguard\/","https:\/\/bit.ly\/m\/iwellguard","https:\/\/entre-vos-mains.alsace.eu\/profiles\/iwellguard\/activity","https:\/\/gravatar.com\/reallybeded8fd34","https:\/\/naijamatta.com\/iwellguard","https:\/\/www.goodreads.com\/iwellguard","https:\/\/profile.hatena.ne.jp\/iwellguard\/","https:\/\/experiment.com\/users\/iwellguard","https:\/\/wakelet.com\/@iWellGuard82270","https:\/\/www.chordie.com\/forum\/profile.php?id=2555664","https:\/\/www.instapaper.com\/p\/17757966","https:\/\/www.mapleprimes.com\/users\/iwellguard","https:\/\/businesslistingplus.com\/profile\/iwell-guard\/","https:\/\/telegra.ph\/iWell-Guard-06-06","https:\/\/pbase.com\/iwellguard\/iwellguard","https:\/\/b.hatena.ne.jp\/iwellguard\/20260607#bookmark-4788405196491818882","https:\/\/fliphtml5.com\/home\/iwellguard","https:\/\/anyflip.com\/homepage\/cmiwl#About","https:\/\/transfur.com\/Users\/iwellguard","http:\/\/delphi.larsbo.org\/user\/iwellguard","https:\/\/jobs.lajobsportal.org\/profiles\/8380803-iwell-guard","https:\/\/md.chaosdorf.de\/s\/jfbe5SBdJD","https:\/\/www.lingvolive.com\/en-us\/profile\/9ecaeaca-ce11-4e51-9e71-01d55e2bff36\/translations","https:\/\/www.fitday.com\/fitness\/forums\/members\/iwellguard.html","https:\/\/www.mymeetbook.com\/iwellguard","https:\/\/pxhere.com\/en\/photographer-me\/5040798","https:\/\/disqus.com\/by\/iwellguard\/about\/","https:\/\/pastelink.net\/hjwciqwq","https:\/\/pubhtml5.com\/homepage\/scjhn\/","https:\/\/www.bitchute.com\/channel\/2O2eOKzNqujT","https:\/\/audiomack.com\/iwellguard"]}]}},"_links":{"self":[{"href":"https:\/\/iwell-guard.com\/ca\/wp-json\/wp\/v2\/pages\/171485","targetHints":{"allow":["GET"]}}],"collection":[{"href":"https:\/\/iwell-guard.com\/ca\/wp-json\/wp\/v2\/pages"}],"about":[{"href":"https:\/\/iwell-guard.com\/ca\/wp-json\/wp\/v2\/types\/page"}],"author":[{"embeddable":true,"href":"https:\/\/iwell-guard.com\/ca\/wp-json\/wp\/v2\/users\/3"}],"replies":[{"embeddable":true,"href":"https:\/\/iwell-guard.com\/ca\/wp-json\/wp\/v2\/comments?post=171485"}],"version-history":[{"count":0,"href":"https:\/\/iwell-guard.com\/ca\/wp-json\/wp\/v2\/pages\/171485\/revisions"}],"wp:featuredmedia":[{"embeddable":true,"href":"https:\/\/iwell-guard.com\/ca\/wp-json\/wp\/v2\/media\/2302"}],"wp:attachment":[{"href":"https:\/\/iwell-guard.com\/ca\/wp-json\/wp\/v2\/media?parent=171485"}],"wp:term":[{"taxonomy":"category","embeddable":true,"href":"https:\/\/iwell-guard.com\/ca\/wp-json\/wp\/v2\/categories?post=171485"}],"curies":[{"name":"wp","href":"https:\/\/api.w.org\/{rel}","templated":true}]}}