{"id":171477,"date":"2026-09-05T15:39:42","date_gmt":"2026-09-05T15:39:42","guid":{"rendered":"https:\/\/iwell-guard.com\/?page_id=171477"},"modified":"2026-09-05T15:58:44","modified_gmt":"2026-09-05T15:58:44","slug":"informacio-medial","status":"publish","type":"page","link":"https:\/\/iwell-guard.com\/ca\/informacio-medial\/","title":{"rendered":"Informaci\u00f3 medial"},"content":{"rendered":"\t\t<div data-elementor-type=\"wp-page\" data-elementor-id=\"171477\" class=\"elementor elementor-171477 elementor-1914 elementor-bc-flex-widget\" data-elementor-post-type=\"page\">\n\t\t\t\t<div class=\"elementor-element elementor-element-k-hero-rebuilt-medial iwg-kultur-hero e-flex e-con-boxed e-con e-parent\" data-id=\"k-hero-rebuilt-medial\" data-element_type=\"container\" data-e-type=\"container\">\n\t\t\t\t\t<div class=\"e-con-inner\">\n\t\t<div class=\"elementor-element elementor-element-khleft-medial iwg-kultur-hero-left e-flex e-con-boxed e-con e-parent\" data-id=\"khleft-medial\" data-element_type=\"container\" data-e-type=\"container\">\n\t\t\t\t\t<div class=\"e-con-inner\">\n\t\t\t\t<div class=\"elementor-element elementor-element-k-h1-medial elementor-widget elementor-widget-heading\" data-id=\"k-h1-medial\" data-element_type=\"widget\" data-e-type=\"widget\" data-widget_type=\"heading.default\">\n\t\t\t\t\t<h1 class=\"elementor-heading-title elementor-size-default\">Informaci\u00f3 medial &#8211; classificaci\u00f3 i identificaci\u00f3<\/h1>\t\t\t\t<\/div>\n\t\t<div class=\"elementor-element elementor-element-aj11-hero-lead-medial e-con-full e-flex e-con e-parent\" data-id=\"aj11-hero-lead-medial\" data-element_type=\"container\" data-e-type=\"container\">\n\t\t\t\t<div class=\"elementor-element elementor-element-k-lead-medial elementor-widget elementor-widget-text-editor\" data-id=\"k-lead-medial\" data-element_type=\"widget\" data-e-type=\"widget\" data-widget_type=\"text-editor.default\">\n\t\t\t\t\t\t\t\t\t<p>Aquesta p\u00e0gina serveix per a la <strong>classificaci\u00f3 i identificaci\u00f3<\/strong> de la informaci\u00f3 medial dins del lexic\u00f3, qu\u00e8 es considera verificable, qu\u00e8 es considera tradici\u00f3 i qu\u00e8 es considera hip\u00f2tesi.<\/p><p><em><strong>Informaci\u00f3 medial<\/strong> designa afirmacions que no obtenim mitjan\u00e7ant fonts hist\u00f2riques, sin\u00f3 mitjan\u00e7ant una comprovaci\u00f3 energ\u00e8tica en el camp d&#8217;informaci\u00f3 c\u00f2smic, una via de coneixement pr\u00f2pia i clarament marcada al costat de la ci\u00e8ncia i dels testimonis d&#8217;experi\u00e8ncia.<\/em><\/p><p>Aquesta p\u00e0gina explica el concepte, la metodologia i la manera d&#8217;identificar-lo: com separem la informaci\u00f3 medial de les troballes cient\u00edfiques i per qu\u00e8 aquesta separaci\u00f3 \u00e9s visible a cada p\u00e0gina de detall.<\/p>\t\t\t\t\t\t\t\t<\/div>\n\t\t\t\t<\/div>\n\t\t<div class=\"elementor-element elementor-element-aj11-hero-toc-medial e-con-full e-flex e-con e-parent\" data-id=\"aj11-hero-toc-medial\" data-element_type=\"container\" data-e-type=\"container\">\n\t\t\t\t<div class=\"elementor-element elementor-element-k-toc-medial elementor-widget elementor-widget-text-editor\" data-id=\"k-toc-medial\" data-element_type=\"widget\" data-e-type=\"widget\" data-widget_type=\"text-editor.default\">\n\t\t\t\t\t\t\t\t\t<p><strong>Contingut d&#8217;aquesta p\u00e0gina:<\/strong><\/p><ul><li><a href=\"#x404-h0\">Informaci\u00f3 medial<\/a><\/li><li><a href=\"#add-mediale-information-h0\">Concepte<\/a><\/li><li><a href=\"#add-mediale-information-h1\">Identificaci\u00f3<\/a><\/li><li><a href=\"#add-mediale-information-h2\">Fiabilitat<\/a><\/li><li><a href=\"#fe1855c\">Aprofundiment<\/a><\/li><\/ul>\t\t\t\t\t\t\t\t<\/div>\n\t\t\t\t<\/div>\n\t\t\t\t\t<\/div>\n\t\t\t\t<\/div>\n\t\t<div class=\"elementor-element elementor-element-khrght-medial iwg-kultur-hero-right e-flex e-con-boxed e-con e-parent\" data-id=\"khrght-medial\" data-element_type=\"container\" data-e-type=\"container\">\n\t\t\t\t\t<div class=\"e-con-inner\">\n\t\t\t\t<div class=\"elementor-element elementor-element-k-img-medial elementor-widget elementor-widget-image\" data-id=\"k-img-medial\" data-element_type=\"widget\" data-e-type=\"widget\" data-widget_type=\"image.default\">\n\t\t\t\t\t\t\t\t\t\t\t\t\t\t\t<img fetchpriority=\"high\" decoding=\"async\" width=\"683\" height=\"1024\" src=\"https:\/\/iwell-guard.com\/wp-content\/uploads\/2026\/05\/themen_mediale-information-683x1024.webp\" class=\"attachment-large size-large wp-image-2287\" alt=\"Sitzende Person in Trance mit silbern-goldenem Lichtstrang nach oben\" srcset=\"https:\/\/iwell-guard.com\/wp-content\/uploads\/2026\/05\/themen_mediale-information-683x1024.webp 683w, https:\/\/iwell-guard.com\/wp-content\/uploads\/2026\/05\/themen_mediale-information-200x300.webp 200w, https:\/\/iwell-guard.com\/wp-content\/uploads\/2026\/05\/themen_mediale-information-768x1152.webp 768w, https:\/\/iwell-guard.com\/wp-content\/uploads\/2026\/05\/themen_mediale-information.webp 1024w\" sizes=\"(max-width: 683px) 100vw, 683px\" \/>\t\t\t\t\t\t\t\t\t\t\t\t\t\t\t<\/div>\n\t\t\t\t\t<\/div>\n\t\t\t\t<\/div>\n\t\t\t\t\t<\/div>\n\t\t\t\t<\/div>\n\t\t<div class=\"elementor-element elementor-element-x404-s0 e-con-boxed e-flex e-con e-parent\" data-id=\"x404-s0\" data-element_type=\"container\" data-e-type=\"container\">\n\t\t\t\t\t<div class=\"e-con-inner\">\n\t\t\t\t<div class=\"elementor-element elementor-element-x404-h0 elementor-widget elementor-widget-heading\" data-id=\"x404-h0\" data-element_type=\"widget\" data-e-type=\"widget\" data-widget_type=\"heading.default\">\n\t\t\t\t\t<h2 class=\"elementor-heading-title elementor-size-default\">Informaci\u00f3 medial<\/h2>\t\t\t\t<\/div>\n\t\t<div class=\"elementor-element elementor-element-aj11-inner-514f4d e-con-full e-flex e-con e-parent\" data-id=\"aj11-inner-514f4d\" data-element_type=\"container\" data-e-type=\"container\">\n\t\t\t\t<div class=\"elementor-element elementor-element-x404-t0 elementor-widget elementor-widget-text-editor\" data-id=\"x404-t0\" data-element_type=\"widget\" data-e-type=\"widget\" data-widget_type=\"text-editor.default\">\n\t\t\t\t\t\t\t\t\t<p>Com classifiquem la informaci\u00f3 procedent de canals medials, com la identifiquem i com la relacionem amb fonts documentades hist\u00f2ricament: aquesta \u00e9s la pregunta que respon aquesta p\u00e0gina. A iWell Guard treballem amb una jerarquia de fonts transparent que permet verificar, per a cada afirmaci\u00f3, com i d&#8217;on prov\u00e9.<\/p><p>Les informacions medials s\u00f3n un tipus de coneixement propi. Complementen all\u00f2 que es coneix a trav\u00e9s de fonts cl\u00e0ssiques, la <span class=\"iwg-fachbegriff\" data-tooltip=\"La transmissi\u00f3 de coneixements i relats al llarg de generacions.\" tabindex=\"0\">transmissi\u00f3<\/span> escrita, les troballes arqueol\u00f2giques, l&#8217;observaci\u00f3 etnogr\u00e0fica o la mesura cient\u00edfica. No les substitueixen. Aquesta p\u00e0gina descriu com hi treballem.<\/p>\t\t\t\t\t\t\t\t<\/div>\n\t\t\t\t<\/div>\n\t\t\t\t\t<\/div>\n\t\t\t\t<\/div>\n\t\t<div class=\"elementor-element elementor-element-add-mediale-information-s0 e-con-boxed e-flex e-con e-parent\" data-id=\"add-mediale-information-s0\" data-element_type=\"container\" data-e-type=\"container\">\n\t\t\t\t\t<div class=\"e-con-inner\">\n\t\t\t\t<div class=\"elementor-element elementor-element-add-mediale-information-h0 elementor-widget elementor-widget-heading\" data-id=\"add-mediale-information-h0\" data-element_type=\"widget\" data-e-type=\"widget\" data-widget_type=\"heading.default\">\n\t\t\t\t\t<h2 class=\"elementor-heading-title elementor-size-default\">Concepte<\/h2>\t\t\t\t<\/div>\n\t\t<div class=\"elementor-element elementor-element-aj11-inner-0bffa5 e-con-full e-flex e-con e-parent\" data-id=\"aj11-inner-0bffa5\" data-element_type=\"container\" data-e-type=\"container\">\n\t\t\t\t<div class=\"elementor-element elementor-element-add-mediale-information-t0 elementor-widget elementor-widget-text-editor\" data-id=\"add-mediale-information-t0\" data-element_type=\"widget\" data-e-type=\"widget\" data-widget_type=\"text-editor.default\">\n\t\t\t\t\t\t\t\t\t<p><em>Informaci\u00f3 medial<\/em> designa, a iWell Guard, informaci\u00f3 que va m\u00e9s enll\u00e0 de la percepci\u00f3 sensorial directa i que \u00e9s captada per practicants medials en el <a href=\"https:\/\/iwell-guard.com\/ca\/?page_id=171476\">camp d&#8217;informaci\u00f3 c\u00f2smic<\/a>. En concret, es tracta de percepcions en forma d&#8217;imatges, sensacions, veus, resson\u00e0ncies corporals o impressions simb\u00f2liques que no provenen dels cinc sentits cl\u00e0ssics.<\/p><p>El concepte s&#8217;ha definit deliberadament de manera \u00e0mplia. Inclou tant el treball medial controlat de practicants formats, amb preparaci\u00f3, pas de llindar, protocol documentat, com les impressions espont\u00e0nies de portadors sensibles del penjoll protector. El que uneix ambd\u00f3s tipus d&#8217;experi\u00e8ncia \u00e9s la pretensi\u00f3 de percebre alguna cosa que va m\u00e9s enll\u00e0 de la consci\u00e8ncia ordin\u00e0ria. El que els diferencia \u00e9s el rigor metodol\u00f2gic.<\/p>\t\t\t\t\t\t\t\t<\/div>\n\t\t\t\t<\/div>\n\t\t\t\t\t<\/div>\n\t\t\t\t<\/div>\n\t\t<div class=\"elementor-element elementor-element-add-mediale-information-s1 e-con-boxed e-flex e-con e-parent\" data-id=\"add-mediale-information-s1\" data-element_type=\"container\" data-e-type=\"container\">\n\t\t\t\t\t<div class=\"e-con-inner\">\n\t\t\t\t<div class=\"elementor-element elementor-element-add-mediale-information-h1 elementor-widget elementor-widget-heading\" data-id=\"add-mediale-information-h1\" data-element_type=\"widget\" data-e-type=\"widget\" data-widget_type=\"heading.default\">\n\t\t\t\t\t<h2 class=\"elementor-heading-title elementor-size-default\">Identificaci\u00f3<\/h2>\t\t\t\t<\/div>\n\t\t<div class=\"elementor-element elementor-element-aj11-inner-368880 e-con-full e-flex e-con e-parent\" data-id=\"aj11-inner-368880\" data-element_type=\"container\" data-e-type=\"container\">\n\t\t\t\t<div class=\"elementor-element elementor-element-add-mediale-information-t1 elementor-widget elementor-widget-text-editor\" data-id=\"add-mediale-information-t1\" data-element_type=\"widget\" data-e-type=\"widget\" data-widget_type=\"text-editor.default\">\n\t\t\t\t\t\t\t\t\t<p>A les nostres p\u00e0gines de detall, identifiquem la informaci\u00f3 medial mitjan\u00e7ant un <em>quadre de verificaci\u00f3<\/em> separat o mitjan\u00e7ant formulacions expl\u00edcites com \u00abverificat en el camp d&#8217;informaci\u00f3 c\u00f2smic\u00bb, \u00abpercebut medialment\u00bb o \u00abobservaci\u00f3 energ\u00e8tica\u00bb. Aquesta identificaci\u00f3 \u00e9s vinculant: cap afirmaci\u00f3 presentada com a hist\u00f2ricament documentada es basa en dades obtingudes medialment sense la indicaci\u00f3 corresponent.<\/p><p>De la mateixa manera, tamb\u00e9 fem transparent quan ens basem en fonts documentades hist\u00f2rico-filol\u00f2gicament o arqueol\u00f2gicament. Una afirmaci\u00f3 sobre el context mitol\u00f2gic d&#8217;una classe d&#8217;\u00e9sser procedent de la literatura antiga \u00e9s un tipus d&#8217;afirmaci\u00f3 diferent d&#8217;una observaci\u00f3 feta en el camp d&#8217;informaci\u00f3 c\u00f2smic.<\/p><p>Ambdues tenen el seu lloc a la p\u00e0gina, per\u00f2 reclamen tipus de validesa diferents, i aix\u00f2 ha de quedar clar per a cada lectora.<\/p>\t\t\t\t\t\t\t\t<\/div>\n\t\t\t\t<\/div>\n\t\t\t\t\t<\/div>\n\t\t\t\t<\/div>\n\t\t<div class=\"elementor-element elementor-element-add-mediale-information-s2 e-con-boxed e-flex e-con e-parent\" data-id=\"add-mediale-information-s2\" data-element_type=\"container\" data-e-type=\"container\">\n\t\t\t\t\t<div class=\"e-con-inner\">\n\t\t\t\t<div class=\"elementor-element elementor-element-add-mediale-information-h2 elementor-widget elementor-widget-heading\" data-id=\"add-mediale-information-h2\" data-element_type=\"widget\" data-e-type=\"widget\" data-widget_type=\"heading.default\">\n\t\t\t\t\t<h2 class=\"elementor-heading-title elementor-size-default\">Fiabilitat<\/h2>\t\t\t\t<\/div>\n\t\t<div class=\"elementor-element elementor-element-aj11-inner-f332db e-con-full e-flex e-con e-parent\" data-id=\"aj11-inner-f332db\" data-element_type=\"container\" data-e-type=\"container\">\n\t\t\t\t<div class=\"elementor-element elementor-element-add-mediale-information-t2 elementor-widget elementor-widget-text-editor\" data-id=\"add-mediale-information-t2\" data-element_type=\"widget\" data-e-type=\"widget\" data-widget_type=\"text-editor.default\">\n\t\t\t\t\t\t\t\t\t<p>No afirmem que la informaci\u00f3 medial sigui objectivament certa. L&#8217;oferim com una perspectiva addicional, sorgida en l&#8217;\u00e0mbit de la pr\u00e0ctica experiencial, que es situa deliberadament al costat d&#8217;altres fonts. All\u00e0 on als nostres textos llegiu \u00abmedial\u00bb o \u00abverificat en el camp d&#8217;informaci\u00f3 c\u00f2smic\u00bb, sabeu que aquesta afirmaci\u00f3 prov\u00e9 d&#8217;una pr\u00e0ctica de percepci\u00f3 subtil i que no est\u00e0 documentada en el sentit de la ci\u00e8ncia cl\u00e0ssica.<\/p><p>Aquesta diferenciaci\u00f3 no \u00e9s una mancan\u00e7a, sin\u00f3 una virtut metodol\u00f2gica. Qui identifica honestament la informaci\u00f3 medial evita tres coses: que les lectores i lectors cr\u00edtics se sentin enganyats; que les percepcions pr\u00f2pies s&#8217;absolutitzin de manera acr\u00edtica; i que la pr\u00e0ctica medial perdi la seva pr\u00f2pia integritat en integrar-se de manera confusa amb afirmacions objectives.<\/p>\t\t\t\t\t\t\t\t<\/div>\n\t\t\t\t<\/div>\n\t\t\t\t\t<\/div>\n\t\t\t\t<\/div>\n\t\t<div class=\"elementor-element elementor-element-6b3292e e-con-boxed e-flex e-con e-parent\" data-id=\"6b3292e\" data-element_type=\"container\" data-e-type=\"container\">\n\t\t\t\t\t<div class=\"e-con-inner\">\n\t\t\t\t<div class=\"elementor-element elementor-element-fe1855c elementor-widget elementor-widget-heading\" data-id=\"fe1855c\" data-element_type=\"widget\" data-e-type=\"widget\" data-widget_type=\"heading.default\">\n\t\t\t\t\t<h2 class=\"elementor-heading-title elementor-size-default\">Aprofundiment<\/h2>\t\t\t\t<\/div>\n\t\t<div class=\"elementor-element elementor-element-aj11-inner-88f8e0 e-con-full e-flex e-con e-parent\" data-id=\"aj11-inner-88f8e0\" data-element_type=\"container\" data-e-type=\"container\">\n\t\t\t\t<div class=\"elementor-element elementor-element-4c1eb70 elementor-widget elementor-widget-text-editor\" data-id=\"4c1eb70\" data-element_type=\"widget\" data-e-type=\"widget\" data-widget_type=\"text-editor.default\">\n\t\t\t\t\t\t\t\t\t<p>A iWell Guard treballem amb una jerarquia de fonts transparent. <strong>Primer nivell:<\/strong> fonts documentades hist\u00f2rico-filol\u00f2gicament, textos originals (B\u00edblia, <span class=\"iwg-fachbegriff\" tabindex=\"0\" data-tooltip=\"Obra principal del judaisme rab\u00ednic, en versi\u00f3 babil\u00f2nica i jerosolimitana; cont\u00e9 la Mixn\u00e0 i la Guemar\u00e0.\">Talmud<\/span>, Eddes, tauletes d&#8217;encanteris ac\u00e0diques, manuscrits medievals), edicions cr\u00edtiques, literatura secund\u00e0ria revisada per experts. Aquestes fonts estan enlla\u00e7ades directament, idealment a Internet Archive o a l&#8217;editorial, i citades pel seu nom.<\/p><p><strong>Segon nivell:<\/strong> observaci\u00f3 etnogr\u00e0fica i de ci\u00e8ncies de la religi\u00f3, estudis de camp, lexicons de <span class=\"iwg-fachbegriff\" data-tooltip=\"El conjunt de relats transmesos sobre divinitats d'una cultura.\" tabindex=\"0\">mitologia<\/span>, obres de refer\u00e8ncia com el <em>Handw\u00f6rterbuch des deutschen Aberglaubens<\/em> o l&#8217;<em>Encyclopedia of Religion<\/em>. <strong>Tercer nivell:<\/strong> troballes de la hist\u00f2ria de la recepci\u00f3, com una figura continua vivint en la cultura moderna (pop, cinema, literatura de g\u00e8nere). <strong>Quart nivell:<\/strong> observacions obtingudes medialment, identificades expl\u00edcitament com a tals.<\/p><p>Aquesta jerarquitzaci\u00f3 no diu res sobre l&#8217;estatus de veritat, sin\u00f3 sobre el tipus de pretensi\u00f3 de validesa. Una afirmaci\u00f3 documentada filol\u00f2gicament sobre la descripci\u00f3 de les Lemuria d&#8217;Ovidi reclama una validesa diferent d&#8217;una observaci\u00f3 obtinguda medialment sobre l&#8217;efic\u00e0cia d&#8217;un mantra protector. Totes dues tenen el seu lloc, per\u00f2 sota sup\u00f2sits diferents.<\/p>\t\t\t\t\t\t\t\t<\/div>\n\t\t\t\t<\/div>\n\t\t\t\t<div class=\"elementor-element elementor-element-84385e5 elementor-widget elementor-widget-heading\" data-id=\"84385e5\" data-element_type=\"widget\" data-e-type=\"widget\" data-widget_type=\"heading.default\">\n\t\t\t\t\t<h3 class=\"elementor-heading-title elementor-size-default\">Jerarquia de fonts<\/h3>\t\t\t\t<\/div>\n\t\t\t\t<div class=\"elementor-element elementor-element-6b6b0ca elementor-widget elementor-widget-heading\" data-id=\"6b6b0ca\" data-element_type=\"widget\" data-e-type=\"widget\" data-widget_type=\"heading.default\">\n\t\t\t\t\t<h3 class=\"elementor-heading-title elementor-size-default\">Diferenciaci\u00f3 en lloc de promeses de curaci\u00f3<\/h3>\t\t\t\t<\/div>\n\t\t<div class=\"elementor-element elementor-element-bw-8ce760d-04faa0d e-flex e-con-boxed e-con e-parent\" data-id=\"bw-8ce760d-04faa0d\" data-element_type=\"container\" data-e-type=\"container\" data-settings=\"{&quot;background_background&quot;:&quot;classic&quot;}\">\n\t\t\t\t\t<div class=\"e-con-inner\">\n\t\t\t\t<div class=\"elementor-element elementor-element-8ce760d elementor-widget elementor-widget-text-editor\" data-id=\"8ce760d\" data-element_type=\"widget\" data-e-type=\"widget\" data-widget_type=\"text-editor.default\">\n\t\t\t\t\t\t\t\t\t<footer class=\"iwg-literatur\"><p>La informaci\u00f3 medial no substitueix el coneixement cient\u00edfic. Tampoc \u00e9s una promesa de curaci\u00f3. No fem diagn\u00f2stics medials que substitueixin el diagn\u00f2stic m\u00e8dic, ni prometem cap curaci\u00f3 mitjan\u00e7ant intervencions medials. La pr\u00e0ctica medial amb la qual treballem \u00e9s un m\u00e8tode d&#8217;autoreflexi\u00f3 i de percepci\u00f3 basada en l&#8217;experi\u00e8ncia, no una alternativa terap\u00e8utica.<\/p><p>Aquesta delimitaci\u00f3 \u00e9s present a totes les p\u00e0gines de detall de l&#8217;apartat de Metodologia: en cas de problemes de salut aguts, remetem a l&#8217;atenci\u00f3 m\u00e8dica; en cas de crisis ps\u00edquiques agudes, als sistemes d&#8217;ajuda corresponents. El treball medial est\u00e0 concebut com una pr\u00e0ctica complement\u00e0ria, no substitutiva.<\/p><h3>Jerarquia de fonts a la pr\u00e0ctica<\/h3><p>Un exemple concret: a la p\u00e0gina sobre <a href=\"https:\/\/iwell-guard.com\/ca\/lemures\/\">Lemures<\/a> descrivim el <span class=\"iwg-fachbegriff\" data-tooltip=\"Un acte religi\u00f3s fixat i recurrent.\" tabindex=\"0\">ritus<\/span> rom\u00e0 de Lemuria a partir dels <em>Fasti<\/em> V d&#8217;Ovidi (479, 492). Aix\u00f2 \u00e9s el nivell 1, citat directament, amb refer\u00e8ncia a l&#8217;edici\u00f3 cr\u00edtica.<\/p><p>A continuaci\u00f3 descrivim la ubicaci\u00f3 dins la hist\u00f2ria de les religions en el context de la pr\u00e0ctica funer\u00e0ria romana, nivell 2, amb refer\u00e8ncia a obres de refer\u00e8ncia com <em>Religion und <span class=\"iwg-fachbegriff\" data-tooltip=\"L'actitud i la pr\u00e0ctica religiosa viscuda d'una persona.\" tabindex=\"0\">Fr\u00f6mmigkeit<\/span> der R\u00f6mer<\/em> de John Scheid. Esmentem la recepci\u00f3 moderna en el cinema i la literatura, nivell 3. I remetem, si escau, a observacions medials recollides sobre l&#8217;efic\u00e0cia de pr\u00e0ctiques tradicionals de protecci\u00f3 contra els Lemures, nivell 4, marcades expressament com a tals.<\/p><p>Aix\u00ed es crea una presentaci\u00f3 estratificada: cada lectora pot entrar-hi en el nivell que vulgui, segons la seva pr\u00f2pia disposici\u00f3 de coneixement. La lectora amb orientaci\u00f3 cient\u00edfica probablement passar\u00e0 pel damunt del nivell 4; la lectora familiaritzada amb la pr\u00e0ctica medial el considerar\u00e0 central. Totes dues troben a la p\u00e0gina el que busquen.<\/p><h3>Qu\u00e8 no fem<\/h3><p>No fem passar un llenguatge pseudocient\u00edfic per ci\u00e8ncia. No barregem afirmacions recollides medialment amb fets documentats filol\u00f2gicament. No fem promeses sobre \u00abgaranties\u00bb medials ni sobre una \u00abefic\u00e0cia protectora absoluta\u00bb. No afirmem que les percepcions medials siguin la \u00fanica o la m\u00e9s alta forma de coneixement.<\/p><p>El que fem \u00e9s molt m\u00e9s modest, per\u00f2 esperem que, a la llarga, sigui m\u00e9s s\u00f2lid: exposem les fonts de les nostres afirmacions, indiquem el tipus de pretensi\u00f3 de validesa i deixem la valoraci\u00f3 a les lectores i lectors.<\/p><h3>Pr\u00e0ctica medial i reflexi\u00f3 cr\u00edtica<\/h3><p>Una pr\u00e0ctica medial honesta viu de dos moviments que van units: confian\u00e7a en la pr\u00f2pia percepci\u00f3 i reflexi\u00f3 cr\u00edtica sobre les fonts d&#8217;error. Confian\u00e7a, perqu\u00e8 sense ella la pr\u00e0ctica no arrenca.<\/p><p>Reflexi\u00f3 cr\u00edtica, perqu\u00e8 la percepci\u00f3 medial, com qualsevol altra percepci\u00f3, \u00e9s susceptible d&#8217;errors: distorsionada per l&#8217;expectativa, tenyida per la transfer\u00e8ncia, superposada per continguts ps\u00edquics propis. Qui no combina totes dues coses acaba, o b\u00e9 en un entusiasme acr\u00edtic, o b\u00e9 en un rebuig generalitzat; totes dues opcions fan la pr\u00e0ctica in\u00fatil.<\/p><h3>Informaci\u00f3 medial i capes de significat col\u00b7lectiu<\/h3><p>Una capa addicional, que no apareix expressament a la jerarquia de fonts per\u00f2 que \u00e9s rellevant a la pr\u00e0ctica, \u00e9s la hist\u00f2ria col\u00b7lectiva del significat d&#8217;una classe d&#8217;\u00e9sser.<\/p><p>Quan la tradici\u00f3 rab\u00ednica jueva ent\u00e9n Lilith com una amena\u00e7a per a les pu\u00e8rperes, quan les tauletes d&#8217;exorcisme acc\u00e0dies presenten Lamashtu com un <span class=\"iwg-fachbegriff\" data-tooltip=\"\u00c9sser espiritual al qual s'atribueix un efecte perjudicial o ambivalent.\" tabindex=\"0\">dimoni<\/span> perill\u00f3s per als infants, i quan els textos romans d&#8217;Ovidi descriuen els Lemures com a morts inquiets, aix\u00f2 \u00e9s m\u00e9s que una llista d&#8217;afirmacions hist\u00f2riques. \u00c9s una tradici\u00f3 d&#8217;observaci\u00f3 transcultural, en la qual determinats tipus d&#8217;experi\u00e8ncia es descriuen de manera igual o similar al llarg de segles.<\/p><p>No prenem aquesta converg\u00e8ncia com a prova, sin\u00f3 com a indici metodol\u00f2gic. Quan tradicions independents arriben a descripcions similars, \u00e9s m\u00e9s probable que apuntin a una subst\u00e0ncia experiencial real, encara que el seu estatus ontol\u00f2gic quedi obert. Aquesta observaci\u00f3 \u00e9s el motiu de la nostra presentaci\u00f3 dels \u00e9ssers, sistem\u00e0ticament comparativa.<\/p><div data-nosnippet=\"true\" class=\"iwg-litliste\"><p><strong>Bibliografia de refer\u00e8ncia (<span class=\"iwg-fachbegriff\" data-tooltip=\"La ci\u00e8ncia que estudia les religions de manera comparada i sense vinculaci\u00f3 confessional.\" tabindex=\"0\">Ci\u00e8ncia de la Religi\u00f3<\/span> Comparada):<\/strong><\/p><ul><li><span data-nosnippet><strong>Hanegraaff, Wouter J. (Ed.)<\/strong>: <em>Dictionary of <span class=\"iwg-fachbegriff\" data-tooltip=\"Corrent religi\u00f3s de l'antiguitat tardana que ensenyava la salvaci\u00f3 mitjan\u00e7ant un coneixement salv\u00edfic especial.\" tabindex=\"0\">Gnosis<\/span> and Western Esotericism. Brill, Leiden 2005.<\/em><\/span><\/li><li><span data-nosnippet><strong>Smith, Jonathan Z.<\/strong>: <em>Map Is Not Territory. Studies in the History of Religions. Brill, Leiden 1978.<\/em><\/span><\/li><\/ul><\/div><\/footer>\n<p class=\"iwg-bib-more\"><span data-nosnippet>M\u00e9s obres de refer\u00e8ncia a la <a href=\"https:\/\/iwell-guard.com\/ca\/?page_id=171483\">Bibliografia<\/a>.<\/span><\/p>\t\t\t\t\t\t\t\t<\/div>\n\t\t\t\t\t<\/div>\n\t\t\t\t<\/div>\n\t\t\t\t\t<\/div>\n\t\t\t\t<\/div>\n\t\t\t\t<\/div>\n\t\t","protected":false},"excerpt":{"rendered":"","protected":false},"author":3,"featured_media":2287,"parent":0,"menu_order":0,"comment_status":"closed","ping_status":"closed","template":"elementor_header_footer","meta":{"_yoast_wpseo_focuskw":"mediale-information","_yoast_wpseo_title":"Informaci\u00f3 medial \u2013 iWell Guard","_yoast_wpseo_metadesc":"Com classifiquem la informaci\u00f3 procedent de canals medials, com la identifiquem i com la contrastem amb fonts hist\u00f2riques.","_yoast_wpseo_meta-robots-noindex":"","_yoast_wpseo_canonical":"","_angie_page":false,"gefaehrdungsstufe":"","wesen_kultur":"","wesen_klasse":"","footnotes":""},"categories":[],"class_list":["post-171477","page","type-page","status-publish","has-post-thumbnail","hentry"],"yoast_head":"<!-- This site is optimized with the Yoast SEO Premium plugin v27.7 (Yoast SEO v28.3) - https:\/\/yoast.com\/product\/yoast-seo-premium-wordpress\/ -->\n<title>Informaci\u00f3 medial \u2013 iWell Guard<\/title>\n<meta name=\"description\" content=\"Com classifiquem la informaci\u00f3 procedent de canals medials, com la identifiquem i com la contrastem amb fonts hist\u00f2riques.\" \/>\n<meta name=\"robots\" content=\"index, follow, max-snippet:-1, max-image-preview:large, max-video-preview:-1\" \/>\n<link rel=\"canonical\" href=\"https:\/\/iwell-guard.com\/ca\/informacio-medial\/\" \/>\n<meta property=\"og:locale\" content=\"ca_ES\" \/>\n<meta property=\"og:type\" content=\"article\" \/>\n<meta property=\"og:title\" content=\"Informaci\u00f3 medial\" \/>\n<meta property=\"og:description\" content=\"Com classifiquem la informaci\u00f3 procedent de canals medials, com la identifiquem i com la contrastem amb fonts hist\u00f2riques.\" \/>\n<meta property=\"og:url\" content=\"https:\/\/iwell-guard.com\/ca\/informacio-medial\/\" \/>\n<meta property=\"og:site_name\" content=\"iWell Guard\" \/>\n<meta property=\"article:modified_time\" content=\"2026-09-05T15:58:44+00:00\" \/>\n<meta property=\"og:image\" content=\"https:\/\/iwell-guard.com\/wp-content\/uploads\/2026\/05\/themen_mediale-information.webp\" \/>\n\t<meta property=\"og:image:width\" content=\"1024\" \/>\n\t<meta property=\"og:image:height\" content=\"1536\" \/>\n\t<meta property=\"og:image:type\" content=\"image\/webp\" \/>\n<meta name=\"twitter:card\" content=\"summary_large_image\" \/>\n<script type=\"application\/ld+json\" class=\"yoast-schema-graph\">{\"@context\":\"https:\\\/\\\/schema.org\",\"@graph\":[{\"@type\":\"WebPage\",\"@id\":\"https:\\\/\\\/iwell-guard.com\\\/ca\\\/informacio-medial\\\/\",\"url\":\"https:\\\/\\\/iwell-guard.com\\\/ca\\\/informacio-medial\\\/\",\"name\":\"Informaci\u00f3 medial \u2013 iWell Guard\",\"isPartOf\":{\"@id\":\"https:\\\/\\\/iwell-guard.com\\\/ca\\\/#website\"},\"primaryImageOfPage\":{\"@id\":\"https:\\\/\\\/iwell-guard.com\\\/ca\\\/informacio-medial\\\/#primaryimage\"},\"image\":{\"@id\":\"https:\\\/\\\/iwell-guard.com\\\/ca\\\/informacio-medial\\\/#primaryimage\"},\"thumbnailUrl\":\"https:\\\/\\\/iwell-guard.com\\\/wp-content\\\/uploads\\\/2026\\\/05\\\/themen_mediale-information.webp\",\"datePublished\":\"2026-09-05T15:39:42+00:00\",\"dateModified\":\"2026-09-05T15:58:44+00:00\",\"description\":\"Com classifiquem la informaci\u00f3 procedent de canals medials, com la identifiquem i com la contrastem amb fonts hist\u00f2riques.\",\"breadcrumb\":{\"@id\":\"https:\\\/\\\/iwell-guard.com\\\/ca\\\/informacio-medial\\\/#breadcrumb\"},\"inLanguage\":\"ca\",\"potentialAction\":[{\"@type\":\"ReadAction\",\"target\":[\"https:\\\/\\\/iwell-guard.com\\\/ca\\\/informacio-medial\\\/\"]}]},{\"@type\":\"ImageObject\",\"inLanguage\":\"ca\",\"@id\":\"https:\\\/\\\/iwell-guard.com\\\/ca\\\/informacio-medial\\\/#primaryimage\",\"url\":\"https:\\\/\\\/iwell-guard.com\\\/wp-content\\\/uploads\\\/2026\\\/05\\\/themen_mediale-information.webp\",\"contentUrl\":\"https:\\\/\\\/iwell-guard.com\\\/wp-content\\\/uploads\\\/2026\\\/05\\\/themen_mediale-information.webp\",\"width\":1024,\"height\":1536,\"caption\":\"Persona asseguda en tr\u00e0nsit amb un feix de llum platejada i daurada cap amunt\"},{\"@type\":\"BreadcrumbList\",\"@id\":\"https:\\\/\\\/iwell-guard.com\\\/ca\\\/informacio-medial\\\/#breadcrumb\",\"itemListElement\":[{\"@type\":\"ListItem\",\"position\":1,\"name\":\"Start\",\"item\":\"https:\\\/\\\/iwell-guard.com\\\/ca\\\/?page_id=171333\"},{\"@type\":\"ListItem\",\"position\":2,\"name\":\"Informaci\u00f3 medial\"}]},{\"@type\":\"WebSite\",\"@id\":\"https:\\\/\\\/iwell-guard.com\\\/ca\\\/#website\",\"url\":\"https:\\\/\\\/iwell-guard.com\\\/ca\\\/\",\"name\":\"iWell Guard\",\"description\":\"Schutz vor dunklen Einfl\u00fcssen\",\"publisher\":{\"@id\":\"https:\\\/\\\/iwell-guard.com\\\/ca\\\/#organization\"},\"potentialAction\":[{\"@type\":\"SearchAction\",\"target\":{\"@type\":\"EntryPoint\",\"urlTemplate\":\"https:\\\/\\\/iwell-guard.com\\\/ca\\\/?s={search_term_string}\"},\"query-input\":{\"@type\":\"PropertyValueSpecification\",\"valueRequired\":true,\"valueName\":\"search_term_string\"}}],\"inLanguage\":\"ca\"},{\"@type\":\"Organization\",\"@id\":\"https:\\\/\\\/iwell-guard.com\\\/ca\\\/#organization\",\"name\":\"Ittermann electronic GmbH\",\"url\":\"https:\\\/\\\/iwell-guard.com\\\/ca\\\/\",\"logo\":{\"@type\":\"ImageObject\",\"inLanguage\":\"ca\",\"@id\":\"https:\\\/\\\/iwell-guard.com\\\/ca\\\/#\\\/schema\\\/logo\\\/image\\\/\",\"url\":\"https:\\\/\\\/iwell-guard.com\\\/wp-content\\\/uploads\\\/2026\\\/05\\\/Ittermann-Logo-1182x237-1.png\",\"contentUrl\":\"https:\\\/\\\/iwell-guard.com\\\/wp-content\\\/uploads\\\/2026\\\/05\\\/Ittermann-Logo-1182x237-1.png\",\"width\":1182,\"height\":237,\"caption\":\"Ittermann electronic GmbH\"},\"image\":{\"@id\":\"https:\\\/\\\/iwell-guard.com\\\/ca\\\/#\\\/schema\\\/logo\\\/image\\\/\"},\"sameAs\":[\"https:\\\/\\\/pantip.com\\\/profile\\\/9367242\",\"https:\\\/\\\/micro.blog\\\/iwellguard\",\"https:\\\/\\\/www.diggerslist.com\\\/iwellguard\\\/about\",\"https:\\\/\\\/skitterphoto.com\\\/photographers\\\/2870314\\\/iwell-guard\",\"https:\\\/\\\/iwellguard.wordpress.com\\\/2026\\\/06\\\/06\\\/iwell-guard\\\/\",\"https:\\\/\\\/hub.docker.com\\\/u\\\/iwellguard\",\"https:\\\/\\\/www.pinterest.com\\\/iwellguard\\\/\",\"https:\\\/\\\/bit.ly\\\/m\\\/iwellguard\",\"https:\\\/\\\/entre-vos-mains.alsace.eu\\\/profiles\\\/iwellguard\\\/activity\",\"https:\\\/\\\/gravatar.com\\\/reallybeded8fd34\",\"https:\\\/\\\/naijamatta.com\\\/iwellguard\",\"https:\\\/\\\/www.goodreads.com\\\/iwellguard\",\"https:\\\/\\\/profile.hatena.ne.jp\\\/iwellguard\\\/\",\"https:\\\/\\\/experiment.com\\\/users\\\/iwellguard\",\"https:\\\/\\\/wakelet.com\\\/@iWellGuard82270\",\"https:\\\/\\\/www.chordie.com\\\/forum\\\/profile.php?id=2555664\",\"https:\\\/\\\/www.instapaper.com\\\/p\\\/17757966\",\"https:\\\/\\\/www.mapleprimes.com\\\/users\\\/iwellguard\",\"https:\\\/\\\/businesslistingplus.com\\\/profile\\\/iwell-guard\\\/\",\"https:\\\/\\\/telegra.ph\\\/iWell-Guard-06-06\",\"https:\\\/\\\/pbase.com\\\/iwellguard\\\/iwellguard\",\"https:\\\/\\\/b.hatena.ne.jp\\\/iwellguard\\\/20260607#bookmark-4788405196491818882\",\"https:\\\/\\\/fliphtml5.com\\\/home\\\/iwellguard\",\"https:\\\/\\\/anyflip.com\\\/homepage\\\/cmiwl#About\",\"https:\\\/\\\/transfur.com\\\/Users\\\/iwellguard\",\"http:\\\/\\\/delphi.larsbo.org\\\/user\\\/iwellguard\",\"https:\\\/\\\/jobs.lajobsportal.org\\\/profiles\\\/8380803-iwell-guard\",\"https:\\\/\\\/md.chaosdorf.de\\\/s\\\/jfbe5SBdJD\",\"https:\\\/\\\/www.lingvolive.com\\\/en-us\\\/profile\\\/9ecaeaca-ce11-4e51-9e71-01d55e2bff36\\\/translations\",\"https:\\\/\\\/www.fitday.com\\\/fitness\\\/forums\\\/members\\\/iwellguard.html\",\"https:\\\/\\\/www.mymeetbook.com\\\/iwellguard\",\"https:\\\/\\\/pxhere.com\\\/en\\\/photographer-me\\\/5040798\",\"https:\\\/\\\/disqus.com\\\/by\\\/iwellguard\\\/about\\\/\",\"https:\\\/\\\/pastelink.net\\\/hjwciqwq\",\"https:\\\/\\\/pubhtml5.com\\\/homepage\\\/scjhn\\\/\",\"https:\\\/\\\/www.bitchute.com\\\/channel\\\/2O2eOKzNqujT\",\"https:\\\/\\\/audiomack.com\\\/iwellguard\"]}]}<\/script>\n<!-- \/ Yoast SEO Premium plugin. -->","yoast_head_json":{"title":"Informaci\u00f3 medial \u2013 iWell Guard","description":"Com classifiquem la informaci\u00f3 procedent de canals medials, com la identifiquem i com la contrastem amb fonts hist\u00f2riques.","robots":{"index":"index","follow":"follow","max-snippet":"max-snippet:-1","max-image-preview":"max-image-preview:large","max-video-preview":"max-video-preview:-1"},"canonical":"https:\/\/iwell-guard.com\/ca\/informacio-medial\/","og_locale":"ca_ES","og_type":"article","og_title":"Informaci\u00f3 medial","og_description":"Com classifiquem la informaci\u00f3 procedent de canals medials, com la identifiquem i com la contrastem amb fonts hist\u00f2riques.","og_url":"https:\/\/iwell-guard.com\/ca\/informacio-medial\/","og_site_name":"iWell Guard","article_modified_time":"2026-09-05T15:58:44+00:00","og_image":[{"width":1024,"height":1536,"url":"https:\/\/iwell-guard.com\/wp-content\/uploads\/2026\/05\/themen_mediale-information.webp","type":"image\/webp"}],"twitter_card":"summary_large_image","schema":{"@context":"https:\/\/schema.org","@graph":[{"@type":"WebPage","@id":"https:\/\/iwell-guard.com\/ca\/informacio-medial\/","url":"https:\/\/iwell-guard.com\/ca\/informacio-medial\/","name":"Informaci\u00f3 medial \u2013 iWell Guard","isPartOf":{"@id":"https:\/\/iwell-guard.com\/ca\/#website"},"primaryImageOfPage":{"@id":"https:\/\/iwell-guard.com\/ca\/informacio-medial\/#primaryimage"},"image":{"@id":"https:\/\/iwell-guard.com\/ca\/informacio-medial\/#primaryimage"},"thumbnailUrl":"https:\/\/iwell-guard.com\/wp-content\/uploads\/2026\/05\/themen_mediale-information.webp","datePublished":"2026-09-05T15:39:42+00:00","dateModified":"2026-09-05T15:58:44+00:00","description":"Com classifiquem la informaci\u00f3 procedent de canals medials, com la identifiquem i com la contrastem amb fonts hist\u00f2riques.","breadcrumb":{"@id":"https:\/\/iwell-guard.com\/ca\/informacio-medial\/#breadcrumb"},"inLanguage":"ca","potentialAction":[{"@type":"ReadAction","target":["https:\/\/iwell-guard.com\/ca\/informacio-medial\/"]}]},{"@type":"ImageObject","inLanguage":"ca","@id":"https:\/\/iwell-guard.com\/ca\/informacio-medial\/#primaryimage","url":"https:\/\/iwell-guard.com\/wp-content\/uploads\/2026\/05\/themen_mediale-information.webp","contentUrl":"https:\/\/iwell-guard.com\/wp-content\/uploads\/2026\/05\/themen_mediale-information.webp","width":1024,"height":1536,"caption":"Persona asseguda en tr\u00e0nsit amb un feix de llum platejada i daurada cap amunt"},{"@type":"BreadcrumbList","@id":"https:\/\/iwell-guard.com\/ca\/informacio-medial\/#breadcrumb","itemListElement":[{"@type":"ListItem","position":1,"name":"Start","item":"https:\/\/iwell-guard.com\/ca\/?page_id=171333"},{"@type":"ListItem","position":2,"name":"Informaci\u00f3 medial"}]},{"@type":"WebSite","@id":"https:\/\/iwell-guard.com\/ca\/#website","url":"https:\/\/iwell-guard.com\/ca\/","name":"iWell Guard","description":"Schutz vor dunklen Einfl\u00fcssen","publisher":{"@id":"https:\/\/iwell-guard.com\/ca\/#organization"},"potentialAction":[{"@type":"SearchAction","target":{"@type":"EntryPoint","urlTemplate":"https:\/\/iwell-guard.com\/ca\/?s={search_term_string}"},"query-input":{"@type":"PropertyValueSpecification","valueRequired":true,"valueName":"search_term_string"}}],"inLanguage":"ca"},{"@type":"Organization","@id":"https:\/\/iwell-guard.com\/ca\/#organization","name":"Ittermann electronic GmbH","url":"https:\/\/iwell-guard.com\/ca\/","logo":{"@type":"ImageObject","inLanguage":"ca","@id":"https:\/\/iwell-guard.com\/ca\/#\/schema\/logo\/image\/","url":"https:\/\/iwell-guard.com\/wp-content\/uploads\/2026\/05\/Ittermann-Logo-1182x237-1.png","contentUrl":"https:\/\/iwell-guard.com\/wp-content\/uploads\/2026\/05\/Ittermann-Logo-1182x237-1.png","width":1182,"height":237,"caption":"Ittermann electronic GmbH"},"image":{"@id":"https:\/\/iwell-guard.com\/ca\/#\/schema\/logo\/image\/"},"sameAs":["https:\/\/pantip.com\/profile\/9367242","https:\/\/micro.blog\/iwellguard","https:\/\/www.diggerslist.com\/iwellguard\/about","https:\/\/skitterphoto.com\/photographers\/2870314\/iwell-guard","https:\/\/iwellguard.wordpress.com\/2026\/06\/06\/iwell-guard\/","https:\/\/hub.docker.com\/u\/iwellguard","https:\/\/www.pinterest.com\/iwellguard\/","https:\/\/bit.ly\/m\/iwellguard","https:\/\/entre-vos-mains.alsace.eu\/profiles\/iwellguard\/activity","https:\/\/gravatar.com\/reallybeded8fd34","https:\/\/naijamatta.com\/iwellguard","https:\/\/www.goodreads.com\/iwellguard","https:\/\/profile.hatena.ne.jp\/iwellguard\/","https:\/\/experiment.com\/users\/iwellguard","https:\/\/wakelet.com\/@iWellGuard82270","https:\/\/www.chordie.com\/forum\/profile.php?id=2555664","https:\/\/www.instapaper.com\/p\/17757966","https:\/\/www.mapleprimes.com\/users\/iwellguard","https:\/\/businesslistingplus.com\/profile\/iwell-guard\/","https:\/\/telegra.ph\/iWell-Guard-06-06","https:\/\/pbase.com\/iwellguard\/iwellguard","https:\/\/b.hatena.ne.jp\/iwellguard\/20260607#bookmark-4788405196491818882","https:\/\/fliphtml5.com\/home\/iwellguard","https:\/\/anyflip.com\/homepage\/cmiwl#About","https:\/\/transfur.com\/Users\/iwellguard","http:\/\/delphi.larsbo.org\/user\/iwellguard","https:\/\/jobs.lajobsportal.org\/profiles\/8380803-iwell-guard","https:\/\/md.chaosdorf.de\/s\/jfbe5SBdJD","https:\/\/www.lingvolive.com\/en-us\/profile\/9ecaeaca-ce11-4e51-9e71-01d55e2bff36\/translations","https:\/\/www.fitday.com\/fitness\/forums\/members\/iwellguard.html","https:\/\/www.mymeetbook.com\/iwellguard","https:\/\/pxhere.com\/en\/photographer-me\/5040798","https:\/\/disqus.com\/by\/iwellguard\/about\/","https:\/\/pastelink.net\/hjwciqwq","https:\/\/pubhtml5.com\/homepage\/scjhn\/","https:\/\/www.bitchute.com\/channel\/2O2eOKzNqujT","https:\/\/audiomack.com\/iwellguard"]}]}},"_links":{"self":[{"href":"https:\/\/iwell-guard.com\/ca\/wp-json\/wp\/v2\/pages\/171477","targetHints":{"allow":["GET"]}}],"collection":[{"href":"https:\/\/iwell-guard.com\/ca\/wp-json\/wp\/v2\/pages"}],"about":[{"href":"https:\/\/iwell-guard.com\/ca\/wp-json\/wp\/v2\/types\/page"}],"author":[{"embeddable":true,"href":"https:\/\/iwell-guard.com\/ca\/wp-json\/wp\/v2\/users\/3"}],"replies":[{"embeddable":true,"href":"https:\/\/iwell-guard.com\/ca\/wp-json\/wp\/v2\/comments?post=171477"}],"version-history":[{"count":0,"href":"https:\/\/iwell-guard.com\/ca\/wp-json\/wp\/v2\/pages\/171477\/revisions"}],"wp:featuredmedia":[{"embeddable":true,"href":"https:\/\/iwell-guard.com\/ca\/wp-json\/wp\/v2\/media\/2287"}],"wp:attachment":[{"href":"https:\/\/iwell-guard.com\/ca\/wp-json\/wp\/v2\/media?parent=171477"}],"wp:term":[{"taxonomy":"category","embeddable":true,"href":"https:\/\/iwell-guard.com\/ca\/wp-json\/wp\/v2\/categories?post=171477"}],"curies":[{"name":"wp","href":"https:\/\/api.w.org\/{rel}","templated":true}]}}