{"id":171476,"date":"2026-09-05T15:39:42","date_gmt":"2026-09-05T15:39:42","guid":{"rendered":"https:\/\/iwell-guard.com\/?page_id=171476"},"modified":"2026-09-05T15:58:43","modified_gmt":"2026-09-05T15:58:43","slug":"camp-informacio-cosmic","status":"publish","type":"page","link":"https:\/\/iwell-guard.com\/ca\/camp-informacio-cosmic\/","title":{"rendered":"Camp d&#8217;informaci\u00f3 c\u00f2smic"},"content":{"rendered":"\t\t<div data-elementor-type=\"wp-page\" data-elementor-id=\"171476\" class=\"elementor elementor-171476 elementor-1912 elementor-bc-flex-widget\" data-elementor-post-type=\"page\">\n\t\t\t\t<div class=\"elementor-element elementor-element-k-hero-rebuilt-bewuss iwg-kultur-hero e-flex e-con-boxed e-con e-parent\" data-id=\"k-hero-rebuilt-bewuss\" data-element_type=\"container\" data-e-type=\"container\">\n\t\t\t\t\t<div class=\"e-con-inner\">\n\t\t<div class=\"elementor-element elementor-element-khleft-bewuss iwg-kultur-hero-left e-flex e-con-boxed e-con e-parent\" data-id=\"khleft-bewuss\" data-element_type=\"container\" data-e-type=\"container\">\n\t\t\t\t\t<div class=\"e-con-inner\">\n\t\t\t\t<div class=\"elementor-element elementor-element-k-h1-bewuss elementor-widget elementor-widget-heading\" data-id=\"k-h1-bewuss\" data-element_type=\"widget\" data-e-type=\"widget\" data-widget_type=\"heading.default\">\n\t\t\t\t\t<h1 class=\"elementor-heading-title elementor-size-default\">Camp d'informaci\u00f3 c\u00f2smic &#8211; Metodologia de l'examen energ\u00e8tic<\/h1>\t\t\t\t<\/div>\n\t\t<div class=\"elementor-element elementor-element-aj11-hero-lead-bewuss e-con-full e-flex e-con e-parent\" data-id=\"aj11-hero-lead-bewuss\" data-element_type=\"container\" data-e-type=\"container\">\n\t\t\t\t<div class=\"elementor-element elementor-element-k-lead-bewuss elementor-widget elementor-widget-text-editor\" data-id=\"k-lead-bewuss\" data-element_type=\"widget\" data-e-type=\"widget\" data-widget_type=\"text-editor.default\">\n\t\t\t\t\t\t\t\t\t<p><em>El <strong>camp d&#8217;informaci\u00f3 c\u00f2smic<\/strong> \u00e9s, en la tradici\u00f3 espiritual en la qual treballa iWell Guard, un camp d&#8217;informaci\u00f3 no f\u00edsic, el nivell en el qual tenen lloc els examens energ\u00e8tics i les percepcions medi\u00famniques.<\/em><\/p><p>Aquesta p\u00e0gina aclareix el concepte, la metodologia i els l\u00edmits: qu\u00e8 entenem per aix\u00f2, qu\u00e8 no, i com marquem de manera transparent, a les p\u00e0gines de detall, les afirmacions procedents del camp d&#8217;informaci\u00f3 c\u00f2smic.<\/p><p>El camp d&#8217;informaci\u00f3 c\u00f2smic s&#8217;havia anomenat fins ara, a iWell Guard, camp de consci\u00e8ncia.<\/p>\t\t\t\t\t\t\t\t<\/div>\n\t\t\t\t<\/div>\n\t\t<div class=\"elementor-element elementor-element-aj11-hero-toc-bewuss e-con-full e-flex e-con e-parent\" data-id=\"aj11-hero-toc-bewuss\" data-element_type=\"container\" data-e-type=\"container\">\n\t\t\t\t<div class=\"elementor-element elementor-element-k-toc-bewuss elementor-widget elementor-widget-text-editor\" data-id=\"k-toc-bewuss\" data-element_type=\"widget\" data-e-type=\"widget\" data-widget_type=\"text-editor.default\">\n\t\t\t\t\t\t\t\t\t<p><strong>Contingut d&#8217;aquesta p\u00e0gina:<\/strong><\/p><ul><li><a href=\"#x404-h0\">Camp d&#8217;informaci\u00f3 c\u00f2smic<\/a><\/li><li><a href=\"#add-bewusstseinsfeld-h0\">Concepte<\/a><\/li><li><a href=\"#add-bewusstseinsfeld-h1\">Metodologia<\/a><\/li><li><a href=\"#add-bewusstseinsfeld-h2\">L\u00edmits<\/a><\/li><li><a href=\"#468f405\">Aprofundiment<\/a><\/li><\/ul>\t\t\t\t\t\t\t\t<\/div>\n\t\t\t\t<\/div>\n\t\t\t\t\t<\/div>\n\t\t\t\t<\/div>\n\t\t<div class=\"elementor-element elementor-element-khrght-bewuss iwg-kultur-hero-right e-flex e-con-boxed e-con e-parent\" data-id=\"khrght-bewuss\" data-element_type=\"container\" data-e-type=\"container\">\n\t\t\t\t\t<div class=\"e-con-inner\">\n\t\t\t\t<div class=\"elementor-element elementor-element-k-img-bewuss elementor-widget elementor-widget-image\" data-id=\"k-img-bewuss\" data-element_type=\"widget\" data-e-type=\"widget\" data-widget_type=\"image.default\">\n\t\t\t\t\t\t\t\t\t\t\t\t\t\t\t<img fetchpriority=\"high\" decoding=\"async\" width=\"683\" height=\"1024\" src=\"https:\/\/iwell-guard.com\/wp-content\/uploads\/2026\/05\/themen_bewusstseinsfeld-683x1024.webp\" class=\"attachment-large size-large wp-image-2286\" alt=\"Meditierende Silhouette mit konzentrischen Aura-Schichten in kosmischem Sternenraum\" srcset=\"https:\/\/iwell-guard.com\/wp-content\/uploads\/2026\/05\/themen_bewusstseinsfeld-683x1024.webp 683w, https:\/\/iwell-guard.com\/wp-content\/uploads\/2026\/05\/themen_bewusstseinsfeld-200x300.webp 200w, https:\/\/iwell-guard.com\/wp-content\/uploads\/2026\/05\/themen_bewusstseinsfeld-768x1152.webp 768w, https:\/\/iwell-guard.com\/wp-content\/uploads\/2026\/05\/themen_bewusstseinsfeld.webp 1024w\" sizes=\"(max-width: 683px) 100vw, 683px\" \/>\t\t\t\t\t\t\t\t\t\t\t\t\t\t\t<\/div>\n\t\t\t\t\t<\/div>\n\t\t\t\t<\/div>\n\t\t\t\t\t<\/div>\n\t\t\t\t<\/div>\n\t\t<div class=\"elementor-element elementor-element-x404-s0 e-con-boxed e-flex e-con e-parent\" data-id=\"x404-s0\" data-element_type=\"container\" data-e-type=\"container\">\n\t\t\t\t\t<div class=\"e-con-inner\">\n\t\t\t\t<div class=\"elementor-element elementor-element-x404-h0 elementor-widget elementor-widget-heading\" data-id=\"x404-h0\" data-element_type=\"widget\" data-e-type=\"widget\" data-widget_type=\"heading.default\">\n\t\t\t\t\t<h2 class=\"elementor-heading-title elementor-size-default\">Camp d'informaci\u00f3 c\u00f2smic<\/h2>\t\t\t\t<\/div>\n\t\t<div class=\"elementor-element elementor-element-aj11-inner-e57254 e-con-full e-flex e-con e-parent\" data-id=\"aj11-inner-e57254\" data-element_type=\"container\" data-e-type=\"container\">\n\t\t\t\t<div class=\"elementor-element elementor-element-x404-t0 elementor-widget elementor-widget-text-editor\" data-id=\"x404-t0\" data-element_type=\"widget\" data-e-type=\"widget\" data-widget_type=\"text-editor.default\">\n\t\t\t\t\t\t\t\t\t<p>Al camp d&#8217;informaci\u00f3 c\u00f2smic examinem fen\u00f2mens energ\u00e8tics m\u00e9s enll\u00e0 del m\u00f3n directament perceptible pels sentits. Aquesta p\u00e0gina descriu el concepte metodol\u00f2gic que fonamenta el treball a iWell Guard: qu\u00e8 entenem pel terme, com hi treballem i on es troben els seus l\u00edmits.<\/p><p>El terme camp d&#8217;informaci\u00f3 c\u00f2smic no s&#8217;ha de prendre aqu\u00ed en sentit literal ni f\u00edsic, sin\u00f3 com a model de treball. Designa aquell \u00e0mbit en el qual les persones que practiquen medi\u00famnicament reben informacions no accessibles pels cinc sentits cl\u00e0ssics. L&#8217;utilitzem com a llenguatge com\u00fa entre diferents escoles de treball subtil, sense adherir-nos a cap teoria metaf\u00edsica concreta.<\/p><p>El camp d&#8217;informaci\u00f3 c\u00f2smic constitueix la base de l&#8217;examen energ\u00e8tic.<\/p>\t\t\t\t\t\t\t\t<\/div>\n\t\t\t\t<\/div>\n\t\t\t\t\t<\/div>\n\t\t\t\t<\/div>\n\t\t<div class=\"elementor-element elementor-element-add-bewusstseinsfeld-s0 e-con-boxed e-flex e-con e-parent\" data-id=\"add-bewusstseinsfeld-s0\" data-element_type=\"container\" data-e-type=\"container\">\n\t\t\t\t\t<div class=\"e-con-inner\">\n\t\t\t\t<div class=\"elementor-element elementor-element-add-bewusstseinsfeld-h0 elementor-widget elementor-widget-heading\" data-id=\"add-bewusstseinsfeld-h0\" data-element_type=\"widget\" data-e-type=\"widget\" data-widget_type=\"heading.default\">\n\t\t\t\t\t<h2 class=\"elementor-heading-title elementor-size-default\">Concepte<\/h2>\t\t\t\t<\/div>\n\t\t<div class=\"elementor-element elementor-element-aj11-inner-3e0547 e-con-full e-flex e-con e-parent\" data-id=\"aj11-inner-3e0547\" data-element_type=\"container\" data-e-type=\"container\">\n\t\t\t\t<div class=\"elementor-element elementor-element-add-bewusstseinsfeld-t0 elementor-widget elementor-widget-text-editor\" data-id=\"add-bewusstseinsfeld-t0\" data-element_type=\"widget\" data-e-type=\"widget\" data-widget_type=\"text-editor.default\">\n\t\t\t\t\t\t\t\t\t<p>El <em>camp d&#8217;informaci\u00f3 c\u00f2smic<\/em>, tal com s&#8217;ent\u00e9n en la tradici\u00f3 en la qual treballa iWell Guard, \u00e9s l&#8217;espai de resson\u00e0ncia on la consci\u00e8ncia i la informaci\u00f3 es troben, independentment de la proximitat espacial i de la causalitat material.<\/p><p>En aquest model han conflu\u00eft diverses fonts: conceptes de l&#8217;<span class=\"iwg-fachbegriff\" data-tooltip=\"Terme gen\u00e8ric per a doctrines que reivindiquen un coneixement amagat, accessible nom\u00e9s als iniciats.\" tabindex=\"0\">esoterisme<\/span> occidental dels segles XIX i XX (la Cr\u00f2nica de l&#8217;Akasha de l&#8217;escola teos\u00f2fica, el cos et\u00e8ric), de la pedagogia del cam\u00ed d&#8217;iniciaci\u00f3 antropos\u00f2fic de Rudolf Steiner, de la tradici\u00f3 xam\u00e0nica com a \u00abrealitat darrere les realitats\u00bb, i de models moderns basats en camps dins la recerca sobre la consci\u00e8ncia, com la hip\u00f2tesi hologr\u00e0fica de David Bohm o el camp m\u00f2rfic de Rupert Sheldrake.<\/p><p>Cap d&#8217;aquestes fonts proporciona per si sola una teoria completa. El que utilitzem a iWell Guard \u00e9s una s\u00edntesi pragm\u00e0tica, un model s\u00f2lid a la pr\u00e0ctica, sense pretendre ser l&#8217;\u00fanic marc descriptiu v\u00e0lid.<\/p><p>Aquesta mod\u00e8stia metodol\u00f2gica \u00e9s una condici\u00f3 per al treball: nom\u00e9s qui reconeix el propi model com a model pot documentar les troballes de manera transparent i sotmetre-les a examen cr\u00edtic.<\/p>\t\t\t\t\t\t\t\t<\/div>\n\t\t\t\t<\/div>\n\t\t\t\t\t<\/div>\n\t\t\t\t<\/div>\n\t\t<div class=\"elementor-element elementor-element-add-bewusstseinsfeld-s1 e-con-boxed e-flex e-con e-parent\" data-id=\"add-bewusstseinsfeld-s1\" data-element_type=\"container\" data-e-type=\"container\">\n\t\t\t\t\t<div class=\"e-con-inner\">\n\t\t\t\t<div class=\"elementor-element elementor-element-add-bewusstseinsfeld-h1 elementor-widget elementor-widget-heading\" data-id=\"add-bewusstseinsfeld-h1\" data-element_type=\"widget\" data-e-type=\"widget\" data-widget_type=\"heading.default\">\n\t\t\t\t\t<h2 class=\"elementor-heading-title elementor-size-default\">Metodologia<\/h2>\t\t\t\t<\/div>\n\t\t<div class=\"elementor-element elementor-element-aj11-inner-bd8c58 e-con-full e-flex e-con e-parent\" data-id=\"aj11-inner-bd8c58\" data-element_type=\"container\" data-e-type=\"container\">\n\t\t\t\t<div class=\"elementor-element elementor-element-add-bewusstseinsfeld-t1 elementor-widget elementor-widget-text-editor\" data-id=\"add-bewusstseinsfeld-t1\" data-element_type=\"widget\" data-e-type=\"widget\" data-widget_type=\"text-editor.default\">\n\t\t\t\t\t\t\t\t\t<p>Un <a href=\"https:\/\/iwell-guard.com\/ca\/?page_id=171478\">examen<\/a> dins el camp d&#8217;informaci\u00f3 c\u00f2smic segueix passos definits: preparaci\u00f3, pas del llindar, formulaci\u00f3 de la pregunta, fase de percepci\u00f3, retorn i documentaci\u00f3. Cada fase es descriu detalladament a la p\u00e0gina sobre l&#8217;examen.<\/p><p>Metodol\u00f2gicament, \u00e9s clau la separaci\u00f3 entre percepci\u00f3 i interpretaci\u00f3. All\u00f2 que es rep al camp d&#8217;informaci\u00f3 c\u00f2smic com a imatge, sensaci\u00f3 o veu \u00e9s una dada bruta. La traducci\u00f3 a una afirmaci\u00f3 concreta ja \u00e9s una interpretaci\u00f3 i, per tant, susceptible d&#8217;error.<\/p><p>Per aix\u00f2, en la documentaci\u00f3, marquem qu\u00e8 s&#8217;ha percebut directament i qu\u00e8 s&#8217;hi ha afegit com a pas interpretatiu. Aquesta disciplina de <a href=\"https:\/\/iwell-guard.com\/ca\/?page_id=171477\">marcatge de fonts<\/a> \u00e9s el que diferencia una pr\u00e0ctica metodol\u00f2gica verificable d&#8217;una simple \u00abintu\u00efci\u00f3\u00bb sense fonament.<\/p>\t\t\t\t\t\t\t\t<\/div>\n\t\t\t\t<\/div>\n\t\t\t\t\t<\/div>\n\t\t\t\t<\/div>\n\t\t<div class=\"elementor-element elementor-element-add-bewusstseinsfeld-s2 e-con-boxed e-flex e-con e-parent\" data-id=\"add-bewusstseinsfeld-s2\" data-element_type=\"container\" data-e-type=\"container\">\n\t\t\t\t\t<div class=\"e-con-inner\">\n\t\t\t\t<div class=\"elementor-element elementor-element-add-bewusstseinsfeld-h2 elementor-widget elementor-widget-heading\" data-id=\"add-bewusstseinsfeld-h2\" data-element_type=\"widget\" data-e-type=\"widget\" data-widget_type=\"heading.default\">\n\t\t\t\t\t<h2 class=\"elementor-heading-title elementor-size-default\">L\u00edmits<\/h2>\t\t\t\t<\/div>\n\t\t<div class=\"elementor-element elementor-element-aj11-inner-45e0e6 e-con-full e-flex e-con e-parent\" data-id=\"aj11-inner-45e0e6\" data-element_type=\"container\" data-e-type=\"container\">\n\t\t\t\t<div class=\"elementor-element elementor-element-add-bewusstseinsfeld-t2 elementor-widget elementor-widget-text-editor\" data-id=\"add-bewusstseinsfeld-t2\" data-element_type=\"widget\" data-e-type=\"widget\" data-widget_type=\"text-editor.default\">\n\t\t\t\t\t\t\t\t\t<p>Utilitzem el terme expl\u00edcitament com a model, no com a fet f\u00edsic. El camp d&#8217;informaci\u00f3 c\u00f2smic no ha estat, en sentit cient\u00edfic, ni mesurat ni demostrat.<\/p><p>Diversos enfocaments de recerca, des de la parapsicologia fins a la ci\u00e8ncia de l&#8217;esperit d&#8217;inspiraci\u00f3 antropos\u00f2fica i la recerca psi acad\u00e8mica en universitats com Princeton (Princeton Engineering Anomalies Research, 1979, 2007) i Edimburg (Koestler Parapsychology Unit), han estudiat fen\u00f2mens que es poden relacionar amb un camp d&#8217;aquesta mena, sense que s&#8217;hagi trobat una descripci\u00f3 f\u00edsica consensuada.<\/p><p>D&#8217;aix\u00f2 no en fem cap pretensi\u00f3 de veritat. Qui treballi amb el model l&#8217;ha de prendre pel que \u00e9s: un marc metodol\u00f2gic que fa que certes experi\u00e8ncies siguin reprodu\u00efbles i descriptibles, ni m\u00e9s ni menys.<\/p><p>Qui es situ\u00ef en una posici\u00f3 purament materialista pot considerar el model com un llenguatge heur\u00edstic; qui defensi un enfocament idealista o dualista pot entendre&#8217;l com una aproximaci\u00f3 a una esfera real. Ambdues lectures s\u00f3n compatibles amb el treball pr\u00e0ctic.<\/p>\t\t\t\t\t\t\t\t<\/div>\n\t\t\t\t<\/div>\n\t\t\t\t\t<\/div>\n\t\t\t\t<\/div>\n\t\t<div class=\"elementor-element elementor-element-a23d6e4 e-con-boxed e-flex e-con e-parent\" data-id=\"a23d6e4\" data-element_type=\"container\" data-e-type=\"container\">\n\t\t\t\t\t<div class=\"e-con-inner\">\n\t\t\t\t<div class=\"elementor-element elementor-element-468f405 elementor-widget elementor-widget-heading\" data-id=\"468f405\" data-element_type=\"widget\" data-e-type=\"widget\" data-widget_type=\"heading.default\">\n\t\t\t\t\t<h2 class=\"elementor-heading-title elementor-size-default\">Aprofundiment<\/h2>\t\t\t\t<\/div>\n\t\t<div class=\"elementor-element elementor-element-aj11-inner-5d9b01 e-con-full e-flex e-con e-parent\" data-id=\"aj11-inner-5d9b01\" data-element_type=\"container\" data-e-type=\"container\">\n\t\t\t\t<div class=\"elementor-element elementor-element-adc2d79 elementor-widget elementor-widget-text-editor\" data-id=\"adc2d79\" data-element_type=\"widget\" data-e-type=\"widget\" data-widget_type=\"text-editor.default\">\n\t\t\t\t\t\t\t\t\t<p>El terme camp d&#8217;informaci\u00f3 c\u00f2smic apareix per primera vegada de manera sistem\u00e0tica cap al 1900 en l&#8217;<span class=\"iwg-fachbegriff\" data-tooltip=\"Terme gen\u00e8ric per a doctrines que reclamen un coneixement ocult, accessible nom\u00e9s als iniciats.\" tabindex=\"0\">esoterisme<\/span> occidental.<\/p><p><span data-nosnippet>La te\u00f2sofa Helena Petrovna Blavatsky descriu a <em>The Secret Doctrine<\/em> (1888) la cr\u00f2nica ak\u00e0shica com un dip\u00f2sit universal de tot el coneixement. <span class=\"iwg-fachbegriff\" tabindex=\"0\" data-tooltip=\"Esoterista austr\u00edac (1861\u20131925); fundador de l'antroposofia i de la pedagogia Waldorf.\">Rudolf Steiner<\/span> recull aquesta idea i desenvolupa en els seus escrits de formaci\u00f3, especialment <em>Wie erlangt man Erkenntnisse der h\u00f6heren Welten?<\/em> (1904), una metodologia d&#8217;acc\u00e9s controlat.<\/span><\/p><p>L&#8217;escola antropos\u00f2fica distingeix entre nivell f\u00edsic-corporal, et\u00e8ric, astral i del jo; els tres \u00faltims es tracten com a capes de la consci\u00e8ncia subtil.<\/p><p>Al segle XX, <span class=\"iwg-fachbegriff\" tabindex=\"0\" data-tooltip=\"Psic\u00f2leg de profunditat su\u00eds (1875\u20131961); fundador de la psicologia anal\u00edtica.\">Carl Gustav Jung<\/span> amb el concepte de l&#8217;inconscient col\u00b7lectiu, i Rupert Sheldrake amb la teoria dels camps m\u00f2rfics, recullen idees semblants, sense la refer\u00e8ncia terminol\u00f2gica teos\u00f2fica. David Bohm formula amb l&#8217;ordre implicat una variant motivada per la mec\u00e0nica qu\u00e0ntica.<\/p><p><span data-nosnippet>El Princeton Engineering Anomalies Research (PEAR, 1979, 2007) investiga en un context cient\u00edfic les interaccions entre consci\u00e8ncia i mat\u00e8ria. Aquestes diferents l\u00ednies formen el rerefons davant el qual s&#8217;ha de llegir el concepte del camp d&#8217;informaci\u00f3 c\u00f2smic utilitzat a iWell Guard, sense ser id\u00e8ntic a cap d&#8217;aquests enfocaments.<\/span><\/p>\t\t\t\t\t\t\t\t<\/div>\n\t\t\t\t<\/div>\n\t\t\t\t<div class=\"elementor-element elementor-element-e445b42 elementor-widget elementor-widget-heading\" data-id=\"e445b42\" data-element_type=\"widget\" data-e-type=\"widget\" data-widget_type=\"heading.default\">\n\t\t\t\t\t<h3 class=\"elementor-heading-title elementor-size-default\">Context hist\u00f2ric<\/h3>\t\t\t\t<\/div>\n\t\t\t\t<div class=\"elementor-element elementor-element-41f3073 elementor-widget elementor-widget-heading\" data-id=\"41f3073\" data-element_type=\"widget\" data-e-type=\"widget\" data-widget_type=\"heading.default\">\n\t\t\t\t\t<h3 class=\"elementor-heading-title elementor-size-default\">Pr\u00e0ctica en el context d'iWell Guard<\/h3>\t\t\t\t<\/div>\n\t\t<div class=\"elementor-element elementor-element-bw-2ad39ed-9e73104 e-flex e-con-boxed e-con e-parent\" data-id=\"bw-2ad39ed-9e73104\" data-element_type=\"container\" data-e-type=\"container\" data-settings=\"{&quot;background_background&quot;:&quot;classic&quot;}\">\n\t\t\t\t\t<div class=\"e-con-inner\">\n\t\t\t\t<div class=\"elementor-element elementor-element-2ad39ed elementor-widget elementor-widget-text-editor\" data-id=\"2ad39ed\" data-element_type=\"widget\" data-e-type=\"widget\" data-widget_type=\"text-editor.default\">\n\t\t\t\t\t\t\t\t\t<footer class=\"iwg-literatur\"><p>A la pr\u00e0ctica, el camp d&#8217;informaci\u00f3 c\u00f2smic d&#8217;iWell Guard serveix com a model de treball per descriure all\u00f2 que es percep en el marc d&#8217;una revisi\u00f3 m\u00e8dium.<\/p><p>Concretament: quan una practicant, en la conversa pr\u00e8via amb una clienta, comprova la pres\u00e8ncia d&#8217;un <a href=\"https:\/\/iwell-guard.com\/ca\/?page_id=171436\">implant<\/a> o d&#8217;una vinculaci\u00f3 aliena, descriu les troballes en un llenguatge coherent amb el model del camp d&#8217;informaci\u00f3 c\u00f2smic: localitzaci\u00f3 en el cos subtil, car\u00e0cter energ\u00e8tic, l\u00ednia de connexi\u00f3 amb una font, efic\u00e0cia de diverses pr\u00e0ctiques de dissoluci\u00f3.<\/p><p>Les afirmacions es marquen segons la jerarquia de fonts: qu\u00e8 s&#8217;ha percebut directament, qu\u00e8 es dedueix a partir d&#8217;una interpretaci\u00f3 basada en l&#8217;experi\u00e8ncia, qu\u00e8 \u00e9s perceptible a trav\u00e9s del camp de protecci\u00f3 d&#8217;iWell Guard. Aquesta diferenciaci\u00f3 no \u00e9s una ren\u00fancia a la subst\u00e0ncia del contingut, sin\u00f3 la seva condici\u00f3 pr\u00e8via: nom\u00e9s una separaci\u00f3 clara entre observaci\u00f3 i interpretaci\u00f3 permet una revisi\u00f3 cr\u00edtica i una millora al llarg del temps.<\/p><h3>Camp d&#8217;informaci\u00f3 c\u00f2smic i ci\u00e8ncia<\/h3><p>La q\u00fcesti\u00f3 de si els fen\u00f2mens del camp d&#8217;informaci\u00f3 c\u00f2smic s\u00f3n abastables cient\u00edficament \u00e9s objecte d&#8217;un debat continu. D&#8217;una banda hi ha posicions que ho rebutgen i veuen en qualsevol descripci\u00f3 de tipus subtil una vulneraci\u00f3 del naturalisme metodol\u00f2gic.<\/p><p>De l&#8217;altra banda hi ha una tradici\u00f3 de recerca que, sota denominacions com investigaci\u00f3 psi, psicologia anomal\u00edstica o estudis de la consci\u00e8ncia, intenta comprovar en condicions controlades certs efectes percebuts com a extrasensorials.<\/p><p>S\u00f3n cl\u00e0ssics els experiments de camp uniforme (ganzfeld) de Charles Honorton als anys 1970 i 1980, la replicaci\u00f3 duta a terme per Daryl Bem i altres, i la recollida de dades de llarga durada del Princeton Engineering Anomalies Research. Els resultats estad\u00edstics no s\u00f3n concloents: apareixen efectes per sobre de l&#8217;expectativa atzarosa, per\u00f2 s\u00f3n petits, dif\u00edcils de reproduir i objecte de cr\u00edtica metodol\u00f2gica.<\/p><p>A iWell Guard prenem aquesta tradici\u00f3 de recerca com a indici que existeixen fen\u00f2mens documentables que no s&#8217;expliquen del tot amb una visi\u00f3 del m\u00f3n cl\u00e0ssica, f\u00edsica i materialista. Aix\u00f2, per\u00f2, no comporta cap pretensi\u00f3 de veritat per a un model subtil concret, sin\u00f3 la legitimitat de treballar amb rigor metodol\u00f2gic sobre experi\u00e8ncies que pertanyen a aquest espectre.<\/p><h3>Malentesos habituals<\/h3><p>El camp d&#8217;informaci\u00f3 c\u00f2smic no \u00e9s el cervell. No \u00e9s l&#8217;<span class=\"iwg-fachbegriff\" data-tooltip=\"Un \u00e9sser sense cos al qual s'atribueix acci\u00f3 en el m\u00f3n.\" tabindex=\"0\">esperit<\/span> d&#8217;una persona concreta. No \u00e9s tampoc la totalitat de les representacions col\u00b7lectives en sentit sociol\u00f2gic.<\/p><p>Tampoc \u00e9s id\u00e8ntic a un concepte religi\u00f3s com l&#8217;Esperit Sant o el Tao. Fem servir el terme com a denominaci\u00f3 metodol\u00f2gica col\u00b7lectiva per a totes aquelles capes d&#8217;observaci\u00f3 en qu\u00e8 la percepci\u00f3 m\u00e8dium opera m\u00e9s enll\u00e0 dels cinc sentits ordinaris.<\/p><p>Qui vulgui aprofundir en les diverses posicions hist\u00f2riques i filos\u00f2fiques trobar\u00e0 al <a href=\"https:\/\/iwell-guard.com\/ca\/?page_id=171481\">glossari<\/a> termes addicionals, i a la p\u00e0gina de <a href=\"https:\/\/iwell-guard.com\/ca\/?page_id=171432\">metodologia<\/a> una ubicaci\u00f3 dins la pr\u00e0ctica.<\/p><div data-nosnippet=\"true\" class=\"iwg-litliste\"><p><strong>Bibliografia seleccionada sobre el camp d&#8217;informaci\u00f3 c\u00f2smic:<\/strong><\/p><ul><li><span data-nosnippet><strong>Sheldrake, Rupert<\/strong>: <em>Das sch\u00f6pferische Universum. Die Theorie der morphogenetischen Felder. Piper, M\u00fcnchen 1981.<\/em><\/span><\/li><\/ul><p style=\"font-size:0.9em;opacity:0.85\"><em>Nota:<\/em> Aquesta selecci\u00f3 serveix d&#8217;orientaci\u00f3; els articles detallats segueixen una llista de fonts pr\u00f2pia i curada.<\/p><\/div><\/footer>\n<p class=\"iwg-bib-more\"><span data-nosnippet>M\u00e9s obres de refer\u00e8ncia al <a href=\"https:\/\/iwell-guard.com\/ca\/?page_id=171483\">llistat bibliogr\u00e0fic<\/a>.<\/span><\/p>\t\t\t\t\t\t\t\t<\/div>\n\t\t\t\t\t<\/div>\n\t\t\t\t<\/div>\n\t\t\t\t\t<\/div>\n\t\t\t\t<\/div>\n\t\t\t\t<\/div>\n\t\t","protected":false},"excerpt":{"rendered":"","protected":false},"author":3,"featured_media":2286,"parent":0,"menu_order":0,"comment_status":"closed","ping_status":"closed","template":"elementor_header_footer","meta":{"_yoast_wpseo_focuskw":"camp de consci\u00e8ncia","_yoast_wpseo_title":"Camp d'informaci\u00f3 c\u00f2smic \u2013 iWell Guard","_yoast_wpseo_metadesc":"Al camp d'informaci\u00f3 c\u00f2smic examinem fen\u00f2mens energ\u00e8tics. Aquesta p\u00e0gina descriu el nostre procediment metodol\u00f2gic. Abans: camp de consci\u00e8ncia.","_yoast_wpseo_meta-robots-noindex":"","_yoast_wpseo_canonical":"","_angie_page":false,"gefaehrdungsstufe":"","wesen_kultur":"","wesen_klasse":"","footnotes":""},"categories":[],"class_list":["post-171476","page","type-page","status-publish","has-post-thumbnail","hentry"],"yoast_head":"<!-- This site is optimized with the Yoast SEO Premium plugin v27.7 (Yoast SEO v28.3) - https:\/\/yoast.com\/product\/yoast-seo-premium-wordpress\/ -->\n<title>Camp d&#039;informaci\u00f3 c\u00f2smic \u2013 iWell Guard<\/title>\n<meta name=\"description\" content=\"Al camp d&#039;informaci\u00f3 c\u00f2smic examinem fen\u00f2mens energ\u00e8tics. Aquesta p\u00e0gina descriu el nostre procediment metodol\u00f2gic. Abans: camp de consci\u00e8ncia.\" \/>\n<meta name=\"robots\" content=\"index, follow, max-snippet:-1, max-image-preview:large, max-video-preview:-1\" \/>\n<link rel=\"canonical\" href=\"https:\/\/iwell-guard.com\/ca\/camp-informacio-cosmic\/\" \/>\n<meta property=\"og:locale\" content=\"ca_ES\" \/>\n<meta property=\"og:type\" content=\"article\" \/>\n<meta property=\"og:title\" content=\"Camp d&#039;informaci\u00f3 c\u00f2smic\" \/>\n<meta property=\"og:description\" content=\"Al camp d&#039;informaci\u00f3 c\u00f2smic examinem fen\u00f2mens energ\u00e8tics. Aquesta p\u00e0gina descriu el nostre procediment metodol\u00f2gic. Abans: camp de consci\u00e8ncia.\" \/>\n<meta property=\"og:url\" content=\"https:\/\/iwell-guard.com\/ca\/camp-informacio-cosmic\/\" \/>\n<meta property=\"og:site_name\" content=\"iWell Guard\" \/>\n<meta property=\"article:modified_time\" content=\"2026-09-05T15:58:43+00:00\" \/>\n<meta property=\"og:image\" content=\"https:\/\/iwell-guard.com\/wp-content\/uploads\/2026\/05\/themen_bewusstseinsfeld.webp\" \/>\n\t<meta property=\"og:image:width\" content=\"1024\" \/>\n\t<meta property=\"og:image:height\" content=\"1536\" \/>\n\t<meta property=\"og:image:type\" content=\"image\/webp\" \/>\n<meta name=\"twitter:card\" content=\"summary_large_image\" \/>\n<script type=\"application\/ld+json\" class=\"yoast-schema-graph\">{\"@context\":\"https:\\\/\\\/schema.org\",\"@graph\":[{\"@type\":\"WebPage\",\"@id\":\"https:\\\/\\\/iwell-guard.com\\\/ca\\\/camp-informacio-cosmic\\\/\",\"url\":\"https:\\\/\\\/iwell-guard.com\\\/ca\\\/camp-informacio-cosmic\\\/\",\"name\":\"Camp d'informaci\u00f3 c\u00f2smic \u2013 iWell Guard\",\"isPartOf\":{\"@id\":\"https:\\\/\\\/iwell-guard.com\\\/ca\\\/#website\"},\"primaryImageOfPage\":{\"@id\":\"https:\\\/\\\/iwell-guard.com\\\/ca\\\/camp-informacio-cosmic\\\/#primaryimage\"},\"image\":{\"@id\":\"https:\\\/\\\/iwell-guard.com\\\/ca\\\/camp-informacio-cosmic\\\/#primaryimage\"},\"thumbnailUrl\":\"https:\\\/\\\/iwell-guard.com\\\/wp-content\\\/uploads\\\/2026\\\/05\\\/themen_bewusstseinsfeld.webp\",\"datePublished\":\"2026-09-05T15:39:42+00:00\",\"dateModified\":\"2026-09-05T15:58:43+00:00\",\"description\":\"Al camp d'informaci\u00f3 c\u00f2smic examinem fen\u00f2mens energ\u00e8tics. Aquesta p\u00e0gina descriu el nostre procediment metodol\u00f2gic. Abans: camp de consci\u00e8ncia.\",\"breadcrumb\":{\"@id\":\"https:\\\/\\\/iwell-guard.com\\\/ca\\\/camp-informacio-cosmic\\\/#breadcrumb\"},\"inLanguage\":\"ca\",\"potentialAction\":[{\"@type\":\"ReadAction\",\"target\":[\"https:\\\/\\\/iwell-guard.com\\\/ca\\\/camp-informacio-cosmic\\\/\"]}]},{\"@type\":\"ImageObject\",\"inLanguage\":\"ca\",\"@id\":\"https:\\\/\\\/iwell-guard.com\\\/ca\\\/camp-informacio-cosmic\\\/#primaryimage\",\"url\":\"https:\\\/\\\/iwell-guard.com\\\/wp-content\\\/uploads\\\/2026\\\/05\\\/themen_bewusstseinsfeld.webp\",\"contentUrl\":\"https:\\\/\\\/iwell-guard.com\\\/wp-content\\\/uploads\\\/2026\\\/05\\\/themen_bewusstseinsfeld.webp\",\"width\":1024,\"height\":1536,\"caption\":\"Silueta meditant amb capes conc\u00e8ntriques d'aura en un espai c\u00f2smic estrellat\"},{\"@type\":\"BreadcrumbList\",\"@id\":\"https:\\\/\\\/iwell-guard.com\\\/ca\\\/camp-informacio-cosmic\\\/#breadcrumb\",\"itemListElement\":[{\"@type\":\"ListItem\",\"position\":1,\"name\":\"Start\",\"item\":\"https:\\\/\\\/iwell-guard.com\\\/ca\\\/?page_id=171333\"},{\"@type\":\"ListItem\",\"position\":2,\"name\":\"Camp d&#8217;informaci\u00f3 c\u00f2smic\"}]},{\"@type\":\"WebSite\",\"@id\":\"https:\\\/\\\/iwell-guard.com\\\/ca\\\/#website\",\"url\":\"https:\\\/\\\/iwell-guard.com\\\/ca\\\/\",\"name\":\"iWell Guard\",\"description\":\"Schutz vor dunklen Einfl\u00fcssen\",\"publisher\":{\"@id\":\"https:\\\/\\\/iwell-guard.com\\\/ca\\\/#organization\"},\"potentialAction\":[{\"@type\":\"SearchAction\",\"target\":{\"@type\":\"EntryPoint\",\"urlTemplate\":\"https:\\\/\\\/iwell-guard.com\\\/ca\\\/?s={search_term_string}\"},\"query-input\":{\"@type\":\"PropertyValueSpecification\",\"valueRequired\":true,\"valueName\":\"search_term_string\"}}],\"inLanguage\":\"ca\"},{\"@type\":\"Organization\",\"@id\":\"https:\\\/\\\/iwell-guard.com\\\/ca\\\/#organization\",\"name\":\"Ittermann electronic GmbH\",\"url\":\"https:\\\/\\\/iwell-guard.com\\\/ca\\\/\",\"logo\":{\"@type\":\"ImageObject\",\"inLanguage\":\"ca\",\"@id\":\"https:\\\/\\\/iwell-guard.com\\\/ca\\\/#\\\/schema\\\/logo\\\/image\\\/\",\"url\":\"https:\\\/\\\/iwell-guard.com\\\/wp-content\\\/uploads\\\/2026\\\/05\\\/Ittermann-Logo-1182x237-1.png\",\"contentUrl\":\"https:\\\/\\\/iwell-guard.com\\\/wp-content\\\/uploads\\\/2026\\\/05\\\/Ittermann-Logo-1182x237-1.png\",\"width\":1182,\"height\":237,\"caption\":\"Ittermann electronic GmbH\"},\"image\":{\"@id\":\"https:\\\/\\\/iwell-guard.com\\\/ca\\\/#\\\/schema\\\/logo\\\/image\\\/\"},\"sameAs\":[\"https:\\\/\\\/pantip.com\\\/profile\\\/9367242\",\"https:\\\/\\\/micro.blog\\\/iwellguard\",\"https:\\\/\\\/www.diggerslist.com\\\/iwellguard\\\/about\",\"https:\\\/\\\/skitterphoto.com\\\/photographers\\\/2870314\\\/iwell-guard\",\"https:\\\/\\\/iwellguard.wordpress.com\\\/2026\\\/06\\\/06\\\/iwell-guard\\\/\",\"https:\\\/\\\/hub.docker.com\\\/u\\\/iwellguard\",\"https:\\\/\\\/www.pinterest.com\\\/iwellguard\\\/\",\"https:\\\/\\\/bit.ly\\\/m\\\/iwellguard\",\"https:\\\/\\\/entre-vos-mains.alsace.eu\\\/profiles\\\/iwellguard\\\/activity\",\"https:\\\/\\\/gravatar.com\\\/reallybeded8fd34\",\"https:\\\/\\\/naijamatta.com\\\/iwellguard\",\"https:\\\/\\\/www.goodreads.com\\\/iwellguard\",\"https:\\\/\\\/profile.hatena.ne.jp\\\/iwellguard\\\/\",\"https:\\\/\\\/experiment.com\\\/users\\\/iwellguard\",\"https:\\\/\\\/wakelet.com\\\/@iWellGuard82270\",\"https:\\\/\\\/www.chordie.com\\\/forum\\\/profile.php?id=2555664\",\"https:\\\/\\\/www.instapaper.com\\\/p\\\/17757966\",\"https:\\\/\\\/www.mapleprimes.com\\\/users\\\/iwellguard\",\"https:\\\/\\\/businesslistingplus.com\\\/profile\\\/iwell-guard\\\/\",\"https:\\\/\\\/telegra.ph\\\/iWell-Guard-06-06\",\"https:\\\/\\\/pbase.com\\\/iwellguard\\\/iwellguard\",\"https:\\\/\\\/b.hatena.ne.jp\\\/iwellguard\\\/20260607#bookmark-4788405196491818882\",\"https:\\\/\\\/fliphtml5.com\\\/home\\\/iwellguard\",\"https:\\\/\\\/anyflip.com\\\/homepage\\\/cmiwl#About\",\"https:\\\/\\\/transfur.com\\\/Users\\\/iwellguard\",\"http:\\\/\\\/delphi.larsbo.org\\\/user\\\/iwellguard\",\"https:\\\/\\\/jobs.lajobsportal.org\\\/profiles\\\/8380803-iwell-guard\",\"https:\\\/\\\/md.chaosdorf.de\\\/s\\\/jfbe5SBdJD\",\"https:\\\/\\\/www.lingvolive.com\\\/en-us\\\/profile\\\/9ecaeaca-ce11-4e51-9e71-01d55e2bff36\\\/translations\",\"https:\\\/\\\/www.fitday.com\\\/fitness\\\/forums\\\/members\\\/iwellguard.html\",\"https:\\\/\\\/www.mymeetbook.com\\\/iwellguard\",\"https:\\\/\\\/pxhere.com\\\/en\\\/photographer-me\\\/5040798\",\"https:\\\/\\\/disqus.com\\\/by\\\/iwellguard\\\/about\\\/\",\"https:\\\/\\\/pastelink.net\\\/hjwciqwq\",\"https:\\\/\\\/pubhtml5.com\\\/homepage\\\/scjhn\\\/\",\"https:\\\/\\\/www.bitchute.com\\\/channel\\\/2O2eOKzNqujT\",\"https:\\\/\\\/audiomack.com\\\/iwellguard\"]}]}<\/script>\n<!-- \/ Yoast SEO Premium plugin. -->","yoast_head_json":{"title":"Camp d'informaci\u00f3 c\u00f2smic \u2013 iWell Guard","description":"Al camp d'informaci\u00f3 c\u00f2smic examinem fen\u00f2mens energ\u00e8tics. Aquesta p\u00e0gina descriu el nostre procediment metodol\u00f2gic. Abans: camp de consci\u00e8ncia.","robots":{"index":"index","follow":"follow","max-snippet":"max-snippet:-1","max-image-preview":"max-image-preview:large","max-video-preview":"max-video-preview:-1"},"canonical":"https:\/\/iwell-guard.com\/ca\/camp-informacio-cosmic\/","og_locale":"ca_ES","og_type":"article","og_title":"Camp d'informaci\u00f3 c\u00f2smic","og_description":"Al camp d'informaci\u00f3 c\u00f2smic examinem fen\u00f2mens energ\u00e8tics. Aquesta p\u00e0gina descriu el nostre procediment metodol\u00f2gic. Abans: camp de consci\u00e8ncia.","og_url":"https:\/\/iwell-guard.com\/ca\/camp-informacio-cosmic\/","og_site_name":"iWell Guard","article_modified_time":"2026-09-05T15:58:43+00:00","og_image":[{"width":1024,"height":1536,"url":"https:\/\/iwell-guard.com\/wp-content\/uploads\/2026\/05\/themen_bewusstseinsfeld.webp","type":"image\/webp"}],"twitter_card":"summary_large_image","schema":{"@context":"https:\/\/schema.org","@graph":[{"@type":"WebPage","@id":"https:\/\/iwell-guard.com\/ca\/camp-informacio-cosmic\/","url":"https:\/\/iwell-guard.com\/ca\/camp-informacio-cosmic\/","name":"Camp d'informaci\u00f3 c\u00f2smic \u2013 iWell Guard","isPartOf":{"@id":"https:\/\/iwell-guard.com\/ca\/#website"},"primaryImageOfPage":{"@id":"https:\/\/iwell-guard.com\/ca\/camp-informacio-cosmic\/#primaryimage"},"image":{"@id":"https:\/\/iwell-guard.com\/ca\/camp-informacio-cosmic\/#primaryimage"},"thumbnailUrl":"https:\/\/iwell-guard.com\/wp-content\/uploads\/2026\/05\/themen_bewusstseinsfeld.webp","datePublished":"2026-09-05T15:39:42+00:00","dateModified":"2026-09-05T15:58:43+00:00","description":"Al camp d'informaci\u00f3 c\u00f2smic examinem fen\u00f2mens energ\u00e8tics. Aquesta p\u00e0gina descriu el nostre procediment metodol\u00f2gic. Abans: camp de consci\u00e8ncia.","breadcrumb":{"@id":"https:\/\/iwell-guard.com\/ca\/camp-informacio-cosmic\/#breadcrumb"},"inLanguage":"ca","potentialAction":[{"@type":"ReadAction","target":["https:\/\/iwell-guard.com\/ca\/camp-informacio-cosmic\/"]}]},{"@type":"ImageObject","inLanguage":"ca","@id":"https:\/\/iwell-guard.com\/ca\/camp-informacio-cosmic\/#primaryimage","url":"https:\/\/iwell-guard.com\/wp-content\/uploads\/2026\/05\/themen_bewusstseinsfeld.webp","contentUrl":"https:\/\/iwell-guard.com\/wp-content\/uploads\/2026\/05\/themen_bewusstseinsfeld.webp","width":1024,"height":1536,"caption":"Silueta meditant amb capes conc\u00e8ntriques d'aura en un espai c\u00f2smic estrellat"},{"@type":"BreadcrumbList","@id":"https:\/\/iwell-guard.com\/ca\/camp-informacio-cosmic\/#breadcrumb","itemListElement":[{"@type":"ListItem","position":1,"name":"Start","item":"https:\/\/iwell-guard.com\/ca\/?page_id=171333"},{"@type":"ListItem","position":2,"name":"Camp d&#8217;informaci\u00f3 c\u00f2smic"}]},{"@type":"WebSite","@id":"https:\/\/iwell-guard.com\/ca\/#website","url":"https:\/\/iwell-guard.com\/ca\/","name":"iWell Guard","description":"Schutz vor dunklen Einfl\u00fcssen","publisher":{"@id":"https:\/\/iwell-guard.com\/ca\/#organization"},"potentialAction":[{"@type":"SearchAction","target":{"@type":"EntryPoint","urlTemplate":"https:\/\/iwell-guard.com\/ca\/?s={search_term_string}"},"query-input":{"@type":"PropertyValueSpecification","valueRequired":true,"valueName":"search_term_string"}}],"inLanguage":"ca"},{"@type":"Organization","@id":"https:\/\/iwell-guard.com\/ca\/#organization","name":"Ittermann electronic GmbH","url":"https:\/\/iwell-guard.com\/ca\/","logo":{"@type":"ImageObject","inLanguage":"ca","@id":"https:\/\/iwell-guard.com\/ca\/#\/schema\/logo\/image\/","url":"https:\/\/iwell-guard.com\/wp-content\/uploads\/2026\/05\/Ittermann-Logo-1182x237-1.png","contentUrl":"https:\/\/iwell-guard.com\/wp-content\/uploads\/2026\/05\/Ittermann-Logo-1182x237-1.png","width":1182,"height":237,"caption":"Ittermann electronic GmbH"},"image":{"@id":"https:\/\/iwell-guard.com\/ca\/#\/schema\/logo\/image\/"},"sameAs":["https:\/\/pantip.com\/profile\/9367242","https:\/\/micro.blog\/iwellguard","https:\/\/www.diggerslist.com\/iwellguard\/about","https:\/\/skitterphoto.com\/photographers\/2870314\/iwell-guard","https:\/\/iwellguard.wordpress.com\/2026\/06\/06\/iwell-guard\/","https:\/\/hub.docker.com\/u\/iwellguard","https:\/\/www.pinterest.com\/iwellguard\/","https:\/\/bit.ly\/m\/iwellguard","https:\/\/entre-vos-mains.alsace.eu\/profiles\/iwellguard\/activity","https:\/\/gravatar.com\/reallybeded8fd34","https:\/\/naijamatta.com\/iwellguard","https:\/\/www.goodreads.com\/iwellguard","https:\/\/profile.hatena.ne.jp\/iwellguard\/","https:\/\/experiment.com\/users\/iwellguard","https:\/\/wakelet.com\/@iWellGuard82270","https:\/\/www.chordie.com\/forum\/profile.php?id=2555664","https:\/\/www.instapaper.com\/p\/17757966","https:\/\/www.mapleprimes.com\/users\/iwellguard","https:\/\/businesslistingplus.com\/profile\/iwell-guard\/","https:\/\/telegra.ph\/iWell-Guard-06-06","https:\/\/pbase.com\/iwellguard\/iwellguard","https:\/\/b.hatena.ne.jp\/iwellguard\/20260607#bookmark-4788405196491818882","https:\/\/fliphtml5.com\/home\/iwellguard","https:\/\/anyflip.com\/homepage\/cmiwl#About","https:\/\/transfur.com\/Users\/iwellguard","http:\/\/delphi.larsbo.org\/user\/iwellguard","https:\/\/jobs.lajobsportal.org\/profiles\/8380803-iwell-guard","https:\/\/md.chaosdorf.de\/s\/jfbe5SBdJD","https:\/\/www.lingvolive.com\/en-us\/profile\/9ecaeaca-ce11-4e51-9e71-01d55e2bff36\/translations","https:\/\/www.fitday.com\/fitness\/forums\/members\/iwellguard.html","https:\/\/www.mymeetbook.com\/iwellguard","https:\/\/pxhere.com\/en\/photographer-me\/5040798","https:\/\/disqus.com\/by\/iwellguard\/about\/","https:\/\/pastelink.net\/hjwciqwq","https:\/\/pubhtml5.com\/homepage\/scjhn\/","https:\/\/www.bitchute.com\/channel\/2O2eOKzNqujT","https:\/\/audiomack.com\/iwellguard"]}]}},"_links":{"self":[{"href":"https:\/\/iwell-guard.com\/ca\/wp-json\/wp\/v2\/pages\/171476","targetHints":{"allow":["GET"]}}],"collection":[{"href":"https:\/\/iwell-guard.com\/ca\/wp-json\/wp\/v2\/pages"}],"about":[{"href":"https:\/\/iwell-guard.com\/ca\/wp-json\/wp\/v2\/types\/page"}],"author":[{"embeddable":true,"href":"https:\/\/iwell-guard.com\/ca\/wp-json\/wp\/v2\/users\/3"}],"replies":[{"embeddable":true,"href":"https:\/\/iwell-guard.com\/ca\/wp-json\/wp\/v2\/comments?post=171476"}],"version-history":[{"count":0,"href":"https:\/\/iwell-guard.com\/ca\/wp-json\/wp\/v2\/pages\/171476\/revisions"}],"wp:featuredmedia":[{"embeddable":true,"href":"https:\/\/iwell-guard.com\/ca\/wp-json\/wp\/v2\/media\/2286"}],"wp:attachment":[{"href":"https:\/\/iwell-guard.com\/ca\/wp-json\/wp\/v2\/media?parent=171476"}],"wp:term":[{"taxonomy":"category","embeddable":true,"href":"https:\/\/iwell-guard.com\/ca\/wp-json\/wp\/v2\/categories?post=171476"}],"curies":[{"name":"wp","href":"https:\/\/api.w.org\/{rel}","templated":true}]}}