{"id":171475,"date":"2026-09-05T15:39:41","date_gmt":"2026-09-05T15:39:41","guid":{"rendered":"https:\/\/iwell-guard.com\/?page_id=171475"},"modified":"2026-09-05T15:58:39","modified_gmt":"2026-09-05T15:58:39","slug":"proteccio-de-dades","status":"publish","type":"page","link":"https:\/\/iwell-guard.com\/ca\/proteccio-de-dades\/","title":{"rendered":"Privacitat"},"content":{"rendered":"\t\t<div data-elementor-type=\"wp-page\" data-elementor-id=\"171475\" class=\"elementor elementor-171475 elementor-1908 elementor-bc-flex-widget\" data-elementor-post-type=\"page\">\n\t\t\t\t<div class=\"elementor-element elementor-element-x-h1-1908 e-con-boxed e-flex e-con e-parent\" data-id=\"x-h1-1908\" data-element_type=\"container\" data-e-type=\"container\">\n\t\t\t\t\t<div class=\"e-con-inner\">\n\t\t\t\t<div class=\"elementor-element elementor-element-x-h1w-1908 elementor-widget elementor-widget-heading\" data-id=\"x-h1w-1908\" data-element_type=\"widget\" data-e-type=\"widget\" data-widget_type=\"heading.default\">\n\t\t\t\t\t<h1 class=\"elementor-heading-title elementor-size-default\">Protecci\u00f3 de dades, informaci\u00f3 obligat\u00f2ria segons el RGPD<\/h1>\t\t\t\t<\/div>\n\t\t\t\t\t<\/div>\n\t\t\t\t<\/div>\n\t\t\t\t<section class=\"elementor-section elementor-top-section elementor-element elementor-element-sec-iwgcomp2-datenschutz elementor-section-boxed elementor-section-height-default elementor-section-height-default\" data-id=\"sec-iwgcomp2-datenschutz\" data-element_type=\"section\" data-e-type=\"section\">\n\t\t\t\t\t\t<div class=\"elementor-container elementor-column-gap-default\">\n\t\t\t\t\t<div class=\"elementor-column elementor-col-100 elementor-top-column elementor-element elementor-element-col-iwgcomp2-datenschutz\" data-id=\"col-iwgcomp2-datenschutz\" data-element_type=\"column\" data-e-type=\"column\">\n\t\t\t<div class=\"elementor-widget-wrap elementor-element-populated\">\n\t\t\t\t\t\t<div class=\"elementor-element elementor-element-iwgcomp2-datenschutz elementor-widget elementor-widget-text-editor\" data-id=\"iwgcomp2-datenschutz\" data-element_type=\"widget\" data-e-type=\"widget\" data-widget_type=\"text-editor.default\">\n\t\t\t\t\t\t\t\t\t<p>Disposicions de <strong>protecci\u00f3 de dades<\/strong> segons el RGPD d&#8217;Ittermann electronic GmbH.<\/p>\t\t\t\t\t\t\t\t<\/div>\n\t\t\t\t\t<\/div>\n\t\t<\/div>\n\t\t\t\t\t<\/div>\n\t\t<\/section>\n\t\t<div class=\"elementor-element elementor-element-restoreh-datenschutz e-con-boxed e-flex e-con e-parent\" data-id=\"restoreh-datenschutz\" data-element_type=\"container\" data-e-type=\"container\">\n\t\t\t\t\t<div class=\"e-con-inner\">\n\t\t\t\t<div class=\"elementor-element elementor-element-restorei-datenschutz elementor-widget elementor-widget-image\" data-id=\"restorei-datenschutz\" data-element_type=\"widget\" data-e-type=\"widget\" data-widget_type=\"image.default\">\n\t\t\t\t\t\t\t\t\t\t\t\t\t\t\t<img fetchpriority=\"high\" decoding=\"async\" width=\"800\" height=\"441\" src=\"https:\/\/iwell-guard.com\/wp-content\/uploads\/2026\/05\/Praktiken-1200x661-Hintergrund-sym-1024x564.webp\" class=\"attachment-large size-large wp-image-2274\" alt=\"Hintergrund-Kachel f\u00fcr Praktiken-Pages, 1200x661 als Tile\" srcset=\"https:\/\/iwell-guard.com\/wp-content\/uploads\/2026\/05\/Praktiken-1200x661-Hintergrund-sym-1024x564.webp 1024w, https:\/\/iwell-guard.com\/wp-content\/uploads\/2026\/05\/Praktiken-1200x661-Hintergrund-sym-300x165.webp 300w, https:\/\/iwell-guard.com\/wp-content\/uploads\/2026\/05\/Praktiken-1200x661-Hintergrund-sym-768x423.webp 768w, https:\/\/iwell-guard.com\/wp-content\/uploads\/2026\/05\/Praktiken-1200x661-Hintergrund-sym.webp 1200w\" sizes=\"(max-width: 800px) 100vw, 800px\" \/>\t\t\t\t\t\t\t\t\t\t\t\t\t\t\t<\/div>\n\t\t\t\t\t<\/div>\n\t\t\t\t<\/div>\n\t\t<div class=\"elementor-element elementor-element-ds-s0 e-con-boxed e-flex e-con e-parent\" data-id=\"ds-s0\" data-element_type=\"container\" data-e-type=\"container\">\n\t\t\t\t\t<div class=\"e-con-inner\">\n\t\t\t\t<div class=\"elementor-element elementor-element-ds-h0 elementor-widget elementor-widget-heading\" data-id=\"ds-h0\" data-element_type=\"widget\" data-e-type=\"widget\" data-widget_type=\"heading.default\">\n\t\t\t\t\t<h2 class=\"elementor-heading-title elementor-size-default\">Av\u00eds general i informaci\u00f3 obligat\u00f2ria<\/h2>\t\t\t\t<\/div>\n\t\t<div class=\"elementor-element elementor-element-ds-s0-bw e-flex e-con-boxed e-con e-parent\" data-id=\"ds-s0-bw\" data-element_type=\"container\" data-e-type=\"container\" data-settings=\"{&quot;background_background&quot;:&quot;classic&quot;}\">\n\t\t\t\t\t<div class=\"e-con-inner\">\n\t\t\t\t<div class=\"elementor-element elementor-element-ds-t0 elementor-widget elementor-widget-text-editor\" data-id=\"ds-t0\" data-element_type=\"widget\" data-e-type=\"widget\" data-widget_type=\"text-editor.default\">\n\t\t\t\t\t\t\t\t\t<p><strong>Designaci\u00f3 de l&#8217;entitat responsable<\/strong><\/p><p>L&#8217;entitat responsable del tractament de dades en aquest lloc web \u00e9s:<\/p><p>Ittermann electronic GmbH<br>Ralf Ittermann<br>K\u00f6hlergasse 16, 18<br>99842 Ruhla<\/p><p>L&#8217;entitat responsable decideix sola o conjuntament amb altres sobre les finalitats i els mitjans del tractament de dades personals (p. ex., noms, dades de contacte o similars).<\/p><p><strong>Revocaci\u00f3 del seu consentiment al tractament de dades<\/strong><\/p><p>Alguns processos de tractament de dades nom\u00e9s s\u00f3n possibles amb el seu consentiment expr\u00e9s. La revocaci\u00f3 d&#8217;un consentiment ja atorgat \u00e9s possible en qualsevol moment. Per a la revocaci\u00f3 n&#8217;hi ha prou amb una comunicaci\u00f3 informal per correu electr\u00f2nic. La legalitat del tractament de dades realitzat fins a la revocaci\u00f3 no es veu afectada per aquesta.<\/p><p><strong>Dret a presentar una reclamaci\u00f3 davant l&#8217;autoritat de control competent<\/strong><\/p><p>Com a persona afectada, en cas d&#8217;infracci\u00f3 de la normativa de protecci\u00f3 de dades, t\u00e9 dret a presentar una reclamaci\u00f3 davant l&#8217;autoritat de control competent. L&#8217;autoritat de control competent en q\u00fcestions de protecci\u00f3 de dades \u00e9s l&#8217;encarregat de protecci\u00f3 de dades del Land alemany on es troba la seu de la nostra empresa. El seg\u00fcent enlla\u00e7 proporciona dades de contacte: <a href=\"https:\/\/www.bfdi.bund.de\" rel=\"noopener\" target=\"_blank\">https:\/\/www.bfdi.bund.de<\/a>.<\/p><p><strong>Dret a la portabilitat de les dades<\/strong><\/p><p>T\u00e9 dret a rebre les dades que tractem de manera automatitzada sobre la base del seu consentiment o en execuci\u00f3 d&#8217;un contracte, per lliurar-les a vost\u00e8 mateix o a tercers. El lliurament es fa en un format llegible per m\u00e0quina. Si sol\u00b7licita la transmissi\u00f3 directa de les dades a un altre responsable, aix\u00f2 nom\u00e9s es far\u00e0 en la mesura que sigui t\u00e8cnicament factible.<\/p><p><strong>Dret d&#8217;acc\u00e9s, rectificaci\u00f3, bloqueig i supressi\u00f3<\/strong><\/p><p>T\u00e9 dret, en qualsevol moment i dins el marc de la normativa legal vigent, a obtenir informaci\u00f3 gratu\u00efta sobre les seves dades personals emmagatzemades, l&#8217;origen d&#8217;aquestes dades, els seus destinataris i la finalitat del tractament de dades, aix\u00ed com, si escau, el dret a la rectificaci\u00f3, el bloqueig o la supressi\u00f3 d&#8217;aquestes dades.<\/p><p>Per a aix\u00f2, i tamb\u00e9 per a altres preguntes sobre el tema de les dades personals, pot posar-se en contacte amb nosaltres en qualsevol moment mitjan\u00e7ant les possibilitats de contacte indicades a l&#8217;av\u00eds legal.<\/p>\t\t\t\t\t\t\t\t<\/div>\n\t\t\t\t\t<\/div>\n\t\t\t\t<\/div>\n\t\t\t\t\t<\/div>\n\t\t\t\t<\/div>\n\t\t<div class=\"elementor-element elementor-element-ds-s1 e-con-boxed e-flex e-con e-parent\" data-id=\"ds-s1\" data-element_type=\"container\" data-e-type=\"container\">\n\t\t\t\t\t<div class=\"e-con-inner\">\n\t\t\t\t<div class=\"elementor-element elementor-element-ds-h1 elementor-widget elementor-widget-heading\" data-id=\"ds-h1\" data-element_type=\"widget\" data-e-type=\"widget\" data-widget_type=\"heading.default\">\n\t\t\t\t\t<h2 class=\"elementor-heading-title elementor-size-default\">Xifratge SSL o TLS<\/h2>\t\t\t\t<\/div>\n\t\t<div class=\"elementor-element elementor-element-ds-s1-bw e-flex e-con-boxed e-con e-parent\" data-id=\"ds-s1-bw\" data-element_type=\"container\" data-e-type=\"container\" data-settings=\"{&quot;background_background&quot;:&quot;classic&quot;}\">\n\t\t\t\t\t<div class=\"e-con-inner\">\n\t\t\t\t<div class=\"elementor-element elementor-element-ds-t1 elementor-widget elementor-widget-text-editor\" data-id=\"ds-t1\" data-element_type=\"widget\" data-e-type=\"widget\" data-widget_type=\"text-editor.default\">\n\t\t\t\t\t\t\t\t\t<p>Per raons de seguretat i per protegir la transmissi\u00f3 de continguts confidencials que ens envieu com a titulars del lloc web, el nostre lloc web utilitza un xifratge SSL o TLS. Aix\u00f2 fa que les dades que transmeteu a trav\u00e9s d&#8217;aquest lloc web no puguin ser llegides per tercers. Podeu recon\u00e8ixer una connexi\u00f3 xifrada per la l\u00ednia d&#8217;adre\u00e7a del vostre navegador que comen\u00e7a amb \\&bdquo;https:\/\/\\&ldquo; i pel s\u00edmbol del cadenat a la barra del navegador.<\/p>\t\t\t\t\t\t\t\t<\/div>\n\t\t\t\t\t<\/div>\n\t\t\t\t<\/div>\n\t\t\t\t\t<\/div>\n\t\t\t\t<\/div>\n\t\t<div class=\"elementor-element elementor-element-ds-s2 e-con-boxed e-flex e-con e-parent\" data-id=\"ds-s2\" data-element_type=\"container\" data-e-type=\"container\">\n\t\t\t\t\t<div class=\"e-con-inner\">\n\t\t\t\t<div class=\"elementor-element elementor-element-ds-h2 elementor-widget elementor-widget-heading\" data-id=\"ds-h2\" data-element_type=\"widget\" data-e-type=\"widget\" data-widget_type=\"heading.default\">\n\t\t\t\t\t<h2 class=\"elementor-heading-title elementor-size-default\">Fitxers de registre del servidor<\/h2>\t\t\t\t<\/div>\n\t\t<div class=\"elementor-element elementor-element-ds-s2-bw e-flex e-con-boxed e-con e-parent\" data-id=\"ds-s2-bw\" data-element_type=\"container\" data-e-type=\"container\" data-settings=\"{&quot;background_background&quot;:&quot;classic&quot;}\">\n\t\t\t\t\t<div class=\"e-con-inner\">\n\t\t\t\t<div class=\"elementor-element elementor-element-ds-t2 elementor-widget elementor-widget-text-editor\" data-id=\"ds-t2\" data-element_type=\"widget\" data-e-type=\"widget\" data-widget_type=\"text-editor.default\">\n\t\t\t\t\t\t\t\t\t<p>El prove\u00efdor del lloc web recull i emmagatzema autom\u00e0ticament en fitxers de registre del servidor la informaci\u00f3 que el vostre navegador ens transmet autom\u00e0ticament. Es tracta de:<\/p><ul><li>P\u00e0gina visitada al nostre domini<\/li><li>Data i hora de la sol\u00b7licitud al servidor<\/li><li>Tipus i versi\u00f3 del navegador<\/li><li>Sistema operatiu utilitzat<\/li><li>URL de refer\u00e8ncia<\/li><li>Nom d&#8217;amfitri\u00f3 de l&#8217;equip que accedeix<\/li><li>Adre\u00e7a IP<\/li><\/ul><p>Aquestes dades no es combinen amb altres fonts de dades. El tractament de dades es basa en l&#8217;art. 6, apartat 1, lletra b) del RGPD, que permet el tractament de dades per a l&#8217;execuci\u00f3 d&#8217;un contracte o de mesures precontractuals.<\/p>\t\t\t\t\t\t\t\t<\/div>\n\t\t\t\t\t<\/div>\n\t\t\t\t<\/div>\n\t\t\t\t\t<\/div>\n\t\t\t\t<\/div>\n\t\t<div class=\"elementor-element elementor-element-ds-s3 e-con-boxed e-flex e-con e-parent\" data-id=\"ds-s3\" data-element_type=\"container\" data-e-type=\"container\">\n\t\t\t\t\t<div class=\"e-con-inner\">\n\t\t\t\t<div class=\"elementor-element elementor-element-ds-h3 elementor-widget elementor-widget-heading\" data-id=\"ds-h3\" data-element_type=\"widget\" data-e-type=\"widget\" data-widget_type=\"heading.default\">\n\t\t\t\t\t<h2 class=\"elementor-heading-title elementor-size-default\">Formulari de contacte<\/h2>\t\t\t\t<\/div>\n\t\t<div class=\"elementor-element elementor-element-ds-s3-bw e-flex e-con-boxed e-con e-parent\" data-id=\"ds-s3-bw\" data-element_type=\"container\" data-e-type=\"container\" data-settings=\"{&quot;background_background&quot;:&quot;classic&quot;}\">\n\t\t\t\t\t<div class=\"e-con-inner\">\n\t\t\t\t<div class=\"elementor-element elementor-element-ds-t3 elementor-widget elementor-widget-text-editor\" data-id=\"ds-t3\" data-element_type=\"widget\" data-e-type=\"widget\" data-widget_type=\"text-editor.default\">\n\t\t\t\t\t\t\t\t\t<p>Les dades enviades a trav\u00e9s del formulari de contacte, incloses les vostres dades de contacte, s&#8217;emmagatzemen per poder gestionar la vostra sol\u00b7licitud o per estar disponibles en cas de preguntes de seguiment. Aquestes dades no es cedeixen a tercers sense el vostre consentiment.<\/p><p>El tractament de les dades introdu\u00efdes al formulari de contacte es basa exclusivament en el vostre consentiment (art. 6, apartat 1, lletra a) del RGPD). La revocaci\u00f3 d&#8217;un consentiment ja atorgat \u00e9s possible en qualsevol moment. Per a la revocaci\u00f3 n&#8217;hi ha prou amb una comunicaci\u00f3 informal per correu electr\u00f2nic. La legalitat dels processos de tractament de dades realitzats fins a la revocaci\u00f3 no es veu afectada per aquesta.<\/p><p>Les dades enviades a trav\u00e9s del formulari de contacte romanen amb nosaltres fins que ens demaneu que les suprimim, revoqueu el vostre consentiment per emmagatzemar-les o deixi d&#8217;existir la finalitat per la qual es van emmagatzemar. Les disposicions legals obligat\u00f2ries, en particular els terminis de conservaci\u00f3, no es veuen afectades.<\/p>\t\t\t\t\t\t\t\t<\/div>\n\t\t\t\t\t<\/div>\n\t\t\t\t<\/div>\n\t\t\t\t\t<\/div>\n\t\t\t\t<\/div>\n\t\t<div class=\"elementor-element elementor-element-ds-s4 e-con-boxed e-flex e-con e-parent\" data-id=\"ds-s4\" data-element_type=\"container\" data-e-type=\"container\">\n\t\t\t\t\t<div class=\"e-con-inner\">\n\t\t\t\t<div class=\"elementor-element elementor-element-ds-h4 elementor-widget elementor-widget-heading\" data-id=\"ds-h4\" data-element_type=\"widget\" data-e-type=\"widget\" data-widget_type=\"heading.default\">\n\t\t\t\t\t<h2 class=\"elementor-heading-title elementor-size-default\">Subscripci\u00f3 a comentaris<\/h2>\t\t\t\t<\/div>\n\t\t<div class=\"elementor-element elementor-element-ds-s4-bw e-flex e-con-boxed e-con e-parent\" data-id=\"ds-s4-bw\" data-element_type=\"container\" data-e-type=\"container\" data-settings=\"{&quot;background_background&quot;:&quot;classic&quot;}\">\n\t\t\t\t\t<div class=\"e-con-inner\">\n\t\t\t\t<div class=\"elementor-element elementor-element-ds-t4 elementor-widget elementor-widget-text-editor\" data-id=\"ds-t4\" data-element_type=\"widget\" data-e-type=\"widget\" data-widget_type=\"text-editor.default\">\n\t\t\t\t\t\t\t\t\t<p>Com a usuari del nostre lloc web, un cop registrat, podeu subscriure-us als comentaris. Mitjan\u00e7ant un correu electr\u00f2nic de confirmaci\u00f3, comprovem que sou el titular de l&#8217;adre\u00e7a de correu electr\u00f2nic indicada. Podeu cancel\u00b7lar la funci\u00f3 de subscripci\u00f3 a comentaris en qualsevol moment mitjan\u00e7ant un enlla\u00e7 que trobareu en un correu de subscripci\u00f3.<\/p><p>Les dades introdu\u00efdes per configurar la subscripci\u00f3 se suprimeixen en cas de cancel\u00b7laci\u00f3. Si aquestes dades ens han estat transmeses amb altres finalitats i per altres vies, continuaran romanent amb nosaltres.<\/p>\t\t\t\t\t\t\t\t<\/div>\n\t\t\t\t\t<\/div>\n\t\t\t\t<\/div>\n\t\t\t\t\t<\/div>\n\t\t\t\t<\/div>\n\t\t<div class=\"elementor-element elementor-element-ds-s5 e-con-boxed e-flex e-con e-parent\" data-id=\"ds-s5\" data-element_type=\"container\" data-e-type=\"container\">\n\t\t\t\t\t<div class=\"e-con-inner\">\n\t\t\t\t<div class=\"elementor-element elementor-element-ds-h5 elementor-widget elementor-widget-heading\" data-id=\"ds-h5\" data-element_type=\"widget\" data-e-type=\"widget\" data-widget_type=\"heading.default\">\n\t\t\t\t\t<h2 class=\"elementor-heading-title elementor-size-default\">Dades del butllet\u00ed<\/h2>\t\t\t\t<\/div>\n\t\t<div class=\"elementor-element elementor-element-ds-s5-bw e-flex e-con-boxed e-con e-parent\" data-id=\"ds-s5-bw\" data-element_type=\"container\" data-e-type=\"container\" data-settings=\"{&quot;background_background&quot;:&quot;classic&quot;}\">\n\t\t\t\t\t<div class=\"e-con-inner\">\n\t\t\t\t<div class=\"elementor-element elementor-element-ds-t5 elementor-widget elementor-widget-text-editor\" data-id=\"ds-t5\" data-element_type=\"widget\" data-e-type=\"widget\" data-widget_type=\"text-editor.default\">\n\t\t\t\t\t\t\t\t\t<p>Per enviar el nostre butllet\u00ed necessitem la vostra adre\u00e7a de correu electr\u00f2nic. \u00c9s necessari verificar l&#8217;adre\u00e7a de correu electr\u00f2nic indicada i cal el vostre consentiment per rebre el butllet\u00ed. No es recullen dades addicionals, o b\u00e9 s\u00f3n volunt\u00e0ries. Les dades s&#8217;utilitzen exclusivament per a l&#8217;enviament del butllet\u00ed.<\/p><p>Les dades facilitades en subscriure&#8217;s al butllet\u00ed es tracten exclusivament sobre la base del vostre consentiment (art. 6, apartat 1, lletra a) del RGPD). La revocaci\u00f3 d&#8217;un consentiment ja atorgat \u00e9s possible en qualsevol moment.<\/p><p>Per a la revocaci\u00f3 n&#8217;hi ha prou amb una comunicaci\u00f3 informal per correu electr\u00f2nic, o b\u00e9 us podeu donar de baixa mitjan\u00e7ant l&#8217;enlla\u00e7 \\&bdquo;Cancel\u00b7lar subscripci\u00f3\\&ldquo; del butllet\u00ed. La legalitat dels processos de tractament de dades ja realitzats no es veu afectada per la revocaci\u00f3.<\/p><p>Les dades introdu\u00efdes per configurar la subscripci\u00f3 se suprimeixen en cas de cancel\u00b7laci\u00f3. Si aquestes dades ens han estat transmeses amb altres finalitats i per altres vies, continuaran romanent amb nosaltres.<\/p>\t\t\t\t\t\t\t\t<\/div>\n\t\t\t\t\t<\/div>\n\t\t\t\t<\/div>\n\t\t\t\t\t<\/div>\n\t\t\t\t<\/div>\n\t\t<div class=\"elementor-element elementor-element-ds-s6 e-con-boxed e-flex e-con e-parent\" data-id=\"ds-s6\" data-element_type=\"container\" data-e-type=\"container\">\n\t\t\t\t\t<div class=\"e-con-inner\">\n\t\t\t\t<div class=\"elementor-element elementor-element-ds-h6 elementor-widget elementor-widget-heading\" data-id=\"ds-h6\" data-element_type=\"widget\" data-e-type=\"widget\" data-widget_type=\"heading.default\">\n\t\t\t\t\t<h2 class=\"elementor-heading-title elementor-size-default\">YouTube<\/h2>\t\t\t\t<\/div>\n\t\t<div class=\"elementor-element elementor-element-ds-s6-bw e-flex e-con-boxed e-con e-parent\" data-id=\"ds-s6-bw\" data-element_type=\"container\" data-e-type=\"container\" data-settings=\"{&quot;background_background&quot;:&quot;classic&quot;}\">\n\t\t\t\t\t<div class=\"e-con-inner\">\n\t\t\t\t<div class=\"elementor-element elementor-element-ds-t6 elementor-widget elementor-widget-text-editor\" data-id=\"ds-t6\" data-element_type=\"widget\" data-e-type=\"widget\" data-widget_type=\"text-editor.default\">\n\t\t\t\t\t\t\t\t\t<p>Per a la integraci\u00f3 i representaci\u00f3 de continguts de v\u00eddeo, el nostre lloc web utilitza plugins de YouTube. El prove\u00efdor del portal de v\u00eddeos \u00e9s YouTube, LLC, 901 Cherry Ave. San Bruno, CA 94066, EUA.<\/p><p>Quan es visita una p\u00e0gina amb un plugin de YouTube integrat, s&#8217;estableix una connexi\u00f3 amb els servidors de YouTube. D&#8217;aquesta manera, YouTube s&#8217;assabenta de quines de les nostres p\u00e0gines ha visitat vost\u00e8.<\/p><p>YouTube pot associar el seu comportament de navegaci\u00f3 directament al seu perfil personal si vost\u00e8 est\u00e0 registrat al seu compte de YouTube. Si es desconnecta pr\u00e8viament, t\u00e9 la possibilitat d&#8217;evitar-ho.<\/p><p>L&#8217;\u00fas de YouTube t\u00e9 lloc en inter\u00e8s d&#8217;una presentaci\u00f3 atractiva de la nostra oferta en l\u00ednia. Aix\u00f2 constitueix un inter\u00e8s leg\u00edtim en el sentit de l&#8217;art. 6, apartat 1, lletra f del RGPD.<\/p><p>Trobar\u00e0 informaci\u00f3 detallada sobre el tractament de les dades dels usuaris a la pol\u00edtica de privacitat de YouTube a: <a href=\"https:\/\/www.google.de\/intl\/de\/policies\/privacy\" rel=\"noopener\" target=\"_blank\">https:\/\/www.google.de\/intl\/de\/policies\/privacy<\/a>.<\/p>\t\t\t\t\t\t\t\t<\/div>\n\t\t\t\t\t<\/div>\n\t\t\t\t<\/div>\n\t\t\t\t\t<\/div>\n\t\t\t\t<\/div>\n\t\t<div class=\"elementor-element elementor-element-ds-s7 e-con-boxed e-flex e-con e-parent\" data-id=\"ds-s7\" data-element_type=\"container\" data-e-type=\"container\">\n\t\t\t\t\t<div class=\"e-con-inner\">\n\t\t\t\t<div class=\"elementor-element elementor-element-ds-h7 elementor-widget elementor-widget-heading\" data-id=\"ds-h7\" data-element_type=\"widget\" data-e-type=\"widget\" data-widget_type=\"heading.default\">\n\t\t\t\t\t<h2 class=\"elementor-heading-title elementor-size-default\">Vimeo<\/h2>\t\t\t\t<\/div>\n\t\t<div class=\"elementor-element elementor-element-ds-s7-bw e-flex e-con-boxed e-con e-parent\" data-id=\"ds-s7-bw\" data-element_type=\"container\" data-e-type=\"container\" data-settings=\"{&quot;background_background&quot;:&quot;classic&quot;}\">\n\t\t\t\t\t<div class=\"e-con-inner\">\n\t\t\t\t<div class=\"elementor-element elementor-element-ds-t7 elementor-widget elementor-widget-text-editor\" data-id=\"ds-t7\" data-element_type=\"widget\" data-e-type=\"widget\" data-widget_type=\"text-editor.default\">\n\t\t\t\t\t\t\t\t\t<p>Per a la integraci\u00f3 i representaci\u00f3 de continguts de v\u00eddeo, el nostre lloc web utilitza plugins de Vimeo. El prove\u00efdor del portal de v\u00eddeos \u00e9s Vimeo Inc. 555 West 18th Street, New York, New York 10011, EUA.<\/p><p>Quan es visita una p\u00e0gina amb un plugin de Vimeo integrat, s&#8217;estableix una connexi\u00f3 amb els servidors de Vimeo. D&#8217;aquesta manera, Vimeo s&#8217;assabenta de quines de les nostres p\u00e0gines ha visitat vost\u00e8.<\/p><p>Vimeo coneix la seva adre\u00e7a IP fins i tot si no ha iniciat sessi\u00f3 al portal de v\u00eddeos o no hi t\u00e9 cap compte. Es produeix una transmissi\u00f3 de la informaci\u00f3 recollida per Vimeo als servidors del portal de v\u00eddeos als EUA.<\/p><p>Vimeo pot associar el seu comportament de navegaci\u00f3 directament al seu perfil personal. Si es desconnecta pr\u00e8viament, t\u00e9 la possibilitat d&#8217;evitar-ho.<\/p><p>Trobar\u00e0 informaci\u00f3 detallada sobre el tractament de les dades dels usuaris a la pol\u00edtica de privacitat de Vimeo a: <a href=\"https:\/\/vimeo.com\/privacy\" rel=\"noopener\" target=\"_blank\">https:\/\/vimeo.com\/privacy<\/a>.<\/p>\t\t\t\t\t\t\t\t<\/div>\n\t\t\t\t\t<\/div>\n\t\t\t\t<\/div>\n\t\t\t\t\t<\/div>\n\t\t\t\t<\/div>\n\t\t<div class=\"elementor-element elementor-element-ds-s8 e-con-boxed e-flex e-con e-parent\" data-id=\"ds-s8\" data-element_type=\"container\" data-e-type=\"container\">\n\t\t\t\t\t<div class=\"e-con-inner\">\n\t\t\t\t<div class=\"elementor-element elementor-element-ds-h8 elementor-widget elementor-widget-heading\" data-id=\"ds-h8\" data-element_type=\"widget\" data-e-type=\"widget\" data-widget_type=\"heading.default\">\n\t\t\t\t\t<h2 class=\"elementor-heading-title elementor-size-default\">Cookies<\/h2>\t\t\t\t<\/div>\n\t\t<div class=\"elementor-element elementor-element-ds-s8-bw e-flex e-con-boxed e-con e-parent\" data-id=\"ds-s8-bw\" data-element_type=\"container\" data-e-type=\"container\" data-settings=\"{&quot;background_background&quot;:&quot;classic&quot;}\">\n\t\t\t\t\t<div class=\"e-con-inner\">\n\t\t\t\t<div class=\"elementor-element elementor-element-ds-t8 elementor-widget elementor-widget-text-editor\" data-id=\"ds-t8\" data-element_type=\"widget\" data-e-type=\"widget\" data-widget_type=\"text-editor.default\">\n\t\t\t\t\t\t\t\t\t<p>El nostre lloc web utilitza cookies. Es tracta de petits fitxers de text que el seu navegador emmagatzema al seu dispositiu. Les cookies ens ajuden a fer que la nostra oferta sigui m\u00e9s f\u00e0cil d&#8217;utilitzar, m\u00e9s efica\u00e7 i m\u00e9s segura.<\/p><p>Algunes cookies s\u00f3n \\&bdquo;cookies de sessi\u00f3.\\&ldquo; Aquestes cookies s&#8217;eliminen autom\u00e0ticament en finalitzar la sessi\u00f3 del navegador. En canvi, altres cookies romanen al seu dispositiu fins que vost\u00e8 mateix les elimini. Aquestes cookies ens ajuden a recon\u00e8ixer-lo quan torna a visitar el nostre lloc web.<\/p><p>Amb un navegador modern pot supervisar, restringir o impedir la instal\u00b7laci\u00f3 de cookies. Molts navegadors estan configurats per eliminar autom\u00e0ticament les cookies en tancar el programa. La desactivaci\u00f3 de les cookies pot comportar una funcionalitat limitada del nostre lloc web.<\/p><p>La instal\u00b7laci\u00f3 de cookies necess\u00e0ries per dur a terme processos de comunicaci\u00f3 electr\u00f2nica o per proporcionar determinades funcions que vost\u00e8 desitgi (p.&nbsp;ex., la cistella de la compra) es fa en base a l&#8217;art. 6, apartat 1, lletra f del RGPD. Com a responsables d&#8217;aquest lloc web, tenim un inter\u00e8s leg\u00edtim en l&#8217;emmagatzematge de cookies per garantir una prestaci\u00f3 dels nostres serveis t\u00e8cnicament correcta i sense problemes.<\/p><p>En cas que s&#8217;instal\u00b7lin altres cookies (p.&nbsp;ex., per a funcions d&#8217;an\u00e0lisi), aquestes es tractaran per separat en aquesta pol\u00edtica de privacitat.<\/p>\t\t\t\t\t\t\t\t<\/div>\n\t\t\t\t\t<\/div>\n\t\t\t\t<\/div>\n\t\t\t\t\t<\/div>\n\t\t\t\t<\/div>\n\t\t<div class=\"elementor-element elementor-element-ds-s9 e-con-boxed e-flex e-con e-parent\" data-id=\"ds-s9\" data-element_type=\"container\" data-e-type=\"container\">\n\t\t\t\t\t<div class=\"e-con-inner\">\n\t\t\t\t<div class=\"elementor-element elementor-element-ds-h9 elementor-widget elementor-widget-heading\" data-id=\"ds-h9\" data-element_type=\"widget\" data-e-type=\"widget\" data-widget_type=\"heading.default\">\n\t\t\t\t\t<h2 class=\"elementor-heading-title elementor-size-default\">Google Analytics<\/h2>\t\t\t\t<\/div>\n\t\t<div class=\"elementor-element elementor-element-ds-s9-bw e-flex e-con-boxed e-con e-parent\" data-id=\"ds-s9-bw\" data-element_type=\"container\" data-e-type=\"container\" data-settings=\"{&quot;background_background&quot;:&quot;classic&quot;}\">\n\t\t\t\t\t<div class=\"e-con-inner\">\n\t\t\t\t<div class=\"elementor-element elementor-element-ds-t9 elementor-widget elementor-widget-text-editor\" data-id=\"ds-t9\" data-element_type=\"widget\" data-e-type=\"widget\" data-widget_type=\"text-editor.default\">\n\t\t\t\t\t\t\t\t\t<p>El nostre lloc web utilitza funcions del servei d&#8217;an\u00e0lisi web Google Analytics. El prove\u00efdor d&#8217;aquest servei d&#8217;an\u00e0lisi web \u00e9s Google Inc. 1600 Amphitheatre Parkway, Mountain View, CA 94043, EUA.<\/p><p>Google Analytics utilitza \\\\&bdquo;galetes.\\\\&ldquo; Es tracta de petits fitxers de text que el vostre navegador emmagatzema al vostre dispositiu i que permeten analitzar l&#8217;\u00fas del lloc web. La informaci\u00f3 generada mitjan\u00e7ant aquestes galetes sobre l&#8217;\u00fas que feu del nostre lloc web es transmet a un servidor de Google i s&#8217;hi emmagatzema. Normalment, la ubicaci\u00f3 del servidor \u00e9s als EUA.<\/p><p>La col\u00b7locaci\u00f3 de les galetes de Google Analytics es basa en l&#8217;article 6, apartat 1, lletra f) del RGPD. Com a responsables d&#8217;aquest lloc web, tenim un inter\u00e8s leg\u00edtim en analitzar el comportament dels usuaris per optimitzar la nostra oferta web i, si escau, la publicitat.<\/p><p><strong>Anonimitzaci\u00f3 de l&#8217;adre\u00e7a IP<\/strong><\/p><p>Utilitzem Google Analytics amb la funci\u00f3 d&#8217;anonimitzaci\u00f3 d&#8217;IP activada. Aquesta funci\u00f3 garanteix que Google escurci la vostra adre\u00e7a IP dins dels estats membres de la Uni\u00f3 Europea o en altres estats part de l&#8217;Acord sobre l&#8217;Espai Econ\u00f2mic Europeu abans de transmetre-la als EUA.<\/p><p>Hi pot haver casos excepcionals en qu\u00e8 Google transmeti l&#8217;adre\u00e7a IP completa a un servidor als EUA i l&#8217;escurci all\u00e0.<\/p><p>Per enc\u00e0rrec nostre, Google utilitzar\u00e0 aquesta informaci\u00f3 per avaluar l&#8217;\u00fas que feu del lloc web, elaborar informes sobre les activitats del lloc web i prestar-nos altres serveis relacionats amb l&#8217;\u00fas del lloc web i d&#8217;internet. Google Analytics no combina l&#8217;adre\u00e7a IP transmesa amb altres dades de Google.<\/p><p><strong>Complement del navegador<\/strong><\/p><p>Podeu evitar que el vostre navegador instal\u00b7li galetes. Tanmateix, aix\u00f2 podria limitar algunes funcions del nostre lloc web. Tamb\u00e9 podeu impedir la recollida de dades relatives a l&#8217;\u00fas que feu del lloc web, incloent-hi la vostra adre\u00e7a IP, i el seu tractament posterior per part de Google. Per fer-ho, podeu descarregar i instal\u00b7lar el complement de navegador disponible al seg\u00fcent enlla\u00e7: <a href=\"https:\/\/tools.google.com\/dlpage\/gaoptout?hl=de\" rel=\"noopener\" target=\"_blank\">https:\/\/tools.google.com\/dlpage\/gaoptout?hl=de<\/a>.<\/p><p><strong>Oposici\u00f3 a la recollida de dades<\/strong><\/p><p>Podeu impedir que Google Analytics reculli les vostres dades fent clic al seg\u00fcent enlla\u00e7. S&#8217;establir\u00e0 una galeta d&#8217;exclusi\u00f3 (opt-out) que impedir\u00e0 la recollida de les vostres dades en futures visites al nostre lloc web: Desactivar Google Analytics.<\/p><p>Trobareu m\u00e9s detalls sobre el tractament de les dades dels usuaris a Google Analytics a la pol\u00edtica de privadesa de Google: <a href=\"https:\/\/support.google.com\/analytics\/answer\/6004245?hl=de\" rel=\"noopener\" target=\"_blank\">https:\/\/support.google.com\/analytics\/answer\/6004245?hl=de<\/a>.<\/p><p><strong>Tractament per enc\u00e0rrec<\/strong><\/p><p>Per complir plenament amb les disposicions legals de protecci\u00f3 de dades, hem signat amb Google un contracte de tractament de dades per enc\u00e0rrec.<\/p><p><strong>Caracter\u00edstiques demogr\u00e0fiques a Google Analytics<\/strong><\/p><p>El nostre lloc web utilitza la funci\u00f3 \\\\&bdquo;caracter\u00edstiques demogr\u00e0fiques\\\\&ldquo; de Google Analytics. Amb aquesta funci\u00f3 es poden generar informes que contenen dades sobre l&#8217;edat, el g\u00e8nere i els interessos dels visitants del lloc. Aquestes dades provenen de la publicitat basada en interessos de Google i de dades de visitants de prove\u00efdors tercers.<\/p><p>No \u00e9s possible atribuir aquestes dades a una persona concreta. Podeu desactivar aquesta funci\u00f3 en qualsevol moment. Aix\u00f2 \u00e9s possible mitjan\u00e7ant la configuraci\u00f3 d&#8217;anuncis del vostre compte de Google o prohibint de manera general la recollida de les vostres dades per part de Google Analytics, tal com s&#8217;explica al punt \\\\&bdquo;Oposici\u00f3 a la recollida de dades\\\\&ldquo;.<\/p>\t\t\t\t\t\t\t\t<\/div>\n\t\t\t\t\t<\/div>\n\t\t\t\t<\/div>\n\t\t\t\t\t<\/div>\n\t\t\t\t<\/div>\n\t\t<div class=\"elementor-element elementor-element-ds-s10 e-con-boxed e-flex e-con e-parent\" data-id=\"ds-s10\" data-element_type=\"container\" data-e-type=\"container\">\n\t\t\t\t\t<div class=\"e-con-inner\">\n\t\t\t\t<div class=\"elementor-element elementor-element-ds-h10 elementor-widget elementor-widget-heading\" data-id=\"ds-h10\" data-element_type=\"widget\" data-e-type=\"widget\" data-widget_type=\"heading.default\">\n\t\t\t\t\t<h2 class=\"elementor-heading-title elementor-size-default\">Google AdWords i seguiment de conversions de Google<\/h2>\t\t\t\t<\/div>\n\t\t<div class=\"elementor-element elementor-element-ds-s10-bw e-flex e-con-boxed e-con e-parent\" data-id=\"ds-s10-bw\" data-element_type=\"container\" data-e-type=\"container\" data-settings=\"{&quot;background_background&quot;:&quot;classic&quot;}\">\n\t\t\t\t\t<div class=\"e-con-inner\">\n\t\t\t\t<div class=\"elementor-element elementor-element-ds-t10 elementor-widget elementor-widget-text-editor\" data-id=\"ds-t10\" data-element_type=\"widget\" data-e-type=\"widget\" data-widget_type=\"text-editor.default\">\n\t\t\t\t\t\t\t\t\t<p>El nostre lloc web utilitza Google AdWords. El prove\u00efdor \u00e9s Google Inc. 1600 Amphitheatre Parkway, Mountain View, CA 94043, Estats Units.<\/p><p>AdWords \u00e9s un programa de publicitat en l\u00ednia. En el marc d&#8217;aquest programa de publicitat en l\u00ednia, treballem amb el seguiment de conversions. Despr\u00e9s de fer clic en un anunci publicat per Google, es col\u00b7loca una galeta per al seguiment de conversions. Les galetes s\u00f3n petits fitxers de text que el vostre navegador emmagatzema al vostre dispositiu.<\/p><p>Les galetes de Google AdWords perden la seva validesa despr\u00e9s de 30 dies i no serveixen per a la identificaci\u00f3 personal dels usuaris. Mitjan\u00e7ant la galeta, Google i nosaltres podem saber que heu fet clic en un anunci i que heu estat redirigit al nostre lloc web.<\/p><p>Cada client de Google AdWords rep una galeta diferent. Les galetes no es poden rastrejar a trav\u00e9s dels llocs web dels clients d&#8217;AdWords. Amb les galetes de conversi\u00f3 es generen estad\u00edstiques de conversi\u00f3 per als clients d&#8217;AdWords que utilitzen el seguiment de conversions. Els clients d&#8217;AdWords saben quants usuaris han fet clic al seu anunci i han estat redirigits a p\u00e0gines amb l&#8217;etiqueta de seguiment de conversions.<\/p><p>No obstant aix\u00f2, els clients d&#8217;AdWords no reben cap informaci\u00f3 que permeti identificar personalment els usuaris. Si no voleu participar en el seguiment, us podeu oposar al seu \u00fas. En aquest cas, cal desactivar la galeta de conversi\u00f3 a la configuraci\u00f3 d&#8217;usuari del navegador. D&#8217;aquesta manera, tampoc s&#8217;inclour\u00e0 en les estad\u00edstiques de seguiment de conversions.<\/p><p>L&#8217;emmagatzematge de les \\\\&bdquo;galetes de conversi\u00f3\\\\&ldquo; es basa en l&#8217;article 6, apartat 1, lletra f) del RGPD. Com a responsables del lloc web, tenim un inter\u00e8s leg\u00edtim en analitzar el comportament dels usuaris per optimitzar la nostra oferta web i la nostra publicitat.<\/p><p>Trobareu m\u00e9s detalls sobre Google AdWords i el seguiment de conversions de Google a la pol\u00edtica de privadesa de Google: <a href=\"https:\/\/www.google.de\/policies\/privacy\/\" rel=\"noopener\" target=\"_blank\">https:\/\/www.google.de\/policies\/privacy\/<\/a>.<\/p><p>Amb un navegador web modern, podeu supervisar, restringir o impedir la col\u00b7locaci\u00f3 de galetes. La desactivaci\u00f3 de les galetes pot comportar una funcionalitat limitada del nostre lloc web.<\/p>\t\t\t\t\t\t\t\t<\/div>\n\t\t\t\t\t<\/div>\n\t\t\t\t<\/div>\n\t\t\t\t\t<\/div>\n\t\t\t\t<\/div>\n\t\t<div class=\"elementor-element elementor-element-ds-s11 e-con-boxed e-flex e-con e-parent\" data-id=\"ds-s11\" data-element_type=\"container\" data-e-type=\"container\">\n\t\t\t\t\t<div class=\"e-con-inner\">\n\t\t\t\t<div class=\"elementor-element elementor-element-ds-h11 elementor-widget elementor-widget-heading\" data-id=\"ds-h11\" data-element_type=\"widget\" data-e-type=\"widget\" data-widget_type=\"heading.default\">\n\t\t\t\t\t<h2 class=\"elementor-heading-title elementor-size-default\">Google Web Fonts<\/h2>\t\t\t\t<\/div>\n\t\t<div class=\"elementor-element elementor-element-ds-s11-bw e-flex e-con-boxed e-con e-parent\" data-id=\"ds-s11-bw\" data-element_type=\"container\" data-e-type=\"container\" data-settings=\"{&quot;background_background&quot;:&quot;classic&quot;}\">\n\t\t\t\t\t<div class=\"e-con-inner\">\n\t\t\t\t<div class=\"elementor-element elementor-element-ds-t11 elementor-widget elementor-widget-text-editor\" data-id=\"ds-t11\" data-element_type=\"widget\" data-e-type=\"widget\" data-widget_type=\"text-editor.default\">\n\t\t\t\t\t\t\t\t\t<p>El nostre lloc web utilitza fonts web de Google. El prove\u00efdor \u00e9s Google Inc. 1600 Amphitheatre Parkway, Mountain View, CA 94043, EUA.<\/p><p>L&#8217;\u00fas d&#8217;aquestes fonts web permet presentar-li la representaci\u00f3 que desitgem del nostre lloc web, independentment de les fonts disponibles localment en el seu dispositiu. Aix\u00f2 es fa mitjan\u00e7ant la consulta de les fonts web de Google des d&#8217;un servidor de Google als EUA, el que implica la transfer\u00e8ncia de les seves dades a Google.<\/p><p>Es tracta de la seva adre\u00e7a IP i de quina p\u00e0gina del nostre lloc ha visitat. L&#8217;\u00fas de les fonts web de Google es basa en l&#8217;article 6, apartat 1, lletra f) del RGPD. Com a responsables d&#8217;aquest lloc web, tenim un inter\u00e8s leg\u00edtim en la representaci\u00f3 i transmissi\u00f3 \u00f2ptimes del nostre lloc.<\/p><p>L&#8217;empresa Google est\u00e0 certificada d&#8217;acord amb l&#8217;acord de protecci\u00f3 de dades entre els EUA i la UE \\&bdquo;Privacy Shield\\&ldquo;. Aquest acord t\u00e9 com a objectiu garantir el compliment del nivell de protecci\u00f3 de dades vigent a la UE.<\/p><p>Trobar\u00e0 m\u00e9s detalls sobre les fonts web de Google a: <a href=\"https:\/\/www.google.com\/fonts#AboutPlace:about\" rel=\"noopener\" target=\"_blank\">https:\/\/www.google.com\/fonts#AboutPlace:about<\/a> i m\u00e9s informaci\u00f3 a la pol\u00edtica de privacitat de Google: <a href=\"https:\/\/policies.google.com\/privacy\/partners?hl=de\" rel=\"noopener\" target=\"_blank\">https:\/\/policies.google.com\/privacy\/partners?hl=de<\/a>.<\/p>\t\t\t\t\t\t\t\t<\/div>\n\t\t\t\t\t<\/div>\n\t\t\t\t<\/div>\n\t\t\t\t\t<\/div>\n\t\t\t\t<\/div>\n\t\t<div class=\"elementor-element elementor-element-ds-s12 e-con-boxed e-flex e-con e-parent\" data-id=\"ds-s12\" data-element_type=\"container\" data-e-type=\"container\">\n\t\t\t\t\t<div class=\"e-con-inner\">\n\t\t\t\t<div class=\"elementor-element elementor-element-ds-h12 elementor-widget elementor-widget-heading\" data-id=\"ds-h12\" data-element_type=\"widget\" data-e-type=\"widget\" data-widget_type=\"heading.default\">\n\t\t\t\t\t<h2 class=\"elementor-heading-title elementor-size-default\">Font<\/h2>\t\t\t\t<\/div>\n\t\t<div class=\"elementor-element elementor-element-ds-s12-bw e-flex e-con-boxed e-con e-parent\" data-id=\"ds-s12-bw\" data-element_type=\"container\" data-e-type=\"container\" data-settings=\"{&quot;background_background&quot;:&quot;classic&quot;}\">\n\t\t\t\t\t<div class=\"e-con-inner\">\n\t\t\t\t<div class=\"elementor-element elementor-element-ds-t12 elementor-widget elementor-widget-text-editor\" data-id=\"ds-t12\" data-element_type=\"widget\" data-e-type=\"widget\" data-widget_type=\"text-editor.default\">\n\t\t\t\t\t\t\t\t\t<p>Font fins aqu\u00ed: Configurador de protecci\u00f3 de dades de mein-datenschutzbeauftragter.de.<\/p>\t\t\t\t\t\t\t\t<\/div>\n\t\t\t\t\t<\/div>\n\t\t\t\t<\/div>\n\t\t\t\t\t<\/div>\n\t\t\t\t<\/div>\n\t\t<div class=\"elementor-element elementor-element-ds-s13 e-con-boxed e-flex e-con e-parent\" data-id=\"ds-s13\" data-element_type=\"container\" data-e-type=\"container\">\n\t\t\t\t\t<div class=\"e-con-inner\">\n\t\t\t\t<div class=\"elementor-element elementor-element-ds-h13 elementor-widget elementor-widget-heading\" data-id=\"ds-h13\" data-element_type=\"widget\" data-e-type=\"widget\" data-widget_type=\"heading.default\">\n\t\t\t\t\t<h2 class=\"elementor-heading-title elementor-size-default\">Facebook<\/h2>\t\t\t\t<\/div>\n\t\t<div class=\"elementor-element elementor-element-ds-s13-bw e-flex e-con-boxed e-con e-parent\" data-id=\"ds-s13-bw\" data-element_type=\"container\" data-e-type=\"container\" data-settings=\"{&quot;background_background&quot;:&quot;classic&quot;}\">\n\t\t\t\t\t<div class=\"e-con-inner\">\n\t\t\t\t<div class=\"elementor-element elementor-element-ds-t13 elementor-widget elementor-widget-text-editor\" data-id=\"ds-t13\" data-element_type=\"widget\" data-e-type=\"widget\" data-widget_type=\"text-editor.default\">\n\t\t\t\t\t\t\t\t\t<p>Vam eliminar Facebook completament durant un temps perqu\u00e8 la censura es va fer insuportable. Ara sembla que l&#8217;empresa torna a decantar-se m\u00e9s cap al costat dels usuaris, aix\u00ed que ho tornem a provar:<\/p><p>Al nostre lloc web utilitzem el denominat \\&bdquo;Facebook Pixel\\&ldquo; de Meta Platforms Ireland Ltd. (Facebook Ireland Ltd.), 4 Grand Canal Square, Grand Canal Harbour, Dubl\u00edn 2, Irlanda.<\/p><p>Aquest serveix per fer un seguiment del comportament dels usuaris quan han estat redirigits al nostre lloc web en fer clic en un anunci de Facebook. Aix\u00f2 ens permet mesurar l&#8217;efic\u00e0cia dels anuncis de Facebook per a finalitats estad\u00edstiques i d&#8217;estudi de mercat, i optimitzar futures accions publicit\u00e0ries.<\/p><p>Les dades recollides en aquest proc\u00e9s s\u00f3n an\u00f2nimes per a nosaltres i no permeten identificar persones concretes. No obstant aix\u00f2, Facebook emmagatzema i processa les dades de manera que \u00e9s possible establir una connexi\u00f3 amb el perfil d&#8217;usuari corresponent, i Facebook pot utilitzar les dades d&#8217;acord amb la seva pol\u00edtica d&#8217;\u00fas de dades per a finalitats publicit\u00e0ries pr\u00f2pies.<\/p><p>La base legal per a aquest \u00fas \u00e9s, en general, el seu consentiment segons l&#8217;article 6, apartat 1, lletra a) del RGPD o el nostre inter\u00e8s leg\u00edtim segons l&#8217;article 6, apartat 1, lletra f) del RGPD.<\/p>\t\t\t\t\t\t\t\t<\/div>\n\t\t\t\t\t<\/div>\n\t\t\t\t<\/div>\n\t\t\t\t\t<\/div>\n\t\t\t\t<\/div>\n\t\t<div class=\"elementor-element elementor-element-iwgkw-add-datenschutz e-flex e-con-boxed e-con e-parent\" data-id=\"iwgkw-add-datenschutz\" data-element_type=\"container\" data-e-type=\"container\">\n\t\t\t\t\t<div class=\"e-con-inner\">\n\t\t\t\t<div class=\"elementor-element elementor-element-iwgkw-add-datenschutz-t elementor-widget elementor-widget-text-editor\" data-id=\"iwgkw-add-datenschutz-t\" data-element_type=\"widget\" data-e-type=\"widget\" data-widget_type=\"text-editor.default\">\n\t\t\t\t\t\t\t\t\t<p>La informaci\u00f3 seg\u00fcent es proporciona com a informaci\u00f3 obligat\u00f2ria segons els articles 13 i 14 del Reglament General de Protecci\u00f3 de Dades. Informa sobre el tractament de dades personals en visitar aquest lloc web, sobre els responsables, les finalitats, les bases legals, aix\u00ed com sobre els drets de les persones afectades. Aquesta presentaci\u00f3 es limita al contingut d&#8217;informaci\u00f3 obligat\u00f2ria i no substitueix cap assessorament legal en un cas concret.<\/p>\t\t\t\t\t\t\t\t<\/div>\n\t\t\t\t\t<\/div>\n\t\t\t\t<\/div>\n\t\t\t\t<\/div>\n\t\t","protected":false},"excerpt":{"rendered":"","protected":false},"author":3,"featured_media":2259,"parent":0,"menu_order":0,"comment_status":"closed","ping_status":"closed","template":"elementor_header_footer","meta":{"_yoast_wpseo_focuskw":"","_yoast_wpseo_title":"Protecci\u00f3 de dades \u2013 iWell Guard","_yoast_wpseo_metadesc":"Pol\u00edtica de privacitat d'Ittermann electronic GmbH per a iWell Guard: informaci\u00f3 obligat\u00f2ria, cookies, Analytics, serveis integrats.","_yoast_wpseo_meta-robots-noindex":"1","_yoast_wpseo_canonical":"","_angie_page":false,"gefaehrdungsstufe":"","wesen_kultur":"","wesen_klasse":"","footnotes":""},"categories":[],"class_list":["post-171475","page","type-page","status-publish","has-post-thumbnail","hentry"],"yoast_head":"<!-- This site is optimized with the Yoast SEO Premium plugin v27.7 (Yoast SEO v28.3) - https:\/\/yoast.com\/product\/yoast-seo-premium-wordpress\/ -->\n<title>Protecci\u00f3 de dades \u2013 iWell Guard<\/title>\n<meta name=\"description\" content=\"Pol\u00edtica de privacitat d&#039;Ittermann electronic GmbH per a iWell Guard: informaci\u00f3 obligat\u00f2ria, cookies, Analytics, serveis integrats.\" \/>\n<meta name=\"robots\" content=\"noindex, follow\" \/>\n<meta property=\"og:locale\" content=\"ca_ES\" \/>\n<meta property=\"og:type\" content=\"article\" \/>\n<meta property=\"og:title\" content=\"Privacitat\" \/>\n<meta property=\"og:description\" content=\"Pol\u00edtica de privacitat d&#039;Ittermann electronic GmbH per a iWell Guard: informaci\u00f3 obligat\u00f2ria, cookies, Analytics, serveis integrats.\" \/>\n<meta property=\"og:url\" content=\"https:\/\/iwell-guard.com\/ca\/proteccio-de-dades\/\" \/>\n<meta property=\"og:site_name\" content=\"iWell Guard\" \/>\n<meta property=\"article:modified_time\" content=\"2026-09-05T15:58:39+00:00\" \/>\n<meta property=\"og:image\" content=\"https:\/\/iwell-guard.com\/wp-content\/uploads\/2026\/05\/Lava-1200x661-Hintergrund-sym.webp\" \/>\n\t<meta property=\"og:image:width\" content=\"1200\" \/>\n\t<meta property=\"og:image:height\" content=\"661\" \/>\n\t<meta property=\"og:image:type\" content=\"image\/webp\" \/>\n<meta name=\"twitter:card\" content=\"summary_large_image\" \/>\n<script type=\"application\/ld+json\" class=\"yoast-schema-graph\">{\"@context\":\"https:\\\/\\\/schema.org\",\"@graph\":[{\"@type\":\"WebPage\",\"@id\":\"https:\\\/\\\/iwell-guard.com\\\/ca\\\/proteccio-de-dades\\\/\",\"url\":\"https:\\\/\\\/iwell-guard.com\\\/ca\\\/proteccio-de-dades\\\/\",\"name\":\"Protecci\u00f3 de dades \u2013 iWell Guard\",\"isPartOf\":{\"@id\":\"https:\\\/\\\/iwell-guard.com\\\/ca\\\/#website\"},\"primaryImageOfPage\":{\"@id\":\"https:\\\/\\\/iwell-guard.com\\\/ca\\\/proteccio-de-dades\\\/#primaryimage\"},\"image\":{\"@id\":\"https:\\\/\\\/iwell-guard.com\\\/ca\\\/proteccio-de-dades\\\/#primaryimage\"},\"thumbnailUrl\":\"https:\\\/\\\/iwell-guard.com\\\/wp-content\\\/uploads\\\/2026\\\/05\\\/Lava-1200x661-Hintergrund-sym.webp\",\"datePublished\":\"2026-09-05T15:39:41+00:00\",\"dateModified\":\"2026-09-05T15:58:39+00:00\",\"description\":\"Pol\u00edtica de privacitat d'Ittermann electronic GmbH per a iWell Guard: informaci\u00f3 obligat\u00f2ria, cookies, Analytics, serveis integrats.\",\"breadcrumb\":{\"@id\":\"https:\\\/\\\/iwell-guard.com\\\/ca\\\/proteccio-de-dades\\\/#breadcrumb\"},\"inLanguage\":\"ca\",\"potentialAction\":[{\"@type\":\"ReadAction\",\"target\":[\"https:\\\/\\\/iwell-guard.com\\\/ca\\\/proteccio-de-dades\\\/\"]}]},{\"@type\":\"ImageObject\",\"inLanguage\":\"ca\",\"@id\":\"https:\\\/\\\/iwell-guard.com\\\/ca\\\/proteccio-de-dades\\\/#primaryimage\",\"url\":\"https:\\\/\\\/iwell-guard.com\\\/wp-content\\\/uploads\\\/2026\\\/05\\\/Lava-1200x661-Hintergrund-sym.webp\",\"contentUrl\":\"https:\\\/\\\/iwell-guard.com\\\/wp-content\\\/uploads\\\/2026\\\/05\\\/Lava-1200x661-Hintergrund-sym.webp\",\"width\":1200,\"height\":661,\"caption\":\"Penjoll de protecci\u00f3 iWell Guard, xip negre de fibra de carboni amb detalls daurats\"},{\"@type\":\"BreadcrumbList\",\"@id\":\"https:\\\/\\\/iwell-guard.com\\\/ca\\\/proteccio-de-dades\\\/#breadcrumb\",\"itemListElement\":[{\"@type\":\"ListItem\",\"position\":1,\"name\":\"Start\",\"item\":\"https:\\\/\\\/iwell-guard.com\\\/ca\\\/?page_id=171333\"},{\"@type\":\"ListItem\",\"position\":2,\"name\":\"Privacitat\"}]},{\"@type\":\"WebSite\",\"@id\":\"https:\\\/\\\/iwell-guard.com\\\/ca\\\/#website\",\"url\":\"https:\\\/\\\/iwell-guard.com\\\/ca\\\/\",\"name\":\"iWell Guard\",\"description\":\"Schutz vor dunklen Einfl\u00fcssen\",\"publisher\":{\"@id\":\"https:\\\/\\\/iwell-guard.com\\\/ca\\\/#organization\"},\"potentialAction\":[{\"@type\":\"SearchAction\",\"target\":{\"@type\":\"EntryPoint\",\"urlTemplate\":\"https:\\\/\\\/iwell-guard.com\\\/ca\\\/?s={search_term_string}\"},\"query-input\":{\"@type\":\"PropertyValueSpecification\",\"valueRequired\":true,\"valueName\":\"search_term_string\"}}],\"inLanguage\":\"ca\"},{\"@type\":\"Organization\",\"@id\":\"https:\\\/\\\/iwell-guard.com\\\/ca\\\/#organization\",\"name\":\"Ittermann electronic GmbH\",\"url\":\"https:\\\/\\\/iwell-guard.com\\\/ca\\\/\",\"logo\":{\"@type\":\"ImageObject\",\"inLanguage\":\"ca\",\"@id\":\"https:\\\/\\\/iwell-guard.com\\\/ca\\\/#\\\/schema\\\/logo\\\/image\\\/\",\"url\":\"https:\\\/\\\/iwell-guard.com\\\/wp-content\\\/uploads\\\/2026\\\/05\\\/Ittermann-Logo-1182x237-1.png\",\"contentUrl\":\"https:\\\/\\\/iwell-guard.com\\\/wp-content\\\/uploads\\\/2026\\\/05\\\/Ittermann-Logo-1182x237-1.png\",\"width\":1182,\"height\":237,\"caption\":\"Ittermann electronic GmbH\"},\"image\":{\"@id\":\"https:\\\/\\\/iwell-guard.com\\\/ca\\\/#\\\/schema\\\/logo\\\/image\\\/\"},\"sameAs\":[\"https:\\\/\\\/pantip.com\\\/profile\\\/9367242\",\"https:\\\/\\\/micro.blog\\\/iwellguard\",\"https:\\\/\\\/www.diggerslist.com\\\/iwellguard\\\/about\",\"https:\\\/\\\/skitterphoto.com\\\/photographers\\\/2870314\\\/iwell-guard\",\"https:\\\/\\\/iwellguard.wordpress.com\\\/2026\\\/06\\\/06\\\/iwell-guard\\\/\",\"https:\\\/\\\/hub.docker.com\\\/u\\\/iwellguard\",\"https:\\\/\\\/www.pinterest.com\\\/iwellguard\\\/\",\"https:\\\/\\\/bit.ly\\\/m\\\/iwellguard\",\"https:\\\/\\\/entre-vos-mains.alsace.eu\\\/profiles\\\/iwellguard\\\/activity\",\"https:\\\/\\\/gravatar.com\\\/reallybeded8fd34\",\"https:\\\/\\\/naijamatta.com\\\/iwellguard\",\"https:\\\/\\\/www.goodreads.com\\\/iwellguard\",\"https:\\\/\\\/profile.hatena.ne.jp\\\/iwellguard\\\/\",\"https:\\\/\\\/experiment.com\\\/users\\\/iwellguard\",\"https:\\\/\\\/wakelet.com\\\/@iWellGuard82270\",\"https:\\\/\\\/www.chordie.com\\\/forum\\\/profile.php?id=2555664\",\"https:\\\/\\\/www.instapaper.com\\\/p\\\/17757966\",\"https:\\\/\\\/www.mapleprimes.com\\\/users\\\/iwellguard\",\"https:\\\/\\\/businesslistingplus.com\\\/profile\\\/iwell-guard\\\/\",\"https:\\\/\\\/telegra.ph\\\/iWell-Guard-06-06\",\"https:\\\/\\\/pbase.com\\\/iwellguard\\\/iwellguard\",\"https:\\\/\\\/b.hatena.ne.jp\\\/iwellguard\\\/20260607#bookmark-4788405196491818882\",\"https:\\\/\\\/fliphtml5.com\\\/home\\\/iwellguard\",\"https:\\\/\\\/anyflip.com\\\/homepage\\\/cmiwl#About\",\"https:\\\/\\\/transfur.com\\\/Users\\\/iwellguard\",\"http:\\\/\\\/delphi.larsbo.org\\\/user\\\/iwellguard\",\"https:\\\/\\\/jobs.lajobsportal.org\\\/profiles\\\/8380803-iwell-guard\",\"https:\\\/\\\/md.chaosdorf.de\\\/s\\\/jfbe5SBdJD\",\"https:\\\/\\\/www.lingvolive.com\\\/en-us\\\/profile\\\/9ecaeaca-ce11-4e51-9e71-01d55e2bff36\\\/translations\",\"https:\\\/\\\/www.fitday.com\\\/fitness\\\/forums\\\/members\\\/iwellguard.html\",\"https:\\\/\\\/www.mymeetbook.com\\\/iwellguard\",\"https:\\\/\\\/pxhere.com\\\/en\\\/photographer-me\\\/5040798\",\"https:\\\/\\\/disqus.com\\\/by\\\/iwellguard\\\/about\\\/\",\"https:\\\/\\\/pastelink.net\\\/hjwciqwq\",\"https:\\\/\\\/pubhtml5.com\\\/homepage\\\/scjhn\\\/\",\"https:\\\/\\\/www.bitchute.com\\\/channel\\\/2O2eOKzNqujT\",\"https:\\\/\\\/audiomack.com\\\/iwellguard\"]}]}<\/script>\n<!-- \/ Yoast SEO Premium plugin. -->","yoast_head_json":{"title":"Protecci\u00f3 de dades \u2013 iWell Guard","description":"Pol\u00edtica de privacitat d'Ittermann electronic GmbH per a iWell Guard: informaci\u00f3 obligat\u00f2ria, cookies, Analytics, serveis integrats.","robots":{"index":"noindex","follow":"follow"},"og_locale":"ca_ES","og_type":"article","og_title":"Privacitat","og_description":"Pol\u00edtica de privacitat d'Ittermann electronic GmbH per a iWell Guard: informaci\u00f3 obligat\u00f2ria, cookies, Analytics, serveis integrats.","og_url":"https:\/\/iwell-guard.com\/ca\/proteccio-de-dades\/","og_site_name":"iWell Guard","article_modified_time":"2026-09-05T15:58:39+00:00","og_image":[{"width":1200,"height":661,"url":"https:\/\/iwell-guard.com\/wp-content\/uploads\/2026\/05\/Lava-1200x661-Hintergrund-sym.webp","type":"image\/webp"}],"twitter_card":"summary_large_image","schema":{"@context":"https:\/\/schema.org","@graph":[{"@type":"WebPage","@id":"https:\/\/iwell-guard.com\/ca\/proteccio-de-dades\/","url":"https:\/\/iwell-guard.com\/ca\/proteccio-de-dades\/","name":"Protecci\u00f3 de dades \u2013 iWell Guard","isPartOf":{"@id":"https:\/\/iwell-guard.com\/ca\/#website"},"primaryImageOfPage":{"@id":"https:\/\/iwell-guard.com\/ca\/proteccio-de-dades\/#primaryimage"},"image":{"@id":"https:\/\/iwell-guard.com\/ca\/proteccio-de-dades\/#primaryimage"},"thumbnailUrl":"https:\/\/iwell-guard.com\/wp-content\/uploads\/2026\/05\/Lava-1200x661-Hintergrund-sym.webp","datePublished":"2026-09-05T15:39:41+00:00","dateModified":"2026-09-05T15:58:39+00:00","description":"Pol\u00edtica de privacitat d'Ittermann electronic GmbH per a iWell Guard: informaci\u00f3 obligat\u00f2ria, cookies, Analytics, serveis integrats.","breadcrumb":{"@id":"https:\/\/iwell-guard.com\/ca\/proteccio-de-dades\/#breadcrumb"},"inLanguage":"ca","potentialAction":[{"@type":"ReadAction","target":["https:\/\/iwell-guard.com\/ca\/proteccio-de-dades\/"]}]},{"@type":"ImageObject","inLanguage":"ca","@id":"https:\/\/iwell-guard.com\/ca\/proteccio-de-dades\/#primaryimage","url":"https:\/\/iwell-guard.com\/wp-content\/uploads\/2026\/05\/Lava-1200x661-Hintergrund-sym.webp","contentUrl":"https:\/\/iwell-guard.com\/wp-content\/uploads\/2026\/05\/Lava-1200x661-Hintergrund-sym.webp","width":1200,"height":661,"caption":"Penjoll de protecci\u00f3 iWell Guard, xip negre de fibra de carboni amb detalls daurats"},{"@type":"BreadcrumbList","@id":"https:\/\/iwell-guard.com\/ca\/proteccio-de-dades\/#breadcrumb","itemListElement":[{"@type":"ListItem","position":1,"name":"Start","item":"https:\/\/iwell-guard.com\/ca\/?page_id=171333"},{"@type":"ListItem","position":2,"name":"Privacitat"}]},{"@type":"WebSite","@id":"https:\/\/iwell-guard.com\/ca\/#website","url":"https:\/\/iwell-guard.com\/ca\/","name":"iWell Guard","description":"Schutz vor dunklen Einfl\u00fcssen","publisher":{"@id":"https:\/\/iwell-guard.com\/ca\/#organization"},"potentialAction":[{"@type":"SearchAction","target":{"@type":"EntryPoint","urlTemplate":"https:\/\/iwell-guard.com\/ca\/?s={search_term_string}"},"query-input":{"@type":"PropertyValueSpecification","valueRequired":true,"valueName":"search_term_string"}}],"inLanguage":"ca"},{"@type":"Organization","@id":"https:\/\/iwell-guard.com\/ca\/#organization","name":"Ittermann electronic GmbH","url":"https:\/\/iwell-guard.com\/ca\/","logo":{"@type":"ImageObject","inLanguage":"ca","@id":"https:\/\/iwell-guard.com\/ca\/#\/schema\/logo\/image\/","url":"https:\/\/iwell-guard.com\/wp-content\/uploads\/2026\/05\/Ittermann-Logo-1182x237-1.png","contentUrl":"https:\/\/iwell-guard.com\/wp-content\/uploads\/2026\/05\/Ittermann-Logo-1182x237-1.png","width":1182,"height":237,"caption":"Ittermann electronic GmbH"},"image":{"@id":"https:\/\/iwell-guard.com\/ca\/#\/schema\/logo\/image\/"},"sameAs":["https:\/\/pantip.com\/profile\/9367242","https:\/\/micro.blog\/iwellguard","https:\/\/www.diggerslist.com\/iwellguard\/about","https:\/\/skitterphoto.com\/photographers\/2870314\/iwell-guard","https:\/\/iwellguard.wordpress.com\/2026\/06\/06\/iwell-guard\/","https:\/\/hub.docker.com\/u\/iwellguard","https:\/\/www.pinterest.com\/iwellguard\/","https:\/\/bit.ly\/m\/iwellguard","https:\/\/entre-vos-mains.alsace.eu\/profiles\/iwellguard\/activity","https:\/\/gravatar.com\/reallybeded8fd34","https:\/\/naijamatta.com\/iwellguard","https:\/\/www.goodreads.com\/iwellguard","https:\/\/profile.hatena.ne.jp\/iwellguard\/","https:\/\/experiment.com\/users\/iwellguard","https:\/\/wakelet.com\/@iWellGuard82270","https:\/\/www.chordie.com\/forum\/profile.php?id=2555664","https:\/\/www.instapaper.com\/p\/17757966","https:\/\/www.mapleprimes.com\/users\/iwellguard","https:\/\/businesslistingplus.com\/profile\/iwell-guard\/","https:\/\/telegra.ph\/iWell-Guard-06-06","https:\/\/pbase.com\/iwellguard\/iwellguard","https:\/\/b.hatena.ne.jp\/iwellguard\/20260607#bookmark-4788405196491818882","https:\/\/fliphtml5.com\/home\/iwellguard","https:\/\/anyflip.com\/homepage\/cmiwl#About","https:\/\/transfur.com\/Users\/iwellguard","http:\/\/delphi.larsbo.org\/user\/iwellguard","https:\/\/jobs.lajobsportal.org\/profiles\/8380803-iwell-guard","https:\/\/md.chaosdorf.de\/s\/jfbe5SBdJD","https:\/\/www.lingvolive.com\/en-us\/profile\/9ecaeaca-ce11-4e51-9e71-01d55e2bff36\/translations","https:\/\/www.fitday.com\/fitness\/forums\/members\/iwellguard.html","https:\/\/www.mymeetbook.com\/iwellguard","https:\/\/pxhere.com\/en\/photographer-me\/5040798","https:\/\/disqus.com\/by\/iwellguard\/about\/","https:\/\/pastelink.net\/hjwciqwq","https:\/\/pubhtml5.com\/homepage\/scjhn\/","https:\/\/www.bitchute.com\/channel\/2O2eOKzNqujT","https:\/\/audiomack.com\/iwellguard"]}]}},"_links":{"self":[{"href":"https:\/\/iwell-guard.com\/ca\/wp-json\/wp\/v2\/pages\/171475","targetHints":{"allow":["GET"]}}],"collection":[{"href":"https:\/\/iwell-guard.com\/ca\/wp-json\/wp\/v2\/pages"}],"about":[{"href":"https:\/\/iwell-guard.com\/ca\/wp-json\/wp\/v2\/types\/page"}],"author":[{"embeddable":true,"href":"https:\/\/iwell-guard.com\/ca\/wp-json\/wp\/v2\/users\/3"}],"replies":[{"embeddable":true,"href":"https:\/\/iwell-guard.com\/ca\/wp-json\/wp\/v2\/comments?post=171475"}],"version-history":[{"count":0,"href":"https:\/\/iwell-guard.com\/ca\/wp-json\/wp\/v2\/pages\/171475\/revisions"}],"wp:featuredmedia":[{"embeddable":true,"href":"https:\/\/iwell-guard.com\/ca\/wp-json\/wp\/v2\/media\/2259"}],"wp:attachment":[{"href":"https:\/\/iwell-guard.com\/ca\/wp-json\/wp\/v2\/media?parent=171475"}],"wp:term":[{"taxonomy":"category","embeddable":true,"href":"https:\/\/iwell-guard.com\/ca\/wp-json\/wp\/v2\/categories?post=171475"}],"curies":[{"name":"wp","href":"https:\/\/api.w.org\/{rel}","templated":true}]}}