{"id":171474,"date":"2026-09-05T15:39:41","date_gmt":"2026-09-05T15:39:41","guid":{"rendered":"https:\/\/iwell-guard.com\/?page_id=171474"},"modified":"2026-09-05T15:58:39","modified_gmt":"2026-09-05T15:58:39","slug":"avis-legal","status":"publish","type":"page","link":"https:\/\/iwell-guard.com\/ca\/avis-legal\/","title":{"rendered":"Av\u00eds legal"},"content":{"rendered":"<!--email_off-->\t\t<div data-elementor-type=\"wp-page\" data-elementor-id=\"171474\" class=\"elementor elementor-171474 elementor-1906 elementor-bc-flex-widget\" data-elementor-post-type=\"page\">\n\t\t\t\t<div class=\"elementor-element elementor-element-x-h1-1906 e-con-boxed e-flex e-con e-parent\" data-id=\"x-h1-1906\" data-element_type=\"container\" data-e-type=\"container\">\n\t\t\t\t\t<div class=\"e-con-inner\">\n\t\t\t\t<div class=\"elementor-element elementor-element-x-h1w-1906 elementor-widget elementor-widget-heading\" data-id=\"x-h1w-1906\" data-element_type=\"widget\" data-e-type=\"widget\" data-widget_type=\"heading.default\">\n\t\t\t\t\t<h1 class=\"elementor-heading-title elementor-size-default\">Av\u00eds legal, Ittermann electronic GmbH<\/h1>\t\t\t\t<\/div>\n\t\t\t\t\t<\/div>\n\t\t\t\t<\/div>\n\t\t<div class=\"elementor-element elementor-element-restoreh-impressum e-con-boxed e-flex e-con e-parent\" data-id=\"restoreh-impressum\" data-element_type=\"container\" data-e-type=\"container\">\n\t\t\t\t\t<div class=\"e-con-inner\">\n\t\t\t\t<div class=\"elementor-element elementor-element-restorei-impressum elementor-widget elementor-widget-image\" data-id=\"restorei-impressum\" data-element_type=\"widget\" data-e-type=\"widget\" data-widget_type=\"image.default\">\n\t\t\t\t\t\t\t\t\t\t\t\t\t\t\t<img fetchpriority=\"high\" decoding=\"async\" width=\"800\" height=\"441\" src=\"https:\/\/iwell-guard.com\/wp-content\/uploads\/2026\/05\/Praktiken-1200x661-Hintergrund-sym-1024x564.webp\" class=\"attachment-large size-large wp-image-2274\" alt=\"Hintergrund-Kachel f\u00fcr Praktiken-Pages, 1200x661 als Tile\" srcset=\"https:\/\/iwell-guard.com\/wp-content\/uploads\/2026\/05\/Praktiken-1200x661-Hintergrund-sym-1024x564.webp 1024w, https:\/\/iwell-guard.com\/wp-content\/uploads\/2026\/05\/Praktiken-1200x661-Hintergrund-sym-300x165.webp 300w, https:\/\/iwell-guard.com\/wp-content\/uploads\/2026\/05\/Praktiken-1200x661-Hintergrund-sym-768x423.webp 768w, https:\/\/iwell-guard.com\/wp-content\/uploads\/2026\/05\/Praktiken-1200x661-Hintergrund-sym.webp 1200w\" sizes=\"(max-width: 800px) 100vw, 800px\" \/>\t\t\t\t\t\t\t\t\t\t\t\t\t\t\t<\/div>\n\t\t\t\t\t<\/div>\n\t\t\t\t<\/div>\n\t\t<div class=\"elementor-element elementor-element-imp-s0 e-con-boxed e-flex e-con e-parent\" data-id=\"imp-s0\" data-element_type=\"container\" data-e-type=\"container\">\n\t\t\t\t\t<div class=\"e-con-inner\">\n\t\t\t\t<div class=\"elementor-element elementor-element-imp-h0 elementor-widget elementor-widget-heading\" data-id=\"imp-h0\" data-element_type=\"widget\" data-e-type=\"widget\" data-widget_type=\"heading.default\">\n\t\t\t\t\t<h2 class=\"elementor-heading-title elementor-size-default\">Dades segons l'\u00a7 5 TMG<\/h2>\t\t\t\t<\/div>\n\t\t<div class=\"elementor-element elementor-element-imp-s0-bw e-flex e-con-boxed e-con e-parent\" data-id=\"imp-s0-bw\" data-element_type=\"container\" data-e-type=\"container\" data-settings=\"{&quot;background_background&quot;:&quot;classic&quot;}\">\n\t\t\t\t\t<div class=\"e-con-inner\">\n\t\t\t\t<div class=\"elementor-element elementor-element-imp-t0 elementor-widget elementor-widget-text-editor\" data-id=\"imp-t0\" data-element_type=\"widget\" data-e-type=\"widget\" data-widget_type=\"text-editor.default\">\n\t\t\t\t\t\t\t\t\t<p>Ittermann electronic GmbH<br>K\u00f6hlergasse 16, 18<br>99842 Ruhla<\/p><p><strong>Representada pel gerent:<\/strong> el senyor Ralf Ittermann. L&#8217;av\u00eds legal recull les dades del prove\u00efdor Ittermann electronic GmbH, aix\u00ed com les dades de contacte exigides per la llei per a aquest lloc web.<\/p>\t\t\t\t\t\t\t\t<\/div>\n\t\t\t\t\t<\/div>\n\t\t\t\t<\/div>\n\t\t\t\t\t<\/div>\n\t\t\t\t<\/div>\n\t\t<div class=\"elementor-element elementor-element-imp-s1 e-con-boxed e-flex e-con e-parent\" data-id=\"imp-s1\" data-element_type=\"container\" data-e-type=\"container\">\n\t\t\t\t\t<div class=\"e-con-inner\">\n\t\t\t\t<div class=\"elementor-element elementor-element-imp-h1 elementor-widget elementor-widget-heading\" data-id=\"imp-h1\" data-element_type=\"widget\" data-e-type=\"widget\" data-widget_type=\"heading.default\">\n\t\t\t\t\t<h2 class=\"elementor-heading-title elementor-size-default\">Contacte<\/h2>\t\t\t\t<\/div>\n\t\t<div class=\"elementor-element elementor-element-imp-s1-bw e-flex e-con-boxed e-con e-parent\" data-id=\"imp-s1-bw\" data-element_type=\"container\" data-e-type=\"container\" data-settings=\"{&quot;background_background&quot;:&quot;classic&quot;}\">\n\t\t\t\t\t<div class=\"e-con-inner\">\n\t\t\t\t<div class=\"elementor-element elementor-element-imp-t1 elementor-widget elementor-widget-text-editor\" data-id=\"imp-t1\" data-element_type=\"widget\" data-e-type=\"widget\" data-widget_type=\"text-editor.default\">\n\t\t\t\t\t\t\t\t\t<p><strong>Tel\u00e8fon:<\/strong> +49 (0) 36929 750 (tamb\u00e9 escrit: 36929 750)<br>Fax: +49 (0) 36929 7535<br>Correu electr\u00f2nic: <a href=\"mailto:info@ittermann.de\">info@ittermann.de<\/a><\/p>\t\t\t\t\t\t\t\t<\/div>\n\t\t\t\t\t<\/div>\n\t\t\t\t<\/div>\n\t\t\t\t\t<\/div>\n\t\t\t\t<\/div>\n\t\t<div class=\"elementor-element elementor-element-imp-s2 e-con-boxed e-flex e-con e-parent\" data-id=\"imp-s2\" data-element_type=\"container\" data-e-type=\"container\">\n\t\t\t\t\t<div class=\"e-con-inner\">\n\t\t\t\t<div class=\"elementor-element elementor-element-imp-h2 elementor-widget elementor-widget-heading\" data-id=\"imp-h2\" data-element_type=\"widget\" data-e-type=\"widget\" data-widget_type=\"heading.default\">\n\t\t\t\t\t<h2 class=\"elementor-heading-title elementor-size-default\">Inscripci\u00f3 registral<\/h2>\t\t\t\t<\/div>\n\t\t<div class=\"elementor-element elementor-element-imp-s2-bw e-flex e-con-boxed e-con e-parent\" data-id=\"imp-s2-bw\" data-element_type=\"container\" data-e-type=\"container\" data-settings=\"{&quot;background_background&quot;:&quot;classic&quot;}\">\n\t\t\t\t\t<div class=\"e-con-inner\">\n\t\t\t\t<div class=\"elementor-element elementor-element-imp-t2 elementor-widget elementor-widget-text-editor\" data-id=\"imp-t2\" data-element_type=\"widget\" data-e-type=\"widget\" data-widget_type=\"text-editor.default\">\n\t\t\t\t\t\t\t\t\t<p>Inscripci\u00f3 al registre mercantil.<br><strong>Jutjat de registre:<\/strong> Amtsgericht Jena<br>N\u00famero de registre: HRB 403374<\/p>\t\t\t\t\t\t\t\t<\/div>\n\t\t\t\t\t<\/div>\n\t\t\t\t<\/div>\n\t\t\t\t\t<\/div>\n\t\t\t\t<\/div>\n\t\t<div class=\"elementor-element elementor-element-imp-s3 e-con-boxed e-flex e-con e-parent\" data-id=\"imp-s3\" data-element_type=\"container\" data-e-type=\"container\">\n\t\t\t\t\t<div class=\"e-con-inner\">\n\t\t\t\t<div class=\"elementor-element elementor-element-imp-h3 elementor-widget elementor-widget-heading\" data-id=\"imp-h3\" data-element_type=\"widget\" data-e-type=\"widget\" data-widget_type=\"heading.default\">\n\t\t\t\t\t<h2 class=\"elementor-heading-title elementor-size-default\">NIF-IVA<\/h2>\t\t\t\t<\/div>\n\t\t<div class=\"elementor-element elementor-element-imp-s3-bw e-flex e-con-boxed e-con e-parent\" data-id=\"imp-s3-bw\" data-element_type=\"container\" data-e-type=\"container\" data-settings=\"{&quot;background_background&quot;:&quot;classic&quot;}\">\n\t\t\t\t\t<div class=\"e-con-inner\">\n\t\t\t\t<div class=\"elementor-element elementor-element-imp-t3 elementor-widget elementor-widget-text-editor\" data-id=\"imp-t3\" data-element_type=\"widget\" data-e-type=\"widget\" data-widget_type=\"text-editor.default\">\n\t\t\t\t\t\t\t\t\t<p>N\u00famero d&#8217;identificaci\u00f3 fiscal a efectes de l&#8217;IVA segons l&#8217;\u00a7 27a de la llei alemanya de l&#8217;IVA: <strong>DE 173 370 006<\/strong><\/p>\t\t\t\t\t\t\t\t<\/div>\n\t\t\t\t\t<\/div>\n\t\t\t\t<\/div>\n\t\t\t\t\t<\/div>\n\t\t\t\t<\/div>\n\t\t<div class=\"elementor-element elementor-element-imp-s4 e-con-boxed e-flex e-con e-parent\" data-id=\"imp-s4\" data-element_type=\"container\" data-e-type=\"container\">\n\t\t\t\t\t<div class=\"e-con-inner\">\n\t\t\t\t<div class=\"elementor-element elementor-element-imp-h4 elementor-widget elementor-widget-heading\" data-id=\"imp-h4\" data-element_type=\"widget\" data-e-type=\"widget\" data-widget_type=\"heading.default\">\n\t\t\t\t\t<h2 class=\"elementor-heading-title elementor-size-default\">N\u00famero fiscal<\/h2>\t\t\t\t<\/div>\n\t\t<div class=\"elementor-element elementor-element-imp-s4-bw e-flex e-con-boxed e-con e-parent\" data-id=\"imp-s4-bw\" data-element_type=\"container\" data-e-type=\"container\" data-settings=\"{&quot;background_background&quot;:&quot;classic&quot;}\">\n\t\t\t\t\t<div class=\"e-con-inner\">\n\t\t\t\t<div class=\"elementor-element elementor-element-imp-t4 elementor-widget elementor-widget-text-editor\" data-id=\"imp-t4\" data-element_type=\"widget\" data-e-type=\"widget\" data-widget_type=\"text-editor.default\">\n\t\t\t\t\t\t\t\t\t<p>157\/111\/03357<\/p>\t\t\t\t\t\t\t\t<\/div>\n\t\t\t\t\t<\/div>\n\t\t\t\t<\/div>\n\t\t\t\t\t<\/div>\n\t\t\t\t<\/div>\n\t\t<div class=\"elementor-element elementor-element-imp-s5 e-con-boxed e-flex e-con e-parent\" data-id=\"imp-s5\" data-element_type=\"container\" data-e-type=\"container\">\n\t\t\t\t\t<div class=\"e-con-inner\">\n\t\t\t\t<div class=\"elementor-element elementor-element-imp-h5 elementor-widget elementor-widget-heading\" data-id=\"imp-h5\" data-element_type=\"widget\" data-e-type=\"widget\" data-widget_type=\"heading.default\">\n\t\t\t\t\t<h2 class=\"elementor-heading-title elementor-size-default\">Organisme de supervisi\u00f3<\/h2>\t\t\t\t<\/div>\n\t\t<div class=\"elementor-element elementor-element-imp-s5-bw e-flex e-con-boxed e-con e-parent\" data-id=\"imp-s5-bw\" data-element_type=\"container\" data-e-type=\"container\" data-settings=\"{&quot;background_background&quot;:&quot;classic&quot;}\">\n\t\t\t\t\t<div class=\"e-con-inner\">\n\t\t\t\t<div class=\"elementor-element elementor-element-imp-t5 elementor-widget elementor-widget-text-editor\" data-id=\"imp-t5\" data-element_type=\"widget\" data-e-type=\"widget\" data-widget_type=\"text-editor.default\">\n\t\t\t\t\t\t\t\t\t<p>Landratsamt Bad Salzungen<\/p>\t\t\t\t\t\t\t\t<\/div>\n\t\t\t\t\t<\/div>\n\t\t\t\t<\/div>\n\t\t\t\t\t<\/div>\n\t\t\t\t<\/div>\n\t\t<div class=\"elementor-element elementor-element-imp-s6 e-con-boxed e-flex e-con e-parent\" data-id=\"imp-s6\" data-element_type=\"container\" data-e-type=\"container\">\n\t\t\t\t\t<div class=\"e-con-inner\">\n\t\t\t\t<div class=\"elementor-element elementor-element-imp-h6 elementor-widget elementor-widget-heading\" data-id=\"imp-h6\" data-element_type=\"widget\" data-e-type=\"widget\" data-widget_type=\"heading.default\">\n\t\t\t\t\t<h2 class=\"elementor-heading-title elementor-size-default\">Responsable del contingut segons l'\u00a7 55 apartat 2 RStV<\/h2>\t\t\t\t<\/div>\n\t\t<div class=\"elementor-element elementor-element-imp-s6-bw e-flex e-con-boxed e-con e-parent\" data-id=\"imp-s6-bw\" data-element_type=\"container\" data-e-type=\"container\" data-settings=\"{&quot;background_background&quot;:&quot;classic&quot;}\">\n\t\t\t\t\t<div class=\"e-con-inner\">\n\t\t\t\t<div class=\"elementor-element elementor-element-imp-t6 elementor-widget elementor-widget-text-editor\" data-id=\"imp-t6\" data-element_type=\"widget\" data-e-type=\"widget\" data-widget_type=\"text-editor.default\">\n\t\t\t\t\t\t\t\t\t<p>Ralf Ittermann<br>K\u00f6hlergasse 16<br>99842 Ruhla<\/p>\t\t\t\t\t\t\t\t<\/div>\n\t\t\t\t\t<\/div>\n\t\t\t\t<\/div>\n\t\t\t\t\t<\/div>\n\t\t\t\t<\/div>\n\t\t<div class=\"elementor-element elementor-element-imp-s7 e-con-boxed e-flex e-con e-parent\" data-id=\"imp-s7\" data-element_type=\"container\" data-e-type=\"container\">\n\t\t\t\t\t<div class=\"e-con-inner\">\n\t\t\t\t<div class=\"elementor-element elementor-element-imp-h7 elementor-widget elementor-widget-heading\" data-id=\"imp-h7\" data-element_type=\"widget\" data-e-type=\"widget\" data-widget_type=\"heading.default\">\n\t\t\t\t\t<h2 class=\"elementor-heading-title elementor-size-default\">Cr\u00e8dits de les imatges<\/h2>\t\t\t\t<\/div>\n\t\t<div class=\"elementor-element elementor-element-imp-s7-bw e-flex e-con-boxed e-con e-parent\" data-id=\"imp-s7-bw\" data-element_type=\"container\" data-e-type=\"container\" data-settings=\"{&quot;background_background&quot;:&quot;classic&quot;}\">\n\t\t\t\t\t<div class=\"e-con-inner\">\n\t\t\t\t<div class=\"elementor-element elementor-element-imp-t7 elementor-widget elementor-widget-text-editor\" data-id=\"imp-t7\" data-element_type=\"widget\" data-e-type=\"widget\" data-widget_type=\"text-editor.default\">\n\t\t\t\t\t\t\t\t\t<p>Les il\u00b7lustracions utilitzades en aquest lloc web s&#8217;han creat majorit\u00e0riament amb eines d&#8217;intel\u00b7lig\u00e8ncia artificial generativa (en particular ChatGPT\/OpenAI). Algunes imatges provenen de fotografies pr\u00f2pies o d&#8217;<a href=\"https:\/\/www.istockphoto.com\/de\" rel=\"noopener\" target=\"_blank\">iStock<\/a>.<\/p>\t\t\t\t\t\t\t\t<\/div>\n\t\t\t\t\t<\/div>\n\t\t\t\t<\/div>\n\t\t\t\t\t<\/div>\n\t\t\t\t<\/div>\n\t\t<div class=\"elementor-element elementor-element-imp-s8 e-con-boxed e-flex e-con e-parent\" data-id=\"imp-s8\" data-element_type=\"container\" data-e-type=\"container\">\n\t\t\t\t\t<div class=\"e-con-inner\">\n\t\t\t\t<div class=\"elementor-element elementor-element-imp-h8 elementor-widget elementor-widget-heading\" data-id=\"imp-h8\" data-element_type=\"widget\" data-e-type=\"widget\" data-widget_type=\"heading.default\">\n\t\t\t\t\t<h2 class=\"elementor-heading-title elementor-size-default\">Exempci\u00f3 de responsabilitat<\/h2>\t\t\t\t<\/div>\n\t\t<div class=\"elementor-element elementor-element-imp-s8-bw e-flex e-con-boxed e-con e-parent\" data-id=\"imp-s8-bw\" data-element_type=\"container\" data-e-type=\"container\" data-settings=\"{&quot;background_background&quot;:&quot;classic&quot;}\">\n\t\t\t\t\t<div class=\"e-con-inner\">\n\t\t\t\t<div class=\"elementor-element elementor-element-imp-t8 elementor-widget elementor-widget-text-editor\" data-id=\"imp-t8\" data-element_type=\"widget\" data-e-type=\"widget\" data-widget_type=\"text-editor.default\">\n\t\t\t\t\t\t\t\t\t<h3>Responsabilitat pel contingut<\/h3><p>Els continguts de les nostres p\u00e0gines s&#8217;han elaborat amb la m\u00e0xima cura. Tot i aix\u00f2, no podem assumir cap garantia sobre l&#8217;exactitud, la integritat i l&#8217;actualitat dels continguts. Com a prove\u00efdor de serveis, som responsables dels continguts propis d&#8217;aquestes p\u00e0gines segons les lleis generals, d&#8217;acord amb l&#8217;\u00a7 7 apartat 1 TMG.<\/p><p>Segons els articles 8 a 10 TMG, com a prove\u00efdor de serveis no estem obligats a supervisar la informaci\u00f3 de tercers transmesa o emmagatzemada ni a investigar circumst\u00e0ncies que indiquin una activitat il\u00b7l\u00edcita.<\/p><p>Aix\u00f2 no afecta les obligacions d&#8217;eliminar o bloquejar l&#8217;\u00fas d&#8217;informaci\u00f3 d&#8217;acord amb les lleis generals. No obstant aix\u00f2, la responsabilitat corresponent nom\u00e9s \u00e9s possible a partir del moment en qu\u00e8 es tingui coneixement d&#8217;una infracci\u00f3 legal concreta. En el moment en qu\u00e8 es coneguin infraccions d&#8217;aquest tipus, eliminarem aquests continguts immediatament.<\/p><h3>Responsabilitat pels enlla\u00e7os<\/h3><p>La nostra oferta cont\u00e9 enlla\u00e7os a p\u00e0gines web externes de tercers, sobre el contingut de les quals no tenim cap influ\u00e8ncia. Per aquest motiu, no podem assumir cap garantia sobre aquests continguts aliens. El responsable dels continguts de les p\u00e0gines enlla\u00e7ades \u00e9s sempre el prove\u00efdor o operador corresponent d&#8217;aquestes p\u00e0gines.<\/p><p>En el moment de crear l&#8217;enlla\u00e7, es van revisar les p\u00e0gines enlla\u00e7ades per detectar possibles infraccions legals. En aquell moment no es van identificar continguts il\u00b7l\u00edcits. Tanmateix, no \u00e9s raonable exigir un control permanent del contingut de les p\u00e0gines enlla\u00e7ades sense indicis concrets d&#8217;una infracci\u00f3. En el moment en qu\u00e8 es coneguin infraccions d&#8217;aquest tipus, eliminarem aquests enlla\u00e7os immediatament.<\/p><h3>Drets d&#8217;autor<\/h3><p>Els continguts i les obres creats pels operadors d&#8217;aquestes p\u00e0gines estan subjectes al dret d&#8217;autor alemany. La reproducci\u00f3, l&#8217;edici\u00f3, la distribuci\u00f3 i qualsevol tipus d&#8217;\u00fas fora dels l\u00edmits del dret d&#8217;autor requereixen el consentiment per escrit de l&#8217;autor o creador corresponent. Les desc\u00e0rregues i c\u00f2pies d&#8217;aquesta p\u00e0gina nom\u00e9s estan permeses per a \u00fas privat, no comercial.<\/p><p>En la mesura que els continguts d&#8217;aquesta p\u00e0gina no hagin sigut creats per l&#8217;operador, es respecten els drets d&#8217;autor de tercers. En particular, els continguts de tercers estan degudament identificats com a tals. Si, tot i aix\u00f2, detecteu una infracci\u00f3 dels drets d&#8217;autor, us demanem que ens ho comuniqueu. En el moment en qu\u00e8 es coneguin infraccions d&#8217;aquest tipus, eliminarem aquests continguts immediatament.<\/p>\t\t\t\t\t\t\t\t<\/div>\n\t\t\t\t\t<\/div>\n\t\t\t\t<\/div>\n\t\t\t\t\t<\/div>\n\t\t\t\t<\/div>\n\t\t<div class=\"elementor-element elementor-element-imp-s9 e-con-boxed e-flex e-con e-parent\" data-id=\"imp-s9\" data-element_type=\"container\" data-e-type=\"container\">\n\t\t\t\t\t<div class=\"e-con-inner\">\n\t\t\t\t<div class=\"elementor-element elementor-element-imp-h9 elementor-widget elementor-widget-heading\" data-id=\"imp-h9\" data-element_type=\"widget\" data-e-type=\"widget\" data-widget_type=\"heading.default\">\n\t\t\t\t\t<h2 class=\"elementor-heading-title elementor-size-default\">Errors ortogr\u00e0fics<\/h2>\t\t\t\t<\/div>\n\t\t<div class=\"elementor-element elementor-element-imp-s9-bw e-flex e-con-boxed e-con e-parent\" data-id=\"imp-s9-bw\" data-element_type=\"container\" data-e-type=\"container\" data-settings=\"{&quot;background_background&quot;:&quot;classic&quot;}\">\n\t\t\t\t\t<div class=\"e-con-inner\">\n\t\t\t\t<div class=\"elementor-element elementor-element-imp-t9 elementor-widget elementor-widget-text-editor\" data-id=\"imp-t9\" data-element_type=\"widget\" data-e-type=\"widget\" data-widget_type=\"text-editor.default\">\n\t\t\t\t\t\t\t\t\t<footer class=\"iwg-literatur\" data-nosnippet=\"true\"><p>Els errors ortogr\u00e0fics que trobeu en aquestes dades us els podeu quedar.<\/p><\/footer>\t\t\t\t\t\t\t\t<\/div>\n\t\t\t\t\t<\/div>\n\t\t\t\t<\/div>\n\t\t\t\t\t<\/div>\n\t\t\t\t<\/div>\n\t\t<div class=\"elementor-element elementor-element-iwgkw-add-impressum e-flex e-con-boxed e-con e-parent\" data-id=\"iwgkw-add-impressum\" data-element_type=\"container\" data-e-type=\"container\">\n\t\t\t\t\t<div class=\"e-con-inner\">\n\t\t\t\t<div class=\"elementor-element elementor-element-iwgkw-add-impressum-t elementor-widget elementor-widget-text-editor\" data-id=\"iwgkw-add-impressum-t\" data-element_type=\"widget\" data-e-type=\"widget\" data-widget_type=\"text-editor.default\">\n\t\t\t\t\t\t\t\t\t<p>Aquest av\u00eds legal t\u00e9 la finalitat de complir la identificaci\u00f3 del prove\u00efdor segons l&#8217;\u00a7 5 de la llei alemanya de mitjans telem\u00e0tics (Telemediengesetz) i l&#8217;\u00a7 18 del tractat estatal sobre mitjans (Medienstaatsvertrag). Indica el prove\u00efdor responsable dels continguts d&#8217;aquest lloc web, l&#8217;adre\u00e7a amb capacitat de notificaci\u00f3 i les possibilitats de contacte. Aquest av\u00eds legal no comporta cap assessorament jur\u00eddic per a casos particulars.<\/p>\t\t\t\t\t\t\t\t<\/div>\n\t\t\t\t\t<\/div>\n\t\t\t\t<\/div>\n\t\t\t\t<\/div>\n\t\t<!--\/email_off-->","protected":false},"excerpt":{"rendered":"","protected":false},"author":3,"featured_media":2259,"parent":0,"menu_order":0,"comment_status":"closed","ping_status":"closed","template":"elementor_header_footer","meta":{"_yoast_wpseo_focuskw":"","_yoast_wpseo_title":"Av\u00eds legal \u2013 iWell Guard","_yoast_wpseo_metadesc":"Dades obligat\u00f2ries segons l'\u00a7 5 TMG: prove\u00efdor, contacte, registre mercantil i responsable d'iWell Guard.","_yoast_wpseo_meta-robots-noindex":"1","_yoast_wpseo_canonical":"","_angie_page":false,"gefaehrdungsstufe":"","wesen_kultur":"","wesen_klasse":"","footnotes":""},"categories":[],"class_list":["post-171474","page","type-page","status-publish","has-post-thumbnail","hentry"],"yoast_head":"<!-- This site is optimized with the Yoast SEO Premium plugin v27.7 (Yoast SEO v28.3) - https:\/\/yoast.com\/product\/yoast-seo-premium-wordpress\/ -->\n<title>Av\u00eds legal \u2013 iWell Guard<\/title>\n<meta name=\"description\" content=\"Dades obligat\u00f2ries segons l&#039;\u00a7 5 TMG: prove\u00efdor, contacte, registre mercantil i responsable d&#039;iWell Guard.\" \/>\n<meta name=\"robots\" content=\"noindex, follow\" \/>\n<meta property=\"og:locale\" content=\"ca_ES\" \/>\n<meta property=\"og:type\" content=\"article\" \/>\n<meta property=\"og:title\" content=\"Av\u00eds legal\" \/>\n<meta property=\"og:description\" content=\"Dades obligat\u00f2ries segons l&#039;\u00a7 5 TMG: prove\u00efdor, contacte, registre mercantil i responsable d&#039;iWell Guard.\" \/>\n<meta property=\"og:url\" content=\"https:\/\/iwell-guard.com\/ca\/avis-legal\/\" \/>\n<meta property=\"og:site_name\" content=\"iWell Guard\" \/>\n<meta property=\"article:modified_time\" content=\"2026-09-05T15:58:39+00:00\" \/>\n<meta property=\"og:image\" content=\"https:\/\/iwell-guard.com\/wp-content\/uploads\/2026\/05\/Lava-1200x661-Hintergrund-sym.webp\" \/>\n\t<meta property=\"og:image:width\" content=\"1200\" \/>\n\t<meta property=\"og:image:height\" content=\"661\" \/>\n\t<meta property=\"og:image:type\" content=\"image\/webp\" \/>\n<meta name=\"twitter:card\" content=\"summary_large_image\" \/>\n<script type=\"application\/ld+json\" class=\"yoast-schema-graph\">{\"@context\":\"https:\\\/\\\/schema.org\",\"@graph\":[{\"@type\":\"WebPage\",\"@id\":\"https:\\\/\\\/iwell-guard.com\\\/ca\\\/avis-legal\\\/\",\"url\":\"https:\\\/\\\/iwell-guard.com\\\/ca\\\/avis-legal\\\/\",\"name\":\"Av\u00eds legal \u2013 iWell Guard\",\"isPartOf\":{\"@id\":\"https:\\\/\\\/iwell-guard.com\\\/ca\\\/#website\"},\"primaryImageOfPage\":{\"@id\":\"https:\\\/\\\/iwell-guard.com\\\/ca\\\/avis-legal\\\/#primaryimage\"},\"image\":{\"@id\":\"https:\\\/\\\/iwell-guard.com\\\/ca\\\/avis-legal\\\/#primaryimage\"},\"thumbnailUrl\":\"https:\\\/\\\/iwell-guard.com\\\/wp-content\\\/uploads\\\/2026\\\/05\\\/Lava-1200x661-Hintergrund-sym.webp\",\"datePublished\":\"2026-09-05T15:39:41+00:00\",\"dateModified\":\"2026-09-05T15:58:39+00:00\",\"description\":\"Dades obligat\u00f2ries segons l'\u00a7 5 TMG: prove\u00efdor, contacte, registre mercantil i responsable d'iWell Guard.\",\"breadcrumb\":{\"@id\":\"https:\\\/\\\/iwell-guard.com\\\/ca\\\/avis-legal\\\/#breadcrumb\"},\"inLanguage\":\"ca\",\"potentialAction\":[{\"@type\":\"ReadAction\",\"target\":[\"https:\\\/\\\/iwell-guard.com\\\/ca\\\/avis-legal\\\/\"]}]},{\"@type\":\"ImageObject\",\"inLanguage\":\"ca\",\"@id\":\"https:\\\/\\\/iwell-guard.com\\\/ca\\\/avis-legal\\\/#primaryimage\",\"url\":\"https:\\\/\\\/iwell-guard.com\\\/wp-content\\\/uploads\\\/2026\\\/05\\\/Lava-1200x661-Hintergrund-sym.webp\",\"contentUrl\":\"https:\\\/\\\/iwell-guard.com\\\/wp-content\\\/uploads\\\/2026\\\/05\\\/Lava-1200x661-Hintergrund-sym.webp\",\"width\":1200,\"height\":661,\"caption\":\"Penjoll de protecci\u00f3 iWell Guard, xip negre de fibra de carboni amb detalls daurats\"},{\"@type\":\"BreadcrumbList\",\"@id\":\"https:\\\/\\\/iwell-guard.com\\\/ca\\\/avis-legal\\\/#breadcrumb\",\"itemListElement\":[{\"@type\":\"ListItem\",\"position\":1,\"name\":\"Start\",\"item\":\"https:\\\/\\\/iwell-guard.com\\\/ca\\\/?page_id=171333\"},{\"@type\":\"ListItem\",\"position\":2,\"name\":\"Av\u00eds legal\"}]},{\"@type\":\"WebSite\",\"@id\":\"https:\\\/\\\/iwell-guard.com\\\/ca\\\/#website\",\"url\":\"https:\\\/\\\/iwell-guard.com\\\/ca\\\/\",\"name\":\"iWell Guard\",\"description\":\"Schutz vor dunklen Einfl\u00fcssen\",\"publisher\":{\"@id\":\"https:\\\/\\\/iwell-guard.com\\\/ca\\\/#organization\"},\"potentialAction\":[{\"@type\":\"SearchAction\",\"target\":{\"@type\":\"EntryPoint\",\"urlTemplate\":\"https:\\\/\\\/iwell-guard.com\\\/ca\\\/?s={search_term_string}\"},\"query-input\":{\"@type\":\"PropertyValueSpecification\",\"valueRequired\":true,\"valueName\":\"search_term_string\"}}],\"inLanguage\":\"ca\"},{\"@type\":\"Organization\",\"@id\":\"https:\\\/\\\/iwell-guard.com\\\/ca\\\/#organization\",\"name\":\"Ittermann electronic GmbH\",\"url\":\"https:\\\/\\\/iwell-guard.com\\\/ca\\\/\",\"logo\":{\"@type\":\"ImageObject\",\"inLanguage\":\"ca\",\"@id\":\"https:\\\/\\\/iwell-guard.com\\\/ca\\\/#\\\/schema\\\/logo\\\/image\\\/\",\"url\":\"https:\\\/\\\/iwell-guard.com\\\/wp-content\\\/uploads\\\/2026\\\/05\\\/Ittermann-Logo-1182x237-1.png\",\"contentUrl\":\"https:\\\/\\\/iwell-guard.com\\\/wp-content\\\/uploads\\\/2026\\\/05\\\/Ittermann-Logo-1182x237-1.png\",\"width\":1182,\"height\":237,\"caption\":\"Ittermann electronic GmbH\"},\"image\":{\"@id\":\"https:\\\/\\\/iwell-guard.com\\\/ca\\\/#\\\/schema\\\/logo\\\/image\\\/\"},\"sameAs\":[\"https:\\\/\\\/pantip.com\\\/profile\\\/9367242\",\"https:\\\/\\\/micro.blog\\\/iwellguard\",\"https:\\\/\\\/www.diggerslist.com\\\/iwellguard\\\/about\",\"https:\\\/\\\/skitterphoto.com\\\/photographers\\\/2870314\\\/iwell-guard\",\"https:\\\/\\\/iwellguard.wordpress.com\\\/2026\\\/06\\\/06\\\/iwell-guard\\\/\",\"https:\\\/\\\/hub.docker.com\\\/u\\\/iwellguard\",\"https:\\\/\\\/www.pinterest.com\\\/iwellguard\\\/\",\"https:\\\/\\\/bit.ly\\\/m\\\/iwellguard\",\"https:\\\/\\\/entre-vos-mains.alsace.eu\\\/profiles\\\/iwellguard\\\/activity\",\"https:\\\/\\\/gravatar.com\\\/reallybeded8fd34\",\"https:\\\/\\\/naijamatta.com\\\/iwellguard\",\"https:\\\/\\\/www.goodreads.com\\\/iwellguard\",\"https:\\\/\\\/profile.hatena.ne.jp\\\/iwellguard\\\/\",\"https:\\\/\\\/experiment.com\\\/users\\\/iwellguard\",\"https:\\\/\\\/wakelet.com\\\/@iWellGuard82270\",\"https:\\\/\\\/www.chordie.com\\\/forum\\\/profile.php?id=2555664\",\"https:\\\/\\\/www.instapaper.com\\\/p\\\/17757966\",\"https:\\\/\\\/www.mapleprimes.com\\\/users\\\/iwellguard\",\"https:\\\/\\\/businesslistingplus.com\\\/profile\\\/iwell-guard\\\/\",\"https:\\\/\\\/telegra.ph\\\/iWell-Guard-06-06\",\"https:\\\/\\\/pbase.com\\\/iwellguard\\\/iwellguard\",\"https:\\\/\\\/b.hatena.ne.jp\\\/iwellguard\\\/20260607#bookmark-4788405196491818882\",\"https:\\\/\\\/fliphtml5.com\\\/home\\\/iwellguard\",\"https:\\\/\\\/anyflip.com\\\/homepage\\\/cmiwl#About\",\"https:\\\/\\\/transfur.com\\\/Users\\\/iwellguard\",\"http:\\\/\\\/delphi.larsbo.org\\\/user\\\/iwellguard\",\"https:\\\/\\\/jobs.lajobsportal.org\\\/profiles\\\/8380803-iwell-guard\",\"https:\\\/\\\/md.chaosdorf.de\\\/s\\\/jfbe5SBdJD\",\"https:\\\/\\\/www.lingvolive.com\\\/en-us\\\/profile\\\/9ecaeaca-ce11-4e51-9e71-01d55e2bff36\\\/translations\",\"https:\\\/\\\/www.fitday.com\\\/fitness\\\/forums\\\/members\\\/iwellguard.html\",\"https:\\\/\\\/www.mymeetbook.com\\\/iwellguard\",\"https:\\\/\\\/pxhere.com\\\/en\\\/photographer-me\\\/5040798\",\"https:\\\/\\\/disqus.com\\\/by\\\/iwellguard\\\/about\\\/\",\"https:\\\/\\\/pastelink.net\\\/hjwciqwq\",\"https:\\\/\\\/pubhtml5.com\\\/homepage\\\/scjhn\\\/\",\"https:\\\/\\\/www.bitchute.com\\\/channel\\\/2O2eOKzNqujT\",\"https:\\\/\\\/audiomack.com\\\/iwellguard\"]}]}<\/script>\n<!-- \/ Yoast SEO Premium plugin. -->","yoast_head_json":{"title":"Av\u00eds legal \u2013 iWell Guard","description":"Dades obligat\u00f2ries segons l'\u00a7 5 TMG: prove\u00efdor, contacte, registre mercantil i responsable d'iWell Guard.","robots":{"index":"noindex","follow":"follow"},"og_locale":"ca_ES","og_type":"article","og_title":"Av\u00eds legal","og_description":"Dades obligat\u00f2ries segons l'\u00a7 5 TMG: prove\u00efdor, contacte, registre mercantil i responsable d'iWell Guard.","og_url":"https:\/\/iwell-guard.com\/ca\/avis-legal\/","og_site_name":"iWell Guard","article_modified_time":"2026-09-05T15:58:39+00:00","og_image":[{"width":1200,"height":661,"url":"https:\/\/iwell-guard.com\/wp-content\/uploads\/2026\/05\/Lava-1200x661-Hintergrund-sym.webp","type":"image\/webp"}],"twitter_card":"summary_large_image","schema":{"@context":"https:\/\/schema.org","@graph":[{"@type":"WebPage","@id":"https:\/\/iwell-guard.com\/ca\/avis-legal\/","url":"https:\/\/iwell-guard.com\/ca\/avis-legal\/","name":"Av\u00eds legal \u2013 iWell Guard","isPartOf":{"@id":"https:\/\/iwell-guard.com\/ca\/#website"},"primaryImageOfPage":{"@id":"https:\/\/iwell-guard.com\/ca\/avis-legal\/#primaryimage"},"image":{"@id":"https:\/\/iwell-guard.com\/ca\/avis-legal\/#primaryimage"},"thumbnailUrl":"https:\/\/iwell-guard.com\/wp-content\/uploads\/2026\/05\/Lava-1200x661-Hintergrund-sym.webp","datePublished":"2026-09-05T15:39:41+00:00","dateModified":"2026-09-05T15:58:39+00:00","description":"Dades obligat\u00f2ries segons l'\u00a7 5 TMG: prove\u00efdor, contacte, registre mercantil i responsable d'iWell Guard.","breadcrumb":{"@id":"https:\/\/iwell-guard.com\/ca\/avis-legal\/#breadcrumb"},"inLanguage":"ca","potentialAction":[{"@type":"ReadAction","target":["https:\/\/iwell-guard.com\/ca\/avis-legal\/"]}]},{"@type":"ImageObject","inLanguage":"ca","@id":"https:\/\/iwell-guard.com\/ca\/avis-legal\/#primaryimage","url":"https:\/\/iwell-guard.com\/wp-content\/uploads\/2026\/05\/Lava-1200x661-Hintergrund-sym.webp","contentUrl":"https:\/\/iwell-guard.com\/wp-content\/uploads\/2026\/05\/Lava-1200x661-Hintergrund-sym.webp","width":1200,"height":661,"caption":"Penjoll de protecci\u00f3 iWell Guard, xip negre de fibra de carboni amb detalls daurats"},{"@type":"BreadcrumbList","@id":"https:\/\/iwell-guard.com\/ca\/avis-legal\/#breadcrumb","itemListElement":[{"@type":"ListItem","position":1,"name":"Start","item":"https:\/\/iwell-guard.com\/ca\/?page_id=171333"},{"@type":"ListItem","position":2,"name":"Av\u00eds legal"}]},{"@type":"WebSite","@id":"https:\/\/iwell-guard.com\/ca\/#website","url":"https:\/\/iwell-guard.com\/ca\/","name":"iWell Guard","description":"Schutz vor dunklen Einfl\u00fcssen","publisher":{"@id":"https:\/\/iwell-guard.com\/ca\/#organization"},"potentialAction":[{"@type":"SearchAction","target":{"@type":"EntryPoint","urlTemplate":"https:\/\/iwell-guard.com\/ca\/?s={search_term_string}"},"query-input":{"@type":"PropertyValueSpecification","valueRequired":true,"valueName":"search_term_string"}}],"inLanguage":"ca"},{"@type":"Organization","@id":"https:\/\/iwell-guard.com\/ca\/#organization","name":"Ittermann electronic GmbH","url":"https:\/\/iwell-guard.com\/ca\/","logo":{"@type":"ImageObject","inLanguage":"ca","@id":"https:\/\/iwell-guard.com\/ca\/#\/schema\/logo\/image\/","url":"https:\/\/iwell-guard.com\/wp-content\/uploads\/2026\/05\/Ittermann-Logo-1182x237-1.png","contentUrl":"https:\/\/iwell-guard.com\/wp-content\/uploads\/2026\/05\/Ittermann-Logo-1182x237-1.png","width":1182,"height":237,"caption":"Ittermann electronic GmbH"},"image":{"@id":"https:\/\/iwell-guard.com\/ca\/#\/schema\/logo\/image\/"},"sameAs":["https:\/\/pantip.com\/profile\/9367242","https:\/\/micro.blog\/iwellguard","https:\/\/www.diggerslist.com\/iwellguard\/about","https:\/\/skitterphoto.com\/photographers\/2870314\/iwell-guard","https:\/\/iwellguard.wordpress.com\/2026\/06\/06\/iwell-guard\/","https:\/\/hub.docker.com\/u\/iwellguard","https:\/\/www.pinterest.com\/iwellguard\/","https:\/\/bit.ly\/m\/iwellguard","https:\/\/entre-vos-mains.alsace.eu\/profiles\/iwellguard\/activity","https:\/\/gravatar.com\/reallybeded8fd34","https:\/\/naijamatta.com\/iwellguard","https:\/\/www.goodreads.com\/iwellguard","https:\/\/profile.hatena.ne.jp\/iwellguard\/","https:\/\/experiment.com\/users\/iwellguard","https:\/\/wakelet.com\/@iWellGuard82270","https:\/\/www.chordie.com\/forum\/profile.php?id=2555664","https:\/\/www.instapaper.com\/p\/17757966","https:\/\/www.mapleprimes.com\/users\/iwellguard","https:\/\/businesslistingplus.com\/profile\/iwell-guard\/","https:\/\/telegra.ph\/iWell-Guard-06-06","https:\/\/pbase.com\/iwellguard\/iwellguard","https:\/\/b.hatena.ne.jp\/iwellguard\/20260607#bookmark-4788405196491818882","https:\/\/fliphtml5.com\/home\/iwellguard","https:\/\/anyflip.com\/homepage\/cmiwl#About","https:\/\/transfur.com\/Users\/iwellguard","http:\/\/delphi.larsbo.org\/user\/iwellguard","https:\/\/jobs.lajobsportal.org\/profiles\/8380803-iwell-guard","https:\/\/md.chaosdorf.de\/s\/jfbe5SBdJD","https:\/\/www.lingvolive.com\/en-us\/profile\/9ecaeaca-ce11-4e51-9e71-01d55e2bff36\/translations","https:\/\/www.fitday.com\/fitness\/forums\/members\/iwellguard.html","https:\/\/www.mymeetbook.com\/iwellguard","https:\/\/pxhere.com\/en\/photographer-me\/5040798","https:\/\/disqus.com\/by\/iwellguard\/about\/","https:\/\/pastelink.net\/hjwciqwq","https:\/\/pubhtml5.com\/homepage\/scjhn\/","https:\/\/www.bitchute.com\/channel\/2O2eOKzNqujT","https:\/\/audiomack.com\/iwellguard"]}]}},"_links":{"self":[{"href":"https:\/\/iwell-guard.com\/ca\/wp-json\/wp\/v2\/pages\/171474","targetHints":{"allow":["GET"]}}],"collection":[{"href":"https:\/\/iwell-guard.com\/ca\/wp-json\/wp\/v2\/pages"}],"about":[{"href":"https:\/\/iwell-guard.com\/ca\/wp-json\/wp\/v2\/types\/page"}],"author":[{"embeddable":true,"href":"https:\/\/iwell-guard.com\/ca\/wp-json\/wp\/v2\/users\/3"}],"replies":[{"embeddable":true,"href":"https:\/\/iwell-guard.com\/ca\/wp-json\/wp\/v2\/comments?post=171474"}],"version-history":[{"count":0,"href":"https:\/\/iwell-guard.com\/ca\/wp-json\/wp\/v2\/pages\/171474\/revisions"}],"wp:featuredmedia":[{"embeddable":true,"href":"https:\/\/iwell-guard.com\/ca\/wp-json\/wp\/v2\/media\/2259"}],"wp:attachment":[{"href":"https:\/\/iwell-guard.com\/ca\/wp-json\/wp\/v2\/media?parent=171474"}],"wp:term":[{"taxonomy":"category","embeddable":true,"href":"https:\/\/iwell-guard.com\/ca\/wp-json\/wp\/v2\/categories?post=171474"}],"curies":[{"name":"wp","href":"https:\/\/api.w.org\/{rel}","templated":true}]}}