{"id":171473,"date":"2026-09-05T15:39:41","date_gmt":"2026-09-05T15:39:41","guid":{"rendered":"https:\/\/iwell-guard.com\/?page_id=171473"},"modified":"2026-09-05T15:58:38","modified_gmt":"2026-09-05T15:58:38","slug":"caront","status":"publish","type":"page","link":"https:\/\/iwell-guard.com\/ca\/caront\/","title":{"rendered":"Caront"},"content":{"rendered":"\t\t<div data-elementor-type=\"wp-page\" data-elementor-id=\"171473\" class=\"elementor elementor-171473 elementor-1892 elementor-bc-flex-widget\" data-elementor-post-type=\"page\">\n\t\t\t\t<div class=\"elementor-element elementor-element-10fdade e-flex e-con-boxed e-con e-parent\" data-id=\"10fdade\" data-element_type=\"container\" data-e-type=\"container\" data-settings=\"{&quot;background_background&quot;:&quot;classic&quot;}\">\n\t\t\t\t\t<div class=\"e-con-inner\">\n\t\t<div class=\"elementor-element elementor-element-herohlft0 e-flex e-con-boxed e-con e-child\" data-id=\"herohlft0\" data-element_type=\"container\" data-e-type=\"container\">\n\t\t\t\t\t<div class=\"e-con-inner\">\n\t\t<div class=\"elementor-element elementor-element-c3ceb64 e-con-full e-flex e-con e-child\" data-id=\"c3ceb64\" data-element_type=\"container\" data-e-type=\"container\">\n\t\t\t\t<div class=\"elementor-element elementor-element-96ae5e1 elementor-widget elementor-widget-heading\" data-id=\"96ae5e1\" data-element_type=\"widget\" data-e-type=\"widget\" data-widget_type=\"heading.default\">\n\t\t\t\t\t<h1 class=\"elementor-heading-title elementor-size-default\">Caront, d\u00e9u de la tradici\u00f3 grega<\/h1>\t\t\t\t<\/div>\n\t\t\t\t<div class=\"elementor-element elementor-element-e45238a elementor-widget elementor-widget-text-editor\" data-id=\"e45238a\" data-element_type=\"widget\" data-e-type=\"widget\" data-widget_type=\"text-editor.default\">\n\t\t\t\t\t\t\t\t\t<p>Caront \u00e9s un d\u00e9u de la tradici\u00f3 grega.<\/p><p>El barquer de l&#8217;infram\u00f3n, guardi\u00e0 de l&#8217;\u00faltim llindar entre la vida i la mort. Caront transporta les \u00e0nimes dels difunts a trav\u00e9s dels rius <em>Estix<\/em> i <em>Aqueront<\/em> fins al regne d&#8217;Hades, una obligaci\u00f3, no una elecci\u00f3, i que sense l&#8217;\u00f2bol queda incomplerta.<\/p><p>No \u00e9s la mort en si mateixa, sin\u00f3 el garant de la seva irreversibilitat: un cop pujat a la barca de Caront, no hi ha tornada.<\/p>\t\t\t\t\t\t\t\t<\/div>\n\t\t\t\t<\/div>\n\t\t<div class=\"elementor-element elementor-element-klsbdg01 e-con-full e-flex e-con e-parent\" data-id=\"klsbdg01\" data-element_type=\"container\" data-e-type=\"container\">\n\t\t\t\t<div class=\"elementor-element elementor-element-klshtm01 elementor-widget elementor-widget-html\" data-id=\"klshtm01\" data-element_type=\"widget\" data-e-type=\"widget\" data-widget_type=\"html.default\">\n\t\t\t\t\t<div class=\"iwg-pill-row\"><span class=\"iwg-klasse-badge\" tabindex=\"0\" data-tooltip=\"D\u00e9u \/ Deessa: Poder personificat suprem dins el pante\u00f3 d'una cultura, amb \u00e0mbits clars: forces de la natura, dest\u00ed, guerra, fertilitat. Venerat mitjan\u00e7ant cultes, ofrenes i institucions de temple.\">D\u00e9u<\/span><a href=\"https:\/\/iwell-guard.com\/ca\/grecia\/\" class=\"iwg-kultur-badge\" tabindex=\"0\" data-tooltip=\"Religi\u00f3 i mitologia de l'antiga Gr\u00e8cia, des de l'\u00e8poca mic\u00e8nica fins a l'antiguitat tardana.\">Gr\u00e8cia<\/a><a href=\"https:\/\/iwell-guard.com\/ca\/?page_id=171461\" class=\"iwg-tradition-badge\" tabindex=\"0\" data-tooltip=\"D\u00e9us de l'infram\u00f3n i de la mort, sobirans de l'ultram\u00f3n, jutges dels morts, guies d'\u00e0nimes.\">Divinitat funer\u00e0ria<\/a><\/div>\t\t\t\t<\/div>\n\t\t\t\t<\/div>\n\t\t<div class=\"elementor-element elementor-element-3f74855 e-con-full e-flex e-con e-child\" data-id=\"3f74855\" data-element_type=\"container\" data-e-type=\"container\">\n\t\t\t\t<div class=\"elementor-element elementor-element-1c30362 elementor-toc--minimized-on-tablet elementor-widget elementor-widget-table-of-contents\" data-id=\"1c30362\" data-element_type=\"widget\" data-e-type=\"widget\" data-settings=\"{&quot;exclude_headings_by_selector&quot;:[],&quot;no_headings_message&quot;:&quot;No s&#039;ha trobat cap encap\\u00e7alament en aquesta p\\u00e0gina.&quot;,&quot;headings_by_tags&quot;:[&quot;h2&quot;,&quot;h3&quot;],&quot;marker_view&quot;:&quot;bullets&quot;,&quot;minimize_box&quot;:&quot;yes&quot;,&quot;icon&quot;:{&quot;value&quot;:&quot;fas fa-circle&quot;,&quot;library&quot;:&quot;fa-solid&quot;,&quot;rendered_tag&quot;:&quot;&lt;svg class=\\&quot;e-font-icon-svg e-fas-circle\\&quot; viewBox=\\&quot;0 0 512 512\\&quot; xmlns=\\&quot;http:\\\/\\\/www.w3.org\\\/2000\\\/svg\\&quot;&gt;&lt;path d=\\&quot;M256 8C119 8 8 119 8 256s111 248 248 248 248-111 248-248S393 8 256 8z\\&quot;&gt;&lt;\\\/path&gt;&lt;\\\/svg&gt;&quot;},&quot;minimized_on&quot;:&quot;tablet&quot;,&quot;hierarchical_view&quot;:&quot;yes&quot;,&quot;min_height&quot;:{&quot;unit&quot;:&quot;px&quot;,&quot;size&quot;:&quot;&quot;,&quot;sizes&quot;:[]},&quot;min_height_tablet&quot;:{&quot;unit&quot;:&quot;px&quot;,&quot;size&quot;:&quot;&quot;,&quot;sizes&quot;:[]},&quot;min_height_mobile&quot;:{&quot;unit&quot;:&quot;px&quot;,&quot;size&quot;:&quot;&quot;,&quot;sizes&quot;:[]}}\" data-widget_type=\"table-of-contents.default\">\n\t\t\t\t\t\t\t\t\t<div class=\"elementor-toc__header\">\n\t\t\t\t\t\t<h2 class=\"elementor-toc__header-title\">\n\t\t\t\t\u00cdndex\t\t\t<\/h2>\n\t\t\t\t\t\t\t\t\t\t<div class=\"elementor-toc__toggle-button elementor-toc__toggle-button--expand\" role=\"button\" tabindex=\"0\" aria-controls=\"elementor-toc__1c30362\" aria-expanded=\"true\" aria-label=\"Open table of contents\"><svg aria-hidden=\"true\" class=\"e-font-icon-svg e-fas-chevron-down\" viewBox=\"0 0 448 512\" xmlns=\"http:\/\/www.w3.org\/2000\/svg\"><path d=\"M207.029 381.476L12.686 187.132c-9.373-9.373-9.373-24.569 0-33.941l22.667-22.667c9.357-9.357 24.522-9.375 33.901-.04L224 284.505l154.745-154.021c9.379-9.335 24.544-9.317 33.901.04l22.667 22.667c9.373 9.373 9.373 24.569 0 33.941L240.971 381.476c-9.373 9.372-24.569 9.372-33.942 0z\"><\/path><\/svg><\/div>\n\t\t\t\t<div class=\"elementor-toc__toggle-button elementor-toc__toggle-button--collapse\" role=\"button\" tabindex=\"0\" aria-controls=\"elementor-toc__1c30362\" aria-expanded=\"true\" aria-label=\"Close table of contents\"><svg aria-hidden=\"true\" class=\"e-font-icon-svg e-fas-chevron-up\" viewBox=\"0 0 448 512\" xmlns=\"http:\/\/www.w3.org\/2000\/svg\"><path d=\"M240.971 130.524l194.343 194.343c9.373 9.373 9.373 24.569 0 33.941l-22.667 22.667c-9.357 9.357-24.522 9.375-33.901.04L224 227.495 69.255 381.516c-9.379 9.335-24.544 9.317-33.901-.04l-22.667-22.667c-9.373-9.373-9.373-24.569 0-33.941L207.03 130.525c9.372-9.373 24.568-9.373 33.941-.001z\"><\/path><\/svg><\/div>\n\t\t\t\t\t<\/div>\n\t\t\t\t<div id=\"elementor-toc__1c30362\" class=\"elementor-toc__body\">\n\t\t\t<div class=\"elementor-toc__spinner-container\">\n\t\t\t\t<svg class=\"elementor-toc__spinner eicon-animation-spin e-font-icon-svg e-eicon-loading\" aria-hidden=\"true\" viewBox=\"0 0 1000 1000\" xmlns=\"http:\/\/www.w3.org\/2000\/svg\"><path d=\"M500 975V858C696 858 858 696 858 500S696 142 500 142 142 304 142 500H25C25 237 238 25 500 25S975 237 975 500 763 975 500 975Z\"><\/path><\/svg>\t\t\t<\/div>\n\t\t<\/div>\n\t\t\t\t\t\t<\/div>\n\t\t\t\t<\/div>\n\t\t\t\t\t<\/div>\n\t\t\t\t<\/div>\n\t\t<div class=\"elementor-element elementor-element-herorght0 e-con-full e-flex e-con e-child\" data-id=\"herorght0\" data-element_type=\"container\" data-e-type=\"container\">\n\t\t\t\t<div class=\"elementor-element elementor-element-heroimg00 iwg-hero-image elementor-widget elementor-widget-image\" data-id=\"heroimg00\" data-element_type=\"widget\" data-e-type=\"widget\" data-widget_type=\"image.default\">\n\t\t\t\t\t\t\t\t\t\t\t\t\t\t\t<img fetchpriority=\"high\" decoding=\"async\" width=\"683\" height=\"1024\" src=\"https:\/\/iwell-guard.com\/wp-content\/uploads\/2026\/04\/goetter_griechenland_charon-683x1024.webp\" class=\"attachment-large size-large wp-image-1580\" alt=\"Caront\" srcset=\"https:\/\/iwell-guard.com\/wp-content\/uploads\/2026\/04\/goetter_griechenland_charon-683x1024.webp 683w, https:\/\/iwell-guard.com\/wp-content\/uploads\/2026\/04\/goetter_griechenland_charon-200x300.webp 200w, https:\/\/iwell-guard.com\/wp-content\/uploads\/2026\/04\/goetter_griechenland_charon-768x1152.webp 768w, https:\/\/iwell-guard.com\/wp-content\/uploads\/2026\/04\/goetter_griechenland_charon.webp 1024w\" sizes=\"(max-width: 683px) 100vw, 683px\" \/>\t\t\t\t\t\t\t\t\t\t\t\t\t\t\t<\/div>\n\t\t\t\t<\/div>\n\t\t\t\t\t<\/div>\n\t\t\t\t<\/div>\n\t\t<div class=\"elementor-element elementor-element-32917199 e-flex e-con-boxed e-con e-parent\" data-id=\"32917199\" data-element_type=\"container\" data-e-type=\"container\">\n\t\t\t\t\t<div class=\"e-con-inner\">\n\t\t<div class=\"elementor-element elementor-element-26e916cb e-flex e-con-boxed e-con e-child\" data-id=\"26e916cb\" data-element_type=\"container\" data-e-type=\"container\">\n\t\t\t\t\t<div class=\"e-con-inner\">\n\t\t<div class=\"elementor-element elementor-element-253a40d4 e-flex e-con-boxed e-con e-child\" data-id=\"253a40d4\" data-element_type=\"container\" data-e-type=\"container\">\n\t\t\t\t\t<div class=\"e-con-inner\">\n\t\t\t\t<div class=\"elementor-element elementor-element-1200c304 elementor-widget elementor-widget-heading\" data-id=\"1200c304\" data-element_type=\"widget\" data-e-type=\"widget\" data-widget_type=\"heading.default\">\n\t\t\t\t\t<h2 class=\"elementor-heading-title elementor-size-default\">Caront<\/h2>\t\t\t\t<\/div>\n\t\t\t\t\t<\/div>\n\t\t\t\t<\/div>\n\t\t<div class=\"elementor-element elementor-element-159dcf9a e-flex e-con-boxed e-con e-child\" data-id=\"159dcf9a\" data-element_type=\"container\" data-e-type=\"container\">\n\t\t\t\t\t<div class=\"e-con-inner\">\n\t\t\t\t<div class=\"elementor-element elementor-element-48cee66f elementor-widget elementor-widget-heading\" data-id=\"48cee66f\" data-element_type=\"widget\" data-e-type=\"widget\" data-widget_type=\"heading.default\">\n\t\t\t\t\t<h2 class=\"elementor-heading-title elementor-size-default\">D'un cop d'ull: Caront<\/h2>\t\t\t\t<\/div>\n\t\t\t\t<div class=\"elementor-element elementor-element-3f50d82c elementor-widget elementor-widget-text-editor\" data-id=\"3f50d82c\" data-element_type=\"widget\" data-e-type=\"widget\" data-widget_type=\"text-editor.default\">\n\t\t\t\t\t\t\t\t\t<p><strong>Tipus:<\/strong> Figura mitol\u00f2gica grega, barquer dels morts<br><span class=\"iwg-fachbegriff\" data-tooltip=\"El conjunt dels d\u00e9us d'una religi\u00f3 o cultura.\" tabindex=\"0\">Pante\u00f3<\/span>: Gr\u00e8cia (infram\u00f3n), adoptat pels romans<br>Funci\u00f3: Transporta els difunts a trav\u00e9s del riu Aqueront\/Estix fins al regne d&#8217;Hades<br>Atributs principals: rem o p\u00e8rtiga, barca desgastada, figura escanyolida<br>Principals llocs de culte: cap de propi <span class=\"iwg-fachbegriff\" data-tooltip=\"Un edifici destinat a la veneraci\u00f3 d'una o diverses divinitats.\" tabindex=\"0\">temple<\/span>; present en la pr\u00e0ctica funer\u00e0ria (l&#8217;\u00f2bol de Caront)<br>Difusi\u00f3: pintura de vasos, relleus de sarc\u00f2fags, di\u00e0legs de Lluci\u00e0<\/p>\t\t\t\t\t\t\t\t<\/div>\n\t\t\t\t\t<\/div>\n\t\t\t\t<\/div>\n\t\t\t\t\t<\/div>\n\t\t\t\t<\/div>\n\t\t\t\t\t<\/div>\n\t\t\t\t<\/div>\n\t\t<div class=\"elementor-element elementor-element-18613602 e-flex e-con-boxed e-con e-parent\" data-id=\"18613602\" data-element_type=\"container\" data-e-type=\"container\">\n\t\t\t\t\t<div class=\"e-con-inner\">\n\t\t\t\t<div class=\"elementor-element elementor-element-262b8a9f elementor-widget elementor-widget-heading\" data-id=\"262b8a9f\" data-element_type=\"widget\" data-e-type=\"widget\" data-widget_type=\"heading.default\">\n\t\t\t\t\t<h2 class=\"elementor-heading-title elementor-size-default\">Contextualitzaci\u00f3 hist\u00f2rica<\/h2>\t\t\t\t<\/div>\n\t\t<div class=\"elementor-element elementor-element-46dcb7d e-con-full e-flex e-con e-child\" data-id=\"46dcb7d\" data-element_type=\"container\" data-e-type=\"container\">\n\t\t<div class=\"elementor-element elementor-element-61d3ab3 e-flex e-con-boxed e-con e-child\" data-id=\"61d3ab3\" data-element_type=\"container\" data-e-type=\"container\">\n\t\t\t\t\t<div class=\"e-con-inner\">\n\t\t\t\t<div class=\"elementor-element elementor-element-117c166 elementor-widget elementor-widget-heading\" data-id=\"117c166\" data-element_type=\"widget\" data-e-type=\"widget\" data-widget_type=\"heading.default\">\n\t\t\t\t\t<h3 class=\"elementor-heading-title elementor-size-default\">Per\u00edode dels textos<\/h3>\t\t\t\t<\/div>\n\t\t\t\t<div class=\"elementor-element elementor-element-73997a0 elementor-widget elementor-widget-text-editor\" data-id=\"73997a0\" data-element_type=\"widget\" data-e-type=\"widget\" data-widget_type=\"text-editor.default\">\n\t\t\t\t\t\t\t\t\t<p>Caront est\u00e0 documentat des de principis del segle VI a. C. tant liter\u00e0riament (en els escrits hesi\u00f2dics) com iconogr\u00e0ficament (en vasos \u00e0tics). \u00c8poca de m\u00e0xim apogeu de la tradici\u00f3 iconogr\u00e0fica: segle V a. C. (pintura de vasos \u00e0tica cl\u00e0ssica).<\/p><p>En \u00e8poca romana, Virgili el descriu de manera <span class=\"iwg-fachbegriff\" tabindex=\"0\" data-tooltip=\"Que pertany a un corpus fixat d'escriptures sagrades d'una religi\u00f3; els textos no can\u00f2nics es consideren ap\u00f2crifs.\">can\u00f2nica<\/span> al llibre VI de l&#8217;<em>Eneida<\/em>. Els Di\u00e0legs dels morts de Lluci\u00e0 (segle II d. C.) el converteixen en la figura m\u00e9s popular de l&#8217;infram\u00f3n. En el cristianisme bizant\u00ed es conserva com <em>Charos<\/em> (personificaci\u00f3 de la mort).<\/p>\t\t\t\t\t\t\t\t<\/div>\n\t\t\t\t\t<\/div>\n\t\t\t\t<\/div>\n\t\t<div class=\"elementor-element elementor-element-d47b156 e-flex e-con-boxed e-con e-child\" data-id=\"d47b156\" data-element_type=\"container\" data-e-type=\"container\">\n\t\t\t\t\t<div class=\"e-con-inner\">\n\t\t\t\t<div class=\"elementor-element elementor-element-ff38c2b elementor-widget elementor-widget-heading\" data-id=\"ff38c2b\" data-element_type=\"widget\" data-e-type=\"widget\" data-widget_type=\"heading.default\">\n\t\t\t\t\t<h3 class=\"elementor-heading-title elementor-size-default\">\u00c0rea de difusi\u00f3<\/h3>\t\t\t\t<\/div>\n\t\t\t\t<div class=\"elementor-element elementor-element-4e49fcc elementor-widget elementor-widget-text-editor\" data-id=\"4e49fcc\" data-element_type=\"widget\" data-e-type=\"widget\" data-widget_type=\"text-editor.default\">\n\t\t\t\t\t\t\t\t\t<p>Caront no t\u00e9 llocs de culte propis, \u00e9s una figura mitol\u00f2gica i de pr\u00e0ctica ritual. La seva difusi\u00f3 es manifesta, per\u00f2, en una \u00e0mplia pr\u00e0ctica funer\u00e0ria grega i romana: l&#8217;<em>\u00f2bol de Caront<\/em> (una moneda que es col\u00b7locava a la boca o sobre l&#8217;ull del difunt per pagar el preu del passatge).<\/p><p>Milers d&#8217;aquestes monedes estan documentades arqueol\u00f2gicament. En la creen\u00e7a popular neogrega (Charos) encara present avui.<\/p>\t\t\t\t\t\t\t\t<\/div>\n\t\t\t\t\t<\/div>\n\t\t\t\t<\/div>\n\t\t\t\t<\/div>\n\t\t<div class=\"elementor-element elementor-element-db03c39 e-con-full e-flex e-con e-child\" data-id=\"db03c39\" data-element_type=\"container\" data-e-type=\"container\">\n\t\t<div class=\"elementor-element elementor-element-229a87b e-flex e-con-boxed e-con e-child\" data-id=\"229a87b\" data-element_type=\"container\" data-e-type=\"container\">\n\t\t\t\t\t<div class=\"e-con-inner\">\n\t\t\t\t<div class=\"elementor-element elementor-element-1f471fc elementor-widget elementor-widget-heading\" data-id=\"1f471fc\" data-element_type=\"widget\" data-e-type=\"widget\" data-widget_type=\"heading.default\">\n\t\t\t\t\t<h3 class=\"elementor-heading-title elementor-size-default\">Estat de les fonts<\/h3>\t\t\t\t<\/div>\n\t\t\t\t<div class=\"elementor-element elementor-element-36b1201 elementor-widget elementor-widget-text-editor\" data-id=\"36b1201\" data-element_type=\"widget\" data-e-type=\"widget\" data-widget_type=\"text-editor.default\">\n\t\t\t\t\t\t\t\t\t<p>Fonts centrals: Hes\u00edode (fragmentari), \u00c8squil (<em>Els set contra Tebes<\/em>), Arist\u00f2fanes (<em>Les granotes<\/em>, v. 180 i seg., escena c\u00f2mica de Caront), Virgili, <em>Eneida<\/em> VI 295\u2013330, Lluci\u00e0, <em>Di\u00e0legs dels morts<\/em>. Bibliografia secund\u00e0ria: Sourvinou-Inwood, <em>\u00abReading\u00bb Greek Death<\/em>; Garland, <em>The Greek Way of Death<\/em>; Dietrich, <em>Tradition in Greek Religion<\/em>; Stevens, <em>Charon&#8217;s Obol and Other Coins in Ancient Funerary Practice<\/em>.<\/p>\t\t\t\t\t\t\t\t<\/div>\n\t\t\t\t\t<\/div>\n\t\t\t\t<\/div>\n\t\t\t\t<\/div>\n\t\t\t\t\t<\/div>\n\t\t\t\t<\/div>\n\t\t<div class=\"elementor-element elementor-element-3ae0637c e-flex e-con-boxed e-con e-parent\" data-id=\"3ae0637c\" data-element_type=\"container\" data-e-type=\"container\">\n\t\t\t\t\t<div class=\"e-con-inner\">\n\t\t\t\t<div class=\"elementor-element elementor-element-31d07739 elementor-widget elementor-widget-heading\" data-id=\"31d07739\" data-element_type=\"widget\" data-e-type=\"widget\" data-widget_type=\"heading.default\">\n\t\t\t\t\t<h2 class=\"elementor-heading-title elementor-size-default\">Denominaci\u00f3 i grafies<\/h2>\t\t\t\t<\/div>\n\t\t<div class=\"elementor-element elementor-element-b7642947 e-con-full e-flex e-con e-child\" data-id=\"b7642947\" data-element_type=\"container\" data-e-type=\"container\">\n\t\t\t\t<div class=\"elementor-element elementor-element-a086266 elementor-widget elementor-widget-text-editor\" data-id=\"a086266\" data-element_type=\"widget\" data-e-type=\"widget\" data-widget_type=\"text-editor.default\">\n\t\t\t\t\t\t\t\t\t<p><strong>Grec:<\/strong> \u03a7\u03ac\u03c1\u03c9\u03bd (Ch\u00e1ron). Etimologia discutida, possibles derivacions de *gher- (\u00abbrillar, cremar\u00bb o \u00abcolor groc-grisenc\u00bb), o un parentiu amb Charis (gr\u00e0cia) rebutjat per la majoria de fil\u00f2legs. Equivalent rom\u00e0: Caront (adoptat sense canvis del grec).<\/p><p>Etrusc: <em>Charun<\/em>, amb un car\u00e0cter molt m\u00e9s agressiu, armat amb serp i martell, menys barquer que guardi\u00e0\/c\u00e0stig. Figures relacionades: Hermes Psicopomp (guia d&#8217;\u00e0nimes fins a l&#8217;infram\u00f3n, per\u00f2 no el barquer mateix); Th\u00e0natos (la mort personificada, germ\u00e0 d&#8217;Hipnos).<\/p>\t\t\t\t\t\t\t\t<\/div>\n\t\t\t\t<\/div>\n\t\t\t\t\t<\/div>\n\t\t\t\t<\/div>\n\t\t<div class=\"elementor-element elementor-element-709a44a8 e-flex e-con-boxed e-con e-parent\" data-id=\"709a44a8\" data-element_type=\"container\" data-e-type=\"container\">\n\t\t\t\t\t<div class=\"e-con-inner\">\n\t\t\t\t<div class=\"elementor-element elementor-element-2f585873 elementor-widget elementor-widget-heading\" data-id=\"2f585873\" data-element_type=\"widget\" data-e-type=\"widget\" data-widget_type=\"heading.default\">\n\t\t\t\t\t<h2 class=\"elementor-heading-title elementor-size-default\">Caracter\u00edstiques<\/h2>\t\t\t\t<\/div>\n\t\t<div class=\"elementor-element elementor-element-70621c12 e-con-full e-flex e-con e-child\" data-id=\"70621c12\" data-element_type=\"container\" data-e-type=\"container\">\n\t\t\t\t<div class=\"elementor-element elementor-element-4296eb49 elementor-widget elementor-widget-text-editor\" data-id=\"4296eb49\" data-element_type=\"widget\" data-e-type=\"widget\" data-widget_type=\"text-editor.default\">\n\t\t\t\t\t\t\t\t\t<h3>Aparen\u00e7a<\/h3><p>Caront es representa com un home vell i esprimatxat, amb barba desgrenyada i expressi\u00f3 dura i implacable. Porta una t\u00fanica fosca i esblanque\u00efda o un quit\u00f3 esquin\u00e7at, sovint amb caputxa. Els seus atributs s\u00f3n senzills i funcionals: un llarg ganxo de barca (o rem) de fusta, de vegades tamb\u00e9 un bast\u00f3 com un bast\u00f3 de barquer.<\/p><p>La barca mateixa \u00e9s estreta i modesta, feta de planxes, sense vela, nom\u00e9s el rem o la p\u00e8rtiga determinen el seu curs. En les pintures de vasos, Caront sovint apareix assegut de manera imponent a la barca, mentre els passatgers estan encorbats o drets.<\/p><h3>\u00c9sser i acci\u00f3<\/h3><p>A difer\u00e8ncia d&#8217;Hades, just per\u00f2 distant, Caront \u00e9s el m\u00e9s directament implicat en l&#8217;acompanyament dels morts. No negocia, la seva regla \u00e9s simple: l&#8217;\u00f2bol o res. Qui arriba sense moneda erra cent anys a la riba d&#8217;aquesta banda, acompanyat de Th\u00e0natos (la mort) o Hermes, per\u00f2 sense passar.<\/p><p>La seva impaci\u00e8ncia \u00e9s llegend\u00e0ria; a \u00abLes granotes\u00bb d&#8217;Arist\u00f2fanes es caricaturitza com un vell rondinaire que compta afanyosament les monedes de l&#8217;\u00f2bol. Tot i aix\u00ed, segueix regles estrictes: no pot portar els vius, i fins i tot el d\u00e9u Hermes ha de negociar amb ell.<\/p><h3>Aparen\u00e7a i simbolisme<\/h3><p>Caront es representa t\u00edpicament com un home gran i sorrut, amb p\u00e8l i barba salvatges, sovint amb sand\u00e0lies alades (com Hermes). Porta un rem o una p\u00e8rtiga amb la qual guia la seva barca sobre l&#8217;Estix. La seva roba \u00e9s miserable i bruta, no la vestimenta espl\u00e8ndida dels ol\u00edmpics.<\/p><p>L&#8217;Estix mateix \u00e9s el seu atribut, un riu de l&#8217;infram\u00f3n. En les pintures de vasos sovint es mostra juntament amb Hermes Psicopomp (guia d&#8217;\u00e0nimes), en directa compet\u00e8ncia o cooperaci\u00f3 per les \u00e0nimes. El seu color era fosc, la seva mirada sempre girada cap endavant, cap a la propera c\u00e0rrega.<\/p>\t\t\t\t\t\t\t\t<\/div>\n\t\t\t\t<\/div>\n\t\t\t\t\t<\/div>\n\t\t\t\t<\/div>\n\t\t<div class=\"elementor-element elementor-element-44e71476 e-flex e-con-boxed e-con e-parent\" data-id=\"44e71476\" data-element_type=\"container\" data-e-type=\"container\">\n\t\t\t\t\t<div class=\"e-con-inner\">\n\t\t\t\t<div class=\"elementor-element elementor-element-3c1fc3f0 elementor-widget elementor-widget-heading\" data-id=\"3c1fc3f0\" data-element_type=\"widget\" data-e-type=\"widget\" data-widget_type=\"heading.default\">\n\t\t\t\t\t<h2 class=\"elementor-heading-title elementor-size-default\">Fitxa: Caront<\/h2>\t\t\t\t<\/div>\n\t\t<div class=\"elementor-element elementor-element-84f33b8e e-con-full e-flex e-con e-child\" data-id=\"84f33b8e\" data-element_type=\"container\" data-e-type=\"container\">\n\t\t\t\t<div class=\"elementor-element elementor-element-hqkdc67p elementor-widget elementor-widget-text-editor\" data-id=\"hqkdc67p\" data-element_type=\"widget\" data-e-type=\"widget\" data-widget_type=\"text-editor.default\">\n\t\t\t\t\t\t\t\t\t<p>Els aspectes m\u00e9s importants de Caront d&#8217;un cop d&#8217;ull. Els camps seg\u00fcents resumeixen l&#8217;origen, la funci\u00f3, l&#8217;aparen\u00e7a, la pres\u00e8ncia, els s\u00edmbols i els paral\u00b7lelismes.<\/p>\t\t\t\t\t\t\t\t<\/div>\n\t\t\t\t<\/div>\n\t\t<div class=\"elementor-element elementor-element-pemmx7c5 e-con-full e-flex e-con e-child\" data-id=\"pemmx7c5\" data-element_type=\"container\" data-e-type=\"container\">\n\t\t<div class=\"elementor-element elementor-element-pemmx7c1 e-con-full e-flex e-con e-child\" data-id=\"pemmx7c1\" data-element_type=\"container\" data-e-type=\"container\">\n\t\t<div class=\"elementor-element elementor-element-qh9oavvu iwg-steckbrief-card e-flex e-con-boxed e-con e-child\" data-id=\"qh9oavvu\" data-element_type=\"container\" data-e-type=\"container\">\n\t\t\t\t\t<div class=\"e-con-inner\">\n\t\t\t\t<div class=\"elementor-element elementor-element-awzx8k2k elementor-widget elementor-widget-heading\" data-id=\"awzx8k2k\" data-element_type=\"widget\" data-e-type=\"widget\" data-widget_type=\"heading.default\">\n\t\t\t\t\t<div class=\"elementor-heading-title elementor-size-default\">Tradici\u00f3<\/div>\t\t\t\t<\/div>\n\t\t\t\t<div class=\"elementor-element elementor-element-x6rowhv0 elementor-widget elementor-widget-text-editor\" data-id=\"x6rowhv0\" data-element_type=\"widget\" data-e-type=\"widget\" data-widget_type=\"text-editor.default\">\n\t\t\t\t\t\t\t\t\t<p>Caront \u00e9s fill de Nix (la Nit) i d&#8217;Erebos (la foscor de l&#8217;infram\u00f3n), un dels daimons primigenis. Germ\u00e0 de Th\u00e0natos (la mort), Hipnos (el son) i Eris (la disc\u00f2rdia). Pertany a la generaci\u00f3 dels \u00e9ssers pre-ol\u00edmpics del dest\u00ed.<\/p><p>El seu \u00e0mbit de funcions est\u00e0 clarament delimitat: la seva \u00fanica tasca \u00e9s transportar a trav\u00e9s del riu Aqueront o Estix. Per als morts sense sepultura \u00e9s inaccessible (episodi de Palinur a l&#8217;Eneida).<\/p>\t\t\t\t\t\t\t\t<\/div>\n\t\t\t\t\t<\/div>\n\t\t\t\t<\/div>\n\t\t<div class=\"elementor-element elementor-element-8e3o4kxs iwg-steckbrief-card e-flex e-con-boxed e-con e-child\" data-id=\"8e3o4kxs\" data-element_type=\"container\" data-e-type=\"container\">\n\t\t\t\t\t<div class=\"e-con-inner\">\n\t\t\t\t<div class=\"elementor-element elementor-element-08rkdgov elementor-widget elementor-widget-heading\" data-id=\"08rkdgov\" data-element_type=\"widget\" data-e-type=\"widget\" data-widget_type=\"heading.default\">\n\t\t\t\t\t<div class=\"elementor-heading-title elementor-size-default\">La funci\u00f3 de Caront<\/div>\t\t\t\t<\/div>\n\t\t\t\t<div class=\"elementor-element elementor-element-uwjelx8s elementor-widget elementor-widget-text-editor\" data-id=\"uwjelx8s\" data-element_type=\"widget\" data-e-type=\"widget\" data-widget_type=\"text-editor.default\">\n\t\t\t\t\t\t\t\t\t<p>Funci\u00f3 purament de barquer. Recull els difunts que han estat degudament enterrats i que porten la moneda del passatge (<em>l&#8217;\u00f2bol<\/em>) sota la llengua, i els transporta a l&#8217;altra riba de l&#8217;Aqueront o de l&#8217;Estix.<\/p><p>Qui no t\u00e9 \u00f2bol o mor sense sepultura ha d&#8217;esperar 100 anys a la riba d&#8217;aquesta banda. No \u00e9s ni jutge ni acompanyant, \u00e9s un pur funcionari del transport. De car\u00e0cter rondinaire i incorruptible.<\/p>\t\t\t\t\t\t\t\t<\/div>\n\t\t\t\t\t<\/div>\n\t\t\t\t<\/div>\n\t\t<div class=\"elementor-element elementor-element-jm2n74ec iwg-steckbrief-card e-flex e-con-boxed e-con e-child\" data-id=\"jm2n74ec\" data-element_type=\"container\" data-e-type=\"container\">\n\t\t\t\t\t<div class=\"e-con-inner\">\n\t\t\t\t<div class=\"elementor-element elementor-element-8vufse4c elementor-widget elementor-widget-heading\" data-id=\"8vufse4c\" data-element_type=\"widget\" data-e-type=\"widget\" data-widget_type=\"heading.default\">\n\t\t\t\t\t<div class=\"elementor-heading-title elementor-size-default\">L'aparen\u00e7a de Caront<\/div>\t\t\t\t<\/div>\n\t\t\t\t<div class=\"elementor-element elementor-element-mwb9u015 elementor-widget elementor-widget-text-editor\" data-id=\"mwb9u015\" data-element_type=\"widget\" data-e-type=\"widget\" data-widget_type=\"text-editor.default\">\n\t\t\t\t\t\t\t\t\t<p>Figura d&#8217;anci\u00e0 escardalenc i barbut, amb una expressi\u00f3 facial imm\u00f2bil i seriosa. M\u00e9s demon\u00edac que div\u00ed. Porta un <em>rem<\/em> o una llarga <em>perxa<\/em> a la m\u00e0, amb la qual empeny el transbordador.<\/p><p>Vesteix un simple faldell\u00ed curt, sovint amb un capell c\u00f2n punxegut (<em>pilos<\/em>). El transbordador \u00e9s una simple barca plana. En la pintura de vasos apareix sovint junt amb Hermes Psicopomp, que li lliura els morts.<\/p>\t\t\t\t\t\t\t\t<\/div>\n\t\t\t\t\t<\/div>\n\t\t\t\t<\/div>\n\t\t\t\t<\/div>\n\t\t<div class=\"elementor-element elementor-element-pemmx7c2 e-con-full e-flex e-con e-child\" data-id=\"pemmx7c2\" data-element_type=\"container\" data-e-type=\"container\">\n\t\t<div class=\"elementor-element elementor-element-37ss2yr6 iwg-steckbrief-card e-flex e-con-boxed e-con e-child\" data-id=\"37ss2yr6\" data-element_type=\"container\" data-e-type=\"container\">\n\t\t\t\t\t<div class=\"e-con-inner\">\n\t\t\t\t<div class=\"elementor-element elementor-element-3v0wp3wx elementor-widget elementor-widget-heading\" data-id=\"3v0wp3wx\" data-element_type=\"widget\" data-e-type=\"widget\" data-widget_type=\"heading.default\">\n\t\t\t\t\t<h2 class=\"elementor-heading-title elementor-size-default\">La veneraci\u00f3 de Caront<\/h2>\t\t\t\t<\/div>\n\t\t\t\t<div class=\"elementor-element elementor-element-w3247g2m elementor-widget elementor-widget-text-editor\" data-id=\"w3247g2m\" data-element_type=\"widget\" data-e-type=\"widget\" data-widget_type=\"text-editor.default\">\n\t\t\t\t\t\t\t\t\t<p><strong>\u00c0mbit d&#8217;acci\u00f3:<\/strong> Caront no t\u00e9 <span class=\"iwg-fachbegriff\" data-tooltip=\"El conjunt d'actes de veneraci\u00f3 religiosa dedicats a una divinitat o figura sagrada.\" tabindex=\"0\">culte<\/span> propi, per\u00f2 \u00e9s el destinatari de la pr\u00e0ctica funer\u00e0ria m\u00e9s important: l&#8217;\u00f2bol de Caront (<em>obol<\/em>, a Roma <em>obolus<\/em>).<\/p><p>Milers d&#8217;aquestes monedes estan documentades en tombes gregues, hel\u00b7len\u00edstiques i romanes, del segle VI aC fins al segle IV dC. En algunes regions el difunt era enterrat amb dues monedes (una per a l&#8217;ull, una per a la boca). En la creen\u00e7a popular grega moderna encara \u00e9s present com <em>Caros<\/em>.<\/p>\t\t\t\t\t\t\t\t<\/div>\n\t\t\t\t\t<\/div>\n\t\t\t\t<\/div>\n\t\t<div class=\"elementor-element elementor-element-0qpjal9w iwg-steckbrief-card e-flex e-con-boxed e-con e-child\" data-id=\"0qpjal9w\" data-element_type=\"container\" data-e-type=\"container\">\n\t\t\t\t\t<div class=\"e-con-inner\">\n\t\t\t\t<div class=\"elementor-element elementor-element-6ndoih0o elementor-widget elementor-widget-heading\" data-id=\"6ndoih0o\" data-element_type=\"widget\" data-e-type=\"widget\" data-widget_type=\"heading.default\">\n\t\t\t\t\t<h2 class=\"elementor-heading-title elementor-size-default\">Els s\u00edmbols de Caront<\/h2>\t\t\t\t<\/div>\n\t\t\t\t<div class=\"elementor-element elementor-element-6684tyh9 elementor-widget elementor-widget-text-editor\" data-id=\"6684tyh9\" data-element_type=\"widget\" data-e-type=\"widget\" data-widget_type=\"text-editor.default\">\n\t\t\t\t\t\t\t\t\t<p>Rem, perxa, transbordador, moneda (\u00f2bol), faldell\u00ed, capell c\u00f2n punxegut (pilos), rostre barbut d&#8217;anci\u00e0. Aig\u00fces sagrades: Aqueront, Estix (en algunes tradicions tamb\u00e9 Lete i Cocit). Planta sagrada: asf\u00f2del (la flor dels prats de l&#8217;infram\u00f3n). Nombre sagrat: 1 \u00f2bol com a tarifa.<\/p>\t\t\t\t\t\t\t\t<\/div>\n\t\t\t\t\t<\/div>\n\t\t\t\t<\/div>\n\t\t<div class=\"elementor-element elementor-element-3lfi7x32 iwg-steckbrief-card e-flex e-con-boxed e-con e-child\" data-id=\"3lfi7x32\" data-element_type=\"container\" data-e-type=\"container\">\n\t\t\t\t\t<div class=\"e-con-inner\">\n\t\t\t\t<div class=\"elementor-element elementor-element-0kg99ga1 elementor-widget elementor-widget-heading\" data-id=\"0kg99ga1\" data-element_type=\"widget\" data-e-type=\"widget\" data-widget_type=\"heading.default\">\n\t\t\t\t\t<div class=\"elementor-heading-title elementor-size-default\">\u00c9ssers relacionats<\/div>\t\t\t\t<\/div>\n\t\t\t\t<div class=\"elementor-element elementor-element-n0fum6kp elementor-widget elementor-widget-text-editor\" data-id=\"n0fum6kp\" data-element_type=\"widget\" data-e-type=\"widget\" data-widget_type=\"text-editor.default\">\n\t\t\t\t\t\t\t\t\t<p><em>Caros\/Caront<\/em> (tradici\u00f3 grega moderna, personificaci\u00f3 de la mort), <em>Anubis<\/em> (Egipte, acompanyant dels morts), <em>Hermes Psicopomp<\/em> (Gr\u00e8cia, acompanyant dels morts, lliura les \u00e0nimes a Caront), <em>Yama<\/em> (hinduisme, jutge dels morts i primer acompanyant), <em>Mictlantecuhtli<\/em> (asteca, senyor suprem del regne dels morts Mictlan), <em>Hel<\/em> (germ\u00e0nica). El <span class=\"iwg-fachbegriff\" data-tooltip=\"Un element tem\u00e0tic recurrent en l'art o la narrativa.\" tabindex=\"0\">motiu<\/span> espec\u00edfic del barquer tamb\u00e9 apareix a: <em>Sucellus<\/em> (c\u00e8ltic, amb martell en un pas similar a l&#8217;Aqueront), i traces m\u00e9s grans en <em>Yama<\/em> (en les concepcions tibetanes del <span class=\"iwg-fachbegriff\" tabindex=\"0\" data-tooltip=\"En el budisme tibet\u00e0, l'estat transitori entre dues exist\u00e8ncies; el Bardo Th\u00f6dol descriu la fase posterior a la mort.\">bardo<\/span>).<\/p>\t\t\t\t\t\t\t\t<\/div>\n\t\t\t\t\t<\/div>\n\t\t\t\t<\/div>\n\t\t\t\t<\/div>\n\t\t\t\t<\/div>\n\t\t\t\t\t<\/div>\n\t\t\t\t<\/div>\n\t\t<div class=\"elementor-element elementor-element-7533bc7a e-flex e-con-boxed e-con e-parent\" data-id=\"7533bc7a\" data-element_type=\"container\" data-e-type=\"container\">\n\t\t\t\t\t<div class=\"e-con-inner\">\n\t\t\t\t<div class=\"elementor-element elementor-element-2447d18d elementor-widget elementor-widget-heading\" data-id=\"2447d18d\" data-element_type=\"widget\" data-e-type=\"widget\" data-widget_type=\"heading.default\">\n\t\t\t\t\t<h2 class=\"elementor-heading-title elementor-size-default\">Veneraci\u00f3 en la vida quotidiana<\/h2>\t\t\t\t<\/div>\n\t\t<div class=\"elementor-element elementor-element-d5d0260c e-con-full e-flex e-con e-child\" data-id=\"d5d0260c\" data-element_type=\"container\" data-e-type=\"container\">\n\t\t\t\t<div class=\"elementor-element elementor-element-341be2ac elementor-widget elementor-widget-text-editor\" data-id=\"341be2ac\" data-element_type=\"widget\" data-e-type=\"widget\" data-widget_type=\"text-editor.default\">\n\t\t\t\t\t\t\t\t\t<p>La pres\u00e8ncia de Caront era omnipresent en la cultura funer\u00e0ria grecoromana, per\u00f2 no mitjan\u00e7ant <span class=\"iwg-fachbegriff\" data-tooltip=\"Un edifici dedicat a la veneraci\u00f3 d'una o m\u00e9s divinitats.\" tabindex=\"0\">temples<\/span> o grans festes, sin\u00f3 a trav\u00e9s de les formalitats funer\u00e0ries quotidianes.<\/p><p>El costum de l&#8217;\u00f2bol era central: en l&#8217;enterrament, el difunt rebia una moneda (normalment una petita d\u00e0nace o un \u00f2bol) col\u00b7locada a la boca, sota la llengua o sobre els ulls. No era un pagament m\u00e0gic, sin\u00f3 un principi jur\u00eddic: sense ella, Caront no podia transportar legalment l&#8217;\u00e0nima i havia de rebutjar-la.<\/p><p>Qui no tenia fam\u00edlia o era massa pobre per pagar l&#8217;\u00f2bol corria el risc de vagar cent anys sense dest\u00ed. Aix\u00f2 va donar lloc a fons p\u00fablics d&#8217;enterrament (especialment a Atenes), per no excloure els desemparats de l&#8217;altra vida.<\/p><p>En els vasos (especialment els l\u00e8cits, vasos d&#8217;ofrenes funer\u00e0ries) es representava Caront per il\u00b7lustrar el viatge mateix. Els que ploraven els difunts dipositaven aquests vasos a la tomba o durant els \u00e0pats funeraris peri\u00f2dics (peridipnes). La pres\u00e8ncia de Caront simbolitzava que els morts no estaven perduts, sin\u00f3 en un trasllat ordenat.<\/p>\t\t\t\t\t\t\t\t<\/div>\n\t\t\t\t<\/div>\n\t\t\t\t\t<\/div>\n\t\t\t\t<\/div>\n\t\t<div class=\"elementor-element elementor-element-5a584676 e-flex e-con-boxed e-con e-parent\" data-id=\"5a584676\" data-element_type=\"container\" data-e-type=\"container\">\n\t\t\t\t\t<div class=\"e-con-inner\">\n\t\t\t\t<div class=\"elementor-element elementor-element-6d0757bf elementor-widget elementor-widget-heading\" data-id=\"6d0757bf\" data-element_type=\"widget\" data-e-type=\"widget\" data-widget_type=\"heading.default\">\n\t\t\t\t\t<h2 class=\"elementor-heading-title elementor-size-default\">Caront, paral\u00b7lelismes en altres cultures<\/h2>\t\t\t\t<\/div>\n\t\t<div class=\"elementor-element elementor-element-60563f68 e-con-full e-flex e-con e-child\" data-id=\"60563f68\" data-element_type=\"container\" data-e-type=\"container\">\n\t\t\t\t<div class=\"elementor-element elementor-element-5a93fdd6 elementor-widget elementor-widget-text-editor\" data-id=\"5a93fdd6\" data-element_type=\"widget\" data-e-type=\"widget\" data-widget_type=\"text-editor.default\">\n\t\t\t\t\t\t\t\t\t<p><strong>Tradici\u00f3 romana:<\/strong> Caront \u00e9s adoptat sense canvis. Els rituals funeraris romans (Lemuria, Parentalia) segueixen el mateix principi de l&#8217;\u00f2bol. Virgili l&#8217;arrela profundament en la literatura llatina i el converteix en <span class=\"iwg-fachbegriff\" data-tooltip=\"Un signe que representa una idea o significat.\" tabindex=\"0\">s\u00edmbol<\/span> de la frontera implacable entre aquest m\u00f3n i l&#8217;altre.<\/p><h3>Tradici\u00f3 etrusca<\/h3><em>Charun<\/em> \u00e9s m\u00e9s agressiu, sovint representat amb ganivet, serp i martell, m\u00e9s guardi\u00e0 i castigador que barquer. Els relleus dels sarc\u00f2fags etruscos el mostren sovint en escenes de lliurament d&#8217;\u00e0nimes, sovint acompanyat d&#8217;altres dimonis de l&#8217;infram\u00f3n. La interpretaci\u00f3 etrusca va influir la posterior imaginaci\u00f3 romana de l&#8217;infram\u00f3n.<p><strong>Tradici\u00f3 mesopot\u00e0mica:<\/strong> An-na, el barquer accadi de l&#8217;infram\u00f3n, compleix una funci\u00f3 similar. Tanmateix, el material transm\u00e8s \u00e9s esc\u00e0s i no es pot confirmar cap influ\u00e8ncia hist\u00f2rica directa. Funcionalment, per\u00f2: un riu separa els regnes, un barquer administra la frontera.<\/p><p><strong>Tradici\u00f3 eg\u00edpcia:<\/strong> El transport funerari egipci era fonamentalment diferent: l&#8217;\u00e0nima era transportada amb la barca solar, no amb una simple barca senzilla. Anubis, com a guia d&#8217;\u00e0nimes, s&#8217;assembla m\u00e9s a Hermes Psicopomp. No obstant aix\u00f2, els sincretismes grecoegipcis posteriors (per exemple, a l&#8217;Egipte grecorom\u00e0) mostren una barreja: Caront podia entendre&#8217;s com equivalent a Anubis.<\/p><p><strong>Tradici\u00f3 germ\u00e0nica:<\/strong> Hel, senyora de l&#8217;infram\u00f3n, transporta els morts, per\u00f2 sense un barquer propi. El material \u00e9s esc\u00e0s; figures semblants a Caront no estan clarament documentades en la <span class=\"iwg-fachbegriff\" data-tooltip=\"La transmissi\u00f3 de coneixements i narracions al llarg de generacions.\" tabindex=\"0\">tradici\u00f3<\/span> n\u00f2rdica.<\/p><p><strong>Tradicions xam\u00e0niques i asi\u00e0tiques:<\/strong> Moltes cultures tenen barquers de riu o passos que compleixen una funci\u00f3 de frontera similar (<span class=\"iwg-fachbegriff\" data-tooltip=\"El conjunt de narracions m\u00edtiques transmeses d'una cultura.\" tabindex=\"0\">mitologia<\/span> japonesa, arquitectura taoista de l&#8217;infram\u00f3n). Les connexions directes s\u00f3n especulatives, per\u00f2 el <span class=\"iwg-fachbegriff\" data-tooltip=\"Un element tem\u00e0tic recurrent en l'art o la narrativa.\" tabindex=\"0\">motiu<\/span> \u00abfrontera = riu, barquer = guardi\u00e0 de les normes\u00bb \u00e9s universal.<\/p>\t\t\t\t\t\t\t\t<\/div>\n\t\t\t\t<\/div>\n\t\t\t\t\t<\/div>\n\t\t\t\t<\/div>\n\t\t<div class=\"elementor-element elementor-element-cp9bb9e41 e-flex e-con-boxed e-con e-parent\" data-id=\"cp9bb9e41\" data-element_type=\"container\" data-e-type=\"container\">\n\t\t\t\t\t<div class=\"e-con-inner\">\n\t\t\t\t<div class=\"elementor-element elementor-element-cp1d46d0b elementor-widget elementor-widget-heading\" data-id=\"cp1d46d0b\" data-element_type=\"widget\" data-e-type=\"widget\" data-widget_type=\"heading.default\">\n\t\t\t\t\t<h2 class=\"elementor-heading-title elementor-size-default\">L'\u00f2bol: monedes a la boca dels morts<\/h2>\t\t\t\t<\/div>\n\t\t<div class=\"elementor-element elementor-element-cpbb217de e-con-full e-flex e-con e-child\" data-id=\"cpbb217de\" data-element_type=\"container\" data-e-type=\"container\">\n\t\t\t\t<div class=\"elementor-element elementor-element-cpb9aa08b elementor-widget elementor-widget-text-editor\" data-id=\"cpb9aa08b\" data-element_type=\"widget\" data-e-type=\"widget\" data-widget_type=\"text-editor.default\">\n\t\t\t\t\t\t\t\t\t<p>A Caront s&#8217;hi vincula un dels costums funeraris m\u00e9s coneguts del m\u00f3n antic: el fet de posar una moneda al difunt com a pagament del passatge.<\/p><p>Les fonts liter\u00e0ries, des de la com\u00e8dia <em>Les granotes<\/em> d&#8217;Arist\u00f2fanes fins a Luci\u00e0, parlen del <em>naulon<\/em> o de la <em>danak\u0113<\/em>, els diners que Caront exigia per la travessia dels rius de l&#8217;infram\u00f3n. Segons aquesta idea, qui no podia pagar havia d&#8217;esperar a la riba.<\/p><p>Tot i aix\u00f2, les dades arqueol\u00f2giques s\u00f3n m\u00e9s complexes del que suggereix la idea popular de l'\u00bb\u00f2bol sota la llengua\u00bb. Es troben monedes en tombes del m\u00f3n grec des de l&#8217;\u00e8poca cl\u00e0ssica, per\u00f2 no de manera generalitzada. Es col\u00b7locaven a la boca, a la m\u00e0 o disperses per la tomba, segons el cas.<\/p><p>En algunes regions i \u00e8poques el costum \u00e9s freq\u00fcent, en d&#8217;altres gaireb\u00e9 desconegut. La recerca, com els treballs de Susan Stevens, ha mostrat que interpretar cada moneda com a pagament a Caront resulta massa restrictiu. Les monedes tamb\u00e9 podien dipositar-se com a ofrena de valor, com a signe de protecci\u00f3 o per altres motius.<\/p><p>Malgrat tot, la relaci\u00f3 es mant\u00e9. La tradici\u00f3 liter\u00e0ria i part de les troballes arqueol\u00f2giques es reforcen m\u00fatuament. El costum va tenir una certa difusi\u00f3 en \u00e8poca romana i va perdurar fins a l&#8217;<span class=\"iwg-fachbegriff\" data-tooltip=\"\u00c8poca de transici\u00f3 entre l'Antiguitat i l'edat mitjana, aproximadament del segle III al VII.\" tabindex=\"0\">Antiguitat tardana<\/span>.<\/p><p>Per a la hist\u00f2ria de les religions, aquest cas resulta il\u00b7lustratiu: mostra com una idea narrada i una pr\u00e0ctica material es reforcen l&#8217;una a l&#8217;altra, sense que la pr\u00e0ctica segu\u00eds mai de manera completa i uniforme la narraci\u00f3. La dist\u00e0ncia entre el <span class=\"iwg-fachbegriff\" data-tooltip=\"Un relat transm\u00e8s sobre d\u00e9us, or\u00edgens i l'ordre del m\u00f3n.\" tabindex=\"0\">mite<\/span> i les troballes \u00e9s, en si mateixa, objecte d&#8217;estudi.<\/p>\t\t\t\t\t\t\t\t<\/div>\n\t\t\t\t<\/div>\n\t\t\t\t\t<\/div>\n\t\t\t\t<\/div>\n\t\t<div class=\"elementor-element elementor-element-cp6c42b5a e-flex e-con-boxed e-con e-parent\" data-id=\"cp6c42b5a\" data-element_type=\"container\" data-e-type=\"container\">\n\t\t\t\t\t<div class=\"e-con-inner\">\n\t\t\t\t<div class=\"elementor-element elementor-element-cp7c17871 elementor-widget elementor-widget-heading\" data-id=\"cp7c17871\" data-element_type=\"widget\" data-e-type=\"widget\" data-widget_type=\"heading.default\">\n\t\t\t\t\t<h2 class=\"elementor-heading-title elementor-size-default\">Iconografia: del vell rude al dimoni alat<\/h2>\t\t\t\t<\/div>\n\t\t<div class=\"elementor-element elementor-element-cp480c280 e-con-full e-flex e-con e-child\" data-id=\"cp480c280\" data-element_type=\"container\" data-e-type=\"container\">\n\t\t\t\t<div class=\"elementor-element elementor-element-cpa5d097e elementor-widget elementor-widget-text-editor\" data-id=\"cpa5d097e\" data-element_type=\"widget\" data-e-type=\"widget\" data-widget_type=\"text-editor.default\">\n\t\t\t\t\t\t\t\t\t<p>La imatge de Caront va canviar considerablement al llarg de l&#8217;<span class=\"iwg-fachbegriff\" data-tooltip=\"\u00c8poca de la cultura grega i romana, aproximadament del 800 a. de C. al 600 d. de C.\" tabindex=\"0\">Antiguitat<\/span>. A la pintura de vasos grega dels segles V i IV abans de Crist, especialment en els <em>l\u00e8cits<\/em> de fons blanc, apareix com un barquer barbut, sovint vestit pobrement, amb rem o perxa, que espera en una petita barca a la riba de canyes.<\/p><p>\u00c9s malhumorat, per\u00f2 no pas terror\u00edfic; m\u00e9s b\u00e9 un artes\u00e0 rondinaire de l&#8217;ultratomba.<\/p><p>La tradici\u00f3 etrusca en va formar una figura ben diferent. El dimoni de la mort etrusc <em>Charun<\/em>, el nom del qual s&#8217;emparenta amb el del Caront grec, apareix a les pintures murals de tombes etrusques i a les urnes ciner\u00e0ries com una figura amena\u00e7adora amb un gran martell, de vegades amb orelles d&#8217;animal, pell blavosa o p\u00e0l\u00b7lida, i serps.<\/p><p>No \u00e9s un simple barquer, sin\u00f3 un acompanyant violent dels morts.<\/p><p>A l&#8217;\u00e8poca imperial romana, ambdues tradicions es van fusionar. La idea d&#8217;un esperit de la mort alat o demon\u00edac, sovint anomenat <em>Charun<\/em>, va pervviure a It\u00e0lia, mentre que la cultura liter\u00e0ria culta coneixia el Caront virgili\u00e0.<\/p><p>Virgili el descriu al sis\u00e8 llibre de l&#8217;<em>Eneida<\/em> com <em>terribili squalore<\/em>, d&#8217;una brut\u00edcia terrible, amb ulls de foc i barba descuidada, un vell d&#8217;edat dura i rude.<\/p><p>Aquesta descripci\u00f3 es va convertir en el retrat definitiu per a l&#8217;Europa medieval i moderna. Dante va fer de Caront, al tercer cant de l&#8217;<em>Infern<\/em>, el primer guardi\u00e0 amb qui es troben els pecadors. Aix\u00ed es pot seguir la transformaci\u00f3 del silenci\u00f3s barquer de vas al vell demon\u00edac al llarg de gaireb\u00e9 dos mil\u00b7lennis.<\/p>\t\t\t\t\t\t\t\t<\/div>\n\t\t\t\t<\/div>\n\t\t\t\t\t<\/div>\n\t\t\t\t<\/div>\n\t\t<div class=\"elementor-element elementor-element-cped5c2f9 e-flex e-con-boxed e-con e-parent\" data-id=\"cped5c2f9\" data-element_type=\"container\" data-e-type=\"container\">\n\t\t\t\t\t<div class=\"e-con-inner\">\n\t\t\t\t<div class=\"elementor-element elementor-element-cp563ebea elementor-widget elementor-widget-heading\" data-id=\"cp563ebea\" data-element_type=\"widget\" data-e-type=\"widget\" data-widget_type=\"heading.default\">\n\t\t\t\t\t<h2 class=\"elementor-heading-title elementor-size-default\">La posici\u00f3 de Caront en la geografia de l'infram\u00f3n<\/h2>\t\t\t\t<\/div>\n\t\t<div class=\"elementor-element elementor-element-cp9e2a023 e-con-full e-flex e-con e-child\" data-id=\"cp9e2a023\" data-element_type=\"container\" data-e-type=\"container\">\n\t\t\t\t<div class=\"elementor-element elementor-element-cp7c69dbe elementor-widget elementor-widget-text-editor\" data-id=\"cp7c69dbe\" data-element_type=\"widget\" data-e-type=\"widget\" data-widget_type=\"text-editor.default\">\n\t\t\t\t\t\t\t\t\t<p>Caront no \u00e9s el sobir\u00e0 del regne dels morts, sin\u00f3 un funcionari dins d&#8217;un sistema m\u00e9s ampli. Per sobre d&#8217;ell hi ha Hades, el d\u00e9u de l&#8217;infram\u00f3n mateix, a qui pertany aquest regne.<\/p><p>La compet\u00e8ncia de Caront \u00e9s espacialment molt limitada: porta les \u00e0nimes a trav\u00e9s de l&#8217;aigua que separa el m\u00f3n dels vius del dels morts. Segons les fonts, el riu que travessa \u00e9s, depenent del passatge, l&#8217;Aqueront, l&#8217;Estix o el Cocit.<\/p><p>La seva tasca acaba a l&#8217;altra riba. All\u00e0 hi vigila la porta el gos de tres caps <a href=\"https:\/\/iwell-guard.com\/ca\/?page_id=171783\">C\u00e8rber<\/a>, i a l&#8217;interior els jutges dels morts Minos, Radamant i \u00c8ac decideixen el cam\u00ed ulterior de l&#8217;\u00e0nima. Caront no jutja, no classifica, nom\u00e9s transporta.<\/p><p>La seva \u00fanica condici\u00f3 \u00e9s de car\u00e0cter formal: el mort ha d&#8217;haver estat sepultat degudament i poder presentar el pagament del passatge. Rebutja les \u00e0nimes no sepultades o sense recursos, cosa que es descriu de manera colpidora a l&#8217;<em>Eneida<\/em>, on les ombres s&#8217;agombolen a la riba i nom\u00e9s els sepultats poden travessar.<\/p><p>Aquest paper limitat t\u00e9 un sentit dins la hist\u00f2ria de les religions. Caront personifica el llindar com a tal, l&#8217;acte de transici\u00f3 que no pertany del tot ni al m\u00f3n dels vius ni al dels morts.<\/p><p>Que aquest \u00fanic pas tingui assignada una figura pr\u00f2pia mostra amb quina precisi\u00f3 la concepci\u00f3 grega articulava les etapes de la mort. La mort no era un instant, sin\u00f3 un cam\u00ed amb estacions, i Caront custodiava la m\u00e9s important d&#8217;elles: la l\u00ednia d&#8217;aigua entre l&#8217;aqu\u00ed i l&#8217;all\u00e0.<\/p>\t\t\t\t\t\t\t\t<\/div>\n\t\t\t\t<\/div>\n\t\t\t\t\t<\/div>\n\t\t\t\t<\/div>\n\t\t<div class=\"elementor-element elementor-element-36dd7469 e-flex e-con-boxed e-con e-parent\" data-id=\"36dd7469\" data-element_type=\"container\" data-e-type=\"container\">\n\t\t\t\t\t<div class=\"e-con-inner\">\n\t\t\t\t<div class=\"elementor-element elementor-element-13760ab4 elementor-widget elementor-widget-heading\" data-id=\"13760ab4\" data-element_type=\"widget\" data-e-type=\"widget\" data-widget_type=\"heading.default\">\n\t\t\t\t\t<h2 class=\"elementor-heading-title elementor-size-default\">Enlla\u00e7os relacionats<\/h2>\t\t\t\t<\/div>\n\t\t<div class=\"elementor-element elementor-element-28c87796 e-con-full e-flex e-con e-child\" data-id=\"28c87796\" data-element_type=\"container\" data-e-type=\"container\">\n\t\t\t\t<div class=\"elementor-element elementor-element-5d6538df elementor-widget elementor-widget-text-editor\" data-id=\"5d6538df\" data-element_type=\"widget\" data-e-type=\"widget\" data-widget_type=\"text-editor.default\">\n\t\t\t\t\t\t\t\t\t<ul><li><a href=\"https:\/\/iwell-guard.com\/ca\/?page_id=171468\">Hades, sobir\u00e0 del regne dels morts, cap al qual Caront navega<\/a><\/li><li><a href=\"https:\/\/iwell-guard.com\/ca\/?page_id=171502\">Pers\u00e8fone, reina de l&#8217;infram\u00f3n<\/a><\/li><li><a href=\"https:\/\/iwell-guard.com\/ca\/?page_id=171536\">Hermes Psicopomp, lliura els morts a Caront<\/a><\/li><li><a href=\"https:\/\/iwell-guard.com\/ca\/?page_id=171469\">Anubis, guia egipci dels morts<\/a><\/li><li><a href=\"https:\/\/iwell-guard.com\/ca\/grecia\/\">Gr\u00e8cia, resum del pante\u00f3<\/a><\/li><li><a href=\"https:\/\/iwell-guard.com\/ca\/?page_id=171461\">Divinitats de la mort, subcategoria<\/a><\/li><\/ul>\t\t\t\t\t\t\t\t<\/div>\n\t\t\t\t<\/div>\n\t\t\t\t\t<\/div>\n\t\t\t\t<\/div>\n\t\t<div class=\"elementor-element elementor-element-grl4kl40 e-flex e-con-boxed e-con e-parent\" data-id=\"grl4kl40\" data-element_type=\"container\" data-e-type=\"container\">\n\t\t\t\t\t<div class=\"e-con-inner\">\n\t\t\t\t<div class=\"elementor-element elementor-element-bzsbfrmh elementor-widget elementor-widget-heading\" data-id=\"bzsbfrmh\" data-element_type=\"widget\" data-e-type=\"widget\" data-widget_type=\"heading.default\">\n\t\t\t\t\t<h2 class=\"elementor-heading-title elementor-size-default\">Bibliografia (selecci\u00f3)<\/h2>\t\t\t\t<\/div>\n\t\t<div class=\"elementor-element elementor-element-2c13224a e-con-full e-flex e-con e-child\" data-id=\"2c13224a\" data-element_type=\"container\" data-e-type=\"container\">\n\t\t\t\t<div class=\"elementor-element elementor-element-0eymh9ub elementor-widget elementor-widget-text-editor\" data-id=\"0eymh9ub\" data-element_type=\"widget\" data-e-type=\"widget\" data-widget_type=\"text-editor.default\">\n\t\t\t\t\t\t\t\t\t<footer class=\"iwg-literatur\" data-nosnippet=\"true\"><ul><li><span data-nosnippet>Sourvinou-Inwood, Christiane: <em>\u00abReading\u00bb Greek Death. To the End of the Classical Period<\/em>. Oxford 1995.<\/span><\/li><li><span data-nosnippet>Garland, Robert: <em>The Greek Way of Death<\/em>. London 1985.<\/span><\/li><li><span data-nosnippet>Stevens, Susan T.: <em>Charon&rsquo;s Obol and Other Coins in Ancient Funerary Practice<\/em>. In: <em>Ph\u00f6nix<\/em> 45 (1991).<\/span><\/li><li>Virgili: <em>Eneida<\/em>, llibre VI.<\/li><li>Arist\u00f2fanes: <em>Les granotes<\/em>.<\/li><li>Walde, Christine (ed.): <em>Der Neue Pauly<\/em> (entrada &bdquo;Charon&ldquo;).<\/li><\/ul><\/footer>\t\t\t\t\t\t\t\t<\/div>\n\t\t\t\t<\/div>\n\t\t\t\t\t<\/div>\n\t\t\t\t<\/div>\n\t\t\t\t<\/div>\n\t\t","protected":false},"excerpt":{"rendered":"","protected":false},"author":3,"featured_media":1580,"parent":0,"menu_order":0,"comment_status":"closed","ping_status":"closed","template":"elementor_header_footer","meta":{"_yoast_wpseo_focuskw":"Caront","_yoast_wpseo_title":"Caront \u2013 Barquer de l'infram\u00f3n","_yoast_wpseo_metadesc":"Caront: la taxa de l'\u00f2bol, el seu origen, aparen\u00e7a i paper en l'acompanyament dels difunts. Paral\u00b7lelismes en altres cultures d'un cop d'ull.","_yoast_wpseo_meta-robots-noindex":"","_yoast_wpseo_canonical":"","_angie_page":false,"gefaehrdungsstufe":"2","wesen_kultur":"griechenland","wesen_klasse":"goetter","footnotes":""},"categories":[],"class_list":["post-171473","page","type-page","status-publish","has-post-thumbnail","hentry"],"yoast_head":"<!-- This site is optimized with the Yoast SEO Premium plugin v27.7 (Yoast SEO v28.3) - https:\/\/yoast.com\/product\/yoast-seo-premium-wordpress\/ -->\n<title>Caront \u2013 Barquer de l&#039;infram\u00f3n<\/title>\n<meta name=\"description\" content=\"Caront: la taxa de l&#039;\u00f2bol, el seu origen, aparen\u00e7a i paper en l&#039;acompanyament dels difunts. Paral\u00b7lelismes en altres cultures d&#039;un cop d&#039;ull.\" \/>\n<meta name=\"robots\" content=\"index, follow, max-snippet:-1, max-image-preview:large, max-video-preview:-1\" \/>\n<link rel=\"canonical\" href=\"https:\/\/iwell-guard.com\/ca\/caront\/\" \/>\n<meta property=\"og:locale\" content=\"ca_ES\" \/>\n<meta property=\"og:type\" content=\"article\" \/>\n<meta property=\"og:title\" content=\"Caront\" \/>\n<meta property=\"og:description\" content=\"Caront: la taxa de l&#039;\u00f2bol, el seu origen, aparen\u00e7a i paper en l&#039;acompanyament dels difunts. Paral\u00b7lelismes en altres cultures d&#039;un cop d&#039;ull.\" \/>\n<meta property=\"og:url\" content=\"https:\/\/iwell-guard.com\/ca\/caront\/\" \/>\n<meta property=\"og:site_name\" content=\"iWell Guard\" \/>\n<meta property=\"article:modified_time\" content=\"2026-09-05T15:58:38+00:00\" \/>\n<meta property=\"og:image\" content=\"https:\/\/iwell-guard.com\/wp-content\/uploads\/2026\/04\/goetter_griechenland_charon.webp\" \/>\n\t<meta property=\"og:image:width\" content=\"1024\" \/>\n\t<meta property=\"og:image:height\" content=\"1536\" \/>\n\t<meta property=\"og:image:type\" content=\"image\/webp\" \/>\n<meta name=\"twitter:card\" content=\"summary_large_image\" \/>\n<script type=\"application\/ld+json\" class=\"yoast-schema-graph\">{\"@context\":\"https:\\\/\\\/schema.org\",\"@graph\":[{\"@type\":\"WebPage\",\"@id\":\"https:\\\/\\\/iwell-guard.com\\\/ca\\\/caront\\\/\",\"url\":\"https:\\\/\\\/iwell-guard.com\\\/ca\\\/caront\\\/\",\"name\":\"Caront \u2013 Barquer de l'infram\u00f3n\",\"isPartOf\":{\"@id\":\"https:\\\/\\\/iwell-guard.com\\\/ca\\\/#website\"},\"primaryImageOfPage\":{\"@id\":\"https:\\\/\\\/iwell-guard.com\\\/ca\\\/caront\\\/#primaryimage\"},\"image\":{\"@id\":\"https:\\\/\\\/iwell-guard.com\\\/ca\\\/caront\\\/#primaryimage\"},\"thumbnailUrl\":\"https:\\\/\\\/iwell-guard.com\\\/wp-content\\\/uploads\\\/2026\\\/04\\\/goetter_griechenland_charon.webp\",\"datePublished\":\"2026-09-05T15:39:41+00:00\",\"dateModified\":\"2026-09-05T15:58:38+00:00\",\"description\":\"Caront: la taxa de l'\u00f2bol, el seu origen, aparen\u00e7a i paper en l'acompanyament dels difunts. Paral\u00b7lelismes en altres cultures d'un cop d'ull.\",\"breadcrumb\":{\"@id\":\"https:\\\/\\\/iwell-guard.com\\\/ca\\\/caront\\\/#breadcrumb\"},\"inLanguage\":\"ca\",\"potentialAction\":[{\"@type\":\"ReadAction\",\"target\":[\"https:\\\/\\\/iwell-guard.com\\\/ca\\\/caront\\\/\"]}]},{\"@type\":\"ImageObject\",\"inLanguage\":\"ca\",\"@id\":\"https:\\\/\\\/iwell-guard.com\\\/ca\\\/caront\\\/#primaryimage\",\"url\":\"https:\\\/\\\/iwell-guard.com\\\/wp-content\\\/uploads\\\/2026\\\/04\\\/goetter_griechenland_charon.webp\",\"contentUrl\":\"https:\\\/\\\/iwell-guard.com\\\/wp-content\\\/uploads\\\/2026\\\/04\\\/goetter_griechenland_charon.webp\",\"width\":1024,\"height\":1536,\"caption\":\"D\u00e9us de la tradici\u00f3 grega.\"},{\"@type\":\"BreadcrumbList\",\"@id\":\"https:\\\/\\\/iwell-guard.com\\\/ca\\\/caront\\\/#breadcrumb\",\"itemListElement\":[{\"@type\":\"ListItem\",\"position\":1,\"name\":\"Start\",\"item\":\"https:\\\/\\\/iwell-guard.com\\\/ca\\\/?page_id=171333\"},{\"@type\":\"ListItem\",\"position\":2,\"name\":\"Caront\"}]},{\"@type\":\"WebSite\",\"@id\":\"https:\\\/\\\/iwell-guard.com\\\/ca\\\/#website\",\"url\":\"https:\\\/\\\/iwell-guard.com\\\/ca\\\/\",\"name\":\"iWell Guard\",\"description\":\"Schutz vor dunklen Einfl\u00fcssen\",\"publisher\":{\"@id\":\"https:\\\/\\\/iwell-guard.com\\\/ca\\\/#organization\"},\"potentialAction\":[{\"@type\":\"SearchAction\",\"target\":{\"@type\":\"EntryPoint\",\"urlTemplate\":\"https:\\\/\\\/iwell-guard.com\\\/ca\\\/?s={search_term_string}\"},\"query-input\":{\"@type\":\"PropertyValueSpecification\",\"valueRequired\":true,\"valueName\":\"search_term_string\"}}],\"inLanguage\":\"ca\"},{\"@type\":\"Organization\",\"@id\":\"https:\\\/\\\/iwell-guard.com\\\/ca\\\/#organization\",\"name\":\"Ittermann electronic GmbH\",\"url\":\"https:\\\/\\\/iwell-guard.com\\\/ca\\\/\",\"logo\":{\"@type\":\"ImageObject\",\"inLanguage\":\"ca\",\"@id\":\"https:\\\/\\\/iwell-guard.com\\\/ca\\\/#\\\/schema\\\/logo\\\/image\\\/\",\"url\":\"https:\\\/\\\/iwell-guard.com\\\/wp-content\\\/uploads\\\/2026\\\/05\\\/Ittermann-Logo-1182x237-1.png\",\"contentUrl\":\"https:\\\/\\\/iwell-guard.com\\\/wp-content\\\/uploads\\\/2026\\\/05\\\/Ittermann-Logo-1182x237-1.png\",\"width\":1182,\"height\":237,\"caption\":\"Ittermann electronic GmbH\"},\"image\":{\"@id\":\"https:\\\/\\\/iwell-guard.com\\\/ca\\\/#\\\/schema\\\/logo\\\/image\\\/\"},\"sameAs\":[\"https:\\\/\\\/pantip.com\\\/profile\\\/9367242\",\"https:\\\/\\\/micro.blog\\\/iwellguard\",\"https:\\\/\\\/www.diggerslist.com\\\/iwellguard\\\/about\",\"https:\\\/\\\/skitterphoto.com\\\/photographers\\\/2870314\\\/iwell-guard\",\"https:\\\/\\\/iwellguard.wordpress.com\\\/2026\\\/06\\\/06\\\/iwell-guard\\\/\",\"https:\\\/\\\/hub.docker.com\\\/u\\\/iwellguard\",\"https:\\\/\\\/www.pinterest.com\\\/iwellguard\\\/\",\"https:\\\/\\\/bit.ly\\\/m\\\/iwellguard\",\"https:\\\/\\\/entre-vos-mains.alsace.eu\\\/profiles\\\/iwellguard\\\/activity\",\"https:\\\/\\\/gravatar.com\\\/reallybeded8fd34\",\"https:\\\/\\\/naijamatta.com\\\/iwellguard\",\"https:\\\/\\\/www.goodreads.com\\\/iwellguard\",\"https:\\\/\\\/profile.hatena.ne.jp\\\/iwellguard\\\/\",\"https:\\\/\\\/experiment.com\\\/users\\\/iwellguard\",\"https:\\\/\\\/wakelet.com\\\/@iWellGuard82270\",\"https:\\\/\\\/www.chordie.com\\\/forum\\\/profile.php?id=2555664\",\"https:\\\/\\\/www.instapaper.com\\\/p\\\/17757966\",\"https:\\\/\\\/www.mapleprimes.com\\\/users\\\/iwellguard\",\"https:\\\/\\\/businesslistingplus.com\\\/profile\\\/iwell-guard\\\/\",\"https:\\\/\\\/telegra.ph\\\/iWell-Guard-06-06\",\"https:\\\/\\\/pbase.com\\\/iwellguard\\\/iwellguard\",\"https:\\\/\\\/b.hatena.ne.jp\\\/iwellguard\\\/20260607#bookmark-4788405196491818882\",\"https:\\\/\\\/fliphtml5.com\\\/home\\\/iwellguard\",\"https:\\\/\\\/anyflip.com\\\/homepage\\\/cmiwl#About\",\"https:\\\/\\\/transfur.com\\\/Users\\\/iwellguard\",\"http:\\\/\\\/delphi.larsbo.org\\\/user\\\/iwellguard\",\"https:\\\/\\\/jobs.lajobsportal.org\\\/profiles\\\/8380803-iwell-guard\",\"https:\\\/\\\/md.chaosdorf.de\\\/s\\\/jfbe5SBdJD\",\"https:\\\/\\\/www.lingvolive.com\\\/en-us\\\/profile\\\/9ecaeaca-ce11-4e51-9e71-01d55e2bff36\\\/translations\",\"https:\\\/\\\/www.fitday.com\\\/fitness\\\/forums\\\/members\\\/iwellguard.html\",\"https:\\\/\\\/www.mymeetbook.com\\\/iwellguard\",\"https:\\\/\\\/pxhere.com\\\/en\\\/photographer-me\\\/5040798\",\"https:\\\/\\\/disqus.com\\\/by\\\/iwellguard\\\/about\\\/\",\"https:\\\/\\\/pastelink.net\\\/hjwciqwq\",\"https:\\\/\\\/pubhtml5.com\\\/homepage\\\/scjhn\\\/\",\"https:\\\/\\\/www.bitchute.com\\\/channel\\\/2O2eOKzNqujT\",\"https:\\\/\\\/audiomack.com\\\/iwellguard\"]},{\"@type\":\"Article\",\"@id\":\"https:\\\/\\\/iwell-guard.com\\\/ca\\\/caront\\\/#article\",\"isPartOf\":{\"@id\":\"https:\\\/\\\/iwell-guard.com\\\/ca\\\/caront\\\/\"},\"author\":{\"name\":\"Ralf Ittermann\",\"@id\":\"https:\\\/\\\/iwell-guard.com\\\/ca\\\/#\\\/schema\\\/person\\\/ee2a27f1cac3406c7c6fb5820cb7349f\"},\"headline\":\"Caront\",\"datePublished\":\"2026-09-05T15:39:41+00:00\",\"dateModified\":\"2026-09-05T15:58:38+00:00\",\"mainEntityOfPage\":{\"@id\":\"https:\\\/\\\/iwell-guard.com\\\/ca\\\/caront\\\/\"},\"publisher\":{\"@id\":\"https:\\\/\\\/iwell-guard.com\\\/ca\\\/#organization\"},\"image\":{\"@id\":\"https:\\\/\\\/iwell-guard.com\\\/ca\\\/caront\\\/#primaryimage\"},\"thumbnailUrl\":\"https:\\\/\\\/iwell-guard.com\\\/wp-content\\\/uploads\\\/2026\\\/04\\\/goetter_griechenland_charon.webp\",\"inLanguage\":\"ca\",\"description\":\"Caront: la taxa de l'\u00f2bol, el seu origen, aparen\u00e7a i paper en l'acompanyament dels difunts. Paral\u00b7lelismes en altres cultures d'un cop d'ull.\"}]}<\/script>\n<!-- \/ Yoast SEO Premium plugin. -->","yoast_head_json":{"title":"Caront \u2013 Barquer de l'infram\u00f3n","description":"Caront: la taxa de l'\u00f2bol, el seu origen, aparen\u00e7a i paper en l'acompanyament dels difunts. Paral\u00b7lelismes en altres cultures d'un cop d'ull.","robots":{"index":"index","follow":"follow","max-snippet":"max-snippet:-1","max-image-preview":"max-image-preview:large","max-video-preview":"max-video-preview:-1"},"canonical":"https:\/\/iwell-guard.com\/ca\/caront\/","og_locale":"ca_ES","og_type":"article","og_title":"Caront","og_description":"Caront: la taxa de l'\u00f2bol, el seu origen, aparen\u00e7a i paper en l'acompanyament dels difunts. Paral\u00b7lelismes en altres cultures d'un cop d'ull.","og_url":"https:\/\/iwell-guard.com\/ca\/caront\/","og_site_name":"iWell Guard","article_modified_time":"2026-09-05T15:58:38+00:00","og_image":[{"width":1024,"height":1536,"url":"https:\/\/iwell-guard.com\/wp-content\/uploads\/2026\/04\/goetter_griechenland_charon.webp","type":"image\/webp"}],"twitter_card":"summary_large_image","schema":{"@context":"https:\/\/schema.org","@graph":[{"@type":"Article","@id":"https:\/\/iwell-guard.com\/ca\/caront\/#article","isPartOf":{"@id":"https:\/\/iwell-guard.com\/ca\/caront\/"},"author":{"name":"Ralf Ittermann","@id":"https:\/\/iwell-guard.com\/ca\/#\/schema\/person\/ee2a27f1cac3406c7c6fb5820cb7349f"},"headline":"Caront","datePublished":"2026-09-05T15:39:41+00:00","dateModified":"2026-09-05T15:58:38+00:00","mainEntityOfPage":{"@id":"https:\/\/iwell-guard.com\/ca\/caront\/"},"publisher":{"@id":"https:\/\/iwell-guard.com\/ca\/#organization"},"image":{"@id":"https:\/\/iwell-guard.com\/ca\/caront\/#primaryimage"},"thumbnailUrl":"https:\/\/iwell-guard.com\/wp-content\/uploads\/2026\/04\/goetter_griechenland_charon.webp","inLanguage":"ca","description":"Caront: la taxa de l'\u00f2bol, el seu origen, aparen\u00e7a i paper en l'acompanyament dels difunts. Paral\u00b7lelismes en altres cultures d'un cop d'ull."},{"@type":"WebPage","@id":"https:\/\/iwell-guard.com\/ca\/caront\/","url":"https:\/\/iwell-guard.com\/ca\/caront\/","name":"Caront \u2013 Barquer de l'infram\u00f3n","isPartOf":{"@id":"https:\/\/iwell-guard.com\/ca\/#website"},"primaryImageOfPage":{"@id":"https:\/\/iwell-guard.com\/ca\/caront\/#primaryimage"},"image":{"@id":"https:\/\/iwell-guard.com\/ca\/caront\/#primaryimage"},"thumbnailUrl":"https:\/\/iwell-guard.com\/wp-content\/uploads\/2026\/04\/goetter_griechenland_charon.webp","datePublished":"2026-09-05T15:39:41+00:00","dateModified":"2026-09-05T15:58:38+00:00","description":"Caront: la taxa de l'\u00f2bol, el seu origen, aparen\u00e7a i paper en l'acompanyament dels difunts. Paral\u00b7lelismes en altres cultures d'un cop d'ull.","breadcrumb":{"@id":"https:\/\/iwell-guard.com\/ca\/caront\/#breadcrumb"},"inLanguage":"ca","potentialAction":[{"@type":"ReadAction","target":["https:\/\/iwell-guard.com\/ca\/caront\/"]}]},{"@type":"ImageObject","inLanguage":"ca","@id":"https:\/\/iwell-guard.com\/ca\/caront\/#primaryimage","url":"https:\/\/iwell-guard.com\/wp-content\/uploads\/2026\/04\/goetter_griechenland_charon.webp","contentUrl":"https:\/\/iwell-guard.com\/wp-content\/uploads\/2026\/04\/goetter_griechenland_charon.webp","width":1024,"height":1536,"caption":"D\u00e9us de la tradici\u00f3 grega."},{"@type":"BreadcrumbList","@id":"https:\/\/iwell-guard.com\/ca\/caront\/#breadcrumb","itemListElement":[{"@type":"ListItem","position":1,"name":"Start","item":"https:\/\/iwell-guard.com\/ca\/?page_id=171333"},{"@type":"ListItem","position":2,"name":"Caront"}]},{"@type":"WebSite","@id":"https:\/\/iwell-guard.com\/ca\/#website","url":"https:\/\/iwell-guard.com\/ca\/","name":"iWell Guard","description":"Schutz vor dunklen Einfl\u00fcssen","publisher":{"@id":"https:\/\/iwell-guard.com\/ca\/#organization"},"potentialAction":[{"@type":"SearchAction","target":{"@type":"EntryPoint","urlTemplate":"https:\/\/iwell-guard.com\/ca\/?s={search_term_string}"},"query-input":{"@type":"PropertyValueSpecification","valueRequired":true,"valueName":"search_term_string"}}],"inLanguage":"ca"},{"@type":"Organization","@id":"https:\/\/iwell-guard.com\/ca\/#organization","name":"Ittermann electronic GmbH","url":"https:\/\/iwell-guard.com\/ca\/","logo":{"@type":"ImageObject","inLanguage":"ca","@id":"https:\/\/iwell-guard.com\/ca\/#\/schema\/logo\/image\/","url":"https:\/\/iwell-guard.com\/wp-content\/uploads\/2026\/05\/Ittermann-Logo-1182x237-1.png","contentUrl":"https:\/\/iwell-guard.com\/wp-content\/uploads\/2026\/05\/Ittermann-Logo-1182x237-1.png","width":1182,"height":237,"caption":"Ittermann electronic GmbH"},"image":{"@id":"https:\/\/iwell-guard.com\/ca\/#\/schema\/logo\/image\/"},"sameAs":["https:\/\/pantip.com\/profile\/9367242","https:\/\/micro.blog\/iwellguard","https:\/\/www.diggerslist.com\/iwellguard\/about","https:\/\/skitterphoto.com\/photographers\/2870314\/iwell-guard","https:\/\/iwellguard.wordpress.com\/2026\/06\/06\/iwell-guard\/","https:\/\/hub.docker.com\/u\/iwellguard","https:\/\/www.pinterest.com\/iwellguard\/","https:\/\/bit.ly\/m\/iwellguard","https:\/\/entre-vos-mains.alsace.eu\/profiles\/iwellguard\/activity","https:\/\/gravatar.com\/reallybeded8fd34","https:\/\/naijamatta.com\/iwellguard","https:\/\/www.goodreads.com\/iwellguard","https:\/\/profile.hatena.ne.jp\/iwellguard\/","https:\/\/experiment.com\/users\/iwellguard","https:\/\/wakelet.com\/@iWellGuard82270","https:\/\/www.chordie.com\/forum\/profile.php?id=2555664","https:\/\/www.instapaper.com\/p\/17757966","https:\/\/www.mapleprimes.com\/users\/iwellguard","https:\/\/businesslistingplus.com\/profile\/iwell-guard\/","https:\/\/telegra.ph\/iWell-Guard-06-06","https:\/\/pbase.com\/iwellguard\/iwellguard","https:\/\/b.hatena.ne.jp\/iwellguard\/20260607#bookmark-4788405196491818882","https:\/\/fliphtml5.com\/home\/iwellguard","https:\/\/anyflip.com\/homepage\/cmiwl#About","https:\/\/transfur.com\/Users\/iwellguard","http:\/\/delphi.larsbo.org\/user\/iwellguard","https:\/\/jobs.lajobsportal.org\/profiles\/8380803-iwell-guard","https:\/\/md.chaosdorf.de\/s\/jfbe5SBdJD","https:\/\/www.lingvolive.com\/en-us\/profile\/9ecaeaca-ce11-4e51-9e71-01d55e2bff36\/translations","https:\/\/www.fitday.com\/fitness\/forums\/members\/iwellguard.html","https:\/\/www.mymeetbook.com\/iwellguard","https:\/\/pxhere.com\/en\/photographer-me\/5040798","https:\/\/disqus.com\/by\/iwellguard\/about\/","https:\/\/pastelink.net\/hjwciqwq","https:\/\/pubhtml5.com\/homepage\/scjhn\/","https:\/\/www.bitchute.com\/channel\/2O2eOKzNqujT","https:\/\/audiomack.com\/iwellguard"]},{"@type":"Person","@id":"https:\/\/iwell-guard.com\/ca\/#\/schema\/person\/ee2a27f1cac3406c7c6fb5820cb7349f","name":"Ralf Ittermann","image":{"@type":"ImageObject","inLanguage":"ca","@id":"https:\/\/secure.gravatar.com\/avatar\/073c0153e350a5005b68eb752b445fea71f6b24a26da9449ad7e155e6b446c9d?s=96&d=mm&r=g","url":"https:\/\/secure.gravatar.com\/avatar\/073c0153e350a5005b68eb752b445fea71f6b24a26da9449ad7e155e6b446c9d?s=96&d=mm&r=g","contentUrl":"https:\/\/secure.gravatar.com\/avatar\/073c0153e350a5005b68eb752b445fea71f6b24a26da9449ad7e155e6b446c9d?s=96&d=mm&r=g","caption":"Ralf Ittermann"},"givenName":"Ralf","familyName":"Ittermann","jobTitle":"Gesch\u00e4ftsf\u00fchrer und redaktioneller Verantwortlicher","url":"https:\/\/iwell-guard.com\/ca\/author\/claude\/","description":"Ralf Ittermann ist Gesch\u00e4ftsf\u00fchrer der Ittermann electronic GmbH und redaktioneller Verantwortlicher des iWell-Guard-Lexikons. Er verbindet langj\u00e4hrige Erfahrung in der Pr\u00e4zisionsfertigung mit medialer Praxis und religionsgeschichtlicher Quellenarbeit.","worksFor":{"@type":"Organization","name":"Ittermann electronic GmbH","url":"https:\/\/ittermann.de\/","address":{"@type":"PostalAddress","streetAddress":"K\u00f6hlergasse 16-18","postalCode":"99842","addressLocality":"Ruhla","addressCountry":"DE"}},"knowsAbout":["Religionsgeschichte","Mythologie","Mediale Praxis","Energetische Diagnostik","Schutzpraxis","Volksglauben","Westliche Esoterik"]},{"@type":"Article","@id":"https:\/\/iwell-guard.com\/ca\/caront\/#article","isPartOf":{"@id":"https:\/\/iwell-guard.com\/ca\/caront\/"},"author":{"name":"Ralf Ittermann","@id":"https:\/\/iwell-guard.com\/ca\/#\/schema\/person\/ee2a27f1cac3406c7c6fb5820cb7349f"},"headline":"Caront","datePublished":"2026-09-05T15:39:41+00:00","dateModified":"2026-09-05T15:58:38+00:00","mainEntityOfPage":{"@id":"https:\/\/iwell-guard.com\/ca\/caront\/"},"publisher":{"@id":"https:\/\/iwell-guard.com\/ca\/#organization"},"image":{"@id":"https:\/\/iwell-guard.com\/ca\/caront\/#primaryimage"},"thumbnailUrl":"https:\/\/iwell-guard.com\/wp-content\/uploads\/2026\/04\/goetter_griechenland_charon.webp","inLanguage":"ca","description":"Caront: la taxa de l'\u00f2bol, el seu origen, aparen\u00e7a i paper en l'acompanyament dels difunts. Paral\u00b7lelismes en altres cultures d'un cop d'ull."}]}},"_links":{"self":[{"href":"https:\/\/iwell-guard.com\/ca\/wp-json\/wp\/v2\/pages\/171473","targetHints":{"allow":["GET"]}}],"collection":[{"href":"https:\/\/iwell-guard.com\/ca\/wp-json\/wp\/v2\/pages"}],"about":[{"href":"https:\/\/iwell-guard.com\/ca\/wp-json\/wp\/v2\/types\/page"}],"author":[{"embeddable":true,"href":"https:\/\/iwell-guard.com\/ca\/wp-json\/wp\/v2\/users\/3"}],"replies":[{"embeddable":true,"href":"https:\/\/iwell-guard.com\/ca\/wp-json\/wp\/v2\/comments?post=171473"}],"version-history":[{"count":0,"href":"https:\/\/iwell-guard.com\/ca\/wp-json\/wp\/v2\/pages\/171473\/revisions"}],"wp:featuredmedia":[{"embeddable":true,"href":"https:\/\/iwell-guard.com\/ca\/wp-json\/wp\/v2\/media\/1580"}],"wp:attachment":[{"href":"https:\/\/iwell-guard.com\/ca\/wp-json\/wp\/v2\/media?parent=171473"}],"wp:term":[{"taxonomy":"category","embeddable":true,"href":"https:\/\/iwell-guard.com\/ca\/wp-json\/wp\/v2\/categories?post=171473"}],"curies":[{"name":"wp","href":"https:\/\/api.w.org\/{rel}","templated":true}]}}