{"id":171468,"date":"2026-09-05T15:39:38","date_gmt":"2026-09-05T15:39:38","guid":{"rendered":"https:\/\/iwell-guard.com\/?page_id=171468"},"modified":"2026-09-05T15:58:30","modified_gmt":"2026-09-05T15:58:30","slug":"hades","status":"publish","type":"page","link":"https:\/\/iwell-guard.com\/ca\/hades\/","title":{"rendered":"Hades"},"content":{"rendered":"\t\t<div data-elementor-type=\"wp-page\" data-elementor-id=\"171468\" class=\"elementor elementor-171468 elementor-1882 elementor-bc-flex-widget\" data-elementor-post-type=\"page\">\n\t\t\t\t<div class=\"elementor-element elementor-element-10fdade e-flex e-con-boxed e-con e-parent\" data-id=\"10fdade\" data-element_type=\"container\" data-e-type=\"container\" data-settings=\"{&quot;background_background&quot;:&quot;classic&quot;}\">\n\t\t\t\t\t<div class=\"e-con-inner\">\n\t\t<div class=\"elementor-element elementor-element-herohlft0 e-flex e-con-boxed e-con e-child\" data-id=\"herohlft0\" data-element_type=\"container\" data-e-type=\"container\">\n\t\t\t\t\t<div class=\"e-con-inner\">\n\t\t<div class=\"elementor-element elementor-element-c3ceb64 e-con-full e-flex e-con e-child\" data-id=\"c3ceb64\" data-element_type=\"container\" data-e-type=\"container\">\n\t\t\t\t<div class=\"elementor-element elementor-element-96ae5e1 elementor-widget elementor-widget-heading\" data-id=\"96ae5e1\" data-element_type=\"widget\" data-e-type=\"widget\" data-widget_type=\"heading.default\">\n\t\t\t\t\t<h1 class=\"elementor-heading-title elementor-size-default\">Hades, d\u00e9u de la tradici\u00f3 grega<\/h1>\t\t\t\t<\/div>\n\t\t\t\t<div class=\"elementor-element elementor-element-e45238a elementor-widget elementor-widget-text-editor\" data-id=\"e45238a\" data-element_type=\"widget\" data-e-type=\"widget\" data-widget_type=\"text-editor.default\">\n\t\t\t\t\t\t\t\t\t<p>Hades \u00e9s un d\u00e9u de la tradici\u00f3 grega.<\/p><p>Sobir\u00e0 de l&#8217;infram\u00f3n, germ\u00e0 de Zeus i Posid\u00f3, governant invisible del regne dels morts. Hades regeix el regne dels difunts sense cap pretensi\u00f3 sobre l&#8217;Olimp; comparteix amb els seus germans el m\u00f3n despr\u00e9s de la vict\u00f2ria sobre els Titans, per\u00f2 es queda deliberadament amb l&#8217;infram\u00f3n.<\/p><p>El seu nom resultava tan inquietant per als grecs que sovint se&#8217;l designava amb per\u00edfrasis: <em>Plouton<\/em>, el Ric; <em>Polydegmon<\/em>, el qui molt rep; <em>Eubuleus<\/em>, el bon conseller.<\/p><p>Hades \u00e9s el d\u00e9u de l&#8217;infram\u00f3n m\u00e9s conegut de Gr\u00e8cia. Es considera la divinitat funer\u00e0ria de Gr\u00e8cia i encara avui influeix en la nostra idea de la mort i de l&#8217;infram\u00f3n.<\/p>\t\t\t\t\t\t\t\t<\/div>\n\t\t\t\t<\/div>\n\t\t<div class=\"elementor-element elementor-element-klsbdg01 e-con-full e-flex e-con e-parent\" data-id=\"klsbdg01\" data-element_type=\"container\" data-e-type=\"container\">\n\t\t\t\t<div class=\"elementor-element elementor-element-klshtm01 elementor-widget elementor-widget-html\" data-id=\"klshtm01\" data-element_type=\"widget\" data-e-type=\"widget\" data-widget_type=\"html.default\">\n\t\t\t\t\t<div class=\"iwg-pill-row\"><span class=\"iwg-klasse-badge\" tabindex=\"0\" data-tooltip=\"D\u00e9u \/ Deessa: Poder personificat suprem dins el pante\u00f3 d'una cultura, amb \u00e0mbits clars: forces de la natura, dest\u00ed, guerra, fertilitat. Venerat mitjan\u00e7ant cultes, ofrenes i institucions de temple.\">D\u00e9u<\/span><a href=\"https:\/\/iwell-guard.com\/ca\/grecia\/\" class=\"iwg-kultur-badge\" tabindex=\"0\" data-tooltip=\"Religi\u00f3 i mitologia de l'antiga Gr\u00e8cia, des de l'\u00e8poca mic\u00e8nica fins a l'antiguitat tardana.\">Gr\u00e8cia<\/a><a href=\"https:\/\/iwell-guard.com\/ca\/?page_id=171461\" class=\"iwg-tradition-badge\" tabindex=\"0\" data-tooltip=\"D\u00e9us de l'infram\u00f3n i de la mort, sobirans de l'ultram\u00f3n, jutges dels morts, guies d'\u00e0nimes.\">Divinitat funer\u00e0ria<\/a><\/div>\t\t\t\t<\/div>\n\t\t\t\t<\/div>\n\t\t<div class=\"elementor-element elementor-element-3f74855 e-con-full e-flex e-con e-child\" data-id=\"3f74855\" data-element_type=\"container\" data-e-type=\"container\">\n\t\t\t\t<div class=\"elementor-element elementor-element-1c30362 elementor-toc--minimized-on-tablet elementor-widget elementor-widget-table-of-contents\" data-id=\"1c30362\" data-element_type=\"widget\" data-e-type=\"widget\" data-settings=\"{&quot;exclude_headings_by_selector&quot;:[],&quot;no_headings_message&quot;:&quot;No s&#039;ha trobat cap encap\\u00e7alament en aquesta p\\u00e0gina.&quot;,&quot;headings_by_tags&quot;:[&quot;h2&quot;,&quot;h3&quot;],&quot;marker_view&quot;:&quot;bullets&quot;,&quot;minimize_box&quot;:&quot;yes&quot;,&quot;icon&quot;:{&quot;value&quot;:&quot;fas fa-circle&quot;,&quot;library&quot;:&quot;fa-solid&quot;,&quot;rendered_tag&quot;:&quot;&lt;svg class=\\&quot;e-font-icon-svg e-fas-circle\\&quot; viewBox=\\&quot;0 0 512 512\\&quot; xmlns=\\&quot;http:\\\/\\\/www.w3.org\\\/2000\\\/svg\\&quot;&gt;&lt;path d=\\&quot;M256 8C119 8 8 119 8 256s111 248 248 248 248-111 248-248S393 8 256 8z\\&quot;&gt;&lt;\\\/path&gt;&lt;\\\/svg&gt;&quot;},&quot;minimized_on&quot;:&quot;tablet&quot;,&quot;hierarchical_view&quot;:&quot;yes&quot;,&quot;min_height&quot;:{&quot;unit&quot;:&quot;px&quot;,&quot;size&quot;:&quot;&quot;,&quot;sizes&quot;:[]},&quot;min_height_tablet&quot;:{&quot;unit&quot;:&quot;px&quot;,&quot;size&quot;:&quot;&quot;,&quot;sizes&quot;:[]},&quot;min_height_mobile&quot;:{&quot;unit&quot;:&quot;px&quot;,&quot;size&quot;:&quot;&quot;,&quot;sizes&quot;:[]}}\" data-widget_type=\"table-of-contents.default\">\n\t\t\t\t\t\t\t\t\t<div class=\"elementor-toc__header\">\n\t\t\t\t\t\t<h2 class=\"elementor-toc__header-title\">\n\t\t\t\t\u00cdndex\t\t\t<\/h2>\n\t\t\t\t\t\t\t\t\t\t<div class=\"elementor-toc__toggle-button elementor-toc__toggle-button--expand\" role=\"button\" tabindex=\"0\" aria-controls=\"elementor-toc__1c30362\" aria-expanded=\"true\" aria-label=\"Open table of contents\"><svg aria-hidden=\"true\" class=\"e-font-icon-svg e-fas-chevron-down\" viewBox=\"0 0 448 512\" xmlns=\"http:\/\/www.w3.org\/2000\/svg\"><path d=\"M207.029 381.476L12.686 187.132c-9.373-9.373-9.373-24.569 0-33.941l22.667-22.667c9.357-9.357 24.522-9.375 33.901-.04L224 284.505l154.745-154.021c9.379-9.335 24.544-9.317 33.901.04l22.667 22.667c9.373 9.373 9.373 24.569 0 33.941L240.971 381.476c-9.373 9.372-24.569 9.372-33.942 0z\"><\/path><\/svg><\/div>\n\t\t\t\t<div class=\"elementor-toc__toggle-button elementor-toc__toggle-button--collapse\" role=\"button\" tabindex=\"0\" aria-controls=\"elementor-toc__1c30362\" aria-expanded=\"true\" aria-label=\"Close table of contents\"><svg aria-hidden=\"true\" class=\"e-font-icon-svg e-fas-chevron-up\" viewBox=\"0 0 448 512\" xmlns=\"http:\/\/www.w3.org\/2000\/svg\"><path d=\"M240.971 130.524l194.343 194.343c9.373 9.373 9.373 24.569 0 33.941l-22.667 22.667c-9.357 9.357-24.522 9.375-33.901.04L224 227.495 69.255 381.516c-9.379 9.335-24.544 9.317-33.901-.04l-22.667-22.667c-9.373-9.373-9.373-24.569 0-33.941L207.03 130.525c9.372-9.373 24.568-9.373 33.941-.001z\"><\/path><\/svg><\/div>\n\t\t\t\t\t<\/div>\n\t\t\t\t<div id=\"elementor-toc__1c30362\" class=\"elementor-toc__body\">\n\t\t\t<div class=\"elementor-toc__spinner-container\">\n\t\t\t\t<svg class=\"elementor-toc__spinner eicon-animation-spin e-font-icon-svg e-eicon-loading\" aria-hidden=\"true\" viewBox=\"0 0 1000 1000\" xmlns=\"http:\/\/www.w3.org\/2000\/svg\"><path d=\"M500 975V858C696 858 858 696 858 500S696 142 500 142 142 304 142 500H25C25 237 238 25 500 25S975 237 975 500 763 975 500 975Z\"><\/path><\/svg>\t\t\t<\/div>\n\t\t<\/div>\n\t\t\t\t\t\t<\/div>\n\t\t\t\t<\/div>\n\t\t\t\t\t<\/div>\n\t\t\t\t<\/div>\n\t\t<div class=\"elementor-element elementor-element-herorght0 e-con-full e-flex e-con e-child\" data-id=\"herorght0\" data-element_type=\"container\" data-e-type=\"container\">\n\t\t\t\t<div class=\"elementor-element elementor-element-heroimg00 iwg-hero-image elementor-widget elementor-widget-image\" data-id=\"heroimg00\" data-element_type=\"widget\" data-e-type=\"widget\" data-widget_type=\"image.default\">\n\t\t\t\t\t\t\t\t\t\t\t\t\t\t\t<img fetchpriority=\"high\" decoding=\"async\" width=\"683\" height=\"1024\" src=\"https:\/\/iwell-guard.com\/wp-content\/uploads\/2026\/04\/goetter_griechenland_hades-683x1024.webp\" class=\"attachment-large size-large wp-image-1724\" alt=\"Hades\" srcset=\"https:\/\/iwell-guard.com\/wp-content\/uploads\/2026\/04\/goetter_griechenland_hades-683x1024.webp 683w, https:\/\/iwell-guard.com\/wp-content\/uploads\/2026\/04\/goetter_griechenland_hades-200x300.webp 200w, https:\/\/iwell-guard.com\/wp-content\/uploads\/2026\/04\/goetter_griechenland_hades-768x1152.webp 768w, https:\/\/iwell-guard.com\/wp-content\/uploads\/2026\/04\/goetter_griechenland_hades.webp 1024w\" sizes=\"(max-width: 683px) 100vw, 683px\" \/>\t\t\t\t\t\t\t\t\t\t\t\t\t\t\t<\/div>\n\t\t\t\t<\/div>\n\t\t\t\t\t<\/div>\n\t\t\t\t<\/div>\n\t\t<div class=\"elementor-element elementor-element-32917199 e-flex e-con-boxed e-con e-parent\" data-id=\"32917199\" data-element_type=\"container\" data-e-type=\"container\">\n\t\t\t\t\t<div class=\"e-con-inner\">\n\t\t<div class=\"elementor-element elementor-element-26e916cb e-flex e-con-boxed e-con e-child\" data-id=\"26e916cb\" data-element_type=\"container\" data-e-type=\"container\">\n\t\t\t\t\t<div class=\"e-con-inner\">\n\t\t<div class=\"elementor-element elementor-element-253a40d4 e-flex e-con-boxed e-con e-child\" data-id=\"253a40d4\" data-element_type=\"container\" data-e-type=\"container\">\n\t\t\t\t\t<div class=\"e-con-inner\">\n\t\t\t\t<div class=\"elementor-element elementor-element-1200c304 elementor-widget elementor-widget-heading\" data-id=\"1200c304\" data-element_type=\"widget\" data-e-type=\"widget\" data-widget_type=\"heading.default\">\n\t\t\t\t\t<h2 class=\"elementor-heading-title elementor-size-default\">Hades<\/h2>\t\t\t\t<\/div>\n\t\t\t\t\t<\/div>\n\t\t\t\t<\/div>\n\t\t<div class=\"elementor-element elementor-element-159dcf9a e-flex e-con-boxed e-con e-child\" data-id=\"159dcf9a\" data-element_type=\"container\" data-e-type=\"container\">\n\t\t\t\t\t<div class=\"e-con-inner\">\n\t\t\t\t<div class=\"elementor-element elementor-element-48cee66f elementor-widget elementor-widget-heading\" data-id=\"48cee66f\" data-element_type=\"widget\" data-e-type=\"widget\" data-widget_type=\"heading.default\">\n\t\t\t\t\t<h2 class=\"elementor-heading-title elementor-size-default\">Resum r\u00e0pid: Hades<\/h2>\t\t\t\t<\/div>\n\t\t\t\t<div class=\"elementor-element elementor-element-3f50d82c elementor-widget elementor-widget-text-editor\" data-id=\"3f50d82c\" data-element_type=\"widget\" data-e-type=\"widget\" data-widget_type=\"text-editor.default\">\n\t\t\t\t\t\t\t\t\t<p><strong>Tipus:<\/strong> Divinitat principal grega, sobir\u00e0 de l&#8217;infram\u00f3n<br><span class=\"iwg-fachbegriff\" data-tooltip=\"El conjunt de d\u00e9us d'una religi\u00f3 o cultura.\" tabindex=\"0\">Pante\u00f3<\/span>: Gr\u00e8cia (un dels tres germans, despr\u00e9s de Zeus i Posid\u00f3)<br>Funci\u00f3: sobir\u00e0 de l&#8217;infram\u00f3n, guardi\u00e0 dels morts, posse\u00efdor de riqueses<br>Atributs principals: casc d&#8217;invisibilitat (casc d&#8217;Aides), bident (tridenta de dues puntes), corona de xiprer, C\u00e8rber<br>Principals llocs de culte: Eleusis, Herm\u00edone (Arg\u00f2lida), Pilos, Locres Epizefiris<br>Equivalent rom\u00e0: Plut\u00f3 \/ Dis Pater<\/p>\t\t\t\t\t\t\t\t<\/div>\n\t\t\t\t\t<\/div>\n\t\t\t\t<\/div>\n\t\t\t\t\t<\/div>\n\t\t\t\t<\/div>\n\t\t\t\t\t<\/div>\n\t\t\t\t<\/div>\n\t\t<div class=\"elementor-element elementor-element-18613602 e-flex e-con-boxed e-con e-parent\" data-id=\"18613602\" data-element_type=\"container\" data-e-type=\"container\">\n\t\t\t\t\t<div class=\"e-con-inner\">\n\t\t\t\t<div class=\"elementor-element elementor-element-262b8a9f elementor-widget elementor-widget-heading\" data-id=\"262b8a9f\" data-element_type=\"widget\" data-e-type=\"widget\" data-widget_type=\"heading.default\">\n\t\t\t\t\t<h2 class=\"elementor-heading-title elementor-size-default\">Contextualitzaci\u00f3 hist\u00f2rica<\/h2>\t\t\t\t<\/div>\n\t\t<div class=\"elementor-element elementor-element-46dcb7d e-con-full e-flex e-con e-child\" data-id=\"46dcb7d\" data-element_type=\"container\" data-e-type=\"container\">\n\t\t<div class=\"elementor-element elementor-element-61d3ab3 e-flex e-con-boxed e-con e-child\" data-id=\"61d3ab3\" data-element_type=\"container\" data-e-type=\"container\">\n\t\t\t\t\t<div class=\"e-con-inner\">\n\t\t\t\t<div class=\"elementor-element elementor-element-117c166 elementor-widget elementor-widget-heading\" data-id=\"117c166\" data-element_type=\"widget\" data-e-type=\"widget\" data-widget_type=\"heading.default\">\n\t\t\t\t\t<div class=\"elementor-heading-title elementor-size-default\">Per\u00edode dels textos<\/div>\t\t\t\t<\/div>\n\t\t\t\t<div class=\"elementor-element elementor-element-73997a0 elementor-widget elementor-widget-text-editor\" data-id=\"73997a0\" data-element_type=\"widget\" data-e-type=\"widget\" data-widget_type=\"text-editor.default\">\n\t\t\t\t\t\t\t\t\t<p>Hades \u00e9s una figura central en la <span class=\"iwg-fachbegriff\" data-tooltip=\"El conjunt de relats m\u00edtics transmesos d'una cultura sobre els seus d\u00e9us.\" tabindex=\"0\">mitologia<\/span> grega des d&#8217;Homer (segle VIII aC). El seu nom <em>Aides<\/em> (\u00abl&#8217;Invisible\u00bb) era tab\u00fa; en el culte popular se l&#8217;anomenava sovint <em>Plouton<\/em> (\u00abel Ric\u00bb), un eufemisme per evitar-lo.<\/p><p>A Eleusis \u00e9s l&#8217;esp\u00f2s de Pers\u00e8fone en els Misteris. En \u00e8poca hel\u00b7len\u00edstico-romana va ser assimilat com Plut\u00f3 \/ Dis Pater, i en l&#8217;antiguitat tardana cristiana es va mantenir com <em>Pluton-Hades<\/em>, personificaci\u00f3 de l&#8217;infram\u00f3n.<\/p>\t\t\t\t\t\t\t\t<\/div>\n\t\t\t\t\t<\/div>\n\t\t\t\t<\/div>\n\t\t<div class=\"elementor-element elementor-element-d47b156 e-flex e-con-boxed e-con e-child\" data-id=\"d47b156\" data-element_type=\"container\" data-e-type=\"container\">\n\t\t\t\t\t<div class=\"e-con-inner\">\n\t\t\t\t<div class=\"elementor-element elementor-element-ff38c2b elementor-widget elementor-widget-heading\" data-id=\"ff38c2b\" data-element_type=\"widget\" data-e-type=\"widget\" data-widget_type=\"heading.default\">\n\t\t\t\t\t<div class=\"elementor-heading-title elementor-size-default\">\u00c0rea de difusi\u00f3<\/div>\t\t\t\t<\/div>\n\t\t\t\t<div class=\"elementor-element elementor-element-4e49fcc elementor-widget elementor-widget-text-editor\" data-id=\"4e49fcc\" data-element_type=\"widget\" data-e-type=\"widget\" data-widget_type=\"text-editor.default\">\n\t\t\t\t\t\t\t\t\t<p>Els <span class=\"iwg-fachbegriff\" data-tooltip=\"Un edifici destinat a la veneraci\u00f3 d'una o m\u00e9s divinitats.\" tabindex=\"0\">temples<\/span> propis dedicats a Hades s\u00f3n rars (el seu nom era tab\u00fa). Principals llocs de culte: <strong>Eleusis<\/strong> (venerat com a Plut\u00f3 en els Misteris de Pers\u00e8fone), <strong>Herm\u00edone<\/strong> (Arg\u00f2lida, Paus\u00e0nies esmenta un <span class=\"iwg-fachbegriff\" data-tooltip=\"El conjunt d'actes de veneraci\u00f3 religiosa dedicats a una divinitat o figura sagrada.\" tabindex=\"0\">culte<\/span> especial a Hades), Pilos, Locres Epizefiris. A Eleusis encara es pot visitar avui la gruta del <em>Plutonion<\/em>, la seva suposada entrada a l&#8217;infram\u00f3n. En \u00e8poca romana el seu culte es va estendre a Pompeia i Roma (complex de l&#8217;Iseum).<\/p>\t\t\t\t\t\t\t\t<\/div>\n\t\t\t\t\t<\/div>\n\t\t\t\t<\/div>\n\t\t\t\t<\/div>\n\t\t<div class=\"elementor-element elementor-element-db03c39 e-con-full e-flex e-con e-child\" data-id=\"db03c39\" data-element_type=\"container\" data-e-type=\"container\">\n\t\t<div class=\"elementor-element elementor-element-229a87b e-flex e-con-boxed e-con e-child\" data-id=\"229a87b\" data-element_type=\"container\" data-e-type=\"container\">\n\t\t\t\t\t<div class=\"e-con-inner\">\n\t\t\t\t<div class=\"elementor-element elementor-element-1f471fc elementor-widget elementor-widget-heading\" data-id=\"1f471fc\" data-element_type=\"widget\" data-e-type=\"widget\" data-widget_type=\"heading.default\">\n\t\t\t\t\t<div class=\"elementor-heading-title elementor-size-default\">Estat de les fonts<\/div>\t\t\t\t<\/div>\n\t\t\t\t<div class=\"elementor-element elementor-element-36b1201 elementor-widget elementor-widget-text-editor\" data-id=\"36b1201\" data-element_type=\"widget\" data-e-type=\"widget\" data-widget_type=\"text-editor.default\">\n\t\t\t\t\t\t\t\t\t<p>Fonts principals: Hes\u00edode (<em>Teogonia<\/em>), la Il\u00edada i l&#8217;Odissea d&#8217;Homer (llibre XI, la Nekyia d&#8217;Odisseu), l&#8217;<em>Himne hom\u00e8ric a Dem\u00e8ter<\/em> (el rapte de Pers\u00e8fone), la <em>Biblioteca<\/em> d&#8217;Apol\u00b7lodor, l&#8217;<em>Eneida<\/em> de Virgili (llibre VI), la <em>Descripci\u00f3 de Gr\u00e8cia<\/em> de Paus\u00e0nies. Bibliografia secund\u00e0ria: Sourvinou-Inwood, <em>\u00abReading\u00bb Greek Death<\/em>; Garland, <em>The Greek Way of Death<\/em>; Burkert, <em>Griechische Religion<\/em>.<\/p>\t\t\t\t\t\t\t\t<\/div>\n\t\t\t\t\t<\/div>\n\t\t\t\t<\/div>\n\t\t\t\t<\/div>\n\t\t\t\t\t<\/div>\n\t\t\t\t<\/div>\n\t\t<div class=\"elementor-element elementor-element-3ae0637c e-flex e-con-boxed e-con e-parent\" data-id=\"3ae0637c\" data-element_type=\"container\" data-e-type=\"container\">\n\t\t\t\t\t<div class=\"e-con-inner\">\n\t\t\t\t<div class=\"elementor-element elementor-element-31d07739 elementor-widget elementor-widget-heading\" data-id=\"31d07739\" data-element_type=\"widget\" data-e-type=\"widget\" data-widget_type=\"heading.default\">\n\t\t\t\t\t<h2 class=\"elementor-heading-title elementor-size-default\">Nom i variants<\/h2>\t\t\t\t<\/div>\n\t\t<div class=\"elementor-element elementor-element-b7642947 e-con-full e-flex e-con e-child\" data-id=\"b7642947\" data-element_type=\"container\" data-e-type=\"container\">\n\t\t\t\t<div class=\"elementor-element elementor-element-a086266 elementor-widget elementor-widget-text-editor\" data-id=\"a086266\" data-element_type=\"widget\" data-e-type=\"widget\" data-widget_type=\"text-editor.default\">\n\t\t\t\t\t\t\t\t\t<p><strong>Grec:<\/strong> \u1f0d\u03b9\u03b4\u03b7\u03c2 (H\u00e1id\u0113s), origin\u00e0riament probablement \u00abl&#8217;Invisible\u00bb (de *a-wid- \u00abno veure\u00bb). En \u00e8poca cl\u00e0ssica tamb\u00e9 \u1f08\u0390\u03b4\u03b7\u03c2 (A\u00efd\u0113s). Ep\u00edtets: <em>Plouton<\/em> (el Ric, de Plutos \u00abriquesa\u00bb), a causa dels tresors subterranis. <em>Polydegmon<\/em> (el qui molt rep), <em>Eubuleus<\/em> (bon conseller), <em>Klymenos<\/em> (el C\u00e8lebre), <em>Agesilaos<\/em> (guia del poble dels morts).<\/p><p>Equivalent rom\u00e0: Plut\u00f3 (llat\u00ed Pluto, del grec Plouton); tamb\u00e9 Dis Pater (\u00abpare ric\u00bb) com a forma pr\u00f2piament romana. Etrusc: Aita. Parents importants: germ\u00e0 de Zeus i Posid\u00f3, fill de Cronos i Rea, esp\u00f2s de Pers\u00e8fone (filla de Dem\u00e8ter).<\/p>\t\t\t\t\t\t\t\t<\/div>\n\t\t\t\t<\/div>\n\t\t\t\t\t<\/div>\n\t\t\t\t<\/div>\n\t\t<div class=\"elementor-element elementor-element-709a44a8 e-flex e-con-boxed e-con e-parent\" data-id=\"709a44a8\" data-element_type=\"container\" data-e-type=\"container\">\n\t\t\t\t\t<div class=\"e-con-inner\">\n\t\t\t\t<div class=\"elementor-element elementor-element-2f585873 elementor-widget elementor-widget-heading\" data-id=\"2f585873\" data-element_type=\"widget\" data-e-type=\"widget\" data-widget_type=\"heading.default\">\n\t\t\t\t\t<h2 class=\"elementor-heading-title elementor-size-default\">Trets caracter\u00edstics<\/h2>\t\t\t\t<\/div>\n\t\t<div class=\"elementor-element elementor-element-70621c12 e-con-full e-flex e-con e-child\" data-id=\"70621c12\" data-element_type=\"container\" data-e-type=\"container\">\n\t\t\t\t<div class=\"elementor-element elementor-element-4296eb49 elementor-widget elementor-widget-text-editor\" data-id=\"4296eb49\" data-element_type=\"widget\" data-e-type=\"widget\" data-widget_type=\"text-editor.default\">\n\t\t\t\t\t\t\t\t\t<p><strong>Aparen\u00e7a<\/strong><\/p><p>Hades es representa com un home madur i barbut, d&#8217;aspecte semblant a Zeus, per\u00f2 amb una expressi\u00f3 sovint m\u00e9s fosca i severa. A la m\u00e0 porta un ceptre amb cap d&#8217;ocell o un bast\u00f3 de dues puntes.<\/p><p>El seu casc d&#8217;invisibilitat, regal dels ciclops, el fa invisible; de vegades el presta a d\u00e9us i herois. El seu carro \u00e9s estirat per quatre cavalls negres. Al seu costat o als seus peus jeu el gos infernal de tres caps, C\u00e8rber.<\/p><p><strong>Naturalesa i acci\u00f3<\/strong><\/p><p>Hades no \u00e9s \u00abla mort\u00bb en si mateixa; aix\u00f2 \u00e9s T\u00e0natos. \u00c9s l&#8217;administrador del regne dels morts, just i incorruptible, per\u00f2 implacable. Qui hi ha entrat, nom\u00e9s en casos excepcionals en torna a sortir (Orfeu, H\u00e8rcules, la Nekyia d&#8217;Odisseu).<\/p><p>A difer\u00e8ncia dels seus germans ol\u00edmpics, Hades s&#8217;immisceix rarament en els afers terrenals; la gran excepci\u00f3 \u00e9s el rapte de Pers\u00e8fone, que dona origen al canvi de les estacions i al culte mist\u00e8ric d&#8217;Eleusis.<\/p><p><strong>Aparen\u00e7a i simbolisme<\/strong><\/p><p>Hades es representa com un home madur i barbut, sovint amb un ceptre o una corona (el casc de la invisibilitat, l&#8217;adamant). El seu color \u00e9s el negre o el blau fosc, el color de l&#8217;infram\u00f3n. El crani, la corona i el bident s\u00f3n els seus atributs.<\/p><p>El gos C\u00e8rber, el guardi\u00e0 de tres caps del regne d&#8217;Hades, \u00e9s el seu company fidel. La rosella i el xiprer li eren sagrats. A difer\u00e8ncia del llamp de Zeus o el trident de Posid\u00f3, el poder d&#8217;Hades \u00e9s m\u00e9s subtil, invisible i inevitable. L&#8217;infram\u00f3n mateix \u00e9s el seu cos; el riu de l&#8217;infram\u00f3n, el seu al\u00e8.<\/p>\t\t\t\t\t\t\t\t<\/div>\n\t\t\t\t<\/div>\n\t\t\t\t\t<\/div>\n\t\t\t\t<\/div>\n\t\t<div class=\"elementor-element elementor-element-44e71476 e-flex e-con-boxed e-con e-parent\" data-id=\"44e71476\" data-element_type=\"container\" data-e-type=\"container\">\n\t\t\t\t\t<div class=\"e-con-inner\">\n\t\t\t\t<div class=\"elementor-element elementor-element-3c1fc3f0 elementor-widget elementor-widget-heading\" data-id=\"3c1fc3f0\" data-element_type=\"widget\" data-e-type=\"widget\" data-widget_type=\"heading.default\">\n\t\t\t\t\t<h2 class=\"elementor-heading-title elementor-size-default\">Fitxa: Hades<\/h2>\t\t\t\t<\/div>\n\t\t<div class=\"elementor-element elementor-element-84f33b8e e-con-full e-flex e-con e-child\" data-id=\"84f33b8e\" data-element_type=\"container\" data-e-type=\"container\">\n\t\t\t\t<div class=\"elementor-element elementor-element-hqkdc67p elementor-widget elementor-widget-text-editor\" data-id=\"hqkdc67p\" data-element_type=\"widget\" data-e-type=\"widget\" data-widget_type=\"text-editor.default\">\n\t\t\t\t\t\t\t\t\t<p>Els aspectes m\u00e9s importants d&#8217;Hades d&#8217;un cop d&#8217;ull. Els camps seg\u00fcents resumeixen origen, funci\u00f3, aparen\u00e7a, veneraci\u00f3, s\u00edmbols i paral\u00b7lels.<\/p>\t\t\t\t\t\t\t\t<\/div>\n\t\t\t\t<\/div>\n\t\t<div class=\"elementor-element elementor-element-pemmx7c5 e-con-full e-flex e-con e-child\" data-id=\"pemmx7c5\" data-element_type=\"container\" data-e-type=\"container\">\n\t\t<div class=\"elementor-element elementor-element-pemmx7c1 e-con-full e-flex e-con e-child\" data-id=\"pemmx7c1\" data-element_type=\"container\" data-e-type=\"container\">\n\t\t<div class=\"elementor-element elementor-element-qh9oavvu iwg-steckbrief-card e-flex e-con-boxed e-con e-child\" data-id=\"qh9oavvu\" data-element_type=\"container\" data-e-type=\"container\">\n\t\t\t\t\t<div class=\"e-con-inner\">\n\t\t\t\t<div class=\"elementor-element elementor-element-awzx8k2k elementor-widget elementor-widget-heading\" data-id=\"awzx8k2k\" data-element_type=\"widget\" data-e-type=\"widget\" data-widget_type=\"heading.default\">\n\t\t\t\t\t<div class=\"elementor-heading-title elementor-size-default\">Origen d'Hades<\/div>\t\t\t\t<\/div>\n\t\t\t\t<div class=\"elementor-element elementor-element-x6rowhv0 elementor-widget elementor-widget-text-editor\" data-id=\"x6rowhv0\" data-element_type=\"widget\" data-e-type=\"widget\" data-widget_type=\"text-editor.default\">\n\t\t\t\t\t\t\t\t\t<p>Hades \u00e9s fill de Cronos i Rea, germ\u00e0 gran de Zeus, Posid\u00f3, Hera, Dem\u00e8ter i H\u00e8stia. En el repartiment del m\u00f3n despr\u00e9s de la vict\u00f2ria sobre els titans, Zeus rep el cel, Posid\u00f3 el mar i Hades l&#8217;infram\u00f3n, per sorteig, no per elecci\u00f3.<\/p><p>Esp\u00f2s de <em>Pers\u00e8fone<\/em>, a qui rapta del m\u00f3n dels vius, el <span class=\"iwg-fachbegriff\" data-tooltip=\"Una narraci\u00f3 transmesa sobre d\u00e9us, or\u00edgens i l'ordre del m\u00f3n.\" tabindex=\"0\">mite<\/span> central d&#8217;Hades. A difer\u00e8ncia dels seus germans, gaireb\u00e9 no t\u00e9 aventures ni descend\u00e8ncia: es mant\u00e9 estrictament limitat al seu domini.<\/p>\t\t\t\t\t\t\t\t<\/div>\n\t\t\t\t\t<\/div>\n\t\t\t\t<\/div>\n\t\t<div class=\"elementor-element elementor-element-8e3o4kxs iwg-steckbrief-card e-flex e-con-boxed e-con e-child\" data-id=\"8e3o4kxs\" data-element_type=\"container\" data-e-type=\"container\">\n\t\t\t\t\t<div class=\"e-con-inner\">\n\t\t\t\t<div class=\"elementor-element elementor-element-08rkdgov elementor-widget elementor-widget-heading\" data-id=\"08rkdgov\" data-element_type=\"widget\" data-e-type=\"widget\" data-widget_type=\"heading.default\">\n\t\t\t\t\t<div class=\"elementor-heading-title elementor-size-default\">La funci\u00f3 d'Hades<\/div>\t\t\t\t<\/div>\n\t\t\t\t<div class=\"elementor-element elementor-element-uwjelx8s elementor-widget elementor-widget-text-editor\" data-id=\"uwjelx8s\" data-element_type=\"widget\" data-e-type=\"widget\" data-widget_type=\"text-editor.default\">\n\t\t\t\t\t\t\t\t\t<p>Sobir\u00e0 de l&#8217;infram\u00f3n, no pas jutge dels morts (aquesta funci\u00f3 correspon a Minos, Radamant i \u00c8ac), sin\u00f3 el senyor suprem del regne. Guardi\u00e0 dels morts: del seu regne ning\u00fa no torna, excepte amb un perm\u00eds div\u00ed especial (Orfeu, H\u00e8racles, parcialment Pers\u00e8fone). Com a <em>Plut\u00f3<\/em>, tamb\u00e9 \u00e9s patr\u00f3 de la riquesa, els tresors del subs\u00f2l, les reserves del gra i les riqueses minerals de la terra. En el <span class=\"iwg-fachbegriff\" data-tooltip=\"El conjunt d'actes de veneraci\u00f3 religiosa dedicats a una divinitat o figura sagrada.\" tabindex=\"0\">culte<\/span> eleus\u00ed predomina el seu aspecte ct\u00f2nic i fecundant.<\/p>\t\t\t\t\t\t\t\t<\/div>\n\t\t\t\t\t<\/div>\n\t\t\t\t<\/div>\n\t\t<div class=\"elementor-element elementor-element-jm2n74ec iwg-steckbrief-card e-flex e-con-boxed e-con e-child\" data-id=\"jm2n74ec\" data-element_type=\"container\" data-e-type=\"container\">\n\t\t\t\t\t<div class=\"e-con-inner\">\n\t\t\t\t<div class=\"elementor-element elementor-element-8vufse4c elementor-widget elementor-widget-heading\" data-id=\"8vufse4c\" data-element_type=\"widget\" data-e-type=\"widget\" data-widget_type=\"heading.default\">\n\t\t\t\t\t<div class=\"elementor-heading-title elementor-size-default\">L'aparen\u00e7a d'Hades<\/div>\t\t\t\t<\/div>\n\t\t\t\t<div class=\"elementor-element elementor-element-mwb9u015 elementor-widget elementor-widget-text-editor\" data-id=\"mwb9u015\" data-element_type=\"widget\" data-e-type=\"widget\" data-widget_type=\"text-editor.default\">\n\t\t\t\t\t\t\t\t\t<p>Figura masculina madura i majestuosa, amb r\u00ednxols espessos i barba plena, semblant a Zeus, per\u00f2 m\u00e9s sever i ombr\u00edvol. El <em>casc d&#8217;Hades<\/em> (capa d&#8217;invisibilitat, forjada pels ciclops) \u00e9s el seu atribut principal, que el fa invisible.<\/p><p>El <em>bident<\/em> (forca de dues puntes, semblant al trident de Posid\u00f3), la <em>corona de xiprer<\/em> (<span class=\"iwg-fachbegriff\" data-tooltip=\"Un signe que representa de manera simb\u00f2lica una idea o un significat.\" tabindex=\"0\">s\u00edmbol<\/span> de dol) i, en algunes representacions, una <em>magrana<\/em> (pel seu vincle amb Pers\u00e8fone). L&#8217;acompanya el gos de tres caps <em>C\u00e8rber<\/em>. En els pinakes de Locres apareix sovint entronitzat amb Pers\u00e8fone al costat. La seva pell sol representar-se m\u00e9s fosca que la de Zeus.<\/p>\t\t\t\t\t\t\t\t<\/div>\n\t\t\t\t\t<\/div>\n\t\t\t\t<\/div>\n\t\t\t\t<\/div>\n\t\t<div class=\"elementor-element elementor-element-pemmx7c2 e-con-full e-flex e-con e-child\" data-id=\"pemmx7c2\" data-element_type=\"container\" data-e-type=\"container\">\n\t\t<div class=\"elementor-element elementor-element-37ss2yr6 iwg-steckbrief-card e-flex e-con-boxed e-con e-child\" data-id=\"37ss2yr6\" data-element_type=\"container\" data-e-type=\"container\">\n\t\t\t\t\t<div class=\"e-con-inner\">\n\t\t\t\t<div class=\"elementor-element elementor-element-3v0wp3wx elementor-widget elementor-widget-heading\" data-id=\"3v0wp3wx\" data-element_type=\"widget\" data-e-type=\"widget\" data-widget_type=\"heading.default\">\n\t\t\t\t\t<h2 class=\"elementor-heading-title elementor-size-default\">La veneraci\u00f3 d'Hades<\/h2>\t\t\t\t<\/div>\n\t\t\t\t<div class=\"elementor-element elementor-element-w3247g2m elementor-widget elementor-widget-text-editor\" data-id=\"w3247g2m\" data-element_type=\"widget\" data-e-type=\"widget\" data-widget_type=\"text-editor.default\">\n\t\t\t\t\t\t\t\t\t<p><strong>\u00c0mbit d&#8217;acci\u00f3:<\/strong> Hades era invocat directament amb poca freq\u00fc\u00e8ncia, ja que el seu nom era considerat un tab\u00fa. Se solia invocar m\u00e9s sovint <em>Plut\u00f3<\/em> (riquesa), <em>Clim\u00e8<\/em> (\u00abel fam\u00f3s\u00bb) o <em>Eubuleu<\/em> (\u00abel bon conseller\u00bb). A Eleusis era central com a Plut\u00f3.<\/p><p>En el <span class=\"iwg-fachbegriff\" data-tooltip=\"El conjunt d'actes de veneraci\u00f3 religiosa dedicats a una divinitat o figura sagrada.\" tabindex=\"0\">culte<\/span> personal se li feia una <span class=\"iwg-fachbegriff\" data-tooltip=\"L'acte d'adre\u00e7ar-se a una divinitat o poder amb s\u00fapliques o conjurs.\" tabindex=\"0\">invocaci\u00f3<\/span> per demanar una mort segura, una mort clement. En els enterraments s&#8217;oferien sacrificis d&#8217;animals (anyells negres, porcs). En els juraments, s&#8217;invocava rarament amb l&#8217;ep\u00edtet d&#8217;Hades, ja que aix\u00f2 implicava un component de c\u00f2lera.<\/p>\t\t\t\t\t\t\t\t<\/div>\n\t\t\t\t\t<\/div>\n\t\t\t\t<\/div>\n\t\t<div class=\"elementor-element elementor-element-0qpjal9w iwg-steckbrief-card e-flex e-con-boxed e-con e-child\" data-id=\"0qpjal9w\" data-element_type=\"container\" data-e-type=\"container\">\n\t\t\t\t\t<div class=\"e-con-inner\">\n\t\t\t\t<div class=\"elementor-element elementor-element-6ndoih0o elementor-widget elementor-widget-heading\" data-id=\"6ndoih0o\" data-element_type=\"widget\" data-e-type=\"widget\" data-widget_type=\"heading.default\">\n\t\t\t\t\t<h2 class=\"elementor-heading-title elementor-size-default\">Els s\u00edmbols d'Hades<\/h2>\t\t\t\t<\/div>\n\t\t\t\t<div class=\"elementor-element elementor-element-6684tyh9 elementor-widget elementor-widget-text-editor\" data-id=\"6684tyh9\" data-element_type=\"widget\" data-e-type=\"widget\" data-widget_type=\"text-editor.default\">\n\t\t\t\t\t\t\t\t\t<p>Casc d&#8217;Hades (capa d&#8217;invisibilitat), bident (forca de dues puntes), corona de xiprer, C\u00e8rber (gos de tres caps), magrana (pel vincle amb Pers\u00e8fone), carro amb cavalls negres, clau (per tancar l&#8217;infram\u00f3n). Plantes: xiprer, asf\u00f2del, rosella, narc\u00eds (la flor de Pers\u00e8fone). Animals sagrats: ovelles negres, C\u00e8rber.<\/p>\t\t\t\t\t\t\t\t<\/div>\n\t\t\t\t\t<\/div>\n\t\t\t\t<\/div>\n\t\t<div class=\"elementor-element elementor-element-3lfi7x32 iwg-steckbrief-card e-flex e-con-boxed e-con e-child\" data-id=\"3lfi7x32\" data-element_type=\"container\" data-e-type=\"container\">\n\t\t\t\t\t<div class=\"e-con-inner\">\n\t\t\t\t<div class=\"elementor-element elementor-element-0kg99ga1 elementor-widget elementor-widget-heading\" data-id=\"0kg99ga1\" data-element_type=\"widget\" data-e-type=\"widget\" data-widget_type=\"heading.default\">\n\t\t\t\t\t<div class=\"elementor-heading-title elementor-size-default\">Paral\u00b7lelismes d'Hades<\/div>\t\t\t\t<\/div>\n\t\t\t\t<div class=\"elementor-element elementor-element-n0fum6kp elementor-widget elementor-widget-text-editor\" data-id=\"n0fum6kp\" data-element_type=\"widget\" data-e-type=\"widget\" data-widget_type=\"text-editor.default\">\n\t\t\t\t\t\t\t\t\t<p><em>Plut\u00f3<\/em> (Roma, adopci\u00f3 pr\u00e0cticament id\u00e8ntica), <em>Dis Pater<\/em> (Roma, forma romana anterior), <em>Yamaraja<\/em> (hinduisme, jutge dels morts), <em>Yama<\/em> (budisme), <em>Anubis\/Osiris<\/em> (Egipte, guia dels morts + rei dels morts), <em>Hel<\/em> (germ\u00e0nic, sobirana de l&#8217;infram\u00f3n), <em>Mictlantecuhtli<\/em> (asteca, senyor de Mictlan), <em>Yanluo<\/em> (Xina, senyor de Diyu), <em>Ereshkigal<\/em> (Mesopot\u00e0mia, reina de l&#8217;infram\u00f3n).<\/p>\t\t\t\t\t\t\t\t<\/div>\n\t\t\t\t\t<\/div>\n\t\t\t\t<\/div>\n\t\t\t\t<\/div>\n\t\t\t\t<\/div>\n\t\t\t\t\t<\/div>\n\t\t\t\t<\/div>\n\t\t<div class=\"elementor-element elementor-element-7533bc7a e-flex e-con-boxed e-con e-parent\" data-id=\"7533bc7a\" data-element_type=\"container\" data-e-type=\"container\">\n\t\t\t\t\t<div class=\"e-con-inner\">\n\t\t\t\t<div class=\"elementor-element elementor-element-2447d18d elementor-widget elementor-widget-heading\" data-id=\"2447d18d\" data-element_type=\"widget\" data-e-type=\"widget\" data-widget_type=\"heading.default\">\n\t\t\t\t\t<h2 class=\"elementor-heading-title elementor-size-default\">Veneraci\u00f3 en la vida quotidiana<\/h2>\t\t\t\t<\/div>\n\t\t<div class=\"elementor-element elementor-element-d5d0260c e-con-full e-flex e-con e-child\" data-id=\"d5d0260c\" data-element_type=\"container\" data-e-type=\"container\">\n\t\t\t\t<div class=\"elementor-element elementor-element-341be2ac elementor-widget elementor-widget-text-editor\" data-id=\"341be2ac\" data-element_type=\"widget\" data-e-type=\"widget\" data-widget_type=\"text-editor.default\">\n\t\t\t\t\t\t\t\t\t<p>Hades no era un d\u00e9u de la cultura festiva p\u00fablica, el seu nom s&#8217;evitava pronunciar, els <span class=\"iwg-fachbegriff\" data-tooltip=\"Una construcci\u00f3 dedicada al culte d'una o diverses divinitats.\" tabindex=\"0\">temples<\/span> eren rars i generalment apartats. En l&#8217;\u00e0mbit privat, la seva pres\u00e8ncia es manifestava sobretot en dos contextos: els rituals funeraris i els cultes de misteris.<\/p><p>En els enterraments, el difunt rebia una moneda a la boca (l&#8217;\u00f2bol de Caront) com a preu del passatge per a Caront, i de vegades pastissos de mel per a C\u00e8rber. Les cerim\u00f2nies de dol (Trita, Enata), al tercer i al nov\u00e8 dia despr\u00e9s de la mort, seguien preg\u00e0ries fixes adre\u00e7ades als d\u00e9us ct\u00f2nics. Les tombes familiars eren llocs de cura continuada, els \u00e0pats funeraris (Perideipnon) i les ofrenes peri\u00f2diques mantenien viu el vincle amb els difunts.<\/p><p>Els Misteris d&#8217;Eleusis, en els quals Hades i Pers\u00e8fone tenien papers centrals, promet ien als iniciats un dest\u00ed millor a l&#8217;altra vida. Els ritus exactes es mantenien secrets per obligaci\u00f3 de silenci, per\u00f2 Hades, com a <em>Plut\u00f3<\/em>, hi apareixia com un aspecte just i menys temible de si mateix.<\/p>\t\t\t\t\t\t\t\t<\/div>\n\t\t\t\t<\/div>\n\t\t\t\t\t<\/div>\n\t\t\t\t<\/div>\n\t\t<div class=\"elementor-element elementor-element-5a584676 e-flex e-con-boxed e-con e-parent\" data-id=\"5a584676\" data-element_type=\"container\" data-e-type=\"container\">\n\t\t\t\t\t<div class=\"e-con-inner\">\n\t\t\t\t<div class=\"elementor-element elementor-element-6d0757bf elementor-widget elementor-widget-heading\" data-id=\"6d0757bf\" data-element_type=\"widget\" data-e-type=\"widget\" data-widget_type=\"heading.default\">\n\t\t\t\t\t<h2 class=\"elementor-heading-title elementor-size-default\">Hades, paral\u00b7lelismes en altres cultures<\/h2>\t\t\t\t<\/div>\n\t\t<div class=\"elementor-element elementor-element-60563f68 e-con-full e-flex e-con e-child\" data-id=\"60563f68\" data-element_type=\"container\" data-e-type=\"container\">\n\t\t\t\t<div class=\"elementor-element elementor-element-5a93fdd6 elementor-widget elementor-widget-text-editor\" data-id=\"5a93fdd6\" data-element_type=\"widget\" data-e-type=\"widget\" data-widget_type=\"text-editor.default\">\n\t\t\t\t\t\t\t\t\t<p><strong>Tradici\u00f3 romana:<\/strong> Plut\u00f3 (adoptat del grec Plouton) i Dis Pater (pr\u00f2piament rom\u00e0). La fusi\u00f3 amb l&#8217;Hades grec \u00e9s completa. La Lemuria i les Parentalia com a equivalent rom\u00e0 de les festes gregues dels morts.<\/p><p><strong>Tradici\u00f3 etrusca:<\/strong> Aita (Hades) i la seva esposa Phersipnai (Pers\u00e8fone), sovint representats en sarc\u00f2fags i pintures murals etrusques. La concepci\u00f3 etrusca del m\u00f3n inferior va influir la romana i encara es reconeix en obres pict\u00f2riques grecoromanes tardanes.<\/p><p><strong>Tradici\u00f3 mesopot\u00e0mica:<\/strong> Ereshkigal com a senyora del m\u00f3n inferior (Kur, Irkalla), no masculina, per\u00f2 funcionalment comparable. El seu marit Nergal correspon en part m\u00e9s directament a l&#8217;aspecte d&#8217;Hades. El <span class=\"iwg-fachbegriff\" data-tooltip=\"Un element de contingut recurrent en l'art o la narrativa.\" tabindex=\"0\">motiu<\/span> del descens d&#8217;Inanna presenta paral\u00b7lelismes estructurals amb la hist\u00f2ria de Pers\u00e8fone.<\/p><p><strong>Tradici\u00f3 eg\u00edpcia:<\/strong> La funci\u00f3 es reparteix entre Osiris (governant del regne dels morts com a jutge just), Anubis (guia de les \u00e0nimes) i Hor-em-akhbit (guardi\u00e0 dels morts). L&#8217;<span class=\"iwg-fachbegriff\" data-tooltip=\"\u00c8poca de transici\u00f3 entre l'Antiguitat i l'edat mitjana, aproximadament del segle III al VII.\" tabindex=\"0\">antiguitat tardana<\/span> grecoromana va fondre Osiris i Hades en el <span class=\"iwg-fachbegriff\" data-tooltip=\"Fusi\u00f3 d'idees o divinitats provinents de diferents tradicions religioses.\" tabindex=\"0\">sincretisme<\/span> de Serapis.<\/p><p><strong>Tradici\u00f3 hind\u00fa:<\/strong> Yamaraja com a governant del regne dels morts (Yamaloka), el primer mortal que va trobar el cam\u00ed cap a l&#8217;altra vida. Yamaraja compareix amb Hades en la funci\u00f3 de jutge just i incorruptible; a difer\u00e8ncia d&#8217;Hades, per\u00f2, no resideix permanentment al regne dels morts, sin\u00f3 que hi fa visites regulars.<\/p><p><strong>Tradici\u00f3 germ\u00e0nica:<\/strong> Hel com a filla de Loki, senyora del regne dels morts hom\u00f2nim, Helheim. Funcionalment similar a Hades, per\u00f2 amb un accent moral diferent: Helheim era el lloc destinat als difunts que no havien mort en combat, per tant no era necess\u00e0riament un lloc de c\u00e0stig.<\/p>\t\t\t\t\t\t\t\t<\/div>\n\t\t\t\t<\/div>\n\t\t\t\t\t<\/div>\n\t\t\t\t<\/div>\n\t\t<div class=\"elementor-element elementor-element-cpdb03aa0 e-flex e-con-boxed e-con e-parent\" data-id=\"cpdb03aa0\" data-element_type=\"container\" data-e-type=\"container\">\n\t\t\t\t\t<div class=\"e-con-inner\">\n\t\t\t\t<div class=\"elementor-element elementor-element-cp9451301 elementor-widget elementor-widget-heading\" data-id=\"cp9451301\" data-element_type=\"widget\" data-e-type=\"widget\" data-widget_type=\"heading.default\">\n\t\t\t\t\t<h2 class=\"elementor-heading-title elementor-size-default\">El rapte de Pers\u00e8fone i l'origen de les estacions<\/h2>\t\t\t\t<\/div>\n\t\t<div class=\"elementor-element elementor-element-cp1ce65fb e-con-full e-flex e-con e-child\" data-id=\"cp1ce65fb\" data-element_type=\"container\" data-e-type=\"container\">\n\t\t\t\t<div class=\"elementor-element elementor-element-cp0f6c996 elementor-widget elementor-widget-text-editor\" data-id=\"cp0f6c996\" data-element_type=\"widget\" data-e-type=\"widget\" data-widget_type=\"text-editor.default\">\n\t\t\t\t\t\t\t\t\t<p>El <span class=\"iwg-fachbegriff\" data-tooltip=\"Una narraci\u00f3 transmesa sobre d\u00e9us, or\u00edgens i l'ordre del m\u00f3n.\" tabindex=\"0\">mite<\/span> m\u00e9s conegut sobre Hades \u00e9s el rapte de Pers\u00e8fone, narrat \u00e0mpliament a l&#8217;himne hom\u00e8ric a Dem\u00e8ter. Hades, senyor del m\u00f3n inferior, desitja Pers\u00e8fone, filla de Dem\u00e8ter i Zeus.<\/p><p>Amb el consentiment t\u00e0cit de Zeus, la terra s&#8217;obre mentre la noia cull flors, i Hades se l&#8217;end\u00fa cap a les profunditats en el seu carro. Dem\u00e8ter, la deessa del blat, cerca desesperadament la seva filla i, de dol, atura el creixement a la terra, de manera que amena\u00e7a la fam.<\/p><p>Zeus ha d&#8217;intervenir i envia Hermes a recuperar Pers\u00e8fone. Per\u00f2 Hades li fa menjar grans de magrana abans de la separaci\u00f3. Qui ha menjat aliment al m\u00f3n inferior hi queda lligat.<\/p><p>Aix\u00ed s&#8217;arriba a un acord: Pers\u00e8fone passa una part de l&#8217;any amb el seu marit al m\u00f3n inferior i una altra part amb la seva mare. Durant la separaci\u00f3, Dem\u00e8ter no deixa cr\u00e9ixer res; quan la filla torna, la terra floreix de nou.<\/p><p>Aquest <span class=\"iwg-fachbegriff\" data-tooltip=\"Una narraci\u00f3 transmesa sobre d\u00e9us, or\u00edgens i l'ordre del m\u00f3n.\" tabindex=\"0\">mite<\/span> \u00e9s un exemple cl\u00e0ssic de mite etiol\u00f2gic, \u00e9s a dir, una narraci\u00f3 que explica un ordre existent, en aquest cas l&#8217;alternan\u00e7a entre l&#8217;\u00e8poca de vegetaci\u00f3 i l&#8217;estaci\u00f3 est\u00e8ril. Alhora \u00e9s el mite fundacional dels misteris d&#8217;Eleusis, el culte misteric grec m\u00e9s important.<\/p><p>Des del punt de vista de la ci\u00e8ncia de les religions, \u00e9s notable que Hades, en aquesta narraci\u00f3, no sigui un vil\u00e0 tenebr\u00f3s, sin\u00f3 que actu\u00ef com un nuvi leg\u00edtim que fa valer la seva part de l&#8217;ordre. La duresa dels fets rau menys en la seva mal\u00edcia que en la inevitabilitat d&#8217;all\u00f2 que ell encarna.<\/p>\t\t\t\t\t\t\t\t<\/div>\n\t\t\t\t<\/div>\n\t\t\t\t\t<\/div>\n\t\t\t\t<\/div>\n\t\t<div class=\"elementor-element elementor-element-cpc0f7b41 e-flex e-con-boxed e-con e-parent\" data-id=\"cpc0f7b41\" data-element_type=\"container\" data-e-type=\"container\">\n\t\t\t\t\t<div class=\"e-con-inner\">\n\t\t\t\t<div class=\"elementor-element elementor-element-cpf9ff036 elementor-widget elementor-widget-heading\" data-id=\"cpf9ff036\" data-element_type=\"widget\" data-e-type=\"widget\" data-widget_type=\"heading.default\">\n\t\t\t\t\t<h2 class=\"elementor-heading-title elementor-size-default\">La geografia del m\u00f3n inferior<\/h2>\t\t\t\t<\/div>\n\t\t<div class=\"elementor-element elementor-element-cp2c02935 e-con-full e-flex e-con e-child\" data-id=\"cp2c02935\" data-element_type=\"container\" data-e-type=\"container\">\n\t\t\t\t<div class=\"elementor-element elementor-element-cp15dd9ea elementor-widget elementor-widget-text-editor\" data-id=\"cp15dd9ea\" data-element_type=\"widget\" data-e-type=\"widget\" data-widget_type=\"text-editor.default\">\n\t\t\t\t\t\t\t\t\t<p>El regne d&#8217;Hades tenia, en la concepci\u00f3 grega, una topografia sorprenentment concreta que es va anar diferenciant al llarg dels segles. Els morts hi arriben travessant un o diversos rius.<\/p><p>El m\u00e9s conegut \u00e9s l&#8217;<em>Estix<\/em>, sobre el qual tamb\u00e9 els d\u00e9us fan els seus juraments inviolables; a m\u00e9s s&#8217;esmenten l&#8217;<em>Aqueront<\/em>, el <em>Cocit<\/em>, el riu del plany, el <em>Piriflegetont<\/em>, el riu de foc, i el <em>Leteu<\/em>, el riu de l&#8217;oblit. El barquer Caront passa els morts a l&#8217;altra riba a canvi d&#8217;un \u00f2bol, una moneda que es lliurava als difunts.<\/p><p>L&#8217;entrada la guarda el gos de diversos caps C\u00e8rber, que no deixa entrar els vius ni sortir els morts. A l&#8217;interior hi ha diverses regions. El prat d&#8217;asf\u00f2dels \u00e9s el lloc d&#8217;estada dels morts corrents i ombr\u00edvols.<\/p><p>El <em>T\u00e0rtar<\/em> \u00e9s l&#8217;abisme m\u00e9s profund, un lloc de c\u00e0stig per als grans transgressors com T\u00e0ntal, S\u00edsif o Titi. Els <em>Camps Elisis<\/em>, o les illes dels benaurats, s\u00f3n en canvi un lloc de bona sort per als especialment afavorits; aquesta idea es desenvolupa sobretot en fonts posteriors.<\/p><p>Sobre el dest\u00ed dels morts vetllen jutges, generalment anomenats Minos, Radamant i \u00c8ac. Aquesta elaborada geografia de l&#8217;ultratomba no hi \u00e9s des del principi. En Homer, el m\u00f3n inferior \u00e9s encara un lloc uniforme i sense joia, on tots els morts existeixen igualment com a ombres sense for\u00e7a.<\/p><p>Nom\u00e9s amb les concepcions \u00f2rfiques, pitag\u00f2riques i filos\u00f2fiques, visibles per exemple en P\u00edndar i Plat\u00f3, s&#8217;hi afegeix la idea de recompensa i c\u00e0stig despr\u00e9s de la mort. La recerca interpreta aquesta evoluci\u00f3 com un reflex de les concepcions canviants sobre la just\u00edcia i la responsabilitat individual.<\/p>\t\t\t\t\t\t\t\t<\/div>\n\t\t\t\t<\/div>\n\t\t\t\t\t<\/div>\n\t\t\t\t<\/div>\n\t\t<div class=\"elementor-element elementor-element-cpdf5a9d0 e-flex e-con-boxed e-con e-parent\" data-id=\"cpdf5a9d0\" data-element_type=\"container\" data-e-type=\"container\">\n\t\t\t\t\t<div class=\"e-con-inner\">\n\t\t\t\t<div class=\"elementor-element elementor-element-cpb6d7d01 elementor-widget elementor-widget-heading\" data-id=\"cpb6d7d01\" data-element_type=\"widget\" data-e-type=\"widget\" data-widget_type=\"heading.default\">\n\t\t\t\t\t<h2 class=\"elementor-heading-title elementor-size-default\">El nom que no es pronuncia: eufemismes i culte<\/h2>\t\t\t\t<\/div>\n\t\t<div class=\"elementor-element elementor-element-cp004bd9e e-con-full e-flex e-con e-child\" data-id=\"cp004bd9e\" data-element_type=\"container\" data-e-type=\"container\">\n\t\t\t\t<div class=\"elementor-element elementor-element-cpca45407 elementor-widget elementor-widget-text-editor\" data-id=\"cpca45407\" data-element_type=\"widget\" data-e-type=\"widget\" data-widget_type=\"text-editor.default\">\n\t\t\t\t\t\t\t\t\t<p>Hades ocupa una posici\u00f3 peculiar dins el <span class=\"iwg-fachbegriff\" data-tooltip=\"El conjunt de d\u00e9us d'una religi\u00f3 o cultura.\" tabindex=\"0\">pante\u00f3<\/span> grec. \u00c9s un d\u00e9u ol\u00edmpic, un dels tres fills de Cronos que, despr\u00e9s de la caiguda dels titans, es van repartir el m\u00f3n: Zeus el cel, Posid\u00f3 el mar, Hades el m\u00f3n subterrani.<\/p><p>Tot i aix\u00f2, no era venerat com els altres ol\u00edmpics. Els grecs evitaven pronunciar el seu nom directament, ja que es creia que fins i tot esmentar-lo podia atreure la desgr\u00e0cia.<\/p><p>Per aix\u00f2 s&#8217;utilitzaven noms encobridors. El m\u00e9s freq\u00fcent \u00e9s <em>Plouton<\/em>, el Ric, que al\u00b7ludeix a la riquesa que hi ha sota terra: el gra que hi creix i els minerals que cont\u00e9.<\/p><p>D&#8217;aquest ep\u00edtet deriva el nom llat\u00ed <a href=\"https:\/\/iwell-guard.com\/ca\/?page_id=171505\">Plut\u00f3<\/a>. Altres denominacions eren <em>Klymenos<\/em>, el C\u00e8lebre, o <em>Eubouleus<\/em>, el bon conseller. Tamb\u00e9 el mateix nom d&#8217;Hades es va interpretar sovint durant l&#8217;<span class=\"iwg-fachbegriff\" data-tooltip=\"\u00c8poca de la cultura grega i romana, aproximadament del 800 a.C. al 600 d.C.\" tabindex=\"0\">antiguitat<\/span> com \u00abl&#8217;Invisible\u00bb, una etimologia que no est\u00e0 ling\u00fc\u00edsticament confirmada per\u00f2 que reflecteix b\u00e9 la naturalesa del d\u00e9u.<\/p><p>El d\u00e9u tenia poques vegades <span class=\"iwg-fachbegriff\" data-tooltip=\"Un edifici destinat a la veneraci\u00f3 d'una o m\u00e9s divinitats.\" tabindex=\"0\">temples<\/span> propis i festes p\u00fabliques, a difer\u00e8ncia dels seus germans. On se&#8217;l venerava en un culte, aix\u00f2 es feia sovint sota el nom de Plouton, freq\u00fcentment junt amb Pers\u00e8fone i Dem\u00e8ter, com a Eleusis.<\/p><p>Les ofrenes a Hades eren ct\u00f2niques, \u00e9s a dir, dirigides a la terra. Se sacrificaven animals negres, la sang es vessava en un fossat i la cara es girava cap a un altre costat. Des del punt de vista de la ci\u00e8ncia de les religions, aix\u00f2 mostra que Hades no era tant una figura a qui es dirigien peticions, sin\u00f3 m\u00e9s b\u00e9 la personificaci\u00f3 d&#8217;un \u00e0mbit al qual tots els vius arriben inevitablement, i que hom intentava mantenir a dist\u00e0ncia mitjan\u00e7ant l&#8217;evitaci\u00f3 del seu nom i la precauci\u00f3 ritual.<\/p>\t\t\t\t\t\t\t\t<\/div>\n\t\t\t\t<\/div>\n\t\t\t\t\t<\/div>\n\t\t\t\t<\/div>\n\t\t<div class=\"elementor-element elementor-element-cpd5f7637 e-flex e-con-boxed e-con e-parent\" data-id=\"cpd5f7637\" data-element_type=\"container\" data-e-type=\"container\">\n\t\t\t\t\t<div class=\"e-con-inner\">\n\t\t\t\t<div class=\"elementor-element elementor-element-cpee85b9f elementor-widget elementor-widget-heading\" data-id=\"cpee85b9f\" data-element_type=\"widget\" data-e-type=\"widget\" data-widget_type=\"heading.default\">\n\t\t\t\t\t<h2 class=\"elementor-heading-title elementor-size-default\">Qui va entrar a l'Hades: Orfeu, H\u00e8racles i els travessadors de la frontera<\/h2>\t\t\t\t<\/div>\n\t\t<div class=\"elementor-element elementor-element-cpf488011 e-con-full e-flex e-con e-child\" data-id=\"cpf488011\" data-element_type=\"container\" data-e-type=\"container\">\n\t\t\t\t<div class=\"elementor-element elementor-element-cpdba04dd elementor-widget elementor-widget-text-editor\" data-id=\"cpdba04dd\" data-element_type=\"widget\" data-e-type=\"widget\" data-widget_type=\"text-editor.default\">\n\t\t\t\t\t\t\t\t\t<p>El regne d&#8217;Hades es considerava definitiu, per\u00f2 el <span class=\"iwg-fachbegriff\" data-tooltip=\"Un relat transm\u00e8s sobre d\u00e9us, or\u00edgens i l'ordre del m\u00f3n.\" tabindex=\"0\">mite<\/span> coneix algunes figures que el van visitar en vida i en van tornar.<\/p><p>Aquestes incursions a la frontera, la <em>Kat\u00e1basis<\/em>, el descens, pertanyen als relats m\u00e9s impressionants de la <span class=\"iwg-fachbegriff\" data-tooltip=\"La transmissi\u00f3 de coneixements i relats al llarg de generacions.\" tabindex=\"0\">tradici\u00f3<\/span> grega. Mostren el m\u00f3n subterrani des de dins, no des de fora, i exploren fins on \u00e9s possible desafiar la mort i fins on no.<\/p><p>Orfeu, el cantor, baixa per rescatar la seva difunta esposa Eur\u00eddice. El seu cant commou els governants del m\u00f3n subterrani, que li permeten emportar-se-la sota una condici\u00f3: Orfeu no pot mirar enrere cap a Eur\u00eddice mentre pugen. Just abans de sortir, mira enrere, i ella es perd per sempre.<\/p><p>H\u00e8racles, en canvi, aconsegueix la seva tasca: com a darrer dels seus treballs ha de portar el gos guardi\u00e0 C\u00e8rber al m\u00f3n dels vius, cosa que fa amb perm\u00eds d&#8217;Hades i amb la seva pr\u00f2pia for\u00e7a. Teseu i Pir\u00edto tamb\u00e9 baixen per raptar Pers\u00e8fone, per\u00f2 fracassen i queden presoners; Teseu \u00e9s alliberat m\u00e9s tard per H\u00e8racles.<\/p><p>A l&#8217;<em>Odissea<\/em>, Ulisses viatja fins a la vora del m\u00f3n subterrani per consultar l&#8217;endev\u00ed Tir\u00e8sias i hi parla amb les ombres dels morts. Aquests relats s\u00f3n cient\u00edficament reveladors perqu\u00e8 posen en joc, de manera liter\u00e0ria, la visi\u00f3 de l&#8217;ultram\u00f3n.<\/p><p>Tots insisteixen en la irrevocabilitat de la mort: fins i tot els herois m\u00e9s grans i el cantor m\u00e9s gran nom\u00e9s poden travessar la frontera excepcionalment, sota condicions i, en la majoria dels casos, de manera incompleta. Hades apareix aqu\u00ed com el guardi\u00e0 d&#8217;un ordre que fins i tot els d\u00e9us respecten, no com un tir\u00e0 arbitrari.<\/p>\t\t\t\t\t\t\t\t<\/div>\n\t\t\t\t<\/div>\n\t\t\t\t\t<\/div>\n\t\t\t\t<\/div>\n\t\t<div class=\"elementor-element elementor-element-36dd7469 e-flex e-con-boxed e-con e-parent\" data-id=\"36dd7469\" data-element_type=\"container\" data-e-type=\"container\">\n\t\t\t\t\t<div class=\"e-con-inner\">\n\t\t\t\t<div class=\"elementor-element elementor-element-13760ab4 elementor-widget elementor-widget-heading\" data-id=\"13760ab4\" data-element_type=\"widget\" data-e-type=\"widget\" data-widget_type=\"heading.default\">\n\t\t\t\t\t<h2 class=\"elementor-heading-title elementor-size-default\">Enlla\u00e7os relacionats<\/h2>\t\t\t\t<\/div>\n\t\t<div class=\"elementor-element elementor-element-28c87796 e-con-full e-flex e-con e-child\" data-id=\"28c87796\" data-element_type=\"container\" data-e-type=\"container\">\n\t\t\t\t<div class=\"elementor-element elementor-element-5d6538df elementor-widget elementor-widget-text-editor\" data-id=\"5d6538df\" data-element_type=\"widget\" data-e-type=\"widget\" data-widget_type=\"text-editor.default\">\n\t\t\t\t\t\t\t\t\t<ul><li><a href=\"https:\/\/iwell-guard.com\/ca\/?page_id=171502\">Pers\u00e8fone, esposa<\/a><\/li><li><a href=\"https:\/\/iwell-guard.com\/ca\/?page_id=171539\">Dem\u00e8ter, sogra, antagonista al mite de Pers\u00e8fone<\/a><\/li><li><a href=\"https:\/\/iwell-guard.com\/ca\/?page_id=171473\">Caront, barquer del seu regne<\/a><\/li><li><a href=\"https:\/\/iwell-guard.com\/ca\/hecate\/\">H\u00e8cate, acompanyant al mite de Pers\u00e8fone<\/a><\/li><li><a href=\"https:\/\/iwell-guard.com\/ca\/grecia\/\">Gr\u00e8cia, visi\u00f3 general del pante\u00f3<\/a><\/li><li><a href=\"https:\/\/iwell-guard.com\/ca\/?page_id=171461\">Divinitats de la mort, subcategoria<\/a><\/li><li><a href=\"https:\/\/iwell-guard.com\/ca\/?page_id=171431\">D\u00e9us, visi\u00f3 general de les classes<\/a><\/li><\/ul>\t\t\t\t\t\t\t\t<\/div>\n\t\t\t\t<\/div>\n\t\t\t\t\t<\/div>\n\t\t\t\t<\/div>\n\t\t<div class=\"elementor-element elementor-element-grl4kl40 e-flex e-con-boxed e-con e-parent\" data-id=\"grl4kl40\" data-element_type=\"container\" data-e-type=\"container\">\n\t\t\t\t\t<div class=\"e-con-inner\">\n\t\t\t\t<div class=\"elementor-element elementor-element-bzsbfrmh elementor-widget elementor-widget-heading\" data-id=\"bzsbfrmh\" data-element_type=\"widget\" data-e-type=\"widget\" data-widget_type=\"heading.default\">\n\t\t\t\t\t<h2 class=\"elementor-heading-title elementor-size-default\">Bibliografia (selecci\u00f3)<\/h2>\t\t\t\t<\/div>\n\t\t<div class=\"elementor-element elementor-element-2c13224a e-con-full e-flex e-con e-child\" data-id=\"2c13224a\" data-element_type=\"container\" data-e-type=\"container\">\n\t\t\t\t<div class=\"elementor-element elementor-element-0eymh9ub elementor-widget elementor-widget-text-editor\" data-id=\"0eymh9ub\" data-element_type=\"widget\" data-e-type=\"widget\" data-widget_type=\"text-editor.default\">\n\t\t\t\t\t\t\t\t\t<footer class=\"iwg-literatur\" data-nosnippet=\"true\"><ul><li><span data-nosnippet>Sourvinou-Inwood, Christiane: <em>\u00abReading\u00bb Greek Death<\/em>. Oxford 1995.<\/span><\/li><li><span data-nosnippet>Garland, Robert: <em>The Greek Way of Death<\/em>. London 1985.<\/span><\/li><li>Paus\u00e0nies: <em>Descripci\u00f3 de Gr\u00e8cia<\/em>.<\/li><li>Virgili: <em>Eneida<\/em>, llibre VI.<\/li><li>Walde, Christine (Hg.): <em>Der Neue Pauly<\/em> (lema \u00abHades\u00bb).<\/li><\/ul><\/footer>\n<p class=\"iwg-bib-more\"><span data-nosnippet>M\u00e9s obres de refer\u00e8ncia a la <a href=\"https:\/\/iwell-guard.com\/ca\/?page_id=171483\">bibliografia<\/a>.<\/span><\/p>\t\t\t\t\t\t\t\t<\/div>\n\t\t\t\t<\/div>\n\t\t\t\t\t<\/div>\n\t\t\t\t<\/div>\n\t\t<div class=\"elementor-element elementor-element-23c2b98 e-con-boxed e-flex e-con e-parent\" data-id=\"23c2b98\" data-element_type=\"container\" data-e-type=\"container\">\n\t\t\t\t\t<div class=\"e-con-inner\">\n\t\t\t\t<div class=\"elementor-element elementor-element-031b526 elementor-widget elementor-widget-text-editor\" data-id=\"031b526\" data-element_type=\"widget\" data-e-type=\"widget\" data-widget_type=\"text-editor.default\">\n\t\t\t\t\t\t\t\t\t\n<h2>Preguntes freq\u00fcents sobre Hades<\/h2>\n<div class=\"iwg-faq-q\"><h3>Qui era Hades en la <span class=\"iwg-fachbegriff\" data-tooltip=\"El conjunt de relats m\u00edtics transmesos sobre els d\u00e9us d'una cultura.\" tabindex=\"0\">mitologia<\/span> grega?<\/h3><p>Hades (tamb\u00e9 A\u00efdes, l&#8217;Invisible) \u00e9s el fill m\u00e9s gran de Cronos i Rea i un dels tres grans germans del <span class=\"iwg-fachbegriff\" data-tooltip=\"El conjunt de d\u00e9us d'una religi\u00f3 o cultura.\" tabindex=\"0\">pante\u00f3<\/span> ol\u00edmpic. Despr\u00e9s de la vict\u00f2ria sobre els titans, Zeus, Posid\u00f3 i Hades es van repartir el regne: Zeus va rebre el cel, Posid\u00f3 el mar, Hades el m\u00f3n subterrani.<\/p><p>Hades \u00e9s el sobir\u00e0 del regne dels morts; el d\u00e9u de la mort pr\u00f2piament dit \u00e9s T\u00e0natos. \u00c9s estricte per\u00f2 just. A difer\u00e8ncia de l&#8217;infern cristi\u00e0 posterior, el seu regne no \u00e9s un lloc de c\u00e0stig, sin\u00f3 la destinaci\u00f3 universal de tots els morts.<\/p><\/div>\n<div class=\"iwg-faq-q\"><h3>Quina \u00e9s la difer\u00e8ncia entre l&#8217;Hades, el T\u00e0rtar i l&#8217;Elisi?<\/h3><p>En la imatge hel\u00b7len\u00edstica del m\u00f3n subterrani hi ha tres \u00e0mbits principals: l&#8217;Hades (Erebos) \u00e9s el regne neutral dels morts ordinaris. El T\u00e0rtar \u00e9s l&#8217;abisme m\u00e9s profund, lloc de c\u00e0stig per als grans transgressors (S\u00edsif, T\u00e0ntal, \u00cdxion) i pres\u00f3 dels titans ven\u00e7uts.<\/p><p>L&#8217;Elisi (Camps Elisis) \u00e9s el lloc de resid\u00e8ncia dels herois i dels virtuosos. El Lete (riu de l&#8217;oblit) es troba a l&#8217;entrada; qui hi beu oblida la seva vida passada. Caront \u00e9s el barquer que travessa l&#8217;Estix (riu de l&#8217;odi).<\/p><\/div>\n<script type=\"application\/ld+json\">{\"@context\":\"https:\/\/schema.org\",\"@type\":\"FAQPage\",\"mainEntity\":[{\"@type\":\"Question\",\"name\":\"Qui era Hades en la mitologia grega?\",\"acceptedAnswer\":{\"@type\":\"Answer\",\"text\":\"Hades (tamb\u00e9 A\u00efdes, l'Invisible) \u00e9s el fill m\u00e9s gran de Cronos i Rea i un dels tres grans germans del pante\u00f3 ol\u00edmpic. Despr\u00e9s de la vict\u00f2ria sobre els titans, Zeus, Posid\u00f3 i Hades es van repartir el regne: Zeus va rebre el cel, Posid\u00f3 el mar, Hades el m\u00f3n subterrani.Hades \u00e9s el sobir\u00e0 del regne dels morts; el d\u00e9u de la mort pr\u00f2piament dit \u00e9s T\u00e0natos. \u00c9s estricte per\u00f2 just. A difer\u00e8ncia de l'infern cristi\u00e0 posterior, el seu regne no \u00e9s un lloc de c\u00e0stig, sin\u00f3 la destinaci\u00f3 universal de tots els morts.\"}},{\"@type\":\"Question\",\"name\":\"Quina \u00e9s la difer\u00e8ncia entre l'Hades, el T\u00e0rtar i l'Elisi?\",\"acceptedAnswer\":{\"@type\":\"Answer\",\"text\":\"En la imatge hel\u00b7len\u00edstica del m\u00f3n subterrani hi ha tres \u00e0mbits principals: l'Hades (Erebos) \u00e9s el regne neutral dels morts ordinaris. El T\u00e0rtar \u00e9s l'abisme m\u00e9s profund, lloc de c\u00e0stig per als grans transgressors (S\u00edsif, T\u00e0ntal, \u00cdxion) i pres\u00f3 dels titans ven\u00e7uts.L'Elisi (Camps Elisis) \u00e9s el lloc de resid\u00e8ncia dels herois i dels virtuosos. El Lete (riu de l'oblit) es troba a l'entrada; qui hi beu oblida la seva vida passada. Caront \u00e9s el barquer que travessa l'Estix (riu de l'odi).\"}}]}<\/script>\t\t\t\t\t\t\t\t<\/div>\n\t\t\t\t\t<\/div>\n\t\t\t\t<\/div>\n\t\t\t\t<\/div>\n\t\t","protected":false},"excerpt":{"rendered":"","protected":false},"author":3,"featured_media":1724,"parent":0,"menu_order":0,"comment_status":"closed","ping_status":"closed","template":"elementor_header_footer","meta":{"_yoast_wpseo_focuskw":"Hades","_yoast_wpseo_title":"Hades \u2013 Sobir\u00e0 de l'infram\u00f3n, divinitat funer\u00e0ria de Gr\u00e8cia","_yoast_wpseo_metadesc":"Hades, sobir\u00e0 de l'infram\u00f3n i d\u00e9u funerari de Gr\u00e8cia. El casc d'invisibilitat, C\u00e8rber, els Misteris d'Eleusis i el seu paral\u00b7lel rom\u00e0, Plut\u00f3.","_yoast_wpseo_meta-robots-noindex":"","_yoast_wpseo_canonical":"","_angie_page":false,"gefaehrdungsstufe":"2","wesen_kultur":"griechenland","wesen_klasse":"goetter","footnotes":""},"categories":[],"class_list":["post-171468","page","type-page","status-publish","has-post-thumbnail","hentry"],"yoast_head":"<!-- This site is optimized with the Yoast SEO Premium plugin v27.7 (Yoast SEO v28.3) - https:\/\/yoast.com\/product\/yoast-seo-premium-wordpress\/ -->\n<title>Hades \u2013 Sobir\u00e0 de l&#039;infram\u00f3n, divinitat funer\u00e0ria de Gr\u00e8cia<\/title>\n<meta name=\"description\" content=\"Hades, sobir\u00e0 de l&#039;infram\u00f3n i d\u00e9u funerari de Gr\u00e8cia. El casc d&#039;invisibilitat, C\u00e8rber, els Misteris d&#039;Eleusis i el seu paral\u00b7lel rom\u00e0, Plut\u00f3.\" \/>\n<meta name=\"robots\" content=\"index, follow, max-snippet:-1, max-image-preview:large, max-video-preview:-1\" \/>\n<link rel=\"canonical\" href=\"https:\/\/iwell-guard.com\/ca\/hades\/\" \/>\n<meta property=\"og:locale\" content=\"ca_ES\" \/>\n<meta property=\"og:type\" content=\"article\" \/>\n<meta property=\"og:title\" content=\"Hades\" \/>\n<meta property=\"og:description\" content=\"Hades, sobir\u00e0 de l&#039;infram\u00f3n i d\u00e9u funerari de Gr\u00e8cia. El casc d&#039;invisibilitat, C\u00e8rber, els Misteris d&#039;Eleusis i el seu paral\u00b7lel rom\u00e0, Plut\u00f3.\" \/>\n<meta property=\"og:url\" content=\"https:\/\/iwell-guard.com\/ca\/hades\/\" \/>\n<meta property=\"og:site_name\" content=\"iWell Guard\" \/>\n<meta property=\"article:modified_time\" content=\"2026-09-05T15:58:30+00:00\" \/>\n<meta property=\"og:image\" content=\"https:\/\/iwell-guard.com\/wp-content\/uploads\/2026\/04\/goetter_griechenland_hades.webp\" \/>\n\t<meta property=\"og:image:width\" content=\"1024\" \/>\n\t<meta property=\"og:image:height\" content=\"1536\" \/>\n\t<meta property=\"og:image:type\" content=\"image\/webp\" \/>\n<meta name=\"twitter:card\" content=\"summary_large_image\" \/>\n<script type=\"application\/ld+json\" class=\"yoast-schema-graph\">{\"@context\":\"https:\\\/\\\/schema.org\",\"@graph\":[{\"@type\":\"WebPage\",\"@id\":\"https:\\\/\\\/iwell-guard.com\\\/ca\\\/hades\\\/\",\"url\":\"https:\\\/\\\/iwell-guard.com\\\/ca\\\/hades\\\/\",\"name\":\"Hades \u2013 Sobir\u00e0 de l'infram\u00f3n, divinitat funer\u00e0ria de Gr\u00e8cia\",\"isPartOf\":{\"@id\":\"https:\\\/\\\/iwell-guard.com\\\/ca\\\/#website\"},\"primaryImageOfPage\":{\"@id\":\"https:\\\/\\\/iwell-guard.com\\\/ca\\\/hades\\\/#primaryimage\"},\"image\":{\"@id\":\"https:\\\/\\\/iwell-guard.com\\\/ca\\\/hades\\\/#primaryimage\"},\"thumbnailUrl\":\"https:\\\/\\\/iwell-guard.com\\\/wp-content\\\/uploads\\\/2026\\\/04\\\/goetter_griechenland_hades.webp\",\"datePublished\":\"2026-09-05T15:39:38+00:00\",\"dateModified\":\"2026-09-05T15:58:30+00:00\",\"description\":\"Hades, sobir\u00e0 de l'infram\u00f3n i d\u00e9u funerari de Gr\u00e8cia. El casc d'invisibilitat, C\u00e8rber, els Misteris d'Eleusis i el seu paral\u00b7lel rom\u00e0, Plut\u00f3.\",\"breadcrumb\":{\"@id\":\"https:\\\/\\\/iwell-guard.com\\\/ca\\\/hades\\\/#breadcrumb\"},\"inLanguage\":\"ca\",\"potentialAction\":[{\"@type\":\"ReadAction\",\"target\":[\"https:\\\/\\\/iwell-guard.com\\\/ca\\\/hades\\\/\"]}]},{\"@type\":\"ImageObject\",\"inLanguage\":\"ca\",\"@id\":\"https:\\\/\\\/iwell-guard.com\\\/ca\\\/hades\\\/#primaryimage\",\"url\":\"https:\\\/\\\/iwell-guard.com\\\/wp-content\\\/uploads\\\/2026\\\/04\\\/goetter_griechenland_hades.webp\",\"contentUrl\":\"https:\\\/\\\/iwell-guard.com\\\/wp-content\\\/uploads\\\/2026\\\/04\\\/goetter_griechenland_hades.webp\",\"width\":1024,\"height\":1536,\"caption\":\"D\u00e9us de la tradici\u00f3 grega.\"},{\"@type\":\"BreadcrumbList\",\"@id\":\"https:\\\/\\\/iwell-guard.com\\\/ca\\\/hades\\\/#breadcrumb\",\"itemListElement\":[{\"@type\":\"ListItem\",\"position\":1,\"name\":\"Start\",\"item\":\"https:\\\/\\\/iwell-guard.com\\\/ca\\\/?page_id=171333\"},{\"@type\":\"ListItem\",\"position\":2,\"name\":\"Hades\"}]},{\"@type\":\"WebSite\",\"@id\":\"https:\\\/\\\/iwell-guard.com\\\/ca\\\/#website\",\"url\":\"https:\\\/\\\/iwell-guard.com\\\/ca\\\/\",\"name\":\"iWell Guard\",\"description\":\"Schutz vor dunklen Einfl\u00fcssen\",\"publisher\":{\"@id\":\"https:\\\/\\\/iwell-guard.com\\\/ca\\\/#organization\"},\"potentialAction\":[{\"@type\":\"SearchAction\",\"target\":{\"@type\":\"EntryPoint\",\"urlTemplate\":\"https:\\\/\\\/iwell-guard.com\\\/ca\\\/?s={search_term_string}\"},\"query-input\":{\"@type\":\"PropertyValueSpecification\",\"valueRequired\":true,\"valueName\":\"search_term_string\"}}],\"inLanguage\":\"ca\"},{\"@type\":\"Organization\",\"@id\":\"https:\\\/\\\/iwell-guard.com\\\/ca\\\/#organization\",\"name\":\"Ittermann electronic GmbH\",\"url\":\"https:\\\/\\\/iwell-guard.com\\\/ca\\\/\",\"logo\":{\"@type\":\"ImageObject\",\"inLanguage\":\"ca\",\"@id\":\"https:\\\/\\\/iwell-guard.com\\\/ca\\\/#\\\/schema\\\/logo\\\/image\\\/\",\"url\":\"https:\\\/\\\/iwell-guard.com\\\/wp-content\\\/uploads\\\/2026\\\/05\\\/Ittermann-Logo-1182x237-1.png\",\"contentUrl\":\"https:\\\/\\\/iwell-guard.com\\\/wp-content\\\/uploads\\\/2026\\\/05\\\/Ittermann-Logo-1182x237-1.png\",\"width\":1182,\"height\":237,\"caption\":\"Ittermann electronic GmbH\"},\"image\":{\"@id\":\"https:\\\/\\\/iwell-guard.com\\\/ca\\\/#\\\/schema\\\/logo\\\/image\\\/\"},\"sameAs\":[\"https:\\\/\\\/pantip.com\\\/profile\\\/9367242\",\"https:\\\/\\\/micro.blog\\\/iwellguard\",\"https:\\\/\\\/www.diggerslist.com\\\/iwellguard\\\/about\",\"https:\\\/\\\/skitterphoto.com\\\/photographers\\\/2870314\\\/iwell-guard\",\"https:\\\/\\\/iwellguard.wordpress.com\\\/2026\\\/06\\\/06\\\/iwell-guard\\\/\",\"https:\\\/\\\/hub.docker.com\\\/u\\\/iwellguard\",\"https:\\\/\\\/www.pinterest.com\\\/iwellguard\\\/\",\"https:\\\/\\\/bit.ly\\\/m\\\/iwellguard\",\"https:\\\/\\\/entre-vos-mains.alsace.eu\\\/profiles\\\/iwellguard\\\/activity\",\"https:\\\/\\\/gravatar.com\\\/reallybeded8fd34\",\"https:\\\/\\\/naijamatta.com\\\/iwellguard\",\"https:\\\/\\\/www.goodreads.com\\\/iwellguard\",\"https:\\\/\\\/profile.hatena.ne.jp\\\/iwellguard\\\/\",\"https:\\\/\\\/experiment.com\\\/users\\\/iwellguard\",\"https:\\\/\\\/wakelet.com\\\/@iWellGuard82270\",\"https:\\\/\\\/www.chordie.com\\\/forum\\\/profile.php?id=2555664\",\"https:\\\/\\\/www.instapaper.com\\\/p\\\/17757966\",\"https:\\\/\\\/www.mapleprimes.com\\\/users\\\/iwellguard\",\"https:\\\/\\\/businesslistingplus.com\\\/profile\\\/iwell-guard\\\/\",\"https:\\\/\\\/telegra.ph\\\/iWell-Guard-06-06\",\"https:\\\/\\\/pbase.com\\\/iwellguard\\\/iwellguard\",\"https:\\\/\\\/b.hatena.ne.jp\\\/iwellguard\\\/20260607#bookmark-4788405196491818882\",\"https:\\\/\\\/fliphtml5.com\\\/home\\\/iwellguard\",\"https:\\\/\\\/anyflip.com\\\/homepage\\\/cmiwl#About\",\"https:\\\/\\\/transfur.com\\\/Users\\\/iwellguard\",\"http:\\\/\\\/delphi.larsbo.org\\\/user\\\/iwellguard\",\"https:\\\/\\\/jobs.lajobsportal.org\\\/profiles\\\/8380803-iwell-guard\",\"https:\\\/\\\/md.chaosdorf.de\\\/s\\\/jfbe5SBdJD\",\"https:\\\/\\\/www.lingvolive.com\\\/en-us\\\/profile\\\/9ecaeaca-ce11-4e51-9e71-01d55e2bff36\\\/translations\",\"https:\\\/\\\/www.fitday.com\\\/fitness\\\/forums\\\/members\\\/iwellguard.html\",\"https:\\\/\\\/www.mymeetbook.com\\\/iwellguard\",\"https:\\\/\\\/pxhere.com\\\/en\\\/photographer-me\\\/5040798\",\"https:\\\/\\\/disqus.com\\\/by\\\/iwellguard\\\/about\\\/\",\"https:\\\/\\\/pastelink.net\\\/hjwciqwq\",\"https:\\\/\\\/pubhtml5.com\\\/homepage\\\/scjhn\\\/\",\"https:\\\/\\\/www.bitchute.com\\\/channel\\\/2O2eOKzNqujT\",\"https:\\\/\\\/audiomack.com\\\/iwellguard\"]},{\"@type\":\"Article\",\"@id\":\"https:\\\/\\\/iwell-guard.com\\\/ca\\\/hades\\\/#article\",\"isPartOf\":{\"@id\":\"https:\\\/\\\/iwell-guard.com\\\/ca\\\/hades\\\/\"},\"author\":{\"name\":\"Ralf Ittermann\",\"@id\":\"https:\\\/\\\/iwell-guard.com\\\/ca\\\/#\\\/schema\\\/person\\\/ee2a27f1cac3406c7c6fb5820cb7349f\"},\"headline\":\"Hades\",\"datePublished\":\"2026-09-05T15:39:38+00:00\",\"dateModified\":\"2026-09-05T15:58:30+00:00\",\"mainEntityOfPage\":{\"@id\":\"https:\\\/\\\/iwell-guard.com\\\/ca\\\/hades\\\/\"},\"publisher\":{\"@id\":\"https:\\\/\\\/iwell-guard.com\\\/ca\\\/#organization\"},\"image\":{\"@id\":\"https:\\\/\\\/iwell-guard.com\\\/ca\\\/hades\\\/#primaryimage\"},\"thumbnailUrl\":\"https:\\\/\\\/iwell-guard.com\\\/wp-content\\\/uploads\\\/2026\\\/04\\\/goetter_griechenland_hades.webp\",\"inLanguage\":\"ca\",\"description\":\"Hades, sobir\u00e0 de l'infram\u00f3n i d\u00e9u funerari de Gr\u00e8cia. El casc d'invisibilitat, C\u00e8rber, els Misteris d'Eleusis i el seu paral\u00b7lel rom\u00e0, Plut\u00f3.\"}]}<\/script>\n<!-- \/ Yoast SEO Premium plugin. -->","yoast_head_json":{"title":"Hades \u2013 Sobir\u00e0 de l'infram\u00f3n, divinitat funer\u00e0ria de Gr\u00e8cia","description":"Hades, sobir\u00e0 de l'infram\u00f3n i d\u00e9u funerari de Gr\u00e8cia. El casc d'invisibilitat, C\u00e8rber, els Misteris d'Eleusis i el seu paral\u00b7lel rom\u00e0, Plut\u00f3.","robots":{"index":"index","follow":"follow","max-snippet":"max-snippet:-1","max-image-preview":"max-image-preview:large","max-video-preview":"max-video-preview:-1"},"canonical":"https:\/\/iwell-guard.com\/ca\/hades\/","og_locale":"ca_ES","og_type":"article","og_title":"Hades","og_description":"Hades, sobir\u00e0 de l'infram\u00f3n i d\u00e9u funerari de Gr\u00e8cia. El casc d'invisibilitat, C\u00e8rber, els Misteris d'Eleusis i el seu paral\u00b7lel rom\u00e0, Plut\u00f3.","og_url":"https:\/\/iwell-guard.com\/ca\/hades\/","og_site_name":"iWell Guard","article_modified_time":"2026-09-05T15:58:30+00:00","og_image":[{"width":1024,"height":1536,"url":"https:\/\/iwell-guard.com\/wp-content\/uploads\/2026\/04\/goetter_griechenland_hades.webp","type":"image\/webp"}],"twitter_card":"summary_large_image","schema":{"@context":"https:\/\/schema.org","@graph":[{"@type":"Article","@id":"https:\/\/iwell-guard.com\/ca\/hades\/#article","isPartOf":{"@id":"https:\/\/iwell-guard.com\/ca\/hades\/"},"author":{"name":"Ralf Ittermann","@id":"https:\/\/iwell-guard.com\/ca\/#\/schema\/person\/ee2a27f1cac3406c7c6fb5820cb7349f"},"headline":"Hades","datePublished":"2026-09-05T15:39:38+00:00","dateModified":"2026-09-05T15:58:30+00:00","mainEntityOfPage":{"@id":"https:\/\/iwell-guard.com\/ca\/hades\/"},"publisher":{"@id":"https:\/\/iwell-guard.com\/ca\/#organization"},"image":{"@id":"https:\/\/iwell-guard.com\/ca\/hades\/#primaryimage"},"thumbnailUrl":"https:\/\/iwell-guard.com\/wp-content\/uploads\/2026\/04\/goetter_griechenland_hades.webp","inLanguage":"ca","description":"Hades, sobir\u00e0 de l'infram\u00f3n i d\u00e9u funerari de Gr\u00e8cia. El casc d'invisibilitat, C\u00e8rber, els Misteris d'Eleusis i el seu paral\u00b7lel rom\u00e0, Plut\u00f3."},{"@type":"WebPage","@id":"https:\/\/iwell-guard.com\/ca\/hades\/","url":"https:\/\/iwell-guard.com\/ca\/hades\/","name":"Hades \u2013 Sobir\u00e0 de l'infram\u00f3n, divinitat funer\u00e0ria de Gr\u00e8cia","isPartOf":{"@id":"https:\/\/iwell-guard.com\/ca\/#website"},"primaryImageOfPage":{"@id":"https:\/\/iwell-guard.com\/ca\/hades\/#primaryimage"},"image":{"@id":"https:\/\/iwell-guard.com\/ca\/hades\/#primaryimage"},"thumbnailUrl":"https:\/\/iwell-guard.com\/wp-content\/uploads\/2026\/04\/goetter_griechenland_hades.webp","datePublished":"2026-09-05T15:39:38+00:00","dateModified":"2026-09-05T15:58:30+00:00","description":"Hades, sobir\u00e0 de l'infram\u00f3n i d\u00e9u funerari de Gr\u00e8cia. El casc d'invisibilitat, C\u00e8rber, els Misteris d'Eleusis i el seu paral\u00b7lel rom\u00e0, Plut\u00f3.","breadcrumb":{"@id":"https:\/\/iwell-guard.com\/ca\/hades\/#breadcrumb"},"inLanguage":"ca","potentialAction":[{"@type":"ReadAction","target":["https:\/\/iwell-guard.com\/ca\/hades\/"]}]},{"@type":"ImageObject","inLanguage":"ca","@id":"https:\/\/iwell-guard.com\/ca\/hades\/#primaryimage","url":"https:\/\/iwell-guard.com\/wp-content\/uploads\/2026\/04\/goetter_griechenland_hades.webp","contentUrl":"https:\/\/iwell-guard.com\/wp-content\/uploads\/2026\/04\/goetter_griechenland_hades.webp","width":1024,"height":1536,"caption":"D\u00e9us de la tradici\u00f3 grega."},{"@type":"BreadcrumbList","@id":"https:\/\/iwell-guard.com\/ca\/hades\/#breadcrumb","itemListElement":[{"@type":"ListItem","position":1,"name":"Start","item":"https:\/\/iwell-guard.com\/ca\/?page_id=171333"},{"@type":"ListItem","position":2,"name":"Hades"}]},{"@type":"WebSite","@id":"https:\/\/iwell-guard.com\/ca\/#website","url":"https:\/\/iwell-guard.com\/ca\/","name":"iWell Guard","description":"Schutz vor dunklen Einfl\u00fcssen","publisher":{"@id":"https:\/\/iwell-guard.com\/ca\/#organization"},"potentialAction":[{"@type":"SearchAction","target":{"@type":"EntryPoint","urlTemplate":"https:\/\/iwell-guard.com\/ca\/?s={search_term_string}"},"query-input":{"@type":"PropertyValueSpecification","valueRequired":true,"valueName":"search_term_string"}}],"inLanguage":"ca"},{"@type":"Organization","@id":"https:\/\/iwell-guard.com\/ca\/#organization","name":"Ittermann electronic GmbH","url":"https:\/\/iwell-guard.com\/ca\/","logo":{"@type":"ImageObject","inLanguage":"ca","@id":"https:\/\/iwell-guard.com\/ca\/#\/schema\/logo\/image\/","url":"https:\/\/iwell-guard.com\/wp-content\/uploads\/2026\/05\/Ittermann-Logo-1182x237-1.png","contentUrl":"https:\/\/iwell-guard.com\/wp-content\/uploads\/2026\/05\/Ittermann-Logo-1182x237-1.png","width":1182,"height":237,"caption":"Ittermann electronic GmbH"},"image":{"@id":"https:\/\/iwell-guard.com\/ca\/#\/schema\/logo\/image\/"},"sameAs":["https:\/\/pantip.com\/profile\/9367242","https:\/\/micro.blog\/iwellguard","https:\/\/www.diggerslist.com\/iwellguard\/about","https:\/\/skitterphoto.com\/photographers\/2870314\/iwell-guard","https:\/\/iwellguard.wordpress.com\/2026\/06\/06\/iwell-guard\/","https:\/\/hub.docker.com\/u\/iwellguard","https:\/\/www.pinterest.com\/iwellguard\/","https:\/\/bit.ly\/m\/iwellguard","https:\/\/entre-vos-mains.alsace.eu\/profiles\/iwellguard\/activity","https:\/\/gravatar.com\/reallybeded8fd34","https:\/\/naijamatta.com\/iwellguard","https:\/\/www.goodreads.com\/iwellguard","https:\/\/profile.hatena.ne.jp\/iwellguard\/","https:\/\/experiment.com\/users\/iwellguard","https:\/\/wakelet.com\/@iWellGuard82270","https:\/\/www.chordie.com\/forum\/profile.php?id=2555664","https:\/\/www.instapaper.com\/p\/17757966","https:\/\/www.mapleprimes.com\/users\/iwellguard","https:\/\/businesslistingplus.com\/profile\/iwell-guard\/","https:\/\/telegra.ph\/iWell-Guard-06-06","https:\/\/pbase.com\/iwellguard\/iwellguard","https:\/\/b.hatena.ne.jp\/iwellguard\/20260607#bookmark-4788405196491818882","https:\/\/fliphtml5.com\/home\/iwellguard","https:\/\/anyflip.com\/homepage\/cmiwl#About","https:\/\/transfur.com\/Users\/iwellguard","http:\/\/delphi.larsbo.org\/user\/iwellguard","https:\/\/jobs.lajobsportal.org\/profiles\/8380803-iwell-guard","https:\/\/md.chaosdorf.de\/s\/jfbe5SBdJD","https:\/\/www.lingvolive.com\/en-us\/profile\/9ecaeaca-ce11-4e51-9e71-01d55e2bff36\/translations","https:\/\/www.fitday.com\/fitness\/forums\/members\/iwellguard.html","https:\/\/www.mymeetbook.com\/iwellguard","https:\/\/pxhere.com\/en\/photographer-me\/5040798","https:\/\/disqus.com\/by\/iwellguard\/about\/","https:\/\/pastelink.net\/hjwciqwq","https:\/\/pubhtml5.com\/homepage\/scjhn\/","https:\/\/www.bitchute.com\/channel\/2O2eOKzNqujT","https:\/\/audiomack.com\/iwellguard"]},{"@type":"Person","@id":"https:\/\/iwell-guard.com\/ca\/#\/schema\/person\/ee2a27f1cac3406c7c6fb5820cb7349f","name":"Ralf Ittermann","image":{"@type":"ImageObject","inLanguage":"ca","@id":"https:\/\/secure.gravatar.com\/avatar\/073c0153e350a5005b68eb752b445fea71f6b24a26da9449ad7e155e6b446c9d?s=96&d=mm&r=g","url":"https:\/\/secure.gravatar.com\/avatar\/073c0153e350a5005b68eb752b445fea71f6b24a26da9449ad7e155e6b446c9d?s=96&d=mm&r=g","contentUrl":"https:\/\/secure.gravatar.com\/avatar\/073c0153e350a5005b68eb752b445fea71f6b24a26da9449ad7e155e6b446c9d?s=96&d=mm&r=g","caption":"Ralf Ittermann"},"givenName":"Ralf","familyName":"Ittermann","jobTitle":"Gesch\u00e4ftsf\u00fchrer und redaktioneller Verantwortlicher","url":"https:\/\/iwell-guard.com\/ca\/author\/claude\/","description":"Ralf Ittermann ist Gesch\u00e4ftsf\u00fchrer der Ittermann electronic GmbH und redaktioneller Verantwortlicher des iWell-Guard-Lexikons. Er verbindet langj\u00e4hrige Erfahrung in der Pr\u00e4zisionsfertigung mit medialer Praxis und religionsgeschichtlicher Quellenarbeit.","worksFor":{"@type":"Organization","name":"Ittermann electronic GmbH","url":"https:\/\/ittermann.de\/","address":{"@type":"PostalAddress","streetAddress":"K\u00f6hlergasse 16-18","postalCode":"99842","addressLocality":"Ruhla","addressCountry":"DE"}},"knowsAbout":["Religionsgeschichte","Mythologie","Mediale Praxis","Energetische Diagnostik","Schutzpraxis","Volksglauben","Westliche Esoterik"]},{"@type":"Article","@id":"https:\/\/iwell-guard.com\/ca\/hades\/#article","isPartOf":{"@id":"https:\/\/iwell-guard.com\/ca\/hades\/"},"author":{"name":"Ralf Ittermann","@id":"https:\/\/iwell-guard.com\/ca\/#\/schema\/person\/ee2a27f1cac3406c7c6fb5820cb7349f"},"headline":"Hades","datePublished":"2026-09-05T15:39:38+00:00","dateModified":"2026-09-05T15:58:30+00:00","mainEntityOfPage":{"@id":"https:\/\/iwell-guard.com\/ca\/hades\/"},"publisher":{"@id":"https:\/\/iwell-guard.com\/ca\/#organization"},"image":{"@id":"https:\/\/iwell-guard.com\/ca\/hades\/#primaryimage"},"thumbnailUrl":"https:\/\/iwell-guard.com\/wp-content\/uploads\/2026\/04\/goetter_griechenland_hades.webp","inLanguage":"ca","description":"Hades, sobir\u00e0 de l'infram\u00f3n i d\u00e9u funerari de Gr\u00e8cia. El casc d'invisibilitat, C\u00e8rber, els Misteris d'Eleusis i el seu paral\u00b7lel rom\u00e0, Plut\u00f3."}]}},"_links":{"self":[{"href":"https:\/\/iwell-guard.com\/ca\/wp-json\/wp\/v2\/pages\/171468","targetHints":{"allow":["GET"]}}],"collection":[{"href":"https:\/\/iwell-guard.com\/ca\/wp-json\/wp\/v2\/pages"}],"about":[{"href":"https:\/\/iwell-guard.com\/ca\/wp-json\/wp\/v2\/types\/page"}],"author":[{"embeddable":true,"href":"https:\/\/iwell-guard.com\/ca\/wp-json\/wp\/v2\/users\/3"}],"replies":[{"embeddable":true,"href":"https:\/\/iwell-guard.com\/ca\/wp-json\/wp\/v2\/comments?post=171468"}],"version-history":[{"count":0,"href":"https:\/\/iwell-guard.com\/ca\/wp-json\/wp\/v2\/pages\/171468\/revisions"}],"wp:featuredmedia":[{"embeddable":true,"href":"https:\/\/iwell-guard.com\/ca\/wp-json\/wp\/v2\/media\/1724"}],"wp:attachment":[{"href":"https:\/\/iwell-guard.com\/ca\/wp-json\/wp\/v2\/media?parent=171468"}],"wp:term":[{"taxonomy":"category","embeddable":true,"href":"https:\/\/iwell-guard.com\/ca\/wp-json\/wp\/v2\/categories?post=171468"}],"curies":[{"name":"wp","href":"https:\/\/api.w.org\/{rel}","templated":true}]}}