{"id":171465,"date":"2026-09-05T15:39:36","date_gmt":"2026-09-05T15:39:36","guid":{"rendered":"https:\/\/iwell-guard.com\/?page_id=171465"},"modified":"2026-09-05T15:58:26","modified_gmt":"2026-09-05T15:58:26","slug":"odin","status":"publish","type":"page","link":"https:\/\/iwell-guard.com\/ca\/odin\/","title":{"rendered":"Odin"},"content":{"rendered":"\t\t<div data-elementor-type=\"wp-page\" data-elementor-id=\"171465\" class=\"elementor elementor-171465 elementor-1876 elementor-bc-flex-widget\" data-elementor-post-type=\"page\">\n\t\t\t\t<div class=\"elementor-element elementor-element-10fdade e-flex e-con-boxed e-con e-parent\" data-id=\"10fdade\" data-element_type=\"container\" data-e-type=\"container\" data-settings=\"{&quot;background_background&quot;:&quot;classic&quot;}\">\n\t\t\t\t\t<div class=\"e-con-inner\">\n\t\t<div class=\"elementor-element elementor-element-herohlft0 e-flex e-con-boxed e-con e-child\" data-id=\"herohlft0\" data-element_type=\"container\" data-e-type=\"container\">\n\t\t\t\t\t<div class=\"e-con-inner\">\n\t\t<div class=\"elementor-element elementor-element-c3ceb64 e-con-full e-flex e-con e-child\" data-id=\"c3ceb64\" data-element_type=\"container\" data-e-type=\"container\">\n\t\t\t\t<div class=\"elementor-element elementor-element-96ae5e1 elementor-widget elementor-widget-heading\" data-id=\"96ae5e1\" data-element_type=\"widget\" data-e-type=\"widget\" data-widget_type=\"heading.default\">\n\t\t\t\t\t<h1 class=\"elementor-heading-title elementor-size-default\">Odin, d\u00e9u de la tradici\u00f3 germ\u00e0nica<\/h1>\t\t\t\t<\/div>\n\t\t\t\t<div class=\"elementor-element elementor-element-e45238a elementor-widget elementor-widget-text-editor\" data-id=\"e45238a\" data-element_type=\"widget\" data-e-type=\"widget\" data-widget_type=\"text-editor.default\">\n\t\t\t\t\t\t\t\t\t<p>D\u00e9u suprem del pante\u00f3 germ\u00e0nic, Pare de Tots, sobir\u00e0 sobre l&#8217;\u00e8xtasi, la poesia i la saviesa. Odin ocupa el centre de la <span class=\"iwg-fachbegriff\" data-tooltip=\"El conjunt de relats m\u00edtics transmesos d'una cultura.\" tabindex=\"0\">mitologia<\/span> n\u00f2rdica com a m\u00e0xim rector de d\u00e9us i homes.<\/p><p>A difer\u00e8ncia de la majoria dels grans d\u00e9us indoeuropeus, Odin no \u00e9s principalment d\u00e9u del temps ni comandant de guerra, sin\u00f3 <span class=\"iwg-fachbegriff\" data-tooltip=\"Especialista religi\u00f3s al qual s'atribueix la mediaci\u00f3 entre els humans i el m\u00f3n dels esperits.\" tabindex=\"0\">xaman<\/span>, mag i escalda, que ha adquirit el seu saber a qualsevol preu i que no ordena el m\u00f3n, sin\u00f3 que hi actua des de dins.<\/p>\t\t\t\t\t\t\t\t<\/div>\n\t\t\t\t<\/div>\n\t\t<div class=\"elementor-element elementor-element-klsbdg01 e-con-full e-flex e-con e-parent\" data-id=\"klsbdg01\" data-element_type=\"container\" data-e-type=\"container\">\n\t\t\t\t<div class=\"elementor-element elementor-element-klshtm01 elementor-widget elementor-widget-html\" data-id=\"klshtm01\" data-element_type=\"widget\" data-e-type=\"widget\" data-widget_type=\"html.default\">\n\t\t\t\t\t<div class=\"iwg-pill-row\"><span class=\"iwg-klasse-badge\" tabindex=\"0\" data-tooltip=\"D\u00e9u \/ Deessa: Poder suprem personificat en el pante\u00f3 d'una cultura, amb \u00e0mbits d'acci\u00f3 clars, forces naturals, dest\u00ed, guerra, fertilitat. Venerat mitjan\u00e7ant cultes, ofrenes i institucions de temple.\">D\u00e9u<\/span><a href=\"https:\/\/iwell-guard.com\/ca\/?page_id=171366\" class=\"iwg-kultur-badge\" tabindex=\"0\" data-tooltip=\"M\u00f3n de d\u00e9us i esperits precristi\u00e0 del nord i el centre d'Europa.\">Germ\u00e0nic<\/a><a href=\"https:\/\/iwell-guard.com\/ca\/?page_id=171459\" class=\"iwg-tradition-badge\" tabindex=\"0\" data-tooltip=\"D\u00e9us suprems d'un pante\u00f3, sobirania c\u00f2smica, aspecte creador o governant.\">Divinitat suprema<\/a><\/div>\t\t\t\t<\/div>\n\t\t\t\t<\/div>\n\t\t<div class=\"elementor-element elementor-element-3f74855 e-con-full e-flex e-con e-child\" data-id=\"3f74855\" data-element_type=\"container\" data-e-type=\"container\">\n\t\t\t\t<div class=\"elementor-element elementor-element-1c30362 elementor-toc--minimized-on-tablet elementor-widget elementor-widget-table-of-contents\" data-id=\"1c30362\" data-element_type=\"widget\" data-e-type=\"widget\" data-settings=\"{&quot;exclude_headings_by_selector&quot;:[],&quot;no_headings_message&quot;:&quot;No s&#039;ha trobat cap encap\\u00e7alament en aquesta p\\u00e0gina.&quot;,&quot;headings_by_tags&quot;:[&quot;h2&quot;,&quot;h3&quot;],&quot;marker_view&quot;:&quot;bullets&quot;,&quot;minimize_box&quot;:&quot;yes&quot;,&quot;icon&quot;:{&quot;value&quot;:&quot;fas fa-circle&quot;,&quot;library&quot;:&quot;fa-solid&quot;,&quot;rendered_tag&quot;:&quot;&lt;svg class=\\&quot;e-font-icon-svg e-fas-circle\\&quot; viewBox=\\&quot;0 0 512 512\\&quot; xmlns=\\&quot;http:\\\/\\\/www.w3.org\\\/2000\\\/svg\\&quot;&gt;&lt;path d=\\&quot;M256 8C119 8 8 119 8 256s111 248 248 248 248-111 248-248S393 8 256 8z\\&quot;&gt;&lt;\\\/path&gt;&lt;\\\/svg&gt;&quot;},&quot;minimized_on&quot;:&quot;tablet&quot;,&quot;hierarchical_view&quot;:&quot;yes&quot;,&quot;min_height&quot;:{&quot;unit&quot;:&quot;px&quot;,&quot;size&quot;:&quot;&quot;,&quot;sizes&quot;:[]},&quot;min_height_tablet&quot;:{&quot;unit&quot;:&quot;px&quot;,&quot;size&quot;:&quot;&quot;,&quot;sizes&quot;:[]},&quot;min_height_mobile&quot;:{&quot;unit&quot;:&quot;px&quot;,&quot;size&quot;:&quot;&quot;,&quot;sizes&quot;:[]}}\" data-widget_type=\"table-of-contents.default\">\n\t\t\t\t\t\t\t\t\t<div class=\"elementor-toc__header\">\n\t\t\t\t\t\t<h2 class=\"elementor-toc__header-title\">\n\t\t\t\t\u00cdndex\t\t\t<\/h2>\n\t\t\t\t\t\t\t\t\t\t<div class=\"elementor-toc__toggle-button elementor-toc__toggle-button--expand\" role=\"button\" tabindex=\"0\" aria-controls=\"elementor-toc__1c30362\" aria-expanded=\"true\" aria-label=\"Open table of contents\"><svg aria-hidden=\"true\" class=\"e-font-icon-svg e-fas-chevron-down\" viewBox=\"0 0 448 512\" xmlns=\"http:\/\/www.w3.org\/2000\/svg\"><path d=\"M207.029 381.476L12.686 187.132c-9.373-9.373-9.373-24.569 0-33.941l22.667-22.667c9.357-9.357 24.522-9.375 33.901-.04L224 284.505l154.745-154.021c9.379-9.335 24.544-9.317 33.901.04l22.667 22.667c9.373 9.373 9.373 24.569 0 33.941L240.971 381.476c-9.373 9.372-24.569 9.372-33.942 0z\"><\/path><\/svg><\/div>\n\t\t\t\t<div class=\"elementor-toc__toggle-button elementor-toc__toggle-button--collapse\" role=\"button\" tabindex=\"0\" aria-controls=\"elementor-toc__1c30362\" aria-expanded=\"true\" aria-label=\"Close table of contents\"><svg aria-hidden=\"true\" class=\"e-font-icon-svg e-fas-chevron-up\" viewBox=\"0 0 448 512\" xmlns=\"http:\/\/www.w3.org\/2000\/svg\"><path d=\"M240.971 130.524l194.343 194.343c9.373 9.373 9.373 24.569 0 33.941l-22.667 22.667c-9.357 9.357-24.522 9.375-33.901.04L224 227.495 69.255 381.516c-9.379 9.335-24.544 9.317-33.901-.04l-22.667-22.667c-9.373-9.373-9.373-24.569 0-33.941L207.03 130.525c9.372-9.373 24.568-9.373 33.941-.001z\"><\/path><\/svg><\/div>\n\t\t\t\t\t<\/div>\n\t\t\t\t<div id=\"elementor-toc__1c30362\" class=\"elementor-toc__body\">\n\t\t\t<div class=\"elementor-toc__spinner-container\">\n\t\t\t\t<svg class=\"elementor-toc__spinner eicon-animation-spin e-font-icon-svg e-eicon-loading\" aria-hidden=\"true\" viewBox=\"0 0 1000 1000\" xmlns=\"http:\/\/www.w3.org\/2000\/svg\"><path d=\"M500 975V858C696 858 858 696 858 500S696 142 500 142 142 304 142 500H25C25 237 238 25 500 25S975 237 975 500 763 975 500 975Z\"><\/path><\/svg>\t\t\t<\/div>\n\t\t<\/div>\n\t\t\t\t\t\t<\/div>\n\t\t\t\t<\/div>\n\t\t\t\t\t<\/div>\n\t\t\t\t<\/div>\n\t\t<div class=\"elementor-element elementor-element-herorght0 e-con-full e-flex e-con e-child\" data-id=\"herorght0\" data-element_type=\"container\" data-e-type=\"container\">\n\t\t\t\t<div class=\"elementor-element elementor-element-heroimg00 iwg-hero-image elementor-widget elementor-widget-image\" data-id=\"heroimg00\" data-element_type=\"widget\" data-e-type=\"widget\" data-widget_type=\"image.default\">\n\t\t\t\t\t\t\t\t\t\t\t\t\t\t\t<img fetchpriority=\"high\" decoding=\"async\" width=\"683\" height=\"1024\" src=\"https:\/\/iwell-guard.com\/wp-content\/uploads\/2026\/04\/goetter_germanisch_odin-683x1024.webp\" class=\"attachment-large size-large wp-image-1723\" alt=\"Odin\" srcset=\"https:\/\/iwell-guard.com\/wp-content\/uploads\/2026\/04\/goetter_germanisch_odin-683x1024.webp 683w, https:\/\/iwell-guard.com\/wp-content\/uploads\/2026\/04\/goetter_germanisch_odin-200x300.webp 200w, https:\/\/iwell-guard.com\/wp-content\/uploads\/2026\/04\/goetter_germanisch_odin-768x1152.webp 768w, https:\/\/iwell-guard.com\/wp-content\/uploads\/2026\/04\/goetter_germanisch_odin.webp 1024w\" sizes=\"(max-width: 683px) 100vw, 683px\" \/>\t\t\t\t\t\t\t\t\t\t\t\t\t\t\t<\/div>\n\t\t\t\t<\/div>\n\t\t\t\t\t<\/div>\n\t\t\t\t<\/div>\n\t\t<div class=\"elementor-element elementor-element-32917199 e-flex e-con-boxed e-con e-parent\" data-id=\"32917199\" data-element_type=\"container\" data-e-type=\"container\">\n\t\t\t\t\t<div class=\"e-con-inner\">\n\t\t<div class=\"elementor-element elementor-element-26e916cb e-flex e-con-boxed e-con e-child\" data-id=\"26e916cb\" data-element_type=\"container\" data-e-type=\"container\">\n\t\t\t\t\t<div class=\"e-con-inner\">\n\t\t<div class=\"elementor-element elementor-element-253a40d4 e-flex e-con-boxed e-con e-child\" data-id=\"253a40d4\" data-element_type=\"container\" data-e-type=\"container\">\n\t\t\t\t\t<div class=\"e-con-inner\">\n\t\t\t\t<div class=\"elementor-element elementor-element-1200c304 elementor-widget elementor-widget-heading\" data-id=\"1200c304\" data-element_type=\"widget\" data-e-type=\"widget\" data-widget_type=\"heading.default\">\n\t\t\t\t\t<h2 class=\"elementor-heading-title elementor-size-default\">Odin<\/h2>\t\t\t\t<\/div>\n\t\t\t\t\t<\/div>\n\t\t\t\t<\/div>\n\t\t<div class=\"elementor-element elementor-element-159dcf9a e-flex e-con-boxed e-con e-child\" data-id=\"159dcf9a\" data-element_type=\"container\" data-e-type=\"container\">\n\t\t\t\t\t<div class=\"e-con-inner\">\n\t\t\t\t<div class=\"elementor-element elementor-element-48cee66f elementor-widget elementor-widget-heading\" data-id=\"48cee66f\" data-element_type=\"widget\" data-e-type=\"widget\" data-widget_type=\"heading.default\">\n\t\t\t\t\t<h2 class=\"elementor-heading-title elementor-size-default\">En resum: Odin<\/h2>\t\t\t\t<\/div>\n\t\t\t\t<div class=\"elementor-element elementor-element-3f50d82c elementor-widget elementor-widget-text-editor\" data-id=\"3f50d82c\" data-element_type=\"widget\" data-e-type=\"widget\" data-widget_type=\"text-editor.default\">\n\t\t\t\t\t\t\t\t\t<p><strong>Tipus:<\/strong> Divinitat suprema, d\u00e9u de l&#8217;\u00e8xtasi, la saviesa i la poesia<br><span class=\"iwg-fachbegriff\" data-tooltip=\"El conjunt de d\u00e9us d'una religi\u00f3 o cultura.\" tabindex=\"0\">Pante\u00f3<\/span>: Germ\u00e0nic (Asgard)<br>Funci\u00f3: Guardi\u00e0 de l&#8217;\u00e8xtasi i la <span class=\"iwg-fachbegriff\" data-tooltip=\"Pr\u00e0ctiques que pretenen intervenir en el curs dels esdeveniments mitjan\u00e7ant accions o f\u00f3rmules especials.\" tabindex=\"0\">m\u00e0gia<\/span>, pare de l&#8217;aptitud guerrera i de l&#8217;art esc\u00e0ldic, psicopomp (aspecte de d\u00e9u de la mort)<br>Atributs principals: la llan\u00e7a Gungnir, els corbs Hugin i Munin, els llops Geri i Freki, el cavall Sleipnir<br>Principals llocs de culte: Uppsala (Su\u00e8cia), Lejre (Dinamarca)<br>Equivalent rom\u00e0: Mercurius (interpretatio romana, T\u00e0cit)<\/p>\t\t\t\t\t\t\t\t<\/div>\n\t\t\t\t\t<\/div>\n\t\t\t\t<\/div>\n\t\t\t\t\t<\/div>\n\t\t\t\t<\/div>\n\t\t\t\t\t<\/div>\n\t\t\t\t<\/div>\n\t\t<div class=\"elementor-element elementor-element-18613602 e-flex e-con-boxed e-con e-parent\" data-id=\"18613602\" data-element_type=\"container\" data-e-type=\"container\">\n\t\t\t\t\t<div class=\"e-con-inner\">\n\t\t\t\t<div class=\"elementor-element elementor-element-262b8a9f elementor-widget elementor-widget-heading\" data-id=\"262b8a9f\" data-element_type=\"widget\" data-e-type=\"widget\" data-widget_type=\"heading.default\">\n\t\t\t\t\t<h2 class=\"elementor-heading-title elementor-size-default\">Contextualitzaci\u00f3 hist\u00f2rica<\/h2>\t\t\t\t<\/div>\n\t\t<div class=\"elementor-element elementor-element-46dcb7d e-con-full e-flex e-con e-child\" data-id=\"46dcb7d\" data-element_type=\"container\" data-e-type=\"container\">\n\t\t<div class=\"elementor-element elementor-element-61d3ab3 e-flex e-con-boxed e-con e-child\" data-id=\"61d3ab3\" data-element_type=\"container\" data-e-type=\"container\">\n\t\t\t\t\t<div class=\"e-con-inner\">\n\t\t\t\t<div class=\"elementor-element elementor-element-117c166 elementor-widget elementor-widget-heading\" data-id=\"117c166\" data-element_type=\"widget\" data-e-type=\"widget\" data-widget_type=\"heading.default\">\n\t\t\t\t\t<div class=\"elementor-heading-title elementor-size-default\">Per\u00edode dels textos<\/div>\t\t\t\t<\/div>\n\t\t\t\t<div class=\"elementor-element elementor-element-73997a0 elementor-widget elementor-widget-text-editor\" data-id=\"73997a0\" data-element_type=\"widget\" data-e-type=\"widget\" data-widget_type=\"text-editor.default\">\n\t\t\t\t\t\t\t\t\t<p>La <span class=\"iwg-fachbegriff\" data-tooltip=\"La transmissi\u00f3 de coneixements i relats al llarg de generacions.\" tabindex=\"0\">tradici\u00f3<\/span> sobre Odin s&#8217;est\u00e9n des de la transmissi\u00f3 oral precristiana, en gran part perduda, fins a les col\u00b7leccions \u00e8ddiques del segle XIII, la Prosa Edda de <span class=\"iwg-fachbegriff\" tabindex=\"0\" data-tooltip=\"Erudit island\u00e8s (1179\u20131241); autor de la Prosa Edda i la Heimskringla.\">Snorri Sturluson<\/span> i l&#8217;Edda Po\u00e8tica (segles VIII a XIII), fins a les observacions d&#8217;autors romans i posteriorment medievals.<\/p><p>Els textos de l&#8217;Edda s\u00f3n registres de compiladors basats en poesia esc\u00e0ldica m\u00e9s antiga, transmesa oralment. No existeix una <span class=\"iwg-fachbegriff\" data-tooltip=\"La transmissi\u00f3 de coneixements i relats al llarg de generacions.\" tabindex=\"0\">tradici\u00f3<\/span> escrita cont\u00ednua com en el cas de Zeus; en canvi, disposem de fonts fragment\u00e0ries: la Germania de T\u00e0cit (ca. 98 dC), fragments esc\u00e0ldics, Saxo Grammaticus (segle XII) i les col\u00b7leccions \u00e8ddiques.<\/p>\t\t\t\t\t\t\t\t<\/div>\n\t\t\t\t\t<\/div>\n\t\t\t\t<\/div>\n\t\t<div class=\"elementor-element elementor-element-d47b156 e-flex e-con-boxed e-con e-child\" data-id=\"d47b156\" data-element_type=\"container\" data-e-type=\"container\">\n\t\t\t\t\t<div class=\"e-con-inner\">\n\t\t\t\t<div class=\"elementor-element elementor-element-ff38c2b elementor-widget elementor-widget-heading\" data-id=\"ff38c2b\" data-element_type=\"widget\" data-e-type=\"widget\" data-widget_type=\"heading.default\">\n\t\t\t\t\t<div class=\"elementor-heading-title elementor-size-default\">\u00c0rea de difusi\u00f3<\/div>\t\t\t\t<\/div>\n\t\t\t\t<div class=\"elementor-element elementor-element-4e49fcc elementor-widget elementor-widget-text-editor\" data-id=\"4e49fcc\" data-element_type=\"widget\" data-e-type=\"widget\" data-widget_type=\"text-editor.default\">\n\t\t\t\t\t\t\t\t\t<p>Venerat a tot l&#8217;\u00e0mbit germ\u00e0nic-n\u00f2rdic: Escandin\u00e0via (Noruega, Su\u00e8cia, Dinamarca), illes daneses i noruegues, Anglaterra anglosaxona (on Woden \u00e9s el patr\u00f3 onom\u00e0stic de Wednesday) i territoris germ\u00e0nics del sud (alt alemany antic Wodan\/Wuodan). L&#8217;amplitud de l&#8217;\u00e0rea de difusi\u00f3 es reflecteix en la gran quantitat de noms tribals amb etimologia relacionada amb Woden i en els noms dels dies de la setmana i dels mesos (dia de Wodan\/dimecres, n\u00f2rdic antic Odinnstag).<\/p>\t\t\t\t\t\t\t\t<\/div>\n\t\t\t\t\t<\/div>\n\t\t\t\t<\/div>\n\t\t\t\t<\/div>\n\t\t<div class=\"elementor-element elementor-element-db03c39 e-con-full e-flex e-con e-child\" data-id=\"db03c39\" data-element_type=\"container\" data-e-type=\"container\">\n\t\t<div class=\"elementor-element elementor-element-229a87b e-flex e-con-boxed e-con e-child\" data-id=\"229a87b\" data-element_type=\"container\" data-e-type=\"container\">\n\t\t\t\t\t<div class=\"e-con-inner\">\n\t\t\t\t<div class=\"elementor-element elementor-element-1f471fc elementor-widget elementor-widget-heading\" data-id=\"1f471fc\" data-element_type=\"widget\" data-e-type=\"widget\" data-widget_type=\"heading.default\">\n\t\t\t\t\t<div class=\"elementor-heading-title elementor-size-default\">Estat de les fonts<\/div>\t\t\t\t<\/div>\n\t\t\t\t<div class=\"elementor-element elementor-element-36b1201 elementor-widget elementor-widget-text-editor\" data-id=\"36b1201\" data-element_type=\"widget\" data-e-type=\"widget\" data-widget_type=\"text-editor.default\">\n\t\t\t\t\t\t\t\t\t<p>El nucli el formen les col\u00b7leccions \u00e8ddiques: l&#8217;Edda Po\u00e8tica (V\u00f6lusp\u00e1, H\u00e1vam\u00e1l, Vafthr\u00fa\u00f0nism\u00e1l) i la Prosa Edda de Snorri Sturluson (Gylfaginning, Sk\u00e1ldskaparm\u00e1l). S&#8217;hi afegeixen fragments esc\u00e0ldics conservats per autors posteriors, la breu menci\u00f3 de T\u00e0cit sobre Mercurius identificat amb Woden, la Gesta Danorum de Saxo Grammaticus, i tamb\u00e9 troballes arqueol\u00f2giques (aiguamolls d&#8217;ofrenes, inscripcions, exvots).<\/p><p>La cronologia \u00e9s problem\u00e0tica: els registres de l&#8217;Edda daten del segle XIII per\u00f2 descriuen tradicions procedents de l&#8217;<span class=\"iwg-fachbegriff\" data-tooltip=\"Per\u00edode prehist\u00f2ric posterior a l'edat del bronze, caracteritzat per la metal\u00b7l\u00fargia del ferro.\" tabindex=\"0\">edat del ferro<\/span> precristiana.<\/p>\t\t\t\t\t\t\t\t<\/div>\n\t\t\t\t\t<\/div>\n\t\t\t\t<\/div>\n\t\t\t\t<\/div>\n\t\t\t\t\t<\/div>\n\t\t\t\t<\/div>\n\t\t<div class=\"elementor-element elementor-element-3ae0637c e-flex e-con-boxed e-con e-parent\" data-id=\"3ae0637c\" data-element_type=\"container\" data-e-type=\"container\">\n\t\t\t\t\t<div class=\"e-con-inner\">\n\t\t\t\t<div class=\"elementor-element elementor-element-31d07739 elementor-widget elementor-widget-heading\" data-id=\"31d07739\" data-element_type=\"widget\" data-e-type=\"widget\" data-widget_type=\"heading.default\">\n\t\t\t\t\t<h2 class=\"elementor-heading-title elementor-size-default\">Nom<\/h2>\t\t\t\t<\/div>\n\t\t<div class=\"elementor-element elementor-element-b7642947 e-con-full e-flex e-con e-child\" data-id=\"b7642947\" data-element_type=\"container\" data-e-type=\"container\">\n\t\t\t\t<div class=\"elementor-element elementor-element-a086266 elementor-widget elementor-widget-text-editor\" data-id=\"a086266\" data-element_type=\"widget\" data-e-type=\"widget\" data-widget_type=\"text-editor.default\">\n\t\t\t\t\t\t\t\t\t<p><strong>N\u00f2rdic antic:<\/strong> \u00d3\u00f0inn (nominatiu), genitiu \u00d3\u00f0ins, etimologia debatuda, possibles arrels: protogerm\u00e0nic *Wo\u00f0anaz (\u00abel furi\u00f3s\u00bb, de *wod- \u00ab\u00e8xtasi, follia, cant\u00bb) o vinculaci\u00f3 amb el n\u00f2rdic antic <em>\u00f3\u00f0r<\/em> (<span class=\"iwg-fachbegriff\" data-tooltip=\"\u00c9sser incorpori al qual s'atribueix acci\u00f3 en el m\u00f3n.\" tabindex=\"0\">esperit<\/span>, poesia, \u00e8xtasi). Alt alemany antic: Wodan, Wuodan, Wuotan, Wuothan. Baix sax\u00f3 antic: Wuodan. Angl\u00e8s antic: Woden, Wodan, patr\u00f3 onom\u00e0stic del dimecres (Wednesday = \u00abWodens Day\u00bb, de manera an\u00e0loga a Mardi\/Mercredi en les lleng\u00fces rom\u00e0niques, provinent del rom\u00e0 Mercurius).<\/p><p>Baix alemany\/Plattdeutsch: Wodan, Odin. Equivalent rom\u00e0: Mercurius (interpretatio romana en T\u00e0cit, malgrat l&#8217;atribuci\u00f3 culturalment aliena). El nom del dia de la setmana dimecres es refereix a la identificaci\u00f3 romana (Wodan = Mercurius), no directament a les funcions de Mercurius. Ep\u00edtets i t\u00edtols: Pare de Tots, Senyor dels Escaldes, Odin de la Llan\u00e7a, D\u00e9u del Penjat (H\u00e4ngir, pel seu autosacrifici a Yggdrasil), l&#8217;Encegat, D\u00e9u dels Corbs (Hrafn-Odin), el Caminant.<\/p>\t\t\t\t\t\t\t\t<\/div>\n\t\t\t\t<\/div>\n\t\t\t\t\t<\/div>\n\t\t\t\t<\/div>\n\t\t<div class=\"elementor-element elementor-element-709a44a8 e-flex e-con-boxed e-con e-parent\" data-id=\"709a44a8\" data-element_type=\"container\" data-e-type=\"container\">\n\t\t\t\t\t<div class=\"e-con-inner\">\n\t\t\t\t<div class=\"elementor-element elementor-element-2f585873 elementor-widget elementor-widget-heading\" data-id=\"2f585873\" data-element_type=\"widget\" data-e-type=\"widget\" data-widget_type=\"heading.default\">\n\t\t\t\t\t<h2 class=\"elementor-heading-title elementor-size-default\">Descripci\u00f3<\/h2>\t\t\t\t<\/div>\n\t\t<div class=\"elementor-element elementor-element-70621c12 e-con-full e-flex e-con e-child\" data-id=\"70621c12\" data-element_type=\"container\" data-e-type=\"container\">\n\t\t\t\t<div class=\"elementor-element elementor-element-4296eb49 elementor-widget elementor-widget-text-editor\" data-id=\"4296eb49\" data-element_type=\"widget\" data-e-type=\"widget\" data-widget_type=\"text-editor.default\">\n\t\t\t\t\t\t\t\t\t<p><strong>Aparen\u00e7a<\/strong><\/p><p>Odin \u00e9s representat en la literatura i la <span class=\"iwg-fachbegriff\" data-tooltip=\"La transmissi\u00f3 de coneixements i relats al llarg de generacions.\" tabindex=\"0\">tradici\u00f3<\/span> figurativa com un anci\u00e0 d&#8217;un sol ull amb barba llarga. Porta un mantell blau o gris que flueix ampli i un barret d&#8217;ala ampla (Huengljaef o Huengljaefr) que amaga en part el seu ull absent i el seu rostre.<\/p><p>Cavalcava el cavall de vuit potes Sleipnir (n\u00f2rdic antic <em>sleipnir<\/em>, \u00abel lliscador\u00bb), m\u00e9s r\u00e0pid que qualsevol altre animal i capa\u00e7 de galopar entre els mons.<\/p><p>Al seu costat portava la llan\u00e7a Gungnir (n\u00f2rdic antic <em>gungnir<\/em>, \u00abel vibrador\u00bb), que mai no falla el seu objectiu. Dos corbs, Hugin i Munin (n\u00f2rdic antic <em>huginn<\/em>, \u00abpensament\u00bb, i <em>muninn<\/em>, \u00abmem\u00f2ria\u00bb), es posen a les seves espatlles i emprenen vols diaris per tot l&#8217;univers dels Nou Mons per informar-lo de tot.<\/p><p>Dos llops, Geri i Freki (n\u00f2rdic antic <em>geri<\/em>, \u00abel golut\u00bb, i <em>freki<\/em>, \u00abl&#8217;agosarat\u00bb), l&#8217;acompanyen; el mateix Odin gaireb\u00e9 no menja i viu nom\u00e9s de vi (naturalesa dels Ases).<\/p><p><strong>Naturalesa i acci\u00f3<\/strong><\/p><p>Odin \u00e9s el transformador i modificador del m\u00f3n, no pas un creador. \u00c9s d\u00e9u de l&#8217;\u00e8xtasi, del furor guerrer (<em>berserkergang<\/em>), de la <span class=\"iwg-fachbegriff\" tabindex=\"0\" data-tooltip=\"Estat de consci\u00e8ncia alterat amb l'atenci\u00f3 restringida; provocat de manera deliberada en la pr\u00e0ctica xam\u00e0nica i medi\u00famica.\">tr\u00e0nsit<\/span> xam\u00e0nic i de la poesia dels escaldes.<\/p><p>El seu tret distintiu \u00e9s l&#8217;autosacrifici: es va penjar ell mateix durant nou nits a l&#8217;arbre del m\u00f3n Yggdrasil, travessat per una llan\u00e7a, per obtenir les runes, l&#8217;antic sistema d&#8217;escriptura i de m\u00e0gia.<\/p><p>Va sacrificar el seu ull dret a la font de Mimir per beure un glop de la seva saviesa.<\/p><p>El seu \u00e0mbit de poder compr\u00e8n la poesia, la guerra (com a f\u00faria ext\u00e0tica de combat, en lloc del domini ordenador com en el cas de Zeus), la mort i la <span class=\"iwg-fachbegriff\" data-tooltip=\"Pr\u00e0ctiques que pretenen intervenir en el curs de les coses mitjan\u00e7ant accions o f\u00f3rmules especials.\" tabindex=\"0\">m\u00e0gia<\/span>. A difer\u00e8ncia de Thor (d\u00e9u del llamp, d\u00e9u ordenador dels pagesos) o Tyr (d\u00e9u de la llei i del jurament), Odin representa la transgressi\u00f3: el sobrenatural, el <span class=\"iwg-fachbegriff\" data-tooltip=\"Especialista religi\u00f3s al qual s'atribueix la mediaci\u00f3 entre els humans i el m\u00f3n dels esperits.\" tabindex=\"0\">xaman<\/span>, la <span class=\"iwg-fachbegriff\" data-tooltip=\"Pr\u00e0ctiques que pretenen intervenir en el curs de les coses mitjan\u00e7ant accions o f\u00f3rmules especials.\" tabindex=\"0\">m\u00e0gia<\/span>.<\/p>\t\t\t\t\t\t\t\t<\/div>\n\t\t\t\t<\/div>\n\t\t\t\t\t<\/div>\n\t\t\t\t<\/div>\n\t\t<div class=\"elementor-element elementor-element-44e71476 e-flex e-con-boxed e-con e-parent\" data-id=\"44e71476\" data-element_type=\"container\" data-e-type=\"container\">\n\t\t\t\t\t<div class=\"e-con-inner\">\n\t\t\t\t<div class=\"elementor-element elementor-element-3c1fc3f0 elementor-widget elementor-widget-heading\" data-id=\"3c1fc3f0\" data-element_type=\"widget\" data-e-type=\"widget\" data-widget_type=\"heading.default\">\n\t\t\t\t\t<h2 class=\"elementor-heading-title elementor-size-default\">Fitxa: Odin<\/h2>\t\t\t\t<\/div>\n\t\t<div class=\"elementor-element elementor-element-84f33b8e e-con-full e-flex e-con e-child\" data-id=\"84f33b8e\" data-element_type=\"container\" data-e-type=\"container\">\n\t\t\t\t<div class=\"elementor-element elementor-element-hqkdc67p elementor-widget elementor-widget-text-editor\" data-id=\"hqkdc67p\" data-element_type=\"widget\" data-e-type=\"widget\" data-widget_type=\"text-editor.default\">\n\t\t\t\t\t\t\t\t\t<p>Els aspectes m\u00e9s importants d&#8217;Odin d&#8217;un cop d&#8217;ull. La taula resumeix origen, funci\u00f3, aparen\u00e7a, culte, s\u00edmbols i paral\u00b7lels.<\/p>\t\t\t\t\t\t\t\t<\/div>\n\t\t\t\t<\/div>\n\t\t<div class=\"elementor-element elementor-element-pemmx7c5 e-con-full e-flex e-con e-child\" data-id=\"pemmx7c5\" data-element_type=\"container\" data-e-type=\"container\">\n\t\t<div class=\"elementor-element elementor-element-pemmx7c1 e-con-full e-flex e-con e-child\" data-id=\"pemmx7c1\" data-element_type=\"container\" data-e-type=\"container\">\n\t\t<div class=\"elementor-element elementor-element-qh9oavvu iwg-steckbrief-card e-flex e-con-boxed e-con e-child\" data-id=\"qh9oavvu\" data-element_type=\"container\" data-e-type=\"container\">\n\t\t\t\t\t<div class=\"e-con-inner\">\n\t\t\t\t<div class=\"elementor-element elementor-element-awzx8k2k elementor-widget elementor-widget-heading\" data-id=\"awzx8k2k\" data-element_type=\"widget\" data-e-type=\"widget\" data-widget_type=\"heading.default\">\n\t\t\t\t\t<div class=\"elementor-heading-title elementor-size-default\">Origen<\/div>\t\t\t\t<\/div>\n\t\t\t\t<div class=\"elementor-element elementor-element-x6rowhv0 elementor-widget elementor-widget-text-editor\" data-id=\"x6rowhv0\" data-element_type=\"widget\" data-e-type=\"widget\" data-widget_type=\"text-editor.default\">\n\t\t\t\t\t\t\t\t\t<p>Fill del gegant Bor i de la giganta Bestla. Germ\u00e0 de Vili i Ve. Despr\u00e9s de crear el m\u00f3n a partir del cos del gegant primigeni Ymir, va fundar amb els seus germans el regne d&#8217;Asgard, va establir l&#8217;ordre dels Nou Mons i va determinar el dest\u00ed i el curs de les coses.<\/p><p>El seu llinatge \u00e9s h\u00edbrid: alhora d\u00e9u i gegant, cosa que subratlla la seva naturalesa com a figura transgressora.<\/p>\t\t\t\t\t\t\t\t<\/div>\n\t\t\t\t\t<\/div>\n\t\t\t\t<\/div>\n\t\t<div class=\"elementor-element elementor-element-8e3o4kxs iwg-steckbrief-card e-flex e-con-boxed e-con e-child\" data-id=\"8e3o4kxs\" data-element_type=\"container\" data-e-type=\"container\">\n\t\t\t\t\t<div class=\"e-con-inner\">\n\t\t\t\t<div class=\"elementor-element elementor-element-08rkdgov elementor-widget elementor-widget-heading\" data-id=\"08rkdgov\" data-element_type=\"widget\" data-e-type=\"widget\" data-widget_type=\"heading.default\">\n\t\t\t\t\t<div class=\"elementor-heading-title elementor-size-default\">Funci\u00f3 d'Odin<\/div>\t\t\t\t<\/div>\n\t\t\t\t<div class=\"elementor-element elementor-element-uwjelx8s elementor-widget elementor-widget-text-editor\" data-id=\"uwjelx8s\" data-element_type=\"widget\" data-e-type=\"widget\" data-widget_type=\"text-editor.default\">\n\t\t\t\t\t\t\t\t\t<p>Senyor de l&#8217;\u00e8xtasi, la poesia i la <span class=\"iwg-fachbegriff\" data-tooltip=\"Pr\u00e0ctiques que pretenen intervenir en el curs de les coses mitjan\u00e7ant accions o f\u00f3rmules especials.\" tabindex=\"0\">m\u00e0gia<\/span>. D\u00e9u de la guerra en la seva forma ext\u00e0tica, no ordenadora. Psicopomp i sobir\u00e0 de la batalla i dels caiguts, als quals recull cap a Valhal\u00b7la. Pare dels escaldes i mestre de les runes. A difer\u00e8ncia d&#8217;altres d\u00e9us principals, \u00e9s primordialment transformador i transgressor en lloc d&#8217;ordenador.<\/p>\t\t\t\t\t\t\t\t<\/div>\n\t\t\t\t\t<\/div>\n\t\t\t\t<\/div>\n\t\t<div class=\"elementor-element elementor-element-jm2n74ec iwg-steckbrief-card e-flex e-con-boxed e-con e-child\" data-id=\"jm2n74ec\" data-element_type=\"container\" data-e-type=\"container\">\n\t\t\t\t\t<div class=\"e-con-inner\">\n\t\t\t\t<div class=\"elementor-element elementor-element-8vufse4c elementor-widget elementor-widget-heading\" data-id=\"8vufse4c\" data-element_type=\"widget\" data-e-type=\"widget\" data-widget_type=\"heading.default\">\n\t\t\t\t\t<div class=\"elementor-heading-title elementor-size-default\">Forma<\/div>\t\t\t\t<\/div>\n\t\t\t\t<div class=\"elementor-element elementor-element-mwb9u015 elementor-widget elementor-widget-text-editor\" data-id=\"mwb9u015\" data-element_type=\"widget\" data-e-type=\"widget\" data-widget_type=\"text-editor.default\">\n\t\t\t\t\t\t\t\t\t<p>Anci\u00e0 d&#8217;un sol ull amb barba llarga, mantell ample blau o gris, barret d&#8217;ala ampla. Cavalca Sleipnir (cavall de vuit potes). Porta Gungnir (llan\u00e7a m\u00e0gica). Hugin i Munin (corbs del pensament i de la mem\u00f2ria) a les espatlles. Dos llops, Geri i Freki, com a acompanyants.<\/p>\t\t\t\t\t\t\t\t<\/div>\n\t\t\t\t\t<\/div>\n\t\t\t\t<\/div>\n\t\t\t\t<\/div>\n\t\t<div class=\"elementor-element elementor-element-pemmx7c2 e-con-full e-flex e-con e-child\" data-id=\"pemmx7c2\" data-element_type=\"container\" data-e-type=\"container\">\n\t\t<div class=\"elementor-element elementor-element-37ss2yr6 iwg-steckbrief-card e-flex e-con-boxed e-con e-child\" data-id=\"37ss2yr6\" data-element_type=\"container\" data-e-type=\"container\">\n\t\t\t\t\t<div class=\"e-con-inner\">\n\t\t\t\t<div class=\"elementor-element elementor-element-3v0wp3wx elementor-widget elementor-widget-heading\" data-id=\"3v0wp3wx\" data-element_type=\"widget\" data-e-type=\"widget\" data-widget_type=\"heading.default\">\n\t\t\t\t\t<h2 class=\"elementor-heading-title elementor-size-default\">Culte a Odin<\/h2>\t\t\t\t<\/div>\n\t\t\t\t<div class=\"elementor-element elementor-element-w3247g2m elementor-widget elementor-widget-text-editor\" data-id=\"w3247g2m\" data-element_type=\"widget\" data-e-type=\"widget\" data-widget_type=\"text-editor.default\">\n\t\t\t\t\t\t\t\t\t<p>Principals llocs de culte: Uppsala (Su\u00e8cia, sota Freyr i Freyja), Lejre (Dinamarca, seu dels llinatges reials danesos). Odin era venerat principalment per guerrers, escaldes i artistes, menys per pagesos i artesans (que veneraven m\u00e9s aviat Thor).<\/p><p>Els juraments, especialment els juraments de guerra i els juraments dels escaldes, es feien en nom d&#8217;Odin. Els sacrificis humans (per penjament) estaven vinculats al <span class=\"iwg-fachbegriff\" data-tooltip=\"El conjunt d'actes de veneraci\u00f3 religiosa dedicats a una divinitat o figura sagrada.\" tabindex=\"0\">culte<\/span> a Odin: els presoners eren sacrificats penjats per obtenir la <span class=\"iwg-fachbegriff\" data-tooltip=\"Concessi\u00f3 de protecci\u00f3 i benedicci\u00f3, sovint en una f\u00f3rmula ling\u00fc\u00edstica fixa.\" tabindex=\"0\">benedicci\u00f3<\/span> d&#8217;Odin. Les anomenades torberes de sacrifici (per exemple a Dinamarca i el nord d&#8217;Alemanya) contenen rastres d&#8217;aquestes pr\u00e0ctiques.<\/p>\t\t\t\t\t\t\t\t<\/div>\n\t\t\t\t\t<\/div>\n\t\t\t\t<\/div>\n\t\t<div class=\"elementor-element elementor-element-0qpjal9w iwg-steckbrief-card e-flex e-con-boxed e-con e-child\" data-id=\"0qpjal9w\" data-element_type=\"container\" data-e-type=\"container\">\n\t\t\t\t\t<div class=\"e-con-inner\">\n\t\t\t\t<div class=\"elementor-element elementor-element-6ndoih0o elementor-widget elementor-widget-heading\" data-id=\"6ndoih0o\" data-element_type=\"widget\" data-e-type=\"widget\" data-widget_type=\"heading.default\">\n\t\t\t\t\t<h2 class=\"elementor-heading-title elementor-size-default\">S\u00edmbols d'Odin<\/h2>\t\t\t\t<\/div>\n\t\t\t\t<div class=\"elementor-element elementor-element-6684tyh9 elementor-widget elementor-widget-text-editor\" data-id=\"6684tyh9\" data-element_type=\"widget\" data-e-type=\"widget\" data-widget_type=\"text-editor.default\">\n\t\t\t\t\t\t\t\t\t<p>La llan\u00e7a Gungnir (que mai no falla el seu objectiu), els corbs Hugin i Munin (pensament i mem\u00f2ria), els llops Geri i Freki, el cavall de vuit potes Sleipnir, les runes (especialment Wunjo, Ansuz, Dagaz), la forca (pel seu autosacrifici), l&#8217;ull (pel sacrifici a la font de Mimir).<\/p>\t\t\t\t\t\t\t\t<\/div>\n\t\t\t\t\t<\/div>\n\t\t\t\t<\/div>\n\t\t<div class=\"elementor-element elementor-element-3lfi7x32 iwg-steckbrief-card e-flex e-con-boxed e-con e-child\" data-id=\"3lfi7x32\" data-element_type=\"container\" data-e-type=\"container\">\n\t\t\t\t\t<div class=\"e-con-inner\">\n\t\t\t\t<div class=\"elementor-element elementor-element-0kg99ga1 elementor-widget elementor-widget-heading\" data-id=\"0kg99ga1\" data-element_type=\"widget\" data-e-type=\"widget\" data-widget_type=\"heading.default\">\n\t\t\t\t\t<div class=\"elementor-heading-title elementor-size-default\">Elements comparables<\/div>\t\t\t\t<\/div>\n\t\t\t\t<div class=\"elementor-element elementor-element-n0fum6kp elementor-widget elementor-widget-text-editor\" data-id=\"n0fum6kp\" data-element_type=\"widget\" data-e-type=\"widget\" data-widget_type=\"text-editor.default\">\n\t\t\t\t\t\t\t\t\t<p>Mercuri (Roma, Interpretatio Romana), Veles (eslau, mag i psicopomp), Hermes (Gr\u00e8cia, psicopomp i mag, paral\u00b7lel funcional), Tyr (germ\u00e0nic, originalment d\u00e9u principal, m\u00e9s tard despla\u00e7at per Odin), Loki (germ\u00e0nic, transgressor, mag, per\u00f2 antagonista), d\u00e9us principals xam\u00e0nics en cultures fino\u00fagriques i siberianes.<\/p><p>La connexi\u00f3 amb figures romanes i eslaves subratlla que Odin \u00e9s, en ess\u00e8ncia, una manifestaci\u00f3 n\u00f2rdica universal d&#8217;una figura transgressora indoeuropea, no pas del model ordenador (Zeus, J\u00fapiter, Dyaus Pitar, Perun).<\/p>\t\t\t\t\t\t\t\t<\/div>\n\t\t\t\t\t<\/div>\n\t\t\t\t<\/div>\n\t\t\t\t<\/div>\n\t\t\t\t<\/div>\n\t\t\t\t\t<\/div>\n\t\t\t\t<\/div>\n\t\t<div class=\"elementor-element elementor-element-7533bc7a e-flex e-con-boxed e-con e-parent\" data-id=\"7533bc7a\" data-element_type=\"container\" data-e-type=\"container\">\n\t\t\t\t\t<div class=\"e-con-inner\">\n\t\t\t\t<div class=\"elementor-element elementor-element-2447d18d elementor-widget elementor-widget-heading\" data-id=\"2447d18d\" data-element_type=\"widget\" data-e-type=\"widget\" data-widget_type=\"heading.default\">\n\t\t\t\t\t<h2 class=\"elementor-heading-title elementor-size-default\">Veneraci\u00f3 en la vida quotidiana<\/h2>\t\t\t\t<\/div>\n\t\t<div class=\"elementor-element elementor-element-d5d0260c e-con-full e-flex e-con e-child\" data-id=\"d5d0260c\" data-element_type=\"container\" data-e-type=\"container\">\n\t\t\t\t<div class=\"elementor-element elementor-element-341be2ac elementor-widget elementor-widget-text-editor\" data-id=\"341be2ac\" data-element_type=\"widget\" data-e-type=\"widget\" data-widget_type=\"text-editor.default\">\n\t\t\t\t\t\t\t\t\t<p>Odin no era el d\u00e9u de la poblaci\u00f3 en general ni de la pau dom\u00e8stica, sin\u00f3 el d\u00e9u dels guerrers, dels escaldes i dels mags. En la vida quotidiana, la seva veneraci\u00f3 es manifestava menys en <span class=\"iwg-fachbegriff\" data-tooltip=\"Ofrena a una divinitat per expressar gratitud, s\u00faplica o veneraci\u00f3.\">ofrenes<\/span> familiars que en f\u00f3rmules de jurament en juraments de guerra i d&#8217;honor, en invocacions dels escaldes abans de la poesia i en pr\u00e0ctiques d&#8217;inducci\u00f3 a l&#8217;\u00e8xtasi (ja fos guerrer o ritual).<\/p><p>Odin era considerat patr\u00f3 dels guerrers, especialment dels caps i dels guerrers d&#8217;elit (bersekrs). Va difondre el <em>berserkergang<\/em>, un \u00e8xtasi guerrer ext\u00e0tic en el qual el guerrer supera tota por al dolor i a la mort.<\/p><p>La seva veneraci\u00f3 era, doncs, pr\u00e0ctica i perillosa: transgressiva i conferidora de poder, en contrast amb la modalitat consoladora del culte dom\u00e8stic al voltant d&#8217;H\u00e8stia\/Vesta. En decisions importants, especialment abans de guerres, viatges mar\u00edtims o empreses m\u00e0giques, era habitual oferir sacrificis a Odin, sovint juntament amb Thor (protecci\u00f3) o Tyr (guardi\u00e0 del jurament).<\/p><p>Tamb\u00e9 els artistes i els escaldes, \u00e9s a dir, els poetes i m\u00fasics d&#8217;alt rang, veneraven Odin com el seu senyor protector. El jurament de l&#8217;escalde era una forma de veneraci\u00f3 a Odin: l&#8217;escalde jurava utilitzar l&#8217;hidromel de la poesia (que Odin mateix havia robat de la casa dels gegants) i, aix\u00ed, revelar la veritat mitjan\u00e7ant l&#8217;art.<\/p>\t\t\t\t\t\t\t\t<\/div>\n\t\t\t\t<\/div>\n\t\t\t\t\t<\/div>\n\t\t\t\t<\/div>\n\t\t<div class=\"elementor-element elementor-element-5a584676 e-flex e-con-boxed e-con e-parent\" data-id=\"5a584676\" data-element_type=\"container\" data-e-type=\"container\">\n\t\t\t\t\t<div class=\"e-con-inner\">\n\t\t\t\t<div class=\"elementor-element elementor-element-6d0757bf elementor-widget elementor-widget-heading\" data-id=\"6d0757bf\" data-element_type=\"widget\" data-e-type=\"widget\" data-widget_type=\"heading.default\">\n\t\t\t\t\t<h2 class=\"elementor-heading-title elementor-size-default\">Odin, paral\u00b7lelismes en altres cultures<\/h2>\t\t\t\t<\/div>\n\t\t<div class=\"elementor-element elementor-element-60563f68 e-con-full e-flex e-con e-child\" data-id=\"60563f68\" data-element_type=\"container\" data-e-type=\"container\">\n\t\t\t\t<div class=\"elementor-element elementor-element-5a93fdd6 elementor-widget elementor-widget-text-editor\" data-id=\"5a93fdd6\" data-element_type=\"widget\" data-e-type=\"widget\" data-widget_type=\"text-editor.default\">\n\t\t\t\t\t\t\t\t\t<p><strong>Tradici\u00f3 romana<\/strong><\/p><p>Mercuri, menys per semblan\u00e7a funcional (Hermes\/Mercuri s\u00f3n essencialment d\u00e9us missatgers) que per la costum romana de la <em>interpretatio romana<\/em>. T\u00e0cit identifica Wodan amb Mercuri, probablement per la funci\u00f3 comuna de d\u00e9u dels viatgers i pel vincle amb el llenguatge (Mercuri com a d\u00e9u del comer\u00e7 i de la paraula, Odin com a d\u00e9u dels escaldes i de les runes).<\/p><p>Aquesta identificaci\u00f3 \u00e9s culturalment superficial i mostra menys un parentiu funcional real que el joc d&#8217;escacs sincretista dels romans.<\/p><p><strong>Tradici\u00f3 v\u00e8dica i hind\u00fa:<\/strong> No hi ha cap paral\u00b7lelisme directe en el <span class=\"iwg-fachbegriff\" data-tooltip=\"El conjunt de d\u00e9us d'una religi\u00f3 o cultura.\">pante\u00f3<\/span> v\u00e8dic. Tot i aix\u00f2, la idea d&#8217;una divinitat suprema que adquireix saviesa mitjan\u00e7ant l&#8217;autosacrifici recorda motius xam\u00e0nics presents en religions indoeuropees. Els possibles paral\u00b7lelismes funcionals amb Rudra\/Xiva (d\u00e9u transgressor, mag, ext\u00e0tic) s\u00f3n especulatius.<\/p><p><strong>Tradici\u00f3 eslava<\/strong><\/p><p>Veles (Volos), d\u00e9u de la <span class=\"iwg-fachbegriff\" data-tooltip=\"Pr\u00e0ctiques que pretenen intervenir en el curs dels fets mitjan\u00e7ant accions o f\u00f3rmules especials.\">m\u00e0gia<\/span>, del m\u00f3n subterrani, dels ramats i de la prosperitat, compartia amb Odin la naturalesa transgressora i la funci\u00f3 psicopompa. Tots dos s\u00f3n d\u00e9us mags, no ordenadors. Tanmateix, Veles est\u00e0 vinculat principalment al m\u00f3n subterrani i als morts, mentre que Odin ho est\u00e0 a l&#8217;\u00e8xtasi i a la poesia.<\/p><p><strong>Paral\u00b7lelismes germ\u00e0nics:<\/strong> Tyr (Tiu, Ziu), originalment una divinitat suprema indogerm\u00e0nica (emparentada amb Zeus, J\u00fapiter, Dyaus Pita a trav\u00e9s de l&#8217;arrel *dyeus).<\/p><p>Al llarg de la hist\u00f2ria germ\u00e0nica primerenca, Tyr va ser \u00absubstitu\u00eft\u00bb o \u00abdespla\u00e7at\u00bb per Odin com a divinitat suprema, per\u00f2 va conservar les funcions de d\u00e9u del jurament i guardi\u00e0 de la llei. Aquest despla\u00e7ament t\u00e9 una gran import\u00e0ncia des del punt de vista de la hist\u00f2ria cultural i mostra com el canvi de valors d&#8217;una societat s&#8217;expressa en la seva <span class=\"iwg-fachbegriff\" data-tooltip=\"Un \u00e9sser venerat com a div\u00ed dins d'una religi\u00f3.\">divinitat<\/span>.<\/p>\t\t\t\t\t\t\t\t<\/div>\n\t\t\t\t<\/div>\n\t\t\t\t\t<\/div>\n\t\t\t\t<\/div>\n\t\t<div class=\"elementor-element elementor-element-x7-das-m e-flex e-con-boxed e-con e-parent\" data-id=\"x7-das-m\" data-element_type=\"container\" data-e-type=\"container\">\n\t\t\t\t\t<div class=\"e-con-inner\">\n\t\t\t\t<div class=\"elementor-element elementor-element-xh7-das- elementor-widget elementor-widget-heading\" data-id=\"xh7-das-\" data-element_type=\"widget\" data-e-type=\"widget\" data-widget_type=\"heading.default\">\n\t\t\t\t\t<h2 class=\"elementor-heading-title elementor-size-default\">El motiu de l'autosacrifici<\/h2>\t\t\t\t<\/div>\n\t\t<div class=\"elementor-element elementor-element-xc7-das- e-flex e-con-boxed e-con e-parent\" data-id=\"xc7-das-\" data-element_type=\"container\" data-e-type=\"container\">\n\t\t\t\t\t<div class=\"e-con-inner\">\n\t\t<div class=\"elementor-element elementor-element-bw-xt7-das--ef9d65c e-flex e-con-boxed e-con e-parent\" data-id=\"bw-xt7-das--ef9d65c\" data-element_type=\"container\" data-e-type=\"container\" data-settings=\"{&quot;background_background&quot;:&quot;classic&quot;}\">\n\t\t\t\t\t<div class=\"e-con-inner\">\n\t\t\t\t<div class=\"elementor-element elementor-element-xt7-das- elementor-widget elementor-widget-text-editor\" data-id=\"xt7-das-\" data-element_type=\"widget\" data-e-type=\"widget\" data-widget_type=\"text-editor.default\">\n\t\t\t\t\t\t\t\t\t<p>Un tret caracter\u00edstic d&#8217;Odin \u00e9s la seva disposici\u00f3 a sacrificar-se ell mateix per obtenir saviesa i poder. Segons l&#8217;Edda, va penjar nou nits de l&#8217;arbre del m\u00f3n Yggdrasil, travessat per la seva pr\u00f2pia llan\u00e7a, sense menjar ni beure, fins que se li van revelar les runes.<\/p><p>Tamb\u00e9 va sacrificar el seu ull dret al pou del gegant M\u00edmir per poder beure un glop de l&#8217;aigua del pou, que atorga saviesa. Aquest <span class=\"iwg-fachbegriff\" data-tooltip=\"Un element de contingut recurrent en l'art o la narrativa.\">motiu<\/span> distingeix Odin fonamentalment d&#8217;altres divinitats supremes indoeuropees: mentre que Zeus, J\u00fapiter o Perun obtenen el poder mitjan\u00e7ant la vict\u00f2ria o l&#8217;ordre, Odin l&#8217;obt\u00e9 mitjan\u00e7ant la ren\u00fancia i la transgressi\u00f3.<\/p>\t\t\t\t\t\t\t\t<\/div>\n\t\t\t\t\t<\/div>\n\t\t\t\t<\/div>\n\t\t\t\t\t<\/div>\n\t\t\t\t<\/div>\n\t\t\t\t\t<\/div>\n\t\t\t\t<\/div>\n\t\t<div class=\"elementor-element elementor-element-cp66d3771 e-flex e-con-boxed e-con e-parent\" data-id=\"cp66d3771\" data-element_type=\"container\" data-e-type=\"container\">\n\t\t\t\t\t<div class=\"e-con-inner\">\n\t\t\t\t<div class=\"elementor-element elementor-element-cp1c1b0e7 elementor-widget elementor-widget-heading\" data-id=\"cp1c1b0e7\" data-element_type=\"widget\" data-e-type=\"widget\" data-widget_type=\"heading.default\">\n\t\t\t\t\t<h2 class=\"elementor-heading-title elementor-size-default\">L'adquisici\u00f3 de les runes: l'autosacrifici d'Odin a l'arbre del m\u00f3n<\/h2>\t\t\t\t<\/div>\n\t\t<div class=\"elementor-element elementor-element-cp86df3fd e-con-full e-flex e-con e-child\" data-id=\"cp86df3fd\" data-element_type=\"container\" data-e-type=\"container\">\n\t\t\t\t<div class=\"elementor-element elementor-element-cp74cd0ec elementor-widget elementor-widget-text-editor\" data-id=\"cp74cd0ec\" data-element_type=\"widget\" data-e-type=\"widget\" data-widget_type=\"text-editor.default\">\n\t\t\t\t\t\t\t\t\t<p>Un dels episodis m\u00e9s coneguts del <span class=\"iwg-fachbegriff\" data-tooltip=\"Un relat transm\u00e8s sobre d\u00e9us, or\u00edgens i l'ordre del m\u00f3n.\">mite<\/span> d&#8217;Odin \u00e9s el seu autosacrifici per adquirir les runes, transm\u00e8s a les estrofes 138 a 145 del poema \u00e8ddic <em>H\u00e1vam\u00e1l<\/em> (Dites de l&#8217;Alt\u00edssim). All\u00e0, el mateix Odin explica que va penjar nou nits de l&#8217;arbre vent\u00f3s, ferit per la llan\u00e7a, <span class=\"iwg-fachbegriff\" data-tooltip=\"Lliurat al sagrat mitjan\u00e7ant un acte religi\u00f3s, i aix\u00ed apartat de la vida quotidiana.\">consagrat<\/span> a ell mateix, donat a ell mateix.<\/p><p>L&#8217;arbre \u00e9s, amb tota probabilitat, el freixe del m\u00f3n <em>Yggdrasil<\/em>, el nom del qual pot interpretar-se com \u00abel cavall d&#8217;Odin\u00bb, ja que la forca es concep po\u00e8ticament com el cavall del penjat.<\/p><p>Sense que li oferissin pa ni hidromel, Odin va mirar cap avall, va agafar cridant les runes i va caure enrere. En el mateix context, explica com va rebre del seu parent matern B\u00f6lthorn nou poderosos cants m\u00e0gics i un glop de l&#8217;hidromel preci\u00f3s.<\/p><p>La <span class=\"iwg-fachbegriff\" data-tooltip=\"La disciplina que estudia les religions de manera comparativa i sense comprom\u00eds de fe.\">ci\u00e8ncia de la religi\u00f3<\/span> ha debatut intensament aquest passatge. Alguns investigadors hi veuen un antic ritu d&#8217;iniciaci\u00f3, comparable a pr\u00e0ctiques xam\u00e0niques, en qu\u00e8 el cercador passa per una mort simb\u00f2lica per obtenir un coneixement ocult.<\/p><p>D&#8217;altres subratllen el car\u00e0cter literari del text i adverteixen contra interpretacions xam\u00e0niques precipitades. El que \u00e9s indiscutible \u00e9s que l&#8217;episodi retrata Odin com el d\u00e9u del coneixement obtingut mitjan\u00e7ant el sofriment, disposat a sacrificar-se ell mateix per obtenir poder sobre el llenguatge, la m\u00e0gia i les connexions ocultes.<\/p>\t\t\t\t\t\t\t\t<\/div>\n\t\t\t\t<\/div>\n\t\t\t\t\t<\/div>\n\t\t\t\t<\/div>\n\t\t<div class=\"elementor-element elementor-element-cp703b002 e-flex e-con-boxed e-con e-parent\" data-id=\"cp703b002\" data-element_type=\"container\" data-e-type=\"container\">\n\t\t\t\t\t<div class=\"e-con-inner\">\n\t\t\t\t<div class=\"elementor-element elementor-element-cpa7efda7 elementor-widget elementor-widget-heading\" data-id=\"cpa7efda7\" data-element_type=\"widget\" data-e-type=\"widget\" data-widget_type=\"heading.default\">\n\t\t\t\t\t<h2 class=\"elementor-heading-title elementor-size-default\">L'hidromel de la poesia: Odin com a lladre de la inspiraci\u00f3<\/h2>\t\t\t\t<\/div>\n\t\t<div class=\"elementor-element elementor-element-cp211561c e-con-full e-flex e-con e-child\" data-id=\"cp211561c\" data-element_type=\"container\" data-e-type=\"container\">\n\t\t\t\t<div class=\"elementor-element elementor-element-cpcdafa62 elementor-widget elementor-widget-text-editor\" data-id=\"cpcdafa62\" data-element_type=\"widget\" data-e-type=\"widget\" data-widget_type=\"text-editor.default\">\n\t\t\t\t\t\t\t\t\t<p>El relat m\u00e9s detallat sobre l&#8217;origen de la poesia el transmet Snorri Sturluson al <em>Sk\u00e1ldskaparm\u00e1l<\/em>, la segona part de la seva <em>Edda<\/em>. Comen\u00e7a amb l&#8217;\u00e9sser Kvasir, sorgit de la saliva dels \u00e0sirs i v\u00e0nirs reconciliats, capa\u00e7 de respondre totes les preguntes.<\/p><p>Dos nans van matar Kvasir i van barrejar la seva sang amb mel per crear un hidromel que atorgava dots po\u00e8tics i saviesa a qui en bevia.<\/p><p>Aquest hidromel va passar per diverses mans fins a arribar al gegant Suttung, que el va fer guardar dins la muntanya Hnitbj\u00f6rg per la seva filla Gunnl\u00f6d. Odin es va disposar a aconseguir-lo sota el nom fals de B\u00f6lverk.<\/p><p>Amb l&#8217;ajut del trepant Rati va perforar la roca, es va transformar en serp, s&#8217;hi va esmunyir i va passar tres nits amb Gunnl\u00f6d, que a canvi li va concedir tres glops. Amb tres glops Odin va buidar els tres recipients, es va transformar en \u00e0guila i va fugir cap a \u00c0sgard, on va escopir l&#8217;hidromel dins uns recipients.<\/p><p>Aquest relat explica tamb\u00e9 per qu\u00e8 en n\u00f2rdic antic la poesia es pot anomenar el bot\u00ed d&#8217;Odin o la sang de Kvasir. Alguns investigadors han assenyalat similituds estructurals amb el <span class=\"iwg-fachbegriff\" data-tooltip=\"Un relat transm\u00e8s sobre d\u00e9us, or\u00edgens i l'ordre del m\u00f3n.\" tabindex=\"0\">mite<\/span> indi del soma, en el qual una beguda embriagadora divina tamb\u00e9 \u00e9s robada i una \u00e0guila esdev\u00e9 la portadora.<\/p><p>Si es tracta d&#8217;una her\u00e8ncia indoeuropea comuna continua sent objecte de debat, per\u00f2 el paral\u00b7lelisme \u00e9s prou notable perqu\u00e8 la <span class=\"iwg-fachbegriff\" data-tooltip=\"El conjunt dels relats m\u00edtics transmesos d'una cultura.\" tabindex=\"0\">mitologia<\/span> comparada el tracti de manera recurrent.<\/p>\t\t\t\t\t\t\t\t<\/div>\n\t\t\t\t<\/div>\n\t\t\t\t\t<\/div>\n\t\t\t\t<\/div>\n\t\t<div class=\"elementor-element elementor-element-cpc1b803d e-flex e-con-boxed e-con e-parent\" data-id=\"cpc1b803d\" data-element_type=\"container\" data-e-type=\"container\">\n\t\t\t\t\t<div class=\"e-con-inner\">\n\t\t\t\t<div class=\"elementor-element elementor-element-cp8ba8373 elementor-widget elementor-widget-heading\" data-id=\"cp8ba8373\" data-element_type=\"widget\" data-e-type=\"widget\" data-widget_type=\"heading.default\">\n\t\t\t\t\t<h2 class=\"elementor-heading-title elementor-size-default\">Wodan en les fonts continentals i la Barba Llarga<\/h2>\t\t\t\t<\/div>\n\t\t<div class=\"elementor-element elementor-element-cp4bf60af e-con-full e-flex e-con e-child\" data-id=\"cp4bf60af\" data-element_type=\"container\" data-e-type=\"container\">\n\t\t\t\t<div class=\"elementor-element elementor-element-cp2f05d1a elementor-widget elementor-widget-text-editor\" data-id=\"cp2f05d1a\" data-element_type=\"widget\" data-e-type=\"widget\" data-widget_type=\"text-editor.default\">\n\t\t\t\t\t\t\t\t\t<p>Odin \u00e9s conegut a partir de les fonts islandeses de l&#8217;alta edat mitjana i tamb\u00e9, sota el nom germ\u00e0nic continental Wodan o Woden, a partir de testimonis molt m\u00e9s antics.<\/p><p>L&#8217;historiador rom\u00e0 T\u00e0cit esmenta a la <em>Germania<\/em>, cap al 98 dC, un d\u00e9u al qual els germ\u00e0nics veneraven per damunt de tots i que ell equipara amb Mercuri, cosa que la recerca relaciona majorit\u00e0riament amb Wodan.<\/p><p>Del segle VIII data el <em>Segon encanteri de Merseburg<\/em>, un dels pocs textos pagans conservats en alt alemany antic, en el qual Wodan cura una pota de cavall dislocada mitjan\u00e7ant una f\u00f3rmula m\u00e0gica.<\/p><p>L&#8217;historiador longobard Pau Diaca transmet el relat de com Wodan va donar nom als longobards: la seva dona Frea va col\u00b7locar les dones de la tribu, amb els cabells pentinats sobre la cara, al lloc on Wodan miraria en despertar-se, de manera que ell les va anomenar \u00abbarbes llargues\u00bb.<\/p><p>El nom mateix, en protogerm\u00e0nic aproximadament <em>W\u014ddanaz<\/em>, es relaciona amb un camp sem\u00e0ntic que designa la f\u00faria, el frenes\u00ed i l&#8217;\u00e8xtasi, com el got <em>wods<\/em>, \u00abposse\u00eft\u00bb. Adam de Bremen va formular al segle XI la c\u00e8lebre glossa <em>Wodan, id est furor<\/em>, \u00abWodan, \u00e9s a dir, f\u00faria\u00bb.<\/p><p>Aquesta arrel ling\u00fc\u00edstica mostra que el tret ext\u00e0tic i furi\u00f3s d&#8217;Odin no \u00e9s una construcci\u00f3 liter\u00e0ria tardana, sin\u00f3 que estava profundament arrelat en la concepci\u00f3 del d\u00e9u. El dia angl\u00e8s Wednesday i l&#8217;alemany Wuotanstag conserven aquest nom fins avui.<\/p>\t\t\t\t\t\t\t\t<\/div>\n\t\t\t\t<\/div>\n\t\t\t\t\t<\/div>\n\t\t\t\t<\/div>\n\t\t<div class=\"elementor-element elementor-element-cp29ccd98 e-flex e-con-boxed e-con e-parent\" data-id=\"cp29ccd98\" data-element_type=\"container\" data-e-type=\"container\">\n\t\t\t\t\t<div class=\"e-con-inner\">\n\t\t\t\t<div class=\"elementor-element elementor-element-cpd5e457e elementor-widget elementor-widget-heading\" data-id=\"cpd5e457e\" data-element_type=\"widget\" data-e-type=\"widget\" data-widget_type=\"heading.default\">\n\t\t\t\t\t<h2 class=\"elementor-heading-title elementor-size-default\">Odin i la Cacera Salvatge: perviv\u00e8ncia en la tradici\u00f3 popular<\/h2>\t\t\t\t<\/div>\n\t\t<div class=\"elementor-element elementor-element-cp764bf7c e-con-full e-flex e-con e-child\" data-id=\"cp764bf7c\" data-element_type=\"container\" data-e-type=\"container\">\n\t\t\t\t<div class=\"elementor-element elementor-element-cp400c3a4 elementor-widget elementor-widget-text-editor\" data-id=\"cp400c3a4\" data-element_type=\"widget\" data-e-type=\"widget\" data-widget_type=\"text-editor.default\">\n\t\t\t\t\t\t\t\t\t<p>Despr\u00e9s de la cristianitzaci\u00f3, Odin va perdurar en les creences populars en lloc de desapar\u00e8ixer del tot, sobretot en el <span class=\"iwg-fachbegriff\" data-tooltip=\"Un element tem\u00e0tic recurrent en l'art o la narraci\u00f3.\" tabindex=\"0\">motiu<\/span> de la Cacera Salvatge. En gran part de l&#8217;\u00e0mbit german\u00f2fon, la tradici\u00f3 popular coneixia un seguici nocturn d&#8217;esperits que, especialment durant l&#8217;\u00e8poca fosca de l&#8217;any, travessava els aires a tota velocitat, encap\u00e7alat per una figura demon\u00edaca.<\/p><p>A Escandin\u00e0via i en algunes zones del nord d&#8217;Alemanya, aquest cap de colla va ser identificat en certs indrets amb Odin o amb un nom derivat del seu. Jacob Grimm va recollir al segle XIX, en la seva <em>Deutsche <span class=\"iwg-fachbegriff\" data-tooltip=\"El conjunt dels relats m\u00edtics transmesos d'una cultura.\" tabindex=\"0\">Mythologie<\/span><\/em>, nombrosos testimonis d&#8217;aquest tipus i hi va veure la perviv\u00e8ncia del d\u00e9u pag\u00e0 de la tempesta.<\/p><p>La recerca m\u00e9s recent \u00e9s m\u00e9s prudent: la Cacera Salvatge \u00e9s un conjunt complex de creences populars en el qual es van fondre diverses figures, i no totes les variants regionals es poden atribuir directament a Odin.<\/p><p>Tot i aix\u00f2, el <span class=\"iwg-fachbegriff\" data-tooltip=\"Un element tem\u00e0tic recurrent en l'art o la narraci\u00f3.\" tabindex=\"0\">motiu<\/span> s&#8217;adiu b\u00e9 amb la naturalesa d&#8217;Odin. \u00c9s el d\u00e9u dels guerrers caiguts, el cap d&#8217;una host de morts que cavalca pels aires damunt el seu cavall de vuit potes Sleipnir. El car\u00e0cter ext\u00e0tic i tempestu\u00f3s, ja present en el seu nom, troba en l&#8217;host furiosa una forma postcristiana.<\/p><p>Al romanticisme i m\u00e9s tard a l&#8217;<em>Anell del Nibelung<\/em> de Richard Wagner, Odin, sota el nom de Wotan, es va convertir en una figura cultural central, fet que va marcar la seva recepci\u00f3 fins a la literatura fant\u00e0stica i la cultura popular actuals, alhora que sovint la va allunyar de la <span class=\"iwg-fachbegriff\" data-tooltip=\"La transmissi\u00f3 de coneixements i relats al llarg de generacions.\" tabindex=\"0\">tradici\u00f3<\/span> hist\u00f2rica.<\/p>\t\t\t\t\t\t\t\t<\/div>\n\t\t\t\t<\/div>\n\t\t\t\t\t<\/div>\n\t\t\t\t<\/div>\n\t\t<div class=\"elementor-element elementor-element-cp428d162 e-flex e-con-boxed e-con e-parent\" data-id=\"cp428d162\" data-element_type=\"container\" data-e-type=\"container\">\n\t\t\t\t\t<div class=\"e-con-inner\">\n\t\t\t\t<div class=\"elementor-element elementor-element-cp668f4dd elementor-widget elementor-widget-heading\" data-id=\"cp668f4dd\" data-element_type=\"widget\" data-e-type=\"widget\" data-widget_type=\"heading.default\">\n\t\t\t\t\t<h2 class=\"elementor-heading-title elementor-size-default\">Els molts noms d'Odin i el seu significat<\/h2>\t\t\t\t<\/div>\n\t\t<div class=\"elementor-element elementor-element-cpfd32b6c e-con-full e-flex e-con e-child\" data-id=\"cpfd32b6c\" data-element_type=\"container\" data-e-type=\"container\">\n\t\t\t\t<div class=\"elementor-element elementor-element-cp1dd3ee1 elementor-widget elementor-widget-text-editor\" data-id=\"cp1dd3ee1\" data-element_type=\"widget\" data-e-type=\"widget\" data-widget_type=\"text-editor.default\">\n\t\t\t\t\t\t\t\t\t<p>Poques divinitats de la hist\u00f2ria de les religions del m\u00f3n porten tants renoms com Odin. El poema \u00e8ddic <em>Gr\u00edmnism\u00e1l<\/em> i el <em>Gylfaginning<\/em> de Snorri transmeten m\u00e9s de 150 denominacions diferents, i la poesia esc\u00e0ldica en coneix encara m\u00e9s.<\/p><p>Aquesta abund\u00e0ncia de noms \u00e9s molt m\u00e9s que un ornament po\u00e8tic. \u00c9s l&#8217;expressi\u00f3 d&#8217;una concepci\u00f3 teol\u00f2gica: Odin adopta formes i papers diferents, i cada nom designa un aspecte del seu \u00e9sser.<\/p><p>Molts renoms remeten al seu aspecte i als seus disfressos. <em>H\u00e1rbar\u00f0r<\/em> (Barba Grisa), <em>S\u00ed\u00f0h\u00f6ttr<\/em> (Barret Ample), <em>Gr\u00edmnir<\/em> (l&#8217;Emmascarat) el designen com un d\u00e9u errant i embolcallat, que apareix amb un sol ull perqu\u00e8 va donar l&#8217;altre a canvi d&#8217;un glop de la font de M\u00edmir. Altres noms es refereixen a les seves funcions: <em>Valf\u00f6\u00f0r<\/em> (Pare dels Caiguts), <em>Sigf\u00f6\u00f0r<\/em> (Pare de la Vict\u00f2ria), <em>Galdrsf\u00f6\u00f0r<\/em> (Pare dels Cants M\u00e0gics).<\/p><p>D&#8217;altres, encara, enllacen amb mites concrets. <em>B\u00f6lverkr<\/em> (Malfactor) \u00e9s el nom encobert que usa en el robatori del hidromel de la poesia, <em>B\u00e1leygr<\/em> (Ull de Flama) al\u00b7ludeix a la seva mirada. La recerca interpreta aquesta diversitat de noms com un reflex del car\u00e0cter d&#8217;Odin com a d\u00e9u de la transformaci\u00f3, de l&#8217;ast\u00facia i del coneixement ocult.<\/p><p>A difer\u00e8ncia d&#8217;un d\u00e9u amb un \u00e0mbit de compet\u00e8ncia clarament delimitat, Odin resulta dif\u00edcil de definir, i els noms s\u00f3n el recurs ling\u00fc\u00edstic amb qu\u00e8 la <span class=\"iwg-fachbegriff\" data-tooltip=\"La transmissi\u00f3 de coneixements i narracions al llarg de generacions.\" tabindex=\"0\">tradici\u00f3<\/span> n\u00f2rdica antiga expressava aquesta complexitat. Per a l&#8217;art po\u00e8tic esc\u00e0ldic, alhora, oferien un reservori inesgotable de per\u00edfrasis.<\/p>\t\t\t\t\t\t\t\t<\/div>\n\t\t\t\t<\/div>\n\t\t\t\t\t<\/div>\n\t\t\t\t<\/div>\n\t\t<div class=\"elementor-element elementor-element-cp3ee0c81 e-flex e-con-boxed e-con e-parent\" data-id=\"cp3ee0c81\" data-element_type=\"container\" data-e-type=\"container\">\n\t\t\t\t\t<div class=\"e-con-inner\">\n\t\t\t\t<div class=\"elementor-element elementor-element-cp70bd54a elementor-widget elementor-widget-heading\" data-id=\"cp70bd54a\" data-element_type=\"widget\" data-e-type=\"widget\" data-widget_type=\"heading.default\">\n\t\t\t\t\t<h2 class=\"elementor-heading-title elementor-size-default\">Odin en el culte: sacrificis humans i la q\u00fcesti\u00f3 de les traces arqueol\u00f2giques<\/h2>\t\t\t\t<\/div>\n\t\t<div class=\"elementor-element elementor-element-cpf07278d e-con-full e-flex e-con e-child\" data-id=\"cpf07278d\" data-element_type=\"container\" data-e-type=\"container\">\n\t\t\t\t<div class=\"elementor-element elementor-element-cp644e616 elementor-widget elementor-widget-text-editor\" data-id=\"cp644e616\" data-element_type=\"widget\" data-e-type=\"widget\" data-widget_type=\"text-editor.default\">\n\t\t\t\t\t\t\t\t\t<p>Les fonts liter\u00e0ries relacionen Odin repetidament amb sacrificis humans, especialment amb l&#8217;execuci\u00f3 per penjament i per llan\u00e7ament d&#8217;arma. Aquesta forma reflecteix el seu propi autosacrifici a l&#8217;arbre; la persona sacrificada mor, en certa manera, la mort del d\u00e9u.<\/p><p>Adam de Bremen descriu al segle XI la gran festa sacrificial al <span class=\"iwg-fachbegriff\" data-tooltip=\"Un edifici dedicat a la veneraci\u00f3 d'una o diverses divinitats.\" tabindex=\"0\">temple<\/span> d&#8217;Uppsala, en la qual persones i animals haurien estat penjats en un <span class=\"iwg-fachbegriff\" data-tooltip=\"Un bosc sagrat que servia com a lloc de culte.\" tabindex=\"0\">bosc sagrat<\/span>.<\/p><p>La <span class=\"iwg-fachbegriff\" data-tooltip=\"La transmissi\u00f3 de coneixements i narracions al llarg de generacions.\" tabindex=\"0\">tradici\u00f3<\/span> liter\u00e0ria cont\u00e9 diverses narracions en qu\u00e8 reis s\u00f3n <span class=\"iwg-fachbegriff\" data-tooltip=\"Lliurat al sagrat mitjan\u00e7ant un acte religi\u00f3s, i per tant extret de l'\u00e0mbit quotidi\u00e0.\" tabindex=\"0\">consagrats<\/span> a Odin i sacrificats per penjament o per arma, per exemple a la <em>Ynglinga saga<\/em> i en altres sagues. Fins a quin punt aquests relats reflecteixen fidelment el <span class=\"iwg-fachbegriff\" data-tooltip=\"El conjunt de pr\u00e0ctiques de veneraci\u00f3 religiosa dedicades a una divinitat o figura sagrada.\" tabindex=\"0\">culte<\/span> real \u00e9s discutit, ja que provenen d&#8217;\u00e8poca cristiana i sovint tenen intencions pol\u00e8miques.<\/p><p>L&#8217;<span class=\"iwg-fachbegriff\" data-tooltip=\"Ci\u00e8ncia que estudia cultures passades a partir de restes materials.\" tabindex=\"0\">arqueologia<\/span> proporciona un panorama m\u00e9s matisat. Els cossos de torbera de l&#8217;<span class=\"iwg-fachbegriff\" data-tooltip=\"\u00c8poca prehist\u00f2rica posterior a l'edat del bronze, caracteritzada pel treball del ferro.\" tabindex=\"0\">edat del ferro<\/span>, per exemple del nord d&#8217;Alemanya i de Dinamarca, presenten senyals de penjament o estrangulaci\u00f3 i sovint s&#8217;interpreten com a <span class=\"iwg-fachbegriff\" data-tooltip=\"Ofrena a una divinitat per expressar gratitud, petici\u00f3 o veneraci\u00f3.\" tabindex=\"0\">sacrificis<\/span>, tot i que atribuir-los amb certesa a un d\u00e9u concret no \u00e9s metodol\u00f2gicament possible.<\/p><p>Les troballes d&#8217;armes i llances en torberes i en llocs de sacrifici concorden amb la vinculaci\u00f3 d&#8217;Odin amb la llan\u00e7a Gungnir i amb el <span class=\"iwg-fachbegriff\" data-tooltip=\"Un costum transm\u00e8s i repetit regularment en una comunitat.\" tabindex=\"0\">costum<\/span> de <span class=\"iwg-fachbegriff\" data-tooltip=\"Lliurar un objecte, lloc o persones al sagrat mitjan\u00e7ant un acte religi\u00f3s.\" tabindex=\"0\">consagrar<\/span> al d\u00e9u l&#8217;ex\u00e8rcit enemic mitjan\u00e7ant un llan\u00e7ament de llan\u00e7a.<\/p><p>En conjunt, les troballes arqueol\u00f2giques confirmen que hi va haver sacrificis humans i d&#8217;armes al m\u00f3n germ\u00e0nic, sense que sigui possible quantificar amb exactitud la part corresponent a Odin.<\/p><p>La recerca treballa aqu\u00ed amb probabilitats, no amb certeses.<\/p>\t\t\t\t\t\t\t\t<\/div>\n\t\t\t\t<\/div>\n\t\t\t\t\t<\/div>\n\t\t\t\t<\/div>\n\t\t<div class=\"elementor-element elementor-element-36dd7469 e-flex e-con-boxed e-con e-parent\" data-id=\"36dd7469\" data-element_type=\"container\" data-e-type=\"container\">\n\t\t\t\t\t<div class=\"e-con-inner\">\n\t\t\t\t<div class=\"elementor-element elementor-element-13760ab4 elementor-widget elementor-widget-heading\" data-id=\"13760ab4\" data-element_type=\"widget\" data-e-type=\"widget\" data-widget_type=\"heading.default\">\n\t\t\t\t\t<h2 class=\"elementor-heading-title elementor-size-default\">Enlla\u00e7os relacionats<\/h2>\t\t\t\t<\/div>\n\t\t<div class=\"elementor-element elementor-element-28c87796 e-con-full e-flex e-con e-child\" data-id=\"28c87796\" data-element_type=\"container\" data-e-type=\"container\">\n\t\t\t\t<div class=\"elementor-element elementor-element-5d6538df elementor-widget elementor-widget-text-editor\" data-id=\"5d6538df\" data-element_type=\"widget\" data-e-type=\"widget\" data-widget_type=\"text-editor.default\">\n\t\t\t\t\t\t\t\t\t<ul><li><a href=\"https:\/\/iwell-guard.com\/ca\/?page_id=171810\">Tyr, Germ\u00e0nic<\/a><\/li><li><a href=\"https:\/\/iwell-guard.com\/ca\/?page_id=171567\">Thor, Germ\u00e0nic<\/a><\/li><li><a href=\"https:\/\/iwell-guard.com\/ca\/?page_id=171566\">Freyja, Germ\u00e0nic<\/a><\/li><li><a href=\"https:\/\/iwell-guard.com\/ca\/?page_id=171781\">Mercurius, Roma<\/a><\/li><li><a href=\"https:\/\/iwell-guard.com\/ca\/?page_id=171515\">Veles, Eslau<\/a><\/li><li><a href=\"https:\/\/iwell-guard.com\/ca\/?page_id=171459\">Divinitats superiors, Subcategoria<\/a><\/li><li><a href=\"https:\/\/iwell-guard.com\/ca\/?page_id=171431\">D\u00e9us, Visi\u00f3 de classe<\/a><\/li><\/ul>\t\t\t\t\t\t\t\t<\/div>\n\t\t\t\t<\/div>\n\t\t\t\t\t<\/div>\n\t\t\t\t<\/div>\n\t\t<div class=\"elementor-element elementor-element-grl4kl40 e-flex e-con-boxed e-con e-parent\" data-id=\"grl4kl40\" data-element_type=\"container\" data-e-type=\"container\">\n\t\t\t\t\t<div class=\"e-con-inner\">\n\t\t\t\t<div class=\"elementor-element elementor-element-bzsbfrmh elementor-widget elementor-widget-heading\" data-id=\"bzsbfrmh\" data-element_type=\"widget\" data-e-type=\"widget\" data-widget_type=\"heading.default\">\n\t\t\t\t\t<h2 class=\"elementor-heading-title elementor-size-default\">Bibliografia de recerca<\/h2>\t\t\t\t<\/div>\n\t\t<div class=\"elementor-element elementor-element-2c13224a e-con-full e-flex e-con e-child\" data-id=\"2c13224a\" data-element_type=\"container\" data-e-type=\"container\">\n\t\t\t\t<div class=\"elementor-element elementor-element-0eymh9ub elementor-widget elementor-widget-text-editor\" data-id=\"0eymh9ub\" data-element_type=\"widget\" data-e-type=\"widget\" data-widget_type=\"text-editor.default\">\n\t\t\t\t\t\t\t\t\t<footer class=\"iwg-literatur\" data-nosnippet=\"true\"><ul><li><span data-nosnippet>Sturluson, Snorri: <em>Die Prosa-Edda. Gylfaginning, Skaeldskaparmal, Haettatal<\/em>. \u00dcbers. u. hrsg. v. Felix Niedner. 1923 (Nachdruck, dtsch.).<\/span><\/li><li><em>Die Lieder-Edda<\/em>. Altnordische Heldengedichte. \u00dcbers. u. hrsg. v. Felix Niedner. 1923 (Nachdruck, dtsch.).<\/li><li>Dum\u00e9zil, Georges: <em>Mythe et \u00e9pop\u00e9e<\/em>. Vol. 1, 3. Par\u00eds 1968, 1973 (obra cl\u00e0ssica de la comparaci\u00f3 indoeuropea).<\/li><li><span data-nosnippet>Simek, Rudolf: <em>Lexikon der germanischen <span class=\"iwg-fachbegriff\" data-tooltip=\"El conjunt de narracions m\u00edtiques transmeses d'una cultura.\" tabindex=\"0\">Mythologie<\/span><\/em>. Stuttgart 1984 (obra de refer\u00e8ncia).<\/span><\/li><li>Tacitus: <em>Germania<\/em>. Cap. 9 (observacions romanes).<\/li><li>Saxo Grammaticus: <em>Gesta Danorum<\/em>. Llibre I, IV (sincronitzaci\u00f3 medieval).<\/li><li><span data-nosnippet>Ellis Davidson, Hilda R.: <em>The Road to Hel. A Study of the Conception of the Dead in Old Norse Literature<\/em>. Cambridge 1943 (reimpressi\u00f3 2002).<\/span><\/li><li><span data-nosnippet>N\u00e4sstr\u00f6m, Britt-Mari: <em>Bl\u00f3tin. Kultpraktiker i det f\u00f6rkristen Norden<\/em>. Estocolm 2001.<\/span><\/li><\/ul><\/footer>\t\t\t\t\t\t\t\t<\/div>\n\t\t\t\t<\/div>\n\t\t\t\t\t<\/div>\n\t\t\t\t<\/div>\n\t\t\t\t<\/div>\n\t\t","protected":false},"excerpt":{"rendered":"","protected":false},"author":3,"featured_media":1723,"parent":0,"menu_order":0,"comment_status":"closed","ping_status":"closed","template":"elementor_header_footer","meta":{"_yoast_wpseo_focuskw":"Odin","_yoast_wpseo_title":"Odin \u2013 Pare de Tots, D\u00e9u de l'\u00c8xtasi i la Saviesa","_yoast_wpseo_metadesc":"Odin: Pare de Tots, \u00e8xtasi, poesia, runes, Gungnir, Sleipnir i els seus paral\u00b7lels amb Mercurius, Veles i Tyr. Mite i culte.","_yoast_wpseo_meta-robots-noindex":"","_yoast_wpseo_canonical":"","_angie_page":false,"gefaehrdungsstufe":"3","wesen_kultur":"germanisch","wesen_klasse":"goetter","footnotes":""},"categories":[],"class_list":["post-171465","page","type-page","status-publish","has-post-thumbnail","hentry"],"yoast_head":"<!-- This site is optimized with the Yoast SEO Premium plugin v27.7 (Yoast SEO v28.3) - https:\/\/yoast.com\/product\/yoast-seo-premium-wordpress\/ -->\n<title>Odin \u2013 Pare de Tots, D\u00e9u de l&#039;\u00c8xtasi i la Saviesa<\/title>\n<meta name=\"description\" content=\"Odin: Pare de Tots, \u00e8xtasi, poesia, runes, Gungnir, Sleipnir i els seus paral\u00b7lels amb Mercurius, Veles i Tyr. Mite i culte.\" \/>\n<meta name=\"robots\" content=\"index, follow, max-snippet:-1, max-image-preview:large, max-video-preview:-1\" \/>\n<link rel=\"canonical\" href=\"https:\/\/iwell-guard.com\/ca\/odin\/\" \/>\n<meta property=\"og:locale\" content=\"ca_ES\" \/>\n<meta property=\"og:type\" content=\"article\" \/>\n<meta property=\"og:title\" content=\"Odin\" \/>\n<meta property=\"og:description\" content=\"Odin: Pare de Tots, \u00e8xtasi, poesia, runes, Gungnir, Sleipnir i els seus paral\u00b7lels amb Mercurius, Veles i Tyr. Mite i culte.\" \/>\n<meta property=\"og:url\" content=\"https:\/\/iwell-guard.com\/ca\/odin\/\" \/>\n<meta property=\"og:site_name\" content=\"iWell Guard\" \/>\n<meta property=\"article:modified_time\" content=\"2026-09-05T15:58:26+00:00\" \/>\n<meta property=\"og:image\" content=\"https:\/\/iwell-guard.com\/wp-content\/uploads\/2026\/04\/goetter_germanisch_odin.webp\" \/>\n\t<meta property=\"og:image:width\" content=\"1024\" \/>\n\t<meta property=\"og:image:height\" content=\"1536\" \/>\n\t<meta property=\"og:image:type\" content=\"image\/webp\" \/>\n<meta name=\"twitter:card\" content=\"summary_large_image\" \/>\n<script type=\"application\/ld+json\" class=\"yoast-schema-graph\">{\"@context\":\"https:\\\/\\\/schema.org\",\"@graph\":[{\"@type\":\"WebPage\",\"@id\":\"https:\\\/\\\/iwell-guard.com\\\/ca\\\/odin\\\/\",\"url\":\"https:\\\/\\\/iwell-guard.com\\\/ca\\\/odin\\\/\",\"name\":\"Odin \u2013 Pare de Tots, D\u00e9u de l'\u00c8xtasi i la Saviesa\",\"isPartOf\":{\"@id\":\"https:\\\/\\\/iwell-guard.com\\\/ca\\\/#website\"},\"primaryImageOfPage\":{\"@id\":\"https:\\\/\\\/iwell-guard.com\\\/ca\\\/odin\\\/#primaryimage\"},\"image\":{\"@id\":\"https:\\\/\\\/iwell-guard.com\\\/ca\\\/odin\\\/#primaryimage\"},\"thumbnailUrl\":\"https:\\\/\\\/iwell-guard.com\\\/wp-content\\\/uploads\\\/2026\\\/04\\\/goetter_germanisch_odin.webp\",\"datePublished\":\"2026-09-05T15:39:36+00:00\",\"dateModified\":\"2026-09-05T15:58:26+00:00\",\"description\":\"Odin: Pare de Tots, \u00e8xtasi, poesia, runes, Gungnir, Sleipnir i els seus paral\u00b7lels amb Mercurius, Veles i Tyr. Mite i culte.\",\"breadcrumb\":{\"@id\":\"https:\\\/\\\/iwell-guard.com\\\/ca\\\/odin\\\/#breadcrumb\"},\"inLanguage\":\"ca\",\"potentialAction\":[{\"@type\":\"ReadAction\",\"target\":[\"https:\\\/\\\/iwell-guard.com\\\/ca\\\/odin\\\/\"]}]},{\"@type\":\"ImageObject\",\"inLanguage\":\"ca\",\"@id\":\"https:\\\/\\\/iwell-guard.com\\\/ca\\\/odin\\\/#primaryimage\",\"url\":\"https:\\\/\\\/iwell-guard.com\\\/wp-content\\\/uploads\\\/2026\\\/04\\\/goetter_germanisch_odin.webp\",\"contentUrl\":\"https:\\\/\\\/iwell-guard.com\\\/wp-content\\\/uploads\\\/2026\\\/04\\\/goetter_germanisch_odin.webp\",\"width\":1024,\"height\":1536,\"caption\":\"D\u00e9us de la tradici\u00f3 germ\u00e0nica.\"},{\"@type\":\"BreadcrumbList\",\"@id\":\"https:\\\/\\\/iwell-guard.com\\\/ca\\\/odin\\\/#breadcrumb\",\"itemListElement\":[{\"@type\":\"ListItem\",\"position\":1,\"name\":\"Start\",\"item\":\"https:\\\/\\\/iwell-guard.com\\\/ca\\\/?page_id=171333\"},{\"@type\":\"ListItem\",\"position\":2,\"name\":\"Odin\"}]},{\"@type\":\"WebSite\",\"@id\":\"https:\\\/\\\/iwell-guard.com\\\/ca\\\/#website\",\"url\":\"https:\\\/\\\/iwell-guard.com\\\/ca\\\/\",\"name\":\"iWell Guard\",\"description\":\"Schutz vor dunklen Einfl\u00fcssen\",\"publisher\":{\"@id\":\"https:\\\/\\\/iwell-guard.com\\\/ca\\\/#organization\"},\"potentialAction\":[{\"@type\":\"SearchAction\",\"target\":{\"@type\":\"EntryPoint\",\"urlTemplate\":\"https:\\\/\\\/iwell-guard.com\\\/ca\\\/?s={search_term_string}\"},\"query-input\":{\"@type\":\"PropertyValueSpecification\",\"valueRequired\":true,\"valueName\":\"search_term_string\"}}],\"inLanguage\":\"ca\"},{\"@type\":\"Organization\",\"@id\":\"https:\\\/\\\/iwell-guard.com\\\/ca\\\/#organization\",\"name\":\"Ittermann electronic GmbH\",\"url\":\"https:\\\/\\\/iwell-guard.com\\\/ca\\\/\",\"logo\":{\"@type\":\"ImageObject\",\"inLanguage\":\"ca\",\"@id\":\"https:\\\/\\\/iwell-guard.com\\\/ca\\\/#\\\/schema\\\/logo\\\/image\\\/\",\"url\":\"https:\\\/\\\/iwell-guard.com\\\/wp-content\\\/uploads\\\/2026\\\/05\\\/Ittermann-Logo-1182x237-1.png\",\"contentUrl\":\"https:\\\/\\\/iwell-guard.com\\\/wp-content\\\/uploads\\\/2026\\\/05\\\/Ittermann-Logo-1182x237-1.png\",\"width\":1182,\"height\":237,\"caption\":\"Ittermann electronic GmbH\"},\"image\":{\"@id\":\"https:\\\/\\\/iwell-guard.com\\\/ca\\\/#\\\/schema\\\/logo\\\/image\\\/\"},\"sameAs\":[\"https:\\\/\\\/pantip.com\\\/profile\\\/9367242\",\"https:\\\/\\\/micro.blog\\\/iwellguard\",\"https:\\\/\\\/www.diggerslist.com\\\/iwellguard\\\/about\",\"https:\\\/\\\/skitterphoto.com\\\/photographers\\\/2870314\\\/iwell-guard\",\"https:\\\/\\\/iwellguard.wordpress.com\\\/2026\\\/06\\\/06\\\/iwell-guard\\\/\",\"https:\\\/\\\/hub.docker.com\\\/u\\\/iwellguard\",\"https:\\\/\\\/www.pinterest.com\\\/iwellguard\\\/\",\"https:\\\/\\\/bit.ly\\\/m\\\/iwellguard\",\"https:\\\/\\\/entre-vos-mains.alsace.eu\\\/profiles\\\/iwellguard\\\/activity\",\"https:\\\/\\\/gravatar.com\\\/reallybeded8fd34\",\"https:\\\/\\\/naijamatta.com\\\/iwellguard\",\"https:\\\/\\\/www.goodreads.com\\\/iwellguard\",\"https:\\\/\\\/profile.hatena.ne.jp\\\/iwellguard\\\/\",\"https:\\\/\\\/experiment.com\\\/users\\\/iwellguard\",\"https:\\\/\\\/wakelet.com\\\/@iWellGuard82270\",\"https:\\\/\\\/www.chordie.com\\\/forum\\\/profile.php?id=2555664\",\"https:\\\/\\\/www.instapaper.com\\\/p\\\/17757966\",\"https:\\\/\\\/www.mapleprimes.com\\\/users\\\/iwellguard\",\"https:\\\/\\\/businesslistingplus.com\\\/profile\\\/iwell-guard\\\/\",\"https:\\\/\\\/telegra.ph\\\/iWell-Guard-06-06\",\"https:\\\/\\\/pbase.com\\\/iwellguard\\\/iwellguard\",\"https:\\\/\\\/b.hatena.ne.jp\\\/iwellguard\\\/20260607#bookmark-4788405196491818882\",\"https:\\\/\\\/fliphtml5.com\\\/home\\\/iwellguard\",\"https:\\\/\\\/anyflip.com\\\/homepage\\\/cmiwl#About\",\"https:\\\/\\\/transfur.com\\\/Users\\\/iwellguard\",\"http:\\\/\\\/delphi.larsbo.org\\\/user\\\/iwellguard\",\"https:\\\/\\\/jobs.lajobsportal.org\\\/profiles\\\/8380803-iwell-guard\",\"https:\\\/\\\/md.chaosdorf.de\\\/s\\\/jfbe5SBdJD\",\"https:\\\/\\\/www.lingvolive.com\\\/en-us\\\/profile\\\/9ecaeaca-ce11-4e51-9e71-01d55e2bff36\\\/translations\",\"https:\\\/\\\/www.fitday.com\\\/fitness\\\/forums\\\/members\\\/iwellguard.html\",\"https:\\\/\\\/www.mymeetbook.com\\\/iwellguard\",\"https:\\\/\\\/pxhere.com\\\/en\\\/photographer-me\\\/5040798\",\"https:\\\/\\\/disqus.com\\\/by\\\/iwellguard\\\/about\\\/\",\"https:\\\/\\\/pastelink.net\\\/hjwciqwq\",\"https:\\\/\\\/pubhtml5.com\\\/homepage\\\/scjhn\\\/\",\"https:\\\/\\\/www.bitchute.com\\\/channel\\\/2O2eOKzNqujT\",\"https:\\\/\\\/audiomack.com\\\/iwellguard\"]},{\"@type\":\"Article\",\"@id\":\"https:\\\/\\\/iwell-guard.com\\\/ca\\\/odin\\\/#article\",\"isPartOf\":{\"@id\":\"https:\\\/\\\/iwell-guard.com\\\/ca\\\/odin\\\/\"},\"author\":{\"name\":\"Ralf Ittermann\",\"@id\":\"https:\\\/\\\/iwell-guard.com\\\/ca\\\/#\\\/schema\\\/person\\\/ee2a27f1cac3406c7c6fb5820cb7349f\"},\"headline\":\"Odin\",\"datePublished\":\"2026-09-05T15:39:36+00:00\",\"dateModified\":\"2026-09-05T15:58:26+00:00\",\"mainEntityOfPage\":{\"@id\":\"https:\\\/\\\/iwell-guard.com\\\/ca\\\/odin\\\/\"},\"publisher\":{\"@id\":\"https:\\\/\\\/iwell-guard.com\\\/ca\\\/#organization\"},\"image\":{\"@id\":\"https:\\\/\\\/iwell-guard.com\\\/ca\\\/odin\\\/#primaryimage\"},\"thumbnailUrl\":\"https:\\\/\\\/iwell-guard.com\\\/wp-content\\\/uploads\\\/2026\\\/04\\\/goetter_germanisch_odin.webp\",\"inLanguage\":\"ca\",\"description\":\"Odin: Pare de Tots, \u00e8xtasi, poesia, runes, Gungnir, Sleipnir i els seus paral\u00b7lels amb Mercurius, Veles i Tyr. Mite i culte.\"}]}<\/script>\n<!-- \/ Yoast SEO Premium plugin. -->","yoast_head_json":{"title":"Odin \u2013 Pare de Tots, D\u00e9u de l'\u00c8xtasi i la Saviesa","description":"Odin: Pare de Tots, \u00e8xtasi, poesia, runes, Gungnir, Sleipnir i els seus paral\u00b7lels amb Mercurius, Veles i Tyr. Mite i culte.","robots":{"index":"index","follow":"follow","max-snippet":"max-snippet:-1","max-image-preview":"max-image-preview:large","max-video-preview":"max-video-preview:-1"},"canonical":"https:\/\/iwell-guard.com\/ca\/odin\/","og_locale":"ca_ES","og_type":"article","og_title":"Odin","og_description":"Odin: Pare de Tots, \u00e8xtasi, poesia, runes, Gungnir, Sleipnir i els seus paral\u00b7lels amb Mercurius, Veles i Tyr. Mite i culte.","og_url":"https:\/\/iwell-guard.com\/ca\/odin\/","og_site_name":"iWell Guard","article_modified_time":"2026-09-05T15:58:26+00:00","og_image":[{"width":1024,"height":1536,"url":"https:\/\/iwell-guard.com\/wp-content\/uploads\/2026\/04\/goetter_germanisch_odin.webp","type":"image\/webp"}],"twitter_card":"summary_large_image","schema":{"@context":"https:\/\/schema.org","@graph":[{"@type":"Article","@id":"https:\/\/iwell-guard.com\/ca\/odin\/#article","isPartOf":{"@id":"https:\/\/iwell-guard.com\/ca\/odin\/"},"author":{"name":"Ralf Ittermann","@id":"https:\/\/iwell-guard.com\/ca\/#\/schema\/person\/ee2a27f1cac3406c7c6fb5820cb7349f"},"headline":"Odin","datePublished":"2026-09-05T15:39:36+00:00","dateModified":"2026-09-05T15:58:26+00:00","mainEntityOfPage":{"@id":"https:\/\/iwell-guard.com\/ca\/odin\/"},"publisher":{"@id":"https:\/\/iwell-guard.com\/ca\/#organization"},"image":{"@id":"https:\/\/iwell-guard.com\/ca\/odin\/#primaryimage"},"thumbnailUrl":"https:\/\/iwell-guard.com\/wp-content\/uploads\/2026\/04\/goetter_germanisch_odin.webp","inLanguage":"ca","description":"Odin: Pare de Tots, \u00e8xtasi, poesia, runes, Gungnir, Sleipnir i els seus paral\u00b7lels amb Mercurius, Veles i Tyr. Mite i culte."},{"@type":"WebPage","@id":"https:\/\/iwell-guard.com\/ca\/odin\/","url":"https:\/\/iwell-guard.com\/ca\/odin\/","name":"Odin \u2013 Pare de Tots, D\u00e9u de l'\u00c8xtasi i la Saviesa","isPartOf":{"@id":"https:\/\/iwell-guard.com\/ca\/#website"},"primaryImageOfPage":{"@id":"https:\/\/iwell-guard.com\/ca\/odin\/#primaryimage"},"image":{"@id":"https:\/\/iwell-guard.com\/ca\/odin\/#primaryimage"},"thumbnailUrl":"https:\/\/iwell-guard.com\/wp-content\/uploads\/2026\/04\/goetter_germanisch_odin.webp","datePublished":"2026-09-05T15:39:36+00:00","dateModified":"2026-09-05T15:58:26+00:00","description":"Odin: Pare de Tots, \u00e8xtasi, poesia, runes, Gungnir, Sleipnir i els seus paral\u00b7lels amb Mercurius, Veles i Tyr. Mite i culte.","breadcrumb":{"@id":"https:\/\/iwell-guard.com\/ca\/odin\/#breadcrumb"},"inLanguage":"ca","potentialAction":[{"@type":"ReadAction","target":["https:\/\/iwell-guard.com\/ca\/odin\/"]}]},{"@type":"ImageObject","inLanguage":"ca","@id":"https:\/\/iwell-guard.com\/ca\/odin\/#primaryimage","url":"https:\/\/iwell-guard.com\/wp-content\/uploads\/2026\/04\/goetter_germanisch_odin.webp","contentUrl":"https:\/\/iwell-guard.com\/wp-content\/uploads\/2026\/04\/goetter_germanisch_odin.webp","width":1024,"height":1536,"caption":"D\u00e9us de la tradici\u00f3 germ\u00e0nica."},{"@type":"BreadcrumbList","@id":"https:\/\/iwell-guard.com\/ca\/odin\/#breadcrumb","itemListElement":[{"@type":"ListItem","position":1,"name":"Start","item":"https:\/\/iwell-guard.com\/ca\/?page_id=171333"},{"@type":"ListItem","position":2,"name":"Odin"}]},{"@type":"WebSite","@id":"https:\/\/iwell-guard.com\/ca\/#website","url":"https:\/\/iwell-guard.com\/ca\/","name":"iWell Guard","description":"Schutz vor dunklen Einfl\u00fcssen","publisher":{"@id":"https:\/\/iwell-guard.com\/ca\/#organization"},"potentialAction":[{"@type":"SearchAction","target":{"@type":"EntryPoint","urlTemplate":"https:\/\/iwell-guard.com\/ca\/?s={search_term_string}"},"query-input":{"@type":"PropertyValueSpecification","valueRequired":true,"valueName":"search_term_string"}}],"inLanguage":"ca"},{"@type":"Organization","@id":"https:\/\/iwell-guard.com\/ca\/#organization","name":"Ittermann electronic GmbH","url":"https:\/\/iwell-guard.com\/ca\/","logo":{"@type":"ImageObject","inLanguage":"ca","@id":"https:\/\/iwell-guard.com\/ca\/#\/schema\/logo\/image\/","url":"https:\/\/iwell-guard.com\/wp-content\/uploads\/2026\/05\/Ittermann-Logo-1182x237-1.png","contentUrl":"https:\/\/iwell-guard.com\/wp-content\/uploads\/2026\/05\/Ittermann-Logo-1182x237-1.png","width":1182,"height":237,"caption":"Ittermann electronic GmbH"},"image":{"@id":"https:\/\/iwell-guard.com\/ca\/#\/schema\/logo\/image\/"},"sameAs":["https:\/\/pantip.com\/profile\/9367242","https:\/\/micro.blog\/iwellguard","https:\/\/www.diggerslist.com\/iwellguard\/about","https:\/\/skitterphoto.com\/photographers\/2870314\/iwell-guard","https:\/\/iwellguard.wordpress.com\/2026\/06\/06\/iwell-guard\/","https:\/\/hub.docker.com\/u\/iwellguard","https:\/\/www.pinterest.com\/iwellguard\/","https:\/\/bit.ly\/m\/iwellguard","https:\/\/entre-vos-mains.alsace.eu\/profiles\/iwellguard\/activity","https:\/\/gravatar.com\/reallybeded8fd34","https:\/\/naijamatta.com\/iwellguard","https:\/\/www.goodreads.com\/iwellguard","https:\/\/profile.hatena.ne.jp\/iwellguard\/","https:\/\/experiment.com\/users\/iwellguard","https:\/\/wakelet.com\/@iWellGuard82270","https:\/\/www.chordie.com\/forum\/profile.php?id=2555664","https:\/\/www.instapaper.com\/p\/17757966","https:\/\/www.mapleprimes.com\/users\/iwellguard","https:\/\/businesslistingplus.com\/profile\/iwell-guard\/","https:\/\/telegra.ph\/iWell-Guard-06-06","https:\/\/pbase.com\/iwellguard\/iwellguard","https:\/\/b.hatena.ne.jp\/iwellguard\/20260607#bookmark-4788405196491818882","https:\/\/fliphtml5.com\/home\/iwellguard","https:\/\/anyflip.com\/homepage\/cmiwl#About","https:\/\/transfur.com\/Users\/iwellguard","http:\/\/delphi.larsbo.org\/user\/iwellguard","https:\/\/jobs.lajobsportal.org\/profiles\/8380803-iwell-guard","https:\/\/md.chaosdorf.de\/s\/jfbe5SBdJD","https:\/\/www.lingvolive.com\/en-us\/profile\/9ecaeaca-ce11-4e51-9e71-01d55e2bff36\/translations","https:\/\/www.fitday.com\/fitness\/forums\/members\/iwellguard.html","https:\/\/www.mymeetbook.com\/iwellguard","https:\/\/pxhere.com\/en\/photographer-me\/5040798","https:\/\/disqus.com\/by\/iwellguard\/about\/","https:\/\/pastelink.net\/hjwciqwq","https:\/\/pubhtml5.com\/homepage\/scjhn\/","https:\/\/www.bitchute.com\/channel\/2O2eOKzNqujT","https:\/\/audiomack.com\/iwellguard"]},{"@type":"Person","@id":"https:\/\/iwell-guard.com\/ca\/#\/schema\/person\/ee2a27f1cac3406c7c6fb5820cb7349f","name":"Ralf Ittermann","image":{"@type":"ImageObject","inLanguage":"ca","@id":"https:\/\/secure.gravatar.com\/avatar\/073c0153e350a5005b68eb752b445fea71f6b24a26da9449ad7e155e6b446c9d?s=96&d=mm&r=g","url":"https:\/\/secure.gravatar.com\/avatar\/073c0153e350a5005b68eb752b445fea71f6b24a26da9449ad7e155e6b446c9d?s=96&d=mm&r=g","contentUrl":"https:\/\/secure.gravatar.com\/avatar\/073c0153e350a5005b68eb752b445fea71f6b24a26da9449ad7e155e6b446c9d?s=96&d=mm&r=g","caption":"Ralf Ittermann"},"givenName":"Ralf","familyName":"Ittermann","jobTitle":"Gesch\u00e4ftsf\u00fchrer und redaktioneller Verantwortlicher","url":"https:\/\/iwell-guard.com\/ca\/author\/claude\/","description":"Ralf Ittermann ist Gesch\u00e4ftsf\u00fchrer der Ittermann electronic GmbH und redaktioneller Verantwortlicher des iWell-Guard-Lexikons. Er verbindet langj\u00e4hrige Erfahrung in der Pr\u00e4zisionsfertigung mit medialer Praxis und religionsgeschichtlicher Quellenarbeit.","worksFor":{"@type":"Organization","name":"Ittermann electronic GmbH","url":"https:\/\/ittermann.de\/","address":{"@type":"PostalAddress","streetAddress":"K\u00f6hlergasse 16-18","postalCode":"99842","addressLocality":"Ruhla","addressCountry":"DE"}},"knowsAbout":["Religionsgeschichte","Mythologie","Mediale Praxis","Energetische Diagnostik","Schutzpraxis","Volksglauben","Westliche Esoterik"]},{"@type":"Article","@id":"https:\/\/iwell-guard.com\/ca\/odin\/#article","isPartOf":{"@id":"https:\/\/iwell-guard.com\/ca\/odin\/"},"author":{"name":"Ralf Ittermann","@id":"https:\/\/iwell-guard.com\/ca\/#\/schema\/person\/ee2a27f1cac3406c7c6fb5820cb7349f"},"headline":"Odin","datePublished":"2026-09-05T15:39:36+00:00","dateModified":"2026-09-05T15:58:26+00:00","mainEntityOfPage":{"@id":"https:\/\/iwell-guard.com\/ca\/odin\/"},"publisher":{"@id":"https:\/\/iwell-guard.com\/ca\/#organization"},"image":{"@id":"https:\/\/iwell-guard.com\/ca\/odin\/#primaryimage"},"thumbnailUrl":"https:\/\/iwell-guard.com\/wp-content\/uploads\/2026\/04\/goetter_germanisch_odin.webp","inLanguage":"ca","description":"Odin: Pare de Tots, \u00e8xtasi, poesia, runes, Gungnir, Sleipnir i els seus paral\u00b7lels amb Mercurius, Veles i Tyr. Mite i culte."}]}},"_links":{"self":[{"href":"https:\/\/iwell-guard.com\/ca\/wp-json\/wp\/v2\/pages\/171465","targetHints":{"allow":["GET"]}}],"collection":[{"href":"https:\/\/iwell-guard.com\/ca\/wp-json\/wp\/v2\/pages"}],"about":[{"href":"https:\/\/iwell-guard.com\/ca\/wp-json\/wp\/v2\/types\/page"}],"author":[{"embeddable":true,"href":"https:\/\/iwell-guard.com\/ca\/wp-json\/wp\/v2\/users\/3"}],"replies":[{"embeddable":true,"href":"https:\/\/iwell-guard.com\/ca\/wp-json\/wp\/v2\/comments?post=171465"}],"version-history":[{"count":0,"href":"https:\/\/iwell-guard.com\/ca\/wp-json\/wp\/v2\/pages\/171465\/revisions"}],"wp:featuredmedia":[{"embeddable":true,"href":"https:\/\/iwell-guard.com\/ca\/wp-json\/wp\/v2\/media\/1723"}],"wp:attachment":[{"href":"https:\/\/iwell-guard.com\/ca\/wp-json\/wp\/v2\/media?parent=171465"}],"wp:term":[{"taxonomy":"category","embeddable":true,"href":"https:\/\/iwell-guard.com\/ca\/wp-json\/wp\/v2\/categories?post=171465"}],"curies":[{"name":"wp","href":"https:\/\/api.w.org\/{rel}","templated":true}]}}