{"id":171463,"date":"2026-09-05T15:39:35","date_gmt":"2026-09-05T15:39:35","guid":{"rendered":"https:\/\/iwell-guard.com\/?page_id=171463"},"modified":"2026-09-05T15:58:21","modified_gmt":"2026-09-05T15:58:21","slug":"anu","status":"publish","type":"page","link":"https:\/\/iwell-guard.com\/ca\/anu\/","title":{"rendered":"Anu"},"content":{"rendered":"\t\t<div data-elementor-type=\"wp-page\" data-elementor-id=\"171463\" class=\"elementor elementor-171463 elementor-1872 elementor-bc-flex-widget\" data-elementor-post-type=\"page\">\n\t\t\t\t<div class=\"elementor-element elementor-element-10fdade e-flex e-con-boxed e-con e-parent\" data-id=\"10fdade\" data-element_type=\"container\" data-e-type=\"container\" data-settings=\"{&quot;background_background&quot;:&quot;classic&quot;}\">\n\t\t\t\t\t<div class=\"e-con-inner\">\n\t\t<div class=\"elementor-element elementor-element-herohlft0 e-flex e-con-boxed e-con e-child\" data-id=\"herohlft0\" data-element_type=\"container\" data-e-type=\"container\">\n\t\t\t\t\t<div class=\"e-con-inner\">\n\t\t<div class=\"elementor-element elementor-element-c3ceb64 e-con-full e-flex e-con e-child\" data-id=\"c3ceb64\" data-element_type=\"container\" data-e-type=\"container\">\n\t\t\t\t<div class=\"elementor-element elementor-element-96ae5e1 elementor-widget elementor-widget-heading\" data-id=\"96ae5e1\" data-element_type=\"widget\" data-e-type=\"widget\" data-widget_type=\"heading.default\">\n\t\t\t\t\t<h1 class=\"elementor-heading-title elementor-size-default\">Anu, d\u00e9u de la tradici\u00f3 mesopot\u00e0mica<\/h1>\t\t\t\t<\/div>\n\t\t\t\t<div class=\"elementor-element elementor-element-e45238a elementor-widget elementor-widget-text-editor\" data-id=\"e45238a\" data-element_type=\"widget\" data-e-type=\"widget\" data-widget_type=\"text-editor.default\">\n\t\t\t\t\t\t\t\t\t<p><strong>D\u00e9u suprem de Mesopot\u00e0mia, d\u00e9u del cel i pare de tots els d\u00e9us.<\/strong><\/p>\t\t\t\t\t\t\t\t<\/div>\n\t\t\t\t<\/div>\n\t\t<div class=\"elementor-element elementor-element-klsbdg01 e-con-full e-flex e-con e-parent\" data-id=\"klsbdg01\" data-element_type=\"container\" data-e-type=\"container\">\n\t\t\t\t<div class=\"elementor-element elementor-element-klshtm01 elementor-widget elementor-widget-html\" data-id=\"klshtm01\" data-element_type=\"widget\" data-e-type=\"widget\" data-widget_type=\"html.default\">\n\t\t\t\t\t<div class=\"iwg-pill-row\"><span class=\"iwg-klasse-badge\" tabindex=\"0\" data-tooltip=\"D\u00e9u \/ Deessa: Poder suprem personificat en el pante\u00f3 d'una cultura, amb compet\u00e8ncies clares, forces de la natura, dest\u00ed, guerra, fertilitat. Venerat mitjan\u00e7ant cultes, ofrenes i institucions de temple.\">D\u00e9u<\/span><a href=\"https:\/\/iwell-guard.com\/ca\/mesopotamia\/\" class=\"iwg-kultur-badge\" tabindex=\"0\" data-tooltip=\"Bressol de la religi\u00f3 documentada, Sumer, Akkad, Babil\u00f2nia, Ass\u00edria (aprox. 3500 aC fins 330 aC).\">Mesopot\u00e0mia<\/a><a href=\"https:\/\/iwell-guard.com\/ca\/?page_id=171459\" class=\"iwg-tradition-badge\" tabindex=\"0\" data-tooltip=\"Els d\u00e9us m\u00e9s alts d'un pante\u00f3, sobirania c\u00f2smica, aspecte creador o governant.\">Alta divinitat<\/a><\/div>\t\t\t\t<\/div>\n\t\t\t\t<\/div>\n\t\t<div class=\"elementor-element elementor-element-3f74855 e-con-full e-flex e-con e-child\" data-id=\"3f74855\" data-element_type=\"container\" data-e-type=\"container\">\n\t\t\t\t<div class=\"elementor-element elementor-element-1c30362 elementor-toc--minimized-on-tablet elementor-widget elementor-widget-table-of-contents\" data-id=\"1c30362\" data-element_type=\"widget\" data-e-type=\"widget\" data-settings=\"{&quot;exclude_headings_by_selector&quot;:[],&quot;no_headings_message&quot;:&quot;No s&#039;ha trobat cap encap\\u00e7alament en aquesta p\\u00e0gina.&quot;,&quot;headings_by_tags&quot;:[&quot;h2&quot;,&quot;h3&quot;],&quot;marker_view&quot;:&quot;bullets&quot;,&quot;minimize_box&quot;:&quot;yes&quot;,&quot;icon&quot;:{&quot;value&quot;:&quot;fas fa-circle&quot;,&quot;library&quot;:&quot;fa-solid&quot;,&quot;rendered_tag&quot;:&quot;&lt;svg class=\\&quot;e-font-icon-svg e-fas-circle\\&quot; viewBox=\\&quot;0 0 512 512\\&quot; xmlns=\\&quot;http:\\\/\\\/www.w3.org\\\/2000\\\/svg\\&quot;&gt;&lt;path d=\\&quot;M256 8C119 8 8 119 8 256s111 248 248 248 248-111 248-248S393 8 256 8z\\&quot;&gt;&lt;\\\/path&gt;&lt;\\\/svg&gt;&quot;},&quot;minimized_on&quot;:&quot;tablet&quot;,&quot;hierarchical_view&quot;:&quot;yes&quot;,&quot;min_height&quot;:{&quot;unit&quot;:&quot;px&quot;,&quot;size&quot;:&quot;&quot;,&quot;sizes&quot;:[]},&quot;min_height_tablet&quot;:{&quot;unit&quot;:&quot;px&quot;,&quot;size&quot;:&quot;&quot;,&quot;sizes&quot;:[]},&quot;min_height_mobile&quot;:{&quot;unit&quot;:&quot;px&quot;,&quot;size&quot;:&quot;&quot;,&quot;sizes&quot;:[]}}\" data-widget_type=\"table-of-contents.default\">\n\t\t\t\t\t\t\t\t\t<div class=\"elementor-toc__header\">\n\t\t\t\t\t\t<h2 class=\"elementor-toc__header-title\">\n\t\t\t\t\u00cdndex\t\t\t<\/h2>\n\t\t\t\t\t\t\t\t\t\t<div class=\"elementor-toc__toggle-button elementor-toc__toggle-button--expand\" role=\"button\" tabindex=\"0\" aria-controls=\"elementor-toc__1c30362\" aria-expanded=\"true\" aria-label=\"Open table of contents\"><svg aria-hidden=\"true\" class=\"e-font-icon-svg e-fas-chevron-down\" viewBox=\"0 0 448 512\" xmlns=\"http:\/\/www.w3.org\/2000\/svg\"><path d=\"M207.029 381.476L12.686 187.132c-9.373-9.373-9.373-24.569 0-33.941l22.667-22.667c9.357-9.357 24.522-9.375 33.901-.04L224 284.505l154.745-154.021c9.379-9.335 24.544-9.317 33.901.04l22.667 22.667c9.373 9.373 9.373 24.569 0 33.941L240.971 381.476c-9.373 9.372-24.569 9.372-33.942 0z\"><\/path><\/svg><\/div>\n\t\t\t\t<div class=\"elementor-toc__toggle-button elementor-toc__toggle-button--collapse\" role=\"button\" tabindex=\"0\" aria-controls=\"elementor-toc__1c30362\" aria-expanded=\"true\" aria-label=\"Close table of contents\"><svg aria-hidden=\"true\" class=\"e-font-icon-svg e-fas-chevron-up\" viewBox=\"0 0 448 512\" xmlns=\"http:\/\/www.w3.org\/2000\/svg\"><path d=\"M240.971 130.524l194.343 194.343c9.373 9.373 9.373 24.569 0 33.941l-22.667 22.667c-9.357 9.357-24.522 9.375-33.901.04L224 227.495 69.255 381.516c-9.379 9.335-24.544 9.317-33.901-.04l-22.667-22.667c-9.373-9.373-9.373-24.569 0-33.941L207.03 130.525c9.372-9.373 24.568-9.373 33.941-.001z\"><\/path><\/svg><\/div>\n\t\t\t\t\t<\/div>\n\t\t\t\t<div id=\"elementor-toc__1c30362\" class=\"elementor-toc__body\">\n\t\t\t<div class=\"elementor-toc__spinner-container\">\n\t\t\t\t<svg class=\"elementor-toc__spinner eicon-animation-spin e-font-icon-svg e-eicon-loading\" aria-hidden=\"true\" viewBox=\"0 0 1000 1000\" xmlns=\"http:\/\/www.w3.org\/2000\/svg\"><path d=\"M500 975V858C696 858 858 696 858 500S696 142 500 142 142 304 142 500H25C25 237 238 25 500 25S975 237 975 500 763 975 500 975Z\"><\/path><\/svg>\t\t\t<\/div>\n\t\t<\/div>\n\t\t\t\t\t\t<\/div>\n\t\t\t\t<\/div>\n\t\t\t\t\t<\/div>\n\t\t\t\t<\/div>\n\t\t<div class=\"elementor-element elementor-element-herorght0 e-con-full e-flex e-con e-child\" data-id=\"herorght0\" data-element_type=\"container\" data-e-type=\"container\">\n\t\t\t\t<div class=\"elementor-element elementor-element-heroimg00 iwg-hero-image elementor-widget elementor-widget-image\" data-id=\"heroimg00\" data-element_type=\"widget\" data-e-type=\"widget\" data-widget_type=\"image.default\">\n\t\t\t\t\t\t\t\t\t\t\t\t\t\t\t<img fetchpriority=\"high\" decoding=\"async\" width=\"683\" height=\"1024\" src=\"https:\/\/iwell-guard.com\/wp-content\/uploads\/2026\/04\/goetter_mesopotamien_anu-683x1024.webp\" class=\"attachment-large size-large wp-image-1755\" alt=\"Anu\" srcset=\"https:\/\/iwell-guard.com\/wp-content\/uploads\/2026\/04\/goetter_mesopotamien_anu-683x1024.webp 683w, https:\/\/iwell-guard.com\/wp-content\/uploads\/2026\/04\/goetter_mesopotamien_anu-200x300.webp 200w, https:\/\/iwell-guard.com\/wp-content\/uploads\/2026\/04\/goetter_mesopotamien_anu-768x1152.webp 768w, https:\/\/iwell-guard.com\/wp-content\/uploads\/2026\/04\/goetter_mesopotamien_anu.webp 1024w\" sizes=\"(max-width: 683px) 100vw, 683px\" \/>\t\t\t\t\t\t\t\t\t\t\t\t\t\t\t<\/div>\n\t\t\t\t<\/div>\n\t\t\t\t\t<\/div>\n\t\t\t\t<\/div>\n\t\t<div class=\"elementor-element elementor-element-32917199 e-flex e-con-boxed e-con e-parent\" data-id=\"32917199\" data-element_type=\"container\" data-e-type=\"container\">\n\t\t\t\t\t<div class=\"e-con-inner\">\n\t\t<div class=\"elementor-element elementor-element-26e916cb e-flex e-con-boxed e-con e-child\" data-id=\"26e916cb\" data-element_type=\"container\" data-e-type=\"container\">\n\t\t\t\t\t<div class=\"e-con-inner\">\n\t\t<div class=\"elementor-element elementor-element-253a40d4 e-flex e-con-boxed e-con e-child\" data-id=\"253a40d4\" data-element_type=\"container\" data-e-type=\"container\">\n\t\t\t\t\t<div class=\"e-con-inner\">\n\t\t\t\t<div class=\"elementor-element elementor-element-1200c304 elementor-widget elementor-widget-heading\" data-id=\"1200c304\" data-element_type=\"widget\" data-e-type=\"widget\" data-widget_type=\"heading.default\">\n\t\t\t\t\t<div class=\"elementor-heading-title elementor-size-default\">Anu<\/div>\t\t\t\t<\/div>\n\t\t\t\t\t<\/div>\n\t\t\t\t<\/div>\n\t\t<div class=\"elementor-element elementor-element-159dcf9a e-flex e-con-boxed e-con e-child\" data-id=\"159dcf9a\" data-element_type=\"container\" data-e-type=\"container\">\n\t\t\t\t\t<div class=\"e-con-inner\">\n\t\t\t\t<div class=\"elementor-element elementor-element-48cee66f elementor-widget elementor-widget-heading\" data-id=\"48cee66f\" data-element_type=\"widget\" data-e-type=\"widget\" data-widget_type=\"heading.default\">\n\t\t\t\t\t<div class=\"elementor-heading-title elementor-size-default\">Visi\u00f3 general: Anu<\/div>\t\t\t\t<\/div>\n\t\t\t\t<div class=\"elementor-element elementor-element-3f50d82c elementor-widget elementor-widget-text-editor\" data-id=\"3f50d82c\" data-element_type=\"widget\" data-e-type=\"widget\" data-widget_type=\"text-editor.default\">\n\t\t\t\t\t\t\t\t\t<p><strong>Tipus:<\/strong> Alta divinitat, d\u00e9u del cel<br><span class=\"iwg-fachbegriff\" data-tooltip=\"El conjunt dels d\u00e9us d'una religi\u00f3 o cultura.\" tabindex=\"0\">Pante\u00f3<\/span>: Mesopot\u00e0mia (Sumer, Akkad, Babil\u00f2nia, Ass\u00edria)<br>Funci\u00f3: Creador i garant de l&#8217;ordre c\u00f2smic, pare dels d\u00e9us, guardi\u00e0 de l&#8217;autoritat suprema<br>Atributs principals: Corona amb banyes, ceptre, Toro del Cel, \u00e0guila<br>Principals llocs de culte: <span class=\"iwg-fachbegriff\" data-tooltip=\"Un lloc sagrat dedicat a la veneraci\u00f3 d'una divinitat.\" tabindex=\"0\">Santuari<\/span> d&#8217;Anu-Enlil a Uruk (Eanna), Assur, Nippur<br>Nom sumeri: An<\/p>\t\t\t\t\t\t\t\t<\/div>\n\t\t\t\t\t<\/div>\n\t\t\t\t<\/div>\n\t\t\t\t\t<\/div>\n\t\t\t\t<\/div>\n\t\t\t\t\t<\/div>\n\t\t\t\t<\/div>\n\t\t<div class=\"elementor-element elementor-element-18613602 e-flex e-con-boxed e-con e-parent\" data-id=\"18613602\" data-element_type=\"container\" data-e-type=\"container\">\n\t\t\t\t\t<div class=\"e-con-inner\">\n\t\t\t\t<div class=\"elementor-element elementor-element-262b8a9f elementor-widget elementor-widget-heading\" data-id=\"262b8a9f\" data-element_type=\"widget\" data-e-type=\"widget\" data-widget_type=\"heading.default\">\n\t\t\t\t\t<h2 class=\"elementor-heading-title elementor-size-default\">Introducci\u00f3<\/h2>\t\t\t\t<\/div>\n\t\t<div class=\"elementor-element elementor-element-46dcb7d e-con-full e-flex e-con e-child\" data-id=\"46dcb7d\" data-element_type=\"container\" data-e-type=\"container\">\n\t\t<div class=\"elementor-element elementor-element-61d3ab3 e-flex e-con-boxed e-con e-child\" data-id=\"61d3ab3\" data-element_type=\"container\" data-e-type=\"container\">\n\t\t\t\t\t<div class=\"e-con-inner\">\n\t\t\t\t<div class=\"elementor-element elementor-element-117c166 elementor-widget elementor-widget-heading\" data-id=\"117c166\" data-element_type=\"widget\" data-e-type=\"widget\" data-widget_type=\"heading.default\">\n\t\t\t\t\t<div class=\"elementor-heading-title elementor-size-default\">Per\u00edode dels textos<\/div>\t\t\t\t<\/div>\n\t\t\t\t<div class=\"elementor-element elementor-element-73997a0 elementor-widget elementor-widget-text-editor\" data-id=\"73997a0\" data-element_type=\"widget\" data-e-type=\"widget\" data-widget_type=\"text-editor.default\">\n\t\t\t\t\t\t\t\t\t<p>La <span class=\"iwg-fachbegriff\" data-tooltip=\"La transmissi\u00f3 de coneixements i relats a trav\u00e9s de les generacions.\" tabindex=\"0\">tradici\u00f3<\/span> sobre Anu s&#8217;est\u00e9n des de les primeres llistes reials sum\u00e8ries i textos de temple (aprox. mil\u00b7lenni III aC) fins als per\u00edodes accadi, babiloni i assiri, arribant fins a l&#8217;\u00e8poca hel\u00b7len\u00edstica tardana.<\/p><p>L&#8217;Enuma Elish (aprox. 1200 aC) mostra un Anu el poder del qual ja \u00e9s substitu\u00eft per Marduk. Tauletes d&#8217;argila de Nippur i Uruk conserven preg\u00e0ries i llistes d&#8217;ofrenes dedicades a Anu al llarg de segles.<\/p><h3>Classificaci\u00f3 mitol\u00f2gica<\/h3><p><em>Anu<\/em>, el d\u00e9u del cel de les religions mesopot\u00e0miques, \u00e9s un dels d\u00e9us m\u00e9s antics i suprems del pante\u00f3 sumero-babiloni. El seu nom significa literalment \u00abcel\u00bb i representa el principi universal i suprem de l&#8217;univers.<\/p><p><em>Anu<\/em> \u00e9s el pare de tots els d\u00e9us i reis, i del seu cos va sorgir origin\u00e0riament el cosmos. Malgrat ser considerat el d\u00e9u suprem, <em>Anu<\/em> apareix paradoxalment poc actiu en els mites, ja que el seu poder \u00e9s tan transcendent que deixa als altres d\u00e9us la gesti\u00f3 dels afers c\u00f2smics.<\/p>\t\t\t\t\t\t\t\t<\/div>\n\t\t\t\t\t<\/div>\n\t\t\t\t<\/div>\n\t\t<div class=\"elementor-element elementor-element-d47b156 e-flex e-con-boxed e-con e-child\" data-id=\"d47b156\" data-element_type=\"container\" data-e-type=\"container\">\n\t\t\t\t\t<div class=\"e-con-inner\">\n\t\t\t\t<div class=\"elementor-element elementor-element-ff38c2b elementor-widget elementor-widget-heading\" data-id=\"ff38c2b\" data-element_type=\"widget\" data-e-type=\"widget\" data-widget_type=\"heading.default\">\n\t\t\t\t\t<div class=\"elementor-heading-title elementor-size-default\">\u00c0rea de difusi\u00f3<\/div>\t\t\t\t<\/div>\n\t\t\t\t<div class=\"elementor-element elementor-element-4e49fcc elementor-widget elementor-widget-text-editor\" data-id=\"4e49fcc\" data-element_type=\"widget\" data-e-type=\"widget\" data-widget_type=\"text-editor.default\">\n\t\t\t\t\t\t\t\t\t<p>Venerat a tot Mesopot\u00e0mia: des de Sumer i Akkad fins a Babil\u00f2nia i l&#8217;imperi assiri. El <span class=\"iwg-fachbegriff\" data-tooltip=\"Un edifici dedicat a la veneraci\u00f3 d'una o diverses divinitats.\" tabindex=\"0\">temple<\/span> d&#8217;Anu-Enlil a Uruk (Eanna) era un dels santuaris m\u00e9s importants de Mesopot\u00e0mia. La seva influ\u00e8ncia arriba fins a zones perif\u00e8riques hitites i elamites, on era reconegut com la for\u00e7a c\u00f2smica suprema.<\/p>\t\t\t\t\t\t\t\t<\/div>\n\t\t\t\t\t<\/div>\n\t\t\t\t<\/div>\n\t\t\t\t<\/div>\n\t\t<div class=\"elementor-element elementor-element-db03c39 e-con-full e-flex e-con e-child\" data-id=\"db03c39\" data-element_type=\"container\" data-e-type=\"container\">\n\t\t<div class=\"elementor-element elementor-element-229a87b e-flex e-con-boxed e-con e-child\" data-id=\"229a87b\" data-element_type=\"container\" data-e-type=\"container\">\n\t\t\t\t\t<div class=\"e-con-inner\">\n\t\t\t\t<div class=\"elementor-element elementor-element-1f471fc elementor-widget elementor-widget-heading\" data-id=\"1f471fc\" data-element_type=\"widget\" data-e-type=\"widget\" data-widget_type=\"heading.default\">\n\t\t\t\t\t<div class=\"elementor-heading-title elementor-size-default\">Estat de les fonts<\/div>\t\t\t\t<\/div>\n\t\t\t\t<div class=\"elementor-element elementor-element-36b1201 elementor-widget elementor-widget-text-editor\" data-id=\"36b1201\" data-element_type=\"widget\" data-e-type=\"widget\" data-widget_type=\"text-editor.default\">\n\t\t\t\t\t\t\t\t\t<p>El nucli de la <span class=\"iwg-fachbegriff\" data-tooltip=\"La transmissi\u00f3 de coneixements i relats a trav\u00e9s de les generacions.\" tabindex=\"0\">tradici\u00f3<\/span> el formen els poemes cosmog\u00f2nics: l&#8217;Enuma Elish mostra la transfer\u00e8ncia de poder de l&#8217;antic d\u00e9u del cel Anu a Marduk. L&#8217;Epopeia d&#8217;Atrahasis i l&#8217;Epopeia de Gilgameix esmenten Anu com la inst\u00e0ncia suprema i incondicional. S&#8217;hi afegeixen milers de tauletes d&#8217;argila procedents de biblioteques de temples, amb himnes, f\u00f3rmules d&#8217;encanteri i contractes signats sota la protecci\u00f3 d&#8217;Anu.<\/p>\t\t\t\t\t\t\t\t<\/div>\n\t\t\t\t\t<\/div>\n\t\t\t\t<\/div>\n\t\t\t\t<\/div>\n\t\t\t\t\t<\/div>\n\t\t\t\t<\/div>\n\t\t<div class=\"elementor-element elementor-element-3ae0637c e-flex e-con-boxed e-con e-parent\" data-id=\"3ae0637c\" data-element_type=\"container\" data-e-type=\"container\">\n\t\t\t\t\t<div class=\"e-con-inner\">\n\t\t\t\t<div class=\"elementor-element elementor-element-31d07739 elementor-widget elementor-widget-heading\" data-id=\"31d07739\" data-element_type=\"widget\" data-e-type=\"widget\" data-widget_type=\"heading.default\">\n\t\t\t\t\t<h2 class=\"elementor-heading-title elementor-size-default\">Nom i variants<\/h2>\t\t\t\t<\/div>\n\t\t<div class=\"elementor-element elementor-element-b7642947 e-con-full e-flex e-con e-child\" data-id=\"b7642947\" data-element_type=\"container\" data-e-type=\"container\">\n\t\t\t\t<div class=\"elementor-element elementor-element-a086266 elementor-widget elementor-widget-text-editor\" data-id=\"a086266\" data-element_type=\"widget\" data-e-type=\"widget\" data-widget_type=\"text-editor.default\">\n\t\t\t\t\t\t\t\t\t<p><strong>Sumeri:<\/strong> An (\ud808\udc2d), un dels noms de d\u00e9u m\u00e9s antics en la tradici\u00f3 escrita, directament relacionat amb la paraula sum\u00e8ria per a \u00abcel\u00bb. Accadi: Anu, la forma acc\u00e0dia del sumeri An, dominant a Babil\u00f2nia i Ass\u00edria.<\/p><p>Ep\u00edtets: <em>Anum<\/em> (llatinitzat en fonts antigues), <em>Abu Ilani<\/em> (Pare dels d\u00e9us), <em>Kal-u-sa-ag<\/em> (la seva paraula \u00e9s certa), Senyor dels cels. Paper en la tr\u00edada: Anu, Enlil i Ea, els tres d\u00e9us suprems de Mesopot\u00e0mia, amb Anu al capdamunt. Equivalent rom\u00e0: Caelum (el cel personificat), no directament J\u00fapiter com passa amb Zeus.<\/p>\t\t\t\t\t\t\t\t<\/div>\n\t\t\t\t<\/div>\n\t\t\t\t\t<\/div>\n\t\t\t\t<\/div>\n\t\t<div class=\"elementor-element elementor-element-709a44a8 e-flex e-con-boxed e-con e-parent\" data-id=\"709a44a8\" data-element_type=\"container\" data-e-type=\"container\">\n\t\t\t\t\t<div class=\"e-con-inner\">\n\t\t\t\t<div class=\"elementor-element elementor-element-2f585873 elementor-widget elementor-widget-heading\" data-id=\"2f585873\" data-element_type=\"widget\" data-e-type=\"widget\" data-widget_type=\"heading.default\">\n\t\t\t\t\t<h2 class=\"elementor-heading-title elementor-size-default\">Trets caracter\u00edstics<\/h2>\t\t\t\t<\/div>\n\t\t<div class=\"elementor-element elementor-element-70621c12 e-con-full e-flex e-con e-child\" data-id=\"70621c12\" data-element_type=\"container\" data-e-type=\"container\">\n\t\t\t\t<div class=\"elementor-element elementor-element-4296eb49 elementor-widget elementor-widget-text-editor\" data-id=\"4296eb49\" data-element_type=\"widget\" data-e-type=\"widget\" data-widget_type=\"text-editor.default\">\n\t\t\t\t\t\t\t\t\t<p class=\"iwg-h3-demoted\"><strong>Aparen\u00e7a<\/strong><\/p><p>Anu rarament es representa de forma antropomorfa en l&#8217;art mesopot\u00e0mic; en el seu lloc, el simbolitzen la corona coronada de banyes i el cel mateix. Quan es mostra corporalment, apareix com un home venerable i majestu\u00f3s assegut en un tron, amb un ceptre i un bast\u00f3 a la m\u00e0.<\/p><p>El Toro del Cel i l&#8217;\u00e0guila s\u00f3n els seus animals sagrats. La seva corona porta quatre o m\u00e9s banyes, senyal de la m\u00e0xima divinitat dins el sistema iconogr\u00e0fic mesopot\u00e0mic.<\/p><p class=\"iwg-h3-demoted\"><strong>Naturalesa i acci\u00f3<\/strong><\/p><p>Anu no \u00e9s el creador del m\u00f3n en el sentit cristi\u00e0, sin\u00f3 el representant de l&#8217;ordre c\u00f2smic i de la jerarquia celestial. Existeix de manera transcendent, allunyat dels afers mortals. Les seves decisions s\u00f3n inamovibles i inapel\u00b7lables.<\/p><p>En les epopeies se&#8217;l consulta sovint, per\u00f2 ell mateix rarament actua; aquesta tasca la delega en d\u00e9us subordinats com Enlil (tempesta i dest\u00ed) o Marduk (ordre i reialesa). La seva llunyania \u00e9s la seva for\u00e7a: Anu roman ali\u00e8 als conflictes mortals i divins que sacsegen el <span class=\"iwg-fachbegriff\" data-tooltip=\"El conjunt dels d\u00e9us d'una religi\u00f3 o cultura.\" tabindex=\"0\">pante\u00f3<\/span>.<\/p><h3>Aparen\u00e7a i simbolisme<\/h3><p><em>Anu<\/em> es representa rarament en forma antropomorfa; m\u00e9s sovint \u00e9s representat per signes simb\u00f2lics com la c\u00fapula celestial o una estrella lluent. Quan es personifica, apareix com una figura masculina majestuosa amb una corona d&#8217;estrelles o amb atributs celestes.<\/p><p>El seu <span class=\"iwg-fachbegriff\" data-tooltip=\"Un signe que representa una idea o significat.\" tabindex=\"0\">s\u00edmbol<\/span> principal \u00e9s l&#8217;esfera celeste mateixa. El toro \u00e9s el seu animal sagrat, ja que la for\u00e7a i l&#8217;estabilitat del toro reflecteixen el fonament c\u00f2smic. El color d&#8217;<em>Anu<\/em> \u00e9s el blau profund del cel clar.<\/p>\t\t\t\t\t\t\t\t<\/div>\n\t\t\t\t<\/div>\n\t\t\t\t\t<\/div>\n\t\t\t\t<\/div>\n\t\t<div class=\"elementor-element elementor-element-44e71476 e-flex e-con-boxed e-con e-parent\" data-id=\"44e71476\" data-element_type=\"container\" data-e-type=\"container\">\n\t\t\t\t\t<div class=\"e-con-inner\">\n\t\t\t\t<div class=\"elementor-element elementor-element-3c1fc3f0 elementor-widget elementor-widget-heading\" data-id=\"3c1fc3f0\" data-element_type=\"widget\" data-e-type=\"widget\" data-widget_type=\"heading.default\">\n\t\t\t\t\t<div class=\"elementor-heading-title elementor-size-default\">Fitxa: Anu<\/div>\t\t\t\t<\/div>\n\t\t<div class=\"elementor-element elementor-element-84f33b8e e-con-full e-flex e-con e-child\" data-id=\"84f33b8e\" data-element_type=\"container\" data-e-type=\"container\">\n\t\t\t\t<div class=\"elementor-element elementor-element-hqkdc67p elementor-widget elementor-widget-text-editor\" data-id=\"hqkdc67p\" data-element_type=\"widget\" data-e-type=\"widget\" data-widget_type=\"text-editor.default\">\n\t\t\t\t\t\t\t\t\t<p>Els aspectes m\u00e9s importants d&#8217;Anu d&#8217;una ullada. La taula resumeix l&#8217;origen, la funci\u00f3, l&#8217;aparen\u00e7a, la veneraci\u00f3, els s\u00edmbols i els paral\u00b7lelismes.<\/p>\t\t\t\t\t\t\t\t<\/div>\n\t\t\t\t<\/div>\n\t\t<div class=\"elementor-element elementor-element-pemmx7c5 e-con-full e-flex e-con e-child\" data-id=\"pemmx7c5\" data-element_type=\"container\" data-e-type=\"container\">\n\t\t<div class=\"elementor-element elementor-element-pemmx7c1 e-con-full e-flex e-con e-child\" data-id=\"pemmx7c1\" data-element_type=\"container\" data-e-type=\"container\">\n\t\t<div class=\"elementor-element elementor-element-qh9oavvu iwg-steckbrief-card e-flex e-con-boxed e-con e-child\" data-id=\"qh9oavvu\" data-element_type=\"container\" data-e-type=\"container\">\n\t\t\t\t\t<div class=\"e-con-inner\">\n\t\t\t\t<div class=\"elementor-element elementor-element-awzx8k2k elementor-widget elementor-widget-heading\" data-id=\"awzx8k2k\" data-element_type=\"widget\" data-e-type=\"widget\" data-widget_type=\"heading.default\">\n\t\t\t\t\t<div class=\"elementor-heading-title elementor-size-default\">Origen d'Anu<\/div>\t\t\t\t<\/div>\n\t\t\t\t<div class=\"elementor-element elementor-element-x6rowhv0 elementor-widget elementor-widget-text-editor\" data-id=\"x6rowhv0\" data-element_type=\"widget\" data-e-type=\"widget\" data-widget_type=\"text-editor.default\">\n\t\t\t\t\t\t\t\t\t<p>Origen de la cosmogonia mesopot\u00e0mica, no engendrat, sin\u00f3 preexistent com el cel mateix. D&#8217;ell o al seu costat sorgeixen Enlil (aire\/tempesta), Ea\/Enki (aigua\/saviesa) i altres d\u00e9us. El d\u00e9u de tots els d\u00e9us, sense predecessor.<\/p>\t\t\t\t\t\t\t\t<\/div>\n\t\t\t\t\t<\/div>\n\t\t\t\t<\/div>\n\t\t<div class=\"elementor-element elementor-element-8e3o4kxs iwg-steckbrief-card e-flex e-con-boxed e-con e-child\" data-id=\"8e3o4kxs\" data-element_type=\"container\" data-e-type=\"container\">\n\t\t\t\t\t<div class=\"e-con-inner\">\n\t\t\t\t<div class=\"elementor-element elementor-element-08rkdgov elementor-widget elementor-widget-heading\" data-id=\"08rkdgov\" data-element_type=\"widget\" data-e-type=\"widget\" data-widget_type=\"heading.default\">\n\t\t\t\t\t<div class=\"elementor-heading-title elementor-size-default\">Funci\u00f3 d'Anu<\/div>\t\t\t\t<\/div>\n\t\t\t\t<div class=\"elementor-element elementor-element-uwjelx8s elementor-widget elementor-widget-text-editor\" data-id=\"uwjelx8s\" data-element_type=\"widget\" data-e-type=\"widget\" data-widget_type=\"text-editor.default\">\n\t\t\t\t\t\t\t\t\t<p>Autoritat cosmica suprema i guardi\u00e0 de l&#8217;ordre del m\u00f3n. Pare de tots els d\u00e9us en sentit jur\u00eddic i jer\u00e0rquic. La seva aprovaci\u00f3 \u00e9s necess\u00e0ria per a qualsevol gran acci\u00f3 divina; la seva paraula \u00e9s inamovible. En la vida quotidiana \u00e9s m\u00e9s aviat distant, i la seva autoritat s&#8217;invoca en contractes, juraments i en la designaci\u00f3 de c\u00e0stigs c\u00f2smics.<\/p>\t\t\t\t\t\t\t\t<\/div>\n\t\t\t\t\t<\/div>\n\t\t\t\t<\/div>\n\t\t<div class=\"elementor-element elementor-element-jm2n74ec iwg-steckbrief-card e-flex e-con-boxed e-con e-child\" data-id=\"jm2n74ec\" data-element_type=\"container\" data-e-type=\"container\">\n\t\t\t\t\t<div class=\"e-con-inner\">\n\t\t\t\t<div class=\"elementor-element elementor-element-8vufse4c elementor-widget elementor-widget-heading\" data-id=\"8vufse4c\" data-element_type=\"widget\" data-e-type=\"widget\" data-widget_type=\"heading.default\">\n\t\t\t\t\t<div class=\"elementor-heading-title elementor-size-default\">Representaci\u00f3<\/div>\t\t\t\t<\/div>\n\t\t\t\t<div class=\"elementor-element elementor-element-mwb9u015 elementor-widget elementor-widget-text-editor\" data-id=\"mwb9u015\" data-element_type=\"widget\" data-e-type=\"widget\" data-widget_type=\"text-editor.default\">\n\t\t\t\t\t\t\t\t\t<p>Home assossegat i tranquil assegut en un tron, o representat de forma abstracta com el mateix cel. Corona coronada amb banyes, ceptre, vestit blau o cobert d&#8217;estrelles. L&#8217;acompanyen el Toro del Cel i l&#8217;\u00e0guila. Es representa menys sovint en forma humana que altres d\u00e9us, ja que \u00e9s m\u00e9s aviat una for\u00e7a cosmica que una personalitat.<\/p>\t\t\t\t\t\t\t\t<\/div>\n\t\t\t\t\t<\/div>\n\t\t\t\t<\/div>\n\t\t\t\t<\/div>\n\t\t<div class=\"elementor-element elementor-element-pemmx7c2 e-con-full e-flex e-con e-child\" data-id=\"pemmx7c2\" data-element_type=\"container\" data-e-type=\"container\">\n\t\t<div class=\"elementor-element elementor-element-37ss2yr6 iwg-steckbrief-card e-flex e-con-boxed e-con e-child\" data-id=\"37ss2yr6\" data-element_type=\"container\" data-e-type=\"container\">\n\t\t\t\t\t<div class=\"e-con-inner\">\n\t\t\t\t<div class=\"elementor-element elementor-element-3v0wp3wx elementor-widget elementor-widget-heading\" data-id=\"3v0wp3wx\" data-element_type=\"widget\" data-e-type=\"widget\" data-widget_type=\"heading.default\">\n\t\t\t\t\t<h2 class=\"elementor-heading-title elementor-size-default\">La veneraci\u00f3 d'Anu<\/h2>\t\t\t\t<\/div>\n\t\t\t\t<div class=\"elementor-element elementor-element-w3247g2m elementor-widget elementor-widget-text-editor\" data-id=\"w3247g2m\" data-element_type=\"widget\" data-e-type=\"widget\" data-widget_type=\"text-editor.default\">\n\t\t\t\t\t\t\t\t\t<p>Principals llocs de culte: el <span class=\"iwg-fachbegriff\" data-tooltip=\"Un lloc sagrat dedicat a la veneraci\u00f3 d'una divinitat.\" tabindex=\"0\">santuari<\/span> d&#8217;Anu-Enlil a Uruk (Eanna), Assur i Nippur. No se&#8217;l venerava per assumptes personals, sin\u00f3 per l&#8217;estabilitat del m\u00f3n. Els <span class=\"iwg-fachbegriff\" data-tooltip=\"Ofrena a una divinitat per expressar gratitud, s\u00faplica o veneraci\u00f3.\" tabindex=\"0\">sacrificis<\/span> es feien sobretot en actes d&#8217;estat i en la signatura de contractes, ja que el seu nom era garantia de for\u00e7a vinculant. Hi havia festes i processons en el ritual d&#8217;Any Nou, on Anu i Enlil eren invocats solemnement.<\/p>\t\t\t\t\t\t\t\t<\/div>\n\t\t\t\t\t<\/div>\n\t\t\t\t<\/div>\n\t\t<div class=\"elementor-element elementor-element-0qpjal9w iwg-steckbrief-card e-flex e-con-boxed e-con e-child\" data-id=\"0qpjal9w\" data-element_type=\"container\" data-e-type=\"container\">\n\t\t\t\t\t<div class=\"e-con-inner\">\n\t\t\t\t<div class=\"elementor-element elementor-element-6ndoih0o elementor-widget elementor-widget-heading\" data-id=\"6ndoih0o\" data-element_type=\"widget\" data-e-type=\"widget\" data-widget_type=\"heading.default\">\n\t\t\t\t\t<h2 class=\"elementor-heading-title elementor-size-default\">Els s\u00edmbols d'Anu<\/h2>\t\t\t\t<\/div>\n\t\t\t\t<div class=\"elementor-element elementor-element-6684tyh9 elementor-widget elementor-widget-text-editor\" data-id=\"6684tyh9\" data-element_type=\"widget\" data-e-type=\"widget\" data-widget_type=\"text-editor.default\">\n\t\t\t\t\t\t\t\t\t<p>Corona amb banyes (corona amb quatre o m\u00e9s banyes), el Toro del Cel (bou celestial, m\u00e9s tard combatent de Tiamat a l&#8217;Enuma Elish), l&#8217;\u00e0guila, el ceptre, el ceptre de l&#8217;ordre. La Tauleta Eterna, l&#8217;escrit celestial on queda inscrit el dest\u00ed.<\/p>\t\t\t\t\t\t\t\t<\/div>\n\t\t\t\t\t<\/div>\n\t\t\t\t<\/div>\n\t\t<div class=\"elementor-element elementor-element-3lfi7x32 iwg-steckbrief-card e-flex e-con-boxed e-con e-child\" data-id=\"3lfi7x32\" data-element_type=\"container\" data-e-type=\"container\">\n\t\t\t\t\t<div class=\"e-con-inner\">\n\t\t\t\t<div class=\"elementor-element elementor-element-0kg99ga1 elementor-widget elementor-widget-heading\" data-id=\"0kg99ga1\" data-element_type=\"widget\" data-e-type=\"widget\" data-widget_type=\"heading.default\">\n\t\t\t\t\t<div class=\"elementor-heading-title elementor-size-default\">Equivalents<\/div>\t\t\t\t<\/div>\n\t\t\t\t<div class=\"elementor-element elementor-element-n0fum6kp elementor-widget elementor-widget-text-editor\" data-id=\"n0fum6kp\" data-element_type=\"widget\" data-e-type=\"widget\" data-widget_type=\"text-editor.default\">\n\t\t\t\t\t\t\t\t\t<p>Zeus (Gr\u00e8cia) com a equivalent funcional de divinitat suprema. Dyaus Pita (\u00cdndia v\u00e8dica) com a analogia de pare-cel. El (Llevant) com a arquetip antic de d\u00e9u suprem. <span class=\"iwg-fachbegriff\" tabindex=\"0\" data-tooltip=\"En l'hinduisme, l'\u00e9sser absolut, sense forma i sense atributs; reflectit als Upanixads com a fonament de totes les manifestacions.\">Brahman<\/span>\/Brahma (hinduisme) com a principi original de pare celestial. Tengri (turc-mongol) com a d\u00e9u del cel d&#8217;\u00c0sia Central. Gaireb\u00e9 sense parentiu etimol\u00f2gic (Anu no \u00e9s indoeuropeu), per\u00f2 sovint paral\u00b7lelitzat funcionalment.<\/p>\t\t\t\t\t\t\t\t<\/div>\n\t\t\t\t\t<\/div>\n\t\t\t\t<\/div>\n\t\t\t\t<\/div>\n\t\t\t\t<\/div>\n\t\t\t\t\t<\/div>\n\t\t\t\t<\/div>\n\t\t<div class=\"elementor-element elementor-element-7533bc7a e-flex e-con-boxed e-con e-parent\" data-id=\"7533bc7a\" data-element_type=\"container\" data-e-type=\"container\">\n\t\t\t\t\t<div class=\"e-con-inner\">\n\t\t\t\t<div class=\"elementor-element elementor-element-2447d18d elementor-widget elementor-widget-heading\" data-id=\"2447d18d\" data-element_type=\"widget\" data-e-type=\"widget\" data-widget_type=\"heading.default\">\n\t\t\t\t\t<h2 class=\"elementor-heading-title elementor-size-default\">Veneraci\u00f3 en la vida quotidiana<\/h2>\t\t\t\t<\/div>\n\t\t<div class=\"elementor-element elementor-element-d5d0260c e-con-full e-flex e-con e-child\" data-id=\"d5d0260c\" data-element_type=\"container\" data-e-type=\"container\">\n\t\t\t\t<div class=\"elementor-element elementor-element-341be2ac elementor-widget elementor-widget-text-editor\" data-id=\"341be2ac\" data-element_type=\"widget\" data-e-type=\"widget\" data-widget_type=\"text-editor.default\">\n\t\t\t\t\t\t\t\t\t<p>Anu era, d&#8217;una manera especial, un d\u00e9u de la vida p\u00fablica i del dret, no de la devoci\u00f3 personal. Els particulars invocaven m\u00e9s aviat Shamash (just\u00edcia), Ishtar (amor i guerra) o d\u00e9us protectors locals. Tot i aix\u00f2, en tres \u00e0mbits el nom d&#8217;Anu era central:<\/p><p>En el <strong>dret contractual<\/strong>, tot contracte babiloni o assiri invocava Anu com a garant suprem. El seu nom encap\u00e7alava les inscripcions de pedra; la seva <span class=\"iwg-fachbegriff\" data-tooltip=\"F\u00f3rmula ling\u00fc\u00edstica amb la qual es vol infligir un mal a una persona o cosa.\" tabindex=\"0\">maledicci\u00f3<\/span> amena\u00e7ava qui trenqu\u00e9s el contracte.<\/p><p>En el <span class=\"iwg-fachbegriff\" data-tooltip=\"Una seq\u00fc\u00e8ncia organitzada d'accions simb\u00f2liques amb significat religi\u00f3s o cultural.\" tabindex=\"0\">ritual<\/span> cosmic, durant les celebracions d&#8217;Any Nou s&#8217;invocaven formalment Anu i Enlil per confirmar l&#8217;ordre cosmic per a l&#8217;any que comen\u00e7ava. Els sacerdots cantaven himnes a la seva autoritat inamovible.<\/p><p>En el sacrifici d&#8217;estat, en empreses militars, coronacions o per\u00edodes de fam, els reis feien sacrificis a Anu per assegurar el seu suport al seu poder. No es tractava de redempci\u00f3 personal, sin\u00f3 de legitimitat estatal.<\/p>\t\t\t\t\t\t\t\t<\/div>\n\t\t\t\t<\/div>\n\t\t\t\t\t<\/div>\n\t\t\t\t<\/div>\n\t\t<div class=\"elementor-element elementor-element-5a584676 e-flex e-con-boxed e-con e-parent\" data-id=\"5a584676\" data-element_type=\"container\" data-e-type=\"container\">\n\t\t\t\t\t<div class=\"e-con-inner\">\n\t\t\t\t<div class=\"elementor-element elementor-element-6d0757bf elementor-widget elementor-widget-heading\" data-id=\"6d0757bf\" data-element_type=\"widget\" data-e-type=\"widget\" data-widget_type=\"heading.default\">\n\t\t\t\t\t<h2 class=\"elementor-heading-title elementor-size-default\">Anu, paral\u00b7lelismes en altres cultures<\/h2>\t\t\t\t<\/div>\n\t\t<div class=\"elementor-element elementor-element-60563f68 e-con-full e-flex e-con e-child\" data-id=\"60563f68\" data-element_type=\"container\" data-e-type=\"container\">\n\t\t\t\t<div class=\"elementor-element elementor-element-5a93fdd6 elementor-widget elementor-widget-text-editor\" data-id=\"5a93fdd6\" data-element_type=\"widget\" data-e-type=\"widget\" data-widget_type=\"text-editor.default\">\n\t\t\t\t\t\t\t\t\t<p class=\"iwg-h3-demoted\"><strong>Tradici\u00f3 grega<\/strong><\/p><p>Zeus \u00e9s funcionalment comparable com a divinitat suprema i guardi\u00e0 de l&#8217;ordre cosmic. Tots dos s\u00f3n d\u00e9us del cel distants i majestuosos, amb una autoritat incondicional. Zeus, per\u00f2, \u00e9s m\u00e9s actiu i t\u00e9 una personalitat m\u00e9s marcada; Anu es mant\u00e9 fred i absent.<\/p><p class=\"iwg-h3-demoted\"><strong>Tradici\u00f3 v\u00e8dica i hind\u00fa<\/strong><\/p><p>Dyaus Pita (\u00abpare del cel\u00bb) i m\u00e9s tard Brahman com a equivalents originaris de divinitat suprema. Igual que Anu, Dyaus \u00e9s despla\u00e7at pel m\u00e9s jove i actiu Indra. Brahman i Brahma comparteixen amb Anu el paper de principi creador i ordre silenci\u00f3s.<\/p><p class=\"iwg-h3-demoted\"><strong>Tradici\u00f3 sem\u00edtica (Llevant)<\/strong><\/p><p>El \u00e9s el d\u00e9u suprem en la religi\u00f3 ugar\u00edtica i fen\u00edcia, la <span class=\"iwg-fachbegriff\" data-tooltip=\"Un \u00e9sser venerat com a div\u00ed dins d'una religi\u00f3.\" tabindex=\"0\">divinitat<\/span> m\u00e9s antiga, silenciosa i distant, similar a Anu. Baal assumeix m\u00e9s tard les funcions m\u00e9s actives, tal com fa Marduk respecte a Anu.<\/p><p class=\"iwg-h3-demoted\"><strong>Tradici\u00f3 centreasi\u00e0tica<\/strong><\/p><p>Tengri (turc-mongol) com a d\u00e9u del cel personificat amb una transcend\u00e8ncia similar. Tots dos s\u00f3n forces d&#8217;ordre cosmic, rarament implicades personalment, per\u00f2 amb un poder incondicional.<\/p>\t\t\t\t\t\t\t\t<\/div>\n\t\t\t\t<\/div>\n\t\t\t\t\t<\/div>\n\t\t\t\t<\/div>\n\t\t<div class=\"elementor-element elementor-element-cp05c169d e-flex e-con-boxed e-con e-parent\" data-id=\"cp05c169d\" data-element_type=\"container\" data-e-type=\"container\">\n\t\t\t\t\t<div class=\"e-con-inner\">\n\t\t\t\t<div class=\"elementor-element elementor-element-cpc587885 elementor-widget elementor-widget-heading\" data-id=\"cpc587885\" data-element_type=\"widget\" data-e-type=\"widget\" data-widget_type=\"heading.default\">\n\t\t\t\t\t<h2 class=\"elementor-heading-title elementor-size-default\">Anu en la jerarquia divina i el concepte de la dignitat d'Anu<\/h2>\t\t\t\t<\/div>\n\t\t<div class=\"elementor-element elementor-element-cp47caa74 e-con-full e-flex e-con e-child\" data-id=\"cp47caa74\" data-element_type=\"container\" data-e-type=\"container\">\n\t\t\t\t<div class=\"elementor-element elementor-element-cp44af576 elementor-widget elementor-widget-text-editor\" data-id=\"cp44af576\" data-element_type=\"widget\" data-e-type=\"widget\" data-widget_type=\"text-editor.default\">\n\t\t\t\t\t\t\t\t\t<p>Anu, en sumeri An, ocupa el cim del pante\u00f3 mesopot\u00e0mic. El seu nom \u00e9s alhora la paraula habitual per referir-se al cel; el d\u00e9u i la volta celeste que encarna no es poden separar ling\u00fc\u00edsticament. Anu \u00e9s considerat el pare dels d\u00e9us i l&#8217;origen de l&#8217;autoritat suprema.<\/p><p>Tanmateix, el que caracteritza Anu \u00e9s que en els mites rarament actua directament. Reina en el cel m\u00e9s alt, i el seu poder es manifesta sobretot en el fet que atorga autoritat i legitima decisions.<\/p><p>Els textos mesopot\u00e0mics coneixen el concepte de dignitat d&#8217;Anu, l&#8217;<em>anutu<\/em>, com l&#8217;ess\u00e8ncia del poder reial suprem que pot ser transferit a un d\u00e9u. Quan un altre d\u00e9u ascendeix al poder principal, com Marduk en l&#8217;\u00e8pica babil\u00f2nica de la creaci\u00f3 <em>Enuma Elish<\/em>, aix\u00f2 succeeix perqu\u00e8 se li atorga la dignitat d&#8217;Anu.<\/p><p>Aquesta posici\u00f3 fa d&#8217;Anu una figura suprema, m\u00e9s b\u00e9 passiva i en rep\u00f2s. La <span class=\"iwg-fachbegriff\" data-tooltip=\"La ci\u00e8ncia que estudia les religions de manera comparativa i sense vinculaci\u00f3 de fe.\" tabindex=\"0\">ci\u00e8ncia de les religions<\/span> l&#8217;ha comparat amb el tipus del <em>deus otiosus<\/em>, el d\u00e9u oci\u00f3s que, tot i ocupar el cim, deixa el desenvolupament real del m\u00f3n en mans d&#8217;altres.<\/p><p>Altres investigadors subratllen que la reserva d&#8217;Anu no \u00e9s una p\u00e8rdua de significat, sin\u00f3 l&#8217;expressi\u00f3 d&#8217;una dignitat que est\u00e0 per damunt de la intervenci\u00f3 directa. Es considera que la seva voluntat \u00e9s inapel\u00b7lable, i les decisions que Anu ha confirmat s\u00f3n definitives.<\/p>\t\t\t\t\t\t\t\t<\/div>\n\t\t\t\t<\/div>\n\t\t\t\t\t<\/div>\n\t\t\t\t<\/div>\n\t\t<div class=\"elementor-element elementor-element-cp7ff74ce e-flex e-con-boxed e-con e-parent\" data-id=\"cp7ff74ce\" data-element_type=\"container\" data-e-type=\"container\">\n\t\t\t\t\t<div class=\"e-con-inner\">\n\t\t\t\t<div class=\"elementor-element elementor-element-cp3ac5cd8 elementor-widget elementor-widget-heading\" data-id=\"cp3ac5cd8\" data-element_type=\"widget\" data-e-type=\"widget\" data-widget_type=\"heading.default\">\n\t\t\t\t\t<h2 class=\"elementor-heading-title elementor-size-default\">Uruk i el temple d'Eanna: el centre de culte d'Anu<\/h2>\t\t\t\t<\/div>\n\t\t<div class=\"elementor-element elementor-element-cp80fbb97 e-con-full e-flex e-con e-child\" data-id=\"cp80fbb97\" data-element_type=\"container\" data-e-type=\"container\">\n\t\t\t\t<div class=\"elementor-element elementor-element-cp3e11cec elementor-widget elementor-widget-text-editor\" data-id=\"cp3e11cec\" data-element_type=\"widget\" data-e-type=\"widget\" data-widget_type=\"text-editor.default\">\n\t\t\t\t\t\t\t\t\t<p>El centre de culte m\u00e9s important d&#8217;Anu era la ciutat d&#8217;Uruk, al sud de Mesopot\u00e0mia, una de les ciutats m\u00e9s antigues del m\u00f3n. All\u00ed es trobava el recinte del temple <em>Eanna<\/em>, el nom del qual significa Casa del Cel. Anu compartia aquest recinte amb la deessa Inanna, tamb\u00e9 coneguda com Ixtar.<\/p><p>Els estrats arqueol\u00f2gics d&#8217;Uruk es remunten fins al quart mil\u00b7lenni aC, i el recinte de l&#8217;Eanna \u00e9s un dels \u00e0mbits de temple m\u00e9s estudiats de Mesopot\u00e0mia.<\/p><p>La relaci\u00f3 entre Anu i Inanna a Uruk \u00e9s, des del punt de vista de la hist\u00f2ria de les religions, molt complexa: en algunes tradicions, Inanna \u00e9s considerada filla o n\u00e9ta d&#8217;Anu, mentre que en altres textos apareix com la seva esposa. La <span class=\"iwg-fachbegriff\" data-tooltip=\"La transmissi\u00f3 de coneixements i relats al llarg de generacions.\" tabindex=\"0\">tradici\u00f3<\/span> no \u00e9s uniforme en aquest punt, com sol passar sovint en el <span class=\"iwg-fachbegriff\" data-tooltip=\"El conjunt de d\u00e9us d'una religi\u00f3 o cultura.\" tabindex=\"0\">pante\u00f3<\/span> mesopot\u00e0mic.<\/p><p>M\u00e9s endavant, sobretot en l&#8217;\u00e8poca hel\u00b7len\u00edstica sota els seleucis, el <span class=\"iwg-fachbegriff\" data-tooltip=\"El conjunt d'actes de veneraci\u00f3 religiosa dedicats a una divinitat o figura sagrada.\" tabindex=\"0\">culte<\/span> d&#8217;Anu a Uruk va experimentar una renovaci\u00f3 notable. En aquesta \u00e8poca es va construir el <em>Bit Resch<\/em>, un gran complex de temple dedicat a Anu i a la seva esposa Antu.<\/p><p>D&#8217;aquesta \u00e8poca tardana s&#8217;han conservat textos rituals detallats que descriuen el culte del temple, les processons i els horaris dels sacrificis. Aquests textos figuren entre els testimonis m\u00e9s valuosos sobre la pr\u00e0ctica del culte del temple babil\u00f2nic, i mostren que Anu encara era venerat activament en els darrers segles de la cultura cune\u00efforme.<\/p>\t\t\t\t\t\t\t\t<\/div>\n\t\t\t\t<\/div>\n\t\t\t\t\t<\/div>\n\t\t\t\t<\/div>\n\t\t<div class=\"elementor-element elementor-element-cp7b1010e e-flex e-con-boxed e-con e-parent\" data-id=\"cp7b1010e\" data-element_type=\"container\" data-e-type=\"container\">\n\t\t\t\t\t<div class=\"e-con-inner\">\n\t\t\t\t<div class=\"elementor-element elementor-element-cpc8b6994 elementor-widget elementor-widget-heading\" data-id=\"cpc8b6994\" data-element_type=\"widget\" data-e-type=\"widget\" data-widget_type=\"heading.default\">\n\t\t\t\t\t<h2 class=\"elementor-heading-title elementor-size-default\">El c\u00e0stig d'Anu: el Toro Celestial a l'Epopeia de Gilgamesh<\/h2>\t\t\t\t<\/div>\n\t\t<div class=\"elementor-element elementor-element-cpbb332db e-con-full e-flex e-con e-child\" data-id=\"cpbb332db\" data-element_type=\"container\" data-e-type=\"container\">\n\t\t\t\t<div class=\"elementor-element elementor-element-cp6d5f9d1 elementor-widget elementor-widget-text-editor\" data-id=\"cp6d5f9d1\" data-element_type=\"widget\" data-e-type=\"widget\" data-widget_type=\"text-editor.default\">\n\t\t\t\t\t\t\t\t\t<p>Un dels pocs mites en qu\u00e8 Anu interv\u00e9 activament, amb conseq\u00fc\u00e8ncies immediates, es troba a l&#8217;<em>Epopeia de Gilgamesh<\/em>. Despr\u00e9s que l&#8217;heroi Gilgamesh rebutja les proposicions de la deessa Ixtar i, a m\u00e9s, se&#8217;n burla, Ixtar es dirigeix al seu pare Anu i li demana que li lliuri el Toro Celestial per castigar Gilgamesh.<\/p><p>Anu vacil\u00b7la inicialment i adverteix de les conseq\u00fc\u00e8ncies: l&#8217;alliberament del Toro Celestial portar\u00e0 set anys de fam al pa\u00eds. Nom\u00e9s quan Ixtar amena\u00e7a de trencar les portes del m\u00f3n subterrani i alliberar els morts perqu\u00e8 devorin els vius, Anu accedeix.<\/p><p>El Toro Celestial \u00e9s enviat a la terra, causa devastaci\u00f3 a Uruk i mata nombrosos homes amb el seu esbufec. Gilgamesh i el seu company Enkidu acaben matant el toro, fet que enfureix tant els d\u00e9us que decreten la mort d&#8217;Enkidu.<\/p><p>Aquest episodi \u00e9s revelador des del punt de vista de la hist\u00f2ria de les religions, perqu\u00e8 mostra com funciona el poder d&#8217;Anu. Ell disposa de mitjans c\u00f2smics de for\u00e7a destructiva, el Toro Celestial \u00e9s una encarnaci\u00f3 de la sequera i la devastaci\u00f3.<\/p><p>Per\u00f2 no els fa servir per pr\u00f2pia iniciativa, sin\u00f3 a inst\u00e0ncies d&#8217;una altra <span class=\"iwg-fachbegriff\" data-tooltip=\"Un \u00e9sser venerat com a div\u00ed dins d'una religi\u00f3.\" tabindex=\"0\">divinitat<\/span>. Anu segueix sent aqu\u00ed la inst\u00e0ncia que atorga el poder, no la que colpeja directament. La constel\u00b7laci\u00f3 de Taure es va relacionar amb el Toro Celestial, la qual cosa vincula tamb\u00e9 aquest episodi amb l&#8217;astronomia babil\u00f2nica.<\/p>\t\t\t\t\t\t\t\t<\/div>\n\t\t\t\t<\/div>\n\t\t\t\t\t<\/div>\n\t\t\t\t<\/div>\n\t\t<div class=\"elementor-element elementor-element-36dd7469 e-flex e-con-boxed e-con e-parent\" data-id=\"36dd7469\" data-element_type=\"container\" data-e-type=\"container\">\n\t\t\t\t\t<div class=\"e-con-inner\">\n\t\t\t\t<div class=\"elementor-element elementor-element-13760ab4 elementor-widget elementor-widget-heading\" data-id=\"13760ab4\" data-element_type=\"widget\" data-e-type=\"widget\" data-widget_type=\"heading.default\">\n\t\t\t\t\t<h2 class=\"elementor-heading-title elementor-size-default\">Enlla\u00e7os relacionats<\/h2>\t\t\t\t<\/div>\n\t\t<div class=\"elementor-element elementor-element-28c87796 e-con-full e-flex e-con e-child\" data-id=\"28c87796\" data-element_type=\"container\" data-e-type=\"container\">\n\t\t\t\t<div class=\"elementor-element elementor-element-5d6538df elementor-widget elementor-widget-text-editor\" data-id=\"5d6538df\" data-element_type=\"widget\" data-e-type=\"widget\" data-widget_type=\"text-editor.default\">\n\t\t\t\t\t\t\t\t\t<ul><li><a href=\"https:\/\/iwell-guard.com\/ca\/?page_id=171786\">Enlil, Mesopot\u00e0mia<\/a><\/li><li><a href=\"https:\/\/iwell-guard.com\/ca\/?page_id=171467\">Marduk, Mesopot\u00e0mia<\/a><\/li><li><a href=\"https:\/\/iwell-guard.com\/ca\/?page_id=171833\">Ea, Mesopot\u00e0mia<\/a><\/li><li><a href=\"https:\/\/iwell-guard.com\/ca\/?page_id=171462\">Zeus, Gr\u00e8cia<\/a><\/li><li>Brahman, hinduisme<\/li><li>Dyaus Pita, vedisme<\/li><li><a href=\"https:\/\/iwell-guard.com\/ca\/?page_id=171459\">Divinitats supremes, subcategoria<\/a><\/li><li><a href=\"https:\/\/iwell-guard.com\/ca\/?page_id=171431\">D\u00e9us, resum de la classe<\/a><\/li><\/ul>\t\t\t\t\t\t\t\t<\/div>\n\t\t\t\t<\/div>\n\t\t\t\t\t<\/div>\n\t\t\t\t<\/div>\n\t\t<div class=\"elementor-element elementor-element-grl4kl40 e-flex e-con-boxed e-con e-parent\" data-id=\"grl4kl40\" data-element_type=\"container\" data-e-type=\"container\">\n\t\t\t\t\t<div class=\"e-con-inner\">\n\t\t\t\t<div class=\"elementor-element elementor-element-bzsbfrmh elementor-widget elementor-widget-heading\" data-id=\"bzsbfrmh\" data-element_type=\"widget\" data-e-type=\"widget\" data-widget_type=\"heading.default\">\n\t\t\t\t\t<h2 class=\"elementor-heading-title elementor-size-default\">Bibliografia de recerca<\/h2>\t\t\t\t<\/div>\n\t\t<div class=\"elementor-element elementor-element-2c13224a e-con-full e-flex e-con e-child\" data-id=\"2c13224a\" data-element_type=\"container\" data-e-type=\"container\">\n\t\t\t\t<div class=\"elementor-element elementor-element-0eymh9ub elementor-widget elementor-widget-text-editor\" data-id=\"0eymh9ub\" data-element_type=\"widget\" data-e-type=\"widget\" data-widget_type=\"text-editor.default\">\n\t\t\t\t\t\t\t\t\t<footer class=\"iwg-literatur\" data-nosnippet=\"true\"><ul><li>Bott\u00e9ro, Jean: <em>Mesopotamia: Writing, Reasoning and the Gods<\/em> (Chicago: University of Chicago Press, 1992). Ubicaci\u00f3 definitiva d&#8217;Anu dins la <span class=\"iwg-fachbegriff\" data-tooltip=\"La doctrina cient\u00edfica sobre D\u00e9u i sobre la fe d'una religi\u00f3.\" tabindex=\"0\">teologia<\/span> i la mitologia de la creaci\u00f3 mesopot\u00e0miques.<\/li><li>Jacobsen, Thorkild: <em>The Treasures of Darkness: A History of Mesopotamian Religion<\/em> (New Haven: Yale University Press, 1976). S\u00edntesi cl\u00e0ssica de la hist\u00f2ria de les religions centrada en les genealogies divines.<\/li><li>Wiggermann, Frans A. M.: <em>Mesopotamian Protective Spirits<\/em> (Groningen: Styx, 1992). Contextualitza Anu dins del sistema m\u00e9s ampli d&#8217;esperits protectors.<\/li><li>Schwemer, Daniel: <em>Die Wettergottgestalten Mesopotamiens und Nordsyriens im Zeichen des Sturms<\/em> (Wiesbaden: Harrassowitz, 2001). An\u00e0lisi comparativa de les divinitats celestes.<\/li><li>Labat, Ren\u00e9: <em>Les Religions du Proche Orient Asiatique<\/em> (Par\u00eds: Fayard, 1970). Extensa hist\u00f2ria de les religions en franc\u00e8s amb iconografia d&#8217;Anu.<\/li><\/ul><\/footer>\t\t\t\t\t\t\t\t<\/div>\n\t\t\t\t<\/div>\n\t\t\t\t\t<\/div>\n\t\t\t\t<\/div>\n\t\t<div class=\"elementor-element elementor-element-35fff1c e-con-boxed e-flex e-con e-parent\" data-id=\"35fff1c\" data-element_type=\"container\" data-e-type=\"container\">\n\t\t\t\t\t<div class=\"e-con-inner\">\n\t\t\t\t<div class=\"elementor-element elementor-element-4500a86 elementor-widget elementor-widget-text-editor\" data-id=\"4500a86\" data-element_type=\"widget\" data-e-type=\"widget\" data-widget_type=\"text-editor.default\">\n\t\t\t\t\t\t\t\t\t\n<h2>Preguntes freq\u00fcents sobre Anu<\/h2>\n<div class=\"iwg-faq-q\"><h3>Qui era Anu en la <span class=\"iwg-fachbegriff\" data-tooltip=\"El conjunt de relats mitol\u00f2gics transmesos per una cultura.\" tabindex=\"0\">mitologia<\/span> mesopot\u00e0mica?<\/h3><p>Anu (sumeri An, accadi Anu) \u00e9s el d\u00e9u del cel sumeri-babil\u00f2nic, el d\u00e9u suprem del pante\u00f3 mesopot\u00e0mic m\u00e9s antic i l&#8217;avi de gaireb\u00e9 tots els altres d\u00e9us. El seu nom significa simplement cel; en la capa m\u00e9s antiga \u00e9s el d\u00e9u del cel invisible i abstracte que governa el m\u00f3n.<\/p><p>Amb el temps, Anu va perdre import\u00e0ncia activa, i Enlil i m\u00e9s tard Marduk van assumir la seva reg\u00e8ncia. Tot i aix\u00f2, Anu va romandre com a d\u00e9u titular: totes les investidures de poder i dignitat reials procedien origin\u00e0riament d&#8217;ell.<\/p><\/div>\n<div class=\"iwg-faq-q\"><h3>Qu\u00e8 \u00e9s la tr\u00edada divina mesopot\u00e0mica?<\/h3><p>La tr\u00edada divina superior mesopot\u00e0mica est\u00e0 formada per Anu (el cel), Enlil (la terra, l&#8217;aire, el vent) i Enki\/Ea (l&#8217;aigua dol\u00e7a, la saviesa). Aquest complex de tres d\u00e9us estructurava l&#8217;univers: Anu governava el regne superior, Enlil el mitj\u00e0 (l&#8217;atmosfera, la terra) i Enki el regne inferior de l&#8217;aigua dol\u00e7a.<\/p><p>Aquesta tr\u00edada \u00e9s la forma pr\u00e8via de molts esquemes posteriors de tres d\u00e9us. En el <span class=\"iwg-fachbegriff\" data-tooltip=\"El conjunt de d\u00e9us d'una religi\u00f3 o cultura.\" tabindex=\"0\">pante\u00f3<\/span> babil\u00f2nic m\u00e9s recent, es va complementar amb una tr\u00edada astral: Sin (la lluna), \u0160ama\u0161 (el sol) i Ishtar (Venus). Marduk va heretar m\u00e9s tard, de fet, el poder dels tres d\u00e9us superiors.<\/p><\/div>\n<script type=\"application\/ld+json\">{\"@context\":\"https:\/\/schema.org\",\"@type\":\"FAQPage\",\"mainEntity\":[{\"@type\":\"Question\",\"name\":\"Qui era Anu en la mitologia mesopot\u00e0mica?\",\"acceptedAnswer\":{\"@type\":\"Answer\",\"text\":\"Anu (sumeri An, accadi Anu) \u00e9s el d\u00e9u del cel sumeri-babil\u00f2nic, el d\u00e9u suprem del pante\u00f3 mesopot\u00e0mic m\u00e9s antic i l'avi de gaireb\u00e9 tots els altres d\u00e9us. El seu nom significa simplement cel; en la capa m\u00e9s antiga \u00e9s el d\u00e9u del cel invisible i abstracte que governa el m\u00f3n.Amb el temps, Anu va perdre import\u00e0ncia activa, i Enlil i m\u00e9s tard Marduk van assumir la seva reg\u00e8ncia. Tot i aix\u00f2, Anu va romandre com a d\u00e9u titular: totes les investidures de poder i dignitat reials procedien origin\u00e0riament d'ell.\"}},{\"@type\":\"Question\",\"name\":\"Qu\u00e8 \u00e9s la tr\u00edada divina mesopot\u00e0mica?\",\"acceptedAnswer\":{\"@type\":\"Answer\",\"text\":\"La tr\u00edada divina superior mesopot\u00e0mica est\u00e0 formada per Anu (el cel), Enlil (la terra, l'aire, el vent) i Enki\/Ea (l'aigua dol\u00e7a, la saviesa). Aquest complex de tres d\u00e9us estructurava l'univers: Anu governava el regne superior, Enlil el mitj\u00e0 (l'atmosfera, la terra) i Enki el regne inferior de l'aigua dol\u00e7a.Aquesta tr\u00edada \u00e9s la forma pr\u00e8via de molts esquemes posteriors de tres d\u00e9us. En el pante\u00f3 babil\u00f2nic m\u00e9s recent, es va complementar amb una tr\u00edada astral: Sin (la lluna), \u0160ama\u0161 (el sol) i Ishtar (Venus). Marduk va heretar m\u00e9s tard, de fet, el poder dels tres d\u00e9us superiors.\"}}]}<\/script>\t\t\t\t\t\t\t\t<\/div>\n\t\t\t\t\t<\/div>\n\t\t\t\t<\/div>\n\t\t\t\t<\/div>\n\t\t","protected":false},"excerpt":{"rendered":"","protected":false},"author":3,"featured_media":1755,"parent":0,"menu_order":0,"comment_status":"closed","ping_status":"closed","template":"elementor_header_footer","meta":{"_yoast_wpseo_focuskw":"Anu","_yoast_wpseo_title":"Anu \u2013 d\u00e9u del cel del pante\u00f3 mesopot\u00e0mic","_yoast_wpseo_metadesc":"Anu, d\u00e9u del cel del pante\u00f3 mesopot\u00e0mic. An sumeri, pare dels d\u00e9us: Enuma Elish, Uruk, origen i veneraci\u00f3.","_yoast_wpseo_meta-robots-noindex":"","_yoast_wpseo_canonical":"","_angie_page":false,"gefaehrdungsstufe":"3","wesen_kultur":"mesopotamien","wesen_klasse":"goetter","footnotes":""},"categories":[],"class_list":["post-171463","page","type-page","status-publish","has-post-thumbnail","hentry"],"yoast_head":"<!-- This site is optimized with the Yoast SEO Premium plugin v27.7 (Yoast SEO v28.3) - https:\/\/yoast.com\/product\/yoast-seo-premium-wordpress\/ -->\n<title>Anu \u2013 d\u00e9u del cel del pante\u00f3 mesopot\u00e0mic<\/title>\n<meta name=\"description\" content=\"Anu, d\u00e9u del cel del pante\u00f3 mesopot\u00e0mic. An sumeri, pare dels d\u00e9us: Enuma Elish, Uruk, origen i veneraci\u00f3.\" \/>\n<meta name=\"robots\" content=\"index, follow, max-snippet:-1, max-image-preview:large, max-video-preview:-1\" \/>\n<link rel=\"canonical\" href=\"https:\/\/iwell-guard.com\/ca\/anu\/\" \/>\n<meta property=\"og:locale\" content=\"ca_ES\" \/>\n<meta property=\"og:type\" content=\"article\" \/>\n<meta property=\"og:title\" content=\"Anu\" \/>\n<meta property=\"og:description\" content=\"Anu, d\u00e9u del cel del pante\u00f3 mesopot\u00e0mic. An sumeri, pare dels d\u00e9us: Enuma Elish, Uruk, origen i veneraci\u00f3.\" \/>\n<meta property=\"og:url\" content=\"https:\/\/iwell-guard.com\/ca\/anu\/\" \/>\n<meta property=\"og:site_name\" content=\"iWell Guard\" \/>\n<meta property=\"article:modified_time\" content=\"2026-09-05T15:58:21+00:00\" \/>\n<meta property=\"og:image\" content=\"https:\/\/iwell-guard.com\/wp-content\/uploads\/2026\/04\/goetter_mesopotamien_anu.webp\" \/>\n\t<meta property=\"og:image:width\" content=\"1024\" \/>\n\t<meta property=\"og:image:height\" content=\"1536\" \/>\n\t<meta property=\"og:image:type\" content=\"image\/webp\" \/>\n<meta name=\"twitter:card\" content=\"summary_large_image\" \/>\n<script type=\"application\/ld+json\" class=\"yoast-schema-graph\">{\"@context\":\"https:\\\/\\\/schema.org\",\"@graph\":[{\"@type\":\"WebPage\",\"@id\":\"https:\\\/\\\/iwell-guard.com\\\/ca\\\/anu\\\/\",\"url\":\"https:\\\/\\\/iwell-guard.com\\\/ca\\\/anu\\\/\",\"name\":\"Anu \u2013 d\u00e9u del cel del pante\u00f3 mesopot\u00e0mic\",\"isPartOf\":{\"@id\":\"https:\\\/\\\/iwell-guard.com\\\/ca\\\/#website\"},\"primaryImageOfPage\":{\"@id\":\"https:\\\/\\\/iwell-guard.com\\\/ca\\\/anu\\\/#primaryimage\"},\"image\":{\"@id\":\"https:\\\/\\\/iwell-guard.com\\\/ca\\\/anu\\\/#primaryimage\"},\"thumbnailUrl\":\"https:\\\/\\\/iwell-guard.com\\\/wp-content\\\/uploads\\\/2026\\\/04\\\/goetter_mesopotamien_anu.webp\",\"datePublished\":\"2026-09-05T15:39:35+00:00\",\"dateModified\":\"2026-09-05T15:58:21+00:00\",\"description\":\"Anu, d\u00e9u del cel del pante\u00f3 mesopot\u00e0mic. An sumeri, pare dels d\u00e9us: Enuma Elish, Uruk, origen i veneraci\u00f3.\",\"breadcrumb\":{\"@id\":\"https:\\\/\\\/iwell-guard.com\\\/ca\\\/anu\\\/#breadcrumb\"},\"inLanguage\":\"ca\",\"potentialAction\":[{\"@type\":\"ReadAction\",\"target\":[\"https:\\\/\\\/iwell-guard.com\\\/ca\\\/anu\\\/\"]}]},{\"@type\":\"ImageObject\",\"inLanguage\":\"ca\",\"@id\":\"https:\\\/\\\/iwell-guard.com\\\/ca\\\/anu\\\/#primaryimage\",\"url\":\"https:\\\/\\\/iwell-guard.com\\\/wp-content\\\/uploads\\\/2026\\\/04\\\/goetter_mesopotamien_anu.webp\",\"contentUrl\":\"https:\\\/\\\/iwell-guard.com\\\/wp-content\\\/uploads\\\/2026\\\/04\\\/goetter_mesopotamien_anu.webp\",\"width\":1024,\"height\":1536,\"caption\":\"D\u00e9us de la tradici\u00f3 mesopot\u00e0mica.\"},{\"@type\":\"BreadcrumbList\",\"@id\":\"https:\\\/\\\/iwell-guard.com\\\/ca\\\/anu\\\/#breadcrumb\",\"itemListElement\":[{\"@type\":\"ListItem\",\"position\":1,\"name\":\"Start\",\"item\":\"https:\\\/\\\/iwell-guard.com\\\/ca\\\/?page_id=171333\"},{\"@type\":\"ListItem\",\"position\":2,\"name\":\"Anu\"}]},{\"@type\":\"WebSite\",\"@id\":\"https:\\\/\\\/iwell-guard.com\\\/ca\\\/#website\",\"url\":\"https:\\\/\\\/iwell-guard.com\\\/ca\\\/\",\"name\":\"iWell Guard\",\"description\":\"Schutz vor dunklen Einfl\u00fcssen\",\"publisher\":{\"@id\":\"https:\\\/\\\/iwell-guard.com\\\/ca\\\/#organization\"},\"potentialAction\":[{\"@type\":\"SearchAction\",\"target\":{\"@type\":\"EntryPoint\",\"urlTemplate\":\"https:\\\/\\\/iwell-guard.com\\\/ca\\\/?s={search_term_string}\"},\"query-input\":{\"@type\":\"PropertyValueSpecification\",\"valueRequired\":true,\"valueName\":\"search_term_string\"}}],\"inLanguage\":\"ca\"},{\"@type\":\"Organization\",\"@id\":\"https:\\\/\\\/iwell-guard.com\\\/ca\\\/#organization\",\"name\":\"Ittermann electronic GmbH\",\"url\":\"https:\\\/\\\/iwell-guard.com\\\/ca\\\/\",\"logo\":{\"@type\":\"ImageObject\",\"inLanguage\":\"ca\",\"@id\":\"https:\\\/\\\/iwell-guard.com\\\/ca\\\/#\\\/schema\\\/logo\\\/image\\\/\",\"url\":\"https:\\\/\\\/iwell-guard.com\\\/wp-content\\\/uploads\\\/2026\\\/05\\\/Ittermann-Logo-1182x237-1.png\",\"contentUrl\":\"https:\\\/\\\/iwell-guard.com\\\/wp-content\\\/uploads\\\/2026\\\/05\\\/Ittermann-Logo-1182x237-1.png\",\"width\":1182,\"height\":237,\"caption\":\"Ittermann electronic GmbH\"},\"image\":{\"@id\":\"https:\\\/\\\/iwell-guard.com\\\/ca\\\/#\\\/schema\\\/logo\\\/image\\\/\"},\"sameAs\":[\"https:\\\/\\\/pantip.com\\\/profile\\\/9367242\",\"https:\\\/\\\/micro.blog\\\/iwellguard\",\"https:\\\/\\\/www.diggerslist.com\\\/iwellguard\\\/about\",\"https:\\\/\\\/skitterphoto.com\\\/photographers\\\/2870314\\\/iwell-guard\",\"https:\\\/\\\/iwellguard.wordpress.com\\\/2026\\\/06\\\/06\\\/iwell-guard\\\/\",\"https:\\\/\\\/hub.docker.com\\\/u\\\/iwellguard\",\"https:\\\/\\\/www.pinterest.com\\\/iwellguard\\\/\",\"https:\\\/\\\/bit.ly\\\/m\\\/iwellguard\",\"https:\\\/\\\/entre-vos-mains.alsace.eu\\\/profiles\\\/iwellguard\\\/activity\",\"https:\\\/\\\/gravatar.com\\\/reallybeded8fd34\",\"https:\\\/\\\/naijamatta.com\\\/iwellguard\",\"https:\\\/\\\/www.goodreads.com\\\/iwellguard\",\"https:\\\/\\\/profile.hatena.ne.jp\\\/iwellguard\\\/\",\"https:\\\/\\\/experiment.com\\\/users\\\/iwellguard\",\"https:\\\/\\\/wakelet.com\\\/@iWellGuard82270\",\"https:\\\/\\\/www.chordie.com\\\/forum\\\/profile.php?id=2555664\",\"https:\\\/\\\/www.instapaper.com\\\/p\\\/17757966\",\"https:\\\/\\\/www.mapleprimes.com\\\/users\\\/iwellguard\",\"https:\\\/\\\/businesslistingplus.com\\\/profile\\\/iwell-guard\\\/\",\"https:\\\/\\\/telegra.ph\\\/iWell-Guard-06-06\",\"https:\\\/\\\/pbase.com\\\/iwellguard\\\/iwellguard\",\"https:\\\/\\\/b.hatena.ne.jp\\\/iwellguard\\\/20260607#bookmark-4788405196491818882\",\"https:\\\/\\\/fliphtml5.com\\\/home\\\/iwellguard\",\"https:\\\/\\\/anyflip.com\\\/homepage\\\/cmiwl#About\",\"https:\\\/\\\/transfur.com\\\/Users\\\/iwellguard\",\"http:\\\/\\\/delphi.larsbo.org\\\/user\\\/iwellguard\",\"https:\\\/\\\/jobs.lajobsportal.org\\\/profiles\\\/8380803-iwell-guard\",\"https:\\\/\\\/md.chaosdorf.de\\\/s\\\/jfbe5SBdJD\",\"https:\\\/\\\/www.lingvolive.com\\\/en-us\\\/profile\\\/9ecaeaca-ce11-4e51-9e71-01d55e2bff36\\\/translations\",\"https:\\\/\\\/www.fitday.com\\\/fitness\\\/forums\\\/members\\\/iwellguard.html\",\"https:\\\/\\\/www.mymeetbook.com\\\/iwellguard\",\"https:\\\/\\\/pxhere.com\\\/en\\\/photographer-me\\\/5040798\",\"https:\\\/\\\/disqus.com\\\/by\\\/iwellguard\\\/about\\\/\",\"https:\\\/\\\/pastelink.net\\\/hjwciqwq\",\"https:\\\/\\\/pubhtml5.com\\\/homepage\\\/scjhn\\\/\",\"https:\\\/\\\/www.bitchute.com\\\/channel\\\/2O2eOKzNqujT\",\"https:\\\/\\\/audiomack.com\\\/iwellguard\"]},{\"@type\":\"Article\",\"@id\":\"https:\\\/\\\/iwell-guard.com\\\/ca\\\/anu\\\/#article\",\"isPartOf\":{\"@id\":\"https:\\\/\\\/iwell-guard.com\\\/ca\\\/anu\\\/\"},\"author\":{\"name\":\"Ralf Ittermann\",\"@id\":\"https:\\\/\\\/iwell-guard.com\\\/ca\\\/#\\\/schema\\\/person\\\/ee2a27f1cac3406c7c6fb5820cb7349f\"},\"headline\":\"Anu\",\"datePublished\":\"2026-09-05T15:39:35+00:00\",\"dateModified\":\"2026-09-05T15:58:21+00:00\",\"mainEntityOfPage\":{\"@id\":\"https:\\\/\\\/iwell-guard.com\\\/ca\\\/anu\\\/\"},\"publisher\":{\"@id\":\"https:\\\/\\\/iwell-guard.com\\\/ca\\\/#organization\"},\"image\":{\"@id\":\"https:\\\/\\\/iwell-guard.com\\\/ca\\\/anu\\\/#primaryimage\"},\"thumbnailUrl\":\"https:\\\/\\\/iwell-guard.com\\\/wp-content\\\/uploads\\\/2026\\\/04\\\/goetter_mesopotamien_anu.webp\",\"inLanguage\":\"ca\",\"description\":\"Anu, d\u00e9u del cel del pante\u00f3 mesopot\u00e0mic. An sumeri, pare dels d\u00e9us: Enuma Elish, Uruk, origen i veneraci\u00f3.\"}]}<\/script>\n<!-- \/ Yoast SEO Premium plugin. -->","yoast_head_json":{"title":"Anu \u2013 d\u00e9u del cel del pante\u00f3 mesopot\u00e0mic","description":"Anu, d\u00e9u del cel del pante\u00f3 mesopot\u00e0mic. An sumeri, pare dels d\u00e9us: Enuma Elish, Uruk, origen i veneraci\u00f3.","robots":{"index":"index","follow":"follow","max-snippet":"max-snippet:-1","max-image-preview":"max-image-preview:large","max-video-preview":"max-video-preview:-1"},"canonical":"https:\/\/iwell-guard.com\/ca\/anu\/","og_locale":"ca_ES","og_type":"article","og_title":"Anu","og_description":"Anu, d\u00e9u del cel del pante\u00f3 mesopot\u00e0mic. An sumeri, pare dels d\u00e9us: Enuma Elish, Uruk, origen i veneraci\u00f3.","og_url":"https:\/\/iwell-guard.com\/ca\/anu\/","og_site_name":"iWell Guard","article_modified_time":"2026-09-05T15:58:21+00:00","og_image":[{"width":1024,"height":1536,"url":"https:\/\/iwell-guard.com\/wp-content\/uploads\/2026\/04\/goetter_mesopotamien_anu.webp","type":"image\/webp"}],"twitter_card":"summary_large_image","schema":{"@context":"https:\/\/schema.org","@graph":[{"@type":"Article","@id":"https:\/\/iwell-guard.com\/ca\/anu\/#article","isPartOf":{"@id":"https:\/\/iwell-guard.com\/ca\/anu\/"},"author":{"name":"Ralf Ittermann","@id":"https:\/\/iwell-guard.com\/ca\/#\/schema\/person\/ee2a27f1cac3406c7c6fb5820cb7349f"},"headline":"Anu","datePublished":"2026-09-05T15:39:35+00:00","dateModified":"2026-09-05T15:58:21+00:00","mainEntityOfPage":{"@id":"https:\/\/iwell-guard.com\/ca\/anu\/"},"publisher":{"@id":"https:\/\/iwell-guard.com\/ca\/#organization"},"image":{"@id":"https:\/\/iwell-guard.com\/ca\/anu\/#primaryimage"},"thumbnailUrl":"https:\/\/iwell-guard.com\/wp-content\/uploads\/2026\/04\/goetter_mesopotamien_anu.webp","inLanguage":"ca","description":"Anu, d\u00e9u del cel del pante\u00f3 mesopot\u00e0mic. An sumeri, pare dels d\u00e9us: Enuma Elish, Uruk, origen i veneraci\u00f3."},{"@type":"WebPage","@id":"https:\/\/iwell-guard.com\/ca\/anu\/","url":"https:\/\/iwell-guard.com\/ca\/anu\/","name":"Anu \u2013 d\u00e9u del cel del pante\u00f3 mesopot\u00e0mic","isPartOf":{"@id":"https:\/\/iwell-guard.com\/ca\/#website"},"primaryImageOfPage":{"@id":"https:\/\/iwell-guard.com\/ca\/anu\/#primaryimage"},"image":{"@id":"https:\/\/iwell-guard.com\/ca\/anu\/#primaryimage"},"thumbnailUrl":"https:\/\/iwell-guard.com\/wp-content\/uploads\/2026\/04\/goetter_mesopotamien_anu.webp","datePublished":"2026-09-05T15:39:35+00:00","dateModified":"2026-09-05T15:58:21+00:00","description":"Anu, d\u00e9u del cel del pante\u00f3 mesopot\u00e0mic. An sumeri, pare dels d\u00e9us: Enuma Elish, Uruk, origen i veneraci\u00f3.","breadcrumb":{"@id":"https:\/\/iwell-guard.com\/ca\/anu\/#breadcrumb"},"inLanguage":"ca","potentialAction":[{"@type":"ReadAction","target":["https:\/\/iwell-guard.com\/ca\/anu\/"]}]},{"@type":"ImageObject","inLanguage":"ca","@id":"https:\/\/iwell-guard.com\/ca\/anu\/#primaryimage","url":"https:\/\/iwell-guard.com\/wp-content\/uploads\/2026\/04\/goetter_mesopotamien_anu.webp","contentUrl":"https:\/\/iwell-guard.com\/wp-content\/uploads\/2026\/04\/goetter_mesopotamien_anu.webp","width":1024,"height":1536,"caption":"D\u00e9us de la tradici\u00f3 mesopot\u00e0mica."},{"@type":"BreadcrumbList","@id":"https:\/\/iwell-guard.com\/ca\/anu\/#breadcrumb","itemListElement":[{"@type":"ListItem","position":1,"name":"Start","item":"https:\/\/iwell-guard.com\/ca\/?page_id=171333"},{"@type":"ListItem","position":2,"name":"Anu"}]},{"@type":"WebSite","@id":"https:\/\/iwell-guard.com\/ca\/#website","url":"https:\/\/iwell-guard.com\/ca\/","name":"iWell Guard","description":"Schutz vor dunklen Einfl\u00fcssen","publisher":{"@id":"https:\/\/iwell-guard.com\/ca\/#organization"},"potentialAction":[{"@type":"SearchAction","target":{"@type":"EntryPoint","urlTemplate":"https:\/\/iwell-guard.com\/ca\/?s={search_term_string}"},"query-input":{"@type":"PropertyValueSpecification","valueRequired":true,"valueName":"search_term_string"}}],"inLanguage":"ca"},{"@type":"Organization","@id":"https:\/\/iwell-guard.com\/ca\/#organization","name":"Ittermann electronic GmbH","url":"https:\/\/iwell-guard.com\/ca\/","logo":{"@type":"ImageObject","inLanguage":"ca","@id":"https:\/\/iwell-guard.com\/ca\/#\/schema\/logo\/image\/","url":"https:\/\/iwell-guard.com\/wp-content\/uploads\/2026\/05\/Ittermann-Logo-1182x237-1.png","contentUrl":"https:\/\/iwell-guard.com\/wp-content\/uploads\/2026\/05\/Ittermann-Logo-1182x237-1.png","width":1182,"height":237,"caption":"Ittermann electronic GmbH"},"image":{"@id":"https:\/\/iwell-guard.com\/ca\/#\/schema\/logo\/image\/"},"sameAs":["https:\/\/pantip.com\/profile\/9367242","https:\/\/micro.blog\/iwellguard","https:\/\/www.diggerslist.com\/iwellguard\/about","https:\/\/skitterphoto.com\/photographers\/2870314\/iwell-guard","https:\/\/iwellguard.wordpress.com\/2026\/06\/06\/iwell-guard\/","https:\/\/hub.docker.com\/u\/iwellguard","https:\/\/www.pinterest.com\/iwellguard\/","https:\/\/bit.ly\/m\/iwellguard","https:\/\/entre-vos-mains.alsace.eu\/profiles\/iwellguard\/activity","https:\/\/gravatar.com\/reallybeded8fd34","https:\/\/naijamatta.com\/iwellguard","https:\/\/www.goodreads.com\/iwellguard","https:\/\/profile.hatena.ne.jp\/iwellguard\/","https:\/\/experiment.com\/users\/iwellguard","https:\/\/wakelet.com\/@iWellGuard82270","https:\/\/www.chordie.com\/forum\/profile.php?id=2555664","https:\/\/www.instapaper.com\/p\/17757966","https:\/\/www.mapleprimes.com\/users\/iwellguard","https:\/\/businesslistingplus.com\/profile\/iwell-guard\/","https:\/\/telegra.ph\/iWell-Guard-06-06","https:\/\/pbase.com\/iwellguard\/iwellguard","https:\/\/b.hatena.ne.jp\/iwellguard\/20260607#bookmark-4788405196491818882","https:\/\/fliphtml5.com\/home\/iwellguard","https:\/\/anyflip.com\/homepage\/cmiwl#About","https:\/\/transfur.com\/Users\/iwellguard","http:\/\/delphi.larsbo.org\/user\/iwellguard","https:\/\/jobs.lajobsportal.org\/profiles\/8380803-iwell-guard","https:\/\/md.chaosdorf.de\/s\/jfbe5SBdJD","https:\/\/www.lingvolive.com\/en-us\/profile\/9ecaeaca-ce11-4e51-9e71-01d55e2bff36\/translations","https:\/\/www.fitday.com\/fitness\/forums\/members\/iwellguard.html","https:\/\/www.mymeetbook.com\/iwellguard","https:\/\/pxhere.com\/en\/photographer-me\/5040798","https:\/\/disqus.com\/by\/iwellguard\/about\/","https:\/\/pastelink.net\/hjwciqwq","https:\/\/pubhtml5.com\/homepage\/scjhn\/","https:\/\/www.bitchute.com\/channel\/2O2eOKzNqujT","https:\/\/audiomack.com\/iwellguard"]},{"@type":"Person","@id":"https:\/\/iwell-guard.com\/ca\/#\/schema\/person\/ee2a27f1cac3406c7c6fb5820cb7349f","name":"Ralf Ittermann","image":{"@type":"ImageObject","inLanguage":"ca","@id":"https:\/\/secure.gravatar.com\/avatar\/073c0153e350a5005b68eb752b445fea71f6b24a26da9449ad7e155e6b446c9d?s=96&d=mm&r=g","url":"https:\/\/secure.gravatar.com\/avatar\/073c0153e350a5005b68eb752b445fea71f6b24a26da9449ad7e155e6b446c9d?s=96&d=mm&r=g","contentUrl":"https:\/\/secure.gravatar.com\/avatar\/073c0153e350a5005b68eb752b445fea71f6b24a26da9449ad7e155e6b446c9d?s=96&d=mm&r=g","caption":"Ralf Ittermann"},"givenName":"Ralf","familyName":"Ittermann","jobTitle":"Gesch\u00e4ftsf\u00fchrer und redaktioneller Verantwortlicher","url":"https:\/\/iwell-guard.com\/ca\/author\/claude\/","description":"Ralf Ittermann ist Gesch\u00e4ftsf\u00fchrer der Ittermann electronic GmbH und redaktioneller Verantwortlicher des iWell-Guard-Lexikons. Er verbindet langj\u00e4hrige Erfahrung in der Pr\u00e4zisionsfertigung mit medialer Praxis und religionsgeschichtlicher Quellenarbeit.","worksFor":{"@type":"Organization","name":"Ittermann electronic GmbH","url":"https:\/\/ittermann.de\/","address":{"@type":"PostalAddress","streetAddress":"K\u00f6hlergasse 16-18","postalCode":"99842","addressLocality":"Ruhla","addressCountry":"DE"}},"knowsAbout":["Religionsgeschichte","Mythologie","Mediale Praxis","Energetische Diagnostik","Schutzpraxis","Volksglauben","Westliche Esoterik"]},{"@type":"Article","@id":"https:\/\/iwell-guard.com\/ca\/anu\/#article","isPartOf":{"@id":"https:\/\/iwell-guard.com\/ca\/anu\/"},"author":{"name":"Ralf Ittermann","@id":"https:\/\/iwell-guard.com\/ca\/#\/schema\/person\/ee2a27f1cac3406c7c6fb5820cb7349f"},"headline":"Anu","datePublished":"2026-09-05T15:39:35+00:00","dateModified":"2026-09-05T15:58:21+00:00","mainEntityOfPage":{"@id":"https:\/\/iwell-guard.com\/ca\/anu\/"},"publisher":{"@id":"https:\/\/iwell-guard.com\/ca\/#organization"},"image":{"@id":"https:\/\/iwell-guard.com\/ca\/anu\/#primaryimage"},"thumbnailUrl":"https:\/\/iwell-guard.com\/wp-content\/uploads\/2026\/04\/goetter_mesopotamien_anu.webp","inLanguage":"ca","description":"Anu, d\u00e9u del cel del pante\u00f3 mesopot\u00e0mic. An sumeri, pare dels d\u00e9us: Enuma Elish, Uruk, origen i veneraci\u00f3."}]}},"_links":{"self":[{"href":"https:\/\/iwell-guard.com\/ca\/wp-json\/wp\/v2\/pages\/171463","targetHints":{"allow":["GET"]}}],"collection":[{"href":"https:\/\/iwell-guard.com\/ca\/wp-json\/wp\/v2\/pages"}],"about":[{"href":"https:\/\/iwell-guard.com\/ca\/wp-json\/wp\/v2\/types\/page"}],"author":[{"embeddable":true,"href":"https:\/\/iwell-guard.com\/ca\/wp-json\/wp\/v2\/users\/3"}],"replies":[{"embeddable":true,"href":"https:\/\/iwell-guard.com\/ca\/wp-json\/wp\/v2\/comments?post=171463"}],"version-history":[{"count":0,"href":"https:\/\/iwell-guard.com\/ca\/wp-json\/wp\/v2\/pages\/171463\/revisions"}],"wp:featuredmedia":[{"embeddable":true,"href":"https:\/\/iwell-guard.com\/ca\/wp-json\/wp\/v2\/media\/1755"}],"wp:attachment":[{"href":"https:\/\/iwell-guard.com\/ca\/wp-json\/wp\/v2\/media?parent=171463"}],"wp:term":[{"taxonomy":"category","embeddable":true,"href":"https:\/\/iwell-guard.com\/ca\/wp-json\/wp\/v2\/categories?post=171463"}],"curies":[{"name":"wp","href":"https:\/\/api.w.org\/{rel}","templated":true}]}}