{"id":171456,"date":"2026-09-05T15:39:32","date_gmt":"2026-09-05T15:39:32","guid":{"rendered":"https:\/\/iwell-guard.com\/?page_id=171456"},"modified":"2026-09-05T15:58:12","modified_gmt":"2026-09-05T15:58:12","slug":"esperits-venjatius","status":"publish","type":"page","link":"https:\/\/iwell-guard.com\/ca\/esperits-venjatius\/","title":{"rendered":"Esperits venjatius"},"content":{"rendered":"\t\t<div data-elementor-type=\"wp-page\" data-elementor-id=\"171456\" class=\"elementor elementor-171456 elementor-1817 elementor-bc-flex-widget\" data-elementor-post-type=\"page\">\n\t\t\t\t<div class=\"elementor-element elementor-element-10fdade e-flex e-con-boxed e-con e-parent\" data-id=\"10fdade\" data-element_type=\"container\" data-e-type=\"container\" data-settings=\"{&quot;background_background&quot;:&quot;classic&quot;}\">\n\t\t\t\t\t<div class=\"e-con-inner\">\n\t\t<div class=\"elementor-element elementor-element-herohlft0 e-flex e-con-boxed e-con e-child\" data-id=\"herohlft0\" data-element_type=\"container\" data-e-type=\"container\">\n\t\t\t\t\t<div class=\"e-con-inner\">\n\t\t<div class=\"elementor-element elementor-element-c3ceb64 e-con-full e-flex e-con e-child\" data-id=\"c3ceb64\" data-element_type=\"container\" data-e-type=\"container\">\n\t\t\t\t<div class=\"elementor-element elementor-element-96ae5e1 elementor-widget elementor-widget-heading\" data-id=\"96ae5e1\" data-element_type=\"widget\" data-e-type=\"widget\" data-widget_type=\"heading.default\">\n\t\t\t\t\t<h1 class=\"elementor-heading-title elementor-size-default\">Rachegeister, venjan\u00e7a des de l'ultratomba<\/h1>\t\t\t\t<\/div>\n\t\t\t\t<div class=\"elementor-element elementor-element-e45238a elementor-widget elementor-widget-text-editor\" data-id=\"e45238a\" data-element_type=\"widget\" data-e-type=\"widget\" data-widget_type=\"text-editor.default\">\n\t\t\t\t\t\t\t\t\t<p>Esperits que busquen venjan\u00e7a per crims no expiats. Er\u00ednies, Kikimora, Onryo, \u00e9ssers de la culpa no resolta a trav\u00e9s de les cultures.<\/p><p>Des de l&#8217;ultratomba, els Rachegeister apareixen per venjar-se de la injust\u00edcia patida.<\/p>\t\t\t\t\t\t\t\t<\/div>\n\t\t\t\t<\/div>\n\t\t<div class=\"elementor-element elementor-element-klsbdg01 e-con-full e-flex e-con e-parent\" data-id=\"klsbdg01\" data-element_type=\"container\" data-e-type=\"container\">\n\t\t\t\t<div class=\"elementor-element elementor-element-klshtm01 elementor-widget elementor-widget-html\" data-id=\"klshtm01\" data-element_type=\"widget\" data-e-type=\"widget\" data-widget_type=\"html.default\">\n\t\t\t\t\t<div class=\"iwg-pill-row\"><span class=\"iwg-klasse-badge\" tabindex=\"0\" data-tooltip=\"Visi\u00f3 general tem\u00e0tica: p\u00e0gina de refer\u00e8ncia amb perspectiva comparativa sobre una funci\u00f3 transversal dels \u00e9ssers (alts d\u00e9us, missatgers dels morts, esperits de l'aigua, etc.), a trav\u00e9s de diverses cultures.\">Visi\u00f3 general tem\u00e0tica<\/span><span class=\"iwg-kultur-badge\" tabindex=\"0\" data-tooltip=\"Fenomen transcultural, documentat en diverses cultures amb estructures relacionades.\">Transversal<\/span><\/div>\t\t\t\t<\/div>\n\t\t\t\t<\/div>\n\t\t<div class=\"elementor-element elementor-element-3f74855 e-con-full e-flex e-con e-child\" data-id=\"3f74855\" data-element_type=\"container\" data-e-type=\"container\">\n\t\t\t\t<div class=\"elementor-element elementor-element-1c30362 elementor-toc--minimized-on-tablet elementor-widget elementor-widget-table-of-contents\" data-id=\"1c30362\" data-element_type=\"widget\" data-e-type=\"widget\" data-settings=\"{&quot;exclude_headings_by_selector&quot;:[],&quot;no_headings_message&quot;:&quot;No s&#039;ha trobat cap encap\\u00e7alament en aquesta p\\u00e0gina.&quot;,&quot;headings_by_tags&quot;:[&quot;h2&quot;,&quot;h3&quot;],&quot;marker_view&quot;:&quot;bullets&quot;,&quot;minimize_box&quot;:&quot;yes&quot;,&quot;icon&quot;:{&quot;value&quot;:&quot;fas fa-circle&quot;,&quot;library&quot;:&quot;fa-solid&quot;,&quot;rendered_tag&quot;:&quot;&lt;svg class=\\&quot;e-font-icon-svg e-fas-circle\\&quot; viewBox=\\&quot;0 0 512 512\\&quot; xmlns=\\&quot;http:\\\/\\\/www.w3.org\\\/2000\\\/svg\\&quot;&gt;&lt;path d=\\&quot;M256 8C119 8 8 119 8 256s111 248 248 248 248-111 248-248S393 8 256 8z\\&quot;&gt;&lt;\\\/path&gt;&lt;\\\/svg&gt;&quot;},&quot;minimized_on&quot;:&quot;tablet&quot;,&quot;hierarchical_view&quot;:&quot;yes&quot;,&quot;min_height&quot;:{&quot;unit&quot;:&quot;px&quot;,&quot;size&quot;:&quot;&quot;,&quot;sizes&quot;:[]},&quot;min_height_tablet&quot;:{&quot;unit&quot;:&quot;px&quot;,&quot;size&quot;:&quot;&quot;,&quot;sizes&quot;:[]},&quot;min_height_mobile&quot;:{&quot;unit&quot;:&quot;px&quot;,&quot;size&quot;:&quot;&quot;,&quot;sizes&quot;:[]}}\" data-widget_type=\"table-of-contents.default\">\n\t\t\t\t\t\t\t\t\t<div class=\"elementor-toc__header\">\n\t\t\t\t\t\t<h2 class=\"elementor-toc__header-title\">\n\t\t\t\t\u00cdndex\t\t\t<\/h2>\n\t\t\t\t\t\t\t\t\t\t<div class=\"elementor-toc__toggle-button elementor-toc__toggle-button--expand\" role=\"button\" tabindex=\"0\" aria-controls=\"elementor-toc__1c30362\" aria-expanded=\"true\" aria-label=\"Open table of contents\"><svg aria-hidden=\"true\" class=\"e-font-icon-svg e-fas-chevron-down\" viewBox=\"0 0 448 512\" xmlns=\"http:\/\/www.w3.org\/2000\/svg\"><path d=\"M207.029 381.476L12.686 187.132c-9.373-9.373-9.373-24.569 0-33.941l22.667-22.667c9.357-9.357 24.522-9.375 33.901-.04L224 284.505l154.745-154.021c9.379-9.335 24.544-9.317 33.901.04l22.667 22.667c9.373 9.373 9.373 24.569 0 33.941L240.971 381.476c-9.373 9.372-24.569 9.372-33.942 0z\"><\/path><\/svg><\/div>\n\t\t\t\t<div class=\"elementor-toc__toggle-button elementor-toc__toggle-button--collapse\" role=\"button\" tabindex=\"0\" aria-controls=\"elementor-toc__1c30362\" aria-expanded=\"true\" aria-label=\"Close table of contents\"><svg aria-hidden=\"true\" class=\"e-font-icon-svg e-fas-chevron-up\" viewBox=\"0 0 448 512\" xmlns=\"http:\/\/www.w3.org\/2000\/svg\"><path d=\"M240.971 130.524l194.343 194.343c9.373 9.373 9.373 24.569 0 33.941l-22.667 22.667c-9.357 9.357-24.522 9.375-33.901.04L224 227.495 69.255 381.516c-9.379 9.335-24.544 9.317-33.901-.04l-22.667-22.667c-9.373-9.373-9.373-24.569 0-33.941L207.03 130.525c9.372-9.373 24.568-9.373 33.941-.001z\"><\/path><\/svg><\/div>\n\t\t\t\t\t<\/div>\n\t\t\t\t<div id=\"elementor-toc__1c30362\" class=\"elementor-toc__body\">\n\t\t\t<div class=\"elementor-toc__spinner-container\">\n\t\t\t\t<svg class=\"elementor-toc__spinner eicon-animation-spin e-font-icon-svg e-eicon-loading\" aria-hidden=\"true\" viewBox=\"0 0 1000 1000\" xmlns=\"http:\/\/www.w3.org\/2000\/svg\"><path d=\"M500 975V858C696 858 858 696 858 500S696 142 500 142 142 304 142 500H25C25 237 238 25 500 25S975 237 975 500 763 975 500 975Z\"><\/path><\/svg>\t\t\t<\/div>\n\t\t<\/div>\n\t\t\t\t\t\t<\/div>\n\t\t\t\t<\/div>\n\t\t\t\t\t<\/div>\n\t\t\t\t<\/div>\n\t\t<div class=\"elementor-element elementor-element-herorght0 e-con-full e-flex e-con e-child\" data-id=\"herorght0\" data-element_type=\"container\" data-e-type=\"container\">\n\t\t\t\t<div class=\"elementor-element elementor-element-heroimg00 iwg-hero-image elementor-widget elementor-widget-image\" data-id=\"heroimg00\" data-element_type=\"widget\" data-e-type=\"widget\" data-widget_type=\"image.default\">\n\t\t\t\t\t\t\t\t\t\t\t\t\t\t\t<img fetchpriority=\"high\" decoding=\"async\" width=\"683\" height=\"1024\" src=\"https:\/\/iwell-guard.com\/wp-content\/uploads\/2026\/04\/geister_sub_rachegeister-683x1024.webp\" class=\"attachment-large size-large wp-image-1845\" alt=\"Rachegeister - kulturuebergreifende Sammelillustration der Geister-Sub-Kategorie\" srcset=\"https:\/\/iwell-guard.com\/wp-content\/uploads\/2026\/04\/geister_sub_rachegeister-683x1024.webp 683w, https:\/\/iwell-guard.com\/wp-content\/uploads\/2026\/04\/geister_sub_rachegeister-200x300.webp 200w, https:\/\/iwell-guard.com\/wp-content\/uploads\/2026\/04\/geister_sub_rachegeister-768x1152.webp 768w, https:\/\/iwell-guard.com\/wp-content\/uploads\/2026\/04\/geister_sub_rachegeister.webp 1024w\" sizes=\"(max-width: 683px) 100vw, 683px\" \/>\t\t\t\t\t\t\t\t\t\t\t\t\t\t\t<\/div>\n\t\t\t\t<\/div>\n\t\t\t\t\t<\/div>\n\t\t\t\t<\/div>\n\t\t<div class=\"elementor-element elementor-element-wmd-s1 e-con-boxed e-flex e-con e-parent\" data-id=\"wmd-s1\" data-element_type=\"container\" data-e-type=\"container\">\n\t\t\t\t\t<div class=\"e-con-inner\">\n\t\t\t\t<div class=\"elementor-element elementor-element-wmd-h1 elementor-widget elementor-widget-heading\" data-id=\"wmd-h1\" data-element_type=\"widget\" data-e-type=\"widget\" data-widget_type=\"heading.default\">\n\t\t\t\t\t<h2 class=\"elementor-heading-title elementor-size-default\">Resum r\u00e0pid (llista de definicions)<\/h2>\t\t\t\t<\/div>\n\t\t<div class=\"elementor-element elementor-element-wmd-s1-bw e-flex e-con-boxed e-con e-parent\" data-id=\"wmd-s1-bw\" data-element_type=\"container\" data-e-type=\"container\" data-settings=\"{&quot;background_background&quot;:&quot;classic&quot;}\">\n\t\t\t\t\t<div class=\"e-con-inner\">\n\t\t\t\t<div class=\"elementor-element elementor-element-wmd-t1 elementor-widget elementor-widget-text-editor\" data-id=\"wmd-t1\" data-element_type=\"widget\" data-e-type=\"widget\" data-widget_type=\"text-editor.default\">\n\t\t\t\t\t\t\t\t\t<p><strong>Tipus:<\/strong> <span class=\"iwg-fachbegriff\" data-tooltip=\"Un \u00e9sser incorpori al qual s'atribueix efecte en el m\u00f3n.\" tabindex=\"0\">Esperit<\/span> \/ <span class=\"iwg-fachbegriff\" data-tooltip=\"\u00c9sser espiritual al qual s'atribueix un efecte perjudicial o ambivalent.\" tabindex=\"0\">Dimoni<\/span> Classe: Rachegeister Difusi\u00f3: Transcultural (<span class=\"iwg-fachbegriff\" data-tooltip=\"\u00c8poca de la cultura grega i romana, des d'aproximadament el 800 aC fins al 600 dC.\" tabindex=\"0\">Antiguitat<\/span>, Edat Mitjana, <span class=\"iwg-fachbegriff\" data-tooltip=\"La cultura popular transmesa amb costums, relats i can\u00e7ons.\" tabindex=\"0\">folklore<\/span> modern) Trets principals: intenci\u00f3 de venjan\u00e7a, intensitat emocional, comportament persecutori, sovint femen\u00ed o col\u00b7lectiu Subcategories relacionades: esperits dels morts, Rachegeister (classe pr\u00f2pia), aparicions<\/p>\t\t\t\t\t\t\t\t<\/div>\n\t\t\t\t\t<\/div>\n\t\t\t\t<\/div>\n\t\t\t\t\t<\/div>\n\t\t\t\t<\/div>\n\t\t<div class=\"elementor-element elementor-element-wmd-s2 e-con-boxed e-flex e-con e-parent\" data-id=\"wmd-s2\" data-element_type=\"container\" data-e-type=\"container\">\n\t\t\t\t\t<div class=\"e-con-inner\">\n\t\t\t\t<div class=\"elementor-element elementor-element-wmd-h2 elementor-widget elementor-widget-heading\" data-id=\"wmd-h2\" data-element_type=\"widget\" data-e-type=\"widget\" data-widget_type=\"heading.default\">\n\t\t\t\t\t<h2 class=\"elementor-heading-title elementor-size-default\">Terme i delimitaci\u00f3<\/h2>\t\t\t\t<\/div>\n\t\t<div class=\"elementor-element elementor-element-wmd-s2-bw e-flex e-con-boxed e-con e-parent\" data-id=\"wmd-s2-bw\" data-element_type=\"container\" data-e-type=\"container\" data-settings=\"{&quot;background_background&quot;:&quot;classic&quot;}\">\n\t\t\t\t\t<div class=\"e-con-inner\">\n\t\t\t\t<div class=\"elementor-element elementor-element-wmd-t2 elementor-widget elementor-widget-text-editor\" data-id=\"wmd-t2\" data-element_type=\"widget\" data-e-type=\"widget\" data-widget_type=\"text-editor.default\">\n\t\t\t\t\t\t\t\t\t<p>Els Rachegeister es diferencien dels simples esperits dels morts pel fet que actuen amb una intenci\u00f3 expl\u00edcita de venjan\u00e7a. Mentre que un esperit dels morts pot estar conf\u00fas o simplement no poder marxar, un Rachegeist persegueix deliberadament el seu objectiu.<\/p><p>En el sentit cl\u00e0ssic, els Rachegeister solen ser tamb\u00e9 m\u00e9s forts i perillosos: tenen el poder de causar accidents, portar malalties o fins i tot matar. No es poden calmar amb simples rituals d&#8217;apaivagament; cal una veritable just\u00edcia o un vincle m\u00e0gic m\u00e9s definit.<\/p><div><h3>Er\u00ednies gregues i Dirae romanes: venjadores c\u00f2smiques<\/h3><p>Les <em>Er\u00ednies<\/em> (tamb\u00e9 anomenades F\u00faries) no eren, en la religiositat de la Gr\u00e8cia antiga, figures d&#8217;arbitrarietat demon\u00edaca, sin\u00f3 forces c\u00f2smiques de just\u00edcia. Perseguien els assassins i els que trencaven un <span class=\"iwg-fachbegriff\" data-tooltip=\"F\u00f3rmula verbal amb la qual es vol infligir dany a una persona o cosa.\" tabindex=\"0\">malefici<\/span> al llarg de generacions, no per maldat, sin\u00f3 per necessitat metaf\u00edsica: l&#8217;univers no tolera certs crims, i les Er\u00ednies s\u00f3n el bra\u00e7 executor d&#8217;aquest ordre.<\/p><p>La trilogia <em>Orest\u00edada<\/em> d&#8217;\u00c8squil mostra aquest proc\u00e9s: Orestes mata la seva mare Clitemnestra per venjar el seu pare, per\u00f2 \u00e9s perseguit per les Er\u00ednies; nom\u00e9s mitjan\u00e7ant la intervenci\u00f3 d&#8217;Atena i un judici s&#8217;apaivaguen i es converteixen en for\u00e7a protectora de la ciutat.<\/p><p>Les <em>Dirae<\/em> romanes (deesses del <span class=\"iwg-fachbegriff\" data-tooltip=\"F\u00f3rmula verbal amb la qual es vol infligir dany a una persona o cosa.\" tabindex=\"0\">malefici<\/span>) funcionaven de manera similar. Ambdues tradicions mostren que els Rachegeister no s\u00f3n malignes, sin\u00f3 l&#8217;encarnaci\u00f3 del karma o de l&#8217;equilibri div\u00ed.<\/p><\/div>\t\t\t\t\t\t\t\t<\/div>\n\t\t\t\t\t<\/div>\n\t\t\t\t<\/div>\n\t\t\t\t\t<\/div>\n\t\t\t\t<\/div>\n\t\t<div class=\"elementor-element elementor-element-wmd-s3 e-con-boxed e-flex e-con e-parent\" data-id=\"wmd-s3\" data-element_type=\"container\" data-e-type=\"container\">\n\t\t\t\t\t<div class=\"e-con-inner\">\n\t\t\t\t<div class=\"elementor-element elementor-element-wmd-h3 elementor-widget elementor-widget-heading\" data-id=\"wmd-h3\" data-element_type=\"widget\" data-e-type=\"widget\" data-widget_type=\"heading.default\">\n\t\t\t\t\t<h2 class=\"elementor-heading-title elementor-size-default\">Exemples culturohist\u00f2rics<\/h2>\t\t\t\t<\/div>\n\t\t<div class=\"elementor-element elementor-element-wmd-s3-bw e-flex e-con-boxed e-con e-parent\" data-id=\"wmd-s3-bw\" data-element_type=\"container\" data-e-type=\"container\" data-settings=\"{&quot;background_background&quot;:&quot;classic&quot;}\">\n\t\t\t\t\t<div class=\"e-con-inner\">\n\t\t\t\t<div class=\"elementor-element elementor-element-wmd-t3 elementor-widget elementor-widget-text-editor\" data-id=\"wmd-t3\" data-element_type=\"widget\" data-e-type=\"widget\" data-widget_type=\"text-editor.default\">\n\t\t\t\t\t\t\t\t\t<p>Les <em>Er\u00ednies<\/em> gregues antigues (llat\u00ed: <em>F\u00faries<\/em>) s\u00f3n esperits venjatius col\u00b7lectius amb autoritat c\u00f2smica que persegueixen els assassins, especialment els matricides, sense pietat al llarg de generacions. La trag\u00e8dia de l&#8217;<em>Orest\u00edada<\/em> mostra les Er\u00ednies com implacables, sorolloses i aclaparadores. A l&#8217;antiga Roma, les <em>Dirae<\/em> eren agents sobrenaturals de venjan\u00e7a similars.<\/p><p>En el <span class=\"iwg-fachbegriff\" data-tooltip=\"La cultura popular transmesa amb costums, relats i can\u00e7ons.\" tabindex=\"0\">folklore<\/span> japon\u00e8s, l&#8217;<em>Onryo<\/em> (<span class=\"iwg-fachbegriff\" data-tooltip=\"Un \u00e9sser incorpori al qual s'atribueix efecte en el m\u00f3n.\" tabindex=\"0\">esperit<\/span> venjatiu) encarna la forma m\u00e9s extrema: una dona greument ofesa que, despr\u00e9s de la seva mort, assetja sistem\u00e0ticament i amb for\u00e7a sobrenatural els seus causants: malaltia, bogeria, accidents. Les hist\u00f2ries d&#8217;<em>Onryo<\/em> travessen el teatre kabuki i la literatura cl\u00e0ssica.<\/p><p>En el context germ\u00e0nic hi ha relats d&#8217;esperits dels morts que venjen un assassinat apareixent repetidament davant un tribunal i assenyalant el seu c\u00e0stig. A l&#8217;Europa medieval es van trobar esquelets emmurallats amb \u00abmalediccions de venjan\u00e7a\u00bb, restes humanes com a vincle m\u00e0gic. A Hait\u00ed i en el context vod\u00fa, els <em>Zombi<\/em> o esperits invocats poden utilitzar-se com a eines de venjan\u00e7a contra els enemics.<\/p><div><h3>L\u00ednies tradicionals de l&#8217;\u00c0sia oriental: l&#8217;Onryo japon\u00e8s i el Cheonyeo-gwishin core\u00e0<\/h3><p>En el budisme i el xintoisme de l&#8217;\u00c0sia oriental van sorgir conceptes similars. L&#8217;<em>Onryo<\/em> japon\u00e8s (esperits venjatius demon\u00edacs) s\u00f3n persones que van morir massa d&#8217;hora o de manera violenta i van emportar-se la seva ira.<\/p><p>Un Onryo fam\u00f3s \u00e9s Sugawara no Michizane, un erudit perseguit injustament que, despr\u00e9s de la seva mort, va causar cat\u00e0strofes fins que es va erigir un <span class=\"iwg-fachbegriff\" data-tooltip=\"Un petit lloc sagrat de cust\u00f2dia o devoci\u00f3.\" tabindex=\"0\">santuari<\/span> per donar-li satisfacci\u00f3.<\/p><p>De manera similar, el <em>Cheonyeo-gwishin<\/em> core\u00e0, l&#8217;<span class=\"iwg-fachbegriff\" data-tooltip=\"Un \u00e9sser incorpori al qual s'atribueix efecte en el m\u00f3n.\" tabindex=\"0\">esperit<\/span> d&#8217;una dona morta jove (especialment si va ser per assassinat), es venja i porta desgr\u00e0cia. Aquests esperits no es poden exorcitzar f\u00e0cilment; la seva integraci\u00f3 requereix recon\u00e8ixer la injust\u00edcia patida i un apaivagament ritual. Aquesta pr\u00e0ctica mostra que els Rachegeister representen, en termes psicol\u00f2gics, energia traum\u00e0tica no resolta.<\/p><\/div>\t\t\t\t\t\t\t\t<\/div>\n\t\t\t\t\t<\/div>\n\t\t\t\t<\/div>\n\t\t\t\t\t<\/div>\n\t\t\t\t<\/div>\n\t\t<div class=\"elementor-element elementor-element-wmd-s4 e-con-boxed e-flex e-con e-parent\" data-id=\"wmd-s4\" data-element_type=\"container\" data-e-type=\"container\">\n\t\t\t\t\t<div class=\"e-con-inner\">\n\t\t\t\t<div class=\"elementor-element elementor-element-wmd-h4 elementor-widget elementor-widget-heading\" data-id=\"wmd-h4\" data-element_type=\"widget\" data-e-type=\"widget\" data-widget_type=\"heading.default\">\n\t\t\t\t\t<h2 class=\"elementor-heading-title elementor-size-default\">Estat de les fonts<\/h2>\t\t\t\t<\/div>\n\t\t<div class=\"elementor-element elementor-element-wmd-s4-bw e-flex e-con-boxed e-con e-parent\" data-id=\"wmd-s4-bw\" data-element_type=\"container\" data-e-type=\"container\" data-settings=\"{&quot;background_background&quot;:&quot;classic&quot;}\">\n\t\t\t\t\t<div class=\"e-con-inner\">\n\t\t\t\t<div class=\"elementor-element elementor-element-wmd-t4 elementor-widget elementor-widget-text-editor\" data-id=\"wmd-t4\" data-element_type=\"widget\" data-e-type=\"widget\" data-widget_type=\"text-editor.default\">\n\t\t\t\t\t\t\t\t\t<p>Els esperits venjatius estan documentats en la literatura cl\u00e0ssica (trag\u00e8dia grega, literatura romana), en els cl\u00e0ssics japonesos, en cr\u00f2niques medievals i en col\u00b7leccions de folklore. Psicol\u00f2gicament, les narratives d&#8217;esperits venjatius s&#8217;interpreten sovint com a externalitzaci\u00f3 de sentiments de culpa o com a justificacions col\u00b7lectives de desgr\u00e0cies (aquest poble va ser male\u00eft perqu\u00e8 va cometre un assassinat).<\/p><div><h3>Venjan\u00e7a c\u00f2smica versus venjan\u00e7a personal: distinci\u00f3 i q\u00fcestions \u00e8tiques<\/h3><p>Un <span class=\"iwg-fachbegriff\" data-tooltip=\"Un \u00e9sser incorpori al qual s'atribueix una acci\u00f3 en el m\u00f3n.\" tabindex=\"0\">esperit<\/span> venjatiu es diferencia d&#8217;un simple <span class=\"iwg-fachbegriff\" data-tooltip=\"\u00c9sser espiritual al qual s'atribueix una acci\u00f3 perjudicial o ambivalent.\" tabindex=\"0\">dimoni<\/span> maligne per la seva motivaci\u00f3: un <span class=\"iwg-fachbegriff\" data-tooltip=\"\u00c9sser espiritual al qual s'atribueix una acci\u00f3 perjudicial o ambivalent.\" tabindex=\"0\">dimoni<\/span> \u00e9s nihilistament destructiu, mentre que un <span class=\"iwg-fachbegriff\" data-tooltip=\"Un \u00e9sser incorpori al qual s'atribueix una acci\u00f3 en el m\u00f3n.\" tabindex=\"0\">esperit<\/span> venjatiu executa una l\u00f2gica de culpa.<\/p><p>Aix\u00f2 planteja q\u00fcestions \u00e8tiques: \u00e9s la venjan\u00e7a una just\u00edcia leg\u00edtima o una perpetuaci\u00f3 del cicle? Els tr\u00e0gics grecs eren pessimistes (l&#8217;<em>Oresteia<\/em> mostra que nom\u00e9s la intervenci\u00f3 divina pot trencar els cicles de venjan\u00e7a), mentre que les tradicions budistes emfasitzen la compassi\u00f3 (fins i tot l&#8217;<span class=\"iwg-fachbegriff\" data-tooltip=\"Un \u00e9sser incorpori al qual s'atribueix una acci\u00f3 en el m\u00f3n.\" tabindex=\"0\">esperit<\/span> venjatiu pot ser alliberat mitjan\u00e7ant l&#8217;ensenyament del <span class=\"iwg-fachbegriff\" data-tooltip=\"En les religions \u00edndies, la doctrina i l'ordre correcte de l'acci\u00f3.\" tabindex=\"0\">Dharma<\/span>).<\/p><p>El pensament psicol\u00f2gic modern interpreta els esperits venjatius com a sentiments de culpa externalitzats: la <span class=\"iwg-fachbegriff\" data-tooltip=\"Ofrena a una divinitat per expressar gratitud, petici\u00f3 o veneraci\u00f3.\" tabindex=\"0\">v\u00edctima<\/span> es converteix en agressor, i la venjan\u00e7a encarna una culpa inconscient.<\/p><p>Aquesta reinterpretaci\u00f3 emfasitza la curaci\u00f3 per sobre de la repres\u00e0lia. Vegeu tamb\u00e9 <a href=\"https:\/\/iwell-guard.com\/ca\/erinies\/\">Er\u00ednies<\/a>.<\/p><\/div>\t\t\t\t\t\t\t\t<\/div>\n\t\t\t\t\t<\/div>\n\t\t\t\t<\/div>\n\t\t\t\t\t<\/div>\n\t\t\t\t<\/div>\n\t\t<div class=\"elementor-element elementor-element-wmd-s5 e-con-boxed e-flex e-con e-parent\" data-id=\"wmd-s5\" data-element_type=\"container\" data-e-type=\"container\">\n\t\t\t\t\t<div class=\"e-con-inner\">\n\t\t\t\t<div class=\"elementor-element elementor-element-wmd-h5 elementor-widget elementor-widget-heading\" data-id=\"wmd-h5\" data-element_type=\"widget\" data-e-type=\"widget\" data-widget_type=\"heading.default\">\n\t\t\t\t\t<h2 class=\"elementor-heading-title elementor-size-default\">Significat actual \/ \u00c9ssers relacionats<\/h2>\t\t\t\t<\/div>\n\t\t<div class=\"elementor-element elementor-element-wmd-s5-bw e-flex e-con-boxed e-con e-parent\" data-id=\"wmd-s5-bw\" data-element_type=\"container\" data-e-type=\"container\" data-settings=\"{&quot;background_background&quot;:&quot;classic&quot;}\">\n\t\t\t\t\t<div class=\"e-con-inner\">\n\t\t\t\t<div class=\"elementor-element elementor-element-wmd-t5 elementor-widget elementor-widget-text-editor\" data-id=\"wmd-t5\" data-element_type=\"widget\" data-e-type=\"widget\" data-widget_type=\"text-editor.default\">\n\t\t\t\t\t\t\t\t\t<p>Els arquetips d&#8217;esperits venjatius dominen el cinema i la literatura de terror moderns: el <span class=\"iwg-fachbegriff\" data-tooltip=\"Un element de contingut recurrent en l'art o la narrativa.\" tabindex=\"0\">motiu<\/span> de la \u00abdama blanca\u00bb o \u00abdona en blanc\u00bb en llocs d&#8217;accidents sovint \u00e9s una narrativa d&#8217;esperit venjatiu.<\/p><p>La investigaci\u00f3 paranormal documenta regularment hist\u00f2ries de persones que pateixen accidents o malalties inexplicables despr\u00e9s de trencar un tab\u00fa o ferir alg\u00fa, una activaci\u00f3 moderna de la creen\u00e7a en els esperits venjatius. Els fen\u00f2mens de <em>poltergeist<\/em> s&#8217;expliquen sovint amb impulsos venjatius inconscients. \u00c9ssers relacionats s\u00f3n els <em>esperits dels morts<\/em> (sense intenci\u00f3 venjativa) i els <em>dimonis<\/em>, que causen dany de manera deliberada per\u00f2 sense un greuge personal.<\/p>\t\t\t\t\t\t\t\t<\/div>\n\t\t\t\t\t<\/div>\n\t\t\t\t<\/div>\n\t\t\t\t\t<\/div>\n\t\t\t\t<\/div>\n\t\t<div class=\"elementor-element elementor-element-85b2bbe e-con-boxed e-flex e-con e-parent\" data-id=\"85b2bbe\" data-element_type=\"container\" data-e-type=\"container\">\n\t\t\t\t\t<div class=\"e-con-inner\">\n\t\t\t\t<div class=\"elementor-element elementor-element-7e69c88 elementor-widget elementor-widget-heading\" data-id=\"7e69c88\" data-element_type=\"widget\" data-e-type=\"widget\" data-widget_type=\"heading.default\">\n\t\t\t\t\t<h2 class=\"elementor-heading-title elementor-size-default\">Aprofundiment<\/h2>\t\t\t\t<\/div>\n\t\t\t\t<div class=\"elementor-element elementor-element-91ceda9 elementor-widget elementor-widget-heading\" data-id=\"91ceda9\" data-element_type=\"widget\" data-e-type=\"widget\" data-widget_type=\"heading.default\">\n\t\t\t\t\t<h3 class=\"elementor-heading-title elementor-size-default\">Tipologia de l'acte venjatiu<\/h3>\t\t\t\t<\/div>\n\t\t<div class=\"elementor-element elementor-element-bw-e7365a2-2ac5ed4 e-flex e-con-boxed e-con e-parent\" data-id=\"bw-e7365a2-2ac5ed4\" data-element_type=\"container\" data-e-type=\"container\" data-settings=\"{&quot;background_background&quot;:&quot;classic&quot;}\">\n\t\t\t\t\t<div class=\"e-con-inner\">\n\t\t\t\t<div class=\"elementor-element elementor-element-e7365a2 elementor-widget elementor-widget-text-editor\" data-id=\"e7365a2\" data-element_type=\"widget\" data-e-type=\"widget\" data-widget_type=\"text-editor.default\">\n\t\t\t\t\t\t\t\t\t<p>Els esperits venjatius formen una categoria pr\u00f2pia entre els morts inquiets. Es diferencien de les aparicions espectrals ordin\u00e0ries per la seva agressivitat <em>dirigida<\/em>: la seva acci\u00f3 es focalitza en persones o fam\u00edlies concretes, sovint durant generacions.<\/p><p>Exemples cl\u00e0ssics s\u00f3n les Er\u00ednies gregues, que es venjen dels crims de sang comesos dins del propi llinatge, i els Onry\u014d japonesos, majorit\u00e0riament dones que van patir una injust\u00edcia en vida i que despr\u00e9s de la mort busquen una venjan\u00e7a sistem\u00e0tica.<\/p>\t\t\t\t\t\t\t\t<\/div>\n\t\t\t\t\t<\/div>\n\t\t\t\t<\/div>\n\t\t\t\t<div class=\"elementor-element elementor-element-bb1a88e elementor-widget elementor-widget-heading\" data-id=\"bb1a88e\" data-element_type=\"widget\" data-e-type=\"widget\" data-widget_type=\"heading.default\">\n\t\t\t\t\t<h3 class=\"elementor-heading-title elementor-size-default\">Funci\u00f3 mitol\u00f2gica i jur\u00eddica<\/h3>\t\t\t\t<\/div>\n\t\t<div class=\"elementor-element elementor-element-bw-951fcb7-bda394e e-flex e-con-boxed e-con e-parent\" data-id=\"bw-951fcb7-bda394e\" data-element_type=\"container\" data-e-type=\"container\" data-settings=\"{&quot;background_background&quot;:&quot;classic&quot;}\">\n\t\t\t\t\t<div class=\"e-con-inner\">\n\t\t\t\t<div class=\"elementor-element elementor-element-951fcb7 elementor-widget elementor-widget-text-editor\" data-id=\"951fcb7\" data-element_type=\"widget\" data-e-type=\"widget\" data-widget_type=\"text-editor.default\">\n\t\t\t\t\t\t\t\t\t<p>Els esperits venjatius s\u00f3n m\u00e9s que un motiu narratiu: van funcionar en societats precristianes com una inst\u00e0ncia religiosa i jur\u00eddica alhora. On el dret hum\u00e0 fallava o l&#8217;acte i l&#8217;agressor no eren accessibles, la creen\u00e7a en els esperits venjatius garantia que la injust\u00edcia no qued\u00e9s impune.<\/p><p>Les Er\u00ednies van perseguir Orestes pel matricidi que va cometre, fins que Atena va crear l&#8217;Are\u00f2pag, un tribunal de persones, com a substitut institucional.<\/p>\t\t\t\t\t\t\t\t<\/div>\n\t\t\t\t\t<\/div>\n\t\t\t\t<\/div>\n\t\t\t\t<div class=\"elementor-element elementor-element-1f558bd elementor-widget elementor-widget-heading\" data-id=\"1f558bd\" data-element_type=\"widget\" data-e-type=\"widget\" data-widget_type=\"heading.default\">\n\t\t\t\t\t<h3 class=\"elementor-heading-title elementor-size-default\">Reconciliaci\u00f3 en lloc de defensa<\/h3>\t\t\t\t<\/div>\n\t\t<div class=\"elementor-element elementor-element-bw-403a695-19ec034 e-flex e-con-boxed e-con e-parent\" data-id=\"bw-403a695-19ec034\" data-element_type=\"container\" data-e-type=\"container\" data-settings=\"{&quot;background_background&quot;:&quot;classic&quot;}\">\n\t\t\t\t\t<div class=\"e-con-inner\">\n\t\t\t\t<div class=\"elementor-element elementor-element-403a695 elementor-widget elementor-widget-text-editor\" data-id=\"403a695\" data-element_type=\"widget\" data-e-type=\"widget\" data-widget_type=\"text-editor.default\">\n\t\t\t\t\t\t\t\t\t<p>Com que els esperits venjatius normalment no es poden allunyar amb una simple defensa, ja que es fonamenten en una injust\u00edcia, els rituals tradicionals se centren en la <em>reconciliaci\u00f3<\/em> i la <em>reparaci\u00f3<\/em>. En el <span class=\"iwg-fachbegriff\" data-tooltip=\"El conjunt d'actes de veneraci\u00f3 religiosa dedicats a una divinitat o figura sagrada.\" tabindex=\"0\">culte<\/span> japon\u00e8s als Onry\u014d, els esperits destructius s&#8217;apaivaguen mitjan\u00e7ant la de\u00efficaci\u00f3 i l&#8217;establiment d&#8217;un santuari propi; aix\u00ed Sugawara no Michizane es va convertir en Tenjin, un <span class=\"iwg-fachbegriff\" data-tooltip=\"En el shintoisme japon\u00e8s, els \u00e9ssers espirituals i les forces divines venerades.\" tabindex=\"0\">kami<\/span> de l&#8217;erudici\u00f3.<\/p>\t\t\t\t\t\t\t\t<\/div>\n\t\t\t\t\t<\/div>\n\t\t\t\t<\/div>\n\t\t\t\t<div class=\"elementor-element elementor-element-66a63f6 elementor-widget elementor-widget-heading\" data-id=\"66a63f6\" data-element_type=\"widget\" data-e-type=\"widget\" data-widget_type=\"heading.default\">\n\t\t\t\t\t<h3 class=\"elementor-heading-title elementor-size-default\">Lectura moderna<\/h3>\t\t\t\t<\/div>\n\t\t<div class=\"elementor-element elementor-element-bw-78e4065-9e95297 e-flex e-con-boxed e-con e-parent\" data-id=\"bw-78e4065-9e95297\" data-element_type=\"container\" data-e-type=\"container\" data-settings=\"{&quot;background_background&quot;:&quot;classic&quot;}\">\n\t\t\t\t\t<div class=\"e-con-inner\">\n\t\t\t\t<div class=\"elementor-element elementor-element-78e4065 elementor-widget elementor-widget-text-editor\" data-id=\"78e4065\" data-element_type=\"widget\" data-e-type=\"widget\" data-widget_type=\"text-editor.default\">\n\t\t\t\t\t\t\t\t\t<footer class=\"iwg-literatur\"><p>Psicol\u00f2gicament, els esperits venjatius es poden entendre com a projeccions de culpa familiar i social no processada. La narrativa de l&#8217;<span class=\"iwg-fachbegriff\" data-tooltip=\"Un \u00e9sser incorpori al qual s'atribueix una acci\u00f3 en el m\u00f3n.\" tabindex=\"0\">esperit<\/span> exigeix de la comunitat mem\u00f2ria i confrontaci\u00f3. A iWell Guard tractem els esperits venjatius tant en la seva vessant mitol\u00f2gica com en la seva funci\u00f3 psicocultural, i diferenciem sempre entre fonts hist\u00f2riques i recepci\u00f3 popular.<\/p><div data-nosnippet=\"true\" class=\"iwg-litliste\"><p><strong>Bibliografia seleccionada sobre esperits venjatius:<\/strong><\/p><ul><li><span data-nosnippet><strong>Bremmer, Jan N.<\/strong>: <em>The Early Greek Concept of the Soul. Princeton University Press, Princeton 1983.<\/em><\/span><\/li><li><span data-nosnippet><strong>Burkert, Walter<\/strong>: <em>Griechische Religion der archaischen und klassischen Epoche. Kohlhammer, Stuttgart 1977.<\/em><\/span><\/li><\/ul><p style=\"font-size:0.9em;opacity:0.85\"><em>Nota:<\/em> Aquesta selecci\u00f3 serveix d&#8217;orientaci\u00f3; els articles detallats segueixen una llista de fonts pr\u00f2pia i curada.<\/p><\/div><\/footer>\n<p class=\"iwg-bib-more\"><span data-nosnippet>M\u00e9s obres de refer\u00e8ncia al <a href=\"https:\/\/iwell-guard.com\/ca\/?page_id=171483\">llistat bibliogr\u00e0fic<\/a>.<\/span><\/p>\t\t\t\t\t\t\t\t<\/div>\n\t\t\t\t\t<\/div>\n\t\t\t\t<\/div>\n\t\t\t\t\t<\/div>\n\t\t\t\t<\/div>\n\t\t<div class=\"elementor-element elementor-element-iwgce-rach-sec e-flex e-con-boxed e-con e-parent\" data-id=\"iwgce-rach-sec\" data-element_type=\"container\" data-e-type=\"container\" id=\"iwg-ce-rachegeister\">\n\t\t\t\t\t<div class=\"e-con-inner\">\n\t\t<div class=\"elementor-element elementor-element-iwgce-rach-inner e-flex e-con-boxed e-con e-parent\" data-id=\"iwgce-rach-inner\" data-element_type=\"container\" data-e-type=\"container\" data-settings=\"{&quot;background_background&quot;:&quot;classic&quot;}\">\n\t\t\t\t\t<div class=\"e-con-inner\">\n\t\t\t\t<div class=\"elementor-element elementor-element-iwgce-rach-h iwg-ce-heading elementor-widget elementor-widget-heading\" data-id=\"iwgce-rach-h\" data-element_type=\"widget\" data-e-type=\"widget\" data-widget_type=\"heading.default\">\n\t\t\t\t\t<h2 class=\"elementor-heading-title elementor-size-default\">iWell Guard i tradicions de protecci\u00f3<\/h2>\t\t\t\t<\/div>\n\t\t\t\t<div class=\"elementor-element elementor-element-iwgce-rach-t iwg-ce-intro elementor-widget elementor-widget-text-editor\" data-id=\"iwgce-rach-t\" data-element_type=\"widget\" data-e-type=\"widget\" data-widget_type=\"text-editor.default\">\n\t\t\t\t\t\t\t\t\t<p>Els esperits venjatius recopilats aqu\u00ed s\u00f3n figures descrites des de la perspectiva de les ci\u00e8ncies de la religi\u00f3, provinents de diverses cultures.<\/p><div data-nosnippet=\"true\"><p>iWell Guard s&#8217;inscriu en la l\u00ednia mil\u00b7len\u00e0ria dels objectes protectors portables, des dels penjolls de <a href=\"https:\/\/iwell-guard.com\/ca\/pazuzu\/\">Pazuzu<\/a> a Mesopot\u00e0mia, passant per la <a href=\"https:\/\/iwell-guard.com\/ca\/?page_id=171650\">Hamsa<\/a> i els amulets contra el <a href=\"https:\/\/iwell-guard.com\/ca\/?page_id=171654\">mal d&#8217;ull<\/a> a la Mediterr\u00e0nia, fins a la <a href=\"https:\/\/iwell-guard.com\/ca\/?page_id=171652\">Mezuz\u00e0<\/a> als marcs de les portes jueves i les medalles protectores cristianes.<\/p><\/div><div data-nosnippet=\"true\"><p>Una forma contempor\u00e0nia d&#8217;aix\u00f2, fabricada a Alemanya, amb una arquitectura de materials clarament documentada (41 capes, or real, plat\u00ed, plata). Dret de devoluci\u00f3 de 30 dies.<\/p><\/div>\t\t\t\t\t\t\t\t<\/div>\n\t\t\t\t<div class=\"elementor-element elementor-element-iwgce-rach-b iwg-ce-button iwg-ce-cta-2026-05-12 elementor-widget elementor-widget-jet-button\" data-id=\"iwgce-rach-b\" data-element_type=\"widget\" data-e-type=\"widget\" data-widget_type=\"jet-button.default\">\n\t\t\t\t<div class=\"elementor-widget-container\">\n\t\t\t\t\t<div class=\"elementor-jet-button jet-elements\"><div class=\"jet-button__container\"><a class=\"jet-button__instance jet-button__instance--icon-left hover-effect-1\" href=\"\/schutzanhaenger-iwell-guard-kaufen\/\"><div class=\"jet-button__plane jet-button__plane-normal\"><\/div><div class=\"jet-button__plane jet-button__plane-hover\"><\/div><div class=\"jet-button__state jet-button__state-normal\"><span class=\"jet-button__label\">M\u00e9s informaci\u00f3 sobre l'iWell Guard<\/span><\/div><div class=\"jet-button__state jet-button__state-hover\"><span class=\"jet-button__label\">M\u00e9s informaci\u00f3 sobre l'iWell Guard<\/span><\/div><\/a><\/div><\/div><style>.elementor-element.elementor-element-iwgce-rach-b .jet-button__instance{width:320px;height:56px;}.elementor-element.elementor-element-iwgce-rach-b .jet-button__state-normal .jet-button__label{text-align:center;margin:0px 0px 0px 0px;color:#1a1b20;font-family:Montserrat,sans-serif;font-size:13px;font-weight:400;letter-spacing:4px;line-height:1.714em;text-transform:uppercase;}.elementor-element.elementor-element-iwgce-rach-b .jet-button__state-hover .jet-button__label{text-align:center;margin:0px 0px 0px 0px;color:#FECC76;font-family:Montserrat,sans-serif;font-size:13px;font-weight:400;letter-spacing:4px;line-height:1.714em;text-transform:uppercase;}.elementor-element.elementor-element-iwgce-rach-b .jet-button__plane-normal{background-color:#FECC76;border-style:solid;border-color:#C99540;border-width:2px 2px 2px 2px;}.elementor-element.elementor-element-iwgce-rach-b .jet-button__plane-hover{background-color:rgba(0,0,0,0.55);border-style:solid;border-color:#FECC76;border-width:2px 2px 2px 2px;}<\/style>\t\t\t\t<\/div>\n\t\t\t\t<\/div>\n\t\t\t\t<div class=\"elementor-element elementor-element-iwgce-rach-d iwg-ce-disclaimer elementor-widget elementor-widget-text-editor\" data-id=\"iwgce-rach-d\" data-element_type=\"widget\" data-e-type=\"widget\" data-widget_type=\"text-editor.default\">\n\t\t\t\t\t\t\t\t\t<div data-nosnippet=\"true\"><p style=\"text-align:center;font-size:13px;opacity:0.7;margin-top:14px\" data-nosnippet=\"true\">No \u00e9s un producte m\u00e8dic. No hi ha promesa de curaci\u00f3. Les percepcions personals poden variar.<\/p><\/div>\t\t\t\t\t\t\t\t<\/div>\n\t\t\t\t\t<\/div>\n\t\t\t\t<\/div>\n\t\t\t\t\t<\/div>\n\t\t\t\t<\/div>\n\t\t\t\t<section class=\"elementor-section elementor-top-section elementor-element elementor-element-p3r-rachegeister-cl-eeef8e elementor-section-boxed elementor-section-height-default elementor-section-height-default\" data-id=\"p3r-rachegeister-cl-eeef8e\" data-element_type=\"section\" data-e-type=\"section\">\n\t\t\t\t\t\t<div class=\"elementor-container elementor-column-gap-default\">\n\t\t\t\t\t<div class=\"elementor-column elementor-col-100 elementor-top-column elementor-element elementor-element-p3r-rachegeister-col-66ba\" data-id=\"p3r-rachegeister-col-66ba\" data-element_type=\"column\" data-e-type=\"column\">\n\t\t\t<div class=\"elementor-widget-wrap elementor-element-populated\">\n\t\t\t\t\t\t<div class=\"elementor-element elementor-element-p3r-rachegeister-cl-h elementor-widget elementor-widget-heading\" data-id=\"p3r-rachegeister-cl-h\" data-element_type=\"widget\" data-e-type=\"widget\" data-widget_type=\"heading.default\">\n\t\t\t\t\t<h2 class=\"elementor-heading-title elementor-size-default\">Els esperits venjatius en la comparaci\u00f3 entre cultures<\/h2>\t\t\t\t<\/div>\n\t\t\t\t<div class=\"elementor-element elementor-element-p3r-rachegeister-cl-t elementor-widget elementor-widget-text-editor\" data-id=\"p3r-rachegeister-cl-t\" data-element_type=\"widget\" data-e-type=\"widget\" data-widget_type=\"text-editor.default\">\n\t\t\t\t\t\t\t\t\t\nEls esperits venjadors s\u00f3n \u00e9ssers sobrenaturals que retornen al m\u00f3n dels vius com a reacci\u00f3 a injust\u00edcies no expiades o conflictes vitals no resolts. A difer\u00e8ncia dels simples esperits dels morts, porten amb ells un motiu concret: tra\u00efci\u00f3, assassinat, trencament de jurament, deshonor no expiat. La constant transcultural: nom\u00e9s quan l&#8217;acte \u00e9s expiat o l&#8217;honor degut \u00e9s restitu\u00eft, els esperits venjadors troben rep\u00f2s.<\/p>\n<p>Esperits venjadors coneguts al l\u00e8xic d&#8217;iWell Guard: <a href=\"https:\/\/iwell-guard.com\/ca\/erinies\/\">Er\u00ednies<\/a> (deesses venjadores gregues, persegueixen els que trenquen juraments i els incestuosos), <a href=\"https:\/\/iwell-guard.com\/ca\/?page_id=171356\">Dires<\/a> (equivalent rom\u00e0), <a href=\"https:\/\/iwell-guard.com\/ca\/keres\/\">Queres<\/a> (esperits grecs de la mort i la destrucci\u00f3), <a href=\"https:\/\/iwell-guard.com\/ca\/?page_id=171417\">Y\u016brei<\/a> (esperits japonesos amb ressentiment no resolt), <a href=\"https:\/\/iwell-guard.com\/ca\/?page_id=171384\">Banshee<\/a> (missatgera irlandesa del plany i la mort), <a href=\"https:\/\/iwell-guard.com\/ca\/?page_id=171422\">Cheonyeo-gwishin<\/a> (esperits coreans de donzella), <a href=\"https:\/\/iwell-guard.com\/ca\/?page_id=171383\">Mahr<\/a> (<span class=\"iwg-fachbegriff\" data-tooltip=\"Un \u00e9sser sense cos al qual s'atribueix acci\u00f3 en el m\u00f3n.\" tabindex=\"0\">esperit<\/span> malson germ\u00e0nic).<\/p><p>La majoria t\u00e9 connotaci\u00f3 femenina, cosa que remet estructuralment a la posici\u00f3 de les dones en societats patriarcals: sovint nom\u00e9s en la mort adquireixen veu i capacitat d&#8217;acci\u00f3.<\/p>\t\t\t\t\t\t\t\t<\/div>\n\t\t\t\t\t<\/div>\n\t\t<\/div>\n\t\t\t\t\t<\/div>\n\t\t<\/section>\n\t\t\t\t<section class=\"elementor-section elementor-top-section elementor-element elementor-element-p3r-rachegeister-faq-0db874 elementor-section-boxed elementor-section-height-default elementor-section-height-default\" data-id=\"p3r-rachegeister-faq-0db874\" data-element_type=\"section\" data-e-type=\"section\">\n\t\t\t\t\t\t<div class=\"elementor-container elementor-column-gap-default\">\n\t\t\t\t\t<div class=\"elementor-column elementor-col-100 elementor-top-column elementor-element elementor-element-p3r-rachegeister-fcol-e1df\" data-id=\"p3r-rachegeister-fcol-e1df\" data-element_type=\"column\" data-e-type=\"column\">\n\t\t\t<div class=\"elementor-widget-wrap elementor-element-populated\">\n\t\t\t\t\t\t<div class=\"elementor-element elementor-element-p3r-rachegeister-faq-h elementor-widget elementor-widget-heading\" data-id=\"p3r-rachegeister-faq-h\" data-element_type=\"widget\" data-e-type=\"widget\" data-widget_type=\"heading.default\">\n\t\t\t\t\t<h2 class=\"elementor-heading-title elementor-size-default\">Preguntes freq\u00fcents sobre els esperits venjadors comparats entre cultures<\/h2>\t\t\t\t<\/div>\n\t\t\t\t<div class=\"elementor-element elementor-element-p3r-rachegeister-faq-t elementor-widget elementor-widget-text-editor\" data-id=\"p3r-rachegeister-faq-t\" data-element_type=\"widget\" data-e-type=\"widget\" data-widget_type=\"text-editor.default\">\n\t\t\t\t\t\t\t\t\t\n<details class=\"iwg-faq-item\">\n  <summary><strong>Qu\u00e8 s\u00f3n els esperits venjadors en la <span class=\"iwg-fachbegriff\" data-tooltip=\"El conjunt de relats m\u00edtics transmesos d'una cultura.\" tabindex=\"0\">mitologia<\/span>?<\/strong><\/summary>\n  <p>Els esperits venjadors s\u00f3n \u00e9ssers sobrenaturals que retornen al m\u00f3n dels vius com a reacci\u00f3 a injust\u00edcies no expiades. A difer\u00e8ncia dels esperits dels morts en general, tenen un motiu concret: tra\u00efci\u00f3, assassinat, trencament de jurament, deshonor no expiat. Nom\u00e9s troben rep\u00f2s quan l&#8217;acte \u00e9s expiat o l&#8217;honor degut \u00e9s restitu\u00eft. Exemples coneguts s\u00f3n les Er\u00ednies gregues, els Y\u016brei japonesos i la Banshee irlandesa.<\/p>\n<\/details>\n\n<details class=\"iwg-faq-item\">\n  <summary><strong>Per qu\u00e8 els esperits venjadors solen ser femenins?<\/strong><\/summary>\n  <p>La freq\u00fcent connotaci\u00f3 femenina t\u00e9 motius estructurals: en societats patriarcals, les dones sovint nom\u00e9s adquirien veu i capacitat d&#8217;acci\u00f3 despr\u00e9s de la seva mort. Les Er\u00ednies, els Y\u016brei, les Cheonyeo-gwishin o la Banshee funcionen aix\u00ed com a inst\u00e0ncies simb\u00f2liques d&#8217;expiaci\u00f3 per les injust\u00edcies patides per les dones en vida, contra el marit, la fam\u00edlia, l&#8217;agressor o la norma social. En la mort esdevenen acusadores inevitables.<\/p>\n<\/details>\t\t\t\t\t\t\t\t<\/div>\n\t\t\t\t<div class=\"elementor-element elementor-element-p3r-rachegeister-faq-s elementor-widget elementor-widget-html\" data-id=\"p3r-rachegeister-faq-s\" data-element_type=\"widget\" data-e-type=\"widget\" data-widget_type=\"html.default\">\n\t\t\t\t\t<script type=\"application\/ld+json\">{\"@context\": \"https:\/\/schema.org\", \"@type\": \"FAQPage\", \"mainEntity\": [{\"@type\": \"Question\", \"name\": \"Qu\u00e8 s\u00f3n els esperits venjadors en la mitologia?\", \"acceptedAnswer\": {\"@type\": \"Answer\", \"text\": \"Els esperits venjadors s\u00f3n \u00e9ssers sobrenaturals que retornen al m\u00f3n dels vius com a reacci\u00f3 a injust\u00edcies no expiades. A difer\u00e8ncia dels esperits dels morts en general, tenen un motiu concret: tra\u00efci\u00f3, assassinat, trencament de jurament, deshonor no expiat. Nom\u00e9s troben rep\u00f2s quan l'acte \u00e9s expiat o l'honor degut \u00e9s restitu\u00eft. Exemples coneguts s\u00f3n les Er\u00ednies gregues, els Y\u016brei japonesos i la Banshee irlandesa.\"}}, {\"@type\": \"Question\", \"name\": \"Per qu\u00e8 els esperits venjadors solen ser femenins?\", \"acceptedAnswer\": {\"@type\": \"Answer\", \"text\": \"La freq\u00fcent connotaci\u00f3 femenina t\u00e9 motius estructurals: en societats patriarcals, les dones sovint nom\u00e9s adquirien veu i capacitat d'acci\u00f3 despr\u00e9s de la seva mort. Les Er\u00ednies, els Y\u016brei, les Cheonyeo-gwishin o la Banshee funcionen aix\u00ed com a inst\u00e0ncies simb\u00f2liques d'expiaci\u00f3 per les injust\u00edcies patides per les dones en vida, contra el marit, la fam\u00edlia, l'agressor o la norma social. En la mort esdevenen acusadores inevitables.\"}}]}<\/script>\t\t\t\t<\/div>\n\t\t\t\t\t<\/div>\n\t\t<\/div>\n\t\t\t\t\t<\/div>\n\t\t<\/section>\n\t\t\t\t<\/div>\n\t\t","protected":false},"excerpt":{"rendered":"","protected":false},"author":3,"featured_media":1845,"parent":0,"menu_order":0,"comment_status":"closed","ping_status":"closed","template":"elementor_header_footer","meta":{"_yoast_wpseo_focuskw":"Esperits venjatius","_yoast_wpseo_title":"Rachegeister \u2013 Er\u00ednies, Onryo i esperits de venjan\u00e7a","_yoast_wpseo_metadesc":"Els Rachegeister persegueixen els seus assassins. Descobreixi les Er\u00ednies, l'Onryo i altres esperits de venjan\u00e7a a trav\u00e9s de les cultures.","_yoast_wpseo_meta-robots-noindex":"","_yoast_wpseo_canonical":"","_angie_page":false,"gefaehrdungsstufe":"","wesen_kultur":"","wesen_klasse":"","footnotes":""},"categories":[],"class_list":["post-171456","page","type-page","status-publish","has-post-thumbnail","hentry"],"yoast_head":"<!-- This site is optimized with the Yoast SEO Premium plugin v27.7 (Yoast SEO v28.3) - https:\/\/yoast.com\/product\/yoast-seo-premium-wordpress\/ -->\n<title>Rachegeister \u2013 Er\u00ednies, Onryo i esperits de venjan\u00e7a<\/title>\n<meta name=\"description\" content=\"Els Rachegeister persegueixen els seus assassins. Descobreixi les Er\u00ednies, l&#039;Onryo i altres esperits de venjan\u00e7a a trav\u00e9s de les cultures.\" \/>\n<meta name=\"robots\" content=\"index, follow, max-snippet:-1, max-image-preview:large, max-video-preview:-1\" \/>\n<link rel=\"canonical\" href=\"https:\/\/iwell-guard.com\/ca\/esperits-venjatius\/\" \/>\n<meta property=\"og:locale\" content=\"ca_ES\" \/>\n<meta property=\"og:type\" content=\"article\" \/>\n<meta property=\"og:title\" content=\"Esperits venjatius\" \/>\n<meta property=\"og:description\" content=\"Els Rachegeister persegueixen els seus assassins. Descobreixi les Er\u00ednies, l&#039;Onryo i altres esperits de venjan\u00e7a a trav\u00e9s de les cultures.\" \/>\n<meta property=\"og:url\" content=\"https:\/\/iwell-guard.com\/ca\/esperits-venjatius\/\" \/>\n<meta property=\"og:site_name\" content=\"iWell Guard\" \/>\n<meta property=\"article:modified_time\" content=\"2026-09-05T15:58:12+00:00\" \/>\n<meta property=\"og:image\" content=\"https:\/\/iwell-guard.com\/wp-content\/uploads\/2026\/04\/geister_sub_rachegeister.webp\" \/>\n\t<meta property=\"og:image:width\" content=\"1024\" \/>\n\t<meta property=\"og:image:height\" content=\"1536\" \/>\n\t<meta property=\"og:image:type\" content=\"image\/webp\" \/>\n<meta name=\"twitter:card\" content=\"summary_large_image\" \/>\n<script type=\"application\/ld+json\" class=\"yoast-schema-graph\">{\"@context\":\"https:\\\/\\\/schema.org\",\"@graph\":[{\"@type\":\"WebPage\",\"@id\":\"https:\\\/\\\/iwell-guard.com\\\/ca\\\/esperits-venjatius\\\/\",\"url\":\"https:\\\/\\\/iwell-guard.com\\\/ca\\\/esperits-venjatius\\\/\",\"name\":\"Rachegeister \u2013 Er\u00ednies, Onryo i esperits de venjan\u00e7a\",\"isPartOf\":{\"@id\":\"https:\\\/\\\/iwell-guard.com\\\/ca\\\/#website\"},\"primaryImageOfPage\":{\"@id\":\"https:\\\/\\\/iwell-guard.com\\\/ca\\\/esperits-venjatius\\\/#primaryimage\"},\"image\":{\"@id\":\"https:\\\/\\\/iwell-guard.com\\\/ca\\\/esperits-venjatius\\\/#primaryimage\"},\"thumbnailUrl\":\"https:\\\/\\\/iwell-guard.com\\\/wp-content\\\/uploads\\\/2026\\\/04\\\/geister_sub_rachegeister.webp\",\"datePublished\":\"2026-09-05T15:39:32+00:00\",\"dateModified\":\"2026-09-05T15:58:12+00:00\",\"description\":\"Els Rachegeister persegueixen els seus assassins. Descobreixi les Er\u00ednies, l'Onryo i altres esperits de venjan\u00e7a a trav\u00e9s de les cultures.\",\"breadcrumb\":{\"@id\":\"https:\\\/\\\/iwell-guard.com\\\/ca\\\/esperits-venjatius\\\/#breadcrumb\"},\"inLanguage\":\"ca\",\"potentialAction\":[{\"@type\":\"ReadAction\",\"target\":[\"https:\\\/\\\/iwell-guard.com\\\/ca\\\/esperits-venjatius\\\/\"]}]},{\"@type\":\"ImageObject\",\"inLanguage\":\"ca\",\"@id\":\"https:\\\/\\\/iwell-guard.com\\\/ca\\\/esperits-venjatius\\\/#primaryimage\",\"url\":\"https:\\\/\\\/iwell-guard.com\\\/wp-content\\\/uploads\\\/2026\\\/04\\\/geister_sub_rachegeister.webp\",\"contentUrl\":\"https:\\\/\\\/iwell-guard.com\\\/wp-content\\\/uploads\\\/2026\\\/04\\\/geister_sub_rachegeister.webp\",\"width\":1024,\"height\":1536,\"caption\":\"Esperits de la subtradici\u00f3.\"},{\"@type\":\"BreadcrumbList\",\"@id\":\"https:\\\/\\\/iwell-guard.com\\\/ca\\\/esperits-venjatius\\\/#breadcrumb\",\"itemListElement\":[{\"@type\":\"ListItem\",\"position\":1,\"name\":\"Start\",\"item\":\"https:\\\/\\\/iwell-guard.com\\\/ca\\\/?page_id=171333\"},{\"@type\":\"ListItem\",\"position\":2,\"name\":\"Esperits venjatius\"}]},{\"@type\":\"WebSite\",\"@id\":\"https:\\\/\\\/iwell-guard.com\\\/ca\\\/#website\",\"url\":\"https:\\\/\\\/iwell-guard.com\\\/ca\\\/\",\"name\":\"iWell Guard\",\"description\":\"Schutz vor dunklen Einfl\u00fcssen\",\"publisher\":{\"@id\":\"https:\\\/\\\/iwell-guard.com\\\/ca\\\/#organization\"},\"potentialAction\":[{\"@type\":\"SearchAction\",\"target\":{\"@type\":\"EntryPoint\",\"urlTemplate\":\"https:\\\/\\\/iwell-guard.com\\\/ca\\\/?s={search_term_string}\"},\"query-input\":{\"@type\":\"PropertyValueSpecification\",\"valueRequired\":true,\"valueName\":\"search_term_string\"}}],\"inLanguage\":\"ca\"},{\"@type\":\"Organization\",\"@id\":\"https:\\\/\\\/iwell-guard.com\\\/ca\\\/#organization\",\"name\":\"Ittermann electronic GmbH\",\"url\":\"https:\\\/\\\/iwell-guard.com\\\/ca\\\/\",\"logo\":{\"@type\":\"ImageObject\",\"inLanguage\":\"ca\",\"@id\":\"https:\\\/\\\/iwell-guard.com\\\/ca\\\/#\\\/schema\\\/logo\\\/image\\\/\",\"url\":\"https:\\\/\\\/iwell-guard.com\\\/wp-content\\\/uploads\\\/2026\\\/05\\\/Ittermann-Logo-1182x237-1.png\",\"contentUrl\":\"https:\\\/\\\/iwell-guard.com\\\/wp-content\\\/uploads\\\/2026\\\/05\\\/Ittermann-Logo-1182x237-1.png\",\"width\":1182,\"height\":237,\"caption\":\"Ittermann electronic GmbH\"},\"image\":{\"@id\":\"https:\\\/\\\/iwell-guard.com\\\/ca\\\/#\\\/schema\\\/logo\\\/image\\\/\"},\"sameAs\":[\"https:\\\/\\\/pantip.com\\\/profile\\\/9367242\",\"https:\\\/\\\/micro.blog\\\/iwellguard\",\"https:\\\/\\\/www.diggerslist.com\\\/iwellguard\\\/about\",\"https:\\\/\\\/skitterphoto.com\\\/photographers\\\/2870314\\\/iwell-guard\",\"https:\\\/\\\/iwellguard.wordpress.com\\\/2026\\\/06\\\/06\\\/iwell-guard\\\/\",\"https:\\\/\\\/hub.docker.com\\\/u\\\/iwellguard\",\"https:\\\/\\\/www.pinterest.com\\\/iwellguard\\\/\",\"https:\\\/\\\/bit.ly\\\/m\\\/iwellguard\",\"https:\\\/\\\/entre-vos-mains.alsace.eu\\\/profiles\\\/iwellguard\\\/activity\",\"https:\\\/\\\/gravatar.com\\\/reallybeded8fd34\",\"https:\\\/\\\/naijamatta.com\\\/iwellguard\",\"https:\\\/\\\/www.goodreads.com\\\/iwellguard\",\"https:\\\/\\\/profile.hatena.ne.jp\\\/iwellguard\\\/\",\"https:\\\/\\\/experiment.com\\\/users\\\/iwellguard\",\"https:\\\/\\\/wakelet.com\\\/@iWellGuard82270\",\"https:\\\/\\\/www.chordie.com\\\/forum\\\/profile.php?id=2555664\",\"https:\\\/\\\/www.instapaper.com\\\/p\\\/17757966\",\"https:\\\/\\\/www.mapleprimes.com\\\/users\\\/iwellguard\",\"https:\\\/\\\/businesslistingplus.com\\\/profile\\\/iwell-guard\\\/\",\"https:\\\/\\\/telegra.ph\\\/iWell-Guard-06-06\",\"https:\\\/\\\/pbase.com\\\/iwellguard\\\/iwellguard\",\"https:\\\/\\\/b.hatena.ne.jp\\\/iwellguard\\\/20260607#bookmark-4788405196491818882\",\"https:\\\/\\\/fliphtml5.com\\\/home\\\/iwellguard\",\"https:\\\/\\\/anyflip.com\\\/homepage\\\/cmiwl#About\",\"https:\\\/\\\/transfur.com\\\/Users\\\/iwellguard\",\"http:\\\/\\\/delphi.larsbo.org\\\/user\\\/iwellguard\",\"https:\\\/\\\/jobs.lajobsportal.org\\\/profiles\\\/8380803-iwell-guard\",\"https:\\\/\\\/md.chaosdorf.de\\\/s\\\/jfbe5SBdJD\",\"https:\\\/\\\/www.lingvolive.com\\\/en-us\\\/profile\\\/9ecaeaca-ce11-4e51-9e71-01d55e2bff36\\\/translations\",\"https:\\\/\\\/www.fitday.com\\\/fitness\\\/forums\\\/members\\\/iwellguard.html\",\"https:\\\/\\\/www.mymeetbook.com\\\/iwellguard\",\"https:\\\/\\\/pxhere.com\\\/en\\\/photographer-me\\\/5040798\",\"https:\\\/\\\/disqus.com\\\/by\\\/iwellguard\\\/about\\\/\",\"https:\\\/\\\/pastelink.net\\\/hjwciqwq\",\"https:\\\/\\\/pubhtml5.com\\\/homepage\\\/scjhn\\\/\",\"https:\\\/\\\/www.bitchute.com\\\/channel\\\/2O2eOKzNqujT\",\"https:\\\/\\\/audiomack.com\\\/iwellguard\"]}]}<\/script>\n<!-- \/ Yoast SEO Premium plugin. -->","yoast_head_json":{"title":"Rachegeister \u2013 Er\u00ednies, Onryo i esperits de venjan\u00e7a","description":"Els Rachegeister persegueixen els seus assassins. Descobreixi les Er\u00ednies, l'Onryo i altres esperits de venjan\u00e7a a trav\u00e9s de les cultures.","robots":{"index":"index","follow":"follow","max-snippet":"max-snippet:-1","max-image-preview":"max-image-preview:large","max-video-preview":"max-video-preview:-1"},"canonical":"https:\/\/iwell-guard.com\/ca\/esperits-venjatius\/","og_locale":"ca_ES","og_type":"article","og_title":"Esperits venjatius","og_description":"Els Rachegeister persegueixen els seus assassins. Descobreixi les Er\u00ednies, l'Onryo i altres esperits de venjan\u00e7a a trav\u00e9s de les cultures.","og_url":"https:\/\/iwell-guard.com\/ca\/esperits-venjatius\/","og_site_name":"iWell Guard","article_modified_time":"2026-09-05T15:58:12+00:00","og_image":[{"width":1024,"height":1536,"url":"https:\/\/iwell-guard.com\/wp-content\/uploads\/2026\/04\/geister_sub_rachegeister.webp","type":"image\/webp"}],"twitter_card":"summary_large_image","schema":{"@context":"https:\/\/schema.org","@graph":[{"@type":"WebPage","@id":"https:\/\/iwell-guard.com\/ca\/esperits-venjatius\/","url":"https:\/\/iwell-guard.com\/ca\/esperits-venjatius\/","name":"Rachegeister \u2013 Er\u00ednies, Onryo i esperits de venjan\u00e7a","isPartOf":{"@id":"https:\/\/iwell-guard.com\/ca\/#website"},"primaryImageOfPage":{"@id":"https:\/\/iwell-guard.com\/ca\/esperits-venjatius\/#primaryimage"},"image":{"@id":"https:\/\/iwell-guard.com\/ca\/esperits-venjatius\/#primaryimage"},"thumbnailUrl":"https:\/\/iwell-guard.com\/wp-content\/uploads\/2026\/04\/geister_sub_rachegeister.webp","datePublished":"2026-09-05T15:39:32+00:00","dateModified":"2026-09-05T15:58:12+00:00","description":"Els Rachegeister persegueixen els seus assassins. Descobreixi les Er\u00ednies, l'Onryo i altres esperits de venjan\u00e7a a trav\u00e9s de les cultures.","breadcrumb":{"@id":"https:\/\/iwell-guard.com\/ca\/esperits-venjatius\/#breadcrumb"},"inLanguage":"ca","potentialAction":[{"@type":"ReadAction","target":["https:\/\/iwell-guard.com\/ca\/esperits-venjatius\/"]}]},{"@type":"ImageObject","inLanguage":"ca","@id":"https:\/\/iwell-guard.com\/ca\/esperits-venjatius\/#primaryimage","url":"https:\/\/iwell-guard.com\/wp-content\/uploads\/2026\/04\/geister_sub_rachegeister.webp","contentUrl":"https:\/\/iwell-guard.com\/wp-content\/uploads\/2026\/04\/geister_sub_rachegeister.webp","width":1024,"height":1536,"caption":"Esperits de la subtradici\u00f3."},{"@type":"BreadcrumbList","@id":"https:\/\/iwell-guard.com\/ca\/esperits-venjatius\/#breadcrumb","itemListElement":[{"@type":"ListItem","position":1,"name":"Start","item":"https:\/\/iwell-guard.com\/ca\/?page_id=171333"},{"@type":"ListItem","position":2,"name":"Esperits venjatius"}]},{"@type":"WebSite","@id":"https:\/\/iwell-guard.com\/ca\/#website","url":"https:\/\/iwell-guard.com\/ca\/","name":"iWell Guard","description":"Schutz vor dunklen Einfl\u00fcssen","publisher":{"@id":"https:\/\/iwell-guard.com\/ca\/#organization"},"potentialAction":[{"@type":"SearchAction","target":{"@type":"EntryPoint","urlTemplate":"https:\/\/iwell-guard.com\/ca\/?s={search_term_string}"},"query-input":{"@type":"PropertyValueSpecification","valueRequired":true,"valueName":"search_term_string"}}],"inLanguage":"ca"},{"@type":"Organization","@id":"https:\/\/iwell-guard.com\/ca\/#organization","name":"Ittermann electronic GmbH","url":"https:\/\/iwell-guard.com\/ca\/","logo":{"@type":"ImageObject","inLanguage":"ca","@id":"https:\/\/iwell-guard.com\/ca\/#\/schema\/logo\/image\/","url":"https:\/\/iwell-guard.com\/wp-content\/uploads\/2026\/05\/Ittermann-Logo-1182x237-1.png","contentUrl":"https:\/\/iwell-guard.com\/wp-content\/uploads\/2026\/05\/Ittermann-Logo-1182x237-1.png","width":1182,"height":237,"caption":"Ittermann electronic GmbH"},"image":{"@id":"https:\/\/iwell-guard.com\/ca\/#\/schema\/logo\/image\/"},"sameAs":["https:\/\/pantip.com\/profile\/9367242","https:\/\/micro.blog\/iwellguard","https:\/\/www.diggerslist.com\/iwellguard\/about","https:\/\/skitterphoto.com\/photographers\/2870314\/iwell-guard","https:\/\/iwellguard.wordpress.com\/2026\/06\/06\/iwell-guard\/","https:\/\/hub.docker.com\/u\/iwellguard","https:\/\/www.pinterest.com\/iwellguard\/","https:\/\/bit.ly\/m\/iwellguard","https:\/\/entre-vos-mains.alsace.eu\/profiles\/iwellguard\/activity","https:\/\/gravatar.com\/reallybeded8fd34","https:\/\/naijamatta.com\/iwellguard","https:\/\/www.goodreads.com\/iwellguard","https:\/\/profile.hatena.ne.jp\/iwellguard\/","https:\/\/experiment.com\/users\/iwellguard","https:\/\/wakelet.com\/@iWellGuard82270","https:\/\/www.chordie.com\/forum\/profile.php?id=2555664","https:\/\/www.instapaper.com\/p\/17757966","https:\/\/www.mapleprimes.com\/users\/iwellguard","https:\/\/businesslistingplus.com\/profile\/iwell-guard\/","https:\/\/telegra.ph\/iWell-Guard-06-06","https:\/\/pbase.com\/iwellguard\/iwellguard","https:\/\/b.hatena.ne.jp\/iwellguard\/20260607#bookmark-4788405196491818882","https:\/\/fliphtml5.com\/home\/iwellguard","https:\/\/anyflip.com\/homepage\/cmiwl#About","https:\/\/transfur.com\/Users\/iwellguard","http:\/\/delphi.larsbo.org\/user\/iwellguard","https:\/\/jobs.lajobsportal.org\/profiles\/8380803-iwell-guard","https:\/\/md.chaosdorf.de\/s\/jfbe5SBdJD","https:\/\/www.lingvolive.com\/en-us\/profile\/9ecaeaca-ce11-4e51-9e71-01d55e2bff36\/translations","https:\/\/www.fitday.com\/fitness\/forums\/members\/iwellguard.html","https:\/\/www.mymeetbook.com\/iwellguard","https:\/\/pxhere.com\/en\/photographer-me\/5040798","https:\/\/disqus.com\/by\/iwellguard\/about\/","https:\/\/pastelink.net\/hjwciqwq","https:\/\/pubhtml5.com\/homepage\/scjhn\/","https:\/\/www.bitchute.com\/channel\/2O2eOKzNqujT","https:\/\/audiomack.com\/iwellguard"]}]}},"_links":{"self":[{"href":"https:\/\/iwell-guard.com\/ca\/wp-json\/wp\/v2\/pages\/171456","targetHints":{"allow":["GET"]}}],"collection":[{"href":"https:\/\/iwell-guard.com\/ca\/wp-json\/wp\/v2\/pages"}],"about":[{"href":"https:\/\/iwell-guard.com\/ca\/wp-json\/wp\/v2\/types\/page"}],"author":[{"embeddable":true,"href":"https:\/\/iwell-guard.com\/ca\/wp-json\/wp\/v2\/users\/3"}],"replies":[{"embeddable":true,"href":"https:\/\/iwell-guard.com\/ca\/wp-json\/wp\/v2\/comments?post=171456"}],"version-history":[{"count":0,"href":"https:\/\/iwell-guard.com\/ca\/wp-json\/wp\/v2\/pages\/171456\/revisions"}],"wp:featuredmedia":[{"embeddable":true,"href":"https:\/\/iwell-guard.com\/ca\/wp-json\/wp\/v2\/media\/1845"}],"wp:attachment":[{"href":"https:\/\/iwell-guard.com\/ca\/wp-json\/wp\/v2\/media?parent=171456"}],"wp:term":[{"taxonomy":"category","embeddable":true,"href":"https:\/\/iwell-guard.com\/ca\/wp-json\/wp\/v2\/categories?post=171456"}],"curies":[{"name":"wp","href":"https:\/\/api.w.org\/{rel}","templated":true}]}}