{"id":171447,"date":"2026-09-05T15:39:27","date_gmt":"2026-09-05T15:39:27","guid":{"rendered":"https:\/\/iwell-guard.com\/?page_id=171447"},"modified":"2026-09-05T15:57:57","modified_gmt":"2026-09-05T15:57:57","slug":"creu-de-llum","status":"publish","type":"page","link":"https:\/\/iwell-guard.com\/ca\/creu-de-llum\/","title":{"rendered":"Lichtkreuz"},"content":{"rendered":"\t\t<div data-elementor-type=\"wp-page\" data-elementor-id=\"171447\" class=\"elementor elementor-171447 elementor-1808 elementor-bc-flex-widget\" data-elementor-post-type=\"page\">\n\t\t\t\t<div class=\"elementor-element elementor-element-10fdade e-flex e-con-boxed e-con e-parent\" data-id=\"10fdade\" data-element_type=\"container\" data-e-type=\"container\" data-settings=\"{&quot;background_background&quot;:&quot;classic&quot;}\">\n\t\t\t\t\t<div class=\"e-con-inner\">\n\t\t<div class=\"elementor-element elementor-element-herohlft0 e-flex e-con-boxed e-con e-child\" data-id=\"herohlft0\" data-element_type=\"container\" data-e-type=\"container\">\n\t\t\t\t\t<div class=\"e-con-inner\">\n\t\t<div class=\"elementor-element elementor-element-c3ceb64 e-con-full e-flex e-con e-child\" data-id=\"c3ceb64\" data-element_type=\"container\" data-e-type=\"container\">\n\t\t\t\t<div class=\"elementor-element elementor-element-96ae5e1 elementor-widget elementor-widget-heading\" data-id=\"96ae5e1\" data-element_type=\"widget\" data-e-type=\"widget\" data-widget_type=\"heading.default\">\n\t\t\t\t\t<h1 class=\"elementor-heading-title elementor-size-default\">Lichtkreuz, \u00e9sser de llum<\/h1>\t\t\t\t<\/div>\n\t\t\t\t<div class=\"elementor-element elementor-element-e45238a elementor-widget elementor-widget-text-editor\" data-id=\"e45238a\" data-element_type=\"widget\" data-e-type=\"widget\" data-widget_type=\"text-editor.default\">\n\t\t\t\t\t\t\t\t\t<p>S\u00edmbol de protecci\u00f3 espiritual en la tradici\u00f3 m\u00edstica cristiana i esot\u00e8rica. Es visualitza com una columna de llum en forma de creu.<\/p><p>El Lichtkreuz \u00e9s el s\u00edmbol de protecci\u00f3 suprem del sistema iWell Guard. Dins el sistema iWell Guard, el Lichtkreuz, com a \u00e9sser de llum, ocupa la funci\u00f3 de protecci\u00f3 m\u00e9s elevada.<\/p>\t\t\t\t\t\t\t\t<\/div>\n\t\t\t\t<\/div>\n\t\t<div class=\"elementor-element elementor-element-klsbdg01 e-con-full e-flex e-con e-parent\" data-id=\"klsbdg01\" data-element_type=\"container\" data-e-type=\"container\">\n\t\t\t\t<div class=\"elementor-element elementor-element-klshtm01 elementor-widget elementor-widget-html\" data-id=\"klshtm01\" data-element_type=\"widget\" data-e-type=\"widget\" data-widget_type=\"html.default\">\n\t\t\t\t\t<div class=\"iwg-pill-row\"><span class=\"iwg-klasse-badge\" tabindex=\"0\" data-tooltip=\"Visi\u00f3 tem\u00e0tica: p\u00e0gina d'aprofundiment amb perspectiva comparativa d'una funci\u00f3 transversal dels \u00e9ssers (grans divinitats, missatgers dels morts, esperits de l'aigua, etc.), a trav\u00e9s de cultures diverses.\">Visi\u00f3 tem\u00e0tica<\/span><a href=\"https:\/\/iwell-guard.com\/ca\/?page_id=171450\" class=\"iwg-kultur-badge\" tabindex=\"0\" data-tooltip=\"Corrents espirituals i esot\u00e8rics moderns des del segle XIX, teosofia, New Age, esoterisme contemporani.\">New Age<\/a><\/div>\t\t\t\t<\/div>\n\t\t\t\t<\/div>\n\t\t<div class=\"elementor-element elementor-element-3f74855 e-con-full e-flex e-con e-child\" data-id=\"3f74855\" data-element_type=\"container\" data-e-type=\"container\">\n\t\t\t\t<div class=\"elementor-element elementor-element-1c30362 elementor-toc--minimized-on-tablet elementor-widget elementor-widget-table-of-contents\" data-id=\"1c30362\" data-element_type=\"widget\" data-e-type=\"widget\" data-settings=\"{&quot;exclude_headings_by_selector&quot;:[],&quot;no_headings_message&quot;:&quot;No s&#039;ha trobat cap encap\\u00e7alament en aquesta p\\u00e0gina.&quot;,&quot;headings_by_tags&quot;:[&quot;h2&quot;,&quot;h3&quot;],&quot;marker_view&quot;:&quot;bullets&quot;,&quot;minimize_box&quot;:&quot;yes&quot;,&quot;icon&quot;:{&quot;value&quot;:&quot;fas fa-circle&quot;,&quot;library&quot;:&quot;fa-solid&quot;,&quot;rendered_tag&quot;:&quot;&lt;svg class=\\&quot;e-font-icon-svg e-fas-circle\\&quot; viewBox=\\&quot;0 0 512 512\\&quot; xmlns=\\&quot;http:\\\/\\\/www.w3.org\\\/2000\\\/svg\\&quot;&gt;&lt;path d=\\&quot;M256 8C119 8 8 119 8 256s111 248 248 248 248-111 248-248S393 8 256 8z\\&quot;&gt;&lt;\\\/path&gt;&lt;\\\/svg&gt;&quot;},&quot;minimized_on&quot;:&quot;tablet&quot;,&quot;hierarchical_view&quot;:&quot;yes&quot;,&quot;min_height&quot;:{&quot;unit&quot;:&quot;px&quot;,&quot;size&quot;:&quot;&quot;,&quot;sizes&quot;:[]},&quot;min_height_tablet&quot;:{&quot;unit&quot;:&quot;px&quot;,&quot;size&quot;:&quot;&quot;,&quot;sizes&quot;:[]},&quot;min_height_mobile&quot;:{&quot;unit&quot;:&quot;px&quot;,&quot;size&quot;:&quot;&quot;,&quot;sizes&quot;:[]}}\" data-widget_type=\"table-of-contents.default\">\n\t\t\t\t\t\t\t\t\t<div class=\"elementor-toc__header\">\n\t\t\t\t\t\t<h2 class=\"elementor-toc__header-title\">\n\t\t\t\t\u00cdndex\t\t\t<\/h2>\n\t\t\t\t\t\t\t\t\t\t<div class=\"elementor-toc__toggle-button elementor-toc__toggle-button--expand\" role=\"button\" tabindex=\"0\" aria-controls=\"elementor-toc__1c30362\" aria-expanded=\"true\" aria-label=\"Open table of contents\"><svg aria-hidden=\"true\" class=\"e-font-icon-svg e-fas-chevron-down\" viewBox=\"0 0 448 512\" xmlns=\"http:\/\/www.w3.org\/2000\/svg\"><path d=\"M207.029 381.476L12.686 187.132c-9.373-9.373-9.373-24.569 0-33.941l22.667-22.667c9.357-9.357 24.522-9.375 33.901-.04L224 284.505l154.745-154.021c9.379-9.335 24.544-9.317 33.901.04l22.667 22.667c9.373 9.373 9.373 24.569 0 33.941L240.971 381.476c-9.373 9.372-24.569 9.372-33.942 0z\"><\/path><\/svg><\/div>\n\t\t\t\t<div class=\"elementor-toc__toggle-button elementor-toc__toggle-button--collapse\" role=\"button\" tabindex=\"0\" aria-controls=\"elementor-toc__1c30362\" aria-expanded=\"true\" aria-label=\"Close table of contents\"><svg aria-hidden=\"true\" class=\"e-font-icon-svg e-fas-chevron-up\" viewBox=\"0 0 448 512\" xmlns=\"http:\/\/www.w3.org\/2000\/svg\"><path d=\"M240.971 130.524l194.343 194.343c9.373 9.373 9.373 24.569 0 33.941l-22.667 22.667c-9.357 9.357-24.522 9.375-33.901.04L224 227.495 69.255 381.516c-9.379 9.335-24.544 9.317-33.901-.04l-22.667-22.667c-9.373-9.373-9.373-24.569 0-33.941L207.03 130.525c9.372-9.373 24.568-9.373 33.941-.001z\"><\/path><\/svg><\/div>\n\t\t\t\t\t<\/div>\n\t\t\t\t<div id=\"elementor-toc__1c30362\" class=\"elementor-toc__body\">\n\t\t\t<div class=\"elementor-toc__spinner-container\">\n\t\t\t\t<svg class=\"elementor-toc__spinner eicon-animation-spin e-font-icon-svg e-eicon-loading\" aria-hidden=\"true\" viewBox=\"0 0 1000 1000\" xmlns=\"http:\/\/www.w3.org\/2000\/svg\"><path d=\"M500 975V858C696 858 858 696 858 500S696 142 500 142 142 304 142 500H25C25 237 238 25 500 25S975 237 975 500 763 975 500 975Z\"><\/path><\/svg>\t\t\t<\/div>\n\t\t<\/div>\n\t\t\t\t\t\t<\/div>\n\t\t\t\t<\/div>\n\t\t\t\t\t<\/div>\n\t\t\t\t<\/div>\n\t\t<div class=\"elementor-element elementor-element-herorght0 e-con-full e-flex e-con e-child\" data-id=\"herorght0\" data-element_type=\"container\" data-e-type=\"container\">\n\t\t\t\t<div class=\"elementor-element elementor-element-heroimg00 iwg-hero-image elementor-widget elementor-widget-image\" data-id=\"heroimg00\" data-element_type=\"widget\" data-e-type=\"widget\" data-widget_type=\"image.default\">\n\t\t\t\t\t\t\t\t\t\t\t\t\t\t\t<img fetchpriority=\"high\" decoding=\"async\" width=\"683\" height=\"1024\" src=\"https:\/\/iwell-guard.com\/wp-content\/uploads\/2026\/04\/lichtwesen_lichtkreuz-683x1024.webp\" class=\"attachment-large size-large wp-image-1627\" alt=\"Lichtkreuz\" srcset=\"https:\/\/iwell-guard.com\/wp-content\/uploads\/2026\/04\/lichtwesen_lichtkreuz-683x1024.webp 683w, https:\/\/iwell-guard.com\/wp-content\/uploads\/2026\/04\/lichtwesen_lichtkreuz-200x300.webp 200w, https:\/\/iwell-guard.com\/wp-content\/uploads\/2026\/04\/lichtwesen_lichtkreuz-768x1152.webp 768w, https:\/\/iwell-guard.com\/wp-content\/uploads\/2026\/04\/lichtwesen_lichtkreuz.webp 1024w\" sizes=\"(max-width: 683px) 100vw, 683px\" \/>\t\t\t\t\t\t\t\t\t\t\t\t\t\t\t<\/div>\n\t\t\t\t<\/div>\n\t\t\t\t\t<\/div>\n\t\t\t\t<\/div>\n\t\t\t\t<section class=\"elementor-section elementor-top-section elementor-element elementor-element-sec-iwgcomp2-lichtkreuz elementor-section-boxed elementor-section-height-default elementor-section-height-default\" data-id=\"sec-iwgcomp2-lichtkreuz\" data-element_type=\"section\" data-e-type=\"section\">\n\t\t\t\t\t\t<div class=\"elementor-container elementor-column-gap-default\">\n\t\t\t\t\t<div class=\"elementor-column elementor-col-100 elementor-top-column elementor-element elementor-element-col-iwgcomp2-lichtkreuz\" data-id=\"col-iwgcomp2-lichtkreuz\" data-element_type=\"column\" data-e-type=\"column\">\n\t\t\t<div class=\"elementor-widget-wrap elementor-element-populated\">\n\t\t\t\t\t\t<div class=\"elementor-element elementor-element-iwgcomp2-lichtkreuz elementor-widget elementor-widget-text-editor\" data-id=\"iwgcomp2-lichtkreuz\" data-element_type=\"widget\" data-e-type=\"widget\" data-widget_type=\"text-editor.default\">\n\t\t\t\t\t\t\t\t\t<p>El Lichtkreuz activa les funcions d&#8217;<strong>\u00e9sser de llum<\/strong> dins l&#8217;esquema d&#8217;aplicaci\u00f3.<\/p>\t\t\t\t\t\t\t\t<\/div>\n\t\t\t\t\t<\/div>\n\t\t<\/div>\n\t\t\t\t\t<\/div>\n\t\t<\/section>\n\t\t<div class=\"elementor-element elementor-element-wmd-s1 e-con-boxed e-flex e-con e-parent\" data-id=\"wmd-s1\" data-element_type=\"container\" data-e-type=\"container\">\n\t\t\t\t\t<div class=\"e-con-inner\">\n\t\t\t\t<div class=\"elementor-element elementor-element-wmd-h1 elementor-widget elementor-widget-heading\" data-id=\"wmd-h1\" data-element_type=\"widget\" data-e-type=\"widget\" data-widget_type=\"heading.default\">\n\t\t\t\t\t<h2 class=\"elementor-heading-title elementor-size-default\">Visi\u00f3 r\u00e0pida: Lichtkreuz<\/h2>\t\t\t\t<\/div>\n\t\t<div class=\"elementor-element elementor-element-wmd-s1-bw e-flex e-con-boxed e-con e-parent\" data-id=\"wmd-s1-bw\" data-element_type=\"container\" data-e-type=\"container\" data-settings=\"{&quot;background_background&quot;:&quot;classic&quot;}\">\n\t\t\t\t\t<div class=\"e-con-inner\">\n\t\t\t\t<div class=\"elementor-element elementor-element-wmd-t1 elementor-widget elementor-widget-text-editor\" data-id=\"wmd-t1\" data-element_type=\"widget\" data-e-type=\"widget\" data-widget_type=\"text-editor.default\">\n\t\t\t\t\t\t\t\t\t<p><strong>Tipus:<\/strong> <span class=\"iwg-fachbegriff\" data-tooltip=\"Un signe que representa una idea o significat.\" tabindex=\"0\">S\u00edmbol<\/span> de protecci\u00f3 energ\u00e8tica, estructura geom\u00e8trica. Tradici\u00f3: m\u00edstica cristiana (rosacreuisme), cabal\u00edstica, <span class=\"iwg-fachbegriff\" data-tooltip=\"Terme gen\u00e8ric per a doctrines que pretenen un coneixement ocult, accessible nom\u00e9s a iniciats.\" tabindex=\"0\">esoterisme<\/span> universal. Funci\u00f3: protecci\u00f3 suprema, harmonitzaci\u00f3 dels quatre plans, arrelament en l&#8217;ordre c\u00f2smic. Atributs\/s\u00edmbols principals: creu de bra\u00e7os iguals, quatre punts cardinals, llum blanca-daurada. Difusi\u00f3: <span class=\"iwg-fachbegriff\" tabindex=\"0\" data-tooltip=\"Corrent religi\u00f3s centrat en l'experi\u00e8ncia directa de D\u00e9u; central en la tradici\u00f3 jueva, cristiana i isl\u00e0mica.\">m\u00edstica<\/span> cristiana, rosacreuisme, alta esoterisme occidental, iWell Guard<\/p>\t\t\t\t\t\t\t\t<\/div>\n\t\t\t\t\t<\/div>\n\t\t\t\t<\/div>\n\t\t\t\t\t<\/div>\n\t\t\t\t<\/div>\n\t\t<div class=\"elementor-element elementor-element-wmd-s2 e-con-boxed e-flex e-con e-parent\" data-id=\"wmd-s2\" data-element_type=\"container\" data-e-type=\"container\">\n\t\t\t\t\t<div class=\"e-con-inner\">\n\t\t\t\t<div class=\"elementor-element elementor-element-wmd-h2 elementor-widget elementor-widget-heading\" data-id=\"wmd-h2\" data-element_type=\"widget\" data-e-type=\"widget\" data-widget_type=\"heading.default\">\n\t\t\t\t\t<h2 class=\"elementor-heading-title elementor-size-default\">Introducci\u00f3<\/h2>\t\t\t\t<\/div>\n\t\t<div class=\"elementor-element elementor-element-wmd-s2-bw e-flex e-con-boxed e-con e-parent\" data-id=\"wmd-s2-bw\" data-element_type=\"container\" data-e-type=\"container\" data-settings=\"{&quot;background_background&quot;:&quot;classic&quot;}\">\n\t\t\t\t\t<div class=\"e-con-inner\">\n\t\t\t\t<div class=\"elementor-element elementor-element-wmd-t2 elementor-widget elementor-widget-text-editor\" data-id=\"wmd-t2\" data-element_type=\"widget\" data-e-type=\"widget\" data-widget_type=\"text-editor.default\">\n\t\t\t\t\t\t\t\t\t<h3>Tradici\u00f3<\/h3><p>La creu de bra\u00e7os iguals, el Lichtkreuz, \u00e9s en la <span class=\"iwg-fachbegriff\" data-tooltip=\"Corrent religi\u00f3s centrat en l'experi\u00e8ncia immediata de D\u00e9u.\" tabindex=\"0\">m\u00edstica<\/span> occidental molt m\u00e9s antiga que el cristianisme; representa els quatre punts cardinals i els quatre elements. En el rosacreuisme (orde cristi\u00e0 esot\u00e8ric del Renaixement), la creu no es va entendre com un s\u00edmbol d&#8217;execuci\u00f3, sin\u00f3 com la uni\u00f3 del pla horitzontal (mat\u00e8ria, arrelament) i del vertical (<span class=\"iwg-fachbegriff\" data-tooltip=\"Un \u00e9sser incorpori al qual s'atribueix una acci\u00f3 en el m\u00f3n.\" tabindex=\"0\">esperit<\/span>, cel).<\/p><p>En la <span class=\"iwg-fachbegriff\" tabindex=\"0\" data-tooltip=\"M\u00edstica jueva amb obres principals com el Sefer Yetzir\u00e0, el Zohar i l'escola luri\u00e0nica; doctrina de les Sefirot, el Tetragrama i el Tikkun.\">c\u00e0bala<\/span> la creu correspon a l&#8217;equilibri entre les columnes (for\u00e7a i gr\u00e0cia) al voltant de la columna central de la totalitat. En iWell Guard el Lichtkreuz no \u00e9s religi\u00f3s, sin\u00f3 estructural: \u00e9s la base geom\u00e8trica sobre la qual s&#8217;organitzen totes les energies dels \u00e9ssers de llum i mitjan\u00e7ant la qual es protegeix la humanitat.<\/p><h3>Estat de les fonts<\/h3><p>Fonts simb\u00f2liques i hist\u00f2riques: representacions prehist\u00f2riques de la creu solar, s\u00edmbols de creu celtes i germ\u00e0nics, literatura rosacreu (especialment la \u00abFama Fraternitatis\u00bb del segle XVII), textos cabal\u00edstics sobre la creu com a estructura d&#8217;equilibri.<\/p><p>M\u00edstics cristians com Meister Eckhart van interpretar la creu com un <span class=\"iwg-fachbegriff\" data-tooltip=\"Un signe que representa una idea o significat.\" tabindex=\"0\">s\u00edmbol<\/span> de transcend\u00e8ncia, no de patiment. La literatura esot\u00e8rica moderna sobre geometria sagrada emfasitza la creu com a <span class=\"iwg-fachbegriff\" data-tooltip=\"Un signe que representa una idea o significat.\" tabindex=\"0\">s\u00edmbol<\/span> universal de protecci\u00f3 i organitzaci\u00f3, independent de la religi\u00f3.<\/p><div><h3>Geometria i distinci\u00f3 respecte a la creu llatina<\/h3><p>La creu de bra\u00e7os iguals, anomenada Lichtkreuz en la tradici\u00f3 d&#8217;iWell Guard, \u00e9s una forma geom\u00e8trica amb quatre bra\u00e7os d&#8217;igual longitud que es tallen en angle recte. Es diferencia de la creu llatina (en llat\u00ed <em>crux immissa<\/em>), establerta en la tradici\u00f3 cat\u00f2lica romana amb una proporci\u00f3 de 1:1,6 (bra\u00e7 superior respecte a l&#8217;inferior) com a <span class=\"iwg-fachbegriff\" data-tooltip=\"Un signe que representa una idea o significat.\" tabindex=\"0\">s\u00edmbol<\/span> de la Passi\u00f3.<\/p><p>La creu de bra\u00e7os iguals es denomina en la simbologia cristiana <em>crux quadrata<\/em> i \u00e9s, des del punt de vista de la hist\u00f2ria de les religions, m\u00e9s antiga que la forma llatina. Es troba en l&#8217;<span class=\"iwg-fachbegriff\" data-tooltip=\"\u00c8poca de la cultura grega i romana, aproximadament del 800 aC al 600 dC.\" tabindex=\"0\">antiguitat<\/span> preromana, en l&#8217;art paleocristi\u00e0 (catacumbes, sarc\u00f2fags), com a forma est\u00e0ndard en la tradici\u00f3 bizantina i, en la tradici\u00f3 copta ortodoxa, com a <em>crux ansata<\/em> (amb una part superior en forma d&#8217;anella que recorda el <span class=\"iwg-fachbegriff\" data-tooltip=\"Un signe que representa una idea o significat.\" tabindex=\"0\">s\u00edmbol<\/span> ankh).<\/p><p>La simetria de la creu de bra\u00e7os iguals \u00e9s decisiva des del punt de vista de la sem\u00e0ntica religiosa: mentre que la creu llatina, com a <span class=\"iwg-fachbegriff\" data-tooltip=\"Un signe que representa una idea o significat.\" tabindex=\"0\">s\u00edmbol<\/span> de la Passi\u00f3, t\u00e9 una dimensi\u00f3 temporal (a dalt el cel, a baix la terra, amb Crist com a mediador), la creu de bra\u00e7os iguals \u00e9s sim\u00e8trica en l&#8217;espai i actua per igual en les quatre direccions. Aquesta simetria \u00e9s la ra\u00f3 per la qual, en la tradici\u00f3 del camp de protecci\u00f3, es considera el s\u00edmbol de protecci\u00f3 suprem.<\/p><\/div>\t\t\t\t\t\t\t\t<\/div>\n\t\t\t\t\t<\/div>\n\t\t\t\t<\/div>\n\t\t\t\t\t<\/div>\n\t\t\t\t<\/div>\n\t\t<div class=\"elementor-element elementor-element-wmd-s3 e-con-boxed e-flex e-con e-parent\" data-id=\"wmd-s3\" data-element_type=\"container\" data-e-type=\"container\">\n\t\t\t\t\t<div class=\"e-con-inner\">\n\t\t\t\t<div class=\"elementor-element elementor-element-wmd-h3 elementor-widget elementor-widget-heading\" data-id=\"wmd-h3\" data-element_type=\"widget\" data-e-type=\"widget\" data-widget_type=\"heading.default\">\n\t\t\t\t\t<h2 class=\"elementor-heading-title elementor-size-default\">Aparen\u00e7a i s\u00edmbols<\/h2>\t\t\t\t<\/div>\n\t\t<div class=\"elementor-element elementor-element-wmd-s3-bw e-flex e-con-boxed e-con e-parent\" data-id=\"wmd-s3-bw\" data-element_type=\"container\" data-e-type=\"container\" data-settings=\"{&quot;background_background&quot;:&quot;classic&quot;}\">\n\t\t\t\t\t<div class=\"e-con-inner\">\n\t\t\t\t<div class=\"elementor-element elementor-element-wmd-t3 elementor-widget elementor-widget-text-editor\" data-id=\"wmd-t3\" data-element_type=\"widget\" data-e-type=\"widget\" data-widget_type=\"text-editor.default\">\n\t\t\t\t\t\t\t\t\t<p>La creu de llum es visualitza com dos travessers de llum que es tallen en angle recte, sovint de color blanc daurat, de vegades amb raigs de colors als quatre bra\u00e7os (nord: blau, sud: vermell, est: daurat, oest: verd). La creu pot ser plana o tridimensional, sovint amb un centre radiant on es troben els bra\u00e7os.<\/p><p>En les pr\u00e0ctiques energ\u00e8tiques, la creu de llum s&#8217;ent\u00e9n de manera tridimensional: s&#8217;est\u00e9n cap amunt (cap al cel), cap avall (cap a la terra), i cap endavant i endarrere (en totes les dimensions). El centre \u00e9s el lloc de la persona o de l&#8217;indret que es protegeix. La llum actua de manera imm\u00f2bil, clara i ordenadora.<\/p><div><h3>Formes d&#8217;aparici\u00f3 transculturals<\/h3><p>La creu de bra\u00e7os iguals apareix en pr\u00e0cticament totes les cultures desenvolupades, amb denominacions i c\u00e0rregues sem\u00e0ntiques pr\u00f2pies. La <em>creu celta<\/em> combina la creu de bra\u00e7os iguals amb un cercle que l&#8217;envolta i apareix des del segle VIII en les altes creus irlandeses, les creus de Sant Andreu escoceses i les pedres gal\u00b7leses.<\/p><p>La <em>roda solar<\/em> (tradici\u00f3 germ\u00e0nica i eslava) uneix la forma de la creu de bra\u00e7os iguals amb el simbolisme solar i est\u00e0 documentada en gravats rupestres de l&#8217;edat del bronze, aix\u00ed com en la cultura de Hallstatt i de La T\u00e8ne.<\/p><p>La <em>creu hopi<\/em> de la tradici\u00f3 pueblo nord-americana consisteix en una creu de bra\u00e7os iguals dins d&#8217;un cercle i \u00e9s un signe dels quatre punts cardinals i del centre. Al Tibet li correspon la <em>roda del <span class=\"iwg-fachbegriff\" data-tooltip=\"En les religions \u00edndies, la doctrina i l'ordre correcte de l'acci\u00f3.\" tabindex=\"0\">Dharma<\/span><\/em> amb vuit radis, com el Noble Cam\u00ed \u00d2ctuple del Buda; la forma est\u00e0 documentada m\u00e9s antigament en les columnes d&#8217;Ashoka (segle III aC).<\/p><p>En la tradici\u00f3 jueva, la creu de bra\u00e7os iguals no apareix directament, per\u00f2 s\u00ed l&#8217;hexagrama emparentat (l&#8217;estel de David), format per dos triangles superposats, que presenta una l\u00f2gica de simetria an\u00e0loga. La cultura visual isl\u00e0mica no coneix la creu de bra\u00e7os iguals com a <span class=\"iwg-fachbegriff\" data-tooltip=\"Un signe que representa una idea o un significat.\" tabindex=\"0\">s\u00edmbol<\/span> religi\u00f3s, per\u00f2 s\u00ed com a figura geom\u00e8trica b\u00e0sica en l&#8217;ornamentaci\u00f3 de l&#8217;arquitectura magrib\u00ed-andalusina (l&#8217;Alhambra, l&#8217;Alc\u00e1zar).<\/p><\/div>\t\t\t\t\t\t\t\t<\/div>\n\t\t\t\t\t<\/div>\n\t\t\t\t<\/div>\n\t\t\t\t\t<\/div>\n\t\t\t\t<\/div>\n\t\t<div class=\"elementor-element elementor-element-wmd-s4 e-con-boxed e-flex e-con e-parent\" data-id=\"wmd-s4\" data-element_type=\"container\" data-e-type=\"container\">\n\t\t\t\t\t<div class=\"e-con-inner\">\n\t\t\t\t<div class=\"elementor-element elementor-element-wmd-h4 elementor-widget elementor-widget-heading\" data-id=\"wmd-h4\" data-element_type=\"widget\" data-e-type=\"widget\" data-widget_type=\"heading.default\">\n\t\t\t\t\t<h2 class=\"elementor-heading-title elementor-size-default\">Funci\u00f3 i significat<\/h2>\t\t\t\t<\/div>\n\t\t<div class=\"elementor-element elementor-element-wmd-s4-bw e-flex e-con-boxed e-con e-parent\" data-id=\"wmd-s4-bw\" data-element_type=\"container\" data-e-type=\"container\" data-settings=\"{&quot;background_background&quot;:&quot;classic&quot;}\">\n\t\t\t\t\t<div class=\"e-con-inner\">\n\t\t\t\t<div class=\"elementor-element elementor-element-wmd-t4 elementor-widget elementor-widget-text-editor\" data-id=\"wmd-t4\" data-element_type=\"widget\" data-e-type=\"widget\" data-widget_type=\"text-editor.default\">\n\t\t\t\t\t\t\t\t\t<p>La creu de llum \u00e9s la base estructural de tota la feina de protecci\u00f3 d&#8217;iWell Guard. Encarna l&#8217;equilibri entre quatre grans forces: Nord (saviesa\/foscor\/consci\u00e8ncia), Sud (for\u00e7a\/sol\/vida), Est (renovaci\u00f3\/llum\/esperan\u00e7a), Oest (final\/rep\u00f2s\/culminaci\u00f3). Harmonitza aquestes polaritats i crea un camp de totalitat.<\/p><p>La creu uneix tamb\u00e9 el Dalt (cel\/<span class=\"iwg-fachbegriff\" data-tooltip=\"Un \u00e9sser incorpori al qual s'atribueix una acci\u00f3 en el m\u00f3n.\" tabindex=\"0\">esperit<\/span>) i el Baix (terra\/mat\u00e8ria) en una l\u00ednia de totalitat. En sentit psicol\u00f2gic, encarna la integraci\u00f3 de totes les parts del jo en un ordre harmoni\u00f3s: no divisi\u00f3, sin\u00f3 unitat en la difer\u00e8ncia.<\/p><div><h3>Funci\u00f3 dins el <span class=\"iwg-fachbegriff\" data-tooltip=\"Una s\u00edl\u00b7laba o f\u00f3rmula sagrada que es repeteix a l'hinduisme i al budisme.\" tabindex=\"0\">mantra<\/span> de protecci\u00f3<\/h3><p>Dins el <span class=\"iwg-fachbegriff\" data-tooltip=\"Una s\u00edl\u00b7laba o f\u00f3rmula sagrada que es repeteix a l'hinduisme i al budisme.\" tabindex=\"0\">mantra<\/span> d&#8217;iWell Guard, la creu de llum \u00e9s el signe de protecci\u00f3 suprem contra la <span class=\"iwg-fachbegriff\" data-tooltip=\"Pr\u00e0ctiques que pretenen intervenir en el curs dels esdeveniments mitjan\u00e7ant accions o f\u00f3rmules especials.\" tabindex=\"0\">m\u00e0gia<\/span> negra. Aquesta posici\u00f3 es deriva de tres propietats de la forma. Primerament, de l&#8217;efecte espacialment sim\u00e8tric en les quatre direccions cardinals, que genera un camp de protecci\u00f3 sense punts febles ni escletxes.<\/p><p>Segonament, de la profunditat en la hist\u00f2ria de les religions: la creu de bra\u00e7os iguals \u00e9s m\u00e9s antiga que qualsevol tradici\u00f3 religiosa concreta que l&#8217;utilitza, i per tant no est\u00e0 lligada a cap <span class=\"iwg-fachbegriff\" data-tooltip=\"La doctrina cient\u00edfica sobre D\u00e9u i la fe d'una religi\u00f3.\" tabindex=\"0\">teologia<\/span> particular.<\/p><p>Tercerament, de l&#8217;estandarditzaci\u00f3 ritual-m\u00e0gica: en la tradici\u00f3 de l&#8217;Alba Daurada (<span class=\"iwg-fachbegriff\" tabindex=\"0\" data-tooltip=\"Samuel Liddell MacGregor Mathers (1854\u20131918); cofundador de l'Alba Daurada, traductor de la Goetia.\">Mathers<\/span>, Westcott, Westcott; des de 1888), la creu de bra\u00e7os iguals \u00e9s la forma base de l&#8217;exercici Lesser Banishing <span class=\"iwg-fachbegriff\" data-tooltip=\"Una seq\u00fc\u00e8ncia reglada d'accions simb\u00f2liques amb significat religi\u00f3s o cultural.\" tabindex=\"0\">Ritual<\/span> of the Pentagram, en qu\u00e8 els quatre arc\u00e0ngels (Rafael, Miquel, Gabriel, Uriel) s&#8217;assignen a les quatre direccions cardinals.<\/p><p>La seq\u00fc\u00e8ncia de protecci\u00f3 integrada en l&#8217;iWell Guard activa la creu de llum com a <span class=\"iwg-fachbegriff\" data-tooltip=\"Un signe que representa una idea o significat.\" tabindex=\"0\">s\u00edmbol<\/span> d&#8217;embolcall energ\u00e8tic, que protegeix qui el porta per igual en totes les direccions.<\/p><p>La creu de llum no \u00e9s una inst\u00e0ncia que calgui invocar, sin\u00f3 una geometria que s&#8217;estableix autom\u00e0ticament a trav\u00e9s del <span class=\"iwg-fachbegriff\" tabindex=\"0\" data-tooltip=\"F\u00f3rmula ritual de s\u00edl\u00b7labes o paraules repetides amb efecte transformador; central en les tradicions \u00edndies, adaptada a Occident com a pr\u00e0ctica de decret.\">mantra<\/span>. Qui vulgui, a m\u00e9s, treballar conscientment amb la creu de llum, pot visualitzar-la com una creu de bra\u00e7os iguals a l&#8217;espai del pit, amb el punt d&#8217;encreuament al centre del cor.<\/p><\/div>\t\t\t\t\t\t\t\t<\/div>\n\t\t\t\t\t<\/div>\n\t\t\t\t<\/div>\n\t\t\t\t\t<\/div>\n\t\t\t\t<\/div>\n\t\t<div class=\"elementor-element elementor-element-wmd-s5 e-con-boxed e-flex e-con e-parent\" data-id=\"wmd-s5\" data-element_type=\"container\" data-e-type=\"container\">\n\t\t\t\t\t<div class=\"e-con-inner\">\n\t\t\t\t<div class=\"elementor-element elementor-element-wmd-h5 elementor-widget elementor-widget-heading\" data-id=\"wmd-h5\" data-element_type=\"widget\" data-e-type=\"widget\" data-widget_type=\"heading.default\">\n\t\t\t\t\t<h2 class=\"elementor-heading-title elementor-size-default\">Pr\u00e0ctica \/ invocaci\u00f3 \/ significat en el context d'iWell Guard<\/h2>\t\t\t\t<\/div>\n\t\t<div class=\"elementor-element elementor-element-wmd-s5-bw e-flex e-con-boxed e-con e-parent\" data-id=\"wmd-s5-bw\" data-element_type=\"container\" data-e-type=\"container\" data-settings=\"{&quot;background_background&quot;:&quot;classic&quot;}\">\n\t\t\t\t\t<div class=\"e-con-inner\">\n\t\t\t\t<div class=\"elementor-element elementor-element-wmd-t5 elementor-widget elementor-widget-text-editor\" data-id=\"wmd-t5\" data-element_type=\"widget\" data-e-type=\"widget\" data-widget_type=\"text-editor.default\">\n\t\t\t\t\t\t\t\t\t<p>A iWell Guard, la creu de llum \u00e9s la pr\u00e0ctica central i introduct\u00f2ria. La creu de llum es visualitza situant-se un mateix al centre d&#8217;una creu lluminosa, mentre una llum blanca i daurada s&#8217;est\u00e9n cap als quatre punts cardinals, cap amunt al cel i cap avall a la terra.<\/p><p>Mentre es tra\u00e7a la creu, sovint s&#8217;utilitzen paraules o una intenci\u00f3 per posar les quatre dimensions sota la protecci\u00f3 de l&#8217;ordre c\u00f2smic. La creu de llum \u00e9s protecci\u00f3 davant del negatiu i, al mateix temps, connexi\u00f3 amb l&#8217;ordre superior i l&#8217;amor universal. Totes les altres pr\u00e0ctiques de la tradici\u00f3 d&#8217;\u00e9ssers de llum es construeixen sobre la creu de llum com a fonament estructural.<\/p><div><h3>La creu de llum i la tradici\u00f3 ritual-m\u00e0gica<\/h3><p>L&#8217;\u00fas ritual-m\u00e0gic de la creu de bra\u00e7os iguals est\u00e0 documentat des de l&#8217;<span class=\"iwg-fachbegriff\" data-tooltip=\"\u00c8poca de transici\u00f3 entre l'antiguitat i l'edat mitjana, aproximadament del segle III al VII.\" tabindex=\"0\">Antiguitat tardana<\/span>. En els grimoris salom\u00f2nics (<span class=\"iwg-fachbegriff\" tabindex=\"0\" data-tooltip=\"Manuscrit compilatori de la m\u00e0gia ritual de l'edat moderna, format per cinc llibres (Goetia, Theurgia-Goetia, Ars Paulina, Ars Almadel, Ars Notoria); segle XVII.\">Lemegeton<\/span>, <span class=\"iwg-fachbegriff\" tabindex=\"0\" data-tooltip=\"Manuscrit compilatori jueu medieval que presenta noms m\u00e0gics d'\u00e0ngels, talismans i f\u00f3rmules de protecci\u00f3 en nom de Salom\u00f3.\">Sefer Raziel HaMalakh<\/span>) apareix com a marca al terra del cercle m\u00e0gic, sovint combinada amb el pentagrama i l&#8217;hexagrama.<\/p><p>En la tradici\u00f3 enoquiana de John Dee, la creu de bra\u00e7os iguals \u00e9s l&#8217;estructura b\u00e0sica del segell de la taula de cera, que servia com a aparell receptor per a les comunicacions dels <span class=\"iwg-fachbegriff\" data-tooltip=\"En les religions abrah\u00e0miques, un \u00e9sser missatger celestial de D\u00e9u.\" tabindex=\"0\">\u00e0ngels<\/span>. En la tradici\u00f3 moderna dels treballadors de llum (Elizabeth Clare Prophet, Geraldine Innocente, l&#8217;escola de Saint-Germain), la creu de llum s&#8217;utilitza com a eina visual per a la <span class=\"iwg-fachbegriff\" data-tooltip=\"L'acte d'adre\u00e7ar-se a una divinitat o poder, sigui pregant-la o invocant-la.\" tabindex=\"0\">invocaci\u00f3<\/span> de la flama violeta.<\/p><p>L&#8217;\u00fas que en fa iWell Guard se situa en la l\u00ednia de la tradici\u00f3 de l&#8217;Alba Daurada i de l&#8217;escola dels treballadors de llum, sense adoptar-ne el context espec\u00edfic. Redueix la forma a la seva funci\u00f3 essencial: un signe de protecci\u00f3 sim\u00e8tric en l&#8217;espai, que funciona sense cap aparell cultual i que \u00e9s compatible amb qualsevol tradici\u00f3. Trobareu una visi\u00f3 detallada de les capes del <span class=\"iwg-fachbegriff\" tabindex=\"0\" data-tooltip=\"F\u00f3rmula ritual repetida de s\u00edl\u00b7labes o paraules amb efecte transformador; central en les tradicions \u00edndies.\">mantra<\/span> a <a href=\"https:\/\/iwell-guard.com\/ca\/?page_id=171627\">Visi\u00f3 general de la funci\u00f3 del mantra de protecci\u00f3<\/a>.<\/p><\/div>\t\t\t\t\t\t\t\t<\/div>\n\t\t\t\t\t<\/div>\n\t\t\t\t<\/div>\n\t\t\t\t\t<\/div>\n\t\t\t\t<\/div>\n\t\t<div class=\"elementor-element elementor-element-wmd-s6 e-con-boxed e-flex e-con e-parent\" data-id=\"wmd-s6\" data-element_type=\"container\" data-e-type=\"container\">\n\t\t\t\t\t<div class=\"e-con-inner\">\n\t\t\t\t<div class=\"elementor-element elementor-element-wmd-h6 elementor-widget elementor-widget-heading\" data-id=\"wmd-h6\" data-element_type=\"widget\" data-e-type=\"widget\" data-widget_type=\"heading.default\">\n\t\t\t\t\t<h2 class=\"elementor-heading-title elementor-size-default\">Paral\u00b7lelismes<\/h2>\t\t\t\t<\/div>\n\t\t<div class=\"elementor-element elementor-element-wmd-s6-bw e-flex e-con-boxed e-con e-parent\" data-id=\"wmd-s6-bw\" data-element_type=\"container\" data-e-type=\"container\" data-settings=\"{&quot;background_background&quot;:&quot;classic&quot;}\">\n\t\t\t\t\t<div class=\"e-con-inner\">\n\t\t\t\t<div class=\"elementor-element elementor-element-wmd-t6 elementor-widget elementor-widget-text-editor\" data-id=\"wmd-t6\" data-element_type=\"widget\" data-e-type=\"widget\" data-widget_type=\"text-editor.default\">\n\t\t\t\t\t\t\t\t\t<footer class=\"iwg-literatur\" data-nosnippet=\"true\"><p>Trobareu formes paral\u00b7leles a la creu de llum en: el <em><span class=\"iwg-fachbegriff\" data-tooltip=\"Diagrama circular que, en l'hinduisme i el budisme, representa el cosmos.\" tabindex=\"0\">mandala<\/span><\/em> tibet\u00e0 (<span class=\"iwg-fachbegriff\" data-tooltip=\"Un signe que representa una idea o un significat.\" tabindex=\"0\">s\u00edmbol<\/span> c\u00f2smic d&#8217;ordre), el <em>Ba Gua<\/em> xin\u00e8s (els vuit trigrames com a equilibri), l&#8217;<em>ankh<\/em> egipci (creu amb cercle, <span class=\"iwg-fachbegriff\" data-tooltip=\"Un signe que representa una idea o un significat.\" tabindex=\"0\">s\u00edmbol<\/span> d&#8217;eternitat), la <em>sv\u00e0stica<\/em> \u00edndia en el seu significat original (roda solar, equilibri c\u00f2smic), i la roda de la medicina de moltes cultures ind\u00edgenes (els quatre punts cardinals com a ordre sagrat).<\/p><p>Totes elles encarnen la uni\u00f3 d&#8217;oposats en una estructura harm\u00f2nica i c\u00f2smica.<\/p><\/footer>\t\t\t\t\t\t\t\t<\/div>\n\t\t\t\t\t<\/div>\n\t\t\t\t<\/div>\n\t\t\t\t\t<\/div>\n\t\t\t\t<\/div>\n\t\t<div class=\"elementor-element elementor-element-iwgcd-lichtkre-sec e-flex e-con-boxed e-con e-parent\" data-id=\"iwgcd-lichtkre-sec\" data-element_type=\"container\" data-e-type=\"container\" id=\"iwg-cd-lichtkreuz\">\n\t\t\t\t\t<div class=\"e-con-inner\">\n\t\t<div class=\"elementor-element elementor-element-iwgcd-lichtkre-inner e-flex e-con-boxed e-con e-parent\" data-id=\"iwgcd-lichtkre-inner\" data-element_type=\"container\" data-e-type=\"container\" data-settings=\"{&quot;background_background&quot;:&quot;classic&quot;}\">\n\t\t\t\t\t<div class=\"e-con-inner\">\n\t\t\t\t<div class=\"elementor-element elementor-element-iwgcd-lichtkre-h elementor-widget elementor-widget-heading\" data-id=\"iwgcd-lichtkre-h\" data-element_type=\"widget\" data-e-type=\"widget\" data-widget_type=\"heading.default\">\n\t\t\t\t\t<h2 class=\"elementor-heading-title elementor-size-default\">Connexi\u00f3 amb l'iWell Guard<\/h2>\t\t\t\t<\/div>\n\t\t\t\t<div class=\"elementor-element elementor-element-iwgcd-lichtkre-t elementor-widget elementor-widget-text-editor\" data-id=\"iwgcd-lichtkre-t\" data-element_type=\"widget\" data-e-type=\"widget\" data-widget_type=\"text-editor.default\">\n\t\t\t\t\t\t\t\t\t<p>La creu de llum de bra\u00e7os iguals \u00e9s, dins d&#8217;iWell Guard, el signe de protecci\u00f3 central del nivell de connexi\u00f3 5, junt amb la Font Primig\u00e8nia.<\/p>\t\t\t\t\t\t\t\t<\/div>\n\t\t\t\t<div class=\"elementor-element elementor-element-iwgcd-lichtkre-b iwg-cd-button iwg-cd-cta-2026-05-13 elementor-widget elementor-widget-jet-button\" data-id=\"iwgcd-lichtkre-b\" data-element_type=\"widget\" data-e-type=\"widget\" data-widget_type=\"jet-button.default\">\n\t\t\t\t<div class=\"elementor-widget-container\">\n\t\t\t\t\t<div class=\"elementor-jet-button jet-elements\"><div class=\"jet-button__container\"><a class=\"jet-button__instance jet-button__instance--icon-left hover-effect-1\" href=\"\/ueber-iwell-guard\/?utm_source=iwell-guard.com&amp;utm_medium=info-box&amp;utm_campaign=lichtwesen-kosmologie\"><div class=\"jet-button__plane jet-button__plane-normal\"><\/div><div class=\"jet-button__plane jet-button__plane-hover\"><\/div><div class=\"jet-button__state jet-button__state-normal\"><span class=\"jet-button__label\">Estructura i funcionament<\/span><\/div><div class=\"jet-button__state jet-button__state-hover\"><span class=\"jet-button__label\">Estructura i funcionament<\/span><\/div><\/a><\/div><\/div><style>.elementor-element.elementor-element-iwgcd-lichtkre-b .jet-button__instance{width:320px;height:56px;}.elementor-element.elementor-element-iwgcd-lichtkre-b .jet-button__state-normal .jet-button__label{text-align:center;margin:0px 0px 0px 0px;color:#1a1b20;font-family:Montserrat,sans-serif;font-size:13px;font-weight:400;letter-spacing:4px;line-height:1.714em;text-transform:uppercase;}.elementor-element.elementor-element-iwgcd-lichtkre-b .jet-button__state-hover .jet-button__label{text-align:center;margin:0px 0px 0px 0px;color:#FECC76;font-family:Montserrat,sans-serif;font-size:13px;font-weight:400;letter-spacing:4px;line-height:1.714em;text-transform:uppercase;}.elementor-element.elementor-element-iwgcd-lichtkre-b .jet-button__plane-normal{background-color:#FECC76;border-style:solid;border-color:#C99540;border-width:2px 2px 2px 2px;}.elementor-element.elementor-element-iwgcd-lichtkre-b .jet-button__plane-hover{background-color:rgba(0,0,0,0.55);border-style:solid;border-color:#FECC76;border-width:2px 2px 2px 2px;}<\/style>\t\t\t\t<\/div>\n\t\t\t\t<\/div>\n\t\t\t\t<div class=\"elementor-element elementor-element-iwgcd-lichtkre-d elementor-widget elementor-widget-text-editor\" data-id=\"iwgcd-lichtkre-d\" data-element_type=\"widget\" data-e-type=\"widget\" data-widget_type=\"text-editor.default\">\n\t\t\t\t\t\t\t\t\t<div data-nosnippet=\"true\"><p style=\"text-align:center;font-size:13px;opacity:0.7;margin-top:14px\" data-nosnippet=\"true\">Les direccions d&#8217;efecte es descriuen exclusivament de manera funcional. No \u00e9s un producte sanitari. No hi ha promesa de curaci\u00f3.<\/p><\/div>\t\t\t\t\t\t\t\t<\/div>\n\t\t\t\t\t<\/div>\n\t\t\t\t<\/div>\n\t\t\t\t\t<\/div>\n\t\t\t\t<\/div>\n\t\t<div class=\"elementor-element elementor-element-cpd13a037 e-flex e-con-boxed e-con e-parent\" data-id=\"cpd13a037\" data-element_type=\"container\" data-e-type=\"container\">\n\t\t\t\t\t<div class=\"e-con-inner\">\n\t\t\t\t<div class=\"elementor-element elementor-element-cpead84f2 elementor-widget elementor-widget-heading\" data-id=\"cpead84f2\" data-element_type=\"widget\" data-e-type=\"widget\" data-widget_type=\"heading.default\">\n\t\t\t\t\t<h2 class=\"elementor-heading-title elementor-size-default\">Classificaci\u00f3 com a concepte propi de la marca<\/h2>\t\t\t\t<\/div>\n\t\t<div class=\"elementor-element elementor-element-cpbc81c29 e-con-full e-flex e-con e-child\" data-id=\"cpbc81c29\" data-element_type=\"container\" data-e-type=\"container\">\n\t\t\t\t<div class=\"elementor-element elementor-element-cpc4125f9 elementor-widget elementor-widget-text-editor\" data-id=\"cpc4125f9\" data-element_type=\"widget\" data-e-type=\"widget\" data-widget_type=\"text-editor.default\">\n\t\t\t\t\t\t\t\t\t<p>La creu de llum no \u00e9s un terme transm\u00e8s d&#8217;una religi\u00f3 hist\u00f2rica o d&#8217;una <span class=\"iwg-fachbegriff\" data-tooltip=\"El conjunt de relats m\u00edtics transmesos sobre els d\u00e9us d'una cultura.\" tabindex=\"0\">mitologia<\/span>, sin\u00f3 un concepte utilitzat en el marc d&#8217;iWell Guard. Aquest origen \u00e9s essencial per entendre&#8217;l.<\/p><p>A difer\u00e8ncia de les figures procedents de textos antics, per a la creu de llum no existeixen escrits antics, ni troballes arqueol\u00f2giques, ni una hist\u00f2ria de transmissi\u00f3 pr\u00f2pia a la qual es pugui rec\u00f3rrer.<\/p><p>iWell Guard fa aquesta distinci\u00f3 de manera conscient i transparent. All\u00e0 on el lexic\u00f3 tracta \u00e9ssers i pr\u00e0ctiques hist\u00f2riques, es recolza en fonts i en la investigaci\u00f3.<\/p><p>All\u00e0 on utilitza termes propis de la marca com la creu de llum, es tracta de conceptes d&#8217;ordenaci\u00f3 i d&#8217;interpretaci\u00f3 de la seva pr\u00f2pia presentaci\u00f3, no de fets de la hist\u00f2ria de les religions. Aquesta separaci\u00f3 vol evitar que un concepte modern aparegui err\u00f2niament com a saviesa antiga.<\/p><p>Per tant, t\u00e9 sentit no llegir la creu de llum com un \u00e9sser hist\u00f2ric, sin\u00f3 com un punt de refer\u00e8ncia definit dins de la marca. El seu significat sorgeix del context de la resta de continguts d&#8217;iWell Guard i no d&#8217;una tradici\u00f3 externa. Qui vulgui situar el concepte hauria de considerar-lo en relaci\u00f3 amb les aportacions del lexic\u00f3 clarament identificades com a hist\u00f2riques.<\/p>\t\t\t\t\t\t\t\t<\/div>\n\t\t\t\t<\/div>\n\t\t\t\t\t<\/div>\n\t\t\t\t<\/div>\n\t\t<div class=\"elementor-element elementor-element-cp8c8637e e-flex e-con-boxed e-con e-parent\" data-id=\"cp8c8637e\" data-element_type=\"container\" data-e-type=\"container\">\n\t\t\t\t\t<div class=\"e-con-inner\">\n\t\t\t\t<div class=\"elementor-element elementor-element-cpf09a134 elementor-widget elementor-widget-heading\" data-id=\"cpf09a134\" data-element_type=\"widget\" data-e-type=\"widget\" data-widget_type=\"heading.default\">\n\t\t\t\t\t<h2 class=\"elementor-heading-title elementor-size-default\">Distinci\u00f3 respecte de la simbologia de la creu d'altres tradicions<\/h2>\t\t\t\t<\/div>\n\t\t<div class=\"elementor-element elementor-element-cpc56001c e-con-full e-flex e-con e-child\" data-id=\"cpc56001c\" data-element_type=\"container\" data-e-type=\"container\">\n\t\t\t\t<div class=\"elementor-element elementor-element-cp067dc23 elementor-widget elementor-widget-text-editor\" data-id=\"cp067dc23\" data-element_type=\"widget\" data-e-type=\"widget\" data-widget_type=\"text-editor.default\">\n\t\t\t\t\t\t\t\t\t<p>La paraula creu evoca de manera natural associacions amb s\u00edmbols religiosos, sobretot amb la creu cristiana, per\u00f2 tamb\u00e9 amb formes de creu d&#8217;altres cultures, com l&#8217;ankh de l&#8217;antic Egipte o diverses creus solars i rodes creuades. Cadascun d&#8217;aquests s\u00edmbols t\u00e9 una hist\u00f2ria i un significat propis, ben documentats. La creu de llum d&#8217;iWell Guard s&#8217;ha de distingir expl\u00edcitament d&#8217;aquests.<\/p><p>No es produeix ni s&#8217;afirma cap derivaci\u00f3 de contingut de la creu de llum a partir de la creu cristiana ni d&#8217;altres s\u00edmbols de creu hist\u00f2rics. Qui s&#8217;interessi per la simbologia hist\u00f2rica de les formes de creu trobar\u00e0 informaci\u00f3 rigorosa en els articles especialitzats corresponents, per exemple en l&#8217;entorn de les p\u00e0gines d&#8217;iWell Guard sobre <a href=\"https:\/\/iwell-guard.com\/ca\/?page_id=171653\">s\u00edmbols de protecci\u00f3<\/a>. All\u00e0 es tracten l&#8217;origen i l&#8217;\u00fas de s\u00edmbols documentats.<\/p><p>L&#8217;\u00fas del terme creu de llum dins de la marca s&#8217;ha de mantenir, doncs, deliberadament separat d&#8217;aquestes tradicions.<\/p><p>Es tracta d&#8217;un terme propi i de nou encunyament. iWell Guard renuncia a atribuir-li una pseudohist\u00f2ria i es limita a la seva funci\u00f3 dins del propi marc de presentaci\u00f3. Aquesta contenci\u00f3 respon a la voluntat del lexic\u00f3 de mantenir clarament separats els continguts hist\u00f2rics dels continguts propis de la marca.<\/p>\t\t\t\t\t\t\t\t<\/div>\n\t\t\t\t<\/div>\n\t\t\t\t\t<\/div>\n\t\t\t\t<\/div>\n\t\t\t\t<\/div>\n\t\t","protected":false},"excerpt":{"rendered":"","protected":false},"author":3,"featured_media":1627,"parent":0,"menu_order":0,"comment_status":"closed","ping_status":"closed","template":"elementor_header_footer","meta":{"_yoast_wpseo_focuskw":"Lichtkreuz","_yoast_wpseo_title":"El s\u00edmbol de protecci\u00f3 suprem i fonament d'iWell Guard","_yoast_wpseo_metadesc":"Lichtkreuz, s\u00edmbol universal de protecci\u00f3 dels quatre punts cardinals i fonament del camp de protecci\u00f3 d'iWell Guard. Geometria sagrada i funci\u00f3.","_yoast_wpseo_meta-robots-noindex":"","_yoast_wpseo_canonical":"","_angie_page":false,"gefaehrdungsstufe":"","wesen_kultur":"","wesen_klasse":"","footnotes":""},"categories":[],"class_list":["post-171447","page","type-page","status-publish","has-post-thumbnail","hentry"],"yoast_head":"<!-- This site is optimized with the Yoast SEO Premium plugin v27.7 (Yoast SEO v28.3) - https:\/\/yoast.com\/product\/yoast-seo-premium-wordpress\/ -->\n<title>El s\u00edmbol de protecci\u00f3 suprem i fonament d&#039;iWell Guard<\/title>\n<meta name=\"description\" content=\"Lichtkreuz, s\u00edmbol universal de protecci\u00f3 dels quatre punts cardinals i fonament del camp de protecci\u00f3 d&#039;iWell Guard. Geometria sagrada i funci\u00f3.\" \/>\n<meta name=\"robots\" content=\"index, follow, max-snippet:-1, max-image-preview:large, max-video-preview:-1\" \/>\n<link rel=\"canonical\" href=\"https:\/\/iwell-guard.com\/ca\/creu-de-llum\/\" \/>\n<meta property=\"og:locale\" content=\"ca_ES\" \/>\n<meta property=\"og:type\" content=\"article\" \/>\n<meta property=\"og:title\" content=\"Lichtkreuz\" \/>\n<meta property=\"og:description\" content=\"Lichtkreuz, s\u00edmbol universal de protecci\u00f3 dels quatre punts cardinals i fonament del camp de protecci\u00f3 d&#039;iWell Guard. Geometria sagrada i funci\u00f3.\" \/>\n<meta property=\"og:url\" content=\"https:\/\/iwell-guard.com\/ca\/creu-de-llum\/\" \/>\n<meta property=\"og:site_name\" content=\"iWell Guard\" \/>\n<meta property=\"article:modified_time\" content=\"2026-09-05T15:57:57+00:00\" \/>\n<meta property=\"og:image\" content=\"https:\/\/iwell-guard.com\/wp-content\/uploads\/2026\/04\/lichtwesen_lichtkreuz.webp\" \/>\n\t<meta property=\"og:image:width\" content=\"1024\" \/>\n\t<meta property=\"og:image:height\" content=\"1536\" \/>\n\t<meta property=\"og:image:type\" content=\"image\/webp\" \/>\n<meta name=\"twitter:card\" content=\"summary_large_image\" \/>\n<script type=\"application\/ld+json\" class=\"yoast-schema-graph\">{\"@context\":\"https:\\\/\\\/schema.org\",\"@graph\":[{\"@type\":\"WebPage\",\"@id\":\"https:\\\/\\\/iwell-guard.com\\\/ca\\\/creu-de-llum\\\/\",\"url\":\"https:\\\/\\\/iwell-guard.com\\\/ca\\\/creu-de-llum\\\/\",\"name\":\"El s\u00edmbol de protecci\u00f3 suprem i fonament d'iWell Guard\",\"isPartOf\":{\"@id\":\"https:\\\/\\\/iwell-guard.com\\\/ca\\\/#website\"},\"primaryImageOfPage\":{\"@id\":\"https:\\\/\\\/iwell-guard.com\\\/ca\\\/creu-de-llum\\\/#primaryimage\"},\"image\":{\"@id\":\"https:\\\/\\\/iwell-guard.com\\\/ca\\\/creu-de-llum\\\/#primaryimage\"},\"thumbnailUrl\":\"https:\\\/\\\/iwell-guard.com\\\/wp-content\\\/uploads\\\/2026\\\/04\\\/lichtwesen_lichtkreuz.webp\",\"datePublished\":\"2026-09-05T15:39:27+00:00\",\"dateModified\":\"2026-09-05T15:57:57+00:00\",\"description\":\"Lichtkreuz, s\u00edmbol universal de protecci\u00f3 dels quatre punts cardinals i fonament del camp de protecci\u00f3 d'iWell Guard. Geometria sagrada i funci\u00f3.\",\"breadcrumb\":{\"@id\":\"https:\\\/\\\/iwell-guard.com\\\/ca\\\/creu-de-llum\\\/#breadcrumb\"},\"inLanguage\":\"ca\",\"potentialAction\":[{\"@type\":\"ReadAction\",\"target\":[\"https:\\\/\\\/iwell-guard.com\\\/ca\\\/creu-de-llum\\\/\"]}]},{\"@type\":\"ImageObject\",\"inLanguage\":\"ca\",\"@id\":\"https:\\\/\\\/iwell-guard.com\\\/ca\\\/creu-de-llum\\\/#primaryimage\",\"url\":\"https:\\\/\\\/iwell-guard.com\\\/wp-content\\\/uploads\\\/2026\\\/04\\\/lichtwesen_lichtkreuz.webp\",\"contentUrl\":\"https:\\\/\\\/iwell-guard.com\\\/wp-content\\\/uploads\\\/2026\\\/04\\\/lichtwesen_lichtkreuz.webp\",\"width\":1024,\"height\":1536,\"caption\":\"\u00c9sser de llum. Il\u00b7lustraci\u00f3 lluminosa.\"},{\"@type\":\"BreadcrumbList\",\"@id\":\"https:\\\/\\\/iwell-guard.com\\\/ca\\\/creu-de-llum\\\/#breadcrumb\",\"itemListElement\":[{\"@type\":\"ListItem\",\"position\":1,\"name\":\"Start\",\"item\":\"https:\\\/\\\/iwell-guard.com\\\/ca\\\/?page_id=171333\"},{\"@type\":\"ListItem\",\"position\":2,\"name\":\"Lichtkreuz\"}]},{\"@type\":\"WebSite\",\"@id\":\"https:\\\/\\\/iwell-guard.com\\\/ca\\\/#website\",\"url\":\"https:\\\/\\\/iwell-guard.com\\\/ca\\\/\",\"name\":\"iWell Guard\",\"description\":\"Schutz vor dunklen Einfl\u00fcssen\",\"publisher\":{\"@id\":\"https:\\\/\\\/iwell-guard.com\\\/ca\\\/#organization\"},\"potentialAction\":[{\"@type\":\"SearchAction\",\"target\":{\"@type\":\"EntryPoint\",\"urlTemplate\":\"https:\\\/\\\/iwell-guard.com\\\/ca\\\/?s={search_term_string}\"},\"query-input\":{\"@type\":\"PropertyValueSpecification\",\"valueRequired\":true,\"valueName\":\"search_term_string\"}}],\"inLanguage\":\"ca\"},{\"@type\":\"Organization\",\"@id\":\"https:\\\/\\\/iwell-guard.com\\\/ca\\\/#organization\",\"name\":\"Ittermann electronic GmbH\",\"url\":\"https:\\\/\\\/iwell-guard.com\\\/ca\\\/\",\"logo\":{\"@type\":\"ImageObject\",\"inLanguage\":\"ca\",\"@id\":\"https:\\\/\\\/iwell-guard.com\\\/ca\\\/#\\\/schema\\\/logo\\\/image\\\/\",\"url\":\"https:\\\/\\\/iwell-guard.com\\\/wp-content\\\/uploads\\\/2026\\\/05\\\/Ittermann-Logo-1182x237-1.png\",\"contentUrl\":\"https:\\\/\\\/iwell-guard.com\\\/wp-content\\\/uploads\\\/2026\\\/05\\\/Ittermann-Logo-1182x237-1.png\",\"width\":1182,\"height\":237,\"caption\":\"Ittermann electronic GmbH\"},\"image\":{\"@id\":\"https:\\\/\\\/iwell-guard.com\\\/ca\\\/#\\\/schema\\\/logo\\\/image\\\/\"},\"sameAs\":[\"https:\\\/\\\/pantip.com\\\/profile\\\/9367242\",\"https:\\\/\\\/micro.blog\\\/iwellguard\",\"https:\\\/\\\/www.diggerslist.com\\\/iwellguard\\\/about\",\"https:\\\/\\\/skitterphoto.com\\\/photographers\\\/2870314\\\/iwell-guard\",\"https:\\\/\\\/iwellguard.wordpress.com\\\/2026\\\/06\\\/06\\\/iwell-guard\\\/\",\"https:\\\/\\\/hub.docker.com\\\/u\\\/iwellguard\",\"https:\\\/\\\/www.pinterest.com\\\/iwellguard\\\/\",\"https:\\\/\\\/bit.ly\\\/m\\\/iwellguard\",\"https:\\\/\\\/entre-vos-mains.alsace.eu\\\/profiles\\\/iwellguard\\\/activity\",\"https:\\\/\\\/gravatar.com\\\/reallybeded8fd34\",\"https:\\\/\\\/naijamatta.com\\\/iwellguard\",\"https:\\\/\\\/www.goodreads.com\\\/iwellguard\",\"https:\\\/\\\/profile.hatena.ne.jp\\\/iwellguard\\\/\",\"https:\\\/\\\/experiment.com\\\/users\\\/iwellguard\",\"https:\\\/\\\/wakelet.com\\\/@iWellGuard82270\",\"https:\\\/\\\/www.chordie.com\\\/forum\\\/profile.php?id=2555664\",\"https:\\\/\\\/www.instapaper.com\\\/p\\\/17757966\",\"https:\\\/\\\/www.mapleprimes.com\\\/users\\\/iwellguard\",\"https:\\\/\\\/businesslistingplus.com\\\/profile\\\/iwell-guard\\\/\",\"https:\\\/\\\/telegra.ph\\\/iWell-Guard-06-06\",\"https:\\\/\\\/pbase.com\\\/iwellguard\\\/iwellguard\",\"https:\\\/\\\/b.hatena.ne.jp\\\/iwellguard\\\/20260607#bookmark-4788405196491818882\",\"https:\\\/\\\/fliphtml5.com\\\/home\\\/iwellguard\",\"https:\\\/\\\/anyflip.com\\\/homepage\\\/cmiwl#About\",\"https:\\\/\\\/transfur.com\\\/Users\\\/iwellguard\",\"http:\\\/\\\/delphi.larsbo.org\\\/user\\\/iwellguard\",\"https:\\\/\\\/jobs.lajobsportal.org\\\/profiles\\\/8380803-iwell-guard\",\"https:\\\/\\\/md.chaosdorf.de\\\/s\\\/jfbe5SBdJD\",\"https:\\\/\\\/www.lingvolive.com\\\/en-us\\\/profile\\\/9ecaeaca-ce11-4e51-9e71-01d55e2bff36\\\/translations\",\"https:\\\/\\\/www.fitday.com\\\/fitness\\\/forums\\\/members\\\/iwellguard.html\",\"https:\\\/\\\/www.mymeetbook.com\\\/iwellguard\",\"https:\\\/\\\/pxhere.com\\\/en\\\/photographer-me\\\/5040798\",\"https:\\\/\\\/disqus.com\\\/by\\\/iwellguard\\\/about\\\/\",\"https:\\\/\\\/pastelink.net\\\/hjwciqwq\",\"https:\\\/\\\/pubhtml5.com\\\/homepage\\\/scjhn\\\/\",\"https:\\\/\\\/www.bitchute.com\\\/channel\\\/2O2eOKzNqujT\",\"https:\\\/\\\/audiomack.com\\\/iwellguard\"]}]}<\/script>\n<!-- \/ Yoast SEO Premium plugin. -->","yoast_head_json":{"title":"El s\u00edmbol de protecci\u00f3 suprem i fonament d'iWell Guard","description":"Lichtkreuz, s\u00edmbol universal de protecci\u00f3 dels quatre punts cardinals i fonament del camp de protecci\u00f3 d'iWell Guard. Geometria sagrada i funci\u00f3.","robots":{"index":"index","follow":"follow","max-snippet":"max-snippet:-1","max-image-preview":"max-image-preview:large","max-video-preview":"max-video-preview:-1"},"canonical":"https:\/\/iwell-guard.com\/ca\/creu-de-llum\/","og_locale":"ca_ES","og_type":"article","og_title":"Lichtkreuz","og_description":"Lichtkreuz, s\u00edmbol universal de protecci\u00f3 dels quatre punts cardinals i fonament del camp de protecci\u00f3 d'iWell Guard. Geometria sagrada i funci\u00f3.","og_url":"https:\/\/iwell-guard.com\/ca\/creu-de-llum\/","og_site_name":"iWell Guard","article_modified_time":"2026-09-05T15:57:57+00:00","og_image":[{"width":1024,"height":1536,"url":"https:\/\/iwell-guard.com\/wp-content\/uploads\/2026\/04\/lichtwesen_lichtkreuz.webp","type":"image\/webp"}],"twitter_card":"summary_large_image","schema":{"@context":"https:\/\/schema.org","@graph":[{"@type":"WebPage","@id":"https:\/\/iwell-guard.com\/ca\/creu-de-llum\/","url":"https:\/\/iwell-guard.com\/ca\/creu-de-llum\/","name":"El s\u00edmbol de protecci\u00f3 suprem i fonament d'iWell Guard","isPartOf":{"@id":"https:\/\/iwell-guard.com\/ca\/#website"},"primaryImageOfPage":{"@id":"https:\/\/iwell-guard.com\/ca\/creu-de-llum\/#primaryimage"},"image":{"@id":"https:\/\/iwell-guard.com\/ca\/creu-de-llum\/#primaryimage"},"thumbnailUrl":"https:\/\/iwell-guard.com\/wp-content\/uploads\/2026\/04\/lichtwesen_lichtkreuz.webp","datePublished":"2026-09-05T15:39:27+00:00","dateModified":"2026-09-05T15:57:57+00:00","description":"Lichtkreuz, s\u00edmbol universal de protecci\u00f3 dels quatre punts cardinals i fonament del camp de protecci\u00f3 d'iWell Guard. Geometria sagrada i funci\u00f3.","breadcrumb":{"@id":"https:\/\/iwell-guard.com\/ca\/creu-de-llum\/#breadcrumb"},"inLanguage":"ca","potentialAction":[{"@type":"ReadAction","target":["https:\/\/iwell-guard.com\/ca\/creu-de-llum\/"]}]},{"@type":"ImageObject","inLanguage":"ca","@id":"https:\/\/iwell-guard.com\/ca\/creu-de-llum\/#primaryimage","url":"https:\/\/iwell-guard.com\/wp-content\/uploads\/2026\/04\/lichtwesen_lichtkreuz.webp","contentUrl":"https:\/\/iwell-guard.com\/wp-content\/uploads\/2026\/04\/lichtwesen_lichtkreuz.webp","width":1024,"height":1536,"caption":"\u00c9sser de llum. Il\u00b7lustraci\u00f3 lluminosa."},{"@type":"BreadcrumbList","@id":"https:\/\/iwell-guard.com\/ca\/creu-de-llum\/#breadcrumb","itemListElement":[{"@type":"ListItem","position":1,"name":"Start","item":"https:\/\/iwell-guard.com\/ca\/?page_id=171333"},{"@type":"ListItem","position":2,"name":"Lichtkreuz"}]},{"@type":"WebSite","@id":"https:\/\/iwell-guard.com\/ca\/#website","url":"https:\/\/iwell-guard.com\/ca\/","name":"iWell Guard","description":"Schutz vor dunklen Einfl\u00fcssen","publisher":{"@id":"https:\/\/iwell-guard.com\/ca\/#organization"},"potentialAction":[{"@type":"SearchAction","target":{"@type":"EntryPoint","urlTemplate":"https:\/\/iwell-guard.com\/ca\/?s={search_term_string}"},"query-input":{"@type":"PropertyValueSpecification","valueRequired":true,"valueName":"search_term_string"}}],"inLanguage":"ca"},{"@type":"Organization","@id":"https:\/\/iwell-guard.com\/ca\/#organization","name":"Ittermann electronic GmbH","url":"https:\/\/iwell-guard.com\/ca\/","logo":{"@type":"ImageObject","inLanguage":"ca","@id":"https:\/\/iwell-guard.com\/ca\/#\/schema\/logo\/image\/","url":"https:\/\/iwell-guard.com\/wp-content\/uploads\/2026\/05\/Ittermann-Logo-1182x237-1.png","contentUrl":"https:\/\/iwell-guard.com\/wp-content\/uploads\/2026\/05\/Ittermann-Logo-1182x237-1.png","width":1182,"height":237,"caption":"Ittermann electronic GmbH"},"image":{"@id":"https:\/\/iwell-guard.com\/ca\/#\/schema\/logo\/image\/"},"sameAs":["https:\/\/pantip.com\/profile\/9367242","https:\/\/micro.blog\/iwellguard","https:\/\/www.diggerslist.com\/iwellguard\/about","https:\/\/skitterphoto.com\/photographers\/2870314\/iwell-guard","https:\/\/iwellguard.wordpress.com\/2026\/06\/06\/iwell-guard\/","https:\/\/hub.docker.com\/u\/iwellguard","https:\/\/www.pinterest.com\/iwellguard\/","https:\/\/bit.ly\/m\/iwellguard","https:\/\/entre-vos-mains.alsace.eu\/profiles\/iwellguard\/activity","https:\/\/gravatar.com\/reallybeded8fd34","https:\/\/naijamatta.com\/iwellguard","https:\/\/www.goodreads.com\/iwellguard","https:\/\/profile.hatena.ne.jp\/iwellguard\/","https:\/\/experiment.com\/users\/iwellguard","https:\/\/wakelet.com\/@iWellGuard82270","https:\/\/www.chordie.com\/forum\/profile.php?id=2555664","https:\/\/www.instapaper.com\/p\/17757966","https:\/\/www.mapleprimes.com\/users\/iwellguard","https:\/\/businesslistingplus.com\/profile\/iwell-guard\/","https:\/\/telegra.ph\/iWell-Guard-06-06","https:\/\/pbase.com\/iwellguard\/iwellguard","https:\/\/b.hatena.ne.jp\/iwellguard\/20260607#bookmark-4788405196491818882","https:\/\/fliphtml5.com\/home\/iwellguard","https:\/\/anyflip.com\/homepage\/cmiwl#About","https:\/\/transfur.com\/Users\/iwellguard","http:\/\/delphi.larsbo.org\/user\/iwellguard","https:\/\/jobs.lajobsportal.org\/profiles\/8380803-iwell-guard","https:\/\/md.chaosdorf.de\/s\/jfbe5SBdJD","https:\/\/www.lingvolive.com\/en-us\/profile\/9ecaeaca-ce11-4e51-9e71-01d55e2bff36\/translations","https:\/\/www.fitday.com\/fitness\/forums\/members\/iwellguard.html","https:\/\/www.mymeetbook.com\/iwellguard","https:\/\/pxhere.com\/en\/photographer-me\/5040798","https:\/\/disqus.com\/by\/iwellguard\/about\/","https:\/\/pastelink.net\/hjwciqwq","https:\/\/pubhtml5.com\/homepage\/scjhn\/","https:\/\/www.bitchute.com\/channel\/2O2eOKzNqujT","https:\/\/audiomack.com\/iwellguard"]}]}},"_links":{"self":[{"href":"https:\/\/iwell-guard.com\/ca\/wp-json\/wp\/v2\/pages\/171447","targetHints":{"allow":["GET"]}}],"collection":[{"href":"https:\/\/iwell-guard.com\/ca\/wp-json\/wp\/v2\/pages"}],"about":[{"href":"https:\/\/iwell-guard.com\/ca\/wp-json\/wp\/v2\/types\/page"}],"author":[{"embeddable":true,"href":"https:\/\/iwell-guard.com\/ca\/wp-json\/wp\/v2\/users\/3"}],"replies":[{"embeddable":true,"href":"https:\/\/iwell-guard.com\/ca\/wp-json\/wp\/v2\/comments?post=171447"}],"version-history":[{"count":0,"href":"https:\/\/iwell-guard.com\/ca\/wp-json\/wp\/v2\/pages\/171447\/revisions"}],"wp:featuredmedia":[{"embeddable":true,"href":"https:\/\/iwell-guard.com\/ca\/wp-json\/wp\/v2\/media\/1627"}],"wp:attachment":[{"href":"https:\/\/iwell-guard.com\/ca\/wp-json\/wp\/v2\/media?parent=171447"}],"wp:term":[{"taxonomy":"category","embeddable":true,"href":"https:\/\/iwell-guard.com\/ca\/wp-json\/wp\/v2\/categories?post=171447"}],"curies":[{"name":"wp","href":"https:\/\/api.w.org\/{rel}","templated":true}]}}