{"id":171446,"date":"2026-09-05T15:39:27","date_gmt":"2026-09-05T15:39:27","guid":{"rendered":"https:\/\/iwell-guard.com\/?page_id=171446"},"modified":"2026-09-05T15:57:57","modified_gmt":"2026-09-05T15:57:57","slug":"flama-violeta","status":"publish","type":"page","link":"https:\/\/iwell-guard.com\/ca\/flama-violeta\/","title":{"rendered":"Flama Violeta"},"content":{"rendered":"\t\t<div data-elementor-type=\"wp-page\" data-elementor-id=\"171446\" class=\"elementor elementor-171446 elementor-1807 elementor-bc-flex-widget\" data-elementor-post-type=\"page\">\n\t\t\t\t<div class=\"elementor-element elementor-element-10fdade e-flex e-con-boxed e-con e-parent\" data-id=\"10fdade\" data-element_type=\"container\" data-e-type=\"container\" data-settings=\"{&quot;background_background&quot;:&quot;classic&quot;}\">\n\t\t\t\t\t<div class=\"e-con-inner\">\n\t\t<div class=\"elementor-element elementor-element-herohlft0 e-flex e-con-boxed e-con e-child\" data-id=\"herohlft0\" data-element_type=\"container\" data-e-type=\"container\">\n\t\t\t\t\t<div class=\"e-con-inner\">\n\t\t<div class=\"elementor-element elementor-element-c3ceb64 e-con-full e-flex e-con e-child\" data-id=\"c3ceb64\" data-element_type=\"container\" data-e-type=\"container\">\n\t\t\t\t<div class=\"elementor-element elementor-element-96ae5e1 elementor-widget elementor-widget-heading\" data-id=\"96ae5e1\" data-element_type=\"widget\" data-e-type=\"widget\" data-widget_type=\"heading.default\">\n\t\t\t\t\t<h1 class=\"elementor-heading-title elementor-size-default\">Flama Violeta, \u00e9sser de llum<\/h1>\t\t\t\t<\/div>\n\t\t\t\t<div class=\"elementor-element elementor-element-e45238a elementor-widget elementor-widget-text-editor\" data-id=\"e45238a\" data-element_type=\"widget\" data-e-type=\"widget\" data-widget_type=\"text-editor.default\">\n\t\t\t\t\t\t\t\t\t<p>Energia espiritual de purificaci\u00f3 dins la tradici\u00f3 de Saint Germain. Eina central del treball de llum modern.<\/p>\t\t\t\t\t\t\t\t<\/div>\n\t\t\t\t<\/div>\n\t\t<div class=\"elementor-element elementor-element-klsbdg01 e-con-full e-flex e-con e-parent\" data-id=\"klsbdg01\" data-element_type=\"container\" data-e-type=\"container\">\n\t\t\t\t<div class=\"elementor-element elementor-element-klshtm01 elementor-widget elementor-widget-html\" data-id=\"klshtm01\" data-element_type=\"widget\" data-e-type=\"widget\" data-widget_type=\"html.default\">\n\t\t\t\t\t<div class=\"iwg-pill-row\"><span class=\"iwg-klasse-badge\" tabindex=\"0\" data-tooltip=\"Visi\u00f3 tem\u00e0tica: p\u00e0gina d'aprofundiment amb perspectiva comparativa d'una funci\u00f3 transversal dels \u00e9ssers (grans divinitats, missatgers dels morts, esperits de l'aigua, etc.), a trav\u00e9s de cultures diverses.\">Visi\u00f3 tem\u00e0tica<\/span><a href=\"https:\/\/iwell-guard.com\/ca\/?page_id=171450\" class=\"iwg-kultur-badge\" tabindex=\"0\" data-tooltip=\"Corrents espirituals i esot\u00e8rics moderns des del segle XIX, teosofia, New Age, esoterisme contemporani.\">New Age<\/a><\/div>\t\t\t\t<\/div>\n\t\t\t\t<\/div>\n\t\t<div class=\"elementor-element elementor-element-3f74855 e-con-full e-flex e-con e-child\" data-id=\"3f74855\" data-element_type=\"container\" data-e-type=\"container\">\n\t\t\t\t<div class=\"elementor-element elementor-element-1c30362 elementor-toc--minimized-on-tablet elementor-widget elementor-widget-table-of-contents\" data-id=\"1c30362\" data-element_type=\"widget\" data-e-type=\"widget\" data-settings=\"{&quot;exclude_headings_by_selector&quot;:[],&quot;no_headings_message&quot;:&quot;No s&#039;ha trobat cap encap\\u00e7alament en aquesta p\\u00e0gina.&quot;,&quot;headings_by_tags&quot;:[&quot;h2&quot;,&quot;h3&quot;],&quot;marker_view&quot;:&quot;bullets&quot;,&quot;minimize_box&quot;:&quot;yes&quot;,&quot;icon&quot;:{&quot;value&quot;:&quot;fas fa-circle&quot;,&quot;library&quot;:&quot;fa-solid&quot;,&quot;rendered_tag&quot;:&quot;&lt;svg class=\\&quot;e-font-icon-svg e-fas-circle\\&quot; viewBox=\\&quot;0 0 512 512\\&quot; xmlns=\\&quot;http:\\\/\\\/www.w3.org\\\/2000\\\/svg\\&quot;&gt;&lt;path d=\\&quot;M256 8C119 8 8 119 8 256s111 248 248 248 248-111 248-248S393 8 256 8z\\&quot;&gt;&lt;\\\/path&gt;&lt;\\\/svg&gt;&quot;},&quot;minimized_on&quot;:&quot;tablet&quot;,&quot;hierarchical_view&quot;:&quot;yes&quot;,&quot;min_height&quot;:{&quot;unit&quot;:&quot;px&quot;,&quot;size&quot;:&quot;&quot;,&quot;sizes&quot;:[]},&quot;min_height_tablet&quot;:{&quot;unit&quot;:&quot;px&quot;,&quot;size&quot;:&quot;&quot;,&quot;sizes&quot;:[]},&quot;min_height_mobile&quot;:{&quot;unit&quot;:&quot;px&quot;,&quot;size&quot;:&quot;&quot;,&quot;sizes&quot;:[]}}\" data-widget_type=\"table-of-contents.default\">\n\t\t\t\t\t\t\t\t\t<div class=\"elementor-toc__header\">\n\t\t\t\t\t\t<h2 class=\"elementor-toc__header-title\">\n\t\t\t\t\u00cdndex\t\t\t<\/h2>\n\t\t\t\t\t\t\t\t\t\t<div class=\"elementor-toc__toggle-button elementor-toc__toggle-button--expand\" role=\"button\" tabindex=\"0\" aria-controls=\"elementor-toc__1c30362\" aria-expanded=\"true\" aria-label=\"Open table of contents\"><svg aria-hidden=\"true\" class=\"e-font-icon-svg e-fas-chevron-down\" viewBox=\"0 0 448 512\" xmlns=\"http:\/\/www.w3.org\/2000\/svg\"><path d=\"M207.029 381.476L12.686 187.132c-9.373-9.373-9.373-24.569 0-33.941l22.667-22.667c9.357-9.357 24.522-9.375 33.901-.04L224 284.505l154.745-154.021c9.379-9.335 24.544-9.317 33.901.04l22.667 22.667c9.373 9.373 9.373 24.569 0 33.941L240.971 381.476c-9.373 9.372-24.569 9.372-33.942 0z\"><\/path><\/svg><\/div>\n\t\t\t\t<div class=\"elementor-toc__toggle-button elementor-toc__toggle-button--collapse\" role=\"button\" tabindex=\"0\" aria-controls=\"elementor-toc__1c30362\" aria-expanded=\"true\" aria-label=\"Close table of contents\"><svg aria-hidden=\"true\" class=\"e-font-icon-svg e-fas-chevron-up\" viewBox=\"0 0 448 512\" xmlns=\"http:\/\/www.w3.org\/2000\/svg\"><path d=\"M240.971 130.524l194.343 194.343c9.373 9.373 9.373 24.569 0 33.941l-22.667 22.667c-9.357 9.357-24.522 9.375-33.901.04L224 227.495 69.255 381.516c-9.379 9.335-24.544 9.317-33.901-.04l-22.667-22.667c-9.373-9.373-9.373-24.569 0-33.941L207.03 130.525c9.372-9.373 24.568-9.373 33.941-.001z\"><\/path><\/svg><\/div>\n\t\t\t\t\t<\/div>\n\t\t\t\t<div id=\"elementor-toc__1c30362\" class=\"elementor-toc__body\">\n\t\t\t<div class=\"elementor-toc__spinner-container\">\n\t\t\t\t<svg class=\"elementor-toc__spinner eicon-animation-spin e-font-icon-svg e-eicon-loading\" aria-hidden=\"true\" viewBox=\"0 0 1000 1000\" xmlns=\"http:\/\/www.w3.org\/2000\/svg\"><path d=\"M500 975V858C696 858 858 696 858 500S696 142 500 142 142 304 142 500H25C25 237 238 25 500 25S975 237 975 500 763 975 500 975Z\"><\/path><\/svg>\t\t\t<\/div>\n\t\t<\/div>\n\t\t\t\t\t\t<\/div>\n\t\t\t\t<\/div>\n\t\t\t\t\t<\/div>\n\t\t\t\t<\/div>\n\t\t<div class=\"elementor-element elementor-element-herorght0 e-con-full e-flex e-con e-child\" data-id=\"herorght0\" data-element_type=\"container\" data-e-type=\"container\">\n\t\t\t\t<div class=\"elementor-element elementor-element-heroimg00 iwg-hero-image elementor-widget elementor-widget-image\" data-id=\"heroimg00\" data-element_type=\"widget\" data-e-type=\"widget\" data-widget_type=\"image.default\">\n\t\t\t\t\t\t\t\t\t\t\t\t\t\t\t<img fetchpriority=\"high\" decoding=\"async\" width=\"683\" height=\"1024\" src=\"https:\/\/iwell-guard.com\/wp-content\/uploads\/2026\/04\/lichtwesen_violette-flamme-683x1024.webp\" class=\"attachment-large size-large wp-image-1631\" alt=\"Flama Violeta\" srcset=\"https:\/\/iwell-guard.com\/wp-content\/uploads\/2026\/04\/lichtwesen_violette-flamme-683x1024.webp 683w, https:\/\/iwell-guard.com\/wp-content\/uploads\/2026\/04\/lichtwesen_violette-flamme-200x300.webp 200w, https:\/\/iwell-guard.com\/wp-content\/uploads\/2026\/04\/lichtwesen_violette-flamme-768x1152.webp 768w, https:\/\/iwell-guard.com\/wp-content\/uploads\/2026\/04\/lichtwesen_violette-flamme.webp 1024w\" sizes=\"(max-width: 683px) 100vw, 683px\" \/>\t\t\t\t\t\t\t\t\t\t\t\t\t\t\t<\/div>\n\t\t\t\t<\/div>\n\t\t\t\t\t<\/div>\n\t\t\t\t<\/div>\n\t\t<div class=\"elementor-element elementor-element-wmd-s1 e-con-boxed e-flex e-con e-parent\" data-id=\"wmd-s1\" data-element_type=\"container\" data-e-type=\"container\">\n\t\t\t\t\t<div class=\"e-con-inner\">\n\t\t\t\t<div class=\"elementor-element elementor-element-wmd-h1 elementor-widget elementor-widget-heading\" data-id=\"wmd-h1\" data-element_type=\"widget\" data-e-type=\"widget\" data-widget_type=\"heading.default\">\n\t\t\t\t\t<h2 class=\"elementor-heading-title elementor-size-default\">Resum r\u00e0pid: Flama Violeta<\/h2>\t\t\t\t<\/div>\n\t\t<div class=\"elementor-element elementor-element-wmd-s1-bw e-flex e-con-boxed e-con e-parent\" data-id=\"wmd-s1-bw\" data-element_type=\"container\" data-e-type=\"container\" data-settings=\"{&quot;background_background&quot;:&quot;classic&quot;}\">\n\t\t\t\t\t<div class=\"e-con-inner\">\n\t\t\t\t<div class=\"elementor-element elementor-element-wmd-t1 elementor-widget elementor-widget-text-editor\" data-id=\"wmd-t1\" data-element_type=\"widget\" data-e-type=\"widget\" data-widget_type=\"text-editor.default\">\n\t\t\t\t\t\t\t\t\t<p><strong>Tipus:<\/strong> Raig c\u00f2smic (raig de Saint Germain), energia alqu\u00edmica. Tradici\u00f3: <span class=\"iwg-fachbegriff\" tabindex=\"0\" data-tooltip=\"Doctrina esot\u00e8rica fundada el 1875 per Helena Petrovna Blavatsky; s\u00edntesi de saviesa oriental, espiritisme i ocultisme occidental.\">Teosofia<\/span> (Helena Roerich), I AM Activity (Guy Ballard), esoterisme modern: <span class=\"iwg-fachbegriff\" data-tooltip=\"Terme gen\u00e8ric per a doctrines que afirmen posseir un coneixement ocult, accessible nom\u00e9s als iniciats.\" tabindex=\"0\">Esoterisme<\/span>. Funci\u00f3: transmutaci\u00f3, dissoluci\u00f3 del <span class=\"iwg-fachbegriff\" tabindex=\"0\" data-tooltip=\"En l'hinduisme, el budisme i el jainisme, la llei de causa i efecte de les accions: tota acci\u00f3 repercuteix en exist\u00e8ncies posteriors.\">karma<\/span>, purificaci\u00f3 alqu\u00edmica. Atributs\/s\u00edmbols principals: flama violeta, colors de Saint Germain, llibertat, nou comen\u00e7ament. Difusi\u00f3: New Age, pr\u00e0ctiques de curaci\u00f3 esot\u00e8riques, espiritualitat moderna a tot el m\u00f3n<\/p>\t\t\t\t\t\t\t\t<\/div>\n\t\t\t\t\t<\/div>\n\t\t\t\t<\/div>\n\t\t\t\t\t<\/div>\n\t\t\t\t<\/div>\n\t\t<div class=\"elementor-element elementor-element-wmd-s2 e-con-boxed e-flex e-con e-parent\" data-id=\"wmd-s2\" data-element_type=\"container\" data-e-type=\"container\">\n\t\t\t\t\t<div class=\"e-con-inner\">\n\t\t\t\t<div class=\"elementor-element elementor-element-wmd-h2 elementor-widget elementor-widget-heading\" data-id=\"wmd-h2\" data-element_type=\"widget\" data-e-type=\"widget\" data-widget_type=\"heading.default\">\n\t\t\t\t\t<h2 class=\"elementor-heading-title elementor-size-default\">Introducci\u00f3<\/h2>\t\t\t\t<\/div>\n\t\t<div class=\"elementor-element elementor-element-wmd-s2-bw e-flex e-con-boxed e-con e-parent\" data-id=\"wmd-s2-bw\" data-element_type=\"container\" data-e-type=\"container\" data-settings=\"{&quot;background_background&quot;:&quot;classic&quot;}\">\n\t\t\t\t\t<div class=\"e-con-inner\">\n\t\t\t\t<div class=\"elementor-element elementor-element-wmd-t2 elementor-widget elementor-widget-text-editor\" data-id=\"wmd-t2\" data-element_type=\"widget\" data-e-type=\"widget\" data-widget_type=\"text-editor.default\">\n\t\t\t\t\t\t\t\t\t<h3>Tradici\u00f3<\/h3><p>La Flama Violeta s&#8217;introdueix en la I AM Activity (fundada als anys 1930 per Guy Ballard i la seva esposa Edna) com el set\u00e8 raig de l&#8217;energia c\u00f2smica, el raig de la transmutaci\u00f3 i la llibertat, dirigit per Saint Germain.<\/p><p>En els escrits d&#8217;Helena Roerich, la Flama Violeta es descriu com una energia qu\u00e0ntica que dissol patrons antics i obre espai per a coses noves. La <span class=\"iwg-fachbegriff\" tabindex=\"0\" data-tooltip=\"Doctrina esot\u00e8rica fundada el 1875 per Helena Petrovna Blavatsky; s\u00edntesi de saviesa oriental, espiritisme i ocultisme.\">teosofia<\/span> destaca els set raigs de la for\u00e7a c\u00f2smica, i el violeta \u00e9s el set\u00e8, el raig final i transformador. Les pr\u00e0ctiques esot\u00e8riques i energ\u00e8tiques modernes han convertit la meditaci\u00f3 de la Flama Violeta en una t\u00e8cnica est\u00e0ndard.<\/p><h3>Situaci\u00f3 de les fonts<\/h3><p>Fonts: ensenyaments de la I AM Activity, cartes i diaris d&#8217;Helena Roerich, publicacions teos\u00f2fiques sobre els set raigs. Autors moderns del New Age han ampliat i popularitzat la pr\u00e0ctica de la Flama Violeta. La interpretaci\u00f3 qu\u00e0ntica \u00e9s metaf\u00f2rica, no cient\u00edficament demostrada, per\u00f2 \u00e0mpliament difosa com a eina esot\u00e8rica. La literatura moderna sobre energia i curaci\u00f3 qu\u00e0ntica utilitza la Flama Violeta com a t\u00e8cnica est\u00e0ndard de transmutaci\u00f3.<\/p><div><h3>Origen en la hist\u00f2ria de les religions<\/h3><p>La flama violeta com a eina <span class=\"iwg-fachbegriff\" tabindex=\"0\" data-tooltip=\"Relatiu a procediments m\u00e0gics formalitzats, amb un aparell fix de f\u00f3rmules, s\u00edmbols i eines.\">ritual-m\u00e0gica<\/span> i espiritual \u00e9s una construcci\u00f3 de la tradici\u00f3 teos\u00f2fic-americana dels treballadors de llum del segle XX. Apareix per primera vegada en el moviment I AM Activity de Guy i Edna Ballard a partir de 1934 (basat en <em>Unveiled Mysteries<\/em>, 1934, on Ballard suposadament es troba amb Saint Germain) com a objecte central d&#8217;invocaci\u00f3.<\/p><p>Elizabeth Clare Prophet i el seu Summit Lighthouse \/ Church Universal and Triumphant van sistematitzar la doctrina a partir de 1958 i la van desenvolupar en una s\u00e8rie de llibres de decrets (<em>Saint Germain on Alchemy<\/em>, 1985; <em>Violet Flame to Heal Body, Mind and Soul<\/em>, 1997).<\/p><p>Des del punt de vista de la hist\u00f2ria de les religions, la flama violeta combina elements de l&#8217;<span class=\"iwg-fachbegriff\" tabindex=\"0\" data-tooltip=\"Connexi\u00f3 premoderna entre filosofia natural i ci\u00e8ncia simb\u00f2lica; treballa amb la transformaci\u00f3 de la mat\u00e8ria com a transformaci\u00f3 interior.\">alqu\u00edmia<\/span> herm\u00e8tica (transmutaci\u00f3 d&#8217;all\u00f2 inferior en all\u00f2 superior), la doctrina oriental del karma (purificaci\u00f3 energ\u00e8tica com a condici\u00f3 per a l&#8217;ascensi\u00f3) i la m\u00e0gia ang\u00e8lica occidental (<span class=\"iwg-fachbegriff\" data-tooltip=\"L'acte de dirigir-se a una divinitat o poder, ja sigui pregant o conjurant.\" tabindex=\"0\">invocaci\u00f3<\/span> en un format repetitiu de decrets). Aquesta s\u00edntesi \u00e9s moderna des del punt de vista de la hist\u00f2ria de les religions, encara que els seus components individuals siguin en part antics.<\/p><\/div>\t\t\t\t\t\t\t\t<\/div>\n\t\t\t\t\t<\/div>\n\t\t\t\t<\/div>\n\t\t\t\t\t<\/div>\n\t\t\t\t<\/div>\n\t\t<div class=\"elementor-element elementor-element-wmd-s3 e-con-boxed e-flex e-con e-parent\" data-id=\"wmd-s3\" data-element_type=\"container\" data-e-type=\"container\">\n\t\t\t\t\t<div class=\"e-con-inner\">\n\t\t\t\t<div class=\"elementor-element elementor-element-wmd-h3 elementor-widget elementor-widget-heading\" data-id=\"wmd-h3\" data-element_type=\"widget\" data-e-type=\"widget\" data-widget_type=\"heading.default\">\n\t\t\t\t\t<h2 class=\"elementor-heading-title elementor-size-default\">Aparen\u00e7a i s\u00edmbols<\/h2>\t\t\t\t<\/div>\n\t\t<div class=\"elementor-element elementor-element-wmd-s3-bw e-flex e-con-boxed e-con e-parent\" data-id=\"wmd-s3-bw\" data-element_type=\"container\" data-e-type=\"container\" data-settings=\"{&quot;background_background&quot;:&quot;classic&quot;}\">\n\t\t\t\t\t<div class=\"e-con-inner\">\n\t\t\t\t<div class=\"elementor-element elementor-element-wmd-t3 elementor-widget elementor-widget-text-editor\" data-id=\"wmd-t3\" data-element_type=\"widget\" data-e-type=\"widget\" data-widget_type=\"text-editor.default\">\n\t\t\t\t\t\t\t\t\t<p>La Flama Violeta no es visualitza com una figura fixa, sin\u00f3 com una llum vivent i vacil\u00b7lant, com un foc que crema i s&#8217;arremolina en violeta. El color \u00e9s un violeta profund (porpra) amb un nucli blanc o daurat. De vegades \u00e9s un lila delicat o un amatista violeta intens.<\/p><p>La flama sembla viva, intel\u00b7ligent i transformadora: toca all\u00f2 que troba i ho transforma. Formes simb\u00f2liques s\u00f3n espirals, remolins, o la flama com a energia ascendent. La Flama Violeta sovint es visualitza com si envolt\u00e9s el cos amb un remol\u00ed o incid\u00eds sobre zones espec\u00edfiques.<\/p>\t\t\t\t\t\t\t\t<\/div>\n\t\t\t\t\t<\/div>\n\t\t\t\t<\/div>\n\t\t\t\t\t<\/div>\n\t\t\t\t<\/div>\n\t\t<div class=\"elementor-element elementor-element-wmd-s4 e-con-boxed e-flex e-con e-parent\" data-id=\"wmd-s4\" data-element_type=\"container\" data-e-type=\"container\">\n\t\t\t\t\t<div class=\"e-con-inner\">\n\t\t\t\t<div class=\"elementor-element elementor-element-wmd-h4 elementor-widget elementor-widget-heading\" data-id=\"wmd-h4\" data-element_type=\"widget\" data-e-type=\"widget\" data-widget_type=\"heading.default\">\n\t\t\t\t\t<h2 class=\"elementor-heading-title elementor-size-default\">Funci\u00f3 i significat<\/h2>\t\t\t\t<\/div>\n\t\t<div class=\"elementor-element elementor-element-wmd-s4-bw e-flex e-con-boxed e-con e-parent\" data-id=\"wmd-s4-bw\" data-element_type=\"container\" data-e-type=\"container\" data-settings=\"{&quot;background_background&quot;:&quot;classic&quot;}\">\n\t\t\t\t\t<div class=\"e-con-inner\">\n\t\t\t\t<div class=\"elementor-element elementor-element-wmd-t4 elementor-widget elementor-widget-text-editor\" data-id=\"wmd-t4\" data-element_type=\"widget\" data-e-type=\"widget\" data-widget_type=\"text-editor.default\">\n\t\t\t\t\t\t\t\t\t<p>La Flama Violeta \u00e9s l&#8217;eina de desintoxicaci\u00f3 en els plans energ\u00e8tics. S&#8217;ent\u00e9n com la dissoluci\u00f3 de la negativitat en tots els nivells: f\u00edsic, emocional, mental i espiritual. A difer\u00e8ncia d&#8217;altres raigs que sanen o protegeixen, la Flama Violeta transmuta: dissol l&#8217;ess\u00e8ncia dels problemes i els transforma en llum.<\/p><p>Actua en el pla del karma i dels patrons profunds i inconscients. En termes psicol\u00f2gics funciona com a dissolvent de material traum\u00e0tic reprimit i com a obertura cap a un nou comen\u00e7ament m\u00e9s enll\u00e0 de la culpa.<\/p><div><h3>L\u00f2gica d&#8217;aplicaci\u00f3<\/h3><p>La flama violeta es visualitza, en la tradici\u00f3 I-AM i de Summit Lighthouse, com una capa energ\u00e8tica que absorbeix energies m\u00e9s baixes i les transmuta en energies m\u00e9s altes. A la pr\u00e0ctica aix\u00f2 es fa mitjan\u00e7ant decrets repetitius (f\u00f3rmules d&#8217;invocaci\u00f3) en qu\u00e8 s&#8217;invoca la flama perqu\u00e8 purifiqui o transformi una energia determinada.<\/p><p>Els decrets es repeteixen diverses vegades en forma de letania, sovint 33 vegades, amb l&#8217;objectiu de generar un efecte de reson\u00e0ncia energ\u00e8tica. Aquesta pr\u00e0ctica t\u00e9 una estructura af\u00ed a la tradici\u00f3 oriental del <span class=\"iwg-fachbegriff\" tabindex=\"0\" data-tooltip=\"F\u00f3rmula ritual repetida de s\u00edl\u00b7labes o paraules amb efecte transformador; central en les tradicions \u00edndies, adaptada a Occident com a pr\u00e0ctica de decrets.\">mantra<\/span> i utilitza la mateixa l\u00f2gica psicoac\u00fastica de base.<\/p><p>En el <span class=\"iwg-fachbegriff\" data-tooltip=\"Una s\u00edl\u00b7laba o f\u00f3rmula sagrada que es repeteix en l'hinduisme i el budisme.\" tabindex=\"0\">mantra<\/span> d&#8217;iWell Guard, la flama violeta est\u00e0 integrada a trav\u00e9s de l&#8217;arc\u00e0ngel Gabriel com el seu guardi\u00e0 (punt 3, transformaci\u00f3 d&#8217;influ\u00e8ncies ja establertes).<\/p><p>La construcci\u00f3 \u00e9s espec\u00edfica: mentre que en la tradici\u00f3 I-AM pura \u00e9s Saint Germain mateix qui \u00e9s considerat el guardi\u00e0, en el sistema iWell Guard l&#8217;arc\u00e0ngel Gabriel \u00e9s la capa operativa. Aquest despla\u00e7ament situa la flama violeta dins de la doctrina ang\u00e8lica judeocristiana i isl\u00e0mica, en lloc de limitar-la nom\u00e9s a la doctrina teos\u00f2fica-nord-americana dels mestres ascendits.<\/p><\/div>\t\t\t\t\t\t\t\t<\/div>\n\t\t\t\t\t<\/div>\n\t\t\t\t<\/div>\n\t\t\t\t\t<\/div>\n\t\t\t\t<\/div>\n\t\t<div class=\"elementor-element elementor-element-wmd-s5 e-con-boxed e-flex e-con e-parent\" data-id=\"wmd-s5\" data-element_type=\"container\" data-e-type=\"container\">\n\t\t\t\t\t<div class=\"e-con-inner\">\n\t\t\t\t<div class=\"elementor-element elementor-element-wmd-h5 elementor-widget elementor-widget-heading\" data-id=\"wmd-h5\" data-element_type=\"widget\" data-e-type=\"widget\" data-widget_type=\"heading.default\">\n\t\t\t\t\t<h2 class=\"elementor-heading-title elementor-size-default\">Pr\u00e0ctica \/ invocaci\u00f3 \/ significat en el context d'iWell Guard<\/h2>\t\t\t\t<\/div>\n\t\t<div class=\"elementor-element elementor-element-wmd-s5-bw e-flex e-con-boxed e-con e-parent\" data-id=\"wmd-s5-bw\" data-element_type=\"container\" data-e-type=\"container\" data-settings=\"{&quot;background_background&quot;:&quot;classic&quot;}\">\n\t\t\t\t\t<div class=\"e-con-inner\">\n\t\t\t\t<div class=\"elementor-element elementor-element-wmd-t5 elementor-widget elementor-widget-text-editor\" data-id=\"wmd-t5\" data-element_type=\"widget\" data-e-type=\"widget\" data-widget_type=\"text-editor.default\">\n\t\t\t\t\t\t\t\t\t<p>A iWell Guard, la Flama Violeta s&#8217;utilitza com a eina central de transmutaci\u00f3. La pr\u00e0ctica m\u00e9s habitual \u00e9s visualitzar la flama arremolinant-se al voltant del cos o d&#8217;una situaci\u00f3. Sovint s&#8217;invoca amb el cant o el <span class=\"iwg-fachbegriff\" tabindex=\"0\" data-tooltip=\"F\u00f3rmula ritual repetida de s\u00edl\u00b7labes o paraules amb efecte transformador; central en les tradicions \u00edndies.\">mantra<\/span> (per exemple, \u00abI AM the Violet Flame\u00bb o variants en altres lleng\u00fces).<\/p><p>La Flama Violeta s&#8217;utilitza especialment quan cal dissoldre patrons antics, traumes o bloquejos c\u00e0rmics. No substitueix altres arc\u00e0ngels o \u00e9ssers de llum, sin\u00f3 que els complementa com una eina alqu\u00edmica. En el context d&#8217;iWell Guard, la Flama Violeta \u00e9s la for\u00e7a que no nom\u00e9s protegeix o sana, sin\u00f3 que allibera.<\/p><div><h3>Aplicaci\u00f3 dins d&#8217;iWell Guard<\/h3><p>Al camp de protecci\u00f3 d&#8217;iWell Guard, la flama violeta actua autom\u00e0ticament a trav\u00e9s del sistema de <span class=\"iwg-fachbegriff\" data-tooltip=\"Una s\u00edl\u00b7laba o f\u00f3rmula sagrada que es repeteix en l'hinduisme i el budisme.\" tabindex=\"0\">mantra<\/span>; no cal cap pr\u00e0ctica de decrets conscient. Qui vulgui treballar-hi de manera activa pot integrar els decrets cl\u00e0ssics de Saint Germain en la seva pr\u00f2pia pr\u00e0ctica, sense que aix\u00f2 alteri l&#8217;efecte del <span class=\"iwg-fachbegriff\" data-tooltip=\"Una s\u00edl\u00b7laba o f\u00f3rmula sagrada que es repeteix en l'hinduisme i el budisme.\" tabindex=\"0\">mantra<\/span>.<\/p><p>La l\u00f2gica de funcionament \u00e9s additiva: el camp de protecci\u00f3 actua de manera cont\u00ednua, i la <span class=\"iwg-fachbegriff\" data-tooltip=\"La invocaci\u00f3 suplicant o convocant una divinitat o poder.\" tabindex=\"0\">invocaci\u00f3<\/span> conscient intensifica la percepci\u00f3 que en t\u00e9 el portador d&#8217;aquesta capa transmutadora. Trobareu una visi\u00f3 detallada dels punts del <span class=\"iwg-fachbegriff\" data-tooltip=\"Una s\u00edl\u00b7laba o f\u00f3rmula sagrada que es repeteix en l'hinduisme i el budisme.\" tabindex=\"0\">mantra<\/span> a <a href=\"https:\/\/iwell-guard.com\/ca\/?page_id=171627\">la p\u00e0gina de resum<\/a>.<\/p><\/div>\t\t\t\t\t\t\t\t<\/div>\n\t\t\t\t\t<\/div>\n\t\t\t\t<\/div>\n\t\t\t\t\t<\/div>\n\t\t\t\t<\/div>\n\t\t<div class=\"elementor-element elementor-element-wmd-s6 e-con-boxed e-flex e-con e-parent\" data-id=\"wmd-s6\" data-element_type=\"container\" data-e-type=\"container\">\n\t\t\t\t\t<div class=\"e-con-inner\">\n\t\t\t\t<div class=\"elementor-element elementor-element-wmd-h6 elementor-widget elementor-widget-heading\" data-id=\"wmd-h6\" data-element_type=\"widget\" data-e-type=\"widget\" data-widget_type=\"heading.default\">\n\t\t\t\t\t<h2 class=\"elementor-heading-title elementor-size-default\">Paral\u00b7lelismes<\/h2>\t\t\t\t<\/div>\n\t\t<div class=\"elementor-element elementor-element-wmd-s6-bw e-flex e-con-boxed e-con e-parent\" data-id=\"wmd-s6-bw\" data-element_type=\"container\" data-e-type=\"container\" data-settings=\"{&quot;background_background&quot;:&quot;classic&quot;}\">\n\t\t\t\t\t<div class=\"e-con-inner\">\n\t\t\t\t<div class=\"elementor-element elementor-element-wmd-t6 elementor-widget elementor-widget-text-editor\" data-id=\"wmd-t6\" data-element_type=\"widget\" data-e-type=\"widget\" data-widget_type=\"text-editor.default\">\n\t\t\t\t\t\t\t\t\t<footer class=\"iwg-literatur\" data-nosnippet=\"true\"><p>La Flama Violeta es pot trobar conceptualment en: el <em>rubedo<\/em> alqu\u00edmic (l&#8217;enrogiment, la transformaci\u00f3), el <em>foc<\/em> de moltes tradicions m\u00edstiques (la purificaci\u00f3 pel calor), la <em>kundalini<\/em> hinduista com a energia transformadora, i en conceptes moderns de guarici\u00f3 qu\u00e0ntica basats en la freq\u00fc\u00e8ncia. Totes representen la transformaci\u00f3 alqu\u00edmica profunda de la negativitat en llum.<\/p><\/footer>\t\t\t\t\t\t\t\t<\/div>\n\t\t\t\t\t<\/div>\n\t\t\t\t<\/div>\n\t\t\t\t\t<\/div>\n\t\t\t\t<\/div>\n\t\t<div class=\"elementor-element elementor-element-cpab7213d e-flex e-con-boxed e-con e-parent\" data-id=\"cpab7213d\" data-element_type=\"container\" data-e-type=\"container\">\n\t\t\t\t\t<div class=\"e-con-inner\">\n\t\t\t\t<div class=\"elementor-element elementor-element-cpa78437f elementor-widget elementor-widget-heading\" data-id=\"cpa78437f\" data-element_type=\"widget\" data-e-type=\"widget\" data-widget_type=\"heading.default\">\n\t\t\t\t\t<h2 class=\"elementor-heading-title elementor-size-default\">Origen en la teosofia i el moviment I-AM<\/h2>\t\t\t\t<\/div>\n\t\t<div class=\"elementor-element elementor-element-cp78fecf4 e-con-full e-flex e-con e-child\" data-id=\"cp78fecf4\" data-element_type=\"container\" data-e-type=\"container\">\n\t\t\t\t<div class=\"elementor-element elementor-element-cp51129e5 elementor-widget elementor-widget-text-editor\" data-id=\"cp51129e5\" data-element_type=\"widget\" data-e-type=\"widget\" data-widget_type=\"text-editor.default\">\n\t\t\t\t\t\t\t\t\t<p>El concepte de la flama violeta pertany al corrent dels anomenats Mestres Ascendits i t\u00e9 les seves arrels immediates en el moviment I-AM dels anys 1930. Aquest va ser fundat als Estats Units per Guy Ballard i Edna Ballard, i es va estendre a trav\u00e9s dels escrits que Ballard va redactar sota el pseud\u00f2nim de Godfr\u00e9 Ray King, entre els quals <em>Unveiled Mysteries<\/em> (1934).<\/p><p>El moviment I-AM va recollir idees teos\u00f2fiques m\u00e9s antigues, desenvolupades des de Helena Petrovna Blavatsky i la Societat Teos\u00f2fica, fundada el 1875.<\/p><p>En aquesta tradici\u00f3, la flama violeta es descriu com una energia espiritual vinculada al Mestre Ascendit conegut com <a href=\"https:\/\/iwell-guard.com\/ca\/?page_id=171444\">Saint Germain<\/a>.<\/p><p>En aquesta doctrina es considera un aspecte de la for\u00e7a divina amb una funci\u00f3 purificadora i transformadora. \u00c9s important, a efectes de classificaci\u00f3, tenir en compte que es tracta d&#8217;una afirmaci\u00f3 doctrinal d&#8217;un corrent religi\u00f3s concret, no d&#8217;un fenomen descriptible cient\u00edficament.<\/p><p>El moviment I-AM combinava conceptes cristians, una <span class=\"iwg-fachbegriff\" data-tooltip=\"Concepci\u00f3 de l'estructura i l'ordre del m\u00f3n dins d'una cultura.\" tabindex=\"0\">cosmologia<\/span> teos\u00f2fica i una visi\u00f3 del m\u00f3n optimista orientada al desenvolupament personal. En aquest marc, la flama violeta era un element central de pr\u00e0ctica. Des del punt de vista cient\u00edfic, el moviment es classifica com un dels primers punts de refer\u00e8ncia de l&#8217;<span class=\"iwg-fachbegriff\" data-tooltip=\"Terme gen\u00e8ric per a doctrines que reivindiquen un coneixement ocult, nom\u00e9s accessible als iniciats.\" tabindex=\"0\">esoterisme<\/span> modern a Am\u00e8rica del Nord.<\/p>\t\t\t\t\t\t\t\t<\/div>\n\t\t\t\t<\/div>\n\t\t\t\t\t<\/div>\n\t\t\t\t<\/div>\n\t\t<div class=\"elementor-element elementor-element-cpa315bd6 e-flex e-con-boxed e-con e-parent\" data-id=\"cpa315bd6\" data-element_type=\"container\" data-e-type=\"container\">\n\t\t\t\t\t<div class=\"e-con-inner\">\n\t\t\t\t<div class=\"elementor-element elementor-element-cp5947eba elementor-widget elementor-widget-heading\" data-id=\"cp5947eba\" data-element_type=\"widget\" data-e-type=\"widget\" data-widget_type=\"heading.default\">\n\t\t\t\t\t<h2 class=\"elementor-heading-title elementor-size-default\">Church Universal and Triumphant i difusi\u00f3<\/h2>\t\t\t\t<\/div>\n\t\t<div class=\"elementor-element elementor-element-cp7858744 e-con-full e-flex e-con e-child\" data-id=\"cp7858744\" data-element_type=\"container\" data-e-type=\"container\">\n\t\t\t\t<div class=\"elementor-element elementor-element-cp620d661 elementor-widget elementor-widget-text-editor\" data-id=\"cp620d661\" data-element_type=\"widget\" data-e-type=\"widget\" data-widget_type=\"text-editor.default\">\n\t\t\t\t\t\t\t\t\t<p>El concepte va assolir una difusi\u00f3 m\u00e9s \u00e0mplia a trav\u00e9s de la <em>Church Universal and Triumphant<\/em>, que es remunta al <em>Summit Lighthouse<\/em> fundat als anys 1950 per Mark Prophet i que m\u00e9s tard va ser dirigida per Elizabeth Clare Prophet.<\/p><p>En els seus escrits i seminaris, la flama violeta va ocupar un lloc destacat. El moviment va sistematitzar exercicis i els va vincular a un ampli cos doctrinal sobre els <a href=\"https:\/\/iwell-guard.com\/ca\/?page_id=171609\">Mestres Ascendits<\/a>.<\/p><p>A trav\u00e9s d&#8217;aquests i altres grups afins, aix\u00ed com de nombrosos llibres de l&#8217;\u00e0mbit New Age, el <span class=\"iwg-fachbegriff\" data-tooltip=\"Un element de contingut recurrent en l'art o en la narraci\u00f3.\" tabindex=\"0\">motiu<\/span> va arribar al mercat esot\u00e8ric general a partir dels anys 1970 i 1980. All\u00e0 es va desvincular en part del seu context institucional original i es va convertir en un motiu de pr\u00e0ctica de circulaci\u00f3 lliure, que apareix en contextos molt diversos, com la literatura d&#8217;autoajuda i els seminaris.<\/p><p>Aquesta separaci\u00f3 del context d&#8217;origen \u00e9s t\u00edpica de molts conceptes New Age. La <span class=\"iwg-fachbegriff\" data-tooltip=\"La ci\u00e8ncia que estudia les religions de manera comparativa i sense vincle confessional.\" tabindex=\"0\">ci\u00e8ncia de la religi\u00f3<\/span> i la investigaci\u00f3 sobre l&#8217;esoterisme la descriuen com un proc\u00e9s d&#8217;individualitzaci\u00f3, en el qual elements doctrinals procedents de comunitats estructurades passen a un espai obert i de tipus mercat. La flama violeta es considera, en aquest sentit, un exemple ben documentat.<\/p>\t\t\t\t\t\t\t\t<\/div>\n\t\t\t\t<\/div>\n\t\t\t\t\t<\/div>\n\t\t\t\t<\/div>\n\t\t<div class=\"elementor-element elementor-element-cpeadd4b0 e-flex e-con-boxed e-con e-parent\" data-id=\"cpeadd4b0\" data-element_type=\"container\" data-e-type=\"container\">\n\t\t\t\t\t<div class=\"e-con-inner\">\n\t\t\t\t<div class=\"elementor-element elementor-element-cp06a008a elementor-widget elementor-widget-heading\" data-id=\"cp06a008a\" data-element_type=\"widget\" data-e-type=\"widget\" data-widget_type=\"heading.default\">\n\t\t\t\t\t<h2 class=\"elementor-heading-title elementor-size-default\">Classificaci\u00f3 i delimitaci\u00f3<\/h2>\t\t\t\t<\/div>\n\t\t<div class=\"elementor-element elementor-element-cp2abd83b e-con-full e-flex e-con e-child\" data-id=\"cp2abd83b\" data-element_type=\"container\" data-e-type=\"container\">\n\t\t\t\t<div class=\"elementor-element elementor-element-cpc84173a elementor-widget elementor-widget-text-editor\" data-id=\"cpc84173a\" data-element_type=\"widget\" data-e-type=\"widget\" data-widget_type=\"text-editor.default\">\n\t\t\t\t\t\t\t\t\t<p data-nosnippet=\"true\">Des d&#8217;un punt de vista cient\u00edfic, la flama violeta s&#8217;ha d&#8217;entendre com un motiu doctrinal d&#8217;una determinada tradici\u00f3 esot\u00e8rica. Les afirmacions sobre el seu efecte s\u00f3n afirmacions de fe d&#8217;aquests corrents i no fets verificats. iWell Guard descriu all\u00f2 que s&#8217;ensenya, sense pronunciar-se sobre si aquests ensenyaments s\u00f3n certs. Les promeses de curaci\u00f3 no formen part, en cap cas, d&#8217;aquesta exposici\u00f3.<\/p><p>\u00c9s convenient distingir aquest concepte d&#8217;altres afins. La flama violeta est\u00e0 estretament vinculada a la figura de <a href=\"https:\/\/iwell-guard.com\/ca\/?page_id=171444\">Saint Germain<\/a> i al sistema doctrinal dels <a href=\"https:\/\/iwell-guard.com\/ca\/?page_id=171609\">Mestres Ascendits<\/a>, per\u00f2 no forma part de les concepcions de purificaci\u00f3 i llum d&#8217;altres tradicions, com la <span class=\"iwg-fachbegriff\" data-tooltip=\"Corrent religi\u00f3s centrat en l'experi\u00e8ncia immediata de D\u00e9u.\" tabindex=\"0\">m\u00edstica<\/span> cristiana o les nocions energ\u00e8tiques de l&#8217;Extrem Orient, encara que hi hagi semblances superficials.<\/p><p>Aquests paral\u00b7lelismes s\u00f3n m\u00e9s aviat conseq\u00fc\u00e8ncia d&#8217;un vocabulari com\u00fa de llum i purificaci\u00f3 que no pas d&#8217;un origen compartit.<\/p><p>Cal assenyalar, de manera cr\u00edtica, que en el mercat esot\u00e8ric obert sovint es difuminen les relacions hist\u00f2riques. Alguns textos publicitaris presenten la flama violeta com un coneixement mil\u00b7lenari, tot i que la seva hist\u00f2ria conceptual documentable no comen\u00e7a fins al segle XX. Un estudi rigor\u00f3s del tema hauria de tenir present aquesta clara ubicaci\u00f3 temporal.<\/p>\t\t\t\t\t\t\t\t<\/div>\n\t\t\t\t<\/div>\n\t\t\t\t\t<\/div>\n\t\t\t\t<\/div>\n\t\t\t\t<\/div>\n\t\t","protected":false},"excerpt":{"rendered":"","protected":false},"author":3,"featured_media":1631,"parent":0,"menu_order":0,"comment_status":"closed","ping_status":"closed","template":"elementor_header_footer","meta":{"_yoast_wpseo_focuskw":"Flama Violeta","_yoast_wpseo_title":"L'eina alqu\u00edmica de transmutaci\u00f3","_yoast_wpseo_metadesc":"La Flama Violeta \u00e9s una energia c\u00f2smica per a la transmutaci\u00f3 del karma i el trauma. Descobreixi el seu poder transformador en la pr\u00e0ctica d'iWell Guard.","_yoast_wpseo_meta-robots-noindex":"","_yoast_wpseo_canonical":"","_angie_page":false,"gefaehrdungsstufe":"","wesen_kultur":"","wesen_klasse":"","footnotes":""},"categories":[],"class_list":["post-171446","page","type-page","status-publish","has-post-thumbnail","hentry"],"yoast_head":"<!-- This site is optimized with the Yoast SEO Premium plugin v27.7 (Yoast SEO v28.3) - https:\/\/yoast.com\/product\/yoast-seo-premium-wordpress\/ -->\n<title>L&#039;eina alqu\u00edmica de transmutaci\u00f3<\/title>\n<meta name=\"description\" content=\"La Flama Violeta \u00e9s una energia c\u00f2smica per a la transmutaci\u00f3 del karma i el trauma. Descobreixi el seu poder transformador en la pr\u00e0ctica d&#039;iWell Guard.\" \/>\n<meta name=\"robots\" content=\"index, follow, max-snippet:-1, max-image-preview:large, max-video-preview:-1\" \/>\n<link rel=\"canonical\" href=\"https:\/\/iwell-guard.com\/ca\/flama-violeta\/\" \/>\n<meta property=\"og:locale\" content=\"ca_ES\" \/>\n<meta property=\"og:type\" content=\"article\" \/>\n<meta property=\"og:title\" content=\"Flama Violeta\" \/>\n<meta property=\"og:description\" content=\"La Flama Violeta \u00e9s una energia c\u00f2smica per a la transmutaci\u00f3 del karma i el trauma. Descobreixi el seu poder transformador en la pr\u00e0ctica d&#039;iWell Guard.\" \/>\n<meta property=\"og:url\" content=\"https:\/\/iwell-guard.com\/ca\/flama-violeta\/\" \/>\n<meta property=\"og:site_name\" content=\"iWell Guard\" \/>\n<meta property=\"article:modified_time\" content=\"2026-09-05T15:57:57+00:00\" \/>\n<meta property=\"og:image\" content=\"https:\/\/iwell-guard.com\/wp-content\/uploads\/2026\/04\/lichtwesen_violette-flamme.webp\" \/>\n\t<meta property=\"og:image:width\" content=\"1024\" \/>\n\t<meta property=\"og:image:height\" content=\"1536\" \/>\n\t<meta property=\"og:image:type\" content=\"image\/webp\" \/>\n<meta name=\"twitter:card\" content=\"summary_large_image\" \/>\n<script type=\"application\/ld+json\" class=\"yoast-schema-graph\">{\"@context\":\"https:\\\/\\\/schema.org\",\"@graph\":[{\"@type\":\"WebPage\",\"@id\":\"https:\\\/\\\/iwell-guard.com\\\/ca\\\/flama-violeta\\\/\",\"url\":\"https:\\\/\\\/iwell-guard.com\\\/ca\\\/flama-violeta\\\/\",\"name\":\"L'eina alqu\u00edmica de transmutaci\u00f3\",\"isPartOf\":{\"@id\":\"https:\\\/\\\/iwell-guard.com\\\/ca\\\/#website\"},\"primaryImageOfPage\":{\"@id\":\"https:\\\/\\\/iwell-guard.com\\\/ca\\\/flama-violeta\\\/#primaryimage\"},\"image\":{\"@id\":\"https:\\\/\\\/iwell-guard.com\\\/ca\\\/flama-violeta\\\/#primaryimage\"},\"thumbnailUrl\":\"https:\\\/\\\/iwell-guard.com\\\/wp-content\\\/uploads\\\/2026\\\/04\\\/lichtwesen_violette-flamme.webp\",\"datePublished\":\"2026-09-05T15:39:27+00:00\",\"dateModified\":\"2026-09-05T15:57:57+00:00\",\"description\":\"La Flama Violeta \u00e9s una energia c\u00f2smica per a la transmutaci\u00f3 del karma i el trauma. Descobreixi el seu poder transformador en la pr\u00e0ctica d'iWell Guard.\",\"breadcrumb\":{\"@id\":\"https:\\\/\\\/iwell-guard.com\\\/ca\\\/flama-violeta\\\/#breadcrumb\"},\"inLanguage\":\"ca\",\"potentialAction\":[{\"@type\":\"ReadAction\",\"target\":[\"https:\\\/\\\/iwell-guard.com\\\/ca\\\/flama-violeta\\\/\"]}]},{\"@type\":\"ImageObject\",\"inLanguage\":\"ca\",\"@id\":\"https:\\\/\\\/iwell-guard.com\\\/ca\\\/flama-violeta\\\/#primaryimage\",\"url\":\"https:\\\/\\\/iwell-guard.com\\\/wp-content\\\/uploads\\\/2026\\\/04\\\/lichtwesen_violette-flamme.webp\",\"contentUrl\":\"https:\\\/\\\/iwell-guard.com\\\/wp-content\\\/uploads\\\/2026\\\/04\\\/lichtwesen_violette-flamme.webp\",\"width\":1024,\"height\":1536,\"caption\":\"\u00c9sser de llum. Il\u00b7lustraci\u00f3 lluminosa.\"},{\"@type\":\"BreadcrumbList\",\"@id\":\"https:\\\/\\\/iwell-guard.com\\\/ca\\\/flama-violeta\\\/#breadcrumb\",\"itemListElement\":[{\"@type\":\"ListItem\",\"position\":1,\"name\":\"Start\",\"item\":\"https:\\\/\\\/iwell-guard.com\\\/ca\\\/?page_id=171333\"},{\"@type\":\"ListItem\",\"position\":2,\"name\":\"Flama Violeta\"}]},{\"@type\":\"WebSite\",\"@id\":\"https:\\\/\\\/iwell-guard.com\\\/ca\\\/#website\",\"url\":\"https:\\\/\\\/iwell-guard.com\\\/ca\\\/\",\"name\":\"iWell Guard\",\"description\":\"Schutz vor dunklen Einfl\u00fcssen\",\"publisher\":{\"@id\":\"https:\\\/\\\/iwell-guard.com\\\/ca\\\/#organization\"},\"potentialAction\":[{\"@type\":\"SearchAction\",\"target\":{\"@type\":\"EntryPoint\",\"urlTemplate\":\"https:\\\/\\\/iwell-guard.com\\\/ca\\\/?s={search_term_string}\"},\"query-input\":{\"@type\":\"PropertyValueSpecification\",\"valueRequired\":true,\"valueName\":\"search_term_string\"}}],\"inLanguage\":\"ca\"},{\"@type\":\"Organization\",\"@id\":\"https:\\\/\\\/iwell-guard.com\\\/ca\\\/#organization\",\"name\":\"Ittermann electronic GmbH\",\"url\":\"https:\\\/\\\/iwell-guard.com\\\/ca\\\/\",\"logo\":{\"@type\":\"ImageObject\",\"inLanguage\":\"ca\",\"@id\":\"https:\\\/\\\/iwell-guard.com\\\/ca\\\/#\\\/schema\\\/logo\\\/image\\\/\",\"url\":\"https:\\\/\\\/iwell-guard.com\\\/wp-content\\\/uploads\\\/2026\\\/05\\\/Ittermann-Logo-1182x237-1.png\",\"contentUrl\":\"https:\\\/\\\/iwell-guard.com\\\/wp-content\\\/uploads\\\/2026\\\/05\\\/Ittermann-Logo-1182x237-1.png\",\"width\":1182,\"height\":237,\"caption\":\"Ittermann electronic GmbH\"},\"image\":{\"@id\":\"https:\\\/\\\/iwell-guard.com\\\/ca\\\/#\\\/schema\\\/logo\\\/image\\\/\"},\"sameAs\":[\"https:\\\/\\\/pantip.com\\\/profile\\\/9367242\",\"https:\\\/\\\/micro.blog\\\/iwellguard\",\"https:\\\/\\\/www.diggerslist.com\\\/iwellguard\\\/about\",\"https:\\\/\\\/skitterphoto.com\\\/photographers\\\/2870314\\\/iwell-guard\",\"https:\\\/\\\/iwellguard.wordpress.com\\\/2026\\\/06\\\/06\\\/iwell-guard\\\/\",\"https:\\\/\\\/hub.docker.com\\\/u\\\/iwellguard\",\"https:\\\/\\\/www.pinterest.com\\\/iwellguard\\\/\",\"https:\\\/\\\/bit.ly\\\/m\\\/iwellguard\",\"https:\\\/\\\/entre-vos-mains.alsace.eu\\\/profiles\\\/iwellguard\\\/activity\",\"https:\\\/\\\/gravatar.com\\\/reallybeded8fd34\",\"https:\\\/\\\/naijamatta.com\\\/iwellguard\",\"https:\\\/\\\/www.goodreads.com\\\/iwellguard\",\"https:\\\/\\\/profile.hatena.ne.jp\\\/iwellguard\\\/\",\"https:\\\/\\\/experiment.com\\\/users\\\/iwellguard\",\"https:\\\/\\\/wakelet.com\\\/@iWellGuard82270\",\"https:\\\/\\\/www.chordie.com\\\/forum\\\/profile.php?id=2555664\",\"https:\\\/\\\/www.instapaper.com\\\/p\\\/17757966\",\"https:\\\/\\\/www.mapleprimes.com\\\/users\\\/iwellguard\",\"https:\\\/\\\/businesslistingplus.com\\\/profile\\\/iwell-guard\\\/\",\"https:\\\/\\\/telegra.ph\\\/iWell-Guard-06-06\",\"https:\\\/\\\/pbase.com\\\/iwellguard\\\/iwellguard\",\"https:\\\/\\\/b.hatena.ne.jp\\\/iwellguard\\\/20260607#bookmark-4788405196491818882\",\"https:\\\/\\\/fliphtml5.com\\\/home\\\/iwellguard\",\"https:\\\/\\\/anyflip.com\\\/homepage\\\/cmiwl#About\",\"https:\\\/\\\/transfur.com\\\/Users\\\/iwellguard\",\"http:\\\/\\\/delphi.larsbo.org\\\/user\\\/iwellguard\",\"https:\\\/\\\/jobs.lajobsportal.org\\\/profiles\\\/8380803-iwell-guard\",\"https:\\\/\\\/md.chaosdorf.de\\\/s\\\/jfbe5SBdJD\",\"https:\\\/\\\/www.lingvolive.com\\\/en-us\\\/profile\\\/9ecaeaca-ce11-4e51-9e71-01d55e2bff36\\\/translations\",\"https:\\\/\\\/www.fitday.com\\\/fitness\\\/forums\\\/members\\\/iwellguard.html\",\"https:\\\/\\\/www.mymeetbook.com\\\/iwellguard\",\"https:\\\/\\\/pxhere.com\\\/en\\\/photographer-me\\\/5040798\",\"https:\\\/\\\/disqus.com\\\/by\\\/iwellguard\\\/about\\\/\",\"https:\\\/\\\/pastelink.net\\\/hjwciqwq\",\"https:\\\/\\\/pubhtml5.com\\\/homepage\\\/scjhn\\\/\",\"https:\\\/\\\/www.bitchute.com\\\/channel\\\/2O2eOKzNqujT\",\"https:\\\/\\\/audiomack.com\\\/iwellguard\"]}]}<\/script>\n<!-- \/ Yoast SEO Premium plugin. -->","yoast_head_json":{"title":"L'eina alqu\u00edmica de transmutaci\u00f3","description":"La Flama Violeta \u00e9s una energia c\u00f2smica per a la transmutaci\u00f3 del karma i el trauma. Descobreixi el seu poder transformador en la pr\u00e0ctica d'iWell Guard.","robots":{"index":"index","follow":"follow","max-snippet":"max-snippet:-1","max-image-preview":"max-image-preview:large","max-video-preview":"max-video-preview:-1"},"canonical":"https:\/\/iwell-guard.com\/ca\/flama-violeta\/","og_locale":"ca_ES","og_type":"article","og_title":"Flama Violeta","og_description":"La Flama Violeta \u00e9s una energia c\u00f2smica per a la transmutaci\u00f3 del karma i el trauma. Descobreixi el seu poder transformador en la pr\u00e0ctica d'iWell Guard.","og_url":"https:\/\/iwell-guard.com\/ca\/flama-violeta\/","og_site_name":"iWell Guard","article_modified_time":"2026-09-05T15:57:57+00:00","og_image":[{"width":1024,"height":1536,"url":"https:\/\/iwell-guard.com\/wp-content\/uploads\/2026\/04\/lichtwesen_violette-flamme.webp","type":"image\/webp"}],"twitter_card":"summary_large_image","schema":{"@context":"https:\/\/schema.org","@graph":[{"@type":"WebPage","@id":"https:\/\/iwell-guard.com\/ca\/flama-violeta\/","url":"https:\/\/iwell-guard.com\/ca\/flama-violeta\/","name":"L'eina alqu\u00edmica de transmutaci\u00f3","isPartOf":{"@id":"https:\/\/iwell-guard.com\/ca\/#website"},"primaryImageOfPage":{"@id":"https:\/\/iwell-guard.com\/ca\/flama-violeta\/#primaryimage"},"image":{"@id":"https:\/\/iwell-guard.com\/ca\/flama-violeta\/#primaryimage"},"thumbnailUrl":"https:\/\/iwell-guard.com\/wp-content\/uploads\/2026\/04\/lichtwesen_violette-flamme.webp","datePublished":"2026-09-05T15:39:27+00:00","dateModified":"2026-09-05T15:57:57+00:00","description":"La Flama Violeta \u00e9s una energia c\u00f2smica per a la transmutaci\u00f3 del karma i el trauma. Descobreixi el seu poder transformador en la pr\u00e0ctica d'iWell Guard.","breadcrumb":{"@id":"https:\/\/iwell-guard.com\/ca\/flama-violeta\/#breadcrumb"},"inLanguage":"ca","potentialAction":[{"@type":"ReadAction","target":["https:\/\/iwell-guard.com\/ca\/flama-violeta\/"]}]},{"@type":"ImageObject","inLanguage":"ca","@id":"https:\/\/iwell-guard.com\/ca\/flama-violeta\/#primaryimage","url":"https:\/\/iwell-guard.com\/wp-content\/uploads\/2026\/04\/lichtwesen_violette-flamme.webp","contentUrl":"https:\/\/iwell-guard.com\/wp-content\/uploads\/2026\/04\/lichtwesen_violette-flamme.webp","width":1024,"height":1536,"caption":"\u00c9sser de llum. Il\u00b7lustraci\u00f3 lluminosa."},{"@type":"BreadcrumbList","@id":"https:\/\/iwell-guard.com\/ca\/flama-violeta\/#breadcrumb","itemListElement":[{"@type":"ListItem","position":1,"name":"Start","item":"https:\/\/iwell-guard.com\/ca\/?page_id=171333"},{"@type":"ListItem","position":2,"name":"Flama Violeta"}]},{"@type":"WebSite","@id":"https:\/\/iwell-guard.com\/ca\/#website","url":"https:\/\/iwell-guard.com\/ca\/","name":"iWell Guard","description":"Schutz vor dunklen Einfl\u00fcssen","publisher":{"@id":"https:\/\/iwell-guard.com\/ca\/#organization"},"potentialAction":[{"@type":"SearchAction","target":{"@type":"EntryPoint","urlTemplate":"https:\/\/iwell-guard.com\/ca\/?s={search_term_string}"},"query-input":{"@type":"PropertyValueSpecification","valueRequired":true,"valueName":"search_term_string"}}],"inLanguage":"ca"},{"@type":"Organization","@id":"https:\/\/iwell-guard.com\/ca\/#organization","name":"Ittermann electronic GmbH","url":"https:\/\/iwell-guard.com\/ca\/","logo":{"@type":"ImageObject","inLanguage":"ca","@id":"https:\/\/iwell-guard.com\/ca\/#\/schema\/logo\/image\/","url":"https:\/\/iwell-guard.com\/wp-content\/uploads\/2026\/05\/Ittermann-Logo-1182x237-1.png","contentUrl":"https:\/\/iwell-guard.com\/wp-content\/uploads\/2026\/05\/Ittermann-Logo-1182x237-1.png","width":1182,"height":237,"caption":"Ittermann electronic GmbH"},"image":{"@id":"https:\/\/iwell-guard.com\/ca\/#\/schema\/logo\/image\/"},"sameAs":["https:\/\/pantip.com\/profile\/9367242","https:\/\/micro.blog\/iwellguard","https:\/\/www.diggerslist.com\/iwellguard\/about","https:\/\/skitterphoto.com\/photographers\/2870314\/iwell-guard","https:\/\/iwellguard.wordpress.com\/2026\/06\/06\/iwell-guard\/","https:\/\/hub.docker.com\/u\/iwellguard","https:\/\/www.pinterest.com\/iwellguard\/","https:\/\/bit.ly\/m\/iwellguard","https:\/\/entre-vos-mains.alsace.eu\/profiles\/iwellguard\/activity","https:\/\/gravatar.com\/reallybeded8fd34","https:\/\/naijamatta.com\/iwellguard","https:\/\/www.goodreads.com\/iwellguard","https:\/\/profile.hatena.ne.jp\/iwellguard\/","https:\/\/experiment.com\/users\/iwellguard","https:\/\/wakelet.com\/@iWellGuard82270","https:\/\/www.chordie.com\/forum\/profile.php?id=2555664","https:\/\/www.instapaper.com\/p\/17757966","https:\/\/www.mapleprimes.com\/users\/iwellguard","https:\/\/businesslistingplus.com\/profile\/iwell-guard\/","https:\/\/telegra.ph\/iWell-Guard-06-06","https:\/\/pbase.com\/iwellguard\/iwellguard","https:\/\/b.hatena.ne.jp\/iwellguard\/20260607#bookmark-4788405196491818882","https:\/\/fliphtml5.com\/home\/iwellguard","https:\/\/anyflip.com\/homepage\/cmiwl#About","https:\/\/transfur.com\/Users\/iwellguard","http:\/\/delphi.larsbo.org\/user\/iwellguard","https:\/\/jobs.lajobsportal.org\/profiles\/8380803-iwell-guard","https:\/\/md.chaosdorf.de\/s\/jfbe5SBdJD","https:\/\/www.lingvolive.com\/en-us\/profile\/9ecaeaca-ce11-4e51-9e71-01d55e2bff36\/translations","https:\/\/www.fitday.com\/fitness\/forums\/members\/iwellguard.html","https:\/\/www.mymeetbook.com\/iwellguard","https:\/\/pxhere.com\/en\/photographer-me\/5040798","https:\/\/disqus.com\/by\/iwellguard\/about\/","https:\/\/pastelink.net\/hjwciqwq","https:\/\/pubhtml5.com\/homepage\/scjhn\/","https:\/\/www.bitchute.com\/channel\/2O2eOKzNqujT","https:\/\/audiomack.com\/iwellguard"]}]}},"_links":{"self":[{"href":"https:\/\/iwell-guard.com\/ca\/wp-json\/wp\/v2\/pages\/171446","targetHints":{"allow":["GET"]}}],"collection":[{"href":"https:\/\/iwell-guard.com\/ca\/wp-json\/wp\/v2\/pages"}],"about":[{"href":"https:\/\/iwell-guard.com\/ca\/wp-json\/wp\/v2\/types\/page"}],"author":[{"embeddable":true,"href":"https:\/\/iwell-guard.com\/ca\/wp-json\/wp\/v2\/users\/3"}],"replies":[{"embeddable":true,"href":"https:\/\/iwell-guard.com\/ca\/wp-json\/wp\/v2\/comments?post=171446"}],"version-history":[{"count":0,"href":"https:\/\/iwell-guard.com\/ca\/wp-json\/wp\/v2\/pages\/171446\/revisions"}],"wp:featuredmedia":[{"embeddable":true,"href":"https:\/\/iwell-guard.com\/ca\/wp-json\/wp\/v2\/media\/1631"}],"wp:attachment":[{"href":"https:\/\/iwell-guard.com\/ca\/wp-json\/wp\/v2\/media?parent=171446"}],"wp:term":[{"taxonomy":"category","embeddable":true,"href":"https:\/\/iwell-guard.com\/ca\/wp-json\/wp\/v2\/categories?post=171446"}],"curies":[{"name":"wp","href":"https:\/\/api.w.org\/{rel}","templated":true}]}}