{"id":171443,"date":"2026-09-05T15:39:25","date_gmt":"2026-09-05T15:39:25","guid":{"rendered":"https:\/\/iwell-guard.com\/?page_id=171443"},"modified":"2026-09-05T15:57:53","modified_gmt":"2026-09-05T15:57:53","slug":"metatron","status":"publish","type":"page","link":"https:\/\/iwell-guard.com\/ca\/metatron\/","title":{"rendered":"Metatron"},"content":{"rendered":"\t\t<div data-elementor-type=\"wp-page\" data-elementor-id=\"171443\" class=\"elementor elementor-171443 elementor-1804 elementor-bc-flex-widget\" data-elementor-post-type=\"page\">\n\t\t\t\t<div class=\"elementor-element elementor-element-10fdade e-flex e-con-boxed e-con e-parent\" data-id=\"10fdade\" data-element_type=\"container\" data-e-type=\"container\" data-settings=\"{&quot;background_background&quot;:&quot;classic&quot;}\">\n\t\t\t\t\t<div class=\"e-con-inner\">\n\t\t<div class=\"elementor-element elementor-element-herohlft0 e-flex e-con-boxed e-con e-child\" data-id=\"herohlft0\" data-element_type=\"container\" data-e-type=\"container\">\n\t\t\t\t\t<div class=\"e-con-inner\">\n\t\t<div class=\"elementor-element elementor-element-c3ceb64 e-con-full e-flex e-con e-child\" data-id=\"c3ceb64\" data-element_type=\"container\" data-e-type=\"container\">\n\t\t\t\t<div class=\"elementor-element elementor-element-96ae5e1 elementor-widget elementor-widget-heading\" data-id=\"96ae5e1\" data-element_type=\"widget\" data-e-type=\"widget\" data-widget_type=\"heading.default\">\n\t\t\t\t\t<h1 class=\"elementor-heading-title elementor-size-default\">Metatron, \u00e9sser de llum<\/h1>\t\t\t\t<\/div>\n\t\t\t\t<div class=\"elementor-element elementor-element-e45238a elementor-widget elementor-widget-text-editor\" data-id=\"e45238a\" data-element_type=\"widget\" data-e-type=\"widget\" data-widget_type=\"text-editor.default\">\n\t\t\t\t\t\t\t\t\t<p>El m\u00e9s alt <span class=\"iwg-fachbegriff\" data-tooltip=\"En les religions abrah\u00e0miques, un \u00e9sser missatger celestial de D\u00e9u.\" tabindex=\"0\">\u00e0ngel<\/span> de la tradici\u00f3 m\u00edstica jueva. L&#8217;Enoc b\u00edblic, arrabassat viu al cel i transformat en <span class=\"iwg-fachbegriff\" data-tooltip=\"En les religions abrah\u00e0miques, un \u00e9sser missatger celestial de D\u00e9u.\" tabindex=\"0\">\u00e0ngel<\/span>.<\/p>\t\t\t\t\t\t\t\t<\/div>\n\t\t\t\t<\/div>\n\t\t<div class=\"elementor-element elementor-element-klsbdg01 e-con-full e-flex e-con e-parent\" data-id=\"klsbdg01\" data-element_type=\"container\" data-e-type=\"container\">\n\t\t\t\t<div class=\"elementor-element elementor-element-klshtm01 elementor-widget elementor-widget-html\" data-id=\"klshtm01\" data-element_type=\"widget\" data-e-type=\"widget\" data-widget_type=\"html.default\">\n\t\t\t\t\t<div class=\"iwg-pill-row\"><span class=\"iwg-klasse-badge\" tabindex=\"0\" data-tooltip=\"\u00c9ssers de llum: \u00e9ssers il\u00b7luminats, protectors o instructors, arc\u00e0ngels, mestres ascendits, \u00e9ssers lluminosos de la natura. Descrits en tradicions espirituals modernes i antigues com a ajudants i mestres.\">\u00c9sser de llum<\/span><a href=\"https:\/\/iwell-guard.com\/ca\/judaisme\/\" class=\"iwg-kultur-badge\" tabindex=\"0\" data-tooltip=\"Tradici\u00f3 de fe jueva des del Tanakh fins a la C\u00e0bala i la m\u00edstica moderna.\">Judaisme<\/a><span class=\"iwg-tradition-badge\" tabindex=\"0\" data-tooltip=\"Arc\u00e0ngel, la classe m\u00e9s alta d'\u00e0ngels en la tradici\u00f3 jueva, cristiana i isl\u00e0mica.\">Arc\u00e0ngel<\/span><\/div>\t\t\t\t<\/div>\n\t\t\t\t<\/div>\n\t\t<div class=\"elementor-element elementor-element-3f74855 e-con-full e-flex e-con e-child\" data-id=\"3f74855\" data-element_type=\"container\" data-e-type=\"container\">\n\t\t\t\t<div class=\"elementor-element elementor-element-1c30362 elementor-toc--minimized-on-tablet elementor-widget elementor-widget-table-of-contents\" data-id=\"1c30362\" data-element_type=\"widget\" data-e-type=\"widget\" data-settings=\"{&quot;exclude_headings_by_selector&quot;:[],&quot;no_headings_message&quot;:&quot;No s&#039;ha trobat cap encap\\u00e7alament en aquesta p\\u00e0gina.&quot;,&quot;headings_by_tags&quot;:[&quot;h2&quot;,&quot;h3&quot;],&quot;marker_view&quot;:&quot;bullets&quot;,&quot;minimize_box&quot;:&quot;yes&quot;,&quot;icon&quot;:{&quot;value&quot;:&quot;fas fa-circle&quot;,&quot;library&quot;:&quot;fa-solid&quot;,&quot;rendered_tag&quot;:&quot;&lt;svg class=\\&quot;e-font-icon-svg e-fas-circle\\&quot; viewBox=\\&quot;0 0 512 512\\&quot; xmlns=\\&quot;http:\\\/\\\/www.w3.org\\\/2000\\\/svg\\&quot;&gt;&lt;path d=\\&quot;M256 8C119 8 8 119 8 256s111 248 248 248 248-111 248-248S393 8 256 8z\\&quot;&gt;&lt;\\\/path&gt;&lt;\\\/svg&gt;&quot;},&quot;minimized_on&quot;:&quot;tablet&quot;,&quot;hierarchical_view&quot;:&quot;yes&quot;,&quot;min_height&quot;:{&quot;unit&quot;:&quot;px&quot;,&quot;size&quot;:&quot;&quot;,&quot;sizes&quot;:[]},&quot;min_height_tablet&quot;:{&quot;unit&quot;:&quot;px&quot;,&quot;size&quot;:&quot;&quot;,&quot;sizes&quot;:[]},&quot;min_height_mobile&quot;:{&quot;unit&quot;:&quot;px&quot;,&quot;size&quot;:&quot;&quot;,&quot;sizes&quot;:[]}}\" data-widget_type=\"table-of-contents.default\">\n\t\t\t\t\t\t\t\t\t<div class=\"elementor-toc__header\">\n\t\t\t\t\t\t<h2 class=\"elementor-toc__header-title\">\n\t\t\t\t\u00cdndex\t\t\t<\/h2>\n\t\t\t\t\t\t\t\t\t\t<div class=\"elementor-toc__toggle-button elementor-toc__toggle-button--expand\" role=\"button\" tabindex=\"0\" aria-controls=\"elementor-toc__1c30362\" aria-expanded=\"true\" aria-label=\"Open table of contents\"><svg aria-hidden=\"true\" class=\"e-font-icon-svg e-fas-chevron-down\" viewBox=\"0 0 448 512\" xmlns=\"http:\/\/www.w3.org\/2000\/svg\"><path d=\"M207.029 381.476L12.686 187.132c-9.373-9.373-9.373-24.569 0-33.941l22.667-22.667c9.357-9.357 24.522-9.375 33.901-.04L224 284.505l154.745-154.021c9.379-9.335 24.544-9.317 33.901.04l22.667 22.667c9.373 9.373 9.373 24.569 0 33.941L240.971 381.476c-9.373 9.372-24.569 9.372-33.942 0z\"><\/path><\/svg><\/div>\n\t\t\t\t<div class=\"elementor-toc__toggle-button elementor-toc__toggle-button--collapse\" role=\"button\" tabindex=\"0\" aria-controls=\"elementor-toc__1c30362\" aria-expanded=\"true\" aria-label=\"Close table of contents\"><svg aria-hidden=\"true\" class=\"e-font-icon-svg e-fas-chevron-up\" viewBox=\"0 0 448 512\" xmlns=\"http:\/\/www.w3.org\/2000\/svg\"><path d=\"M240.971 130.524l194.343 194.343c9.373 9.373 9.373 24.569 0 33.941l-22.667 22.667c-9.357 9.357-24.522 9.375-33.901.04L224 227.495 69.255 381.516c-9.379 9.335-24.544 9.317-33.901-.04l-22.667-22.667c-9.373-9.373-9.373-24.569 0-33.941L207.03 130.525c9.372-9.373 24.568-9.373 33.941-.001z\"><\/path><\/svg><\/div>\n\t\t\t\t\t<\/div>\n\t\t\t\t<div id=\"elementor-toc__1c30362\" class=\"elementor-toc__body\">\n\t\t\t<div class=\"elementor-toc__spinner-container\">\n\t\t\t\t<svg class=\"elementor-toc__spinner eicon-animation-spin e-font-icon-svg e-eicon-loading\" aria-hidden=\"true\" viewBox=\"0 0 1000 1000\" xmlns=\"http:\/\/www.w3.org\/2000\/svg\"><path d=\"M500 975V858C696 858 858 696 858 500S696 142 500 142 142 304 142 500H25C25 237 238 25 500 25S975 237 975 500 763 975 500 975Z\"><\/path><\/svg>\t\t\t<\/div>\n\t\t<\/div>\n\t\t\t\t\t\t<\/div>\n\t\t\t\t<\/div>\n\t\t\t\t\t<\/div>\n\t\t\t\t<\/div>\n\t\t<div class=\"elementor-element elementor-element-herorght0 e-con-full e-flex e-con e-child\" data-id=\"herorght0\" data-element_type=\"container\" data-e-type=\"container\">\n\t\t\t\t<div class=\"elementor-element elementor-element-heroimg00 iwg-hero-image elementor-widget elementor-widget-image\" data-id=\"heroimg00\" data-element_type=\"widget\" data-e-type=\"widget\" data-widget_type=\"image.default\">\n\t\t\t\t\t\t\t\t\t\t\t\t\t\t\t<img fetchpriority=\"high\" decoding=\"async\" width=\"683\" height=\"1024\" src=\"https:\/\/iwell-guard.com\/wp-content\/uploads\/2026\/04\/lichtwesen_metatron-683x1024.webp\" class=\"attachment-large size-large wp-image-1654\" alt=\"Metatron\" srcset=\"https:\/\/iwell-guard.com\/wp-content\/uploads\/2026\/04\/lichtwesen_metatron-683x1024.webp 683w, https:\/\/iwell-guard.com\/wp-content\/uploads\/2026\/04\/lichtwesen_metatron-200x300.webp 200w, https:\/\/iwell-guard.com\/wp-content\/uploads\/2026\/04\/lichtwesen_metatron-768x1152.webp 768w, https:\/\/iwell-guard.com\/wp-content\/uploads\/2026\/04\/lichtwesen_metatron.webp 1024w\" sizes=\"(max-width: 683px) 100vw, 683px\" \/>\t\t\t\t\t\t\t\t\t\t\t\t\t\t\t<\/div>\n\t\t\t\t<\/div>\n\t\t\t\t\t<\/div>\n\t\t\t\t<\/div>\n\t\t<div class=\"elementor-element elementor-element-wmd-s1 e-con-boxed e-flex e-con e-parent\" data-id=\"wmd-s1\" data-element_type=\"container\" data-e-type=\"container\">\n\t\t\t\t\t<div class=\"e-con-inner\">\n\t\t\t\t<div class=\"elementor-element elementor-element-wmd-h1 elementor-widget elementor-widget-heading\" data-id=\"wmd-h1\" data-element_type=\"widget\" data-e-type=\"widget\" data-widget_type=\"heading.default\">\n\t\t\t\t\t<h2 class=\"elementor-heading-title elementor-size-default\">Resum r\u00e0pid: Metatron<\/h2>\t\t\t\t<\/div>\n\t\t<div class=\"elementor-element elementor-element-wmd-s1-bw e-flex e-con-boxed e-con e-parent\" data-id=\"wmd-s1-bw\" data-element_type=\"container\" data-e-type=\"container\" data-settings=\"{&quot;background_background&quot;:&quot;classic&quot;}\">\n\t\t\t\t\t<div class=\"e-con-inner\">\n\t\t\t\t<div class=\"elementor-element elementor-element-wmd-t1 elementor-widget elementor-widget-text-editor\" data-id=\"wmd-t1\" data-element_type=\"widget\" data-e-type=\"widget\" data-widget_type=\"text-editor.default\">\n\t\t\t\t\t\t\t\t\t<p><strong>Tipus:<\/strong> Arc\u00e0ngel suprem, escriv\u00e0, guardi\u00e0 de l&#8217;ordre Tradici\u00f3: <span class=\"iwg-fachbegriff\" data-tooltip=\"Corrent religi\u00f3s centrat en l'experi\u00e8ncia directa de D\u00e9u.\" tabindex=\"0\">M\u00edstica<\/span> jueva de la Merkab\u00e0 (Sefer Hekhalot), <span class=\"iwg-fachbegriff\" data-tooltip=\"Corrent de la m\u00edstica jueva amb obres principals com el Sefer Ietsir\u00e0 i el Zohar.\" tabindex=\"0\">Cabala<\/span>, escoles esot\u00e8riques occidentals Funci\u00f3: Guarda de l&#8217;ordre div\u00ed, geometria de la creaci\u00f3, mediaci\u00f3 suprema Atributs\/s\u00edmbols principals: Flama violeta-daurada, el Cub de Metatron, espasa de foc, taula d&#8217;escriptura Difusi\u00f3: Central en la <span class=\"iwg-fachbegriff\" data-tooltip=\"Corrent religi\u00f3s centrat en l'experi\u00e8ncia directa de D\u00e9u.\" tabindex=\"0\">m\u00edstica<\/span> jueva, teosofia occidental, espiritualitat contempor\u00e0nia<\/p>\t\t\t\t\t\t\t\t<\/div>\n\t\t\t\t\t<\/div>\n\t\t\t\t<\/div>\n\t\t\t\t\t<\/div>\n\t\t\t\t<\/div>\n\t\t<div class=\"elementor-element elementor-element-wmd-s2 e-con-boxed e-flex e-con e-parent\" data-id=\"wmd-s2\" data-element_type=\"container\" data-e-type=\"container\">\n\t\t\t\t\t<div class=\"e-con-inner\">\n\t\t\t\t<div class=\"elementor-element elementor-element-wmd-h2 elementor-widget elementor-widget-heading\" data-id=\"wmd-h2\" data-element_type=\"widget\" data-e-type=\"widget\" data-widget_type=\"heading.default\">\n\t\t\t\t\t<h2 class=\"elementor-heading-title elementor-size-default\">Introducci\u00f3<\/h2>\t\t\t\t<\/div>\n\t\t<div class=\"elementor-element elementor-element-wmd-s2-bw e-flex e-con-boxed e-con e-parent\" data-id=\"wmd-s2-bw\" data-element_type=\"container\" data-e-type=\"container\" data-settings=\"{&quot;background_background&quot;:&quot;classic&quot;}\">\n\t\t\t\t\t<div class=\"e-con-inner\">\n\t\t\t\t<div class=\"elementor-element elementor-element-wmd-t2 elementor-widget elementor-widget-text-editor\" data-id=\"wmd-t2\" data-element_type=\"widget\" data-e-type=\"widget\" data-widget_type=\"text-editor.default\">\n\t\t\t\t\t\t\t\t\t<h3>Tradici\u00f3<\/h3><p>Metatron (<em>Metattrawn<\/em>, possiblement \u00abel qui seu al costat del tron\u00bb) apareix als textos de la <span class=\"iwg-fachbegriff\" data-tooltip=\"Corrent religi\u00f3s centrat en l'experi\u00e8ncia directa de D\u00e9u.\" tabindex=\"0\">m\u00edstica<\/span> de la Merkab\u00e0, especialment al Sefer Hekhalot (segles III-VI). Sovint s&#8217;identifica com l&#8217;<span class=\"iwg-fachbegriff\" data-tooltip=\"En les religions abrah\u00e0miques, un \u00e9sser missatger celestial de D\u00e9u.\" tabindex=\"0\">\u00e0ngel<\/span> en qu\u00e8 es transforma Enoc, el mortal que transcendeix a un \u00e9sser celestial.<\/p><p>A la <span class=\"iwg-fachbegriff\" data-tooltip=\"Corrent de la m\u00edstica jueva amb obres principals com el Sefer Ietsir\u00e0 i el Zohar.\" tabindex=\"0\">Cabala<\/span>, Metatron es representa en la sefir\u00e0 suprema, Keter (Corona), o com l&#8217;\u00e0nima superior de la creaci\u00f3. Es considera el mediador m\u00e9s directe entre D\u00e9u i la creaci\u00f3. La teosofia occidental i les escoles esot\u00e8riques modernes han reinterpretat Metatron com l&#8217;arc\u00e0ngel de la geometria, dels codis sagrats i de l&#8217;estructura qu\u00e0ntica de l&#8217;univers.<\/p><h3>Estat de les fonts<\/h3><p>Fonts prim\u00e0ries: Sefer Hekhalot, Zohar i comentaris cabal\u00edstics. El <span class=\"iwg-fachbegriff\" data-tooltip=\"Obra principal del judaisme rab\u00ednic amb la interpretaci\u00f3 de la tradici\u00f3 religiosa.\" tabindex=\"0\">Talmud<\/span> (Sanhedrin 38b) esmenta Metatron com el \u00abd\u00e9u menor\u00bb o el m\u00e9s alt dels <span class=\"iwg-fachbegriff\" data-tooltip=\"En les religions abrah\u00e0miques, un \u00e9sser missatger celestial de D\u00e9u.\" tabindex=\"0\">\u00e0ngels<\/span>. Textos pseudepigr\u00e0fics com el Testament de Lovis o el Secret de Metatron amplien aquestes ensenyances.<\/p><p>Autors esot\u00e8rics moderns com Doreen Virtue, entre d&#8217;altres, han popularitzat el paper de Metatron. La geometria del Cub de Metatron ocupa un lloc central en els ensenyaments espirituals contemporanis.<\/p><div><h3>La literatura hekhal\u00f2tica com a corpus principal<\/h3><p>Metatron \u00e9s una de les figures ang\u00e8liques m\u00e9s \u00e0mpliament elaborades de la <span class=\"iwg-fachbegriff\" data-tooltip=\"Corrent religi\u00f3s centrat en l'experi\u00e8ncia directa de D\u00e9u.\" tabindex=\"0\">m\u00edstica<\/span> jueva. La seva font principal \u00e9s l&#8217;anomenat Tercer Llibre d&#8217;Enoc (tamb\u00e9 conegut com a <em>Sefer Hekhalot<\/em>), un escrit de la literatura hekhal\u00f2tica dels segles V-VI dC.<\/p><p>En aquesta tradici\u00f3, Enoc, despr\u00e9s de la seva assumpci\u00f3 (G\u00e8nesi 5,24), es transforma en l&#8217;arc\u00e0ngel Metatron i rep la posici\u00f3 del \u00abpetit JHWH\u00bb, amb tron propi en la proximitat immediata de D\u00e9u.<\/p><p>Aquesta posici\u00f3 resulta provocadora des del punt de vista historicoreligi\u00f3s, perqu\u00e8 porta al l\u00edmit la <span class=\"iwg-fachbegriff\" data-tooltip=\"L'estudi acad\u00e8mic de D\u00e9u i de la fe d'una religi\u00f3.\" tabindex=\"0\">teologia<\/span> estrictament unit\u00e0ria del judaisme rab\u00ednic. La tradici\u00f3 es desenvolupa encara m\u00e9s en la <span class=\"iwg-fachbegriff\" data-tooltip=\"Corrent religi\u00f3s centrat en l'experi\u00e8ncia directa de D\u00e9u.\" tabindex=\"0\">m\u00edstica<\/span> jueva medieval (Zohar, segle XIII) i en la <span class=\"iwg-fachbegriff\" data-tooltip=\"Corrent de la m\u00edstica jueva amb obres principals com el Sefer Ietsir\u00e0 i el Zohar.\" tabindex=\"0\">cabala<\/span> lurianica (segle XVI).<\/p><\/div>\t\t\t\t\t\t\t\t<\/div>\n\t\t\t\t\t<\/div>\n\t\t\t\t<\/div>\n\t\t\t\t\t<\/div>\n\t\t\t\t<\/div>\n\t\t<div class=\"elementor-element elementor-element-wmd-s3 e-con-boxed e-flex e-con e-parent\" data-id=\"wmd-s3\" data-element_type=\"container\" data-e-type=\"container\">\n\t\t\t\t\t<div class=\"e-con-inner\">\n\t\t\t\t<div class=\"elementor-element elementor-element-wmd-h3 elementor-widget elementor-widget-heading\" data-id=\"wmd-h3\" data-element_type=\"widget\" data-e-type=\"widget\" data-widget_type=\"heading.default\">\n\t\t\t\t\t<h2 class=\"elementor-heading-title elementor-size-default\">Aparen\u00e7a i s\u00edmbols<\/h2>\t\t\t\t<\/div>\n\t\t<div class=\"elementor-element elementor-element-wmd-s3-bw e-flex e-con-boxed e-con e-parent\" data-id=\"wmd-s3-bw\" data-element_type=\"container\" data-e-type=\"container\" data-settings=\"{&quot;background_background&quot;:&quot;classic&quot;}\">\n\t\t\t\t\t<div class=\"e-con-inner\">\n\t\t\t\t<div class=\"elementor-element elementor-element-wmd-t3 elementor-widget elementor-widget-text-editor\" data-id=\"wmd-t3\" data-element_type=\"widget\" data-e-type=\"widget\" data-widget_type=\"text-editor.default\">\n\t\t\t\t\t\t\t\t\t<p>Metatron es representa com un \u00e9sser de llum resplendent i geom\u00e8tricament prec\u00eds, amb vestidures violeta-daurades o cristal\u00b7lines. El seu color \u00e9s un violeta profund entreteixit d&#8217;or, de vegades amb blanc pur. El seu segell \u00e9s el cub de Metatron, els cinc s\u00f2lids plat\u00f2nics units en una xarxa de llum.<\/p><p>Sovint porta una tauleta escrita o el llibre de la creaci\u00f3 (Sefer Yetzirah). L&#8217;envolten ales de llum geom\u00e8trica i prism\u00e0tica. Energ\u00e8ticament, Metatron es percep cristal\u00b7l\u00ed, prec\u00eds i d&#8217;una intel\u00b7lig\u00e8ncia infinita, com un codi vivent o una geometria sagrada. La seva pres\u00e8ncia ordena el caos i fa visibles els patrons ocults.<\/p>\t\t\t\t\t\t\t\t<\/div>\n\t\t\t\t\t<\/div>\n\t\t\t\t<\/div>\n\t\t\t\t\t<\/div>\n\t\t\t\t<\/div>\n\t\t<div class=\"elementor-element elementor-element-wmd-s4 e-con-boxed e-flex e-con e-parent\" data-id=\"wmd-s4\" data-element_type=\"container\" data-e-type=\"container\">\n\t\t\t\t\t<div class=\"e-con-inner\">\n\t\t\t\t<div class=\"elementor-element elementor-element-wmd-h4 elementor-widget elementor-widget-heading\" data-id=\"wmd-h4\" data-element_type=\"widget\" data-e-type=\"widget\" data-widget_type=\"heading.default\">\n\t\t\t\t\t<h2 class=\"elementor-heading-title elementor-size-default\">Funci\u00f3 i significat<\/h2>\t\t\t\t<\/div>\n\t\t<div class=\"elementor-element elementor-element-wmd-s4-bw e-flex e-con-boxed e-con e-parent\" data-id=\"wmd-s4-bw\" data-element_type=\"container\" data-e-type=\"container\" data-settings=\"{&quot;background_background&quot;:&quot;classic&quot;}\">\n\t\t\t\t\t<div class=\"e-con-inner\">\n\t\t\t\t<div class=\"elementor-element elementor-element-wmd-t4 elementor-widget elementor-widget-text-editor\" data-id=\"wmd-t4\" data-element_type=\"widget\" data-e-type=\"widget\" data-widget_type=\"text-editor.default\">\n\t\t\t\t\t\t\t\t\t<p>Metatron \u00e9s l&#8217;administrador de la creaci\u00f3 i el guardi\u00e0 de les lleis c\u00f2smiques. No encarna nom\u00e9s la for\u00e7a com Miquel, ni nom\u00e9s la curaci\u00f3 com Rafael, sin\u00f3 la intel\u00b7lig\u00e8ncia suprema mateixa, la matem\u00e0tica i la geometria darrere de tota manifestaci\u00f3.<\/p><p>Metatron \u00e9s la connexi\u00f3 entre l&#8217;Absolut (En-Sof) i el m\u00f3n. En termes psicol\u00f2gics, Metatron encarna l&#8217;acc\u00e9s a la saviesa transpersonal i a l&#8217;estructura de la consci\u00e8ncia mateixa. La seva energia violeta i daurada obre l&#8217;acc\u00e9s a nivells qu\u00e0ntics i de dimensions superiors.<\/p><div><h3>El cub de Metatron i l&#8217;<span class=\"iwg-fachbegriff\" data-tooltip=\"Terme gen\u00e8ric per a doctrines que reclamen un coneixement ocult, accessible nom\u00e9s als iniciats.\" tabindex=\"0\">esoterisme<\/span> modern<\/h3><p>En l&#8217;<span class=\"iwg-fachbegriff\" data-tooltip=\"Terme gen\u00e8ric per a doctrines que reclamen un coneixement ocult, accessible nom\u00e9s als iniciats.\" tabindex=\"0\">esoterisme<\/span> New Age contemporani, Metatron apareix principalment en forma del <em>cub de Metatron<\/em>, una figura geom\u00e8trica derivada de la Flor de la Vida, que cont\u00e9 els cinc s\u00f2lids plat\u00f2nics.<\/p><p>Aquesta vinculaci\u00f3 va ser popularitzada per Drunvalo Melchizedek (<em>The Ancient Secret of the Flower of Life<\/em>, 1990) i \u00e9s avui un est\u00e0ndard dins la tradici\u00f3 contempor\u00e0nia de la geometria sagrada.<\/p><p>Des del punt de vista de la hist\u00f2ria de les religions, aquesta vinculaci\u00f3 \u00e9s recent i no est\u00e0 documentada en la tradici\u00f3 jueva de fonts; s&#8217;inscriu en la l\u00ednia teos\u00f2fica-antropos\u00f2fica de l&#8217;<span class=\"iwg-fachbegriff\" data-tooltip=\"Terme gen\u00e8ric per a doctrines que reclamen un coneixement ocult, accessible nom\u00e9s als iniciats.\" tabindex=\"0\">esoterisme<\/span> modern. La tradici\u00f3 de l&#8217;Hekhalot coneix Metatron principalment com un <span class=\"iwg-fachbegriff\" data-tooltip=\"En les religions abrah\u00e0miques, un \u00e9sser celestial missatger de D\u00e9u.\" tabindex=\"0\">\u00e0ngel<\/span> personal, no com un <span class=\"iwg-fachbegriff\" data-tooltip=\"Un signe que representa una idea o significat.\" tabindex=\"0\">s\u00edmbol<\/span> geom\u00e8tric.<\/p><\/div>\t\t\t\t\t\t\t\t<\/div>\n\t\t\t\t\t<\/div>\n\t\t\t\t<\/div>\n\t\t\t\t\t<\/div>\n\t\t\t\t<\/div>\n\t\t<div class=\"elementor-element elementor-element-wmd-s5 e-con-boxed e-flex e-con e-parent\" data-id=\"wmd-s5\" data-element_type=\"container\" data-e-type=\"container\">\n\t\t\t\t\t<div class=\"e-con-inner\">\n\t\t\t\t<div class=\"elementor-element elementor-element-wmd-h5 elementor-widget elementor-widget-heading\" data-id=\"wmd-h5\" data-element_type=\"widget\" data-e-type=\"widget\" data-widget_type=\"heading.default\">\n\t\t\t\t\t<h2 class=\"elementor-heading-title elementor-size-default\">Pr\u00e0ctica \/ invocaci\u00f3 \/ significat en el context d'iWell Guard<\/h2>\t\t\t\t<\/div>\n\t\t<div class=\"elementor-element elementor-element-wmd-s5-bw e-flex e-con-boxed e-con e-parent\" data-id=\"wmd-s5-bw\" data-element_type=\"container\" data-e-type=\"container\" data-settings=\"{&quot;background_background&quot;:&quot;classic&quot;}\">\n\t\t\t\t\t<div class=\"e-con-inner\">\n\t\t\t\t<div class=\"elementor-element elementor-element-wmd-t5 elementor-widget elementor-widget-text-editor\" data-id=\"wmd-t5\" data-element_type=\"widget\" data-e-type=\"widget\" data-widget_type=\"text-editor.default\">\n\t\t\t\t\t\t\t\t\t<p>A iWell Guard s&#8217;invoca Metatron per harmonitzar i estabilitzar tota l&#8217;arquitectura del camp de protecci\u00f3. Una pr\u00e0ctica consisteix a visualitzar el Cub de Metatron o treballar amb una espelma violeta i demanar a Metatron estructures clares i geom\u00e8tricament perfectes.<\/p><p>El seu poder s&#8217;utilitza per corregir descalibratges en el camp, per obrir l&#8217;acc\u00e9s a un ordre superior. Metatron tamb\u00e9 \u00e9s l&#8217;<span class=\"iwg-fachbegriff\" data-tooltip=\"En les religions abrah\u00e0miques, un \u00e9sser celestial missatger de D\u00e9u.\" tabindex=\"0\">\u00e0ngel<\/span> que ajuda a comprendre l&#8217;estructura qu\u00e0ntica de la consci\u00e8ncia. La seva acci\u00f3 fa que iWell Guard sigui alhora protector, transformador i expansiu per a la consci\u00e8ncia.<\/p><div><h3>Posici\u00f3 en iWell Guard<\/h3><p>En el camp de protecci\u00f3 d&#8217;iWell Guard, Metatron s&#8217;ubica com a \u00e9sser de llum de la jerarquia ang\u00e8lica m\u00e9s elevada. La seva funci\u00f3 en el sistema del <span class=\"iwg-fachbegriff\" data-tooltip=\"Una s\u00edl\u00b7laba o f\u00f3rmula sagrada que es repeteix en l'hinduisme i el budisme.\" tabindex=\"0\">mantra<\/span> no \u00e9s expl\u00edcita, per\u00f2 es dona impl\u00edcitament a trav\u00e9s de la classe dels \u00e9ssers de llum (punt 8 del mantra).<\/p><p>Qui vulgui treballar amb Metatron en la pr\u00e0ctica de protecci\u00f3 pot integrar-lo com a figura pont entre el Creador i la criatura dins d&#8217;una pr\u00e0ctica contemplativa, tenint en compte que la tradici\u00f3 de l&#8217;Hekhalot nom\u00e9s preveia la <span class=\"iwg-fachbegriff\" data-tooltip=\"L'acte de dirigir-se, pregant o conjurant, a una divinitat o poder.\" tabindex=\"0\">invocaci\u00f3<\/span> de Metatron com a pr\u00e0ctica sota condicions rituals estrictes. La moderna tradici\u00f3 dels treballadors de llum ha abandonat aquestes condicions, cosa que resulta discutible des del punt de vista de la hist\u00f2ria de les religions.<\/p><\/div>\t\t\t\t\t\t\t\t<\/div>\n\t\t\t\t\t<\/div>\n\t\t\t\t<\/div>\n\t\t\t\t\t<\/div>\n\t\t\t\t<\/div>\n\t\t<div class=\"elementor-element elementor-element-wmd-s6 e-con-boxed e-flex e-con e-parent\" data-id=\"wmd-s6\" data-element_type=\"container\" data-e-type=\"container\">\n\t\t\t\t\t<div class=\"e-con-inner\">\n\t\t\t\t<div class=\"elementor-element elementor-element-wmd-h6 elementor-widget elementor-widget-heading\" data-id=\"wmd-h6\" data-element_type=\"widget\" data-e-type=\"widget\" data-widget_type=\"heading.default\">\n\t\t\t\t\t<h2 class=\"elementor-heading-title elementor-size-default\">Paral\u00b7lelismes<\/h2>\t\t\t\t<\/div>\n\t\t<div class=\"elementor-element elementor-element-wmd-s6-bw e-flex e-con-boxed e-con e-parent\" data-id=\"wmd-s6-bw\" data-element_type=\"container\" data-e-type=\"container\" data-settings=\"{&quot;background_background&quot;:&quot;classic&quot;}\">\n\t\t\t\t\t<div class=\"e-con-inner\">\n\t\t\t\t<div class=\"elementor-element elementor-element-wmd-t6 elementor-widget elementor-widget-text-editor\" data-id=\"wmd-t6\" data-element_type=\"widget\" data-e-type=\"widget\" data-widget_type=\"text-editor.default\">\n\t\t\t\t\t\t\t\t\t<footer class=\"iwg-literatur\" data-nosnippet=\"true\"><p>Trobareu Metatron com a intel\u00b7lig\u00e8ncia c\u00f2smica i guardi\u00e0 de la creaci\u00f3 en: <em>Thot<\/em> de la <span class=\"iwg-fachbegriff\" data-tooltip=\"El conjunt de relats m\u00edtics transmesos d'una cultura sobre els seus d\u00e9us.\" tabindex=\"0\">mitologia<\/span> eg\u00edpcia (l&#8217;escriv\u00e0 c\u00f2smic), <em>Brahma<\/em> en l&#8217;hinduisme (el creador), <em>Odin\/Wotan<\/em> com el savi i coneixedor de les <span class=\"iwg-fachbegriff\" data-tooltip=\"Signes d'escriptura dels pobles germ\u00e0nics, tamb\u00e9 usats per a f\u00f3rmules de protecci\u00f3 i encanteri.\" tabindex=\"0\">runes<\/span> de l&#8217;ordre, i en conceptes moderns com el <em>camp qu\u00e0ntic<\/em> o la <em>informaci\u00f3<\/em> com a fonament primordial. Tots encarnen la intel\u00b7lig\u00e8ncia ordenadora darrere de tota manifestaci\u00f3.<\/p><\/footer>\t\t\t\t\t\t\t\t<\/div>\n\t\t\t\t\t<\/div>\n\t\t\t\t<\/div>\n\t\t\t\t\t<\/div>\n\t\t\t\t<\/div>\n\t\t<div class=\"elementor-element elementor-element-iwgcd-metatron-sec e-flex e-con-boxed e-con e-parent\" data-id=\"iwgcd-metatron-sec\" data-element_type=\"container\" data-e-type=\"container\" id=\"iwg-cd-metatron\">\n\t\t\t\t\t<div class=\"e-con-inner\">\n\t\t<div class=\"elementor-element elementor-element-iwgcd-metatron-inner e-flex e-con-boxed e-con e-parent\" data-id=\"iwgcd-metatron-inner\" data-element_type=\"container\" data-e-type=\"container\" data-settings=\"{&quot;background_background&quot;:&quot;classic&quot;}\">\n\t\t\t\t\t<div class=\"e-con-inner\">\n\t\t\t\t<div class=\"elementor-element elementor-element-iwgcd-metatron-h elementor-widget elementor-widget-heading\" data-id=\"iwgcd-metatron-h\" data-element_type=\"widget\" data-e-type=\"widget\" data-widget_type=\"heading.default\">\n\t\t\t\t\t<h2 class=\"elementor-heading-title elementor-size-default\">Connexi\u00f3 amb l'iWell Guard<\/h2>\t\t\t\t<\/div>\n\t\t\t\t<div class=\"elementor-element elementor-element-iwgcd-metatron-t elementor-widget elementor-widget-text-editor\" data-id=\"iwgcd-metatron-t\" data-element_type=\"widget\" data-e-type=\"widget\" data-widget_type=\"text-editor.default\">\n\t\t\t\t\t\t\t\t\t<p>En la <span class=\"iwg-fachbegriff\" data-tooltip=\"Concepci\u00f3 de l'estructura i l'ordre del m\u00f3n dins d'una cultura.\" tabindex=\"0\">cosmologia<\/span> d&#8217;iWell Guard, l&#8217;arc\u00e0ngel Metatron assumeix funcions de la flama violeta i de la transformaci\u00f3 d&#8217;energies alienes. Nivell funcional 3.<\/p>\t\t\t\t\t\t\t\t<\/div>\n\t\t\t\t<div class=\"elementor-element elementor-element-iwgcd-metatron-b iwg-cd-button iwg-cd-cta-2026-05-13 elementor-widget elementor-widget-jet-button\" data-id=\"iwgcd-metatron-b\" data-element_type=\"widget\" data-e-type=\"widget\" data-widget_type=\"jet-button.default\">\n\t\t\t\t<div class=\"elementor-widget-container\">\n\t\t\t\t\t<div class=\"elementor-jet-button jet-elements\"><div class=\"jet-button__container\"><a class=\"jet-button__instance jet-button__instance--icon-left hover-effect-1\" href=\"\/ueber-iwell-guard\/?utm_source=iwell-guard.com&amp;utm_medium=info-box&amp;utm_campaign=lichtwesen-kosmologie\"><div class=\"jet-button__plane jet-button__plane-normal\"><\/div><div class=\"jet-button__plane jet-button__plane-hover\"><\/div><div class=\"jet-button__state jet-button__state-normal\"><span class=\"jet-button__label\">Estructura i funcionament<\/span><\/div><div class=\"jet-button__state jet-button__state-hover\"><span class=\"jet-button__label\">Estructura i funcionament<\/span><\/div><\/a><\/div><\/div><style>.elementor-element.elementor-element-iwgcd-metatron-b .jet-button__instance{width:320px;height:56px;}.elementor-element.elementor-element-iwgcd-metatron-b .jet-button__state-normal .jet-button__label{text-align:center;margin:0px 0px 0px 0px;color:#1a1b20;font-family:Montserrat,sans-serif;font-size:13px;font-weight:400;letter-spacing:4px;line-height:1.714em;text-transform:uppercase;}.elementor-element.elementor-element-iwgcd-metatron-b .jet-button__state-hover .jet-button__label{text-align:center;margin:0px 0px 0px 0px;color:#FECC76;font-family:Montserrat,sans-serif;font-size:13px;font-weight:400;letter-spacing:4px;line-height:1.714em;text-transform:uppercase;}.elementor-element.elementor-element-iwgcd-metatron-b .jet-button__plane-normal{background-color:#FECC76;border-style:solid;border-color:#C99540;border-width:2px 2px 2px 2px;}.elementor-element.elementor-element-iwgcd-metatron-b .jet-button__plane-hover{background-color:rgba(0,0,0,0.55);border-style:solid;border-color:#FECC76;border-width:2px 2px 2px 2px;}<\/style>\t\t\t\t<\/div>\n\t\t\t\t<\/div>\n\t\t\t\t<div class=\"elementor-element elementor-element-iwgcd-metatron-d elementor-widget elementor-widget-text-editor\" data-id=\"iwgcd-metatron-d\" data-element_type=\"widget\" data-e-type=\"widget\" data-widget_type=\"text-editor.default\">\n\t\t\t\t\t\t\t\t\t<div data-nosnippet=\"true\"><p style=\"text-align:center;font-size:13px;opacity:0.7;margin-top:14px\" data-nosnippet=\"true\">Les direccions d&#8217;efecte es descriuen exclusivament de manera funcional. No \u00e9s un producte sanitari. No hi ha promesa de curaci\u00f3.<\/p><\/div>\t\t\t\t\t\t\t\t<\/div>\n\t\t\t\t\t<\/div>\n\t\t\t\t<\/div>\n\t\t\t\t\t<\/div>\n\t\t\t\t<\/div>\n\t\t<div class=\"elementor-element elementor-element-cpf11547a e-flex e-con-boxed e-con e-parent\" data-id=\"cpf11547a\" data-element_type=\"container\" data-e-type=\"container\">\n\t\t\t\t\t<div class=\"e-con-inner\">\n\t\t\t\t<div class=\"elementor-element elementor-element-cp1e45712 elementor-widget elementor-widget-heading\" data-id=\"cp1e45712\" data-element_type=\"widget\" data-e-type=\"widget\" data-widget_type=\"heading.default\">\n\t\t\t\t\t<h2 class=\"elementor-heading-title elementor-size-default\">Metatron en la tradici\u00f3 d'Enoc i en el Llibre 3 d'Enoc<\/h2>\t\t\t\t<\/div>\n\t\t<div class=\"elementor-element elementor-element-cp00735a2 e-con-full e-flex e-con e-child\" data-id=\"cp00735a2\" data-element_type=\"container\" data-e-type=\"container\">\n\t\t\t\t<div class=\"elementor-element elementor-element-cp2c837c4 elementor-widget elementor-widget-text-editor\" data-id=\"cp2c837c4\" data-element_type=\"widget\" data-e-type=\"widget\" data-widget_type=\"text-editor.default\">\n\t\t\t\t\t\t\t\t\t<p>Metatron \u00e9s una de les figures m\u00e9s peculiars de la <span class=\"iwg-fachbegriff\" data-tooltip=\"La transmissi\u00f3 de coneixements i relats al llarg de generacions.\" tabindex=\"0\">tradici\u00f3<\/span> religiosa jueva. No apareix esmentat a la B\u00edblia hebrea i nom\u00e9s es fa present en la literatura postb\u00edblica, tot i que hi assoleix una import\u00e0ncia extraordin\u00e0ria. La font m\u00e9s important \u00e9s el llibre III d&#8217;Enoc, un text hebreu de la literatura Hekhalot que probablement va sorgir en l&#8217;antiguitat tardana o l&#8217;alta edat mitjana.<\/p><p>En aquesta obra es narra que el b\u00edblic Enoc, del qual el llibre del G\u00e8nesi diu breument que va caminar amb D\u00e9u i despr\u00e9s ja no hi era perqu\u00e8 D\u00e9u se l&#8217;havia endut, va ser elevat al cel i transformat en l&#8217;<span class=\"iwg-fachbegriff\" data-tooltip=\"En les religions abra\u00e0miques, un \u00e9sser missatger celestial de D\u00e9u.\" tabindex=\"0\">\u00e0ngel<\/span> Metatron.<\/p><p>Aquesta transformaci\u00f3 d&#8217;un \u00e9sser hum\u00e0 en <span class=\"iwg-fachbegriff\" data-tooltip=\"En les religions abra\u00e0miques, un \u00e9sser missatger celestial de D\u00e9u.\" tabindex=\"0\">\u00e0ngel<\/span> \u00e9s hist\u00f2ricament notable i no exempta de controv\u00e8rsia dins la tradici\u00f3 jueva.<\/p><p>En aquesta <span class=\"iwg-fachbegriff\" data-tooltip=\"La transmissi\u00f3 de coneixements i relats al llarg de generacions.\" tabindex=\"0\">tradici\u00f3<\/span>, Metatron rep l&#8217;ep\u00edtet que el designa com el petit JHWH, \u00e9s a dir, amb una forma del nom div\u00ed. Seu en un tron, porta els llibres celestials i \u00e9s considerat pr\u00edncep de la pres\u00e8ncia divina i escriv\u00e0. Aquesta posici\u00f3 tan elevada va generar tensions teol\u00f2giques, ja que semblava afectar la unicitat de D\u00e9u.<\/p><p>Un text fam\u00f3s del <span class=\"iwg-fachbegriff\" data-tooltip=\"Obra principal del judaisme rab\u00ednic amb interpretaci\u00f3 de la tradici\u00f3 religiosa.\" tabindex=\"0\">Talmud<\/span> babil\u00f2nic, en el tractat Hagig\u00e0, explica que el savi Elisha ben Abui\u00e0 va veure Metatron assegut al cel i en va treure la conclusi\u00f3 err\u00f2nia que potser hi havia dos poders al cel.<\/p><p>Metatron \u00e9s castigat aleshores per deixar clar que ell tamb\u00e9 \u00e9s una criatura i que est\u00e0 subordinat a D\u00e9u. La investigaci\u00f3, especialment Gershom Scholem i m\u00e9s tard Daniel Boyarin, ha interpretat aquest episodi com una reacci\u00f3 al perill que una figura ang\u00e8lica tan elevada suposava per al <span class=\"iwg-fachbegriff\" data-tooltip=\"La creen\u00e7a en un \u00fanic D\u00e9u.\" tabindex=\"0\">monoteisme<\/span> jueu.<\/p>\t\t\t\t\t\t\t\t<\/div>\n\t\t\t\t<\/div>\n\t\t\t\t\t<\/div>\n\t\t\t\t<\/div>\n\t\t<div class=\"elementor-element elementor-element-cp16c9de0 e-flex e-con-boxed e-con e-parent\" data-id=\"cp16c9de0\" data-element_type=\"container\" data-e-type=\"container\">\n\t\t\t\t\t<div class=\"e-con-inner\">\n\t\t\t\t<div class=\"elementor-element elementor-element-cp540eb2e elementor-widget elementor-widget-heading\" data-id=\"cp540eb2e\" data-element_type=\"widget\" data-e-type=\"widget\" data-widget_type=\"heading.default\">\n\t\t\t\t\t<h2 class=\"elementor-heading-title elementor-size-default\">L'etimologia no resolta del nom Metatron<\/h2>\t\t\t\t<\/div>\n\t\t<div class=\"elementor-element elementor-element-cp3c14227 e-con-full e-flex e-con e-child\" data-id=\"cp3c14227\" data-element_type=\"container\" data-e-type=\"container\">\n\t\t\t\t<div class=\"elementor-element elementor-element-cp4068f0d elementor-widget elementor-widget-text-editor\" data-id=\"cp4068f0d\" data-element_type=\"widget\" data-e-type=\"widget\" data-widget_type=\"text-editor.default\">\n\t\t\t\t\t\t\t\t\t<p>El nom Metatron \u00e9s un dels noms m\u00e9s discutits i menys aclarits de tota l&#8217;angelologia jueva. A difer\u00e8ncia de noms com Miquel, Gabriel o Rafael, que s\u00f3n formacions hebrees transparents, Metatron no es pot derivar f\u00e0cilment de l&#8217;hebreu.<\/p><p>La investigaci\u00f3 ha fet diverses propostes. Una hip\u00f2tesi habitual deriva el nom del grec i el relaciona amb un mot que significa tron, la qual cosa concordaria amb la idea que Metatron es troba al costat o darrere del tron div\u00ed.<\/p><p>Altres propostes pensen en termes grecs per a mesura o per a un missatger o acompanyant.<\/p><p>Una altra hip\u00f2tesi considera el nom una formaci\u00f3 artificial motivada per la m\u00edstica de les lletres i els valors num\u00e8rics, un procediment habitual en l&#8217;<span class=\"iwg-fachbegriff\" data-tooltip=\"Terme gen\u00e8ric per a doctrines que reclamen un coneixement ocult, accessible nom\u00e9s als iniciats.\" tabindex=\"0\">esoterisme<\/span> jueu. Tamb\u00e9 hi ha intents de relacionar-lo amb l&#8217;\u00e0mbit llat\u00ed. Cap d&#8217;aquestes explicacions s&#8217;ha imposat.<\/p><p>Tamb\u00e9 \u00e9s caracter\u00edstic que el nom s&#8217;escrigui de maneres diferents en els manuscrits, de vegades amb un nombre diferent de lletres. La mateixa tradici\u00f3 jueva va desenvolupar diverses explicacions i va relacionar Metatron amb altres noms ang\u00e8lics, com per exemple Jahoel.<\/p><p>La valoraci\u00f3 cient\u00edfica \u00e9s que la manca de claredat del nom no \u00e9s un problema secundari, sin\u00f3 que remet a la posici\u00f3 singular de Metatron: \u00e9s una figura que s&#8217;escapa d&#8217;una classificaci\u00f3 clara, i el seu mateix nom ja ho reflecteix.<\/p>\t\t\t\t\t\t\t\t<\/div>\n\t\t\t\t<\/div>\n\t\t\t\t\t<\/div>\n\t\t\t\t<\/div>\n\t\t<div class=\"elementor-element elementor-element-cpc099da1 e-flex e-con-boxed e-con e-parent\" data-id=\"cpc099da1\" data-element_type=\"container\" data-e-type=\"container\">\n\t\t\t\t\t<div class=\"e-con-inner\">\n\t\t\t\t<div class=\"elementor-element elementor-element-cpbf0d0c2 elementor-widget elementor-widget-heading\" data-id=\"cpbf0d0c2\" data-element_type=\"widget\" data-e-type=\"widget\" data-widget_type=\"heading.default\">\n\t\t\t\t\t<h2 class=\"elementor-heading-title elementor-size-default\">Metatron a la cabala medieval<\/h2>\t\t\t\t<\/div>\n\t\t<div class=\"elementor-element elementor-element-cpb4f4bf3 e-con-full e-flex e-con e-child\" data-id=\"cpb4f4bf3\" data-element_type=\"container\" data-e-type=\"container\">\n\t\t\t\t<div class=\"elementor-element elementor-element-cp211da22 elementor-widget elementor-widget-text-editor\" data-id=\"cp211da22\" data-element_type=\"widget\" data-e-type=\"widget\" data-widget_type=\"text-editor.default\">\n\t\t\t\t\t\t\t\t\t<p>La <span class=\"iwg-fachbegriff\" data-tooltip=\"Corrent de la m\u00edstica jueva amb obres principals com el Sefer Jezir\u00e0 i el Zohar.\" tabindex=\"0\">Cabala<\/span> medieval, la <span class=\"iwg-fachbegriff\" data-tooltip=\"Corrent religi\u00f3s centrat en l'experi\u00e8ncia directa de D\u00e9u.\" tabindex=\"0\">m\u00edstica<\/span> jueva que va tenir el seu apogeu a partir dels segles XII i XIII, va incorporar Metatron i li va donar un lloc fix dins dels seus sistemes complexos.<\/p><p>En aquesta tradici\u00f3, Metatron sovint s&#8217;associa amb la desena i m\u00e9s baixa de les sefirot, o s&#8217;ent\u00e9n com la figura ang\u00e8lica m\u00e9s propera al m\u00f3n de les emanacions divines.<\/p><p>Metatron t\u00e9 un paper important en relaci\u00f3 amb la idea del santuari celestial. En alguns textos cabal\u00edstics, Metatron actua com a summe sacerdot del temple superior i hi ofereix un servei sacrificial equivalent al servei del temple terrenal. Aquesta idea es vincula a tradicions de l&#8217;<span class=\"iwg-fachbegriff\" data-tooltip=\"\u00c8poca de transici\u00f3 entre l'antiguitat i l'edat mitjana, aproximadament del segle III al VII.\" tabindex=\"0\">antiguitat tardana<\/span> sobre el <span class=\"iwg-fachbegriff\" data-tooltip=\"Lloc sagrat dedicat a la veneraci\u00f3 d'una divinitat.\" tabindex=\"0\">santuari<\/span> celestial.<\/p><p>La <span class=\"iwg-fachbegriff\" data-tooltip=\"Corrent de la m\u00edstica jueva amb obres principals com el Sefer Jezir\u00e0 i el Zohar.\" tabindex=\"0\">Cabala<\/span> tamb\u00e9 desenvolupa la connexi\u00f3 de Metatron amb la <span class=\"iwg-fachbegriff\" data-tooltip=\"Els cinc llibres de Mois\u00e8s, el conjunt escriptur\u00edstic fonamental del judaisme.\" tabindex=\"0\">Tor\u00e0<\/span> i amb la saviesa divina. Metatron hi apareix com un mestre que instrueix els morts o els justos, i com a mediador entre la <span class=\"iwg-fachbegriff\" data-tooltip=\"\u00c9sser venerat com a div\u00ed dins d'una religi\u00f3.\" tabindex=\"0\">divinitat<\/span> inaccessible i el m\u00f3n creat.<\/p><p>La recerca, especialment Gershom Scholem en els seus treballs fonamentals sobre la <span class=\"iwg-fachbegriff\" data-tooltip=\"Corrent religi\u00f3s centrat en l'experi\u00e8ncia directa de D\u00e9u.\" tabindex=\"0\">m\u00edstica<\/span> jueva, ha subratllat que Metatron compleix una funci\u00f3 de pont dins de la <span class=\"iwg-fachbegriff\" data-tooltip=\"Corrent de la m\u00edstica jueva amb obres principals com el Sefer Jezir\u00e0 i el Zohar.\" tabindex=\"0\">Cabala<\/span>. Es troba en el l\u00edmit entre el div\u00ed i el creat, i fa pensable com el D\u00e9u absolut i inaccessible pot entrar en relaci\u00f3 amb el m\u00f3n.<\/p><p>Aquesta funci\u00f3 explica per qu\u00e8 una figura tan problem\u00e0tica no va desapar\u00e8ixer malgrat totes les reserves teol\u00f2giques, sin\u00f3 que va continuar sent, durant segles, un objecte central de l&#8217;<span class=\"iwg-fachbegriff\" data-tooltip=\"Terme gen\u00e8ric per a doctrines que reclamen un coneixement ocult, accessible nom\u00e9s als iniciats.\" tabindex=\"0\">esoterisme<\/span> jueu.<\/p>\t\t\t\t\t\t\t\t<\/div>\n\t\t\t\t<\/div>\n\t\t\t\t\t<\/div>\n\t\t\t\t<\/div>\n\t\t<div class=\"elementor-element elementor-element-cp39470ec e-flex e-con-boxed e-con e-parent\" data-id=\"cp39470ec\" data-element_type=\"container\" data-e-type=\"container\">\n\t\t\t\t\t<div class=\"e-con-inner\">\n\t\t\t\t<div class=\"elementor-element elementor-element-cp628eaa2 elementor-widget elementor-widget-heading\" data-id=\"cp628eaa2\" data-element_type=\"widget\" data-e-type=\"widget\" data-widget_type=\"heading.default\">\n\t\t\t\t\t<h2 class=\"elementor-heading-title elementor-size-default\">Metatron en la recepci\u00f3 moderna<\/h2>\t\t\t\t<\/div>\n\t\t<div class=\"elementor-element elementor-element-cp0a4ea32 e-con-full e-flex e-con e-child\" data-id=\"cp0a4ea32\" data-element_type=\"container\" data-e-type=\"container\">\n\t\t\t\t<div class=\"elementor-element elementor-element-cp1d18dfc elementor-widget elementor-widget-text-editor\" data-id=\"cp1d18dfc\" data-element_type=\"widget\" data-e-type=\"widget\" data-widget_type=\"text-editor.default\">\n\t\t\t\t\t\t\t\t\t<p>Des de l&#8217;<span class=\"iwg-fachbegriff\" data-tooltip=\"Terme gen\u00e8ric per a doctrines que reclamen un coneixement ocult, accessible nom\u00e9s als iniciats.\" tabindex=\"0\">esoterisme<\/span> jueu, Metatron es va estendre en els darrers segles a \u00e0mbits culturals molt diversos. Ja a l&#8217;hebraisme cristi\u00e0 de la primera edat moderna, Metatron va ser objecte d&#8217;atenci\u00f3 quan els erudits cristians es van interessar per la <span class=\"iwg-fachbegriff\" data-tooltip=\"Corrent de la m\u00edstica jueva amb obres principals com el Sefer Jezir\u00e0 i el Zohar.\" tabindex=\"0\">Cabala<\/span>.<\/p><p>En l&#8217;<span class=\"iwg-fachbegriff\" data-tooltip=\"Terme gen\u00e8ric per a doctrines que reclamen un coneixement ocult, accessible nom\u00e9s als iniciats.\" tabindex=\"0\">esoterisme<\/span> occidental dels segles XIX i XX, Metatron va obtenir un lloc fix dins dels sistemes ang\u00e8lics, sovint deslligat del seu context jueu original.<\/p><p>En la literatura ang\u00e8lica moderna, que des de finals del segle XX abasta un mercat ampli, Metatron \u00e9s una figura destacada. Se li atribueixen caracter\u00edstiques que no es troben com a tals en les fonts hist\u00f2riques, com el paper d&#8217;\u00e0ngel especialment poder\u00f3s o suprem.<\/p><p>Tamb\u00e9 les idees geom\u00e8triques que circulen sota el nom de Cub de Metatron s\u00f3n construccions esot\u00e8riques modernes sense fonament en els textos antics o medievals.<\/p><p>En la cultura popular, Metatron apareix en novel\u00b7les, pel\u00b7l\u00edcules, s\u00e8ries de televisi\u00f3 i videojocs, generalment com la veu o el portaveu de D\u00e9u, un paper que s&#8217;inspira lliurement en l&#8217;antiga idea del pr\u00edncep de la fa\u00e7 divina, per\u00f2 la simplifica molt.<\/p><p>Des del punt de vista cient\u00edfic, aquesta \u00e0mplia recepci\u00f3 resulta interessant perqu\u00e8 mostra com una figura origin\u00e0riament molt especialitzada de la <span class=\"iwg-fachbegriff\" data-tooltip=\"Corrent religi\u00f3s centrat en l'experi\u00e8ncia directa de D\u00e9u.\" tabindex=\"0\">m\u00edstica<\/span> jueva va poder convertir-se en material cultural lliure. Alhora, \u00e9s important distingir la figura hist\u00f2rica de les seves apropiacions modernes.<\/p><p>Qui vulgui entendre Metatron ha de remuntar-se a la literatura de les Hekhalot i a la <span class=\"iwg-fachbegriff\" data-tooltip=\"Corrent de la m\u00edstica jueva amb obres principals com el Sefer Jezir\u00e0 i el Zohar.\" tabindex=\"0\">Cabala<\/span>, no a la literatura contempor\u00e0nia de guies ang\u00e8liques. Es poden trobar figures ang\u00e8liques relacionades a <a href=\"https:\/\/iwell-guard.com\/ca\/?page_id=171439\">Miquel<\/a> i a l&#8217;<a href=\"https:\/\/iwell-guard.com\/ca\/?page_id=171440\">Arc\u00e0ngel Gabriel<\/a>.<\/p>\t\t\t\t\t\t\t\t<\/div>\n\t\t\t\t<\/div>\n\t\t\t\t\t<\/div>\n\t\t\t\t<\/div>\n\t\t\t\t<section class=\"elementor-section elementor-top-section elementor-element elementor-element-wv-metatron-faq-7ffebb elementor-section-boxed elementor-section-height-default elementor-section-height-default\" data-id=\"wv-metatron-faq-7ffebb\" data-element_type=\"section\" data-e-type=\"section\">\n\t\t\t\t\t\t<div class=\"elementor-container elementor-column-gap-default\">\n\t\t\t\t\t<div class=\"elementor-column elementor-col-100 elementor-top-column elementor-element elementor-element-wv-metatron-faq-col-d7f290\" data-id=\"wv-metatron-faq-col-d7f290\" data-element_type=\"column\" data-e-type=\"column\">\n\t\t\t<div class=\"elementor-widget-wrap elementor-element-populated\">\n\t\t\t\t\t\t<div class=\"elementor-element elementor-element-wv-metatron-h elementor-widget elementor-widget-heading\" data-id=\"wv-metatron-h\" data-element_type=\"widget\" data-e-type=\"widget\" data-widget_type=\"heading.default\">\n\t\t\t\t\t<h2 class=\"elementor-heading-title elementor-size-default\">Preguntes freq\u00fcents sobre Metatron<\/h2>\t\t\t\t<\/div>\n\t\t\t\t<div class=\"elementor-element elementor-element-wv-metatron-t elementor-widget elementor-widget-text-editor\" data-id=\"wv-metatron-t\" data-element_type=\"widget\" data-e-type=\"widget\" data-widget_type=\"text-editor.default\">\n\t\t\t\t\t\t\t\t\t\n<details class=\"iwg-faq-item\">\n  <summary><strong>Qui \u00e9s l&#8217;arc\u00e0ngel Metatron?<\/strong><\/summary>\n  <p>Metatron \u00e9s, en la <span class=\"iwg-fachbegriff\" data-tooltip=\"Corrent religi\u00f3s centrat en l'experi\u00e8ncia directa de D\u00e9u.\" tabindex=\"0\">m\u00edstica<\/span> jueva i en la literatura hekalot, un dels <span class=\"iwg-fachbegriff\" data-tooltip=\"En les religions abra\u00e0miques, un \u00e9sser missatger celestial de D\u00e9u.\" tabindex=\"0\">\u00e0ngels<\/span> m\u00e9s elevats, sovint descrit com l&#8217;arxicanceller de la cort divina. Algunes tradicions l&#8217;identifiquen amb el patriarca Henoc, elevat al cel. Metatron \u00e9s considerat l&#8217;escriv\u00e0 de D\u00e9u, mestre de la <span class=\"iwg-fachbegriff\" data-tooltip=\"Els cinc llibres de Mois\u00e8s, el conjunt escriptural fonamental del judaisme.\" tabindex=\"0\">Tor\u00e0<\/span> mosaica i mediador entre l&#8217;esfera divina i la humana.<\/p>\n<\/details>\n\n<details class=\"iwg-faq-item\">\n  <summary><strong>Qu\u00e8 \u00e9s el cub de Metatron?<\/strong><\/summary>\n  <p>El cub de Metatron \u00e9s un <span class=\"iwg-fachbegriff\" data-tooltip=\"Un signe que representa una idea o significat determinat.\" tabindex=\"0\">s\u00edmbol<\/span> geom\u00e8tric de l&#8217;<span class=\"iwg-fachbegriff\" data-tooltip=\"Terme gen\u00e8ric per a doctrines que reclamen un coneixement ocult, nom\u00e9s accessible als iniciats.\" tabindex=\"0\">esoterisme<\/span> modern que uneix els cinc s\u00f2lids plat\u00f2nics. Consta de 13 cercles units per l\u00ednies i es considera un pl\u00e0nol de la creaci\u00f3. Tanmateix, la connexi\u00f3 amb l&#8217;arc\u00e0ngel b\u00edblic i jueu Metatron \u00e9s una construcci\u00f3 posterior, sense fonament hist\u00f2ric en les fonts cl\u00e0ssiques.<\/p>\n<\/details>\t\t\t\t\t\t\t\t<\/div>\n\t\t\t\t<div class=\"elementor-element elementor-element-wv-metatron-s elementor-widget elementor-widget-html\" data-id=\"wv-metatron-s\" data-element_type=\"widget\" data-e-type=\"widget\" data-widget_type=\"html.default\">\n\t\t\t\t\t<script type=\"application\/ld+json\">{\"@context\": \"https:\/\/schema.org\", \"@type\": \"FAQPage\", \"mainEntity\": [{\"@type\": \"Question\", \"name\": \"Qui \u00e9s l'arc\u00e0ngel Metatron?\", \"acceptedAnswer\": {\"@type\": \"Answer\", \"text\": \"Metatron \u00e9s, en la m\u00edstica jueva i en la literatura hekal\u00f2tica, un dels \u00e0ngels m\u00e9s elevats, sovint descrit com a arxicanceller de la cort divina. Algunes tradicions l'identifiquen amb el patriarca Enoc, endut al cel. Metatron \u00e9s considerat l'escriv\u00e0 de D\u00e9u, mestre de la Tor\u00e0 mosaica i mediador entre l'esfera divina i l'esfera humana.\"}}, {\"@type\": \"Question\", \"name\": \"Qu\u00e8 \u00e9s el cub de Metatron?\", \"acceptedAnswer\": {\"@type\": \"Answer\", \"text\": \"El cub de Metatron \u00e9s un s\u00edmbol geom\u00e8tric de l'esoterisme modern que reuneix els cinc s\u00f2lids plat\u00f2nics. Es compon de 13 cercles units per l\u00ednies i es considera un pl\u00e0nol de la creaci\u00f3. Tot i aix\u00f2, la relaci\u00f3 amb l'arc\u00e0ngel b\u00edblic i jueu Metatron \u00e9s una construcci\u00f3 posterior; no est\u00e0 documentada hist\u00f2ricament en les fonts cl\u00e0ssiques.\"}}]}<\/script>\t\t\t\t<\/div>\n\t\t\t\t\t<\/div>\n\t\t<\/div>\n\t\t\t\t\t<\/div>\n\t\t<\/section>\n\t\t\t\t<\/div>\n\t\t","protected":false},"excerpt":{"rendered":"","protected":false},"author":3,"featured_media":1654,"parent":0,"menu_order":0,"comment_status":"closed","ping_status":"closed","template":"elementor_header_footer","meta":{"_yoast_wpseo_focuskw":"Metatron","_yoast_wpseo_title":"L'arc\u00e0ngel suprem i guardi\u00e0 de la creaci\u00f3","_yoast_wpseo_metadesc":"Metatron \u00e9s l'arc\u00e0ngel m\u00e9s poder\u00f3s de la m\u00edstica jueva. Descobreixi m\u00e9s sobre el seu paper en l'ordre c\u00f2smic i la pr\u00e0ctica d'iWell Guard.","_yoast_wpseo_meta-robots-noindex":"","_yoast_wpseo_canonical":"","_angie_page":false,"gefaehrdungsstufe":"","wesen_kultur":"","wesen_klasse":"","footnotes":""},"categories":[],"class_list":["post-171443","page","type-page","status-publish","has-post-thumbnail","hentry"],"yoast_head":"<!-- This site is optimized with the Yoast SEO Premium plugin v27.7 (Yoast SEO v28.3) - https:\/\/yoast.com\/product\/yoast-seo-premium-wordpress\/ -->\n<title>L&#039;arc\u00e0ngel suprem i guardi\u00e0 de la creaci\u00f3<\/title>\n<meta name=\"description\" content=\"Metatron \u00e9s l&#039;arc\u00e0ngel m\u00e9s poder\u00f3s de la m\u00edstica jueva. Descobreixi m\u00e9s sobre el seu paper en l&#039;ordre c\u00f2smic i la pr\u00e0ctica d&#039;iWell Guard.\" \/>\n<meta name=\"robots\" content=\"index, follow, max-snippet:-1, max-image-preview:large, max-video-preview:-1\" \/>\n<link rel=\"canonical\" href=\"https:\/\/iwell-guard.com\/ca\/metatron\/\" \/>\n<meta property=\"og:locale\" content=\"ca_ES\" \/>\n<meta property=\"og:type\" content=\"article\" \/>\n<meta property=\"og:title\" content=\"Metatron\" \/>\n<meta property=\"og:description\" content=\"Metatron \u00e9s l&#039;arc\u00e0ngel m\u00e9s poder\u00f3s de la m\u00edstica jueva. Descobreixi m\u00e9s sobre el seu paper en l&#039;ordre c\u00f2smic i la pr\u00e0ctica d&#039;iWell Guard.\" \/>\n<meta property=\"og:url\" content=\"https:\/\/iwell-guard.com\/ca\/metatron\/\" \/>\n<meta property=\"og:site_name\" content=\"iWell Guard\" \/>\n<meta property=\"article:modified_time\" content=\"2026-09-05T15:57:53+00:00\" \/>\n<meta property=\"og:image\" content=\"https:\/\/iwell-guard.com\/wp-content\/uploads\/2026\/04\/lichtwesen_metatron.webp\" \/>\n\t<meta property=\"og:image:width\" content=\"1024\" \/>\n\t<meta property=\"og:image:height\" content=\"1536\" \/>\n\t<meta property=\"og:image:type\" content=\"image\/webp\" \/>\n<meta name=\"twitter:card\" content=\"summary_large_image\" \/>\n<script type=\"application\/ld+json\" class=\"yoast-schema-graph\">{\"@context\":\"https:\\\/\\\/schema.org\",\"@graph\":[{\"@type\":\"WebPage\",\"@id\":\"https:\\\/\\\/iwell-guard.com\\\/ca\\\/metatron\\\/\",\"url\":\"https:\\\/\\\/iwell-guard.com\\\/ca\\\/metatron\\\/\",\"name\":\"L'arc\u00e0ngel suprem i guardi\u00e0 de la creaci\u00f3\",\"isPartOf\":{\"@id\":\"https:\\\/\\\/iwell-guard.com\\\/ca\\\/#website\"},\"primaryImageOfPage\":{\"@id\":\"https:\\\/\\\/iwell-guard.com\\\/ca\\\/metatron\\\/#primaryimage\"},\"image\":{\"@id\":\"https:\\\/\\\/iwell-guard.com\\\/ca\\\/metatron\\\/#primaryimage\"},\"thumbnailUrl\":\"https:\\\/\\\/iwell-guard.com\\\/wp-content\\\/uploads\\\/2026\\\/04\\\/lichtwesen_metatron.webp\",\"datePublished\":\"2026-09-05T15:39:25+00:00\",\"dateModified\":\"2026-09-05T15:57:53+00:00\",\"description\":\"Metatron \u00e9s l'arc\u00e0ngel m\u00e9s poder\u00f3s de la m\u00edstica jueva. Descobreixi m\u00e9s sobre el seu paper en l'ordre c\u00f2smic i la pr\u00e0ctica d'iWell Guard.\",\"breadcrumb\":{\"@id\":\"https:\\\/\\\/iwell-guard.com\\\/ca\\\/metatron\\\/#breadcrumb\"},\"inLanguage\":\"ca\",\"potentialAction\":[{\"@type\":\"ReadAction\",\"target\":[\"https:\\\/\\\/iwell-guard.com\\\/ca\\\/metatron\\\/\"]}]},{\"@type\":\"ImageObject\",\"inLanguage\":\"ca\",\"@id\":\"https:\\\/\\\/iwell-guard.com\\\/ca\\\/metatron\\\/#primaryimage\",\"url\":\"https:\\\/\\\/iwell-guard.com\\\/wp-content\\\/uploads\\\/2026\\\/04\\\/lichtwesen_metatron.webp\",\"contentUrl\":\"https:\\\/\\\/iwell-guard.com\\\/wp-content\\\/uploads\\\/2026\\\/04\\\/lichtwesen_metatron.webp\",\"width\":1024,\"height\":1536,\"caption\":\"\u00c9sser de llum. Il\u00b7lustraci\u00f3 lluminosa.\"},{\"@type\":\"BreadcrumbList\",\"@id\":\"https:\\\/\\\/iwell-guard.com\\\/ca\\\/metatron\\\/#breadcrumb\",\"itemListElement\":[{\"@type\":\"ListItem\",\"position\":1,\"name\":\"Start\",\"item\":\"https:\\\/\\\/iwell-guard.com\\\/ca\\\/?page_id=171333\"},{\"@type\":\"ListItem\",\"position\":2,\"name\":\"Metatron\"}]},{\"@type\":\"WebSite\",\"@id\":\"https:\\\/\\\/iwell-guard.com\\\/ca\\\/#website\",\"url\":\"https:\\\/\\\/iwell-guard.com\\\/ca\\\/\",\"name\":\"iWell Guard\",\"description\":\"Schutz vor dunklen Einfl\u00fcssen\",\"publisher\":{\"@id\":\"https:\\\/\\\/iwell-guard.com\\\/ca\\\/#organization\"},\"potentialAction\":[{\"@type\":\"SearchAction\",\"target\":{\"@type\":\"EntryPoint\",\"urlTemplate\":\"https:\\\/\\\/iwell-guard.com\\\/ca\\\/?s={search_term_string}\"},\"query-input\":{\"@type\":\"PropertyValueSpecification\",\"valueRequired\":true,\"valueName\":\"search_term_string\"}}],\"inLanguage\":\"ca\"},{\"@type\":\"Organization\",\"@id\":\"https:\\\/\\\/iwell-guard.com\\\/ca\\\/#organization\",\"name\":\"Ittermann electronic GmbH\",\"url\":\"https:\\\/\\\/iwell-guard.com\\\/ca\\\/\",\"logo\":{\"@type\":\"ImageObject\",\"inLanguage\":\"ca\",\"@id\":\"https:\\\/\\\/iwell-guard.com\\\/ca\\\/#\\\/schema\\\/logo\\\/image\\\/\",\"url\":\"https:\\\/\\\/iwell-guard.com\\\/wp-content\\\/uploads\\\/2026\\\/05\\\/Ittermann-Logo-1182x237-1.png\",\"contentUrl\":\"https:\\\/\\\/iwell-guard.com\\\/wp-content\\\/uploads\\\/2026\\\/05\\\/Ittermann-Logo-1182x237-1.png\",\"width\":1182,\"height\":237,\"caption\":\"Ittermann electronic GmbH\"},\"image\":{\"@id\":\"https:\\\/\\\/iwell-guard.com\\\/ca\\\/#\\\/schema\\\/logo\\\/image\\\/\"},\"sameAs\":[\"https:\\\/\\\/pantip.com\\\/profile\\\/9367242\",\"https:\\\/\\\/micro.blog\\\/iwellguard\",\"https:\\\/\\\/www.diggerslist.com\\\/iwellguard\\\/about\",\"https:\\\/\\\/skitterphoto.com\\\/photographers\\\/2870314\\\/iwell-guard\",\"https:\\\/\\\/iwellguard.wordpress.com\\\/2026\\\/06\\\/06\\\/iwell-guard\\\/\",\"https:\\\/\\\/hub.docker.com\\\/u\\\/iwellguard\",\"https:\\\/\\\/www.pinterest.com\\\/iwellguard\\\/\",\"https:\\\/\\\/bit.ly\\\/m\\\/iwellguard\",\"https:\\\/\\\/entre-vos-mains.alsace.eu\\\/profiles\\\/iwellguard\\\/activity\",\"https:\\\/\\\/gravatar.com\\\/reallybeded8fd34\",\"https:\\\/\\\/naijamatta.com\\\/iwellguard\",\"https:\\\/\\\/www.goodreads.com\\\/iwellguard\",\"https:\\\/\\\/profile.hatena.ne.jp\\\/iwellguard\\\/\",\"https:\\\/\\\/experiment.com\\\/users\\\/iwellguard\",\"https:\\\/\\\/wakelet.com\\\/@iWellGuard82270\",\"https:\\\/\\\/www.chordie.com\\\/forum\\\/profile.php?id=2555664\",\"https:\\\/\\\/www.instapaper.com\\\/p\\\/17757966\",\"https:\\\/\\\/www.mapleprimes.com\\\/users\\\/iwellguard\",\"https:\\\/\\\/businesslistingplus.com\\\/profile\\\/iwell-guard\\\/\",\"https:\\\/\\\/telegra.ph\\\/iWell-Guard-06-06\",\"https:\\\/\\\/pbase.com\\\/iwellguard\\\/iwellguard\",\"https:\\\/\\\/b.hatena.ne.jp\\\/iwellguard\\\/20260607#bookmark-4788405196491818882\",\"https:\\\/\\\/fliphtml5.com\\\/home\\\/iwellguard\",\"https:\\\/\\\/anyflip.com\\\/homepage\\\/cmiwl#About\",\"https:\\\/\\\/transfur.com\\\/Users\\\/iwellguard\",\"http:\\\/\\\/delphi.larsbo.org\\\/user\\\/iwellguard\",\"https:\\\/\\\/jobs.lajobsportal.org\\\/profiles\\\/8380803-iwell-guard\",\"https:\\\/\\\/md.chaosdorf.de\\\/s\\\/jfbe5SBdJD\",\"https:\\\/\\\/www.lingvolive.com\\\/en-us\\\/profile\\\/9ecaeaca-ce11-4e51-9e71-01d55e2bff36\\\/translations\",\"https:\\\/\\\/www.fitday.com\\\/fitness\\\/forums\\\/members\\\/iwellguard.html\",\"https:\\\/\\\/www.mymeetbook.com\\\/iwellguard\",\"https:\\\/\\\/pxhere.com\\\/en\\\/photographer-me\\\/5040798\",\"https:\\\/\\\/disqus.com\\\/by\\\/iwellguard\\\/about\\\/\",\"https:\\\/\\\/pastelink.net\\\/hjwciqwq\",\"https:\\\/\\\/pubhtml5.com\\\/homepage\\\/scjhn\\\/\",\"https:\\\/\\\/www.bitchute.com\\\/channel\\\/2O2eOKzNqujT\",\"https:\\\/\\\/audiomack.com\\\/iwellguard\"]}]}<\/script>\n<!-- \/ Yoast SEO Premium plugin. -->","yoast_head_json":{"title":"L'arc\u00e0ngel suprem i guardi\u00e0 de la creaci\u00f3","description":"Metatron \u00e9s l'arc\u00e0ngel m\u00e9s poder\u00f3s de la m\u00edstica jueva. Descobreixi m\u00e9s sobre el seu paper en l'ordre c\u00f2smic i la pr\u00e0ctica d'iWell Guard.","robots":{"index":"index","follow":"follow","max-snippet":"max-snippet:-1","max-image-preview":"max-image-preview:large","max-video-preview":"max-video-preview:-1"},"canonical":"https:\/\/iwell-guard.com\/ca\/metatron\/","og_locale":"ca_ES","og_type":"article","og_title":"Metatron","og_description":"Metatron \u00e9s l'arc\u00e0ngel m\u00e9s poder\u00f3s de la m\u00edstica jueva. Descobreixi m\u00e9s sobre el seu paper en l'ordre c\u00f2smic i la pr\u00e0ctica d'iWell Guard.","og_url":"https:\/\/iwell-guard.com\/ca\/metatron\/","og_site_name":"iWell Guard","article_modified_time":"2026-09-05T15:57:53+00:00","og_image":[{"width":1024,"height":1536,"url":"https:\/\/iwell-guard.com\/wp-content\/uploads\/2026\/04\/lichtwesen_metatron.webp","type":"image\/webp"}],"twitter_card":"summary_large_image","schema":{"@context":"https:\/\/schema.org","@graph":[{"@type":"WebPage","@id":"https:\/\/iwell-guard.com\/ca\/metatron\/","url":"https:\/\/iwell-guard.com\/ca\/metatron\/","name":"L'arc\u00e0ngel suprem i guardi\u00e0 de la creaci\u00f3","isPartOf":{"@id":"https:\/\/iwell-guard.com\/ca\/#website"},"primaryImageOfPage":{"@id":"https:\/\/iwell-guard.com\/ca\/metatron\/#primaryimage"},"image":{"@id":"https:\/\/iwell-guard.com\/ca\/metatron\/#primaryimage"},"thumbnailUrl":"https:\/\/iwell-guard.com\/wp-content\/uploads\/2026\/04\/lichtwesen_metatron.webp","datePublished":"2026-09-05T15:39:25+00:00","dateModified":"2026-09-05T15:57:53+00:00","description":"Metatron \u00e9s l'arc\u00e0ngel m\u00e9s poder\u00f3s de la m\u00edstica jueva. Descobreixi m\u00e9s sobre el seu paper en l'ordre c\u00f2smic i la pr\u00e0ctica d'iWell Guard.","breadcrumb":{"@id":"https:\/\/iwell-guard.com\/ca\/metatron\/#breadcrumb"},"inLanguage":"ca","potentialAction":[{"@type":"ReadAction","target":["https:\/\/iwell-guard.com\/ca\/metatron\/"]}]},{"@type":"ImageObject","inLanguage":"ca","@id":"https:\/\/iwell-guard.com\/ca\/metatron\/#primaryimage","url":"https:\/\/iwell-guard.com\/wp-content\/uploads\/2026\/04\/lichtwesen_metatron.webp","contentUrl":"https:\/\/iwell-guard.com\/wp-content\/uploads\/2026\/04\/lichtwesen_metatron.webp","width":1024,"height":1536,"caption":"\u00c9sser de llum. Il\u00b7lustraci\u00f3 lluminosa."},{"@type":"BreadcrumbList","@id":"https:\/\/iwell-guard.com\/ca\/metatron\/#breadcrumb","itemListElement":[{"@type":"ListItem","position":1,"name":"Start","item":"https:\/\/iwell-guard.com\/ca\/?page_id=171333"},{"@type":"ListItem","position":2,"name":"Metatron"}]},{"@type":"WebSite","@id":"https:\/\/iwell-guard.com\/ca\/#website","url":"https:\/\/iwell-guard.com\/ca\/","name":"iWell Guard","description":"Schutz vor dunklen Einfl\u00fcssen","publisher":{"@id":"https:\/\/iwell-guard.com\/ca\/#organization"},"potentialAction":[{"@type":"SearchAction","target":{"@type":"EntryPoint","urlTemplate":"https:\/\/iwell-guard.com\/ca\/?s={search_term_string}"},"query-input":{"@type":"PropertyValueSpecification","valueRequired":true,"valueName":"search_term_string"}}],"inLanguage":"ca"},{"@type":"Organization","@id":"https:\/\/iwell-guard.com\/ca\/#organization","name":"Ittermann electronic GmbH","url":"https:\/\/iwell-guard.com\/ca\/","logo":{"@type":"ImageObject","inLanguage":"ca","@id":"https:\/\/iwell-guard.com\/ca\/#\/schema\/logo\/image\/","url":"https:\/\/iwell-guard.com\/wp-content\/uploads\/2026\/05\/Ittermann-Logo-1182x237-1.png","contentUrl":"https:\/\/iwell-guard.com\/wp-content\/uploads\/2026\/05\/Ittermann-Logo-1182x237-1.png","width":1182,"height":237,"caption":"Ittermann electronic GmbH"},"image":{"@id":"https:\/\/iwell-guard.com\/ca\/#\/schema\/logo\/image\/"},"sameAs":["https:\/\/pantip.com\/profile\/9367242","https:\/\/micro.blog\/iwellguard","https:\/\/www.diggerslist.com\/iwellguard\/about","https:\/\/skitterphoto.com\/photographers\/2870314\/iwell-guard","https:\/\/iwellguard.wordpress.com\/2026\/06\/06\/iwell-guard\/","https:\/\/hub.docker.com\/u\/iwellguard","https:\/\/www.pinterest.com\/iwellguard\/","https:\/\/bit.ly\/m\/iwellguard","https:\/\/entre-vos-mains.alsace.eu\/profiles\/iwellguard\/activity","https:\/\/gravatar.com\/reallybeded8fd34","https:\/\/naijamatta.com\/iwellguard","https:\/\/www.goodreads.com\/iwellguard","https:\/\/profile.hatena.ne.jp\/iwellguard\/","https:\/\/experiment.com\/users\/iwellguard","https:\/\/wakelet.com\/@iWellGuard82270","https:\/\/www.chordie.com\/forum\/profile.php?id=2555664","https:\/\/www.instapaper.com\/p\/17757966","https:\/\/www.mapleprimes.com\/users\/iwellguard","https:\/\/businesslistingplus.com\/profile\/iwell-guard\/","https:\/\/telegra.ph\/iWell-Guard-06-06","https:\/\/pbase.com\/iwellguard\/iwellguard","https:\/\/b.hatena.ne.jp\/iwellguard\/20260607#bookmark-4788405196491818882","https:\/\/fliphtml5.com\/home\/iwellguard","https:\/\/anyflip.com\/homepage\/cmiwl#About","https:\/\/transfur.com\/Users\/iwellguard","http:\/\/delphi.larsbo.org\/user\/iwellguard","https:\/\/jobs.lajobsportal.org\/profiles\/8380803-iwell-guard","https:\/\/md.chaosdorf.de\/s\/jfbe5SBdJD","https:\/\/www.lingvolive.com\/en-us\/profile\/9ecaeaca-ce11-4e51-9e71-01d55e2bff36\/translations","https:\/\/www.fitday.com\/fitness\/forums\/members\/iwellguard.html","https:\/\/www.mymeetbook.com\/iwellguard","https:\/\/pxhere.com\/en\/photographer-me\/5040798","https:\/\/disqus.com\/by\/iwellguard\/about\/","https:\/\/pastelink.net\/hjwciqwq","https:\/\/pubhtml5.com\/homepage\/scjhn\/","https:\/\/www.bitchute.com\/channel\/2O2eOKzNqujT","https:\/\/audiomack.com\/iwellguard"]}]}},"_links":{"self":[{"href":"https:\/\/iwell-guard.com\/ca\/wp-json\/wp\/v2\/pages\/171443","targetHints":{"allow":["GET"]}}],"collection":[{"href":"https:\/\/iwell-guard.com\/ca\/wp-json\/wp\/v2\/pages"}],"about":[{"href":"https:\/\/iwell-guard.com\/ca\/wp-json\/wp\/v2\/types\/page"}],"author":[{"embeddable":true,"href":"https:\/\/iwell-guard.com\/ca\/wp-json\/wp\/v2\/users\/3"}],"replies":[{"embeddable":true,"href":"https:\/\/iwell-guard.com\/ca\/wp-json\/wp\/v2\/comments?post=171443"}],"version-history":[{"count":0,"href":"https:\/\/iwell-guard.com\/ca\/wp-json\/wp\/v2\/pages\/171443\/revisions"}],"wp:featuredmedia":[{"embeddable":true,"href":"https:\/\/iwell-guard.com\/ca\/wp-json\/wp\/v2\/media\/1654"}],"wp:attachment":[{"href":"https:\/\/iwell-guard.com\/ca\/wp-json\/wp\/v2\/media?parent=171443"}],"wp:term":[{"taxonomy":"category","embeddable":true,"href":"https:\/\/iwell-guard.com\/ca\/wp-json\/wp\/v2\/categories?post=171443"}],"curies":[{"name":"wp","href":"https:\/\/api.w.org\/{rel}","templated":true}]}}