{"id":171440,"date":"2026-09-05T15:39:23","date_gmt":"2026-09-05T15:39:23","guid":{"rendered":"https:\/\/iwell-guard.com\/?page_id=171440"},"modified":"2026-09-05T15:57:47","modified_gmt":"2026-09-05T15:57:47","slug":"arcangel-gabriel","status":"publish","type":"page","link":"https:\/\/iwell-guard.com\/ca\/arcangel-gabriel\/","title":{"rendered":"Arc\u00e0ngel Gabriel"},"content":{"rendered":"\t\t<div data-elementor-type=\"wp-page\" data-elementor-id=\"171440\" class=\"elementor elementor-171440 elementor-1801 elementor-bc-flex-widget\" data-elementor-post-type=\"page\">\n\t\t\t\t<div class=\"elementor-element elementor-element-10fdade e-flex e-con-boxed e-con e-parent\" data-id=\"10fdade\" data-element_type=\"container\" data-e-type=\"container\" data-settings=\"{&quot;background_background&quot;:&quot;classic&quot;}\">\n\t\t\t\t\t<div class=\"e-con-inner\">\n\t\t<div class=\"elementor-element elementor-element-herohlft0 e-flex e-con-boxed e-con e-child\" data-id=\"herohlft0\" data-element_type=\"container\" data-e-type=\"container\">\n\t\t\t\t\t<div class=\"e-con-inner\">\n\t\t<div class=\"elementor-element elementor-element-c3ceb64 e-con-full e-flex e-con e-child\" data-id=\"c3ceb64\" data-element_type=\"container\" data-e-type=\"container\">\n\t\t\t\t<div class=\"elementor-element elementor-element-96ae5e1 elementor-widget elementor-widget-heading\" data-id=\"96ae5e1\" data-element_type=\"widget\" data-e-type=\"widget\" data-widget_type=\"heading.default\">\n\t\t\t\t\t<h1 class=\"elementor-heading-title elementor-size-default\">Arc\u00e0ngel Gabriel, \u00e9sser de llum<\/h1>\t\t\t\t<\/div>\n\t\t\t\t<div class=\"elementor-element elementor-element-e45238a elementor-widget elementor-widget-text-editor\" data-id=\"e45238a\" data-element_type=\"widget\" data-e-type=\"widget\" data-widget_type=\"text-editor.default\">\n\t\t\t\t\t\t\t\t\t<p>Missatger de D\u00e9u en la tradici\u00f3 jueva, cristiana i isl\u00e0mica. Va anunciar a Maria el naixement de Jes\u00fas i va dictar l&#8217;Alcor\u00e0 a Mahoma.<\/p><p>Aquesta p\u00e0gina situa l&#8217;arc\u00e0ngel Gabriel com a concepte d&#8217;\u00e9sser de llum.<\/p>\n<h2 id=\"dif-gabriel\">Especificitat de Gabriel: missatger de l&#8217;Anunciaci\u00f3<\/h2>\n<p>L&#8217;escena principal de Gabriel \u00e9s l&#8217;<strong>Anunciaci\u00f3<\/strong> (Lc 1,26-38). Apareix davant Maria a Natzaret i li anuncia la concepci\u00f3 de Jes\u00fas. Anteriorment ja havia anunciat a Zacaries el naixement de Joan Baptista (Lc 1,11-20). Al llibre de Daniel (Dn 8,16; 9,21-27), Gabriel interpreta la visi\u00f3 dels quatre regnes i la profecia de les setanta setmanes. El seu nom <em>gabri\u02be\u0113l<\/em> significa \u00abhome de D\u00e9u\u00bb o \u00abheroi de D\u00e9u\u00bb.<\/p><p>A l&#8217;islam \u00e9s conegut com a <strong>Jibr\u012bl<\/strong>, l&#8217;\u00e0ngel de la revelaci\u00f3 de l&#8217;Alcor\u00e0. En la <span class=\"iwg-fachbegriff\" data-tooltip=\"L'ordre establert del culte d'una comunitat religiosa.\" tabindex=\"0\">lit\u00fargia<\/span> cristiana \u00e9s considerat el <strong>missatger de la Bona Nova<\/strong>, l&#8217;\u00e0ngel de la trompeta del Judici Final i el patr\u00f3 dels diplom\u00e0tics, dels carters i de les telecomunicacions. Els seus atributs s\u00f3n el <strong>lliri, el pergam\u00ed i la trompeta<\/strong>, i la seva festa \u00e9s el 24 de mar\u00e7.<\/p>\n\t\t\t\t\t\t\t\t<\/div>\n\t\t\t\t<\/div>\n\t\t<div class=\"elementor-element elementor-element-klsbdg01 e-con-full e-flex e-con e-parent\" data-id=\"klsbdg01\" data-element_type=\"container\" data-e-type=\"container\">\n\t\t\t\t<div class=\"elementor-element elementor-element-klshtm01 elementor-widget elementor-widget-html\" data-id=\"klshtm01\" data-element_type=\"widget\" data-e-type=\"widget\" data-widget_type=\"html.default\">\n\t\t\t\t\t<div class=\"iwg-pill-row\"><span class=\"iwg-klasse-badge\" tabindex=\"0\" data-tooltip=\"\u00c9ssers de llum: \u00e9ssers il\u00b7luminats, protectors o instructors, arc\u00e0ngels, mestres ascendits, \u00e9ssers lluminosos de la natura. Descrits en tradicions espirituals modernes i antigues com a ajudants i mestres.\">\u00c9sser de llum<\/span><a href=\"https:\/\/iwell-guard.com\/ca\/judaisme\/\" class=\"iwg-kultur-badge\" tabindex=\"0\" data-tooltip=\"Tradici\u00f3 de fe jueva des del Tanakh fins a la C\u00e0bala i la m\u00edstica moderna.\">Judaisme<\/a><span class=\"iwg-tradition-badge\" tabindex=\"0\" data-tooltip=\"Arc\u00e0ngel, la classe m\u00e9s alta d'\u00e0ngels en la tradici\u00f3 jueva, cristiana i isl\u00e0mica.\">Arc\u00e0ngel<\/span><\/div>\t\t\t\t<\/div>\n\t\t\t\t<\/div>\n\t\t<div class=\"elementor-element elementor-element-3f74855 e-con-full e-flex e-con e-child\" data-id=\"3f74855\" data-element_type=\"container\" data-e-type=\"container\">\n\t\t\t\t<div class=\"elementor-element elementor-element-1c30362 elementor-toc--minimized-on-tablet elementor-widget elementor-widget-table-of-contents\" data-id=\"1c30362\" data-element_type=\"widget\" data-e-type=\"widget\" data-settings=\"{&quot;exclude_headings_by_selector&quot;:[],&quot;no_headings_message&quot;:&quot;No s&#039;ha trobat cap encap\\u00e7alament en aquesta p\\u00e0gina.&quot;,&quot;headings_by_tags&quot;:[&quot;h2&quot;,&quot;h3&quot;],&quot;marker_view&quot;:&quot;bullets&quot;,&quot;minimize_box&quot;:&quot;yes&quot;,&quot;icon&quot;:{&quot;value&quot;:&quot;fas fa-circle&quot;,&quot;library&quot;:&quot;fa-solid&quot;,&quot;rendered_tag&quot;:&quot;&lt;svg class=\\&quot;e-font-icon-svg e-fas-circle\\&quot; viewBox=\\&quot;0 0 512 512\\&quot; xmlns=\\&quot;http:\\\/\\\/www.w3.org\\\/2000\\\/svg\\&quot;&gt;&lt;path d=\\&quot;M256 8C119 8 8 119 8 256s111 248 248 248 248-111 248-248S393 8 256 8z\\&quot;&gt;&lt;\\\/path&gt;&lt;\\\/svg&gt;&quot;},&quot;minimized_on&quot;:&quot;tablet&quot;,&quot;hierarchical_view&quot;:&quot;yes&quot;,&quot;min_height&quot;:{&quot;unit&quot;:&quot;px&quot;,&quot;size&quot;:&quot;&quot;,&quot;sizes&quot;:[]},&quot;min_height_tablet&quot;:{&quot;unit&quot;:&quot;px&quot;,&quot;size&quot;:&quot;&quot;,&quot;sizes&quot;:[]},&quot;min_height_mobile&quot;:{&quot;unit&quot;:&quot;px&quot;,&quot;size&quot;:&quot;&quot;,&quot;sizes&quot;:[]}}\" data-widget_type=\"table-of-contents.default\">\n\t\t\t\t\t\t\t\t\t<div class=\"elementor-toc__header\">\n\t\t\t\t\t\t<h2 class=\"elementor-toc__header-title\">\n\t\t\t\t\u00cdndex\t\t\t<\/h2>\n\t\t\t\t\t\t\t\t\t\t<div class=\"elementor-toc__toggle-button elementor-toc__toggle-button--expand\" role=\"button\" tabindex=\"0\" aria-controls=\"elementor-toc__1c30362\" aria-expanded=\"true\" aria-label=\"Open table of contents\"><svg aria-hidden=\"true\" class=\"e-font-icon-svg e-fas-chevron-down\" viewBox=\"0 0 448 512\" xmlns=\"http:\/\/www.w3.org\/2000\/svg\"><path d=\"M207.029 381.476L12.686 187.132c-9.373-9.373-9.373-24.569 0-33.941l22.667-22.667c9.357-9.357 24.522-9.375 33.901-.04L224 284.505l154.745-154.021c9.379-9.335 24.544-9.317 33.901.04l22.667 22.667c9.373 9.373 9.373 24.569 0 33.941L240.971 381.476c-9.373 9.372-24.569 9.372-33.942 0z\"><\/path><\/svg><\/div>\n\t\t\t\t<div class=\"elementor-toc__toggle-button elementor-toc__toggle-button--collapse\" role=\"button\" tabindex=\"0\" aria-controls=\"elementor-toc__1c30362\" aria-expanded=\"true\" aria-label=\"Close table of contents\"><svg aria-hidden=\"true\" class=\"e-font-icon-svg e-fas-chevron-up\" viewBox=\"0 0 448 512\" xmlns=\"http:\/\/www.w3.org\/2000\/svg\"><path d=\"M240.971 130.524l194.343 194.343c9.373 9.373 9.373 24.569 0 33.941l-22.667 22.667c-9.357 9.357-24.522 9.375-33.901.04L224 227.495 69.255 381.516c-9.379 9.335-24.544 9.317-33.901-.04l-22.667-22.667c-9.373-9.373-9.373-24.569 0-33.941L207.03 130.525c9.372-9.373 24.568-9.373 33.941-.001z\"><\/path><\/svg><\/div>\n\t\t\t\t\t<\/div>\n\t\t\t\t<div id=\"elementor-toc__1c30362\" class=\"elementor-toc__body\">\n\t\t\t<div class=\"elementor-toc__spinner-container\">\n\t\t\t\t<svg class=\"elementor-toc__spinner eicon-animation-spin e-font-icon-svg e-eicon-loading\" aria-hidden=\"true\" viewBox=\"0 0 1000 1000\" xmlns=\"http:\/\/www.w3.org\/2000\/svg\"><path d=\"M500 975V858C696 858 858 696 858 500S696 142 500 142 142 304 142 500H25C25 237 238 25 500 25S975 237 975 500 763 975 500 975Z\"><\/path><\/svg>\t\t\t<\/div>\n\t\t<\/div>\n\t\t\t\t\t\t<\/div>\n\t\t\t\t<\/div>\n\t\t\t\t\t<\/div>\n\t\t\t\t<\/div>\n\t\t<div class=\"elementor-element elementor-element-herorght0 e-con-full e-flex e-con e-child\" data-id=\"herorght0\" data-element_type=\"container\" data-e-type=\"container\">\n\t\t\t\t<div class=\"elementor-element elementor-element-heroimg00 iwg-hero-image elementor-widget elementor-widget-image\" data-id=\"heroimg00\" data-element_type=\"widget\" data-e-type=\"widget\" data-widget_type=\"image.default\">\n\t\t\t\t\t\t\t\t\t\t\t\t\t\t\t<img fetchpriority=\"high\" decoding=\"async\" width=\"683\" height=\"1024\" src=\"https:\/\/iwell-guard.com\/wp-content\/uploads\/2026\/04\/lichtwesen_erzengel-gabriel-683x1024.webp\" class=\"attachment-large size-large wp-image-1621\" alt=\"Arc\u00e0ngel Gabriel\" srcset=\"https:\/\/iwell-guard.com\/wp-content\/uploads\/2026\/04\/lichtwesen_erzengel-gabriel-683x1024.webp 683w, https:\/\/iwell-guard.com\/wp-content\/uploads\/2026\/04\/lichtwesen_erzengel-gabriel-200x300.webp 200w, https:\/\/iwell-guard.com\/wp-content\/uploads\/2026\/04\/lichtwesen_erzengel-gabriel-768x1152.webp 768w, https:\/\/iwell-guard.com\/wp-content\/uploads\/2026\/04\/lichtwesen_erzengel-gabriel.webp 1024w\" sizes=\"(max-width: 683px) 100vw, 683px\" \/>\t\t\t\t\t\t\t\t\t\t\t\t\t\t\t<\/div>\n\t\t\t\t<\/div>\n\t\t\t\t\t<\/div>\n\t\t\t\t<\/div>\n\t\t<div class=\"elementor-element elementor-element-wmd-s1 e-con-boxed e-flex e-con e-parent\" data-id=\"wmd-s1\" data-element_type=\"container\" data-e-type=\"container\">\n\t\t\t\t\t<div class=\"e-con-inner\">\n\t\t\t\t<div class=\"elementor-element elementor-element-wmd-h1 elementor-widget elementor-widget-heading\" data-id=\"wmd-h1\" data-element_type=\"widget\" data-e-type=\"widget\" data-widget_type=\"heading.default\">\n\t\t\t\t\t<h2 class=\"elementor-heading-title elementor-size-default\">Visi\u00f3 r\u00e0pida: Arc\u00e0ngel Gabriel<\/h2>\t\t\t\t<\/div>\n\t\t<div class=\"elementor-element elementor-element-wmd-s1-bw e-flex e-con-boxed e-con e-parent\" data-id=\"wmd-s1-bw\" data-element_type=\"container\" data-e-type=\"container\" data-settings=\"{&quot;background_background&quot;:&quot;classic&quot;}\">\n\t\t\t\t\t<div class=\"e-con-inner\">\n\t\t\t\t<div class=\"elementor-element elementor-element-wmd-t1 elementor-widget elementor-widget-text-editor\" data-id=\"wmd-t1\" data-element_type=\"widget\" data-e-type=\"widget\" data-widget_type=\"text-editor.default\">\n\t\t\t\t\t\t\t\t\t<p><strong>Tipus:<\/strong> Arc\u00e0ngel, missatger, transmissor del missatge div\u00ed. Tradici\u00f3: judaisme (<span class=\"iwg-fachbegriff\" data-tooltip=\"Obra principal del judaisme rab\u00ednic amb la interpretaci\u00f3 de la tradici\u00f3 religiosa.\" tabindex=\"0\">Talmud<\/span>), cristianisme (Anunciaci\u00f3 a Maria), islam (Alcor\u00e0, Jibrail). Funci\u00f3: comunicaci\u00f3, missatge, transformaci\u00f3, claredat interior. Atributs\/s\u00edmbols principals: flama blanca i argentada, lliri, campana, bast\u00f3. Difusi\u00f3: central en la mariologia cristiana, com a Jibrail en l&#8217;islam, molt est\u00e8s en l&#8217;esoterisme.<\/p>\t\t\t\t\t\t\t\t<\/div>\n\t\t\t\t\t<\/div>\n\t\t\t\t<\/div>\n\t\t\t\t\t<\/div>\n\t\t\t\t<\/div>\n\t\t<div class=\"elementor-element elementor-element-wmd-s2 e-con-boxed e-flex e-con e-parent\" data-id=\"wmd-s2\" data-element_type=\"container\" data-e-type=\"container\">\n\t\t\t\t\t<div class=\"e-con-inner\">\n\t\t\t\t<div class=\"elementor-element elementor-element-wmd-h2 elementor-widget elementor-widget-heading\" data-id=\"wmd-h2\" data-element_type=\"widget\" data-e-type=\"widget\" data-widget_type=\"heading.default\">\n\t\t\t\t\t<h2 class=\"elementor-heading-title elementor-size-default\">Introducci\u00f3<\/h2>\t\t\t\t<\/div>\n\t\t<div class=\"elementor-element elementor-element-wmd-s2-bw e-flex e-con-boxed e-con e-parent\" data-id=\"wmd-s2-bw\" data-element_type=\"container\" data-e-type=\"container\" data-settings=\"{&quot;background_background&quot;:&quot;classic&quot;}\">\n\t\t\t\t\t<div class=\"e-con-inner\">\n\t\t\t\t<div class=\"elementor-element elementor-element-wmd-t2 elementor-widget elementor-widget-text-editor\" data-id=\"wmd-t2\" data-element_type=\"widget\" data-e-type=\"widget\" data-widget_type=\"text-editor.default\">\n\t\t\t\t\t\t\t\t\t<h3>Tradici\u00f3<\/h3><p>Gabriel (<em>Gavriel<\/em>, \u00abFor\u00e7a de D\u00e9u\u00bb) apareix a la B\u00edblia hebrea a Daniel 8:16 i 9:21. En el cristianisme \u00e9s conegut sobretot com l&#8217;<span class=\"iwg-fachbegriff\" data-tooltip=\"En les religions abrah\u00e0miques, un \u00e9sser celestial missatger de D\u00e9u.\" tabindex=\"0\">\u00e0ngel<\/span> que anuncia a Maria el naixement de Jes\u00fas (Lluc 1:26-38).<\/p><p>En l&#8217;islam, Gabriel (<em>Jibrail<\/em>) \u00e9s l&#8217;<span class=\"iwg-fachbegriff\" data-tooltip=\"En les religions abrah\u00e0miques, un \u00e9sser celestial missatger de D\u00e9u.\" tabindex=\"0\">\u00e0ngel<\/span> que va transmetre l&#8217;Alcor\u00e0 al profeta Mahoma. La <span class=\"iwg-fachbegriff\" data-tooltip=\"Corrent de la m\u00edstica jueva amb obres principals com el Sefer Jetsir\u00e0 i el Zohar.\" tabindex=\"0\">c\u00e0bala<\/span> associa Gabriel amb la Sefir\u00e0 Iesod o amb la Sefir\u00e0 Hod (Enteniment), el lloc de la comunicaci\u00f3. L&#8217;angelologia occidental venerava Gabriel com l&#8217;<span class=\"iwg-fachbegriff\" data-tooltip=\"En les religions abrah\u00e0miques, un \u00e9sser celestial missatger de D\u00e9u.\" tabindex=\"0\">\u00e0ngel<\/span> de l&#8217;Anunciaci\u00f3, de la comunicaci\u00f3 i de la purificaci\u00f3 espiritual.<\/p><h3>Estat de les fonts<\/h3><p>Textos b\u00edblics (Llibre de Daniel, Evangeli de Lluc, Apocalipsi). El <span class=\"iwg-fachbegriff\" data-tooltip=\"Obra principal del judaisme rab\u00ednic amb la interpretaci\u00f3 de la tradici\u00f3 religiosa.\" tabindex=\"0\">Talmud<\/span> i la <span class=\"iwg-fachbegriff\" data-tooltip=\"Corrent de la m\u00edstica jueva amb obres principals com el Sefer Jetsir\u00e0 i el Zohar.\" tabindex=\"0\">c\u00e0bala<\/span> anomenen Gabriel un dels quatre arc\u00e0ngels principals de l&#8217;angelologia hebrea. Refer\u00e8ncies alcor\u00e0niques a Jibril i la seva missi\u00f3.<\/p><p>La tradici\u00f3 art\u00edstica cristiana va representar Gabriel amb un lliri o un bast\u00f3 durant segles. La literatura moderna esot\u00e8rica i de Nova Espiritualitat destaca el paper de Gabriel com a conseller interior i portador de claredat. Les interpretacions psicol\u00f2giques veuen Gabriel com l&#8217;encarnaci\u00f3 de la intu\u00efci\u00f3 i d&#8217;una comunicaci\u00f3 aut\u00e8ntica i valenta.<\/p><div><h3>Estat de les fonts en el Tanakh, el Nou Testament i l&#8217;Alcor\u00e0<\/h3><p>L&#8217;arc\u00e0ngel Gabriel \u00e9s, juntament amb Miquel, l&#8217;\u00fanica figura ang\u00e8lica del Tanakh hebreu que apareix amb nom propi. Apareix a Daniel 8,16 i 9,21 com a int\u00e8rpret de les visions de Daniel.<\/p><p>A l&#8217;Evangeli de Lluc \u00e9s l&#8217;<span class=\"iwg-fachbegriff\" data-tooltip=\"En les religions abrah\u00e0miques, un \u00e9sser celestial missatger de D\u00e9u.\" tabindex=\"0\">\u00e0ngel<\/span> de l&#8217;Anunciaci\u00f3 tant a Zacaries (Lc 1,19) com a Maria (Lc 1,26, 38); aquesta doble anunciaci\u00f3 el converteix en el missatger central del Nou Testament.<\/p><p>A l&#8217;Alcor\u00e0 se l&#8217;anomena <em>Jibril<\/em> o <em>Jibra&#8217;il<\/em> i \u00e9s el transmissor de la revelaci\u00f3 a Mahoma (sura 2,97; 16,102; 26,193). Aquest testimoniatge tri-religi\u00f3s \u00e9s \u00fanic en la hist\u00f2ria de les religions i situa Gabriel en una posici\u00f3 especial dins del corpus ang\u00e8lic judeo-cristi\u00e0-isl\u00e0mic.<\/p><\/div>\t\t\t\t\t\t\t\t<\/div>\n\t\t\t\t\t<\/div>\n\t\t\t\t<\/div>\n\t\t\t\t\t<\/div>\n\t\t\t\t<\/div>\n\t\t<div class=\"elementor-element elementor-element-wmd-s3 e-con-boxed e-flex e-con e-parent\" data-id=\"wmd-s3\" data-element_type=\"container\" data-e-type=\"container\">\n\t\t\t\t\t<div class=\"e-con-inner\">\n\t\t\t\t<div class=\"elementor-element elementor-element-wmd-h3 elementor-widget elementor-widget-heading\" data-id=\"wmd-h3\" data-element_type=\"widget\" data-e-type=\"widget\" data-widget_type=\"heading.default\">\n\t\t\t\t\t<h2 class=\"elementor-heading-title elementor-size-default\">Aparen\u00e7a i s\u00edmbols<\/h2>\t\t\t\t<\/div>\n\t\t<div class=\"elementor-element elementor-element-wmd-s3-bw e-flex e-con-boxed e-con e-parent\" data-id=\"wmd-s3-bw\" data-element_type=\"container\" data-e-type=\"container\" data-settings=\"{&quot;background_background&quot;:&quot;classic&quot;}\">\n\t\t\t\t\t<div class=\"e-con-inner\">\n\t\t\t\t<div class=\"elementor-element elementor-element-wmd-t3 elementor-widget elementor-widget-text-editor\" data-id=\"wmd-t3\" data-element_type=\"widget\" data-e-type=\"widget\" data-widget_type=\"text-editor.default\">\n\t\t\t\t\t\t\t\t\t<p>Gabriel \u00e9s representat com un \u00e9sser de llum esvelt i elegant, vestit amb una t\u00fanica blanca i argentada o amb una tela lluminosa transl\u00facida. El seu color \u00e9s blanc pur o plata delicada, de vegades entreteixit d&#8217;aiguamarina o d&#8217;un blau suau. Porta un bast\u00f3, un lliri blanc o una campana daurada. El lliri \u00e9s el <span class=\"iwg-fachbegriff\" data-tooltip=\"Un signe que representa una idea o significat.\" tabindex=\"0\">s\u00edmbol<\/span> cl\u00e0ssic de la puresa i de la mariologia.<\/p><p>La campana simbolitza l&#8217;Anunciaci\u00f3, la tonalitat clara i la veritat que ressona. Unes ales de llum precisa i dirigida l&#8217;envolten. Energ\u00e8ticament, Gabriel produeix una sensaci\u00f3 freda, clara i penetrant, com un so cristal\u00b7l\u00ed pur o un toc de campana. La seva pres\u00e8ncia evoca quietud interior i una disposici\u00f3 atenta a rebre.<\/p>\t\t\t\t\t\t\t\t<\/div>\n\t\t\t\t\t<\/div>\n\t\t\t\t<\/div>\n\t\t\t\t\t<\/div>\n\t\t\t\t<\/div>\n\t\t<div class=\"elementor-element elementor-element-wmd-s4 e-con-boxed e-flex e-con e-parent\" data-id=\"wmd-s4\" data-element_type=\"container\" data-e-type=\"container\">\n\t\t\t\t\t<div class=\"e-con-inner\">\n\t\t\t\t<div class=\"elementor-element elementor-element-wmd-h4 elementor-widget elementor-widget-heading\" data-id=\"wmd-h4\" data-element_type=\"widget\" data-e-type=\"widget\" data-widget_type=\"heading.default\">\n\t\t\t\t\t<h2 class=\"elementor-heading-title elementor-size-default\">Funci\u00f3 i significat<\/h2>\t\t\t\t<\/div>\n\t\t<div class=\"elementor-element elementor-element-wmd-s4-bw e-flex e-con-boxed e-con e-parent\" data-id=\"wmd-s4-bw\" data-element_type=\"container\" data-e-type=\"container\" data-settings=\"{&quot;background_background&quot;:&quot;classic&quot;}\">\n\t\t\t\t\t<div class=\"e-con-inner\">\n\t\t\t\t<div class=\"elementor-element elementor-element-wmd-t4 elementor-widget elementor-widget-text-editor\" data-id=\"wmd-t4\" data-element_type=\"widget\" data-e-type=\"widget\" data-widget_type=\"text-editor.default\">\n\t\t\t\t\t\t\t\t\t<p>Gabriel \u00e9s l&#8217;<span class=\"iwg-fachbegriff\" data-tooltip=\"En les religions abrah\u00e0miques, un \u00e9sser missatger celestial de D\u00e9u.\" tabindex=\"0\">\u00e0ngel<\/span> de la missatgeria i de la claredat interior. On Miquel lluita i protegeix, Gabriel porta comunicaci\u00f3 i clarificaci\u00f3. Representa la capacitat de traduir la veritat superior a un llenguatge i una consci\u00e8ncia humans comprensibles.<\/p><p>Tamb\u00e9 simbolitza els nous inicis: cada missatge de Gabriel dona inici a un nou cicle de comprensi\u00f3 i renovaci\u00f3. En termes psicol\u00f2gics, Gabriel encarna el canal intu\u00eftiu que porta l&#8217;inconscient a la consci\u00e8ncia. La seva energia blanca i argentada purifica la confusi\u00f3 i crea claredat interior, sense judici ni imposici\u00f3.<\/p><div><h3>Funci\u00f3 en la jerarquia ang\u00e8lica<\/h3><p>En la tradici\u00f3 cristiana, des de Pseudo-Dion\u00eds, Gabriel \u00e9s l&#8217;<span class=\"iwg-fachbegriff\" data-tooltip=\"En les religions abrah\u00e0miques, un \u00e9sser missatger celestial de D\u00e9u.\" tabindex=\"0\">\u00e0ngel<\/span> de l&#8217;Anunciaci\u00f3 i, per tant, s&#8217;associa al cor dels arc\u00e0ngels. En la m\u00e0gia ang\u00e8lica jueva \u00e9s l&#8217;<span class=\"iwg-fachbegriff\" data-tooltip=\"En les religions abrah\u00e0miques, un \u00e9sser missatger celestial de D\u00e9u.\" tabindex=\"0\">\u00e0ngel<\/span> de la direcci\u00f3 nord del cel, de la lluna i de l&#8217;esfera de Yesod en l&#8217;arbre de la vida cabal\u00edstic.<\/p><p>En la tradici\u00f3 isl\u00e0mica \u00e9s el m\u00e9s elevat dels <span class=\"iwg-fachbegriff\" data-tooltip=\"En les religions abrah\u00e0miques, un \u00e9sser missatger celestial de D\u00e9u.\" tabindex=\"0\">\u00e0ngels<\/span>, amb una proximitat especial a D\u00e9u (en la tradici\u00f3 del Mi&#8217;raj, acompanya Mahoma en el seu viatge celestial). Aquesta m\u00faltiple adscripci\u00f3 converteix Gabriel en una figura pont entre les tres religions abrah\u00e0miques i les seves adaptacions ritual-m\u00e0giques.<\/p><\/div>\t\t\t\t\t\t\t\t<\/div>\n\t\t\t\t\t<\/div>\n\t\t\t\t<\/div>\n\t\t\t\t\t<\/div>\n\t\t\t\t<\/div>\n\t\t<div class=\"elementor-element elementor-element-wmd-s5 e-con-boxed e-flex e-con e-parent\" data-id=\"wmd-s5\" data-element_type=\"container\" data-e-type=\"container\">\n\t\t\t\t\t<div class=\"e-con-inner\">\n\t\t\t\t<div class=\"elementor-element elementor-element-wmd-h5 elementor-widget elementor-widget-heading\" data-id=\"wmd-h5\" data-element_type=\"widget\" data-e-type=\"widget\" data-widget_type=\"heading.default\">\n\t\t\t\t\t<h2 class=\"elementor-heading-title elementor-size-default\">Pr\u00e0ctica \/ invocaci\u00f3 \/ significat en el context d'iWell Guard<\/h2>\t\t\t\t<\/div>\n\t\t<div class=\"elementor-element elementor-element-wmd-s5-bw e-flex e-con-boxed e-con e-parent\" data-id=\"wmd-s5-bw\" data-element_type=\"container\" data-e-type=\"container\" data-settings=\"{&quot;background_background&quot;:&quot;classic&quot;}\">\n\t\t\t\t\t<div class=\"e-con-inner\">\n\t\t\t\t<div class=\"elementor-element elementor-element-wmd-t5 elementor-widget elementor-widget-text-editor\" data-id=\"wmd-t5\" data-element_type=\"widget\" data-e-type=\"widget\" data-widget_type=\"text-editor.default\">\n\t\t\t\t\t\t\t\t\t<p>Dins d&#8217;iWell Guard, es invoca Gabriel per obrir la comunicaci\u00f3 interior i rebre amb claredat una guia superior. Una pr\u00e0ctica consisteix a encendre una espelma blanca o argentada i demanar a Gabriel que clarifiqui i enforteixi la veu interior.<\/p><p>El poder de Gabriel s&#8217;utilitza per aclarir la confusi\u00f3 ps\u00edquica o mental, per comprendre els somnis i per aguditzar la intu\u00efci\u00f3. Gabriel tamb\u00e9 ajuda a transmetre els missatges energ\u00e8tics amb m\u00e9s netedat, sense distorsi\u00f3 per l&#8217;ego, la por o interfer\u00e8ncies externes. La seva flama blanca i argentada actua netejant tots els canals de comunicaci\u00f3 del camp de protecci\u00f3.<\/p><div><h3>Gabriel en el sistema de <span class=\"iwg-fachbegriff\" data-tooltip=\"Una s\u00edl\u00b7laba o f\u00f3rmula sagrada que es repeteix en l'hinduisme i el budisme.\" tabindex=\"0\">mantra<\/span> d&#8217;iWell Guard<\/h3><p>En el <span class=\"iwg-fachbegriff\" data-tooltip=\"Una s\u00edl\u00b7laba o f\u00f3rmula sagrada que es repeteix en l'hinduisme i el budisme.\" tabindex=\"0\">mantra<\/span> de protecci\u00f3, Gabriel es posiciona expl\u00edcitament en el punt 3 (transformaci\u00f3 d&#8217;influ\u00e8ncies ja establertes) com a guardi\u00e0 de la flama violeta. Quan l&#8217;energia d&#8217;un atac de m\u00e0gia negra no pot ser absorbida per Gaia, Gabriel assumeix la transfer\u00e8ncia cap a la llum.<\/p><p>Aquesta construcci\u00f3 uneix la funci\u00f3 de l&#8217;Anunciaci\u00f3 i de mediaci\u00f3 de Gabriel en la tradici\u00f3 judeocristiana i isl\u00e0mica amb la tradici\u00f3 teos\u00f2fica dels treballadors de la llum de la flama violeta com a mitj\u00e0 de transmutaci\u00f3 (vegeu <a href=\"https:\/\/iwell-guard.com\/ca\/?page_id=171446\">\/violette-flamme\/<\/a>). Trobareu una visi\u00f3 detallada de les capes del <span class=\"iwg-fachbegriff\" data-tooltip=\"Una s\u00edl\u00b7laba o f\u00f3rmula sagrada que es repeteix en l'hinduisme i el budisme.\" tabindex=\"0\">mantra<\/span> a <a href=\"https:\/\/iwell-guard.com\/ca\/?page_id=171627\">Visi\u00f3 general de les funcions del mantra de protecci\u00f3<\/a>.<\/p><\/div>\t\t\t\t\t\t\t\t<\/div>\n\t\t\t\t\t<\/div>\n\t\t\t\t<\/div>\n\t\t\t\t\t<\/div>\n\t\t\t\t<\/div>\n\t\t<div class=\"elementor-element elementor-element-wmd-s6 e-con-boxed e-flex e-con e-parent\" data-id=\"wmd-s6\" data-element_type=\"container\" data-e-type=\"container\">\n\t\t\t\t\t<div class=\"e-con-inner\">\n\t\t\t\t<div class=\"elementor-element elementor-element-wmd-h6 elementor-widget elementor-widget-heading\" data-id=\"wmd-h6\" data-element_type=\"widget\" data-e-type=\"widget\" data-widget_type=\"heading.default\">\n\t\t\t\t\t<h2 class=\"elementor-heading-title elementor-size-default\">Paral\u00b7lelismes<\/h2>\t\t\t\t<\/div>\n\t\t<div class=\"elementor-element elementor-element-wmd-s6-bw e-flex e-con-boxed e-con e-parent\" data-id=\"wmd-s6-bw\" data-element_type=\"container\" data-e-type=\"container\" data-settings=\"{&quot;background_background&quot;:&quot;classic&quot;}\">\n\t\t\t\t\t<div class=\"e-con-inner\">\n\t\t\t\t<div class=\"elementor-element elementor-element-wmd-t6 elementor-widget elementor-widget-text-editor\" data-id=\"wmd-t6\" data-element_type=\"widget\" data-e-type=\"widget\" data-widget_type=\"text-editor.default\">\n\t\t\t\t\t\t\t\t\t<footer class=\"iwg-literatur\" data-nosnippet=\"true\"><p>Trobareu Gabriel com a arquetip de missatger a: <em>Hermes<\/em> de la <span class=\"iwg-fachbegriff\" data-tooltip=\"El conjunt de relats m\u00edtics transmesos d'una cultura.\" tabindex=\"0\">mitologia<\/span> grega (missatger dels d\u00e9us, senyor de les fronteres), <em>Thot<\/em> en el <span class=\"iwg-fachbegriff\" data-tooltip=\"El conjunt de d\u00e9us d'una religi\u00f3 o cultura.\" tabindex=\"0\">pante\u00f3<\/span> egipci (escriv\u00e0 de la veritat i la saviesa), <em>Sarasvat\u012b<\/em> en l&#8217;hinduisme (deessa de la saviesa i de la paraula) i <em>Huitzilopochtli<\/em> com a guia i orientador azteca. Tots encarnen la transmissi\u00f3 del coneixement i la clarificaci\u00f3 interior de la ment.<\/p><\/footer>\t\t\t\t\t\t\t\t<\/div>\n\t\t\t\t\t<\/div>\n\t\t\t\t<\/div>\n\t\t\t\t\t<\/div>\n\t\t\t\t<\/div>\n\t\t<div class=\"elementor-element elementor-element-cpd54045d e-flex e-con-boxed e-con e-parent\" data-id=\"cpd54045d\" data-element_type=\"container\" data-e-type=\"container\">\n\t\t\t\t\t<div class=\"e-con-inner\">\n\t\t\t\t<div class=\"elementor-element elementor-element-cp0ad00e5 elementor-widget elementor-widget-heading\" data-id=\"cp0ad00e5\" data-element_type=\"widget\" data-e-type=\"widget\" data-widget_type=\"heading.default\">\n\t\t\t\t\t<h2 class=\"elementor-heading-title elementor-size-default\">Gabriel al llibre de Daniel: el missatger int\u00e8rpret<\/h2>\t\t\t\t<\/div>\n\t\t<div class=\"elementor-element elementor-element-cpefd45ce e-con-full e-flex e-con e-child\" data-id=\"cpefd45ce\" data-element_type=\"container\" data-e-type=\"container\">\n\t\t\t\t<div class=\"elementor-element elementor-element-cp1fe54e7 elementor-widget elementor-widget-text-editor\" data-id=\"cp1fe54e7\" data-element_type=\"widget\" data-e-type=\"widget\" data-widget_type=\"text-editor.default\">\n\t\t\t\t\t\t\t\t\t<p>Les mencions m\u00e9s antigues expl\u00edcites de Gabriel es troben en el llibre b\u00edblic de Daniel, que la recerca actual data majorit\u00e0riament, en la seva forma final, al segle segon abans de la nostra era. All\u00e0 Gabriel apareix dues vegades.<\/p><p>Al cap\u00edtol vuit\u00e8 se li apareix a Daniel despr\u00e9s que aquest hagi tingut una visi\u00f3 enigm\u00e0tica d&#8217;un marr\u00e0 i d&#8217;un boc, i rep l&#8217;enc\u00e0rrec d&#8217;explicar-li al vident el significat. Al cap\u00edtol nov\u00e8, Gabriel torna a apar\u00e8ixer mentre Daniel prega, i li exposa una <span class=\"iwg-fachbegriff\" data-tooltip=\"La predicci\u00f3 d'esdeveniments futurs mitjan\u00e7ant mitjans religiosos o m\u00e0gics.\" tabindex=\"0\">profecia<\/span> sobre un nombre determinat de per\u00edodes de temps.<\/p><p>El que resulta notable en aquests passatges \u00e9s que Gabriel hi apareix com un \u00e0ngel int\u00e8rpret. La seva tasca no \u00e9s, en primer lloc, actuar, sin\u00f3 explicar. Fa de mitjancer entre el m\u00f3n celestial, d&#8217;on prov\u00e9 la visi\u00f3, i el vident hum\u00e0, que no pot comprendre-la per si mateix.<\/p><p>Amb aix\u00f2, Gabriel s&#8217;inscriu en una concepci\u00f3 dels \u00e0ngels que es va desenvolupar en la literatura jueva de l&#8217;\u00e8poca hel\u00b7len\u00edstica: els <span class=\"iwg-fachbegriff\" data-tooltip=\"En les religions abrah\u00e0miques, un \u00e9sser missatger celestial de D\u00e9u.\" tabindex=\"0\">\u00e0ngels<\/span> com a mediadors del coneixement i la revelaci\u00f3, sovint amb nom propi i \u00e0mbit de compet\u00e8ncia propi.<\/p><p>El llibre de Daniel nom\u00e9s anomena expl\u00edcitament un altre <span class=\"iwg-fachbegriff\" data-tooltip=\"En les religions abrah\u00e0miques, un \u00e9sser missatger celestial de D\u00e9u.\" tabindex=\"0\">\u00e0ngel<\/span> a banda de Gabriel: Miquel. Aquesta parquedat \u00e9s notable, ja que en la literatura extrab\u00edblica contempor\u00e0nia, com els escrits d&#8217;Enoc, apareixen nombrosos <span class=\"iwg-fachbegriff\" data-tooltip=\"En les religions abrah\u00e0miques, un \u00e9sser missatger celestial de D\u00e9u.\" tabindex=\"0\">\u00e0ngels<\/span> anomenats.<\/p><p>La recerca considera Daniel un punt de converg\u00e8ncia important: aqu\u00ed un <span class=\"iwg-fachbegriff\" data-tooltip=\"En les religions abrah\u00e0miques, un \u00e9sser missatger celestial de D\u00e9u.\" tabindex=\"0\">\u00e0ngel<\/span> amb nom i funci\u00f3 s&#8217;inscriu de manera ferma en un text b\u00edblic, i a partir d&#8217;aqu\u00ed la figura continua actuant en la <span class=\"iwg-fachbegriff\" data-tooltip=\"La transmissi\u00f3 de coneixements i relats a trav\u00e9s de generacions.\" tabindex=\"0\">tradici\u00f3<\/span> jueva, cristiana i isl\u00e0mica posterior.<\/p>\t\t\t\t\t\t\t\t<\/div>\n\t\t\t\t<\/div>\n\t\t\t\t\t<\/div>\n\t\t\t\t<\/div>\n\t\t<div class=\"elementor-element elementor-element-cpeec6aa2 e-flex e-con-boxed e-con e-parent\" data-id=\"cpeec6aa2\" data-element_type=\"container\" data-e-type=\"container\">\n\t\t\t\t\t<div class=\"e-con-inner\">\n\t\t\t\t<div class=\"elementor-element elementor-element-cp18db91b elementor-widget elementor-widget-heading\" data-id=\"cp18db91b\" data-element_type=\"widget\" data-e-type=\"widget\" data-widget_type=\"heading.default\">\n\t\t\t\t\t<h2 class=\"elementor-heading-title elementor-size-default\">L'Anunciaci\u00f3: Gabriel en l'Evangeli de Lluc<\/h2>\t\t\t\t<\/div>\n\t\t<div class=\"elementor-element elementor-element-cp4c3b499 e-con-full e-flex e-con e-child\" data-id=\"cp4c3b499\" data-element_type=\"container\" data-e-type=\"container\">\n\t\t\t\t<div class=\"elementor-element elementor-element-cpfa94aa4 elementor-widget elementor-widget-text-editor\" data-id=\"cpfa94aa4\" data-element_type=\"widget\" data-e-type=\"widget\" data-widget_type=\"text-editor.default\">\n\t\t\t\t\t\t\t\t\t<p>En el Nou Testament, Gabriel apareix exclusivament a l&#8217;Evangeli de Lluc, en dues escenes del primer cap\u00edtol estretament relacionades entre si. Primer es presenta davant el sacerdot Zacaries al <span class=\"iwg-fachbegriff\" data-tooltip=\"Una construcci\u00f3 dedicada a la veneraci\u00f3 d'una o diverses divinitats.\" tabindex=\"0\">temple<\/span> i li anuncia el naixement d&#8217;un fill, el futur Joan Baptista.<\/p><p>Quan Zacaries dubta, es queda mut fins que es compleix l&#8217;anunci. Pocs versicles despr\u00e9s, Gabriel \u00e9s enviat a Maria, a Natzaret, per anunciar-li el naixement de Jes\u00fas. Aquesta segona escena ha passat a la tradici\u00f3 cristiana com l&#8217;Anunciaci\u00f3 a Maria.<\/p><p>Lluc presenta Gabriel exactament en el paper que ja apareixia al Llibre de Daniel: com a missatger que transmet i explica una comunicaci\u00f3 divina. Es presenta a Zacaries pel seu nom i diu que est\u00e0 davant de D\u00e9u.<\/p><p>La connexi\u00f3 amb el Llibre de Daniel es refor\u00e7a pel fet que Lluc tria la mateixa figura ang\u00e8lica que all\u00e0 actuava com a mediador de la revelaci\u00f3. Per als primers lectors, aix\u00f2 establia una l\u00ednia que anava de l&#8217;antiga <span class=\"iwg-fachbegriff\" data-tooltip=\"La transmissi\u00f3 de coneixements i relats a trav\u00e9s de generacions.\" tabindex=\"0\">tradici\u00f3<\/span> prof\u00e8tica fins als esdeveniments al voltant de Jes\u00fas.<\/p><p>L&#8217;escena de l&#8217;Anunciaci\u00f3 es va convertir en un dels temes iconogr\u00e0fics m\u00e9s importants de l&#8217;art cristi\u00e0. Des de l&#8217;<span class=\"iwg-fachbegriff\" data-tooltip=\"\u00c8poca de transici\u00f3 entre l'antiguitat i l'edat mitjana, aproximadament del segle III al VII.\" tabindex=\"0\">antiguitat tardana<\/span> fins a l&#8217;edat moderna, pintors i escultors han representat repetidament la trobada de Gabriel amb Maria, sovint amb atributs fixos com el lliri, s\u00edmbol de puresa, o la cinta amb la salutaci\u00f3 de l&#8217;\u00e0ngel.<\/p><p>La tradici\u00f3 lit\u00fargica va vincular l&#8217;esdeveniment a una festa pr\u00f2pia. La import\u00e0ncia de Gabriel en la cultura occidental es basa essencialment en aquests pocs versicles de l&#8217;Evangeli de Lluc.<\/p>\t\t\t\t\t\t\t\t<\/div>\n\t\t\t\t<\/div>\n\t\t\t\t\t<\/div>\n\t\t\t\t<\/div>\n\t\t<div class=\"elementor-element elementor-element-cp72bc8c7 e-flex e-con-boxed e-con e-parent\" data-id=\"cp72bc8c7\" data-element_type=\"container\" data-e-type=\"container\">\n\t\t\t\t\t<div class=\"e-con-inner\">\n\t\t\t\t<div class=\"elementor-element elementor-element-cpe99660a elementor-widget elementor-widget-heading\" data-id=\"cpe99660a\" data-element_type=\"widget\" data-e-type=\"widget\" data-widget_type=\"heading.default\">\n\t\t\t\t\t<h2 class=\"elementor-heading-title elementor-size-default\">Jibril a l'islam: l'\u00e0ngel de la revelaci\u00f3<\/h2>\t\t\t\t<\/div>\n\t\t<div class=\"elementor-element elementor-element-cp0914686 e-con-full e-flex e-con e-child\" data-id=\"cp0914686\" data-element_type=\"container\" data-e-type=\"container\">\n\t\t\t\t<div class=\"elementor-element elementor-element-cp816037d elementor-widget elementor-widget-text-editor\" data-id=\"cp816037d\" data-element_type=\"widget\" data-e-type=\"widget\" data-widget_type=\"text-editor.default\">\n\t\t\t\t\t\t\t\t\t<p>A l&#8217;islam, Gabriel porta el nom de Jibril i ocupa una posici\u00f3 central, ja que se&#8217;l considera l&#8217;<span class=\"iwg-fachbegriff\" data-tooltip=\"En les religions abrah\u00e0miques, un \u00e9sser missatger celestial de D\u00e9u.\" tabindex=\"0\">\u00e0ngel<\/span> a trav\u00e9s del qual l&#8217;Alcor\u00e0 va ser transm\u00e8s al profeta Mahoma.<\/p><p>El mateix Alcor\u00e0 anomena Jibril pel seu nom i en parla com aquell que va portar la revelaci\u00f3 al cor del profeta. La <span class=\"iwg-fachbegriff\" data-tooltip=\"La transmissi\u00f3 de coneixements i relats a trav\u00e9s de generacions.\" tabindex=\"0\">tradici\u00f3<\/span> isl\u00e0mica tamb\u00e9 vincula Jibril a altres aparicions, com la primera revelaci\u00f3 a la cova prop de la Meca i el seu paper d&#8217;acompanyant en el viatge celestial del profeta.<\/p><p>En la tradici\u00f3 isl\u00e0mica, Jibril es considera un dels <span class=\"iwg-fachbegriff\" data-tooltip=\"En les religions abrah\u00e0miques, un \u00e9sser missatger celestial de D\u00e9u.\" tabindex=\"0\">\u00e0ngels<\/span> de rang m\u00e9s alt, sovint esmentat en primer lloc. Apareix als reculls de tradicions, els hadits, tamb\u00e9 amb forma humana, per exemple quan visita el profeta i els seus companys en forma d&#8217;home per exposar, mitjan\u00e7ant preguntes, doctrines fonamentals de la fe.<\/p><p>Aquesta idea d&#8217;un <span class=\"iwg-fachbegriff\" data-tooltip=\"En les religions abrah\u00e0miques, un \u00e9sser missatger celestial de D\u00e9u.\" tabindex=\"0\">\u00e0ngel<\/span> que fa de pont entre l&#8217;esfera celestial i la humana i que transmet coneixement mostra una clara continu\u00eftat amb les imatges m\u00e9s antigues de Gabriel en el judaisme i el cristianisme.<\/p><p>Aix\u00ed, Gabriel \u00e9s una de les poques figures que tenen un paper rellevant en les tres religions abrah\u00e0miques, i a totes elles la seva funci\u00f3 principal \u00e9s la mateixa: la transmissi\u00f3 de la revelaci\u00f3 divina als \u00e9ssers humans.<\/p><p>La <span class=\"iwg-fachbegriff\" data-tooltip=\"La ci\u00e8ncia que estudia les religions de manera comparativa i sense vinculaci\u00f3 confessional.\" tabindex=\"0\">ci\u00e8ncia de les religions<\/span> hi veu un exemple de com una figura es transmet m\u00e9s enll\u00e0 de les fronteres religioses i s&#8217;adapta a cada marc propi sense perdre el seu nucli. Figures relacionades dins de la doctrina ang\u00e8lica s\u00f3n, per exemple, <a href=\"https:\/\/iwell-guard.com\/ca\/?page_id=171439\">Miquel<\/a> i <a href=\"https:\/\/iwell-guard.com\/ca\/?page_id=171441\">Rafael<\/a>.<\/p>\t\t\t\t\t\t\t\t<\/div>\n\t\t\t\t<\/div>\n\t\t\t\t\t<\/div>\n\t\t\t\t<\/div>\n\t\t<div class=\"elementor-element elementor-element-f7ebf52 e-con-boxed e-flex e-con e-parent\" data-id=\"f7ebf52\" data-element_type=\"container\" data-e-type=\"container\">\n\t\t\t\t\t<div class=\"e-con-inner\">\n\t\t\t\t<div class=\"elementor-element elementor-element-a417413 elementor-widget elementor-widget-text-editor\" data-id=\"a417413\" data-element_type=\"widget\" data-e-type=\"widget\" data-widget_type=\"text-editor.default\">\n\t\t\t\t\t\t\t\t\t\n<h2>Preguntes freq\u00fcents sobre l&#8217;arc\u00e0ngel Gabriel<\/h2>\n<div class=\"iwg-faq-q\"><h3>Qui \u00e9s l&#8217;arc\u00e0ngel Gabriel?<\/h3><p>Gabriel (hebreu Gavri-el, \u00abheroi de D\u00e9u\u00bb o \u00abD\u00e9u \u00e9s la meva for\u00e7a\u00bb) \u00e9s l&#8217;arc\u00e0ngel missatger en les tres religions abrah\u00e0miques. Al llibre de Daniel interpreta visions, i a l&#8217;evangeli de Lluc anuncia a Maria el naixement de Jes\u00fas (Lc 1,26 i seg.).<\/p><p>En l&#8217;islam, Gabriel (\u00e0rab Dschibril) \u00e9s l&#8217;<span class=\"iwg-fachbegriff\" data-tooltip=\"En les religions abrah\u00e0miques, un \u00e9sser missatger celestial de D\u00e9u.\" tabindex=\"0\">\u00e0ngel<\/span> que revela l&#8217;Alcor\u00e0 al profeta Mahoma. La seva festivitat \u00e9s el 29 de setembre.<\/p><\/div>\n<div class=\"iwg-faq-q\"><h3>Qu\u00e8 representa l&#8217;arc\u00e0ngel Gabriel en l&#8217;<span class=\"iwg-fachbegriff\" data-tooltip=\"Terme gen\u00e8ric per a doctrines que reclamen un coneixement ocult, accessible nom\u00e9s als iniciats.\" tabindex=\"0\">esoterisme<\/span>?<\/h3><p>En l&#8217;<span class=\"iwg-fachbegriff\" data-tooltip=\"En les religions abrah\u00e0miques, un \u00e9sser missatger celestial de D\u00e9u.\" tabindex=\"0\">angel<\/span>&#8211;<span class=\"iwg-fachbegriff\" data-tooltip=\"Terme gen\u00e8ric per a doctrines que reclamen un coneixement ocult, accessible nom\u00e9s als iniciats.\" tabindex=\"0\">esoterisme<\/span> occidental, Gabriel \u00e9s considerat l&#8217;arc\u00e0ngel dels missatges, dels somnis, de la puresa i de la comunicaci\u00f3. S&#8217;associa amb l&#8217;element aigua, el color blanc o platejat, la lluna i la direcci\u00f3 oest. S\u00edmbols cl\u00e0ssics: el lliri blanc (lliri mari\u00e0 de l&#8217;escena de l&#8217;anunciaci\u00f3), la trompeta (per al Judici Final) i el llibre en forma de pergam\u00ed.<\/p><\/div>\n<script type=\"application\/ld+json\">{\"@context\":\"https:\/\/schema.org\",\"@type\":\"FAQPage\",\"mainEntity\":[{\"@type\":\"Question\",\"name\":\"Qui \u00e9s l'arc\u00e0ngel Gabriel?\",\"acceptedAnswer\":{\"@type\":\"Answer\",\"text\":\"Gabriel (hebreu Gavri-el, heroi de D\u00e9u o D\u00e9u \u00e9s la meva for\u00e7a) \u00e9s l'arc\u00e0ngel missatger en les tres religions abrah\u00e0miques. Al llibre de Daniel interpreta visions, i a l'evangeli de Lluc anuncia a Maria el naixement de Jes\u00fas (Lc 1,26 i seg.).En l'islam, Gabriel (\u00e0rab Dschibril) \u00e9s l'\u00e0ngel que revela l'Alcor\u00e0 al profeta Mahoma. La seva festivitat \u00e9s el 29 de setembre.\"}},{\"@type\":\"Question\",\"name\":\"Qu\u00e8 representa l'arc\u00e0ngel Gabriel en l'esoterisme?\",\"acceptedAnswer\":{\"@type\":\"Answer\",\"text\":\"En l'angel-esoterisme occidental, Gabriel \u00e9s considerat l'arc\u00e0ngel dels missatges, dels somnis, de la puresa i de la comunicaci\u00f3. S'associa amb l'element aigua, el color blanc o platejat, la lluna i la direcci\u00f3 oest. S\u00edmbols cl\u00e0ssics: el lliri blanc (lliri mari\u00e0 de l'escena de l'anunciaci\u00f3), la trompeta (per al Judici Final) i el llibre en forma de pergam\u00ed.\"}}]}<\/script>\t\t\t\t\t\t\t\t<\/div>\n\t\t\t\t\t<\/div>\n\t\t\t\t<\/div>\n\t\t\t\t<\/div>\n\t\t","protected":false},"excerpt":{"rendered":"","protected":false},"author":3,"featured_media":1621,"parent":0,"menu_order":0,"comment_status":"closed","ping_status":"closed","template":"elementor_header_footer","meta":{"_yoast_wpseo_focuskw":"Anunciaci\u00f3 de l'arc\u00e0ngel Gabriel","_yoast_wpseo_title":"Arc\u00e0ngel Gabriel \u2013 Missatger de D\u00e9u en tres tradicions","_yoast_wpseo_metadesc":"L'arc\u00e0ngel Gabriel porta missatges divins i claredat interior. Descobreixi el seu significat en la tradici\u00f3 esot\u00e8rica i la pr\u00e0ctica iWell Guard.","_yoast_wpseo_meta-robots-noindex":"","_yoast_wpseo_canonical":"","_angie_page":false,"gefaehrdungsstufe":"","wesen_kultur":"","wesen_klasse":"","footnotes":""},"categories":[],"class_list":["post-171440","page","type-page","status-publish","has-post-thumbnail","hentry"],"yoast_head":"<!-- This site is optimized with the Yoast SEO Premium plugin v27.7 (Yoast SEO v28.3) - https:\/\/yoast.com\/product\/yoast-seo-premium-wordpress\/ -->\n<title>Arc\u00e0ngel Gabriel \u2013 Missatger de D\u00e9u en tres tradicions<\/title>\n<meta name=\"description\" content=\"L&#039;arc\u00e0ngel Gabriel porta missatges divins i claredat interior. Descobreixi el seu significat en la tradici\u00f3 esot\u00e8rica i la pr\u00e0ctica iWell Guard.\" \/>\n<meta name=\"robots\" content=\"index, follow, max-snippet:-1, max-image-preview:large, max-video-preview:-1\" \/>\n<link rel=\"canonical\" href=\"https:\/\/iwell-guard.com\/ca\/arcangel-gabriel\/\" \/>\n<meta property=\"og:locale\" content=\"ca_ES\" \/>\n<meta property=\"og:type\" content=\"article\" \/>\n<meta property=\"og:title\" content=\"Arc\u00e0ngel Gabriel\" \/>\n<meta property=\"og:description\" content=\"L&#039;arc\u00e0ngel Gabriel porta missatges divins i claredat interior. Descobreixi el seu significat en la tradici\u00f3 esot\u00e8rica i la pr\u00e0ctica iWell Guard.\" \/>\n<meta property=\"og:url\" content=\"https:\/\/iwell-guard.com\/ca\/arcangel-gabriel\/\" \/>\n<meta property=\"og:site_name\" content=\"iWell Guard\" \/>\n<meta property=\"article:modified_time\" content=\"2026-09-05T15:57:47+00:00\" \/>\n<meta property=\"og:image\" content=\"https:\/\/iwell-guard.com\/wp-content\/uploads\/2026\/04\/lichtwesen_erzengel-gabriel.webp\" \/>\n\t<meta property=\"og:image:width\" content=\"1024\" \/>\n\t<meta property=\"og:image:height\" content=\"1536\" \/>\n\t<meta property=\"og:image:type\" content=\"image\/webp\" \/>\n<meta name=\"twitter:card\" content=\"summary_large_image\" \/>\n<script type=\"application\/ld+json\" class=\"yoast-schema-graph\">{\"@context\":\"https:\\\/\\\/schema.org\",\"@graph\":[{\"@type\":\"WebPage\",\"@id\":\"https:\\\/\\\/iwell-guard.com\\\/ca\\\/arcangel-gabriel\\\/\",\"url\":\"https:\\\/\\\/iwell-guard.com\\\/ca\\\/arcangel-gabriel\\\/\",\"name\":\"Arc\u00e0ngel Gabriel \u2013 Missatger de D\u00e9u en tres tradicions\",\"isPartOf\":{\"@id\":\"https:\\\/\\\/iwell-guard.com\\\/ca\\\/#website\"},\"primaryImageOfPage\":{\"@id\":\"https:\\\/\\\/iwell-guard.com\\\/ca\\\/arcangel-gabriel\\\/#primaryimage\"},\"image\":{\"@id\":\"https:\\\/\\\/iwell-guard.com\\\/ca\\\/arcangel-gabriel\\\/#primaryimage\"},\"thumbnailUrl\":\"https:\\\/\\\/iwell-guard.com\\\/wp-content\\\/uploads\\\/2026\\\/04\\\/lichtwesen_erzengel-gabriel.webp\",\"datePublished\":\"2026-09-05T15:39:23+00:00\",\"dateModified\":\"2026-09-05T15:57:47+00:00\",\"description\":\"L'arc\u00e0ngel Gabriel porta missatges divins i claredat interior. Descobreixi el seu significat en la tradici\u00f3 esot\u00e8rica i la pr\u00e0ctica iWell Guard.\",\"breadcrumb\":{\"@id\":\"https:\\\/\\\/iwell-guard.com\\\/ca\\\/arcangel-gabriel\\\/#breadcrumb\"},\"inLanguage\":\"ca\",\"potentialAction\":[{\"@type\":\"ReadAction\",\"target\":[\"https:\\\/\\\/iwell-guard.com\\\/ca\\\/arcangel-gabriel\\\/\"]}]},{\"@type\":\"ImageObject\",\"inLanguage\":\"ca\",\"@id\":\"https:\\\/\\\/iwell-guard.com\\\/ca\\\/arcangel-gabriel\\\/#primaryimage\",\"url\":\"https:\\\/\\\/iwell-guard.com\\\/wp-content\\\/uploads\\\/2026\\\/04\\\/lichtwesen_erzengel-gabriel.webp\",\"contentUrl\":\"https:\\\/\\\/iwell-guard.com\\\/wp-content\\\/uploads\\\/2026\\\/04\\\/lichtwesen_erzengel-gabriel.webp\",\"width\":1024,\"height\":1536,\"caption\":\"\u00c9sser de llum. Il\u00b7lustraci\u00f3 lluminosa.\"},{\"@type\":\"BreadcrumbList\",\"@id\":\"https:\\\/\\\/iwell-guard.com\\\/ca\\\/arcangel-gabriel\\\/#breadcrumb\",\"itemListElement\":[{\"@type\":\"ListItem\",\"position\":1,\"name\":\"Start\",\"item\":\"https:\\\/\\\/iwell-guard.com\\\/ca\\\/?page_id=171333\"},{\"@type\":\"ListItem\",\"position\":2,\"name\":\"Arc\u00e0ngel Gabriel\"}]},{\"@type\":\"WebSite\",\"@id\":\"https:\\\/\\\/iwell-guard.com\\\/ca\\\/#website\",\"url\":\"https:\\\/\\\/iwell-guard.com\\\/ca\\\/\",\"name\":\"iWell Guard\",\"description\":\"Schutz vor dunklen Einfl\u00fcssen\",\"publisher\":{\"@id\":\"https:\\\/\\\/iwell-guard.com\\\/ca\\\/#organization\"},\"potentialAction\":[{\"@type\":\"SearchAction\",\"target\":{\"@type\":\"EntryPoint\",\"urlTemplate\":\"https:\\\/\\\/iwell-guard.com\\\/ca\\\/?s={search_term_string}\"},\"query-input\":{\"@type\":\"PropertyValueSpecification\",\"valueRequired\":true,\"valueName\":\"search_term_string\"}}],\"inLanguage\":\"ca\"},{\"@type\":\"Organization\",\"@id\":\"https:\\\/\\\/iwell-guard.com\\\/ca\\\/#organization\",\"name\":\"Ittermann electronic GmbH\",\"url\":\"https:\\\/\\\/iwell-guard.com\\\/ca\\\/\",\"logo\":{\"@type\":\"ImageObject\",\"inLanguage\":\"ca\",\"@id\":\"https:\\\/\\\/iwell-guard.com\\\/ca\\\/#\\\/schema\\\/logo\\\/image\\\/\",\"url\":\"https:\\\/\\\/iwell-guard.com\\\/wp-content\\\/uploads\\\/2026\\\/05\\\/Ittermann-Logo-1182x237-1.png\",\"contentUrl\":\"https:\\\/\\\/iwell-guard.com\\\/wp-content\\\/uploads\\\/2026\\\/05\\\/Ittermann-Logo-1182x237-1.png\",\"width\":1182,\"height\":237,\"caption\":\"Ittermann electronic GmbH\"},\"image\":{\"@id\":\"https:\\\/\\\/iwell-guard.com\\\/ca\\\/#\\\/schema\\\/logo\\\/image\\\/\"},\"sameAs\":[\"https:\\\/\\\/pantip.com\\\/profile\\\/9367242\",\"https:\\\/\\\/micro.blog\\\/iwellguard\",\"https:\\\/\\\/www.diggerslist.com\\\/iwellguard\\\/about\",\"https:\\\/\\\/skitterphoto.com\\\/photographers\\\/2870314\\\/iwell-guard\",\"https:\\\/\\\/iwellguard.wordpress.com\\\/2026\\\/06\\\/06\\\/iwell-guard\\\/\",\"https:\\\/\\\/hub.docker.com\\\/u\\\/iwellguard\",\"https:\\\/\\\/www.pinterest.com\\\/iwellguard\\\/\",\"https:\\\/\\\/bit.ly\\\/m\\\/iwellguard\",\"https:\\\/\\\/entre-vos-mains.alsace.eu\\\/profiles\\\/iwellguard\\\/activity\",\"https:\\\/\\\/gravatar.com\\\/reallybeded8fd34\",\"https:\\\/\\\/naijamatta.com\\\/iwellguard\",\"https:\\\/\\\/www.goodreads.com\\\/iwellguard\",\"https:\\\/\\\/profile.hatena.ne.jp\\\/iwellguard\\\/\",\"https:\\\/\\\/experiment.com\\\/users\\\/iwellguard\",\"https:\\\/\\\/wakelet.com\\\/@iWellGuard82270\",\"https:\\\/\\\/www.chordie.com\\\/forum\\\/profile.php?id=2555664\",\"https:\\\/\\\/www.instapaper.com\\\/p\\\/17757966\",\"https:\\\/\\\/www.mapleprimes.com\\\/users\\\/iwellguard\",\"https:\\\/\\\/businesslistingplus.com\\\/profile\\\/iwell-guard\\\/\",\"https:\\\/\\\/telegra.ph\\\/iWell-Guard-06-06\",\"https:\\\/\\\/pbase.com\\\/iwellguard\\\/iwellguard\",\"https:\\\/\\\/b.hatena.ne.jp\\\/iwellguard\\\/20260607#bookmark-4788405196491818882\",\"https:\\\/\\\/fliphtml5.com\\\/home\\\/iwellguard\",\"https:\\\/\\\/anyflip.com\\\/homepage\\\/cmiwl#About\",\"https:\\\/\\\/transfur.com\\\/Users\\\/iwellguard\",\"http:\\\/\\\/delphi.larsbo.org\\\/user\\\/iwellguard\",\"https:\\\/\\\/jobs.lajobsportal.org\\\/profiles\\\/8380803-iwell-guard\",\"https:\\\/\\\/md.chaosdorf.de\\\/s\\\/jfbe5SBdJD\",\"https:\\\/\\\/www.lingvolive.com\\\/en-us\\\/profile\\\/9ecaeaca-ce11-4e51-9e71-01d55e2bff36\\\/translations\",\"https:\\\/\\\/www.fitday.com\\\/fitness\\\/forums\\\/members\\\/iwellguard.html\",\"https:\\\/\\\/www.mymeetbook.com\\\/iwellguard\",\"https:\\\/\\\/pxhere.com\\\/en\\\/photographer-me\\\/5040798\",\"https:\\\/\\\/disqus.com\\\/by\\\/iwellguard\\\/about\\\/\",\"https:\\\/\\\/pastelink.net\\\/hjwciqwq\",\"https:\\\/\\\/pubhtml5.com\\\/homepage\\\/scjhn\\\/\",\"https:\\\/\\\/www.bitchute.com\\\/channel\\\/2O2eOKzNqujT\",\"https:\\\/\\\/audiomack.com\\\/iwellguard\"]}]}<\/script>\n<!-- \/ Yoast SEO Premium plugin. -->","yoast_head_json":{"title":"Arc\u00e0ngel Gabriel \u2013 Missatger de D\u00e9u en tres tradicions","description":"L'arc\u00e0ngel Gabriel porta missatges divins i claredat interior. Descobreixi el seu significat en la tradici\u00f3 esot\u00e8rica i la pr\u00e0ctica iWell Guard.","robots":{"index":"index","follow":"follow","max-snippet":"max-snippet:-1","max-image-preview":"max-image-preview:large","max-video-preview":"max-video-preview:-1"},"canonical":"https:\/\/iwell-guard.com\/ca\/arcangel-gabriel\/","og_locale":"ca_ES","og_type":"article","og_title":"Arc\u00e0ngel Gabriel","og_description":"L'arc\u00e0ngel Gabriel porta missatges divins i claredat interior. Descobreixi el seu significat en la tradici\u00f3 esot\u00e8rica i la pr\u00e0ctica iWell Guard.","og_url":"https:\/\/iwell-guard.com\/ca\/arcangel-gabriel\/","og_site_name":"iWell Guard","article_modified_time":"2026-09-05T15:57:47+00:00","og_image":[{"width":1024,"height":1536,"url":"https:\/\/iwell-guard.com\/wp-content\/uploads\/2026\/04\/lichtwesen_erzengel-gabriel.webp","type":"image\/webp"}],"twitter_card":"summary_large_image","schema":{"@context":"https:\/\/schema.org","@graph":[{"@type":"WebPage","@id":"https:\/\/iwell-guard.com\/ca\/arcangel-gabriel\/","url":"https:\/\/iwell-guard.com\/ca\/arcangel-gabriel\/","name":"Arc\u00e0ngel Gabriel \u2013 Missatger de D\u00e9u en tres tradicions","isPartOf":{"@id":"https:\/\/iwell-guard.com\/ca\/#website"},"primaryImageOfPage":{"@id":"https:\/\/iwell-guard.com\/ca\/arcangel-gabriel\/#primaryimage"},"image":{"@id":"https:\/\/iwell-guard.com\/ca\/arcangel-gabriel\/#primaryimage"},"thumbnailUrl":"https:\/\/iwell-guard.com\/wp-content\/uploads\/2026\/04\/lichtwesen_erzengel-gabriel.webp","datePublished":"2026-09-05T15:39:23+00:00","dateModified":"2026-09-05T15:57:47+00:00","description":"L'arc\u00e0ngel Gabriel porta missatges divins i claredat interior. Descobreixi el seu significat en la tradici\u00f3 esot\u00e8rica i la pr\u00e0ctica iWell Guard.","breadcrumb":{"@id":"https:\/\/iwell-guard.com\/ca\/arcangel-gabriel\/#breadcrumb"},"inLanguage":"ca","potentialAction":[{"@type":"ReadAction","target":["https:\/\/iwell-guard.com\/ca\/arcangel-gabriel\/"]}]},{"@type":"ImageObject","inLanguage":"ca","@id":"https:\/\/iwell-guard.com\/ca\/arcangel-gabriel\/#primaryimage","url":"https:\/\/iwell-guard.com\/wp-content\/uploads\/2026\/04\/lichtwesen_erzengel-gabriel.webp","contentUrl":"https:\/\/iwell-guard.com\/wp-content\/uploads\/2026\/04\/lichtwesen_erzengel-gabriel.webp","width":1024,"height":1536,"caption":"\u00c9sser de llum. Il\u00b7lustraci\u00f3 lluminosa."},{"@type":"BreadcrumbList","@id":"https:\/\/iwell-guard.com\/ca\/arcangel-gabriel\/#breadcrumb","itemListElement":[{"@type":"ListItem","position":1,"name":"Start","item":"https:\/\/iwell-guard.com\/ca\/?page_id=171333"},{"@type":"ListItem","position":2,"name":"Arc\u00e0ngel Gabriel"}]},{"@type":"WebSite","@id":"https:\/\/iwell-guard.com\/ca\/#website","url":"https:\/\/iwell-guard.com\/ca\/","name":"iWell Guard","description":"Schutz vor dunklen Einfl\u00fcssen","publisher":{"@id":"https:\/\/iwell-guard.com\/ca\/#organization"},"potentialAction":[{"@type":"SearchAction","target":{"@type":"EntryPoint","urlTemplate":"https:\/\/iwell-guard.com\/ca\/?s={search_term_string}"},"query-input":{"@type":"PropertyValueSpecification","valueRequired":true,"valueName":"search_term_string"}}],"inLanguage":"ca"},{"@type":"Organization","@id":"https:\/\/iwell-guard.com\/ca\/#organization","name":"Ittermann electronic GmbH","url":"https:\/\/iwell-guard.com\/ca\/","logo":{"@type":"ImageObject","inLanguage":"ca","@id":"https:\/\/iwell-guard.com\/ca\/#\/schema\/logo\/image\/","url":"https:\/\/iwell-guard.com\/wp-content\/uploads\/2026\/05\/Ittermann-Logo-1182x237-1.png","contentUrl":"https:\/\/iwell-guard.com\/wp-content\/uploads\/2026\/05\/Ittermann-Logo-1182x237-1.png","width":1182,"height":237,"caption":"Ittermann electronic GmbH"},"image":{"@id":"https:\/\/iwell-guard.com\/ca\/#\/schema\/logo\/image\/"},"sameAs":["https:\/\/pantip.com\/profile\/9367242","https:\/\/micro.blog\/iwellguard","https:\/\/www.diggerslist.com\/iwellguard\/about","https:\/\/skitterphoto.com\/photographers\/2870314\/iwell-guard","https:\/\/iwellguard.wordpress.com\/2026\/06\/06\/iwell-guard\/","https:\/\/hub.docker.com\/u\/iwellguard","https:\/\/www.pinterest.com\/iwellguard\/","https:\/\/bit.ly\/m\/iwellguard","https:\/\/entre-vos-mains.alsace.eu\/profiles\/iwellguard\/activity","https:\/\/gravatar.com\/reallybeded8fd34","https:\/\/naijamatta.com\/iwellguard","https:\/\/www.goodreads.com\/iwellguard","https:\/\/profile.hatena.ne.jp\/iwellguard\/","https:\/\/experiment.com\/users\/iwellguard","https:\/\/wakelet.com\/@iWellGuard82270","https:\/\/www.chordie.com\/forum\/profile.php?id=2555664","https:\/\/www.instapaper.com\/p\/17757966","https:\/\/www.mapleprimes.com\/users\/iwellguard","https:\/\/businesslistingplus.com\/profile\/iwell-guard\/","https:\/\/telegra.ph\/iWell-Guard-06-06","https:\/\/pbase.com\/iwellguard\/iwellguard","https:\/\/b.hatena.ne.jp\/iwellguard\/20260607#bookmark-4788405196491818882","https:\/\/fliphtml5.com\/home\/iwellguard","https:\/\/anyflip.com\/homepage\/cmiwl#About","https:\/\/transfur.com\/Users\/iwellguard","http:\/\/delphi.larsbo.org\/user\/iwellguard","https:\/\/jobs.lajobsportal.org\/profiles\/8380803-iwell-guard","https:\/\/md.chaosdorf.de\/s\/jfbe5SBdJD","https:\/\/www.lingvolive.com\/en-us\/profile\/9ecaeaca-ce11-4e51-9e71-01d55e2bff36\/translations","https:\/\/www.fitday.com\/fitness\/forums\/members\/iwellguard.html","https:\/\/www.mymeetbook.com\/iwellguard","https:\/\/pxhere.com\/en\/photographer-me\/5040798","https:\/\/disqus.com\/by\/iwellguard\/about\/","https:\/\/pastelink.net\/hjwciqwq","https:\/\/pubhtml5.com\/homepage\/scjhn\/","https:\/\/www.bitchute.com\/channel\/2O2eOKzNqujT","https:\/\/audiomack.com\/iwellguard"]}]}},"_links":{"self":[{"href":"https:\/\/iwell-guard.com\/ca\/wp-json\/wp\/v2\/pages\/171440","targetHints":{"allow":["GET"]}}],"collection":[{"href":"https:\/\/iwell-guard.com\/ca\/wp-json\/wp\/v2\/pages"}],"about":[{"href":"https:\/\/iwell-guard.com\/ca\/wp-json\/wp\/v2\/types\/page"}],"author":[{"embeddable":true,"href":"https:\/\/iwell-guard.com\/ca\/wp-json\/wp\/v2\/users\/3"}],"replies":[{"embeddable":true,"href":"https:\/\/iwell-guard.com\/ca\/wp-json\/wp\/v2\/comments?post=171440"}],"version-history":[{"count":0,"href":"https:\/\/iwell-guard.com\/ca\/wp-json\/wp\/v2\/pages\/171440\/revisions"}],"wp:featuredmedia":[{"embeddable":true,"href":"https:\/\/iwell-guard.com\/ca\/wp-json\/wp\/v2\/media\/1621"}],"wp:attachment":[{"href":"https:\/\/iwell-guard.com\/ca\/wp-json\/wp\/v2\/media?parent=171440"}],"wp:term":[{"taxonomy":"category","embeddable":true,"href":"https:\/\/iwell-guard.com\/ca\/wp-json\/wp\/v2\/categories?post=171440"}],"curies":[{"name":"wp","href":"https:\/\/api.w.org\/{rel}","templated":true}]}}