{"id":171439,"date":"2026-09-05T15:39:23","date_gmt":"2026-09-05T15:39:23","guid":{"rendered":"https:\/\/iwell-guard.com\/?page_id=171439"},"modified":"2026-09-05T15:57:44","modified_gmt":"2026-09-05T15:57:44","slug":"arcangel-miquel","status":"publish","type":"page","link":"https:\/\/iwell-guard.com\/ca\/arcangel-miquel\/","title":{"rendered":"Arc\u00e0ngel Miquel"},"content":{"rendered":"\t\t<div data-elementor-type=\"wp-page\" data-elementor-id=\"171439\" class=\"elementor elementor-171439 elementor-1800 elementor-bc-flex-widget\" data-elementor-post-type=\"page\">\n\t\t\t\t<div class=\"elementor-element elementor-element-10fdade e-flex e-con-boxed e-con e-parent\" data-id=\"10fdade\" data-element_type=\"container\" data-e-type=\"container\" data-settings=\"{&quot;background_background&quot;:&quot;classic&quot;}\">\n\t\t\t\t\t<div class=\"e-con-inner\">\n\t\t<div class=\"elementor-element elementor-element-herohlft0 e-flex e-con-boxed e-con e-child\" data-id=\"herohlft0\" data-element_type=\"container\" data-e-type=\"container\">\n\t\t\t\t\t<div class=\"e-con-inner\">\n\t\t<div class=\"elementor-element elementor-element-c3ceb64 e-con-full e-flex e-con e-child\" data-id=\"c3ceb64\" data-element_type=\"container\" data-e-type=\"container\">\n\t\t\t\t<div class=\"elementor-element elementor-element-96ae5e1 elementor-widget elementor-widget-heading\" data-id=\"96ae5e1\" data-element_type=\"widget\" data-e-type=\"widget\" data-widget_type=\"heading.default\">\n\t\t\t\t\t<h1 class=\"elementor-heading-title elementor-size-default\">Arc\u00e0ngel Miquel, \u00e9sser de llum<\/h1>\t\t\t\t<\/div>\n\t\t\t\t<div class=\"elementor-element elementor-element-e45238a elementor-widget elementor-widget-text-editor\" data-id=\"e45238a\" data-element_type=\"widget\" data-e-type=\"widget\" data-widget_type=\"text-editor.default\">\n\t\t\t\t\t\t\t\t\t<p>L\u00edder de les mil\u00edcies celestials en la tradici\u00f3 judeocristiana i isl\u00e0mica. Sant patr\u00f3 protector, vencedor del drac, acompanyant dels moribunds.<\/p><p>Aquesta p\u00e0gina situa l&#8217;arc\u00e0ngel Miquel com a concepte d&#8217;\u00e9sser de llum.<\/p>\t\t\t\t\t\t\t\t<\/div>\n\t\t\t\t<\/div>\n\t\t<div class=\"elementor-element elementor-element-klsbdg01 e-con-full e-flex e-con e-parent\" data-id=\"klsbdg01\" data-element_type=\"container\" data-e-type=\"container\">\n\t\t\t\t<div class=\"elementor-element elementor-element-klshtm01 elementor-widget elementor-widget-html\" data-id=\"klshtm01\" data-element_type=\"widget\" data-e-type=\"widget\" data-widget_type=\"html.default\">\n\t\t\t\t\t<div class=\"iwg-pill-row\"><span class=\"iwg-klasse-badge\" tabindex=\"0\" data-tooltip=\"\u00c9ssers de llum: \u00e9ssers il\u00b7luminats, protectors o instructors, arc\u00e0ngels, mestres ascendits, \u00e9ssers lluminosos de la natura. Descrits en tradicions espirituals modernes i antigues com a ajudants i mestres.\">\u00c9sser de llum<\/span><a href=\"https:\/\/iwell-guard.com\/ca\/judaisme\/\" class=\"iwg-kultur-badge\" tabindex=\"0\" data-tooltip=\"Tradici\u00f3 de fe jueva des del Tanakh fins a la C\u00e0bala i la m\u00edstica moderna.\">Judaisme<\/a><span class=\"iwg-tradition-badge\" tabindex=\"0\" data-tooltip=\"Arc\u00e0ngel, la classe m\u00e9s alta d'\u00e0ngels en la tradici\u00f3 jueva, cristiana i isl\u00e0mica.\">Arc\u00e0ngel<\/span><\/div>\t\t\t\t<\/div>\n\t\t\t\t<\/div>\n\t\t<div class=\"elementor-element elementor-element-3f74855 e-con-full e-flex e-con e-child\" data-id=\"3f74855\" data-element_type=\"container\" data-e-type=\"container\">\n\t\t\t\t<div class=\"elementor-element elementor-element-1c30362 elementor-toc--minimized-on-tablet elementor-widget elementor-widget-table-of-contents\" data-id=\"1c30362\" data-element_type=\"widget\" data-e-type=\"widget\" data-settings=\"{&quot;exclude_headings_by_selector&quot;:[],&quot;no_headings_message&quot;:&quot;No s&#039;ha trobat cap encap\\u00e7alament en aquesta p\\u00e0gina.&quot;,&quot;headings_by_tags&quot;:[&quot;h2&quot;,&quot;h3&quot;],&quot;marker_view&quot;:&quot;bullets&quot;,&quot;minimize_box&quot;:&quot;yes&quot;,&quot;icon&quot;:{&quot;value&quot;:&quot;fas fa-circle&quot;,&quot;library&quot;:&quot;fa-solid&quot;,&quot;rendered_tag&quot;:&quot;&lt;svg class=\\&quot;e-font-icon-svg e-fas-circle\\&quot; viewBox=\\&quot;0 0 512 512\\&quot; xmlns=\\&quot;http:\\\/\\\/www.w3.org\\\/2000\\\/svg\\&quot;&gt;&lt;path d=\\&quot;M256 8C119 8 8 119 8 256s111 248 248 248 248-111 248-248S393 8 256 8z\\&quot;&gt;&lt;\\\/path&gt;&lt;\\\/svg&gt;&quot;},&quot;minimized_on&quot;:&quot;tablet&quot;,&quot;hierarchical_view&quot;:&quot;yes&quot;,&quot;min_height&quot;:{&quot;unit&quot;:&quot;px&quot;,&quot;size&quot;:&quot;&quot;,&quot;sizes&quot;:[]},&quot;min_height_tablet&quot;:{&quot;unit&quot;:&quot;px&quot;,&quot;size&quot;:&quot;&quot;,&quot;sizes&quot;:[]},&quot;min_height_mobile&quot;:{&quot;unit&quot;:&quot;px&quot;,&quot;size&quot;:&quot;&quot;,&quot;sizes&quot;:[]}}\" data-widget_type=\"table-of-contents.default\">\n\t\t\t\t\t\t\t\t\t<div class=\"elementor-toc__header\">\n\t\t\t\t\t\t<h2 class=\"elementor-toc__header-title\">\n\t\t\t\t\u00cdndex\t\t\t<\/h2>\n\t\t\t\t\t\t\t\t\t\t<div class=\"elementor-toc__toggle-button elementor-toc__toggle-button--expand\" role=\"button\" tabindex=\"0\" aria-controls=\"elementor-toc__1c30362\" aria-expanded=\"true\" aria-label=\"Open table of contents\"><svg aria-hidden=\"true\" class=\"e-font-icon-svg e-fas-chevron-down\" viewBox=\"0 0 448 512\" xmlns=\"http:\/\/www.w3.org\/2000\/svg\"><path d=\"M207.029 381.476L12.686 187.132c-9.373-9.373-9.373-24.569 0-33.941l22.667-22.667c9.357-9.357 24.522-9.375 33.901-.04L224 284.505l154.745-154.021c9.379-9.335 24.544-9.317 33.901.04l22.667 22.667c9.373 9.373 9.373 24.569 0 33.941L240.971 381.476c-9.373 9.372-24.569 9.372-33.942 0z\"><\/path><\/svg><\/div>\n\t\t\t\t<div class=\"elementor-toc__toggle-button elementor-toc__toggle-button--collapse\" role=\"button\" tabindex=\"0\" aria-controls=\"elementor-toc__1c30362\" aria-expanded=\"true\" aria-label=\"Close table of contents\"><svg aria-hidden=\"true\" class=\"e-font-icon-svg e-fas-chevron-up\" viewBox=\"0 0 448 512\" xmlns=\"http:\/\/www.w3.org\/2000\/svg\"><path d=\"M240.971 130.524l194.343 194.343c9.373 9.373 9.373 24.569 0 33.941l-22.667 22.667c-9.357 9.357-24.522 9.375-33.901.04L224 227.495 69.255 381.516c-9.379 9.335-24.544 9.317-33.901-.04l-22.667-22.667c-9.373-9.373-9.373-24.569 0-33.941L207.03 130.525c9.372-9.373 24.568-9.373 33.941-.001z\"><\/path><\/svg><\/div>\n\t\t\t\t\t<\/div>\n\t\t\t\t<div id=\"elementor-toc__1c30362\" class=\"elementor-toc__body\">\n\t\t\t<div class=\"elementor-toc__spinner-container\">\n\t\t\t\t<svg class=\"elementor-toc__spinner eicon-animation-spin e-font-icon-svg e-eicon-loading\" aria-hidden=\"true\" viewBox=\"0 0 1000 1000\" xmlns=\"http:\/\/www.w3.org\/2000\/svg\"><path d=\"M500 975V858C696 858 858 696 858 500S696 142 500 142 142 304 142 500H25C25 237 238 25 500 25S975 237 975 500 763 975 500 975Z\"><\/path><\/svg>\t\t\t<\/div>\n\t\t<\/div>\n\t\t\t\t\t\t<\/div>\n\t\t\t\t<\/div>\n\t\t\t\t\t<\/div>\n\t\t\t\t<\/div>\n\t\t<div class=\"elementor-element elementor-element-herorght0 e-con-full e-flex e-con e-child\" data-id=\"herorght0\" data-element_type=\"container\" data-e-type=\"container\">\n\t\t\t\t<div class=\"elementor-element elementor-element-heroimg00 iwg-hero-image elementor-widget elementor-widget-image\" data-id=\"heroimg00\" data-element_type=\"widget\" data-e-type=\"widget\" data-widget_type=\"image.default\">\n\t\t\t\t\t\t\t\t\t\t\t\t\t\t\t<img fetchpriority=\"high\" decoding=\"async\" width=\"683\" height=\"1024\" src=\"https:\/\/iwell-guard.com\/wp-content\/uploads\/2026\/04\/lichtwesen_erzengel-michael-683x1024.webp\" class=\"attachment-large size-large wp-image-1622\" alt=\"Arc\u00e0ngel Miquel\" srcset=\"https:\/\/iwell-guard.com\/wp-content\/uploads\/2026\/04\/lichtwesen_erzengel-michael-683x1024.webp 683w, https:\/\/iwell-guard.com\/wp-content\/uploads\/2026\/04\/lichtwesen_erzengel-michael-200x300.webp 200w, https:\/\/iwell-guard.com\/wp-content\/uploads\/2026\/04\/lichtwesen_erzengel-michael-768x1152.webp 768w, https:\/\/iwell-guard.com\/wp-content\/uploads\/2026\/04\/lichtwesen_erzengel-michael.webp 1024w\" sizes=\"(max-width: 683px) 100vw, 683px\" \/>\t\t\t\t\t\t\t\t\t\t\t\t\t\t\t<\/div>\n\t\t\t\t<\/div>\n\t\t\t\t\t<\/div>\n\t\t\t\t<\/div>\n\t\t<div class=\"elementor-element elementor-element-wmd-s1 e-con-boxed e-flex e-con e-parent\" data-id=\"wmd-s1\" data-element_type=\"container\" data-e-type=\"container\">\n\t\t\t\t\t<div class=\"e-con-inner\">\n\t\t\t\t<div class=\"elementor-element elementor-element-wmd-h1 elementor-widget elementor-widget-heading\" data-id=\"wmd-h1\" data-element_type=\"widget\" data-e-type=\"widget\" data-widget_type=\"heading.default\">\n\t\t\t\t\t<h2 class=\"elementor-heading-title elementor-size-default\">Resum r\u00e0pid: Arc\u00e0ngel Miquel<\/h2>\t\t\t\t<\/div>\n\t\t<div class=\"elementor-element elementor-element-wmd-s1-bw e-flex e-con-boxed e-con e-parent\" data-id=\"wmd-s1-bw\" data-element_type=\"container\" data-e-type=\"container\" data-settings=\"{&quot;background_background&quot;:&quot;classic&quot;}\">\n\t\t\t\t\t<div class=\"e-con-inner\">\n\t\t\t\t<div class=\"elementor-element elementor-element-wmd-t1 elementor-widget elementor-widget-text-editor\" data-id=\"wmd-t1\" data-element_type=\"widget\" data-e-type=\"widget\" data-widget_type=\"text-editor.default\">\n\t\t\t\t\t\t\t\t\t<p><strong>Tipus:<\/strong> Arc\u00e0ngel, cap militar, portador de l&#8217;espasa Tradici\u00f3: Judaisme (<span class=\"iwg-fachbegriff\" data-tooltip=\"Obra principal del judaisme rab\u00ednic amb la interpretaci\u00f3 de la tradici\u00f3 religiosa.\" tabindex=\"0\">Talmud<\/span>, <span class=\"iwg-fachbegriff\" data-tooltip=\"Corrent de la m\u00edstica jueva amb obres principals com el Sefer Ietsir\u00e0 i el Zohar.\" tabindex=\"0\">C\u00e0bala<\/span>), Cristianisme (Nou Testament, angeologia), Islam (Alcor\u00e0) Funci\u00f3: protecci\u00f3, defensa contra el mal, imposici\u00f3 de la just\u00edcia divina Atributs\/s\u00edmbols principals: flama blava, espasa de foc, armadura, ales de la vict\u00f2ria Difusi\u00f3: arreu del m\u00f3n en tradicions religioses i esot\u00e8riques, sant patr\u00f3 de molts pa\u00efsos<\/p>\t\t\t\t\t\t\t\t<\/div>\n\t\t\t\t\t<\/div>\n\t\t\t\t<\/div>\n\t\t\t\t\t<\/div>\n\t\t\t\t<\/div>\n\t\t<div class=\"elementor-element elementor-element-wmd-s2 e-con-boxed e-flex e-con e-parent\" data-id=\"wmd-s2\" data-element_type=\"container\" data-e-type=\"container\">\n\t\t\t\t\t<div class=\"e-con-inner\">\n\t\t\t\t<div class=\"elementor-element elementor-element-wmd-h2 elementor-widget elementor-widget-heading\" data-id=\"wmd-h2\" data-element_type=\"widget\" data-e-type=\"widget\" data-widget_type=\"heading.default\">\n\t\t\t\t\t<h2 class=\"elementor-heading-title elementor-size-default\">Introducci\u00f3<\/h2>\t\t\t\t<\/div>\n\t\t<div class=\"elementor-element elementor-element-wmd-s2-bw e-flex e-con-boxed e-con e-parent\" data-id=\"wmd-s2-bw\" data-element_type=\"container\" data-e-type=\"container\" data-settings=\"{&quot;background_background&quot;:&quot;classic&quot;}\">\n\t\t\t\t\t<div class=\"e-con-inner\">\n\t\t\t\t<div class=\"elementor-element elementor-element-wmd-t2 elementor-widget elementor-widget-text-editor\" data-id=\"wmd-t2\" data-element_type=\"widget\" data-e-type=\"widget\" data-widget_type=\"text-editor.default\">\n\t\t\t\t\t\t\t\t\t<h3>Tradici\u00f3<\/h3><p>L&#8217;arc\u00e0ngel Miquel apareix a Daniel 10 i 12 de l&#8217;Antic Testament com a defensor del poble d&#8217;Israel. Al llibre d&#8217;Henoc \u00e9s anomenat un dels quatre arc\u00e0ngels superiors. El cristianisme el va venerar com a cap de les hosts contra Satan\u00e0s (Apocalipsi 12,7-9).<\/p><p>A la <span class=\"iwg-fachbegriff\" data-tooltip=\"Corrent de la m\u00edstica jueva amb obres principals com el Sefer Ietsir\u00e0 i el Zohar.\" tabindex=\"0\">C\u00e0bala<\/span>, Miquel \u00e9s un dels arc\u00e0ngels de la Sefir\u00e0 Khokhm\u00e0 (Saviesa) o Guevur\u00e0 (For\u00e7a), segons el sistema. La tradici\u00f3 isl\u00e0mica el coneix com a Mikail, patr\u00f3 protector i portador de salvaci\u00f3. L&#8217;angelologia occidental va integrar Miquel com a protector davant el mal i les forces malignes, com a encarnaci\u00f3 de la voluntat divina d&#8217;ordre.<\/p><h3>Estat de les fonts<\/h3><p>Els textos b\u00edblics s\u00f3n les fonts m\u00e9s antigues (llibres veterotestamentaris de Daniel, ap\u00f2crifs d&#8217;Henoc, Nou Testament). Els escrits talm\u00fadics i cabal\u00edstics aprofundeixen el seu paper (Zohar, Sefer Hekhalot, m\u00edstica de la <span class=\"iwg-fachbegriff\" data-tooltip=\"Corrent religi\u00f3s centrat en l'experi\u00e8ncia directa de D\u00e9u.\" tabindex=\"0\">Merkab\u00e0<\/span>). Les esgl\u00e9sies cristianes van consagrar a Miquel nombrosos santuaris (Mont Saint-Michel, esgl\u00e9sies de Sant Miquel arreu d&#8217;Europa). La literatura esot\u00e8rica moderna, la teosofia i els moviments de nova espiritualitat han secularitzat i psicologitzat la veneraci\u00f3 de Miquel, per\u00f2 mantenen de manera consistent la seva funci\u00f3 protectora i la seva for\u00e7a.<\/p><div><h3>Fonts b\u00edbliques i ap\u00f2crifes<\/h3><p>L&#8217;arc\u00e0ngel Miquel \u00e9s l&#8217;\u00fanica figura ang\u00e8lica que apareix amb nom propi al Tanakh hebreu. Apareix al llibre de Daniel en tres passatges (Daniel 10,13.21 i 12,1) com <em>un dels primers pr\u00ednceps<\/em>, que ajuda el poble d&#8217;Israel contra els pr\u00ednceps <span class=\"iwg-fachbegriff\" data-tooltip=\"En les religions abra\u00e0miques, un \u00e9sser missatger celestial de D\u00e9u.\" tabindex=\"0\">\u00e0ngels<\/span> perses i grecs.<\/p><p>En la literatura ap\u00f2crifa intertestament\u00e0ria (Primer llibre d&#8217;Henoc, Testament dels dotze patriarques, Segon llibre d&#8217;Henoc), Miquel esdev\u00e9 el cap dels quatre o set arc\u00e0ngels.<\/p><p>Al Nou Testament apareix a l&#8217;Ep\u00edstola de Judes 9 com a contendent contra Satan\u00e0s pel cos de Mois\u00e8s, i a l&#8217;Apocalipsi 12,7 com a cap de les hosts celestials en el combat contra el drac, la capa iconogr\u00e0fica central de la tradici\u00f3 posterior.<\/p><h3>Tradici\u00f3 lit\u00fargica i iconogr\u00e0fica<\/h3><p>La festa de Sant Miquel, el 29 de setembre, es remunta a la <span class=\"iwg-fachbegriff\" data-tooltip=\"Acte ritual pel qual un objecte, lloc o persona es lliura a l'\u00e0mbit religi\u00f3s.\" tabindex=\"0\">consagraci\u00f3<\/span> d&#8217;una bas\u00edlica dedicada a ell a la Via Salaria de Roma al segle V, i des d&#8217;aleshores forma part fixa del calendari de sants de l&#8217;Esgl\u00e9sia cat\u00f2lica, ortodoxa i, en part, anglicana.<\/p><p>El santuari altmedieval del Mont-Saint-Michel a Normandia i la gruta del sud d&#8217;It\u00e0lia dedicada a Sant Miquel al Monte Sant&#8217;Angelo, a la Pulla, s\u00f3n els llocs de pelegrinatge occidentals m\u00e9s antics. Els santuaris de Sant Miquel es troben alineats entre Skellig Michael a Irlanda, el Mont-Saint-Michel, la Sacra di San Michele al Piemont i el Monte Sant&#8217;Angelo fins a la muntanya del Carmel i Stella Maris. Formen una coneguda ley-line del pelegrinatge mari\u00e0 i ang\u00e8lic europeu.<\/p><\/div>\t\t\t\t\t\t\t\t<\/div>\n\t\t\t\t\t<\/div>\n\t\t\t\t<\/div>\n\t\t\t\t\t<\/div>\n\t\t\t\t<\/div>\n\t\t<div class=\"elementor-element elementor-element-wmd-s3 e-con-boxed e-flex e-con e-parent\" data-id=\"wmd-s3\" data-element_type=\"container\" data-e-type=\"container\">\n\t\t\t\t\t<div class=\"e-con-inner\">\n\t\t\t\t<div class=\"elementor-element elementor-element-wmd-h3 elementor-widget elementor-widget-heading\" data-id=\"wmd-h3\" data-element_type=\"widget\" data-e-type=\"widget\" data-widget_type=\"heading.default\">\n\t\t\t\t\t<h2 class=\"elementor-heading-title elementor-size-default\">Aparen\u00e7a i s\u00edmbols<\/h2>\t\t\t\t<\/div>\n\t\t<div class=\"elementor-element elementor-element-wmd-s3-bw e-flex e-con-boxed e-con e-parent\" data-id=\"wmd-s3-bw\" data-element_type=\"container\" data-e-type=\"container\" data-settings=\"{&quot;background_background&quot;:&quot;classic&quot;}\">\n\t\t\t\t\t<div class=\"e-con-inner\">\n\t\t\t\t<div class=\"elementor-element elementor-element-wmd-t3 elementor-widget elementor-widget-text-editor\" data-id=\"wmd-t3\" data-element_type=\"widget\" data-e-type=\"widget\" data-widget_type=\"text-editor.default\">\n\t\t\t\t\t\t\t\t\t<p>Miquel es representa de manera constant com un \u00e9sser de llum fort i andr\u00f2gin, amb armadura o amb un vestit fluid de tela de llum. El seu color \u00e9s el blau el\u00e8ctric o el blau safir profund, de vegades entreteixit amb blanc. Porta una espasa flamejant o una espasa de llum, de vegades amb un escut amb el nom de D\u00e9u (<em>YHWH<\/em> o sigles modernes).<\/p><p>Ales d&#8217;energia lluminosa li broten de les espatlles. De vegades se&#8217;l representa amb un peu sobre Satan\u00e0s o un \u00e9sser demon\u00edac, la submissi\u00f3 del mal a l&#8217;ordre c\u00f2smic. A nivell energ\u00e8tic, Miquel s&#8217;experimenta com una flama blava intensa i penetrant que purifica i fa transparent.<\/p>\t\t\t\t\t\t\t\t<\/div>\n\t\t\t\t\t<\/div>\n\t\t\t\t<\/div>\n\t\t\t\t\t<\/div>\n\t\t\t\t<\/div>\n\t\t<div class=\"elementor-element elementor-element-wmd-s4 e-con-boxed e-flex e-con e-parent\" data-id=\"wmd-s4\" data-element_type=\"container\" data-e-type=\"container\">\n\t\t\t\t\t<div class=\"e-con-inner\">\n\t\t\t\t<div class=\"elementor-element elementor-element-wmd-h4 elementor-widget elementor-widget-heading\" data-id=\"wmd-h4\" data-element_type=\"widget\" data-e-type=\"widget\" data-widget_type=\"heading.default\">\n\t\t\t\t\t<h2 class=\"elementor-heading-title elementor-size-default\">Funci\u00f3 i significat<\/h2>\t\t\t\t<\/div>\n\t\t<div class=\"elementor-element elementor-element-wmd-s4-bw e-flex e-con-boxed e-con e-parent\" data-id=\"wmd-s4-bw\" data-element_type=\"container\" data-e-type=\"container\" data-settings=\"{&quot;background_background&quot;:&quot;classic&quot;}\">\n\t\t\t\t\t<div class=\"e-con-inner\">\n\t\t\t\t<div class=\"elementor-element elementor-element-wmd-t4 elementor-widget elementor-widget-text-editor\" data-id=\"wmd-t4\" data-element_type=\"widget\" data-e-type=\"widget\" data-widget_type=\"text-editor.default\">\n\t\t\t\t\t\t\t\t\t<p>Miquel \u00e9s el protector contra tot all\u00f2 que contradiu l&#8217;ordre div\u00ed. No \u00e9s passiu, sin\u00f3 actiu i defensiu: lliura combats per preservar la humanitat. En les interpretacions psicol\u00f2giques simbolitza la for\u00e7a de voluntat, el coratge i la capacitat de posar l\u00edmits.<\/p><p>Encarna el principi segons el qual la negativitat no s&#8217;ha d&#8217;acceptar simplement, sin\u00f3 que pot i ha de ser transformada activament. La seva energia blava s&#8217;utilitza per identificar i segellar els punts febles del camp protector. Miquel mostra que la llum \u00e9s suau i, alhora, for\u00e7a i estructura.<\/p><div><h3>Hist\u00f2ria comparada de les religions<\/h3><p>Miquel s&#8217;inscriu funcionalment en una l\u00ednia m\u00e9s \u00e0mplia d&#8217;<span class=\"iwg-fachbegriff\" data-tooltip=\"En les religions abra\u00e0miques, un \u00e9sser missatger celestial de D\u00e9u.\" tabindex=\"0\">\u00e0ngels<\/span> guerrers protectors i vencedors de dracs. Estructuralment hi s\u00f3n emparentats l&#8217;Horus egipci amb la llan\u00e7a, l&#8217;Apol\u00b7lo grec en la lluita contra Pit\u00f3, el Mitra persa en la lluita contra el toro, la tradici\u00f3 n\u00f2rdica de Tor contra la serp de Midgard i Vishvakarman en la tradici\u00f3 v\u00e8dica.<\/p><p>La recerca en hist\u00f2ria de les religions (Hans Schwarzenbach, Frederic Manns) interpreta la capa de la lluita contra el drac en la tradici\u00f3 de Miquel com una adopci\u00f3 del <span class=\"iwg-fachbegriff\" data-tooltip=\"Un relat transm\u00e8s sobre d\u00e9us, or\u00edgens i l'ordre del m\u00f3n.\" tabindex=\"0\">mite<\/span> del combat de l&#8217;antic Orient (Marduk contra Tiamat, Baal contra Yam), que va arribar a la doctrina angelol\u00f2gica cristiana a trav\u00e9s de l&#8217;apocal\u00edptica jueva.<\/p><p>En el <span class=\"iwg-fachbegriff\" data-tooltip=\"Una s\u00edl\u00b7laba o f\u00f3rmula sagrada que es repeteix en l'hinduisme i el budisme.\" tabindex=\"0\">mantra<\/span> protector de la tradici\u00f3 iWell Guard, Miquel hi \u00e9s impl\u00edcitament present perqu\u00e8 la creu de llum i la tetraktys dels arc\u00e0ngels estructuren el camp protector; s&#8217;hi invoca expl\u00edcitament en els rituals cl\u00e0ssics de banishing de la tradici\u00f3 de l&#8217;Alba Daurada, com a guardi\u00e0 de la direcci\u00f3 sud.<\/p><\/div>\t\t\t\t\t\t\t\t<\/div>\n\t\t\t\t\t<\/div>\n\t\t\t\t<\/div>\n\t\t\t\t\t<\/div>\n\t\t\t\t<\/div>\n\t\t<div class=\"elementor-element elementor-element-wmd-s5 e-con-boxed e-flex e-con e-parent\" data-id=\"wmd-s5\" data-element_type=\"container\" data-e-type=\"container\">\n\t\t\t\t\t<div class=\"e-con-inner\">\n\t\t\t\t<div class=\"elementor-element elementor-element-wmd-h5 elementor-widget elementor-widget-heading\" data-id=\"wmd-h5\" data-element_type=\"widget\" data-e-type=\"widget\" data-widget_type=\"heading.default\">\n\t\t\t\t\t<h2 class=\"elementor-heading-title elementor-size-default\">Pr\u00e0ctica \/ invocaci\u00f3 \/ significat en el context d'iWell Guard<\/h2>\t\t\t\t<\/div>\n\t\t<div class=\"elementor-element elementor-element-wmd-s5-bw e-flex e-con-boxed e-con e-parent\" data-id=\"wmd-s5-bw\" data-element_type=\"container\" data-e-type=\"container\" data-settings=\"{&quot;background_background&quot;:&quot;classic&quot;}\">\n\t\t\t\t\t<div class=\"e-con-inner\">\n\t\t\t\t<div class=\"elementor-element elementor-element-wmd-t5 elementor-widget elementor-widget-text-editor\" data-id=\"wmd-t5\" data-element_type=\"widget\" data-e-type=\"widget\" data-widget_type=\"text-editor.default\">\n\t\t\t\t\t\t\t\t\t<p>En iWell Guard, Miquel s&#8217;invoca com el protector actiu del camp protector. Es visualitza la seva flama blava per repel\u00b7lir influ\u00e8ncies negatives, netejar adher\u00e8ncies ps\u00edquiques i enfortir la voluntat. Una pr\u00e0ctica habitual consisteix a encendre una espelma blava i convidar mentalment la for\u00e7a de Miquel.<\/p><p>La seva espasa s&#8217;ent\u00e9n com una eina per eliminar la \u00abbrut\u00edcia\u00bb energ\u00e8tica. Miquel \u00e9s el protector que diu: \u00abFins aqu\u00ed i no m\u00e9s enll\u00e0.\u00bb La seva for\u00e7a \u00e9s imprescindible per a iWell Guard com el principi actiu i defensiu al costat dels altres \u00e9ssers de llum, i com a mediaci\u00f3 entre el cel i la voluntat humana.<\/p><div><h3><span class=\"iwg-fachbegriff\" data-tooltip=\"L'acte de dirigir-se a una divinitat o poder amb s\u00faplica o invocaci\u00f3.\" tabindex=\"0\">Invocaci\u00f3<\/span> i pr\u00e0ctica protectora<\/h3><p>La tradici\u00f3 cat\u00f2lica coneix l&#8217;<em><span class=\"iwg-fachbegriff\" data-tooltip=\"L'acte ling\u00fc\u00edstic pel qual l'\u00e9sser hum\u00e0 es dirigeix a una divinitat.\" tabindex=\"0\">oraci\u00f3<\/span> a sant Miquel Arc\u00e0ngel<\/em>, introdu\u00efda al segle XIX per Lle\u00f3 XIII, com a oraci\u00f3 de protecci\u00f3 contra <em>la maldat i les ins\u00eddies del diable<\/em>; va formar part fixa de les Oracions Leonines despr\u00e9s de cada missa resada entre 1886 i 1965, i des de Joan Pau II ha tornat a ser autoritzada.<\/p><p>En la tradici\u00f3 m\u00e0gico-ritual, Miquel \u00e9s l&#8217;arc\u00e0ngel del sud i de l&#8217;esfera de Tiferet (el Sol) en l&#8217;Arbre de la Vida de la <span class=\"iwg-fachbegriff\" data-tooltip=\"Corrent de la m\u00edstica jueva amb obres principals com el Sefer Ietsir\u00e0 i el Zohar.\" tabindex=\"0\">C\u00e0bala<\/span>. En el context d&#8217;iWell Guard, \u00e9s un dels quatre arc\u00e0ngels l&#8217;efecte protector dels quals s&#8217;activa indirectament en el <span class=\"iwg-fachbegriff\" data-tooltip=\"Una s\u00edl\u00b7laba o f\u00f3rmula sagrada que es repeteix en l'hinduisme i el budisme.\" tabindex=\"0\">mantra<\/span> a trav\u00e9s de la cl\u00e0usula de l&#8217;arc\u00e0ngel Gabriel (vegeu <a href=\"https:\/\/iwell-guard.com\/ca\/?page_id=171627\">resum funcional<\/a>) i de la geometria de la creu de llum.<\/p><\/div>\t\t\t\t\t\t\t\t<\/div>\n\t\t\t\t\t<\/div>\n\t\t\t\t<\/div>\n\t\t\t\t\t<\/div>\n\t\t\t\t<\/div>\n\t\t<div class=\"elementor-element elementor-element-wmd-s6 e-con-boxed e-flex e-con e-parent\" data-id=\"wmd-s6\" data-element_type=\"container\" data-e-type=\"container\">\n\t\t\t\t\t<div class=\"e-con-inner\">\n\t\t\t\t<div class=\"elementor-element elementor-element-wmd-h6 elementor-widget elementor-widget-heading\" data-id=\"wmd-h6\" data-element_type=\"widget\" data-e-type=\"widget\" data-widget_type=\"heading.default\">\n\t\t\t\t\t<h2 class=\"elementor-heading-title elementor-size-default\">Paral\u00b7lelismes<\/h2>\t\t\t\t<\/div>\n\t\t<div class=\"elementor-element elementor-element-wmd-s6-bw e-flex e-con-boxed e-con e-parent\" data-id=\"wmd-s6-bw\" data-element_type=\"container\" data-e-type=\"container\" data-settings=\"{&quot;background_background&quot;:&quot;classic&quot;}\">\n\t\t\t\t\t<div class=\"e-con-inner\">\n\t\t\t\t<div class=\"elementor-element elementor-element-wmd-t6 elementor-widget elementor-widget-text-editor\" data-id=\"wmd-t6\" data-element_type=\"widget\" data-e-type=\"widget\" data-widget_type=\"text-editor.default\">\n\t\t\t\t\t\t\t\t\t<footer class=\"iwg-literatur\" data-nosnippet=\"true\"><p>Miquel el trobem en altres cultures com l&#8217;heroi celestial guerrer: <em>Indra<\/em> en l&#8217;hinduisme (d\u00e9u del tro i dels guerrers), <em>sant Jordi<\/em> com a matador de dracs, <em>Mitra<\/em> com a vencedor de la fosca, els aspectes guerrers d&#8217;Apol\u00b7lo i Mart com a d\u00e9u de la guerra. Tots encarnen el principi de la defensa activa i la imposici\u00f3 contra el ca\u00f2tic i el destructiu.<\/p><\/footer>\t\t\t\t\t\t\t\t<\/div>\n\t\t\t\t\t<\/div>\n\t\t\t\t<\/div>\n\t\t\t\t\t<\/div>\n\t\t\t\t<\/div>\n\t\t<div class=\"elementor-element elementor-element-cpfa8ad9a e-flex e-con-boxed e-con e-parent\" data-id=\"cpfa8ad9a\" data-element_type=\"container\" data-e-type=\"container\">\n\t\t\t\t\t<div class=\"e-con-inner\">\n\t\t\t\t<div class=\"elementor-element elementor-element-cp02cc327 elementor-widget elementor-widget-heading\" data-id=\"cp02cc327\" data-element_type=\"widget\" data-e-type=\"widget\" data-widget_type=\"heading.default\">\n\t\t\t\t\t<h2 class=\"elementor-heading-title elementor-size-default\">Miquel en la tradici\u00f3 b\u00edblica i ap\u00f2crifa<\/h2>\t\t\t\t<\/div>\n\t\t<div class=\"elementor-element elementor-element-cpe9d414f e-con-full e-flex e-con e-child\" data-id=\"cpe9d414f\" data-element_type=\"container\" data-e-type=\"container\">\n\t\t\t\t<div class=\"elementor-element elementor-element-cp3d116f4 elementor-widget elementor-widget-text-editor\" data-id=\"cp3d116f4\" data-element_type=\"widget\" data-e-type=\"widget\" data-widget_type=\"text-editor.default\">\n\t\t\t\t\t\t\t\t\t<p>L&#8217;arc\u00e0ngel Miquel es menciona a la B\u00edblia hebrea nom\u00e9s en uns pocs llocs, tots al llibre de Daniel. Hi apareix com el gran pr\u00edncep ang\u00e8lic que intercedeix pel poble d&#8217;Israel i com a combatent celestial en l&#8217;enfrontament dels temps finals. El seu nom \u00e9s una pregunta en forma de confessi\u00f3, en hebreu <em>mi-kha-El<\/em>, Qui \u00e9s com D\u00e9u.<\/p><p>En el Nou Testament, Miquel apareix en dos passatges. La carta de Judes menciona una disputa entre Miquel i el diable pel cos de Mois\u00e8s, la qual cosa remet a una <span class=\"iwg-fachbegriff\" data-tooltip=\"La transmissi\u00f3 de coneixement i relats al llarg de generacions.\" tabindex=\"0\">tradici\u00f3<\/span> ap\u00f2crifa sobre Mois\u00e8s.<\/p><p>L&#8217;Apocalipsi de Joan descriu, al cap\u00edtol dotze, la lluita de Miquel i els seus <span class=\"iwg-fachbegriff\" data-tooltip=\"En les religions abra\u00e0miques, un \u00e9sser missatger celestial de D\u00e9u.\" tabindex=\"0\">\u00e0ngels<\/span> contra el drac, que \u00e9s ven\u00e7ut i expulsat del cel. Aquesta escena va ser decisiva per a la concepci\u00f3 cristiana de Miquel com a vencedor de Satan\u00e0s.<\/p><p>La figura de Miquel va rebre una rica elaboraci\u00f3 en la literatura ap\u00f2crifa i pseudepigr\u00e0fica del judaisme antic, per exemple en el llibre eti\u00f2pic d&#8217;Enoc, on Miquel figura entre els quatre o set arc\u00e0ngels superiors.<\/p><p>La recerca ha posat de manifest que la idea d&#8217;arc\u00e0ngels amb nom i funcions clarament delimitades es va desenvolupar nom\u00e9s en l&#8217;\u00e8poca postex\u00edlica, possiblement sota la influ\u00e8ncia de les concepcions ang\u00e8liques perses. En aquest desenvolupament, Miquel \u00e9s des del principi la figura principal, el patr\u00f3 celestial protector del poble de D\u00e9u.<\/p>\t\t\t\t\t\t\t\t<\/div>\n\t\t\t\t<\/div>\n\t\t\t\t\t<\/div>\n\t\t\t\t<\/div>\n\t\t<div class=\"elementor-element elementor-element-cp71a7cc0 e-flex e-con-boxed e-con e-parent\" data-id=\"cp71a7cc0\" data-element_type=\"container\" data-e-type=\"container\">\n\t\t\t\t\t<div class=\"e-con-inner\">\n\t\t\t\t<div class=\"elementor-element elementor-element-cpc283682 elementor-widget elementor-widget-heading\" data-id=\"cpc283682\" data-element_type=\"widget\" data-e-type=\"widget\" data-widget_type=\"heading.default\">\n\t\t\t\t\t<h2 class=\"elementor-heading-title elementor-size-default\">El culte a Miquel: santuaris de Chonai al Monte Gargano<\/h2>\t\t\t\t<\/div>\n\t\t<div class=\"elementor-element elementor-element-cp3df1219 e-con-full e-flex e-con e-child\" data-id=\"cp3df1219\" data-element_type=\"container\" data-e-type=\"container\">\n\t\t\t\t<div class=\"elementor-element elementor-element-cp9cdec31 elementor-widget elementor-widget-text-editor\" data-id=\"cp9cdec31\" data-element_type=\"widget\" data-e-type=\"widget\" data-widget_type=\"text-editor.default\">\n\t\t\t\t\t\t\t\t\t<p>El <span class=\"iwg-fachbegriff\" data-tooltip=\"El conjunt d'actes de veneraci\u00f3 religiosa cap a una divinitat o figura sagrada.\" tabindex=\"0\">culte<\/span> de l&#8217;arc\u00e0ngel Miquel es va estendre r\u00e0pidament des de l&#8217;<span class=\"iwg-fachbegriff\" data-tooltip=\"\u00c8poca de transici\u00f3 entre l'antiguitat i l'edat mitjana, aproximadament del segle III al VII.\" tabindex=\"0\">antiguitat tardana<\/span> i estava estretament vinculat a determinats santuaris, sovint coves i cims muntanyosos. Un centre primerenc es trobava a Chonai, a l&#8217;\u00c0sia Menor, l&#8217;antiga Colossae, on es venerava una aparici\u00f3 de Miquel prop d&#8217;una font.<\/p><p>A Occident, el <em>Monte Gargano<\/em>, a la Pulla, es va convertir en el santuari micael\u00ed m\u00e9s important. Una <span class=\"iwg-fachbegriff\" data-tooltip=\"Un relat edificant, sovint sobre la vida de sants.\" tabindex=\"0\">llegenda<\/span> del segle V o VI relata aparicions de l&#8217;arc\u00e0ngel en una cova de la muntanya, que a partir d&#8217;aleshores es va convertir en lloc de culte.<\/p><p>Des de Gargano, el culte a les coves es va escampar per Europa. L&#8217;exemple m\u00e9s c\u00e8lebre d&#8217;aquesta tradici\u00f3 \u00e9s el <em>Mont-Saint-Michel<\/em>, a Normandia, la fundaci\u00f3 del qual, al segle VIII, es remet expressament al model de Gargano.<\/p><p>\u00c9s notable la vinculaci\u00f3 de Miquel amb les altures. Nombroses capelles i esgl\u00e9sies dedicades a ell s&#8217;alcen en muntanyes, turons o llocs elevats, sovint en indrets exposats. La <span class=\"iwg-fachbegriff\" data-tooltip=\"La disciplina que estudia les religions de manera comparativa i sense comprom\u00eds de fe.\" tabindex=\"0\">ci\u00e8ncia de la religi\u00f3<\/span> ho explica en part per la funci\u00f3 de Miquel com a guerrer celestial i guia de les \u00e0nimes, i en part per l&#8217;assimilaci\u00f3 de cultes de muntanya m\u00e9s antics.<\/p><p>En la <span class=\"iwg-fachbegriff\" data-tooltip=\"La religiositat viscuda en la vida quotidiana, sovint al marge de la doctrina oficial.\" tabindex=\"0\">pietat popular<\/span> cristiana, Miquel tamb\u00e9 era considerat l&#8217;acompanyant de les \u00e0nimes en el pas cap a l&#8217;altra vida i qui les pesava. Aquesta funci\u00f3 de pesador d&#8217;\u00e0nimes, que iconogr\u00e0ficament posa una balan\u00e7a a la m\u00e0 de Miquel, t\u00e9 paral\u00b7lels en concepcions m\u00e9s antigues de l&#8217;altra vida, entre elles el judici dels morts egipci.<\/p>\t\t\t\t\t\t\t\t<\/div>\n\t\t\t\t<\/div>\n\t\t\t\t\t<\/div>\n\t\t\t\t<\/div>\n\t\t<div class=\"elementor-element elementor-element-cpdbc74e1 e-flex e-con-boxed e-con e-parent\" data-id=\"cpdbc74e1\" data-element_type=\"container\" data-e-type=\"container\">\n\t\t\t\t\t<div class=\"e-con-inner\">\n\t\t\t\t<div class=\"elementor-element elementor-element-cpbd7d255 elementor-widget elementor-widget-heading\" data-id=\"cpbd7d255\" data-element_type=\"widget\" data-e-type=\"widget\" data-widget_type=\"heading.default\">\n\t\t\t\t\t<h2 class=\"elementor-heading-title elementor-size-default\">Miquel en l'art: el pesador d'\u00e0nimes i el matador de dracs<\/h2>\t\t\t\t<\/div>\n\t\t<div class=\"elementor-element elementor-element-cpc905231 e-con-full e-flex e-con e-child\" data-id=\"cpc905231\" data-element_type=\"container\" data-e-type=\"container\">\n\t\t\t\t<div class=\"elementor-element elementor-element-cpf261812 elementor-widget elementor-widget-text-editor\" data-id=\"cpf261812\" data-element_type=\"widget\" data-e-type=\"widget\" data-widget_type=\"text-editor.default\">\n\t\t\t\t\t\t\t\t\t<p>En l&#8217;art cristi\u00e0, Miquel \u00e9s un dels \u00e0ngels representats amb m\u00e9s freq\u00fc\u00e8ncia, i la seva <span class=\"iwg-fachbegriff\" data-tooltip=\"Disciplina que estudia el contingut de les imatges i el seu significat.\" tabindex=\"0\">iconografia<\/span> \u00e9s relativament fixa. Hi predominen dos tipus de representaci\u00f3.<\/p><p>El primer mostra Miquel com a matador de dracs o vencedor del diable, armat, amb llan\u00e7a o espasa, dempeus sobre un drac ven\u00e7ut o una figura sat\u00e0nica. Aquest tipus es remunta a l&#8217;escena de l&#8217;Apocalipsi de Joan i presenta Miquel com a guerrer celestial.<\/p><p>El segon tipus iconogr\u00e0fic mostra Miquel com a pesador d&#8217;\u00e0nimes, <em>Psic\u00f2stasi<\/em>. Sost\u00e9 una balan\u00e7a en els plats de la qual es pesen les \u00e0nimes o les seves obres, mentre sovint un <span class=\"iwg-fachbegriff\" data-tooltip=\"\u00c9sser espiritual al qual s'atribueix un efecte nociu o ambivalent.\" tabindex=\"0\">dimoni<\/span> intenta desequilibrar la balan\u00e7a a favor de la condemnaci\u00f3. Aquest tipus iconogr\u00e0fic va ser especialment freq\u00fcent a l&#8217;edat mitjana, per exemple en les representacions del Judici Final als portals de les esgl\u00e9sies.<\/p><p>Com a arc\u00e0ngel, Miquel se sol representar amb ales, aur\u00e8ola i una barreja de vestimenta militar i lit\u00fargica. L&#8217;art bizant\u00ed el mostrava sovint com un dignatari de cort, mentre que l&#8217;art occidental el va anar representant cada cop m\u00e9s com un cavaller armat. Obres c\u00e8lebres del Renaixement, com les de Rafael i Guido Reni, van consolidar la imatge de l&#8217;\u00e0ngel jove, bell i triomfant.<\/p><p>A trav\u00e9s de l&#8217;her\u00e0ldica, del patronatge de nombrosos pa\u00efsos, ciutats i gremis, aix\u00ed com d&#8217;innombrables noms de llocs, Miquel continua present culturalment fins avui. La recerca veu en la persist\u00e8ncia d&#8217;aquesta <span class=\"iwg-fachbegriff\" data-tooltip=\"Disciplina que estudia el contingut de les imatges i el seu significat.\" tabindex=\"0\">iconografia<\/span> un testimoni de com una figura b\u00edblica origin\u00e0riament poc documentada es va convertir, a trav\u00e9s del <span class=\"iwg-fachbegriff\" data-tooltip=\"El conjunt d'actes de veneraci\u00f3 religiosa cap a una divinitat o figura sagrada.\" tabindex=\"0\">culte<\/span>, la <span class=\"iwg-fachbegriff\" data-tooltip=\"Un relat edificant, sovint sobre la vida de sants.\" tabindex=\"0\">llegenda<\/span> i l&#8217;art, en una de les figures m\u00e9s conegudes del cristianisme.<\/p>\t\t\t\t\t\t\t\t<\/div>\n\t\t\t\t<\/div>\n\t\t\t\t\t<\/div>\n\t\t\t\t<\/div>\n\t\t<div class=\"elementor-element elementor-element-0cb873e e-con-boxed e-flex e-con e-parent\" data-id=\"0cb873e\" data-element_type=\"container\" data-e-type=\"container\">\n\t\t\t\t\t<div class=\"e-con-inner\">\n\t\t\t\t<div class=\"elementor-element elementor-element-f6ec007 elementor-widget elementor-widget-text-editor\" data-id=\"f6ec007\" data-element_type=\"widget\" data-e-type=\"widget\" data-widget_type=\"text-editor.default\">\n\t\t\t\t\t\t\t\t\t\n<h2>Preguntes freq\u00fcents sobre l&#8217;arc\u00e0ngel Miquel<\/h2>\n<div class=\"iwg-faq-q\"><h3>Qui \u00e9s l&#8217;arc\u00e0ngel Miquel?<\/h3><p>Miquel (hebreu Mi-cha-el, Qui \u00e9s com D\u00e9u?) \u00e9s l&#8217;arc\u00e0ngel m\u00e9s important de la tradici\u00f3 jueva, cristiana i isl\u00e0mica. A l&#8217;Apocalipsi de Joan (Apocalipsi 12), lidera l&#8217;ex\u00e8rcit celestial contra el drac Satan\u00e0s.<\/p><p>Miquel \u00e9s considerat protector d&#8217;Israel (Llibre de Daniel), cap de les mil\u00edcies celestials i patr\u00f3 dels guerrers, els policies i els banquers. La seva festa \u00e9s el 29 de setembre (Sant Miquel).<\/p><\/div>\n<div class=\"iwg-faq-q\"><h3>Com s&#8217;invoca l&#8217;arc\u00e0ngel Miquel?<\/h3><p>Les invocacions cl\u00e0ssiques inclouen la preg\u00e0ria de Sant Miquel Arc\u00e0ngel (del papa Lle\u00f3 XIII, 1886) i preg\u00e0ries m\u00e9s breus abans de tasques o confrontacions dif\u00edcils. En l&#8217;<span class=\"iwg-fachbegriff\" data-tooltip=\"En les religions abrah\u00e0miques, un \u00e9sser missatger celestial de D\u00e9u.\" tabindex=\"0\">esoterisme<\/span> modern dels <span class=\"iwg-fachbegriff\" data-tooltip=\"Terme gen\u00e8ric per a doctrines que reivindiquen un coneixement ocult accessible nom\u00e9s als iniciats.\" tabindex=\"0\">\u00e0ngels<\/span>, Miquel sovint es visualitza amb l&#8217;espasa de llum que talla les energies negatives. S\u00edmbols cl\u00e0ssics: l&#8217;espasa, la balan\u00e7a (per al pesatge de les \u00e0nimes en el Judici Final), el drac ven\u00e7ut als seus peus.<\/p><\/div>\n<script type=\"application\/ld+json\">{\"@context\":\"https:\/\/schema.org\",\"@type\":\"FAQPage\",\"mainEntity\":[{\"@type\":\"Question\",\"name\":\"Qui \u00e9s l'arc\u00e0ngel Miquel?\",\"acceptedAnswer\":{\"@type\":\"Answer\",\"text\":\"Miquel (hebreu Mi-cha-el, Qui \u00e9s com D\u00e9u?) \u00e9s l'arc\u00e0ngel m\u00e9s important de la tradici\u00f3 jueva, cristiana i isl\u00e0mica. A l'Apocalipsi de Joan (Apocalipsi 12), lidera l'ex\u00e8rcit celestial contra el drac Satan\u00e0s.Miquel \u00e9s considerat protector d'Israel (Llibre de Daniel), cap de les mil\u00edcies celestials i patr\u00f3 dels guerrers, els policies i els banquers. La seva festa \u00e9s el 29 de setembre (Sant Miquel).\"}},{\"@type\":\"Question\",\"name\":\"Com s'invoca l'arc\u00e0ngel Miquel?\",\"acceptedAnswer\":{\"@type\":\"Answer\",\"text\":\"Les invocacions cl\u00e0ssiques inclouen la preg\u00e0ria de Sant Miquel Arc\u00e0ngel (del papa Lle\u00f3 XIII, 1886) i preg\u00e0ries m\u00e9s breus abans de tasques o confrontacions dif\u00edcils. En l'esoterisme modern dels \u00e0ngels, Miquel sovint es visualitza amb l'espasa de llum que talla les energies negatives. S\u00edmbols cl\u00e0ssics: l'espasa, la balan\u00e7a (per al pesatge de les \u00e0nimes en el Judici Final), el drac ven\u00e7ut als seus peus.\"}}]}<\/script>\t\t\t\t\t\t\t\t<\/div>\n\t\t\t\t\t<\/div>\n\t\t\t\t<\/div>\n\t\t\t\t<\/div>\n\t\t","protected":false},"excerpt":{"rendered":"","protected":false},"author":3,"featured_media":1622,"parent":0,"menu_order":0,"comment_status":"closed","ping_status":"closed","template":"elementor_header_footer","meta":{"_yoast_wpseo_focuskw":"Arc\u00e0ngel Miquel","_yoast_wpseo_title":"Arc\u00e0ngel Miquel - L\u00edder de les mil\u00edcies celestials","_yoast_wpseo_metadesc":"L'arc\u00e0ngel Miquel \u00e9s l'\u00e0ngel protector m\u00e9s poder\u00f3s de la tradici\u00f3 judeocristiana. Descobreixi m\u00e9s sobre la seva for\u00e7a en la pr\u00e0ctica d'iWell Guard.","_yoast_wpseo_meta-robots-noindex":"","_yoast_wpseo_canonical":"","_angie_page":false,"gefaehrdungsstufe":"","wesen_kultur":"","wesen_klasse":"","footnotes":""},"categories":[],"class_list":["post-171439","page","type-page","status-publish","has-post-thumbnail","hentry"],"yoast_head":"<!-- This site is optimized with the Yoast SEO Premium plugin v27.7 (Yoast SEO v28.3) - https:\/\/yoast.com\/product\/yoast-seo-premium-wordpress\/ -->\n<title>Arc\u00e0ngel Miquel - L\u00edder de les mil\u00edcies celestials<\/title>\n<meta name=\"description\" content=\"L&#039;arc\u00e0ngel Miquel \u00e9s l&#039;\u00e0ngel protector m\u00e9s poder\u00f3s de la tradici\u00f3 judeocristiana. Descobreixi m\u00e9s sobre la seva for\u00e7a en la pr\u00e0ctica d&#039;iWell Guard.\" \/>\n<meta name=\"robots\" content=\"index, follow, max-snippet:-1, max-image-preview:large, max-video-preview:-1\" \/>\n<link rel=\"canonical\" href=\"https:\/\/iwell-guard.com\/ca\/arcangel-miquel\/\" \/>\n<meta property=\"og:locale\" content=\"ca_ES\" \/>\n<meta property=\"og:type\" content=\"article\" \/>\n<meta property=\"og:title\" content=\"Arc\u00e0ngel Miquel\" \/>\n<meta property=\"og:description\" content=\"L&#039;arc\u00e0ngel Miquel \u00e9s l&#039;\u00e0ngel protector m\u00e9s poder\u00f3s de la tradici\u00f3 judeocristiana. Descobreixi m\u00e9s sobre la seva for\u00e7a en la pr\u00e0ctica d&#039;iWell Guard.\" \/>\n<meta property=\"og:url\" content=\"https:\/\/iwell-guard.com\/ca\/arcangel-miquel\/\" \/>\n<meta property=\"og:site_name\" content=\"iWell Guard\" \/>\n<meta property=\"article:modified_time\" content=\"2026-09-05T15:57:44+00:00\" \/>\n<meta property=\"og:image\" content=\"https:\/\/iwell-guard.com\/wp-content\/uploads\/2026\/04\/lichtwesen_erzengel-michael.webp\" \/>\n\t<meta property=\"og:image:width\" content=\"1024\" \/>\n\t<meta property=\"og:image:height\" content=\"1536\" \/>\n\t<meta property=\"og:image:type\" content=\"image\/webp\" \/>\n<meta name=\"twitter:card\" content=\"summary_large_image\" \/>\n<script type=\"application\/ld+json\" class=\"yoast-schema-graph\">{\"@context\":\"https:\\\/\\\/schema.org\",\"@graph\":[{\"@type\":\"WebPage\",\"@id\":\"https:\\\/\\\/iwell-guard.com\\\/ca\\\/arcangel-miquel\\\/\",\"url\":\"https:\\\/\\\/iwell-guard.com\\\/ca\\\/arcangel-miquel\\\/\",\"name\":\"Arc\u00e0ngel Miquel - L\u00edder de les mil\u00edcies celestials\",\"isPartOf\":{\"@id\":\"https:\\\/\\\/iwell-guard.com\\\/ca\\\/#website\"},\"primaryImageOfPage\":{\"@id\":\"https:\\\/\\\/iwell-guard.com\\\/ca\\\/arcangel-miquel\\\/#primaryimage\"},\"image\":{\"@id\":\"https:\\\/\\\/iwell-guard.com\\\/ca\\\/arcangel-miquel\\\/#primaryimage\"},\"thumbnailUrl\":\"https:\\\/\\\/iwell-guard.com\\\/wp-content\\\/uploads\\\/2026\\\/04\\\/lichtwesen_erzengel-michael.webp\",\"datePublished\":\"2026-09-05T15:39:23+00:00\",\"dateModified\":\"2026-09-05T15:57:44+00:00\",\"description\":\"L'arc\u00e0ngel Miquel \u00e9s l'\u00e0ngel protector m\u00e9s poder\u00f3s de la tradici\u00f3 judeocristiana. Descobreixi m\u00e9s sobre la seva for\u00e7a en la pr\u00e0ctica d'iWell Guard.\",\"breadcrumb\":{\"@id\":\"https:\\\/\\\/iwell-guard.com\\\/ca\\\/arcangel-miquel\\\/#breadcrumb\"},\"inLanguage\":\"ca\",\"potentialAction\":[{\"@type\":\"ReadAction\",\"target\":[\"https:\\\/\\\/iwell-guard.com\\\/ca\\\/arcangel-miquel\\\/\"]}]},{\"@type\":\"ImageObject\",\"inLanguage\":\"ca\",\"@id\":\"https:\\\/\\\/iwell-guard.com\\\/ca\\\/arcangel-miquel\\\/#primaryimage\",\"url\":\"https:\\\/\\\/iwell-guard.com\\\/wp-content\\\/uploads\\\/2026\\\/04\\\/lichtwesen_erzengel-michael.webp\",\"contentUrl\":\"https:\\\/\\\/iwell-guard.com\\\/wp-content\\\/uploads\\\/2026\\\/04\\\/lichtwesen_erzengel-michael.webp\",\"width\":1024,\"height\":1536,\"caption\":\"\u00c9sser de llum. Il\u00b7lustraci\u00f3 lluminosa.\"},{\"@type\":\"BreadcrumbList\",\"@id\":\"https:\\\/\\\/iwell-guard.com\\\/ca\\\/arcangel-miquel\\\/#breadcrumb\",\"itemListElement\":[{\"@type\":\"ListItem\",\"position\":1,\"name\":\"Start\",\"item\":\"https:\\\/\\\/iwell-guard.com\\\/ca\\\/?page_id=171333\"},{\"@type\":\"ListItem\",\"position\":2,\"name\":\"Arc\u00e0ngel Miquel\"}]},{\"@type\":\"WebSite\",\"@id\":\"https:\\\/\\\/iwell-guard.com\\\/ca\\\/#website\",\"url\":\"https:\\\/\\\/iwell-guard.com\\\/ca\\\/\",\"name\":\"iWell Guard\",\"description\":\"Schutz vor dunklen Einfl\u00fcssen\",\"publisher\":{\"@id\":\"https:\\\/\\\/iwell-guard.com\\\/ca\\\/#organization\"},\"potentialAction\":[{\"@type\":\"SearchAction\",\"target\":{\"@type\":\"EntryPoint\",\"urlTemplate\":\"https:\\\/\\\/iwell-guard.com\\\/ca\\\/?s={search_term_string}\"},\"query-input\":{\"@type\":\"PropertyValueSpecification\",\"valueRequired\":true,\"valueName\":\"search_term_string\"}}],\"inLanguage\":\"ca\"},{\"@type\":\"Organization\",\"@id\":\"https:\\\/\\\/iwell-guard.com\\\/ca\\\/#organization\",\"name\":\"Ittermann electronic GmbH\",\"url\":\"https:\\\/\\\/iwell-guard.com\\\/ca\\\/\",\"logo\":{\"@type\":\"ImageObject\",\"inLanguage\":\"ca\",\"@id\":\"https:\\\/\\\/iwell-guard.com\\\/ca\\\/#\\\/schema\\\/logo\\\/image\\\/\",\"url\":\"https:\\\/\\\/iwell-guard.com\\\/wp-content\\\/uploads\\\/2026\\\/05\\\/Ittermann-Logo-1182x237-1.png\",\"contentUrl\":\"https:\\\/\\\/iwell-guard.com\\\/wp-content\\\/uploads\\\/2026\\\/05\\\/Ittermann-Logo-1182x237-1.png\",\"width\":1182,\"height\":237,\"caption\":\"Ittermann electronic GmbH\"},\"image\":{\"@id\":\"https:\\\/\\\/iwell-guard.com\\\/ca\\\/#\\\/schema\\\/logo\\\/image\\\/\"},\"sameAs\":[\"https:\\\/\\\/pantip.com\\\/profile\\\/9367242\",\"https:\\\/\\\/micro.blog\\\/iwellguard\",\"https:\\\/\\\/www.diggerslist.com\\\/iwellguard\\\/about\",\"https:\\\/\\\/skitterphoto.com\\\/photographers\\\/2870314\\\/iwell-guard\",\"https:\\\/\\\/iwellguard.wordpress.com\\\/2026\\\/06\\\/06\\\/iwell-guard\\\/\",\"https:\\\/\\\/hub.docker.com\\\/u\\\/iwellguard\",\"https:\\\/\\\/www.pinterest.com\\\/iwellguard\\\/\",\"https:\\\/\\\/bit.ly\\\/m\\\/iwellguard\",\"https:\\\/\\\/entre-vos-mains.alsace.eu\\\/profiles\\\/iwellguard\\\/activity\",\"https:\\\/\\\/gravatar.com\\\/reallybeded8fd34\",\"https:\\\/\\\/naijamatta.com\\\/iwellguard\",\"https:\\\/\\\/www.goodreads.com\\\/iwellguard\",\"https:\\\/\\\/profile.hatena.ne.jp\\\/iwellguard\\\/\",\"https:\\\/\\\/experiment.com\\\/users\\\/iwellguard\",\"https:\\\/\\\/wakelet.com\\\/@iWellGuard82270\",\"https:\\\/\\\/www.chordie.com\\\/forum\\\/profile.php?id=2555664\",\"https:\\\/\\\/www.instapaper.com\\\/p\\\/17757966\",\"https:\\\/\\\/www.mapleprimes.com\\\/users\\\/iwellguard\",\"https:\\\/\\\/businesslistingplus.com\\\/profile\\\/iwell-guard\\\/\",\"https:\\\/\\\/telegra.ph\\\/iWell-Guard-06-06\",\"https:\\\/\\\/pbase.com\\\/iwellguard\\\/iwellguard\",\"https:\\\/\\\/b.hatena.ne.jp\\\/iwellguard\\\/20260607#bookmark-4788405196491818882\",\"https:\\\/\\\/fliphtml5.com\\\/home\\\/iwellguard\",\"https:\\\/\\\/anyflip.com\\\/homepage\\\/cmiwl#About\",\"https:\\\/\\\/transfur.com\\\/Users\\\/iwellguard\",\"http:\\\/\\\/delphi.larsbo.org\\\/user\\\/iwellguard\",\"https:\\\/\\\/jobs.lajobsportal.org\\\/profiles\\\/8380803-iwell-guard\",\"https:\\\/\\\/md.chaosdorf.de\\\/s\\\/jfbe5SBdJD\",\"https:\\\/\\\/www.lingvolive.com\\\/en-us\\\/profile\\\/9ecaeaca-ce11-4e51-9e71-01d55e2bff36\\\/translations\",\"https:\\\/\\\/www.fitday.com\\\/fitness\\\/forums\\\/members\\\/iwellguard.html\",\"https:\\\/\\\/www.mymeetbook.com\\\/iwellguard\",\"https:\\\/\\\/pxhere.com\\\/en\\\/photographer-me\\\/5040798\",\"https:\\\/\\\/disqus.com\\\/by\\\/iwellguard\\\/about\\\/\",\"https:\\\/\\\/pastelink.net\\\/hjwciqwq\",\"https:\\\/\\\/pubhtml5.com\\\/homepage\\\/scjhn\\\/\",\"https:\\\/\\\/www.bitchute.com\\\/channel\\\/2O2eOKzNqujT\",\"https:\\\/\\\/audiomack.com\\\/iwellguard\"]}]}<\/script>\n<!-- \/ Yoast SEO Premium plugin. -->","yoast_head_json":{"title":"Arc\u00e0ngel Miquel - L\u00edder de les mil\u00edcies celestials","description":"L'arc\u00e0ngel Miquel \u00e9s l'\u00e0ngel protector m\u00e9s poder\u00f3s de la tradici\u00f3 judeocristiana. Descobreixi m\u00e9s sobre la seva for\u00e7a en la pr\u00e0ctica d'iWell Guard.","robots":{"index":"index","follow":"follow","max-snippet":"max-snippet:-1","max-image-preview":"max-image-preview:large","max-video-preview":"max-video-preview:-1"},"canonical":"https:\/\/iwell-guard.com\/ca\/arcangel-miquel\/","og_locale":"ca_ES","og_type":"article","og_title":"Arc\u00e0ngel Miquel","og_description":"L'arc\u00e0ngel Miquel \u00e9s l'\u00e0ngel protector m\u00e9s poder\u00f3s de la tradici\u00f3 judeocristiana. Descobreixi m\u00e9s sobre la seva for\u00e7a en la pr\u00e0ctica d'iWell Guard.","og_url":"https:\/\/iwell-guard.com\/ca\/arcangel-miquel\/","og_site_name":"iWell Guard","article_modified_time":"2026-09-05T15:57:44+00:00","og_image":[{"width":1024,"height":1536,"url":"https:\/\/iwell-guard.com\/wp-content\/uploads\/2026\/04\/lichtwesen_erzengel-michael.webp","type":"image\/webp"}],"twitter_card":"summary_large_image","schema":{"@context":"https:\/\/schema.org","@graph":[{"@type":"WebPage","@id":"https:\/\/iwell-guard.com\/ca\/arcangel-miquel\/","url":"https:\/\/iwell-guard.com\/ca\/arcangel-miquel\/","name":"Arc\u00e0ngel Miquel - L\u00edder de les mil\u00edcies celestials","isPartOf":{"@id":"https:\/\/iwell-guard.com\/ca\/#website"},"primaryImageOfPage":{"@id":"https:\/\/iwell-guard.com\/ca\/arcangel-miquel\/#primaryimage"},"image":{"@id":"https:\/\/iwell-guard.com\/ca\/arcangel-miquel\/#primaryimage"},"thumbnailUrl":"https:\/\/iwell-guard.com\/wp-content\/uploads\/2026\/04\/lichtwesen_erzengel-michael.webp","datePublished":"2026-09-05T15:39:23+00:00","dateModified":"2026-09-05T15:57:44+00:00","description":"L'arc\u00e0ngel Miquel \u00e9s l'\u00e0ngel protector m\u00e9s poder\u00f3s de la tradici\u00f3 judeocristiana. Descobreixi m\u00e9s sobre la seva for\u00e7a en la pr\u00e0ctica d'iWell Guard.","breadcrumb":{"@id":"https:\/\/iwell-guard.com\/ca\/arcangel-miquel\/#breadcrumb"},"inLanguage":"ca","potentialAction":[{"@type":"ReadAction","target":["https:\/\/iwell-guard.com\/ca\/arcangel-miquel\/"]}]},{"@type":"ImageObject","inLanguage":"ca","@id":"https:\/\/iwell-guard.com\/ca\/arcangel-miquel\/#primaryimage","url":"https:\/\/iwell-guard.com\/wp-content\/uploads\/2026\/04\/lichtwesen_erzengel-michael.webp","contentUrl":"https:\/\/iwell-guard.com\/wp-content\/uploads\/2026\/04\/lichtwesen_erzengel-michael.webp","width":1024,"height":1536,"caption":"\u00c9sser de llum. Il\u00b7lustraci\u00f3 lluminosa."},{"@type":"BreadcrumbList","@id":"https:\/\/iwell-guard.com\/ca\/arcangel-miquel\/#breadcrumb","itemListElement":[{"@type":"ListItem","position":1,"name":"Start","item":"https:\/\/iwell-guard.com\/ca\/?page_id=171333"},{"@type":"ListItem","position":2,"name":"Arc\u00e0ngel Miquel"}]},{"@type":"WebSite","@id":"https:\/\/iwell-guard.com\/ca\/#website","url":"https:\/\/iwell-guard.com\/ca\/","name":"iWell Guard","description":"Schutz vor dunklen Einfl\u00fcssen","publisher":{"@id":"https:\/\/iwell-guard.com\/ca\/#organization"},"potentialAction":[{"@type":"SearchAction","target":{"@type":"EntryPoint","urlTemplate":"https:\/\/iwell-guard.com\/ca\/?s={search_term_string}"},"query-input":{"@type":"PropertyValueSpecification","valueRequired":true,"valueName":"search_term_string"}}],"inLanguage":"ca"},{"@type":"Organization","@id":"https:\/\/iwell-guard.com\/ca\/#organization","name":"Ittermann electronic GmbH","url":"https:\/\/iwell-guard.com\/ca\/","logo":{"@type":"ImageObject","inLanguage":"ca","@id":"https:\/\/iwell-guard.com\/ca\/#\/schema\/logo\/image\/","url":"https:\/\/iwell-guard.com\/wp-content\/uploads\/2026\/05\/Ittermann-Logo-1182x237-1.png","contentUrl":"https:\/\/iwell-guard.com\/wp-content\/uploads\/2026\/05\/Ittermann-Logo-1182x237-1.png","width":1182,"height":237,"caption":"Ittermann electronic GmbH"},"image":{"@id":"https:\/\/iwell-guard.com\/ca\/#\/schema\/logo\/image\/"},"sameAs":["https:\/\/pantip.com\/profile\/9367242","https:\/\/micro.blog\/iwellguard","https:\/\/www.diggerslist.com\/iwellguard\/about","https:\/\/skitterphoto.com\/photographers\/2870314\/iwell-guard","https:\/\/iwellguard.wordpress.com\/2026\/06\/06\/iwell-guard\/","https:\/\/hub.docker.com\/u\/iwellguard","https:\/\/www.pinterest.com\/iwellguard\/","https:\/\/bit.ly\/m\/iwellguard","https:\/\/entre-vos-mains.alsace.eu\/profiles\/iwellguard\/activity","https:\/\/gravatar.com\/reallybeded8fd34","https:\/\/naijamatta.com\/iwellguard","https:\/\/www.goodreads.com\/iwellguard","https:\/\/profile.hatena.ne.jp\/iwellguard\/","https:\/\/experiment.com\/users\/iwellguard","https:\/\/wakelet.com\/@iWellGuard82270","https:\/\/www.chordie.com\/forum\/profile.php?id=2555664","https:\/\/www.instapaper.com\/p\/17757966","https:\/\/www.mapleprimes.com\/users\/iwellguard","https:\/\/businesslistingplus.com\/profile\/iwell-guard\/","https:\/\/telegra.ph\/iWell-Guard-06-06","https:\/\/pbase.com\/iwellguard\/iwellguard","https:\/\/b.hatena.ne.jp\/iwellguard\/20260607#bookmark-4788405196491818882","https:\/\/fliphtml5.com\/home\/iwellguard","https:\/\/anyflip.com\/homepage\/cmiwl#About","https:\/\/transfur.com\/Users\/iwellguard","http:\/\/delphi.larsbo.org\/user\/iwellguard","https:\/\/jobs.lajobsportal.org\/profiles\/8380803-iwell-guard","https:\/\/md.chaosdorf.de\/s\/jfbe5SBdJD","https:\/\/www.lingvolive.com\/en-us\/profile\/9ecaeaca-ce11-4e51-9e71-01d55e2bff36\/translations","https:\/\/www.fitday.com\/fitness\/forums\/members\/iwellguard.html","https:\/\/www.mymeetbook.com\/iwellguard","https:\/\/pxhere.com\/en\/photographer-me\/5040798","https:\/\/disqus.com\/by\/iwellguard\/about\/","https:\/\/pastelink.net\/hjwciqwq","https:\/\/pubhtml5.com\/homepage\/scjhn\/","https:\/\/www.bitchute.com\/channel\/2O2eOKzNqujT","https:\/\/audiomack.com\/iwellguard"]}]}},"_links":{"self":[{"href":"https:\/\/iwell-guard.com\/ca\/wp-json\/wp\/v2\/pages\/171439","targetHints":{"allow":["GET"]}}],"collection":[{"href":"https:\/\/iwell-guard.com\/ca\/wp-json\/wp\/v2\/pages"}],"about":[{"href":"https:\/\/iwell-guard.com\/ca\/wp-json\/wp\/v2\/types\/page"}],"author":[{"embeddable":true,"href":"https:\/\/iwell-guard.com\/ca\/wp-json\/wp\/v2\/users\/3"}],"replies":[{"embeddable":true,"href":"https:\/\/iwell-guard.com\/ca\/wp-json\/wp\/v2\/comments?post=171439"}],"version-history":[{"count":0,"href":"https:\/\/iwell-guard.com\/ca\/wp-json\/wp\/v2\/pages\/171439\/revisions"}],"wp:featuredmedia":[{"embeddable":true,"href":"https:\/\/iwell-guard.com\/ca\/wp-json\/wp\/v2\/media\/1622"}],"wp:attachment":[{"href":"https:\/\/iwell-guard.com\/ca\/wp-json\/wp\/v2\/media?parent=171439"}],"wp:term":[{"taxonomy":"category","embeddable":true,"href":"https:\/\/iwell-guard.com\/ca\/wp-json\/wp\/v2\/categories?post=171439"}],"curies":[{"name":"wp","href":"https:\/\/api.w.org\/{rel}","templated":true}]}}