{"id":171434,"date":"2026-09-05T15:39:20","date_gmt":"2026-09-05T15:39:20","guid":{"rendered":"https:\/\/iwell-guard.com\/?page_id=171434"},"modified":"2026-09-05T15:57:39","modified_gmt":"2026-09-05T15:57:39","slug":"testimonis-i-experiencies","status":"publish","type":"page","link":"https:\/\/iwell-guard.com\/ca\/testimonis-i-experiencies\/","title":{"rendered":"Testimonis i experi\u00e8ncies"},"content":{"rendered":"\t\t<div data-elementor-type=\"wp-page\" data-elementor-id=\"171434\" class=\"elementor elementor-171434 elementor-1795 elementor-bc-flex-widget\" data-elementor-post-type=\"page\">\n\t\t\t\t<div class=\"elementor-element elementor-element-am-erfhub-hero e-flex e-con-boxed e-con e-parent\" data-id=\"am-erfhub-hero\" data-element_type=\"container\" data-e-type=\"container\" data-settings=\"{&quot;background_background&quot;:&quot;classic&quot;}\">\n\t\t\t\t\t<div class=\"e-con-inner\">\n\t\t<div class=\"elementor-element elementor-element-am-erfhub-herohl e-flex e-con-boxed e-con e-child\" data-id=\"am-erfhub-herohl\" data-element_type=\"container\" data-e-type=\"container\">\n\t\t\t\t\t<div class=\"e-con-inner\">\n\t\t<div class=\"elementor-element elementor-element-am-erfhub-h1lead e-con-full e-flex e-con e-child\" data-id=\"am-erfhub-h1lead\" data-element_type=\"container\" data-e-type=\"container\">\n\t\t\t\t<div class=\"elementor-element elementor-element-am-erfhub-h1w elementor-widget elementor-widget-heading\" data-id=\"am-erfhub-h1w\" data-element_type=\"widget\" data-e-type=\"widget\" data-widget_type=\"heading.default\">\n\t\t\t\t\t<h1 class=\"elementor-heading-title elementor-size-default\">Testimonis i experi\u00e8ncies<\/h1>\t\t\t\t<\/div>\n\t\t\t\t<div class=\"elementor-element elementor-element-am-erfhub-lead elementor-widget elementor-widget-text-editor\" data-id=\"am-erfhub-lead\" data-element_type=\"widget\" data-e-type=\"widget\" data-widget_type=\"text-editor.default\">\n\t\t\t\t\t\t\t\t\t<p>Testimonis sobre l&#8217;iWell Guard de persones que el porten, des de diferents posicions de percepci\u00f3. Aquesta p\u00e0gina presenta la classificaci\u00f3 metodol\u00f2gica dels testimonis, el marc de protecci\u00f3 de dades i la possibilitat d&#8217;enviar el vostre propi testimoni.<\/p>\t\t\t\t\t\t\t\t<\/div>\n\t\t\t\t<\/div>\n\t\t<div class=\"elementor-element elementor-element-am-erfhub-klsbdg e-con-full e-flex e-con e-parent\" data-id=\"am-erfhub-klsbdg\" data-element_type=\"container\" data-e-type=\"container\">\n\t\t\t\t<div class=\"elementor-element elementor-element-am-erfhub-klshtm elementor-widget elementor-widget-html\" data-id=\"am-erfhub-klshtm\" data-element_type=\"widget\" data-e-type=\"widget\" data-widget_type=\"html.default\">\n\t\t\t\t\t<div class=\"iwg-pill-row\"><span class=\"iwg-klasse-badge\" tabindex=\"0\" data-tooltip=\"Recull de testimonis: relats individuals de portadors sobre la percepci\u00f3 de l'iWell Guard, organitzats metodol\u00f2gicament segons el tipus d'autor.\">Testimonis<\/span><span class=\"iwg-kultur-badge\" tabindex=\"0\" data-tooltip=\"Classe de fonts pr\u00f2pia, a m\u00e9s de les fonts de la hist\u00f2ria de les religions, la informaci\u00f3 medial i l'ensenyament intern de la tradici\u00f3 iWell Guard.\">Testimonis propis<\/span><\/div>\t\t\t\t<\/div>\n\t\t\t\t<\/div>\n\t\t<div class=\"elementor-element elementor-element-am-erfhub-tocbox e-con-full e-flex e-con e-child\" data-id=\"am-erfhub-tocbox\" data-element_type=\"container\" data-e-type=\"container\">\n\t\t\t\t<div class=\"elementor-element elementor-element-am-erfhub-toc elementor-toc--minimized-on-tablet elementor-widget elementor-widget-table-of-contents\" data-id=\"am-erfhub-toc\" data-element_type=\"widget\" data-e-type=\"widget\" data-settings=\"{&quot;exclude_headings_by_selector&quot;:[],&quot;no_headings_message&quot;:&quot;No s&#039;ha trobat cap encap\\u00e7alament en aquesta p\\u00e0gina.&quot;,&quot;headings_by_tags&quot;:[&quot;h2&quot;,&quot;h3&quot;],&quot;marker_view&quot;:&quot;bullets&quot;,&quot;minimize_box&quot;:&quot;yes&quot;,&quot;icon&quot;:{&quot;value&quot;:&quot;fas fa-circle&quot;,&quot;library&quot;:&quot;fa-solid&quot;,&quot;rendered_tag&quot;:&quot;&lt;svg class=\\&quot;e-font-icon-svg e-fas-circle\\&quot; viewBox=\\&quot;0 0 512 512\\&quot; xmlns=\\&quot;http:\\\/\\\/www.w3.org\\\/2000\\\/svg\\&quot;&gt;&lt;path d=\\&quot;M256 8C119 8 8 119 8 256s111 248 248 248 248-111 248-248S393 8 256 8z\\&quot;&gt;&lt;\\\/path&gt;&lt;\\\/svg&gt;&quot;},&quot;minimized_on&quot;:&quot;tablet&quot;,&quot;hierarchical_view&quot;:&quot;yes&quot;,&quot;min_height&quot;:{&quot;unit&quot;:&quot;px&quot;,&quot;size&quot;:&quot;&quot;,&quot;sizes&quot;:[]},&quot;min_height_tablet&quot;:{&quot;unit&quot;:&quot;px&quot;,&quot;size&quot;:&quot;&quot;,&quot;sizes&quot;:[]},&quot;min_height_mobile&quot;:{&quot;unit&quot;:&quot;px&quot;,&quot;size&quot;:&quot;&quot;,&quot;sizes&quot;:[]}}\" data-widget_type=\"table-of-contents.default\">\n\t\t\t\t\t\t\t\t\t<div class=\"elementor-toc__header\">\n\t\t\t\t\t\t<h2 class=\"elementor-toc__header-title\">\n\t\t\t\t\u00cdndex\t\t\t<\/h2>\n\t\t\t\t\t\t\t\t\t\t<div class=\"elementor-toc__toggle-button elementor-toc__toggle-button--expand\" role=\"button\" tabindex=\"0\" aria-controls=\"elementor-toc__am-erfhub-toc\" aria-expanded=\"true\" aria-label=\"Open table of contents\"><svg aria-hidden=\"true\" class=\"e-font-icon-svg e-fas-chevron-down\" viewBox=\"0 0 448 512\" xmlns=\"http:\/\/www.w3.org\/2000\/svg\"><path d=\"M207.029 381.476L12.686 187.132c-9.373-9.373-9.373-24.569 0-33.941l22.667-22.667c9.357-9.357 24.522-9.375 33.901-.04L224 284.505l154.745-154.021c9.379-9.335 24.544-9.317 33.901.04l22.667 22.667c9.373 9.373 9.373 24.569 0 33.941L240.971 381.476c-9.373 9.372-24.569 9.372-33.942 0z\"><\/path><\/svg><\/div>\n\t\t\t\t<div class=\"elementor-toc__toggle-button elementor-toc__toggle-button--collapse\" role=\"button\" tabindex=\"0\" aria-controls=\"elementor-toc__am-erfhub-toc\" aria-expanded=\"true\" aria-label=\"Close table of contents\"><svg aria-hidden=\"true\" class=\"e-font-icon-svg e-fas-chevron-up\" viewBox=\"0 0 448 512\" xmlns=\"http:\/\/www.w3.org\/2000\/svg\"><path d=\"M240.971 130.524l194.343 194.343c9.373 9.373 9.373 24.569 0 33.941l-22.667 22.667c-9.357 9.357-24.522 9.375-33.901.04L224 227.495 69.255 381.516c-9.379 9.335-24.544 9.317-33.901-.04l-22.667-22.667c-9.373-9.373-9.373-24.569 0-33.941L207.03 130.525c9.372-9.373 24.568-9.373 33.941-.001z\"><\/path><\/svg><\/div>\n\t\t\t\t\t<\/div>\n\t\t\t\t<div id=\"elementor-toc__am-erfhub-toc\" class=\"elementor-toc__body\">\n\t\t\t<div class=\"elementor-toc__spinner-container\">\n\t\t\t\t<svg class=\"elementor-toc__spinner eicon-animation-spin e-font-icon-svg e-eicon-loading\" aria-hidden=\"true\" viewBox=\"0 0 1000 1000\" xmlns=\"http:\/\/www.w3.org\/2000\/svg\"><path d=\"M500 975V858C696 858 858 696 858 500S696 142 500 142 142 304 142 500H25C25 237 238 25 500 25S975 237 975 500 763 975 500 975Z\"><\/path><\/svg>\t\t\t<\/div>\n\t\t<\/div>\n\t\t\t\t\t\t<\/div>\n\t\t\t\t<\/div>\n\t\t\t\t\t<\/div>\n\t\t\t\t<\/div>\n\t\t<div class=\"elementor-element elementor-element-am-erfhub-herorg e-flex e-con-boxed e-con e-child\" data-id=\"am-erfhub-herorg\" data-element_type=\"container\" data-e-type=\"container\">\n\t\t\t\t\t<div class=\"e-con-inner\">\n\t\t\t\t<div class=\"elementor-element elementor-element-am-erfhub-heroim iwg-hero-image elementor-widget elementor-widget-image\" data-id=\"am-erfhub-heroim\" data-element_type=\"widget\" data-e-type=\"widget\" data-widget_type=\"image.default\">\n\t\t\t\t\t\t\t\t\t\t\t\t\t\t\t<img fetchpriority=\"high\" decoding=\"async\" width=\"800\" height=\"441\" src=\"https:\/\/iwell-guard.com\/wp-content\/uploads\/2026\/05\/Lava-1200x661-Hintergrund-sym-1024x564.webp\" class=\"attachment-large size-large wp-image-2259\" alt=\"iWell Guard Schutzanh\u00e4nger, schwarzer Karbonfaser-Chip mit goldfarbenen Akzenten\" srcset=\"https:\/\/iwell-guard.com\/wp-content\/uploads\/2026\/05\/Lava-1200x661-Hintergrund-sym-1024x564.webp 1024w, https:\/\/iwell-guard.com\/wp-content\/uploads\/2026\/05\/Lava-1200x661-Hintergrund-sym-300x165.webp 300w, https:\/\/iwell-guard.com\/wp-content\/uploads\/2026\/05\/Lava-1200x661-Hintergrund-sym-768x423.webp 768w, https:\/\/iwell-guard.com\/wp-content\/uploads\/2026\/05\/Lava-1200x661-Hintergrund-sym.webp 1200w\" sizes=\"(max-width: 800px) 100vw, 800px\" \/>\t\t\t\t\t\t\t\t\t\t\t\t\t\t\t<\/div>\n\t\t\t\t\t<\/div>\n\t\t\t\t<\/div>\n\t\t\t\t\t<\/div>\n\t\t\t\t<\/div>\n\t\t<div class=\"elementor-element elementor-element-klaerung1777529180 e-con-boxed e-flex e-con e-parent\" data-id=\"klaerung1777529180\" data-element_type=\"container\" data-e-type=\"container\">\n\t\t\t\t\t<div class=\"e-con-inner\">\n\t\t\t\t<div class=\"elementor-element elementor-element-klar1777529180 elementor-widget elementor-widget-text-editor\" data-id=\"klar1777529180\" data-element_type=\"widget\" data-e-type=\"widget\" data-widget_type=\"text-editor.default\">\n\t\t\t\t\t\t\t\t\t\n<p data-nosnippet=\"true\"><em>En aquesta p\u00e0gina recollim <strong>testimonis<\/strong> de persones que porten el penjoll de protecci\u00f3: m\u00e8diums formats, practicants energ\u00e8tics i particulars especialment sensibles. Cada <strong>testimoni<\/strong> est\u00e0 identificat pel nom, classificat metodol\u00f2gicament i formulat sense promeses de curaci\u00f3.<\/em><\/p><p>Al centre d&#8217;aquests testimonis hi ha el <strong>penjoll de protecci\u00f3<\/strong> iWell Guard com a eina pr\u00e0ctica amb la qual s&#8217;han viscut els efectes aqu\u00ed documentats.<\/p>\t\t\t\t\t\t\t\t<\/div>\n\t\t\t\t\t<\/div>\n\t\t\t\t<\/div>\n\t\t<div class=\"elementor-element elementor-element-clstrsec1777543109 e-con-boxed e-flex e-con e-parent\" data-id=\"clstrsec1777543109\" data-element_type=\"container\" data-e-type=\"container\">\n\t\t\t\t\t<div class=\"e-con-inner\">\n\t\t\t\t<div class=\"elementor-element elementor-element-h21777543109 elementor-widget elementor-widget-heading\" data-id=\"h21777543109\" data-element_type=\"widget\" data-e-type=\"widget\" data-widget_type=\"heading.default\">\n\t\t\t\t\t<h2 class=\"elementor-heading-title elementor-size-default\">Testimonis: veus de m\u00e8diums formats<\/h2>\t\t\t\t<\/div>\n\t\t\t\t<div class=\"elementor-element elementor-element-txt1777543109 elementor-widget elementor-widget-text-editor\" data-id=\"txt1777543109\" data-element_type=\"widget\" data-e-type=\"widget\" data-widget_type=\"text-editor.default\">\n\t\t\t\t\t\t\t\t\t\n<p>En aquesta p\u00e0gina els testimonis ocupen el lloc central: declaracions de m\u00e8diums formats, practicants energ\u00e8tics i portadores sensibles que duen el penjoll en el dia a dia. Cada testimoni est\u00e0 identificat pel nom.<\/p><p data-nosnippet=\"true\">Nom\u00e9s publiquem testimonis amb el consentiment expr\u00e9s de l&#8217;autor i indicant clarament que es tracta de percepcions personals, sense promeses de curaci\u00f3 ni evid\u00e8ncia cient\u00edfica.<\/p><p>Trobareu la classificaci\u00f3 metodol\u00f2gica de cada testimoni a <a href=\"https:\/\/iwell-guard.com\/ca\/?page_id=171432\">Metodologia<\/a>; l&#8217;eina de diagn\u00f2stic energ\u00e8tic, a <a href=\"https:\/\/iwell-guard.com\/ca\/?page_id=171478\">Verificaci\u00f3 en el camp d&#8217;informaci\u00f3 c\u00f2smic<\/a>.<\/p>\t\t\t\t\t\t\t\t<\/div>\n\t\t\t\t\t<\/div>\n\t\t\t\t<\/div>\n\t\t<div class=\"elementor-element elementor-element-x404-s0 e-con-boxed e-flex e-con e-parent\" data-id=\"x404-s0\" data-element_type=\"container\" data-e-type=\"container\">\n\t\t\t\t\t<div class=\"e-con-inner\">\n\t\t\t\t<div class=\"elementor-element elementor-element-x404-h0 elementor-widget elementor-widget-heading\" data-id=\"x404-h0\" data-element_type=\"widget\" data-e-type=\"widget\" data-widget_type=\"heading.default\">\n\t\t\t\t\t<h2 class=\"elementor-heading-title elementor-size-default\">Introducci\u00f3<\/h2>\t\t\t\t<\/div>\n\t\t<div class=\"elementor-element elementor-element-x404-s0-bw e-flex e-con-boxed e-con e-parent\" data-id=\"x404-s0-bw\" data-element_type=\"container\" data-e-type=\"container\" data-settings=\"{&quot;background_background&quot;:&quot;classic&quot;}\">\n\t\t\t\t\t<div class=\"e-con-inner\">\n\t\t\t\t<div class=\"elementor-element elementor-element-x404-t0 elementor-widget elementor-widget-text-editor\" data-id=\"x404-t0\" data-element_type=\"widget\" data-e-type=\"widget\" data-widget_type=\"text-editor.default\">\n\t\t\t\t\t\t\t\t\t<p>Aqu\u00ed recollim testimonis de persones que utilitzen el penjoll. Els grups de destinataris principals, dels quals rebem especialment moltes respostes, s\u00f3n m\u00e8diums formats i persones sensibles, \u00e9s a dir, persones que, gr\u00e0cies a les seves capacitats de percepci\u00f3 o a la seva sensibilitat energ\u00e8tica, poden classificar amb m\u00e9s matisos all\u00f2 que senten.<\/p><p>Tots els testimonis apareixen aqu\u00ed amb el consentiment expr\u00e9s dels seus autors. Si alg\u00fa retira el seu consentiment, el seu testimoni s&#8217;elimina immediatament. Els testimonis anonimitzats porten una indicaci\u00f3 de rol (\u00abm\u00e8dium\u00bb, \u00abpersona sensible\u00bb, \u00abterapeuta naturista\u00bb) perqu\u00e8 el lector pugui situar la perspectiva. Mai modifiquem el contingut, no polim les formulacions i nom\u00e9s n&#8217;escur\u00e7em el text amb el consentiment dels autors.<\/p><div><h3>Lloc dels testimonis dins la metodologia d&#8217;iWell Guard<\/h3><p>A iWell Guard, els testimonis constitueixen una classe de fonts pr\u00f2pia, clarament identificada metodol\u00f2gicament. Es situen al costat de les altres tres classes de fonts que utilitzem al lloc: fonts acad\u00e8miques d&#8217;hist\u00f2ria de les religions (citades amb autor, obra, any), informaci\u00f3 medial procedent del camp d&#8217;informaci\u00f3 c\u00f2smic (vegeu <a href=\"https:\/\/iwell-guard.com\/ca\/?page_id=171432\">Metodologia<\/a>) i l&#8217;ensenyament intern de la tradici\u00f3 iWell Guard.<\/p><p>Els testimonis no s\u00f3n proves cient\u00edfiques, sin\u00f3 declaracions subjectives de persones concretes sobre la seva percepci\u00f3 del penjoll.<\/p><p>Valorem els testimonis segons la posici\u00f3 de percepci\u00f3 dels seus autors: els m\u00e8diums formats i les persones amb una sensibilitat energ\u00e8tica marcada solen aportar observacions m\u00e9s matisades, perqu\u00e8 poden distingir capes energ\u00e8tiques que resten invisibles per a altres persones.<\/p><p>Els testimonis de particulars no s\u00f3n menys valuosos, per\u00f2 descriuen m\u00e9s b\u00e9 el nivell d&#8217;efecte en la vida quotidiana que l&#8217;estructura energ\u00e8tica profunda. Totes dues perspectives tenen lloc en una p\u00e0gina que documenta el penjoll en tota la seva amplitud.<\/p><\/div>\t\t\t\t\t\t\t\t<\/div>\n\t\t\t\t\t<\/div>\n\t\t\t\t<\/div>\n\t\t\t\t\t<\/div>\n\t\t\t\t<\/div>\n\t\t<div class=\"elementor-element elementor-element-x404-s1 e-con-boxed e-flex e-con e-parent\" data-id=\"x404-s1\" data-element_type=\"container\" data-e-type=\"container\">\n\t\t\t\t\t<div class=\"e-con-inner\">\n\t\t\t\t<div class=\"elementor-element elementor-element-x404-h1 elementor-widget elementor-widget-heading\" data-id=\"x404-h1\" data-element_type=\"widget\" data-e-type=\"widget\" data-widget_type=\"heading.default\">\n\t\t\t\t\t<h2 class=\"elementor-heading-title elementor-size-default\">Consentiment i transpar\u00e8ncia<\/h2>\t\t\t\t<\/div>\n\t\t<div class=\"elementor-element elementor-element-x404-s1-bw e-flex e-con-boxed e-con e-parent\" data-id=\"x404-s1-bw\" data-element_type=\"container\" data-e-type=\"container\" data-settings=\"{&quot;background_background&quot;:&quot;classic&quot;}\">\n\t\t\t\t\t<div class=\"e-con-inner\">\n\t\t\t\t<div class=\"elementor-element elementor-element-x404-t1 elementor-widget elementor-widget-text-editor\" data-id=\"x404-t1\" data-element_type=\"widget\" data-e-type=\"widget\" data-widget_type=\"text-editor.default\">\n\t\t\t\t\t\t\t\t\t<p>Aqu\u00ed nom\u00e9s publiquem el que podem justificar: cada consentiment queda documentat per escrit (correu electr\u00f2nic, carta o formulari del web amb casella de consentiment). Les dades reals dels autors romanen internes; al web nom\u00e9s apareix el nom mostrat segons el nivell d&#8217;anonimitzaci\u00f3 acordat.<\/p><p>Si un autor revoca el seu consentiment, eliminem la publicaci\u00f3 immediatament (RGPD, art. 7.3, dret de revocaci\u00f3). Responem de manera transparent als comentaris sobre testimonis concrets.<\/p><div><h3>Marc legal de protecci\u00f3 de dades<\/h3><p>Nom\u00e9s publiquem testimonis amb el consentiment escrit previ dels autors, d&#8217;acord amb l&#8217;article 7 del Reglament General de Protecci\u00f3 de Dades. Les dades reals dels autors romanen internes i no es cedeixen a tercers.<\/p><p>Al web nom\u00e9s apareix el nom mostrat segons el nivell d&#8217;anonimitzaci\u00f3 acordat amb l&#8217;autor (nom real, nom i inicial, denominaci\u00f3 de rol com \u00abm\u00e8dium\u00bb o \u00abpersona sensible\u00bb, o anonimat complet). El nivell escollit \u00e9s visible en el propi testimoni.<\/p><p>Tot consentiment es pot revocar en qualsevol moment (art. 7.3 RGPD). En cas de revocaci\u00f3, eliminem la publicaci\u00f3 en un termini de deu dies laborables. Trobareu una explicaci\u00f3 detallada sobre protecci\u00f3 de dades a la nostra <a href=\"https:\/\/iwell-guard.com\/ca\/?page_id=171475\">Declaraci\u00f3 de protecci\u00f3 de dades<\/a>; per a sol\u00b7licituds d&#8217;acc\u00e9s a les dades emmagatzemades sobre la vostra persona, dirigiu-vos a l&#8217;adre\u00e7a de correu electr\u00f2nic indicada a l&#8217;<a href=\"https:\/\/iwell-guard.com\/ca\/?page_id=171474\">av\u00eds legal<\/a>.<\/p><\/div><div><h3>Qu\u00e8 no s\u00f3n els testimonis<\/h3><p data-nosnippet=\"true\">Els testimonis a iWell Guard no s\u00f3n estudis cient\u00edfics d&#8217;efic\u00e0cia, ni promeses m\u00e8diques de curaci\u00f3, ni garanties d&#8217;experi\u00e8ncies individuals. S\u00f3n percepcions subjectives de persones concretes que han autoritzat la publicaci\u00f3 de les seves observacions. Altres portadors poden tenir percepcions diferents; aix\u00f2 \u00e9s metodol\u00f2gicament previsible i no contradictori.<\/p><p data-nosnippet=\"true\">Per raons legals, indiquem tamb\u00e9 el seg\u00fcent: els testimonis no substitueixen l&#8217;assessorament m\u00e8dic, psicol\u00f2gic ni legal. Qui tingui s\u00edmptomes de salut o es trobi en una crisi aguda hauria d&#8217;acudir a professionals qualificats. L&#8217;iWell Guard \u00e9s un penjoll de camp de protecci\u00f3, no un producte sanitari en el sentit de la normativa sobre productes sanitaris. Trobareu una classificaci\u00f3 legal completa a la p\u00e0gina <a href=\"https:\/\/iwell-guard.com\/ca\/?page_id=171626\">Avisos legals<\/a>.<\/p><\/div>\t\t\t\t\t\t\t\t<\/div>\n\t\t\t\t\t<\/div>\n\t\t\t\t<\/div>\n\t\t\t\t\t<\/div>\n\t\t\t\t<\/div>\n\t\t<div class=\"elementor-element elementor-element-x404-s2 e-con-boxed e-flex e-con e-parent\" data-id=\"x404-s2\" data-element_type=\"container\" data-e-type=\"container\">\n\t\t\t\t\t<div class=\"e-con-inner\">\n\t\t\t\t<div class=\"elementor-element elementor-element-x404-h2 elementor-widget elementor-widget-heading\" data-id=\"x404-h2\" data-element_type=\"widget\" data-e-type=\"widget\" data-widget_type=\"heading.default\">\n\t\t\t\t\t<h2 class=\"elementor-heading-title elementor-size-default\">Veus de m\u00e8diums<\/h2>\t\t\t\t<\/div>\n\t\t<div class=\"elementor-element elementor-element-x404-s2-bw e-flex e-con-boxed e-con e-parent\" data-id=\"x404-s2-bw\" data-element_type=\"container\" data-e-type=\"container\" data-settings=\"{&quot;background_background&quot;:&quot;classic&quot;}\">\n\t\t\t\t\t<div class=\"e-con-inner\">\n\t\t\t\t<div class=\"elementor-element elementor-element-x404-t2 elementor-widget elementor-widget-text-editor\" data-id=\"x404-t2\" data-element_type=\"widget\" data-e-type=\"widget\" data-widget_type=\"text-editor.default\">\n\t\t\t\t\t\t\t\t\t<p>M\u00e8diums formats que treballen amb el camp d&#8217;informaci\u00f3 c\u00f2smic i terapeutes hi expliquen la seva percepci\u00f3 i pr\u00e0ctica amb el penjoll protector. Aquestes veus documentades s\u00f3n testimonis contemporanis d&#8217;individus, els relats dels quals s\u00f3n subjectius i no constitueixen una verificaci\u00f3 cient\u00edfica, per\u00f2 poden ser recollits en el marc de m\u00e8todes de recerca qualitativa.<\/p>\t\t\t\t\t\t\t\t<\/div>\n\t\t\t\t\t<\/div>\n\t\t\t\t<\/div>\n\t\t\t\t\t<\/div>\n\t\t\t\t<\/div>\n\t\t<div class=\"elementor-element elementor-element-x404-s3 e-con-boxed e-flex e-con e-parent\" data-id=\"x404-s3\" data-element_type=\"container\" data-e-type=\"container\">\n\t\t\t\t\t<div class=\"e-con-inner\">\n\t\t\t\t<div class=\"elementor-element elementor-element-x404-h3 elementor-widget elementor-widget-heading\" data-id=\"x404-h3\" data-element_type=\"widget\" data-e-type=\"widget\" data-widget_type=\"heading.default\">\n\t\t\t\t\t<h2 class=\"elementor-heading-title elementor-size-default\">Veus de persones sensitives<\/h2>\t\t\t\t<\/div>\n\t\t<div class=\"elementor-element elementor-element-x404-s3-bw e-flex e-con-boxed e-con e-parent\" data-id=\"x404-s3-bw\" data-element_type=\"container\" data-e-type=\"container\" data-settings=\"{&quot;background_background&quot;:&quot;classic&quot;}\">\n\t\t\t\t\t<div class=\"e-con-inner\">\n\t\t\t\t<div class=\"elementor-element elementor-element-x404-t3 elementor-widget elementor-widget-text-editor\" data-id=\"x404-t3\" data-element_type=\"widget\" data-e-type=\"widget\" data-widget_type=\"text-editor.default\">\n\t\t\t\t\t\t\t\t\t<p>Persones que s\u00f3n energ\u00e8ticament hipersensibles o que reaccionen d&#8217;una manera especialment fina al seu entorn en donen testimoni aqu\u00ed.<\/p><h3>An\u00f2nim, persona sensitiva \u00b7 Durada d&#8217;\u00fas: 3 setmanes<\/h3><p>\u00abDes que porto el penjoll, la pressi\u00f3 al cap durant les hores llargues de pantalla \u00e9s molt menor. Sense cap intenci\u00f3 publicit\u00e0ria, simplement la meva experi\u00e8ncia.\u00bb<\/p>\n\n<div class=\"iwg-experiences-grid\">\n <article class=\"iwg-experience-card\">\n <blockquote>Sento un escut protector que m&#8217;envolta completament, semblant a un capoll. L&#8217;\u00fanica connexi\u00f3 que traspassa \u00e9s de la corona cap al Sol Central (la Font Primordial) i des del chakra arrel cap al centre de la Terra (Gaia) com a presa de terra. Les energies alienes queden totalment blindades. Cap <span class=\"iwg-fachbegriff\" data-tooltip=\"Creen\u00e7a estesa segons la qual una mirada enveja d'una altra persona pot causar dany.\" tabindex=\"0\">mal d&#8217;ull<\/span> ni cap altra <span class=\"iwg-fachbegriff\" data-tooltip=\"Pr\u00e0ctiques que pretenen intervenir en el curs dels esdeveniments mitjan\u00e7ant accions o f\u00f3rmules especials.\" tabindex=\"0\">m\u00e0gia<\/span> negra hi passa. Sento un intens tor energ\u00e8tic. Actua fins al 7\u00e8 nivell astral. Els esperits i dimonis nom\u00e9s arriben fins al 6\u00e8 nivell.<\/blockquote>\n <cite>Holger G. Seehausen Altmark<\/cite>\n <\/article>\n <article class=\"iwg-experience-card\">\n <blockquote>He sentit com del chakra del cor sortia una remolinada. Ho he sentit al cap i a les dents, com una succi\u00f3, com en una pir\u00e0mide. Pujava pel cap, que quedava alliberat, i baixava fins als peus. He sentit una connexi\u00f3 cap avall i cap amunt.<\/blockquote>\n <cite>Sabine v. L. de L.<\/cite>\n <\/article>\n <article class=\"iwg-experience-card\">\n <blockquote>Abans hi havia \u00abatacs\u00bb prop del cor, que travessaven l&#8217;esc\u00e0pula fins al pit. Pressi\u00f3 al pit. Despr\u00e9s de posar-me el penjoll, els atacs van cessar. La primera nit vaig dormir de manera inquieta i em costava agafar el son per l&#8217;energia sobtadament m\u00e9s alta. Al mat\u00ed, cap atac durant la nit, m\u00e9s energia, un <span class=\"iwg-fachbegriff\" data-tooltip=\"\u00c9sser incorpori al qual s'atribueix acci\u00f3 en el m\u00f3n.\" tabindex=\"0\">esperit<\/span> m\u00e9s lliure.<\/blockquote>\n <cite>Silvia R. de N.<\/cite>\n <\/article>\n <article class=\"iwg-experience-card\">\n <blockquote>Durant la primera setmana, va semblar que es repetien tots els atacs que havien passat, per\u00f2 sense els efectes negatius. Despr\u00e9s va desapar\u00e8ixer de nou. La sensaci\u00f3 de perforaci\u00f3, la pressi\u00f3 al cor, per\u00f2 sense por ni dolor directe. Despr\u00e9s tot va desapar\u00e8ixer i tot es sent m\u00e9s lleuger. El cap est\u00e0 m\u00e9s lliure. Des que porto el penjoll no he tingut m\u00e9s atacs de m\u00e0gia negra.<\/blockquote>\n <cite>Rosemarie I. de G.<\/cite>\n <\/article>\n <article class=\"iwg-experience-card\">\n <blockquote>Sento un capoll protector al meu voltant. El cor i el front van reaccionar primer. Ja no tot \u00e9s tan dram\u00e0tic com abans per a mi. Estic clarament definida. Ja no tinc malsons. La meva gata sempre dormia al costat del meu cap al llit. Des que tinc el penjoll, dorm a la seva cistella. Ja no cal que em protegeixi.<\/blockquote>\n <cite>Anja de F.<\/cite>\n <\/article>\n<\/div>\n<aside class=\"iwg-experiences-disclaimer\">\n <strong>Percepcions personals.<\/strong> Els relats reprodu\u00efts aqu\u00ed s\u00f3n experi\u00e8ncies individuals de portadors i portadores concrets. No constitueixen una promesa de curaci\u00f3, ni una prova cient\u00edfica d&#8217;efic\u00e0cia, ni una garantia de percepcions comparables per a altres persones. iWell Guard no \u00e9s un producte m\u00e8dic i no substitueix un tractament m\u00e8dic o psicoterap\u00e8utic.\n<\/aside>\n\t\t\t\t\t\t\t\t<\/div>\n\t\t\t\t\t<\/div>\n\t\t\t\t<\/div>\n\t\t\t\t\t<\/div>\n\t\t\t\t<\/div>\n\t\t<div class=\"elementor-element elementor-element-x404-s4 e-con-boxed e-flex e-con e-parent\" data-id=\"x404-s4\" data-element_type=\"container\" data-e-type=\"container\">\n\t\t\t\t\t<div class=\"e-con-inner\">\n\t\t\t\t<div class=\"elementor-element elementor-element-x404-h4 elementor-widget elementor-widget-heading\" data-id=\"x404-h4\" data-element_type=\"widget\" data-e-type=\"widget\" data-widget_type=\"heading.default\">\n\t\t\t\t\t<h2 class=\"elementor-heading-title elementor-size-default\">Veus d'experts<\/h2>\t\t\t\t<\/div>\n\t\t<div class=\"elementor-element elementor-element-x404-s4-bw e-flex e-con-boxed e-con e-parent\" data-id=\"x404-s4-bw\" data-element_type=\"container\" data-e-type=\"container\" data-settings=\"{&quot;background_background&quot;:&quot;classic&quot;}\">\n\t\t\t\t\t<div class=\"e-con-inner\">\n\t\t\t\t<div class=\"elementor-element elementor-element-x404-t4 elementor-widget elementor-widget-text-editor\" data-id=\"x404-t4\" data-element_type=\"widget\" data-e-type=\"widget\" data-widget_type=\"text-editor.default\">\n\t\t\t\t\t\t\t\t\t<h3>Enviar testimonis<\/h3><p>Ha viscut personalment una trobada amb algun dels \u00e9ssers descrits en aquest portal, una aparici\u00f3 fantasmal, un somni inexplicable, un esdeveniment interpretat com a sincronicitat, una visi\u00f3 xam\u00e0nica o una imatge rebuda per via medi\u00famnica? iwell-guard.com recull sistem\u00e0ticament aquest tipus de relats des de 2024 per documentar, al costat de les seccions acad\u00e8miques de ci\u00e8ncies de la religi\u00f3, una dimensi\u00f3 complement\u00e0ria basada en l&#8217;experi\u00e8ncia.<\/p><p>Es poden enviar relats d&#8217;experi\u00e8ncies en llengua alemanya, d&#8217;un m\u00ednim de 200 i un m\u00e0xim de 3000 paraules.<\/p><p>\u00c9s important indicar amb la m\u00e0xima precisi\u00f3 possible el moment i el lloc, descriure l&#8217;estat previ propi (vig\u00edlia, <span class=\"iwg-fachbegriff\" tabindex=\"0\" data-tooltip=\"Estat de consci\u00e8ncia alterat amb atenci\u00f3 redu\u00efda; provocat de manera conscient en la pr\u00e0ctica xam\u00e0nica i medi\u00famnica.\">tr\u00e0ngol<\/span>, mig son, etc.), oferir una descripci\u00f3 diferenciada de la percepci\u00f3 (veure, sentir, notar, olorar) i, si \u00e9s possible, una interpretaci\u00f3 retrospectiva. Les dades personals es poden anonimitzar si es desitja; es prioritzen els relats verificables (per exemple, amb testimonis independents o rastres documentals). L&#8217;enviament es fa mitjan\u00e7ant el formulari de contacte del peu de p\u00e0gina.<\/p>\t\t\t\t\t\t\t\t<\/div>\n\t\t\t\t\t<\/div>\n\t\t\t\t<\/div>\n\t\t\t\t\t<\/div>\n\t\t\t\t<\/div>\n\t\t<div class=\"elementor-element elementor-element-x404-s5 e-con-boxed e-flex e-con e-parent\" data-id=\"x404-s5\" data-element_type=\"container\" data-e-type=\"container\">\n\t\t\t\t\t<div class=\"e-con-inner\">\n\t\t\t\t<div class=\"elementor-element elementor-element-x404-h5 elementor-widget elementor-widget-heading\" data-id=\"x404-h5\" data-element_type=\"widget\" data-e-type=\"widget\" data-widget_type=\"heading.default\">\n\t\t\t\t\t<h2 class=\"elementor-heading-title elementor-size-default\">Veus de particulars<\/h2>\t\t\t\t<\/div>\n\t\t<div class=\"elementor-element elementor-element-x404-s5-bw e-flex e-con-boxed e-con e-parent\" data-id=\"x404-s5-bw\" data-element_type=\"container\" data-e-type=\"container\" data-settings=\"{&quot;background_background&quot;:&quot;classic&quot;}\">\n\t\t\t\t\t<div class=\"e-con-inner\">\n\t\t\t\t<div class=\"elementor-element elementor-element-x404-t5 elementor-widget elementor-widget-text-editor\" data-id=\"x404-t5\" data-element_type=\"widget\" data-e-type=\"widget\" data-widget_type=\"text-editor.default\">\n\t\t\t\t\t\t\t\t\t<h3>Revisi\u00f3 i categoritzaci\u00f3 editorial<\/h3><p>Els relats rebuts passen per un proc\u00e9s editorial en tres etapes. <strong>Primera etapa:<\/strong> revisi\u00f3 formal, integritat de les dades, extensi\u00f3 m\u00ednima, estructura coherent.<\/p><p><strong>Segona etapa:<\/strong> classificaci\u00f3 de contingut, a quina classe d&#8217;\u00e9sser (<span class=\"iwg-fachbegriff\" data-tooltip=\"\u00c9sser incorpori al qual s'atribueix acci\u00f3 en el m\u00f3n.\" tabindex=\"0\">esperit<\/span>, <span class=\"iwg-fachbegriff\" data-tooltip=\"\u00c9sser venerat com a div\u00ed dins d'una religi\u00f3.\" tabindex=\"0\">divinitat<\/span>, <span class=\"iwg-fachbegriff\" data-tooltip=\"\u00c9sser espiritual al qual s'atribueix un efecte perjudicial o ambivalent.\" tabindex=\"0\">dimoni<\/span>, \u00e9sser de llum, esperit de la natura) i a quina tradici\u00f3 cultural correspon millor el fenomen descrit? Aqu\u00ed tamb\u00e9 es comprova si patrons explicatius psicol\u00f2gics, neurol\u00f2gics o socials (hipnopompia, <span class=\"iwg-fachbegriff\" tabindex=\"0\" data-tooltip=\"Tend\u00e8ncia perceptiva a recon\u00e8ixer rostres o figures en est\u00edmuls aleatoris (n\u00favols, ombres).\">pareid\u00f2lia<\/span>, condicionament col\u00b7lectiu) resulten m\u00e9s plausibles que un marc de refer\u00e8ncia d&#8217;un \u00e9sser concret.<\/p><p><strong>Tercera etapa:<\/strong> comparaci\u00f3 creuada, s&#8217;ajusta el relat a relats estructuralment similars d&#8217;altres \u00e0mbits culturals o \u00e8poques hist\u00f2riques? Seguim el principi: fenomenologia abans que ontologia.<\/p><p>\u00c9s a dir: documentem com es va viure una experi\u00e8ncia, sense prendre necess\u00e0riament posici\u00f3 sobre qu\u00e8 era \u00aben realitat\u00bb. Els testimonis apareixen anonimitzats en una secci\u00f3 pr\u00f2pia i es vinculen com a refer\u00e8ncia creuada a les p\u00e0gines de detall dels \u00e9ssers corresponents.<\/p>\t\t\t\t\t\t\t\t<\/div>\n\t\t\t\t\t<\/div>\n\t\t\t\t<\/div>\n\t\t\t\t\t<\/div>\n\t\t\t\t<\/div>\n\t\t<div class=\"elementor-element elementor-element-x404-s6 e-con-boxed e-flex e-con e-parent\" data-id=\"x404-s6\" data-element_type=\"container\" data-e-type=\"container\">\n\t\t\t\t\t<div class=\"e-con-inner\">\n\t\t\t\t<div class=\"elementor-element elementor-element-x404-h6 elementor-widget elementor-widget-heading\" data-id=\"x404-h6\" data-element_type=\"widget\" data-e-type=\"widget\" data-widget_type=\"heading.default\">\n\t\t\t\t\t<h2 class=\"elementor-heading-title elementor-size-default\">Enviar un informe propi<\/h2>\t\t\t\t<\/div>\n\t\t<div class=\"elementor-element elementor-element-x404-s6-bw e-flex e-con-boxed e-con e-parent\" data-id=\"x404-s6-bw\" data-element_type=\"container\" data-e-type=\"container\" data-settings=\"{&quot;background_background&quot;:&quot;classic&quot;}\">\n\t\t\t\t\t<div class=\"e-con-inner\">\n\t\t\t\t<div class=\"elementor-element elementor-element-x404-t6 elementor-widget elementor-widget-text-editor\" data-id=\"x404-t6\" data-element_type=\"widget\" data-e-type=\"widget\" data-widget_type=\"text-editor.default\">\n\t\t\t\t\t\t\t\t\t<p>Si utilitza el penjoll i vol compartir el seu testimoni aqu\u00ed, utilitzi el nostre <a href=\"https:\/\/iwell-guard.com\/ca\/?page_id=171482\">formulari de contacte<\/a>. Volem mantenir la transpar\u00e8ncia: vost\u00e8 confirma el consentiment de publicaci\u00f3 de manera expl\u00edcita, decideix vost\u00e8 mateix el nivell d&#8217;anonimitzaci\u00f3 i pot revocar el consentiment en qualsevol moment.<\/p><p>Qu\u00e8 desitgem:<\/p><ul><li>Context concret (durant quant temps, en quines situacions)<\/li><li>Percepci\u00f3 pr\u00f2pia sense promeses de curaci\u00f3 a altres persones<\/li><li>Signatura o confirmaci\u00f3 del nom real per correu electr\u00f2nic (nom\u00e9s publiquem el nom visible)<\/li><li>Indicaci\u00f3 del seu tipus de perfil (m\u00e8dium, persona sensible, expert, particular)<\/li><\/ul>\t\t\t\t\t\t\t\t<\/div>\n\t\t\t\t\t<\/div>\n\t\t\t\t<\/div>\n\t\t\t\t\t<\/div>\n\t\t\t\t<\/div>\n\t\t<div class=\"elementor-element elementor-element-x404-s7 e-con-boxed e-flex e-con e-parent\" data-id=\"x404-s7\" data-element_type=\"container\" data-e-type=\"container\">\n\t\t\t\t\t<div class=\"e-con-inner\">\n\t\t\t\t<div class=\"elementor-element elementor-element-x404-h7 elementor-widget elementor-widget-heading\" data-id=\"x404-h7\" data-element_type=\"widget\" data-e-type=\"widget\" data-widget_type=\"heading.default\">\n\t\t\t\t\t<h2 class=\"elementor-heading-title elementor-size-default\">Av\u00eds legal<\/h2>\t\t\t\t<\/div>\n\t\t<div class=\"elementor-element elementor-element-x404-s7-bw e-flex e-con-boxed e-con e-parent\" data-id=\"x404-s7-bw\" data-element_type=\"container\" data-e-type=\"container\" data-settings=\"{&quot;background_background&quot;:&quot;classic&quot;}\">\n\t\t\t\t\t<div class=\"e-con-inner\">\n\t\t\t\t<div class=\"elementor-element elementor-element-x404-t7 elementor-widget elementor-widget-text-editor\" data-id=\"x404-t7\" data-element_type=\"widget\" data-e-type=\"widget\" data-widget_type=\"text-editor.default\">\n\t\t\t\t\t\t\t\t\t<footer class=\"iwg-literatur\"><p data-nosnippet=\"true\"><em>Els testimonis s\u00f3n declaracions personals i subjectives de diferents usuaris i usu\u00e0ries. No s\u00f3n proves cient\u00edfiques, ni promeses de curaci\u00f3, ni una garantia d&#8217;experi\u00e8ncies individuals. Tots els testimonis mostrats aqu\u00ed es publiquen amb el consentiment dels seus autors.<\/em><\/p><p><em>M\u00e9s informaci\u00f3 sobre la metodologia del nostre treball amb testimonis: <a href=\"https:\/\/iwell-guard.com\/ca\/?page_id=171432#benutzerkommentare\">\/methodik\/#benutzerkommentare<\/a><\/em><\/p><h3>Classificaci\u00f3 metodol\u00f2gica dels testimonis<\/h3><p>Organitzem els testimonis segons una classificaci\u00f3 senzilla: els m\u00e8diums formats s\u00f3n persones amb pr\u00e0ctica documentada i formaci\u00f3 en procediments medi\u00famnics; els seus testimonis solen ser metodol\u00f2gicament reflexionats i incloure enfocaments de verificaci\u00f3.<\/p><p>Les persones sensibles s\u00f3n hipersensibles energ\u00e8ticament, sense formaci\u00f3 formal; els seus testimonis reflecteixen percepcions subjectives sense pretensi\u00f3 metodol\u00f2gica. Els experts s\u00f3n natur\u00f2pates, terapeutes i treballadors energ\u00e8tics que treballen amb el penjoll en un context professional. Finalment, els particulars s\u00f3n portadors sense antecedents medi\u00famnics ni professionals.<\/p><h3>Qu\u00e8 no afirmem<\/h3><p>Amb aquests testimonis no fem afirmacions d&#8217;efecte en sentit cient\u00edfic. Els testimonis s\u00f3n percepcions subjectives de persones individuals; no s\u00f3n representatius, ni reprodu\u00efbles, ni validats cl\u00ednicament.<\/p><p>Si les percepcions relatades es basen en un efecte energ\u00e8tic real, en un efecte placebo, en una selecci\u00f3 perceptiva confirmat\u00f2ria o en una combinaci\u00f3 d&#8217;aquests mecanismes, \u00e9s objecte de recerca cient\u00edfica i psicol\u00f2gica que aqu\u00ed no resolem.<\/p><h3>Per qu\u00e8 publiquem els testimonis malgrat tot<\/h3><p>Els testimonis tenen un valor documental. Mostren la diversitat dels contextos d&#8217;\u00fas, ofereixen a altres persones portadores material de comparaci\u00f3 i formen part del desenvolupament d&#8217;una tradici\u00f3 de pr\u00e0ctica reflexionada.<\/p><p>Un lloc web sobre un penjoll de protecci\u00f3 que nom\u00e9s contingu\u00e9s explicacions te\u00f2riques sense testimonis d&#8217;\u00fas seria incomplet; volem donar a les experi\u00e8ncies d&#8217;\u00fas l&#8217;espai que els correspon, sense interpretar-les m\u00e9s enll\u00e0 del que s\u00f3n.<\/p><h3>Protecci\u00f3 de dades i consentiment<\/h3><p>Tots els testimonis publicats contenen exclusivament dades per a les quals disposem del consentiment expr\u00e9s de la persona que els relata. Els noms de les persones nom\u00e9s es mencionen \u00edntegrament amb autoritzaci\u00f3 expl\u00edcita; en cas contrari, utilitzem inicials del nom o denominacions anonimitzades.<\/p><p>Els antecedents professionals i les dades regionals nom\u00e9s es mencionen quan s\u00f3n rellevants per situar el testimoni i han estat autoritzats per la persona. Els testimonis poden retirar-se en qualsevol moment a petici\u00f3; no existeix cap obligaci\u00f3 de mantenir un testimoni un cop donat.<\/p><div data-nosnippet=\"true\" class=\"iwg-litliste\"><p><strong>Bibliografia est\u00e0ndard (<span class=\"iwg-fachbegriff\" data-tooltip=\"La ci\u00e8ncia que estudia les religions de manera comparativa i sense vinculaci\u00f3 confessional.\" tabindex=\"0\">Ci\u00e8ncies de la religi\u00f3<\/span> comparades):<\/strong><\/p><ul><li><span data-nosnippet><strong>Hanegraaff, Wouter J. (Ed.)<\/strong>: <em>Dictionary of <span class=\"iwg-fachbegriff\" data-tooltip=\"Corrent religi\u00f3s de l'antiguitat tardana que ensenyava la salvaci\u00f3 mitjan\u00e7ant un coneixement salv\u00edfic especial.\" tabindex=\"0\">Gnosis<\/span> and Western Esotericism. Brill, Leiden 2005.<\/em><\/span><\/li><li><span data-nosnippet><strong>Smith, Jonathan Z.<\/strong>: <em>Map Is Not Territory. Studies in the History of Religions. Brill, Leiden 1978.<\/em><\/span><\/li><\/ul><\/div><\/footer>\n<p class=\"iwg-bib-more\"><span data-nosnippet>M\u00e9s obres de refer\u00e8ncia al <a href=\"https:\/\/iwell-guard.com\/ca\/?page_id=171483\">llistat bibliogr\u00e0fic<\/a>.<\/span><\/p>\t\t\t\t\t\t\t\t<\/div>\n\t\t\t\t\t<\/div>\n\t\t\t\t<\/div>\n\t\t\t\t\t<\/div>\n\t\t\t\t<\/div>\n\t\t\t\t<\/div>\n\t\t","protected":false},"excerpt":{"rendered":"","protected":false},"author":3,"featured_media":3412,"parent":0,"menu_order":0,"comment_status":"closed","ping_status":"closed","template":"elementor_header_footer","meta":{"_yoast_wpseo_focuskw":"Testimonis sobre el penjoll de protecci\u00f3","_yoast_wpseo_title":"Testimonis i experi\u00e8ncies de la pr\u00e0ctica","_yoast_wpseo_metadesc":"Testimonis de m\u00e8diums formats i persones sensibles amb l'iWell Guard. Amb classificaci\u00f3 metodol\u00f2gica rigorosa i objectiva.","_yoast_wpseo_meta-robots-noindex":"","_yoast_wpseo_canonical":"","_angie_page":false,"gefaehrdungsstufe":"","wesen_kultur":"","wesen_klasse":"","footnotes":""},"categories":[],"class_list":["post-171434","page","type-page","status-publish","has-post-thumbnail","hentry"],"yoast_head":"<!-- This site is optimized with the Yoast SEO Premium plugin v27.7 (Yoast SEO v28.3) - https:\/\/yoast.com\/product\/yoast-seo-premium-wordpress\/ -->\n<title>Testimonis i experi\u00e8ncies de la pr\u00e0ctica<\/title>\n<meta name=\"description\" content=\"Testimonis de m\u00e8diums formats i persones sensibles amb l&#039;iWell Guard. Amb classificaci\u00f3 metodol\u00f2gica rigorosa i objectiva.\" \/>\n<meta name=\"robots\" content=\"index, follow, max-snippet:-1, max-image-preview:large, max-video-preview:-1\" \/>\n<link rel=\"canonical\" href=\"https:\/\/iwell-guard.com\/ca\/testimonis-i-experiencies\/\" \/>\n<meta property=\"og:locale\" content=\"ca_ES\" \/>\n<meta property=\"og:type\" content=\"article\" \/>\n<meta property=\"og:title\" content=\"Testimonis i experi\u00e8ncies\" \/>\n<meta property=\"og:description\" content=\"Testimonis de m\u00e8diums formats i persones sensibles amb l&#039;iWell Guard. Amb classificaci\u00f3 metodol\u00f2gica rigorosa i objectiva.\" \/>\n<meta property=\"og:url\" content=\"https:\/\/iwell-guard.com\/ca\/testimonis-i-experiencies\/\" \/>\n<meta property=\"og:site_name\" content=\"iWell Guard\" \/>\n<meta property=\"article:modified_time\" content=\"2026-09-05T15:57:39+00:00\" \/>\n<meta property=\"og:image\" content=\"https:\/\/iwell-guard.com\/wp-content\/uploads\/2026\/05\/service_erfahrungen.webp\" \/>\n\t<meta property=\"og:image:width\" content=\"1024\" \/>\n\t<meta property=\"og:image:height\" content=\"1536\" \/>\n\t<meta property=\"og:image:type\" content=\"image\/webp\" \/>\n<meta name=\"twitter:card\" content=\"summary_large_image\" \/>\n<script type=\"application\/ld+json\" class=\"yoast-schema-graph\">{\"@context\":\"https:\\\/\\\/schema.org\",\"@graph\":[{\"@type\":\"WebPage\",\"@id\":\"https:\\\/\\\/iwell-guard.com\\\/ca\\\/testimonis-i-experiencies\\\/\",\"url\":\"https:\\\/\\\/iwell-guard.com\\\/ca\\\/testimonis-i-experiencies\\\/\",\"name\":\"Testimonis i experi\u00e8ncies de la pr\u00e0ctica\",\"isPartOf\":{\"@id\":\"https:\\\/\\\/iwell-guard.com\\\/ca\\\/#website\"},\"primaryImageOfPage\":{\"@id\":\"https:\\\/\\\/iwell-guard.com\\\/ca\\\/testimonis-i-experiencies\\\/#primaryimage\"},\"image\":{\"@id\":\"https:\\\/\\\/iwell-guard.com\\\/ca\\\/testimonis-i-experiencies\\\/#primaryimage\"},\"thumbnailUrl\":\"https:\\\/\\\/iwell-guard.com\\\/wp-content\\\/uploads\\\/2026\\\/05\\\/service_erfahrungen.webp\",\"datePublished\":\"2026-09-05T15:39:20+00:00\",\"dateModified\":\"2026-09-05T15:57:39+00:00\",\"description\":\"Testimonis de m\u00e8diums formats i persones sensibles amb l'iWell Guard. Amb classificaci\u00f3 metodol\u00f2gica rigorosa i objectiva.\",\"breadcrumb\":{\"@id\":\"https:\\\/\\\/iwell-guard.com\\\/ca\\\/testimonis-i-experiencies\\\/#breadcrumb\"},\"inLanguage\":\"ca\",\"potentialAction\":[{\"@type\":\"ReadAction\",\"target\":[\"https:\\\/\\\/iwell-guard.com\\\/ca\\\/testimonis-i-experiencies\\\/\"]}]},{\"@type\":\"ImageObject\",\"inLanguage\":\"ca\",\"@id\":\"https:\\\/\\\/iwell-guard.com\\\/ca\\\/testimonis-i-experiencies\\\/#primaryimage\",\"url\":\"https:\\\/\\\/iwell-guard.com\\\/wp-content\\\/uploads\\\/2026\\\/05\\\/service_erfahrungen.webp\",\"contentUrl\":\"https:\\\/\\\/iwell-guard.com\\\/wp-content\\\/uploads\\\/2026\\\/05\\\/service_erfahrungen.webp\",\"width\":1024,\"height\":1536,\"caption\":\"Representaci\u00f3 il\u00b7lustrativa.\"},{\"@type\":\"BreadcrumbList\",\"@id\":\"https:\\\/\\\/iwell-guard.com\\\/ca\\\/testimonis-i-experiencies\\\/#breadcrumb\",\"itemListElement\":[{\"@type\":\"ListItem\",\"position\":1,\"name\":\"Start\",\"item\":\"https:\\\/\\\/iwell-guard.com\\\/ca\\\/?page_id=171333\"},{\"@type\":\"ListItem\",\"position\":2,\"name\":\"Testimonis i experi\u00e8ncies\"}]},{\"@type\":\"WebSite\",\"@id\":\"https:\\\/\\\/iwell-guard.com\\\/ca\\\/#website\",\"url\":\"https:\\\/\\\/iwell-guard.com\\\/ca\\\/\",\"name\":\"iWell Guard\",\"description\":\"Schutz vor dunklen Einfl\u00fcssen\",\"publisher\":{\"@id\":\"https:\\\/\\\/iwell-guard.com\\\/ca\\\/#organization\"},\"potentialAction\":[{\"@type\":\"SearchAction\",\"target\":{\"@type\":\"EntryPoint\",\"urlTemplate\":\"https:\\\/\\\/iwell-guard.com\\\/ca\\\/?s={search_term_string}\"},\"query-input\":{\"@type\":\"PropertyValueSpecification\",\"valueRequired\":true,\"valueName\":\"search_term_string\"}}],\"inLanguage\":\"ca\"},{\"@type\":\"Organization\",\"@id\":\"https:\\\/\\\/iwell-guard.com\\\/ca\\\/#organization\",\"name\":\"Ittermann electronic GmbH\",\"url\":\"https:\\\/\\\/iwell-guard.com\\\/ca\\\/\",\"logo\":{\"@type\":\"ImageObject\",\"inLanguage\":\"ca\",\"@id\":\"https:\\\/\\\/iwell-guard.com\\\/ca\\\/#\\\/schema\\\/logo\\\/image\\\/\",\"url\":\"https:\\\/\\\/iwell-guard.com\\\/wp-content\\\/uploads\\\/2026\\\/05\\\/Ittermann-Logo-1182x237-1.png\",\"contentUrl\":\"https:\\\/\\\/iwell-guard.com\\\/wp-content\\\/uploads\\\/2026\\\/05\\\/Ittermann-Logo-1182x237-1.png\",\"width\":1182,\"height\":237,\"caption\":\"Ittermann electronic GmbH\"},\"image\":{\"@id\":\"https:\\\/\\\/iwell-guard.com\\\/ca\\\/#\\\/schema\\\/logo\\\/image\\\/\"},\"sameAs\":[\"https:\\\/\\\/pantip.com\\\/profile\\\/9367242\",\"https:\\\/\\\/micro.blog\\\/iwellguard\",\"https:\\\/\\\/www.diggerslist.com\\\/iwellguard\\\/about\",\"https:\\\/\\\/skitterphoto.com\\\/photographers\\\/2870314\\\/iwell-guard\",\"https:\\\/\\\/iwellguard.wordpress.com\\\/2026\\\/06\\\/06\\\/iwell-guard\\\/\",\"https:\\\/\\\/hub.docker.com\\\/u\\\/iwellguard\",\"https:\\\/\\\/www.pinterest.com\\\/iwellguard\\\/\",\"https:\\\/\\\/bit.ly\\\/m\\\/iwellguard\",\"https:\\\/\\\/entre-vos-mains.alsace.eu\\\/profiles\\\/iwellguard\\\/activity\",\"https:\\\/\\\/gravatar.com\\\/reallybeded8fd34\",\"https:\\\/\\\/naijamatta.com\\\/iwellguard\",\"https:\\\/\\\/www.goodreads.com\\\/iwellguard\",\"https:\\\/\\\/profile.hatena.ne.jp\\\/iwellguard\\\/\",\"https:\\\/\\\/experiment.com\\\/users\\\/iwellguard\",\"https:\\\/\\\/wakelet.com\\\/@iWellGuard82270\",\"https:\\\/\\\/www.chordie.com\\\/forum\\\/profile.php?id=2555664\",\"https:\\\/\\\/www.instapaper.com\\\/p\\\/17757966\",\"https:\\\/\\\/www.mapleprimes.com\\\/users\\\/iwellguard\",\"https:\\\/\\\/businesslistingplus.com\\\/profile\\\/iwell-guard\\\/\",\"https:\\\/\\\/telegra.ph\\\/iWell-Guard-06-06\",\"https:\\\/\\\/pbase.com\\\/iwellguard\\\/iwellguard\",\"https:\\\/\\\/b.hatena.ne.jp\\\/iwellguard\\\/20260607#bookmark-4788405196491818882\",\"https:\\\/\\\/fliphtml5.com\\\/home\\\/iwellguard\",\"https:\\\/\\\/anyflip.com\\\/homepage\\\/cmiwl#About\",\"https:\\\/\\\/transfur.com\\\/Users\\\/iwellguard\",\"http:\\\/\\\/delphi.larsbo.org\\\/user\\\/iwellguard\",\"https:\\\/\\\/jobs.lajobsportal.org\\\/profiles\\\/8380803-iwell-guard\",\"https:\\\/\\\/md.chaosdorf.de\\\/s\\\/jfbe5SBdJD\",\"https:\\\/\\\/www.lingvolive.com\\\/en-us\\\/profile\\\/9ecaeaca-ce11-4e51-9e71-01d55e2bff36\\\/translations\",\"https:\\\/\\\/www.fitday.com\\\/fitness\\\/forums\\\/members\\\/iwellguard.html\",\"https:\\\/\\\/www.mymeetbook.com\\\/iwellguard\",\"https:\\\/\\\/pxhere.com\\\/en\\\/photographer-me\\\/5040798\",\"https:\\\/\\\/disqus.com\\\/by\\\/iwellguard\\\/about\\\/\",\"https:\\\/\\\/pastelink.net\\\/hjwciqwq\",\"https:\\\/\\\/pubhtml5.com\\\/homepage\\\/scjhn\\\/\",\"https:\\\/\\\/www.bitchute.com\\\/channel\\\/2O2eOKzNqujT\",\"https:\\\/\\\/audiomack.com\\\/iwellguard\"]}]}<\/script>\n<!-- \/ Yoast SEO Premium plugin. -->","yoast_head_json":{"title":"Testimonis i experi\u00e8ncies de la pr\u00e0ctica","description":"Testimonis de m\u00e8diums formats i persones sensibles amb l'iWell Guard. Amb classificaci\u00f3 metodol\u00f2gica rigorosa i objectiva.","robots":{"index":"index","follow":"follow","max-snippet":"max-snippet:-1","max-image-preview":"max-image-preview:large","max-video-preview":"max-video-preview:-1"},"canonical":"https:\/\/iwell-guard.com\/ca\/testimonis-i-experiencies\/","og_locale":"ca_ES","og_type":"article","og_title":"Testimonis i experi\u00e8ncies","og_description":"Testimonis de m\u00e8diums formats i persones sensibles amb l'iWell Guard. Amb classificaci\u00f3 metodol\u00f2gica rigorosa i objectiva.","og_url":"https:\/\/iwell-guard.com\/ca\/testimonis-i-experiencies\/","og_site_name":"iWell Guard","article_modified_time":"2026-09-05T15:57:39+00:00","og_image":[{"width":1024,"height":1536,"url":"https:\/\/iwell-guard.com\/wp-content\/uploads\/2026\/05\/service_erfahrungen.webp","type":"image\/webp"}],"twitter_card":"summary_large_image","schema":{"@context":"https:\/\/schema.org","@graph":[{"@type":"WebPage","@id":"https:\/\/iwell-guard.com\/ca\/testimonis-i-experiencies\/","url":"https:\/\/iwell-guard.com\/ca\/testimonis-i-experiencies\/","name":"Testimonis i experi\u00e8ncies de la pr\u00e0ctica","isPartOf":{"@id":"https:\/\/iwell-guard.com\/ca\/#website"},"primaryImageOfPage":{"@id":"https:\/\/iwell-guard.com\/ca\/testimonis-i-experiencies\/#primaryimage"},"image":{"@id":"https:\/\/iwell-guard.com\/ca\/testimonis-i-experiencies\/#primaryimage"},"thumbnailUrl":"https:\/\/iwell-guard.com\/wp-content\/uploads\/2026\/05\/service_erfahrungen.webp","datePublished":"2026-09-05T15:39:20+00:00","dateModified":"2026-09-05T15:57:39+00:00","description":"Testimonis de m\u00e8diums formats i persones sensibles amb l'iWell Guard. Amb classificaci\u00f3 metodol\u00f2gica rigorosa i objectiva.","breadcrumb":{"@id":"https:\/\/iwell-guard.com\/ca\/testimonis-i-experiencies\/#breadcrumb"},"inLanguage":"ca","potentialAction":[{"@type":"ReadAction","target":["https:\/\/iwell-guard.com\/ca\/testimonis-i-experiencies\/"]}]},{"@type":"ImageObject","inLanguage":"ca","@id":"https:\/\/iwell-guard.com\/ca\/testimonis-i-experiencies\/#primaryimage","url":"https:\/\/iwell-guard.com\/wp-content\/uploads\/2026\/05\/service_erfahrungen.webp","contentUrl":"https:\/\/iwell-guard.com\/wp-content\/uploads\/2026\/05\/service_erfahrungen.webp","width":1024,"height":1536,"caption":"Representaci\u00f3 il\u00b7lustrativa."},{"@type":"BreadcrumbList","@id":"https:\/\/iwell-guard.com\/ca\/testimonis-i-experiencies\/#breadcrumb","itemListElement":[{"@type":"ListItem","position":1,"name":"Start","item":"https:\/\/iwell-guard.com\/ca\/?page_id=171333"},{"@type":"ListItem","position":2,"name":"Testimonis i experi\u00e8ncies"}]},{"@type":"WebSite","@id":"https:\/\/iwell-guard.com\/ca\/#website","url":"https:\/\/iwell-guard.com\/ca\/","name":"iWell Guard","description":"Schutz vor dunklen Einfl\u00fcssen","publisher":{"@id":"https:\/\/iwell-guard.com\/ca\/#organization"},"potentialAction":[{"@type":"SearchAction","target":{"@type":"EntryPoint","urlTemplate":"https:\/\/iwell-guard.com\/ca\/?s={search_term_string}"},"query-input":{"@type":"PropertyValueSpecification","valueRequired":true,"valueName":"search_term_string"}}],"inLanguage":"ca"},{"@type":"Organization","@id":"https:\/\/iwell-guard.com\/ca\/#organization","name":"Ittermann electronic GmbH","url":"https:\/\/iwell-guard.com\/ca\/","logo":{"@type":"ImageObject","inLanguage":"ca","@id":"https:\/\/iwell-guard.com\/ca\/#\/schema\/logo\/image\/","url":"https:\/\/iwell-guard.com\/wp-content\/uploads\/2026\/05\/Ittermann-Logo-1182x237-1.png","contentUrl":"https:\/\/iwell-guard.com\/wp-content\/uploads\/2026\/05\/Ittermann-Logo-1182x237-1.png","width":1182,"height":237,"caption":"Ittermann electronic GmbH"},"image":{"@id":"https:\/\/iwell-guard.com\/ca\/#\/schema\/logo\/image\/"},"sameAs":["https:\/\/pantip.com\/profile\/9367242","https:\/\/micro.blog\/iwellguard","https:\/\/www.diggerslist.com\/iwellguard\/about","https:\/\/skitterphoto.com\/photographers\/2870314\/iwell-guard","https:\/\/iwellguard.wordpress.com\/2026\/06\/06\/iwell-guard\/","https:\/\/hub.docker.com\/u\/iwellguard","https:\/\/www.pinterest.com\/iwellguard\/","https:\/\/bit.ly\/m\/iwellguard","https:\/\/entre-vos-mains.alsace.eu\/profiles\/iwellguard\/activity","https:\/\/gravatar.com\/reallybeded8fd34","https:\/\/naijamatta.com\/iwellguard","https:\/\/www.goodreads.com\/iwellguard","https:\/\/profile.hatena.ne.jp\/iwellguard\/","https:\/\/experiment.com\/users\/iwellguard","https:\/\/wakelet.com\/@iWellGuard82270","https:\/\/www.chordie.com\/forum\/profile.php?id=2555664","https:\/\/www.instapaper.com\/p\/17757966","https:\/\/www.mapleprimes.com\/users\/iwellguard","https:\/\/businesslistingplus.com\/profile\/iwell-guard\/","https:\/\/telegra.ph\/iWell-Guard-06-06","https:\/\/pbase.com\/iwellguard\/iwellguard","https:\/\/b.hatena.ne.jp\/iwellguard\/20260607#bookmark-4788405196491818882","https:\/\/fliphtml5.com\/home\/iwellguard","https:\/\/anyflip.com\/homepage\/cmiwl#About","https:\/\/transfur.com\/Users\/iwellguard","http:\/\/delphi.larsbo.org\/user\/iwellguard","https:\/\/jobs.lajobsportal.org\/profiles\/8380803-iwell-guard","https:\/\/md.chaosdorf.de\/s\/jfbe5SBdJD","https:\/\/www.lingvolive.com\/en-us\/profile\/9ecaeaca-ce11-4e51-9e71-01d55e2bff36\/translations","https:\/\/www.fitday.com\/fitness\/forums\/members\/iwellguard.html","https:\/\/www.mymeetbook.com\/iwellguard","https:\/\/pxhere.com\/en\/photographer-me\/5040798","https:\/\/disqus.com\/by\/iwellguard\/about\/","https:\/\/pastelink.net\/hjwciqwq","https:\/\/pubhtml5.com\/homepage\/scjhn\/","https:\/\/www.bitchute.com\/channel\/2O2eOKzNqujT","https:\/\/audiomack.com\/iwellguard"]}]}},"_links":{"self":[{"href":"https:\/\/iwell-guard.com\/ca\/wp-json\/wp\/v2\/pages\/171434","targetHints":{"allow":["GET"]}}],"collection":[{"href":"https:\/\/iwell-guard.com\/ca\/wp-json\/wp\/v2\/pages"}],"about":[{"href":"https:\/\/iwell-guard.com\/ca\/wp-json\/wp\/v2\/types\/page"}],"author":[{"embeddable":true,"href":"https:\/\/iwell-guard.com\/ca\/wp-json\/wp\/v2\/users\/3"}],"replies":[{"embeddable":true,"href":"https:\/\/iwell-guard.com\/ca\/wp-json\/wp\/v2\/comments?post=171434"}],"version-history":[{"count":0,"href":"https:\/\/iwell-guard.com\/ca\/wp-json\/wp\/v2\/pages\/171434\/revisions"}],"wp:featuredmedia":[{"embeddable":true,"href":"https:\/\/iwell-guard.com\/ca\/wp-json\/wp\/v2\/media\/3412"}],"wp:attachment":[{"href":"https:\/\/iwell-guard.com\/ca\/wp-json\/wp\/v2\/media?parent=171434"}],"wp:term":[{"taxonomy":"category","embeddable":true,"href":"https:\/\/iwell-guard.com\/ca\/wp-json\/wp\/v2\/categories?post=171434"}],"curies":[{"name":"wp","href":"https:\/\/api.w.org\/{rel}","templated":true}]}}