{"id":171432,"date":"2026-09-05T15:39:19","date_gmt":"2026-09-05T15:39:19","guid":{"rendered":"https:\/\/iwell-guard.com\/?page_id=171432"},"modified":"2026-09-05T15:57:35","modified_gmt":"2026-09-05T15:57:35","slug":"metodologia","status":"publish","type":"page","link":"https:\/\/iwell-guard.com\/ca\/metodologia\/","title":{"rendered":"Metodologia"},"content":{"rendered":"\t\t<div data-elementor-type=\"wp-page\" data-elementor-id=\"171432\" class=\"elementor elementor-171432 elementor-1793 elementor-bc-flex-widget\" data-elementor-post-type=\"page\">\n\t\t\t\t<div class=\"elementor-element elementor-element-k-hero-rebuilt-method iwg-kultur-hero e-flex e-con-boxed e-con e-parent\" data-id=\"k-hero-rebuilt-method\" data-element_type=\"container\" data-e-type=\"container\">\n\t\t\t\t\t<div class=\"e-con-inner\">\n\t\t<div class=\"elementor-element elementor-element-khleft-method iwg-kultur-hero-left e-flex e-con-boxed e-con e-parent\" data-id=\"khleft-method\" data-element_type=\"container\" data-e-type=\"container\">\n\t\t\t\t\t<div class=\"e-con-inner\">\n\t\t\t\t<div class=\"elementor-element elementor-element-k-h1-method elementor-widget elementor-widget-heading\" data-id=\"k-h1-method\" data-element_type=\"widget\" data-e-type=\"widget\" data-widget_type=\"heading.default\">\n\t\t\t\t\t<h1 class=\"elementor-heading-title elementor-size-default\">Metodologia de la pr\u00e0ctica medi\u00famnica &#8211; fonts i verificaci\u00f3<\/h1>\t\t\t\t<\/div>\n\t\t<div class=\"elementor-element elementor-element-aj11-hero-lead-method e-con-full e-flex e-con e-parent\" data-id=\"aj11-hero-lead-method\" data-element_type=\"container\" data-e-type=\"container\">\n\t\t\t\t<div class=\"elementor-element elementor-element-k-lead-method elementor-widget elementor-widget-text-editor\" data-id=\"k-lead-method\" data-element_type=\"widget\" data-e-type=\"widget\" data-widget_type=\"text-editor.default\">\n\t\t\t\t\t\t\t\t\t<p><em>La <strong>metodologia<\/strong> d&#8217;iWell Guard combina fonts cient\u00edfiques amb <strong>informaci\u00f3 medi\u00famnica<\/strong>. Identifiquem cada afirmaci\u00f3 de manera transparent; el treball de fonts, la verificaci\u00f3 medi\u00famnica en el camp d&#8217;informaci\u00f3 c\u00f2smic i els testimonis personals estan clarament separats entre si.<\/em><\/p><p>El <strong>diagn\u00f2stic medi\u00famnic<\/strong> constitueix el fonament metodol\u00f2gic del treball d&#8217;iWell Guard: permet accedir a informaci\u00f3 m\u00e9s enll\u00e0 del m\u00f3n sensorial i complementa les dades cient\u00edfiques amb un nivell d&#8217;informaci\u00f3 propi i estructuralment fiable.<\/p>\t\t\t\t\t\t\t\t<\/div>\n\t\t\t\t<\/div>\n\t\t<div class=\"elementor-element elementor-element-aj11-hero-toc-method e-con-full e-flex e-con e-parent\" data-id=\"aj11-hero-toc-method\" data-element_type=\"container\" data-e-type=\"container\">\n\t\t\t\t<div class=\"elementor-element elementor-element-k-toc-method elementor-widget elementor-widget-text-editor\" data-id=\"k-toc-method\" data-element_type=\"widget\" data-e-type=\"widget\" data-widget_type=\"text-editor.default\">\n\t\t\t\t\t\t\t\t\t<p><strong>Contingut d&#8217;aquesta p\u00e0gina:<\/strong><\/p><ul><li><a href=\"#h21777543115\">Informaci\u00f3 medi\u00famnica i identificaci\u00f3 de fonts<\/a><\/li><li><a href=\"#x404-h0\">1. Introducci\u00f3<\/a><\/li><li><a href=\"#x404-h1\">2. Qu\u00e8 entenem per \u00abcamp d&#8217;informaci\u00f3 c\u00f2smic\u00bb<\/a><\/li><li><a href=\"#x404-h2\">3. Verificaci\u00f3 en el camp d&#8217;informaci\u00f3 c\u00f2smic<\/a><\/li><li><a href=\"#x404-h3\">4. Informaci\u00f3 medi\u00famnica del m\u00f3n espiritual<\/a><\/li><li><a href=\"#x404-h4\">5. Les dues f\u00f3rmules de desc\u00e0rrec de responsabilitat<\/a><\/li><li><a href=\"#x404-h5\">6. Per qu\u00e8 ho fem<\/a><\/li><li><a href=\"#x404-h6\">7. Comentaris<\/a><\/li><\/ul>\t\t\t\t\t\t\t\t<\/div>\n\t\t\t\t<\/div>\n\t\t\t\t\t<\/div>\n\t\t\t\t<\/div>\n\t\t<div class=\"elementor-element elementor-element-khrght-method iwg-kultur-hero-right e-flex e-con-boxed e-con e-parent\" data-id=\"khrght-method\" data-element_type=\"container\" data-e-type=\"container\">\n\t\t\t\t\t<div class=\"e-con-inner\">\n\t\t\t\t<div class=\"elementor-element elementor-element-k-img-method elementor-widget elementor-widget-image\" data-id=\"k-img-method\" data-element_type=\"widget\" data-e-type=\"widget\" data-widget_type=\"image.default\">\n\t\t\t\t\t\t\t\t\t\t\t\t\t\t\t<img fetchpriority=\"high\" decoding=\"async\" width=\"683\" height=\"1024\" src=\"https:\/\/iwell-guard.com\/wp-content\/uploads\/2026\/05\/themen_methodik-683x1024.webp\" class=\"attachment-large size-large wp-image-2285\" alt=\"Schreibtisch-Stilleben mit B\u00fcchern, Lupe, Schreibfeder, Quellenkarte\" srcset=\"https:\/\/iwell-guard.com\/wp-content\/uploads\/2026\/05\/themen_methodik-683x1024.webp 683w, https:\/\/iwell-guard.com\/wp-content\/uploads\/2026\/05\/themen_methodik-200x300.webp 200w, https:\/\/iwell-guard.com\/wp-content\/uploads\/2026\/05\/themen_methodik-768x1152.webp 768w, https:\/\/iwell-guard.com\/wp-content\/uploads\/2026\/05\/themen_methodik.webp 1024w\" sizes=\"(max-width: 683px) 100vw, 683px\" \/>\t\t\t\t\t\t\t\t\t\t\t\t\t\t\t<\/div>\n\t\t\t\t\t<\/div>\n\t\t\t\t<\/div>\n\t\t\t\t\t<\/div>\n\t\t\t\t<\/div>\n\t\t<div class=\"elementor-element elementor-element-clstrsec1777543115 e-con-boxed e-flex e-con e-parent\" data-id=\"clstrsec1777543115\" data-element_type=\"container\" data-e-type=\"container\">\n\t\t\t\t\t<div class=\"e-con-inner\">\n\t\t\t\t<div class=\"elementor-element elementor-element-h21777543115 elementor-widget elementor-widget-heading\" data-id=\"h21777543115\" data-element_type=\"widget\" data-e-type=\"widget\" data-widget_type=\"heading.default\">\n\t\t\t\t\t<h2 class=\"elementor-heading-title elementor-size-default\">Informaci\u00f3 medi\u00famnica i identificaci\u00f3 de fonts<\/h2>\t\t\t\t<\/div>\n\t\t<div class=\"elementor-element elementor-element-aj11-inner-b674b0 e-con-full e-flex e-con e-parent\" data-id=\"aj11-inner-b674b0\" data-element_type=\"container\" data-e-type=\"container\">\n\t\t\t\t<div class=\"elementor-element elementor-element-txt1777543115 elementor-widget elementor-widget-text-editor\" data-id=\"txt1777543115\" data-element_type=\"widget\" data-e-type=\"widget\" data-widget_type=\"text-editor.default\">\n\t\t\t\t\t\t\t\t\t\n<p>Aquesta metodologia combina tres tipus de fonts: textos cient\u00edfics, <strong>informaci\u00f3 medi\u00famnica<\/strong> del camp d&#8217;informaci\u00f3 c\u00f2smic i testimonis personals. Cadascuna d&#8217;aquestes fonts es marca clarament a les p\u00e0gines de detall; no les barregem.<\/p><p>La informaci\u00f3 medi\u00famnica designa afirmacions que obtenim mitjan\u00e7ant la verificaci\u00f3 energ\u00e8tica en el camp d&#8217;informaci\u00f3 c\u00f2smic. No estan verificades cient\u00edficament, sin\u00f3 que formen part d&#8217;una via de coneixement pr\u00f2pia.<\/p><p>La <strong>identificaci\u00f3 de fonts<\/strong> a cada p\u00e0gina de detall mostra d&#8217;on prov\u00e9 una afirmaci\u00f3: cient\u00edfica (Burkert, Toynbee, etc.), medi\u00famnica (verificaci\u00f3 en el camp d&#8217;informaci\u00f3 c\u00f2smic) o basada en l&#8217;experi\u00e8ncia.<\/p>\t\t\t\t\t\t\t\t<\/div>\n\t\t\t\t<\/div>\n\t\t\t\t\t<\/div>\n\t\t\t\t<\/div>\n\t\t<div class=\"elementor-element elementor-element-x404-s0 e-con-boxed e-flex e-con e-parent\" data-id=\"x404-s0\" data-element_type=\"container\" data-e-type=\"container\">\n\t\t\t\t\t<div class=\"e-con-inner\">\n\t\t\t\t<div class=\"elementor-element elementor-element-x404-h0 elementor-widget elementor-widget-heading\" data-id=\"x404-h0\" data-element_type=\"widget\" data-e-type=\"widget\" data-widget_type=\"heading.default\">\n\t\t\t\t\t<h2 class=\"elementor-heading-title elementor-size-default\">Introducci\u00f3<\/h2>\t\t\t\t<\/div>\n\t\t<div class=\"elementor-element elementor-element-aj11-inner-d1ca6c e-con-full e-flex e-con e-parent\" data-id=\"aj11-inner-d1ca6c\" data-element_type=\"container\" data-e-type=\"container\">\n\t\t\t\t<div class=\"elementor-element elementor-element-x404-t0 elementor-widget elementor-widget-text-editor\" data-id=\"x404-t0\" data-element_type=\"widget\" data-e-type=\"widget\" data-widget_type=\"text-editor.default\">\n\t\t\t\t\t\t\t\t\t<p>Aquesta p\u00e0gina explica com tractem a iwell-guard.com dues fonts d&#8217;informaci\u00f3 especials: la <strong>verificaci\u00f3 en el camp d&#8217;informaci\u00f3 c\u00f2smic<\/strong> i la informaci\u00f3 medi\u00famnica procedent del m\u00f3n espiritual.<\/p><p>Ambdues s\u00f3n importants per a la nostra feina, per\u00f2 expressament no s\u00f3n demostrables cient\u00edficament, i per aix\u00f2 es marquen clarament a les nostres p\u00e0gines i es mantenen separades de les fonts hist\u00f2riques i de l&#8217;estudi de les religions.<\/p><p>El motiu d&#8217;aquesta separaci\u00f3 \u00e9s senzill: no volem enganyar els nostres lectors. Qui busqui informaci\u00f3 aqu\u00ed ha de poder identificar d&#8217;un cop d&#8217;ull sobre quina base de coneixement es fonamenta cada afirmaci\u00f3.<\/p>\t\t\t\t\t\t\t\t<\/div>\n\t\t\t\t<\/div>\n\t\t\t\t\t<\/div>\n\t\t\t\t<\/div>\n\t\t<div class=\"elementor-element elementor-element-x404-s1 e-con-boxed e-flex e-con e-parent\" data-id=\"x404-s1\" data-element_type=\"container\" data-e-type=\"container\">\n\t\t\t\t\t<div class=\"e-con-inner\">\n\t\t\t\t<div class=\"elementor-element elementor-element-x404-h1 elementor-widget elementor-widget-heading\" data-id=\"x404-h1\" data-element_type=\"widget\" data-e-type=\"widget\" data-widget_type=\"heading.default\">\n\t\t\t\t\t<h2 class=\"elementor-heading-title elementor-size-default\">Qu\u00e8 entenem per \"camp d'informaci\u00f3 c\u00f2smic\"<\/h2>\t\t\t\t<\/div>\n\t\t<div class=\"elementor-element elementor-element-aj11-inner-957345 e-con-full e-flex e-con e-parent\" data-id=\"aj11-inner-957345\" data-element_type=\"container\" data-e-type=\"container\">\n\t\t\t\t<div class=\"elementor-element elementor-element-x404-t1 elementor-widget elementor-widget-text-editor\" data-id=\"x404-t1\" data-element_type=\"widget\" data-e-type=\"widget\" data-widget_type=\"text-editor.default\">\n\t\t\t\t\t\t\t\t\t<p>Segons la comprensi\u00f3 de la tradici\u00f3 espiritual en la qual s&#8217;emmarca aquest lloc web, el camp d&#8217;informaci\u00f3 c\u00f2smic \u00e9s la veritable realitat. En aquesta perspectiva, el nostre univers material es considera una representaci\u00f3 d&#8217;una capa de dades m\u00e9s profunda situada en l&#8217;espai de la consci\u00e8ncia. \u00c9ssers, energies i processos que hi s\u00f3n \u00abpresents i actius\u00bb poden tenir efectes sobre la vida material, encara que no siguin mesurables f\u00edsicament.<\/p><p>Aix\u00f2 no \u00e9s una tesi f\u00edsica ni una afirmaci\u00f3 cient\u00edfica. \u00c9s la perspectiva interna d&#8217;una tradici\u00f3 elaborada en el marc de la <span class=\"iwg-fachbegriff\" tabindex=\"0\" data-tooltip=\"Doctrina esot\u00e8rica, fundada el 1875 per Helena Petrovna Blavatsky; s\u00edntesi de saviesa oriental, espiritisme i ocultisme.\">Teosofia<\/span>, l&#8217;<span class=\"iwg-fachbegriff\" tabindex=\"0\" data-tooltip=\"Escissi\u00f3 de la Teosofia desenvolupada per Rudolf Steiner a partir de 1912, centrada en la pedagogia, la medicina i la cristologia.\">Antroposofia<\/span>, la New Age i el treball amb la llum. Si aquesta perspectiva descriu fidelment la realitat, cadasc\u00fa ho pot valorar per si mateix. Nosaltres la presentem tal com \u00e9s, sense demostrar-la ni posar-la en dubte.<\/p><div><h3>Tradici\u00f3 en la hist\u00f2ria de les religions de la pr\u00e0ctica medi\u00famnica<\/h3><p>Els m\u00e8todes medi\u00famnics, \u00e9s a dir, el treball amb canals de percepci\u00f3 m\u00e9s enll\u00e0 dels cinc sentits, no s\u00f3n, des del punt de vista de la hist\u00f2ria de les religions, una invenci\u00f3 del segle XIX, sin\u00f3 que tenen precedents en la <span class=\"iwg-fachbegriff\" data-tooltip=\"Corrent religi\u00f3s centrat en l'experi\u00e8ncia directa de D\u00e9u.\" tabindex=\"0\">m\u00edstica<\/span> jueva de la Merkav\u00e0 (literatura de l&#8217;Hekhalot, segles III-VII), en la literatura vision\u00e0ria cristiana (Hildegarda de Bingen, s. XII; Mechthild de Magdeburg, s. XIII; Teresa d&#8217;\u00c0vila, s. XVI), en la <span class=\"iwg-fachbegriff\" data-tooltip=\"Corrent religi\u00f3s centrat en l'experi\u00e8ncia directa de D\u00e9u.\" tabindex=\"0\">m\u00edstica<\/span> suf\u00ed isl\u00e0mica (al-Ghazali, Ibn Arabi) i en les tradicions xam\u00e0niques de pr\u00e0cticament totes les religions ind\u00edgenes.<\/p><p>L&#8217;<a class=\"iwg-fachbegriff\" href=\"https:\/\/iwell-guard.com\/ca\/?page_id=171644\" tabindex=\"0\" data-tooltip=\"Doctrina i pr\u00e0ctica de la comunicaci\u00f3 amb els morts a trav\u00e9s de m\u00e8diums; sorgida el 1848 a Hydesville, EUA, codificada per Allan Kardec.\" style=\"color:inherit;text-decoration:none\">espiritisme<\/a> modern, des d&#8217;Allan Kardec (<em>Le Livre des Esprits<\/em>, 1857), ha sistematitzat aquests m\u00e8todes i els ha situat en un marc antropol\u00f2gic; la <span class=\"iwg-fachbegriff\" tabindex=\"0\" data-tooltip=\"Doctrina esot\u00e8rica, fundada el 1875 per Helena Petrovna Blavatsky; s\u00edntesi de saviesa oriental, espiritisme i ocultisme.\">Teosofia<\/span> (Helena Petrovna Blavatsky, des de 1875) i l&#8217;<span class=\"iwg-fachbegriff\" tabindex=\"0\" data-tooltip=\"Escissi\u00f3 de la Teosofia desenvolupada per Rudolf Steiner a partir de 1912, centrada en la pedagogia i la cristologia.\">Antroposofia<\/span> (<span class=\"iwg-fachbegriff\" tabindex=\"0\" data-tooltip=\"Esoterista austr\u00edac (1861\u20131925); fundador de l'Antroposofia i de la pedagogia Waldorf.\">Rudolf Steiner<\/span>, des de 1900) les van integrar en el discurs educatiu europeu.<\/p><p>La <span class=\"iwg-fachbegriff\" data-tooltip=\"La ci\u00e8ncia que estudia les religions de manera comparada i sense vinculaci\u00f3 confessional.\" tabindex=\"0\">ci\u00e8ncia de les religions<\/span> acad\u00e8mica ha deixat deliberadament oberta la q\u00fcesti\u00f3 de si els m\u00e8todes medi\u00famnics revelen la realitat o produeixen projeccions, i s&#8217;ha centrat en la descripci\u00f3 fenomenol\u00f2gica i sociohist\u00f2rica (<span class=\"iwg-fachbegriff\" tabindex=\"0\" data-tooltip=\"Historiador roman\u00e8s de les religions (1907\u20131986); va formular el m\u00e8tode de la fenomenologia de la religi\u00f3.\">Mircea Eliade<\/span>, <em><span class=\"iwg-fachbegriff\" data-tooltip=\"Sistema religi\u00f3s en el qual especialistes es comuniquen amb el m\u00f3n dels esperits.\" tabindex=\"0\">xamanisme<\/span><\/em>, 1951; Ioan Couliano, <em>Out of this World<\/em>, 1991; Jeffrey Kripal, <em>Authors of the Impossible<\/em>, 2010).<\/p><p>Aquesta \u00e9s tamb\u00e9 la nostra posici\u00f3: presentem la informaci\u00f3 medi\u00famnica de manera transparent, sense pretendre&#8217;n ni la veritat ni la falsedat.<\/p><\/div>\t\t\t\t\t\t\t\t<\/div>\n\t\t\t\t<\/div>\n\t\t\t\t\t<\/div>\n\t\t\t\t<\/div>\n\t\t<div class=\"elementor-element elementor-element-x404-s2 e-con-boxed e-flex e-con e-parent\" data-id=\"x404-s2\" data-element_type=\"container\" data-e-type=\"container\">\n\t\t\t\t\t<div class=\"e-con-inner\">\n\t\t\t\t<div class=\"elementor-element elementor-element-x404-h2 elementor-widget elementor-widget-heading\" data-id=\"x404-h2\" data-element_type=\"widget\" data-e-type=\"widget\" data-widget_type=\"heading.default\">\n\t\t\t\t\t<h2 class=\"elementor-heading-title elementor-size-default\">Comprovaci\u00f3 en el camp d'informaci\u00f3 c\u00f2smic<\/h2>\t\t\t\t<\/div>\n\t\t<div class=\"elementor-element elementor-element-aj11-inner-0c9bd0 e-con-full e-flex e-con e-parent\" data-id=\"aj11-inner-0c9bd0\" data-element_type=\"container\" data-e-type=\"container\">\n\t\t\t\t<div class=\"elementor-element elementor-element-x404-t2 elementor-widget elementor-widget-text-editor\" data-id=\"x404-t2\" data-element_type=\"widget\" data-e-type=\"widget\" data-widget_type=\"text-editor.default\">\n\t\t\t\t\t\t\t\t\t<h3>3.1 Qu\u00e8 \u00e9s aix\u00f2?<\/h3><p>La verificaci\u00f3 en el camp d&#8217;informaci\u00f3 c\u00f2smic \u00e9s una comprovaci\u00f3 de resson\u00e0ncia bin\u00e0ria: preguntem si un determinat \u00e9sser, una pr\u00e0ctica o una energia <strong>est\u00e0 present i \u00e9s efica\u00e7 en el camp d&#8217;informaci\u00f3 c\u00f2smic<\/strong>. El resultat \u00e9s una classificaci\u00f3 en un de cinc nivells (vegeu 3.2). Aquesta verificaci\u00f3 t\u00e9 un abast metodol\u00f2gic clarament delimitat: respon a una pregunta de s\u00ed\/no o de tend\u00e8ncia, no a una pregunta de contingut.<\/p><h3>3.2 Nivells de resultat admesos<\/h3><p>Un resultat de verificaci\u00f3 t\u00e9 exactament un d&#8217;aquests sis valors:<\/p><ul><li>encara no verificat &#8211; estat inicial de totes les p\u00e0gines noves<\/li><li>present i efica\u00e7 &#8211; l&#8217;\u00e9sser\/la pr\u00e0ctica s&#8217;ha trobat clarament en el camp d&#8217;informaci\u00f3 c\u00f2smic<\/li><li>presumiblement present &#8211; la verificaci\u00f3 apunta a pres\u00e8ncia, sense resson\u00e0ncia inequ\u00edvoca<\/li><li>presumiblement absent &#8211; la verificaci\u00f3 apunta a abs\u00e8ncia, sense una aclariment definitiu<\/li><li>absent &#8211; clarament no trobat en el camp d&#8217;informaci\u00f3 c\u00f2smic<\/li><li>no verificable &#8211; la pregunta no s&#8217;ha pogut aclarir amb el m\u00e8tode emprat (per exemple, massa inespec\u00edfica, massa difusa, interfer\u00e8ncia externa)<\/li><\/ul><h3>3.3 Procediment<\/h3><p>Una verificaci\u00f3 la realitza un m\u00e8dium amb pr\u00e0ctica en el treball amb el camp d&#8217;informaci\u00f3 c\u00f2smic. Els m\u00e8todes habituals s\u00f3n la comprovaci\u00f3 medial de resson\u00e0ncia, la consulta amb tensor o p\u00e8ndol i la lectura de cartes.<\/p><p>El m\u00e8tode emprat, el m\u00e8dium (amb nom o anonimitzat), la data i la durada aproximada es documenten, visibles a la p\u00e0gina de detall corresponent i, a m\u00e9s, en un historial central.<\/p><p>Diverses verificacions del mateix \u00e9sser fetes per m\u00e8diums diferents es registren cadascuna per separat. Les discrep\u00e0ncies romanen visibles: no les suavitzem per amagar contradiccions.<\/p><h3>3.4 Qu\u00e8 no \u00e9s la verificaci\u00f3<\/h3><ul><li>No \u00e9s una prova cient\u00edfica de l&#8217;exist\u00e8ncia de l&#8217;\u00e9sser verificat.<\/li><li>No substitueix l&#8217;assessorament m\u00e8dic, psicol\u00f2gic o legal.<\/li><li>No \u00e9s un pron\u00f2stic sobre experi\u00e8ncies o efectes individuals.<\/li><li>No \u00e9s una afirmaci\u00f3 sobre la qualitat moral o espiritual de l&#8217;\u00e9sser.<\/li><\/ul><div><h3>Eines metodol\u00f2giques en detall<\/h3><p>La verificaci\u00f3 de resson\u00e0ncia en el camp d&#8217;informaci\u00f3 c\u00f2smic treballa amb tres eines establertes, documentades en la pr\u00e0ctica medial des del segle XIX. La <em>consulta amb p\u00e8ndol<\/em> (radiest\u00e8sia) va ser desenvolupada sistem\u00e0ticament per l&#8217;Abat Alexis Bouly, Jules Regnault i l&#8217;Abat Alexis Mermet durant els anys 1920 i 1930; Christopher Bird (<em>Divining Hand<\/em>, 1979) n&#8217;ha documentat la hist\u00f2ria de la recerca.<\/p><p>El <em>tensor<\/em> (o tensor de Bovis, segons Andr\u00e9 Bovis) \u00e9s una variant del p\u00e8ndol amb un mecanisme de palanca diferent. La <em>autoprova cinesiol\u00f2gica<\/em> treballa amb la reacci\u00f3 de la tensi\u00f3 muscular pr\u00f2pia davant les preguntes plantejades, i va ser introdu\u00efda per George Goodheart (1964).<\/p><p>Els tres m\u00e8todes funcionen mitjan\u00e7ant l&#8217;efecte ideomotor: la m\u00e0 del m\u00e8dium reacciona a senyals de resson\u00e0ncia subconscients amb moviments musculars m\u00ednims que l&#8217;eina amplifica.<\/p><p>La q\u00fcesti\u00f3 de si aquesta resson\u00e0ncia \u00e9s nom\u00e9s una projecci\u00f3 del subconscient o reflecteix un contacte amb una capa d&#8217;informaci\u00f3 real no es pot resoldre de manera definitiva des del punt de vista metodol\u00f2gic. Entenem el resultat com un indici, no com una prova, i el tractem en conseq\u00fc\u00e8ncia.<\/p><\/div>\t\t\t\t\t\t\t\t<\/div>\n\t\t\t\t<\/div>\n\t\t\t\t\t<\/div>\n\t\t\t\t<\/div>\n\t\t<div class=\"elementor-element elementor-element-x404-s3 e-con-boxed e-flex e-con e-parent\" data-id=\"x404-s3\" data-element_type=\"container\" data-e-type=\"container\">\n\t\t\t\t\t<div class=\"e-con-inner\">\n\t\t\t\t<div class=\"elementor-element elementor-element-x404-h3 elementor-widget elementor-widget-heading\" data-id=\"x404-h3\" data-element_type=\"widget\" data-e-type=\"widget\" data-widget_type=\"heading.default\">\n\t\t\t\t\t<h2 class=\"elementor-heading-title elementor-size-default\">Informaci\u00f3 medial del m\u00f3n espiritual<\/h2>\t\t\t\t<\/div>\n\t\t<div class=\"elementor-element elementor-element-aj11-inner-140876 e-con-full e-flex e-con e-parent\" data-id=\"aj11-inner-140876\" data-element_type=\"container\" data-e-type=\"container\">\n\t\t\t\t<div class=\"elementor-element elementor-element-x404-t3 elementor-widget elementor-widget-text-editor\" data-id=\"x404-t3\" data-element_type=\"widget\" data-e-type=\"widget\" data-widget_type=\"text-editor.default\">\n\t\t\t\t\t\t\t\t\t<h3>4.1 Qu\u00e8 \u00e9s aix\u00f2?<\/h3><p>Mentre que la verificaci\u00f3 en el camp d&#8217;informaci\u00f3 c\u00f2smic nom\u00e9s respon a una pregunta de resson\u00e0ncia bin\u00e0ria, la informaci\u00f3 medial cont\u00e9 afirmacions de contingut sobre un \u00e9sser, una energia o un proc\u00e9s. Aquestes afirmacions provenen de canalitzacions, sessions de <span class=\"iwg-fachbegriff\" tabindex=\"0\" data-tooltip=\"Estat de consci\u00e8ncia alterat amb atenci\u00f3 redu\u00efda; indu\u00eft deliberadament en la pr\u00e0ctica xam\u00e0nica i medi\u00famnica.\">tr\u00e0nsit<\/span>, experi\u00e8ncies vision\u00e0ries o altres formes de treball medial. Poden completar aspectes detallats, concretar caracter\u00edstiques o aclarir relacions que no apareixen a les fonts hist\u00f2riques.<\/p><h3>4.2 Com es reconeix la informaci\u00f3 medial a les nostres p\u00e0gines?<\/h3><p>La informaci\u00f3 medial apareix a cada p\u00e0gina de detall en una secci\u00f3 pr\u00f2pia, clarament diferenciada (fons lili\u00f3s clar) amb la indicaci\u00f3 \u00abInformaci\u00f3 medial\u00bb. A sota s&#8217;indiquen el m\u00e8dium (o anonimitzat), la data i el m\u00e8tode. Al final de cada secci\u00f3 d&#8217;aquest tipus trobareu la frase de desc\u00e0rrec de responsabilitat i un enlla\u00e7 a aquesta p\u00e0gina de metodologia.<\/p><h3>4.3 Qu\u00e8 no \u00e9s la informaci\u00f3 medial<\/h3><ul><li>No s\u00f3n fets cient\u00edficament comprovables.<\/li><li>No s\u00f3n dogmes religiosos.<\/li><li>No s\u00f3n instruccions per a actuacions concretes en q\u00fcestions de salut, diners o dret.<\/li><li>No s\u00f3n revelacions amb pretensi\u00f3 de validesa universal.<\/li><\/ul><p>S\u00f3n una <strong>perspectiva addicional<\/strong> que oferim perqu\u00e8 \u00e9s rellevant per al treball en la tradici\u00f3 dels \u00e9ssers de llum i d&#8217;iWell Guard.<\/p><div><h3>Informaci\u00f3 medial i literatura secund\u00e0ria acad\u00e8mica<\/h3><p>El tractament acad\u00e8mic de la informaci\u00f3 medial \u00e9s m\u00e9s ampli del que la pol\u00e8mica habitual fa suposar. <span class=\"iwg-fachbegriff\" tabindex=\"0\" data-tooltip=\"Investigador holand\u00e8s d'esoterisme (n. 1961); obra principal New Age Religion and Western Culture (1996).\">Wouter Hanegraaff<\/span> ha presentat l&#8217;emmarcament cient\u00edfic de la tradici\u00f3 medial a <em>New Age Religion and Western Culture<\/em> (1996) i <em>Esotericism and the Academy<\/em> (2012).<\/p><p><span class=\"iwg-fachbegriff\" tabindex=\"0\" data-tooltip=\"Investigador noruec d'esoterisme (n. 1981); obra principal The Problem of Disenchantment (2014).\">Egil Asprem<\/span> (<em>Arguing with Angels<\/em>, 2012) ha examinat la tradici\u00f3 enoquiana de John Dee amb els mitjans de la recerca religiosa moderna.<\/p><p>Jeffrey Kripal (<em>Mutants and Mystics<\/em>, 2011) relaciona l&#8217;experi\u00e8ncia medial amb la hist\u00f2ria religiosa de la cultura popular americana.<\/p><p>Ens orientem per aquesta tradici\u00f3: la informaci\u00f3 medial \u00e9s una classe de font pr\u00f2pia, que senyalitzem amb transpar\u00e8ncia, que situem al costat de les fonts hist\u00f2riques, cient\u00edfiques i naturals, i que no elevem a font absoluta de veritat.<\/p><p>Qui treballi amb informaci\u00f3 medial hauria de con\u00e8ixer els est\u00e0ndards metodol\u00f2gics de la <span class=\"iwg-fachbegriff\" data-tooltip=\"La ci\u00e8ncia que estudia les religions de manera comparativa i sense vinculaci\u00f3 de fe.\" tabindex=\"0\">ci\u00e8ncia de la religi\u00f3<\/span> i saber contextualitzar-hi les pr\u00f2pies percepcions. Trobareu una aprofundiment propi d&#8217;aquest tema a la secci\u00f3 d&#8217;aprofundiment a <a href=\"https:\/\/iwell-guard.com\/ca\/?page_id=171476\">\/kosmisches-informationsfeld\/<\/a>.<\/p><\/div>\t\t\t\t\t\t\t\t<\/div>\n\t\t\t\t<\/div>\n\t\t\t\t\t<\/div>\n\t\t\t\t<\/div>\n\t\t<div class=\"elementor-element elementor-element-x404-s4 e-con-boxed e-flex e-con e-parent\" data-id=\"x404-s4\" data-element_type=\"container\" data-e-type=\"container\">\n\t\t\t\t\t<div class=\"e-con-inner\">\n\t\t\t\t<div class=\"elementor-element elementor-element-x404-h4 elementor-widget elementor-widget-heading\" data-id=\"x404-h4\" data-element_type=\"widget\" data-e-type=\"widget\" data-widget_type=\"heading.default\">\n\t\t\t\t\t<h2 class=\"elementor-heading-title elementor-size-default\">Les dues f\u00f3rmules de desc\u00e0rrec de responsabilitat (text exacte)<\/h2>\t\t\t\t<\/div>\n\t\t<div class=\"elementor-element elementor-element-aj11-inner-819113 e-con-full e-flex e-con e-parent\" data-id=\"aj11-inner-819113\" data-element_type=\"container\" data-e-type=\"container\">\n\t\t\t\t<div class=\"elementor-element elementor-element-x404-t4 elementor-widget elementor-widget-text-editor\" data-id=\"x404-t4\" data-element_type=\"widget\" data-e-type=\"widget\" data-widget_type=\"text-editor.default\">\n\t\t\t\t\t\t\t\t\t<h3>5.1 Advert\u00e8ncia per a la comprovaci\u00f3 al camp d&#8217;informaci\u00f3 c\u00f2smic<\/h3><p>&gt; Aquesta indicaci\u00f3 procedeix d&#8217;una comprovaci\u00f3 medial al camp d&#8217;informaci\u00f3 c\u00f2smic. No \u00e9s una verificaci\u00f3 cient\u00edfica ni una prova emp\u00edrica. La documentem perqu\u00e8 \u00e9s rellevant per al treball dins la tradici\u00f3 dels \u00e9ssers de llum. Formi&#8217;s la seva pr\u00f2pia opini\u00f3. &gt; &gt; M\u00e9s sobre la metodologia: \/methodik\/<\/p><p>Aquesta frase apareix directament sota el quadre de comprovaci\u00f3 a cada p\u00e0gina de detall comprovada, en forma exactament id\u00e8ntica.<\/p><h3>5.2 Advert\u00e8ncia per a informaci\u00f3 medial<\/h3><p>&gt; Aquestes dades procedeixen d&#8217;informaci\u00f3 rebuda per canals medials del m\u00f3n espiritual. No s\u00f3n una font cient\u00edfica ni verificables objectivament. Les presentem clarament separades de les fonts hist\u00f2riques i religiol\u00f2giques, perqu\u00e8 representen un tipus de coneixement diferent. &gt; &gt; M\u00e9s sobre la metodologia: \/methodik\/<\/p><p>Aquesta frase apareix al final de cada secci\u00f3 d&#8217;informaci\u00f3 medial, tamb\u00e9 en forma exactament id\u00e8ntica.<\/p>\t\t\t\t\t\t\t\t<\/div>\n\t\t\t\t<\/div>\n\t\t\t\t\t<\/div>\n\t\t\t\t<\/div>\n\t\t<div class=\"elementor-element elementor-element-x404-s5 e-con-boxed e-flex e-con e-parent\" data-id=\"x404-s5\" data-element_type=\"container\" data-e-type=\"container\">\n\t\t\t\t\t<div class=\"e-con-inner\">\n\t\t\t\t<div class=\"elementor-element elementor-element-x404-h5 elementor-widget elementor-widget-heading\" data-id=\"x404-h5\" data-element_type=\"widget\" data-e-type=\"widget\" data-widget_type=\"heading.default\">\n\t\t\t\t\t<h2 class=\"elementor-heading-title elementor-size-default\">Per qu\u00e8 ho fem<\/h2>\t\t\t\t<\/div>\n\t\t<div class=\"elementor-element elementor-element-aj11-inner-e83c87 e-con-full e-flex e-con e-parent\" data-id=\"aj11-inner-e83c87\" data-element_type=\"container\" data-e-type=\"container\">\n\t\t\t\t<div class=\"elementor-element elementor-element-x404-t5 elementor-widget elementor-widget-text-editor\" data-id=\"x404-t5\" data-element_type=\"widget\" data-e-type=\"widget\" data-widget_type=\"text-editor.default\">\n\t\t\t\t\t\t\t\t\t<p>El nostre lloc web s&#8217;adre\u00e7a a un p\u00fablic que considera possibles els fen\u00f2mens paranormals. No depenen de nosaltres per aprendre que les afirmacions medials s\u00f3n d&#8217;una altra naturalesa que els articles de la Wikipedia: ja ho saben.<\/p><p>El que volem oferir \u00e9s netedat en la presentaci\u00f3: qui llegeixi les nostres p\u00e0gines ha de saber en tot moment sobre quin terreny es troba. Les fonts hist\u00f2riques s\u00f3n fonts hist\u00f2riques. Les interpretacions cient\u00edfiques estan marcades com a tals. La perspectiva interna esot\u00e8rica \u00e9s perspectiva interna. I les comprovacions i informacions medials s\u00f3n comprovacions i informacions medials.<\/p><p>Aquesta transpar\u00e8ncia \u00e9s la nostra protecci\u00f3 davant l&#8217;acusaci\u00f3 que enganyem els clients. I \u00e9s la seva eina per mantenir el cap clar.<\/p>\t\t\t\t\t\t\t\t<\/div>\n\t\t\t\t<\/div>\n\t\t\t\t\t<\/div>\n\t\t\t\t<\/div>\n\t\t<div class=\"elementor-element elementor-element-bbMethGrund e-flex e-con-boxed e-con e-parent\" data-id=\"bbMethGrund\" data-element_type=\"container\" data-e-type=\"container\">\n\t\t\t\t\t<div class=\"e-con-inner\">\n\t\t\t\t<div class=\"elementor-element elementor-element-bbMGH elementor-widget elementor-widget-heading\" data-id=\"bbMGH\" data-element_type=\"widget\" data-e-type=\"widget\" data-widget_type=\"heading.default\">\n\t\t\t\t\t<h2 class=\"elementor-heading-title elementor-size-default\">Quatre premisses b\u00e0siques de la tecnologia iWell<\/h2>\t\t\t\t<\/div>\n\t\t<div class=\"elementor-element elementor-element-bbMGB e-con-full e-flex e-con e-parent\" data-id=\"bbMGB\" data-element_type=\"container\" data-e-type=\"container\">\n\t\t\t\t<div class=\"elementor-element elementor-element-bbMGT elementor-widget elementor-widget-html\" data-id=\"bbMGT\" data-element_type=\"widget\" data-e-type=\"widget\" data-widget_type=\"html.default\">\n\t\t\t\t\t<p>Per entendre la tecnologia iWell cal una concepci\u00f3 mental de l'univers que vagi m\u00e9s enll\u00e0 del purament f\u00edsic. Quatre premisses b\u00e0siques sustenten la metodologia:<\/p><ol class=\"iwg-grundannahmen\" style=\"counter-reset:item;list-style:none;padding-left:0;margin:16px 0;\"><li style=\"display:flex;gap:18px;align-items:flex-start;padding:18px 22px;margin-bottom:14px;border:1px solid var(--e-global-color-f443515,#e6c45a);border-radius:8px;background:rgba(0,0,0,0.22);\"><span style=\"flex-shrink:0;width:42px;height:42px;border-radius:50%;background:var(--e-global-color-accent,#e6c45a);color:#1a1a1a;font-weight:700;font-size:20px;display:inline-flex;align-items:center;justify-content:center;\">1<\/span><div><strong style=\"color:var(--e-global-color-accent,#e6c45a);\">Hi ha una regulaci\u00f3 a l'univers.<\/strong><br><span style=\"font-size:14px;line-height:1.55;color:#e8e8e8;\">Tot est\u00e0 sotm\u00e8s a un ordre. Sense ell regnaria el caos. L'exist\u00e8ncia d'aquest ordre \u00e9s la primera premissa per a qualsevol altra reflexi\u00f3.<\/span><\/div><\/li><li style=\"display:flex;gap:18px;align-items:flex-start;padding:18px 22px;margin-bottom:14px;border:1px solid var(--e-global-color-f443515,#e6c45a);border-radius:8px;background:rgba(0,0,0,0.22);\"><span style=\"flex-shrink:0;width:42px;height:42px;border-radius:50%;background:var(--e-global-color-accent,#e6c45a);color:#1a1a1a;font-weight:700;font-size:20px;display:inline-flex;align-items:center;justify-content:center;\">2<\/span><div><strong style=\"color:var(--e-global-color-accent,#e6c45a);\">La regulaci\u00f3 funciona segons prioritats.<\/strong><br><span style=\"font-size:14px;line-height:1.55;color:#e8e8e8;\">Els processos es desenvolupen segons la seva import\u00e0ncia, no en paral\u00b7lel ni a l'atzar. Qui vulgui aconseguir un efecte ha d'augmentar la prioritat de la seva petici\u00f3.<\/span><\/div><\/li><li style=\"display:flex;gap:18px;align-items:flex-start;padding:18px 22px;margin-bottom:14px;border:1px solid var(--e-global-color-f443515,#e6c45a);border-radius:8px;background:rgba(0,0,0,0.22);\"><span style=\"flex-shrink:0;width:42px;height:42px;border-radius:50%;background:var(--e-global-color-accent,#e6c45a);color:#1a1a1a;font-weight:700;font-size:20px;display:inline-flex;align-items:center;justify-content:center;\">3<\/span><div><strong style=\"color:var(--e-global-color-accent,#e6c45a);\">La regulaci\u00f3 no \u00e9s directament perceptible amb els \u00f2rgans dels sentits.<\/strong><br><span style=\"font-size:14px;line-height:1.55;color:#e8e8e8;\">No es troba en l'\u00e0mbit purament f\u00edsic. Anomenem l'\u00e0mbit on actua l'espai de consci\u00e8ncia o el camp d'informaci\u00f3 immaterial.<\/span><\/div><\/li><li style=\"display:flex;gap:18px;align-items:flex-start;padding:18px 22px;margin-bottom:0;border:1px solid var(--e-global-color-f443515,#e6c45a);border-radius:8px;background:rgba(0,0,0,0.22);\"><span style=\"flex-shrink:0;width:42px;height:42px;border-radius:50%;background:var(--e-global-color-accent,#e6c45a);color:#1a1a1a;font-weight:700;font-size:20px;display:inline-flex;align-items:center;justify-content:center;\">4<\/span><div><strong style=\"color:var(--e-global-color-accent,#e6c45a);\">Hi ha vies per comunicar-se amb l'espai de consci\u00e8ncia.<\/strong><br><span style=\"font-size:14px;line-height:1.55;color:#e8e8e8;\">Mentalment, per exemple mitjan\u00e7ant la meditaci\u00f3, o t\u00e8cnicament, per exemple mitjan\u00e7ant aparells com el <a href=\"https:\/\/iwell-guard.com\/ca\/?page_id=171655\" style=\"color:var(--e-global-color-accent,#e6c45a);\">mirall de Kozyrev<\/a>. La tecnologia iWell utilitza la via t\u00e8cnica, de manera cont\u00ednua i sense interrupci\u00f3.<\/span><\/div><\/li><\/ol><p>D'aquestes quatre premisses va n\u00e9ixer a casa nostra la tecnologia iWell. \u00c9s l'arquitectura de material i informaci\u00f3 que s'integra exclusivament en l'iWell Guard.<\/p>\t\t\t\t<\/div>\n\t\t\t\t<\/div>\n\t\t\t\t\t<\/div>\n\t\t\t\t<\/div>\n\t\t<div class=\"elementor-element elementor-element-x404-s6 e-con-boxed e-flex e-con e-parent\" data-id=\"x404-s6\" data-element_type=\"container\" data-e-type=\"container\">\n\t\t\t\t\t<div class=\"e-con-inner\">\n\t\t\t\t<div class=\"elementor-element elementor-element-x404-h6 elementor-widget elementor-widget-heading\" data-id=\"x404-h6\" data-element_type=\"widget\" data-e-type=\"widget\" data-widget_type=\"heading.default\">\n\t\t\t\t\t<h2 class=\"elementor-heading-title elementor-size-default\">Comentaris<\/h2>\t\t\t\t<\/div>\n\t\t<div class=\"elementor-element elementor-element-aj11-inner-2d0a81 e-con-full e-flex e-con e-parent\" data-id=\"aj11-inner-2d0a81\" data-element_type=\"container\" data-e-type=\"container\">\n\t\t\t\t<div class=\"elementor-element elementor-element-x404-t6 elementor-widget elementor-widget-text-editor\" data-id=\"x404-t6\" data-element_type=\"widget\" data-e-type=\"widget\" data-widget_type=\"text-editor.default\">\n\t\t\t\t\t\t\t\t\t<footer class=\"iwg-literatur\" data-nosnippet=\"true\"><p>Si t\u00e9 preguntes sobre una comprovaci\u00f3 concreta o una informaci\u00f3 medial documentada a les nostres p\u00e0gines, pot posar-se en contacte amb nosaltres mitjan\u00e7ant el formulari de contacte. Tractem les q\u00fcestions metodol\u00f2giques amb la mateixa transpar\u00e8ncia amb qu\u00e8 presentem la informaci\u00f3.<\/p><\/footer>\t\t\t\t\t\t\t\t<\/div>\n\t\t\t\t<\/div>\n\t\t\t\t\t<\/div>\n\t\t\t\t<\/div>\n\t\t\t\t<\/div>\n\t\t","protected":false},"excerpt":{"rendered":"","protected":false},"author":3,"featured_media":2285,"parent":0,"menu_order":0,"comment_status":"closed","ping_status":"closed","template":"elementor_header_footer","meta":{"_yoast_wpseo_focuskw":"diagn\u00f2stic energ\u00e8tic","_yoast_wpseo_title":"Metodologia de la pr\u00e0ctica medi\u00famnica \u2013 fonts i verificaci\u00f3","_yoast_wpseo_metadesc":"Fonts, informaci\u00f3 medi\u00famnica, verificacions al camp d'informaci\u00f3 c\u00f2smic, testimonis: com investiguem i identifiquem el contingut a iWell Guard.","_yoast_wpseo_meta-robots-noindex":"","_yoast_wpseo_canonical":"","_angie_page":false,"gefaehrdungsstufe":"","wesen_kultur":"","wesen_klasse":"","footnotes":""},"categories":[],"class_list":["post-171432","page","type-page","status-publish","has-post-thumbnail","hentry"],"yoast_head":"<!-- This site is optimized with the Yoast SEO Premium plugin v27.7 (Yoast SEO v28.3) - https:\/\/yoast.com\/product\/yoast-seo-premium-wordpress\/ -->\n<title>Metodologia de la pr\u00e0ctica medi\u00famnica \u2013 fonts i verificaci\u00f3<\/title>\n<meta name=\"description\" content=\"Fonts, informaci\u00f3 medi\u00famnica, verificacions al camp d&#039;informaci\u00f3 c\u00f2smic, testimonis: com investiguem i identifiquem el contingut a iWell Guard.\" \/>\n<meta name=\"robots\" content=\"index, follow, max-snippet:-1, max-image-preview:large, max-video-preview:-1\" \/>\n<link rel=\"canonical\" href=\"https:\/\/iwell-guard.com\/ca\/metodologia\/\" \/>\n<meta property=\"og:locale\" content=\"ca_ES\" \/>\n<meta property=\"og:type\" content=\"article\" \/>\n<meta property=\"og:title\" content=\"Metodologia\" \/>\n<meta property=\"og:description\" content=\"Fonts, informaci\u00f3 medi\u00famnica, verificacions al camp d&#039;informaci\u00f3 c\u00f2smic, testimonis: com investiguem i identifiquem el contingut a iWell Guard.\" \/>\n<meta property=\"og:url\" content=\"https:\/\/iwell-guard.com\/ca\/metodologia\/\" \/>\n<meta property=\"og:site_name\" content=\"iWell Guard\" \/>\n<meta property=\"article:modified_time\" content=\"2026-09-05T15:57:35+00:00\" \/>\n<meta property=\"og:image\" content=\"https:\/\/iwell-guard.com\/wp-content\/uploads\/2026\/05\/themen_methodik.webp\" \/>\n\t<meta property=\"og:image:width\" content=\"1024\" \/>\n\t<meta property=\"og:image:height\" content=\"1536\" \/>\n\t<meta property=\"og:image:type\" content=\"image\/webp\" \/>\n<meta name=\"twitter:card\" content=\"summary_large_image\" \/>\n<script type=\"application\/ld+json\" class=\"yoast-schema-graph\">{\"@context\":\"https:\\\/\\\/schema.org\",\"@graph\":[{\"@type\":\"WebPage\",\"@id\":\"https:\\\/\\\/iwell-guard.com\\\/ca\\\/metodologia\\\/\",\"url\":\"https:\\\/\\\/iwell-guard.com\\\/ca\\\/metodologia\\\/\",\"name\":\"Metodologia de la pr\u00e0ctica medi\u00famnica \u2013 fonts i verificaci\u00f3\",\"isPartOf\":{\"@id\":\"https:\\\/\\\/iwell-guard.com\\\/ca\\\/#website\"},\"primaryImageOfPage\":{\"@id\":\"https:\\\/\\\/iwell-guard.com\\\/ca\\\/metodologia\\\/#primaryimage\"},\"image\":{\"@id\":\"https:\\\/\\\/iwell-guard.com\\\/ca\\\/metodologia\\\/#primaryimage\"},\"thumbnailUrl\":\"https:\\\/\\\/iwell-guard.com\\\/wp-content\\\/uploads\\\/2026\\\/05\\\/themen_methodik.webp\",\"datePublished\":\"2026-09-05T15:39:19+00:00\",\"dateModified\":\"2026-09-05T15:57:35+00:00\",\"description\":\"Fonts, informaci\u00f3 medi\u00famnica, verificacions al camp d'informaci\u00f3 c\u00f2smic, testimonis: com investiguem i identifiquem el contingut a iWell Guard.\",\"breadcrumb\":{\"@id\":\"https:\\\/\\\/iwell-guard.com\\\/ca\\\/metodologia\\\/#breadcrumb\"},\"inLanguage\":\"ca\",\"potentialAction\":[{\"@type\":\"ReadAction\",\"target\":[\"https:\\\/\\\/iwell-guard.com\\\/ca\\\/metodologia\\\/\"]}]},{\"@type\":\"ImageObject\",\"inLanguage\":\"ca\",\"@id\":\"https:\\\/\\\/iwell-guard.com\\\/ca\\\/metodologia\\\/#primaryimage\",\"url\":\"https:\\\/\\\/iwell-guard.com\\\/wp-content\\\/uploads\\\/2026\\\/05\\\/themen_methodik.webp\",\"contentUrl\":\"https:\\\/\\\/iwell-guard.com\\\/wp-content\\\/uploads\\\/2026\\\/05\\\/themen_methodik.webp\",\"width\":1024,\"height\":1536,\"caption\":\"Bodeg\u00f3 d'escriptori amb llibres, lupa, ploma d'escriure i mapa de fonts\"},{\"@type\":\"BreadcrumbList\",\"@id\":\"https:\\\/\\\/iwell-guard.com\\\/ca\\\/metodologia\\\/#breadcrumb\",\"itemListElement\":[{\"@type\":\"ListItem\",\"position\":1,\"name\":\"Start\",\"item\":\"https:\\\/\\\/iwell-guard.com\\\/ca\\\/?page_id=171333\"},{\"@type\":\"ListItem\",\"position\":2,\"name\":\"Metodologia\"}]},{\"@type\":\"WebSite\",\"@id\":\"https:\\\/\\\/iwell-guard.com\\\/ca\\\/#website\",\"url\":\"https:\\\/\\\/iwell-guard.com\\\/ca\\\/\",\"name\":\"iWell Guard\",\"description\":\"Schutz vor dunklen Einfl\u00fcssen\",\"publisher\":{\"@id\":\"https:\\\/\\\/iwell-guard.com\\\/ca\\\/#organization\"},\"potentialAction\":[{\"@type\":\"SearchAction\",\"target\":{\"@type\":\"EntryPoint\",\"urlTemplate\":\"https:\\\/\\\/iwell-guard.com\\\/ca\\\/?s={search_term_string}\"},\"query-input\":{\"@type\":\"PropertyValueSpecification\",\"valueRequired\":true,\"valueName\":\"search_term_string\"}}],\"inLanguage\":\"ca\"},{\"@type\":\"Organization\",\"@id\":\"https:\\\/\\\/iwell-guard.com\\\/ca\\\/#organization\",\"name\":\"Ittermann electronic GmbH\",\"url\":\"https:\\\/\\\/iwell-guard.com\\\/ca\\\/\",\"logo\":{\"@type\":\"ImageObject\",\"inLanguage\":\"ca\",\"@id\":\"https:\\\/\\\/iwell-guard.com\\\/ca\\\/#\\\/schema\\\/logo\\\/image\\\/\",\"url\":\"https:\\\/\\\/iwell-guard.com\\\/wp-content\\\/uploads\\\/2026\\\/05\\\/Ittermann-Logo-1182x237-1.png\",\"contentUrl\":\"https:\\\/\\\/iwell-guard.com\\\/wp-content\\\/uploads\\\/2026\\\/05\\\/Ittermann-Logo-1182x237-1.png\",\"width\":1182,\"height\":237,\"caption\":\"Ittermann electronic GmbH\"},\"image\":{\"@id\":\"https:\\\/\\\/iwell-guard.com\\\/ca\\\/#\\\/schema\\\/logo\\\/image\\\/\"},\"sameAs\":[\"https:\\\/\\\/pantip.com\\\/profile\\\/9367242\",\"https:\\\/\\\/micro.blog\\\/iwellguard\",\"https:\\\/\\\/www.diggerslist.com\\\/iwellguard\\\/about\",\"https:\\\/\\\/skitterphoto.com\\\/photographers\\\/2870314\\\/iwell-guard\",\"https:\\\/\\\/iwellguard.wordpress.com\\\/2026\\\/06\\\/06\\\/iwell-guard\\\/\",\"https:\\\/\\\/hub.docker.com\\\/u\\\/iwellguard\",\"https:\\\/\\\/www.pinterest.com\\\/iwellguard\\\/\",\"https:\\\/\\\/bit.ly\\\/m\\\/iwellguard\",\"https:\\\/\\\/entre-vos-mains.alsace.eu\\\/profiles\\\/iwellguard\\\/activity\",\"https:\\\/\\\/gravatar.com\\\/reallybeded8fd34\",\"https:\\\/\\\/naijamatta.com\\\/iwellguard\",\"https:\\\/\\\/www.goodreads.com\\\/iwellguard\",\"https:\\\/\\\/profile.hatena.ne.jp\\\/iwellguard\\\/\",\"https:\\\/\\\/experiment.com\\\/users\\\/iwellguard\",\"https:\\\/\\\/wakelet.com\\\/@iWellGuard82270\",\"https:\\\/\\\/www.chordie.com\\\/forum\\\/profile.php?id=2555664\",\"https:\\\/\\\/www.instapaper.com\\\/p\\\/17757966\",\"https:\\\/\\\/www.mapleprimes.com\\\/users\\\/iwellguard\",\"https:\\\/\\\/businesslistingplus.com\\\/profile\\\/iwell-guard\\\/\",\"https:\\\/\\\/telegra.ph\\\/iWell-Guard-06-06\",\"https:\\\/\\\/pbase.com\\\/iwellguard\\\/iwellguard\",\"https:\\\/\\\/b.hatena.ne.jp\\\/iwellguard\\\/20260607#bookmark-4788405196491818882\",\"https:\\\/\\\/fliphtml5.com\\\/home\\\/iwellguard\",\"https:\\\/\\\/anyflip.com\\\/homepage\\\/cmiwl#About\",\"https:\\\/\\\/transfur.com\\\/Users\\\/iwellguard\",\"http:\\\/\\\/delphi.larsbo.org\\\/user\\\/iwellguard\",\"https:\\\/\\\/jobs.lajobsportal.org\\\/profiles\\\/8380803-iwell-guard\",\"https:\\\/\\\/md.chaosdorf.de\\\/s\\\/jfbe5SBdJD\",\"https:\\\/\\\/www.lingvolive.com\\\/en-us\\\/profile\\\/9ecaeaca-ce11-4e51-9e71-01d55e2bff36\\\/translations\",\"https:\\\/\\\/www.fitday.com\\\/fitness\\\/forums\\\/members\\\/iwellguard.html\",\"https:\\\/\\\/www.mymeetbook.com\\\/iwellguard\",\"https:\\\/\\\/pxhere.com\\\/en\\\/photographer-me\\\/5040798\",\"https:\\\/\\\/disqus.com\\\/by\\\/iwellguard\\\/about\\\/\",\"https:\\\/\\\/pastelink.net\\\/hjwciqwq\",\"https:\\\/\\\/pubhtml5.com\\\/homepage\\\/scjhn\\\/\",\"https:\\\/\\\/www.bitchute.com\\\/channel\\\/2O2eOKzNqujT\",\"https:\\\/\\\/audiomack.com\\\/iwellguard\"]}]}<\/script>\n<!-- \/ Yoast SEO Premium plugin. -->","yoast_head_json":{"title":"Metodologia de la pr\u00e0ctica medi\u00famnica \u2013 fonts i verificaci\u00f3","description":"Fonts, informaci\u00f3 medi\u00famnica, verificacions al camp d'informaci\u00f3 c\u00f2smic, testimonis: com investiguem i identifiquem el contingut a iWell Guard.","robots":{"index":"index","follow":"follow","max-snippet":"max-snippet:-1","max-image-preview":"max-image-preview:large","max-video-preview":"max-video-preview:-1"},"canonical":"https:\/\/iwell-guard.com\/ca\/metodologia\/","og_locale":"ca_ES","og_type":"article","og_title":"Metodologia","og_description":"Fonts, informaci\u00f3 medi\u00famnica, verificacions al camp d'informaci\u00f3 c\u00f2smic, testimonis: com investiguem i identifiquem el contingut a iWell Guard.","og_url":"https:\/\/iwell-guard.com\/ca\/metodologia\/","og_site_name":"iWell Guard","article_modified_time":"2026-09-05T15:57:35+00:00","og_image":[{"width":1024,"height":1536,"url":"https:\/\/iwell-guard.com\/wp-content\/uploads\/2026\/05\/themen_methodik.webp","type":"image\/webp"}],"twitter_card":"summary_large_image","schema":{"@context":"https:\/\/schema.org","@graph":[{"@type":"WebPage","@id":"https:\/\/iwell-guard.com\/ca\/metodologia\/","url":"https:\/\/iwell-guard.com\/ca\/metodologia\/","name":"Metodologia de la pr\u00e0ctica medi\u00famnica \u2013 fonts i verificaci\u00f3","isPartOf":{"@id":"https:\/\/iwell-guard.com\/ca\/#website"},"primaryImageOfPage":{"@id":"https:\/\/iwell-guard.com\/ca\/metodologia\/#primaryimage"},"image":{"@id":"https:\/\/iwell-guard.com\/ca\/metodologia\/#primaryimage"},"thumbnailUrl":"https:\/\/iwell-guard.com\/wp-content\/uploads\/2026\/05\/themen_methodik.webp","datePublished":"2026-09-05T15:39:19+00:00","dateModified":"2026-09-05T15:57:35+00:00","description":"Fonts, informaci\u00f3 medi\u00famnica, verificacions al camp d'informaci\u00f3 c\u00f2smic, testimonis: com investiguem i identifiquem el contingut a iWell Guard.","breadcrumb":{"@id":"https:\/\/iwell-guard.com\/ca\/metodologia\/#breadcrumb"},"inLanguage":"ca","potentialAction":[{"@type":"ReadAction","target":["https:\/\/iwell-guard.com\/ca\/metodologia\/"]}]},{"@type":"ImageObject","inLanguage":"ca","@id":"https:\/\/iwell-guard.com\/ca\/metodologia\/#primaryimage","url":"https:\/\/iwell-guard.com\/wp-content\/uploads\/2026\/05\/themen_methodik.webp","contentUrl":"https:\/\/iwell-guard.com\/wp-content\/uploads\/2026\/05\/themen_methodik.webp","width":1024,"height":1536,"caption":"Bodeg\u00f3 d'escriptori amb llibres, lupa, ploma d'escriure i mapa de fonts"},{"@type":"BreadcrumbList","@id":"https:\/\/iwell-guard.com\/ca\/metodologia\/#breadcrumb","itemListElement":[{"@type":"ListItem","position":1,"name":"Start","item":"https:\/\/iwell-guard.com\/ca\/?page_id=171333"},{"@type":"ListItem","position":2,"name":"Metodologia"}]},{"@type":"WebSite","@id":"https:\/\/iwell-guard.com\/ca\/#website","url":"https:\/\/iwell-guard.com\/ca\/","name":"iWell Guard","description":"Schutz vor dunklen Einfl\u00fcssen","publisher":{"@id":"https:\/\/iwell-guard.com\/ca\/#organization"},"potentialAction":[{"@type":"SearchAction","target":{"@type":"EntryPoint","urlTemplate":"https:\/\/iwell-guard.com\/ca\/?s={search_term_string}"},"query-input":{"@type":"PropertyValueSpecification","valueRequired":true,"valueName":"search_term_string"}}],"inLanguage":"ca"},{"@type":"Organization","@id":"https:\/\/iwell-guard.com\/ca\/#organization","name":"Ittermann electronic GmbH","url":"https:\/\/iwell-guard.com\/ca\/","logo":{"@type":"ImageObject","inLanguage":"ca","@id":"https:\/\/iwell-guard.com\/ca\/#\/schema\/logo\/image\/","url":"https:\/\/iwell-guard.com\/wp-content\/uploads\/2026\/05\/Ittermann-Logo-1182x237-1.png","contentUrl":"https:\/\/iwell-guard.com\/wp-content\/uploads\/2026\/05\/Ittermann-Logo-1182x237-1.png","width":1182,"height":237,"caption":"Ittermann electronic GmbH"},"image":{"@id":"https:\/\/iwell-guard.com\/ca\/#\/schema\/logo\/image\/"},"sameAs":["https:\/\/pantip.com\/profile\/9367242","https:\/\/micro.blog\/iwellguard","https:\/\/www.diggerslist.com\/iwellguard\/about","https:\/\/skitterphoto.com\/photographers\/2870314\/iwell-guard","https:\/\/iwellguard.wordpress.com\/2026\/06\/06\/iwell-guard\/","https:\/\/hub.docker.com\/u\/iwellguard","https:\/\/www.pinterest.com\/iwellguard\/","https:\/\/bit.ly\/m\/iwellguard","https:\/\/entre-vos-mains.alsace.eu\/profiles\/iwellguard\/activity","https:\/\/gravatar.com\/reallybeded8fd34","https:\/\/naijamatta.com\/iwellguard","https:\/\/www.goodreads.com\/iwellguard","https:\/\/profile.hatena.ne.jp\/iwellguard\/","https:\/\/experiment.com\/users\/iwellguard","https:\/\/wakelet.com\/@iWellGuard82270","https:\/\/www.chordie.com\/forum\/profile.php?id=2555664","https:\/\/www.instapaper.com\/p\/17757966","https:\/\/www.mapleprimes.com\/users\/iwellguard","https:\/\/businesslistingplus.com\/profile\/iwell-guard\/","https:\/\/telegra.ph\/iWell-Guard-06-06","https:\/\/pbase.com\/iwellguard\/iwellguard","https:\/\/b.hatena.ne.jp\/iwellguard\/20260607#bookmark-4788405196491818882","https:\/\/fliphtml5.com\/home\/iwellguard","https:\/\/anyflip.com\/homepage\/cmiwl#About","https:\/\/transfur.com\/Users\/iwellguard","http:\/\/delphi.larsbo.org\/user\/iwellguard","https:\/\/jobs.lajobsportal.org\/profiles\/8380803-iwell-guard","https:\/\/md.chaosdorf.de\/s\/jfbe5SBdJD","https:\/\/www.lingvolive.com\/en-us\/profile\/9ecaeaca-ce11-4e51-9e71-01d55e2bff36\/translations","https:\/\/www.fitday.com\/fitness\/forums\/members\/iwellguard.html","https:\/\/www.mymeetbook.com\/iwellguard","https:\/\/pxhere.com\/en\/photographer-me\/5040798","https:\/\/disqus.com\/by\/iwellguard\/about\/","https:\/\/pastelink.net\/hjwciqwq","https:\/\/pubhtml5.com\/homepage\/scjhn\/","https:\/\/www.bitchute.com\/channel\/2O2eOKzNqujT","https:\/\/audiomack.com\/iwellguard"]}]}},"_links":{"self":[{"href":"https:\/\/iwell-guard.com\/ca\/wp-json\/wp\/v2\/pages\/171432","targetHints":{"allow":["GET"]}}],"collection":[{"href":"https:\/\/iwell-guard.com\/ca\/wp-json\/wp\/v2\/pages"}],"about":[{"href":"https:\/\/iwell-guard.com\/ca\/wp-json\/wp\/v2\/types\/page"}],"author":[{"embeddable":true,"href":"https:\/\/iwell-guard.com\/ca\/wp-json\/wp\/v2\/users\/3"}],"replies":[{"embeddable":true,"href":"https:\/\/iwell-guard.com\/ca\/wp-json\/wp\/v2\/comments?post=171432"}],"version-history":[{"count":0,"href":"https:\/\/iwell-guard.com\/ca\/wp-json\/wp\/v2\/pages\/171432\/revisions"}],"wp:featuredmedia":[{"embeddable":true,"href":"https:\/\/iwell-guard.com\/ca\/wp-json\/wp\/v2\/media\/2285"}],"wp:attachment":[{"href":"https:\/\/iwell-guard.com\/ca\/wp-json\/wp\/v2\/media?parent=171432"}],"wp:term":[{"taxonomy":"category","embeddable":true,"href":"https:\/\/iwell-guard.com\/ca\/wp-json\/wp\/v2\/categories?post=171432"}],"curies":[{"name":"wp","href":"https:\/\/api.w.org\/{rel}","templated":true}]}}