{"id":171430,"date":"2026-09-05T15:39:19","date_gmt":"2026-09-05T15:39:19","guid":{"rendered":"https:\/\/iwell-guard.com\/?page_id=171430"},"modified":"2026-09-05T15:57:30","modified_gmt":"2026-09-05T15:57:30","slug":"lichtwesen","status":"publish","type":"page","link":"https:\/\/iwell-guard.com\/ca\/lichtwesen\/","title":{"rendered":"\u00c9ssers de llum"},"content":{"rendered":"\t\t<div data-elementor-type=\"wp-page\" data-elementor-id=\"171430\" class=\"elementor elementor-171430 elementor-1525 elementor-bc-flex-widget\" data-elementor-post-type=\"page\">\n\t\t\t\t<div class=\"elementor-element elementor-element-am-lichtw-hero e-flex e-con-boxed e-con e-parent\" data-id=\"am-lichtw-hero\" data-element_type=\"container\" data-e-type=\"container\" data-settings=\"{&quot;background_background&quot;:&quot;classic&quot;}\">\n\t\t\t\t\t<div class=\"e-con-inner\">\n\t\t<div class=\"elementor-element elementor-element-am-lichtw-herohl e-flex e-con-boxed e-con e-child\" data-id=\"am-lichtw-herohl\" data-element_type=\"container\" data-e-type=\"container\">\n\t\t\t\t\t<div class=\"e-con-inner\">\n\t\t<div class=\"elementor-element elementor-element-am-lichtw-c3ceb6 e-con-full e-flex e-con e-child\" data-id=\"am-lichtw-c3ceb6\" data-element_type=\"container\" data-e-type=\"container\">\n\t\t\t\t<div class=\"elementor-element elementor-element-am-lichtw-96ae5e elementor-widget elementor-widget-heading\" data-id=\"am-lichtw-96ae5e\" data-element_type=\"widget\" data-e-type=\"widget\" data-widget_type=\"heading.default\">\n\t\t\t\t\t<h1 class=\"elementor-heading-title elementor-size-default\">Lichtwesen d'un cop d'ull<\/h1>\t\t\t\t<\/div>\n\t\t\t\t<div class=\"elementor-element elementor-element-am-lichtw-e45238 elementor-widget elementor-widget-text-editor\" data-id=\"am-lichtw-e45238\" data-element_type=\"widget\" data-e-type=\"widget\" data-widget_type=\"text-editor.default\">\n\t\t\t\t\t\t\t\t\t<p>Els Lichtwesen s\u00f3n \u00e9ssers celestials o transcendents d&#8217;orientaci\u00f3 positiva: <span class=\"iwg-fachbegriff\" data-tooltip=\"En les religions abra\u00e0miques, un \u00e9sser missatger celestial de D\u00e9u.\" tabindex=\"0\">\u00e0ngels<\/span>, arc\u00e0ngels, devatas o figures humanes de\u00efficades amb funcions c\u00f2smiques i papers de protecci\u00f3.<\/p><p>En les tradicions abra\u00e0miques, els textos indis i els sistemes gn\u00f2stics, es consideren mediadors entre la transcend\u00e8ncia i la imman\u00e8ncia. La seva representaci\u00f3 segueix arquetips d&#8217;ordre, llum i salvaci\u00f3; la seva funci\u00f3 c\u00f2smica sol ser estabilitzadora, protectora i orientada cap a l&#8217;\u00e9sser hum\u00e0.<\/p>\t\t\t\t\t\t\t\t<\/div>\n\t\t\t\t<\/div>\n\t\t<div class=\"elementor-element elementor-element-am-lichtw-klsbdg e-con-full e-flex e-con e-parent\" data-id=\"am-lichtw-klsbdg\" data-element_type=\"container\" data-e-type=\"container\">\n\t\t\t\t<div class=\"elementor-element elementor-element-am-lichtw-klshtm elementor-widget elementor-widget-html\" data-id=\"am-lichtw-klshtm\" data-element_type=\"widget\" data-e-type=\"widget\" data-widget_type=\"html.default\">\n\t\t\t\t\t<div class=\"iwg-pill-row\"><span class=\"iwg-klasse-badge\" tabindex=\"0\" data-tooltip=\"Categoria: eix superior d'\u00e9ssers (d\u00e9us \/ dimonis \/ esperits \/ \u00e9ssers de llum), llista tots els \u00e9ssers d'un eix en totes les cultures.\">Categoria<\/span><span class=\"iwg-kultur-badge\" tabindex=\"0\" data-tooltip=\"Fenomen transcultural, documentat en diverses cultures amb estructures relacionades.\">Transversal<\/span><\/div>\t\t\t\t<\/div>\n\t\t\t\t<\/div>\n\t\t<div class=\"elementor-element elementor-element-am-lichtw-3f7485 e-con-full e-flex e-con e-child\" data-id=\"am-lichtw-3f7485\" data-element_type=\"container\" data-e-type=\"container\">\n\t\t\t\t<div class=\"elementor-element elementor-element-am-lichtw-1c3036 elementor-toc--minimized-on-tablet elementor-widget elementor-widget-table-of-contents\" data-id=\"am-lichtw-1c3036\" data-element_type=\"widget\" data-e-type=\"widget\" data-settings=\"{&quot;exclude_headings_by_selector&quot;:[],&quot;no_headings_message&quot;:&quot;No s&#039;ha trobat cap encap\\u00e7alament en aquesta p\\u00e0gina.&quot;,&quot;headings_by_tags&quot;:[&quot;h2&quot;,&quot;h3&quot;],&quot;marker_view&quot;:&quot;bullets&quot;,&quot;minimize_box&quot;:&quot;yes&quot;,&quot;icon&quot;:{&quot;value&quot;:&quot;fas fa-circle&quot;,&quot;library&quot;:&quot;fa-solid&quot;,&quot;rendered_tag&quot;:&quot;&lt;svg class=\\&quot;e-font-icon-svg e-fas-circle\\&quot; viewBox=\\&quot;0 0 512 512\\&quot; xmlns=\\&quot;http:\\\/\\\/www.w3.org\\\/2000\\\/svg\\&quot;&gt;&lt;path d=\\&quot;M256 8C119 8 8 119 8 256s111 248 248 248 248-111 248-248S393 8 256 8z\\&quot;&gt;&lt;\\\/path&gt;&lt;\\\/svg&gt;&quot;},&quot;minimized_on&quot;:&quot;tablet&quot;,&quot;hierarchical_view&quot;:&quot;yes&quot;,&quot;min_height&quot;:{&quot;unit&quot;:&quot;px&quot;,&quot;size&quot;:&quot;&quot;,&quot;sizes&quot;:[]},&quot;min_height_tablet&quot;:{&quot;unit&quot;:&quot;px&quot;,&quot;size&quot;:&quot;&quot;,&quot;sizes&quot;:[]},&quot;min_height_mobile&quot;:{&quot;unit&quot;:&quot;px&quot;,&quot;size&quot;:&quot;&quot;,&quot;sizes&quot;:[]}}\" data-widget_type=\"table-of-contents.default\">\n\t\t\t\t\t\t\t\t\t<div class=\"elementor-toc__header\">\n\t\t\t\t\t\t<h2 class=\"elementor-toc__header-title\">\n\t\t\t\t\u00cdndex\t\t\t<\/h2>\n\t\t\t\t\t\t\t\t\t\t<div class=\"elementor-toc__toggle-button elementor-toc__toggle-button--expand\" role=\"button\" tabindex=\"0\" aria-controls=\"elementor-toc__am-lichtw-1c3036\" aria-expanded=\"true\" aria-label=\"Open table of contents\"><svg aria-hidden=\"true\" class=\"e-font-icon-svg e-fas-chevron-down\" viewBox=\"0 0 448 512\" xmlns=\"http:\/\/www.w3.org\/2000\/svg\"><path d=\"M207.029 381.476L12.686 187.132c-9.373-9.373-9.373-24.569 0-33.941l22.667-22.667c9.357-9.357 24.522-9.375 33.901-.04L224 284.505l154.745-154.021c9.379-9.335 24.544-9.317 33.901.04l22.667 22.667c9.373 9.373 9.373 24.569 0 33.941L240.971 381.476c-9.373 9.372-24.569 9.372-33.942 0z\"><\/path><\/svg><\/div>\n\t\t\t\t<div class=\"elementor-toc__toggle-button elementor-toc__toggle-button--collapse\" role=\"button\" tabindex=\"0\" aria-controls=\"elementor-toc__am-lichtw-1c3036\" aria-expanded=\"true\" aria-label=\"Close table of contents\"><svg aria-hidden=\"true\" class=\"e-font-icon-svg e-fas-chevron-up\" viewBox=\"0 0 448 512\" xmlns=\"http:\/\/www.w3.org\/2000\/svg\"><path d=\"M240.971 130.524l194.343 194.343c9.373 9.373 9.373 24.569 0 33.941l-22.667 22.667c-9.357 9.357-24.522 9.375-33.901.04L224 227.495 69.255 381.516c-9.379 9.335-24.544 9.317-33.901-.04l-22.667-22.667c-9.373-9.373-9.373-24.569 0-33.941L207.03 130.525c9.372-9.373 24.568-9.373 33.941-.001z\"><\/path><\/svg><\/div>\n\t\t\t\t\t<\/div>\n\t\t\t\t<div id=\"elementor-toc__am-lichtw-1c3036\" class=\"elementor-toc__body\">\n\t\t\t<div class=\"elementor-toc__spinner-container\">\n\t\t\t\t<svg class=\"elementor-toc__spinner eicon-animation-spin e-font-icon-svg e-eicon-loading\" aria-hidden=\"true\" viewBox=\"0 0 1000 1000\" xmlns=\"http:\/\/www.w3.org\/2000\/svg\"><path d=\"M500 975V858C696 858 858 696 858 500S696 142 500 142 142 304 142 500H25C25 237 238 25 500 25S975 237 975 500 763 975 500 975Z\"><\/path><\/svg>\t\t\t<\/div>\n\t\t<\/div>\n\t\t\t\t\t\t<\/div>\n\t\t\t\t<\/div>\n\t\t\t\t\t<\/div>\n\t\t\t\t<\/div>\n\t\t<div class=\"elementor-element elementor-element-am-lichtw-herorg e-flex e-con-boxed e-con e-child\" data-id=\"am-lichtw-herorg\" data-element_type=\"container\" data-e-type=\"container\">\n\t\t\t\t\t<div class=\"e-con-inner\">\n\t\t\t\t<div class=\"elementor-element elementor-element-am-lichtw-heroim iwg-hero-image elementor-widget elementor-widget-image\" data-id=\"am-lichtw-heroim\" data-element_type=\"widget\" data-e-type=\"widget\" data-widget_type=\"image.default\">\n\t\t\t\t\t\t\t\t\t\t\t\t\t\t\t<img fetchpriority=\"high\" decoding=\"async\" width=\"683\" height=\"1024\" src=\"https:\/\/iwell-guard.com\/wp-content\/uploads\/2026\/05\/lichtwesen_uebersicht-683x1024.webp\" class=\"attachment-large size-large wp-image-2318\" alt=\"Lichtwesen \u2014 Erzengel und Aufstiegsmeister\" srcset=\"https:\/\/iwell-guard.com\/wp-content\/uploads\/2026\/05\/lichtwesen_uebersicht-683x1024.webp 683w, https:\/\/iwell-guard.com\/wp-content\/uploads\/2026\/05\/lichtwesen_uebersicht-200x300.webp 200w, https:\/\/iwell-guard.com\/wp-content\/uploads\/2026\/05\/lichtwesen_uebersicht-768x1152.webp 768w, https:\/\/iwell-guard.com\/wp-content\/uploads\/2026\/05\/lichtwesen_uebersicht.webp 1024w\" sizes=\"(max-width: 683px) 100vw, 683px\" \/>\t\t\t\t\t\t\t\t\t\t\t\t\t\t\t<\/div>\n\t\t\t\t\t<\/div>\n\t\t\t\t<\/div>\n\t\t\t\t\t<\/div>\n\t\t\t\t<\/div>\n\t\t\t\t<section class=\"elementor-section elementor-top-section elementor-element elementor-element-sec-iwgcomp2-lichtwesen elementor-section-boxed elementor-section-height-default elementor-section-height-default\" data-id=\"sec-iwgcomp2-lichtwesen\" data-element_type=\"section\" data-e-type=\"section\">\n\t\t\t\t\t\t<div class=\"elementor-container elementor-column-gap-default\">\n\t\t\t\t\t<div class=\"elementor-column elementor-col-100 elementor-top-column elementor-element elementor-element-col-iwgcomp2-lichtwesen\" data-id=\"col-iwgcomp2-lichtwesen\" data-element_type=\"column\" data-e-type=\"column\">\n\t\t\t<div class=\"elementor-widget-wrap elementor-element-populated\">\n\t\t\t\t\t\t<div class=\"elementor-element elementor-element-iwgcomp2-lichtwesen elementor-widget elementor-widget-text-editor\" data-id=\"iwgcomp2-lichtwesen\" data-element_type=\"widget\" data-e-type=\"widget\" data-widget_type=\"text-editor.default\">\n\t\t\t\t\t\t\t\t\t<p>Aquesta p\u00e0gina ofereix una <strong>visi\u00f3 general<\/strong> dels Lichtwesen com els <span class=\"iwg-fachbegriff\" data-tooltip=\"En les religions abra\u00e0miques, un \u00e9sser missatger celestial de D\u00e9u.\" tabindex=\"0\">\u00e0ngels<\/span>, els devas i les dakinis.<\/p>\t\t\t\t\t\t\t\t<\/div>\n\t\t\t\t\t<\/div>\n\t\t<\/div>\n\t\t\t\t\t<\/div>\n\t\t<\/section>\n\t\t<div class=\"elementor-element elementor-element-32917199 e-flex e-con-boxed e-con e-parent\" data-id=\"32917199\" data-element_type=\"container\" data-e-type=\"container\">\n\t\t\t\t\t<div class=\"e-con-inner\">\n\t\t<div class=\"elementor-element elementor-element-26e916cb e-flex e-con-boxed e-con e-child\" data-id=\"26e916cb\" data-element_type=\"container\" data-e-type=\"container\">\n\t\t\t\t\t<div class=\"e-con-inner\">\n\t\t<div class=\"elementor-element elementor-element-253a40d4 e-flex e-con-boxed e-con e-child\" data-id=\"253a40d4\" data-element_type=\"container\" data-e-type=\"container\">\n\t\t\t\t\t<div class=\"e-con-inner\">\n\t\t\t\t<div class=\"elementor-element elementor-element-1200c304 elementor-widget elementor-widget-heading\" data-id=\"1200c304\" data-element_type=\"widget\" data-e-type=\"widget\" data-widget_type=\"heading.default\">\n\t\t\t\t\t<h2 class=\"elementor-heading-title elementor-size-default\">Visi\u00f3 general<\/h2>\t\t\t\t<\/div>\n\t\t\t\t<div class=\"elementor-element elementor-element-11758e7f elementor-widget elementor-widget-text-editor\" data-id=\"11758e7f\" data-element_type=\"widget\" data-e-type=\"widget\" data-widget_type=\"text-editor.default\">\n\t\t\t\t\t\t\t\t\t<p>Lichtwesen \u00e9s el terme gen\u00e8ric per a \u00e9ssers i forces de protecci\u00f3 positives, orientades al benestar hum\u00e0. Inclou inst\u00e0ncies superiors com la Font Primordial, forces protectores planet\u00e0ries com Gaia, arc\u00e0ngels de la tradici\u00f3 abra\u00e0mica i teos\u00f2fica, mestres ascendits de la literatura New Age i portadors de s\u00edmbols com la Flama Violeta o la Creu de Llum.<\/p><p>Els Lichtwesen formen la quarta classe d&#8217;\u00e9ssers d&#8217;aquest web, junt amb els <a href=\"https:\/\/iwell-guard.com\/ca\/?page_id=171431\">d\u00e9us<\/a>, els <a href=\"https:\/\/iwell-guard.com\/ca\/dimonis\/\">dimonis<\/a> i els <a href=\"https:\/\/iwell-guard.com\/ca\/?page_id=171429\">esperits<\/a>. La seva funci\u00f3 \u00e9s la protecci\u00f3, la transformaci\u00f3 i la guia; en la tradici\u00f3 iWell Guard s\u00f3n el vessant activament actuant del camp de protecci\u00f3.<\/p><p>El mantra de protecci\u00f3 assigna a la Font Primordial el paper d&#8217;inst\u00e0ncia protectora suprema, atribueix a l&#8217;arc\u00e0ngel Gabriel la funci\u00f3 de transformador de les influ\u00e8ncies de m\u00e0gia negra i activa els Lichtwesen afins com a forces protectores actuants. Es pot trobar un resum funcional detallat de tots els punts del <span class=\"iwg-fachbegriff\" data-tooltip=\"Una s\u00edl\u00b7laba o f\u00f3rmula sagrada que es repeteix en l'hinduisme i el budisme.\" tabindex=\"0\">mantra<\/span>, sense el text literal, a <a href=\"https:\/\/iwell-guard.com\/ca\/?page_id=171627\">\/affirmationen\/<\/a>.<\/p>\t\t\t\t\t\t\t\t<\/div>\n\t\t\t\t\t<\/div>\n\t\t\t\t<\/div>\n\t\t<div class=\"elementor-element elementor-element-159dcf9a e-flex e-con-boxed e-con e-child\" data-id=\"159dcf9a\" data-element_type=\"container\" data-e-type=\"container\">\n\t\t\t\t\t<div class=\"e-con-inner\">\n\t\t\t\t<div class=\"elementor-element elementor-element-48cee66f elementor-widget elementor-widget-heading\" data-id=\"48cee66f\" data-element_type=\"widget\" data-e-type=\"widget\" data-widget_type=\"heading.default\">\n\t\t\t\t\t<h3 class=\"elementor-heading-title elementor-size-default\">Visi\u00f3 r\u00e0pida: Lichtwesen<\/h3>\t\t\t\t<\/div>\n\t\t\t\t<div class=\"elementor-element elementor-element-3f50d82c elementor-widget elementor-widget-text-editor\" data-id=\"3f50d82c\" data-element_type=\"widget\" data-e-type=\"widget\" data-widget_type=\"text-editor.default\">\n\t\t\t\t\t\t\t\t\t<ul><li><strong>Classe d&#8217;\u00e9ssers:<\/strong> forces de protecci\u00f3 \/ \u00e9ssers positius<\/li><li>Inst\u00e0ncia suprema: <a href=\"https:\/\/iwell-guard.com\/ca\/?page_id=171437\">Font Primordial<\/a><\/li><li>For\u00e7a planet\u00e0ria: <a href=\"https:\/\/iwell-guard.com\/ca\/?page_id=171438\">Gaia<\/a><\/li><li>Arc\u00e0ngels (4+): Miquel, Gabriel, Rafael, Uriel (a m\u00e9s de Metatron)<\/li><li>Mestres ascendits: Saint Germain, Kuthumi, entre d&#8217;altres<\/li><li>S\u00edmbols: Creu de Llum, Flama Violeta<\/li><li>Tradici\u00f3: abra\u00e0mica-cabal\u00edstica, <span class=\"iwg-fachbegriff\" tabindex=\"0\" data-tooltip=\"Doctrina esot\u00e8rica fundada el 1875 per Helena Petrovna Blavatsky; s\u00edntesi de saviesa oriental, espiritisme i ocultisme occidental.\">teosofia<\/span>, New Age, iWell Guard<\/li><\/ul>\t\t\t\t\t\t\t\t<\/div>\n\t\t\t\t\t<\/div>\n\t\t\t\t<\/div>\n\t\t\t\t\t<\/div>\n\t\t\t\t<\/div>\n\t\t\t\t\t<\/div>\n\t\t\t\t<\/div>\n\t\t<div class=\"elementor-element elementor-element-18613602 e-flex e-con-boxed e-con e-parent\" data-id=\"18613602\" data-element_type=\"container\" data-e-type=\"container\">\n\t\t\t\t\t<div class=\"e-con-inner\">\n\t\t\t\t<div class=\"elementor-element elementor-element-262b8a9f elementor-widget elementor-widget-heading\" data-id=\"262b8a9f\" data-element_type=\"widget\" data-e-type=\"widget\" data-widget_type=\"heading.default\">\n\t\t\t\t\t<h2 class=\"elementor-heading-title elementor-size-default\">Tipologia dels Lichtwesen<\/h2>\t\t\t\t<\/div>\n\t\t<div class=\"elementor-element elementor-element-46dcb7d e-con-full e-flex e-con e-child\" data-id=\"46dcb7d\" data-element_type=\"container\" data-e-type=\"container\">\n\t\t<div class=\"elementor-element elementor-element-61d3ab3 e-flex e-con-boxed e-con e-child\" data-id=\"61d3ab3\" data-element_type=\"container\" data-e-type=\"container\">\n\t\t\t\t\t<div class=\"e-con-inner\">\n\t\t\t\t<div class=\"elementor-element elementor-element-117c166 elementor-widget elementor-widget-heading\" data-id=\"117c166\" data-element_type=\"widget\" data-e-type=\"widget\" data-widget_type=\"heading.default\">\n\t\t\t\t\t<h3 class=\"elementor-heading-title elementor-size-default\">Inst\u00e0ncia primordial i for\u00e7a protectora planet\u00e0ria<\/h3>\t\t\t\t<\/div>\n\t\t\t\t<div class=\"elementor-element elementor-element-73997a0 elementor-widget elementor-widget-text-editor\" data-id=\"73997a0\" data-element_type=\"widget\" data-e-type=\"widget\" data-widget_type=\"text-editor.default\">\n\t\t\t\t\t\t\t\t\t<p><strong>Font Primordial.<\/strong> La <a href=\"https:\/\/iwell-guard.com\/ca\/?page_id=171437\">Font Primordial<\/a>, com a origen de tot \u00e9sser, ocupa el lloc suprem. No es pot concebre de manera personal, sin\u00f3 com a consci\u00e8ncia primordial i \u00e9sser primordial. D&#8217;ella emanen tots els altres Lichtwesen.<\/p><p>Gaia. <a href=\"https:\/\/iwell-guard.com\/ca\/?page_id=171438\">Gaia<\/a>, com a \u00e9sser viu de la Terra, rep les influ\u00e8ncies de m\u00e0gia negra i les transforma. En l&#8217;afirmaci\u00f3 d&#8217;iWell Guard, \u00e9s el primer punt de transformaci\u00f3 per als implants i vincles dissolts.<\/p>\t\t\t\t\t\t\t\t<\/div>\n\t\t\t\t\t<\/div>\n\t\t\t\t<\/div>\n\t\t<div class=\"elementor-element elementor-element-d47b156 e-flex e-con-boxed e-con e-child\" data-id=\"d47b156\" data-element_type=\"container\" data-e-type=\"container\">\n\t\t\t\t\t<div class=\"e-con-inner\">\n\t\t\t\t<div class=\"elementor-element elementor-element-ff38c2b elementor-widget elementor-widget-heading\" data-id=\"ff38c2b\" data-element_type=\"widget\" data-e-type=\"widget\" data-widget_type=\"heading.default\">\n\t\t\t\t\t<h3 class=\"elementor-heading-title elementor-size-default\">Arc\u00e0ngels<\/h3>\t\t\t\t<\/div>\n\t\t\t\t<div class=\"elementor-element elementor-element-4e49fcc elementor-widget elementor-widget-text-editor\" data-id=\"4e49fcc\" data-element_type=\"widget\" data-e-type=\"widget\" data-widget_type=\"text-editor.default\">\n\t\t\t\t\t\t\t\t\t<p>Els arc\u00e0ngels cl\u00e0ssics de la tradici\u00f3 judeocristiana-isl\u00e0mica s\u00f3n invocats en el treball de llum com a figures concretes de protecci\u00f3:<\/p><ul><li><a href=\"https:\/\/iwell-guard.com\/ca\/?page_id=171439\">Arc\u00e0ngel Miquel<\/a>, lluitador contra el mal, contrapunt de Llucifer caigut<\/li><li><a href=\"https:\/\/iwell-guard.com\/ca\/?page_id=171440\">Arc\u00e0ngel Gabriel<\/a>, missatger, guardi\u00e0 de la Flama Violeta<\/li><li><a href=\"https:\/\/iwell-guard.com\/ca\/?page_id=171441\">Arc\u00e0ngel Rafael<\/a>, guaridor, protector dels viatgers<\/li><li><a href=\"https:\/\/iwell-guard.com\/ca\/?page_id=171442\">Arc\u00e0ngel Uriel<\/a>, \u00e0ngel de la llum i la saviesa<\/li><li><a href=\"https:\/\/iwell-guard.com\/ca\/?page_id=171443\">Metatr\u00f3<\/a>, canceller del cel, arc\u00e0ngel suprem<\/li><\/ul>\t\t\t\t\t\t\t\t<\/div>\n\t\t\t\t\t<\/div>\n\t\t\t\t<\/div>\n\t\t\t\t<\/div>\n\t\t<div class=\"elementor-element elementor-element-db03c39 e-con-full e-flex e-con e-child\" data-id=\"db03c39\" data-element_type=\"container\" data-e-type=\"container\">\n\t\t<div class=\"elementor-element elementor-element-229a87b e-flex e-con-boxed e-con e-child\" data-id=\"229a87b\" data-element_type=\"container\" data-e-type=\"container\">\n\t\t\t\t\t<div class=\"e-con-inner\">\n\t\t\t\t<div class=\"elementor-element elementor-element-1f471fc elementor-widget elementor-widget-heading\" data-id=\"1f471fc\" data-element_type=\"widget\" data-e-type=\"widget\" data-widget_type=\"heading.default\">\n\t\t\t\t\t<h3 class=\"elementor-heading-title elementor-size-default\">Mestres ascendits, s\u00edmbols i \u00e9ssers col\u00b7lectius<\/h3>\t\t\t\t<\/div>\n\t\t\t\t<div class=\"elementor-element elementor-element-36b1201 elementor-widget elementor-widget-text-editor\" data-id=\"36b1201\" data-element_type=\"widget\" data-e-type=\"widget\" data-widget_type=\"text-editor.default\">\n\t\t\t\t\t\t\t\t\t<p><strong>Mestres ascendits.<\/strong> De la tradici\u00f3 teos\u00f2fica i New Age provenen els mestres ascendits, figures que van viure com a humans, han \u00abascendit\u00bb i ara actuen com a mestres espirituals. <a href=\"https:\/\/iwell-guard.com\/ca\/?page_id=171444\">Saint Germain<\/a> (mestre de la Flama Violeta), <a href=\"https:\/\/iwell-guard.com\/ca\/?page_id=171445\">Kuthumi<\/a> (mestre de l&#8217;amor i la saviesa), aix\u00ed com Morya, Serapis Bey i Hilarion en la tradici\u00f3 <span class=\"iwg-fachbegriff\" tabindex=\"0\" data-tooltip=\"Doctrina esot\u00e8rica fundada el 1875 per Helena Petrovna Blavatsky; s\u00edntesi de saviesa oriental, espiritisme i ocultisme.\">teos\u00f2fica<\/span>.<\/p><p>S\u00edmbols i forces energ\u00e8tiques. <a href=\"https:\/\/iwell-guard.com\/ca\/?page_id=171446\">Flama Violeta<\/a>, energia de transformaci\u00f3, associada a Saint Germain. <a href=\"https:\/\/iwell-guard.com\/ca\/?page_id=171447\">Creu de Llum<\/a>, creu de bra\u00e7os iguals, signe suprem de protecci\u00f3 de la tradici\u00f3 iWell Guard.<\/p><p>\u00c9ssers col\u00b7lectius. La fam\u00edlia de llum i \u00abtots els \u00e9ssers i entitats positives\u00bb com a magnitud col\u00b7lectiva no individuada. A l&#8217;afirmaci\u00f3 s&#8217;hi fa refer\u00e8ncia al final: \u00abDono gr\u00e0cies a la Font Primordial i a tots els Lichtwesen per la seva feina.\u00bb<\/p>\t\t\t\t\t\t\t\t<\/div>\n\t\t\t\t\t<\/div>\n\t\t\t\t<\/div>\n\t\t<div class=\"elementor-element elementor-element-d1c145f e-flex e-con-boxed e-con e-child\" data-id=\"d1c145f\" data-element_type=\"container\" data-e-type=\"container\">\n\t\t\t\t\t<div class=\"e-con-inner\">\n\t\t\t\t\t<\/div>\n\t\t\t\t<\/div>\n\t\t\t\t<\/div>\n\t\t\t\t\t<\/div>\n\t\t\t\t<\/div>\n\t\t<div class=\"elementor-element elementor-element-3ae0637c e-flex e-con-boxed e-con e-parent\" data-id=\"3ae0637c\" data-element_type=\"container\" data-e-type=\"container\">\n\t\t\t\t\t<div class=\"e-con-inner\">\n\t\t\t\t<div class=\"elementor-element elementor-element-31d07739 elementor-widget elementor-widget-heading\" data-id=\"31d07739\" data-element_type=\"widget\" data-e-type=\"widget\" data-widget_type=\"heading.default\">\n\t\t\t\t\t<h2 class=\"elementor-heading-title elementor-size-default\">Visi\u00f3 general transcultural<\/h2>\t\t\t\t<\/div>\n\t\t<div class=\"elementor-element elementor-element-am-inner-0001 e-con-full e-flex e-con e-child\" data-id=\"am-inner-0001\" data-element_type=\"container\" data-e-type=\"container\">\n\t\t\t\t<div class=\"elementor-element elementor-element-a086266 elementor-widget elementor-widget-text-editor\" data-id=\"a086266\" data-element_type=\"widget\" data-e-type=\"widget\" data-widget_type=\"text-editor.default\">\n\t\t\t\t\t\t\t\t\t<p>Els \u00e9ssers de llum no estan lligats a una sola cultura, sin\u00f3 que formen una s\u00edntesi sincr\u00e8tica moderna de diverses tradicions:<\/p><ul><li><strong>Tradici\u00f3 abrah\u00e0mica:<\/strong> arc\u00e0ngels en el judaisme, el cristianisme i l&#8217;islam<\/li><li><span class=\"iwg-fachbegriff\" tabindex=\"0\" data-tooltip=\"M\u00edstica jueva amb obres principals com el Sefer Yetzira, el Zohar i l'escola luri\u00e0nica; doctrina de les Sefirot, el Tetragrama i el Tikkun.\">C\u00e0bala<\/span>: Metatr\u00f3, estructura de les <span class=\"iwg-fachbegriff\" tabindex=\"0\" data-tooltip=\"Les deu emanacions de D\u00e9u en l'arbre cabal\u00edstic de la vida, des de Keter fins a Malkuth; cada Sefir\u00e0 representa un aspecte c\u00f2smic.\">Sefirot<\/span>, ordres ang\u00e8lics<\/li><li>Teosofia: mestres ascendits, doctrina de la germandat blanca (Blavatsky, Besant, Leadbeater)<\/li><li>I AM Activity (Guy i Edna Ballard, d\u00e8cada de 1930): popularitzaci\u00f3 de la Flama Violeta i de Saint Germain<\/li><li>New Age (des de la d\u00e8cada de 1970): integraci\u00f3 sota el concepte de \u00abtreball de llum\u00bb<\/li><li>Tradici\u00f3 iWell Guard: s\u00edntesi sincr\u00e8tica dins el concepte de camp de protecci\u00f3<\/li><\/ul><p>A les p\u00e0gines culturals cl\u00e0ssiques d&#8217;aquest lloc apareixen precedents i paral\u00b7lelismes: <a href=\"https:\/\/iwell-guard.com\/ca\/judaisme\/\">Judaisme<\/a> (jerarquia ang\u00e8lica de la <span class=\"iwg-fachbegriff\" tabindex=\"0\" data-tooltip=\"M\u00edstica jueva amb obres principals com el Sefer Yetzira i el Zohar.\">C\u00e0bala<\/span>), <a href=\"https:\/\/iwell-guard.com\/ca\/?page_id=171364\">Cristianisme<\/a> (tradici\u00f3 dels arc\u00e0ngels), <a href=\"https:\/\/iwell-guard.com\/ca\/?page_id=171365\">Islam<\/a> (Mika\u00efl, Jibril), <a href=\"https:\/\/iwell-guard.com\/ca\/?page_id=171413\">Tibet<\/a> (dharmapalas com a forces protectores, Palden Lhamo, Mahakala), <a href=\"https:\/\/iwell-guard.com\/ca\/?page_id=171450\">New Age<\/a> (llar sincr\u00e8tica moderna).<\/p><div><h3>Capes profundes en la hist\u00f2ria de les religions de la classe dels \u00e9ssers de llum<\/h3><p>La classe dels \u00e9ssers de llum \u00e9s, des del punt de vista de la hist\u00f2ria de les religions, una categoria de s\u00edntesi moderna que combina elements de diverses tradicions. La capa m\u00e9s antiga correspon a la tradici\u00f3 ang\u00e8lica judeocristiana i isl\u00e0mica, amb les seves fonts b\u00edbliques (Daniel, Lluc, l&#8217;Alcor\u00e0) i la jerarquia ang\u00e8lica segons Pseudo-Dion\u00eds l&#8217;Areopagita (<em>De caelesti hierarchia<\/em>, ca. 500).<\/p><p><span data-nosnippet>A la capa interm\u00e8dia hi trobem els mestres ascendits de la tradici\u00f3 teos\u00f2fica, des de Helena Petrovna Blavatsky (<em>La doctrina secreta<\/em>, 1888) fins a Charles Webster Leadbeater (<em>The Masters and the Path<\/em>, 1925). Durant el segle XX es van convertir en moviments religiosos propis a trav\u00e9s de l&#8217;I-AM Movement (Guy i Edna Ballard, 1934) i del Summit Lighthouse d&#8217;Elizabeth Clare Prophet.<\/span><\/p><p>La capa m\u00e9s recent correspon a la tradici\u00f3 contempor\u00e0nia dels treballadors de llum. Aquesta combina els <span class=\"iwg-fachbegriff\" data-tooltip=\"En les religions abrah\u00e0miques, un \u00e9sser missatger celestial de D\u00e9u.\" tabindex=\"0\">\u00e0ngels<\/span> i les idees sobre mestres ascendits amb conceptes New Age (Doreen Virtue, Diana Cooper, Eric Klein) i amb s\u00edmbols com la flama violeta, la creu de llum i els raigs d&#8217;energia.<\/p><p>Aquesta s\u00edntesi \u00e9s nova des del punt de vista de la hist\u00f2ria de les religions. Recull elements m\u00e9s antics, per\u00f2 els organitza dins d&#8217;un sistema propi amb t\u00e8cniques d&#8217;invocaci\u00f3 pr\u00f2pies (decrets, visualitzacions, canalitzaci\u00f3).<\/p><\/div>\t\t\t\t\t\t\t\t<\/div>\n\t\t\t\t<\/div>\n\t\t\t\t\t<\/div>\n\t\t\t\t<\/div>\n\t\t<div class=\"elementor-element elementor-element-709a44a8 e-flex e-con-boxed e-con e-parent\" data-id=\"709a44a8\" data-element_type=\"container\" data-e-type=\"container\">\n\t\t\t\t\t<div class=\"e-con-inner\">\n\t\t\t\t<div class=\"elementor-element elementor-element-2f585873 elementor-widget elementor-widget-heading\" data-id=\"2f585873\" data-element_type=\"widget\" data-e-type=\"widget\" data-widget_type=\"heading.default\">\n\t\t\t\t\t<h2 class=\"elementor-heading-title elementor-size-default\">Rituals, invocaci\u00f3 i tracte<\/h2>\t\t\t\t<\/div>\n\t\t<div class=\"elementor-element elementor-element-am-inner-0002 e-con-full e-flex e-con e-child\" data-id=\"am-inner-0002\" data-element_type=\"container\" data-e-type=\"container\">\n\t\t\t\t<div class=\"elementor-element elementor-element-4296eb49 elementor-widget elementor-widget-text-editor\" data-id=\"4296eb49\" data-element_type=\"widget\" data-e-type=\"widget\" data-widget_type=\"text-editor.default\">\n\t\t\t\t\t\t\t\t\t<p><strong>Afirmaci\u00f3.<\/strong> La invocaci\u00f3 directa dels \u00e9ssers de llum mitjan\u00e7ant f\u00f3rmules verbals. L&#8217;afirmaci\u00f3 de la p\u00e0gina principal d&#8217;iWell Guard n&#8217;\u00e9s un exemple: invoca la Font Primordial, Gaia, l&#8217;arc\u00e0ngel Gabriel i \u00abtots els \u00e9ssers de llum\u00bb.<\/p><p>Meditaci\u00f3. Immersi\u00f3 silenciosa en la pres\u00e8ncia de determinats \u00e9ssers de llum. En la meditaci\u00f3 dels arc\u00e0ngels, a cada arc\u00e0ngel se li assigna un punt cardinal: Miquel al sud (foc), Gabriel a l&#8217;oest (aigua), Rafael a l&#8217;est (aire), Uriel al nord (terra).<\/p><p><span class=\"iwg-fachbegriff\" data-tooltip=\"Invocaci\u00f3 suplicant o conjuradora d'una divinitat o poder.\" tabindex=\"0\">Invocaci\u00f3<\/span> de la Flama Violeta. \u00abI AM a being of violet fire, I AM the purity God desires\u00bb, f\u00f3rmula de decret de la tradici\u00f3 de Saint-Germain.<\/p><p>Treball de llum. El terme abasta el conjunt de pr\u00e0ctiques espirituals de protecci\u00f3 i sanaci\u00f3 que treballen amb \u00e9ssers de llum. Els treballadors de llum s\u00f3n persones que es col\u00b7loquen conscientment dins d&#8217;aquesta tradici\u00f3.<\/p><div><h3>M\u00e8todes d&#8217;invocaci\u00f3 i l\u00f2gica de protecci\u00f3<\/h3><p>La <span class=\"iwg-fachbegriff\" data-tooltip=\"Invocaci\u00f3 suplicant o conjuradora d'una divinitat o poder.\" tabindex=\"0\">invocaci\u00f3<\/span> d&#8217;\u00e9ssers de llum segueix m\u00e8todes diferents en les tres capes. La tradici\u00f3 judeocristiana i isl\u00e0mica dels <span class=\"iwg-fachbegriff\" data-tooltip=\"En les religions abra\u00e0miques, un \u00e9sser missatger celestial de D\u00e9u.\" tabindex=\"0\">\u00e0ngels<\/span> treballa amb una <span class=\"iwg-fachbegriff\" data-tooltip=\"Invocaci\u00f3 suplicant o conjuradora d'una divinitat o poder.\" tabindex=\"0\">invocaci\u00f3<\/span> lit\u00fargicament formalitzada mitjan\u00e7ant f\u00f3rmules fixes; els textos m\u00e9s importants s\u00f3n l&#8217;Officium Sancti Michaelis, l&#8217;aparell de lletanies dels <span class=\"iwg-fachbegriff\" data-tooltip=\"En les religions abra\u00e0miques, un \u00e9sser missatger celestial de D\u00e9u.\" tabindex=\"0\">\u00e0ngels<\/span> de la tradici\u00f3 cat\u00f2lica, l&#8217;aparell jueu del <span class=\"iwg-fachbegriff\" tabindex=\"0\" data-tooltip=\"En la cabala, el nom de D\u00e9u de 72 lletres, derivat d'\u00c8xode 14,19\u201321; base d'una jerarquia pr\u00f2pia de 72 \u00e0ngels.\">Schemhamphorasch<\/span> i les invocacions isl\u00e0miques dels noms ang\u00e8lics.<\/p><p>La tradici\u00f3 teos\u00f2fica dels Mestres Ascendits treballa amb comunicaci\u00f3 medi\u00famnica i una relaci\u00f3 personal de mestre i deixeble; la <span class=\"iwg-fachbegriff\" data-tooltip=\"Invocaci\u00f3 suplicant o conjuradora d'una divinitat o poder.\" tabindex=\"0\">invocaci\u00f3<\/span> \u00e9s m\u00e9s privada i lligada a deixebles o grups concrets. La tradici\u00f3 contempor\u00e0nia dels treballadors de llum utilitza decrets repetitius (f\u00f3rmules de decret repetides 33 vegades), visualitzacions combinades i s\u00edmbols d&#8217;invocaci\u00f3 com la flama violeta.<\/p><p>En el camp de protecci\u00f3 d&#8217;iWell Guard, els \u00e9ssers de llum s&#8217;activen impl\u00edcitament a la capa 8 (<span class=\"iwg-fachbegriff\" data-tooltip=\"Invocaci\u00f3 suplicant o conjuradora d'una divinitat o poder.\" tabindex=\"0\">invocaci\u00f3<\/span> d&#8217;\u00e9ssers positius). No cal cap <span class=\"iwg-fachbegriff\" data-tooltip=\"Invocaci\u00f3 suplicant o conjuradora d'una divinitat o poder.\" tabindex=\"0\">invocaci\u00f3<\/span> conscient; la capa de protecci\u00f3 funciona autom\u00e0ticament mitjan\u00e7ant el sistema de mantres integrat al xip.<\/p><p>Qui vulgui, a m\u00e9s, treballar activament amb \u00e9ssers de llum pot rec\u00f3rrer a una de les tres tradicions d&#8217;invocaci\u00f3, segons la seva pr\u00f2pia vinculaci\u00f3 religiosa o esot\u00e8rica.<\/p><\/div>\t\t\t\t\t\t\t\t<\/div>\n\t\t\t\t<\/div>\n\t\t\t\t\t<\/div>\n\t\t\t\t<\/div>\n\t\t<div class=\"elementor-element elementor-element-44e71476 e-flex e-con-boxed e-con e-parent\" data-id=\"44e71476\" data-element_type=\"container\" data-e-type=\"container\">\n\t\t\t\t\t<div class=\"e-con-inner\">\n\t\t\t\t<div class=\"elementor-element elementor-element-3c1fc3f0 elementor-widget elementor-widget-heading\" data-id=\"3c1fc3f0\" data-element_type=\"widget\" data-e-type=\"widget\" data-widget_type=\"heading.default\">\n\t\t\t\t\t<h2 class=\"elementor-heading-title elementor-size-default\">Recepci\u00f3 moderna<\/h2>\t\t\t\t<\/div>\n\t\t<div class=\"elementor-element elementor-element-am-inner-0003 e-con-full e-flex e-con e-child\" data-id=\"am-inner-0003\" data-element_type=\"container\" data-e-type=\"container\">\n\t\t\t\t<div class=\"elementor-element elementor-element-63364f31 elementor-widget elementor-widget-text-editor\" data-id=\"63364f31\" data-element_type=\"widget\" data-e-type=\"widget\" data-widget_type=\"text-editor.default\">\n\t\t\t\t\t\t\t\t\t<p>La concepci\u00f3 dels \u00e9ssers de llum \u00e9s extraordin\u00e0riament difosa en l&#8217;<span class=\"iwg-fachbegriff\" data-tooltip=\"Terme col\u00b7lectiu per a ensenyaments que reivindiquen un coneixement ocult, accessible nom\u00e9s als iniciats.\" tabindex=\"0\">esoterisme<\/span> de llengua alemanya dels \u00faltims trenta anys. Editorials com Silberschnur, Arkana, Schirner i Neue Erde han popularitzat aquesta literatura. Autors com Diana Cooper (literatura sobre <span class=\"iwg-fachbegriff\" data-tooltip=\"En les religions abra\u00e0miques, un \u00e9sser missatger celestial de D\u00e9u.\" tabindex=\"0\">\u00e0ngels<\/span>), Doreen Virtue (abans de distanciar-se&#8217;n) i Barbara Simonsohn marquen el discurs en llengua alemanya.<\/p><p>Una consideraci\u00f3 cr\u00edtica es duu a terme dins les esgl\u00e9sies establertes i en la <span class=\"iwg-fachbegriff\" data-tooltip=\"La ci\u00e8ncia que estudia les religions de manera comparativa i sense vinculaci\u00f3 de fe.\" tabindex=\"0\">ci\u00e8ncia de les religions<\/span>. Wolfgang Gantke, Kocku von Stuckrad i Hartmut Zinser han situat acad\u00e8micament la s\u00edntesi de la New Age.<\/p><p>La tradici\u00f3 d&#8217;iWell Guard s&#8217;inscriu en aquesta l\u00ednia i integra els \u00e9ssers de llum en un concepte de protecci\u00f3 concretament aplicat.<\/p><div><h3>Els \u00e9ssers de llum en la recerca acad\u00e8mica sobre l&#8217;<span class=\"iwg-fachbegriff\" data-tooltip=\"Terme col\u00b7lectiu per a ensenyaments que reivindiquen un coneixement ocult, accessible nom\u00e9s als iniciats.\" tabindex=\"0\">esoterisme<\/span><\/h3><p>La recerca acad\u00e8mica sobre l&#8217;<span class=\"iwg-fachbegriff\" data-tooltip=\"Terme col\u00b7lectiu per a ensenyaments que reivindiquen un coneixement ocult, accessible nom\u00e9s als iniciats.\" tabindex=\"0\">esoterisme<\/span> ha analitzat sistem\u00e0ticament la tradici\u00f3 dels \u00e9ssers de llum des dels anys 1990. Wouter Hanegraaff (<em>New Age Religion and Western Culture<\/em>, 1996) situa la tradici\u00f3 teos\u00f2fico-treballadora de la llum com una forma de transici\u00f3 entre l&#8217;<span class=\"iwg-fachbegriff\" data-tooltip=\"Ocupaci\u00f3 amb forces i pr\u00e0ctiques ocultes m\u00e9s enll\u00e0 de la ci\u00e8ncia reconeguda.\" tabindex=\"0\">ocultisme<\/span> del segle XIX i el moviment popular de la New Age.<\/p><p><span data-nosnippet>Olav Hammer (<em>Claiming Knowledge<\/em>, 2001) ha estudiat les estrat\u00e8gies de coneixement dels mestres ascendits, i Egil Asprem (<em>The Problem of Disenchantment<\/em>, 2014), el camp m\u00e9s ampli de les tradicions esot\u00e8riques des de finals del segle XIX.<\/span><\/p><p data-nosnippet=\"true\">La posici\u00f3 acad\u00e8mica sost\u00e9 que la classe dels \u00e9ssers de llum \u00e9s un objecte d&#8217;estudi cient\u00edfic leg\u00edtim, sense que calgui donar una resposta definitiva a la q\u00fcesti\u00f3 de la realitat ontol\u00f2gica d&#8217;aquests \u00e9ssers. iWell Guard segueix aquesta l\u00ednia: documentem la tradici\u00f3 amb rigor metodol\u00f2gic, sense promeses de curaci\u00f3 i sense for\u00e7ar una resposta sobre la seva realitat.<\/p><p>Trobareu una visi\u00f3 detallada del sistema de mantres, en el qual els \u00e9ssers de llum constitueixen la contrapart protectora de la m\u00e0gia negra, a <a href=\"https:\/\/iwell-guard.com\/ca\/?page_id=171627\">\/affirmationen\/<\/a>.<\/p><\/div>\t\t\t\t\t\t\t\t<\/div>\n\t\t\t\t<\/div>\n\t\t\t\t\t<\/div>\n\t\t\t\t<\/div>\n\t\t<div class=\"elementor-element elementor-element-7533bc7a e-flex e-con-boxed e-con e-parent\" data-id=\"7533bc7a\" data-element_type=\"container\" data-e-type=\"container\">\n\t\t\t\t\t<div class=\"e-con-inner\">\n\t\t\t\t<div class=\"elementor-element elementor-element-2447d18d elementor-widget elementor-widget-heading\" data-id=\"2447d18d\" data-element_type=\"widget\" data-e-type=\"widget\" data-widget_type=\"heading.default\">\n\t\t\t\t\t<h2 class=\"elementor-heading-title elementor-size-default\">P\u00e0gines relacionades<\/h2>\t\t\t\t<\/div>\n\t\t<div class=\"elementor-element elementor-element-am-inner-0004 e-con-full e-flex e-con e-child\" data-id=\"am-inner-0004\" data-element_type=\"container\" data-e-type=\"container\">\n\t\t\t\t<div class=\"elementor-element elementor-element-341be2ac elementor-widget elementor-widget-text-editor\" data-id=\"341be2ac\" data-element_type=\"widget\" data-e-type=\"widget\" data-widget_type=\"text-editor.default\">\n\t\t\t\t\t\t\t\t\t<ul><li>\u00c9ssers de llum individuals: totes les p\u00e0gines de detall de la visi\u00f3 general dels \u00e9ssers de llum m\u00e9s amunt<\/li><li>Categoria oposada: <a href=\"https:\/\/iwell-guard.com\/ca\/dimonis\/\">Dimonis<\/a>, \u00e9ssers hostils<\/li><li>Formes d&#8217;atac contra les quals protegeixen els \u00e9ssers de llum: <a href=\"https:\/\/iwell-guard.com\/ca\/?page_id=171436\">Implants<\/a>, <a href=\"https:\/\/iwell-guard.com\/ca\/?page_id=171449\">Robatori d&#8217;energia<\/a>, <a href=\"https:\/\/iwell-guard.com\/ca\/?page_id=171448\">Arconts<\/a><\/li><li>Pr\u00e0ctiques de protecci\u00f3 relacionades: <a href=\"https:\/\/iwell-guard.com\/ca\/?page_id=171435\">Maledicci\u00f3<\/a> (cap\u00edtol de defensa)<\/li><li>\u00c0mbit cultural d&#8217;origen: <a href=\"https:\/\/iwell-guard.com\/ca\/?page_id=171450\">New Age<\/a>, <a href=\"https:\/\/iwell-guard.com\/ca\/?page_id=171364\">Cristianisme<\/a>, <a href=\"https:\/\/iwell-guard.com\/ca\/judaisme\/\">Judaisme<\/a><\/li><\/ul>\t\t\t\t\t\t\t\t<\/div>\n\t\t\t\t<\/div>\n\t\t\t\t\t<\/div>\n\t\t\t\t<\/div>\n\t\t<div class=\"elementor-element elementor-element-5a584676 e-flex e-con-boxed e-con e-parent\" data-id=\"5a584676\" data-element_type=\"container\" data-e-type=\"container\">\n\t\t\t\t\t<div class=\"e-con-inner\">\n\t\t\t\t<div class=\"elementor-element elementor-element-6d0757bf elementor-widget elementor-widget-heading\" data-id=\"6d0757bf\" data-element_type=\"widget\" data-e-type=\"widget\" data-widget_type=\"heading.default\">\n\t\t\t\t\t<h2 class=\"elementor-heading-title elementor-size-default\">Bibliografia<\/h2>\t\t\t\t<\/div>\n\t\t<div class=\"elementor-element elementor-element-am-inner-0005 e-con-full e-flex e-con e-child\" data-id=\"am-inner-0005\" data-element_type=\"container\" data-e-type=\"container\">\n\t\t\t\t<div class=\"elementor-element elementor-element-5a93fdd6 elementor-widget elementor-widget-text-editor\" data-id=\"5a93fdd6\" data-element_type=\"widget\" data-e-type=\"widget\" data-widget_type=\"text-editor.default\">\n\t\t\t\t\t\t\t\t\t<footer class=\"iwg-literatur\"><ul><li><span data-nosnippet>Blavatsky, Helena P.: <em>The Secret Doctrine.<\/em> 2 vol. Theosophical Publishing, London 1888.<\/span><\/li><li><span data-nosnippet>Prophet, Elizabeth Clare: <em>Saint Germain, On Alchemy. Formulas for Self-Transformation.<\/em> Summit University Press, Corwin Springs 1993.<\/span><\/li><li><span data-nosnippet>Cooper, Diana: <em>El poder dels <span class=\"iwg-fachbegriff\" data-tooltip=\"En les religions abra\u00e0miques, un \u00e9sser missatger celestial de D\u00e9u.\" tabindex=\"0\">\u00e0ngels<\/span>.<\/em> Silberschnur, G\u00fcllesheim 2002.<\/span><\/li><li><span data-nosnippet>Stuckrad, Kocku von: <em>Was ist <span class=\"iwg-fachbegriff\" data-tooltip=\"Terme gen\u00e8ric per a doctrines que reivindiquen un coneixement ocult, accessible nom\u00e9s als iniciats.\" tabindex=\"0\">Esoterik<\/span>?<\/em> Beck, M\u00fcnchen 2004 (classificaci\u00f3 acad\u00e8mica).<\/span><\/li><li><span data-nosnippet>Hanegraaff, Wouter J.: <em>New Age Religion and Western Culture. Esotericism in the Mirror of Secular Thought.<\/em> Brill, Leiden 1996.<\/span><\/li><\/ul><p><strong>Nota metodol\u00f2gica:<\/strong> la classe dels \u00e9ssers de llum \u00e9s, hist\u00f2ricament, la m\u00e9s recent de les quatre classes d&#8217;\u00e9ssers. Combina elements m\u00e9s antics, com la jerarquia judeocristiana i isl\u00e0mica dels arc\u00e0ngels, amb elements moderns provinents de la teosofia del segle XIX i del moviment New Age del segle XX.<\/p><p>A iWell Guard indiquem, en cada fitxa individual, en quina tradici\u00f3 s&#8217;arrela una figura: documentada hist\u00f2ricament, constru\u00efda teos\u00f2ficament o adaptada de forma moderna.<\/p><div data-nosnippet=\"true\" class=\"iwg-litliste\"><p><strong>Bibliografia seleccionada sobre \u00e9ssers de llum:<\/strong><\/p><ul><li><span data-nosnippet><strong>Faivre, Antoine<\/strong>: <em><span class=\"iwg-fachbegriff\" data-tooltip=\"Terme gen\u00e8ric per a doctrines que reivindiquen un coneixement ocult, accessible nom\u00e9s als iniciats.\" tabindex=\"0\">Esoterik<\/span> im \u00dcberblick. Geheime Geschichte des abendl\u00e4ndischen Denkens. Herder, Freiburg 2001.<\/em><\/span><\/li><\/ul><p style=\"font-size:0.9em;opacity:0.85\"><em>Nota:<\/em> aquesta selecci\u00f3 serveix d&#8217;orientaci\u00f3; les entrades detallades segueixen una llista de fonts pr\u00f2pia i curada.<\/p><\/div><\/footer>\n<p class=\"iwg-bib-more\"><span data-nosnippet>M\u00e9s obres de refer\u00e8ncia al <a href=\"https:\/\/iwell-guard.com\/ca\/?page_id=171483\">llistat bibliogr\u00e0fic<\/a>.<\/span><\/p>\t\t\t\t\t\t\t\t<\/div>\n\t\t\t\t<\/div>\n\t\t\t\t\t<\/div>\n\t\t\t\t<\/div>\n\t\t<div class=\"elementor-element elementor-element-iwgkh-lichtwesen-sec e-flex e-con-boxed e-con e-parent\" data-id=\"iwgkh-lichtwesen-sec\" data-element_type=\"container\" data-e-type=\"container\">\n\t\t\t\t\t<div class=\"e-con-inner\">\n\t\t\t\t<div class=\"elementor-element elementor-element-iwgkh-lichtwesen-h elementor-widget elementor-widget-heading\" data-id=\"iwgkh-lichtwesen-h\" data-element_type=\"widget\" data-e-type=\"widget\" data-widget_type=\"heading.default\">\n\t\t\t\t\t<h2 class=\"elementor-heading-title elementor-size-default\">\u00c9ssers de llum d'aquesta col\u00b7lecci\u00f3 (15)<\/h2>\t\t\t\t<\/div>\n\t\t<div class=\"elementor-element elementor-element-iwgkh-lichtwesen-gc e-flex e-con-boxed e-con e-parent\" data-id=\"iwgkh-lichtwesen-gc\" data-element_type=\"container\" data-e-type=\"container\">\n\t\t\t\t\t<div class=\"e-con-inner\">\n\t\t\t\t<div class=\"elementor-element elementor-element-iwgkh-lichtwesen-grid elementor-widget elementor-widget-text-editor\" data-id=\"iwgkh-lichtwesen-grid\" data-element_type=\"widget\" data-e-type=\"widget\" data-widget_type=\"text-editor.default\">\n\t\t\t\t\t\t\t\t\t<div class=\"iwg-wesen-grid\"><a class=\"iwg-wesen-card\" href=\"https:\/\/iwell-guard.com\/ca\/mestres-ascendits\/\" aria-label=\"Mestres Ascendits (terme col\u00b7lectiu)\"><div class=\"iwg-wesen-card-imgwrap\"><img decoding=\"async\" src=\"https:\/\/iwell-guard.com\/wp-content\/uploads\/2026\/04\/lichtwesen_aufstiegsmeister-200x300.webp\" alt=\"Mestres Ascendits (terme col\u00b7lectiu)\" loading=\"lazy\"><\/div><div class=\"iwg-wesen-card-body\"><div class=\"iwg-wesen-card-name\">Mestres Ascendits (terme col\u00b7lectiu)<\/div><div class=\"iwg-wesen-card-arrow\">\u2192 A l&#039;\u00e9sser<\/div><\/div><\/a><a class=\"iwg-wesen-card\" href=\"https:\/\/iwell-guard.com\/ca\/azrael\/\" aria-label=\"Azrael\"><div class=\"iwg-wesen-card-imgwrap\"><img decoding=\"async\" src=\"https:\/\/iwell-guard.com\/wp-content\/uploads\/2026\/04\/goetter_islam_azrael-200x300.webp\" alt=\"Azrael\" loading=\"lazy\"><\/div><div class=\"iwg-wesen-card-body\"><div class=\"iwg-wesen-card-name\">Azrael<\/div><div class=\"iwg-wesen-card-arrow\">\u2192 A l&#039;\u00e9sser<\/div><\/div><\/a><a class=\"iwg-wesen-card\" href=\"https:\/\/iwell-guard.com\/ca\/arcangel-gabriel\/\" aria-label=\"Arc\u00e0ngel Gabriel\"><div class=\"iwg-wesen-card-imgwrap\"><img decoding=\"async\" src=\"https:\/\/iwell-guard.com\/wp-content\/uploads\/2026\/04\/lichtwesen_erzengel-gabriel-200x300.webp\" alt=\"Arc\u00e0ngel Gabriel\" loading=\"lazy\"><\/div><div class=\"iwg-wesen-card-body\"><div class=\"iwg-wesen-card-name\">Arc\u00e0ngel Gabriel<\/div><div class=\"iwg-wesen-card-arrow\">\u2192 A l&#039;\u00e9sser<\/div><\/div><\/a><a class=\"iwg-wesen-card\" href=\"https:\/\/iwell-guard.com\/ca\/arcangel-miquel\/\" aria-label=\"Arc\u00e0ngel Miquel\"><div class=\"iwg-wesen-card-imgwrap\"><img decoding=\"async\" src=\"https:\/\/iwell-guard.com\/wp-content\/uploads\/2026\/04\/lichtwesen_erzengel-michael-200x300.webp\" alt=\"Arc\u00e0ngel Miquel\" loading=\"lazy\"><\/div><div class=\"iwg-wesen-card-body\"><div class=\"iwg-wesen-card-name\">Arc\u00e0ngel Miquel<\/div><div class=\"iwg-wesen-card-arrow\">\u2192 A l&#039;\u00e9sser<\/div><\/div><\/a><a class=\"iwg-wesen-card\" href=\"https:\/\/iwell-guard.com\/ca\/arcangel-rafael\/\" aria-label=\"Arc\u00e0ngel Rafael\"><div class=\"iwg-wesen-card-imgwrap\"><img decoding=\"async\" src=\"https:\/\/iwell-guard.com\/wp-content\/uploads\/2026\/04\/lichtwesen_erzengel-raphael-200x300.webp\" alt=\"Arc\u00e0ngel Rafael\" loading=\"lazy\"><\/div><div class=\"iwg-wesen-card-body\"><div class=\"iwg-wesen-card-name\">Arc\u00e0ngel Rafael<\/div><div class=\"iwg-wesen-card-arrow\">\u2192 A l&#039;\u00e9sser<\/div><\/div><\/a><a class=\"iwg-wesen-card\" href=\"https:\/\/iwell-guard.com\/ca\/arcangel-uriel\/\" aria-label=\"Arc\u00e0ngel Uriel\"><div class=\"iwg-wesen-card-imgwrap\"><img decoding=\"async\" src=\"https:\/\/iwell-guard.com\/wp-content\/uploads\/2026\/04\/lichtwesen_erzengel-uriel-200x300.webp\" alt=\"Arc\u00e0ngel Uriel\" loading=\"lazy\"><\/div><div class=\"iwg-wesen-card-body\"><div class=\"iwg-wesen-card-name\">Arc\u00e0ngel Uriel<\/div><div class=\"iwg-wesen-card-arrow\">\u2192 A l&#039;\u00e9sser<\/div><\/div><\/a><a class=\"iwg-wesen-card\" href=\"https:\/\/iwell-guard.com\/ca\/gabriel\/\" aria-label=\"Gabriel\"><div class=\"iwg-wesen-card-imgwrap\"><img decoding=\"async\" src=\"https:\/\/iwell-guard.com\/wp-content\/uploads\/2026\/04\/goetter_judentum_gabriel-200x300.webp\" alt=\"Gabriel\" loading=\"lazy\"><\/div><div class=\"iwg-wesen-card-body\"><div class=\"iwg-wesen-card-name\">Gabriel<\/div><div class=\"iwg-wesen-card-arrow\">\u2192 A l&#039;\u00e9sser<\/div><\/div><\/a><a class=\"iwg-wesen-card\" href=\"https:\/\/iwell-guard.com\/ca\/gaia\/\" aria-label=\"Gaia\"><div class=\"iwg-wesen-card-imgwrap\"><img decoding=\"async\" src=\"https:\/\/iwell-guard.com\/wp-content\/uploads\/2026\/04\/lichtwesen_gaia-200x300.webp\" alt=\"Gaia\" loading=\"lazy\"><\/div><div class=\"iwg-wesen-card-body\"><div class=\"iwg-wesen-card-name\">Gaia<\/div><div class=\"iwg-wesen-card-arrow\">\u2192 A l&#039;\u00e9sser<\/div><\/div><\/a><a class=\"iwg-wesen-card\" href=\"https:\/\/iwell-guard.com\/ca\/israfil\/\" aria-label=\"Israfil\"><div class=\"iwg-wesen-card-imgwrap\"><img decoding=\"async\" src=\"https:\/\/iwell-guard.com\/wp-content\/uploads\/2026\/04\/goetter_islam_israfil-200x300.webp\" alt=\"Israfil\" loading=\"lazy\"><\/div><div class=\"iwg-wesen-card-body\"><div class=\"iwg-wesen-card-name\">Israfil<\/div><div class=\"iwg-wesen-card-arrow\">\u2192 A l&#039;\u00e9sser<\/div><\/div><\/a><a class=\"iwg-wesen-card\" href=\"https:\/\/iwell-guard.com\/ca\/jibril\/\" aria-label=\"Jibril\"><div class=\"iwg-wesen-card-imgwrap\"><img decoding=\"async\" src=\"https:\/\/iwell-guard.com\/wp-content\/uploads\/2026\/04\/goetter_islam_jibril-200x300.webp\" alt=\"Jibril\" loading=\"lazy\"><\/div><div class=\"iwg-wesen-card-body\"><div class=\"iwg-wesen-card-name\">Jibril<\/div><div class=\"iwg-wesen-card-arrow\">\u2192 A l&#039;\u00e9sser<\/div><\/div><\/a><a class=\"iwg-wesen-card\" href=\"https:\/\/iwell-guard.com\/ca\/kuthumi\/\" aria-label=\"Kuthumi\"><div class=\"iwg-wesen-card-imgwrap\"><img decoding=\"async\" src=\"https:\/\/iwell-guard.com\/wp-content\/uploads\/2026\/04\/lichtwesen_kuthumi-200x300.webp\" alt=\"Kuthumi\" loading=\"lazy\"><\/div><div class=\"iwg-wesen-card-body\"><div class=\"iwg-wesen-card-name\">Kuthumi<\/div><div class=\"iwg-wesen-card-arrow\">\u2192 A l&#039;\u00e9sser<\/div><\/div><\/a><a class=\"iwg-wesen-card\" href=\"https:\/\/iwell-guard.com\/ca\/metatron\/\" aria-label=\"Metatron\"><div class=\"iwg-wesen-card-imgwrap\"><img decoding=\"async\" src=\"https:\/\/iwell-guard.com\/wp-content\/uploads\/2026\/04\/lichtwesen_metatron-200x300.webp\" alt=\"Metatron\" loading=\"lazy\"><\/div><div class=\"iwg-wesen-card-body\"><div class=\"iwg-wesen-card-name\">Metatron<\/div><div class=\"iwg-wesen-card-arrow\">\u2192 A l&#039;\u00e9sser<\/div><\/div><\/a><a class=\"iwg-wesen-card\" href=\"https:\/\/iwell-guard.com\/ca\/mikail\/\" aria-label=\"Mikail\"><div class=\"iwg-wesen-card-imgwrap\"><img decoding=\"async\" src=\"https:\/\/iwell-guard.com\/wp-content\/uploads\/2026\/04\/goetter_islam_mikail-200x300.webp\" alt=\"Mikail\" loading=\"lazy\"><\/div><div class=\"iwg-wesen-card-body\"><div class=\"iwg-wesen-card-name\">Mikail<\/div><div class=\"iwg-wesen-card-arrow\">\u2192 A l&#039;\u00e9sser<\/div><\/div><\/a><a class=\"iwg-wesen-card\" href=\"https:\/\/iwell-guard.com\/ca\/saint-germain\/\" aria-label=\"Saint Germain\"><div class=\"iwg-wesen-card-imgwrap\"><img decoding=\"async\" src=\"https:\/\/iwell-guard.com\/wp-content\/uploads\/2026\/04\/lichtwesen_saint-germain-200x300.webp\" alt=\"Saint Germain\" loading=\"lazy\"><\/div><div class=\"iwg-wesen-card-body\"><div class=\"iwg-wesen-card-name\">Saint Germain<\/div><div class=\"iwg-wesen-card-arrow\">\u2192 A l&#039;\u00e9sser<\/div><\/div><\/a><a class=\"iwg-wesen-card\" href=\"https:\/\/iwell-guard.com\/ca\/uriel\/\" aria-label=\"Uriel\"><div class=\"iwg-wesen-card-imgwrap\"><img decoding=\"async\" src=\"https:\/\/iwell-guard.com\/wp-content\/uploads\/2026\/04\/goetter_judentum_uriel-200x300.webp\" alt=\"Uriel\" loading=\"lazy\"><\/div><div class=\"iwg-wesen-card-body\"><div class=\"iwg-wesen-card-name\">Uriel<\/div><div class=\"iwg-wesen-card-arrow\">\u2192 A l&#039;\u00e9sser<\/div><\/div><\/a><\/div>\t\t\t\t\t\t\t\t<\/div>\n\t\t\t\t\t<\/div>\n\t\t\t\t<\/div>\n\t\t\t\t\t<\/div>\n\t\t\t\t<\/div>\n\t\t<div class=\"elementor-element elementor-element-iwgcb-lichtwes-sec e-flex e-con-boxed e-con e-parent\" data-id=\"iwgcb-lichtwes-sec\" data-element_type=\"container\" data-e-type=\"container\" id=\"iwg-cb-lichtwesen\">\n\t\t\t\t\t<div class=\"e-con-inner\">\n\t\t<div class=\"elementor-element elementor-element-iwgcb-lichtwes-inner e-flex e-con-boxed e-con e-parent\" data-id=\"iwgcb-lichtwes-inner\" data-element_type=\"container\" data-e-type=\"container\" data-settings=\"{&quot;background_background&quot;:&quot;classic&quot;}\">\n\t\t\t\t\t<div class=\"e-con-inner\">\n\t\t\t\t<div class=\"elementor-element elementor-element-iwgcb-lichtwes-h elementor-widget elementor-widget-heading\" data-id=\"iwgcb-lichtwes-h\" data-element_type=\"widget\" data-e-type=\"widget\" data-widget_type=\"heading.default\">\n\t\t\t\t\t<h2 class=\"elementor-heading-title elementor-size-default\">iWell Guard i tradicions de protecci\u00f3<\/h2>\t\t\t\t<\/div>\n\t\t\t\t<div class=\"elementor-element elementor-element-iwgcb-lichtwes-t elementor-widget elementor-widget-text-editor\" data-id=\"iwgcb-lichtwes-t\" data-element_type=\"widget\" data-e-type=\"widget\" data-widget_type=\"text-editor.default\">\n\t\t\t\t\t\t\t\t\t<div data-nosnippet=\"true\"><p>Al llarg de totes les cultures documentades es poden trobar objectes de protecci\u00f3 que la gent portava al cos, des dels amulets de <a href=\"https:\/\/iwell-guard.com\/ca\/pazuzu\/\">Pazuzu<\/a> a Mesopot\u00e0mia, passant per la <a href=\"https:\/\/iwell-guard.com\/ca\/?page_id=171650\">Hamsa<\/a> a la Mediterr\u00e0nia, fins a la <a href=\"https:\/\/iwell-guard.com\/ca\/?page_id=171652\">Mezuz\u00e0<\/a> als brancals de les portes jueves i les medalles cristianes de protecci\u00f3. iWell Guard recull aquesta tradici\u00f3 amb una arquitectura de materials contempor\u00e0nia, fabricada a Alemanya, 41 nivells, or de veritat, plat\u00ed, plata. Dret de devoluci\u00f3 de 30 dies.<\/p><\/div>\t\t\t\t\t\t\t\t<\/div>\n\t\t\t\t<div class=\"elementor-element elementor-element-iwgcb-lichtwes-b iwg-cb-button iwg-cb-cta-2026-05-13 elementor-widget elementor-widget-jet-button\" data-id=\"iwgcb-lichtwes-b\" data-element_type=\"widget\" data-e-type=\"widget\" data-widget_type=\"jet-button.default\">\n\t\t\t\t<div class=\"elementor-widget-container\">\n\t\t\t\t\t<div class=\"elementor-jet-button jet-elements\"><div class=\"jet-button__container\"><a class=\"jet-button__instance jet-button__instance--icon-left hover-effect-1\" href=\"\/ueber-iwell-guard\/?utm_source=iwell-guard.com&amp;utm_medium=info-box&amp;utm_campaign=hub-tradition\"><div class=\"jet-button__plane jet-button__plane-normal\"><\/div><div class=\"jet-button__plane jet-button__plane-hover\"><\/div><div class=\"jet-button__state jet-button__state-normal\"><span class=\"jet-button__label\">M\u00e9s informaci\u00f3 sobre l'iWell Guard<\/span><\/div><div class=\"jet-button__state jet-button__state-hover\"><span class=\"jet-button__label\">M\u00e9s informaci\u00f3 sobre l'iWell Guard<\/span><\/div><\/a><\/div><\/div><style>.elementor-element.elementor-element-iwgcb-lichtwes-b .jet-button__instance{width:320px;height:56px;}.elementor-element.elementor-element-iwgcb-lichtwes-b .jet-button__state-normal .jet-button__label{text-align:center;margin:0px 0px 0px 0px;color:#1a1b20;font-family:Montserrat,sans-serif;font-size:13px;font-weight:400;letter-spacing:4px;line-height:1.714em;text-transform:uppercase;}.elementor-element.elementor-element-iwgcb-lichtwes-b .jet-button__state-hover .jet-button__label{text-align:center;margin:0px 0px 0px 0px;color:#FECC76;font-family:Montserrat,sans-serif;font-size:13px;font-weight:400;letter-spacing:4px;line-height:1.714em;text-transform:uppercase;}.elementor-element.elementor-element-iwgcb-lichtwes-b .jet-button__plane-normal{background-color:#FECC76;border-style:solid;border-color:#C99540;border-width:2px 2px 2px 2px;}.elementor-element.elementor-element-iwgcb-lichtwes-b .jet-button__plane-hover{background-color:rgba(0,0,0,0.55);border-style:solid;border-color:#FECC76;border-width:2px 2px 2px 2px;}<\/style>\t\t\t\t<\/div>\n\t\t\t\t<\/div>\n\t\t\t\t<div class=\"elementor-element elementor-element-iwgcb-lichtwes-d elementor-widget elementor-widget-text-editor\" data-id=\"iwgcb-lichtwes-d\" data-element_type=\"widget\" data-e-type=\"widget\" data-widget_type=\"text-editor.default\">\n\t\t\t\t\t\t\t\t\t<div data-nosnippet=\"true\"><p style=\"text-align:center;font-size:13px;opacity:0.7;margin-top:14px\" data-nosnippet=\"true\">Les experi\u00e8ncies personals poden variar. No \u00e9s un producte sanitari. No \u00e9s una promesa de curaci\u00f3.<\/p><\/div>\t\t\t\t\t\t\t\t<\/div>\n\t\t\t\t\t<\/div>\n\t\t\t\t<\/div>\n\t\t\t\t\t<\/div>\n\t\t\t\t<\/div>\n\t\t\t\t<\/div>\n\t\t","protected":false},"excerpt":{"rendered":"","protected":false},"author":3,"featured_media":2318,"parent":0,"menu_order":0,"comment_status":"closed","ping_status":"closed","template":"elementor_header_footer","meta":{"_yoast_wpseo_focuskw":"lichtwesen","_yoast_wpseo_title":"Lichtwesen d'un cop d'ull | iWell Guard","_yoast_wpseo_metadesc":"Lichtwesen \u00e9s el terme gen\u00e8ric per a \u00e9ssers i forces de protecci\u00f3 positives, orientades a la llum i al benestar humans.","_yoast_wpseo_meta-robots-noindex":"","_yoast_wpseo_canonical":"","_angie_page":false,"gefaehrdungsstufe":"","wesen_kultur":"","wesen_klasse":"","footnotes":""},"categories":[],"class_list":["post-171430","page","type-page","status-publish","has-post-thumbnail","hentry"],"yoast_head":"<!-- This site is optimized with the Yoast SEO Premium plugin v27.7 (Yoast SEO v28.3) - https:\/\/yoast.com\/product\/yoast-seo-premium-wordpress\/ -->\n<title>Lichtwesen d&#039;un cop d&#039;ull | iWell Guard<\/title>\n<meta name=\"description\" content=\"Lichtwesen \u00e9s el terme gen\u00e8ric per a \u00e9ssers i forces de protecci\u00f3 positives, orientades a la llum i al benestar humans.\" \/>\n<meta name=\"robots\" content=\"index, follow, max-snippet:-1, max-image-preview:large, max-video-preview:-1\" \/>\n<link rel=\"canonical\" href=\"https:\/\/iwell-guard.com\/ca\/lichtwesen\/\" \/>\n<meta property=\"og:locale\" content=\"ca_ES\" \/>\n<meta property=\"og:type\" content=\"article\" \/>\n<meta property=\"og:title\" content=\"\u00c9ssers de llum\" \/>\n<meta property=\"og:description\" content=\"Lichtwesen \u00e9s el terme gen\u00e8ric per a \u00e9ssers i forces de protecci\u00f3 positives, orientades a la llum i al benestar humans.\" \/>\n<meta property=\"og:url\" content=\"https:\/\/iwell-guard.com\/ca\/lichtwesen\/\" \/>\n<meta property=\"og:site_name\" content=\"iWell Guard\" \/>\n<meta property=\"article:modified_time\" content=\"2026-09-05T15:57:30+00:00\" \/>\n<meta property=\"og:image\" content=\"https:\/\/iwell-guard.com\/wp-content\/uploads\/2026\/05\/lichtwesen_uebersicht.webp\" \/>\n\t<meta property=\"og:image:width\" content=\"1024\" \/>\n\t<meta property=\"og:image:height\" content=\"1536\" \/>\n\t<meta property=\"og:image:type\" content=\"image\/webp\" \/>\n<meta name=\"twitter:card\" content=\"summary_large_image\" \/>\n<script type=\"application\/ld+json\" class=\"yoast-schema-graph\">{\"@context\":\"https:\\\/\\\/schema.org\",\"@graph\":[{\"@type\":\"WebPage\",\"@id\":\"https:\\\/\\\/iwell-guard.com\\\/ca\\\/lichtwesen\\\/\",\"url\":\"https:\\\/\\\/iwell-guard.com\\\/ca\\\/lichtwesen\\\/\",\"name\":\"Lichtwesen d'un cop d'ull | iWell Guard\",\"isPartOf\":{\"@id\":\"https:\\\/\\\/iwell-guard.com\\\/ca\\\/#website\"},\"primaryImageOfPage\":{\"@id\":\"https:\\\/\\\/iwell-guard.com\\\/ca\\\/lichtwesen\\\/#primaryimage\"},\"image\":{\"@id\":\"https:\\\/\\\/iwell-guard.com\\\/ca\\\/lichtwesen\\\/#primaryimage\"},\"thumbnailUrl\":\"https:\\\/\\\/iwell-guard.com\\\/wp-content\\\/uploads\\\/2026\\\/05\\\/lichtwesen_uebersicht.webp\",\"datePublished\":\"2026-09-05T15:39:19+00:00\",\"dateModified\":\"2026-09-05T15:57:30+00:00\",\"description\":\"Lichtwesen \u00e9s el terme gen\u00e8ric per a \u00e9ssers i forces de protecci\u00f3 positives, orientades a la llum i al benestar humans.\",\"breadcrumb\":{\"@id\":\"https:\\\/\\\/iwell-guard.com\\\/ca\\\/lichtwesen\\\/#breadcrumb\"},\"inLanguage\":\"ca\",\"potentialAction\":[{\"@type\":\"ReadAction\",\"target\":[\"https:\\\/\\\/iwell-guard.com\\\/ca\\\/lichtwesen\\\/\"]}]},{\"@type\":\"ImageObject\",\"inLanguage\":\"ca\",\"@id\":\"https:\\\/\\\/iwell-guard.com\\\/ca\\\/lichtwesen\\\/#primaryimage\",\"url\":\"https:\\\/\\\/iwell-guard.com\\\/wp-content\\\/uploads\\\/2026\\\/05\\\/lichtwesen_uebersicht.webp\",\"contentUrl\":\"https:\\\/\\\/iwell-guard.com\\\/wp-content\\\/uploads\\\/2026\\\/05\\\/lichtwesen_uebersicht.webp\",\"width\":1024,\"height\":1536,\"caption\":\"Lichtwesen \u2014 Arc\u00e0ngels i mestres ascendits\"},{\"@type\":\"BreadcrumbList\",\"@id\":\"https:\\\/\\\/iwell-guard.com\\\/ca\\\/lichtwesen\\\/#breadcrumb\",\"itemListElement\":[{\"@type\":\"ListItem\",\"position\":1,\"name\":\"Start\",\"item\":\"https:\\\/\\\/iwell-guard.com\\\/ca\\\/?page_id=171333\"},{\"@type\":\"ListItem\",\"position\":2,\"name\":\"\u00c9ssers de llum\"}]},{\"@type\":\"WebSite\",\"@id\":\"https:\\\/\\\/iwell-guard.com\\\/ca\\\/#website\",\"url\":\"https:\\\/\\\/iwell-guard.com\\\/ca\\\/\",\"name\":\"iWell Guard\",\"description\":\"Schutz vor dunklen Einfl\u00fcssen\",\"publisher\":{\"@id\":\"https:\\\/\\\/iwell-guard.com\\\/ca\\\/#organization\"},\"potentialAction\":[{\"@type\":\"SearchAction\",\"target\":{\"@type\":\"EntryPoint\",\"urlTemplate\":\"https:\\\/\\\/iwell-guard.com\\\/ca\\\/?s={search_term_string}\"},\"query-input\":{\"@type\":\"PropertyValueSpecification\",\"valueRequired\":true,\"valueName\":\"search_term_string\"}}],\"inLanguage\":\"ca\"},{\"@type\":\"Organization\",\"@id\":\"https:\\\/\\\/iwell-guard.com\\\/ca\\\/#organization\",\"name\":\"Ittermann electronic GmbH\",\"url\":\"https:\\\/\\\/iwell-guard.com\\\/ca\\\/\",\"logo\":{\"@type\":\"ImageObject\",\"inLanguage\":\"ca\",\"@id\":\"https:\\\/\\\/iwell-guard.com\\\/ca\\\/#\\\/schema\\\/logo\\\/image\\\/\",\"url\":\"https:\\\/\\\/iwell-guard.com\\\/wp-content\\\/uploads\\\/2026\\\/05\\\/Ittermann-Logo-1182x237-1.png\",\"contentUrl\":\"https:\\\/\\\/iwell-guard.com\\\/wp-content\\\/uploads\\\/2026\\\/05\\\/Ittermann-Logo-1182x237-1.png\",\"width\":1182,\"height\":237,\"caption\":\"Ittermann electronic GmbH\"},\"image\":{\"@id\":\"https:\\\/\\\/iwell-guard.com\\\/ca\\\/#\\\/schema\\\/logo\\\/image\\\/\"},\"sameAs\":[\"https:\\\/\\\/pantip.com\\\/profile\\\/9367242\",\"https:\\\/\\\/micro.blog\\\/iwellguard\",\"https:\\\/\\\/www.diggerslist.com\\\/iwellguard\\\/about\",\"https:\\\/\\\/skitterphoto.com\\\/photographers\\\/2870314\\\/iwell-guard\",\"https:\\\/\\\/iwellguard.wordpress.com\\\/2026\\\/06\\\/06\\\/iwell-guard\\\/\",\"https:\\\/\\\/hub.docker.com\\\/u\\\/iwellguard\",\"https:\\\/\\\/www.pinterest.com\\\/iwellguard\\\/\",\"https:\\\/\\\/bit.ly\\\/m\\\/iwellguard\",\"https:\\\/\\\/entre-vos-mains.alsace.eu\\\/profiles\\\/iwellguard\\\/activity\",\"https:\\\/\\\/gravatar.com\\\/reallybeded8fd34\",\"https:\\\/\\\/naijamatta.com\\\/iwellguard\",\"https:\\\/\\\/www.goodreads.com\\\/iwellguard\",\"https:\\\/\\\/profile.hatena.ne.jp\\\/iwellguard\\\/\",\"https:\\\/\\\/experiment.com\\\/users\\\/iwellguard\",\"https:\\\/\\\/wakelet.com\\\/@iWellGuard82270\",\"https:\\\/\\\/www.chordie.com\\\/forum\\\/profile.php?id=2555664\",\"https:\\\/\\\/www.instapaper.com\\\/p\\\/17757966\",\"https:\\\/\\\/www.mapleprimes.com\\\/users\\\/iwellguard\",\"https:\\\/\\\/businesslistingplus.com\\\/profile\\\/iwell-guard\\\/\",\"https:\\\/\\\/telegra.ph\\\/iWell-Guard-06-06\",\"https:\\\/\\\/pbase.com\\\/iwellguard\\\/iwellguard\",\"https:\\\/\\\/b.hatena.ne.jp\\\/iwellguard\\\/20260607#bookmark-4788405196491818882\",\"https:\\\/\\\/fliphtml5.com\\\/home\\\/iwellguard\",\"https:\\\/\\\/anyflip.com\\\/homepage\\\/cmiwl#About\",\"https:\\\/\\\/transfur.com\\\/Users\\\/iwellguard\",\"http:\\\/\\\/delphi.larsbo.org\\\/user\\\/iwellguard\",\"https:\\\/\\\/jobs.lajobsportal.org\\\/profiles\\\/8380803-iwell-guard\",\"https:\\\/\\\/md.chaosdorf.de\\\/s\\\/jfbe5SBdJD\",\"https:\\\/\\\/www.lingvolive.com\\\/en-us\\\/profile\\\/9ecaeaca-ce11-4e51-9e71-01d55e2bff36\\\/translations\",\"https:\\\/\\\/www.fitday.com\\\/fitness\\\/forums\\\/members\\\/iwellguard.html\",\"https:\\\/\\\/www.mymeetbook.com\\\/iwellguard\",\"https:\\\/\\\/pxhere.com\\\/en\\\/photographer-me\\\/5040798\",\"https:\\\/\\\/disqus.com\\\/by\\\/iwellguard\\\/about\\\/\",\"https:\\\/\\\/pastelink.net\\\/hjwciqwq\",\"https:\\\/\\\/pubhtml5.com\\\/homepage\\\/scjhn\\\/\",\"https:\\\/\\\/www.bitchute.com\\\/channel\\\/2O2eOKzNqujT\",\"https:\\\/\\\/audiomack.com\\\/iwellguard\"]}]}<\/script>\n<!-- \/ Yoast SEO Premium plugin. -->","yoast_head_json":{"title":"Lichtwesen d'un cop d'ull | iWell Guard","description":"Lichtwesen \u00e9s el terme gen\u00e8ric per a \u00e9ssers i forces de protecci\u00f3 positives, orientades a la llum i al benestar humans.","robots":{"index":"index","follow":"follow","max-snippet":"max-snippet:-1","max-image-preview":"max-image-preview:large","max-video-preview":"max-video-preview:-1"},"canonical":"https:\/\/iwell-guard.com\/ca\/lichtwesen\/","og_locale":"ca_ES","og_type":"article","og_title":"\u00c9ssers de llum","og_description":"Lichtwesen \u00e9s el terme gen\u00e8ric per a \u00e9ssers i forces de protecci\u00f3 positives, orientades a la llum i al benestar humans.","og_url":"https:\/\/iwell-guard.com\/ca\/lichtwesen\/","og_site_name":"iWell Guard","article_modified_time":"2026-09-05T15:57:30+00:00","og_image":[{"width":1024,"height":1536,"url":"https:\/\/iwell-guard.com\/wp-content\/uploads\/2026\/05\/lichtwesen_uebersicht.webp","type":"image\/webp"}],"twitter_card":"summary_large_image","schema":{"@context":"https:\/\/schema.org","@graph":[{"@type":"WebPage","@id":"https:\/\/iwell-guard.com\/ca\/lichtwesen\/","url":"https:\/\/iwell-guard.com\/ca\/lichtwesen\/","name":"Lichtwesen d'un cop d'ull | iWell Guard","isPartOf":{"@id":"https:\/\/iwell-guard.com\/ca\/#website"},"primaryImageOfPage":{"@id":"https:\/\/iwell-guard.com\/ca\/lichtwesen\/#primaryimage"},"image":{"@id":"https:\/\/iwell-guard.com\/ca\/lichtwesen\/#primaryimage"},"thumbnailUrl":"https:\/\/iwell-guard.com\/wp-content\/uploads\/2026\/05\/lichtwesen_uebersicht.webp","datePublished":"2026-09-05T15:39:19+00:00","dateModified":"2026-09-05T15:57:30+00:00","description":"Lichtwesen \u00e9s el terme gen\u00e8ric per a \u00e9ssers i forces de protecci\u00f3 positives, orientades a la llum i al benestar humans.","breadcrumb":{"@id":"https:\/\/iwell-guard.com\/ca\/lichtwesen\/#breadcrumb"},"inLanguage":"ca","potentialAction":[{"@type":"ReadAction","target":["https:\/\/iwell-guard.com\/ca\/lichtwesen\/"]}]},{"@type":"ImageObject","inLanguage":"ca","@id":"https:\/\/iwell-guard.com\/ca\/lichtwesen\/#primaryimage","url":"https:\/\/iwell-guard.com\/wp-content\/uploads\/2026\/05\/lichtwesen_uebersicht.webp","contentUrl":"https:\/\/iwell-guard.com\/wp-content\/uploads\/2026\/05\/lichtwesen_uebersicht.webp","width":1024,"height":1536,"caption":"Lichtwesen \u2014 Arc\u00e0ngels i mestres ascendits"},{"@type":"BreadcrumbList","@id":"https:\/\/iwell-guard.com\/ca\/lichtwesen\/#breadcrumb","itemListElement":[{"@type":"ListItem","position":1,"name":"Start","item":"https:\/\/iwell-guard.com\/ca\/?page_id=171333"},{"@type":"ListItem","position":2,"name":"\u00c9ssers de llum"}]},{"@type":"WebSite","@id":"https:\/\/iwell-guard.com\/ca\/#website","url":"https:\/\/iwell-guard.com\/ca\/","name":"iWell Guard","description":"Schutz vor dunklen Einfl\u00fcssen","publisher":{"@id":"https:\/\/iwell-guard.com\/ca\/#organization"},"potentialAction":[{"@type":"SearchAction","target":{"@type":"EntryPoint","urlTemplate":"https:\/\/iwell-guard.com\/ca\/?s={search_term_string}"},"query-input":{"@type":"PropertyValueSpecification","valueRequired":true,"valueName":"search_term_string"}}],"inLanguage":"ca"},{"@type":"Organization","@id":"https:\/\/iwell-guard.com\/ca\/#organization","name":"Ittermann electronic GmbH","url":"https:\/\/iwell-guard.com\/ca\/","logo":{"@type":"ImageObject","inLanguage":"ca","@id":"https:\/\/iwell-guard.com\/ca\/#\/schema\/logo\/image\/","url":"https:\/\/iwell-guard.com\/wp-content\/uploads\/2026\/05\/Ittermann-Logo-1182x237-1.png","contentUrl":"https:\/\/iwell-guard.com\/wp-content\/uploads\/2026\/05\/Ittermann-Logo-1182x237-1.png","width":1182,"height":237,"caption":"Ittermann electronic GmbH"},"image":{"@id":"https:\/\/iwell-guard.com\/ca\/#\/schema\/logo\/image\/"},"sameAs":["https:\/\/pantip.com\/profile\/9367242","https:\/\/micro.blog\/iwellguard","https:\/\/www.diggerslist.com\/iwellguard\/about","https:\/\/skitterphoto.com\/photographers\/2870314\/iwell-guard","https:\/\/iwellguard.wordpress.com\/2026\/06\/06\/iwell-guard\/","https:\/\/hub.docker.com\/u\/iwellguard","https:\/\/www.pinterest.com\/iwellguard\/","https:\/\/bit.ly\/m\/iwellguard","https:\/\/entre-vos-mains.alsace.eu\/profiles\/iwellguard\/activity","https:\/\/gravatar.com\/reallybeded8fd34","https:\/\/naijamatta.com\/iwellguard","https:\/\/www.goodreads.com\/iwellguard","https:\/\/profile.hatena.ne.jp\/iwellguard\/","https:\/\/experiment.com\/users\/iwellguard","https:\/\/wakelet.com\/@iWellGuard82270","https:\/\/www.chordie.com\/forum\/profile.php?id=2555664","https:\/\/www.instapaper.com\/p\/17757966","https:\/\/www.mapleprimes.com\/users\/iwellguard","https:\/\/businesslistingplus.com\/profile\/iwell-guard\/","https:\/\/telegra.ph\/iWell-Guard-06-06","https:\/\/pbase.com\/iwellguard\/iwellguard","https:\/\/b.hatena.ne.jp\/iwellguard\/20260607#bookmark-4788405196491818882","https:\/\/fliphtml5.com\/home\/iwellguard","https:\/\/anyflip.com\/homepage\/cmiwl#About","https:\/\/transfur.com\/Users\/iwellguard","http:\/\/delphi.larsbo.org\/user\/iwellguard","https:\/\/jobs.lajobsportal.org\/profiles\/8380803-iwell-guard","https:\/\/md.chaosdorf.de\/s\/jfbe5SBdJD","https:\/\/www.lingvolive.com\/en-us\/profile\/9ecaeaca-ce11-4e51-9e71-01d55e2bff36\/translations","https:\/\/www.fitday.com\/fitness\/forums\/members\/iwellguard.html","https:\/\/www.mymeetbook.com\/iwellguard","https:\/\/pxhere.com\/en\/photographer-me\/5040798","https:\/\/disqus.com\/by\/iwellguard\/about\/","https:\/\/pastelink.net\/hjwciqwq","https:\/\/pubhtml5.com\/homepage\/scjhn\/","https:\/\/www.bitchute.com\/channel\/2O2eOKzNqujT","https:\/\/audiomack.com\/iwellguard"]}]}},"_links":{"self":[{"href":"https:\/\/iwell-guard.com\/ca\/wp-json\/wp\/v2\/pages\/171430","targetHints":{"allow":["GET"]}}],"collection":[{"href":"https:\/\/iwell-guard.com\/ca\/wp-json\/wp\/v2\/pages"}],"about":[{"href":"https:\/\/iwell-guard.com\/ca\/wp-json\/wp\/v2\/types\/page"}],"author":[{"embeddable":true,"href":"https:\/\/iwell-guard.com\/ca\/wp-json\/wp\/v2\/users\/3"}],"replies":[{"embeddable":true,"href":"https:\/\/iwell-guard.com\/ca\/wp-json\/wp\/v2\/comments?post=171430"}],"version-history":[{"count":0,"href":"https:\/\/iwell-guard.com\/ca\/wp-json\/wp\/v2\/pages\/171430\/revisions"}],"wp:featuredmedia":[{"embeddable":true,"href":"https:\/\/iwell-guard.com\/ca\/wp-json\/wp\/v2\/media\/2318"}],"wp:attachment":[{"href":"https:\/\/iwell-guard.com\/ca\/wp-json\/wp\/v2\/media?parent=171430"}],"wp:term":[{"taxonomy":"category","embeddable":true,"href":"https:\/\/iwell-guard.com\/ca\/wp-json\/wp\/v2\/categories?post=171430"}],"curies":[{"name":"wp","href":"https:\/\/api.w.org\/{rel}","templated":true}]}}