{"id":171426,"date":"2026-09-05T15:39:16","date_gmt":"2026-09-05T15:39:16","guid":{"rendered":"https:\/\/iwell-guard.com\/?page_id=171426"},"modified":"2026-09-05T15:57:26","modified_gmt":"2026-09-05T15:57:26","slug":"nyen","status":"publish","type":"page","link":"https:\/\/iwell-guard.com\/ca\/nyen\/","title":{"rendered":"Nyen"},"content":{"rendered":"\t\t<div data-elementor-type=\"wp-page\" data-elementor-id=\"171426\" class=\"elementor elementor-171426 elementor-1337\" data-elementor-post-type=\"page\">\n\t\t\t\t<div class=\"elementor-element elementor-element-10fdade e-flex e-con-boxed e-con e-parent\" data-id=\"10fdade\" data-element_type=\"container\" data-e-type=\"container\" data-settings=\"{&quot;background_background&quot;:&quot;classic&quot;}\">\n\t\t\t\t\t<div class=\"e-con-inner\">\n\t\t<div class=\"elementor-element elementor-element-herohlft0 e-flex e-con-boxed e-con e-child\" data-id=\"herohlft0\" data-element_type=\"container\" data-e-type=\"container\">\n\t\t\t\t\t<div class=\"e-con-inner\">\n\t\t<div class=\"elementor-element elementor-element-c3ceb64 e-con-full e-flex e-con e-child\" data-id=\"c3ceb64\" data-element_type=\"container\" data-e-type=\"container\">\n\t\t\t\t<div class=\"elementor-element elementor-element-96ae5e1 elementor-widget elementor-widget-heading\" data-id=\"96ae5e1\" data-element_type=\"widget\" data-e-type=\"widget\" data-widget_type=\"heading.default\">\n\t\t\t\t\t<h1 class=\"elementor-heading-title elementor-size-default\">Nyen, esperit de la tradici\u00f3 tibetana<\/h1>\t\t\t\t<\/div>\n\t\t\t\t<div class=\"elementor-element elementor-element-e45238a elementor-widget elementor-widget-text-editor\" data-id=\"e45238a\" data-element_type=\"widget\" data-e-type=\"widget\" data-widget_type=\"text-editor.default\">\n\t\t\t\t\t\t\t\t\t<p>Nyen \u00e9s un <span class=\"iwg-fachbegriff\" data-tooltip=\"Un \u00e9sser incorpori a qui s'atribueix una influ\u00e8ncia en el m\u00f3n.\" tabindex=\"0\">esperit<\/span> de la tradici\u00f3 tibetana.<\/p><p>Esperits de l&#8217;aire i de l&#8217;habitatge de la tradici\u00f3 tibetana, guardians de frontera entre mons.<\/p>\t\t\t\t\t\t\t\t<\/div>\n\t\t\t\t<\/div>\n\t\t<div class=\"elementor-element elementor-element-klsbdg01 e-con-full e-flex e-con e-parent\" data-id=\"klsbdg01\" data-element_type=\"container\" data-e-type=\"container\">\n\t\t\t\t<div class=\"elementor-element elementor-element-klshtm01 elementor-widget elementor-widget-html\" data-id=\"klshtm01\" data-element_type=\"widget\" data-e-type=\"widget\" data-widget_type=\"html.default\">\n\t\t\t\t\t<div class=\"iwg-pill-row\"><span class=\"iwg-klasse-badge\" tabindex=\"0\" data-tooltip=\"Esperit: \u00c9sser incorpori o semicorpori, difunts, \u00e9ssers de la natura, esperits de la llar o guardians de llindars. Actua en la vida quotidiana, sovint vinculat a llocs o fam\u00edlies.\">Esperit<\/span><a href=\"https:\/\/iwell-guard.com\/ca\/?page_id=171413\" class=\"iwg-kultur-badge\" tabindex=\"0\" data-tooltip=\"Tradici\u00f3 tibetano-budista i B\u00f6n, Yidam, Dharmap\u0101la, m\u00f3n dels Naga.\">Tibet<\/a><\/div>\t\t\t\t<\/div>\n\t\t\t\t<\/div>\n\t\t<div class=\"elementor-element elementor-element-3f74855 e-con-full e-flex e-con e-child\" data-id=\"3f74855\" data-element_type=\"container\" data-e-type=\"container\">\n\t\t\t\t<div class=\"elementor-element elementor-element-1c30362 elementor-toc--minimized-on-tablet elementor-widget elementor-widget-table-of-contents\" data-id=\"1c30362\" data-element_type=\"widget\" data-e-type=\"widget\" data-settings=\"{&quot;exclude_headings_by_selector&quot;:[],&quot;no_headings_message&quot;:&quot;No s&#039;ha trobat cap encap\\u00e7alament en aquesta p\\u00e0gina.&quot;,&quot;headings_by_tags&quot;:[&quot;h2&quot;,&quot;h3&quot;],&quot;marker_view&quot;:&quot;bullets&quot;,&quot;icon&quot;:{&quot;value&quot;:&quot;fas fa-circle&quot;,&quot;library&quot;:&quot;fa-solid&quot;,&quot;rendered_tag&quot;:&quot;&lt;svg class=\\&quot;e-font-icon-svg e-fas-circle\\&quot; viewBox=\\&quot;0 0 512 512\\&quot; xmlns=\\&quot;http:\\\/\\\/www.w3.org\\\/2000\\\/svg\\&quot;&gt;&lt;path d=\\&quot;M256 8C119 8 8 119 8 256s111 248 248 248 248-111 248-248S393 8 256 8z\\&quot;&gt;&lt;\\\/path&gt;&lt;\\\/svg&gt;&quot;},&quot;minimize_box&quot;:&quot;yes&quot;,&quot;minimized_on&quot;:&quot;tablet&quot;,&quot;hierarchical_view&quot;:&quot;yes&quot;,&quot;min_height&quot;:{&quot;unit&quot;:&quot;px&quot;,&quot;size&quot;:&quot;&quot;,&quot;sizes&quot;:[]},&quot;min_height_tablet&quot;:{&quot;unit&quot;:&quot;px&quot;,&quot;size&quot;:&quot;&quot;,&quot;sizes&quot;:[]},&quot;min_height_mobile&quot;:{&quot;unit&quot;:&quot;px&quot;,&quot;size&quot;:&quot;&quot;,&quot;sizes&quot;:[]}}\" data-widget_type=\"table-of-contents.default\">\n\t\t\t\t\t\t\t\t\t<div class=\"elementor-toc__header\">\n\t\t\t\t\t\t<h2 class=\"elementor-toc__header-title\">\n\t\t\t\t\u00cdndex\t\t\t<\/h2>\n\t\t\t\t\t\t\t\t\t\t<div class=\"elementor-toc__toggle-button elementor-toc__toggle-button--expand\" role=\"button\" tabindex=\"0\" aria-controls=\"elementor-toc__1c30362\" aria-expanded=\"true\" aria-label=\"Open table of contents\"><svg aria-hidden=\"true\" class=\"e-font-icon-svg e-fas-chevron-down\" viewBox=\"0 0 448 512\" xmlns=\"http:\/\/www.w3.org\/2000\/svg\"><path d=\"M207.029 381.476L12.686 187.132c-9.373-9.373-9.373-24.569 0-33.941l22.667-22.667c9.357-9.357 24.522-9.375 33.901-.04L224 284.505l154.745-154.021c9.379-9.335 24.544-9.317 33.901.04l22.667 22.667c9.373 9.373 9.373 24.569 0 33.941L240.971 381.476c-9.373 9.372-24.569 9.372-33.942 0z\"><\/path><\/svg><\/div>\n\t\t\t\t<div class=\"elementor-toc__toggle-button elementor-toc__toggle-button--collapse\" role=\"button\" tabindex=\"0\" aria-controls=\"elementor-toc__1c30362\" aria-expanded=\"true\" aria-label=\"Close table of contents\"><svg aria-hidden=\"true\" class=\"e-font-icon-svg e-fas-chevron-up\" viewBox=\"0 0 448 512\" xmlns=\"http:\/\/www.w3.org\/2000\/svg\"><path d=\"M240.971 130.524l194.343 194.343c9.373 9.373 9.373 24.569 0 33.941l-22.667 22.667c-9.357 9.357-24.522 9.375-33.901.04L224 227.495 69.255 381.516c-9.379 9.335-24.544 9.317-33.901-.04l-22.667-22.667c-9.373-9.373-9.373-24.569 0-33.941L207.03 130.525c9.372-9.373 24.568-9.373 33.941-.001z\"><\/path><\/svg><\/div>\n\t\t\t\t\t<\/div>\n\t\t\t\t<div id=\"elementor-toc__1c30362\" class=\"elementor-toc__body\">\n\t\t\t<div class=\"elementor-toc__spinner-container\">\n\t\t\t\t<svg class=\"elementor-toc__spinner eicon-animation-spin e-font-icon-svg e-eicon-loading\" aria-hidden=\"true\" viewBox=\"0 0 1000 1000\" xmlns=\"http:\/\/www.w3.org\/2000\/svg\"><path d=\"M500 975V858C696 858 858 696 858 500S696 142 500 142 142 304 142 500H25C25 237 238 25 500 25S975 237 975 500 763 975 500 975Z\"><\/path><\/svg>\t\t\t<\/div>\n\t\t<\/div>\n\t\t\t\t\t\t<\/div>\n\t\t\t\t<\/div>\n\t\t\t\t\t<\/div>\n\t\t\t\t<\/div>\n\t\t<div class=\"elementor-element elementor-element-herorght0 e-con-full e-flex e-con e-child\" data-id=\"herorght0\" data-element_type=\"container\" data-e-type=\"container\">\n\t\t\t\t<div class=\"elementor-element elementor-element-heroimg00 iwg-hero-image elementor-widget elementor-widget-image\" data-id=\"heroimg00\" data-element_type=\"widget\" data-e-type=\"widget\" data-widget_type=\"image.default\">\n\t\t\t\t\t\t\t\t\t\t\t\t\t\t\t<img fetchpriority=\"high\" decoding=\"async\" width=\"683\" height=\"1024\" src=\"https:\/\/iwell-guard.com\/wp-content\/uploads\/2026\/04\/geister_tibet_nyen-683x1024.webp\" class=\"attachment-large size-large wp-image-1716\" alt=\"Nyen\" srcset=\"https:\/\/iwell-guard.com\/wp-content\/uploads\/2026\/04\/geister_tibet_nyen-683x1024.webp 683w, https:\/\/iwell-guard.com\/wp-content\/uploads\/2026\/04\/geister_tibet_nyen-200x300.webp 200w, https:\/\/iwell-guard.com\/wp-content\/uploads\/2026\/04\/geister_tibet_nyen-768x1152.webp 768w, https:\/\/iwell-guard.com\/wp-content\/uploads\/2026\/04\/geister_tibet_nyen.webp 1024w\" sizes=\"(max-width: 683px) 100vw, 683px\" \/>\t\t\t\t\t\t\t\t\t\t\t\t\t\t\t<\/div>\n\t\t\t\t<\/div>\n\t\t\t\t\t<\/div>\n\t\t\t\t<\/div>\n\t\t<div class=\"elementor-element elementor-element-32917199 e-flex e-con-boxed e-con e-parent\" data-id=\"32917199\" data-element_type=\"container\" data-e-type=\"container\">\n\t\t\t\t\t<div class=\"e-con-inner\">\n\t\t<div class=\"elementor-element elementor-element-26e916cb e-flex e-con-boxed e-con e-child\" data-id=\"26e916cb\" data-element_type=\"container\" data-e-type=\"container\">\n\t\t\t\t\t<div class=\"e-con-inner\">\n\t\t<div class=\"elementor-element elementor-element-253a40d4 e-flex e-con-boxed e-con e-child\" data-id=\"253a40d4\" data-element_type=\"container\" data-e-type=\"container\">\n\t\t\t\t\t<div class=\"e-con-inner\">\n\t\t\t\t<div class=\"elementor-element elementor-element-1200c304 elementor-widget elementor-widget-heading\" data-id=\"1200c304\" data-element_type=\"widget\" data-e-type=\"widget\" data-widget_type=\"heading.default\">\n\t\t\t\t\t<h2 class=\"elementor-heading-title elementor-size-default\">Nyen (gnyan)<\/h2>\t\t\t\t<\/div>\n\t\t\t\t<div class=\"elementor-element elementor-element-11758e7f elementor-widget elementor-widget-text-editor\" data-id=\"11758e7f\" data-element_type=\"widget\" data-e-type=\"widget\" data-widget_type=\"text-editor.default\">\n\t\t\t\t\t\t\t\t\t<p>Els Nyen (tib. <em>gnyan<\/em>) formen una classe \u00e0mplia i dif\u00edcil de definir amb precisi\u00f3 d&#8217;\u00e9ssers espirituals tibetans. Tradicionalment es consideren esperits de l&#8217;aire i del m\u00f3n intermedi, a difer\u00e8ncia dels Lu del m\u00f3n subterrani i dels Lha del m\u00f3n celestial. En termes pr\u00e0ctics, els Nyen habiten vessants de muntanya, pastures d&#8217;alta muntanya, certs arbres i pedres, i tamb\u00e9 habitatges.<\/p><p>Els Nyen solen ser invisibles i es reconeixen sobretot pels seus efectes: inflors sobtades, dolors articulars, \u00falceres o malestar persistent. No s\u00f3n mal\u00e8vols per naturalesa, sin\u00f3 sensibles a les violacions dels seus territoris i a les accions impures.<\/p><div><h3>Els Nyen en la <span class=\"iwg-fachbegriff\" data-tooltip=\"Concepci\u00f3 de l'estructura i l'ordre del m\u00f3n dins d'una cultura.\" tabindex=\"0\">cosmologia<\/span> B\u00f6n i el model per capes<\/h3><p>En el model cosmol\u00f2gic del <span class=\"iwg-fachbegriff\" tabindex=\"0\" data-tooltip=\"La tradici\u00f3 religiosa pretibetana anterior al budisme; utilitza Tsen, Nyen, Lu i D\u00fc com a classificaci\u00f3 dels \u00e9ssers no humans.\">B\u00f6n<\/span>, els <em>Nyen<\/em> es descriuen com a \u00e9ssers d&#8217;una capa interm\u00e8dia entre el cel dels Tsen i la terra. Habiten roques, boscos de muntanya i cascades. Segons les fonts B\u00f6n, els Nyen van sorgir en una fase cosmog\u00f2nica anterior, quan el m\u00f3n encara no estava estabilitzat. Per aix\u00f2 no s\u00f3n mal\u00e8vols, sin\u00f3 impulsius i sense filtres.<\/p><p>Un Nyen apaivagat pot resultar valu\u00f3s; un Nyen provocat pot destruir fam\u00edlies i camps. A difer\u00e8ncia dels Tsen, que s\u00f3n guerrers, els Nyen s\u00f3n guardians de la natura salvatge.<\/p><p>Custodien la frontera entre l&#8217;espai hum\u00e0 (camp, casa, poble) i l&#8217;espai salvatge (muntanya, bosc, congost). Una gran categoria de malalties atribu\u00efdes als Nyen \u00e9s la anomenada violaci\u00f3 de fronteres: quan les persones penetren massa profundament en territori Nyen o en destrueixen l&#8217;h\u00e0bitat.<\/p><\/div>\t\t\t\t\t\t\t\t<\/div>\n\t\t\t\t\t<\/div>\n\t\t\t\t<\/div>\n\t\t<div class=\"elementor-element elementor-element-159dcf9a e-flex e-con-boxed e-con e-child\" data-id=\"159dcf9a\" data-element_type=\"container\" data-e-type=\"container\">\n\t\t\t\t\t<div class=\"e-con-inner\">\n\t\t\t\t<div class=\"elementor-element elementor-element-48cee66f elementor-widget elementor-widget-heading\" data-id=\"48cee66f\" data-element_type=\"widget\" data-e-type=\"widget\" data-widget_type=\"heading.default\">\n\t\t\t\t\t<h3 class=\"elementor-heading-title elementor-size-default\">Resum: Nyen<\/h3>\t\t\t\t<\/div>\n\t\t\t\t<div class=\"elementor-element elementor-element-3f50d82c elementor-widget elementor-widget-text-editor\" data-id=\"3f50d82c\" data-element_type=\"widget\" data-e-type=\"widget\" data-widget_type=\"text-editor.default\">\n\t\t\t\t\t\t\t\t\t<p><strong>Tipus:<\/strong> Esperits de l&#8217;aire i de l&#8217;habitatge<br>Origen: B\u00f6n pretibudista; estretament relacionats amb els esperits de la terra Sa-Dag<br>Textos: Textos de Padmasambhava, manuals rituals locals, invocacions populars<br>Efectes: Erupcions cut\u00e0nies, dolors articulars, \u00falceres, inflors<br>Protecci\u00f3: <span class=\"iwg-fachbegriff\" data-tooltip=\"Ofrena a una divinitat per expressar gratitud, s\u00faplica o veneraci\u00f3.\" tabindex=\"0\">Ofrenes<\/span> sang, invocacions als Nyen, evitar accions impures<\/p>\t\t\t\t\t\t\t\t<\/div>\n\t\t\t\t\t<\/div>\n\t\t\t\t<\/div>\n\t\t\t\t\t<\/div>\n\t\t\t\t<\/div>\n\t\t\t\t\t<\/div>\n\t\t\t\t<\/div>\n\t\t<div class=\"elementor-element elementor-element-18613602 e-flex e-con-boxed e-con e-parent\" data-id=\"18613602\" data-element_type=\"container\" data-e-type=\"container\">\n\t\t\t\t\t<div class=\"e-con-inner\">\n\t\t\t\t<div class=\"elementor-element elementor-element-262b8a9f elementor-widget elementor-widget-heading\" data-id=\"262b8a9f\" data-element_type=\"widget\" data-e-type=\"widget\" data-widget_type=\"heading.default\">\n\t\t\t\t\t<h2 class=\"elementor-heading-title elementor-size-default\">Contextualitzaci\u00f3 hist\u00f2rica<\/h2>\t\t\t\t<\/div>\n\t\t<div class=\"elementor-element elementor-element-46dcb7d e-con-full e-flex e-con e-child\" data-id=\"46dcb7d\" data-element_type=\"container\" data-e-type=\"container\">\n\t\t<div class=\"elementor-element elementor-element-61d3ab3 e-flex e-con-boxed e-con e-child\" data-id=\"61d3ab3\" data-element_type=\"container\" data-e-type=\"container\">\n\t\t\t\t\t<div class=\"e-con-inner\">\n\t\t\t\t<div class=\"elementor-element elementor-element-117c166 elementor-widget elementor-widget-heading\" data-id=\"117c166\" data-element_type=\"widget\" data-e-type=\"widget\" data-widget_type=\"heading.default\">\n\t\t\t\t\t<h3 class=\"elementor-heading-title elementor-size-default\">Per\u00edode dels textos<\/h3>\t\t\t\t<\/div>\n\t\t\t\t<div class=\"elementor-element elementor-element-73997a0 elementor-widget elementor-widget-text-editor\" data-id=\"73997a0\" data-element_type=\"widget\" data-e-type=\"widget\" data-widget_type=\"text-editor.default\">\n\t\t\t\t\t\t\t\t\t<p>La categoria dels Nyen pertany a les capes m\u00e9s antigues de la religiositat tibetana; est\u00e0 vinculada als conceptes dels tres mons (superior\/mitj\u00e0\/inferior) i les seves classes d&#8217;\u00e9ssers corresponents. Els textos B\u00f6n tracten els Nyen extensament, especialment en manuals d&#8217;invocaci\u00f3 contra les malalties causades pels Nyen.<\/p><p>Amb la introducci\u00f3 del budisme, la categoria dels Nyen tamb\u00e9 s&#8217;integra en el nou cosmos; els cicles de Padmasambhava transmeten la submissi\u00f3 ritual de Nyen concrets i la seva instauraci\u00f3 com a esperits protectors.<\/p>\t\t\t\t\t\t\t\t<\/div>\n\t\t\t\t\t<\/div>\n\t\t\t\t<\/div>\n\t\t<div class=\"elementor-element elementor-element-d47b156 e-flex e-con-boxed e-con e-child\" data-id=\"d47b156\" data-element_type=\"container\" data-e-type=\"container\">\n\t\t\t\t\t<div class=\"e-con-inner\">\n\t\t\t\t<div class=\"elementor-element elementor-element-ff38c2b elementor-widget elementor-widget-heading\" data-id=\"ff38c2b\" data-element_type=\"widget\" data-e-type=\"widget\" data-widget_type=\"heading.default\">\n\t\t\t\t\t<h3 class=\"elementor-heading-title elementor-size-default\">\u00c0rea de difusi\u00f3<\/h3>\t\t\t\t<\/div>\n\t\t\t\t<div class=\"elementor-element elementor-element-4e49fcc elementor-widget elementor-widget-text-editor\" data-id=\"4e49fcc\" data-element_type=\"widget\" data-e-type=\"widget\" data-widget_type=\"text-editor.default\">\n\t\t\t\t\t\t\t\t\t<p>Els Nyen s\u00f3n invocats i apaivagats en tot l&#8217;espai cultural tibet\u00e0. Llocs freq\u00fcents: vessants de muntanya entre la vall alta i la zona de cims, pastures d&#8217;alta muntanya amb bestiar, certs arbres antics (especialment ginebres i pollancres), roques a\u00efllades, teulades i estructures de fusta de les cases, i llars de foc.<\/p><p>Alguns Nyen estan vinculats a llinatges i fam\u00edlies (<em>nyen rus<\/em>) i es cultiven com a esperits protectors d&#8217;origen dins de determinats clans.<\/p>\t\t\t\t\t\t\t\t<\/div>\n\t\t\t\t\t<\/div>\n\t\t\t\t<\/div>\n\t\t\t\t<\/div>\n\t\t<div class=\"elementor-element elementor-element-db03c39 e-con-full e-flex e-con e-child\" data-id=\"db03c39\" data-element_type=\"container\" data-e-type=\"container\">\n\t\t<div class=\"elementor-element elementor-element-229a87b e-flex e-con-boxed e-con e-child\" data-id=\"229a87b\" data-element_type=\"container\" data-e-type=\"container\">\n\t\t\t\t\t<div class=\"e-con-inner\">\n\t\t\t\t<div class=\"elementor-element elementor-element-1f471fc elementor-widget elementor-widget-heading\" data-id=\"1f471fc\" data-element_type=\"widget\" data-e-type=\"widget\" data-widget_type=\"heading.default\">\n\t\t\t\t\t<h3 class=\"elementor-heading-title elementor-size-default\">Estat de les fonts<\/h3>\t\t\t\t<\/div>\n\t\t\t\t<div class=\"elementor-element elementor-element-36b1201 elementor-widget elementor-widget-text-editor\" data-id=\"36b1201\" data-element_type=\"widget\" data-e-type=\"widget\" data-widget_type=\"text-editor.default\">\n\t\t\t\t\t\t\t\t\t<p>Fonts principals: manuals rituals i textos d&#8217;invocaci\u00f3 B\u00f6n; cicles de Padmasambhava; la literatura s\u00fatrica de la transformaci\u00f3 budista; textos rituals locals de monestirs i fam\u00edlies concrets.<\/p><p><span data-nosnippet>Obres de refer\u00e8ncia modernes: Nebesky-Wojkowitz (1956); Samuel (1993); Karmay (1998); Bellezza, John Vincent (2005) Spirit-Mediums, Sacred Mountains and Related Bon Textual Traditions in Upper Tibet.<\/span><\/p>\t\t\t\t\t\t\t\t<\/div>\n\t\t\t\t\t<\/div>\n\t\t\t\t<\/div>\n\t\t\t\t<\/div>\n\t\t\t\t\t<\/div>\n\t\t\t\t<\/div>\n\t\t<div class=\"elementor-element elementor-element-3ae0637c e-flex e-con-boxed e-con e-parent\" data-id=\"3ae0637c\" data-element_type=\"container\" data-e-type=\"container\">\n\t\t\t\t\t<div class=\"e-con-inner\">\n\t\t\t\t<div class=\"elementor-element elementor-element-31d07739 elementor-widget elementor-widget-heading\" data-id=\"31d07739\" data-element_type=\"widget\" data-e-type=\"widget\" data-widget_type=\"heading.default\">\n\t\t\t\t\t<h2 class=\"elementor-heading-title elementor-size-default\">Nom i variants<\/h2>\t\t\t\t<\/div>\n\t\t<div class=\"elementor-element elementor-element-b7642947 e-con-full e-flex e-con e-child\" data-id=\"b7642947\" data-element_type=\"container\" data-e-type=\"container\">\n\t\t\t\t<div class=\"elementor-element elementor-element-a086266 elementor-widget elementor-widget-text-editor\" data-id=\"a086266\" data-element_type=\"widget\" data-e-type=\"widget\" data-widget_type=\"text-editor.default\">\n\t\t\t\t\t\t\t\t\t<p>En tibet\u00e0 <em>gnyan<\/em>, pronunciat Nyen o Ny\u00e4n. De vegades combinat amb klu com a <em>klu gnyan<\/em>, esperits Lu-Nyen especialment poderosos.<\/p><ul><li><strong>Nyen chen<\/strong>, \u00abgran Nyen\u00bb; figures individuals importants, com Nyen Chen Tanglha (d\u00e9u de la muntanya al llac Namtso).<\/li><li>Nyen gyi rgyal po, \u00abrei dels Nyen\u00bb.<\/li><li>Khyab &#8216;jug, parcialment associat amb \u00e9ssers similars als Nyen; en tradicions posteriors interpretat com la <span class=\"iwg-fachbegriff\" data-tooltip=\"Un \u00e9sser venerat com a div\u00ed dins d'una religi\u00f3.\" tabindex=\"0\">divinitat<\/span> planet\u00e0ria Rahula.<\/li><\/ul>\t\t\t\t\t\t\t\t<\/div>\n\t\t\t\t<\/div>\n\t\t\t\t\t<\/div>\n\t\t\t\t<\/div>\n\t\t<div class=\"elementor-element elementor-element-709a44a8 e-flex e-con-boxed e-con e-parent\" data-id=\"709a44a8\" data-element_type=\"container\" data-e-type=\"container\">\n\t\t\t\t\t<div class=\"e-con-inner\">\n\t\t\t\t<div class=\"elementor-element elementor-element-2f585873 elementor-widget elementor-widget-heading\" data-id=\"2f585873\" data-element_type=\"widget\" data-e-type=\"widget\" data-widget_type=\"heading.default\">\n\t\t\t\t\t<h2 class=\"elementor-heading-title elementor-size-default\">Caracter\u00edstiques<\/h2>\t\t\t\t<\/div>\n\t\t<div class=\"elementor-element elementor-element-70621c12 e-con-full e-flex e-con e-child\" data-id=\"70621c12\" data-element_type=\"container\" data-e-type=\"container\">\n\t\t\t\t<div class=\"elementor-element elementor-element-4296eb49 elementor-widget elementor-widget-text-editor\" data-id=\"4296eb49\" data-element_type=\"widget\" data-e-type=\"widget\" data-widget_type=\"text-editor.default\">\n\t\t\t\t\t\t\t\t\t<p><strong>Aparen\u00e7a.<\/strong> Els nyen s\u00f3n majorit\u00e0riament invisibles. Quan es mostren, ho fan en tonalitats grises o groguenques, com esquemes en l&#8217;aire, com ombres a les llars, com boires flotants. Alguns nyen destacats, com Nyen Chen Tanglha, tenen formes iconogr\u00e0fiques fixes (genet blanc sobre cavall blanc, espasa a la m\u00e0).<\/p><p>Comportament. Els nyen reaccionen a la brut\u00edcia i a la transgressi\u00f3 de l\u00edmits: quan una casa es porta de manera impura, quan el fum va en direcci\u00f3 equivocada, quan es pertorben llocs sagrats. C\u00e0stiguen mitjan\u00e7ant malalties de la pell i de l&#8217;aparell locomotor.<\/p><p>Funci\u00f3. En estat vinculat, els nyen s\u00f3n guardians de frontera importants, entre l&#8217;ordre i la natura salvatge, entre l&#8217;assentament i l&#8217;altipl\u00e0.<\/p><div><h3>Aspectes irats i apaivagament mitjan\u00e7ant <span class=\"iwg-fachbegriff\" data-tooltip=\"Una seq\u00fc\u00e8ncia regulada d'accions simb\u00f2liques amb significat religi\u00f3s o cultural.\" tabindex=\"0\">ritual<\/span><\/h3><p>Un tret central dels nyen \u00e9s la seva ira. A difer\u00e8ncia dels dimonis, la ira dels quals \u00e9s intenci\u00f3 mal\u00e8vola, la ira dels nyen \u00e9s l&#8217;agressi\u00f3 natural d&#8217;una for\u00e7a ferida. Apaivagar la ira d&#8217;un nyen requereix comprensi\u00f3, no nom\u00e9s <span class=\"iwg-fachbegriff\" data-tooltip=\"Pr\u00e0ctiques que pretenen intervenir en el curs dels esdeveniments mitjan\u00e7ant accions o f\u00f3rmules especials.\" tabindex=\"0\">m\u00e0gia<\/span>. L&#8217;apaivagament ritual \u00e9s complex: inclou <span class=\"iwg-fachbegriff\" data-tooltip=\"Ofrena a una divinitat per expressar gratitud, s\u00faplica o veneraci\u00f3.\" tabindex=\"0\">ofrenes<\/span> (mantega, sang, peix sec), aigua de <span class=\"iwg-fachbegriff\" data-tooltip=\"Concessi\u00f3 de benestar i protecci\u00f3, sovint en una forma ling\u00fc\u00edstica fixa.\" tabindex=\"0\">benedicci\u00f3<\/span>, oracions especials i de vegades una dansa xam\u00e0nica de sessi\u00f3.<\/p><p>El <span class=\"iwg-fachbegriff\" data-tooltip=\"Una seq\u00fc\u00e8ncia regulada d'accions simb\u00f2liques amb significat religi\u00f3s o cultural.\" tabindex=\"0\">ritual<\/span> reconeix que el nyen t\u00e9 dret a ser venerat. Si l&#8217;apaivagament fracassa, la persona sol patir par\u00e0lisi, ceguesa o p\u00e8rdua de mem\u00f2ria. Aquesta simptomatologia som\u00e0tica distingeix els danys causats pels nyen d&#8217;altres malalties sobrenaturals i diu molt en termes diagn\u00f2stics.<\/p><\/div>\t\t\t\t\t\t\t\t<\/div>\n\t\t\t\t<\/div>\n\t\t\t\t\t<\/div>\n\t\t\t\t<\/div>\n\t\t<div class=\"elementor-element elementor-element-44e71476 e-flex e-con-boxed e-con e-parent\" data-id=\"44e71476\" data-element_type=\"container\" data-e-type=\"container\">\n\t\t\t\t\t<div class=\"e-con-inner\">\n\t\t\t\t<div class=\"elementor-element elementor-element-3c1fc3f0 elementor-widget elementor-widget-heading\" data-id=\"3c1fc3f0\" data-element_type=\"widget\" data-e-type=\"widget\" data-widget_type=\"heading.default\">\n\t\t\t\t\t<h2 class=\"elementor-heading-title elementor-size-default\">Fitxa: Nyen<\/h2>\t\t\t\t<\/div>\n\t\t<div class=\"elementor-element elementor-element-84f33b8e e-con-full e-flex e-con e-child\" data-id=\"84f33b8e\" data-element_type=\"container\" data-e-type=\"container\">\n\t\t\t\t<div class=\"elementor-element elementor-element-hqkdc67p elementor-widget elementor-widget-text-editor\" data-id=\"hqkdc67p\" data-element_type=\"widget\" data-e-type=\"widget\" data-widget_type=\"text-editor.default\">\n\t\t\t\t\t\t\t\t\t<p>Els aspectes m\u00e9s importants dels nyen d&#8217;un cop d&#8217;ull.<\/p>\t\t\t\t\t\t\t\t<\/div>\n\t\t\t\t<\/div>\n\t\t<div class=\"elementor-element elementor-element-pemmx7c5 e-con-full e-flex e-con e-child\" data-id=\"pemmx7c5\" data-element_type=\"container\" data-e-type=\"container\">\n\t\t<div class=\"elementor-element elementor-element-pemmx7c1 e-con-full e-flex e-con e-child\" data-id=\"pemmx7c1\" data-element_type=\"container\" data-e-type=\"container\">\n\t\t<div class=\"elementor-element elementor-element-qh9oavvu iwg-steckbrief-card e-flex e-con-boxed e-con e-child\" data-id=\"qh9oavvu\" data-element_type=\"container\" data-e-type=\"container\">\n\t\t\t\t\t<div class=\"e-con-inner\">\n\t\t\t\t<div class=\"elementor-element elementor-element-awzx8k2k elementor-widget elementor-widget-heading\" data-id=\"awzx8k2k\" data-element_type=\"widget\" data-e-type=\"widget\" data-widget_type=\"heading.default\">\n\t\t\t\t\t<div class=\"elementor-heading-title elementor-size-default\">Context cultural<\/div>\t\t\t\t<\/div>\n\t\t\t\t<div class=\"elementor-element elementor-element-x6rowhv0 elementor-widget elementor-widget-text-editor\" data-id=\"x6rowhv0\" data-element_type=\"widget\" data-e-type=\"widget\" data-widget_type=\"text-editor.default\">\n\t\t\t\t\t\t\t\t\t<p>Tradici\u00f3 prebudista b\u00f6n; classe del m\u00f3n intermedi entre els lha del cel i els lu de l&#8217;aigua.<\/p>\t\t\t\t\t\t\t\t<\/div>\n\t\t\t\t\t<\/div>\n\t\t\t\t<\/div>\n\t\t<div class=\"elementor-element elementor-element-8e3o4kxs iwg-steckbrief-card e-flex e-con-boxed e-con e-child\" data-id=\"8e3o4kxs\" data-element_type=\"container\" data-e-type=\"container\">\n\t\t\t\t\t<div class=\"e-con-inner\">\n\t\t\t\t<div class=\"elementor-element elementor-element-08rkdgov elementor-widget elementor-widget-heading\" data-id=\"08rkdgov\" data-element_type=\"widget\" data-e-type=\"widget\" data-widget_type=\"heading.default\">\n\t\t\t\t\t<div class=\"elementor-heading-title elementor-size-default\">Destinataris<\/div>\t\t\t\t<\/div>\n\t\t\t\t<div class=\"elementor-element elementor-element-uwjelx8s elementor-widget elementor-widget-text-editor\" data-id=\"uwjelx8s\" data-element_type=\"widget\" data-e-type=\"widget\" data-widget_type=\"text-editor.default\">\n\t\t\t\t\t\t\t\t\t<p>Pastors, llars amb conducta impura, persones en pastures i vessants de muntanya, treballadors de construcci\u00f3 en llocs sagrats; alguns nyen estan vinculats a nissagues familiars.<\/p>\t\t\t\t\t\t\t\t<\/div>\n\t\t\t\t\t<\/div>\n\t\t\t\t<\/div>\n\t\t<div class=\"elementor-element elementor-element-jm2n74ec iwg-steckbrief-card e-flex e-con-boxed e-con e-child\" data-id=\"jm2n74ec\" data-element_type=\"container\" data-e-type=\"container\">\n\t\t\t\t\t<div class=\"e-con-inner\">\n\t\t\t\t<div class=\"elementor-element elementor-element-8vufse4c elementor-widget elementor-widget-heading\" data-id=\"8vufse4c\" data-element_type=\"widget\" data-e-type=\"widget\" data-widget_type=\"heading.default\">\n\t\t\t\t\t<div class=\"elementor-heading-title elementor-size-default\">Forma<\/div>\t\t\t\t<\/div>\n\t\t\t\t<div class=\"elementor-element elementor-element-mwb9u015 elementor-widget elementor-widget-text-editor\" data-id=\"mwb9u015\" data-element_type=\"widget\" data-e-type=\"widget\" data-widget_type=\"text-editor.default\">\n\t\t\t\t\t\t\t\t\t<p>Majorit\u00e0riament invisibles; com a boira, ombra o esquemes fuga\u00e7os; alguns nyen destacats amb <span class=\"iwg-fachbegriff\" data-tooltip=\"Estudi dels continguts de les imatges i el seu significat.\" tabindex=\"0\">iconografia<\/span> thangka concreta.<\/p>\t\t\t\t\t\t\t\t<\/div>\n\t\t\t\t\t<\/div>\n\t\t\t\t<\/div>\n\t\t\t\t<\/div>\n\t\t<div class=\"elementor-element elementor-element-pemmx7c2 e-con-full e-flex e-con e-child\" data-id=\"pemmx7c2\" data-element_type=\"container\" data-e-type=\"container\">\n\t\t<div class=\"elementor-element elementor-element-37ss2yr6 iwg-steckbrief-card e-flex e-con-boxed e-con e-child\" data-id=\"37ss2yr6\" data-element_type=\"container\" data-e-type=\"container\">\n\t\t\t\t\t<div class=\"e-con-inner\">\n\t\t\t\t<div class=\"elementor-element elementor-element-3v0wp3wx elementor-widget elementor-widget-heading\" data-id=\"3v0wp3wx\" data-element_type=\"widget\" data-e-type=\"widget\" data-widget_type=\"heading.default\">\n\t\t\t\t\t<div class=\"elementor-heading-title elementor-size-default\">Efectes del Nyen<\/div>\t\t\t\t<\/div>\n\t\t\t\t<div class=\"elementor-element elementor-element-w3247g2m elementor-widget elementor-widget-text-editor\" data-id=\"w3247g2m\" data-element_type=\"widget\" data-e-type=\"widget\" data-widget_type=\"text-editor.default\">\n\t\t\t\t\t\t\t\t\t<p>Fur\u00f3ncols, \u00falceres, erupcions cut\u00e0nies, dol\u00e8ncies articulars, ferides purulentes, inflamacions cr\u00f2niques de les articulacions, infertilitat del bestiar de pastura.<\/p>\t\t\t\t\t\t\t\t<\/div>\n\t\t\t\t\t<\/div>\n\t\t\t\t<\/div>\n\t\t<div class=\"elementor-element elementor-element-0qpjal9w iwg-steckbrief-card e-flex e-con-boxed e-con e-child\" data-id=\"0qpjal9w\" data-element_type=\"container\" data-e-type=\"container\">\n\t\t\t\t\t<div class=\"e-con-inner\">\n\t\t\t\t<div class=\"elementor-element elementor-element-6ndoih0o elementor-widget elementor-widget-heading\" data-id=\"6ndoih0o\" data-element_type=\"widget\" data-e-type=\"widget\" data-widget_type=\"heading.default\">\n\t\t\t\t\t<div class=\"elementor-heading-title elementor-size-default\">Amulets protectors<\/div>\t\t\t\t<\/div>\n\t\t\t\t<div class=\"elementor-element elementor-element-6684tyh9 elementor-widget elementor-widget-text-editor\" data-id=\"6684tyh9\" data-element_type=\"widget\" data-e-type=\"widget\" data-widget_type=\"text-editor.default\">\n\t\t\t\t\t\t\t\t\t<p>Torma per als nyen fet de tsampa i llet; rituals d&#8217;invocaci\u00f3 espec\u00edfics; rites de purificaci\u00f3 a les llars; evitar danyar arbres i terres sagrats.<\/p>\t\t\t\t\t\t\t\t<\/div>\n\t\t\t\t\t<\/div>\n\t\t\t\t<\/div>\n\t\t<div class=\"elementor-element elementor-element-3lfi7x32 iwg-steckbrief-card e-flex e-con-boxed e-con e-child\" data-id=\"3lfi7x32\" data-element_type=\"container\" data-e-type=\"container\">\n\t\t\t\t\t<div class=\"e-con-inner\">\n\t\t\t\t<div class=\"elementor-element elementor-element-0kg99ga1 elementor-widget elementor-widget-heading\" data-id=\"0kg99ga1\" data-element_type=\"widget\" data-e-type=\"widget\" data-widget_type=\"heading.default\">\n\t\t\t\t\t<div class=\"elementor-heading-title elementor-size-default\">Equivalents<\/div>\t\t\t\t<\/div>\n\t\t\t\t<div class=\"elementor-element elementor-element-n0fum6kp elementor-widget elementor-widget-text-editor\" data-id=\"n0fum6kp\" data-element_type=\"widget\" data-e-type=\"widget\" data-widget_type=\"text-editor.default\">\n\t\t\t\t\t\t\t\t\t<p>Els <em>yaksha<\/em> indis; els esperits de l&#8217;aire i de la llar xinesos; els esperits de lloc sibero-xam\u00e0nics.<\/p>\t\t\t\t\t\t\t\t<\/div>\n\t\t\t\t\t<\/div>\n\t\t\t\t<\/div>\n\t\t\t\t<\/div>\n\t\t\t\t<\/div>\n\t\t\t\t\t<\/div>\n\t\t\t\t<\/div>\n\t\t<div class=\"elementor-element elementor-element-7533bc7a e-flex e-con-boxed e-con e-parent\" data-id=\"7533bc7a\" data-element_type=\"container\" data-e-type=\"container\">\n\t\t\t\t\t<div class=\"e-con-inner\">\n\t\t\t\t<div class=\"elementor-element elementor-element-2447d18d elementor-widget elementor-widget-heading\" data-id=\"2447d18d\" data-element_type=\"widget\" data-e-type=\"widget\" data-widget_type=\"heading.default\">\n\t\t\t\t\t<h2 class=\"elementor-heading-title elementor-size-default\">Defensa pr\u00e0ctica<\/h2>\t\t\t\t<\/div>\n\t\t<div class=\"elementor-element elementor-element-d5d0260c e-con-full e-flex e-con e-child\" data-id=\"d5d0260c\" data-element_type=\"container\" data-e-type=\"container\">\n\t\t\t\t<div class=\"elementor-element elementor-element-341be2ac elementor-widget elementor-widget-text-editor\" data-id=\"341be2ac\" data-element_type=\"widget\" data-e-type=\"widget\" data-widget_type=\"text-editor.default\">\n\t\t\t\t\t\t\t\t\t<p><strong>Ofrenes-<span class=\"iwg-fachbegriff\" data-tooltip=\"Ofrena a una divinitat per expressar gratitud, s\u00faplica o veneraci\u00f3.\" tabindex=\"0\">sacrifici<\/span> i nyen-torma.<\/strong> Es dipositen petites ofrenes de tsampa, llet, mantega i mel en llocs dels nyen; les ofrenes di\u00e0ries de fum al terrat mantenen ben\u00e8vols els nyen de la llar.<\/p><p>Rituals de purificaci\u00f3. Els habitatges es purifiquen anualment per un lama o pel cap de fam\u00edlia amb textos de benedicci\u00f3; escombrar davant la porta, evitar subst\u00e0ncies impures i orientar correctament la llar de foc formen part de la protecci\u00f3 quotidiana.<\/p><p>Normes de pastura. Als pasturatges es fan rituals per als nyen locals abans de la primera sortida del ramat; els pastors eviten certs indrets en determinats moments.<\/p><p><strong>Guaridors (<em>dpa&#8217; bo<\/em>) i conjurs.<\/strong> Per a malalties concretes causades pels nyen, es fa venir guaridors locals o lames que combinen rituals espec\u00edfics amb aplicacions d&#8217;herbes.<\/p>\t\t\t\t\t\t\t\t<\/div>\n\t\t\t\t<\/div>\n\t\t\t\t\t<\/div>\n\t\t\t\t<\/div>\n\t\t<div class=\"elementor-element elementor-element-5a584676 e-flex e-con-boxed e-con e-parent\" data-id=\"5a584676\" data-element_type=\"container\" data-e-type=\"container\">\n\t\t\t\t\t<div class=\"e-con-inner\">\n\t\t\t\t<div class=\"elementor-element elementor-element-6d0757bf elementor-widget elementor-widget-heading\" data-id=\"6d0757bf\" data-element_type=\"widget\" data-e-type=\"widget\" data-widget_type=\"heading.default\">\n\t\t\t\t\t<h2 class=\"elementor-heading-title elementor-size-default\">Nyen, paral\u00b7lelismes en altres cultures<\/h2>\t\t\t\t<\/div>\n\t\t<div class=\"elementor-element elementor-element-60563f68 e-con-full e-flex e-con e-child\" data-id=\"60563f68\" data-element_type=\"container\" data-e-type=\"container\">\n\t\t\t\t<div class=\"elementor-element elementor-element-5a93fdd6 elementor-widget elementor-widget-text-editor\" data-id=\"5a93fdd6\" data-element_type=\"widget\" data-e-type=\"widget\" data-widget_type=\"text-editor.default\">\n\t\t\t\t\t\t\t\t\t<p><strong>\u00cdndia.<\/strong> Els <em>yaksha<\/em>, com a figures guardianes ambivalents, comparteixen molts trets, per\u00f2 la categoria tibetana dels nyen ha tingut un desenvolupament propi i arrelat localment.<\/p><p>Mong\u00f2lia. Despr\u00e9s de la penetraci\u00f3 budista, la tradici\u00f3 mongola adopta \u00e9ssers similars als nyen com a guardians de llars i camins.<\/p><p>Sib\u00e8ria. Les concepcions xam\u00e0niques d&#8217;esperits de casa i de lloc comparteixen el perfil b\u00e0sic.<\/p><p>Europa. Els esperits de la llar i els follets de granja de la tradici\u00f3 alpina, de parla alemanya i eslava mostren similituds estructurals.<\/p><div><h3>El nyen i la integraci\u00f3 budista com a poder protector<\/h3><p>Amb la budhitzaci\u00f3 del Tibet, molts nyen venerats regionalment van ser incorporats als panteons budistes. Sovint van ser declarats divinitats protectores (<em>chos-skyong<\/em>). Un exemple \u00e9s el nyen de la muntanya Kailash, venerat sota diverses corrents budistes.<\/p><p>Aquesta integraci\u00f3 va fer possible una coexist\u00e8ncia entre la pr\u00e0ctica b\u00f6n i l&#8217;<span class=\"iwg-fachbegriff\" data-tooltip=\"L'opini\u00f3 doctrinal reconeguda com a correcta.\" tabindex=\"0\">ortod\u00f2xia<\/span> budista: un creient podia fer <span class=\"iwg-fachbegriff\" data-tooltip=\"Ofrena a una divinitat per expressar gratitud, s\u00faplica o veneraci\u00f3.\" tabindex=\"0\">ofrenes<\/span> al seu nyen local i, alhora, venerar Buda.<\/p><p>Al Tibet modern, la veneraci\u00f3 dels nyen est\u00e0 fortament imbu\u00efda de sentiments nacionalistes: l&#8217;esperit de la muntanya \u00e9s llegit com a guardi\u00e0 de la identitat tibetana. Els moviments de protecci\u00f3 del medi ambient tamb\u00e9 han modernitzat la veneraci\u00f3 dels nyen, adoptant-lo com a <span class=\"iwg-fachbegriff\" data-tooltip=\"Un signe que representa una idea o un significat.\" tabindex=\"0\">s\u00edmbol<\/span> del bosc i de la integritat ecol\u00f2gica.<\/p><\/div>\t\t\t\t\t\t\t\t<\/div>\n\t\t\t\t<\/div>\n\t\t\t\t\t<\/div>\n\t\t\t\t<\/div>\n\t\t<div class=\"elementor-element elementor-element-cp55797be e-flex e-con-boxed e-con e-parent\" data-id=\"cp55797be\" data-element_type=\"container\" data-e-type=\"container\">\n\t\t\t\t\t<div class=\"e-con-inner\">\n\t\t\t\t<div class=\"elementor-element elementor-element-cp6351edd elementor-widget elementor-widget-heading\" data-id=\"cp6351edd\" data-element_type=\"widget\" data-e-type=\"widget\" data-widget_type=\"heading.default\">\n\t\t\t\t\t<h2 class=\"elementor-heading-title elementor-size-default\">Els gnyan en el model tripartit de l'espai del Tibet<\/h2>\t\t\t\t<\/div>\n\t\t<div class=\"elementor-element elementor-element-cp802e271 e-con-full e-flex e-con e-child\" data-id=\"cp802e271\" data-element_type=\"container\" data-e-type=\"container\">\n\t\t\t\t<div class=\"elementor-element elementor-element-cp4357c0e elementor-widget elementor-widget-text-editor\" data-id=\"cp4357c0e\" data-element_type=\"widget\" data-e-type=\"widget\" data-widget_type=\"text-editor.default\">\n\t\t\t\t\t\t\t\t\t<p>Els <em>gnyan<\/em> (pronunciat nyen) formen en la demonologia tibetana una classe pr\u00f2pia, amb un lloc fix dins una cosmovisi\u00f3 estructurada verticalment.<\/p><p>La <span class=\"iwg-fachbegriff\" data-tooltip=\"Concepci\u00f3 sobre l'estructura i l'ordre del m\u00f3n dins d'una cultura.\" tabindex=\"0\">cosmologia<\/span> tibetana aut\u00f2ctona, tal com la va reconstruir Ren\u00e9 de Nebesky-Wojkowitz a <em>Oracles and Demons of Tibet<\/em>, distingeix a grans trets tres esferes: l&#8217;al\u00e7ada del cel amb els <em>lha<\/em>, la profunditat de les aig\u00fces i de la terra amb els <a href=\"https:\/\/iwell-guard.com\/ca\/?page_id=171424\">klu<\/a>, i l&#8217;espai intermedi de la superf\u00edcie terrestre, dels vessants, arbres i roques. Aquest espai mitj\u00e0 \u00e9s habitat pels <em>gnyan<\/em>.<\/p><p>S\u00f3n, doncs, els esperits d&#8217;aquella zona on l&#8217;activitat humana es desenvolupa de manera m\u00e9s immediata: talar boscos, trencar pedra, llaurar la terra, alterar la superf\u00edcie del s\u00f2l. En aix\u00f2 precisament rau la seva perillositat.<\/p><p>Els <em>gnyan<\/em> es consideren irritables i castiguen les intrusions en el seu territori amb malaltia. Se&#8217;ls atribueixen especialment \u00falceres, bonys, excresc\u00e8ncies i afeccions de tipus pestilent, \u00e9s a dir, malalties que es manifesten visiblement en el cos. El nom mateix porta el significat de perill\u00f3s i esfere\u00efdor.<\/p><p>A difer\u00e8ncia de la majoria de classes de dimonis, clarament mal\u00e8voles, els <em>gnyan<\/em> s\u00f3n ambivalents. No busquen fer mal per naturalesa, sin\u00f3 que reaccionen davant lesions del seu territori. Aquesta l\u00f2gica de l&#8217;equilibri trencat \u00e9s caracter\u00edstica de les classes d&#8217;esperits lligats a un lloc a Tibet.<\/p><p>Qui talla un arbre o despr\u00e8n una pedra de la muntanya sense tenir en compte els esperits corresponents actua, segons la concepci\u00f3 tradicional, de manera negligent. Els <em>gnyan<\/em> apareixen aix\u00ed menys com a enemics de l&#8217;\u00e9sser hum\u00e0 que com a guardians d&#8217;un ordre, la transgressi\u00f3 del qual comporta conseq\u00fc\u00e8ncies.<\/p>\t\t\t\t\t\t\t\t<\/div>\n\t\t\t\t<\/div>\n\t\t\t\t\t<\/div>\n\t\t\t\t<\/div>\n\t\t<div class=\"elementor-element elementor-element-cpc672d17 e-flex e-con-boxed e-con e-parent\" data-id=\"cpc672d17\" data-element_type=\"container\" data-e-type=\"container\">\n\t\t\t\t\t<div class=\"e-con-inner\">\n\t\t\t\t<div class=\"elementor-element elementor-element-cp270cc54 elementor-widget elementor-widget-heading\" data-id=\"cp270cc54\" data-element_type=\"widget\" data-e-type=\"widget\" data-widget_type=\"heading.default\">\n\t\t\t\t\t<h2 class=\"elementor-heading-title elementor-size-default\">Tracte ritual i prevenci\u00f3 de la malaltia<\/h2>\t\t\t\t<\/div>\n\t\t<div class=\"elementor-element elementor-element-cp3826cd5 e-con-full e-flex e-con e-child\" data-id=\"cp3826cd5\" data-element_type=\"container\" data-e-type=\"container\">\n\t\t\t\t<div class=\"elementor-element elementor-element-cp86f8ed8 elementor-widget elementor-widget-text-editor\" data-id=\"cp86f8ed8\" data-element_type=\"widget\" data-e-type=\"widget\" data-widget_type=\"text-editor.default\">\n\t\t\t\t\t\t\t\t\t<p>Com que els <em>gnyan<\/em> reaccionen davant intervencions en la terra, la pedra i la fusta, el tracte tradicional amb ells anava orientat a l&#8217;evitaci\u00f3 i l&#8217;aplacament. Abans d&#8217;obres importants, d&#8217;establir camps de conreu o de talar arbres, es feien ofrenes i es demanava perm\u00eds.<\/p><p>A la pr\u00e0ctica, s&#8217;hi barrejaven concepcions preexistents al budisme amb elements budistes i de la tradici\u00f3 B\u00f6n. Lames o especialistes rituals locals duien a terme cerim\u00f2nies destinades a apaivagar l&#8217;<span class=\"iwg-fachbegriff\" data-tooltip=\"\u00c9sser incorpori al qual s'atribueix acci\u00f3 en el m\u00f3n.\" tabindex=\"0\">esperit<\/span> afectat i evitar un dany imminent.<\/p><p>Si la malaltia ja s&#8217;havia manifestat, s&#8217;interpretava segons la simptomatologia. Les \u00falceres i excresc\u00e8ncies cut\u00e0nies es consideraven malalties t\u00edpiques dels <em>gnyan<\/em> i requerien un ritual curatiu espec\u00edfic que abord\u00e9s la causa, \u00e9s a dir, l&#8217;<span class=\"iwg-fachbegriff\" data-tooltip=\"\u00c9sser incorpori al qual s'atribueix acci\u00f3 en el m\u00f3n.\" tabindex=\"0\">esperit<\/span> lesionat.<\/p><p>Aqu\u00ed es fa palesa l&#8217;estreta relaci\u00f3 entre la medicina tibetana i la demonologia: un tractament no nom\u00e9s havia d&#8217;atendre el s\u00edmptoma f\u00edsic, sin\u00f3 tamb\u00e9 restablir la relaci\u00f3 pertorbada amb el m\u00f3n dels esperits. La recerca assenyala que aquesta interrelaci\u00f3 entre diagn\u00f2stic m\u00e8dic i ritual \u00e9s un tret constant del sistema curatiu tradicional tibet\u00e0.<\/p><p>\u00c9s important distingir aquesta classe de les classes ve\u00efnes. Els <em>gnyan<\/em> apareixen de vegades esmentats conjuntament amb els <a href=\"https:\/\/iwell-guard.com\/ca\/?page_id=171424\">klu<\/a> i els <a href=\"https:\/\/iwell-guard.com\/ca\/?page_id=171425\">btsan<\/a>, i en alguns textos trobem denominacions mixtes. De Nebesky-Wojkowitz va assenyalar que els l\u00edmits entre les classes d&#8217;esperits no sempre estan tra\u00e7ats amb precisi\u00f3 a les fonts i varien segons la regi\u00f3.<\/p><p>Per a la comprensi\u00f3 del conjunt, per\u00f2, el nucli es mant\u00e9 estable: els <em>gnyan<\/em> s\u00f3n els esperits de la terra habitada i treballada m\u00e9s immediata, i la seva relaci\u00f3 amb l&#8217;\u00e9sser hum\u00e0 \u00e9s una de consideraci\u00f3 m\u00fatua, la ruptura de la qual es manifesta en el cos.<\/p>\t\t\t\t\t\t\t\t<\/div>\n\t\t\t\t<\/div>\n\t\t\t\t\t<\/div>\n\t\t\t\t<\/div>\n\t\t<div class=\"elementor-element elementor-element-36dd7469 e-flex e-con-boxed e-con e-parent\" data-id=\"36dd7469\" data-element_type=\"container\" data-e-type=\"container\">\n\t\t\t\t\t<div class=\"e-con-inner\">\n\t\t\t\t<div class=\"elementor-element elementor-element-13760ab4 elementor-widget elementor-widget-heading\" data-id=\"13760ab4\" data-element_type=\"widget\" data-e-type=\"widget\" data-widget_type=\"heading.default\">\n\t\t\t\t\t<h2 class=\"elementor-heading-title elementor-size-default\">Enlla\u00e7os relacionats<\/h2>\t\t\t\t<\/div>\n\t\t<div class=\"elementor-element elementor-element-28c87796 e-con-full e-flex e-con e-child\" data-id=\"28c87796\" data-element_type=\"container\" data-e-type=\"container\">\n\t\t\t\t<div class=\"elementor-element elementor-element-5d6538df elementor-widget elementor-widget-text-editor\" data-id=\"5d6538df\" data-element_type=\"widget\" data-e-type=\"widget\" data-widget_type=\"text-editor.default\">\n\t\t\t\t\t\t\t\t\t<p>Enlla\u00e7os interns recomanats:<\/p><ul><li>P\u00e0gina cultural <strong>Tibet<\/strong>.<\/li><li>Altres perfils individuals del Tibet: <a href=\"https:\/\/iwell-guard.com\/ca\/?page_id=171424\">Lu<\/a>, <a href=\"https:\/\/iwell-guard.com\/ca\/?page_id=171425\">Tsen<\/a>, <a href=\"https:\/\/iwell-guard.com\/ca\/?page_id=171427\">Gyalpo<\/a>, <a href=\"https:\/\/iwell-guard.com\/ca\/?page_id=171428\">Mamo<\/a>.<\/li><li>Paral\u00b7lelismes: <a href=\"https:\/\/iwell-guard.com\/ca\/?page_id=171393\">Hinduisme<\/a> (Yaksha), <a href=\"https:\/\/iwell-guard.com\/ca\/?page_id=171369\">Eslau<\/a> (esperits dom\u00e8stics).<\/li><\/ul>\t\t\t\t\t\t\t\t<\/div>\n\t\t\t\t<\/div>\n\t\t\t\t\t<\/div>\n\t\t\t\t<\/div>\n\t\t<div class=\"elementor-element elementor-element-grl4kl40 e-flex e-con-boxed e-con e-parent\" data-id=\"grl4kl40\" data-element_type=\"container\" data-e-type=\"container\">\n\t\t\t\t\t<div class=\"e-con-inner\">\n\t\t\t\t<div class=\"elementor-element elementor-element-bzsbfrmh elementor-widget elementor-widget-heading\" data-id=\"bzsbfrmh\" data-element_type=\"widget\" data-e-type=\"widget\" data-widget_type=\"heading.default\">\n\t\t\t\t\t<h2 class=\"elementor-heading-title elementor-size-default\">Fonts i bibliografia<\/h2>\t\t\t\t<\/div>\n\t\t<div class=\"elementor-element elementor-element-2c13224a e-con-full e-flex e-con e-child\" data-id=\"2c13224a\" data-element_type=\"container\" data-e-type=\"container\">\n\t\t\t\t<div class=\"elementor-element elementor-element-0eymh9ub elementor-widget elementor-widget-text-editor\" data-id=\"0eymh9ub\" data-element_type=\"widget\" data-e-type=\"widget\" data-widget_type=\"text-editor.default\">\n\t\t\t\t\t\t\t\t\t<footer class=\"iwg-literatur\"><p>Una selecci\u00f3 compacta de treballs centrals sobre els Nyen:<\/p><ul><li><span data-nosnippet>Bellezza, John Vincent: <em>Spirit-Mediums, Sacred Mountains and Related Bon Textual Traditions in Upper Tibet.<\/em> Brill, Leiden 2005.<\/span><\/li><li><span data-nosnippet>Blondeau, Anne-Marie (Hrsg.): <em>Tibetan Mountain Deities.<\/em> Verlag der \u00d6sterreichischen Akademie der Wissenschaften, Wien 1998.<\/span><\/li><\/ul><div data-nosnippet=\"true\" class=\"iwg-litliste\"><p><strong>Bibliografia est\u00e0ndard (Tibet):<\/strong><\/p><ul><li><span data-nosnippet><strong>Blondeau, Anne-Marie (Hg.)<\/strong>: <em>Tibetan Mountain Deities. Verlag der \u00d6sterreichischen Akademie der Wissenschaften, Wien 1998.<\/em><\/span><\/li><li><span data-nosnippet><strong>de Nebesky-Wojkowitz, Ren\u00e9<\/strong>: <em>Oracles and Demons of Tibet. Mouton, The Hague 1956.<\/em><\/span><\/li><\/ul><\/div><\/footer>\n<p class=\"iwg-bib-more\"><span data-nosnippet>M\u00e9s obres de refer\u00e8ncia a la <a href=\"https:\/\/iwell-guard.com\/ca\/?page_id=171483\">bibliografia<\/a>.<\/span><\/p>\t\t\t\t\t\t\t\t<\/div>\n\t\t\t\t<\/div>\n\t\t\t\t\t<\/div>\n\t\t\t\t<\/div>\n\t\t<div class=\"elementor-element elementor-element-iwgca-nyen-sec e-flex e-con-boxed e-con e-parent\" data-id=\"iwgca-nyen-sec\" data-element_type=\"container\" data-e-type=\"container\" id=\"iwg-ca-nyen\">\n\t\t\t\t\t<div class=\"e-con-inner\">\n\t\t\t\t<div class=\"elementor-element elementor-element-iwgca-nyen-te iwg-ca-textwrap elementor-widget elementor-widget-text-editor\" data-id=\"iwgca-nyen-te\" data-element_type=\"widget\" data-e-type=\"widget\" data-widget_type=\"text-editor.default\">\n\t\t\t\t\t\t\t\t\t<div data-nosnippet=\"true\"><p class=\"iwg-ca-bridge\">La pr\u00e0ctica de protecci\u00f3 descrita aqu\u00ed \u00e9s una classificaci\u00f3 de tradicions hist\u00f2riques des de la perspectiva de la ci\u00e8ncia de les religions. iWell Guard s&#8217;inspira en aquesta l\u00ednia cultural i hist\u00f2rica d&#8217;objectes de protecci\u00f3 portables i n&#8217;\u00e9s una forma contempor\u00e0nia. <a href=\"\/ueber-iwell-guard\/?utm_source=iwell-guard.com&#038;utm_medium=text-link&#038;utm_campaign=schadwesen-tradition\">M\u00e9s informaci\u00f3 sobre l&#8217;iWell Guard \u2192<\/a><\/p><\/div>\t\t\t\t\t\t\t\t<\/div>\n\t\t\t\t\t<\/div>\n\t\t\t\t<\/div>\n\t\t\t\t<\/div>\n\t\t","protected":false},"excerpt":{"rendered":"","protected":false},"author":3,"featured_media":1716,"parent":0,"menu_order":0,"comment_status":"closed","ping_status":"closed","template":"elementor_header_footer","meta":{"_yoast_wpseo_focuskw":"Nyen","_yoast_wpseo_title":"Nyen - Esperits de l'aire i de l'habitatge de la tradici\u00f3 tibetana","_yoast_wpseo_metadesc":"Nyen, esperits de l'aire i de l'habitatge de la tradici\u00f3 tibetana. Guardians de frontera entre mons: classes, rituals i posici\u00f3 en el B\u00f6n.","_yoast_wpseo_meta-robots-noindex":"","_yoast_wpseo_canonical":"","_angie_page":false,"gefaehrdungsstufe":"3","wesen_kultur":"tibet","wesen_klasse":"geister","footnotes":""},"categories":[],"class_list":["post-171426","page","type-page","status-publish","has-post-thumbnail","hentry"],"yoast_head":"<!-- This site is optimized with the Yoast SEO Premium plugin v27.7 (Yoast SEO v28.3) - https:\/\/yoast.com\/product\/yoast-seo-premium-wordpress\/ -->\n<title>Nyen - Esperits de l&#039;aire i de l&#039;habitatge de la tradici\u00f3 tibetana<\/title>\n<meta name=\"description\" content=\"Nyen, esperits de l&#039;aire i de l&#039;habitatge de la tradici\u00f3 tibetana. Guardians de frontera entre mons: classes, rituals i posici\u00f3 en el B\u00f6n.\" \/>\n<meta name=\"robots\" content=\"index, follow, max-snippet:-1, max-image-preview:large, max-video-preview:-1\" \/>\n<link rel=\"canonical\" href=\"https:\/\/iwell-guard.com\/ca\/nyen\/\" \/>\n<meta property=\"og:locale\" content=\"ca_ES\" \/>\n<meta property=\"og:type\" content=\"article\" \/>\n<meta property=\"og:title\" content=\"Nyen\" \/>\n<meta property=\"og:description\" content=\"Nyen, esperits de l&#039;aire i de l&#039;habitatge de la tradici\u00f3 tibetana. Guardians de frontera entre mons: classes, rituals i posici\u00f3 en el B\u00f6n.\" \/>\n<meta property=\"og:url\" content=\"https:\/\/iwell-guard.com\/ca\/nyen\/\" \/>\n<meta property=\"og:site_name\" content=\"iWell Guard\" \/>\n<meta property=\"article:modified_time\" content=\"2026-09-05T15:57:26+00:00\" \/>\n<meta property=\"og:image\" content=\"https:\/\/iwell-guard.com\/wp-content\/uploads\/2026\/04\/geister_tibet_nyen.webp\" \/>\n\t<meta property=\"og:image:width\" content=\"1024\" \/>\n\t<meta property=\"og:image:height\" content=\"1536\" \/>\n\t<meta property=\"og:image:type\" content=\"image\/webp\" \/>\n<meta name=\"twitter:card\" content=\"summary_large_image\" \/>\n<script type=\"application\/ld+json\" class=\"yoast-schema-graph\">{\"@context\":\"https:\\\/\\\/schema.org\",\"@graph\":[{\"@type\":\"WebPage\",\"@id\":\"https:\\\/\\\/iwell-guard.com\\\/ca\\\/nyen\\\/\",\"url\":\"https:\\\/\\\/iwell-guard.com\\\/ca\\\/nyen\\\/\",\"name\":\"Nyen - Esperits de l'aire i de l'habitatge de la tradici\u00f3 tibetana\",\"isPartOf\":{\"@id\":\"https:\\\/\\\/iwell-guard.com\\\/ca\\\/#website\"},\"primaryImageOfPage\":{\"@id\":\"https:\\\/\\\/iwell-guard.com\\\/ca\\\/nyen\\\/#primaryimage\"},\"image\":{\"@id\":\"https:\\\/\\\/iwell-guard.com\\\/ca\\\/nyen\\\/#primaryimage\"},\"thumbnailUrl\":\"https:\\\/\\\/iwell-guard.com\\\/wp-content\\\/uploads\\\/2026\\\/04\\\/geister_tibet_nyen.webp\",\"datePublished\":\"2026-09-05T15:39:16+00:00\",\"dateModified\":\"2026-09-05T15:57:26+00:00\",\"description\":\"Nyen, esperits de l'aire i de l'habitatge de la tradici\u00f3 tibetana. Guardians de frontera entre mons: classes, rituals i posici\u00f3 en el B\u00f6n.\",\"breadcrumb\":{\"@id\":\"https:\\\/\\\/iwell-guard.com\\\/ca\\\/nyen\\\/#breadcrumb\"},\"inLanguage\":\"ca\",\"potentialAction\":[{\"@type\":\"ReadAction\",\"target\":[\"https:\\\/\\\/iwell-guard.com\\\/ca\\\/nyen\\\/\"]}]},{\"@type\":\"ImageObject\",\"inLanguage\":\"ca\",\"@id\":\"https:\\\/\\\/iwell-guard.com\\\/ca\\\/nyen\\\/#primaryimage\",\"url\":\"https:\\\/\\\/iwell-guard.com\\\/wp-content\\\/uploads\\\/2026\\\/04\\\/geister_tibet_nyen.webp\",\"contentUrl\":\"https:\\\/\\\/iwell-guard.com\\\/wp-content\\\/uploads\\\/2026\\\/04\\\/geister_tibet_nyen.webp\",\"width\":1024,\"height\":1536,\"caption\":\"Esperits de la tradici\u00f3 tibetana.\"},{\"@type\":\"BreadcrumbList\",\"@id\":\"https:\\\/\\\/iwell-guard.com\\\/ca\\\/nyen\\\/#breadcrumb\",\"itemListElement\":[{\"@type\":\"ListItem\",\"position\":1,\"name\":\"Start\",\"item\":\"https:\\\/\\\/iwell-guard.com\\\/ca\\\/?page_id=171333\"},{\"@type\":\"ListItem\",\"position\":2,\"name\":\"Nyen\"}]},{\"@type\":\"WebSite\",\"@id\":\"https:\\\/\\\/iwell-guard.com\\\/ca\\\/#website\",\"url\":\"https:\\\/\\\/iwell-guard.com\\\/ca\\\/\",\"name\":\"iWell Guard\",\"description\":\"Schutz vor dunklen Einfl\u00fcssen\",\"publisher\":{\"@id\":\"https:\\\/\\\/iwell-guard.com\\\/ca\\\/#organization\"},\"potentialAction\":[{\"@type\":\"SearchAction\",\"target\":{\"@type\":\"EntryPoint\",\"urlTemplate\":\"https:\\\/\\\/iwell-guard.com\\\/ca\\\/?s={search_term_string}\"},\"query-input\":{\"@type\":\"PropertyValueSpecification\",\"valueRequired\":true,\"valueName\":\"search_term_string\"}}],\"inLanguage\":\"ca\"},{\"@type\":\"Organization\",\"@id\":\"https:\\\/\\\/iwell-guard.com\\\/ca\\\/#organization\",\"name\":\"Ittermann electronic GmbH\",\"url\":\"https:\\\/\\\/iwell-guard.com\\\/ca\\\/\",\"logo\":{\"@type\":\"ImageObject\",\"inLanguage\":\"ca\",\"@id\":\"https:\\\/\\\/iwell-guard.com\\\/ca\\\/#\\\/schema\\\/logo\\\/image\\\/\",\"url\":\"https:\\\/\\\/iwell-guard.com\\\/wp-content\\\/uploads\\\/2026\\\/05\\\/Ittermann-Logo-1182x237-1.png\",\"contentUrl\":\"https:\\\/\\\/iwell-guard.com\\\/wp-content\\\/uploads\\\/2026\\\/05\\\/Ittermann-Logo-1182x237-1.png\",\"width\":1182,\"height\":237,\"caption\":\"Ittermann electronic GmbH\"},\"image\":{\"@id\":\"https:\\\/\\\/iwell-guard.com\\\/ca\\\/#\\\/schema\\\/logo\\\/image\\\/\"},\"sameAs\":[\"https:\\\/\\\/pantip.com\\\/profile\\\/9367242\",\"https:\\\/\\\/micro.blog\\\/iwellguard\",\"https:\\\/\\\/www.diggerslist.com\\\/iwellguard\\\/about\",\"https:\\\/\\\/skitterphoto.com\\\/photographers\\\/2870314\\\/iwell-guard\",\"https:\\\/\\\/iwellguard.wordpress.com\\\/2026\\\/06\\\/06\\\/iwell-guard\\\/\",\"https:\\\/\\\/hub.docker.com\\\/u\\\/iwellguard\",\"https:\\\/\\\/www.pinterest.com\\\/iwellguard\\\/\",\"https:\\\/\\\/bit.ly\\\/m\\\/iwellguard\",\"https:\\\/\\\/entre-vos-mains.alsace.eu\\\/profiles\\\/iwellguard\\\/activity\",\"https:\\\/\\\/gravatar.com\\\/reallybeded8fd34\",\"https:\\\/\\\/naijamatta.com\\\/iwellguard\",\"https:\\\/\\\/www.goodreads.com\\\/iwellguard\",\"https:\\\/\\\/profile.hatena.ne.jp\\\/iwellguard\\\/\",\"https:\\\/\\\/experiment.com\\\/users\\\/iwellguard\",\"https:\\\/\\\/wakelet.com\\\/@iWellGuard82270\",\"https:\\\/\\\/www.chordie.com\\\/forum\\\/profile.php?id=2555664\",\"https:\\\/\\\/www.instapaper.com\\\/p\\\/17757966\",\"https:\\\/\\\/www.mapleprimes.com\\\/users\\\/iwellguard\",\"https:\\\/\\\/businesslistingplus.com\\\/profile\\\/iwell-guard\\\/\",\"https:\\\/\\\/telegra.ph\\\/iWell-Guard-06-06\",\"https:\\\/\\\/pbase.com\\\/iwellguard\\\/iwellguard\",\"https:\\\/\\\/b.hatena.ne.jp\\\/iwellguard\\\/20260607#bookmark-4788405196491818882\",\"https:\\\/\\\/fliphtml5.com\\\/home\\\/iwellguard\",\"https:\\\/\\\/anyflip.com\\\/homepage\\\/cmiwl#About\",\"https:\\\/\\\/transfur.com\\\/Users\\\/iwellguard\",\"http:\\\/\\\/delphi.larsbo.org\\\/user\\\/iwellguard\",\"https:\\\/\\\/jobs.lajobsportal.org\\\/profiles\\\/8380803-iwell-guard\",\"https:\\\/\\\/md.chaosdorf.de\\\/s\\\/jfbe5SBdJD\",\"https:\\\/\\\/www.lingvolive.com\\\/en-us\\\/profile\\\/9ecaeaca-ce11-4e51-9e71-01d55e2bff36\\\/translations\",\"https:\\\/\\\/www.fitday.com\\\/fitness\\\/forums\\\/members\\\/iwellguard.html\",\"https:\\\/\\\/www.mymeetbook.com\\\/iwellguard\",\"https:\\\/\\\/pxhere.com\\\/en\\\/photographer-me\\\/5040798\",\"https:\\\/\\\/disqus.com\\\/by\\\/iwellguard\\\/about\\\/\",\"https:\\\/\\\/pastelink.net\\\/hjwciqwq\",\"https:\\\/\\\/pubhtml5.com\\\/homepage\\\/scjhn\\\/\",\"https:\\\/\\\/www.bitchute.com\\\/channel\\\/2O2eOKzNqujT\",\"https:\\\/\\\/audiomack.com\\\/iwellguard\"]},{\"@type\":\"Article\",\"@id\":\"https:\\\/\\\/iwell-guard.com\\\/ca\\\/nyen\\\/#article\",\"isPartOf\":{\"@id\":\"https:\\\/\\\/iwell-guard.com\\\/ca\\\/nyen\\\/\"},\"author\":{\"name\":\"Ralf Ittermann\",\"@id\":\"https:\\\/\\\/iwell-guard.com\\\/ca\\\/#\\\/schema\\\/person\\\/ee2a27f1cac3406c7c6fb5820cb7349f\"},\"headline\":\"Nyen\",\"datePublished\":\"2026-09-05T15:39:16+00:00\",\"dateModified\":\"2026-09-05T15:57:26+00:00\",\"mainEntityOfPage\":{\"@id\":\"https:\\\/\\\/iwell-guard.com\\\/ca\\\/nyen\\\/\"},\"publisher\":{\"@id\":\"https:\\\/\\\/iwell-guard.com\\\/ca\\\/#organization\"},\"image\":{\"@id\":\"https:\\\/\\\/iwell-guard.com\\\/ca\\\/nyen\\\/#primaryimage\"},\"thumbnailUrl\":\"https:\\\/\\\/iwell-guard.com\\\/wp-content\\\/uploads\\\/2026\\\/04\\\/geister_tibet_nyen.webp\",\"inLanguage\":\"ca\",\"description\":\"Nyen, esperits de l'aire i de l'habitatge de la tradici\u00f3 tibetana. Guardians de frontera entre mons: classes, rituals i posici\u00f3 en el B\u00f6n.\"}]}<\/script>\n<!-- \/ Yoast SEO Premium plugin. -->","yoast_head_json":{"title":"Nyen - Esperits de l'aire i de l'habitatge de la tradici\u00f3 tibetana","description":"Nyen, esperits de l'aire i de l'habitatge de la tradici\u00f3 tibetana. Guardians de frontera entre mons: classes, rituals i posici\u00f3 en el B\u00f6n.","robots":{"index":"index","follow":"follow","max-snippet":"max-snippet:-1","max-image-preview":"max-image-preview:large","max-video-preview":"max-video-preview:-1"},"canonical":"https:\/\/iwell-guard.com\/ca\/nyen\/","og_locale":"ca_ES","og_type":"article","og_title":"Nyen","og_description":"Nyen, esperits de l'aire i de l'habitatge de la tradici\u00f3 tibetana. Guardians de frontera entre mons: classes, rituals i posici\u00f3 en el B\u00f6n.","og_url":"https:\/\/iwell-guard.com\/ca\/nyen\/","og_site_name":"iWell Guard","article_modified_time":"2026-09-05T15:57:26+00:00","og_image":[{"width":1024,"height":1536,"url":"https:\/\/iwell-guard.com\/wp-content\/uploads\/2026\/04\/geister_tibet_nyen.webp","type":"image\/webp"}],"twitter_card":"summary_large_image","schema":{"@context":"https:\/\/schema.org","@graph":[{"@type":"Article","@id":"https:\/\/iwell-guard.com\/ca\/nyen\/#article","isPartOf":{"@id":"https:\/\/iwell-guard.com\/ca\/nyen\/"},"author":{"name":"Ralf Ittermann","@id":"https:\/\/iwell-guard.com\/ca\/#\/schema\/person\/ee2a27f1cac3406c7c6fb5820cb7349f"},"headline":"Nyen","datePublished":"2026-09-05T15:39:16+00:00","dateModified":"2026-09-05T15:57:26+00:00","mainEntityOfPage":{"@id":"https:\/\/iwell-guard.com\/ca\/nyen\/"},"publisher":{"@id":"https:\/\/iwell-guard.com\/ca\/#organization"},"image":{"@id":"https:\/\/iwell-guard.com\/ca\/nyen\/#primaryimage"},"thumbnailUrl":"https:\/\/iwell-guard.com\/wp-content\/uploads\/2026\/04\/geister_tibet_nyen.webp","inLanguage":"ca","description":"Nyen, esperits de l'aire i de l'habitatge de la tradici\u00f3 tibetana. Guardians de frontera entre mons: classes, rituals i posici\u00f3 en el B\u00f6n."},{"@type":"WebPage","@id":"https:\/\/iwell-guard.com\/ca\/nyen\/","url":"https:\/\/iwell-guard.com\/ca\/nyen\/","name":"Nyen - Esperits de l'aire i de l'habitatge de la tradici\u00f3 tibetana","isPartOf":{"@id":"https:\/\/iwell-guard.com\/ca\/#website"},"primaryImageOfPage":{"@id":"https:\/\/iwell-guard.com\/ca\/nyen\/#primaryimage"},"image":{"@id":"https:\/\/iwell-guard.com\/ca\/nyen\/#primaryimage"},"thumbnailUrl":"https:\/\/iwell-guard.com\/wp-content\/uploads\/2026\/04\/geister_tibet_nyen.webp","datePublished":"2026-09-05T15:39:16+00:00","dateModified":"2026-09-05T15:57:26+00:00","description":"Nyen, esperits de l'aire i de l'habitatge de la tradici\u00f3 tibetana. Guardians de frontera entre mons: classes, rituals i posici\u00f3 en el B\u00f6n.","breadcrumb":{"@id":"https:\/\/iwell-guard.com\/ca\/nyen\/#breadcrumb"},"inLanguage":"ca","potentialAction":[{"@type":"ReadAction","target":["https:\/\/iwell-guard.com\/ca\/nyen\/"]}]},{"@type":"ImageObject","inLanguage":"ca","@id":"https:\/\/iwell-guard.com\/ca\/nyen\/#primaryimage","url":"https:\/\/iwell-guard.com\/wp-content\/uploads\/2026\/04\/geister_tibet_nyen.webp","contentUrl":"https:\/\/iwell-guard.com\/wp-content\/uploads\/2026\/04\/geister_tibet_nyen.webp","width":1024,"height":1536,"caption":"Esperits de la tradici\u00f3 tibetana."},{"@type":"BreadcrumbList","@id":"https:\/\/iwell-guard.com\/ca\/nyen\/#breadcrumb","itemListElement":[{"@type":"ListItem","position":1,"name":"Start","item":"https:\/\/iwell-guard.com\/ca\/?page_id=171333"},{"@type":"ListItem","position":2,"name":"Nyen"}]},{"@type":"WebSite","@id":"https:\/\/iwell-guard.com\/ca\/#website","url":"https:\/\/iwell-guard.com\/ca\/","name":"iWell Guard","description":"Schutz vor dunklen Einfl\u00fcssen","publisher":{"@id":"https:\/\/iwell-guard.com\/ca\/#organization"},"potentialAction":[{"@type":"SearchAction","target":{"@type":"EntryPoint","urlTemplate":"https:\/\/iwell-guard.com\/ca\/?s={search_term_string}"},"query-input":{"@type":"PropertyValueSpecification","valueRequired":true,"valueName":"search_term_string"}}],"inLanguage":"ca"},{"@type":"Organization","@id":"https:\/\/iwell-guard.com\/ca\/#organization","name":"Ittermann electronic GmbH","url":"https:\/\/iwell-guard.com\/ca\/","logo":{"@type":"ImageObject","inLanguage":"ca","@id":"https:\/\/iwell-guard.com\/ca\/#\/schema\/logo\/image\/","url":"https:\/\/iwell-guard.com\/wp-content\/uploads\/2026\/05\/Ittermann-Logo-1182x237-1.png","contentUrl":"https:\/\/iwell-guard.com\/wp-content\/uploads\/2026\/05\/Ittermann-Logo-1182x237-1.png","width":1182,"height":237,"caption":"Ittermann electronic GmbH"},"image":{"@id":"https:\/\/iwell-guard.com\/ca\/#\/schema\/logo\/image\/"},"sameAs":["https:\/\/pantip.com\/profile\/9367242","https:\/\/micro.blog\/iwellguard","https:\/\/www.diggerslist.com\/iwellguard\/about","https:\/\/skitterphoto.com\/photographers\/2870314\/iwell-guard","https:\/\/iwellguard.wordpress.com\/2026\/06\/06\/iwell-guard\/","https:\/\/hub.docker.com\/u\/iwellguard","https:\/\/www.pinterest.com\/iwellguard\/","https:\/\/bit.ly\/m\/iwellguard","https:\/\/entre-vos-mains.alsace.eu\/profiles\/iwellguard\/activity","https:\/\/gravatar.com\/reallybeded8fd34","https:\/\/naijamatta.com\/iwellguard","https:\/\/www.goodreads.com\/iwellguard","https:\/\/profile.hatena.ne.jp\/iwellguard\/","https:\/\/experiment.com\/users\/iwellguard","https:\/\/wakelet.com\/@iWellGuard82270","https:\/\/www.chordie.com\/forum\/profile.php?id=2555664","https:\/\/www.instapaper.com\/p\/17757966","https:\/\/www.mapleprimes.com\/users\/iwellguard","https:\/\/businesslistingplus.com\/profile\/iwell-guard\/","https:\/\/telegra.ph\/iWell-Guard-06-06","https:\/\/pbase.com\/iwellguard\/iwellguard","https:\/\/b.hatena.ne.jp\/iwellguard\/20260607#bookmark-4788405196491818882","https:\/\/fliphtml5.com\/home\/iwellguard","https:\/\/anyflip.com\/homepage\/cmiwl#About","https:\/\/transfur.com\/Users\/iwellguard","http:\/\/delphi.larsbo.org\/user\/iwellguard","https:\/\/jobs.lajobsportal.org\/profiles\/8380803-iwell-guard","https:\/\/md.chaosdorf.de\/s\/jfbe5SBdJD","https:\/\/www.lingvolive.com\/en-us\/profile\/9ecaeaca-ce11-4e51-9e71-01d55e2bff36\/translations","https:\/\/www.fitday.com\/fitness\/forums\/members\/iwellguard.html","https:\/\/www.mymeetbook.com\/iwellguard","https:\/\/pxhere.com\/en\/photographer-me\/5040798","https:\/\/disqus.com\/by\/iwellguard\/about\/","https:\/\/pastelink.net\/hjwciqwq","https:\/\/pubhtml5.com\/homepage\/scjhn\/","https:\/\/www.bitchute.com\/channel\/2O2eOKzNqujT","https:\/\/audiomack.com\/iwellguard"]},{"@type":"Person","@id":"https:\/\/iwell-guard.com\/ca\/#\/schema\/person\/ee2a27f1cac3406c7c6fb5820cb7349f","name":"Ralf Ittermann","image":{"@type":"ImageObject","inLanguage":"ca","@id":"https:\/\/secure.gravatar.com\/avatar\/073c0153e350a5005b68eb752b445fea71f6b24a26da9449ad7e155e6b446c9d?s=96&d=mm&r=g","url":"https:\/\/secure.gravatar.com\/avatar\/073c0153e350a5005b68eb752b445fea71f6b24a26da9449ad7e155e6b446c9d?s=96&d=mm&r=g","contentUrl":"https:\/\/secure.gravatar.com\/avatar\/073c0153e350a5005b68eb752b445fea71f6b24a26da9449ad7e155e6b446c9d?s=96&d=mm&r=g","caption":"Ralf Ittermann"},"givenName":"Ralf","familyName":"Ittermann","jobTitle":"Gesch\u00e4ftsf\u00fchrer und redaktioneller Verantwortlicher","url":"https:\/\/iwell-guard.com\/ca\/author\/claude\/","description":"Ralf Ittermann ist Gesch\u00e4ftsf\u00fchrer der Ittermann electronic GmbH und redaktioneller Verantwortlicher des iWell-Guard-Lexikons. Er verbindet langj\u00e4hrige Erfahrung in der Pr\u00e4zisionsfertigung mit medialer Praxis und religionsgeschichtlicher Quellenarbeit.","worksFor":{"@type":"Organization","name":"Ittermann electronic GmbH","url":"https:\/\/ittermann.de\/","address":{"@type":"PostalAddress","streetAddress":"K\u00f6hlergasse 16-18","postalCode":"99842","addressLocality":"Ruhla","addressCountry":"DE"}},"knowsAbout":["Religionsgeschichte","Mythologie","Mediale Praxis","Energetische Diagnostik","Schutzpraxis","Volksglauben","Westliche Esoterik"]},{"@type":"Article","@id":"https:\/\/iwell-guard.com\/ca\/nyen\/#article","isPartOf":{"@id":"https:\/\/iwell-guard.com\/ca\/nyen\/"},"author":{"name":"Ralf Ittermann","@id":"https:\/\/iwell-guard.com\/ca\/#\/schema\/person\/ee2a27f1cac3406c7c6fb5820cb7349f"},"headline":"Nyen","datePublished":"2026-09-05T15:39:16+00:00","dateModified":"2026-09-05T15:57:26+00:00","mainEntityOfPage":{"@id":"https:\/\/iwell-guard.com\/ca\/nyen\/"},"publisher":{"@id":"https:\/\/iwell-guard.com\/ca\/#organization"},"image":{"@id":"https:\/\/iwell-guard.com\/ca\/nyen\/#primaryimage"},"thumbnailUrl":"https:\/\/iwell-guard.com\/wp-content\/uploads\/2026\/04\/geister_tibet_nyen.webp","inLanguage":"ca","description":"Nyen, esperits de l'aire i de l'habitatge de la tradici\u00f3 tibetana. Guardians de frontera entre mons: classes, rituals i posici\u00f3 en el B\u00f6n."}]}},"_links":{"self":[{"href":"https:\/\/iwell-guard.com\/ca\/wp-json\/wp\/v2\/pages\/171426","targetHints":{"allow":["GET"]}}],"collection":[{"href":"https:\/\/iwell-guard.com\/ca\/wp-json\/wp\/v2\/pages"}],"about":[{"href":"https:\/\/iwell-guard.com\/ca\/wp-json\/wp\/v2\/types\/page"}],"author":[{"embeddable":true,"href":"https:\/\/iwell-guard.com\/ca\/wp-json\/wp\/v2\/users\/3"}],"replies":[{"embeddable":true,"href":"https:\/\/iwell-guard.com\/ca\/wp-json\/wp\/v2\/comments?post=171426"}],"version-history":[{"count":0,"href":"https:\/\/iwell-guard.com\/ca\/wp-json\/wp\/v2\/pages\/171426\/revisions"}],"wp:featuredmedia":[{"embeddable":true,"href":"https:\/\/iwell-guard.com\/ca\/wp-json\/wp\/v2\/media\/1716"}],"wp:attachment":[{"href":"https:\/\/iwell-guard.com\/ca\/wp-json\/wp\/v2\/media?parent=171426"}],"wp:term":[{"taxonomy":"category","embeddable":true,"href":"https:\/\/iwell-guard.com\/ca\/wp-json\/wp\/v2\/categories?post=171426"}],"curies":[{"name":"wp","href":"https:\/\/api.w.org\/{rel}","templated":true}]}}