{"id":171394,"date":"2026-09-05T15:39:01","date_gmt":"2026-09-05T15:39:01","guid":{"rendered":"https:\/\/iwell-guard.com\/?page_id=171394"},"modified":"2026-09-05T15:56:37","modified_gmt":"2026-09-05T15:56:37","slug":"budisme","status":"publish","type":"page","link":"https:\/\/iwell-guard.com\/ca\/budisme\/","title":{"rendered":"Budisme"},"content":{"rendered":"\t\t<div data-elementor-type=\"wp-page\" data-elementor-id=\"171394\" class=\"elementor elementor-171394 elementor-1200\" data-elementor-post-type=\"page\">\n\t\t\t\t<div class=\"elementor-element elementor-element-k-hero-rebuilt-buddhi iwg-kultur-hero e-flex e-con-boxed e-con e-parent\" data-id=\"k-hero-rebuilt-buddhi\" data-element_type=\"container\" data-e-type=\"container\">\n\t\t\t\t\t<div class=\"e-con-inner\">\n\t\t<div class=\"elementor-element elementor-element-khleft-buddhi iwg-kultur-hero-left e-flex e-con-boxed e-con e-child\" data-id=\"khleft-buddhi\" data-element_type=\"container\" data-e-type=\"container\">\n\t\t\t\t\t<div class=\"e-con-inner\">\n\t\t\t\t<div class=\"elementor-element elementor-element-k-h1-buddhismus elementor-widget elementor-widget-heading\" data-id=\"k-h1-buddhismus\" data-element_type=\"widget\" data-e-type=\"widget\" data-widget_type=\"heading.default\">\n\t\t\t\t\t<h1 class=\"elementor-heading-title elementor-size-default\">D\u00e9us budistes, budes, bodhisattves i protectors<\/h1>\t\t\t\t<\/div>\n\t\t<div class=\"elementor-element elementor-element-aj11-hero-lead-buddhi e-con-full e-flex e-con e-child\" data-id=\"aj11-hero-lead-buddhi\" data-element_type=\"container\" data-e-type=\"container\">\n\t\t\t\t<div class=\"elementor-element elementor-element-k-lead-buddhismus elementor-widget elementor-widget-text-editor\" data-id=\"k-lead-buddhismus\" data-element_type=\"widget\" data-e-type=\"widget\" data-widget_type=\"text-editor.default\">\n\t\t\t\t\t\t\t\t\t<p><strong>\u00c9ssers de la tradici\u00f3 budista<\/strong> a iWell Guard. Tradici\u00f3 budista des del segle V aC, amb tres corrents principals (theravada, mahayana, vajrayana). \u00c9ssers concebuts sobretot com a protectors de la doctrina i d\u00e8mons del cicle de l&#8217;exist\u00e8ncia.<\/p>\t\t\t\t\t\t\t\t<\/div>\n\t\t\t\t<\/div>\n\t\t<div class=\"elementor-element elementor-element-aj11-hero-toc-buddhi e-con-full e-flex e-con e-child\" data-id=\"aj11-hero-toc-buddhi\" data-element_type=\"container\" data-e-type=\"container\">\n\t\t\t\t<div class=\"elementor-element elementor-element-k-toc-buddhismus elementor-widget elementor-widget-text-editor\" data-id=\"k-toc-buddhismus\" data-element_type=\"widget\" data-e-type=\"widget\" data-widget_type=\"text-editor.default\">\n\t\t\t\t\t\t\t\t\t<p><strong>Contingut d&#8217;aquesta p\u00e0gina:<\/strong><\/p><ul><li><a href=\"#k-buddhismus-h1\">Situaci\u00f3<\/a><\/li><li><a href=\"#x-buddhismus-h100\">Hist\u00f2ria i pante\u00f3<\/a><\/li><li><a href=\"#x-buddhismus-h101\">\u00c9ssers en la vida quotidiana<\/a><\/li><li><a href=\"#x-buddhismus-h102\">Significat actual<\/a><\/li><li><a href=\"#k-buddhismus-h2\">D\u00e9us (7)<\/a><\/li><li><a href=\"#k-buddhismus-h3\">Dimonis (1)<\/a><\/li><li><a href=\"#k-buddhismus-h4\">Esperits (3)<\/a><\/li><li><a href=\"#ca0e541\">Aprofundiment<\/a><\/li><\/ul>\t\t\t\t\t\t\t\t<\/div>\n\t\t\t\t<\/div>\n\t\t\t\t\t<\/div>\n\t\t\t\t<\/div>\n\t\t<div class=\"elementor-element elementor-element-khrght-buddhi iwg-kultur-hero-right e-flex e-con-boxed e-con e-child\" data-id=\"khrght-buddhi\" data-element_type=\"container\" data-e-type=\"container\">\n\t\t\t\t\t<div class=\"e-con-inner\">\n\t\t\t\t<div class=\"elementor-element elementor-element-k-img-buddhismus iwg-hero-image elementor-widget elementor-widget-image\" data-id=\"k-img-buddhismus\" data-element_type=\"widget\" data-e-type=\"widget\" data-widget_type=\"image.default\">\n\t\t\t\t\t\t\t\t\t\t\t\t\t\t\t<img fetchpriority=\"high\" decoding=\"async\" width=\"683\" height=\"1024\" src=\"https:\/\/iwell-guard.com\/wp-content\/uploads\/2026\/04\/goetter_buddhismus_mara-683x1024.webp\" class=\"attachment-large size-large wp-image-1554\" alt=\"Budisme\" srcset=\"https:\/\/iwell-guard.com\/wp-content\/uploads\/2026\/04\/goetter_buddhismus_mara-683x1024.webp 683w, https:\/\/iwell-guard.com\/wp-content\/uploads\/2026\/04\/goetter_buddhismus_mara-200x300.webp 200w, https:\/\/iwell-guard.com\/wp-content\/uploads\/2026\/04\/goetter_buddhismus_mara-768x1152.webp 768w, https:\/\/iwell-guard.com\/wp-content\/uploads\/2026\/04\/goetter_buddhismus_mara.webp 1024w\" sizes=\"(max-width: 683px) 100vw, 683px\" \/>\t\t\t\t\t\t\t\t\t\t\t\t\t\t\t<\/div>\n\t\t\t\t\t<\/div>\n\t\t\t\t<\/div>\n\t\t\t\t\t<\/div>\n\t\t\t\t<\/div>\n\t\t<div class=\"elementor-element elementor-element-clstrsec-aj12-buddhism e-con-boxed e-flex e-con e-parent\" data-id=\"clstrsec-aj12-buddhism\" data-element_type=\"container\" data-e-type=\"container\">\n\t\t\t\t\t<div class=\"e-con-inner\">\n\t\t\t\t<div class=\"elementor-element elementor-element-clstrh2-aj12-buddhi elementor-widget elementor-widget-heading\" data-id=\"clstrh2-aj12-buddhi\" data-element_type=\"widget\" data-e-type=\"widget\" data-widget_type=\"heading.default\">\n\t\t\t\t\t<h2 class=\"elementor-heading-title elementor-size-default\">Sutres, budes i d\u00e9us de la compassi\u00f3<\/h2>\t\t\t\t<\/div>\n\t\t<div class=\"elementor-element elementor-element-aj12-cluster-text-buddhism e-con-full e-flex e-con e-child\" data-id=\"aj12-cluster-text-buddhism\" data-element_type=\"container\" data-e-type=\"container\">\n\t\t\t\t<div class=\"elementor-element elementor-element-aj12-cluster-text-buddhi-t elementor-widget elementor-widget-text-editor\" data-id=\"aj12-cluster-text-buddhi-t\" data-element_type=\"widget\" data-e-type=\"widget\" data-widget_type=\"text-editor.default\">\n\t\t\t\t\t\t\t\t\t<p>El budisme va comen\u00e7ar com una <strong>doctrina de salvaci\u00f3 no teista<\/strong>: el Buda hist\u00f2ric no va ensenyar l&#8217;exist\u00e8ncia d&#8217;un d\u00e9u creador. Tot i aix\u00f2, en els 2.500 anys transcorreguts des del seu ensenyament, s&#8217;han desenvolupat sistemes cosmol\u00f2gics molt diversos: el vajrayana tibet\u00e0 amb centenars d&#8217;aspectes de Buda, el mahayana de l&#8217;\u00c0sia oriental amb bodhisattves celestials, i el theravada de l&#8217;\u00c0sia meridional amb esperits protectors locals.<\/p>\n<p>Al centre hi ha la <strong>doctrina del bodhisattva<\/strong>: \u00e9ssers il\u00b7luminats que ajornen la seva entrada al nirvana per ajudar tots els \u00e9ssers vius a alliberar-se. Avalokiteshvara, Tara, Manjushri i Kshitigarbha no s\u00f3n d\u00e9us en sentit teista, sin\u00f3 encarnacions de l&#8217;energia compassiva de la il\u00b7luminaci\u00f3. Poden ser invocats, meditats i ritualitzats.<\/p>\n<p>A m\u00e9s, el budisme tamb\u00e9 reconeix \u00e9ssers demon\u00edacs: pretes, guardians de Naraka, esperits famolencs, asures. Per\u00f2 no s\u00f3n \u00abdolents\u00bb en el sentit cristi\u00e0, sin\u00f3 \u00e9ssers que, a causa dels seus actes, han caigut en un renaixement desfavorable.<\/p><p>L&#8217;alliberament \u00e9s possible per a ells igual que per als \u00e9ssers humans, una obertura conceptual que fa que aquest sistema sigui especialment interessant per a la recerca comparada de religions.<\/p>\t\t\t\t\t\t\t\t<\/div>\n\t\t\t\t<\/div>\n\t\t\t\t\t<\/div>\n\t\t\t\t<\/div>\n\t\t<div class=\"elementor-element elementor-element-k-buddhismus-s1 e-con-boxed e-flex e-con e-parent\" data-id=\"k-buddhismus-s1\" data-element_type=\"container\" data-e-type=\"container\">\n\t\t\t\t\t<div class=\"e-con-inner\">\n\t\t\t\t<div class=\"elementor-element elementor-element-k-buddhismus-h1 elementor-widget elementor-widget-heading\" data-id=\"k-buddhismus-h1\" data-element_type=\"widget\" data-e-type=\"widget\" data-widget_type=\"heading.default\">\n\t\t\t\t\t<h2 class=\"elementor-heading-title elementor-size-default\">Introducci\u00f3<\/h2>\t\t\t\t<\/div>\n\t\t<div class=\"elementor-element elementor-element-aj11-inner-0003 e-con-full e-flex e-con e-child\" data-id=\"aj11-inner-0003\" data-element_type=\"container\" data-e-type=\"container\">\n\t\t\t\t<div class=\"elementor-element elementor-element-k-buddhismus-t1 elementor-widget elementor-widget-text-editor\" data-id=\"k-buddhismus-t1\" data-element_type=\"widget\" data-e-type=\"widget\" data-widget_type=\"text-editor.default\">\n\t\t\t\t\t\t\t\t\t<p><strong>Per\u00edode:<\/strong> Des del segle V aC (Buda Shakyamuni), tres onades: theravada, mahayana, vajrayana.<\/p><p>Difusi\u00f3: \u00cdndia, Sri Lanka, Sud-est asi\u00e0tic, \u00c0sia Oriental, Tibet, Mong\u00f2lia, i al segle XX de manera global.<\/p><p>Fonts: <span class=\"iwg-fachbegriff\" data-tooltip=\"El conjunt de textos sagrats d'una religi\u00f3 reconegut com a vinculant.\" tabindex=\"0\">c\u00e0non<\/span> pali (Tipitaka), sutres mahayana (<span class=\"iwg-fachbegriff\" data-tooltip=\"En l'hinduisme i el budisme, un text doctrinal de forma concisa.\" tabindex=\"0\">sutra<\/span> del Lotus, <span class=\"iwg-fachbegriff\" data-tooltip=\"En l'hinduisme i el budisme, un text doctrinal de forma concisa.\" tabindex=\"0\">sutra<\/span> del Cor), tantres vajrayana, Bardo Thodol.<\/p><p><span class=\"iwg-fachbegriff\" data-tooltip=\"El conjunt de d\u00e9us d'una religi\u00f3 o cultura.\" tabindex=\"0\">Pante\u00f3<\/span> i classes d&#8217;\u00e9ssers: budes, bodhisattvas, guardians dels inferns (naraka), esperits famolencs (preta), divinitats protectores (dharmapala).<\/p>\t\t\t\t\t\t\t\t<\/div>\n\t\t\t\t<\/div>\n\t\t\t\t\t<\/div>\n\t\t\t\t<\/div>\n\t\t<div class=\"elementor-element elementor-element-x-buddhismus-s100 e-con-boxed e-flex e-con e-parent\" data-id=\"x-buddhismus-s100\" data-element_type=\"container\" data-e-type=\"container\">\n\t\t\t\t\t<div class=\"e-con-inner\">\n\t\t\t\t<div class=\"elementor-element elementor-element-x-buddhismus-h100 elementor-widget elementor-widget-heading\" data-id=\"x-buddhismus-h100\" data-element_type=\"widget\" data-e-type=\"widget\" data-widget_type=\"heading.default\">\n\t\t\t\t\t<h2 class=\"elementor-heading-title elementor-size-default\">Hist\u00f2ria i pante\u00f3<\/h2>\t\t\t\t<\/div>\n\t\t<div class=\"elementor-element elementor-element-aj11-inner-0004 e-con-full e-flex e-con e-child\" data-id=\"aj11-inner-0004\" data-element_type=\"container\" data-e-type=\"container\">\n\t\t\t\t<div class=\"elementor-element elementor-element-x-buddhismus-t100 elementor-widget elementor-widget-text-editor\" data-id=\"x-buddhismus-t100\" data-element_type=\"widget\" data-e-type=\"widget\" data-widget_type=\"text-editor.default\">\n\t\t\t\t\t\t\t\t\t<p>El budisme va sorgir al segle V aC i es va desenvolupar en tres corrents principals: theravada (budisme meridional), mahayana (budisme septentrional) i vajrayana (budisme tibet\u00e0). L&#8217;ensenyament fonamental del Buda hist\u00f2ric, Siddhartha Gautama, es basa en les Quatre Nobles Veritats i el cam\u00ed cap a l&#8217;alliberament del sofriment.<\/p><p>L&#8217;estructura cosmol\u00f2gica compr\u00e8n sis o onze regnes d&#8217;exist\u00e8ncia, des dels d\u00e9us fins als \u00e9ssers infernals; el karma mant\u00e9 en marxa el cicle de l&#8217;exist\u00e8ncia (samsara). Amb el mahayana, el <span class=\"iwg-fachbegriff\" data-tooltip=\"El conjunt dels d\u00e9us d'una religi\u00f3 o cultura.\" tabindex=\"0\">pante\u00f3<\/span> es va ampliar considerablement: bodhisattves com Avalokiteshvara (compassi\u00f3) i Manjushri (saviesa) s\u00f3n venerats com a \u00e9ssers c\u00f2smics.<\/p><p>En el vajrayana, les divinitats protectores sovint tenen trets terror\u00edfics, per simbolitzar la superaci\u00f3 dels obstacles. Les tres tradicions no s\u00f3n dogm\u00e0tiques, sin\u00f3 descentralitzades i molt diverses segons la regi\u00f3.<\/p>\t\t\t\t\t\t\t\t<\/div>\n\t\t\t\t<\/div>\n\t\t\t\t\t<\/div>\n\t\t\t\t<\/div>\n\t\t<div class=\"elementor-element elementor-element-x-buddhismus-s101 e-con-boxed e-flex e-con e-parent\" data-id=\"x-buddhismus-s101\" data-element_type=\"container\" data-e-type=\"container\">\n\t\t\t\t\t<div class=\"e-con-inner\">\n\t\t\t\t<div class=\"elementor-element elementor-element-x-buddhismus-h101 elementor-widget elementor-widget-heading\" data-id=\"x-buddhismus-h101\" data-element_type=\"widget\" data-e-type=\"widget\" data-widget_type=\"heading.default\">\n\t\t\t\t\t<h2 class=\"elementor-heading-title elementor-size-default\">Essers en la vida quotidiana<\/h2>\t\t\t\t<\/div>\n\t\t<div class=\"elementor-element elementor-element-aj11-inner-0005 e-con-full e-flex e-con e-child\" data-id=\"aj11-inner-0005\" data-element_type=\"container\" data-e-type=\"container\">\n\t\t\t\t<div class=\"elementor-element elementor-element-x-buddhismus-t101 elementor-widget elementor-widget-text-editor\" data-id=\"x-buddhismus-t101\" data-element_type=\"widget\" data-e-type=\"widget\" data-widget_type=\"text-editor.default\">\n\t\t\t\t\t\t\t\t\t<p>La pr\u00e0ctica budista impregna la vida quotidiana de les comunitats: meditaci\u00f3 matinal, ofrenes als temples i als altars dom\u00e8stics, i el compliment de les regles mon\u00e0stiques. Els rituals de protecci\u00f3 contra \u00e9ssers i influ\u00e8ncies perjudicials estan arrelats a la tradici\u00f3 theravada; els rituals d&#8217;invocaci\u00f3 (paritta) formen part de la pr\u00e0ctica espiritual di\u00e0ria.<\/p><p>Festes com el Vesak (aniversari de Buda) i el Losar (Any Nou tibet\u00e0) s&#8217;associen a rituals de prosperitat i protecci\u00f3. La veneraci\u00f3 dels bodhisattves i de les divinitats protectores locals tamb\u00e9 \u00e9s habitual als espais privats.<\/p><p>Elements xam\u00e0nics i espiritistes s&#8217;han fusionat amb el budisme en moltes cultures orientals, especialment al Tibet i al sud-est asi\u00e0tic.<\/p>\t\t\t\t\t\t\t\t<\/div>\n\t\t\t\t<\/div>\n\t\t\t\t\t<\/div>\n\t\t\t\t<\/div>\n\t\t<div class=\"elementor-element elementor-element-x-buddhismus-s102 e-con-boxed e-flex e-con e-parent\" data-id=\"x-buddhismus-s102\" data-element_type=\"container\" data-e-type=\"container\">\n\t\t\t\t\t<div class=\"e-con-inner\">\n\t\t\t\t<div class=\"elementor-element elementor-element-x-buddhismus-h102 elementor-widget elementor-widget-heading\" data-id=\"x-buddhismus-h102\" data-element_type=\"widget\" data-e-type=\"widget\" data-widget_type=\"heading.default\">\n\t\t\t\t\t<h2 class=\"elementor-heading-title elementor-size-default\">Significat actual<\/h2>\t\t\t\t<\/div>\n\t\t<div class=\"elementor-element elementor-element-aj11-inner-0006 e-con-full e-flex e-con e-child\" data-id=\"aj11-inner-0006\" data-element_type=\"container\" data-e-type=\"container\">\n\t\t\t\t<div class=\"elementor-element elementor-element-x-buddhismus-t102 elementor-widget elementor-widget-text-editor\" data-id=\"x-buddhismus-t102\" data-element_type=\"widget\" data-e-type=\"widget\" data-widget_type=\"text-editor.default\">\n\t\t\t\t\t\t\t\t\t<p>El budisme \u00e9s una religi\u00f3 mundial vivent, amb uns 500 milions de seguidors a l&#8217;\u00c0sia i cada vegada m\u00e9s tamb\u00e9 a Occident. Conserva les seves tradicions teol\u00f2giques i cosmol\u00f2giques, alhora que les adapta a contextos moderns. La recepci\u00f3 occidental sovint se centra en la meditaci\u00f3 i l&#8217;atenci\u00f3 plena, i deixa de banda el sistema mitol\u00f2gic i ritual complet.<\/p><p>Des del punt de vista acad\u00e8mic, la <span class=\"iwg-fachbegriff\" data-tooltip=\"La concepci\u00f3 de l'estructura i l'ordre del m\u00f3n dins d'una cultura.\" tabindex=\"0\">cosmologia<\/span> budista continua sent una font per a comparacions amb models f\u00edsics moderns. Al Tibet i a les regions de l&#8217;Him\u00e0laia, les tradicions orals i les pr\u00e0ctiques t\u00e0ntriques sobreviuen en les condicions de la di\u00e0spora.<\/p>\t\t\t\t\t\t\t\t<\/div>\n\t\t\t\t<\/div>\n\t\t\t\t\t<\/div>\n\t\t\t\t<\/div>\n\t\t<div class=\"elementor-element elementor-element-k-buddhismus-s2 e-con-boxed e-flex e-con e-parent\" data-id=\"k-buddhismus-s2\" data-element_type=\"container\" data-e-type=\"container\">\n\t\t\t\t\t<div class=\"e-con-inner\">\n\t\t\t\t<div class=\"elementor-element elementor-element-k-buddhismus-h2 elementor-widget elementor-widget-heading\" data-id=\"k-buddhismus-h2\" data-element_type=\"widget\" data-e-type=\"widget\" data-widget_type=\"heading.default\">\n\t\t\t\t\t<h2 class=\"elementor-heading-title elementor-size-default\">D\u00e9us (13)<\/h2>\t\t\t\t<\/div>\n\t\t<div class=\"elementor-element elementor-element-aj11-inner-0007 e-con-full e-flex e-con e-child\" data-id=\"aj11-inner-0007\" data-element_type=\"container\" data-e-type=\"container\">\n\t\t\t\t<div class=\"elementor-element elementor-element-k-buddhismus-t2 elementor-widget elementor-widget-text-editor\" data-id=\"k-buddhismus-t2\" data-element_type=\"widget\" data-e-type=\"widget\" data-widget_type=\"text-editor.default\">\n\t\t\t\t\t\t\t\t\t<div class=\"iwg-wesen-grid\"><a class=\"iwg-wesen-card\" href=\"https:\/\/iwell-guard.com\/ca\/avalokiteshvara\/\" aria-label=\"Avalokiteshvara\"><div class=\"iwg-wesen-card-imgwrap\"><img decoding=\"async\" src=\"https:\/\/iwell-guard.com\/wp-content\/uploads\/2026\/04\/goetter_buddhismus_avalokiteshvara-200x300.webp\" alt=\"Avalokiteshvara\" loading=\"lazy\"><\/div><div class=\"iwg-wesen-card-body\"><div class=\"iwg-wesen-card-name\">Avalokiteshvara<\/div><div class=\"iwg-wesen-card-arrow\">\u2192 A l&#039;\u00e9sser<\/div><\/div><\/a><a class=\"iwg-wesen-card\" href=\"https:\/\/iwell-guard.com\/ca\/manjushri\/\" aria-label=\"Manjushri\"><div class=\"iwg-wesen-card-imgwrap\"><img decoding=\"async\" src=\"https:\/\/iwell-guard.com\/wp-content\/uploads\/2026\/04\/goetter_buddhismus_manjushri-200x300.webp\" alt=\"Manjushri\" loading=\"lazy\"><\/div><div class=\"iwg-wesen-card-body\"><div class=\"iwg-wesen-card-name\">Manjushri<\/div><div class=\"iwg-wesen-card-arrow\">\u2192 A l&#039;\u00e9sser<\/div><\/div><\/a><a class=\"iwg-wesen-card\" href=\"https:\/\/iwell-guard.com\/ca\/mara\/\" aria-label=\"Mara\"><div class=\"iwg-wesen-card-imgwrap\"><img decoding=\"async\" src=\"https:\/\/iwell-guard.com\/wp-content\/uploads\/2026\/04\/goetter_buddhismus_mara-200x300.webp\" alt=\"Mara\" loading=\"lazy\"><\/div><div class=\"iwg-wesen-card-body\"><div class=\"iwg-wesen-card-name\">Mara<\/div><div class=\"iwg-wesen-card-arrow\">\u2192 A l&#039;\u00e9sser<\/div><\/div><\/a><a class=\"iwg-wesen-card\" href=\"https:\/\/iwell-guard.com\/ca\/samantabhadra\/\" aria-label=\"Samantabhadra\"><div class=\"iwg-wesen-card-imgwrap\"><img decoding=\"async\" src=\"https:\/\/iwell-guard.com\/wp-content\/uploads\/2026\/04\/goetter_buddhismus_samantabhadra-200x300.webp\" alt=\"Samantabhadra\" loading=\"lazy\"><\/div><div class=\"iwg-wesen-card-body\"><div class=\"iwg-wesen-card-name\">Samantabhadra<\/div><div class=\"iwg-wesen-card-arrow\">\u2192 A l&#039;\u00e9sser<\/div><\/div><\/a><a class=\"iwg-wesen-card\" href=\"https:\/\/iwell-guard.com\/ca\/vajrapani\/\" aria-label=\"Vajrapani\"><div class=\"iwg-wesen-card-imgwrap\"><img decoding=\"async\" src=\"https:\/\/iwell-guard.com\/wp-content\/uploads\/2026\/04\/goetter_buddhismus_vajrapani-200x300.webp\" alt=\"Vajrapani\" loading=\"lazy\"><\/div><div class=\"iwg-wesen-card-body\"><div class=\"iwg-wesen-card-name\">Vajrapani<\/div><div class=\"iwg-wesen-card-arrow\">\u2192 A l&#039;\u00e9sser<\/div><\/div><\/a><a class=\"iwg-wesen-card\" href=\"https:\/\/iwell-guard.com\/ca\/yama-jutge-dels-morts\/\" aria-label=\"Yama (jutge dels morts)\"><div class=\"iwg-wesen-card-imgwrap\"><img decoding=\"async\" src=\"https:\/\/iwell-guard.com\/wp-content\/uploads\/2026\/04\/goetter_buddhismus_yama-totenrichter-200x300.webp\" alt=\"Yama (jutge dels morts)\" loading=\"lazy\"><\/div><div class=\"iwg-wesen-card-body\"><div class=\"iwg-wesen-card-name\">Yama (jutge dels morts)<\/div><div class=\"iwg-wesen-card-arrow\">\u2192 A l&#039;\u00e9sser<\/div><\/div><\/a><a class=\"iwg-wesen-card\" href=\"https:\/\/iwell-guard.com\/ca\/amitabha-buda-terra-pura\/\" aria-label=\"Amitabha \u2013 Buda de la Terra Pura\"><div class=\"iwg-wesen-card-imgwrap\"><img decoding=\"async\" src=\"https:\/\/iwell-guard.com\/wp-content\/uploads\/2026\/05\/lichtwesen_buddhismus_amitabha-200x300.webp\" alt=\"Amitabha \u2013 Buda de la Terra Pura\" loading=\"lazy\"><\/div><div class=\"iwg-wesen-card-body\"><div class=\"iwg-wesen-card-name\">Amitabha \u2013 Buda de la Terra Pura<\/div><div class=\"iwg-wesen-card-arrow\">\u2192 A l&#039;\u00e9sser<\/div><\/div><\/a><a class=\"iwg-wesen-card\" href=\"https:\/\/iwell-guard.com\/ca\/buda-gautama\/\" aria-label=\"Buda (Gautama)\"><div class=\"iwg-wesen-card-imgwrap\"><img decoding=\"async\" src=\"https:\/\/iwell-guard.com\/wp-content\/uploads\/2026\/05\/goetter_buddhismus_buddha-gautama-200x300.webp\" alt=\"Buda (Gautama)\" loading=\"lazy\"><\/div><div class=\"iwg-wesen-card-body\"><div class=\"iwg-wesen-card-name\">Buda (Gautama)<\/div><div class=\"iwg-wesen-card-arrow\">\u2192 A l&#039;\u00e9sser<\/div><\/div><\/a><a class=\"iwg-wesen-card\" href=\"https:\/\/iwell-guard.com\/ca\/tara\/\" aria-label=\"Tara\"><div class=\"iwg-wesen-card-imgwrap\"><img decoding=\"async\" src=\"https:\/\/iwell-guard.com\/wp-content\/uploads\/2026\/05\/goetter_buddhismus_tara-200x300.webp\" alt=\"Tara\" loading=\"lazy\"><\/div><div class=\"iwg-wesen-card-body\"><div class=\"iwg-wesen-card-name\">Tara<\/div><div class=\"iwg-wesen-card-arrow\">\u2192 A l&#039;\u00e9sser<\/div><\/div><\/a><a class=\"iwg-wesen-card\" href=\"https:\/\/iwell-guard.com\/ca\/maitreya\/\" aria-label=\"Maitreya\"><div class=\"iwg-wesen-card-imgwrap\"><img decoding=\"async\" src=\"https:\/\/iwell-guard.com\/wp-content\/uploads\/2026\/05\/goetter_buddhismus_maitreya-200x300.webp\" alt=\"Maitreya\" loading=\"lazy\"><\/div><div class=\"iwg-wesen-card-body\"><div class=\"iwg-wesen-card-name\">Maitreya<\/div><div class=\"iwg-wesen-card-arrow\">\u2192 A l&#039;\u00e9sser<\/div><\/div><\/a><a class=\"iwg-wesen-card\" href=\"https:\/\/iwell-guard.com\/ca\/ksitigarbha\/\" aria-label=\"Ksitigarbha\"><div class=\"iwg-wesen-card-imgwrap\"><img decoding=\"async\" src=\"https:\/\/iwell-guard.com\/wp-content\/uploads\/2026\/05\/goetter_buddhismus_ksitigarbha-200x300.webp\" alt=\"Ksitigarbha\" loading=\"lazy\"><\/div><div class=\"iwg-wesen-card-body\"><div class=\"iwg-wesen-card-name\">Ksitigarbha<\/div><div class=\"iwg-wesen-card-arrow\">\u2192 A l&#039;\u00e9sser<\/div><\/div><\/a><a class=\"iwg-wesen-card\" href=\"https:\/\/iwell-guard.com\/ca\/padmasambhava\/\" aria-label=\"Padmasambhava\"><div class=\"iwg-wesen-card-imgwrap\"><img decoding=\"async\" src=\"https:\/\/iwell-guard.com\/wp-content\/uploads\/2026\/05\/goetter_buddhismus_padmasambhava-200x300.webp\" alt=\"Padmasambhava\" loading=\"lazy\"><\/div><div class=\"iwg-wesen-card-body\"><div class=\"iwg-wesen-card-name\">Padmasambhava<\/div><div class=\"iwg-wesen-card-arrow\">\u2192 A l&#039;\u00e9sser<\/div><\/div><\/a><a class=\"iwg-wesen-card\" href=\"https:\/\/iwell-guard.com\/ca\/milarepa\/\" aria-label=\"Milarepa\"><div class=\"iwg-wesen-card-imgwrap\"><img decoding=\"async\" src=\"https:\/\/iwell-guard.com\/wp-content\/uploads\/2026\/05\/goetter_buddhismus_milarepa-200x300.webp\" alt=\"Milarepa\" loading=\"lazy\"><\/div><div class=\"iwg-wesen-card-body\"><div class=\"iwg-wesen-card-name\">Milarepa<\/div><div class=\"iwg-wesen-card-arrow\">\u2192 A l&#039;\u00e9sser<\/div><\/div><\/a><\/div>\t\t\t\t\t\t\t\t<\/div>\n\t\t\t\t<\/div>\n\t\t\t\t\t<\/div>\n\t\t\t\t<\/div>\n\t\t<div class=\"elementor-element elementor-element-k-buddhismus-s3 e-con-boxed e-flex e-con e-parent\" data-id=\"k-buddhismus-s3\" data-element_type=\"container\" data-e-type=\"container\">\n\t\t\t\t\t<div class=\"e-con-inner\">\n\t\t\t\t<div class=\"elementor-element elementor-element-k-buddhismus-h3 elementor-widget elementor-widget-heading\" data-id=\"k-buddhismus-h3\" data-element_type=\"widget\" data-e-type=\"widget\" data-widget_type=\"heading.default\">\n\t\t\t\t\t<h2 class=\"elementor-heading-title elementor-size-default\">Dimonis (1)<\/h2>\t\t\t\t<\/div>\n\t\t<div class=\"elementor-element elementor-element-aj11-inner-0008 e-con-full e-flex e-con e-child\" data-id=\"aj11-inner-0008\" data-element_type=\"container\" data-e-type=\"container\">\n\t\t\t\t<div class=\"elementor-element elementor-element-k-buddhismus-t3 elementor-widget elementor-widget-text-editor\" data-id=\"k-buddhismus-t3\" data-element_type=\"widget\" data-e-type=\"widget\" data-widget_type=\"text-editor.default\">\n\t\t\t\t\t\t\t\t\t<div class=\"iwg-wesen-grid\"><a class=\"iwg-wesen-card\" href=\"https:\/\/iwell-guard.com\/ca\/guardians-de-naraka\/\" aria-label=\"Guardians de Naraka\"><div class=\"iwg-wesen-card-imgwrap\"><img decoding=\"async\" src=\"https:\/\/iwell-guard.com\/wp-content\/uploads\/2026\/04\/daemonen_buddhismus_naraka-waechter-200x300.webp\" alt=\"Guardians de Naraka\" loading=\"lazy\"><\/div><div class=\"iwg-wesen-card-body\"><div class=\"iwg-wesen-card-name\">Guardians de Naraka<\/div><div class=\"iwg-wesen-card-arrow\">\u2192 A l&#039;\u00e9sser<\/div><\/div><\/a><\/div>\t\t\t\t\t\t\t\t<\/div>\n\t\t\t\t<\/div>\n\t\t\t\t\t<\/div>\n\t\t\t\t<\/div>\n\t\t<div class=\"elementor-element elementor-element-k-buddhismus-s4 e-con-boxed e-flex e-con e-parent\" data-id=\"k-buddhismus-s4\" data-element_type=\"container\" data-e-type=\"container\">\n\t\t\t\t\t<div class=\"e-con-inner\">\n\t\t\t\t<div class=\"elementor-element elementor-element-k-buddhismus-h4 elementor-widget elementor-widget-heading\" data-id=\"k-buddhismus-h4\" data-element_type=\"widget\" data-e-type=\"widget\" data-widget_type=\"heading.default\">\n\t\t\t\t\t<h2 class=\"elementor-heading-title elementor-size-default\">Esperits (3)<\/h2>\t\t\t\t<\/div>\n\t\t<div class=\"elementor-element elementor-element-aj11-inner-0009 e-con-full e-flex e-con e-child\" data-id=\"aj11-inner-0009\" data-element_type=\"container\" data-e-type=\"container\">\n\t\t\t\t<div class=\"elementor-element elementor-element-k-buddhismus-t4 elementor-widget elementor-widget-text-editor\" data-id=\"k-buddhismus-t4\" data-element_type=\"widget\" data-e-type=\"widget\" data-widget_type=\"text-editor.default\">\n\t\t\t\t\t\t\t\t\t<div class=\"iwg-wesen-grid\"><a class=\"iwg-wesen-card\" href=\"https:\/\/iwell-guard.com\/ca\/dakini\/\" aria-label=\"Dakini\"><div class=\"iwg-wesen-card-imgwrap\"><img decoding=\"async\" src=\"https:\/\/iwell-guard.com\/wp-content\/uploads\/2026\/04\/geister_buddhismus_dakini-200x300.webp\" alt=\"Dakini\" loading=\"lazy\"><\/div><div class=\"iwg-wesen-card-body\"><div class=\"iwg-wesen-card-name\">Dakini<\/div><div class=\"iwg-wesen-card-arrow\">\u2192 A l&#039;\u00e9sser<\/div><\/div><\/a><a class=\"iwg-wesen-card\" href=\"https:\/\/iwell-guard.com\/ca\/preta\/\" aria-label=\"Preta\"><div class=\"iwg-wesen-card-imgwrap\"><img decoding=\"async\" src=\"https:\/\/iwell-guard.com\/wp-content\/uploads\/2026\/04\/geister_buddhismus_preta-200x300.webp\" alt=\"Preta\" loading=\"lazy\"><\/div><div class=\"iwg-wesen-card-body\"><div class=\"iwg-wesen-card-name\">Preta<\/div><div class=\"iwg-wesen-card-arrow\">\u2192 A l&#039;\u00e9sser<\/div><\/div><\/a><a class=\"iwg-wesen-card\" href=\"https:\/\/iwell-guard.com\/ca\/yamaduta\/\" aria-label=\"Yamad\u016bta\"><div class=\"iwg-wesen-card-imgwrap\"><img decoding=\"async\" src=\"https:\/\/iwell-guard.com\/wp-content\/uploads\/2026\/04\/geister_buddhismus_yamaduta-200x300.webp\" alt=\"Yamad\u016bta\" loading=\"lazy\"><\/div><div class=\"iwg-wesen-card-body\"><div class=\"iwg-wesen-card-name\">Yamad\u016bta<\/div><div class=\"iwg-wesen-card-arrow\">\u2192 A l&#039;\u00e9sser<\/div><\/div><\/a><\/div>\t\t\t\t\t\t\t\t<\/div>\n\t\t\t\t<\/div>\n\t\t\t\t\t<\/div>\n\t\t\t\t<\/div>\n\t\t<div class=\"elementor-element elementor-element-x-buddhismus-s-faq e-con-boxed e-flex e-con e-parent\" data-id=\"x-buddhismus-s-faq\" data-element_type=\"container\" data-e-type=\"container\">\n\t\t\t\t\t<div class=\"e-con-inner\">\n\t\t\t\t<div class=\"elementor-element elementor-element-x-buddhismus-h-faq elementor-widget elementor-widget-heading\" data-id=\"x-buddhismus-h-faq\" data-element_type=\"widget\" data-e-type=\"widget\" data-widget_type=\"heading.default\">\n\t\t\t\t\t<h2 class=\"elementor-heading-title elementor-size-default\">Preguntes freq\u00fcents sobre els d\u00e9us budistes i els budes<\/h2>\t\t\t\t<\/div>\n\t\t<div class=\"elementor-element elementor-element-aj11-inner-0006 e-con-full e-flex e-con e-child\" data-id=\"aj11-inner-0006\" data-element_type=\"container\" data-e-type=\"container\">\n\t\t\t\t<div class=\"elementor-element elementor-element-x-buddhismus-t-faq elementor-widget elementor-widget-text-editor\" data-id=\"x-buddhismus-t-faq\" data-element_type=\"widget\" data-e-type=\"widget\" data-widget_type=\"text-editor.default\">\n\t\t\t\t\t\t\t\t\t<h3>Quants d\u00e9us hi ha al budisme?<\/h3>\n<p>Estrictament parlant, el budisme no coneix d\u00e9us en sentit monoteista; Buda no va ensenyar l&#8217;exist\u00e8ncia d&#8217;un d\u00e9u creador. Les tradicions inclouen, per\u00f2, centenars de figures venerades: 5 budes dhyani (budes transcendents), 8 grans bodhisattvas, 21 aspectes de Tara, 5 dharmapalas (senyors protectors) i incomptables esperits protectors locals.<\/p><p>El <span class=\"iwg-fachbegriff\" data-tooltip=\"El conjunt de d\u00e9us d'una religi\u00f3 o cultura.\" tabindex=\"0\">pante\u00f3<\/span> del vajrayana tibet\u00e0 compta, amb les divinitats yidam i les dakinis, unes 1.000 figures principals, totes enteses com a manifestacions de la budeitat.<\/p>\n<h3>Qui \u00e9s el buda m\u00e9s important?<\/h3>\n<p>Siddhartha Gautama (ca. 563\u2013483 aC) \u00e9s el buda hist\u00f2ric i el fundador de l&#8217;ensenyament que segueixen totes les escoles. En el mahayana i el vajrayana s&#8217;hi afegeixen budes transcendents: els 5 budes dhyani (Vairocana al centre, Akshobhya a l&#8217;est, Ratnasambhava al sud, Amitabha a l&#8217;oest i Amoghasiddhi al nord).<\/p><p>Amitabha \u00e9s central en el budisme de la Terra Pura de l&#8217;\u00c0sia oriental, i Vairocana ho \u00e9s al Jap\u00f3 (el Daibutsu de Nara, 752 dC).<\/p>\n<h3>Qu\u00e8 s\u00f3n els bodhisattvas?<\/h3>\n<p>Els bodhisattvas s\u00f3n \u00e9ssers il\u00b7luminats que renuncien volunt\u00e0riament al nirvana definitiu per ajudar tots els altres \u00e9ssers a alliberar-se. Els vuit grans s\u00f3n Avalokiteshvara (compassi\u00f3), Manjushri (saviesa), Vajrapani (for\u00e7a), Ksitigarbha (alliberador dels inferns), Samantabhadra (comprom\u00eds), Maitreya (futur buda), Akashagarbha (tresor celestial) i Sarvanivarana-Vishkambhin (eliminador d&#8217;obstacles).<\/p><p>En el mahayana, convertir-se en bodhisattva \u00e9s l&#8217;objectiu veritable, superior a la recerca de la il\u00b7luminaci\u00f3 individual (arhat).<\/p>\n<h3>Qu\u00e8 diferencia el theravada, el mahayana i el vajrayana?<\/h3>\n<p>El theravada (sud i sud-est asi\u00e0tic) \u00e9s l&#8217;escola m\u00e9s antiga; el seu objectiu \u00e9s la il\u00b7luminaci\u00f3 individual com a arhat mitjan\u00e7ant una meditaci\u00f3 estricta i l&#8217;ensenyament del c\u00e0non pali. El mahayana (\u00c0sia oriental) posa l&#8217;accent en l&#8217;ideal del bodhisattva, \u00e9s a dir, la il\u00b7luminaci\u00f3 per a tots els \u00e9ssers.<\/p><p>El vajrayana (Tibet, Bhutan, Mong\u00f2lia) \u00e9s un mahayana t\u00e0ntric amb pr\u00e0ctiques pr\u00f2pies de visualitzaci\u00f3 i <span class=\"iwg-fachbegriff\" data-tooltip=\"Una s\u00edl\u00b7laba o f\u00f3rmula sagrada que es repeteix en l'hinduisme i el budisme.\" tabindex=\"0\">mantra<\/span> (yidam, dakini, <span class=\"iwg-fachbegriff\" data-tooltip=\"Diagrama circular que, en l'hinduisme i el budisme, representa el cosmos.\" tabindex=\"0\">mandala<\/span>). En aquesta tradici\u00f3 es pot assolir la il\u00b7luminaci\u00f3 en una sola vida, i Milarepa se&#8217;n considera el prototip.<\/p>\n<h3>Qu\u00e8 s\u00f3n els dharmapalas?<\/h3>\n<p>Els dharmapalas s\u00f3n senyors protectors de l&#8217;ensenyament budista. Sovint tenen aparences terror\u00edfiques (Mahakala amb la boca ensangonada, Yamantaka amb cap de b\u00fafal), per\u00f2 intencions ben\u00e8voles: protegeixen els practicants dels obstacles i allunyen les energies negatives.<\/p><p>Els vuit grans dharmapalas del Tibet s\u00f3n Mahakala, Yamantaka, Yama, Hayagriva, Vaishravana, Palden Lhamo (l&#8217;\u00fanica dona), Tsangpa Karpo i Damchen Dorje Legpa. A la Xina i al Jap\u00f3 tenen formes m\u00e9s suaus; els guardians dels temples Ni\u014d del Jap\u00f3 s\u00f3n els seus equivalents.<\/p>\n<h3>Qu\u00e8 \u00e9s el Llibre tibet\u00e0 dels morts?<\/h3>\n<p>El Llibre tibet\u00e0 dels morts (Bardo Th\u00f6dol, \u00abAlliberament mitjan\u00e7ant l&#8217;escolta en l&#8217;estat intermedi\u00bb) \u00e9s un text del vajrayana que descriu les fases entre la mort i el renaixement (bardo). Segons la tradici\u00f3, es llegeix als moribunds i als difunts perqu\u00e8 la seva \u00e0nima reconegui els budes i els \u00e9ssers de llum adequats i trobi un dest\u00ed favorable.<\/p><p>S&#8217;atribueix a Padmasambhava i va ser redescobert al segle XIV per Karma Lingpa. C. G. Jung va escriure el pr\u00f2leg de la primera traducci\u00f3 anglesa (1927); el text va marcar profundament la recepci\u00f3 occidental del budisme.<\/p>\n<script type=\"application\/ld+json\">{\"@context\": \"https:\/\/schema.org\", \"@type\": \"FAQPage\", \"mainEntity\": [{\"@type\": \"Question\", \"name\": \"Quants d\u00e9us hi ha al budisme?\", \"acceptedAnswer\": {\"@type\": \"Answer\", \"text\": \"Estrictament parlant, el budisme no coneix d\u00e9us en sentit monoteista; Buda no va ensenyar l'exist\u00e8ncia d'un d\u00e9u creador. Les tradicions inclouen, per\u00f2, centenars de figures venerades: 5 budes dhyani (budes transcendents), 8 grans bodhisattvas, 21 aspectes de Tara, 5 dharmapalas (senyors protectors) i incomptables esperits protectors locals. El pante\u00f3 del vajrayana tibet\u00e0 compta, amb les divinitats yidam i les dakinis, unes 1.000 figures principals, totes enteses com a manifestacions de la budeitat.\"}}, {\"@type\": \"Question\", \"name\": \"Qui \u00e9s el buda m\u00e9s important?\", \"acceptedAnswer\": {\"@type\": \"Answer\", \"text\": \"Siddhartha Gautama (ca. 563\u2013483 aC) \u00e9s el buda hist\u00f2ric i el fundador de l'ensenyament que segueixen totes les escoles. En el mahayana i el vajrayana s'hi afegeixen budes transcendents: els 5 budes dhyani (Vairocana al centre, Akshobhya a l'est, Ratnasambhava al sud, Amitabha a l'oest i Amoghasiddhi al nord). Amitabha \u00e9s central en el budisme de la Terra Pura de l'\u00c0sia oriental, i Vairocana ho \u00e9s al Jap\u00f3 (el Daibutsu de Nara, 752 dC).\"}}, {\"@type\": \"Question\", \"name\": \"Qu\u00e8 s\u00f3n els bodhisattvas?\", \"acceptedAnswer\": {\"@type\": \"Answer\", \"text\": \"Els bodhisattvas s\u00f3n \u00e9ssers il\u00b7luminats que renuncien volunt\u00e0riament al nirvana definitiu per ajudar tots els altres \u00e9ssers a alliberar-se. Els vuit grans s\u00f3n Avalokiteshvara (compassi\u00f3), Manjushri (saviesa), Vajrapani (for\u00e7a), Ksitigarbha (alliberador dels inferns), Samantabhadra (comprom\u00eds), Maitreya (futur buda), Akashagarbha (tresor celestial) i Sarvanivarana-Vishkambhin (eliminador d'obstacles). En el mahayana, convertir-se en bodhisattva \u00e9s l'objectiu veritable, superior a la recerca de la il\u00b7luminaci\u00f3 individual (arhat).\"}}, {\"@type\": \"Question\", \"name\": \"Qu\u00e8 diferencia el theravada, el mahayana i el vajrayana?\", \"acceptedAnswer\": {\"@type\": \"Answer\", \"text\": \"El theravada (sud i sud-est asi\u00e0tic) \u00e9s l'escola m\u00e9s antiga; el seu objectiu \u00e9s la il\u00b7luminaci\u00f3 individual com a arhat mitjan\u00e7ant una meditaci\u00f3 estricta i l'ensenyament del c\u00e0non pali. El mahayana (\u00c0sia oriental) posa l'accent en l'ideal del bodhisattva, \u00e9s a dir, la il\u00b7luminaci\u00f3 per a tots els \u00e9ssers. El vajrayana (Tibet, Bhutan, Mong\u00f2lia) \u00e9s un mahayana t\u00e0ntric amb pr\u00e0ctiques pr\u00f2pies de visualitzaci\u00f3 i mantra (yidam, dakini, mandala). En aquesta tradici\u00f3 es pot assolir la il\u00b7luminaci\u00f3 en una sola vida, i Milarepa se'n considera el prototip.\"}}, {\"@type\": \"Question\", \"name\": \"Qu\u00e8 s\u00f3n els dharmapalas?\", \"acceptedAnswer\": {\"@type\": \"Answer\", \"text\": \"Els dharmapalas s\u00f3n senyors protectors de l'ensenyament budista. Sovint tenen aparences terror\u00edfiques (Mahakala amb la boca ensangonada, Yamantaka amb cap de b\u00fafal), per\u00f2 intencions ben\u00e8voles: protegeixen els practicants dels obstacles i allunyen les energies negatives. Els vuit grans dharmapalas del Tibet s\u00f3n Mahakala, Yamantaka, Yama, Hayagriva, Vaishravana, Palden Lhamo (l'\u00fanica dona), Tsangpa Karpo i Damchen Dorje Legpa. A la Xina i al Jap\u00f3 tenen formes m\u00e9s suaus; els guardians dels temples Ni\u014d del Jap\u00f3 s\u00f3n els seus equivalents.\"}}, {\"@type\": \"Question\", \"name\": \"Qu\u00e8 \u00e9s el Llibre tibet\u00e0 dels morts?\", \"acceptedAnswer\": {\"@type\": \"Answer\", \"text\": \"El Llibre tibet\u00e0 dels morts (Bardo Th\u00f6dol, \u201eAlliberament mitjan\u00e7ant l'escolta en l'estat intermedi\\\") \u00e9s un text del vajrayana que descriu les fases entre la mort i el renaixement (bardo). Segons la tradici\u00f3, es llegeix als moribunds i als difunts perqu\u00e8 la seva \u00e0nima reconegui els budes i els \u00e9ssers de llum adequats i trobi un dest\u00ed favorable. S'atribueix a Padmasambhava i va ser redescobert al segle XIV per Karma Lingpa. C. G. Jung va escriure el pr\u00f2leg de la primera traducci\u00f3 anglesa (1927); el text va marcar profundament la recepci\u00f3 occidental del budisme.\"}}]}<\/script>\t\t\t\t\t\t\t\t<\/div>\n\t\t\t\t<\/div>\n\t\t\t\t\t<\/div>\n\t\t\t\t<\/div>\n\t\t<div class=\"elementor-element elementor-element-318f442 e-con-boxed e-flex e-con e-parent\" data-id=\"318f442\" data-element_type=\"container\" data-e-type=\"container\">\n\t\t\t\t\t<div class=\"e-con-inner\">\n\t\t\t\t<div class=\"elementor-element elementor-element-ca0e541 elementor-widget elementor-widget-heading\" data-id=\"ca0e541\" data-element_type=\"widget\" data-e-type=\"widget\" data-widget_type=\"heading.default\">\n\t\t\t\t\t<h2 class=\"elementor-heading-title elementor-size-default\">Aprofundiment<\/h2>\t\t\t\t<\/div>\n\t\t\t\t<div class=\"elementor-element elementor-element-8089989 elementor-widget elementor-widget-heading\" data-id=\"8089989\" data-element_type=\"widget\" data-e-type=\"widget\" data-widget_type=\"heading.default\">\n\t\t\t\t\t<h3 class=\"elementor-heading-title elementor-size-default\">Buda i les primeres escoles<\/h3>\t\t\t\t<\/div>\n\t\t<div class=\"elementor-element elementor-element-aj11-inner-000a e-con-full e-flex e-con e-child\" data-id=\"aj11-inner-000a\" data-element_type=\"container\" data-e-type=\"container\">\n\t\t\t\t<div class=\"elementor-element elementor-element-ef2c83e elementor-widget elementor-widget-text-editor\" data-id=\"ef2c83e\" data-element_type=\"widget\" data-e-type=\"widget\" data-widget_type=\"text-editor.default\">\n\t\t\t\t\t\t\t\t\t<p>El Buda hist\u00f2ric Siddhartha Gautama (segles VI\u2013V aC) va ensenyar les Quatre Nobles Veritats i el Noble Cam\u00ed \u00d2ctuple.<\/p><p>Despr\u00e9s del seu parinirvana es van desenvolupar diverses escoles: el Theravada (avui Sri Lanka, Birm\u00e0nia, Tail\u00e0ndia) conserva el <span class=\"iwg-fachbegriff\" data-tooltip=\"El conjunt de textos sagrats reconegut com a vinculant en una religi\u00f3.\" tabindex=\"0\">c\u00e0non<\/span> pali, el Mahayana (\u00c0sia oriental) va desenvolupar l&#8217;ideal del bodhisattva, i el Vajrayana (Tibet) integra la pr\u00e0ctica t\u00e0ntrica i un sistema complex de budes irats i pac\u00edfics.<\/p>\t\t\t\t\t\t\t\t<\/div>\n\t\t\t\t<\/div>\n\t\t\t\t<div class=\"elementor-element elementor-element-f21d5de elementor-widget elementor-widget-heading\" data-id=\"f21d5de\" data-element_type=\"widget\" data-e-type=\"widget\" data-widget_type=\"heading.default\">\n\t\t\t\t\t<h3 class=\"elementor-heading-title elementor-size-default\">Bodhisattves i camps de Buda<\/h3>\t\t\t\t<\/div>\n\t\t<div class=\"elementor-element elementor-element-bw-13166c6-3e57afe e-flex e-con-boxed e-con e-parent\" data-id=\"bw-13166c6-3e57afe\" data-element_type=\"container\" data-e-type=\"container\" data-settings=\"{&quot;background_background&quot;:&quot;classic&quot;}\">\n\t\t\t\t\t<div class=\"e-con-inner\">\n\t\t\t\t<div class=\"elementor-element elementor-element-13166c6 elementor-widget elementor-widget-text-editor\" data-id=\"13166c6\" data-element_type=\"widget\" data-e-type=\"widget\" data-widget_type=\"text-editor.default\">\n\t\t\t\t\t\t\t\t\t<p>En el Mahayana el repertori s&#8217;amplia. Els bodhisattves, \u00e9ssers il\u00b7luminats que posposen la seva pr\u00f2pia perfecci\u00f3 per ajudar els altres, esdevenen figures centrals de veneraci\u00f3.<\/p><p>Avalokiteshvara (compassi\u00f3, reinterpretada com a femenina a l&#8217;\u00c0sia oriental sota el nom de Guanyin\/Kannon), Manjushri (saviesa), Maitreya (futur Buda) i Ksitigarbha marquen la <span class=\"iwg-fachbegriff\" data-tooltip=\"La religiositat viscuda en la vida quotidiana, sovint al costat de la doctrina oficial.\" tabindex=\"0\">pietat popular<\/span>. Els camps de Buda s\u00f3n mons purs en els quals un practicant pot ren\u00e9ixer.<\/p>\t\t\t\t\t\t\t\t<\/div>\n\t\t\t\t\t<\/div>\n\t\t\t\t<\/div>\n\t\t\t\t<div class=\"elementor-element elementor-element-4e6352f elementor-widget elementor-widget-heading\" data-id=\"4e6352f\" data-element_type=\"widget\" data-e-type=\"widget\" data-widget_type=\"heading.default\">\n\t\t\t\t\t<h3 class=\"elementor-heading-title elementor-size-default\">Vajrayana i pr\u00e0ctica t\u00e0ntrica<\/h3>\t\t\t\t<\/div>\n\t\t<div class=\"elementor-element elementor-element-bw-0d1389c-ee5d4e4 e-flex e-con-boxed e-con e-parent\" data-id=\"bw-0d1389c-ee5d4e4\" data-element_type=\"container\" data-e-type=\"container\" data-settings=\"{&quot;background_background&quot;:&quot;classic&quot;}\">\n\t\t\t\t\t<div class=\"e-con-inner\">\n\t\t\t\t<div class=\"elementor-element elementor-element-0d1389c elementor-widget elementor-widget-text-editor\" data-id=\"0d1389c\" data-element_type=\"widget\" data-e-type=\"widget\" data-widget_type=\"text-editor.default\">\n\t\t\t\t\t\t\t\t\t<p>El budisme tibet\u00e0 integra elements preb\u00fadics de la tradici\u00f3 b\u00f6n i la tradici\u00f3 t\u00e0ntrica \u00edndia. Les Divinitats Iracundes (Mahakala, Yamantaka, Palden Lhamo) apareixen esfere\u00efdores, ja que encarnen l&#8217;aspecte poder\u00f3s de l&#8217;energia il\u00b7luminada. Les cinc fam\u00edlies de Buda estructuren el sistema del <span class=\"iwg-fachbegriff\" data-tooltip=\"Diagrama circular que representa el cosmos en l'hinduisme i el budisme.\" tabindex=\"0\">mandala<\/span>. La pr\u00e0ctica t\u00e0ntrica requereix una iniciaci\u00f3 formal per part d&#8217;un mestre qualificat.<\/p>\t\t\t\t\t\t\t\t<\/div>\n\t\t\t\t\t<\/div>\n\t\t\t\t<\/div>\n\t\t\t\t<div class=\"elementor-element elementor-element-b7c86b7 elementor-widget elementor-widget-heading\" data-id=\"b7c86b7\" data-element_type=\"widget\" data-e-type=\"widget\" data-widget_type=\"heading.default\">\n\t\t\t\t\t<h3 class=\"elementor-heading-title elementor-size-default\">El budisme a Occident<\/h3>\t\t\t\t<\/div>\n\t\t<div class=\"elementor-element elementor-element-bw-228c018-a62b11f e-flex e-con-boxed e-con e-parent\" data-id=\"bw-228c018-a62b11f\" data-element_type=\"container\" data-e-type=\"container\" data-settings=\"{&quot;background_background&quot;:&quot;classic&quot;}\">\n\t\t\t\t\t<div class=\"e-con-inner\">\n\t\t\t\t<div class=\"elementor-element elementor-element-228c018 elementor-widget elementor-widget-text-editor\" data-id=\"228c018\" data-element_type=\"widget\" data-e-type=\"widget\" data-widget_type=\"text-editor.default\">\n\t\t\t\t\t\t\t\t\t<footer class=\"iwg-literatur\" data-nosnippet=\"true\"><p>Occident no va trobar-se sistem\u00e0ticament amb el budisme fins al segle XIX. La segona onada, despr\u00e9s de la Segona Guerra Mundial, va portar el zen (D. T. Suzuki) i el budisme tibet\u00e0 (a partir de 1959).<\/p><p>La tercera onada, a partir dels anys 1970, \u00e9s el moviment vipassana i de la consci\u00e8ncia plena (mindfulness), que ha adaptat de manera secular la pr\u00e0ctica meditativa budista. D&#8217;aqu\u00ed ha sorgit una forma pr\u00f2pia, occidental i secular.<\/p><h3>Estat de la recerca<\/h3><p>La recerca religiosa sobre el budisme s&#8217;ha diferenciat segons les tres tradicions: Theravada (estudi del <span class=\"iwg-fachbegriff\" data-tooltip=\"El conjunt de textos sagrats reconegut com a vinculant en una religi\u00f3.\" tabindex=\"0\">c\u00e0non<\/span> pali), Mahayana (sobretot tradici\u00f3 xinesa i japonesa) i Vajrayana (tradici\u00f3 tibetana).<\/p><p>Les obres de refer\u00e8ncia s\u00f3n Edward Conze (<em>Buddhism. Its Essence and Development<\/em>, 1951), Heinrich Dumoulin (<em>Geschichte des Zen-Buddhismus<\/em>, 1985\u20131990) i Robert Buswell \/ Donald Lopez (<em>The Princeton Dictionary of Buddhism<\/em>, 2014).<\/p><\/footer>\t\t\t\t\t\t\t\t<\/div>\n\t\t\t\t\t<\/div>\n\t\t\t\t<\/div>\n\t\t\t\t\t<\/div>\n\t\t\t\t<\/div>\n\t\t<div class=\"elementor-element elementor-element-iwgcc-buddhism-sec e-flex e-con-boxed e-con e-parent\" data-id=\"iwgcc-buddhism-sec\" data-element_type=\"container\" data-e-type=\"container\" id=\"iwg-cc-buddhismus\">\n\t\t\t\t\t<div class=\"e-con-inner\">\n\t\t<div class=\"elementor-element elementor-element-iwgcc-buddhism-inner e-flex e-con-boxed e-con e-parent\" data-id=\"iwgcc-buddhism-inner\" data-element_type=\"container\" data-e-type=\"container\" data-settings=\"{&quot;background_background&quot;:&quot;classic&quot;}\">\n\t\t\t\t\t<div class=\"e-con-inner\">\n\t\t\t\t<div class=\"elementor-element elementor-element-iwgcc-buddhism-h elementor-widget elementor-widget-heading\" data-id=\"iwgcc-buddhism-h\" data-element_type=\"widget\" data-e-type=\"widget\" data-widget_type=\"heading.default\">\n\t\t\t\t\t<h2 class=\"elementor-heading-title elementor-size-default\">Objectes de protecci\u00f3 d'aquesta tradici\u00f3 cultural<\/h2>\t\t\t\t<\/div>\n\t\t\t\t<div class=\"elementor-element elementor-element-iwgcc-buddhism-t elementor-widget elementor-widget-text-editor\" data-id=\"iwgcc-buddhism-t\" data-element_type=\"widget\" data-e-type=\"widget\" data-widget_type=\"text-editor.default\">\n\t\t\t\t\t\t\t\t\t<div data-nosnippet=\"true\"><p>Els practicants budistes utilitzen malas de <span class=\"iwg-fachbegriff\" data-tooltip=\"Una s\u00edl\u00b7laba o f\u00f3rmula sagrada que es repeteix en l'hinduisme i el budisme.\" tabindex=\"0\">mantra<\/span>, encens, textos consagrats com a penjolls i petites figures de Buda o de bodhisattves.<\/p><div data-nosnippet=\"true\"><p>iWell Guard s&#8217;inscriu en aquesta l\u00ednia historicocultural d&#8217;objectes de protecci\u00f3 portables, amb una arquitectura de materials contempor\u00e0nia, fabricat a Alemanya. 41 nivells, or aut\u00e8ntic, plat\u00ed, plata. Dret de devoluci\u00f3 de 30 dies.<\/p><\/div><\/div>\t\t\t\t\t\t\t\t<\/div>\n\t\t\t\t<div class=\"elementor-element elementor-element-iwgcc-buddhism-b iwg-cc-button iwg-cc-cta-2026-05-13 elementor-widget elementor-widget-jet-button\" data-id=\"iwgcc-buddhism-b\" data-element_type=\"widget\" data-e-type=\"widget\" data-widget_type=\"jet-button.default\">\n\t\t\t\t<div class=\"elementor-widget-container\">\n\t\t\t\t\t<div class=\"elementor-jet-button jet-elements\"><div class=\"jet-button__container\"><a class=\"jet-button__instance jet-button__instance--icon-left hover-effect-1\" href=\"\/ueber-iwell-guard\/?utm_source=iwell-guard.com&amp;utm_medium=info-box&amp;utm_campaign=kultur-tradition\"><div class=\"jet-button__plane jet-button__plane-normal\"><\/div><div class=\"jet-button__plane jet-button__plane-hover\"><\/div><div class=\"jet-button__state jet-button__state-normal\"><span class=\"jet-button__label\">M\u00e9s informaci\u00f3 sobre l'iWell Guard<\/span><\/div><div class=\"jet-button__state jet-button__state-hover\"><span class=\"jet-button__label\">M\u00e9s informaci\u00f3 sobre l'iWell Guard<\/span><\/div><\/a><\/div><\/div><style>.elementor-element.elementor-element-iwgcc-buddhism-b .jet-button__instance{width:320px;height:56px;}.elementor-element.elementor-element-iwgcc-buddhism-b .jet-button__state-normal .jet-button__label{text-align:center;margin:0px 0px 0px 0px;color:#1a1b20;font-family:Montserrat,sans-serif;font-size:13px;font-weight:400;letter-spacing:4px;line-height:1.714em;text-transform:uppercase;}.elementor-element.elementor-element-iwgcc-buddhism-b .jet-button__state-hover .jet-button__label{text-align:center;margin:0px 0px 0px 0px;color:#FECC76;font-family:Montserrat,sans-serif;font-size:13px;font-weight:400;letter-spacing:4px;line-height:1.714em;text-transform:uppercase;}.elementor-element.elementor-element-iwgcc-buddhism-b .jet-button__plane-normal{background-color:#FECC76;border-style:solid;border-color:#C99540;border-width:2px 2px 2px 2px;}.elementor-element.elementor-element-iwgcc-buddhism-b .jet-button__plane-hover{background-color:rgba(0,0,0,0.55);border-style:solid;border-color:#FECC76;border-width:2px 2px 2px 2px;}<\/style>\t\t\t\t<\/div>\n\t\t\t\t<\/div>\n\t\t\t\t<div class=\"elementor-element elementor-element-iwgcc-buddhism-d elementor-widget elementor-widget-text-editor\" data-id=\"iwgcc-buddhism-d\" data-element_type=\"widget\" data-e-type=\"widget\" data-widget_type=\"text-editor.default\">\n\t\t\t\t\t\t\t\t\t<div data-nosnippet=\"true\"><p style=\"text-align:center;font-size:13px;opacity:0.7;margin-top:14px\" data-nosnippet=\"true\">Les experi\u00e8ncies personals poden variar. No \u00e9s un producte sanitari. No \u00e9s una promesa de curaci\u00f3.<\/p><\/div>\t\t\t\t\t\t\t\t<\/div>\n\t\t\t\t\t<\/div>\n\t\t\t\t<\/div>\n\t\t\t\t\t<\/div>\n\t\t\t\t<\/div>\n\t\t<div class=\"elementor-element elementor-element-iwgkw2-add-buddhismus e-flex e-con-boxed e-con e-parent\" data-id=\"iwgkw2-add-buddhismus\" data-element_type=\"container\" data-e-type=\"container\">\n\t\t\t\t\t<div class=\"e-con-inner\">\n\t\t\t\t<div class=\"elementor-element elementor-element-iwgkw2-add-buddhismus-t elementor-widget elementor-widget-text-editor\" data-id=\"iwgkw2-add-buddhismus-t\" data-element_type=\"widget\" data-e-type=\"widget\" data-widget_type=\"text-editor.default\">\n\t\t\t\t\t\t\t\t\t<p>La <span class=\"iwg-fachbegriff\" data-tooltip=\"El conjunt de relats m\u00edtics transmesos sobre les divinitats d'una cultura.\" tabindex=\"0\">mitologia<\/span> budista situa d\u00e9us, asures, pretes i \u00e9ssers infernals dins la roda dels sis \u00e0mbits de l&#8217;exist\u00e8ncia, i alhora descriu els bodhisattves i dharmapales que acompanyen els practicants en el cam\u00ed cap a l&#8217;alliberament.<\/p>\t\t\t\t\t\t\t\t<\/div>\n\t\t\t\t\t<\/div>\n\t\t\t\t<\/div>\n\t\t<div class=\"elementor-element elementor-element-iwgssrev-buddhismus e-flex e-con-boxed e-con e-parent\" data-id=\"iwgssrev-buddhismus\" data-element_type=\"container\" data-e-type=\"container\">\n\t\t\t\t\t<div class=\"e-con-inner\">\n\t\t\t\t<div class=\"elementor-element elementor-element-iwgssrev-buddhismus-h elementor-widget elementor-widget-heading\" data-id=\"iwgssrev-buddhismus-h\" data-element_type=\"widget\" data-e-type=\"widget\" data-widget_type=\"heading.default\">\n\t\t\t\t\t<h2 class=\"elementor-heading-title elementor-size-default\">S\u00edmbols de protecci\u00f3 del budisme<\/h2>\t\t\t\t<\/div>\n\t\t\t\t<div class=\"elementor-element elementor-element-iwgssrev-buddhismus-t elementor-widget elementor-widget-text-editor\" data-id=\"iwgssrev-buddhismus-t\" data-element_type=\"widget\" data-e-type=\"widget\" data-widget_type=\"text-editor.default\">\n\t\t\t\t\t\t\t\t\t<p>El l\u00e8xic dels s\u00edmbols de protecci\u00f3 tracta diversos signes i objectes del budisme en p\u00e0gines pr\u00f2pies: <a href=\"https:\/\/iwell-guard.com\/ca\/?page_id=171975\">Ashtamangala<\/a>, <a href=\"https:\/\/iwell-guard.com\/ca\/?page_id=171976\">Dharmachakra<\/a>, <a href=\"https:\/\/iwell-guard.com\/ca\/?page_id=171896\">Nus sense fi<\/a> i <a href=\"https:\/\/iwell-guard.com\/ca\/?page_id=171977\">Mala<\/a>. La p\u00e0gina dedicada als <a href=\"https:\/\/iwell-guard.com\/ca\/?page_id=171653\">s\u00edmbols de protecci\u00f3<\/a> ofereix una visi\u00f3 transcultural.<\/p>\t\t\t\t\t\t\t\t<\/div>\n\t\t\t\t\t<\/div>\n\t\t\t\t<\/div>\n\t\t\t\t<\/div>\n\t\t","protected":false},"excerpt":{"rendered":"","protected":false},"author":3,"featured_media":1554,"parent":0,"menu_order":0,"comment_status":"closed","ping_status":"closed","template":"elementor_header_footer","meta":{"_yoast_wpseo_focuskw":"d\u00e9us budistes","_yoast_wpseo_title":"D\u00e9us budistes \u2013 Budes, Bodhisattves | iWell Guard","_yoast_wpseo_metadesc":"Pante\u00f3 del budisme: Buda, els cinc Budes Dhyani, bodhisattves com Avalokiteshvara i Tara, a m\u00e9s de dharmapales i grans sants.","_yoast_wpseo_meta-robots-noindex":"","_yoast_wpseo_canonical":"","_angie_page":false,"gefaehrdungsstufe":"","wesen_kultur":"","wesen_klasse":"","footnotes":""},"categories":[],"class_list":["post-171394","page","type-page","status-publish","has-post-thumbnail","hentry"],"yoast_head":"<!-- This site is optimized with the Yoast SEO Premium plugin v27.7 (Yoast SEO v28.3) - https:\/\/yoast.com\/product\/yoast-seo-premium-wordpress\/ -->\n<title>D\u00e9us budistes \u2013 Budes, Bodhisattves | iWell Guard<\/title>\n<meta name=\"description\" content=\"Pante\u00f3 del budisme: Buda, els cinc Budes Dhyani, bodhisattves com Avalokiteshvara i Tara, a m\u00e9s de dharmapales i grans sants.\" \/>\n<meta name=\"robots\" content=\"index, follow, max-snippet:-1, max-image-preview:large, max-video-preview:-1\" \/>\n<link rel=\"canonical\" href=\"https:\/\/iwell-guard.com\/ca\/budisme\/\" \/>\n<meta property=\"og:locale\" content=\"ca_ES\" \/>\n<meta property=\"og:type\" content=\"article\" \/>\n<meta property=\"og:title\" content=\"Budisme\" \/>\n<meta property=\"og:description\" content=\"Pante\u00f3 del budisme: Buda, els cinc Budes Dhyani, bodhisattves com Avalokiteshvara i Tara, a m\u00e9s de dharmapales i grans sants.\" \/>\n<meta property=\"og:url\" content=\"https:\/\/iwell-guard.com\/ca\/budisme\/\" \/>\n<meta property=\"og:site_name\" content=\"iWell Guard\" \/>\n<meta property=\"article:modified_time\" content=\"2026-09-05T15:56:37+00:00\" \/>\n<meta property=\"og:image\" content=\"https:\/\/iwell-guard.com\/wp-content\/uploads\/2026\/04\/goetter_buddhismus_mara.webp\" \/>\n\t<meta property=\"og:image:width\" content=\"1024\" \/>\n\t<meta property=\"og:image:height\" content=\"1536\" \/>\n\t<meta property=\"og:image:type\" content=\"image\/webp\" \/>\n<meta name=\"twitter:card\" content=\"summary_large_image\" \/>\n<script type=\"application\/ld+json\" class=\"yoast-schema-graph\">{\"@context\":\"https:\\\/\\\/schema.org\",\"@graph\":[{\"@type\":\"WebPage\",\"@id\":\"https:\\\/\\\/iwell-guard.com\\\/ca\\\/budisme\\\/\",\"url\":\"https:\\\/\\\/iwell-guard.com\\\/ca\\\/budisme\\\/\",\"name\":\"D\u00e9us budistes \u2013 Budes, Bodhisattves | iWell Guard\",\"isPartOf\":{\"@id\":\"https:\\\/\\\/iwell-guard.com\\\/ca\\\/#website\"},\"primaryImageOfPage\":{\"@id\":\"https:\\\/\\\/iwell-guard.com\\\/ca\\\/budisme\\\/#primaryimage\"},\"image\":{\"@id\":\"https:\\\/\\\/iwell-guard.com\\\/ca\\\/budisme\\\/#primaryimage\"},\"thumbnailUrl\":\"https:\\\/\\\/iwell-guard.com\\\/wp-content\\\/uploads\\\/2026\\\/04\\\/goetter_buddhismus_mara.webp\",\"datePublished\":\"2026-09-05T15:39:01+00:00\",\"dateModified\":\"2026-09-05T15:56:37+00:00\",\"description\":\"Pante\u00f3 del budisme: Buda, els cinc Budes Dhyani, bodhisattves com Avalokiteshvara i Tara, a m\u00e9s de dharmapales i grans sants.\",\"breadcrumb\":{\"@id\":\"https:\\\/\\\/iwell-guard.com\\\/ca\\\/budisme\\\/#breadcrumb\"},\"inLanguage\":\"ca\",\"potentialAction\":[{\"@type\":\"ReadAction\",\"target\":[\"https:\\\/\\\/iwell-guard.com\\\/ca\\\/budisme\\\/\"]}]},{\"@type\":\"ImageObject\",\"inLanguage\":\"ca\",\"@id\":\"https:\\\/\\\/iwell-guard.com\\\/ca\\\/budisme\\\/#primaryimage\",\"url\":\"https:\\\/\\\/iwell-guard.com\\\/wp-content\\\/uploads\\\/2026\\\/04\\\/goetter_buddhismus_mara.webp\",\"contentUrl\":\"https:\\\/\\\/iwell-guard.com\\\/wp-content\\\/uploads\\\/2026\\\/04\\\/goetter_buddhismus_mara.webp\",\"width\":1024,\"height\":1536,\"caption\":\"D\u00e9us de la tradici\u00f3 budista.\"},{\"@type\":\"BreadcrumbList\",\"@id\":\"https:\\\/\\\/iwell-guard.com\\\/ca\\\/budisme\\\/#breadcrumb\",\"itemListElement\":[{\"@type\":\"ListItem\",\"position\":1,\"name\":\"Start\",\"item\":\"https:\\\/\\\/iwell-guard.com\\\/ca\\\/?page_id=171333\"},{\"@type\":\"ListItem\",\"position\":2,\"name\":\"Budisme\"}]},{\"@type\":\"WebSite\",\"@id\":\"https:\\\/\\\/iwell-guard.com\\\/ca\\\/#website\",\"url\":\"https:\\\/\\\/iwell-guard.com\\\/ca\\\/\",\"name\":\"iWell Guard\",\"description\":\"Schutz vor dunklen Einfl\u00fcssen\",\"publisher\":{\"@id\":\"https:\\\/\\\/iwell-guard.com\\\/ca\\\/#organization\"},\"potentialAction\":[{\"@type\":\"SearchAction\",\"target\":{\"@type\":\"EntryPoint\",\"urlTemplate\":\"https:\\\/\\\/iwell-guard.com\\\/ca\\\/?s={search_term_string}\"},\"query-input\":{\"@type\":\"PropertyValueSpecification\",\"valueRequired\":true,\"valueName\":\"search_term_string\"}}],\"inLanguage\":\"ca\"},{\"@type\":\"Organization\",\"@id\":\"https:\\\/\\\/iwell-guard.com\\\/ca\\\/#organization\",\"name\":\"Ittermann electronic GmbH\",\"url\":\"https:\\\/\\\/iwell-guard.com\\\/ca\\\/\",\"logo\":{\"@type\":\"ImageObject\",\"inLanguage\":\"ca\",\"@id\":\"https:\\\/\\\/iwell-guard.com\\\/ca\\\/#\\\/schema\\\/logo\\\/image\\\/\",\"url\":\"https:\\\/\\\/iwell-guard.com\\\/wp-content\\\/uploads\\\/2026\\\/05\\\/Ittermann-Logo-1182x237-1.png\",\"contentUrl\":\"https:\\\/\\\/iwell-guard.com\\\/wp-content\\\/uploads\\\/2026\\\/05\\\/Ittermann-Logo-1182x237-1.png\",\"width\":1182,\"height\":237,\"caption\":\"Ittermann electronic GmbH\"},\"image\":{\"@id\":\"https:\\\/\\\/iwell-guard.com\\\/ca\\\/#\\\/schema\\\/logo\\\/image\\\/\"},\"sameAs\":[\"https:\\\/\\\/pantip.com\\\/profile\\\/9367242\",\"https:\\\/\\\/micro.blog\\\/iwellguard\",\"https:\\\/\\\/www.diggerslist.com\\\/iwellguard\\\/about\",\"https:\\\/\\\/skitterphoto.com\\\/photographers\\\/2870314\\\/iwell-guard\",\"https:\\\/\\\/iwellguard.wordpress.com\\\/2026\\\/06\\\/06\\\/iwell-guard\\\/\",\"https:\\\/\\\/hub.docker.com\\\/u\\\/iwellguard\",\"https:\\\/\\\/www.pinterest.com\\\/iwellguard\\\/\",\"https:\\\/\\\/bit.ly\\\/m\\\/iwellguard\",\"https:\\\/\\\/entre-vos-mains.alsace.eu\\\/profiles\\\/iwellguard\\\/activity\",\"https:\\\/\\\/gravatar.com\\\/reallybeded8fd34\",\"https:\\\/\\\/naijamatta.com\\\/iwellguard\",\"https:\\\/\\\/www.goodreads.com\\\/iwellguard\",\"https:\\\/\\\/profile.hatena.ne.jp\\\/iwellguard\\\/\",\"https:\\\/\\\/experiment.com\\\/users\\\/iwellguard\",\"https:\\\/\\\/wakelet.com\\\/@iWellGuard82270\",\"https:\\\/\\\/www.chordie.com\\\/forum\\\/profile.php?id=2555664\",\"https:\\\/\\\/www.instapaper.com\\\/p\\\/17757966\",\"https:\\\/\\\/www.mapleprimes.com\\\/users\\\/iwellguard\",\"https:\\\/\\\/businesslistingplus.com\\\/profile\\\/iwell-guard\\\/\",\"https:\\\/\\\/telegra.ph\\\/iWell-Guard-06-06\",\"https:\\\/\\\/pbase.com\\\/iwellguard\\\/iwellguard\",\"https:\\\/\\\/b.hatena.ne.jp\\\/iwellguard\\\/20260607#bookmark-4788405196491818882\",\"https:\\\/\\\/fliphtml5.com\\\/home\\\/iwellguard\",\"https:\\\/\\\/anyflip.com\\\/homepage\\\/cmiwl#About\",\"https:\\\/\\\/transfur.com\\\/Users\\\/iwellguard\",\"http:\\\/\\\/delphi.larsbo.org\\\/user\\\/iwellguard\",\"https:\\\/\\\/jobs.lajobsportal.org\\\/profiles\\\/8380803-iwell-guard\",\"https:\\\/\\\/md.chaosdorf.de\\\/s\\\/jfbe5SBdJD\",\"https:\\\/\\\/www.lingvolive.com\\\/en-us\\\/profile\\\/9ecaeaca-ce11-4e51-9e71-01d55e2bff36\\\/translations\",\"https:\\\/\\\/www.fitday.com\\\/fitness\\\/forums\\\/members\\\/iwellguard.html\",\"https:\\\/\\\/www.mymeetbook.com\\\/iwellguard\",\"https:\\\/\\\/pxhere.com\\\/en\\\/photographer-me\\\/5040798\",\"https:\\\/\\\/disqus.com\\\/by\\\/iwellguard\\\/about\\\/\",\"https:\\\/\\\/pastelink.net\\\/hjwciqwq\",\"https:\\\/\\\/pubhtml5.com\\\/homepage\\\/scjhn\\\/\",\"https:\\\/\\\/www.bitchute.com\\\/channel\\\/2O2eOKzNqujT\",\"https:\\\/\\\/audiomack.com\\\/iwellguard\"]}]}<\/script>\n<!-- \/ Yoast SEO Premium plugin. -->","yoast_head_json":{"title":"D\u00e9us budistes \u2013 Budes, Bodhisattves | iWell Guard","description":"Pante\u00f3 del budisme: Buda, els cinc Budes Dhyani, bodhisattves com Avalokiteshvara i Tara, a m\u00e9s de dharmapales i grans sants.","robots":{"index":"index","follow":"follow","max-snippet":"max-snippet:-1","max-image-preview":"max-image-preview:large","max-video-preview":"max-video-preview:-1"},"canonical":"https:\/\/iwell-guard.com\/ca\/budisme\/","og_locale":"ca_ES","og_type":"article","og_title":"Budisme","og_description":"Pante\u00f3 del budisme: Buda, els cinc Budes Dhyani, bodhisattves com Avalokiteshvara i Tara, a m\u00e9s de dharmapales i grans sants.","og_url":"https:\/\/iwell-guard.com\/ca\/budisme\/","og_site_name":"iWell Guard","article_modified_time":"2026-09-05T15:56:37+00:00","og_image":[{"width":1024,"height":1536,"url":"https:\/\/iwell-guard.com\/wp-content\/uploads\/2026\/04\/goetter_buddhismus_mara.webp","type":"image\/webp"}],"twitter_card":"summary_large_image","schema":{"@context":"https:\/\/schema.org","@graph":[{"@type":"WebPage","@id":"https:\/\/iwell-guard.com\/ca\/budisme\/","url":"https:\/\/iwell-guard.com\/ca\/budisme\/","name":"D\u00e9us budistes \u2013 Budes, Bodhisattves | iWell Guard","isPartOf":{"@id":"https:\/\/iwell-guard.com\/ca\/#website"},"primaryImageOfPage":{"@id":"https:\/\/iwell-guard.com\/ca\/budisme\/#primaryimage"},"image":{"@id":"https:\/\/iwell-guard.com\/ca\/budisme\/#primaryimage"},"thumbnailUrl":"https:\/\/iwell-guard.com\/wp-content\/uploads\/2026\/04\/goetter_buddhismus_mara.webp","datePublished":"2026-09-05T15:39:01+00:00","dateModified":"2026-09-05T15:56:37+00:00","description":"Pante\u00f3 del budisme: Buda, els cinc Budes Dhyani, bodhisattves com Avalokiteshvara i Tara, a m\u00e9s de dharmapales i grans sants.","breadcrumb":{"@id":"https:\/\/iwell-guard.com\/ca\/budisme\/#breadcrumb"},"inLanguage":"ca","potentialAction":[{"@type":"ReadAction","target":["https:\/\/iwell-guard.com\/ca\/budisme\/"]}]},{"@type":"ImageObject","inLanguage":"ca","@id":"https:\/\/iwell-guard.com\/ca\/budisme\/#primaryimage","url":"https:\/\/iwell-guard.com\/wp-content\/uploads\/2026\/04\/goetter_buddhismus_mara.webp","contentUrl":"https:\/\/iwell-guard.com\/wp-content\/uploads\/2026\/04\/goetter_buddhismus_mara.webp","width":1024,"height":1536,"caption":"D\u00e9us de la tradici\u00f3 budista."},{"@type":"BreadcrumbList","@id":"https:\/\/iwell-guard.com\/ca\/budisme\/#breadcrumb","itemListElement":[{"@type":"ListItem","position":1,"name":"Start","item":"https:\/\/iwell-guard.com\/ca\/?page_id=171333"},{"@type":"ListItem","position":2,"name":"Budisme"}]},{"@type":"WebSite","@id":"https:\/\/iwell-guard.com\/ca\/#website","url":"https:\/\/iwell-guard.com\/ca\/","name":"iWell Guard","description":"Schutz vor dunklen Einfl\u00fcssen","publisher":{"@id":"https:\/\/iwell-guard.com\/ca\/#organization"},"potentialAction":[{"@type":"SearchAction","target":{"@type":"EntryPoint","urlTemplate":"https:\/\/iwell-guard.com\/ca\/?s={search_term_string}"},"query-input":{"@type":"PropertyValueSpecification","valueRequired":true,"valueName":"search_term_string"}}],"inLanguage":"ca"},{"@type":"Organization","@id":"https:\/\/iwell-guard.com\/ca\/#organization","name":"Ittermann electronic GmbH","url":"https:\/\/iwell-guard.com\/ca\/","logo":{"@type":"ImageObject","inLanguage":"ca","@id":"https:\/\/iwell-guard.com\/ca\/#\/schema\/logo\/image\/","url":"https:\/\/iwell-guard.com\/wp-content\/uploads\/2026\/05\/Ittermann-Logo-1182x237-1.png","contentUrl":"https:\/\/iwell-guard.com\/wp-content\/uploads\/2026\/05\/Ittermann-Logo-1182x237-1.png","width":1182,"height":237,"caption":"Ittermann electronic GmbH"},"image":{"@id":"https:\/\/iwell-guard.com\/ca\/#\/schema\/logo\/image\/"},"sameAs":["https:\/\/pantip.com\/profile\/9367242","https:\/\/micro.blog\/iwellguard","https:\/\/www.diggerslist.com\/iwellguard\/about","https:\/\/skitterphoto.com\/photographers\/2870314\/iwell-guard","https:\/\/iwellguard.wordpress.com\/2026\/06\/06\/iwell-guard\/","https:\/\/hub.docker.com\/u\/iwellguard","https:\/\/www.pinterest.com\/iwellguard\/","https:\/\/bit.ly\/m\/iwellguard","https:\/\/entre-vos-mains.alsace.eu\/profiles\/iwellguard\/activity","https:\/\/gravatar.com\/reallybeded8fd34","https:\/\/naijamatta.com\/iwellguard","https:\/\/www.goodreads.com\/iwellguard","https:\/\/profile.hatena.ne.jp\/iwellguard\/","https:\/\/experiment.com\/users\/iwellguard","https:\/\/wakelet.com\/@iWellGuard82270","https:\/\/www.chordie.com\/forum\/profile.php?id=2555664","https:\/\/www.instapaper.com\/p\/17757966","https:\/\/www.mapleprimes.com\/users\/iwellguard","https:\/\/businesslistingplus.com\/profile\/iwell-guard\/","https:\/\/telegra.ph\/iWell-Guard-06-06","https:\/\/pbase.com\/iwellguard\/iwellguard","https:\/\/b.hatena.ne.jp\/iwellguard\/20260607#bookmark-4788405196491818882","https:\/\/fliphtml5.com\/home\/iwellguard","https:\/\/anyflip.com\/homepage\/cmiwl#About","https:\/\/transfur.com\/Users\/iwellguard","http:\/\/delphi.larsbo.org\/user\/iwellguard","https:\/\/jobs.lajobsportal.org\/profiles\/8380803-iwell-guard","https:\/\/md.chaosdorf.de\/s\/jfbe5SBdJD","https:\/\/www.lingvolive.com\/en-us\/profile\/9ecaeaca-ce11-4e51-9e71-01d55e2bff36\/translations","https:\/\/www.fitday.com\/fitness\/forums\/members\/iwellguard.html","https:\/\/www.mymeetbook.com\/iwellguard","https:\/\/pxhere.com\/en\/photographer-me\/5040798","https:\/\/disqus.com\/by\/iwellguard\/about\/","https:\/\/pastelink.net\/hjwciqwq","https:\/\/pubhtml5.com\/homepage\/scjhn\/","https:\/\/www.bitchute.com\/channel\/2O2eOKzNqujT","https:\/\/audiomack.com\/iwellguard"]}]}},"_links":{"self":[{"href":"https:\/\/iwell-guard.com\/ca\/wp-json\/wp\/v2\/pages\/171394","targetHints":{"allow":["GET"]}}],"collection":[{"href":"https:\/\/iwell-guard.com\/ca\/wp-json\/wp\/v2\/pages"}],"about":[{"href":"https:\/\/iwell-guard.com\/ca\/wp-json\/wp\/v2\/types\/page"}],"author":[{"embeddable":true,"href":"https:\/\/iwell-guard.com\/ca\/wp-json\/wp\/v2\/users\/3"}],"replies":[{"embeddable":true,"href":"https:\/\/iwell-guard.com\/ca\/wp-json\/wp\/v2\/comments?post=171394"}],"version-history":[{"count":0,"href":"https:\/\/iwell-guard.com\/ca\/wp-json\/wp\/v2\/pages\/171394\/revisions"}],"wp:featuredmedia":[{"embeddable":true,"href":"https:\/\/iwell-guard.com\/ca\/wp-json\/wp\/v2\/media\/1554"}],"wp:attachment":[{"href":"https:\/\/iwell-guard.com\/ca\/wp-json\/wp\/v2\/media?parent=171394"}],"wp:term":[{"taxonomy":"category","embeddable":true,"href":"https:\/\/iwell-guard.com\/ca\/wp-json\/wp\/v2\/categories?post=171394"}],"curies":[{"name":"wp","href":"https:\/\/api.w.org\/{rel}","templated":true}]}}