{"id":171387,"date":"2026-09-05T15:38:57","date_gmt":"2026-09-05T15:38:57","guid":{"rendered":"https:\/\/iwell-guard.com\/?page_id=171387"},"modified":"2026-09-05T15:56:28","modified_gmt":"2026-09-05T15:56:28","slug":"puca","status":"publish","type":"page","link":"https:\/\/iwell-guard.com\/ca\/puca\/","title":{"rendered":"P\u00faca"},"content":{"rendered":"\t\t<div data-elementor-type=\"wp-page\" data-elementor-id=\"171387\" class=\"elementor elementor-171387 elementor-1036\" data-elementor-post-type=\"page\">\n\t\t\t\t<div class=\"elementor-element elementor-element-10fdade e-flex e-con-boxed e-con e-parent\" data-id=\"10fdade\" data-element_type=\"container\" data-e-type=\"container\" data-settings=\"{&quot;background_background&quot;:&quot;classic&quot;}\">\n\t\t\t\t\t<div class=\"e-con-inner\">\n\t\t<div class=\"elementor-element elementor-element-herohlft0 e-flex e-con-boxed e-con e-child\" data-id=\"herohlft0\" data-element_type=\"container\" data-e-type=\"container\">\n\t\t\t\t\t<div class=\"e-con-inner\">\n\t\t<div class=\"elementor-element elementor-element-c3ceb64 e-con-full e-flex e-con e-child\" data-id=\"c3ceb64\" data-element_type=\"container\" data-e-type=\"container\">\n\t\t\t\t<div class=\"elementor-element elementor-element-96ae5e1 elementor-widget elementor-widget-heading\" data-id=\"96ae5e1\" data-element_type=\"widget\" data-e-type=\"widget\" data-widget_type=\"heading.default\">\n\t\t\t\t\t<h1 class=\"elementor-heading-title elementor-size-default\">Puca, esperit de la tradici\u00f3 celta<\/h1>\t\t\t\t<\/div>\n\t\t\t\t<div class=\"elementor-element elementor-element-e45238a elementor-widget elementor-widget-text-editor\" data-id=\"e45238a\" data-element_type=\"widget\" data-e-type=\"widget\" data-widget_type=\"text-editor.default\">\n\t\t\t\t\t\t\t\t\t<p>Puca \u00e9s <span class=\"iwg-fachbegriff\" data-tooltip=\"Un \u00e9sser incorpori al qual s'atribueix acci\u00f3 en el m\u00f3n.\" tabindex=\"0\">esperit<\/span> de la tradici\u00f3 celta.<\/p><p><strong>El metamorf celta, entre Puck i el cavall negre.<\/strong><\/p>\t\t\t\t\t\t\t\t<\/div>\n\t\t\t\t<\/div>\n\t\t<div class=\"elementor-element elementor-element-klsbdg01 e-con-full e-flex e-con e-parent\" data-id=\"klsbdg01\" data-element_type=\"container\" data-e-type=\"container\">\n\t\t\t\t<div class=\"elementor-element elementor-element-klshtm01 elementor-widget elementor-widget-html\" data-id=\"klshtm01\" data-element_type=\"widget\" data-e-type=\"widget\" data-widget_type=\"html.default\">\n\t\t\t\t\t<div class=\"iwg-pill-row\"><span class=\"iwg-klasse-badge\" tabindex=\"0\" data-tooltip=\"Esperit: \u00c9sser incorpori o semicorpori, difunts, esperits de la natura, esperits de la llar o guardians de llindar. Actua en la vida quotidiana, sovint lligat a llocs o fam\u00edlies.\">Esperit<\/span><a href=\"https:\/\/iwell-guard.com\/ca\/?page_id=171367\" class=\"iwg-kultur-badge\" tabindex=\"0\" data-tooltip=\"Religi\u00f3 celta de l'Europa occidental i les illes brit\u00e0niques, transmesa mitol\u00f2gicament mitjan\u00e7ant textos irlandesos i gal\u00b7lesos.\">Celta<\/a><a href=\"https:\/\/iwell-guard.com\/ca\/?page_id=171453\" class=\"iwg-tradition-badge\" tabindex=\"0\" data-tooltip=\"Esperits dels boscos i de la natura salvatge, guardians i temptadors en terres no conreades.\">Esperit del bosc<\/a><\/div>\t\t\t\t<\/div>\n\t\t\t\t<\/div>\n\t\t<div class=\"elementor-element elementor-element-3f74855 e-con-full e-flex e-con e-child\" data-id=\"3f74855\" data-element_type=\"container\" data-e-type=\"container\">\n\t\t\t\t<div class=\"elementor-element elementor-element-1c30362 elementor-toc--minimized-on-tablet elementor-widget elementor-widget-table-of-contents\" data-id=\"1c30362\" data-element_type=\"widget\" data-e-type=\"widget\" data-settings=\"{&quot;exclude_headings_by_selector&quot;:[],&quot;no_headings_message&quot;:&quot;No s&#039;ha trobat cap encap\\u00e7alament en aquesta p\\u00e0gina.&quot;,&quot;headings_by_tags&quot;:[&quot;h2&quot;,&quot;h3&quot;],&quot;marker_view&quot;:&quot;bullets&quot;,&quot;icon&quot;:{&quot;value&quot;:&quot;fas fa-circle&quot;,&quot;library&quot;:&quot;fa-solid&quot;,&quot;rendered_tag&quot;:&quot;&lt;svg class=\\&quot;e-font-icon-svg e-fas-circle\\&quot; viewBox=\\&quot;0 0 512 512\\&quot; xmlns=\\&quot;http:\\\/\\\/www.w3.org\\\/2000\\\/svg\\&quot;&gt;&lt;path d=\\&quot;M256 8C119 8 8 119 8 256s111 248 248 248 248-111 248-248S393 8 256 8z\\&quot;&gt;&lt;\\\/path&gt;&lt;\\\/svg&gt;&quot;},&quot;minimize_box&quot;:&quot;yes&quot;,&quot;minimized_on&quot;:&quot;tablet&quot;,&quot;hierarchical_view&quot;:&quot;yes&quot;,&quot;min_height&quot;:{&quot;unit&quot;:&quot;px&quot;,&quot;size&quot;:&quot;&quot;,&quot;sizes&quot;:[]},&quot;min_height_tablet&quot;:{&quot;unit&quot;:&quot;px&quot;,&quot;size&quot;:&quot;&quot;,&quot;sizes&quot;:[]},&quot;min_height_mobile&quot;:{&quot;unit&quot;:&quot;px&quot;,&quot;size&quot;:&quot;&quot;,&quot;sizes&quot;:[]}}\" data-widget_type=\"table-of-contents.default\">\n\t\t\t\t\t\t\t\t\t<div class=\"elementor-toc__header\">\n\t\t\t\t\t\t<h2 class=\"elementor-toc__header-title\">\n\t\t\t\t\u00cdndex\t\t\t<\/h2>\n\t\t\t\t\t\t\t\t\t\t<div class=\"elementor-toc__toggle-button elementor-toc__toggle-button--expand\" role=\"button\" tabindex=\"0\" aria-controls=\"elementor-toc__1c30362\" aria-expanded=\"true\" aria-label=\"Open table of contents\"><svg aria-hidden=\"true\" class=\"e-font-icon-svg e-fas-chevron-down\" viewBox=\"0 0 448 512\" xmlns=\"http:\/\/www.w3.org\/2000\/svg\"><path d=\"M207.029 381.476L12.686 187.132c-9.373-9.373-9.373-24.569 0-33.941l22.667-22.667c9.357-9.357 24.522-9.375 33.901-.04L224 284.505l154.745-154.021c9.379-9.335 24.544-9.317 33.901.04l22.667 22.667c9.373 9.373 9.373 24.569 0 33.941L240.971 381.476c-9.373 9.372-24.569 9.372-33.942 0z\"><\/path><\/svg><\/div>\n\t\t\t\t<div class=\"elementor-toc__toggle-button elementor-toc__toggle-button--collapse\" role=\"button\" tabindex=\"0\" aria-controls=\"elementor-toc__1c30362\" aria-expanded=\"true\" aria-label=\"Close table of contents\"><svg aria-hidden=\"true\" class=\"e-font-icon-svg e-fas-chevron-up\" viewBox=\"0 0 448 512\" xmlns=\"http:\/\/www.w3.org\/2000\/svg\"><path d=\"M240.971 130.524l194.343 194.343c9.373 9.373 9.373 24.569 0 33.941l-22.667 22.667c-9.357 9.357-24.522 9.375-33.901.04L224 227.495 69.255 381.516c-9.379 9.335-24.544 9.317-33.901-.04l-22.667-22.667c-9.373-9.373-9.373-24.569 0-33.941L207.03 130.525c9.372-9.373 24.568-9.373 33.941-.001z\"><\/path><\/svg><\/div>\n\t\t\t\t\t<\/div>\n\t\t\t\t<div id=\"elementor-toc__1c30362\" class=\"elementor-toc__body\">\n\t\t\t<div class=\"elementor-toc__spinner-container\">\n\t\t\t\t<svg class=\"elementor-toc__spinner eicon-animation-spin e-font-icon-svg e-eicon-loading\" aria-hidden=\"true\" viewBox=\"0 0 1000 1000\" xmlns=\"http:\/\/www.w3.org\/2000\/svg\"><path d=\"M500 975V858C696 858 858 696 858 500S696 142 500 142 142 304 142 500H25C25 237 238 25 500 25S975 237 975 500 763 975 500 975Z\"><\/path><\/svg>\t\t\t<\/div>\n\t\t<\/div>\n\t\t\t\t\t\t<\/div>\n\t\t\t\t<\/div>\n\t\t\t\t\t<\/div>\n\t\t\t\t<\/div>\n\t\t<div class=\"elementor-element elementor-element-herorght0 e-con-full e-flex e-con e-child\" data-id=\"herorght0\" data-element_type=\"container\" data-e-type=\"container\">\n\t\t\t\t<div class=\"elementor-element elementor-element-heroimg00 iwg-hero-image elementor-widget elementor-widget-image\" data-id=\"heroimg00\" data-element_type=\"widget\" data-e-type=\"widget\" data-widget_type=\"image.default\">\n\t\t\t\t\t\t\t\t\t\t\t\t\t\t\t<img fetchpriority=\"high\" decoding=\"async\" width=\"683\" height=\"1024\" src=\"https:\/\/iwell-guard.com\/wp-content\/uploads\/2026\/04\/geister_keltisch_puca-683x1024.webp\" class=\"attachment-large size-large wp-image-1671\" alt=\"P\u00faca\" srcset=\"https:\/\/iwell-guard.com\/wp-content\/uploads\/2026\/04\/geister_keltisch_puca-683x1024.webp 683w, https:\/\/iwell-guard.com\/wp-content\/uploads\/2026\/04\/geister_keltisch_puca-200x300.webp 200w, https:\/\/iwell-guard.com\/wp-content\/uploads\/2026\/04\/geister_keltisch_puca-768x1152.webp 768w, https:\/\/iwell-guard.com\/wp-content\/uploads\/2026\/04\/geister_keltisch_puca.webp 1024w\" sizes=\"(max-width: 683px) 100vw, 683px\" \/>\t\t\t\t\t\t\t\t\t\t\t\t\t\t\t<\/div>\n\t\t\t\t<\/div>\n\t\t\t\t\t<\/div>\n\t\t\t\t<\/div>\n\t\t<div class=\"elementor-element elementor-element-32917199 e-flex e-con-boxed e-con e-parent\" data-id=\"32917199\" data-element_type=\"container\" data-e-type=\"container\">\n\t\t\t\t\t<div class=\"e-con-inner\">\n\t\t<div class=\"elementor-element elementor-element-26e916cb e-flex e-con-boxed e-con e-child\" data-id=\"26e916cb\" data-element_type=\"container\" data-e-type=\"container\">\n\t\t\t\t\t<div class=\"e-con-inner\">\n\t\t<div class=\"elementor-element elementor-element-253a40d4 e-flex e-con-boxed e-con e-child\" data-id=\"253a40d4\" data-element_type=\"container\" data-e-type=\"container\">\n\t\t\t\t\t<div class=\"e-con-inner\">\n\t\t\t\t<div class=\"elementor-element elementor-element-1200c304 elementor-widget elementor-widget-heading\" data-id=\"1200c304\" data-element_type=\"widget\" data-e-type=\"widget\" data-widget_type=\"heading.default\">\n\t\t\t\t\t<div class=\"elementor-heading-title elementor-size-default\">P\u00faca<\/div>\t\t\t\t<\/div>\n\t\t\t\t<div class=\"elementor-element elementor-element-11758e7f elementor-widget elementor-widget-text-editor\" data-id=\"11758e7f\" data-element_type=\"widget\" data-e-type=\"widget\" data-widget_type=\"text-editor.default\">\n\t\t\t\t\t\t\t\t\t<p>El P\u00faca (irland\u00e8s, gal\u00b7l\u00e8s <em>Pwca<\/em>) \u00e9s la figura d&#8217;entremaliat m\u00e9s important de la <span class=\"iwg-fachbegriff\" data-tooltip=\"La transmissi\u00f3 de coneixements i relats al llarg de generacions.\" tabindex=\"0\">tradici\u00f3<\/span> celta, un metamorf que apareix com a cavall negre, cabra, llebre, gos o en forma humana.<\/p><p>Els seus capricis s\u00f3n impredictibles: pot endur-se persones en una cavalcada salvatge per la nit (deixant-les vives o mortes), protegir bones collites o arru\u00efnar-les despr\u00e9s de Samhain, i esgarriar els savis amb mals consells.<\/p><p>El \u00abPuck\u00bb angl\u00e8s (Shakespeare, <em>A Midsummer Night&#8217;s Dream<\/em>) i el \u00abPixie\u00bb cornuall deriven del nom del P\u00faca. En esdevenir liter\u00e0riament influent, sovint perd els seus aspectes m\u00e9s foscos en la percepci\u00f3 popular. En la tradici\u00f3 irlandesa, roman ambivalent: c\u00f2mic i perill\u00f3s alhora, un \u00e9sser del llindar entre l&#8217;ordre i el caos.<\/p><div><p><strong>Pwca gal\u00b7l\u00e8s i P\u00faca irland\u00e8s, continu\u00eftat etimol\u00f2gica<\/strong><\/p><p>L&#8217;\u00e9sser entremaliat celta s&#8217;ha transm\u00e8s en diverses variants. En gal\u00b7l\u00e8s es diu <em>Pwca<\/em> (tamb\u00e9 Piwca), en irland\u00e8s <em>P\u00faca<\/em> o Pooka. Aquestes variants del nom suggereixen una font celta comuna que es va diferenciar regionalment.<\/p><p>El Pwca gal\u00b7l\u00e8s sovint es representa com un \u00e9sser semblant a un follet, juganer i de vegades malici\u00f3s, per\u00f2 rarament mortal. El P\u00faca irland\u00e8s presenta trets similars, per\u00f2 sol ser m\u00e9s gran i perill\u00f3s, i de vegades apareix en forma de cavall.<\/p><p>Els estudis etimol\u00f2gics suggereixen que les arrels podrien trobar-se en noms de d\u00e9us o esperits celtes, encara que una derivaci\u00f3 certa \u00e9s dif\u00edcil. La semblan\u00e7a fon\u00e8tica a trav\u00e9s de lleng\u00fces i regions \u00e9s notable i dona suport a la hip\u00f2tesi d&#8217;una capa de tradici\u00f3 supraregional.<\/p><\/div>\t\t\t\t\t\t\t\t<\/div>\n\t\t\t\t\t<\/div>\n\t\t\t\t<\/div>\n\t\t<div class=\"elementor-element elementor-element-159dcf9a e-flex e-con-boxed e-con e-child\" data-id=\"159dcf9a\" data-element_type=\"container\" data-e-type=\"container\">\n\t\t\t\t\t<div class=\"e-con-inner\">\n\t\t\t\t<div class=\"elementor-element elementor-element-48cee66f elementor-widget elementor-widget-heading\" data-id=\"48cee66f\" data-element_type=\"widget\" data-e-type=\"widget\" data-widget_type=\"heading.default\">\n\t\t\t\t\t<h2 class=\"elementor-heading-title elementor-size-default\">D'un cop d'ull: Puca<\/h2>\t\t\t\t<\/div>\n\t\t\t\t<div class=\"elementor-element elementor-element-3f50d82c elementor-widget elementor-widget-text-editor\" data-id=\"3f50d82c\" data-element_type=\"widget\" data-e-type=\"widget\" data-widget_type=\"text-editor.default\">\n\t\t\t\t\t\t\t\t\t<p><strong>Tipus:<\/strong> Entremaliat, metamorf<br>Origen: habitant celta de l&#8217;Altre M\u00f3n, part dels Aes S\u00eddhe<br>Textos: relats populars irlandesos i gal\u00b7lesos, Shakespeare, <span class=\"iwg-fachbegriff\" tabindex=\"0\" data-tooltip=\"William Butler Yeats (1865\u20131939); poeta i folklorista irland\u00e8s; membre de l'Alba Daurada.\">Yeats<\/span><br>Per\u00edode: des de l&#8217;edat mitjana fins a l&#8217;actualitat<br>Particularitat: despr\u00e9s de Samhain fa malb\u00e9 les restes de la collita<\/p>\t\t\t\t\t\t\t\t<\/div>\n\t\t\t\t\t<\/div>\n\t\t\t\t<\/div>\n\t\t\t\t\t<\/div>\n\t\t\t\t<\/div>\n\t\t\t\t\t<\/div>\n\t\t\t\t<\/div>\n\t\t<div class=\"elementor-element elementor-element-18613602 e-flex e-con-boxed e-con e-parent\" data-id=\"18613602\" data-element_type=\"container\" data-e-type=\"container\">\n\t\t\t\t\t<div class=\"e-con-inner\">\n\t\t\t\t<div class=\"elementor-element elementor-element-262b8a9f elementor-widget elementor-widget-heading\" data-id=\"262b8a9f\" data-element_type=\"widget\" data-e-type=\"widget\" data-widget_type=\"heading.default\">\n\t\t\t\t\t<h2 class=\"elementor-heading-title elementor-size-default\">Context<\/h2>\t\t\t\t<\/div>\n\t\t<div class=\"elementor-element elementor-element-46dcb7d e-con-full e-flex e-con e-child\" data-id=\"46dcb7d\" data-element_type=\"container\" data-e-type=\"container\">\n\t\t<div class=\"elementor-element elementor-element-61d3ab3 e-flex e-con-boxed e-con e-child\" data-id=\"61d3ab3\" data-element_type=\"container\" data-e-type=\"container\">\n\t\t\t\t\t<div class=\"e-con-inner\">\n\t\t\t\t<div class=\"elementor-element elementor-element-117c166 elementor-widget elementor-widget-heading\" data-id=\"117c166\" data-element_type=\"widget\" data-e-type=\"widget\" data-widget_type=\"heading.default\">\n\t\t\t\t\t<div class=\"elementor-heading-title elementor-size-default\">Per\u00edode dels textos<\/div>\t\t\t\t<\/div>\n\t\t\t\t<div class=\"elementor-element elementor-element-73997a0 elementor-widget elementor-widget-text-editor\" data-id=\"73997a0\" data-element_type=\"widget\" data-e-type=\"widget\" data-widget_type=\"text-editor.default\">\n\t\t\t\t\t\t\t\t\t<p>Fonts medievals amb primers testimonis; auge literari a l&#8217;edat moderna (Shakespeare, 1595); reculls folkl\u00f2rics del segle XIX (Yeats, Crofton Croker); recepci\u00f3 moderna en el cinema i la fantasia.<\/p>\t\t\t\t\t\t\t\t<\/div>\n\t\t\t\t\t<\/div>\n\t\t\t\t<\/div>\n\t\t<div class=\"elementor-element elementor-element-d47b156 e-flex e-con-boxed e-con e-child\" data-id=\"d47b156\" data-element_type=\"container\" data-e-type=\"container\">\n\t\t\t\t\t<div class=\"e-con-inner\">\n\t\t\t\t<div class=\"elementor-element elementor-element-ff38c2b elementor-widget elementor-widget-heading\" data-id=\"ff38c2b\" data-element_type=\"widget\" data-e-type=\"widget\" data-widget_type=\"heading.default\">\n\t\t\t\t\t<div class=\"elementor-heading-title elementor-size-default\">\u00c0rea de difusi\u00f3<\/div>\t\t\t\t<\/div>\n\t\t\t\t<div class=\"elementor-element elementor-element-4e49fcc elementor-widget elementor-widget-text-editor\" data-id=\"4e49fcc\" data-element_type=\"widget\" data-e-type=\"widget\" data-widget_type=\"text-editor.default\">\n\t\t\t\t\t\t\t\t\t<p>Irlanda (P\u00faca), Gal\u00b7les (Pwca), Cornualla (Pixie, desenvolupat de forma infantil i c\u00f2mica), Illa de Man (Phynnodderee). El Puck angl\u00e8s s&#8217;ha fet mundialment conegut gr\u00e0cies a Shakespeare.<\/p>\t\t\t\t\t\t\t\t<\/div>\n\t\t\t\t\t<\/div>\n\t\t\t\t<\/div>\n\t\t\t\t<\/div>\n\t\t<div class=\"elementor-element elementor-element-db03c39 e-con-full e-flex e-con e-child\" data-id=\"db03c39\" data-element_type=\"container\" data-e-type=\"container\">\n\t\t<div class=\"elementor-element elementor-element-229a87b e-flex e-con-boxed e-con e-child\" data-id=\"229a87b\" data-element_type=\"container\" data-e-type=\"container\">\n\t\t\t\t\t<div class=\"e-con-inner\">\n\t\t\t\t<div class=\"elementor-element elementor-element-1f471fc elementor-widget elementor-widget-heading\" data-id=\"1f471fc\" data-element_type=\"widget\" data-e-type=\"widget\" data-widget_type=\"heading.default\">\n\t\t\t\t\t<div class=\"elementor-heading-title elementor-size-default\">Estat de les fonts<\/div>\t\t\t\t<\/div>\n\t\t\t\t<div class=\"elementor-element elementor-element-36b1201 elementor-widget elementor-widget-text-editor\" data-id=\"36b1201\" data-element_type=\"widget\" data-e-type=\"widget\" data-widget_type=\"text-editor.default\">\n\t\t\t\t\t\t\t\t\t<p><span data-nosnippet>Textos populars irlandesos, llegendes gal\u00b7leses, <em>El somni d&#8217;una nit d&#8217;estiu<\/em> de Shakespeare, <em>Fairy Legends and Traditions of the South of Ireland<\/em> de Crofton Croker (1825), reculls de Yeats, adaptacions cinematogr\u00e0fiques modernes.<\/span><\/p>\t\t\t\t\t\t\t\t<\/div>\n\t\t\t\t\t<\/div>\n\t\t\t\t<\/div>\n\t\t\t\t<\/div>\n\t\t\t\t\t<\/div>\n\t\t\t\t<\/div>\n\t\t<div class=\"elementor-element elementor-element-3ae0637c e-flex e-con-boxed e-con e-parent\" data-id=\"3ae0637c\" data-element_type=\"container\" data-e-type=\"container\">\n\t\t\t\t\t<div class=\"e-con-inner\">\n\t\t\t\t<div class=\"elementor-element elementor-element-31d07739 elementor-widget elementor-widget-heading\" data-id=\"31d07739\" data-element_type=\"widget\" data-e-type=\"widget\" data-widget_type=\"heading.default\">\n\t\t\t\t\t<h2 class=\"elementor-heading-title elementor-size-default\">Nom<\/h2>\t\t\t\t<\/div>\n\t\t<div class=\"elementor-element elementor-element-b7642947 e-con-full e-flex e-con e-child\" data-id=\"b7642947\" data-element_type=\"container\" data-e-type=\"container\">\n\t\t\t\t<div class=\"elementor-element elementor-element-a086266 elementor-widget elementor-widget-text-editor\" data-id=\"a086266\" data-element_type=\"widget\" data-e-type=\"widget\" data-widget_type=\"text-editor.default\">\n\t\t\t\t\t\t\t\t\t<p><strong>Irland\u00e8s:<\/strong> <em>p\u00faca<\/em>.<br>Gal\u00b7l\u00e8s: <em>Pwca<\/em>.<br>Cornuall: <em>Pixie<\/em>.<br>Angl\u00e8s: <em>Puck<\/em>, <em>Pook<\/em>.<br>Manx: <em>Phynnodderee<\/em>.<br>Etimologia: incerta; possiblement un substrat preindoeuropeu.<\/p><p>El terme viatja a trav\u00e9s de la tradici\u00f3 celta i anglosaxona. Shakespeare fa de Puck una figura lleugera i c\u00f2mica, per\u00f2 no en mant\u00e9 els aspectes perillosos; Yeats assenyala en els seus comentaris que el P\u00faca irland\u00e8s \u00e9s clarament m\u00e9s fosc.<\/p>\t\t\t\t\t\t\t\t<\/div>\n\t\t\t\t<\/div>\n\t\t\t\t\t<\/div>\n\t\t\t\t<\/div>\n\t\t<div class=\"elementor-element elementor-element-709a44a8 e-flex e-con-boxed e-con e-parent\" data-id=\"709a44a8\" data-element_type=\"container\" data-e-type=\"container\">\n\t\t\t\t\t<div class=\"e-con-inner\">\n\t\t\t\t<div class=\"elementor-element elementor-element-2f585873 elementor-widget elementor-widget-heading\" data-id=\"2f585873\" data-element_type=\"widget\" data-e-type=\"widget\" data-widget_type=\"heading.default\">\n\t\t\t\t\t<h2 class=\"elementor-heading-title elementor-size-default\">Descripci\u00f3<\/h2>\t\t\t\t<\/div>\n\t\t<div class=\"elementor-element elementor-element-70621c12 e-con-full e-flex e-con e-child\" data-id=\"70621c12\" data-element_type=\"container\" data-e-type=\"container\">\n\t\t\t\t<div class=\"elementor-element elementor-element-4296eb49 elementor-widget elementor-widget-text-editor\" data-id=\"4296eb49\" data-element_type=\"widget\" data-e-type=\"widget\" data-widget_type=\"text-editor.default\">\n\t\t\t\t\t\t\t\t\t<p><strong>Aparen\u00e7a<\/strong><\/p><p>Sol ser negre. En forma de cavall: cavall negre d&#8217;ulls grocs, sense sella. En forma de llebre, gos, cabra o gall. En forma humana: un foraster vestit de negre, sovint amb trets semblants als d&#8217;un cavall. Els seus ulls es mantenen caracter\u00edsticament grocs en totes les formes.<\/p><p><strong>Comportament<\/strong><\/p><p>Canviaforma, imprevisible. Ofereix cavalcades nocturnes; qui hi puja volunt\u00e0riament viu experi\u00e8ncies salvatges. Alguns tornen sans, altres traumatitzats, alguns no tornen mai. A Samhain, el 31 d&#8217;octubre, \u00e9s especialment actiu; despr\u00e9s d&#8217;aquest dia, es considera que totes les m\u00f3res i fruits del camp han estat escopits per ell i s\u00f3n incomestibles.<\/p><p><strong>\u00c0mbit d&#8217;acci\u00f3<\/strong><\/p><p>Camps, vores de bosc, camins solitaris, graners, molins. Determinats dies de Samhain, moments de transici\u00f3, situacions llindar. Alguns cavalls h\u00faculs es consideren les muntures preferides del P\u00faca, i en algunes tradicions la gent prefereix deixar-los en llibertat.<\/p><p><strong>Classificaci\u00f3 mitol\u00f2gica<\/strong><\/p><p>Forma part dels Aes S\u00eddhe, en el vessant m\u00e9s rebel. No \u00e9s clarament un ser mal\u00e8vol, sin\u00f3 m\u00e9s b\u00e9 una figura d&#8217;entremaliador que barreja ordre i caos. Segons una tradici\u00f3, seria l&#8217;\u00e0nima d&#8217;un difunt que no va voler passar a l&#8217;Altre M\u00f3n ordinari.<\/p><div><p><strong>Shakespeare i la figura de Puck a El somni d&#8217;una nit d&#8217;estiu<\/strong><\/p><p><span data-nosnippet>L&#8217;obra de William Shakespeare <em>A Midsummer Night&#8217;s Dream<\/em> (vers 1595) introdueix Puck, un \u00e9sser alegre i astut que habita el bosc i impulsa l&#8217;acci\u00f3 mitjan\u00e7ant enganys. Puck no es presenta com a mal\u00e8vol, sin\u00f3 com a moralment neutre, interessat en el caos pel caos mateix.<\/span><\/p><p>La recerca actual debat si Puck \u00e9s un descendent directe del P\u00faca\/Pwca c\u00e8ltic o si Shakespeare va reimaginar una figura popular anglesa que, entre altres influ\u00e8ncies, es va nodrir d&#8217;elements c\u00e8ltics.<\/p><p>El Puck de Shakespeare ha marcat en gran mesura la percepci\u00f3 angl\u00f2fona de l&#8217;arquetip de l&#8217;entremaliador. La literatura posterior s&#8217;ha orientat sovint segons la lectura de Shakespeare, la d&#8217;un \u00e9sser alegre i irracional, no la d&#8217;un <span class=\"iwg-fachbegriff\" data-tooltip=\"\u00c9sser espiritual al qual s'atribueix un efecte nociu o ambivalent.\" tabindex=\"0\">dimoni<\/span> perill\u00f3s. Aquesta literaritzaci\u00f3 pot haver alterat, sota la influ\u00e8ncia del discurs angl\u00e8s, la comprensi\u00f3 de la figura original c\u00e8ltica.<\/p><\/div>\t\t\t\t\t\t\t\t<\/div>\n\t\t\t\t<\/div>\n\t\t\t\t\t<\/div>\n\t\t\t\t<\/div>\n\t\t<div class=\"elementor-element elementor-element-44e71476 e-flex e-con-boxed e-con e-parent\" data-id=\"44e71476\" data-element_type=\"container\" data-e-type=\"container\">\n\t\t\t\t\t<div class=\"e-con-inner\">\n\t\t\t\t<div class=\"elementor-element elementor-element-3c1fc3f0 elementor-widget elementor-widget-heading\" data-id=\"3c1fc3f0\" data-element_type=\"widget\" data-e-type=\"widget\" data-widget_type=\"heading.default\">\n\t\t\t\t\t<h2 class=\"elementor-heading-title elementor-size-default\">Fitxa: P\u00faca<\/h2>\t\t\t\t<\/div>\n\t\t<div class=\"elementor-element elementor-element-84f33b8e e-con-full e-flex e-con e-child\" data-id=\"84f33b8e\" data-element_type=\"container\" data-e-type=\"container\">\n\t\t\t\t<div class=\"elementor-element elementor-element-hqkdc67p elementor-widget elementor-widget-text-editor\" data-id=\"hqkdc67p\" data-element_type=\"widget\" data-e-type=\"widget\" data-widget_type=\"text-editor.default\">\n\t\t\t\t\t\t\t\t\t<p>Els aspectes m\u00e9s importants del P\u00faca d&#8217;un cop d&#8217;ull.<\/p>\t\t\t\t\t\t\t\t<\/div>\n\t\t\t\t<\/div>\n\t\t<div class=\"elementor-element elementor-element-pemmx7c5 e-con-full e-flex e-con e-child\" data-id=\"pemmx7c5\" data-element_type=\"container\" data-e-type=\"container\">\n\t\t<div class=\"elementor-element elementor-element-pemmx7c1 e-con-full e-flex e-con e-child\" data-id=\"pemmx7c1\" data-element_type=\"container\" data-e-type=\"container\">\n\t\t<div class=\"elementor-element elementor-element-qh9oavvu iwg-steckbrief-card e-flex e-con-boxed e-con e-child\" data-id=\"qh9oavvu\" data-element_type=\"container\" data-e-type=\"container\">\n\t\t\t\t\t<div class=\"e-con-inner\">\n\t\t\t\t<div class=\"elementor-element elementor-element-awzx8k2k elementor-widget elementor-widget-heading\" data-id=\"awzx8k2k\" data-element_type=\"widget\" data-e-type=\"widget\" data-widget_type=\"heading.default\">\n\t\t\t\t\t<div class=\"elementor-heading-title elementor-size-default\">Tradici\u00f3<\/div>\t\t\t\t<\/div>\n\t\t\t\t<div class=\"elementor-element elementor-element-x6rowhv0 elementor-widget elementor-widget-text-editor\" data-id=\"x6rowhv0\" data-element_type=\"widget\" data-e-type=\"widget\" data-widget_type=\"text-editor.default\">\n\t\t\t\t\t\t\t\t\t<p>Forma part dels Aes S\u00eddhe, en el vessant d&#8217;entremaliador. Segons una interpretaci\u00f3, seria l&#8217;\u00e0nima d&#8217;un difunt que evita l&#8217;Altre M\u00f3n ordinari.<\/p>\t\t\t\t\t\t\t\t<\/div>\n\t\t\t\t\t<\/div>\n\t\t\t\t<\/div>\n\t\t<div class=\"elementor-element elementor-element-8e3o4kxs iwg-steckbrief-card e-flex e-con-boxed e-con e-child\" data-id=\"8e3o4kxs\" data-element_type=\"container\" data-e-type=\"container\">\n\t\t\t\t\t<div class=\"e-con-inner\">\n\t\t\t\t<div class=\"elementor-element elementor-element-08rkdgov elementor-widget elementor-widget-heading\" data-id=\"08rkdgov\" data-element_type=\"widget\" data-e-type=\"widget\" data-widget_type=\"heading.default\">\n\t\t\t\t\t<div class=\"elementor-heading-title elementor-size-default\">Objectius del P\u00faca<\/div>\t\t\t\t<\/div>\n\t\t\t\t<div class=\"elementor-element elementor-element-uwjelx8s elementor-widget elementor-widget-text-editor\" data-id=\"uwjelx8s\" data-element_type=\"widget\" data-e-type=\"widget\" data-widget_type=\"text-editor.default\">\n\t\t\t\t\t\t\t\t\t<p>Viatgers de nit, pagesos despr\u00e9s de Samhain, mossos de mol\u00ed. Qui va sol o es queda massa temps fora despr\u00e9s de la collita.<\/p>\t\t\t\t\t\t\t\t<\/div>\n\t\t\t\t\t<\/div>\n\t\t\t\t<\/div>\n\t\t<div class=\"elementor-element elementor-element-jm2n74ec iwg-steckbrief-card e-flex e-con-boxed e-con e-child\" data-id=\"jm2n74ec\" data-element_type=\"container\" data-e-type=\"container\">\n\t\t\t\t\t<div class=\"e-con-inner\">\n\t\t\t\t<div class=\"elementor-element elementor-element-8vufse4c elementor-widget elementor-widget-heading\" data-id=\"8vufse4c\" data-element_type=\"widget\" data-e-type=\"widget\" data-widget_type=\"heading.default\">\n\t\t\t\t\t<div class=\"elementor-heading-title elementor-size-default\">Forma<\/div>\t\t\t\t<\/div>\n\t\t\t\t<div class=\"elementor-element elementor-element-mwb9u015 elementor-widget elementor-widget-text-editor\" data-id=\"mwb9u015\" data-element_type=\"widget\" data-e-type=\"widget\" data-widget_type=\"text-editor.default\">\n\t\t\t\t\t\t\t\t\t<p>Negre, ulls grocs. Cavall, llebre, cabra, gos, gall o home vestit de negre. Capacitat de transformaci\u00f3, sobretot de nit.<\/p>\t\t\t\t\t\t\t\t<\/div>\n\t\t\t\t\t<\/div>\n\t\t\t\t<\/div>\n\t\t\t\t<\/div>\n\t\t<div class=\"elementor-element elementor-element-pemmx7c2 e-con-full e-flex e-con e-child\" data-id=\"pemmx7c2\" data-element_type=\"container\" data-e-type=\"container\">\n\t\t<div class=\"elementor-element elementor-element-37ss2yr6 iwg-steckbrief-card e-flex e-con-boxed e-con e-child\" data-id=\"37ss2yr6\" data-element_type=\"container\" data-e-type=\"container\">\n\t\t\t\t\t<div class=\"e-con-inner\">\n\t\t\t\t<div class=\"elementor-element elementor-element-3v0wp3wx elementor-widget elementor-widget-heading\" data-id=\"3v0wp3wx\" data-element_type=\"widget\" data-e-type=\"widget\" data-widget_type=\"heading.default\">\n\t\t\t\t\t<div class=\"elementor-heading-title elementor-size-default\">Efectes del P\u00faca<\/div>\t\t\t\t<\/div>\n\t\t\t\t<div class=\"elementor-element elementor-element-w3247g2m elementor-widget elementor-widget-text-editor\" data-id=\"w3247g2m\" data-element_type=\"widget\" data-e-type=\"widget\" data-widget_type=\"text-editor.default\">\n\t\t\t\t\t\t\t\t\t<p>Cavalcades nocturnes, malmetiment de fruits del camp despr\u00e9s de Samhain, d\u00f3na consells (perillosos o \u00fatils), fa entremaliadures. Caprici\u00f3s, ambivalent.<\/p>\t\t\t\t\t\t\t\t<\/div>\n\t\t\t\t\t<\/div>\n\t\t\t\t<\/div>\n\t\t<div class=\"elementor-element elementor-element-0qpjal9w iwg-steckbrief-card e-flex e-con-boxed e-con e-child\" data-id=\"0qpjal9w\" data-element_type=\"container\" data-e-type=\"container\">\n\t\t\t\t\t<div class=\"e-con-inner\">\n\t\t\t\t<div class=\"elementor-element elementor-element-6ndoih0o elementor-widget elementor-widget-heading\" data-id=\"6ndoih0o\" data-element_type=\"widget\" data-e-type=\"widget\" data-widget_type=\"heading.default\">\n\t\t\t\t\t<div class=\"elementor-heading-title elementor-size-default\">Formes de defensa<\/div>\t\t\t\t<\/div>\n\t\t\t\t<div class=\"elementor-element elementor-element-6684tyh9 elementor-widget elementor-widget-text-editor\" data-id=\"6684tyh9\" data-element_type=\"widget\" data-e-type=\"widget\" data-widget_type=\"text-editor.default\">\n\t\t\t\t\t\t\t\t\t<p>Despr\u00e9s de Samhain, no menjar m\u00e9s m\u00f3res, bolets ni fruits tardans. Cortesia envers cavalls negres desconeguts. Ferro al cintur\u00f3. Ofrena al P\u00faca: un platet de llet a la porta de casa.<\/p>\t\t\t\t\t\t\t\t<\/div>\n\t\t\t\t\t<\/div>\n\t\t\t\t<\/div>\n\t\t<div class=\"elementor-element elementor-element-3lfi7x32 iwg-steckbrief-card e-flex e-con-boxed e-con e-child\" data-id=\"3lfi7x32\" data-element_type=\"container\" data-e-type=\"container\">\n\t\t\t\t\t<div class=\"e-con-inner\">\n\t\t\t\t<div class=\"elementor-element elementor-element-0kg99ga1 elementor-widget elementor-widget-heading\" data-id=\"0kg99ga1\" data-element_type=\"widget\" data-e-type=\"widget\" data-widget_type=\"heading.default\">\n\t\t\t\t\t<div class=\"elementor-heading-title elementor-size-default\">Equivalents<\/div>\t\t\t\t<\/div>\n\t\t\t\t<div class=\"elementor-element elementor-element-n0fum6kp elementor-widget elementor-widget-text-editor\" data-id=\"n0fum6kp\" data-element_type=\"widget\" data-e-type=\"widget\" data-widget_type=\"text-editor.default\">\n\t\t\t\t\t\t\t\t\t<p>El Puck de Shakespeare, el pixie de Cornualla, el kobold germ\u00e0nic, el leixi eslau (canviaforma), entremaliadors d&#8217;arreu del m\u00f3n (Coiot, Loki).<\/p>\t\t\t\t\t\t\t\t<\/div>\n\t\t\t\t\t<\/div>\n\t\t\t\t<\/div>\n\t\t\t\t<\/div>\n\t\t\t\t<\/div>\n\t\t\t\t\t<\/div>\n\t\t\t\t<\/div>\n\t\t<div class=\"elementor-element elementor-element-7533bc7a e-flex e-con-boxed e-con e-parent\" data-id=\"7533bc7a\" data-element_type=\"container\" data-e-type=\"container\">\n\t\t\t\t\t<div class=\"e-con-inner\">\n\t\t\t\t<div class=\"elementor-element elementor-element-2447d18d elementor-widget elementor-widget-heading\" data-id=\"2447d18d\" data-element_type=\"widget\" data-e-type=\"widget\" data-widget_type=\"heading.default\">\n\t\t\t\t\t<h2 class=\"elementor-heading-title elementor-size-default\">Trobada i respecte<\/h2>\t\t\t\t<\/div>\n\t\t<div class=\"elementor-element elementor-element-d5d0260c e-con-full e-flex e-con e-child\" data-id=\"d5d0260c\" data-element_type=\"container\" data-e-type=\"container\">\n\t\t\t\t<div class=\"elementor-element elementor-element-341be2ac elementor-widget elementor-widget-text-editor\" data-id=\"341be2ac\" data-element_type=\"widget\" data-e-type=\"widget\" data-widget_type=\"text-editor.default\">\n\t\t\t\t\t\t\t\t\t<p><strong><span class=\"iwg-fachbegriff\" data-tooltip=\"Una pr\u00e0ctica transmesa i repetida regularment en una comunitat.\" tabindex=\"0\">Costum<\/span> de Samhain<\/strong><\/p><p>El 31 d&#8217;octubre marca el final dels fruits silvestres comestibles. Tot all\u00f2 que encara pengi de l&#8217;arbust despr\u00e9s de Samhain pertany al P\u00faca, i qui ho menja s&#8217;arrisca a emmalaltir o enverinar-se. Explicaci\u00f3 bot\u00e0nica moderna: despr\u00e9s de la primera gelada, molts fruits silvestres es malmeten de fet r\u00e0pidament.<\/p><p><strong>Cavalcar amb el P\u00faca<\/strong><\/p><p>Qui l&#8217;ha de trobar ha de decidir r\u00e0pid. La cortesia ajuda, la por evident no. En una narraci\u00f3 coneguda (Donegal), un home cavalca amb el P\u00faca, li parla amb respecte, i al mat\u00ed el deixa a casa seva amb una ferradura d&#8217;or. Altres versions acaben tr\u00e0gicament.<\/p><p><strong>Pr\u00e0ctiques de protecci\u00f3<\/strong><\/p><p>Ferro al cintur\u00f3, una branqueta de moixera a la butxaca, senyal de la creu en sortir de casa un cop caiguda la nit. Un platet de llet o pa a la porta de casa com a ofrena de cortesia.<\/p>\t\t\t\t\t\t\t\t<\/div>\n\t\t\t\t<\/div>\n\t\t\t\t\t<\/div>\n\t\t\t\t<\/div>\n\t\t<div class=\"elementor-element elementor-element-5a584676 e-flex e-con-boxed e-con e-parent\" data-id=\"5a584676\" data-element_type=\"container\" data-e-type=\"container\">\n\t\t\t\t\t<div class=\"e-con-inner\">\n\t\t\t\t<div class=\"elementor-element elementor-element-6d0757bf elementor-widget elementor-widget-heading\" data-id=\"6d0757bf\" data-element_type=\"widget\" data-e-type=\"widget\" data-widget_type=\"heading.default\">\n\t\t\t\t\t<h2 class=\"elementor-heading-title elementor-size-default\">Recepci\u00f3<\/h2>\t\t\t\t<\/div>\n\t\t<div class=\"elementor-element elementor-element-60563f68 e-con-full e-flex e-con e-child\" data-id=\"60563f68\" data-element_type=\"container\" data-e-type=\"container\">\n\t\t\t\t<div class=\"elementor-element elementor-element-5a93fdd6 elementor-widget elementor-widget-text-editor\" data-id=\"5a93fdd6\" data-element_type=\"widget\" data-e-type=\"widget\" data-widget_type=\"text-editor.default\">\n\t\t\t\t\t\t\t\t\t<p><strong>Shakespeare i el Puck angl\u00e8s<\/strong><\/p><p><span data-nosnippet>A <em>El somni d&#8217;una nit d&#8217;estiu<\/em> (vers 1595), el P\u00faca es converteix en Puck, un ajudant entremaliador d&#8217;Oberon. La dimensi\u00f3 irlandesa m\u00e9s fosca es perd; el Puck literari \u00e9s encantador i astut, no perill\u00f3s. Aquesta versi\u00f3 marca la recepci\u00f3 anglesa i mundial.<\/span><\/p><p><strong>Fantasia moderna<\/strong><\/p><p>Tolkien, Susanna Clarke, Neil Gaiman recuperen el <span class=\"iwg-fachbegriff\" data-tooltip=\"Un element de contingut recurrent en l'art o la narrativa.\" tabindex=\"0\">motiu<\/span> de l&#8217;entremaliador canviaforma. <em>James i el Gegant Presseguer<\/em> de Roald Dahl en cita elements. Els jocs de rol i videojocs han fet del P\u00faca una figura habitual dels mons inspirats en la cultura c\u00e8ltica.<\/p><p><strong>Cultura irlandesa contempor\u00e0nia<\/strong><\/p><p>Una pel\u00b7l\u00edcula com <em>P\u00faca<\/em> (irlandesa, d\u00e8cada de 2020) i el festival \u00abP\u00faca Festival\u00bb a Meath mantenen viva la figura. Juntament amb la Banshee, \u00e9s la figura folkl\u00f2rica c\u00e8ltica m\u00e9s coneguda a nivell mundial.<\/p><div><p><strong>W. B. Yeats i la recopilaci\u00f3 liter\u00e0ria de les tradicions irlandeses<\/strong><\/p><p><span data-nosnippet>El poeta i folklorista irland\u00e8s William Butler Yeats va publicar, a partir de 1888, recopilacions de contes populars irlandesos que inclo\u00efen diverses narracions sobre el P\u00faca. Yeats va presentar el P\u00faca com un \u00e9sser que oscil\u00b7la entre ser \u00fatil i entrebancador; de vegades rebutja les persones, de vegades les ajuda.<\/span><\/p><p>La recopilaci\u00f3 de Yeats es basava en entrevistes amb habitants de pobles irlandesos i reclamava autenticitat etnogr\u00e0fica, encara que la seva elaboraci\u00f3 liter\u00e0ria va romantitzar les fonts.<\/p><p>La influ\u00e8ncia de Yeats en la folklor\u00edstica c\u00e8ltica moderna \u00e9s considerable. Les seves representacions del P\u00faca es van convertir en text de refer\u00e8ncia est\u00e0ndard i van inspirar recopiladors posteriors. Tanmateix, aquesta mediaci\u00f3 liter\u00e0ria tamb\u00e9 ha distorsionat la figura can\u00f2nica del P\u00faca; \u00e9s dif\u00edcil distingir entre la visi\u00f3 de Yeats i la <span class=\"iwg-fachbegriff\" data-tooltip=\"La transmissi\u00f3 de coneixements i narracions al llarg de generacions.\" tabindex=\"0\">tradici\u00f3<\/span> original.<\/p><\/div>\t\t\t\t\t\t\t\t<\/div>\n\t\t\t\t<\/div>\n\t\t\t\t\t<\/div>\n\t\t\t\t<\/div>\n\t\t<div class=\"elementor-element elementor-element-cpa08e788 e-flex e-con-boxed e-con e-parent\" data-id=\"cpa08e788\" data-element_type=\"container\" data-e-type=\"container\">\n\t\t\t\t\t<div class=\"e-con-inner\">\n\t\t\t\t<div class=\"elementor-element elementor-element-cpcc15bcc elementor-widget elementor-widget-heading\" data-id=\"cpcc15bcc\" data-element_type=\"widget\" data-e-type=\"widget\" data-widget_type=\"heading.default\">\n\t\t\t\t\t<h2 class=\"elementor-heading-title elementor-size-default\">El p\u00faca en la tradici\u00f3 irlandesa i gal\u00b7lesa<\/h2>\t\t\t\t<\/div>\n\t\t<div class=\"elementor-element elementor-element-cp4f808eb e-con-full e-flex e-con e-child\" data-id=\"cp4f808eb\" data-element_type=\"container\" data-e-type=\"container\">\n\t\t\t\t<div class=\"elementor-element elementor-element-cpfccf55c elementor-widget elementor-widget-text-editor\" data-id=\"cpfccf55c\" data-element_type=\"widget\" data-e-type=\"widget\" data-widget_type=\"text-editor.default\">\n\t\t\t\t\t\t\t\t\t<p>El <em>p\u00faca<\/em>, en forma gal\u00b7lesa <em>pwca<\/em>, sovint escrit en angl\u00e8s com <em>pooka<\/em>, \u00e9s una de les figures m\u00e9s esteses del <span class=\"iwg-fachbegriff\" data-tooltip=\"La cultura popular transmesa amb costums, relats i can\u00e7ons.\" tabindex=\"0\">folklore<\/span> de llengua c\u00e8ltica de les illes brit\u00e0niques.<\/p><p>El mot est\u00e0 emparentat ling\u00fc\u00edsticament amb l&#8217;angl\u00e8s antic <em>p\u016bca<\/em> i amb l&#8217;\u00e0mbit escandinau del <em>puki<\/em>, i tamb\u00e9 la figura anglesa de Puck, coneguda de l&#8217;obra de Shakespeare <em>Somni d&#8217;una nit d&#8217;estiu<\/em>, pertany a aquest ampli camp etimol\u00f2gic. La recerca hi veu un indici d&#8217;un tipus antic, est\u00e8s m\u00e9s enll\u00e0 de les fronteres ling\u00fc\u00edstiques, d&#8217;esperit trapella i espantador capa\u00e7 de transformar-se.<\/p><p>El <em>p\u00faca<\/em> irland\u00e8s \u00e9s sobretot un mudador de formes. Apareix com a cavall negre, com a boc, com a toro, com a gos, com a llebre o com a \u00e0guila, i de vegades tamb\u00e9 en una forma mig humana.<\/p><p>La seva aparici\u00f3 m\u00e9s coneguda \u00e9s la del cavall fosc que arrossega els vianants nocturns sobre el seu llom i els porta en una cavalcada salvatge i vertiginosa a trav\u00e9s del paisatge, abans de deixar-los il\u00b7lesos, per\u00f2 exhausts i espantats. El <em>p\u00faca<\/em> normalment no mata, per\u00f2 esglaia, desconcerta i fa perdre el cam\u00ed.<\/p><p>La seva ambival\u00e8ncia n&#8217;\u00e9s el tret caracter\u00edstic. Els relats populars, recollits entre altres per Lady Wilde i en les grans col\u00b7leccions de <span class=\"iwg-fachbegriff\" data-tooltip=\"La cultura popular transmesa amb costums, relats i can\u00e7ons.\" tabindex=\"0\">folklore<\/span> irland\u00e8s dels segles XIX i XX, tamb\u00e9 mostren el <em>p\u00faca<\/em> com un \u00e9sser que pot parlar amb les persones, donar-los consells o fer funcionar en secret un mol\u00ed durant la nit per a elles.<\/p><p>Per tant, no \u00e9s un <span class=\"iwg-fachbegriff\" data-tooltip=\"\u00c9sser espiritual al qual s'atribueix un efecte nociu o ambivalent.\" tabindex=\"0\">dimoni<\/span> inequ\u00edvoc, sin\u00f3 un \u00e9sser llindar, la benevol\u00e8ncia o mal\u00edcia del qual depenen del lloc, l&#8217;ocasi\u00f3 i el comportament de les persones.<\/p>\t\t\t\t\t\t\t\t<\/div>\n\t\t\t\t<\/div>\n\t\t\t\t\t<\/div>\n\t\t\t\t<\/div>\n\t\t<div class=\"elementor-element elementor-element-cp6bc8ac3 e-flex e-con-boxed e-con e-parent\" data-id=\"cp6bc8ac3\" data-element_type=\"container\" data-e-type=\"container\">\n\t\t\t\t\t<div class=\"e-con-inner\">\n\t\t\t\t<div class=\"elementor-element elementor-element-cp95a0b67 elementor-widget elementor-widget-heading\" data-id=\"cp95a0b67\" data-element_type=\"widget\" data-e-type=\"widget\" data-widget_type=\"heading.default\">\n\t\t\t\t\t<h2 class=\"elementor-heading-title elementor-size-default\">Samhain, els costums de la collita i el temps del p\u00faca<\/h2>\t\t\t\t<\/div>\n\t\t<div class=\"elementor-element elementor-element-cpd80b8d0 e-con-full e-flex e-con e-child\" data-id=\"cpd80b8d0\" data-element_type=\"container\" data-e-type=\"container\">\n\t\t\t\t<div class=\"elementor-element elementor-element-cp71263e9 elementor-widget elementor-widget-text-editor\" data-id=\"cp71263e9\" data-element_type=\"widget\" data-e-type=\"widget\" data-widget_type=\"text-editor.default\">\n\t\t\t\t\t\t\t\t\t<p>En la tradici\u00f3 popular irlandesa, el <em>p\u00faca<\/em> est\u00e0 estretament vinculat al cicle de l&#8217;any i especialment a la festa de Samhain, l&#8217;1 de novembre, el pas de la meitat clara a la meitat fosca de l&#8217;any.<\/p><p>Samhain es considerava un temps en qu\u00e8 la frontera amb l&#8217;Altre M\u00f3n era permeable, i el <em>p\u00faca<\/em> \u00e9s un dels \u00e9ssers especialment actius en aquest per\u00edode llindar. En algunes regions, el dia al voltant de Samhain es considerava expl\u00edcitament el dia del <em>p\u00faca<\/em>.<\/p><p>Amb aix\u00f2 es relaciona un costum concret de la collita. Segons una creen\u00e7a estesa, el <em>p\u00faca<\/em> reclamava com a seu tot el que encara quedava als camps despr\u00e9s de Samhain, \u00e9s a dir, tots els fruits, baies i collites no recollits a temps.<\/p><p>Qui despr\u00e9s encara collia i menjava m\u00f3res o collites deixades al camp corria el risc que el <em>p\u00faca<\/em> les hagu\u00e9s fet malb\u00e9 o contaminat. Aquest <span class=\"iwg-fachbegriff\" data-tooltip=\"Una pr\u00e0ctica transmesa, repetida regularment en una comunitat.\" tabindex=\"0\">costum<\/span> tenia una funci\u00f3 pr\u00e0ctica: fixava un termini clar per a la collita i sancionava la neglig\u00e8ncia amb l&#8217;amena\u00e7a de l&#8217;esperit.<\/p><p>Aquests costums mostren que el <em>p\u00faca<\/em> no era una simple figura narrativa, sin\u00f3 que estava integrat en el ritme anual del treball agr\u00edcola. Marcava transicions, terminis i zones tab\u00fa.<\/p><p>La recerca sobre el <span class=\"iwg-fachbegriff\" data-tooltip=\"La cultura popular transmesa amb costums, relats i can\u00e7ons.\" tabindex=\"0\">folklore<\/span> irland\u00e8s subratlla que moltes d&#8217;aquestes figures espectrals funcionaven com a personificacions de regles i l\u00edmits: feien pal\u00e8s quan una cosa era permesa i quan no, on la persona podia moure&#8217;s lliurement i on havia d&#8217;anar amb compte.<\/p><p>El <em>p\u00faca<\/em> del temps de Samhain \u00e9s, en aquest sentit, un guardi\u00e0 de la frontera entre l&#8217;\u00fas hum\u00e0 i el m\u00f3n ja no hum\u00e0 de la meitat fosca de l&#8217;any.<\/p>\t\t\t\t\t\t\t\t<\/div>\n\t\t\t\t<\/div>\n\t\t\t\t\t<\/div>\n\t\t\t\t<\/div>\n\t\t<div class=\"elementor-element elementor-element-36dd7469 e-flex e-con-boxed e-con e-parent\" data-id=\"36dd7469\" data-element_type=\"container\" data-e-type=\"container\">\n\t\t\t\t\t<div class=\"e-con-inner\">\n\t\t\t\t<div class=\"elementor-element elementor-element-13760ab4 elementor-widget elementor-widget-heading\" data-id=\"13760ab4\" data-element_type=\"widget\" data-e-type=\"widget\" data-widget_type=\"heading.default\">\n\t\t\t\t\t<div class=\"elementor-heading-title elementor-size-default\">Enlla\u00e7os relacionats<\/div>\t\t\t\t<\/div>\n\t\t<div class=\"elementor-element elementor-element-28c87796 e-con-full e-flex e-con e-child\" data-id=\"28c87796\" data-element_type=\"container\" data-e-type=\"container\">\n\t\t\t\t<div class=\"elementor-element elementor-element-5d6538df elementor-widget elementor-widget-text-editor\" data-id=\"5d6538df\" data-element_type=\"widget\" data-e-type=\"widget\" data-widget_type=\"text-editor.default\">\n\t\t\t\t\t\t\t\t\t<p>Enlla\u00e7os interns recomanats:<\/p><ul><li><a href=\"https:\/\/iwell-guard.com\/ca\/?page_id=171367\">C\u00e8ltic<\/a><\/li><li>Banshee, Sluagh, Cailleach, Dullahan<\/li><li>Puck de Shakespeare<\/li><li>Motius del trickster arreu del m\u00f3n<\/li><li>Samhain i els dies frontera c\u00e8ltics<\/li><\/ul>\t\t\t\t\t\t\t\t<\/div>\n\t\t\t\t<\/div>\n\t\t\t\t\t<\/div>\n\t\t\t\t<\/div>\n\t\t<div class=\"elementor-element elementor-element-grl4kl40 e-flex e-con-boxed e-con e-parent\" data-id=\"grl4kl40\" data-element_type=\"container\" data-e-type=\"container\">\n\t\t\t\t\t<div class=\"e-con-inner\">\n\t\t\t\t<div class=\"elementor-element elementor-element-bzsbfrmh elementor-widget elementor-widget-heading\" data-id=\"bzsbfrmh\" data-element_type=\"widget\" data-e-type=\"widget\" data-widget_type=\"heading.default\">\n\t\t\t\t\t<h2 class=\"elementor-heading-title elementor-size-default\">Bibliografia de recerca<\/h2>\t\t\t\t<\/div>\n\t\t<div class=\"elementor-element elementor-element-2c13224a e-con-full e-flex e-con e-child\" data-id=\"2c13224a\" data-element_type=\"container\" data-e-type=\"container\">\n\t\t\t\t<div class=\"elementor-element elementor-element-0eymh9ub elementor-widget elementor-widget-text-editor\" data-id=\"0eymh9ub\" data-element_type=\"widget\" data-e-type=\"widget\" data-widget_type=\"text-editor.default\">\n\t\t\t\t\t\t\t\t\t<footer class=\"iwg-literatur\"><p>Una selecci\u00f3 d&#8217;obres centrals sobre el P\u00faca:<\/p><ul><li><span data-nosnippet>Crofton Croker, Thomas: <em>Fairy Legends and Traditions of the South of Ireland<\/em>. London 1825.<\/span><\/li><li><span data-nosnippet>\u00d3 h\u00d3g\u00e1in, D\u00e1ith\u00ed: <em>Myth, Legend and Romance<\/em>. New York 1991.<\/span><\/li><li><span data-nosnippet>Briggs, Katharine: <em>A Dictionary of Fairies<\/em>. London 1976.<\/span><\/li><\/ul><div data-nosnippet=\"true\" class=\"iwg-litliste\"><\/div><\/footer>\n<p class=\"iwg-bib-more\"><span data-nosnippet>M\u00e9s obres de refer\u00e8ncia a la <a href=\"https:\/\/iwell-guard.com\/ca\/?page_id=171483\">bibliografia<\/a>.<\/span><\/p>\t\t\t\t\t\t\t\t<\/div>\n\t\t\t\t<\/div>\n\t\t\t\t\t<\/div>\n\t\t\t\t<\/div>\n\t\t<div class=\"elementor-element elementor-element-iwgca-puca-sec e-flex e-con-boxed e-con e-parent\" data-id=\"iwgca-puca-sec\" data-element_type=\"container\" data-e-type=\"container\" id=\"iwg-ca-puca\">\n\t\t\t\t\t<div class=\"e-con-inner\">\n\t\t\t\t<div class=\"elementor-element elementor-element-iwgca-puca-te iwg-ca-textwrap elementor-widget elementor-widget-text-editor\" data-id=\"iwgca-puca-te\" data-element_type=\"widget\" data-e-type=\"widget\" data-widget_type=\"text-editor.default\">\n\t\t\t\t\t\t\t\t\t<div data-nosnippet=\"true\"><p class=\"iwg-ca-bridge\">La pr\u00e0ctica de protecci\u00f3 descrita aqu\u00ed \u00e9s una classificaci\u00f3 de tradicions hist\u00f2riques des de la perspectiva de la ci\u00e8ncia de les religions. iWell Guard s&#8217;inspira en aquesta l\u00ednia cultural i hist\u00f2rica d&#8217;objectes de protecci\u00f3 portables i n&#8217;\u00e9s una forma contempor\u00e0nia. <a href=\"\/ueber-iwell-guard\/?utm_source=iwell-guard.com&#038;utm_medium=text-link&#038;utm_campaign=schadwesen-tradition\">M\u00e9s informaci\u00f3 sobre l&#8217;iWell Guard \u2192<\/a><\/p><\/div>\t\t\t\t\t\t\t\t<\/div>\n\t\t\t\t\t<\/div>\n\t\t\t\t<\/div>\n\t\t\t\t<\/div>\n\t\t","protected":false},"excerpt":{"rendered":"","protected":false},"author":3,"featured_media":1671,"parent":0,"menu_order":0,"comment_status":"closed","ping_status":"closed","template":"elementor_header_footer","meta":{"_yoast_wpseo_focuskw":"P\u00faca","_yoast_wpseo_title":"Puca - El metamorf celta","_yoast_wpseo_metadesc":"Puca, metamorf celta: entre el Puck de Shakespeare i el cavall negre d'Irlanda, amb relaci\u00f3 amb la festa de Samhain.","_yoast_wpseo_meta-robots-noindex":"","_yoast_wpseo_canonical":"","_angie_page":false,"gefaehrdungsstufe":"2","wesen_kultur":"keltisch","wesen_klasse":"geister","footnotes":""},"categories":[],"class_list":["post-171387","page","type-page","status-publish","has-post-thumbnail","hentry"],"yoast_head":"<!-- This site is optimized with the Yoast SEO Premium plugin v27.7 (Yoast SEO v28.3) - https:\/\/yoast.com\/product\/yoast-seo-premium-wordpress\/ -->\n<title>Puca - El metamorf celta<\/title>\n<meta name=\"description\" content=\"Puca, metamorf celta: entre el Puck de Shakespeare i el cavall negre d&#039;Irlanda, amb relaci\u00f3 amb la festa de Samhain.\" \/>\n<meta name=\"robots\" content=\"index, follow, max-snippet:-1, max-image-preview:large, max-video-preview:-1\" \/>\n<link rel=\"canonical\" href=\"https:\/\/iwell-guard.com\/ca\/puca\/\" \/>\n<meta property=\"og:locale\" content=\"ca_ES\" \/>\n<meta property=\"og:type\" content=\"article\" \/>\n<meta property=\"og:title\" content=\"P\u00faca\" \/>\n<meta property=\"og:description\" content=\"Puca, metamorf celta: entre el Puck de Shakespeare i el cavall negre d&#039;Irlanda, amb relaci\u00f3 amb la festa de Samhain.\" \/>\n<meta property=\"og:url\" content=\"https:\/\/iwell-guard.com\/ca\/puca\/\" \/>\n<meta property=\"og:site_name\" content=\"iWell Guard\" \/>\n<meta property=\"article:modified_time\" content=\"2026-09-05T15:56:28+00:00\" \/>\n<meta property=\"og:image\" content=\"https:\/\/iwell-guard.com\/wp-content\/uploads\/2026\/04\/geister_keltisch_puca.webp\" \/>\n\t<meta property=\"og:image:width\" content=\"1024\" \/>\n\t<meta property=\"og:image:height\" content=\"1536\" \/>\n\t<meta property=\"og:image:type\" content=\"image\/webp\" \/>\n<meta name=\"twitter:card\" content=\"summary_large_image\" \/>\n<script type=\"application\/ld+json\" class=\"yoast-schema-graph\">{\"@context\":\"https:\\\/\\\/schema.org\",\"@graph\":[{\"@type\":\"WebPage\",\"@id\":\"https:\\\/\\\/iwell-guard.com\\\/ca\\\/puca\\\/\",\"url\":\"https:\\\/\\\/iwell-guard.com\\\/ca\\\/puca\\\/\",\"name\":\"Puca - El metamorf celta\",\"isPartOf\":{\"@id\":\"https:\\\/\\\/iwell-guard.com\\\/ca\\\/#website\"},\"primaryImageOfPage\":{\"@id\":\"https:\\\/\\\/iwell-guard.com\\\/ca\\\/puca\\\/#primaryimage\"},\"image\":{\"@id\":\"https:\\\/\\\/iwell-guard.com\\\/ca\\\/puca\\\/#primaryimage\"},\"thumbnailUrl\":\"https:\\\/\\\/iwell-guard.com\\\/wp-content\\\/uploads\\\/2026\\\/04\\\/geister_keltisch_puca.webp\",\"datePublished\":\"2026-09-05T15:38:57+00:00\",\"dateModified\":\"2026-09-05T15:56:28+00:00\",\"description\":\"Puca, metamorf celta: entre el Puck de Shakespeare i el cavall negre d'Irlanda, amb relaci\u00f3 amb la festa de Samhain.\",\"breadcrumb\":{\"@id\":\"https:\\\/\\\/iwell-guard.com\\\/ca\\\/puca\\\/#breadcrumb\"},\"inLanguage\":\"ca\",\"potentialAction\":[{\"@type\":\"ReadAction\",\"target\":[\"https:\\\/\\\/iwell-guard.com\\\/ca\\\/puca\\\/\"]}]},{\"@type\":\"ImageObject\",\"inLanguage\":\"ca\",\"@id\":\"https:\\\/\\\/iwell-guard.com\\\/ca\\\/puca\\\/#primaryimage\",\"url\":\"https:\\\/\\\/iwell-guard.com\\\/wp-content\\\/uploads\\\/2026\\\/04\\\/geister_keltisch_puca.webp\",\"contentUrl\":\"https:\\\/\\\/iwell-guard.com\\\/wp-content\\\/uploads\\\/2026\\\/04\\\/geister_keltisch_puca.webp\",\"width\":1024,\"height\":1536,\"caption\":\"Esperits de la tradici\u00f3 c\u00e8ltica.\"},{\"@type\":\"BreadcrumbList\",\"@id\":\"https:\\\/\\\/iwell-guard.com\\\/ca\\\/puca\\\/#breadcrumb\",\"itemListElement\":[{\"@type\":\"ListItem\",\"position\":1,\"name\":\"Start\",\"item\":\"https:\\\/\\\/iwell-guard.com\\\/ca\\\/?page_id=171333\"},{\"@type\":\"ListItem\",\"position\":2,\"name\":\"P\u00faca\"}]},{\"@type\":\"WebSite\",\"@id\":\"https:\\\/\\\/iwell-guard.com\\\/ca\\\/#website\",\"url\":\"https:\\\/\\\/iwell-guard.com\\\/ca\\\/\",\"name\":\"iWell Guard\",\"description\":\"Schutz vor dunklen Einfl\u00fcssen\",\"publisher\":{\"@id\":\"https:\\\/\\\/iwell-guard.com\\\/ca\\\/#organization\"},\"potentialAction\":[{\"@type\":\"SearchAction\",\"target\":{\"@type\":\"EntryPoint\",\"urlTemplate\":\"https:\\\/\\\/iwell-guard.com\\\/ca\\\/?s={search_term_string}\"},\"query-input\":{\"@type\":\"PropertyValueSpecification\",\"valueRequired\":true,\"valueName\":\"search_term_string\"}}],\"inLanguage\":\"ca\"},{\"@type\":\"Organization\",\"@id\":\"https:\\\/\\\/iwell-guard.com\\\/ca\\\/#organization\",\"name\":\"Ittermann electronic GmbH\",\"url\":\"https:\\\/\\\/iwell-guard.com\\\/ca\\\/\",\"logo\":{\"@type\":\"ImageObject\",\"inLanguage\":\"ca\",\"@id\":\"https:\\\/\\\/iwell-guard.com\\\/ca\\\/#\\\/schema\\\/logo\\\/image\\\/\",\"url\":\"https:\\\/\\\/iwell-guard.com\\\/wp-content\\\/uploads\\\/2026\\\/05\\\/Ittermann-Logo-1182x237-1.png\",\"contentUrl\":\"https:\\\/\\\/iwell-guard.com\\\/wp-content\\\/uploads\\\/2026\\\/05\\\/Ittermann-Logo-1182x237-1.png\",\"width\":1182,\"height\":237,\"caption\":\"Ittermann electronic GmbH\"},\"image\":{\"@id\":\"https:\\\/\\\/iwell-guard.com\\\/ca\\\/#\\\/schema\\\/logo\\\/image\\\/\"},\"sameAs\":[\"https:\\\/\\\/pantip.com\\\/profile\\\/9367242\",\"https:\\\/\\\/micro.blog\\\/iwellguard\",\"https:\\\/\\\/www.diggerslist.com\\\/iwellguard\\\/about\",\"https:\\\/\\\/skitterphoto.com\\\/photographers\\\/2870314\\\/iwell-guard\",\"https:\\\/\\\/iwellguard.wordpress.com\\\/2026\\\/06\\\/06\\\/iwell-guard\\\/\",\"https:\\\/\\\/hub.docker.com\\\/u\\\/iwellguard\",\"https:\\\/\\\/www.pinterest.com\\\/iwellguard\\\/\",\"https:\\\/\\\/bit.ly\\\/m\\\/iwellguard\",\"https:\\\/\\\/entre-vos-mains.alsace.eu\\\/profiles\\\/iwellguard\\\/activity\",\"https:\\\/\\\/gravatar.com\\\/reallybeded8fd34\",\"https:\\\/\\\/naijamatta.com\\\/iwellguard\",\"https:\\\/\\\/www.goodreads.com\\\/iwellguard\",\"https:\\\/\\\/profile.hatena.ne.jp\\\/iwellguard\\\/\",\"https:\\\/\\\/experiment.com\\\/users\\\/iwellguard\",\"https:\\\/\\\/wakelet.com\\\/@iWellGuard82270\",\"https:\\\/\\\/www.chordie.com\\\/forum\\\/profile.php?id=2555664\",\"https:\\\/\\\/www.instapaper.com\\\/p\\\/17757966\",\"https:\\\/\\\/www.mapleprimes.com\\\/users\\\/iwellguard\",\"https:\\\/\\\/businesslistingplus.com\\\/profile\\\/iwell-guard\\\/\",\"https:\\\/\\\/telegra.ph\\\/iWell-Guard-06-06\",\"https:\\\/\\\/pbase.com\\\/iwellguard\\\/iwellguard\",\"https:\\\/\\\/b.hatena.ne.jp\\\/iwellguard\\\/20260607#bookmark-4788405196491818882\",\"https:\\\/\\\/fliphtml5.com\\\/home\\\/iwellguard\",\"https:\\\/\\\/anyflip.com\\\/homepage\\\/cmiwl#About\",\"https:\\\/\\\/transfur.com\\\/Users\\\/iwellguard\",\"http:\\\/\\\/delphi.larsbo.org\\\/user\\\/iwellguard\",\"https:\\\/\\\/jobs.lajobsportal.org\\\/profiles\\\/8380803-iwell-guard\",\"https:\\\/\\\/md.chaosdorf.de\\\/s\\\/jfbe5SBdJD\",\"https:\\\/\\\/www.lingvolive.com\\\/en-us\\\/profile\\\/9ecaeaca-ce11-4e51-9e71-01d55e2bff36\\\/translations\",\"https:\\\/\\\/www.fitday.com\\\/fitness\\\/forums\\\/members\\\/iwellguard.html\",\"https:\\\/\\\/www.mymeetbook.com\\\/iwellguard\",\"https:\\\/\\\/pxhere.com\\\/en\\\/photographer-me\\\/5040798\",\"https:\\\/\\\/disqus.com\\\/by\\\/iwellguard\\\/about\\\/\",\"https:\\\/\\\/pastelink.net\\\/hjwciqwq\",\"https:\\\/\\\/pubhtml5.com\\\/homepage\\\/scjhn\\\/\",\"https:\\\/\\\/www.bitchute.com\\\/channel\\\/2O2eOKzNqujT\",\"https:\\\/\\\/audiomack.com\\\/iwellguard\"]},{\"@type\":\"Article\",\"@id\":\"https:\\\/\\\/iwell-guard.com\\\/ca\\\/puca\\\/#article\",\"isPartOf\":{\"@id\":\"https:\\\/\\\/iwell-guard.com\\\/ca\\\/puca\\\/\"},\"author\":{\"name\":\"Ralf Ittermann\",\"@id\":\"https:\\\/\\\/iwell-guard.com\\\/ca\\\/#\\\/schema\\\/person\\\/ee2a27f1cac3406c7c6fb5820cb7349f\"},\"headline\":\"P\u00faca\",\"datePublished\":\"2026-09-05T15:38:57+00:00\",\"dateModified\":\"2026-09-05T15:56:28+00:00\",\"mainEntityOfPage\":{\"@id\":\"https:\\\/\\\/iwell-guard.com\\\/ca\\\/puca\\\/\"},\"publisher\":{\"@id\":\"https:\\\/\\\/iwell-guard.com\\\/ca\\\/#organization\"},\"image\":{\"@id\":\"https:\\\/\\\/iwell-guard.com\\\/ca\\\/puca\\\/#primaryimage\"},\"thumbnailUrl\":\"https:\\\/\\\/iwell-guard.com\\\/wp-content\\\/uploads\\\/2026\\\/04\\\/geister_keltisch_puca.webp\",\"inLanguage\":\"ca\",\"description\":\"Puca, metamorf celta: entre el Puck de Shakespeare i el cavall negre d'Irlanda, amb relaci\u00f3 amb la festa de Samhain.\"}]}<\/script>\n<!-- \/ Yoast SEO Premium plugin. -->","yoast_head_json":{"title":"Puca - El metamorf celta","description":"Puca, metamorf celta: entre el Puck de Shakespeare i el cavall negre d'Irlanda, amb relaci\u00f3 amb la festa de Samhain.","robots":{"index":"index","follow":"follow","max-snippet":"max-snippet:-1","max-image-preview":"max-image-preview:large","max-video-preview":"max-video-preview:-1"},"canonical":"https:\/\/iwell-guard.com\/ca\/puca\/","og_locale":"ca_ES","og_type":"article","og_title":"P\u00faca","og_description":"Puca, metamorf celta: entre el Puck de Shakespeare i el cavall negre d'Irlanda, amb relaci\u00f3 amb la festa de Samhain.","og_url":"https:\/\/iwell-guard.com\/ca\/puca\/","og_site_name":"iWell Guard","article_modified_time":"2026-09-05T15:56:28+00:00","og_image":[{"width":1024,"height":1536,"url":"https:\/\/iwell-guard.com\/wp-content\/uploads\/2026\/04\/geister_keltisch_puca.webp","type":"image\/webp"}],"twitter_card":"summary_large_image","schema":{"@context":"https:\/\/schema.org","@graph":[{"@type":"Article","@id":"https:\/\/iwell-guard.com\/ca\/puca\/#article","isPartOf":{"@id":"https:\/\/iwell-guard.com\/ca\/puca\/"},"author":{"name":"Ralf Ittermann","@id":"https:\/\/iwell-guard.com\/ca\/#\/schema\/person\/ee2a27f1cac3406c7c6fb5820cb7349f"},"headline":"P\u00faca","datePublished":"2026-09-05T15:38:57+00:00","dateModified":"2026-09-05T15:56:28+00:00","mainEntityOfPage":{"@id":"https:\/\/iwell-guard.com\/ca\/puca\/"},"publisher":{"@id":"https:\/\/iwell-guard.com\/ca\/#organization"},"image":{"@id":"https:\/\/iwell-guard.com\/ca\/puca\/#primaryimage"},"thumbnailUrl":"https:\/\/iwell-guard.com\/wp-content\/uploads\/2026\/04\/geister_keltisch_puca.webp","inLanguage":"ca","description":"Puca, metamorf celta: entre el Puck de Shakespeare i el cavall negre d'Irlanda, amb relaci\u00f3 amb la festa de Samhain."},{"@type":"WebPage","@id":"https:\/\/iwell-guard.com\/ca\/puca\/","url":"https:\/\/iwell-guard.com\/ca\/puca\/","name":"Puca - El metamorf celta","isPartOf":{"@id":"https:\/\/iwell-guard.com\/ca\/#website"},"primaryImageOfPage":{"@id":"https:\/\/iwell-guard.com\/ca\/puca\/#primaryimage"},"image":{"@id":"https:\/\/iwell-guard.com\/ca\/puca\/#primaryimage"},"thumbnailUrl":"https:\/\/iwell-guard.com\/wp-content\/uploads\/2026\/04\/geister_keltisch_puca.webp","datePublished":"2026-09-05T15:38:57+00:00","dateModified":"2026-09-05T15:56:28+00:00","description":"Puca, metamorf celta: entre el Puck de Shakespeare i el cavall negre d'Irlanda, amb relaci\u00f3 amb la festa de Samhain.","breadcrumb":{"@id":"https:\/\/iwell-guard.com\/ca\/puca\/#breadcrumb"},"inLanguage":"ca","potentialAction":[{"@type":"ReadAction","target":["https:\/\/iwell-guard.com\/ca\/puca\/"]}]},{"@type":"ImageObject","inLanguage":"ca","@id":"https:\/\/iwell-guard.com\/ca\/puca\/#primaryimage","url":"https:\/\/iwell-guard.com\/wp-content\/uploads\/2026\/04\/geister_keltisch_puca.webp","contentUrl":"https:\/\/iwell-guard.com\/wp-content\/uploads\/2026\/04\/geister_keltisch_puca.webp","width":1024,"height":1536,"caption":"Esperits de la tradici\u00f3 c\u00e8ltica."},{"@type":"BreadcrumbList","@id":"https:\/\/iwell-guard.com\/ca\/puca\/#breadcrumb","itemListElement":[{"@type":"ListItem","position":1,"name":"Start","item":"https:\/\/iwell-guard.com\/ca\/?page_id=171333"},{"@type":"ListItem","position":2,"name":"P\u00faca"}]},{"@type":"WebSite","@id":"https:\/\/iwell-guard.com\/ca\/#website","url":"https:\/\/iwell-guard.com\/ca\/","name":"iWell Guard","description":"Schutz vor dunklen Einfl\u00fcssen","publisher":{"@id":"https:\/\/iwell-guard.com\/ca\/#organization"},"potentialAction":[{"@type":"SearchAction","target":{"@type":"EntryPoint","urlTemplate":"https:\/\/iwell-guard.com\/ca\/?s={search_term_string}"},"query-input":{"@type":"PropertyValueSpecification","valueRequired":true,"valueName":"search_term_string"}}],"inLanguage":"ca"},{"@type":"Organization","@id":"https:\/\/iwell-guard.com\/ca\/#organization","name":"Ittermann electronic GmbH","url":"https:\/\/iwell-guard.com\/ca\/","logo":{"@type":"ImageObject","inLanguage":"ca","@id":"https:\/\/iwell-guard.com\/ca\/#\/schema\/logo\/image\/","url":"https:\/\/iwell-guard.com\/wp-content\/uploads\/2026\/05\/Ittermann-Logo-1182x237-1.png","contentUrl":"https:\/\/iwell-guard.com\/wp-content\/uploads\/2026\/05\/Ittermann-Logo-1182x237-1.png","width":1182,"height":237,"caption":"Ittermann electronic GmbH"},"image":{"@id":"https:\/\/iwell-guard.com\/ca\/#\/schema\/logo\/image\/"},"sameAs":["https:\/\/pantip.com\/profile\/9367242","https:\/\/micro.blog\/iwellguard","https:\/\/www.diggerslist.com\/iwellguard\/about","https:\/\/skitterphoto.com\/photographers\/2870314\/iwell-guard","https:\/\/iwellguard.wordpress.com\/2026\/06\/06\/iwell-guard\/","https:\/\/hub.docker.com\/u\/iwellguard","https:\/\/www.pinterest.com\/iwellguard\/","https:\/\/bit.ly\/m\/iwellguard","https:\/\/entre-vos-mains.alsace.eu\/profiles\/iwellguard\/activity","https:\/\/gravatar.com\/reallybeded8fd34","https:\/\/naijamatta.com\/iwellguard","https:\/\/www.goodreads.com\/iwellguard","https:\/\/profile.hatena.ne.jp\/iwellguard\/","https:\/\/experiment.com\/users\/iwellguard","https:\/\/wakelet.com\/@iWellGuard82270","https:\/\/www.chordie.com\/forum\/profile.php?id=2555664","https:\/\/www.instapaper.com\/p\/17757966","https:\/\/www.mapleprimes.com\/users\/iwellguard","https:\/\/businesslistingplus.com\/profile\/iwell-guard\/","https:\/\/telegra.ph\/iWell-Guard-06-06","https:\/\/pbase.com\/iwellguard\/iwellguard","https:\/\/b.hatena.ne.jp\/iwellguard\/20260607#bookmark-4788405196491818882","https:\/\/fliphtml5.com\/home\/iwellguard","https:\/\/anyflip.com\/homepage\/cmiwl#About","https:\/\/transfur.com\/Users\/iwellguard","http:\/\/delphi.larsbo.org\/user\/iwellguard","https:\/\/jobs.lajobsportal.org\/profiles\/8380803-iwell-guard","https:\/\/md.chaosdorf.de\/s\/jfbe5SBdJD","https:\/\/www.lingvolive.com\/en-us\/profile\/9ecaeaca-ce11-4e51-9e71-01d55e2bff36\/translations","https:\/\/www.fitday.com\/fitness\/forums\/members\/iwellguard.html","https:\/\/www.mymeetbook.com\/iwellguard","https:\/\/pxhere.com\/en\/photographer-me\/5040798","https:\/\/disqus.com\/by\/iwellguard\/about\/","https:\/\/pastelink.net\/hjwciqwq","https:\/\/pubhtml5.com\/homepage\/scjhn\/","https:\/\/www.bitchute.com\/channel\/2O2eOKzNqujT","https:\/\/audiomack.com\/iwellguard"]},{"@type":"Person","@id":"https:\/\/iwell-guard.com\/ca\/#\/schema\/person\/ee2a27f1cac3406c7c6fb5820cb7349f","name":"Ralf Ittermann","image":{"@type":"ImageObject","inLanguage":"ca","@id":"https:\/\/secure.gravatar.com\/avatar\/073c0153e350a5005b68eb752b445fea71f6b24a26da9449ad7e155e6b446c9d?s=96&d=mm&r=g","url":"https:\/\/secure.gravatar.com\/avatar\/073c0153e350a5005b68eb752b445fea71f6b24a26da9449ad7e155e6b446c9d?s=96&d=mm&r=g","contentUrl":"https:\/\/secure.gravatar.com\/avatar\/073c0153e350a5005b68eb752b445fea71f6b24a26da9449ad7e155e6b446c9d?s=96&d=mm&r=g","caption":"Ralf Ittermann"},"givenName":"Ralf","familyName":"Ittermann","jobTitle":"Gesch\u00e4ftsf\u00fchrer und redaktioneller Verantwortlicher","url":"https:\/\/iwell-guard.com\/ca\/author\/claude\/","description":"Ralf Ittermann ist Gesch\u00e4ftsf\u00fchrer der Ittermann electronic GmbH und redaktioneller Verantwortlicher des iWell-Guard-Lexikons. Er verbindet langj\u00e4hrige Erfahrung in der Pr\u00e4zisionsfertigung mit medialer Praxis und religionsgeschichtlicher Quellenarbeit.","worksFor":{"@type":"Organization","name":"Ittermann electronic GmbH","url":"https:\/\/ittermann.de\/","address":{"@type":"PostalAddress","streetAddress":"K\u00f6hlergasse 16-18","postalCode":"99842","addressLocality":"Ruhla","addressCountry":"DE"}},"knowsAbout":["Religionsgeschichte","Mythologie","Mediale Praxis","Energetische Diagnostik","Schutzpraxis","Volksglauben","Westliche Esoterik"]},{"@type":"Article","@id":"https:\/\/iwell-guard.com\/ca\/puca\/#article","isPartOf":{"@id":"https:\/\/iwell-guard.com\/ca\/puca\/"},"author":{"name":"Ralf Ittermann","@id":"https:\/\/iwell-guard.com\/ca\/#\/schema\/person\/ee2a27f1cac3406c7c6fb5820cb7349f"},"headline":"P\u00faca","datePublished":"2026-09-05T15:38:57+00:00","dateModified":"2026-09-05T15:56:28+00:00","mainEntityOfPage":{"@id":"https:\/\/iwell-guard.com\/ca\/puca\/"},"publisher":{"@id":"https:\/\/iwell-guard.com\/ca\/#organization"},"image":{"@id":"https:\/\/iwell-guard.com\/ca\/puca\/#primaryimage"},"thumbnailUrl":"https:\/\/iwell-guard.com\/wp-content\/uploads\/2026\/04\/geister_keltisch_puca.webp","inLanguage":"ca","description":"Puca, metamorf celta: entre el Puck de Shakespeare i el cavall negre d'Irlanda, amb relaci\u00f3 amb la festa de Samhain."}]}},"_links":{"self":[{"href":"https:\/\/iwell-guard.com\/ca\/wp-json\/wp\/v2\/pages\/171387","targetHints":{"allow":["GET"]}}],"collection":[{"href":"https:\/\/iwell-guard.com\/ca\/wp-json\/wp\/v2\/pages"}],"about":[{"href":"https:\/\/iwell-guard.com\/ca\/wp-json\/wp\/v2\/types\/page"}],"author":[{"embeddable":true,"href":"https:\/\/iwell-guard.com\/ca\/wp-json\/wp\/v2\/users\/3"}],"replies":[{"embeddable":true,"href":"https:\/\/iwell-guard.com\/ca\/wp-json\/wp\/v2\/comments?post=171387"}],"version-history":[{"count":0,"href":"https:\/\/iwell-guard.com\/ca\/wp-json\/wp\/v2\/pages\/171387\/revisions"}],"wp:featuredmedia":[{"embeddable":true,"href":"https:\/\/iwell-guard.com\/ca\/wp-json\/wp\/v2\/media\/1671"}],"wp:attachment":[{"href":"https:\/\/iwell-guard.com\/ca\/wp-json\/wp\/v2\/media?parent=171387"}],"wp:term":[{"taxonomy":"category","embeddable":true,"href":"https:\/\/iwell-guard.com\/ca\/wp-json\/wp\/v2\/categories?post=171387"}],"curies":[{"name":"wp","href":"https:\/\/api.w.org\/{rel}","templated":true}]}}