{"id":171385,"date":"2026-09-05T15:38:57","date_gmt":"2026-09-05T15:38:57","guid":{"rendered":"https:\/\/iwell-guard.com\/?page_id=171385"},"modified":"2026-09-05T15:56:23","modified_gmt":"2026-09-05T15:56:23","slug":"sluagh","status":"publish","type":"page","link":"https:\/\/iwell-guard.com\/ca\/sluagh\/","title":{"rendered":"Sluagh"},"content":{"rendered":"\t\t<div data-elementor-type=\"wp-page\" data-elementor-id=\"171385\" class=\"elementor elementor-171385 elementor-1034\" data-elementor-post-type=\"page\">\n\t\t\t\t<div class=\"elementor-element elementor-element-10fdade e-flex e-con-boxed e-con e-parent\" data-id=\"10fdade\" data-element_type=\"container\" data-e-type=\"container\" data-settings=\"{&quot;background_background&quot;:&quot;classic&quot;}\">\n\t\t\t\t\t<div class=\"e-con-inner\">\n\t\t<div class=\"elementor-element elementor-element-herohlft0 e-flex e-con-boxed e-con e-child\" data-id=\"herohlft0\" data-element_type=\"container\" data-e-type=\"container\">\n\t\t\t\t\t<div class=\"e-con-inner\">\n\t\t<div class=\"elementor-element elementor-element-c3ceb64 e-con-full e-flex e-con e-child\" data-id=\"c3ceb64\" data-element_type=\"container\" data-e-type=\"container\">\n\t\t\t\t<div class=\"elementor-element elementor-element-96ae5e1 elementor-widget elementor-widget-heading\" data-id=\"96ae5e1\" data-element_type=\"widget\" data-e-type=\"widget\" data-widget_type=\"heading.default\">\n\t\t\t\t\t<h1 class=\"elementor-heading-title elementor-size-default\">Sluagh, esperit de la tradici\u00f3 c\u00e8ltica<\/h1>\t\t\t\t<\/div>\n\t\t\t\t<div class=\"elementor-element elementor-element-e45238a elementor-widget elementor-widget-text-editor\" data-id=\"e45238a\" data-element_type=\"widget\" data-e-type=\"widget\" data-widget_type=\"text-editor.default\">\n\t\t\t\t\t\t\t\t\t<p><strong>L&#8217;hoste male\u00efda dels morts, \u00e0nimes voladores sense llar.<\/strong><\/p>\t\t\t\t\t\t\t\t<\/div>\n\t\t\t\t<\/div>\n\t\t<div class=\"elementor-element elementor-element-klsbdg01 e-con-full e-flex e-con e-parent\" data-id=\"klsbdg01\" data-element_type=\"container\" data-e-type=\"container\">\n\t\t\t\t<div class=\"elementor-element elementor-element-klshtm01 elementor-widget elementor-widget-html\" data-id=\"klshtm01\" data-element_type=\"widget\" data-e-type=\"widget\" data-widget_type=\"html.default\">\n\t\t\t\t\t<div class=\"iwg-pill-row\"><span class=\"iwg-klasse-badge\" tabindex=\"0\" data-tooltip=\"Esperit: \u00c9sser incorpori o semicorpori, difunts, \u00e9ssers de la natura, esperits de la llar o guardians dels llindars. Actua en la vida quotidiana, sovint lligat a llocs o fam\u00edlies.\">Esperit<\/span><a href=\"https:\/\/iwell-guard.com\/ca\/?page_id=171367\" class=\"iwg-kultur-badge\" tabindex=\"0\" data-tooltip=\"Religi\u00f3 c\u00e8ltica de l'Europa Occidental i les Illes Brit\u00e0niques, transmesa mitol\u00f2gicament mitjan\u00e7ant textos irlandesos i gal\u00b7lesos.\">C\u00e8ltic<\/a><\/div>\t\t\t\t<\/div>\n\t\t\t\t<\/div>\n\t\t<div class=\"elementor-element elementor-element-3f74855 e-con-full e-flex e-con e-child\" data-id=\"3f74855\" data-element_type=\"container\" data-e-type=\"container\">\n\t\t\t\t<div class=\"elementor-element elementor-element-1c30362 elementor-toc--minimized-on-tablet elementor-widget elementor-widget-table-of-contents\" data-id=\"1c30362\" data-element_type=\"widget\" data-e-type=\"widget\" data-settings=\"{&quot;exclude_headings_by_selector&quot;:[],&quot;no_headings_message&quot;:&quot;No s&#039;ha trobat cap encap\\u00e7alament en aquesta p\\u00e0gina.&quot;,&quot;headings_by_tags&quot;:[&quot;h2&quot;,&quot;h3&quot;],&quot;marker_view&quot;:&quot;bullets&quot;,&quot;icon&quot;:{&quot;value&quot;:&quot;fas fa-circle&quot;,&quot;library&quot;:&quot;fa-solid&quot;,&quot;rendered_tag&quot;:&quot;&lt;svg class=\\&quot;e-font-icon-svg e-fas-circle\\&quot; viewBox=\\&quot;0 0 512 512\\&quot; xmlns=\\&quot;http:\\\/\\\/www.w3.org\\\/2000\\\/svg\\&quot;&gt;&lt;path d=\\&quot;M256 8C119 8 8 119 8 256s111 248 248 248 248-111 248-248S393 8 256 8z\\&quot;&gt;&lt;\\\/path&gt;&lt;\\\/svg&gt;&quot;},&quot;minimize_box&quot;:&quot;yes&quot;,&quot;minimized_on&quot;:&quot;tablet&quot;,&quot;hierarchical_view&quot;:&quot;yes&quot;,&quot;min_height&quot;:{&quot;unit&quot;:&quot;px&quot;,&quot;size&quot;:&quot;&quot;,&quot;sizes&quot;:[]},&quot;min_height_tablet&quot;:{&quot;unit&quot;:&quot;px&quot;,&quot;size&quot;:&quot;&quot;,&quot;sizes&quot;:[]},&quot;min_height_mobile&quot;:{&quot;unit&quot;:&quot;px&quot;,&quot;size&quot;:&quot;&quot;,&quot;sizes&quot;:[]}}\" data-widget_type=\"table-of-contents.default\">\n\t\t\t\t\t\t\t\t\t<div class=\"elementor-toc__header\">\n\t\t\t\t\t\t<h2 class=\"elementor-toc__header-title\">\n\t\t\t\t\u00cdndex\t\t\t<\/h2>\n\t\t\t\t\t\t\t\t\t\t<div class=\"elementor-toc__toggle-button elementor-toc__toggle-button--expand\" role=\"button\" tabindex=\"0\" aria-controls=\"elementor-toc__1c30362\" aria-expanded=\"true\" aria-label=\"Open table of contents\"><svg aria-hidden=\"true\" class=\"e-font-icon-svg e-fas-chevron-down\" viewBox=\"0 0 448 512\" xmlns=\"http:\/\/www.w3.org\/2000\/svg\"><path d=\"M207.029 381.476L12.686 187.132c-9.373-9.373-9.373-24.569 0-33.941l22.667-22.667c9.357-9.357 24.522-9.375 33.901-.04L224 284.505l154.745-154.021c9.379-9.335 24.544-9.317 33.901.04l22.667 22.667c9.373 9.373 9.373 24.569 0 33.941L240.971 381.476c-9.373 9.372-24.569 9.372-33.942 0z\"><\/path><\/svg><\/div>\n\t\t\t\t<div class=\"elementor-toc__toggle-button elementor-toc__toggle-button--collapse\" role=\"button\" tabindex=\"0\" aria-controls=\"elementor-toc__1c30362\" aria-expanded=\"true\" aria-label=\"Close table of contents\"><svg aria-hidden=\"true\" class=\"e-font-icon-svg e-fas-chevron-up\" viewBox=\"0 0 448 512\" xmlns=\"http:\/\/www.w3.org\/2000\/svg\"><path d=\"M240.971 130.524l194.343 194.343c9.373 9.373 9.373 24.569 0 33.941l-22.667 22.667c-9.357 9.357-24.522 9.375-33.901.04L224 227.495 69.255 381.516c-9.379 9.335-24.544 9.317-33.901-.04l-22.667-22.667c-9.373-9.373-9.373-24.569 0-33.941L207.03 130.525c9.372-9.373 24.568-9.373 33.941-.001z\"><\/path><\/svg><\/div>\n\t\t\t\t\t<\/div>\n\t\t\t\t<div id=\"elementor-toc__1c30362\" class=\"elementor-toc__body\">\n\t\t\t<div class=\"elementor-toc__spinner-container\">\n\t\t\t\t<svg class=\"elementor-toc__spinner eicon-animation-spin e-font-icon-svg e-eicon-loading\" aria-hidden=\"true\" viewBox=\"0 0 1000 1000\" xmlns=\"http:\/\/www.w3.org\/2000\/svg\"><path d=\"M500 975V858C696 858 858 696 858 500S696 142 500 142 142 304 142 500H25C25 237 238 25 500 25S975 237 975 500 763 975 500 975Z\"><\/path><\/svg>\t\t\t<\/div>\n\t\t<\/div>\n\t\t\t\t\t\t<\/div>\n\t\t\t\t<\/div>\n\t\t\t\t\t<\/div>\n\t\t\t\t<\/div>\n\t\t<div class=\"elementor-element elementor-element-herorght0 e-con-full e-flex e-con e-child\" data-id=\"herorght0\" data-element_type=\"container\" data-e-type=\"container\">\n\t\t\t\t<div class=\"elementor-element elementor-element-heroimg00 iwg-hero-image elementor-widget elementor-widget-image\" data-id=\"heroimg00\" data-element_type=\"widget\" data-e-type=\"widget\" data-widget_type=\"image.default\">\n\t\t\t\t\t\t\t\t\t\t\t\t\t\t\t<img fetchpriority=\"high\" decoding=\"async\" width=\"683\" height=\"1024\" src=\"https:\/\/iwell-guard.com\/wp-content\/uploads\/2026\/04\/geister_keltisch_sluagh-683x1024.webp\" class=\"attachment-large size-large wp-image-1703\" alt=\"Sluagh\" srcset=\"https:\/\/iwell-guard.com\/wp-content\/uploads\/2026\/04\/geister_keltisch_sluagh-683x1024.webp 683w, https:\/\/iwell-guard.com\/wp-content\/uploads\/2026\/04\/geister_keltisch_sluagh-200x300.webp 200w, https:\/\/iwell-guard.com\/wp-content\/uploads\/2026\/04\/geister_keltisch_sluagh-768x1152.webp 768w, https:\/\/iwell-guard.com\/wp-content\/uploads\/2026\/04\/geister_keltisch_sluagh.webp 1024w\" sizes=\"(max-width: 683px) 100vw, 683px\" \/>\t\t\t\t\t\t\t\t\t\t\t\t\t\t\t<\/div>\n\t\t\t\t<\/div>\n\t\t\t\t\t<\/div>\n\t\t\t\t<\/div>\n\t\t<div class=\"elementor-element elementor-element-32917199 e-flex e-con-boxed e-con e-parent\" data-id=\"32917199\" data-element_type=\"container\" data-e-type=\"container\">\n\t\t\t\t\t<div class=\"e-con-inner\">\n\t\t<div class=\"elementor-element elementor-element-26e916cb e-flex e-con-boxed e-con e-child\" data-id=\"26e916cb\" data-element_type=\"container\" data-e-type=\"container\">\n\t\t\t\t\t<div class=\"e-con-inner\">\n\t\t<div class=\"elementor-element elementor-element-253a40d4 e-flex e-con-boxed e-con e-child\" data-id=\"253a40d4\" data-element_type=\"container\" data-e-type=\"container\">\n\t\t\t\t\t<div class=\"e-con-inner\">\n\t\t\t\t<div class=\"elementor-element elementor-element-1200c304 elementor-widget elementor-widget-heading\" data-id=\"1200c304\" data-element_type=\"widget\" data-e-type=\"widget\" data-widget_type=\"heading.default\">\n\t\t\t\t\t<div class=\"elementor-heading-title elementor-size-default\">Sluagh<\/div>\t\t\t\t<\/div>\n\t\t\t\t<div class=\"elementor-element elementor-element-11758e7f elementor-widget elementor-widget-text-editor\" data-id=\"11758e7f\" data-element_type=\"widget\" data-e-type=\"widget\" data-widget_type=\"text-editor.default\">\n\t\t\t\t\t\t\t\t\t<p>Sluagh \u00e9s un <span class=\"iwg-fachbegriff\" data-tooltip=\"Un \u00e9sser incorpori al qual s'atribueix acci\u00f3 en el m\u00f3n.\" tabindex=\"0\">esperit<\/span> de la tradici\u00f3 c\u00e8ltica.<\/p><p>Els Sluagh, en ga\u00e8lic \u00abhoste\u00bb, s\u00f3n un col\u00b7lectiu d&#8217;\u00e0nimes inquietes en el <span class=\"iwg-fachbegriff\" data-tooltip=\"La cultura popular transmesa amb costums, relats i can\u00e7ons.\" tabindex=\"0\">folklore<\/span> c\u00e8ltic (sobretot escoc\u00e8s-ga\u00e8lic i irland\u00e8s). Formen un eixam volador al cel nocturn, passen amb un gran estr\u00e8pit i poden emportar-se els moribunds dels seus llits.<\/p><p>Es diu que penetren especialment per la finestra oest; per aix\u00f2, en moltes regions costaneres de l&#8217;oest d&#8217;Esc\u00f2cia, la banda oest de la casa del moribund va romandre tancada i coberta fins al segle XX.<\/p><p>Com a figura col\u00b7lectiva dels morts no redimits, els Sluagh es situen al costat de la <a href=\"https:\/\/iwell-guard.com\/ca\/?page_id=171384\">Banshee<\/a> i el <a href=\"https:\/\/iwell-guard.com\/ca\/?page_id=171388\">Dullahan<\/a> com a expressi\u00f3 de la relaci\u00f3 c\u00e8ltica amb la mort: no un adversari individual, sin\u00f3 una comunitat dels no redimits. La figura t\u00e9 paral\u00b7lels amb la \u00abCacera Salvatge\u00bb germ\u00e0nica, amb les <a href=\"https:\/\/iwell-guard.com\/ca\/keres\/\">Keres<\/a> gregues i amb els <a href=\"https:\/\/iwell-guard.com\/ca\/gallu\/\">Gallu<\/a> mesopot\u00e0mics. En la recepci\u00f3 moderna de la fantasia, continua ben viva.<\/p><div><p><strong>Tradici\u00f3 escocesa-irlandesa dels hostes dels morts<\/strong><\/p><p>El <em>Sluagh<\/em> (irland\u00e8s \u00abmultitud\u00bb o \u00abhoste\u00bb) apareix en tradicions escoceses i irlandeses com una multitud de morts que travessen el paisatge de nit. En ga\u00e8lic escoc\u00e8s, l&#8217;\u00e9sser sovint rep el nom de <em>sluagh s\u00eddhe<\/em> (hoste dels turons de les fades) o <em>sluagh gaoithe<\/em> (hoste del vent).<\/p><p>Aix\u00f2 suggereix una ambival\u00e8ncia: els Sluagh podrien estar formats per fades caigudes o per \u00e0nimes humanes inquietes; les fonts no ho aclareixen de manera definitiva.<\/p><p>John Gregorson Campbell, un folklorista escoc\u00e8s del segle XIX, va documentar en les seves col\u00b7leccions els Sluagh com una aparici\u00f3 nocturna, davant la qual calia mantenir les finestres tancades perqu\u00e8 l&#8217;hoste no penetr\u00e9s a la casa. Aquestes precaucions es van estandarditzar regionalment, la qual cosa indica que la creen\u00e7a no era una simple fantasia individual, sin\u00f3 que estava arrelada col\u00b7lectivament.<\/p><\/div>\t\t\t\t\t\t\t\t<\/div>\n\t\t\t\t\t<\/div>\n\t\t\t\t<\/div>\n\t\t<div class=\"elementor-element elementor-element-159dcf9a e-flex e-con-boxed e-con e-child\" data-id=\"159dcf9a\" data-element_type=\"container\" data-e-type=\"container\">\n\t\t\t\t\t<div class=\"e-con-inner\">\n\t\t\t\t<div class=\"elementor-element elementor-element-48cee66f elementor-widget elementor-widget-heading\" data-id=\"48cee66f\" data-element_type=\"widget\" data-e-type=\"widget\" data-widget_type=\"heading.default\">\n\t\t\t\t\t<h2 class=\"elementor-heading-title elementor-size-default\">D'un cop d'ull: Sluagh<\/h2>\t\t\t\t<\/div>\n\t\t\t\t<div class=\"elementor-element elementor-element-3f50d82c elementor-widget elementor-widget-text-editor\" data-id=\"3f50d82c\" data-element_type=\"widget\" data-e-type=\"widget\" data-widget_type=\"text-editor.default\">\n\t\t\t\t\t\t\t\t\t<p><strong>Tipus:<\/strong> Col\u00b7lectiu d&#8217;\u00e0nimes inquietes, hoste voladora dels morts<br>Origen: morts no redimits, pecadors, oblidats<br>Textos: tradici\u00f3 popular escocesa i irlandesa, Evans-Wentz<br>Per\u00edode: des de l&#8217;edat mitjana fins a l&#8217;actualitat<br>Defensa: finestra oest tancada, creus, sal, ferro<\/p>\t\t\t\t\t\t\t\t<\/div>\n\t\t\t\t\t<\/div>\n\t\t\t\t<\/div>\n\t\t\t\t\t<\/div>\n\t\t\t\t<\/div>\n\t\t\t\t\t<\/div>\n\t\t\t\t<\/div>\n\t\t<div class=\"elementor-element elementor-element-18613602 e-flex e-con-boxed e-con e-parent\" data-id=\"18613602\" data-element_type=\"container\" data-e-type=\"container\">\n\t\t\t\t\t<div class=\"e-con-inner\">\n\t\t\t\t<div class=\"elementor-element elementor-element-262b8a9f elementor-widget elementor-widget-heading\" data-id=\"262b8a9f\" data-element_type=\"widget\" data-e-type=\"widget\" data-widget_type=\"heading.default\">\n\t\t\t\t\t<h2 class=\"elementor-heading-title elementor-size-default\">Contextualitzaci\u00f3 hist\u00f2rica<\/h2>\t\t\t\t<\/div>\n\t\t<div class=\"elementor-element elementor-element-46dcb7d e-con-full e-flex e-con e-child\" data-id=\"46dcb7d\" data-element_type=\"container\" data-e-type=\"container\">\n\t\t<div class=\"elementor-element elementor-element-61d3ab3 e-flex e-con-boxed e-con e-child\" data-id=\"61d3ab3\" data-element_type=\"container\" data-e-type=\"container\">\n\t\t\t\t\t<div class=\"e-con-inner\">\n\t\t\t\t<div class=\"elementor-element elementor-element-117c166 elementor-widget elementor-widget-heading\" data-id=\"117c166\" data-element_type=\"widget\" data-e-type=\"widget\" data-widget_type=\"heading.default\">\n\t\t\t\t\t<div class=\"elementor-heading-title elementor-size-default\">Per\u00edode dels textos<\/div>\t\t\t\t<\/div>\n\t\t\t\t<div class=\"elementor-element elementor-element-73997a0 elementor-widget elementor-widget-text-editor\" data-id=\"73997a0\" data-element_type=\"widget\" data-e-type=\"widget\" data-widget_type=\"text-editor.default\">\n\t\t\t\t\t\t\t\t\t<p><span data-nosnippet>Fonts ga\u00e8liques medievals, pres\u00e8ncia densa en la literatura popular escocesa i irlandesa, \u00e0mpliament documentada a <em>Fairy-Faith in Celtic Countries<\/em> d&#8217;Evans-Wentz (1911) i en les col\u00b7leccions de Lady Gregory i J. F. Campbell.<\/span><\/p>\t\t\t\t\t\t\t\t<\/div>\n\t\t\t\t\t<\/div>\n\t\t\t\t<\/div>\n\t\t<div class=\"elementor-element elementor-element-d47b156 e-flex e-con-boxed e-con e-child\" data-id=\"d47b156\" data-element_type=\"container\" data-e-type=\"container\">\n\t\t\t\t\t<div class=\"e-con-inner\">\n\t\t\t\t<div class=\"elementor-element elementor-element-ff38c2b elementor-widget elementor-widget-heading\" data-id=\"ff38c2b\" data-element_type=\"widget\" data-e-type=\"widget\" data-widget_type=\"heading.default\">\n\t\t\t\t\t<div class=\"elementor-heading-title elementor-size-default\">\u00c0rea de difusi\u00f3<\/div>\t\t\t\t<\/div>\n\t\t\t\t<div class=\"elementor-element elementor-element-4e49fcc elementor-widget elementor-widget-text-editor\" data-id=\"4e49fcc\" data-element_type=\"widget\" data-e-type=\"widget\" data-widget_type=\"text-editor.default\">\n\t\t\t\t\t\t\t\t\t<p>Principalment l&#8217;Esc\u00f2cia ga\u00e8lica (H\u00e8brides, Highlands) i Irlanda. Motius similars en la tradici\u00f3 bretona (<em>anaon<\/em>, els morts). La \u00abCacera Salvatge\u00bb germ\u00e0nica hi \u00e9s estructuralment emparentada.<\/p>\t\t\t\t\t\t\t\t<\/div>\n\t\t\t\t\t<\/div>\n\t\t\t\t<\/div>\n\t\t\t\t<\/div>\n\t\t<div class=\"elementor-element elementor-element-db03c39 e-con-full e-flex e-con e-child\" data-id=\"db03c39\" data-element_type=\"container\" data-e-type=\"container\">\n\t\t<div class=\"elementor-element elementor-element-229a87b e-flex e-con-boxed e-con e-child\" data-id=\"229a87b\" data-element_type=\"container\" data-e-type=\"container\">\n\t\t\t\t\t<div class=\"e-con-inner\">\n\t\t\t\t<div class=\"elementor-element elementor-element-1f471fc elementor-widget elementor-widget-heading\" data-id=\"1f471fc\" data-element_type=\"widget\" data-e-type=\"widget\" data-widget_type=\"heading.default\">\n\t\t\t\t\t<div class=\"elementor-heading-title elementor-size-default\">Estat de les fonts<\/div>\t\t\t\t<\/div>\n\t\t\t\t<div class=\"elementor-element elementor-element-36b1201 elementor-widget elementor-widget-text-editor\" data-id=\"36b1201\" data-element_type=\"widget\" data-e-type=\"widget\" data-widget_type=\"text-editor.default\">\n\t\t\t\t\t\t\t\t\t<p><span data-nosnippet><em>Popular Tales of the West Highlands<\/em> de J. F. Campbell (1860, 62), Evans-Wentz, <em>Carmina Gadelica<\/em> d&#8217;Alexander Carmichael (1900), arxius de <span class=\"iwg-fachbegriff\" data-tooltip=\"Ci\u00e8ncia que estudia la cultura quotidiana, els costums i les creences transmeses.\" tabindex=\"0\">folklore<\/span> de les H\u00e8brides, treballs etnogr\u00e0fics moderns sobre l&#8217;oest d&#8217;Esc\u00f2cia.<\/span><\/p>\t\t\t\t\t\t\t\t<\/div>\n\t\t\t\t\t<\/div>\n\t\t\t\t<\/div>\n\t\t\t\t<\/div>\n\t\t\t\t\t<\/div>\n\t\t\t\t<\/div>\n\t\t<div class=\"elementor-element elementor-element-3ae0637c e-flex e-con-boxed e-con e-parent\" data-id=\"3ae0637c\" data-element_type=\"container\" data-e-type=\"container\">\n\t\t\t\t\t<div class=\"e-con-inner\">\n\t\t\t\t<div class=\"elementor-element elementor-element-31d07739 elementor-widget elementor-widget-heading\" data-id=\"31d07739\" data-element_type=\"widget\" data-e-type=\"widget\" data-widget_type=\"heading.default\">\n\t\t\t\t\t<h2 class=\"elementor-heading-title elementor-size-default\">Denominaci\u00f3 i grafies<\/h2>\t\t\t\t<\/div>\n\t\t<div class=\"elementor-element elementor-element-b7642947 e-con-full e-flex e-con e-child\" data-id=\"b7642947\" data-element_type=\"container\" data-e-type=\"container\">\n\t\t\t\t<div class=\"elementor-element elementor-element-a086266 elementor-widget elementor-widget-text-editor\" data-id=\"a086266\" data-element_type=\"widget\" data-e-type=\"widget\" data-widget_type=\"text-editor.default\">\n\t\t\t\t\t\t\t\t\t<p><strong>Ga\u00e8lic escoc\u00e8s:<\/strong> <em>sluagh<\/em>; <em>sluagh na marbh<\/em>, \u00abhoste dels morts\u00bb; <em>sluagh s\u00ecth<\/em>, \u00abhoste dels turons\u00bb.<br>Irland\u00e8s: <em>slua<\/em>, <em>sluagh<\/em>, poc utilitzat com a terme individual; m\u00e9s aviat com a denominaci\u00f3 col\u00b7lectiva per als morts inquiets.<br>Emparentats: bret\u00f3 <em>anaon<\/em>; Cacera Salvatge germ\u00e0nica; franc\u00e8s del nord <em>Mesnie Hellequin<\/em>.<\/p><p>La paraula ga\u00e8lica <em>sluagh<\/em> significa originalment simplement \u00abhoste\u00bb, qualsevol multitud de gent. En la tradici\u00f3 popular, es restringeix a l&#8217;hoste dels morts.<\/p>\t\t\t\t\t\t\t\t<\/div>\n\t\t\t\t<\/div>\n\t\t\t\t\t<\/div>\n\t\t\t\t<\/div>\n\t\t<div class=\"elementor-element elementor-element-709a44a8 e-flex e-con-boxed e-con e-parent\" data-id=\"709a44a8\" data-element_type=\"container\" data-e-type=\"container\">\n\t\t\t\t\t<div class=\"e-con-inner\">\n\t\t\t\t<div class=\"elementor-element elementor-element-2f585873 elementor-widget elementor-widget-heading\" data-id=\"2f585873\" data-element_type=\"widget\" data-e-type=\"widget\" data-widget_type=\"heading.default\">\n\t\t\t\t\t<h2 class=\"elementor-heading-title elementor-size-default\">Descripci\u00f3<\/h2>\t\t\t\t<\/div>\n\t\t<div class=\"elementor-element elementor-element-70621c12 e-con-full e-flex e-con e-child\" data-id=\"70621c12\" data-element_type=\"container\" data-e-type=\"container\">\n\t\t\t\t<div class=\"elementor-element elementor-element-4296eb49 elementor-widget elementor-widget-text-editor\" data-id=\"4296eb49\" data-element_type=\"widget\" data-e-type=\"widget\" data-widget_type=\"text-editor.default\">\n\t\t\t\t\t\t\t\t\t<p><strong>Aparen\u00e7a<\/strong><\/p><p>Estol d&#8217;ocells foscos al cel del capvespre, amb un batec d&#8217;ales inusualment soroll\u00f3s. O estol d&#8217;ombres negres que es mouen com n\u00favols. Els sluagh individuals de vegades s&#8217;individualitzen (amb cares, veus lamentoses), per\u00f2 se solen percebre com a col\u00b7lectiu.<\/p><p><strong>Comportament<\/strong><\/p><p>Es desplacen a trav\u00e9s de la nit, especialment cap a l&#8217;oest. Poden arrabassar els moribunds dels seus llits i incorporar-los al seu seguici, i llavors l&#8217;\u00e0nima passa a formar part de l&#8217;host. De vegades s&#8217;aturen sobre les cases; un soroll lament\u00f3s que baixa per la xemeneia es considera un senyal que alg\u00fa de la casa els seguir\u00e0.<\/p><p><strong>\u00c0mbit d&#8217;acci\u00f3<\/strong><\/p><p>L&#8217;aire sobre les cases, especialment al capvespre i durant la nit. Les cambres de moribunds, sobretot si la finestra de ponent est\u00e0 oberta. Els cementiris i els seus voltants en certes nits de transici\u00f3.<\/p><p><strong>Classificaci\u00f3 mitol\u00f2gica<\/strong><\/p><p>Formen part del m\u00f3n dels Aes S\u00eddhe, per\u00f2 al marge fosc: els sluagh no s\u00f3n els habitants dels turons, sin\u00f3 els que no van trobar cap tur\u00f3. En la interpretaci\u00f3 cristianitzada, s\u00f3n les \u00e0nimes que no arriben ni al cel ni a l&#8217;infern.<\/p><div><p><strong>James Macpherson i la recepci\u00f3 d&#8217;Ossian<\/strong><\/p><p><span data-nosnippet>James <span class=\"iwg-fachbegriff\" tabindex=\"0\" data-tooltip=\"James Macpherson (1736\u20131796); poeta escoc\u00e8s; autor dels fragments d'Ossian (a partir de 1760).\">Macpherson<\/span> va publicar el 1760 <em>Fragments of Ancient Poetry<\/em>, presumptament originaris del poeta ga\u00e8lic Ossian. Macpherson va presentar aquestes obres com a textos medievals aut\u00e8ntics, cosa que m\u00e9s tard es va revelar una falsificaci\u00f3.<\/span><\/p><p>Tot i aix\u00f2, aquests textos van tenir un impacte cultural enorme. El concepte dels sluagh apareix als poemes d&#8217;Ossian, refor\u00e7at per la interpretaci\u00f3 rom\u00e0ntica de Macpherson com una host tr\u00e0gica dels morts, una lectura que abans no havia estat tan central.<\/p><p>La ficci\u00f3 ossi\u00e0nica de Macpherson va influir de manera duradora en la percepci\u00f3 cultural de les tradicions escoceses i irlandeses. A trav\u00e9s d&#8217;aquesta mediaci\u00f3 liter\u00e0ria, els sluagh es van romantitzar i es van difondre a un p\u00fablic europeu m\u00e9s ampli. Els historiadors encara discuteixen quant de la concepci\u00f3 moderna dels sluagh prov\u00e9 de la tradici\u00f3 real i quant prov\u00e9 de la ficci\u00f3 de Macpherson.<\/p><\/div>\t\t\t\t\t\t\t\t<\/div>\n\t\t\t\t<\/div>\n\t\t\t\t\t<\/div>\n\t\t\t\t<\/div>\n\t\t<div class=\"elementor-element elementor-element-44e71476 e-flex e-con-boxed e-con e-parent\" data-id=\"44e71476\" data-element_type=\"container\" data-e-type=\"container\">\n\t\t\t\t\t<div class=\"e-con-inner\">\n\t\t\t\t<div class=\"elementor-element elementor-element-3c1fc3f0 elementor-widget elementor-widget-heading\" data-id=\"3c1fc3f0\" data-element_type=\"widget\" data-e-type=\"widget\" data-widget_type=\"heading.default\">\n\t\t\t\t\t<h2 class=\"elementor-heading-title elementor-size-default\">Fitxa: Sluagh<\/h2>\t\t\t\t<\/div>\n\t\t<div class=\"elementor-element elementor-element-84f33b8e e-con-full e-flex e-con e-child\" data-id=\"84f33b8e\" data-element_type=\"container\" data-e-type=\"container\">\n\t\t\t\t<div class=\"elementor-element elementor-element-hqkdc67p elementor-widget elementor-widget-text-editor\" data-id=\"hqkdc67p\" data-element_type=\"widget\" data-e-type=\"widget\" data-widget_type=\"text-editor.default\">\n\t\t\t\t\t\t\t\t\t<p>Els aspectes m\u00e9s importants dels sluagh d&#8217;una ullada.<\/p>\t\t\t\t\t\t\t\t<\/div>\n\t\t\t\t<\/div>\n\t\t<div class=\"elementor-element elementor-element-pemmx7c5 e-con-full e-flex e-con e-child\" data-id=\"pemmx7c5\" data-element_type=\"container\" data-e-type=\"container\">\n\t\t<div class=\"elementor-element elementor-element-pemmx7c1 e-con-full e-flex e-con e-child\" data-id=\"pemmx7c1\" data-element_type=\"container\" data-e-type=\"container\">\n\t\t<div class=\"elementor-element elementor-element-qh9oavvu iwg-steckbrief-card e-flex e-con-boxed e-con e-child\" data-id=\"qh9oavvu\" data-element_type=\"container\" data-e-type=\"container\">\n\t\t\t\t\t<div class=\"e-con-inner\">\n\t\t\t\t<div class=\"elementor-element elementor-element-awzx8k2k elementor-widget elementor-widget-heading\" data-id=\"awzx8k2k\" data-element_type=\"widget\" data-e-type=\"widget\" data-widget_type=\"heading.default\">\n\t\t\t\t\t<div class=\"elementor-heading-title elementor-size-default\">Tradici\u00f3<\/div>\t\t\t\t<\/div>\n\t\t\t\t<div class=\"elementor-element elementor-element-x6rowhv0 elementor-widget elementor-widget-text-editor\" data-id=\"x6rowhv0\" data-element_type=\"widget\" data-e-type=\"widget\" data-widget_type=\"text-editor.default\">\n\t\t\t\t\t\t\t\t\t<p>Col\u00b7lectiu d&#8217;\u00e0nimes no redimides, morts pecadors, oblidats o negligits. No s\u00f3n figures individuals, sin\u00f3 un estol.<\/p>\t\t\t\t\t\t\t\t<\/div>\n\t\t\t\t\t<\/div>\n\t\t\t\t<\/div>\n\t\t<div class=\"elementor-element elementor-element-8e3o4kxs iwg-steckbrief-card e-flex e-con-boxed e-con e-child\" data-id=\"8e3o4kxs\" data-element_type=\"container\" data-e-type=\"container\">\n\t\t\t\t\t<div class=\"e-con-inner\">\n\t\t\t\t<div class=\"elementor-element elementor-element-08rkdgov elementor-widget elementor-widget-heading\" data-id=\"08rkdgov\" data-element_type=\"widget\" data-e-type=\"widget\" data-widget_type=\"heading.default\">\n\t\t\t\t\t<div class=\"elementor-heading-title elementor-size-default\">Objectiu dels sluagh<\/div>\t\t\t\t<\/div>\n\t\t\t\t<div class=\"elementor-element elementor-element-uwjelx8s elementor-widget elementor-widget-text-editor\" data-id=\"uwjelx8s\" data-element_type=\"widget\" data-e-type=\"widget\" data-widget_type=\"text-editor.default\">\n\t\t\t\t\t\t\t\t\t<p>Persones moribundes als seus llits, especialment si la finestra de ponent est\u00e0 oberta. En una interpretaci\u00f3 m\u00e9s \u00e0mplia: persones en situacions l\u00edmit entre la vida i la mort.<\/p>\t\t\t\t\t\t\t\t<\/div>\n\t\t\t\t\t<\/div>\n\t\t\t\t<\/div>\n\t\t<div class=\"elementor-element elementor-element-jm2n74ec iwg-steckbrief-card e-flex e-con-boxed e-con e-child\" data-id=\"jm2n74ec\" data-element_type=\"container\" data-e-type=\"container\">\n\t\t\t\t\t<div class=\"e-con-inner\">\n\t\t\t\t<div class=\"elementor-element elementor-element-8vufse4c elementor-widget elementor-widget-heading\" data-id=\"8vufse4c\" data-element_type=\"widget\" data-e-type=\"widget\" data-widget_type=\"heading.default\">\n\t\t\t\t\t<div class=\"elementor-heading-title elementor-size-default\">Forma<\/div>\t\t\t\t<\/div>\n\t\t\t\t<div class=\"elementor-element elementor-element-mwb9u015 elementor-widget elementor-widget-text-editor\" data-id=\"mwb9u015\" data-element_type=\"widget\" data-e-type=\"widget\" data-widget_type=\"text-editor.default\">\n\t\t\t\t\t\t\t\t\t<p>Estol d&#8217;ocells foscos o d&#8217;ombres, amb un batec d&#8217;ales soroll\u00f3s. De vegades s&#8217;hi veuen cares individuals, per\u00f2 normalment es perceben com a col\u00b7lectiu.<\/p>\t\t\t\t\t\t\t\t<\/div>\n\t\t\t\t\t<\/div>\n\t\t\t\t<\/div>\n\t\t\t\t<\/div>\n\t\t<div class=\"elementor-element elementor-element-pemmx7c2 e-con-full e-flex e-con e-child\" data-id=\"pemmx7c2\" data-element_type=\"container\" data-e-type=\"container\">\n\t\t<div class=\"elementor-element elementor-element-37ss2yr6 iwg-steckbrief-card e-flex e-con-boxed e-con e-child\" data-id=\"37ss2yr6\" data-element_type=\"container\" data-e-type=\"container\">\n\t\t\t\t\t<div class=\"e-con-inner\">\n\t\t\t\t<div class=\"elementor-element elementor-element-3v0wp3wx elementor-widget elementor-widget-heading\" data-id=\"3v0wp3wx\" data-element_type=\"widget\" data-e-type=\"widget\" data-widget_type=\"heading.default\">\n\t\t\t\t\t<div class=\"elementor-heading-title elementor-size-default\">\u00c0mbit d'acci\u00f3<\/div>\t\t\t\t<\/div>\n\t\t\t\t<div class=\"elementor-element elementor-element-w3247g2m elementor-widget elementor-widget-text-editor\" data-id=\"w3247g2m\" data-element_type=\"widget\" data-e-type=\"widget\" data-widget_type=\"text-editor.default\">\n\t\t\t\t\t\t\t\t\t<p>Arrabassa els moribunds i s&#8217;emporta les \u00e0nimes cap a l&#8217;infram\u00f3n. El seu pas mateix porta desgr\u00e0cia a les cases que travessa.<\/p>\t\t\t\t\t\t\t\t<\/div>\n\t\t\t\t\t<\/div>\n\t\t\t\t<\/div>\n\t\t<div class=\"elementor-element elementor-element-0qpjal9w iwg-steckbrief-card e-flex e-con-boxed e-con e-child\" data-id=\"0qpjal9w\" data-element_type=\"container\" data-e-type=\"container\">\n\t\t\t\t\t<div class=\"e-con-inner\">\n\t\t\t\t<div class=\"elementor-element elementor-element-6ndoih0o elementor-widget elementor-widget-heading\" data-id=\"6ndoih0o\" data-element_type=\"widget\" data-e-type=\"widget\" data-widget_type=\"heading.default\">\n\t\t\t\t\t<div class=\"elementor-heading-title elementor-size-default\">Protecci\u00f3<\/div>\t\t\t\t<\/div>\n\t\t\t\t<div class=\"elementor-element elementor-element-6684tyh9 elementor-widget elementor-widget-text-editor\" data-id=\"6684tyh9\" data-element_type=\"widget\" data-e-type=\"widget\" data-widget_type=\"text-editor.default\">\n\t\t\t\t\t\t\t\t\t<p>Tancar i cobrir la finestra de ponent en cas de mort; creus i imatges sagrades a la cambra del moribund; sal als llindars; ferro al marc de la finestra. Quan passa el seguici dels sluagh: refugiar-se a les cases i no sortir als camps.<\/p>\t\t\t\t\t\t\t\t<\/div>\n\t\t\t\t\t<\/div>\n\t\t\t\t<\/div>\n\t\t<div class=\"elementor-element elementor-element-3lfi7x32 iwg-steckbrief-card e-flex e-con-boxed e-con e-child\" data-id=\"3lfi7x32\" data-element_type=\"container\" data-e-type=\"container\">\n\t\t\t\t\t<div class=\"e-con-inner\">\n\t\t\t\t<div class=\"elementor-element elementor-element-0kg99ga1 elementor-widget elementor-widget-heading\" data-id=\"0kg99ga1\" data-element_type=\"widget\" data-e-type=\"widget\" data-widget_type=\"heading.default\">\n\t\t\t\t\t<div class=\"elementor-heading-title elementor-size-default\">Paral\u00b7lels dels sluagh<\/div>\t\t\t\t<\/div>\n\t\t\t\t<div class=\"elementor-element elementor-element-n0fum6kp elementor-widget elementor-widget-text-editor\" data-id=\"n0fum6kp\" data-element_type=\"widget\" data-e-type=\"widget\" data-widget_type=\"text-editor.default\">\n\t\t\t\t\t\t\t\t\t<p>La Cacera Salvatge (germ\u00e0nica), les <a href=\"https:\/\/iwell-guard.com\/ca\/keres\/\">Keres<\/a>, la Mesnie Hellequin (francesa), els <a href=\"https:\/\/iwell-guard.com\/ca\/gallu\/\">Gallu<\/a>, els anaon bretons.<\/p>\t\t\t\t\t\t\t\t<\/div>\n\t\t\t\t\t<\/div>\n\t\t\t\t<\/div>\n\t\t\t\t<\/div>\n\t\t\t\t<\/div>\n\t\t\t\t\t<\/div>\n\t\t\t\t<\/div>\n\t\t<div class=\"elementor-element elementor-element-7533bc7a e-flex e-con-boxed e-con e-parent\" data-id=\"7533bc7a\" data-element_type=\"container\" data-e-type=\"container\">\n\t\t\t\t\t<div class=\"e-con-inner\">\n\t\t\t\t<div class=\"elementor-element elementor-element-2447d18d elementor-widget elementor-widget-heading\" data-id=\"2447d18d\" data-element_type=\"widget\" data-e-type=\"widget\" data-widget_type=\"heading.default\">\n\t\t\t\t\t<h2 class=\"elementor-heading-title elementor-size-default\">Pr\u00e0ctica de protecci\u00f3<\/h2>\t\t\t\t<\/div>\n\t\t<div class=\"elementor-element elementor-element-d5d0260c e-con-full e-flex e-con e-child\" data-id=\"d5d0260c\" data-element_type=\"container\" data-e-type=\"container\">\n\t\t\t\t<div class=\"elementor-element elementor-element-341be2ac elementor-widget elementor-widget-text-editor\" data-id=\"341be2ac\" data-element_type=\"widget\" data-e-type=\"widget\" data-widget_type=\"text-editor.default\">\n\t\t\t\t\t\t\t\t\t<p><strong>Pr\u00e0ctica del llit de mort<\/strong><\/p><p>En la creen\u00e7a popular de l&#8217;oest d&#8217;Esc\u00f2cia, quan alg\u00fa es trobava moribund, es tancava la finestra de ponent amb pany i es cobria amb un drap. Algunes fam\u00edlies deixaven oberta una finestra a la banda nord perqu\u00e8 l&#8217;\u00e0nima pogu\u00e8s sortir per all\u00e0, per\u00f2 mai cap a l&#8217;oest, on esperen els sluagh.<\/p><p><strong>Protecci\u00f3 de la llar<\/strong><\/p><p>Rastres de sal davant les finestres de ponent i a les entrades de les cases. Claus de ferro al marc de la finestra. Espelmes enceses que no es podien deixar apagar. Les preg\u00e0ries de la Carmina Gadelica (recopilaci\u00f3 d&#8217;Alexander Carmichael) inclouen textos propis contra els sluagh.<\/p><p><strong>Comportament davant l&#8217;aparici\u00f3<\/strong><\/p><p>Quan passen els sluagh, la gent fuig cap a les cases. Mai s&#8217;ha de sortir als camps ni mirar al cel. En algunes tradicions, la gent es tira a terra i es cobreix la cara i les orelles fins que el seguici ha passat.<\/p>\t\t\t\t\t\t\t\t<\/div>\n\t\t\t\t<\/div>\n\t\t\t\t\t<\/div>\n\t\t\t\t<\/div>\n\t\t<div class=\"elementor-element elementor-element-5a584676 e-flex e-con-boxed e-con e-parent\" data-id=\"5a584676\" data-element_type=\"container\" data-e-type=\"container\">\n\t\t\t\t\t<div class=\"e-con-inner\">\n\t\t\t\t<div class=\"elementor-element elementor-element-6d0757bf elementor-widget elementor-widget-heading\" data-id=\"6d0757bf\" data-element_type=\"widget\" data-e-type=\"widget\" data-widget_type=\"heading.default\">\n\t\t\t\t\t<h2 class=\"elementor-heading-title elementor-size-default\">Paral\u00b7lels i significat<\/h2>\t\t\t\t<\/div>\n\t\t<div class=\"elementor-element elementor-element-60563f68 e-con-full e-flex e-con e-child\" data-id=\"60563f68\" data-element_type=\"container\" data-e-type=\"container\">\n\t\t\t\t<div class=\"elementor-element elementor-element-5a93fdd6 elementor-widget elementor-widget-text-editor\" data-id=\"5a93fdd6\" data-element_type=\"widget\" data-e-type=\"widget\" data-widget_type=\"text-editor.default\">\n\t\t\t\t\t\t\t\t\t<p><strong>Paral\u00b7lels europeus:<\/strong> La \u00abCacera Salvatge\u00bb germ\u00e0nica, encap\u00e7alada per Odin o un ca\u00e7ador m\u00edtic amb un seguici de morts, \u00e9s estructuralment el paral\u00b7lel m\u00e9s proper. La Mesnie Hellequin a Fran\u00e7a, l&#8217;Host Furiosa en algunes zones d&#8217;Alemanya, els anaon bretons, tots comparteixen el <span class=\"iwg-fachbegriff\" data-tooltip=\"Un element de contingut recurrent en l'art o la narrativa.\" tabindex=\"0\">motiu<\/span> del col\u00b7lectiu de morts volador.<\/p><p><strong>Paral\u00b7lels de l&#8217;<span class=\"iwg-fachbegriff\" data-tooltip=\"\u00c8poca de la cultura grega i romana, aproximadament del 800 a. C. al 600 d. C.\" tabindex=\"0\">antiguitat<\/span><\/strong><\/p><p>Les <a href=\"https:\/\/iwell-guard.com\/ca\/keres\/\">Keres<\/a> sobre el camp de batalla i els <a href=\"https:\/\/iwell-guard.com\/ca\/gallu\/\">Gallu<\/a> com a executors de l&#8217;infram\u00f3n mostren imatges col\u00b7lectives de la mort estructuralment similars.<\/p><p><strong>Context cultural:<\/strong> La concepci\u00f3 dels sluagh reflecteix la tensi\u00f3 c\u00e8ltica entre la mort i l&#8217;Altre M\u00f3n: no tot \u00e9s acollit, i alguna cosa queda inquietantment enmig. Aquest <span class=\"iwg-fachbegriff\" data-tooltip=\"Un element de contingut recurrent en l'art o la narrativa.\" tabindex=\"0\">motiu<\/span> va rebre una capa addicional d&#8217;actualitzaci\u00f3 sota les condicions colonials i la Gran Fam, com a imatge de traumes hist\u00f2rics.<\/p><div><p><strong>Funci\u00f3 cosmol\u00f2gica i el l\u00edmit entre la vida i la mort<\/strong><\/p><p>En les concepcions c\u00e8ltiques, els sluagh marquen un l\u00edmit entre el m\u00f3n dels vius i l&#8217;Altre M\u00f3n. No estan condemnats en el sentit cristi\u00e0, sin\u00f3 que s\u00f3n transitoris, \u00e9ssers que vaguen entre mons.<\/p><p>Aquesta posici\u00f3 cosmol\u00f2gica distingeix els sluagh d&#8217;altres \u00e9ssers demon\u00edacs, que existeixen per si mateixos. Els sluagh s\u00f3n m\u00e9s aviat una manifestaci\u00f3 d&#8217;una inquietud col\u00b7lectiva, d&#8217;una transici\u00f3 que no s&#8217;ha completat.<\/p><p>La literatura moderna d&#8217;hist\u00f2ria de les religions tracta els sluagh com una externalitzaci\u00f3 cultural del dol i la p\u00e8rdua, una forma en qu\u00e8 les societats gestionen els seus morts i els assignen narrativament un espai. Aquesta interpretaci\u00f3 psicol\u00f2gica o social no substitueix la interpretaci\u00f3 sobrenatural, sin\u00f3 que la complementa.<\/p><\/div>\t\t\t\t\t\t\t\t<\/div>\n\t\t\t\t<\/div>\n\t\t\t\t\t<\/div>\n\t\t\t\t<\/div>\n\t\t<div class=\"elementor-element elementor-element-cp11d2237 e-flex e-con-boxed e-con e-parent\" data-id=\"cp11d2237\" data-element_type=\"container\" data-e-type=\"container\">\n\t\t\t\t\t<div class=\"e-con-inner\">\n\t\t\t\t<div class=\"elementor-element elementor-element-cpe310340 elementor-widget elementor-widget-heading\" data-id=\"cpe310340\" data-element_type=\"widget\" data-e-type=\"widget\" data-widget_type=\"heading.default\">\n\t\t\t\t\t<h2 class=\"elementor-heading-title elementor-size-default\">L'host dels morts de la tradici\u00f3 ga\u00e8lica<\/h2>\t\t\t\t<\/div>\n\t\t<div class=\"elementor-element elementor-element-cp3533826 e-con-full e-flex e-con e-child\" data-id=\"cp3533826\" data-element_type=\"container\" data-e-type=\"container\">\n\t\t\t\t<div class=\"elementor-element elementor-element-cpffc10cc elementor-widget elementor-widget-text-editor\" data-id=\"cpffc10cc\" data-element_type=\"widget\" data-e-type=\"widget\" data-widget_type=\"text-editor.default\">\n\t\t\t\t\t\t\t\t\t<p>El <em>sluagh<\/em> (ga\u00e8lic per a ex\u00e8rcit, hoste, multitud), sovint anomenat <em>sluagh sidhe<\/em> en la <span class=\"iwg-fachbegriff\" data-tooltip=\"La cultura popular transmesa, amb costums, relats i can\u00e7ons.\" tabindex=\"0\">folklore<\/span>, l&#8217;ex\u00e8rcit de l&#8217;Altre M\u00f3n, \u00e9s una de les figures m\u00e9s inquietants de la tradici\u00f3 ga\u00e8lica escocesa i irlandesa.<\/p><p>A difer\u00e8ncia d&#8217;un <span class=\"iwg-fachbegriff\" data-tooltip=\"Un \u00e9sser incorpori al qual s'atribueix acci\u00f3 en el m\u00f3n.\" tabindex=\"0\">esperit<\/span> individual, el <em>sluagh<\/em> \u00e9s un \u00e9sser col\u00b7lectiu: una host voladora d&#8217;esperits que travessa l&#8217;aire de la nit.<\/p><p>Segons la creen\u00e7a estesa, es tracta dels esperits dels morts inquiets, sovint especialment de les \u00e0nimes dels pecadors, dels no batejats o de persones a qui no s&#8217;obre ni el cel ni la terra ni un Altre M\u00f3n ordenat.<\/p><p>Testimonis importants sobre el <em>sluagh<\/em> provenen de les grans recopilacions de <span class=\"iwg-fachbegriff\" data-tooltip=\"La cultura popular transmesa, amb costums, relats i can\u00e7ons.\" tabindex=\"0\">folklore<\/span> escoc\u00e8s, sobretot del <em>Carmina Gadelica<\/em> d&#8217;Alexander Carmichael, que a finals del segle XIX va recollir preg\u00e0ries, benediccions i tradicions de religiositat popular a les illes escoceses i a les Highlands.<\/p><p>All\u00e0 el <em>sluagh<\/em> apareix com una host que combat a l&#8217;aire, de la qual es podien veure els senyals a l&#8217;alba en forma de taques de sang sobre les roques, i que arriba des de l&#8217;oest.<\/p><p>La interpretaci\u00f3 des de la ci\u00e8ncia de la religi\u00f3 destaca la barreja de capes. En el <em>sluagh<\/em> es combinen concepcions precristianes d&#8217;una host errant d&#8217;esperits amb la preocupaci\u00f3 cristiana pel dest\u00ed de l&#8217;\u00e0nima despr\u00e9s de la mort, especialment de les \u00e0nimes que no arriben a la pau.<\/p><p>L&#8217;ex\u00e8rcit dels morts \u00e9s, per tant, menys una figura mitol\u00f2gica clarament delimitada que un punt de converg\u00e8ncia on es condensen <span class=\"iwg-fachbegriff\" data-tooltip=\"Creences i costums religiosos estesos en la vida quotidiana.\" tabindex=\"0\">creen\u00e7a popular<\/span>, concepci\u00f3 cristiana de l&#8217;ultratomba i l&#8217;experi\u00e8ncia de la tempesta i dels sorolls nocturns.<\/p>\t\t\t\t\t\t\t\t<\/div>\n\t\t\t\t<\/div>\n\t\t\t\t\t<\/div>\n\t\t\t\t<\/div>\n\t\t<div class=\"elementor-element elementor-element-cp02db394 e-flex e-con-boxed e-con e-parent\" data-id=\"cp02db394\" data-element_type=\"container\" data-e-type=\"container\">\n\t\t\t\t\t<div class=\"e-con-inner\">\n\t\t\t\t<div class=\"elementor-element elementor-element-cpfddb6fa elementor-widget elementor-widget-heading\" data-id=\"cpfddb6fa\" data-element_type=\"widget\" data-e-type=\"widget\" data-widget_type=\"heading.default\">\n\t\t\t\t\t<h2 class=\"elementor-heading-title elementor-size-default\">Direcci\u00f3, finestres i la protecci\u00f3 contra el sluagh<\/h2>\t\t\t\t<\/div>\n\t\t<div class=\"elementor-element elementor-element-cp060deeb e-con-full e-flex e-con e-child\" data-id=\"cp060deeb\" data-element_type=\"container\" data-e-type=\"container\">\n\t\t\t\t<div class=\"elementor-element elementor-element-cp8b7ac6d elementor-widget elementor-widget-text-editor\" data-id=\"cp8b7ac6d\" data-element_type=\"widget\" data-e-type=\"widget\" data-widget_type=\"text-editor.default\">\n\t\t\t\t\t\t\t\t\t<p>En la creen\u00e7a popular viscuda, el <em>sluagh<\/em> estava associat a normes de precauci\u00f3 concretes. Una idea molt estesa tenia a veure amb el punt cardinal: l&#8217;oest es considerava el costat perill\u00f3s, d&#8217;on venia l&#8217;ex\u00e8rcit dels morts, l&#8217;oest era alhora la direcci\u00f3 de la posta de sol i, en la tradici\u00f3 ga\u00e8lica, s&#8217;associava amb el pa\u00eds dels morts.<\/p><p>D&#8217;aix\u00f2 derivava el costum de mantenir tancades les finestres orientades a l&#8217;oest a prop dels moribunds o durant la nit, perqu\u00e8 el <em>sluagh<\/em> no pogu\u00e9s entrar i endur-se l&#8217;\u00e0nima d&#8217;un moribund.<\/p><p>Perqu\u00e8 es deia del <em>sluagh<\/em> que arrossegava les persones amb ell. Qui es trobava de nit a la intemp\u00e8rie, especialment persones febles, moribundes o descurades, corria el risc de ser atrapat i endut per la host.<\/p><p>En alguns relats, el <em>sluagh<\/em> fins i tot obliga la persona capturada a participar en les seves malifetes, per exemple disparant una fletxa contra el bestiar o contra altres persones. L&#8217;ex\u00e8rcit no \u00e9s, doncs, nom\u00e9s una amena\u00e7a externa, sin\u00f3 que pot arrossegar la persona cap al seu propi actuar destructiu.<\/p><p>La protecci\u00f3 contra el <em>sluagh<\/em> consistia, per tant, sobretot en l&#8217;evitaci\u00f3 i la protecci\u00f3: quedar-se a casa de nit, assegurar finestres i portes orientades a la direcci\u00f3 perillosa, no deixar els moribunds sols ni sense protecci\u00f3. Carmichael tamb\u00e9 transmet preg\u00e0ries de benedicci\u00f3 i protecci\u00f3 que pertanyen a aquest \u00e0mbit.<\/p><p>Llegit cient\u00edficament, el <em>sluagh<\/em> funciona com a explicaci\u00f3 de morts sobtades, de pors nocturnes i de la desaparici\u00f3 de persones, i alhora com una advert\u00e8ncia per no travessar amb lleugeresa el llindar entre el dia i la nit, l&#8217;interior i l&#8217;exterior, la vida i la mort.<\/p>\t\t\t\t\t\t\t\t<\/div>\n\t\t\t\t<\/div>\n\t\t\t\t\t<\/div>\n\t\t\t\t<\/div>\n\t\t<div class=\"elementor-element elementor-element-36dd7469 e-flex e-con-boxed e-con e-parent\" data-id=\"36dd7469\" data-element_type=\"container\" data-e-type=\"container\">\n\t\t\t\t\t<div class=\"e-con-inner\">\n\t\t\t\t<div class=\"elementor-element elementor-element-13760ab4 elementor-widget elementor-widget-heading\" data-id=\"13760ab4\" data-element_type=\"widget\" data-e-type=\"widget\" data-widget_type=\"heading.default\">\n\t\t\t\t\t<div class=\"elementor-heading-title elementor-size-default\">Enlla\u00e7os relacionats<\/div>\t\t\t\t<\/div>\n\t\t<div class=\"elementor-element elementor-element-28c87796 e-con-full e-flex e-con e-child\" data-id=\"28c87796\" data-element_type=\"container\" data-e-type=\"container\">\n\t\t\t\t<div class=\"elementor-element elementor-element-5d6538df elementor-widget elementor-widget-text-editor\" data-id=\"5d6538df\" data-element_type=\"widget\" data-e-type=\"widget\" data-widget_type=\"text-editor.default\">\n\t\t\t\t\t\t\t\t\t<p>Enlla\u00e7os interns recomanats:<\/p><ul><li><a href=\"https:\/\/iwell-guard.com\/ca\/?page_id=171367\">C\u00e8ltic<\/a><\/li><li><a href=\"https:\/\/iwell-guard.com\/ca\/?page_id=171384\">Banshee<\/a>, <a href=\"https:\/\/iwell-guard.com\/ca\/?page_id=171386\">Cailleach<\/a>, P\u00faca, <a href=\"https:\/\/iwell-guard.com\/ca\/?page_id=171388\">Dullahan<\/a><\/li><li><a href=\"https:\/\/iwell-guard.com\/ca\/keres\/\">Keres<\/a>, <a href=\"https:\/\/iwell-guard.com\/ca\/gallu\/\">Gallu<\/a> (paral\u00b7lelismes)<\/li><li>Cacera Salvatge (germ\u00e0nica)<\/li><li>Carmina Gadelica<\/li><\/ul>\t\t\t\t\t\t\t\t<\/div>\n\t\t\t\t<\/div>\n\t\t\t\t\t<\/div>\n\t\t\t\t<\/div>\n\t\t<div class=\"elementor-element elementor-element-grl4kl40 e-flex e-con-boxed e-con e-parent\" data-id=\"grl4kl40\" data-element_type=\"container\" data-e-type=\"container\">\n\t\t\t\t\t<div class=\"e-con-inner\">\n\t\t\t\t<div class=\"elementor-element elementor-element-bzsbfrmh elementor-widget elementor-widget-heading\" data-id=\"bzsbfrmh\" data-element_type=\"widget\" data-e-type=\"widget\" data-widget_type=\"heading.default\">\n\t\t\t\t\t<h2 class=\"elementor-heading-title elementor-size-default\">Bibliografia (selecci\u00f3)<\/h2>\t\t\t\t<\/div>\n\t\t<div class=\"elementor-element elementor-element-2c13224a e-con-full e-flex e-con e-child\" data-id=\"2c13224a\" data-element_type=\"container\" data-e-type=\"container\">\n\t\t\t\t<div class=\"elementor-element elementor-element-0eymh9ub elementor-widget elementor-widget-text-editor\" data-id=\"0eymh9ub\" data-element_type=\"widget\" data-e-type=\"widget\" data-widget_type=\"text-editor.default\">\n\t\t\t\t\t\t\t\t\t<footer class=\"iwg-literatur\"><p>Una selecci\u00f3 d&#8217;obres centrals sobre Sluagh:<\/p><ul><li><span data-nosnippet>Carmichael, Alexander: <em>Carmina Gadelica<\/em>. 6 vols. Edinburgh 1900, 71.<\/span><\/li><li><span data-nosnippet>Evans-Wentz, W. Y.: <em>The Fairy-Faith in Celtic Countries<\/em>. Oxford 1911.<\/span><\/li><li><span data-nosnippet>Campbell, J. F.: <em>Popular Tales of the West Highlands<\/em>. Edinburgh 1860, 62.<\/span><\/li><li><span data-nosnippet>MacInnes, John: <em>D\u00f9thchas nan G\u00e0idheal<\/em>. Edinburgh 2006.<\/span><\/li><li><span data-nosnippet>Black, Ronald: <em>The Gaelic Otherworld<\/em>. Edinburgh 2005.<\/span><\/li><\/ul><div data-nosnippet=\"true\" class=\"iwg-litliste\"><\/div><\/footer>\n<p class=\"iwg-bib-more\"><span data-nosnippet>M\u00e9s obres de refer\u00e8ncia al <a href=\"https:\/\/iwell-guard.com\/ca\/?page_id=171483\">llistat bibliogr\u00e0fic<\/a>.<\/span><\/p>\t\t\t\t\t\t\t\t<\/div>\n\t\t\t\t<\/div>\n\t\t\t\t\t<\/div>\n\t\t\t\t<\/div>\n\t\t<div class=\"elementor-element elementor-element-iwgca-sluagh-sec e-flex e-con-boxed e-con e-parent\" data-id=\"iwgca-sluagh-sec\" data-element_type=\"container\" data-e-type=\"container\" id=\"iwg-ca-sluagh\">\n\t\t\t\t\t<div class=\"e-con-inner\">\n\t\t\t\t<div class=\"elementor-element elementor-element-iwgca-sluagh-te iwg-ca-textwrap elementor-widget elementor-widget-text-editor\" data-id=\"iwgca-sluagh-te\" data-element_type=\"widget\" data-e-type=\"widget\" data-widget_type=\"text-editor.default\">\n\t\t\t\t\t\t\t\t\t<div data-nosnippet=\"true\"><p class=\"iwg-ca-bridge\">La pr\u00e0ctica de protecci\u00f3 descrita aqu\u00ed \u00e9s una interpretaci\u00f3 cient\u00edfica de tradicions hist\u00f2riques. iWell Guard s&#8217;inscriu en aquesta l\u00ednia cultural d&#8217;objectes de protecci\u00f3 portables i en representa una forma contempor\u00e0nia. <a href=\"\/ueber-iwell-guard\/?utm_source=iwell-guard.com&#038;utm_medium=text-link&#038;utm_campaign=schadwesen-tradition\">M\u00e9s sobre iWell Guard \u2192<\/a><\/p><\/div>\t\t\t\t\t\t\t\t<\/div>\n\t\t\t\t\t<\/div>\n\t\t\t\t<\/div>\n\t\t\t\t<\/div>\n\t\t","protected":false},"excerpt":{"rendered":"","protected":false},"author":3,"featured_media":1703,"parent":0,"menu_order":0,"comment_status":"closed","ping_status":"closed","template":"elementor_header_footer","meta":{"_yoast_wpseo_focuskw":"Sluagh","_yoast_wpseo_title":"Sluagh - L'hoste male\u00efda dels morts, \u00e0nimes voladores sense llar","_yoast_wpseo_metadesc":"Els Sluagh, en ga\u00e8lic \u00abhoste\u00bb, s\u00f3n un col\u00b7lectiu d'\u00e0nimes inquietes en el folklore c\u00e8ltic (sobretot escoc\u00e8s-ga\u00e8lic i irland\u00e8s).","_yoast_wpseo_meta-robots-noindex":"","_yoast_wpseo_canonical":"","_angie_page":false,"gefaehrdungsstufe":"4","wesen_kultur":"keltisch","wesen_klasse":"geister","footnotes":""},"categories":[],"class_list":["post-171385","page","type-page","status-publish","has-post-thumbnail","hentry"],"yoast_head":"<!-- This site is optimized with the Yoast SEO Premium plugin v27.7 (Yoast SEO v28.3) - https:\/\/yoast.com\/product\/yoast-seo-premium-wordpress\/ -->\n<title>Sluagh - L&#039;hoste male\u00efda dels morts, \u00e0nimes voladores sense llar<\/title>\n<meta name=\"description\" content=\"Els Sluagh, en ga\u00e8lic \u00abhoste\u00bb, s\u00f3n un col\u00b7lectiu d&#039;\u00e0nimes inquietes en el folklore c\u00e8ltic (sobretot escoc\u00e8s-ga\u00e8lic i irland\u00e8s).\" \/>\n<meta name=\"robots\" content=\"index, follow, max-snippet:-1, max-image-preview:large, max-video-preview:-1\" \/>\n<link rel=\"canonical\" href=\"https:\/\/iwell-guard.com\/ca\/sluagh\/\" \/>\n<meta property=\"og:locale\" content=\"ca_ES\" \/>\n<meta property=\"og:type\" content=\"article\" \/>\n<meta property=\"og:title\" content=\"Sluagh\" \/>\n<meta property=\"og:description\" content=\"Els Sluagh, en ga\u00e8lic \u00abhoste\u00bb, s\u00f3n un col\u00b7lectiu d&#039;\u00e0nimes inquietes en el folklore c\u00e8ltic (sobretot escoc\u00e8s-ga\u00e8lic i irland\u00e8s).\" \/>\n<meta property=\"og:url\" content=\"https:\/\/iwell-guard.com\/ca\/sluagh\/\" \/>\n<meta property=\"og:site_name\" content=\"iWell Guard\" \/>\n<meta property=\"article:modified_time\" content=\"2026-09-05T15:56:23+00:00\" \/>\n<meta property=\"og:image\" content=\"https:\/\/iwell-guard.com\/wp-content\/uploads\/2026\/04\/geister_keltisch_sluagh.webp\" \/>\n\t<meta property=\"og:image:width\" content=\"1024\" \/>\n\t<meta property=\"og:image:height\" content=\"1536\" \/>\n\t<meta property=\"og:image:type\" content=\"image\/webp\" \/>\n<meta name=\"twitter:card\" content=\"summary_large_image\" \/>\n<script type=\"application\/ld+json\" class=\"yoast-schema-graph\">{\"@context\":\"https:\\\/\\\/schema.org\",\"@graph\":[{\"@type\":\"WebPage\",\"@id\":\"https:\\\/\\\/iwell-guard.com\\\/ca\\\/sluagh\\\/\",\"url\":\"https:\\\/\\\/iwell-guard.com\\\/ca\\\/sluagh\\\/\",\"name\":\"Sluagh - L'hoste male\u00efda dels morts, \u00e0nimes voladores sense llar\",\"isPartOf\":{\"@id\":\"https:\\\/\\\/iwell-guard.com\\\/ca\\\/#website\"},\"primaryImageOfPage\":{\"@id\":\"https:\\\/\\\/iwell-guard.com\\\/ca\\\/sluagh\\\/#primaryimage\"},\"image\":{\"@id\":\"https:\\\/\\\/iwell-guard.com\\\/ca\\\/sluagh\\\/#primaryimage\"},\"thumbnailUrl\":\"https:\\\/\\\/iwell-guard.com\\\/wp-content\\\/uploads\\\/2026\\\/04\\\/geister_keltisch_sluagh.webp\",\"datePublished\":\"2026-09-05T15:38:57+00:00\",\"dateModified\":\"2026-09-05T15:56:23+00:00\",\"description\":\"Els Sluagh, en ga\u00e8lic \u00abhoste\u00bb, s\u00f3n un col\u00b7lectiu d'\u00e0nimes inquietes en el folklore c\u00e8ltic (sobretot escoc\u00e8s-ga\u00e8lic i irland\u00e8s).\",\"breadcrumb\":{\"@id\":\"https:\\\/\\\/iwell-guard.com\\\/ca\\\/sluagh\\\/#breadcrumb\"},\"inLanguage\":\"ca\",\"potentialAction\":[{\"@type\":\"ReadAction\",\"target\":[\"https:\\\/\\\/iwell-guard.com\\\/ca\\\/sluagh\\\/\"]}]},{\"@type\":\"ImageObject\",\"inLanguage\":\"ca\",\"@id\":\"https:\\\/\\\/iwell-guard.com\\\/ca\\\/sluagh\\\/#primaryimage\",\"url\":\"https:\\\/\\\/iwell-guard.com\\\/wp-content\\\/uploads\\\/2026\\\/04\\\/geister_keltisch_sluagh.webp\",\"contentUrl\":\"https:\\\/\\\/iwell-guard.com\\\/wp-content\\\/uploads\\\/2026\\\/04\\\/geister_keltisch_sluagh.webp\",\"width\":1024,\"height\":1536,\"caption\":\"Esperits de la tradici\u00f3 c\u00e8ltica.\"},{\"@type\":\"BreadcrumbList\",\"@id\":\"https:\\\/\\\/iwell-guard.com\\\/ca\\\/sluagh\\\/#breadcrumb\",\"itemListElement\":[{\"@type\":\"ListItem\",\"position\":1,\"name\":\"Start\",\"item\":\"https:\\\/\\\/iwell-guard.com\\\/ca\\\/?page_id=171333\"},{\"@type\":\"ListItem\",\"position\":2,\"name\":\"Sluagh\"}]},{\"@type\":\"WebSite\",\"@id\":\"https:\\\/\\\/iwell-guard.com\\\/ca\\\/#website\",\"url\":\"https:\\\/\\\/iwell-guard.com\\\/ca\\\/\",\"name\":\"iWell Guard\",\"description\":\"Schutz vor dunklen Einfl\u00fcssen\",\"publisher\":{\"@id\":\"https:\\\/\\\/iwell-guard.com\\\/ca\\\/#organization\"},\"potentialAction\":[{\"@type\":\"SearchAction\",\"target\":{\"@type\":\"EntryPoint\",\"urlTemplate\":\"https:\\\/\\\/iwell-guard.com\\\/ca\\\/?s={search_term_string}\"},\"query-input\":{\"@type\":\"PropertyValueSpecification\",\"valueRequired\":true,\"valueName\":\"search_term_string\"}}],\"inLanguage\":\"ca\"},{\"@type\":\"Organization\",\"@id\":\"https:\\\/\\\/iwell-guard.com\\\/ca\\\/#organization\",\"name\":\"Ittermann electronic GmbH\",\"url\":\"https:\\\/\\\/iwell-guard.com\\\/ca\\\/\",\"logo\":{\"@type\":\"ImageObject\",\"inLanguage\":\"ca\",\"@id\":\"https:\\\/\\\/iwell-guard.com\\\/ca\\\/#\\\/schema\\\/logo\\\/image\\\/\",\"url\":\"https:\\\/\\\/iwell-guard.com\\\/wp-content\\\/uploads\\\/2026\\\/05\\\/Ittermann-Logo-1182x237-1.png\",\"contentUrl\":\"https:\\\/\\\/iwell-guard.com\\\/wp-content\\\/uploads\\\/2026\\\/05\\\/Ittermann-Logo-1182x237-1.png\",\"width\":1182,\"height\":237,\"caption\":\"Ittermann electronic GmbH\"},\"image\":{\"@id\":\"https:\\\/\\\/iwell-guard.com\\\/ca\\\/#\\\/schema\\\/logo\\\/image\\\/\"},\"sameAs\":[\"https:\\\/\\\/pantip.com\\\/profile\\\/9367242\",\"https:\\\/\\\/micro.blog\\\/iwellguard\",\"https:\\\/\\\/www.diggerslist.com\\\/iwellguard\\\/about\",\"https:\\\/\\\/skitterphoto.com\\\/photographers\\\/2870314\\\/iwell-guard\",\"https:\\\/\\\/iwellguard.wordpress.com\\\/2026\\\/06\\\/06\\\/iwell-guard\\\/\",\"https:\\\/\\\/hub.docker.com\\\/u\\\/iwellguard\",\"https:\\\/\\\/www.pinterest.com\\\/iwellguard\\\/\",\"https:\\\/\\\/bit.ly\\\/m\\\/iwellguard\",\"https:\\\/\\\/entre-vos-mains.alsace.eu\\\/profiles\\\/iwellguard\\\/activity\",\"https:\\\/\\\/gravatar.com\\\/reallybeded8fd34\",\"https:\\\/\\\/naijamatta.com\\\/iwellguard\",\"https:\\\/\\\/www.goodreads.com\\\/iwellguard\",\"https:\\\/\\\/profile.hatena.ne.jp\\\/iwellguard\\\/\",\"https:\\\/\\\/experiment.com\\\/users\\\/iwellguard\",\"https:\\\/\\\/wakelet.com\\\/@iWellGuard82270\",\"https:\\\/\\\/www.chordie.com\\\/forum\\\/profile.php?id=2555664\",\"https:\\\/\\\/www.instapaper.com\\\/p\\\/17757966\",\"https:\\\/\\\/www.mapleprimes.com\\\/users\\\/iwellguard\",\"https:\\\/\\\/businesslistingplus.com\\\/profile\\\/iwell-guard\\\/\",\"https:\\\/\\\/telegra.ph\\\/iWell-Guard-06-06\",\"https:\\\/\\\/pbase.com\\\/iwellguard\\\/iwellguard\",\"https:\\\/\\\/b.hatena.ne.jp\\\/iwellguard\\\/20260607#bookmark-4788405196491818882\",\"https:\\\/\\\/fliphtml5.com\\\/home\\\/iwellguard\",\"https:\\\/\\\/anyflip.com\\\/homepage\\\/cmiwl#About\",\"https:\\\/\\\/transfur.com\\\/Users\\\/iwellguard\",\"http:\\\/\\\/delphi.larsbo.org\\\/user\\\/iwellguard\",\"https:\\\/\\\/jobs.lajobsportal.org\\\/profiles\\\/8380803-iwell-guard\",\"https:\\\/\\\/md.chaosdorf.de\\\/s\\\/jfbe5SBdJD\",\"https:\\\/\\\/www.lingvolive.com\\\/en-us\\\/profile\\\/9ecaeaca-ce11-4e51-9e71-01d55e2bff36\\\/translations\",\"https:\\\/\\\/www.fitday.com\\\/fitness\\\/forums\\\/members\\\/iwellguard.html\",\"https:\\\/\\\/www.mymeetbook.com\\\/iwellguard\",\"https:\\\/\\\/pxhere.com\\\/en\\\/photographer-me\\\/5040798\",\"https:\\\/\\\/disqus.com\\\/by\\\/iwellguard\\\/about\\\/\",\"https:\\\/\\\/pastelink.net\\\/hjwciqwq\",\"https:\\\/\\\/pubhtml5.com\\\/homepage\\\/scjhn\\\/\",\"https:\\\/\\\/www.bitchute.com\\\/channel\\\/2O2eOKzNqujT\",\"https:\\\/\\\/audiomack.com\\\/iwellguard\"]},{\"@type\":\"Article\",\"@id\":\"https:\\\/\\\/iwell-guard.com\\\/ca\\\/sluagh\\\/#article\",\"isPartOf\":{\"@id\":\"https:\\\/\\\/iwell-guard.com\\\/ca\\\/sluagh\\\/\"},\"author\":{\"name\":\"Ralf Ittermann\",\"@id\":\"https:\\\/\\\/iwell-guard.com\\\/ca\\\/#\\\/schema\\\/person\\\/ee2a27f1cac3406c7c6fb5820cb7349f\"},\"headline\":\"Sluagh\",\"datePublished\":\"2026-09-05T15:38:57+00:00\",\"dateModified\":\"2026-09-05T15:56:23+00:00\",\"mainEntityOfPage\":{\"@id\":\"https:\\\/\\\/iwell-guard.com\\\/ca\\\/sluagh\\\/\"},\"publisher\":{\"@id\":\"https:\\\/\\\/iwell-guard.com\\\/ca\\\/#organization\"},\"image\":{\"@id\":\"https:\\\/\\\/iwell-guard.com\\\/ca\\\/sluagh\\\/#primaryimage\"},\"thumbnailUrl\":\"https:\\\/\\\/iwell-guard.com\\\/wp-content\\\/uploads\\\/2026\\\/04\\\/geister_keltisch_sluagh.webp\",\"inLanguage\":\"ca\",\"description\":\"Els Sluagh, en ga\u00e8lic \u00abhoste\u00bb, s\u00f3n un col\u00b7lectiu d'\u00e0nimes inquietes en el folklore c\u00e8ltic (sobretot escoc\u00e8s-ga\u00e8lic i irland\u00e8s).\"}]}<\/script>\n<!-- \/ Yoast SEO Premium plugin. -->","yoast_head_json":{"title":"Sluagh - L'hoste male\u00efda dels morts, \u00e0nimes voladores sense llar","description":"Els Sluagh, en ga\u00e8lic \u00abhoste\u00bb, s\u00f3n un col\u00b7lectiu d'\u00e0nimes inquietes en el folklore c\u00e8ltic (sobretot escoc\u00e8s-ga\u00e8lic i irland\u00e8s).","robots":{"index":"index","follow":"follow","max-snippet":"max-snippet:-1","max-image-preview":"max-image-preview:large","max-video-preview":"max-video-preview:-1"},"canonical":"https:\/\/iwell-guard.com\/ca\/sluagh\/","og_locale":"ca_ES","og_type":"article","og_title":"Sluagh","og_description":"Els Sluagh, en ga\u00e8lic \u00abhoste\u00bb, s\u00f3n un col\u00b7lectiu d'\u00e0nimes inquietes en el folklore c\u00e8ltic (sobretot escoc\u00e8s-ga\u00e8lic i irland\u00e8s).","og_url":"https:\/\/iwell-guard.com\/ca\/sluagh\/","og_site_name":"iWell Guard","article_modified_time":"2026-09-05T15:56:23+00:00","og_image":[{"width":1024,"height":1536,"url":"https:\/\/iwell-guard.com\/wp-content\/uploads\/2026\/04\/geister_keltisch_sluagh.webp","type":"image\/webp"}],"twitter_card":"summary_large_image","schema":{"@context":"https:\/\/schema.org","@graph":[{"@type":"Article","@id":"https:\/\/iwell-guard.com\/ca\/sluagh\/#article","isPartOf":{"@id":"https:\/\/iwell-guard.com\/ca\/sluagh\/"},"author":{"name":"Ralf Ittermann","@id":"https:\/\/iwell-guard.com\/ca\/#\/schema\/person\/ee2a27f1cac3406c7c6fb5820cb7349f"},"headline":"Sluagh","datePublished":"2026-09-05T15:38:57+00:00","dateModified":"2026-09-05T15:56:23+00:00","mainEntityOfPage":{"@id":"https:\/\/iwell-guard.com\/ca\/sluagh\/"},"publisher":{"@id":"https:\/\/iwell-guard.com\/ca\/#organization"},"image":{"@id":"https:\/\/iwell-guard.com\/ca\/sluagh\/#primaryimage"},"thumbnailUrl":"https:\/\/iwell-guard.com\/wp-content\/uploads\/2026\/04\/geister_keltisch_sluagh.webp","inLanguage":"ca","description":"Els Sluagh, en ga\u00e8lic \u00abhoste\u00bb, s\u00f3n un col\u00b7lectiu d'\u00e0nimes inquietes en el folklore c\u00e8ltic (sobretot escoc\u00e8s-ga\u00e8lic i irland\u00e8s)."},{"@type":"WebPage","@id":"https:\/\/iwell-guard.com\/ca\/sluagh\/","url":"https:\/\/iwell-guard.com\/ca\/sluagh\/","name":"Sluagh - L'hoste male\u00efda dels morts, \u00e0nimes voladores sense llar","isPartOf":{"@id":"https:\/\/iwell-guard.com\/ca\/#website"},"primaryImageOfPage":{"@id":"https:\/\/iwell-guard.com\/ca\/sluagh\/#primaryimage"},"image":{"@id":"https:\/\/iwell-guard.com\/ca\/sluagh\/#primaryimage"},"thumbnailUrl":"https:\/\/iwell-guard.com\/wp-content\/uploads\/2026\/04\/geister_keltisch_sluagh.webp","datePublished":"2026-09-05T15:38:57+00:00","dateModified":"2026-09-05T15:56:23+00:00","description":"Els Sluagh, en ga\u00e8lic \u00abhoste\u00bb, s\u00f3n un col\u00b7lectiu d'\u00e0nimes inquietes en el folklore c\u00e8ltic (sobretot escoc\u00e8s-ga\u00e8lic i irland\u00e8s).","breadcrumb":{"@id":"https:\/\/iwell-guard.com\/ca\/sluagh\/#breadcrumb"},"inLanguage":"ca","potentialAction":[{"@type":"ReadAction","target":["https:\/\/iwell-guard.com\/ca\/sluagh\/"]}]},{"@type":"ImageObject","inLanguage":"ca","@id":"https:\/\/iwell-guard.com\/ca\/sluagh\/#primaryimage","url":"https:\/\/iwell-guard.com\/wp-content\/uploads\/2026\/04\/geister_keltisch_sluagh.webp","contentUrl":"https:\/\/iwell-guard.com\/wp-content\/uploads\/2026\/04\/geister_keltisch_sluagh.webp","width":1024,"height":1536,"caption":"Esperits de la tradici\u00f3 c\u00e8ltica."},{"@type":"BreadcrumbList","@id":"https:\/\/iwell-guard.com\/ca\/sluagh\/#breadcrumb","itemListElement":[{"@type":"ListItem","position":1,"name":"Start","item":"https:\/\/iwell-guard.com\/ca\/?page_id=171333"},{"@type":"ListItem","position":2,"name":"Sluagh"}]},{"@type":"WebSite","@id":"https:\/\/iwell-guard.com\/ca\/#website","url":"https:\/\/iwell-guard.com\/ca\/","name":"iWell Guard","description":"Schutz vor dunklen Einfl\u00fcssen","publisher":{"@id":"https:\/\/iwell-guard.com\/ca\/#organization"},"potentialAction":[{"@type":"SearchAction","target":{"@type":"EntryPoint","urlTemplate":"https:\/\/iwell-guard.com\/ca\/?s={search_term_string}"},"query-input":{"@type":"PropertyValueSpecification","valueRequired":true,"valueName":"search_term_string"}}],"inLanguage":"ca"},{"@type":"Organization","@id":"https:\/\/iwell-guard.com\/ca\/#organization","name":"Ittermann electronic GmbH","url":"https:\/\/iwell-guard.com\/ca\/","logo":{"@type":"ImageObject","inLanguage":"ca","@id":"https:\/\/iwell-guard.com\/ca\/#\/schema\/logo\/image\/","url":"https:\/\/iwell-guard.com\/wp-content\/uploads\/2026\/05\/Ittermann-Logo-1182x237-1.png","contentUrl":"https:\/\/iwell-guard.com\/wp-content\/uploads\/2026\/05\/Ittermann-Logo-1182x237-1.png","width":1182,"height":237,"caption":"Ittermann electronic GmbH"},"image":{"@id":"https:\/\/iwell-guard.com\/ca\/#\/schema\/logo\/image\/"},"sameAs":["https:\/\/pantip.com\/profile\/9367242","https:\/\/micro.blog\/iwellguard","https:\/\/www.diggerslist.com\/iwellguard\/about","https:\/\/skitterphoto.com\/photographers\/2870314\/iwell-guard","https:\/\/iwellguard.wordpress.com\/2026\/06\/06\/iwell-guard\/","https:\/\/hub.docker.com\/u\/iwellguard","https:\/\/www.pinterest.com\/iwellguard\/","https:\/\/bit.ly\/m\/iwellguard","https:\/\/entre-vos-mains.alsace.eu\/profiles\/iwellguard\/activity","https:\/\/gravatar.com\/reallybeded8fd34","https:\/\/naijamatta.com\/iwellguard","https:\/\/www.goodreads.com\/iwellguard","https:\/\/profile.hatena.ne.jp\/iwellguard\/","https:\/\/experiment.com\/users\/iwellguard","https:\/\/wakelet.com\/@iWellGuard82270","https:\/\/www.chordie.com\/forum\/profile.php?id=2555664","https:\/\/www.instapaper.com\/p\/17757966","https:\/\/www.mapleprimes.com\/users\/iwellguard","https:\/\/businesslistingplus.com\/profile\/iwell-guard\/","https:\/\/telegra.ph\/iWell-Guard-06-06","https:\/\/pbase.com\/iwellguard\/iwellguard","https:\/\/b.hatena.ne.jp\/iwellguard\/20260607#bookmark-4788405196491818882","https:\/\/fliphtml5.com\/home\/iwellguard","https:\/\/anyflip.com\/homepage\/cmiwl#About","https:\/\/transfur.com\/Users\/iwellguard","http:\/\/delphi.larsbo.org\/user\/iwellguard","https:\/\/jobs.lajobsportal.org\/profiles\/8380803-iwell-guard","https:\/\/md.chaosdorf.de\/s\/jfbe5SBdJD","https:\/\/www.lingvolive.com\/en-us\/profile\/9ecaeaca-ce11-4e51-9e71-01d55e2bff36\/translations","https:\/\/www.fitday.com\/fitness\/forums\/members\/iwellguard.html","https:\/\/www.mymeetbook.com\/iwellguard","https:\/\/pxhere.com\/en\/photographer-me\/5040798","https:\/\/disqus.com\/by\/iwellguard\/about\/","https:\/\/pastelink.net\/hjwciqwq","https:\/\/pubhtml5.com\/homepage\/scjhn\/","https:\/\/www.bitchute.com\/channel\/2O2eOKzNqujT","https:\/\/audiomack.com\/iwellguard"]},{"@type":"Person","@id":"https:\/\/iwell-guard.com\/ca\/#\/schema\/person\/ee2a27f1cac3406c7c6fb5820cb7349f","name":"Ralf Ittermann","image":{"@type":"ImageObject","inLanguage":"ca","@id":"https:\/\/secure.gravatar.com\/avatar\/073c0153e350a5005b68eb752b445fea71f6b24a26da9449ad7e155e6b446c9d?s=96&d=mm&r=g","url":"https:\/\/secure.gravatar.com\/avatar\/073c0153e350a5005b68eb752b445fea71f6b24a26da9449ad7e155e6b446c9d?s=96&d=mm&r=g","contentUrl":"https:\/\/secure.gravatar.com\/avatar\/073c0153e350a5005b68eb752b445fea71f6b24a26da9449ad7e155e6b446c9d?s=96&d=mm&r=g","caption":"Ralf Ittermann"},"givenName":"Ralf","familyName":"Ittermann","jobTitle":"Gesch\u00e4ftsf\u00fchrer und redaktioneller Verantwortlicher","url":"https:\/\/iwell-guard.com\/ca\/author\/claude\/","description":"Ralf Ittermann ist Gesch\u00e4ftsf\u00fchrer der Ittermann electronic GmbH und redaktioneller Verantwortlicher des iWell-Guard-Lexikons. Er verbindet langj\u00e4hrige Erfahrung in der Pr\u00e4zisionsfertigung mit medialer Praxis und religionsgeschichtlicher Quellenarbeit.","worksFor":{"@type":"Organization","name":"Ittermann electronic GmbH","url":"https:\/\/ittermann.de\/","address":{"@type":"PostalAddress","streetAddress":"K\u00f6hlergasse 16-18","postalCode":"99842","addressLocality":"Ruhla","addressCountry":"DE"}},"knowsAbout":["Religionsgeschichte","Mythologie","Mediale Praxis","Energetische Diagnostik","Schutzpraxis","Volksglauben","Westliche Esoterik"]},{"@type":"Article","@id":"https:\/\/iwell-guard.com\/ca\/sluagh\/#article","isPartOf":{"@id":"https:\/\/iwell-guard.com\/ca\/sluagh\/"},"author":{"name":"Ralf Ittermann","@id":"https:\/\/iwell-guard.com\/ca\/#\/schema\/person\/ee2a27f1cac3406c7c6fb5820cb7349f"},"headline":"Sluagh","datePublished":"2026-09-05T15:38:57+00:00","dateModified":"2026-09-05T15:56:23+00:00","mainEntityOfPage":{"@id":"https:\/\/iwell-guard.com\/ca\/sluagh\/"},"publisher":{"@id":"https:\/\/iwell-guard.com\/ca\/#organization"},"image":{"@id":"https:\/\/iwell-guard.com\/ca\/sluagh\/#primaryimage"},"thumbnailUrl":"https:\/\/iwell-guard.com\/wp-content\/uploads\/2026\/04\/geister_keltisch_sluagh.webp","inLanguage":"ca","description":"Els Sluagh, en ga\u00e8lic \u00abhoste\u00bb, s\u00f3n un col\u00b7lectiu d'\u00e0nimes inquietes en el folklore c\u00e8ltic (sobretot escoc\u00e8s-ga\u00e8lic i irland\u00e8s)."}]}},"_links":{"self":[{"href":"https:\/\/iwell-guard.com\/ca\/wp-json\/wp\/v2\/pages\/171385","targetHints":{"allow":["GET"]}}],"collection":[{"href":"https:\/\/iwell-guard.com\/ca\/wp-json\/wp\/v2\/pages"}],"about":[{"href":"https:\/\/iwell-guard.com\/ca\/wp-json\/wp\/v2\/types\/page"}],"author":[{"embeddable":true,"href":"https:\/\/iwell-guard.com\/ca\/wp-json\/wp\/v2\/users\/3"}],"replies":[{"embeddable":true,"href":"https:\/\/iwell-guard.com\/ca\/wp-json\/wp\/v2\/comments?post=171385"}],"version-history":[{"count":0,"href":"https:\/\/iwell-guard.com\/ca\/wp-json\/wp\/v2\/pages\/171385\/revisions"}],"wp:featuredmedia":[{"embeddable":true,"href":"https:\/\/iwell-guard.com\/ca\/wp-json\/wp\/v2\/media\/1703"}],"wp:attachment":[{"href":"https:\/\/iwell-guard.com\/ca\/wp-json\/wp\/v2\/media?parent=171385"}],"wp:term":[{"taxonomy":"category","embeddable":true,"href":"https:\/\/iwell-guard.com\/ca\/wp-json\/wp\/v2\/categories?post=171385"}],"curies":[{"name":"wp","href":"https:\/\/api.w.org\/{rel}","templated":true}]}}