{"id":171377,"date":"2026-09-05T15:38:52","date_gmt":"2026-09-05T15:38:52","guid":{"rendered":"https:\/\/iwell-guard.com\/?page_id=171377"},"modified":"2026-09-05T15:56:14","modified_gmt":"2026-09-05T15:56:14","slug":"ifrit","status":"publish","type":"page","link":"https:\/\/iwell-guard.com\/ca\/ifrit\/","title":{"rendered":"Ifrit"},"content":{"rendered":"\t\t<div data-elementor-type=\"wp-page\" data-elementor-id=\"171377\" class=\"elementor elementor-171377 elementor-1026\" data-elementor-post-type=\"page\">\n\t\t\t\t<div class=\"elementor-element elementor-element-10fdade e-flex e-con-boxed e-con e-parent\" data-id=\"10fdade\" data-element_type=\"container\" data-e-type=\"container\" data-settings=\"{&quot;background_background&quot;:&quot;classic&quot;}\">\n\t\t\t\t\t<div class=\"e-con-inner\">\n\t\t<div class=\"elementor-element elementor-element-herohlft0 e-flex e-con-boxed e-con e-child\" data-id=\"herohlft0\" data-element_type=\"container\" data-e-type=\"container\">\n\t\t\t\t\t<div class=\"e-con-inner\">\n\t\t<div class=\"elementor-element elementor-element-c3ceb64 e-con-full e-flex e-con e-child\" data-id=\"c3ceb64\" data-element_type=\"container\" data-e-type=\"container\">\n\t\t\t\t<div class=\"elementor-element elementor-element-96ae5e1 elementor-widget elementor-widget-heading\" data-id=\"96ae5e1\" data-element_type=\"widget\" data-e-type=\"widget\" data-widget_type=\"heading.default\">\n\t\t\t\t\t<h1 class=\"elementor-heading-title elementor-size-default\">Ifrit, dimoni de la tradici\u00f3 isl\u00e0mica<\/h1>\t\t\t\t<\/div>\n\t\t\t\t<div class=\"elementor-element elementor-element-e45238a elementor-widget elementor-widget-text-editor\" data-id=\"e45238a\" data-element_type=\"widget\" data-e-type=\"widget\" data-widget_type=\"text-editor.default\">\n\t\t\t\t\t\t\t\t\t<p>Ifrit \u00e9s un <span class=\"iwg-fachbegriff\" data-tooltip=\"Ser espiritual al qual s'atribueix un efecte nociu o ambivalent.\" tabindex=\"0\">dimoni<\/span> de la tradici\u00f3 isl\u00e0mica.<\/p><p>Els poderosos <span class=\"iwg-fachbegriff\" tabindex=\"0\" data-tooltip=\"En l'Alcor\u00e0, \u00e9ssers de foc sense fum amb voluntat pr\u00f2pia, ni \u00e0ngels ni dimonis, sin\u00f3 una creaci\u00f3 independent amb moral pr\u00f2pia.\">jinns<\/span>, \u00e9ssers de foc entre el <span class=\"iwg-fachbegriff\" data-tooltip=\"Un relat transm\u00e8s sobre d\u00e9us, or\u00edgens i l'ordre del m\u00f3n.\" tabindex=\"0\">mite<\/span> de Salom\u00f3 i Les mil i una nits.<\/p>\t\t\t\t\t\t\t\t<\/div>\n\t\t\t\t<\/div>\n\t\t<div class=\"elementor-element elementor-element-klsbdg01 e-con-full e-flex e-con e-parent\" data-id=\"klsbdg01\" data-element_type=\"container\" data-e-type=\"container\">\n\t\t\t\t<div class=\"elementor-element elementor-element-klshtm01 elementor-widget elementor-widget-html\" data-id=\"klshtm01\" data-element_type=\"widget\" data-e-type=\"widget\" data-widget_type=\"html.default\">\n\t\t\t\t\t<div class=\"iwg-pill-row\"><span class=\"iwg-klasse-badge\" tabindex=\"0\" data-tooltip=\"Dimoni: \u00c9sser sobrenatural amb un efecte majorit\u00e0riament perjudicial o ambivalent. Se situa entre els d\u00e9us i els humans, provoca malaltia, temptaci\u00f3 o infortuni, i s'allunya mitjan\u00e7ant conjurs, amulets apotropaics i rituals.\">Dimoni<\/span><a href=\"https:\/\/iwell-guard.com\/ca\/?page_id=171365\" class=\"iwg-kultur-badge\" tabindex=\"0\" data-tooltip=\"M\u00f3n de creences isl\u00e0mic amb arc\u00e0ngels, jinn i \u00e9ssers religiosos.\">Islam<\/a><\/div>\t\t\t\t<\/div>\n\t\t\t\t<\/div>\n\t\t<div class=\"elementor-element elementor-element-3f74855 e-con-full e-flex e-con e-child\" data-id=\"3f74855\" data-element_type=\"container\" data-e-type=\"container\">\n\t\t\t\t<div class=\"elementor-element elementor-element-1c30362 elementor-toc--minimized-on-tablet elementor-widget elementor-widget-table-of-contents\" data-id=\"1c30362\" data-element_type=\"widget\" data-e-type=\"widget\" data-settings=\"{&quot;exclude_headings_by_selector&quot;:[],&quot;no_headings_message&quot;:&quot;No s&#039;ha trobat cap encap\\u00e7alament en aquesta p\\u00e0gina.&quot;,&quot;headings_by_tags&quot;:[&quot;h2&quot;,&quot;h3&quot;],&quot;marker_view&quot;:&quot;bullets&quot;,&quot;icon&quot;:{&quot;value&quot;:&quot;fas fa-circle&quot;,&quot;library&quot;:&quot;fa-solid&quot;,&quot;rendered_tag&quot;:&quot;&lt;svg class=\\&quot;e-font-icon-svg e-fas-circle\\&quot; viewBox=\\&quot;0 0 512 512\\&quot; xmlns=\\&quot;http:\\\/\\\/www.w3.org\\\/2000\\\/svg\\&quot;&gt;&lt;path d=\\&quot;M256 8C119 8 8 119 8 256s111 248 248 248 248-111 248-248S393 8 256 8z\\&quot;&gt;&lt;\\\/path&gt;&lt;\\\/svg&gt;&quot;},&quot;minimize_box&quot;:&quot;yes&quot;,&quot;minimized_on&quot;:&quot;tablet&quot;,&quot;hierarchical_view&quot;:&quot;yes&quot;,&quot;min_height&quot;:{&quot;unit&quot;:&quot;px&quot;,&quot;size&quot;:&quot;&quot;,&quot;sizes&quot;:[]},&quot;min_height_tablet&quot;:{&quot;unit&quot;:&quot;px&quot;,&quot;size&quot;:&quot;&quot;,&quot;sizes&quot;:[]},&quot;min_height_mobile&quot;:{&quot;unit&quot;:&quot;px&quot;,&quot;size&quot;:&quot;&quot;,&quot;sizes&quot;:[]}}\" data-widget_type=\"table-of-contents.default\">\n\t\t\t\t\t\t\t\t\t<div class=\"elementor-toc__header\">\n\t\t\t\t\t\t<h2 class=\"elementor-toc__header-title\">\n\t\t\t\t\u00cdndex\t\t\t<\/h2>\n\t\t\t\t\t\t\t\t\t\t<div class=\"elementor-toc__toggle-button elementor-toc__toggle-button--expand\" role=\"button\" tabindex=\"0\" aria-controls=\"elementor-toc__1c30362\" aria-expanded=\"true\" aria-label=\"Open table of contents\"><svg aria-hidden=\"true\" class=\"e-font-icon-svg e-fas-chevron-down\" viewBox=\"0 0 448 512\" xmlns=\"http:\/\/www.w3.org\/2000\/svg\"><path d=\"M207.029 381.476L12.686 187.132c-9.373-9.373-9.373-24.569 0-33.941l22.667-22.667c9.357-9.357 24.522-9.375 33.901-.04L224 284.505l154.745-154.021c9.379-9.335 24.544-9.317 33.901.04l22.667 22.667c9.373 9.373 9.373 24.569 0 33.941L240.971 381.476c-9.373 9.372-24.569 9.372-33.942 0z\"><\/path><\/svg><\/div>\n\t\t\t\t<div class=\"elementor-toc__toggle-button elementor-toc__toggle-button--collapse\" role=\"button\" tabindex=\"0\" aria-controls=\"elementor-toc__1c30362\" aria-expanded=\"true\" aria-label=\"Close table of contents\"><svg aria-hidden=\"true\" class=\"e-font-icon-svg e-fas-chevron-up\" viewBox=\"0 0 448 512\" xmlns=\"http:\/\/www.w3.org\/2000\/svg\"><path d=\"M240.971 130.524l194.343 194.343c9.373 9.373 9.373 24.569 0 33.941l-22.667 22.667c-9.357 9.357-24.522 9.375-33.901.04L224 227.495 69.255 381.516c-9.379 9.335-24.544 9.317-33.901-.04l-22.667-22.667c-9.373-9.373-9.373-24.569 0-33.941L207.03 130.525c9.372-9.373 24.568-9.373 33.941-.001z\"><\/path><\/svg><\/div>\n\t\t\t\t\t<\/div>\n\t\t\t\t<div id=\"elementor-toc__1c30362\" class=\"elementor-toc__body\">\n\t\t\t<div class=\"elementor-toc__spinner-container\">\n\t\t\t\t<svg class=\"elementor-toc__spinner eicon-animation-spin e-font-icon-svg e-eicon-loading\" aria-hidden=\"true\" viewBox=\"0 0 1000 1000\" xmlns=\"http:\/\/www.w3.org\/2000\/svg\"><path d=\"M500 975V858C696 858 858 696 858 500S696 142 500 142 142 304 142 500H25C25 237 238 25 500 25S975 237 975 500 763 975 500 975Z\"><\/path><\/svg>\t\t\t<\/div>\n\t\t<\/div>\n\t\t\t\t\t\t<\/div>\n\t\t\t\t<\/div>\n\t\t\t\t\t<\/div>\n\t\t\t\t<\/div>\n\t\t<div class=\"elementor-element elementor-element-herorght0 e-con-full e-flex e-con e-child\" data-id=\"herorght0\" data-element_type=\"container\" data-e-type=\"container\">\n\t\t\t\t<div class=\"elementor-element elementor-element-heroimg00 iwg-hero-image elementor-widget elementor-widget-image\" data-id=\"heroimg00\" data-element_type=\"widget\" data-e-type=\"widget\" data-widget_type=\"image.default\">\n\t\t\t\t\t\t\t\t\t\t\t\t\t\t\t<img fetchpriority=\"high\" decoding=\"async\" width=\"683\" height=\"1024\" src=\"https:\/\/iwell-guard.com\/wp-content\/uploads\/2026\/04\/daemonen_islam_ifrit-683x1024.webp\" class=\"attachment-large size-large wp-image-1664\" alt=\"Ifrit\" srcset=\"https:\/\/iwell-guard.com\/wp-content\/uploads\/2026\/04\/daemonen_islam_ifrit-683x1024.webp 683w, https:\/\/iwell-guard.com\/wp-content\/uploads\/2026\/04\/daemonen_islam_ifrit-200x300.webp 200w, https:\/\/iwell-guard.com\/wp-content\/uploads\/2026\/04\/daemonen_islam_ifrit-768x1152.webp 768w, https:\/\/iwell-guard.com\/wp-content\/uploads\/2026\/04\/daemonen_islam_ifrit.webp 1024w\" sizes=\"(max-width: 683px) 100vw, 683px\" \/>\t\t\t\t\t\t\t\t\t\t\t\t\t\t\t<\/div>\n\t\t\t\t<\/div>\n\t\t\t\t\t<\/div>\n\t\t\t\t<\/div>\n\t\t<div class=\"elementor-element elementor-element-32917199 e-flex e-con-boxed e-con e-parent\" data-id=\"32917199\" data-element_type=\"container\" data-e-type=\"container\">\n\t\t\t\t\t<div class=\"e-con-inner\">\n\t\t<div class=\"elementor-element elementor-element-26e916cb e-flex e-con-boxed e-con e-child\" data-id=\"26e916cb\" data-element_type=\"container\" data-e-type=\"container\">\n\t\t\t\t\t<div class=\"e-con-inner\">\n\t\t<div class=\"elementor-element elementor-element-253a40d4 e-flex e-con-boxed e-con e-child\" data-id=\"253a40d4\" data-element_type=\"container\" data-e-type=\"container\">\n\t\t\t\t\t<div class=\"e-con-inner\">\n\t\t\t\t<div class=\"elementor-element elementor-element-1200c304 elementor-widget elementor-widget-heading\" data-id=\"1200c304\" data-element_type=\"widget\" data-e-type=\"widget\" data-widget_type=\"heading.default\">\n\t\t\t\t\t<h2 class=\"elementor-heading-title elementor-size-default\">Ifrit<\/h2>\t\t\t\t<\/div>\n\t\t\t\t<div class=\"elementor-element elementor-element-11758e7f elementor-widget elementor-widget-text-editor\" data-id=\"11758e7f\" data-element_type=\"widget\" data-e-type=\"widget\" data-widget_type=\"text-editor.default\">\n\t\t\t\t\t\t\t\t\t<p>Ifrit \u00e9s una classe especialment poderosa de jinns. L&#8217;Alcor\u00e0 anomena aquesta figura una vegada (Sura 27,39): un ifrit s&#8217;ofereix al rei Salom\u00f3 per portar el tron de la reina de Saba en un instant.<\/p><p>Aquesta \u00fanica menci\u00f3 ja defineix l&#8217;ifrit: enorme, fort, r\u00e0pid, capa\u00e7 d&#8217;una gran <span class=\"iwg-fachbegriff\" data-tooltip=\"Pr\u00e0ctiques que pretenen intervenir en el curs de les coses mitjan\u00e7ant accions o f\u00f3rmules especials.\" tabindex=\"0\">m\u00e0gia<\/span>. La tradici\u00f3 posterior, especialment Les mil i una nits, en desenvolupa una figura pr\u00f2pia.<\/p><p>A difer\u00e8ncia dels jinns comuns, els ifrits solen ser hostils. Custodien tresors, segresten princeses, lluiten contra herois, poden ser lligats i obligats, per\u00f2 tamb\u00e9 fugen i es venjen. En la imaginaci\u00f3 popular religiosa, sovint s&#8217;associen amb cementiris, llocs de mort violenta i deserts erms. El seu color \u00e9s el vermell o el negre, el seu element el foc, la seva mida desmesurada.<\/p><div><p><strong>L&#8217;ifrit a l&#8217;Alcor\u00e0: els jinns omnipotents de Salom\u00f3<\/strong><\/p><p>La sura 27,39 esmenta un ifrit dels jinns que ofereix a Salom\u00f3 portar un tron abans que aquest pugui parpellejar. Aix\u00f2 mostra l&#8217;ifrit com la classe m\u00e9s poderosa dels jinns; en segons poden fer meravelles que artesans humans trigarien mesos a realitzar.<\/p><p>L&#8217;Alcor\u00e0 utilitza aix\u00f2 com a met\u00e0fora de l&#8217;omnipot\u00e8ncia divina: si un ifrit \u00e9s tan poder\u00f3s, com m\u00e9s poder\u00f3s no ser\u00e0 Al\u00b7l\u00e0? Aix\u00f2 estableix l&#8217;ifrit com a punt de refer\u00e8ncia cosmol\u00f2gic, una criatura de poder que tot i aix\u00ed roman subjecta a la voluntat d&#8217;un rei mortal pur, si aquest gaudeix del favor d&#8217;Al\u00b7l\u00e0.<\/p><p>L&#8217;ifrit roman moralment neutre en aquesta escena: compleix una tasca corresponent a les seves capacitats sobrenaturals. Altres passatges cor\u00e1nics, en canvi, subratllen que els ifrits tamb\u00e9 poden ser destructius i rebels; un ifrit que desafi\u00ef el profeta podria acabar malament.<\/p><\/div>\t\t\t\t\t\t\t\t<\/div>\n\t\t\t\t\t<\/div>\n\t\t\t\t<\/div>\n\t\t<div class=\"elementor-element elementor-element-159dcf9a e-flex e-con-boxed e-con e-child\" data-id=\"159dcf9a\" data-element_type=\"container\" data-e-type=\"container\">\n\t\t\t\t\t<div class=\"e-con-inner\">\n\t\t\t\t<div class=\"elementor-element elementor-element-48cee66f elementor-widget elementor-widget-heading\" data-id=\"48cee66f\" data-element_type=\"widget\" data-e-type=\"widget\" data-widget_type=\"heading.default\">\n\t\t\t\t\t<h2 class=\"elementor-heading-title elementor-size-default\">Resum: Ifrit<\/h2>\t\t\t\t<\/div>\n\t\t\t\t<div class=\"elementor-element elementor-element-3f50d82c elementor-widget elementor-widget-text-editor\" data-id=\"3f50d82c\" data-element_type=\"widget\" data-e-type=\"widget\" data-widget_type=\"text-editor.default\">\n\t\t\t\t\t\t\t\t\t<p><strong>Tipus:<\/strong> Subesp\u00e8cie poderosa de jinn<br>Origen: foc, desert, llocs de mort violenta<br>Textos: Alcor\u00e0 (sura 27,39), hadit, Les mil i una nits<br>Per\u00edode: del segle VII fins a l&#8217;actualitat<br>Tret principal: for\u00e7a, mida, naturalesa \u00edgnia, sovint hostil<\/p>\t\t\t\t\t\t\t\t<\/div>\n\t\t\t\t\t<\/div>\n\t\t\t\t<\/div>\n\t\t\t\t\t<\/div>\n\t\t\t\t<\/div>\n\t\t\t\t\t<\/div>\n\t\t\t\t<\/div>\n\t\t<div class=\"elementor-element elementor-element-18613602 e-flex e-con-boxed e-con e-parent\" data-id=\"18613602\" data-element_type=\"container\" data-e-type=\"container\">\n\t\t\t\t\t<div class=\"e-con-inner\">\n\t\t\t\t<div class=\"elementor-element elementor-element-262b8a9f elementor-widget elementor-widget-heading\" data-id=\"262b8a9f\" data-element_type=\"widget\" data-e-type=\"widget\" data-widget_type=\"heading.default\">\n\t\t\t\t\t<h2 class=\"elementor-heading-title elementor-size-default\">Context<\/h2>\t\t\t\t<\/div>\n\t\t<div class=\"elementor-element elementor-element-46dcb7d e-con-full e-flex e-con e-child\" data-id=\"46dcb7d\" data-element_type=\"container\" data-e-type=\"container\">\n\t\t<div class=\"elementor-element elementor-element-61d3ab3 e-flex e-con-boxed e-con e-child\" data-id=\"61d3ab3\" data-element_type=\"container\" data-e-type=\"container\">\n\t\t\t\t\t<div class=\"e-con-inner\">\n\t\t\t\t<div class=\"elementor-element elementor-element-117c166 elementor-widget elementor-widget-heading\" data-id=\"117c166\" data-element_type=\"widget\" data-e-type=\"widget\" data-widget_type=\"heading.default\">\n\t\t\t\t\t<div class=\"elementor-heading-title elementor-size-default\">Per\u00edode dels textos<\/div>\t\t\t\t<\/div>\n\t\t\t\t<div class=\"elementor-element elementor-element-73997a0 elementor-widget elementor-widget-text-editor\" data-id=\"73997a0\" data-element_type=\"widget\" data-e-type=\"widget\" data-widget_type=\"text-editor.default\">\n\t\t\t\t\t\t\t\t\t<p>Menci\u00f3 cor\u00e1nica al segle VII, figura liter\u00e0ria desenvolupada a Les mil i una nits (compilaci\u00f3 entre els segles IX i XIV), present en la literatura popular \u00e0rab medieval, en la cultura popular moderna i en la tradici\u00f3 de la fantasia.<\/p>\t\t\t\t\t\t\t\t<\/div>\n\t\t\t\t\t<\/div>\n\t\t\t\t<\/div>\n\t\t<div class=\"elementor-element elementor-element-d47b156 e-flex e-con-boxed e-con e-child\" data-id=\"d47b156\" data-element_type=\"container\" data-e-type=\"container\">\n\t\t\t\t\t<div class=\"e-con-inner\">\n\t\t\t\t<div class=\"elementor-element elementor-element-ff38c2b elementor-widget elementor-widget-heading\" data-id=\"ff38c2b\" data-element_type=\"widget\" data-e-type=\"widget\" data-widget_type=\"heading.default\">\n\t\t\t\t\t<div class=\"elementor-heading-title elementor-size-default\">\u00c0rea de difusi\u00f3<\/div>\t\t\t\t<\/div>\n\t\t\t\t<div class=\"elementor-element elementor-element-4e49fcc elementor-widget elementor-widget-text-editor\" data-id=\"4e49fcc\" data-element_type=\"widget\" data-e-type=\"widget\" data-widget_type=\"text-editor.default\">\n\t\t\t\t\t\t\t\t\t<p>L&#8217;espai cultural \u00e0rab com a origen, dif\u00f3s a trav\u00e9s del m\u00f3n isl\u00e0mic. Pres\u00e8ncia internacional moderna gr\u00e0cies a les traduccions de Les mil i una nits i la literatura fant\u00e0stica.<\/p>\t\t\t\t\t\t\t\t<\/div>\n\t\t\t\t\t<\/div>\n\t\t\t\t<\/div>\n\t\t\t\t<\/div>\n\t\t<div class=\"elementor-element elementor-element-db03c39 e-con-full e-flex e-con e-child\" data-id=\"db03c39\" data-element_type=\"container\" data-e-type=\"container\">\n\t\t<div class=\"elementor-element elementor-element-229a87b e-flex e-con-boxed e-con e-child\" data-id=\"229a87b\" data-element_type=\"container\" data-e-type=\"container\">\n\t\t\t\t\t<div class=\"e-con-inner\">\n\t\t\t\t<div class=\"elementor-element elementor-element-1f471fc elementor-widget elementor-widget-heading\" data-id=\"1f471fc\" data-element_type=\"widget\" data-e-type=\"widget\" data-widget_type=\"heading.default\">\n\t\t\t\t\t<div class=\"elementor-heading-title elementor-size-default\">Estat de les fonts<\/div>\t\t\t\t<\/div>\n\t\t\t\t<div class=\"elementor-element elementor-element-36b1201 elementor-widget elementor-widget-text-editor\" data-id=\"36b1201\" data-element_type=\"widget\" data-e-type=\"widget\" data-widget_type=\"text-editor.default\">\n\t\t\t\t\t\t\t\t\t<p>Alcor\u00e0 (sura 27,39), tafsir cl\u00e0ssics, Les mil i una nits, al-Damiri, al-Qazwini <em>&#8216;Aja&#8217;ib al-Makhluqat<\/em>, treballs etnogr\u00e0fics moderns.<\/p>\t\t\t\t\t\t\t\t<\/div>\n\t\t\t\t\t<\/div>\n\t\t\t\t<\/div>\n\t\t\t\t<\/div>\n\t\t\t\t\t<\/div>\n\t\t\t\t<\/div>\n\t\t<div class=\"elementor-element elementor-element-3ae0637c e-flex e-con-boxed e-con e-parent\" data-id=\"3ae0637c\" data-element_type=\"container\" data-e-type=\"container\">\n\t\t\t\t\t<div class=\"e-con-inner\">\n\t\t\t\t<div class=\"elementor-element elementor-element-31d07739 elementor-widget elementor-widget-heading\" data-id=\"31d07739\" data-element_type=\"widget\" data-e-type=\"widget\" data-widget_type=\"heading.default\">\n\t\t\t\t\t<h2 class=\"elementor-heading-title elementor-size-default\">Nom<\/h2>\t\t\t\t<\/div>\n\t\t<div class=\"elementor-element elementor-element-b7642947 e-con-full e-flex e-con e-child\" data-id=\"b7642947\" data-element_type=\"container\" data-e-type=\"container\">\n\t\t\t\t<div class=\"elementor-element elementor-element-a086266 elementor-widget elementor-widget-text-editor\" data-id=\"a086266\" data-element_type=\"widget\" data-e-type=\"widget\" data-widget_type=\"text-editor.default\">\n\t\t\t\t\t\t\t\t\t<p><strong>\u00c0rab:<\/strong> <em>\u02bfifr\u012bt<\/em> (singular), <em>\u02bfaf\u0101r\u012bt<\/em> (plural). Etimologia incerta, possiblement relacionada amb \u00abpols\u00bb o \u00abfor\u00e7a\u00bb.<br>Angl\u00e8s: afrit, afreet.<br>Relaci\u00f3 amb el jinn: classe pr\u00f2pia i poderosa, per sobre dels jinns comuns.<br>Per sobre: el <em>marid<\/em>, encara m\u00e9s poder\u00f3s, sovint associat amb l&#8217;aigua.<\/p><p>La classificaci\u00f3 jann &lt; jinn &lt; shaitan &lt; ifrit &lt; marid no est\u00e0 fixada a l&#8217;Alcor\u00e0 ni al hadit, sin\u00f3 que \u00e9s producte dels demon\u00f2legs cl\u00e0ssics. La pr\u00e0ctica la segueix de manera laxa; en la tradici\u00f3 popular, els ifrits sovint s&#8217;associen amb morts especialment antics o violents.<\/p>\t\t\t\t\t\t\t\t<\/div>\n\t\t\t\t<\/div>\n\t\t\t\t\t<\/div>\n\t\t\t\t<\/div>\n\t\t<div class=\"elementor-element elementor-element-709a44a8 e-flex e-con-boxed e-con e-parent\" data-id=\"709a44a8\" data-element_type=\"container\" data-e-type=\"container\">\n\t\t\t\t\t<div class=\"e-con-inner\">\n\t\t\t\t<div class=\"elementor-element elementor-element-2f585873 elementor-widget elementor-widget-heading\" data-id=\"2f585873\" data-element_type=\"widget\" data-e-type=\"widget\" data-widget_type=\"heading.default\">\n\t\t\t\t\t<h2 class=\"elementor-heading-title elementor-size-default\">Caracter\u00edstiques<\/h2>\t\t\t\t<\/div>\n\t\t<div class=\"elementor-element elementor-element-70621c12 e-con-full e-flex e-con e-child\" data-id=\"70621c12\" data-element_type=\"container\" data-e-type=\"container\">\n\t\t\t\t<div class=\"elementor-element elementor-element-4296eb49 elementor-widget elementor-widget-text-editor\" data-id=\"4296eb49\" data-element_type=\"widget\" data-e-type=\"widget\" data-widget_type=\"text-editor.default\">\n\t\t\t\t\t\t\t\t\t<p><strong>Aparen\u00e7a<\/strong><\/p><p>Enorme, sovint descrit com columnes de fum i foc que es condensen en forma humanoide. Amb banyes, ulls flamejants, mans com urpes. Color vermell o negre. Que arriba de la terra al cel en l&#8217;exageraci\u00f3 liter\u00e0ria.<\/p><p><strong>Comportament<\/strong><\/p><p>Orgull\u00f3s, propens a la viol\u00e8ncia, sovint inabastable. En les narracions de Les mil i una nits, sovint lligat (en ampolles, segells, amulets de Salom\u00f3) i alliberat, despr\u00e9s del qual vol recompensar o matar el seu alliberador. Dotat de m\u00e0gia, longeu, dif\u00edcil de matar.<\/p><p><strong>\u00c0mbit d&#8217;acci\u00f3<\/strong><\/p><p>Desert, ru\u00efnes, coves, llocs de mort violenta. En la tradici\u00f3 popular, sovint lligat a llocs concrets. Alguns ifrits tenen hist\u00f2ries personals (origen a partir d&#8217;una persona assassinada, <span class=\"iwg-fachbegriff\" data-tooltip=\"F\u00f3rmula ling\u00fc\u00edstica amb la qual es pret\u00e9n infligir desgr\u00e0cia a una persona o cosa.\" tabindex=\"0\">maledicci\u00f3<\/span>, etc.).<\/p><p><strong>Classificaci\u00f3 mitol\u00f2gica<\/strong><\/p><p>No \u00e9s una figura singular creada, sin\u00f3 una subesp\u00e8cie poderosa dels jinns. En la tradici\u00f3 de Salom\u00f3, aquest es presenta com a governant dels jinns i, per tant, tamb\u00e9 dels ifrits; els seus segells es consideren mitjans de lligam.<\/p><div><p><strong>L&#8217;ifrit en la demonologia i la classificaci\u00f3 isl\u00e0miques<\/strong><\/p><p>Els demon\u00f2legs i te\u00f2legs isl\u00e0mics, especialment a partir del segle X, van classificar l&#8217;ifrit com la classe suprema o quasi suprema dels jinns. Al-Ghazali i m\u00edstics posteriors distingien entre ifrits nobles (creients) i malignes. Un ifrit maligne era, en certa manera, un <span class=\"iwg-fachbegriff\" data-tooltip=\"Ser espiritual al qual s'atribueix un efecte nociu o ambivalent.\" tabindex=\"0\">dimoni<\/span> segons l&#8217;enteniment occidental: poder\u00f3s, intel\u00b7ligent, manipulador i propens a seduir o perjudicar els humans.<\/p><p>La <span class=\"iwg-fachbegriff\" data-tooltip=\"Pr\u00e0ctiques que pretenen intervenir en el curs de les coses mitjan\u00e7ant accions o f\u00f3rmules especials.\" tabindex=\"0\">m\u00e0gia<\/span> isl\u00e0mica (<em>sihr<\/em>) utilitzava els ifrits com a eines, cosa teol\u00f2gicament molt controvertida: invocar un ifrit era heretgia o art m\u00e0gic acceptat? Aquest debat es va perllongar durant segles de saviesa isl\u00e0mica. Potser un ifrit es podia lligar mitjan\u00e7ant la recitaci\u00f3 de l&#8217;Alcor\u00e0 o mitjan\u00e7ant pactes sobrenaturals, per\u00f2 mai destruir-lo simplement.<\/p><\/div>\t\t\t\t\t\t\t\t<\/div>\n\t\t\t\t<\/div>\n\t\t\t\t\t<\/div>\n\t\t\t\t<\/div>\n\t\t<div class=\"elementor-element elementor-element-44e71476 e-flex e-con-boxed e-con e-parent\" data-id=\"44e71476\" data-element_type=\"container\" data-e-type=\"container\">\n\t\t\t\t\t<div class=\"e-con-inner\">\n\t\t\t\t<div class=\"elementor-element elementor-element-3c1fc3f0 elementor-widget elementor-widget-heading\" data-id=\"3c1fc3f0\" data-element_type=\"widget\" data-e-type=\"widget\" data-widget_type=\"heading.default\">\n\t\t\t\t\t<h2 class=\"elementor-heading-title elementor-size-default\">Fitxa: Ifrit<\/h2>\t\t\t\t<\/div>\n\t\t<div class=\"elementor-element elementor-element-84f33b8e e-con-full e-flex e-con e-child\" data-id=\"84f33b8e\" data-element_type=\"container\" data-e-type=\"container\">\n\t\t\t\t<div class=\"elementor-element elementor-element-hqkdc67p elementor-widget elementor-widget-text-editor\" data-id=\"hqkdc67p\" data-element_type=\"widget\" data-e-type=\"widget\" data-widget_type=\"text-editor.default\">\n\t\t\t\t\t\t\t\t\t<p>Els aspectes m\u00e9s importants de l&#8217;ifrit d&#8217;un cop d&#8217;ull.<\/p>\t\t\t\t\t\t\t\t<\/div>\n\t\t\t\t<\/div>\n\t\t<div class=\"elementor-element elementor-element-pemmx7c5 e-con-full e-flex e-con e-child\" data-id=\"pemmx7c5\" data-element_type=\"container\" data-e-type=\"container\">\n\t\t<div class=\"elementor-element elementor-element-pemmx7c1 e-con-full e-flex e-con e-child\" data-id=\"pemmx7c1\" data-element_type=\"container\" data-e-type=\"container\">\n\t\t<div class=\"elementor-element elementor-element-qh9oavvu iwg-steckbrief-card e-flex e-con-boxed e-con e-child\" data-id=\"qh9oavvu\" data-element_type=\"container\" data-e-type=\"container\">\n\t\t\t\t\t<div class=\"e-con-inner\">\n\t\t\t\t<div class=\"elementor-element elementor-element-awzx8k2k elementor-widget elementor-widget-heading\" data-id=\"awzx8k2k\" data-element_type=\"widget\" data-e-type=\"widget\" data-widget_type=\"heading.default\">\n\t\t\t\t\t<div class=\"elementor-heading-title elementor-size-default\">Origen<\/div>\t\t\t\t<\/div>\n\t\t\t\t<div class=\"elementor-element elementor-element-x6rowhv0 elementor-widget elementor-widget-text-editor\" data-id=\"x6rowhv0\" data-element_type=\"widget\" data-e-type=\"widget\" data-widget_type=\"text-editor.default\">\n\t\t\t\t\t\t\t\t\t<p>Subesp\u00e8cie poderosa de jinn de foc. En la tradici\u00f3 popular, sovint associada amb difunts violents o llocs antics.<\/p>\t\t\t\t\t\t\t\t<\/div>\n\t\t\t\t\t<\/div>\n\t\t\t\t<\/div>\n\t\t<div class=\"elementor-element elementor-element-8e3o4kxs iwg-steckbrief-card e-flex e-con-boxed e-con e-child\" data-id=\"8e3o4kxs\" data-element_type=\"container\" data-e-type=\"container\">\n\t\t\t\t\t<div class=\"e-con-inner\">\n\t\t\t\t<div class=\"elementor-element elementor-element-08rkdgov elementor-widget elementor-widget-heading\" data-id=\"08rkdgov\" data-element_type=\"widget\" data-e-type=\"widget\" data-widget_type=\"heading.default\">\n\t\t\t\t\t<div class=\"elementor-heading-title elementor-size-default\">Objecte d'acci\u00f3<\/div>\t\t\t\t<\/div>\n\t\t\t\t<div class=\"elementor-element elementor-element-uwjelx8s elementor-widget elementor-widget-text-editor\" data-id=\"uwjelx8s\" data-element_type=\"widget\" data-e-type=\"widget\" data-widget_type=\"text-editor.default\">\n\t\t\t\t\t\t\t\t\t<p>Herois, ca\u00e7adors de tresors, saquejadors de tombes. En la creen\u00e7a popular: persones que entren descuradament en ru\u00efnes o llocs des\u00e8rtics.<\/p>\t\t\t\t\t\t\t\t<\/div>\n\t\t\t\t\t<\/div>\n\t\t\t\t<\/div>\n\t\t<div class=\"elementor-element elementor-element-jm2n74ec iwg-steckbrief-card e-flex e-con-boxed e-con e-child\" data-id=\"jm2n74ec\" data-element_type=\"container\" data-e-type=\"container\">\n\t\t\t\t\t<div class=\"e-con-inner\">\n\t\t\t\t<div class=\"elementor-element elementor-element-8vufse4c elementor-widget elementor-widget-heading\" data-id=\"8vufse4c\" data-element_type=\"widget\" data-e-type=\"widget\" data-widget_type=\"heading.default\">\n\t\t\t\t\t<div class=\"elementor-heading-title elementor-size-default\">Representaci\u00f3<\/div>\t\t\t\t<\/div>\n\t\t\t\t<div class=\"elementor-element elementor-element-mwb9u015 elementor-widget elementor-widget-text-editor\" data-id=\"mwb9u015\" data-element_type=\"widget\" data-e-type=\"widget\" data-widget_type=\"text-editor.default\">\n\t\t\t\t\t\t\t\t\t<p>Enorme, ardent, amb banyes, de pell vermella o negra. Sovint apareix com una columna de fum i foc que pren forma humanoide.<\/p>\t\t\t\t\t\t\t\t<\/div>\n\t\t\t\t\t<\/div>\n\t\t\t\t<\/div>\n\t\t\t\t<\/div>\n\t\t<div class=\"elementor-element elementor-element-pemmx7c2 e-con-full e-flex e-con e-child\" data-id=\"pemmx7c2\" data-element_type=\"container\" data-e-type=\"container\">\n\t\t<div class=\"elementor-element elementor-element-37ss2yr6 iwg-steckbrief-card e-flex e-con-boxed e-con e-child\" data-id=\"37ss2yr6\" data-element_type=\"container\" data-e-type=\"container\">\n\t\t\t\t\t<div class=\"e-con-inner\">\n\t\t\t\t<div class=\"elementor-element elementor-element-3v0wp3wx elementor-widget elementor-widget-heading\" data-id=\"3v0wp3wx\" data-element_type=\"widget\" data-e-type=\"widget\" data-widget_type=\"heading.default\">\n\t\t\t\t\t<div class=\"elementor-heading-title elementor-size-default\">Funci\u00f3<\/div>\t\t\t\t<\/div>\n\t\t\t\t<div class=\"elementor-element elementor-element-w3247g2m elementor-widget elementor-widget-text-editor\" data-id=\"w3247g2m\" data-element_type=\"widget\" data-e-type=\"widget\" data-widget_type=\"text-editor.default\">\n\t\t\t\t\t\t\t\t\t<p>Custodia tresors, segresta persones, lluita contra herois. M\u00e0gicament poder\u00f3s, capa\u00e7 de transformacions, teleportaci\u00f3 i invisibilitat.<\/p>\t\t\t\t\t\t\t\t<\/div>\n\t\t\t\t\t<\/div>\n\t\t\t\t<\/div>\n\t\t<div class=\"elementor-element elementor-element-0qpjal9w iwg-steckbrief-card e-flex e-con-boxed e-con e-child\" data-id=\"0qpjal9w\" data-element_type=\"container\" data-e-type=\"container\">\n\t\t\t\t\t<div class=\"e-con-inner\">\n\t\t\t\t<div class=\"elementor-element elementor-element-6ndoih0o elementor-widget elementor-widget-heading\" data-id=\"6ndoih0o\" data-element_type=\"widget\" data-e-type=\"widget\" data-widget_type=\"heading.default\">\n\t\t\t\t\t<div class=\"elementor-heading-title elementor-size-default\">Defensa contra els ifrits<\/div>\t\t\t\t<\/div>\n\t\t\t\t<div class=\"elementor-element elementor-element-6684tyh9 elementor-widget elementor-widget-text-editor\" data-id=\"6684tyh9\" data-element_type=\"widget\" data-e-type=\"widget\" data-widget_type=\"text-editor.default\">\n\t\t\t\t\t\t\t\t\t<p>F\u00f3rmules protectores cor\u00e0niques, el Segell de Salom\u00f3 (estrella de David, hexagrama), ruqya espec\u00edfica. A Les mil i una nits: estratagemes i f\u00f3rmules de vinculaci\u00f3 dels mags.<\/p>\t\t\t\t\t\t\t\t<\/div>\n\t\t\t\t\t<\/div>\n\t\t\t\t<\/div>\n\t\t<div class=\"elementor-element elementor-element-3lfi7x32 iwg-steckbrief-card e-flex e-con-boxed e-con e-child\" data-id=\"3lfi7x32\" data-element_type=\"container\" data-e-type=\"container\">\n\t\t\t\t\t<div class=\"e-con-inner\">\n\t\t\t\t<div class=\"elementor-element elementor-element-0kg99ga1 elementor-widget elementor-widget-heading\" data-id=\"0kg99ga1\" data-element_type=\"widget\" data-e-type=\"widget\" data-widget_type=\"heading.default\">\n\t\t\t\t\t<div class=\"elementor-heading-title elementor-size-default\">Elements comparables<\/div>\t\t\t\t<\/div>\n\t\t\t\t<div class=\"elementor-element elementor-element-n0fum6kp elementor-widget elementor-widget-text-editor\" data-id=\"n0fum6kp\" data-element_type=\"widget\" data-e-type=\"widget\" data-widget_type=\"text-editor.default\">\n\t\t\t\t\t\t\t\t\t<p>Titans grecs, gigants (J\u00f6tnar, germ\u00e0nics), ogres medievals, dimonis moderns de fantasia.<\/p>\t\t\t\t\t\t\t\t<\/div>\n\t\t\t\t\t<\/div>\n\t\t\t\t<\/div>\n\t\t\t\t<\/div>\n\t\t\t\t<\/div>\n\t\t\t\t\t<\/div>\n\t\t\t\t<\/div>\n\t\t<div class=\"elementor-element elementor-element-7533bc7a e-flex e-con-boxed e-con e-parent\" data-id=\"7533bc7a\" data-element_type=\"container\" data-e-type=\"container\">\n\t\t\t\t\t<div class=\"e-con-inner\">\n\t\t\t\t<div class=\"elementor-element elementor-element-2447d18d elementor-widget elementor-widget-heading\" data-id=\"2447d18d\" data-element_type=\"widget\" data-e-type=\"widget\" data-widget_type=\"heading.default\">\n\t\t\t\t\t<h2 class=\"elementor-heading-title elementor-size-default\">Tracte i creen\u00e7a popular<\/h2>\t\t\t\t<\/div>\n\t\t<div class=\"elementor-element elementor-element-d5d0260c e-con-full e-flex e-con e-child\" data-id=\"d5d0260c\" data-element_type=\"container\" data-e-type=\"container\">\n\t\t\t\t<div class=\"elementor-element elementor-element-341be2ac elementor-widget elementor-widget-text-editor\" data-id=\"341be2ac\" data-element_type=\"widget\" data-e-type=\"widget\" data-widget_type=\"text-editor.default\">\n\t\t\t\t\t\t\t\t\t<p><strong>Defensa en llocs perillosos<\/strong><\/p><p>Abans d&#8217;entrar en ru\u00efnes, zones des\u00e8rtiques o castells antics: la basmala, la recitaci\u00f3 de l&#8217;Ayat al-Kursi. Els motius salom\u00f2nics (hexagrama, pentagrama) com a s\u00edmbols protectors, freq\u00fcents en amulets de religiositat popular.<\/p><p><strong>Ruqya en cas de trobada<\/strong><\/p><p>Quan se sospita la influ\u00e8ncia d&#8217;un ifrit, es practica la ruqya. En algunes tradicions nord-africanes es duen a terme rituals sencers per \u00abpacificar\u00bb un ifrit, una pr\u00e0ctica de religiositat popular que els te\u00f2legs ortodoxos solen criticar.<\/p><p><strong>Vinculaci\u00f3 liter\u00e0ria<\/strong><\/p><p>A Les mil i una nits, un ifrit es vincula mitjan\u00e7ant un segell, una ampolla o una f\u00f3rmula m\u00e0gica. El <span class=\"iwg-fachbegriff\" data-tooltip=\"Un element de contingut recurrent en l'art o la narrativa.\" tabindex=\"0\">motiu<\/span> \u00e9s literari, no teol\u00f2gic, per\u00f2 resulta determinant per a la imaginaci\u00f3 occidental del \u00ab<span class=\"iwg-fachbegriff\" data-tooltip=\"Un \u00e9sser sense cos al qual s'atribueix efecte en el m\u00f3n.\" tabindex=\"0\">geni<\/span> de l&#8217;ampolla\u00bb.<\/p>\t\t\t\t\t\t\t\t<\/div>\n\t\t\t\t<\/div>\n\t\t\t\t\t<\/div>\n\t\t\t\t<\/div>\n\t\t<div class=\"elementor-element elementor-element-5a584676 e-flex e-con-boxed e-con e-parent\" data-id=\"5a584676\" data-element_type=\"container\" data-e-type=\"container\">\n\t\t\t\t\t<div class=\"e-con-inner\">\n\t\t\t\t<div class=\"elementor-element elementor-element-6d0757bf elementor-widget elementor-widget-heading\" data-id=\"6d0757bf\" data-element_type=\"widget\" data-e-type=\"widget\" data-widget_type=\"heading.default\">\n\t\t\t\t\t<h2 class=\"elementor-heading-title elementor-size-default\">Paral\u00b7lelismes i recepci\u00f3<\/h2>\t\t\t\t<\/div>\n\t\t<div class=\"elementor-element elementor-element-60563f68 e-con-full e-flex e-con e-child\" data-id=\"60563f68\" data-element_type=\"container\" data-e-type=\"container\">\n\t\t\t\t<div class=\"elementor-element elementor-element-5a93fdd6 elementor-widget elementor-widget-text-editor\" data-id=\"5a93fdd6\" data-element_type=\"widget\" data-e-type=\"widget\" data-widget_type=\"text-editor.default\">\n\t\t\t\t\t\t\t\t\t<p><strong>Paral\u00b7lels cl\u00e0ssics:<\/strong> Els gigants i titans grecs, els J\u00f6tnar germ\u00e0nics, els grans dimonis egipcis comparteixen la desmesura i el poder m\u00edtic. La tradici\u00f3 persa de les peris coneix figures similars.<\/p><p><strong>Les mil i una nits:<\/strong> La imatge de l&#8217;ifrit a Les mil i una nits (el rei Xahriar, el pescador i l&#8217;ifrit, Alad\u00ed) \u00e9s la configuraci\u00f3 liter\u00e0ria central. A partir d&#8217;aqu\u00ed modela tamb\u00e9 la imaginaci\u00f3 occidental del \u00abgeni\u00bb.<\/p><p><span data-nosnippet><strong>Cultura popular moderna:<\/strong> Els jocs de rol de fantasia (Dungeons &amp; Dragons, Final Fantasy) adopten l&#8217;ifrit com a figura espec\u00edfica. L&#8217;Alad\u00ed de Disney (1992) popularitza una versi\u00f3 atenuada.<\/span><\/p><div><p><strong>L&#8217;ifrit a Les mil i una nits i en la <span class=\"iwg-fachbegriff\" data-tooltip=\"La cultura popular transmesa amb costums, relats i can\u00e7ons.\" tabindex=\"0\">folklore<\/span> \u00e0rab<\/strong><\/p><p>A <em>Les mil i una nits<\/em>, els ifrits es representen com a \u00e9ssers arquet\u00edpicament poderosos i sovint destructius. Tenen vides llargues (alguns tenen segles), acumulen ranc\u00fania i poden entrar en les persones o canviar de forma. Un ifrit podria destruir una ciutat, per\u00f2 tamb\u00e9 ajudar una persona si aquesta el vincula o l&#8217;enganya amb ast\u00facia.<\/p><p>Les hist\u00f2ries mostren sovint que els ifrits estan vinculats a llocs o objectes: ampolles m\u00e0giques, ru\u00efnes antigues, llacs sagrats. Es tracta d&#8217;una versi\u00f3 ar\u00e0biga de conceptes universals de vinculaci\u00f3 de <span class=\"iwg-fachbegriff\" data-tooltip=\"Un \u00e9sser sense cos al qual s'atribueix efecte en el m\u00f3n.\" tabindex=\"0\">geni<\/span>.<\/p><p>En la religiositat popular egipcio-\u00e0rab, les tradicions sobre l&#8217;ifrit es van barrejar amb conceptes de <span class=\"iwg-fachbegriff\" data-tooltip=\"\u00c9sser espiritual al qual s'atribueix un efecte nociu o ambivalent.\" tabindex=\"0\">dimoni<\/span> m\u00e9s antics, fara\u00f2nics i grecoromans: de vegades es va entendre l&#8217;ifrit com un sacerdot male\u00eft, de vegades com una for\u00e7a de la natura. Aquesta barreja \u00e9s t\u00edpica de les cultures religioses nord-africanes i del Pr\u00f2xim Orient, amb capes hist\u00f2riques profundes.<\/p><\/div>\t\t\t\t\t\t\t\t<\/div>\n\t\t\t\t<\/div>\n\t\t\t\t\t<\/div>\n\t\t\t\t<\/div>\n\t\t<div class=\"elementor-element elementor-element-cpc540ace e-flex e-con-boxed e-con e-parent\" data-id=\"cpc540ace\" data-element_type=\"container\" data-e-type=\"container\">\n\t\t\t\t\t<div class=\"e-con-inner\">\n\t\t\t\t<div class=\"elementor-element elementor-element-cpf5f6f1b elementor-widget elementor-widget-heading\" data-id=\"cpf5f6f1b\" data-element_type=\"widget\" data-e-type=\"widget\" data-widget_type=\"heading.default\">\n\t\t\t\t\t<h2 class=\"elementor-heading-title elementor-size-default\">L'ifrit a l'Alcor\u00e0 i en la interpretaci\u00f3 isl\u00e0mica primerenca<\/h2>\t\t\t\t<\/div>\n\t\t<div class=\"elementor-element elementor-element-cp8e1d1fe e-con-full e-flex e-con e-child\" data-id=\"cp8e1d1fe\" data-element_type=\"container\" data-e-type=\"container\">\n\t\t\t\t<div class=\"elementor-element elementor-element-cp0b9b6a1 elementor-widget elementor-widget-text-editor\" data-id=\"cp0b9b6a1\" data-element_type=\"widget\" data-e-type=\"widget\" data-widget_type=\"text-editor.default\">\n\t\t\t\t\t\t\t\t\t<p>La paraula <em>ifrit<\/em> apareix a l&#8217;Alcor\u00e0 una sola vegada, a la sura 27, la sura de la Formiga. En el context del relat de Salom\u00f3 i la reina de Saba, Salom\u00f3 pregunta a la seva assemblea qui li pot portar el tron de la reina.<\/p><p>Aleshores s&#8217;ofereix un ifrit entre els genis i declara que pot portar el tron abans que Salom\u00f3 s&#8217;aixequi del seu seient. Per\u00f2 abans que ho faci, un altre, que posseeix un coneixement de l&#8217;Escriptura, porta el tron en un temps encara m\u00e9s breu.<\/p><p>D&#8217;aquest \u00fanic passatge, els comentaristes cl\u00e0ssics de l&#8217;Alcor\u00e0 en dedueixen trets essencials de l&#8217;ifrit. L&#8217;ifrit pertany a la classe dels genis, posseeix una for\u00e7a i una rapidesa extraordin\u00e0ries, i aqu\u00ed es troba al servei de Salom\u00f3, a qui, segons el relat cor\u00e1nic, se li va donar poder sobre els genis.<\/p><p>Al mateix temps, el relat mostra un l\u00edmit, ja que la for\u00e7a de l&#8217;ifrit \u00e9s superada pel coneixement de l&#8217;home versat en l&#8217;Escriptura.<\/p><p>L&#8217;erudici\u00f3 isl\u00e0mica primerenca va entendre el terme de maneres diferents. Alguns comentaristes van entendre <em>ifrit<\/em> com la designaci\u00f3 d&#8217;un tipus de geni especialment fort o especialment malici\u00f3s, altres m\u00e9s b\u00e9 com una forma intensificada, que expressa for\u00e7a i ast\u00facia.<\/p><p>Aquesta incertesa s&#8217;ha mantingut al llarg de tota la tradici\u00f3. Cal remarcar que, segons el testimoni cor\u00e1nic, l&#8217;ifrit no \u00e9s inequ\u00edvocament dolent, sin\u00f3 un geni poder\u00f3s, el car\u00e0cter del qual es despla\u00e7a de manera m\u00e9s marcada cap a l&#8217;amena\u00e7ador nom\u00e9s en la literatura posterior.<\/p>\t\t\t\t\t\t\t\t<\/div>\n\t\t\t\t<\/div>\n\t\t\t\t\t<\/div>\n\t\t\t\t<\/div>\n\t\t<div class=\"elementor-element elementor-element-cpd83f22f e-flex e-con-boxed e-con e-parent\" data-id=\"cpd83f22f\" data-element_type=\"container\" data-e-type=\"container\">\n\t\t\t\t\t<div class=\"e-con-inner\">\n\t\t\t\t<div class=\"elementor-element elementor-element-cpd1f7362 elementor-widget elementor-widget-heading\" data-id=\"cpd1f7362\" data-element_type=\"widget\" data-e-type=\"widget\" data-widget_type=\"heading.default\">\n\t\t\t\t\t<h2 class=\"elementor-heading-title elementor-size-default\">L'ifrit, els genis i la jerarquia dels \u00e9ssers invisibles<\/h2>\t\t\t\t<\/div>\n\t\t<div class=\"elementor-element elementor-element-cp8c87063 e-con-full e-flex e-con e-child\" data-id=\"cp8c87063\" data-element_type=\"container\" data-e-type=\"container\">\n\t\t\t\t<div class=\"elementor-element elementor-element-cp1170b80 elementor-widget elementor-widget-text-editor\" data-id=\"cp1170b80\" data-element_type=\"widget\" data-e-type=\"widget\" data-widget_type=\"text-editor.default\">\n\t\t\t\t\t\t\t\t\t<p>L&#8217;ifrit nom\u00e9s es pot entendre en el marc de tota la doctrina isl\u00e0mica sobre els djinn. Segons la fe isl\u00e0mica, els djinn s\u00f3n un g\u00e8nere de creaci\u00f3 propi, creat de foc sense fum, mentre que l&#8217;\u00e9sser hum\u00e0 \u00e9s creat d&#8217;argila.<\/p><p>S\u00f3n mortals, es reprodueixen, tenen religi\u00f3 i responsabilitat, i poden ser creients o incr\u00e8duls. Dins d&#8217;aquest g\u00e8nere, la tradici\u00f3 coneix diversos tipus i rangs, i l&#8217;ifrit se sol classificar com un tipus especialment poder\u00f3s, sovint hostil envers els humans.<\/p><p>La literatura popular i erudita posterior ha intentat establir una jerarquia dels djinn.<\/p><p>En algunes enumeracions apareixen, de m\u00e9s feble a m\u00e9s fort, els djinn ordinaris, despr\u00e9s l&#8217;<em>ifrit<\/em> com un grau m\u00e9s poder\u00f3s i perill\u00f3s, i finalment el <em>marid<\/em> com el tipus m\u00e9s poder\u00f3s i rebel. Aquestes jerarquies, per\u00f2, no es transmeten de manera uniforme i varien segons la font. S\u00f3n m\u00e9s aviat intents d&#8217;ordenaci\u00f3 de la tradici\u00f3 narrativa que una doctrina teol\u00f2gica fixa.<\/p><p>Des del punt de vista de la ci\u00e8ncia de les religions, \u00e9s important assenyalar que l&#8217;ifrit no \u00e9s un <span class=\"iwg-fachbegriff\" data-tooltip=\"\u00c9sser espiritual al qual s'atribueix un efecte perjudicial o ambivalent.\" tabindex=\"0\">dimoni<\/span> en el sentit cristi\u00e0. No \u00e9s un <span class=\"iwg-fachbegriff\" data-tooltip=\"En les religions abra\u00e0miques, un \u00e9sser missatger celestial de D\u00e9u.\" tabindex=\"0\">\u00e0ngel<\/span> caigut ni est\u00e0 destinat fonamentalment al mal. Pertany a un g\u00e8nere creat que, com els humans, est\u00e0 sotm\u00e8s a una prova moral.<\/p><p>Que l&#8217;ifrit aparegui en moltes narracions com a perill\u00f3s i mal\u00e8vol forma part de l&#8217;elaboraci\u00f3 narrativa, no de la definici\u00f3 teol\u00f2gica. La doctrina isl\u00e0mica reconeix djinn creients, i, en principi, tamb\u00e9 un ifrit podria pert\u00e0nyer als creients.<\/p>\t\t\t\t\t\t\t\t<\/div>\n\t\t\t\t<\/div>\n\t\t\t\t\t<\/div>\n\t\t\t\t<\/div>\n\t\t<div class=\"elementor-element elementor-element-cp379a2cc e-flex e-con-boxed e-con e-parent\" data-id=\"cp379a2cc\" data-element_type=\"container\" data-e-type=\"container\">\n\t\t\t\t\t<div class=\"e-con-inner\">\n\t\t\t\t<div class=\"elementor-element elementor-element-cpdfc0db2 elementor-widget elementor-widget-heading\" data-id=\"cpdfc0db2\" data-element_type=\"widget\" data-e-type=\"widget\" data-widget_type=\"heading.default\">\n\t\t\t\t\t<h2 class=\"elementor-heading-title elementor-size-default\">L'ifrit a Les mil i una nits i en la recepci\u00f3 moderna<\/h2>\t\t\t\t<\/div>\n\t\t<div class=\"elementor-element elementor-element-cp4a5f1d5 e-con-full e-flex e-con e-child\" data-id=\"cp4a5f1d5\" data-element_type=\"container\" data-e-type=\"container\">\n\t\t\t\t<div class=\"elementor-element elementor-element-cpe9f941d elementor-widget elementor-widget-text-editor\" data-id=\"cpe9f941d\" data-element_type=\"widget\" data-e-type=\"widget\" data-widget_type=\"text-editor.default\">\n\t\t\t\t\t\t\t\t\t<p>La imatge que la majoria de gent t\u00e9 avui de l&#8217;ifrit prov\u00e9 menys de l&#8217;Alcor\u00e0 que del recull de narracions <em>Les mil i una nits<\/em> i de la cultura popular moderna.<\/p><p>En les narracions \u00e0rabs, l&#8217;ifrit \u00e9s una figura recurrent, un <span class=\"iwg-fachbegriff\" data-tooltip=\"\u00c9sser incorpori al qual s'atribueix una acci\u00f3 en el m\u00f3n.\" tabindex=\"0\">esperit<\/span> immens, sovint temible, que pot quedar tancat en ampolles o recipients, que concedeix desitjos o exerceix venjan\u00e7a i que posseeix un gran poder m\u00e0gic.<\/p><p>Caracter\u00edstica d&#8217;aquestes narracions \u00e9s l&#8217;ambival\u00e8ncia de l&#8217;ifrit. En algunes hist\u00f2ries \u00e9s venjatiu i mata, en altres est\u00e0 lligat a un jurament o a una captivitat i serveix a contracor.<\/p><p>La recepci\u00f3 europea, des de la traducci\u00f3 d&#8217;Antoine Galland a principis del segle divuit, ha vinculat estretament l&#8217;ifrit amb la idea del geni de l&#8217;ampolla, encara que aquest vincle \u00e9s nom\u00e9s un <span class=\"iwg-fachbegriff\" data-tooltip=\"Element de contingut recurrent en l'art o la narraci\u00f3.\" tabindex=\"0\">motiu<\/span> entre molts dins la <span class=\"iwg-fachbegriff\" data-tooltip=\"La transmissi\u00f3 de coneixement i narracions al llarg de generacions.\" tabindex=\"0\">tradici\u00f3<\/span> isl\u00e0mica m\u00e9s \u00e0mplia.<\/p><p>En la cultura popular moderna, en la literatura fant\u00e0stica, el cinema i els videojocs, l&#8217;ifrit s&#8217;ha convertit sovint en un \u00e9sser purament de foc, una encarnaci\u00f3 de l&#8217;element foc. Aquesta reducci\u00f3 \u00e9s comprensible, ja que els djinn s\u00f3n creats de foc, per\u00f2 simplifica considerablement la idea original.<\/p><p>Per aix\u00f2, l&#8217;an\u00e0lisi des de la ci\u00e8ncia de les religions distingeix acuradament tres nivells: el testimoni alcor\u00e0nic breu, amb l&#8217;\u00fanic djinn poder\u00f3s al servei de Salom\u00f3; la classificaci\u00f3 teol\u00f2gica dins la doctrina dels djinn; i la rica per\u00f2 secund\u00e0ria tradici\u00f3 narrativa, que ha convertit l&#8217;ifrit en una figura vistosa de la narraci\u00f3 popular. Qui vulgui entendre l&#8217;ifrit no hauria de barrejar aquests nivells.<\/p>\t\t\t\t\t\t\t\t<\/div>\n\t\t\t\t<\/div>\n\t\t\t\t\t<\/div>\n\t\t\t\t<\/div>\n\t\t<div class=\"elementor-element elementor-element-36dd7469 e-flex e-con-boxed e-con e-parent\" data-id=\"36dd7469\" data-element_type=\"container\" data-e-type=\"container\">\n\t\t\t\t\t<div class=\"e-con-inner\">\n\t\t\t\t<div class=\"elementor-element elementor-element-13760ab4 elementor-widget elementor-widget-heading\" data-id=\"13760ab4\" data-element_type=\"widget\" data-e-type=\"widget\" data-widget_type=\"heading.default\">\n\t\t\t\t\t<h2 class=\"elementor-heading-title elementor-size-default\">Enlla\u00e7os relacionats<\/h2>\t\t\t\t<\/div>\n\t\t<div class=\"elementor-element elementor-element-28c87796 e-con-full e-flex e-con e-child\" data-id=\"28c87796\" data-element_type=\"container\" data-e-type=\"container\">\n\t\t\t\t<div class=\"elementor-element elementor-element-5d6538df elementor-widget elementor-widget-text-editor\" data-id=\"5d6538df\" data-element_type=\"widget\" data-e-type=\"widget\" data-widget_type=\"text-editor.default\">\n\t\t\t\t\t\t\t\t\t<p>Enlla\u00e7os interns recomanats:<\/p><ul><li><a href=\"https:\/\/iwell-guard.com\/ca\/?page_id=171365\">Islam<\/a><\/li><li>Iblis, Jinn, Shayatin, Ghul<\/li><li>Les mil i una nits (font liter\u00e0ria)<\/li><li>Tradici\u00f3 de Salom\u00f3 i el segell<\/li><li>Recepci\u00f3 en la fantasia i la cultura popular<\/li><\/ul>\t\t\t\t\t\t\t\t<\/div>\n\t\t\t\t<\/div>\n\t\t\t\t\t<\/div>\n\t\t\t\t<\/div>\n\t\t<div class=\"elementor-element elementor-element-grl4kl40 e-flex e-con-boxed e-con e-parent\" data-id=\"grl4kl40\" data-element_type=\"container\" data-e-type=\"container\">\n\t\t\t\t\t<div class=\"e-con-inner\">\n\t\t\t\t<div class=\"elementor-element elementor-element-bzsbfrmh elementor-widget elementor-widget-heading\" data-id=\"bzsbfrmh\" data-element_type=\"widget\" data-e-type=\"widget\" data-widget_type=\"heading.default\">\n\t\t\t\t\t<h2 class=\"elementor-heading-title elementor-size-default\">Fonts i bibliografia<\/h2>\t\t\t\t<\/div>\n\t\t<div class=\"elementor-element elementor-element-2c13224a e-con-full e-flex e-con e-child\" data-id=\"2c13224a\" data-element_type=\"container\" data-e-type=\"container\">\n\t\t\t\t<div class=\"elementor-element elementor-element-0eymh9ub elementor-widget elementor-widget-text-editor\" data-id=\"0eymh9ub\" data-element_type=\"widget\" data-e-type=\"widget\" data-widget_type=\"text-editor.default\">\n\t\t\t\t\t\t\t\t\t<footer class=\"iwg-literatur\"><p>Una selecci\u00f3 d&#8217;obres clau sobre l&#8217;ifrit i figures relacionades:<\/p><ul><li><span data-nosnippet>Marzolph, Ulrich \/ van Leeuwen, Richard: <em><a href=\"https:\/\/archive.org\/details\/arabiannightsenc0000unse\" target=\"_blank\" rel=\"noopener noreferrer\">The Arabian Nights Encyclopedia<\/a><\/em>. 2 vol. Santa Barbara 2004.<\/span><\/li><li><span data-nosnippet>Irwin, Robert: <em>The Arabian Nights. A Companion<\/em>. Londres 1994.<\/span><\/li><li><span data-nosnippet>N\u00fcnlist, Tobias: <em>D\u00e4monenglaube im Islam<\/em>. Berl\u00edn 2015.<\/span><\/li><\/ul><div data-nosnippet=\"true\" class=\"iwg-litliste\"><\/div><\/footer>\n<p class=\"iwg-bib-more\"><span data-nosnippet>M\u00e9s obres de refer\u00e8ncia al <a href=\"https:\/\/iwell-guard.com\/ca\/?page_id=171483\">llistat bibliogr\u00e0fic<\/a>.<\/span><\/p>\t\t\t\t\t\t\t\t<\/div>\n\t\t\t\t<\/div>\n\t\t\t\t\t<\/div>\n\t\t\t\t<\/div>\n\t\t<div class=\"elementor-element elementor-element-iwgca-ifrit-sec e-flex e-con-boxed e-con e-parent\" data-id=\"iwgca-ifrit-sec\" data-element_type=\"container\" data-e-type=\"container\" id=\"iwg-ca-ifrit\">\n\t\t\t\t\t<div class=\"e-con-inner\">\n\t\t\t\t<div class=\"elementor-element elementor-element-iwgca-ifrit-te iwg-ca-textwrap elementor-widget elementor-widget-text-editor\" data-id=\"iwgca-ifrit-te\" data-element_type=\"widget\" data-e-type=\"widget\" data-widget_type=\"text-editor.default\">\n\t\t\t\t\t\t\t\t\t<div data-nosnippet=\"true\"><p class=\"iwg-ca-bridge\">La pr\u00e0ctica de protecci\u00f3 descrita aqu\u00ed \u00e9s una interpretaci\u00f3 cient\u00edfica de tradicions hist\u00f2riques. iWell Guard s&#8217;inscriu en aquesta l\u00ednia cultural d&#8217;objectes de protecci\u00f3 portables i en representa una forma contempor\u00e0nia. <a href=\"\/ueber-iwell-guard\/?utm_source=iwell-guard.com&#038;utm_medium=text-link&#038;utm_campaign=schadwesen-tradition\">M\u00e9s sobre iWell Guard \u2192<\/a><\/p><\/div>\t\t\t\t\t\t\t\t<\/div>\n\t\t\t\t\t<\/div>\n\t\t\t\t<\/div>\n\t\t<div class=\"elementor-element elementor-element-db42ae3 e-con-boxed e-flex e-con e-parent\" data-id=\"db42ae3\" data-element_type=\"container\" data-e-type=\"container\">\n\t\t\t\t\t<div class=\"e-con-inner\">\n\t\t\t\t<div class=\"elementor-element elementor-element-a34157e elementor-widget elementor-widget-text-editor\" data-id=\"a34157e\" data-element_type=\"widget\" data-e-type=\"widget\" data-widget_type=\"text-editor.default\">\n\t\t\t\t\t\t\t\t\t\n<h2>Preguntes freq\u00fcents sobre l&#8217;Ifrit<\/h2>\n<div class=\"iwg-faq-q\"><h3>Qu\u00e8 \u00e9s un ifrit a l&#8217;islam?<\/h3><p>L&#8217;ifrit (\u00e0rab \u02bfifr\u012bt, tamb\u00e9 efreet o afrit) \u00e9s a l&#8217;islam una classe especialment poderosa i perillosa dels djinn, els \u00e9ssers creats a partir de foc sense fum. L&#8217;Alcor\u00e0 esmenta un ifrit com a servent de Salom\u00f3, capa\u00e7 de portar el tron de la reina de Saba en un instant (sura 27,39).<\/p><p>Els ifrits es consideren els m\u00e9s forts dels djinn, sovint longeus, amb intel\u00b7lig\u00e8ncia, voluntat i capacitat de metamorfosi. En la tradici\u00f3 popular solen ser mal\u00e8vols i han de ser controlats amb invocacions especials.<\/p><\/div>\n<div class=\"iwg-faq-q\"><h3>Quina \u00e9s la difer\u00e8ncia entre ifrit, djinn i xaitan?<\/h3><p>Djinn \u00e9s el terme general per a tots els \u00e9ssers creats a partir de foc sense fum, una classe de creaci\u00f3 pr\u00f2pia al costat dels \u00e0ngels i els humans, dotada de lliure albir, \u00e9s a dir, capa\u00e7 de triar entre el b\u00e9 i el mal. L&#8217;ifrit \u00e9s un subgrup especialment poder\u00f3s dels djinn, sovint caracteritzat com a mal\u00e8vol o incr\u00e8dul.<\/p><p>Xaitan (paraula \u00e0rab per a Satan\u00e0s) \u00e9s un terme col\u00b7lectiu per a tots els qui es rebel\u00b7len contra D\u00e9u, tant entre els djinn com entre altres \u00e9ssers seductors. Iblis, el xaitan m\u00e9s conegut, \u00e9s ell mateix un djinn.<\/p><\/div>\n<script type=\"application\/ld+json\">{\"@context\":\"https:\/\/schema.org\",\"@type\":\"FAQPage\",\"mainEntity\":[{\"@type\":\"Question\",\"name\":\"Qu\u00e8 \u00e9s un ifrit a l'islam?\",\"acceptedAnswer\":{\"@type\":\"Answer\",\"text\":\"L'ifrit (\u00e0rab \\u02bfifr\\u012bt, tamb\u00e9 efreet o afrit) \u00e9s a l'islam una classe especialment poderosa i perillosa dels djinn, els \u00e9ssers creats a partir de foc sense fum. L'Alcor\u00e0 esmenta un ifrit com a servent de Salom\u00f3, capa\u00e7 de portar el tron de la reina de Saba en un instant (sura 27,39). Els ifrits es consideren els m\u00e9s forts dels djinn, sovint longeus, amb intel\u00b7lig\u00e8ncia, voluntat i capacitat de metamorfosi. En la tradici\u00f3 popular solen ser mal\u00e8vols i han de ser controlats amb invocacions especials.\"}},{\"@type\":\"Question\",\"name\":\"Quina \u00e9s la difer\u00e8ncia entre ifrit, djinn i xaitan?\",\"acceptedAnswer\":{\"@type\":\"Answer\",\"text\":\"Djinn \u00e9s el terme general per a tots els \u00e9ssers creats a partir de foc sense fum, una classe de creaci\u00f3 pr\u00f2pia al costat dels \u00e0ngels i els humans, dotada de lliure albir, \u00e9s a dir, capa\u00e7 de triar entre el b\u00e9 i el mal. L'ifrit \u00e9s un subgrup especialment poder\u00f3s dels djinn, sovint caracteritzat com a mal\u00e8vol o incr\u00e8dul. Xaitan (paraula \u00e0rab per a Satan\u00e0s) \u00e9s un terme col\u00b7lectiu per a tots els qui es rebel\u00b7len contra D\u00e9u, tant entre els djinn com entre altres \u00e9ssers seductors. Iblis, el xaitan m\u00e9s conegut, \u00e9s ell mateix un djinn.\"}}]}<\/script>\t\t\t\t\t\t\t\t<\/div>\n\t\t\t\t\t<\/div>\n\t\t\t\t<\/div>\n\t\t\t\t<\/div>\n\t\t","protected":false},"excerpt":{"rendered":"","protected":false},"author":3,"featured_media":1664,"parent":0,"menu_order":0,"comment_status":"closed","ping_status":"closed","template":"elementor_header_footer","meta":{"_yoast_wpseo_focuskw":"Ifrit","_yoast_wpseo_title":"Ifrit \u2013 els poderosos jinns de foc de l'islam","_yoast_wpseo_metadesc":"Ifrit, els poderosos jinns de la tradici\u00f3 isl\u00e0mica. \u00c9ssers de foc entre el mite de Salom\u00f3, Les mil i una nits i la classificaci\u00f3 cor\u00e1nica.","_yoast_wpseo_meta-robots-noindex":"","_yoast_wpseo_canonical":"","_angie_page":false,"gefaehrdungsstufe":"4","wesen_kultur":"islam","wesen_klasse":"daemonen","footnotes":""},"categories":[],"class_list":["post-171377","page","type-page","status-publish","has-post-thumbnail","hentry"],"yoast_head":"<!-- This site is optimized with the Yoast SEO Premium plugin v27.7 (Yoast SEO v28.3) - https:\/\/yoast.com\/product\/yoast-seo-premium-wordpress\/ -->\n<title>Ifrit \u2013 els poderosos jinns de foc de l&#039;islam<\/title>\n<meta name=\"description\" content=\"Ifrit, els poderosos jinns de la tradici\u00f3 isl\u00e0mica. \u00c9ssers de foc entre el mite de Salom\u00f3, Les mil i una nits i la classificaci\u00f3 cor\u00e1nica.\" \/>\n<meta name=\"robots\" content=\"index, follow, max-snippet:-1, max-image-preview:large, max-video-preview:-1\" \/>\n<link rel=\"canonical\" href=\"https:\/\/iwell-guard.com\/ca\/ifrit\/\" \/>\n<meta property=\"og:locale\" content=\"ca_ES\" \/>\n<meta property=\"og:type\" content=\"article\" \/>\n<meta property=\"og:title\" content=\"Ifrit\" \/>\n<meta property=\"og:description\" content=\"Ifrit, els poderosos jinns de la tradici\u00f3 isl\u00e0mica. \u00c9ssers de foc entre el mite de Salom\u00f3, Les mil i una nits i la classificaci\u00f3 cor\u00e1nica.\" \/>\n<meta property=\"og:url\" content=\"https:\/\/iwell-guard.com\/ca\/ifrit\/\" \/>\n<meta property=\"og:site_name\" content=\"iWell Guard\" \/>\n<meta property=\"article:modified_time\" content=\"2026-09-05T15:56:14+00:00\" \/>\n<meta property=\"og:image\" content=\"https:\/\/iwell-guard.com\/wp-content\/uploads\/2026\/04\/daemonen_islam_ifrit.webp\" \/>\n\t<meta property=\"og:image:width\" content=\"1024\" \/>\n\t<meta property=\"og:image:height\" content=\"1536\" \/>\n\t<meta property=\"og:image:type\" content=\"image\/webp\" \/>\n<meta name=\"twitter:card\" content=\"summary_large_image\" \/>\n<script type=\"application\/ld+json\" class=\"yoast-schema-graph\">{\"@context\":\"https:\\\/\\\/schema.org\",\"@graph\":[{\"@type\":\"WebPage\",\"@id\":\"https:\\\/\\\/iwell-guard.com\\\/ca\\\/ifrit\\\/\",\"url\":\"https:\\\/\\\/iwell-guard.com\\\/ca\\\/ifrit\\\/\",\"name\":\"Ifrit \u2013 els poderosos jinns de foc de l'islam\",\"isPartOf\":{\"@id\":\"https:\\\/\\\/iwell-guard.com\\\/ca\\\/#website\"},\"primaryImageOfPage\":{\"@id\":\"https:\\\/\\\/iwell-guard.com\\\/ca\\\/ifrit\\\/#primaryimage\"},\"image\":{\"@id\":\"https:\\\/\\\/iwell-guard.com\\\/ca\\\/ifrit\\\/#primaryimage\"},\"thumbnailUrl\":\"https:\\\/\\\/iwell-guard.com\\\/wp-content\\\/uploads\\\/2026\\\/04\\\/daemonen_islam_ifrit.webp\",\"datePublished\":\"2026-09-05T15:38:52+00:00\",\"dateModified\":\"2026-09-05T15:56:14+00:00\",\"description\":\"Ifrit, els poderosos jinns de la tradici\u00f3 isl\u00e0mica. \u00c9ssers de foc entre el mite de Salom\u00f3, Les mil i una nits i la classificaci\u00f3 cor\u00e1nica.\",\"breadcrumb\":{\"@id\":\"https:\\\/\\\/iwell-guard.com\\\/ca\\\/ifrit\\\/#breadcrumb\"},\"inLanguage\":\"ca\",\"potentialAction\":[{\"@type\":\"ReadAction\",\"target\":[\"https:\\\/\\\/iwell-guard.com\\\/ca\\\/ifrit\\\/\"]}]},{\"@type\":\"ImageObject\",\"inLanguage\":\"ca\",\"@id\":\"https:\\\/\\\/iwell-guard.com\\\/ca\\\/ifrit\\\/#primaryimage\",\"url\":\"https:\\\/\\\/iwell-guard.com\\\/wp-content\\\/uploads\\\/2026\\\/04\\\/daemonen_islam_ifrit.webp\",\"contentUrl\":\"https:\\\/\\\/iwell-guard.com\\\/wp-content\\\/uploads\\\/2026\\\/04\\\/daemonen_islam_ifrit.webp\",\"width\":1024,\"height\":1536,\"caption\":\"Dimonis de la tradici\u00f3 isl\u00e0mica.\"},{\"@type\":\"BreadcrumbList\",\"@id\":\"https:\\\/\\\/iwell-guard.com\\\/ca\\\/ifrit\\\/#breadcrumb\",\"itemListElement\":[{\"@type\":\"ListItem\",\"position\":1,\"name\":\"Start\",\"item\":\"https:\\\/\\\/iwell-guard.com\\\/ca\\\/?page_id=171333\"},{\"@type\":\"ListItem\",\"position\":2,\"name\":\"Ifrit\"}]},{\"@type\":\"WebSite\",\"@id\":\"https:\\\/\\\/iwell-guard.com\\\/ca\\\/#website\",\"url\":\"https:\\\/\\\/iwell-guard.com\\\/ca\\\/\",\"name\":\"iWell Guard\",\"description\":\"Schutz vor dunklen Einfl\u00fcssen\",\"publisher\":{\"@id\":\"https:\\\/\\\/iwell-guard.com\\\/ca\\\/#organization\"},\"potentialAction\":[{\"@type\":\"SearchAction\",\"target\":{\"@type\":\"EntryPoint\",\"urlTemplate\":\"https:\\\/\\\/iwell-guard.com\\\/ca\\\/?s={search_term_string}\"},\"query-input\":{\"@type\":\"PropertyValueSpecification\",\"valueRequired\":true,\"valueName\":\"search_term_string\"}}],\"inLanguage\":\"ca\"},{\"@type\":\"Organization\",\"@id\":\"https:\\\/\\\/iwell-guard.com\\\/ca\\\/#organization\",\"name\":\"Ittermann electronic GmbH\",\"url\":\"https:\\\/\\\/iwell-guard.com\\\/ca\\\/\",\"logo\":{\"@type\":\"ImageObject\",\"inLanguage\":\"ca\",\"@id\":\"https:\\\/\\\/iwell-guard.com\\\/ca\\\/#\\\/schema\\\/logo\\\/image\\\/\",\"url\":\"https:\\\/\\\/iwell-guard.com\\\/wp-content\\\/uploads\\\/2026\\\/05\\\/Ittermann-Logo-1182x237-1.png\",\"contentUrl\":\"https:\\\/\\\/iwell-guard.com\\\/wp-content\\\/uploads\\\/2026\\\/05\\\/Ittermann-Logo-1182x237-1.png\",\"width\":1182,\"height\":237,\"caption\":\"Ittermann electronic GmbH\"},\"image\":{\"@id\":\"https:\\\/\\\/iwell-guard.com\\\/ca\\\/#\\\/schema\\\/logo\\\/image\\\/\"},\"sameAs\":[\"https:\\\/\\\/pantip.com\\\/profile\\\/9367242\",\"https:\\\/\\\/micro.blog\\\/iwellguard\",\"https:\\\/\\\/www.diggerslist.com\\\/iwellguard\\\/about\",\"https:\\\/\\\/skitterphoto.com\\\/photographers\\\/2870314\\\/iwell-guard\",\"https:\\\/\\\/iwellguard.wordpress.com\\\/2026\\\/06\\\/06\\\/iwell-guard\\\/\",\"https:\\\/\\\/hub.docker.com\\\/u\\\/iwellguard\",\"https:\\\/\\\/www.pinterest.com\\\/iwellguard\\\/\",\"https:\\\/\\\/bit.ly\\\/m\\\/iwellguard\",\"https:\\\/\\\/entre-vos-mains.alsace.eu\\\/profiles\\\/iwellguard\\\/activity\",\"https:\\\/\\\/gravatar.com\\\/reallybeded8fd34\",\"https:\\\/\\\/naijamatta.com\\\/iwellguard\",\"https:\\\/\\\/www.goodreads.com\\\/iwellguard\",\"https:\\\/\\\/profile.hatena.ne.jp\\\/iwellguard\\\/\",\"https:\\\/\\\/experiment.com\\\/users\\\/iwellguard\",\"https:\\\/\\\/wakelet.com\\\/@iWellGuard82270\",\"https:\\\/\\\/www.chordie.com\\\/forum\\\/profile.php?id=2555664\",\"https:\\\/\\\/www.instapaper.com\\\/p\\\/17757966\",\"https:\\\/\\\/www.mapleprimes.com\\\/users\\\/iwellguard\",\"https:\\\/\\\/businesslistingplus.com\\\/profile\\\/iwell-guard\\\/\",\"https:\\\/\\\/telegra.ph\\\/iWell-Guard-06-06\",\"https:\\\/\\\/pbase.com\\\/iwellguard\\\/iwellguard\",\"https:\\\/\\\/b.hatena.ne.jp\\\/iwellguard\\\/20260607#bookmark-4788405196491818882\",\"https:\\\/\\\/fliphtml5.com\\\/home\\\/iwellguard\",\"https:\\\/\\\/anyflip.com\\\/homepage\\\/cmiwl#About\",\"https:\\\/\\\/transfur.com\\\/Users\\\/iwellguard\",\"http:\\\/\\\/delphi.larsbo.org\\\/user\\\/iwellguard\",\"https:\\\/\\\/jobs.lajobsportal.org\\\/profiles\\\/8380803-iwell-guard\",\"https:\\\/\\\/md.chaosdorf.de\\\/s\\\/jfbe5SBdJD\",\"https:\\\/\\\/www.lingvolive.com\\\/en-us\\\/profile\\\/9ecaeaca-ce11-4e51-9e71-01d55e2bff36\\\/translations\",\"https:\\\/\\\/www.fitday.com\\\/fitness\\\/forums\\\/members\\\/iwellguard.html\",\"https:\\\/\\\/www.mymeetbook.com\\\/iwellguard\",\"https:\\\/\\\/pxhere.com\\\/en\\\/photographer-me\\\/5040798\",\"https:\\\/\\\/disqus.com\\\/by\\\/iwellguard\\\/about\\\/\",\"https:\\\/\\\/pastelink.net\\\/hjwciqwq\",\"https:\\\/\\\/pubhtml5.com\\\/homepage\\\/scjhn\\\/\",\"https:\\\/\\\/www.bitchute.com\\\/channel\\\/2O2eOKzNqujT\",\"https:\\\/\\\/audiomack.com\\\/iwellguard\"]},{\"@type\":\"Article\",\"@id\":\"https:\\\/\\\/iwell-guard.com\\\/ca\\\/ifrit\\\/#article\",\"isPartOf\":{\"@id\":\"https:\\\/\\\/iwell-guard.com\\\/ca\\\/ifrit\\\/\"},\"author\":{\"name\":\"Ralf Ittermann\",\"@id\":\"https:\\\/\\\/iwell-guard.com\\\/ca\\\/#\\\/schema\\\/person\\\/ee2a27f1cac3406c7c6fb5820cb7349f\"},\"headline\":\"Ifrit\",\"datePublished\":\"2026-09-05T15:38:52+00:00\",\"dateModified\":\"2026-09-05T15:56:14+00:00\",\"mainEntityOfPage\":{\"@id\":\"https:\\\/\\\/iwell-guard.com\\\/ca\\\/ifrit\\\/\"},\"publisher\":{\"@id\":\"https:\\\/\\\/iwell-guard.com\\\/ca\\\/#organization\"},\"image\":{\"@id\":\"https:\\\/\\\/iwell-guard.com\\\/ca\\\/ifrit\\\/#primaryimage\"},\"thumbnailUrl\":\"https:\\\/\\\/iwell-guard.com\\\/wp-content\\\/uploads\\\/2026\\\/04\\\/daemonen_islam_ifrit.webp\",\"inLanguage\":\"ca\",\"description\":\"Ifrit, els poderosos jinns de la tradici\u00f3 isl\u00e0mica. \u00c9ssers de foc entre el mite de Salom\u00f3, Les mil i una nits i la classificaci\u00f3 cor\u00e1nica.\"}]}<\/script>\n<!-- \/ Yoast SEO Premium plugin. -->","yoast_head_json":{"title":"Ifrit \u2013 els poderosos jinns de foc de l'islam","description":"Ifrit, els poderosos jinns de la tradici\u00f3 isl\u00e0mica. \u00c9ssers de foc entre el mite de Salom\u00f3, Les mil i una nits i la classificaci\u00f3 cor\u00e1nica.","robots":{"index":"index","follow":"follow","max-snippet":"max-snippet:-1","max-image-preview":"max-image-preview:large","max-video-preview":"max-video-preview:-1"},"canonical":"https:\/\/iwell-guard.com\/ca\/ifrit\/","og_locale":"ca_ES","og_type":"article","og_title":"Ifrit","og_description":"Ifrit, els poderosos jinns de la tradici\u00f3 isl\u00e0mica. \u00c9ssers de foc entre el mite de Salom\u00f3, Les mil i una nits i la classificaci\u00f3 cor\u00e1nica.","og_url":"https:\/\/iwell-guard.com\/ca\/ifrit\/","og_site_name":"iWell Guard","article_modified_time":"2026-09-05T15:56:14+00:00","og_image":[{"width":1024,"height":1536,"url":"https:\/\/iwell-guard.com\/wp-content\/uploads\/2026\/04\/daemonen_islam_ifrit.webp","type":"image\/webp"}],"twitter_card":"summary_large_image","schema":{"@context":"https:\/\/schema.org","@graph":[{"@type":"Article","@id":"https:\/\/iwell-guard.com\/ca\/ifrit\/#article","isPartOf":{"@id":"https:\/\/iwell-guard.com\/ca\/ifrit\/"},"author":{"name":"Ralf Ittermann","@id":"https:\/\/iwell-guard.com\/ca\/#\/schema\/person\/ee2a27f1cac3406c7c6fb5820cb7349f"},"headline":"Ifrit","datePublished":"2026-09-05T15:38:52+00:00","dateModified":"2026-09-05T15:56:14+00:00","mainEntityOfPage":{"@id":"https:\/\/iwell-guard.com\/ca\/ifrit\/"},"publisher":{"@id":"https:\/\/iwell-guard.com\/ca\/#organization"},"image":{"@id":"https:\/\/iwell-guard.com\/ca\/ifrit\/#primaryimage"},"thumbnailUrl":"https:\/\/iwell-guard.com\/wp-content\/uploads\/2026\/04\/daemonen_islam_ifrit.webp","inLanguage":"ca","description":"Ifrit, els poderosos jinns de la tradici\u00f3 isl\u00e0mica. \u00c9ssers de foc entre el mite de Salom\u00f3, Les mil i una nits i la classificaci\u00f3 cor\u00e1nica."},{"@type":"WebPage","@id":"https:\/\/iwell-guard.com\/ca\/ifrit\/","url":"https:\/\/iwell-guard.com\/ca\/ifrit\/","name":"Ifrit \u2013 els poderosos jinns de foc de l'islam","isPartOf":{"@id":"https:\/\/iwell-guard.com\/ca\/#website"},"primaryImageOfPage":{"@id":"https:\/\/iwell-guard.com\/ca\/ifrit\/#primaryimage"},"image":{"@id":"https:\/\/iwell-guard.com\/ca\/ifrit\/#primaryimage"},"thumbnailUrl":"https:\/\/iwell-guard.com\/wp-content\/uploads\/2026\/04\/daemonen_islam_ifrit.webp","datePublished":"2026-09-05T15:38:52+00:00","dateModified":"2026-09-05T15:56:14+00:00","description":"Ifrit, els poderosos jinns de la tradici\u00f3 isl\u00e0mica. \u00c9ssers de foc entre el mite de Salom\u00f3, Les mil i una nits i la classificaci\u00f3 cor\u00e1nica.","breadcrumb":{"@id":"https:\/\/iwell-guard.com\/ca\/ifrit\/#breadcrumb"},"inLanguage":"ca","potentialAction":[{"@type":"ReadAction","target":["https:\/\/iwell-guard.com\/ca\/ifrit\/"]}]},{"@type":"ImageObject","inLanguage":"ca","@id":"https:\/\/iwell-guard.com\/ca\/ifrit\/#primaryimage","url":"https:\/\/iwell-guard.com\/wp-content\/uploads\/2026\/04\/daemonen_islam_ifrit.webp","contentUrl":"https:\/\/iwell-guard.com\/wp-content\/uploads\/2026\/04\/daemonen_islam_ifrit.webp","width":1024,"height":1536,"caption":"Dimonis de la tradici\u00f3 isl\u00e0mica."},{"@type":"BreadcrumbList","@id":"https:\/\/iwell-guard.com\/ca\/ifrit\/#breadcrumb","itemListElement":[{"@type":"ListItem","position":1,"name":"Start","item":"https:\/\/iwell-guard.com\/ca\/?page_id=171333"},{"@type":"ListItem","position":2,"name":"Ifrit"}]},{"@type":"WebSite","@id":"https:\/\/iwell-guard.com\/ca\/#website","url":"https:\/\/iwell-guard.com\/ca\/","name":"iWell Guard","description":"Schutz vor dunklen Einfl\u00fcssen","publisher":{"@id":"https:\/\/iwell-guard.com\/ca\/#organization"},"potentialAction":[{"@type":"SearchAction","target":{"@type":"EntryPoint","urlTemplate":"https:\/\/iwell-guard.com\/ca\/?s={search_term_string}"},"query-input":{"@type":"PropertyValueSpecification","valueRequired":true,"valueName":"search_term_string"}}],"inLanguage":"ca"},{"@type":"Organization","@id":"https:\/\/iwell-guard.com\/ca\/#organization","name":"Ittermann electronic GmbH","url":"https:\/\/iwell-guard.com\/ca\/","logo":{"@type":"ImageObject","inLanguage":"ca","@id":"https:\/\/iwell-guard.com\/ca\/#\/schema\/logo\/image\/","url":"https:\/\/iwell-guard.com\/wp-content\/uploads\/2026\/05\/Ittermann-Logo-1182x237-1.png","contentUrl":"https:\/\/iwell-guard.com\/wp-content\/uploads\/2026\/05\/Ittermann-Logo-1182x237-1.png","width":1182,"height":237,"caption":"Ittermann electronic GmbH"},"image":{"@id":"https:\/\/iwell-guard.com\/ca\/#\/schema\/logo\/image\/"},"sameAs":["https:\/\/pantip.com\/profile\/9367242","https:\/\/micro.blog\/iwellguard","https:\/\/www.diggerslist.com\/iwellguard\/about","https:\/\/skitterphoto.com\/photographers\/2870314\/iwell-guard","https:\/\/iwellguard.wordpress.com\/2026\/06\/06\/iwell-guard\/","https:\/\/hub.docker.com\/u\/iwellguard","https:\/\/www.pinterest.com\/iwellguard\/","https:\/\/bit.ly\/m\/iwellguard","https:\/\/entre-vos-mains.alsace.eu\/profiles\/iwellguard\/activity","https:\/\/gravatar.com\/reallybeded8fd34","https:\/\/naijamatta.com\/iwellguard","https:\/\/www.goodreads.com\/iwellguard","https:\/\/profile.hatena.ne.jp\/iwellguard\/","https:\/\/experiment.com\/users\/iwellguard","https:\/\/wakelet.com\/@iWellGuard82270","https:\/\/www.chordie.com\/forum\/profile.php?id=2555664","https:\/\/www.instapaper.com\/p\/17757966","https:\/\/www.mapleprimes.com\/users\/iwellguard","https:\/\/businesslistingplus.com\/profile\/iwell-guard\/","https:\/\/telegra.ph\/iWell-Guard-06-06","https:\/\/pbase.com\/iwellguard\/iwellguard","https:\/\/b.hatena.ne.jp\/iwellguard\/20260607#bookmark-4788405196491818882","https:\/\/fliphtml5.com\/home\/iwellguard","https:\/\/anyflip.com\/homepage\/cmiwl#About","https:\/\/transfur.com\/Users\/iwellguard","http:\/\/delphi.larsbo.org\/user\/iwellguard","https:\/\/jobs.lajobsportal.org\/profiles\/8380803-iwell-guard","https:\/\/md.chaosdorf.de\/s\/jfbe5SBdJD","https:\/\/www.lingvolive.com\/en-us\/profile\/9ecaeaca-ce11-4e51-9e71-01d55e2bff36\/translations","https:\/\/www.fitday.com\/fitness\/forums\/members\/iwellguard.html","https:\/\/www.mymeetbook.com\/iwellguard","https:\/\/pxhere.com\/en\/photographer-me\/5040798","https:\/\/disqus.com\/by\/iwellguard\/about\/","https:\/\/pastelink.net\/hjwciqwq","https:\/\/pubhtml5.com\/homepage\/scjhn\/","https:\/\/www.bitchute.com\/channel\/2O2eOKzNqujT","https:\/\/audiomack.com\/iwellguard"]},{"@type":"Person","@id":"https:\/\/iwell-guard.com\/ca\/#\/schema\/person\/ee2a27f1cac3406c7c6fb5820cb7349f","name":"Ralf Ittermann","image":{"@type":"ImageObject","inLanguage":"ca","@id":"https:\/\/secure.gravatar.com\/avatar\/073c0153e350a5005b68eb752b445fea71f6b24a26da9449ad7e155e6b446c9d?s=96&d=mm&r=g","url":"https:\/\/secure.gravatar.com\/avatar\/073c0153e350a5005b68eb752b445fea71f6b24a26da9449ad7e155e6b446c9d?s=96&d=mm&r=g","contentUrl":"https:\/\/secure.gravatar.com\/avatar\/073c0153e350a5005b68eb752b445fea71f6b24a26da9449ad7e155e6b446c9d?s=96&d=mm&r=g","caption":"Ralf Ittermann"},"givenName":"Ralf","familyName":"Ittermann","jobTitle":"Gesch\u00e4ftsf\u00fchrer und redaktioneller Verantwortlicher","url":"https:\/\/iwell-guard.com\/ca\/author\/claude\/","description":"Ralf Ittermann ist Gesch\u00e4ftsf\u00fchrer der Ittermann electronic GmbH und redaktioneller Verantwortlicher des iWell-Guard-Lexikons. Er verbindet langj\u00e4hrige Erfahrung in der Pr\u00e4zisionsfertigung mit medialer Praxis und religionsgeschichtlicher Quellenarbeit.","worksFor":{"@type":"Organization","name":"Ittermann electronic GmbH","url":"https:\/\/ittermann.de\/","address":{"@type":"PostalAddress","streetAddress":"K\u00f6hlergasse 16-18","postalCode":"99842","addressLocality":"Ruhla","addressCountry":"DE"}},"knowsAbout":["Religionsgeschichte","Mythologie","Mediale Praxis","Energetische Diagnostik","Schutzpraxis","Volksglauben","Westliche Esoterik"]},{"@type":"Article","@id":"https:\/\/iwell-guard.com\/ca\/ifrit\/#article","isPartOf":{"@id":"https:\/\/iwell-guard.com\/ca\/ifrit\/"},"author":{"name":"Ralf Ittermann","@id":"https:\/\/iwell-guard.com\/ca\/#\/schema\/person\/ee2a27f1cac3406c7c6fb5820cb7349f"},"headline":"Ifrit","datePublished":"2026-09-05T15:38:52+00:00","dateModified":"2026-09-05T15:56:14+00:00","mainEntityOfPage":{"@id":"https:\/\/iwell-guard.com\/ca\/ifrit\/"},"publisher":{"@id":"https:\/\/iwell-guard.com\/ca\/#organization"},"image":{"@id":"https:\/\/iwell-guard.com\/ca\/ifrit\/#primaryimage"},"thumbnailUrl":"https:\/\/iwell-guard.com\/wp-content\/uploads\/2026\/04\/daemonen_islam_ifrit.webp","inLanguage":"ca","description":"Ifrit, els poderosos jinns de la tradici\u00f3 isl\u00e0mica. \u00c9ssers de foc entre el mite de Salom\u00f3, Les mil i una nits i la classificaci\u00f3 cor\u00e1nica."}]}},"_links":{"self":[{"href":"https:\/\/iwell-guard.com\/ca\/wp-json\/wp\/v2\/pages\/171377","targetHints":{"allow":["GET"]}}],"collection":[{"href":"https:\/\/iwell-guard.com\/ca\/wp-json\/wp\/v2\/pages"}],"about":[{"href":"https:\/\/iwell-guard.com\/ca\/wp-json\/wp\/v2\/types\/page"}],"author":[{"embeddable":true,"href":"https:\/\/iwell-guard.com\/ca\/wp-json\/wp\/v2\/users\/3"}],"replies":[{"embeddable":true,"href":"https:\/\/iwell-guard.com\/ca\/wp-json\/wp\/v2\/comments?post=171377"}],"version-history":[{"count":0,"href":"https:\/\/iwell-guard.com\/ca\/wp-json\/wp\/v2\/pages\/171377\/revisions"}],"wp:featuredmedia":[{"embeddable":true,"href":"https:\/\/iwell-guard.com\/ca\/wp-json\/wp\/v2\/media\/1664"}],"wp:attachment":[{"href":"https:\/\/iwell-guard.com\/ca\/wp-json\/wp\/v2\/media?parent=171377"}],"wp:term":[{"taxonomy":"category","embeddable":true,"href":"https:\/\/iwell-guard.com\/ca\/wp-json\/wp\/v2\/categories?post=171377"}],"curies":[{"name":"wp","href":"https:\/\/api.w.org\/{rel}","templated":true}]}}