{"id":171374,"date":"2026-09-05T15:38:51","date_gmt":"2026-09-05T15:38:51","guid":{"rendered":"https:\/\/iwell-guard.com\/?page_id=171374"},"modified":"2026-09-05T15:56:09","modified_gmt":"2026-09-05T15:56:09","slug":"iblis","status":"publish","type":"page","link":"https:\/\/iwell-guard.com\/ca\/iblis\/","title":{"rendered":"Iblis"},"content":{"rendered":"\t\t<div data-elementor-type=\"wp-page\" data-elementor-id=\"171374\" class=\"elementor elementor-171374 elementor-1023\" data-elementor-post-type=\"page\">\n\t\t\t\t<div class=\"elementor-element elementor-element-10fdade e-flex e-con-boxed e-con e-parent\" data-id=\"10fdade\" data-element_type=\"container\" data-e-type=\"container\" data-settings=\"{&quot;background_background&quot;:&quot;classic&quot;}\">\n\t\t\t\t\t<div class=\"e-con-inner\">\n\t\t<div class=\"elementor-element elementor-element-herohlft0 e-flex e-con-boxed e-con e-child\" data-id=\"herohlft0\" data-element_type=\"container\" data-e-type=\"container\">\n\t\t\t\t\t<div class=\"e-con-inner\">\n\t\t<div class=\"elementor-element elementor-element-c3ceb64 e-con-full e-flex e-con e-child\" data-id=\"c3ceb64\" data-element_type=\"container\" data-e-type=\"container\">\n\t\t\t\t<div class=\"elementor-element elementor-element-96ae5e1 elementor-widget elementor-widget-heading\" data-id=\"96ae5e1\" data-element_type=\"widget\" data-e-type=\"widget\" data-widget_type=\"heading.default\">\n\t\t\t\t\t<h1 class=\"elementor-heading-title elementor-size-default\">Iblis, d\u00e9u de la tradici\u00f3 isl\u00e0mica<\/h1>\t\t\t\t<\/div>\n\t\t\t\t<div class=\"elementor-element elementor-element-e45238a elementor-widget elementor-widget-text-editor\" data-id=\"e45238a\" data-element_type=\"widget\" data-e-type=\"widget\" data-widget_type=\"text-editor.default\">\n\t\t\t\t\t\t\t\t\t<p><strong>El que rebutja, adversari de l&#8217;Islam.<\/strong><\/p>\n<h2 id=\"dif-iblis\">Iblis en la narrativa de la caiguda dels \u00e0ngels<\/h2>\n<p>Iblis \u00e9s principalment la <strong>figura de la caiguda dels \u00e0ngels<\/strong> de la tradici\u00f3 isl\u00e0mica. Set sures (Q 2:34; 7:11-18; 15:28-43; 17:61-65; 18:50; 20:116-123; 38:71-85) ho relaten de manera coherent: Al\u00b7l\u00e0 crea <strong>Adam d&#8217;argila<\/strong>, ordena a tots els \u00e0ngels i a Iblis que s&#8217;inclinin; Iblis s&#8217;hi nega argumentant que ell va ser creat de <strong>foc<\/strong>, m\u00e9s noble que l&#8217;argila. Aquest pecat d&#8217;orgull (<em>kibr<\/em>) provoca la seva maledicci\u00f3.<\/p><p>Iblis demana una pr\u00f2rroga fins al Dia del Judici i l&#8217;obt\u00e9, com a <strong>temptador de la humanitat<\/strong>. En aquesta funci\u00f3 tamb\u00e9 \u00e9s anomenat <em>al-Shaitan<\/em> (\u00abl&#8217;oponent\u00bb) o <em>al-raj\u012bm<\/em> (\u00abl&#8217;apedregat\u00bb).<\/p><p>La <strong>lectura suf\u00ed<\/strong> (Hallaj, \u02bfAttar) interpreta la seva negativa de manera paradoxal: per amor a Al\u00b7l\u00e0, nom\u00e9s volia inclinar-se davant D\u00e9u; aquesta lectura \u00e9s heterodoxa dins del corrent principal, per\u00f2 teol\u00f2gicament elaborada.<\/p>\n\t\t\t\t\t\t\t\t<\/div>\n\t\t\t\t<\/div>\n\t\t<div class=\"elementor-element elementor-element-klsbdg01 e-con-full e-flex e-con e-parent\" data-id=\"klsbdg01\" data-element_type=\"container\" data-e-type=\"container\">\n\t\t\t\t<div class=\"elementor-element elementor-element-klshtm01 elementor-widget elementor-widget-html\" data-id=\"klshtm01\" data-element_type=\"widget\" data-e-type=\"widget\" data-widget_type=\"html.default\">\n\t\t\t\t\t<div class=\"iwg-pill-row\"><span class=\"iwg-klasse-badge\" tabindex=\"0\" data-tooltip=\"D\u00e9u \/ Deessa: Poder suprem personificat en el pante\u00f3 d'una cultura, amb \u00e0mbits clars, forces naturals, dest\u00ed, guerra, fertilitat. Venerat mitjan\u00e7ant cultes, ofrenes i institucions de temple.\">D\u00e9u<\/span><a href=\"https:\/\/iwell-guard.com\/ca\/?page_id=171365\" class=\"iwg-kultur-badge\" tabindex=\"0\" data-tooltip=\"M\u00f3n de creences isl\u00e0mic amb arc\u00e0ngels, dj inns i \u00e9ssers religiosos.\">Islam<\/a><a href=\"https:\/\/iwell-guard.com\/ca\/?page_id=171458\" class=\"iwg-tradition-badge\" tabindex=\"0\" data-tooltip=\"Poders del caos i adversaris c\u00f2smics, contrincants en el dualisme de la hist\u00f2ria de les religions.\">Anti-D\u00e9u<\/a><\/div>\t\t\t\t<\/div>\n\t\t\t\t<\/div>\n\t\t<div class=\"elementor-element elementor-element-3f74855 e-con-full e-flex e-con e-child\" data-id=\"3f74855\" data-element_type=\"container\" data-e-type=\"container\">\n\t\t\t\t<div class=\"elementor-element elementor-element-1c30362 elementor-toc--minimized-on-tablet elementor-widget elementor-widget-table-of-contents\" data-id=\"1c30362\" data-element_type=\"widget\" data-e-type=\"widget\" data-settings=\"{&quot;exclude_headings_by_selector&quot;:[],&quot;no_headings_message&quot;:&quot;No s&#039;ha trobat cap encap\\u00e7alament en aquesta p\\u00e0gina.&quot;,&quot;headings_by_tags&quot;:[&quot;h2&quot;,&quot;h3&quot;],&quot;marker_view&quot;:&quot;bullets&quot;,&quot;icon&quot;:{&quot;value&quot;:&quot;fas fa-circle&quot;,&quot;library&quot;:&quot;fa-solid&quot;,&quot;rendered_tag&quot;:&quot;&lt;svg class=\\&quot;e-font-icon-svg e-fas-circle\\&quot; viewBox=\\&quot;0 0 512 512\\&quot; xmlns=\\&quot;http:\\\/\\\/www.w3.org\\\/2000\\\/svg\\&quot;&gt;&lt;path d=\\&quot;M256 8C119 8 8 119 8 256s111 248 248 248 248-111 248-248S393 8 256 8z\\&quot;&gt;&lt;\\\/path&gt;&lt;\\\/svg&gt;&quot;},&quot;minimize_box&quot;:&quot;yes&quot;,&quot;minimized_on&quot;:&quot;tablet&quot;,&quot;hierarchical_view&quot;:&quot;yes&quot;,&quot;min_height&quot;:{&quot;unit&quot;:&quot;px&quot;,&quot;size&quot;:&quot;&quot;,&quot;sizes&quot;:[]},&quot;min_height_tablet&quot;:{&quot;unit&quot;:&quot;px&quot;,&quot;size&quot;:&quot;&quot;,&quot;sizes&quot;:[]},&quot;min_height_mobile&quot;:{&quot;unit&quot;:&quot;px&quot;,&quot;size&quot;:&quot;&quot;,&quot;sizes&quot;:[]}}\" data-widget_type=\"table-of-contents.default\">\n\t\t\t\t\t\t\t\t\t<div class=\"elementor-toc__header\">\n\t\t\t\t\t\t<h2 class=\"elementor-toc__header-title\">\n\t\t\t\t\u00cdndex\t\t\t<\/h2>\n\t\t\t\t\t\t\t\t\t\t<div class=\"elementor-toc__toggle-button elementor-toc__toggle-button--expand\" role=\"button\" tabindex=\"0\" aria-controls=\"elementor-toc__1c30362\" aria-expanded=\"true\" aria-label=\"Open table of contents\"><svg aria-hidden=\"true\" class=\"e-font-icon-svg e-fas-chevron-down\" viewBox=\"0 0 448 512\" xmlns=\"http:\/\/www.w3.org\/2000\/svg\"><path d=\"M207.029 381.476L12.686 187.132c-9.373-9.373-9.373-24.569 0-33.941l22.667-22.667c9.357-9.357 24.522-9.375 33.901-.04L224 284.505l154.745-154.021c9.379-9.335 24.544-9.317 33.901.04l22.667 22.667c9.373 9.373 9.373 24.569 0 33.941L240.971 381.476c-9.373 9.372-24.569 9.372-33.942 0z\"><\/path><\/svg><\/div>\n\t\t\t\t<div class=\"elementor-toc__toggle-button elementor-toc__toggle-button--collapse\" role=\"button\" tabindex=\"0\" aria-controls=\"elementor-toc__1c30362\" aria-expanded=\"true\" aria-label=\"Close table of contents\"><svg aria-hidden=\"true\" class=\"e-font-icon-svg e-fas-chevron-up\" viewBox=\"0 0 448 512\" xmlns=\"http:\/\/www.w3.org\/2000\/svg\"><path d=\"M240.971 130.524l194.343 194.343c9.373 9.373 9.373 24.569 0 33.941l-22.667 22.667c-9.357 9.357-24.522 9.375-33.901.04L224 227.495 69.255 381.516c-9.379 9.335-24.544 9.317-33.901-.04l-22.667-22.667c-9.373-9.373-9.373-24.569 0-33.941L207.03 130.525c9.372-9.373 24.568-9.373 33.941-.001z\"><\/path><\/svg><\/div>\n\t\t\t\t\t<\/div>\n\t\t\t\t<div id=\"elementor-toc__1c30362\" class=\"elementor-toc__body\">\n\t\t\t<div class=\"elementor-toc__spinner-container\">\n\t\t\t\t<svg class=\"elementor-toc__spinner eicon-animation-spin e-font-icon-svg e-eicon-loading\" aria-hidden=\"true\" viewBox=\"0 0 1000 1000\" xmlns=\"http:\/\/www.w3.org\/2000\/svg\"><path d=\"M500 975V858C696 858 858 696 858 500S696 142 500 142 142 304 142 500H25C25 237 238 25 500 25S975 237 975 500 763 975 500 975Z\"><\/path><\/svg>\t\t\t<\/div>\n\t\t<\/div>\n\t\t\t\t\t\t<\/div>\n\t\t\t\t<\/div>\n\t\t\t\t\t<\/div>\n\t\t\t\t<\/div>\n\t\t<div class=\"elementor-element elementor-element-herorght0 e-con-full e-flex e-con e-child\" data-id=\"herorght0\" data-element_type=\"container\" data-e-type=\"container\">\n\t\t\t\t<div class=\"elementor-element elementor-element-heroimg00 iwg-hero-image elementor-widget elementor-widget-image\" data-id=\"heroimg00\" data-element_type=\"widget\" data-e-type=\"widget\" data-widget_type=\"image.default\">\n\t\t\t\t\t\t\t\t\t\t\t\t\t\t\t<img fetchpriority=\"high\" decoding=\"async\" width=\"683\" height=\"1024\" src=\"https:\/\/iwell-guard.com\/wp-content\/uploads\/2026\/04\/goetter_islam_iblis-683x1024.webp\" class=\"attachment-large size-large wp-image-1595\" alt=\"Iblis\" srcset=\"https:\/\/iwell-guard.com\/wp-content\/uploads\/2026\/04\/goetter_islam_iblis-683x1024.webp 683w, https:\/\/iwell-guard.com\/wp-content\/uploads\/2026\/04\/goetter_islam_iblis-200x300.webp 200w, https:\/\/iwell-guard.com\/wp-content\/uploads\/2026\/04\/goetter_islam_iblis-768x1152.webp 768w, https:\/\/iwell-guard.com\/wp-content\/uploads\/2026\/04\/goetter_islam_iblis.webp 1024w\" sizes=\"(max-width: 683px) 100vw, 683px\" \/>\t\t\t\t\t\t\t\t\t\t\t\t\t\t\t<\/div>\n\t\t\t\t<\/div>\n\t\t\t\t\t<\/div>\n\t\t\t\t<\/div>\n\t\t<div class=\"elementor-element elementor-element-32917199 e-flex e-con-boxed e-con e-parent\" data-id=\"32917199\" data-element_type=\"container\" data-e-type=\"container\">\n\t\t\t\t\t<div class=\"e-con-inner\">\n\t\t<div class=\"elementor-element elementor-element-26e916cb e-flex e-con-boxed e-con e-child\" data-id=\"26e916cb\" data-element_type=\"container\" data-e-type=\"container\">\n\t\t\t\t\t<div class=\"e-con-inner\">\n\t\t<div class=\"elementor-element elementor-element-253a40d4 e-flex e-con-boxed e-con e-child\" data-id=\"253a40d4\" data-element_type=\"container\" data-e-type=\"container\">\n\t\t\t\t\t<div class=\"e-con-inner\">\n\t\t\t\t<div class=\"elementor-element elementor-element-1200c304 elementor-widget elementor-widget-heading\" data-id=\"1200c304\" data-element_type=\"widget\" data-e-type=\"widget\" data-widget_type=\"heading.default\">\n\t\t\t\t\t<div class=\"elementor-heading-title elementor-size-default\">Iblis<\/div>\t\t\t\t<\/div>\n\t\t\t\t<div class=\"elementor-element elementor-element-11758e7f elementor-widget elementor-widget-text-editor\" data-id=\"11758e7f\" data-element_type=\"widget\" data-e-type=\"widget\" data-widget_type=\"text-editor.default\">\n\t\t\t\t\t\t\t\t\t<p>Iblis \u00e9s la figura principal antagonista de la tradici\u00f3 isl\u00e0mica. La seva escena clau, narrada a l&#8217;Alcor\u00e0 en diversos passatges (entre d&#8217;altres, Sura 2,34; 7,11, 18; 15,28, 35; 38,71, 85), \u00e9s la negativa a inclinar-se davant Adam.<\/p><p>Quan D\u00e9u crea l&#8217;\u00e9sser hum\u00e0 d&#8217;argila i ordena als <span class=\"iwg-fachbegriff\" data-tooltip=\"En les religions abrah\u00e0miques, un \u00e9sser missatger celestial de D\u00e9u.\" tabindex=\"0\">\u00e0ngels<\/span> que li retin homenatge, Iblis s&#8217;hi oposa: ell ha estat fet de foc, mentre que Adam nom\u00e9s \u00e9s d&#8217;argila. Aquesta \u00fanica negativa el converteix en el cap dels Shayatin.<\/p><p>Estructuralment es diferencia de Satan\u00e0s: segons la Sura 18,50, Iblis no \u00e9s un <span class=\"iwg-fachbegriff\" data-tooltip=\"En les religions abrah\u00e0miques, un \u00e9sser missatger celestial de D\u00e9u.\" tabindex=\"0\">\u00e0ngel<\/span>, sin\u00f3 un <span class=\"iwg-fachbegriff\" tabindex=\"0\" data-tooltip=\"En l'Alcor\u00e0, \u00e9ssers de foc sense fum amb voluntat lliure, ni \u00e0ngels ni dimonis, sin\u00f3 una creaci\u00f3 pr\u00f2pia amb la seva moral.\">Jinn<\/span>, tot i que estava entre els \u00e0ngels, tan gran era el seu rang. La seva caiguda no \u00e9s una lluita de poder, sin\u00f3 desobedi\u00e8ncia. La seva actuaci\u00f3 fins al Judici Final est\u00e0 permesa per D\u00e9u: pot temptar l&#8217;\u00e9sser hum\u00e0, per\u00f2 no for\u00e7ar-lo.<\/p><div><p><strong>Textos claus de l&#8217;Alcor\u00e0<\/strong><\/p><p>Iblis apareix a l&#8217;Alcor\u00e0 en diverses sures. El relat central \u00e9s la negativa a inclinar-se davant Adam: <em>I quan vam dir als \u00e0ngels: &#8216;Inclineu-vos davant Adam&#8217;, ells es van inclinar, excepte Iblis<\/em> (Sura 2,34; de manera similar 7,11, 12; 15,28, 32; 17,61; 18,50; 20,116; 38,71, 74).<\/p><p>Aquesta negativa \u00e9s el pecat original de l&#8217;Alcor\u00e0 i estableix Iblis com el principal adversari de la salvaci\u00f3 humana.<\/p><p>En els versos que l&#8217;acompanyen, Iblis exposa el seu argument: va ser creat de foc sense fum (<em>marij min nar<\/em>), mentre que Adam ho va ser d&#8217;argila; inclinar-se davant un \u00e9sser creat de manera inferior li \u00e9s inacceptable. Aquesta construcci\u00f3 de la Sura 38,76 converteix l&#8217;orgull en la causa estructural de la caiguda, en paral\u00b7lel amb la tradici\u00f3 cristiana lucif\u00e8rica de la <em>superbia<\/em>.<\/p><\/div>\t\t\t\t\t\t\t\t<\/div>\n\t\t\t\t\t<\/div>\n\t\t\t\t<\/div>\n\t\t<div class=\"elementor-element elementor-element-159dcf9a e-flex e-con-boxed e-con e-child\" data-id=\"159dcf9a\" data-element_type=\"container\" data-e-type=\"container\">\n\t\t\t\t\t<div class=\"e-con-inner\">\n\t\t\t\t<div class=\"elementor-element elementor-element-48cee66f elementor-widget elementor-widget-heading\" data-id=\"48cee66f\" data-element_type=\"widget\" data-e-type=\"widget\" data-widget_type=\"heading.default\">\n\t\t\t\t\t<h2 class=\"elementor-heading-title elementor-size-default\">D'un cop d'ull: Iblis<\/h2>\t\t\t\t<\/div>\n\t\t\t\t<div class=\"elementor-element elementor-element-3f50d82c elementor-widget elementor-widget-text-editor\" data-id=\"3f50d82c\" data-element_type=\"widget\" data-e-type=\"widget\" data-widget_type=\"text-editor.default\">\n\t\t\t\t\t\t\t\t\t<p><strong>Tipus:<\/strong> Adversari, cap dels Shayatin<br>Origen: Jinn de foc sense fum (Sura 18,50)<br>Noms: Iblis, Azazil (preisl\u00e0mic), ash-Shaytan al-Rajim<br>Textos: Alcor\u00e0 (molts passatges), Hadith, qisas al-anbiya<br>Funci\u00f3: Temptador, mestre de la falsedat, adversari de la fi dels temps<\/p>\t\t\t\t\t\t\t\t<\/div>\n\t\t\t\t\t<\/div>\n\t\t\t\t<\/div>\n\t\t\t\t\t<\/div>\n\t\t\t\t<\/div>\n\t\t\t\t\t<\/div>\n\t\t\t\t<\/div>\n\t\t<div class=\"elementor-element elementor-element-18613602 e-flex e-con-boxed e-con e-parent\" data-id=\"18613602\" data-element_type=\"container\" data-e-type=\"container\">\n\t\t\t\t\t<div class=\"e-con-inner\">\n\t\t\t\t<div class=\"elementor-element elementor-element-262b8a9f elementor-widget elementor-widget-heading\" data-id=\"262b8a9f\" data-element_type=\"widget\" data-e-type=\"widget\" data-widget_type=\"heading.default\">\n\t\t\t\t\t<h2 class=\"elementor-heading-title elementor-size-default\">Introducci\u00f3<\/h2>\t\t\t\t<\/div>\n\t\t<div class=\"elementor-element elementor-element-46dcb7d e-con-full e-flex e-con e-child\" data-id=\"46dcb7d\" data-element_type=\"container\" data-e-type=\"container\">\n\t\t<div class=\"elementor-element elementor-element-61d3ab3 e-flex e-con-boxed e-con e-child\" data-id=\"61d3ab3\" data-element_type=\"container\" data-e-type=\"container\">\n\t\t\t\t\t<div class=\"e-con-inner\">\n\t\t\t\t<div class=\"elementor-element elementor-element-117c166 elementor-widget elementor-widget-heading\" data-id=\"117c166\" data-element_type=\"widget\" data-e-type=\"widget\" data-widget_type=\"heading.default\">\n\t\t\t\t\t<div class=\"elementor-heading-title elementor-size-default\">Per\u00edode dels textos<\/div>\t\t\t\t<\/div>\n\t\t\t\t<div class=\"elementor-element elementor-element-73997a0 elementor-widget elementor-widget-text-editor\" data-id=\"73997a0\" data-element_type=\"widget\" data-e-type=\"widget\" data-widget_type=\"text-editor.default\">\n\t\t\t\t\t\t\t\t\t<p>Fonamentaci\u00f3 alcor\u00e0nica al segle VII dC. Recepci\u00f3 elaborada en l&#8217;exegesi cl\u00e0ssica de l&#8217;Alcor\u00e0 (Tafsir), en els qisas al-anbiya (\u00abhist\u00f2ries dels profetes\u00bb), en la literatura suf\u00ed (especialment al-Hallaj, Ibn Arabi amb interpretacions singulars). Recepci\u00f3 moderna en la <span class=\"iwg-fachbegriff\" data-tooltip=\"La doctrina cient\u00edfica sobre D\u00e9u i sobre la fe d'una religi\u00f3.\" tabindex=\"0\">teologia<\/span> isl\u00e0mica i la <span class=\"iwg-fachbegriff\" data-tooltip=\"La religiositat viscuda en el dia a dia, sovint al costat de la doctrina oficial.\" tabindex=\"0\">religiositat popular<\/span>.<\/p>\t\t\t\t\t\t\t\t<\/div>\n\t\t\t\t\t<\/div>\n\t\t\t\t<\/div>\n\t\t<div class=\"elementor-element elementor-element-d47b156 e-flex e-con-boxed e-con e-child\" data-id=\"d47b156\" data-element_type=\"container\" data-e-type=\"container\">\n\t\t\t\t\t<div class=\"e-con-inner\">\n\t\t\t\t<div class=\"elementor-element elementor-element-ff38c2b elementor-widget elementor-widget-heading\" data-id=\"ff38c2b\" data-element_type=\"widget\" data-e-type=\"widget\" data-widget_type=\"heading.default\">\n\t\t\t\t\t<div class=\"elementor-heading-title elementor-size-default\">\u00c0rea de difusi\u00f3<\/div>\t\t\t\t<\/div>\n\t\t\t\t<div class=\"elementor-element elementor-element-4e49fcc elementor-widget elementor-widget-text-editor\" data-id=\"4e49fcc\" data-element_type=\"widget\" data-e-type=\"widget\" data-widget_type=\"text-editor.default\">\n\t\t\t\t\t\t\t\t\t<p>El m\u00f3n isl\u00e0mic en conjunt. La <span class=\"iwg-fachbegriff\" data-tooltip=\"La religiositat viscuda en el dia a dia, sovint al costat de la doctrina oficial.\" tabindex=\"0\">religiositat popular<\/span> local combina els relats d&#8217;Iblis amb motius demon\u00edacs regionals, nord-africans, turcoasi\u00e0tics centrals, del sud-est asi\u00e0tic.<\/p>\t\t\t\t\t\t\t\t<\/div>\n\t\t\t\t\t<\/div>\n\t\t\t\t<\/div>\n\t\t\t\t<\/div>\n\t\t<div class=\"elementor-element elementor-element-db03c39 e-con-full e-flex e-con e-child\" data-id=\"db03c39\" data-element_type=\"container\" data-e-type=\"container\">\n\t\t<div class=\"elementor-element elementor-element-229a87b e-flex e-con-boxed e-con e-child\" data-id=\"229a87b\" data-element_type=\"container\" data-e-type=\"container\">\n\t\t\t\t\t<div class=\"e-con-inner\">\n\t\t\t\t<div class=\"elementor-element elementor-element-1f471fc elementor-widget elementor-widget-heading\" data-id=\"1f471fc\" data-element_type=\"widget\" data-e-type=\"widget\" data-widget_type=\"heading.default\">\n\t\t\t\t\t<div class=\"elementor-heading-title elementor-size-default\">Estat de les fonts<\/div>\t\t\t\t<\/div>\n\t\t\t\t<div class=\"elementor-element elementor-element-36b1201 elementor-widget elementor-widget-text-editor\" data-id=\"36b1201\" data-element_type=\"widget\" data-e-type=\"widget\" data-widget_type=\"text-editor.default\">\n\t\t\t\t\t\t\t\t\t<p>Alcor\u00e0 (Sures 2, 7, 15, 17, 18, 20, 38 i altres), col\u00b7leccions de Hadith (Bukhari, Muslim), qisas al-anbiya (al-Kisa&#8217;i, al-Tha&#8217;labi), literatura suf\u00ed (al-Hallaj, Ibn Arabi, Rumi), obres teol\u00f2giques modernes.<\/p>\t\t\t\t\t\t\t\t<\/div>\n\t\t\t\t\t<\/div>\n\t\t\t\t<\/div>\n\t\t\t\t<\/div>\n\t\t\t\t\t<\/div>\n\t\t\t\t<\/div>\n\t\t<div class=\"elementor-element elementor-element-3ae0637c e-flex e-con-boxed e-con e-parent\" data-id=\"3ae0637c\" data-element_type=\"container\" data-e-type=\"container\">\n\t\t\t\t\t<div class=\"e-con-inner\">\n\t\t\t\t<div class=\"elementor-element elementor-element-31d07739 elementor-widget elementor-widget-heading\" data-id=\"31d07739\" data-element_type=\"widget\" data-e-type=\"widget\" data-widget_type=\"heading.default\">\n\t\t\t\t\t<h2 class=\"elementor-heading-title elementor-size-default\">Denominaci\u00f3 i grafies<\/h2>\t\t\t\t<\/div>\n\t\t<div class=\"elementor-element elementor-element-b7642947 e-con-full e-flex e-con e-child\" data-id=\"b7642947\" data-element_type=\"container\" data-e-type=\"container\">\n\t\t\t\t<div class=\"elementor-element elementor-element-a086266 elementor-widget elementor-widget-text-editor\" data-id=\"a086266\" data-element_type=\"widget\" data-e-type=\"widget\" data-widget_type=\"text-editor.default\">\n\t\t\t\t\t\t\t\t\t<p><strong>\u00c0rab:<\/strong> <em>Iblis<\/em>, probablement derivat del grec <em>diabolos<\/em>.<br>Preisl\u00e0mic\/apocal\u00edptic: <em>Azazil<\/em> (en algunes tradicions, el nom d&#8217;Iblis abans del pecat).<br>Ep\u00edtets: <em>ash-Shaytan al-Rajim<\/em>, \u00abel diable apedregat\u00bb; <em>al-Khannas<\/em>, \u00abel que es retira\u00bb; <em>&#8216;Aduw&#8217; Allah<\/em>, \u00abenemic de D\u00e9u\u00bb.<\/p><p>L&#8217;etimologia a partir de <em>diabolos<\/em> marca el contacte amb la tradici\u00f3 judeocristiana anterior a l&#8217;Islam. Els ep\u00edtets distribueixen diferents aspectes: la seva expulsi\u00f3 de la proximitat de D\u00e9u, la seva fugida quan s&#8217;esmenta Al\u00b7l\u00e0, la seva enemistat.<\/p>\t\t\t\t\t\t\t\t<\/div>\n\t\t\t\t<\/div>\n\t\t\t\t\t<\/div>\n\t\t\t\t<\/div>\n\t\t<div class=\"elementor-element elementor-element-709a44a8 e-flex e-con-boxed e-con e-parent\" data-id=\"709a44a8\" data-element_type=\"container\" data-e-type=\"container\">\n\t\t\t\t\t<div class=\"e-con-inner\">\n\t\t\t\t<div class=\"elementor-element elementor-element-2f585873 elementor-widget elementor-widget-heading\" data-id=\"2f585873\" data-element_type=\"widget\" data-e-type=\"widget\" data-widget_type=\"heading.default\">\n\t\t\t\t\t<h2 class=\"elementor-heading-title elementor-size-default\">Trets caracter\u00edstics<\/h2>\t\t\t\t<\/div>\n\t\t<div class=\"elementor-element elementor-element-70621c12 e-con-full e-flex e-con e-child\" data-id=\"70621c12\" data-element_type=\"container\" data-e-type=\"container\">\n\t\t\t\t<div class=\"elementor-element elementor-element-4296eb49 elementor-widget elementor-widget-text-editor\" data-id=\"4296eb49\" data-element_type=\"widget\" data-e-type=\"widget\" data-widget_type=\"text-editor.default\">\n\t\t\t\t\t\t\t\t\t<p><strong>Aparen\u00e7a<\/strong><\/p><p>L&#8217;Alcor\u00e0 no ofereix cap descripci\u00f3 visual. La literatura suf\u00ed subratlla la seva naturalesa \u00edgnia. La tradici\u00f3 popular el mostra terrible, banyut, flamejant. No existeix una tradici\u00f3 isl\u00e0mica <span class=\"iwg-fachbegriff\" tabindex=\"0\" data-tooltip=\"Que pertany a un corpus fixat de textos sagrats d'una religi\u00f3; els textos no can\u00f2nics es consideren ap\u00f2crifs.\">can\u00f2nica<\/span>-figurativa en sentit estricte.<\/p><p><strong>Comportament<\/strong><\/p><p>Es nega a sotmetre&#8217;s davant Adam. Demana a Al\u00b7l\u00e0 una pr\u00f2rroga fins al Dia del Judici per temptar la humanitat. Al\u00b7l\u00e0 l&#8217;hi concedeix, i Iblis esdev\u00e9 pedra de toc, no pas contrapoder c\u00f2smic.<\/p><p><strong>\u00c0mbit d&#8217;acci\u00f3<\/strong><\/p><p>La humanitat sencera. La seva eina preferida \u00e9s el <em>waswasa<\/em> (l&#8217;insinuaci\u00f3). No actua per la for\u00e7a, sin\u00f3 xiuxiuejant dubtes i pensaments falsos.<\/p><p><strong>Classificaci\u00f3 mitol\u00f2gica<\/strong><\/p><p>Segons la sura 18,50 \u00e9s un jinn, fet de foc sense fum. Aix\u00f2 el diferencia essencialment de l'\u00bb\u00e0ngel caigut\u00bb judeocristi\u00e0. Les interpretacions suf\u00eds (especialment la d&#8217;al-Hal\u00b7laj) llegeixen tamb\u00e9 la negativa d&#8217;Iblis com a expressi\u00f3 del monoteisme m\u00e9s pur, el tawhid: nom\u00e9s volia inclinar-se davant D\u00e9u, no davant una criatura.<\/p><div><p><strong>Tradici\u00f3 suf\u00ed i lectures ambivalents<\/strong><\/p><p>La tradici\u00f3 suf\u00ed sobre Iblis constitueix una capa pr\u00f2pia i fascinant des del punt de vista de la hist\u00f2ria de les religions. Mansur al-Hal\u00b7laj (mort el 922) va desenvolupar en el seu <em>Kitab al-Tawasin<\/em> una lectura paradoxal: Iblis \u00e9s el veritable monoteista, que amb la seva negativa es proclama absolutament fidel a D\u00e9u, ja que no s&#8217;inclina davant cap altre \u00e9sser.<\/p><p>Aquesta lectura va ser rebutjada per la tradici\u00f3 isl\u00e0mica ortodoxa com a <span class=\"iwg-fachbegriff\" tabindex=\"0\" data-tooltip=\"En la tradici\u00f3 cristiana, doctrina que s'aparta de la posici\u00f3 ortodoxa; a l'antiguitat i l'edat mitjana era objecte de sancions.\">heretgia<\/span> i va conduir a l&#8217;execuci\u00f3 d&#8217;al-Hal\u00b7laj, per\u00f2 va perviure dins la tradici\u00f3 suf\u00ed. Farid ud-Din Attar (mort el 1221) la va desenvolupar en la seva <em>Mantiq at-Tair<\/em>; Ibn Arabi (mort el 1240) la va integrar en la seva <span class=\"iwg-fachbegriff\" tabindex=\"0\" data-tooltip=\"Doctrina esot\u00e8rica, fundada el 1875 per Helena Petrovna Blavatsky; s\u00edntesi de saviesa oriental, espiritisme i ocultisme occidental.\">teosofia<\/span> especulativa.<\/p><p><span data-nosnippet>L&#8217;estudi acad\u00e8mic contemporani d&#8217;aquesta tradici\u00f3 es troba a Peter J. Awn, <em>Satan&#8217;s Tragedy and Redemption. Iblis in Sufi Psychology<\/em> (Brill, Leiden 1983), i a <span class=\"iwg-fachbegriff\" tabindex=\"0\" data-tooltip=\"Islam\u00f2loga alemanya (1922\u20132003); obra principal Mystische Dimensionen des Islam (1985).\">Annemarie Schimmel<\/span>, <em>Mystische Dimensionen des Islam<\/em> (Diederichs, Col\u00f2nia 1985).<\/span><\/p><\/div>\t\t\t\t\t\t\t\t<\/div>\n\t\t\t\t<\/div>\n\t\t\t\t\t<\/div>\n\t\t\t\t<\/div>\n\t\t<div class=\"elementor-element elementor-element-44e71476 e-flex e-con-boxed e-con e-parent\" data-id=\"44e71476\" data-element_type=\"container\" data-e-type=\"container\">\n\t\t\t\t\t<div class=\"e-con-inner\">\n\t\t\t\t<div class=\"elementor-element elementor-element-3c1fc3f0 elementor-widget elementor-widget-heading\" data-id=\"3c1fc3f0\" data-element_type=\"widget\" data-e-type=\"widget\" data-widget_type=\"heading.default\">\n\t\t\t\t\t<h2 class=\"elementor-heading-title elementor-size-default\">Fitxa: Iblis<\/h2>\t\t\t\t<\/div>\n\t\t<div class=\"elementor-element elementor-element-84f33b8e e-con-full e-flex e-con e-child\" data-id=\"84f33b8e\" data-element_type=\"container\" data-e-type=\"container\">\n\t\t\t\t<div class=\"elementor-element elementor-element-hqkdc67p elementor-widget elementor-widget-text-editor\" data-id=\"hqkdc67p\" data-element_type=\"widget\" data-e-type=\"widget\" data-widget_type=\"text-editor.default\">\n\t\t\t\t\t\t\t\t\t<p>Els aspectes m\u00e9s importants d&#8217;Iblis d&#8217;un cop d&#8217;ull.<\/p>\t\t\t\t\t\t\t\t<\/div>\n\t\t\t\t<\/div>\n\t\t<div class=\"elementor-element elementor-element-pemmx7c5 e-con-full e-flex e-con e-child\" data-id=\"pemmx7c5\" data-element_type=\"container\" data-e-type=\"container\">\n\t\t<div class=\"elementor-element elementor-element-pemmx7c1 e-con-full e-flex e-con e-child\" data-id=\"pemmx7c1\" data-element_type=\"container\" data-e-type=\"container\">\n\t\t<div class=\"elementor-element elementor-element-qh9oavvu iwg-steckbrief-card e-flex e-con-boxed e-con e-child\" data-id=\"qh9oavvu\" data-element_type=\"container\" data-e-type=\"container\">\n\t\t\t\t\t<div class=\"e-con-inner\">\n\t\t\t\t<div class=\"elementor-element elementor-element-awzx8k2k elementor-widget elementor-widget-heading\" data-id=\"awzx8k2k\" data-element_type=\"widget\" data-e-type=\"widget\" data-widget_type=\"heading.default\">\n\t\t\t\t\t<div class=\"elementor-heading-title elementor-size-default\">L'origen d'Iblis<\/div>\t\t\t\t<\/div>\n\t\t\t\t<div class=\"elementor-element elementor-element-x6rowhv0 elementor-widget elementor-widget-text-editor\" data-id=\"x6rowhv0\" data-element_type=\"widget\" data-e-type=\"widget\" data-widget_type=\"text-editor.default\">\n\t\t\t\t\t\t\t\t\t<p>Jinn fet de foc sense fum, situat en una posici\u00f3 elevada entre els \u00e0ngels. Es va negar a prostrar-se davant d&#8217;Adam, i des de llavors \u00e9s el temptador de la humanitat.<\/p>\t\t\t\t\t\t\t\t<\/div>\n\t\t\t\t\t<\/div>\n\t\t\t\t<\/div>\n\t\t<div class=\"elementor-element elementor-element-8e3o4kxs iwg-steckbrief-card e-flex e-con-boxed e-con e-child\" data-id=\"8e3o4kxs\" data-element_type=\"container\" data-e-type=\"container\">\n\t\t\t\t\t<div class=\"e-con-inner\">\n\t\t\t\t<div class=\"elementor-element elementor-element-08rkdgov elementor-widget elementor-widget-heading\" data-id=\"08rkdgov\" data-element_type=\"widget\" data-e-type=\"widget\" data-widget_type=\"heading.default\">\n\t\t\t\t\t<div class=\"elementor-heading-title elementor-size-default\">El p\u00fablic objectiu d'Iblis<\/div>\t\t\t\t<\/div>\n\t\t\t\t<div class=\"elementor-element elementor-element-uwjelx8s elementor-widget elementor-widget-text-editor\" data-id=\"uwjelx8s\" data-element_type=\"widget\" data-e-type=\"widget\" data-widget_type=\"text-editor.default\">\n\t\t\t\t\t\t\t\t\t<p>Tota la humanitat, especialment els creients. El seu xiuxiueig (waswasa) apunta al dubte, la desobedi\u00e8ncia i l&#8217;orgull.<\/p>\t\t\t\t\t\t\t\t<\/div>\n\t\t\t\t\t<\/div>\n\t\t\t\t<\/div>\n\t\t<div class=\"elementor-element elementor-element-jm2n74ec iwg-steckbrief-card e-flex e-con-boxed e-con e-child\" data-id=\"jm2n74ec\" data-element_type=\"container\" data-e-type=\"container\">\n\t\t\t\t\t<div class=\"e-con-inner\">\n\t\t\t\t<div class=\"elementor-element elementor-element-8vufse4c elementor-widget elementor-widget-heading\" data-id=\"8vufse4c\" data-element_type=\"widget\" data-e-type=\"widget\" data-widget_type=\"heading.default\">\n\t\t\t\t\t<div class=\"elementor-heading-title elementor-size-default\">L'aparen\u00e7a d'Iblis<\/div>\t\t\t\t<\/div>\n\t\t\t\t<div class=\"elementor-element elementor-element-mwb9u015 elementor-widget elementor-widget-text-editor\" data-id=\"mwb9u015\" data-element_type=\"widget\" data-e-type=\"widget\" data-widget_type=\"text-editor.default\">\n\t\t\t\t\t\t\t\t\t<p>No hi ha <span class=\"iwg-fachbegriff\" data-tooltip=\"La disciplina que estudia els continguts visuals i el seu significat.\" tabindex=\"0\">iconografia<\/span> can\u00f2nica. La tradici\u00f3 suf\u00ed posa l&#8217;accent en la seva naturalesa ardent. La imatgeria popular el representa banyut, terrible.<\/p>\t\t\t\t\t\t\t\t<\/div>\n\t\t\t\t\t<\/div>\n\t\t\t\t<\/div>\n\t\t\t\t<\/div>\n\t\t<div class=\"elementor-element elementor-element-pemmx7c2 e-con-full e-flex e-con e-child\" data-id=\"pemmx7c2\" data-element_type=\"container\" data-e-type=\"container\">\n\t\t<div class=\"elementor-element elementor-element-37ss2yr6 iwg-steckbrief-card e-flex e-con-boxed e-con e-child\" data-id=\"37ss2yr6\" data-element_type=\"container\" data-e-type=\"container\">\n\t\t\t\t\t<div class=\"e-con-inner\">\n\t\t\t\t<div class=\"elementor-element elementor-element-3v0wp3wx elementor-widget elementor-widget-heading\" data-id=\"3v0wp3wx\" data-element_type=\"widget\" data-e-type=\"widget\" data-widget_type=\"heading.default\">\n\t\t\t\t\t<div class=\"elementor-heading-title elementor-size-default\">L'efecte d'Iblis<\/div>\t\t\t\t<\/div>\n\t\t\t\t<div class=\"elementor-element elementor-element-w3247g2m elementor-widget elementor-widget-text-editor\" data-id=\"w3247g2m\" data-element_type=\"widget\" data-e-type=\"widget\" data-widget_type=\"text-editor.default\">\n\t\t\t\t\t\t\t\t\t<p>Temptaci\u00f3 per xiuxiueig, no per coacci\u00f3. La seva actuaci\u00f3 \u00e9s permesa per D\u00e9u com a prova; l&#8217;\u00e9sser hum\u00e0 t\u00e9 la llibertat d&#8217;escollir.<\/p>\t\t\t\t\t\t\t\t<\/div>\n\t\t\t\t\t<\/div>\n\t\t\t\t<\/div>\n\t\t<div class=\"elementor-element elementor-element-0qpjal9w iwg-steckbrief-card e-flex e-con-boxed e-con e-child\" data-id=\"0qpjal9w\" data-element_type=\"container\" data-e-type=\"container\">\n\t\t\t\t\t<div class=\"e-con-inner\">\n\t\t\t\t<div class=\"elementor-element elementor-element-6ndoih0o elementor-widget elementor-widget-heading\" data-id=\"6ndoih0o\" data-element_type=\"widget\" data-e-type=\"widget\" data-widget_type=\"heading.default\">\n\t\t\t\t\t<div class=\"elementor-heading-title elementor-size-default\">La defensa contra Iblis<\/div>\t\t\t\t<\/div>\n\t\t\t\t<div class=\"elementor-element elementor-element-6684tyh9 elementor-widget elementor-widget-text-editor\" data-id=\"6684tyh9\" data-element_type=\"widget\" data-e-type=\"widget\" data-widget_type=\"text-editor.default\">\n\t\t\t\t\t\t\t\t\t<p>F\u00f3rmula ta&#8217;awudh (\u00abEm refugio en Al\u00b7l\u00e0 contra Satan\u00e0s, el lapidat\u00bb), Basmala, recitaci\u00f3 de les tres sures protectores (Ikhlas, Falaq, Nas), Ruqya.<\/p>\t\t\t\t\t\t\t\t<\/div>\n\t\t\t\t\t<\/div>\n\t\t\t\t<\/div>\n\t\t<div class=\"elementor-element elementor-element-3lfi7x32 iwg-steckbrief-card e-flex e-con-boxed e-con e-child\" data-id=\"3lfi7x32\" data-element_type=\"container\" data-e-type=\"container\">\n\t\t\t\t\t<div class=\"e-con-inner\">\n\t\t\t\t<div class=\"elementor-element elementor-element-0kg99ga1 elementor-widget elementor-widget-heading\" data-id=\"0kg99ga1\" data-element_type=\"widget\" data-e-type=\"widget\" data-widget_type=\"heading.default\">\n\t\t\t\t\t<div class=\"elementor-heading-title elementor-size-default\">Els paral\u00b7lelismes d'Iblis<\/div>\t\t\t\t<\/div>\n\t\t\t\t<div class=\"elementor-element elementor-element-n0fum6kp elementor-widget elementor-widget-text-editor\" data-id=\"n0fum6kp\" data-element_type=\"widget\" data-e-type=\"widget\" data-widget_type=\"text-editor.default\">\n\t\t\t\t\t\t\t\t\t<p>Satan\u00e0s, Llucifer (cristi\u00e0), <a href=\"https:\/\/iwell-guard.com\/ca\/?page_id=171363\">Azazel<\/a> (jueu), Ahriman (zoroastri\u00e0), Mara (budista).<\/p>\t\t\t\t\t\t\t\t<\/div>\n\t\t\t\t\t<\/div>\n\t\t\t\t<\/div>\n\t\t\t\t<\/div>\n\t\t\t\t<\/div>\n\t\t\t\t\t<\/div>\n\t\t\t\t<\/div>\n\t\t<div class=\"elementor-element elementor-element-7533bc7a e-flex e-con-boxed e-con e-parent\" data-id=\"7533bc7a\" data-element_type=\"container\" data-e-type=\"container\">\n\t\t\t\t\t<div class=\"e-con-inner\">\n\t\t\t\t<div class=\"elementor-element elementor-element-2447d18d elementor-widget elementor-widget-heading\" data-id=\"2447d18d\" data-element_type=\"widget\" data-e-type=\"widget\" data-widget_type=\"heading.default\">\n\t\t\t\t\t<h2 class=\"elementor-heading-title elementor-size-default\">Defensa i tracte<\/h2>\t\t\t\t<\/div>\n\t\t<div class=\"elementor-element elementor-element-d5d0260c e-con-full e-flex e-con e-child\" data-id=\"d5d0260c\" data-element_type=\"container\" data-e-type=\"container\">\n\t\t\t\t<div class=\"elementor-element elementor-element-341be2ac elementor-widget elementor-widget-text-editor\" data-id=\"341be2ac\" data-element_type=\"widget\" data-e-type=\"widget\" data-widget_type=\"text-editor.default\">\n\t\t\t\t\t\t\t\t\t<p><strong>Rituals de protecci\u00f3<\/strong><\/p><p>Ta&#8217;awudh abans de la <span class=\"iwg-fachbegriff\" data-tooltip=\"L'adre\u00e7ament ling\u00fc\u00edstic de l'\u00e9sser hum\u00e0 a una divinitat.\" tabindex=\"0\">preg\u00e0ria<\/span> i la recitaci\u00f3 de l&#8217;Alcor\u00e0. Basmala abans de cada acci\u00f3. Recitaci\u00f3 di\u00e0ria de les tres sures protectores i del vers del Tron (Ayat al-Kursi). Ruqya en cas de sospita d&#8217;influ\u00e8ncia.<\/p><p><strong>Actitud teol\u00f2gica<\/strong><\/p><p>Iblis no s&#8217;ha de t\u00e9mer com un contrad\u00e9u cosmog\u00f2nic: \u00e9s una criatura, limitada per D\u00e9u. La principal defensa \u00e9s el record conscient de D\u00e9u (<em>dhikr<\/em>). El waswasa nom\u00e9s actua en la neglig\u00e8ncia.<\/p><p><strong>Amulets<\/strong><\/p><p>Versos alcor\u00e0nics en penjolls (Hirz, Ta&#8217;widh), especialment l&#8217;Ayat al-Kursi i les tres sures protectores. La m\u00e0 de Hamsa i el <span class=\"iwg-fachbegriff\" data-tooltip=\"Un objecte al qual s'atribueix un efecte que porta sort o \u00e8xit.\" tabindex=\"0\">talism\u00e0<\/span> de l&#8217;ull blau (nazar) com a complement de religiositat popular, teol\u00f2gicament controvertit.<\/p>\t\t\t\t\t\t\t\t<\/div>\n\t\t\t\t<\/div>\n\t\t\t\t\t<\/div>\n\t\t\t\t<\/div>\n\t\t<div class=\"elementor-element elementor-element-5a584676 e-flex e-con-boxed e-con e-parent\" data-id=\"5a584676\" data-element_type=\"container\" data-e-type=\"container\">\n\t\t\t\t\t<div class=\"e-con-inner\">\n\t\t\t\t<div class=\"elementor-element elementor-element-6d0757bf elementor-widget elementor-widget-heading\" data-id=\"6d0757bf\" data-element_type=\"widget\" data-e-type=\"widget\" data-widget_type=\"heading.default\">\n\t\t\t\t\t<h2 class=\"elementor-heading-title elementor-size-default\">Paral\u00b7lelismes i interpretaci\u00f3 suf\u00ed<\/h2>\t\t\t\t<\/div>\n\t\t<div class=\"elementor-element elementor-element-60563f68 e-con-full e-flex e-con e-child\" data-id=\"60563f68\" data-element_type=\"container\" data-e-type=\"container\">\n\t\t\t\t<div class=\"elementor-element elementor-element-5a93fdd6 elementor-widget elementor-widget-text-editor\" data-id=\"5a93fdd6\" data-element_type=\"widget\" data-e-type=\"widget\" data-widget_type=\"text-editor.default\">\n\t\t\t\t\t\t\t\t\t<p><strong>Paral\u00b7lels judeocristians:<\/strong> Satan\u00e0s i Azazel s\u00f3n els paral\u00b7lels m\u00e9s propers. La difer\u00e8ncia: Iblis \u00e9s un genni (jinn), no un <span class=\"iwg-fachbegriff\" data-tooltip=\"En les religions abra\u00e0miques, un \u00e9sser missatger celestial de D\u00e9u.\" tabindex=\"0\">\u00e0ngel<\/span> caigut. La seva negativa \u00e9s desobedi\u00e8ncia, no una pretensi\u00f3 de poder.<\/p><p><strong>Zoroastrisme:<\/strong> \u00c0hriman, com a contrapart original, \u00e9s estructuralment diferent: \u00e9s un d\u00e9u contrari dualista, no una criatura. Tot i aix\u00ed, hi ha una proximitat tem\u00e0tica pel seu car\u00e0cter flamejant.<\/p><p><strong>M\u00edstica suf\u00ed:<\/strong><\/p><p>Al-Hal\u00b7laj (segle X) i Ibn Arabi interpreten la negativa d&#8217;Iblis de manera paradoxal: precisament per un <span class=\"iwg-fachbegriff\" data-tooltip=\"La creen\u00e7a en un \u00fanic d\u00e9u.\" tabindex=\"0\">monoteisme<\/span> perfecte no va voler prosternar-se davant Adam. La <span class=\"iwg-fachbegriff\" data-tooltip=\"La doctrina cient\u00edfica sobre D\u00e9u i sobre la fe d'una religi\u00f3.\" tabindex=\"0\">teologia<\/span> ortodoxa rebutja aquesta interpretaci\u00f3; la literatura m\u00edstica la conserva.<\/p><div><p><strong>Posici\u00f3 comparativa respecte a Satan\u00e0s i Llucifer<\/strong><\/p><p>Iblis presenta un paral\u00b7lelisme estructural amb Satan\u00e0s i Llucifer de la tradici\u00f3 judeocristiana, per\u00f2 no s&#8217;hi identifica.<\/p><p>Hi ha tres difer\u00e8ncies decisives des del punt de vista de la hist\u00f2ria de les religions. Primera: a l&#8217;Alcor\u00e0, Iblis no \u00e9s clarament un <span class=\"iwg-fachbegriff\" data-tooltip=\"En les religions abra\u00e0miques, un \u00e9sser missatger celestial de D\u00e9u.\" tabindex=\"0\">\u00e0ngel<\/span> en sentit estricte, sin\u00f3 un genni (jinn) que havia estat entre els \u00e0ngels (sura 18,50). Segona: Iblis no \u00e9s un primog\u00e8nit caigut com Llucifer, sin\u00f3 un \u00e9sser amb pertinen\u00e7a de classe pr\u00f2pia (<em>jinn<\/em>).<\/p><p>Tercera: la temptaci\u00f3 d&#8217;Iblis es caracteritza expressament a l&#8217;Alcor\u00e0 com a <em>waswasa<\/em> (xiuxiueig, insinuaci\u00f3), \u00e9s a dir, com una incitaci\u00f3 no coactiva, a la qual l&#8217;\u00e9sser hum\u00e0 pot resistir-se.<\/p><p>Aquesta construcci\u00f3 teol\u00f2gica allibera menys la responsabilitat humana que la <span class=\"iwg-fachbegriff\" data-tooltip=\"La doctrina cient\u00edfica sobre D\u00e9u i sobre la fe d'una religi\u00f3.\" tabindex=\"0\">teologia<\/span> del pecat paulino-agustiniana, i mant\u00e9 un \u00e8mfasi m\u00e9s fort en la lliure elecci\u00f3 (<em>ikhtiyar<\/em>). Una an\u00e0lisi m\u00e9s detallada de la demonologia isl\u00e0mica es pot trobar a la secci\u00f3 <a href=\"https:\/\/iwell-guard.com\/ca\/?page_id=171375\">\/jinn\/<\/a>.<\/p><\/div>\t\t\t\t\t\t\t\t<\/div>\n\t\t\t\t<\/div>\n\t\t\t\t\t<\/div>\n\t\t\t\t<\/div>\n\t\t<div class=\"elementor-element elementor-element-cpc3fab93 e-flex e-con-boxed e-con e-parent\" data-id=\"cpc3fab93\" data-element_type=\"container\" data-e-type=\"container\">\n\t\t\t\t\t<div class=\"e-con-inner\">\n\t\t\t\t<div class=\"elementor-element elementor-element-cp8e25925 elementor-widget elementor-widget-heading\" data-id=\"cp8e25925\" data-element_type=\"widget\" data-e-type=\"widget\" data-widget_type=\"heading.default\">\n\t\t\t\t\t<h2 class=\"elementor-heading-title elementor-size-default\">El relat de la prostraci\u00f3 negada a l'Alcor\u00e0<\/h2>\t\t\t\t<\/div>\n\t\t<div class=\"elementor-element elementor-element-cp5fb623a e-con-full e-flex e-con e-child\" data-id=\"cp5fb623a\" data-element_type=\"container\" data-e-type=\"container\">\n\t\t\t\t<div class=\"elementor-element elementor-element-cpe68d8e4 elementor-widget elementor-widget-text-editor\" data-id=\"cpe68d8e4\" data-element_type=\"widget\" data-e-type=\"widget\" data-widget_type=\"text-editor.default\">\n\t\t\t\t\t\t\t\t\t<p>El punt de refer\u00e8ncia cor\u00e1nic central per a Iblis \u00e9s el relat de la creaci\u00f3 d&#8217;Adam i l&#8217;ordre donada als <span class=\"iwg-fachbegriff\" data-tooltip=\"En les religions abrah\u00e0miques, un \u00e9sser celestial missatger de D\u00e9u.\" tabindex=\"0\">\u00e0ngels<\/span> de prostrar-se davant d&#8217;ell.<\/p><p>Aquesta escena es narra a l&#8217;Alcor\u00e0 en diversos passatges, entre d&#8217;altres a les sures 2, 7, 15, 17, 18, 20 i 38. D\u00e9u crea Adam i ordena als \u00e0ngels que es prostrin davant d&#8217;ell. Tots obeeixen, nom\u00e9s Iblis es nega.<\/p><p>La justificaci\u00f3 que l&#8217;Alcor\u00e0 posa en boca d&#8217;Iblis \u00e9s reveladora. A la sura 7 i a la sura 38 diu que \u00e9s millor que Adam, perqu\u00e8 ell ha estat creat de foc, mentre que Adam va ser creat d&#8217;argila.<\/p><p>Iblis estableix aix\u00ed un ordre jer\u00e0rquic propi contra el manament div\u00ed. La <span class=\"iwg-fachbegriff\" data-tooltip=\"La disciplina cient\u00edfica que estudia D\u00e9u i la fe d'una religi\u00f3.\" tabindex=\"0\">teologia<\/span> isl\u00e0mica ha interpretat durant segles aquesta actitud com el pecat original de l&#8217;orgull, el <em>kibr<\/em> o <em>istikbar<\/em>. Iblis no obeeix perqu\u00e8 posa el seu propi judici per sobre del manament expr\u00e9s de D\u00e9u.<\/p><p>Com a conseq\u00fc\u00e8ncia, Iblis \u00e9s expulsat de la proximitat de D\u00e9u i male\u00eft. Tanmateix, demana un ajornament fins al Dia de la Resurrecci\u00f3, i D\u00e9u l&#8217;hi concedeix. Iblis anuncia llavors que desviar\u00e0 els humans del cam\u00ed recte, excepte els servents sincers de D\u00e9u.<\/p><p>Amb aix\u00f2, l&#8217;Alcor\u00e0 fixa el paper que Iblis exercir\u00e0 fins a la fi dels temps: el del temptador que enganya l&#8217;\u00e9sser hum\u00e0 per\u00f2 no el pot for\u00e7ar. \u00c9s important el punt teol\u00f2gic clau que Iblis no \u00e9s un d\u00e9u contrari. Actua dins dels l\u00edmits permesos per D\u00e9u, i el seu ajornament \u00e9s, en si mateix, una concessi\u00f3 divina.<\/p>\t\t\t\t\t\t\t\t<\/div>\n\t\t\t\t<\/div>\n\t\t\t\t\t<\/div>\n\t\t\t\t<\/div>\n\t\t<div class=\"elementor-element elementor-element-cp6630484 e-flex e-con-boxed e-con e-parent\" data-id=\"cp6630484\" data-element_type=\"container\" data-e-type=\"container\">\n\t\t\t\t\t<div class=\"e-con-inner\">\n\t\t\t\t<div class=\"elementor-element elementor-element-cp9386f49 elementor-widget elementor-widget-heading\" data-id=\"cp9386f49\" data-element_type=\"widget\" data-e-type=\"widget\" data-widget_type=\"heading.default\">\n\t\t\t\t\t<h2 class=\"elementor-heading-title elementor-size-default\">\u00c0ngel o dimoni? Un antic debat teol\u00f2gic<\/h2>\t\t\t\t<\/div>\n\t\t<div class=\"elementor-element elementor-element-cp00bddc3 e-con-full e-flex e-con e-child\" data-id=\"cp00bddc3\" data-element_type=\"container\" data-e-type=\"container\">\n\t\t\t\t<div class=\"elementor-element elementor-element-cpa58846b elementor-widget elementor-widget-text-editor\" data-id=\"cpa58846b\" data-element_type=\"widget\" data-e-type=\"widget\" data-widget_type=\"text-editor.default\">\n\t\t\t\t\t\t\t\t\t<p>Un dels debats m\u00e9s antics i intensament discutits de la <span class=\"iwg-fachbegriff\" data-tooltip=\"La doctrina cient\u00edfica sobre D\u00e9u i sobre la fe d'una religi\u00f3.\" tabindex=\"0\">teologia<\/span> isl\u00e0mica t\u00e9 a veure amb la naturalesa d&#8217;Ibl\u00eds. L&#8217;Alcor\u00e0 l&#8217;anomena expressament un dels djinns en un passatge, a la sura 18, vers 50.<\/p><p>Altres passatges, per\u00f2, narren la seva negativa en relaci\u00f3 amb l&#8217;ordre donada als <span class=\"iwg-fachbegriff\" data-tooltip=\"En les religions abrah\u00e0miques, un \u00e9sser missatger celestial de D\u00e9u.\" tabindex=\"0\">\u00e0ngels<\/span>, cosa que planteja la pregunta de si formava part dels \u00e0ngels.<\/p><p>D&#8217;aquesta aparent contradicci\u00f3, els erudits van desenvolupar diverses solucions. Un corrent argumentava que Ibl\u00eds havia estat un <span class=\"iwg-fachbegriff\" data-tooltip=\"En les religions abrah\u00e0miques, un \u00e9sser missatger celestial de D\u00e9u.\" tabindex=\"0\">\u00e0ngel<\/span>, ja que l&#8217;ordre nom\u00e9s s&#8217;havia adre\u00e7at als <span class=\"iwg-fachbegriff\" data-tooltip=\"En les religions abrah\u00e0miques, un \u00e9sser missatger celestial de D\u00e9u.\" tabindex=\"0\">\u00e0ngels<\/span>, i nom\u00e9s un destinatari de l&#8217;ordre podia transgredir-la. Ibl\u00eds, segons aix\u00f2, hauria canviat la seva naturalesa a trav\u00e9s de la seva desobedi\u00e8ncia.<\/p><p>Un altre corrent, que m\u00e9s tard va predominar, el considerava un djinn que es trobava entre els \u00e0ngels o que havia assolit el seu rang, motiu pel qual l&#8217;ordre tamb\u00e9 l&#8217;inclo\u00efa.<\/p><p>Aquesta soluci\u00f3 t\u00e9 l&#8217;avantatge de preservar l&#8217;afirmaci\u00f3 expl\u00edcita de la sura 18 i, alhora, d&#8217;explicar que Ibl\u00eds, a difer\u00e8ncia dels <span class=\"iwg-fachbegriff\" data-tooltip=\"En les religions abrah\u00e0miques, un \u00e9sser missatger celestial de D\u00e9u.\" tabindex=\"0\">\u00e0ngels<\/span> sense pecat, podia ser desobedient i tenir descend\u00e8ncia, ja que l&#8217;Alcor\u00e0 esmenta la seva descend\u00e8ncia.<\/p><p>Darrere d&#8217;aquest debat hi ha q\u00fcestions teol\u00f2giques m\u00e9s \u00e0mplies. Si els <span class=\"iwg-fachbegriff\" data-tooltip=\"En les religions abrah\u00e0miques, un \u00e9sser missatger celestial de D\u00e9u.\" tabindex=\"0\">\u00e0ngels<\/span> no poden ser, per principi, desobedients, aleshores Ibl\u00eds ha de ser o b\u00e9 una excepci\u00f3, o b\u00e9 no un <span class=\"iwg-fachbegriff\" data-tooltip=\"En les religions abrah\u00e0miques, un \u00e9sser missatger celestial de D\u00e9u.\" tabindex=\"0\">\u00e0ngel<\/span>. Aquesta clarificaci\u00f3 toca, doncs, la doctrina de la impecabilitat dels <span class=\"iwg-fachbegriff\" data-tooltip=\"En les religions abrah\u00e0miques, un \u00e9sser missatger celestial de D\u00e9u.\" tabindex=\"0\">\u00e0ngels<\/span> i la q\u00fcesti\u00f3 del lliure albir.<\/p><p>La literatura exeg\u00e8tica, per exemple en at-Tabari, en az-Zamakhxari i en ar-Razi, documenta aquesta discussi\u00f3 amb detall i recull diverses opinions transmeses. No s&#8217;ha imposat una soluci\u00f3 totalment un\u00e0nime, per\u00f2 la classificaci\u00f3 com a djinn predomina en la tradici\u00f3 posterior. Sobre la naturalesa d&#8217;aquests \u00e9ssers, vegeu tamb\u00e9 <a href=\"https:\/\/iwell-guard.com\/ca\/?page_id=171375\">Djinn<\/a>.<\/p>\t\t\t\t\t\t\t\t<\/div>\n\t\t\t\t<\/div>\n\t\t\t\t\t<\/div>\n\t\t\t\t<\/div>\n\t\t<div class=\"elementor-element elementor-element-cpa44f227 e-flex e-con-boxed e-con e-parent\" data-id=\"cpa44f227\" data-element_type=\"container\" data-e-type=\"container\">\n\t\t\t\t\t<div class=\"e-con-inner\">\n\t\t\t\t<div class=\"elementor-element elementor-element-cp55be4bd elementor-widget elementor-widget-heading\" data-id=\"cp55be4bd\" data-element_type=\"widget\" data-e-type=\"widget\" data-widget_type=\"heading.default\">\n\t\t\t\t\t<h2 class=\"elementor-heading-title elementor-size-default\">Ibl\u00eds i xaitan: noms i conceptes<\/h2>\t\t\t\t<\/div>\n\t\t<div class=\"elementor-element elementor-element-cp9393169 e-con-full e-flex e-con e-child\" data-id=\"cp9393169\" data-element_type=\"container\" data-e-type=\"container\">\n\t\t\t\t<div class=\"elementor-element elementor-element-cpca292ef elementor-widget elementor-widget-text-editor\" data-id=\"cpca292ef\" data-element_type=\"widget\" data-e-type=\"widget\" data-widget_type=\"text-editor.default\">\n\t\t\t\t\t\t\t\t\t<p>En \u00e0rab s&#8217;utilitzen dos termes que en catal\u00e0 sovint es tradueixen tots dos com a diable o Satan\u00e0s, per\u00f2 que tenen or\u00edgens i usos diferents. <em>Ibl\u00eds<\/em> \u00e9s, a l&#8217;Alcor\u00e0, un nom propi i designa la figura concreta que no es va prosternar davant Adam.<\/p><p><em>Xaitan<\/em>, en canvi, \u00e9s m\u00e9s b\u00e9 un concepte funcional. Pot designar Ibl\u00eds, per\u00f2 a l&#8217;Alcor\u00e0 tamb\u00e9 s&#8217;utilitza en plural, <em>xayat\u00edn<\/em>, i pot referir-se en general a un poder contrari a D\u00e9u i temptador, hum\u00e0 o dels jinn.<\/p><p>L&#8217;origen del nom Ibl\u00eds \u00e9s ling\u00fc\u00edsticament controvertit. Una explicaci\u00f3 for\u00e7a estesa, ja defensada per erudits musulmans, el fa derivar de l&#8217;arrel \u00e0rab <em>b-l-s<\/em>, relacionada amb la desesperaci\u00f3 i la manca d&#8217;esperan\u00e7a.<\/p><p>Ibl\u00eds seria, doncs, aquell que desespera o s&#8217;ha de desesperar de la miseric\u00f2rdia de D\u00e9u. La recerca actual, en canvi, considera m\u00e9s probable una derivaci\u00f3 del grec <em>diabolos<\/em>, el calumniador, transmesa potser a trav\u00e9s del sir\u00edac o d&#8217;altres vies de transmissi\u00f3 cristianes a l&#8217;Ar\u00e0bia preisl\u00e0mica.<\/p><p><em>Xaitan<\/em>, en canvi, \u00e9s una paraula sem\u00edtica antiga, emparentada amb l&#8217;hebreu <em>satan<\/em>, adversari. Els dos termes remeten, doncs, a dues l\u00ednies de tradici\u00f3 diferents que es fusionen a l&#8217;Alcor\u00e0.<\/p><p>La clarificaci\u00f3 precisa d&#8217;aquestes etimologies \u00e9s important per a la hist\u00f2ria de les religions, perqu\u00e8 mostra com la concepci\u00f3 isl\u00e0mica del diable es compon d&#8217;elements m\u00e9s antics, jueus, cristians i \u00e0rabs, sense identificar-se simplement amb cap d&#8217;ells. Ibl\u00eds \u00e9s una figura cor\u00e1nica pr\u00f2pia que recull motius m\u00e9s antics i els reordena.<\/p>\t\t\t\t\t\t\t\t<\/div>\n\t\t\t\t<\/div>\n\t\t\t\t\t<\/div>\n\t\t\t\t<\/div>\n\t\t<div class=\"elementor-element elementor-element-cpe37b786 e-flex e-con-boxed e-con e-parent\" data-id=\"cpe37b786\" data-element_type=\"container\" data-e-type=\"container\">\n\t\t\t\t\t<div class=\"e-con-inner\">\n\t\t\t\t<div class=\"elementor-element elementor-element-cpd8b5b57 elementor-widget elementor-widget-heading\" data-id=\"cpd8b5b57\" data-element_type=\"widget\" data-e-type=\"widget\" data-widget_type=\"heading.default\">\n\t\t\t\t\t<h2 class=\"elementor-heading-title elementor-size-default\">Ibl\u00eds en la m\u00edstica isl\u00e0mica<\/h2>\t\t\t\t<\/div>\n\t\t<div class=\"elementor-element elementor-element-cp5c3c139 e-con-full e-flex e-con e-child\" data-id=\"cp5c3c139\" data-element_type=\"container\" data-e-type=\"container\">\n\t\t\t\t<div class=\"elementor-element elementor-element-cp5c89634 elementor-widget elementor-widget-text-editor\" data-id=\"cp5c89634\" data-element_type=\"widget\" data-e-type=\"widget\" data-widget_type=\"text-editor.default\">\n\t\t\t\t\t\t\t\t\t<p>Ibl\u00eds va rebre una interpretaci\u00f3 particular, i sovint sorprenent per als aliens al tema, en certs sectors de la <span class=\"iwg-fachbegriff\" data-tooltip=\"Corrent religi\u00f3s centrat en l'experi\u00e8ncia directa de D\u00e9u.\" tabindex=\"0\">m\u00edstica<\/span> isl\u00e0mica, el sufisme. Mentre que la majoria de la tradici\u00f3 condemna clarament Ibl\u00eds com un desobedient arrogant, alguns pensadors m\u00edstics van desenvolupar una visi\u00f3 m\u00e9s matisada, en certes versions gaireb\u00e9 paradoxal.<\/p><p>El representant m\u00e9s conegut \u00e9s al-Hal\u00b7lag, executat a principis del segle X. En la seva obra <em>Kitab at-Tawasin<\/em>, el presenta com alg\u00fa que es va negar a prosternar-se davant ning\u00fa que no fos D\u00e9u precisament per amor i per un <span class=\"iwg-fachbegriff\" data-tooltip=\"La creen\u00e7a en un \u00fanic D\u00e9u.\" tabindex=\"0\">monoteisme<\/span> pur.<\/p><p>Segons aquesta lectura, Ibl\u00eds es trobava davant un conflicte irresoluble: D\u00e9u li havia ordenat prosternar-se davant Adam, per\u00f2 Ibl\u00eds volia prosternar-se \u00fanicament davant D\u00e9u. La seva desobedi\u00e8ncia seria, doncs, expressi\u00f3 d&#8217;una fidelitat extrema, encara que desencaminada, a la unitat de D\u00e9u.<\/p><p>Tamb\u00e9 el posterior poeta i m\u00edstic persa Ahmad al-Ghazzali, germ\u00e0 del m\u00e9s c\u00e8lebre te\u00f2leg, va defensar idees semblants i va veure en Ibl\u00eds un mestre de l&#8217;entrega absoluta.<\/p><p>Aquesta interpretaci\u00f3 va quedar com a posici\u00f3 minorit\u00e0ria i va ser rebutjada amb duresa per la <span class=\"iwg-fachbegriff\" data-tooltip=\"La doctrina cient\u00edfica sobre D\u00e9u i sobre la fe d'una religi\u00f3.\" tabindex=\"0\">teologia<\/span> ortodoxa. Tanmateix, \u00e9s rellevant des del punt de vista de la hist\u00f2ria de les religions, perqu\u00e8 mostra que el relat d&#8217;Ibl\u00eds, dins la tradici\u00f3 isl\u00e0mica, no tenia un \u00fanic sentit fixat.<\/p><p>L&#8217;opini\u00f3 majorit\u00e0ria va ser sempre que Ibl\u00eds va posar el seu propi judici per damunt de l&#8217;ordre divina expl\u00edcita, encarnant aix\u00ed l&#8217;ess\u00e8ncia de l&#8217;arrog\u00e0ncia.<\/p><p>La lectura m\u00edstica contr\u00e0ria, per\u00f2, va convertir Ibl\u00eds en una figura a trav\u00e9s de la qual es debatien q\u00fcestions fonamentals sobre l&#8217;obedi\u00e8ncia, l&#8217;amor i la relaci\u00f3 entre la voluntat divina i el manament div\u00ed. M\u00e9s tard va ser estudiada a fons per orientalistes occidentals, sobretot per Louis Massignon en la seva recerca sobre al-Hal\u00b7lag.<\/p>\t\t\t\t\t\t\t\t<\/div>\n\t\t\t\t<\/div>\n\t\t\t\t\t<\/div>\n\t\t\t\t<\/div>\n\t\t<div class=\"elementor-element elementor-element-cpf9199fe e-flex e-con-boxed e-con e-parent\" data-id=\"cpf9199fe\" data-element_type=\"container\" data-e-type=\"container\">\n\t\t\t\t\t<div class=\"e-con-inner\">\n\t\t\t\t<div class=\"elementor-element elementor-element-cp37696b3 elementor-widget elementor-widget-heading\" data-id=\"cp37696b3\" data-element_type=\"widget\" data-e-type=\"widget\" data-widget_type=\"heading.default\">\n\t\t\t\t\t<h2 class=\"elementor-heading-title elementor-size-default\">L'acci\u00f3 d'Ibl\u00eds i la q\u00fcesti\u00f3 del lliure albir<\/h2>\t\t\t\t<\/div>\n\t\t<div class=\"elementor-element elementor-element-cp34c6267 e-con-full e-flex e-con e-child\" data-id=\"cp34c6267\" data-element_type=\"container\" data-e-type=\"container\">\n\t\t\t\t<div class=\"elementor-element elementor-element-cp9559d8a elementor-widget elementor-widget-text-editor\" data-id=\"cp9559d8a\" data-element_type=\"widget\" data-e-type=\"widget\" data-widget_type=\"text-editor.default\">\n\t\t\t\t\t\t\t\t\t<p>Una q\u00fcesti\u00f3 teol\u00f2gicament central \u00e9s qu\u00e8 pot fer realment Iblis. L&#8217;Alcor\u00e0 \u00e9s clar en aquest punt: Iblis suggereix, embelleix el mal fent-lo semblar bo, desperta falses esperances i indueix a l&#8217;error, per\u00f2 no t\u00e9 poder coercitiu sobre els humans.<\/p><p>A la sura 14, vers 22, l&#8217;Alcor\u00e0 el fa dir, el dia del Judici, que nom\u00e9s va cridar els humans i que ells el van seguir, per la qual cosa no l&#8217;haurien de retreure a ell, sin\u00f3 a ells mateixos. La responsabilitat del pecat recau, doncs, en l&#8217;\u00e9sser hum\u00e0.<\/p><p>D&#8217;aquesta afirmaci\u00f3 els te\u00f2legs van concloure que l&#8217;acci\u00f3 d&#8217;Iblis no anul\u00b7la el lliure albir hum\u00e0. Iblis crea una temptaci\u00f3, per\u00f2 no obliga a res. Aquesta doctrina era important per preservar la just\u00edcia de D\u00e9u: si l&#8217;\u00e9sser hum\u00e0 estigu\u00e9s totalment a merc\u00e8 d&#8217;Iblis, no se&#8217;l podria fer responsable dels seus actes.<\/p><p>Les diverses escoles teol\u00f2giques, com els mutazilites i els aixarites, van valorar de manera diferent la relaci\u00f3 entre l&#8217;omnipot\u00e8ncia divina i la responsabilitat humana, per\u00f2 totes van mantenir el car\u00e0cter limitat del poder d&#8217;Iblis.<\/p><p>A la pr\u00e0ctica, aix\u00f2 es relaciona amb la doctrina de la <em>waswasa<\/em>, el suggeriment. La tradici\u00f3 de pietat coneix nombroses indicacions sobre com el creient es protegeix d&#8217;aquests suggeriments, per exemple recitant la f\u00f3rmula de protecci\u00f3 que demana l&#8217;ajuda de D\u00e9u contra el male\u00eft Iblis, mitjan\u00e7ant la <span class=\"iwg-fachbegriff\" data-tooltip=\"L'adre\u00e7ament ling\u00fc\u00edstic de l'\u00e9sser hum\u00e0 a una divinitat.\" tabindex=\"0\">preg\u00e0ria<\/span> i mitjan\u00e7ant el record de D\u00e9u.<\/p><p>Les dues \u00faltimes sures de l&#8217;Alcor\u00e0, anomenades les sures de protecci\u00f3, es reciten especialment en aquest context. En aquesta visi\u00f3, Iblis segueix sent un adversari real per\u00f2 limitat, el poder del qual nom\u00e9s arriba fins on l&#8217;\u00e9sser hum\u00e0 li dona espai. Amb la fi dels temps, segons l&#8217;Alcor\u00e0, s&#8217;acabar\u00e0 la pr\u00f2rroga que se li ha concedit.<\/p>\t\t\t\t\t\t\t\t<\/div>\n\t\t\t\t<\/div>\n\t\t\t\t\t<\/div>\n\t\t\t\t<\/div>\n\t\t<div class=\"elementor-element elementor-element-36dd7469 e-flex e-con-boxed e-con e-parent\" data-id=\"36dd7469\" data-element_type=\"container\" data-e-type=\"container\">\n\t\t\t\t\t<div class=\"e-con-inner\">\n\t\t\t\t<div class=\"elementor-element elementor-element-13760ab4 elementor-widget elementor-widget-heading\" data-id=\"13760ab4\" data-element_type=\"widget\" data-e-type=\"widget\" data-widget_type=\"heading.default\">\n\t\t\t\t\t<div class=\"elementor-heading-title elementor-size-default\">Enlla\u00e7os relacionats<\/div>\t\t\t\t<\/div>\n\t\t<div class=\"elementor-element elementor-element-28c87796 e-con-full e-flex e-con e-child\" data-id=\"28c87796\" data-element_type=\"container\" data-e-type=\"container\">\n\t\t\t\t<div class=\"elementor-element elementor-element-5d6538df elementor-widget elementor-widget-text-editor\" data-id=\"5d6538df\" data-element_type=\"widget\" data-e-type=\"widget\" data-widget_type=\"text-editor.default\">\n\t\t\t\t\t\t\t\t\t<p>Enlla\u00e7os interns recomanats:<\/p><ul><li><a href=\"https:\/\/iwell-guard.com\/ca\/?page_id=171365\">Islam<\/a><\/li><li><a href=\"https:\/\/iwell-guard.com\/ca\/?page_id=171375\">Jinn<\/a>, <a href=\"https:\/\/iwell-guard.com\/ca\/?page_id=171376\">Shayatin<\/a>, <a href=\"https:\/\/iwell-guard.com\/ca\/?page_id=171377\">Ifrit<\/a>, <a href=\"https:\/\/iwell-guard.com\/ca\/?page_id=171378\">Ghul<\/a><\/li><li><a href=\"https:\/\/iwell-guard.com\/ca\/?page_id=171363\">Azazel<\/a> (antecedents)<\/li><li><a href=\"https:\/\/iwell-guard.com\/ca\/?page_id=171368\">Satan<\/a> (paral\u00b7lelisme cristi\u00e0)<\/li><li>Interpretacions suf\u00eds d&#8217;Iblis<\/li><\/ul>\t\t\t\t\t\t\t\t<\/div>\n\t\t\t\t<\/div>\n\t\t\t\t\t<\/div>\n\t\t\t\t<\/div>\n\t\t<div class=\"elementor-element elementor-element-grl4kl40 e-flex e-con-boxed e-con e-parent\" data-id=\"grl4kl40\" data-element_type=\"container\" data-e-type=\"container\">\n\t\t\t\t\t<div class=\"e-con-inner\">\n\t\t\t\t<div class=\"elementor-element elementor-element-bzsbfrmh elementor-widget elementor-widget-heading\" data-id=\"bzsbfrmh\" data-element_type=\"widget\" data-e-type=\"widget\" data-widget_type=\"heading.default\">\n\t\t\t\t\t<h2 class=\"elementor-heading-title elementor-size-default\">Bibliografia (selecci\u00f3)<\/h2>\t\t\t\t<\/div>\n\t\t<div class=\"elementor-element elementor-element-2c13224a e-con-full e-flex e-con e-child\" data-id=\"2c13224a\" data-element_type=\"container\" data-e-type=\"container\">\n\t\t\t\t<div class=\"elementor-element elementor-element-0eymh9ub elementor-widget elementor-widget-text-editor\" data-id=\"0eymh9ub\" data-element_type=\"widget\" data-e-type=\"widget\" data-widget_type=\"text-editor.default\">\n\t\t\t\t\t\t\t\t\t<footer class=\"iwg-literatur\"><p>Una selecci\u00f3 d&#8217;obres centrals sobre Iblis:<\/p><ul><li><span data-nosnippet>Awn, Peter J.: <em>Satan&#8217;s Tragedy and Redemption. Ibl\u012bs in Sufi Psychology<\/em>. Leiden 1983.<\/span><\/li><li><span data-nosnippet>Bodman, Whitney: <em>The Poetics of Iblis<\/em>. Cambridge 2011.<\/span><\/li><li><span data-nosnippet>Awad, Najib George: <em>Orthodoxy in Arabic Terms<\/em>. Berlin 2018.<\/span><\/li><li><span data-nosnippet>Khalidi, Tarif: <em>Images of Muhammad<\/em>. New York 2009 (en el context de les qisas).<\/span><\/li><li><span data-nosnippet>Smith, Jane I. \/ Haddad, Yvonne Yazbeck: <em>The Islamic Understanding of Death and Resurrection<\/em>. Oxford 2002.<\/span><\/li><\/ul><div data-nosnippet=\"true\" class=\"iwg-litliste\"><\/div><\/footer>\n<p class=\"iwg-bib-more\"><span data-nosnippet>M\u00e9s obres de refer\u00e8ncia a la <a href=\"https:\/\/iwell-guard.com\/ca\/?page_id=171483\">bibliografia<\/a>.<\/span><\/p>\t\t\t\t\t\t\t\t<\/div>\n\t\t\t\t<\/div>\n\t\t\t\t\t<\/div>\n\t\t\t\t<\/div>\n\t\t<div class=\"elementor-element elementor-element-ec1ed6e e-con-boxed e-flex e-con e-parent\" data-id=\"ec1ed6e\" data-element_type=\"container\" data-e-type=\"container\">\n\t\t\t\t\t<div class=\"e-con-inner\">\n\t\t\t\t<div class=\"elementor-element elementor-element-b6065a8 elementor-widget elementor-widget-text-editor\" data-id=\"b6065a8\" data-element_type=\"widget\" data-e-type=\"widget\" data-widget_type=\"text-editor.default\">\n\t\t\t\t\t\t\t\t\t\n<h2>Preguntes freq\u00fcents sobre Iblis<\/h2>\n<div class=\"iwg-faq-q\"><h3>Qui \u00e9s Iblis en l&#8217;islam?<\/h3><p>Iblis \u00e9s, en l&#8217;islam, la figura que correspon a la figura cristiana de Satan\u00e0s. Segons l&#8217;Alcor\u00e0 (sura 7,11 i seg.), Iblis es va negar a prostrar-se davant l&#8217;Adam recentment creat, per orgull, ja que ell havia estat creat de foc sense fum i Adam nom\u00e9s d&#8217;argila.<\/p><p>Per aix\u00f2 va ser male\u00eft. En la comprensi\u00f3 isl\u00e0mica, Iblis no \u00e9s un <span class=\"iwg-fachbegriff\" data-tooltip=\"En les religions abra\u00e0miques, un \u00e9sser missatger celestial de D\u00e9u.\" tabindex=\"0\">\u00e0ngel<\/span> caigut, sin\u00f3 un dimoni (jinn), un \u00e9sser fet de foc sense fum.<\/p><\/div>\n<div class=\"iwg-faq-q\"><h3>Quina \u00e9s la difer\u00e8ncia entre Iblis i Xaitan?<\/h3><p>Iblis \u00e9s el nom propi de la figura concreta que es va oposar a Al\u00b7l\u00e0. Xaitan (en \u00e0rab, \u00absatan\u00bb) \u00e9s un terme gen\u00e8ric per a tots els esperits malignes que temptem els humans, i Iblis n&#8217;\u00e9s el m\u00e9s alt.<\/p><p>En algunes interpretacions, Iblis \u00e9s el cap de la host dels xaitans; en d&#8217;altres, Iblis i Xaitan s\u00f3n pr\u00e0cticament id\u00e8ntics. L&#8217;Alcor\u00e0 utilitza tots dos termes en contextos diferents.<\/p><\/div>\n<script type=\"application\/ld+json\">{\"@context\":\"https:\/\/schema.org\",\"@type\":\"FAQPage\",\"mainEntity\":[{\"@type\":\"Question\",\"name\":\"Qui \u00e9s Iblis en l'islam?\",\"acceptedAnswer\":{\"@type\":\"Answer\",\"text\":\"Iblis \u00e9s, en l'islam, la figura que correspon a la figura cristiana de Satan\u00e0s. Segons l'Alcor\u00e0 (sura 7,11 i seg.), Iblis es va negar a prostrar-se davant l'Adam recentment creat, per orgull, ja que ell havia estat creat de foc sense fum i Adam nom\u00e9s d'argila.Per aix\u00f2 va ser male\u00eft. En la comprensi\u00f3 isl\u00e0mica, Iblis no \u00e9s un \u00e0ngel caigut, sin\u00f3 un dimoni (jinn), un \u00e9sser fet de foc sense fum.\"}},{\"@type\":\"Question\",\"name\":\"Quina \u00e9s la difer\u00e8ncia entre Iblis i Xaitan?\",\"acceptedAnswer\":{\"@type\":\"Answer\",\"text\":\"Iblis \u00e9s el nom propi de la figura concreta que es va oposar a Al\u00b7l\u00e0. Xaitan (en \u00e0rab, \u00absatan\u00bb) \u00e9s un terme gen\u00e8ric per a tots els esperits malignes que temptem els humans, i Iblis n'\u00e9s el m\u00e9s alt.En algunes interpretacions, Iblis \u00e9s el cap de la host dels xaitans; en d'altres, Iblis i Xaitan s\u00f3n pr\u00e0cticament id\u00e8ntics. L'Alcor\u00e0 utilitza tots dos termes en contextos diferents.\"}}]}<\/script>\t\t\t\t\t\t\t\t<\/div>\n\t\t\t\t\t<\/div>\n\t\t\t\t<\/div>\n\t\t\t\t<\/div>\n\t\t","protected":false},"excerpt":{"rendered":"","protected":false},"author":3,"featured_media":1595,"parent":0,"menu_order":0,"comment_status":"closed","ping_status":"closed","template":"elementor_header_footer","meta":{"_yoast_wpseo_focuskw":"Iblis Shaitan caiguda dels \u00e0ngels","_yoast_wpseo_title":"Iblis - El que rebutja, adversari de l'Islam","_yoast_wpseo_metadesc":"Iblis \u00e9s la figura principal antagonista de la tradici\u00f3 isl\u00e0mica. La seva escena clau es narra a l'Alcor\u00e0 en diversos passatges, entre d'altres a la Sura 2,34.","_yoast_wpseo_meta-robots-noindex":"","_yoast_wpseo_canonical":"","_angie_page":false,"gefaehrdungsstufe":"5","wesen_kultur":"islam","wesen_klasse":"goetter","footnotes":""},"categories":[],"class_list":["post-171374","page","type-page","status-publish","has-post-thumbnail","hentry"],"yoast_head":"<!-- This site is optimized with the Yoast SEO Premium plugin v27.7 (Yoast SEO v28.3) - https:\/\/yoast.com\/product\/yoast-seo-premium-wordpress\/ -->\n<title>Iblis - El que rebutja, adversari de l&#039;Islam<\/title>\n<meta name=\"description\" content=\"Iblis \u00e9s la figura principal antagonista de la tradici\u00f3 isl\u00e0mica. La seva escena clau es narra a l&#039;Alcor\u00e0 en diversos passatges, entre d&#039;altres a la Sura 2,34.\" \/>\n<meta name=\"robots\" content=\"index, follow, max-snippet:-1, max-image-preview:large, max-video-preview:-1\" \/>\n<link rel=\"canonical\" href=\"https:\/\/iwell-guard.com\/ca\/iblis\/\" \/>\n<meta property=\"og:locale\" content=\"ca_ES\" \/>\n<meta property=\"og:type\" content=\"article\" \/>\n<meta property=\"og:title\" content=\"Iblis\" \/>\n<meta property=\"og:description\" content=\"Iblis \u00e9s la figura principal antagonista de la tradici\u00f3 isl\u00e0mica. La seva escena clau es narra a l&#039;Alcor\u00e0 en diversos passatges, entre d&#039;altres a la Sura 2,34.\" \/>\n<meta property=\"og:url\" content=\"https:\/\/iwell-guard.com\/ca\/iblis\/\" \/>\n<meta property=\"og:site_name\" content=\"iWell Guard\" \/>\n<meta property=\"article:modified_time\" content=\"2026-09-05T15:56:09+00:00\" \/>\n<meta property=\"og:image\" content=\"https:\/\/iwell-guard.com\/wp-content\/uploads\/2026\/04\/goetter_islam_iblis.webp\" \/>\n\t<meta property=\"og:image:width\" content=\"1024\" \/>\n\t<meta property=\"og:image:height\" content=\"1536\" \/>\n\t<meta property=\"og:image:type\" content=\"image\/webp\" \/>\n<meta name=\"twitter:card\" content=\"summary_large_image\" \/>\n<script type=\"application\/ld+json\" class=\"yoast-schema-graph\">{\"@context\":\"https:\\\/\\\/schema.org\",\"@graph\":[{\"@type\":\"WebPage\",\"@id\":\"https:\\\/\\\/iwell-guard.com\\\/ca\\\/iblis\\\/\",\"url\":\"https:\\\/\\\/iwell-guard.com\\\/ca\\\/iblis\\\/\",\"name\":\"Iblis - El que rebutja, adversari de l'Islam\",\"isPartOf\":{\"@id\":\"https:\\\/\\\/iwell-guard.com\\\/ca\\\/#website\"},\"primaryImageOfPage\":{\"@id\":\"https:\\\/\\\/iwell-guard.com\\\/ca\\\/iblis\\\/#primaryimage\"},\"image\":{\"@id\":\"https:\\\/\\\/iwell-guard.com\\\/ca\\\/iblis\\\/#primaryimage\"},\"thumbnailUrl\":\"https:\\\/\\\/iwell-guard.com\\\/wp-content\\\/uploads\\\/2026\\\/04\\\/goetter_islam_iblis.webp\",\"datePublished\":\"2026-09-05T15:38:51+00:00\",\"dateModified\":\"2026-09-05T15:56:09+00:00\",\"description\":\"Iblis \u00e9s la figura principal antagonista de la tradici\u00f3 isl\u00e0mica. La seva escena clau es narra a l'Alcor\u00e0 en diversos passatges, entre d'altres a la Sura 2,34.\",\"breadcrumb\":{\"@id\":\"https:\\\/\\\/iwell-guard.com\\\/ca\\\/iblis\\\/#breadcrumb\"},\"inLanguage\":\"ca\",\"potentialAction\":[{\"@type\":\"ReadAction\",\"target\":[\"https:\\\/\\\/iwell-guard.com\\\/ca\\\/iblis\\\/\"]}]},{\"@type\":\"ImageObject\",\"inLanguage\":\"ca\",\"@id\":\"https:\\\/\\\/iwell-guard.com\\\/ca\\\/iblis\\\/#primaryimage\",\"url\":\"https:\\\/\\\/iwell-guard.com\\\/wp-content\\\/uploads\\\/2026\\\/04\\\/goetter_islam_iblis.webp\",\"contentUrl\":\"https:\\\/\\\/iwell-guard.com\\\/wp-content\\\/uploads\\\/2026\\\/04\\\/goetter_islam_iblis.webp\",\"width\":1024,\"height\":1536,\"caption\":\"D\u00e9us de la tradici\u00f3 isl\u00e0mica.\"},{\"@type\":\"BreadcrumbList\",\"@id\":\"https:\\\/\\\/iwell-guard.com\\\/ca\\\/iblis\\\/#breadcrumb\",\"itemListElement\":[{\"@type\":\"ListItem\",\"position\":1,\"name\":\"Start\",\"item\":\"https:\\\/\\\/iwell-guard.com\\\/ca\\\/?page_id=171333\"},{\"@type\":\"ListItem\",\"position\":2,\"name\":\"Iblis\"}]},{\"@type\":\"WebSite\",\"@id\":\"https:\\\/\\\/iwell-guard.com\\\/ca\\\/#website\",\"url\":\"https:\\\/\\\/iwell-guard.com\\\/ca\\\/\",\"name\":\"iWell Guard\",\"description\":\"Schutz vor dunklen Einfl\u00fcssen\",\"publisher\":{\"@id\":\"https:\\\/\\\/iwell-guard.com\\\/ca\\\/#organization\"},\"potentialAction\":[{\"@type\":\"SearchAction\",\"target\":{\"@type\":\"EntryPoint\",\"urlTemplate\":\"https:\\\/\\\/iwell-guard.com\\\/ca\\\/?s={search_term_string}\"},\"query-input\":{\"@type\":\"PropertyValueSpecification\",\"valueRequired\":true,\"valueName\":\"search_term_string\"}}],\"inLanguage\":\"ca\"},{\"@type\":\"Organization\",\"@id\":\"https:\\\/\\\/iwell-guard.com\\\/ca\\\/#organization\",\"name\":\"Ittermann electronic GmbH\",\"url\":\"https:\\\/\\\/iwell-guard.com\\\/ca\\\/\",\"logo\":{\"@type\":\"ImageObject\",\"inLanguage\":\"ca\",\"@id\":\"https:\\\/\\\/iwell-guard.com\\\/ca\\\/#\\\/schema\\\/logo\\\/image\\\/\",\"url\":\"https:\\\/\\\/iwell-guard.com\\\/wp-content\\\/uploads\\\/2026\\\/05\\\/Ittermann-Logo-1182x237-1.png\",\"contentUrl\":\"https:\\\/\\\/iwell-guard.com\\\/wp-content\\\/uploads\\\/2026\\\/05\\\/Ittermann-Logo-1182x237-1.png\",\"width\":1182,\"height\":237,\"caption\":\"Ittermann electronic GmbH\"},\"image\":{\"@id\":\"https:\\\/\\\/iwell-guard.com\\\/ca\\\/#\\\/schema\\\/logo\\\/image\\\/\"},\"sameAs\":[\"https:\\\/\\\/pantip.com\\\/profile\\\/9367242\",\"https:\\\/\\\/micro.blog\\\/iwellguard\",\"https:\\\/\\\/www.diggerslist.com\\\/iwellguard\\\/about\",\"https:\\\/\\\/skitterphoto.com\\\/photographers\\\/2870314\\\/iwell-guard\",\"https:\\\/\\\/iwellguard.wordpress.com\\\/2026\\\/06\\\/06\\\/iwell-guard\\\/\",\"https:\\\/\\\/hub.docker.com\\\/u\\\/iwellguard\",\"https:\\\/\\\/www.pinterest.com\\\/iwellguard\\\/\",\"https:\\\/\\\/bit.ly\\\/m\\\/iwellguard\",\"https:\\\/\\\/entre-vos-mains.alsace.eu\\\/profiles\\\/iwellguard\\\/activity\",\"https:\\\/\\\/gravatar.com\\\/reallybeded8fd34\",\"https:\\\/\\\/naijamatta.com\\\/iwellguard\",\"https:\\\/\\\/www.goodreads.com\\\/iwellguard\",\"https:\\\/\\\/profile.hatena.ne.jp\\\/iwellguard\\\/\",\"https:\\\/\\\/experiment.com\\\/users\\\/iwellguard\",\"https:\\\/\\\/wakelet.com\\\/@iWellGuard82270\",\"https:\\\/\\\/www.chordie.com\\\/forum\\\/profile.php?id=2555664\",\"https:\\\/\\\/www.instapaper.com\\\/p\\\/17757966\",\"https:\\\/\\\/www.mapleprimes.com\\\/users\\\/iwellguard\",\"https:\\\/\\\/businesslistingplus.com\\\/profile\\\/iwell-guard\\\/\",\"https:\\\/\\\/telegra.ph\\\/iWell-Guard-06-06\",\"https:\\\/\\\/pbase.com\\\/iwellguard\\\/iwellguard\",\"https:\\\/\\\/b.hatena.ne.jp\\\/iwellguard\\\/20260607#bookmark-4788405196491818882\",\"https:\\\/\\\/fliphtml5.com\\\/home\\\/iwellguard\",\"https:\\\/\\\/anyflip.com\\\/homepage\\\/cmiwl#About\",\"https:\\\/\\\/transfur.com\\\/Users\\\/iwellguard\",\"http:\\\/\\\/delphi.larsbo.org\\\/user\\\/iwellguard\",\"https:\\\/\\\/jobs.lajobsportal.org\\\/profiles\\\/8380803-iwell-guard\",\"https:\\\/\\\/md.chaosdorf.de\\\/s\\\/jfbe5SBdJD\",\"https:\\\/\\\/www.lingvolive.com\\\/en-us\\\/profile\\\/9ecaeaca-ce11-4e51-9e71-01d55e2bff36\\\/translations\",\"https:\\\/\\\/www.fitday.com\\\/fitness\\\/forums\\\/members\\\/iwellguard.html\",\"https:\\\/\\\/www.mymeetbook.com\\\/iwellguard\",\"https:\\\/\\\/pxhere.com\\\/en\\\/photographer-me\\\/5040798\",\"https:\\\/\\\/disqus.com\\\/by\\\/iwellguard\\\/about\\\/\",\"https:\\\/\\\/pastelink.net\\\/hjwciqwq\",\"https:\\\/\\\/pubhtml5.com\\\/homepage\\\/scjhn\\\/\",\"https:\\\/\\\/www.bitchute.com\\\/channel\\\/2O2eOKzNqujT\",\"https:\\\/\\\/audiomack.com\\\/iwellguard\"]},{\"@type\":\"Article\",\"@id\":\"https:\\\/\\\/iwell-guard.com\\\/ca\\\/iblis\\\/#article\",\"isPartOf\":{\"@id\":\"https:\\\/\\\/iwell-guard.com\\\/ca\\\/iblis\\\/\"},\"author\":{\"name\":\"Ralf Ittermann\",\"@id\":\"https:\\\/\\\/iwell-guard.com\\\/ca\\\/#\\\/schema\\\/person\\\/ee2a27f1cac3406c7c6fb5820cb7349f\"},\"headline\":\"Iblis\",\"datePublished\":\"2026-09-05T15:38:51+00:00\",\"dateModified\":\"2026-09-05T15:56:09+00:00\",\"mainEntityOfPage\":{\"@id\":\"https:\\\/\\\/iwell-guard.com\\\/ca\\\/iblis\\\/\"},\"publisher\":{\"@id\":\"https:\\\/\\\/iwell-guard.com\\\/ca\\\/#organization\"},\"image\":{\"@id\":\"https:\\\/\\\/iwell-guard.com\\\/ca\\\/iblis\\\/#primaryimage\"},\"thumbnailUrl\":\"https:\\\/\\\/iwell-guard.com\\\/wp-content\\\/uploads\\\/2026\\\/04\\\/goetter_islam_iblis.webp\",\"inLanguage\":\"ca\",\"description\":\"Iblis \u00e9s la figura principal antagonista de la tradici\u00f3 isl\u00e0mica. La seva escena clau es narra a l'Alcor\u00e0 en diversos passatges, entre d'altres a la Sura 2,34.\"}]}<\/script>\n<!-- \/ Yoast SEO Premium plugin. -->","yoast_head_json":{"title":"Iblis - El que rebutja, adversari de l'Islam","description":"Iblis \u00e9s la figura principal antagonista de la tradici\u00f3 isl\u00e0mica. La seva escena clau es narra a l'Alcor\u00e0 en diversos passatges, entre d'altres a la Sura 2,34.","robots":{"index":"index","follow":"follow","max-snippet":"max-snippet:-1","max-image-preview":"max-image-preview:large","max-video-preview":"max-video-preview:-1"},"canonical":"https:\/\/iwell-guard.com\/ca\/iblis\/","og_locale":"ca_ES","og_type":"article","og_title":"Iblis","og_description":"Iblis \u00e9s la figura principal antagonista de la tradici\u00f3 isl\u00e0mica. La seva escena clau es narra a l'Alcor\u00e0 en diversos passatges, entre d'altres a la Sura 2,34.","og_url":"https:\/\/iwell-guard.com\/ca\/iblis\/","og_site_name":"iWell Guard","article_modified_time":"2026-09-05T15:56:09+00:00","og_image":[{"width":1024,"height":1536,"url":"https:\/\/iwell-guard.com\/wp-content\/uploads\/2026\/04\/goetter_islam_iblis.webp","type":"image\/webp"}],"twitter_card":"summary_large_image","schema":{"@context":"https:\/\/schema.org","@graph":[{"@type":"Article","@id":"https:\/\/iwell-guard.com\/ca\/iblis\/#article","isPartOf":{"@id":"https:\/\/iwell-guard.com\/ca\/iblis\/"},"author":{"name":"Ralf Ittermann","@id":"https:\/\/iwell-guard.com\/ca\/#\/schema\/person\/ee2a27f1cac3406c7c6fb5820cb7349f"},"headline":"Iblis","datePublished":"2026-09-05T15:38:51+00:00","dateModified":"2026-09-05T15:56:09+00:00","mainEntityOfPage":{"@id":"https:\/\/iwell-guard.com\/ca\/iblis\/"},"publisher":{"@id":"https:\/\/iwell-guard.com\/ca\/#organization"},"image":{"@id":"https:\/\/iwell-guard.com\/ca\/iblis\/#primaryimage"},"thumbnailUrl":"https:\/\/iwell-guard.com\/wp-content\/uploads\/2026\/04\/goetter_islam_iblis.webp","inLanguage":"ca","description":"Iblis \u00e9s la figura principal antagonista de la tradici\u00f3 isl\u00e0mica. La seva escena clau es narra a l'Alcor\u00e0 en diversos passatges, entre d'altres a la Sura 2,34."},{"@type":"WebPage","@id":"https:\/\/iwell-guard.com\/ca\/iblis\/","url":"https:\/\/iwell-guard.com\/ca\/iblis\/","name":"Iblis - El que rebutja, adversari de l'Islam","isPartOf":{"@id":"https:\/\/iwell-guard.com\/ca\/#website"},"primaryImageOfPage":{"@id":"https:\/\/iwell-guard.com\/ca\/iblis\/#primaryimage"},"image":{"@id":"https:\/\/iwell-guard.com\/ca\/iblis\/#primaryimage"},"thumbnailUrl":"https:\/\/iwell-guard.com\/wp-content\/uploads\/2026\/04\/goetter_islam_iblis.webp","datePublished":"2026-09-05T15:38:51+00:00","dateModified":"2026-09-05T15:56:09+00:00","description":"Iblis \u00e9s la figura principal antagonista de la tradici\u00f3 isl\u00e0mica. La seva escena clau es narra a l'Alcor\u00e0 en diversos passatges, entre d'altres a la Sura 2,34.","breadcrumb":{"@id":"https:\/\/iwell-guard.com\/ca\/iblis\/#breadcrumb"},"inLanguage":"ca","potentialAction":[{"@type":"ReadAction","target":["https:\/\/iwell-guard.com\/ca\/iblis\/"]}]},{"@type":"ImageObject","inLanguage":"ca","@id":"https:\/\/iwell-guard.com\/ca\/iblis\/#primaryimage","url":"https:\/\/iwell-guard.com\/wp-content\/uploads\/2026\/04\/goetter_islam_iblis.webp","contentUrl":"https:\/\/iwell-guard.com\/wp-content\/uploads\/2026\/04\/goetter_islam_iblis.webp","width":1024,"height":1536,"caption":"D\u00e9us de la tradici\u00f3 isl\u00e0mica."},{"@type":"BreadcrumbList","@id":"https:\/\/iwell-guard.com\/ca\/iblis\/#breadcrumb","itemListElement":[{"@type":"ListItem","position":1,"name":"Start","item":"https:\/\/iwell-guard.com\/ca\/?page_id=171333"},{"@type":"ListItem","position":2,"name":"Iblis"}]},{"@type":"WebSite","@id":"https:\/\/iwell-guard.com\/ca\/#website","url":"https:\/\/iwell-guard.com\/ca\/","name":"iWell Guard","description":"Schutz vor dunklen Einfl\u00fcssen","publisher":{"@id":"https:\/\/iwell-guard.com\/ca\/#organization"},"potentialAction":[{"@type":"SearchAction","target":{"@type":"EntryPoint","urlTemplate":"https:\/\/iwell-guard.com\/ca\/?s={search_term_string}"},"query-input":{"@type":"PropertyValueSpecification","valueRequired":true,"valueName":"search_term_string"}}],"inLanguage":"ca"},{"@type":"Organization","@id":"https:\/\/iwell-guard.com\/ca\/#organization","name":"Ittermann electronic GmbH","url":"https:\/\/iwell-guard.com\/ca\/","logo":{"@type":"ImageObject","inLanguage":"ca","@id":"https:\/\/iwell-guard.com\/ca\/#\/schema\/logo\/image\/","url":"https:\/\/iwell-guard.com\/wp-content\/uploads\/2026\/05\/Ittermann-Logo-1182x237-1.png","contentUrl":"https:\/\/iwell-guard.com\/wp-content\/uploads\/2026\/05\/Ittermann-Logo-1182x237-1.png","width":1182,"height":237,"caption":"Ittermann electronic GmbH"},"image":{"@id":"https:\/\/iwell-guard.com\/ca\/#\/schema\/logo\/image\/"},"sameAs":["https:\/\/pantip.com\/profile\/9367242","https:\/\/micro.blog\/iwellguard","https:\/\/www.diggerslist.com\/iwellguard\/about","https:\/\/skitterphoto.com\/photographers\/2870314\/iwell-guard","https:\/\/iwellguard.wordpress.com\/2026\/06\/06\/iwell-guard\/","https:\/\/hub.docker.com\/u\/iwellguard","https:\/\/www.pinterest.com\/iwellguard\/","https:\/\/bit.ly\/m\/iwellguard","https:\/\/entre-vos-mains.alsace.eu\/profiles\/iwellguard\/activity","https:\/\/gravatar.com\/reallybeded8fd34","https:\/\/naijamatta.com\/iwellguard","https:\/\/www.goodreads.com\/iwellguard","https:\/\/profile.hatena.ne.jp\/iwellguard\/","https:\/\/experiment.com\/users\/iwellguard","https:\/\/wakelet.com\/@iWellGuard82270","https:\/\/www.chordie.com\/forum\/profile.php?id=2555664","https:\/\/www.instapaper.com\/p\/17757966","https:\/\/www.mapleprimes.com\/users\/iwellguard","https:\/\/businesslistingplus.com\/profile\/iwell-guard\/","https:\/\/telegra.ph\/iWell-Guard-06-06","https:\/\/pbase.com\/iwellguard\/iwellguard","https:\/\/b.hatena.ne.jp\/iwellguard\/20260607#bookmark-4788405196491818882","https:\/\/fliphtml5.com\/home\/iwellguard","https:\/\/anyflip.com\/homepage\/cmiwl#About","https:\/\/transfur.com\/Users\/iwellguard","http:\/\/delphi.larsbo.org\/user\/iwellguard","https:\/\/jobs.lajobsportal.org\/profiles\/8380803-iwell-guard","https:\/\/md.chaosdorf.de\/s\/jfbe5SBdJD","https:\/\/www.lingvolive.com\/en-us\/profile\/9ecaeaca-ce11-4e51-9e71-01d55e2bff36\/translations","https:\/\/www.fitday.com\/fitness\/forums\/members\/iwellguard.html","https:\/\/www.mymeetbook.com\/iwellguard","https:\/\/pxhere.com\/en\/photographer-me\/5040798","https:\/\/disqus.com\/by\/iwellguard\/about\/","https:\/\/pastelink.net\/hjwciqwq","https:\/\/pubhtml5.com\/homepage\/scjhn\/","https:\/\/www.bitchute.com\/channel\/2O2eOKzNqujT","https:\/\/audiomack.com\/iwellguard"]},{"@type":"Person","@id":"https:\/\/iwell-guard.com\/ca\/#\/schema\/person\/ee2a27f1cac3406c7c6fb5820cb7349f","name":"Ralf Ittermann","image":{"@type":"ImageObject","inLanguage":"ca","@id":"https:\/\/secure.gravatar.com\/avatar\/073c0153e350a5005b68eb752b445fea71f6b24a26da9449ad7e155e6b446c9d?s=96&d=mm&r=g","url":"https:\/\/secure.gravatar.com\/avatar\/073c0153e350a5005b68eb752b445fea71f6b24a26da9449ad7e155e6b446c9d?s=96&d=mm&r=g","contentUrl":"https:\/\/secure.gravatar.com\/avatar\/073c0153e350a5005b68eb752b445fea71f6b24a26da9449ad7e155e6b446c9d?s=96&d=mm&r=g","caption":"Ralf Ittermann"},"givenName":"Ralf","familyName":"Ittermann","jobTitle":"Gesch\u00e4ftsf\u00fchrer und redaktioneller Verantwortlicher","url":"https:\/\/iwell-guard.com\/ca\/author\/claude\/","description":"Ralf Ittermann ist Gesch\u00e4ftsf\u00fchrer der Ittermann electronic GmbH und redaktioneller Verantwortlicher des iWell-Guard-Lexikons. Er verbindet langj\u00e4hrige Erfahrung in der Pr\u00e4zisionsfertigung mit medialer Praxis und religionsgeschichtlicher Quellenarbeit.","worksFor":{"@type":"Organization","name":"Ittermann electronic GmbH","url":"https:\/\/ittermann.de\/","address":{"@type":"PostalAddress","streetAddress":"K\u00f6hlergasse 16-18","postalCode":"99842","addressLocality":"Ruhla","addressCountry":"DE"}},"knowsAbout":["Religionsgeschichte","Mythologie","Mediale Praxis","Energetische Diagnostik","Schutzpraxis","Volksglauben","Westliche Esoterik"]},{"@type":"Article","@id":"https:\/\/iwell-guard.com\/ca\/iblis\/#article","isPartOf":{"@id":"https:\/\/iwell-guard.com\/ca\/iblis\/"},"author":{"name":"Ralf Ittermann","@id":"https:\/\/iwell-guard.com\/ca\/#\/schema\/person\/ee2a27f1cac3406c7c6fb5820cb7349f"},"headline":"Iblis","datePublished":"2026-09-05T15:38:51+00:00","dateModified":"2026-09-05T15:56:09+00:00","mainEntityOfPage":{"@id":"https:\/\/iwell-guard.com\/ca\/iblis\/"},"publisher":{"@id":"https:\/\/iwell-guard.com\/ca\/#organization"},"image":{"@id":"https:\/\/iwell-guard.com\/ca\/iblis\/#primaryimage"},"thumbnailUrl":"https:\/\/iwell-guard.com\/wp-content\/uploads\/2026\/04\/goetter_islam_iblis.webp","inLanguage":"ca","description":"Iblis \u00e9s la figura principal antagonista de la tradici\u00f3 isl\u00e0mica. La seva escena clau es narra a l'Alcor\u00e0 en diversos passatges, entre d'altres a la Sura 2,34."}]}},"_links":{"self":[{"href":"https:\/\/iwell-guard.com\/ca\/wp-json\/wp\/v2\/pages\/171374","targetHints":{"allow":["GET"]}}],"collection":[{"href":"https:\/\/iwell-guard.com\/ca\/wp-json\/wp\/v2\/pages"}],"about":[{"href":"https:\/\/iwell-guard.com\/ca\/wp-json\/wp\/v2\/types\/page"}],"author":[{"embeddable":true,"href":"https:\/\/iwell-guard.com\/ca\/wp-json\/wp\/v2\/users\/3"}],"replies":[{"embeddable":true,"href":"https:\/\/iwell-guard.com\/ca\/wp-json\/wp\/v2\/comments?post=171374"}],"version-history":[{"count":0,"href":"https:\/\/iwell-guard.com\/ca\/wp-json\/wp\/v2\/pages\/171374\/revisions"}],"wp:featuredmedia":[{"embeddable":true,"href":"https:\/\/iwell-guard.com\/ca\/wp-json\/wp\/v2\/media\/1595"}],"wp:attachment":[{"href":"https:\/\/iwell-guard.com\/ca\/wp-json\/wp\/v2\/media?parent=171374"}],"wp:term":[{"taxonomy":"category","embeddable":true,"href":"https:\/\/iwell-guard.com\/ca\/wp-json\/wp\/v2\/categories?post=171374"}],"curies":[{"name":"wp","href":"https:\/\/api.w.org\/{rel}","templated":true}]}}