{"id":171373,"date":"2026-09-05T15:38:51","date_gmt":"2026-09-05T15:38:51","guid":{"rendered":"https:\/\/iwell-guard.com\/?page_id=171373"},"modified":"2026-09-05T15:56:06","modified_gmt":"2026-09-05T15:56:06","slug":"legio-possessio-i-dimonis-col-lectius","status":"publish","type":"page","link":"https:\/\/iwell-guard.com\/ca\/legio-possessio-i-dimonis-col-lectius\/","title":{"rendered":"Legi\u00f3 \u2013 Possessi\u00f3 i dimonis col\u00b7lectius"},"content":{"rendered":"\t\t<div data-elementor-type=\"wp-page\" data-elementor-id=\"171373\" class=\"elementor elementor-171373 elementor-1022\" data-elementor-post-type=\"page\">\n\t\t\t\t<div class=\"elementor-element elementor-element-10fdade e-flex e-con-boxed e-con e-parent\" data-id=\"10fdade\" data-element_type=\"container\" data-e-type=\"container\" data-settings=\"{&quot;background_background&quot;:&quot;classic&quot;}\">\n\t\t\t\t\t<div class=\"e-con-inner\">\n\t\t<div class=\"elementor-element elementor-element-herohlft0 e-flex e-con-boxed e-con e-child\" data-id=\"herohlft0\" data-element_type=\"container\" data-e-type=\"container\">\n\t\t\t\t\t<div class=\"e-con-inner\">\n\t\t<div class=\"elementor-element elementor-element-c3ceb64 e-con-full e-flex e-con e-child\" data-id=\"c3ceb64\" data-element_type=\"container\" data-e-type=\"container\">\n\t\t\t\t<div class=\"elementor-element elementor-element-96ae5e1 elementor-widget elementor-widget-heading\" data-id=\"96ae5e1\" data-element_type=\"widget\" data-e-type=\"widget\" data-widget_type=\"heading.default\">\n\t\t\t\t\t<h1 class=\"elementor-heading-title elementor-size-default\">Legi\u00f3, dimoni de la tradici\u00f3 cristiana<\/h1>\t\t\t\t<\/div>\n\t\t\t\t<div class=\"elementor-element elementor-element-e45238a elementor-widget elementor-widget-text-editor\" data-id=\"e45238a\" data-element_type=\"widget\" data-e-type=\"widget\" data-widget_type=\"text-editor.default\">\n\t\t\t\t\t\t\t\t\t<p>Legi\u00f3 \u00e9s <span class=\"iwg-fachbegriff\" data-tooltip=\"\u00c9sser espiritual al qual s'atribueix un efecte nociu o ambivalent.\" tabindex=\"0\">dimoni<\/span> de la tradici\u00f3 cristiana.<\/p><p><strong>\u00abPerqu\u00e8 som molts\u00bb, possessi\u00f3 col\u00b7lectiva a Gerasa.<\/strong><\/p>\t\t\t\t\t\t\t\t<\/div>\n\t\t\t\t<\/div>\n\t\t<div class=\"elementor-element elementor-element-klsbdg01 e-con-full e-flex e-con e-parent\" data-id=\"klsbdg01\" data-element_type=\"container\" data-e-type=\"container\">\n\t\t\t\t<div class=\"elementor-element elementor-element-klshtm01 elementor-widget elementor-widget-html\" data-id=\"klshtm01\" data-element_type=\"widget\" data-e-type=\"widget\" data-widget_type=\"html.default\">\n\t\t\t\t\t<div class=\"iwg-pill-row\"><span class=\"iwg-klasse-badge\" tabindex=\"0\" data-tooltip=\"Dimoni: \u00c9sser sobrenatural amb un efecte generalment nociu o ambivalent. Se situa entre d\u00e9us i humans, provoca malaltia, temptaci\u00f3 o desgr\u00e0cia, i s'allunya mitjan\u00e7ant conjurs, apotropaics i rituals.\">Dimoni<\/span><a href=\"https:\/\/iwell-guard.com\/ca\/?page_id=171364\" class=\"iwg-kultur-badge\" tabindex=\"0\" data-tooltip=\"Tradici\u00f3 cristiana amb els seus \u00e0ngels, dimonis i \u00e9ssers m\u00edstics.\">Cristianisme<\/a><\/div>\t\t\t\t<\/div>\n\t\t\t\t<\/div>\n\t\t<div class=\"elementor-element elementor-element-3f74855 e-con-full e-flex e-con e-child\" data-id=\"3f74855\" data-element_type=\"container\" data-e-type=\"container\">\n\t\t\t\t<div class=\"elementor-element elementor-element-1c30362 elementor-toc--minimized-on-tablet elementor-widget elementor-widget-table-of-contents\" data-id=\"1c30362\" data-element_type=\"widget\" data-e-type=\"widget\" data-settings=\"{&quot;exclude_headings_by_selector&quot;:[],&quot;no_headings_message&quot;:&quot;No s&#039;ha trobat cap encap\\u00e7alament en aquesta p\\u00e0gina.&quot;,&quot;headings_by_tags&quot;:[&quot;h2&quot;,&quot;h3&quot;],&quot;marker_view&quot;:&quot;bullets&quot;,&quot;icon&quot;:{&quot;value&quot;:&quot;fas fa-circle&quot;,&quot;library&quot;:&quot;fa-solid&quot;,&quot;rendered_tag&quot;:&quot;&lt;svg class=\\&quot;e-font-icon-svg e-fas-circle\\&quot; viewBox=\\&quot;0 0 512 512\\&quot; xmlns=\\&quot;http:\\\/\\\/www.w3.org\\\/2000\\\/svg\\&quot;&gt;&lt;path d=\\&quot;M256 8C119 8 8 119 8 256s111 248 248 248 248-111 248-248S393 8 256 8z\\&quot;&gt;&lt;\\\/path&gt;&lt;\\\/svg&gt;&quot;},&quot;minimize_box&quot;:&quot;yes&quot;,&quot;minimized_on&quot;:&quot;tablet&quot;,&quot;hierarchical_view&quot;:&quot;yes&quot;,&quot;min_height&quot;:{&quot;unit&quot;:&quot;px&quot;,&quot;size&quot;:&quot;&quot;,&quot;sizes&quot;:[]},&quot;min_height_tablet&quot;:{&quot;unit&quot;:&quot;px&quot;,&quot;size&quot;:&quot;&quot;,&quot;sizes&quot;:[]},&quot;min_height_mobile&quot;:{&quot;unit&quot;:&quot;px&quot;,&quot;size&quot;:&quot;&quot;,&quot;sizes&quot;:[]}}\" data-widget_type=\"table-of-contents.default\">\n\t\t\t\t\t\t\t\t\t<div class=\"elementor-toc__header\">\n\t\t\t\t\t\t<h2 class=\"elementor-toc__header-title\">\n\t\t\t\t\u00cdndex\t\t\t<\/h2>\n\t\t\t\t\t\t\t\t\t\t<div class=\"elementor-toc__toggle-button elementor-toc__toggle-button--expand\" role=\"button\" tabindex=\"0\" aria-controls=\"elementor-toc__1c30362\" aria-expanded=\"true\" aria-label=\"Open table of contents\"><svg aria-hidden=\"true\" class=\"e-font-icon-svg e-fas-chevron-down\" viewBox=\"0 0 448 512\" xmlns=\"http:\/\/www.w3.org\/2000\/svg\"><path d=\"M207.029 381.476L12.686 187.132c-9.373-9.373-9.373-24.569 0-33.941l22.667-22.667c9.357-9.357 24.522-9.375 33.901-.04L224 284.505l154.745-154.021c9.379-9.335 24.544-9.317 33.901.04l22.667 22.667c9.373 9.373 9.373 24.569 0 33.941L240.971 381.476c-9.373 9.372-24.569 9.372-33.942 0z\"><\/path><\/svg><\/div>\n\t\t\t\t<div class=\"elementor-toc__toggle-button elementor-toc__toggle-button--collapse\" role=\"button\" tabindex=\"0\" aria-controls=\"elementor-toc__1c30362\" aria-expanded=\"true\" aria-label=\"Close table of contents\"><svg aria-hidden=\"true\" class=\"e-font-icon-svg e-fas-chevron-up\" viewBox=\"0 0 448 512\" xmlns=\"http:\/\/www.w3.org\/2000\/svg\"><path d=\"M240.971 130.524l194.343 194.343c9.373 9.373 9.373 24.569 0 33.941l-22.667 22.667c-9.357 9.357-24.522 9.375-33.901.04L224 227.495 69.255 381.516c-9.379 9.335-24.544 9.317-33.901-.04l-22.667-22.667c-9.373-9.373-9.373-24.569 0-33.941L207.03 130.525c9.372-9.373 24.568-9.373 33.941-.001z\"><\/path><\/svg><\/div>\n\t\t\t\t\t<\/div>\n\t\t\t\t<div id=\"elementor-toc__1c30362\" class=\"elementor-toc__body\">\n\t\t\t<div class=\"elementor-toc__spinner-container\">\n\t\t\t\t<svg class=\"elementor-toc__spinner eicon-animation-spin e-font-icon-svg e-eicon-loading\" aria-hidden=\"true\" viewBox=\"0 0 1000 1000\" xmlns=\"http:\/\/www.w3.org\/2000\/svg\"><path d=\"M500 975V858C696 858 858 696 858 500S696 142 500 142 142 304 142 500H25C25 237 238 25 500 25S975 237 975 500 763 975 500 975Z\"><\/path><\/svg>\t\t\t<\/div>\n\t\t<\/div>\n\t\t\t\t\t\t<\/div>\n\t\t\t\t<\/div>\n\t\t\t\t\t<\/div>\n\t\t\t\t<\/div>\n\t\t<div class=\"elementor-element elementor-element-herorght0 e-con-full e-flex e-con e-child\" data-id=\"herorght0\" data-element_type=\"container\" data-e-type=\"container\">\n\t\t\t\t<div class=\"elementor-element elementor-element-heroimg00 iwg-hero-image elementor-widget elementor-widget-image\" data-id=\"heroimg00\" data-element_type=\"widget\" data-e-type=\"widget\" data-widget_type=\"image.default\">\n\t\t\t\t\t\t\t\t\t\t\t\t\t\t\t<img fetchpriority=\"high\" decoding=\"async\" width=\"683\" height=\"1024\" src=\"https:\/\/iwell-guard.com\/wp-content\/uploads\/2026\/04\/daemonen_christentum_legion-683x1024.webp\" class=\"attachment-large size-large wp-image-1562\" alt=\"Legi\u00f3 \u2013 Possessi\u00f3 i dimonis col\u00b7lectius\" srcset=\"https:\/\/iwell-guard.com\/wp-content\/uploads\/2026\/04\/daemonen_christentum_legion-683x1024.webp 683w, https:\/\/iwell-guard.com\/wp-content\/uploads\/2026\/04\/daemonen_christentum_legion-200x300.webp 200w, https:\/\/iwell-guard.com\/wp-content\/uploads\/2026\/04\/daemonen_christentum_legion-768x1152.webp 768w, https:\/\/iwell-guard.com\/wp-content\/uploads\/2026\/04\/daemonen_christentum_legion.webp 1024w\" sizes=\"(max-width: 683px) 100vw, 683px\" \/>\t\t\t\t\t\t\t\t\t\t\t\t\t\t\t<\/div>\n\t\t\t\t<\/div>\n\t\t\t\t\t<\/div>\n\t\t\t\t<\/div>\n\t\t<div class=\"elementor-element elementor-element-32917199 e-flex e-con-boxed e-con e-parent\" data-id=\"32917199\" data-element_type=\"container\" data-e-type=\"container\">\n\t\t\t\t\t<div class=\"e-con-inner\">\n\t\t<div class=\"elementor-element elementor-element-26e916cb e-flex e-con-boxed e-con e-child\" data-id=\"26e916cb\" data-element_type=\"container\" data-e-type=\"container\">\n\t\t\t\t\t<div class=\"e-con-inner\">\n\t\t<div class=\"elementor-element elementor-element-253a40d4 e-flex e-con-boxed e-con e-child\" data-id=\"253a40d4\" data-element_type=\"container\" data-e-type=\"container\">\n\t\t\t\t\t<div class=\"e-con-inner\">\n\t\t\t\t<div class=\"elementor-element elementor-element-1200c304 elementor-widget elementor-widget-heading\" data-id=\"1200c304\" data-element_type=\"widget\" data-e-type=\"widget\" data-widget_type=\"heading.default\">\n\t\t\t\t\t<div class=\"elementor-heading-title elementor-size-default\">Legi\u00f3<\/div>\t\t\t\t<\/div>\n\t\t\t\t<div class=\"elementor-element elementor-element-11758e7f elementor-widget elementor-widget-text-editor\" data-id=\"11758e7f\" data-element_type=\"widget\" data-e-type=\"widget\" data-widget_type=\"text-editor.default\">\n\t\t\t\t\t\t\t\t\t<p>Legi\u00f3 \u00e9s el nom d&#8217;un grup de dimonis que es reuneixen en el relat neotestamentari del posse\u00eft de Gerasa (Mc 5,1\u201320; Lc 8,26\u201339; Mt 8,28\u201334).<\/p><p>Per ordre de Jes\u00fas, entren en una ramada de porcs que immediatament es llan\u00e7a al mar. L&#8217;escena s&#8217;ha convertit en el paradigma de l&#8217;exorcisme cristi\u00e0 i ha marcat la imatge de la possessi\u00f3 col\u00b7lectiva.<\/p><p>El nom \u00abLegi\u00f3\u00bb es refereix a la unitat militar romana, fins a 6.000 soldats. Amb aix\u00f2 queda establerta la dimensi\u00f3 grupal i massiva del fenomen. En interpretacions teol\u00f2giques i psicol\u00f2giques posteriors, Legi\u00f3 serveix com a cas model: la possessi\u00f3 com a superposici\u00f3 m\u00faltiple, fragmentaci\u00f3 interior, dissoluci\u00f3 de la personalitat. La psicologia moderna dels trastorns dissociatius pren de vegades el relat com a fil conductor.<\/p><div><p><strong>Tradici\u00f3 sin\u00f2ptica i connotaci\u00f3 pol\u00edtica<\/strong><\/p><p>El relat de Legi\u00f3 apareix en els tres evangelis sin\u00f2ptics (Marc 5,1\u201320; Mateu 8,28\u201334; Lluc 8,26\u201339) i descriu la curaci\u00f3 d&#8217;un posse\u00eft a la regi\u00f3 dels gerasens (o gadarens), a la riba oriental del llac de Genesaret.<\/p><p>L&#8217;escena central \u00e9s el di\u00e0leg entre Jes\u00fas i el posse\u00eft: Jes\u00fas li pregunta el nom, i la resposta \u00e9s <em>Legi\u00f3, perqu\u00e8 som molts<\/em>. El terme <em>legi\u00f3<\/em> (grec <em>legi\u014dn<\/em>, llat\u00ed <em>legio<\/em>) designava al segle I una unitat militar romana d&#8217;entre 5.000 i 6.000 soldats.<\/p><p><span data-nosnippet>La tria precisament d&#8217;aquest terme per a una autodenominaci\u00f3 demon\u00edaca ha suscitat en la recerca (Paul W. Hollenbach, <em>Jesus, Demoniacs, and Public Authorities<\/em>, 1981) una lectura pol\u00edtica: el relat contindria un subtext antirom\u00e0, en el qual la pot\u00e8ncia ocupant romana \u00e9s expulsada de manera simb\u00f2lica.<\/span><\/p><p>Aquesta lectura \u00e9s seguida per Ched Myers (<em>Binding the Strong Man<\/em>, 1988) i John Dominic Crossan en la recerca posterior sobre Jes\u00fas.<\/p><\/div>\t\t\t\t\t\t\t\t<\/div>\n\t\t\t\t\t<\/div>\n\t\t\t\t<\/div>\n\t\t<div class=\"elementor-element elementor-element-159dcf9a e-flex e-con-boxed e-con e-child\" data-id=\"159dcf9a\" data-element_type=\"container\" data-e-type=\"container\">\n\t\t\t\t\t<div class=\"e-con-inner\">\n\t\t\t\t<div class=\"elementor-element elementor-element-48cee66f elementor-widget elementor-widget-heading\" data-id=\"48cee66f\" data-element_type=\"widget\" data-e-type=\"widget\" data-widget_type=\"heading.default\">\n\t\t\t\t\t<h2 class=\"elementor-heading-title elementor-size-default\">Resum: Legi\u00f3<\/h2>\t\t\t\t<\/div>\n\t\t\t\t<div class=\"elementor-element elementor-element-3f50d82c elementor-widget elementor-widget-text-editor\" data-id=\"3f50d82c\" data-element_type=\"widget\" data-e-type=\"widget\" data-widget_type=\"text-editor.default\">\n\t\t\t\t\t\t\t\t\t<p><strong>Tipus:<\/strong> <span class=\"iwg-fachbegriff\" data-tooltip=\"\u00c9sser espiritual al qual s'atribueix un efecte nociu o ambivalent.\" tabindex=\"0\">dimoni<\/span> col\u00b7lectiu (grup sota un mateix nom)<br>Origen: posse\u00eft de Gerasa<br>Textos: Mc 5, Mt 8, Lc 8, comentaris patr\u00edstics<br>Per\u00edode: segle I fins a l&#8217;actualitat<br><span class=\"iwg-fachbegriff\" data-tooltip=\"Un element de contingut recurrent en l'art o la narraci\u00f3.\" tabindex=\"0\">Motiu<\/span>: paradigma de possessi\u00f3 m\u00faltiple i exorcisme cristi\u00e0<\/p>\t\t\t\t\t\t\t\t<\/div>\n\t\t\t\t\t<\/div>\n\t\t\t\t<\/div>\n\t\t\t\t\t<\/div>\n\t\t\t\t<\/div>\n\t\t\t\t\t<\/div>\n\t\t\t\t<\/div>\n\t\t<div class=\"elementor-element elementor-element-18613602 e-flex e-con-boxed e-con e-parent\" data-id=\"18613602\" data-element_type=\"container\" data-e-type=\"container\">\n\t\t\t\t\t<div class=\"e-con-inner\">\n\t\t\t\t<div class=\"elementor-element elementor-element-262b8a9f elementor-widget elementor-widget-heading\" data-id=\"262b8a9f\" data-element_type=\"widget\" data-e-type=\"widget\" data-widget_type=\"heading.default\">\n\t\t\t\t\t<h2 class=\"elementor-heading-title elementor-size-default\">Context<\/h2>\t\t\t\t<\/div>\n\t\t<div class=\"elementor-element elementor-element-46dcb7d e-con-full e-flex e-con e-child\" data-id=\"46dcb7d\" data-element_type=\"container\" data-e-type=\"container\">\n\t\t<div class=\"elementor-element elementor-element-61d3ab3 e-flex e-con-boxed e-con e-child\" data-id=\"61d3ab3\" data-element_type=\"container\" data-e-type=\"container\">\n\t\t\t\t\t<div class=\"e-con-inner\">\n\t\t\t\t<div class=\"elementor-element elementor-element-117c166 elementor-widget elementor-widget-heading\" data-id=\"117c166\" data-element_type=\"widget\" data-e-type=\"widget\" data-widget_type=\"heading.default\">\n\t\t\t\t\t<div class=\"elementor-heading-title elementor-size-default\">Per\u00edode dels textos<\/div>\t\t\t\t<\/div>\n\t\t\t\t<div class=\"elementor-element elementor-element-73997a0 elementor-widget elementor-widget-text-editor\" data-id=\"73997a0\" data-element_type=\"widget\" data-e-type=\"widget\" data-widget_type=\"text-editor.default\">\n\t\t\t\t\t\t\t\t\t<p>Els evangelis sin\u00f2ptics (Mc, Mt, Lc) narren l&#8217;escena; Mc 5 es considera la versi\u00f3 m\u00e9s antiga. Les interpretacions patr\u00edstiques (Or\u00edgenes, <span class=\"iwg-fachbegriff\" tabindex=\"0\" data-tooltip=\"Agust\u00ed d'Hipona (354\u2013430); pare de l'Esgl\u00e9sia cristiana, autor de les obres principals Confessiones i De civitate Dei.\">Agust\u00ed<\/span>) amplien la interpretaci\u00f3. L&#8217;<span class=\"iwg-fachbegriff\" tabindex=\"0\" data-tooltip=\"Interpretaci\u00f3 cient\u00edfica de textos religiosos amb m\u00e8todes filol\u00f2gics, hist\u00f2rics i teol\u00f2gics.\">exegesi<\/span> moderna i la psicologia recorren regularment a Legi\u00f3 com a cas model.<\/p>\t\t\t\t\t\t\t\t<\/div>\n\t\t\t\t\t<\/div>\n\t\t\t\t<\/div>\n\t\t<div class=\"elementor-element elementor-element-d47b156 e-flex e-con-boxed e-con e-child\" data-id=\"d47b156\" data-element_type=\"container\" data-e-type=\"container\">\n\t\t\t\t\t<div class=\"e-con-inner\">\n\t\t\t\t<div class=\"elementor-element elementor-element-ff38c2b elementor-widget elementor-widget-heading\" data-id=\"ff38c2b\" data-element_type=\"widget\" data-e-type=\"widget\" data-widget_type=\"heading.default\">\n\t\t\t\t\t<div class=\"elementor-heading-title elementor-size-default\">\u00c0rea de difusi\u00f3<\/div>\t\t\t\t<\/div>\n\t\t\t\t<div class=\"elementor-element elementor-element-4e49fcc elementor-widget elementor-widget-text-editor\" data-id=\"4e49fcc\" data-element_type=\"widget\" data-e-type=\"widget\" data-widget_type=\"text-editor.default\">\n\t\t\t\t\t\t\t\t\t<p>Gerasa, a la riba oriental del llac de Genesaret (avui Jord\u00e0nia), \u00e9s l&#8217;escenari narratiu. Present com a exemple en la missi\u00f3 cristiana i la <span class=\"iwg-fachbegriff\" data-tooltip=\"La religiositat viscuda en el dia a dia, sovint al costat de la doctrina oficial.\" tabindex=\"0\">pietat popular<\/span> arreu del m\u00f3n.<\/p>\t\t\t\t\t\t\t\t<\/div>\n\t\t\t\t\t<\/div>\n\t\t\t\t<\/div>\n\t\t\t\t<\/div>\n\t\t<div class=\"elementor-element elementor-element-db03c39 e-con-full e-flex e-con e-child\" data-id=\"db03c39\" data-element_type=\"container\" data-e-type=\"container\">\n\t\t<div class=\"elementor-element elementor-element-229a87b e-flex e-con-boxed e-con e-child\" data-id=\"229a87b\" data-element_type=\"container\" data-e-type=\"container\">\n\t\t\t\t\t<div class=\"e-con-inner\">\n\t\t\t\t<div class=\"elementor-element elementor-element-1f471fc elementor-widget elementor-widget-heading\" data-id=\"1f471fc\" data-element_type=\"widget\" data-e-type=\"widget\" data-widget_type=\"heading.default\">\n\t\t\t\t\t<div class=\"elementor-heading-title elementor-size-default\">Estat de les fonts<\/div>\t\t\t\t<\/div>\n\t\t\t\t<div class=\"elementor-element elementor-element-36b1201 elementor-widget elementor-widget-text-editor\" data-id=\"36b1201\" data-element_type=\"widget\" data-e-type=\"widget\" data-widget_type=\"text-editor.default\">\n\t\t\t\t\t\t\t\t\t<p>Evangelis sin\u00f2ptics, sermons patr\u00edstics, exempla medievals, representacions iconogr\u00e0fiques, exegesi moderna, interpretacions psicoanal\u00edtiques i psicol\u00f2giques (Jung i altres).<\/p>\t\t\t\t\t\t\t\t<\/div>\n\t\t\t\t\t<\/div>\n\t\t\t\t<\/div>\n\t\t\t\t<\/div>\n\t\t\t\t\t<\/div>\n\t\t\t\t<\/div>\n\t\t<div class=\"elementor-element elementor-element-3ae0637c e-flex e-con-boxed e-con e-parent\" data-id=\"3ae0637c\" data-element_type=\"container\" data-e-type=\"container\">\n\t\t\t\t\t<div class=\"e-con-inner\">\n\t\t\t\t<div class=\"elementor-element elementor-element-31d07739 elementor-widget elementor-widget-heading\" data-id=\"31d07739\" data-element_type=\"widget\" data-e-type=\"widget\" data-widget_type=\"heading.default\">\n\t\t\t\t\t<h2 class=\"elementor-heading-title elementor-size-default\">Nom i interpretaci\u00f3<\/h2>\t\t\t\t<\/div>\n\t\t<div class=\"elementor-element elementor-element-b7642947 e-con-full e-flex e-con e-child\" data-id=\"b7642947\" data-element_type=\"container\" data-e-type=\"container\">\n\t\t\t\t<div class=\"elementor-element elementor-element-a086266 elementor-widget elementor-widget-text-editor\" data-id=\"a086266\" data-element_type=\"widget\" data-e-type=\"widget\" data-widget_type=\"text-editor.default\">\n\t\t\t\t\t\t\t\t\t<p><strong>Grec:<\/strong> <em>Legi\u014dn<\/em>, del llat\u00ed <em>legio<\/em>.<br>Context: els posse\u00efts no eren un dimoni individual, sin\u00f3 un col\u00b7lectiu, \u00abperqu\u00e8 som molts\u00bb (Mc 5,9). El nom \u00e9s, doncs, un nom funcional, no el nom propi d&#8217;un dimoni individual.<\/p><p>El nombre \u00abLegi\u00f3\u00bb remet alhora a la pot\u00e8ncia ocupant romana. L&#8217;aspecte de la interpretaci\u00f3 pol\u00edtica, Legi\u00f3 com a <span class=\"iwg-fachbegriff\" data-tooltip=\"Un signe que representa de manera simb\u00f2lica una idea o un significat.\" tabindex=\"0\">s\u00edmbol<\/span> del domini rom\u00e0 que \u00abocupa\u00bb el pa\u00eds, es destaca en l&#8217;exegesi postcolonial moderna.<\/p>\t\t\t\t\t\t\t\t<\/div>\n\t\t\t\t<\/div>\n\t\t\t\t\t<\/div>\n\t\t\t\t<\/div>\n\t\t<div class=\"elementor-element elementor-element-709a44a8 e-flex e-con-boxed e-con e-parent\" data-id=\"709a44a8\" data-element_type=\"container\" data-e-type=\"container\">\n\t\t\t\t\t<div class=\"e-con-inner\">\n\t\t\t\t<div class=\"elementor-element elementor-element-2f585873 elementor-widget elementor-widget-heading\" data-id=\"2f585873\" data-element_type=\"widget\" data-e-type=\"widget\" data-widget_type=\"heading.default\">\n\t\t\t\t\t<h2 class=\"elementor-heading-title elementor-size-default\">Caracter\u00edstiques<\/h2>\t\t\t\t<\/div>\n\t\t<div class=\"elementor-element elementor-element-70621c12 e-con-full e-flex e-con e-child\" data-id=\"70621c12\" data-element_type=\"container\" data-e-type=\"container\">\n\t\t\t\t<div class=\"elementor-element elementor-element-4296eb49 elementor-widget elementor-widget-text-editor\" data-id=\"4296eb49\" data-element_type=\"widget\" data-e-type=\"widget\" data-widget_type=\"text-editor.default\">\n\t\t\t\t\t\t\t\t\t<p><strong>Aparen\u00e7a<\/strong><\/p><p>No hi ha cap tradici\u00f3 iconogr\u00e0fica pr\u00f2pia. Es representa sempre l&#8217;escena: Jes\u00fas a la riba, l&#8217;endimoniat entre les tombes, la ramada de porcs precipitant-se al mar.<\/p><p><strong>Comportament<\/strong><\/p><p>L&#8217;endimoniat viu en sepulcres excavats a la roca, ja no pot ser lligat, crida dia i nit i es fereix amb pedres. Despr\u00e9s de l&#8217;exorcisme: sa, vestit i amb el seny recuperat.<\/p><p><strong>\u00c0mbit d&#8217;acci\u00f3<\/strong><\/p><p>Un individu que es converteix en portador d&#8217;una possessi\u00f3 col\u00b7lectiva. Simb\u00f2licament, la destrucci\u00f3 de la inserci\u00f3 social (viure entre tombes), l&#8217;autolesi\u00f3 corporal i l&#8217;a\u00efllament.<\/p><p><strong>Funci\u00f3 narrativa<\/strong><\/p><p>El primer <span class=\"iwg-fachbegriff\" data-tooltip=\"Expulsi\u00f3 ritual d'un esperit o dimoni considerat perjudicial.\" tabindex=\"0\">exorcisme<\/span> clarament configurat de Jes\u00fas a l&#8217;Evangeli de Marc, i per tant fonament de la tradici\u00f3 cristiana de l&#8217;exorcisme. La ramada de porcs subratlla la realitat dels dimonis (segueixen actuant, fins i tot despr\u00e9s de l&#8217;expulsi\u00f3) i la seva destructibilitat.<\/p><div><p><strong>Tractament patr\u00edstic i medieval<\/strong><\/p><p>Or\u00edgenes interpreta, en el seu comentari a Marc, el relat de la Legi\u00f3 de manera al\u00b7leg\u00f2rica: els nombrosos dimonis corresponen als nombrosos pecats que fan que un sol home esdevingui m\u00faltiple, mentre que la curaci\u00f3 significa la reunificaci\u00f3 de la persona en Crist. Aquesta lectura al\u00b7leg\u00f2rica esdev\u00e9 l&#8217;est\u00e0ndard en la tradici\u00f3 patr\u00edstica.<\/p><p><span data-nosnippet>En la <span class=\"iwg-fachbegriff\" tabindex=\"0\" data-tooltip=\"Concepcions religioses m\u00e9s enll\u00e0 de la teologia oficial, sovint amb elements sincr\u00e8tics.\">teologia popular<\/span> medieval, la Legi\u00f3 es converteix en el prototip de la possessi\u00f3 m\u00faltiple, en la qual diversos dimonis ocupen un \u00fanic \u00e9sser hum\u00e0. L&#8217;aparell d&#8217;<span class=\"iwg-fachbegriff\" data-tooltip=\"Expulsi\u00f3 ritual d'un esperit o dimoni considerat perjudicial.\" tabindex=\"0\">exorcisme<\/span> del <em>Rituale Romanum<\/em> (1614) preveu, per a aquests casos, una pr\u00e0ctica d&#8217;interrogatori espec\u00edfica en la qual cal determinar el nombre, els noms i les circumst\u00e0ncies d&#8217;entrada dels dimonis.<\/span><\/p><\/div>\t\t\t\t\t\t\t\t<\/div>\n\t\t\t\t<\/div>\n\t\t\t\t\t<\/div>\n\t\t\t\t<\/div>\n\t\t<div class=\"elementor-element elementor-element-44e71476 e-flex e-con-boxed e-con e-parent\" data-id=\"44e71476\" data-element_type=\"container\" data-e-type=\"container\">\n\t\t\t\t\t<div class=\"e-con-inner\">\n\t\t\t\t<div class=\"elementor-element elementor-element-3c1fc3f0 elementor-widget elementor-widget-heading\" data-id=\"3c1fc3f0\" data-element_type=\"widget\" data-e-type=\"widget\" data-widget_type=\"heading.default\">\n\t\t\t\t\t<h2 class=\"elementor-heading-title elementor-size-default\">Fitxa: Legi\u00f3<\/h2>\t\t\t\t<\/div>\n\t\t<div class=\"elementor-element elementor-element-84f33b8e e-con-full e-flex e-con e-child\" data-id=\"84f33b8e\" data-element_type=\"container\" data-e-type=\"container\">\n\t\t\t\t<div class=\"elementor-element elementor-element-hqkdc67p elementor-widget elementor-widget-text-editor\" data-id=\"hqkdc67p\" data-element_type=\"widget\" data-e-type=\"widget\" data-widget_type=\"text-editor.default\">\n\t\t\t\t\t\t\t\t\t<p>Els aspectes m\u00e9s importants de la Legi\u00f3 d&#8217;un cop d&#8217;ull.<\/p>\t\t\t\t\t\t\t\t<\/div>\n\t\t\t\t<\/div>\n\t\t<div class=\"elementor-element elementor-element-pemmx7c5 e-con-full e-flex e-con e-child\" data-id=\"pemmx7c5\" data-element_type=\"container\" data-e-type=\"container\">\n\t\t<div class=\"elementor-element elementor-element-pemmx7c1 e-con-full e-flex e-con e-child\" data-id=\"pemmx7c1\" data-element_type=\"container\" data-e-type=\"container\">\n\t\t<div class=\"elementor-element elementor-element-qh9oavvu iwg-steckbrief-card e-flex e-con-boxed e-con e-child\" data-id=\"qh9oavvu\" data-element_type=\"container\" data-e-type=\"container\">\n\t\t\t\t\t<div class=\"e-con-inner\">\n\t\t\t\t<div class=\"elementor-element elementor-element-awzx8k2k elementor-widget elementor-widget-heading\" data-id=\"awzx8k2k\" data-element_type=\"widget\" data-e-type=\"widget\" data-widget_type=\"heading.default\">\n\t\t\t\t\t<div class=\"elementor-heading-title elementor-size-default\">Tradici\u00f3<\/div>\t\t\t\t<\/div>\n\t\t\t\t<div class=\"elementor-element elementor-element-x6rowhv0 elementor-widget elementor-widget-text-editor\" data-id=\"x6rowhv0\" data-element_type=\"widget\" data-e-type=\"widget\" data-widget_type=\"text-editor.default\">\n\t\t\t\t\t\t\t\t\t<p>No \u00e9s un dimoni individual, sin\u00f3 un col\u00b7lectiu (\u00abperqu\u00e8 som molts\u00bb). El nom \u00abLegi\u00f3\u00bb prov\u00e9 de l&#8217;ex\u00e8rcit rom\u00e0, que arribava a comptar fins a 6.000 soldats.<\/p>\t\t\t\t\t\t\t\t<\/div>\n\t\t\t\t\t<\/div>\n\t\t\t\t<\/div>\n\t\t<div class=\"elementor-element elementor-element-8e3o4kxs iwg-steckbrief-card e-flex e-con-boxed e-con e-child\" data-id=\"8e3o4kxs\" data-element_type=\"container\" data-e-type=\"container\">\n\t\t\t\t\t<div class=\"e-con-inner\">\n\t\t\t\t<div class=\"elementor-element elementor-element-08rkdgov elementor-widget elementor-widget-heading\" data-id=\"08rkdgov\" data-element_type=\"widget\" data-e-type=\"widget\" data-widget_type=\"heading.default\">\n\t\t\t\t\t<div class=\"elementor-heading-title elementor-size-default\">Grup afectat per la Legi\u00f3<\/div>\t\t\t\t<\/div>\n\t\t\t\t<div class=\"elementor-element elementor-element-uwjelx8s elementor-widget elementor-widget-text-editor\" data-id=\"uwjelx8s\" data-element_type=\"widget\" data-e-type=\"widget\" data-widget_type=\"text-editor.default\">\n\t\t\t\t\t\t\t\t\t<p>Persones individuals que esdevenen portadores d&#8217;una possessi\u00f3 m\u00faltiple. En interpretacions psicol\u00f2giques posteriors: estats dissociatius i escissi\u00f3 de la personalitat.<\/p>\t\t\t\t\t\t\t\t<\/div>\n\t\t\t\t\t<\/div>\n\t\t\t\t<\/div>\n\t\t<div class=\"elementor-element elementor-element-jm2n74ec iwg-steckbrief-card e-flex e-con-boxed e-con e-child\" data-id=\"jm2n74ec\" data-element_type=\"container\" data-e-type=\"container\">\n\t\t\t\t\t<div class=\"e-con-inner\">\n\t\t\t\t<div class=\"elementor-element elementor-element-8vufse4c elementor-widget elementor-widget-heading\" data-id=\"8vufse4c\" data-element_type=\"widget\" data-e-type=\"widget\" data-widget_type=\"heading.default\">\n\t\t\t\t\t<div class=\"elementor-heading-title elementor-size-default\">Forma<\/div>\t\t\t\t<\/div>\n\t\t\t\t<div class=\"elementor-element elementor-element-mwb9u015 elementor-widget elementor-widget-text-editor\" data-id=\"mwb9u015\" data-element_type=\"widget\" data-e-type=\"widget\" data-widget_type=\"text-editor.default\">\n\t\t\t\t\t\t\t\t\t<p>No t\u00e9 <span class=\"iwg-fachbegriff\" data-tooltip=\"Disciplina que estudia els continguts de les imatges i el seu significat.\" tabindex=\"0\">iconografia<\/span> pr\u00f2pia; es representa sempre l&#8217;escena: Jes\u00fas, l&#8217;endimoniat, la ramada de porcs precipitant-se al mar.<\/p>\t\t\t\t\t\t\t\t<\/div>\n\t\t\t\t\t<\/div>\n\t\t\t\t<\/div>\n\t\t\t\t<\/div>\n\t\t<div class=\"elementor-element elementor-element-pemmx7c2 e-con-full e-flex e-con e-child\" data-id=\"pemmx7c2\" data-element_type=\"container\" data-e-type=\"container\">\n\t\t<div class=\"elementor-element elementor-element-37ss2yr6 iwg-steckbrief-card e-flex e-con-boxed e-con e-child\" data-id=\"37ss2yr6\" data-element_type=\"container\" data-e-type=\"container\">\n\t\t\t\t\t<div class=\"e-con-inner\">\n\t\t\t\t<div class=\"elementor-element elementor-element-3v0wp3wx elementor-widget elementor-widget-heading\" data-id=\"3v0wp3wx\" data-element_type=\"widget\" data-e-type=\"widget\" data-widget_type=\"heading.default\">\n\t\t\t\t\t<div class=\"elementor-heading-title elementor-size-default\">Funci\u00f3<\/div>\t\t\t\t<\/div>\n\t\t\t\t<div class=\"elementor-element elementor-element-w3247g2m elementor-widget elementor-widget-text-editor\" data-id=\"w3247g2m\" data-element_type=\"widget\" data-e-type=\"widget\" data-widget_type=\"text-editor.default\">\n\t\t\t\t\t\t\t\t\t<p>Provoca un a\u00efllament social i corporal radical: viure entre tombes, autolesi\u00f3, incapacitat de parlar o de dormir.<\/p>\t\t\t\t\t\t\t\t<\/div>\n\t\t\t\t\t<\/div>\n\t\t\t\t<\/div>\n\t\t<div class=\"elementor-element elementor-element-0qpjal9w iwg-steckbrief-card e-flex e-con-boxed e-con e-child\" data-id=\"0qpjal9w\" data-element_type=\"container\" data-e-type=\"container\">\n\t\t\t\t\t<div class=\"e-con-inner\">\n\t\t\t\t<div class=\"elementor-element elementor-element-6ndoih0o elementor-widget elementor-widget-heading\" data-id=\"6ndoih0o\" data-element_type=\"widget\" data-e-type=\"widget\" data-widget_type=\"heading.default\">\n\t\t\t\t\t<div class=\"elementor-heading-title elementor-size-default\">Amulets protectors<\/div>\t\t\t\t<\/div>\n\t\t\t\t<div class=\"elementor-element elementor-element-6684tyh9 elementor-widget elementor-widget-text-editor\" data-id=\"6684tyh9\" data-element_type=\"widget\" data-e-type=\"widget\" data-widget_type=\"text-editor.default\">\n\t\t\t\t\t\t\t\t\t<p>Ordre exorc\u00edstica directa de Jes\u00fas. En la tradici\u00f3 eclesi\u00e0stica, cas model per al ritual d&#8217;exorcisme: invocaci\u00f3, pregunta pel nom, ordre d&#8217;expulsi\u00f3.<\/p>\t\t\t\t\t\t\t\t<\/div>\n\t\t\t\t\t<\/div>\n\t\t\t\t<\/div>\n\t\t<div class=\"elementor-element elementor-element-3lfi7x32 iwg-steckbrief-card e-flex e-con-boxed e-con e-child\" data-id=\"3lfi7x32\" data-element_type=\"container\" data-e-type=\"container\">\n\t\t\t\t\t<div class=\"e-con-inner\">\n\t\t\t\t<div class=\"elementor-element elementor-element-0kg99ga1 elementor-widget elementor-widget-heading\" data-id=\"0kg99ga1\" data-element_type=\"widget\" data-e-type=\"widget\" data-widget_type=\"heading.default\">\n\t\t\t\t\t<div class=\"elementor-heading-title elementor-size-default\">Equivalents<\/div>\t\t\t\t<\/div>\n\t\t\t\t<div class=\"elementor-element elementor-element-n0fum6kp elementor-widget elementor-widget-text-editor\" data-id=\"n0fum6kp\" data-element_type=\"widget\" data-e-type=\"widget\" data-widget_type=\"text-editor.default\">\n\t\t\t\t\t\t\t\t\t<p><a href=\"https:\/\/iwell-guard.com\/ca\/?page_id=171362\">Dybbuk<\/a> (possessi\u00f3 jueva), possessi\u00f3 per jinn (isl\u00e0mica), concepcions budistes de possessi\u00f3, trastorns dissociatius moderns.<\/p>\t\t\t\t\t\t\t\t<\/div>\n\t\t\t\t\t<\/div>\n\t\t\t\t<\/div>\n\t\t\t\t<\/div>\n\t\t\t\t<\/div>\n\t\t\t\t\t<\/div>\n\t\t\t\t<\/div>\n\t\t<div class=\"elementor-element elementor-element-7533bc7a e-flex e-con-boxed e-con e-parent\" data-id=\"7533bc7a\" data-element_type=\"container\" data-e-type=\"container\">\n\t\t\t\t\t<div class=\"e-con-inner\">\n\t\t\t\t<div class=\"elementor-element elementor-element-2447d18d elementor-widget elementor-widget-heading\" data-id=\"2447d18d\" data-element_type=\"widget\" data-e-type=\"widget\" data-widget_type=\"heading.default\">\n\t\t\t\t\t<h2 class=\"elementor-heading-title elementor-size-default\">Recepci\u00f3<\/h2>\t\t\t\t<\/div>\n\t\t<div class=\"elementor-element elementor-element-d5d0260c e-con-full e-flex e-con e-child\" data-id=\"d5d0260c\" data-element_type=\"container\" data-e-type=\"container\">\n\t\t\t\t<div class=\"elementor-element elementor-element-341be2ac elementor-widget elementor-widget-text-editor\" data-id=\"341be2ac\" data-element_type=\"widget\" data-e-type=\"widget\" data-widget_type=\"text-editor.default\">\n\t\t\t\t\t\t\t\t\t<p><strong>Patr\u00edstica i edat mitjana<\/strong><\/p><p>Or\u00edgenes interpreta la Legi\u00f3 al\u00b7leg\u00f2ricament com la multiplicitat dels vicis; Agust\u00ed veu l&#8217;episodi com a prova del poder real de Crist sobre els dimonis. Els exempla medievals utilitzen l&#8217;escena com a cas paradigm\u00e0tic d&#8217;alliberament espiritual.<\/p><p><strong>\u00c8poca moderna<\/strong><\/p><p>La psicoan\u00e0lisi i la psicologia de les profunditats interpreten la Legi\u00f3 com una imatge de la fragmentaci\u00f3 interior. L&#8217;exegesi postcolonial hi veu, en la xifra, el poder d&#8217;ocupaci\u00f3 rom\u00e0. El t\u00edtol de la pel\u00b7l\u00edcula <em>Legion<\/em> (1998) \u00e9s nom\u00e9s un dels molts ressons de la cultura popular.<\/p><p><strong>Pr\u00e0ctica de l&#8217;exorcisme<\/strong><\/p><p>La pregunta \u00abQuin \u00e9s el teu nom?\u00bb (Mc 5,9) encara s&#8217;utilitza avui com a element central en el Rituale Romanum. L&#8217;exig\u00e8ncia del nom es considera un instrument cl\u00e0ssic de reconeixement i expulsi\u00f3 dels dimonis.<\/p>\t\t\t\t\t\t\t\t<\/div>\n\t\t\t\t<\/div>\n\t\t\t\t\t<\/div>\n\t\t\t\t<\/div>\n\t\t<div class=\"elementor-element elementor-element-5a584676 e-flex e-con-boxed e-con e-parent\" data-id=\"5a584676\" data-element_type=\"container\" data-e-type=\"container\">\n\t\t\t\t\t<div class=\"e-con-inner\">\n\t\t\t\t<div class=\"elementor-element elementor-element-6d0757bf elementor-widget elementor-widget-heading\" data-id=\"6d0757bf\" data-element_type=\"widget\" data-e-type=\"widget\" data-widget_type=\"heading.default\">\n\t\t\t\t\t<h2 class=\"elementor-heading-title elementor-size-default\">Paral\u00b7lelismes<\/h2>\t\t\t\t<\/div>\n\t\t<div class=\"elementor-element elementor-element-60563f68 e-con-full e-flex e-con e-child\" data-id=\"60563f68\" data-element_type=\"container\" data-e-type=\"container\">\n\t\t\t\t<div class=\"elementor-element elementor-element-5a93fdd6 elementor-widget elementor-widget-text-editor\" data-id=\"5a93fdd6\" data-element_type=\"widget\" data-e-type=\"widget\" data-widget_type=\"text-editor.default\">\n\t\t\t\t\t\t\t\t\t<p><strong>Tradici\u00f3 jueva<\/strong><\/p><p>El <a href=\"https:\/\/iwell-guard.com\/ca\/?page_id=171362\">dybbuk<\/a> com a esperit de possessi\u00f3 \u00e9s el paral\u00b7lelisme estructural m\u00e9s proper. Ambdues tradicions coneixen la pregunta pel nom com a instrument central de l&#8217;<span class=\"iwg-fachbegriff\" data-tooltip=\"Expulsi\u00f3 ritual d'un esperit o dimoni considerat perjudicial.\" tabindex=\"0\">exorcisme<\/span>.<\/p><p><strong>Tradici\u00f3 isl\u00e0mica:<\/strong> possessi\u00f3 per jinn, amb la ruqya com a ritual d&#8217;expulsi\u00f3. Paral\u00b7lela funcionalment, per\u00f2 teol\u00f2gicament aut\u00f2noma.<\/p><p><strong>Interpretacions seculars:<\/strong> el trastorn dissociatiu de la identitat (\u00abpersonalitat m\u00faltiple\u00bb) de la psiquiatria moderna n&#8217;\u00e9s la successora secular. La idea b\u00e0sica d&#8217;una pluralitat interior es mant\u00e9.<\/p><div><p><strong>Estudi comparat de les <span class=\"iwg-fachbegriff\" data-tooltip=\"La disciplina que investiga les religions de manera comparativa i sense vinculaci\u00f3 confessional.\" tabindex=\"0\">ci\u00e8ncies de les religions<\/span><\/strong><\/p><p><span data-nosnippet>Estan estructuralment emparentades la tradici\u00f3 jueva del dybbuk (elaborada cabal\u00edsticament a partir del segle XVI, amb l&#8217;obra de refer\u00e8ncia de <span class=\"iwg-fachbegriff\" tabindex=\"0\" data-tooltip=\"Historiador de les religions israeli\u00e0 (1897\u20131982); fundador de la investigaci\u00f3 moderna de la cabala.\">Gershom Scholem<\/span>, <em>\u00dcber einige Grundbegriffe des Judentums<\/em>, 1970) i la tradici\u00f3 isl\u00e0mica de la possessi\u00f3 per jinn. Ambdues coneixen el fenomen de la possessi\u00f3 m\u00faltiple, sense utilitzar el concepte espec\u00edfic de la Legi\u00f3.<\/span><\/p><p>La tradici\u00f3 haitiana del vod\u00fa coneix el fenomen de la \u00abmuntada\u00bb (mont\u00e9) per part de diversos Lwa successivament. La tradici\u00f3 afrobrasilera del candombl\u00e9 coneix, de manera an\u00e0loga, la possessi\u00f3 per diferents Orix\u00e1. En el quadre global de la hist\u00f2ria de les religions, el fenomen de la possessi\u00f3 m\u00faltiple est\u00e0 documentat en pr\u00e0cticament totes les cultures desenvolupades, amb la seva pr\u00f2pia terminologia i el seu propi tractament ritual. El relat evang\u00e8lic cristi\u00e0 de la Legi\u00f3 \u00e9s nom\u00e9s un cas particular dins d&#8217;un ampli espectre fenomenol\u00f2gic religi\u00f3s.<\/p><\/div>\t\t\t\t\t\t\t\t<\/div>\n\t\t\t\t<\/div>\n\t\t\t\t\t<\/div>\n\t\t\t\t<\/div>\n\t\t<div class=\"elementor-element elementor-element-cp66b8cee e-flex e-con-boxed e-con e-parent\" data-id=\"cp66b8cee\" data-element_type=\"container\" data-e-type=\"container\">\n\t\t\t\t\t<div class=\"e-con-inner\">\n\t\t\t\t<div class=\"elementor-element elementor-element-cp7f10273 elementor-widget elementor-widget-heading\" data-id=\"cp7f10273\" data-element_type=\"widget\" data-e-type=\"widget\" data-widget_type=\"heading.default\">\n\t\t\t\t\t<h2 class=\"elementor-heading-title elementor-size-default\">L'endimoniat de Gerasa amb detall<\/h2>\t\t\t\t<\/div>\n\t\t<div class=\"elementor-element elementor-element-cp15be3db e-con-full e-flex e-con e-child\" data-id=\"cp15be3db\" data-element_type=\"container\" data-e-type=\"container\">\n\t\t\t\t<div class=\"elementor-element elementor-element-cpf697bcc elementor-widget elementor-widget-text-editor\" data-id=\"cpf697bcc\" data-element_type=\"widget\" data-e-type=\"widget\" data-widget_type=\"text-editor.default\">\n\t\t\t\t\t\t\t\t\t<p>L&#8217;\u00fanic passatge del Nou Testament on apareix el nom Legi\u00f3 \u00e9s el relat del posse\u00eft a la regi\u00f3 dels gerasens.<\/p><p>Es troba a <em>Marc<\/em> 5,1-20, en una forma m\u00e9s breu a <em>Lluc<\/em> 8,26-39 i molt abreujat a <em>Mateu<\/em> 8,28-34, on s\u00f3n dos els posse\u00efts. Marc n&#8217;ofereix la versi\u00f3 m\u00e9s detallada i la majoria de l&#8217;exegesi la considera la m\u00e9s antiga.<\/p><p>Marc descriu l&#8217;home com alg\u00fa que viu entre les coves sepulcrals, que cap cadena pot subjectar i que s&#8217;autolesiona amb pedres dia i nit. Quan Jes\u00fas li pregunta el nom, l&#8217;<span class=\"iwg-fachbegriff\" data-tooltip=\"Un \u00e9sser incorpori al qual s'atribueix acci\u00f3 en el m\u00f3n.\" tabindex=\"0\">esperit<\/span> impur respon: El meu nom \u00e9s Legi\u00f3, perqu\u00e8 som molts.<\/p><p>L&#8217;<span class=\"iwg-fachbegriff\" data-tooltip=\"Un \u00e9sser incorpori al qual s'atribueix acci\u00f3 en el m\u00f3n.\" tabindex=\"0\">esperit<\/span> demana no ser expulsat de la regi\u00f3, sin\u00f3 poder entrar en un ramat de porcs. Jes\u00fas ho permet, i els aproximadament dos mil porcs es precipiten pel pendent cap al mar i s&#8217;ofeguen. L&#8217;home guarit queda despr\u00e9s assegut, vestit i en el seu seny, als peus de Jes\u00fas.<\/p><p>La tria de paraules \u00e9s significativa. <em>Legi\u00f3<\/em> no \u00e9s un terme hebreu ni aramaic, sin\u00f3 el pr\u00e9stec llat\u00ed per a la unitat m\u00e9s gran de l&#8217;ex\u00e8rcit rom\u00e0, formada per diversos milers d&#8217;homes. El nombre de porcs correspon aproximadament a l&#8217;efectiu d&#8217;una legi\u00f3.<\/p><p>Molts exegetes, com els de la tradici\u00f3 de Gerd Thei\u00dfen, interpreten aquest llenguatge com una al\u00b7lusi\u00f3 deliberada al poder ocupant rom\u00e0. El relat adquireix aix\u00ed, a m\u00e9s de la dimensi\u00f3 de curaci\u00f3, una connotaci\u00f3 pol\u00edtica, tot i que el text no ho fa expl\u00edcit.<\/p>\t\t\t\t\t\t\t\t<\/div>\n\t\t\t\t<\/div>\n\t\t\t\t\t<\/div>\n\t\t\t\t<\/div>\n\t\t<div class=\"elementor-element elementor-element-cp3467d26 e-flex e-con-boxed e-con e-parent\" data-id=\"cp3467d26\" data-element_type=\"container\" data-e-type=\"container\">\n\t\t\t\t\t<div class=\"e-con-inner\">\n\t\t\t\t<div class=\"elementor-element elementor-element-cp9237c3c elementor-widget elementor-widget-heading\" data-id=\"cp9237c3c\" data-element_type=\"widget\" data-e-type=\"widget\" data-widget_type=\"heading.default\">\n\t\t\t\t\t<h2 class=\"elementor-heading-title elementor-size-default\">Legi\u00f3 com a pluralitat: teologia i hist\u00f2ria de la interpretaci\u00f3<\/h2>\t\t\t\t<\/div>\n\t\t<div class=\"elementor-element elementor-element-cpd98ca11 e-con-full e-flex e-con e-child\" data-id=\"cpd98ca11\" data-element_type=\"container\" data-e-type=\"container\">\n\t\t\t\t<div class=\"elementor-element elementor-element-cp9269ef5 elementor-widget elementor-widget-text-editor\" data-id=\"cp9269ef5\" data-element_type=\"widget\" data-e-type=\"widget\" data-widget_type=\"text-editor.default\">\n\t\t\t\t\t\t\t\t\t<p>Legi\u00f3, en sentit estricte, no \u00e9s el nom propi d&#8217;un \u00fanic dimoni, sin\u00f3 l&#8217;autodenominaci\u00f3 d&#8217;una pluralitat. Aix\u00f2 ha ocupat la hist\u00f2ria de la interpretaci\u00f3 des del principi.<\/p><p>Els pares de l&#8217;Esgl\u00e9sia, entre ells Or\u00edgenes i m\u00e9s tard Agust\u00ed, van interpretar la multiplicitat d&#8217;esperits com a expressi\u00f3 de la fragmentaci\u00f3 interior de l&#8217;\u00e9sser hum\u00e0, dominat pel pecat no per un sol poder, sin\u00f3 per innombrables.<\/p><p>La curaci\u00f3 esdev\u00e9 aix\u00ed la imatge de la restauraci\u00f3 d&#8217;una persona unificada i ordenada per D\u00e9u, cosa que el text recolza amb el detall del seny recuperat.<\/p><p><span data-nosnippet>En la demonologia medieval i moderna, Legi\u00f3 va ser ocasionalment interpretat com un pr\u00edncep infernal concret, per\u00f2 aquesta \u00e9s una evoluci\u00f3 posterior, contr\u00e0ria al sentit literal del passatge b\u00edblic. Els grans cat\u00e0legs demon\u00edacs de l&#8217;\u00e8poca moderna, com la <em>Pseudomonarchia daemonum<\/em> de Johann Weyer de 1577, no presenten Legi\u00f3 com un <span class=\"iwg-fachbegriff\" data-tooltip=\"Un \u00e9sser incorpori al qual s'atribueix acci\u00f3 en el m\u00f3n.\" tabindex=\"0\">esperit<\/span> individual, perqu\u00e8 el mateix nom designa la pluralitat.<\/span><\/p><p>L&#8217;exegesi hist\u00f2rico-cr\u00edtica del segle XX ha despla\u00e7at l&#8217;accent. S&#8217;interessa menys per la identitat del dimoni que per la funci\u00f3 del relat dins la comunitat cristiana primitiva.<\/p><p>Es discuteixen la dificultat geogr\u00e0fica que Gerasa es troba lluny del llac, el paper dels porcs com a animals impurs per als jueus i si l&#8217;episodi codifica una esperan\u00e7a antiromana d&#8217;alliberament.<\/p><p>Aquests debats no estan tancats. Cal retenir que Legi\u00f3, dins la B\u00edblia mateixa, no \u00e9s un \u00e9sser aut\u00f2nom amb biografia pr\u00f2pia, sin\u00f3 una xifra per a un poder aclaparador i multiplicat.<\/p>\t\t\t\t\t\t\t\t<\/div>\n\t\t\t\t<\/div>\n\t\t\t\t\t<\/div>\n\t\t\t\t<\/div>\n\t\t<div class=\"elementor-element elementor-element-cp2b460b3 e-flex e-con-boxed e-con e-parent\" data-id=\"cp2b460b3\" data-element_type=\"container\" data-e-type=\"container\">\n\t\t\t\t\t<div class=\"e-con-inner\">\n\t\t\t\t<div class=\"elementor-element elementor-element-cpd1dd0d6 elementor-widget elementor-widget-heading\" data-id=\"cpd1dd0d6\" data-element_type=\"widget\" data-e-type=\"widget\" data-widget_type=\"heading.default\">\n\t\t\t\t\t<h2 class=\"elementor-heading-title elementor-size-default\">Porcs, coves sepulcrals i terra impura<\/h2>\t\t\t\t<\/div>\n\t\t<div class=\"elementor-element elementor-element-cp95352cb e-con-full e-flex e-con e-child\" data-id=\"cp95352cb\" data-element_type=\"container\" data-e-type=\"container\">\n\t\t\t\t<div class=\"elementor-element elementor-element-cp08853ad elementor-widget elementor-widget-text-editor\" data-id=\"cp08853ad\" data-element_type=\"widget\" data-e-type=\"widget\" data-widget_type=\"text-editor.default\">\n\t\t\t\t\t\t\t\t\t<p>El relat de Legi\u00f3 est\u00e0 farcit de motius d&#8217;impuresa ritual, i aix\u00f2 no \u00e9s casualitat. El posse\u00eft viu entre les coves sepulcrals, \u00e9s a dir, en un lloc que, segons la concepci\u00f3 jueva de la puresa, transmet impuresa.<\/p><p>Es troba a la banda oriental del llac, en un territori de majoria no jueva, l&#8217;anomenada Dec\u00e0polis. I els esperits entren en un ramat de porcs, animals considerats impurs pels jueus i que en un entorn jueu ni tan sols s&#8217;haurien criat.<\/p><p>Aquesta acumulaci\u00f3 indica al lector antic que l&#8217;escena t\u00e9 lloc en un espai d&#8217;impuresa extrema, m\u00e9s enll\u00e0 del m\u00f3n ordenat i pur. L&#8217;exegesi hi veu un recurs narratiu deliberat.<\/p><p>Jes\u00fas travessa aqu\u00ed diverses fronteres alhora: la frontera geogr\u00e0fica del llac, la frontera \u00e8tnica cap a terra pagana, la frontera ritual cap a l&#8217;impur. Aix\u00ed, els estudiosos de Marc donen a la curaci\u00f3 un significat afegit: es converteix en signe que el poder del Regne de D\u00e9u s&#8217;est\u00e9n tamb\u00e9 m\u00e9s enll\u00e0 dels l\u00edmits d&#8217;Israel.<\/p><p>El final \u00e9s notable. Mentre que en molts relats de Marc Jes\u00fas imposa silenci, aqu\u00ed demana expressament al gerasenc guarit que anunci\u00ef a la seva ciutat el que ha passat. L&#8217;antic posse\u00eft per Legi\u00f3 es converteix aix\u00ed en el primer predicador en territori pag\u00e0.<\/p><p>Tamb\u00e9 el comportament dels habitants, que demanen a Jes\u00fas que se&#8217;n vagi per por, forma part de la intenci\u00f3 narrativa. L&#8217;episodi no \u00e9s un simple relat d&#8217;exorcisme, sin\u00f3 una escena teol\u00f2gicament composta sobre la puresa, la frontera i l&#8217;abast del poder div\u00ed.<\/p>\t\t\t\t\t\t\t\t<\/div>\n\t\t\t\t<\/div>\n\t\t\t\t\t<\/div>\n\t\t\t\t<\/div>\n\t\t<div class=\"elementor-element elementor-element-36dd7469 e-flex e-con-boxed e-con e-parent\" data-id=\"36dd7469\" data-element_type=\"container\" data-e-type=\"container\">\n\t\t\t\t\t<div class=\"e-con-inner\">\n\t\t\t\t<div class=\"elementor-element elementor-element-13760ab4 elementor-widget elementor-widget-heading\" data-id=\"13760ab4\" data-element_type=\"widget\" data-e-type=\"widget\" data-widget_type=\"heading.default\">\n\t\t\t\t\t<div class=\"elementor-heading-title elementor-size-default\">Enlla\u00e7os relacionats<\/div>\t\t\t\t<\/div>\n\t\t<div class=\"elementor-element elementor-element-28c87796 e-con-full e-flex e-con e-child\" data-id=\"28c87796\" data-element_type=\"container\" data-e-type=\"container\">\n\t\t\t\t<div class=\"elementor-element elementor-element-5d6538df elementor-widget elementor-widget-text-editor\" data-id=\"5d6538df\" data-element_type=\"widget\" data-e-type=\"widget\" data-widget_type=\"text-editor.default\">\n\t\t\t\t\t\t\t\t\t<p>Enlla\u00e7os interns recomanats:<\/p><ul><li><a href=\"https:\/\/iwell-guard.com\/ca\/?page_id=171364\">Cristianisme<\/a><\/li><li><a href=\"https:\/\/iwell-guard.com\/ca\/?page_id=171368\">Satan<\/a>, <a href=\"https:\/\/iwell-guard.com\/ca\/?page_id=171370\">Llucifer<\/a>, <a href=\"https:\/\/iwell-guard.com\/ca\/?page_id=171372\">Belzeb\u00fa<\/a>, <a href=\"https:\/\/iwell-guard.com\/ca\/?page_id=171371\">Leviatan<\/a><\/li><li><a href=\"https:\/\/iwell-guard.com\/ca\/?page_id=171362\">Dybbuk<\/a> (paral\u00b7lel de possessi\u00f3)<\/li><li><span class=\"iwg-fachbegriff\" data-tooltip=\"Expulsi\u00f3 ritual d'un esperit o dimoni considerat perjudicial.\" tabindex=\"0\">Exorcisme<\/span> i Rituale Romanum<\/li><li>Trastorns dissociatius (interpretaci\u00f3 psicol\u00f2gica)<\/li><\/ul>\t\t\t\t\t\t\t\t<\/div>\n\t\t\t\t<\/div>\n\t\t\t\t\t<\/div>\n\t\t\t\t<\/div>\n\t\t<div class=\"elementor-element elementor-element-grl4kl40 e-flex e-con-boxed e-con e-parent\" data-id=\"grl4kl40\" data-element_type=\"container\" data-e-type=\"container\">\n\t\t\t\t\t<div class=\"e-con-inner\">\n\t\t\t\t<div class=\"elementor-element elementor-element-bzsbfrmh elementor-widget elementor-widget-heading\" data-id=\"bzsbfrmh\" data-element_type=\"widget\" data-e-type=\"widget\" data-widget_type=\"heading.default\">\n\t\t\t\t\t<h2 class=\"elementor-heading-title elementor-size-default\">Bibliografia de recerca<\/h2>\t\t\t\t<\/div>\n\t\t<div class=\"elementor-element elementor-element-2c13224a e-con-full e-flex e-con e-child\" data-id=\"2c13224a\" data-element_type=\"container\" data-e-type=\"container\">\n\t\t\t\t<div class=\"elementor-element elementor-element-0eymh9ub elementor-widget elementor-widget-text-editor\" data-id=\"0eymh9ub\" data-element_type=\"widget\" data-e-type=\"widget\" data-widget_type=\"text-editor.default\">\n\t\t\t\t\t\t\t\t\t<footer class=\"iwg-literatur\"><p>Una selecci\u00f3 de treballs centrals sobre Legi\u00f3 i sobre la concepci\u00f3 neotestament\u00e0ria de la possessi\u00f3:<\/p><ul><li><span data-nosnippet>Pesch, Rudolf: <em>Der Besessene von Gerasa<\/em>. Stuttgart 1972.<\/span><\/li><li><span data-nosnippet>Twelftree, Graham H.: <em>In the Name of Jesus. Exorcism among Early Christians<\/em>. Grand Rapids 2007.<\/span><\/li><li><span data-nosnippet>Ferguson, Everett: <em>Demonology of the Early Christian World<\/em>. Lewiston 1984.<\/span><\/li><li><span data-nosnippet>Horsley, Richard A.: <em>Jesus and Empire<\/em>. Minneapolis 2003 (interpretaci\u00f3 postcolonial).<\/span><\/li><li><span data-nosnippet>Sorensen, Eric: <em>Possession and Exorcism in the New Testament and Early Christianity<\/em>. T\u00fcbingen 2002.<\/span><\/li><\/ul><div data-nosnippet=\"true\" class=\"iwg-litliste\"><p><strong>Bibliografia est\u00e0ndard (cristianisme):<\/strong><\/p><ul><li><span data-nosnippet><strong>Markschies, Christoph<\/strong>: <em>Das <span class=\"iwg-fachbegriff\" data-tooltip=\"\u00c8poca de la cultura grega i romana, aproximadament del 800 a.C. al 600 d.C.\" tabindex=\"0\">antike<\/span> Christentum. <span class=\"iwg-fachbegriff\" data-tooltip=\"L'actitud i la pr\u00e0ctica religiosa viscuda per una persona.\" tabindex=\"0\">Fr\u00f6mmigkeit<\/span>, Lebensformen, Institutionen. Beck, M\u00fcnchen 2006.<\/em><\/span><\/li><\/ul><\/div><\/footer>\n<p class=\"iwg-bib-more\"><span data-nosnippet>M\u00e9s obres de refer\u00e8ncia al <a href=\"https:\/\/iwell-guard.com\/ca\/?page_id=171483\">\u00cdndex bibliogr\u00e0fic<\/a>.<\/span><\/p>\t\t\t\t\t\t\t\t<\/div>\n\t\t\t\t<\/div>\n\t\t\t\t\t<\/div>\n\t\t\t\t<\/div>\n\t\t<div class=\"elementor-element elementor-element-iwgca-legion-sec e-flex e-con-boxed e-con e-parent\" data-id=\"iwgca-legion-sec\" data-element_type=\"container\" data-e-type=\"container\" id=\"iwg-ca-legion\">\n\t\t\t\t\t<div class=\"e-con-inner\">\n\t\t\t\t<div class=\"elementor-element elementor-element-iwgca-legion-te iwg-ca-textwrap elementor-widget elementor-widget-text-editor\" data-id=\"iwgca-legion-te\" data-element_type=\"widget\" data-e-type=\"widget\" data-widget_type=\"text-editor.default\">\n\t\t\t\t\t\t\t\t\t<div data-nosnippet=\"true\"><p class=\"iwg-ca-bridge\">La pr\u00e0ctica de protecci\u00f3 descrita aqu\u00ed \u00e9s una classificaci\u00f3 de tradicions hist\u00f2riques des de la perspectiva de la ci\u00e8ncia de les religions. iWell Guard s&#8217;inspira en aquesta l\u00ednia cultural i hist\u00f2rica d&#8217;objectes de protecci\u00f3 portables i n&#8217;\u00e9s una forma contempor\u00e0nia. <a href=\"\/ueber-iwell-guard\/?utm_source=iwell-guard.com&#038;utm_medium=text-link&#038;utm_campaign=schadwesen-tradition\">M\u00e9s informaci\u00f3 sobre l&#8217;iWell Guard \u2192<\/a><\/p><\/div>\t\t\t\t\t\t\t\t<\/div>\n\t\t\t\t\t<\/div>\n\t\t\t\t<\/div>\n\t\t<div class=\"elementor-element elementor-element-61be43b e-con-boxed e-flex e-con e-parent\" data-id=\"61be43b\" data-element_type=\"container\" data-e-type=\"container\">\n\t\t\t\t\t<div class=\"e-con-inner\">\n\t\t\t\t<div class=\"elementor-element elementor-element-7f86082 elementor-widget elementor-widget-text-editor\" data-id=\"7f86082\" data-element_type=\"widget\" data-e-type=\"widget\" data-widget_type=\"text-editor.default\">\n\t\t\t\t\t\t\t\t\t\n<h2>Preguntes freq\u00fcents sobre Legi\u00f3<\/h2>\n<div class=\"iwg-faq-q\"><h3>Qui o qu\u00e8 \u00e9s Legi\u00f3 al Nou Testament?<\/h3><p>Legi\u00f3 \u00e9s, a l&#8217;Evangeli de Marc (5,9), el nom d&#8217;un dimoni o d&#8217;un grup de dimonis que posseeix un home a Gerasa. Quan Jes\u00fas li pregunta el seu nom, el <span class=\"iwg-fachbegriff\" data-tooltip=\"\u00c9sser espiritual al qual s'atribueix un efecte nociu o ambivalent.\" tabindex=\"0\">dimoni<\/span> respon: Legi\u00f3, perqu\u00e8 som molts.<\/p><p>Una legi\u00f3 romana comptava amb uns 6000 soldats, de manera que el nom subratlla la naturalesa col\u00b7lectiva de la possessi\u00f3. Jes\u00fas expulsa els dimonis i els envia a un ramat de porcs, que es precipita al llac.<\/p><\/div>\n<div class=\"iwg-faq-q\"><h3>Com s&#8217;interpreta Legi\u00f3 en la demonologia moderna i la cultura popular?<\/h3><p>En la <span class=\"iwg-fachbegriff\" data-tooltip=\"La disciplina cient\u00edfica que estudia D\u00e9u i la fe d'una religi\u00f3.\" tabindex=\"0\">teologia<\/span> moderna, Legi\u00f3 es llegeix sovint com una imatge de la multiplicitat ps\u00edquica, l&#8217;addicci\u00f3 o la possessi\u00f3 col\u00b7lectiva, no necess\u00e0riament en sentit literal.<\/p><p>En la cultura popular (pel\u00b7l\u00edcules de terror, can\u00e7ons de heavy metal), Legi\u00f3 \u00e9s un nom molt utilitzat per a dimonis col\u00b7lectius poderosos, perqu\u00e8 el vers b\u00edblic ofereix una figura antagonista col\u00b7lectiva molt clara. Des del punt de vista teol\u00f2gic, \u00e9s important remarcar que la hist\u00f2ria del posse\u00eft de Gerasa mostra sobretot el poder de Jes\u00fas, no el poder del dimoni.<\/p><\/div>\n<script type=\"application\/ld+json\">{\"@context\":\"https:\/\/schema.org\",\"@type\":\"FAQPage\",\"mainEntity\":[{\"@type\":\"Question\",\"name\":\"Qui o qu\u00e8 \u00e9s Legi\u00f3 al Nou Testament?\",\"acceptedAnswer\":{\"@type\":\"Answer\",\"text\":\"Legi\u00f3 \u00e9s, a l'Evangeli de Marc (5,9), el nom d'un dimoni o d'un grup de dimonis que posseeix un home a Gerasa. Quan Jes\u00fas li pregunta el seu nom, el dimoni respon: Legi\u00f3, perqu\u00e8 som molts.Una legi\u00f3 romana comptava amb uns 6000 soldats, de manera que el nom subratlla la naturalesa col\u00b7lectiva de la possessi\u00f3. Jes\u00fas expulsa els dimonis i els envia a un ramat de porcs, que es precipita al llac.\"}},{\"@type\":\"Question\",\"name\":\"Com s'interpreta Legi\u00f3 en la demonologia moderna i la cultura popular?\",\"acceptedAnswer\":{\"@type\":\"Answer\",\"text\":\"En la teologia moderna, Legi\u00f3 es llegeix sovint com una imatge de la multiplicitat ps\u00edquica, l'addicci\u00f3 o la possessi\u00f3 col\u00b7lectiva, no necess\u00e0riament en sentit literal.En la cultura popular (pel\u00b7l\u00edcules de terror, can\u00e7ons de heavy metal), Legi\u00f3 \u00e9s un nom molt utilitzat per a dimonis col\u00b7lectius poderosos, perqu\u00e8 el vers b\u00edblic ofereix una figura antagonista col\u00b7lectiva molt clara. Des del punt de vista teol\u00f2gic, \u00e9s important remarcar que la hist\u00f2ria del posse\u00eft de Gerasa mostra sobretot el poder de Jes\u00fas, no el poder del dimoni.\"}}]}<\/script>\t\t\t\t\t\t\t\t<\/div>\n\t\t\t\t\t<\/div>\n\t\t\t\t<\/div>\n\t\t\t\t<\/div>\n\t\t","protected":false},"excerpt":{"rendered":"","protected":false},"author":3,"featured_media":1562,"parent":0,"menu_order":0,"comment_status":"closed","ping_status":"closed","template":"elementor_header_footer","meta":{"_yoast_wpseo_focuskw":"Legi\u00f3 posse\u00eft de Gerasa","_yoast_wpseo_title":"Legi\u00f3 \u2013 Possessi\u00f3 i dimonis col\u00b7lectius","_yoast_wpseo_metadesc":"Legi\u00f3 designa el grup de dimonis col\u00b7lectiu del relat del posse\u00eft de Gerasa (Mc 5,1\u201320). Una multitud en una sola persona.","_yoast_wpseo_meta-robots-noindex":"","_yoast_wpseo_canonical":"","_angie_page":false,"gefaehrdungsstufe":"5","wesen_kultur":"christentum","wesen_klasse":"daemonen","footnotes":""},"categories":[],"class_list":["post-171373","page","type-page","status-publish","has-post-thumbnail","hentry"],"yoast_head":"<!-- This site is optimized with the Yoast SEO Premium plugin v27.7 (Yoast SEO v28.3) - https:\/\/yoast.com\/product\/yoast-seo-premium-wordpress\/ -->\n<title>Legi\u00f3 \u2013 Possessi\u00f3 i dimonis col\u00b7lectius<\/title>\n<meta name=\"description\" content=\"Legi\u00f3 designa el grup de dimonis col\u00b7lectiu del relat del posse\u00eft de Gerasa (Mc 5,1\u201320). Una multitud en una sola persona.\" \/>\n<meta name=\"robots\" content=\"index, follow, max-snippet:-1, max-image-preview:large, max-video-preview:-1\" \/>\n<link rel=\"canonical\" href=\"https:\/\/iwell-guard.com\/ca\/legio-possessio-i-dimonis-col-lectius\/\" \/>\n<meta property=\"og:locale\" content=\"ca_ES\" \/>\n<meta property=\"og:type\" content=\"article\" \/>\n<meta property=\"og:title\" content=\"Legi\u00f3 \u2013 Possessi\u00f3 i dimonis col\u00b7lectius\" \/>\n<meta property=\"og:description\" content=\"Legi\u00f3 designa el grup de dimonis col\u00b7lectiu del relat del posse\u00eft de Gerasa (Mc 5,1\u201320). Una multitud en una sola persona.\" \/>\n<meta property=\"og:url\" content=\"https:\/\/iwell-guard.com\/ca\/legio-possessio-i-dimonis-col-lectius\/\" \/>\n<meta property=\"og:site_name\" content=\"iWell Guard\" \/>\n<meta property=\"article:modified_time\" content=\"2026-09-05T15:56:06+00:00\" \/>\n<meta property=\"og:image\" content=\"https:\/\/iwell-guard.com\/wp-content\/uploads\/2026\/04\/daemonen_christentum_legion.webp\" \/>\n\t<meta property=\"og:image:width\" content=\"1024\" \/>\n\t<meta property=\"og:image:height\" content=\"1536\" \/>\n\t<meta property=\"og:image:type\" content=\"image\/webp\" \/>\n<meta name=\"twitter:card\" content=\"summary_large_image\" \/>\n<script type=\"application\/ld+json\" class=\"yoast-schema-graph\">{\"@context\":\"https:\\\/\\\/schema.org\",\"@graph\":[{\"@type\":\"WebPage\",\"@id\":\"https:\\\/\\\/iwell-guard.com\\\/ca\\\/legio-possessio-i-dimonis-col-lectius\\\/\",\"url\":\"https:\\\/\\\/iwell-guard.com\\\/ca\\\/legio-possessio-i-dimonis-col-lectius\\\/\",\"name\":\"Legi\u00f3 \u2013 Possessi\u00f3 i dimonis col\u00b7lectius\",\"isPartOf\":{\"@id\":\"https:\\\/\\\/iwell-guard.com\\\/ca\\\/#website\"},\"primaryImageOfPage\":{\"@id\":\"https:\\\/\\\/iwell-guard.com\\\/ca\\\/legio-possessio-i-dimonis-col-lectius\\\/#primaryimage\"},\"image\":{\"@id\":\"https:\\\/\\\/iwell-guard.com\\\/ca\\\/legio-possessio-i-dimonis-col-lectius\\\/#primaryimage\"},\"thumbnailUrl\":\"https:\\\/\\\/iwell-guard.com\\\/wp-content\\\/uploads\\\/2026\\\/04\\\/daemonen_christentum_legion.webp\",\"datePublished\":\"2026-09-05T15:38:51+00:00\",\"dateModified\":\"2026-09-05T15:56:06+00:00\",\"description\":\"Legi\u00f3 designa el grup de dimonis col\u00b7lectiu del relat del posse\u00eft de Gerasa (Mc 5,1\u201320). Una multitud en una sola persona.\",\"breadcrumb\":{\"@id\":\"https:\\\/\\\/iwell-guard.com\\\/ca\\\/legio-possessio-i-dimonis-col-lectius\\\/#breadcrumb\"},\"inLanguage\":\"ca\",\"potentialAction\":[{\"@type\":\"ReadAction\",\"target\":[\"https:\\\/\\\/iwell-guard.com\\\/ca\\\/legio-possessio-i-dimonis-col-lectius\\\/\"]}]},{\"@type\":\"ImageObject\",\"inLanguage\":\"ca\",\"@id\":\"https:\\\/\\\/iwell-guard.com\\\/ca\\\/legio-possessio-i-dimonis-col-lectius\\\/#primaryimage\",\"url\":\"https:\\\/\\\/iwell-guard.com\\\/wp-content\\\/uploads\\\/2026\\\/04\\\/daemonen_christentum_legion.webp\",\"contentUrl\":\"https:\\\/\\\/iwell-guard.com\\\/wp-content\\\/uploads\\\/2026\\\/04\\\/daemonen_christentum_legion.webp\",\"width\":1024,\"height\":1536,\"caption\":\"Dimonis de la tradici\u00f3 del Cristianisme.\"},{\"@type\":\"BreadcrumbList\",\"@id\":\"https:\\\/\\\/iwell-guard.com\\\/ca\\\/legio-possessio-i-dimonis-col-lectius\\\/#breadcrumb\",\"itemListElement\":[{\"@type\":\"ListItem\",\"position\":1,\"name\":\"Start\",\"item\":\"https:\\\/\\\/iwell-guard.com\\\/ca\\\/?page_id=171333\"},{\"@type\":\"ListItem\",\"position\":2,\"name\":\"Legi\u00f3 \u2013 Possessi\u00f3 i dimonis col\u00b7lectius\"}]},{\"@type\":\"WebSite\",\"@id\":\"https:\\\/\\\/iwell-guard.com\\\/ca\\\/#website\",\"url\":\"https:\\\/\\\/iwell-guard.com\\\/ca\\\/\",\"name\":\"iWell Guard\",\"description\":\"Schutz vor dunklen Einfl\u00fcssen\",\"publisher\":{\"@id\":\"https:\\\/\\\/iwell-guard.com\\\/ca\\\/#organization\"},\"potentialAction\":[{\"@type\":\"SearchAction\",\"target\":{\"@type\":\"EntryPoint\",\"urlTemplate\":\"https:\\\/\\\/iwell-guard.com\\\/ca\\\/?s={search_term_string}\"},\"query-input\":{\"@type\":\"PropertyValueSpecification\",\"valueRequired\":true,\"valueName\":\"search_term_string\"}}],\"inLanguage\":\"ca\"},{\"@type\":\"Organization\",\"@id\":\"https:\\\/\\\/iwell-guard.com\\\/ca\\\/#organization\",\"name\":\"Ittermann electronic GmbH\",\"url\":\"https:\\\/\\\/iwell-guard.com\\\/ca\\\/\",\"logo\":{\"@type\":\"ImageObject\",\"inLanguage\":\"ca\",\"@id\":\"https:\\\/\\\/iwell-guard.com\\\/ca\\\/#\\\/schema\\\/logo\\\/image\\\/\",\"url\":\"https:\\\/\\\/iwell-guard.com\\\/wp-content\\\/uploads\\\/2026\\\/05\\\/Ittermann-Logo-1182x237-1.png\",\"contentUrl\":\"https:\\\/\\\/iwell-guard.com\\\/wp-content\\\/uploads\\\/2026\\\/05\\\/Ittermann-Logo-1182x237-1.png\",\"width\":1182,\"height\":237,\"caption\":\"Ittermann electronic GmbH\"},\"image\":{\"@id\":\"https:\\\/\\\/iwell-guard.com\\\/ca\\\/#\\\/schema\\\/logo\\\/image\\\/\"},\"sameAs\":[\"https:\\\/\\\/pantip.com\\\/profile\\\/9367242\",\"https:\\\/\\\/micro.blog\\\/iwellguard\",\"https:\\\/\\\/www.diggerslist.com\\\/iwellguard\\\/about\",\"https:\\\/\\\/skitterphoto.com\\\/photographers\\\/2870314\\\/iwell-guard\",\"https:\\\/\\\/iwellguard.wordpress.com\\\/2026\\\/06\\\/06\\\/iwell-guard\\\/\",\"https:\\\/\\\/hub.docker.com\\\/u\\\/iwellguard\",\"https:\\\/\\\/www.pinterest.com\\\/iwellguard\\\/\",\"https:\\\/\\\/bit.ly\\\/m\\\/iwellguard\",\"https:\\\/\\\/entre-vos-mains.alsace.eu\\\/profiles\\\/iwellguard\\\/activity\",\"https:\\\/\\\/gravatar.com\\\/reallybeded8fd34\",\"https:\\\/\\\/naijamatta.com\\\/iwellguard\",\"https:\\\/\\\/www.goodreads.com\\\/iwellguard\",\"https:\\\/\\\/profile.hatena.ne.jp\\\/iwellguard\\\/\",\"https:\\\/\\\/experiment.com\\\/users\\\/iwellguard\",\"https:\\\/\\\/wakelet.com\\\/@iWellGuard82270\",\"https:\\\/\\\/www.chordie.com\\\/forum\\\/profile.php?id=2555664\",\"https:\\\/\\\/www.instapaper.com\\\/p\\\/17757966\",\"https:\\\/\\\/www.mapleprimes.com\\\/users\\\/iwellguard\",\"https:\\\/\\\/businesslistingplus.com\\\/profile\\\/iwell-guard\\\/\",\"https:\\\/\\\/telegra.ph\\\/iWell-Guard-06-06\",\"https:\\\/\\\/pbase.com\\\/iwellguard\\\/iwellguard\",\"https:\\\/\\\/b.hatena.ne.jp\\\/iwellguard\\\/20260607#bookmark-4788405196491818882\",\"https:\\\/\\\/fliphtml5.com\\\/home\\\/iwellguard\",\"https:\\\/\\\/anyflip.com\\\/homepage\\\/cmiwl#About\",\"https:\\\/\\\/transfur.com\\\/Users\\\/iwellguard\",\"http:\\\/\\\/delphi.larsbo.org\\\/user\\\/iwellguard\",\"https:\\\/\\\/jobs.lajobsportal.org\\\/profiles\\\/8380803-iwell-guard\",\"https:\\\/\\\/md.chaosdorf.de\\\/s\\\/jfbe5SBdJD\",\"https:\\\/\\\/www.lingvolive.com\\\/en-us\\\/profile\\\/9ecaeaca-ce11-4e51-9e71-01d55e2bff36\\\/translations\",\"https:\\\/\\\/www.fitday.com\\\/fitness\\\/forums\\\/members\\\/iwellguard.html\",\"https:\\\/\\\/www.mymeetbook.com\\\/iwellguard\",\"https:\\\/\\\/pxhere.com\\\/en\\\/photographer-me\\\/5040798\",\"https:\\\/\\\/disqus.com\\\/by\\\/iwellguard\\\/about\\\/\",\"https:\\\/\\\/pastelink.net\\\/hjwciqwq\",\"https:\\\/\\\/pubhtml5.com\\\/homepage\\\/scjhn\\\/\",\"https:\\\/\\\/www.bitchute.com\\\/channel\\\/2O2eOKzNqujT\",\"https:\\\/\\\/audiomack.com\\\/iwellguard\"]},{\"@type\":\"Article\",\"@id\":\"https:\\\/\\\/iwell-guard.com\\\/ca\\\/legio-possessio-i-dimonis-col-lectius\\\/#article\",\"isPartOf\":{\"@id\":\"https:\\\/\\\/iwell-guard.com\\\/ca\\\/legio-possessio-i-dimonis-col-lectius\\\/\"},\"author\":{\"name\":\"Ralf Ittermann\",\"@id\":\"https:\\\/\\\/iwell-guard.com\\\/ca\\\/#\\\/schema\\\/person\\\/ee2a27f1cac3406c7c6fb5820cb7349f\"},\"headline\":\"Legi\u00f3 \u2013 Possessi\u00f3 i dimonis col\u00b7lectius\",\"datePublished\":\"2026-09-05T15:38:51+00:00\",\"dateModified\":\"2026-09-05T15:56:06+00:00\",\"mainEntityOfPage\":{\"@id\":\"https:\\\/\\\/iwell-guard.com\\\/ca\\\/legio-possessio-i-dimonis-col-lectius\\\/\"},\"publisher\":{\"@id\":\"https:\\\/\\\/iwell-guard.com\\\/ca\\\/#organization\"},\"image\":{\"@id\":\"https:\\\/\\\/iwell-guard.com\\\/ca\\\/legio-possessio-i-dimonis-col-lectius\\\/#primaryimage\"},\"thumbnailUrl\":\"https:\\\/\\\/iwell-guard.com\\\/wp-content\\\/uploads\\\/2026\\\/04\\\/daemonen_christentum_legion.webp\",\"inLanguage\":\"ca\",\"description\":\"Legi\u00f3 designa el grup de dimonis col\u00b7lectiu del relat del posse\u00eft de Gerasa (Mc 5,1\u201320). Una multitud en una sola persona.\"}]}<\/script>\n<!-- \/ Yoast SEO Premium plugin. -->","yoast_head_json":{"title":"Legi\u00f3 \u2013 Possessi\u00f3 i dimonis col\u00b7lectius","description":"Legi\u00f3 designa el grup de dimonis col\u00b7lectiu del relat del posse\u00eft de Gerasa (Mc 5,1\u201320). Una multitud en una sola persona.","robots":{"index":"index","follow":"follow","max-snippet":"max-snippet:-1","max-image-preview":"max-image-preview:large","max-video-preview":"max-video-preview:-1"},"canonical":"https:\/\/iwell-guard.com\/ca\/legio-possessio-i-dimonis-col-lectius\/","og_locale":"ca_ES","og_type":"article","og_title":"Legi\u00f3 \u2013 Possessi\u00f3 i dimonis col\u00b7lectius","og_description":"Legi\u00f3 designa el grup de dimonis col\u00b7lectiu del relat del posse\u00eft de Gerasa (Mc 5,1\u201320). Una multitud en una sola persona.","og_url":"https:\/\/iwell-guard.com\/ca\/legio-possessio-i-dimonis-col-lectius\/","og_site_name":"iWell Guard","article_modified_time":"2026-09-05T15:56:06+00:00","og_image":[{"width":1024,"height":1536,"url":"https:\/\/iwell-guard.com\/wp-content\/uploads\/2026\/04\/daemonen_christentum_legion.webp","type":"image\/webp"}],"twitter_card":"summary_large_image","schema":{"@context":"https:\/\/schema.org","@graph":[{"@type":"Article","@id":"https:\/\/iwell-guard.com\/ca\/legio-possessio-i-dimonis-col-lectius\/#article","isPartOf":{"@id":"https:\/\/iwell-guard.com\/ca\/legio-possessio-i-dimonis-col-lectius\/"},"author":{"name":"Ralf Ittermann","@id":"https:\/\/iwell-guard.com\/ca\/#\/schema\/person\/ee2a27f1cac3406c7c6fb5820cb7349f"},"headline":"Legi\u00f3 \u2013 Possessi\u00f3 i dimonis col\u00b7lectius","datePublished":"2026-09-05T15:38:51+00:00","dateModified":"2026-09-05T15:56:06+00:00","mainEntityOfPage":{"@id":"https:\/\/iwell-guard.com\/ca\/legio-possessio-i-dimonis-col-lectius\/"},"publisher":{"@id":"https:\/\/iwell-guard.com\/ca\/#organization"},"image":{"@id":"https:\/\/iwell-guard.com\/ca\/legio-possessio-i-dimonis-col-lectius\/#primaryimage"},"thumbnailUrl":"https:\/\/iwell-guard.com\/wp-content\/uploads\/2026\/04\/daemonen_christentum_legion.webp","inLanguage":"ca","description":"Legi\u00f3 designa el grup de dimonis col\u00b7lectiu del relat del posse\u00eft de Gerasa (Mc 5,1\u201320). Una multitud en una sola persona."},{"@type":"WebPage","@id":"https:\/\/iwell-guard.com\/ca\/legio-possessio-i-dimonis-col-lectius\/","url":"https:\/\/iwell-guard.com\/ca\/legio-possessio-i-dimonis-col-lectius\/","name":"Legi\u00f3 \u2013 Possessi\u00f3 i dimonis col\u00b7lectius","isPartOf":{"@id":"https:\/\/iwell-guard.com\/ca\/#website"},"primaryImageOfPage":{"@id":"https:\/\/iwell-guard.com\/ca\/legio-possessio-i-dimonis-col-lectius\/#primaryimage"},"image":{"@id":"https:\/\/iwell-guard.com\/ca\/legio-possessio-i-dimonis-col-lectius\/#primaryimage"},"thumbnailUrl":"https:\/\/iwell-guard.com\/wp-content\/uploads\/2026\/04\/daemonen_christentum_legion.webp","datePublished":"2026-09-05T15:38:51+00:00","dateModified":"2026-09-05T15:56:06+00:00","description":"Legi\u00f3 designa el grup de dimonis col\u00b7lectiu del relat del posse\u00eft de Gerasa (Mc 5,1\u201320). Una multitud en una sola persona.","breadcrumb":{"@id":"https:\/\/iwell-guard.com\/ca\/legio-possessio-i-dimonis-col-lectius\/#breadcrumb"},"inLanguage":"ca","potentialAction":[{"@type":"ReadAction","target":["https:\/\/iwell-guard.com\/ca\/legio-possessio-i-dimonis-col-lectius\/"]}]},{"@type":"ImageObject","inLanguage":"ca","@id":"https:\/\/iwell-guard.com\/ca\/legio-possessio-i-dimonis-col-lectius\/#primaryimage","url":"https:\/\/iwell-guard.com\/wp-content\/uploads\/2026\/04\/daemonen_christentum_legion.webp","contentUrl":"https:\/\/iwell-guard.com\/wp-content\/uploads\/2026\/04\/daemonen_christentum_legion.webp","width":1024,"height":1536,"caption":"Dimonis de la tradici\u00f3 del Cristianisme."},{"@type":"BreadcrumbList","@id":"https:\/\/iwell-guard.com\/ca\/legio-possessio-i-dimonis-col-lectius\/#breadcrumb","itemListElement":[{"@type":"ListItem","position":1,"name":"Start","item":"https:\/\/iwell-guard.com\/ca\/?page_id=171333"},{"@type":"ListItem","position":2,"name":"Legi\u00f3 \u2013 Possessi\u00f3 i dimonis col\u00b7lectius"}]},{"@type":"WebSite","@id":"https:\/\/iwell-guard.com\/ca\/#website","url":"https:\/\/iwell-guard.com\/ca\/","name":"iWell Guard","description":"Schutz vor dunklen Einfl\u00fcssen","publisher":{"@id":"https:\/\/iwell-guard.com\/ca\/#organization"},"potentialAction":[{"@type":"SearchAction","target":{"@type":"EntryPoint","urlTemplate":"https:\/\/iwell-guard.com\/ca\/?s={search_term_string}"},"query-input":{"@type":"PropertyValueSpecification","valueRequired":true,"valueName":"search_term_string"}}],"inLanguage":"ca"},{"@type":"Organization","@id":"https:\/\/iwell-guard.com\/ca\/#organization","name":"Ittermann electronic GmbH","url":"https:\/\/iwell-guard.com\/ca\/","logo":{"@type":"ImageObject","inLanguage":"ca","@id":"https:\/\/iwell-guard.com\/ca\/#\/schema\/logo\/image\/","url":"https:\/\/iwell-guard.com\/wp-content\/uploads\/2026\/05\/Ittermann-Logo-1182x237-1.png","contentUrl":"https:\/\/iwell-guard.com\/wp-content\/uploads\/2026\/05\/Ittermann-Logo-1182x237-1.png","width":1182,"height":237,"caption":"Ittermann electronic GmbH"},"image":{"@id":"https:\/\/iwell-guard.com\/ca\/#\/schema\/logo\/image\/"},"sameAs":["https:\/\/pantip.com\/profile\/9367242","https:\/\/micro.blog\/iwellguard","https:\/\/www.diggerslist.com\/iwellguard\/about","https:\/\/skitterphoto.com\/photographers\/2870314\/iwell-guard","https:\/\/iwellguard.wordpress.com\/2026\/06\/06\/iwell-guard\/","https:\/\/hub.docker.com\/u\/iwellguard","https:\/\/www.pinterest.com\/iwellguard\/","https:\/\/bit.ly\/m\/iwellguard","https:\/\/entre-vos-mains.alsace.eu\/profiles\/iwellguard\/activity","https:\/\/gravatar.com\/reallybeded8fd34","https:\/\/naijamatta.com\/iwellguard","https:\/\/www.goodreads.com\/iwellguard","https:\/\/profile.hatena.ne.jp\/iwellguard\/","https:\/\/experiment.com\/users\/iwellguard","https:\/\/wakelet.com\/@iWellGuard82270","https:\/\/www.chordie.com\/forum\/profile.php?id=2555664","https:\/\/www.instapaper.com\/p\/17757966","https:\/\/www.mapleprimes.com\/users\/iwellguard","https:\/\/businesslistingplus.com\/profile\/iwell-guard\/","https:\/\/telegra.ph\/iWell-Guard-06-06","https:\/\/pbase.com\/iwellguard\/iwellguard","https:\/\/b.hatena.ne.jp\/iwellguard\/20260607#bookmark-4788405196491818882","https:\/\/fliphtml5.com\/home\/iwellguard","https:\/\/anyflip.com\/homepage\/cmiwl#About","https:\/\/transfur.com\/Users\/iwellguard","http:\/\/delphi.larsbo.org\/user\/iwellguard","https:\/\/jobs.lajobsportal.org\/profiles\/8380803-iwell-guard","https:\/\/md.chaosdorf.de\/s\/jfbe5SBdJD","https:\/\/www.lingvolive.com\/en-us\/profile\/9ecaeaca-ce11-4e51-9e71-01d55e2bff36\/translations","https:\/\/www.fitday.com\/fitness\/forums\/members\/iwellguard.html","https:\/\/www.mymeetbook.com\/iwellguard","https:\/\/pxhere.com\/en\/photographer-me\/5040798","https:\/\/disqus.com\/by\/iwellguard\/about\/","https:\/\/pastelink.net\/hjwciqwq","https:\/\/pubhtml5.com\/homepage\/scjhn\/","https:\/\/www.bitchute.com\/channel\/2O2eOKzNqujT","https:\/\/audiomack.com\/iwellguard"]},{"@type":"Person","@id":"https:\/\/iwell-guard.com\/ca\/#\/schema\/person\/ee2a27f1cac3406c7c6fb5820cb7349f","name":"Ralf Ittermann","image":{"@type":"ImageObject","inLanguage":"ca","@id":"https:\/\/secure.gravatar.com\/avatar\/073c0153e350a5005b68eb752b445fea71f6b24a26da9449ad7e155e6b446c9d?s=96&d=mm&r=g","url":"https:\/\/secure.gravatar.com\/avatar\/073c0153e350a5005b68eb752b445fea71f6b24a26da9449ad7e155e6b446c9d?s=96&d=mm&r=g","contentUrl":"https:\/\/secure.gravatar.com\/avatar\/073c0153e350a5005b68eb752b445fea71f6b24a26da9449ad7e155e6b446c9d?s=96&d=mm&r=g","caption":"Ralf Ittermann"},"givenName":"Ralf","familyName":"Ittermann","jobTitle":"Gesch\u00e4ftsf\u00fchrer und redaktioneller Verantwortlicher","url":"https:\/\/iwell-guard.com\/ca\/author\/claude\/","description":"Ralf Ittermann ist Gesch\u00e4ftsf\u00fchrer der Ittermann electronic GmbH und redaktioneller Verantwortlicher des iWell-Guard-Lexikons. Er verbindet langj\u00e4hrige Erfahrung in der Pr\u00e4zisionsfertigung mit medialer Praxis und religionsgeschichtlicher Quellenarbeit.","worksFor":{"@type":"Organization","name":"Ittermann electronic GmbH","url":"https:\/\/ittermann.de\/","address":{"@type":"PostalAddress","streetAddress":"K\u00f6hlergasse 16-18","postalCode":"99842","addressLocality":"Ruhla","addressCountry":"DE"}},"knowsAbout":["Religionsgeschichte","Mythologie","Mediale Praxis","Energetische Diagnostik","Schutzpraxis","Volksglauben","Westliche Esoterik"]},{"@type":"Article","@id":"https:\/\/iwell-guard.com\/ca\/legio-possessio-i-dimonis-col-lectius\/#article","isPartOf":{"@id":"https:\/\/iwell-guard.com\/ca\/legio-possessio-i-dimonis-col-lectius\/"},"author":{"name":"Ralf Ittermann","@id":"https:\/\/iwell-guard.com\/ca\/#\/schema\/person\/ee2a27f1cac3406c7c6fb5820cb7349f"},"headline":"Legi\u00f3 \u2013 Possessi\u00f3 i dimonis col\u00b7lectius","datePublished":"2026-09-05T15:38:51+00:00","dateModified":"2026-09-05T15:56:06+00:00","mainEntityOfPage":{"@id":"https:\/\/iwell-guard.com\/ca\/legio-possessio-i-dimonis-col-lectius\/"},"publisher":{"@id":"https:\/\/iwell-guard.com\/ca\/#organization"},"image":{"@id":"https:\/\/iwell-guard.com\/ca\/legio-possessio-i-dimonis-col-lectius\/#primaryimage"},"thumbnailUrl":"https:\/\/iwell-guard.com\/wp-content\/uploads\/2026\/04\/daemonen_christentum_legion.webp","inLanguage":"ca","description":"Legi\u00f3 designa el grup de dimonis col\u00b7lectiu del relat del posse\u00eft de Gerasa (Mc 5,1\u201320). Una multitud en una sola persona."}]}},"_links":{"self":[{"href":"https:\/\/iwell-guard.com\/ca\/wp-json\/wp\/v2\/pages\/171373","targetHints":{"allow":["GET"]}}],"collection":[{"href":"https:\/\/iwell-guard.com\/ca\/wp-json\/wp\/v2\/pages"}],"about":[{"href":"https:\/\/iwell-guard.com\/ca\/wp-json\/wp\/v2\/types\/page"}],"author":[{"embeddable":true,"href":"https:\/\/iwell-guard.com\/ca\/wp-json\/wp\/v2\/users\/3"}],"replies":[{"embeddable":true,"href":"https:\/\/iwell-guard.com\/ca\/wp-json\/wp\/v2\/comments?post=171373"}],"version-history":[{"count":0,"href":"https:\/\/iwell-guard.com\/ca\/wp-json\/wp\/v2\/pages\/171373\/revisions"}],"wp:featuredmedia":[{"embeddable":true,"href":"https:\/\/iwell-guard.com\/ca\/wp-json\/wp\/v2\/media\/1562"}],"wp:attachment":[{"href":"https:\/\/iwell-guard.com\/ca\/wp-json\/wp\/v2\/media?parent=171373"}],"wp:term":[{"taxonomy":"category","embeddable":true,"href":"https:\/\/iwell-guard.com\/ca\/wp-json\/wp\/v2\/categories?post=171373"}],"curies":[{"name":"wp","href":"https:\/\/api.w.org\/{rel}","templated":true}]}}