{"id":171372,"date":"2026-09-05T15:38:50","date_gmt":"2026-09-05T15:38:50","guid":{"rendered":"https:\/\/iwell-guard.com\/?page_id=171372"},"modified":"2026-09-05T15:56:05","modified_gmt":"2026-09-05T15:56:05","slug":"beelzebub","status":"publish","type":"page","link":"https:\/\/iwell-guard.com\/ca\/beelzebub\/","title":{"rendered":"Beelzebub"},"content":{"rendered":"\t\t<div data-elementor-type=\"wp-page\" data-elementor-id=\"171372\" class=\"elementor elementor-171372 elementor-1020\" data-elementor-post-type=\"page\">\n\t\t\t\t<div class=\"elementor-element elementor-element-10fdade e-flex e-con-boxed e-con e-parent\" data-id=\"10fdade\" data-element_type=\"container\" data-e-type=\"container\" data-settings=\"{&quot;background_background&quot;:&quot;classic&quot;}\">\n\t\t\t\t\t<div class=\"e-con-inner\">\n\t\t<div class=\"elementor-element elementor-element-herohlft0 e-flex e-con-boxed e-con e-child\" data-id=\"herohlft0\" data-element_type=\"container\" data-e-type=\"container\">\n\t\t\t\t\t<div class=\"e-con-inner\">\n\t\t<div class=\"elementor-element elementor-element-c3ceb64 e-con-full e-flex e-con e-child\" data-id=\"c3ceb64\" data-element_type=\"container\" data-e-type=\"container\">\n\t\t\t\t<div class=\"elementor-element elementor-element-96ae5e1 elementor-widget elementor-widget-heading\" data-id=\"96ae5e1\" data-element_type=\"widget\" data-e-type=\"widget\" data-widget_type=\"heading.default\">\n\t\t\t\t\t<h1 class=\"elementor-heading-title elementor-size-default\">Beelzebub, d\u00e9u de la tradici\u00f3 cristiana<\/h1>\t\t\t\t<\/div>\n\t\t\t\t<div class=\"elementor-element elementor-element-e45238a elementor-widget elementor-widget-text-editor\" data-id=\"e45238a\" data-element_type=\"widget\" data-e-type=\"widget\" data-widget_type=\"text-editor.default\">\n\t\t\t\t\t\t\t\t\t<p>Beelzebub \u00e9s d\u00e9u de la tradici\u00f3 cristiana.<\/p><p><strong>\u00abSenyor de les mosques\u00bb, d\u00e9u estranger demonitzat dels filisteus.<\/strong><\/p>\t\t\t\t\t\t\t\t<\/div>\n\t\t\t\t<\/div>\n\t\t<div class=\"elementor-element elementor-element-klsbdg01 e-con-full e-flex e-con e-parent\" data-id=\"klsbdg01\" data-element_type=\"container\" data-e-type=\"container\">\n\t\t\t\t<div class=\"elementor-element elementor-element-klshtm01 elementor-widget elementor-widget-html\" data-id=\"klshtm01\" data-element_type=\"widget\" data-e-type=\"widget\" data-widget_type=\"html.default\">\n\t\t\t\t\t<div class=\"iwg-pill-row\"><span class=\"iwg-klasse-badge\" tabindex=\"0\" data-tooltip=\"Dimoni: \u00e9sser sobrenatural amb efecte majorit\u00e0riament perjudicial o ambivalent. Es troba entre d\u00e9us i humans, causa malaltia, temptaci\u00f3 o desgr\u00e0cia i s'allunya mitjan\u00e7ant conjurs, apotropaics i rituals.\">Dimoni<\/span><a href=\"https:\/\/iwell-guard.com\/ca\/?page_id=171364\" class=\"iwg-kultur-badge\" tabindex=\"0\" data-tooltip=\"Tradici\u00f3 cristiana amb els seus \u00e0ngels, dimonis i \u00e9ssers m\u00edstics.\">Cristianisme<\/a><a href=\"https:\/\/iwell-guard.com\/ca\/?page_id=171622\" class=\"iwg-tradition-badge\" tabindex=\"0\" data-tooltip=\"Demonologia baixmedieval i moderna primerenca de la tradici\u00f3 del Lemegeton.\">Goetia<\/a><\/div>\t\t\t\t<\/div>\n\t\t\t\t<\/div>\n\t\t<div class=\"elementor-element elementor-element-3f74855 e-con-full e-flex e-con e-child\" data-id=\"3f74855\" data-element_type=\"container\" data-e-type=\"container\">\n\t\t\t\t<div class=\"elementor-element elementor-element-1c30362 elementor-toc--minimized-on-tablet elementor-widget elementor-widget-table-of-contents\" data-id=\"1c30362\" data-element_type=\"widget\" data-e-type=\"widget\" data-settings=\"{&quot;exclude_headings_by_selector&quot;:[],&quot;no_headings_message&quot;:&quot;No s&#039;ha trobat cap encap\\u00e7alament en aquesta p\\u00e0gina.&quot;,&quot;headings_by_tags&quot;:[&quot;h2&quot;,&quot;h3&quot;],&quot;marker_view&quot;:&quot;bullets&quot;,&quot;icon&quot;:{&quot;value&quot;:&quot;fas fa-circle&quot;,&quot;library&quot;:&quot;fa-solid&quot;,&quot;rendered_tag&quot;:&quot;&lt;svg class=\\&quot;e-font-icon-svg e-fas-circle\\&quot; viewBox=\\&quot;0 0 512 512\\&quot; xmlns=\\&quot;http:\\\/\\\/www.w3.org\\\/2000\\\/svg\\&quot;&gt;&lt;path d=\\&quot;M256 8C119 8 8 119 8 256s111 248 248 248 248-111 248-248S393 8 256 8z\\&quot;&gt;&lt;\\\/path&gt;&lt;\\\/svg&gt;&quot;},&quot;minimize_box&quot;:&quot;yes&quot;,&quot;minimized_on&quot;:&quot;tablet&quot;,&quot;hierarchical_view&quot;:&quot;yes&quot;,&quot;min_height&quot;:{&quot;unit&quot;:&quot;px&quot;,&quot;size&quot;:&quot;&quot;,&quot;sizes&quot;:[]},&quot;min_height_tablet&quot;:{&quot;unit&quot;:&quot;px&quot;,&quot;size&quot;:&quot;&quot;,&quot;sizes&quot;:[]},&quot;min_height_mobile&quot;:{&quot;unit&quot;:&quot;px&quot;,&quot;size&quot;:&quot;&quot;,&quot;sizes&quot;:[]}}\" data-widget_type=\"table-of-contents.default\">\n\t\t\t\t\t\t\t\t\t<div class=\"elementor-toc__header\">\n\t\t\t\t\t\t<h2 class=\"elementor-toc__header-title\">\n\t\t\t\t\u00cdndex\t\t\t<\/h2>\n\t\t\t\t\t\t\t\t\t\t<div class=\"elementor-toc__toggle-button elementor-toc__toggle-button--expand\" role=\"button\" tabindex=\"0\" aria-controls=\"elementor-toc__1c30362\" aria-expanded=\"true\" aria-label=\"Open table of contents\"><svg aria-hidden=\"true\" class=\"e-font-icon-svg e-fas-chevron-down\" viewBox=\"0 0 448 512\" xmlns=\"http:\/\/www.w3.org\/2000\/svg\"><path d=\"M207.029 381.476L12.686 187.132c-9.373-9.373-9.373-24.569 0-33.941l22.667-22.667c9.357-9.357 24.522-9.375 33.901-.04L224 284.505l154.745-154.021c9.379-9.335 24.544-9.317 33.901.04l22.667 22.667c9.373 9.373 9.373 24.569 0 33.941L240.971 381.476c-9.373 9.372-24.569 9.372-33.942 0z\"><\/path><\/svg><\/div>\n\t\t\t\t<div class=\"elementor-toc__toggle-button elementor-toc__toggle-button--collapse\" role=\"button\" tabindex=\"0\" aria-controls=\"elementor-toc__1c30362\" aria-expanded=\"true\" aria-label=\"Close table of contents\"><svg aria-hidden=\"true\" class=\"e-font-icon-svg e-fas-chevron-up\" viewBox=\"0 0 448 512\" xmlns=\"http:\/\/www.w3.org\/2000\/svg\"><path d=\"M240.971 130.524l194.343 194.343c9.373 9.373 9.373 24.569 0 33.941l-22.667 22.667c-9.357 9.357-24.522 9.375-33.901.04L224 227.495 69.255 381.516c-9.379 9.335-24.544 9.317-33.901-.04l-22.667-22.667c-9.373-9.373-9.373-24.569 0-33.941L207.03 130.525c9.372-9.373 24.568-9.373 33.941-.001z\"><\/path><\/svg><\/div>\n\t\t\t\t\t<\/div>\n\t\t\t\t<div id=\"elementor-toc__1c30362\" class=\"elementor-toc__body\">\n\t\t\t<div class=\"elementor-toc__spinner-container\">\n\t\t\t\t<svg class=\"elementor-toc__spinner eicon-animation-spin e-font-icon-svg e-eicon-loading\" aria-hidden=\"true\" viewBox=\"0 0 1000 1000\" xmlns=\"http:\/\/www.w3.org\/2000\/svg\"><path d=\"M500 975V858C696 858 858 696 858 500S696 142 500 142 142 304 142 500H25C25 237 238 25 500 25S975 237 975 500 763 975 500 975Z\"><\/path><\/svg>\t\t\t<\/div>\n\t\t<\/div>\n\t\t\t\t\t\t<\/div>\n\t\t\t\t<\/div>\n\t\t\t\t\t<\/div>\n\t\t\t\t<\/div>\n\t\t<div class=\"elementor-element elementor-element-herorght0 e-con-full e-flex e-con e-child\" data-id=\"herorght0\" data-element_type=\"container\" data-e-type=\"container\">\n\t\t\t\t<div class=\"elementor-element elementor-element-heroimg00 iwg-hero-image elementor-widget elementor-widget-image\" data-id=\"heroimg00\" data-element_type=\"widget\" data-e-type=\"widget\" data-widget_type=\"image.default\">\n\t\t\t\t\t\t\t\t\t\t\t\t\t\t\t<img fetchpriority=\"high\" decoding=\"async\" width=\"683\" height=\"1024\" src=\"https:\/\/iwell-guard.com\/wp-content\/uploads\/2026\/04\/goetter_christentum_beelzebub-683x1024.webp\" class=\"attachment-large size-large wp-image-1563\" alt=\"Beelzebub\" srcset=\"https:\/\/iwell-guard.com\/wp-content\/uploads\/2026\/04\/goetter_christentum_beelzebub-683x1024.webp 683w, https:\/\/iwell-guard.com\/wp-content\/uploads\/2026\/04\/goetter_christentum_beelzebub-200x300.webp 200w, https:\/\/iwell-guard.com\/wp-content\/uploads\/2026\/04\/goetter_christentum_beelzebub-768x1152.webp 768w, https:\/\/iwell-guard.com\/wp-content\/uploads\/2026\/04\/goetter_christentum_beelzebub.webp 1024w\" sizes=\"(max-width: 683px) 100vw, 683px\" \/>\t\t\t\t\t\t\t\t\t\t\t\t\t\t\t<\/div>\n\t\t\t\t<\/div>\n\t\t\t\t\t<\/div>\n\t\t\t\t<\/div>\n\t\t<div class=\"elementor-element elementor-element-32917199 e-flex e-con-boxed e-con e-parent\" data-id=\"32917199\" data-element_type=\"container\" data-e-type=\"container\">\n\t\t\t\t\t<div class=\"e-con-inner\">\n\t\t<div class=\"elementor-element elementor-element-26e916cb e-flex e-con-boxed e-con e-child\" data-id=\"26e916cb\" data-element_type=\"container\" data-e-type=\"container\">\n\t\t\t\t\t<div class=\"e-con-inner\">\n\t\t<div class=\"elementor-element elementor-element-253a40d4 e-flex e-con-boxed e-con e-child\" data-id=\"253a40d4\" data-element_type=\"container\" data-e-type=\"container\">\n\t\t\t\t\t<div class=\"e-con-inner\">\n\t\t\t\t<div class=\"elementor-element elementor-element-1200c304 elementor-widget elementor-widget-heading\" data-id=\"1200c304\" data-element_type=\"widget\" data-e-type=\"widget\" data-widget_type=\"heading.default\">\n\t\t\t\t\t<div class=\"elementor-heading-title elementor-size-default\">Beelzebub<\/div>\t\t\t\t<\/div>\n\t\t\t\t<div class=\"elementor-element elementor-element-11758e7f elementor-widget elementor-widget-text-editor\" data-id=\"11758e7f\" data-element_type=\"widget\" data-e-type=\"widget\" data-widget_type=\"text-editor.default\">\n\t\t\t\t\t\t\t\t\t<p>Beelzebub \u00e9s un dels casos m\u00e9s impactants de transformaci\u00f3 d&#8217;una figura en la hist\u00f2ria religiosa: originalment d\u00e9u local de la ciutat filistea d&#8217;Ekron (Baal-Zebub, \u00abSenyor de l&#8217;Excelsitud\u00bb, m\u00e9s tard ridiculitzat com \u00abSenyor de les mosques\u00bb), esdev\u00e9 en la tradici\u00f3 b\u00edblica i cristiana el pr\u00edncep dels dimonis. Els evangelis l&#8217;identifiquen amb el pr\u00edncep dels dimonis; els grimoris medievals el situen en una jerarquia al costat de Satan.<\/p><p><span data-nosnippet>La seva recepci\u00f3 mostra exemplarment com la pol\u00e8mica monoteista transforma divinitats estrangeres en dimonis. El nom \u00abSenyor de les mosques\u00bb \u00e9s probablement una desfiguraci\u00f3 deliberada de <em>Baal-Zebul<\/em> (\u00abBaal, el Pr\u00edncep\u00bb), que al\u00b7ludeix a la putrefacci\u00f3, les mosques i la descomposici\u00f3. Com a figura culturalment vigent, continua present fins avui a trav\u00e9s del folklore, la literatura (\u00abEl senyor de les mosques\u00bb de William Golding, 1954) i la cultura popular.<\/span><\/p><div><p><strong>Etapes de la hist\u00f2ria de les religions<\/strong><\/p><p>Beelzebub \u00e9s, des del punt de vista de la hist\u00f2ria de les religions, un dels exemples millor documentats de pejoraci\u00f3 divina: un d\u00e9u originalment venerat leg\u00edtimament en una tradici\u00f3 estrangera, transformat per la pol\u00e8mica jueva i posteriorment cristiana en una figura demon\u00edaca.<\/p><p>El testimoni m\u00e9s antic \u00e9s la divinitat tutelar d&#8217;Ekron, una de les cinc ciutats filistees, esmentada al Llibre dels Reis (2Re 1,2.6) com a <em>Ba\u02bfal-Zebub<\/em> (\u00abSenyor de les mosques\u00bb).<\/p><p><span data-nosnippet>En aquest text, el rei Ahazi\u00e0 d&#8217;Israel busca en Ba\u02bfal-Zebub un pron\u00f2stic de curaci\u00f3, fet que el profeta Elies comenta amb menyspreu pol\u00e8mic. La forma original podria haver estat <em>Ba\u02bfal-Zebul<\/em> (\u00abSenyor de la Casa Excelsa\u00bb, senyor del temple), que la pol\u00e8mica jueva va distorsionar en <em>Ba\u02bfal-Zebub<\/em>; aix\u00f2 \u00e9s, des de William F. Albright (<em>Yahweh and the Gods of Canaan<\/em>, 1968), l&#8217;est\u00e0ndard de la recerca.<\/span><\/p><\/div>\t\t\t\t\t\t\t\t<\/div>\n\t\t\t\t\t<\/div>\n\t\t\t\t<\/div>\n\t\t<div class=\"elementor-element elementor-element-159dcf9a e-flex e-con-boxed e-con e-child\" data-id=\"159dcf9a\" data-element_type=\"container\" data-e-type=\"container\">\n\t\t\t\t\t<div class=\"e-con-inner\">\n\t\t\t\t<div class=\"elementor-element elementor-element-48cee66f elementor-widget elementor-widget-heading\" data-id=\"48cee66f\" data-element_type=\"widget\" data-e-type=\"widget\" data-widget_type=\"heading.default\">\n\t\t\t\t\t<h2 class=\"elementor-heading-title elementor-size-default\">En resum: Beelzebub<\/h2>\t\t\t\t<\/div>\n\t\t\t\t<div class=\"elementor-element elementor-element-3f50d82c elementor-widget elementor-widget-text-editor\" data-id=\"3f50d82c\" data-element_type=\"widget\" data-e-type=\"widget\" data-widget_type=\"text-editor.default\">\n\t\t\t\t\t\t\t\t\t<p><strong>Tipus:<\/strong> D\u00e9u estranger demonitzat, pr\u00edncep dels dimonis<br>Origen: Ciutat filistea d&#8217;Ekron<br>Textos: 2Re 1, Evangelis, Testament de Salom\u00f3, grimoris<br>Per\u00edode: des de l&#8217;edat del bronze fins a l&#8217;actualitat<br>Funci\u00f3: Pr\u00edncep dels dimonis, senyor de les mosques, temptador<\/p>\t\t\t\t\t\t\t\t<\/div>\n\t\t\t\t\t<\/div>\n\t\t\t\t<\/div>\n\t\t\t\t\t<\/div>\n\t\t\t\t<\/div>\n\t\t\t\t\t<\/div>\n\t\t\t\t<\/div>\n\t\t<div class=\"elementor-element elementor-element-18613602 e-flex e-con-boxed e-con e-parent\" data-id=\"18613602\" data-element_type=\"container\" data-e-type=\"container\">\n\t\t\t\t\t<div class=\"e-con-inner\">\n\t\t\t\t<div class=\"elementor-element elementor-element-262b8a9f elementor-widget elementor-widget-heading\" data-id=\"262b8a9f\" data-element_type=\"widget\" data-e-type=\"widget\" data-widget_type=\"heading.default\">\n\t\t\t\t\t<h2 class=\"elementor-heading-title elementor-size-default\">Introducci\u00f3<\/h2>\t\t\t\t<\/div>\n\t\t<div class=\"elementor-element elementor-element-46dcb7d e-con-full e-flex e-con e-child\" data-id=\"46dcb7d\" data-element_type=\"container\" data-e-type=\"container\">\n\t\t<div class=\"elementor-element elementor-element-61d3ab3 e-flex e-con-boxed e-con e-child\" data-id=\"61d3ab3\" data-element_type=\"container\" data-e-type=\"container\">\n\t\t\t\t\t<div class=\"e-con-inner\">\n\t\t\t\t<div class=\"elementor-element elementor-element-117c166 elementor-widget elementor-widget-heading\" data-id=\"117c166\" data-element_type=\"widget\" data-e-type=\"widget\" data-widget_type=\"heading.default\">\n\t\t\t\t\t<div class=\"elementor-heading-title elementor-size-default\">Per\u00edode dels textos<\/div>\t\t\t\t<\/div>\n\t\t\t\t<div class=\"elementor-element elementor-element-73997a0 elementor-widget elementor-widget-text-editor\" data-id=\"73997a0\" data-element_type=\"widget\" data-e-type=\"widget\" data-widget_type=\"text-editor.default\">\n\t\t\t\t\t\t\t\t\t<p>Els testimonis m\u00e9s antics de la <span class=\"iwg-fachbegriff\" data-tooltip=\"\u00c9sser venerat com a div\u00ed dins d'una religi\u00f3.\" tabindex=\"0\">divinitat<\/span> filistea Baal-Zebub apareixen a 2Re 1 (segle IX aC). Demonitzaci\u00f3 durant l&#8217;\u00e8poca del Segon Temple. Posici\u00f3 destacada al Nou Testament. Figura desenvolupada en els grimoris de l&#8217;\u00e8poca moderna primerenca (<span class=\"iwg-fachbegriff\" tabindex=\"0\" data-tooltip=\"Manuscrit compilatori de m\u00e0gia ritual de l'\u00e8poca moderna primerenca, cinc llibres (Goetia, Theurgia-Goetia, Ars Paulina, Ars Almadel, Ars Notoria); segle XVII.\">Lemegeton<\/span>, Pseudomonarchia Daemonum).<\/p>\t\t\t\t\t\t\t\t<\/div>\n\t\t\t\t\t<\/div>\n\t\t\t\t<\/div>\n\t\t<div class=\"elementor-element elementor-element-d47b156 e-flex e-con-boxed e-con e-child\" data-id=\"d47b156\" data-element_type=\"container\" data-e-type=\"container\">\n\t\t\t\t\t<div class=\"e-con-inner\">\n\t\t\t\t<div class=\"elementor-element elementor-element-ff38c2b elementor-widget elementor-widget-heading\" data-id=\"ff38c2b\" data-element_type=\"widget\" data-e-type=\"widget\" data-widget_type=\"heading.default\">\n\t\t\t\t\t<div class=\"elementor-heading-title elementor-size-default\">\u00c0rea de difusi\u00f3<\/div>\t\t\t\t<\/div>\n\t\t\t\t<div class=\"elementor-element elementor-element-4e49fcc elementor-widget elementor-widget-text-editor\" data-id=\"4e49fcc\" data-element_type=\"widget\" data-e-type=\"widget\" data-widget_type=\"text-editor.default\">\n\t\t\t\t\t\t\t\t\t<p>Originalment el Llevant (Ekron), despr\u00e9s tot el m\u00f3n judeocristi\u00e0. Recepci\u00f3 moderna arreu del m\u00f3n a trav\u00e9s de la literatura i la cultura popular.<\/p>\t\t\t\t\t\t\t\t<\/div>\n\t\t\t\t\t<\/div>\n\t\t\t\t<\/div>\n\t\t\t\t<\/div>\n\t\t<div class=\"elementor-element elementor-element-db03c39 e-con-full e-flex e-con e-child\" data-id=\"db03c39\" data-element_type=\"container\" data-e-type=\"container\">\n\t\t<div class=\"elementor-element elementor-element-229a87b e-flex e-con-boxed e-con e-child\" data-id=\"229a87b\" data-element_type=\"container\" data-e-type=\"container\">\n\t\t\t\t\t<div class=\"e-con-inner\">\n\t\t\t\t<div class=\"elementor-element elementor-element-1f471fc elementor-widget elementor-widget-heading\" data-id=\"1f471fc\" data-element_type=\"widget\" data-e-type=\"widget\" data-widget_type=\"heading.default\">\n\t\t\t\t\t<div class=\"elementor-heading-title elementor-size-default\">Estat de les fonts<\/div>\t\t\t\t<\/div>\n\t\t\t\t<div class=\"elementor-element elementor-element-36b1201 elementor-widget elementor-widget-text-editor\" data-id=\"36b1201\" data-element_type=\"widget\" data-e-type=\"widget\" data-widget_type=\"text-editor.default\">\n\t\t\t\t\t\t\t\t\t<p>2Re 1; Evangelis (Mt 10,25; Mt 12,24; Mc 3,22; Lc 11,15); Testament de Salom\u00f3; grimoris de l&#8217;\u00e8poca moderna primerenca; el Parad\u00eds perdut de Milton; literatura moderna.<\/p>\t\t\t\t\t\t\t\t<\/div>\n\t\t\t\t\t<\/div>\n\t\t\t\t<\/div>\n\t\t\t\t<\/div>\n\t\t\t\t\t<\/div>\n\t\t\t\t<\/div>\n\t\t<div class=\"elementor-element elementor-element-3ae0637c e-flex e-con-boxed e-con e-parent\" data-id=\"3ae0637c\" data-element_type=\"container\" data-e-type=\"container\">\n\t\t\t\t\t<div class=\"e-con-inner\">\n\t\t\t\t<div class=\"elementor-element elementor-element-31d07739 elementor-widget elementor-widget-heading\" data-id=\"31d07739\" data-element_type=\"widget\" data-e-type=\"widget\" data-widget_type=\"heading.default\">\n\t\t\t\t\t<h2 class=\"elementor-heading-title elementor-size-default\">Denominaci\u00f3 i grafies<\/h2>\t\t\t\t<\/div>\n\t\t<div class=\"elementor-element elementor-element-b7642947 e-con-full e-flex e-con e-child\" data-id=\"b7642947\" data-element_type=\"container\" data-e-type=\"container\">\n\t\t\t\t<div class=\"elementor-element elementor-element-a086266 elementor-widget elementor-widget-text-editor\" data-id=\"a086266\" data-element_type=\"widget\" data-e-type=\"widget\" data-widget_type=\"text-editor.default\">\n\t\t\t\t\t\t\t\t\t<p><strong>Hebreu b\u00edblic:<\/strong> <em>Ba\u02bfal-Zebub<\/em> (\u00abSenyor de les mosques\u00bb), 2Re 1,2.<br>Grec neotestamentari: <em>Beelzeboul<\/em> \/ <em>Beelzebul<\/em>.<br>Originalment filisteu: probablement <em>Ba\u02bfal-Zebul<\/em> (\u00abBaal, el Pr\u00edncep\u00bb).<br>Llat\u00ed medieval: <em>Beelzebub<\/em>.<\/p><p>El despla\u00e7ament de <em>Zebul<\/em> (\u00abPr\u00edncep\u00bb) a <em>Zebub<\/em> (\u00abmosca\u00bb) \u00e9s probablement una desfiguraci\u00f3 burlesca dels autors b\u00edblics. El <span class=\"iwg-fachbegriff\" data-tooltip=\"Element de contingut recurrent en l'art o la narraci\u00f3.\" tabindex=\"0\">motiu<\/span> de la mosca s&#8217;ajusta a la sem\u00e0ntica demonol\u00f2gica de la putrefacci\u00f3, la descomposici\u00f3 i la plaga, i continua sent icogr\u00e0ficament rellevant.<\/p>\t\t\t\t\t\t\t\t<\/div>\n\t\t\t\t<\/div>\n\t\t\t\t\t<\/div>\n\t\t\t\t<\/div>\n\t\t<div class=\"elementor-element elementor-element-709a44a8 e-flex e-con-boxed e-con e-parent\" data-id=\"709a44a8\" data-element_type=\"container\" data-e-type=\"container\">\n\t\t\t\t\t<div class=\"e-con-inner\">\n\t\t\t\t<div class=\"elementor-element elementor-element-2f585873 elementor-widget elementor-widget-heading\" data-id=\"2f585873\" data-element_type=\"widget\" data-e-type=\"widget\" data-widget_type=\"heading.default\">\n\t\t\t\t\t<h2 class=\"elementor-heading-title elementor-size-default\">Descripci\u00f3<\/h2>\t\t\t\t<\/div>\n\t\t<div class=\"elementor-element elementor-element-70621c12 e-con-full e-flex e-con e-child\" data-id=\"70621c12\" data-element_type=\"container\" data-e-type=\"container\">\n\t\t\t\t<div class=\"elementor-element elementor-element-4296eb49 elementor-widget elementor-widget-text-editor\" data-id=\"4296eb49\" data-element_type=\"widget\" data-e-type=\"widget\" data-widget_type=\"text-editor.default\">\n\t\t\t\t\t\t\t\t\t<p><strong>Aparen\u00e7a<\/strong><\/p><p>La B\u00edblia no dona cap descripci\u00f3 visual. A l&#8217;edat mitjana: una mosca gegant o una figura banyuda amb ales de mosca. Al Testament de Salom\u00f3: l&#8217;\u00fanic <span class=\"iwg-fachbegriff\" data-tooltip=\"\u00c9sser espiritual al qual s'atribueix un efecte nociu o ambivalent.\" tabindex=\"0\">dimoni<\/span> mascul\u00ed, amb pell de bronze, senyor de les mosques. En els grimoris: amb forma de vedell o amb tres caps.<\/p><p><strong>Comportament<\/strong><\/p><p>Com a dimoni suprem, dirigeix altres dimonis. La tradici\u00f3 li atribueix el pecat capital de la gola. En els processos de bruixeria se l&#8217;esmenta sovint com a soci en un <span class=\"iwg-fachbegriff\" tabindex=\"0\" data-tooltip=\"En la tradici\u00f3 cristiana medieval, contracte formal entre l'\u00e9sser hum\u00e0 i un dimoni, sovint signat amb sang.\">pacte<\/span> personal.<\/p><p><strong>\u00c0mbit d&#8217;acci\u00f3<\/strong><\/p><p>C\u00f2smicament, \u00e9s la segona figura principal de l&#8217;infern (al costat de Satan\u00e0s\/Llucifer). Tem\u00e0ticament: la gola, la cobd\u00edcia, la pesta, la plaga. A Ekron va ser origin\u00e0riament un d\u00e9u sanador; despr\u00e9s de la seva demonitzaci\u00f3, un portador de malalties.<\/p><p><strong>Origen mitol\u00f2gic<\/strong><\/p><p>D\u00e9u local filisteu, probablement amb funcions curatives (2 Reis 1: el rei Ahazi\u00e0 el consulta sobre la seva recuperaci\u00f3). La pol\u00e8mica b\u00edblica el demonitza; la tradici\u00f3 posterior amplia la seva figura demon\u00edaca.<\/p><div><p><strong>Evangelis sin\u00f2ptics i tradici\u00f3 patr\u00edstica<\/strong><\/p><p>Al Nou Testament, Beelzebub apareix cinc vegades (Mateu 10,25; 12,24.27; Marc 3,22; Lluc 11,15.18.19). En els sin\u00f2ptics \u00e9s el dimoni suprem, el poder del qual Jes\u00fas presumptament utilitza per expulsar altres dimonis.<\/p><p>Els fariseus acusen Jes\u00fas d&#8217;actuar amb l&#8217;ajuda de Beelzebub; la resposta de Jes\u00fas (la famosa \u00abSi el regne de Satan\u00e0s est\u00e0 dividit contra si mateix&#8230;\u00bb) identifica pr\u00e0cticament Beelzebub amb Satan\u00e0s.<\/p><p><span data-nosnippet>Aquesta identificaci\u00f3 esdev\u00e9 norma en la tradici\u00f3 patr\u00edstica posterior (Tertul\u00b7li\u00e0, Or\u00edgenes, <span class=\"iwg-fachbegriff\" tabindex=\"0\" data-tooltip=\"Agust\u00ed d'Hipona (354\u2013430); pare de l'Esgl\u00e9sia cristiana, autor de les obres principals Confessiones i De civitate Dei.\">Agust\u00ed<\/span>). En la demonologia medieval, el <em>Compendium maleficarum<\/em> (Francesco Maria Guazzo, 1608) coneix una jerarquia pr\u00f2pia en qu\u00e8 Beelzebub \u00e9s el vice-<span class=\"iwg-fachbegriff\" data-tooltip=\"\u00c9sser espiritual al qual s'atribueix un efecte nociu o ambivalent.\" tabindex=\"0\">dimoni<\/span> despr\u00e9s de Llucifer; en algunes l\u00ednies de la tradici\u00f3 de la Go\u00e8tia \u00e9s el segon o tercer entre els reis de la Go\u00e8tia.<\/span><\/p><\/div>\t\t\t\t\t\t\t\t<\/div>\n\t\t\t\t<\/div>\n\t\t\t\t\t<\/div>\n\t\t\t\t<\/div>\n\t\t<div class=\"elementor-element elementor-element-44e71476 e-flex e-con-boxed e-con e-parent\" data-id=\"44e71476\" data-element_type=\"container\" data-e-type=\"container\">\n\t\t\t\t\t<div class=\"e-con-inner\">\n\t\t\t\t<div class=\"elementor-element elementor-element-3c1fc3f0 elementor-widget elementor-widget-heading\" data-id=\"3c1fc3f0\" data-element_type=\"widget\" data-e-type=\"widget\" data-widget_type=\"heading.default\">\n\t\t\t\t\t<h2 class=\"elementor-heading-title elementor-size-default\">Fitxa: Beelzebub<\/h2>\t\t\t\t<\/div>\n\t\t<div class=\"elementor-element elementor-element-84f33b8e e-con-full e-flex e-con e-child\" data-id=\"84f33b8e\" data-element_type=\"container\" data-e-type=\"container\">\n\t\t\t\t<div class=\"elementor-element elementor-element-hqkdc67p elementor-widget elementor-widget-text-editor\" data-id=\"hqkdc67p\" data-element_type=\"widget\" data-e-type=\"widget\" data-widget_type=\"text-editor.default\">\n\t\t\t\t\t\t\t\t\t<p>Els aspectes m\u00e9s importants de Beelzebub d&#8217;un cop d&#8217;ull. Trobareu el desenvolupament sobre el nom, la descripci\u00f3, la protecci\u00f3 i els paral\u00b7lels en les seccions seg\u00fcents.<\/p>\t\t\t\t\t\t\t\t<\/div>\n\t\t\t\t<\/div>\n\t\t<div class=\"elementor-element elementor-element-pemmx7c5 e-con-full e-flex e-con e-child\" data-id=\"pemmx7c5\" data-element_type=\"container\" data-e-type=\"container\">\n\t\t<div class=\"elementor-element elementor-element-pemmx7c1 e-con-full e-flex e-con e-child\" data-id=\"pemmx7c1\" data-element_type=\"container\" data-e-type=\"container\">\n\t\t<div class=\"elementor-element elementor-element-qh9oavvu iwg-steckbrief-card e-flex e-con-boxed e-con e-child\" data-id=\"qh9oavvu\" data-element_type=\"container\" data-e-type=\"container\">\n\t\t\t\t\t<div class=\"e-con-inner\">\n\t\t\t\t<div class=\"elementor-element elementor-element-awzx8k2k elementor-widget elementor-widget-heading\" data-id=\"awzx8k2k\" data-element_type=\"widget\" data-e-type=\"widget\" data-widget_type=\"heading.default\">\n\t\t\t\t\t<div class=\"elementor-heading-title elementor-size-default\">Tradici\u00f3<\/div>\t\t\t\t<\/div>\n\t\t\t\t<div class=\"elementor-element elementor-element-x6rowhv0 elementor-widget elementor-widget-text-editor\" data-id=\"x6rowhv0\" data-element_type=\"widget\" data-e-type=\"widget\" data-widget_type=\"text-editor.default\">\n\t\t\t\t\t\t\t\t\t<p>Origin\u00e0riament, d\u00e9u d&#8217;Ekron (Baal-Zebul). Reinterpretat com a dimoni major a trav\u00e9s de la pol\u00e8mica b\u00edblica. El despla\u00e7ament del nom cap a \u00absenyor de les mosques\u00bb \u00e9s una distorsi\u00f3 deliberada.<\/p>\t\t\t\t\t\t\t\t<\/div>\n\t\t\t\t\t<\/div>\n\t\t\t\t<\/div>\n\t\t<div class=\"elementor-element elementor-element-8e3o4kxs iwg-steckbrief-card e-flex e-con-boxed e-con e-child\" data-id=\"8e3o4kxs\" data-element_type=\"container\" data-e-type=\"container\">\n\t\t\t\t\t<div class=\"e-con-inner\">\n\t\t\t\t<div class=\"elementor-element elementor-element-08rkdgov elementor-widget elementor-widget-heading\" data-id=\"08rkdgov\" data-element_type=\"widget\" data-e-type=\"widget\" data-widget_type=\"heading.default\">\n\t\t\t\t\t<div class=\"elementor-heading-title elementor-size-default\">Objecte d'acci\u00f3<\/div>\t\t\t\t<\/div>\n\t\t\t\t<div class=\"elementor-element elementor-element-uwjelx8s elementor-widget elementor-widget-text-editor\" data-id=\"uwjelx8s\" data-element_type=\"widget\" data-e-type=\"widget\" data-widget_type=\"text-editor.default\">\n\t\t\t\t\t\t\t\t\t<p>Canvis de confessi\u00f3 i ap\u00f2states (en el Nou Testament); en la tradici\u00f3 medieval: golafres, socis de pactes de bruixeria, <span class=\"iwg-fachbegriff\" data-tooltip=\"Ofrena a una divinitat per expressar gratitud, s\u00faplica o veneraci\u00f3.\" tabindex=\"0\">v\u00edctimes<\/span> de la pesta.<\/p>\t\t\t\t\t\t\t\t<\/div>\n\t\t\t\t\t<\/div>\n\t\t\t\t<\/div>\n\t\t<div class=\"elementor-element elementor-element-jm2n74ec iwg-steckbrief-card e-flex e-con-boxed e-con e-child\" data-id=\"jm2n74ec\" data-element_type=\"container\" data-e-type=\"container\">\n\t\t\t\t\t<div class=\"e-con-inner\">\n\t\t\t\t<div class=\"elementor-element elementor-element-8vufse4c elementor-widget elementor-widget-heading\" data-id=\"8vufse4c\" data-element_type=\"widget\" data-e-type=\"widget\" data-widget_type=\"heading.default\">\n\t\t\t\t\t<div class=\"elementor-heading-title elementor-size-default\">Aparen\u00e7a<\/div>\t\t\t\t<\/div>\n\t\t\t\t<div class=\"elementor-element elementor-element-mwb9u015 elementor-widget elementor-widget-text-editor\" data-id=\"mwb9u015\" data-element_type=\"widget\" data-e-type=\"widget\" data-widget_type=\"text-editor.default\">\n\t\t\t\t\t\t\t\t\t<p>Mosca gigantesca o figura amb banyes i ales de mosca. En els grimoris, amb forma de vedell o amb tres caps. Pell de bronze en el Testament de Salom\u00f3.<\/p>\t\t\t\t\t\t\t\t<\/div>\n\t\t\t\t\t<\/div>\n\t\t\t\t<\/div>\n\t\t\t\t<\/div>\n\t\t<div class=\"elementor-element elementor-element-pemmx7c2 e-con-full e-flex e-con e-child\" data-id=\"pemmx7c2\" data-element_type=\"container\" data-e-type=\"container\">\n\t\t<div class=\"elementor-element elementor-element-37ss2yr6 iwg-steckbrief-card e-flex e-con-boxed e-con e-child\" data-id=\"37ss2yr6\" data-element_type=\"container\" data-e-type=\"container\">\n\t\t\t\t\t<div class=\"e-con-inner\">\n\t\t\t\t<div class=\"elementor-element elementor-element-3v0wp3wx elementor-widget elementor-widget-heading\" data-id=\"3v0wp3wx\" data-element_type=\"widget\" data-e-type=\"widget\" data-widget_type=\"heading.default\">\n\t\t\t\t\t<div class=\"elementor-heading-title elementor-size-default\">Funci\u00f3<\/div>\t\t\t\t<\/div>\n\t\t\t\t<div class=\"elementor-element elementor-element-w3247g2m elementor-widget elementor-widget-text-editor\" data-id=\"w3247g2m\" data-element_type=\"widget\" data-e-type=\"widget\" data-widget_type=\"text-editor.default\">\n\t\t\t\t\t\t\t\t\t<p>Dirigeix altres dimonis, provoca la pesta i la gola, apareix en hist\u00f2ries de pactes. Com a d\u00e9u <span class=\"iwg-fachbegriff\" data-tooltip=\"Lloc o instituci\u00f3 on es demana un veredicte div\u00ed.\" tabindex=\"0\">oracular<\/span> dels filisteus: guarici\u00f3 o profecia, m\u00e9s tard convertida en el seu contrari.<\/p>\t\t\t\t\t\t\t\t<\/div>\n\t\t\t\t\t<\/div>\n\t\t\t\t<\/div>\n\t\t<div class=\"elementor-element elementor-element-0qpjal9w iwg-steckbrief-card e-flex e-con-boxed e-con e-child\" data-id=\"0qpjal9w\" data-element_type=\"container\" data-e-type=\"container\">\n\t\t\t\t\t<div class=\"e-con-inner\">\n\t\t\t\t<div class=\"elementor-element elementor-element-6ndoih0o elementor-widget elementor-widget-heading\" data-id=\"6ndoih0o\" data-element_type=\"widget\" data-e-type=\"widget\" data-widget_type=\"heading.default\">\n\t\t\t\t\t<div class=\"elementor-heading-title elementor-size-default\">Protecci\u00f3 contra Beelzebub<\/div>\t\t\t\t<\/div>\n\t\t\t\t<div class=\"elementor-element elementor-element-6684tyh9 elementor-widget elementor-widget-text-editor\" data-id=\"6684tyh9\" data-element_type=\"widget\" data-e-type=\"widget\" data-widget_type=\"text-editor.default\">\n\t\t\t\t\t\t\t\t\t<p><span class=\"iwg-fachbegriff\" data-tooltip=\"Expulsi\u00f3 ritual d'un esperit o dimoni considerat nociu.\" tabindex=\"0\">Exorcisme<\/span>, evitaci\u00f3 del nom, sagraments. Especialment en el segle XVII apareix en actes processals com a soci de pacte, amb confessi\u00f3 i absoluci\u00f3 per part d&#8217;un sacerdot.<\/p>\t\t\t\t\t\t\t\t<\/div>\n\t\t\t\t\t<\/div>\n\t\t\t\t<\/div>\n\t\t<div class=\"elementor-element elementor-element-3lfi7x32 iwg-steckbrief-card e-flex e-con-boxed e-con e-child\" data-id=\"3lfi7x32\" data-element_type=\"container\" data-e-type=\"container\">\n\t\t\t\t\t<div class=\"e-con-inner\">\n\t\t\t\t<div class=\"elementor-element elementor-element-0kg99ga1 elementor-widget elementor-widget-heading\" data-id=\"0kg99ga1\" data-element_type=\"widget\" data-e-type=\"widget\" data-widget_type=\"heading.default\">\n\t\t\t\t\t<div class=\"elementor-heading-title elementor-size-default\">Equivalents<\/div>\t\t\t\t<\/div>\n\t\t\t\t<div class=\"elementor-element elementor-element-n0fum6kp elementor-widget elementor-widget-text-editor\" data-id=\"n0fum6kp\" data-element_type=\"widget\" data-e-type=\"widget\" data-widget_type=\"text-editor.default\">\n\t\t\t\t\t\t\t\t\t<p>Figures de Baal (cananeu, com a capa d&#8217;origen), Mamm\u00f3 (<span class=\"iwg-fachbegriff\" data-tooltip=\"\u00c9sser espiritual al qual s'atribueix un efecte nociu o ambivalent.\" tabindex=\"0\">dimoni<\/span> cristi\u00e0 de l&#8217;avar\u00edcia), Asmodeu (tradici\u00f3 jueva), en general: <span class=\"iwg-fachbegriff\" data-tooltip=\"Un element de contingut recurrent en l'art o la narrativa.\" tabindex=\"0\">motiu<\/span> dels d\u00e9us estrangers demonitzats.<\/p>\t\t\t\t\t\t\t\t<\/div>\n\t\t\t\t\t<\/div>\n\t\t\t\t<\/div>\n\t\t\t\t<\/div>\n\t\t\t\t<\/div>\n\t\t\t\t\t<\/div>\n\t\t\t\t<\/div>\n\t\t<div class=\"elementor-element elementor-element-7533bc7a e-flex e-con-boxed e-con e-parent\" data-id=\"7533bc7a\" data-element_type=\"container\" data-e-type=\"container\">\n\t\t\t\t\t<div class=\"e-con-inner\">\n\t\t\t\t<div class=\"elementor-element elementor-element-2447d18d elementor-widget elementor-widget-heading\" data-id=\"2447d18d\" data-element_type=\"widget\" data-e-type=\"widget\" data-widget_type=\"heading.default\">\n\t\t\t\t\t<h2 class=\"elementor-heading-title elementor-size-default\">Protecci\u00f3 en la vida quotidiana<\/h2>\t\t\t\t<\/div>\n\t\t<div class=\"elementor-element elementor-element-d5d0260c e-con-full e-flex e-con e-child\" data-id=\"d5d0260c\" data-element_type=\"container\" data-e-type=\"container\">\n\t\t\t\t<div class=\"elementor-element elementor-element-341be2ac elementor-widget elementor-widget-text-editor\" data-id=\"341be2ac\" data-element_type=\"widget\" data-e-type=\"widget\" data-widget_type=\"text-editor.default\">\n\t\t\t\t\t\t\t\t\t<p><strong>Rituals de protecci\u00f3<\/strong><\/p><p><span class=\"iwg-fachbegriff\" data-tooltip=\"Expulsi\u00f3 ritual d'un esperit o dimoni considerat nociu.\" tabindex=\"0\">Exorcisme<\/span> en la tradici\u00f3 eclesi\u00e0stica. Medalla de Sant Benet, que aborda tots els dimonis majors alhora. Pr\u00e0ctica popular m\u00e9s antiga: creus i aigua bene\u00efda en llocs afectats per la pesta.<\/p><p><strong>Invocacions<\/strong><\/p><p>Els grimoris (Lemegeton, Pseudomonarchia Daemonum) enumeren Beelzebub amb el seu segell, rang i servitud. La <span class=\"iwg-fachbegriff\" data-tooltip=\"Doctrina cient\u00edfica sobre D\u00e9u i la fe d'una religi\u00f3.\" tabindex=\"0\">teologia<\/span> escol\u00e0stica condemna aquestes f\u00f3rmules d&#8217;invocaci\u00f3, per\u00f2 la literatura continua proliferant.<\/p><p><strong>Amulets i s\u00edmbols de protecci\u00f3<\/strong><\/p><p>Com amb Satan\u00e0s: la creu, el crucifix, la medalla de Sant Benet. En temps de pesta, espec\u00edficament: medalles de sants protectors de la pesta (Sebasti\u00e0, Roc), que atribueixen simb\u00f2licament la plaga de mosques a Beelzebub.<\/p>\t\t\t\t\t\t\t\t<\/div>\n\t\t\t\t<\/div>\n\t\t\t\t\t<\/div>\n\t\t\t\t<\/div>\n\t\t<div class=\"elementor-element elementor-element-5a584676 e-flex e-con-boxed e-con e-parent\" data-id=\"5a584676\" data-element_type=\"container\" data-e-type=\"container\">\n\t\t\t\t\t<div class=\"e-con-inner\">\n\t\t\t\t<div class=\"elementor-element elementor-element-6d0757bf elementor-widget elementor-widget-heading\" data-id=\"6d0757bf\" data-element_type=\"widget\" data-e-type=\"widget\" data-widget_type=\"heading.default\">\n\t\t\t\t\t<h2 class=\"elementor-heading-title elementor-size-default\">Recepci\u00f3<\/h2>\t\t\t\t<\/div>\n\t\t<div class=\"elementor-element elementor-element-60563f68 e-con-full e-flex e-con e-child\" data-id=\"60563f68\" data-element_type=\"container\" data-e-type=\"container\">\n\t\t\t\t<div class=\"elementor-element elementor-element-5a93fdd6 elementor-widget elementor-widget-text-editor\" data-id=\"5a93fdd6\" data-element_type=\"widget\" data-e-type=\"widget\" data-widget_type=\"text-editor.default\">\n\t\t\t\t\t\t\t\t\t<p><strong>Edat mitjana i <span class=\"iwg-fachbegriff\" data-tooltip=\"\u00c8poca aproximadament entre els segles XV i XVIII.\" tabindex=\"0\">edat moderna primerenca<\/span>:<\/strong> en els grimoris ocupa el segon rang despr\u00e9s de Satan\u00e0s\/Llucifer. En els processos de bruixeria apareix sovint com a soci de pacte. En els reculls d&#8217;exemples, \u00e9s portador de pesta.<\/p><p><strong>Milton:<\/strong> El parad\u00eds perdut de Milton (1667) converteix Beelzebub en el confident m\u00e9s proper de Satan\u00e0s i en un conseller de gran talent ret\u00f2ric al Pandem\u00f2nium.<\/p><p><strong>\u00c8poca moderna<\/strong><\/p><p><span data-nosnippet><em>El senyor de les mosques<\/em> (1954) de William Golding utilitza Beelzebub com a <span class=\"iwg-fachbegriff\" data-tooltip=\"Un signe que representa una idea o un significat.\" tabindex=\"0\">s\u00edmbol<\/span> de la brutalitzaci\u00f3 interior. El heavy metal, la fantasia i el cinema recuperen aquesta figura, generalment com a encarnaci\u00f3 de la corrupci\u00f3 dimon\u00edaca.<\/span><\/p><div><p><strong>Corpus de fonts principal<\/strong><\/p><p><span data-nosnippet>Obres sobre la recerca de Beelzebub: Joachim Tubach, <em>Im Schatten des Sonnengottes<\/em> (Otto Harrassowitz, Wiesbaden 1986), sobre la prehist\u00f2ria ugaritico-cananea. William F. Albright, <em>Yahweh and the Gods of Canaan<\/em> (Doubleday, Garden City NY 1968), fonamental per a la pol\u00e8mica jueva contra la tradici\u00f3 de Baal. Marvin H. Pope, <em>Job<\/em> (Anchor Bible, 1973), per a la discussi\u00f3 veterotestament\u00e0ria.<\/span><\/p><p><span data-nosnippet><span class=\"iwg-fachbegriff\" tabindex=\"0\" data-tooltip=\"Historiador de les religions nord-americ\u00e0 (n. 1934); estudi en quatre volums sobre la hist\u00f2ria del diable (1977\u20131986).\">Jeffrey Burton Russell<\/span>, <em>The Devil. Perceptions of Evil from Antiquity to Primitive Christianity<\/em> (Cornell University Press, Ithaca 1977) i <em>Satan. The Early Christian Tradition<\/em> (1981), per al tractament patr\u00edstic. Joseph Peterson (ed.), <em>The Lesser Key of Solomon<\/em> (Weiser, Boston 2001), per a la tradici\u00f3 de la Go\u00e8cia.<\/span><\/p><\/div>\t\t\t\t\t\t\t\t<\/div>\n\t\t\t\t<\/div>\n\t\t\t\t\t<\/div>\n\t\t\t\t<\/div>\n\t\t<div class=\"elementor-element elementor-element-cp23669fd e-flex e-con-boxed e-con e-parent\" data-id=\"cp23669fd\" data-element_type=\"container\" data-e-type=\"container\">\n\t\t\t\t\t<div class=\"e-con-inner\">\n\t\t\t\t<div class=\"elementor-element elementor-element-cp6e4ef2a elementor-widget elementor-widget-heading\" data-id=\"cp6e4ef2a\" data-element_type=\"widget\" data-e-type=\"widget\" data-widget_type=\"heading.default\">\n\t\t\t\t\t<h2 class=\"elementor-heading-title elementor-size-default\">Baal-Zebub d'Ecron: el punt de partida b\u00edblic<\/h2>\t\t\t\t<\/div>\n\t\t<div class=\"elementor-element elementor-element-cp36a1bf3 e-con-full e-flex e-con e-child\" data-id=\"cp36a1bf3\" data-element_type=\"container\" data-e-type=\"container\">\n\t\t\t\t<div class=\"elementor-element elementor-element-cp9e719be elementor-widget elementor-widget-text-editor\" data-id=\"cp9e719be\" data-element_type=\"widget\" data-e-type=\"widget\" data-widget_type=\"text-editor.default\">\n\t\t\t\t\t\t\t\t\t<p>El nom Beelzebub es remunta a un passatge concret de l&#8217;Antic Testament. En el segon llibre dels Reis, cap\u00edtol 1, el rei malalt Ahazi\u00e0 d&#8217;Israel envia missatgers a consultar <em>Baal-Zebub<\/em>, el d\u00e9u d&#8217;Ecron.<\/p><p>Ecron era una de les cinc ciutats principals dels filisteus. El profeta Elies intercepta els missatgers i anuncia al rei la mort, per haver consultat un d\u00e9u estranger en lloc del d\u00e9u d&#8217;Israel.<\/p><p>El nom <em>Baal-Zebub<\/em> significa literalment \u00absenyor de les mosques\u00bb. En la investigaci\u00f3 aix\u00f2 es considera majorit\u00e0riament una burla deformada d&#8217;un t\u00edtol original.<\/p><p>Es suposa un original <em>Baal-Zebul<\/em>, \u00absenyor excels\u00bb o \u00abpr\u00edncep Baal\u00bb, on <em>zebul<\/em> es relaciona amb el terme per a un habitatge elevat o una seu principesca. Els autors b\u00edblics haurien distorsionat deliberadament aquest t\u00edtol honor\u00edfic per convertir-lo en \u00absenyor de les mosques\u00bb, per ridiculitzar el <span class=\"iwg-fachbegriff\" data-tooltip=\"El conjunt d'actes de veneraci\u00f3 religiosa dedicats a una divinitat o figura sagrada.\" tabindex=\"0\">culte<\/span> estranger.<\/p><p>Aquesta interpretaci\u00f3 es basa tamb\u00e9 en els textos ugar\u00edtics, on Baal apareix amb l&#8217;ep\u00edtet <em>zbl<\/em>. No est\u00e0 confirmada amb certesa, per\u00f2 \u00e9s l&#8217;explicaci\u00f3 m\u00e9s estesa. Cal retenir que a l&#8217;origen no hi ha pas una figura demon\u00edaca, sin\u00f3 una divinitat meteorol\u00f2gica sem\u00edtica occidental, percebuda des d&#8217;Israel com un d\u00e9u estranger i hostil.<\/p><p>Que d&#8217;un <span class=\"iwg-fachbegriff\" data-tooltip=\"El conjunt d'actes de veneraci\u00f3 religiosa dedicats a una divinitat o figura sagrada.\" tabindex=\"0\">culte<\/span> regional de Baal a la ciutat filistea d&#8217;Ecron sorg\u00eds una figura central de la demonologia posterior \u00e9s un exemple paradigm\u00e0tic de com una religi\u00f3 reinterpreta els d\u00e9us dels seus ve\u00efns. El senyor un temps venerat es converteix en \u00eddol menyspreat i, finalment, en <span class=\"iwg-fachbegriff\" data-tooltip=\"\u00c9sser espiritual al qual s'atribueix un efecte nociu o ambivalent.\" tabindex=\"0\">dimoni<\/span>.<\/p>\t\t\t\t\t\t\t\t<\/div>\n\t\t\t\t<\/div>\n\t\t\t\t\t<\/div>\n\t\t\t\t<\/div>\n\t\t<div class=\"elementor-element elementor-element-cp4d57078 e-flex e-con-boxed e-con e-parent\" data-id=\"cp4d57078\" data-element_type=\"container\" data-e-type=\"container\">\n\t\t\t\t\t<div class=\"e-con-inner\">\n\t\t\t\t<div class=\"elementor-element elementor-element-cp02351eb elementor-widget elementor-widget-heading\" data-id=\"cp02351eb\" data-element_type=\"widget\" data-e-type=\"widget\" data-widget_type=\"heading.default\">\n\t\t\t\t\t<h2 class=\"elementor-heading-title elementor-size-default\">De l'\u00eddol al pr\u00edncep dels dimonis: l'evoluci\u00f3 en el Nou Testament i posteriorment<\/h2>\t\t\t\t<\/div>\n\t\t<div class=\"elementor-element elementor-element-cp66af76f e-con-full e-flex e-con e-child\" data-id=\"cp66af76f\" data-element_type=\"container\" data-e-type=\"container\">\n\t\t\t\t<div class=\"elementor-element elementor-element-cp116f42b elementor-widget elementor-widget-text-editor\" data-id=\"cp116f42b\" data-element_type=\"widget\" data-e-type=\"widget\" data-widget_type=\"text-editor.default\">\n\t\t\t\t\t\t\t\t\t<p>En el Nou Testament el nom apareix en una forma lleugerament modificada, <em>Beelzebul<\/em>. En els evangelis sin\u00f2ptics, els adversaris de Jes\u00fas l&#8217;acusen d&#8217;expulsar els dimonis amb l&#8217;ajuda de <em>Beelzebul<\/em>, anomenat all\u00e0 \u00abpr\u00edncep dels dimonis\u00bb.<\/p><p>Jes\u00fas rebutja l&#8217;acusaci\u00f3 amb l&#8217;argument conegut que un regne dividit contra si mateix no pot sobreviure.<\/p><p>En aquest punt l&#8217;evoluci\u00f3 ja ha avan\u00e7at molt: l&#8217;antic d\u00e9u filisteu \u00e9s ara un cap dels dimonis, de fet identificat o estretament vinculat amb Satan. Els mateixos evangelis estableixen aquesta identificaci\u00f3 en passar, dins l&#8217;argumentaci\u00f3, de Beelzebul a Satan.<\/p><p>En la tradici\u00f3 cristiana postb\u00edblica, Beelzebub va esdevenir una figura pr\u00f2pia dins la jerarquia infernal. Les demonologies medievals i de l&#8217;edat moderna primerenca li van atorgar un rang elevat, sovint com un dels <span class=\"iwg-fachbegriff\" data-tooltip=\"En les religions abra\u00e0miques, un \u00e9sser missatger celestial de D\u00e9u.\" tabindex=\"0\">\u00e0ngels<\/span> caiguts m\u00e9s poderosos, immediatament despr\u00e9s de <a href=\"https:\/\/iwell-guard.com\/ca\/?page_id=171370\">Llucifer<\/a> o <a href=\"https:\/\/iwell-guard.com\/ca\/?page_id=171368\">Satan<\/a>. En alguns d&#8217;aquests sistemes fins i tot va ser considerat el veritable senyor suprem de l&#8217;infern.<\/p><p>Aquestes jerarquies no constitueixen una doctrina unificada, sin\u00f3 productes d&#8217;una literatura especulativa que varia d&#8217;un autor a l&#8217;altre. Cal retenir la l\u00ednia hist\u00f2rico-religiosa: un Baal sem\u00edtic occidental, ridiculitzat com a d\u00e9u estranger per la B\u00edblia hebrea, declarat pr\u00edncep dels dimonis en el Nou Testament, i configurat com a element fix de la topografia infernal en l&#8217;edat mitjana cristiana.<\/p>\t\t\t\t\t\t\t\t<\/div>\n\t\t\t\t<\/div>\n\t\t\t\t\t<\/div>\n\t\t\t\t<\/div>\n\t\t<div class=\"elementor-element elementor-element-cpae21100 e-flex e-con-boxed e-con e-parent\" data-id=\"cpae21100\" data-element_type=\"container\" data-e-type=\"container\">\n\t\t\t\t\t<div class=\"e-con-inner\">\n\t\t\t\t<div class=\"elementor-element elementor-element-cp2c6c91c elementor-widget elementor-widget-heading\" data-id=\"cp2c6c91c\" data-element_type=\"widget\" data-e-type=\"widget\" data-widget_type=\"heading.default\">\n\t\t\t\t\t<h2 class=\"elementor-heading-title elementor-size-default\">Beelzebub en manuals d'exorcisme i processos de bruixeria<\/h2>\t\t\t\t<\/div>\n\t\t<div class=\"elementor-element elementor-element-cp64b7856 e-con-full e-flex e-con e-child\" data-id=\"cp64b7856\" data-element_type=\"container\" data-e-type=\"container\">\n\t\t\t\t<div class=\"elementor-element elementor-element-cp7055b54 elementor-widget elementor-widget-text-editor\" data-id=\"cp7055b54\" data-element_type=\"widget\" data-e-type=\"widget\" data-widget_type=\"text-editor.default\">\n\t\t\t\t\t\t\t\t\t<p>A l&#8217;edat moderna, Beelzebub va adquirir import\u00e0ncia pr\u00e0ctica en dos contextos: l&#8217;<span class=\"iwg-fachbegriff\" data-tooltip=\"Expulsi\u00f3 ritual d'un esperit o dimoni considerat nociu.\" tabindex=\"0\">exorcisme<\/span> i els processos de bruixeria. Els manuals d&#8217;exorcisme, que servien per interrogar els suposats posse\u00efts, enumeraven noms de dimonis. Beelzebub era un dels noms que l&#8217;exorcista havia de preguntar, ja que es creia que con\u00e8ixer el nom donava poder sobre el <span class=\"iwg-fachbegriff\" data-tooltip=\"\u00c9sser espiritual al qual s'atribueix un efecte nociu o ambivalent.\" tabindex=\"0\">dimoni<\/span>.<\/p><p>El cas m\u00e9s c\u00e8lebre \u00e9s el de Loudun, a Fran\u00e7a, on a la d\u00e8cada de 1630 diverses monges d&#8217;un convent foren considerades posse\u00efdes. En les actes d&#8217;aquest cas i d&#8217;altres semblants, Beelzebub apareix entre els dimonis esmentats.<\/p><p>La recerca hist\u00f2rica, com l&#8217;influent estudi de Michel de Certeau sobre Loudun, ha mostrat fins a quin punt aquests casos van ser configurats per conflictes socials, compet\u00e8ncia teol\u00f2gica i les expectatives dels exorcistes.<\/p><p>En els processos de bruixeria, Beelzebub apareixia de vegades com el <span class=\"iwg-fachbegriff\" data-tooltip=\"\u00c9sser espiritual al qual s'atribueix un efecte nociu o ambivalent.\" tabindex=\"0\">dimoni<\/span> amb el qual els acusats haurien pactat suposadament. Aqu\u00ed tamb\u00e9 cal ser prudent: les declaracions es van obtenir sota tortura o amena\u00e7a de tortura i seguien les indicacions dels interrogadors.<\/p><p>Una l\u00ednia pr\u00f2pia \u00e9s la de la literatura de grimoris, manuals m\u00e0gics amb suposades instruccions per a la <span class=\"iwg-fachbegriff\" data-tooltip=\"Ritual ling\u00fc\u00edstic destinat a invocar o vincular un poder.\" tabindex=\"0\">invocaci\u00f3<\/span> d&#8217;esperits. Obres com el <em>Great Grimoire<\/em> o els escrits de <em>H\u00f6llenzwang<\/em> anomenen Beelzebub entre els pr\u00ednceps infernals invocables. Aquests textos s\u00f3n compilacions tardanes, sovint de l&#8217;edat moderna o encara m\u00e9s recents, sense fonament <span class=\"iwg-fachbegriff\" data-tooltip=\"\u00c8poca de la cultura grega i romana, aproximadament del 800 aC al 600 dC.\" tabindex=\"0\">antic<\/span>; documenten la concepci\u00f3 m\u00e0gica popular, no una tradici\u00f3 antiga.<\/p>\t\t\t\t\t\t\t\t<\/div>\n\t\t\t\t<\/div>\n\t\t\t\t\t<\/div>\n\t\t\t\t<\/div>\n\t\t<div class=\"elementor-element elementor-element-cpfd1dce0 e-flex e-con-boxed e-con e-parent\" data-id=\"cpfd1dce0\" data-element_type=\"container\" data-e-type=\"container\">\n\t\t\t\t\t<div class=\"e-con-inner\">\n\t\t\t\t<div class=\"elementor-element elementor-element-cp4b0e833 elementor-widget elementor-widget-heading\" data-id=\"cp4b0e833\" data-element_type=\"widget\" data-e-type=\"widget\" data-widget_type=\"heading.default\">\n\t\t\t\t\t<h2 class=\"elementor-heading-title elementor-size-default\">La mosca com a imatge: iconografia i recepci\u00f3 liter\u00e0ria<\/h2>\t\t\t\t<\/div>\n\t\t<div class=\"elementor-element elementor-element-cpc448622 e-con-full e-flex e-con e-child\" data-id=\"cpc448622\" data-element_type=\"container\" data-e-type=\"container\">\n\t\t\t\t<div class=\"elementor-element elementor-element-cp963cee2 elementor-widget elementor-widget-text-editor\" data-id=\"cp963cee2\" data-element_type=\"widget\" data-e-type=\"widget\" data-widget_type=\"text-editor.default\">\n\t\t\t\t\t\t\t\t\t<p>El significat literal &#8222;senyor de les mosques&#8220; ha marcat profundament l&#8217;imaginari al voltant de Beelzebub, encara que origin\u00e0riament era una burla. En l&#8217;art i la literatura cristiana, la mosca es va convertir en el seu atribut. Les mosques eren considerades animals de la putrefacci\u00f3, de la carronya i de la malaltia; s&#8217;adeien amb la idea d&#8217;un dimoni vinculat a la descomposici\u00f3 i la impuresa.<\/p><p>En algunes representacions medievals i modernes, Beelzebub apareix com un \u00e9sser enorme de tipus mosca o insecte, i en altres com un <span class=\"iwg-fachbegriff\" data-tooltip=\"\u00c9sser espiritual al qual s'atribueix un efecte nociu o ambivalent.\" tabindex=\"0\">dimoni<\/span> alat de tipus m\u00e9s tradicional. No existeix una <span class=\"iwg-fachbegriff\" data-tooltip=\"Disciplina que estudia el contingut de les imatges i el seu significat.\" tabindex=\"0\">iconografia<\/span> unificada; els artistes seguien les diferents demonologies i la seva pr\u00f2pia imaginaci\u00f3.<\/p><p>La recepci\u00f3 liter\u00e0ria \u00e9s \u00e0mplia. El <em>Paradise Lost<\/em> de John Milton, del segle XVII, presenta Beelzebub com l&#8217;<span class=\"iwg-fachbegriff\" data-tooltip=\"En les religions abra\u00e0miques, un \u00e9sser celestial missatger de D\u00e9u.\" tabindex=\"0\">\u00e0ngel<\/span> caigut de rang m\u00e9s alt despr\u00e9s de Satan, i com el seu conseller intel\u00b7ligent i digne. Milton li d\u00f3na aix\u00ed una personalitat liter\u00e0riament elaborada que va molt m\u00e9s enll\u00e0 de les breus notes b\u00edbliques.<\/p><p><span data-nosnippet>Al segle XX, la novel\u00b7la de William Golding <em>El senyor de les mosques<\/em> (1954) va fer con\u00e8ixer el nom a un p\u00fablic ampli, sense que el <span class=\"iwg-fachbegriff\" data-tooltip=\"\u00c9sser espiritual al qual s'atribueix un efecte nociu o ambivalent.\" tabindex=\"0\">dimoni<\/span> mateix hi aparegui: el t\u00edtol es refereix al cap de porc clavat en un pal, envoltat de mosques, i al mal que, segons Golding, resideix en l&#8217;\u00e9sser hum\u00e0 mateix.<\/span><\/p><p>Beelzebub \u00e9s, doncs, en la cultura moderna, menys una figura concreta que un <span class=\"iwg-fachbegriff\" data-tooltip=\"Una imatge il\u00b7lustrativa que representa una idea abstracta.\" tabindex=\"0\">s\u00edmbol<\/span> de decad\u00e8ncia i del mal que ve de dins.<\/p>\t\t\t\t\t\t\t\t<\/div>\n\t\t\t\t<\/div>\n\t\t\t\t\t<\/div>\n\t\t\t\t<\/div>\n\t\t<div class=\"elementor-element elementor-element-36dd7469 e-flex e-con-boxed e-con e-parent\" data-id=\"36dd7469\" data-element_type=\"container\" data-e-type=\"container\">\n\t\t\t\t\t<div class=\"e-con-inner\">\n\t\t\t\t<div class=\"elementor-element elementor-element-13760ab4 elementor-widget elementor-widget-heading\" data-id=\"13760ab4\" data-element_type=\"widget\" data-e-type=\"widget\" data-widget_type=\"heading.default\">\n\t\t\t\t\t<div class=\"elementor-heading-title elementor-size-default\">Enlla\u00e7os relacionats<\/div>\t\t\t\t<\/div>\n\t\t<div class=\"elementor-element elementor-element-28c87796 e-con-full e-flex e-con e-child\" data-id=\"28c87796\" data-element_type=\"container\" data-e-type=\"container\">\n\t\t\t\t<div class=\"elementor-element elementor-element-5d6538df elementor-widget elementor-widget-text-editor\" data-id=\"5d6538df\" data-element_type=\"widget\" data-e-type=\"widget\" data-widget_type=\"text-editor.default\">\n\t\t\t\t\t\t\t\t\t<p>Enlla\u00e7os interns recomanats:<\/p><ul><li><a href=\"https:\/\/iwell-guard.com\/ca\/?page_id=171364\">Cristianisme<\/a><\/li><li><a href=\"https:\/\/iwell-guard.com\/ca\/?page_id=171368\">Satan<\/a>, <a href=\"https:\/\/iwell-guard.com\/ca\/?page_id=171370\">Llucifer<\/a>, <a href=\"https:\/\/iwell-guard.com\/ca\/?page_id=171371\">Leviatan<\/a>, <a href=\"https:\/\/iwell-guard.com\/ca\/?page_id=171373\">Legi\u00f3<\/a><\/li><li>Demonitzaci\u00f3 de d\u00e9us estrangers en la pol\u00e8mica b\u00edblica<\/li><li>Literatura de grimoris<\/li><li><span class=\"iwg-fachbegriff\" data-tooltip=\"Disciplina que estudia el contingut de les imatges i el seu significat.\" tabindex=\"0\">Iconografia<\/span> de sants de la pesta<\/li><\/ul>\t\t\t\t\t\t\t\t<\/div>\n\t\t\t\t<\/div>\n\t\t\t\t\t<\/div>\n\t\t\t\t<\/div>\n\t\t<div class=\"elementor-element elementor-element-grl4kl40 e-flex e-con-boxed e-con e-parent\" data-id=\"grl4kl40\" data-element_type=\"container\" data-e-type=\"container\">\n\t\t\t\t\t<div class=\"e-con-inner\">\n\t\t\t\t<div class=\"elementor-element elementor-element-bzsbfrmh elementor-widget elementor-widget-heading\" data-id=\"bzsbfrmh\" data-element_type=\"widget\" data-e-type=\"widget\" data-widget_type=\"heading.default\">\n\t\t\t\t\t<h2 class=\"elementor-heading-title elementor-size-default\">Bibliografia (selecci\u00f3)<\/h2>\t\t\t\t<\/div>\n\t\t<div class=\"elementor-element elementor-element-2c13224a e-con-full e-flex e-con e-child\" data-id=\"2c13224a\" data-element_type=\"container\" data-e-type=\"container\">\n\t\t\t\t<div class=\"elementor-element elementor-element-0eymh9ub elementor-widget elementor-widget-text-editor\" data-id=\"0eymh9ub\" data-element_type=\"widget\" data-e-type=\"widget\" data-widget_type=\"text-editor.default\">\n\t\t\t\t\t\t\t\t\t<footer class=\"iwg-literatur\" data-nosnippet=\"true\"><p>Una selecci\u00f3 d&#8217;obres centrals sobre Beelzebub:<\/p><ul><li><span data-nosnippet>Tate, Marvin \/ Haas, Peter (Hg.): <em>Baal Worship in the Old Testament<\/em>. Studies 1991.<\/span><\/li><li><span data-nosnippet>Duling, Dennis C.: \u201eTestament of Solomon.\u00bb In: James Charlesworth (Hg.): <em>Old Testament Pseudepigrapha<\/em>, Bd. 1. New York 1983.<\/span><\/li><li><span data-nosnippet>Russell, Jeffrey Burton: <em>Satan<\/em>, Bd. 2. Ithaca 1981.<\/span><\/li><li><span data-nosnippet>Forsyth, Neil: <em>The Old Enemy<\/em>. Princeton 1987.<\/span><\/li><li><span data-nosnippet>Gaster, Theodor H.: \u201eBeelzebul.\u00bb In: <em>Dictionary of Deities and Demons in the Bible<\/em>. 2. Aufl. Leiden 1999.<\/span><\/li><\/ul><\/footer>\t\t\t\t\t\t\t\t<\/div>\n\t\t\t\t<\/div>\n\t\t\t\t\t<\/div>\n\t\t\t\t<\/div>\n\t\t<div class=\"elementor-element elementor-element-8736371 e-con-boxed e-flex e-con e-parent\" data-id=\"8736371\" data-element_type=\"container\" data-e-type=\"container\">\n\t\t\t\t\t<div class=\"e-con-inner\">\n\t\t\t\t<div class=\"elementor-element elementor-element-889d9ff elementor-widget elementor-widget-text-editor\" data-id=\"889d9ff\" data-element_type=\"widget\" data-e-type=\"widget\" data-widget_type=\"text-editor.default\">\n\t\t\t\t\t\t\t\t\t\n<h2>Preguntes freq\u00fcents sobre Belzeb\u00fa<\/h2>\n<div class=\"iwg-faq-q\"><h3>Qui \u00e9s Belzeb\u00fa?<\/h3><p>Belzeb\u00fa (hebreu Baal-Zebub, Senyor de les Mosques) va ser origin\u00e0riament el d\u00e9u de la ciutat filistea d&#8217;Ecron, ridiculitzat al 2n Llibre dels Reis (1,2-6). Al Nou Testament, Belzeb\u00fa \u00e9s un dels sobrenoms de Satan\u00e0s (Marc 3,22). En el sistema de grimoris medievals (Lemegeton, Malleus Maleficarum), Belzeb\u00fa apareix com un dels pr\u00ednceps infernals m\u00e9s elevats, sovint considerat el segon despr\u00e9s de Satan\u00e0s o Llucifer.<\/p><\/div>\n<div class=\"iwg-faq-q\"><h3>Quin paper t\u00e9 Belzeb\u00fa en la literatura demonol\u00f2gica?<\/h3><p><span data-nosnippet>Al Malleus Maleficarum (1487) i al Lemegeton (Llibre de Salom\u00f3), Belzeb\u00fa \u00e9s un dels pr\u00ednceps infernals m\u00e9s poderosos dels 72. Johann Weyer, en la seva Pseudomonarchia Daemonum (1577), li atribueix el comandament suprem de l&#8217;ex\u00e8rcit infernal oriental. En la imaginaci\u00f3 popular cristiana \u00e9s el Senyor de les Mosques, la qual cosa remet m\u00edtica a l&#8217;olor de la putrefacci\u00f3 i la malaltia.<\/span><\/p><\/div>\n<script type=\"application\/ld+json\">{\"@context\":\"https:\/\/schema.org\",\"@type\":\"FAQPage\",\"mainEntity\":[{\"@type\":\"Question\",\"name\":\"Qui \u00e9s Belzeb\u00fa?\",\"acceptedAnswer\":{\"@type\":\"Answer\",\"text\":\"Belzeb\u00fa (hebreu Baal-Zebub, Senyor de les Mosques) va ser origin\u00e0riament el d\u00e9u de la ciutat filistea d'Ecron \\u2014 ridiculitzat al 2n Llibre dels Reis (1,2-6). Al Nou Testament, Belzeb\u00fa \u00e9s un dels sobrenoms de Satan\u00e0s (Marc 3,22). En el sistema de grimoris medievals (Lemegeton, Malleus Maleficarum), Belzeb\u00fa apareix com un dels pr\u00ednceps infernals m\u00e9s elevats \\u2014 sovint considerat el segon despr\u00e9s de Satan\u00e0s o Llucifer.\"}},{\"@type\":\"Question\",\"name\":\"Quin paper t\u00e9 Belzeb\u00fa en la literatura demonol\u00f2gica?\",\"acceptedAnswer\":{\"@type\":\"Answer\",\"text\":\"Al Malleus Maleficarum (1487) i al Lemegeton (Llibre de Salom\u00f3), Belzeb\u00fa \u00e9s un dels pr\u00ednceps infernals m\u00e9s poderosos dels 72. Johann Weyer, en la seva Pseudomonarchia Daemonum (1577), li atribueix el comandament suprem de l'ex\u00e8rcit infernal oriental. En la imaginaci\u00f3 popular cristiana \u00e9s el Senyor de les Mosques \\u2014 la qual cosa remet m\u00edtica a l'olor de la putrefacci\u00f3 i la malaltia.\"}}]}<\/script>\t\t\t\t\t\t\t\t<\/div>\n\t\t\t\t\t<\/div>\n\t\t\t\t<\/div>\n\t\t\t\t<\/div>\n\t\t","protected":false},"excerpt":{"rendered":"","protected":false},"author":3,"featured_media":1563,"parent":0,"menu_order":0,"comment_status":"closed","ping_status":"closed","template":"elementor_header_footer","meta":{"_yoast_wpseo_focuskw":"Beelzebub","_yoast_wpseo_title":"Beelzebub - \"Senyor de les mosques\", d\u00e9u estranger demonitzat","_yoast_wpseo_metadesc":"Beelzebub \u00e9s un dels casos m\u00e9s impactants de transformaci\u00f3 d'una figura en la hist\u00f2ria religiosa: originalment d\u00e9u local","_yoast_wpseo_meta-robots-noindex":"","_yoast_wpseo_canonical":"","_angie_page":false,"gefaehrdungsstufe":"5","wesen_kultur":"christentum","wesen_klasse":"daemonen","footnotes":""},"categories":[],"class_list":["post-171372","page","type-page","status-publish","has-post-thumbnail","hentry"],"yoast_head":"<!-- This site is optimized with the Yoast SEO Premium plugin v27.7 (Yoast SEO v28.3) - https:\/\/yoast.com\/product\/yoast-seo-premium-wordpress\/ -->\n<title>Beelzebub - &quot;Senyor de les mosques&quot;, d\u00e9u estranger demonitzat<\/title>\n<meta name=\"description\" content=\"Beelzebub \u00e9s un dels casos m\u00e9s impactants de transformaci\u00f3 d&#039;una figura en la hist\u00f2ria religiosa: originalment d\u00e9u local\" \/>\n<meta name=\"robots\" content=\"index, follow, max-snippet:-1, max-image-preview:large, max-video-preview:-1\" \/>\n<link rel=\"canonical\" href=\"https:\/\/iwell-guard.com\/ca\/beelzebub\/\" \/>\n<meta property=\"og:locale\" content=\"ca_ES\" \/>\n<meta property=\"og:type\" content=\"article\" \/>\n<meta property=\"og:title\" content=\"Beelzebub\" \/>\n<meta property=\"og:description\" content=\"Beelzebub \u00e9s un dels casos m\u00e9s impactants de transformaci\u00f3 d&#039;una figura en la hist\u00f2ria religiosa: originalment d\u00e9u local\" \/>\n<meta property=\"og:url\" content=\"https:\/\/iwell-guard.com\/ca\/beelzebub\/\" \/>\n<meta property=\"og:site_name\" content=\"iWell Guard\" \/>\n<meta property=\"article:modified_time\" content=\"2026-09-05T15:56:05+00:00\" \/>\n<meta property=\"og:image\" content=\"https:\/\/iwell-guard.com\/wp-content\/uploads\/2026\/04\/goetter_christentum_beelzebub.webp\" \/>\n\t<meta property=\"og:image:width\" content=\"1024\" \/>\n\t<meta property=\"og:image:height\" content=\"1536\" \/>\n\t<meta property=\"og:image:type\" content=\"image\/webp\" \/>\n<meta name=\"twitter:card\" content=\"summary_large_image\" \/>\n<script type=\"application\/ld+json\" class=\"yoast-schema-graph\">{\"@context\":\"https:\\\/\\\/schema.org\",\"@graph\":[{\"@type\":\"WebPage\",\"@id\":\"https:\\\/\\\/iwell-guard.com\\\/ca\\\/beelzebub\\\/\",\"url\":\"https:\\\/\\\/iwell-guard.com\\\/ca\\\/beelzebub\\\/\",\"name\":\"Beelzebub - \\\"Senyor de les mosques\\\", d\u00e9u estranger demonitzat\",\"isPartOf\":{\"@id\":\"https:\\\/\\\/iwell-guard.com\\\/ca\\\/#website\"},\"primaryImageOfPage\":{\"@id\":\"https:\\\/\\\/iwell-guard.com\\\/ca\\\/beelzebub\\\/#primaryimage\"},\"image\":{\"@id\":\"https:\\\/\\\/iwell-guard.com\\\/ca\\\/beelzebub\\\/#primaryimage\"},\"thumbnailUrl\":\"https:\\\/\\\/iwell-guard.com\\\/wp-content\\\/uploads\\\/2026\\\/04\\\/goetter_christentum_beelzebub.webp\",\"datePublished\":\"2026-09-05T15:38:50+00:00\",\"dateModified\":\"2026-09-05T15:56:05+00:00\",\"description\":\"Beelzebub \u00e9s un dels casos m\u00e9s impactants de transformaci\u00f3 d'una figura en la hist\u00f2ria religiosa: originalment d\u00e9u local\",\"breadcrumb\":{\"@id\":\"https:\\\/\\\/iwell-guard.com\\\/ca\\\/beelzebub\\\/#breadcrumb\"},\"inLanguage\":\"ca\",\"potentialAction\":[{\"@type\":\"ReadAction\",\"target\":[\"https:\\\/\\\/iwell-guard.com\\\/ca\\\/beelzebub\\\/\"]}]},{\"@type\":\"ImageObject\",\"inLanguage\":\"ca\",\"@id\":\"https:\\\/\\\/iwell-guard.com\\\/ca\\\/beelzebub\\\/#primaryimage\",\"url\":\"https:\\\/\\\/iwell-guard.com\\\/wp-content\\\/uploads\\\/2026\\\/04\\\/goetter_christentum_beelzebub.webp\",\"contentUrl\":\"https:\\\/\\\/iwell-guard.com\\\/wp-content\\\/uploads\\\/2026\\\/04\\\/goetter_christentum_beelzebub.webp\",\"width\":1024,\"height\":1536,\"caption\":\"D\u00e9us de la tradici\u00f3 del cristianisme.\"},{\"@type\":\"BreadcrumbList\",\"@id\":\"https:\\\/\\\/iwell-guard.com\\\/ca\\\/beelzebub\\\/#breadcrumb\",\"itemListElement\":[{\"@type\":\"ListItem\",\"position\":1,\"name\":\"Start\",\"item\":\"https:\\\/\\\/iwell-guard.com\\\/ca\\\/?page_id=171333\"},{\"@type\":\"ListItem\",\"position\":2,\"name\":\"Beelzebub\"}]},{\"@type\":\"WebSite\",\"@id\":\"https:\\\/\\\/iwell-guard.com\\\/ca\\\/#website\",\"url\":\"https:\\\/\\\/iwell-guard.com\\\/ca\\\/\",\"name\":\"iWell Guard\",\"description\":\"Schutz vor dunklen Einfl\u00fcssen\",\"publisher\":{\"@id\":\"https:\\\/\\\/iwell-guard.com\\\/ca\\\/#organization\"},\"potentialAction\":[{\"@type\":\"SearchAction\",\"target\":{\"@type\":\"EntryPoint\",\"urlTemplate\":\"https:\\\/\\\/iwell-guard.com\\\/ca\\\/?s={search_term_string}\"},\"query-input\":{\"@type\":\"PropertyValueSpecification\",\"valueRequired\":true,\"valueName\":\"search_term_string\"}}],\"inLanguage\":\"ca\"},{\"@type\":\"Organization\",\"@id\":\"https:\\\/\\\/iwell-guard.com\\\/ca\\\/#organization\",\"name\":\"Ittermann electronic GmbH\",\"url\":\"https:\\\/\\\/iwell-guard.com\\\/ca\\\/\",\"logo\":{\"@type\":\"ImageObject\",\"inLanguage\":\"ca\",\"@id\":\"https:\\\/\\\/iwell-guard.com\\\/ca\\\/#\\\/schema\\\/logo\\\/image\\\/\",\"url\":\"https:\\\/\\\/iwell-guard.com\\\/wp-content\\\/uploads\\\/2026\\\/05\\\/Ittermann-Logo-1182x237-1.png\",\"contentUrl\":\"https:\\\/\\\/iwell-guard.com\\\/wp-content\\\/uploads\\\/2026\\\/05\\\/Ittermann-Logo-1182x237-1.png\",\"width\":1182,\"height\":237,\"caption\":\"Ittermann electronic GmbH\"},\"image\":{\"@id\":\"https:\\\/\\\/iwell-guard.com\\\/ca\\\/#\\\/schema\\\/logo\\\/image\\\/\"},\"sameAs\":[\"https:\\\/\\\/pantip.com\\\/profile\\\/9367242\",\"https:\\\/\\\/micro.blog\\\/iwellguard\",\"https:\\\/\\\/www.diggerslist.com\\\/iwellguard\\\/about\",\"https:\\\/\\\/skitterphoto.com\\\/photographers\\\/2870314\\\/iwell-guard\",\"https:\\\/\\\/iwellguard.wordpress.com\\\/2026\\\/06\\\/06\\\/iwell-guard\\\/\",\"https:\\\/\\\/hub.docker.com\\\/u\\\/iwellguard\",\"https:\\\/\\\/www.pinterest.com\\\/iwellguard\\\/\",\"https:\\\/\\\/bit.ly\\\/m\\\/iwellguard\",\"https:\\\/\\\/entre-vos-mains.alsace.eu\\\/profiles\\\/iwellguard\\\/activity\",\"https:\\\/\\\/gravatar.com\\\/reallybeded8fd34\",\"https:\\\/\\\/naijamatta.com\\\/iwellguard\",\"https:\\\/\\\/www.goodreads.com\\\/iwellguard\",\"https:\\\/\\\/profile.hatena.ne.jp\\\/iwellguard\\\/\",\"https:\\\/\\\/experiment.com\\\/users\\\/iwellguard\",\"https:\\\/\\\/wakelet.com\\\/@iWellGuard82270\",\"https:\\\/\\\/www.chordie.com\\\/forum\\\/profile.php?id=2555664\",\"https:\\\/\\\/www.instapaper.com\\\/p\\\/17757966\",\"https:\\\/\\\/www.mapleprimes.com\\\/users\\\/iwellguard\",\"https:\\\/\\\/businesslistingplus.com\\\/profile\\\/iwell-guard\\\/\",\"https:\\\/\\\/telegra.ph\\\/iWell-Guard-06-06\",\"https:\\\/\\\/pbase.com\\\/iwellguard\\\/iwellguard\",\"https:\\\/\\\/b.hatena.ne.jp\\\/iwellguard\\\/20260607#bookmark-4788405196491818882\",\"https:\\\/\\\/fliphtml5.com\\\/home\\\/iwellguard\",\"https:\\\/\\\/anyflip.com\\\/homepage\\\/cmiwl#About\",\"https:\\\/\\\/transfur.com\\\/Users\\\/iwellguard\",\"http:\\\/\\\/delphi.larsbo.org\\\/user\\\/iwellguard\",\"https:\\\/\\\/jobs.lajobsportal.org\\\/profiles\\\/8380803-iwell-guard\",\"https:\\\/\\\/md.chaosdorf.de\\\/s\\\/jfbe5SBdJD\",\"https:\\\/\\\/www.lingvolive.com\\\/en-us\\\/profile\\\/9ecaeaca-ce11-4e51-9e71-01d55e2bff36\\\/translations\",\"https:\\\/\\\/www.fitday.com\\\/fitness\\\/forums\\\/members\\\/iwellguard.html\",\"https:\\\/\\\/www.mymeetbook.com\\\/iwellguard\",\"https:\\\/\\\/pxhere.com\\\/en\\\/photographer-me\\\/5040798\",\"https:\\\/\\\/disqus.com\\\/by\\\/iwellguard\\\/about\\\/\",\"https:\\\/\\\/pastelink.net\\\/hjwciqwq\",\"https:\\\/\\\/pubhtml5.com\\\/homepage\\\/scjhn\\\/\",\"https:\\\/\\\/www.bitchute.com\\\/channel\\\/2O2eOKzNqujT\",\"https:\\\/\\\/audiomack.com\\\/iwellguard\"]},{\"@type\":\"Article\",\"@id\":\"https:\\\/\\\/iwell-guard.com\\\/ca\\\/beelzebub\\\/#article\",\"isPartOf\":{\"@id\":\"https:\\\/\\\/iwell-guard.com\\\/ca\\\/beelzebub\\\/\"},\"author\":{\"name\":\"Ralf Ittermann\",\"@id\":\"https:\\\/\\\/iwell-guard.com\\\/ca\\\/#\\\/schema\\\/person\\\/ee2a27f1cac3406c7c6fb5820cb7349f\"},\"headline\":\"Beelzebub\",\"datePublished\":\"2026-09-05T15:38:50+00:00\",\"dateModified\":\"2026-09-05T15:56:05+00:00\",\"mainEntityOfPage\":{\"@id\":\"https:\\\/\\\/iwell-guard.com\\\/ca\\\/beelzebub\\\/\"},\"publisher\":{\"@id\":\"https:\\\/\\\/iwell-guard.com\\\/ca\\\/#organization\"},\"image\":{\"@id\":\"https:\\\/\\\/iwell-guard.com\\\/ca\\\/beelzebub\\\/#primaryimage\"},\"thumbnailUrl\":\"https:\\\/\\\/iwell-guard.com\\\/wp-content\\\/uploads\\\/2026\\\/04\\\/goetter_christentum_beelzebub.webp\",\"inLanguage\":\"ca\",\"description\":\"Beelzebub \u00e9s un dels casos m\u00e9s impactants de transformaci\u00f3 d'una figura en la hist\u00f2ria religiosa: originalment d\u00e9u local\"}]}<\/script>\n<!-- \/ Yoast SEO Premium plugin. -->","yoast_head_json":{"title":"Beelzebub - \"Senyor de les mosques\", d\u00e9u estranger demonitzat","description":"Beelzebub \u00e9s un dels casos m\u00e9s impactants de transformaci\u00f3 d'una figura en la hist\u00f2ria religiosa: originalment d\u00e9u local","robots":{"index":"index","follow":"follow","max-snippet":"max-snippet:-1","max-image-preview":"max-image-preview:large","max-video-preview":"max-video-preview:-1"},"canonical":"https:\/\/iwell-guard.com\/ca\/beelzebub\/","og_locale":"ca_ES","og_type":"article","og_title":"Beelzebub","og_description":"Beelzebub \u00e9s un dels casos m\u00e9s impactants de transformaci\u00f3 d'una figura en la hist\u00f2ria religiosa: originalment d\u00e9u local","og_url":"https:\/\/iwell-guard.com\/ca\/beelzebub\/","og_site_name":"iWell Guard","article_modified_time":"2026-09-05T15:56:05+00:00","og_image":[{"width":1024,"height":1536,"url":"https:\/\/iwell-guard.com\/wp-content\/uploads\/2026\/04\/goetter_christentum_beelzebub.webp","type":"image\/webp"}],"twitter_card":"summary_large_image","schema":{"@context":"https:\/\/schema.org","@graph":[{"@type":"Article","@id":"https:\/\/iwell-guard.com\/ca\/beelzebub\/#article","isPartOf":{"@id":"https:\/\/iwell-guard.com\/ca\/beelzebub\/"},"author":{"name":"Ralf Ittermann","@id":"https:\/\/iwell-guard.com\/ca\/#\/schema\/person\/ee2a27f1cac3406c7c6fb5820cb7349f"},"headline":"Beelzebub","datePublished":"2026-09-05T15:38:50+00:00","dateModified":"2026-09-05T15:56:05+00:00","mainEntityOfPage":{"@id":"https:\/\/iwell-guard.com\/ca\/beelzebub\/"},"publisher":{"@id":"https:\/\/iwell-guard.com\/ca\/#organization"},"image":{"@id":"https:\/\/iwell-guard.com\/ca\/beelzebub\/#primaryimage"},"thumbnailUrl":"https:\/\/iwell-guard.com\/wp-content\/uploads\/2026\/04\/goetter_christentum_beelzebub.webp","inLanguage":"ca","description":"Beelzebub \u00e9s un dels casos m\u00e9s impactants de transformaci\u00f3 d'una figura en la hist\u00f2ria religiosa: originalment d\u00e9u local"},{"@type":"WebPage","@id":"https:\/\/iwell-guard.com\/ca\/beelzebub\/","url":"https:\/\/iwell-guard.com\/ca\/beelzebub\/","name":"Beelzebub - \"Senyor de les mosques\", d\u00e9u estranger demonitzat","isPartOf":{"@id":"https:\/\/iwell-guard.com\/ca\/#website"},"primaryImageOfPage":{"@id":"https:\/\/iwell-guard.com\/ca\/beelzebub\/#primaryimage"},"image":{"@id":"https:\/\/iwell-guard.com\/ca\/beelzebub\/#primaryimage"},"thumbnailUrl":"https:\/\/iwell-guard.com\/wp-content\/uploads\/2026\/04\/goetter_christentum_beelzebub.webp","datePublished":"2026-09-05T15:38:50+00:00","dateModified":"2026-09-05T15:56:05+00:00","description":"Beelzebub \u00e9s un dels casos m\u00e9s impactants de transformaci\u00f3 d'una figura en la hist\u00f2ria religiosa: originalment d\u00e9u local","breadcrumb":{"@id":"https:\/\/iwell-guard.com\/ca\/beelzebub\/#breadcrumb"},"inLanguage":"ca","potentialAction":[{"@type":"ReadAction","target":["https:\/\/iwell-guard.com\/ca\/beelzebub\/"]}]},{"@type":"ImageObject","inLanguage":"ca","@id":"https:\/\/iwell-guard.com\/ca\/beelzebub\/#primaryimage","url":"https:\/\/iwell-guard.com\/wp-content\/uploads\/2026\/04\/goetter_christentum_beelzebub.webp","contentUrl":"https:\/\/iwell-guard.com\/wp-content\/uploads\/2026\/04\/goetter_christentum_beelzebub.webp","width":1024,"height":1536,"caption":"D\u00e9us de la tradici\u00f3 del cristianisme."},{"@type":"BreadcrumbList","@id":"https:\/\/iwell-guard.com\/ca\/beelzebub\/#breadcrumb","itemListElement":[{"@type":"ListItem","position":1,"name":"Start","item":"https:\/\/iwell-guard.com\/ca\/?page_id=171333"},{"@type":"ListItem","position":2,"name":"Beelzebub"}]},{"@type":"WebSite","@id":"https:\/\/iwell-guard.com\/ca\/#website","url":"https:\/\/iwell-guard.com\/ca\/","name":"iWell Guard","description":"Schutz vor dunklen Einfl\u00fcssen","publisher":{"@id":"https:\/\/iwell-guard.com\/ca\/#organization"},"potentialAction":[{"@type":"SearchAction","target":{"@type":"EntryPoint","urlTemplate":"https:\/\/iwell-guard.com\/ca\/?s={search_term_string}"},"query-input":{"@type":"PropertyValueSpecification","valueRequired":true,"valueName":"search_term_string"}}],"inLanguage":"ca"},{"@type":"Organization","@id":"https:\/\/iwell-guard.com\/ca\/#organization","name":"Ittermann electronic GmbH","url":"https:\/\/iwell-guard.com\/ca\/","logo":{"@type":"ImageObject","inLanguage":"ca","@id":"https:\/\/iwell-guard.com\/ca\/#\/schema\/logo\/image\/","url":"https:\/\/iwell-guard.com\/wp-content\/uploads\/2026\/05\/Ittermann-Logo-1182x237-1.png","contentUrl":"https:\/\/iwell-guard.com\/wp-content\/uploads\/2026\/05\/Ittermann-Logo-1182x237-1.png","width":1182,"height":237,"caption":"Ittermann electronic GmbH"},"image":{"@id":"https:\/\/iwell-guard.com\/ca\/#\/schema\/logo\/image\/"},"sameAs":["https:\/\/pantip.com\/profile\/9367242","https:\/\/micro.blog\/iwellguard","https:\/\/www.diggerslist.com\/iwellguard\/about","https:\/\/skitterphoto.com\/photographers\/2870314\/iwell-guard","https:\/\/iwellguard.wordpress.com\/2026\/06\/06\/iwell-guard\/","https:\/\/hub.docker.com\/u\/iwellguard","https:\/\/www.pinterest.com\/iwellguard\/","https:\/\/bit.ly\/m\/iwellguard","https:\/\/entre-vos-mains.alsace.eu\/profiles\/iwellguard\/activity","https:\/\/gravatar.com\/reallybeded8fd34","https:\/\/naijamatta.com\/iwellguard","https:\/\/www.goodreads.com\/iwellguard","https:\/\/profile.hatena.ne.jp\/iwellguard\/","https:\/\/experiment.com\/users\/iwellguard","https:\/\/wakelet.com\/@iWellGuard82270","https:\/\/www.chordie.com\/forum\/profile.php?id=2555664","https:\/\/www.instapaper.com\/p\/17757966","https:\/\/www.mapleprimes.com\/users\/iwellguard","https:\/\/businesslistingplus.com\/profile\/iwell-guard\/","https:\/\/telegra.ph\/iWell-Guard-06-06","https:\/\/pbase.com\/iwellguard\/iwellguard","https:\/\/b.hatena.ne.jp\/iwellguard\/20260607#bookmark-4788405196491818882","https:\/\/fliphtml5.com\/home\/iwellguard","https:\/\/anyflip.com\/homepage\/cmiwl#About","https:\/\/transfur.com\/Users\/iwellguard","http:\/\/delphi.larsbo.org\/user\/iwellguard","https:\/\/jobs.lajobsportal.org\/profiles\/8380803-iwell-guard","https:\/\/md.chaosdorf.de\/s\/jfbe5SBdJD","https:\/\/www.lingvolive.com\/en-us\/profile\/9ecaeaca-ce11-4e51-9e71-01d55e2bff36\/translations","https:\/\/www.fitday.com\/fitness\/forums\/members\/iwellguard.html","https:\/\/www.mymeetbook.com\/iwellguard","https:\/\/pxhere.com\/en\/photographer-me\/5040798","https:\/\/disqus.com\/by\/iwellguard\/about\/","https:\/\/pastelink.net\/hjwciqwq","https:\/\/pubhtml5.com\/homepage\/scjhn\/","https:\/\/www.bitchute.com\/channel\/2O2eOKzNqujT","https:\/\/audiomack.com\/iwellguard"]},{"@type":"Person","@id":"https:\/\/iwell-guard.com\/ca\/#\/schema\/person\/ee2a27f1cac3406c7c6fb5820cb7349f","name":"Ralf Ittermann","image":{"@type":"ImageObject","inLanguage":"ca","@id":"https:\/\/secure.gravatar.com\/avatar\/073c0153e350a5005b68eb752b445fea71f6b24a26da9449ad7e155e6b446c9d?s=96&d=mm&r=g","url":"https:\/\/secure.gravatar.com\/avatar\/073c0153e350a5005b68eb752b445fea71f6b24a26da9449ad7e155e6b446c9d?s=96&d=mm&r=g","contentUrl":"https:\/\/secure.gravatar.com\/avatar\/073c0153e350a5005b68eb752b445fea71f6b24a26da9449ad7e155e6b446c9d?s=96&d=mm&r=g","caption":"Ralf Ittermann"},"givenName":"Ralf","familyName":"Ittermann","jobTitle":"Gesch\u00e4ftsf\u00fchrer und redaktioneller Verantwortlicher","url":"https:\/\/iwell-guard.com\/ca\/author\/claude\/","description":"Ralf Ittermann ist Gesch\u00e4ftsf\u00fchrer der Ittermann electronic GmbH und redaktioneller Verantwortlicher des iWell-Guard-Lexikons. Er verbindet langj\u00e4hrige Erfahrung in der Pr\u00e4zisionsfertigung mit medialer Praxis und religionsgeschichtlicher Quellenarbeit.","worksFor":{"@type":"Organization","name":"Ittermann electronic GmbH","url":"https:\/\/ittermann.de\/","address":{"@type":"PostalAddress","streetAddress":"K\u00f6hlergasse 16-18","postalCode":"99842","addressLocality":"Ruhla","addressCountry":"DE"}},"knowsAbout":["Religionsgeschichte","Mythologie","Mediale Praxis","Energetische Diagnostik","Schutzpraxis","Volksglauben","Westliche Esoterik"]},{"@type":"Article","@id":"https:\/\/iwell-guard.com\/ca\/beelzebub\/#article","isPartOf":{"@id":"https:\/\/iwell-guard.com\/ca\/beelzebub\/"},"author":{"name":"Ralf Ittermann","@id":"https:\/\/iwell-guard.com\/ca\/#\/schema\/person\/ee2a27f1cac3406c7c6fb5820cb7349f"},"headline":"Beelzebub","datePublished":"2026-09-05T15:38:50+00:00","dateModified":"2026-09-05T15:56:05+00:00","mainEntityOfPage":{"@id":"https:\/\/iwell-guard.com\/ca\/beelzebub\/"},"publisher":{"@id":"https:\/\/iwell-guard.com\/ca\/#organization"},"image":{"@id":"https:\/\/iwell-guard.com\/ca\/beelzebub\/#primaryimage"},"thumbnailUrl":"https:\/\/iwell-guard.com\/wp-content\/uploads\/2026\/04\/goetter_christentum_beelzebub.webp","inLanguage":"ca","description":"Beelzebub \u00e9s un dels casos m\u00e9s impactants de transformaci\u00f3 d'una figura en la hist\u00f2ria religiosa: originalment d\u00e9u local"}]}},"_links":{"self":[{"href":"https:\/\/iwell-guard.com\/ca\/wp-json\/wp\/v2\/pages\/171372","targetHints":{"allow":["GET"]}}],"collection":[{"href":"https:\/\/iwell-guard.com\/ca\/wp-json\/wp\/v2\/pages"}],"about":[{"href":"https:\/\/iwell-guard.com\/ca\/wp-json\/wp\/v2\/types\/page"}],"author":[{"embeddable":true,"href":"https:\/\/iwell-guard.com\/ca\/wp-json\/wp\/v2\/users\/3"}],"replies":[{"embeddable":true,"href":"https:\/\/iwell-guard.com\/ca\/wp-json\/wp\/v2\/comments?post=171372"}],"version-history":[{"count":0,"href":"https:\/\/iwell-guard.com\/ca\/wp-json\/wp\/v2\/pages\/171372\/revisions"}],"wp:featuredmedia":[{"embeddable":true,"href":"https:\/\/iwell-guard.com\/ca\/wp-json\/wp\/v2\/media\/1563"}],"wp:attachment":[{"href":"https:\/\/iwell-guard.com\/ca\/wp-json\/wp\/v2\/media?parent=171372"}],"wp:term":[{"taxonomy":"category","embeddable":true,"href":"https:\/\/iwell-guard.com\/ca\/wp-json\/wp\/v2\/categories?post=171372"}],"curies":[{"name":"wp","href":"https:\/\/api.w.org\/{rel}","templated":true}]}}