{"id":171369,"date":"2026-09-05T15:38:48","date_gmt":"2026-09-05T15:38:48","guid":{"rendered":"https:\/\/iwell-guard.com\/?page_id=171369"},"modified":"2026-09-05T15:56:00","modified_gmt":"2026-09-05T15:56:00","slug":"eslau","status":"publish","type":"page","link":"https:\/\/iwell-guard.com\/ca\/eslau\/","title":{"rendered":"Eslau"},"content":{"rendered":"\t\t<div data-elementor-type=\"wp-page\" data-elementor-id=\"171369\" class=\"elementor elementor-171369 elementor-1017\" data-elementor-post-type=\"page\">\n\t\t\t\t<div class=\"elementor-element elementor-element-k-hero-rebuilt-slawis iwg-kultur-hero e-flex e-con-boxed e-con e-parent\" data-id=\"k-hero-rebuilt-slawis\" data-element_type=\"container\" data-e-type=\"container\">\n\t\t\t\t\t<div class=\"e-con-inner\">\n\t\t<div class=\"elementor-element elementor-element-khleft-slawis iwg-kultur-hero-left e-flex e-con-boxed e-con e-child\" data-id=\"khleft-slawis\" data-element_type=\"container\" data-e-type=\"container\">\n\t\t\t\t\t<div class=\"e-con-inner\">\n\t\t\t\t<div class=\"elementor-element elementor-element-k-h1-slawisch elementor-widget elementor-widget-heading\" data-id=\"k-h1-slawisch\" data-element_type=\"widget\" data-e-type=\"widget\" data-widget_type=\"heading.default\">\n\t\t\t\t\t<h1 class=\"elementor-heading-title elementor-size-default\">D\u00e9us eslaus, Perun, Veles i el pante\u00f3 precristi\u00e0<\/h1>\t\t\t\t<\/div>\n\t\t<div class=\"elementor-element elementor-element-aj11-hero-lead-slawis e-con-full e-flex e-con e-child\" data-id=\"aj11-hero-lead-slawis\" data-element_type=\"container\" data-e-type=\"container\">\n\t\t\t\t<div class=\"elementor-element elementor-element-k-lead-slawisch elementor-widget elementor-widget-text-editor\" data-id=\"k-lead-slawisch\" data-element_type=\"widget\" data-e-type=\"widget\" data-widget_type=\"text-editor.default\">\n\t\t\t\t\t\t\t\t\t<p><strong>\u00c9ssers de la tradici\u00f3 eslava<\/strong> a iWell Guard. <span class=\"iwg-fachbegriff\" data-tooltip=\"El conjunt de relats m\u00edtics transmesos d'una cultura.\" tabindex=\"0\">Mitologia<\/span> eslava de l&#8217;Europa oriental i central. Fonts principals: Cr\u00f2nica d&#8217;H\u00edpaci, El cant de la host d&#8217;\u00cdgor, tradici\u00f3 popular.<\/p><p>La religi\u00f3 popular eslava coneix bruixes, esperits dom\u00e8stics i formes diverses de protecci\u00f3. Aquest cap\u00edtol se centra en el pante\u00f3 precristi\u00e0 dels eslaus, de Perun a Veles.<\/p>\t\t\t\t\t\t\t\t<\/div>\n\t\t\t\t<\/div>\n\t\t<div class=\"elementor-element elementor-element-aj11-hero-toc-slawis e-con-full e-flex e-con e-child\" data-id=\"aj11-hero-toc-slawis\" data-element_type=\"container\" data-e-type=\"container\">\n\t\t\t\t<div class=\"elementor-element elementor-element-k-toc-slawisch elementor-widget elementor-widget-text-editor\" data-id=\"k-toc-slawisch\" data-element_type=\"widget\" data-e-type=\"widget\" data-widget_type=\"text-editor.default\">\n\t\t\t\t\t\t\t\t\t<p><strong>Contingut d&#8217;aquesta p\u00e0gina:<\/strong><\/p><ul><li><a href=\"#h21777543229\">Tradici\u00f3 popular oral i reculls etnogr\u00e0fics<\/a><\/li><li><a href=\"#k-slawisch-h1\">Classificaci\u00f3<\/a><\/li><li><a href=\"#x-slawisch-h100\">Hist\u00f2ria i pante\u00f3<\/a><\/li><li><a href=\"#x-slawisch-h101\">\u00c9ssers en la vida quotidiana<\/a><\/li><li><a href=\"#x-slawisch-h102\">Significat actual<\/a><\/li><li><a href=\"#k-slawisch-h2\">D\u00e9us (5)<\/a><\/li><li><a href=\"#k-slawisch-h3\">Dimonis (2)<\/a><\/li><li><a href=\"#k-slawisch-h4\">Esperits (5)<\/a><\/li><\/ul>\t\t\t\t\t\t\t\t<\/div>\n\t\t\t\t<\/div>\n\t\t\t\t\t<\/div>\n\t\t\t\t<\/div>\n\t\t<div class=\"elementor-element elementor-element-khrght-slawis iwg-kultur-hero-right e-flex e-con-boxed e-con e-child\" data-id=\"khrght-slawis\" data-element_type=\"container\" data-e-type=\"container\">\n\t\t\t\t\t<div class=\"e-con-inner\">\n\t\t\t\t<div class=\"elementor-element elementor-element-k-img-slawisch iwg-hero-image elementor-widget elementor-widget-image\" data-id=\"k-img-slawisch\" data-element_type=\"widget\" data-e-type=\"widget\" data-widget_type=\"image.default\">\n\t\t\t\t\t\t\t\t\t\t\t\t\t\t\t<img fetchpriority=\"high\" decoding=\"async\" width=\"683\" height=\"1024\" src=\"https:\/\/iwell-guard.com\/wp-content\/uploads\/2026\/04\/daemonen_slawisch_baba-jaga-683x1024.webp\" class=\"attachment-large size-large wp-image-1673\" alt=\"Eslau\" srcset=\"https:\/\/iwell-guard.com\/wp-content\/uploads\/2026\/04\/daemonen_slawisch_baba-jaga-683x1024.webp 683w, https:\/\/iwell-guard.com\/wp-content\/uploads\/2026\/04\/daemonen_slawisch_baba-jaga-200x300.webp 200w, https:\/\/iwell-guard.com\/wp-content\/uploads\/2026\/04\/daemonen_slawisch_baba-jaga-768x1152.webp 768w, https:\/\/iwell-guard.com\/wp-content\/uploads\/2026\/04\/daemonen_slawisch_baba-jaga.webp 1024w\" sizes=\"(max-width: 683px) 100vw, 683px\" \/>\t\t\t\t\t\t\t\t\t\t\t\t\t\t\t<\/div>\n\t\t\t\t\t<\/div>\n\t\t\t\t<\/div>\n\t\t\t\t\t<\/div>\n\t\t\t\t<\/div>\n\t\t\t\t<section class=\"elementor-section elementor-top-section elementor-element elementor-element-sec-iwgcomp2-slawisch elementor-section-boxed elementor-section-height-default elementor-section-height-default\" data-id=\"sec-iwgcomp2-slawisch\" data-element_type=\"section\" data-e-type=\"section\">\n\t\t\t\t\t\t<div class=\"elementor-container elementor-column-gap-default\">\n\t\t\t\t\t<div class=\"elementor-column elementor-col-100 elementor-top-column elementor-element elementor-element-col-iwgcomp2-slawisch\" data-id=\"col-iwgcomp2-slawisch\" data-element_type=\"column\" data-e-type=\"column\">\n\t\t\t<div class=\"elementor-widget-wrap elementor-element-populated\">\n\t\t\t\t\t\t<div class=\"elementor-element elementor-element-iwgcomp2-slawisch elementor-widget elementor-widget-text-editor\" data-id=\"iwgcomp2-slawisch\" data-element_type=\"widget\" data-e-type=\"widget\" data-widget_type=\"text-editor.default\">\n\t\t\t\t\t\t\t\t\t<p>Aquesta p\u00e0gina documenta la religi\u00f3 <strong>eslava<\/strong> dels eslaus precristians.<\/p>\t\t\t\t\t\t\t\t<\/div>\n\t\t\t\t\t<\/div>\n\t\t<\/div>\n\t\t\t\t\t<\/div>\n\t\t<\/section>\n\t\t<div class=\"elementor-element elementor-element-klaerung1777529150 e-con-boxed e-flex e-con e-parent\" data-id=\"klaerung1777529150\" data-element_type=\"container\" data-e-type=\"container\">\n\t\t\t\t\t<div class=\"e-con-inner\">\n\t\t<div class=\"elementor-element elementor-element-aj11-inner-0003 e-con-full e-flex e-con e-child\" data-id=\"aj11-inner-0003\" data-element_type=\"container\" data-e-type=\"container\">\n\t\t\t\t<div class=\"elementor-element elementor-element-klar1777529150 elementor-widget elementor-widget-text-editor\" data-id=\"klar1777529150\" data-element_type=\"widget\" data-e-type=\"widget\" data-widget_type=\"text-editor.default\">\n\t\t\t\t\t\t\t\t\t\n<p><em>La <strong>mitologia <span class=\"iwg-fachbegriff\" data-tooltip=\"El conjunt dels relats sobre d\u00e9us transmesos per una cultura.\" tabindex=\"0\">eslava<\/span><\/strong> s&#8217;ha transm\u00e8s sobretot per via oral; les fonts escrites de l&#8217;\u00e8poca precristiana (abans del 988 pel que fa a la Rus de K\u00edev) s\u00f3n escasses. No va ser fins a la tasca etnogr\u00e0fica recol\u00b7lectora del segle XIX que es van registrar sistem\u00e0ticament els esperits dom\u00e8stics, els esperits de l&#8217;aigua i els dimonis del bosc.<\/em><\/p>\t\t\t\t\t\t\t\t<\/div>\n\t\t\t\t<\/div>\n\t\t\t\t\t<\/div>\n\t\t\t\t<\/div>\n\t\t<div class=\"elementor-element elementor-element-clstrsec1777543229 e-con-boxed e-flex e-con e-parent\" data-id=\"clstrsec1777543229\" data-element_type=\"container\" data-e-type=\"container\">\n\t\t\t\t\t<div class=\"e-con-inner\">\n\t\t\t\t<div class=\"elementor-element elementor-element-h21777543229 elementor-widget elementor-widget-heading\" data-id=\"h21777543229\" data-element_type=\"widget\" data-e-type=\"widget\" data-widget_type=\"heading.default\">\n\t\t\t\t\t<h2 class=\"elementor-heading-title elementor-size-default\">Tradici\u00f3 popular oral i reculls etnogr\u00e0fics<\/h2>\t\t\t\t<\/div>\n\t\t<div class=\"elementor-element elementor-element-aj12-cluster-text-slawisch e-con-full e-flex e-con e-child\" data-id=\"aj12-cluster-text-slawisch\" data-element_type=\"container\" data-e-type=\"container\">\n\t\t\t\t<div class=\"elementor-element elementor-element-aj12-cluster-text-slawis-t elementor-widget elementor-widget-text-editor\" data-id=\"aj12-cluster-text-slawis-t\" data-element_type=\"widget\" data-e-type=\"widget\" data-widget_type=\"text-editor.default\">\n\t\t\t\t\t\t\t\t\t<p>La religi\u00f3 eslava s&#8217;ha reconstru\u00eft sobretot a partir de la tradici\u00f3 popular. Els eslaus precristians no coneixien l&#8217;escriptura; el que sabem dels seus d\u00e9us prov\u00e9 de relats de viatgers bizantins i \u00e0rabs, de sermons cristians contra la idolatria i de les recopilacions etnogr\u00e0fiques dels segles XVIII i XIX.<\/p><p>Els d\u00e9us Perun, Veles i Mokosh nom\u00e9s es poden reconstruir de manera esquem\u00e0tica.<\/p>\n<p>La veritable riquesa es troba en la religi\u00f3 popular: esperits dom\u00e8stics (Domovoi, Domovik), esperits del territori (el Leixi al bosc, el Vodianoi a l&#8217;aigua), dimonis de la malaltia (Kikimora, Mara), aix\u00ed com \u00e9ssers vinculats als morts i als avantpassats.<\/p><p>Aquesta capa va sobreviure a la cristianitzaci\u00f3 i es va fondre amb la veneraci\u00f3 dels sants: Sant Elies va ocupar el lloc de Perun, i la Mare de D\u00e9u va assumir funcions de Mokosh.<\/p>\n<p>L&#8217;<strong>elaboraci\u00f3 acad\u00e8mica<\/strong> (Gieysztor, Ma\u0144czak, Jakobson) ha utilitzat metodol\u00f2gicament, sobretot, la comparaci\u00f3 amb la <span class=\"iwg-fachbegriff\" data-tooltip=\"El conjunt dels relats sobre d\u00e9us transmesos per una cultura.\" tabindex=\"0\">mitologia<\/span> b\u00e0ltica i indoeuropea. Molt continua sent incert, i precisament per aix\u00f2 la tradici\u00f3 eslava constitueix un cas de frontera especialment interessant per al debat historicoreligi\u00f3s, entre una alta religi\u00f3 reconstru\u00efble i una cultura popular abastable etnogr\u00e0ficament.<\/p>\t\t\t\t\t\t\t\t<\/div>\n\t\t\t\t<\/div>\n\t\t\t\t\t<\/div>\n\t\t\t\t<\/div>\n\t\t<div class=\"elementor-element elementor-element-k-slawisch-s1 e-con-boxed e-flex e-con e-parent\" data-id=\"k-slawisch-s1\" data-element_type=\"container\" data-e-type=\"container\">\n\t\t\t\t\t<div class=\"e-con-inner\">\n\t\t\t\t<div class=\"elementor-element elementor-element-k-slawisch-h1 elementor-widget elementor-widget-heading\" data-id=\"k-slawisch-h1\" data-element_type=\"widget\" data-e-type=\"widget\" data-widget_type=\"heading.default\">\n\t\t\t\t\t<h2 class=\"elementor-heading-title elementor-size-default\">Introducci\u00f3<\/h2>\t\t\t\t<\/div>\n\t\t<div class=\"elementor-element elementor-element-aj11-inner-0004 e-con-full e-flex e-con e-child\" data-id=\"aj11-inner-0004\" data-element_type=\"container\" data-e-type=\"container\">\n\t\t\t\t<div class=\"elementor-element elementor-element-k-slawisch-t1 elementor-widget elementor-widget-text-editor\" data-id=\"k-slawisch-t1\" data-element_type=\"widget\" data-e-type=\"widget\" data-widget_type=\"text-editor.default\">\n\t\t\t\t\t\t\t\t\t<p><strong>Per\u00edode:<\/strong> \u00c8poca prehist\u00f2rica i protohist\u00f2rica (migraci\u00f3 eslava, segles V-VII) fins a la cristianitzaci\u00f3 (segles X-XIII) i la tradici\u00f3 popular fins avui.<\/p><p>Difusi\u00f3: Europa oriental i central, Balcans.<\/p><p>Fonts: Cr\u00f2nica d&#8217;H\u00edpaci, El cant de la host d&#8217;\u00cdgor, Cr\u00f2nica de N\u00e8stor, relats populars, reculls etnogr\u00e0fics.<\/p><p><span class=\"iwg-fachbegriff\" data-tooltip=\"El conjunt de d\u00e9us d'una religi\u00f3 o cultura.\" tabindex=\"0\">Pante\u00f3<\/span> i classes d&#8217;\u00e9ssers: Perun (tro), Veles (infram\u00f3n\/bestiar), Mokosch (terra, dona), Marena (mort), Svarog (forja), Domovoi i Bannik (esperits dom\u00e8stics).<\/p>\t\t\t\t\t\t\t\t<\/div>\n\t\t\t\t<\/div>\n\t\t\t\t\t<\/div>\n\t\t\t\t<\/div>\n\t\t<div class=\"elementor-element elementor-element-x-slawisch-s100 e-con-boxed e-flex e-con e-parent\" data-id=\"x-slawisch-s100\" data-element_type=\"container\" data-e-type=\"container\">\n\t\t\t\t\t<div class=\"e-con-inner\">\n\t\t\t\t<div class=\"elementor-element elementor-element-x-slawisch-h100 elementor-widget elementor-widget-heading\" data-id=\"x-slawisch-h100\" data-element_type=\"widget\" data-e-type=\"widget\" data-widget_type=\"heading.default\">\n\t\t\t\t\t<h2 class=\"elementor-heading-title elementor-size-default\">Hist\u00f2ria i pante\u00f3<\/h2>\t\t\t\t<\/div>\n\t\t<div class=\"elementor-element elementor-element-aj11-inner-0005 e-con-full e-flex e-con e-child\" data-id=\"aj11-inner-0005\" data-element_type=\"container\" data-e-type=\"container\">\n\t\t\t\t<div class=\"elementor-element elementor-element-x-slawisch-t100 elementor-widget elementor-widget-text-editor\" data-id=\"x-slawisch-t100\" data-element_type=\"widget\" data-e-type=\"widget\" data-widget_type=\"text-editor.default\">\n\t\t\t\t\t\t\t\t\t<p>La religi\u00f3 eslava nom\u00e9s es coneix de manera fragment\u00e0ria, a trav\u00e9s de la tradici\u00f3 oral i de fonts escrites tardanes (Cr\u00f2nica d&#8217;H\u00edpaci, segle XII, Saxo Grammaticus). El <span class=\"iwg-fachbegriff\" data-tooltip=\"El conjunt de d\u00e9us d'una religi\u00f3 o cultura.\" tabindex=\"0\">pante\u00f3<\/span> originari inclo\u00efa divinitats com Perun (tro, guerra), Veles (infram\u00f3n, prosperitat), Mokosch (terra, fertilitat) i Stribog (vent).<\/p><p>La cristianitzaci\u00f3, entre els segles IX i XII, va ser intensa i va despla\u00e7ar la tradici\u00f3; tot i aix\u00f2, va sobreviure en el <span class=\"iwg-fachbegriff\" data-tooltip=\"La cultura popular transmesa amb costums, relats i can\u00e7ons.\" tabindex=\"0\">folklore<\/span> amb esperits dom\u00e8stics, dimonis del bosc i \u00e9ssers aqu\u00e0tics. El sistema estava menys documentat per escrit que les religions de l&#8217;Europa occidental, i les fonts sorgides despr\u00e9s de la cristianitzaci\u00f3 presenten un biaix ideol\u00f2gic.<\/p><p>La diversitat regional era gran (eslaus orientals, occidentals i meridionals), i les reconstruccions modernes continuen essent especulatives. Els nacionalistes eslaus van romantitzar i politititzar aquesta tradici\u00f3 als segles XIX i XX.<\/p>\t\t\t\t\t\t\t\t<\/div>\n\t\t\t\t<\/div>\n\t\t\t\t\t<\/div>\n\t\t\t\t<\/div>\n\t\t<div class=\"elementor-element elementor-element-x-slawisch-s101 e-con-boxed e-flex e-con e-parent\" data-id=\"x-slawisch-s101\" data-element_type=\"container\" data-e-type=\"container\">\n\t\t\t\t\t<div class=\"e-con-inner\">\n\t\t\t\t<div class=\"elementor-element elementor-element-x-slawisch-h101 elementor-widget elementor-widget-heading\" data-id=\"x-slawisch-h101\" data-element_type=\"widget\" data-e-type=\"widget\" data-widget_type=\"heading.default\">\n\t\t\t\t\t<h2 class=\"elementor-heading-title elementor-size-default\">Essers en la vida quotidiana<\/h2>\t\t\t\t<\/div>\n\t\t<div class=\"elementor-element elementor-element-aj11-inner-0006 e-con-full e-flex e-con e-child\" data-id=\"aj11-inner-0006\" data-element_type=\"container\" data-e-type=\"container\">\n\t\t\t\t<div class=\"elementor-element elementor-element-x-slawisch-t101 elementor-widget elementor-widget-text-editor\" data-id=\"x-slawisch-t101\" data-element_type=\"widget\" data-e-type=\"widget\" data-widget_type=\"text-editor.default\">\n\t\t\t\t\t\t\t\t\t<p>La pr\u00e0ctica eslava est\u00e0 poc documentada, per\u00f2 sembla que tenia un marcat car\u00e0cter ritual: rituals d&#8217;ofrena a d\u00e9us i esperits, pr\u00e0ctiques de protecci\u00f3 contra esperits malignes i amenaces sobrenaturals. El Domovoi (esperit dom\u00e8stic) era molt apreciat i exigia un tracte respectu\u00f3s; el Leshy (esperit del bosc) i la Rusalka (nimfa aqu\u00e0tica) formaven part de la creen\u00e7a quotidiana.<\/p><p>Es documenta una medicina popular basada en herbes i encanteris. Xamans i homes savis, sovint reconvertits en sacerdots amb la cristianitzaci\u00f3, administraven el contacte amb els esperits, mentre que els sacerdots dirigien les <span class=\"iwg-fachbegriff\" data-tooltip=\"Ofrena a una divinitat per expressar gratitud, s\u00faplica o veneraci\u00f3.\" tabindex=\"0\">ofrenes<\/span> p\u00fabliques.<\/p><p>Amb la cristianitzaci\u00f3, moltes pr\u00e0ctiques es van transformar en formes cristianes (el Nadal va substituir una festa del foc). La <span class=\"iwg-fachbegriff\" data-tooltip=\"La religiositat viscuda en la vida quotidiana, sovint al costat de la doctrina oficial.\" tabindex=\"0\">religiositat popular<\/span> va conservar la creen\u00e7a en els esperits, i les pr\u00e0ctiques paganes considerades pecaminoses van continuar en secret.<\/p>\t\t\t\t\t\t\t\t<\/div>\n\t\t\t\t<\/div>\n\t\t\t\t\t<\/div>\n\t\t\t\t<\/div>\n\t\t<div class=\"elementor-element elementor-element-x-slawisch-s102 e-con-boxed e-flex e-con e-parent\" data-id=\"x-slawisch-s102\" data-element_type=\"container\" data-e-type=\"container\">\n\t\t\t\t\t<div class=\"e-con-inner\">\n\t\t\t\t<div class=\"elementor-element elementor-element-x-slawisch-h102 elementor-widget elementor-widget-heading\" data-id=\"x-slawisch-h102\" data-element_type=\"widget\" data-e-type=\"widget\" data-widget_type=\"heading.default\">\n\t\t\t\t\t<h2 class=\"elementor-heading-title elementor-size-default\">Significat actual<\/h2>\t\t\t\t<\/div>\n\t\t<div class=\"elementor-element elementor-element-aj11-inner-0007 e-con-full e-flex e-con e-child\" data-id=\"aj11-inner-0007\" data-element_type=\"container\" data-e-type=\"container\">\n\t\t\t\t<div class=\"elementor-element elementor-element-x-slawisch-t102 elementor-widget elementor-widget-text-editor\" data-id=\"x-slawisch-t102\" data-element_type=\"widget\" data-e-type=\"widget\" data-widget_type=\"text-editor.default\">\n\t\t\t\t\t\t\t\t\t<p>La religi\u00f3 eslava ja no existeix com a tradici\u00f3 de fe org\u00e0nica i est\u00e0 documentada acad\u00e8micament de manera m\u00e9s prec\u00e0ria que les religions de l&#8217;Europa occidental o de l&#8217;Est. El <span class=\"iwg-fachbegriff\" data-tooltip=\"La cultura popular transmesa amb costums, relats i can\u00e7ons.\" tabindex=\"0\">folklore<\/span> i els contes populars conserven vestigis fragmentaris.<\/p><p>El moviment modern del Rodnoverisme intenta una reconstrucci\u00f3 des dels anys 1980, per\u00f2 \u00e9s ideol\u00f2gicament escorat a la dreta i especulatiu. La cultura popular (fantasia eslava, videojocs) utilitza la <span class=\"iwg-fachbegriff\" data-tooltip=\"El conjunt de relats m\u00edtics transmesos sobre els d\u00e9us d'una cultura.\" tabindex=\"0\">mitologia<\/span> eslava com a est\u00e8tica, mentre que els cercles esot\u00e8rics occidentals l&#8217;han ignorat en gran part.<\/p><p>La literatura i la tradici\u00f3 popular (contes russos, Baba Iag\u00e0) s\u00f3n tresors culturals. La polititzaci\u00f3 nacionalista ha malm\u00e8s la tradici\u00f3, i la recepci\u00f3 acad\u00e8mica es mant\u00e9 prudent i fragment\u00e0ria.<\/p>\t\t\t\t\t\t\t\t<\/div>\n\t\t\t\t<\/div>\n\t\t\t\t\t<\/div>\n\t\t\t\t<\/div>\n\t\t<div class=\"elementor-element elementor-element-k-slawisch-s2 e-con-boxed e-flex e-con e-parent\" data-id=\"k-slawisch-s2\" data-element_type=\"container\" data-e-type=\"container\">\n\t\t\t\t\t<div class=\"e-con-inner\">\n\t\t\t\t<div class=\"elementor-element elementor-element-k-slawisch-h2 elementor-widget elementor-widget-heading\" data-id=\"k-slawisch-h2\" data-element_type=\"widget\" data-e-type=\"widget\" data-widget_type=\"heading.default\">\n\t\t\t\t\t<h2 class=\"elementor-heading-title elementor-size-default\">D\u00e9us (11)<\/h2>\t\t\t\t<\/div>\n\t\t<div class=\"elementor-element elementor-element-aj11-inner-0008 e-con-full e-flex e-con e-child\" data-id=\"aj11-inner-0008\" data-element_type=\"container\" data-e-type=\"container\">\n\t\t\t\t<div class=\"elementor-element elementor-element-k-slawisch-t2 elementor-widget elementor-widget-text-editor\" data-id=\"k-slawisch-t2\" data-element_type=\"widget\" data-e-type=\"widget\" data-widget_type=\"text-editor.default\">\n\t\t\t\t\t\t\t\t\t<div class=\"iwg-wesen-grid\"><a class=\"iwg-wesen-card\" href=\"https:\/\/iwell-guard.com\/ca\/marena\/\" aria-label=\"Marena\"><div class=\"iwg-wesen-card-imgwrap\"><img decoding=\"async\" src=\"https:\/\/iwell-guard.com\/wp-content\/uploads\/2026\/04\/goetter_slawisch_marena-200x300.webp\" alt=\"Marena\" loading=\"lazy\"><\/div><div class=\"iwg-wesen-card-body\"><div class=\"iwg-wesen-card-name\">Marena<\/div><div class=\"iwg-wesen-card-arrow\">\u2192 A l&#039;\u00e9sser<\/div><\/div><\/a><a class=\"iwg-wesen-card\" href=\"https:\/\/iwell-guard.com\/ca\/mokosch\/\" aria-label=\"Mokosch\"><div class=\"iwg-wesen-card-imgwrap\"><img decoding=\"async\" src=\"https:\/\/iwell-guard.com\/wp-content\/uploads\/2026\/04\/goetter_slawisch_mokosch-200x300.webp\" alt=\"Mokosch\" loading=\"lazy\"><\/div><div class=\"iwg-wesen-card-body\"><div class=\"iwg-wesen-card-name\">Mokosch<\/div><div class=\"iwg-wesen-card-arrow\">\u2192 A l&#039;\u00e9sser<\/div><\/div><\/a><a class=\"iwg-wesen-card\" href=\"https:\/\/iwell-guard.com\/ca\/perun\/\" aria-label=\"Perun\"><div class=\"iwg-wesen-card-imgwrap\"><img decoding=\"async\" src=\"https:\/\/iwell-guard.com\/wp-content\/uploads\/2026\/04\/goetter_slawisch_perun-200x300.webp\" alt=\"Perun\" loading=\"lazy\"><\/div><div class=\"iwg-wesen-card-body\"><div class=\"iwg-wesen-card-name\">Perun<\/div><div class=\"iwg-wesen-card-arrow\">\u2192 A l&#039;\u00e9sser<\/div><\/div><\/a><a class=\"iwg-wesen-card\" href=\"https:\/\/iwell-guard.com\/ca\/svarog\/\" aria-label=\"Svarog\"><div class=\"iwg-wesen-card-imgwrap\"><img decoding=\"async\" src=\"https:\/\/iwell-guard.com\/wp-content\/uploads\/2026\/04\/goetter_slawisch_svarog-200x300.webp\" alt=\"Svarog\" loading=\"lazy\"><\/div><div class=\"iwg-wesen-card-body\"><div class=\"iwg-wesen-card-name\">Svarog<\/div><div class=\"iwg-wesen-card-arrow\">\u2192 A l&#039;\u00e9sser<\/div><\/div><\/a><a class=\"iwg-wesen-card\" href=\"https:\/\/iwell-guard.com\/ca\/veles\/\" aria-label=\"Veles\"><div class=\"iwg-wesen-card-imgwrap\"><img decoding=\"async\" src=\"https:\/\/iwell-guard.com\/wp-content\/uploads\/2026\/04\/goetter_slawisch_veles-1-200x300.webp\" alt=\"Veles\" loading=\"lazy\"><\/div><div class=\"iwg-wesen-card-body\"><div class=\"iwg-wesen-card-name\">Veles<\/div><div class=\"iwg-wesen-card-arrow\">\u2192 A l&#039;\u00e9sser<\/div><\/div><\/a><a class=\"iwg-wesen-card\" href=\"https:\/\/iwell-guard.com\/ca\/dazhbog\/\" aria-label=\"Dazhbog\"><div class=\"iwg-wesen-card-imgwrap\"><img decoding=\"async\" src=\"https:\/\/iwell-guard.com\/wp-content\/uploads\/2026\/05\/goetter_slawisch_dazhbog-200x300.webp\" alt=\"Dazhbog\" loading=\"lazy\"><\/div><div class=\"iwg-wesen-card-body\"><div class=\"iwg-wesen-card-name\">Dazhbog<\/div><div class=\"iwg-wesen-card-arrow\">\u2192 A l&#039;\u00e9sser<\/div><\/div><\/a><a class=\"iwg-wesen-card\" href=\"https:\/\/iwell-guard.com\/ca\/stribog\/\" aria-label=\"Stribog\"><div class=\"iwg-wesen-card-imgwrap\"><img decoding=\"async\" src=\"https:\/\/iwell-guard.com\/wp-content\/uploads\/2026\/05\/goetter_slawisch_stribog-200x300.webp\" alt=\"Stribog\" loading=\"lazy\"><\/div><div class=\"iwg-wesen-card-body\"><div class=\"iwg-wesen-card-name\">Stribog<\/div><div class=\"iwg-wesen-card-arrow\">\u2192 A l&#039;\u00e9sser<\/div><\/div><\/a><a class=\"iwg-wesen-card\" href=\"https:\/\/iwell-guard.com\/ca\/lada\/\" aria-label=\"Lada\"><div class=\"iwg-wesen-card-imgwrap\"><img decoding=\"async\" src=\"https:\/\/iwell-guard.com\/wp-content\/uploads\/2026\/05\/goetter_slawisch_lada-200x300.webp\" alt=\"Lada\" loading=\"lazy\"><\/div><div class=\"iwg-wesen-card-body\"><div class=\"iwg-wesen-card-name\">Lada<\/div><div class=\"iwg-wesen-card-arrow\">\u2192 A l&#039;\u00e9sser<\/div><\/div><\/a><a class=\"iwg-wesen-card\" href=\"https:\/\/iwell-guard.com\/ca\/jarilo\/\" aria-label=\"Jarilo\"><div class=\"iwg-wesen-card-imgwrap\"><img decoding=\"async\" src=\"https:\/\/iwell-guard.com\/wp-content\/uploads\/2026\/05\/goetter_slawisch_jarilo-200x300.webp\" alt=\"Jarilo\" loading=\"lazy\"><\/div><div class=\"iwg-wesen-card-body\"><div class=\"iwg-wesen-card-name\">Jarilo<\/div><div class=\"iwg-wesen-card-arrow\">\u2192 A l&#039;\u00e9sser<\/div><\/div><\/a><a class=\"iwg-wesen-card\" href=\"https:\/\/iwell-guard.com\/ca\/leshy\/\" aria-label=\"Leshy\"><div class=\"iwg-wesen-card-imgwrap\"><img decoding=\"async\" src=\"https:\/\/iwell-guard.com\/wp-content\/uploads\/2026\/05\/goetter_slawisch_leshy-200x300.webp\" alt=\"Leshy\" loading=\"lazy\"><\/div><div class=\"iwg-wesen-card-body\"><div class=\"iwg-wesen-card-name\">Leshy<\/div><div class=\"iwg-wesen-card-arrow\">\u2192 A l&#039;\u00e9sser<\/div><\/div><\/a><a class=\"iwg-wesen-card\" href=\"https:\/\/iwell-guard.com\/ca\/sventovid\/\" aria-label=\"Sventovid\"><div class=\"iwg-wesen-card-imgwrap\"><img decoding=\"async\" src=\"https:\/\/iwell-guard.com\/wp-content\/uploads\/2026\/05\/goetter_slawisch_sventovid-1-200x300.webp\" alt=\"Sventovid\" loading=\"lazy\"><\/div><div class=\"iwg-wesen-card-body\"><div class=\"iwg-wesen-card-name\">Sventovid<\/div><div class=\"iwg-wesen-card-arrow\">\u2192 A l&#039;\u00e9sser<\/div><\/div><\/a><\/div>\t\t\t\t\t\t\t\t<\/div>\n\t\t\t\t<\/div>\n\t\t\t\t\t<\/div>\n\t\t\t\t<\/div>\n\t\t<div class=\"elementor-element elementor-element-k-slawisch-s3 e-con-boxed e-flex e-con e-parent\" data-id=\"k-slawisch-s3\" data-element_type=\"container\" data-e-type=\"container\">\n\t\t\t\t\t<div class=\"e-con-inner\">\n\t\t\t\t<div class=\"elementor-element elementor-element-k-slawisch-h3 elementor-widget elementor-widget-heading\" data-id=\"k-slawisch-h3\" data-element_type=\"widget\" data-e-type=\"widget\" data-widget_type=\"heading.default\">\n\t\t\t\t\t<h2 class=\"elementor-heading-title elementor-size-default\">Dimonis (2)<\/h2>\t\t\t\t<\/div>\n\t\t<div class=\"elementor-element elementor-element-aj11-inner-0009 e-con-full e-flex e-con e-child\" data-id=\"aj11-inner-0009\" data-element_type=\"container\" data-e-type=\"container\">\n\t\t\t\t<div class=\"elementor-element elementor-element-k-slawisch-t3 elementor-widget elementor-widget-text-editor\" data-id=\"k-slawisch-t3\" data-element_type=\"widget\" data-e-type=\"widget\" data-widget_type=\"text-editor.default\">\n\t\t\t\t\t\t\t\t\t<div class=\"iwg-wesen-grid\"><a class=\"iwg-wesen-card\" href=\"https:\/\/iwell-guard.com\/ca\/baba-jaga\/\" aria-label=\"Baba Jaga\"><div class=\"iwg-wesen-card-imgwrap\"><img decoding=\"async\" src=\"https:\/\/iwell-guard.com\/wp-content\/uploads\/2026\/04\/daemonen_slawisch_baba-jaga-200x300.webp\" alt=\"Baba Jaga\" loading=\"lazy\"><\/div><div class=\"iwg-wesen-card-body\"><div class=\"iwg-wesen-card-name\">Baba Jaga<\/div><div class=\"iwg-wesen-card-arrow\">\u2192 A l&#039;\u00e9sser<\/div><\/div><\/a><a class=\"iwg-wesen-card\" href=\"https:\/\/iwell-guard.com\/ca\/upyr\/\" aria-label=\"Upyr\"><div class=\"iwg-wesen-card-imgwrap\"><img decoding=\"async\" src=\"https:\/\/iwell-guard.com\/wp-content\/uploads\/2026\/04\/daemonen_slawisch_upyr-200x300.webp\" alt=\"Upyr\" loading=\"lazy\"><\/div><div class=\"iwg-wesen-card-body\"><div class=\"iwg-wesen-card-name\">Upyr<\/div><div class=\"iwg-wesen-card-arrow\">\u2192 A l&#039;\u00e9sser<\/div><\/div><\/a><\/div>\t\t\t\t\t\t\t\t<\/div>\n\t\t\t\t<\/div>\n\t\t\t\t\t<\/div>\n\t\t\t\t<\/div>\n\t\t<div class=\"elementor-element elementor-element-k-slawisch-s4 e-con-boxed e-flex e-con e-parent\" data-id=\"k-slawisch-s4\" data-element_type=\"container\" data-e-type=\"container\">\n\t\t\t\t\t<div class=\"e-con-inner\">\n\t\t\t\t<div class=\"elementor-element elementor-element-k-slawisch-h4 elementor-widget elementor-widget-heading\" data-id=\"k-slawisch-h4\" data-element_type=\"widget\" data-e-type=\"widget\" data-widget_type=\"heading.default\">\n\t\t\t\t\t<h2 class=\"elementor-heading-title elementor-size-default\">Esperits (7)<\/h2>\t\t\t\t<\/div>\n\t\t<div class=\"elementor-element elementor-element-aj11-inner-000a e-con-full e-flex e-con e-child\" data-id=\"aj11-inner-000a\" data-element_type=\"container\" data-e-type=\"container\">\n\t\t\t\t<div class=\"elementor-element elementor-element-k-slawisch-t4 elementor-widget elementor-widget-text-editor\" data-id=\"k-slawisch-t4\" data-element_type=\"widget\" data-e-type=\"widget\" data-widget_type=\"text-editor.default\">\n\t\t\t\t\t\t\t\t\t<div class=\"iwg-wesen-grid\"><a class=\"iwg-wesen-card\" href=\"https:\/\/iwell-guard.com\/ca\/bannik\/\" aria-label=\"Bannik\"><div class=\"iwg-wesen-card-imgwrap\"><img decoding=\"async\" src=\"https:\/\/iwell-guard.com\/wp-content\/uploads\/2026\/04\/geister_slawisch_bannik-200x300.webp\" alt=\"Bannik\" loading=\"lazy\"><\/div><div class=\"iwg-wesen-card-body\"><div class=\"iwg-wesen-card-name\">Bannik<\/div><div class=\"iwg-wesen-card-arrow\">\u2192 A l&#039;\u00e9sser<\/div><\/div><\/a><a class=\"iwg-wesen-card\" href=\"https:\/\/iwell-guard.com\/ca\/domovoi\/\" aria-label=\"Domovoi\"><div class=\"iwg-wesen-card-imgwrap\"><img decoding=\"async\" src=\"https:\/\/iwell-guard.com\/wp-content\/uploads\/2026\/04\/geister_slawisch_domovoi-200x300.webp\" alt=\"Domovoi\" loading=\"lazy\"><\/div><div class=\"iwg-wesen-card-body\"><div class=\"iwg-wesen-card-name\">Domovoi<\/div><div class=\"iwg-wesen-card-arrow\">\u2192 A l&#039;\u00e9sser<\/div><\/div><\/a><a class=\"iwg-wesen-card\" href=\"https:\/\/iwell-guard.com\/ca\/kikimora\/\" aria-label=\"Kikimora\"><div class=\"iwg-wesen-card-imgwrap\"><img decoding=\"async\" src=\"https:\/\/iwell-guard.com\/wp-content\/uploads\/2026\/04\/geister_slawisch_kikimora-200x300.webp\" alt=\"Kikimora\" loading=\"lazy\"><\/div><div class=\"iwg-wesen-card-body\"><div class=\"iwg-wesen-card-name\">Kikimora<\/div><div class=\"iwg-wesen-card-arrow\">\u2192 A l&#039;\u00e9sser<\/div><\/div><\/a><a class=\"iwg-wesen-card\" href=\"https:\/\/iwell-guard.com\/ca\/leshy\/\" aria-label=\"Leshy\"><div class=\"iwg-wesen-card-imgwrap\"><img decoding=\"async\" src=\"https:\/\/iwell-guard.com\/wp-content\/uploads\/2026\/05\/goetter_slawisch_leshy-200x300.webp\" alt=\"Leshy\" loading=\"lazy\"><\/div><div class=\"iwg-wesen-card-body\"><div class=\"iwg-wesen-card-name\">Leshy<\/div><div class=\"iwg-wesen-card-arrow\">\u2192 A l&#039;\u00e9sser<\/div><\/div><\/a><a class=\"iwg-wesen-card\" href=\"https:\/\/iwell-guard.com\/ca\/rusalka\/\" aria-label=\"Rusalka\"><div class=\"iwg-wesen-card-imgwrap\"><img decoding=\"async\" src=\"https:\/\/iwell-guard.com\/wp-content\/uploads\/2026\/04\/geister_slawisch_rusalka-200x300.webp\" alt=\"Rusalka\" loading=\"lazy\"><\/div><div class=\"iwg-wesen-card-body\"><div class=\"iwg-wesen-card-name\">Rusalka<\/div><div class=\"iwg-wesen-card-arrow\">\u2192 A l&#039;\u00e9sser<\/div><\/div><\/a><a class=\"iwg-wesen-card\" href=\"https:\/\/iwell-guard.com\/ca\/wodjanoi-home-de-laigua-eslau\/\" aria-label=\"Wodjanoi \u2013 l\u2019home de l\u2019aigua de la tradici\u00f3 eslava\"><div class=\"iwg-wesen-card-imgwrap\"><img decoding=\"async\" src=\"https:\/\/iwell-guard.com\/wp-content\/uploads\/2026\/05\/geister_slawisch_wodjanoi-200x300.webp\" alt=\"Wodjanoi \u2013 l\u2019home de l\u2019aigua de la tradici\u00f3 eslava\" loading=\"lazy\"><\/div><div class=\"iwg-wesen-card-body\"><div class=\"iwg-wesen-card-name\">Wodjanoi \u2013 l\u2019home de l\u2019aigua de la tradici\u00f3 eslava<\/div><div class=\"iwg-wesen-card-arrow\">\u2192 A l&#039;\u00e9sser<\/div><\/div><\/a><a class=\"iwg-wesen-card\" href=\"https:\/\/iwell-guard.com\/ca\/wila-esperit-natura-tradicio-sudeslava\/\" aria-label=\"Wila \u2013 Esperit de la natura de la tradici\u00f3 sudeslava\"><div class=\"iwg-wesen-card-imgwrap\"><img decoding=\"async\" src=\"https:\/\/iwell-guard.com\/wp-content\/uploads\/2026\/05\/geister_slawisch_wila-200x300.webp\" alt=\"Wila \u2013 Esperit de la natura de la tradici\u00f3 sudeslava\" loading=\"lazy\"><\/div><div class=\"iwg-wesen-card-body\"><div class=\"iwg-wesen-card-name\">Wila \u2013 Esperit de la natura de la tradici\u00f3 sudeslava<\/div><div class=\"iwg-wesen-card-arrow\">\u2192 A l&#039;\u00e9sser<\/div><\/div><\/a><\/div>\t\t\t\t\t\t\t\t<\/div>\n\t\t\t\t<\/div>\n\t\t\t\t\t<\/div>\n\t\t\t\t<\/div>\n\t\t<div class=\"elementor-element elementor-element-x-slawisch-s-faq e-con-boxed e-flex e-con e-parent\" data-id=\"x-slawisch-s-faq\" data-element_type=\"container\" data-e-type=\"container\">\n\t\t\t\t\t<div class=\"e-con-inner\">\n\t\t\t\t<div class=\"elementor-element elementor-element-x-slawisch-h-faq elementor-widget elementor-widget-heading\" data-id=\"x-slawisch-h-faq\" data-element_type=\"widget\" data-e-type=\"widget\" data-widget_type=\"heading.default\">\n\t\t\t\t\t<h2 class=\"elementor-heading-title elementor-size-default\">Preguntes freq\u00fcents sobre els d\u00e9us eslaus<\/h2>\t\t\t\t<\/div>\n\t\t<div class=\"elementor-element elementor-element-aj11-inner-0007 e-con-full e-flex e-con e-child\" data-id=\"aj11-inner-0007\" data-element_type=\"container\" data-e-type=\"container\">\n\t\t\t\t<div class=\"elementor-element elementor-element-x-slawisch-t-faq elementor-widget elementor-widget-text-editor\" data-id=\"x-slawisch-t-faq\" data-element_type=\"widget\" data-e-type=\"widget\" data-widget_type=\"text-editor.default\">\n\t\t\t\t\t\t\t\t\t<h3>Quants d\u00e9us eslaus hi ha?<\/h3>\n<p>El <span class=\"iwg-fachbegriff\" data-tooltip=\"El conjunt dels d\u00e9us d'una religi\u00f3 o cultura.\" tabindex=\"0\">pante\u00f3<\/span> eslau ens ha arribat de manera menys sistem\u00e0tica que el grec o el germ\u00e0nic, ja que les fonts escrites es van redactar nom\u00e9s despr\u00e9s de la cristianitzaci\u00f3. Es coneixen uns 30 d\u00e9us principals (Perun, Veles, Svarog, Dazhbog, Stribog, Mokosch, Khors, Simargl, Lada, Jarilo, Marena, Triglav, Sventovid, entre altres).<\/p><p>A m\u00e9s, hi ha centenars d&#8217;\u00e9ssers locals i de la natura (Leshy, Domovoi, Rusalka, Wila), en total entre 100 i 150 d\u00e9us documentats pel nom.<\/p>\n<h3>Qui \u00e9s el d\u00e9u suprem eslau?<\/h3>\n<p>Perun \u00e9s el d\u00e9u principal dels eslaus orientals, d\u00e9u del tro, protector dels guerrers i guardi\u00e0 dels juraments, comparable a Zeus o Tor. Entre els eslaus occidentals (els rugis de l&#8217;illa de R\u00fcgen), Sventovid era el d\u00e9u m\u00e9s important.<\/p><p>En totes les tribus eslaves apareix la tr\u00edada formada per Perun (cel, tro), Veles (terra, bestiar, inframon) i Mokosch (mare, aigua, dones) com a nucli central. L&#8217;assemblea de d\u00e9us de Vlad\u00edmir a K\u00edev (l&#8217;any 980) va situar Perun al capdamunt.<\/p>\n<h3>Qu\u00e8 \u00e9s el <span class=\"iwg-fachbegriff\" data-tooltip=\"El conjunt dels d\u00e9us d'una religi\u00f3 o cultura.\" tabindex=\"0\">pante\u00f3<\/span> de Vlad\u00edmir?<\/h3>\n<p>El <span class=\"iwg-fachbegriff\" data-tooltip=\"El conjunt dels d\u00e9us d'una religi\u00f3 o cultura.\" tabindex=\"0\">pante\u00f3<\/span> de Vlad\u00edmir (980\u2013988) va ser l&#8217;\u00faltima assemblea de d\u00e9us pagana de la Rus de K\u00edev. El gran pr\u00edncep Vlad\u00edmir Sviatosl\u00e0vitx va fer col\u00b7locar, abans de la seva conversi\u00f3, sis \u00eddols davant del seu palau a K\u00edev: Perun (amb cap de plata i bigoti d&#8217;or), Khors (el Sol), Dazhbog (d\u00e9u donador), Stribog (el vent), Simargl (\u00e9sser enigm\u00e0tic) i Mokosch (la mare).<\/p><p>L&#8217;any 988, despr\u00e9s del seu baptisme, va fer destruir tots els \u00eddols; Perun va ser llan\u00e7at al riu Dni\u00e8per. La cr\u00f2nica de N\u00e9stor recull aquests fets.<\/p>\n<h3>Qu\u00e8 diferencia els d\u00e9us dels esperits en la tradici\u00f3 eslava?<\/h3>\n<p>Els d\u00e9us (bog) eren venerats en grans santuaris i tenien funcions c\u00f2smiques: el tro (Perun), el Sol (Dazhbog), la terra (Mokosch). Els esperits (duhi, demoni), en canvi, s\u00f3n \u00e9ssers propers a la vida quotidiana: Domovoi (esperit de la llar), Leshy (bosc), Wodjanoi (aigua), Bannik (sauna), Polevoi (camp) i Rusalka (jove morta a prop de l&#8217;aigua).<\/p><p>Els esperits s\u00f3n ambivalents, poden ajudar o fer mal, i fins al segle XX es van apaivagar en les tradicions pageses amb ofrenes d&#8217;aliments.<\/p>\n<h3>Qu\u00e8 \u00e9s la doble divinitat Belobog-Crnobog?<\/h3>\n<p>Belobog (d\u00e9u blanc) i Crnobog (d\u00e9u negre) formen, en algunes tradicions dels eslaus occidentals, una parella divina que representa la llum i el b\u00e9 enfront de la foscor i el mal. Aquesta concepci\u00f3 dualista podria tenir influ\u00e8ncia iraniana (zoroastrisme) o cristiana; Helmold de Bosau (segle XII) parla d&#8217;un <span class=\"iwg-fachbegriff\" data-tooltip=\"El conjunt dels actes de veneraci\u00f3 religiosa dedicats a una divinitat o figura sagrada.\" tabindex=\"0\">culte<\/span> a Crnobog entre els eslaus occidentals.<\/p><p>Des del punt de vista de la ci\u00e8ncia de les religions, l&#8217;exist\u00e8ncia de Belobog \u00e9s discutida: podria ser una figura derivada secund\u00e0riament del ben documentat Crnobog, de manera semblant al diable, que no t\u00e9 una contrapart clara en forma de d\u00e9u blanc.<\/p>\n<h3>Qu\u00e8 va passar amb els d\u00e9us eslaus despr\u00e9s de la cristianitzaci\u00f3?<\/h3>\n<p>Despr\u00e9s de l&#8217;any 988 (el baptisme de K\u00edev), la veneraci\u00f3 oficial dels d\u00e9us va quedar prohibida, els \u00eddols van ser destru\u00efts i els <span class=\"iwg-fachbegriff\" data-tooltip=\"Un edifici destinat a la veneraci\u00f3 d'una o diverses divinitats.\" tabindex=\"0\">temples<\/span> enderrocats. Tot i aix\u00f2, els d\u00e9us van sobreviure en la fe popular: Perun es va transformar en sant Elies (que travessa els n\u00favols amb el carro del tro), Veles en sant Blai (patr\u00f3 protector del bestiar, a causa de la semblan\u00e7a fon\u00e8tica entre Veles i Vlas), i Mokosch va donar lloc a la veneraci\u00f3 de la Mare de D\u00e9u.<\/p><p>Aquesta s\u00edntesi, la doble fe eslava (dvoeverie), es va mantenir en zones rurals fins al segle XIX.<\/p>\n<script type=\"application\/ld+json\">{\"@context\": \"https:\/\/schema.org\", \"@type\": \"FAQPage\", \"mainEntity\": [{\"@type\": \"Question\", \"name\": \"Quants d\u00e9us eslaus hi ha?\", \"acceptedAnswer\": {\"@type\": \"Answer\", \"text\": \"El pante\u00f3 eslau ens ha arribat de manera menys sistem\u00e0tica que el grec o el germ\u00e0nic, ja que les fonts escrites es van redactar nom\u00e9s despr\u00e9s de la cristianitzaci\u00f3. Es coneixen uns 30 d\u00e9us principals (Perun, Veles, Svarog, Dazhbog, Stribog, Mokosch, Khors, Simargl, Lada, Jarilo, Marena, Triglav, Sventovid, entre altres). A m\u00e9s, hi ha centenars d'\u00e9ssers locals i de la natura (Leshy, Domovoi, Rusalka, Wila), en total entre 100 i 150 d\u00e9us documentats pel nom.\"}}, {\"@type\": \"Question\", \"name\": \"Qui \u00e9s el d\u00e9u suprem eslau?\", \"acceptedAnswer\": {\"@type\": \"Answer\", \"text\": \"Perun \u00e9s el d\u00e9u principal dels eslaus orientals, d\u00e9u del tro, protector dels guerrers i guardi\u00e0 dels juraments, comparable a Zeus o Tor. Entre els eslaus occidentals (els rugis de l'illa de R\u00fcgen), Sventovid era el d\u00e9u m\u00e9s important. En totes les tribus eslaves apareix la tr\u00edada formada per Perun (cel, tro), Veles (terra, bestiar, inframon) i Mokosch (mare, aigua, dones) com a nucli central. L'assemblea de d\u00e9us de Vlad\u00edmir a K\u00edev (l'any 980) va situar Perun al capdamunt.\"}}, {\"@type\": \"Question\", \"name\": \"Qu\u00e8 \u00e9s el pante\u00f3 de Vlad\u00edmir?\", \"acceptedAnswer\": {\"@type\": \"Answer\", \"text\": \"El pante\u00f3 de Vlad\u00edmir (980\u2013988) va ser l'\u00faltima assemblea de d\u00e9us pagana de la Rus de K\u00edev. El gran pr\u00edncep Vlad\u00edmir Sviatosl\u00e0vitx va fer col\u00b7locar, abans de la seva conversi\u00f3, sis \u00eddols davant del seu palau a K\u00edev: Perun (amb cap de plata i bigoti d'or), Khors (el Sol), Dazhbog (d\u00e9u donador), Stribog (el vent), Simargl (\u00e9sser enigm\u00e0tic) i Mokosch (la mare). L'any 988, despr\u00e9s del seu baptisme, va fer destruir tots els \u00eddols; Perun va ser llan\u00e7at al riu Dni\u00e8per. La cr\u00f2nica de N\u00e9stor recull aquests fets.\"}}, {\"@type\": \"Question\", \"name\": \"Qu\u00e8 diferencia els d\u00e9us dels esperits en la tradici\u00f3 eslava?\", \"acceptedAnswer\": {\"@type\": \"Answer\", \"text\": \"Els d\u00e9us (bog) eren venerats en grans santuaris i tenien funcions c\u00f2smiques: el tro (Perun), el Sol (Dazhbog), la terra (Mokosch). Els esperits (duhi, demoni), en canvi, s\u00f3n \u00e9ssers propers a la vida quotidiana: Domovoi (esperit de la llar), Leshy (bosc), Wodjanoi (aigua), Bannik (sauna), Polevoi (camp) i Rusalka (jove morta a prop de l'aigua). Els esperits s\u00f3n ambivalents, poden ajudar o fer mal, i fins al segle XX es van apaivagar en les tradicions pageses amb ofrenes d'aliments.\"}}, {\"@type\": \"Question\", \"name\": \"Qu\u00e8 \u00e9s la doble divinitat Belobog-Crnobog?\", \"acceptedAnswer\": {\"@type\": \"Answer\", \"text\": \"Belobog (d\u00e9u blanc) i Crnobog (d\u00e9u negre) formen, en algunes tradicions dels eslaus occidentals, una parella divina que representa la llum i el b\u00e9 enfront de la foscor i el mal. Aquesta concepci\u00f3 dualista podria tenir influ\u00e8ncia iraniana (zoroastrisme) o cristiana; Helmold de Bosau (segle XII) parla d'un culte a Crnobog entre els eslaus occidentals. Cient\u00edficament, l'exist\u00e8ncia de Belobog \u00e9s discutida: podria ser una figura derivada secund\u00e0riament del ben documentat Crnobog, de manera semblant al diable, que no t\u00e9 una contrapart clara en forma de d\u00e9u blanc.\"}}, {\"@type\": \"Question\", \"name\": \"Qu\u00e8 va passar amb els d\u00e9us eslaus despr\u00e9s de la cristianitzaci\u00f3?\", \"acceptedAnswer\": {\"@type\": \"Answer\", \"text\": \"Despr\u00e9s de l'any 988 (el baptisme de K\u00edev), la veneraci\u00f3 oficial dels d\u00e9us va quedar prohibida, els \u00eddols van ser destru\u00efts i els temples enderrocats. Tot i aix\u00f2, els d\u00e9us van sobreviure en la fe popular: Perun es va transformar en sant Elies (que travessa els n\u00favols amb el carro del tro), Veles en sant Blai (patr\u00f3 protector del bestiar, a causa de la semblan\u00e7a fon\u00e8tica entre Veles i Vlas), i Mokosch va donar lloc a la veneraci\u00f3 de la Mare de D\u00e9u. Aquesta s\u00edntesi, la doble fe eslava (dvoeverie), es va mantenir en zones rurals fins al segle XIX.\"}}]}<\/script>\t\t\t\t\t\t\t\t<\/div>\n\t\t\t\t<\/div>\n\t\t\t\t\t<\/div>\n\t\t\t\t<\/div>\n\t\t<div class=\"elementor-element elementor-element-9cbb9f4 e-con-boxed e-flex e-con e-parent\" data-id=\"9cbb9f4\" data-element_type=\"container\" data-e-type=\"container\">\n\t\t\t\t\t<div class=\"e-con-inner\">\n\t\t\t\t<div class=\"elementor-element elementor-element-4571370 elementor-widget elementor-widget-heading\" data-id=\"4571370\" data-element_type=\"widget\" data-e-type=\"widget\" data-widget_type=\"heading.default\">\n\t\t\t\t\t<h2 class=\"elementor-heading-title elementor-size-default\">Aprofundiment<\/h2>\t\t\t\t<\/div>\n\t\t\t\t<div class=\"elementor-element elementor-element-1b3dbac elementor-widget elementor-widget-heading\" data-id=\"1b3dbac\" data-element_type=\"widget\" data-e-type=\"widget\" data-widget_type=\"heading.default\">\n\t\t\t\t\t<h3 class=\"elementor-heading-title elementor-size-default\">Fonts escasses<\/h3>\t\t\t\t<\/div>\n\t\t<div class=\"elementor-element elementor-element-aj11-inner-000b e-con-full e-flex e-con e-child\" data-id=\"aj11-inner-000b\" data-element_type=\"container\" data-e-type=\"container\">\n\t\t\t\t<div class=\"elementor-element elementor-element-5605afe elementor-widget elementor-widget-text-editor\" data-id=\"5605afe\" data-element_type=\"widget\" data-e-type=\"widget\" data-widget_type=\"text-editor.default\">\n\t\t\t\t\t\t\t\t\t<p>La religi\u00f3 eslava \u00e9s, des del punt de vista mitol\u00f2gic, una de les pitjor documentades d&#8217;Europa. No hi ha edes eslaves, ni teogonies, ni registres sistem\u00e0tics de d\u00e9us.<\/p><p>El que tenim s\u00f3n relats externs bizantins i de l&#8217;Europa occidental, cr\u00f2niques d&#8217;\u00e8poca ja cristianitzada (la Cr\u00f2nica de N\u00e9stor, la descripci\u00f3 del temple d&#8217;Arkona de Sax\u00f3 Gram\u00e0tic), troballes arqueol\u00f2giques i, sobretot, la tradici\u00f3 popular conservada en can\u00e7ons, costums i rondalles.<\/p>\t\t\t\t\t\t\t\t<\/div>\n\t\t\t\t<\/div>\n\t\t\t\t<div class=\"elementor-element elementor-element-83ce9df elementor-widget elementor-widget-heading\" data-id=\"83ce9df\" data-element_type=\"widget\" data-e-type=\"widget\" data-widget_type=\"heading.default\">\n\t\t\t\t\t<h3 class=\"elementor-heading-title elementor-size-default\">Grans d\u00e9us i esperits populars<\/h3>\t\t\t\t<\/div>\n\t\t<div class=\"elementor-element elementor-element-bw-80b2b1d-4ee697d e-flex e-con-boxed e-con e-parent\" data-id=\"bw-80b2b1d-4ee697d\" data-element_type=\"container\" data-e-type=\"container\" data-settings=\"{&quot;background_background&quot;:&quot;classic&quot;}\">\n\t\t\t\t\t<div class=\"e-con-inner\">\n\t\t\t\t<div class=\"elementor-element elementor-element-80b2b1d elementor-widget elementor-widget-text-editor\" data-id=\"80b2b1d\" data-element_type=\"widget\" data-e-type=\"widget\" data-widget_type=\"text-editor.default\">\n\t\t\t\t\t\t\t\t\t<p>Al capdamunt del pante\u00f3 conegut hi trobem Perun (d\u00e9u del tro i del roure, gran d\u00e9u), Veles (d\u00e9u del bestiar, del m\u00f3n inferior i de la m\u00e0gia, oponent de Perun), Svarog (d\u00e9u del cel i de la forja) i Mokosh (Mare Terra).<\/p><p>Al costat d&#8217;aquests hi ha la <span class=\"iwg-fachbegriff\" data-tooltip=\"El conjunt de relats sobre d\u00e9us transmesos per una cultura.\" tabindex=\"0\">mitologia<\/span> menor: Domovoi, Leshy, Vodianoi, Rusalka, Bannik i Kikimora. Aquests \u00e9ssers van marcar durant segles la vida quotidiana de la poblaci\u00f3 pagesa.<\/p>\t\t\t\t\t\t\t\t<\/div>\n\t\t\t\t\t<\/div>\n\t\t\t\t<\/div>\n\t\t\t\t<div class=\"elementor-element elementor-element-fb27fed elementor-widget elementor-widget-heading\" data-id=\"fb27fed\" data-element_type=\"widget\" data-e-type=\"widget\" data-widget_type=\"heading.default\">\n\t\t\t\t\t<h3 class=\"elementor-heading-title elementor-size-default\">Cristianitzaci\u00f3 i sincretisme<\/h3>\t\t\t\t<\/div>\n\t\t<div class=\"elementor-element elementor-element-bw-d6e4802-3c664d4 e-flex e-con-boxed e-con e-parent\" data-id=\"bw-d6e4802-3c664d4\" data-element_type=\"container\" data-e-type=\"container\" data-settings=\"{&quot;background_background&quot;:&quot;classic&quot;}\">\n\t\t\t\t\t<div class=\"e-con-inner\">\n\t\t\t\t<div class=\"elementor-element elementor-element-d6e4802 elementor-widget elementor-widget-text-editor\" data-id=\"d6e4802\" data-element_type=\"widget\" data-e-type=\"widget\" data-widget_type=\"text-editor.default\">\n\t\t\t\t\t\t\t\t\t<p>La cristianitzaci\u00f3 dels eslaus va seguir camins molt diferents segons la regi\u00f3 (Bulg\u00e0ria el 864, R\u00fassia el 988). En lloc d&#8217;una substituci\u00f3 completa, es va produir una fusi\u00f3: Perun es va convertir en sant Elies, Veles en sant Blai, Mokosh en la Pi\u00e0tnitsa. Costums populars com la festa de Maslenitsa i l&#8217;Ivan Kupala han perdurat fins avui sota una capa cristiana.<\/p>\t\t\t\t\t\t\t\t<\/div>\n\t\t\t\t\t<\/div>\n\t\t\t\t<\/div>\n\t\t\t\t<div class=\"elementor-element elementor-element-ee7014d elementor-widget elementor-widget-heading\" data-id=\"ee7014d\" data-element_type=\"widget\" data-e-type=\"widget\" data-widget_type=\"heading.default\">\n\t\t\t\t\t<h3 class=\"elementor-heading-title elementor-size-default\">Redescobriment i recerca<\/h3>\t\t\t\t<\/div>\n\t\t<div class=\"elementor-element elementor-element-bw-6ac26ee-52aed7c e-flex e-con-boxed e-con e-parent\" data-id=\"bw-6ac26ee-52aed7c\" data-element_type=\"container\" data-e-type=\"container\" data-settings=\"{&quot;background_background&quot;:&quot;classic&quot;}\">\n\t\t\t\t\t<div class=\"e-con-inner\">\n\t\t\t\t<div class=\"elementor-element elementor-element-6ac26ee elementor-widget elementor-widget-text-editor\" data-id=\"6ac26ee\" data-element_type=\"widget\" data-e-type=\"widget\" data-widget_type=\"text-editor.default\">\n\t\t\t\t\t\t\t\t\t<p>Al segle XIX va comen\u00e7ar l&#8217;estudi cient\u00edfic: Aleksandr Afan\u00e0ssiev va recopilar rondalles, i m\u00e9s tard Vlad\u00edmir Propp en va analitzar les estructures. La religi\u00f3 popular reconstru\u00efda de l&#8217;\u00e8poca postsovi\u00e8tica (rodnoveria) \u00e9s un moviment modern, no una prova de pr\u00e0ctica hist\u00f2rica.<\/p><p>A iWell Guard treballem amb aquestes fonts amb prud\u00e8ncia, ja que precisament aqu\u00ed el risc de construcci\u00f3 m\u00edtica nacionalista, tant hist\u00f2rica com actual, \u00e9s elevat.<\/p><div data-nosnippet=\"true\" class=\"iwg-litliste\"><p><strong>Bibliografia est\u00e0ndard (eslava):<\/strong><\/p><ul><li><span data-nosnippet><strong>Gieysztor, Aleksander<\/strong>: <em>Mitologia S\u0142owian. Warszawa 1982.<\/em><\/span><\/li><li><span data-nosnippet><strong>Ma\u0144czak, Witold<\/strong>: <em>Slawische <span class=\"iwg-fachbegriff\" data-tooltip=\"El conjunt de relats sobre d\u00e9us transmesos per una cultura.\" tabindex=\"0\">Mythologie<\/span>. In: Encyclopedia of Religion 13, Macmillan 1987.<\/em><\/span><\/li><\/ul><\/div>\n<p class=\"iwg-bib-more\"><span data-nosnippet>M\u00e9s obres de refer\u00e8ncia al <a href=\"https:\/\/iwell-guard.com\/ca\/?page_id=171483\">llistat bibliogr\u00e0fic<\/a>.<\/span><\/p>\t\t\t\t\t\t\t\t<\/div>\n\t\t\t\t\t<\/div>\n\t\t\t\t<\/div>\n\t\t\t\t\t<\/div>\n\t\t\t\t<\/div>\n\t\t<div class=\"elementor-element elementor-element-iwgcc-slawisch-sec e-flex e-con-boxed e-con e-parent\" data-id=\"iwgcc-slawisch-sec\" data-element_type=\"container\" data-e-type=\"container\" id=\"iwg-cc-slawisch\">\n\t\t\t\t\t<div class=\"e-con-inner\">\n\t\t<div class=\"elementor-element elementor-element-iwgcc-slawisch-inner e-flex e-con-boxed e-con e-parent\" data-id=\"iwgcc-slawisch-inner\" data-element_type=\"container\" data-e-type=\"container\" data-settings=\"{&quot;background_background&quot;:&quot;classic&quot;}\">\n\t\t\t\t\t<div class=\"e-con-inner\">\n\t\t\t\t<div class=\"elementor-element elementor-element-iwgcc-slawisch-h elementor-widget elementor-widget-heading\" data-id=\"iwgcc-slawisch-h\" data-element_type=\"widget\" data-e-type=\"widget\" data-widget_type=\"heading.default\">\n\t\t\t\t\t<h2 class=\"elementor-heading-title elementor-size-default\">Objectes de protecci\u00f3 d'aquesta tradici\u00f3 cultural<\/h2>\t\t\t\t<\/div>\n\t\t\t\t<div class=\"elementor-element elementor-element-iwgcc-slawisch-t elementor-widget elementor-widget-text-editor\" data-id=\"iwgcc-slawisch-t\" data-element_type=\"widget\" data-e-type=\"widget\" data-widget_type=\"text-editor.default\">\n\t\t\t\t\t\t\t\t\t<p>La tradici\u00f3 popular eslava combinava la protecci\u00f3 de la llar i del cos: <span class=\"iwg-fachbegriff\" data-tooltip=\"El conjunt de costums transmesos per una comunitat.\" tabindex=\"0\">costums<\/span> relacionats amb el Domovoi, brodats amb <span class=\"iwg-fachbegriff\" data-tooltip=\"Un signe que representa una idea o un significat.\" tabindex=\"0\">s\u00edmbols<\/span> a la roba i als tapissos, amuletos de fil contra el mal d&#8217;ull.<\/p><div data-nosnippet=\"true\"><p>iWell Guard s&#8217;inscriu en aquesta l\u00ednia culturohist\u00f2rica d&#8217;objectes de protecci\u00f3 portables, amb una arquitectura de materials contempor\u00e0nia, fabricat a Alemanya. 41 capes, or aut\u00e8ntic, plat\u00ed, plata. Dret de devoluci\u00f3 de 30 dies.<\/p><\/div>\t\t\t\t\t\t\t\t<\/div>\n\t\t\t\t<div class=\"elementor-element elementor-element-iwgcc-slawisch-b iwg-cc-button iwg-cc-cta-2026-05-13 elementor-widget elementor-widget-jet-button\" data-id=\"iwgcc-slawisch-b\" data-element_type=\"widget\" data-e-type=\"widget\" data-widget_type=\"jet-button.default\">\n\t\t\t\t<div class=\"elementor-widget-container\">\n\t\t\t\t\t<div class=\"elementor-jet-button jet-elements\"><div class=\"jet-button__container\"><a class=\"jet-button__instance jet-button__instance--icon-left hover-effect-1\" href=\"\/ueber-iwell-guard\/?utm_source=iwell-guard.com&amp;utm_medium=info-box&amp;utm_campaign=kultur-tradition\"><div class=\"jet-button__plane jet-button__plane-normal\"><\/div><div class=\"jet-button__plane jet-button__plane-hover\"><\/div><div class=\"jet-button__state jet-button__state-normal\"><span class=\"jet-button__label\">M\u00e9s informaci\u00f3 sobre l'iWell Guard<\/span><\/div><div class=\"jet-button__state jet-button__state-hover\"><span class=\"jet-button__label\">M\u00e9s informaci\u00f3 sobre l'iWell Guard<\/span><\/div><\/a><\/div><\/div><style>.elementor-element.elementor-element-iwgcc-slawisch-b .jet-button__instance{width:320px;height:56px;}.elementor-element.elementor-element-iwgcc-slawisch-b .jet-button__state-normal .jet-button__label{text-align:center;margin:0px 0px 0px 0px;color:#1a1b20;font-family:Montserrat,sans-serif;font-size:13px;font-weight:400;letter-spacing:4px;line-height:1.714em;text-transform:uppercase;}.elementor-element.elementor-element-iwgcc-slawisch-b .jet-button__state-hover .jet-button__label{text-align:center;margin:0px 0px 0px 0px;color:#FECC76;font-family:Montserrat,sans-serif;font-size:13px;font-weight:400;letter-spacing:4px;line-height:1.714em;text-transform:uppercase;}.elementor-element.elementor-element-iwgcc-slawisch-b .jet-button__plane-normal{background-color:#FECC76;border-style:solid;border-color:#C99540;border-width:2px 2px 2px 2px;}.elementor-element.elementor-element-iwgcc-slawisch-b .jet-button__plane-hover{background-color:rgba(0,0,0,0.55);border-style:solid;border-color:#FECC76;border-width:2px 2px 2px 2px;}<\/style>\t\t\t\t<\/div>\n\t\t\t\t<\/div>\n\t\t\t\t<div class=\"elementor-element elementor-element-iwgcc-slawisch-d elementor-widget elementor-widget-text-editor\" data-id=\"iwgcc-slawisch-d\" data-element_type=\"widget\" data-e-type=\"widget\" data-widget_type=\"text-editor.default\">\n\t\t\t\t\t\t\t\t\t<div data-nosnippet=\"true\"><p style=\"text-align:center;font-size:13px;opacity:0.7;margin-top:14px\" data-nosnippet=\"true\">Les experi\u00e8ncies personals poden variar. No \u00e9s un producte sanitari. No \u00e9s una promesa de curaci\u00f3.<\/p><\/div>\t\t\t\t\t\t\t\t<\/div>\n\t\t\t\t\t<\/div>\n\t\t\t\t<\/div>\n\t\t\t\t\t<\/div>\n\t\t\t\t<\/div>\n\t\t<div class=\"elementor-element elementor-element-iwgssrev-slawisch e-flex e-con-boxed e-con e-parent\" data-id=\"iwgssrev-slawisch\" data-element_type=\"container\" data-e-type=\"container\">\n\t\t\t\t\t<div class=\"e-con-inner\">\n\t\t\t\t<div class=\"elementor-element elementor-element-iwgssrev-slawisch-h elementor-widget elementor-widget-heading\" data-id=\"iwgssrev-slawisch-h\" data-element_type=\"widget\" data-e-type=\"widget\" data-widget_type=\"heading.default\">\n\t\t\t\t\t<h2 class=\"elementor-heading-title elementor-size-default\">S\u00edmbols de protecci\u00f3 del m\u00f3n eslau<\/h2>\t\t\t\t<\/div>\n\t\t\t\t<div class=\"elementor-element elementor-element-iwgssrev-slawisch-t elementor-widget elementor-widget-text-editor\" data-id=\"iwgssrev-slawisch-t\" data-element_type=\"widget\" data-e-type=\"widget\" data-widget_type=\"text-editor.default\">\n\t\t\t\t\t\t\t\t\t<p>El lexic\u00f3 de s\u00edmbols de protecci\u00f3 tracta diversos signes i objectes del m\u00f3n eslau en p\u00e0gines pr\u00f2pies: <a href=\"https:\/\/iwell-guard.com\/ca\/?page_id=171930\">Signe del tro<\/a>, <a href=\"https:\/\/iwell-guard.com\/ca\/?page_id=171966\">M\u00e0 de D\u00e9u<\/a>, <a href=\"https:\/\/iwell-guard.com\/ca\/?page_id=171907\">Kolovrat<\/a>, <a href=\"https:\/\/iwell-guard.com\/ca\/?page_id=171967\">Obereg<\/a> i <a href=\"https:\/\/iwell-guard.com\/ca\/?page_id=171968\">L\u00fanula eslava<\/a>. La p\u00e0gina dedicada als <a href=\"https:\/\/iwell-guard.com\/ca\/?page_id=171653\">s\u00edmbols de protecci\u00f3<\/a> ofereix una visi\u00f3 transversal entre cultures.<\/p>\t\t\t\t\t\t\t\t<\/div>\n\t\t\t\t\t<\/div>\n\t\t\t\t<\/div>\n\t\t\t\t<\/div>\n\t\t","protected":false},"excerpt":{"rendered":"","protected":false},"author":3,"featured_media":1673,"parent":0,"menu_order":0,"comment_status":"closed","ping_status":"closed","template":"elementor_header_footer","meta":{"_yoast_wpseo_focuskw":"d\u00e9us eslaus","_yoast_wpseo_title":"D\u00e9us eslaus \u2013 de Perun a Veles","_yoast_wpseo_metadesc":"D\u00e9us dels eslaus: Perun, Veles, Svarog, Mokosch, Dazhbog. Pante\u00f3 dels eslaus occidentals, orientals i meridionals, mite, culte i simbologia.","_yoast_wpseo_meta-robots-noindex":"","_yoast_wpseo_canonical":"","_angie_page":false,"gefaehrdungsstufe":"","wesen_kultur":"","wesen_klasse":"","footnotes":""},"categories":[],"class_list":["post-171369","page","type-page","status-publish","has-post-thumbnail","hentry"],"yoast_head":"<!-- This site is optimized with the Yoast SEO Premium plugin v27.7 (Yoast SEO v28.3) - https:\/\/yoast.com\/product\/yoast-seo-premium-wordpress\/ -->\n<title>D\u00e9us eslaus \u2013 de Perun a Veles<\/title>\n<meta name=\"description\" content=\"D\u00e9us dels eslaus: Perun, Veles, Svarog, Mokosch, Dazhbog. Pante\u00f3 dels eslaus occidentals, orientals i meridionals, mite, culte i simbologia.\" \/>\n<meta name=\"robots\" content=\"index, follow, max-snippet:-1, max-image-preview:large, max-video-preview:-1\" \/>\n<link rel=\"canonical\" href=\"https:\/\/iwell-guard.com\/ca\/eslau\/\" \/>\n<meta property=\"og:locale\" content=\"ca_ES\" \/>\n<meta property=\"og:type\" content=\"article\" \/>\n<meta property=\"og:title\" content=\"Eslau\" \/>\n<meta property=\"og:description\" content=\"D\u00e9us dels eslaus: Perun, Veles, Svarog, Mokosch, Dazhbog. Pante\u00f3 dels eslaus occidentals, orientals i meridionals, mite, culte i simbologia.\" \/>\n<meta property=\"og:url\" content=\"https:\/\/iwell-guard.com\/ca\/eslau\/\" \/>\n<meta property=\"og:site_name\" content=\"iWell Guard\" \/>\n<meta property=\"article:modified_time\" content=\"2026-09-05T15:56:00+00:00\" \/>\n<meta property=\"og:image\" content=\"https:\/\/iwell-guard.com\/wp-content\/uploads\/2026\/04\/daemonen_slawisch_baba-jaga.webp\" \/>\n\t<meta property=\"og:image:width\" content=\"1024\" \/>\n\t<meta property=\"og:image:height\" content=\"1536\" \/>\n\t<meta property=\"og:image:type\" content=\"image\/webp\" \/>\n<meta name=\"twitter:card\" content=\"summary_large_image\" \/>\n<script type=\"application\/ld+json\" class=\"yoast-schema-graph\">{\"@context\":\"https:\\\/\\\/schema.org\",\"@graph\":[{\"@type\":\"WebPage\",\"@id\":\"https:\\\/\\\/iwell-guard.com\\\/ca\\\/eslau\\\/\",\"url\":\"https:\\\/\\\/iwell-guard.com\\\/ca\\\/eslau\\\/\",\"name\":\"D\u00e9us eslaus \u2013 de Perun a Veles\",\"isPartOf\":{\"@id\":\"https:\\\/\\\/iwell-guard.com\\\/ca\\\/#website\"},\"primaryImageOfPage\":{\"@id\":\"https:\\\/\\\/iwell-guard.com\\\/ca\\\/eslau\\\/#primaryimage\"},\"image\":{\"@id\":\"https:\\\/\\\/iwell-guard.com\\\/ca\\\/eslau\\\/#primaryimage\"},\"thumbnailUrl\":\"https:\\\/\\\/iwell-guard.com\\\/wp-content\\\/uploads\\\/2026\\\/04\\\/daemonen_slawisch_baba-jaga.webp\",\"datePublished\":\"2026-09-05T15:38:48+00:00\",\"dateModified\":\"2026-09-05T15:56:00+00:00\",\"description\":\"D\u00e9us dels eslaus: Perun, Veles, Svarog, Mokosch, Dazhbog. Pante\u00f3 dels eslaus occidentals, orientals i meridionals, mite, culte i simbologia.\",\"breadcrumb\":{\"@id\":\"https:\\\/\\\/iwell-guard.com\\\/ca\\\/eslau\\\/#breadcrumb\"},\"inLanguage\":\"ca\",\"potentialAction\":[{\"@type\":\"ReadAction\",\"target\":[\"https:\\\/\\\/iwell-guard.com\\\/ca\\\/eslau\\\/\"]}]},{\"@type\":\"ImageObject\",\"inLanguage\":\"ca\",\"@id\":\"https:\\\/\\\/iwell-guard.com\\\/ca\\\/eslau\\\/#primaryimage\",\"url\":\"https:\\\/\\\/iwell-guard.com\\\/wp-content\\\/uploads\\\/2026\\\/04\\\/daemonen_slawisch_baba-jaga.webp\",\"contentUrl\":\"https:\\\/\\\/iwell-guard.com\\\/wp-content\\\/uploads\\\/2026\\\/04\\\/daemonen_slawisch_baba-jaga.webp\",\"width\":1024,\"height\":1536,\"caption\":\"Dimonis de la tradici\u00f3 eslava.\"},{\"@type\":\"BreadcrumbList\",\"@id\":\"https:\\\/\\\/iwell-guard.com\\\/ca\\\/eslau\\\/#breadcrumb\",\"itemListElement\":[{\"@type\":\"ListItem\",\"position\":1,\"name\":\"Start\",\"item\":\"https:\\\/\\\/iwell-guard.com\\\/ca\\\/?page_id=171333\"},{\"@type\":\"ListItem\",\"position\":2,\"name\":\"Eslau\"}]},{\"@type\":\"WebSite\",\"@id\":\"https:\\\/\\\/iwell-guard.com\\\/ca\\\/#website\",\"url\":\"https:\\\/\\\/iwell-guard.com\\\/ca\\\/\",\"name\":\"iWell Guard\",\"description\":\"Schutz vor dunklen Einfl\u00fcssen\",\"publisher\":{\"@id\":\"https:\\\/\\\/iwell-guard.com\\\/ca\\\/#organization\"},\"potentialAction\":[{\"@type\":\"SearchAction\",\"target\":{\"@type\":\"EntryPoint\",\"urlTemplate\":\"https:\\\/\\\/iwell-guard.com\\\/ca\\\/?s={search_term_string}\"},\"query-input\":{\"@type\":\"PropertyValueSpecification\",\"valueRequired\":true,\"valueName\":\"search_term_string\"}}],\"inLanguage\":\"ca\"},{\"@type\":\"Organization\",\"@id\":\"https:\\\/\\\/iwell-guard.com\\\/ca\\\/#organization\",\"name\":\"Ittermann electronic GmbH\",\"url\":\"https:\\\/\\\/iwell-guard.com\\\/ca\\\/\",\"logo\":{\"@type\":\"ImageObject\",\"inLanguage\":\"ca\",\"@id\":\"https:\\\/\\\/iwell-guard.com\\\/ca\\\/#\\\/schema\\\/logo\\\/image\\\/\",\"url\":\"https:\\\/\\\/iwell-guard.com\\\/wp-content\\\/uploads\\\/2026\\\/05\\\/Ittermann-Logo-1182x237-1.png\",\"contentUrl\":\"https:\\\/\\\/iwell-guard.com\\\/wp-content\\\/uploads\\\/2026\\\/05\\\/Ittermann-Logo-1182x237-1.png\",\"width\":1182,\"height\":237,\"caption\":\"Ittermann electronic GmbH\"},\"image\":{\"@id\":\"https:\\\/\\\/iwell-guard.com\\\/ca\\\/#\\\/schema\\\/logo\\\/image\\\/\"},\"sameAs\":[\"https:\\\/\\\/pantip.com\\\/profile\\\/9367242\",\"https:\\\/\\\/micro.blog\\\/iwellguard\",\"https:\\\/\\\/www.diggerslist.com\\\/iwellguard\\\/about\",\"https:\\\/\\\/skitterphoto.com\\\/photographers\\\/2870314\\\/iwell-guard\",\"https:\\\/\\\/iwellguard.wordpress.com\\\/2026\\\/06\\\/06\\\/iwell-guard\\\/\",\"https:\\\/\\\/hub.docker.com\\\/u\\\/iwellguard\",\"https:\\\/\\\/www.pinterest.com\\\/iwellguard\\\/\",\"https:\\\/\\\/bit.ly\\\/m\\\/iwellguard\",\"https:\\\/\\\/entre-vos-mains.alsace.eu\\\/profiles\\\/iwellguard\\\/activity\",\"https:\\\/\\\/gravatar.com\\\/reallybeded8fd34\",\"https:\\\/\\\/naijamatta.com\\\/iwellguard\",\"https:\\\/\\\/www.goodreads.com\\\/iwellguard\",\"https:\\\/\\\/profile.hatena.ne.jp\\\/iwellguard\\\/\",\"https:\\\/\\\/experiment.com\\\/users\\\/iwellguard\",\"https:\\\/\\\/wakelet.com\\\/@iWellGuard82270\",\"https:\\\/\\\/www.chordie.com\\\/forum\\\/profile.php?id=2555664\",\"https:\\\/\\\/www.instapaper.com\\\/p\\\/17757966\",\"https:\\\/\\\/www.mapleprimes.com\\\/users\\\/iwellguard\",\"https:\\\/\\\/businesslistingplus.com\\\/profile\\\/iwell-guard\\\/\",\"https:\\\/\\\/telegra.ph\\\/iWell-Guard-06-06\",\"https:\\\/\\\/pbase.com\\\/iwellguard\\\/iwellguard\",\"https:\\\/\\\/b.hatena.ne.jp\\\/iwellguard\\\/20260607#bookmark-4788405196491818882\",\"https:\\\/\\\/fliphtml5.com\\\/home\\\/iwellguard\",\"https:\\\/\\\/anyflip.com\\\/homepage\\\/cmiwl#About\",\"https:\\\/\\\/transfur.com\\\/Users\\\/iwellguard\",\"http:\\\/\\\/delphi.larsbo.org\\\/user\\\/iwellguard\",\"https:\\\/\\\/jobs.lajobsportal.org\\\/profiles\\\/8380803-iwell-guard\",\"https:\\\/\\\/md.chaosdorf.de\\\/s\\\/jfbe5SBdJD\",\"https:\\\/\\\/www.lingvolive.com\\\/en-us\\\/profile\\\/9ecaeaca-ce11-4e51-9e71-01d55e2bff36\\\/translations\",\"https:\\\/\\\/www.fitday.com\\\/fitness\\\/forums\\\/members\\\/iwellguard.html\",\"https:\\\/\\\/www.mymeetbook.com\\\/iwellguard\",\"https:\\\/\\\/pxhere.com\\\/en\\\/photographer-me\\\/5040798\",\"https:\\\/\\\/disqus.com\\\/by\\\/iwellguard\\\/about\\\/\",\"https:\\\/\\\/pastelink.net\\\/hjwciqwq\",\"https:\\\/\\\/pubhtml5.com\\\/homepage\\\/scjhn\\\/\",\"https:\\\/\\\/www.bitchute.com\\\/channel\\\/2O2eOKzNqujT\",\"https:\\\/\\\/audiomack.com\\\/iwellguard\"]}]}<\/script>\n<!-- \/ Yoast SEO Premium plugin. -->","yoast_head_json":{"title":"D\u00e9us eslaus \u2013 de Perun a Veles","description":"D\u00e9us dels eslaus: Perun, Veles, Svarog, Mokosch, Dazhbog. Pante\u00f3 dels eslaus occidentals, orientals i meridionals, mite, culte i simbologia.","robots":{"index":"index","follow":"follow","max-snippet":"max-snippet:-1","max-image-preview":"max-image-preview:large","max-video-preview":"max-video-preview:-1"},"canonical":"https:\/\/iwell-guard.com\/ca\/eslau\/","og_locale":"ca_ES","og_type":"article","og_title":"Eslau","og_description":"D\u00e9us dels eslaus: Perun, Veles, Svarog, Mokosch, Dazhbog. Pante\u00f3 dels eslaus occidentals, orientals i meridionals, mite, culte i simbologia.","og_url":"https:\/\/iwell-guard.com\/ca\/eslau\/","og_site_name":"iWell Guard","article_modified_time":"2026-09-05T15:56:00+00:00","og_image":[{"width":1024,"height":1536,"url":"https:\/\/iwell-guard.com\/wp-content\/uploads\/2026\/04\/daemonen_slawisch_baba-jaga.webp","type":"image\/webp"}],"twitter_card":"summary_large_image","schema":{"@context":"https:\/\/schema.org","@graph":[{"@type":"WebPage","@id":"https:\/\/iwell-guard.com\/ca\/eslau\/","url":"https:\/\/iwell-guard.com\/ca\/eslau\/","name":"D\u00e9us eslaus \u2013 de Perun a Veles","isPartOf":{"@id":"https:\/\/iwell-guard.com\/ca\/#website"},"primaryImageOfPage":{"@id":"https:\/\/iwell-guard.com\/ca\/eslau\/#primaryimage"},"image":{"@id":"https:\/\/iwell-guard.com\/ca\/eslau\/#primaryimage"},"thumbnailUrl":"https:\/\/iwell-guard.com\/wp-content\/uploads\/2026\/04\/daemonen_slawisch_baba-jaga.webp","datePublished":"2026-09-05T15:38:48+00:00","dateModified":"2026-09-05T15:56:00+00:00","description":"D\u00e9us dels eslaus: Perun, Veles, Svarog, Mokosch, Dazhbog. Pante\u00f3 dels eslaus occidentals, orientals i meridionals, mite, culte i simbologia.","breadcrumb":{"@id":"https:\/\/iwell-guard.com\/ca\/eslau\/#breadcrumb"},"inLanguage":"ca","potentialAction":[{"@type":"ReadAction","target":["https:\/\/iwell-guard.com\/ca\/eslau\/"]}]},{"@type":"ImageObject","inLanguage":"ca","@id":"https:\/\/iwell-guard.com\/ca\/eslau\/#primaryimage","url":"https:\/\/iwell-guard.com\/wp-content\/uploads\/2026\/04\/daemonen_slawisch_baba-jaga.webp","contentUrl":"https:\/\/iwell-guard.com\/wp-content\/uploads\/2026\/04\/daemonen_slawisch_baba-jaga.webp","width":1024,"height":1536,"caption":"Dimonis de la tradici\u00f3 eslava."},{"@type":"BreadcrumbList","@id":"https:\/\/iwell-guard.com\/ca\/eslau\/#breadcrumb","itemListElement":[{"@type":"ListItem","position":1,"name":"Start","item":"https:\/\/iwell-guard.com\/ca\/?page_id=171333"},{"@type":"ListItem","position":2,"name":"Eslau"}]},{"@type":"WebSite","@id":"https:\/\/iwell-guard.com\/ca\/#website","url":"https:\/\/iwell-guard.com\/ca\/","name":"iWell Guard","description":"Schutz vor dunklen Einfl\u00fcssen","publisher":{"@id":"https:\/\/iwell-guard.com\/ca\/#organization"},"potentialAction":[{"@type":"SearchAction","target":{"@type":"EntryPoint","urlTemplate":"https:\/\/iwell-guard.com\/ca\/?s={search_term_string}"},"query-input":{"@type":"PropertyValueSpecification","valueRequired":true,"valueName":"search_term_string"}}],"inLanguage":"ca"},{"@type":"Organization","@id":"https:\/\/iwell-guard.com\/ca\/#organization","name":"Ittermann electronic GmbH","url":"https:\/\/iwell-guard.com\/ca\/","logo":{"@type":"ImageObject","inLanguage":"ca","@id":"https:\/\/iwell-guard.com\/ca\/#\/schema\/logo\/image\/","url":"https:\/\/iwell-guard.com\/wp-content\/uploads\/2026\/05\/Ittermann-Logo-1182x237-1.png","contentUrl":"https:\/\/iwell-guard.com\/wp-content\/uploads\/2026\/05\/Ittermann-Logo-1182x237-1.png","width":1182,"height":237,"caption":"Ittermann electronic GmbH"},"image":{"@id":"https:\/\/iwell-guard.com\/ca\/#\/schema\/logo\/image\/"},"sameAs":["https:\/\/pantip.com\/profile\/9367242","https:\/\/micro.blog\/iwellguard","https:\/\/www.diggerslist.com\/iwellguard\/about","https:\/\/skitterphoto.com\/photographers\/2870314\/iwell-guard","https:\/\/iwellguard.wordpress.com\/2026\/06\/06\/iwell-guard\/","https:\/\/hub.docker.com\/u\/iwellguard","https:\/\/www.pinterest.com\/iwellguard\/","https:\/\/bit.ly\/m\/iwellguard","https:\/\/entre-vos-mains.alsace.eu\/profiles\/iwellguard\/activity","https:\/\/gravatar.com\/reallybeded8fd34","https:\/\/naijamatta.com\/iwellguard","https:\/\/www.goodreads.com\/iwellguard","https:\/\/profile.hatena.ne.jp\/iwellguard\/","https:\/\/experiment.com\/users\/iwellguard","https:\/\/wakelet.com\/@iWellGuard82270","https:\/\/www.chordie.com\/forum\/profile.php?id=2555664","https:\/\/www.instapaper.com\/p\/17757966","https:\/\/www.mapleprimes.com\/users\/iwellguard","https:\/\/businesslistingplus.com\/profile\/iwell-guard\/","https:\/\/telegra.ph\/iWell-Guard-06-06","https:\/\/pbase.com\/iwellguard\/iwellguard","https:\/\/b.hatena.ne.jp\/iwellguard\/20260607#bookmark-4788405196491818882","https:\/\/fliphtml5.com\/home\/iwellguard","https:\/\/anyflip.com\/homepage\/cmiwl#About","https:\/\/transfur.com\/Users\/iwellguard","http:\/\/delphi.larsbo.org\/user\/iwellguard","https:\/\/jobs.lajobsportal.org\/profiles\/8380803-iwell-guard","https:\/\/md.chaosdorf.de\/s\/jfbe5SBdJD","https:\/\/www.lingvolive.com\/en-us\/profile\/9ecaeaca-ce11-4e51-9e71-01d55e2bff36\/translations","https:\/\/www.fitday.com\/fitness\/forums\/members\/iwellguard.html","https:\/\/www.mymeetbook.com\/iwellguard","https:\/\/pxhere.com\/en\/photographer-me\/5040798","https:\/\/disqus.com\/by\/iwellguard\/about\/","https:\/\/pastelink.net\/hjwciqwq","https:\/\/pubhtml5.com\/homepage\/scjhn\/","https:\/\/www.bitchute.com\/channel\/2O2eOKzNqujT","https:\/\/audiomack.com\/iwellguard"]}]}},"_links":{"self":[{"href":"https:\/\/iwell-guard.com\/ca\/wp-json\/wp\/v2\/pages\/171369","targetHints":{"allow":["GET"]}}],"collection":[{"href":"https:\/\/iwell-guard.com\/ca\/wp-json\/wp\/v2\/pages"}],"about":[{"href":"https:\/\/iwell-guard.com\/ca\/wp-json\/wp\/v2\/types\/page"}],"author":[{"embeddable":true,"href":"https:\/\/iwell-guard.com\/ca\/wp-json\/wp\/v2\/users\/3"}],"replies":[{"embeddable":true,"href":"https:\/\/iwell-guard.com\/ca\/wp-json\/wp\/v2\/comments?post=171369"}],"version-history":[{"count":0,"href":"https:\/\/iwell-guard.com\/ca\/wp-json\/wp\/v2\/pages\/171369\/revisions"}],"wp:featuredmedia":[{"embeddable":true,"href":"https:\/\/iwell-guard.com\/ca\/wp-json\/wp\/v2\/media\/1673"}],"wp:attachment":[{"href":"https:\/\/iwell-guard.com\/ca\/wp-json\/wp\/v2\/media?parent=171369"}],"wp:term":[{"taxonomy":"category","embeddable":true,"href":"https:\/\/iwell-guard.com\/ca\/wp-json\/wp\/v2\/categories?post=171369"}],"curies":[{"name":"wp","href":"https:\/\/api.w.org\/{rel}","templated":true}]}}