{"id":171367,"date":"2026-09-05T15:38:48","date_gmt":"2026-09-05T15:38:48","guid":{"rendered":"https:\/\/iwell-guard.com\/?page_id=171367"},"modified":"2026-09-05T15:55:56","modified_gmt":"2026-09-05T15:55:56","slug":"celtic","status":"publish","type":"page","link":"https:\/\/iwell-guard.com\/ca\/celtic\/","title":{"rendered":"C\u00e8ltic"},"content":{"rendered":"\t\t<div data-elementor-type=\"wp-page\" data-elementor-id=\"171367\" class=\"elementor elementor-171367 elementor-1016\" data-elementor-post-type=\"page\">\n\t\t\t\t<div class=\"elementor-element elementor-element-k-hero-rebuilt-keltis iwg-kultur-hero e-flex e-con-boxed e-con e-parent\" data-id=\"k-hero-rebuilt-keltis\" data-element_type=\"container\" data-e-type=\"container\">\n\t\t\t\t\t<div class=\"e-con-inner\">\n\t\t<div class=\"elementor-element elementor-element-khleft-keltis iwg-kultur-hero-left e-flex e-con-boxed e-con e-child\" data-id=\"khleft-keltis\" data-element_type=\"container\" data-e-type=\"container\">\n\t\t\t\t\t<div class=\"e-con-inner\">\n\t\t\t\t<div class=\"elementor-element elementor-element-k-h1-keltisch elementor-widget elementor-widget-heading\" data-id=\"k-h1-keltisch\" data-element_type=\"widget\" data-e-type=\"widget\" data-widget_type=\"heading.default\">\n\t\t\t\t\t<h1 class=\"elementor-heading-title elementor-size-default\">D\u00e9us celtes, Tuatha D\u00e9 Danann i druidisme<\/h1>\t\t\t\t<\/div>\n\t\t<div class=\"elementor-element elementor-element-aj11-hero-lead-keltis e-con-full e-flex e-con e-child\" data-id=\"aj11-hero-lead-keltis\" data-element_type=\"container\" data-e-type=\"container\">\n\t\t\t\t<div class=\"elementor-element elementor-element-k-lead-keltisch elementor-widget elementor-widget-text-editor\" data-id=\"k-lead-keltisch\" data-element_type=\"widget\" data-e-type=\"widget\" data-widget_type=\"text-editor.default\">\n\t\t\t\t\t\t\t\t\t<p><strong>\u00c9ssers de la tradici\u00f3 celta<\/strong> a iWell Guard. Tradici\u00f3 celta-irlandesa i gal\u00b7la. Fonts principals: cicles llegendaris irlandesos (Ulster, Mitol\u00f2gic), Lebor Gabala Erenn, troballes arqueol\u00f2giques de la G\u00e0l\u00b7lia. Aqu\u00ed es troben els d\u00e9us celtes dels Tuatha D\u00e9 Danann i el coneixement del druidisme, els guardians sacerdotals del mite i de l&#8217;ordre.<\/p>\t\t\t\t\t\t\t\t<\/div>\n\t\t\t\t<\/div>\n\t\t<div class=\"elementor-element elementor-element-aj11-hero-toc-keltis e-con-full e-flex e-con e-child\" data-id=\"aj11-hero-toc-keltis\" data-element_type=\"container\" data-e-type=\"container\">\n\t\t\t\t<div class=\"elementor-element elementor-element-k-toc-keltisch elementor-widget elementor-widget-text-editor\" data-id=\"k-toc-keltisch\" data-element_type=\"widget\" data-e-type=\"widget\" data-widget_type=\"text-editor.default\">\n\t\t\t\t\t\t\t\t\t<p><strong>Contingut d&#8217;aquesta p\u00e0gina:<\/strong><\/p><ul><li><a href=\"#k-keltisch-h1\">Classificaci\u00f3<\/a><\/li><li><a href=\"#x-keltisch-h100\">Hist\u00f2ria i pante\u00f3<\/a><\/li><li><a href=\"#x-keltisch-h101\">\u00c9ssers en la vida quotidiana<\/a><\/li><li><a href=\"#x-keltisch-h102\">Significat actual<\/a><\/li><li><a href=\"#k-keltisch-h2\">D\u00e9us (7)<\/a><\/li><li><a href=\"#k-keltisch-h3\">Esperits (6)<\/a><\/li><li><a href=\"#458e611\">Aprofundiment<\/a><\/li><\/ul>\t\t\t\t\t\t\t\t<\/div>\n\t\t\t\t<\/div>\n\t\t\t\t\t<\/div>\n\t\t\t\t<\/div>\n\t\t<div class=\"elementor-element elementor-element-khrght-keltis iwg-kultur-hero-right e-flex e-con-boxed e-con e-child\" data-id=\"khrght-keltis\" data-element_type=\"container\" data-e-type=\"container\">\n\t\t\t\t\t<div class=\"e-con-inner\">\n\t\t\t\t<div class=\"elementor-element elementor-element-k-img-keltisch iwg-hero-image elementor-widget elementor-widget-image\" data-id=\"k-img-keltisch\" data-element_type=\"widget\" data-e-type=\"widget\" data-widget_type=\"image.default\">\n\t\t\t\t\t\t\t\t\t\t\t\t\t\t\t<img fetchpriority=\"high\" decoding=\"async\" width=\"683\" height=\"1024\" src=\"https:\/\/iwell-guard.com\/wp-content\/uploads\/2026\/04\/goetter_keltisch_cailleach-683x1024.webp\" class=\"attachment-large size-large wp-image-1614\" alt=\"C\u00e8ltic\" srcset=\"https:\/\/iwell-guard.com\/wp-content\/uploads\/2026\/04\/goetter_keltisch_cailleach-683x1024.webp 683w, https:\/\/iwell-guard.com\/wp-content\/uploads\/2026\/04\/goetter_keltisch_cailleach-200x300.webp 200w, https:\/\/iwell-guard.com\/wp-content\/uploads\/2026\/04\/goetter_keltisch_cailleach-768x1152.webp 768w, https:\/\/iwell-guard.com\/wp-content\/uploads\/2026\/04\/goetter_keltisch_cailleach.webp 1024w\" sizes=\"(max-width: 683px) 100vw, 683px\" \/>\t\t\t\t\t\t\t\t\t\t\t\t\t\t\t<\/div>\n\t\t\t\t\t<\/div>\n\t\t\t\t<\/div>\n\t\t\t\t\t<\/div>\n\t\t\t\t<\/div>\n\t\t\t\t<section class=\"elementor-section elementor-top-section elementor-element elementor-element-sec-iwgcomp2-keltisch elementor-section-boxed elementor-section-height-default elementor-section-height-default\" data-id=\"sec-iwgcomp2-keltisch\" data-element_type=\"section\" data-e-type=\"section\">\n\t\t\t\t\t\t<div class=\"elementor-container elementor-column-gap-default\">\n\t\t\t\t\t<div class=\"elementor-column elementor-col-100 elementor-top-column elementor-element elementor-element-col-iwgcomp2-keltisch\" data-id=\"col-iwgcomp2-keltisch\" data-element_type=\"column\" data-e-type=\"column\">\n\t\t\t<div class=\"elementor-widget-wrap elementor-element-populated\">\n\t\t\t\t\t\t<div class=\"elementor-element elementor-element-iwgcomp2-keltisch elementor-widget elementor-widget-text-editor\" data-id=\"iwgcomp2-keltisch\" data-element_type=\"widget\" data-e-type=\"widget\" data-widget_type=\"text-editor.default\">\n\t\t\t\t\t\t\t\t\t<p>Aquesta p\u00e0gina documenta la religi\u00f3 <strong>celta<\/strong>, des de la G\u00e0l\u00b7lia fins a Irlanda.<\/p>\t\t\t\t\t\t\t\t<\/div>\n\t\t\t\t\t<\/div>\n\t\t<\/div>\n\t\t\t\t\t<\/div>\n\t\t<\/section>\n\t\t<div class=\"elementor-element elementor-element-clstrsec-aj12-keltisch e-con-boxed e-flex e-con e-parent\" data-id=\"clstrsec-aj12-keltisch\" data-element_type=\"container\" data-e-type=\"container\">\n\t\t\t\t\t<div class=\"e-con-inner\">\n\t\t\t\t<div class=\"elementor-element elementor-element-clstrh2-aj12-keltis elementor-widget elementor-widget-heading\" data-id=\"clstrh2-aj12-keltis\" data-element_type=\"widget\" data-e-type=\"widget\" data-widget_type=\"heading.default\">\n\t\t\t\t\t<h2 class=\"elementor-heading-title elementor-size-default\">Druides, illes i tradici\u00f3 oral<\/h2>\t\t\t\t<\/div>\n\t\t<div class=\"elementor-element elementor-element-aj12-cluster-text-keltisch e-con-full e-flex e-con e-child\" data-id=\"aj12-cluster-text-keltisch\" data-element_type=\"container\" data-e-type=\"container\">\n\t\t\t\t<div class=\"elementor-element elementor-element-aj12-cluster-text-keltis-t elementor-widget elementor-widget-text-editor\" data-id=\"aj12-cluster-text-keltis-t\" data-element_type=\"widget\" data-e-type=\"widget\" data-widget_type=\"text-editor.default\">\n\t\t\t\t\t\t\t\t\t<p>La religi\u00f3 celta \u00e9s la <strong>menys documentada<\/strong> de les grans tradicions europees. Els druides transmetien el coneixement religi\u00f3s exclusivament de manera oral; les fonts escrites nom\u00e9s arriben a trav\u00e9s de la mediaci\u00f3 romana i, m\u00e9s tard, medieval irlandesa. C\u00e8sar i altres autors de l&#8217;<span class=\"iwg-fachbegriff\" data-tooltip=\"\u00c8poca de la cultura grega i romana, aproximadament del 800 aC al 600 dC.\" tabindex=\"0\">antiguitat<\/span> descriuen la pr\u00e0ctica des d&#8217;una perspectiva externa, sovint amb tint pol\u00edtic.<\/p>\n<p>La <strong>literatura medieval irlandesa i gal\u00b7lesa<\/strong> conserva materials mitol\u00f2gics, el Lebor Gab\u00e1la, la <span class=\"iwg-fachbegriff\" data-tooltip=\"Un relat transm\u00e8s amb un sovint nucli hist\u00f2ric i trets meravellosos.\" tabindex=\"0\">saga<\/span> de l&#8217;Ulster, els relats del Mabinogi, per\u00f2 filtrats per una transmissi\u00f3 cristiana. Els d\u00e9us hi apareixen euhemeritzats com a antics reis o herois. Els Tuatha D\u00e9 Danann s\u00f3n d\u00e9us que es van retirar als turons sidh.<\/p>\n<p>\u00c9s caracter\u00edstica la <strong>vinculaci\u00f3 amb el paisatge<\/strong>: fonts sagrades, arbres, turons i llocs frontera (entre terra i mar, bosc i camp) tenen significat religi\u00f3s. Festes com Samhain, Imbolc, Beltane i Lughnasa estructuraven l&#8217;any. Aquesta capa ha tingut una llarga perviv\u00e8ncia en la religiositat popular celta i en corrents neopagans.<\/p>\t\t\t\t\t\t\t\t<\/div>\n\t\t\t\t<\/div>\n\t\t\t\t\t<\/div>\n\t\t\t\t<\/div>\n\t\t<div class=\"elementor-element elementor-element-k-keltisch-s1 e-con-boxed e-flex e-con e-parent\" data-id=\"k-keltisch-s1\" data-element_type=\"container\" data-e-type=\"container\">\n\t\t\t\t\t<div class=\"e-con-inner\">\n\t\t\t\t<div class=\"elementor-element elementor-element-k-keltisch-h1 elementor-widget elementor-widget-heading\" data-id=\"k-keltisch-h1\" data-element_type=\"widget\" data-e-type=\"widget\" data-widget_type=\"heading.default\">\n\t\t\t\t\t<h2 class=\"elementor-heading-title elementor-size-default\">Introducci\u00f3<\/h2>\t\t\t\t<\/div>\n\t\t<div class=\"elementor-element elementor-element-aj11-inner-0003 e-con-full e-flex e-con e-child\" data-id=\"aj11-inner-0003\" data-element_type=\"container\" data-e-type=\"container\">\n\t\t\t\t<div class=\"elementor-element elementor-element-k-keltisch-t1 elementor-widget elementor-widget-text-editor\" data-id=\"k-keltisch-t1\" data-element_type=\"widget\" data-e-type=\"widget\" data-widget_type=\"text-editor.default\">\n\t\t\t\t\t\t\t\t\t<p><strong>Per\u00edode:<\/strong> <span class=\"iwg-fachbegriff\" data-tooltip=\"\u00c8poca prehist\u00f2rica posterior a l'edat del bronze, caracteritzada pel treball del ferro.\" tabindex=\"0\">edat del ferro<\/span> (800 aC) fins a la cristianitzaci\u00f3 (segles V-IX dC).<\/p><p>Difusi\u00f3: illes brit\u00e0niques, G\u00e0l\u00b7lia, Hisp\u00e0nia, la regi\u00f3 del Danubi fins a Gal\u00e0cia (\u00c0sia Menor).<\/p><p>Fonts: llegendes irlandeses (cicle de l&#8217;Ulster, cicle mitol\u00f2gic), Lebor Gabala Erenn, Tain Bo Cuailnge, Mabinogion (gal\u00b7l\u00e8s), inscripcions galoromanes.<\/p><p><span class=\"iwg-fachbegriff\" data-tooltip=\"El conjunt dels d\u00e9us d'una religi\u00f3 o cultura.\" tabindex=\"0\">Pante\u00f3<\/span> i classes d&#8217;\u00e9ssers: Tuatha De Danann (Dagda, Lugh, Brigid, Morrigan), Cernunnos, Manannan, sidhe, banshee, leprechauns.<\/p>\t\t\t\t\t\t\t\t<\/div>\n\t\t\t\t<\/div>\n\t\t\t\t\t<\/div>\n\t\t\t\t<\/div>\n\t\t<div class=\"elementor-element elementor-element-x-keltisch-s100 e-con-boxed e-flex e-con e-parent\" data-id=\"x-keltisch-s100\" data-element_type=\"container\" data-e-type=\"container\">\n\t\t\t\t\t<div class=\"e-con-inner\">\n\t\t\t\t<div class=\"elementor-element elementor-element-x-keltisch-h100 elementor-widget elementor-widget-heading\" data-id=\"x-keltisch-h100\" data-element_type=\"widget\" data-e-type=\"widget\" data-widget_type=\"heading.default\">\n\t\t\t\t\t<h2 class=\"elementor-heading-title elementor-size-default\">Hist\u00f2ria i pante\u00f3<\/h2>\t\t\t\t<\/div>\n\t\t<div class=\"elementor-element elementor-element-aj11-inner-0004 e-con-full e-flex e-con e-child\" data-id=\"aj11-inner-0004\" data-element_type=\"container\" data-e-type=\"container\">\n\t\t\t\t<div class=\"elementor-element elementor-element-x-keltisch-t100 elementor-widget elementor-widget-text-editor\" data-id=\"x-keltisch-t100\" data-element_type=\"widget\" data-e-type=\"widget\" data-widget_type=\"text-editor.default\">\n\t\t\t\t\t\t\t\t\t<p>La religi\u00f3 celta nom\u00e9s s&#8217;ha conservat fragment\u00e0riament a trav\u00e9s de la tradici\u00f3 oral i testimonis escrits tardans (romans, m\u00e9s tard monjos cristians). La seva estructura original era descentralitzada: cada tribu tenia divinitats locals a m\u00e9s de figures d&#8217;un <span class=\"iwg-fachbegriff\" data-tooltip=\"El conjunt dels d\u00e9us d'una religi\u00f3 o cultura.\" tabindex=\"0\">pante\u00f3<\/span> m\u00e9s ampli, i la casta sacerdotal dru\u00eddica administrava el coneixement de manera oral, cosa que es va perdre en la transici\u00f3 a les cultures escrites.<\/p><p>Les figures divines centrals s\u00f3n Dagda (el pare de tots), Lugh (artesania, guerra), Brigid (art de curar, foc, poesia) i Morrigan (guerra, dest\u00ed). El concepte de sidhe descriu \u00e9ssers sobrenaturals que habiten en turons i espais amagats.<\/p><p>La cristianitzaci\u00f3, del segle V al XII, va despla\u00e7ar la pr\u00e0ctica; algunes divinitats es van transformar en sants (de Brigid va sorgir santa Brigid). El renaixement celta del segle XIX va intentar una reconstrucci\u00f3 romantitzada, i les fonts modernes continuen essent especulatives.<\/p>\t\t\t\t\t\t\t\t<\/div>\n\t\t\t\t<\/div>\n\t\t\t\t\t<\/div>\n\t\t\t\t<\/div>\n\t\t<div class=\"elementor-element elementor-element-x-keltisch-s101 e-con-boxed e-flex e-con e-parent\" data-id=\"x-keltisch-s101\" data-element_type=\"container\" data-e-type=\"container\">\n\t\t\t\t\t<div class=\"e-con-inner\">\n\t\t\t\t<div class=\"elementor-element elementor-element-x-keltisch-h101 elementor-widget elementor-widget-heading\" data-id=\"x-keltisch-h101\" data-element_type=\"widget\" data-e-type=\"widget\" data-widget_type=\"heading.default\">\n\t\t\t\t\t<h2 class=\"elementor-heading-title elementor-size-default\">Essers en la vida quotidiana<\/h2>\t\t\t\t<\/div>\n\t\t<div class=\"elementor-element elementor-element-aj11-inner-0005 e-con-full e-flex e-con e-child\" data-id=\"aj11-inner-0005\" data-element_type=\"container\" data-e-type=\"container\">\n\t\t\t\t<div class=\"elementor-element elementor-element-x-keltisch-t101 elementor-widget elementor-widget-text-editor\" data-id=\"x-keltisch-t101\" data-element_type=\"widget\" data-e-type=\"widget\" data-widget_type=\"text-editor.default\">\n\t\t\t\t\t\t\t\t\t<p>Els sacerdots druides dirigien rituals de sacrifici (els sacrificis humans estan documentats per autors de l&#8217;<span class=\"iwg-fachbegriff\" data-tooltip=\"\u00c8poca de la cultura grega i romana, aproximadament del 800 aC al 600 dC.\" tabindex=\"0\">antiguitat<\/span>) i pr\u00e0ctiques de <span class=\"iwg-fachbegriff\" data-tooltip=\"Terme general per a pr\u00e0ctiques amb les quals s'investiga una voluntat divina.\" tabindex=\"0\">divinaci\u00f3<\/span>. Samhain (canvi d&#8217;any) i altres festes marcaven moments espiritualment cr\u00edtics; l&#8217;art de curar i l&#8217;<span class=\"iwg-fachbegriff\" data-tooltip=\"L'interpretaci\u00f3 de signes per recon\u00e8ixer all\u00f2 ocult o el futur.\" tabindex=\"0\">endevinaci\u00f3<\/span> eren rols especialitzats.<\/p><p>Els esperits i els sidhe no es consideraven demon\u00edacs, sin\u00f3 ambivalents: perillosos per als no iniciats, per\u00f2 respectables per als iniciats. Eren habituals els rituals de protecci\u00f3 contra el mal d&#8217;ull i el sobrenatural, aix\u00ed com els totems tribals i les connexions animals (druides com a transformadors de forma).<\/p><p>La <span class=\"iwg-fachbegriff\" data-tooltip=\"Idees i costums religiosos estesos en la vida quotidiana.\" tabindex=\"0\">religiositat popular<\/span> en fades, esperits i t\u00e8cniques m\u00e0giques va sobreviure en la tradici\u00f3 popular, especialment a Irlanda, Esc\u00f2cia i Gal\u00b7les. Fonts i boscos sagrats eren llocs de culte.<\/p>\t\t\t\t\t\t\t\t<\/div>\n\t\t\t\t<\/div>\n\t\t\t\t\t<\/div>\n\t\t\t\t<\/div>\n\t\t<div class=\"elementor-element elementor-element-x-keltisch-s102 e-con-boxed e-flex e-con e-parent\" data-id=\"x-keltisch-s102\" data-element_type=\"container\" data-e-type=\"container\">\n\t\t\t\t\t<div class=\"e-con-inner\">\n\t\t\t\t<div class=\"elementor-element elementor-element-x-keltisch-h102 elementor-widget elementor-widget-heading\" data-id=\"x-keltisch-h102\" data-element_type=\"widget\" data-e-type=\"widget\" data-widget_type=\"heading.default\">\n\t\t\t\t\t<h2 class=\"elementor-heading-title elementor-size-default\">Significat actual<\/h2>\t\t\t\t<\/div>\n\t\t<div class=\"elementor-element elementor-element-aj11-inner-0006 e-con-full e-flex e-con e-child\" data-id=\"aj11-inner-0006\" data-element_type=\"container\" data-e-type=\"container\">\n\t\t\t\t<div class=\"elementor-element elementor-element-x-keltisch-t102 elementor-widget elementor-widget-text-editor\" data-id=\"x-keltisch-t102\" data-element_type=\"widget\" data-e-type=\"widget\" data-widget_type=\"text-editor.default\">\n\t\t\t\t\t\t\t\t\t<p>Ja no existeix una religi\u00f3 celta viva; la cristianitzaci\u00f3 va extingir la tradici\u00f3. La tradici\u00f3 popular (la creen\u00e7a irlandesa i escocesa en fades, selkies i banshees) conserva restes fragment\u00e0ries, i el renaixement celta dels segles XIX i XX (Yeats, Synge, Celtic Twilight) va romantitzar les fonts amb finalitats liter\u00e0ries.<\/p><p>Els moviments neopagans moderns intenten una reconstrucci\u00f3, per\u00f2 continuen essent especulatius i ideol\u00f2gicament heterogenis. La cultura popular (literatura fant\u00e0stica, Harry Potter, videojocs) utilitza l&#8217;est\u00e8tica celta.<\/p><p>Acad\u00e8micament, la religi\u00f3 celta continua essent incerta i fragment\u00e0ria. A Irlanda i Esc\u00f2cia, els s\u00edmbols celtes serveixen com a marcadors d&#8217;identitat cultural, m\u00e9s que com a tradici\u00f3 de fe viscuda.<\/p>\t\t\t\t\t\t\t\t<\/div>\n\t\t\t\t<\/div>\n\t\t\t\t\t<\/div>\n\t\t\t\t<\/div>\n\t\t<div class=\"elementor-element elementor-element-k-keltisch-s2 e-con-boxed e-flex e-con e-parent\" data-id=\"k-keltisch-s2\" data-element_type=\"container\" data-e-type=\"container\">\n\t\t\t\t\t<div class=\"e-con-inner\">\n\t\t\t\t<div class=\"elementor-element elementor-element-k-keltisch-h2 elementor-widget elementor-widget-heading\" data-id=\"k-keltisch-h2\" data-element_type=\"widget\" data-e-type=\"widget\" data-widget_type=\"heading.default\">\n\t\t\t\t\t<h2 class=\"elementor-heading-title elementor-size-default\">D\u00e9us (11)<\/h2>\t\t\t\t<\/div>\n\t\t<div class=\"elementor-element elementor-element-aj11-inner-0007 e-con-full e-flex e-con e-child\" data-id=\"aj11-inner-0007\" data-element_type=\"container\" data-e-type=\"container\">\n\t\t\t\t<div class=\"elementor-element elementor-element-k-keltisch-t2 elementor-widget elementor-widget-text-editor\" data-id=\"k-keltisch-t2\" data-element_type=\"widget\" data-e-type=\"widget\" data-widget_type=\"text-editor.default\">\n\t\t\t\t\t\t\t\t\t<div class=\"iwg-wesen-grid\"><a class=\"iwg-wesen-card\" href=\"https:\/\/iwell-guard.com\/ca\/brigid\/\" aria-label=\"Brigid\"><div class=\"iwg-wesen-card-imgwrap\"><img decoding=\"async\" src=\"https:\/\/iwell-guard.com\/wp-content\/uploads\/2026\/04\/goetter_keltisch_brigid-200x300.webp\" alt=\"Brigid\" loading=\"lazy\"><\/div><div class=\"iwg-wesen-card-body\"><div class=\"iwg-wesen-card-name\">Brigid<\/div><div class=\"iwg-wesen-card-arrow\">\u2192 A l&#039;\u00e9sser<\/div><\/div><\/a><a class=\"iwg-wesen-card\" href=\"https:\/\/iwell-guard.com\/ca\/cailleach\/\" aria-label=\"Cailleach\"><div class=\"iwg-wesen-card-imgwrap\"><img decoding=\"async\" src=\"https:\/\/iwell-guard.com\/wp-content\/uploads\/2026\/04\/goetter_keltisch_cailleach-200x300.webp\" alt=\"Cailleach\" loading=\"lazy\"><\/div><div class=\"iwg-wesen-card-body\"><div class=\"iwg-wesen-card-name\">Cailleach<\/div><div class=\"iwg-wesen-card-arrow\">\u2192 A l&#039;\u00e9sser<\/div><\/div><\/a><a class=\"iwg-wesen-card\" href=\"https:\/\/iwell-guard.com\/ca\/cernunnos\/\" aria-label=\"Cernunnos\"><div class=\"iwg-wesen-card-imgwrap\"><img decoding=\"async\" src=\"https:\/\/iwell-guard.com\/wp-content\/uploads\/2026\/04\/goetter_keltisch_cernunnos-200x300.webp\" alt=\"Cernunnos\" loading=\"lazy\"><\/div><div class=\"iwg-wesen-card-body\"><div class=\"iwg-wesen-card-name\">Cernunnos<\/div><div class=\"iwg-wesen-card-arrow\">\u2192 A l&#039;\u00e9sser<\/div><\/div><\/a><a class=\"iwg-wesen-card\" href=\"https:\/\/iwell-guard.com\/ca\/dagda\/\" aria-label=\"Dagda\"><div class=\"iwg-wesen-card-imgwrap\"><img decoding=\"async\" src=\"https:\/\/iwell-guard.com\/wp-content\/uploads\/2026\/04\/goetter_keltisch_dagda-200x300.webp\" alt=\"Dagda\" loading=\"lazy\"><\/div><div class=\"iwg-wesen-card-body\"><div class=\"iwg-wesen-card-name\">Dagda<\/div><div class=\"iwg-wesen-card-arrow\">\u2192 A l&#039;\u00e9sser<\/div><\/div><\/a><a class=\"iwg-wesen-card\" href=\"https:\/\/iwell-guard.com\/ca\/lugh\/\" aria-label=\"Lugh\"><div class=\"iwg-wesen-card-imgwrap\"><img decoding=\"async\" src=\"https:\/\/iwell-guard.com\/wp-content\/uploads\/2026\/04\/goetter_keltisch_lugh-200x300.webp\" alt=\"Lugh\" loading=\"lazy\"><\/div><div class=\"iwg-wesen-card-body\"><div class=\"iwg-wesen-card-name\">Lugh<\/div><div class=\"iwg-wesen-card-arrow\">\u2192 A l&#039;\u00e9sser<\/div><\/div><\/a><a class=\"iwg-wesen-card\" href=\"https:\/\/iwell-guard.com\/ca\/manannan-mac-lir\/\" aria-label=\"Manannan mac Lir\"><div class=\"iwg-wesen-card-imgwrap\"><img decoding=\"async\" src=\"https:\/\/iwell-guard.com\/wp-content\/uploads\/2026\/04\/goetter_keltisch_manannan-mac-lir-200x300.webp\" alt=\"Manannan mac Lir\" loading=\"lazy\"><\/div><div class=\"iwg-wesen-card-body\"><div class=\"iwg-wesen-card-name\">Manannan mac Lir<\/div><div class=\"iwg-wesen-card-arrow\">\u2192 A l&#039;\u00e9sser<\/div><\/div><\/a><a class=\"iwg-wesen-card\" href=\"https:\/\/iwell-guard.com\/ca\/morrigan\/\" aria-label=\"Morrigan\"><div class=\"iwg-wesen-card-imgwrap\"><img decoding=\"async\" src=\"https:\/\/iwell-guard.com\/wp-content\/uploads\/2026\/04\/goetter_keltisch_morrigan-200x300.webp\" alt=\"Morrigan\" loading=\"lazy\"><\/div><div class=\"iwg-wesen-card-body\"><div class=\"iwg-wesen-card-name\">Morrigan<\/div><div class=\"iwg-wesen-card-arrow\">\u2192 A l&#039;\u00e9sser<\/div><\/div><\/a><a class=\"iwg-wesen-card\" href=\"https:\/\/iwell-guard.com\/ca\/danu\/\" aria-label=\"Danu\"><div class=\"iwg-wesen-card-imgwrap\"><img decoding=\"async\" src=\"https:\/\/iwell-guard.com\/wp-content\/uploads\/2026\/05\/goetter_keltisch_danu-200x300.webp\" alt=\"Danu\" loading=\"lazy\"><\/div><div class=\"iwg-wesen-card-body\"><div class=\"iwg-wesen-card-name\">Danu<\/div><div class=\"iwg-wesen-card-arrow\">\u2192 A l&#039;\u00e9sser<\/div><\/div><\/a><a class=\"iwg-wesen-card\" href=\"https:\/\/iwell-guard.com\/ca\/epona\/\" aria-label=\"Epona\"><div class=\"iwg-wesen-card-imgwrap\"><img decoding=\"async\" src=\"https:\/\/iwell-guard.com\/wp-content\/uploads\/2026\/05\/goetter_keltisch_epona-200x300.webp\" alt=\"Epona\" loading=\"lazy\"><\/div><div class=\"iwg-wesen-card-body\"><div class=\"iwg-wesen-card-name\">Epona<\/div><div class=\"iwg-wesen-card-arrow\">\u2192 A l&#039;\u00e9sser<\/div><\/div><\/a><a class=\"iwg-wesen-card\" href=\"https:\/\/iwell-guard.com\/ca\/aengus\/\" aria-label=\"Aengus\"><div class=\"iwg-wesen-card-imgwrap\"><img decoding=\"async\" src=\"https:\/\/iwell-guard.com\/wp-content\/uploads\/2026\/05\/goetter_keltisch_aengus-200x300.webp\" alt=\"Aengus\" loading=\"lazy\"><\/div><div class=\"iwg-wesen-card-body\"><div class=\"iwg-wesen-card-name\">Aengus<\/div><div class=\"iwg-wesen-card-arrow\">\u2192 A l&#039;\u00e9sser<\/div><\/div><\/a><a class=\"iwg-wesen-card\" href=\"https:\/\/iwell-guard.com\/ca\/ceridwen\/\" aria-label=\"Ceridwen\"><div class=\"iwg-wesen-card-imgwrap\"><img decoding=\"async\" src=\"https:\/\/iwell-guard.com\/wp-content\/uploads\/2026\/05\/goetter_keltisch_ceridwen-200x300.webp\" alt=\"Ceridwen\" loading=\"lazy\"><\/div><div class=\"iwg-wesen-card-body\"><div class=\"iwg-wesen-card-name\">Ceridwen<\/div><div class=\"iwg-wesen-card-arrow\">\u2192 A l&#039;\u00e9sser<\/div><\/div><\/a><\/div>\t\t\t\t\t\t\t\t<\/div>\n\t\t\t\t<\/div>\n\t\t\t\t\t<\/div>\n\t\t\t\t<\/div>\n\t\t<div class=\"elementor-element elementor-element-k-keltisch-s3 e-con-boxed e-flex e-con e-parent\" data-id=\"k-keltisch-s3\" data-element_type=\"container\" data-e-type=\"container\">\n\t\t\t\t\t<div class=\"e-con-inner\">\n\t\t\t\t<div class=\"elementor-element elementor-element-k-keltisch-h3 elementor-widget elementor-widget-heading\" data-id=\"k-keltisch-h3\" data-element_type=\"widget\" data-e-type=\"widget\" data-widget_type=\"heading.default\">\n\t\t\t\t\t<h2 class=\"elementor-heading-title elementor-size-default\">Esperits (6)<\/h2>\t\t\t\t<\/div>\n\t\t<div class=\"elementor-element elementor-element-aj11-inner-0008 e-con-full e-flex e-con e-child\" data-id=\"aj11-inner-0008\" data-element_type=\"container\" data-e-type=\"container\">\n\t\t\t\t<div class=\"elementor-element elementor-element-k-keltisch-t3 elementor-widget elementor-widget-text-editor\" data-id=\"k-keltisch-t3\" data-element_type=\"widget\" data-e-type=\"widget\" data-widget_type=\"text-editor.default\">\n\t\t\t\t\t\t\t\t\t<div class=\"iwg-wesen-grid\"><a class=\"iwg-wesen-card\" href=\"https:\/\/iwell-guard.com\/ca\/banshee\/\" aria-label=\"Banshee\"><div class=\"iwg-wesen-card-imgwrap\"><img decoding=\"async\" src=\"https:\/\/iwell-guard.com\/wp-content\/uploads\/2026\/04\/geister_keltisch_banshee-200x300.webp\" alt=\"Banshee\" loading=\"lazy\"><\/div><div class=\"iwg-wesen-card-body\"><div class=\"iwg-wesen-card-name\">Banshee<\/div><div class=\"iwg-wesen-card-arrow\">\u2192 A l&#039;\u00e9sser<\/div><\/div><\/a><a class=\"iwg-wesen-card\" href=\"https:\/\/iwell-guard.com\/ca\/dullahan\/\" aria-label=\"Dullahan\"><div class=\"iwg-wesen-card-imgwrap\"><img decoding=\"async\" src=\"https:\/\/iwell-guard.com\/wp-content\/uploads\/2026\/04\/geister_keltisch_dullahan-200x300.webp\" alt=\"Dullahan\" loading=\"lazy\"><\/div><div class=\"iwg-wesen-card-body\"><div class=\"iwg-wesen-card-name\">Dullahan<\/div><div class=\"iwg-wesen-card-arrow\">\u2192 A l&#039;\u00e9sser<\/div><\/div><\/a><a class=\"iwg-wesen-card\" href=\"https:\/\/iwell-guard.com\/ca\/leanan-sidhe\/\" aria-label=\"Leanan Sidhe\"><div class=\"iwg-wesen-card-imgwrap\"><img decoding=\"async\" src=\"https:\/\/iwell-guard.com\/wp-content\/uploads\/2026\/04\/geister_keltisch_leanan-sidhe-200x300.webp\" alt=\"Leanan Sidhe\" loading=\"lazy\"><\/div><div class=\"iwg-wesen-card-body\"><div class=\"iwg-wesen-card-name\">Leanan Sidhe<\/div><div class=\"iwg-wesen-card-arrow\">\u2192 A l&#039;\u00e9sser<\/div><\/div><\/a><a class=\"iwg-wesen-card\" href=\"https:\/\/iwell-guard.com\/ca\/puca\/\" aria-label=\"P\u00faca\"><div class=\"iwg-wesen-card-imgwrap\"><img decoding=\"async\" src=\"https:\/\/iwell-guard.com\/wp-content\/uploads\/2026\/04\/geister_keltisch_puca-200x300.webp\" alt=\"P\u00faca\" loading=\"lazy\"><\/div><div class=\"iwg-wesen-card-body\"><div class=\"iwg-wesen-card-name\">P\u00faca<\/div><div class=\"iwg-wesen-card-arrow\">\u2192 A l&#039;\u00e9sser<\/div><\/div><\/a><a class=\"iwg-wesen-card\" href=\"https:\/\/iwell-guard.com\/ca\/sluagh\/\" aria-label=\"Sluagh\"><div class=\"iwg-wesen-card-imgwrap\"><img decoding=\"async\" src=\"https:\/\/iwell-guard.com\/wp-content\/uploads\/2026\/04\/geister_keltisch_sluagh-200x300.webp\" alt=\"Sluagh\" loading=\"lazy\"><\/div><div class=\"iwg-wesen-card-body\"><div class=\"iwg-wesen-card-name\">Sluagh<\/div><div class=\"iwg-wesen-card-arrow\">\u2192 A l&#039;\u00e9sser<\/div><\/div><\/a><a class=\"iwg-wesen-card\" href=\"https:\/\/iwell-guard.com\/ca\/aos-si-el-poble-dels-turons\/\" aria-label=\"Aos S\u00ed \u2013 El poble dels turons de l\u2019Altre M\u00f3n irland\u00e8s\"><div class=\"iwg-wesen-card-imgwrap\"><img decoding=\"async\" src=\"https:\/\/iwell-guard.com\/wp-content\/uploads\/2026\/05\/geister_keltisch_aos-si-200x300.webp\" alt=\"Aos S\u00ed \u2013 El poble dels turons de l\u2019Altre M\u00f3n irland\u00e8s\" loading=\"lazy\"><\/div><div class=\"iwg-wesen-card-body\"><div class=\"iwg-wesen-card-name\">Aos S\u00ed \u2013 El poble dels turons de l\u2019Altre M\u00f3n irland\u00e8s<\/div><div class=\"iwg-wesen-card-arrow\">\u2192 A l&#039;\u00e9sser<\/div><\/div><\/a><\/div>\t\t\t\t\t\t\t\t<\/div>\n\t\t\t\t<\/div>\n\t\t\t\t\t<\/div>\n\t\t\t\t<\/div>\n\t\t<div class=\"elementor-element elementor-element-x-keltisch-s-faq e-con-boxed e-flex e-con e-parent\" data-id=\"x-keltisch-s-faq\" data-element_type=\"container\" data-e-type=\"container\">\n\t\t\t\t\t<div class=\"e-con-inner\">\n\t\t\t\t<div class=\"elementor-element elementor-element-x-keltisch-h-faq elementor-widget elementor-widget-heading\" data-id=\"x-keltisch-h-faq\" data-element_type=\"widget\" data-e-type=\"widget\" data-widget_type=\"heading.default\">\n\t\t\t\t\t<h2 class=\"elementor-heading-title elementor-size-default\">Preguntes freq\u00fcents sobre els d\u00e9us celtes<\/h2>\t\t\t\t<\/div>\n\t\t<div class=\"elementor-element elementor-element-aj11-inner-0006 e-con-full e-flex e-con e-child\" data-id=\"aj11-inner-0006\" data-element_type=\"container\" data-e-type=\"container\">\n\t\t\t\t<div class=\"elementor-element elementor-element-x-keltisch-t-faq elementor-widget elementor-widget-text-editor\" data-id=\"x-keltisch-t-faq\" data-element_type=\"widget\" data-e-type=\"widget\" data-widget_type=\"text-editor.default\">\n\t\t\t\t\t\t\t\t\t<h3>Quants d\u00e9us celtes hi ha?<\/h3>\n<p>El <span class=\"iwg-fachbegriff\" data-tooltip=\"El conjunt dels d\u00e9us d'una religi\u00f3 o cultura.\" tabindex=\"0\">pante\u00f3<\/span> celta \u00e9s molt divers segons la regi\u00f3. A Irlanda, els Tuatha D\u00e9 Danann formen entre 50 i 100 d\u00e9us amb nom propi (Dagda, Lugh, Brigid, Morrigan, Manann\u00e1n, Aengus, entre altres). A Gal\u00b7les, el Mabinogion ofereix un <span class=\"iwg-fachbegriff\" data-tooltip=\"El conjunt dels d\u00e9us d'una religi\u00f3 o cultura.\" tabindex=\"0\">pante\u00f3<\/span> paral\u00b7lel (Rhiannon, Math, Arianrhod, Lleu Llaw Gyffes).<\/p><p>Abans de la conquesta romana, la G\u00e0l\u00b7lia tenia m\u00e9s de 400 d\u00e9us documentats, sovint molt locals. Les inscripcions i est\u00e0tues mostren una diversitat extraordin\u00e0ria: la religi\u00f3 celta era politeista i marcadament regional.<\/p>\n<h3>Qui \u00e9s el d\u00e9u celta suprem?<\/h3>\n<p>No hi ha un d\u00e9u principal \u00fanic, la religi\u00f3 celta \u00e9s polic\u00e8ntrica. A Irlanda, Dagda \u00e9s considerat el l\u00edder dels Tuatha D\u00e9 Danann (bondad\u00f3s, amb calder i ma\u00e7a), mentre que Lugh \u00e9s el d\u00e9u de la llum i l&#8217;heroi m\u00e9s vers\u00e0til.<\/p><p>Entre els gals, Lugus (Lugh) era el d\u00e9u principal; C\u00e8sar (De Bello Gallico) el va identificar amb Mercuri. A Gal\u00b7les no hi ha un cap clar. Els druides feien de mitjancers entre els d\u00e9us.<\/p>\n<h3>Qu\u00e8 s\u00f3n els Tuatha D\u00e9 Danann?<\/h3>\n<p>Els Tuatha D\u00e9 Danann (el poble de la deessa Danu) s\u00f3n el poble div\u00ed m\u00edtic d&#8217;Irlanda. Van arribar despr\u00e9s de les quatre generacions anteriors (Cessair, Partholon, Nemed, Firbolg) i van portar quatre tresors m\u00e0gics: l&#8217;espasa de Nuada, la llan\u00e7a de Lugh, el calder de Dagda i la Lia F\u00e1il (pedra de la coronaci\u00f3).<\/p><p>M\u00e9s tard van ser derrotats pels milesis (avantpassats dels irlandesos actuals) i es van retirar a l&#8217;Altre M\u00f3n (els turons dels sidhe), on, segons la <span class=\"iwg-fachbegriff\" data-tooltip=\"La transmissi\u00f3 de coneixements i relats al llarg de generacions.\" tabindex=\"0\">tradici\u00f3<\/span>, encara viuen avui com a fades.<\/p>\n<h3>Qu\u00e8 s\u00f3n els druides?<\/h3>\n<p>Els druides eren els sacerdots, jutges, mestres i sanadors celtes, una classe intel\u00b7lectual elitista amb una formaci\u00f3 de vint anys. Transmetien tot el coneixement oralment, sense escriure textos sagrats, motiu pel qual les fonts es van perdre dr\u00e0sticament despr\u00e9s de la conquesta romana i cristiana.<\/p><p><span data-nosnippet>C\u00e8sar relata que creien en la transmigraci\u00f3 de les \u00e0nimes. El druidisme actual, fundat per Iolo Morganwg el 1792 com a bardisme gal\u00b7l\u00e8s i posteriorment est\u00e8s internacionalment, \u00e9s una reconstrucci\u00f3 sense continu\u00eftat directa.<\/span><\/p>\n<h3>Qu\u00e8 signifiquen Samhain, Imbolc, Beltane i Lughnasadh?<\/h3>\n<p>Les quatre festes principals celtes marquen les transicions agr\u00edcoles: Samhain (1 de novembre), inici de l&#8217;hivern i porta a l&#8217;Altre M\u00f3n, origen de Halloween; Imbolc (1 de febrer), inici de la primavera i dia de Brigid; Beltane (1 de maig), inici de l&#8217;estiu, dia de Belenos amb rituals de foc; i Lughnasadh (1 d&#8217;agost), inici de la collita amb els jocs de Lugh.<\/p><p>Aquestes dates se situen aproximadament sis setmanes abans dels solsticis i equinoccis; l&#8217;any celta estava organitzat de manera diferent a l&#8217;any rom\u00e0.<\/p>\n<h3>Qu\u00e8 diferencia el celta, el gal i el gal\u00b7l\u00e8s?<\/h3>\n<p>\u00abCelta\u00bb \u00e9s un terme de grup ling\u00fc\u00edstic: irlandesos, escocesos, gal\u00b7lesos, bretons, g\u00e0lates i els antics gals parlen o parlaven lleng\u00fces emparentades. Pel que fa al contingut, les mitologies se superposen, per\u00f2 cada regi\u00f3 t\u00e9 el seu propi <span class=\"iwg-fachbegriff\" data-tooltip=\"El conjunt dels d\u00e9us d'una religi\u00f3 o cultura.\" tabindex=\"0\">pante\u00f3<\/span>.<\/p><p>La tradici\u00f3 irlandesa-ga\u00e8lica coneix els Tuatha D\u00e9 Danann (Dagda, Lugh, Morrigan, Brigid), la gal\u00b7lesa els d\u00e9us del Mabinogion (Rhiannon, Pwyll, Math, Arianrhod), i la gal\u00b7la (preromana, a l&#8217;actual Fran\u00e7a) Belenos, Cernunnos i Epona, avui coneguts nom\u00e9s de manera fragment\u00e0ria gr\u00e0cies a inscripcions. Un panceltisme religi\u00f3s \u00e9s un tema controvertit en els estudis de religi\u00f3.<\/p>\n<script type=\"application\/ld+json\">{\"@context\": \"https:\/\/schema.org\", \"@type\": \"FAQPage\", \"mainEntity\": [{\"@type\": \"Question\", \"name\": \"Quants d\u00e9us celtes hi ha?\", \"acceptedAnswer\": {\"@type\": \"Answer\", \"text\": \"El pante\u00f3 celta \u00e9s molt divers segons la regi\u00f3. A Irlanda, els Tuatha D\u00e9 Danann formen entre 50 i 100 d\u00e9us amb nom propi (Dagda, Lugh, Brigid, Morrigan, Manann\u00e1n, Aengus, entre altres). A Gal\u00b7les, el Mabinogion ofereix un pante\u00f3 paral\u00b7lel (Rhiannon, Math, Arianrhod, Lleu Llaw Gyffes). Abans de la conquesta romana, la G\u00e0l\u00b7lia tenia m\u00e9s de 400 d\u00e9us documentats, sovint molt locals. Les inscripcions i est\u00e0tues mostren una diversitat extraordin\u00e0ria: la religi\u00f3 celta era politeista i marcadament regional.\"}}, {\"@type\": \"Question\", \"name\": \"Qui \u00e9s el d\u00e9u celta suprem?\", \"acceptedAnswer\": {\"@type\": \"Answer\", \"text\": \"No hi ha un d\u00e9u principal \u00fanic, la religi\u00f3 celta \u00e9s polic\u00e8ntrica. A Irlanda, Dagda \u00e9s considerat el l\u00edder dels Tuatha D\u00e9 Danann (bondad\u00f3s, amb calder i ma\u00e7a), mentre que Lugh \u00e9s el d\u00e9u de la llum i l'heroi m\u00e9s vers\u00e0til. Entre els gals, Lugus (Lugh) era el d\u00e9u principal; C\u00e8sar (De Bello Gallico) el va identificar amb Mercuri. A Gal\u00b7les no hi ha un cap clar. Els druides feien de mitjancers entre els d\u00e9us.\"}}, {\"@type\": \"Question\", \"name\": \"Qu\u00e8 s\u00f3n els Tuatha D\u00e9 Danann?\", \"acceptedAnswer\": {\"@type\": \"Answer\", \"text\": \"Els Tuatha D\u00e9 Danann (el poble de la deessa Danu) s\u00f3n el poble div\u00ed m\u00edtic d'Irlanda. Van arribar despr\u00e9s de les quatre generacions anteriors (Cessair, Partholon, Nemed, Firbolg) i van portar quatre tresors m\u00e0gics: l'espasa de Nuada, la llan\u00e7a de Lugh, el calder de Dagda i la Lia F\u00e1il (pedra de la coronaci\u00f3). M\u00e9s tard van ser derrotats pels milesis (avantpassats dels irlandesos actuals) i es van retirar a l'Altre M\u00f3n (els turons dels sidhe), on, segons la tradici\u00f3, encara viuen avui com a fades.\"}}, {\"@type\": \"Question\", \"name\": \"Qu\u00e8 s\u00f3n els druides?\", \"acceptedAnswer\": {\"@type\": \"Answer\", \"text\": \"Els druides eren els sacerdots, jutges, mestres i sanadors celtes, una classe intel\u00b7lectual elitista amb una formaci\u00f3 de vint anys. Transmetien tot el coneixement oralment, sense escriure textos sagrats, motiu pel qual les fonts es van perdre dr\u00e0sticament despr\u00e9s de la conquesta romana i cristiana. C\u00e8sar relata que creien en la transmigraci\u00f3 de les \u00e0nimes. El druidisme actual, fundat per Iolo Morganwg el 1792 com a bardisme gal\u00b7l\u00e8s i posteriorment est\u00e8s internacionalment, \u00e9s una reconstrucci\u00f3 sense continu\u00eftat directa.\"}}, {\"@type\": \"Question\", \"name\": \"Qu\u00e8 signifiquen Samhain, Imbolc, Beltane i Lughnasadh?\", \"acceptedAnswer\": {\"@type\": \"Answer\", \"text\": \"Les quatre festes principals celtes marquen les transicions agr\u00edcoles: Samhain (1 de novembre), inici de l'hivern i porta a l'Altre M\u00f3n, origen de Halloween; Imbolc (1 de febrer), inici de la primavera i dia de Brigid; Beltane (1 de maig), inici de l'estiu, dia de Belenos amb rituals de foc; i Lughnasadh (1 d'agost), inici de la collita amb els jocs de Lugh. Aquestes dates se situen aproximadament sis setmanes abans dels solsticis i equinoccis; l'any celta estava organitzat de manera diferent a l'any rom\u00e0.\"}}, {\"@type\": \"Question\", \"name\": \"Qu\u00e8 diferencia el celta, el gal i el gal\u00b7l\u00e8s?\", \"acceptedAnswer\": {\"@type\": \"Answer\", \"text\": \"\u00abCelta\u00bb \u00e9s un terme de grup ling\u00fc\u00edstic: irlandesos, escocesos, gal\u00b7lesos, bretons, g\u00e0lates i els antics gals parlen o parlaven lleng\u00fces emparentades. Pel que fa al contingut, les mitologies se superposen, per\u00f2 cada regi\u00f3 t\u00e9 el seu propi pante\u00f3. La tradici\u00f3 irlandesa-ga\u00e8lica coneix els Tuatha D\u00e9 Danann (Dagda, Lugh, Morrigan, Brigid), la gal\u00b7lesa els d\u00e9us del Mabinogion (Rhiannon, Pwyll, Math, Arianrhod), i la gal\u00b7la (preromana, a l'actual Fran\u00e7a) Belenos, Cernunnos i Epona, avui coneguts nom\u00e9s de manera fragment\u00e0ria gr\u00e0cies a inscripcions. Un panceltisme religi\u00f3s \u00e9s un tema controvertit en els estudis de religi\u00f3.\"}}]}<\/script>\t\t\t\t\t\t\t\t<\/div>\n\t\t\t\t<\/div>\n\t\t\t\t\t<\/div>\n\t\t\t\t<\/div>\n\t\t<div class=\"elementor-element elementor-element-178deea e-con-boxed e-flex e-con e-parent\" data-id=\"178deea\" data-element_type=\"container\" data-e-type=\"container\">\n\t\t\t\t\t<div class=\"e-con-inner\">\n\t\t\t\t<div class=\"elementor-element elementor-element-458e611 elementor-widget elementor-widget-heading\" data-id=\"458e611\" data-element_type=\"widget\" data-e-type=\"widget\" data-widget_type=\"heading.default\">\n\t\t\t\t\t<h2 class=\"elementor-heading-title elementor-size-default\">Aprofundiment<\/h2>\t\t\t\t<\/div>\n\t\t\t\t<div class=\"elementor-element elementor-element-cc6fa0f elementor-widget elementor-widget-heading\" data-id=\"cc6fa0f\" data-element_type=\"widget\" data-e-type=\"widget\" data-widget_type=\"heading.default\">\n\t\t\t\t\t<h3 class=\"elementor-heading-title elementor-size-default\">Celtes insulars i continentals<\/h3>\t\t\t\t<\/div>\n\t\t<div class=\"elementor-element elementor-element-aj11-inner-0009 e-con-full e-flex e-con e-child\" data-id=\"aj11-inner-0009\" data-element_type=\"container\" data-e-type=\"container\">\n\t\t\t\t<div class=\"elementor-element elementor-element-f113f05 elementor-widget elementor-widget-text-editor\" data-id=\"f113f05\" data-element_type=\"widget\" data-e-type=\"widget\" data-widget_type=\"text-editor.default\">\n\t\t\t\t\t\t\t\t\t<p>La religi\u00f3 c\u00e8ltica compr\u00e8n dos \u00e0mbits culturalment emparentats per\u00f2 amb tradicions molt diferents: els celtes insulars (Irlanda, Gal\u00b7les, Esc\u00f2cia) i els celtes continentals (G\u00e0l\u00b7lia, Brit\u00e0nia, Gal\u00e0cia).<\/p><p>Dels celtes continentals nom\u00e9s conservem gaireb\u00e9 exclusivament relats externs romano-grecs (C\u00e8sar, Estrab\u00f3, Luc\u00e0) i vestigis epigr\u00e0fics. Els celtes insulars van conservar els seus mites per escrit, el Lebor Gab\u00e1la, el cicle de l&#8217;Ulster, el Mabinogi, transmesos a trav\u00e9s de la mediaci\u00f3 cristiana.<\/p>\t\t\t\t\t\t\t\t<\/div>\n\t\t\t\t<\/div>\n\t\t\t\t<div class=\"elementor-element elementor-element-6c4c201 elementor-widget elementor-widget-heading\" data-id=\"6c4c201\" data-element_type=\"widget\" data-e-type=\"widget\" data-widget_type=\"heading.default\">\n\t\t\t\t\t<h3 class=\"elementor-heading-title elementor-size-default\">Els druides i el seu poder<\/h3>\t\t\t\t<\/div>\n\t\t<div class=\"elementor-element elementor-element-bw-460bec3-48f99b5 e-flex e-con-boxed e-con e-parent\" data-id=\"bw-460bec3-48f99b5\" data-element_type=\"container\" data-e-type=\"container\" data-settings=\"{&quot;background_background&quot;:&quot;classic&quot;}\">\n\t\t\t\t\t<div class=\"e-con-inner\">\n\t\t\t\t<div class=\"elementor-element elementor-element-460bec3 elementor-widget elementor-widget-text-editor\" data-id=\"460bec3\" data-element_type=\"widget\" data-e-type=\"widget\" data-widget_type=\"text-editor.default\">\n\t\t\t\t\t\t\t\t\t<p>Els druides eren, en les societats c\u00e8ltiques, alhora sacerdots, jutges, mestres, guaridors i astr\u00f2noms. C\u00e8sar relata que es formaven durant vint anys i transmetien tot el seu saber oralment.<\/p><p>La conquesta romana va eliminar sistem\u00e0ticament els druides a la G\u00e0l\u00b7lia; a Irlanda van sobreviure fins a la cristianitzaci\u00f3, al segle V. L&#8217;estament dels bards (filid) va assumir part de les seves funcions.<\/p>\t\t\t\t\t\t\t\t<\/div>\n\t\t\t\t\t<\/div>\n\t\t\t\t<\/div>\n\t\t\t\t<div class=\"elementor-element elementor-element-62c7d18 elementor-widget elementor-widget-heading\" data-id=\"62c7d18\" data-element_type=\"widget\" data-e-type=\"widget\" data-widget_type=\"heading.default\">\n\t\t\t\t\t<h3 class=\"elementor-heading-title elementor-size-default\">El concepte de l'Altre M\u00f3n<\/h3>\t\t\t\t<\/div>\n\t\t<div class=\"elementor-element elementor-element-bw-bb1548a-e17aa76 e-flex e-con-boxed e-con e-parent\" data-id=\"bw-bb1548a-e17aa76\" data-element_type=\"container\" data-e-type=\"container\" data-settings=\"{&quot;background_background&quot;:&quot;classic&quot;}\">\n\t\t\t\t\t<div class=\"e-con-inner\">\n\t\t\t\t<div class=\"elementor-element elementor-element-bb1548a elementor-widget elementor-widget-text-editor\" data-id=\"bb1548a\" data-element_type=\"widget\" data-e-type=\"widget\" data-widget_type=\"text-editor.default\">\n\t\t\t\t\t\t\t\t\t<p>Un element central de la cosmovisi\u00f3 c\u00e8ltica \u00e9s l&#8217;Altre M\u00f3n (T\u00edr na n\u00d3g, Annwn), no un m\u00e9s enll\u00e0 en sentit cristi\u00e0, sin\u00f3 un espai de realitat paral\u00b7lel que es torna permeable en llocs i moments determinats (Samhain, Beltane).<\/p><p>Els sidhe, les criatures del poble dels turons, hi habiten i es relacionen amb els humans entre la benvolen\u00e7a i el perill.<\/p>\t\t\t\t\t\t\t\t<\/div>\n\t\t\t\t\t<\/div>\n\t\t\t\t<\/div>\n\t\t\t\t<div class=\"elementor-element elementor-element-9ba661e elementor-widget elementor-widget-heading\" data-id=\"9ba661e\" data-element_type=\"widget\" data-e-type=\"widget\" data-widget_type=\"heading.default\">\n\t\t\t\t\t<h3 class=\"elementor-heading-title elementor-size-default\">Renaixen\u00e7a i neopaganisme<\/h3>\t\t\t\t<\/div>\n\t\t<div class=\"elementor-element elementor-element-bw-c5aa179-f455a4f e-flex e-con-boxed e-con e-parent\" data-id=\"bw-c5aa179-f455a4f\" data-element_type=\"container\" data-e-type=\"container\" data-settings=\"{&quot;background_background&quot;:&quot;classic&quot;}\">\n\t\t\t\t\t<div class=\"e-con-inner\">\n\t\t\t\t<div class=\"elementor-element elementor-element-c5aa179 elementor-widget elementor-widget-text-editor\" data-id=\"c5aa179\" data-element_type=\"widget\" data-e-type=\"widget\" data-widget_type=\"text-editor.default\">\n\t\t\t\t\t\t\t\t\t<footer class=\"iwg-literatur\"><p>Als segles XVIII i XIX, la religi\u00f3 c\u00e8ltica va ser reinventada, des d&#8217;Iolo Morganwg, que va construir rituals dru\u00eddics falsificats, fins a W. B. Yeats i la renaixen\u00e7a liter\u00e0ria irlandesa.<\/p><p>El moviment neodru\u00eddic modern i el corrent wicca s&#8217;inspiren en aquesta segona capa, de car\u00e0cter rom\u00e0ntic. A iWell Guard distingim clarament entre el material c\u00e8ltic hist\u00f2ricament documentat i la seva recepci\u00f3 rom\u00e0ntica.<\/p><h3>Estat de la recerca<\/h3><p><span data-nosnippet>La religi\u00f3 c\u00e8ltica \u00e9s metodol\u00f2gicament dif\u00edcil d&#8217;estudiar, ja que les fonts escrites es van redactar nom\u00e9s despr\u00e9s de la cristianitzaci\u00f3. Obres de refer\u00e8ncia s\u00f3n Miranda Green (<em>The Celtic World<\/em>, 1995) i Bernhard Maier (<em>Die Religion der Kelten<\/em>, 2001).<\/span><\/p><p>L&#8217;an\u00e0lisi cr\u00edtica de la moderna \u00abrenaixen\u00e7a c\u00e8ltica\u00bb i de la seva legitimitat cient\u00edfica la proporciona Marion Bowman en diverses contribucions sobre el celtisme contemporani.<\/p><div data-nosnippet=\"true\" class=\"iwg-litliste\"><\/div><\/footer>\n<p class=\"iwg-bib-more\"><span data-nosnippet>M\u00e9s obres de refer\u00e8ncia a la <a href=\"https:\/\/iwell-guard.com\/ca\/?page_id=171483\">bibliografia<\/a>.<\/span><\/p>\t\t\t\t\t\t\t\t<\/div>\n\t\t\t\t\t<\/div>\n\t\t\t\t<\/div>\n\t\t\t\t\t<\/div>\n\t\t\t\t<\/div>\n\t\t<div class=\"elementor-element elementor-element-iwgcc-keltisch-sec e-flex e-con-boxed e-con e-parent\" data-id=\"iwgcc-keltisch-sec\" data-element_type=\"container\" data-e-type=\"container\" id=\"iwg-cc-keltisch\">\n\t\t\t\t\t<div class=\"e-con-inner\">\n\t\t<div class=\"elementor-element elementor-element-iwgcc-keltisch-inner e-flex e-con-boxed e-con e-parent\" data-id=\"iwgcc-keltisch-inner\" data-element_type=\"container\" data-e-type=\"container\" data-settings=\"{&quot;background_background&quot;:&quot;classic&quot;}\">\n\t\t\t\t\t<div class=\"e-con-inner\">\n\t\t\t\t<div class=\"elementor-element elementor-element-iwgcc-keltisch-h elementor-widget elementor-widget-heading\" data-id=\"iwgcc-keltisch-h\" data-element_type=\"widget\" data-e-type=\"widget\" data-widget_type=\"heading.default\">\n\t\t\t\t\t<h2 class=\"elementor-heading-title elementor-size-default\">Objectes de protecci\u00f3 d'aquesta tradici\u00f3 cultural<\/h2>\t\t\t\t<\/div>\n\t\t\t\t<div class=\"elementor-element elementor-element-iwgcc-keltisch-t elementor-widget elementor-widget-text-editor\" data-id=\"iwgcc-keltisch-t\" data-element_type=\"widget\" data-e-type=\"widget\" data-widget_type=\"text-editor.default\">\n\t\t\t\t\t\t\t\t\t<p>La pr\u00e0ctica protectora c\u00e8ltica coneixia triscels, penjolls de nusos i amulets dru\u00eddics; objectes de bronze i d&#8217;or amb ornamentaci\u00f3 animal i espiral acompanyaven guerrers i viatgers.<\/p><div data-nosnippet=\"true\"><p>iWell Guard s&#8217;inscriu en aquesta l\u00ednia culturohist\u00f2rica d&#8217;objectes de protecci\u00f3 portables, amb una arquitectura material contempor\u00e0nia, fabricat a Alemanya. 41 capes, or aut\u00e8ntic, plat\u00ed, plata. Dret de devoluci\u00f3 de 30 dies.<\/p><\/div>\t\t\t\t\t\t\t\t<\/div>\n\t\t\t\t<div class=\"elementor-element elementor-element-iwgcc-keltisch-b iwg-cc-button iwg-cc-cta-2026-05-13 elementor-widget elementor-widget-jet-button\" data-id=\"iwgcc-keltisch-b\" data-element_type=\"widget\" data-e-type=\"widget\" data-widget_type=\"jet-button.default\">\n\t\t\t\t<div class=\"elementor-widget-container\">\n\t\t\t\t\t<div class=\"elementor-jet-button jet-elements\"><div class=\"jet-button__container\"><a class=\"jet-button__instance jet-button__instance--icon-left hover-effect-1\" href=\"\/ueber-iwell-guard\/?utm_source=iwell-guard.com&amp;utm_medium=info-box&amp;utm_campaign=kultur-tradition\"><div class=\"jet-button__plane jet-button__plane-normal\"><\/div><div class=\"jet-button__plane jet-button__plane-hover\"><\/div><div class=\"jet-button__state jet-button__state-normal\"><span class=\"jet-button__label\">M\u00e9s informaci\u00f3 sobre l'iWell Guard<\/span><\/div><div class=\"jet-button__state jet-button__state-hover\"><span class=\"jet-button__label\">M\u00e9s informaci\u00f3 sobre l'iWell Guard<\/span><\/div><\/a><\/div><\/div><style>.elementor-element.elementor-element-iwgcc-keltisch-b .jet-button__instance{width:320px;height:56px;}.elementor-element.elementor-element-iwgcc-keltisch-b .jet-button__state-normal .jet-button__label{text-align:center;margin:0px 0px 0px 0px;color:#1a1b20;font-family:Montserrat,sans-serif;font-size:13px;font-weight:400;letter-spacing:4px;line-height:1.714em;text-transform:uppercase;}.elementor-element.elementor-element-iwgcc-keltisch-b .jet-button__state-hover .jet-button__label{text-align:center;margin:0px 0px 0px 0px;color:#FECC76;font-family:Montserrat,sans-serif;font-size:13px;font-weight:400;letter-spacing:4px;line-height:1.714em;text-transform:uppercase;}.elementor-element.elementor-element-iwgcc-keltisch-b .jet-button__plane-normal{background-color:#FECC76;border-style:solid;border-color:#C99540;border-width:2px 2px 2px 2px;}.elementor-element.elementor-element-iwgcc-keltisch-b .jet-button__plane-hover{background-color:rgba(0,0,0,0.55);border-style:solid;border-color:#FECC76;border-width:2px 2px 2px 2px;}<\/style>\t\t\t\t<\/div>\n\t\t\t\t<\/div>\n\t\t\t\t<div class=\"elementor-element elementor-element-iwgcc-keltisch-d elementor-widget elementor-widget-text-editor\" data-id=\"iwgcc-keltisch-d\" data-element_type=\"widget\" data-e-type=\"widget\" data-widget_type=\"text-editor.default\">\n\t\t\t\t\t\t\t\t\t<div data-nosnippet=\"true\"><p style=\"text-align:center;font-size:13px;opacity:0.7;margin-top:14px\" data-nosnippet=\"true\">Les experi\u00e8ncies personals poden variar. No \u00e9s un producte sanitari. No \u00e9s una promesa de curaci\u00f3.<\/p><\/div>\t\t\t\t\t\t\t\t<\/div>\n\t\t\t\t\t<\/div>\n\t\t\t\t<\/div>\n\t\t\t\t\t<\/div>\n\t\t\t\t<\/div>\n\t\t<div class=\"elementor-element elementor-element-iwgkw2-add-keltisch e-flex e-con-boxed e-con e-parent\" data-id=\"iwgkw2-add-keltisch\" data-element_type=\"container\" data-e-type=\"container\">\n\t\t\t\t\t<div class=\"e-con-inner\">\n\t\t\t\t<div class=\"elementor-element elementor-element-iwgkw2-add-keltisch-t elementor-widget elementor-widget-text-editor\" data-id=\"iwgkw2-add-keltisch-t\" data-element_type=\"widget\" data-e-type=\"widget\" data-widget_type=\"text-editor.default\">\n\t\t\t\t\t\t\t\t\t<p>La <strong><span class=\"iwg-fachbegriff\" data-tooltip=\"El conjunt dels relats m\u00edtics transmesos d'una cultura sobre els seus d\u00e9us.\" tabindex=\"0\">mitologia<\/span><\/strong> c\u00e8ltica no s&#8217;ha conservat en un corpus unificat, sin\u00f3 que cal reconstruir-la a partir de cicles narratius insulars, inscripcions continentals i relats romans.<\/p>\t\t\t\t\t\t\t\t<\/div>\n\t\t\t\t\t<\/div>\n\t\t\t\t<\/div>\n\t\t<div class=\"elementor-element elementor-element-iwgssrev-keltisch e-flex e-con-boxed e-con e-parent\" data-id=\"iwgssrev-keltisch\" data-element_type=\"container\" data-e-type=\"container\">\n\t\t\t\t\t<div class=\"e-con-inner\">\n\t\t\t\t<div class=\"elementor-element elementor-element-iwgssrev-keltisch-h elementor-widget elementor-widget-heading\" data-id=\"iwgssrev-keltisch-h\" data-element_type=\"widget\" data-e-type=\"widget\" data-widget_type=\"heading.default\">\n\t\t\t\t\t<h2 class=\"elementor-heading-title elementor-size-default\">S\u00edmbols de protecci\u00f3 del m\u00f3n c\u00e8ltic<\/h2>\t\t\t\t<\/div>\n\t\t\t\t<div class=\"elementor-element elementor-element-iwgssrev-keltisch-t elementor-widget elementor-widget-text-editor\" data-id=\"iwgssrev-keltisch-t\" data-element_type=\"widget\" data-e-type=\"widget\" data-widget_type=\"text-editor.default\">\n\t\t\t\t\t\t\t\t\t<p>El lexic\u00f3 dels s\u00edmbols de protecci\u00f3 tracta diversos signes i objectes del m\u00f3n c\u00e8ltic en p\u00e0gines pr\u00f2pies: <a href=\"https:\/\/iwell-guard.com\/ca\/?page_id=171927\">Awen<\/a>, <a href=\"https:\/\/iwell-guard.com\/ca\/?page_id=171925\">Creu de Brigit<\/a>, <a href=\"https:\/\/iwell-guard.com\/ca\/?page_id=171965\">Nus c\u00e8ltic<\/a>, <a href=\"https:\/\/iwell-guard.com\/ca\/?page_id=171893\">Creu c\u00e8ltica<\/a>, <a href=\"https:\/\/iwell-guard.com\/ca\/?page_id=171892\">Triquetra<\/a> i <a href=\"https:\/\/iwell-guard.com\/ca\/?page_id=171926\">Triscel<\/a>. Una visi\u00f3 transcultural es troba a la p\u00e0gina dels <a href=\"https:\/\/iwell-guard.com\/ca\/?page_id=171653\">s\u00edmbols de protecci\u00f3<\/a>.<\/p>\t\t\t\t\t\t\t\t<\/div>\n\t\t\t\t\t<\/div>\n\t\t\t\t<\/div>\n\t\t\t\t<\/div>\n\t\t","protected":false},"excerpt":{"rendered":"","protected":false},"author":3,"featured_media":1614,"parent":0,"menu_order":0,"comment_status":"closed","ping_status":"closed","template":"elementor_header_footer","meta":{"_yoast_wpseo_focuskw":"d\u00e9us celtes","_yoast_wpseo_title":"D\u00e9us celtes \u2013 Tuatha D\u00e9 Danann, druides | iWell Guard","_yoast_wpseo_metadesc":"D\u00e9us dels celtes: Dagda, Lugh, Morrigan, Brigid, Cernunnos, Manann\u00e1n. Mitologia d'Irlanda, Gal\u00b7les i la G\u00e0l\u00b7lia, tradicions dru\u00eddiques.","_yoast_wpseo_meta-robots-noindex":"","_yoast_wpseo_canonical":"","_angie_page":false,"gefaehrdungsstufe":"","wesen_kultur":"","wesen_klasse":"","footnotes":""},"categories":[],"class_list":["post-171367","page","type-page","status-publish","has-post-thumbnail","hentry"],"yoast_head":"<!-- This site is optimized with the Yoast SEO Premium plugin v27.7 (Yoast SEO v28.3) - https:\/\/yoast.com\/product\/yoast-seo-premium-wordpress\/ -->\n<title>D\u00e9us celtes \u2013 Tuatha D\u00e9 Danann, druides | iWell Guard<\/title>\n<meta name=\"description\" content=\"D\u00e9us dels celtes: Dagda, Lugh, Morrigan, Brigid, Cernunnos, Manann\u00e1n. Mitologia d&#039;Irlanda, Gal\u00b7les i la G\u00e0l\u00b7lia, tradicions dru\u00eddiques.\" \/>\n<meta name=\"robots\" content=\"index, follow, max-snippet:-1, max-image-preview:large, max-video-preview:-1\" \/>\n<link rel=\"canonical\" href=\"https:\/\/iwell-guard.com\/ca\/celtic\/\" \/>\n<meta property=\"og:locale\" content=\"ca_ES\" \/>\n<meta property=\"og:type\" content=\"article\" \/>\n<meta property=\"og:title\" content=\"C\u00e8ltic\" \/>\n<meta property=\"og:description\" content=\"D\u00e9us dels celtes: Dagda, Lugh, Morrigan, Brigid, Cernunnos, Manann\u00e1n. Mitologia d&#039;Irlanda, Gal\u00b7les i la G\u00e0l\u00b7lia, tradicions dru\u00eddiques.\" \/>\n<meta property=\"og:url\" content=\"https:\/\/iwell-guard.com\/ca\/celtic\/\" \/>\n<meta property=\"og:site_name\" content=\"iWell Guard\" \/>\n<meta property=\"article:modified_time\" content=\"2026-09-05T15:55:56+00:00\" \/>\n<meta property=\"og:image\" content=\"https:\/\/iwell-guard.com\/wp-content\/uploads\/2026\/04\/goetter_keltisch_cailleach.webp\" \/>\n\t<meta property=\"og:image:width\" content=\"1024\" \/>\n\t<meta property=\"og:image:height\" content=\"1536\" \/>\n\t<meta property=\"og:image:type\" content=\"image\/webp\" \/>\n<meta name=\"twitter:card\" content=\"summary_large_image\" \/>\n<script type=\"application\/ld+json\" class=\"yoast-schema-graph\">{\"@context\":\"https:\\\/\\\/schema.org\",\"@graph\":[{\"@type\":\"WebPage\",\"@id\":\"https:\\\/\\\/iwell-guard.com\\\/ca\\\/celtic\\\/\",\"url\":\"https:\\\/\\\/iwell-guard.com\\\/ca\\\/celtic\\\/\",\"name\":\"D\u00e9us celtes \u2013 Tuatha D\u00e9 Danann, druides | iWell Guard\",\"isPartOf\":{\"@id\":\"https:\\\/\\\/iwell-guard.com\\\/ca\\\/#website\"},\"primaryImageOfPage\":{\"@id\":\"https:\\\/\\\/iwell-guard.com\\\/ca\\\/celtic\\\/#primaryimage\"},\"image\":{\"@id\":\"https:\\\/\\\/iwell-guard.com\\\/ca\\\/celtic\\\/#primaryimage\"},\"thumbnailUrl\":\"https:\\\/\\\/iwell-guard.com\\\/wp-content\\\/uploads\\\/2026\\\/04\\\/goetter_keltisch_cailleach.webp\",\"datePublished\":\"2026-09-05T15:38:48+00:00\",\"dateModified\":\"2026-09-05T15:55:56+00:00\",\"description\":\"D\u00e9us dels celtes: Dagda, Lugh, Morrigan, Brigid, Cernunnos, Manann\u00e1n. Mitologia d'Irlanda, Gal\u00b7les i la G\u00e0l\u00b7lia, tradicions dru\u00eddiques.\",\"breadcrumb\":{\"@id\":\"https:\\\/\\\/iwell-guard.com\\\/ca\\\/celtic\\\/#breadcrumb\"},\"inLanguage\":\"ca\",\"potentialAction\":[{\"@type\":\"ReadAction\",\"target\":[\"https:\\\/\\\/iwell-guard.com\\\/ca\\\/celtic\\\/\"]}]},{\"@type\":\"ImageObject\",\"inLanguage\":\"ca\",\"@id\":\"https:\\\/\\\/iwell-guard.com\\\/ca\\\/celtic\\\/#primaryimage\",\"url\":\"https:\\\/\\\/iwell-guard.com\\\/wp-content\\\/uploads\\\/2026\\\/04\\\/goetter_keltisch_cailleach.webp\",\"contentUrl\":\"https:\\\/\\\/iwell-guard.com\\\/wp-content\\\/uploads\\\/2026\\\/04\\\/goetter_keltisch_cailleach.webp\",\"width\":1024,\"height\":1536,\"caption\":\"D\u00e9us de la tradici\u00f3 c\u00e8ltica.\"},{\"@type\":\"BreadcrumbList\",\"@id\":\"https:\\\/\\\/iwell-guard.com\\\/ca\\\/celtic\\\/#breadcrumb\",\"itemListElement\":[{\"@type\":\"ListItem\",\"position\":1,\"name\":\"Start\",\"item\":\"https:\\\/\\\/iwell-guard.com\\\/ca\\\/?page_id=171333\"},{\"@type\":\"ListItem\",\"position\":2,\"name\":\"C\u00e8ltic\"}]},{\"@type\":\"WebSite\",\"@id\":\"https:\\\/\\\/iwell-guard.com\\\/ca\\\/#website\",\"url\":\"https:\\\/\\\/iwell-guard.com\\\/ca\\\/\",\"name\":\"iWell Guard\",\"description\":\"Schutz vor dunklen Einfl\u00fcssen\",\"publisher\":{\"@id\":\"https:\\\/\\\/iwell-guard.com\\\/ca\\\/#organization\"},\"potentialAction\":[{\"@type\":\"SearchAction\",\"target\":{\"@type\":\"EntryPoint\",\"urlTemplate\":\"https:\\\/\\\/iwell-guard.com\\\/ca\\\/?s={search_term_string}\"},\"query-input\":{\"@type\":\"PropertyValueSpecification\",\"valueRequired\":true,\"valueName\":\"search_term_string\"}}],\"inLanguage\":\"ca\"},{\"@type\":\"Organization\",\"@id\":\"https:\\\/\\\/iwell-guard.com\\\/ca\\\/#organization\",\"name\":\"Ittermann electronic GmbH\",\"url\":\"https:\\\/\\\/iwell-guard.com\\\/ca\\\/\",\"logo\":{\"@type\":\"ImageObject\",\"inLanguage\":\"ca\",\"@id\":\"https:\\\/\\\/iwell-guard.com\\\/ca\\\/#\\\/schema\\\/logo\\\/image\\\/\",\"url\":\"https:\\\/\\\/iwell-guard.com\\\/wp-content\\\/uploads\\\/2026\\\/05\\\/Ittermann-Logo-1182x237-1.png\",\"contentUrl\":\"https:\\\/\\\/iwell-guard.com\\\/wp-content\\\/uploads\\\/2026\\\/05\\\/Ittermann-Logo-1182x237-1.png\",\"width\":1182,\"height\":237,\"caption\":\"Ittermann electronic GmbH\"},\"image\":{\"@id\":\"https:\\\/\\\/iwell-guard.com\\\/ca\\\/#\\\/schema\\\/logo\\\/image\\\/\"},\"sameAs\":[\"https:\\\/\\\/pantip.com\\\/profile\\\/9367242\",\"https:\\\/\\\/micro.blog\\\/iwellguard\",\"https:\\\/\\\/www.diggerslist.com\\\/iwellguard\\\/about\",\"https:\\\/\\\/skitterphoto.com\\\/photographers\\\/2870314\\\/iwell-guard\",\"https:\\\/\\\/iwellguard.wordpress.com\\\/2026\\\/06\\\/06\\\/iwell-guard\\\/\",\"https:\\\/\\\/hub.docker.com\\\/u\\\/iwellguard\",\"https:\\\/\\\/www.pinterest.com\\\/iwellguard\\\/\",\"https:\\\/\\\/bit.ly\\\/m\\\/iwellguard\",\"https:\\\/\\\/entre-vos-mains.alsace.eu\\\/profiles\\\/iwellguard\\\/activity\",\"https:\\\/\\\/gravatar.com\\\/reallybeded8fd34\",\"https:\\\/\\\/naijamatta.com\\\/iwellguard\",\"https:\\\/\\\/www.goodreads.com\\\/iwellguard\",\"https:\\\/\\\/profile.hatena.ne.jp\\\/iwellguard\\\/\",\"https:\\\/\\\/experiment.com\\\/users\\\/iwellguard\",\"https:\\\/\\\/wakelet.com\\\/@iWellGuard82270\",\"https:\\\/\\\/www.chordie.com\\\/forum\\\/profile.php?id=2555664\",\"https:\\\/\\\/www.instapaper.com\\\/p\\\/17757966\",\"https:\\\/\\\/www.mapleprimes.com\\\/users\\\/iwellguard\",\"https:\\\/\\\/businesslistingplus.com\\\/profile\\\/iwell-guard\\\/\",\"https:\\\/\\\/telegra.ph\\\/iWell-Guard-06-06\",\"https:\\\/\\\/pbase.com\\\/iwellguard\\\/iwellguard\",\"https:\\\/\\\/b.hatena.ne.jp\\\/iwellguard\\\/20260607#bookmark-4788405196491818882\",\"https:\\\/\\\/fliphtml5.com\\\/home\\\/iwellguard\",\"https:\\\/\\\/anyflip.com\\\/homepage\\\/cmiwl#About\",\"https:\\\/\\\/transfur.com\\\/Users\\\/iwellguard\",\"http:\\\/\\\/delphi.larsbo.org\\\/user\\\/iwellguard\",\"https:\\\/\\\/jobs.lajobsportal.org\\\/profiles\\\/8380803-iwell-guard\",\"https:\\\/\\\/md.chaosdorf.de\\\/s\\\/jfbe5SBdJD\",\"https:\\\/\\\/www.lingvolive.com\\\/en-us\\\/profile\\\/9ecaeaca-ce11-4e51-9e71-01d55e2bff36\\\/translations\",\"https:\\\/\\\/www.fitday.com\\\/fitness\\\/forums\\\/members\\\/iwellguard.html\",\"https:\\\/\\\/www.mymeetbook.com\\\/iwellguard\",\"https:\\\/\\\/pxhere.com\\\/en\\\/photographer-me\\\/5040798\",\"https:\\\/\\\/disqus.com\\\/by\\\/iwellguard\\\/about\\\/\",\"https:\\\/\\\/pastelink.net\\\/hjwciqwq\",\"https:\\\/\\\/pubhtml5.com\\\/homepage\\\/scjhn\\\/\",\"https:\\\/\\\/www.bitchute.com\\\/channel\\\/2O2eOKzNqujT\",\"https:\\\/\\\/audiomack.com\\\/iwellguard\"]}]}<\/script>\n<!-- \/ Yoast SEO Premium plugin. -->","yoast_head_json":{"title":"D\u00e9us celtes \u2013 Tuatha D\u00e9 Danann, druides | iWell Guard","description":"D\u00e9us dels celtes: Dagda, Lugh, Morrigan, Brigid, Cernunnos, Manann\u00e1n. Mitologia d'Irlanda, Gal\u00b7les i la G\u00e0l\u00b7lia, tradicions dru\u00eddiques.","robots":{"index":"index","follow":"follow","max-snippet":"max-snippet:-1","max-image-preview":"max-image-preview:large","max-video-preview":"max-video-preview:-1"},"canonical":"https:\/\/iwell-guard.com\/ca\/celtic\/","og_locale":"ca_ES","og_type":"article","og_title":"C\u00e8ltic","og_description":"D\u00e9us dels celtes: Dagda, Lugh, Morrigan, Brigid, Cernunnos, Manann\u00e1n. Mitologia d'Irlanda, Gal\u00b7les i la G\u00e0l\u00b7lia, tradicions dru\u00eddiques.","og_url":"https:\/\/iwell-guard.com\/ca\/celtic\/","og_site_name":"iWell Guard","article_modified_time":"2026-09-05T15:55:56+00:00","og_image":[{"width":1024,"height":1536,"url":"https:\/\/iwell-guard.com\/wp-content\/uploads\/2026\/04\/goetter_keltisch_cailleach.webp","type":"image\/webp"}],"twitter_card":"summary_large_image","schema":{"@context":"https:\/\/schema.org","@graph":[{"@type":"WebPage","@id":"https:\/\/iwell-guard.com\/ca\/celtic\/","url":"https:\/\/iwell-guard.com\/ca\/celtic\/","name":"D\u00e9us celtes \u2013 Tuatha D\u00e9 Danann, druides | iWell Guard","isPartOf":{"@id":"https:\/\/iwell-guard.com\/ca\/#website"},"primaryImageOfPage":{"@id":"https:\/\/iwell-guard.com\/ca\/celtic\/#primaryimage"},"image":{"@id":"https:\/\/iwell-guard.com\/ca\/celtic\/#primaryimage"},"thumbnailUrl":"https:\/\/iwell-guard.com\/wp-content\/uploads\/2026\/04\/goetter_keltisch_cailleach.webp","datePublished":"2026-09-05T15:38:48+00:00","dateModified":"2026-09-05T15:55:56+00:00","description":"D\u00e9us dels celtes: Dagda, Lugh, Morrigan, Brigid, Cernunnos, Manann\u00e1n. Mitologia d'Irlanda, Gal\u00b7les i la G\u00e0l\u00b7lia, tradicions dru\u00eddiques.","breadcrumb":{"@id":"https:\/\/iwell-guard.com\/ca\/celtic\/#breadcrumb"},"inLanguage":"ca","potentialAction":[{"@type":"ReadAction","target":["https:\/\/iwell-guard.com\/ca\/celtic\/"]}]},{"@type":"ImageObject","inLanguage":"ca","@id":"https:\/\/iwell-guard.com\/ca\/celtic\/#primaryimage","url":"https:\/\/iwell-guard.com\/wp-content\/uploads\/2026\/04\/goetter_keltisch_cailleach.webp","contentUrl":"https:\/\/iwell-guard.com\/wp-content\/uploads\/2026\/04\/goetter_keltisch_cailleach.webp","width":1024,"height":1536,"caption":"D\u00e9us de la tradici\u00f3 c\u00e8ltica."},{"@type":"BreadcrumbList","@id":"https:\/\/iwell-guard.com\/ca\/celtic\/#breadcrumb","itemListElement":[{"@type":"ListItem","position":1,"name":"Start","item":"https:\/\/iwell-guard.com\/ca\/?page_id=171333"},{"@type":"ListItem","position":2,"name":"C\u00e8ltic"}]},{"@type":"WebSite","@id":"https:\/\/iwell-guard.com\/ca\/#website","url":"https:\/\/iwell-guard.com\/ca\/","name":"iWell Guard","description":"Schutz vor dunklen Einfl\u00fcssen","publisher":{"@id":"https:\/\/iwell-guard.com\/ca\/#organization"},"potentialAction":[{"@type":"SearchAction","target":{"@type":"EntryPoint","urlTemplate":"https:\/\/iwell-guard.com\/ca\/?s={search_term_string}"},"query-input":{"@type":"PropertyValueSpecification","valueRequired":true,"valueName":"search_term_string"}}],"inLanguage":"ca"},{"@type":"Organization","@id":"https:\/\/iwell-guard.com\/ca\/#organization","name":"Ittermann electronic GmbH","url":"https:\/\/iwell-guard.com\/ca\/","logo":{"@type":"ImageObject","inLanguage":"ca","@id":"https:\/\/iwell-guard.com\/ca\/#\/schema\/logo\/image\/","url":"https:\/\/iwell-guard.com\/wp-content\/uploads\/2026\/05\/Ittermann-Logo-1182x237-1.png","contentUrl":"https:\/\/iwell-guard.com\/wp-content\/uploads\/2026\/05\/Ittermann-Logo-1182x237-1.png","width":1182,"height":237,"caption":"Ittermann electronic GmbH"},"image":{"@id":"https:\/\/iwell-guard.com\/ca\/#\/schema\/logo\/image\/"},"sameAs":["https:\/\/pantip.com\/profile\/9367242","https:\/\/micro.blog\/iwellguard","https:\/\/www.diggerslist.com\/iwellguard\/about","https:\/\/skitterphoto.com\/photographers\/2870314\/iwell-guard","https:\/\/iwellguard.wordpress.com\/2026\/06\/06\/iwell-guard\/","https:\/\/hub.docker.com\/u\/iwellguard","https:\/\/www.pinterest.com\/iwellguard\/","https:\/\/bit.ly\/m\/iwellguard","https:\/\/entre-vos-mains.alsace.eu\/profiles\/iwellguard\/activity","https:\/\/gravatar.com\/reallybeded8fd34","https:\/\/naijamatta.com\/iwellguard","https:\/\/www.goodreads.com\/iwellguard","https:\/\/profile.hatena.ne.jp\/iwellguard\/","https:\/\/experiment.com\/users\/iwellguard","https:\/\/wakelet.com\/@iWellGuard82270","https:\/\/www.chordie.com\/forum\/profile.php?id=2555664","https:\/\/www.instapaper.com\/p\/17757966","https:\/\/www.mapleprimes.com\/users\/iwellguard","https:\/\/businesslistingplus.com\/profile\/iwell-guard\/","https:\/\/telegra.ph\/iWell-Guard-06-06","https:\/\/pbase.com\/iwellguard\/iwellguard","https:\/\/b.hatena.ne.jp\/iwellguard\/20260607#bookmark-4788405196491818882","https:\/\/fliphtml5.com\/home\/iwellguard","https:\/\/anyflip.com\/homepage\/cmiwl#About","https:\/\/transfur.com\/Users\/iwellguard","http:\/\/delphi.larsbo.org\/user\/iwellguard","https:\/\/jobs.lajobsportal.org\/profiles\/8380803-iwell-guard","https:\/\/md.chaosdorf.de\/s\/jfbe5SBdJD","https:\/\/www.lingvolive.com\/en-us\/profile\/9ecaeaca-ce11-4e51-9e71-01d55e2bff36\/translations","https:\/\/www.fitday.com\/fitness\/forums\/members\/iwellguard.html","https:\/\/www.mymeetbook.com\/iwellguard","https:\/\/pxhere.com\/en\/photographer-me\/5040798","https:\/\/disqus.com\/by\/iwellguard\/about\/","https:\/\/pastelink.net\/hjwciqwq","https:\/\/pubhtml5.com\/homepage\/scjhn\/","https:\/\/www.bitchute.com\/channel\/2O2eOKzNqujT","https:\/\/audiomack.com\/iwellguard"]}]}},"_links":{"self":[{"href":"https:\/\/iwell-guard.com\/ca\/wp-json\/wp\/v2\/pages\/171367","targetHints":{"allow":["GET"]}}],"collection":[{"href":"https:\/\/iwell-guard.com\/ca\/wp-json\/wp\/v2\/pages"}],"about":[{"href":"https:\/\/iwell-guard.com\/ca\/wp-json\/wp\/v2\/types\/page"}],"author":[{"embeddable":true,"href":"https:\/\/iwell-guard.com\/ca\/wp-json\/wp\/v2\/users\/3"}],"replies":[{"embeddable":true,"href":"https:\/\/iwell-guard.com\/ca\/wp-json\/wp\/v2\/comments?post=171367"}],"version-history":[{"count":0,"href":"https:\/\/iwell-guard.com\/ca\/wp-json\/wp\/v2\/pages\/171367\/revisions"}],"wp:featuredmedia":[{"embeddable":true,"href":"https:\/\/iwell-guard.com\/ca\/wp-json\/wp\/v2\/media\/1614"}],"wp:attachment":[{"href":"https:\/\/iwell-guard.com\/ca\/wp-json\/wp\/v2\/media?parent=171367"}],"wp:term":[{"taxonomy":"category","embeddable":true,"href":"https:\/\/iwell-guard.com\/ca\/wp-json\/wp\/v2\/categories?post=171367"}],"curies":[{"name":"wp","href":"https:\/\/api.w.org\/{rel}","templated":true}]}}