{"id":171366,"date":"2026-09-05T15:38:47","date_gmt":"2026-09-05T15:38:47","guid":{"rendered":"https:\/\/iwell-guard.com\/?page_id=171366"},"modified":"2026-09-05T15:55:56","modified_gmt":"2026-09-05T15:55:56","slug":"germanica","status":"publish","type":"page","link":"https:\/\/iwell-guard.com\/ca\/germanica\/","title":{"rendered":"Germ\u00e0nic"},"content":{"rendered":"\t\t<div data-elementor-type=\"wp-page\" data-elementor-id=\"171366\" class=\"elementor elementor-171366 elementor-1015\" data-elementor-post-type=\"page\">\n\t\t\t\t<div class=\"elementor-element elementor-element-k-hero-rebuilt-german iwg-kultur-hero e-flex e-con-boxed e-con e-parent\" data-id=\"k-hero-rebuilt-german\" data-element_type=\"container\" data-e-type=\"container\">\n\t\t\t\t\t<div class=\"e-con-inner\">\n\t\t<div class=\"elementor-element elementor-element-khleft-german iwg-kultur-hero-left e-flex e-con-boxed e-con e-child\" data-id=\"khleft-german\" data-element_type=\"container\" data-e-type=\"container\">\n\t\t\t\t\t<div class=\"e-con-inner\">\n\t\t\t\t<div class=\"elementor-element elementor-element-k-h1-germanisch elementor-widget elementor-widget-heading\" data-id=\"k-h1-germanisch\" data-element_type=\"widget\" data-e-type=\"widget\" data-widget_type=\"heading.default\">\n\t\t\t\t\t<h1 class=\"elementor-heading-title elementor-size-default\">D\u00e9us n\u00f2rdics, Ases, Vanes i mitologia germ\u00e0nica<\/h1>\t\t\t\t<\/div>\n\t\t<div class=\"elementor-element elementor-element-aj11-hero-lead-german e-con-full e-flex e-con e-child\" data-id=\"aj11-hero-lead-german\" data-element_type=\"container\" data-e-type=\"container\">\n\t\t\t\t<div class=\"elementor-element elementor-element-k-lead-germanisch elementor-widget elementor-widget-text-editor\" data-id=\"k-lead-germanisch\" data-element_type=\"widget\" data-e-type=\"widget\" data-widget_type=\"text-editor.default\">\n\t\t\t\t\t\t\t\t\t<p><strong>\u00c9ssers de la tradici\u00f3 germ\u00e0nica<\/strong> a iWell Guard. M\u00f3n div\u00ed i espiritual precristi\u00e0 del nord i centre d&#8217;Europa. Fonts principals: la Snorra-Edda, l&#8217;Edda po\u00e8tica, la poesia esc\u00e0ldica, troballes arqueol\u00f2giques.<\/p>\t\t\t\t\t\t\t\t<\/div>\n\t\t\t\t<\/div>\n\t\t<div class=\"elementor-element elementor-element-aj11-hero-toc-german e-con-full e-flex e-con e-child\" data-id=\"aj11-hero-toc-german\" data-element_type=\"container\" data-e-type=\"container\">\n\t\t\t\t<div class=\"elementor-element elementor-element-k-toc-germanisch elementor-widget elementor-widget-text-editor\" data-id=\"k-toc-germanisch\" data-element_type=\"widget\" data-e-type=\"widget\" data-widget_type=\"text-editor.default\">\n\t\t\t\t\t\t\t\t\t<p><strong>Contingut d&#8217;aquesta p\u00e0gina:<\/strong><\/p><ul><li><a href=\"#k-germanisch-h1\">Classificaci\u00f3<\/a><\/li><li><a href=\"#x-germanisch-h100\">Hist\u00f2ria i pante\u00f3<\/a><\/li><li><a href=\"#x-germanisch-h101\">\u00c9ssers en la vida quotidiana<\/a><\/li><li><a href=\"#x-germanisch-h102\">Significat actual<\/a><\/li><li><a href=\"#k-germanisch-h2\">D\u00e9us (6)<\/a><\/li><li><a href=\"#k-germanisch-h3\">Esperits (6)<\/a><\/li><li><a href=\"#72d1854\">Aprofundiment<\/a><\/li><\/ul>\t\t\t\t\t\t\t\t<\/div>\n\t\t\t\t<\/div>\n\t\t\t\t\t<\/div>\n\t\t\t\t<\/div>\n\t\t<div class=\"elementor-element elementor-element-khrght-german iwg-kultur-hero-right e-flex e-con-boxed e-con e-child\" data-id=\"khrght-german\" data-element_type=\"container\" data-e-type=\"container\">\n\t\t\t\t\t<div class=\"e-con-inner\">\n\t\t\t\t<div class=\"elementor-element elementor-element-k-img-germanisch iwg-hero-image elementor-widget elementor-widget-image\" data-id=\"k-img-germanisch\" data-element_type=\"widget\" data-e-type=\"widget\" data-widget_type=\"image.default\">\n\t\t\t\t\t\t\t\t\t\t\t\t\t\t\t<img fetchpriority=\"high\" decoding=\"async\" width=\"683\" height=\"1024\" src=\"https:\/\/iwell-guard.com\/wp-content\/uploads\/2026\/04\/goetter_germanisch_odin-683x1024.webp\" class=\"attachment-large size-large wp-image-1723\" alt=\"Germ\u00e0nic\" srcset=\"https:\/\/iwell-guard.com\/wp-content\/uploads\/2026\/04\/goetter_germanisch_odin-683x1024.webp 683w, https:\/\/iwell-guard.com\/wp-content\/uploads\/2026\/04\/goetter_germanisch_odin-200x300.webp 200w, https:\/\/iwell-guard.com\/wp-content\/uploads\/2026\/04\/goetter_germanisch_odin-768x1152.webp 768w, https:\/\/iwell-guard.com\/wp-content\/uploads\/2026\/04\/goetter_germanisch_odin.webp 1024w\" sizes=\"(max-width: 683px) 100vw, 683px\" \/>\t\t\t\t\t\t\t\t\t\t\t\t\t\t\t<\/div>\n\t\t\t\t\t<\/div>\n\t\t\t\t<\/div>\n\t\t\t\t\t<\/div>\n\t\t\t\t<\/div>\n\t\t\t\t<section class=\"elementor-section elementor-top-section elementor-element elementor-element-sec-iwgcomp2-germanisch elementor-section-boxed elementor-section-height-default elementor-section-height-default\" data-id=\"sec-iwgcomp2-germanisch\" data-element_type=\"section\" data-e-type=\"section\">\n\t\t\t\t\t\t<div class=\"elementor-container elementor-column-gap-default\">\n\t\t\t\t\t<div class=\"elementor-column elementor-col-100 elementor-top-column elementor-element elementor-element-col-iwgcomp2-germanisch\" data-id=\"col-iwgcomp2-germanisch\" data-element_type=\"column\" data-e-type=\"column\">\n\t\t\t<div class=\"elementor-widget-wrap elementor-element-populated\">\n\t\t\t\t\t\t<div class=\"elementor-element elementor-element-iwgcomp2-germanisch elementor-widget elementor-widget-text-editor\" data-id=\"iwgcomp2-germanisch\" data-element_type=\"widget\" data-e-type=\"widget\" data-widget_type=\"text-editor.default\">\n\t\t\t\t\t\t\t\t\t<p>Aquesta p\u00e0gina documenta la religi\u00f3 <strong>germ\u00e0nica<\/strong> des del <span class=\"iwg-fachbegriff\" data-tooltip=\"\u00c8poca prehist\u00f2rica posterior a l'edat del bronze, caracteritzada pel treball del ferro.\" tabindex=\"0\">pante\u00f3<\/span> de l&#8217;<span class=\"iwg-fachbegriff\" data-tooltip=\"\u00c8poca prehist\u00f2rica posterior a l'edat del bronze, caracteritzada pel treball del ferro.\" tabindex=\"0\">edat del ferro<\/span> fins a l&#8217;\u00e8poca de l&#8217;Edda.<\/p>\t\t\t\t\t\t\t\t<\/div>\n\t\t\t\t\t<\/div>\n\t\t<\/div>\n\t\t\t\t\t<\/div>\n\t\t<\/section>\n\t\t<div class=\"elementor-element elementor-element-clstrsec-aj12-germanis e-con-boxed e-flex e-con e-parent\" data-id=\"clstrsec-aj12-germanis\" data-element_type=\"container\" data-e-type=\"container\">\n\t\t\t\t\t<div class=\"e-con-inner\">\n\t\t\t\t<div class=\"elementor-element elementor-element-clstrh2-aj12-german elementor-widget elementor-widget-heading\" data-id=\"clstrh2-aj12-german\" data-element_type=\"widget\" data-e-type=\"widget\" data-widget_type=\"heading.default\">\n\t\t\t\t\t<h2 class=\"elementor-heading-title elementor-size-default\">Edda, cort divina i mites n\u00f2rdics<\/h2>\t\t\t\t<\/div>\n\t\t<div class=\"elementor-element elementor-element-aj12-cluster-text-germanis e-con-full e-flex e-con e-child\" data-id=\"aj12-cluster-text-germanis\" data-element_type=\"container\" data-e-type=\"container\">\n\t\t\t\t<div class=\"elementor-element elementor-element-aj12-cluster-text-german-t elementor-widget elementor-widget-text-editor\" data-id=\"aj12-cluster-text-german-t\" data-element_type=\"widget\" data-e-type=\"widget\" data-widget_type=\"text-editor.default\">\n\t\t\t\t\t\t\t\t\t<p>La religi\u00f3 germ\u00e0nica \u00e9s, des del punt de vista de la cr\u00edtica de fonts, una tradici\u00f3 dif\u00edcil. El que en sabem prov\u00e9 gaireb\u00e9 \u00edntegrament de tradicions tardanes cristiano-islandeses: l&#8217;Edda po\u00e8tica i la Snorra-Edda es van compilar al segle XIII, molt despr\u00e9s que el paganisme n\u00f2rdic hagu\u00e9s deixat de ser una religi\u00f3 viscuda.<\/p><p>Les inscripcions precristianes, les runes i els noms de lloc complementen la imatge, per\u00f2 no la substitueixen.<\/p>\n<p>Al centre hi ha dos llinatges divins: els bel\u00b7licosos Ases, encap\u00e7alats per Odin, Thor, Tyr i Frigg, i els Vanes, vinculats a la fertilitat, encap\u00e7alats per Freyr, Freyja i Nj\u00f6rd.<\/p><p>Mitol\u00f2gicament, el sistema \u00e9s din\u00e0mic: culmina en el Ragnar\u00f6k, la fi dels d\u00e9us, i aix\u00f2 li d\u00f3na una profunditat escatol\u00f2gica que altres sistemes politeistes no tenen.<\/p>\n<p>La <strong>religi\u00f3 popular<\/strong> girava al voltant d&#8217;esperits protectors: esperits de la llar (hausv\u00e4ttr), esperits de la terra (landv\u00e4ttir), fylgjur (esperits personals del dest\u00ed), disir (esperits femenins ancestrals). Aquesta capa \u00e9s sovint, des del punt de vista de la hist\u00f2ria de les religions, m\u00e9s profunda i antiga que la <span class=\"iwg-fachbegriff\" data-tooltip=\"El conjunt de les narracions m\u00edtiques transmeses d'una cultura.\" tabindex=\"0\">mitologia<\/span> dels Ases, i va perviure en costums populars escandinaus fins al segle XIX.<\/p>\t\t\t\t\t\t\t\t<\/div>\n\t\t\t\t<\/div>\n\t\t\t\t\t<\/div>\n\t\t\t\t<\/div>\n\t\t<div class=\"elementor-element elementor-element-k-germanisch-s1 e-con-boxed e-flex e-con e-parent\" data-id=\"k-germanisch-s1\" data-element_type=\"container\" data-e-type=\"container\">\n\t\t\t\t\t<div class=\"e-con-inner\">\n\t\t\t\t<div class=\"elementor-element elementor-element-k-germanisch-h1 elementor-widget elementor-widget-heading\" data-id=\"k-germanisch-h1\" data-element_type=\"widget\" data-e-type=\"widget\" data-widget_type=\"heading.default\">\n\t\t\t\t\t<h2 class=\"elementor-heading-title elementor-size-default\">Introducci\u00f3<\/h2>\t\t\t\t<\/div>\n\t\t<div class=\"elementor-element elementor-element-aj11-inner-0003 e-con-full e-flex e-con e-child\" data-id=\"aj11-inner-0003\" data-element_type=\"container\" data-e-type=\"container\">\n\t\t\t\t<div class=\"elementor-element elementor-element-k-germanisch-t1 elementor-widget elementor-widget-text-editor\" data-id=\"k-germanisch-t1\" data-element_type=\"widget\" data-e-type=\"widget\" data-widget_type=\"text-editor.default\">\n\t\t\t\t\t\t\t\t\t<p><strong>Per\u00edode:<\/strong> des de l&#8217;<span class=\"iwg-fachbegriff\" data-tooltip=\"\u00c8poca prehist\u00f2rica en qu\u00e8 el bronze era el metall m\u00e9s important per a estris.\" tabindex=\"0\">edat del bronze<\/span> (1500 aC) fins a la cristianitzaci\u00f3 (segles X-XII). Textos: la Snorra-Edda (1220), l&#8217;Edda po\u00e8tica.<\/p><p>Difusi\u00f3: Escandin\u00e0via, Germ\u00e0nia continental, illes brit\u00e0niques. Expansi\u00f3 a l&#8217;\u00e8poca v\u00edquinga fins a R\u00fassia i Am\u00e8rica del Nord.<\/p><p>Fonts: la Snorra-Edda, l&#8217;Edda po\u00e8tica, la poesia esc\u00e0ldica, Saxo Grammaticus, la Germania de T\u00e0cit, inscripcions r\u00faniques.<\/p><p><span class=\"iwg-fachbegriff\" data-tooltip=\"El conjunt de d\u00e9us d'una religi\u00f3 o cultura.\" tabindex=\"0\">Pante\u00f3<\/span> i classes d&#8217;\u00e9ssers: Ases (Odin, Thor, Frigg), Vanes (Freyr, Freyja), gigants, nans, elfs, nornes.<\/p>\t\t\t\t\t\t\t\t<\/div>\n\t\t\t\t<\/div>\n\t\t\t\t\t<\/div>\n\t\t\t\t<\/div>\n\t\t<div class=\"elementor-element elementor-element-x-germanisch-s100 e-con-boxed e-flex e-con e-parent\" data-id=\"x-germanisch-s100\" data-element_type=\"container\" data-e-type=\"container\">\n\t\t\t\t\t<div class=\"e-con-inner\">\n\t\t\t\t<div class=\"elementor-element elementor-element-x-germanisch-h100 elementor-widget elementor-widget-heading\" data-id=\"x-germanisch-h100\" data-element_type=\"widget\" data-e-type=\"widget\" data-widget_type=\"heading.default\">\n\t\t\t\t\t<h2 class=\"elementor-heading-title elementor-size-default\">Hist\u00f2ria i pante\u00f3<\/h2>\t\t\t\t<\/div>\n\t\t<div class=\"elementor-element elementor-element-aj11-inner-0004 e-con-full e-flex e-con e-child\" data-id=\"aj11-inner-0004\" data-element_type=\"container\" data-e-type=\"container\">\n\t\t\t\t<div class=\"elementor-element elementor-element-x-germanisch-t100 elementor-widget elementor-widget-text-editor\" data-id=\"x-germanisch-t100\" data-element_type=\"widget\" data-e-type=\"widget\" data-widget_type=\"text-editor.default\">\n\t\t\t\t\t\t\t\t\t<p>La religi\u00f3 germ\u00e0nica anterior a la cristianitzaci\u00f3 nom\u00e9s es coneix a trav\u00e9s de testimonis arqueol\u00f2gics, tradicions escrites tardanes (les Eddes) i fonts <span class=\"iwg-fachbegriff\" data-tooltip=\"\u00c8poca de la cultura grega i romana, aproximadament del 800 aC al 600 dC.\" tabindex=\"0\">antigues<\/span> (T\u00e0cit). El <span class=\"iwg-fachbegriff\" data-tooltip=\"El conjunt de d\u00e9us d'una religi\u00f3 o cultura.\" tabindex=\"0\">pante\u00f3<\/span> reconstru\u00eft es divideix en dues dinasties c\u00f2smiques: els Ases (d\u00e9us de l&#8217;ordre i la guerra, encap\u00e7alats per Odin i Thor) i els Vanes (d\u00e9us de la fertilitat i la <span class=\"iwg-fachbegriff\" data-tooltip=\"Pr\u00e0ctiques que pretenen influir en el curs dels esdeveniments mitjan\u00e7ant accions o f\u00f3rmules especials.\" tabindex=\"0\">m\u00e0gia<\/span>). Mitol\u00f2gicament, aix\u00f2 es recorda com una guerra anterior entre les dues dinasties.<\/p><p>L&#8217;estat c\u00f2smic final, el Ragnar\u00f6k, descriu la destrucci\u00f3 i el renaixement c\u00edclics del m\u00f3n. Les figures importants s\u00f3n Odin (saviesa, guerra, <span class=\"iwg-fachbegriff\" data-tooltip=\"Pr\u00e0ctiques que pretenen influir en el curs dels esdeveniments mitjan\u00e7ant accions o f\u00f3rmules especials.\" tabindex=\"0\">m\u00e0gia<\/span>), Thor (tro, ordre), Freyja (amor, guerra, <span class=\"iwg-fachbegriff\" data-tooltip=\"Pr\u00e0ctiques que pretenen influir en el curs dels esdeveniments mitjan\u00e7ant accions o f\u00f3rmules especials.\" tabindex=\"0\">m\u00e0gia<\/span>) i Loki (caos, transgressi\u00f3 de l\u00edmits).<\/p><p>Les fonts escrites provenen d&#8217;autors de l&#8217;\u00e8poca cristiana i, per tant, estan ideol\u00f2gicament esbiaixades; els ritus originals s&#8217;han perdut.<\/p>\t\t\t\t\t\t\t\t<\/div>\n\t\t\t\t<\/div>\n\t\t\t\t\t<\/div>\n\t\t\t\t<\/div>\n\t\t<div class=\"elementor-element elementor-element-x-germanisch-s101 e-con-boxed e-flex e-con e-parent\" data-id=\"x-germanisch-s101\" data-element_type=\"container\" data-e-type=\"container\">\n\t\t\t\t\t<div class=\"e-con-inner\">\n\t\t\t\t<div class=\"elementor-element elementor-element-x-germanisch-h101 elementor-widget elementor-widget-heading\" data-id=\"x-germanisch-h101\" data-element_type=\"widget\" data-e-type=\"widget\" data-widget_type=\"heading.default\">\n\t\t\t\t\t<h2 class=\"elementor-heading-title elementor-size-default\">Essers en la vida quotidiana<\/h2>\t\t\t\t<\/div>\n\t\t<div class=\"elementor-element elementor-element-aj11-inner-0005 e-con-full e-flex e-con e-child\" data-id=\"aj11-inner-0005\" data-element_type=\"container\" data-e-type=\"container\">\n\t\t\t\t<div class=\"elementor-element elementor-element-x-germanisch-t101 elementor-widget elementor-widget-text-editor\" data-id=\"x-germanisch-t101\" data-element_type=\"widget\" data-e-type=\"widget\" data-widget_type=\"text-editor.default\">\n\t\t\t\t\t\t\t\t\t<p>Les pr\u00e0ctiques reconstru\u00efbles inclouen rituals de sacrifici (bl\u00f3t), la divinaci\u00f3 per runes i accions rituals per a la collita i la guerra. Els boscos sagrats i les fonts eren centres de culte, els escaldes i sacerdots custodiaven el saber mitol\u00f2gic, i els rituals de protecci\u00f3 i l&#8217;escriptura r\u00fanica servien per a la defensa espiritual.<\/p><p>La cristianitzaci\u00f3, del segle VIII al XII, va despla\u00e7ar aquestes pr\u00e0ctiques, per\u00f2 van perviure en tradicions populars (la nit de Walpurgis, festes de maig) i en creences espirituals regionals. \u00c9ssers espirituals com els alfar (elfs) i les disir (esperits protectors) van romandre presents en la tradici\u00f3 popular, i les vidents (v\u00f6lvur) eren especialistes en el contacte amb els esperits.<\/p>\t\t\t\t\t\t\t\t<\/div>\n\t\t\t\t<\/div>\n\t\t\t\t\t<\/div>\n\t\t\t\t<\/div>\n\t\t<div class=\"elementor-element elementor-element-x-germanisch-s102 e-con-boxed e-flex e-con e-parent\" data-id=\"x-germanisch-s102\" data-element_type=\"container\" data-e-type=\"container\">\n\t\t\t\t\t<div class=\"e-con-inner\">\n\t\t\t\t<div class=\"elementor-element elementor-element-x-germanisch-h102 elementor-widget elementor-widget-heading\" data-id=\"x-germanisch-h102\" data-element_type=\"widget\" data-e-type=\"widget\" data-widget_type=\"heading.default\">\n\t\t\t\t\t<h2 class=\"elementor-heading-title elementor-size-default\">Significat actual<\/h2>\t\t\t\t<\/div>\n\t\t<div class=\"elementor-element elementor-element-aj11-inner-0006 e-con-full e-flex e-con e-child\" data-id=\"aj11-inner-0006\" data-element_type=\"container\" data-e-type=\"container\">\n\t\t\t\t<div class=\"elementor-element elementor-element-x-germanisch-t102 elementor-widget elementor-widget-text-editor\" data-id=\"x-germanisch-t102\" data-element_type=\"widget\" data-e-type=\"widget\" data-widget_type=\"text-editor.default\">\n\t\t\t\t\t\t\t\t\t<p>La religi\u00f3 germ\u00e0nica ja no existeix com a tradici\u00f3 viva. La seva reconstrucci\u00f3 arqueol\u00f2gica i liter\u00e0ria \u00e9s acad\u00e8micament rigorosa, per\u00f2 continua sent especulativa. El moviment modern de l&#8217;asatru intenta, des del segle XX, una revifada, per\u00f2 \u00e9s ideol\u00f2gicament heterogeni i ha estat apropiat per grups d&#8217;extrema dreta.<\/p><p>La cultura popular (Tolkien, el Thor de Marvel, videojocs) ha estetitzat la <span class=\"iwg-fachbegriff\" data-tooltip=\"El conjunt de les narracions m\u00edtiques transmeses d'una cultura.\" tabindex=\"0\">mitologia<\/span> n\u00f2rdica i l&#8217;ha fet accessible a la cultura de masses. Avui els mites serveixen com a met\u00e0fores per a temes psicol\u00f2gics i existencials, no com un sistema de creences viu.<\/p>\t\t\t\t\t\t\t\t<\/div>\n\t\t\t\t<\/div>\n\t\t\t\t\t<\/div>\n\t\t\t\t<\/div>\n\t\t<div class=\"elementor-element elementor-element-k-germanisch-s2 e-con-boxed e-flex e-con e-parent\" data-id=\"k-germanisch-s2\" data-element_type=\"container\" data-e-type=\"container\">\n\t\t\t\t\t<div class=\"e-con-inner\">\n\t\t\t\t<div class=\"elementor-element elementor-element-k-germanisch-h2 elementor-widget elementor-widget-heading\" data-id=\"k-germanisch-h2\" data-element_type=\"widget\" data-e-type=\"widget\" data-widget_type=\"heading.default\">\n\t\t\t\t\t<h2 class=\"elementor-heading-title elementor-size-default\">D\u00e9us (12)<\/h2>\t\t\t\t<\/div>\n\t\t<div class=\"elementor-element elementor-element-aj11-inner-0007 e-con-full e-flex e-con e-child\" data-id=\"aj11-inner-0007\" data-element_type=\"container\" data-e-type=\"container\">\n\t\t\t\t<div class=\"elementor-element elementor-element-k-germanisch-t2 elementor-widget elementor-widget-text-editor\" data-id=\"k-germanisch-t2\" data-element_type=\"widget\" data-e-type=\"widget\" data-widget_type=\"text-editor.default\">\n\t\t\t\t\t\t\t\t\t<div class=\"iwg-wesen-grid\"><a class=\"iwg-wesen-card\" href=\"https:\/\/iwell-guard.com\/ca\/freyja\/\" aria-label=\"Freyja\"><div class=\"iwg-wesen-card-imgwrap\"><img decoding=\"async\" src=\"https:\/\/iwell-guard.com\/wp-content\/uploads\/2026\/04\/goetter_germanisch_freyja-200x300.webp\" alt=\"Freyja\" loading=\"lazy\"><\/div><div class=\"iwg-wesen-card-body\"><div class=\"iwg-wesen-card-name\">Freyja<\/div><div class=\"iwg-wesen-card-arrow\">\u2192 A l&#039;\u00e9sser<\/div><\/div><\/a><a class=\"iwg-wesen-card\" href=\"https:\/\/iwell-guard.com\/ca\/frigg\/\" aria-label=\"Frigg\"><div class=\"iwg-wesen-card-imgwrap\"><img decoding=\"async\" src=\"https:\/\/iwell-guard.com\/wp-content\/uploads\/2026\/04\/goetter_germanisch_frigg-200x300.webp\" alt=\"Frigg\" loading=\"lazy\"><\/div><div class=\"iwg-wesen-card-body\"><div class=\"iwg-wesen-card-name\">Frigg<\/div><div class=\"iwg-wesen-card-arrow\">\u2192 A l&#039;\u00e9sser<\/div><\/div><\/a><a class=\"iwg-wesen-card\" href=\"https:\/\/iwell-guard.com\/ca\/hel\/\" aria-label=\"Hel\"><div class=\"iwg-wesen-card-imgwrap\"><img decoding=\"async\" src=\"https:\/\/iwell-guard.com\/wp-content\/uploads\/2026\/04\/goetter_germanisch_hel-200x300.webp\" alt=\"Hel\" loading=\"lazy\"><\/div><div class=\"iwg-wesen-card-body\"><div class=\"iwg-wesen-card-name\">Hel<\/div><div class=\"iwg-wesen-card-arrow\">\u2192 A l&#039;\u00e9sser<\/div><\/div><\/a><a class=\"iwg-wesen-card\" href=\"https:\/\/iwell-guard.com\/ca\/loki\/\" aria-label=\"Loki\"><div class=\"iwg-wesen-card-imgwrap\"><img decoding=\"async\" src=\"https:\/\/iwell-guard.com\/wp-content\/uploads\/2026\/04\/goetter_germanisch_loki-200x300.webp\" alt=\"Loki\" loading=\"lazy\"><\/div><div class=\"iwg-wesen-card-body\"><div class=\"iwg-wesen-card-name\">Loki<\/div><div class=\"iwg-wesen-card-arrow\">\u2192 A l&#039;\u00e9sser<\/div><\/div><\/a><a class=\"iwg-wesen-card\" href=\"https:\/\/iwell-guard.com\/ca\/odin\/\" aria-label=\"Odin\"><div class=\"iwg-wesen-card-imgwrap\"><img decoding=\"async\" src=\"https:\/\/iwell-guard.com\/wp-content\/uploads\/2026\/04\/goetter_germanisch_odin-200x300.webp\" alt=\"Odin\" loading=\"lazy\"><\/div><div class=\"iwg-wesen-card-body\"><div class=\"iwg-wesen-card-name\">Odin<\/div><div class=\"iwg-wesen-card-arrow\">\u2192 A l&#039;\u00e9sser<\/div><\/div><\/a><a class=\"iwg-wesen-card\" href=\"https:\/\/iwell-guard.com\/ca\/thor\/\" aria-label=\"Thor\"><div class=\"iwg-wesen-card-imgwrap\"><img decoding=\"async\" src=\"https:\/\/iwell-guard.com\/wp-content\/uploads\/2026\/04\/goetter_germanisch_thor-200x300.webp\" alt=\"Thor\" loading=\"lazy\"><\/div><div class=\"iwg-wesen-card-body\"><div class=\"iwg-wesen-card-name\">Thor<\/div><div class=\"iwg-wesen-card-arrow\">\u2192 A l&#039;\u00e9sser<\/div><\/div><\/a><a class=\"iwg-wesen-card\" href=\"https:\/\/iwell-guard.com\/ca\/tyr\/\" aria-label=\"Tyr\"><div class=\"iwg-wesen-card-imgwrap\"><img decoding=\"async\" src=\"https:\/\/iwell-guard.com\/wp-content\/uploads\/2026\/05\/goetter_germanisch_tyr-1-200x300.webp\" alt=\"Tyr\" loading=\"lazy\"><\/div><div class=\"iwg-wesen-card-body\"><div class=\"iwg-wesen-card-name\">Tyr<\/div><div class=\"iwg-wesen-card-arrow\">\u2192 A l&#039;\u00e9sser<\/div><\/div><\/a><a class=\"iwg-wesen-card\" href=\"https:\/\/iwell-guard.com\/ca\/heimdall\/\" aria-label=\"Heimdall\"><div class=\"iwg-wesen-card-imgwrap\"><img decoding=\"async\" src=\"https:\/\/iwell-guard.com\/wp-content\/uploads\/2026\/05\/goetter_germanisch_heimdall-200x300.webp\" alt=\"Heimdall\" loading=\"lazy\"><\/div><div class=\"iwg-wesen-card-body\"><div class=\"iwg-wesen-card-name\">Heimdall<\/div><div class=\"iwg-wesen-card-arrow\">\u2192 A l&#039;\u00e9sser<\/div><\/div><\/a><a class=\"iwg-wesen-card\" href=\"https:\/\/iwell-guard.com\/ca\/baldur\/\" aria-label=\"Baldur\"><div class=\"iwg-wesen-card-imgwrap\"><img decoding=\"async\" src=\"https:\/\/iwell-guard.com\/wp-content\/uploads\/2026\/05\/goetter_germanisch_baldur-200x300.webp\" alt=\"Baldur\" loading=\"lazy\"><\/div><div class=\"iwg-wesen-card-body\"><div class=\"iwg-wesen-card-name\">Baldur<\/div><div class=\"iwg-wesen-card-arrow\">\u2192 A l&#039;\u00e9sser<\/div><\/div><\/a><a class=\"iwg-wesen-card\" href=\"https:\/\/iwell-guard.com\/ca\/idun\/\" aria-label=\"Idun\"><div class=\"iwg-wesen-card-imgwrap\"><img decoding=\"async\" src=\"https:\/\/iwell-guard.com\/wp-content\/uploads\/2026\/05\/goetter_germanisch_idun-200x300.webp\" alt=\"Idun\" loading=\"lazy\"><\/div><div class=\"iwg-wesen-card-body\"><div class=\"iwg-wesen-card-name\">Idun<\/div><div class=\"iwg-wesen-card-arrow\">\u2192 A l&#039;\u00e9sser<\/div><\/div><\/a><a class=\"iwg-wesen-card\" href=\"https:\/\/iwell-guard.com\/ca\/njord\/\" aria-label=\"Njord\"><div class=\"iwg-wesen-card-imgwrap\"><img decoding=\"async\" src=\"https:\/\/iwell-guard.com\/wp-content\/uploads\/2026\/05\/goetter_germanisch_njord-200x300.webp\" alt=\"Njord\" loading=\"lazy\"><\/div><div class=\"iwg-wesen-card-body\"><div class=\"iwg-wesen-card-name\">Njord<\/div><div class=\"iwg-wesen-card-arrow\">\u2192 A l&#039;\u00e9sser<\/div><\/div><\/a><a class=\"iwg-wesen-card\" href=\"https:\/\/iwell-guard.com\/ca\/freyr\/\" aria-label=\"Freyr\"><div class=\"iwg-wesen-card-imgwrap\"><img decoding=\"async\" src=\"https:\/\/iwell-guard.com\/wp-content\/uploads\/2026\/05\/goetter_germanisch_freyr-200x300.webp\" alt=\"Freyr\" loading=\"lazy\"><\/div><div class=\"iwg-wesen-card-body\"><div class=\"iwg-wesen-card-name\">Freyr<\/div><div class=\"iwg-wesen-card-arrow\">\u2192 A l&#039;\u00e9sser<\/div><\/div><\/a><\/div>\t\t\t\t\t\t\t\t<\/div>\n\t\t\t\t<\/div>\n\t\t\t\t\t<\/div>\n\t\t\t\t<\/div>\n\t\t<div class=\"elementor-element elementor-element-k-germanisch-s3 e-con-boxed e-flex e-con e-parent\" data-id=\"k-germanisch-s3\" data-element_type=\"container\" data-e-type=\"container\">\n\t\t\t\t\t<div class=\"e-con-inner\">\n\t\t\t\t<div class=\"elementor-element elementor-element-k-germanisch-h3 elementor-widget elementor-widget-heading\" data-id=\"k-germanisch-h3\" data-element_type=\"widget\" data-e-type=\"widget\" data-widget_type=\"heading.default\">\n\t\t\t\t\t<h2 class=\"elementor-heading-title elementor-size-default\">Esperits (6)<\/h2>\t\t\t\t<\/div>\n\t\t<div class=\"elementor-element elementor-element-aj11-inner-0008 e-con-full e-flex e-con e-child\" data-id=\"aj11-inner-0008\" data-element_type=\"container\" data-e-type=\"container\">\n\t\t\t\t<div class=\"elementor-element elementor-element-k-germanisch-t3 elementor-widget elementor-widget-text-editor\" data-id=\"k-germanisch-t3\" data-element_type=\"widget\" data-e-type=\"widget\" data-widget_type=\"text-editor.default\">\n\t\t\t\t\t\t\t\t\t<div class=\"iwg-wesen-grid\"><a class=\"iwg-wesen-card\" href=\"https:\/\/iwell-guard.com\/ca\/alp\/\" aria-label=\"Alp\"><div class=\"iwg-wesen-card-imgwrap\"><img decoding=\"async\" src=\"https:\/\/iwell-guard.com\/wp-content\/uploads\/2026\/04\/geister_germanisch_alp-200x300.webp\" alt=\"Alp\" loading=\"lazy\"><\/div><div class=\"iwg-wesen-card-body\"><div class=\"iwg-wesen-card-name\">Alp<\/div><div class=\"iwg-wesen-card-arrow\">\u2192 A l&#039;\u00e9sser<\/div><\/div><\/a><a class=\"iwg-wesen-card\" href=\"https:\/\/iwell-guard.com\/ca\/draugr\/\" aria-label=\"Draugr\"><div class=\"iwg-wesen-card-imgwrap\"><img decoding=\"async\" src=\"https:\/\/iwell-guard.com\/wp-content\/uploads\/2026\/04\/geister_germanisch_draugr-200x300.webp\" alt=\"Draugr\" loading=\"lazy\"><\/div><div class=\"iwg-wesen-card-body\"><div class=\"iwg-wesen-card-name\">Draugr<\/div><div class=\"iwg-wesen-card-arrow\">\u2192 A l&#039;\u00e9sser<\/div><\/div><\/a><a class=\"iwg-wesen-card\" href=\"https:\/\/iwell-guard.com\/ca\/mahr\/\" aria-label=\"Mahr\"><div class=\"iwg-wesen-card-imgwrap\"><img decoding=\"async\" src=\"https:\/\/iwell-guard.com\/wp-content\/uploads\/2026\/04\/geister_germanisch_mahr-200x300.webp\" alt=\"Mahr\" loading=\"lazy\"><\/div><div class=\"iwg-wesen-card-body\"><div class=\"iwg-wesen-card-name\">Mahr<\/div><div class=\"iwg-wesen-card-arrow\">\u2192 A l&#039;\u00e9sser<\/div><\/div><\/a><a class=\"iwg-wesen-card\" href=\"https:\/\/iwell-guard.com\/ca\/nix\/\" aria-label=\"Nix\"><div class=\"iwg-wesen-card-imgwrap\"><img decoding=\"async\" src=\"https:\/\/iwell-guard.com\/wp-content\/uploads\/2026\/04\/geister_germanisch_nix-200x300.webp\" alt=\"Nix\" loading=\"lazy\"><\/div><div class=\"iwg-wesen-card-body\"><div class=\"iwg-wesen-card-name\">Nix<\/div><div class=\"iwg-wesen-card-arrow\">\u2192 A l&#039;\u00e9sser<\/div><\/div><\/a><a class=\"iwg-wesen-card\" href=\"https:\/\/iwell-guard.com\/ca\/troll\/\" aria-label=\"Troll\"><div class=\"iwg-wesen-card-imgwrap\"><img decoding=\"async\" src=\"https:\/\/iwell-guard.com\/wp-content\/uploads\/2026\/04\/geister_germanisch_troll-200x300.webp\" alt=\"Troll\" loading=\"lazy\"><\/div><div class=\"iwg-wesen-card-body\"><div class=\"iwg-wesen-card-name\">Troll<\/div><div class=\"iwg-wesen-card-arrow\">\u2192 A l&#039;\u00e9sser<\/div><\/div><\/a><a class=\"iwg-wesen-card\" href=\"https:\/\/iwell-guard.com\/ca\/ragnarok-fi-del-mon-mitologia-nordica\/\" aria-label=\"Ragnar\u00f6k \u2013 la fi del m\u00f3n en la mitologia n\u00f2rdica\"><div class=\"iwg-wesen-card-imgwrap\"><img decoding=\"async\" src=\"https:\/\/iwell-guard.com\/wp-content\/uploads\/2026\/05\/phaenomene_germanisch_ragnaroek-200x300.webp\" alt=\"Ragnar\u00f6k \u2013 la fi del m\u00f3n en la mitologia n\u00f2rdica\" loading=\"lazy\"><\/div><div class=\"iwg-wesen-card-body\"><div class=\"iwg-wesen-card-name\">Ragnar\u00f6k \u2013 la fi del m\u00f3n en la mitologia n\u00f2rdica<\/div><div class=\"iwg-wesen-card-arrow\">\u2192 A l&#039;\u00e9sser<\/div><\/div><\/a><\/div>\t\t\t\t\t\t\t\t<\/div>\n\t\t\t\t<\/div>\n\t\t\t\t\t<\/div>\n\t\t\t\t<\/div>\n\t\t<div class=\"elementor-element elementor-element-x-germanisch-s-faq e-con-boxed e-flex e-con e-parent\" data-id=\"x-germanisch-s-faq\" data-element_type=\"container\" data-e-type=\"container\">\n\t\t\t\t\t<div class=\"e-con-inner\">\n\t\t\t\t<div class=\"elementor-element elementor-element-x-germanisch-h-faq elementor-widget elementor-widget-heading\" data-id=\"x-germanisch-h-faq\" data-element_type=\"widget\" data-e-type=\"widget\" data-widget_type=\"heading.default\">\n\t\t\t\t\t<h2 class=\"elementor-heading-title elementor-size-default\">Preguntes freq\u00fcents sobre els d\u00e9us n\u00f2rdics<\/h2>\t\t\t\t<\/div>\n\t\t<div class=\"elementor-element elementor-element-aj11-inner-0006 e-con-full e-flex e-con e-child\" data-id=\"aj11-inner-0006\" data-element_type=\"container\" data-e-type=\"container\">\n\t\t\t\t<div class=\"elementor-element elementor-element-x-germanisch-t-faq elementor-widget elementor-widget-text-editor\" data-id=\"x-germanisch-t-faq\" data-element_type=\"widget\" data-e-type=\"widget\" data-widget_type=\"text-editor.default\">\n\t\t\t\t\t\t\t\t\t<h3>Quants d\u00e9us n\u00f2rdics hi ha?<\/h3>\n<p>El <span class=\"iwg-fachbegriff\" data-tooltip=\"El conjunt dels d\u00e9us d'una religi\u00f3 o cultura.\" tabindex=\"0\">pante\u00f3<\/span> n\u00f2rdic compr\u00e8n dos llinatges de d\u00e9us: els Ases (Aesir), amb uns 13 d\u00e9us principals (Odin, Thor, Tyr, Heimdall, Baldur, Bragi, Forseti, Hodur, Vidar, Vali, Ull, entre altres), i els Vanes (Vanir), amb Nj\u00f6rd, Freyr i Freyja com a figures centrals.<\/p><p>S&#8217;hi afegeixen les deesses Ases (Frigg, Idun, Sif, Skadi, Saga) i innombrables \u00e9ssers de la natura, gegants, nans, elfs i valqu\u00edries. En total, l&#8217;Edda esmenta uns 50 a 60 d\u00e9us i deesses amb nom propi.<\/p>\n<h3>Qui \u00e9s el d\u00e9u n\u00f2rdic suprem?<\/h3>\n<p>Odin (tamb\u00e9 Wodan o Woden) \u00e9s el d\u00e9u principal del pante\u00f3 dels Ases, d\u00e9u de la saviesa, de la poesia, de la <span class=\"iwg-fachbegriff\" data-tooltip=\"Pr\u00e0ctiques que pretenen intervenir en el curs dels esdeveniments mitjan\u00e7ant accions o f\u00f3rmules especials.\" tabindex=\"0\">m\u00e0gia<\/span>, de la guerra i dels morts. Va donar el seu ull per un glop de la font de Mimir i va penjar nou dies de l&#8217;arbre del m\u00f3n Yggdrasil per obtenir les runes.<\/p><p>Thor \u00e9s el seu fill i, en la creen\u00e7a popular, sobretot entre pagesos i navegants, \u00e9s m\u00e9s estimat, per\u00f2 Odin conserva la primacia c\u00f2smica.<\/p>\n<h3>Qu\u00e8 diferencia els Ases dels Vanes?<\/h3>\n<p>Els Ases i els Vanes s\u00f3n dos llinatges de d\u00e9us. Els Ases (Odin, Thor, Tyr, Heimdall, Baldur) representen la guerra, el dret, la reialesa i el dest\u00ed; els Vanes (Nj\u00f6rd, Freyr, Freyja), la fertilitat, la pau i la riquesa.<\/p><p>Despr\u00e9s de la guerra entre Ases i Vanes, ambd\u00f3s llinatges es van intercanviar ostatges, i Nj\u00f6rd, Freyr i Freyja van passar als Ases. Des del punt de vista de la ci\u00e8ncia de la religi\u00f3, aquesta separaci\u00f3 es considera un record de la fusi\u00f3 de dues capes religioses pregerm\u00e0niques.<\/p>\n<h3>Qu\u00e8 \u00e9s Ragnar\u00f6k i quan es produeix?<\/h3>\n<p>Ragnar\u00f6k \u00e9s el capvespre dels d\u00e9us, la fi de l&#8217;ordre actual del m\u00f3n. Els seus senyals s\u00f3n tres hiverns sense estiu (Fimbulwinter), la guerra fratricida i la decad\u00e8ncia de l&#8217;ordre moral.<\/p><p>Durant el Ragnar\u00f6k, Loki es deslliga de les seves cadenes, el llop Fenrir devora Odin, Thor mata la serp de Midgard i mor pel seu ver\u00ed, Freyr cau davant Surt, i Heimdall fa sonar el corn Gjallarhorn. Despr\u00e9s de la cat\u00e0strofe, s&#8217;al\u00e7a un m\u00f3n nou i purificat amb el retorn de Baldur.<\/p>\n<h3>Qu\u00e8 \u00e9s Yggdrasil?<\/h3>\n<p>Yggdrasil \u00e9s l&#8217;arbre del m\u00f3n, un freixe sempre verd que sost\u00e9 l&#8217;univers. Tres arrels arriben fins a Asgard (fins als d\u00e9us), fins a J\u00f6tunheim (fins als gegants) i fins a Niflheim (fins al m\u00f3n inferior de Hel); al costat d&#8217;elles hi ha les tres fonts Urd (el dest\u00ed), Mimir (la saviesa) i Hvergelmir (la font primig\u00e8nia).<\/p><p>El tronc connecta els nou mons. L&#8217;esquirol Ratat\u00f6skr corre entre l&#8217;\u00e0guila de la copa i el drac Nidh\u00f6gg de l&#8217;arrel, i porta insults d&#8217;un cap a l&#8217;altre.<\/p>\n<h3>Quin dia de la setmana est\u00e0 <span class=\"iwg-fachbegriff\" data-tooltip=\"Cedit al sagrat mitjan\u00e7ant un acte religi\u00f3s i, per tant, separat de l'\u00e0mbit quotidi\u00e0.\" tabindex=\"0\">dedicat<\/span> a quin d\u00e9u n\u00f2rdic?<\/h3>\n<p>Els dies de la setmana germ\u00e0nics reflecteixen el <span class=\"iwg-fachbegriff\" data-tooltip=\"El conjunt dels d\u00e9us d'una religi\u00f3 o cultura.\" tabindex=\"0\">pante\u00f3<\/span>: el dimarts (en angl\u00e8s Tuesday) correspon a Tyr (Tiwaz, Tiu), el dimecres (Wednesday) a Odin\/Wodan, cosa que en angl\u00e8s es reconeix directament com \u00abWoden&#8217;s day\u00bb.<\/p><p>El dijous (Thursday) \u00e9s el dia de Thor; el nom alemany mostra Donar, una forma m\u00e9s antiga de Thor. El divendres (Friday) pertany a Freyja o a Frigg, cosa que encara es debat en la recerca. Aquests noms dels dies van substituir la setmana planet\u00e0ria romana en l&#8217;\u00e0mbit germ\u00e0nic.<\/p>\n<script type=\"application\/ld+json\">{\"@context\": \"https:\/\/schema.org\", \"@type\": \"FAQPage\", \"mainEntity\": [{\"@type\": \"Question\", \"name\": \"Quants d\u00e9us n\u00f2rdics hi ha?\", \"acceptedAnswer\": {\"@type\": \"Answer\", \"text\": \"El pante\u00f3 n\u00f2rdic compr\u00e8n dos llinatges de d\u00e9us: els Ases (Aesir), amb uns 13 d\u00e9us principals (Odin, Thor, Tyr, Heimdall, Baldur, Bragi, Forseti, Hodur, Vidar, Vali, Ull, entre altres), i els Vanes (Vanir), amb Nj\u00f6rd, Freyr i Freyja com a figures centrals. S'hi afegeixen les deesses Ases (Frigg, Idun, Sif, Skadi, Saga) i innombrables \u00e9ssers de la natura, gegants, nans, elfs i valqu\u00edries. En total, l'Edda esmenta uns 50 a 60 d\u00e9us i deesses amb nom propi.\"}}, {\"@type\": \"Question\", \"name\": \"Qui \u00e9s el d\u00e9u n\u00f2rdic suprem?\", \"acceptedAnswer\": {\"@type\": \"Answer\", \"text\": \"Odin (tamb\u00e9 Wodan o Woden) \u00e9s el d\u00e9u principal del pante\u00f3 dels Ases, d\u00e9u de la saviesa, de la poesia, de la m\u00e0gia, de la guerra i dels morts. Va donar el seu ull per un glop de la font de Mimir i va penjar nou dies de l'arbre del m\u00f3n Yggdrasil per obtenir les runes. Thor \u00e9s el seu fill i, en la creen\u00e7a popular, sobretot entre pagesos i navegants, \u00e9s m\u00e9s estimat, per\u00f2 Odin conserva la primacia c\u00f2smica.\"}}, {\"@type\": \"Question\", \"name\": \"Qu\u00e8 diferencia els Ases dels Vanes?\", \"acceptedAnswer\": {\"@type\": \"Answer\", \"text\": \"Els Ases i els Vanes s\u00f3n dos llinatges de d\u00e9us. Els Ases (Odin, Thor, Tyr, Heimdall, Baldur) representen la guerra, el dret, la reialesa i el dest\u00ed; els Vanes (Nj\u00f6rd, Freyr, Freyja), la fertilitat, la pau i la riquesa. Despr\u00e9s de la guerra entre Ases i Vanes, ambd\u00f3s llinatges es van intercanviar ostatges, i Nj\u00f6rd, Freyr i Freyja van passar als Ases. Cient\u00edficament, aquesta separaci\u00f3 es considera un record de la fusi\u00f3 de dues capes religioses pregerm\u00e0niques.\"}}, {\"@type\": \"Question\", \"name\": \"Qu\u00e8 \u00e9s Ragnar\u00f6k i quan es produeix?\", \"acceptedAnswer\": {\"@type\": \"Answer\", \"text\": \"Ragnar\u00f6k \u00e9s el capvespre dels d\u00e9us, la fi de l'ordre actual del m\u00f3n. Els seus senyals s\u00f3n tres hiverns sense estiu (Fimbulwinter), la guerra fratricida i la decad\u00e8ncia de l'ordre moral. Durant el Ragnar\u00f6k, Loki es deslliga de les seves cadenes, el llop Fenrir devora Odin, Thor mata la serp de Midgard i mor pel seu ver\u00ed, Freyr cau davant Surt, i Heimdall fa sonar el corn Gjallarhorn. Despr\u00e9s de la cat\u00e0strofe, s'al\u00e7a un m\u00f3n nou i purificat amb el retorn de Baldur.\"}}, {\"@type\": \"Question\", \"name\": \"Qu\u00e8 \u00e9s Yggdrasil?\", \"acceptedAnswer\": {\"@type\": \"Answer\", \"text\": \"Yggdrasil \u00e9s l'arbre del m\u00f3n, un freixe sempre verd que sost\u00e9 l'univers. Tres arrels arriben fins a Asgard (fins als d\u00e9us), fins a J\u00f6tunheim (fins als gegants) i fins a Niflheim (fins al m\u00f3n inferior de Hel); al costat d'elles hi ha les tres fonts Urd (el dest\u00ed), Mimir (la saviesa) i Hvergelmir (la font primig\u00e8nia). El tronc connecta els nou mons. L'esquirol Ratat\u00f6skr corre entre l'\u00e0guila de la copa i el drac Nidh\u00f6gg de l'arrel, i porta insults d'un cap a l'altre.\"}}, {\"@type\": \"Question\", \"name\": \"Quin dia de la setmana est\u00e0 dedicat a quin d\u00e9u n\u00f2rdic?\", \"acceptedAnswer\": {\"@type\": \"Answer\", \"text\": \"Els dies de la setmana germ\u00e0nics reflecteixen el pante\u00f3: el dimarts (en angl\u00e8s Tuesday) correspon a Tyr (Tiwaz, Tiu), el dimecres (Wednesday) a Odin\/Wodan, cosa que en angl\u00e8s es reconeix directament com \u201eWoden's day\\\". El dijous (Thursday) \u00e9s el dia de Thor; el nom alemany mostra Donar, una forma m\u00e9s antiga de Thor. El divendres (Friday) pertany a Freyja o a Frigg, cosa que encara es debat en la recerca. Aquests noms dels dies van substituir la setmana planet\u00e0ria romana en l'\u00e0mbit germ\u00e0nic.\"}}]}<\/script>\t\t\t\t\t\t\t\t<\/div>\n\t\t\t\t<\/div>\n\t\t\t\t\t<\/div>\n\t\t\t\t<\/div>\n\t\t<div class=\"elementor-element elementor-element-9f85551 e-con-boxed e-flex e-con e-parent\" data-id=\"9f85551\" data-element_type=\"container\" data-e-type=\"container\">\n\t\t\t\t\t<div class=\"e-con-inner\">\n\t\t\t\t<div class=\"elementor-element elementor-element-72d1854 elementor-widget elementor-widget-heading\" data-id=\"72d1854\" data-element_type=\"widget\" data-e-type=\"widget\" data-widget_type=\"heading.default\">\n\t\t\t\t\t<h2 class=\"elementor-heading-title elementor-size-default\">Aprofundiment<\/h2>\t\t\t\t<\/div>\n\t\t\t\t<div class=\"elementor-element elementor-element-1421b68 elementor-widget elementor-widget-heading\" data-id=\"1421b68\" data-element_type=\"widget\" data-e-type=\"widget\" data-widget_type=\"heading.default\">\n\t\t\t\t\t<h3 class=\"elementor-heading-title elementor-size-default\">Problem\u00e0tica de les fonts<\/h3>\t\t\t\t<\/div>\n\t\t<div class=\"elementor-element elementor-element-aj11-inner-0009 e-con-full e-flex e-con e-child\" data-id=\"aj11-inner-0009\" data-element_type=\"container\" data-e-type=\"container\">\n\t\t\t\t<div class=\"elementor-element elementor-element-1faa1dd elementor-widget elementor-widget-text-editor\" data-id=\"1faa1dd\" data-element_type=\"widget\" data-e-type=\"widget\" data-widget_type=\"text-editor.default\">\n\t\t\t\t\t\t\t\t\t<p>La religi\u00f3 germ\u00e0nica ens ha arribat molt pitjor documentada que la grega o la mesopot\u00e0mica. Les fonts principals, la Edda en prosa de Snorri Sturluson i la Edda po\u00e8tica an\u00f2nima, es van redactar al segle XIII a Isl\u00e0ndia, \u00e9s a dir, segles despr\u00e9s de la cristianitzaci\u00f3.<\/p><p>A aix\u00f2 s&#8217;hi afegeixen la Germania de T\u00e0cit, les sagues islandeses i les troballes arqueol\u00f2giques. La tradici\u00f3 germ\u00e0nica continental ens \u00e9s coneguda gaireb\u00e9 exclusivament de segona m\u00e0.<\/p>\t\t\t\t\t\t\t\t<\/div>\n\t\t\t\t<\/div>\n\t\t\t\t<div class=\"elementor-element elementor-element-4f78a30 elementor-widget elementor-widget-heading\" data-id=\"4f78a30\" data-element_type=\"widget\" data-e-type=\"widget\" data-widget_type=\"heading.default\">\n\t\t\t\t\t<h3 class=\"elementor-heading-title elementor-size-default\">Ansir, vanir i gegants<\/h3>\t\t\t\t<\/div>\n\t\t<div class=\"elementor-element elementor-element-bw-90dac6c-19472f9 e-flex e-con-boxed e-con e-parent\" data-id=\"bw-90dac6c-19472f9\" data-element_type=\"container\" data-e-type=\"container\" data-settings=\"{&quot;background_background&quot;:&quot;classic&quot;}\">\n\t\t\t\t\t<div class=\"e-con-inner\">\n\t\t\t\t<div class=\"elementor-element elementor-element-90dac6c elementor-widget elementor-widget-text-editor\" data-id=\"90dac6c\" data-element_type=\"widget\" data-e-type=\"widget\" data-widget_type=\"text-editor.default\">\n\t\t\t\t\t\t\t\t\t<p>El <span class=\"iwg-fachbegriff\" data-tooltip=\"El conjunt dels d\u00e9us d'una religi\u00f3 o cultura.\" tabindex=\"0\">pante\u00f3<\/span> germ\u00e0nic coneix dos llinatges de d\u00e9us: els ansir (Odin, Thor, Tyr, Frigg, Loki) i els vanir, m\u00e9s antics i vinculats a la fertilitat (Nj\u00f6rd, Freyr, Freyja).<\/p><p>Tots dos van lliurar una guerra que va acabar amb un intercanvi d&#8217;ostatges, un mitologema que reflecteix la fusi\u00f3 hist\u00f2rica de dues capes cultuals. A m\u00e9s, hi ha els gegants (J\u00f6tunn) com a pot\u00e8ncies c\u00f2smiques primig\u00e8nies.<\/p>\t\t\t\t\t\t\t\t<\/div>\n\t\t\t\t\t<\/div>\n\t\t\t\t<\/div>\n\t\t\t\t<div class=\"elementor-element elementor-element-7034308 elementor-widget elementor-widget-heading\" data-id=\"7034308\" data-element_type=\"widget\" data-e-type=\"widget\" data-widget_type=\"heading.default\">\n\t\t\t\t\t<h3 class=\"elementor-heading-title elementor-size-default\">Ragnar\u00f6k i el temps c\u00edclic<\/h3>\t\t\t\t<\/div>\n\t\t<div class=\"elementor-element elementor-element-bw-4c66308-86a31f7 e-flex e-con-boxed e-con e-parent\" data-id=\"bw-4c66308-86a31f7\" data-element_type=\"container\" data-e-type=\"container\" data-settings=\"{&quot;background_background&quot;:&quot;classic&quot;}\">\n\t\t\t\t\t<div class=\"e-con-inner\">\n\t\t\t\t<div class=\"elementor-element elementor-element-4c66308 elementor-widget elementor-widget-text-editor\" data-id=\"4c66308\" data-element_type=\"widget\" data-e-type=\"widget\" data-widget_type=\"text-editor.default\">\n\t\t\t\t\t\t\t\t\t<p>A difer\u00e8ncia de la majoria de mitologies antigues, la tradici\u00f3 germ\u00e0nica coneix un final clar: el Ragnar\u00f6k, el dest\u00ed dels d\u00e9us. La V\u00f6lusp\u00e1 descriu detalladament el combat final, en el qual Thor mor lluitant contra la serp de Midgard i Odin \u00e9s devorat per les fauces del llop Fenrir.<\/p><p>Tot i aix\u00ed, despr\u00e9s en sorgeix una nova terra del mar, i alguns d\u00e9us tornen.<\/p>\t\t\t\t\t\t\t\t<\/div>\n\t\t\t\t\t<\/div>\n\t\t\t\t<\/div>\n\t\t\t\t<div class=\"elementor-element elementor-element-5a0ae0b elementor-widget elementor-widget-heading\" data-id=\"5a0ae0b\" data-element_type=\"widget\" data-e-type=\"widget\" data-widget_type=\"heading.default\">\n\t\t\t\t\t<h3 class=\"elementor-heading-title elementor-size-default\">Pr\u00e0ctica m\u00e0gica i runes<\/h3>\t\t\t\t<\/div>\n\t\t<div class=\"elementor-element elementor-element-bw-874aa76-27ff3bf e-flex e-con-boxed e-con e-parent\" data-id=\"bw-874aa76-27ff3bf\" data-element_type=\"container\" data-e-type=\"container\" data-settings=\"{&quot;background_background&quot;:&quot;classic&quot;}\">\n\t\t\t\t\t<div class=\"e-con-inner\">\n\t\t\t\t<div class=\"elementor-element elementor-element-874aa76 elementor-widget elementor-widget-text-editor\" data-id=\"874aa76\" data-element_type=\"widget\" data-e-type=\"widget\" data-widget_type=\"text-editor.default\">\n\t\t\t\t\t\t\t\t\t<p>Les runes, el <span class=\"iwg-fachbegriff\" data-tooltip=\"L'ordre de l'alfabet r\u00fanic germ\u00e0nic, anomenat aix\u00ed a partir dels seus primers signes.\" tabindex=\"0\">futhark<\/span> antic, el m\u00e9s recent i l&#8217;anglosax\u00f3, eren m\u00e9s que un sistema d&#8217;escriptura. Les inscripcions en armes, amulets i l\u00e0pides mostren el seu \u00fas ritual, i el sacrifici d&#8217;Odin al si de l&#8217;arbre del m\u00f3n Yggdrasil es considera la justificaci\u00f3 mitol\u00f2gica de la m\u00e0gia r\u00fanica.<\/p><p>Les fonts esmenten tamb\u00e9 el galdr (encanteri cantat) i el sei\u00f0r, una pr\u00e0ctica de tr\u00e0ngol xam\u00e0nica.<\/p><h3>Estat de la investigaci\u00f3<\/h3><p>La religi\u00f3 germ\u00e0nica \u00e9s metodol\u00f2gicament dif\u00edcil d&#8217;estudiar, perqu\u00e8 una gran part de les fonts, com la Snorra-Edda i la Gylfaginning, es van redactar al segle XIII en una Isl\u00e0ndia ja cristianitzada.<\/p><p>Les obres de refer\u00e8ncia s\u00f3n Hilda Ellis Davidson (<em>Gods and Myths of Northern Europe<\/em>, 1964), Rudolf Simek (<em>Lexikon der germanischen <span class=\"iwg-fachbegriff\" data-tooltip=\"El conjunt de relats m\u00edtics transmesos d'una cultura sobre els seus d\u00e9us.\" tabindex=\"0\">mitologia<\/span><\/em>, 1995) i Anders Hultg\u00e5rd, amb diverses contribucions a la hist\u00f2ria de la religi\u00f3 indoeuropea.<\/p>\t\t\t\t\t\t\t\t<\/div>\n\t\t\t\t\t<\/div>\n\t\t\t\t<\/div>\n\t\t\t\t\t<\/div>\n\t\t\t\t<\/div>\n\t\t<div class=\"elementor-element elementor-element-iwgcc-germanis-sec e-flex e-con-boxed e-con e-parent\" data-id=\"iwgcc-germanis-sec\" data-element_type=\"container\" data-e-type=\"container\" id=\"iwg-cc-germanisch\">\n\t\t\t\t\t<div class=\"e-con-inner\">\n\t\t<div class=\"elementor-element elementor-element-iwgcc-germanis-inner e-flex e-con-boxed e-con e-parent\" data-id=\"iwgcc-germanis-inner\" data-element_type=\"container\" data-e-type=\"container\" data-settings=\"{&quot;background_background&quot;:&quot;classic&quot;}\">\n\t\t\t\t\t<div class=\"e-con-inner\">\n\t\t\t\t<div class=\"elementor-element elementor-element-iwgcc-germanis-h elementor-widget elementor-widget-heading\" data-id=\"iwgcc-germanis-h\" data-element_type=\"widget\" data-e-type=\"widget\" data-widget_type=\"heading.default\">\n\t\t\t\t\t<h2 class=\"elementor-heading-title elementor-size-default\">Objectes de protecci\u00f3 d'aquesta tradici\u00f3 cultural<\/h2>\t\t\t\t<\/div>\n\t\t\t\t<div class=\"elementor-element elementor-element-iwgcc-germanis-t elementor-widget elementor-widget-text-editor\" data-id=\"iwgcc-germanis-t\" data-element_type=\"widget\" data-e-type=\"widget\" data-widget_type=\"text-editor.default\">\n\t\t\t\t\t\t\t\t\t<div data-nosnippet=\"true\"><p>En la tradici\u00f3 germ\u00e0nico-n\u00f2rdica, els penjolls del martell de Thor (Mj\u00f6lnir) i les pedres r\u00faniques eren els signes de protecci\u00f3 port\u00e0tils m\u00e9s habituals.<\/p><div data-nosnippet=\"true\"><p>iWell Guard s&#8217;insereix en aquesta l\u00ednia culturohist\u00f2rica d&#8217;objectes de protecci\u00f3 port\u00e0tils, amb una arquitectura de materials contempor\u00e0nia, fabricat a Alemanya. 41 capes, or veritable, plat\u00ed, plata. Dret de devoluci\u00f3 de 30 dies.<\/p><\/div><\/div>\t\t\t\t\t\t\t\t<\/div>\n\t\t\t\t<div class=\"elementor-element elementor-element-iwgcc-germanis-b iwg-cc-button iwg-cc-cta-2026-05-13 elementor-widget elementor-widget-jet-button\" data-id=\"iwgcc-germanis-b\" data-element_type=\"widget\" data-e-type=\"widget\" data-widget_type=\"jet-button.default\">\n\t\t\t\t<div class=\"elementor-widget-container\">\n\t\t\t\t\t<div class=\"elementor-jet-button jet-elements\"><div class=\"jet-button__container\"><a class=\"jet-button__instance jet-button__instance--icon-left hover-effect-1\" href=\"\/ueber-iwell-guard\/?utm_source=iwell-guard.com&amp;utm_medium=info-box&amp;utm_campaign=kultur-tradition\"><div class=\"jet-button__plane jet-button__plane-normal\"><\/div><div class=\"jet-button__plane jet-button__plane-hover\"><\/div><div class=\"jet-button__state jet-button__state-normal\"><span class=\"jet-button__label\">M\u00e9s informaci\u00f3 sobre l'iWell Guard<\/span><\/div><div class=\"jet-button__state jet-button__state-hover\"><span class=\"jet-button__label\">M\u00e9s informaci\u00f3 sobre l'iWell Guard<\/span><\/div><\/a><\/div><\/div><style>.elementor-element.elementor-element-iwgcc-germanis-b .jet-button__instance{width:320px;height:56px;}.elementor-element.elementor-element-iwgcc-germanis-b .jet-button__state-normal .jet-button__label{text-align:center;margin:0px 0px 0px 0px;color:#1a1b20;font-family:Montserrat,sans-serif;font-size:13px;font-weight:400;letter-spacing:4px;line-height:1.714em;text-transform:uppercase;}.elementor-element.elementor-element-iwgcc-germanis-b .jet-button__state-hover .jet-button__label{text-align:center;margin:0px 0px 0px 0px;color:#FECC76;font-family:Montserrat,sans-serif;font-size:13px;font-weight:400;letter-spacing:4px;line-height:1.714em;text-transform:uppercase;}.elementor-element.elementor-element-iwgcc-germanis-b .jet-button__plane-normal{background-color:#FECC76;border-style:solid;border-color:#C99540;border-width:2px 2px 2px 2px;}.elementor-element.elementor-element-iwgcc-germanis-b .jet-button__plane-hover{background-color:rgba(0,0,0,0.55);border-style:solid;border-color:#FECC76;border-width:2px 2px 2px 2px;}<\/style>\t\t\t\t<\/div>\n\t\t\t\t<\/div>\n\t\t\t\t<div class=\"elementor-element elementor-element-iwgcc-germanis-d elementor-widget elementor-widget-text-editor\" data-id=\"iwgcc-germanis-d\" data-element_type=\"widget\" data-e-type=\"widget\" data-widget_type=\"text-editor.default\">\n\t\t\t\t\t\t\t\t\t<div data-nosnippet=\"true\"><p style=\"text-align:center;font-size:13px;opacity:0.7;margin-top:14px\" data-nosnippet=\"true\">Les experi\u00e8ncies personals poden variar. No \u00e9s un producte sanitari. No \u00e9s una promesa de curaci\u00f3.<\/p><\/div>\t\t\t\t\t\t\t\t<\/div>\n\t\t\t\t\t<\/div>\n\t\t\t\t<\/div>\n\t\t\t\t\t<\/div>\n\t\t\t\t<\/div>\n\t\t<div class=\"elementor-element elementor-element-iwgssrev-germanisch e-flex e-con-boxed e-con e-parent\" data-id=\"iwgssrev-germanisch\" data-element_type=\"container\" data-e-type=\"container\">\n\t\t\t\t\t<div class=\"e-con-inner\">\n\t\t\t\t<div class=\"elementor-element elementor-element-iwgssrev-germanisch-h elementor-widget elementor-widget-heading\" data-id=\"iwgssrev-germanisch-h\" data-element_type=\"widget\" data-e-type=\"widget\" data-widget_type=\"heading.default\">\n\t\t\t\t\t<h2 class=\"elementor-heading-title elementor-size-default\">S\u00edmbols de protecci\u00f3 del m\u00f3n germ\u00e0nic<\/h2>\t\t\t\t<\/div>\n\t\t\t\t<div class=\"elementor-element elementor-element-iwgssrev-germanisch-t elementor-widget elementor-widget-text-editor\" data-id=\"iwgssrev-germanisch-t\" data-element_type=\"widget\" data-e-type=\"widget\" data-widget_type=\"text-editor.default\">\n\t\t\t\t\t\t\t\t\t<p>El l\u00e8xic dels s\u00edmbols de protecci\u00f3 tracta diversos signes i objectes del m\u00f3n germ\u00e0nic en p\u00e0gines pr\u00f2pies: <a href=\"https:\/\/iwell-guard.com\/ca\/?page_id=171923\">bractea<\/a>, <a href=\"https:\/\/iwell-guard.com\/ca\/?page_id=171922\">runes de protecci\u00f3<\/a>, <a href=\"https:\/\/iwell-guard.com\/ca\/?page_id=171876\">martell de Thor<\/a>, <a href=\"https:\/\/iwell-guard.com\/ca\/?page_id=171924\">creu de troll<\/a>, <a href=\"https:\/\/iwell-guard.com\/ca\/?page_id=171889\">valknut<\/a>, <a href=\"https:\/\/iwell-guard.com\/ca\/?page_id=171891\">Vegv\u00edsir<\/a> i <a href=\"https:\/\/iwell-guard.com\/ca\/?page_id=171921\">\u00c6gishj\u00e1lmur<\/a>. La p\u00e0gina sobre els <a href=\"https:\/\/iwell-guard.com\/ca\/?page_id=171653\">s\u00edmbols de protecci\u00f3<\/a> ofereix una visi\u00f3 transversal entre cultures.<\/p>\t\t\t\t\t\t\t\t<\/div>\n\t\t\t\t\t<\/div>\n\t\t\t\t<\/div>\n\t\t\t\t<\/div>\n\t\t","protected":false},"excerpt":{"rendered":"","protected":false},"author":3,"featured_media":1723,"parent":0,"menu_order":0,"comment_status":"closed","ping_status":"closed","template":"elementor_header_footer","meta":{"_yoast_wpseo_focuskw":"d\u00e9us n\u00f2rdics","_yoast_wpseo_title":"D\u00e9us n\u00f2rdics \u2013 Ases, Vanes, Edda | iWell Guard","_yoast_wpseo_metadesc":"D\u00e9us n\u00f2rdics i mitologia germ\u00e0nica: Odin, Thor, Freyja, Loki, Hel. Tradici\u00f3 de l'Edda, Yggdrasil, Ragnar\u00f6k. Pante\u00f3 dels Ases i els Vanes.","_yoast_wpseo_meta-robots-noindex":"","_yoast_wpseo_canonical":"","_angie_page":false,"gefaehrdungsstufe":"","wesen_kultur":"","wesen_klasse":"","footnotes":""},"categories":[],"class_list":["post-171366","page","type-page","status-publish","has-post-thumbnail","hentry"],"yoast_head":"<!-- This site is optimized with the Yoast SEO Premium plugin v27.7 (Yoast SEO v28.3) - https:\/\/yoast.com\/product\/yoast-seo-premium-wordpress\/ -->\n<title>D\u00e9us n\u00f2rdics \u2013 Ases, Vanes, Edda | iWell Guard<\/title>\n<meta name=\"description\" content=\"D\u00e9us n\u00f2rdics i mitologia germ\u00e0nica: Odin, Thor, Freyja, Loki, Hel. Tradici\u00f3 de l&#039;Edda, Yggdrasil, Ragnar\u00f6k. Pante\u00f3 dels Ases i els Vanes.\" \/>\n<meta name=\"robots\" content=\"index, follow, max-snippet:-1, max-image-preview:large, max-video-preview:-1\" \/>\n<link rel=\"canonical\" href=\"https:\/\/iwell-guard.com\/ca\/germanica\/\" \/>\n<meta property=\"og:locale\" content=\"ca_ES\" \/>\n<meta property=\"og:type\" content=\"article\" \/>\n<meta property=\"og:title\" content=\"Germ\u00e0nic\" \/>\n<meta property=\"og:description\" content=\"D\u00e9us n\u00f2rdics i mitologia germ\u00e0nica: Odin, Thor, Freyja, Loki, Hel. Tradici\u00f3 de l&#039;Edda, Yggdrasil, Ragnar\u00f6k. Pante\u00f3 dels Ases i els Vanes.\" \/>\n<meta property=\"og:url\" content=\"https:\/\/iwell-guard.com\/ca\/germanica\/\" \/>\n<meta property=\"og:site_name\" content=\"iWell Guard\" \/>\n<meta property=\"article:modified_time\" content=\"2026-09-05T15:55:56+00:00\" \/>\n<meta property=\"og:image\" content=\"https:\/\/iwell-guard.com\/wp-content\/uploads\/2026\/04\/goetter_germanisch_odin.webp\" \/>\n\t<meta property=\"og:image:width\" content=\"1024\" \/>\n\t<meta property=\"og:image:height\" content=\"1536\" \/>\n\t<meta property=\"og:image:type\" content=\"image\/webp\" \/>\n<meta name=\"twitter:card\" content=\"summary_large_image\" \/>\n<script type=\"application\/ld+json\" class=\"yoast-schema-graph\">{\"@context\":\"https:\\\/\\\/schema.org\",\"@graph\":[{\"@type\":\"WebPage\",\"@id\":\"https:\\\/\\\/iwell-guard.com\\\/ca\\\/germanica\\\/\",\"url\":\"https:\\\/\\\/iwell-guard.com\\\/ca\\\/germanica\\\/\",\"name\":\"D\u00e9us n\u00f2rdics \u2013 Ases, Vanes, Edda | iWell Guard\",\"isPartOf\":{\"@id\":\"https:\\\/\\\/iwell-guard.com\\\/ca\\\/#website\"},\"primaryImageOfPage\":{\"@id\":\"https:\\\/\\\/iwell-guard.com\\\/ca\\\/germanica\\\/#primaryimage\"},\"image\":{\"@id\":\"https:\\\/\\\/iwell-guard.com\\\/ca\\\/germanica\\\/#primaryimage\"},\"thumbnailUrl\":\"https:\\\/\\\/iwell-guard.com\\\/wp-content\\\/uploads\\\/2026\\\/04\\\/goetter_germanisch_odin.webp\",\"datePublished\":\"2026-09-05T15:38:47+00:00\",\"dateModified\":\"2026-09-05T15:55:56+00:00\",\"description\":\"D\u00e9us n\u00f2rdics i mitologia germ\u00e0nica: Odin, Thor, Freyja, Loki, Hel. Tradici\u00f3 de l'Edda, Yggdrasil, Ragnar\u00f6k. Pante\u00f3 dels Ases i els Vanes.\",\"breadcrumb\":{\"@id\":\"https:\\\/\\\/iwell-guard.com\\\/ca\\\/germanica\\\/#breadcrumb\"},\"inLanguage\":\"ca\",\"potentialAction\":[{\"@type\":\"ReadAction\",\"target\":[\"https:\\\/\\\/iwell-guard.com\\\/ca\\\/germanica\\\/\"]}]},{\"@type\":\"ImageObject\",\"inLanguage\":\"ca\",\"@id\":\"https:\\\/\\\/iwell-guard.com\\\/ca\\\/germanica\\\/#primaryimage\",\"url\":\"https:\\\/\\\/iwell-guard.com\\\/wp-content\\\/uploads\\\/2026\\\/04\\\/goetter_germanisch_odin.webp\",\"contentUrl\":\"https:\\\/\\\/iwell-guard.com\\\/wp-content\\\/uploads\\\/2026\\\/04\\\/goetter_germanisch_odin.webp\",\"width\":1024,\"height\":1536,\"caption\":\"D\u00e9us de la tradici\u00f3 germ\u00e0nica.\"},{\"@type\":\"BreadcrumbList\",\"@id\":\"https:\\\/\\\/iwell-guard.com\\\/ca\\\/germanica\\\/#breadcrumb\",\"itemListElement\":[{\"@type\":\"ListItem\",\"position\":1,\"name\":\"Start\",\"item\":\"https:\\\/\\\/iwell-guard.com\\\/ca\\\/?page_id=171333\"},{\"@type\":\"ListItem\",\"position\":2,\"name\":\"Germ\u00e0nic\"}]},{\"@type\":\"WebSite\",\"@id\":\"https:\\\/\\\/iwell-guard.com\\\/ca\\\/#website\",\"url\":\"https:\\\/\\\/iwell-guard.com\\\/ca\\\/\",\"name\":\"iWell Guard\",\"description\":\"Schutz vor dunklen Einfl\u00fcssen\",\"publisher\":{\"@id\":\"https:\\\/\\\/iwell-guard.com\\\/ca\\\/#organization\"},\"potentialAction\":[{\"@type\":\"SearchAction\",\"target\":{\"@type\":\"EntryPoint\",\"urlTemplate\":\"https:\\\/\\\/iwell-guard.com\\\/ca\\\/?s={search_term_string}\"},\"query-input\":{\"@type\":\"PropertyValueSpecification\",\"valueRequired\":true,\"valueName\":\"search_term_string\"}}],\"inLanguage\":\"ca\"},{\"@type\":\"Organization\",\"@id\":\"https:\\\/\\\/iwell-guard.com\\\/ca\\\/#organization\",\"name\":\"Ittermann electronic GmbH\",\"url\":\"https:\\\/\\\/iwell-guard.com\\\/ca\\\/\",\"logo\":{\"@type\":\"ImageObject\",\"inLanguage\":\"ca\",\"@id\":\"https:\\\/\\\/iwell-guard.com\\\/ca\\\/#\\\/schema\\\/logo\\\/image\\\/\",\"url\":\"https:\\\/\\\/iwell-guard.com\\\/wp-content\\\/uploads\\\/2026\\\/05\\\/Ittermann-Logo-1182x237-1.png\",\"contentUrl\":\"https:\\\/\\\/iwell-guard.com\\\/wp-content\\\/uploads\\\/2026\\\/05\\\/Ittermann-Logo-1182x237-1.png\",\"width\":1182,\"height\":237,\"caption\":\"Ittermann electronic GmbH\"},\"image\":{\"@id\":\"https:\\\/\\\/iwell-guard.com\\\/ca\\\/#\\\/schema\\\/logo\\\/image\\\/\"},\"sameAs\":[\"https:\\\/\\\/pantip.com\\\/profile\\\/9367242\",\"https:\\\/\\\/micro.blog\\\/iwellguard\",\"https:\\\/\\\/www.diggerslist.com\\\/iwellguard\\\/about\",\"https:\\\/\\\/skitterphoto.com\\\/photographers\\\/2870314\\\/iwell-guard\",\"https:\\\/\\\/iwellguard.wordpress.com\\\/2026\\\/06\\\/06\\\/iwell-guard\\\/\",\"https:\\\/\\\/hub.docker.com\\\/u\\\/iwellguard\",\"https:\\\/\\\/www.pinterest.com\\\/iwellguard\\\/\",\"https:\\\/\\\/bit.ly\\\/m\\\/iwellguard\",\"https:\\\/\\\/entre-vos-mains.alsace.eu\\\/profiles\\\/iwellguard\\\/activity\",\"https:\\\/\\\/gravatar.com\\\/reallybeded8fd34\",\"https:\\\/\\\/naijamatta.com\\\/iwellguard\",\"https:\\\/\\\/www.goodreads.com\\\/iwellguard\",\"https:\\\/\\\/profile.hatena.ne.jp\\\/iwellguard\\\/\",\"https:\\\/\\\/experiment.com\\\/users\\\/iwellguard\",\"https:\\\/\\\/wakelet.com\\\/@iWellGuard82270\",\"https:\\\/\\\/www.chordie.com\\\/forum\\\/profile.php?id=2555664\",\"https:\\\/\\\/www.instapaper.com\\\/p\\\/17757966\",\"https:\\\/\\\/www.mapleprimes.com\\\/users\\\/iwellguard\",\"https:\\\/\\\/businesslistingplus.com\\\/profile\\\/iwell-guard\\\/\",\"https:\\\/\\\/telegra.ph\\\/iWell-Guard-06-06\",\"https:\\\/\\\/pbase.com\\\/iwellguard\\\/iwellguard\",\"https:\\\/\\\/b.hatena.ne.jp\\\/iwellguard\\\/20260607#bookmark-4788405196491818882\",\"https:\\\/\\\/fliphtml5.com\\\/home\\\/iwellguard\",\"https:\\\/\\\/anyflip.com\\\/homepage\\\/cmiwl#About\",\"https:\\\/\\\/transfur.com\\\/Users\\\/iwellguard\",\"http:\\\/\\\/delphi.larsbo.org\\\/user\\\/iwellguard\",\"https:\\\/\\\/jobs.lajobsportal.org\\\/profiles\\\/8380803-iwell-guard\",\"https:\\\/\\\/md.chaosdorf.de\\\/s\\\/jfbe5SBdJD\",\"https:\\\/\\\/www.lingvolive.com\\\/en-us\\\/profile\\\/9ecaeaca-ce11-4e51-9e71-01d55e2bff36\\\/translations\",\"https:\\\/\\\/www.fitday.com\\\/fitness\\\/forums\\\/members\\\/iwellguard.html\",\"https:\\\/\\\/www.mymeetbook.com\\\/iwellguard\",\"https:\\\/\\\/pxhere.com\\\/en\\\/photographer-me\\\/5040798\",\"https:\\\/\\\/disqus.com\\\/by\\\/iwellguard\\\/about\\\/\",\"https:\\\/\\\/pastelink.net\\\/hjwciqwq\",\"https:\\\/\\\/pubhtml5.com\\\/homepage\\\/scjhn\\\/\",\"https:\\\/\\\/www.bitchute.com\\\/channel\\\/2O2eOKzNqujT\",\"https:\\\/\\\/audiomack.com\\\/iwellguard\"]}]}<\/script>\n<!-- \/ Yoast SEO Premium plugin. -->","yoast_head_json":{"title":"D\u00e9us n\u00f2rdics \u2013 Ases, Vanes, Edda | iWell Guard","description":"D\u00e9us n\u00f2rdics i mitologia germ\u00e0nica: Odin, Thor, Freyja, Loki, Hel. Tradici\u00f3 de l'Edda, Yggdrasil, Ragnar\u00f6k. Pante\u00f3 dels Ases i els Vanes.","robots":{"index":"index","follow":"follow","max-snippet":"max-snippet:-1","max-image-preview":"max-image-preview:large","max-video-preview":"max-video-preview:-1"},"canonical":"https:\/\/iwell-guard.com\/ca\/germanica\/","og_locale":"ca_ES","og_type":"article","og_title":"Germ\u00e0nic","og_description":"D\u00e9us n\u00f2rdics i mitologia germ\u00e0nica: Odin, Thor, Freyja, Loki, Hel. Tradici\u00f3 de l'Edda, Yggdrasil, Ragnar\u00f6k. Pante\u00f3 dels Ases i els Vanes.","og_url":"https:\/\/iwell-guard.com\/ca\/germanica\/","og_site_name":"iWell Guard","article_modified_time":"2026-09-05T15:55:56+00:00","og_image":[{"width":1024,"height":1536,"url":"https:\/\/iwell-guard.com\/wp-content\/uploads\/2026\/04\/goetter_germanisch_odin.webp","type":"image\/webp"}],"twitter_card":"summary_large_image","schema":{"@context":"https:\/\/schema.org","@graph":[{"@type":"WebPage","@id":"https:\/\/iwell-guard.com\/ca\/germanica\/","url":"https:\/\/iwell-guard.com\/ca\/germanica\/","name":"D\u00e9us n\u00f2rdics \u2013 Ases, Vanes, Edda | iWell Guard","isPartOf":{"@id":"https:\/\/iwell-guard.com\/ca\/#website"},"primaryImageOfPage":{"@id":"https:\/\/iwell-guard.com\/ca\/germanica\/#primaryimage"},"image":{"@id":"https:\/\/iwell-guard.com\/ca\/germanica\/#primaryimage"},"thumbnailUrl":"https:\/\/iwell-guard.com\/wp-content\/uploads\/2026\/04\/goetter_germanisch_odin.webp","datePublished":"2026-09-05T15:38:47+00:00","dateModified":"2026-09-05T15:55:56+00:00","description":"D\u00e9us n\u00f2rdics i mitologia germ\u00e0nica: Odin, Thor, Freyja, Loki, Hel. Tradici\u00f3 de l'Edda, Yggdrasil, Ragnar\u00f6k. Pante\u00f3 dels Ases i els Vanes.","breadcrumb":{"@id":"https:\/\/iwell-guard.com\/ca\/germanica\/#breadcrumb"},"inLanguage":"ca","potentialAction":[{"@type":"ReadAction","target":["https:\/\/iwell-guard.com\/ca\/germanica\/"]}]},{"@type":"ImageObject","inLanguage":"ca","@id":"https:\/\/iwell-guard.com\/ca\/germanica\/#primaryimage","url":"https:\/\/iwell-guard.com\/wp-content\/uploads\/2026\/04\/goetter_germanisch_odin.webp","contentUrl":"https:\/\/iwell-guard.com\/wp-content\/uploads\/2026\/04\/goetter_germanisch_odin.webp","width":1024,"height":1536,"caption":"D\u00e9us de la tradici\u00f3 germ\u00e0nica."},{"@type":"BreadcrumbList","@id":"https:\/\/iwell-guard.com\/ca\/germanica\/#breadcrumb","itemListElement":[{"@type":"ListItem","position":1,"name":"Start","item":"https:\/\/iwell-guard.com\/ca\/?page_id=171333"},{"@type":"ListItem","position":2,"name":"Germ\u00e0nic"}]},{"@type":"WebSite","@id":"https:\/\/iwell-guard.com\/ca\/#website","url":"https:\/\/iwell-guard.com\/ca\/","name":"iWell Guard","description":"Schutz vor dunklen Einfl\u00fcssen","publisher":{"@id":"https:\/\/iwell-guard.com\/ca\/#organization"},"potentialAction":[{"@type":"SearchAction","target":{"@type":"EntryPoint","urlTemplate":"https:\/\/iwell-guard.com\/ca\/?s={search_term_string}"},"query-input":{"@type":"PropertyValueSpecification","valueRequired":true,"valueName":"search_term_string"}}],"inLanguage":"ca"},{"@type":"Organization","@id":"https:\/\/iwell-guard.com\/ca\/#organization","name":"Ittermann electronic GmbH","url":"https:\/\/iwell-guard.com\/ca\/","logo":{"@type":"ImageObject","inLanguage":"ca","@id":"https:\/\/iwell-guard.com\/ca\/#\/schema\/logo\/image\/","url":"https:\/\/iwell-guard.com\/wp-content\/uploads\/2026\/05\/Ittermann-Logo-1182x237-1.png","contentUrl":"https:\/\/iwell-guard.com\/wp-content\/uploads\/2026\/05\/Ittermann-Logo-1182x237-1.png","width":1182,"height":237,"caption":"Ittermann electronic GmbH"},"image":{"@id":"https:\/\/iwell-guard.com\/ca\/#\/schema\/logo\/image\/"},"sameAs":["https:\/\/pantip.com\/profile\/9367242","https:\/\/micro.blog\/iwellguard","https:\/\/www.diggerslist.com\/iwellguard\/about","https:\/\/skitterphoto.com\/photographers\/2870314\/iwell-guard","https:\/\/iwellguard.wordpress.com\/2026\/06\/06\/iwell-guard\/","https:\/\/hub.docker.com\/u\/iwellguard","https:\/\/www.pinterest.com\/iwellguard\/","https:\/\/bit.ly\/m\/iwellguard","https:\/\/entre-vos-mains.alsace.eu\/profiles\/iwellguard\/activity","https:\/\/gravatar.com\/reallybeded8fd34","https:\/\/naijamatta.com\/iwellguard","https:\/\/www.goodreads.com\/iwellguard","https:\/\/profile.hatena.ne.jp\/iwellguard\/","https:\/\/experiment.com\/users\/iwellguard","https:\/\/wakelet.com\/@iWellGuard82270","https:\/\/www.chordie.com\/forum\/profile.php?id=2555664","https:\/\/www.instapaper.com\/p\/17757966","https:\/\/www.mapleprimes.com\/users\/iwellguard","https:\/\/businesslistingplus.com\/profile\/iwell-guard\/","https:\/\/telegra.ph\/iWell-Guard-06-06","https:\/\/pbase.com\/iwellguard\/iwellguard","https:\/\/b.hatena.ne.jp\/iwellguard\/20260607#bookmark-4788405196491818882","https:\/\/fliphtml5.com\/home\/iwellguard","https:\/\/anyflip.com\/homepage\/cmiwl#About","https:\/\/transfur.com\/Users\/iwellguard","http:\/\/delphi.larsbo.org\/user\/iwellguard","https:\/\/jobs.lajobsportal.org\/profiles\/8380803-iwell-guard","https:\/\/md.chaosdorf.de\/s\/jfbe5SBdJD","https:\/\/www.lingvolive.com\/en-us\/profile\/9ecaeaca-ce11-4e51-9e71-01d55e2bff36\/translations","https:\/\/www.fitday.com\/fitness\/forums\/members\/iwellguard.html","https:\/\/www.mymeetbook.com\/iwellguard","https:\/\/pxhere.com\/en\/photographer-me\/5040798","https:\/\/disqus.com\/by\/iwellguard\/about\/","https:\/\/pastelink.net\/hjwciqwq","https:\/\/pubhtml5.com\/homepage\/scjhn\/","https:\/\/www.bitchute.com\/channel\/2O2eOKzNqujT","https:\/\/audiomack.com\/iwellguard"]}]}},"_links":{"self":[{"href":"https:\/\/iwell-guard.com\/ca\/wp-json\/wp\/v2\/pages\/171366","targetHints":{"allow":["GET"]}}],"collection":[{"href":"https:\/\/iwell-guard.com\/ca\/wp-json\/wp\/v2\/pages"}],"about":[{"href":"https:\/\/iwell-guard.com\/ca\/wp-json\/wp\/v2\/types\/page"}],"author":[{"embeddable":true,"href":"https:\/\/iwell-guard.com\/ca\/wp-json\/wp\/v2\/users\/3"}],"replies":[{"embeddable":true,"href":"https:\/\/iwell-guard.com\/ca\/wp-json\/wp\/v2\/comments?post=171366"}],"version-history":[{"count":0,"href":"https:\/\/iwell-guard.com\/ca\/wp-json\/wp\/v2\/pages\/171366\/revisions"}],"wp:featuredmedia":[{"embeddable":true,"href":"https:\/\/iwell-guard.com\/ca\/wp-json\/wp\/v2\/media\/1723"}],"wp:attachment":[{"href":"https:\/\/iwell-guard.com\/ca\/wp-json\/wp\/v2\/media?parent=171366"}],"wp:term":[{"taxonomy":"category","embeddable":true,"href":"https:\/\/iwell-guard.com\/ca\/wp-json\/wp\/v2\/categories?post=171366"}],"curies":[{"name":"wp","href":"https:\/\/api.w.org\/{rel}","templated":true}]}}