{"id":171365,"date":"2026-09-05T15:38:46","date_gmt":"2026-09-05T15:38:46","guid":{"rendered":"https:\/\/iwell-guard.com\/?page_id=171365"},"modified":"2026-09-05T15:55:56","modified_gmt":"2026-09-05T15:55:56","slug":"islam","status":"publish","type":"page","link":"https:\/\/iwell-guard.com\/ca\/islam\/","title":{"rendered":"Islam"},"content":{"rendered":"\t\t<div data-elementor-type=\"wp-page\" data-elementor-id=\"171365\" class=\"elementor elementor-171365 elementor-1013\" data-elementor-post-type=\"page\">\n\t\t\t\t<div class=\"elementor-element elementor-element-k-hero-rebuilt-islam iwg-kultur-hero e-flex e-con-boxed e-con e-parent\" data-id=\"k-hero-rebuilt-islam\" data-element_type=\"container\" data-e-type=\"container\">\n\t\t\t\t\t<div class=\"e-con-inner\">\n\t\t<div class=\"elementor-element elementor-element-khleft-islam iwg-kultur-hero-left e-flex e-con-boxed e-con e-child\" data-id=\"khleft-islam\" data-element_type=\"container\" data-e-type=\"container\">\n\t\t\t\t\t<div class=\"e-con-inner\">\n\t\t\t\t<div class=\"elementor-element elementor-element-k-h1-islam elementor-widget elementor-widget-heading\" data-id=\"k-h1-islam\" data-element_type=\"widget\" data-e-type=\"widget\" data-widget_type=\"heading.default\">\n\t\t\t\t\t<h1 class=\"elementor-heading-title elementor-size-default\">Islam, \u00e9ssers i tradici\u00f3<\/h1>\t\t\t\t<\/div>\n\t\t<div class=\"elementor-element elementor-element-aj11-hero-lead-islam e-con-full e-flex e-con e-child\" data-id=\"aj11-hero-lead-islam\" data-element_type=\"container\" data-e-type=\"container\">\n\t\t\t\t<div class=\"elementor-element elementor-element-k-lead-islam elementor-widget elementor-widget-text-editor\" data-id=\"k-lead-islam\" data-element_type=\"widget\" data-e-type=\"widget\" data-widget_type=\"text-editor.default\">\n\t\t\t\t\t\t\t\t\t<p><strong>\u00c9ssers de la tradici\u00f3 isl\u00e0mica<\/strong> a l&#8217;enciclop\u00e8dia iWell. Tradici\u00f3 isl\u00e0mica des del segle VII. <span class=\"iwg-fachbegriff\" data-tooltip=\"En les religions abrah\u00e0miques, un \u00e9sser missatger celestial de D\u00e9u.\" tabindex=\"0\">\u00c0ngels<\/span>, Jinn i figures Shaitan al costat de l&#8217;estricte <span class=\"iwg-fachbegriff\" data-tooltip=\"La creen\u00e7a en un \u00fanic d\u00e9u.\" tabindex=\"0\">monoteisme<\/span>.<\/p>\t\t\t\t\t\t\t\t<\/div>\n\t\t\t\t<\/div>\n\t\t<div class=\"elementor-element elementor-element-aj11-hero-toc-islam e-con-full e-flex e-con e-child\" data-id=\"aj11-hero-toc-islam\" data-element_type=\"container\" data-e-type=\"container\">\n\t\t\t\t<div class=\"elementor-element elementor-element-k-toc-islam elementor-widget elementor-widget-text-editor\" data-id=\"k-toc-islam\" data-element_type=\"widget\" data-e-type=\"widget\" data-widget_type=\"text-editor.default\">\n\t\t\t\t\t\t\t\t\t<p><strong>Contingut d&#8217;aquesta p\u00e0gina:<\/strong><\/p><ul><li><a href=\"#k-islam-h1\">Context<\/a><\/li><li><a href=\"#x-islam-h100\">Hist\u00f2ria i pante\u00f3<\/a><\/li><li><a href=\"#x-islam-h101\">\u00c9ssers en la vida quotidiana<\/a><\/li><li><a href=\"#x-islam-h102\">Significat actual<\/a><\/li><li><a href=\"#k-islam-h2\">D\u00e9us (5)<\/a><\/li><li><a href=\"#k-islam-h3\">Dimonis (4)<\/a><\/li><li><a href=\"#k-islam-h4\">Esperits (1)<\/a><\/li><li><a href=\"#3b965f9\">Aprofundiment<\/a><\/li><\/ul>\t\t\t\t\t\t\t\t<\/div>\n\t\t\t\t<\/div>\n\t\t\t\t\t<\/div>\n\t\t\t\t<\/div>\n\t\t<div class=\"elementor-element elementor-element-khrght-islam iwg-kultur-hero-right e-flex e-con-boxed e-con e-child\" data-id=\"khrght-islam\" data-element_type=\"container\" data-e-type=\"container\">\n\t\t\t\t\t<div class=\"e-con-inner\">\n\t\t\t\t<div class=\"elementor-element elementor-element-k-img-islam iwg-hero-image elementor-widget elementor-widget-image\" data-id=\"k-img-islam\" data-element_type=\"widget\" data-e-type=\"widget\" data-widget_type=\"image.default\">\n\t\t\t\t\t\t\t\t\t\t\t\t\t\t\t<img fetchpriority=\"high\" decoding=\"async\" width=\"683\" height=\"1024\" src=\"https:\/\/iwell-guard.com\/wp-content\/uploads\/2026\/04\/goetter_islam_iblis-683x1024.webp\" class=\"attachment-large size-large wp-image-1595\" alt=\"Islam\" srcset=\"https:\/\/iwell-guard.com\/wp-content\/uploads\/2026\/04\/goetter_islam_iblis-683x1024.webp 683w, https:\/\/iwell-guard.com\/wp-content\/uploads\/2026\/04\/goetter_islam_iblis-200x300.webp 200w, https:\/\/iwell-guard.com\/wp-content\/uploads\/2026\/04\/goetter_islam_iblis-768x1152.webp 768w, https:\/\/iwell-guard.com\/wp-content\/uploads\/2026\/04\/goetter_islam_iblis.webp 1024w\" sizes=\"(max-width: 683px) 100vw, 683px\" \/>\t\t\t\t\t\t\t\t\t\t\t\t\t\t\t<\/div>\n\t\t\t\t\t<\/div>\n\t\t\t\t<\/div>\n\t\t\t\t\t<\/div>\n\t\t\t\t<\/div>\n\t\t<div class=\"elementor-element elementor-element-clstrsec-aj12-islam e-con-boxed e-flex e-con e-parent\" data-id=\"clstrsec-aj12-islam\" data-element_type=\"container\" data-e-type=\"container\">\n\t\t\t\t\t<div class=\"e-con-inner\">\n\t\t\t\t<div class=\"elementor-element elementor-element-clstrh2-aj12-islam elementor-widget elementor-widget-heading\" data-id=\"clstrh2-aj12-islam\" data-element_type=\"widget\" data-e-type=\"widget\" data-widget_type=\"heading.default\">\n\t\t\t\t\t<h2 class=\"elementor-heading-title elementor-size-default\">Alcor\u00e0, \u00e0ngels i el m\u00f3n dels jinn<\/h2>\t\t\t\t<\/div>\n\t\t<div class=\"elementor-element elementor-element-aj12-cluster-text-islam e-con-full e-flex e-con e-child\" data-id=\"aj12-cluster-text-islam\" data-element_type=\"container\" data-e-type=\"container\">\n\t\t\t\t<div class=\"elementor-element elementor-element-aj12-cluster-text-islam-t elementor-widget elementor-widget-text-editor\" data-id=\"aj12-cluster-text-islam-t\" data-element_type=\"widget\" data-e-type=\"widget\" data-widget_type=\"text-editor.default\">\n\t\t\t\t\t\t\t\t\t<p>L&#8217;islam \u00e9s estrictament monoteista: Al\u00b7l\u00e0 \u00e9s el d\u00e9u \u00fanic, indivisible i sense pari\u00f3 (Tauhid). Tanmateix, el mateix Alcor\u00e0 coneix un m\u00f3n for\u00e7a elaborat d&#8217;\u00e9ssers espirituals.<\/p><p>Hi trobem els <span class=\"iwg-fachbegriff\" data-tooltip=\"En les religions abrah\u00e0miques, un \u00e9sser missatger celestial de D\u00e9u.\" tabindex=\"0\">\u00e0ngels<\/span> fets de llum, els jinn fets de foc sense fum, Iblis com a <span class=\"iwg-fachbegriff\" data-tooltip=\"En les religions abrah\u00e0miques, un \u00e9sser missatger celestial de D\u00e9u.\" tabindex=\"0\">\u00e0ngel<\/span> o jinn caigut (q\u00fcesti\u00f3 teol\u00f2gicament discutida) i, en un pla m\u00e9s marginal, els Xaiat\u00edn com a servents seus.<\/p>\n<p>Els <span class=\"iwg-fachbegriff\" data-tooltip=\"En les religions abrah\u00e0miques, un \u00e9sser missatger celestial de D\u00e9u.\" tabindex=\"0\">\u00e0ngels<\/span> tenen funcions ben definides en l&#8217;islam: Jibril (Gabriel) transmet les revelacions, Mikail (Miquel) \u00e9s l&#8217;\u00e0ngel del temps i del prove\u00efment, Israfil fa sonar la trompeta el Dia del Judici, i Azrail \u00e9s l&#8217;\u00e0ngel de la mort.<\/p><p>No tenen lliure albir, sin\u00f3 que nom\u00e9s executen les ordres d&#8217;Al\u00b7l\u00e0. Per aix\u00f2 la veneraci\u00f3 dels \u00e0ngels est\u00e0 prohibida.<\/p>\n<p>Els jinn, en canvi, s\u00f3n \u00e9ssers lliures amb voluntat i responsabilitat pr\u00f2pies; poden ser creients o infidels, bons o dolents. Viuen en paral\u00b7lel al m\u00f3n dels humans i poden amagar-se o mostrar-se amb forma animal.<\/p><p>Des de la religiositat popular han sorgit representacions molt diverses segons la regi\u00f3: Ghul, Ifrit, Marid i el \u00abmal d&#8217;ull\u00bb (l&#8217;ull de l&#8217;enveja). Malgrat el marc monoteista, el m\u00f3n dels \u00e9ssers de l&#8217;islam \u00e9s molt divers en la pr\u00e0ctica religiosa.<\/p>\t\t\t\t\t\t\t\t<\/div>\n\t\t\t\t<\/div>\n\t\t\t\t\t<\/div>\n\t\t\t\t<\/div>\n\t\t<div class=\"elementor-element elementor-element-k-islam-s1 e-con-boxed e-flex e-con e-parent\" data-id=\"k-islam-s1\" data-element_type=\"container\" data-e-type=\"container\">\n\t\t\t\t\t<div class=\"e-con-inner\">\n\t\t\t\t<div class=\"elementor-element elementor-element-k-islam-h1 elementor-widget elementor-widget-heading\" data-id=\"k-islam-h1\" data-element_type=\"widget\" data-e-type=\"widget\" data-widget_type=\"heading.default\">\n\t\t\t\t\t<h2 class=\"elementor-heading-title elementor-size-default\">Introducci\u00f3<\/h2>\t\t\t\t<\/div>\n\t\t<div class=\"elementor-element elementor-element-aj11-inner-0003 e-con-full e-flex e-con e-child\" data-id=\"aj11-inner-0003\" data-element_type=\"container\" data-e-type=\"container\">\n\t\t\t\t<div class=\"elementor-element elementor-element-k-islam-t1 elementor-widget elementor-widget-text-editor\" data-id=\"k-islam-t1\" data-element_type=\"widget\" data-e-type=\"widget\" data-widget_type=\"text-editor.default\">\n\t\t\t\t\t\t\t\t\t<p><strong>Per\u00edode:<\/strong> Des del segle VII dC.<\/p><p>Difusi\u00f3: Orient Mitj\u00e0, \u00c0frica del Nord, \u00c0sia Central i del Sud, Sud-est asi\u00e0tic, di\u00e0spora mundial.<\/p><p>Fonts: Alcor\u00e0, col\u00b7leccions d&#8217;Hadith, literatura Tafsir, tradici\u00f3 popular de Les mil i una nits.<\/p><p><span class=\"iwg-fachbegriff\" data-tooltip=\"El conjunt de d\u00e9us d'una religi\u00f3 o cultura.\" tabindex=\"0\">Pante\u00f3<\/span> i classes d&#8217;\u00e9ssers: <span class=\"iwg-fachbegriff\" data-tooltip=\"En les religions abrah\u00e0miques, un \u00e9sser missatger celestial de D\u00e9u.\" tabindex=\"0\">\u00e0ngels<\/span> (Mikail, Jibril, Israfil, Azrael), jinn (Marid, Ifrit, Ghul), Iblis i Shayatin.<\/p>\t\t\t\t\t\t\t\t<\/div>\n\t\t\t\t<\/div>\n\t\t\t\t\t<\/div>\n\t\t\t\t<\/div>\n\t\t<div class=\"elementor-element elementor-element-x-islam-s100 e-con-boxed e-flex e-con e-parent\" data-id=\"x-islam-s100\" data-element_type=\"container\" data-e-type=\"container\">\n\t\t\t\t\t<div class=\"e-con-inner\">\n\t\t\t\t<div class=\"elementor-element elementor-element-x-islam-h100 elementor-widget elementor-widget-heading\" data-id=\"x-islam-h100\" data-element_type=\"widget\" data-e-type=\"widget\" data-widget_type=\"heading.default\">\n\t\t\t\t\t<h2 class=\"elementor-heading-title elementor-size-default\">Hist\u00f2ria i pante\u00f3<\/h2>\t\t\t\t<\/div>\n\t\t<div class=\"elementor-element elementor-element-aj11-inner-0004 e-con-full e-flex e-con e-child\" data-id=\"aj11-inner-0004\" data-element_type=\"container\" data-e-type=\"container\">\n\t\t\t\t<div class=\"elementor-element elementor-element-x-islam-t100 elementor-widget elementor-widget-text-editor\" data-id=\"x-islam-t100\" data-element_type=\"widget\" data-e-type=\"widget\" data-widget_type=\"text-editor.default\">\n\t\t\t\t\t\t\t\t\t<p>L&#8217;islam va sorgir al segle VII com a religi\u00f3 monoteista universal amb Al\u00b7l\u00e0 com a \u00fanic d\u00e9u. A difer\u00e8ncia de la cultura cristiana, el sobrenatural a l&#8217;islam est\u00e0 jerarquitzat i sistematitzat: els Malaika (<span class=\"iwg-fachbegriff\" data-tooltip=\"En les religions abrah\u00e0miques, un \u00e9sser missatger celestial de D\u00e9u.\" tabindex=\"0\">\u00e0ngels<\/span>) s\u00f3n \u00e9ssers purs i servicials sense lliure albir. La doctrina angelol\u00f2gica \u00e9s menys desenvolupada que al cristianisme o al judaisme, per\u00f2 estructuralment coherent.<\/p><p>Paral\u00b7lelament, existeix una tradici\u00f3 \u00e0rab antiga sobre els jinn: \u00e9ssers de foc amb intel\u00b7lig\u00e8ncia, lliure albir i responsabilitat moral, que segons l&#8217;<span class=\"iwg-fachbegriff\" data-tooltip=\"La doctrina reconeguda com a ortodoxa.\" tabindex=\"0\">ortod\u00f2xia<\/span> isl\u00e0mica no s\u00f3n ni d\u00e9us ni dimonis. Satan\u00e0s (Iblis) \u00e9s un \u00e9sser caigut, la naturalesa i l&#8217;estatus del qual varien segons les escoles teol\u00f2giques.<\/p><p>L&#8217;Alcor\u00e0 esmenta jinn i <span class=\"iwg-fachbegriff\" data-tooltip=\"En les religions abrah\u00e0miques, un \u00e9sser missatger celestial de D\u00e9u.\" tabindex=\"0\">\u00e0ngels<\/span> i deixa lloc al sobrenatural, que te\u00f2legs posteriors van refinar. L&#8217;islam popular de moltes cultures combina tradicions locals d&#8217;esperits i dimonis amb l&#8217;<span class=\"iwg-fachbegriff\" data-tooltip=\"La doctrina reconeguda com a ortodoxa.\" tabindex=\"0\">ortod\u00f2xia<\/span> isl\u00e0mica.<\/p>\t\t\t\t\t\t\t\t<\/div>\n\t\t\t\t<\/div>\n\t\t\t\t\t<\/div>\n\t\t\t\t<\/div>\n\t\t<div class=\"elementor-element elementor-element-x-islam-s101 e-con-boxed e-flex e-con e-parent\" data-id=\"x-islam-s101\" data-element_type=\"container\" data-e-type=\"container\">\n\t\t\t\t\t<div class=\"e-con-inner\">\n\t\t\t\t<div class=\"elementor-element elementor-element-x-islam-h101 elementor-widget elementor-widget-heading\" data-id=\"x-islam-h101\" data-element_type=\"widget\" data-e-type=\"widget\" data-widget_type=\"heading.default\">\n\t\t\t\t\t<h2 class=\"elementor-heading-title elementor-size-default\">Essers en la vida quotidiana<\/h2>\t\t\t\t<\/div>\n\t\t<div class=\"elementor-element elementor-element-aj11-inner-0005 e-con-full e-flex e-con e-child\" data-id=\"aj11-inner-0005\" data-element_type=\"container\" data-e-type=\"container\">\n\t\t\t\t<div class=\"elementor-element elementor-element-x-islam-t101 elementor-widget elementor-widget-text-editor\" data-id=\"x-islam-t101\" data-element_type=\"widget\" data-e-type=\"widget\" data-widget_type=\"text-editor.default\">\n\t\t\t\t\t\t\t\t\t<p>La pr\u00e0ctica isl\u00e0mica destaca els rituals de protecci\u00f3 mitjan\u00e7ant versos alcor\u00e0nics: recitar l&#8217;Ayat al-Kursi (el Vers del Tron) o la Sura al-Falaq contra els jinn dolents \u00e9s quotidi\u00e0. Els amulets (Taweez) i les f\u00f3rmules m\u00e0giques (Ruqya) s\u00f3n freq\u00fcents, especialment en cultures no ar\u00e0bigues, i les invocacions contra el mal d&#8217;ull (Nazar) estan molt esteses.<\/p><p>Els ordes suf\u00eds practiquen rituals ext\u00e0tics i t\u00e8cniques d&#8217;invocaci\u00f3 per contactar amb el sobrenatural. Els homes sants (Wali) sovint s\u00f3n venerats com a intermediaris entre l&#8217;\u00e9sser hum\u00e0 i D\u00e9u, malgrat el rebuig teol\u00f2gic dels puristes.<\/p><p>La <span class=\"iwg-fachbegriff\" data-tooltip=\"Creences i costums religiosos difosos en la vida quotidiana.\" tabindex=\"0\">religiositat popular<\/span> sobre els \u00e9ssers espirituals varia molt segons la regi\u00f3 i sovint es sincretitza amb tradicions preisl\u00e0miques.<\/p>\t\t\t\t\t\t\t\t<\/div>\n\t\t\t\t<\/div>\n\t\t\t\t\t<\/div>\n\t\t\t\t<\/div>\n\t\t<div class=\"elementor-element elementor-element-x-islam-s102 e-con-boxed e-flex e-con e-parent\" data-id=\"x-islam-s102\" data-element_type=\"container\" data-e-type=\"container\">\n\t\t\t\t\t<div class=\"e-con-inner\">\n\t\t\t\t<div class=\"elementor-element elementor-element-x-islam-h102 elementor-widget elementor-widget-heading\" data-id=\"x-islam-h102\" data-element_type=\"widget\" data-e-type=\"widget\" data-widget_type=\"heading.default\">\n\t\t\t\t\t<h2 class=\"elementor-heading-title elementor-size-default\">Significat actual<\/h2>\t\t\t\t<\/div>\n\t\t<div class=\"elementor-element elementor-element-aj11-inner-0006 e-con-full e-flex e-con e-child\" data-id=\"aj11-inner-0006\" data-element_type=\"container\" data-e-type=\"container\">\n\t\t\t\t<div class=\"elementor-element elementor-element-x-islam-t102 elementor-widget elementor-widget-text-editor\" data-id=\"x-islam-t102\" data-element_type=\"widget\" data-e-type=\"widget\" data-widget_type=\"text-editor.default\">\n\t\t\t\t\t\t\t\t\t<p>L&#8217;islam, amb uns 1.900 milions de seguidors, \u00e9s la segona religi\u00f3 del m\u00f3n m\u00e9s gran. La doctrina angelol\u00f2gica es mant\u00e9 conceptualment estable, mentre que la demonologia pr\u00e0ctica varia segons la regi\u00f3. La <span class=\"iwg-fachbegriff\" data-tooltip=\"La doctrina cient\u00edfica sobre D\u00e9u i la fe d'una religi\u00f3.\" tabindex=\"0\">teologia<\/span> ortodoxa rebutja formalment les pr\u00e0ctiques m\u00e0giques, per\u00f2 en l&#8217;islam popular hi s\u00f3n freq\u00fcents.<\/p><p>La recepci\u00f3 occidental se centra en les pr\u00e0ctiques externes (<span class=\"iwg-fachbegriff\" data-tooltip=\"L'adre\u00e7ament verbal de l'\u00e9sser hum\u00e0 a una divinitat.\" tabindex=\"0\">preg\u00e0ria<\/span>, vestimenta) i passa per alt la dimensi\u00f3 sobrenatural. Acad\u00e8micament, la doctrina isl\u00e0mica sobre <span class=\"iwg-fachbegriff\" data-tooltip=\"En les religions abrah\u00e0miques, un \u00e9sser missatger celestial de D\u00e9u.\" tabindex=\"0\">\u00e0ngels<\/span> i jinn continua sent objecte de comparaci\u00f3 amb la demonologia cristiana i jueva. Cercles esot\u00e8rics occidentals romantitzen el sufisme i la <span class=\"iwg-fachbegriff\" data-tooltip=\"Pr\u00e0ctiques que pretenen intervenir en el curs dels esdeveniments mitjan\u00e7ant accions o f\u00f3rmules especials.\" tabindex=\"0\">m\u00e0gia<\/span> isl\u00e0mica.<\/p>\t\t\t\t\t\t\t\t<\/div>\n\t\t\t\t<\/div>\n\t\t\t\t\t<\/div>\n\t\t\t\t<\/div>\n\t\t<div class=\"elementor-element elementor-element-k-islam-s2 e-con-boxed e-flex e-con e-parent\" data-id=\"k-islam-s2\" data-element_type=\"container\" data-e-type=\"container\">\n\t\t\t\t\t<div class=\"e-con-inner\">\n\t\t\t\t<div class=\"elementor-element elementor-element-k-islam-h2 elementor-widget elementor-widget-heading\" data-id=\"k-islam-h2\" data-element_type=\"widget\" data-e-type=\"widget\" data-widget_type=\"heading.default\">\n\t\t\t\t\t<h2 class=\"elementor-heading-title elementor-size-default\">D\u00e9us (5)<\/h2>\t\t\t\t<\/div>\n\t\t<div class=\"elementor-element elementor-element-aj11-inner-0007 e-con-full e-flex e-con e-child\" data-id=\"aj11-inner-0007\" data-element_type=\"container\" data-e-type=\"container\">\n\t\t\t\t<div class=\"elementor-element elementor-element-k-islam-t2 elementor-widget elementor-widget-text-editor\" data-id=\"k-islam-t2\" data-element_type=\"widget\" data-e-type=\"widget\" data-widget_type=\"text-editor.default\">\n\t\t\t\t\t\t\t\t\t<div class=\"iwg-wesen-grid\"><a class=\"iwg-wesen-card\" href=\"https:\/\/iwell-guard.com\/ca\/azrael\/\" aria-label=\"Azrael\"><div class=\"iwg-wesen-card-imgwrap\"><img decoding=\"async\" src=\"https:\/\/iwell-guard.com\/wp-content\/uploads\/2026\/04\/goetter_islam_azrael-200x300.webp\" alt=\"Azrael\" loading=\"lazy\"><\/div><div class=\"iwg-wesen-card-body\"><div class=\"iwg-wesen-card-name\">Azrael<\/div><div class=\"iwg-wesen-card-arrow\">\u2192 A l&#039;\u00e9sser<\/div><\/div><\/a><a class=\"iwg-wesen-card\" href=\"https:\/\/iwell-guard.com\/ca\/iblis\/\" aria-label=\"Iblis\"><div class=\"iwg-wesen-card-imgwrap\"><img decoding=\"async\" src=\"https:\/\/iwell-guard.com\/wp-content\/uploads\/2026\/04\/goetter_islam_iblis-200x300.webp\" alt=\"Iblis\" loading=\"lazy\"><\/div><div class=\"iwg-wesen-card-body\"><div class=\"iwg-wesen-card-name\">Iblis<\/div><div class=\"iwg-wesen-card-arrow\">\u2192 A l&#039;\u00e9sser<\/div><\/div><\/a><a class=\"iwg-wesen-card\" href=\"https:\/\/iwell-guard.com\/ca\/israfil\/\" aria-label=\"Israfil\"><div class=\"iwg-wesen-card-imgwrap\"><img decoding=\"async\" src=\"https:\/\/iwell-guard.com\/wp-content\/uploads\/2026\/04\/goetter_islam_israfil-200x300.webp\" alt=\"Israfil\" loading=\"lazy\"><\/div><div class=\"iwg-wesen-card-body\"><div class=\"iwg-wesen-card-name\">Israfil<\/div><div class=\"iwg-wesen-card-arrow\">\u2192 A l&#039;\u00e9sser<\/div><\/div><\/a><a class=\"iwg-wesen-card\" href=\"https:\/\/iwell-guard.com\/ca\/jibril\/\" aria-label=\"Jibril\"><div class=\"iwg-wesen-card-imgwrap\"><img decoding=\"async\" src=\"https:\/\/iwell-guard.com\/wp-content\/uploads\/2026\/04\/goetter_islam_jibril-200x300.webp\" alt=\"Jibril\" loading=\"lazy\"><\/div><div class=\"iwg-wesen-card-body\"><div class=\"iwg-wesen-card-name\">Jibril<\/div><div class=\"iwg-wesen-card-arrow\">\u2192 A l&#039;\u00e9sser<\/div><\/div><\/a><a class=\"iwg-wesen-card\" href=\"https:\/\/iwell-guard.com\/ca\/mikail\/\" aria-label=\"Mikail\"><div class=\"iwg-wesen-card-imgwrap\"><img decoding=\"async\" src=\"https:\/\/iwell-guard.com\/wp-content\/uploads\/2026\/04\/goetter_islam_mikail-200x300.webp\" alt=\"Mikail\" loading=\"lazy\"><\/div><div class=\"iwg-wesen-card-body\"><div class=\"iwg-wesen-card-name\">Mikail<\/div><div class=\"iwg-wesen-card-arrow\">\u2192 A l&#039;\u00e9sser<\/div><\/div><\/a><\/div>\t\t\t\t\t\t\t\t<\/div>\n\t\t\t\t<\/div>\n\t\t\t\t\t<\/div>\n\t\t\t\t<\/div>\n\t\t<div class=\"elementor-element elementor-element-k-islam-s3 e-con-boxed e-flex e-con e-parent\" data-id=\"k-islam-s3\" data-element_type=\"container\" data-e-type=\"container\">\n\t\t\t\t\t<div class=\"e-con-inner\">\n\t\t\t\t<div class=\"elementor-element elementor-element-k-islam-h3 elementor-widget elementor-widget-heading\" data-id=\"k-islam-h3\" data-element_type=\"widget\" data-e-type=\"widget\" data-widget_type=\"heading.default\">\n\t\t\t\t\t<h2 class=\"elementor-heading-title elementor-size-default\">Dimonis (4)<\/h2>\t\t\t\t<\/div>\n\t\t<div class=\"elementor-element elementor-element-aj11-inner-0008 e-con-full e-flex e-con e-child\" data-id=\"aj11-inner-0008\" data-element_type=\"container\" data-e-type=\"container\">\n\t\t\t\t<div class=\"elementor-element elementor-element-k-islam-t3 elementor-widget elementor-widget-text-editor\" data-id=\"k-islam-t3\" data-element_type=\"widget\" data-e-type=\"widget\" data-widget_type=\"text-editor.default\">\n\t\t\t\t\t\t\t\t\t<div class=\"iwg-wesen-grid\"><a class=\"iwg-wesen-card\" href=\"https:\/\/iwell-guard.com\/ca\/ghul\/\" aria-label=\"Ghul\"><div class=\"iwg-wesen-card-imgwrap\"><img decoding=\"async\" src=\"https:\/\/iwell-guard.com\/wp-content\/uploads\/2026\/04\/daemonen_islam_ghul-200x300.webp\" alt=\"Ghul\" loading=\"lazy\"><\/div><div class=\"iwg-wesen-card-body\"><div class=\"iwg-wesen-card-name\">Ghul<\/div><div class=\"iwg-wesen-card-arrow\">\u2192 A l&#039;\u00e9sser<\/div><\/div><\/a><a class=\"iwg-wesen-card\" href=\"https:\/\/iwell-guard.com\/ca\/ifrit\/\" aria-label=\"Ifrit\"><div class=\"iwg-wesen-card-imgwrap\"><img decoding=\"async\" src=\"https:\/\/iwell-guard.com\/wp-content\/uploads\/2026\/04\/daemonen_islam_ifrit-200x300.webp\" alt=\"Ifrit\" loading=\"lazy\"><\/div><div class=\"iwg-wesen-card-body\"><div class=\"iwg-wesen-card-name\">Ifrit<\/div><div class=\"iwg-wesen-card-arrow\">\u2192 A l&#039;\u00e9sser<\/div><\/div><\/a><a class=\"iwg-wesen-card\" href=\"https:\/\/iwell-guard.com\/ca\/marid\/\" aria-label=\"Marid\"><div class=\"iwg-wesen-card-imgwrap\"><img decoding=\"async\" src=\"https:\/\/iwell-guard.com\/wp-content\/uploads\/2026\/04\/goetter_islam_marid-200x300.webp\" alt=\"Marid\" loading=\"lazy\"><\/div><div class=\"iwg-wesen-card-body\"><div class=\"iwg-wesen-card-name\">Marid<\/div><div class=\"iwg-wesen-card-arrow\">\u2192 A l&#039;\u00e9sser<\/div><\/div><\/a><a class=\"iwg-wesen-card\" href=\"https:\/\/iwell-guard.com\/ca\/shayatin\/\" aria-label=\"Shayatin\"><div class=\"iwg-wesen-card-imgwrap\"><img decoding=\"async\" src=\"https:\/\/iwell-guard.com\/wp-content\/uploads\/2026\/04\/daemonen_islam_shayatin-200x300.webp\" alt=\"Shayatin\" loading=\"lazy\"><\/div><div class=\"iwg-wesen-card-body\"><div class=\"iwg-wesen-card-name\">Shayatin<\/div><div class=\"iwg-wesen-card-arrow\">\u2192 A l&#039;\u00e9sser<\/div><\/div><\/a><\/div>\t\t\t\t\t\t\t\t<\/div>\n\t\t\t\t<\/div>\n\t\t\t\t\t<\/div>\n\t\t\t\t<\/div>\n\t\t<div class=\"elementor-element elementor-element-k-islam-s4 e-con-boxed e-flex e-con e-parent\" data-id=\"k-islam-s4\" data-element_type=\"container\" data-e-type=\"container\">\n\t\t\t\t\t<div class=\"e-con-inner\">\n\t\t\t\t<div class=\"elementor-element elementor-element-k-islam-h4 elementor-widget elementor-widget-heading\" data-id=\"k-islam-h4\" data-element_type=\"widget\" data-e-type=\"widget\" data-widget_type=\"heading.default\">\n\t\t\t\t\t<h2 class=\"elementor-heading-title elementor-size-default\">Esperits (1)<\/h2>\t\t\t\t<\/div>\n\t\t<div class=\"elementor-element elementor-element-aj11-inner-0009 e-con-full e-flex e-con e-child\" data-id=\"aj11-inner-0009\" data-element_type=\"container\" data-e-type=\"container\">\n\t\t\t\t<div class=\"elementor-element elementor-element-k-islam-t4 elementor-widget elementor-widget-text-editor\" data-id=\"k-islam-t4\" data-element_type=\"widget\" data-e-type=\"widget\" data-widget_type=\"text-editor.default\">\n\t\t\t\t\t\t\t\t\t<div class=\"iwg-wesen-grid\"><a class=\"iwg-wesen-card\" href=\"https:\/\/iwell-guard.com\/ca\/jinn\/\" aria-label=\"Jinn\"><div class=\"iwg-wesen-card-imgwrap\"><img decoding=\"async\" src=\"https:\/\/iwell-guard.com\/wp-content\/uploads\/2026\/04\/geister_islam_jinn-200x300.webp\" alt=\"Jinn\" loading=\"lazy\"><\/div><div class=\"iwg-wesen-card-body\"><div class=\"iwg-wesen-card-name\">Jinn<\/div><div class=\"iwg-wesen-card-arrow\">\u2192 A l&#039;\u00e9sser<\/div><\/div><\/a><\/div>\t\t\t\t\t\t\t\t<\/div>\n\t\t\t\t<\/div>\n\t\t\t\t\t<\/div>\n\t\t\t\t<\/div>\n\t\t<div class=\"elementor-element elementor-element-ae28233 e-con-boxed e-flex e-con e-parent\" data-id=\"ae28233\" data-element_type=\"container\" data-e-type=\"container\">\n\t\t\t\t\t<div class=\"e-con-inner\">\n\t\t\t\t<div class=\"elementor-element elementor-element-3b965f9 elementor-widget elementor-widget-heading\" data-id=\"3b965f9\" data-element_type=\"widget\" data-e-type=\"widget\" data-widget_type=\"heading.default\">\n\t\t\t\t\t<h2 class=\"elementor-heading-title elementor-size-default\">Aprofundiment<\/h2>\t\t\t\t<\/div>\n\t\t\t\t<div class=\"elementor-element elementor-element-88a669c elementor-widget elementor-widget-heading\" data-id=\"88a669c\" data-element_type=\"widget\" data-e-type=\"widget\" data-widget_type=\"heading.default\">\n\t\t\t\t\t<h3 class=\"elementor-heading-title elementor-size-default\">Alcor\u00e0, Hadith i \u00e9ssers sobrenaturals<\/h3>\t\t\t\t<\/div>\n\t\t<div class=\"elementor-element elementor-element-aj11-inner-000a e-con-full e-flex e-con e-child\" data-id=\"aj11-inner-000a\" data-element_type=\"container\" data-e-type=\"container\">\n\t\t\t\t<div class=\"elementor-element elementor-element-820de0a elementor-widget elementor-widget-text-editor\" data-id=\"820de0a\" data-element_type=\"widget\" data-e-type=\"widget\" data-widget_type=\"text-editor.default\">\n\t\t\t\t\t\t\t\t\t<p>L&#8217;islam coneix un <span class=\"iwg-fachbegriff\" data-tooltip=\"La creen\u00e7a en un \u00fanic d\u00e9u.\" tabindex=\"0\">monoteisme<\/span> estricte (tauhid): Al\u00b7l\u00e0 \u00e9s absolutament \u00fanic. Tot i aix\u00ed, l&#8217;Alcor\u00e0 i les col\u00b7leccions de hadits reconeixen diverses classes d&#8217;\u00e9ssers sobrenaturals creats.<\/p><p>Entre aquests hi ha els <span class=\"iwg-fachbegriff\" data-tooltip=\"En les religions abrah\u00e0miques, un \u00e9sser missatger celestial de D\u00e9u.\" tabindex=\"0\">\u00e0ngels<\/span> (malaika) fets de llum, els genis (djinn) fets de foc sense fum, i l&#8217;Ibl\u00eds caigut (Satan\u00e0s), que prov\u00e9 dels genis i es va negar a adorar Adam.<\/p>\t\t\t\t\t\t\t\t<\/div>\n\t\t\t\t<\/div>\n\t\t\t\t<div class=\"elementor-element elementor-element-0812873 elementor-widget elementor-widget-heading\" data-id=\"0812873\" data-element_type=\"widget\" data-e-type=\"widget\" data-widget_type=\"heading.default\">\n\t\t\t\t\t<h3 class=\"elementor-heading-title elementor-size-default\">\u00c0ngels amb funci\u00f3<\/h3>\t\t\t\t<\/div>\n\t\t<div class=\"elementor-element elementor-element-bw-97eb2a0-39ffb54 e-flex e-con-boxed e-con e-parent\" data-id=\"bw-97eb2a0-39ffb54\" data-element_type=\"container\" data-e-type=\"container\" data-settings=\"{&quot;background_background&quot;:&quot;classic&quot;}\">\n\t\t\t\t\t<div class=\"e-con-inner\">\n\t\t\t\t<div class=\"elementor-element elementor-element-97eb2a0 elementor-widget elementor-widget-text-editor\" data-id=\"97eb2a0\" data-element_type=\"widget\" data-e-type=\"widget\" data-widget_type=\"text-editor.default\">\n\t\t\t\t\t\t\t\t\t<p>La doctrina angelol\u00f2gica isl\u00e0mica \u00e9s fortament funcional. Jibr\u012bl (Gabriel) transmet la revelaci\u00f3, Mik\u0101&#8217;\u012bl (Miquel) distribueix la pluja i la gr\u00e0cia, Isr\u0101f\u012bl fa sonar la trompeta el Dia del Judici.<\/p><p>Azrael separa l&#8217;\u00e0nima del cos en la mort, Munkar i Nakir interroguen el difunt a la tomba, i els Hafaza s\u00f3n els <span class=\"iwg-fachbegriff\" data-tooltip=\"Un \u00e0ngel al qual s'atribueix la protecci\u00f3 d'una persona concreta.\" tabindex=\"0\">\u00e0ngels de la guarda<\/span> personals de cada persona.<\/p>\t\t\t\t\t\t\t\t<\/div>\n\t\t\t\t\t<\/div>\n\t\t\t\t<\/div>\n\t\t\t\t<div class=\"elementor-element elementor-element-fc7d860 elementor-widget elementor-widget-heading\" data-id=\"fc7d860\" data-element_type=\"widget\" data-e-type=\"widget\" data-widget_type=\"heading.default\">\n\t\t\t\t\t<h3 class=\"elementor-heading-title elementor-size-default\">La doctrina dels genis<\/h3>\t\t\t\t<\/div>\n\t\t<div class=\"elementor-element elementor-element-bw-8f439f6-75aeb17 e-flex e-con-boxed e-con e-parent\" data-id=\"bw-8f439f6-75aeb17\" data-element_type=\"container\" data-e-type=\"container\" data-settings=\"{&quot;background_background&quot;:&quot;classic&quot;}\">\n\t\t\t\t\t<div class=\"e-con-inner\">\n\t\t\t\t<div class=\"elementor-element elementor-element-8f439f6 elementor-widget elementor-widget-text-editor\" data-id=\"8f439f6\" data-element_type=\"widget\" data-e-type=\"widget\" data-widget_type=\"text-editor.default\">\n\t\t\t\t\t\t\t\t\t<p>Els genis s\u00f3n una creaci\u00f3 al costat dels humans; tenen voluntat, ra\u00f3 i responsabilitat religiosa: alguns s\u00f3n musulmans, altres no. Els <em>marid<\/em>, <em>ifrit<\/em>, <em>ghul<\/em> i <em>shayatin<\/em> formen subgrups. La religiositat popular isl\u00e0mica coneix nombroses f\u00f3rmules de protecci\u00f3 i defensa, sobretot la <em>Ruqyah<\/em>, la recitaci\u00f3 terap\u00e8utica de l&#8217;Alcor\u00e0.<\/p>\t\t\t\t\t\t\t\t<\/div>\n\t\t\t\t\t<\/div>\n\t\t\t\t<\/div>\n\t\t\t\t<div class=\"elementor-element elementor-element-60bc022 elementor-widget elementor-widget-heading\" data-id=\"60bc022\" data-element_type=\"widget\" data-e-type=\"widget\" data-widget_type=\"heading.default\">\n\t\t\t\t\t<h3 class=\"elementor-heading-title elementor-size-default\">M\u00edstica suf\u00ed<\/h3>\t\t\t\t<\/div>\n\t\t<div class=\"elementor-element elementor-element-bw-591d5b5-33aed0b e-flex e-con-boxed e-con e-parent\" data-id=\"bw-591d5b5-33aed0b\" data-element_type=\"container\" data-e-type=\"container\" data-settings=\"{&quot;background_background&quot;:&quot;classic&quot;}\">\n\t\t\t\t\t<div class=\"e-con-inner\">\n\t\t\t\t<div class=\"elementor-element elementor-element-591d5b5 elementor-widget elementor-widget-text-editor\" data-id=\"591d5b5\" data-element_type=\"widget\" data-e-type=\"widget\" data-widget_type=\"text-editor.default\">\n\t\t\t\t\t\t\t\t\t<footer class=\"iwg-literatur\" data-nosnippet=\"true\"><p>La tradici\u00f3 suf\u00ed aprofundeix l&#8217;espiritualitat isl\u00e0mica en una direcci\u00f3 m\u00edstica; Rumi, Ibn Arabi, al-Ghazali i Sa&#8217;di s\u00f3n veus centrals. El concepte de fana s&#8217;assembla a experi\u00e8ncies m\u00edstiques d&#8217;altres tradicions.<\/p><p>El sufisme va conrear una imatge diferenciada del m\u00f3n invisible amb \u00e0ngels, sants (Awliya) i un sistema jer\u00e0rquic de pols espirituals (Qutb).<\/p><h3>Estat de la recerca<\/h3><p>La recerca islamol\u00f2gica va ser aprofundida en el segle XX sobretot per Annemarie Schimmel (<em>Mystische Dimensionen des Islam<\/em>, 1975), Tilman Nagel (<em>Die islamische Welt bis 1500<\/em>, 1998) i Bernard Lewis.<\/p><p>Sobre la tradici\u00f3 dels genis: Amira El-Zein (<em>Islam, Arabs, and the Intelligent World of the Jinn<\/em>, 2009); pel que fa a la demonologia isl\u00e0mica, l&#8217;edici\u00f3 del Kitab al-Bulhan \u00e9s una font prim\u00e0ria important.<\/p><\/footer>\t\t\t\t\t\t\t\t<\/div>\n\t\t\t\t\t<\/div>\n\t\t\t\t<\/div>\n\t\t\t\t\t<\/div>\n\t\t\t\t<\/div>\n\t\t<div class=\"elementor-element elementor-element-iwgcc-islam-sec e-flex e-con-boxed e-con e-parent\" data-id=\"iwgcc-islam-sec\" data-element_type=\"container\" data-e-type=\"container\" id=\"iwg-cc-islam\">\n\t\t\t\t\t<div class=\"e-con-inner\">\n\t\t<div class=\"elementor-element elementor-element-iwgcc-islam-inner e-flex e-con-boxed e-con e-parent\" data-id=\"iwgcc-islam-inner\" data-element_type=\"container\" data-e-type=\"container\" data-settings=\"{&quot;background_background&quot;:&quot;classic&quot;}\">\n\t\t\t\t\t<div class=\"e-con-inner\">\n\t\t\t\t<div class=\"elementor-element elementor-element-iwgcc-islam-h elementor-widget elementor-widget-heading\" data-id=\"iwgcc-islam-h\" data-element_type=\"widget\" data-e-type=\"widget\" data-widget_type=\"heading.default\">\n\t\t\t\t\t<h2 class=\"elementor-heading-title elementor-size-default\">Objectes de protecci\u00f3 d'aquesta tradici\u00f3 cultural<\/h2>\t\t\t\t<\/div>\n\t\t\t\t<div class=\"elementor-element elementor-element-iwgcc-islam-t elementor-widget elementor-widget-text-editor\" data-id=\"iwgcc-islam-t\" data-element_type=\"widget\" data-e-type=\"widget\" data-widget_type=\"text-editor.default\">\n\t\t\t\t\t\t\t\t\t<p>En la tradici\u00f3 popular isl\u00e0mica, la <a href=\"https:\/\/iwell-guard.com\/ca\/?page_id=171650\">m\u00e0 de F\u00e0tima (Hamsa)<\/a> acompanya qui la porta contra el mal d&#8217;ull; els ulls Nazar Boncuk i els penjolls amb versicles de l&#8217;Alcor\u00e0 completen la pr\u00e0ctica protectora.<\/p><div data-nosnippet=\"true\"><p>El penjoll iWell Guard s&#8217;insereix en aquesta l\u00ednia culturalhist\u00f2rica d&#8217;objectes protectors portables, en una arquitectura de materials contempor\u00e0nia, fabricat a Alemanya. 41 capes, or aut\u00e8ntic, plat\u00ed, plata. Dret de devoluci\u00f3 de 30 dies.<\/p><\/div>\t\t\t\t\t\t\t\t<\/div>\n\t\t\t\t<div class=\"elementor-element elementor-element-iwgcc-islam-b iwg-cc-button iwg-cc-cta-2026-05-13 elementor-widget elementor-widget-jet-button\" data-id=\"iwgcc-islam-b\" data-element_type=\"widget\" data-e-type=\"widget\" data-widget_type=\"jet-button.default\">\n\t\t\t\t<div class=\"elementor-widget-container\">\n\t\t\t\t\t<div class=\"elementor-jet-button jet-elements\"><div class=\"jet-button__container\"><a class=\"jet-button__instance jet-button__instance--icon-left hover-effect-1\" href=\"\/ueber-iwell-guard\/?utm_source=iwell-guard.com&amp;utm_medium=info-box&amp;utm_campaign=kultur-tradition\"><div class=\"jet-button__plane jet-button__plane-normal\"><\/div><div class=\"jet-button__plane jet-button__plane-hover\"><\/div><div class=\"jet-button__state jet-button__state-normal\"><span class=\"jet-button__label\">M\u00e9s informaci\u00f3 sobre l'iWell Guard<\/span><\/div><div class=\"jet-button__state jet-button__state-hover\"><span class=\"jet-button__label\">M\u00e9s informaci\u00f3 sobre l'iWell Guard<\/span><\/div><\/a><\/div><\/div><style>.elementor-element.elementor-element-iwgcc-islam-b .jet-button__instance{width:320px;height:56px;}.elementor-element.elementor-element-iwgcc-islam-b .jet-button__state-normal .jet-button__label{text-align:center;margin:0px 0px 0px 0px;color:#1a1b20;font-family:Montserrat,sans-serif;font-size:13px;font-weight:400;letter-spacing:4px;line-height:1.714em;text-transform:uppercase;}.elementor-element.elementor-element-iwgcc-islam-b .jet-button__state-hover .jet-button__label{text-align:center;margin:0px 0px 0px 0px;color:#FECC76;font-family:Montserrat,sans-serif;font-size:13px;font-weight:400;letter-spacing:4px;line-height:1.714em;text-transform:uppercase;}.elementor-element.elementor-element-iwgcc-islam-b .jet-button__plane-normal{background-color:#FECC76;border-style:solid;border-color:#C99540;border-width:2px 2px 2px 2px;}.elementor-element.elementor-element-iwgcc-islam-b .jet-button__plane-hover{background-color:rgba(0,0,0,0.55);border-style:solid;border-color:#FECC76;border-width:2px 2px 2px 2px;}<\/style>\t\t\t\t<\/div>\n\t\t\t\t<\/div>\n\t\t\t\t<div class=\"elementor-element elementor-element-iwgcc-islam-d elementor-widget elementor-widget-text-editor\" data-id=\"iwgcc-islam-d\" data-element_type=\"widget\" data-e-type=\"widget\" data-widget_type=\"text-editor.default\">\n\t\t\t\t\t\t\t\t\t<div data-nosnippet=\"true\"><p style=\"text-align:center;font-size:13px;opacity:0.7;margin-top:14px\" data-nosnippet=\"true\">Les experi\u00e8ncies personals poden variar. No \u00e9s un producte sanitari. No \u00e9s una promesa de curaci\u00f3.<\/p><\/div>\t\t\t\t\t\t\t\t<\/div>\n\t\t\t\t\t<\/div>\n\t\t\t\t<\/div>\n\t\t\t\t\t<\/div>\n\t\t\t\t<\/div>\n\t\t<div class=\"elementor-element elementor-element-iwgkw-add-islam e-flex e-con-boxed e-con e-parent\" data-id=\"iwgkw-add-islam\" data-element_type=\"container\" data-e-type=\"container\">\n\t\t\t\t\t<div class=\"e-con-inner\">\n\t\t\t\t<div class=\"elementor-element elementor-element-iwgkw-add-islam-t elementor-widget elementor-widget-text-editor\" data-id=\"iwgkw-add-islam-t\" data-element_type=\"widget\" data-e-type=\"widget\" data-widget_type=\"text-editor.default\">\n\t\t\t\t\t\t\t\t\t<p>La <span class=\"iwg-fachbegriff\" data-tooltip=\"El conjunt de narracions transmeses sobre d\u00e9us d'una cultura.\" tabindex=\"0\">mitologia<\/span> de l&#8217;islam est\u00e0 estretament lligada a la visi\u00f3 del m\u00f3n cor\u00e1nica i a la <span class=\"iwg-fachbegriff\" data-tooltip=\"La transmissi\u00f3 de coneixements i narracions al llarg de generacions.\" tabindex=\"0\">tradici\u00f3<\/span> dels hadits. A m\u00e9s d&#8217;\u00e0ngels i profetes, reconeix classes pr\u00f2pies d&#8217;\u00e9ssers, com els genis i els shayatin, el paper dels quals es descriu en la creaci\u00f3, la temptaci\u00f3 i el final dels temps.<\/p><p>Des del punt de vista de la ci\u00e8ncia de les religions, s&#8217;hi poden resseguir tant idees de l&#8217;Ar\u00e0bia preisl\u00e0mica com refer\u00e8ncies jueves i cristianes.<\/p>\t\t\t\t\t\t\t\t<\/div>\n\t\t\t\t\t<\/div>\n\t\t\t\t<\/div>\n\t\t<div class=\"elementor-element elementor-element-iwgssrev-islam e-flex e-con-boxed e-con e-parent\" data-id=\"iwgssrev-islam\" data-element_type=\"container\" data-e-type=\"container\">\n\t\t\t\t\t<div class=\"e-con-inner\">\n\t\t\t\t<div class=\"elementor-element elementor-element-iwgssrev-islam-h elementor-widget elementor-widget-heading\" data-id=\"iwgssrev-islam-h\" data-element_type=\"widget\" data-e-type=\"widget\" data-widget_type=\"heading.default\">\n\t\t\t\t\t<h2 class=\"elementor-heading-title elementor-size-default\">S\u00edmbols de protecci\u00f3 de l'islam<\/h2>\t\t\t\t<\/div>\n\t\t\t\t<div class=\"elementor-element elementor-element-iwgssrev-islam-t elementor-widget elementor-widget-text-editor\" data-id=\"iwgssrev-islam-t\" data-element_type=\"widget\" data-e-type=\"widget\" data-widget_type=\"text-editor.default\">\n\t\t\t\t\t\t\t\t\t<p>El lexic\u00f3 de s\u00edmbols de protecci\u00f3 tracta diversos signes i objectes de l&#8217;islam en p\u00e0gines pr\u00f2pies: <a href=\"https:\/\/iwell-guard.com\/ca\/?page_id=171937\">Ayat al-Kursi<\/a>, <a href=\"https:\/\/iwell-guard.com\/ca\/?page_id=171938\">Buduh<\/a>, <a href=\"https:\/\/iwell-guard.com\/ca\/?page_id=171940\">Maschallah<\/a>, <a href=\"https:\/\/iwell-guard.com\/ca\/?page_id=171911\">Ta\u02bfw\u012bz<\/a> i <a href=\"https:\/\/iwell-guard.com\/ca\/?page_id=171939\">Zulfiqar<\/a>. Una visi\u00f3 transcultural es troba a la p\u00e0gina sobre els <a href=\"https:\/\/iwell-guard.com\/ca\/?page_id=171653\">s\u00edmbols de protecci\u00f3<\/a>.<\/p>\t\t\t\t\t\t\t\t<\/div>\n\t\t\t\t\t<\/div>\n\t\t\t\t<\/div>\n\t\t\t\t<\/div>\n\t\t","protected":false},"excerpt":{"rendered":"","protected":false},"author":3,"featured_media":1595,"parent":0,"menu_order":0,"comment_status":"closed","ping_status":"closed","template":"elementor_header_footer","meta":{"_yoast_wpseo_focuskw":"dimonis isl\u00e0mics","_yoast_wpseo_title":"Islam - \u00c0ngels, Jinn i figures Shaitan","_yoast_wpseo_metadesc":"\u00c9ssers de la tradici\u00f3 isl\u00e0mica a iWell Guard. Tradici\u00f3 isl\u00e0mica des del segle VII. \u00c0ngels, Jinn i figures Shaitan al costat de l'estricte","_yoast_wpseo_meta-robots-noindex":"","_yoast_wpseo_canonical":"","_angie_page":false,"gefaehrdungsstufe":"","wesen_kultur":"","wesen_klasse":"","footnotes":""},"categories":[],"class_list":["post-171365","page","type-page","status-publish","has-post-thumbnail","hentry"],"yoast_head":"<!-- This site is optimized with the Yoast SEO Premium plugin v27.7 (Yoast SEO v28.3) - https:\/\/yoast.com\/product\/yoast-seo-premium-wordpress\/ -->\n<title>Islam - \u00c0ngels, Jinn i figures Shaitan<\/title>\n<meta name=\"description\" content=\"\u00c9ssers de la tradici\u00f3 isl\u00e0mica a iWell Guard. Tradici\u00f3 isl\u00e0mica des del segle VII. \u00c0ngels, Jinn i figures Shaitan al costat de l&#039;estricte\" \/>\n<meta name=\"robots\" content=\"index, follow, max-snippet:-1, max-image-preview:large, max-video-preview:-1\" \/>\n<link rel=\"canonical\" href=\"https:\/\/iwell-guard.com\/ca\/islam\/\" \/>\n<meta property=\"og:locale\" content=\"ca_ES\" \/>\n<meta property=\"og:type\" content=\"article\" \/>\n<meta property=\"og:title\" content=\"Islam\" \/>\n<meta property=\"og:description\" content=\"\u00c9ssers de la tradici\u00f3 isl\u00e0mica a iWell Guard. Tradici\u00f3 isl\u00e0mica des del segle VII. \u00c0ngels, Jinn i figures Shaitan al costat de l&#039;estricte\" \/>\n<meta property=\"og:url\" content=\"https:\/\/iwell-guard.com\/ca\/islam\/\" \/>\n<meta property=\"og:site_name\" content=\"iWell Guard\" \/>\n<meta property=\"article:modified_time\" content=\"2026-09-05T15:55:56+00:00\" \/>\n<meta property=\"og:image\" content=\"https:\/\/iwell-guard.com\/wp-content\/uploads\/2026\/04\/goetter_islam_iblis.webp\" \/>\n\t<meta property=\"og:image:width\" content=\"1024\" \/>\n\t<meta property=\"og:image:height\" content=\"1536\" \/>\n\t<meta property=\"og:image:type\" content=\"image\/webp\" \/>\n<meta name=\"twitter:card\" content=\"summary_large_image\" \/>\n<script type=\"application\/ld+json\" class=\"yoast-schema-graph\">{\"@context\":\"https:\\\/\\\/schema.org\",\"@graph\":[{\"@type\":\"WebPage\",\"@id\":\"https:\\\/\\\/iwell-guard.com\\\/ca\\\/islam\\\/\",\"url\":\"https:\\\/\\\/iwell-guard.com\\\/ca\\\/islam\\\/\",\"name\":\"Islam - \u00c0ngels, Jinn i figures Shaitan\",\"isPartOf\":{\"@id\":\"https:\\\/\\\/iwell-guard.com\\\/ca\\\/#website\"},\"primaryImageOfPage\":{\"@id\":\"https:\\\/\\\/iwell-guard.com\\\/ca\\\/islam\\\/#primaryimage\"},\"image\":{\"@id\":\"https:\\\/\\\/iwell-guard.com\\\/ca\\\/islam\\\/#primaryimage\"},\"thumbnailUrl\":\"https:\\\/\\\/iwell-guard.com\\\/wp-content\\\/uploads\\\/2026\\\/04\\\/goetter_islam_iblis.webp\",\"datePublished\":\"2026-09-05T15:38:46+00:00\",\"dateModified\":\"2026-09-05T15:55:56+00:00\",\"description\":\"\u00c9ssers de la tradici\u00f3 isl\u00e0mica a iWell Guard. Tradici\u00f3 isl\u00e0mica des del segle VII. \u00c0ngels, Jinn i figures Shaitan al costat de l'estricte\",\"breadcrumb\":{\"@id\":\"https:\\\/\\\/iwell-guard.com\\\/ca\\\/islam\\\/#breadcrumb\"},\"inLanguage\":\"ca\",\"potentialAction\":[{\"@type\":\"ReadAction\",\"target\":[\"https:\\\/\\\/iwell-guard.com\\\/ca\\\/islam\\\/\"]}]},{\"@type\":\"ImageObject\",\"inLanguage\":\"ca\",\"@id\":\"https:\\\/\\\/iwell-guard.com\\\/ca\\\/islam\\\/#primaryimage\",\"url\":\"https:\\\/\\\/iwell-guard.com\\\/wp-content\\\/uploads\\\/2026\\\/04\\\/goetter_islam_iblis.webp\",\"contentUrl\":\"https:\\\/\\\/iwell-guard.com\\\/wp-content\\\/uploads\\\/2026\\\/04\\\/goetter_islam_iblis.webp\",\"width\":1024,\"height\":1536,\"caption\":\"D\u00e9us de la tradici\u00f3 isl\u00e0mica.\"},{\"@type\":\"BreadcrumbList\",\"@id\":\"https:\\\/\\\/iwell-guard.com\\\/ca\\\/islam\\\/#breadcrumb\",\"itemListElement\":[{\"@type\":\"ListItem\",\"position\":1,\"name\":\"Start\",\"item\":\"https:\\\/\\\/iwell-guard.com\\\/ca\\\/?page_id=171333\"},{\"@type\":\"ListItem\",\"position\":2,\"name\":\"Islam\"}]},{\"@type\":\"WebSite\",\"@id\":\"https:\\\/\\\/iwell-guard.com\\\/ca\\\/#website\",\"url\":\"https:\\\/\\\/iwell-guard.com\\\/ca\\\/\",\"name\":\"iWell Guard\",\"description\":\"Schutz vor dunklen Einfl\u00fcssen\",\"publisher\":{\"@id\":\"https:\\\/\\\/iwell-guard.com\\\/ca\\\/#organization\"},\"potentialAction\":[{\"@type\":\"SearchAction\",\"target\":{\"@type\":\"EntryPoint\",\"urlTemplate\":\"https:\\\/\\\/iwell-guard.com\\\/ca\\\/?s={search_term_string}\"},\"query-input\":{\"@type\":\"PropertyValueSpecification\",\"valueRequired\":true,\"valueName\":\"search_term_string\"}}],\"inLanguage\":\"ca\"},{\"@type\":\"Organization\",\"@id\":\"https:\\\/\\\/iwell-guard.com\\\/ca\\\/#organization\",\"name\":\"Ittermann electronic GmbH\",\"url\":\"https:\\\/\\\/iwell-guard.com\\\/ca\\\/\",\"logo\":{\"@type\":\"ImageObject\",\"inLanguage\":\"ca\",\"@id\":\"https:\\\/\\\/iwell-guard.com\\\/ca\\\/#\\\/schema\\\/logo\\\/image\\\/\",\"url\":\"https:\\\/\\\/iwell-guard.com\\\/wp-content\\\/uploads\\\/2026\\\/05\\\/Ittermann-Logo-1182x237-1.png\",\"contentUrl\":\"https:\\\/\\\/iwell-guard.com\\\/wp-content\\\/uploads\\\/2026\\\/05\\\/Ittermann-Logo-1182x237-1.png\",\"width\":1182,\"height\":237,\"caption\":\"Ittermann electronic GmbH\"},\"image\":{\"@id\":\"https:\\\/\\\/iwell-guard.com\\\/ca\\\/#\\\/schema\\\/logo\\\/image\\\/\"},\"sameAs\":[\"https:\\\/\\\/pantip.com\\\/profile\\\/9367242\",\"https:\\\/\\\/micro.blog\\\/iwellguard\",\"https:\\\/\\\/www.diggerslist.com\\\/iwellguard\\\/about\",\"https:\\\/\\\/skitterphoto.com\\\/photographers\\\/2870314\\\/iwell-guard\",\"https:\\\/\\\/iwellguard.wordpress.com\\\/2026\\\/06\\\/06\\\/iwell-guard\\\/\",\"https:\\\/\\\/hub.docker.com\\\/u\\\/iwellguard\",\"https:\\\/\\\/www.pinterest.com\\\/iwellguard\\\/\",\"https:\\\/\\\/bit.ly\\\/m\\\/iwellguard\",\"https:\\\/\\\/entre-vos-mains.alsace.eu\\\/profiles\\\/iwellguard\\\/activity\",\"https:\\\/\\\/gravatar.com\\\/reallybeded8fd34\",\"https:\\\/\\\/naijamatta.com\\\/iwellguard\",\"https:\\\/\\\/www.goodreads.com\\\/iwellguard\",\"https:\\\/\\\/profile.hatena.ne.jp\\\/iwellguard\\\/\",\"https:\\\/\\\/experiment.com\\\/users\\\/iwellguard\",\"https:\\\/\\\/wakelet.com\\\/@iWellGuard82270\",\"https:\\\/\\\/www.chordie.com\\\/forum\\\/profile.php?id=2555664\",\"https:\\\/\\\/www.instapaper.com\\\/p\\\/17757966\",\"https:\\\/\\\/www.mapleprimes.com\\\/users\\\/iwellguard\",\"https:\\\/\\\/businesslistingplus.com\\\/profile\\\/iwell-guard\\\/\",\"https:\\\/\\\/telegra.ph\\\/iWell-Guard-06-06\",\"https:\\\/\\\/pbase.com\\\/iwellguard\\\/iwellguard\",\"https:\\\/\\\/b.hatena.ne.jp\\\/iwellguard\\\/20260607#bookmark-4788405196491818882\",\"https:\\\/\\\/fliphtml5.com\\\/home\\\/iwellguard\",\"https:\\\/\\\/anyflip.com\\\/homepage\\\/cmiwl#About\",\"https:\\\/\\\/transfur.com\\\/Users\\\/iwellguard\",\"http:\\\/\\\/delphi.larsbo.org\\\/user\\\/iwellguard\",\"https:\\\/\\\/jobs.lajobsportal.org\\\/profiles\\\/8380803-iwell-guard\",\"https:\\\/\\\/md.chaosdorf.de\\\/s\\\/jfbe5SBdJD\",\"https:\\\/\\\/www.lingvolive.com\\\/en-us\\\/profile\\\/9ecaeaca-ce11-4e51-9e71-01d55e2bff36\\\/translations\",\"https:\\\/\\\/www.fitday.com\\\/fitness\\\/forums\\\/members\\\/iwellguard.html\",\"https:\\\/\\\/www.mymeetbook.com\\\/iwellguard\",\"https:\\\/\\\/pxhere.com\\\/en\\\/photographer-me\\\/5040798\",\"https:\\\/\\\/disqus.com\\\/by\\\/iwellguard\\\/about\\\/\",\"https:\\\/\\\/pastelink.net\\\/hjwciqwq\",\"https:\\\/\\\/pubhtml5.com\\\/homepage\\\/scjhn\\\/\",\"https:\\\/\\\/www.bitchute.com\\\/channel\\\/2O2eOKzNqujT\",\"https:\\\/\\\/audiomack.com\\\/iwellguard\"]}]}<\/script>\n<!-- \/ Yoast SEO Premium plugin. -->","yoast_head_json":{"title":"Islam - \u00c0ngels, Jinn i figures Shaitan","description":"\u00c9ssers de la tradici\u00f3 isl\u00e0mica a iWell Guard. Tradici\u00f3 isl\u00e0mica des del segle VII. \u00c0ngels, Jinn i figures Shaitan al costat de l'estricte","robots":{"index":"index","follow":"follow","max-snippet":"max-snippet:-1","max-image-preview":"max-image-preview:large","max-video-preview":"max-video-preview:-1"},"canonical":"https:\/\/iwell-guard.com\/ca\/islam\/","og_locale":"ca_ES","og_type":"article","og_title":"Islam","og_description":"\u00c9ssers de la tradici\u00f3 isl\u00e0mica a iWell Guard. Tradici\u00f3 isl\u00e0mica des del segle VII. \u00c0ngels, Jinn i figures Shaitan al costat de l'estricte","og_url":"https:\/\/iwell-guard.com\/ca\/islam\/","og_site_name":"iWell Guard","article_modified_time":"2026-09-05T15:55:56+00:00","og_image":[{"width":1024,"height":1536,"url":"https:\/\/iwell-guard.com\/wp-content\/uploads\/2026\/04\/goetter_islam_iblis.webp","type":"image\/webp"}],"twitter_card":"summary_large_image","schema":{"@context":"https:\/\/schema.org","@graph":[{"@type":"WebPage","@id":"https:\/\/iwell-guard.com\/ca\/islam\/","url":"https:\/\/iwell-guard.com\/ca\/islam\/","name":"Islam - \u00c0ngels, Jinn i figures Shaitan","isPartOf":{"@id":"https:\/\/iwell-guard.com\/ca\/#website"},"primaryImageOfPage":{"@id":"https:\/\/iwell-guard.com\/ca\/islam\/#primaryimage"},"image":{"@id":"https:\/\/iwell-guard.com\/ca\/islam\/#primaryimage"},"thumbnailUrl":"https:\/\/iwell-guard.com\/wp-content\/uploads\/2026\/04\/goetter_islam_iblis.webp","datePublished":"2026-09-05T15:38:46+00:00","dateModified":"2026-09-05T15:55:56+00:00","description":"\u00c9ssers de la tradici\u00f3 isl\u00e0mica a iWell Guard. Tradici\u00f3 isl\u00e0mica des del segle VII. \u00c0ngels, Jinn i figures Shaitan al costat de l'estricte","breadcrumb":{"@id":"https:\/\/iwell-guard.com\/ca\/islam\/#breadcrumb"},"inLanguage":"ca","potentialAction":[{"@type":"ReadAction","target":["https:\/\/iwell-guard.com\/ca\/islam\/"]}]},{"@type":"ImageObject","inLanguage":"ca","@id":"https:\/\/iwell-guard.com\/ca\/islam\/#primaryimage","url":"https:\/\/iwell-guard.com\/wp-content\/uploads\/2026\/04\/goetter_islam_iblis.webp","contentUrl":"https:\/\/iwell-guard.com\/wp-content\/uploads\/2026\/04\/goetter_islam_iblis.webp","width":1024,"height":1536,"caption":"D\u00e9us de la tradici\u00f3 isl\u00e0mica."},{"@type":"BreadcrumbList","@id":"https:\/\/iwell-guard.com\/ca\/islam\/#breadcrumb","itemListElement":[{"@type":"ListItem","position":1,"name":"Start","item":"https:\/\/iwell-guard.com\/ca\/?page_id=171333"},{"@type":"ListItem","position":2,"name":"Islam"}]},{"@type":"WebSite","@id":"https:\/\/iwell-guard.com\/ca\/#website","url":"https:\/\/iwell-guard.com\/ca\/","name":"iWell Guard","description":"Schutz vor dunklen Einfl\u00fcssen","publisher":{"@id":"https:\/\/iwell-guard.com\/ca\/#organization"},"potentialAction":[{"@type":"SearchAction","target":{"@type":"EntryPoint","urlTemplate":"https:\/\/iwell-guard.com\/ca\/?s={search_term_string}"},"query-input":{"@type":"PropertyValueSpecification","valueRequired":true,"valueName":"search_term_string"}}],"inLanguage":"ca"},{"@type":"Organization","@id":"https:\/\/iwell-guard.com\/ca\/#organization","name":"Ittermann electronic GmbH","url":"https:\/\/iwell-guard.com\/ca\/","logo":{"@type":"ImageObject","inLanguage":"ca","@id":"https:\/\/iwell-guard.com\/ca\/#\/schema\/logo\/image\/","url":"https:\/\/iwell-guard.com\/wp-content\/uploads\/2026\/05\/Ittermann-Logo-1182x237-1.png","contentUrl":"https:\/\/iwell-guard.com\/wp-content\/uploads\/2026\/05\/Ittermann-Logo-1182x237-1.png","width":1182,"height":237,"caption":"Ittermann electronic GmbH"},"image":{"@id":"https:\/\/iwell-guard.com\/ca\/#\/schema\/logo\/image\/"},"sameAs":["https:\/\/pantip.com\/profile\/9367242","https:\/\/micro.blog\/iwellguard","https:\/\/www.diggerslist.com\/iwellguard\/about","https:\/\/skitterphoto.com\/photographers\/2870314\/iwell-guard","https:\/\/iwellguard.wordpress.com\/2026\/06\/06\/iwell-guard\/","https:\/\/hub.docker.com\/u\/iwellguard","https:\/\/www.pinterest.com\/iwellguard\/","https:\/\/bit.ly\/m\/iwellguard","https:\/\/entre-vos-mains.alsace.eu\/profiles\/iwellguard\/activity","https:\/\/gravatar.com\/reallybeded8fd34","https:\/\/naijamatta.com\/iwellguard","https:\/\/www.goodreads.com\/iwellguard","https:\/\/profile.hatena.ne.jp\/iwellguard\/","https:\/\/experiment.com\/users\/iwellguard","https:\/\/wakelet.com\/@iWellGuard82270","https:\/\/www.chordie.com\/forum\/profile.php?id=2555664","https:\/\/www.instapaper.com\/p\/17757966","https:\/\/www.mapleprimes.com\/users\/iwellguard","https:\/\/businesslistingplus.com\/profile\/iwell-guard\/","https:\/\/telegra.ph\/iWell-Guard-06-06","https:\/\/pbase.com\/iwellguard\/iwellguard","https:\/\/b.hatena.ne.jp\/iwellguard\/20260607#bookmark-4788405196491818882","https:\/\/fliphtml5.com\/home\/iwellguard","https:\/\/anyflip.com\/homepage\/cmiwl#About","https:\/\/transfur.com\/Users\/iwellguard","http:\/\/delphi.larsbo.org\/user\/iwellguard","https:\/\/jobs.lajobsportal.org\/profiles\/8380803-iwell-guard","https:\/\/md.chaosdorf.de\/s\/jfbe5SBdJD","https:\/\/www.lingvolive.com\/en-us\/profile\/9ecaeaca-ce11-4e51-9e71-01d55e2bff36\/translations","https:\/\/www.fitday.com\/fitness\/forums\/members\/iwellguard.html","https:\/\/www.mymeetbook.com\/iwellguard","https:\/\/pxhere.com\/en\/photographer-me\/5040798","https:\/\/disqus.com\/by\/iwellguard\/about\/","https:\/\/pastelink.net\/hjwciqwq","https:\/\/pubhtml5.com\/homepage\/scjhn\/","https:\/\/www.bitchute.com\/channel\/2O2eOKzNqujT","https:\/\/audiomack.com\/iwellguard"]}]}},"_links":{"self":[{"href":"https:\/\/iwell-guard.com\/ca\/wp-json\/wp\/v2\/pages\/171365","targetHints":{"allow":["GET"]}}],"collection":[{"href":"https:\/\/iwell-guard.com\/ca\/wp-json\/wp\/v2\/pages"}],"about":[{"href":"https:\/\/iwell-guard.com\/ca\/wp-json\/wp\/v2\/types\/page"}],"author":[{"embeddable":true,"href":"https:\/\/iwell-guard.com\/ca\/wp-json\/wp\/v2\/users\/3"}],"replies":[{"embeddable":true,"href":"https:\/\/iwell-guard.com\/ca\/wp-json\/wp\/v2\/comments?post=171365"}],"version-history":[{"count":0,"href":"https:\/\/iwell-guard.com\/ca\/wp-json\/wp\/v2\/pages\/171365\/revisions"}],"wp:featuredmedia":[{"embeddable":true,"href":"https:\/\/iwell-guard.com\/ca\/wp-json\/wp\/v2\/media\/1595"}],"wp:attachment":[{"href":"https:\/\/iwell-guard.com\/ca\/wp-json\/wp\/v2\/media?parent=171365"}],"wp:term":[{"taxonomy":"category","embeddable":true,"href":"https:\/\/iwell-guard.com\/ca\/wp-json\/wp\/v2\/categories?post=171365"}],"curies":[{"name":"wp","href":"https:\/\/api.w.org\/{rel}","templated":true}]}}