{"id":171364,"date":"2026-09-05T15:38:46","date_gmt":"2026-09-05T15:38:46","guid":{"rendered":"https:\/\/iwell-guard.com\/?page_id=171364"},"modified":"2026-09-05T15:55:52","modified_gmt":"2026-09-05T15:55:52","slug":"cristianisme","status":"publish","type":"page","link":"https:\/\/iwell-guard.com\/ca\/cristianisme\/","title":{"rendered":"Cristianisme"},"content":{"rendered":"\t\t<div data-elementor-type=\"wp-page\" data-elementor-id=\"171364\" class=\"elementor elementor-171364 elementor-1011\" data-elementor-post-type=\"page\">\n\t\t\t\t<div class=\"elementor-element elementor-element-k-hero-rebuilt-christ iwg-kultur-hero e-flex e-con-boxed e-con e-parent\" data-id=\"k-hero-rebuilt-christ\" data-element_type=\"container\" data-e-type=\"container\">\n\t\t\t\t\t<div class=\"e-con-inner\">\n\t\t<div class=\"elementor-element elementor-element-khleft-christ iwg-kultur-hero-left e-flex e-con-boxed e-con e-child\" data-id=\"khleft-christ\" data-element_type=\"container\" data-e-type=\"container\">\n\t\t\t\t\t<div class=\"e-con-inner\">\n\t\t\t\t<div class=\"elementor-element elementor-element-k-h1-christentum elementor-widget elementor-widget-heading\" data-id=\"k-h1-christentum\" data-element_type=\"widget\" data-e-type=\"widget\" data-widget_type=\"heading.default\">\n\t\t\t\t\t<h1 class=\"elementor-heading-title elementor-size-default\">Cristianisme, \u00e9ssers i tradici\u00f3<\/h1>\t\t\t\t<\/div>\n\t\t<div class=\"elementor-element elementor-element-aj11-hero-lead-christ e-con-full e-flex e-con e-child\" data-id=\"aj11-hero-lead-christ\" data-element_type=\"container\" data-e-type=\"container\">\n\t\t\t\t<div class=\"elementor-element elementor-element-k-lead-christentum elementor-widget elementor-widget-text-editor\" data-id=\"k-lead-christentum\" data-element_type=\"widget\" data-e-type=\"widget\" data-widget_type=\"text-editor.default\">\n\t\t\t\t\t\t\t\t\t<p><strong>\u00c9ssers de la tradici\u00f3 del Cristianisme<\/strong> a iWell Guard. Tradici\u00f3 cristiana des del segle I, amb una capa demonol\u00f2gica procedent d&#8217;<span class=\"iwg-fachbegriff\" tabindex=\"0\" data-tooltip=\"Escrits religiosos aliens al c\u00e0non b\u00edblic; en la tradici\u00f3 jueva i cristiana situats entre el can\u00f2nic i el no can\u00f2nic.\">ap\u00f2crifs<\/span>, de la <span class=\"iwg-fachbegriff\" data-tooltip=\"La doctrina cient\u00edfica sobre D\u00e9u i sobre la fe d'una religi\u00f3.\" tabindex=\"0\">teologia<\/span> medieval i de l&#8217;\u00e8poca moderna primerenca.<\/p>\t\t\t\t\t\t\t\t<\/div>\n\t\t\t\t<\/div>\n\t\t<div class=\"elementor-element elementor-element-aj11-hero-toc-christ e-con-full e-flex e-con e-child\" data-id=\"aj11-hero-toc-christ\" data-element_type=\"container\" data-e-type=\"container\">\n\t\t\t\t<div class=\"elementor-element elementor-element-k-toc-christentum elementor-widget elementor-widget-text-editor\" data-id=\"k-toc-christentum\" data-element_type=\"widget\" data-e-type=\"widget\" data-widget_type=\"text-editor.default\">\n\t\t\t\t\t\t\t\t\t<p><strong>Contingut d&#8217;aquesta p\u00e0gina:<\/strong><\/p><ul><li><a href=\"#k-christentum-h1\">Ubicaci\u00f3<\/a><\/li><li><a href=\"#x-christentum-h100\">Hist\u00f2ria i pante\u00f3<\/a><\/li><li><a href=\"#x-christentum-h101\">\u00c9ssers en la vida quotidiana<\/a><\/li><li><a href=\"#x-christentum-h102\">Significat actual<\/a><\/li><li><a href=\"#k-christentum-h2\">D\u00e9us (4)<\/a><\/li><li><a href=\"#k-christentum-h3\">Dimonis (3)<\/a><\/li><li><a href=\"#465c9b7\">Aprofundiment<\/a><\/li><\/ul>\t\t\t\t\t\t\t\t<\/div>\n\t\t\t\t<\/div>\n\t\t\t\t\t<\/div>\n\t\t\t\t<\/div>\n\t\t<div class=\"elementor-element elementor-element-khrght-christ iwg-kultur-hero-right e-flex e-con-boxed e-con e-child\" data-id=\"khrght-christ\" data-element_type=\"container\" data-e-type=\"container\">\n\t\t\t\t\t<div class=\"e-con-inner\">\n\t\t\t\t<div class=\"elementor-element elementor-element-k-img-christentum iwg-hero-image elementor-widget elementor-widget-image\" data-id=\"k-img-christentum\" data-element_type=\"widget\" data-e-type=\"widget\" data-widget_type=\"image.default\">\n\t\t\t\t\t\t\t\t\t\t\t\t\t\t\t<img fetchpriority=\"high\" decoding=\"async\" width=\"683\" height=\"1024\" src=\"https:\/\/iwell-guard.com\/wp-content\/uploads\/2026\/04\/goetter_christentum_beelzebub-683x1024.webp\" class=\"attachment-large size-large wp-image-1563\" alt=\"Cristianisme\" srcset=\"https:\/\/iwell-guard.com\/wp-content\/uploads\/2026\/04\/goetter_christentum_beelzebub-683x1024.webp 683w, https:\/\/iwell-guard.com\/wp-content\/uploads\/2026\/04\/goetter_christentum_beelzebub-200x300.webp 200w, https:\/\/iwell-guard.com\/wp-content\/uploads\/2026\/04\/goetter_christentum_beelzebub-768x1152.webp 768w, https:\/\/iwell-guard.com\/wp-content\/uploads\/2026\/04\/goetter_christentum_beelzebub.webp 1024w\" sizes=\"(max-width: 683px) 100vw, 683px\" \/>\t\t\t\t\t\t\t\t\t\t\t\t\t\t\t<\/div>\n\t\t\t\t\t<\/div>\n\t\t\t\t<\/div>\n\t\t\t\t\t<\/div>\n\t\t\t\t<\/div>\n\t\t<div class=\"elementor-element elementor-element-clstrsec-aj12-christen e-con-boxed e-flex e-con e-parent\" data-id=\"clstrsec-aj12-christen\" data-element_type=\"container\" data-e-type=\"container\">\n\t\t\t\t\t<div class=\"e-con-inner\">\n\t\t\t\t<div class=\"elementor-element elementor-element-clstrh2-aj12-christ elementor-widget elementor-widget-heading\" data-id=\"clstrh2-aj12-christ\" data-element_type=\"widget\" data-e-type=\"widget\" data-widget_type=\"heading.default\">\n\t\t\t\t\t<h2 class=\"elementor-heading-title elementor-size-default\">B\u00edblia, \u00e0ngels i \u00e9ssers de la religiositat popular<\/h2>\t\t\t\t<\/div>\n\t\t<div class=\"elementor-element elementor-element-aj12-cluster-text-christen e-con-full e-flex e-con e-child\" data-id=\"aj12-cluster-text-christen\" data-element_type=\"container\" data-e-type=\"container\">\n\t\t\t\t<div class=\"elementor-element elementor-element-aj12-cluster-text-christ-t elementor-widget elementor-widget-text-editor\" data-id=\"aj12-cluster-text-christ-t\" data-element_type=\"widget\" data-e-type=\"widget\" data-widget_type=\"text-editor.default\">\n\t\t\t\t\t\t\t\t\t<p>El cristianisme \u00e9s <strong>monoteista en sentit trinitari<\/strong>, un D\u00e9u en tres persones, i no reconeix en la confessi\u00f3 oficial cap altre \u00e9sser div\u00ed. Malgrat aix\u00f2, existeix una doctrina extraordin\u00e0riament diferenciada sobre els <span class=\"iwg-fachbegriff\" data-tooltip=\"En les religions abrah\u00e0miques, un \u00e9sser missatger celestial de D\u00e9u.\" tabindex=\"0\">\u00e0ngels<\/span> i els dimonis, arrelada en el judaisme i desenvolupada al llarg de dos mil\u00b7lennis.<\/p>\n<p>La jerarquia ang\u00e8lica va ser sistematitzada especialment pel Pseudo-Dion\u00eds al segle V: serafins, querubins, trons, dominacions, virtuts, potestats, principats, arc\u00e0ngels i <span class=\"iwg-fachbegriff\" data-tooltip=\"En les religions abrah\u00e0miques, un \u00e9sser missatger celestial de D\u00e9u.\" tabindex=\"0\">\u00e0ngels<\/span>, nou cors en tres triades.<\/p><p>Miquel, Gabriel i Rafael s\u00f3n els arc\u00e0ngels esmentats pel nom a la B\u00edblia, mentre que Uriel prov\u00e9 de la tradici\u00f3 ap\u00f2crifa. La tradici\u00f3 cat\u00f2lica i de l&#8217;Esgl\u00e9sia oriental coneix a m\u00e9s els <span class=\"iwg-fachbegriff\" data-tooltip=\"Un \u00e0ngel al qual s'atribueix la protecci\u00f3 d'una persona concreta.\" tabindex=\"0\">\u00e0ngels de la guarda<\/span> i els sants com a intercessors.<\/p>\n<p>La demonologia t\u00e9 una llarga hist\u00f2ria: des del Satan neotestamentari i la \u00abLegi\u00f3\u00bb, passant per la classificaci\u00f3 medieval dels <span class=\"iwg-fachbegriff\" data-tooltip=\"En les religions abrah\u00e0miques, un \u00e9sser missatger celestial de D\u00e9u.\" tabindex=\"0\">\u00e0ngels<\/span> caiguts, fins a la go\u00e8tia de l&#8217;\u00e8poca moderna primerenca amb jerarquies anomenades (Bael, Belial, Asmodeu).<\/p><p>El cristianisme popular (la creen\u00e7a en bruixes, la devoci\u00f3 mariana, els sants com a patrons protectors) va configurar un m\u00f3n d&#8217;\u00e9ssers m\u00e9s ampli, no sempre acceptat oficialment per\u00f2 present arreu en la pr\u00e0ctica religiosa.<\/p>\t\t\t\t\t\t\t\t<\/div>\n\t\t\t\t<\/div>\n\t\t\t\t\t<\/div>\n\t\t\t\t<\/div>\n\t\t<div class=\"elementor-element elementor-element-k-christentum-s1 e-con-boxed e-flex e-con e-parent\" data-id=\"k-christentum-s1\" data-element_type=\"container\" data-e-type=\"container\">\n\t\t\t\t\t<div class=\"e-con-inner\">\n\t\t\t\t<div class=\"elementor-element elementor-element-k-christentum-h1 elementor-widget elementor-widget-heading\" data-id=\"k-christentum-h1\" data-element_type=\"widget\" data-e-type=\"widget\" data-widget_type=\"heading.default\">\n\t\t\t\t\t<h2 class=\"elementor-heading-title elementor-size-default\">Introducci\u00f3<\/h2>\t\t\t\t<\/div>\n\t\t<div class=\"elementor-element elementor-element-aj11-inner-0003 e-con-full e-flex e-con e-child\" data-id=\"aj11-inner-0003\" data-element_type=\"container\" data-e-type=\"container\">\n\t\t\t\t<div class=\"elementor-element elementor-element-k-christentum-t1 elementor-widget elementor-widget-text-editor\" data-id=\"k-christentum-t1\" data-element_type=\"widget\" data-e-type=\"widget\" data-widget_type=\"text-editor.default\">\n\t\t\t\t\t\t\t\t\t<p><strong>Per\u00edode:<\/strong> Des del segle I dC; la capa demonol\u00f2gica sobretot entre els segles III i XVII.<\/p><p>Difusi\u00f3: Imperi rom\u00e0, Europa medieval, \u00e8poca colonial arreu del m\u00f3n.<\/p><p>Fonts: B\u00edblia (Apocalipsi, Isa\u00efes 14), <span class=\"iwg-fachbegriff\" tabindex=\"0\" data-tooltip=\"Escrits religiosos aliens al c\u00e0non b\u00edblic; en la tradici\u00f3 jueva i cristiana situats entre el can\u00f2nic i el no can\u00f2nic.\">ap\u00f2crifs<\/span> (Enoc), Pseudo-Areopagita, go\u00e8tia, <span class=\"iwg-fachbegriff\" tabindex=\"0\" data-tooltip=\"Compilaci\u00f3 manuscrita de la m\u00e0gia ritual de l'\u00e8poca moderna primerenca, cinc llibres (Go\u00e8tia, Theurgia-Goetia, Ars Paulina, Ars Almadel, Ars Notoria); segle XVII.\">Lemegeton<\/span>, <span class=\"iwg-fachbegriff\" tabindex=\"0\" data-tooltip=\"Esoterista franc\u00e8s (1810\u20131875); va configurar la m\u00e0gia ritual moderna amb Dogme et Rituel de la Haute Magie (1854).\">Eliphas Levi<\/span>.<\/p><p><span class=\"iwg-fachbegriff\" data-tooltip=\"El conjunt dels d\u00e9us d'una religi\u00f3 o cultura.\" tabindex=\"0\">Pante\u00f3<\/span> i classes d&#8217;\u00e9ssers: jerarquies d&#8217;<span class=\"iwg-fachbegriff\" data-tooltip=\"En les religions abrah\u00e0miques, un \u00e9sser missatger celestial de D\u00e9u.\" tabindex=\"0\">\u00e0ngels<\/span> (querubins, serafins, arc\u00e0ngels), <span class=\"iwg-fachbegriff\" data-tooltip=\"En les religions abrah\u00e0miques, un \u00e9sser missatger celestial de D\u00e9u.\" tabindex=\"0\">\u00e0ngels<\/span> caiguts (Llucifer, Satan), dimonis de la go\u00e8tia.<\/p>\t\t\t\t\t\t\t\t<\/div>\n\t\t\t\t<\/div>\n\t\t\t\t\t<\/div>\n\t\t\t\t<\/div>\n\t\t<div class=\"elementor-element elementor-element-x-christentum-s100 e-con-boxed e-flex e-con e-parent\" data-id=\"x-christentum-s100\" data-element_type=\"container\" data-e-type=\"container\">\n\t\t\t\t\t<div class=\"e-con-inner\">\n\t\t\t\t<div class=\"elementor-element elementor-element-x-christentum-h100 elementor-widget elementor-widget-heading\" data-id=\"x-christentum-h100\" data-element_type=\"widget\" data-e-type=\"widget\" data-widget_type=\"heading.default\">\n\t\t\t\t\t<h2 class=\"elementor-heading-title elementor-size-default\">Hist\u00f2ria i pante\u00f3<\/h2>\t\t\t\t<\/div>\n\t\t<div class=\"elementor-element elementor-element-aj11-inner-0004 e-con-full e-flex e-con e-parent\" data-id=\"aj11-inner-0004\" data-element_type=\"container\" data-e-type=\"container\">\n\t\t\t\t<div class=\"elementor-element elementor-element-x-christentum-t100 elementor-widget elementor-widget-text-editor\" data-id=\"x-christentum-t100\" data-element_type=\"widget\" data-e-type=\"widget\" data-widget_type=\"text-editor.default\">\n\t\t\t\t\t\t\t\t\t<p>El cristianisme va sorgir al segle I com a moviment de reforma dins del judaisme i m\u00e9s endavant es va convertir en una religi\u00f3 mundial amb tres confessions (cat\u00f2lica, ortodoxa i protestant). El centre \u00e9s la <span class=\"iwg-fachbegriff\" data-tooltip=\"La doctrina cient\u00edfica sobre D\u00e9u i sobre la fe d'una religi\u00f3.\" tabindex=\"0\">teologia<\/span> d&#8217;un D\u00e9u monoteista, al qual se subordina una jerarquia d&#8217;\u00e0ngels.<\/p><p>Els pseudo-areopag\u00edtics dels segles V i VI van codificar el model dels nou cors ang\u00e8lics. A difer\u00e8ncia de la tradici\u00f3 jueva i isl\u00e0mica, el cristianisme va desenvolupar una demonologia molt marcada: la caiguda de Satan i dels seus <span class=\"iwg-fachbegriff\" data-tooltip=\"En les religions abrah\u00e0miques, un \u00e9sser missatger celestial de D\u00e9u.\" tabindex=\"0\">\u00e0ngels<\/span> es considera la cat\u00e0strofe c\u00f2smica central.<\/p><p>Els te\u00f2legs medievals i de l&#8217;\u00e8poca moderna primerenca van ampliar aquesta doctrina; Tom\u00e0s d&#8217;Aquino la va integrar al segle XIII en la <span class=\"iwg-fachbegriff\" data-tooltip=\"La doctrina cient\u00edfica sobre D\u00e9u i sobre la fe d'una religi\u00f3.\" tabindex=\"0\">teologia<\/span> escol\u00e0stica, on va seguir sent determinant fins ben entrat el segle XX. Els quatre o set arc\u00e0ngels (Miquel, Gabriel, Rafael, Uriel) remeten al Llibre d&#8217;Enoc i a la tradici\u00f3 lit\u00fargica.<\/p>\t\t\t\t\t\t\t\t<\/div>\n\t\t\t\t<\/div>\n\t\t\t\t<div class=\"elementor-element elementor-element-15423f3 elementor-widget elementor-widget-heading\" data-id=\"15423f3\" data-element_type=\"widget\" data-e-type=\"widget\" data-widget_type=\"heading.default\">\n\t\t\t\t\t<h3 class=\"elementor-heading-title elementor-size-default\">Demonologia i persecuci\u00f3 de bruixes<\/h3>\t\t\t\t<\/div>\n\t\t<div class=\"elementor-element elementor-element-bw-e220408-73e6dee e-flex e-con-boxed e-con e-parent\" data-id=\"bw-e220408-73e6dee\" data-element_type=\"container\" data-e-type=\"container\" data-settings=\"{&quot;background_background&quot;:&quot;classic&quot;}\">\n\t\t\t\t\t<div class=\"e-con-inner\">\n\t\t\t\t<div class=\"elementor-element elementor-element-e220408 elementor-widget elementor-widget-text-editor\" data-id=\"e220408\" data-element_type=\"widget\" data-e-type=\"widget\" data-widget_type=\"text-editor.default\">\n\t\t\t\t\t\t\t\t\t<p>La demonologia cristiana va cr\u00e9ixer a partir d&#8217;arrels judeohel\u00b7len\u00edstiques i de la religiositat popular mesopot\u00e0mica i grega. Agust\u00ed d&#8217;Hipona va sistematitzar el concepte del dimoni com a doctrina dels \u00e0ngels caiguts, i Tom\u00e0s d&#8217;Aquino el va desenvolupar escol\u00e0sticament.<\/p><p>A la baixa edat mitjana i a l&#8217;\u00e8poca moderna primerenca, aix\u00f2 es va unir a la persecuci\u00f3 de bruixes; el <a class=\"iwg-fachbegriff\" href=\"https:\/\/iwell-guard.com\/ca\/?page_id=171641\" tabindex=\"0\" data-tooltip=\"Malleus Maleficarum (1486\/87) de Heinrich Kramer; manual de la persecuci\u00f3 de bruixes amb unes 28 edicions fins al 1669.\" style=\"color:inherit;text-decoration:none\">Martell de les bruixes<\/a> (Malleus Maleficarum, 1486) n&#8217;\u00e9s el document principal m\u00e9s infame.<\/p>\t\t\t\t\t\t\t\t<\/div>\n\t\t\t\t\t<\/div>\n\t\t\t\t<\/div>\n\t\t\t\t<div class=\"elementor-element elementor-element-d3eab46 elementor-widget elementor-widget-heading\" data-id=\"d3eab46\" data-element_type=\"widget\" data-e-type=\"widget\" data-widget_type=\"heading.default\">\n\t\t\t\t\t<h3 class=\"elementor-heading-title elementor-size-default\">Sants i religiositat popular<\/h3>\t\t\t\t<\/div>\n\t\t<div class=\"elementor-element elementor-element-bw-766411c-a22cb5e e-flex e-con-boxed e-con e-parent\" data-id=\"bw-766411c-a22cb5e\" data-element_type=\"container\" data-e-type=\"container\" data-settings=\"{&quot;background_background&quot;:&quot;classic&quot;}\">\n\t\t\t\t\t<div class=\"e-con-inner\">\n\t\t\t\t<div class=\"elementor-element elementor-element-766411c elementor-widget elementor-widget-text-editor\" data-id=\"766411c\" data-element_type=\"widget\" data-e-type=\"widget\" data-widget_type=\"text-editor.default\">\n\t\t\t\t\t\t\t\t\t<p>La veneraci\u00f3 dels sants va omplir en el cristianisme el buit que havia deixat el <span class=\"iwg-fachbegriff\" data-tooltip=\"El conjunt dels d\u00e9us d'una religi\u00f3 o cultura.\" tabindex=\"0\">pante\u00f3<\/span> politeista. Els sants locals van assumir funcions de d\u00e9us anteriors: Brigid, cristianitzada com a santa Br\u00edgida de Kildare, va conservar aspectes de la deessa c\u00e8ltica hom\u00f2nima, i Maria va absorbir nombrosos aspectes de les de\u00eftats maternes mediterr\u00e0nies.<\/p><p>El calendari dels sants amb els seus patronatges funciona, des del punt de vista de la fenomenologia religiosa, com un <span class=\"iwg-fachbegriff\" data-tooltip=\"El conjunt dels d\u00e9us d'una religi\u00f3 o cultura.\" tabindex=\"0\">pante\u00f3<\/span>.<\/p><h3>Estat de la investigaci\u00f3<\/h3><p>La investigaci\u00f3 religiosa cristiana \u00e9s la <span class=\"iwg-fachbegriff\" data-tooltip=\"La ci\u00e8ncia que estudia les religions de manera comparativa i sense vinculaci\u00f3 de fe.\" tabindex=\"0\">ci\u00e8ncia de les religions<\/span> metodol\u00f2gicament m\u00e9s desenvolupada. Les obres de refer\u00e8ncia sobre l&#8217;angelologia s\u00f3n David Keck (<em>Angels and Angelology in the Middle Ages<\/em>, 1998).<\/p><p>Sobre la demonologia hi ha la hist\u00f2ria en quatre volums de Jeffrey Burton Russell (<em>The Devil<\/em>, <em>Satan<\/em>, <em>Lucifer<\/em>, <em>Mephistopheles<\/em>, 1977\u20131986), i sobre la veneraci\u00f3 dels sants, Peter Brown (<em>The Cult of the Saints<\/em>, 1981).<\/p>\t\t\t\t\t\t\t\t<\/div>\n\t\t\t\t\t<\/div>\n\t\t\t\t<\/div>\n\t\t\t\t\t<\/div>\n\t\t\t\t<\/div>\n\t\t<div class=\"elementor-element elementor-element-iwgcc-christen-sec e-flex e-con-boxed e-con e-parent\" data-id=\"iwgcc-christen-sec\" data-element_type=\"container\" data-e-type=\"container\" id=\"iwg-cc-christentum\">\n\t\t\t\t\t<div class=\"e-con-inner\">\n\t\t<div class=\"elementor-element elementor-element-iwgcc-christen-inner e-flex e-con-boxed e-con e-parent\" data-id=\"iwgcc-christen-inner\" data-element_type=\"container\" data-e-type=\"container\" data-settings=\"{&quot;background_background&quot;:&quot;classic&quot;}\">\n\t\t\t\t\t<div class=\"e-con-inner\">\n\t\t\t\t<div class=\"elementor-element elementor-element-iwgcc-christen-h elementor-widget elementor-widget-heading\" data-id=\"iwgcc-christen-h\" data-element_type=\"widget\" data-e-type=\"widget\" data-widget_type=\"heading.default\">\n\t\t\t\t\t<h2 class=\"elementor-heading-title elementor-size-default\">Objectes de protecci\u00f3 d'aquesta tradici\u00f3 cultural<\/h2>\t\t\t\t<\/div>\n\t\t\t\t<div class=\"elementor-element elementor-element-iwgcc-christen-t elementor-widget elementor-widget-text-editor\" data-id=\"iwgcc-christen-t\" data-element_type=\"widget\" data-e-type=\"widget\" data-widget_type=\"text-editor.default\">\n\t\t\t\t\t\t\t\t\t<div data-nosnippet=\"true\"><p>La pr\u00e0ctica de protecci\u00f3 cristiana coneix les medalles de sant Crist\u00f2fol per als viatgers, els escapularis per a les comunitats religioses i els penjolls de creu bene\u00efts en la vida quotidiana.<\/p><div data-nosnippet=\"true\"><p>iWell Guard s&#8217;insereix en aquesta l\u00ednia culturohist\u00f2rica d&#8217;objectes de protecci\u00f3 portables, amb una arquitectura de materials contempor\u00e0nia, fabricat a Alemanya. 41 capes, or aut\u00e8ntic, plat\u00ed, plata. Dret de devoluci\u00f3 de 30 dies.<\/p><\/div><\/div>\t\t\t\t\t\t\t\t<\/div>\n\t\t\t\t<div class=\"elementor-element elementor-element-iwgcc-christen-b iwg-cc-button iwg-cc-cta-2026-05-13 elementor-widget elementor-widget-jet-button\" data-id=\"iwgcc-christen-b\" data-element_type=\"widget\" data-e-type=\"widget\" data-widget_type=\"jet-button.default\">\n\t\t\t\t<div class=\"elementor-widget-container\">\n\t\t\t\t\t<div class=\"elementor-jet-button jet-elements\"><div class=\"jet-button__container\"><a class=\"jet-button__instance jet-button__instance--icon-left hover-effect-1\" href=\"\/ueber-iwell-guard\/?utm_source=iwell-guard.com&amp;utm_medium=info-box&amp;utm_campaign=kultur-tradition\"><div class=\"jet-button__plane jet-button__plane-normal\"><\/div><div class=\"jet-button__plane jet-button__plane-hover\"><\/div><div class=\"jet-button__state jet-button__state-normal\"><span class=\"jet-button__label\">M\u00e9s informaci\u00f3 sobre l'iWell Guard<\/span><\/div><div class=\"jet-button__state jet-button__state-hover\"><span class=\"jet-button__label\">M\u00e9s informaci\u00f3 sobre l'iWell Guard<\/span><\/div><\/a><\/div><\/div><style>.elementor-element.elementor-element-iwgcc-christen-b .jet-button__instance{width:320px;height:56px;}.elementor-element.elementor-element-iwgcc-christen-b .jet-button__state-normal .jet-button__label{text-align:center;margin:0px 0px 0px 0px;color:#1a1b20;font-family:Montserrat,sans-serif;font-size:13px;font-weight:400;letter-spacing:4px;line-height:1.714em;text-transform:uppercase;}.elementor-element.elementor-element-iwgcc-christen-b .jet-button__state-hover .jet-button__label{text-align:center;margin:0px 0px 0px 0px;color:#FECC76;font-family:Montserrat,sans-serif;font-size:13px;font-weight:400;letter-spacing:4px;line-height:1.714em;text-transform:uppercase;}.elementor-element.elementor-element-iwgcc-christen-b .jet-button__plane-normal{background-color:#FECC76;border-style:solid;border-color:#C99540;border-width:2px 2px 2px 2px;}.elementor-element.elementor-element-iwgcc-christen-b .jet-button__plane-hover{background-color:rgba(0,0,0,0.55);border-style:solid;border-color:#FECC76;border-width:2px 2px 2px 2px;}<\/style>\t\t\t\t<\/div>\n\t\t\t\t<\/div>\n\t\t\t\t<div class=\"elementor-element elementor-element-iwgcc-christen-d elementor-widget elementor-widget-text-editor\" data-id=\"iwgcc-christen-d\" data-element_type=\"widget\" data-e-type=\"widget\" data-widget_type=\"text-editor.default\">\n\t\t\t\t\t\t\t\t\t<div data-nosnippet=\"true\"><p style=\"text-align:center;font-size:13px;opacity:0.7;margin-top:14px\" data-nosnippet=\"true\">Les experi\u00e8ncies personals poden variar. No \u00e9s un producte sanitari. No \u00e9s una promesa de curaci\u00f3.<\/p><\/div>\t\t\t\t\t\t\t\t<\/div>\n\t\t\t\t\t<\/div>\n\t\t\t\t<\/div>\n\t\t\t\t\t<\/div>\n\t\t\t\t<\/div>\n\t\t<div class=\"elementor-element elementor-element-iwgha-christentum-sec e-flex e-con-boxed e-con e-parent\" data-id=\"iwgha-christentum-sec\" data-element_type=\"container\" data-e-type=\"container\">\n\t\t\t\t\t<div class=\"e-con-inner\">\n\t\t\t\t<div class=\"elementor-element elementor-element-iwgha-christentum-h elementor-widget elementor-widget-heading\" data-id=\"iwgha-christentum-h\" data-element_type=\"widget\" data-e-type=\"widget\" data-widget_type=\"heading.default\">\n\t\t\t\t\t<h2 class=\"elementor-heading-title elementor-size-default\">\u00c9ssers d'aquesta tradici\u00f3 (7)<\/h2>\t\t\t\t<\/div>\n\t\t<div class=\"elementor-element elementor-element-iwgha-christentum-gc e-flex e-con-boxed e-con e-parent\" data-id=\"iwgha-christentum-gc\" data-element_type=\"container\" data-e-type=\"container\">\n\t\t\t\t\t<div class=\"e-con-inner\">\n\t\t\t\t<div class=\"elementor-element elementor-element-iwgha-christentum-grid elementor-widget elementor-widget-text-editor\" data-id=\"iwgha-christentum-grid\" data-element_type=\"widget\" data-e-type=\"widget\" data-widget_type=\"text-editor.default\">\n\t\t\t\t\t\t\t\t\t<div class=\"iwg-wesen-grid\"><a class=\"iwg-wesen-card\" href=\"https:\/\/iwell-guard.com\/ca\/astaroth\/\" aria-label=\"Astaroth\"><div class=\"iwg-wesen-card-imgwrap\"><img decoding=\"async\" src=\"https:\/\/iwell-guard.com\/wp-content\/uploads\/2026\/04\/daemonen_christentum_astaroth-200x300.webp\" alt=\"Astaroth\" loading=\"lazy\"><\/div><div class=\"iwg-wesen-card-body\"><div class=\"iwg-wesen-card-name\">Astaroth<\/div><div class=\"iwg-wesen-card-arrow\">\u2192 A l&#039;\u00e9sser<\/div><\/div><\/a><a class=\"iwg-wesen-card\" href=\"https:\/\/iwell-guard.com\/ca\/baphomet\/\" aria-label=\"Baphomet\"><div class=\"iwg-wesen-card-imgwrap\"><img decoding=\"async\" src=\"https:\/\/iwell-guard.com\/wp-content\/uploads\/2026\/04\/daemonen_christentum_baphomet-200x300.webp\" alt=\"Baphomet\" loading=\"lazy\"><\/div><div class=\"iwg-wesen-card-body\"><div class=\"iwg-wesen-card-name\">Baphomet<\/div><div class=\"iwg-wesen-card-arrow\">\u2192 A l&#039;\u00e9sser<\/div><\/div><\/a><a class=\"iwg-wesen-card\" href=\"https:\/\/iwell-guard.com\/ca\/beelzebub\/\" aria-label=\"Beelzebub\"><div class=\"iwg-wesen-card-imgwrap\"><img decoding=\"async\" src=\"https:\/\/iwell-guard.com\/wp-content\/uploads\/2026\/04\/goetter_christentum_beelzebub-200x300.webp\" alt=\"Beelzebub\" loading=\"lazy\"><\/div><div class=\"iwg-wesen-card-body\"><div class=\"iwg-wesen-card-name\">Beelzebub<\/div><div class=\"iwg-wesen-card-arrow\">\u2192 A l&#039;\u00e9sser<\/div><\/div><\/a><a class=\"iwg-wesen-card\" href=\"https:\/\/iwell-guard.com\/ca\/legio-possessio-i-dimonis-col-lectius\/\" aria-label=\"Legi\u00f3 \u2013 Possessi\u00f3 i dimonis col\u00b7lectius\"><div class=\"iwg-wesen-card-imgwrap\"><img decoding=\"async\" src=\"https:\/\/iwell-guard.com\/wp-content\/uploads\/2026\/04\/daemonen_christentum_legion-200x300.webp\" alt=\"Legi\u00f3 \u2013 Possessi\u00f3 i dimonis col\u00b7lectius\" loading=\"lazy\"><\/div><div class=\"iwg-wesen-card-body\"><div class=\"iwg-wesen-card-name\">Legi\u00f3 \u2013 Possessi\u00f3 i dimonis col\u00b7lectius<\/div><div class=\"iwg-wesen-card-arrow\">\u2192 A l&#039;\u00e9sser<\/div><\/div><\/a><a class=\"iwg-wesen-card\" href=\"https:\/\/iwell-guard.com\/ca\/leviatan\/\" aria-label=\"Leviatan\"><div class=\"iwg-wesen-card-imgwrap\"><img decoding=\"async\" src=\"https:\/\/iwell-guard.com\/wp-content\/uploads\/2026\/04\/goetter_christentum_leviathan-200x300.webp\" alt=\"Leviatan\" loading=\"lazy\"><\/div><div class=\"iwg-wesen-card-body\"><div class=\"iwg-wesen-card-name\">Leviatan<\/div><div class=\"iwg-wesen-card-arrow\">\u2192 A l&#039;\u00e9sser<\/div><\/div><\/a><a class=\"iwg-wesen-card\" href=\"https:\/\/iwell-guard.com\/ca\/llucifer\/\" aria-label=\"Llucifer\"><div class=\"iwg-wesen-card-imgwrap\"><img decoding=\"async\" src=\"https:\/\/iwell-guard.com\/wp-content\/uploads\/2026\/04\/goetter_christentum_luzifer-200x300.webp\" alt=\"Llucifer\" loading=\"lazy\"><\/div><div class=\"iwg-wesen-card-body\"><div class=\"iwg-wesen-card-name\">Llucifer<\/div><div class=\"iwg-wesen-card-arrow\">\u2192 A l&#039;\u00e9sser<\/div><\/div><\/a><a class=\"iwg-wesen-card\" href=\"https:\/\/iwell-guard.com\/ca\/satan\/\" aria-label=\"Satan\"><div class=\"iwg-wesen-card-imgwrap\"><img decoding=\"async\" src=\"https:\/\/iwell-guard.com\/wp-content\/uploads\/2026\/04\/goetter_christentum_satan-200x300.webp\" alt=\"Satan\" loading=\"lazy\"><\/div><div class=\"iwg-wesen-card-body\"><div class=\"iwg-wesen-card-name\">Satan<\/div><div class=\"iwg-wesen-card-arrow\">\u2192 A l&#039;\u00e9sser<\/div><\/div><\/a><\/div>\t\t\t\t\t\t\t\t<\/div>\n\t\t\t\t\t<\/div>\n\t\t\t\t<\/div>\n\t\t\t\t\t<\/div>\n\t\t\t\t<\/div>\n\t\t<div class=\"elementor-element elementor-element-iwgkw-add-christentum e-flex e-con-boxed e-con e-parent\" data-id=\"iwgkw-add-christentum\" data-element_type=\"container\" data-e-type=\"container\">\n\t\t\t\t\t<div class=\"e-con-inner\">\n\t\t\t\t<div class=\"elementor-element elementor-element-iwgkw-add-christentum-t elementor-widget elementor-widget-text-editor\" data-id=\"iwgkw-add-christentum-t\" data-element_type=\"widget\" data-e-type=\"widget\" data-widget_type=\"text-editor.default\">\n\t\t\t\t\t\t\t\t\t<p>El terme <span class=\"iwg-fachbegriff\" data-tooltip=\"El conjunt de les narracions transmeses sobre d\u00e9us d'una cultura.\" tabindex=\"0\">mitologia<\/span> s&#8217;utilitza tradicionalment amb reserva en el cristianisme, ja que les narracions b\u00edbliques s&#8217;entenen teol\u00f2gicament com a hist\u00f2ria de la salvaci\u00f3 i no com a <span class=\"iwg-fachbegriff\" data-tooltip=\"Una narraci\u00f3 transmesa sobre d\u00e9us, or\u00edgens i l'ordre del m\u00f3n.\" tabindex=\"0\">mite<\/span>.<\/p><p>Des del punt de vista de la ci\u00e8ncia de les religions, la <span class=\"iwg-fachbegriff\" data-tooltip=\"El conjunt de les narracions transmeses sobre d\u00e9us d'una cultura.\" tabindex=\"0\">mitologia<\/span> cristiana compr\u00e8n tanmateix narracions de la creaci\u00f3, de la caiguda i de la fi dels temps, aix\u00ed com un sistema desenvolupat d&#8217;\u00e0ngels, sants, dimonis i figures ap\u00f2crifes, que s&#8217;alimenta de fonts jueves, hel\u00b7len\u00edstiques i de l&#8217;antiguitat tardana.<\/p>\t\t\t\t\t\t\t\t<\/div>\n\t\t\t\t\t<\/div>\n\t\t\t\t<\/div>\n\t\t<div class=\"elementor-element elementor-element-iwgssrev-christentum e-flex e-con-boxed e-con e-parent\" data-id=\"iwgssrev-christentum\" data-element_type=\"container\" data-e-type=\"container\">\n\t\t\t\t\t<div class=\"e-con-inner\">\n\t\t\t\t<div class=\"elementor-element elementor-element-iwgssrev-christentum-h elementor-widget elementor-widget-heading\" data-id=\"iwgssrev-christentum-h\" data-element_type=\"widget\" data-e-type=\"widget\" data-widget_type=\"heading.default\">\n\t\t\t\t\t<h2 class=\"elementor-heading-title elementor-size-default\">S\u00edmbols de protecci\u00f3 del cristianisme<\/h2>\t\t\t\t<\/div>\n\t\t\t\t<div class=\"elementor-element elementor-element-iwgssrev-christentum-t elementor-widget elementor-widget-text-editor\" data-id=\"iwgssrev-christentum-t\" data-element_type=\"widget\" data-e-type=\"widget\" data-widget_type=\"text-editor.default\">\n\t\t\t\t\t\t\t\t\t<p>El lexic\u00f3 dels s\u00edmbols de protecci\u00f3 tracta diversos signes i objectes del cristianisme en p\u00e0gines pr\u00f2pies: <a href=\"https:\/\/iwell-guard.com\/ca\/?page_id=171879\">Medalles de protecci\u00f3 cristianes<\/a> i <a href=\"https:\/\/iwell-guard.com\/ca\/?page_id=171878\">La creu com a signe de protecci\u00f3<\/a>. Una visi\u00f3 transversal entre cultures s&#8217;ofereix a la p\u00e0gina sobre els <a href=\"https:\/\/iwell-guard.com\/ca\/?page_id=171653\">s\u00edmbols de protecci\u00f3<\/a>.<\/p>\t\t\t\t\t\t\t\t<\/div>\n\t\t\t\t\t<\/div>\n\t\t\t\t<\/div>\n\t\t\t\t<\/div>\n\t\t","protected":false},"excerpt":{"rendered":"","protected":false},"author":3,"featured_media":1563,"parent":0,"menu_order":0,"comment_status":"closed","ping_status":"closed","template":"elementor_header_footer","meta":{"_yoast_wpseo_focuskw":"dimonis cristians","_yoast_wpseo_title":"Cristianisme - \u00c0ngels i dimonis des del segle I","_yoast_wpseo_metadesc":"\u00c9ssers de la tradici\u00f3 del Cristianisme a iWell Guard. Tradici\u00f3 cristiana des del segle I, amb una capa demonol\u00f2gica procedent d'ap\u00f2crifs,","_yoast_wpseo_meta-robots-noindex":"","_yoast_wpseo_canonical":"","_angie_page":false,"gefaehrdungsstufe":"","wesen_kultur":"","wesen_klasse":"","footnotes":""},"categories":[],"class_list":["post-171364","page","type-page","status-publish","has-post-thumbnail","hentry"],"yoast_head":"<!-- This site is optimized with the Yoast SEO Premium plugin v27.7 (Yoast SEO v28.3) - https:\/\/yoast.com\/product\/yoast-seo-premium-wordpress\/ -->\n<title>Cristianisme - \u00c0ngels i dimonis des del segle I<\/title>\n<meta name=\"description\" content=\"\u00c9ssers de la tradici\u00f3 del Cristianisme a iWell Guard. Tradici\u00f3 cristiana des del segle I, amb una capa demonol\u00f2gica procedent d&#039;ap\u00f2crifs,\" \/>\n<meta name=\"robots\" content=\"index, follow, max-snippet:-1, max-image-preview:large, max-video-preview:-1\" \/>\n<link rel=\"canonical\" href=\"https:\/\/iwell-guard.com\/ca\/cristianisme\/\" \/>\n<meta property=\"og:locale\" content=\"ca_ES\" \/>\n<meta property=\"og:type\" content=\"article\" \/>\n<meta property=\"og:title\" content=\"Cristianisme\" \/>\n<meta property=\"og:description\" content=\"\u00c9ssers de la tradici\u00f3 del Cristianisme a iWell Guard. Tradici\u00f3 cristiana des del segle I, amb una capa demonol\u00f2gica procedent d&#039;ap\u00f2crifs,\" \/>\n<meta property=\"og:url\" content=\"https:\/\/iwell-guard.com\/ca\/cristianisme\/\" \/>\n<meta property=\"og:site_name\" content=\"iWell Guard\" \/>\n<meta property=\"article:modified_time\" content=\"2026-09-05T15:55:52+00:00\" \/>\n<meta property=\"og:image\" content=\"https:\/\/iwell-guard.com\/wp-content\/uploads\/2026\/04\/goetter_christentum_beelzebub.webp\" \/>\n\t<meta property=\"og:image:width\" content=\"1024\" \/>\n\t<meta property=\"og:image:height\" content=\"1536\" \/>\n\t<meta property=\"og:image:type\" content=\"image\/webp\" \/>\n<meta name=\"twitter:card\" content=\"summary_large_image\" \/>\n<script type=\"application\/ld+json\" class=\"yoast-schema-graph\">{\"@context\":\"https:\\\/\\\/schema.org\",\"@graph\":[{\"@type\":\"WebPage\",\"@id\":\"https:\\\/\\\/iwell-guard.com\\\/ca\\\/cristianisme\\\/\",\"url\":\"https:\\\/\\\/iwell-guard.com\\\/ca\\\/cristianisme\\\/\",\"name\":\"Cristianisme - \u00c0ngels i dimonis des del segle I\",\"isPartOf\":{\"@id\":\"https:\\\/\\\/iwell-guard.com\\\/ca\\\/#website\"},\"primaryImageOfPage\":{\"@id\":\"https:\\\/\\\/iwell-guard.com\\\/ca\\\/cristianisme\\\/#primaryimage\"},\"image\":{\"@id\":\"https:\\\/\\\/iwell-guard.com\\\/ca\\\/cristianisme\\\/#primaryimage\"},\"thumbnailUrl\":\"https:\\\/\\\/iwell-guard.com\\\/wp-content\\\/uploads\\\/2026\\\/04\\\/goetter_christentum_beelzebub.webp\",\"datePublished\":\"2026-09-05T15:38:46+00:00\",\"dateModified\":\"2026-09-05T15:55:52+00:00\",\"description\":\"\u00c9ssers de la tradici\u00f3 del Cristianisme a iWell Guard. Tradici\u00f3 cristiana des del segle I, amb una capa demonol\u00f2gica procedent d'ap\u00f2crifs,\",\"breadcrumb\":{\"@id\":\"https:\\\/\\\/iwell-guard.com\\\/ca\\\/cristianisme\\\/#breadcrumb\"},\"inLanguage\":\"ca\",\"potentialAction\":[{\"@type\":\"ReadAction\",\"target\":[\"https:\\\/\\\/iwell-guard.com\\\/ca\\\/cristianisme\\\/\"]}]},{\"@type\":\"ImageObject\",\"inLanguage\":\"ca\",\"@id\":\"https:\\\/\\\/iwell-guard.com\\\/ca\\\/cristianisme\\\/#primaryimage\",\"url\":\"https:\\\/\\\/iwell-guard.com\\\/wp-content\\\/uploads\\\/2026\\\/04\\\/goetter_christentum_beelzebub.webp\",\"contentUrl\":\"https:\\\/\\\/iwell-guard.com\\\/wp-content\\\/uploads\\\/2026\\\/04\\\/goetter_christentum_beelzebub.webp\",\"width\":1024,\"height\":1536,\"caption\":\"D\u00e9us de la tradici\u00f3 del cristianisme.\"},{\"@type\":\"BreadcrumbList\",\"@id\":\"https:\\\/\\\/iwell-guard.com\\\/ca\\\/cristianisme\\\/#breadcrumb\",\"itemListElement\":[{\"@type\":\"ListItem\",\"position\":1,\"name\":\"Start\",\"item\":\"https:\\\/\\\/iwell-guard.com\\\/ca\\\/?page_id=171333\"},{\"@type\":\"ListItem\",\"position\":2,\"name\":\"Cristianisme\"}]},{\"@type\":\"WebSite\",\"@id\":\"https:\\\/\\\/iwell-guard.com\\\/ca\\\/#website\",\"url\":\"https:\\\/\\\/iwell-guard.com\\\/ca\\\/\",\"name\":\"iWell Guard\",\"description\":\"Schutz vor dunklen Einfl\u00fcssen\",\"publisher\":{\"@id\":\"https:\\\/\\\/iwell-guard.com\\\/ca\\\/#organization\"},\"potentialAction\":[{\"@type\":\"SearchAction\",\"target\":{\"@type\":\"EntryPoint\",\"urlTemplate\":\"https:\\\/\\\/iwell-guard.com\\\/ca\\\/?s={search_term_string}\"},\"query-input\":{\"@type\":\"PropertyValueSpecification\",\"valueRequired\":true,\"valueName\":\"search_term_string\"}}],\"inLanguage\":\"ca\"},{\"@type\":\"Organization\",\"@id\":\"https:\\\/\\\/iwell-guard.com\\\/ca\\\/#organization\",\"name\":\"Ittermann electronic GmbH\",\"url\":\"https:\\\/\\\/iwell-guard.com\\\/ca\\\/\",\"logo\":{\"@type\":\"ImageObject\",\"inLanguage\":\"ca\",\"@id\":\"https:\\\/\\\/iwell-guard.com\\\/ca\\\/#\\\/schema\\\/logo\\\/image\\\/\",\"url\":\"https:\\\/\\\/iwell-guard.com\\\/wp-content\\\/uploads\\\/2026\\\/05\\\/Ittermann-Logo-1182x237-1.png\",\"contentUrl\":\"https:\\\/\\\/iwell-guard.com\\\/wp-content\\\/uploads\\\/2026\\\/05\\\/Ittermann-Logo-1182x237-1.png\",\"width\":1182,\"height\":237,\"caption\":\"Ittermann electronic GmbH\"},\"image\":{\"@id\":\"https:\\\/\\\/iwell-guard.com\\\/ca\\\/#\\\/schema\\\/logo\\\/image\\\/\"},\"sameAs\":[\"https:\\\/\\\/pantip.com\\\/profile\\\/9367242\",\"https:\\\/\\\/micro.blog\\\/iwellguard\",\"https:\\\/\\\/www.diggerslist.com\\\/iwellguard\\\/about\",\"https:\\\/\\\/skitterphoto.com\\\/photographers\\\/2870314\\\/iwell-guard\",\"https:\\\/\\\/iwellguard.wordpress.com\\\/2026\\\/06\\\/06\\\/iwell-guard\\\/\",\"https:\\\/\\\/hub.docker.com\\\/u\\\/iwellguard\",\"https:\\\/\\\/www.pinterest.com\\\/iwellguard\\\/\",\"https:\\\/\\\/bit.ly\\\/m\\\/iwellguard\",\"https:\\\/\\\/entre-vos-mains.alsace.eu\\\/profiles\\\/iwellguard\\\/activity\",\"https:\\\/\\\/gravatar.com\\\/reallybeded8fd34\",\"https:\\\/\\\/naijamatta.com\\\/iwellguard\",\"https:\\\/\\\/www.goodreads.com\\\/iwellguard\",\"https:\\\/\\\/profile.hatena.ne.jp\\\/iwellguard\\\/\",\"https:\\\/\\\/experiment.com\\\/users\\\/iwellguard\",\"https:\\\/\\\/wakelet.com\\\/@iWellGuard82270\",\"https:\\\/\\\/www.chordie.com\\\/forum\\\/profile.php?id=2555664\",\"https:\\\/\\\/www.instapaper.com\\\/p\\\/17757966\",\"https:\\\/\\\/www.mapleprimes.com\\\/users\\\/iwellguard\",\"https:\\\/\\\/businesslistingplus.com\\\/profile\\\/iwell-guard\\\/\",\"https:\\\/\\\/telegra.ph\\\/iWell-Guard-06-06\",\"https:\\\/\\\/pbase.com\\\/iwellguard\\\/iwellguard\",\"https:\\\/\\\/b.hatena.ne.jp\\\/iwellguard\\\/20260607#bookmark-4788405196491818882\",\"https:\\\/\\\/fliphtml5.com\\\/home\\\/iwellguard\",\"https:\\\/\\\/anyflip.com\\\/homepage\\\/cmiwl#About\",\"https:\\\/\\\/transfur.com\\\/Users\\\/iwellguard\",\"http:\\\/\\\/delphi.larsbo.org\\\/user\\\/iwellguard\",\"https:\\\/\\\/jobs.lajobsportal.org\\\/profiles\\\/8380803-iwell-guard\",\"https:\\\/\\\/md.chaosdorf.de\\\/s\\\/jfbe5SBdJD\",\"https:\\\/\\\/www.lingvolive.com\\\/en-us\\\/profile\\\/9ecaeaca-ce11-4e51-9e71-01d55e2bff36\\\/translations\",\"https:\\\/\\\/www.fitday.com\\\/fitness\\\/forums\\\/members\\\/iwellguard.html\",\"https:\\\/\\\/www.mymeetbook.com\\\/iwellguard\",\"https:\\\/\\\/pxhere.com\\\/en\\\/photographer-me\\\/5040798\",\"https:\\\/\\\/disqus.com\\\/by\\\/iwellguard\\\/about\\\/\",\"https:\\\/\\\/pastelink.net\\\/hjwciqwq\",\"https:\\\/\\\/pubhtml5.com\\\/homepage\\\/scjhn\\\/\",\"https:\\\/\\\/www.bitchute.com\\\/channel\\\/2O2eOKzNqujT\",\"https:\\\/\\\/audiomack.com\\\/iwellguard\"]}]}<\/script>\n<!-- \/ Yoast SEO Premium plugin. -->","yoast_head_json":{"title":"Cristianisme - \u00c0ngels i dimonis des del segle I","description":"\u00c9ssers de la tradici\u00f3 del Cristianisme a iWell Guard. Tradici\u00f3 cristiana des del segle I, amb una capa demonol\u00f2gica procedent d'ap\u00f2crifs,","robots":{"index":"index","follow":"follow","max-snippet":"max-snippet:-1","max-image-preview":"max-image-preview:large","max-video-preview":"max-video-preview:-1"},"canonical":"https:\/\/iwell-guard.com\/ca\/cristianisme\/","og_locale":"ca_ES","og_type":"article","og_title":"Cristianisme","og_description":"\u00c9ssers de la tradici\u00f3 del Cristianisme a iWell Guard. Tradici\u00f3 cristiana des del segle I, amb una capa demonol\u00f2gica procedent d'ap\u00f2crifs,","og_url":"https:\/\/iwell-guard.com\/ca\/cristianisme\/","og_site_name":"iWell Guard","article_modified_time":"2026-09-05T15:55:52+00:00","og_image":[{"width":1024,"height":1536,"url":"https:\/\/iwell-guard.com\/wp-content\/uploads\/2026\/04\/goetter_christentum_beelzebub.webp","type":"image\/webp"}],"twitter_card":"summary_large_image","schema":{"@context":"https:\/\/schema.org","@graph":[{"@type":"WebPage","@id":"https:\/\/iwell-guard.com\/ca\/cristianisme\/","url":"https:\/\/iwell-guard.com\/ca\/cristianisme\/","name":"Cristianisme - \u00c0ngels i dimonis des del segle I","isPartOf":{"@id":"https:\/\/iwell-guard.com\/ca\/#website"},"primaryImageOfPage":{"@id":"https:\/\/iwell-guard.com\/ca\/cristianisme\/#primaryimage"},"image":{"@id":"https:\/\/iwell-guard.com\/ca\/cristianisme\/#primaryimage"},"thumbnailUrl":"https:\/\/iwell-guard.com\/wp-content\/uploads\/2026\/04\/goetter_christentum_beelzebub.webp","datePublished":"2026-09-05T15:38:46+00:00","dateModified":"2026-09-05T15:55:52+00:00","description":"\u00c9ssers de la tradici\u00f3 del Cristianisme a iWell Guard. Tradici\u00f3 cristiana des del segle I, amb una capa demonol\u00f2gica procedent d'ap\u00f2crifs,","breadcrumb":{"@id":"https:\/\/iwell-guard.com\/ca\/cristianisme\/#breadcrumb"},"inLanguage":"ca","potentialAction":[{"@type":"ReadAction","target":["https:\/\/iwell-guard.com\/ca\/cristianisme\/"]}]},{"@type":"ImageObject","inLanguage":"ca","@id":"https:\/\/iwell-guard.com\/ca\/cristianisme\/#primaryimage","url":"https:\/\/iwell-guard.com\/wp-content\/uploads\/2026\/04\/goetter_christentum_beelzebub.webp","contentUrl":"https:\/\/iwell-guard.com\/wp-content\/uploads\/2026\/04\/goetter_christentum_beelzebub.webp","width":1024,"height":1536,"caption":"D\u00e9us de la tradici\u00f3 del cristianisme."},{"@type":"BreadcrumbList","@id":"https:\/\/iwell-guard.com\/ca\/cristianisme\/#breadcrumb","itemListElement":[{"@type":"ListItem","position":1,"name":"Start","item":"https:\/\/iwell-guard.com\/ca\/?page_id=171333"},{"@type":"ListItem","position":2,"name":"Cristianisme"}]},{"@type":"WebSite","@id":"https:\/\/iwell-guard.com\/ca\/#website","url":"https:\/\/iwell-guard.com\/ca\/","name":"iWell Guard","description":"Schutz vor dunklen Einfl\u00fcssen","publisher":{"@id":"https:\/\/iwell-guard.com\/ca\/#organization"},"potentialAction":[{"@type":"SearchAction","target":{"@type":"EntryPoint","urlTemplate":"https:\/\/iwell-guard.com\/ca\/?s={search_term_string}"},"query-input":{"@type":"PropertyValueSpecification","valueRequired":true,"valueName":"search_term_string"}}],"inLanguage":"ca"},{"@type":"Organization","@id":"https:\/\/iwell-guard.com\/ca\/#organization","name":"Ittermann electronic GmbH","url":"https:\/\/iwell-guard.com\/ca\/","logo":{"@type":"ImageObject","inLanguage":"ca","@id":"https:\/\/iwell-guard.com\/ca\/#\/schema\/logo\/image\/","url":"https:\/\/iwell-guard.com\/wp-content\/uploads\/2026\/05\/Ittermann-Logo-1182x237-1.png","contentUrl":"https:\/\/iwell-guard.com\/wp-content\/uploads\/2026\/05\/Ittermann-Logo-1182x237-1.png","width":1182,"height":237,"caption":"Ittermann electronic GmbH"},"image":{"@id":"https:\/\/iwell-guard.com\/ca\/#\/schema\/logo\/image\/"},"sameAs":["https:\/\/pantip.com\/profile\/9367242","https:\/\/micro.blog\/iwellguard","https:\/\/www.diggerslist.com\/iwellguard\/about","https:\/\/skitterphoto.com\/photographers\/2870314\/iwell-guard","https:\/\/iwellguard.wordpress.com\/2026\/06\/06\/iwell-guard\/","https:\/\/hub.docker.com\/u\/iwellguard","https:\/\/www.pinterest.com\/iwellguard\/","https:\/\/bit.ly\/m\/iwellguard","https:\/\/entre-vos-mains.alsace.eu\/profiles\/iwellguard\/activity","https:\/\/gravatar.com\/reallybeded8fd34","https:\/\/naijamatta.com\/iwellguard","https:\/\/www.goodreads.com\/iwellguard","https:\/\/profile.hatena.ne.jp\/iwellguard\/","https:\/\/experiment.com\/users\/iwellguard","https:\/\/wakelet.com\/@iWellGuard82270","https:\/\/www.chordie.com\/forum\/profile.php?id=2555664","https:\/\/www.instapaper.com\/p\/17757966","https:\/\/www.mapleprimes.com\/users\/iwellguard","https:\/\/businesslistingplus.com\/profile\/iwell-guard\/","https:\/\/telegra.ph\/iWell-Guard-06-06","https:\/\/pbase.com\/iwellguard\/iwellguard","https:\/\/b.hatena.ne.jp\/iwellguard\/20260607#bookmark-4788405196491818882","https:\/\/fliphtml5.com\/home\/iwellguard","https:\/\/anyflip.com\/homepage\/cmiwl#About","https:\/\/transfur.com\/Users\/iwellguard","http:\/\/delphi.larsbo.org\/user\/iwellguard","https:\/\/jobs.lajobsportal.org\/profiles\/8380803-iwell-guard","https:\/\/md.chaosdorf.de\/s\/jfbe5SBdJD","https:\/\/www.lingvolive.com\/en-us\/profile\/9ecaeaca-ce11-4e51-9e71-01d55e2bff36\/translations","https:\/\/www.fitday.com\/fitness\/forums\/members\/iwellguard.html","https:\/\/www.mymeetbook.com\/iwellguard","https:\/\/pxhere.com\/en\/photographer-me\/5040798","https:\/\/disqus.com\/by\/iwellguard\/about\/","https:\/\/pastelink.net\/hjwciqwq","https:\/\/pubhtml5.com\/homepage\/scjhn\/","https:\/\/www.bitchute.com\/channel\/2O2eOKzNqujT","https:\/\/audiomack.com\/iwellguard"]}]}},"_links":{"self":[{"href":"https:\/\/iwell-guard.com\/ca\/wp-json\/wp\/v2\/pages\/171364","targetHints":{"allow":["GET"]}}],"collection":[{"href":"https:\/\/iwell-guard.com\/ca\/wp-json\/wp\/v2\/pages"}],"about":[{"href":"https:\/\/iwell-guard.com\/ca\/wp-json\/wp\/v2\/types\/page"}],"author":[{"embeddable":true,"href":"https:\/\/iwell-guard.com\/ca\/wp-json\/wp\/v2\/users\/3"}],"replies":[{"embeddable":true,"href":"https:\/\/iwell-guard.com\/ca\/wp-json\/wp\/v2\/comments?post=171364"}],"version-history":[{"count":0,"href":"https:\/\/iwell-guard.com\/ca\/wp-json\/wp\/v2\/pages\/171364\/revisions"}],"wp:featuredmedia":[{"embeddable":true,"href":"https:\/\/iwell-guard.com\/ca\/wp-json\/wp\/v2\/media\/1563"}],"wp:attachment":[{"href":"https:\/\/iwell-guard.com\/ca\/wp-json\/wp\/v2\/media?parent=171364"}],"wp:term":[{"taxonomy":"category","embeddable":true,"href":"https:\/\/iwell-guard.com\/ca\/wp-json\/wp\/v2\/categories?post=171364"}],"curies":[{"name":"wp","href":"https:\/\/api.w.org\/{rel}","templated":true}]}}