{"id":171362,"date":"2026-09-05T15:38:45","date_gmt":"2026-09-05T15:38:45","guid":{"rendered":"https:\/\/iwell-guard.com\/?page_id=171362"},"modified":"2026-09-05T15:55:51","modified_gmt":"2026-09-05T15:55:51","slug":"dybbuk","status":"publish","type":"page","link":"https:\/\/iwell-guard.com\/ca\/dybbuk\/","title":{"rendered":"Dybbuk"},"content":{"rendered":"\t\t<div data-elementor-type=\"wp-page\" data-elementor-id=\"171362\" class=\"elementor elementor-171362 elementor-852\" data-elementor-post-type=\"page\">\n\t\t\t\t<div class=\"elementor-element elementor-element-10fdade e-flex e-con-boxed e-con e-parent\" data-id=\"10fdade\" data-element_type=\"container\" data-e-type=\"container\" data-settings=\"{&quot;background_background&quot;:&quot;classic&quot;}\">\n\t\t\t\t\t<div class=\"e-con-inner\">\n\t\t<div class=\"elementor-element elementor-element-herohlft0 e-flex e-con-boxed e-con e-child\" data-id=\"herohlft0\" data-element_type=\"container\" data-e-type=\"container\">\n\t\t\t\t\t<div class=\"e-con-inner\">\n\t\t<div class=\"elementor-element elementor-element-c3ceb64 e-con-full e-flex e-con e-child\" data-id=\"c3ceb64\" data-element_type=\"container\" data-e-type=\"container\">\n\t\t\t\t<div class=\"elementor-element elementor-element-96ae5e1 elementor-widget elementor-widget-heading\" data-id=\"96ae5e1\" data-element_type=\"widget\" data-e-type=\"widget\" data-widget_type=\"heading.default\">\n\t\t\t\t\t<h1 class=\"elementor-heading-title elementor-size-default\">Dybbuk, esperit de la tradici\u00f3 jueva<\/h1>\t\t\t\t<\/div>\n\t\t\t\t<div class=\"elementor-element elementor-element-e45238a elementor-widget elementor-widget-text-editor\" data-id=\"e45238a\" data-element_type=\"widget\" data-e-type=\"widget\" data-widget_type=\"text-editor.default\">\n\t\t\t\t\t\t\t\t\t<p>El dybbuk \u00e9s un <span class=\"iwg-fachbegriff\" data-tooltip=\"Un \u00e9sser sense cos al qual s'atribueix una acci\u00f3 en el m\u00f3n.\" tabindex=\"0\">esperit<\/span> de la tradici\u00f3 jueva.<\/p><p><strong>L&#8217;esperit adherit, la possessi\u00f3 en la <span class=\"iwg-fachbegriff\" data-tooltip=\"Corrent de la m\u00edstica jueva amb obres principals com el Sefer Jezir\u00e0 i el Zohar.\" tabindex=\"0\">cabala<\/span> luri\u00e0nica.<\/strong><\/p>\t\t\t\t\t\t\t\t<\/div>\n\t\t\t\t<\/div>\n\t\t<div class=\"elementor-element elementor-element-klsbdg01 e-con-full e-flex e-con e-parent\" data-id=\"klsbdg01\" data-element_type=\"container\" data-e-type=\"container\">\n\t\t\t\t<div class=\"elementor-element elementor-element-klshtm01 elementor-widget elementor-widget-html\" data-id=\"klshtm01\" data-element_type=\"widget\" data-e-type=\"widget\" data-widget_type=\"html.default\">\n\t\t\t\t\t<div class=\"iwg-pill-row\"><span class=\"iwg-klasse-badge\" tabindex=\"0\" data-tooltip=\"Esperit: \u00c9sser incorpori o semicorpori, difunts, \u00e9ssers de la natura, esperits de la llar o guardians dels llindars. Actua en la vida quotidiana, sovint lligat a llocs o fam\u00edlies.\">Esperit<\/span><a href=\"https:\/\/iwell-guard.com\/ca\/judaisme\/\" class=\"iwg-kultur-badge\" tabindex=\"0\" data-tooltip=\"Tradici\u00f3 de fe jueva des del Tanakh fins a la cabala i la m\u00edstica moderna.\">Judaisme<\/a><a href=\"https:\/\/iwell-guard.com\/ca\/?page_id=171451\" class=\"iwg-tradition-badge\" tabindex=\"0\" data-tooltip=\"Difunts els esperits dels quals continuen actuant en aquest m\u00f3n, esperits de la llar, avantpassats, morts sense rep\u00f2s.\">Esperit dels morts<\/a><\/div>\t\t\t\t<\/div>\n\t\t\t\t<\/div>\n\t\t<div class=\"elementor-element elementor-element-3f74855 e-con-full e-flex e-con e-child\" data-id=\"3f74855\" data-element_type=\"container\" data-e-type=\"container\">\n\t\t\t\t<div class=\"elementor-element elementor-element-1c30362 elementor-toc--minimized-on-tablet elementor-widget elementor-widget-table-of-contents\" data-id=\"1c30362\" data-element_type=\"widget\" data-e-type=\"widget\" data-settings=\"{&quot;exclude_headings_by_selector&quot;:[],&quot;no_headings_message&quot;:&quot;No s&#039;ha trobat cap encap\\u00e7alament en aquesta p\\u00e0gina.&quot;,&quot;headings_by_tags&quot;:[&quot;h2&quot;,&quot;h3&quot;],&quot;marker_view&quot;:&quot;bullets&quot;,&quot;icon&quot;:{&quot;value&quot;:&quot;fas fa-circle&quot;,&quot;library&quot;:&quot;fa-solid&quot;,&quot;rendered_tag&quot;:&quot;&lt;svg class=\\&quot;e-font-icon-svg e-fas-circle\\&quot; viewBox=\\&quot;0 0 512 512\\&quot; xmlns=\\&quot;http:\\\/\\\/www.w3.org\\\/2000\\\/svg\\&quot;&gt;&lt;path d=\\&quot;M256 8C119 8 8 119 8 256s111 248 248 248 248-111 248-248S393 8 256 8z\\&quot;&gt;&lt;\\\/path&gt;&lt;\\\/svg&gt;&quot;},&quot;minimize_box&quot;:&quot;yes&quot;,&quot;minimized_on&quot;:&quot;tablet&quot;,&quot;hierarchical_view&quot;:&quot;yes&quot;,&quot;min_height&quot;:{&quot;unit&quot;:&quot;px&quot;,&quot;size&quot;:&quot;&quot;,&quot;sizes&quot;:[]},&quot;min_height_tablet&quot;:{&quot;unit&quot;:&quot;px&quot;,&quot;size&quot;:&quot;&quot;,&quot;sizes&quot;:[]},&quot;min_height_mobile&quot;:{&quot;unit&quot;:&quot;px&quot;,&quot;size&quot;:&quot;&quot;,&quot;sizes&quot;:[]}}\" data-widget_type=\"table-of-contents.default\">\n\t\t\t\t\t\t\t\t\t<div class=\"elementor-toc__header\">\n\t\t\t\t\t\t<h2 class=\"elementor-toc__header-title\">\n\t\t\t\t\u00cdndex\t\t\t<\/h2>\n\t\t\t\t\t\t\t\t\t\t<div class=\"elementor-toc__toggle-button elementor-toc__toggle-button--expand\" role=\"button\" tabindex=\"0\" aria-controls=\"elementor-toc__1c30362\" aria-expanded=\"true\" aria-label=\"Open table of contents\"><svg aria-hidden=\"true\" class=\"e-font-icon-svg e-fas-chevron-down\" viewBox=\"0 0 448 512\" xmlns=\"http:\/\/www.w3.org\/2000\/svg\"><path d=\"M207.029 381.476L12.686 187.132c-9.373-9.373-9.373-24.569 0-33.941l22.667-22.667c9.357-9.357 24.522-9.375 33.901-.04L224 284.505l154.745-154.021c9.379-9.335 24.544-9.317 33.901.04l22.667 22.667c9.373 9.373 9.373 24.569 0 33.941L240.971 381.476c-9.373 9.372-24.569 9.372-33.942 0z\"><\/path><\/svg><\/div>\n\t\t\t\t<div class=\"elementor-toc__toggle-button elementor-toc__toggle-button--collapse\" role=\"button\" tabindex=\"0\" aria-controls=\"elementor-toc__1c30362\" aria-expanded=\"true\" aria-label=\"Close table of contents\"><svg aria-hidden=\"true\" class=\"e-font-icon-svg e-fas-chevron-up\" viewBox=\"0 0 448 512\" xmlns=\"http:\/\/www.w3.org\/2000\/svg\"><path d=\"M240.971 130.524l194.343 194.343c9.373 9.373 9.373 24.569 0 33.941l-22.667 22.667c-9.357 9.357-24.522 9.375-33.901.04L224 227.495 69.255 381.516c-9.379 9.335-24.544 9.317-33.901-.04l-22.667-22.667c-9.373-9.373-9.373-24.569 0-33.941L207.03 130.525c9.372-9.373 24.568-9.373 33.941-.001z\"><\/path><\/svg><\/div>\n\t\t\t\t\t<\/div>\n\t\t\t\t<div id=\"elementor-toc__1c30362\" class=\"elementor-toc__body\">\n\t\t\t<div class=\"elementor-toc__spinner-container\">\n\t\t\t\t<svg class=\"elementor-toc__spinner eicon-animation-spin e-font-icon-svg e-eicon-loading\" aria-hidden=\"true\" viewBox=\"0 0 1000 1000\" xmlns=\"http:\/\/www.w3.org\/2000\/svg\"><path d=\"M500 975V858C696 858 858 696 858 500S696 142 500 142 142 304 142 500H25C25 237 238 25 500 25S975 237 975 500 763 975 500 975Z\"><\/path><\/svg>\t\t\t<\/div>\n\t\t<\/div>\n\t\t\t\t\t\t<\/div>\n\t\t\t\t<\/div>\n\t\t\t\t\t<\/div>\n\t\t\t\t<\/div>\n\t\t<div class=\"elementor-element elementor-element-herorght0 e-con-full e-flex e-con e-child\" data-id=\"herorght0\" data-element_type=\"container\" data-e-type=\"container\">\n\t\t\t\t<div class=\"elementor-element elementor-element-heroimg00 iwg-hero-image elementor-widget elementor-widget-image\" data-id=\"heroimg00\" data-element_type=\"widget\" data-e-type=\"widget\" data-widget_type=\"image.default\">\n\t\t\t\t\t\t\t\t\t\t\t\t\t\t\t<img fetchpriority=\"high\" decoding=\"async\" width=\"683\" height=\"1024\" src=\"https:\/\/iwell-guard.com\/wp-content\/uploads\/2026\/04\/geister_judentum_dybbuk-1-683x1024.webp\" class=\"attachment-large size-large wp-image-1670\" alt=\"Dybbuk\" srcset=\"https:\/\/iwell-guard.com\/wp-content\/uploads\/2026\/04\/geister_judentum_dybbuk-1-683x1024.webp 683w, https:\/\/iwell-guard.com\/wp-content\/uploads\/2026\/04\/geister_judentum_dybbuk-1-200x300.webp 200w, https:\/\/iwell-guard.com\/wp-content\/uploads\/2026\/04\/geister_judentum_dybbuk-1-768x1152.webp 768w, https:\/\/iwell-guard.com\/wp-content\/uploads\/2026\/04\/geister_judentum_dybbuk-1.webp 1024w\" sizes=\"(max-width: 683px) 100vw, 683px\" \/>\t\t\t\t\t\t\t\t\t\t\t\t\t\t\t<\/div>\n\t\t\t\t<\/div>\n\t\t\t\t\t<\/div>\n\t\t\t\t<\/div>\n\t\t<div class=\"elementor-element elementor-element-32917199 e-flex e-con-boxed e-con e-parent\" data-id=\"32917199\" data-element_type=\"container\" data-e-type=\"container\">\n\t\t\t\t\t<div class=\"e-con-inner\">\n\t\t<div class=\"elementor-element elementor-element-26e916cb e-flex e-con-boxed e-con e-child\" data-id=\"26e916cb\" data-element_type=\"container\" data-e-type=\"container\">\n\t\t\t\t\t<div class=\"e-con-inner\">\n\t\t<div class=\"elementor-element elementor-element-253a40d4 e-flex e-con-boxed e-con e-child\" data-id=\"253a40d4\" data-element_type=\"container\" data-e-type=\"container\">\n\t\t\t\t\t<div class=\"e-con-inner\">\n\t\t\t\t<div class=\"elementor-element elementor-element-1200c304 elementor-widget elementor-widget-heading\" data-id=\"1200c304\" data-element_type=\"widget\" data-e-type=\"widget\" data-widget_type=\"heading.default\">\n\t\t\t\t\t<h2 class=\"elementor-heading-title elementor-size-default\">Dybbuk<\/h2>\t\t\t\t<\/div>\n\t\t\t\t<div class=\"elementor-element elementor-element-11758e7f elementor-widget elementor-widget-text-editor\" data-id=\"11758e7f\" data-element_type=\"widget\" data-e-type=\"widget\" data-widget_type=\"text-editor.default\">\n\t\t\t\t\t\t\t\t\t<p>El Dybbuk \u00e9s la concepci\u00f3 caracter\u00edstica de possessi\u00f3 del judaisme de l&#8217;edat moderna. A difer\u00e8ncia d&#8217;Asmodai o Lilith, no \u00e9s un \u00e9sser demon\u00edac creat, sin\u00f3 l&#8217;\u00e0nima d&#8217;un difunt que no troba rep\u00f2s i s&#8217;introdueix en una persona viva (\u00abs&#8217;hi adhereix\u00bb, en hebreu <em>dawak<\/em>).<\/p><p>La persona posse\u00efda parla amb la veu de l&#8217;intr\u00fas; la seva personalitat queda superposada; la seva salut se&#8217;n veu afectada.<\/p><p>El concepte apareix en la seva forma completa amb la <span class=\"iwg-fachbegriff\" data-tooltip=\"Corrent de la m\u00edstica jueva amb obres principals com el Sefer Jezira i el Sohar.\" tabindex=\"0\">cabala<\/span> lurianica del segle XVI. Hi ha al fons la transmigraci\u00f3 de les \u00e0nimes (<em>gilgul<\/em>) i la reencarnaci\u00f3 incompleta: un Dybbuk \u00e9s una \u00e0nima la tasca terrenal de la qual va quedar pendent, o a la qual els seus pecats li impedeixen la transmissi\u00f3 regular.<\/p><p>El rebe hass\u00eddic o el cabalista erudit l&#8217;expulsa mitjan\u00e7ant un <span class=\"iwg-fachbegriff\" data-tooltip=\"Expulsi\u00f3 ritual d'un esperit o dimoni considerat perjudicial.\" tabindex=\"0\">exorcisme<\/span> ritual. L&#8217;obra teatral de S. An-Ski \u00abEl Dybbuk\u00bb (1920) ha fet con\u00e8ixer aquest <span class=\"iwg-fachbegriff\" data-tooltip=\"Un element de contingut recurrent en l'art o la narrativa.\" tabindex=\"0\">motiu<\/span> arreu del m\u00f3n.<\/p>\t\t\t\t\t\t\t\t<\/div>\n\t\t\t\t\t<\/div>\n\t\t\t\t<\/div>\n\t\t<div class=\"elementor-element elementor-element-159dcf9a e-flex e-con-boxed e-con e-child\" data-id=\"159dcf9a\" data-element_type=\"container\" data-e-type=\"container\">\n\t\t\t\t\t<div class=\"e-con-inner\">\n\t\t\t\t<div class=\"elementor-element elementor-element-48cee66f elementor-widget elementor-widget-heading\" data-id=\"48cee66f\" data-element_type=\"widget\" data-e-type=\"widget\" data-widget_type=\"heading.default\">\n\t\t\t\t\t<h2 class=\"elementor-heading-title elementor-size-default\">D'un cop d'ull: Dybbuk<\/h2>\t\t\t\t<\/div>\n\t\t\t\t<div class=\"elementor-element elementor-element-3f50d82c elementor-widget elementor-widget-text-editor\" data-id=\"3f50d82c\" data-element_type=\"widget\" data-e-type=\"widget\" data-widget_type=\"text-editor.default\">\n\t\t\t\t\t\t\t\t\t<p><strong>Tipus:<\/strong> Esperit de possessi\u00f3 (\u00e0nima d&#8217;un difunt)<br>Origen: Difunts sense redempci\u00f3; \u00e0nimes amb tasques pendents o culpa greu<br>Textos: <span class=\"iwg-fachbegriff\" data-tooltip=\"Corrent de la m\u00edstica jueva amb obres principals com el Sefer Jezira i el Sohar.\" tabindex=\"0\">Cabala<\/span> lurianica; <em>Shivchei ha-Ari<\/em>; narracions hass\u00eddiques; el drama d&#8217;An-Ski<br>Per\u00edode: Del segle XVI fins a l&#8217;actualitat<br>Difusi\u00f3: Palestina, tradici\u00f3 jueva de l&#8217;Europa de l&#8217;Est, recepci\u00f3 mundial<br>Defensa: <span class=\"iwg-fachbegriff\" data-tooltip=\"Expulsi\u00f3 ritual d'un esperit o dimoni considerat perjudicial.\" tabindex=\"0\">Exorcisme<\/span> (<em>tikkun<\/em>) per part del rebe o del cabalista; m\u00e0gia de noms; rituals de preg\u00e0ria<\/p>\t\t\t\t\t\t\t\t<\/div>\n\t\t\t\t\t<\/div>\n\t\t\t\t<\/div>\n\t\t\t\t\t<\/div>\n\t\t\t\t<\/div>\n\t\t\t\t\t<\/div>\n\t\t\t\t<\/div>\n\t\t<div class=\"elementor-element elementor-element-18613602 e-flex e-con-boxed e-con e-parent\" data-id=\"18613602\" data-element_type=\"container\" data-e-type=\"container\">\n\t\t\t\t\t<div class=\"e-con-inner\">\n\t\t\t\t<div class=\"elementor-element elementor-element-262b8a9f elementor-widget elementor-widget-heading\" data-id=\"262b8a9f\" data-element_type=\"widget\" data-e-type=\"widget\" data-widget_type=\"heading.default\">\n\t\t\t\t\t<h2 class=\"elementor-heading-title elementor-size-default\">Introducci\u00f3<\/h2>\t\t\t\t<\/div>\n\t\t<div class=\"elementor-element elementor-element-46dcb7d e-con-full e-flex e-con e-child\" data-id=\"46dcb7d\" data-element_type=\"container\" data-e-type=\"container\">\n\t\t<div class=\"elementor-element elementor-element-61d3ab3 e-flex e-con-boxed e-con e-child\" data-id=\"61d3ab3\" data-element_type=\"container\" data-e-type=\"container\">\n\t\t\t\t\t<div class=\"e-con-inner\">\n\t\t\t\t<div class=\"elementor-element elementor-element-117c166 elementor-widget elementor-widget-heading\" data-id=\"117c166\" data-element_type=\"widget\" data-e-type=\"widget\" data-widget_type=\"heading.default\">\n\t\t\t\t\t<div class=\"elementor-heading-title elementor-size-default\">Per\u00edode dels textos<\/div>\t\t\t\t<\/div>\n\t\t\t\t<div class=\"elementor-element elementor-element-73997a0 elementor-widget elementor-widget-text-editor\" data-id=\"73997a0\" data-element_type=\"widget\" data-e-type=\"widget\" data-widget_type=\"text-editor.default\">\n\t\t\t\t\t\t\t\t\t<p>Hi ha primers indicis de possessi\u00f3 en la literatura rab\u00ednica, per\u00f2 el terme Dybbuk en el seu significat espec\u00edfic s&#8217;estableix nom\u00e9s al segle XVI.<\/p><p>L&#8217;escola d&#8217;Isaac Luria a Safed (Tzfat) desenvolupa la teoria; les corts hass\u00eddiques la continuen des del segle XVIII en la tradici\u00f3 de l&#8217;Europa de l&#8217;Est. L&#8217;obra teatral de Shmuel An-Ski \u00abEl Dybbuk o Entre dos mons\u00bb (1920) porta el <span class=\"iwg-fachbegriff\" data-tooltip=\"Un element de contingut recurrent en l'art o la narrativa.\" tabindex=\"0\">motiu<\/span> a la literatura universal.<\/p>\t\t\t\t\t\t\t\t<\/div>\n\t\t\t\t\t<\/div>\n\t\t\t\t<\/div>\n\t\t<div class=\"elementor-element elementor-element-d47b156 e-flex e-con-boxed e-con e-child\" data-id=\"d47b156\" data-element_type=\"container\" data-e-type=\"container\">\n\t\t\t\t\t<div class=\"e-con-inner\">\n\t\t\t\t<div class=\"elementor-element elementor-element-ff38c2b elementor-widget elementor-widget-heading\" data-id=\"ff38c2b\" data-element_type=\"widget\" data-e-type=\"widget\" data-widget_type=\"heading.default\">\n\t\t\t\t\t<div class=\"elementor-heading-title elementor-size-default\">\u00c0rea de difusi\u00f3<\/div>\t\t\t\t<\/div>\n\t\t\t\t<div class=\"elementor-element elementor-element-4e49fcc elementor-widget elementor-widget-text-editor\" data-id=\"4e49fcc\" data-element_type=\"widget\" data-e-type=\"widget\" data-widget_type=\"text-editor.default\">\n\t\t\t\t\t\t\t\t\t<p>\u00c0rea central: Palestina (Safed) i el judaisme de l&#8217;Europa de l&#8217;Est (Gal\u00edcia, Litu\u00e0nia, Pol\u00f2nia, Ucra\u00efna). Tamb\u00e9 present en cercles sefardites del nord d&#8217;\u00c0frica. Gr\u00e0cies a la literatura i el cinema del segle XX, ha tingut una recepci\u00f3 mundial, sovint com a imatge representativa de la <span class=\"iwg-fachbegriff\" data-tooltip=\"Corrent religi\u00f3s centrat en l'experi\u00e8ncia directa de D\u00e9u.\" tabindex=\"0\">m\u00edstica<\/span> jueva.<\/p>\t\t\t\t\t\t\t\t<\/div>\n\t\t\t\t\t<\/div>\n\t\t\t\t<\/div>\n\t\t\t\t<\/div>\n\t\t<div class=\"elementor-element elementor-element-db03c39 e-con-full e-flex e-con e-child\" data-id=\"db03c39\" data-element_type=\"container\" data-e-type=\"container\">\n\t\t<div class=\"elementor-element elementor-element-229a87b e-flex e-con-boxed e-con e-child\" data-id=\"229a87b\" data-element_type=\"container\" data-e-type=\"container\">\n\t\t\t\t\t<div class=\"e-con-inner\">\n\t\t\t\t<div class=\"elementor-element elementor-element-1f471fc elementor-widget elementor-widget-heading\" data-id=\"1f471fc\" data-element_type=\"widget\" data-e-type=\"widget\" data-widget_type=\"heading.default\">\n\t\t\t\t\t<div class=\"elementor-heading-title elementor-size-default\">Estat de les fonts<\/div>\t\t\t\t<\/div>\n\t\t\t\t<div class=\"elementor-element elementor-element-36b1201 elementor-widget elementor-widget-text-editor\" data-id=\"36b1201\" data-element_type=\"widget\" data-e-type=\"widget\" data-widget_type=\"text-editor.default\">\n\t\t\t\t\t\t\t\t\t<p>Textos centrals: <em>Shivchei ha-Ari<\/em> (Lloances d&#8217;Isaac Luria), <em>Sefer ha-Gilgulim<\/em> (Chaim Vital), reculls hass\u00eddics (Shivchei ha-Besht). Actes d&#8217;exorcismes de diversos tribunals rab\u00ednics. Liter\u00e0riament, destaquen sobretot el drama d&#8217;An-Ski, els relats d&#8217;Isaac Bashevis Singer i antologies de literatura popular jueva.<\/p>\t\t\t\t\t\t\t\t<\/div>\n\t\t\t\t\t<\/div>\n\t\t\t\t<\/div>\n\t\t\t\t<\/div>\n\t\t\t\t\t<\/div>\n\t\t\t\t<\/div>\n\t\t<div class=\"elementor-element elementor-element-3ae0637c e-flex e-con-boxed e-con e-parent\" data-id=\"3ae0637c\" data-element_type=\"container\" data-e-type=\"container\">\n\t\t\t\t\t<div class=\"e-con-inner\">\n\t\t\t\t<div class=\"elementor-element elementor-element-31d07739 elementor-widget elementor-widget-heading\" data-id=\"31d07739\" data-element_type=\"widget\" data-e-type=\"widget\" data-widget_type=\"heading.default\">\n\t\t\t\t\t<h2 class=\"elementor-heading-title elementor-size-default\">Nom i variants<\/h2>\t\t\t\t<\/div>\n\t\t<div class=\"elementor-element elementor-element-b7642947 e-con-full e-flex e-con e-child\" data-id=\"b7642947\" data-element_type=\"container\" data-e-type=\"container\">\n\t\t\t\t<div class=\"elementor-element elementor-element-a086266 elementor-widget elementor-widget-text-editor\" data-id=\"a086266\" data-element_type=\"widget\" data-e-type=\"widget\" data-widget_type=\"text-editor.default\">\n\t\t\t\t\t\t\t\t\t<p><strong>Hebreu:<\/strong> <em>Dibbuk<\/em> (\u05d3\u05b4\u05bc\u05d1\u05bc\u05d5\u05bc\u05e7), de <em>davak<\/em> \u00abadherir-se, enganxar-se\u00bb.<br>Forma completa: <em>dibbuk me-ruach ra&#8217;ah<\/em>, \u00abl&#8217;adher\u00e8ncia d&#8217;un esperit maligne\u00bb.<br>Termes relacionats: <em>gilgul<\/em> (transmigraci\u00f3 de les \u00e0nimes), <em>ibbur<\/em> (\u00abembar\u00e0s\u00bb, una forma positiva de coabitaci\u00f3 an\u00edmica).<\/p><p>La distinci\u00f3 entre <em>ibbur<\/em> i <em>dibbuk<\/em> \u00e9s important: tots dos designen la coabitaci\u00f3 d&#8217;una \u00e0nima aliena en una persona viva. L&#8217;<em>ibbur<\/em> \u00e9s voluntari i ben\u00e8fic, una \u00e0nima superior dona suport a un vivent. El <em>dibbuk<\/em> \u00e9s involuntari i perjudicial, una \u00e0nima sense rep\u00f2s utilitza la persona com a refugi.<\/p>\t\t\t\t\t\t\t\t<\/div>\n\t\t\t\t<\/div>\n\t\t\t\t\t<\/div>\n\t\t\t\t<\/div>\n\t\t<div class=\"elementor-element elementor-element-709a44a8 e-flex e-con-boxed e-con e-parent\" data-id=\"709a44a8\" data-element_type=\"container\" data-e-type=\"container\">\n\t\t\t\t\t<div class=\"e-con-inner\">\n\t\t\t\t<div class=\"elementor-element elementor-element-2f585873 elementor-widget elementor-widget-heading\" data-id=\"2f585873\" data-element_type=\"widget\" data-e-type=\"widget\" data-widget_type=\"heading.default\">\n\t\t\t\t\t<h2 class=\"elementor-heading-title elementor-size-default\">Caracter\u00edstiques<\/h2>\t\t\t\t<\/div>\n\t\t<div class=\"elementor-element elementor-element-70621c12 e-con-full e-flex e-con e-child\" data-id=\"70621c12\" data-element_type=\"container\" data-e-type=\"container\">\n\t\t\t\t<div class=\"elementor-element elementor-element-4296eb49 elementor-widget elementor-widget-text-editor\" data-id=\"4296eb49\" data-element_type=\"widget\" data-e-type=\"widget\" data-widget_type=\"text-editor.default\">\n\t\t\t\t\t\t\t\t\t<p><strong>Aparen\u00e7a<\/strong><\/p><p>No existeix una tradici\u00f3 iconogr\u00e0fica pr\u00f2pia. El dybbuk es fa visible en el cos del posse\u00eft: canvi de veu (sovint m\u00e9s greu, estranya), llenguatge alterat (de vegades en una altra llengua o dialecte), s\u00edmptomes f\u00edsics (convulsions, desmais, forces inusuals).<\/p><p><strong>Comportament<\/strong><\/p><p>El dybbuk utilitza el cos de l&#8217;hoste per parlar. Explica la seva hist\u00f2ria, es lamenta, exigeix. En molts casos transmesos es tracta d&#8217;esperits amargats amb una culpa no resolta; l&#8217;<span class=\"iwg-fachbegriff\" data-tooltip=\"Expulsi\u00f3 ritual d'un esperit o dimoni considerat perjudicial.\" tabindex=\"0\">exorcisme<\/span> es converteix tant en cura d&#8217;\u00e0nimes per al mort com en protecci\u00f3 per al viu.<\/p><p><strong>\u00c0mbit d&#8217;acci\u00f3<\/strong><\/p><p>Possessi\u00f3 individual; especialment freq\u00fcent en persones en situacions l\u00edmit, abans del casament, durant l&#8217;any de dol, en crisi religiosa. El dybbuk no tria a l&#8217;atzar, sin\u00f3 segons la debilitat interior o la culpa de l&#8217;hoste.<\/p><p><strong>Origen mitol\u00f2gic<\/strong><\/p><p>Integrat cabal\u00edsticament en la doctrina de la transmigraci\u00f3 de les \u00e0nimes. L&#8217;\u00e0nima cerca la purificaci\u00f3 (<em>tikkun<\/em>) mitjan\u00e7ant el renaixement; si no ho aconsegueix, troba refugi en un cos vivent. L&#8217;objectiu de l&#8217;<span class=\"iwg-fachbegriff\" data-tooltip=\"Expulsi\u00f3 ritual d'un esperit o dimoni considerat perjudicial.\" tabindex=\"0\">exorcisme<\/span> \u00e9s alliberar l&#8217;hoste, i alhora redimir el mateix dybbuk.<\/p>\t\t\t\t\t\t\t\t<\/div>\n\t\t\t\t<\/div>\n\t\t\t\t\t<\/div>\n\t\t\t\t<\/div>\n\t\t<div class=\"elementor-element elementor-element-44e71476 e-flex e-con-boxed e-con e-parent\" data-id=\"44e71476\" data-element_type=\"container\" data-e-type=\"container\">\n\t\t\t\t\t<div class=\"e-con-inner\">\n\t\t\t\t<div class=\"elementor-element elementor-element-3c1fc3f0 elementor-widget elementor-widget-heading\" data-id=\"3c1fc3f0\" data-element_type=\"widget\" data-e-type=\"widget\" data-widget_type=\"heading.default\">\n\t\t\t\t\t<h2 class=\"elementor-heading-title elementor-size-default\">Fitxa: Dybbuk<\/h2>\t\t\t\t<\/div>\n\t\t<div class=\"elementor-element elementor-element-84f33b8e e-con-full e-flex e-con e-child\" data-id=\"84f33b8e\" data-element_type=\"container\" data-e-type=\"container\">\n\t\t\t\t<div class=\"elementor-element elementor-element-hqkdc67p elementor-widget elementor-widget-text-editor\" data-id=\"hqkdc67p\" data-element_type=\"widget\" data-e-type=\"widget\" data-widget_type=\"text-editor.default\">\n\t\t\t\t\t\t\t\t\t<p>Els aspectes m\u00e9s importants del dybbuk d&#8217;un cop d&#8217;ull. Trobareu el desenvolupament sobre el nom, la descripci\u00f3, la protecci\u00f3 i els paral\u00b7lelismes en els apartats seg\u00fcents.<\/p>\t\t\t\t\t\t\t\t<\/div>\n\t\t\t\t<\/div>\n\t\t<div class=\"elementor-element elementor-element-pemmx7c5 e-con-full e-flex e-con e-child\" data-id=\"pemmx7c5\" data-element_type=\"container\" data-e-type=\"container\">\n\t\t<div class=\"elementor-element elementor-element-pemmx7c1 e-con-full e-flex e-con e-child\" data-id=\"pemmx7c1\" data-element_type=\"container\" data-e-type=\"container\">\n\t\t<div class=\"elementor-element elementor-element-qh9oavvu iwg-steckbrief-card e-flex e-con-boxed e-con e-child\" data-id=\"qh9oavvu\" data-element_type=\"container\" data-e-type=\"container\">\n\t\t\t\t\t<div class=\"e-con-inner\">\n\t\t\t\t<div class=\"elementor-element elementor-element-awzx8k2k elementor-widget elementor-widget-heading\" data-id=\"awzx8k2k\" data-element_type=\"widget\" data-e-type=\"widget\" data-widget_type=\"heading.default\">\n\t\t\t\t\t<div class=\"elementor-heading-title elementor-size-default\">Origen del dybbuk<\/div>\t\t\t\t<\/div>\n\t\t\t\t<div class=\"elementor-element elementor-element-x6rowhv0 elementor-widget elementor-widget-text-editor\" data-id=\"x6rowhv0\" data-element_type=\"widget\" data-e-type=\"widget\" data-widget_type=\"text-editor.default\">\n\t\t\t\t\t\t\t\t\t<p>De l&#8217;\u00e0nima d&#8217;un difunt que no troba rep\u00f2s. No \u00e9s un \u00e9sser demon\u00edac creat, sin\u00f3 una persona no redimida.<\/p>\t\t\t\t\t\t\t\t<\/div>\n\t\t\t\t\t<\/div>\n\t\t\t\t<\/div>\n\t\t<div class=\"elementor-element elementor-element-8e3o4kxs iwg-steckbrief-card e-flex e-con-boxed e-con e-child\" data-id=\"8e3o4kxs\" data-element_type=\"container\" data-e-type=\"container\">\n\t\t\t\t\t<div class=\"e-con-inner\">\n\t\t\t\t<div class=\"elementor-element elementor-element-08rkdgov elementor-widget elementor-widget-heading\" data-id=\"08rkdgov\" data-element_type=\"widget\" data-e-type=\"widget\" data-widget_type=\"heading.default\">\n\t\t\t\t\t<div class=\"elementor-heading-title elementor-size-default\">Grup afectat pel dybbuk<\/div>\t\t\t\t<\/div>\n\t\t\t\t<div class=\"elementor-element elementor-element-uwjelx8s elementor-widget elementor-widget-text-editor\" data-id=\"uwjelx8s\" data-element_type=\"widget\" data-e-type=\"widget\" data-widget_type=\"text-editor.default\">\n\t\t\t\t\t\t\t\t\t<p>Persones vives en crisi interior o amb culpa moral. Especialment freq\u00fcent en persones joves i solteres o en dol.<\/p>\t\t\t\t\t\t\t\t<\/div>\n\t\t\t\t\t<\/div>\n\t\t\t\t<\/div>\n\t\t<div class=\"elementor-element elementor-element-jm2n74ec iwg-steckbrief-card e-flex e-con-boxed e-con e-child\" data-id=\"jm2n74ec\" data-element_type=\"container\" data-e-type=\"container\">\n\t\t\t\t\t<div class=\"e-con-inner\">\n\t\t\t\t<div class=\"elementor-element elementor-element-8vufse4c elementor-widget elementor-widget-heading\" data-id=\"8vufse4c\" data-element_type=\"widget\" data-e-type=\"widget\" data-widget_type=\"heading.default\">\n\t\t\t\t\t<div class=\"elementor-heading-title elementor-size-default\">Forma<\/div>\t\t\t\t<\/div>\n\t\t\t\t<div class=\"elementor-element elementor-element-mwb9u015 elementor-widget elementor-widget-text-editor\" data-id=\"mwb9u015\" data-element_type=\"widget\" data-e-type=\"widget\" data-widget_type=\"text-editor.default\">\n\t\t\t\t\t\t\t\t\t<p>No existeix una <span class=\"iwg-fachbegriff\" data-tooltip=\"Estudi dels continguts d'una imatge i el seu significat.\" tabindex=\"0\">iconografia<\/span> pr\u00f2pia. Nom\u00e9s visible en el cos del posse\u00eft: canvi de veu, llengua estranya, s\u00edmptomes f\u00edsics.<\/p>\t\t\t\t\t\t\t\t<\/div>\n\t\t\t\t\t<\/div>\n\t\t\t\t<\/div>\n\t\t\t\t<\/div>\n\t\t<div class=\"elementor-element elementor-element-pemmx7c2 e-con-full e-flex e-con e-child\" data-id=\"pemmx7c2\" data-element_type=\"container\" data-e-type=\"container\">\n\t\t<div class=\"elementor-element elementor-element-37ss2yr6 iwg-steckbrief-card e-flex e-con-boxed e-con e-child\" data-id=\"37ss2yr6\" data-element_type=\"container\" data-e-type=\"container\">\n\t\t\t\t\t<div class=\"e-con-inner\">\n\t\t\t\t<div class=\"elementor-element elementor-element-3v0wp3wx elementor-widget elementor-widget-heading\" data-id=\"3v0wp3wx\" data-element_type=\"widget\" data-e-type=\"widget\" data-widget_type=\"heading.default\">\n\t\t\t\t\t<div class=\"elementor-heading-title elementor-size-default\">Efecte del dybbuk<\/div>\t\t\t\t<\/div>\n\t\t\t\t<div class=\"elementor-element elementor-element-w3247g2m elementor-widget elementor-widget-text-editor\" data-id=\"w3247g2m\" data-element_type=\"widget\" data-e-type=\"widget\" data-widget_type=\"text-editor.default\">\n\t\t\t\t\t\t\t\t\t<p>Possessi\u00f3, col\u00b7lapse de la salut, canvi radical de personalitat. Durada de dies a anys, segons el cas.<\/p>\t\t\t\t\t\t\t\t<\/div>\n\t\t\t\t\t<\/div>\n\t\t\t\t<\/div>\n\t\t<div class=\"elementor-element elementor-element-0qpjal9w iwg-steckbrief-card e-flex e-con-boxed e-con e-child\" data-id=\"0qpjal9w\" data-element_type=\"container\" data-e-type=\"container\">\n\t\t\t\t\t<div class=\"e-con-inner\">\n\t\t\t\t<div class=\"elementor-element elementor-element-6ndoih0o elementor-widget elementor-widget-heading\" data-id=\"6ndoih0o\" data-element_type=\"widget\" data-e-type=\"widget\" data-widget_type=\"heading.default\">\n\t\t\t\t\t<div class=\"elementor-heading-title elementor-size-default\">Protecci\u00f3 contra el dybbuk<\/div>\t\t\t\t<\/div>\n\t\t\t\t<div class=\"elementor-element elementor-element-6684tyh9 elementor-widget elementor-widget-text-editor\" data-id=\"6684tyh9\" data-element_type=\"widget\" data-e-type=\"widget\" data-widget_type=\"text-editor.default\">\n\t\t\t\t\t\t\t\t\t<p><span class=\"iwg-fachbegriff\" data-tooltip=\"Expulsi\u00f3 ritual d'un esperit o dimoni considerat perjudicial.\" tabindex=\"0\">Exorcisme<\/span> per part d&#8217;un rebe o cabalista: <span class=\"iwg-fachbegriff\" data-tooltip=\"L'acte de dirigir-se a una divinitat o poder amb s\u00faplica o conjur.\" tabindex=\"0\">invocaci\u00f3<\/span> del dybbuk pel seu nom complet, negociaci\u00f3, acte de reparaci\u00f3, expulsi\u00f3 a trav\u00e9s del dit petit del peu. Acompanyat de: <span class=\"iwg-fachbegriff\" data-tooltip=\"L'acte de dirigir-se ling\u00fc\u00edsticament a una divinitat.\" tabindex=\"0\">preg\u00e0ria<\/span>, <em>tikkun<\/em>&#8211;<span class=\"iwg-fachbegriff\" data-tooltip=\"Una seq\u00fc\u00e8ncia regulada d'accions simb\u00f2liques amb significat religi\u00f3s o cultural.\" tabindex=\"0\">ritual<\/span>, purificaci\u00f3.<\/p>\t\t\t\t\t\t\t\t<\/div>\n\t\t\t\t\t<\/div>\n\t\t\t\t<\/div>\n\t\t<div class=\"elementor-element elementor-element-3lfi7x32 iwg-steckbrief-card e-flex e-con-boxed e-con e-child\" data-id=\"3lfi7x32\" data-element_type=\"container\" data-e-type=\"container\">\n\t\t\t\t\t<div class=\"e-con-inner\">\n\t\t\t\t<div class=\"elementor-element elementor-element-0kg99ga1 elementor-widget elementor-widget-heading\" data-id=\"0kg99ga1\" data-element_type=\"widget\" data-e-type=\"widget\" data-widget_type=\"heading.default\">\n\t\t\t\t\t<div class=\"elementor-heading-title elementor-size-default\">Elements comparables<\/div>\t\t\t\t<\/div>\n\t\t\t\t<div class=\"elementor-element elementor-element-n0fum6kp elementor-widget elementor-widget-text-editor\" data-id=\"n0fum6kp\" data-element_type=\"widget\" data-e-type=\"widget\" data-widget_type=\"text-editor.default\">\n\t\t\t\t\t\t\t\t\t<p>Possessi\u00f3 demon\u00edaca cristiana, <a href=\"https:\/\/iwell-guard.com\/ca\/edimmu\/\">edimmu<\/a> (morts sense rep\u00f2s), esperits famolencs, possessi\u00f3 per <em>jinn<\/em> en la tradici\u00f3 isl\u00e0mica, interpretacions psiqui\u00e0triques modernes dels estats dissociatius.<\/p>\t\t\t\t\t\t\t\t<\/div>\n\t\t\t\t\t<\/div>\n\t\t\t\t<\/div>\n\t\t\t\t<\/div>\n\t\t\t\t<\/div>\n\t\t\t\t\t<\/div>\n\t\t\t\t<\/div>\n\t\t<div class=\"elementor-element elementor-element-7533bc7a e-flex e-con-boxed e-con e-parent\" data-id=\"7533bc7a\" data-element_type=\"container\" data-e-type=\"container\">\n\t\t\t\t\t<div class=\"e-con-inner\">\n\t\t\t\t<div class=\"elementor-element elementor-element-2447d18d elementor-widget elementor-widget-heading\" data-id=\"2447d18d\" data-element_type=\"widget\" data-e-type=\"widget\" data-widget_type=\"heading.default\">\n\t\t\t\t\t<h2 class=\"elementor-heading-title elementor-size-default\">Protecci\u00f3 i exorcisme<\/h2>\t\t\t\t<\/div>\n\t\t<div class=\"elementor-element elementor-element-d5d0260c e-con-full e-flex e-con e-child\" data-id=\"d5d0260c\" data-element_type=\"container\" data-e-type=\"container\">\n\t\t\t\t<div class=\"elementor-element elementor-element-341be2ac elementor-widget elementor-widget-text-editor\" data-id=\"341be2ac\" data-element_type=\"widget\" data-e-type=\"widget\" data-widget_type=\"text-editor.default\">\n\t\t\t\t\t\t\t\t\t<p><strong>Rituals de protecci\u00f3<\/strong><\/p><p>L&#8217;<span class=\"iwg-fachbegriff\" data-tooltip=\"Expulsi\u00f3 ritual d'un esperit o dimoni considerat perjudicial.\" tabindex=\"0\">exorcisme<\/span> segueix un esquema fix: <span class=\"iwg-fachbegriff\" data-tooltip=\"L'acte de dirigir-se a una divinitat o poder amb s\u00faplica o conjur.\" tabindex=\"0\">invocaci\u00f3<\/span> del dybbuk pel nom, interrogatori (qui era, com va morir, qu\u00e8 el lliga), acte ritual de reparaci\u00f3 pel difunt, i finalment ordre d&#8217;expulsi\u00f3. La sortida es produeix t\u00edpicament pel dit petit del peu, generalment amb un senyal f\u00edsicament perceptible (gota de sang, vertigen).<\/p><p><strong>Conjurs<\/strong><\/p><p>Les f\u00f3rmules tenen una estructura cabal\u00edstica, amb noms div\u00ed ns, noms d&#8217;\u00e0ngels i citacions de la <span class=\"iwg-fachbegriff\" data-tooltip=\"Els cinc llibres de Mois\u00e8s, el conjunt fonamental d'escriptures del judaisme.\" tabindex=\"0\">Tor\u00e0<\/span>. Primer lliguen el dybbuk, despr\u00e9s l&#8217;interroguen, i finalment l&#8217;alliberen sota l&#8217;amena\u00e7a d&#8217;un c\u00e0stig m\u00e9s sever. Sovint s&#8217;utilitzen banyes de preg\u00e0ria (shofar) per refor\u00e7ar la pres\u00e8ncia ritual.<\/p><p><strong>Amulets i s\u00edmbols de protecci\u00f3<\/strong><\/p><p>Els amulets espec\u00edfics contra el dybbuk s\u00f3n rars, el <span class=\"iwg-fachbegriff\" data-tooltip=\"Un element de contingut recurrent en l'art o la narrativa.\" tabindex=\"0\">motiu<\/span> \u00e9s agut, no profil\u00e0ctic. Els mitjans de protecci\u00f3 jueus generals (mezuz\u00e0, tefil\u00edn, salm 91) actuen de manera indirecta. Despr\u00e9s d&#8217;un <span class=\"iwg-fachbegriff\" data-tooltip=\"Expulsi\u00f3 ritual d'un esperit o dimoni considerat perjudicial.\" tabindex=\"0\">exorcisme<\/span> reeixit, sovint es proveeix l&#8217;hoste d&#8217;un amulet protector perqu\u00e8 no torni a ser vulnerable.<\/p>\t\t\t\t\t\t\t\t<\/div>\n\t\t\t\t<\/div>\n\t\t\t\t\t<\/div>\n\t\t\t\t<\/div>\n\t\t<div class=\"elementor-element elementor-element-5a584676 e-flex e-con-boxed e-con e-parent\" data-id=\"5a584676\" data-element_type=\"container\" data-e-type=\"container\">\n\t\t\t\t\t<div class=\"e-con-inner\">\n\t\t\t\t<div class=\"elementor-element elementor-element-6d0757bf elementor-widget elementor-widget-heading\" data-id=\"6d0757bf\" data-element_type=\"widget\" data-e-type=\"widget\" data-widget_type=\"heading.default\">\n\t\t\t\t\t<h2 class=\"elementor-heading-title elementor-size-default\">Paral\u00b7lelismes i perviv\u00e8ncia<\/h2>\t\t\t\t<\/div>\n\t\t<div class=\"elementor-element elementor-element-60563f68 e-con-full e-flex e-con e-child\" data-id=\"60563f68\" data-element_type=\"container\" data-e-type=\"container\">\n\t\t\t\t<div class=\"elementor-element elementor-element-5a93fdd6 elementor-widget elementor-widget-text-editor\" data-id=\"5a93fdd6\" data-element_type=\"widget\" data-e-type=\"widget\" data-widget_type=\"text-editor.default\">\n\t\t\t\t\t\t\t\t\t<p><strong>Tradicions relacionades<\/strong><\/p><p>La possessi\u00f3 demon\u00edaca cristiana i l&#8217;<span class=\"iwg-fachbegriff\" data-tooltip=\"Expulsi\u00f3 ritual d'un esperit o dimoni considerat perjudicial.\" tabindex=\"0\">exorcisme<\/span> segueixen un patr\u00f3 estructuralment semblant. Les tradicions isl\u00e0miques coneixen la possessi\u00f3 pels <em>jinn<\/em>. El <span class=\"iwg-fachbegriff\" data-tooltip=\"Un element de contingut recurrent en l'art o la narrativa.\" tabindex=\"0\">motiu<\/span> mesopot\u00e0mic de l&#8217;edimmu n&#8217;\u00e9s un avantpassat lluny\u00e0 per\u00f2 estructuralment comparable.<\/p><p><strong>El Dybbuk d&#8217;An-Ski:<\/strong> l&#8217;obra de teatre de Shmuel An-Ski \u201eEl Dybbuk\u201d (1920) s&#8217;ha convertit en l&#8217;obra cultural de refer\u00e8ncia de la <span class=\"iwg-fachbegriff\" data-tooltip=\"Corrent religi\u00f3s centrat en l'experi\u00e8ncia directa de D\u00e9u.\" tabindex=\"0\">m\u00edstica<\/span> jueva. La pel\u00b7l\u00edcula de 1937 i nombroses adaptacions fins avui mantenen el <span class=\"iwg-fachbegriff\" data-tooltip=\"Un element de contingut recurrent en l'art o la narrativa.\" tabindex=\"0\">motiu<\/span> present arreu del m\u00f3n.<\/p><p><strong>Recepci\u00f3 moderna:<\/strong> pel\u00b7l\u00edcules de terror, s\u00e8ries i literatura recullen el <span class=\"iwg-fachbegriff\" data-tooltip=\"Un element de contingut recurrent en l'art o la narrativa.\" tabindex=\"0\">motiu<\/span> del dybbuk (entre d&#8217;altres, \u201eThe Dybbuk Box\u201d, \u201eA Serious Man\u201d). En la realitat israeliana actual, la tradici\u00f3 es combina en part amb interpretacions psiqui\u00e0triques i psicoterap\u00e8utiques, el dybbuk com a met\u00e0fora d&#8217;un trauma no resolt.<\/p>\t\t\t\t\t\t\t\t<\/div>\n\t\t\t\t<\/div>\n\t\t\t\t\t<\/div>\n\t\t\t\t<\/div>\n\t\t<div class=\"elementor-element elementor-element-cp0eb98d2 e-flex e-con-boxed e-con e-parent\" data-id=\"cp0eb98d2\" data-element_type=\"container\" data-e-type=\"container\">\n\t\t\t\t\t<div class=\"e-con-inner\">\n\t\t\t\t<div class=\"elementor-element elementor-element-cp2400814 elementor-widget elementor-widget-heading\" data-id=\"cp2400814\" data-element_type=\"widget\" data-e-type=\"widget\" data-widget_type=\"heading.default\">\n\t\t\t\t\t<h2 class=\"elementor-heading-title elementor-size-default\">El sorgiment de la idea en la cabala lurianica<\/h2>\t\t\t\t<\/div>\n\t\t<div class=\"elementor-element elementor-element-cp20db8ee e-con-full e-flex e-con e-child\" data-id=\"cp20db8ee\" data-element_type=\"container\" data-e-type=\"container\">\n\t\t\t\t<div class=\"elementor-element elementor-element-cpc3309bf elementor-widget elementor-widget-text-editor\" data-id=\"cpc3309bf\" data-element_type=\"widget\" data-e-type=\"widget\" data-widget_type=\"text-editor.default\">\n\t\t\t\t\t\t\t\t\t<p>El dybbuk en la seva forma m\u00e9s definida no \u00e9s una idea b\u00edblica antiga, sin\u00f3 que sorgeix en el pensament religi\u00f3s de la primera modernitat. Determinant va ser la <span class=\"iwg-fachbegriff\" data-tooltip=\"Corrent de la m\u00edstica jueva amb obres principals com el Sefer Jezir\u00e0 i el Zohar.\" tabindex=\"0\">c\u00e0bala<\/span> de Safed al segle XVI, sobretot les ensenyances d&#8217;Isaac Luria i el seu cercle.<\/p><p>Central va esdevenir la doctrina del <em>Gilgul<\/em>, la transmigraci\u00f3 de les \u00e0nimes, i de l&#8217;<em>Ibbur<\/em>, la incorporaci\u00f3 temporal d&#8217;una \u00e0nima aliena en una persona viva.<\/p><p>L&#8217;<em>Ibbur<\/em> es concep, en principi, de manera positiva: l&#8217;\u00e0nima d&#8217;un just pot adherir-se a un vivent per ajudar-lo o per complir ella mateixa un manament encara pendent. El dybbuk \u00e9s, en certa manera, la cara fosca d&#8217;aquesta idea.<\/p><p>Es tracta de l&#8217;\u00e0nima d&#8217;un difunt que, per pecats greus, no pot arribar ni a una nova reencarnaci\u00f3 ni al rep\u00f2s, i que per aix\u00f2 penetra violentament en el cos d&#8217;una persona viva.<\/p><p>La paraula <em>dybbuk<\/em> deriva de l&#8217;arrel hebrea <em>dbq<\/em>, que significa adherir-se, enganxar-se, fixar-se fermament. L&#8217;expressi\u00f3 \u00e9s una abreviaci\u00f3 de la f\u00f3rmula m\u00e9s antiga <em>dibbuk me-ruach raah<\/em>, aproximadament adhesi\u00f3 d&#8217;un esperit maligne.<\/p><p>Com a terme fix, <em>dybbuk<\/em> s&#8217;imposa nom\u00e9s als segles XVII i XVIII; els textos m\u00e9s antics parlen d&#8217;un <span class=\"iwg-fachbegriff\" data-tooltip=\"Un \u00e9sser incorpori al qual s'atribueix acci\u00f3 en el m\u00f3n.\" tabindex=\"0\">esperit<\/span> maligne o simplement d&#8217;un <em>ruach<\/em>.<\/p><p>La recerca, com els treballs de Gershom Scholem i m\u00e9s tard de Yoram Bilu i J. H. Chajes, ha mostrat que la idea del dybbuk se situa en la cru\u00eflla entre la creen\u00e7a popular i la <span class=\"iwg-fachbegriff\" data-tooltip=\"Corrent de la m\u00edstica jueva amb obres principals com el Sefer Jezir\u00e0 i el Zohar.\" tabindex=\"0\">c\u00e0bala<\/span> erudita. Uneix idees m\u00e9s antigues sobre morts inquiets amb el sistema cabal\u00edstic elaborat de pecat, c\u00e0stig i reparaci\u00f3 de l&#8217;\u00e0nima.<\/p>\t\t\t\t\t\t\t\t<\/div>\n\t\t\t\t<\/div>\n\t\t\t\t\t<\/div>\n\t\t\t\t<\/div>\n\t\t<div class=\"elementor-element elementor-element-cp21bb865 e-flex e-con-boxed e-con e-parent\" data-id=\"cp21bb865\" data-element_type=\"container\" data-e-type=\"container\">\n\t\t\t\t\t<div class=\"e-con-inner\">\n\t\t\t\t<div class=\"elementor-element elementor-element-cp3028d65 elementor-widget elementor-widget-heading\" data-id=\"cp3028d65\" data-element_type=\"widget\" data-e-type=\"widget\" data-widget_type=\"heading.default\">\n\t\t\t\t\t<h2 class=\"elementor-heading-title elementor-size-default\">L'exorcisme: procediment i actors<\/h2>\t\t\t\t<\/div>\n\t\t<div class=\"elementor-element elementor-element-cp8937cda e-con-full e-flex e-con e-child\" data-id=\"cp8937cda\" data-element_type=\"container\" data-e-type=\"container\">\n\t\t\t\t<div class=\"elementor-element elementor-element-cp8bea0f2 elementor-widget elementor-widget-text-editor\" data-id=\"cp8bea0f2\" data-element_type=\"widget\" data-e-type=\"widget\" data-widget_type=\"text-editor.default\">\n\t\t\t\t\t\t\t\t\t<p>La tradici\u00f3 jueva coneix per a l&#8217;expulsi\u00f3 d&#8217;un dybbuk un procediment relativament fixat, transm\u00e8s en nombrosos relats des del segle XVI fins al XIX.<\/p><p>No el duia a terme qualsevol persona, sin\u00f3 un <em>Baal Shem<\/em>, un mestre del nom div\u00ed, o un rab\u00ed respectat amb formaci\u00f3 cabal\u00edstica, recolzat per un grup anomenat <em>Minian<\/em>, format com a m\u00ednim per deu homes.<\/p><p>El primer pas era l&#8217;interrogatori. L&#8217;exorcista interrogava l&#8217;<span class=\"iwg-fachbegriff\" data-tooltip=\"Un \u00e9sser incorpori al qual s'atribueix acci\u00f3 en el m\u00f3n.\" tabindex=\"0\">esperit<\/span> a trav\u00e9s de la boca del posse\u00eft sobre la seva identitat, el seu nom, el seu origen i, sobretot, els pecats que li impedien trobar rep\u00f2s.<\/p><p>Aquest interrogatori servia per aclarir el cas, ja que un dybbuk no es podia expulsar simplement; calia entendre per qu\u00e8 l&#8217;\u00e0nima estava atrapada.<\/p><p>Seguien conjurs amb <span class=\"iwg-fachbegriff\" data-tooltip=\"La invocaci\u00f3 suplicant o conjuradora d'una divinitat o poder.\" tabindex=\"0\">invocaci\u00f3<\/span> de noms divins, la recitaci\u00f3 de certs salms, especialment el Salm 91, i l&#8217;\u00fas de mitjans rituals com el xofar, el corn de molt\u00f3, el so del qual havia de commoure l&#8217;<span class=\"iwg-fachbegriff\" data-tooltip=\"Un \u00e9sser incorpori al qual s'atribueix acci\u00f3 en el m\u00f3n.\" tabindex=\"0\">esperit<\/span>.<\/p><p>Sovint l&#8217;<span class=\"iwg-fachbegriff\" data-tooltip=\"Un \u00e9sser incorpori al qual s'atribueix acci\u00f3 en el m\u00f3n.\" tabindex=\"0\">esperit<\/span> era amena\u00e7at amb l&#8217;<span class=\"iwg-fachbegriff\" data-tooltip=\"Exclusi\u00f3 m\u00e0gica o eclesi\u00e0stica; tamb\u00e9 la vinculaci\u00f3 d'un poder mitjan\u00e7ant una f\u00f3rmula.\" tabindex=\"0\">excomuni\u00f3<\/span>, el <em>Cherem<\/em>. L&#8217;objectiu era induir el dybbuk a abandonar el cos, a ser possible per un punt exactament determinat, sovint el dit petit del peu, perqu\u00e8 la sortida no fer\u00eds el posse\u00eft.<\/p><p>Els relats consignen que al lloc de la sortida de vegades es trobava una taca de sang o una finestra esquerdada.<\/p><p>No poques vegades es prometia alhora al dybbuk un <em>Tikkun<\/em>, una mesura de reparaci\u00f3 i restauraci\u00f3 de l&#8217;\u00e0nima, perqu\u00e8 poguera trobar rep\u00f2s despr\u00e9s de la sortida. L&#8217;<span class=\"iwg-fachbegriff\" data-tooltip=\"Expulsi\u00f3 ritual d'un esperit o dimoni considerat perjudicial.\" tabindex=\"0\">exorcisme<\/span> era, aix\u00ed, no nom\u00e9s l&#8217;alliberament del vivent, sin\u00f3 tamb\u00e9 un acte de cura pastoral envers el mort.<\/p>\t\t\t\t\t\t\t\t<\/div>\n\t\t\t\t<\/div>\n\t\t\t\t\t<\/div>\n\t\t\t\t<\/div>\n\t\t<div class=\"elementor-element elementor-element-cp5f2602f e-flex e-con-boxed e-con e-parent\" data-id=\"cp5f2602f\" data-element_type=\"container\" data-e-type=\"container\">\n\t\t\t\t\t<div class=\"e-con-inner\">\n\t\t\t\t<div class=\"elementor-element elementor-element-cp4f4fcb9 elementor-widget elementor-widget-heading\" data-id=\"cp4f4fcb9\" data-element_type=\"widget\" data-e-type=\"widget\" data-widget_type=\"heading.default\">\n\t\t\t\t\t<h2 class=\"elementor-heading-title elementor-size-default\">La transmissi\u00f3 de les fonts: llibres de maasim i col\u00b7leccions de casos<\/h2>\t\t\t\t<\/div>\n\t\t<div class=\"elementor-element elementor-element-cp82d7e89 e-con-full e-flex e-con e-child\" data-id=\"cp82d7e89\" data-element_type=\"container\" data-e-type=\"container\">\n\t\t\t\t<div class=\"elementor-element elementor-element-cp348b8bf elementor-widget elementor-widget-text-editor\" data-id=\"cp348b8bf\" data-element_type=\"widget\" data-e-type=\"widget\" data-widget_type=\"text-editor.default\">\n\t\t\t\t\t\t\t\t\t<p>Gran part del que sabem sobre el dybbuk prov\u00e9 d&#8217;un g\u00e8nere textual propi, els relats de casos de possessi\u00f3 reals o considerats reals. Aquests <em>Maasim<\/em>, \u00e9s a dir, narracions de fets, es van recopilar, copiar i imprimir, i van circular tant al m\u00f3n asquenazita com al sefardita.<\/p><p>Una col\u00b7lecci\u00f3 primerenca i influent se situa en l&#8217;entorn del cercle lurianic de Safed. El cas individual m\u00e9s fam\u00f3s \u00e9s la possessi\u00f3 que va documentar Chaim Vital, el deixeble m\u00e9s important de Luria.<\/p><p>Col\u00b7leccions posteriors, com el material dif\u00f3s al segle XVII i els llibres de hist\u00f2ries impresos al segle XIX a l&#8217;Europa de l&#8217;Est, sovint indiquen lloc, any i noms dels implicats, la qual cosa dona als relats car\u00e0cter d&#8217;acta.<\/p><p>Els historiadors i historiadores que analitzen aquests textos no els tracten com a informes factuals sobre esperits, sin\u00f3 com a fonts per a la mentalitat, la <span class=\"iwg-fachbegriff\" data-tooltip=\"L'actitud i pr\u00e0ctica religiosa viscuda d'una persona.\" tabindex=\"0\">pietat<\/span> i els conflictes socials.<\/p><p>J. H. Chajes ha mostrat en el seu estudi <em>Between Worlds<\/em> que molts casos afecten dones joves i que la possessi\u00f3 els proporcionava una veu que d&#8217;altra manera els era negada. La persona que parlava a trav\u00e9s del dybbuk podia dir coses, formular acusacions i fer reclamacions que a la mateixa persona posse\u00efda no li haurien estat permeses.<\/p><p>Els relats s\u00f3n, a m\u00e9s, reveladors des del punt de vista de la hist\u00f2ria de les religions, perqu\u00e8 sovint s&#8217;hi explica quin pecat retenia el difunt. Sovint es tracta de faltes greus com jurament no complert, fornicaci\u00f3 o, en algunes hist\u00f2ries, la conversi\u00f3 al cristianisme. El dybbuk esdev\u00e9 aix\u00ed un recurs narratiu a trav\u00e9s del qual es fa visible l&#8217;ordre moral de la comunitat.<\/p>\t\t\t\t\t\t\t\t<\/div>\n\t\t\t\t<\/div>\n\t\t\t\t\t<\/div>\n\t\t\t\t<\/div>\n\t\t<div class=\"elementor-element elementor-element-cpfd35d6f e-flex e-con-boxed e-con e-parent\" data-id=\"cpfd35d6f\" data-element_type=\"container\" data-e-type=\"container\">\n\t\t\t\t\t<div class=\"e-con-inner\">\n\t\t\t\t<div class=\"elementor-element elementor-element-cp7fdca9e elementor-widget elementor-widget-heading\" data-id=\"cp7fdca9e\" data-element_type=\"widget\" data-e-type=\"widget\" data-widget_type=\"heading.default\">\n\t\t\t\t\t<h2 class=\"elementor-heading-title elementor-size-default\">El dybbuk a l'escenari: el drama d'An-ski i la seva influ\u00e8ncia<\/h2>\t\t\t\t<\/div>\n\t\t<div class=\"elementor-element elementor-element-cpf7554f7 e-con-full e-flex e-con e-child\" data-id=\"cpf7554f7\" data-element_type=\"container\" data-e-type=\"container\">\n\t\t\t\t<div class=\"elementor-element elementor-element-cp5e1b238 elementor-widget elementor-widget-text-editor\" data-id=\"cp5e1b238\" data-element_type=\"widget\" data-e-type=\"widget\" data-widget_type=\"text-editor.default\">\n\t\t\t\t\t\t\t\t\t<p>La \u00e0mplia difusi\u00f3 del terme fora del m\u00f3n jueu es deu a una sola obra: l&#8217;obra de teatre <em>Der Dibbuk oder Zwischen zwei Welten<\/em> (El dibbuk, o entre dos mons) de l&#8217;escriptor i etn\u00f2graf S. An-ski, nom real Schloime Salman Rapoport.<\/p><p><span data-nosnippet>Entre 1912 i 1914, An-ski havia realitzat expedicions etnogr\u00e0fiques per les zones de poblament jueu de Vol\u00ednia i Pod\u00f2lia, recollint creences populars, can\u00e7ons i relats, entre els quals tamb\u00e9 material sobre la possessi\u00f3.<\/span><\/p><p>L&#8217;obra va ser escrita originalment en rus, despr\u00e9s tradu\u00efda per An-ski mateix al \u00eddix i estrenada, despr\u00e9s de la seva mort el 1920, a Vars\u00f2via per la companyia teatral \u00eddix Wilnaer Truppe.<\/p><p>Una traducci\u00f3 a l&#8217;hebreu feta pel poeta Chaim Nachman Bialik va fer con\u00e8ixer l&#8217;obra tamb\u00e9 a Palestina; la representaci\u00f3 del Teatre Habima el 1922 a Moscou, dirigida per Jewgeni Wachtangow, es considera una fita de l&#8217;escena hebrea moderna.<\/p><p>La trama d&#8217;An-ski uneix la noci\u00f3 del dybbuk amb una hist\u00f2ria d&#8217;amor: el jove estudiant de talmud Chanan mor quan la seva estimada Lea \u00e9s promesa a un altre, i torna com a dybbuk dins el cos d&#8217;ella.<\/p><p><span data-nosnippet>L&#8217;<span class=\"iwg-fachbegriff\" data-tooltip=\"Expulsi\u00f3 ritual d'un esperit o dimoni considerat nociu.\" tabindex=\"0\">exorcisme<\/span> dut a terme per un rab\u00ed constitueix el centre dram\u00e0tic de l&#8217;obra. El 1937 la hist\u00f2ria es va portar al cinema a Pol\u00f2nia com a pel\u00b7l\u00edcula en \u00eddix, una obra que avui es considera un document important de la cultura jueva de l&#8217;Europa de l&#8217;Est ja desapareguda.<\/span><\/p><p><span data-nosnippet>Gr\u00e0cies a An-ski, el dybbuk es va convertir en una xifra cultural. A la segona meitat del segle XX, la figura apareix en la literatura, el cinema i les arts pl\u00e0stiques sovint deslligada del seu rerefons religi\u00f3s, com a <span class=\"iwg-fachbegriff\" data-tooltip=\"Un signe que representa una idea o un significat.\" tabindex=\"0\">s\u00edmbol<\/span> d&#8217;un passat no resolt, de la persist\u00e8ncia dels morts, i despr\u00e9s de 1945 tamb\u00e9 del pes no assumit de l&#8217;extermini.<\/span><\/p>\t\t\t\t\t\t\t\t<\/div>\n\t\t\t\t<\/div>\n\t\t\t\t\t<\/div>\n\t\t\t\t<\/div>\n\t\t<div class=\"elementor-element elementor-element-36dd7469 e-flex e-con-boxed e-con e-parent\" data-id=\"36dd7469\" data-element_type=\"container\" data-e-type=\"container\">\n\t\t\t\t\t<div class=\"e-con-inner\">\n\t\t\t\t<div class=\"elementor-element elementor-element-13760ab4 elementor-widget elementor-widget-heading\" data-id=\"13760ab4\" data-element_type=\"widget\" data-e-type=\"widget\" data-widget_type=\"heading.default\">\n\t\t\t\t\t<h2 class=\"elementor-heading-title elementor-size-default\">Enlla\u00e7os relacionats<\/h2>\t\t\t\t<\/div>\n\t\t<div class=\"elementor-element elementor-element-28c87796 e-con-full e-flex e-con e-child\" data-id=\"28c87796\" data-element_type=\"container\" data-e-type=\"container\">\n\t\t\t\t<div class=\"elementor-element elementor-element-5d6538df elementor-widget elementor-widget-text-editor\" data-id=\"5d6538df\" data-element_type=\"widget\" data-e-type=\"widget\" data-widget_type=\"text-editor.default\">\n\t\t\t\t\t\t\t\t\t<p>Enlla\u00e7os interns recomanats:<\/p><ul><li><a href=\"https:\/\/iwell-guard.com\/ca\/judaisme\/\">Judaisme<\/a><\/li><li><a href=\"https:\/\/iwell-guard.com\/ca\/?page_id=171360\">Lilith<\/a>, <a href=\"https:\/\/iwell-guard.com\/ca\/?page_id=171361\">Asmodeu<\/a>, <a href=\"https:\/\/iwell-guard.com\/ca\/?page_id=171359\">Shedim<\/a>, <a href=\"https:\/\/iwell-guard.com\/ca\/?page_id=171363\">Azazel<\/a> (altres figures clau)<\/li><li><a href=\"https:\/\/iwell-guard.com\/ca\/edimmu\/\">Edimmu<\/a> (paral\u00b7lelisme estructural)<\/li><li><span class=\"iwg-fachbegriff\" data-tooltip=\"Corrent de la m\u00edstica jueva amb obres principals com el Sefer Jezir\u00e0 i el Zohar.\" tabindex=\"0\">Cabala<\/span> lurianica<\/li><li>Tradici\u00f3 hass\u00eddica<\/li><li>Creences sobre la possessi\u00f3 arreu del m\u00f3n<\/li><\/ul>\t\t\t\t\t\t\t\t<\/div>\n\t\t\t\t<\/div>\n\t\t\t\t\t<\/div>\n\t\t\t\t<\/div>\n\t\t<div class=\"elementor-element elementor-element-grl4kl40 e-flex e-con-boxed e-con e-parent\" data-id=\"grl4kl40\" data-element_type=\"container\" data-e-type=\"container\">\n\t\t\t\t\t<div class=\"e-con-inner\">\n\t\t\t\t<div class=\"elementor-element elementor-element-bzsbfrmh elementor-widget elementor-widget-heading\" data-id=\"bzsbfrmh\" data-element_type=\"widget\" data-e-type=\"widget\" data-widget_type=\"heading.default\">\n\t\t\t\t\t<h2 class=\"elementor-heading-title elementor-size-default\">Fonts i bibliografia<\/h2>\t\t\t\t<\/div>\n\t\t<div class=\"elementor-element elementor-element-2c13224a e-con-full e-flex e-con e-child\" data-id=\"2c13224a\" data-element_type=\"container\" data-e-type=\"container\">\n\t\t\t\t<div class=\"elementor-element elementor-element-0eymh9ub elementor-widget elementor-widget-text-editor\" data-id=\"0eymh9ub\" data-element_type=\"widget\" data-e-type=\"widget\" data-widget_type=\"text-editor.default\">\n\t\t\t\t\t\t\t\t\t<footer class=\"iwg-literatur\"><p>Una selecci\u00f3 d&#8217;obres centrals sobre el dybbuk i l&#8217;<span class=\"iwg-fachbegriff\" data-tooltip=\"Expulsi\u00f3 ritual d'un esperit o dimoni considerat nociu.\" tabindex=\"0\">exorcisme<\/span> jueu:<\/p><ul><li><span data-nosnippet>Chajes, Yehuda: <em>Between Worlds. Dybbuks, Exorcists, and Early Modern Judaism<\/em>. Philadelphia 2003.<\/span><\/li><li><span data-nosnippet>Bilu, Yoram: \u201eDybbuk and Maggid. Two Cultural Patterns of Altered Consciousness in Judaism.\u00bb A: <em>AJS Review<\/em> 21 (1996).<\/span><\/li><li><span data-nosnippet>Scholem, Gershom: <em>Major Trends in Jewish Mysticism<\/em>. New York 1941.<\/span><\/li><li><span data-nosnippet>Nigal, Gedalyah: <em>Magic, Mysticism, and Hasidism<\/em>. Northvale 1994.<\/span><\/li><li><span data-nosnippet>An-Ski, S.: <em>The Dybbuk and Other Writings<\/em>. Ed. David G. Roskies. New Haven 2002.<\/span><\/li><\/ul><div data-nosnippet=\"true\" class=\"iwg-litliste\"><p><strong>Bibliografia est\u00e0ndard (Judaisme):<\/strong><\/p><ul><li><span data-nosnippet><strong>Hutter, Manfred<\/strong>: <em>Lilith. In: Dictionary of Deities and Demons in the Bible. 2. Aufl. Leiden 1999.<\/em><\/span><\/li><\/ul><\/div><\/footer>\n<p class=\"iwg-bib-more\"><span data-nosnippet>M\u00e9s obres de refer\u00e8ncia a la <a href=\"https:\/\/iwell-guard.com\/ca\/?page_id=171483\">bibliografia<\/a>.<\/span><\/p>\t\t\t\t\t\t\t\t<\/div>\n\t\t\t\t<\/div>\n\t\t\t\t\t<\/div>\n\t\t\t\t<\/div>\n\t\t<div class=\"elementor-element elementor-element-qv852qv e-flex e-con-boxed e-con e-parent\" data-id=\"qv852qv\" data-element_type=\"container\" data-e-type=\"container\">\n\t\t\t\t\t<div class=\"e-con-inner\">\n\t\t\t\t<div class=\"elementor-element elementor-element-qv852qvh elementor-widget elementor-widget-heading\" data-id=\"qv852qvh\" data-element_type=\"widget\" data-e-type=\"widget\" data-widget_type=\"heading.default\">\n\t\t\t\t\t<h2 class=\"elementor-heading-title elementor-size-default\">S\u00edmbols de protecci\u00f3 relacionats<\/h2>\t\t\t\t<\/div>\n\t\t<div class=\"elementor-element elementor-element-qv852qvb e-con-full e-flex e-con e-parent\" data-id=\"qv852qvb\" data-element_type=\"container\" data-e-type=\"container\">\n\t\t\t\t<div class=\"elementor-element elementor-element-qv852qvt elementor-widget elementor-widget-html\" data-id=\"qv852qvt\" data-element_type=\"widget\" data-e-type=\"widget\" data-widget_type=\"html.default\">\n\t\t\t\t\t<div class=\"iwg-querverweis-grid\" style=\"display:grid;grid-template-columns:repeat(auto-fit,minmax(220px,1fr));gap:16px;margin:16px 0;\"><div class=\"iwg-querverweis-card\"><a href=\"https:\/\/iwell-guard.com\/ca\/?page_id=171652\" class=\"iwg-querverweis-link\"><strong>Mezuz\u00e0<\/strong><br><span class=\"iwg-querverweis-teaser\">Pergam\u00ed jueu col\u00b7locat al muntant de la porta, amb el text del Xem\u00e0 Israel<\/span><\/a><\/div><\/div><style>.iwg-querverweis-card{padding:16px;border:1px solid var(--e-global-color-f443515,#e6c45a);border-radius:8px;background:rgba(0,0,0,0.22);}.iwg-querverweis-link{color:var(--e-global-color-accent,#e6c45a);text-decoration:none;}.iwg-querverweis-teaser{color:#e8e8e8;font-size:13px;line-height:1.4;}<\/style>\t\t\t\t<\/div>\n\t\t\t\t<\/div>\n\t\t\t\t\t<\/div>\n\t\t\t\t<\/div>\n\t\t<div class=\"elementor-element elementor-element-iwgca-dybbuk-sec e-flex e-con-boxed e-con e-parent\" data-id=\"iwgca-dybbuk-sec\" data-element_type=\"container\" data-e-type=\"container\" id=\"iwg-ca-dybbuk\">\n\t\t\t\t\t<div class=\"e-con-inner\">\n\t\t\t\t<div class=\"elementor-element elementor-element-iwgca-dybbuk-te iwg-ca-textwrap elementor-widget elementor-widget-text-editor\" data-id=\"iwgca-dybbuk-te\" data-element_type=\"widget\" data-e-type=\"widget\" data-widget_type=\"text-editor.default\">\n\t\t\t\t\t\t\t\t\t<div data-nosnippet=\"true\"><p class=\"iwg-ca-bridge\">La pr\u00e0ctica de protecci\u00f3 descrita aqu\u00ed \u00e9s una classificaci\u00f3 de tradicions hist\u00f2riques des de la perspectiva de la ci\u00e8ncia de les religions. iWell Guard s&#8217;inspira en aquesta l\u00ednia cultural i hist\u00f2rica d&#8217;objectes de protecci\u00f3 portables i n&#8217;\u00e9s una forma contempor\u00e0nia. <a href=\"\/ueber-iwell-guard\/?utm_source=iwell-guard.com&#038;utm_medium=text-link&#038;utm_campaign=schadwesen-tradition\">M\u00e9s informaci\u00f3 sobre l&#8217;iWell Guard \u2192<\/a><\/p><\/div>\t\t\t\t\t\t\t\t<\/div>\n\t\t\t\t\t<\/div>\n\t\t\t\t<\/div>\n\t\t\t\t<\/div>\n\t\t","protected":false},"excerpt":{"rendered":"","protected":false},"author":3,"featured_media":1670,"parent":0,"menu_order":0,"comment_status":"closed","ping_status":"closed","template":"elementor_header_footer","meta":{"_yoast_wpseo_focuskw":"Dybbuk","_yoast_wpseo_title":"Dybbuk - L'esperit adherit, la possessi\u00f3","_yoast_wpseo_metadesc":"Dybbuk, esperit adherit de la tradici\u00f3 jueva: la possessi\u00f3 en la cabala lurianica. Origen, interpretaci\u00f3 i classificaci\u00f3 historicoreligiosa.","_yoast_wpseo_meta-robots-noindex":"","_yoast_wpseo_canonical":"","_angie_page":false,"gefaehrdungsstufe":"3","wesen_kultur":"judentum","wesen_klasse":"geister","footnotes":""},"categories":[],"class_list":["post-171362","page","type-page","status-publish","has-post-thumbnail","hentry"],"yoast_head":"<!-- This site is optimized with the Yoast SEO Premium plugin v27.7 (Yoast SEO v28.3) - https:\/\/yoast.com\/product\/yoast-seo-premium-wordpress\/ -->\n<title>Dybbuk - L&#039;esperit adherit, la possessi\u00f3<\/title>\n<meta name=\"description\" content=\"Dybbuk, esperit adherit de la tradici\u00f3 jueva: la possessi\u00f3 en la cabala lurianica. Origen, interpretaci\u00f3 i classificaci\u00f3 historicoreligiosa.\" \/>\n<meta name=\"robots\" content=\"index, follow, max-snippet:-1, max-image-preview:large, max-video-preview:-1\" \/>\n<link rel=\"canonical\" href=\"https:\/\/iwell-guard.com\/ca\/dybbuk\/\" \/>\n<meta property=\"og:locale\" content=\"ca_ES\" \/>\n<meta property=\"og:type\" content=\"article\" \/>\n<meta property=\"og:title\" content=\"Dybbuk\" \/>\n<meta property=\"og:description\" content=\"Dybbuk, esperit adherit de la tradici\u00f3 jueva: la possessi\u00f3 en la cabala lurianica. Origen, interpretaci\u00f3 i classificaci\u00f3 historicoreligiosa.\" \/>\n<meta property=\"og:url\" content=\"https:\/\/iwell-guard.com\/ca\/dybbuk\/\" \/>\n<meta property=\"og:site_name\" content=\"iWell Guard\" \/>\n<meta property=\"article:modified_time\" content=\"2026-09-05T15:55:51+00:00\" \/>\n<meta property=\"og:image\" content=\"https:\/\/iwell-guard.com\/wp-content\/uploads\/2026\/04\/geister_judentum_dybbuk-1.webp\" \/>\n\t<meta property=\"og:image:width\" content=\"1024\" \/>\n\t<meta property=\"og:image:height\" content=\"1536\" \/>\n\t<meta property=\"og:image:type\" content=\"image\/webp\" \/>\n<meta name=\"twitter:card\" content=\"summary_large_image\" \/>\n<script type=\"application\/ld+json\" class=\"yoast-schema-graph\">{\"@context\":\"https:\\\/\\\/schema.org\",\"@graph\":[{\"@type\":\"WebPage\",\"@id\":\"https:\\\/\\\/iwell-guard.com\\\/ca\\\/dybbuk\\\/\",\"url\":\"https:\\\/\\\/iwell-guard.com\\\/ca\\\/dybbuk\\\/\",\"name\":\"Dybbuk - L'esperit adherit, la possessi\u00f3\",\"isPartOf\":{\"@id\":\"https:\\\/\\\/iwell-guard.com\\\/ca\\\/#website\"},\"primaryImageOfPage\":{\"@id\":\"https:\\\/\\\/iwell-guard.com\\\/ca\\\/dybbuk\\\/#primaryimage\"},\"image\":{\"@id\":\"https:\\\/\\\/iwell-guard.com\\\/ca\\\/dybbuk\\\/#primaryimage\"},\"thumbnailUrl\":\"https:\\\/\\\/iwell-guard.com\\\/wp-content\\\/uploads\\\/2026\\\/04\\\/geister_judentum_dybbuk-1.webp\",\"datePublished\":\"2026-09-05T15:38:45+00:00\",\"dateModified\":\"2026-09-05T15:55:51+00:00\",\"description\":\"Dybbuk, esperit adherit de la tradici\u00f3 jueva: la possessi\u00f3 en la cabala lurianica. Origen, interpretaci\u00f3 i classificaci\u00f3 historicoreligiosa.\",\"breadcrumb\":{\"@id\":\"https:\\\/\\\/iwell-guard.com\\\/ca\\\/dybbuk\\\/#breadcrumb\"},\"inLanguage\":\"ca\",\"potentialAction\":[{\"@type\":\"ReadAction\",\"target\":[\"https:\\\/\\\/iwell-guard.com\\\/ca\\\/dybbuk\\\/\"]}]},{\"@type\":\"ImageObject\",\"inLanguage\":\"ca\",\"@id\":\"https:\\\/\\\/iwell-guard.com\\\/ca\\\/dybbuk\\\/#primaryimage\",\"url\":\"https:\\\/\\\/iwell-guard.com\\\/wp-content\\\/uploads\\\/2026\\\/04\\\/geister_judentum_dybbuk-1.webp\",\"contentUrl\":\"https:\\\/\\\/iwell-guard.com\\\/wp-content\\\/uploads\\\/2026\\\/04\\\/geister_judentum_dybbuk-1.webp\",\"width\":1024,\"height\":1536,\"caption\":\"Esperits de la tradici\u00f3 del judaisme.\"},{\"@type\":\"BreadcrumbList\",\"@id\":\"https:\\\/\\\/iwell-guard.com\\\/ca\\\/dybbuk\\\/#breadcrumb\",\"itemListElement\":[{\"@type\":\"ListItem\",\"position\":1,\"name\":\"Start\",\"item\":\"https:\\\/\\\/iwell-guard.com\\\/ca\\\/?page_id=171333\"},{\"@type\":\"ListItem\",\"position\":2,\"name\":\"Dybbuk\"}]},{\"@type\":\"WebSite\",\"@id\":\"https:\\\/\\\/iwell-guard.com\\\/ca\\\/#website\",\"url\":\"https:\\\/\\\/iwell-guard.com\\\/ca\\\/\",\"name\":\"iWell Guard\",\"description\":\"Schutz vor dunklen Einfl\u00fcssen\",\"publisher\":{\"@id\":\"https:\\\/\\\/iwell-guard.com\\\/ca\\\/#organization\"},\"potentialAction\":[{\"@type\":\"SearchAction\",\"target\":{\"@type\":\"EntryPoint\",\"urlTemplate\":\"https:\\\/\\\/iwell-guard.com\\\/ca\\\/?s={search_term_string}\"},\"query-input\":{\"@type\":\"PropertyValueSpecification\",\"valueRequired\":true,\"valueName\":\"search_term_string\"}}],\"inLanguage\":\"ca\"},{\"@type\":\"Organization\",\"@id\":\"https:\\\/\\\/iwell-guard.com\\\/ca\\\/#organization\",\"name\":\"Ittermann electronic GmbH\",\"url\":\"https:\\\/\\\/iwell-guard.com\\\/ca\\\/\",\"logo\":{\"@type\":\"ImageObject\",\"inLanguage\":\"ca\",\"@id\":\"https:\\\/\\\/iwell-guard.com\\\/ca\\\/#\\\/schema\\\/logo\\\/image\\\/\",\"url\":\"https:\\\/\\\/iwell-guard.com\\\/wp-content\\\/uploads\\\/2026\\\/05\\\/Ittermann-Logo-1182x237-1.png\",\"contentUrl\":\"https:\\\/\\\/iwell-guard.com\\\/wp-content\\\/uploads\\\/2026\\\/05\\\/Ittermann-Logo-1182x237-1.png\",\"width\":1182,\"height\":237,\"caption\":\"Ittermann electronic GmbH\"},\"image\":{\"@id\":\"https:\\\/\\\/iwell-guard.com\\\/ca\\\/#\\\/schema\\\/logo\\\/image\\\/\"},\"sameAs\":[\"https:\\\/\\\/pantip.com\\\/profile\\\/9367242\",\"https:\\\/\\\/micro.blog\\\/iwellguard\",\"https:\\\/\\\/www.diggerslist.com\\\/iwellguard\\\/about\",\"https:\\\/\\\/skitterphoto.com\\\/photographers\\\/2870314\\\/iwell-guard\",\"https:\\\/\\\/iwellguard.wordpress.com\\\/2026\\\/06\\\/06\\\/iwell-guard\\\/\",\"https:\\\/\\\/hub.docker.com\\\/u\\\/iwellguard\",\"https:\\\/\\\/www.pinterest.com\\\/iwellguard\\\/\",\"https:\\\/\\\/bit.ly\\\/m\\\/iwellguard\",\"https:\\\/\\\/entre-vos-mains.alsace.eu\\\/profiles\\\/iwellguard\\\/activity\",\"https:\\\/\\\/gravatar.com\\\/reallybeded8fd34\",\"https:\\\/\\\/naijamatta.com\\\/iwellguard\",\"https:\\\/\\\/www.goodreads.com\\\/iwellguard\",\"https:\\\/\\\/profile.hatena.ne.jp\\\/iwellguard\\\/\",\"https:\\\/\\\/experiment.com\\\/users\\\/iwellguard\",\"https:\\\/\\\/wakelet.com\\\/@iWellGuard82270\",\"https:\\\/\\\/www.chordie.com\\\/forum\\\/profile.php?id=2555664\",\"https:\\\/\\\/www.instapaper.com\\\/p\\\/17757966\",\"https:\\\/\\\/www.mapleprimes.com\\\/users\\\/iwellguard\",\"https:\\\/\\\/businesslistingplus.com\\\/profile\\\/iwell-guard\\\/\",\"https:\\\/\\\/telegra.ph\\\/iWell-Guard-06-06\",\"https:\\\/\\\/pbase.com\\\/iwellguard\\\/iwellguard\",\"https:\\\/\\\/b.hatena.ne.jp\\\/iwellguard\\\/20260607#bookmark-4788405196491818882\",\"https:\\\/\\\/fliphtml5.com\\\/home\\\/iwellguard\",\"https:\\\/\\\/anyflip.com\\\/homepage\\\/cmiwl#About\",\"https:\\\/\\\/transfur.com\\\/Users\\\/iwellguard\",\"http:\\\/\\\/delphi.larsbo.org\\\/user\\\/iwellguard\",\"https:\\\/\\\/jobs.lajobsportal.org\\\/profiles\\\/8380803-iwell-guard\",\"https:\\\/\\\/md.chaosdorf.de\\\/s\\\/jfbe5SBdJD\",\"https:\\\/\\\/www.lingvolive.com\\\/en-us\\\/profile\\\/9ecaeaca-ce11-4e51-9e71-01d55e2bff36\\\/translations\",\"https:\\\/\\\/www.fitday.com\\\/fitness\\\/forums\\\/members\\\/iwellguard.html\",\"https:\\\/\\\/www.mymeetbook.com\\\/iwellguard\",\"https:\\\/\\\/pxhere.com\\\/en\\\/photographer-me\\\/5040798\",\"https:\\\/\\\/disqus.com\\\/by\\\/iwellguard\\\/about\\\/\",\"https:\\\/\\\/pastelink.net\\\/hjwciqwq\",\"https:\\\/\\\/pubhtml5.com\\\/homepage\\\/scjhn\\\/\",\"https:\\\/\\\/www.bitchute.com\\\/channel\\\/2O2eOKzNqujT\",\"https:\\\/\\\/audiomack.com\\\/iwellguard\"]},{\"@type\":\"Article\",\"@id\":\"https:\\\/\\\/iwell-guard.com\\\/ca\\\/dybbuk\\\/#article\",\"isPartOf\":{\"@id\":\"https:\\\/\\\/iwell-guard.com\\\/ca\\\/dybbuk\\\/\"},\"author\":{\"name\":\"Ralf Ittermann\",\"@id\":\"https:\\\/\\\/iwell-guard.com\\\/ca\\\/#\\\/schema\\\/person\\\/ee2a27f1cac3406c7c6fb5820cb7349f\"},\"headline\":\"Dybbuk\",\"datePublished\":\"2026-09-05T15:38:45+00:00\",\"dateModified\":\"2026-09-05T15:55:51+00:00\",\"mainEntityOfPage\":{\"@id\":\"https:\\\/\\\/iwell-guard.com\\\/ca\\\/dybbuk\\\/\"},\"publisher\":{\"@id\":\"https:\\\/\\\/iwell-guard.com\\\/ca\\\/#organization\"},\"image\":{\"@id\":\"https:\\\/\\\/iwell-guard.com\\\/ca\\\/dybbuk\\\/#primaryimage\"},\"thumbnailUrl\":\"https:\\\/\\\/iwell-guard.com\\\/wp-content\\\/uploads\\\/2026\\\/04\\\/geister_judentum_dybbuk-1.webp\",\"inLanguage\":\"ca\",\"description\":\"Dybbuk, esperit adherit de la tradici\u00f3 jueva: la possessi\u00f3 en la cabala lurianica. Origen, interpretaci\u00f3 i classificaci\u00f3 historicoreligiosa.\"}]}<\/script>\n<!-- \/ Yoast SEO Premium plugin. -->","yoast_head_json":{"title":"Dybbuk - L'esperit adherit, la possessi\u00f3","description":"Dybbuk, esperit adherit de la tradici\u00f3 jueva: la possessi\u00f3 en la cabala lurianica. Origen, interpretaci\u00f3 i classificaci\u00f3 historicoreligiosa.","robots":{"index":"index","follow":"follow","max-snippet":"max-snippet:-1","max-image-preview":"max-image-preview:large","max-video-preview":"max-video-preview:-1"},"canonical":"https:\/\/iwell-guard.com\/ca\/dybbuk\/","og_locale":"ca_ES","og_type":"article","og_title":"Dybbuk","og_description":"Dybbuk, esperit adherit de la tradici\u00f3 jueva: la possessi\u00f3 en la cabala lurianica. Origen, interpretaci\u00f3 i classificaci\u00f3 historicoreligiosa.","og_url":"https:\/\/iwell-guard.com\/ca\/dybbuk\/","og_site_name":"iWell Guard","article_modified_time":"2026-09-05T15:55:51+00:00","og_image":[{"width":1024,"height":1536,"url":"https:\/\/iwell-guard.com\/wp-content\/uploads\/2026\/04\/geister_judentum_dybbuk-1.webp","type":"image\/webp"}],"twitter_card":"summary_large_image","schema":{"@context":"https:\/\/schema.org","@graph":[{"@type":"Article","@id":"https:\/\/iwell-guard.com\/ca\/dybbuk\/#article","isPartOf":{"@id":"https:\/\/iwell-guard.com\/ca\/dybbuk\/"},"author":{"name":"Ralf Ittermann","@id":"https:\/\/iwell-guard.com\/ca\/#\/schema\/person\/ee2a27f1cac3406c7c6fb5820cb7349f"},"headline":"Dybbuk","datePublished":"2026-09-05T15:38:45+00:00","dateModified":"2026-09-05T15:55:51+00:00","mainEntityOfPage":{"@id":"https:\/\/iwell-guard.com\/ca\/dybbuk\/"},"publisher":{"@id":"https:\/\/iwell-guard.com\/ca\/#organization"},"image":{"@id":"https:\/\/iwell-guard.com\/ca\/dybbuk\/#primaryimage"},"thumbnailUrl":"https:\/\/iwell-guard.com\/wp-content\/uploads\/2026\/04\/geister_judentum_dybbuk-1.webp","inLanguage":"ca","description":"Dybbuk, esperit adherit de la tradici\u00f3 jueva: la possessi\u00f3 en la cabala lurianica. Origen, interpretaci\u00f3 i classificaci\u00f3 historicoreligiosa."},{"@type":"WebPage","@id":"https:\/\/iwell-guard.com\/ca\/dybbuk\/","url":"https:\/\/iwell-guard.com\/ca\/dybbuk\/","name":"Dybbuk - L'esperit adherit, la possessi\u00f3","isPartOf":{"@id":"https:\/\/iwell-guard.com\/ca\/#website"},"primaryImageOfPage":{"@id":"https:\/\/iwell-guard.com\/ca\/dybbuk\/#primaryimage"},"image":{"@id":"https:\/\/iwell-guard.com\/ca\/dybbuk\/#primaryimage"},"thumbnailUrl":"https:\/\/iwell-guard.com\/wp-content\/uploads\/2026\/04\/geister_judentum_dybbuk-1.webp","datePublished":"2026-09-05T15:38:45+00:00","dateModified":"2026-09-05T15:55:51+00:00","description":"Dybbuk, esperit adherit de la tradici\u00f3 jueva: la possessi\u00f3 en la cabala lurianica. Origen, interpretaci\u00f3 i classificaci\u00f3 historicoreligiosa.","breadcrumb":{"@id":"https:\/\/iwell-guard.com\/ca\/dybbuk\/#breadcrumb"},"inLanguage":"ca","potentialAction":[{"@type":"ReadAction","target":["https:\/\/iwell-guard.com\/ca\/dybbuk\/"]}]},{"@type":"ImageObject","inLanguage":"ca","@id":"https:\/\/iwell-guard.com\/ca\/dybbuk\/#primaryimage","url":"https:\/\/iwell-guard.com\/wp-content\/uploads\/2026\/04\/geister_judentum_dybbuk-1.webp","contentUrl":"https:\/\/iwell-guard.com\/wp-content\/uploads\/2026\/04\/geister_judentum_dybbuk-1.webp","width":1024,"height":1536,"caption":"Esperits de la tradici\u00f3 del judaisme."},{"@type":"BreadcrumbList","@id":"https:\/\/iwell-guard.com\/ca\/dybbuk\/#breadcrumb","itemListElement":[{"@type":"ListItem","position":1,"name":"Start","item":"https:\/\/iwell-guard.com\/ca\/?page_id=171333"},{"@type":"ListItem","position":2,"name":"Dybbuk"}]},{"@type":"WebSite","@id":"https:\/\/iwell-guard.com\/ca\/#website","url":"https:\/\/iwell-guard.com\/ca\/","name":"iWell Guard","description":"Schutz vor dunklen Einfl\u00fcssen","publisher":{"@id":"https:\/\/iwell-guard.com\/ca\/#organization"},"potentialAction":[{"@type":"SearchAction","target":{"@type":"EntryPoint","urlTemplate":"https:\/\/iwell-guard.com\/ca\/?s={search_term_string}"},"query-input":{"@type":"PropertyValueSpecification","valueRequired":true,"valueName":"search_term_string"}}],"inLanguage":"ca"},{"@type":"Organization","@id":"https:\/\/iwell-guard.com\/ca\/#organization","name":"Ittermann electronic GmbH","url":"https:\/\/iwell-guard.com\/ca\/","logo":{"@type":"ImageObject","inLanguage":"ca","@id":"https:\/\/iwell-guard.com\/ca\/#\/schema\/logo\/image\/","url":"https:\/\/iwell-guard.com\/wp-content\/uploads\/2026\/05\/Ittermann-Logo-1182x237-1.png","contentUrl":"https:\/\/iwell-guard.com\/wp-content\/uploads\/2026\/05\/Ittermann-Logo-1182x237-1.png","width":1182,"height":237,"caption":"Ittermann electronic GmbH"},"image":{"@id":"https:\/\/iwell-guard.com\/ca\/#\/schema\/logo\/image\/"},"sameAs":["https:\/\/pantip.com\/profile\/9367242","https:\/\/micro.blog\/iwellguard","https:\/\/www.diggerslist.com\/iwellguard\/about","https:\/\/skitterphoto.com\/photographers\/2870314\/iwell-guard","https:\/\/iwellguard.wordpress.com\/2026\/06\/06\/iwell-guard\/","https:\/\/hub.docker.com\/u\/iwellguard","https:\/\/www.pinterest.com\/iwellguard\/","https:\/\/bit.ly\/m\/iwellguard","https:\/\/entre-vos-mains.alsace.eu\/profiles\/iwellguard\/activity","https:\/\/gravatar.com\/reallybeded8fd34","https:\/\/naijamatta.com\/iwellguard","https:\/\/www.goodreads.com\/iwellguard","https:\/\/profile.hatena.ne.jp\/iwellguard\/","https:\/\/experiment.com\/users\/iwellguard","https:\/\/wakelet.com\/@iWellGuard82270","https:\/\/www.chordie.com\/forum\/profile.php?id=2555664","https:\/\/www.instapaper.com\/p\/17757966","https:\/\/www.mapleprimes.com\/users\/iwellguard","https:\/\/businesslistingplus.com\/profile\/iwell-guard\/","https:\/\/telegra.ph\/iWell-Guard-06-06","https:\/\/pbase.com\/iwellguard\/iwellguard","https:\/\/b.hatena.ne.jp\/iwellguard\/20260607#bookmark-4788405196491818882","https:\/\/fliphtml5.com\/home\/iwellguard","https:\/\/anyflip.com\/homepage\/cmiwl#About","https:\/\/transfur.com\/Users\/iwellguard","http:\/\/delphi.larsbo.org\/user\/iwellguard","https:\/\/jobs.lajobsportal.org\/profiles\/8380803-iwell-guard","https:\/\/md.chaosdorf.de\/s\/jfbe5SBdJD","https:\/\/www.lingvolive.com\/en-us\/profile\/9ecaeaca-ce11-4e51-9e71-01d55e2bff36\/translations","https:\/\/www.fitday.com\/fitness\/forums\/members\/iwellguard.html","https:\/\/www.mymeetbook.com\/iwellguard","https:\/\/pxhere.com\/en\/photographer-me\/5040798","https:\/\/disqus.com\/by\/iwellguard\/about\/","https:\/\/pastelink.net\/hjwciqwq","https:\/\/pubhtml5.com\/homepage\/scjhn\/","https:\/\/www.bitchute.com\/channel\/2O2eOKzNqujT","https:\/\/audiomack.com\/iwellguard"]},{"@type":"Person","@id":"https:\/\/iwell-guard.com\/ca\/#\/schema\/person\/ee2a27f1cac3406c7c6fb5820cb7349f","name":"Ralf Ittermann","image":{"@type":"ImageObject","inLanguage":"ca","@id":"https:\/\/secure.gravatar.com\/avatar\/073c0153e350a5005b68eb752b445fea71f6b24a26da9449ad7e155e6b446c9d?s=96&d=mm&r=g","url":"https:\/\/secure.gravatar.com\/avatar\/073c0153e350a5005b68eb752b445fea71f6b24a26da9449ad7e155e6b446c9d?s=96&d=mm&r=g","contentUrl":"https:\/\/secure.gravatar.com\/avatar\/073c0153e350a5005b68eb752b445fea71f6b24a26da9449ad7e155e6b446c9d?s=96&d=mm&r=g","caption":"Ralf Ittermann"},"givenName":"Ralf","familyName":"Ittermann","jobTitle":"Gesch\u00e4ftsf\u00fchrer und redaktioneller Verantwortlicher","url":"https:\/\/iwell-guard.com\/ca\/author\/claude\/","description":"Ralf Ittermann ist Gesch\u00e4ftsf\u00fchrer der Ittermann electronic GmbH und redaktioneller Verantwortlicher des iWell-Guard-Lexikons. Er verbindet langj\u00e4hrige Erfahrung in der Pr\u00e4zisionsfertigung mit medialer Praxis und religionsgeschichtlicher Quellenarbeit.","worksFor":{"@type":"Organization","name":"Ittermann electronic GmbH","url":"https:\/\/ittermann.de\/","address":{"@type":"PostalAddress","streetAddress":"K\u00f6hlergasse 16-18","postalCode":"99842","addressLocality":"Ruhla","addressCountry":"DE"}},"knowsAbout":["Religionsgeschichte","Mythologie","Mediale Praxis","Energetische Diagnostik","Schutzpraxis","Volksglauben","Westliche Esoterik"]},{"@type":"Article","@id":"https:\/\/iwell-guard.com\/ca\/dybbuk\/#article","isPartOf":{"@id":"https:\/\/iwell-guard.com\/ca\/dybbuk\/"},"author":{"name":"Ralf Ittermann","@id":"https:\/\/iwell-guard.com\/ca\/#\/schema\/person\/ee2a27f1cac3406c7c6fb5820cb7349f"},"headline":"Dybbuk","datePublished":"2026-09-05T15:38:45+00:00","dateModified":"2026-09-05T15:55:51+00:00","mainEntityOfPage":{"@id":"https:\/\/iwell-guard.com\/ca\/dybbuk\/"},"publisher":{"@id":"https:\/\/iwell-guard.com\/ca\/#organization"},"image":{"@id":"https:\/\/iwell-guard.com\/ca\/dybbuk\/#primaryimage"},"thumbnailUrl":"https:\/\/iwell-guard.com\/wp-content\/uploads\/2026\/04\/geister_judentum_dybbuk-1.webp","inLanguage":"ca","description":"Dybbuk, esperit adherit de la tradici\u00f3 jueva: la possessi\u00f3 en la cabala lurianica. Origen, interpretaci\u00f3 i classificaci\u00f3 historicoreligiosa."}]}},"_links":{"self":[{"href":"https:\/\/iwell-guard.com\/ca\/wp-json\/wp\/v2\/pages\/171362","targetHints":{"allow":["GET"]}}],"collection":[{"href":"https:\/\/iwell-guard.com\/ca\/wp-json\/wp\/v2\/pages"}],"about":[{"href":"https:\/\/iwell-guard.com\/ca\/wp-json\/wp\/v2\/types\/page"}],"author":[{"embeddable":true,"href":"https:\/\/iwell-guard.com\/ca\/wp-json\/wp\/v2\/users\/3"}],"replies":[{"embeddable":true,"href":"https:\/\/iwell-guard.com\/ca\/wp-json\/wp\/v2\/comments?post=171362"}],"version-history":[{"count":0,"href":"https:\/\/iwell-guard.com\/ca\/wp-json\/wp\/v2\/pages\/171362\/revisions"}],"wp:featuredmedia":[{"embeddable":true,"href":"https:\/\/iwell-guard.com\/ca\/wp-json\/wp\/v2\/media\/1670"}],"wp:attachment":[{"href":"https:\/\/iwell-guard.com\/ca\/wp-json\/wp\/v2\/media?parent=171362"}],"wp:term":[{"taxonomy":"category","embeddable":true,"href":"https:\/\/iwell-guard.com\/ca\/wp-json\/wp\/v2\/categories?post=171362"}],"curies":[{"name":"wp","href":"https:\/\/api.w.org\/{rel}","templated":true}]}}