{"id":171361,"date":"2026-09-05T15:38:45","date_gmt":"2026-09-05T15:38:45","guid":{"rendered":"https:\/\/iwell-guard.com\/?page_id=171361"},"modified":"2026-09-05T15:55:48","modified_gmt":"2026-09-05T15:55:48","slug":"asmodai","status":"publish","type":"page","link":"https:\/\/iwell-guard.com\/ca\/asmodai\/","title":{"rendered":"Asmodai"},"content":{"rendered":"\t\t<div data-elementor-type=\"wp-page\" data-elementor-id=\"171361\" class=\"elementor elementor-171361 elementor-851\" data-elementor-post-type=\"page\">\n\t\t\t\t<div class=\"elementor-element elementor-element-10fdade e-flex e-con-boxed e-con e-parent\" data-id=\"10fdade\" data-element_type=\"container\" data-e-type=\"container\" data-settings=\"{&quot;background_background&quot;:&quot;classic&quot;}\">\n\t\t\t\t\t<div class=\"e-con-inner\">\n\t\t<div class=\"elementor-element elementor-element-herohlft0 e-flex e-con-boxed e-con e-child\" data-id=\"herohlft0\" data-element_type=\"container\" data-e-type=\"container\">\n\t\t\t\t\t<div class=\"e-con-inner\">\n\t\t<div class=\"elementor-element elementor-element-c3ceb64 e-con-full e-flex e-con e-child\" data-id=\"c3ceb64\" data-element_type=\"container\" data-e-type=\"container\">\n\t\t\t\t<div class=\"elementor-element elementor-element-96ae5e1 elementor-widget elementor-widget-heading\" data-id=\"96ae5e1\" data-element_type=\"widget\" data-e-type=\"widget\" data-widget_type=\"heading.default\">\n\t\t\t\t\t<h1 class=\"elementor-heading-title elementor-size-default\">Asmodai, dimoni de la tradici\u00f3 jueva<\/h1>\t\t\t\t<\/div>\n\t\t\t\t<div class=\"elementor-element elementor-element-e45238a elementor-widget elementor-widget-text-editor\" data-id=\"e45238a\" data-element_type=\"widget\" data-e-type=\"widget\" data-widget_type=\"text-editor.default\">\n\t\t\t\t\t\t\t\t\t\nAsmodai (angl\u00e8s: Asmodai demon, hebreu: Aschmedai) \u00e9s un <span class=\"iwg-fachbegriff\" data-tooltip=\"\u00c9sser espiritual al qual s'atribueix un efecte nociu o ambivalent.\" tabindex=\"0\">dimoni<\/span> de la tradici\u00f3 jueva.\nRei dels dimonis, governant entre el Tobit, el <span class=\"iwg-fachbegriff\" data-tooltip=\"Obra principal del judaisme rab\u00ednic amb interpretaci\u00f3 de la tradici\u00f3 religiosa.\" tabindex=\"0\">Talmud<\/span> i el grimori.\t\t\t\t\t\t\t\t<\/div>\n\t\t\t\t<\/div>\n\t\t<div class=\"elementor-element elementor-element-klsbdg01 e-con-full e-flex e-con e-parent\" data-id=\"klsbdg01\" data-element_type=\"container\" data-e-type=\"container\">\n\t\t\t\t<div class=\"elementor-element elementor-element-klshtm01 elementor-widget elementor-widget-html\" data-id=\"klshtm01\" data-element_type=\"widget\" data-e-type=\"widget\" data-widget_type=\"html.default\">\n\t\t\t\t\t<div class=\"iwg-pill-row\"><span class=\"iwg-klasse-badge\" tabindex=\"0\" data-tooltip=\"Dimoni: \u00e9sser sobrenatural amb un efecte majorit\u00e0riament nociu o ambivalent. Es situa entre d\u00e9us i humans, causa malaltia, temptaci\u00f3 o desgr\u00e0cia, i s'evita mitjan\u00e7ant conjurs, objectes apotropaics i rituals.\">Dimoni<\/span><a href=\"https:\/\/iwell-guard.com\/ca\/judaisme\/\" class=\"iwg-kultur-badge\" tabindex=\"0\" data-tooltip=\"Tradici\u00f3 religiosa jueva des del Tanakh fins a la Cabala i la m\u00edstica moderna.\">Judaisme<\/a><\/div>\t\t\t\t<\/div>\n\t\t\t\t<\/div>\n\t\t<div class=\"elementor-element elementor-element-3f74855 e-con-full e-flex e-con e-child\" data-id=\"3f74855\" data-element_type=\"container\" data-e-type=\"container\">\n\t\t\t\t<div class=\"elementor-element elementor-element-1c30362 elementor-toc--minimized-on-tablet elementor-widget elementor-widget-table-of-contents\" data-id=\"1c30362\" data-element_type=\"widget\" data-e-type=\"widget\" data-settings=\"{&quot;exclude_headings_by_selector&quot;:[],&quot;no_headings_message&quot;:&quot;No s&#039;ha trobat cap encap\\u00e7alament en aquesta p\\u00e0gina.&quot;,&quot;headings_by_tags&quot;:[&quot;h2&quot;,&quot;h3&quot;],&quot;marker_view&quot;:&quot;bullets&quot;,&quot;icon&quot;:{&quot;value&quot;:&quot;fas fa-circle&quot;,&quot;library&quot;:&quot;fa-solid&quot;,&quot;rendered_tag&quot;:&quot;&lt;svg class=\\&quot;e-font-icon-svg e-fas-circle\\&quot; viewBox=\\&quot;0 0 512 512\\&quot; xmlns=\\&quot;http:\\\/\\\/www.w3.org\\\/2000\\\/svg\\&quot;&gt;&lt;path d=\\&quot;M256 8C119 8 8 119 8 256s111 248 248 248 248-111 248-248S393 8 256 8z\\&quot;&gt;&lt;\\\/path&gt;&lt;\\\/svg&gt;&quot;},&quot;minimize_box&quot;:&quot;yes&quot;,&quot;minimized_on&quot;:&quot;tablet&quot;,&quot;hierarchical_view&quot;:&quot;yes&quot;,&quot;min_height&quot;:{&quot;unit&quot;:&quot;px&quot;,&quot;size&quot;:&quot;&quot;,&quot;sizes&quot;:[]},&quot;min_height_tablet&quot;:{&quot;unit&quot;:&quot;px&quot;,&quot;size&quot;:&quot;&quot;,&quot;sizes&quot;:[]},&quot;min_height_mobile&quot;:{&quot;unit&quot;:&quot;px&quot;,&quot;size&quot;:&quot;&quot;,&quot;sizes&quot;:[]}}\" data-widget_type=\"table-of-contents.default\">\n\t\t\t\t\t\t\t\t\t<div class=\"elementor-toc__header\">\n\t\t\t\t\t\t<h2 class=\"elementor-toc__header-title\">\n\t\t\t\t\u00cdndex\t\t\t<\/h2>\n\t\t\t\t\t\t\t\t\t\t<div class=\"elementor-toc__toggle-button elementor-toc__toggle-button--expand\" role=\"button\" tabindex=\"0\" aria-controls=\"elementor-toc__1c30362\" aria-expanded=\"true\" aria-label=\"Open table of contents\"><svg aria-hidden=\"true\" class=\"e-font-icon-svg e-fas-chevron-down\" viewBox=\"0 0 448 512\" xmlns=\"http:\/\/www.w3.org\/2000\/svg\"><path d=\"M207.029 381.476L12.686 187.132c-9.373-9.373-9.373-24.569 0-33.941l22.667-22.667c9.357-9.357 24.522-9.375 33.901-.04L224 284.505l154.745-154.021c9.379-9.335 24.544-9.317 33.901.04l22.667 22.667c9.373 9.373 9.373 24.569 0 33.941L240.971 381.476c-9.373 9.372-24.569 9.372-33.942 0z\"><\/path><\/svg><\/div>\n\t\t\t\t<div class=\"elementor-toc__toggle-button elementor-toc__toggle-button--collapse\" role=\"button\" tabindex=\"0\" aria-controls=\"elementor-toc__1c30362\" aria-expanded=\"true\" aria-label=\"Close table of contents\"><svg aria-hidden=\"true\" class=\"e-font-icon-svg e-fas-chevron-up\" viewBox=\"0 0 448 512\" xmlns=\"http:\/\/www.w3.org\/2000\/svg\"><path d=\"M240.971 130.524l194.343 194.343c9.373 9.373 9.373 24.569 0 33.941l-22.667 22.667c-9.357 9.357-24.522 9.375-33.901.04L224 227.495 69.255 381.516c-9.379 9.335-24.544 9.317-33.901-.04l-22.667-22.667c-9.373-9.373-9.373-24.569 0-33.941L207.03 130.525c9.372-9.373 24.568-9.373 33.941-.001z\"><\/path><\/svg><\/div>\n\t\t\t\t\t<\/div>\n\t\t\t\t<div id=\"elementor-toc__1c30362\" class=\"elementor-toc__body\">\n\t\t\t<div class=\"elementor-toc__spinner-container\">\n\t\t\t\t<svg class=\"elementor-toc__spinner eicon-animation-spin e-font-icon-svg e-eicon-loading\" aria-hidden=\"true\" viewBox=\"0 0 1000 1000\" xmlns=\"http:\/\/www.w3.org\/2000\/svg\"><path d=\"M500 975V858C696 858 858 696 858 500S696 142 500 142 142 304 142 500H25C25 237 238 25 500 25S975 237 975 500 763 975 500 975Z\"><\/path><\/svg>\t\t\t<\/div>\n\t\t<\/div>\n\t\t\t\t\t\t<\/div>\n\t\t\t\t<\/div>\n\t\t\t\t\t<\/div>\n\t\t\t\t<\/div>\n\t\t<div class=\"elementor-element elementor-element-herorght0 e-con-full e-flex e-con e-child\" data-id=\"herorght0\" data-element_type=\"container\" data-e-type=\"container\">\n\t\t\t\t<div class=\"elementor-element elementor-element-heroimg00 iwg-hero-image elementor-widget elementor-widget-image\" data-id=\"heroimg00\" data-element_type=\"widget\" data-e-type=\"widget\" data-widget_type=\"image.default\">\n\t\t\t\t\t\t\t\t\t\t\t\t\t\t\t<img fetchpriority=\"high\" decoding=\"async\" width=\"683\" height=\"1024\" src=\"https:\/\/iwell-guard.com\/wp-content\/uploads\/2026\/04\/daemonen_judentum_asmodai-683x1024.webp\" class=\"attachment-large size-large wp-image-1668\" alt=\"Asmodai\" srcset=\"https:\/\/iwell-guard.com\/wp-content\/uploads\/2026\/04\/daemonen_judentum_asmodai-683x1024.webp 683w, https:\/\/iwell-guard.com\/wp-content\/uploads\/2026\/04\/daemonen_judentum_asmodai-200x300.webp 200w, https:\/\/iwell-guard.com\/wp-content\/uploads\/2026\/04\/daemonen_judentum_asmodai-768x1152.webp 768w, https:\/\/iwell-guard.com\/wp-content\/uploads\/2026\/04\/daemonen_judentum_asmodai.webp 1024w\" sizes=\"(max-width: 683px) 100vw, 683px\" \/>\t\t\t\t\t\t\t\t\t\t\t\t\t\t\t<\/div>\n\t\t\t\t<\/div>\n\t\t\t\t\t<\/div>\n\t\t\t\t<\/div>\n\t\t<div class=\"elementor-element elementor-element-32917199 e-flex e-con-boxed e-con e-parent\" data-id=\"32917199\" data-element_type=\"container\" data-e-type=\"container\">\n\t\t\t\t\t<div class=\"e-con-inner\">\n\t\t<div class=\"elementor-element elementor-element-26e916cb e-flex e-con-boxed e-con e-child\" data-id=\"26e916cb\" data-element_type=\"container\" data-e-type=\"container\">\n\t\t\t\t\t<div class=\"e-con-inner\">\n\t\t<div class=\"elementor-element elementor-element-253a40d4 e-flex e-con-boxed e-con e-child\" data-id=\"253a40d4\" data-element_type=\"container\" data-e-type=\"container\">\n\t\t\t\t\t<div class=\"e-con-inner\">\n\t\t\t\t<div class=\"elementor-element elementor-element-1200c304 elementor-widget elementor-widget-heading\" data-id=\"1200c304\" data-element_type=\"widget\" data-e-type=\"widget\" data-widget_type=\"heading.default\">\n\t\t\t\t\t<div class=\"elementor-heading-title elementor-size-default\">Asmodai<\/div>\t\t\t\t<\/div>\n\t\t\t\t<div class=\"elementor-element elementor-element-11758e7f elementor-widget elementor-widget-text-editor\" data-id=\"11758e7f\" data-element_type=\"widget\" data-e-type=\"widget\" data-widget_type=\"text-editor.default\">\n\t\t\t\t\t\t\t\t\t<p>Asmodai (grec-llat\u00ed Asmodeus) \u00e9s la figura demon\u00edaca masculina m\u00e9s important de la tradici\u00f3 jueva postb\u00edblica. Apareix per primera vegada al llibre de Tobit (segle III aC) com a enemic de l&#8217;amor, que mata set promesos de Sara fins que l&#8217;<span class=\"iwg-fachbegriff\" data-tooltip=\"En les religions abrah\u00e0miques, un \u00e9sser missatger celestial de D\u00e9u.\" tabindex=\"0\">\u00e0ngel<\/span> Rafael l&#8217;expulsa.<\/p><p>Al <span class=\"iwg-fachbegriff\" data-tooltip=\"Obra principal del judaisme rab\u00ednic amb interpretaci\u00f3 de la tradici\u00f3 religiosa.\" tabindex=\"0\">Talmud<\/span> apareix com un astut governant dels dimonis, que fins i tot arriba a ocupar el tron de Salom\u00f3. En la <span class=\"iwg-fachbegriff\" data-tooltip=\"Corrent de la m\u00edstica jueva amb obres principals com el Sefer Ietsir\u00e0 i el Zohar.\" tabindex=\"0\">Cabala<\/span> medieval i en la literatura de grimoris cristians esdev\u00e9 una de les figures individuals m\u00e9s destacades de la demonologia occidental.<\/p><p>El seu origen remet al zoro\u00e0stric <em>A\u0113\u0161ma da\u0113va<\/em>, el \u00abdaeva de la ira\u00bb de la religi\u00f3 persa. En l&#8217;\u00e8poca hel\u00b7len\u00edstico-jueva aquesta figura s&#8217;incorpora al judaisme i es fon amb tradicions pr\u00f2pies fins a formar la figura que coneixem avui: rei, astut i, alhora, <span class=\"iwg-fachbegriff\" data-tooltip=\"\u00c9sser espiritual al qual s'atribueix un efecte nociu o ambivalent.\" tabindex=\"0\">dimoni<\/span> de la ira i del desig.<\/p>\t\t\t\t\t\t\t\t<\/div>\n\t\t\t\t\t<\/div>\n\t\t\t\t<\/div>\n\t\t<div class=\"elementor-element elementor-element-159dcf9a e-flex e-con-boxed e-con e-child\" data-id=\"159dcf9a\" data-element_type=\"container\" data-e-type=\"container\">\n\t\t\t\t\t<div class=\"e-con-inner\">\n\t\t\t\t<div class=\"elementor-element elementor-element-48cee66f elementor-widget elementor-widget-heading\" data-id=\"48cee66f\" data-element_type=\"widget\" data-e-type=\"widget\" data-widget_type=\"heading.default\">\n\t\t\t\t\t<h2 class=\"elementor-heading-title elementor-size-default\">En resum: Asmodai<\/h2>\t\t\t\t<\/div>\n\t\t\t\t<div class=\"elementor-element elementor-element-3f50d82c elementor-widget elementor-widget-text-editor\" data-id=\"3f50d82c\" data-element_type=\"widget\" data-e-type=\"widget\" data-widget_type=\"text-editor.default\">\n\t\t\t\t\t\t\t\t\t<p><strong>Tipus:<\/strong> <span class=\"iwg-fachbegriff\" data-tooltip=\"\u00c9sser espiritual al qual s'atribueix un efecte nociu o ambivalent.\" tabindex=\"0\">Dimoni<\/span> governant, rei dels dimonis<br>Origen: Zoro\u00e0stric A\u0113\u0161ma da\u0113va, incorporat a la tradici\u00f3 jueva<br>Textos: Tobit, Testament de Salom\u00f3, <span class=\"iwg-fachbegriff\" data-tooltip=\"Obra principal del judaisme rab\u00ednic amb interpretaci\u00f3 de la tradici\u00f3 religiosa.\" tabindex=\"0\">Talmud<\/span> (Gittin 68), Zohar, grimoris<br>Per\u00edode: Des de l&#8217;\u00e8poca hel\u00b7len\u00edstica fins a l&#8217;actualitat<br>Difusi\u00f3: Di\u00e0spora jueva, recepci\u00f3 cristiana a tot Europa<br>Defensa: <span class=\"iwg-fachbegriff\" data-tooltip=\"En les religions abrah\u00e0miques, un \u00e9sser missatger celestial de D\u00e9u.\" tabindex=\"0\">\u00c0ngel<\/span> Rafael (en el model de Tobit), m\u00e0gia dels noms, vinculaci\u00f3 cabal\u00edstica<\/p>\t\t\t\t\t\t\t\t<\/div>\n\t\t\t\t\t<\/div>\n\t\t\t\t<\/div>\n\t\t\t\t\t<\/div>\n\t\t\t\t<\/div>\n\t\t\t\t\t<\/div>\n\t\t\t\t<\/div>\n\t\t<div class=\"elementor-element elementor-element-18613602 e-flex e-con-boxed e-con e-parent\" data-id=\"18613602\" data-element_type=\"container\" data-e-type=\"container\">\n\t\t\t\t\t<div class=\"e-con-inner\">\n\t\t\t\t<div class=\"elementor-element elementor-element-262b8a9f elementor-widget elementor-widget-heading\" data-id=\"262b8a9f\" data-element_type=\"widget\" data-e-type=\"widget\" data-widget_type=\"heading.default\">\n\t\t\t\t\t<h2 class=\"elementor-heading-title elementor-size-default\">Contextualitzaci\u00f3 hist\u00f2rica<\/h2>\t\t\t\t<\/div>\n\t\t<div class=\"elementor-element elementor-element-46dcb7d e-con-full e-flex e-con e-child\" data-id=\"46dcb7d\" data-element_type=\"container\" data-e-type=\"container\">\n\t\t<div class=\"elementor-element elementor-element-61d3ab3 e-flex e-con-boxed e-con e-child\" data-id=\"61d3ab3\" data-element_type=\"container\" data-e-type=\"container\">\n\t\t\t\t\t<div class=\"e-con-inner\">\n\t\t\t\t<div class=\"elementor-element elementor-element-117c166 elementor-widget elementor-widget-heading\" data-id=\"117c166\" data-element_type=\"widget\" data-e-type=\"widget\" data-widget_type=\"heading.default\">\n\t\t\t\t\t<div class=\"elementor-heading-title elementor-size-default\">Per\u00edode dels textos<\/div>\t\t\t\t<\/div>\n\t\t\t\t<div class=\"elementor-element elementor-element-73997a0 elementor-widget elementor-widget-text-editor\" data-id=\"73997a0\" data-element_type=\"widget\" data-e-type=\"widget\" data-widget_type=\"text-editor.default\">\n\t\t\t\t\t\t\t\t\t<p>Primeres refer\u00e8ncies al llibre hel\u00b7len\u00edstico-jueu de Tobit (segle III aC). Elaboraci\u00f3 en el Testament de Salom\u00f3, d&#8217;\u00e8poca tardoantiga cristiana, i en el <span class=\"iwg-fachbegriff\" data-tooltip=\"Obra principal del judaisme rab\u00ednic amb interpretaci\u00f3 de la tradici\u00f3 religiosa.\" tabindex=\"0\">Talmud<\/span> babil\u00f2nic. Destacat en l&#8217;\u00e8poca medieval en el Zohar, els grimoris cristians i la <span class=\"iwg-fachbegriff\" data-tooltip=\"Pr\u00e0ctiques que pretenen influir en el curs dels esdeveniments mitjan\u00e7ant accions o f\u00f3rmules especials.\" tabindex=\"0\">m\u00e0gia<\/span> renaixentista. Present fins a l&#8217;<span class=\"iwg-fachbegriff\" data-tooltip=\"Terme col\u00b7lectiu per a doctrines que reclamen un coneixement ocult, accessible nom\u00e9s als iniciats.\" tabindex=\"0\">esoterisme<\/span> modern i la cultura popular.<\/p><p><strong>Classificaci\u00f3 mitol\u00f2gica<\/strong><\/p><p>Asmodai \u00e9s un poder\u00f3s <span class=\"iwg-fachbegriff\" data-tooltip=\"\u00c9sser espiritual al qual s'atribueix un efecte nociu o ambivalent.\" tabindex=\"0\">dimoni<\/span> en la tradici\u00f3 jueva, isl\u00e0mica i cristiano-ocultista. Al llibre de Tobit mata dones joves. En tradicions posteriors esdev\u00e9 rei dels dimonis. El seu poder \u00e9s ambivalent: seductor i jutge alhora. \u00c9s guardi\u00e0 d&#8217;un coneixement perill\u00f3s.<\/p>\t\t\t\t\t\t\t\t<\/div>\n\t\t\t\t\t<\/div>\n\t\t\t\t<\/div>\n\t\t<div class=\"elementor-element elementor-element-d47b156 e-flex e-con-boxed e-con e-child\" data-id=\"d47b156\" data-element_type=\"container\" data-e-type=\"container\">\n\t\t\t\t\t<div class=\"e-con-inner\">\n\t\t\t\t<div class=\"elementor-element elementor-element-ff38c2b elementor-widget elementor-widget-heading\" data-id=\"ff38c2b\" data-element_type=\"widget\" data-e-type=\"widget\" data-widget_type=\"heading.default\">\n\t\t\t\t\t<div class=\"elementor-heading-title elementor-size-default\">\u00c0rea de difusi\u00f3<\/div>\t\t\t\t<\/div>\n\t\t\t\t<div class=\"elementor-element elementor-element-4e49fcc elementor-widget elementor-widget-text-editor\" data-id=\"4e49fcc\" data-element_type=\"widget\" data-e-type=\"widget\" data-widget_type=\"text-editor.default\">\n\t\t\t\t\t\t\t\t\t<p>Dif\u00f3s a trav\u00e9s del Tobit i la literatura posterior en totes les tradicions jueves i cristianes. Pres\u00e8ncia especial en la tradici\u00f3 de grimoris alemanya, francesa i italiana de l&#8217;edat mitjana i la primera modernitat. Recepci\u00f3 moderna arreu del m\u00f3n en la literatura fant\u00e0stica.<\/p>\t\t\t\t\t\t\t\t<\/div>\n\t\t\t\t\t<\/div>\n\t\t\t\t<\/div>\n\t\t\t\t<\/div>\n\t\t<div class=\"elementor-element elementor-element-db03c39 e-con-full e-flex e-con e-child\" data-id=\"db03c39\" data-element_type=\"container\" data-e-type=\"container\">\n\t\t<div class=\"elementor-element elementor-element-229a87b e-flex e-con-boxed e-con e-child\" data-id=\"229a87b\" data-element_type=\"container\" data-e-type=\"container\">\n\t\t\t\t\t<div class=\"e-con-inner\">\n\t\t\t\t<div class=\"elementor-element elementor-element-1f471fc elementor-widget elementor-widget-heading\" data-id=\"1f471fc\" data-element_type=\"widget\" data-e-type=\"widget\" data-widget_type=\"heading.default\">\n\t\t\t\t\t<div class=\"elementor-heading-title elementor-size-default\">Estat de les fonts<\/div>\t\t\t\t<\/div>\n\t\t\t\t<div class=\"elementor-element elementor-element-36b1201 elementor-widget elementor-widget-text-editor\" data-id=\"36b1201\" data-element_type=\"widget\" data-e-type=\"widget\" data-widget_type=\"text-editor.default\">\n\t\t\t\t\t\t\t\t\t<p>Llibre de Tobit (<span class=\"iwg-fachbegriff\" data-tooltip=\"Que pertany al conjunt de textos reconegut oficialment com a sagrat per una religi\u00f3.\" tabindex=\"0\">can\u00f2nic<\/span> en la B\u00edblia cat\u00f2lica i ortodoxa, deuterocan\u00f2nic en la tradici\u00f3 jueva), <span class=\"iwg-fachbegriff\" data-tooltip=\"Obra principal del judaisme rab\u00ednic amb la interpretaci\u00f3 de la tradici\u00f3 religiosa.\" tabindex=\"0\">Talmud<\/span> Gittin 68a, b amb un relat detallat, Testament de Salom\u00f3, Zohar, nombrosos grimoris medievals (Lemegeton, Clavicula Salomonis), m\u00e0gia renaixentista (<span class=\"iwg-fachbegriff\" data-tooltip=\"Pr\u00e0ctiques que pretenen influir en el curs dels esdeveniments mitjan\u00e7ant accions o f\u00f3rmules especials.\" tabindex=\"0\">m\u00e0gia<\/span> d&#8217;Agrippa, Weyer).<\/p>\t\t\t\t\t\t\t\t<\/div>\n\t\t\t\t\t<\/div>\n\t\t\t\t<\/div>\n\t\t\t\t<\/div>\n\t\t\t\t\t<\/div>\n\t\t\t\t<\/div>\n\t\t<div class=\"elementor-element elementor-element-3ae0637c e-flex e-con-boxed e-con e-parent\" data-id=\"3ae0637c\" data-element_type=\"container\" data-e-type=\"container\">\n\t\t\t\t\t<div class=\"e-con-inner\">\n\t\t\t\t<div class=\"elementor-element elementor-element-31d07739 elementor-widget elementor-widget-heading\" data-id=\"31d07739\" data-element_type=\"widget\" data-e-type=\"widget\" data-widget_type=\"heading.default\">\n\t\t\t\t\t<h2 class=\"elementor-heading-title elementor-size-default\">Nom<\/h2>\t\t\t\t<\/div>\n\t\t<div class=\"elementor-element elementor-element-b7642947 e-con-full e-flex e-con e-child\" data-id=\"b7642947\" data-element_type=\"container\" data-e-type=\"container\">\n\t\t\t\t<div class=\"elementor-element elementor-element-a086266 elementor-widget elementor-widget-text-editor\" data-id=\"a086266\" data-element_type=\"widget\" data-e-type=\"widget\" data-widget_type=\"text-editor.default\">\n\t\t\t\t\t\t\t\t\t<p><strong>Hebreu:<\/strong> <em>Aschmedai<\/em> (\u05d0\u05b7\u05e9\u05b0\u05c1\u05de\u05b0\u05d3\u05b7\u05d0\u05d9).<br>Grec-llat\u00ed: <em>Asmodaios<\/em>, <em>Asmodeus<\/em>.<br>Irani\u00e0-av\u00e8stic: <em>A\u0113\u0161ma da\u0113va<\/em>, \u00abdaeva de la ira\u00bb, figura est\u00e0ndard del zoroastrisme.<\/p><p>L&#8217;origen irani\u00e0 fa d&#8217;Asmodai un dels rars casos en qu\u00e8 una figura demon\u00edaca jueva es pot fer remuntar clarament a un model no jueu. De <em>a\u0113\u0161ma<\/em> (ira) i <em>da\u0113va<\/em> (<span class=\"iwg-fachbegriff\" data-tooltip=\"\u00c9sser espiritual al qual s'atribueix un efecte nociu o ambivalent.\" tabindex=\"0\">dimoni<\/span>) sorgeix <em>Asmodaios<\/em>; la tradici\u00f3 onom\u00e0stica b\u00edblica hi afegeix una etimologia pr\u00f2pia, que remet a <em>shamad<\/em> (\u00abdestruir\u00bb).<\/p>\t\t\t\t\t\t\t\t<\/div>\n\t\t\t\t<\/div>\n\t\t\t\t\t<\/div>\n\t\t\t\t<\/div>\n\t\t<div class=\"elementor-element elementor-element-709a44a8 e-flex e-con-boxed e-con e-parent\" data-id=\"709a44a8\" data-element_type=\"container\" data-e-type=\"container\">\n\t\t\t\t\t<div class=\"e-con-inner\">\n\t\t\t\t<div class=\"elementor-element elementor-element-2f585873 elementor-widget elementor-widget-heading\" data-id=\"2f585873\" data-element_type=\"widget\" data-e-type=\"widget\" data-widget_type=\"heading.default\">\n\t\t\t\t\t<h2 class=\"elementor-heading-title elementor-size-default\">Trets caracter\u00edstics<\/h2>\t\t\t\t<\/div>\n\t\t<div class=\"elementor-element elementor-element-70621c12 e-con-full e-flex e-con e-child\" data-id=\"70621c12\" data-element_type=\"container\" data-e-type=\"container\">\n\t\t\t\t<div class=\"elementor-element elementor-element-4296eb49 elementor-widget elementor-widget-text-editor\" data-id=\"4296eb49\" data-element_type=\"widget\" data-e-type=\"widget\" data-widget_type=\"text-editor.default\">\n\t\t\t\t\t\t\t\t\t<p><strong>Aparen\u00e7a<\/strong><\/p><p>No es descriu al llibre de Tobit. Al Testament de Salom\u00f3 apareix amb tres caps (home, marr\u00e0, brau), ales i cua de peix. En grimoris posteriors, com una figura reial amb corona, sovint muntant un drac. La iconografia cabal\u00edstica el mostra al servei de Lilith.<\/p><p><strong>Comportament<\/strong><\/p><p>Astut, dominador, iracund. Al llibre de Tobit mata els homes que li impedeixen posseir la desitjada Sara. Al <span class=\"iwg-fachbegriff\" data-tooltip=\"Obra principal del judaisme rab\u00ednic amb la interpretaci\u00f3 de la tradici\u00f3 religiosa.\" tabindex=\"0\">Talmud<\/span> usurpa el tron de Salom\u00f3 fins que el rei el fa fora amb un ardit. No \u00e9s un adversari obt\u00fas, sin\u00f3 un enemic intel\u00b7lectualment poder\u00f3s.<\/p><p><strong>\u00c0mbit d&#8217;acci\u00f3<\/strong><\/p><p>Matrimoni i desig, poder i domini pol\u00edtic, <span class=\"iwg-fachbegriff\" data-tooltip=\"Pr\u00e0ctiques que pretenen intervenir en el curs dels esdeveniments mitjan\u00e7ant accions o f\u00f3rmules especials.\" tabindex=\"0\">m\u00e0gia<\/span> i coneixement ocult. No \u00e9s el <span class=\"iwg-fachbegriff\" data-tooltip=\"\u00c9sser espiritual al qual s'atribueix un efecte nociu o ambivalent.\" tabindex=\"0\">dimoni<\/span> del dia a dia, sin\u00f3 el de la gran crisi.<\/p><p><strong>Origen mitol\u00f2gic<\/strong><\/p><p>A les tradicions hen\u00f2quiques s&#8217;associa amb els \u00e0ngels caiguts. Al <span class=\"iwg-fachbegriff\" data-tooltip=\"Obra principal del judaisme rab\u00ednic amb la interpretaci\u00f3 de la tradici\u00f3 religiosa.\" tabindex=\"0\">Talmud<\/span> se l&#8217;anomena expl\u00edcitament rei dels dimonis. Cabal\u00edsticament forma, amb Lilith i Samael, una estructura tri\u00e0dica, Samael, Lilith i Asmodai com a contrapartida demon\u00edaca de l&#8217;estructura divina de la Xekhin\u00e0.<\/p><p><strong>Aparen\u00e7a i simbolisme<\/strong><\/p><p>Asmodai es descriu com un \u00e9sser terriblement bell, de vegades amb tres caps, ulls flamejants i cua. Altres representacions el mostren com un <span class=\"iwg-fachbegriff\" data-tooltip=\"\u00c9sser espiritual al qual s'atribueix un efecte nociu o ambivalent.\" tabindex=\"0\">dimoni<\/span> seductor. De vegades t\u00e9 ales. Cadenes i segells el mantenen lligat. El foc i la lux\u00faria s\u00f3n les seves signatures.<\/p>\t\t\t\t\t\t\t\t<\/div>\n\t\t\t\t<\/div>\n\t\t\t\t\t<\/div>\n\t\t\t\t<\/div>\n\t\t<div class=\"elementor-element elementor-element-44e71476 e-flex e-con-boxed e-con e-parent\" data-id=\"44e71476\" data-element_type=\"container\" data-e-type=\"container\">\n\t\t\t\t\t<div class=\"e-con-inner\">\n\t\t\t\t<div class=\"elementor-element elementor-element-3c1fc3f0 elementor-widget elementor-widget-heading\" data-id=\"3c1fc3f0\" data-element_type=\"widget\" data-e-type=\"widget\" data-widget_type=\"heading.default\">\n\t\t\t\t\t<h2 class=\"elementor-heading-title elementor-size-default\">Fitxa: Asmodai<\/h2>\t\t\t\t<\/div>\n\t\t<div class=\"elementor-element elementor-element-84f33b8e e-con-full e-flex e-con e-child\" data-id=\"84f33b8e\" data-element_type=\"container\" data-e-type=\"container\">\n\t\t\t\t<div class=\"elementor-element elementor-element-hqkdc67p elementor-widget elementor-widget-text-editor\" data-id=\"hqkdc67p\" data-element_type=\"widget\" data-e-type=\"widget\" data-widget_type=\"text-editor.default\">\n\t\t\t\t\t\t\t\t\t<p>Els aspectes m\u00e9s importants d&#8217;Asmodai d&#8217;un cop d&#8217;ull. Trobareu el desenvolupament sobre el nom, la descripci\u00f3, la protecci\u00f3 i els paral\u00b7lelismes en les seccions seg\u00fcents.<\/p>\t\t\t\t\t\t\t\t<\/div>\n\t\t\t\t<\/div>\n\t\t<div class=\"elementor-element elementor-element-pemmx7c5 e-con-full e-flex e-con e-child\" data-id=\"pemmx7c5\" data-element_type=\"container\" data-e-type=\"container\">\n\t\t<div class=\"elementor-element elementor-element-pemmx7c1 e-con-full e-flex e-con e-child\" data-id=\"pemmx7c1\" data-element_type=\"container\" data-e-type=\"container\">\n\t\t<div class=\"elementor-element elementor-element-qh9oavvu iwg-steckbrief-card e-flex e-con-boxed e-con e-child\" data-id=\"qh9oavvu\" data-element_type=\"container\" data-e-type=\"container\">\n\t\t\t\t\t<div class=\"e-con-inner\">\n\t\t\t\t<div class=\"elementor-element elementor-element-awzx8k2k elementor-widget elementor-widget-heading\" data-id=\"awzx8k2k\" data-element_type=\"widget\" data-e-type=\"widget\" data-widget_type=\"heading.default\">\n\t\t\t\t\t<div class=\"elementor-heading-title elementor-size-default\">Tradici\u00f3<\/div>\t\t\t\t<\/div>\n\t\t\t\t<div class=\"elementor-element elementor-element-x6rowhv0 elementor-widget elementor-widget-text-editor\" data-id=\"x6rowhv0\" data-element_type=\"widget\" data-e-type=\"widget\" data-widget_type=\"text-editor.default\">\n\t\t\t\t\t\t\t\t\t<p>De l&#8217;irani\u00e0 <em>A\u0113\u0161ma da\u0113va<\/em>, daeva de la ira. En la recepci\u00f3 jueva va ascendir a rei dels dimonis, i cabal\u00edsticament es vincula amb Samael i Lilith.<\/p>\t\t\t\t\t\t\t\t<\/div>\n\t\t\t\t\t<\/div>\n\t\t\t\t<\/div>\n\t\t<div class=\"elementor-element elementor-element-8e3o4kxs iwg-steckbrief-card e-flex e-con-boxed e-con e-child\" data-id=\"8e3o4kxs\" data-element_type=\"container\" data-e-type=\"container\">\n\t\t\t\t\t<div class=\"e-con-inner\">\n\t\t\t\t<div class=\"elementor-element elementor-element-08rkdgov elementor-widget elementor-widget-heading\" data-id=\"08rkdgov\" data-element_type=\"widget\" data-e-type=\"widget\" data-widget_type=\"heading.default\">\n\t\t\t\t\t<div class=\"elementor-heading-title elementor-size-default\">Relacionat amb<\/div>\t\t\t\t<\/div>\n\t\t\t\t<div class=\"elementor-element elementor-element-uwjelx8s elementor-widget elementor-widget-text-editor\" data-id=\"uwjelx8s\" data-element_type=\"widget\" data-e-type=\"widget\" data-widget_type=\"text-editor.default\">\n\t\t\t\t\t\t\t\t\t<p>Parelles casades (<span class=\"iwg-fachbegriff\" data-tooltip=\"Un element tem\u00e0tic recurrent en l'art o la narraci\u00f3.\" tabindex=\"0\">motiu<\/span> de Tobit), governants (<span class=\"iwg-fachbegriff\" data-tooltip=\"Un element tem\u00e0tic recurrent en l'art o la narraci\u00f3.\" tabindex=\"0\">motiu<\/span> de Salom\u00f3), mags i cercadors de grimoris. Actua en els grans punts de crisi, no en la vida quotidiana.<\/p>\t\t\t\t\t\t\t\t<\/div>\n\t\t\t\t\t<\/div>\n\t\t\t\t<\/div>\n\t\t<div class=\"elementor-element elementor-element-jm2n74ec iwg-steckbrief-card e-flex e-con-boxed e-con e-child\" data-id=\"jm2n74ec\" data-element_type=\"container\" data-e-type=\"container\">\n\t\t\t\t\t<div class=\"e-con-inner\">\n\t\t\t\t<div class=\"elementor-element elementor-element-8vufse4c elementor-widget elementor-widget-heading\" data-id=\"8vufse4c\" data-element_type=\"widget\" data-e-type=\"widget\" data-widget_type=\"heading.default\">\n\t\t\t\t\t<div class=\"elementor-heading-title elementor-size-default\">Representaci\u00f3<\/div>\t\t\t\t<\/div>\n\t\t\t\t<div class=\"elementor-element elementor-element-mwb9u015 elementor-widget elementor-widget-text-editor\" data-id=\"mwb9u015\" data-element_type=\"widget\" data-e-type=\"widget\" data-widget_type=\"text-editor.default\">\n\t\t\t\t\t\t\t\t\t<p>Al Testament de Salom\u00f3 t\u00e9 tres caps (home, marr\u00e0, brau), \u00e9s alat i t\u00e9 cua de peix. En els grimoris apareix coronat com un rei, sovint muntant dracs.<\/p>\t\t\t\t\t\t\t\t<\/div>\n\t\t\t\t\t<\/div>\n\t\t\t\t<\/div>\n\t\t\t\t<\/div>\n\t\t<div class=\"elementor-element elementor-element-pemmx7c2 e-con-full e-flex e-con e-child\" data-id=\"pemmx7c2\" data-element_type=\"container\" data-e-type=\"container\">\n\t\t<div class=\"elementor-element elementor-element-37ss2yr6 iwg-steckbrief-card e-flex e-con-boxed e-con e-child\" data-id=\"37ss2yr6\" data-element_type=\"container\" data-e-type=\"container\">\n\t\t\t\t\t<div class=\"e-con-inner\">\n\t\t\t\t<div class=\"elementor-element elementor-element-3v0wp3wx elementor-widget elementor-widget-heading\" data-id=\"3v0wp3wx\" data-element_type=\"widget\" data-e-type=\"widget\" data-widget_type=\"heading.default\">\n\t\t\t\t\t<div class=\"elementor-heading-title elementor-size-default\">Funci\u00f3<\/div>\t\t\t\t<\/div>\n\t\t\t\t<div class=\"elementor-element elementor-element-w3247g2m elementor-widget elementor-widget-text-editor\" data-id=\"w3247g2m\" data-element_type=\"widget\" data-e-type=\"widget\" data-widget_type=\"text-editor.default\">\n\t\t\t\t\t\t\t\t\t<p>Mort dels nuvis, usurpaci\u00f3 del poder, foment de l&#8217;adulteri i la ira. Efecte individual m\u00e9s intens que l&#8217;amena\u00e7a dispersa dels Xedim.<\/p>\t\t\t\t\t\t\t\t<\/div>\n\t\t\t\t\t<\/div>\n\t\t\t\t<\/div>\n\t\t<div class=\"elementor-element elementor-element-0qpjal9w iwg-steckbrief-card e-flex e-con-boxed e-con e-child\" data-id=\"0qpjal9w\" data-element_type=\"container\" data-e-type=\"container\">\n\t\t\t\t\t<div class=\"e-con-inner\">\n\t\t\t\t<div class=\"elementor-element elementor-element-6ndoih0o elementor-widget elementor-widget-heading\" data-id=\"6ndoih0o\" data-element_type=\"widget\" data-e-type=\"widget\" data-widget_type=\"heading.default\">\n\t\t\t\t\t<div class=\"elementor-heading-title elementor-size-default\">Protecci\u00f3<\/div>\t\t\t\t<\/div>\n\t\t\t\t<div class=\"elementor-element elementor-element-6684tyh9 elementor-widget elementor-widget-text-editor\" data-id=\"6684tyh9\" data-element_type=\"widget\" data-e-type=\"widget\" data-widget_type=\"text-editor.default\">\n\t\t\t\t\t\t\t\t\t<div><p>Invocaci\u00f3 ang\u00e8lica (Rafael al llibre de Tobit), fumigaci\u00f3 (cor i fetge de peix), m\u00e0gia de noms, f\u00f3rmules cabal\u00edstiques de lligament. Als grimoris apareix llistat com un dels dimonis que cal lligar.<\/p><\/div>\t\t\t\t\t\t\t\t<\/div>\n\t\t\t\t\t<\/div>\n\t\t\t\t<\/div>\n\t\t<div class=\"elementor-element elementor-element-3lfi7x32 iwg-steckbrief-card e-flex e-con-boxed e-con e-child\" data-id=\"3lfi7x32\" data-element_type=\"container\" data-e-type=\"container\">\n\t\t\t\t\t<div class=\"e-con-inner\">\n\t\t\t\t<div class=\"elementor-element elementor-element-0kg99ga1 elementor-widget elementor-widget-heading\" data-id=\"0kg99ga1\" data-element_type=\"widget\" data-e-type=\"widget\" data-widget_type=\"heading.default\">\n\t\t\t\t\t<div class=\"elementor-heading-title elementor-size-default\">\u00c9ssers relacionats<\/div>\t\t\t\t<\/div>\n\t\t\t\t<div class=\"elementor-element elementor-element-n0fum6kp elementor-widget elementor-widget-text-editor\" data-id=\"n0fum6kp\" data-element_type=\"widget\" data-e-type=\"widget\" data-widget_type=\"text-editor.default\">\n\t\t\t\t\t\t\t\t\t<p>A\u0113\u0161ma da\u0113va (zoroastri\u00e0, model directe), Llucifer\/Satan (cristi\u00e0, sovint identificat posteriorment), Ahriman (irani\u00e0 com a d\u00e9u contrari suprem), Iblis (isl\u00e0mic).<\/p>\t\t\t\t\t\t\t\t<\/div>\n\t\t\t\t\t<\/div>\n\t\t\t\t<\/div>\n\t\t\t\t<\/div>\n\t\t\t\t<\/div>\n\t\t\t\t\t<\/div>\n\t\t\t\t<\/div>\n\t\t<div class=\"elementor-element elementor-element-7533bc7a e-flex e-con-boxed e-con e-parent\" data-id=\"7533bc7a\" data-element_type=\"container\" data-e-type=\"container\">\n\t\t\t\t\t<div class=\"e-con-inner\">\n\t\t\t\t<div class=\"elementor-element elementor-element-2447d18d elementor-widget elementor-widget-heading\" data-id=\"2447d18d\" data-element_type=\"widget\" data-e-type=\"widget\" data-widget_type=\"heading.default\">\n\t\t\t\t\t<h2 class=\"elementor-heading-title elementor-size-default\">Pr\u00e0ctica de protecci\u00f3<\/h2>\t\t\t\t<\/div>\n\t\t<div class=\"elementor-element elementor-element-d5d0260c e-con-full e-flex e-con e-child\" data-id=\"d5d0260c\" data-element_type=\"container\" data-e-type=\"container\">\n\t\t\t\t<div class=\"elementor-element elementor-element-341be2ac elementor-widget elementor-widget-text-editor\" data-id=\"341be2ac\" data-element_type=\"widget\" data-e-type=\"widget\" data-widget_type=\"text-editor.default\">\n\t\t\t\t\t\t\t\t\t<p><strong>Rituals de protecci\u00f3<\/strong><\/p><p>El llibre de Tobit transmet un <span class=\"iwg-fachbegriff\" data-tooltip=\"Una seq\u00fc\u00e8ncia ordenada d'accions simb\u00f2liques amb significat religi\u00f3s o cultural.\" tabindex=\"0\">ritual<\/span> concret: l&#8217;<span class=\"iwg-fachbegriff\" data-tooltip=\"En les religions abra\u00e0miques, un \u00e9sser missatger celestial de D\u00e9u.\" tabindex=\"0\">\u00e0ngel<\/span> Rafael fa que Tobies cremi el cor i el fetge d&#8217;un peix; el fum expulsa Asmodai fins al desert m\u00e9s remot. En la tradici\u00f3 posterior, el <span class=\"iwg-fachbegriff\" data-tooltip=\"Un element tem\u00e0tic recurrent en l'art o la narraci\u00f3.\" tabindex=\"0\">motiu<\/span> de l&#8217;\u00e0ngel com a subjugador es fa important, i s&#8217;invoquen Rafael, Miquel o noms ang\u00e8lics espec\u00edfics.<\/p><p><strong>Invocacions<\/strong><\/p><p>El <span class=\"iwg-fachbegriff\" data-tooltip=\"Obra principal del judaisme rab\u00ednic amb la interpretaci\u00f3 de la tradici\u00f3 religiosa.\" tabindex=\"0\">Talmud<\/span> transmet una narraci\u00f3 complexa en la qual Salom\u00f3 lliga Asmodai mitjan\u00e7ant un segell m\u00e0gic. Les tradicions cabal\u00edstiques i els grimoris posteriors desenvolupen a partir d&#8217;aix\u00f2 f\u00f3rmules de lligament pr\u00f2pies. El segell de Salom\u00f3 esdev\u00e9 un motiu clau.<\/p><p><strong>Amulets i s\u00edmbols de protecci\u00f3<\/strong><\/p><p>Segell de Salom\u00f3 (estrella de sis puntes, m\u00e9s tard rebuda com l&#8217;estrella de David). Amulets amb el nom de l&#8217;\u00e0ngel Rafael. En els manuals cabal\u00edstics, llargues f\u00f3rmules de protecci\u00f3 que lliguen Asmodai pel seu nom.<\/p><p><strong><span class=\"iwg-fachbegriff\" data-tooltip=\"El conjunt d'actes de veneraci\u00f3 religiosa dedicats a una divinitat o figura sagrada.\" tabindex=\"0\">Culte<\/span> i veneraci\u00f3<\/strong><\/p><p>Asmodai no \u00e9s venerat, sin\u00f3 lligat o aplacat mitjan\u00e7ant conjurs. En pr\u00e0ctiques de m\u00e0gia del caos se l&#8217;invoca per obtenir coneixement sobre la seducci\u00f3. Els sistemes cabal\u00edstics i demonol\u00f2gics utilitzen el seu poder. Cal anar amb compte amb la seva for\u00e7a.<\/p>\t\t\t\t\t\t\t\t<\/div>\n\t\t\t\t<\/div>\n\t\t\t\t\t<\/div>\n\t\t\t\t<\/div>\n\t\t<div class=\"elementor-element elementor-element-5a584676 e-flex e-con-boxed e-con e-parent\" data-id=\"5a584676\" data-element_type=\"container\" data-e-type=\"container\">\n\t\t\t\t\t<div class=\"e-con-inner\">\n\t\t\t\t<div class=\"elementor-element elementor-element-6d0757bf elementor-widget elementor-widget-heading\" data-id=\"6d0757bf\" data-element_type=\"widget\" data-e-type=\"widget\" data-widget_type=\"heading.default\">\n\t\t\t\t\t<h2 class=\"elementor-heading-title elementor-size-default\">Paral\u00b7lelismes i perviv\u00e8ncia<\/h2>\t\t\t\t<\/div>\n\t\t<div class=\"elementor-element elementor-element-60563f68 e-con-full e-flex e-con e-child\" data-id=\"60563f68\" data-element_type=\"container\" data-e-type=\"container\">\n\t\t\t\t<div class=\"elementor-element elementor-element-5a93fdd6 elementor-widget elementor-widget-text-editor\" data-id=\"5a93fdd6\" data-element_type=\"widget\" data-e-type=\"widget\" data-widget_type=\"text-editor.default\">\n\t\t\t\t\t\t\t\t\t<p><strong>Rerefons irani\u00e0:<\/strong> A\u0113\u0161ma da\u0113va n&#8217;\u00e9s la font directa del nom. En el zoroastrisme, aquesta figura roman dins el <span class=\"iwg-fachbegriff\" data-tooltip=\"El conjunt de d\u00e9us d'una religi\u00f3 o cultura.\" tabindex=\"0\">pante\u00f3<\/span> dels daevas; en l&#8217;adaptaci\u00f3 jueva esdev\u00e9 un rei individual.<\/p><p><strong>Tradici\u00f3 cristiana i isl\u00e0mica:<\/strong> En el cristianisme, Asmodeu s&#8217;integra en l&#8217;assignaci\u00f3 dels set pecats capitals, generalment com el <span class=\"iwg-fachbegriff\" data-tooltip=\"\u00c9sser espiritual al qual s'atribueix un efecte nociu o ambivalent.\" tabindex=\"0\">dimoni<\/span> de la lux\u00faria. En la tradici\u00f3 isl\u00e0mica no es repr\u00e8n directament; el seu paper l&#8217;assumeixen Iblis i els Xayat\u00edn.<\/p><p><strong>Grimoris i modernitat:<\/strong> El Lemegeton i la Pseudomonarchia Daemonum llisten Asmodeu com un poder\u00f3s sobir\u00e0 de l&#8217;infern amb 72 legions. Aquestes llistes influeixen encara en jocs de rol moderns, la literatura fant\u00e0stica i la cultura popular (Supernatural, Sandman).<\/p>\t\t\t\t\t\t\t\t<\/div>\n\t\t\t\t<\/div>\n\t\t\t\t\t<\/div>\n\t\t\t\t<\/div>\n\t\t<div class=\"elementor-element elementor-element-cp9f3cef7 e-flex e-con-boxed e-con e-parent\" data-id=\"cp9f3cef7\" data-element_type=\"container\" data-e-type=\"container\">\n\t\t\t\t\t<div class=\"e-con-inner\">\n\t\t\t\t<div class=\"elementor-element elementor-element-cp376c482 elementor-widget elementor-widget-heading\" data-id=\"cp376c482\" data-element_type=\"widget\" data-e-type=\"widget\" data-widget_type=\"heading.default\">\n\t\t\t\t\t<h2 class=\"elementor-heading-title elementor-size-default\">Asmodeu al Llibre de Tobit<\/h2>\t\t\t\t<\/div>\n\t\t<div class=\"elementor-element elementor-element-cp351750d e-con-full e-flex e-con e-child\" data-id=\"cp351750d\" data-element_type=\"container\" data-e-type=\"container\">\n\t\t\t\t<div class=\"elementor-element elementor-element-cp707039e elementor-widget elementor-widget-text-editor\" data-id=\"cp707039e\" data-element_type=\"widget\" data-e-type=\"widget\" data-widget_type=\"text-editor.default\">\n\t\t\t\t\t\t\t\t\t<p>El text m\u00e9s antic i coherent en qu\u00e8 Asmodeu t\u00e9 un paper actiu \u00e9s el Llibre de Tobit, un relat que probablement es va compondre al segle III o II a. C. i que pertany al <span class=\"iwg-fachbegriff\" data-tooltip=\"El conjunt de textos sagrats reconegut com a vinculant en una religi\u00f3.\" tabindex=\"0\">c\u00e0non<\/span> de la B\u00edblia grega i de les tradicions cat\u00f2lica i ortodoxa, mentre que en la tradici\u00f3 jueva i protestant es compta entre els ap\u00f2crifs.<\/p><p>Es van trobar fragments del llibre en aramaic i hebreu entre els manuscrits del Mar Mort.<\/p><p>En el Llibre de Tobit, Asmodeu, en grec <em>Asmodaios<\/em>, \u00e9s un <span class=\"iwg-fachbegriff\" data-tooltip=\"Un \u00e9sser incorpori al qual s'atribueix efecte en el m\u00f3n.\" tabindex=\"0\">esperit<\/span> mal\u00e8fic que estima, o m\u00e9s ben dit desitja, la jove Sara. Sara s&#8217;ha casat successivament amb set homes, i Asmodeu els ha matat tots la nit de noces, abans que el matrimoni es pogu\u00e9s consumar. Sara est\u00e0 per aix\u00f2 desesperada i \u00e9s objecte de burles.<\/p><p>La soluci\u00f3 arriba per mitj\u00e0 del jove Tobies, fill de Tobit, guiat per l&#8217;<span class=\"iwg-fachbegriff\" data-tooltip=\"En les religions abra\u00e0miques, un \u00e9sser missatger celestial de D\u00e9u.\" tabindex=\"0\">\u00e0ngel<\/span> Rafael, que fa de company de viatge. Rafael ordena a Tobies que guardi el cor i el fetge d&#8217;un peix. La nit de noces, Tobies els crema sobre les brases de l&#8217;encens; l&#8217;olor que se n&#8217;aixeca fa fugir Asmodeu, que s&#8217;escapa a l&#8217;Alt Egipte, on Rafael el captura i el lliga.<\/p><p>Aquest relat \u00e9s molt revelador des del punt de vista de la hist\u00f2ria de les religions. Mostra un <span class=\"iwg-fachbegriff\" data-tooltip=\"\u00c9sser espiritual al qual s'atribueix un efecte perjudicial o ambivalent.\" tabindex=\"0\">dimoni<\/span> que no encarna el mal de manera abstracta, sin\u00f3 que t\u00e9 una funci\u00f3 concreta: amena\u00e7a el matrimoni i la reproducci\u00f3.<\/p><p>Al mateix temps, el text ofereix un exemple primerenc d&#8217;una acci\u00f3 ritual de protecci\u00f3 ben definida, un ritual de fumigaci\u00f3 amb un mitj\u00e0 concret, ordenat per un <span class=\"iwg-fachbegriff\" data-tooltip=\"En les religions abra\u00e0miques, un \u00e9sser missatger celestial de D\u00e9u.\" tabindex=\"0\">\u00e0ngel<\/span>. La investigaci\u00f3 hi veu una prova de l&#8217;estreta relaci\u00f3 entre narraci\u00f3, demonologia i pr\u00e0ctica ritual en el judaisme de l&#8217;\u00e8poca hel\u00b7len\u00edstica.<\/p>\t\t\t\t\t\t\t\t<\/div>\n\t\t\t\t<\/div>\n\t\t\t\t\t<\/div>\n\t\t\t\t<\/div>\n\t\t<div class=\"elementor-element elementor-element-cp0e4ffc1 e-flex e-con-boxed e-con e-parent\" data-id=\"cp0e4ffc1\" data-element_type=\"container\" data-e-type=\"container\">\n\t\t\t\t\t<div class=\"e-con-inner\">\n\t\t\t\t<div class=\"elementor-element elementor-element-cpd1402fb elementor-widget elementor-widget-heading\" data-id=\"cpd1402fb\" data-element_type=\"widget\" data-e-type=\"widget\" data-widget_type=\"heading.default\">\n\t\t\t\t\t<h2 class=\"elementor-heading-title elementor-size-default\">Aixmedai en el Talmud i la construcci\u00f3 del Temple<\/h2>\t\t\t\t<\/div>\n\t\t<div class=\"elementor-element elementor-element-cp5da735b e-con-full e-flex e-con e-child\" data-id=\"cp5da735b\" data-element_type=\"container\" data-e-type=\"container\">\n\t\t\t\t<div class=\"elementor-element elementor-element-cp26e1219 elementor-widget elementor-widget-text-editor\" data-id=\"cp26e1219\" data-element_type=\"widget\" data-e-type=\"widget\" data-widget_type=\"text-editor.default\">\n\t\t\t\t\t\t\t\t\t<p>En la literatura rab\u00ednica, la figura apareix amb el nom d&#8217;<em>Aixmedai<\/em> i hi rep una forma pr\u00f2pia i molt elaborada. No es considera un simple <span class=\"iwg-fachbegriff\" data-tooltip=\"\u00c9sser espiritual al qual s'atribueix un efecte perjudicial o ambivalent.\" tabindex=\"0\">dimoni<\/span>, sin\u00f3 el rei dels dimonis, els <em>Xedim<\/em>. El relat m\u00e9s important es troba en el <span class=\"iwg-fachbegriff\" data-tooltip=\"Obra principal del judaisme rab\u00ednic amb la interpretaci\u00f3 de la tradici\u00f3 religiosa.\" tabindex=\"0\">Talmud<\/span> babil\u00f2nic, al tractat Guitt\u00edn.<\/p><p>S&#8217;hi explica com el rei Salom\u00f3 necessita Aixmedai per construir el <span class=\"iwg-fachbegriff\" data-tooltip=\"Un edifici destinat a la veneraci\u00f3 d'una o diverses divinitats.\" tabindex=\"0\">Temple<\/span> de Jerusalem. Com que el <span class=\"iwg-fachbegriff\" data-tooltip=\"Un edifici destinat a la veneraci\u00f3 d'una o diverses divinitats.\" tabindex=\"0\">Temple<\/span> s&#8217;ha de construir sense eines de ferro, Salom\u00f3 necessita el <em>Xamir<\/em>, un \u00e9sser meravell\u00f3s o un cuc capa\u00e7 de tallar la pedra, del qual nom\u00e9s Aixmedai coneix el lloc on es troba.<\/p><p>El missatger de Salom\u00f3 troba el <span class=\"iwg-fachbegriff\" data-tooltip=\"\u00c9sser espiritual al qual s'atribueix un efecte perjudicial o ambivalent.\" tabindex=\"0\">dimoni<\/span>, que baixa cada dia de la seva muntanya, i l&#8217;engalipa amb vi que aboca a la seva cisterna d&#8217;aigua, de manera que pot ser capturat borratxo.<\/p><p>M\u00e9s endavant, Aixmedai \u00e9s portat a la cort i obligat a ajudar en la construcci\u00f3. La punxa del relat \u00e9s destacable: Aixmedai aconsegueix finalment expulsar Salom\u00f3 del seu tron i prendre&#8217;n la mateixa forma, de manera que el rei vaga durant un temps com un captaire sense llar, fins que recupera el seu regnat.<\/p><p>La hist\u00f2ria combina aix\u00ed el <span class=\"iwg-fachbegriff\" data-tooltip=\"Un element tem\u00e0tic recurrent en l'art o la narraci\u00f3.\" tabindex=\"0\">motiu<\/span> del rei dels dimonis, astut per\u00f2 perill\u00f3s, amb un av\u00eds sobre els l\u00edmits del poder reial.<\/p><p>El <span class=\"iwg-fachbegriff\" data-tooltip=\"Obra principal del judaisme rab\u00ednic amb la interpretaci\u00f3 de la tradici\u00f3 religiosa.\" tabindex=\"0\">Talmud<\/span> mostra Aixmedai en diversos passatges com una figura ambivalent. \u00c9s perill\u00f3s i murri, per\u00f2 tamb\u00e9 posseeix una saviesa pr\u00f2pia i no li manca una certa ra\u00f3. Aquesta complexitat distingeix clarament la figura rab\u00ednica de la imatge, m\u00e9s tard redu\u00efda, de la demonologia cristiana.<\/p>\t\t\t\t\t\t\t\t<\/div>\n\t\t\t\t<\/div>\n\t\t\t\t\t<\/div>\n\t\t\t\t<\/div>\n\t\t<div class=\"elementor-element elementor-element-cpa710211 e-flex e-con-boxed e-con e-parent\" data-id=\"cpa710211\" data-element_type=\"container\" data-e-type=\"container\">\n\t\t\t\t\t<div class=\"e-con-inner\">\n\t\t\t\t<div class=\"elementor-element elementor-element-cp0cbe61b elementor-widget elementor-widget-heading\" data-id=\"cp0cbe61b\" data-element_type=\"widget\" data-e-type=\"widget\" data-widget_type=\"heading.default\">\n\t\t\t\t\t<h2 class=\"elementor-heading-title elementor-size-default\">Asmodeu en la demonologia baixmedieval i moderna primerenca<\/h2>\t\t\t\t<\/div>\n\t\t<div class=\"elementor-element elementor-element-cp447cf34 e-con-full e-flex e-con e-child\" data-id=\"cp447cf34\" data-element_type=\"container\" data-e-type=\"container\">\n\t\t\t\t<div class=\"elementor-element elementor-element-cpb6e2adc elementor-widget elementor-widget-text-editor\" data-id=\"cpb6e2adc\" data-element_type=\"widget\" data-e-type=\"widget\" data-widget_type=\"text-editor.default\">\n\t\t\t\t\t\t\t\t\t<p>En la demonologia cristiana de la baixa edat mitjana i de l&#8217;edat moderna primerenca, Asmodeu es va convertir en un element fix de les jerarquies infernals. Els manuals m\u00e0gics i els inventaris de dimonis d&#8217;aquella \u00e8poca el classificaven generalment sota el pecat capital de la lux\u00faria, seguint el seu paper al Llibre de Tobit com a enemic del matrimoni i seductor.<\/p><p><span data-nosnippet>En la influent <em>Pseudomonarchia Daemonum<\/em>, que Johann Weyer va publicar el 1577 com a ap\u00e8ndix de la seva obra contra la ca\u00e7a de bruixes, i en el <em>Lemegeton<\/em> o <em>Goetia<\/em> que s&#8217;hi basa, Asmodeu apareix, sovint escrit com a <em>Asmoday<\/em>, com un rei poder\u00f3s amb una gran quantitat d&#8217;esperits al seu servei.<\/span><\/p><p>Se&#8217;l descriu com un \u00e9sser amb tres caps, muntat sobre un drac infernal, al qual s&#8217;atribueix coneixement de geometria, artesania i tresors amagats.<\/p><p>Aquestes representacions no s\u00f3n tradicions antigues, sin\u00f3 construccions erudites del Renaixement que van recollir noms m\u00e9s antics i els van organitzar en un esquema sistem\u00e0tic. La recerca sobre la hist\u00f2ria de la <span class=\"iwg-fachbegriff\" data-tooltip=\"Pr\u00e0ctiques que pretenen intervenir en el curs dels esdeveniments mitjan\u00e7ant accions o f\u00f3rmules especials.\" tabindex=\"0\">m\u00e0gia<\/span>, com els treballs sobre la <span class=\"iwg-fachbegriff\" data-tooltip=\"La transmissi\u00f3 de coneixements i relats al llarg de generacions.\" tabindex=\"0\">transmissi\u00f3<\/span> de la <em>Goetia<\/em>, ha demostrat que aquests inventaris es copiaven molt entre ells i, en fer-ho, combinaven de nou els atributs.<\/p><p>Una recepci\u00f3 liter\u00e0ria coneguda prov\u00e9 del segle XVIII. A la novel\u00b7la El diablo cojuelo de Luis V\u00e9lez de Guevara apareix un diable coix que s&#8217;identifica amb Asmodeu. Aix\u00f2 \u00e9s encara m\u00e9s cert per a la seva adaptaci\u00f3 francesa Le Diable boiteux d&#8217;Alain-Ren\u00e9 Lesage. El diable treu els teulats de la ciutat al seu company hum\u00e0 per mostrar-li els vicis amagats dels habitants.<\/p><p>A trav\u00e9s d&#8217;aquestes novel\u00b7les, el nom d&#8217;Asmodeu es va difondre tamb\u00e9 en la literatura secular.<\/p>\t\t\t\t\t\t\t\t<\/div>\n\t\t\t\t<\/div>\n\t\t\t\t\t<\/div>\n\t\t\t\t<\/div>\n\t\t<div class=\"elementor-element elementor-element-36dd7469 e-flex e-con-boxed e-con e-parent\" data-id=\"36dd7469\" data-element_type=\"container\" data-e-type=\"container\">\n\t\t\t\t\t<div class=\"e-con-inner\">\n\t\t\t\t<div class=\"elementor-element elementor-element-13760ab4 elementor-widget elementor-widget-heading\" data-id=\"13760ab4\" data-element_type=\"widget\" data-e-type=\"widget\" data-widget_type=\"heading.default\">\n\t\t\t\t\t<div class=\"elementor-heading-title elementor-size-default\">Enlla\u00e7os relacionats<\/div>\t\t\t\t<\/div>\n\t\t<div class=\"elementor-element elementor-element-28c87796 e-con-full e-flex e-con e-child\" data-id=\"28c87796\" data-element_type=\"container\" data-e-type=\"container\">\n\t\t\t\t<div class=\"elementor-element elementor-element-5d6538df elementor-widget elementor-widget-text-editor\" data-id=\"5d6538df\" data-element_type=\"widget\" data-e-type=\"widget\" data-widget_type=\"text-editor.default\">\n\t\t\t\t\t\t\t\t\t<p>Enlla\u00e7os interns recomanats:<\/p><ul><li><a href=\"https:\/\/iwell-guard.com\/ca\/judaisme\/\">Judaisme<\/a><\/li><li><a href=\"https:\/\/iwell-guard.com\/ca\/?page_id=171359\">Shedim<\/a> (Asmodai com el seu rei)<\/li><li><a href=\"https:\/\/iwell-guard.com\/ca\/?page_id=171360\">Lilith<\/a> (vinculada cabal\u00edsticament)<\/li><li><a href=\"https:\/\/iwell-guard.com\/ca\/?page_id=171363\">Azazel<\/a> (una altra figura clau)<\/li><li><a href=\"https:\/\/iwell-guard.com\/ca\/?page_id=171362\">Dybbuk<\/a> (<span class=\"iwg-fachbegriff\" data-tooltip=\"Un element de contingut recurrent en l'art o en la narrativa.\" tabindex=\"0\">motiu<\/span> de possessi\u00f3)<\/li><li>Tradici\u00f3 zoro\u00e0strica (A\u0113\u0161ma da\u0113va)<\/li><li>Literatura de grimoris i jerarquies demonol\u00f2giques<\/li><\/ul>\t\t\t\t\t\t\t\t<\/div>\n\t\t\t\t<\/div>\n\t\t\t\t\t<\/div>\n\t\t\t\t<\/div>\n\t\t<div class=\"elementor-element elementor-element-grl4kl40 e-flex e-con-boxed e-con e-parent\" data-id=\"grl4kl40\" data-element_type=\"container\" data-e-type=\"container\">\n\t\t\t\t\t<div class=\"e-con-inner\">\n\t\t\t\t<div class=\"elementor-element elementor-element-bzsbfrmh elementor-widget elementor-widget-heading\" data-id=\"bzsbfrmh\" data-element_type=\"widget\" data-e-type=\"widget\" data-widget_type=\"heading.default\">\n\t\t\t\t\t<h2 class=\"elementor-heading-title elementor-size-default\">Bibliografia (selecci\u00f3)<\/h2>\t\t\t\t<\/div>\n\t\t<div class=\"elementor-element elementor-element-2c13224a e-con-full e-flex e-con e-child\" data-id=\"2c13224a\" data-element_type=\"container\" data-e-type=\"container\">\n\t\t\t\t<div class=\"elementor-element elementor-element-0eymh9ub elementor-widget elementor-widget-text-editor\" data-id=\"0eymh9ub\" data-element_type=\"widget\" data-e-type=\"widget\" data-widget_type=\"text-editor.default\">\n\t\t\t\t\t\t\t\t\t<p>Una selecci\u00f3 de treballs centrals sobre Asmodai:<\/p><div data-nosnippet=\"true\"><ul><li><span data-nosnippet>Moore, Carey A.: <em>Tobit. A New Translation with Introduction and Commentary<\/em>. New York 1996.<\/span><\/li><li><span data-nosnippet>Duling, Dennis C.: \u201eTestament of Solomon.\u00bb A: James Charlesworth (Ed.): <em>Old Testament Pseudepigrapha<\/em>, Vol. 1. New York 1983.<\/span><\/li><li><span data-nosnippet>Scholem, Gershom: <em>Kabbalah<\/em>. Jerusalem 1974.<\/span><\/li><li><span data-nosnippet>Trachtenberg, Joshua: <em><a href=\"https:\/\/archive.org\/details\/jewishmagicsuper0000josh\" target=\"_blank\" rel=\"noopener noreferrer\">Jewish Magic and Superstition<\/a><\/em>. New York 1939.<\/span><\/li><li><span data-nosnippet>R\u00fcpke, J\u00f6rg \/ Spickermann, Wolfgang (Ed.): <em>Reflections on Magic<\/em>. T\u00fcbingen 2012.<\/span><\/li><\/ul><\/div>\t\t\t\t\t\t\t\t<\/div>\n\t\t\t\t<\/div>\n\t\t\t\t\t<\/div>\n\t\t\t\t<\/div>\n\t\t<div class=\"elementor-element elementor-element-qv851qv e-flex e-con-boxed e-con e-parent\" data-id=\"qv851qv\" data-element_type=\"container\" data-e-type=\"container\">\n\t\t\t\t\t<div class=\"e-con-inner\">\n\t\t\t\t<div class=\"elementor-element elementor-element-qv851qvh elementor-widget elementor-widget-heading\" data-id=\"qv851qvh\" data-element_type=\"widget\" data-e-type=\"widget\" data-widget_type=\"heading.default\">\n\t\t\t\t\t<h2 class=\"elementor-heading-title elementor-size-default\">S\u00edmbols de protecci\u00f3 relacionats<\/h2>\t\t\t\t<\/div>\n\t\t<div class=\"elementor-element elementor-element-qv851qvb e-con-full e-flex e-con e-parent\" data-id=\"qv851qvb\" data-element_type=\"container\" data-e-type=\"container\">\n\t\t\t\t<div class=\"elementor-element elementor-element-qv851qvt elementor-widget elementor-widget-html\" data-id=\"qv851qvt\" data-element_type=\"widget\" data-e-type=\"widget\" data-widget_type=\"html.default\">\n\t\t\t\t\t<div class=\"iwg-querverweis-grid\" style=\"display:grid;grid-template-columns:repeat(auto-fit,minmax(220px,1fr));gap:16px;margin:16px 0;\"><div class=\"iwg-querverweis-card\"><a href=\"https:\/\/iwell-guard.com\/ca\/?page_id=171652\" class=\"iwg-querverweis-link\"><strong>Mezuz\u00e0<\/strong><br><span class=\"iwg-querverweis-teaser\">Pergam\u00ed jueu al muntant de la porta, amb el text del Shem\u00e0 Israel<\/span><\/a><\/div><div class=\"iwg-querverweis-card\"><a href=\"https:\/\/iwell-guard.com\/ca\/?page_id=171650\" class=\"iwg-querverweis-link\"><strong>Hamsa<\/strong><br><span class=\"iwg-querverweis-teaser\">M\u00e0 de F\u00e0tima, s\u00edmbol de protecci\u00f3 judeo-\u00e0rab amb cinc dits i un ull<\/span><\/a><\/div><\/div><style>.iwg-querverweis-card{padding:16px;border:1px solid var(--e-global-color-f443515,#e6c45a);border-radius:8px;background:rgba(0,0,0,0.22);}.iwg-querverweis-link{color:var(--e-global-color-accent,#e6c45a);text-decoration:none;}.iwg-querverweis-teaser{color:#e8e8e8;font-size:13px;line-height:1.4;}<\/style>\t\t\t\t<\/div>\n\t\t\t\t<\/div>\n\t\t\t\t\t<\/div>\n\t\t\t\t<\/div>\n\t\t<div class=\"elementor-element elementor-element-iwgca-asmodai-sec e-flex e-con-boxed e-con e-parent\" data-id=\"iwgca-asmodai-sec\" data-element_type=\"container\" data-e-type=\"container\" id=\"iwg-ca-asmodai\">\n\t\t\t\t\t<div class=\"e-con-inner\">\n\t\t\t\t<div class=\"elementor-element elementor-element-iwgca-asmodai-te iwg-ca-textwrap elementor-widget elementor-widget-text-editor\" data-id=\"iwgca-asmodai-te\" data-element_type=\"widget\" data-e-type=\"widget\" data-widget_type=\"text-editor.default\">\n\t\t\t\t\t\t\t\t\t<div data-nosnippet=\"true\"><p class=\"iwg-ca-bridge\">La pr\u00e0ctica de protecci\u00f3 descrita aqu\u00ed \u00e9s una classificaci\u00f3 de tradicions hist\u00f2riques des de la perspectiva de la ci\u00e8ncia de les religions. iWell Guard s&#8217;inspira en aquesta l\u00ednia cultural i hist\u00f2rica d&#8217;objectes de protecci\u00f3 portables i n&#8217;\u00e9s una forma contempor\u00e0nia. <a href=\"\/ueber-iwell-guard\/?utm_source=iwell-guard.com&#038;utm_medium=text-link&#038;utm_campaign=schadwesen-tradition\">M\u00e9s informaci\u00f3 sobre l&#8217;iWell Guard \u2192<\/a><\/p><\/div>\t\t\t\t\t\t\t\t<\/div>\n\t\t\t\t\t<\/div>\n\t\t\t\t<\/div>\n\t\t<div class=\"elementor-element elementor-element-fe5be41 e-con-boxed e-flex e-con e-parent\" data-id=\"fe5be41\" data-element_type=\"container\" data-e-type=\"container\">\n\t\t\t\t\t<div class=\"e-con-inner\">\n\t\t\t\t<div class=\"elementor-element elementor-element-eb14c5f elementor-widget elementor-widget-text-editor\" data-id=\"eb14c5f\" data-element_type=\"widget\" data-e-type=\"widget\" data-widget_type=\"text-editor.default\">\n\t\t\t\t\t\t\t\t\t\n<h2>Preguntes freq\u00fcents sobre Asmodai<\/h2>\n<div class=\"iwg-faq-q\"><h3>Qui \u00e9s Asmodai en la demonologia judeocristiana?<\/h3><p>Asmodai (tamb\u00e9 Asmodeu, Aschmedai, en hebreu \u05d0\u05b7\u05e9\u05b0\u05c1\u05de\u05b0\u05d3\u05b7\u05d0\u05d9) \u00e9s un dels dimonis m\u00e9s poderosos de la tradici\u00f3 jueva i cristiana medieval. Apareix per primera vegada en el llibre deuterocan\u00f2nic de Tobies com a <span class=\"iwg-fachbegriff\" data-tooltip=\"\u00c9sser espiritual al qual s'atribueix una acci\u00f3 nociva o ambivalent.\" tabindex=\"0\">dimoni<\/span>, que mata els promesos de la jove Sara la nit de noces, fins que Tobies el fa fugir amb l&#8217;ajuda de l&#8217;arc\u00e0ngel Rafael.<\/p><p>En el <span class=\"iwg-fachbegriff\" data-tooltip=\"Obra principal del judaisme rab\u00ednic amb la interpretaci\u00f3 de la tradici\u00f3 religiosa.\" tabindex=\"0\">Talmud<\/span> babil\u00f2nic, Asmodai es converteix en el rei dels Xedim (esperits nocius). En el sistema medieval dels grimoris, \u00e9s un dels set pr\u00ednceps de l&#8217;infern, encarregat de la lux\u00faria.<\/p><\/div>\n<div class=\"iwg-faq-q\"><h3>Quin paper t\u00e9 Asmodai en la tradici\u00f3 salom\u00f2nica?<\/h3><p>En el Testament de Salom\u00f3 (escrit judeocristi\u00e0, segles I-III) i en el <span class=\"iwg-fachbegriff\" data-tooltip=\"Obra principal del judaisme rab\u00ednic amb la interpretaci\u00f3 de la tradici\u00f3 religiosa.\" tabindex=\"0\">Talmud<\/span> jueu (Guit\u00edn 68a-b), Asmodai \u00e9s una figura central. Se diu que Salom\u00f3 el va encadenar mitjan\u00e7ant l&#8217;arc\u00e0ngel Miquel per fer-lo servir en la construcci\u00f3 del Temple de Jerusalem, en la qual va intervenir la pedra Xamir, capa\u00e7 de tallar la pedra sense ferro.<\/p><p>En la Lemegeton (Go\u00e8cia, segle XVII), Asmodai \u00e9s el 32\u00e8 <span class=\"iwg-fachbegriff\" data-tooltip=\"\u00c9sser incorpori al qual s'atribueix acci\u00f3 en el m\u00f3n.\" tabindex=\"0\">esperit<\/span>, un rei que comanda 72 legions i pot donar informaci\u00f3 sobre matem\u00e0tiques, astrologia i art mec\u00e0nica.<\/p><\/div>\n<script type=\"application\/ld+json\">{\"@context\":\"https:\/\/schema.org\",\"@type\":\"FAQPage\",\"mainEntity\":[{\"@type\":\"Question\",\"name\":\"Qui \u00e9s Asmodai en la demonologia judeocristiana?\",\"acceptedAnswer\":{\"@type\":\"Answer\",\"text\":\"Asmodai (tamb\u00e9 Asmodeu, Aschmedai, en hebreu \u05d0\u05b7\u05e9\u05b0\u05c1\u05de\u05b0\u05d3\u05b7\u05d0\u05d9) \u00e9s un dels dimonis m\u00e9s poderosos de la tradici\u00f3 jueva i cristiana medieval. Apareix per primera vegada en el llibre deuterocan\u00f2nic de Tobies com a dimoni, que mata els promesos de la jove Sara la nit de noces, fins que Tobies el fa fugir amb l'ajuda de l'arc\u00e0ngel Rafael.En el Talmud babil\u00f2nic, Asmodai es converteix en el rei dels Xedim (esperits nocius). En el sistema medieval dels grimoris, \u00e9s un dels set pr\u00ednceps de l'infern, encarregat de la lux\u00faria.\"}},{\"@type\":\"Question\",\"name\":\"Quin paper t\u00e9 Asmodai en la tradici\u00f3 salom\u00f2nica?\",\"acceptedAnswer\":{\"@type\":\"Answer\",\"text\":\"En el Testament de Salom\u00f3 (escrit judeocristi\u00e0, segles I-III) i en el Talmud jueu (Guit\u00edn 68a-b), Asmodai \u00e9s una figura central. Se diu que Salom\u00f3 el va encadenar mitjan\u00e7ant l'arc\u00e0ngel Miquel per fer-lo servir en la construcci\u00f3 del Temple de Jerusalem, en la qual va intervenir la pedra Xamir, capa\u00e7 de tallar la pedra sense ferro.En la Lemegeton (Go\u00e8cia, segle XVII), Asmodai \u00e9s el 32\u00e8 esperit, un rei que comanda 72 legions i pot donar informaci\u00f3 sobre matem\u00e0tiques, astrologia i art mec\u00e0nica.\"}}]}<\/script>\t\t\t\t\t\t\t\t<\/div>\n\t\t\t\t\t<\/div>\n\t\t\t\t<\/div>\n\t\t\t\t<\/div>\n\t\t","protected":false},"excerpt":{"rendered":"","protected":false},"author":3,"featured_media":1668,"parent":0,"menu_order":0,"comment_status":"closed","ping_status":"closed","template":"elementor_header_footer","meta":{"_yoast_wpseo_focuskw":"Asmodai","_yoast_wpseo_title":"Asmodai \u2013 Rei dels dimonis del Tobit i el Testament de Salom\u00f3","_yoast_wpseo_metadesc":"Asmodai, rei dels dimonis: un governant entre el Tobit, el Talmud i el grimori. Sefer Raziel, Pseudo-Salom\u00f3 i la seva recepci\u00f3 cristiana.","_yoast_wpseo_meta-robots-noindex":"","_yoast_wpseo_canonical":"","_angie_page":false,"gefaehrdungsstufe":"4","wesen_kultur":"judentum","wesen_klasse":"daemonen","footnotes":""},"categories":[],"class_list":["post-171361","page","type-page","status-publish","has-post-thumbnail","hentry"],"yoast_head":"<!-- This site is optimized with the Yoast SEO Premium plugin v27.7 (Yoast SEO v28.3) - https:\/\/yoast.com\/product\/yoast-seo-premium-wordpress\/ -->\n<title>Asmodai \u2013 Rei dels dimonis del Tobit i el Testament de Salom\u00f3<\/title>\n<meta name=\"description\" content=\"Asmodai, rei dels dimonis: un governant entre el Tobit, el Talmud i el grimori. Sefer Raziel, Pseudo-Salom\u00f3 i la seva recepci\u00f3 cristiana.\" \/>\n<meta name=\"robots\" content=\"index, follow, max-snippet:-1, max-image-preview:large, max-video-preview:-1\" \/>\n<link rel=\"canonical\" href=\"https:\/\/iwell-guard.com\/ca\/asmodai\/\" \/>\n<meta property=\"og:locale\" content=\"ca_ES\" \/>\n<meta property=\"og:type\" content=\"article\" \/>\n<meta property=\"og:title\" content=\"Asmodai\" \/>\n<meta property=\"og:description\" content=\"Asmodai, rei dels dimonis: un governant entre el Tobit, el Talmud i el grimori. Sefer Raziel, Pseudo-Salom\u00f3 i la seva recepci\u00f3 cristiana.\" \/>\n<meta property=\"og:url\" content=\"https:\/\/iwell-guard.com\/ca\/asmodai\/\" \/>\n<meta property=\"og:site_name\" content=\"iWell Guard\" \/>\n<meta property=\"article:modified_time\" content=\"2026-09-05T15:55:48+00:00\" \/>\n<meta property=\"og:image\" content=\"https:\/\/iwell-guard.com\/wp-content\/uploads\/2026\/04\/daemonen_judentum_asmodai.webp\" \/>\n\t<meta property=\"og:image:width\" content=\"1024\" \/>\n\t<meta property=\"og:image:height\" content=\"1536\" \/>\n\t<meta property=\"og:image:type\" content=\"image\/webp\" \/>\n<meta name=\"twitter:card\" content=\"summary_large_image\" \/>\n<script type=\"application\/ld+json\" class=\"yoast-schema-graph\">{\"@context\":\"https:\\\/\\\/schema.org\",\"@graph\":[{\"@type\":\"WebPage\",\"@id\":\"https:\\\/\\\/iwell-guard.com\\\/ca\\\/asmodai\\\/\",\"url\":\"https:\\\/\\\/iwell-guard.com\\\/ca\\\/asmodai\\\/\",\"name\":\"Asmodai \u2013 Rei dels dimonis del Tobit i el Testament de Salom\u00f3\",\"isPartOf\":{\"@id\":\"https:\\\/\\\/iwell-guard.com\\\/ca\\\/#website\"},\"primaryImageOfPage\":{\"@id\":\"https:\\\/\\\/iwell-guard.com\\\/ca\\\/asmodai\\\/#primaryimage\"},\"image\":{\"@id\":\"https:\\\/\\\/iwell-guard.com\\\/ca\\\/asmodai\\\/#primaryimage\"},\"thumbnailUrl\":\"https:\\\/\\\/iwell-guard.com\\\/wp-content\\\/uploads\\\/2026\\\/04\\\/daemonen_judentum_asmodai.webp\",\"datePublished\":\"2026-09-05T15:38:45+00:00\",\"dateModified\":\"2026-09-05T15:55:48+00:00\",\"description\":\"Asmodai, rei dels dimonis: un governant entre el Tobit, el Talmud i el grimori. Sefer Raziel, Pseudo-Salom\u00f3 i la seva recepci\u00f3 cristiana.\",\"breadcrumb\":{\"@id\":\"https:\\\/\\\/iwell-guard.com\\\/ca\\\/asmodai\\\/#breadcrumb\"},\"inLanguage\":\"ca\",\"potentialAction\":[{\"@type\":\"ReadAction\",\"target\":[\"https:\\\/\\\/iwell-guard.com\\\/ca\\\/asmodai\\\/\"]}]},{\"@type\":\"ImageObject\",\"inLanguage\":\"ca\",\"@id\":\"https:\\\/\\\/iwell-guard.com\\\/ca\\\/asmodai\\\/#primaryimage\",\"url\":\"https:\\\/\\\/iwell-guard.com\\\/wp-content\\\/uploads\\\/2026\\\/04\\\/daemonen_judentum_asmodai.webp\",\"contentUrl\":\"https:\\\/\\\/iwell-guard.com\\\/wp-content\\\/uploads\\\/2026\\\/04\\\/daemonen_judentum_asmodai.webp\",\"width\":1024,\"height\":1536,\"caption\":\"Dimonis de la tradici\u00f3 del judaisme.\"},{\"@type\":\"BreadcrumbList\",\"@id\":\"https:\\\/\\\/iwell-guard.com\\\/ca\\\/asmodai\\\/#breadcrumb\",\"itemListElement\":[{\"@type\":\"ListItem\",\"position\":1,\"name\":\"Start\",\"item\":\"https:\\\/\\\/iwell-guard.com\\\/ca\\\/?page_id=171333\"},{\"@type\":\"ListItem\",\"position\":2,\"name\":\"Asmodai\"}]},{\"@type\":\"WebSite\",\"@id\":\"https:\\\/\\\/iwell-guard.com\\\/ca\\\/#website\",\"url\":\"https:\\\/\\\/iwell-guard.com\\\/ca\\\/\",\"name\":\"iWell Guard\",\"description\":\"Schutz vor dunklen Einfl\u00fcssen\",\"publisher\":{\"@id\":\"https:\\\/\\\/iwell-guard.com\\\/ca\\\/#organization\"},\"potentialAction\":[{\"@type\":\"SearchAction\",\"target\":{\"@type\":\"EntryPoint\",\"urlTemplate\":\"https:\\\/\\\/iwell-guard.com\\\/ca\\\/?s={search_term_string}\"},\"query-input\":{\"@type\":\"PropertyValueSpecification\",\"valueRequired\":true,\"valueName\":\"search_term_string\"}}],\"inLanguage\":\"ca\"},{\"@type\":\"Organization\",\"@id\":\"https:\\\/\\\/iwell-guard.com\\\/ca\\\/#organization\",\"name\":\"Ittermann electronic GmbH\",\"url\":\"https:\\\/\\\/iwell-guard.com\\\/ca\\\/\",\"logo\":{\"@type\":\"ImageObject\",\"inLanguage\":\"ca\",\"@id\":\"https:\\\/\\\/iwell-guard.com\\\/ca\\\/#\\\/schema\\\/logo\\\/image\\\/\",\"url\":\"https:\\\/\\\/iwell-guard.com\\\/wp-content\\\/uploads\\\/2026\\\/05\\\/Ittermann-Logo-1182x237-1.png\",\"contentUrl\":\"https:\\\/\\\/iwell-guard.com\\\/wp-content\\\/uploads\\\/2026\\\/05\\\/Ittermann-Logo-1182x237-1.png\",\"width\":1182,\"height\":237,\"caption\":\"Ittermann electronic GmbH\"},\"image\":{\"@id\":\"https:\\\/\\\/iwell-guard.com\\\/ca\\\/#\\\/schema\\\/logo\\\/image\\\/\"},\"sameAs\":[\"https:\\\/\\\/pantip.com\\\/profile\\\/9367242\",\"https:\\\/\\\/micro.blog\\\/iwellguard\",\"https:\\\/\\\/www.diggerslist.com\\\/iwellguard\\\/about\",\"https:\\\/\\\/skitterphoto.com\\\/photographers\\\/2870314\\\/iwell-guard\",\"https:\\\/\\\/iwellguard.wordpress.com\\\/2026\\\/06\\\/06\\\/iwell-guard\\\/\",\"https:\\\/\\\/hub.docker.com\\\/u\\\/iwellguard\",\"https:\\\/\\\/www.pinterest.com\\\/iwellguard\\\/\",\"https:\\\/\\\/bit.ly\\\/m\\\/iwellguard\",\"https:\\\/\\\/entre-vos-mains.alsace.eu\\\/profiles\\\/iwellguard\\\/activity\",\"https:\\\/\\\/gravatar.com\\\/reallybeded8fd34\",\"https:\\\/\\\/naijamatta.com\\\/iwellguard\",\"https:\\\/\\\/www.goodreads.com\\\/iwellguard\",\"https:\\\/\\\/profile.hatena.ne.jp\\\/iwellguard\\\/\",\"https:\\\/\\\/experiment.com\\\/users\\\/iwellguard\",\"https:\\\/\\\/wakelet.com\\\/@iWellGuard82270\",\"https:\\\/\\\/www.chordie.com\\\/forum\\\/profile.php?id=2555664\",\"https:\\\/\\\/www.instapaper.com\\\/p\\\/17757966\",\"https:\\\/\\\/www.mapleprimes.com\\\/users\\\/iwellguard\",\"https:\\\/\\\/businesslistingplus.com\\\/profile\\\/iwell-guard\\\/\",\"https:\\\/\\\/telegra.ph\\\/iWell-Guard-06-06\",\"https:\\\/\\\/pbase.com\\\/iwellguard\\\/iwellguard\",\"https:\\\/\\\/b.hatena.ne.jp\\\/iwellguard\\\/20260607#bookmark-4788405196491818882\",\"https:\\\/\\\/fliphtml5.com\\\/home\\\/iwellguard\",\"https:\\\/\\\/anyflip.com\\\/homepage\\\/cmiwl#About\",\"https:\\\/\\\/transfur.com\\\/Users\\\/iwellguard\",\"http:\\\/\\\/delphi.larsbo.org\\\/user\\\/iwellguard\",\"https:\\\/\\\/jobs.lajobsportal.org\\\/profiles\\\/8380803-iwell-guard\",\"https:\\\/\\\/md.chaosdorf.de\\\/s\\\/jfbe5SBdJD\",\"https:\\\/\\\/www.lingvolive.com\\\/en-us\\\/profile\\\/9ecaeaca-ce11-4e51-9e71-01d55e2bff36\\\/translations\",\"https:\\\/\\\/www.fitday.com\\\/fitness\\\/forums\\\/members\\\/iwellguard.html\",\"https:\\\/\\\/www.mymeetbook.com\\\/iwellguard\",\"https:\\\/\\\/pxhere.com\\\/en\\\/photographer-me\\\/5040798\",\"https:\\\/\\\/disqus.com\\\/by\\\/iwellguard\\\/about\\\/\",\"https:\\\/\\\/pastelink.net\\\/hjwciqwq\",\"https:\\\/\\\/pubhtml5.com\\\/homepage\\\/scjhn\\\/\",\"https:\\\/\\\/www.bitchute.com\\\/channel\\\/2O2eOKzNqujT\",\"https:\\\/\\\/audiomack.com\\\/iwellguard\"]},{\"@type\":\"Article\",\"@id\":\"https:\\\/\\\/iwell-guard.com\\\/ca\\\/asmodai\\\/#article\",\"isPartOf\":{\"@id\":\"https:\\\/\\\/iwell-guard.com\\\/ca\\\/asmodai\\\/\"},\"author\":{\"name\":\"Ralf Ittermann\",\"@id\":\"https:\\\/\\\/iwell-guard.com\\\/ca\\\/#\\\/schema\\\/person\\\/ee2a27f1cac3406c7c6fb5820cb7349f\"},\"headline\":\"Asmodai\",\"datePublished\":\"2026-09-05T15:38:45+00:00\",\"dateModified\":\"2026-09-05T15:55:48+00:00\",\"mainEntityOfPage\":{\"@id\":\"https:\\\/\\\/iwell-guard.com\\\/ca\\\/asmodai\\\/\"},\"publisher\":{\"@id\":\"https:\\\/\\\/iwell-guard.com\\\/ca\\\/#organization\"},\"image\":{\"@id\":\"https:\\\/\\\/iwell-guard.com\\\/ca\\\/asmodai\\\/#primaryimage\"},\"thumbnailUrl\":\"https:\\\/\\\/iwell-guard.com\\\/wp-content\\\/uploads\\\/2026\\\/04\\\/daemonen_judentum_asmodai.webp\",\"inLanguage\":\"ca\",\"description\":\"Asmodai, rei dels dimonis: un governant entre el Tobit, el Talmud i el grimori. Sefer Raziel, Pseudo-Salom\u00f3 i la seva recepci\u00f3 cristiana.\"}]}<\/script>\n<!-- \/ Yoast SEO Premium plugin. -->","yoast_head_json":{"title":"Asmodai \u2013 Rei dels dimonis del Tobit i el Testament de Salom\u00f3","description":"Asmodai, rei dels dimonis: un governant entre el Tobit, el Talmud i el grimori. Sefer Raziel, Pseudo-Salom\u00f3 i la seva recepci\u00f3 cristiana.","robots":{"index":"index","follow":"follow","max-snippet":"max-snippet:-1","max-image-preview":"max-image-preview:large","max-video-preview":"max-video-preview:-1"},"canonical":"https:\/\/iwell-guard.com\/ca\/asmodai\/","og_locale":"ca_ES","og_type":"article","og_title":"Asmodai","og_description":"Asmodai, rei dels dimonis: un governant entre el Tobit, el Talmud i el grimori. Sefer Raziel, Pseudo-Salom\u00f3 i la seva recepci\u00f3 cristiana.","og_url":"https:\/\/iwell-guard.com\/ca\/asmodai\/","og_site_name":"iWell Guard","article_modified_time":"2026-09-05T15:55:48+00:00","og_image":[{"width":1024,"height":1536,"url":"https:\/\/iwell-guard.com\/wp-content\/uploads\/2026\/04\/daemonen_judentum_asmodai.webp","type":"image\/webp"}],"twitter_card":"summary_large_image","schema":{"@context":"https:\/\/schema.org","@graph":[{"@type":"Article","@id":"https:\/\/iwell-guard.com\/ca\/asmodai\/#article","isPartOf":{"@id":"https:\/\/iwell-guard.com\/ca\/asmodai\/"},"author":{"name":"Ralf Ittermann","@id":"https:\/\/iwell-guard.com\/ca\/#\/schema\/person\/ee2a27f1cac3406c7c6fb5820cb7349f"},"headline":"Asmodai","datePublished":"2026-09-05T15:38:45+00:00","dateModified":"2026-09-05T15:55:48+00:00","mainEntityOfPage":{"@id":"https:\/\/iwell-guard.com\/ca\/asmodai\/"},"publisher":{"@id":"https:\/\/iwell-guard.com\/ca\/#organization"},"image":{"@id":"https:\/\/iwell-guard.com\/ca\/asmodai\/#primaryimage"},"thumbnailUrl":"https:\/\/iwell-guard.com\/wp-content\/uploads\/2026\/04\/daemonen_judentum_asmodai.webp","inLanguage":"ca","description":"Asmodai, rei dels dimonis: un governant entre el Tobit, el Talmud i el grimori. Sefer Raziel, Pseudo-Salom\u00f3 i la seva recepci\u00f3 cristiana."},{"@type":"WebPage","@id":"https:\/\/iwell-guard.com\/ca\/asmodai\/","url":"https:\/\/iwell-guard.com\/ca\/asmodai\/","name":"Asmodai \u2013 Rei dels dimonis del Tobit i el Testament de Salom\u00f3","isPartOf":{"@id":"https:\/\/iwell-guard.com\/ca\/#website"},"primaryImageOfPage":{"@id":"https:\/\/iwell-guard.com\/ca\/asmodai\/#primaryimage"},"image":{"@id":"https:\/\/iwell-guard.com\/ca\/asmodai\/#primaryimage"},"thumbnailUrl":"https:\/\/iwell-guard.com\/wp-content\/uploads\/2026\/04\/daemonen_judentum_asmodai.webp","datePublished":"2026-09-05T15:38:45+00:00","dateModified":"2026-09-05T15:55:48+00:00","description":"Asmodai, rei dels dimonis: un governant entre el Tobit, el Talmud i el grimori. Sefer Raziel, Pseudo-Salom\u00f3 i la seva recepci\u00f3 cristiana.","breadcrumb":{"@id":"https:\/\/iwell-guard.com\/ca\/asmodai\/#breadcrumb"},"inLanguage":"ca","potentialAction":[{"@type":"ReadAction","target":["https:\/\/iwell-guard.com\/ca\/asmodai\/"]}]},{"@type":"ImageObject","inLanguage":"ca","@id":"https:\/\/iwell-guard.com\/ca\/asmodai\/#primaryimage","url":"https:\/\/iwell-guard.com\/wp-content\/uploads\/2026\/04\/daemonen_judentum_asmodai.webp","contentUrl":"https:\/\/iwell-guard.com\/wp-content\/uploads\/2026\/04\/daemonen_judentum_asmodai.webp","width":1024,"height":1536,"caption":"Dimonis de la tradici\u00f3 del judaisme."},{"@type":"BreadcrumbList","@id":"https:\/\/iwell-guard.com\/ca\/asmodai\/#breadcrumb","itemListElement":[{"@type":"ListItem","position":1,"name":"Start","item":"https:\/\/iwell-guard.com\/ca\/?page_id=171333"},{"@type":"ListItem","position":2,"name":"Asmodai"}]},{"@type":"WebSite","@id":"https:\/\/iwell-guard.com\/ca\/#website","url":"https:\/\/iwell-guard.com\/ca\/","name":"iWell Guard","description":"Schutz vor dunklen Einfl\u00fcssen","publisher":{"@id":"https:\/\/iwell-guard.com\/ca\/#organization"},"potentialAction":[{"@type":"SearchAction","target":{"@type":"EntryPoint","urlTemplate":"https:\/\/iwell-guard.com\/ca\/?s={search_term_string}"},"query-input":{"@type":"PropertyValueSpecification","valueRequired":true,"valueName":"search_term_string"}}],"inLanguage":"ca"},{"@type":"Organization","@id":"https:\/\/iwell-guard.com\/ca\/#organization","name":"Ittermann electronic GmbH","url":"https:\/\/iwell-guard.com\/ca\/","logo":{"@type":"ImageObject","inLanguage":"ca","@id":"https:\/\/iwell-guard.com\/ca\/#\/schema\/logo\/image\/","url":"https:\/\/iwell-guard.com\/wp-content\/uploads\/2026\/05\/Ittermann-Logo-1182x237-1.png","contentUrl":"https:\/\/iwell-guard.com\/wp-content\/uploads\/2026\/05\/Ittermann-Logo-1182x237-1.png","width":1182,"height":237,"caption":"Ittermann electronic GmbH"},"image":{"@id":"https:\/\/iwell-guard.com\/ca\/#\/schema\/logo\/image\/"},"sameAs":["https:\/\/pantip.com\/profile\/9367242","https:\/\/micro.blog\/iwellguard","https:\/\/www.diggerslist.com\/iwellguard\/about","https:\/\/skitterphoto.com\/photographers\/2870314\/iwell-guard","https:\/\/iwellguard.wordpress.com\/2026\/06\/06\/iwell-guard\/","https:\/\/hub.docker.com\/u\/iwellguard","https:\/\/www.pinterest.com\/iwellguard\/","https:\/\/bit.ly\/m\/iwellguard","https:\/\/entre-vos-mains.alsace.eu\/profiles\/iwellguard\/activity","https:\/\/gravatar.com\/reallybeded8fd34","https:\/\/naijamatta.com\/iwellguard","https:\/\/www.goodreads.com\/iwellguard","https:\/\/profile.hatena.ne.jp\/iwellguard\/","https:\/\/experiment.com\/users\/iwellguard","https:\/\/wakelet.com\/@iWellGuard82270","https:\/\/www.chordie.com\/forum\/profile.php?id=2555664","https:\/\/www.instapaper.com\/p\/17757966","https:\/\/www.mapleprimes.com\/users\/iwellguard","https:\/\/businesslistingplus.com\/profile\/iwell-guard\/","https:\/\/telegra.ph\/iWell-Guard-06-06","https:\/\/pbase.com\/iwellguard\/iwellguard","https:\/\/b.hatena.ne.jp\/iwellguard\/20260607#bookmark-4788405196491818882","https:\/\/fliphtml5.com\/home\/iwellguard","https:\/\/anyflip.com\/homepage\/cmiwl#About","https:\/\/transfur.com\/Users\/iwellguard","http:\/\/delphi.larsbo.org\/user\/iwellguard","https:\/\/jobs.lajobsportal.org\/profiles\/8380803-iwell-guard","https:\/\/md.chaosdorf.de\/s\/jfbe5SBdJD","https:\/\/www.lingvolive.com\/en-us\/profile\/9ecaeaca-ce11-4e51-9e71-01d55e2bff36\/translations","https:\/\/www.fitday.com\/fitness\/forums\/members\/iwellguard.html","https:\/\/www.mymeetbook.com\/iwellguard","https:\/\/pxhere.com\/en\/photographer-me\/5040798","https:\/\/disqus.com\/by\/iwellguard\/about\/","https:\/\/pastelink.net\/hjwciqwq","https:\/\/pubhtml5.com\/homepage\/scjhn\/","https:\/\/www.bitchute.com\/channel\/2O2eOKzNqujT","https:\/\/audiomack.com\/iwellguard"]},{"@type":"Person","@id":"https:\/\/iwell-guard.com\/ca\/#\/schema\/person\/ee2a27f1cac3406c7c6fb5820cb7349f","name":"Ralf Ittermann","image":{"@type":"ImageObject","inLanguage":"ca","@id":"https:\/\/secure.gravatar.com\/avatar\/073c0153e350a5005b68eb752b445fea71f6b24a26da9449ad7e155e6b446c9d?s=96&d=mm&r=g","url":"https:\/\/secure.gravatar.com\/avatar\/073c0153e350a5005b68eb752b445fea71f6b24a26da9449ad7e155e6b446c9d?s=96&d=mm&r=g","contentUrl":"https:\/\/secure.gravatar.com\/avatar\/073c0153e350a5005b68eb752b445fea71f6b24a26da9449ad7e155e6b446c9d?s=96&d=mm&r=g","caption":"Ralf Ittermann"},"givenName":"Ralf","familyName":"Ittermann","jobTitle":"Gesch\u00e4ftsf\u00fchrer und redaktioneller Verantwortlicher","url":"https:\/\/iwell-guard.com\/ca\/author\/claude\/","description":"Ralf Ittermann ist Gesch\u00e4ftsf\u00fchrer der Ittermann electronic GmbH und redaktioneller Verantwortlicher des iWell-Guard-Lexikons. Er verbindet langj\u00e4hrige Erfahrung in der Pr\u00e4zisionsfertigung mit medialer Praxis und religionsgeschichtlicher Quellenarbeit.","worksFor":{"@type":"Organization","name":"Ittermann electronic GmbH","url":"https:\/\/ittermann.de\/","address":{"@type":"PostalAddress","streetAddress":"K\u00f6hlergasse 16-18","postalCode":"99842","addressLocality":"Ruhla","addressCountry":"DE"}},"knowsAbout":["Religionsgeschichte","Mythologie","Mediale Praxis","Energetische Diagnostik","Schutzpraxis","Volksglauben","Westliche Esoterik"]},{"@type":"Article","@id":"https:\/\/iwell-guard.com\/ca\/asmodai\/#article","isPartOf":{"@id":"https:\/\/iwell-guard.com\/ca\/asmodai\/"},"author":{"name":"Ralf Ittermann","@id":"https:\/\/iwell-guard.com\/ca\/#\/schema\/person\/ee2a27f1cac3406c7c6fb5820cb7349f"},"headline":"Asmodai","datePublished":"2026-09-05T15:38:45+00:00","dateModified":"2026-09-05T15:55:48+00:00","mainEntityOfPage":{"@id":"https:\/\/iwell-guard.com\/ca\/asmodai\/"},"publisher":{"@id":"https:\/\/iwell-guard.com\/ca\/#organization"},"image":{"@id":"https:\/\/iwell-guard.com\/ca\/asmodai\/#primaryimage"},"thumbnailUrl":"https:\/\/iwell-guard.com\/wp-content\/uploads\/2026\/04\/daemonen_judentum_asmodai.webp","inLanguage":"ca","description":"Asmodai, rei dels dimonis: un governant entre el Tobit, el Talmud i el grimori. Sefer Raziel, Pseudo-Salom\u00f3 i la seva recepci\u00f3 cristiana."}]}},"_links":{"self":[{"href":"https:\/\/iwell-guard.com\/ca\/wp-json\/wp\/v2\/pages\/171361","targetHints":{"allow":["GET"]}}],"collection":[{"href":"https:\/\/iwell-guard.com\/ca\/wp-json\/wp\/v2\/pages"}],"about":[{"href":"https:\/\/iwell-guard.com\/ca\/wp-json\/wp\/v2\/types\/page"}],"author":[{"embeddable":true,"href":"https:\/\/iwell-guard.com\/ca\/wp-json\/wp\/v2\/users\/3"}],"replies":[{"embeddable":true,"href":"https:\/\/iwell-guard.com\/ca\/wp-json\/wp\/v2\/comments?post=171361"}],"version-history":[{"count":0,"href":"https:\/\/iwell-guard.com\/ca\/wp-json\/wp\/v2\/pages\/171361\/revisions"}],"wp:featuredmedia":[{"embeddable":true,"href":"https:\/\/iwell-guard.com\/ca\/wp-json\/wp\/v2\/media\/1668"}],"wp:attachment":[{"href":"https:\/\/iwell-guard.com\/ca\/wp-json\/wp\/v2\/media?parent=171361"}],"wp:term":[{"taxonomy":"category","embeddable":true,"href":"https:\/\/iwell-guard.com\/ca\/wp-json\/wp\/v2\/categories?post=171361"}],"curies":[{"name":"wp","href":"https:\/\/api.w.org\/{rel}","templated":true}]}}