{"id":171360,"date":"2026-09-05T15:38:44","date_gmt":"2026-09-05T15:38:44","guid":{"rendered":"https:\/\/iwell-guard.com\/?page_id=171360"},"modified":"2026-09-05T15:55:47","modified_gmt":"2026-09-05T15:55:47","slug":"lilith","status":"publish","type":"page","link":"https:\/\/iwell-guard.com\/ca\/lilith\/","title":{"rendered":"Lilith"},"content":{"rendered":"\t\t<div data-elementor-type=\"wp-page\" data-elementor-id=\"171360\" class=\"elementor elementor-171360 elementor-849\" data-elementor-post-type=\"page\">\n\t\t\t\t<div class=\"elementor-element elementor-element-10fdade e-flex e-con-boxed e-con e-parent\" data-id=\"10fdade\" data-element_type=\"container\" data-e-type=\"container\" data-settings=\"{&quot;background_background&quot;:&quot;classic&quot;}\">\n\t\t\t\t\t<div class=\"e-con-inner\">\n\t\t<div class=\"elementor-element elementor-element-herohlft0 e-flex e-con-boxed e-con e-child\" data-id=\"herohlft0\" data-element_type=\"container\" data-e-type=\"container\">\n\t\t\t\t\t<div class=\"e-con-inner\">\n\t\t<div class=\"elementor-element elementor-element-c3ceb64 e-con-full e-flex e-con e-child\" data-id=\"c3ceb64\" data-element_type=\"container\" data-e-type=\"container\">\n\t\t\t\t<div class=\"elementor-element elementor-element-96ae5e1 elementor-widget elementor-widget-heading\" data-id=\"96ae5e1\" data-element_type=\"widget\" data-e-type=\"widget\" data-widget_type=\"heading.default\">\n\t\t\t\t\t<h1 class=\"elementor-heading-title elementor-size-default\">Lilith, dimoni de la tradici\u00f3 jueva<\/h1>\t\t\t\t<\/div>\n\t\t\t\t<div class=\"elementor-element elementor-element-e45238a elementor-widget elementor-widget-text-editor\" data-id=\"e45238a\" data-element_type=\"widget\" data-e-type=\"widget\" data-widget_type=\"text-editor.default\">\n\t\t\t\t\t\t\t\t\t<p><strong>Figura nocturna entre el desert, el part i la <span class=\"iwg-fachbegriff\" tabindex=\"0\" data-tooltip=\"M\u00edstica jueva amb obres principals com el Sefer Yetzir\u00e0, el Zohar i l'escola luri\u00e0nica; doctrina de les Sefirot, el Tetragrama i el Tikkun.\">Cabala<\/span>.<\/strong><\/p>\t\t\t\t\t\t\t\t<\/div>\n\t\t\t\t<\/div>\n\t\t<div class=\"elementor-element elementor-element-klsbdg01 e-con-full e-flex e-con e-parent\" data-id=\"klsbdg01\" data-element_type=\"container\" data-e-type=\"container\">\n\t\t\t\t<div class=\"elementor-element elementor-element-klshtm01 elementor-widget elementor-widget-html\" data-id=\"klshtm01\" data-element_type=\"widget\" data-e-type=\"widget\" data-widget_type=\"html.default\">\n\t\t\t\t\t<div class=\"iwg-pill-row\"><span class=\"iwg-klasse-badge\" tabindex=\"0\" data-tooltip=\"Dimoni: \u00e9sser sobrenatural amb efectes majorit\u00e0riament nocius o ambivalents. Se situa entre d\u00e9us i humans, provoca malaltia, temptaci\u00f3 o desgr\u00e0cia, i s'allunya mitjan\u00e7ant conjurs, amulets apotropaics i rituals.\">Dimoni<\/span><a href=\"https:\/\/iwell-guard.com\/ca\/judaisme\/\" class=\"iwg-kultur-badge\" tabindex=\"0\" data-tooltip=\"Tradici\u00f3 de fe jueva des del Tanakh fins a la Cabala i la m\u00edstica moderna.\">Judaisme<\/a><\/div>\t\t\t\t<\/div>\n\t\t\t\t<\/div>\n\t\t<div class=\"elementor-element elementor-element-3f74855 e-con-full e-flex e-con e-child\" data-id=\"3f74855\" data-element_type=\"container\" data-e-type=\"container\">\n\t\t\t\t<div class=\"elementor-element elementor-element-1c30362 elementor-toc--minimized-on-tablet elementor-widget elementor-widget-table-of-contents\" data-id=\"1c30362\" data-element_type=\"widget\" data-e-type=\"widget\" data-settings=\"{&quot;exclude_headings_by_selector&quot;:[],&quot;no_headings_message&quot;:&quot;No s&#039;ha trobat cap encap\\u00e7alament en aquesta p\\u00e0gina.&quot;,&quot;headings_by_tags&quot;:[&quot;h2&quot;,&quot;h3&quot;],&quot;marker_view&quot;:&quot;bullets&quot;,&quot;icon&quot;:{&quot;value&quot;:&quot;fas fa-circle&quot;,&quot;library&quot;:&quot;fa-solid&quot;,&quot;rendered_tag&quot;:&quot;&lt;svg class=\\&quot;e-font-icon-svg e-fas-circle\\&quot; viewBox=\\&quot;0 0 512 512\\&quot; xmlns=\\&quot;http:\\\/\\\/www.w3.org\\\/2000\\\/svg\\&quot;&gt;&lt;path d=\\&quot;M256 8C119 8 8 119 8 256s111 248 248 248 248-111 248-248S393 8 256 8z\\&quot;&gt;&lt;\\\/path&gt;&lt;\\\/svg&gt;&quot;},&quot;minimize_box&quot;:&quot;yes&quot;,&quot;minimized_on&quot;:&quot;tablet&quot;,&quot;hierarchical_view&quot;:&quot;yes&quot;,&quot;min_height&quot;:{&quot;unit&quot;:&quot;px&quot;,&quot;size&quot;:&quot;&quot;,&quot;sizes&quot;:[]},&quot;min_height_tablet&quot;:{&quot;unit&quot;:&quot;px&quot;,&quot;size&quot;:&quot;&quot;,&quot;sizes&quot;:[]},&quot;min_height_mobile&quot;:{&quot;unit&quot;:&quot;px&quot;,&quot;size&quot;:&quot;&quot;,&quot;sizes&quot;:[]}}\" data-widget_type=\"table-of-contents.default\">\n\t\t\t\t\t\t\t\t\t<div class=\"elementor-toc__header\">\n\t\t\t\t\t\t<h2 class=\"elementor-toc__header-title\">\n\t\t\t\t\u00cdndex\t\t\t<\/h2>\n\t\t\t\t\t\t\t\t\t\t<div class=\"elementor-toc__toggle-button elementor-toc__toggle-button--expand\" role=\"button\" tabindex=\"0\" aria-controls=\"elementor-toc__1c30362\" aria-expanded=\"true\" aria-label=\"Open table of contents\"><svg aria-hidden=\"true\" class=\"e-font-icon-svg e-fas-chevron-down\" viewBox=\"0 0 448 512\" xmlns=\"http:\/\/www.w3.org\/2000\/svg\"><path d=\"M207.029 381.476L12.686 187.132c-9.373-9.373-9.373-24.569 0-33.941l22.667-22.667c9.357-9.357 24.522-9.375 33.901-.04L224 284.505l154.745-154.021c9.379-9.335 24.544-9.317 33.901.04l22.667 22.667c9.373 9.373 9.373 24.569 0 33.941L240.971 381.476c-9.373 9.372-24.569 9.372-33.942 0z\"><\/path><\/svg><\/div>\n\t\t\t\t<div class=\"elementor-toc__toggle-button elementor-toc__toggle-button--collapse\" role=\"button\" tabindex=\"0\" aria-controls=\"elementor-toc__1c30362\" aria-expanded=\"true\" aria-label=\"Close table of contents\"><svg aria-hidden=\"true\" class=\"e-font-icon-svg e-fas-chevron-up\" viewBox=\"0 0 448 512\" xmlns=\"http:\/\/www.w3.org\/2000\/svg\"><path d=\"M240.971 130.524l194.343 194.343c9.373 9.373 9.373 24.569 0 33.941l-22.667 22.667c-9.357 9.357-24.522 9.375-33.901.04L224 227.495 69.255 381.516c-9.379 9.335-24.544 9.317-33.901-.04l-22.667-22.667c-9.373-9.373-9.373-24.569 0-33.941L207.03 130.525c9.372-9.373 24.568-9.373 33.941-.001z\"><\/path><\/svg><\/div>\n\t\t\t\t\t<\/div>\n\t\t\t\t<div id=\"elementor-toc__1c30362\" class=\"elementor-toc__body\">\n\t\t\t<div class=\"elementor-toc__spinner-container\">\n\t\t\t\t<svg class=\"elementor-toc__spinner eicon-animation-spin e-font-icon-svg e-eicon-loading\" aria-hidden=\"true\" viewBox=\"0 0 1000 1000\" xmlns=\"http:\/\/www.w3.org\/2000\/svg\"><path d=\"M500 975V858C696 858 858 696 858 500S696 142 500 142 142 304 142 500H25C25 237 238 25 500 25S975 237 975 500 763 975 500 975Z\"><\/path><\/svg>\t\t\t<\/div>\n\t\t<\/div>\n\t\t\t\t\t\t<\/div>\n\t\t\t\t<\/div>\n\t\t\t\t\t<\/div>\n\t\t\t\t<\/div>\n\t\t<div class=\"elementor-element elementor-element-herorght0 e-con-full e-flex e-con e-child\" data-id=\"herorght0\" data-element_type=\"container\" data-e-type=\"container\">\n\t\t\t\t<div class=\"elementor-element elementor-element-heroimg00 iwg-hero-image elementor-widget elementor-widget-image\" data-id=\"heroimg00\" data-element_type=\"widget\" data-e-type=\"widget\" data-widget_type=\"image.default\">\n\t\t\t\t\t\t\t\t\t\t\t\t\t\t\t<img fetchpriority=\"high\" decoding=\"async\" width=\"683\" height=\"1024\" src=\"https:\/\/iwell-guard.com\/wp-content\/uploads\/2026\/04\/daemonen_judentum_lilith-683x1024.webp\" class=\"attachment-large size-large wp-image-1607\" alt=\"Lilith\" srcset=\"https:\/\/iwell-guard.com\/wp-content\/uploads\/2026\/04\/daemonen_judentum_lilith-683x1024.webp 683w, https:\/\/iwell-guard.com\/wp-content\/uploads\/2026\/04\/daemonen_judentum_lilith-200x300.webp 200w, https:\/\/iwell-guard.com\/wp-content\/uploads\/2026\/04\/daemonen_judentum_lilith-768x1152.webp 768w, https:\/\/iwell-guard.com\/wp-content\/uploads\/2026\/04\/daemonen_judentum_lilith.webp 1024w\" sizes=\"(max-width: 683px) 100vw, 683px\" \/>\t\t\t\t\t\t\t\t\t\t\t\t\t\t\t<\/div>\n\t\t\t\t<\/div>\n\t\t\t\t\t<\/div>\n\t\t\t\t<\/div>\n\t\t<div class=\"elementor-element elementor-element-32917199 e-flex e-con-boxed e-con e-parent\" data-id=\"32917199\" data-element_type=\"container\" data-e-type=\"container\">\n\t\t\t\t\t<div class=\"e-con-inner\">\n\t\t<div class=\"elementor-element elementor-element-26e916cb e-flex e-con-boxed e-con e-child\" data-id=\"26e916cb\" data-element_type=\"container\" data-e-type=\"container\">\n\t\t\t\t\t<div class=\"e-con-inner\">\n\t\t<div class=\"elementor-element elementor-element-253a40d4 e-flex e-con-boxed e-con e-child\" data-id=\"253a40d4\" data-element_type=\"container\" data-e-type=\"container\">\n\t\t\t\t\t<div class=\"e-con-inner\">\n\t\t\t\t<div class=\"elementor-element elementor-element-1200c304 elementor-widget elementor-widget-heading\" data-id=\"1200c304\" data-element_type=\"widget\" data-e-type=\"widget\" data-widget_type=\"heading.default\">\n\t\t\t\t\t<div class=\"elementor-heading-title elementor-size-default\">Lilith<\/div>\t\t\t\t<\/div>\n\t\t\t\t<div class=\"elementor-element elementor-element-11758e7f elementor-widget elementor-widget-text-editor\" data-id=\"11758e7f\" data-element_type=\"widget\" data-e-type=\"widget\" data-widget_type=\"text-editor.default\">\n\t\t\t\t\t\t\t\t\t<p>Lilith \u00e9s la dimoni nocturna m\u00e9s influent de la literatura judeo-rab\u00ednica i, en la seva forma, es remunta als dimonis del vent acadis <a href=\"https:\/\/iwell-guard.com\/ca\/lilu-i-lilitu\/\">Lil\u00fb i Lil\u012btu<\/a>. Des del versicle b\u00edblic \u00fanic d&#8217;Isa\u00efes 34,14, passant per diversos passatges del <span class=\"iwg-fachbegriff\" tabindex=\"0\" data-tooltip=\"Obra principal del judaisme rab\u00ednic, en versi\u00f3 babil\u00f2nica i jerosolimitana; cont\u00e9 la Mixn\u00e0 i la Guemar\u00e0.\">Talmud<\/span> i l&#8217;Alfabet medieval de Ben Sira, fins al relat cabal\u00edstic d&#8217;Adam i Lilith, es transforma en la primera dona d&#8217;Adam, que es nega a la seva subordinaci\u00f3.<\/p><p>En la creen\u00e7a popular, va seguir sent una amena\u00e7a per a les pu\u00e8rperes i els nadons fins ben entrada l&#8217;edat moderna; en la <span class=\"iwg-fachbegriff\" data-tooltip=\"La doctrina cient\u00edfica sobre D\u00e9u i la fe d'una religi\u00f3.\" tabindex=\"0\">teologia<\/span> moderna, des dels anys 1970 es rellegeix com a figura feminista contraposada a Eva.<\/p>\t\t\t\t\t\t\t\t<\/div>\n\t\t\t\t\t<\/div>\n\t\t\t\t<\/div>\n\t\t<div class=\"elementor-element elementor-element-159dcf9a e-flex e-con-boxed e-con e-child\" data-id=\"159dcf9a\" data-element_type=\"container\" data-e-type=\"container\">\n\t\t\t\t\t<div class=\"e-con-inner\">\n\t\t\t\t<div class=\"elementor-element elementor-element-48cee66f elementor-widget elementor-widget-heading\" data-id=\"48cee66f\" data-element_type=\"widget\" data-e-type=\"widget\" data-widget_type=\"heading.default\">\n\t\t\t\t\t<h2 class=\"elementor-heading-title elementor-size-default\">Perfil breu: Lilith<\/h2>\t\t\t\t<\/div>\n\t\t\t\t<div class=\"elementor-element elementor-element-3f50d82c elementor-widget elementor-widget-text-editor\" data-id=\"3f50d82c\" data-element_type=\"widget\" data-e-type=\"widget\" data-widget_type=\"text-editor.default\">\n\t\t\t\t\t\t\t\t\t<p><strong>Tipus:<\/strong> Dimoni nocturna, figura contraposada al part, figura d&#8217;ombra cabal\u00edstica<br>Origen: Tradici\u00f3 babiloni-aramea, desenvolupament rab\u00ednic-cabal\u00edstic<br>Textos: Is 34,14; <span class=\"iwg-fachbegriff\" tabindex=\"0\" data-tooltip=\"Obra principal del judaisme rab\u00ednic, en versi\u00f3 babil\u00f2nica i jerosolimitana; cont\u00e9 la Mixn\u00e0 i la Guemar\u00e0.\">Talmud<\/span>; bols m\u00e0gics aramaics; Alfabet de Ben Sira; Zohar<br>Per\u00edode: Des de l&#8217;\u00e8poca preex\u00edlica fins a l&#8217;actualitat<br>Difusi\u00f3: Babil\u00f2nia, Palestina, di\u00e0spora arreu del m\u00f3n<br>Protecci\u00f3: Amulets amb noms d&#8217;\u00e0ngels per al part, m\u00e0gia de noms, f\u00f3rmules rituals de protecci\u00f3 en el naixement<\/p>\t\t\t\t\t\t\t\t<\/div>\n\t\t\t\t\t<\/div>\n\t\t\t\t<\/div>\n\t\t\t\t\t<\/div>\n\t\t\t\t<\/div>\n\t\t\t\t\t<\/div>\n\t\t\t\t<\/div>\n\t\t<div class=\"elementor-element elementor-element-18613602 e-flex e-con-boxed e-con e-parent\" data-id=\"18613602\" data-element_type=\"container\" data-e-type=\"container\">\n\t\t\t\t\t<div class=\"e-con-inner\">\n\t\t\t\t<div class=\"elementor-element elementor-element-262b8a9f elementor-widget elementor-widget-heading\" data-id=\"262b8a9f\" data-element_type=\"widget\" data-e-type=\"widget\" data-widget_type=\"heading.default\">\n\t\t\t\t\t<h2 class=\"elementor-heading-title elementor-size-default\">Contextualitzaci\u00f3 hist\u00f2rica<\/h2>\t\t\t\t<\/div>\n\t\t<div class=\"elementor-element elementor-element-46dcb7d e-con-full e-flex e-con e-child\" data-id=\"46dcb7d\" data-element_type=\"container\" data-e-type=\"container\">\n\t\t<div class=\"elementor-element elementor-element-61d3ab3 e-flex e-con-boxed e-con e-child\" data-id=\"61d3ab3\" data-element_type=\"container\" data-e-type=\"container\">\n\t\t\t\t\t<div class=\"e-con-inner\">\n\t\t\t\t<div class=\"elementor-element elementor-element-117c166 elementor-widget elementor-widget-heading\" data-id=\"117c166\" data-element_type=\"widget\" data-e-type=\"widget\" data-widget_type=\"heading.default\">\n\t\t\t\t\t<div class=\"elementor-heading-title elementor-size-default\">Per\u00edode dels textos<\/div>\t\t\t\t<\/div>\n\t\t\t\t<div class=\"elementor-element elementor-element-73997a0 elementor-widget elementor-widget-text-editor\" data-id=\"73997a0\" data-element_type=\"widget\" data-e-type=\"widget\" data-widget_type=\"text-editor.default\">\n\t\t\t\t\t\t\t\t\t<p>El nom apareix al Tanakh nom\u00e9s una vegada (Is 34,14). Al <span class=\"iwg-fachbegriff\" data-tooltip=\"Obra principal del judaisme rab\u00ednic amb interpretaci\u00f3 de la tradici\u00f3 religiosa.\" tabindex=\"0\">Talmud<\/span>, Lilith apareix com a dimoni en diversos passatges (Eruvin 100b, Nid\u00e0 24b, Xabbat 151b).<\/p><p>Els bols m\u00e0gics aramaics (segles IV-VII dC) s\u00f3n una font central. L&#8217;<em>Alfabet de Ben Sira<\/em> (segles VIII-X) dona forma a la figura narrativa. El Zohar (segle XIII) sistematitza Lilith dins la <span class=\"iwg-fachbegriff\" tabindex=\"0\" data-tooltip=\"M\u00edstica jueva amb obres principals com el Sefer Yetzir\u00e0, el Zohar i l'escola luri\u00e0nica.\">Cabala<\/span>.<\/p><p><strong>Classificaci\u00f3 mitol\u00f2gica<\/strong><\/p><p>Lilith \u00e9s, en la <span class=\"iwg-fachbegriff\" tabindex=\"0\" data-tooltip=\"Corrent religi\u00f3s centrat en l'experi\u00e8ncia directa de D\u00e9u; central en les tradicions jueva, cristiana i isl\u00e0mica.\">m\u00edstica<\/span> jueva i les tradicions ocultes, un \u00e9sser femen\u00ed div\u00ed o demon\u00edac. Sovint es descriu com la primera dona d&#8217;Adam o la seva concubina demon\u00edaca. Encarna la rebel\u00b7lia contra l&#8217;ordre patriarcal. Lilith \u00e9s una figura complexa, reinterpretada com a dona aut\u00f2noma.<\/p>\t\t\t\t\t\t\t\t<\/div>\n\t\t\t\t\t<\/div>\n\t\t\t\t<\/div>\n\t\t<div class=\"elementor-element elementor-element-d47b156 e-flex e-con-boxed e-con e-child\" data-id=\"d47b156\" data-element_type=\"container\" data-e-type=\"container\">\n\t\t\t\t\t<div class=\"e-con-inner\">\n\t\t\t\t<div class=\"elementor-element elementor-element-ff38c2b elementor-widget elementor-widget-heading\" data-id=\"ff38c2b\" data-element_type=\"widget\" data-e-type=\"widget\" data-widget_type=\"heading.default\">\n\t\t\t\t\t<div class=\"elementor-heading-title elementor-size-default\">\u00c0rea de difusi\u00f3<\/div>\t\t\t\t<\/div>\n\t\t\t\t<div class=\"elementor-element elementor-element-4e49fcc elementor-widget elementor-widget-text-editor\" data-id=\"4e49fcc\" data-element_type=\"widget\" data-e-type=\"widget\" data-widget_type=\"text-editor.default\">\n\t\t\t\t\t\t\t\t\t<p>Babil\u00f2nia (imperi sass\u00e0nida) com a centre de la tradici\u00f3 dels bols m\u00e0gics; Palestina i el posterior \u00e0mbit cultural rab\u00ednic; di\u00e0spora medieval a Europa, el nord d&#8217;\u00c0frica i l&#8217;Orient Pr\u00f2xim. La recepci\u00f3 moderna abasta des de l&#8217;Europa de l&#8217;Est fins a Israel i les tradicions liter\u00e0ries i feministes de parla anglesa.<\/p>\t\t\t\t\t\t\t\t<\/div>\n\t\t\t\t\t<\/div>\n\t\t\t\t<\/div>\n\t\t\t\t<\/div>\n\t\t<div class=\"elementor-element elementor-element-db03c39 e-con-full e-flex e-con e-child\" data-id=\"db03c39\" data-element_type=\"container\" data-e-type=\"container\">\n\t\t<div class=\"elementor-element elementor-element-229a87b e-flex e-con-boxed e-con e-child\" data-id=\"229a87b\" data-element_type=\"container\" data-e-type=\"container\">\n\t\t\t\t\t<div class=\"e-con-inner\">\n\t\t\t\t<div class=\"elementor-element elementor-element-1f471fc elementor-widget elementor-widget-heading\" data-id=\"1f471fc\" data-element_type=\"widget\" data-e-type=\"widget\" data-widget_type=\"heading.default\">\n\t\t\t\t\t<div class=\"elementor-heading-title elementor-size-default\">Estat de les fonts<\/div>\t\t\t\t<\/div>\n\t\t\t\t<div class=\"elementor-element elementor-element-36b1201 elementor-widget elementor-widget-text-editor\" data-id=\"36b1201\" data-element_type=\"widget\" data-e-type=\"widget\" data-widget_type=\"text-editor.default\">\n\t\t\t\t\t\t\t\t\t<p>Extremadament rica i variada: menci\u00f3 b\u00edblica \u00fanica, literatura rab\u00ednica, bols m\u00e0gics aramaics (un gran nombre de textos inscrits), amulets medievals, textos cabal\u00edstics, manuals de m\u00e0gia popular, recepci\u00f3 liter\u00e0ria i esot\u00e8rica moderna. Probablement la figura individual m\u00e9s ben documentada de tota la hist\u00f2ria demonol\u00f2gica de la Mediterr\u00e0nia.<\/p>\t\t\t\t\t\t\t\t<\/div>\n\t\t\t\t\t<\/div>\n\t\t\t\t<\/div>\n\t\t\t\t<\/div>\n\t\t\t\t\t<\/div>\n\t\t\t\t<\/div>\n\t\t<div class=\"elementor-element elementor-element-3ae0637c e-flex e-con-boxed e-con e-parent\" data-id=\"3ae0637c\" data-element_type=\"container\" data-e-type=\"container\">\n\t\t\t\t\t<div class=\"e-con-inner\">\n\t\t\t\t<div class=\"elementor-element elementor-element-31d07739 elementor-widget elementor-widget-heading\" data-id=\"31d07739\" data-element_type=\"widget\" data-e-type=\"widget\" data-widget_type=\"heading.default\">\n\t\t\t\t\t<h2 class=\"elementor-heading-title elementor-size-default\">Nom<\/h2>\t\t\t\t<\/div>\n\t\t<div class=\"elementor-element elementor-element-b7642947 e-con-full e-flex e-con e-child\" data-id=\"b7642947\" data-element_type=\"container\" data-e-type=\"container\">\n\t\t\t\t<div class=\"elementor-element elementor-element-a086266 elementor-widget elementor-widget-text-editor\" data-id=\"a086266\" data-element_type=\"widget\" data-e-type=\"widget\" data-widget_type=\"text-editor.default\">\n\t\t\t\t\t\t\t\t\t<p><strong>Hebreu:<\/strong> <em>Lilith<\/em> (\u05dc\u05d9\u05dc\u05d9\u05ea), derivat de <em>layil<\/em>, \u00abnit\u00bb, segons l&#8217;etimologia popular; cient\u00edficament m\u00e9s aviat relacionat amb precedents babil\u00f2nics (<em>lil\u012btu<\/em>).<br>Arameu: <em>Lil\u012bt<\/em>, de vegades com a classe <em>Liliyot<\/em>.<br>Grec-llat\u00ed: <em>Lilith<\/em> (en textos judeo-hel\u00b7len\u00edstics); Vulgata a Is 34,14: <em>lamia<\/em>.<\/p><p>La identificaci\u00f3 de la Vulgata amb Lamia t\u00e9 conseq\u00fc\u00e8ncies importants pel que fa a la seva recepci\u00f3, ja que apropa la Lilith jueva a les dimonis del part grecoromanes. La <em>lil\u012btu<\/em> babil\u00f2nica comparteix amb Lilith l&#8217;arrel del nom i la funci\u00f3, per\u00f2 no n&#8217;\u00e9s una predecessora directa, sin\u00f3 una germana funcional.<\/p>\t\t\t\t\t\t\t\t<\/div>\n\t\t\t\t<\/div>\n\t\t\t\t\t<\/div>\n\t\t\t\t<\/div>\n\t\t<div class=\"elementor-element elementor-element-709a44a8 e-flex e-con-boxed e-con e-parent\" data-id=\"709a44a8\" data-element_type=\"container\" data-e-type=\"container\">\n\t\t\t\t\t<div class=\"e-con-inner\">\n\t\t\t\t<div class=\"elementor-element elementor-element-2f585873 elementor-widget elementor-widget-heading\" data-id=\"2f585873\" data-element_type=\"widget\" data-e-type=\"widget\" data-widget_type=\"heading.default\">\n\t\t\t\t\t<h2 class=\"elementor-heading-title elementor-size-default\">Caracter\u00edstiques<\/h2>\t\t\t\t<\/div>\n\t\t<div class=\"elementor-element elementor-element-70621c12 e-con-full e-flex e-con e-child\" data-id=\"70621c12\" data-element_type=\"container\" data-e-type=\"container\">\n\t\t\t\t<div class=\"elementor-element elementor-element-4296eb49 elementor-widget elementor-widget-text-editor\" data-id=\"4296eb49\" data-element_type=\"widget\" data-e-type=\"widget\" data-widget_type=\"text-editor.default\">\n\t\t\t\t\t\t\t\t\t<p><strong>Aparen\u00e7a<\/strong><\/p><p>Sovint representada com una dona alada, amb cabells llargs. En les copes m\u00e0giques aramees es mostra encadenada, com una figura ja sotmesa. En amulets medievals se la representa amb cadenes; en la iconografia cabal\u00edstica com a figura fosca de la Sitra Achra.<\/p><p><strong>Comportament<\/strong><\/p><p>Entra de nit a les cases, amena\u00e7a les dones embarassades, roba o mata nadons. En la dimensi\u00f3 er\u00f2tica: sedueix els que dormen, t\u00e9 relacions amb ells, engendra \u00abembarassos nocturns\u00bb infecunds. En l&#8217;\u00e0mbit de la <span class=\"iwg-fachbegriff\" tabindex=\"0\" data-tooltip=\"M\u00edstica jueva amb obres principals com el Sefer Yetzira, el Zohar i l'escola luri\u00e0nica.\">C\u00e0bala<\/span>: \u00e9s l&#8217;antagonista de la Xekhin\u00e0, esposa de Samael, sobirana de \u00abl&#8217;altre costat\u00bb.<\/p><p><strong>\u00c0mbit d&#8217;acci\u00f3<\/strong><\/p><p>La nit, l&#8217;alcova, el puerperi, indrets des\u00e8rtics allunyats. En l&#8217;ampliaci\u00f3 cabal\u00edstica: tot l&#8217;\u00e0mbit de la <em>Sitra Achra<\/em>, el reflex fosc del m\u00f3n div\u00ed.<\/p><p><strong>Origen mitol\u00f2gic<\/strong><\/p><p>Segons l&#8217;Alfabet de Ben Sira, primera dona d&#8217;Adam, creada de la mateixa terra. Es nega a sotmetre&#8217;s, pronuncia el nom de D\u00e9u i fuig.<\/p><p>Tres <span class=\"iwg-fachbegriff\" data-tooltip=\"En les religions abra\u00e0miques, un \u00e9sser missatger celestial de D\u00e9u.\" tabindex=\"0\">\u00e0ngels<\/span>, Sanoi, Sansanoi i Semangelof, s\u00f3n enviats a perseguir-la, per\u00f2 nom\u00e9s aconsegueixen que perdi cada dia cent dels seus propis fills. A canvi, ella es compromet a no tocar cap infant que porti un <span class=\"iwg-fachbegriff\" data-tooltip=\"Un objecte que es porta al cos i al qual s'atribueix un efecte protector contra el mal.\" tabindex=\"0\">amulet<\/span> amb els noms dels tres \u00e0ngels.<\/p><p><strong>Aparen\u00e7a i simbolisme<\/strong><\/p><p>Lilith sovint es representa com una dona bell\u00edssima i seductora amb cabells negres i llargs. De vegades t\u00e9 ales o cos d&#8217;ocell. Es mou amb eleg\u00e0ncia. Algunes tradicions la mostren amb banyes. La rosa negra, el mussol i la lluna s\u00f3n els seus s\u00edmbols. Irradia poder sexual.<\/p>\t\t\t\t\t\t\t\t<\/div>\n\t\t\t\t<\/div>\n\t\t\t\t\t<\/div>\n\t\t\t\t<\/div>\n\t\t<div class=\"elementor-element elementor-element-44e71476 e-flex e-con-boxed e-con e-parent\" data-id=\"44e71476\" data-element_type=\"container\" data-e-type=\"container\">\n\t\t\t\t\t<div class=\"e-con-inner\">\n\t\t\t\t<div class=\"elementor-element elementor-element-3c1fc3f0 elementor-widget elementor-widget-heading\" data-id=\"3c1fc3f0\" data-element_type=\"widget\" data-e-type=\"widget\" data-widget_type=\"heading.default\">\n\t\t\t\t\t<h2 class=\"elementor-heading-title elementor-size-default\">Fitxa: Lilith<\/h2>\t\t\t\t<\/div>\n\t\t<div class=\"elementor-element elementor-element-84f33b8e e-con-full e-flex e-con e-child\" data-id=\"84f33b8e\" data-element_type=\"container\" data-e-type=\"container\">\n\t\t\t\t<div class=\"elementor-element elementor-element-hqkdc67p elementor-widget elementor-widget-text-editor\" data-id=\"hqkdc67p\" data-element_type=\"widget\" data-e-type=\"widget\" data-widget_type=\"text-editor.default\">\n\t\t\t\t\t\t\t\t\t<p>Els aspectes m\u00e9s importants de Lilith d&#8217;un cop d&#8217;ull. Trobareu el desenvolupament sobre el nom, la descripci\u00f3, la protecci\u00f3 i els paral\u00b7lelismes en els apartats seg\u00fcents.<\/p>\t\t\t\t\t\t\t\t<\/div>\n\t\t\t\t<\/div>\n\t\t<div class=\"elementor-element elementor-element-pemmx7c5 e-con-full e-flex e-con e-child\" data-id=\"pemmx7c5\" data-element_type=\"container\" data-e-type=\"container\">\n\t\t<div class=\"elementor-element elementor-element-pemmx7c1 e-con-full e-flex e-con e-child\" data-id=\"pemmx7c1\" data-element_type=\"container\" data-e-type=\"container\">\n\t\t<div class=\"elementor-element elementor-element-qh9oavvu iwg-steckbrief-card e-flex e-con-boxed e-con e-child\" data-id=\"qh9oavvu\" data-element_type=\"container\" data-e-type=\"container\">\n\t\t\t\t\t<div class=\"e-con-inner\">\n\t\t\t\t<div class=\"elementor-element elementor-element-awzx8k2k elementor-widget elementor-widget-heading\" data-id=\"awzx8k2k\" data-element_type=\"widget\" data-e-type=\"widget\" data-widget_type=\"heading.default\">\n\t\t\t\t\t<div class=\"elementor-heading-title elementor-size-default\">L'origen de Lilith<\/div>\t\t\t\t<\/div>\n\t\t\t\t<div class=\"elementor-element elementor-element-x6rowhv0 elementor-widget elementor-widget-text-editor\" data-id=\"x6rowhv0\" data-element_type=\"widget\" data-e-type=\"widget\" data-widget_type=\"text-editor.default\">\n\t\t\t\t\t\t\t\t\t<p>El desert i la nit com a h\u00e0bitat original. Segons l&#8217;Alfabet de Ben Sira: primera dona d&#8217;Adam, fugitiva. En la <span class=\"iwg-fachbegriff\" data-tooltip=\"Corrent de la m\u00edstica jueva amb obres principals com el Sefer Yetzir\u00e0 i el Zohar.\" tabindex=\"0\">C\u00e0bala<\/span>: esposa de Samael, reina de la Sitra Achra.<\/p>\t\t\t\t\t\t\t\t<\/div>\n\t\t\t\t\t<\/div>\n\t\t\t\t<\/div>\n\t\t<div class=\"elementor-element elementor-element-8e3o4kxs iwg-steckbrief-card e-flex e-con-boxed e-con e-child\" data-id=\"8e3o4kxs\" data-element_type=\"container\" data-e-type=\"container\">\n\t\t\t\t\t<div class=\"e-con-inner\">\n\t\t\t\t<div class=\"elementor-element elementor-element-08rkdgov elementor-widget elementor-widget-heading\" data-id=\"08rkdgov\" data-element_type=\"widget\" data-e-type=\"widget\" data-widget_type=\"heading.default\">\n\t\t\t\t\t<div class=\"elementor-heading-title elementor-size-default\">Objecte d'acci\u00f3<\/div>\t\t\t\t<\/div>\n\t\t\t\t<div class=\"elementor-element elementor-element-uwjelx8s elementor-widget elementor-widget-text-editor\" data-id=\"uwjelx8s\" data-element_type=\"widget\" data-e-type=\"widget\" data-widget_type=\"text-editor.default\">\n\t\t\t\t\t\t\t\t\t<p>Pu\u00e8rperes i nadons, sobretot durant els primers vuit dies despr\u00e9s del naixement. Dones embarassades amb complicacions. Homes que dormen, segons la tradici\u00f3 jueva sobre la seducci\u00f3 nocturna. En l&#8217;<span class=\"iwg-fachbegriff\" data-tooltip=\"\u00c8poca de transici\u00f3 entre l'Antiguitat i l'edat mitjana, aproximadament del segle III al VII.\" tabindex=\"0\">antiguitat tardana<\/span> tamb\u00e9 viatgers al desert, ja que aquest era considerat l&#8217;h\u00e0bitat de Lilith.<\/p>\t\t\t\t\t\t\t\t<\/div>\n\t\t\t\t\t<\/div>\n\t\t\t\t<\/div>\n\t\t<div class=\"elementor-element elementor-element-jm2n74ec iwg-steckbrief-card e-flex e-con-boxed e-con e-child\" data-id=\"jm2n74ec\" data-element_type=\"container\" data-e-type=\"container\">\n\t\t\t\t\t<div class=\"e-con-inner\">\n\t\t\t\t<div class=\"elementor-element elementor-element-8vufse4c elementor-widget elementor-widget-heading\" data-id=\"8vufse4c\" data-element_type=\"widget\" data-e-type=\"widget\" data-widget_type=\"heading.default\">\n\t\t\t\t\t<div class=\"elementor-heading-title elementor-size-default\">Aparen\u00e7a<\/div>\t\t\t\t<\/div>\n\t\t\t\t<div class=\"elementor-element elementor-element-mwb9u015 elementor-widget elementor-widget-text-editor\" data-id=\"mwb9u015\" data-element_type=\"widget\" data-e-type=\"widget\" data-widget_type=\"text-editor.default\">\n\t\t\t\t\t\t\t\t\t<p>Dona alada amb cabells llargs; representada encadenada en les copes m\u00e0giques aramees, i amb cadenes en la iconografia medieval.<\/p>\t\t\t\t\t\t\t\t<\/div>\n\t\t\t\t\t<\/div>\n\t\t\t\t<\/div>\n\t\t\t\t<\/div>\n\t\t<div class=\"elementor-element elementor-element-pemmx7c2 e-con-full e-flex e-con e-child\" data-id=\"pemmx7c2\" data-element_type=\"container\" data-e-type=\"container\">\n\t\t<div class=\"elementor-element elementor-element-37ss2yr6 iwg-steckbrief-card e-flex e-con-boxed e-con e-child\" data-id=\"37ss2yr6\" data-element_type=\"container\" data-e-type=\"container\">\n\t\t\t\t\t<div class=\"e-con-inner\">\n\t\t\t\t<div class=\"elementor-element elementor-element-3v0wp3wx elementor-widget elementor-widget-heading\" data-id=\"3v0wp3wx\" data-element_type=\"widget\" data-e-type=\"widget\" data-widget_type=\"heading.default\">\n\t\t\t\t\t<div class=\"elementor-heading-title elementor-size-default\">Funci\u00f3<\/div>\t\t\t\t<\/div>\n\t\t\t\t<div class=\"elementor-element elementor-element-w3247g2m elementor-widget elementor-widget-text-editor\" data-id=\"w3247g2m\" data-element_type=\"widget\" data-e-type=\"widget\" data-widget_type=\"text-editor.default\">\n\t\t\t\t\t\t\t\t\t<p>Mort de nadons, complicacions en el puerperi, avortaments espontanis i naixements sense vida, malsons, experi\u00e8ncies sexuals no desitjades durant el son, i, en la tradici\u00f3 rab\u00ednica de l&#8217;antiguitat tardana, tamb\u00e9 la p\u00e8rdua de semen mascul\u00ed. En els escrits cabal\u00edstics, a m\u00e9s, efecte espiritual negatiu, impuresa i separaci\u00f3 de l&#8217;\u00e9sser hum\u00e0 de l&#8217;espurna divina.<\/p>\t\t\t\t\t\t\t\t<\/div>\n\t\t\t\t\t<\/div>\n\t\t\t\t<\/div>\n\t\t<div class=\"elementor-element elementor-element-0qpjal9w iwg-steckbrief-card e-flex e-con-boxed e-con e-child\" data-id=\"0qpjal9w\" data-element_type=\"container\" data-e-type=\"container\">\n\t\t\t\t\t<div class=\"e-con-inner\">\n\t\t\t\t<div class=\"elementor-element elementor-element-6ndoih0o elementor-widget elementor-widget-heading\" data-id=\"6ndoih0o\" data-element_type=\"widget\" data-e-type=\"widget\" data-widget_type=\"heading.default\">\n\t\t\t\t\t<div class=\"elementor-heading-title elementor-size-default\">Protecci\u00f3<\/div>\t\t\t\t<\/div>\n\t\t\t\t<div class=\"elementor-element elementor-element-6684tyh9 elementor-widget elementor-widget-text-editor\" data-id=\"6684tyh9\" data-element_type=\"widget\" data-e-type=\"widget\" data-widget_type=\"text-editor.default\">\n\t\t\t\t\t\t\t\t\t<p><span class=\"iwg-fachbegriff\" data-tooltip=\"Un objecte que es porta al cos i al qual s'atribueix un efecte protector contra el mal.\" tabindex=\"0\">Amulet<\/span> del Kimpetzettel amb els tres noms d&#8217;\u00e0ngels Sanoi, Sansanoi i Semangelof. F\u00f3rmules rituals de protecci\u00f3 en la <span class=\"iwg-fachbegriff\" data-tooltip=\"Corrent de la m\u00edstica jueva amb obres principals com el Sefer Yetzir\u00e0 i el Zohar.\" tabindex=\"0\">C\u00e0bala<\/span> i la m\u00e0gia popular. Copes m\u00e0giques aramees sota els llindars. Mezuz\u00e0 a la llinda de la porta.<\/p>\t\t\t\t\t\t\t\t<\/div>\n\t\t\t\t\t<\/div>\n\t\t\t\t<\/div>\n\t\t<div class=\"elementor-element elementor-element-3lfi7x32 iwg-steckbrief-card e-flex e-con-boxed e-con e-child\" data-id=\"3lfi7x32\" data-element_type=\"container\" data-e-type=\"container\">\n\t\t\t\t\t<div class=\"e-con-inner\">\n\t\t\t\t<div class=\"elementor-element elementor-element-0kg99ga1 elementor-widget elementor-widget-heading\" data-id=\"0kg99ga1\" data-element_type=\"widget\" data-e-type=\"widget\" data-widget_type=\"heading.default\">\n\t\t\t\t\t<div class=\"elementor-heading-title elementor-size-default\">Els paral\u00b7lelismes de Lilith<\/div>\t\t\t\t<\/div>\n\t\t\t\t<div class=\"elementor-element elementor-element-n0fum6kp elementor-widget elementor-widget-text-editor\" data-id=\"n0fum6kp\" data-element_type=\"widget\" data-e-type=\"widget\" data-widget_type=\"text-editor.default\">\n\t\t\t\t\t\t\t\t\t<p>Precedents directes: <a href=\"https:\/\/iwell-guard.com\/ca\/lilu-i-lilitu\/\">Lil\u00fb i Lil\u012btu<\/a> (accadi), <a href=\"https:\/\/iwell-guard.com\/ca\/lamashtu\/\">Lamashtu<\/a> (mesopot\u00e0mica). Emparentades funcionalment: <a href=\"https:\/\/iwell-guard.com\/ca\/lamia\/\">L\u00e0mia<\/a> i <a href=\"https:\/\/iwell-guard.com\/ca\/empusa\/\">Empusa<\/a> (Gr\u00e8cia), <a href=\"https:\/\/iwell-guard.com\/ca\/striga\/\">Striga<\/a> i <a href=\"https:\/\/iwell-guard.com\/ca\/?page_id=171358\">Lamiae<\/a> (Roma), <a href=\"https:\/\/iwell-guard.com\/ca\/?page_id=171625\">S\u00facube<\/a> (medieval-cristiana). Pel que fa a la narrativa moderna de la primera dona, emparentada tipol\u00f2gicament amb <a href=\"https:\/\/iwell-guard.com\/ca\/hecate\/\">H\u00e8cate<\/a> com a poder nocturn.<\/p>\t\t\t\t\t\t\t\t<\/div>\n\t\t\t\t\t<\/div>\n\t\t\t\t<\/div>\n\t\t\t\t<\/div>\n\t\t\t\t<\/div>\n\t\t\t\t\t<\/div>\n\t\t\t\t<\/div>\n\t\t<div class=\"elementor-element elementor-element-7533bc7a e-flex e-con-boxed e-con e-parent\" data-id=\"7533bc7a\" data-element_type=\"container\" data-e-type=\"container\">\n\t\t\t\t\t<div class=\"e-con-inner\">\n\t\t\t\t<div class=\"elementor-element elementor-element-2447d18d elementor-widget elementor-widget-heading\" data-id=\"2447d18d\" data-element_type=\"widget\" data-e-type=\"widget\" data-widget_type=\"heading.default\">\n\t\t\t\t\t<h2 class=\"elementor-heading-title elementor-size-default\">Protecci\u00f3 en la vida quotidiana<\/h2>\t\t\t\t<\/div>\n\t\t<div class=\"elementor-element elementor-element-d5d0260c e-con-full e-flex e-con e-child\" data-id=\"d5d0260c\" data-element_type=\"container\" data-e-type=\"container\">\n\t\t\t\t<div class=\"elementor-element elementor-element-341be2ac elementor-widget elementor-widget-text-editor\" data-id=\"341be2ac\" data-element_type=\"widget\" data-e-type=\"widget\" data-widget_type=\"text-editor.default\">\n\t\t\t\t\t\t\t\t\t<div><p><strong>Rituals de protecci\u00f3<\/strong><\/p><p>La pr\u00e0ctica de protecci\u00f3 central \u00e9s l&#8217;<span class=\"iwg-fachbegriff\" data-tooltip=\"Un objecte que es porta al cos i al qual s'atribueix un efecte protector contra el mal.\" tabindex=\"0\">amulet<\/span> <em>Kimpetzettel<\/em> amb els noms dels tres <span class=\"iwg-fachbegriff\" data-tooltip=\"En les religions abra\u00e0miques, un \u00e9sser missatger celestial de D\u00e9u.\" tabindex=\"0\">\u00e0ngels<\/span> Sanoi, Sansanoi i Semangelof, transm\u00e8s a l&#8217;Alfabet de Ben Sira (segle X) i emprat fins a l&#8217;\u00e8poca moderna en fam\u00edlies jueves d&#8217;Europa de l&#8217;Est. L&#8217;<span class=\"iwg-fachbegriff\" data-tooltip=\"Un objecte que es porta al cos i al qual s'atribueix un efecte protector contra el mal.\" tabindex=\"0\">amulet<\/span> es penja sobre el llit de la pu\u00e8rpera i el nad\u00f3.<\/p><p>Les copes m\u00e0giques aramees de la Babil\u00f2nia sass\u00e0nida (segles V-VIII) constitueixen la forma precursora documentada arqueol\u00f2gicament: en una copa de fang col\u00b7locada al terra, Lilith \u00e9s encadenada mitjan\u00e7ant una f\u00f3rmula d&#8217;<span class=\"iwg-fachbegriff\" data-tooltip=\"Exclusi\u00f3 m\u00e0gica o eclesi\u00e0stica; tamb\u00e9 el lligar un poder mitjan\u00e7ant una f\u00f3rmula.\" tabindex=\"0\">exorcisme<\/span> gravada. A m\u00e9s, s&#8217;hi feien servir oracions de protecci\u00f3, encens de ginebre i cercles protectors al voltant del puerperi.<\/p><p><strong><span class=\"iwg-fachbegriff\" data-tooltip=\"El conjunt d'actes de veneraci\u00f3 religiosa dedicats a una divinitat o figura sagrada.\" tabindex=\"0\">Culte<\/span> i veneraci\u00f3<\/strong><\/p><p>Lilith no va ser venerada en el judaisme ortodox, per\u00f2 va ser reconeguda en cercles cabal\u00edstics. En el satanisme modern \u00e9s una figura central. Els rituals emfatitzen l&#8217;autonomia i la rebel\u00b7lia. Se la considera protectora de les dones que diuen no. La seva <span class=\"iwg-fachbegriff\" data-tooltip=\"L'acte de pregar o invocar una divinitat o poder.\" tabindex=\"0\">invocaci\u00f3<\/span> implica assumir responsabilitat.<\/p><\/div>\t\t\t\t\t\t\t\t<\/div>\n\t\t\t\t<\/div>\n\t\t\t\t\t<\/div>\n\t\t\t\t<\/div>\n\t\t<div class=\"elementor-element elementor-element-5a584676 e-flex e-con-boxed e-con e-parent\" data-id=\"5a584676\" data-element_type=\"container\" data-e-type=\"container\">\n\t\t\t\t\t<div class=\"e-con-inner\">\n\t\t\t\t<div class=\"elementor-element elementor-element-6d0757bf elementor-widget elementor-widget-heading\" data-id=\"6d0757bf\" data-element_type=\"widget\" data-e-type=\"widget\" data-widget_type=\"heading.default\">\n\t\t\t\t\t<h2 class=\"elementor-heading-title elementor-size-default\">Paral\u00b7lelismes i recepci\u00f3<\/h2>\t\t\t\t<\/div>\n\t\t<div class=\"elementor-element elementor-element-60563f68 e-con-full e-flex e-con e-child\" data-id=\"60563f68\" data-element_type=\"container\" data-e-type=\"container\">\n\t\t\t\t<div class=\"elementor-element elementor-element-5a93fdd6 elementor-widget elementor-widget-text-editor\" data-id=\"5a93fdd6\" data-element_type=\"widget\" data-e-type=\"widget\" data-widget_type=\"text-editor.default\">\n\t\t\t\t\t\t\t\t\t<p><strong>Precursors i parents<\/strong><\/p><p>L&#8217;akk\u00e0dia Lil\u012btu i especialment l&#8217;ardat-lil\u00ee s\u00f3n els predecessors directes, tant ling\u00fc\u00edstics com funcionals; l&#8217;hebreu <em>laylah<\/em> (\u00abnit\u00bb) s&#8217;associa al nom nom\u00e9s de manera secund\u00e0ria. El complex egipci de Bes i la mesopot\u00e0mia Lamashtu proporcionen el perfil funcional de protectora i amena\u00e7a de les parteres. Tamb\u00e9 \u00e9s comparable la Lamia grega.<\/p><p><strong>Recepci\u00f3 cristiana<\/strong><\/p><p>En la <span class=\"iwg-fachbegriff\" data-tooltip=\"La doctrina cient\u00edfica sobre D\u00e9u i sobre la fe d'una religi\u00f3.\" tabindex=\"0\">teologia<\/span> cristiana medieval, Lilith es converteix en l&#8217;encarnaci\u00f3 del s\u00facube. Sant Jeroni la tradueix a la Vulgata com <em>lamia<\/em>; la demonologia escol\u00e0stica la coneix com una amena\u00e7a sexual nocturna. La <span class=\"iwg-fachbegriff\" data-tooltip=\"La doctrina cient\u00edfica sobre D\u00e9u i sobre la fe d'una religi\u00f3.\" tabindex=\"0\">teologia<\/span> de les bruixes de l&#8217;edat moderna associa la bruixeria amb el <span class=\"iwg-fachbegriff\" data-tooltip=\"Un element de contingut recurrent en l'art o la narrativa.\" tabindex=\"0\">motiu<\/span> de Lilith: la bruixa com a amena\u00e7a del part a l&#8217;estil de Lilith forma part del repertori est\u00e0ndard dels processos de bruixeria.<\/p><p><strong>Tradici\u00f3 cabal\u00edstica:<\/strong> Al <span class=\"iwg-fachbegriff\" tabindex=\"0\" data-tooltip=\"Obra principal de la m\u00edstica jueva medieval (Espanya, s. XIII); interpretaci\u00f3 cabal\u00edstica de la Tor\u00e0.\">Zohar<\/span> (s. XIII) i a la <span class=\"iwg-fachbegriff\" data-tooltip=\"Corrent de la m\u00edstica jueva amb obres principals com el Sefer Ietsir\u00e0 i el Zohar.\" tabindex=\"0\">c\u00e0bala<\/span> de Luria (s. XVI), Lilith es converteix en la reina dels dimonis, esposa de Samael i mare de tots els esperits malignes. Passa a tenir una funci\u00f3 teol\u00f2gica: encarnaci\u00f3 de la Xekhin\u00e0 femenina no redimida i amena\u00e7a per al pla div\u00ed de la creaci\u00f3.<\/p><p><strong>Recepci\u00f3 moderna<\/strong><\/p><p>En la segona onada del feminisme, a partir dels anys 1970, Lilith \u00e9s reinterpretada com a figura contraposada a la subordinada Eva. La revista Lilith Magazine (1976), l&#8217;obra <em>Standing Again at Sinai<\/em> de Judith Plaskow (1990) i el festival Lilith Fair (1997) la converteixen en icona del moviment de dones jueves-americ\u00e0.<\/p><p>En la literatura popular i de g\u00e8nere (Neil Gaiman, World of Darkness, Buffy the Vampire Slayer) apareix com una figura seductora, perillosa i alhora empoderada.<\/p><p><strong>Perviv\u00e8ncia i recepci\u00f3:<\/strong> Lilith \u00e9s una figura ic\u00f2nica en l&#8217;espiritualitat feminista moderna. Apareix a la cultura popular, la literatura i la m\u00fasica com a <span class=\"iwg-fachbegriff\" data-tooltip=\"Un signe que representa una idea o significat.\" tabindex=\"0\">s\u00edmbol<\/span> de llibertat. En el judaisme \u00e9s reinterpretada. En la fantasia \u00e9s deessa de la nit i del poder. La seva ambival\u00e8ncia la fa poderosa i controvertida.<\/p>\t\t\t\t\t\t\t\t<\/div>\n\t\t\t\t<\/div>\n\t\t\t\t\t<\/div>\n\t\t\t\t<\/div>\n\t\t<div class=\"elementor-element elementor-element-cpaa1843b e-flex e-con-boxed e-con e-parent\" data-id=\"cpaa1843b\" data-element_type=\"container\" data-e-type=\"container\">\n\t\t\t\t\t<div class=\"e-con-inner\">\n\t\t\t\t<div class=\"elementor-element elementor-element-cp86c3337 elementor-widget elementor-widget-heading\" data-id=\"cp86c3337\" data-element_type=\"widget\" data-e-type=\"widget\" data-widget_type=\"heading.default\">\n\t\t\t\t\t<h2 class=\"elementor-heading-title elementor-size-default\">Lilith a l'Alfabet de Ben Sira: la primera dona d'Adam<\/h2>\t\t\t\t<\/div>\n\t\t<div class=\"elementor-element elementor-element-cpdbd06bf e-con-full e-flex e-con e-child\" data-id=\"cpdbd06bf\" data-element_type=\"container\" data-e-type=\"container\">\n\t\t\t\t<div class=\"elementor-element elementor-element-cpc5bfd32 elementor-widget elementor-widget-text-editor\" data-id=\"cpc5bfd32\" data-element_type=\"widget\" data-e-type=\"widget\" data-widget_type=\"text-editor.default\">\n\t\t\t\t\t\t\t\t\t<p>La narraci\u00f3 m\u00e9s coneguda sobre Lilith, segons la qual hauria estat la primera dona d&#8217;Adam, no prov\u00e9 de la B\u00edblia sin\u00f3 d&#8217;una \u00fanica font medieval: l&#8217;<em>Alfabet de Ben Sira<\/em>, un text an\u00f2nim que probablement es va originar entre els segles VIII i X.<\/p><p>Aquest text t\u00e9 un car\u00e0cter peculiar, en part erudit i en part sat\u00edric, i la seva validesa teol\u00f2gica ja era objecte de controv\u00e8rsia dins la mateixa tradici\u00f3 jueva.<\/p><p>Segons la hist\u00f2ria que s&#8217;hi narra, D\u00e9u va crear Adam i Lilith junts a partir de la terra. Va sorgir un conflicte perqu\u00e8 Lilith no es volia sotmetre a Adam. Ella argumentava que ambd\u00f3s havien estat creats de la mateixa terra i que, per tant, eren iguals. Com que el conflicte no es podia resoldre, Lilith va pronunciar el nom secret de D\u00e9u i va fugir.<\/p><p>D\u00e9u va enviar tres <span class=\"iwg-fachbegriff\" data-tooltip=\"En les religions abra\u00e0miques, un \u00e9sser missatger celestial de D\u00e9u.\" tabindex=\"0\">\u00e0ngels<\/span>, dels quals el text esmenta els noms, per portar-la de tornada. La van trobar prop del mar, per\u00f2 ella es va negar a tornar. Com a c\u00e0stig, segons la narraci\u00f3, molts dels seus fills havien de morir cada dia.<\/p><p>Lilith, per la seva part, va anunciar que faria mal als infants nounats, per\u00f2 va promentre no fer res a cap infant que port\u00e9s un <span class=\"iwg-fachbegriff\" data-tooltip=\"Un objecte que es porta al cos i al qual s'atribueix un efecte protector contra el mal.\" tabindex=\"0\">amulet<\/span> amb els noms dels tres <span class=\"iwg-fachbegriff\" data-tooltip=\"En les religions abra\u00e0miques, un \u00e9sser missatger celestial de D\u00e9u.\" tabindex=\"0\">\u00e0ngels<\/span>.<\/p><p>Aquesta narraci\u00f3 combina dos fils m\u00e9s antics: d&#8217;una banda, la idea ja <span class=\"iwg-fachbegriff\" data-tooltip=\"\u00c8poca de la cultura grega i romana, aproximadament del 800 aC al 600 dC.\" tabindex=\"0\">antiga<\/span> de Lilith com a <span class=\"iwg-fachbegriff\" data-tooltip=\"\u00c9sser espiritual al qual s'atribueix un efecte nociu o ambivalent.\" tabindex=\"0\">dimoni<\/span> femen\u00ed que amena\u00e7a els infants; d&#8217;altra banda, la q\u00fcesti\u00f3 exeg\u00e8tica de per qu\u00e8 la hist\u00f2ria b\u00edblica de la creaci\u00f3 sembla contenir dues descripcions diferents de la creaci\u00f3 de l&#8217;home i la dona, a G\u00e8nesi 1 i G\u00e8nesi 2.<\/p><p>El text resol aquest problema exeg\u00e8tic assumint una primera creaci\u00f3 fallida de la dona. Cal tenir en compte que aquesta narraci\u00f3 popular \u00e9s d&#8217;origen medieval i no constitueix el punt de partida de la idea de Lilith.<\/p>\t\t\t\t\t\t\t\t<\/div>\n\t\t\t\t<\/div>\n\t\t\t\t\t<\/div>\n\t\t\t\t<\/div>\n\t\t<div class=\"elementor-element elementor-element-cpc7f9117 e-flex e-con-boxed e-con e-parent\" data-id=\"cpc7f9117\" data-element_type=\"container\" data-e-type=\"container\">\n\t\t\t\t\t<div class=\"e-con-inner\">\n\t\t\t\t<div class=\"elementor-element elementor-element-cpe97df32 elementor-widget elementor-widget-heading\" data-id=\"cpe97df32\" data-element_type=\"widget\" data-e-type=\"widget\" data-widget_type=\"heading.default\">\n\t\t\t\t\t<h2 class=\"elementor-heading-title elementor-size-default\">Els rastres m\u00e9s antics: de Mesopot\u00e0mia a la B\u00edblia<\/h2>\t\t\t\t<\/div>\n\t\t<div class=\"elementor-element elementor-element-cpd0562a3 e-con-full e-flex e-con e-child\" data-id=\"cpd0562a3\" data-element_type=\"container\" data-e-type=\"container\">\n\t\t\t\t<div class=\"elementor-element elementor-element-cp84e194b elementor-widget elementor-widget-text-editor\" data-id=\"cp84e194b\" data-element_type=\"widget\" data-e-type=\"widget\" data-widget_type=\"text-editor.default\">\n\t\t\t\t\t\t\t\t\t<p>La idea de Lilith \u00e9s molt m\u00e9s antiga que el judaisme medieval. La investigaci\u00f3 la fa remuntar fins a la religi\u00f3 mesopot\u00e0mica.<\/p><p>All\u00e0 trobem un grup de noms de dimonis emparentats ling\u00fc\u00edsticament amb Lilith, entre els quals el <span class=\"iwg-fachbegriff\" data-tooltip=\"\u00c9sser espiritual al qual s'atribueix un efecte nociu o ambivalent.\" tabindex=\"0\">dimoni<\/span> femen\u00ed <em>Lilitu<\/em> i figures relacionades com <em>Lilu<\/em> i <em>Ardat lili<\/em>. Aquests \u00e9ssers s&#8217;associaven amb la nit, la tempesta, la sexualitat insatisfeta i el perill per a les dones embarassades i els infants.<\/p><p>Tanmateix, no es pot demostrar de manera cont\u00ednua i sense interrupcions una l\u00ednia directa entre aquestes figures i la Lilith jueva, i la seva relaci\u00f3 exacta encara es discuteix en la investigaci\u00f3.<\/p><p>A la B\u00edblia hebrea, el nom de Lilith apareix una sola vegada, en un passatge del llibre d&#8217;Isa\u00efes. All\u00e0, en una descripci\u00f3 de la devastaci\u00f3 d&#8217;Edom, s&#8217;enumera una s\u00e8rie d&#8217;animals i \u00e9ssers inquietants que habiten el paisatge desolat, i entre ells apareix la paraula hebrea que moltes traduccions vessen com Lilith.<\/p><p>Ja aqu\u00ed la interpretaci\u00f3 resulta dif\u00edcil: algunes traduccions l&#8217;entenen com el nom propi d&#8217;un dimoni nocturn, altres com la designaci\u00f3 d&#8217;un animal nocturn. En tot cas, el passatge demostra que la paraula existia en l&#8217;hebreu b\u00edblic i que estava associada a la desolaci\u00f3 i a la nit.<\/p><p>M\u00e9s significatius que aquest \u00fanic passatge b\u00edblic s\u00f3n els testimonis extrab\u00edblics de l&#8217;<span class=\"iwg-fachbegriff\" data-tooltip=\"\u00c8poca de la cultura grega i romana, aproximadament del 800 a.C. al 600 d.C.\" tabindex=\"0\">antiguitat<\/span>. Als textos de Qumran, Lilith apareix en un text de defensa contra dimonis.<\/p><p>D&#8217;aix\u00f2 es dedueix que la idea d&#8217;un dimoni anomenat Lilith era coneguda en el m\u00f3n jueu de l&#8217;<span class=\"iwg-fachbegriff\" data-tooltip=\"\u00c8poca de la cultura grega i romana, aproximadament del 800 a.C. al 600 d.C.\" tabindex=\"0\">antiguitat<\/span> molt abans que sorg\u00eds el relat medieval sobre la primera dona d&#8217;Adam. La Lilith de l&#8217;<span class=\"iwg-fachbegriff\" data-tooltip=\"\u00c8poca de la cultura grega i romana, aproximadament del 800 a.C. al 600 d.C.\" tabindex=\"0\">antiguitat<\/span> \u00e9s, primer i sobretot, un <span class=\"iwg-fachbegriff\" data-tooltip=\"\u00c9sser espiritual al qual s'atribueix un efecte nociu o ambivalent.\" tabindex=\"0\">dimoni<\/span>, no un <span class=\"iwg-fachbegriff\" data-tooltip=\"Un relat transm\u00e8s sobre d\u00e9us, or\u00edgens i l'ordre del m\u00f3n.\" tabindex=\"0\">mite<\/span> sobre la dona primig\u00e8nia.<\/p>\t\t\t\t\t\t\t\t<\/div>\n\t\t\t\t<\/div>\n\t\t\t\t\t<\/div>\n\t\t\t\t<\/div>\n\t\t<div class=\"elementor-element elementor-element-cp98b3ae0 e-flex e-con-boxed e-con e-parent\" data-id=\"cp98b3ae0\" data-element_type=\"container\" data-e-type=\"container\">\n\t\t\t\t\t<div class=\"e-con-inner\">\n\t\t\t\t<div class=\"elementor-element elementor-element-cpbf4a2f9 elementor-widget elementor-widget-heading\" data-id=\"cpbf4a2f9\" data-element_type=\"widget\" data-e-type=\"widget\" data-widget_type=\"heading.default\">\n\t\t\t\t\t<h2 class=\"elementor-heading-title elementor-size-default\">Lilith en escudelles m\u00e0giques i amulets<\/h2>\t\t\t\t<\/div>\n\t\t<div class=\"elementor-element elementor-element-cpc233c6a e-con-full e-flex e-con e-child\" data-id=\"cpc233c6a\" data-element_type=\"container\" data-e-type=\"container\">\n\t\t\t\t<div class=\"elementor-element elementor-element-cp7789f8a elementor-widget elementor-widget-text-editor\" data-id=\"cp7789f8a\" data-element_type=\"widget\" data-e-type=\"widget\" data-widget_type=\"text-editor.default\">\n\t\t\t\t\t\t\t\t\t<p>Un dels grups de fonts m\u00e9s importants i concrets per a la concepci\u00f3 <span class=\"iwg-fachbegriff\" data-tooltip=\"\u00c8poca de la cultura grega i romana, aproximadament del 800 a.C. al 600 d.C.\" tabindex=\"0\">antiga<\/span> i <span class=\"iwg-fachbegriff\" data-tooltip=\"\u00c8poca de transici\u00f3 entre l'antiguitat i l'edat mitjana, aproximadament del segle III al VII.\" tabindex=\"0\">tardoantiga<\/span> de Lilith s\u00f3n les anomenades escudelles m\u00e0giques babil\u00f2niques. Es tracta d&#8217;escudelles de terrissa, majorit\u00e0riament del segle V al VII de la nostra era, trobades a la zona de l&#8217;actual Iraq.<\/p><p>A la seva superf\u00edcie interior hi ha escrits, en disposici\u00f3 espiral, textos d&#8217;exorcisme, sovint en llengua aramea, i al centre sol haver-hi la figura dibuixada d&#8217;un dimoni lligat o encadenat.<\/p><p>Lilith, sovint anomenada en plural com tota una classe de dimones Lilith, \u00e9s un dels \u00e9ssers esmentats amb m\u00e9s freq\u00fc\u00e8ncia en aquestes escudelles. Els textos tenen com a objectiu mantenir Lilith allunyada d&#8217;una casa, d&#8217;una persona determinada o d&#8217;una fam\u00edlia.<\/p><p>Descriuen Lilith com un \u00e9sser que penetra a les cases, persegueix homes i dones, pertorba matrimonis i amena\u00e7a especialment les dones embarassades, les pu\u00e8rperes i els lactants. Les escudelles s&#8217;enterraven capgirades sota el terra o als racons de les cases per, en certa manera, atrapar el <span class=\"iwg-fachbegriff\" data-tooltip=\"\u00c9sser espiritual al qual s'atribueix un efecte nociu o ambivalent.\" tabindex=\"0\">dimoni<\/span>.<\/p><p>A aix\u00f2 s&#8217;afegeixen els amulets, sovint de metall, amb textos de protecci\u00f3 similars. Aquests objectes tenen un gran valor per a la hist\u00f2ria de les religions perqu\u00e8 no documenten la <span class=\"iwg-fachbegriff\" data-tooltip=\"La doctrina cient\u00edfica sobre D\u00e9u i la fe d'una religi\u00f3.\" tabindex=\"0\">teologia<\/span> erudita, sin\u00f3 la por viscuda i la pr\u00e0ctica de protecci\u00f3 de la gent corrent. Demostren que, per a la gent de la <span class=\"iwg-fachbegriff\" data-tooltip=\"\u00c8poca de transici\u00f3 entre l'antiguitat i l'edat mitjana, aproximadament del segle III al VII.\" tabindex=\"0\">tardoantiguitat<\/span>, Lilith era una amena\u00e7a real per a la llar i, sobretot, per a la vida dels infants.<\/p><p>El relat literari sobre la primera dona d&#8217;Adam es va construir m\u00e9s tard sobre aquesta imatge ja existent de la dimona que posava en perill els infants. La cultura material conserva, doncs, una capa de la idea m\u00e9s antiga que els textos coneguts.<\/p>\t\t\t\t\t\t\t\t<\/div>\n\t\t\t\t<\/div>\n\t\t\t\t\t<\/div>\n\t\t\t\t<\/div>\n\t\t<div class=\"elementor-element elementor-element-cp7edcbce e-flex e-con-boxed e-con e-parent\" data-id=\"cp7edcbce\" data-element_type=\"container\" data-e-type=\"container\">\n\t\t\t\t\t<div class=\"e-con-inner\">\n\t\t\t\t<div class=\"elementor-element elementor-element-cpdc56f00 elementor-widget elementor-widget-heading\" data-id=\"cpdc56f00\" data-element_type=\"widget\" data-e-type=\"widget\" data-widget_type=\"heading.default\">\n\t\t\t\t\t<h2 class=\"elementor-heading-title elementor-size-default\">Lilith a la Cabal\u00e0<\/h2>\t\t\t\t<\/div>\n\t\t<div class=\"elementor-element elementor-element-cp06cf69c e-con-full e-flex e-con e-child\" data-id=\"cp06cf69c\" data-element_type=\"container\" data-e-type=\"container\">\n\t\t\t\t<div class=\"elementor-element elementor-element-cpcc0a22c elementor-widget elementor-widget-text-editor\" data-id=\"cpcc0a22c\" data-element_type=\"widget\" data-e-type=\"widget\" data-widget_type=\"text-editor.default\">\n\t\t\t\t\t\t\t\t\t<p>Lilith va rebre una configuraci\u00f3 pr\u00f2pia i de gran transcend\u00e8ncia en la <span class=\"iwg-fachbegriff\" data-tooltip=\"Corrent religi\u00f3s centrat en l'experi\u00e8ncia directa de D\u00e9u.\" tabindex=\"0\">m\u00edstica<\/span> jueva medieval, la <span class=\"iwg-fachbegriff\" data-tooltip=\"Corrent de la m\u00edstica jueva amb obres principals com el Sefer Jetsir\u00e0 i el Zohar.\" tabindex=\"0\">c\u00e0bala<\/span>. En els textos cabal\u00edstics, sobretot en el <em>Zohar<\/em>, l&#8217;obra principal d&#8217;aquest corrent, sorgida al segle XIII, Lilith esdev\u00e9 una figura c\u00f2smica de considerable pes.<\/p><p>All\u00e0 ja no \u00e9s nom\u00e9s un dimoni dom\u00e8stic individual, sin\u00f3 un poder dins l&#8217;anomenada <em>Sitra Achra<\/em>, l&#8217;altra banda, el contram\u00f3n fosc al m\u00f3n de la santedat divina.<\/p><p>En aquesta sistem\u00e0tica m\u00edstica, Lilith es converteix en la companya de Samael, una figura demon\u00edaca principal, i esdev\u00e9 aix\u00ed una mena de reina del b\u00e0ndol demon\u00edac. Constitueix una contraimatge negativa de la Xekhin\u00e0, la pres\u00e8ncia divina, sovint concebuda com a femenina en la <span class=\"iwg-fachbegriff\" data-tooltip=\"Corrent de la m\u00edstica jueva amb obres principals com el Sefer Jetsir\u00e0 i el Zohar.\" tabindex=\"0\">c\u00e0bala<\/span>.<\/p><p>La doctrina cabal\u00edstica va desenvolupar idees complexes sobre com actua Lilith, com obt\u00e9 poder a partir dels mals comportaments humans i quin paper t\u00e9 en el drama de l&#8217;exili i la redempci\u00f3.<\/p><p>Aquesta revaloritzaci\u00f3 de Lilith com a poder c\u00f2smic \u00e9s remarcable des del punt de vista de la hist\u00f2ria de les religions. D&#8217;un adversari protector de car\u00e0cter popular es va convertir en una figura teol\u00f2gicament elaborada, integrada en un sistema ampli de forces divines i contradivines. Alhora, la concepci\u00f3 m\u00e9s antiga es va mantenir viva: tamb\u00e9 la Lilith cabal\u00edstica continua vinculada a l&#8217;amena\u00e7a contra els infants, a la perillositat nocturna i a la sexualitat pertorbada.<\/p><p>La tradici\u00f3 m\u00edstica no va substituir els motius antics, sin\u00f3 que els va situar en un marc teol\u00f2gic m\u00e9s ampli. La recerca, per exemple Gershom Scholem en els seus treballs fonamentals sobre la <span class=\"iwg-fachbegriff\" data-tooltip=\"Corrent de la m\u00edstica jueva amb obres principals com el Sefer Jetsir\u00e0 i el Zohar.\" tabindex=\"0\">c\u00e0bala<\/span>, ha descrit aquesta evoluci\u00f3 amb detall.<\/p>\t\t\t\t\t\t\t\t<\/div>\n\t\t\t\t<\/div>\n\t\t\t\t\t<\/div>\n\t\t\t\t<\/div>\n\t\t<div class=\"elementor-element elementor-element-cpcf12495 e-flex e-con-boxed e-con e-parent\" data-id=\"cpcf12495\" data-element_type=\"container\" data-e-type=\"container\">\n\t\t\t\t\t<div class=\"e-con-inner\">\n\t\t\t\t<div class=\"elementor-element elementor-element-cpa5cf523 elementor-widget elementor-widget-heading\" data-id=\"cpa5cf523\" data-element_type=\"widget\" data-e-type=\"widget\" data-widget_type=\"heading.default\">\n\t\t\t\t\t<h2 class=\"elementor-heading-title elementor-size-default\">La recepci\u00f3 moderna de Lilith<\/h2>\t\t\t\t<\/div>\n\t\t<div class=\"elementor-element elementor-element-cp5191f5b e-con-full e-flex e-con e-child\" data-id=\"cp5191f5b\" data-element_type=\"container\" data-e-type=\"container\">\n\t\t\t\t<div class=\"elementor-element elementor-element-cpd6dcb65 elementor-widget elementor-widget-text-editor\" data-id=\"cpd6dcb65\" data-element_type=\"widget\" data-e-type=\"widget\" data-widget_type=\"text-editor.default\">\n\t\t\t\t\t\t\t\t\t<p>Al segle XIX i, especialment, al segle XX, Lilith va experimentar una reinterpretaci\u00f3 que la va allunyar molt del seu significat original com a dimoni. El romanticisme i la literatura del segle XIX van descobrir Lilith com la figura de la dona seductora i perillosa.<\/p><p>Apareix, per exemple, en Goethe, en una breu escena del <em>Faust<\/em>, on s&#8217;esmenta com la primera dona d&#8217;Adam, i en Dante Gabriel Rossetti, que li va dedicar un poema i una pintura i la va representar com l&#8217;encarnaci\u00f3 d&#8217;una bellesa freda i fascinant.<\/p><p>La recepci\u00f3 va prendre un gir radicalment diferent a partir dels anys 1970 en contextos feministes. Aqu\u00ed es va donar la volta, en sentit positiu, precisament al tret que en el relat medieval convertia Lilith en dimoni: la seva negativa a sotmetre&#8217;s a Adam.<\/p><p>Lilith es va reinterpretar com a figura simb\u00f2lica de l&#8217;autodeterminaci\u00f3 femenina i de la resist\u00e8ncia contra els ordres patriarcals. En aquesta lectura, el problema no \u00e9s Lilith, sin\u00f3 l&#8217;ordre contra el qual es revolta.<\/p><p>Des del punt de vista cient\u00edfic, aquesta recepci\u00f3 moderna \u00e9s un cas for\u00e7a instructiu. Mostra com una figura transmesa pot adquirir, mitjan\u00e7ant una reinterpretaci\u00f3, un significat gaireb\u00e9 contrari. Per aix\u00f2 \u00e9s important distingir b\u00e9 els nivells.<\/p><p>La Lilith hist\u00f2rica de les bols m\u00e0gics antics i dels textos medievals \u00e9s un <span class=\"iwg-fachbegriff\" data-tooltip=\"\u00c9sser espiritual al qual s'atribueix un efecte nociu o ambivalent.\" tabindex=\"0\">dimoni<\/span> temut, sobretot un adversari de la vida infantil, i en la <span class=\"iwg-fachbegriff\" data-tooltip=\"Corrent de la m\u00edstica jueva amb obres principals com el Sefer Jetsir\u00e0 i el Zohar.\" tabindex=\"0\">c\u00e0bala<\/span> \u00e9s un contrapoder c\u00f2smic.<\/p><p>La Lilith moderna com a s\u00edmbol d&#8217;emancipaci\u00f3 \u00e9s una recreaci\u00f3 productiva que s&#8217;inspira en els textos antics, per\u00f2 que els planteja preguntes diferents. Totes dues formen part de la hist\u00f2ria de la recepci\u00f3 d&#8217;aquesta figura, per\u00f2 no s&#8217;han de confondre l&#8217;una amb l&#8217;altra.<\/p>\t\t\t\t\t\t\t\t<\/div>\n\t\t\t\t<\/div>\n\t\t\t\t\t<\/div>\n\t\t\t\t<\/div>\n\t\t<div class=\"elementor-element elementor-element-36dd7469 e-flex e-con-boxed e-con e-parent\" data-id=\"36dd7469\" data-element_type=\"container\" data-e-type=\"container\">\n\t\t\t\t\t<div class=\"e-con-inner\">\n\t\t\t\t<div class=\"elementor-element elementor-element-13760ab4 elementor-widget elementor-widget-heading\" data-id=\"13760ab4\" data-element_type=\"widget\" data-e-type=\"widget\" data-widget_type=\"heading.default\">\n\t\t\t\t\t<div class=\"elementor-heading-title elementor-size-default\">Enlla\u00e7os relacionats<\/div>\t\t\t\t<\/div>\n\t\t<div class=\"elementor-element elementor-element-28c87796 e-con-full e-flex e-con e-child\" data-id=\"28c87796\" data-element_type=\"container\" data-e-type=\"container\">\n\t\t\t\t<div class=\"elementor-element elementor-element-5d6538df elementor-widget elementor-widget-text-editor\" data-id=\"5d6538df\" data-element_type=\"widget\" data-e-type=\"widget\" data-widget_type=\"text-editor.default\">\n\t\t\t\t\t\t\t\t\t<p>Enlla\u00e7os interns recomanats:<\/p><ul><li><a href=\"https:\/\/iwell-guard.com\/ca\/judaisme\/\">Judaisme<\/a><\/li><li><a href=\"https:\/\/iwell-guard.com\/ca\/?page_id=171359\">Xedim<\/a> (categoria jueva)<\/li><li>Properament, detall sobre Lilith<\/li><li><a href=\"https:\/\/iwell-guard.com\/ca\/lilu-i-lilitu\/\">Lil\u016b i Lil\u012btu<\/a> (parents pel nom)<\/li><li><a href=\"https:\/\/iwell-guard.com\/ca\/lamia\/\">Lamia<\/a>, <a href=\"https:\/\/iwell-guard.com\/ca\/striga\/\">Striga<\/a>, <a href=\"https:\/\/iwell-guard.com\/ca\/empusa\/\">Empusa<\/a> (parents grecoromans)<\/li><li>Bols m\u00e0gics aramaics<\/li><li><span class=\"iwg-fachbegriff\" data-tooltip=\"Corrent de la m\u00edstica jueva amb obres principals com el Sefer Jetsir\u00e0 i el Zohar.\" tabindex=\"0\">C\u00e0bala<\/span> i Sitra Achra<\/li><\/ul>\t\t\t\t\t\t\t\t<\/div>\n\t\t\t\t<\/div>\n\t\t\t\t\t<\/div>\n\t\t\t\t<\/div>\n\t\t<div class=\"elementor-element elementor-element-grl4kl40 e-flex e-con-boxed e-con e-parent\" data-id=\"grl4kl40\" data-element_type=\"container\" data-e-type=\"container\">\n\t\t\t\t\t<div class=\"e-con-inner\">\n\t\t\t\t<div class=\"elementor-element elementor-element-bzsbfrmh elementor-widget elementor-widget-heading\" data-id=\"bzsbfrmh\" data-element_type=\"widget\" data-e-type=\"widget\" data-widget_type=\"heading.default\">\n\t\t\t\t\t<h2 class=\"elementor-heading-title elementor-size-default\">Bibliografia de recerca<\/h2>\t\t\t\t<\/div>\n\t\t<div class=\"elementor-element elementor-element-2c13224a e-con-full e-flex e-con e-child\" data-id=\"2c13224a\" data-element_type=\"container\" data-e-type=\"container\">\n\t\t\t\t<div class=\"elementor-element elementor-element-0eymh9ub elementor-widget elementor-widget-text-editor\" data-id=\"0eymh9ub\" data-element_type=\"widget\" data-e-type=\"widget\" data-widget_type=\"text-editor.default\">\n\t\t\t\t\t\t\t\t\t<p>Una selecci\u00f3 de treballs centrals sobre Lilith:<\/p><div data-nosnippet=\"true\"><ul><li><span data-nosnippet>Hutter, Manfred: \u201eLilith.\u00bb In: <em>Dictionary of Deities and Demons in the Bible<\/em>. 2. Aufl. Leiden 1999.<\/span><\/li><li><span data-nosnippet>Naveh, Joseph \/ Shaked, Shaul: <em>Amulets and Magic Bowls<\/em>. Jerusalem 1985.<\/span><\/li><li><span data-nosnippet>Scholem, Gershom: <em>Kabbalah<\/em>. Jerusalem 1974 (Eintr\u00e4ge Lilith, Samael, Sitra Achra).<\/span><\/li><li><span data-nosnippet>Patai, Raphael: <em>The Hebrew Goddess<\/em>. Detroit 1990 (3. Aufl.).<\/span><\/li><li><span data-nosnippet>Dan, Joseph: <em>The Ancient Jewish Mysticism<\/em>. Tel Aviv 1993.<\/span><\/li><\/ul><\/div>\t\t\t\t\t\t\t\t<\/div>\n\t\t\t\t<\/div>\n\t\t\t\t\t<\/div>\n\t\t\t\t<\/div>\n\t\t<div class=\"elementor-element elementor-element-qv849qv e-flex e-con-boxed e-con e-parent\" data-id=\"qv849qv\" data-element_type=\"container\" data-e-type=\"container\">\n\t\t\t\t\t<div class=\"e-con-inner\">\n\t\t\t\t<div class=\"elementor-element elementor-element-qv849qvh elementor-widget elementor-widget-heading\" data-id=\"qv849qvh\" data-element_type=\"widget\" data-e-type=\"widget\" data-widget_type=\"heading.default\">\n\t\t\t\t\t<h2 class=\"elementor-heading-title elementor-size-default\">S\u00edmbols de protecci\u00f3 relacionats<\/h2>\t\t\t\t<\/div>\n\t\t<div class=\"elementor-element elementor-element-qv849qvb e-con-full e-flex e-con e-parent\" data-id=\"qv849qvb\" data-element_type=\"container\" data-e-type=\"container\">\n\t\t\t\t<div class=\"elementor-element elementor-element-qv849qvt elementor-widget elementor-widget-html\" data-id=\"qv849qvt\" data-element_type=\"widget\" data-e-type=\"widget\" data-widget_type=\"html.default\">\n\t\t\t\t\t<div class=\"iwg-querverweis-grid\" style=\"display:grid;grid-template-columns:repeat(auto-fit,minmax(220px,1fr));gap:16px;margin:16px 0;\"><div class=\"iwg-querverweis-card\"><a href=\"https:\/\/iwell-guard.com\/ca\/?page_id=171652\" class=\"iwg-querverweis-link\"><strong>Mezuz\u00e0<\/strong><br><span class=\"iwg-querverweis-teaser\">Rotlle d'escriptura jueu al brancal de la porta, amb el text del Xem\u00e0 Israel<\/span><\/a><\/div><div class=\"iwg-querverweis-card\"><a href=\"https:\/\/iwell-guard.com\/ca\/?page_id=171650\" class=\"iwg-querverweis-link\"><strong>Hamsa<\/strong><br><span class=\"iwg-querverweis-teaser\">M\u00e0 de F\u00e0tima, s\u00edmbol de protecci\u00f3 jueu-\u00e0rab amb cinc dits i un ull<\/span><\/a><\/div><div class=\"iwg-querverweis-card\"><a href=\"https:\/\/iwell-guard.com\/ca\/?page_id=171654\" class=\"iwg-querverweis-link\"><strong>Mal d'ull<\/strong><br><span class=\"iwg-querverweis-teaser\">Creen\u00e7a en el mal universal, contra la qual protegeixen el nazar boncu\u011fu, el mati i el malocchio<\/span><\/a><\/div><\/div><style>.iwg-querverweis-card{padding:16px;border:1px solid var(--e-global-color-f443515,#e6c45a);border-radius:8px;background:rgba(0,0,0,0.22);}.iwg-querverweis-link{color:var(--e-global-color-accent,#e6c45a);text-decoration:none;}.iwg-querverweis-teaser{color:#e8e8e8;font-size:13px;line-height:1.4;}<\/style>\t\t\t\t<\/div>\n\t\t\t\t<\/div>\n\t\t\t\t\t<\/div>\n\t\t\t\t<\/div>\n\t\t<div class=\"elementor-element elementor-element-iwgca-lilith-sec e-flex e-con-boxed e-con e-parent\" data-id=\"iwgca-lilith-sec\" data-element_type=\"container\" data-e-type=\"container\" id=\"iwg-ca-lilith\">\n\t\t\t\t\t<div class=\"e-con-inner\">\n\t\t\t\t<div class=\"elementor-element elementor-element-iwgca-lilith-te iwg-ca-textwrap elementor-widget elementor-widget-text-editor\" data-id=\"iwgca-lilith-te\" data-element_type=\"widget\" data-e-type=\"widget\" data-widget_type=\"text-editor.default\">\n\t\t\t\t\t\t\t\t\t<div data-nosnippet=\"true\"><p class=\"iwg-ca-bridge\">La pr\u00e0ctica de protecci\u00f3 descrita aqu\u00ed \u00e9s una interpretaci\u00f3 cient\u00edfica de tradicions hist\u00f2riques. iWell Guard s&#8217;inscriu en aquesta l\u00ednia cultural d&#8217;objectes de protecci\u00f3 portables i en representa una forma contempor\u00e0nia. <a href=\"\/ueber-iwell-guard\/?utm_source=iwell-guard.com&#038;utm_medium=text-link&#038;utm_campaign=schadwesen-tradition\">M\u00e9s sobre iWell Guard \u2192<\/a><\/p><\/div>\t\t\t\t\t\t\t\t<\/div>\n\t\t\t\t\t<\/div>\n\t\t\t\t<\/div>\n\t\t<div class=\"elementor-element elementor-element-383a86d e-con-boxed e-flex e-con e-parent\" data-id=\"383a86d\" data-element_type=\"container\" data-e-type=\"container\">\n\t\t\t\t\t<div class=\"e-con-inner\">\n\t\t\t\t<div class=\"elementor-element elementor-element-7c63753 elementor-widget elementor-widget-text-editor\" data-id=\"7c63753\" data-element_type=\"widget\" data-e-type=\"widget\" data-widget_type=\"text-editor.default\">\n\t\t\t\t\t\t\t\t\t\n<h2>Preguntes freq\u00fcents sobre Lilith<\/h2>\n<div class=\"iwg-faq-q\"><h3>Qui \u00e9s Lilith en la tradici\u00f3 jueva?<\/h3><p>Lilith \u00e9s una dimoni femenina de la <span class=\"iwg-fachbegriff\" data-tooltip=\"Corrent religi\u00f3s centrat en l'experi\u00e8ncia directa de D\u00e9u.\" tabindex=\"0\">m\u00edstica<\/span> jueva, considerada en la tradici\u00f3 posterior com la primera esposa d&#8217;Adam, abans d&#8217;Eva. Va deixar Adam perqu\u00e8 no volia sotmetre-s&#8217;hi, i es va convertir en la reina dels \u00e9ssers nocius.<\/p><p>Lilith apareix per primera vegada en les f\u00f3rmules d&#8217;encanteri babil\u00f2niques dels mesopot\u00e0mics (com a lil\u012btu); la seva forma jueva es troba en l&#8217;Alfabet de Ben Sira (cap al segle X) i en la literatura del Zohar de la <span class=\"iwg-fachbegriff\" data-tooltip=\"Corrent de la m\u00edstica jueva amb obres principals com el Sefer Yetzir\u00e0 i el Zohar.\" tabindex=\"0\">Cabala<\/span>.<\/p><\/div>\n<div class=\"iwg-faq-q\"><h3>Quins s\u00edmbols i mesures de protecci\u00f3 s&#8217;associen a Lilith?<\/h3><p>Els amulets de protecci\u00f3 cl\u00e0ssics contra Lilith s\u00f3n els destinats a les pu\u00e8rperes i als nadons, amb els noms dels tres <span class=\"iwg-fachbegriff\" data-tooltip=\"En les religions abrah\u00e0miques, un \u00e9sser missatger celestial de D\u00e9u.\" tabindex=\"0\">\u00e0ngels<\/span> Senoy, Sansenoy i Semangelof. Els s\u00edmbols de Lilith s\u00f3n el mussol (en representacions modernes), la mitja lluna, els cabells llargs i solts i una magrana. En la teologia feminista moderna, Lilith es reinterpreta com una figura emancipadora que es nega a ser subordinada.<\/p><\/div>\n<script type=\"application\/ld+json\">{\"@context\":\"https:\/\/schema.org\",\"@type\":\"FAQPage\",\"mainEntity\":[{\"@type\":\"Question\",\"name\":\"Qui \u00e9s Lilith en la tradici\u00f3 jueva?\",\"acceptedAnswer\":{\"@type\":\"Answer\",\"text\":\"Lilith \u00e9s una dimoni femenina de la m\u00edstica jueva, considerada en la tradici\u00f3 posterior com la primera esposa d'Adam, abans d'Eva. Va deixar Adam perqu\u00e8 no volia sotmetre-s'hi, i es va convertir en la reina dels \u00e9ssers nocius.Lilith apareix per primera vegada en les f\u00f3rmules d'encanteri babil\u00f2niques dels mesopot\u00e0mics (com a lil\u012btu); la seva forma jueva es troba en l'Alfabet de Ben Sira (cap al segle X) i en la literatura del Zohar de la Cabala.\"}},{\"@type\":\"Question\",\"name\":\"Quins s\u00edmbols i mesures de protecci\u00f3 s'associen a Lilith?\",\"acceptedAnswer\":{\"@type\":\"Answer\",\"text\":\"Els amulets de protecci\u00f3 cl\u00e0ssics contra Lilith s\u00f3n els destinats a les pu\u00e8rperes i als nadons, amb els noms dels tres \u00e0ngels Senoy, Sansenoy i Semangelof. Els s\u00edmbols de Lilith s\u00f3n el mussol (en representacions modernes), la mitja lluna, els cabells llargs i solts i una magrana. En la teologia feminista moderna, Lilith es reinterpreta com una figura emancipadora que es nega a ser subordinada.\"}}]}<\/script>\t\t\t\t\t\t\t\t<\/div>\n\t\t\t\t\t<\/div>\n\t\t\t\t<\/div>\n\t\t\t\t<\/div>\n\t\t","protected":false},"excerpt":{"rendered":"","protected":false},"author":3,"featured_media":1607,"parent":0,"menu_order":0,"comment_status":"closed","ping_status":"closed","template":"elementor_header_footer","meta":{"_yoast_wpseo_focuskw":"Lilith","_yoast_wpseo_title":"Lilith - Figura nocturna entre el desert, el part i la Cabala","_yoast_wpseo_metadesc":"Lilith \u00e9s una de les figures m\u00e9s influents de la demonologia jueva. El seu rastre comen\u00e7a al llibre d'Isa\u00efes com a habitant sense nom del desert (34,14)...","_yoast_wpseo_meta-robots-noindex":"","_yoast_wpseo_canonical":"","_angie_page":false,"gefaehrdungsstufe":"4","wesen_kultur":"judentum","wesen_klasse":"daemonen","footnotes":""},"categories":[],"class_list":["post-171360","page","type-page","status-publish","has-post-thumbnail","hentry"],"yoast_head":"<!-- This site is optimized with the Yoast SEO Premium plugin v27.7 (Yoast SEO v28.3) - https:\/\/yoast.com\/product\/yoast-seo-premium-wordpress\/ -->\n<title>Lilith - Figura nocturna entre el desert, el part i la Cabala<\/title>\n<meta name=\"description\" content=\"Lilith \u00e9s una de les figures m\u00e9s influents de la demonologia jueva. El seu rastre comen\u00e7a al llibre d&#039;Isa\u00efes com a habitant sense nom del desert (34,14)...\" \/>\n<meta name=\"robots\" content=\"index, follow, max-snippet:-1, max-image-preview:large, max-video-preview:-1\" \/>\n<link rel=\"canonical\" href=\"https:\/\/iwell-guard.com\/ca\/lilith\/\" \/>\n<meta property=\"og:locale\" content=\"ca_ES\" \/>\n<meta property=\"og:type\" content=\"article\" \/>\n<meta property=\"og:title\" content=\"Lilith\" \/>\n<meta property=\"og:description\" content=\"Lilith \u00e9s una de les figures m\u00e9s influents de la demonologia jueva. El seu rastre comen\u00e7a al llibre d&#039;Isa\u00efes com a habitant sense nom del desert (34,14)...\" \/>\n<meta property=\"og:url\" content=\"https:\/\/iwell-guard.com\/ca\/lilith\/\" \/>\n<meta property=\"og:site_name\" content=\"iWell Guard\" \/>\n<meta property=\"article:modified_time\" content=\"2026-09-05T15:55:47+00:00\" \/>\n<meta property=\"og:image\" content=\"https:\/\/iwell-guard.com\/wp-content\/uploads\/2026\/04\/daemonen_judentum_lilith.webp\" \/>\n\t<meta property=\"og:image:width\" content=\"1024\" \/>\n\t<meta property=\"og:image:height\" content=\"1536\" \/>\n\t<meta property=\"og:image:type\" content=\"image\/webp\" \/>\n<meta name=\"twitter:card\" content=\"summary_large_image\" \/>\n<script type=\"application\/ld+json\" class=\"yoast-schema-graph\">{\"@context\":\"https:\\\/\\\/schema.org\",\"@graph\":[{\"@type\":\"WebPage\",\"@id\":\"https:\\\/\\\/iwell-guard.com\\\/ca\\\/lilith\\\/\",\"url\":\"https:\\\/\\\/iwell-guard.com\\\/ca\\\/lilith\\\/\",\"name\":\"Lilith - Figura nocturna entre el desert, el part i la Cabala\",\"isPartOf\":{\"@id\":\"https:\\\/\\\/iwell-guard.com\\\/ca\\\/#website\"},\"primaryImageOfPage\":{\"@id\":\"https:\\\/\\\/iwell-guard.com\\\/ca\\\/lilith\\\/#primaryimage\"},\"image\":{\"@id\":\"https:\\\/\\\/iwell-guard.com\\\/ca\\\/lilith\\\/#primaryimage\"},\"thumbnailUrl\":\"https:\\\/\\\/iwell-guard.com\\\/wp-content\\\/uploads\\\/2026\\\/04\\\/daemonen_judentum_lilith.webp\",\"datePublished\":\"2026-09-05T15:38:44+00:00\",\"dateModified\":\"2026-09-05T15:55:47+00:00\",\"description\":\"Lilith \u00e9s una de les figures m\u00e9s influents de la demonologia jueva. El seu rastre comen\u00e7a al llibre d'Isa\u00efes com a habitant sense nom del desert (34,14)...\",\"breadcrumb\":{\"@id\":\"https:\\\/\\\/iwell-guard.com\\\/ca\\\/lilith\\\/#breadcrumb\"},\"inLanguage\":\"ca\",\"potentialAction\":[{\"@type\":\"ReadAction\",\"target\":[\"https:\\\/\\\/iwell-guard.com\\\/ca\\\/lilith\\\/\"]}]},{\"@type\":\"ImageObject\",\"inLanguage\":\"ca\",\"@id\":\"https:\\\/\\\/iwell-guard.com\\\/ca\\\/lilith\\\/#primaryimage\",\"url\":\"https:\\\/\\\/iwell-guard.com\\\/wp-content\\\/uploads\\\/2026\\\/04\\\/daemonen_judentum_lilith.webp\",\"contentUrl\":\"https:\\\/\\\/iwell-guard.com\\\/wp-content\\\/uploads\\\/2026\\\/04\\\/daemonen_judentum_lilith.webp\",\"width\":1024,\"height\":1536,\"caption\":\"Dimonis de la tradici\u00f3 del judaisme.\"},{\"@type\":\"BreadcrumbList\",\"@id\":\"https:\\\/\\\/iwell-guard.com\\\/ca\\\/lilith\\\/#breadcrumb\",\"itemListElement\":[{\"@type\":\"ListItem\",\"position\":1,\"name\":\"Start\",\"item\":\"https:\\\/\\\/iwell-guard.com\\\/ca\\\/?page_id=171333\"},{\"@type\":\"ListItem\",\"position\":2,\"name\":\"Lilith\"}]},{\"@type\":\"WebSite\",\"@id\":\"https:\\\/\\\/iwell-guard.com\\\/ca\\\/#website\",\"url\":\"https:\\\/\\\/iwell-guard.com\\\/ca\\\/\",\"name\":\"iWell Guard\",\"description\":\"Schutz vor dunklen Einfl\u00fcssen\",\"publisher\":{\"@id\":\"https:\\\/\\\/iwell-guard.com\\\/ca\\\/#organization\"},\"potentialAction\":[{\"@type\":\"SearchAction\",\"target\":{\"@type\":\"EntryPoint\",\"urlTemplate\":\"https:\\\/\\\/iwell-guard.com\\\/ca\\\/?s={search_term_string}\"},\"query-input\":{\"@type\":\"PropertyValueSpecification\",\"valueRequired\":true,\"valueName\":\"search_term_string\"}}],\"inLanguage\":\"ca\"},{\"@type\":\"Organization\",\"@id\":\"https:\\\/\\\/iwell-guard.com\\\/ca\\\/#organization\",\"name\":\"Ittermann electronic GmbH\",\"url\":\"https:\\\/\\\/iwell-guard.com\\\/ca\\\/\",\"logo\":{\"@type\":\"ImageObject\",\"inLanguage\":\"ca\",\"@id\":\"https:\\\/\\\/iwell-guard.com\\\/ca\\\/#\\\/schema\\\/logo\\\/image\\\/\",\"url\":\"https:\\\/\\\/iwell-guard.com\\\/wp-content\\\/uploads\\\/2026\\\/05\\\/Ittermann-Logo-1182x237-1.png\",\"contentUrl\":\"https:\\\/\\\/iwell-guard.com\\\/wp-content\\\/uploads\\\/2026\\\/05\\\/Ittermann-Logo-1182x237-1.png\",\"width\":1182,\"height\":237,\"caption\":\"Ittermann electronic GmbH\"},\"image\":{\"@id\":\"https:\\\/\\\/iwell-guard.com\\\/ca\\\/#\\\/schema\\\/logo\\\/image\\\/\"},\"sameAs\":[\"https:\\\/\\\/pantip.com\\\/profile\\\/9367242\",\"https:\\\/\\\/micro.blog\\\/iwellguard\",\"https:\\\/\\\/www.diggerslist.com\\\/iwellguard\\\/about\",\"https:\\\/\\\/skitterphoto.com\\\/photographers\\\/2870314\\\/iwell-guard\",\"https:\\\/\\\/iwellguard.wordpress.com\\\/2026\\\/06\\\/06\\\/iwell-guard\\\/\",\"https:\\\/\\\/hub.docker.com\\\/u\\\/iwellguard\",\"https:\\\/\\\/www.pinterest.com\\\/iwellguard\\\/\",\"https:\\\/\\\/bit.ly\\\/m\\\/iwellguard\",\"https:\\\/\\\/entre-vos-mains.alsace.eu\\\/profiles\\\/iwellguard\\\/activity\",\"https:\\\/\\\/gravatar.com\\\/reallybeded8fd34\",\"https:\\\/\\\/naijamatta.com\\\/iwellguard\",\"https:\\\/\\\/www.goodreads.com\\\/iwellguard\",\"https:\\\/\\\/profile.hatena.ne.jp\\\/iwellguard\\\/\",\"https:\\\/\\\/experiment.com\\\/users\\\/iwellguard\",\"https:\\\/\\\/wakelet.com\\\/@iWellGuard82270\",\"https:\\\/\\\/www.chordie.com\\\/forum\\\/profile.php?id=2555664\",\"https:\\\/\\\/www.instapaper.com\\\/p\\\/17757966\",\"https:\\\/\\\/www.mapleprimes.com\\\/users\\\/iwellguard\",\"https:\\\/\\\/businesslistingplus.com\\\/profile\\\/iwell-guard\\\/\",\"https:\\\/\\\/telegra.ph\\\/iWell-Guard-06-06\",\"https:\\\/\\\/pbase.com\\\/iwellguard\\\/iwellguard\",\"https:\\\/\\\/b.hatena.ne.jp\\\/iwellguard\\\/20260607#bookmark-4788405196491818882\",\"https:\\\/\\\/fliphtml5.com\\\/home\\\/iwellguard\",\"https:\\\/\\\/anyflip.com\\\/homepage\\\/cmiwl#About\",\"https:\\\/\\\/transfur.com\\\/Users\\\/iwellguard\",\"http:\\\/\\\/delphi.larsbo.org\\\/user\\\/iwellguard\",\"https:\\\/\\\/jobs.lajobsportal.org\\\/profiles\\\/8380803-iwell-guard\",\"https:\\\/\\\/md.chaosdorf.de\\\/s\\\/jfbe5SBdJD\",\"https:\\\/\\\/www.lingvolive.com\\\/en-us\\\/profile\\\/9ecaeaca-ce11-4e51-9e71-01d55e2bff36\\\/translations\",\"https:\\\/\\\/www.fitday.com\\\/fitness\\\/forums\\\/members\\\/iwellguard.html\",\"https:\\\/\\\/www.mymeetbook.com\\\/iwellguard\",\"https:\\\/\\\/pxhere.com\\\/en\\\/photographer-me\\\/5040798\",\"https:\\\/\\\/disqus.com\\\/by\\\/iwellguard\\\/about\\\/\",\"https:\\\/\\\/pastelink.net\\\/hjwciqwq\",\"https:\\\/\\\/pubhtml5.com\\\/homepage\\\/scjhn\\\/\",\"https:\\\/\\\/www.bitchute.com\\\/channel\\\/2O2eOKzNqujT\",\"https:\\\/\\\/audiomack.com\\\/iwellguard\"]},{\"@type\":\"Article\",\"@id\":\"https:\\\/\\\/iwell-guard.com\\\/ca\\\/lilith\\\/#article\",\"isPartOf\":{\"@id\":\"https:\\\/\\\/iwell-guard.com\\\/ca\\\/lilith\\\/\"},\"author\":{\"name\":\"Ralf Ittermann\",\"@id\":\"https:\\\/\\\/iwell-guard.com\\\/ca\\\/#\\\/schema\\\/person\\\/ee2a27f1cac3406c7c6fb5820cb7349f\"},\"headline\":\"Lilith\",\"datePublished\":\"2026-09-05T15:38:44+00:00\",\"dateModified\":\"2026-09-05T15:55:47+00:00\",\"mainEntityOfPage\":{\"@id\":\"https:\\\/\\\/iwell-guard.com\\\/ca\\\/lilith\\\/\"},\"publisher\":{\"@id\":\"https:\\\/\\\/iwell-guard.com\\\/ca\\\/#organization\"},\"image\":{\"@id\":\"https:\\\/\\\/iwell-guard.com\\\/ca\\\/lilith\\\/#primaryimage\"},\"thumbnailUrl\":\"https:\\\/\\\/iwell-guard.com\\\/wp-content\\\/uploads\\\/2026\\\/04\\\/daemonen_judentum_lilith.webp\",\"inLanguage\":\"ca\",\"description\":\"Lilith \u00e9s una de les figures m\u00e9s influents de la demonologia jueva. El seu rastre comen\u00e7a al llibre d'Isa\u00efes com a habitant sense nom del desert (34,14)...\"}]}<\/script>\n<!-- \/ Yoast SEO Premium plugin. -->","yoast_head_json":{"title":"Lilith - Figura nocturna entre el desert, el part i la Cabala","description":"Lilith \u00e9s una de les figures m\u00e9s influents de la demonologia jueva. El seu rastre comen\u00e7a al llibre d'Isa\u00efes com a habitant sense nom del desert (34,14)...","robots":{"index":"index","follow":"follow","max-snippet":"max-snippet:-1","max-image-preview":"max-image-preview:large","max-video-preview":"max-video-preview:-1"},"canonical":"https:\/\/iwell-guard.com\/ca\/lilith\/","og_locale":"ca_ES","og_type":"article","og_title":"Lilith","og_description":"Lilith \u00e9s una de les figures m\u00e9s influents de la demonologia jueva. El seu rastre comen\u00e7a al llibre d'Isa\u00efes com a habitant sense nom del desert (34,14)...","og_url":"https:\/\/iwell-guard.com\/ca\/lilith\/","og_site_name":"iWell Guard","article_modified_time":"2026-09-05T15:55:47+00:00","og_image":[{"width":1024,"height":1536,"url":"https:\/\/iwell-guard.com\/wp-content\/uploads\/2026\/04\/daemonen_judentum_lilith.webp","type":"image\/webp"}],"twitter_card":"summary_large_image","schema":{"@context":"https:\/\/schema.org","@graph":[{"@type":"Article","@id":"https:\/\/iwell-guard.com\/ca\/lilith\/#article","isPartOf":{"@id":"https:\/\/iwell-guard.com\/ca\/lilith\/"},"author":{"name":"Ralf Ittermann","@id":"https:\/\/iwell-guard.com\/ca\/#\/schema\/person\/ee2a27f1cac3406c7c6fb5820cb7349f"},"headline":"Lilith","datePublished":"2026-09-05T15:38:44+00:00","dateModified":"2026-09-05T15:55:47+00:00","mainEntityOfPage":{"@id":"https:\/\/iwell-guard.com\/ca\/lilith\/"},"publisher":{"@id":"https:\/\/iwell-guard.com\/ca\/#organization"},"image":{"@id":"https:\/\/iwell-guard.com\/ca\/lilith\/#primaryimage"},"thumbnailUrl":"https:\/\/iwell-guard.com\/wp-content\/uploads\/2026\/04\/daemonen_judentum_lilith.webp","inLanguage":"ca","description":"Lilith \u00e9s una de les figures m\u00e9s influents de la demonologia jueva. El seu rastre comen\u00e7a al llibre d'Isa\u00efes com a habitant sense nom del desert (34,14)..."},{"@type":"WebPage","@id":"https:\/\/iwell-guard.com\/ca\/lilith\/","url":"https:\/\/iwell-guard.com\/ca\/lilith\/","name":"Lilith - Figura nocturna entre el desert, el part i la Cabala","isPartOf":{"@id":"https:\/\/iwell-guard.com\/ca\/#website"},"primaryImageOfPage":{"@id":"https:\/\/iwell-guard.com\/ca\/lilith\/#primaryimage"},"image":{"@id":"https:\/\/iwell-guard.com\/ca\/lilith\/#primaryimage"},"thumbnailUrl":"https:\/\/iwell-guard.com\/wp-content\/uploads\/2026\/04\/daemonen_judentum_lilith.webp","datePublished":"2026-09-05T15:38:44+00:00","dateModified":"2026-09-05T15:55:47+00:00","description":"Lilith \u00e9s una de les figures m\u00e9s influents de la demonologia jueva. El seu rastre comen\u00e7a al llibre d'Isa\u00efes com a habitant sense nom del desert (34,14)...","breadcrumb":{"@id":"https:\/\/iwell-guard.com\/ca\/lilith\/#breadcrumb"},"inLanguage":"ca","potentialAction":[{"@type":"ReadAction","target":["https:\/\/iwell-guard.com\/ca\/lilith\/"]}]},{"@type":"ImageObject","inLanguage":"ca","@id":"https:\/\/iwell-guard.com\/ca\/lilith\/#primaryimage","url":"https:\/\/iwell-guard.com\/wp-content\/uploads\/2026\/04\/daemonen_judentum_lilith.webp","contentUrl":"https:\/\/iwell-guard.com\/wp-content\/uploads\/2026\/04\/daemonen_judentum_lilith.webp","width":1024,"height":1536,"caption":"Dimonis de la tradici\u00f3 del judaisme."},{"@type":"BreadcrumbList","@id":"https:\/\/iwell-guard.com\/ca\/lilith\/#breadcrumb","itemListElement":[{"@type":"ListItem","position":1,"name":"Start","item":"https:\/\/iwell-guard.com\/ca\/?page_id=171333"},{"@type":"ListItem","position":2,"name":"Lilith"}]},{"@type":"WebSite","@id":"https:\/\/iwell-guard.com\/ca\/#website","url":"https:\/\/iwell-guard.com\/ca\/","name":"iWell Guard","description":"Schutz vor dunklen Einfl\u00fcssen","publisher":{"@id":"https:\/\/iwell-guard.com\/ca\/#organization"},"potentialAction":[{"@type":"SearchAction","target":{"@type":"EntryPoint","urlTemplate":"https:\/\/iwell-guard.com\/ca\/?s={search_term_string}"},"query-input":{"@type":"PropertyValueSpecification","valueRequired":true,"valueName":"search_term_string"}}],"inLanguage":"ca"},{"@type":"Organization","@id":"https:\/\/iwell-guard.com\/ca\/#organization","name":"Ittermann electronic GmbH","url":"https:\/\/iwell-guard.com\/ca\/","logo":{"@type":"ImageObject","inLanguage":"ca","@id":"https:\/\/iwell-guard.com\/ca\/#\/schema\/logo\/image\/","url":"https:\/\/iwell-guard.com\/wp-content\/uploads\/2026\/05\/Ittermann-Logo-1182x237-1.png","contentUrl":"https:\/\/iwell-guard.com\/wp-content\/uploads\/2026\/05\/Ittermann-Logo-1182x237-1.png","width":1182,"height":237,"caption":"Ittermann electronic GmbH"},"image":{"@id":"https:\/\/iwell-guard.com\/ca\/#\/schema\/logo\/image\/"},"sameAs":["https:\/\/pantip.com\/profile\/9367242","https:\/\/micro.blog\/iwellguard","https:\/\/www.diggerslist.com\/iwellguard\/about","https:\/\/skitterphoto.com\/photographers\/2870314\/iwell-guard","https:\/\/iwellguard.wordpress.com\/2026\/06\/06\/iwell-guard\/","https:\/\/hub.docker.com\/u\/iwellguard","https:\/\/www.pinterest.com\/iwellguard\/","https:\/\/bit.ly\/m\/iwellguard","https:\/\/entre-vos-mains.alsace.eu\/profiles\/iwellguard\/activity","https:\/\/gravatar.com\/reallybeded8fd34","https:\/\/naijamatta.com\/iwellguard","https:\/\/www.goodreads.com\/iwellguard","https:\/\/profile.hatena.ne.jp\/iwellguard\/","https:\/\/experiment.com\/users\/iwellguard","https:\/\/wakelet.com\/@iWellGuard82270","https:\/\/www.chordie.com\/forum\/profile.php?id=2555664","https:\/\/www.instapaper.com\/p\/17757966","https:\/\/www.mapleprimes.com\/users\/iwellguard","https:\/\/businesslistingplus.com\/profile\/iwell-guard\/","https:\/\/telegra.ph\/iWell-Guard-06-06","https:\/\/pbase.com\/iwellguard\/iwellguard","https:\/\/b.hatena.ne.jp\/iwellguard\/20260607#bookmark-4788405196491818882","https:\/\/fliphtml5.com\/home\/iwellguard","https:\/\/anyflip.com\/homepage\/cmiwl#About","https:\/\/transfur.com\/Users\/iwellguard","http:\/\/delphi.larsbo.org\/user\/iwellguard","https:\/\/jobs.lajobsportal.org\/profiles\/8380803-iwell-guard","https:\/\/md.chaosdorf.de\/s\/jfbe5SBdJD","https:\/\/www.lingvolive.com\/en-us\/profile\/9ecaeaca-ce11-4e51-9e71-01d55e2bff36\/translations","https:\/\/www.fitday.com\/fitness\/forums\/members\/iwellguard.html","https:\/\/www.mymeetbook.com\/iwellguard","https:\/\/pxhere.com\/en\/photographer-me\/5040798","https:\/\/disqus.com\/by\/iwellguard\/about\/","https:\/\/pastelink.net\/hjwciqwq","https:\/\/pubhtml5.com\/homepage\/scjhn\/","https:\/\/www.bitchute.com\/channel\/2O2eOKzNqujT","https:\/\/audiomack.com\/iwellguard"]},{"@type":"Person","@id":"https:\/\/iwell-guard.com\/ca\/#\/schema\/person\/ee2a27f1cac3406c7c6fb5820cb7349f","name":"Ralf Ittermann","image":{"@type":"ImageObject","inLanguage":"ca","@id":"https:\/\/secure.gravatar.com\/avatar\/073c0153e350a5005b68eb752b445fea71f6b24a26da9449ad7e155e6b446c9d?s=96&d=mm&r=g","url":"https:\/\/secure.gravatar.com\/avatar\/073c0153e350a5005b68eb752b445fea71f6b24a26da9449ad7e155e6b446c9d?s=96&d=mm&r=g","contentUrl":"https:\/\/secure.gravatar.com\/avatar\/073c0153e350a5005b68eb752b445fea71f6b24a26da9449ad7e155e6b446c9d?s=96&d=mm&r=g","caption":"Ralf Ittermann"},"givenName":"Ralf","familyName":"Ittermann","jobTitle":"Gesch\u00e4ftsf\u00fchrer und redaktioneller Verantwortlicher","url":"https:\/\/iwell-guard.com\/ca\/author\/claude\/","description":"Ralf Ittermann ist Gesch\u00e4ftsf\u00fchrer der Ittermann electronic GmbH und redaktioneller Verantwortlicher des iWell-Guard-Lexikons. Er verbindet langj\u00e4hrige Erfahrung in der Pr\u00e4zisionsfertigung mit medialer Praxis und religionsgeschichtlicher Quellenarbeit.","worksFor":{"@type":"Organization","name":"Ittermann electronic GmbH","url":"https:\/\/ittermann.de\/","address":{"@type":"PostalAddress","streetAddress":"K\u00f6hlergasse 16-18","postalCode":"99842","addressLocality":"Ruhla","addressCountry":"DE"}},"knowsAbout":["Religionsgeschichte","Mythologie","Mediale Praxis","Energetische Diagnostik","Schutzpraxis","Volksglauben","Westliche Esoterik"]},{"@type":"Article","@id":"https:\/\/iwell-guard.com\/ca\/lilith\/#article","isPartOf":{"@id":"https:\/\/iwell-guard.com\/ca\/lilith\/"},"author":{"name":"Ralf Ittermann","@id":"https:\/\/iwell-guard.com\/ca\/#\/schema\/person\/ee2a27f1cac3406c7c6fb5820cb7349f"},"headline":"Lilith","datePublished":"2026-09-05T15:38:44+00:00","dateModified":"2026-09-05T15:55:47+00:00","mainEntityOfPage":{"@id":"https:\/\/iwell-guard.com\/ca\/lilith\/"},"publisher":{"@id":"https:\/\/iwell-guard.com\/ca\/#organization"},"image":{"@id":"https:\/\/iwell-guard.com\/ca\/lilith\/#primaryimage"},"thumbnailUrl":"https:\/\/iwell-guard.com\/wp-content\/uploads\/2026\/04\/daemonen_judentum_lilith.webp","inLanguage":"ca","description":"Lilith \u00e9s una de les figures m\u00e9s influents de la demonologia jueva. El seu rastre comen\u00e7a al llibre d'Isa\u00efes com a habitant sense nom del desert (34,14)..."}]}},"_links":{"self":[{"href":"https:\/\/iwell-guard.com\/ca\/wp-json\/wp\/v2\/pages\/171360","targetHints":{"allow":["GET"]}}],"collection":[{"href":"https:\/\/iwell-guard.com\/ca\/wp-json\/wp\/v2\/pages"}],"about":[{"href":"https:\/\/iwell-guard.com\/ca\/wp-json\/wp\/v2\/types\/page"}],"author":[{"embeddable":true,"href":"https:\/\/iwell-guard.com\/ca\/wp-json\/wp\/v2\/users\/3"}],"replies":[{"embeddable":true,"href":"https:\/\/iwell-guard.com\/ca\/wp-json\/wp\/v2\/comments?post=171360"}],"version-history":[{"count":0,"href":"https:\/\/iwell-guard.com\/ca\/wp-json\/wp\/v2\/pages\/171360\/revisions"}],"wp:featuredmedia":[{"embeddable":true,"href":"https:\/\/iwell-guard.com\/ca\/wp-json\/wp\/v2\/media\/1607"}],"wp:attachment":[{"href":"https:\/\/iwell-guard.com\/ca\/wp-json\/wp\/v2\/media?parent=171360"}],"wp:term":[{"taxonomy":"category","embeddable":true,"href":"https:\/\/iwell-guard.com\/ca\/wp-json\/wp\/v2\/categories?post=171360"}],"curies":[{"name":"wp","href":"https:\/\/api.w.org\/{rel}","templated":true}]}}