{"id":171359,"date":"2026-09-05T15:38:44","date_gmt":"2026-09-05T15:38:44","guid":{"rendered":"https:\/\/iwell-guard.com\/?page_id=171359"},"modified":"2026-09-05T15:55:47","modified_gmt":"2026-09-05T15:55:47","slug":"shedim","status":"publish","type":"page","link":"https:\/\/iwell-guard.com\/ca\/shedim\/","title":{"rendered":"Shedim"},"content":{"rendered":"\t\t<div data-elementor-type=\"wp-page\" data-elementor-id=\"171359\" class=\"elementor elementor-171359 elementor-850\" data-elementor-post-type=\"page\">\n\t\t\t\t<div class=\"elementor-element elementor-element-10fdade e-flex e-con-boxed e-con e-parent\" data-id=\"10fdade\" data-element_type=\"container\" data-e-type=\"container\" data-settings=\"{&quot;background_background&quot;:&quot;classic&quot;}\">\n\t\t\t\t\t<div class=\"e-con-inner\">\n\t\t<div class=\"elementor-element elementor-element-herohlft0 e-flex e-con-boxed e-con e-child\" data-id=\"herohlft0\" data-element_type=\"container\" data-e-type=\"container\">\n\t\t\t\t\t<div class=\"e-con-inner\">\n\t\t<div class=\"elementor-element elementor-element-c3ceb64 e-con-full e-flex e-con e-child\" data-id=\"c3ceb64\" data-element_type=\"container\" data-e-type=\"container\">\n\t\t\t\t<div class=\"elementor-element elementor-element-96ae5e1 elementor-widget elementor-widget-heading\" data-id=\"96ae5e1\" data-element_type=\"widget\" data-e-type=\"widget\" data-widget_type=\"heading.default\">\n\t\t\t\t\t<h1 class=\"elementor-heading-title elementor-size-default\">Shedim, dimoni de la tradici\u00f3 jueva<\/h1>\t\t\t\t<\/div>\n\t\t\t\t<div class=\"elementor-element elementor-element-e45238a elementor-widget elementor-widget-text-editor\" data-id=\"e45238a\" data-element_type=\"widget\" data-e-type=\"widget\" data-widget_type=\"text-editor.default\">\n\t\t\t\t\t\t\t\t\t<p>Shedim \u00e9s un <span class=\"iwg-fachbegriff\" data-tooltip=\"\u00c9sser espiritual al qual s'atribueix un efecte nociu o ambivalent.\" tabindex=\"0\">dimoni<\/span> de la tradici\u00f3 jueva.<\/p><p>El concepte cl\u00e0ssic de dimoni del judaisme, entre el <span class=\"iwg-fachbegriff\" data-tooltip=\"Obra principal del judaisme rab\u00ednic amb la interpretaci\u00f3 de la tradici\u00f3 religiosa.\" tabindex=\"0\">Talmud<\/span> i les copes m\u00e0giques.<\/p>\t\t\t\t\t\t\t\t<\/div>\n\t\t\t\t<\/div>\n\t\t<div class=\"elementor-element elementor-element-klsbdg01 e-con-full e-flex e-con e-parent\" data-id=\"klsbdg01\" data-element_type=\"container\" data-e-type=\"container\">\n\t\t\t\t<div class=\"elementor-element elementor-element-klshtm01 elementor-widget elementor-widget-html\" data-id=\"klshtm01\" data-element_type=\"widget\" data-e-type=\"widget\" data-widget_type=\"html.default\">\n\t\t\t\t\t<div class=\"iwg-pill-row\"><span class=\"iwg-klasse-badge\" tabindex=\"0\" data-tooltip=\"Dimoni: \u00e9sser sobrenatural amb un efecte majorit\u00e0riament nociu o ambivalent. Es situa entre d\u00e9us i humans, causa malaltia, temptaci\u00f3 o desgr\u00e0cia, i s'evita mitjan\u00e7ant conjurs, objectes apotropaics i rituals.\">Dimoni<\/span><a href=\"https:\/\/iwell-guard.com\/ca\/judaisme\/\" class=\"iwg-kultur-badge\" tabindex=\"0\" data-tooltip=\"Tradici\u00f3 religiosa jueva des del Tanakh fins a la Cabala i la m\u00edstica moderna.\">Judaisme<\/a><\/div>\t\t\t\t<\/div>\n\t\t\t\t<\/div>\n\t\t<div class=\"elementor-element elementor-element-3f74855 e-con-full e-flex e-con e-child\" data-id=\"3f74855\" data-element_type=\"container\" data-e-type=\"container\">\n\t\t\t\t<div class=\"elementor-element elementor-element-1c30362 elementor-toc--minimized-on-tablet elementor-widget elementor-widget-table-of-contents\" data-id=\"1c30362\" data-element_type=\"widget\" data-e-type=\"widget\" data-settings=\"{&quot;exclude_headings_by_selector&quot;:[],&quot;no_headings_message&quot;:&quot;No s&#039;ha trobat cap encap\\u00e7alament en aquesta p\\u00e0gina.&quot;,&quot;headings_by_tags&quot;:[&quot;h2&quot;,&quot;h3&quot;],&quot;marker_view&quot;:&quot;bullets&quot;,&quot;icon&quot;:{&quot;value&quot;:&quot;fas fa-circle&quot;,&quot;library&quot;:&quot;fa-solid&quot;,&quot;rendered_tag&quot;:&quot;&lt;svg class=\\&quot;e-font-icon-svg e-fas-circle\\&quot; viewBox=\\&quot;0 0 512 512\\&quot; xmlns=\\&quot;http:\\\/\\\/www.w3.org\\\/2000\\\/svg\\&quot;&gt;&lt;path d=\\&quot;M256 8C119 8 8 119 8 256s111 248 248 248 248-111 248-248S393 8 256 8z\\&quot;&gt;&lt;\\\/path&gt;&lt;\\\/svg&gt;&quot;},&quot;minimize_box&quot;:&quot;yes&quot;,&quot;minimized_on&quot;:&quot;tablet&quot;,&quot;hierarchical_view&quot;:&quot;yes&quot;,&quot;min_height&quot;:{&quot;unit&quot;:&quot;px&quot;,&quot;size&quot;:&quot;&quot;,&quot;sizes&quot;:[]},&quot;min_height_tablet&quot;:{&quot;unit&quot;:&quot;px&quot;,&quot;size&quot;:&quot;&quot;,&quot;sizes&quot;:[]},&quot;min_height_mobile&quot;:{&quot;unit&quot;:&quot;px&quot;,&quot;size&quot;:&quot;&quot;,&quot;sizes&quot;:[]}}\" data-widget_type=\"table-of-contents.default\">\n\t\t\t\t\t\t\t\t\t<div class=\"elementor-toc__header\">\n\t\t\t\t\t\t<h2 class=\"elementor-toc__header-title\">\n\t\t\t\t\u00cdndex\t\t\t<\/h2>\n\t\t\t\t\t\t\t\t\t\t<div class=\"elementor-toc__toggle-button elementor-toc__toggle-button--expand\" role=\"button\" tabindex=\"0\" aria-controls=\"elementor-toc__1c30362\" aria-expanded=\"true\" aria-label=\"Open table of contents\"><svg aria-hidden=\"true\" class=\"e-font-icon-svg e-fas-chevron-down\" viewBox=\"0 0 448 512\" xmlns=\"http:\/\/www.w3.org\/2000\/svg\"><path d=\"M207.029 381.476L12.686 187.132c-9.373-9.373-9.373-24.569 0-33.941l22.667-22.667c9.357-9.357 24.522-9.375 33.901-.04L224 284.505l154.745-154.021c9.379-9.335 24.544-9.317 33.901.04l22.667 22.667c9.373 9.373 9.373 24.569 0 33.941L240.971 381.476c-9.373 9.372-24.569 9.372-33.942 0z\"><\/path><\/svg><\/div>\n\t\t\t\t<div class=\"elementor-toc__toggle-button elementor-toc__toggle-button--collapse\" role=\"button\" tabindex=\"0\" aria-controls=\"elementor-toc__1c30362\" aria-expanded=\"true\" aria-label=\"Close table of contents\"><svg aria-hidden=\"true\" class=\"e-font-icon-svg e-fas-chevron-up\" viewBox=\"0 0 448 512\" xmlns=\"http:\/\/www.w3.org\/2000\/svg\"><path d=\"M240.971 130.524l194.343 194.343c9.373 9.373 9.373 24.569 0 33.941l-22.667 22.667c-9.357 9.357-24.522 9.375-33.901.04L224 227.495 69.255 381.516c-9.379 9.335-24.544 9.317-33.901-.04l-22.667-22.667c-9.373-9.373-9.373-24.569 0-33.941L207.03 130.525c9.372-9.373 24.568-9.373 33.941-.001z\"><\/path><\/svg><\/div>\n\t\t\t\t\t<\/div>\n\t\t\t\t<div id=\"elementor-toc__1c30362\" class=\"elementor-toc__body\">\n\t\t\t<div class=\"elementor-toc__spinner-container\">\n\t\t\t\t<svg class=\"elementor-toc__spinner eicon-animation-spin e-font-icon-svg e-eicon-loading\" aria-hidden=\"true\" viewBox=\"0 0 1000 1000\" xmlns=\"http:\/\/www.w3.org\/2000\/svg\"><path d=\"M500 975V858C696 858 858 696 858 500S696 142 500 142 142 304 142 500H25C25 237 238 25 500 25S975 237 975 500 763 975 500 975Z\"><\/path><\/svg>\t\t\t<\/div>\n\t\t<\/div>\n\t\t\t\t\t\t<\/div>\n\t\t\t\t<\/div>\n\t\t\t\t\t<\/div>\n\t\t\t\t<\/div>\n\t\t<div class=\"elementor-element elementor-element-herorght0 e-con-full e-flex e-con e-child\" data-id=\"herorght0\" data-element_type=\"container\" data-e-type=\"container\">\n\t\t\t\t<div class=\"elementor-element elementor-element-heroimg00 iwg-hero-image elementor-widget elementor-widget-image\" data-id=\"heroimg00\" data-element_type=\"widget\" data-e-type=\"widget\" data-widget_type=\"image.default\">\n\t\t\t\t\t\t\t\t\t\t\t\t\t\t\t<img fetchpriority=\"high\" decoding=\"async\" width=\"683\" height=\"1024\" src=\"https:\/\/iwell-guard.com\/wp-content\/uploads\/2026\/04\/daemonen_judentum_shedim-683x1024.webp\" class=\"attachment-large size-large wp-image-1690\" alt=\"Shedim\" srcset=\"https:\/\/iwell-guard.com\/wp-content\/uploads\/2026\/04\/daemonen_judentum_shedim-683x1024.webp 683w, https:\/\/iwell-guard.com\/wp-content\/uploads\/2026\/04\/daemonen_judentum_shedim-200x300.webp 200w, https:\/\/iwell-guard.com\/wp-content\/uploads\/2026\/04\/daemonen_judentum_shedim-768x1152.webp 768w, https:\/\/iwell-guard.com\/wp-content\/uploads\/2026\/04\/daemonen_judentum_shedim.webp 1024w\" sizes=\"(max-width: 683px) 100vw, 683px\" \/>\t\t\t\t\t\t\t\t\t\t\t\t\t\t\t<\/div>\n\t\t\t\t<\/div>\n\t\t\t\t\t<\/div>\n\t\t\t\t<\/div>\n\t\t<div class=\"elementor-element elementor-element-32917199 e-flex e-con-boxed e-con e-parent\" data-id=\"32917199\" data-element_type=\"container\" data-e-type=\"container\">\n\t\t\t\t\t<div class=\"e-con-inner\">\n\t\t<div class=\"elementor-element elementor-element-26e916cb e-flex e-con-boxed e-con e-child\" data-id=\"26e916cb\" data-element_type=\"container\" data-e-type=\"container\">\n\t\t\t\t\t<div class=\"e-con-inner\">\n\t\t<div class=\"elementor-element elementor-element-253a40d4 e-flex e-con-boxed e-con e-child\" data-id=\"253a40d4\" data-element_type=\"container\" data-e-type=\"container\">\n\t\t\t\t\t<div class=\"e-con-inner\">\n\t\t\t\t<div class=\"elementor-element elementor-element-1200c304 elementor-widget elementor-widget-heading\" data-id=\"1200c304\" data-element_type=\"widget\" data-e-type=\"widget\" data-widget_type=\"heading.default\">\n\t\t\t\t\t<h2 class=\"elementor-heading-title elementor-size-default\">Shedim<\/h2>\t\t\t\t<\/div>\n\t\t\t\t<div class=\"elementor-element elementor-element-11758e7f elementor-widget elementor-widget-text-editor\" data-id=\"11758e7f\" data-element_type=\"widget\" data-e-type=\"widget\" data-widget_type=\"text-editor.default\">\n\t\t\t\t\t\t\t\t\t<p><em>Shedim<\/em> \u00e9s el terme col\u00b7lectiu m\u00e9s \u00e0mpliament utilitzat per referir-se als dimonis en la tradici\u00f3 jueva. A difer\u00e8ncia de Lilith, Asmodai o Azazel, la paraula no designa una figura concreta, sin\u00f3 una classe d&#8217;\u00e9ssers invisibles, sovint perillosos, que se situen entre els \u00e0ngels i els humans.<\/p><p>Documentat nom\u00e9s dues vegades en l&#8217;hebreu b\u00edblic (Dt 32,17; Sl 106,37), <em>shedim<\/em> esdev\u00e9 el terme est\u00e0ndard per a tots els dimonis en la literatura rab\u00ednica.<\/p><p>El corpus de fonts \u00e9s enorme. El <span class=\"iwg-fachbegriff\" data-tooltip=\"Obra principal del judaisme rab\u00ednic amb la interpretaci\u00f3 de la tradici\u00f3 religiosa.\" tabindex=\"0\">Talmud<\/span> cont\u00e9 nombroses narracions i decisions legals que presuposen l&#8217;exist\u00e8ncia dels shedim; les copes m\u00e0giques aramees els conjuren pel nom; els cabalistes medievals els ordenen en jerarquies de \u00abl&#8217;altra banda\u00bb.<\/p><p>El terme continua en \u00fas fins a la religiositat popular hass\u00eddica moderna. La seva etimologia el vincula amb el mesopot\u00e0mic <em>shedu<\/em> (geni protector, en part amena\u00e7ador), un dels ponts ling\u00fc\u00edstics i religiosos m\u00e9s densos entre Mesopot\u00e0mia i el judaisme.<\/p>\t\t\t\t\t\t\t\t<\/div>\n\t\t\t\t\t<\/div>\n\t\t\t\t<\/div>\n\t\t<div class=\"elementor-element elementor-element-159dcf9a e-flex e-con-boxed e-con e-child\" data-id=\"159dcf9a\" data-element_type=\"container\" data-e-type=\"container\">\n\t\t\t\t\t<div class=\"e-con-inner\">\n\t\t\t\t<div class=\"elementor-element elementor-element-48cee66f elementor-widget elementor-widget-heading\" data-id=\"48cee66f\" data-element_type=\"widget\" data-e-type=\"widget\" data-widget_type=\"heading.default\">\n\t\t\t\t\t<h2 class=\"elementor-heading-title elementor-size-default\">Cop d'ull: Shedim<\/h2>\t\t\t\t<\/div>\n\t\t\t\t<div class=\"elementor-element elementor-element-3f50d82c elementor-widget elementor-widget-text-editor\" data-id=\"3f50d82c\" data-element_type=\"widget\" data-e-type=\"widget\" data-widget_type=\"text-editor.default\">\n\t\t\t\t\t\t\t\t\t<p><strong>Tipus:<\/strong> Terme col\u00b7lectiu per a dimonis i \u00e9ssers nocius invisibles<br>Origen: Probablement mesopot\u00e0mic (<em>shedu<\/em>), adoptat en hebreu b\u00edblic<br>Textos: Dt 32,17; Sl 106,37; <span class=\"iwg-fachbegriff\" data-tooltip=\"Obra principal del judaisme rab\u00ednic amb la interpretaci\u00f3 de la tradici\u00f3 religiosa.\" tabindex=\"0\">Talmud<\/span> (entre altres, Pesahim 110, 112); copes m\u00e0giques aramees; <span class=\"iwg-fachbegriff\" data-tooltip=\"Corrent de la m\u00edstica jueva amb obres principals com el Sefer Ietsir\u00e0 i el Zohar.\" tabindex=\"0\">Cabala<\/span><br>Per\u00edode: Des de l&#8217;\u00e8poca preex\u00edlica fins a l&#8217;actualitat<br>Difusi\u00f3: Babil\u00f2nia, Palestina, di\u00e0spora mundial<br>Protecci\u00f3: <span class=\"iwg-fachbegriff\" data-tooltip=\"Adre\u00e7ament ling\u00fc\u00edstic de l'\u00e9sser hum\u00e0 a una divinitat.\" tabindex=\"0\">Oraci\u00f3<\/span>, m\u00e0gia de noms, amulets, mezuz\u00e0, actes de protecci\u00f3 regulats rab\u00ednicament<\/p>\t\t\t\t\t\t\t\t<\/div>\n\t\t\t\t\t<\/div>\n\t\t\t\t<\/div>\n\t\t\t\t\t<\/div>\n\t\t\t\t<\/div>\n\t\t\t\t\t<\/div>\n\t\t\t\t<\/div>\n\t\t<div class=\"elementor-element elementor-element-18613602 e-flex e-con-boxed e-con e-parent\" data-id=\"18613602\" data-element_type=\"container\" data-e-type=\"container\">\n\t\t\t\t\t<div class=\"e-con-inner\">\n\t\t\t\t<div class=\"elementor-element elementor-element-262b8a9f elementor-widget elementor-widget-heading\" data-id=\"262b8a9f\" data-element_type=\"widget\" data-e-type=\"widget\" data-widget_type=\"heading.default\">\n\t\t\t\t\t<h2 class=\"elementor-heading-title elementor-size-default\">Introducci\u00f3<\/h2>\t\t\t\t<\/div>\n\t\t<div class=\"elementor-element elementor-element-46dcb7d e-con-full e-flex e-con e-child\" data-id=\"46dcb7d\" data-element_type=\"container\" data-e-type=\"container\">\n\t\t<div class=\"elementor-element elementor-element-61d3ab3 e-flex e-con-boxed e-con e-child\" data-id=\"61d3ab3\" data-element_type=\"container\" data-e-type=\"container\">\n\t\t\t\t\t<div class=\"e-con-inner\">\n\t\t\t\t<div class=\"elementor-element elementor-element-117c166 elementor-widget elementor-widget-heading\" data-id=\"117c166\" data-element_type=\"widget\" data-e-type=\"widget\" data-widget_type=\"heading.default\">\n\t\t\t\t\t<div class=\"elementor-heading-title elementor-size-default\">Per\u00edode dels textos<\/div>\t\t\t\t<\/div>\n\t\t\t\t<div class=\"elementor-element elementor-element-73997a0 elementor-widget elementor-widget-text-editor\" data-id=\"73997a0\" data-element_type=\"widget\" data-e-type=\"widget\" data-widget_type=\"text-editor.default\">\n\t\t\t\t\t\t\t\t\t<p>Els dos passatges b\u00edblics es situen en el context de la pol\u00e8mica contra l&#8217;idolatria; els shedim s\u00f3n aqu\u00ed les \u00abpot\u00e8ncies estrangeres\u00bb a les quals Israel ofereix <span class=\"iwg-fachbegriff\" data-tooltip=\"Do a una divinitat per expressar gratitud, s\u00faplica o veneraci\u00f3.\" tabindex=\"0\">sacrificis<\/span> il\u00b7leg\u00edtimament. El desenvolupament del concepte t\u00e9 lloc en la literatura rab\u00ednica dels segles III-VI dC, especialment en el <span class=\"iwg-fachbegriff\" data-tooltip=\"Obra principal del judaisme rab\u00ednic amb la interpretaci\u00f3 de la tradici\u00f3 religiosa.\" tabindex=\"0\">Talmud<\/span> babil\u00f2nic. Les copes m\u00e0giques aramees (segles IV-VII) ofereixen una visi\u00f3 pr\u00e0ctica molt rica. La <span class=\"iwg-fachbegriff\" data-tooltip=\"Corrent de la m\u00edstica jueva amb obres principals com el Sefer Ietsir\u00e0 i el Zohar.\" tabindex=\"0\">Cabala<\/span> medieval i la m\u00e0gia popular continuen aquesta tradici\u00f3.<\/p>\t\t\t\t\t\t\t\t<\/div>\n\t\t\t\t\t<\/div>\n\t\t\t\t<\/div>\n\t\t<div class=\"elementor-element elementor-element-d47b156 e-flex e-con-boxed e-con e-child\" data-id=\"d47b156\" data-element_type=\"container\" data-e-type=\"container\">\n\t\t\t\t\t<div class=\"e-con-inner\">\n\t\t\t\t<div class=\"elementor-element elementor-element-ff38c2b elementor-widget elementor-widget-heading\" data-id=\"ff38c2b\" data-element_type=\"widget\" data-e-type=\"widget\" data-widget_type=\"heading.default\">\n\t\t\t\t\t<div class=\"elementor-heading-title elementor-size-default\">\u00c0rea de difusi\u00f3<\/div>\t\t\t\t<\/div>\n\t\t\t\t<div class=\"elementor-element elementor-element-4e49fcc elementor-widget elementor-widget-text-editor\" data-id=\"4e49fcc\" data-element_type=\"widget\" data-e-type=\"widget\" data-widget_type=\"text-editor.default\">\n\t\t\t\t\t\t\t\t\t<p>El centre \u00e9s Babil\u00f2nia (imperi sass\u00e0nida), on es van produir les copes m\u00e0giques. A m\u00e9s, Palestina i tota la di\u00e0spora posterior. Encara present avui dia en comunitats jueves de tot el m\u00f3n, especialment en cercles ortodoxos i hass\u00eddics.<\/p>\t\t\t\t\t\t\t\t<\/div>\n\t\t\t\t\t<\/div>\n\t\t\t\t<\/div>\n\t\t\t\t<\/div>\n\t\t<div class=\"elementor-element elementor-element-db03c39 e-con-full e-flex e-con e-child\" data-id=\"db03c39\" data-element_type=\"container\" data-e-type=\"container\">\n\t\t<div class=\"elementor-element elementor-element-229a87b e-flex e-con-boxed e-con e-child\" data-id=\"229a87b\" data-element_type=\"container\" data-e-type=\"container\">\n\t\t\t\t\t<div class=\"e-con-inner\">\n\t\t\t\t<div class=\"elementor-element elementor-element-1f471fc elementor-widget elementor-widget-heading\" data-id=\"1f471fc\" data-element_type=\"widget\" data-e-type=\"widget\" data-widget_type=\"heading.default\">\n\t\t\t\t\t<div class=\"elementor-heading-title elementor-size-default\">Estat de les fonts<\/div>\t\t\t\t<\/div>\n\t\t\t\t<div class=\"elementor-element elementor-element-36b1201 elementor-widget elementor-widget-text-editor\" data-id=\"36b1201\" data-element_type=\"widget\" data-e-type=\"widget\" data-widget_type=\"text-editor.default\">\n\t\t\t\t\t\t\t\t\t<p>Passatges b\u00edblics individuals, literatura rab\u00ednica (Mixn\u00e0, Tosefta, <span class=\"iwg-fachbegriff\" data-tooltip=\"Obra principal del judaisme rab\u00ednic amb la interpretaci\u00f3 de la tradici\u00f3 religiosa.\" tabindex=\"0\">Talmud<\/span>), textos midr\u00e0shics, copes m\u00e0giques aramees amb centenars d&#8217;exemplars, <span class=\"iwg-fachbegriff\" data-tooltip=\"Corrent de la m\u00edstica jueva amb obres principals com el Sefer Ietsir\u00e0 i el Zohar.\" tabindex=\"0\">Cabala<\/span> medieval (Sefer Razel, Zohar), amulets, manuals moderns de religiositat popular. Una de les classes de dimonis m\u00e9s ben documentades de tota la Mediterr\u00e0nia.<\/p>\t\t\t\t\t\t\t\t<\/div>\n\t\t\t\t\t<\/div>\n\t\t\t\t<\/div>\n\t\t\t\t<\/div>\n\t\t\t\t\t<\/div>\n\t\t\t\t<\/div>\n\t\t<div class=\"elementor-element elementor-element-3ae0637c e-flex e-con-boxed e-con e-parent\" data-id=\"3ae0637c\" data-element_type=\"container\" data-e-type=\"container\">\n\t\t\t\t\t<div class=\"e-con-inner\">\n\t\t\t\t<div class=\"elementor-element elementor-element-31d07739 elementor-widget elementor-widget-heading\" data-id=\"31d07739\" data-element_type=\"widget\" data-e-type=\"widget\" data-widget_type=\"heading.default\">\n\t\t\t\t\t<h2 class=\"elementor-heading-title elementor-size-default\">Denominaci\u00f3 i grafies<\/h2>\t\t\t\t<\/div>\n\t\t<div class=\"elementor-element elementor-element-b7642947 e-con-full e-flex e-con e-child\" data-id=\"b7642947\" data-element_type=\"container\" data-e-type=\"container\">\n\t\t\t\t<div class=\"elementor-element elementor-element-a086266 elementor-widget elementor-widget-text-editor\" data-id=\"a086266\" data-element_type=\"widget\" data-e-type=\"widget\" data-widget_type=\"text-editor.default\">\n\t\t\t\t\t\t\t\t\t<p><strong>Hebreu:<\/strong> <em>shed<\/em> (\u05e9\u05b5\u05c1\u05d3, singular), <em>shedim<\/em> (\u05e9\u05b5\u05c1\u05d3\u05b4\u05d9\u05dd, plural).<br>Arameu: <em>sh\u012bd\u0101<\/em>, plural <em>sh\u012bd\u0113<\/em>.<br>Termes relacionats: <em>mazzikim<\/em> (els que fan mal), <em>ruchot ra&#8217;ot<\/em> (esperits malignes), <em>lilin<\/em> (figures nocturnes). Tots designen categories que se superposen sense ser id\u00e8ntiques.<\/p><p>La probable derivaci\u00f3 del mesopot\u00e0mic <em>shedu<\/em> (geni-toro protector a les portes de <span class=\"iwg-fachbegriff\" data-tooltip=\"Construcci\u00f3 destinada a la veneraci\u00f3 d'una o diverses divinitats.\" tabindex=\"0\">temples<\/span> i palaus) resulta ling\u00fc\u00edsticament interessant: all\u00f2 que a Mesopot\u00e0mia era una for\u00e7a protectora es converteix a Israel en una amena\u00e7a. Aix\u00f2 reflecteix la posici\u00f3 hist\u00f2rico-religiosa del <span class=\"iwg-fachbegriff\" data-tooltip=\"La creen\u00e7a en un \u00fanic d\u00e9u.\" tabindex=\"0\">monoteisme<\/span> b\u00edblic: all\u00f2 que altres veneraven com a d\u00e9us protectors nom\u00e9s pot ser un <span class=\"iwg-fachbegriff\" data-tooltip=\"\u00c9sser espiritual al qual s'atribueix un efecte nociu o ambivalent.\" tabindex=\"0\">dimoni<\/span> dins el sistema israelita.<\/p>\t\t\t\t\t\t\t\t<\/div>\n\t\t\t\t<\/div>\n\t\t\t\t\t<\/div>\n\t\t\t\t<\/div>\n\t\t<div class=\"elementor-element elementor-element-709a44a8 e-flex e-con-boxed e-con e-parent\" data-id=\"709a44a8\" data-element_type=\"container\" data-e-type=\"container\">\n\t\t\t\t\t<div class=\"e-con-inner\">\n\t\t\t\t<div class=\"elementor-element elementor-element-2f585873 elementor-widget elementor-widget-heading\" data-id=\"2f585873\" data-element_type=\"widget\" data-e-type=\"widget\" data-widget_type=\"heading.default\">\n\t\t\t\t\t<h2 class=\"elementor-heading-title elementor-size-default\">Descripci\u00f3<\/h2>\t\t\t\t<\/div>\n\t\t<div class=\"elementor-element elementor-element-70621c12 e-con-full e-flex e-con e-child\" data-id=\"70621c12\" data-element_type=\"container\" data-e-type=\"container\">\n\t\t\t\t<div class=\"elementor-element elementor-element-4296eb49 elementor-widget elementor-widget-text-editor\" data-id=\"4296eb49\" data-element_type=\"widget\" data-e-type=\"widget\" data-widget_type=\"text-editor.default\">\n\t\t\t\t\t\t\t\t\t<p><strong>Aparen\u00e7a<\/strong><\/p><p>Majorit\u00e0riament invisibles. El <span class=\"iwg-fachbegriff\" data-tooltip=\"Obra principal del judaisme rab\u00ednic amb la interpretaci\u00f3 de la tradici\u00f3 religiosa.\" tabindex=\"0\">Talmud<\/span> els descriu amb humor: \u00abQui vulgui veure les seves petjades, que escampi cendra al voltant del llit, al mat\u00ed hi veur\u00e0 petjades de gall.\u00bb Alguns textos els atribueixen ales, forma humana b\u00e0sica i peus no humans. La <span class=\"iwg-fachbegriff\" data-tooltip=\"Disciplina que estudia el contingut de les imatges i el seu significat.\" tabindex=\"0\">iconografia<\/span> dels bols m\u00e0gics els mostra encadenats, generalment amb forma antropomorfa.<\/p><p><strong>Comportament<\/strong><\/p><p>Els shedim habiten llocs impurs (ru\u00efnes, latrines, cementiris), fronteres i llocs de pas. Provoquen malalties, pertorben el son, causen conflictes, sedueixen. A difer\u00e8ncia de Lilit, no tenen un \u00e0mbit d&#8217;actuaci\u00f3 espec\u00edfic: s\u00f3n l&#8217;amena\u00e7a demon\u00edaca \u00abgeneral\u00bb de la vida quotidiana.<\/p><p><strong>\u00c0mbit d&#8217;actuaci\u00f3<\/strong><\/p><p>Llocs impurs, passos, situacions nocturnes, viatges. El <span class=\"iwg-fachbegriff\" data-tooltip=\"Obra principal del judaisme rab\u00ednic amb la interpretaci\u00f3 de la tradici\u00f3 religiosa.\" tabindex=\"0\">Talmud<\/span> esmenta zones de risc espec\u00edfiques: cantonades, llindars de portes, pous, latrines, camins al capvespre.<\/p><p><strong>Origen mitol\u00f2gic<\/strong><\/p><p>Les tradicions midr\u00e0shiques n&#8217;expliquen or\u00edgens diversos: com a \u00faltims \u00e9ssers de la setmana de la creaci\u00f3, com a descendents d&#8217;Adam amb Lilit, com a \u00e9ssers formats de pols que van quedar aturats abans que la creaci\u00f3 s&#8217;acab\u00e9s. Aquesta diversitat de relats \u00e9s en si mateixa expressi\u00f3 de l&#8217;obertura de la categoria.<\/p>\t\t\t\t\t\t\t\t<\/div>\n\t\t\t\t<\/div>\n\t\t\t\t\t<\/div>\n\t\t\t\t<\/div>\n\t\t<div class=\"elementor-element elementor-element-44e71476 e-flex e-con-boxed e-con e-parent\" data-id=\"44e71476\" data-element_type=\"container\" data-e-type=\"container\">\n\t\t\t\t\t<div class=\"e-con-inner\">\n\t\t\t\t<div class=\"elementor-element elementor-element-3c1fc3f0 elementor-widget elementor-widget-heading\" data-id=\"3c1fc3f0\" data-element_type=\"widget\" data-e-type=\"widget\" data-widget_type=\"heading.default\">\n\t\t\t\t\t<h2 class=\"elementor-heading-title elementor-size-default\">Fitxa: Shedim<\/h2>\t\t\t\t<\/div>\n\t\t<div class=\"elementor-element elementor-element-84f33b8e e-con-full e-flex e-con e-child\" data-id=\"84f33b8e\" data-element_type=\"container\" data-e-type=\"container\">\n\t\t\t\t<div class=\"elementor-element elementor-element-hqkdc67p elementor-widget elementor-widget-text-editor\" data-id=\"hqkdc67p\" data-element_type=\"widget\" data-e-type=\"widget\" data-widget_type=\"text-editor.default\">\n\t\t\t\t\t\t\t\t\t<p>Els aspectes m\u00e9s importants dels shedim d&#8217;un cop d&#8217;ull. Trobareu el desenvolupament sobre el nom, la descripci\u00f3, la protecci\u00f3 i els paral\u00b7lelismes en les seccions seg\u00fcents.<\/p>\t\t\t\t\t\t\t\t<\/div>\n\t\t\t\t<\/div>\n\t\t<div class=\"elementor-element elementor-element-pemmx7c5 e-con-full e-flex e-con e-child\" data-id=\"pemmx7c5\" data-element_type=\"container\" data-e-type=\"container\">\n\t\t<div class=\"elementor-element elementor-element-pemmx7c1 e-con-full e-flex e-con e-child\" data-id=\"pemmx7c1\" data-element_type=\"container\" data-e-type=\"container\">\n\t\t<div class=\"elementor-element elementor-element-qh9oavvu iwg-steckbrief-card e-flex e-con-boxed e-con e-child\" data-id=\"qh9oavvu\" data-element_type=\"container\" data-e-type=\"container\">\n\t\t\t\t\t<div class=\"e-con-inner\">\n\t\t\t\t<div class=\"elementor-element elementor-element-awzx8k2k elementor-widget elementor-widget-heading\" data-id=\"awzx8k2k\" data-element_type=\"widget\" data-e-type=\"widget\" data-widget_type=\"heading.default\">\n\t\t\t\t\t<div class=\"elementor-heading-title elementor-size-default\">Origen<\/div>\t\t\t\t<\/div>\n\t\t\t\t<div class=\"elementor-element elementor-element-x6rowhv0 elementor-widget elementor-widget-text-editor\" data-id=\"x6rowhv0\" data-element_type=\"widget\" data-e-type=\"widget\" data-widget_type=\"text-editor.default\">\n\t\t\t\t\t\t\t\t\t<p>Terme col\u00b7lectiu, no un \u00e9sser individual. Etimol\u00f2gicament probablement pren l&#8217;arrel del mesopot\u00e0mic <em>shedu<\/em>, que en l&#8217;hebreu b\u00edblic i rab\u00ednic va adquirir un sentit negatiu.<\/p>\t\t\t\t\t\t\t\t<\/div>\n\t\t\t\t\t<\/div>\n\t\t\t\t<\/div>\n\t\t<div class=\"elementor-element elementor-element-8e3o4kxs iwg-steckbrief-card e-flex e-con-boxed e-con e-child\" data-id=\"8e3o4kxs\" data-element_type=\"container\" data-e-type=\"container\">\n\t\t\t\t\t<div class=\"e-con-inner\">\n\t\t\t\t<div class=\"elementor-element elementor-element-08rkdgov elementor-widget elementor-widget-heading\" data-id=\"08rkdgov\" data-element_type=\"widget\" data-e-type=\"widget\" data-widget_type=\"heading.default\">\n\t\t\t\t\t<div class=\"elementor-heading-title elementor-size-default\">Objectiu dels shedim<\/div>\t\t\t\t<\/div>\n\t\t\t\t<div class=\"elementor-element elementor-element-uwjelx8s elementor-widget elementor-widget-text-editor\" data-id=\"uwjelx8s\" data-element_type=\"widget\" data-e-type=\"widget\" data-widget_type=\"text-editor.default\">\n\t\t\t\t\t\t\t\t\t<p>Amena\u00e7a general. Persones que es troben en llocs impurs o en llindars, viatgers al capvespre, persones que dormen sense f\u00f3rmula de protecci\u00f3.<\/p>\t\t\t\t\t\t\t\t<\/div>\n\t\t\t\t\t<\/div>\n\t\t\t\t<\/div>\n\t\t<div class=\"elementor-element elementor-element-jm2n74ec iwg-steckbrief-card e-flex e-con-boxed e-con e-child\" data-id=\"jm2n74ec\" data-element_type=\"container\" data-e-type=\"container\">\n\t\t\t\t\t<div class=\"e-con-inner\">\n\t\t\t\t<div class=\"elementor-element elementor-element-8vufse4c elementor-widget elementor-widget-heading\" data-id=\"8vufse4c\" data-element_type=\"widget\" data-e-type=\"widget\" data-widget_type=\"heading.default\">\n\t\t\t\t\t<div class=\"elementor-heading-title elementor-size-default\">Aparen\u00e7a<\/div>\t\t\t\t<\/div>\n\t\t\t\t<div class=\"elementor-element elementor-element-mwb9u015 elementor-widget elementor-widget-text-editor\" data-id=\"mwb9u015\" data-element_type=\"widget\" data-e-type=\"widget\" data-widget_type=\"text-editor.default\">\n\t\t\t\t\t\t\t\t\t<p>Majorit\u00e0riament invisibles. De vegades descrits amb peus de gall, ales i part superior humana. Als bols m\u00e0gics es representen de forma antropomorfa i encadenats.<\/p>\t\t\t\t\t\t\t\t<\/div>\n\t\t\t\t\t<\/div>\n\t\t\t\t<\/div>\n\t\t\t\t<\/div>\n\t\t<div class=\"elementor-element elementor-element-pemmx7c2 e-con-full e-flex e-con e-child\" data-id=\"pemmx7c2\" data-element_type=\"container\" data-e-type=\"container\">\n\t\t<div class=\"elementor-element elementor-element-37ss2yr6 iwg-steckbrief-card e-flex e-con-boxed e-con e-child\" data-id=\"37ss2yr6\" data-element_type=\"container\" data-e-type=\"container\">\n\t\t\t\t\t<div class=\"e-con-inner\">\n\t\t\t\t<div class=\"elementor-element elementor-element-3v0wp3wx elementor-widget elementor-widget-heading\" data-id=\"3v0wp3wx\" data-element_type=\"widget\" data-e-type=\"widget\" data-widget_type=\"heading.default\">\n\t\t\t\t\t<div class=\"elementor-heading-title elementor-size-default\">Funci\u00f3<\/div>\t\t\t\t<\/div>\n\t\t\t\t<div class=\"elementor-element elementor-element-w3247g2m elementor-widget elementor-widget-text-editor\" data-id=\"w3247g2m\" data-element_type=\"widget\" data-e-type=\"widget\" data-widget_type=\"text-editor.default\">\n\t\t\t\t\t\t\t\t\t<p>Malaltia, pertorbacions nocturnes, conflictes, sobresalts sobtats. Efecte perjudicial sense una especialitzaci\u00f3 tem\u00e0tica concreta.<\/p>\t\t\t\t\t\t\t\t<\/div>\n\t\t\t\t\t<\/div>\n\t\t\t\t<\/div>\n\t\t<div class=\"elementor-element elementor-element-0qpjal9w iwg-steckbrief-card e-flex e-con-boxed e-con e-child\" data-id=\"0qpjal9w\" data-element_type=\"container\" data-e-type=\"container\">\n\t\t\t\t\t<div class=\"e-con-inner\">\n\t\t\t\t<div class=\"elementor-element elementor-element-6ndoih0o elementor-widget elementor-widget-heading\" data-id=\"6ndoih0o\" data-element_type=\"widget\" data-e-type=\"widget\" data-widget_type=\"heading.default\">\n\t\t\t\t\t<div class=\"elementor-heading-title elementor-size-default\">Protecci\u00f3<\/div>\t\t\t\t<\/div>\n\t\t\t\t<div class=\"elementor-element elementor-element-6684tyh9 elementor-widget elementor-widget-text-editor\" data-id=\"6684tyh9\" data-element_type=\"widget\" data-e-type=\"widget\" data-widget_type=\"text-editor.default\">\n\t\t\t\t\t\t\t\t\t<p><span class=\"iwg-fachbegriff\" data-tooltip=\"L'adre\u00e7ament verbal d'una persona a una divinitat.\" tabindex=\"0\">Oraci\u00f3<\/span>, m\u00e0gia de noms, amulets, mezuz\u00e0 a la porta, f\u00f3rmules de protecci\u00f3 en entrar a llocs impurs. El <span class=\"iwg-fachbegriff\" data-tooltip=\"Obra principal del judaisme rab\u00ednic amb la interpretaci\u00f3 de la tradici\u00f3 religiosa.\" tabindex=\"0\">Talmud<\/span> dona normes de conducta detallades (per exemple, en anar a la latrina).<\/p>\t\t\t\t\t\t\t\t<\/div>\n\t\t\t\t\t<\/div>\n\t\t\t\t<\/div>\n\t\t<div class=\"elementor-element elementor-element-3lfi7x32 iwg-steckbrief-card e-flex e-con-boxed e-con e-child\" data-id=\"3lfi7x32\" data-element_type=\"container\" data-e-type=\"container\">\n\t\t\t\t\t<div class=\"e-con-inner\">\n\t\t\t\t<div class=\"elementor-element elementor-element-0kg99ga1 elementor-widget elementor-widget-heading\" data-id=\"0kg99ga1\" data-element_type=\"widget\" data-e-type=\"widget\" data-widget_type=\"heading.default\">\n\t\t\t\t\t<div class=\"elementor-heading-title elementor-size-default\">\u00c9ssers relacionats<\/div>\t\t\t\t<\/div>\n\t\t\t\t<div class=\"elementor-element elementor-element-n0fum6kp elementor-widget elementor-widget-text-editor\" data-id=\"n0fum6kp\" data-element_type=\"widget\" data-e-type=\"widget\" data-widget_type=\"text-editor.default\">\n\t\t\t\t\t\t\t\t\t<p>Els <em>shedu<\/em>\/<em>lamassu<\/em> mesopot\u00e0mics (relacionats etimol\u00f2gicament), els <em>daimones<\/em> grecs (categoria col\u00b7lectiva comparable), els dimonis cristians en general, els <em>jinn<\/em> \u00e0rabs.<\/p>\t\t\t\t\t\t\t\t<\/div>\n\t\t\t\t\t<\/div>\n\t\t\t\t<\/div>\n\t\t\t\t<\/div>\n\t\t\t\t<\/div>\n\t\t\t\t\t<\/div>\n\t\t\t\t<\/div>\n\t\t<div class=\"elementor-element elementor-element-7533bc7a e-flex e-con-boxed e-con e-parent\" data-id=\"7533bc7a\" data-element_type=\"container\" data-e-type=\"container\">\n\t\t\t\t\t<div class=\"e-con-inner\">\n\t\t\t\t<div class=\"elementor-element elementor-element-2447d18d elementor-widget elementor-widget-heading\" data-id=\"2447d18d\" data-element_type=\"widget\" data-e-type=\"widget\" data-widget_type=\"heading.default\">\n\t\t\t\t\t<h2 class=\"elementor-heading-title elementor-size-default\">Defensa pr\u00e0ctica<\/h2>\t\t\t\t<\/div>\n\t\t<div class=\"elementor-element elementor-element-d5d0260c e-con-full e-flex e-con e-child\" data-id=\"d5d0260c\" data-element_type=\"container\" data-e-type=\"container\">\n\t\t\t\t<div class=\"elementor-element elementor-element-341be2ac elementor-widget elementor-widget-text-editor\" data-id=\"341be2ac\" data-element_type=\"widget\" data-e-type=\"widget\" data-widget_type=\"text-editor.default\">\n\t\t\t\t\t\t\t\t\t<p><strong>Rituals per allunyar-los<\/strong><\/p><p>El <span class=\"iwg-fachbegriff\" data-tooltip=\"Obra principal del judaisme rab\u00ednic amb la interpretaci\u00f3 de la tradici\u00f3 religiosa.\" tabindex=\"0\">Talmud<\/span> dona instruccions detallades: f\u00f3rmules de protecci\u00f3 en entrar a una latrina, escopir tres vegades en determinades trobades, rentar-se les mans en despertar-se. Aquests petits rituals quotidians mantenen els Xedim a dist\u00e0ncia, sense negociar-hi directament.<\/p><p><strong>Conjurs<\/strong><\/p><p>Els bols m\u00e0gics arameus s\u00f3n la font m\u00e9s rica. Els seus textos conjuren Xedim individuals pel seu nom, els lliguen amb noms de D\u00e9u i noms d&#8217;\u00e0ngels i els fan tornar a llocs impurs. La l\u00f2gica central: qui coneix el nom d&#8217;un Xed t\u00e9 poder sobre ell.<\/p><p><strong>Amulets i s\u00edmbols de protecci\u00f3<\/strong><\/p><p>La mesuz\u00e0 a cada brancal de porta, on el nom de D\u00e9u <em>Shaddai<\/em> hi actua com a guardi\u00e0. Els kimpetzettel per al puerperi i el nad\u00f3. Amulets amb versicles de salms i noms d&#8217;\u00e0ngels. La m\u00e0 de Khamsa contra el mal d&#8217;ull.<\/p>\t\t\t\t\t\t\t\t<\/div>\n\t\t\t\t<\/div>\n\t\t\t\t\t<\/div>\n\t\t\t\t<\/div>\n\t\t<div class=\"elementor-element elementor-element-5a584676 e-flex e-con-boxed e-con e-parent\" data-id=\"5a584676\" data-element_type=\"container\" data-e-type=\"container\">\n\t\t\t\t\t<div class=\"e-con-inner\">\n\t\t\t\t<div class=\"elementor-element elementor-element-6d0757bf elementor-widget elementor-widget-heading\" data-id=\"6d0757bf\" data-element_type=\"widget\" data-e-type=\"widget\" data-widget_type=\"heading.default\">\n\t\t\t\t\t<h2 class=\"elementor-heading-title elementor-size-default\">Paral\u00b7lelismes i perviv\u00e8ncia<\/h2>\t\t\t\t<\/div>\n\t\t<div class=\"elementor-element elementor-element-60563f68 e-con-full e-flex e-con e-child\" data-id=\"60563f68\" data-element_type=\"container\" data-e-type=\"container\">\n\t\t\t\t<div class=\"elementor-element elementor-element-5a93fdd6 elementor-widget elementor-widget-text-editor\" data-id=\"5a93fdd6\" data-element_type=\"widget\" data-e-type=\"widget\" data-widget_type=\"text-editor.default\">\n\t\t\t\t\t\t\t\t\t<p><strong>Mesopot\u00e0mia<\/strong><\/p><p>El nom probablement prov\u00e9 de <em>shedu<\/em>, all\u00e0 un toro protector, aqu\u00ed un <span class=\"iwg-fachbegriff\" data-tooltip=\"\u00c9sser espiritual al qual s'atribueix un efecte nociu o ambivalent.\" tabindex=\"0\">dimoni<\/span>. Aquesta reinterpretaci\u00f3 \u00e9s un cas exemplar de canvi en la hist\u00f2ria de les religions.<\/p><p><strong>Tradici\u00f3 isl\u00e0mica<\/strong><\/p><p>Els <em>jinn<\/em> \u00e0rabs assumeixen estructuralment molts trets dels Xedim: una classe d&#8217;\u00e9ssers intermedis invisibles, ambivalents, entre l&#8217;\u00e9sser hum\u00e0 i l&#8217;<span class=\"iwg-fachbegriff\" data-tooltip=\"En les religions abra\u00e0miques, un \u00e9sser missatger celestial de D\u00e9u.\" tabindex=\"0\">\u00e0ngel<\/span>. Els paral\u00b7lelismes s\u00f3n densos, tot i que no es pot demostrar una depend\u00e8ncia directa.<\/p><p><strong><span class=\"iwg-fachbegriff\" data-tooltip=\"La cultura popular transmesa amb costums, narracions i can\u00e7ons.\" tabindex=\"0\">Folklore<\/span> jueu modern<\/strong><\/p><p>En les tradicions xass\u00eddiques d&#8217;Europa de l&#8217;Est, la imatge dels Xedim continua ben viva. La literatura moderna (I. B. Singer, narracions de dibbuks) hi recorre. En l&#8217;hebreu israeli\u00e0 contemporani, <em>shed<\/em> s&#8217;usa popularment per a \u00abtrapella\u00bb o \u00abfollet\u00bb, un afebliment ambivalentment murri.<\/p>\t\t\t\t\t\t\t\t<\/div>\n\t\t\t\t<\/div>\n\t\t\t\t\t<\/div>\n\t\t\t\t<\/div>\n\t\t<div class=\"elementor-element elementor-element-cp0ac5bb5 e-flex e-con-boxed e-con e-parent\" data-id=\"cp0ac5bb5\" data-element_type=\"container\" data-e-type=\"container\">\n\t\t\t\t\t<div class=\"e-con-inner\">\n\t\t\t\t<div class=\"elementor-element elementor-element-cp56528b4 elementor-widget elementor-widget-heading\" data-id=\"cp56528b4\" data-element_type=\"widget\" data-e-type=\"widget\" data-widget_type=\"heading.default\">\n\t\t\t\t\t<h2 class=\"elementor-heading-title elementor-size-default\">Les poques refer\u00e8ncies b\u00edbliques i el problema de la traducci\u00f3<\/h2>\t\t\t\t<\/div>\n\t\t<div class=\"elementor-element elementor-element-cpc36c61c e-con-full e-flex e-con e-child\" data-id=\"cpc36c61c\" data-element_type=\"container\" data-e-type=\"container\">\n\t\t\t\t<div class=\"elementor-element elementor-element-cpc2c0977 elementor-widget elementor-widget-text-editor\" data-id=\"cpc2c0977\" data-element_type=\"widget\" data-e-type=\"widget\" data-widget_type=\"text-editor.default\">\n\t\t\t\t\t\t\t\t\t<p>La paraula hebrea <em>schedim<\/em> apareix a tot el Tanakh nom\u00e9s en dos passatges, tots dos en plural. Al llibre del Deuteronomi es retreu a Israel haver ofert sacrificis als <em>schedim<\/em>, que no eren cap <span class=\"iwg-fachbegriff\" data-tooltip=\"Un \u00e9sser venerat com a div\u00ed dins d'una religi\u00f3.\" tabindex=\"0\">divinitat<\/span>, sin\u00f3 d\u00e9us nous que els pares no havien conegut.<\/p><p>En un salm es diu que el poble va oferir fills i filles als <em>schedim<\/em>, vessant aix\u00ed sang innocent. Ambd\u00f3s passatges vinculen estretament la paraula amb un culte de sacrificis prohibit, especialment amb sacrificis infantils oferts a poders estrangers.<\/p><p>Aquesta base testimonial tan escassa ja deixa clar que el testimoni b\u00edblic pr\u00e0cticament no diu res sobre la naturalesa d&#8217;aquests \u00e9ssers. Els textos s\u00f3n pol\u00e8mics, volen desacreditar cultes estrangers, no desenvolupar una demonologia. <em>Schedim<\/em> apareix aqu\u00ed com a denominaci\u00f3 col\u00b7lectiva dels receptors d&#8217;un culte que els autors b\u00edblics marquen com a idol\u00e0tric i sagnant.<\/p><p>La recerca relaciona la paraula amb molta probabilitat amb l&#8217;accadi <em>schedu<\/em>. Aquest terme designava a la regi\u00f3 mesopot\u00e0mica un esperit protector, sovint amb forma d&#8217;home-brau alat, que vigilava les portes de palaus i temples.<\/p><p>All\u00f2 que a Mesopot\u00e0mia era un geni protector ben\u00e8vol es va reinterpretar a la B\u00edblia hebrea com un poder estranger i il\u00b7leg\u00edtim, al qual no es pot oferir sacrificis.<\/p><p>Aquesta reinterpretaci\u00f3 \u00e9s un bon exemple d&#8217;un patr\u00f3 habitual. Els d\u00e9us i esperits dels pobles ve\u00efns no es neguen dins el <span class=\"iwg-fachbegriff\" data-tooltip=\"La creen\u00e7a en un \u00fanic d\u00e9u.\" tabindex=\"0\">monoteisme<\/span> b\u00edblic, sin\u00f3 que es devaluen: no s\u00f3n divinitats reals, sin\u00f3 simples <em>schedim<\/em>, als quals cap <span class=\"iwg-fachbegriff\" data-tooltip=\"El conjunt d'actes de veneraci\u00f3 religiosa cap a una divinitat o figura sagrada.\" tabindex=\"0\">culte<\/span> leg\u00edtim pot adre\u00e7ar-se.<\/p><p>La demonologia jueva posterior tenia, per tant, poc fonament b\u00edblic sobre el qual construir, i va haver de desenvolupar la imatge d&#8217;aquests \u00e9ssers pr\u00e0cticament des de zero.<\/p>\t\t\t\t\t\t\t\t<\/div>\n\t\t\t\t<\/div>\n\t\t\t\t\t<\/div>\n\t\t\t\t<\/div>\n\t\t<div class=\"elementor-element elementor-element-cp01ffe67 e-flex e-con-boxed e-con e-parent\" data-id=\"cp01ffe67\" data-element_type=\"container\" data-e-type=\"container\">\n\t\t\t\t\t<div class=\"e-con-inner\">\n\t\t\t\t<div class=\"elementor-element elementor-element-cp4c67ed9 elementor-widget elementor-widget-heading\" data-id=\"cp4c67ed9\" data-element_type=\"widget\" data-e-type=\"widget\" data-widget_type=\"heading.default\">\n\t\t\t\t\t<h2 class=\"elementor-heading-title elementor-size-default\">El desenvolupament dels Schedim en la literatura rab\u00ednica<\/h2>\t\t\t\t<\/div>\n\t\t<div class=\"elementor-element elementor-element-cpeb7801e e-con-full e-flex e-con e-child\" data-id=\"cpeb7801e\" data-element_type=\"container\" data-e-type=\"container\">\n\t\t\t\t<div class=\"elementor-element elementor-element-cp75df800 elementor-widget elementor-widget-text-editor\" data-id=\"cp75df800\" data-element_type=\"widget\" data-e-type=\"widget\" data-widget_type=\"text-editor.default\">\n\t\t\t\t\t\t\t\t\t<p>No va ser fins a la literatura rab\u00ednica, sobretot el <span class=\"iwg-fachbegriff\" data-tooltip=\"Obra principal del judaisme rab\u00ednic amb la interpretaci\u00f3 de la tradici\u00f3 religiosa.\" tabindex=\"0\">Talmud<\/span> babil\u00f2nic i les obres exeg\u00e8tiques relacionades, que la paraula b\u00edblica, tan escassa, es va convertir en una classe demon\u00edaca elaborada. Aqu\u00ed els <em>schedim<\/em> apareixen com una esp\u00e8cie d&#8217;\u00e9ssers nombrosa i omnipresent.<\/p><p>Un passatge sovint citat del tractat talm\u00fadic Berakhot descriu que els Schedim envolten els humans en un nombre immens, que cadasc\u00fa en t\u00e9 milers a l&#8217;esquerra i a la dreta, i que l&#8217;aglomeraci\u00f3 a la casa d&#8217;estudi o el cansament dels genolls provenen de la seva acci\u00f3.<\/p><p>Els rabins van situar els Schedim en una posici\u00f3 interm\u00e8dia.<\/p><p>Un text conegut enumera tres caracter\u00edstiques en qu\u00e8 s&#8217;assemblen als \u00e0ngels servents: tenen ales, volen d&#8217;un extrem del m\u00f3n a l&#8217;altre i saben qu\u00e8 passar\u00e0; i tres en qu\u00e8 s&#8217;assemblen als humans: mengen i beuen, es reprodueixen i moren.<\/p><p>Els Schedim se situen aix\u00ed entre l&#8217;<span class=\"iwg-fachbegriff\" data-tooltip=\"En les religions abrah\u00e0miques, un \u00e9sser missatger celestial de D\u00e9u.\" tabindex=\"0\">\u00e0ngel<\/span> i l&#8217;home: s\u00f3n prou corporals per morir i prou espirituals per posseir coneixement ocult.<\/p><p>Sobre el seu origen circulaven diverses idees. Una <span class=\"iwg-fachbegriff\" data-tooltip=\"La transmissi\u00f3 de coneixements i relats al llarg de generacions.\" tabindex=\"0\">tradici\u00f3<\/span> molt estesa els vincula amb el capvespre del sis\u00e8 dia de la creaci\u00f3, quan D\u00e9u hauria creat les seves \u00e0nimes, per\u00f2 a causa de l&#8217;arribada del Xabat ja no hauria pogut completar els seus cossos, per la qual cosa haurien quedat inacabats entre les esferes. Altres textos atribueixen certs dimonis a Adam.<\/p><p>La literatura rab\u00ednica tamb\u00e9 va desenvolupar noms de l\u00edders individuals, dona indicacions sobre els seus llocs de resid\u00e8ncia preferits, com ara ru\u00efnes, latrines, ombres d&#8217;arbres i camins solitaris de nit, i esmenta moments de perill especial. Aix\u00ed, del terme col\u00b7lectiu b\u00edblic va sorgir un edifici doctrinal detallat que impregnava la vida quotidiana.<\/p>\t\t\t\t\t\t\t\t<\/div>\n\t\t\t\t<\/div>\n\t\t\t\t\t<\/div>\n\t\t\t\t<\/div>\n\t\t<div class=\"elementor-element elementor-element-cp5910d47 e-flex e-con-boxed e-con e-parent\" data-id=\"cp5910d47\" data-element_type=\"container\" data-e-type=\"container\">\n\t\t\t\t\t<div class=\"e-con-inner\">\n\t\t\t\t<div class=\"elementor-element elementor-element-cpf11b154 elementor-widget elementor-widget-heading\" data-id=\"cpf11b154\" data-element_type=\"widget\" data-e-type=\"widget\" data-widget_type=\"heading.default\">\n\t\t\t\t\t<h2 class=\"elementor-heading-title elementor-size-default\">Protecci\u00f3 i defensa en la vida quotidiana jueva<\/h2>\t\t\t\t<\/div>\n\t\t<div class=\"elementor-element elementor-element-cpe1b0a3d e-con-full e-flex e-con e-child\" data-id=\"cpe1b0a3d\" data-element_type=\"container\" data-e-type=\"container\">\n\t\t\t\t<div class=\"elementor-element elementor-element-cp1bd9a61 elementor-widget elementor-widget-text-editor\" data-id=\"cp1bd9a61\" data-element_type=\"widget\" data-e-type=\"widget\" data-widget_type=\"text-editor.default\">\n\t\t\t\t\t\t\t\t\t<p>Si el m\u00f3n, segons la concepci\u00f3 rab\u00ednica, est\u00e0 densament poblat de <em>shedim<\/em>, aleshores la vida quotidiana necessita mesures de protecci\u00f3. La tradici\u00f3 jueva va desenvolupar al llarg dels segles un ric repertori de mesures de defensa i precauci\u00f3, procedent del <span class=\"iwg-fachbegriff\" data-tooltip=\"Obra principal del judaisme rab\u00ednic amb la interpretaci\u00f3 de la tradici\u00f3 religiosa.\" tabindex=\"0\">Talmud<\/span>, de les obres jur\u00eddiques posteriors i de la pr\u00e0ctica popular.<\/p><p>Al centre hi ha la paraula. La recitaci\u00f3 de benediccions, l&#8217;estudi de la <span class=\"iwg-fachbegriff\" data-tooltip=\"Els cinc llibres de Mois\u00e8s, el conjunt b\u00e0sic de textos del judaisme.\" tabindex=\"0\">Tor\u00e0<\/span> i, especialment, la recitaci\u00f3 de certs salms, sobretot l&#8217;anomenat salm contra les plagues, es consideraven una protecci\u00f3 efica\u00e7.<\/p><p>Tamb\u00e9 el Xem\u00e0, la professi\u00f3 de fe jueva que es pronuncia abans de dormir, es va entendre com una defensa contra els terrors de la nit. La mezuz\u00e0 a la llinda de la porta, que cont\u00e9 versos de la <span class=\"iwg-fachbegriff\" data-tooltip=\"Els cinc llibres de Mois\u00e8s, el conjunt b\u00e0sic de textos del judaisme.\" tabindex=\"0\">Tor\u00e0<\/span>, tamb\u00e9 protegeix, segons una creen\u00e7a estesa, la llar dels poders nocius.<\/p><p>Al costat d&#8217;aix\u00f2 hi havia regles de conducta concretes. El <span class=\"iwg-fachbegriff\" data-tooltip=\"Obra principal del judaisme rab\u00ednic amb la interpretaci\u00f3 de la tradici\u00f3 religiosa.\" tabindex=\"0\">Talmud<\/span> aconsella evitar certs llocs perillosos, no travessar ru\u00efnes de nit ni sol, no beure aigua que hagi estat destapada durant tota la nit, i no passar en llocs perillosos entre dues persones o entre dos arbres.<\/p><p>Tamb\u00e9 formava part d&#8217;aquestes normes fer certes accions per parelles i evitar nombres parells en determinats contextos.<\/p><p>En la <span class=\"iwg-fachbegriff\" data-tooltip=\"L'actitud i la pr\u00e0ctica religiosa viscuda d'una persona.\" tabindex=\"0\">pietat<\/span> popular, sobretot en l&#8217;\u00e0mbit de la <span class=\"iwg-fachbegriff\" data-tooltip=\"Corrent de la m\u00edstica jueva amb obres principals com el Sefer Ietsir\u00e0 i el Zohar.\" tabindex=\"0\">C\u00e0bala<\/span> luri\u00e0nica i del judaisme de l&#8217;Europa de l&#8217;Est, es van afegir amulets: pergamins escrits amb noms de D\u00e9u, noms d&#8217;\u00e0ngels i versos b\u00edblics, que es portaven al cos o es col\u00b7locaven a la llar.<\/p><p>El seu \u00fas era especialment freq\u00fcent per protegir les dones parteres i els nadons, considerats particularment vulnerables. Aquestes pr\u00e0ctiques mostren que els Shedim no eren una simple doctrina te\u00f2rica, sin\u00f3 una realitat amb la qual la religi\u00f3 viscuda comptava dia a dia.<\/p>\t\t\t\t\t\t\t\t<\/div>\n\t\t\t\t<\/div>\n\t\t\t\t\t<\/div>\n\t\t\t\t<\/div>\n\t\t<div class=\"elementor-element elementor-element-cp50c27ba e-flex e-con-boxed e-con e-parent\" data-id=\"cp50c27ba\" data-element_type=\"container\" data-e-type=\"container\">\n\t\t\t\t\t<div class=\"e-con-inner\">\n\t\t\t\t<div class=\"elementor-element elementor-element-cp3772d2d elementor-widget elementor-widget-heading\" data-id=\"cp3772d2d\" data-element_type=\"widget\" data-e-type=\"widget\" data-widget_type=\"heading.default\">\n\t\t\t\t\t<h2 class=\"elementor-heading-title elementor-size-default\">Salom\u00f3, el domini dels dimonis i la posterior formaci\u00f3 de llegendes<\/h2>\t\t\t\t<\/div>\n\t\t<div class=\"elementor-element elementor-element-cp466c7cf e-con-full e-flex e-con e-child\" data-id=\"cp466c7cf\" data-element_type=\"container\" data-e-type=\"container\">\n\t\t\t\t<div class=\"elementor-element elementor-element-cp24567e8 elementor-widget elementor-widget-text-editor\" data-id=\"cp24567e8\" data-element_type=\"widget\" data-e-type=\"widget\" data-widget_type=\"text-editor.default\">\n\t\t\t\t\t\t\t\t\t<p>Una l\u00ednia pr\u00f2pia de tradici\u00f3 connecta els <em>shedim<\/em> amb el rei Salom\u00f3. Parteix de la representaci\u00f3 b\u00edblica que atribueix a Salom\u00f3 una saviesa superior i un domini sobre tota la creaci\u00f3, i a partir d&#8217;aqu\u00ed desenvolupa la idea que el rei tamb\u00e9 tenia poder sobre els esperits i els dimonis.<\/p><p>En el <span class=\"iwg-fachbegriff\" data-tooltip=\"Obra principal del judaisme rab\u00ednic amb la interpretaci\u00f3 de la tradici\u00f3 religiosa.\" tabindex=\"0\">Talmud<\/span> babil\u00f2nic ja es troba un relat detallat en el qual Salom\u00f3 atrapa el cap dels dimonis amb l&#8217;ajuda d&#8217;un anell segell gravat amb el nom de D\u00e9u, i l&#8217;obliga a servir-lo en la construcci\u00f3 del Temple. Al llarg de la hist\u00f2ria, Salom\u00f3 perd temporalment el poder sobre el <span class=\"iwg-fachbegriff\" data-tooltip=\"\u00c9sser espiritual al qual s'atribueix un efecte nociu o ambivalent.\" tabindex=\"0\">dimoni<\/span> a causa de la seva pr\u00f2pia arrog\u00e0ncia.<\/p><p>Aquest relat talm\u00fadic es va convertir en el nucli d&#8217;una extensa tradici\u00f3 legend\u00e0ria postb\u00edblica. En textos posteriors, en part sorgits fora del judaisme rab\u00ednic, Salom\u00f3 esdev\u00e9 el gran mestre dels dimonis, que coneix els seus noms, les seves funcions i els mitjans per sotmetre&#8217;ls.<\/p><p>Sobre aquesta idea s&#8217;edifica una part de la literatura m\u00e0gica jueva medieval, i de la que hi va influir.<\/p><p>Cient\u00edficament, aquesta l\u00ednia \u00e9s reveladora perqu\u00e8 mostra com d&#8217;unes escasses al\u00b7lusions b\u00edbliques i d&#8217;uns quants relats talm\u00fadics sorgeix tot un g\u00e8nere. L&#8217;anell segell, la llista de dimonis amb les seves particularitats, la idea que el coneixement del nom dona poder sobre l&#8217;\u00e9sser: tot aix\u00f2 es va convertir en elements fixos.<\/p><p>Al mateix temps, el judaisme rab\u00ednic normatiu es va mantenir reticent, si no obertament contrari, a la <span class=\"iwg-fachbegriff\" data-tooltip=\"Un ritual ling\u00fc\u00edstic destinat a invocar o vincular un poder.\" tabindex=\"0\">conjuraci\u00f3<\/span> pr\u00e0ctica de dimonis. La tradici\u00f3 salom\u00f2nica es movia, per tant, sovint als marges de la religi\u00f3 oficial o m\u00e9s enll\u00e0.<\/p><p>Tot i aix\u00ed, demostra que els <em>shedim<\/em> no es concebien nom\u00e9s com una amena\u00e7a, sin\u00f3 tamb\u00e9 com a poders que es podien dominar, i les seves forces les podia posar al seu servei una persona prou s\u00e0via i pietosa. Aquesta tensi\u00f3 entre la defensa i el domini recorre tota la reflexi\u00f3 jueva sobre els Shedim.<\/p>\t\t\t\t\t\t\t\t<\/div>\n\t\t\t\t<\/div>\n\t\t\t\t\t<\/div>\n\t\t\t\t<\/div>\n\t\t<div class=\"elementor-element elementor-element-36dd7469 e-flex e-con-boxed e-con e-parent\" data-id=\"36dd7469\" data-element_type=\"container\" data-e-type=\"container\">\n\t\t\t\t\t<div class=\"e-con-inner\">\n\t\t\t\t<div class=\"elementor-element elementor-element-13760ab4 elementor-widget elementor-widget-heading\" data-id=\"13760ab4\" data-element_type=\"widget\" data-e-type=\"widget\" data-widget_type=\"heading.default\">\n\t\t\t\t\t<h2 class=\"elementor-heading-title elementor-size-default\">Enlla\u00e7os relacionats<\/h2>\t\t\t\t<\/div>\n\t\t<div class=\"elementor-element elementor-element-28c87796 e-con-full e-flex e-con e-child\" data-id=\"28c87796\" data-element_type=\"container\" data-e-type=\"container\">\n\t\t\t\t<div class=\"elementor-element elementor-element-5d6538df elementor-widget elementor-widget-text-editor\" data-id=\"5d6538df\" data-element_type=\"widget\" data-e-type=\"widget\" data-widget_type=\"text-editor.default\">\n\t\t\t\t\t\t\t\t\t<p>Enlla\u00e7os interns recomanats:<\/p><ul><li><a href=\"https:\/\/iwell-guard.com\/ca\/judaisme\/\">Judaisme<\/a><\/li><li><a href=\"https:\/\/iwell-guard.com\/ca\/?page_id=171360\">Lilith<\/a> (representant concreta de la classe)<\/li><li><a href=\"https:\/\/iwell-guard.com\/ca\/?page_id=171361\">Asmodeu<\/a> (rei de la jerarquia dels Shedim)<\/li><li><a href=\"https:\/\/iwell-guard.com\/ca\/mesopotamia\/\">Mesopot\u00e0mia<\/a> (etimologia de shedu)<\/li><li>Bols m\u00e0gics aramaics<\/li><li>Mezuz\u00e0 i amulets de protecci\u00f3 jueus<\/li><\/ul>\t\t\t\t\t\t\t\t<\/div>\n\t\t\t\t<\/div>\n\t\t\t\t\t<\/div>\n\t\t\t\t<\/div>\n\t\t<div class=\"elementor-element elementor-element-grl4kl40 e-flex e-con-boxed e-con e-parent\" data-id=\"grl4kl40\" data-element_type=\"container\" data-e-type=\"container\">\n\t\t\t\t\t<div class=\"e-con-inner\">\n\t\t\t\t<div class=\"elementor-element elementor-element-bzsbfrmh elementor-widget elementor-widget-heading\" data-id=\"bzsbfrmh\" data-element_type=\"widget\" data-e-type=\"widget\" data-widget_type=\"heading.default\">\n\t\t\t\t\t<h2 class=\"elementor-heading-title elementor-size-default\">Bibliografia de recerca<\/h2>\t\t\t\t<\/div>\n\t\t<div class=\"elementor-element elementor-element-2c13224a e-con-full e-flex e-con e-child\" data-id=\"2c13224a\" data-element_type=\"container\" data-e-type=\"container\">\n\t\t\t\t<div class=\"elementor-element elementor-element-0eymh9ub elementor-widget elementor-widget-text-editor\" data-id=\"0eymh9ub\" data-element_type=\"widget\" data-e-type=\"widget\" data-widget_type=\"text-editor.default\">\n\t\t\t\t\t\t\t\t\t<footer class=\"iwg-literatur\"><p>Una selecci\u00f3 de treballs centrals sobre els Shedim i la demonologia jueva:<\/p><ul><li><span data-nosnippet>Naveh, Joseph \/ Shaked, Shaul: <em>Amulets and Magic Bowls<\/em>. Jerusalem 1985.<\/span><\/li><li><span data-nosnippet>Schrire, Theodore: <em>Hebrew Magic Amulets<\/em>. London 1966.<\/span><\/li><li><span data-nosnippet>Bar-Ilan, Meir: \u201eBetween Magic and Religion. Sympathetic Magic in the World of the Sages.\u00bb A: <em>Review of Rabbinic Judaism<\/em> 5 (2002).<\/span><\/li><li><span data-nosnippet>Harari, Yuval: <em>Jewish Magic before the Rise of Kabbalah<\/em>. Detroit 2017.<\/span><\/li><li><span data-nosnippet>Trachtenberg, Joshua: <em><a href=\"https:\/\/archive.org\/details\/jewishmagicsuper0000josh\" target=\"_blank\" rel=\"noopener noreferrer\">Jewish Magic and Superstition<\/a><\/em>. New York 1939 (reedici\u00f3 Philadelphia 2004).<\/span><\/li><\/ul><div data-nosnippet=\"true\" class=\"iwg-litliste\"><p><strong>Bibliografia est\u00e0ndard (Judaisme):<\/strong><\/p><ul><li><span data-nosnippet><strong>Hutter, Manfred<\/strong>: <em>Lilith. In: Dictionary of Deities and Demons in the Bible. 2. Aufl. Leiden 1999.<\/em><\/span><\/li><\/ul><\/div><\/footer>\n<p class=\"iwg-bib-more\"><span data-nosnippet>M\u00e9s obres de refer\u00e8ncia a la <a href=\"https:\/\/iwell-guard.com\/ca\/?page_id=171483\">bibliografia<\/a>.<\/span><\/p>\t\t\t\t\t\t\t\t<\/div>\n\t\t\t\t<\/div>\n\t\t\t\t\t<\/div>\n\t\t\t\t<\/div>\n\t\t<div class=\"elementor-element elementor-element-iwgca-shedim-sec e-flex e-con-boxed e-con e-parent\" data-id=\"iwgca-shedim-sec\" data-element_type=\"container\" data-e-type=\"container\" id=\"iwg-ca-shedim\">\n\t\t\t\t\t<div class=\"e-con-inner\">\n\t\t\t\t<div class=\"elementor-element elementor-element-iwgca-shedim-te iwg-ca-textwrap elementor-widget elementor-widget-text-editor\" data-id=\"iwgca-shedim-te\" data-element_type=\"widget\" data-e-type=\"widget\" data-widget_type=\"text-editor.default\">\n\t\t\t\t\t\t\t\t\t<div data-nosnippet=\"true\"><p class=\"iwg-ca-bridge\">La pr\u00e0ctica de protecci\u00f3 descrita aqu\u00ed \u00e9s una interpretaci\u00f3 cient\u00edfica de tradicions hist\u00f2riques. iWell Guard s&#8217;inscriu en aquesta l\u00ednia cultural d&#8217;objectes de protecci\u00f3 portables i en representa una forma contempor\u00e0nia. <a href=\"\/ueber-iwell-guard\/?utm_source=iwell-guard.com&#038;utm_medium=text-link&#038;utm_campaign=schadwesen-tradition\">M\u00e9s sobre iWell Guard \u2192<\/a><\/p><\/div>\t\t\t\t\t\t\t\t<\/div>\n\t\t\t\t\t<\/div>\n\t\t\t\t<\/div>\n\t\t<div class=\"elementor-element elementor-element-69c47af e-con-boxed e-flex e-con e-parent\" data-id=\"69c47af\" data-element_type=\"container\" data-e-type=\"container\">\n\t\t\t\t\t<div class=\"e-con-inner\">\n\t\t\t\t<div class=\"elementor-element elementor-element-e92870b elementor-widget elementor-widget-text-editor\" data-id=\"e92870b\" data-element_type=\"widget\" data-e-type=\"widget\" data-widget_type=\"text-editor.default\">\n\t\t\t\t\t\t\t\t\t\n<h2>Preguntes freq\u00fcents sobre els Shedim<\/h2>\n<div class=\"iwg-faq-q\"><h3>Qu\u00e8 s\u00f3n els Shedim en la tradici\u00f3 jueva?<\/h3><p>Els Shedim (plural de Shed, en hebreu \u05e9\u05d3\u05d9\u05dd) s\u00f3n, en la tradici\u00f3 jueva, una classe d&#8217;\u00e9ssers de tipus <span class=\"iwg-fachbegriff\" data-tooltip=\"Un \u00e9sser incorpori al qual s'atribueix acci\u00f3 en el m\u00f3n.\" tabindex=\"0\">esperit<\/span>, generalment caracteritzats com a destructius o, com a m\u00ednim, moralment ambivalents.<\/p><p>Al Tanakh, el terme apareix rarament (Deuteronomi 32,17; Salm 106,37), on s&#8217;utilitza per designar els d\u00e9us pagans als quals els israelites sacrificaven els seus fills. Al <span class=\"iwg-fachbegriff\" data-tooltip=\"Obra principal del judaisme rab\u00ednic amb la interpretaci\u00f3 de la tradici\u00f3 religiosa.\" tabindex=\"0\">Talmud<\/span> (especialment Pesachim 110a-112b), els Shedim es tracten com a \u00e9ssers reals i sobrenaturals que viuen en lavabos, cru\u00eflles de camins, pobles i esbarzers.<\/p><\/div>\n<div class=\"iwg-faq-q\"><h3>En qu\u00e8 es diferencien els Shedim dels Mazzikim i els Lilin?<\/h3><p>La demonologia jueva coneix diverses classes: els Shedim s\u00f3n la classe m\u00e9s general, \u00e9ssers intel\u00b7ligents amb forma corporal i voluntat pr\u00f2pia. Els Mazzikim (els que danyen) estan orientats espec\u00edficament a causar dany. Els Lilin s\u00f3n els descendents de Lilith, dimonis de la nit.<\/p><p>Els Ruchot s\u00f3n \u00e9ssers purament espirituals, de vegades \u00e0nimes desencarnades. Al <span class=\"iwg-fachbegriff\" data-tooltip=\"Obra principal del judaisme rab\u00ednic amb la interpretaci\u00f3 de la tradici\u00f3 religiosa.\" tabindex=\"0\">Talmud<\/span> (Chagiga 16a) es constata que els Shedim comparteixen tres caracter\u00edstiques amb els humans (menjar, reproducci\u00f3, mortalitat) i tres amb els \u00e0ngels (ales, omnisci\u00e8ncia, invisibilitat), i que s\u00f3n \u00e9ssers intermedis.<\/p><\/div>\n<script type=\"application\/ld+json\">{\"@context\":\"https:\/\/schema.org\",\"@type\":\"FAQPage\",\"mainEntity\":[{\"@type\":\"Question\",\"name\":\"Qu\u00e8 s\u00f3n els Shedim en la tradici\u00f3 jueva?\",\"acceptedAnswer\":{\"@type\":\"Answer\",\"text\":\"Els Shedim (plural de Shed, en hebreu \u05e9\u05d3\u05d9\u05dd) s\u00f3n, en la tradici\u00f3 jueva, una classe d'\u00e9ssers de tipus esperit, generalment caracteritzats com a destructius o, com a m\u00ednim, moralment ambivalents.Al Tanakh, el terme apareix rarament (Deuteronomi 32,17; Salm 106,37), on s'utilitza per designar els d\u00e9us pagans als quals els israelites sacrificaven els seus fills. Al Talmud (especialment Pesachim 110a-112b), els Shedim es tracten com a \u00e9ssers reals i sobrenaturals que viuen en lavabos, cru\u00eflles de camins, pobles i esbarzers.\"}},{\"@type\":\"Question\",\"name\":\"En qu\u00e8 es diferencien els Shedim dels Mazzikim i els Lilin?\",\"acceptedAnswer\":{\"@type\":\"Answer\",\"text\":\"La demonologia jueva coneix diverses classes: els Shedim s\u00f3n la classe m\u00e9s general, \u00e9ssers intel\u00b7ligents amb forma corporal i voluntat pr\u00f2pia. Els Mazzikim (els que danyen) estan orientats espec\u00edficament a causar dany. Els Lilin s\u00f3n els descendents de Lilith, dimonis de la nit.Els Ruchot s\u00f3n \u00e9ssers purament espirituals, de vegades \u00e0nimes desencarnades. Al Talmud (Chagiga 16a) es constata que els Shedim comparteixen tres caracter\u00edstiques amb els humans (menjar, reproducci\u00f3, mortalitat) i tres amb els \u00e0ngels (ales, omnisci\u00e8ncia, invisibilitat), i que s\u00f3n \u00e9ssers intermedis.\"}}]}<\/script>\t\t\t\t\t\t\t\t<\/div>\n\t\t\t\t\t<\/div>\n\t\t\t\t<\/div>\n\t\t\t\t<\/div>\n\t\t","protected":false},"excerpt":{"rendered":"","protected":false},"author":3,"featured_media":1690,"parent":0,"menu_order":0,"comment_status":"closed","ping_status":"closed","template":"elementor_header_footer","meta":{"_yoast_wpseo_focuskw":"Shedim","_yoast_wpseo_title":"Shedim - El concepte cl\u00e0ssic de dimoni del judaisme","_yoast_wpseo_metadesc":"Shedim, concepte cl\u00e0ssic de dimoni del judaisme: entre el Talmud i les copes m\u00e0giques, amb arrels mesopot\u00e0miques. An\u00e0lisi des de la ci\u00e8ncia de les religions.","_yoast_wpseo_meta-robots-noindex":"","_yoast_wpseo_canonical":"","_angie_page":false,"gefaehrdungsstufe":"3","wesen_kultur":"judentum","wesen_klasse":"daemonen","footnotes":""},"categories":[],"class_list":["post-171359","page","type-page","status-publish","has-post-thumbnail","hentry"],"yoast_head":"<!-- This site is optimized with the Yoast SEO Premium plugin v27.7 (Yoast SEO v28.3) - https:\/\/yoast.com\/product\/yoast-seo-premium-wordpress\/ -->\n<title>Shedim - El concepte cl\u00e0ssic de dimoni del judaisme<\/title>\n<meta name=\"description\" content=\"Shedim, concepte cl\u00e0ssic de dimoni del judaisme: entre el Talmud i les copes m\u00e0giques, amb arrels mesopot\u00e0miques. An\u00e0lisi des de la ci\u00e8ncia de les religions.\" \/>\n<meta name=\"robots\" content=\"index, follow, max-snippet:-1, max-image-preview:large, max-video-preview:-1\" \/>\n<link rel=\"canonical\" href=\"https:\/\/iwell-guard.com\/ca\/shedim\/\" \/>\n<meta property=\"og:locale\" content=\"ca_ES\" \/>\n<meta property=\"og:type\" content=\"article\" \/>\n<meta property=\"og:title\" content=\"Shedim\" \/>\n<meta property=\"og:description\" content=\"Shedim, concepte cl\u00e0ssic de dimoni del judaisme: entre el Talmud i les copes m\u00e0giques, amb arrels mesopot\u00e0miques. An\u00e0lisi des de la ci\u00e8ncia de les religions.\" \/>\n<meta property=\"og:url\" content=\"https:\/\/iwell-guard.com\/ca\/shedim\/\" \/>\n<meta property=\"og:site_name\" content=\"iWell Guard\" \/>\n<meta property=\"article:modified_time\" content=\"2026-09-05T15:55:47+00:00\" \/>\n<meta property=\"og:image\" content=\"https:\/\/iwell-guard.com\/wp-content\/uploads\/2026\/04\/daemonen_judentum_shedim.webp\" \/>\n\t<meta property=\"og:image:width\" content=\"1024\" \/>\n\t<meta property=\"og:image:height\" content=\"1536\" \/>\n\t<meta property=\"og:image:type\" content=\"image\/webp\" \/>\n<meta name=\"twitter:card\" content=\"summary_large_image\" \/>\n<script type=\"application\/ld+json\" class=\"yoast-schema-graph\">{\"@context\":\"https:\\\/\\\/schema.org\",\"@graph\":[{\"@type\":\"WebPage\",\"@id\":\"https:\\\/\\\/iwell-guard.com\\\/ca\\\/shedim\\\/\",\"url\":\"https:\\\/\\\/iwell-guard.com\\\/ca\\\/shedim\\\/\",\"name\":\"Shedim - El concepte cl\u00e0ssic de dimoni del judaisme\",\"isPartOf\":{\"@id\":\"https:\\\/\\\/iwell-guard.com\\\/ca\\\/#website\"},\"primaryImageOfPage\":{\"@id\":\"https:\\\/\\\/iwell-guard.com\\\/ca\\\/shedim\\\/#primaryimage\"},\"image\":{\"@id\":\"https:\\\/\\\/iwell-guard.com\\\/ca\\\/shedim\\\/#primaryimage\"},\"thumbnailUrl\":\"https:\\\/\\\/iwell-guard.com\\\/wp-content\\\/uploads\\\/2026\\\/04\\\/daemonen_judentum_shedim.webp\",\"datePublished\":\"2026-09-05T15:38:44+00:00\",\"dateModified\":\"2026-09-05T15:55:47+00:00\",\"description\":\"Shedim, concepte cl\u00e0ssic de dimoni del judaisme: entre el Talmud i les copes m\u00e0giques, amb arrels mesopot\u00e0miques. An\u00e0lisi des de la ci\u00e8ncia de les religions.\",\"breadcrumb\":{\"@id\":\"https:\\\/\\\/iwell-guard.com\\\/ca\\\/shedim\\\/#breadcrumb\"},\"inLanguage\":\"ca\",\"potentialAction\":[{\"@type\":\"ReadAction\",\"target\":[\"https:\\\/\\\/iwell-guard.com\\\/ca\\\/shedim\\\/\"]}]},{\"@type\":\"ImageObject\",\"inLanguage\":\"ca\",\"@id\":\"https:\\\/\\\/iwell-guard.com\\\/ca\\\/shedim\\\/#primaryimage\",\"url\":\"https:\\\/\\\/iwell-guard.com\\\/wp-content\\\/uploads\\\/2026\\\/04\\\/daemonen_judentum_shedim.webp\",\"contentUrl\":\"https:\\\/\\\/iwell-guard.com\\\/wp-content\\\/uploads\\\/2026\\\/04\\\/daemonen_judentum_shedim.webp\",\"width\":1024,\"height\":1536,\"caption\":\"Dimonis de la tradici\u00f3 del judaisme.\"},{\"@type\":\"BreadcrumbList\",\"@id\":\"https:\\\/\\\/iwell-guard.com\\\/ca\\\/shedim\\\/#breadcrumb\",\"itemListElement\":[{\"@type\":\"ListItem\",\"position\":1,\"name\":\"Start\",\"item\":\"https:\\\/\\\/iwell-guard.com\\\/ca\\\/?page_id=171333\"},{\"@type\":\"ListItem\",\"position\":2,\"name\":\"Shedim\"}]},{\"@type\":\"WebSite\",\"@id\":\"https:\\\/\\\/iwell-guard.com\\\/ca\\\/#website\",\"url\":\"https:\\\/\\\/iwell-guard.com\\\/ca\\\/\",\"name\":\"iWell Guard\",\"description\":\"Schutz vor dunklen Einfl\u00fcssen\",\"publisher\":{\"@id\":\"https:\\\/\\\/iwell-guard.com\\\/ca\\\/#organization\"},\"potentialAction\":[{\"@type\":\"SearchAction\",\"target\":{\"@type\":\"EntryPoint\",\"urlTemplate\":\"https:\\\/\\\/iwell-guard.com\\\/ca\\\/?s={search_term_string}\"},\"query-input\":{\"@type\":\"PropertyValueSpecification\",\"valueRequired\":true,\"valueName\":\"search_term_string\"}}],\"inLanguage\":\"ca\"},{\"@type\":\"Organization\",\"@id\":\"https:\\\/\\\/iwell-guard.com\\\/ca\\\/#organization\",\"name\":\"Ittermann electronic GmbH\",\"url\":\"https:\\\/\\\/iwell-guard.com\\\/ca\\\/\",\"logo\":{\"@type\":\"ImageObject\",\"inLanguage\":\"ca\",\"@id\":\"https:\\\/\\\/iwell-guard.com\\\/ca\\\/#\\\/schema\\\/logo\\\/image\\\/\",\"url\":\"https:\\\/\\\/iwell-guard.com\\\/wp-content\\\/uploads\\\/2026\\\/05\\\/Ittermann-Logo-1182x237-1.png\",\"contentUrl\":\"https:\\\/\\\/iwell-guard.com\\\/wp-content\\\/uploads\\\/2026\\\/05\\\/Ittermann-Logo-1182x237-1.png\",\"width\":1182,\"height\":237,\"caption\":\"Ittermann electronic GmbH\"},\"image\":{\"@id\":\"https:\\\/\\\/iwell-guard.com\\\/ca\\\/#\\\/schema\\\/logo\\\/image\\\/\"},\"sameAs\":[\"https:\\\/\\\/pantip.com\\\/profile\\\/9367242\",\"https:\\\/\\\/micro.blog\\\/iwellguard\",\"https:\\\/\\\/www.diggerslist.com\\\/iwellguard\\\/about\",\"https:\\\/\\\/skitterphoto.com\\\/photographers\\\/2870314\\\/iwell-guard\",\"https:\\\/\\\/iwellguard.wordpress.com\\\/2026\\\/06\\\/06\\\/iwell-guard\\\/\",\"https:\\\/\\\/hub.docker.com\\\/u\\\/iwellguard\",\"https:\\\/\\\/www.pinterest.com\\\/iwellguard\\\/\",\"https:\\\/\\\/bit.ly\\\/m\\\/iwellguard\",\"https:\\\/\\\/entre-vos-mains.alsace.eu\\\/profiles\\\/iwellguard\\\/activity\",\"https:\\\/\\\/gravatar.com\\\/reallybeded8fd34\",\"https:\\\/\\\/naijamatta.com\\\/iwellguard\",\"https:\\\/\\\/www.goodreads.com\\\/iwellguard\",\"https:\\\/\\\/profile.hatena.ne.jp\\\/iwellguard\\\/\",\"https:\\\/\\\/experiment.com\\\/users\\\/iwellguard\",\"https:\\\/\\\/wakelet.com\\\/@iWellGuard82270\",\"https:\\\/\\\/www.chordie.com\\\/forum\\\/profile.php?id=2555664\",\"https:\\\/\\\/www.instapaper.com\\\/p\\\/17757966\",\"https:\\\/\\\/www.mapleprimes.com\\\/users\\\/iwellguard\",\"https:\\\/\\\/businesslistingplus.com\\\/profile\\\/iwell-guard\\\/\",\"https:\\\/\\\/telegra.ph\\\/iWell-Guard-06-06\",\"https:\\\/\\\/pbase.com\\\/iwellguard\\\/iwellguard\",\"https:\\\/\\\/b.hatena.ne.jp\\\/iwellguard\\\/20260607#bookmark-4788405196491818882\",\"https:\\\/\\\/fliphtml5.com\\\/home\\\/iwellguard\",\"https:\\\/\\\/anyflip.com\\\/homepage\\\/cmiwl#About\",\"https:\\\/\\\/transfur.com\\\/Users\\\/iwellguard\",\"http:\\\/\\\/delphi.larsbo.org\\\/user\\\/iwellguard\",\"https:\\\/\\\/jobs.lajobsportal.org\\\/profiles\\\/8380803-iwell-guard\",\"https:\\\/\\\/md.chaosdorf.de\\\/s\\\/jfbe5SBdJD\",\"https:\\\/\\\/www.lingvolive.com\\\/en-us\\\/profile\\\/9ecaeaca-ce11-4e51-9e71-01d55e2bff36\\\/translations\",\"https:\\\/\\\/www.fitday.com\\\/fitness\\\/forums\\\/members\\\/iwellguard.html\",\"https:\\\/\\\/www.mymeetbook.com\\\/iwellguard\",\"https:\\\/\\\/pxhere.com\\\/en\\\/photographer-me\\\/5040798\",\"https:\\\/\\\/disqus.com\\\/by\\\/iwellguard\\\/about\\\/\",\"https:\\\/\\\/pastelink.net\\\/hjwciqwq\",\"https:\\\/\\\/pubhtml5.com\\\/homepage\\\/scjhn\\\/\",\"https:\\\/\\\/www.bitchute.com\\\/channel\\\/2O2eOKzNqujT\",\"https:\\\/\\\/audiomack.com\\\/iwellguard\"]},{\"@type\":\"Article\",\"@id\":\"https:\\\/\\\/iwell-guard.com\\\/ca\\\/shedim\\\/#article\",\"isPartOf\":{\"@id\":\"https:\\\/\\\/iwell-guard.com\\\/ca\\\/shedim\\\/\"},\"author\":{\"name\":\"Ralf Ittermann\",\"@id\":\"https:\\\/\\\/iwell-guard.com\\\/ca\\\/#\\\/schema\\\/person\\\/ee2a27f1cac3406c7c6fb5820cb7349f\"},\"headline\":\"Shedim\",\"datePublished\":\"2026-09-05T15:38:44+00:00\",\"dateModified\":\"2026-09-05T15:55:47+00:00\",\"mainEntityOfPage\":{\"@id\":\"https:\\\/\\\/iwell-guard.com\\\/ca\\\/shedim\\\/\"},\"publisher\":{\"@id\":\"https:\\\/\\\/iwell-guard.com\\\/ca\\\/#organization\"},\"image\":{\"@id\":\"https:\\\/\\\/iwell-guard.com\\\/ca\\\/shedim\\\/#primaryimage\"},\"thumbnailUrl\":\"https:\\\/\\\/iwell-guard.com\\\/wp-content\\\/uploads\\\/2026\\\/04\\\/daemonen_judentum_shedim.webp\",\"inLanguage\":\"ca\",\"description\":\"Shedim, concepte cl\u00e0ssic de dimoni del judaisme: entre el Talmud i les copes m\u00e0giques, amb arrels mesopot\u00e0miques. An\u00e0lisi des de la ci\u00e8ncia de les religions.\"}]}<\/script>\n<!-- \/ Yoast SEO Premium plugin. -->","yoast_head_json":{"title":"Shedim - El concepte cl\u00e0ssic de dimoni del judaisme","description":"Shedim, concepte cl\u00e0ssic de dimoni del judaisme: entre el Talmud i les copes m\u00e0giques, amb arrels mesopot\u00e0miques. An\u00e0lisi des de la ci\u00e8ncia de les religions.","robots":{"index":"index","follow":"follow","max-snippet":"max-snippet:-1","max-image-preview":"max-image-preview:large","max-video-preview":"max-video-preview:-1"},"canonical":"https:\/\/iwell-guard.com\/ca\/shedim\/","og_locale":"ca_ES","og_type":"article","og_title":"Shedim","og_description":"Shedim, concepte cl\u00e0ssic de dimoni del judaisme: entre el Talmud i les copes m\u00e0giques, amb arrels mesopot\u00e0miques. An\u00e0lisi des de la ci\u00e8ncia de les religions.","og_url":"https:\/\/iwell-guard.com\/ca\/shedim\/","og_site_name":"iWell Guard","article_modified_time":"2026-09-05T15:55:47+00:00","og_image":[{"width":1024,"height":1536,"url":"https:\/\/iwell-guard.com\/wp-content\/uploads\/2026\/04\/daemonen_judentum_shedim.webp","type":"image\/webp"}],"twitter_card":"summary_large_image","schema":{"@context":"https:\/\/schema.org","@graph":[{"@type":"Article","@id":"https:\/\/iwell-guard.com\/ca\/shedim\/#article","isPartOf":{"@id":"https:\/\/iwell-guard.com\/ca\/shedim\/"},"author":{"name":"Ralf Ittermann","@id":"https:\/\/iwell-guard.com\/ca\/#\/schema\/person\/ee2a27f1cac3406c7c6fb5820cb7349f"},"headline":"Shedim","datePublished":"2026-09-05T15:38:44+00:00","dateModified":"2026-09-05T15:55:47+00:00","mainEntityOfPage":{"@id":"https:\/\/iwell-guard.com\/ca\/shedim\/"},"publisher":{"@id":"https:\/\/iwell-guard.com\/ca\/#organization"},"image":{"@id":"https:\/\/iwell-guard.com\/ca\/shedim\/#primaryimage"},"thumbnailUrl":"https:\/\/iwell-guard.com\/wp-content\/uploads\/2026\/04\/daemonen_judentum_shedim.webp","inLanguage":"ca","description":"Shedim, concepte cl\u00e0ssic de dimoni del judaisme: entre el Talmud i les copes m\u00e0giques, amb arrels mesopot\u00e0miques. An\u00e0lisi des de la ci\u00e8ncia de les religions."},{"@type":"WebPage","@id":"https:\/\/iwell-guard.com\/ca\/shedim\/","url":"https:\/\/iwell-guard.com\/ca\/shedim\/","name":"Shedim - El concepte cl\u00e0ssic de dimoni del judaisme","isPartOf":{"@id":"https:\/\/iwell-guard.com\/ca\/#website"},"primaryImageOfPage":{"@id":"https:\/\/iwell-guard.com\/ca\/shedim\/#primaryimage"},"image":{"@id":"https:\/\/iwell-guard.com\/ca\/shedim\/#primaryimage"},"thumbnailUrl":"https:\/\/iwell-guard.com\/wp-content\/uploads\/2026\/04\/daemonen_judentum_shedim.webp","datePublished":"2026-09-05T15:38:44+00:00","dateModified":"2026-09-05T15:55:47+00:00","description":"Shedim, concepte cl\u00e0ssic de dimoni del judaisme: entre el Talmud i les copes m\u00e0giques, amb arrels mesopot\u00e0miques. An\u00e0lisi des de la ci\u00e8ncia de les religions.","breadcrumb":{"@id":"https:\/\/iwell-guard.com\/ca\/shedim\/#breadcrumb"},"inLanguage":"ca","potentialAction":[{"@type":"ReadAction","target":["https:\/\/iwell-guard.com\/ca\/shedim\/"]}]},{"@type":"ImageObject","inLanguage":"ca","@id":"https:\/\/iwell-guard.com\/ca\/shedim\/#primaryimage","url":"https:\/\/iwell-guard.com\/wp-content\/uploads\/2026\/04\/daemonen_judentum_shedim.webp","contentUrl":"https:\/\/iwell-guard.com\/wp-content\/uploads\/2026\/04\/daemonen_judentum_shedim.webp","width":1024,"height":1536,"caption":"Dimonis de la tradici\u00f3 del judaisme."},{"@type":"BreadcrumbList","@id":"https:\/\/iwell-guard.com\/ca\/shedim\/#breadcrumb","itemListElement":[{"@type":"ListItem","position":1,"name":"Start","item":"https:\/\/iwell-guard.com\/ca\/?page_id=171333"},{"@type":"ListItem","position":2,"name":"Shedim"}]},{"@type":"WebSite","@id":"https:\/\/iwell-guard.com\/ca\/#website","url":"https:\/\/iwell-guard.com\/ca\/","name":"iWell Guard","description":"Schutz vor dunklen Einfl\u00fcssen","publisher":{"@id":"https:\/\/iwell-guard.com\/ca\/#organization"},"potentialAction":[{"@type":"SearchAction","target":{"@type":"EntryPoint","urlTemplate":"https:\/\/iwell-guard.com\/ca\/?s={search_term_string}"},"query-input":{"@type":"PropertyValueSpecification","valueRequired":true,"valueName":"search_term_string"}}],"inLanguage":"ca"},{"@type":"Organization","@id":"https:\/\/iwell-guard.com\/ca\/#organization","name":"Ittermann electronic GmbH","url":"https:\/\/iwell-guard.com\/ca\/","logo":{"@type":"ImageObject","inLanguage":"ca","@id":"https:\/\/iwell-guard.com\/ca\/#\/schema\/logo\/image\/","url":"https:\/\/iwell-guard.com\/wp-content\/uploads\/2026\/05\/Ittermann-Logo-1182x237-1.png","contentUrl":"https:\/\/iwell-guard.com\/wp-content\/uploads\/2026\/05\/Ittermann-Logo-1182x237-1.png","width":1182,"height":237,"caption":"Ittermann electronic GmbH"},"image":{"@id":"https:\/\/iwell-guard.com\/ca\/#\/schema\/logo\/image\/"},"sameAs":["https:\/\/pantip.com\/profile\/9367242","https:\/\/micro.blog\/iwellguard","https:\/\/www.diggerslist.com\/iwellguard\/about","https:\/\/skitterphoto.com\/photographers\/2870314\/iwell-guard","https:\/\/iwellguard.wordpress.com\/2026\/06\/06\/iwell-guard\/","https:\/\/hub.docker.com\/u\/iwellguard","https:\/\/www.pinterest.com\/iwellguard\/","https:\/\/bit.ly\/m\/iwellguard","https:\/\/entre-vos-mains.alsace.eu\/profiles\/iwellguard\/activity","https:\/\/gravatar.com\/reallybeded8fd34","https:\/\/naijamatta.com\/iwellguard","https:\/\/www.goodreads.com\/iwellguard","https:\/\/profile.hatena.ne.jp\/iwellguard\/","https:\/\/experiment.com\/users\/iwellguard","https:\/\/wakelet.com\/@iWellGuard82270","https:\/\/www.chordie.com\/forum\/profile.php?id=2555664","https:\/\/www.instapaper.com\/p\/17757966","https:\/\/www.mapleprimes.com\/users\/iwellguard","https:\/\/businesslistingplus.com\/profile\/iwell-guard\/","https:\/\/telegra.ph\/iWell-Guard-06-06","https:\/\/pbase.com\/iwellguard\/iwellguard","https:\/\/b.hatena.ne.jp\/iwellguard\/20260607#bookmark-4788405196491818882","https:\/\/fliphtml5.com\/home\/iwellguard","https:\/\/anyflip.com\/homepage\/cmiwl#About","https:\/\/transfur.com\/Users\/iwellguard","http:\/\/delphi.larsbo.org\/user\/iwellguard","https:\/\/jobs.lajobsportal.org\/profiles\/8380803-iwell-guard","https:\/\/md.chaosdorf.de\/s\/jfbe5SBdJD","https:\/\/www.lingvolive.com\/en-us\/profile\/9ecaeaca-ce11-4e51-9e71-01d55e2bff36\/translations","https:\/\/www.fitday.com\/fitness\/forums\/members\/iwellguard.html","https:\/\/www.mymeetbook.com\/iwellguard","https:\/\/pxhere.com\/en\/photographer-me\/5040798","https:\/\/disqus.com\/by\/iwellguard\/about\/","https:\/\/pastelink.net\/hjwciqwq","https:\/\/pubhtml5.com\/homepage\/scjhn\/","https:\/\/www.bitchute.com\/channel\/2O2eOKzNqujT","https:\/\/audiomack.com\/iwellguard"]},{"@type":"Person","@id":"https:\/\/iwell-guard.com\/ca\/#\/schema\/person\/ee2a27f1cac3406c7c6fb5820cb7349f","name":"Ralf Ittermann","image":{"@type":"ImageObject","inLanguage":"ca","@id":"https:\/\/secure.gravatar.com\/avatar\/073c0153e350a5005b68eb752b445fea71f6b24a26da9449ad7e155e6b446c9d?s=96&d=mm&r=g","url":"https:\/\/secure.gravatar.com\/avatar\/073c0153e350a5005b68eb752b445fea71f6b24a26da9449ad7e155e6b446c9d?s=96&d=mm&r=g","contentUrl":"https:\/\/secure.gravatar.com\/avatar\/073c0153e350a5005b68eb752b445fea71f6b24a26da9449ad7e155e6b446c9d?s=96&d=mm&r=g","caption":"Ralf Ittermann"},"givenName":"Ralf","familyName":"Ittermann","jobTitle":"Gesch\u00e4ftsf\u00fchrer und redaktioneller Verantwortlicher","url":"https:\/\/iwell-guard.com\/ca\/author\/claude\/","description":"Ralf Ittermann ist Gesch\u00e4ftsf\u00fchrer der Ittermann electronic GmbH und redaktioneller Verantwortlicher des iWell-Guard-Lexikons. Er verbindet langj\u00e4hrige Erfahrung in der Pr\u00e4zisionsfertigung mit medialer Praxis und religionsgeschichtlicher Quellenarbeit.","worksFor":{"@type":"Organization","name":"Ittermann electronic GmbH","url":"https:\/\/ittermann.de\/","address":{"@type":"PostalAddress","streetAddress":"K\u00f6hlergasse 16-18","postalCode":"99842","addressLocality":"Ruhla","addressCountry":"DE"}},"knowsAbout":["Religionsgeschichte","Mythologie","Mediale Praxis","Energetische Diagnostik","Schutzpraxis","Volksglauben","Westliche Esoterik"]},{"@type":"Article","@id":"https:\/\/iwell-guard.com\/ca\/shedim\/#article","isPartOf":{"@id":"https:\/\/iwell-guard.com\/ca\/shedim\/"},"author":{"name":"Ralf Ittermann","@id":"https:\/\/iwell-guard.com\/ca\/#\/schema\/person\/ee2a27f1cac3406c7c6fb5820cb7349f"},"headline":"Shedim","datePublished":"2026-09-05T15:38:44+00:00","dateModified":"2026-09-05T15:55:47+00:00","mainEntityOfPage":{"@id":"https:\/\/iwell-guard.com\/ca\/shedim\/"},"publisher":{"@id":"https:\/\/iwell-guard.com\/ca\/#organization"},"image":{"@id":"https:\/\/iwell-guard.com\/ca\/shedim\/#primaryimage"},"thumbnailUrl":"https:\/\/iwell-guard.com\/wp-content\/uploads\/2026\/04\/daemonen_judentum_shedim.webp","inLanguage":"ca","description":"Shedim, concepte cl\u00e0ssic de dimoni del judaisme: entre el Talmud i les copes m\u00e0giques, amb arrels mesopot\u00e0miques. An\u00e0lisi des de la ci\u00e8ncia de les religions."}]}},"_links":{"self":[{"href":"https:\/\/iwell-guard.com\/ca\/wp-json\/wp\/v2\/pages\/171359","targetHints":{"allow":["GET"]}}],"collection":[{"href":"https:\/\/iwell-guard.com\/ca\/wp-json\/wp\/v2\/pages"}],"about":[{"href":"https:\/\/iwell-guard.com\/ca\/wp-json\/wp\/v2\/types\/page"}],"author":[{"embeddable":true,"href":"https:\/\/iwell-guard.com\/ca\/wp-json\/wp\/v2\/users\/3"}],"replies":[{"embeddable":true,"href":"https:\/\/iwell-guard.com\/ca\/wp-json\/wp\/v2\/comments?post=171359"}],"version-history":[{"count":0,"href":"https:\/\/iwell-guard.com\/ca\/wp-json\/wp\/v2\/pages\/171359\/revisions"}],"wp:featuredmedia":[{"embeddable":true,"href":"https:\/\/iwell-guard.com\/ca\/wp-json\/wp\/v2\/media\/1690"}],"wp:attachment":[{"href":"https:\/\/iwell-guard.com\/ca\/wp-json\/wp\/v2\/media?parent=171359"}],"wp:term":[{"taxonomy":"category","embeddable":true,"href":"https:\/\/iwell-guard.com\/ca\/wp-json\/wp\/v2\/categories?post=171359"}],"curies":[{"name":"wp","href":"https:\/\/api.w.org\/{rel}","templated":true}]}}