{"id":171357,"date":"2026-09-05T15:38:42","date_gmt":"2026-09-05T15:38:42","guid":{"rendered":"https:\/\/iwell-guard.com\/?page_id=171357"},"modified":"2026-09-05T15:54:59","modified_gmt":"2026-09-05T15:54:59","slug":"striga","status":"publish","type":"page","link":"https:\/\/iwell-guard.com\/ca\/striga\/","title":{"rendered":"Striga"},"content":{"rendered":"\t\t<div data-elementor-type=\"wp-page\" data-elementor-id=\"171357\" class=\"elementor elementor-171357 elementor-846\" data-elementor-post-type=\"page\">\n\t\t\t\t<div class=\"elementor-element elementor-element-10fdade e-flex e-con-boxed e-con e-parent\" data-id=\"10fdade\" data-element_type=\"container\" data-e-type=\"container\" data-settings=\"{&quot;background_background&quot;:&quot;classic&quot;}\">\n\t\t\t\t\t<div class=\"e-con-inner\">\n\t\t<div class=\"elementor-element elementor-element-herohlft0 e-flex e-con-boxed e-con e-child\" data-id=\"herohlft0\" data-element_type=\"container\" data-e-type=\"container\">\n\t\t\t\t\t<div class=\"e-con-inner\">\n\t\t<div class=\"elementor-element elementor-element-c3ceb64 e-con-full e-flex e-con e-child\" data-id=\"c3ceb64\" data-element_type=\"container\" data-e-type=\"container\">\n\t\t\t\t<div class=\"elementor-element elementor-element-96ae5e1 elementor-widget elementor-widget-heading\" data-id=\"96ae5e1\" data-element_type=\"widget\" data-e-type=\"widget\" data-widget_type=\"heading.default\">\n\t\t\t\t\t<h1 class=\"elementor-heading-title elementor-size-default\">Striga, la vampira bruixa de la nit romana<\/h1>\t\t\t\t<\/div>\n\t\t\t\t<div class=\"elementor-element elementor-element-e45238a elementor-widget elementor-widget-text-editor\" data-id=\"e45238a\" data-element_type=\"widget\" data-e-type=\"widget\" data-widget_type=\"text-editor.default\">\n\t\t\t\t\t\t\t\t\t<p><strong>Vampira bruixa de la nit romana<\/strong>, ocell nocturn xuclador de sang i forma origin\u00e0ria de les figures posteriors del vampir i la bruixa.<\/p>\t\t\t\t\t\t\t\t<\/div>\n\t\t\t\t<\/div>\n\t\t<div class=\"elementor-element elementor-element-klsbdg01 e-con-full e-flex e-con e-parent\" data-id=\"klsbdg01\" data-element_type=\"container\" data-e-type=\"container\">\n\t\t\t\t<div class=\"elementor-element elementor-element-klshtm01 elementor-widget elementor-widget-html\" data-id=\"klshtm01\" data-element_type=\"widget\" data-e-type=\"widget\" data-widget_type=\"html.default\">\n\t\t\t\t\t<div class=\"iwg-pill-row\"><span class=\"iwg-klasse-badge\" tabindex=\"0\" data-tooltip=\"Dimoni \/ dimonessa: \u00c9sser sobrenatural amb un efecte majorit\u00e0riament perjudicial o ambivalent. Es troba entre d\u00e9us i humans, causa malaltia, temptaci\u00f3 o desgr\u00e0cia, i s'allunya mitjan\u00e7ant conjurs, apotropaics i rituals.\">Dimonessa<\/span><a href=\"https:\/\/iwell-guard.com\/ca\/?page_id=171346\" class=\"iwg-kultur-badge\" tabindex=\"0\" data-tooltip=\"Religi\u00f3 romana des de la monarquia fins a l'antiguitat tardana, sincr\u00e8tica amb estrats grecs i etruscos.\">Roma<\/a><\/div>\t\t\t\t<\/div>\n\t\t\t\t<\/div>\n\t\t<div class=\"elementor-element elementor-element-3f74855 e-con-full e-flex e-con e-child\" data-id=\"3f74855\" data-element_type=\"container\" data-e-type=\"container\">\n\t\t\t\t<div class=\"elementor-element elementor-element-1c30362 elementor-toc--minimized-on-tablet elementor-widget elementor-widget-table-of-contents\" data-id=\"1c30362\" data-element_type=\"widget\" data-e-type=\"widget\" data-settings=\"{&quot;exclude_headings_by_selector&quot;:[],&quot;no_headings_message&quot;:&quot;No s&#039;ha trobat cap encap\\u00e7alament en aquesta p\\u00e0gina.&quot;,&quot;headings_by_tags&quot;:[&quot;h2&quot;,&quot;h3&quot;],&quot;marker_view&quot;:&quot;bullets&quot;,&quot;icon&quot;:{&quot;value&quot;:&quot;fas fa-circle&quot;,&quot;library&quot;:&quot;fa-solid&quot;,&quot;rendered_tag&quot;:&quot;&lt;svg class=\\&quot;e-font-icon-svg e-fas-circle\\&quot; viewBox=\\&quot;0 0 512 512\\&quot; xmlns=\\&quot;http:\\\/\\\/www.w3.org\\\/2000\\\/svg\\&quot;&gt;&lt;path d=\\&quot;M256 8C119 8 8 119 8 256s111 248 248 248 248-111 248-248S393 8 256 8z\\&quot;&gt;&lt;\\\/path&gt;&lt;\\\/svg&gt;&quot;},&quot;minimize_box&quot;:&quot;yes&quot;,&quot;minimized_on&quot;:&quot;tablet&quot;,&quot;hierarchical_view&quot;:&quot;yes&quot;,&quot;min_height&quot;:{&quot;unit&quot;:&quot;px&quot;,&quot;size&quot;:&quot;&quot;,&quot;sizes&quot;:[]},&quot;min_height_tablet&quot;:{&quot;unit&quot;:&quot;px&quot;,&quot;size&quot;:&quot;&quot;,&quot;sizes&quot;:[]},&quot;min_height_mobile&quot;:{&quot;unit&quot;:&quot;px&quot;,&quot;size&quot;:&quot;&quot;,&quot;sizes&quot;:[]}}\" data-widget_type=\"table-of-contents.default\">\n\t\t\t\t\t\t\t\t\t<div class=\"elementor-toc__header\">\n\t\t\t\t\t\t<h2 class=\"elementor-toc__header-title\">\n\t\t\t\t\u00cdndex\t\t\t<\/h2>\n\t\t\t\t\t\t\t\t\t\t<div class=\"elementor-toc__toggle-button elementor-toc__toggle-button--expand\" role=\"button\" tabindex=\"0\" aria-controls=\"elementor-toc__1c30362\" aria-expanded=\"true\" aria-label=\"Open table of contents\"><svg aria-hidden=\"true\" class=\"e-font-icon-svg e-fas-chevron-down\" viewBox=\"0 0 448 512\" xmlns=\"http:\/\/www.w3.org\/2000\/svg\"><path d=\"M207.029 381.476L12.686 187.132c-9.373-9.373-9.373-24.569 0-33.941l22.667-22.667c9.357-9.357 24.522-9.375 33.901-.04L224 284.505l154.745-154.021c9.379-9.335 24.544-9.317 33.901.04l22.667 22.667c9.373 9.373 9.373 24.569 0 33.941L240.971 381.476c-9.373 9.372-24.569 9.372-33.942 0z\"><\/path><\/svg><\/div>\n\t\t\t\t<div class=\"elementor-toc__toggle-button elementor-toc__toggle-button--collapse\" role=\"button\" tabindex=\"0\" aria-controls=\"elementor-toc__1c30362\" aria-expanded=\"true\" aria-label=\"Close table of contents\"><svg aria-hidden=\"true\" class=\"e-font-icon-svg e-fas-chevron-up\" viewBox=\"0 0 448 512\" xmlns=\"http:\/\/www.w3.org\/2000\/svg\"><path d=\"M240.971 130.524l194.343 194.343c9.373 9.373 9.373 24.569 0 33.941l-22.667 22.667c-9.357 9.357-24.522 9.375-33.901.04L224 227.495 69.255 381.516c-9.379 9.335-24.544 9.317-33.901-.04l-22.667-22.667c-9.373-9.373-9.373-24.569 0-33.941L207.03 130.525c9.372-9.373 24.568-9.373 33.941-.001z\"><\/path><\/svg><\/div>\n\t\t\t\t\t<\/div>\n\t\t\t\t<div id=\"elementor-toc__1c30362\" class=\"elementor-toc__body\">\n\t\t\t<div class=\"elementor-toc__spinner-container\">\n\t\t\t\t<svg class=\"elementor-toc__spinner eicon-animation-spin e-font-icon-svg e-eicon-loading\" aria-hidden=\"true\" viewBox=\"0 0 1000 1000\" xmlns=\"http:\/\/www.w3.org\/2000\/svg\"><path d=\"M500 975V858C696 858 858 696 858 500S696 142 500 142 142 304 142 500H25C25 237 238 25 500 25S975 237 975 500 763 975 500 975Z\"><\/path><\/svg>\t\t\t<\/div>\n\t\t<\/div>\n\t\t\t\t\t\t<\/div>\n\t\t\t\t<\/div>\n\t\t\t\t\t<\/div>\n\t\t\t\t<\/div>\n\t\t<div class=\"elementor-element elementor-element-herorght0 e-con-full e-flex e-con e-child\" data-id=\"herorght0\" data-element_type=\"container\" data-e-type=\"container\">\n\t\t\t\t<div class=\"elementor-element elementor-element-heroimg00 iwg-hero-image elementor-widget elementor-widget-image\" data-id=\"heroimg00\" data-element_type=\"widget\" data-e-type=\"widget\" data-widget_type=\"image.default\">\n\t\t\t\t\t\t\t\t\t\t\t\t\t\t\t<img fetchpriority=\"high\" decoding=\"async\" width=\"683\" height=\"1024\" src=\"https:\/\/iwell-guard.com\/wp-content\/uploads\/2026\/04\/geister_rom_striga-683x1024.webp\" class=\"attachment-large size-large wp-image-1713\" alt=\"Striga\" srcset=\"https:\/\/iwell-guard.com\/wp-content\/uploads\/2026\/04\/geister_rom_striga-683x1024.webp 683w, https:\/\/iwell-guard.com\/wp-content\/uploads\/2026\/04\/geister_rom_striga-200x300.webp 200w, https:\/\/iwell-guard.com\/wp-content\/uploads\/2026\/04\/geister_rom_striga-768x1152.webp 768w, https:\/\/iwell-guard.com\/wp-content\/uploads\/2026\/04\/geister_rom_striga.webp 1024w\" sizes=\"(max-width: 683px) 100vw, 683px\" \/>\t\t\t\t\t\t\t\t\t\t\t\t\t\t\t<\/div>\n\t\t\t\t<\/div>\n\t\t\t\t\t<\/div>\n\t\t\t\t<\/div>\n\t\t<div class=\"elementor-element elementor-element-32917199 e-flex e-con-boxed e-con e-parent\" data-id=\"32917199\" data-element_type=\"container\" data-e-type=\"container\">\n\t\t\t\t\t<div class=\"e-con-inner\">\n\t\t<div class=\"elementor-element elementor-element-26e916cb e-flex e-con-boxed e-con e-child\" data-id=\"26e916cb\" data-element_type=\"container\" data-e-type=\"container\">\n\t\t\t\t\t<div class=\"e-con-inner\">\n\t\t<div class=\"elementor-element elementor-element-253a40d4 e-flex e-con-boxed e-con e-child\" data-id=\"253a40d4\" data-element_type=\"container\" data-e-type=\"container\">\n\t\t\t\t\t<div class=\"e-con-inner\">\n\t\t\t\t<div class=\"elementor-element elementor-element-1200c304 elementor-widget elementor-widget-heading\" data-id=\"1200c304\" data-element_type=\"widget\" data-e-type=\"widget\" data-widget_type=\"heading.default\">\n\t\t\t\t\t<div class=\"elementor-heading-title elementor-size-default\">Striga<\/div>\t\t\t\t<\/div>\n\t\t\t\t<div class=\"elementor-element elementor-element-11758e7f elementor-widget elementor-widget-text-editor\" data-id=\"11758e7f\" data-element_type=\"widget\" data-e-type=\"widget\" data-widget_type=\"text-editor.default\">\n\t\t\t\t\t\t\t\t\t<p>Striga (llat\u00ed <em>strix<\/em>, plural <em>striges<\/em>) \u00e9s un dels motius de m\u00e9s conseq\u00fc\u00e8ncies de la demonologia romana. Origin\u00e0riament s&#8217;entenia com un ocell rapinyaire nocturn, una \u00f2liba demon\u00edaca o un \u00e9sser h\u00edbrid amb aspecte d&#8217;ocell, que atacava nadons i dones embarassades. Xucla sang, intercanvia nadons per palla, i s&#8217;introdueix a les cases per finestres i panys.<\/p><p>Alhora, la Striga es fusiona d&#8217;hora amb la idea de la bruixa: una dona que a la nit es transforma en ocell.<\/p><p>Aquesta doble naturalesa, animal i dona, perdura al llarg de tota l&#8217;<span class=\"iwg-fachbegriff\" data-tooltip=\"\u00c8poca de la cultura grega i romana, aproximadament del 800 a. C. al 600 d. C.\" tabindex=\"0\">Antiguitat<\/span>, es converteix a l&#8217;edat mitjana en la base de la idea de la bruixa i en l&#8217;origen del motiu del vampir. El mot eslau <em>strzyga<\/em> i el roman\u00e8s <em>strigoi<\/em> deriven directament del llat\u00ed strix.<\/p>\t\t\t\t\t\t\t\t<\/div>\n\t\t\t\t\t<\/div>\n\t\t\t\t<\/div>\n\t\t<div class=\"elementor-element elementor-element-159dcf9a e-flex e-con-boxed e-con e-child\" data-id=\"159dcf9a\" data-element_type=\"container\" data-e-type=\"container\">\n\t\t\t\t\t<div class=\"e-con-inner\">\n\t\t\t\t<div class=\"elementor-element elementor-element-48cee66f elementor-widget elementor-widget-heading\" data-id=\"48cee66f\" data-element_type=\"widget\" data-e-type=\"widget\" data-widget_type=\"heading.default\">\n\t\t\t\t\t<h2 class=\"elementor-heading-title elementor-size-default\">Fitxa breu: Striga<\/h2>\t\t\t\t<\/div>\n\t\t\t\t<div class=\"elementor-element elementor-element-3f50d82c elementor-widget elementor-widget-text-editor\" data-id=\"3f50d82c\" data-element_type=\"widget\" data-e-type=\"widget\" data-widget_type=\"text-editor.default\">\n\t\t\t\t\t\t\t\t\t<p><strong>Tipus:<\/strong> Dimoni ocell nocturn, m\u00e9s tard tamb\u00e9 bruixa<br>Origen: <span class=\"iwg-fachbegriff\" data-tooltip=\"Creences i costums religiosos difosos en la vida quotidiana.\" tabindex=\"0\">Creen\u00e7a popular<\/span> romana, probablement derivada de precedents grecs (Strix)<br>Textos: Ovidi (<em>Fasti<\/em> VI), Petroni, Apuleu, Plini<br>Per\u00edode: de la Rep\u00fablica fins a l&#8217;<span class=\"iwg-fachbegriff\" data-tooltip=\"\u00c8poca de transici\u00f3 entre l'Antiguitat i l'Edat Mitjana, aproximadament del segle III al VII.\" tabindex=\"0\">Antiguitat tardana<\/span>, amb recepci\u00f3 medieval i moderna<br>Difusi\u00f3: It\u00e0lia, l&#8217;Imperi, tradicions populars eslaves i balc\u00e0niques<br>Protecci\u00f3: espina blanca, <span class=\"iwg-fachbegriff\" data-tooltip=\"Un objecte portat al qual s'atribueix un efecte protector i allunyador del mal.\" tabindex=\"0\">amulet<\/span> bulla, rituals al llindar, rastres de sal<\/p>\t\t\t\t\t\t\t\t<\/div>\n\t\t\t\t\t<\/div>\n\t\t\t\t<\/div>\n\t\t\t\t\t<\/div>\n\t\t\t\t<\/div>\n\t\t\t\t\t<\/div>\n\t\t\t\t<\/div>\n\t\t<div class=\"elementor-element elementor-element-18613602 e-flex e-con-boxed e-con e-parent\" data-id=\"18613602\" data-element_type=\"container\" data-e-type=\"container\">\n\t\t\t\t\t<div class=\"e-con-inner\">\n\t\t\t\t<div class=\"elementor-element elementor-element-262b8a9f elementor-widget elementor-widget-heading\" data-id=\"262b8a9f\" data-element_type=\"widget\" data-e-type=\"widget\" data-widget_type=\"heading.default\">\n\t\t\t\t\t<h2 class=\"elementor-heading-title elementor-size-default\">Contextualitzaci\u00f3 hist\u00f2rica<\/h2>\t\t\t\t<\/div>\n\t\t<div class=\"elementor-element elementor-element-46dcb7d e-con-full e-flex e-con e-child\" data-id=\"46dcb7d\" data-element_type=\"container\" data-e-type=\"container\">\n\t\t<div class=\"elementor-element elementor-element-61d3ab3 e-flex e-con-boxed e-con e-child\" data-id=\"61d3ab3\" data-element_type=\"container\" data-e-type=\"container\">\n\t\t\t\t\t<div class=\"e-con-inner\">\n\t\t\t\t<div class=\"elementor-element elementor-element-117c166 elementor-widget elementor-widget-heading\" data-id=\"117c166\" data-element_type=\"widget\" data-e-type=\"widget\" data-widget_type=\"heading.default\">\n\t\t\t\t\t<div class=\"elementor-heading-title elementor-size-default\">Per\u00edode dels textos<\/div>\t\t\t\t<\/div>\n\t\t\t\t<div class=\"elementor-element elementor-element-73997a0 elementor-widget elementor-widget-text-editor\" data-id=\"73997a0\" data-element_type=\"widget\" data-e-type=\"widget\" data-widget_type=\"text-editor.default\">\n\t\t\t\t\t\t\t\t\t<p>Els primers testimonis s\u00f3n de l&#8217;\u00e8poca de la Rep\u00fablica, i apareixen detalladament en Ovidi (<em>Fasti<\/em> VI) referits a l&#8217;any 6 d. C. Plini, Petroni i Apuleu desenvolupen la figura. A l&#8217;edat mitjana, se&#8217;n deriva la idea de la bruixa i del vampir, i a l&#8217;\u00e0mbit eslau la de la <em>strzyga<\/em> o el <em>strigoi<\/em>.<\/p><p><strong>Classificaci\u00f3 mitol\u00f2gica<\/strong><\/p><p>Striga \u00e9s, en la <span class=\"iwg-fachbegriff\" data-tooltip=\"La transmissi\u00f3 de coneixements i relats a trav\u00e9s de les generacions.\" tabindex=\"0\">tradici\u00f3<\/span> romana i, m\u00e9s tard, europea, un dimoni nocturn o bruixa que beu sang i desenterra cad\u00e0vers. En les tradicions de l&#8217;Europa de l&#8217;Est \u00e9s l&#8217;origen del <span class=\"iwg-fachbegriff\" data-tooltip=\"Un relat transm\u00e8s sobre d\u00e9us, or\u00edgens i l'ordre del m\u00f3n.\" tabindex=\"0\">mite<\/span> del vampir. Les strigae s\u00f3n metamorfes que actuen de nit. No necess\u00e0riament estan mortes, sin\u00f3 condemnades.<\/p>\t\t\t\t\t\t\t\t<\/div>\n\t\t\t\t\t<\/div>\n\t\t\t\t<\/div>\n\t\t<div class=\"elementor-element elementor-element-d47b156 e-flex e-con-boxed e-con e-child\" data-id=\"d47b156\" data-element_type=\"container\" data-e-type=\"container\">\n\t\t\t\t\t<div class=\"e-con-inner\">\n\t\t\t\t<div class=\"elementor-element elementor-element-ff38c2b elementor-widget elementor-widget-heading\" data-id=\"ff38c2b\" data-element_type=\"widget\" data-e-type=\"widget\" data-widget_type=\"heading.default\">\n\t\t\t\t\t<div class=\"elementor-heading-title elementor-size-default\">\u00c0rea de difusi\u00f3<\/div>\t\t\t\t<\/div>\n\t\t\t\t<div class=\"elementor-element elementor-element-4e49fcc elementor-widget elementor-widget-text-editor\" data-id=\"4e49fcc\" data-element_type=\"widget\" data-e-type=\"widget\" data-widget_type=\"text-editor.default\">\n\t\t\t\t\t\t\t\t\t<p>El seu origen \u00e9s l&#8217;\u00e0mbit cultural it\u00e0lic; es va arrelar a totes les prov\u00edncies a trav\u00e9s de l&#8217;Imperi. A l&#8217;edat mitjana i al principi de l&#8217;\u00e8poca moderna t\u00e9 una forta pres\u00e8ncia a l&#8217;\u00e0mbit eslau, als Balcans i a Romania. La tradici\u00f3 del strigoi arriba fins a la literatura moderna sobre vampirs.<\/p>\t\t\t\t\t\t\t\t<\/div>\n\t\t\t\t\t<\/div>\n\t\t\t\t<\/div>\n\t\t\t\t<\/div>\n\t\t<div class=\"elementor-element elementor-element-db03c39 e-con-full e-flex e-con e-child\" data-id=\"db03c39\" data-element_type=\"container\" data-e-type=\"container\">\n\t\t<div class=\"elementor-element elementor-element-229a87b e-flex e-con-boxed e-con e-child\" data-id=\"229a87b\" data-element_type=\"container\" data-e-type=\"container\">\n\t\t\t\t\t<div class=\"e-con-inner\">\n\t\t\t\t<div class=\"elementor-element elementor-element-1f471fc elementor-widget elementor-widget-heading\" data-id=\"1f471fc\" data-element_type=\"widget\" data-e-type=\"widget\" data-widget_type=\"heading.default\">\n\t\t\t\t\t<div class=\"elementor-heading-title elementor-size-default\">Estat de les fonts<\/div>\t\t\t\t<\/div>\n\t\t\t\t<div class=\"elementor-element elementor-element-36b1201 elementor-widget elementor-widget-text-editor\" data-id=\"36b1201\" data-element_type=\"widget\" data-e-type=\"widget\" data-widget_type=\"text-editor.default\">\n\t\t\t\t\t\t\t\t\t<p>Liter\u00e0riament: Ovidi, Plini (Naturalis Historia), Petroni, Apuleu, autors patr\u00edstics. Densament present en les tradicions folkl\u00f2riques eslaves i balc\u00e0niques. Freq\u00fcent en documents medievals de persecuci\u00f3 de bruixes.<\/p>\t\t\t\t\t\t\t\t<\/div>\n\t\t\t\t\t<\/div>\n\t\t\t\t<\/div>\n\t\t\t\t<\/div>\n\t\t\t\t\t<\/div>\n\t\t\t\t<\/div>\n\t\t<div class=\"elementor-element elementor-element-3ae0637c e-flex e-con-boxed e-con e-parent\" data-id=\"3ae0637c\" data-element_type=\"container\" data-e-type=\"container\">\n\t\t\t\t\t<div class=\"e-con-inner\">\n\t\t\t\t<div class=\"elementor-element elementor-element-31d07739 elementor-widget elementor-widget-heading\" data-id=\"31d07739\" data-element_type=\"widget\" data-e-type=\"widget\" data-widget_type=\"heading.default\">\n\t\t\t\t\t<h2 class=\"elementor-heading-title elementor-size-default\">Nom<\/h2>\t\t\t\t<\/div>\n\t\t<div class=\"elementor-element elementor-element-b7642947 e-con-full e-flex e-con e-child\" data-id=\"b7642947\" data-element_type=\"container\" data-e-type=\"container\">\n\t\t\t\t<div class=\"elementor-element elementor-element-a086266 elementor-widget elementor-widget-text-editor\" data-id=\"a086266\" data-element_type=\"widget\" data-e-type=\"widget\" data-widget_type=\"text-editor.default\">\n\t\t\t\t\t\t\t\t\t<p><strong>Llat\u00ed:<\/strong> <em>strix<\/em> (singular), <em>striges<\/em> (plural), m\u00e9s tard <em>striga<\/em>.<br>Eslau: <em>strzyga<\/em> (polon\u00e8s), <em>strigoi<\/em> (roman\u00e8s).<br>Grec: <em>\u03c3\u03c4\u03c1\u03af\u03b3\u03be<\/em> (strinx), ocell nocturn.<\/p><p>El nom designava origin\u00e0riament un ocell nocturn, probablement un mussol banyut o una esp\u00e8cie d&#8217;\u00f2liba similar. Etimol\u00f2gicament popular es va interpretar el xiscle (\u00abstridere\u00bb) com a origen. Del nom de l&#8217;animal sorgeix el <span class=\"iwg-fachbegriff\" data-tooltip=\"Un relat transm\u00e8s sobre d\u00e9us, or\u00edgens i l'ordre del m\u00f3n.\" tabindex=\"0\">mite<\/span>, i del <span class=\"iwg-fachbegriff\" data-tooltip=\"Un relat transm\u00e8s sobre d\u00e9us, or\u00edgens i l'ordre del m\u00f3n.\" tabindex=\"0\">mite<\/span> la bruixa medieval, a It\u00e0lia <em>strega<\/em>.<\/p>\t\t\t\t\t\t\t\t<\/div>\n\t\t\t\t<\/div>\n\t\t\t\t\t<\/div>\n\t\t\t\t<\/div>\n\t\t<div class=\"elementor-element elementor-element-709a44a8 e-flex e-con-boxed e-con e-parent\" data-id=\"709a44a8\" data-element_type=\"container\" data-e-type=\"container\">\n\t\t\t\t\t<div class=\"e-con-inner\">\n\t\t\t\t<div class=\"elementor-element elementor-element-2f585873 elementor-widget elementor-widget-heading\" data-id=\"2f585873\" data-element_type=\"widget\" data-e-type=\"widget\" data-widget_type=\"heading.default\">\n\t\t\t\t\t<h2 class=\"elementor-heading-title elementor-size-default\">Caracter\u00edstiques<\/h2>\t\t\t\t<\/div>\n\t\t<div class=\"elementor-element elementor-element-70621c12 e-con-full e-flex e-con e-child\" data-id=\"70621c12\" data-element_type=\"container\" data-e-type=\"container\">\n\t\t\t\t<div class=\"elementor-element elementor-element-4296eb49 elementor-widget elementor-widget-text-editor\" data-id=\"4296eb49\" data-element_type=\"widget\" data-e-type=\"widget\" data-widget_type=\"text-editor.default\">\n\t\t\t\t\t\t\t\t\t<p><strong>Aparen\u00e7a<\/strong><\/p><p>Forma animal: gran ocell nocturn, amb aspecte d&#8217;\u00f2liba, urpes corbades i bec agut. En la forma de bruixa: una dona vella que a la nit es transforma en l&#8217;ocell. Es descriuen formes mixtes, dona amb ales d&#8217;ocell, ocell amb cara humana.<\/p><p><strong>Comportament<\/strong><\/p><p>La Striga vola de nit, s&#8217;introdueix a les cases (per finestres, xemeneies, panys), busca nadons i dones embarassades, els xucla la sang o els sostreu el nad\u00f3 i el substitueix per palla o un farcell de nines.<\/p><p><strong>\u00c0mbit d&#8217;acci\u00f3<\/strong><\/p><p>Nit, cambra de dormir, part. Especialment perillosa els primers dies despr\u00e9s del naixement, mentre l&#8217;infant encara \u00abno est\u00e0 incorporat\u00bb a la comunitat.<\/p><p><strong>Origen mitol\u00f2gic<\/strong><\/p><p>No hi ha una genealogia m\u00edtica clarament formulada. Ovidi narra una escena origin\u00e0ria en la qual la dida Crane allunya l&#8217;strix d&#8217;un nad\u00f3 amb espina blanca, un relat etiol\u00f2gic que legitima el ritu de protecci\u00f3. En la tradici\u00f3 eslava, la Striga sorgeix d&#8217;una persona amb dos cors o dues \u00e0nimes.<\/p><p><strong>Aparen\u00e7a i simbolisme<\/strong><\/p><p>Les strigae es descriuen com a velles horribles amb trets d&#8217;ocell i pits gegantescos. Poden prendre forma humana. Les \u00f2libes i les ombres nocturnes les acompanyen. La sang i la profanaci\u00f3 de cad\u00e0vers s\u00f3n el seu impuls. Se&#8217;n despr\u00e8n una aura de vellesa, fam i condemnaci\u00f3.<\/p>\t\t\t\t\t\t\t\t<\/div>\n\t\t\t\t<\/div>\n\t\t\t\t\t<\/div>\n\t\t\t\t<\/div>\n\t\t<div class=\"elementor-element elementor-element-44e71476 e-flex e-con-boxed e-con e-parent\" data-id=\"44e71476\" data-element_type=\"container\" data-e-type=\"container\">\n\t\t\t\t\t<div class=\"e-con-inner\">\n\t\t\t\t<div class=\"elementor-element elementor-element-3c1fc3f0 elementor-widget elementor-widget-heading\" data-id=\"3c1fc3f0\" data-element_type=\"widget\" data-e-type=\"widget\" data-widget_type=\"heading.default\">\n\t\t\t\t\t<h2 class=\"elementor-heading-title elementor-size-default\">Fitxa: Striga<\/h2>\t\t\t\t<\/div>\n\t\t<div class=\"elementor-element elementor-element-84f33b8e e-con-full e-flex e-con e-child\" data-id=\"84f33b8e\" data-element_type=\"container\" data-e-type=\"container\">\n\t\t\t\t<div class=\"elementor-element elementor-element-hqkdc67p elementor-widget elementor-widget-text-editor\" data-id=\"hqkdc67p\" data-element_type=\"widget\" data-e-type=\"widget\" data-widget_type=\"text-editor.default\">\n\t\t\t\t\t\t\t\t\t<p>Els aspectes m\u00e9s importants de la Striga d&#8217;una ullada. Trobareu el desenvolupament sobre el nom, la descripci\u00f3, la protecci\u00f3 i els paral\u00b7lelismes en els apartats seg\u00fcents.<\/p>\t\t\t\t\t\t\t\t<\/div>\n\t\t\t\t<\/div>\n\t\t<div class=\"elementor-element elementor-element-pemmx7c5 e-con-full e-flex e-con e-child\" data-id=\"pemmx7c5\" data-element_type=\"container\" data-e-type=\"container\">\n\t\t<div class=\"elementor-element elementor-element-pemmx7c1 e-con-full e-flex e-con e-child\" data-id=\"pemmx7c1\" data-element_type=\"container\" data-e-type=\"container\">\n\t\t<div class=\"elementor-element elementor-element-qh9oavvu iwg-steckbrief-card e-flex e-con-boxed e-con e-child\" data-id=\"qh9oavvu\" data-element_type=\"container\" data-e-type=\"container\">\n\t\t\t\t\t<div class=\"e-con-inner\">\n\t\t\t\t<div class=\"elementor-element elementor-element-awzx8k2k elementor-widget elementor-widget-heading\" data-id=\"awzx8k2k\" data-element_type=\"widget\" data-e-type=\"widget\" data-widget_type=\"heading.default\">\n\t\t\t\t\t<div class=\"elementor-heading-title elementor-size-default\">Tradici\u00f3<\/div>\t\t\t\t<\/div>\n\t\t\t\t<div class=\"elementor-element elementor-element-x6rowhv0 elementor-widget elementor-widget-text-editor\" data-id=\"x6rowhv0\" data-element_type=\"widget\" data-e-type=\"widget\" data-widget_type=\"text-editor.default\">\n\t\t\t\t\t\t\t\t\t<p>Prov\u00e9 de la creen\u00e7a popular romana, amb precedents grecs. M\u00e9s tard es fon amb la idea de la bruixa, una dona que es transforma en ocell.<\/p>\t\t\t\t\t\t\t\t<\/div>\n\t\t\t\t\t<\/div>\n\t\t\t\t<\/div>\n\t\t<div class=\"elementor-element elementor-element-8e3o4kxs iwg-steckbrief-card e-flex e-con-boxed e-con e-child\" data-id=\"8e3o4kxs\" data-element_type=\"container\" data-e-type=\"container\">\n\t\t\t\t\t<div class=\"e-con-inner\">\n\t\t\t\t<div class=\"elementor-element elementor-element-08rkdgov elementor-widget elementor-widget-heading\" data-id=\"08rkdgov\" data-element_type=\"widget\" data-e-type=\"widget\" data-widget_type=\"heading.default\">\n\t\t\t\t\t<div class=\"elementor-heading-title elementor-size-default\">Objecte d'acci\u00f3<\/div>\t\t\t\t<\/div>\n\t\t\t\t<div class=\"elementor-element elementor-element-uwjelx8s elementor-widget elementor-widget-text-editor\" data-id=\"uwjelx8s\" data-element_type=\"widget\" data-e-type=\"widget\" data-widget_type=\"text-editor.default\">\n\t\t\t\t\t\t\t\t\t<p>Sobretot nadons i infants petits, i secund\u00e0riament dones a punt de deslliurar. En els discursos posteriors sobre bruixeria, l&#8217;espectre de les <span class=\"iwg-fachbegriff\" data-tooltip=\"Ofrena a una divinitat per expressar gratitud, s\u00faplica o veneraci\u00f3.\" tabindex=\"0\">v\u00edctimes<\/span> s&#8217;amplia a tota la poblaci\u00f3: malalties, mortaldat del bestiar i danys meteorol\u00f2gics s&#8217;atribueixen a l&#8217;striga.<\/p>\t\t\t\t\t\t\t\t<\/div>\n\t\t\t\t\t<\/div>\n\t\t\t\t<\/div>\n\t\t<div class=\"elementor-element elementor-element-jm2n74ec iwg-steckbrief-card e-flex e-con-boxed e-con e-child\" data-id=\"jm2n74ec\" data-element_type=\"container\" data-e-type=\"container\">\n\t\t\t\t\t<div class=\"e-con-inner\">\n\t\t\t\t<div class=\"elementor-element elementor-element-8vufse4c elementor-widget elementor-widget-heading\" data-id=\"8vufse4c\" data-element_type=\"widget\" data-e-type=\"widget\" data-widget_type=\"heading.default\">\n\t\t\t\t\t<div class=\"elementor-heading-title elementor-size-default\">Aparen\u00e7a<\/div>\t\t\t\t<\/div>\n\t\t\t\t<div class=\"elementor-element elementor-element-mwb9u015 elementor-widget elementor-widget-text-editor\" data-id=\"mwb9u015\" data-element_type=\"widget\" data-e-type=\"widget\" data-widget_type=\"text-editor.default\">\n\t\t\t\t\t\t\t\t\t<p>Un gran ocell nocturn (semblant a un mussol) o una vella dona transformada. Tamb\u00e9 hi ha formes mixtes: dona amb ales d&#8217;ocell, urpes corbades i morro ensangonat.<\/p>\t\t\t\t\t\t\t\t<\/div>\n\t\t\t\t\t<\/div>\n\t\t\t\t<\/div>\n\t\t\t\t<\/div>\n\t\t<div class=\"elementor-element elementor-element-pemmx7c2 e-con-full e-flex e-con e-child\" data-id=\"pemmx7c2\" data-element_type=\"container\" data-e-type=\"container\">\n\t\t<div class=\"elementor-element elementor-element-37ss2yr6 iwg-steckbrief-card e-flex e-con-boxed e-con e-child\" data-id=\"37ss2yr6\" data-element_type=\"container\" data-e-type=\"container\">\n\t\t\t\t\t<div class=\"e-con-inner\">\n\t\t\t\t<div class=\"elementor-element elementor-element-3v0wp3wx elementor-widget elementor-widget-heading\" data-id=\"3v0wp3wx\" data-element_type=\"widget\" data-e-type=\"widget\" data-widget_type=\"heading.default\">\n\t\t\t\t\t<div class=\"elementor-heading-title elementor-size-default\">\u00c0mbit d'acci\u00f3<\/div>\t\t\t\t<\/div>\n\t\t\t\t<div class=\"elementor-element elementor-element-w3247g2m elementor-widget elementor-widget-text-editor\" data-id=\"w3247g2m\" data-element_type=\"widget\" data-e-type=\"widget\" data-widget_type=\"text-editor.default\">\n\t\t\t\t\t\t\t\t\t<p>Xuclar la sang, robar infants i substituir-los per palla. Un afebliment lent del nad\u00f3, que sovint no es percep fins despr\u00e9s de dies o setmanes.<\/p>\t\t\t\t\t\t\t\t<\/div>\n\t\t\t\t\t<\/div>\n\t\t\t\t<\/div>\n\t\t<div class=\"elementor-element elementor-element-0qpjal9w iwg-steckbrief-card e-flex e-con-boxed e-con e-child\" data-id=\"0qpjal9w\" data-element_type=\"container\" data-e-type=\"container\">\n\t\t\t\t\t<div class=\"e-con-inner\">\n\t\t\t\t<div class=\"elementor-element elementor-element-6ndoih0o elementor-widget elementor-widget-heading\" data-id=\"6ndoih0o\" data-element_type=\"widget\" data-e-type=\"widget\" data-widget_type=\"heading.default\">\n\t\t\t\t\t<div class=\"elementor-heading-title elementor-size-default\">Protecci\u00f3<\/div>\t\t\t\t<\/div>\n\t\t\t\t<div class=\"elementor-element elementor-element-6684tyh9 elementor-widget elementor-widget-text-editor\" data-id=\"6684tyh9\" data-element_type=\"widget\" data-e-type=\"widget\" data-widget_type=\"text-editor.default\">\n\t\t\t\t\t\t\t\t\t<p>Branques d&#8217;ar\u00e7 blanc a finestres i portes, sal als llindars, l\u00e0mpades enceses a l&#8217;habitaci\u00f3 on es dorm. <span class=\"iwg-fachbegriff\" data-tooltip=\"Objecte portat al cos al qual s'atribueix un efecte protector contra el mal.\" tabindex=\"0\">Amulet<\/span> bulla per al nen. Ovidi descriu el <span class=\"iwg-fachbegriff\" data-tooltip=\"Acte religi\u00f3s fix i recurrent.\" tabindex=\"0\">ritu<\/span> de l&#8217;ar\u00e7 blanc practicat per la dida Crane.<\/p>\t\t\t\t\t\t\t\t<\/div>\n\t\t\t\t\t<\/div>\n\t\t\t\t<\/div>\n\t\t<div class=\"elementor-element elementor-element-3lfi7x32 iwg-steckbrief-card e-flex e-con-boxed e-con e-child\" data-id=\"3lfi7x32\" data-element_type=\"container\" data-e-type=\"container\">\n\t\t\t\t\t<div class=\"e-con-inner\">\n\t\t\t\t<div class=\"elementor-element elementor-element-0kg99ga1 elementor-widget elementor-widget-heading\" data-id=\"0kg99ga1\" data-element_type=\"widget\" data-e-type=\"widget\" data-widget_type=\"heading.default\">\n\t\t\t\t\t<div class=\"elementor-heading-title elementor-size-default\">Paral\u00b7lels de l'striga<\/div>\t\t\t\t<\/div>\n\t\t\t\t<div class=\"elementor-element elementor-element-n0fum6kp elementor-widget elementor-widget-text-editor\" data-id=\"n0fum6kp\" data-element_type=\"widget\" data-e-type=\"widget\" data-widget_type=\"text-editor.default\">\n\t\t\t\t\t\t\t\t\t<p>Precedent directe: <a href=\"https:\/\/iwell-guard.com\/ca\/?page_id=171350\">L\u00e0mia<\/a> (grega). Emparentada per classe: <a href=\"https:\/\/iwell-guard.com\/ca\/?page_id=171358\">Lamiae<\/a> (romanes). En el context jueu: <a href=\"https:\/\/iwell-guard.com\/ca\/?page_id=171360\">Lilith<\/a>. La tradici\u00f3 de l&#8217;strix pervi al llarg de l&#8217;\u00e8poca moderna en l&#8217;itali\u00e0 <em>strega<\/em>, el roman\u00e8s <em>strigoi<\/em> i el polon\u00e8s <em>strzyga<\/em>. Emparentades funcionalment: <a href=\"https:\/\/iwell-guard.com\/ca\/?page_id=171349\">Empusa<\/a>, <a href=\"https:\/\/iwell-guard.com\/ca\/?page_id=171390\">Baba Iaga<\/a>, les drudes alemanyes.<\/p>\t\t\t\t\t\t\t\t<\/div>\n\t\t\t\t\t<\/div>\n\t\t\t\t<\/div>\n\t\t\t\t<\/div>\n\t\t\t\t<\/div>\n\t\t\t\t\t<\/div>\n\t\t\t\t<\/div>\n\t\t<div class=\"elementor-element elementor-element-7533bc7a e-flex e-con-boxed e-con e-parent\" data-id=\"7533bc7a\" data-element_type=\"container\" data-e-type=\"container\">\n\t\t\t\t\t<div class=\"e-con-inner\">\n\t\t\t\t<div class=\"elementor-element elementor-element-2447d18d elementor-widget elementor-widget-heading\" data-id=\"2447d18d\" data-element_type=\"widget\" data-e-type=\"widget\" data-widget_type=\"heading.default\">\n\t\t\t\t\t<h2 class=\"elementor-heading-title elementor-size-default\">Pr\u00e0ctica de protecci\u00f3<\/h2>\t\t\t\t<\/div>\n\t\t<div class=\"elementor-element elementor-element-d5d0260c e-con-full e-flex e-con e-child\" data-id=\"d5d0260c\" data-element_type=\"container\" data-e-type=\"container\">\n\t\t\t\t<div class=\"elementor-element elementor-element-341be2ac elementor-widget elementor-widget-text-editor\" data-id=\"341be2ac\" data-element_type=\"widget\" data-e-type=\"widget\" data-widget_type=\"text-editor.default\">\n\t\t\t\t\t\t\t\t\t<p><strong>Rituals d&#8217;abast<\/strong><\/p><p>Ovidi descriu el <span class=\"iwg-fachbegriff\" data-tooltip=\"Acte religi\u00f3s fix i recurrent.\" tabindex=\"0\">ritu<\/span> de la dida Crane: colpeja la llinda de la porta amb una branca d&#8217;ar\u00e7 blanc, escampa aigua per l&#8217;habitatge, posa les entranyes d&#8217;un porquet en un plat i invoca l&#8217;striga perqu\u00e8 es llenci sobre elles en lloc del nen. Despr\u00e9s d&#8217;aix\u00f2, el nen queda protegit.<\/p><p><strong>Encanteris<\/strong><\/p><p>F\u00f3rmules populars breus recitades al llindar, especialment de nit. En les tauletes de maledicci\u00f3 (defixiones), l&#8217;striga s&#8217;esmenta com a eina d&#8217;atac contra enemics. M\u00e9s endavant, en l&#8217;\u00e0mbit eslau, apareixen llargues f\u00f3rmules de protecci\u00f3 contra els strigoi.<\/p><p><strong>Amulets i s\u00edmbols de protecci\u00f3<\/strong><\/p><p><span class=\"iwg-fachbegriff\" data-tooltip=\"Objecte portat al cos al qual s'atribueix un efecte protector contra el mal.\" tabindex=\"0\">Amulet<\/span> bulla per als infants romans, farcit d&#8217;elements m\u00e0gics. Sal, ar\u00e7 blanc, llorer, all. Les tradicions eslaves posteriors hi afegeixen creus, imatges de sants i rituals funeraris especials per als sospitosos de ser strigoi.<\/p><p><strong><span class=\"iwg-fachbegriff\" data-tooltip=\"El conjunt d'actes de veneraci\u00f3 religiosa dedicats a una divinitat o figura sagrada.\" tabindex=\"0\">Culte<\/span> i veneraci\u00f3<\/strong><\/p><p>Les striges no es veneren, sin\u00f3 que es repel\u00b7leixen. Era habitual posar ferro sota el llit, fils vermells i all. Es vigilaven les tombes. Sacerdots i mags podien conjurar-les. En algunes cultures s&#8217;intentava tractar-les amb respecte.<\/p>\t\t\t\t\t\t\t\t<\/div>\n\t\t\t\t<\/div>\n\t\t\t\t\t<\/div>\n\t\t\t\t<\/div>\n\t\t<div class=\"elementor-element elementor-element-5a584676 e-flex e-con-boxed e-con e-parent\" data-id=\"5a584676\" data-element_type=\"container\" data-e-type=\"container\">\n\t\t\t\t\t<div class=\"e-con-inner\">\n\t\t\t\t<div class=\"elementor-element elementor-element-6d0757bf elementor-widget elementor-widget-heading\" data-id=\"6d0757bf\" data-element_type=\"widget\" data-e-type=\"widget\" data-widget_type=\"heading.default\">\n\t\t\t\t\t<h2 class=\"elementor-heading-title elementor-size-default\">L'striga, paral\u00b7lels en altres cultures<\/h2>\t\t\t\t<\/div>\n\t\t<div class=\"elementor-element elementor-element-60563f68 e-con-full e-flex e-con e-child\" data-id=\"60563f68\" data-element_type=\"container\" data-e-type=\"container\">\n\t\t\t\t<div class=\"elementor-element elementor-element-5a93fdd6 elementor-widget elementor-widget-text-editor\" data-id=\"5a93fdd6\" data-element_type=\"widget\" data-e-type=\"widget\" data-widget_type=\"text-editor.default\">\n\t\t\t\t\t\t\t\t\t<p><strong>Precedents i parents:<\/strong> la mesopot\u00e0mica Lil\u012btu i la jueva Lilith, la dimoniessa infanticida com a <span class=\"iwg-fachbegriff\" data-tooltip=\"Element de contingut recurrent en l'art o la narrativa.\" tabindex=\"0\">motiu<\/span> ampliament dif\u00f3s del Pr\u00f2xim Orient antic. La grega L\u00e0mia i Empusa com a figures liter\u00e0riament emparentades.<\/p><p><strong>Edat mitjana<\/strong><\/p><p>La bruixa medieval hereta molts trets de l&#8217;strix: el vol nocturn, la transformaci\u00f3, l&#8217;atac als nadons. L&#8217;itali\u00e0 <em>strega<\/em> (\u00abbruixa\u00bb) prov\u00e9 directament d&#8217;strix.<\/p><p><strong>La figura moderna del vampir<\/strong><\/p><p>El roman\u00e8s <em>strigoi<\/em> \u00e9s el precedent immediat de la figura moderna del vampir. El Dr\u00e0cula de Bram Stoker i els seus successors porten en si elements de l&#8217;strix, especialment l&#8217;entrada per la finestra, la mossegada al coll i l&#8217;afebliment per p\u00e8rdua de sang.<\/p>\t\t\t\t\t\t\t\t<\/div>\n\t\t\t\t<\/div>\n\t\t\t\t\t<\/div>\n\t\t\t\t<\/div>\n\t\t<div class=\"elementor-element elementor-element-cpf0a1835 e-flex e-con-boxed e-con e-parent\" data-id=\"cpf0a1835\" data-element_type=\"container\" data-e-type=\"container\">\n\t\t\t\t\t<div class=\"e-con-inner\">\n\t\t\t\t<div class=\"elementor-element elementor-element-cpbaafb51 elementor-widget elementor-widget-heading\" data-id=\"cpbaafb51\" data-element_type=\"widget\" data-e-type=\"widget\" data-widget_type=\"heading.default\">\n\t\t\t\t\t<h2 class=\"elementor-heading-title elementor-size-default\">Els testimonis antics: Ovidi, Petroni i Plini<\/h2>\t\t\t\t<\/div>\n\t\t<div class=\"elementor-element elementor-element-cpd54957b e-con-full e-flex e-con e-child\" data-id=\"cpd54957b\" data-element_type=\"container\" data-e-type=\"container\">\n\t\t\t\t<div class=\"elementor-element elementor-element-cp12a0820 elementor-widget elementor-widget-text-editor\" data-id=\"cp12a0820\" data-element_type=\"widget\" data-e-type=\"widget\" data-widget_type=\"text-editor.default\">\n\t\t\t\t\t\t\t\t\t<p>La <em>striga<\/em> o <em>strix<\/em> \u00e9s una de les poques figures maligneres romanes de les quals es conserven diverses fonts <span class=\"iwg-fachbegriff\" data-tooltip=\"\u00c8poca de la cultura grega i romana, aproximadament del 800 a. C. al 600 d. C.\" tabindex=\"0\">antigues<\/span> independents. La descripci\u00f3 m\u00e9s detallada la dona Ovidi en els <em>Fasti<\/em>, el calendari festiu, en l&#8217;entrada corresponent als esdeveniments de juny.<\/p><p>All\u00e0 descriu les <em>striges<\/em> com a ocells nocturns amb un cap gros, ulls fixos, bec corbat i plomatge gris, que volen en la fosca i cerquen nadons, dels quals xuclen les entranyes o la sang.<\/p><p>Tot seguit, Ovidi narra l&#8217;amena\u00e7a sobre el petit fill del rei Proca i la defensa duta a terme per la deessa Carna o Cardea, que amb una branca d&#8217;arbo\u00e7 i el sacrifici d&#8217;un porc espanta l&#8217;ocell.<\/p><p>Petroni, en el <em>Satyricon<\/em>, fa que el personatge de Trimalci\u00f3 i els seus convidats parlin de les <em>strigae<\/em>: en un episodi, el cos d&#8217;un noi \u00e9s substitu\u00eft per bruixes per un feix de palla, i un home que vol destorbar-les acaba maltractat.<\/p><p>Aqu\u00ed les <em>strigae<\/em> ja s\u00f3n bruixes femenines, no simplement ocells. Plini el Vell esmenta l&#8217;<em>strix<\/em> a la <em>Naturalis historia<\/em> en un context zool\u00f2gic, i observa que corre la <span class=\"iwg-fachbegriff\" data-tooltip=\"Relat transm\u00e8s amb sovint un fons hist\u00f2ric i trets meravellosos.\" tabindex=\"0\">llegenda<\/span> segons la qual donarien mamella als nadons amb la seva llet, tot i que es mostra esc\u00e8ptic sobre l&#8217;exist\u00e8ncia real de l&#8217;ocell.<\/p><p>Aquestes fonts mostren la figura en la decisiva indeterminaci\u00f3 entre animal i hum\u00e0, entre hist\u00f2ria natural i aparici\u00f3 fantasmal. Ja en l&#8217;<span class=\"iwg-fachbegriff\" data-tooltip=\"\u00c8poca de la cultura grega i romana, aproximadament del 800 a. C. al 600 d. C.\" tabindex=\"0\">Antiguitat<\/span> no estava clar si l&#8217;<em>strix<\/em> era un ocell nocturn real amb un crit inquietant, un <span class=\"iwg-fachbegriff\" data-tooltip=\"\u00c9sser espiritual al qual s'atribueix un efecte nociu o ambivalent.\" tabindex=\"0\">dimoni<\/span> o una dona transformada en ocell.<\/p><p>Aquesta ambival\u00e8ncia no \u00e9s una mancan\u00e7a de la <span class=\"iwg-fachbegriff\" data-tooltip=\"La transmissi\u00f3 de coneixements i relats al llarg de generacions.\" tabindex=\"0\">tradici\u00f3<\/span>, sin\u00f3 el seu nucli: els mateixos romans discutien l&#8217;estatus d&#8217;aquest \u00e9sser.<\/p>\t\t\t\t\t\t\t\t<\/div>\n\t\t\t\t<\/div>\n\t\t\t\t\t<\/div>\n\t\t\t\t<\/div>\n\t\t<div class=\"elementor-element elementor-element-cpca1320f e-flex e-con-boxed e-con e-parent\" data-id=\"cpca1320f\" data-element_type=\"container\" data-e-type=\"container\">\n\t\t\t\t\t<div class=\"e-con-inner\">\n\t\t\t\t<div class=\"elementor-element elementor-element-cp8bd5c6a elementor-widget elementor-widget-heading\" data-id=\"cp8bd5c6a\" data-element_type=\"widget\" data-e-type=\"widget\" data-widget_type=\"heading.default\">\n\t\t\t\t\t<h2 class=\"elementor-heading-title elementor-size-default\">L'ocell i la bruixa: una doble naturalesa sense resoldre<\/h2>\t\t\t\t<\/div>\n\t\t<div class=\"elementor-element elementor-element-cpb8767c3 e-con-full e-flex e-con e-child\" data-id=\"cpb8767c3\" data-element_type=\"container\" data-e-type=\"container\">\n\t\t\t\t<div class=\"elementor-element elementor-element-cpc2cfa9c elementor-widget elementor-widget-text-editor\" data-id=\"cpc2cfa9c\" data-element_type=\"widget\" data-e-type=\"widget\" data-widget_type=\"text-editor.default\">\n\t\t\t\t\t\t\t\t\t<p>L&#8217;ambig\u00fcitat de la <em>strix<\/em> t\u00e9 una llarga hist\u00f2ria d&#8217;investigaci\u00f3. Ling\u00fc\u00edsticament, <em>strix<\/em> \u00e9s en primer lloc un nom d&#8217;ocell, emparentat amb el grec <em>strinx<\/em>, i probablement designa un tipus d&#8217;\u00f2liba; el crit inquietant i estrident dels ocells nocturns es considera el punt de partida d&#8217;aquesta imatge. De l&#8217;au nocturna real, amb el seu crit percebut com a esgarrif\u00f3s, va sorgir un ocell de mal averany, i despr\u00e9s un \u00e9sser dimon\u00edac que succiona sang.<\/p><p>Paral\u00b7lelament, el significat es va despla\u00e7ar cap a l&#8217;\u00e9sser hum\u00e0. En la literatura llatina de l&#8217;\u00e8poca imperial, i especialment en la <span class=\"iwg-fachbegriff\" data-tooltip=\"La transmissi\u00f3 de coneixements i relats al llarg de generacions.\" tabindex=\"0\">transmissi\u00f3<\/span> de l&#8217;antiguitat tardana i medieval, <em>striga<\/em> designa cada vegada m\u00e9s sovint una dona amb poders m\u00e0gics que surt de nit per causar mal.<\/p><p>La idea de que aquestes dones es podien transformar o enviar el seu <span class=\"iwg-fachbegriff\" data-tooltip=\"Un \u00e9sser incorpori al qual s'atribueix acci\u00f3 en el m\u00f3n.\" tabindex=\"0\">esperit<\/span> uneix ambd\u00f3s fils: la bruixa pren la forma o les caracter\u00edstiques de l&#8217;ocell.<\/p><p>Aquesta evoluci\u00f3 no es pot descriure com una l\u00ednia senzilla. A les fonts coexisteixen la creen\u00e7a animal pura, la interpretaci\u00f3 demonol\u00f2gica i la bruixa humana, sovint dins del mateix text.<\/p><p>La investigaci\u00f3, per exemple els treballs sobre la religi\u00f3 popular romana i sobre la prehist\u00f2ria de la creen\u00e7a europea en bruixes, considera per aix\u00f2 la <em>striga<\/em> un nus important: en ella es pot estudiar com, al llarg de diversos segles, un averany animal va donar lloc a la idea de la fetillera nociva.<\/p><p>El llat\u00ed medieval fa servir sovint <em>striga<\/em> i <em>strix<\/em> com a sin\u00f2nims de \u00abbruixa\u00bb, i en diverses lleng\u00fces rom\u00e0niques la paraula ha sobreviscut precisament amb aquest significat.<\/p>\t\t\t\t\t\t\t\t<\/div>\n\t\t\t\t<\/div>\n\t\t\t\t\t<\/div>\n\t\t\t\t<\/div>\n\t\t<div class=\"elementor-element elementor-element-cp043516e e-flex e-con-boxed e-con e-parent\" data-id=\"cp043516e\" data-element_type=\"container\" data-e-type=\"container\">\n\t\t\t\t\t<div class=\"e-con-inner\">\n\t\t\t\t<div class=\"elementor-element elementor-element-cp5d8d185 elementor-widget elementor-widget-heading\" data-id=\"cp5d8d185\" data-element_type=\"widget\" data-e-type=\"widget\" data-widget_type=\"heading.default\">\n\t\t\t\t\t<h2 class=\"elementor-heading-title elementor-size-default\">Hist\u00f2ria jur\u00eddica: la striga en els drets populars germ\u00e0nics<\/h2>\t\t\t\t<\/div>\n\t\t<div class=\"elementor-element elementor-element-cp657a03d e-con-full e-flex e-con e-child\" data-id=\"cp657a03d\" data-element_type=\"container\" data-e-type=\"container\">\n\t\t\t\t<div class=\"elementor-element elementor-element-cpb1f0e81 elementor-widget elementor-widget-text-editor\" data-id=\"cpb1f0e81\" data-element_type=\"widget\" data-e-type=\"widget\" data-widget_type=\"text-editor.default\">\n\t\t\t\t\t\t\t\t\t<p>Un rastre propi porta la <em>striga<\/em> fins a la hist\u00f2ria jur\u00eddica altmedieval. En diversos dels anomenats drets populars, els drets tribals recollits de l&#8217;alta edat mitjana, apareix aquesta paraula.<\/p><p>Especialment coneguda \u00e9s la disposici\u00f3 de la <em>Lex Salica<\/em>, el dret dels francs, que fixa una multa per a qui insulti fal\u00b7la\u00e7ment un altre com a <em>stria<\/em> o l&#8217;acusi d&#8217;haver \u00abmenjat\u00bb una persona. La <em>Lex Salica<\/em>, doncs, no castiga la bruixeria en si, sin\u00f3 l&#8217;acusaci\u00f3 infundada.<\/p><p>Encara m\u00e9s reveladora \u00e9s una disposici\u00f3 associada al rei llombard Rotari: el seu edicte del segle set\u00e8 prohibeix expressament matar una serva o una dona lliure per considerar-la <em>striga<\/em>, i declara que un cristi\u00e0 no ha de creure que una dona pugui consumir un \u00e9sser hum\u00e0 des de dins.<\/p><p>Aqu\u00ed la legislaci\u00f3 secular es posiciona contra la creen\u00e7a popular i protegeix les acusades.<\/p><p>Aquests testimonis jur\u00eddics tenen un gran valor per a la investigaci\u00f3, ja que mostren que la creen\u00e7a en bruixes menjadores d&#8217;humans estava viva i tenia conseq\u00fc\u00e8ncies a l&#8217;alta edat mitjana, molt abans de les grans persecucions de bruixes de l&#8217;edat moderna. Al mateix temps, evidencien un escepticisme oficial, en part recolzat per l&#8217;Esgl\u00e9sia, davant d&#8217;aquesta creen\u00e7a.<\/p><p>El fam\u00f3s <em>Canon episcopi<\/em>, un text de dret can\u00f2nic, classificava la creen\u00e7a en les sortides nocturnes de les dones com un engany. La l\u00ednia que va de la <em>strix<\/em> romana, passant pels drets populars, fins a aquestes posicions eclesi\u00e0stiques, \u00e9s una de les prehist\u00f2ries m\u00e9s importants de la imatge posterior de la bruixa.<\/p>\t\t\t\t\t\t\t\t<\/div>\n\t\t\t\t<\/div>\n\t\t\t\t\t<\/div>\n\t\t\t\t<\/div>\n\t\t<div class=\"elementor-element elementor-element-cpab64a98 e-flex e-con-boxed e-con e-parent\" data-id=\"cpab64a98\" data-element_type=\"container\" data-e-type=\"container\">\n\t\t\t\t\t<div class=\"e-con-inner\">\n\t\t\t\t<div class=\"elementor-element elementor-element-cpcc7199c elementor-widget elementor-widget-heading\" data-id=\"cpcc7199c\" data-element_type=\"widget\" data-e-type=\"widget\" data-widget_type=\"heading.default\">\n\t\t\t\t\t<h2 class=\"elementor-heading-title elementor-size-default\">Perviv\u00e8ncia al sud-est d'Europa: la tradici\u00f3 del strigoi<\/h2>\t\t\t\t<\/div>\n\t\t<div class=\"elementor-element elementor-element-cp60a32fb e-con-full e-flex e-con e-child\" data-id=\"cp60a32fb\" data-element_type=\"container\" data-e-type=\"container\">\n\t\t\t\t<div class=\"elementor-element elementor-element-cpd8b5efd elementor-widget elementor-widget-text-editor\" data-id=\"cpd8b5efd\" data-element_type=\"widget\" data-e-type=\"widget\" data-widget_type=\"text-editor.default\">\n\t\t\t\t\t\t\t\t\t<p>La paraula <em>striga<\/em> t\u00e9 a les lleng\u00fces del sud-est d&#8217;Europa una perviv\u00e8ncia notablement llarga. En roman\u00e8s va evolucionar cap a <em>strig\u0103<\/em> i, sobretot, <em>strigoi<\/em>, una denominaci\u00f3 per a un mort que retorna o per a una persona viva amb poder sobrenatural nociu.<\/p><p>El <em>strigoi<\/em> de la tradici\u00f3 popular romanesa \u00e9s una figura complexa: existeix el <em>strigoi viu<\/em>, el viu, i el <em>strigoi mort<\/em>, el mort, que retorna de la tomba, ataca el bestiar i els familiars i els priva de for\u00e7a vital.<\/p><p>Aquesta tradici\u00f3 va ser documentada per folkloristes durant els segles dinou i vint, i posteriorment ha passat a formar part de la investigaci\u00f3 internacional sobre vampirs. El <em>strigoi<\/em> pertany a les creences de morts vivents de l&#8217;Europa centre-oriental que han contribu\u00eft a modelar la imatge occidental del vampir, encara que la figura popular \u00e9s molt m\u00e9s complexa que la liter\u00e0ria.<\/p><p>Es troben termes ling\u00fc\u00edsticament emparentats en tota l&#8217;\u00e0rea balc\u00e0nica, cosa que suggereix un estrat com\u00fa antic. Des del punt de vista de l&#8217;estudi de les religions, resulta interessant que en aquesta hist\u00f2ria de la paraula es pugui seguir un llarg canvi de significat: de l&#8217;ocell nocturn rom\u00e0, a la bruixa medieval, fins al mort vivent de l&#8217;\u00e8poca moderna.<\/p><p>La paraula es va mantenir estable, mentre que la idea s&#8217;anava adaptant a les pors i necessitats explicatives de cada \u00e8poca. Qui compari la <em>striga<\/em> de l&#8217;<span class=\"iwg-fachbegriff\" data-tooltip=\"\u00c8poca de la cultura grega i romana, aproximadament des del 800 aC fins al 600 dC.\" tabindex=\"0\">Antiguitat<\/span> amb el <em>strigoi<\/em> dels pobles romanesos no hi trobar\u00e0 una figura id\u00e8ntica, per\u00f2 s\u00ed una l\u00ednia cont\u00ednua de transmissi\u00f3. Es troben idees emparentades sobre el mort que xucla sang tamb\u00e9 a l&#8217;\u00e0mbit eslau, per exemple en l&#8217;<a href=\"https:\/\/iwell-guard.com\/ca\/?page_id=171392\">Upir<\/a>.<\/p>\t\t\t\t\t\t\t\t<\/div>\n\t\t\t\t<\/div>\n\t\t\t\t\t<\/div>\n\t\t\t\t<\/div>\n\t\t<div class=\"elementor-element elementor-element-36dd7469 e-flex e-con-boxed e-con e-parent\" data-id=\"36dd7469\" data-element_type=\"container\" data-e-type=\"container\">\n\t\t\t\t\t<div class=\"e-con-inner\">\n\t\t\t\t<div class=\"elementor-element elementor-element-13760ab4 elementor-widget elementor-widget-heading\" data-id=\"13760ab4\" data-element_type=\"widget\" data-e-type=\"widget\" data-widget_type=\"heading.default\">\n\t\t\t\t\t<div class=\"elementor-heading-title elementor-size-default\">Enlla\u00e7os relacionats<\/div>\t\t\t\t<\/div>\n\t\t<div class=\"elementor-element elementor-element-28c87796 e-con-full e-flex e-con e-child\" data-id=\"28c87796\" data-element_type=\"container\" data-e-type=\"container\">\n\t\t\t\t<div class=\"elementor-element elementor-element-5d6538df elementor-widget elementor-widget-text-editor\" data-id=\"5d6538df\" data-element_type=\"widget\" data-e-type=\"widget\" data-widget_type=\"text-editor.default\">\n\t\t\t\t\t\t\t\t\t<p>Enlla\u00e7os interns recomanats:<\/p><ul><li><a href=\"https:\/\/iwell-guard.com\/ca\/?page_id=171346\">Roma<\/a><\/li><li><a href=\"https:\/\/iwell-guard.com\/ca\/?page_id=171358\">Lamiae<\/a> (classe emparentada)<\/li><li><a href=\"https:\/\/iwell-guard.com\/ca\/?page_id=171337\">Lil\u00fb i Lil\u012btu<\/a> (precursors)<\/li><li><a href=\"https:\/\/iwell-guard.com\/ca\/?page_id=171360\">Lilith<\/a> (paral\u00b7lel jueu)<\/li><li>Creen\u00e7a medieval en bruixes<\/li><li>Figures vamp\u00edriques i els seus or\u00edgens<\/li><\/ul>\t\t\t\t\t\t\t\t<\/div>\n\t\t\t\t<\/div>\n\t\t\t\t\t<\/div>\n\t\t\t\t<\/div>\n\t\t<div class=\"elementor-element elementor-element-grl4kl40 e-flex e-con-boxed e-con e-parent\" data-id=\"grl4kl40\" data-element_type=\"container\" data-e-type=\"container\">\n\t\t\t\t\t<div class=\"e-con-inner\">\n\t\t\t\t<div class=\"elementor-element elementor-element-bzsbfrmh elementor-widget elementor-widget-heading\" data-id=\"bzsbfrmh\" data-element_type=\"widget\" data-e-type=\"widget\" data-widget_type=\"heading.default\">\n\t\t\t\t\t<h2 class=\"elementor-heading-title elementor-size-default\">Bibliografia de recerca<\/h2>\t\t\t\t<\/div>\n\t\t<div class=\"elementor-element elementor-element-2c13224a e-con-full e-flex e-con e-child\" data-id=\"2c13224a\" data-element_type=\"container\" data-e-type=\"container\">\n\t\t\t\t<div class=\"elementor-element elementor-element-0eymh9ub elementor-widget elementor-widget-text-editor\" data-id=\"0eymh9ub\" data-element_type=\"widget\" data-e-type=\"widget\" data-widget_type=\"text-editor.default\">\n\t\t\t\t\t\t\t\t\t<footer class=\"iwg-literatur\" data-nosnippet=\"true\"><p>Una selecci\u00f3 de treballs centrals sobre Striga i figures relacionades:<\/p><ul><li><span data-nosnippet>Oliphant, Samuel Grant: \u201eThe Story of the Strix.\u00bb In: <em>Transactions of the American Philological Association<\/em> 44 (1913).<\/span><\/li><li><span data-nosnippet>Burkert, Walter: <em>Structure and History in Greek Mythology and <span class=\"iwg-fachbegriff\" data-tooltip=\"Una seq\u00fc\u00e8ncia regulada d'accions simb\u00f2liques amb significat religi\u00f3s o cultural.\" tabindex=\"0\">Ritual<\/span><\/em>. Berkeley 1979.<\/span><\/li><li><span data-nosnippet>Murgoci, Agnes: \u201eThe Vampire in Roumania.\u00bb In: <em><span class=\"iwg-fachbegriff\" data-tooltip=\"La cultura popular transmesa amb costums, relats i can\u00e7ons.\" tabindex=\"0\">Folklore<\/span><\/em> 37 (1926).<\/span><\/li><li><span data-nosnippet>Barber, Paul: <em>Vampires, Burial, and Death<\/em>. New Haven 1988.<\/span><\/li><li><span data-nosnippet>Bl\u00e9court, Willem de \/ Davies, Owen: <em>Witchcraft Continued<\/em>. Manchester 2004.<\/span><\/li><\/ul><\/footer>\t\t\t\t\t\t\t\t<\/div>\n\t\t\t\t<\/div>\n\t\t\t\t\t<\/div>\n\t\t\t\t<\/div>\n\t\t<div class=\"elementor-element elementor-element-qv846qv e-flex e-con-boxed e-con e-parent\" data-id=\"qv846qv\" data-element_type=\"container\" data-e-type=\"container\">\n\t\t\t\t\t<div class=\"e-con-inner\">\n\t\t\t\t<div class=\"elementor-element elementor-element-qv846qvh elementor-widget elementor-widget-heading\" data-id=\"qv846qvh\" data-element_type=\"widget\" data-e-type=\"widget\" data-widget_type=\"heading.default\">\n\t\t\t\t\t<h2 class=\"elementor-heading-title elementor-size-default\">S\u00edmbols de protecci\u00f3 relacionats<\/h2>\t\t\t\t<\/div>\n\t\t<div class=\"elementor-element elementor-element-qv846qvb e-con-full e-flex e-con e-parent\" data-id=\"qv846qvb\" data-element_type=\"container\" data-e-type=\"container\">\n\t\t\t\t<div class=\"elementor-element elementor-element-qv846qvt elementor-widget elementor-widget-html\" data-id=\"qv846qvt\" data-element_type=\"widget\" data-e-type=\"widget\" data-widget_type=\"html.default\">\n\t\t\t\t\t<div class=\"iwg-querverweis-grid\" style=\"display:grid;grid-template-columns:repeat(auto-fit,minmax(220px,1fr));gap:16px;margin:16px 0;\"><div class=\"iwg-querverweis-card\"><a href=\"https:\/\/iwell-guard.com\/ca\/?page_id=171654\" class=\"iwg-querverweis-link\"><strong>Mal d'ull<\/strong><br><span class=\"iwg-querverweis-teaser\">Creen\u00e7a en el mal global, contra la qual protegeixen el nazar boncu\u011fu, el mati i el malocchio<\/span><\/a><\/div><\/div><style>.iwg-querverweis-card{padding:16px;border:1px solid var(--e-global-color-f443515,#e6c45a);border-radius:8px;background:rgba(0,0,0,0.22);}.iwg-querverweis-link{color:var(--e-global-color-accent,#e6c45a);text-decoration:none;}.iwg-querverweis-teaser{color:#e8e8e8;font-size:13px;line-height:1.4;}<\/style>\t\t\t\t<\/div>\n\t\t\t\t<\/div>\n\t\t\t\t\t<\/div>\n\t\t\t\t<\/div>\n\t\t<div class=\"elementor-element elementor-element-iwgca-striga-sec e-flex e-con-boxed e-con e-parent\" data-id=\"iwgca-striga-sec\" data-element_type=\"container\" data-e-type=\"container\" id=\"iwg-ca-striga\">\n\t\t\t\t\t<div class=\"e-con-inner\">\n\t\t\t\t<div class=\"elementor-element elementor-element-iwgca-striga-te iwg-ca-textwrap elementor-widget elementor-widget-text-editor\" data-id=\"iwgca-striga-te\" data-element_type=\"widget\" data-e-type=\"widget\" data-widget_type=\"text-editor.default\">\n\t\t\t\t\t\t\t\t\t<div data-nosnippet=\"true\"><p class=\"iwg-ca-bridge\">La pr\u00e0ctica de protecci\u00f3 descrita aqu\u00ed \u00e9s una classificaci\u00f3 de tradicions hist\u00f2riques des de la perspectiva de la ci\u00e8ncia de les religions. iWell Guard s&#8217;inspira en aquesta l\u00ednia cultural i hist\u00f2rica d&#8217;objectes de protecci\u00f3 portables i n&#8217;\u00e9s una forma contempor\u00e0nia. <a href=\"\/ueber-iwell-guard\/?utm_source=iwell-guard.com&#038;utm_medium=text-link&#038;utm_campaign=schadwesen-tradition\">M\u00e9s informaci\u00f3 sobre l&#8217;iWell Guard \u2192<\/a><\/p><\/div>\t\t\t\t\t\t\t\t<\/div>\n\t\t\t\t\t<\/div>\n\t\t\t\t<\/div>\n\t\t\t\t<\/div>\n\t\t","protected":false},"excerpt":{"rendered":"","protected":false},"author":3,"featured_media":1713,"parent":0,"menu_order":0,"comment_status":"closed","ping_status":"closed","template":"elementor_header_footer","meta":{"_yoast_wpseo_focuskw":"Striga","_yoast_wpseo_title":"Striga - la vampira bruixa de la nit romana","_yoast_wpseo_metadesc":"Striga, ocell nocturn xuclador de sang de la tradici\u00f3 romana. Forma origin\u00e0ria de la posterior figura del vampir i de la bruixa","_yoast_wpseo_meta-robots-noindex":"","_yoast_wpseo_canonical":"","_angie_page":false,"gefaehrdungsstufe":"4","wesen_kultur":"rom","wesen_klasse":"daemonen","footnotes":""},"categories":[],"class_list":["post-171357","page","type-page","status-publish","has-post-thumbnail","hentry"],"yoast_head":"<!-- This site is optimized with the Yoast SEO Premium plugin v27.7 (Yoast SEO v28.3) - https:\/\/yoast.com\/product\/yoast-seo-premium-wordpress\/ -->\n<title>Striga - la vampira bruixa de la nit romana<\/title>\n<meta name=\"description\" content=\"Striga, ocell nocturn xuclador de sang de la tradici\u00f3 romana. Forma origin\u00e0ria de la posterior figura del vampir i de la bruixa\" \/>\n<meta name=\"robots\" content=\"index, follow, max-snippet:-1, max-image-preview:large, max-video-preview:-1\" \/>\n<link rel=\"canonical\" href=\"https:\/\/iwell-guard.com\/ca\/striga\/\" \/>\n<meta property=\"og:locale\" content=\"ca_ES\" \/>\n<meta property=\"og:type\" content=\"article\" \/>\n<meta property=\"og:title\" content=\"Striga\" \/>\n<meta property=\"og:description\" content=\"Striga, ocell nocturn xuclador de sang de la tradici\u00f3 romana. Forma origin\u00e0ria de la posterior figura del vampir i de la bruixa\" \/>\n<meta property=\"og:url\" content=\"https:\/\/iwell-guard.com\/ca\/striga\/\" \/>\n<meta property=\"og:site_name\" content=\"iWell Guard\" \/>\n<meta property=\"article:modified_time\" content=\"2026-09-05T15:54:59+00:00\" \/>\n<meta property=\"og:image\" content=\"https:\/\/iwell-guard.com\/wp-content\/uploads\/2026\/04\/geister_rom_striga.webp\" \/>\n\t<meta property=\"og:image:width\" content=\"1024\" \/>\n\t<meta property=\"og:image:height\" content=\"1536\" \/>\n\t<meta property=\"og:image:type\" content=\"image\/webp\" \/>\n<meta name=\"twitter:card\" content=\"summary_large_image\" \/>\n<script type=\"application\/ld+json\" class=\"yoast-schema-graph\">{\"@context\":\"https:\\\/\\\/schema.org\",\"@graph\":[{\"@type\":\"WebPage\",\"@id\":\"https:\\\/\\\/iwell-guard.com\\\/ca\\\/striga\\\/\",\"url\":\"https:\\\/\\\/iwell-guard.com\\\/ca\\\/striga\\\/\",\"name\":\"Striga - la vampira bruixa de la nit romana\",\"isPartOf\":{\"@id\":\"https:\\\/\\\/iwell-guard.com\\\/ca\\\/#website\"},\"primaryImageOfPage\":{\"@id\":\"https:\\\/\\\/iwell-guard.com\\\/ca\\\/striga\\\/#primaryimage\"},\"image\":{\"@id\":\"https:\\\/\\\/iwell-guard.com\\\/ca\\\/striga\\\/#primaryimage\"},\"thumbnailUrl\":\"https:\\\/\\\/iwell-guard.com\\\/wp-content\\\/uploads\\\/2026\\\/04\\\/geister_rom_striga.webp\",\"datePublished\":\"2026-09-05T15:38:42+00:00\",\"dateModified\":\"2026-09-05T15:54:59+00:00\",\"description\":\"Striga, ocell nocturn xuclador de sang de la tradici\u00f3 romana. Forma origin\u00e0ria de la posterior figura del vampir i de la bruixa\",\"breadcrumb\":{\"@id\":\"https:\\\/\\\/iwell-guard.com\\\/ca\\\/striga\\\/#breadcrumb\"},\"inLanguage\":\"ca\",\"potentialAction\":[{\"@type\":\"ReadAction\",\"target\":[\"https:\\\/\\\/iwell-guard.com\\\/ca\\\/striga\\\/\"]}]},{\"@type\":\"ImageObject\",\"inLanguage\":\"ca\",\"@id\":\"https:\\\/\\\/iwell-guard.com\\\/ca\\\/striga\\\/#primaryimage\",\"url\":\"https:\\\/\\\/iwell-guard.com\\\/wp-content\\\/uploads\\\/2026\\\/04\\\/geister_rom_striga.webp\",\"contentUrl\":\"https:\\\/\\\/iwell-guard.com\\\/wp-content\\\/uploads\\\/2026\\\/04\\\/geister_rom_striga.webp\",\"width\":1024,\"height\":1536,\"caption\":\"Esperits de la tradici\u00f3 romana.\"},{\"@type\":\"BreadcrumbList\",\"@id\":\"https:\\\/\\\/iwell-guard.com\\\/ca\\\/striga\\\/#breadcrumb\",\"itemListElement\":[{\"@type\":\"ListItem\",\"position\":1,\"name\":\"Start\",\"item\":\"https:\\\/\\\/iwell-guard.com\\\/ca\\\/?page_id=171333\"},{\"@type\":\"ListItem\",\"position\":2,\"name\":\"Striga\"}]},{\"@type\":\"WebSite\",\"@id\":\"https:\\\/\\\/iwell-guard.com\\\/ca\\\/#website\",\"url\":\"https:\\\/\\\/iwell-guard.com\\\/ca\\\/\",\"name\":\"iWell Guard\",\"description\":\"Schutz vor dunklen Einfl\u00fcssen\",\"publisher\":{\"@id\":\"https:\\\/\\\/iwell-guard.com\\\/ca\\\/#organization\"},\"potentialAction\":[{\"@type\":\"SearchAction\",\"target\":{\"@type\":\"EntryPoint\",\"urlTemplate\":\"https:\\\/\\\/iwell-guard.com\\\/ca\\\/?s={search_term_string}\"},\"query-input\":{\"@type\":\"PropertyValueSpecification\",\"valueRequired\":true,\"valueName\":\"search_term_string\"}}],\"inLanguage\":\"ca\"},{\"@type\":\"Organization\",\"@id\":\"https:\\\/\\\/iwell-guard.com\\\/ca\\\/#organization\",\"name\":\"Ittermann electronic GmbH\",\"url\":\"https:\\\/\\\/iwell-guard.com\\\/ca\\\/\",\"logo\":{\"@type\":\"ImageObject\",\"inLanguage\":\"ca\",\"@id\":\"https:\\\/\\\/iwell-guard.com\\\/ca\\\/#\\\/schema\\\/logo\\\/image\\\/\",\"url\":\"https:\\\/\\\/iwell-guard.com\\\/wp-content\\\/uploads\\\/2026\\\/05\\\/Ittermann-Logo-1182x237-1.png\",\"contentUrl\":\"https:\\\/\\\/iwell-guard.com\\\/wp-content\\\/uploads\\\/2026\\\/05\\\/Ittermann-Logo-1182x237-1.png\",\"width\":1182,\"height\":237,\"caption\":\"Ittermann electronic GmbH\"},\"image\":{\"@id\":\"https:\\\/\\\/iwell-guard.com\\\/ca\\\/#\\\/schema\\\/logo\\\/image\\\/\"},\"sameAs\":[\"https:\\\/\\\/pantip.com\\\/profile\\\/9367242\",\"https:\\\/\\\/micro.blog\\\/iwellguard\",\"https:\\\/\\\/www.diggerslist.com\\\/iwellguard\\\/about\",\"https:\\\/\\\/skitterphoto.com\\\/photographers\\\/2870314\\\/iwell-guard\",\"https:\\\/\\\/iwellguard.wordpress.com\\\/2026\\\/06\\\/06\\\/iwell-guard\\\/\",\"https:\\\/\\\/hub.docker.com\\\/u\\\/iwellguard\",\"https:\\\/\\\/www.pinterest.com\\\/iwellguard\\\/\",\"https:\\\/\\\/bit.ly\\\/m\\\/iwellguard\",\"https:\\\/\\\/entre-vos-mains.alsace.eu\\\/profiles\\\/iwellguard\\\/activity\",\"https:\\\/\\\/gravatar.com\\\/reallybeded8fd34\",\"https:\\\/\\\/naijamatta.com\\\/iwellguard\",\"https:\\\/\\\/www.goodreads.com\\\/iwellguard\",\"https:\\\/\\\/profile.hatena.ne.jp\\\/iwellguard\\\/\",\"https:\\\/\\\/experiment.com\\\/users\\\/iwellguard\",\"https:\\\/\\\/wakelet.com\\\/@iWellGuard82270\",\"https:\\\/\\\/www.chordie.com\\\/forum\\\/profile.php?id=2555664\",\"https:\\\/\\\/www.instapaper.com\\\/p\\\/17757966\",\"https:\\\/\\\/www.mapleprimes.com\\\/users\\\/iwellguard\",\"https:\\\/\\\/businesslistingplus.com\\\/profile\\\/iwell-guard\\\/\",\"https:\\\/\\\/telegra.ph\\\/iWell-Guard-06-06\",\"https:\\\/\\\/pbase.com\\\/iwellguard\\\/iwellguard\",\"https:\\\/\\\/b.hatena.ne.jp\\\/iwellguard\\\/20260607#bookmark-4788405196491818882\",\"https:\\\/\\\/fliphtml5.com\\\/home\\\/iwellguard\",\"https:\\\/\\\/anyflip.com\\\/homepage\\\/cmiwl#About\",\"https:\\\/\\\/transfur.com\\\/Users\\\/iwellguard\",\"http:\\\/\\\/delphi.larsbo.org\\\/user\\\/iwellguard\",\"https:\\\/\\\/jobs.lajobsportal.org\\\/profiles\\\/8380803-iwell-guard\",\"https:\\\/\\\/md.chaosdorf.de\\\/s\\\/jfbe5SBdJD\",\"https:\\\/\\\/www.lingvolive.com\\\/en-us\\\/profile\\\/9ecaeaca-ce11-4e51-9e71-01d55e2bff36\\\/translations\",\"https:\\\/\\\/www.fitday.com\\\/fitness\\\/forums\\\/members\\\/iwellguard.html\",\"https:\\\/\\\/www.mymeetbook.com\\\/iwellguard\",\"https:\\\/\\\/pxhere.com\\\/en\\\/photographer-me\\\/5040798\",\"https:\\\/\\\/disqus.com\\\/by\\\/iwellguard\\\/about\\\/\",\"https:\\\/\\\/pastelink.net\\\/hjwciqwq\",\"https:\\\/\\\/pubhtml5.com\\\/homepage\\\/scjhn\\\/\",\"https:\\\/\\\/www.bitchute.com\\\/channel\\\/2O2eOKzNqujT\",\"https:\\\/\\\/audiomack.com\\\/iwellguard\"]},{\"@type\":\"Article\",\"@id\":\"https:\\\/\\\/iwell-guard.com\\\/ca\\\/striga\\\/#article\",\"isPartOf\":{\"@id\":\"https:\\\/\\\/iwell-guard.com\\\/ca\\\/striga\\\/\"},\"author\":{\"name\":\"Ralf Ittermann\",\"@id\":\"https:\\\/\\\/iwell-guard.com\\\/ca\\\/#\\\/schema\\\/person\\\/ee2a27f1cac3406c7c6fb5820cb7349f\"},\"headline\":\"Striga\",\"datePublished\":\"2026-09-05T15:38:42+00:00\",\"dateModified\":\"2026-09-05T15:54:59+00:00\",\"mainEntityOfPage\":{\"@id\":\"https:\\\/\\\/iwell-guard.com\\\/ca\\\/striga\\\/\"},\"publisher\":{\"@id\":\"https:\\\/\\\/iwell-guard.com\\\/ca\\\/#organization\"},\"image\":{\"@id\":\"https:\\\/\\\/iwell-guard.com\\\/ca\\\/striga\\\/#primaryimage\"},\"thumbnailUrl\":\"https:\\\/\\\/iwell-guard.com\\\/wp-content\\\/uploads\\\/2026\\\/04\\\/geister_rom_striga.webp\",\"inLanguage\":\"ca\",\"description\":\"Striga, ocell nocturn xuclador de sang de la tradici\u00f3 romana. Forma origin\u00e0ria de la posterior figura del vampir i de la bruixa\"}]}<\/script>\n<!-- \/ Yoast SEO Premium plugin. -->","yoast_head_json":{"title":"Striga - la vampira bruixa de la nit romana","description":"Striga, ocell nocturn xuclador de sang de la tradici\u00f3 romana. Forma origin\u00e0ria de la posterior figura del vampir i de la bruixa","robots":{"index":"index","follow":"follow","max-snippet":"max-snippet:-1","max-image-preview":"max-image-preview:large","max-video-preview":"max-video-preview:-1"},"canonical":"https:\/\/iwell-guard.com\/ca\/striga\/","og_locale":"ca_ES","og_type":"article","og_title":"Striga","og_description":"Striga, ocell nocturn xuclador de sang de la tradici\u00f3 romana. Forma origin\u00e0ria de la posterior figura del vampir i de la bruixa","og_url":"https:\/\/iwell-guard.com\/ca\/striga\/","og_site_name":"iWell Guard","article_modified_time":"2026-09-05T15:54:59+00:00","og_image":[{"width":1024,"height":1536,"url":"https:\/\/iwell-guard.com\/wp-content\/uploads\/2026\/04\/geister_rom_striga.webp","type":"image\/webp"}],"twitter_card":"summary_large_image","schema":{"@context":"https:\/\/schema.org","@graph":[{"@type":"Article","@id":"https:\/\/iwell-guard.com\/ca\/striga\/#article","isPartOf":{"@id":"https:\/\/iwell-guard.com\/ca\/striga\/"},"author":{"name":"Ralf Ittermann","@id":"https:\/\/iwell-guard.com\/ca\/#\/schema\/person\/ee2a27f1cac3406c7c6fb5820cb7349f"},"headline":"Striga","datePublished":"2026-09-05T15:38:42+00:00","dateModified":"2026-09-05T15:54:59+00:00","mainEntityOfPage":{"@id":"https:\/\/iwell-guard.com\/ca\/striga\/"},"publisher":{"@id":"https:\/\/iwell-guard.com\/ca\/#organization"},"image":{"@id":"https:\/\/iwell-guard.com\/ca\/striga\/#primaryimage"},"thumbnailUrl":"https:\/\/iwell-guard.com\/wp-content\/uploads\/2026\/04\/geister_rom_striga.webp","inLanguage":"ca","description":"Striga, ocell nocturn xuclador de sang de la tradici\u00f3 romana. Forma origin\u00e0ria de la posterior figura del vampir i de la bruixa"},{"@type":"WebPage","@id":"https:\/\/iwell-guard.com\/ca\/striga\/","url":"https:\/\/iwell-guard.com\/ca\/striga\/","name":"Striga - la vampira bruixa de la nit romana","isPartOf":{"@id":"https:\/\/iwell-guard.com\/ca\/#website"},"primaryImageOfPage":{"@id":"https:\/\/iwell-guard.com\/ca\/striga\/#primaryimage"},"image":{"@id":"https:\/\/iwell-guard.com\/ca\/striga\/#primaryimage"},"thumbnailUrl":"https:\/\/iwell-guard.com\/wp-content\/uploads\/2026\/04\/geister_rom_striga.webp","datePublished":"2026-09-05T15:38:42+00:00","dateModified":"2026-09-05T15:54:59+00:00","description":"Striga, ocell nocturn xuclador de sang de la tradici\u00f3 romana. Forma origin\u00e0ria de la posterior figura del vampir i de la bruixa","breadcrumb":{"@id":"https:\/\/iwell-guard.com\/ca\/striga\/#breadcrumb"},"inLanguage":"ca","potentialAction":[{"@type":"ReadAction","target":["https:\/\/iwell-guard.com\/ca\/striga\/"]}]},{"@type":"ImageObject","inLanguage":"ca","@id":"https:\/\/iwell-guard.com\/ca\/striga\/#primaryimage","url":"https:\/\/iwell-guard.com\/wp-content\/uploads\/2026\/04\/geister_rom_striga.webp","contentUrl":"https:\/\/iwell-guard.com\/wp-content\/uploads\/2026\/04\/geister_rom_striga.webp","width":1024,"height":1536,"caption":"Esperits de la tradici\u00f3 romana."},{"@type":"BreadcrumbList","@id":"https:\/\/iwell-guard.com\/ca\/striga\/#breadcrumb","itemListElement":[{"@type":"ListItem","position":1,"name":"Start","item":"https:\/\/iwell-guard.com\/ca\/?page_id=171333"},{"@type":"ListItem","position":2,"name":"Striga"}]},{"@type":"WebSite","@id":"https:\/\/iwell-guard.com\/ca\/#website","url":"https:\/\/iwell-guard.com\/ca\/","name":"iWell Guard","description":"Schutz vor dunklen Einfl\u00fcssen","publisher":{"@id":"https:\/\/iwell-guard.com\/ca\/#organization"},"potentialAction":[{"@type":"SearchAction","target":{"@type":"EntryPoint","urlTemplate":"https:\/\/iwell-guard.com\/ca\/?s={search_term_string}"},"query-input":{"@type":"PropertyValueSpecification","valueRequired":true,"valueName":"search_term_string"}}],"inLanguage":"ca"},{"@type":"Organization","@id":"https:\/\/iwell-guard.com\/ca\/#organization","name":"Ittermann electronic GmbH","url":"https:\/\/iwell-guard.com\/ca\/","logo":{"@type":"ImageObject","inLanguage":"ca","@id":"https:\/\/iwell-guard.com\/ca\/#\/schema\/logo\/image\/","url":"https:\/\/iwell-guard.com\/wp-content\/uploads\/2026\/05\/Ittermann-Logo-1182x237-1.png","contentUrl":"https:\/\/iwell-guard.com\/wp-content\/uploads\/2026\/05\/Ittermann-Logo-1182x237-1.png","width":1182,"height":237,"caption":"Ittermann electronic GmbH"},"image":{"@id":"https:\/\/iwell-guard.com\/ca\/#\/schema\/logo\/image\/"},"sameAs":["https:\/\/pantip.com\/profile\/9367242","https:\/\/micro.blog\/iwellguard","https:\/\/www.diggerslist.com\/iwellguard\/about","https:\/\/skitterphoto.com\/photographers\/2870314\/iwell-guard","https:\/\/iwellguard.wordpress.com\/2026\/06\/06\/iwell-guard\/","https:\/\/hub.docker.com\/u\/iwellguard","https:\/\/www.pinterest.com\/iwellguard\/","https:\/\/bit.ly\/m\/iwellguard","https:\/\/entre-vos-mains.alsace.eu\/profiles\/iwellguard\/activity","https:\/\/gravatar.com\/reallybeded8fd34","https:\/\/naijamatta.com\/iwellguard","https:\/\/www.goodreads.com\/iwellguard","https:\/\/profile.hatena.ne.jp\/iwellguard\/","https:\/\/experiment.com\/users\/iwellguard","https:\/\/wakelet.com\/@iWellGuard82270","https:\/\/www.chordie.com\/forum\/profile.php?id=2555664","https:\/\/www.instapaper.com\/p\/17757966","https:\/\/www.mapleprimes.com\/users\/iwellguard","https:\/\/businesslistingplus.com\/profile\/iwell-guard\/","https:\/\/telegra.ph\/iWell-Guard-06-06","https:\/\/pbase.com\/iwellguard\/iwellguard","https:\/\/b.hatena.ne.jp\/iwellguard\/20260607#bookmark-4788405196491818882","https:\/\/fliphtml5.com\/home\/iwellguard","https:\/\/anyflip.com\/homepage\/cmiwl#About","https:\/\/transfur.com\/Users\/iwellguard","http:\/\/delphi.larsbo.org\/user\/iwellguard","https:\/\/jobs.lajobsportal.org\/profiles\/8380803-iwell-guard","https:\/\/md.chaosdorf.de\/s\/jfbe5SBdJD","https:\/\/www.lingvolive.com\/en-us\/profile\/9ecaeaca-ce11-4e51-9e71-01d55e2bff36\/translations","https:\/\/www.fitday.com\/fitness\/forums\/members\/iwellguard.html","https:\/\/www.mymeetbook.com\/iwellguard","https:\/\/pxhere.com\/en\/photographer-me\/5040798","https:\/\/disqus.com\/by\/iwellguard\/about\/","https:\/\/pastelink.net\/hjwciqwq","https:\/\/pubhtml5.com\/homepage\/scjhn\/","https:\/\/www.bitchute.com\/channel\/2O2eOKzNqujT","https:\/\/audiomack.com\/iwellguard"]},{"@type":"Person","@id":"https:\/\/iwell-guard.com\/ca\/#\/schema\/person\/ee2a27f1cac3406c7c6fb5820cb7349f","name":"Ralf Ittermann","image":{"@type":"ImageObject","inLanguage":"ca","@id":"https:\/\/secure.gravatar.com\/avatar\/073c0153e350a5005b68eb752b445fea71f6b24a26da9449ad7e155e6b446c9d?s=96&d=mm&r=g","url":"https:\/\/secure.gravatar.com\/avatar\/073c0153e350a5005b68eb752b445fea71f6b24a26da9449ad7e155e6b446c9d?s=96&d=mm&r=g","contentUrl":"https:\/\/secure.gravatar.com\/avatar\/073c0153e350a5005b68eb752b445fea71f6b24a26da9449ad7e155e6b446c9d?s=96&d=mm&r=g","caption":"Ralf Ittermann"},"givenName":"Ralf","familyName":"Ittermann","jobTitle":"Gesch\u00e4ftsf\u00fchrer und redaktioneller Verantwortlicher","url":"https:\/\/iwell-guard.com\/ca\/author\/claude\/","description":"Ralf Ittermann ist Gesch\u00e4ftsf\u00fchrer der Ittermann electronic GmbH und redaktioneller Verantwortlicher des iWell-Guard-Lexikons. Er verbindet langj\u00e4hrige Erfahrung in der Pr\u00e4zisionsfertigung mit medialer Praxis und religionsgeschichtlicher Quellenarbeit.","worksFor":{"@type":"Organization","name":"Ittermann electronic GmbH","url":"https:\/\/ittermann.de\/","address":{"@type":"PostalAddress","streetAddress":"K\u00f6hlergasse 16-18","postalCode":"99842","addressLocality":"Ruhla","addressCountry":"DE"}},"knowsAbout":["Religionsgeschichte","Mythologie","Mediale Praxis","Energetische Diagnostik","Schutzpraxis","Volksglauben","Westliche Esoterik"]},{"@type":"Article","@id":"https:\/\/iwell-guard.com\/ca\/striga\/#article","isPartOf":{"@id":"https:\/\/iwell-guard.com\/ca\/striga\/"},"author":{"name":"Ralf Ittermann","@id":"https:\/\/iwell-guard.com\/ca\/#\/schema\/person\/ee2a27f1cac3406c7c6fb5820cb7349f"},"headline":"Striga","datePublished":"2026-09-05T15:38:42+00:00","dateModified":"2026-09-05T15:54:59+00:00","mainEntityOfPage":{"@id":"https:\/\/iwell-guard.com\/ca\/striga\/"},"publisher":{"@id":"https:\/\/iwell-guard.com\/ca\/#organization"},"image":{"@id":"https:\/\/iwell-guard.com\/ca\/striga\/#primaryimage"},"thumbnailUrl":"https:\/\/iwell-guard.com\/wp-content\/uploads\/2026\/04\/geister_rom_striga.webp","inLanguage":"ca","description":"Striga, ocell nocturn xuclador de sang de la tradici\u00f3 romana. Forma origin\u00e0ria de la posterior figura del vampir i de la bruixa"}]}},"_links":{"self":[{"href":"https:\/\/iwell-guard.com\/ca\/wp-json\/wp\/v2\/pages\/171357","targetHints":{"allow":["GET"]}}],"collection":[{"href":"https:\/\/iwell-guard.com\/ca\/wp-json\/wp\/v2\/pages"}],"about":[{"href":"https:\/\/iwell-guard.com\/ca\/wp-json\/wp\/v2\/types\/page"}],"author":[{"embeddable":true,"href":"https:\/\/iwell-guard.com\/ca\/wp-json\/wp\/v2\/users\/3"}],"replies":[{"embeddable":true,"href":"https:\/\/iwell-guard.com\/ca\/wp-json\/wp\/v2\/comments?post=171357"}],"version-history":[{"count":0,"href":"https:\/\/iwell-guard.com\/ca\/wp-json\/wp\/v2\/pages\/171357\/revisions"}],"wp:featuredmedia":[{"embeddable":true,"href":"https:\/\/iwell-guard.com\/ca\/wp-json\/wp\/v2\/media\/1713"}],"wp:attachment":[{"href":"https:\/\/iwell-guard.com\/ca\/wp-json\/wp\/v2\/media?parent=171357"}],"wp:term":[{"taxonomy":"category","embeddable":true,"href":"https:\/\/iwell-guard.com\/ca\/wp-json\/wp\/v2\/categories?post=171357"}],"curies":[{"name":"wp","href":"https:\/\/api.w.org\/{rel}","templated":true}]}}