{"id":171353,"date":"2026-09-05T15:38:41","date_gmt":"2026-09-05T15:38:41","guid":{"rendered":"https:\/\/iwell-guard.com\/?page_id=171353"},"modified":"2026-09-05T15:54:45","modified_gmt":"2026-09-05T15:54:45","slug":"erinies","status":"publish","type":"page","link":"https:\/\/iwell-guard.com\/ca\/erinies\/","title":{"rendered":"Er\u00ednies"},"content":{"rendered":"\t\t<div data-elementor-type=\"wp-page\" data-elementor-id=\"171353\" class=\"elementor elementor-171353 elementor-842\" data-elementor-post-type=\"page\">\n\t\t\t\t<div class=\"elementor-element elementor-element-10fdade e-flex e-con-boxed e-con e-parent\" data-id=\"10fdade\" data-element_type=\"container\" data-e-type=\"container\" data-settings=\"{&quot;background_background&quot;:&quot;classic&quot;}\">\n\t\t\t\t\t<div class=\"e-con-inner\">\n\t\t<div class=\"elementor-element elementor-element-herohlft0 e-flex e-con-boxed e-con e-child\" data-id=\"herohlft0\" data-element_type=\"container\" data-e-type=\"container\">\n\t\t\t\t\t<div class=\"e-con-inner\">\n\t\t<div class=\"elementor-element elementor-element-c3ceb64 e-con-full e-flex e-con e-child\" data-id=\"c3ceb64\" data-element_type=\"container\" data-e-type=\"container\">\n\t\t\t\t<div class=\"elementor-element elementor-element-96ae5e1 elementor-widget elementor-widget-heading\" data-id=\"96ae5e1\" data-element_type=\"widget\" data-e-type=\"widget\" data-widget_type=\"heading.default\">\n\t\t\t\t\t<h1 class=\"elementor-heading-title elementor-size-default\">Er\u00ednies, esperit de la tradici\u00f3 grega<\/h1>\t\t\t\t<\/div>\n\t\t\t\t<div class=\"elementor-element elementor-element-e45238a elementor-widget elementor-widget-text-editor\" data-id=\"e45238a\" data-element_type=\"widget\" data-e-type=\"widget\" data-widget_type=\"text-editor.default\">\n\t\t\t\t\t\t\t\t\t<p>Er\u00ednies \u00e9s <span class=\"iwg-fachbegriff\" data-tooltip=\"Un \u00e9sser incorpori al qual s'atribueix acci\u00f3 en el m\u00f3n.\" tabindex=\"0\">esperit<\/span> de la tradici\u00f3 grega.<\/p><p><strong>Les venjadores, perseguidores de la culpa de sang del m\u00f3n grec.<\/strong><\/p>\n<h2 id=\"dif-erinyen\">Les Er\u00ednies com a perseguidores de la sang materna<\/h2>\n<p>Les Er\u00ednies (llat\u00ed <em>Furiae<\/em>, cat. \u00abdeesses venjadores\u00bb) s\u00f3n personificades en la <span class=\"iwg-fachbegriff\" data-tooltip=\"El conjunt de relats sobre d\u00e9us transmesos per una cultura.\" tabindex=\"0\">mitologia<\/span> grega com les tres germanes <strong>Alecto, Megera i Tis\u00edfone<\/strong>. Neixen de la sang que degota sobre Gaia en caure Ur\u00e0 castrat (Hes\u00edode, Teogonia 183). El seu \u00e0mbit d&#8217;acci\u00f3 \u00e9s principalment la persecuci\u00f3 de <strong>crims contra la sang materna<\/strong>, el matricidi, el parricidi entre parents i els juraments trencats als pares.<\/p><p>La seva escena paradigm\u00e0tica \u00e9s la <strong>persecuci\u00f3 d&#8217;Orestes<\/strong> despr\u00e9s de l&#8217;assassinat de Clitemnestra (\u00c8squil, Eum\u00e8nides). Per iniciativa d&#8217;Atena, es reuneix el tribunal de l&#8217;Are\u00f2pag, absol Orestes i integra les Er\u00ednies com <strong>Eum\u00e8nides<\/strong> (\u00ables ben\u00e8voles\u00bb) al culte de la ciutat d&#8217;Atenes.<\/p><p>Iconografia: vestidures negres, cabells de serp, fuets en forma de flagell, torxes. En el <span class=\"iwg-fachbegriff\" data-tooltip=\"El conjunt d'actes de veneraci\u00f3 religiosa dedicats a una divinitat o figura sagrada.\" tabindex=\"0\">culte<\/span> rom\u00e0 es van fusionar com Furiae o Dirae, amb un propi recinte de temple al tur\u00f3 del Celi.<\/p>\n\t\t\t\t\t\t\t\t<\/div>\n\t\t\t\t<\/div>\n\t\t<div class=\"elementor-element elementor-element-klsbdg01 e-con-full e-flex e-con e-parent\" data-id=\"klsbdg01\" data-element_type=\"container\" data-e-type=\"container\">\n\t\t\t\t<div class=\"elementor-element elementor-element-klshtm01 elementor-widget elementor-widget-html\" data-id=\"klshtm01\" data-element_type=\"widget\" data-e-type=\"widget\" data-widget_type=\"html.default\">\n\t\t\t\t\t<div class=\"iwg-pill-row\"><span class=\"iwg-klasse-badge\" tabindex=\"0\" data-tooltip=\"Esperit: \u00e9sser incorpori o semicorpori, difunt, \u00e9sser de la natura, esperit de la llar o guardi\u00e0 del llindar. Actua en la vida quotidiana, sovint lligat a llocs o fam\u00edlies.\">Esperit<\/span><a href=\"https:\/\/iwell-guard.com\/ca\/?page_id=171347\" class=\"iwg-kultur-badge\" tabindex=\"0\" data-tooltip=\"Religi\u00f3 i mitologia de la Gr\u00e8cia antiga des de l'\u00e8poca mic\u00e8nica fins a l'antiguitat tardana.\">Gr\u00e8cia<\/a><a href=\"https:\/\/iwell-guard.com\/ca\/?page_id=171456\" class=\"iwg-tradition-badge\" tabindex=\"0\" data-tooltip=\"Esperits que exerceixen venjan\u00e7a, perseguidors de perjuri, assassinat o culpa de sang.\">Esperit venjador<\/a><\/div>\t\t\t\t<\/div>\n\t\t\t\t<\/div>\n\t\t<div class=\"elementor-element elementor-element-3f74855 e-con-full e-flex e-con e-child\" data-id=\"3f74855\" data-element_type=\"container\" data-e-type=\"container\">\n\t\t\t\t<div class=\"elementor-element elementor-element-1c30362 elementor-toc--minimized-on-tablet elementor-widget elementor-widget-table-of-contents\" data-id=\"1c30362\" data-element_type=\"widget\" data-e-type=\"widget\" data-settings=\"{&quot;exclude_headings_by_selector&quot;:[],&quot;no_headings_message&quot;:&quot;No s&#039;ha trobat cap encap\\u00e7alament en aquesta p\\u00e0gina.&quot;,&quot;headings_by_tags&quot;:[&quot;h2&quot;,&quot;h3&quot;],&quot;marker_view&quot;:&quot;bullets&quot;,&quot;icon&quot;:{&quot;value&quot;:&quot;fas fa-circle&quot;,&quot;library&quot;:&quot;fa-solid&quot;,&quot;rendered_tag&quot;:&quot;&lt;svg class=\\&quot;e-font-icon-svg e-fas-circle\\&quot; viewBox=\\&quot;0 0 512 512\\&quot; xmlns=\\&quot;http:\\\/\\\/www.w3.org\\\/2000\\\/svg\\&quot;&gt;&lt;path d=\\&quot;M256 8C119 8 8 119 8 256s111 248 248 248 248-111 248-248S393 8 256 8z\\&quot;&gt;&lt;\\\/path&gt;&lt;\\\/svg&gt;&quot;},&quot;minimize_box&quot;:&quot;yes&quot;,&quot;minimized_on&quot;:&quot;tablet&quot;,&quot;hierarchical_view&quot;:&quot;yes&quot;,&quot;min_height&quot;:{&quot;unit&quot;:&quot;px&quot;,&quot;size&quot;:&quot;&quot;,&quot;sizes&quot;:[]},&quot;min_height_tablet&quot;:{&quot;unit&quot;:&quot;px&quot;,&quot;size&quot;:&quot;&quot;,&quot;sizes&quot;:[]},&quot;min_height_mobile&quot;:{&quot;unit&quot;:&quot;px&quot;,&quot;size&quot;:&quot;&quot;,&quot;sizes&quot;:[]}}\" data-widget_type=\"table-of-contents.default\">\n\t\t\t\t\t\t\t\t\t<div class=\"elementor-toc__header\">\n\t\t\t\t\t\t<h2 class=\"elementor-toc__header-title\">\n\t\t\t\t\u00cdndex\t\t\t<\/h2>\n\t\t\t\t\t\t\t\t\t\t<div class=\"elementor-toc__toggle-button elementor-toc__toggle-button--expand\" role=\"button\" tabindex=\"0\" aria-controls=\"elementor-toc__1c30362\" aria-expanded=\"true\" aria-label=\"Open table of contents\"><svg aria-hidden=\"true\" class=\"e-font-icon-svg e-fas-chevron-down\" viewBox=\"0 0 448 512\" xmlns=\"http:\/\/www.w3.org\/2000\/svg\"><path d=\"M207.029 381.476L12.686 187.132c-9.373-9.373-9.373-24.569 0-33.941l22.667-22.667c9.357-9.357 24.522-9.375 33.901-.04L224 284.505l154.745-154.021c9.379-9.335 24.544-9.317 33.901.04l22.667 22.667c9.373 9.373 9.373 24.569 0 33.941L240.971 381.476c-9.373 9.372-24.569 9.372-33.942 0z\"><\/path><\/svg><\/div>\n\t\t\t\t<div class=\"elementor-toc__toggle-button elementor-toc__toggle-button--collapse\" role=\"button\" tabindex=\"0\" aria-controls=\"elementor-toc__1c30362\" aria-expanded=\"true\" aria-label=\"Close table of contents\"><svg aria-hidden=\"true\" class=\"e-font-icon-svg e-fas-chevron-up\" viewBox=\"0 0 448 512\" xmlns=\"http:\/\/www.w3.org\/2000\/svg\"><path d=\"M240.971 130.524l194.343 194.343c9.373 9.373 9.373 24.569 0 33.941l-22.667 22.667c-9.357 9.357-24.522 9.375-33.901.04L224 227.495 69.255 381.516c-9.379 9.335-24.544 9.317-33.901-.04l-22.667-22.667c-9.373-9.373-9.373-24.569 0-33.941L207.03 130.525c9.372-9.373 24.568-9.373 33.941-.001z\"><\/path><\/svg><\/div>\n\t\t\t\t\t<\/div>\n\t\t\t\t<div id=\"elementor-toc__1c30362\" class=\"elementor-toc__body\">\n\t\t\t<div class=\"elementor-toc__spinner-container\">\n\t\t\t\t<svg class=\"elementor-toc__spinner eicon-animation-spin e-font-icon-svg e-eicon-loading\" aria-hidden=\"true\" viewBox=\"0 0 1000 1000\" xmlns=\"http:\/\/www.w3.org\/2000\/svg\"><path d=\"M500 975V858C696 858 858 696 858 500S696 142 500 142 142 304 142 500H25C25 237 238 25 500 25S975 237 975 500 763 975 500 975Z\"><\/path><\/svg>\t\t\t<\/div>\n\t\t<\/div>\n\t\t\t\t\t\t<\/div>\n\t\t\t\t<\/div>\n\t\t\t\t\t<\/div>\n\t\t\t\t<\/div>\n\t\t<div class=\"elementor-element elementor-element-herorght0 e-con-full e-flex e-con e-child\" data-id=\"herorght0\" data-element_type=\"container\" data-e-type=\"container\">\n\t\t\t\t<div class=\"elementor-element elementor-element-heroimg00 iwg-hero-image elementor-widget elementor-widget-image\" data-id=\"heroimg00\" data-element_type=\"widget\" data-e-type=\"widget\" data-widget_type=\"image.default\">\n\t\t\t\t\t\t\t\t\t\t\t\t\t\t\t<img fetchpriority=\"high\" decoding=\"async\" width=\"683\" height=\"1024\" src=\"https:\/\/iwell-guard.com\/wp-content\/uploads\/2026\/04\/geister_griechenland_erinyen-683x1024.webp\" class=\"attachment-large size-large wp-image-1682\" alt=\"Er\u00ednies\" srcset=\"https:\/\/iwell-guard.com\/wp-content\/uploads\/2026\/04\/geister_griechenland_erinyen-683x1024.webp 683w, https:\/\/iwell-guard.com\/wp-content\/uploads\/2026\/04\/geister_griechenland_erinyen-200x300.webp 200w, https:\/\/iwell-guard.com\/wp-content\/uploads\/2026\/04\/geister_griechenland_erinyen-768x1152.webp 768w, https:\/\/iwell-guard.com\/wp-content\/uploads\/2026\/04\/geister_griechenland_erinyen.webp 1024w\" sizes=\"(max-width: 683px) 100vw, 683px\" \/>\t\t\t\t\t\t\t\t\t\t\t\t\t\t\t<\/div>\n\t\t\t\t<\/div>\n\t\t\t\t\t<\/div>\n\t\t\t\t<\/div>\n\t\t<div class=\"elementor-element elementor-element-32917199 e-flex e-con-boxed e-con e-parent\" data-id=\"32917199\" data-element_type=\"container\" data-e-type=\"container\">\n\t\t\t\t\t<div class=\"e-con-inner\">\n\t\t<div class=\"elementor-element elementor-element-26e916cb e-flex e-con-boxed e-con e-child\" data-id=\"26e916cb\" data-element_type=\"container\" data-e-type=\"container\">\n\t\t\t\t\t<div class=\"e-con-inner\">\n\t\t<div class=\"elementor-element elementor-element-253a40d4 e-flex e-con-boxed e-con e-child\" data-id=\"253a40d4\" data-element_type=\"container\" data-e-type=\"container\">\n\t\t\t\t\t<div class=\"e-con-inner\">\n\t\t\t\t<div class=\"elementor-element elementor-element-1200c304 elementor-widget elementor-widget-heading\" data-id=\"1200c304\" data-element_type=\"widget\" data-e-type=\"widget\" data-widget_type=\"heading.default\">\n\t\t\t\t\t<div class=\"elementor-heading-title elementor-size-default\">Er\u00ednies<\/div>\t\t\t\t<\/div>\n\t\t\t\t<div class=\"elementor-element elementor-element-11758e7f elementor-widget elementor-widget-text-editor\" data-id=\"11758e7f\" data-element_type=\"widget\" data-e-type=\"widget\" data-widget_type=\"text-editor.default\">\n\t\t\t\t\t\t\t\t\t<p>Les Er\u00ednies s\u00f3n les figures m\u00e9s arcaiques de la demonologia grega. Tres germanes, Alecto, Megera i Tis\u00edfone, nascudes de la sang d&#8217;Ur\u00e0 castrat, persegueixen la culpa de sang, el perjuri i la infracci\u00f3 de la pietat familiar. All\u00e0 on colpegen, empenyen el culpable a la bogeria fins que \u00e9s jutjat o purificat <span class=\"iwg-fachbegriff\" data-tooltip=\"Que pertany a una seq\u00fc\u00e8ncia d'accions religioses establerta.\" tabindex=\"0\">ritualment<\/span>.<\/p><p>La seva representaci\u00f3 liter\u00e0ria m\u00e9s destacada es troba a l&#8217;Orest\u00edada d&#8217;\u00c8squil, on persegueixen Orestes despr\u00e9s del matricidi fins a Atenes. All\u00e0, mitjan\u00e7ant sent\u00e8ncia divina i reconversi\u00f3 cultual, es converteixen en les Eum\u00e8nides, \u00ables ben\u00e8voles\u00bb, una de les transformacions m\u00e9s cl\u00e0ssiques de la <span class=\"iwg-fachbegriff\" data-tooltip=\"El conjunt de relats sobre d\u00e9us transmesos per una cultura.\" tabindex=\"0\">mitologia<\/span> antiga.<\/p><div><p><strong>Les Er\u00ednies a l&#8217;Orest\u00edada d&#8217;\u00c8squil<\/strong><\/p><p>La trag\u00e8dia d&#8217;\u00c8squil <em>Les Eum\u00e8nides<\/em> (458 aC) mostra les Er\u00ednies en la seva forma dramat\u00fargica m\u00e9s coneguda: com a figures femenines terribles amb serps en lloc de cabells, ulls encesos i sang humida a les galtes.<\/p><p>Persegueixen Orestes, que ha matat la seva mare Clitemnestra, sense pietat per terres i mars. \u00c8squil no les retrata com a simples forces de c\u00e0stig, sin\u00f3 com a divinitats arcaiques amb dignitat i l\u00f2gica pr\u00f2pies.<\/p><p>A l&#8217;obra, finalment s\u00f3n apaivagades pel veredicte d&#8217;Atena i integrades en l&#8217;ordre ciutad\u00e0 d&#8217;Atenes; es converteixen en les <em>Eum\u00e8nides<\/em>, les ben\u00e8voles. Aquesta transformaci\u00f3 marca el pas de la venjan\u00e7a de sang brutal i desordenada a la just\u00edcia institucionalitzada. Les Er\u00ednies representen l&#8217;ordre jur\u00eddic m\u00e9s antic i ct\u00f2nic, substitu\u00eft per estructures racionals i democr\u00e0tiques.<\/p><\/div>\t\t\t\t\t\t\t\t<\/div>\n\t\t\t\t\t<\/div>\n\t\t\t\t<\/div>\n\t\t<div class=\"elementor-element elementor-element-159dcf9a e-flex e-con-boxed e-con e-child\" data-id=\"159dcf9a\" data-element_type=\"container\" data-e-type=\"container\">\n\t\t\t\t\t<div class=\"e-con-inner\">\n\t\t\t\t<div class=\"elementor-element elementor-element-48cee66f elementor-widget elementor-widget-heading\" data-id=\"48cee66f\" data-element_type=\"widget\" data-e-type=\"widget\" data-widget_type=\"heading.default\">\n\t\t\t\t\t<h2 class=\"elementor-heading-title elementor-size-default\">Perfil breu: Er\u00ednies<\/h2>\t\t\t\t<\/div>\n\t\t\t\t<div class=\"elementor-element elementor-element-3f50d82c elementor-widget elementor-widget-text-editor\" data-id=\"3f50d82c\" data-element_type=\"widget\" data-e-type=\"widget\" data-widget_type=\"text-editor.default\">\n\t\t\t\t\t\t\t\t\t<p><strong>Tipus:<\/strong> dimonis venjadores, guardianes de l&#8217;ordre de la sang<br>Origen: sang d&#8217;Ur\u00e0 castrat (Hes\u00edode)<br>Noms: Alecto, Megera, Tis\u00edfone<br>Textos: Homer, Hes\u00edode, \u00c8squil, Eur\u00edpides, Virgili<br>Per\u00edode: des de l&#8217;arcaisme fins a l&#8217;<span class=\"iwg-fachbegriff\" data-tooltip=\"\u00c8poca de transici\u00f3 entre l'antiguitat i l'edat mitjana, aproximadament del segle III al VII.\" tabindex=\"0\">antiguitat tardana<\/span><br>Protecci\u00f3 \/ reconciliaci\u00f3: rituals de purificaci\u00f3, transformaci\u00f3 en Eum\u00e8nides per \u00c8squil, culte a Atenes<\/p>\t\t\t\t\t\t\t\t<\/div>\n\t\t\t\t\t<\/div>\n\t\t\t\t<\/div>\n\t\t\t\t\t<\/div>\n\t\t\t\t<\/div>\n\t\t\t\t\t<\/div>\n\t\t\t\t<\/div>\n\t\t<div class=\"elementor-element elementor-element-18613602 e-flex e-con-boxed e-con e-parent\" data-id=\"18613602\" data-element_type=\"container\" data-e-type=\"container\">\n\t\t\t\t\t<div class=\"e-con-inner\">\n\t\t\t\t<div class=\"elementor-element elementor-element-262b8a9f elementor-widget elementor-widget-heading\" data-id=\"262b8a9f\" data-element_type=\"widget\" data-e-type=\"widget\" data-widget_type=\"heading.default\">\n\t\t\t\t\t<h2 class=\"elementor-heading-title elementor-size-default\">Contextualitzaci\u00f3 hist\u00f2rica<\/h2>\t\t\t\t<\/div>\n\t\t<div class=\"elementor-element elementor-element-46dcb7d e-con-full e-flex e-con e-child\" data-id=\"46dcb7d\" data-element_type=\"container\" data-e-type=\"container\">\n\t\t<div class=\"elementor-element elementor-element-61d3ab3 e-flex e-con-boxed e-con e-child\" data-id=\"61d3ab3\" data-element_type=\"container\" data-e-type=\"container\">\n\t\t\t\t\t<div class=\"e-con-inner\">\n\t\t\t\t<div class=\"elementor-element elementor-element-117c166 elementor-widget elementor-widget-heading\" data-id=\"117c166\" data-element_type=\"widget\" data-e-type=\"widget\" data-widget_type=\"heading.default\">\n\t\t\t\t\t<div class=\"elementor-heading-title elementor-size-default\">Per\u00edode dels textos<\/div>\t\t\t\t<\/div>\n\t\t\t\t<div class=\"elementor-element elementor-element-73997a0 elementor-widget elementor-widget-text-editor\" data-id=\"73997a0\" data-element_type=\"widget\" data-e-type=\"widget\" data-widget_type=\"text-editor.default\">\n\t\t\t\t\t\t\t\t\t<p>Els primers indicis es troben a Homer (Il\u00edada, Odissea) com a venjadores del perjuri i la culpa de sang. Hes\u00edode proporciona la genealogia. L&#8217;Orest\u00edada d&#8217;\u00c8squil (458 aC) dibuixa la figura cl\u00e0ssica. Eur\u00edpides i autors romans (Virgili, S\u00e8neca) continuen desenvolupant la imatge.<\/p>\t\t\t\t\t\t\t\t<\/div>\n\t\t\t\t\t<\/div>\n\t\t\t\t<\/div>\n\t\t<div class=\"elementor-element elementor-element-d47b156 e-flex e-con-boxed e-con e-child\" data-id=\"d47b156\" data-element_type=\"container\" data-e-type=\"container\">\n\t\t\t\t\t<div class=\"e-con-inner\">\n\t\t\t\t<div class=\"elementor-element elementor-element-ff38c2b elementor-widget elementor-widget-heading\" data-id=\"ff38c2b\" data-element_type=\"widget\" data-e-type=\"widget\" data-widget_type=\"heading.default\">\n\t\t\t\t\t<div class=\"elementor-heading-title elementor-size-default\">\u00c0rea de difusi\u00f3<\/div>\t\t\t\t<\/div>\n\t\t\t\t<div class=\"elementor-element elementor-element-4e49fcc elementor-widget elementor-widget-text-editor\" data-id=\"4e49fcc\" data-element_type=\"widget\" data-e-type=\"widget\" data-widget_type=\"text-editor.default\">\n\t\t\t\t\t\t\t\t\t<p>\u00c0mbit cultural grec. Com a Eum\u00e8nides tenen un <span class=\"iwg-fachbegriff\" data-tooltip=\"Un lloc sagrat dedicat a la veneraci\u00f3 d'una divinitat.\" tabindex=\"0\">santuari<\/span> important a Atenes, a l&#8217;Are\u00f2pag, i un altre a Sici\u00f3. La recepci\u00f3 romana les incorpora com a Dirae i Furiae al repertori llat\u00ed.<\/p>\t\t\t\t\t\t\t\t<\/div>\n\t\t\t\t\t<\/div>\n\t\t\t\t<\/div>\n\t\t\t\t<\/div>\n\t\t<div class=\"elementor-element elementor-element-db03c39 e-con-full e-flex e-con e-child\" data-id=\"db03c39\" data-element_type=\"container\" data-e-type=\"container\">\n\t\t<div class=\"elementor-element elementor-element-229a87b e-flex e-con-boxed e-con e-child\" data-id=\"229a87b\" data-element_type=\"container\" data-e-type=\"container\">\n\t\t\t\t\t<div class=\"e-con-inner\">\n\t\t\t\t<div class=\"elementor-element elementor-element-1f471fc elementor-widget elementor-widget-heading\" data-id=\"1f471fc\" data-element_type=\"widget\" data-e-type=\"widget\" data-widget_type=\"heading.default\">\n\t\t\t\t\t<div class=\"elementor-heading-title elementor-size-default\">Estat de les fonts<\/div>\t\t\t\t<\/div>\n\t\t\t\t<div class=\"elementor-element elementor-element-36b1201 elementor-widget elementor-widget-text-editor\" data-id=\"36b1201\" data-element_type=\"widget\" data-e-type=\"widget\" data-widget_type=\"text-editor.default\">\n\t\t\t\t\t\t\t\t\t<p>La font liter\u00e0ria principal \u00e9s l&#8217;Orest\u00edada. A m\u00e9s, hi ha pintura de vasos (Er\u00ednies amb cabells de serp i torxes), inscripcions del <span class=\"iwg-fachbegriff\" data-tooltip=\"El conjunt d'actes de veneraci\u00f3 religiosa dedicats a una divinitat o figura sagrada.\" tabindex=\"0\">culte<\/span> a les Eum\u00e8nides, i refer\u00e8ncies ret\u00f2riques i filos\u00f2fiques en Plat\u00f3 i autors posteriors.<\/p>\t\t\t\t\t\t\t\t<\/div>\n\t\t\t\t\t<\/div>\n\t\t\t\t<\/div>\n\t\t\t\t<\/div>\n\t\t\t\t\t<\/div>\n\t\t\t\t<\/div>\n\t\t<div class=\"elementor-element elementor-element-3ae0637c e-flex e-con-boxed e-con e-parent\" data-id=\"3ae0637c\" data-element_type=\"container\" data-e-type=\"container\">\n\t\t\t\t\t<div class=\"e-con-inner\">\n\t\t\t\t<div class=\"elementor-element elementor-element-31d07739 elementor-widget elementor-widget-heading\" data-id=\"31d07739\" data-element_type=\"widget\" data-e-type=\"widget\" data-widget_type=\"heading.default\">\n\t\t\t\t\t<h2 class=\"elementor-heading-title elementor-size-default\">Nom i variants<\/h2>\t\t\t\t<\/div>\n\t\t<div class=\"elementor-element elementor-element-b7642947 e-con-full e-flex e-con e-child\" data-id=\"b7642947\" data-element_type=\"container\" data-e-type=\"container\">\n\t\t\t\t<div class=\"elementor-element elementor-element-a086266 elementor-widget elementor-widget-text-editor\" data-id=\"a086266\" data-element_type=\"widget\" data-e-type=\"widget\" data-widget_type=\"text-editor.default\">\n\t\t\t\t\t\t\t\t\t<p><strong>Grec:<\/strong> <em>\u1f18\u03c1\u03b9\u03bd\u03cd\u03b5\u03c2<\/em> (Erinyes).<br>Eufem\u00edsticament: <em>\u0395\u1f50\u03bc\u03b5\u03bd\u03af\u03b4\u03b5\u03c2<\/em> (Eum\u00e8nides, \u00ables ben\u00e8voles\u00bb), <em>\u03a3\u03b5\u03bc\u03bd\u03b1\u03af<\/em> (Semnai, \u00ables venerables\u00bb).<br>Noms individuals: Alecto (la que mai reposa), Megera (l&#8217;envejosa), Tis\u00edfone (la venjadora de l&#8217;assassinat).<\/p><p>L&#8217;eufemisme \u00e9s caracter\u00edstic: el seu poder \u00e9s tan gran que no es vol invocar-les pel seu nom directe. La transformaci\u00f3 en Eum\u00e8nides al drama d&#8217;\u00c8squil \u00e9s alhora fundaci\u00f3 de culte: en lloc de ser destru\u00efdes, s\u00f3n integrades <span class=\"iwg-fachbegriff\" data-tooltip=\"Que pertany a una seq\u00fc\u00e8ncia d'accions religioses establerta.\" tabindex=\"0\">ritualment<\/span> en l&#8217;ordre de la polis.<\/p>\t\t\t\t\t\t\t\t<\/div>\n\t\t\t\t<\/div>\n\t\t\t\t\t<\/div>\n\t\t\t\t<\/div>\n\t\t<div class=\"elementor-element elementor-element-709a44a8 e-flex e-con-boxed e-con e-parent\" data-id=\"709a44a8\" data-element_type=\"container\" data-e-type=\"container\">\n\t\t\t\t\t<div class=\"e-con-inner\">\n\t\t\t\t<div class=\"elementor-element elementor-element-2f585873 elementor-widget elementor-widget-heading\" data-id=\"2f585873\" data-element_type=\"widget\" data-e-type=\"widget\" data-widget_type=\"heading.default\">\n\t\t\t\t\t<h2 class=\"elementor-heading-title elementor-size-default\">Descripci\u00f3<\/h2>\t\t\t\t<\/div>\n\t\t<div class=\"elementor-element elementor-element-70621c12 e-con-full e-flex e-con e-child\" data-id=\"70621c12\" data-element_type=\"container\" data-e-type=\"container\">\n\t\t\t\t<div class=\"elementor-element elementor-element-4296eb49 elementor-widget elementor-widget-text-editor\" data-id=\"4296eb49\" data-element_type=\"widget\" data-e-type=\"widget\" data-widget_type=\"text-editor.default\">\n\t\t\t\t\t\t\t\t\t<p><strong>Aparen\u00e7a<\/strong><\/p><p>Dones alades amb cabells de serps, torxes i fuets; vestits foscos, ulls vessant sang. En la pintura de vasos cl\u00e0ssica apareixen de front, terror\u00edfiques, per\u00f2 amb una dignitat formal. No s\u00f3n bells esperits nocturns com Empusa: les Er\u00ednies s\u00f3n obertament esfere\u00efdores.<\/p><p><strong>Comportament<\/strong><\/p><p>Persegueixen el culpable sistem\u00e0ticament, sovint durant anys. Porten a la bogeria, priven de la son, condueixen a l&#8217;a\u00efllament. El seu poder no acaba amb la mort: tamb\u00e9 persegueixen les \u00e0nimes fins al m\u00f3n dels morts, fins que s&#8217;aconsegueix satisfacci\u00f3.<\/p><p><strong>\u00c0mbit d&#8217;acci\u00f3<\/strong><\/p><p>Culpa de sang (especialment dins la fam\u00edlia), perjuri, transgressi\u00f3 de l&#8217;autoritat paterna, del dret d&#8217;hospitalitat, de la s\u00faplica de protecci\u00f3. El seu camp \u00e9s la transgressi\u00f3 moral imperdonable.<\/p><p><strong>Origen mitol\u00f2gic<\/strong><\/p><p>Nascudes de la sang d&#8217;Ur\u00e0 (Uranos) castrat (Hes\u00edode, Teogonia), i per tant m\u00e9s antigues que els d\u00e9us ol\u00edmpics. Representen un ordre de just\u00edcia preol\u00edmpic i ct\u00f2nic que imposa l\u00edmits fins i tot als d\u00e9us.<\/p><div><p><strong>Er\u00ednies i F\u00faries en la tradici\u00f3 antiga<\/strong><\/p><p>La <em>Teogonia<\/em> d&#8217;Hes\u00edode esmenta les Er\u00ednies nom\u00e9s de passada, com a filles de la Nit o, en altres versions, com a fruit de la sang d&#8217;Ur\u00e0 destronat.<\/p><p>Homer les anomena a la <em>Il\u00edada<\/em> 9.571 com a dones c\u00e0stig invisibles que segueixen de prop la paraula del <span class=\"iwg-fachbegriff\" data-tooltip=\"F\u00f3rmula ling\u00fc\u00edstica amb la qual es vol infligir un mal a una persona o cosa.\" tabindex=\"0\">malefici<\/span> i el perjuri. Els romans les van adoptar com a <em>Dirae<\/em> (les Terribles) i van accentuar encara m\u00e9s el seu vincle amb la bogeria i la descomposici\u00f3 f\u00edsica.<\/p><p>Virgili, a l&#8217;<em>Eneida<\/em>, carrega les F\u00faries d&#8217;una foscor m\u00edstica: guarden les portes del m\u00f3n dels morts i encarnen la l\u00f2gica venjativa del cosmos mateix.<\/p><p>En els cultes mist\u00e8rics hel\u00b7len\u00edstics i els papirs de <span class=\"iwg-fachbegriff\" data-tooltip=\"Pr\u00e0ctiques que pretenen intervenir en el curs de les coses mitjan\u00e7ant accions o f\u00f3rmules especials.\" tabindex=\"0\">m\u00e0gia<\/span> se les invoca com una for\u00e7a per refor\u00e7ar malediccions o per ajudar a castigar la ruptura d&#8217;un jurament. El seu \u00fas en textos m\u00e0gics pressuposa que qui llan\u00e7a la maledicci\u00f3 \u00e9s en el dret, altrament les Er\u00ednies es giren contra ell mateix.<\/p><\/div>\t\t\t\t\t\t\t\t<\/div>\n\t\t\t\t<\/div>\n\t\t\t\t\t<\/div>\n\t\t\t\t<\/div>\n\t\t<div class=\"elementor-element elementor-element-44e71476 e-flex e-con-boxed e-con e-parent\" data-id=\"44e71476\" data-element_type=\"container\" data-e-type=\"container\">\n\t\t\t\t\t<div class=\"e-con-inner\">\n\t\t\t\t<div class=\"elementor-element elementor-element-3c1fc3f0 elementor-widget elementor-widget-heading\" data-id=\"3c1fc3f0\" data-element_type=\"widget\" data-e-type=\"widget\" data-widget_type=\"heading.default\">\n\t\t\t\t\t<h2 class=\"elementor-heading-title elementor-size-default\">Fitxa: Er\u00ednies<\/h2>\t\t\t\t<\/div>\n\t\t<div class=\"elementor-element elementor-element-84f33b8e e-con-full e-flex e-con e-child\" data-id=\"84f33b8e\" data-element_type=\"container\" data-e-type=\"container\">\n\t\t\t\t<div class=\"elementor-element elementor-element-hqkdc67p elementor-widget elementor-widget-text-editor\" data-id=\"hqkdc67p\" data-element_type=\"widget\" data-e-type=\"widget\" data-widget_type=\"text-editor.default\">\n\t\t\t\t\t\t\t\t\t<p>Els aspectes m\u00e9s importants de les Er\u00ednies d&#8217;una ullada. Trobareu el desenvolupament del nom, la descripci\u00f3, la defensa i els paral\u00b7lels en els apartats seg\u00fcents.<\/p>\t\t\t\t\t\t\t\t<\/div>\n\t\t\t\t<\/div>\n\t\t<div class=\"elementor-element elementor-element-pemmx7c5 e-con-full e-flex e-con e-child\" data-id=\"pemmx7c5\" data-element_type=\"container\" data-e-type=\"container\">\n\t\t<div class=\"elementor-element elementor-element-pemmx7c1 e-con-full e-flex e-con e-child\" data-id=\"pemmx7c1\" data-element_type=\"container\" data-e-type=\"container\">\n\t\t<div class=\"elementor-element elementor-element-qh9oavvu iwg-steckbrief-card e-flex e-con-boxed e-con e-child\" data-id=\"qh9oavvu\" data-element_type=\"container\" data-e-type=\"container\">\n\t\t\t\t\t<div class=\"e-con-inner\">\n\t\t\t\t<div class=\"elementor-element elementor-element-awzx8k2k elementor-widget elementor-widget-heading\" data-id=\"awzx8k2k\" data-element_type=\"widget\" data-e-type=\"widget\" data-widget_type=\"heading.default\">\n\t\t\t\t\t<div class=\"elementor-heading-title elementor-size-default\">Context cultural<\/div>\t\t\t\t<\/div>\n\t\t\t\t<div class=\"elementor-element elementor-element-x6rowhv0 elementor-widget elementor-widget-text-editor\" data-id=\"x6rowhv0\" data-element_type=\"widget\" data-e-type=\"widget\" data-widget_type=\"text-editor.default\">\n\t\t\t\t\t\t\t\t\t<p>Nascudes de la sang d&#8217;Ur\u00e0 castrat. Preol\u00edmpiques, m\u00e9s antigues que els ol\u00edmpics, representen un ordre de just\u00edcia arcaic.<\/p>\t\t\t\t\t\t\t\t<\/div>\n\t\t\t\t\t<\/div>\n\t\t\t\t<\/div>\n\t\t<div class=\"elementor-element elementor-element-8e3o4kxs iwg-steckbrief-card e-flex e-con-boxed e-con e-child\" data-id=\"8e3o4kxs\" data-element_type=\"container\" data-e-type=\"container\">\n\t\t\t\t\t<div class=\"e-con-inner\">\n\t\t\t\t<div class=\"elementor-element elementor-element-08rkdgov elementor-widget elementor-widget-heading\" data-id=\"08rkdgov\" data-element_type=\"widget\" data-e-type=\"widget\" data-widget_type=\"heading.default\">\n\t\t\t\t\t<div class=\"elementor-heading-title elementor-size-default\">Objectiu de les Er\u00ednies<\/div>\t\t\t\t<\/div>\n\t\t\t\t<div class=\"elementor-element elementor-element-uwjelx8s elementor-widget elementor-widget-text-editor\" data-id=\"uwjelx8s\" data-element_type=\"widget\" data-e-type=\"widget\" data-widget_type=\"text-editor.default\">\n\t\t\t\t\t\t\t\t\t<p>Culpables de sang (especialment dins la fam\u00edlia), perjuri, transgressi\u00f3 del dret d&#8217;hospitalitat, menyspreu de l&#8217;autoritat paterna.<\/p>\t\t\t\t\t\t\t\t<\/div>\n\t\t\t\t\t<\/div>\n\t\t\t\t<\/div>\n\t\t<div class=\"elementor-element elementor-element-jm2n74ec iwg-steckbrief-card e-flex e-con-boxed e-con e-child\" data-id=\"jm2n74ec\" data-element_type=\"container\" data-e-type=\"container\">\n\t\t\t\t\t<div class=\"e-con-inner\">\n\t\t\t\t<div class=\"elementor-element elementor-element-8vufse4c elementor-widget elementor-widget-heading\" data-id=\"8vufse4c\" data-element_type=\"widget\" data-e-type=\"widget\" data-widget_type=\"heading.default\">\n\t\t\t\t\t<div class=\"elementor-heading-title elementor-size-default\">Aparen\u00e7a<\/div>\t\t\t\t<\/div>\n\t\t\t\t<div class=\"elementor-element elementor-element-mwb9u015 elementor-widget elementor-widget-text-editor\" data-id=\"mwb9u015\" data-element_type=\"widget\" data-e-type=\"widget\" data-widget_type=\"text-editor.default\">\n\t\t\t\t\t\t\t\t\t<p>Alades, amb cabells de serps, torxes, fuets, vestit fosc, ulls sangonosos. En el programa iconogr\u00e0fic cl\u00e0ssic, de front i amb una dignitat esfere\u00efdora.<\/p>\t\t\t\t\t\t\t\t<\/div>\n\t\t\t\t\t<\/div>\n\t\t\t\t<\/div>\n\t\t\t\t<\/div>\n\t\t<div class=\"elementor-element elementor-element-pemmx7c2 e-con-full e-flex e-con e-child\" data-id=\"pemmx7c2\" data-element_type=\"container\" data-e-type=\"container\">\n\t\t<div class=\"elementor-element elementor-element-37ss2yr6 iwg-steckbrief-card e-flex e-con-boxed e-con e-child\" data-id=\"37ss2yr6\" data-element_type=\"container\" data-e-type=\"container\">\n\t\t\t\t\t<div class=\"e-con-inner\">\n\t\t\t\t<div class=\"elementor-element elementor-element-3v0wp3wx elementor-widget elementor-widget-heading\" data-id=\"3v0wp3wx\" data-element_type=\"widget\" data-e-type=\"widget\" data-widget_type=\"heading.default\">\n\t\t\t\t\t<div class=\"elementor-heading-title elementor-size-default\">Activitat<\/div>\t\t\t\t<\/div>\n\t\t\t\t<div class=\"elementor-element elementor-element-w3247g2m elementor-widget elementor-widget-text-editor\" data-id=\"w3247g2m\" data-element_type=\"widget\" data-e-type=\"widget\" data-widget_type=\"text-editor.default\">\n\t\t\t\t\t\t\t\t\t<p>Bogeria, insomni, a\u00efllament, persecuci\u00f3 fins al m\u00f3n dels morts. No porten la mort, sin\u00f3 una superviv\u00e8ncia insuportable fins a l&#8217;expiaci\u00f3.<\/p>\t\t\t\t\t\t\t\t<\/div>\n\t\t\t\t\t<\/div>\n\t\t\t\t<\/div>\n\t\t<div class=\"elementor-element elementor-element-0qpjal9w iwg-steckbrief-card e-flex e-con-boxed e-con e-child\" data-id=\"0qpjal9w\" data-element_type=\"container\" data-e-type=\"container\">\n\t\t\t\t\t<div class=\"e-con-inner\">\n\t\t\t\t<div class=\"elementor-element elementor-element-6ndoih0o elementor-widget elementor-widget-heading\" data-id=\"6ndoih0o\" data-element_type=\"widget\" data-e-type=\"widget\" data-widget_type=\"heading.default\">\n\t\t\t\t\t<div class=\"elementor-heading-title elementor-size-default\">Protecci\u00f3<\/div>\t\t\t\t<\/div>\n\t\t\t\t<div class=\"elementor-element elementor-element-6684tyh9 elementor-widget elementor-widget-text-editor\" data-id=\"6684tyh9\" data-element_type=\"widget\" data-e-type=\"widget\" data-widget_type=\"text-editor.default\">\n\t\t\t\t\t\t\t\t\t<p>No la defensa, sin\u00f3 la reconciliaci\u00f3: rituals de purificaci\u00f3 (katharmos), judici p\u00fablic (Are\u00f2pag), integraci\u00f3 com a <span class=\"iwg-fachbegriff\" data-tooltip=\"El conjunt d'actes de veneraci\u00f3 religiosa dedicats a una divinitat o figura sagrada.\" tabindex=\"0\">culte<\/span> a les Eum\u00e8nides. La polis lliga la seva for\u00e7a mitjan\u00e7ant el <span class=\"iwg-fachbegriff\" data-tooltip=\"El conjunt d'actes de veneraci\u00f3 religiosa dedicats a una divinitat o figura sagrada.\" tabindex=\"0\">culte<\/span> en lloc de combatre-la.<\/p>\t\t\t\t\t\t\t\t<\/div>\n\t\t\t\t\t<\/div>\n\t\t\t\t<\/div>\n\t\t<div class=\"elementor-element elementor-element-3lfi7x32 iwg-steckbrief-card e-flex e-con-boxed e-con e-child\" data-id=\"3lfi7x32\" data-element_type=\"container\" data-e-type=\"container\">\n\t\t\t\t\t<div class=\"e-con-inner\">\n\t\t\t\t<div class=\"elementor-element elementor-element-0kg99ga1 elementor-widget elementor-widget-heading\" data-id=\"0kg99ga1\" data-element_type=\"widget\" data-e-type=\"widget\" data-widget_type=\"heading.default\">\n\t\t\t\t\t<div class=\"elementor-heading-title elementor-size-default\">\u00c9ssers relacionats<\/div>\t\t\t\t<\/div>\n\t\t\t\t<div class=\"elementor-element elementor-element-n0fum6kp elementor-widget elementor-widget-text-editor\" data-id=\"n0fum6kp\" data-element_type=\"widget\" data-e-type=\"widget\" data-widget_type=\"text-editor.default\">\n\t\t\t\t\t\t\t\t\t<p>Dirae\/F\u00faries (Roma), Gall\u00fb (Mesopot\u00e0mia), Tzitzimime, motius de la Dama de la Dalla; funcionalment tamb\u00e9 les Valqu\u00edries com a executores del camp de batalla.<\/p>\t\t\t\t\t\t\t\t<\/div>\n\t\t\t\t\t<\/div>\n\t\t\t\t<\/div>\n\t\t\t\t<\/div>\n\t\t\t\t<\/div>\n\t\t\t\t\t<\/div>\n\t\t\t\t<\/div>\n\t\t<div class=\"elementor-element elementor-element-7533bc7a e-flex e-con-boxed e-con e-parent\" data-id=\"7533bc7a\" data-element_type=\"container\" data-e-type=\"container\">\n\t\t\t\t\t<div class=\"e-con-inner\">\n\t\t\t\t<div class=\"elementor-element elementor-element-2447d18d elementor-widget elementor-widget-heading\" data-id=\"2447d18d\" data-element_type=\"widget\" data-e-type=\"widget\" data-widget_type=\"heading.default\">\n\t\t\t\t\t<h2 class=\"elementor-heading-title elementor-size-default\">Demonologia quotidiana<\/h2>\t\t\t\t<\/div>\n\t\t<div class=\"elementor-element elementor-element-d5d0260c e-con-full e-flex e-con e-child\" data-id=\"d5d0260c\" data-element_type=\"container\" data-e-type=\"container\">\n\t\t\t\t<div class=\"elementor-element elementor-element-341be2ac elementor-widget elementor-widget-text-editor\" data-id=\"341be2ac\" data-element_type=\"widget\" data-e-type=\"widget\" data-widget_type=\"text-editor.default\">\n\t\t\t\t\t\t\t\t\t<p><strong>Rituals de reconciliaci\u00f3<\/strong><\/p><p>Ritu de purificaci\u00f3 despr\u00e9s d&#8217;un vessament de sang (<em>katharmos<\/em>), generalment mitjan\u00e7ant el sacrifici d&#8217;un porc i accions rituals a la vora d&#8217;un riu o del mar. Qui ha estat purificat pot tornar a entrar a la polis.<\/p><p><strong><span class=\"iwg-fachbegriff\" data-tooltip=\"El conjunt d'actes de veneraci\u00f3 religiosa dedicats a una divinitat o figura sagrada.\" tabindex=\"0\">Culte<\/span> i <span class=\"iwg-fachbegriff\" data-tooltip=\"Un ritual ling\u00fc\u00edstic destinat a invocar o vincular un poder.\" tabindex=\"0\">invocaci\u00f3<\/span><\/strong><\/p><p>A Atenes, a l&#8217;Are\u00f2pag (la roca d&#8217;Ares), hi havia un <span class=\"iwg-fachbegriff\" data-tooltip=\"Un lloc sagrat dedicat a la veneraci\u00f3 d'una divinitat.\" tabindex=\"0\">santuari<\/span> de les Eum\u00e8nides, on es veneraven les Er\u00ednies transformades. El seu poder era vinculat cultualment i alhora reconegut. En les defixions se les invoca com a venjadores impersonals.<\/p><p><strong>Amulets i s\u00edmbols de protecci\u00f3<\/strong><\/p><p>No existeixen amulets apotropaics d&#8217;\u00fas quotidi\u00e0. Qui vol evitar les Er\u00ednies ha d&#8217;evitar la culpa de sang. El seu poder nom\u00e9s es pot limitar mitjan\u00e7ant l&#8217;acci\u00f3 ritual i la sent\u00e8ncia judicial; els objectes no hi tenen cap efecte.<\/p>\t\t\t\t\t\t\t\t<\/div>\n\t\t\t\t<\/div>\n\t\t\t\t\t<\/div>\n\t\t\t\t<\/div>\n\t\t<div class=\"elementor-element elementor-element-5a584676 e-flex e-con-boxed e-con e-parent\" data-id=\"5a584676\" data-element_type=\"container\" data-e-type=\"container\">\n\t\t\t\t\t<div class=\"e-con-inner\">\n\t\t\t\t<div class=\"elementor-element elementor-element-6d0757bf elementor-widget elementor-widget-heading\" data-id=\"6d0757bf\" data-element_type=\"widget\" data-e-type=\"widget\" data-widget_type=\"heading.default\">\n\t\t\t\t\t<h2 class=\"elementor-heading-title elementor-size-default\">Er\u00ednies, paral\u00b7lels en altres cultures<\/h2>\t\t\t\t<\/div>\n\t\t<div class=\"elementor-element elementor-element-60563f68 e-con-full e-flex e-con e-child\" data-id=\"60563f68\" data-element_type=\"container\" data-e-type=\"container\">\n\t\t\t\t<div class=\"elementor-element elementor-element-5a93fdd6 elementor-widget elementor-widget-text-editor\" data-id=\"5a93fdd6\" data-element_type=\"widget\" data-e-type=\"widget\" data-widget_type=\"text-editor.default\">\n\t\t\t\t\t\t\t\t\t<p><strong>Roma:<\/strong> Les Dirae i les F\u00faries s\u00f3n les equival\u00e8ncies romanes directes, presents de manera destacada a l&#8217;Eneida de Virgili i a les trag\u00e8dies de S\u00e8neca. El <span class=\"iwg-fachbegriff\" data-tooltip=\"Un element tem\u00e0tic recurrent en l'art o la narraci\u00f3.\" tabindex=\"0\">motiu<\/span> es mant\u00e9 estructuralment id\u00e8ntic.<\/p><p><strong>Mesopot\u00e0mia:<\/strong> Els Gall\u00fb del m\u00f3n dels morts tamb\u00e9 executen l&#8217;ordre c\u00f2smic, per\u00f2 com a missatgers de la mort, no com a venjadores d&#8217;una transgressi\u00f3 moral.<\/p><p><strong>Recepci\u00f3 moderna:<\/strong> El superj\u00f2 freudi\u00e0 recupera el <span class=\"iwg-fachbegriff\" data-tooltip=\"Un element tem\u00e0tic recurrent en l'art o la narraci\u00f3.\" tabindex=\"0\">motiu<\/span> de la veu interior persecut\u00f2ria. La literatura i el cinema tornen a prendre les Er\u00ednies com a <span class=\"iwg-fachbegriff\" data-tooltip=\"Una imatge il\u00b7lustrativa que representa una idea abstracta.\" tabindex=\"0\">s\u00edmbol<\/span> de la culpa inajornable.<\/p><div><p><strong>Les Er\u00ednies com a for\u00e7a c\u00f2smica de venjan\u00e7a i mediadores d&#8217;expiaci\u00f3<\/strong><\/p><p>La comprensi\u00f3 <span class=\"iwg-fachbegriff\" data-tooltip=\"\u00c8poca de la cultura grega i romana, aproximadament del 800 aC al 600 dC.\" tabindex=\"0\">antiga<\/span> de les Er\u00ednies era menys personalitzada que funcional: encarnen la conseq\u00fc\u00e8ncia inevitable de la injust\u00edcia i la culpa de sang, no una crueltat arbitr\u00e0ria. S\u00f3n, en certa manera, les comptables de la culpa c\u00f2smica, a qui el mateix univers segueix.<\/p><p>Especialment en el dret aten\u00e8s posterior a \u00c8squil, esdevenen s\u00edmbols de la just\u00edcia compensat\u00f2ria: cap crim queda impune, per\u00f2 cap culpable \u00e9s sense possibilitat de salvaci\u00f3 si busca i troba l&#8217;expiaci\u00f3.<\/p><p>Aix\u00f2 distingia el concepte grec de d\u00e9u venjador de la pura ira retributiva d&#8217;altres cultures. Les Er\u00ednies exigeixen reparaci\u00f3, no condemna eterna. En cultes mist\u00e8rics com el d&#8217;Eleusis van tenir un paper en el ritual de purificaci\u00f3: eren testimonis de juraments i tab\u00fas d&#8217;homicidi, la violaci\u00f3 dels quals comportava una profanaci\u00f3 ritual.<\/p><\/div>\t\t\t\t\t\t\t\t<\/div>\n\t\t\t\t<\/div>\n\t\t\t\t\t<\/div>\n\t\t\t\t<\/div>\n\t\t<div class=\"elementor-element elementor-element-cpf03202d e-flex e-con-boxed e-con e-parent\" data-id=\"cpf03202d\" data-element_type=\"container\" data-e-type=\"container\">\n\t\t\t\t\t<div class=\"e-con-inner\">\n\t\t\t\t<div class=\"elementor-element elementor-element-cpf59c0c8 elementor-widget elementor-widget-heading\" data-id=\"cpf59c0c8\" data-element_type=\"widget\" data-e-type=\"widget\" data-widget_type=\"heading.default\">\n\t\t\t\t\t<h2 class=\"elementor-heading-title elementor-size-default\">Les Er\u00ednies a l'Orest\u00edada d'\u00c8squil<\/h2>\t\t\t\t<\/div>\n\t\t<div class=\"elementor-element elementor-element-cp9db56f4 e-con-full e-flex e-con e-child\" data-id=\"cp9db56f4\" data-element_type=\"container\" data-e-type=\"container\">\n\t\t\t\t<div class=\"elementor-element elementor-element-cpe38e471 elementor-widget elementor-widget-text-editor\" data-id=\"cpe38e471\" data-element_type=\"widget\" data-e-type=\"widget\" data-widget_type=\"text-editor.default\">\n\t\t\t\t\t\t\t\t\t<p>La configuraci\u00f3 m\u00e9s impressionant i de major transcend\u00e8ncia de les Er\u00ednies en la literatura antiga \u00e9s l&#8217;<em>Orest\u00edada<\/em> d&#8217;\u00c8squil, una trilogia representada l&#8217;any 458 aC a Atenes. En ella, les Er\u00ednies deixen de ser simples pot\u00e8ncies esmentades: apareixen com a cor en carn i ossos sobre l&#8217;escenari, sobretot en la tercera pe\u00e7a, les <em>Eum\u00e8nides<\/em>.<\/p><p>L&#8217;acci\u00f3 va des de l&#8217;assassinat d&#8217;Agam\u00e8mnon per part de la seva dona Clitemnestra, passant per la venjan\u00e7a del fill Orestes, que mata la seva mare, fins a les conseq\u00fc\u00e8ncies d&#8217;aquest crim de sang. Perqu\u00e8 Orestes ha matat la seva pr\u00f2pia mare, \u00e9s a dir, s&#8217;ha vessat sang de parentiu, les Er\u00ednies el persegueixen.<\/p><p>Elles s\u00f3n les venjadores de la sang materna, persegueixen Orestes des d&#8217;Argos fins a Delfos i despr\u00e9s fins a Atenes, el porten a la bogeria i no li deixen cap treva.<\/p><p>\u00c8squil les descriu com a figures terror\u00edfiques. A la mateixa obra es relata que la seva sola visi\u00f3 va fer caure a terra la sacerdotessa de Delfos. Dormen, panteixen, ensumen la sang com gossos. La seva pretensi\u00f3 \u00e9s antiga, m\u00e9s antiga que els joves d\u00e9us ol\u00edmpics, i insisteixen que el seu dret, el dret de la venjan\u00e7a de sang, no pot ser q\u00fcestionat.<\/p><p>El nucli de la trilogia \u00e9s el conflicte entre aquest dret antic i un nou ordre. Apol\u00b7lo i Atena es posen del costat d&#8217;Orestes, les Er\u00ednies del costat de l&#8217;expiaci\u00f3 incondicional. L&#8217;<em>Orest\u00edada<\/em> \u00e9s aix\u00ed el testimoni <span class=\"iwg-fachbegriff\" data-tooltip=\"\u00c8poca de la cultura grega i romana, aproximadament del 800 aC al 600 dC\" tabindex=\"0\">antic<\/span> central de com les Er\u00ednies eren enteses com l&#8217;encarnaci\u00f3 d&#8217;una repres\u00e0lia autom\u00e0tica i preestatal.<\/p>\t\t\t\t\t\t\t\t<\/div>\n\t\t\t\t<\/div>\n\t\t\t\t\t<\/div>\n\t\t\t\t<\/div>\n\t\t<div class=\"elementor-element elementor-element-cp6f04794 e-flex e-con-boxed e-con e-parent\" data-id=\"cp6f04794\" data-element_type=\"container\" data-e-type=\"container\">\n\t\t\t\t\t<div class=\"e-con-inner\">\n\t\t\t\t<div class=\"elementor-element elementor-element-cp09010be elementor-widget elementor-widget-heading\" data-id=\"cp09010be\" data-element_type=\"widget\" data-e-type=\"widget\" data-widget_type=\"heading.default\">\n\t\t\t\t\t<h2 class=\"elementor-heading-title elementor-size-default\">De la maledicci\u00f3 a la benedicci\u00f3: la transformaci\u00f3 en les Eum\u00e8nides<\/h2>\t\t\t\t<\/div>\n\t\t<div class=\"elementor-element elementor-element-cp089b896 e-con-full e-flex e-con e-child\" data-id=\"cp089b896\" data-element_type=\"container\" data-e-type=\"container\">\n\t\t\t\t<div class=\"elementor-element elementor-element-cpc197b86 elementor-widget elementor-widget-text-editor\" data-id=\"cpc197b86\" data-element_type=\"widget\" data-e-type=\"widget\" data-widget_type=\"text-editor.default\">\n\t\t\t\t\t\t\t\t\t<p>El proc\u00e9s decisiu al final de l&#8217;<em>Orest\u00edada<\/em> \u00e9s la transformaci\u00f3 de les Er\u00ednies en les Eum\u00e8nides, les Ben\u00e8voles. \u00c9s de gran import\u00e0ncia des del punt de vista de la hist\u00f2ria de les religions, perqu\u00e8 mostra com una cultura integra un poder amena\u00e7ador dins el seu propi ordre en lloc d&#8217;eliminar-lo.<\/p><p>A les <em>Eum\u00e8nides<\/em>, el cas d&#8217;Orestes es jutja davant un tribunal a l&#8217;Are\u00f2pag d&#8217;Atenes, establert per la deessa Atena.<\/p><p>Els ciutadans d&#8217;Atenes voten com a jurats, els vots queden igualats, i Atena decanta amb el seu vot l&#8217;absoluci\u00f3 d&#8217;Orestes. Aix\u00ed, per primera vegada, un tribunal ordenat substitueix la venjan\u00e7a de sang interminable.<\/p><p>Les Er\u00ednies, al principi, estan furioses per aquesta sent\u00e8ncia. Consideren devaluat el seu antic ofici i amenacen de castigar el pa\u00eds amb esterilitat i pesta. Atena negocia amb elles.<\/p><p>Els ofereix un lloc de culte fix a Atenes, honors permanents per part dels ciutadans i una nova tasca, aquesta cop ben\u00e8fica: han de vetllar per la fertilitat, la felicitat matrimonial i la prosperitat de la ciutat, i continuar castigant els criminals, ara per\u00f2 dins l&#8217;ordre estatal.<\/p><p>Les Er\u00ednies accepten l&#8217;oferta i, al final de la trilogia, es dirigeixen en process\u00f3 solemne cap al seu <span class=\"iwg-fachbegriff\" data-tooltip=\"Un lloc sagrat dedicat a la veneraci\u00f3 d'una divinitat.\" tabindex=\"0\">santuari<\/span>. Dels esperits venjadors perseguidors han sorgit les Eum\u00e8nides, a les quals de fet es dedicava un <span class=\"iwg-fachbegriff\" data-tooltip=\"El conjunt d'actes de veneraci\u00f3 religiosa dedicats a una divinitat o figura sagrada.\" tabindex=\"0\">culte<\/span> a Atenes i en altres llocs.<\/p><p>La trag\u00e8dia interpreta aix\u00ed un <span class=\"iwg-fachbegriff\" data-tooltip=\"El conjunt d'actes de veneraci\u00f3 religiosa dedicats a una divinitat o figura sagrada.\" tabindex=\"0\">culte<\/span> real i al mateix temps li dona sentit: l&#8217;antic poder de la repres\u00e0lia es conserva, per\u00f2 es posa al servei de la polis. El doble nom d&#8217;aquests \u00e9ssers, Er\u00ednies i Eum\u00e8nides, fixa de manera permanent aquestes dues cares.<\/p>\t\t\t\t\t\t\t\t<\/div>\n\t\t\t\t<\/div>\n\t\t\t\t\t<\/div>\n\t\t\t\t<\/div>\n\t\t<div class=\"elementor-element elementor-element-cp91c4cbf e-flex e-con-boxed e-con e-parent\" data-id=\"cp91c4cbf\" data-element_type=\"container\" data-e-type=\"container\">\n\t\t\t\t\t<div class=\"e-con-inner\">\n\t\t\t\t<div class=\"elementor-element elementor-element-cp631815e elementor-widget elementor-widget-heading\" data-id=\"cp631815e\" data-element_type=\"widget\" data-e-type=\"widget\" data-widget_type=\"heading.default\">\n\t\t\t\t\t<h2 class=\"elementor-heading-title elementor-size-default\">Origen, nombre i noms de les Er\u00ednies<\/h2>\t\t\t\t<\/div>\n\t\t<div class=\"elementor-element elementor-element-cpb1f28f8 e-con-full e-flex e-con e-child\" data-id=\"cpb1f28f8\" data-element_type=\"container\" data-e-type=\"container\">\n\t\t\t\t<div class=\"elementor-element elementor-element-cp2460745 elementor-widget elementor-widget-text-editor\" data-id=\"cp2460745\" data-element_type=\"widget\" data-e-type=\"widget\" data-widget_type=\"text-editor.default\">\n\t\t\t\t\t\t\t\t\t<p>Sobre l&#8217;ascend\u00e8ncia de les Er\u00ednies, les fonts antigues ofereixen diverses versions divergents.<\/p><p>La versi\u00f3 m\u00e9s influent \u00e9s la d&#8217;Hes\u00edode a la <em>Teogonia<\/em>. All\u00e0, les Er\u00ednies neixen de la sang d&#8217;Ur\u00e0: quan Cronos castra el seu pare Ur\u00e0 i les gotes cauen sobre la Terra, Gea, la Terra dona a llum les Er\u00ednies, juntament amb els gigants i les nimfes.<\/p><p>Aquest origen lliga les Er\u00ednies des del principi a un crim de parentiu, a la rebel\u00b7li\u00f3 del fill contra el pare.<\/p><p>Altres tradicions esmenten la Nit, Nix, com a mare, la qual cosa apropa les Er\u00ednies a les altres pot\u00e8ncies tenebroses, o b\u00e9 les fan derivar de les deesses de l&#8217;infram\u00f3n. Aquesta varietat \u00e9s t\u00edpica de les genealogies gregues i mostra que les Er\u00ednies podien ser assignades a diferents l\u00ednies d&#8217;interpretaci\u00f3.<\/p><p>Tampoc el nombre de les Er\u00ednies estava originalment fixat. En els textos m\u00e9s antics, com els d&#8217;Homer i \u00c8squil, apareixen com una pluralitat indeterminada, com un grup.<\/p><p>Nom\u00e9s la tradici\u00f3 posterior, sobretot l&#8217;hel\u00b7len\u00edstica i la romana, va fixar el seu nombre en tres i els va donar noms: Alecto, la Incessant, Tis\u00edfone, la Venjadora de l&#8217;assassinat, i Megera, l&#8217;Envejosa o Rancorosa. En aquesta forma triple i amb noms apareixen despr\u00e9s en poetes romans com Virgili.<\/p><p>Estava tamb\u00e9 molt estesa la retic\u00e8ncia a anomenar directament les Er\u00ednies pel seu nom. Se les designava amb noms encobridors i apaivagadors, precisament com Eum\u00e8nides, les Ben\u00e8voles, o com Semnai Theai, les Deesses Venerables, nom sota el qual se&#8217;ls dedicava un <span class=\"iwg-fachbegriff\" data-tooltip=\"Un lloc sagrat dedicat a la veneraci\u00f3 d'una divinitat.\" tabindex=\"0\">santuari<\/span> a l&#8217;Are\u00f2pag d&#8217;Atenes.<\/p><p>Aquesta precauci\u00f3 ling\u00fc\u00edstica \u00e9s en si mateixa un testimoni de la por que aquests \u00e9ssers infonien.<\/p>\t\t\t\t\t\t\t\t<\/div>\n\t\t\t\t<\/div>\n\t\t\t\t\t<\/div>\n\t\t\t\t<\/div>\n\t\t<div class=\"elementor-element elementor-element-36dd7469 e-flex e-con-boxed e-con e-parent\" data-id=\"36dd7469\" data-element_type=\"container\" data-e-type=\"container\">\n\t\t\t\t\t<div class=\"e-con-inner\">\n\t\t\t\t<div class=\"elementor-element elementor-element-13760ab4 elementor-widget elementor-widget-heading\" data-id=\"13760ab4\" data-element_type=\"widget\" data-e-type=\"widget\" data-widget_type=\"heading.default\">\n\t\t\t\t\t<div class=\"elementor-heading-title elementor-size-default\">Enlla\u00e7os relacionats<\/div>\t\t\t\t<\/div>\n\t\t<div class=\"elementor-element elementor-element-28c87796 e-con-full e-flex e-con e-child\" data-id=\"28c87796\" data-element_type=\"container\" data-e-type=\"container\">\n\t\t\t\t<div class=\"elementor-element elementor-element-5d6538df elementor-widget elementor-widget-text-editor\" data-id=\"5d6538df\" data-element_type=\"widget\" data-e-type=\"widget\" data-widget_type=\"text-editor.default\">\n\t\t\t\t\t\t\t\t\t<p>Enlla\u00e7os interns recomanats:<\/p><ul><li><a href=\"https:\/\/iwell-guard.com\/ca\/?page_id=171347\">Gr\u00e8cia<\/a><\/li><li><a href=\"https:\/\/iwell-guard.com\/ca\/?page_id=171351\">Keres<\/a> (parents propers)<\/li><li><a href=\"https:\/\/iwell-guard.com\/ca\/?page_id=171356\">Dirae<\/a> (paral\u00b7lel rom\u00e0, p\u00e0gina detallada properament)<\/li><li><a href=\"https:\/\/iwell-guard.com\/ca\/?page_id=171338\">Gallu<\/a> (paral\u00b7lel mesopot\u00e0mic)<\/li><li>Ritus de purificaci\u00f3 i <span class=\"iwg-fachbegriff\" data-tooltip=\"El conjunt d'actes de veneraci\u00f3 religiosa dedicats a una divinitat o figura sagrada.\" tabindex=\"0\">culte<\/span> de l&#8217;Are\u00f2pag<\/li><\/ul>\t\t\t\t\t\t\t\t<\/div>\n\t\t\t\t<\/div>\n\t\t\t\t\t<\/div>\n\t\t\t\t<\/div>\n\t\t<div class=\"elementor-element elementor-element-grl4kl40 e-flex e-con-boxed e-con e-parent\" data-id=\"grl4kl40\" data-element_type=\"container\" data-e-type=\"container\">\n\t\t\t\t\t<div class=\"e-con-inner\">\n\t\t\t\t<div class=\"elementor-element elementor-element-bzsbfrmh elementor-widget elementor-widget-heading\" data-id=\"bzsbfrmh\" data-element_type=\"widget\" data-e-type=\"widget\" data-widget_type=\"heading.default\">\n\t\t\t\t\t<h2 class=\"elementor-heading-title elementor-size-default\">Bibliografia de recerca<\/h2>\t\t\t\t<\/div>\n\t\t<div class=\"elementor-element elementor-element-2c13224a e-con-full e-flex e-con e-child\" data-id=\"2c13224a\" data-element_type=\"container\" data-e-type=\"container\">\n\t\t\t\t<div class=\"elementor-element elementor-element-0eymh9ub elementor-widget elementor-widget-text-editor\" data-id=\"0eymh9ub\" data-element_type=\"widget\" data-e-type=\"widget\" data-widget_type=\"text-editor.default\">\n\t\t\t\t\t\t\t\t\t<footer class=\"iwg-literatur\"><p>Una selecci\u00f3 de treballs centrals sobre les Er\u00ednies i sobre la <span class=\"iwg-fachbegriff\" data-tooltip=\"La doctrina cient\u00edfica sobre D\u00e9u i sobre la fe d'una religi\u00f3.\" tabindex=\"0\">teologia<\/span> grega de la venjan\u00e7a:<\/p><ul><li><span data-nosnippet>Zeitlin, Froma I.: <em>Playing the Other. Gender and Society in Classical Greek Literature<\/em>. Chicago 1996.<\/span><\/li><li><span data-nosnippet>Parker, Robert: <em><a href=\"https:\/\/archive.org\/details\/greekreligion0000burk\" target=\"_blank\" rel=\"noopener noreferrer\">Miasma. Pollution and Purification in Early Greek Religion<\/a><\/em>. Oxford 1983.<\/span><\/li><li><span data-nosnippet>Sommerstein, Alan: <em>Aeschylus: Eumenides<\/em>. Cambridge 1989 (comentari).<\/span><\/li><li><span data-nosnippet>Lloyd-Jones, Hugh: <em>The Justice of Zeus<\/em>. Berkeley 1971.<\/span><\/li><\/ul><div data-nosnippet=\"true\" class=\"iwg-litliste\"><p><strong>Bibliografia est\u00e0ndard (Gr\u00e8cia):<\/strong><\/p><ul><li><span data-nosnippet><strong>Bremmer, Jan N.<\/strong>: <em>Greek Religion. Cambridge University Press, Cambridge 1999.<\/em><\/span><\/li><li><span data-nosnippet><strong>Bonnefoy, Yves<\/strong>: <em>Greek and Egyptian Mythologies. University of Chicago Press, Chicago 1992.<\/em><\/span><\/li><\/ul><\/div><\/footer>\n<p class=\"iwg-bib-more\"><span data-nosnippet>M\u00e9s obres de refer\u00e8ncia al <a href=\"https:\/\/iwell-guard.com\/ca\/?page_id=171483\">\u00cdndex bibliogr\u00e0fic<\/a>.<\/span><\/p>\t\t\t\t\t\t\t\t<\/div>\n\t\t\t\t<\/div>\n\t\t\t\t\t<\/div>\n\t\t\t\t<\/div>\n\t\t<div class=\"elementor-element elementor-element-iwgca-erinyen-sec e-flex e-con-boxed e-con e-parent\" data-id=\"iwgca-erinyen-sec\" data-element_type=\"container\" data-e-type=\"container\" id=\"iwg-ca-erinyen\">\n\t\t\t\t\t<div class=\"e-con-inner\">\n\t\t\t\t<div class=\"elementor-element elementor-element-iwgca-erinyen-te iwg-ca-textwrap elementor-widget elementor-widget-text-editor\" data-id=\"iwgca-erinyen-te\" data-element_type=\"widget\" data-e-type=\"widget\" data-widget_type=\"text-editor.default\">\n\t\t\t\t\t\t\t\t\t<div data-nosnippet=\"true\"><p class=\"iwg-ca-bridge\">La pr\u00e0ctica de protecci\u00f3 descrita aqu\u00ed \u00e9s una classificaci\u00f3 de tradicions hist\u00f2riques des de la perspectiva de la ci\u00e8ncia de les religions. iWell Guard s&#8217;inspira en aquesta l\u00ednia cultural i hist\u00f2rica d&#8217;objectes de protecci\u00f3 portables i n&#8217;\u00e9s una forma contempor\u00e0nia. <a href=\"\/ueber-iwell-guard\/?utm_source=iwell-guard.com&#038;utm_medium=text-link&#038;utm_campaign=schadwesen-tradition\">M\u00e9s informaci\u00f3 sobre l&#8217;iWell Guard \u2192<\/a><\/p><\/div>\t\t\t\t\t\t\t\t<\/div>\n\t\t\t\t\t<\/div>\n\t\t\t\t<\/div>\n\t\t\t\t<\/div>\n\t\t","protected":false},"excerpt":{"rendered":"","protected":false},"author":3,"featured_media":1682,"parent":0,"menu_order":0,"comment_status":"closed","ping_status":"closed","template":"elementor_header_footer","meta":{"_yoast_wpseo_focuskw":"Er\u00ednies deesses venjadores","_yoast_wpseo_title":"Er\u00ednies - Les venjadores, perseguidores de la culpa de sang","_yoast_wpseo_metadesc":"Er\u00ednies, les venjadores de la mitologia grega. Perseguidores de la culpa de sang, relaci\u00f3 amb l'Orest\u00edada d'\u00c8squil i la seva transformaci\u00f3 en Eum\u00e8nides.","_yoast_wpseo_meta-robots-noindex":"","_yoast_wpseo_canonical":"","_angie_page":false,"gefaehrdungsstufe":"4","wesen_kultur":"griechenland","wesen_klasse":"geister","footnotes":""},"categories":[],"class_list":["post-171353","page","type-page","status-publish","has-post-thumbnail","hentry"],"yoast_head":"<!-- This site is optimized with the Yoast SEO Premium plugin v27.7 (Yoast SEO v28.3) - https:\/\/yoast.com\/product\/yoast-seo-premium-wordpress\/ -->\n<title>Er\u00ednies - Les venjadores, perseguidores de la culpa de sang<\/title>\n<meta name=\"description\" content=\"Er\u00ednies, les venjadores de la mitologia grega. Perseguidores de la culpa de sang, relaci\u00f3 amb l&#039;Orest\u00edada d&#039;\u00c8squil i la seva transformaci\u00f3 en Eum\u00e8nides.\" \/>\n<meta name=\"robots\" content=\"index, follow, max-snippet:-1, max-image-preview:large, max-video-preview:-1\" \/>\n<link rel=\"canonical\" href=\"https:\/\/iwell-guard.com\/ca\/erinies\/\" \/>\n<meta property=\"og:locale\" content=\"ca_ES\" \/>\n<meta property=\"og:type\" content=\"article\" \/>\n<meta property=\"og:title\" content=\"Er\u00ednies\" \/>\n<meta property=\"og:description\" content=\"Er\u00ednies, les venjadores de la mitologia grega. Perseguidores de la culpa de sang, relaci\u00f3 amb l&#039;Orest\u00edada d&#039;\u00c8squil i la seva transformaci\u00f3 en Eum\u00e8nides.\" \/>\n<meta property=\"og:url\" content=\"https:\/\/iwell-guard.com\/ca\/erinies\/\" \/>\n<meta property=\"og:site_name\" content=\"iWell Guard\" \/>\n<meta property=\"article:modified_time\" content=\"2026-09-05T15:54:45+00:00\" \/>\n<meta property=\"og:image\" content=\"https:\/\/iwell-guard.com\/wp-content\/uploads\/2026\/04\/geister_griechenland_erinyen.webp\" \/>\n\t<meta property=\"og:image:width\" content=\"1024\" \/>\n\t<meta property=\"og:image:height\" content=\"1536\" \/>\n\t<meta property=\"og:image:type\" content=\"image\/webp\" \/>\n<meta name=\"twitter:card\" content=\"summary_large_image\" \/>\n<script type=\"application\/ld+json\" class=\"yoast-schema-graph\">{\"@context\":\"https:\\\/\\\/schema.org\",\"@graph\":[{\"@type\":\"WebPage\",\"@id\":\"https:\\\/\\\/iwell-guard.com\\\/ca\\\/erinies\\\/\",\"url\":\"https:\\\/\\\/iwell-guard.com\\\/ca\\\/erinies\\\/\",\"name\":\"Er\u00ednies - Les venjadores, perseguidores de la culpa de sang\",\"isPartOf\":{\"@id\":\"https:\\\/\\\/iwell-guard.com\\\/ca\\\/#website\"},\"primaryImageOfPage\":{\"@id\":\"https:\\\/\\\/iwell-guard.com\\\/ca\\\/erinies\\\/#primaryimage\"},\"image\":{\"@id\":\"https:\\\/\\\/iwell-guard.com\\\/ca\\\/erinies\\\/#primaryimage\"},\"thumbnailUrl\":\"https:\\\/\\\/iwell-guard.com\\\/wp-content\\\/uploads\\\/2026\\\/04\\\/geister_griechenland_erinyen.webp\",\"datePublished\":\"2026-09-05T15:38:41+00:00\",\"dateModified\":\"2026-09-05T15:54:45+00:00\",\"description\":\"Er\u00ednies, les venjadores de la mitologia grega. Perseguidores de la culpa de sang, relaci\u00f3 amb l'Orest\u00edada d'\u00c8squil i la seva transformaci\u00f3 en Eum\u00e8nides.\",\"breadcrumb\":{\"@id\":\"https:\\\/\\\/iwell-guard.com\\\/ca\\\/erinies\\\/#breadcrumb\"},\"inLanguage\":\"ca\",\"potentialAction\":[{\"@type\":\"ReadAction\",\"target\":[\"https:\\\/\\\/iwell-guard.com\\\/ca\\\/erinies\\\/\"]}]},{\"@type\":\"ImageObject\",\"inLanguage\":\"ca\",\"@id\":\"https:\\\/\\\/iwell-guard.com\\\/ca\\\/erinies\\\/#primaryimage\",\"url\":\"https:\\\/\\\/iwell-guard.com\\\/wp-content\\\/uploads\\\/2026\\\/04\\\/geister_griechenland_erinyen.webp\",\"contentUrl\":\"https:\\\/\\\/iwell-guard.com\\\/wp-content\\\/uploads\\\/2026\\\/04\\\/geister_griechenland_erinyen.webp\",\"width\":1024,\"height\":1536,\"caption\":\"Esperits de la tradici\u00f3 de Gr\u00e8cia.\"},{\"@type\":\"BreadcrumbList\",\"@id\":\"https:\\\/\\\/iwell-guard.com\\\/ca\\\/erinies\\\/#breadcrumb\",\"itemListElement\":[{\"@type\":\"ListItem\",\"position\":1,\"name\":\"Start\",\"item\":\"https:\\\/\\\/iwell-guard.com\\\/ca\\\/?page_id=171333\"},{\"@type\":\"ListItem\",\"position\":2,\"name\":\"Er\u00ednies\"}]},{\"@type\":\"WebSite\",\"@id\":\"https:\\\/\\\/iwell-guard.com\\\/ca\\\/#website\",\"url\":\"https:\\\/\\\/iwell-guard.com\\\/ca\\\/\",\"name\":\"iWell Guard\",\"description\":\"Schutz vor dunklen Einfl\u00fcssen\",\"publisher\":{\"@id\":\"https:\\\/\\\/iwell-guard.com\\\/ca\\\/#organization\"},\"potentialAction\":[{\"@type\":\"SearchAction\",\"target\":{\"@type\":\"EntryPoint\",\"urlTemplate\":\"https:\\\/\\\/iwell-guard.com\\\/ca\\\/?s={search_term_string}\"},\"query-input\":{\"@type\":\"PropertyValueSpecification\",\"valueRequired\":true,\"valueName\":\"search_term_string\"}}],\"inLanguage\":\"ca\"},{\"@type\":\"Organization\",\"@id\":\"https:\\\/\\\/iwell-guard.com\\\/ca\\\/#organization\",\"name\":\"Ittermann electronic GmbH\",\"url\":\"https:\\\/\\\/iwell-guard.com\\\/ca\\\/\",\"logo\":{\"@type\":\"ImageObject\",\"inLanguage\":\"ca\",\"@id\":\"https:\\\/\\\/iwell-guard.com\\\/ca\\\/#\\\/schema\\\/logo\\\/image\\\/\",\"url\":\"https:\\\/\\\/iwell-guard.com\\\/wp-content\\\/uploads\\\/2026\\\/05\\\/Ittermann-Logo-1182x237-1.png\",\"contentUrl\":\"https:\\\/\\\/iwell-guard.com\\\/wp-content\\\/uploads\\\/2026\\\/05\\\/Ittermann-Logo-1182x237-1.png\",\"width\":1182,\"height\":237,\"caption\":\"Ittermann electronic GmbH\"},\"image\":{\"@id\":\"https:\\\/\\\/iwell-guard.com\\\/ca\\\/#\\\/schema\\\/logo\\\/image\\\/\"},\"sameAs\":[\"https:\\\/\\\/pantip.com\\\/profile\\\/9367242\",\"https:\\\/\\\/micro.blog\\\/iwellguard\",\"https:\\\/\\\/www.diggerslist.com\\\/iwellguard\\\/about\",\"https:\\\/\\\/skitterphoto.com\\\/photographers\\\/2870314\\\/iwell-guard\",\"https:\\\/\\\/iwellguard.wordpress.com\\\/2026\\\/06\\\/06\\\/iwell-guard\\\/\",\"https:\\\/\\\/hub.docker.com\\\/u\\\/iwellguard\",\"https:\\\/\\\/www.pinterest.com\\\/iwellguard\\\/\",\"https:\\\/\\\/bit.ly\\\/m\\\/iwellguard\",\"https:\\\/\\\/entre-vos-mains.alsace.eu\\\/profiles\\\/iwellguard\\\/activity\",\"https:\\\/\\\/gravatar.com\\\/reallybeded8fd34\",\"https:\\\/\\\/naijamatta.com\\\/iwellguard\",\"https:\\\/\\\/www.goodreads.com\\\/iwellguard\",\"https:\\\/\\\/profile.hatena.ne.jp\\\/iwellguard\\\/\",\"https:\\\/\\\/experiment.com\\\/users\\\/iwellguard\",\"https:\\\/\\\/wakelet.com\\\/@iWellGuard82270\",\"https:\\\/\\\/www.chordie.com\\\/forum\\\/profile.php?id=2555664\",\"https:\\\/\\\/www.instapaper.com\\\/p\\\/17757966\",\"https:\\\/\\\/www.mapleprimes.com\\\/users\\\/iwellguard\",\"https:\\\/\\\/businesslistingplus.com\\\/profile\\\/iwell-guard\\\/\",\"https:\\\/\\\/telegra.ph\\\/iWell-Guard-06-06\",\"https:\\\/\\\/pbase.com\\\/iwellguard\\\/iwellguard\",\"https:\\\/\\\/b.hatena.ne.jp\\\/iwellguard\\\/20260607#bookmark-4788405196491818882\",\"https:\\\/\\\/fliphtml5.com\\\/home\\\/iwellguard\",\"https:\\\/\\\/anyflip.com\\\/homepage\\\/cmiwl#About\",\"https:\\\/\\\/transfur.com\\\/Users\\\/iwellguard\",\"http:\\\/\\\/delphi.larsbo.org\\\/user\\\/iwellguard\",\"https:\\\/\\\/jobs.lajobsportal.org\\\/profiles\\\/8380803-iwell-guard\",\"https:\\\/\\\/md.chaosdorf.de\\\/s\\\/jfbe5SBdJD\",\"https:\\\/\\\/www.lingvolive.com\\\/en-us\\\/profile\\\/9ecaeaca-ce11-4e51-9e71-01d55e2bff36\\\/translations\",\"https:\\\/\\\/www.fitday.com\\\/fitness\\\/forums\\\/members\\\/iwellguard.html\",\"https:\\\/\\\/www.mymeetbook.com\\\/iwellguard\",\"https:\\\/\\\/pxhere.com\\\/en\\\/photographer-me\\\/5040798\",\"https:\\\/\\\/disqus.com\\\/by\\\/iwellguard\\\/about\\\/\",\"https:\\\/\\\/pastelink.net\\\/hjwciqwq\",\"https:\\\/\\\/pubhtml5.com\\\/homepage\\\/scjhn\\\/\",\"https:\\\/\\\/www.bitchute.com\\\/channel\\\/2O2eOKzNqujT\",\"https:\\\/\\\/audiomack.com\\\/iwellguard\"]},{\"@type\":\"Article\",\"@id\":\"https:\\\/\\\/iwell-guard.com\\\/ca\\\/erinies\\\/#article\",\"isPartOf\":{\"@id\":\"https:\\\/\\\/iwell-guard.com\\\/ca\\\/erinies\\\/\"},\"author\":{\"name\":\"Ralf Ittermann\",\"@id\":\"https:\\\/\\\/iwell-guard.com\\\/ca\\\/#\\\/schema\\\/person\\\/ee2a27f1cac3406c7c6fb5820cb7349f\"},\"headline\":\"Er\u00ednies\",\"datePublished\":\"2026-09-05T15:38:41+00:00\",\"dateModified\":\"2026-09-05T15:54:45+00:00\",\"mainEntityOfPage\":{\"@id\":\"https:\\\/\\\/iwell-guard.com\\\/ca\\\/erinies\\\/\"},\"publisher\":{\"@id\":\"https:\\\/\\\/iwell-guard.com\\\/ca\\\/#organization\"},\"image\":{\"@id\":\"https:\\\/\\\/iwell-guard.com\\\/ca\\\/erinies\\\/#primaryimage\"},\"thumbnailUrl\":\"https:\\\/\\\/iwell-guard.com\\\/wp-content\\\/uploads\\\/2026\\\/04\\\/geister_griechenland_erinyen.webp\",\"inLanguage\":\"ca\",\"description\":\"Er\u00ednies, les venjadores de la mitologia grega. Perseguidores de la culpa de sang, relaci\u00f3 amb l'Orest\u00edada d'\u00c8squil i la seva transformaci\u00f3 en Eum\u00e8nides.\"}]}<\/script>\n<!-- \/ Yoast SEO Premium plugin. -->","yoast_head_json":{"title":"Er\u00ednies - Les venjadores, perseguidores de la culpa de sang","description":"Er\u00ednies, les venjadores de la mitologia grega. Perseguidores de la culpa de sang, relaci\u00f3 amb l'Orest\u00edada d'\u00c8squil i la seva transformaci\u00f3 en Eum\u00e8nides.","robots":{"index":"index","follow":"follow","max-snippet":"max-snippet:-1","max-image-preview":"max-image-preview:large","max-video-preview":"max-video-preview:-1"},"canonical":"https:\/\/iwell-guard.com\/ca\/erinies\/","og_locale":"ca_ES","og_type":"article","og_title":"Er\u00ednies","og_description":"Er\u00ednies, les venjadores de la mitologia grega. Perseguidores de la culpa de sang, relaci\u00f3 amb l'Orest\u00edada d'\u00c8squil i la seva transformaci\u00f3 en Eum\u00e8nides.","og_url":"https:\/\/iwell-guard.com\/ca\/erinies\/","og_site_name":"iWell Guard","article_modified_time":"2026-09-05T15:54:45+00:00","og_image":[{"width":1024,"height":1536,"url":"https:\/\/iwell-guard.com\/wp-content\/uploads\/2026\/04\/geister_griechenland_erinyen.webp","type":"image\/webp"}],"twitter_card":"summary_large_image","schema":{"@context":"https:\/\/schema.org","@graph":[{"@type":"Article","@id":"https:\/\/iwell-guard.com\/ca\/erinies\/#article","isPartOf":{"@id":"https:\/\/iwell-guard.com\/ca\/erinies\/"},"author":{"name":"Ralf Ittermann","@id":"https:\/\/iwell-guard.com\/ca\/#\/schema\/person\/ee2a27f1cac3406c7c6fb5820cb7349f"},"headline":"Er\u00ednies","datePublished":"2026-09-05T15:38:41+00:00","dateModified":"2026-09-05T15:54:45+00:00","mainEntityOfPage":{"@id":"https:\/\/iwell-guard.com\/ca\/erinies\/"},"publisher":{"@id":"https:\/\/iwell-guard.com\/ca\/#organization"},"image":{"@id":"https:\/\/iwell-guard.com\/ca\/erinies\/#primaryimage"},"thumbnailUrl":"https:\/\/iwell-guard.com\/wp-content\/uploads\/2026\/04\/geister_griechenland_erinyen.webp","inLanguage":"ca","description":"Er\u00ednies, les venjadores de la mitologia grega. Perseguidores de la culpa de sang, relaci\u00f3 amb l'Orest\u00edada d'\u00c8squil i la seva transformaci\u00f3 en Eum\u00e8nides."},{"@type":"WebPage","@id":"https:\/\/iwell-guard.com\/ca\/erinies\/","url":"https:\/\/iwell-guard.com\/ca\/erinies\/","name":"Er\u00ednies - Les venjadores, perseguidores de la culpa de sang","isPartOf":{"@id":"https:\/\/iwell-guard.com\/ca\/#website"},"primaryImageOfPage":{"@id":"https:\/\/iwell-guard.com\/ca\/erinies\/#primaryimage"},"image":{"@id":"https:\/\/iwell-guard.com\/ca\/erinies\/#primaryimage"},"thumbnailUrl":"https:\/\/iwell-guard.com\/wp-content\/uploads\/2026\/04\/geister_griechenland_erinyen.webp","datePublished":"2026-09-05T15:38:41+00:00","dateModified":"2026-09-05T15:54:45+00:00","description":"Er\u00ednies, les venjadores de la mitologia grega. Perseguidores de la culpa de sang, relaci\u00f3 amb l'Orest\u00edada d'\u00c8squil i la seva transformaci\u00f3 en Eum\u00e8nides.","breadcrumb":{"@id":"https:\/\/iwell-guard.com\/ca\/erinies\/#breadcrumb"},"inLanguage":"ca","potentialAction":[{"@type":"ReadAction","target":["https:\/\/iwell-guard.com\/ca\/erinies\/"]}]},{"@type":"ImageObject","inLanguage":"ca","@id":"https:\/\/iwell-guard.com\/ca\/erinies\/#primaryimage","url":"https:\/\/iwell-guard.com\/wp-content\/uploads\/2026\/04\/geister_griechenland_erinyen.webp","contentUrl":"https:\/\/iwell-guard.com\/wp-content\/uploads\/2026\/04\/geister_griechenland_erinyen.webp","width":1024,"height":1536,"caption":"Esperits de la tradici\u00f3 de Gr\u00e8cia."},{"@type":"BreadcrumbList","@id":"https:\/\/iwell-guard.com\/ca\/erinies\/#breadcrumb","itemListElement":[{"@type":"ListItem","position":1,"name":"Start","item":"https:\/\/iwell-guard.com\/ca\/?page_id=171333"},{"@type":"ListItem","position":2,"name":"Er\u00ednies"}]},{"@type":"WebSite","@id":"https:\/\/iwell-guard.com\/ca\/#website","url":"https:\/\/iwell-guard.com\/ca\/","name":"iWell Guard","description":"Schutz vor dunklen Einfl\u00fcssen","publisher":{"@id":"https:\/\/iwell-guard.com\/ca\/#organization"},"potentialAction":[{"@type":"SearchAction","target":{"@type":"EntryPoint","urlTemplate":"https:\/\/iwell-guard.com\/ca\/?s={search_term_string}"},"query-input":{"@type":"PropertyValueSpecification","valueRequired":true,"valueName":"search_term_string"}}],"inLanguage":"ca"},{"@type":"Organization","@id":"https:\/\/iwell-guard.com\/ca\/#organization","name":"Ittermann electronic GmbH","url":"https:\/\/iwell-guard.com\/ca\/","logo":{"@type":"ImageObject","inLanguage":"ca","@id":"https:\/\/iwell-guard.com\/ca\/#\/schema\/logo\/image\/","url":"https:\/\/iwell-guard.com\/wp-content\/uploads\/2026\/05\/Ittermann-Logo-1182x237-1.png","contentUrl":"https:\/\/iwell-guard.com\/wp-content\/uploads\/2026\/05\/Ittermann-Logo-1182x237-1.png","width":1182,"height":237,"caption":"Ittermann electronic GmbH"},"image":{"@id":"https:\/\/iwell-guard.com\/ca\/#\/schema\/logo\/image\/"},"sameAs":["https:\/\/pantip.com\/profile\/9367242","https:\/\/micro.blog\/iwellguard","https:\/\/www.diggerslist.com\/iwellguard\/about","https:\/\/skitterphoto.com\/photographers\/2870314\/iwell-guard","https:\/\/iwellguard.wordpress.com\/2026\/06\/06\/iwell-guard\/","https:\/\/hub.docker.com\/u\/iwellguard","https:\/\/www.pinterest.com\/iwellguard\/","https:\/\/bit.ly\/m\/iwellguard","https:\/\/entre-vos-mains.alsace.eu\/profiles\/iwellguard\/activity","https:\/\/gravatar.com\/reallybeded8fd34","https:\/\/naijamatta.com\/iwellguard","https:\/\/www.goodreads.com\/iwellguard","https:\/\/profile.hatena.ne.jp\/iwellguard\/","https:\/\/experiment.com\/users\/iwellguard","https:\/\/wakelet.com\/@iWellGuard82270","https:\/\/www.chordie.com\/forum\/profile.php?id=2555664","https:\/\/www.instapaper.com\/p\/17757966","https:\/\/www.mapleprimes.com\/users\/iwellguard","https:\/\/businesslistingplus.com\/profile\/iwell-guard\/","https:\/\/telegra.ph\/iWell-Guard-06-06","https:\/\/pbase.com\/iwellguard\/iwellguard","https:\/\/b.hatena.ne.jp\/iwellguard\/20260607#bookmark-4788405196491818882","https:\/\/fliphtml5.com\/home\/iwellguard","https:\/\/anyflip.com\/homepage\/cmiwl#About","https:\/\/transfur.com\/Users\/iwellguard","http:\/\/delphi.larsbo.org\/user\/iwellguard","https:\/\/jobs.lajobsportal.org\/profiles\/8380803-iwell-guard","https:\/\/md.chaosdorf.de\/s\/jfbe5SBdJD","https:\/\/www.lingvolive.com\/en-us\/profile\/9ecaeaca-ce11-4e51-9e71-01d55e2bff36\/translations","https:\/\/www.fitday.com\/fitness\/forums\/members\/iwellguard.html","https:\/\/www.mymeetbook.com\/iwellguard","https:\/\/pxhere.com\/en\/photographer-me\/5040798","https:\/\/disqus.com\/by\/iwellguard\/about\/","https:\/\/pastelink.net\/hjwciqwq","https:\/\/pubhtml5.com\/homepage\/scjhn\/","https:\/\/www.bitchute.com\/channel\/2O2eOKzNqujT","https:\/\/audiomack.com\/iwellguard"]},{"@type":"Person","@id":"https:\/\/iwell-guard.com\/ca\/#\/schema\/person\/ee2a27f1cac3406c7c6fb5820cb7349f","name":"Ralf Ittermann","image":{"@type":"ImageObject","inLanguage":"ca","@id":"https:\/\/secure.gravatar.com\/avatar\/073c0153e350a5005b68eb752b445fea71f6b24a26da9449ad7e155e6b446c9d?s=96&d=mm&r=g","url":"https:\/\/secure.gravatar.com\/avatar\/073c0153e350a5005b68eb752b445fea71f6b24a26da9449ad7e155e6b446c9d?s=96&d=mm&r=g","contentUrl":"https:\/\/secure.gravatar.com\/avatar\/073c0153e350a5005b68eb752b445fea71f6b24a26da9449ad7e155e6b446c9d?s=96&d=mm&r=g","caption":"Ralf Ittermann"},"givenName":"Ralf","familyName":"Ittermann","jobTitle":"Gesch\u00e4ftsf\u00fchrer und redaktioneller Verantwortlicher","url":"https:\/\/iwell-guard.com\/ca\/author\/claude\/","description":"Ralf Ittermann ist Gesch\u00e4ftsf\u00fchrer der Ittermann electronic GmbH und redaktioneller Verantwortlicher des iWell-Guard-Lexikons. Er verbindet langj\u00e4hrige Erfahrung in der Pr\u00e4zisionsfertigung mit medialer Praxis und religionsgeschichtlicher Quellenarbeit.","worksFor":{"@type":"Organization","name":"Ittermann electronic GmbH","url":"https:\/\/ittermann.de\/","address":{"@type":"PostalAddress","streetAddress":"K\u00f6hlergasse 16-18","postalCode":"99842","addressLocality":"Ruhla","addressCountry":"DE"}},"knowsAbout":["Religionsgeschichte","Mythologie","Mediale Praxis","Energetische Diagnostik","Schutzpraxis","Volksglauben","Westliche Esoterik"]},{"@type":"Article","@id":"https:\/\/iwell-guard.com\/ca\/erinies\/#article","isPartOf":{"@id":"https:\/\/iwell-guard.com\/ca\/erinies\/"},"author":{"name":"Ralf Ittermann","@id":"https:\/\/iwell-guard.com\/ca\/#\/schema\/person\/ee2a27f1cac3406c7c6fb5820cb7349f"},"headline":"Er\u00ednies","datePublished":"2026-09-05T15:38:41+00:00","dateModified":"2026-09-05T15:54:45+00:00","mainEntityOfPage":{"@id":"https:\/\/iwell-guard.com\/ca\/erinies\/"},"publisher":{"@id":"https:\/\/iwell-guard.com\/ca\/#organization"},"image":{"@id":"https:\/\/iwell-guard.com\/ca\/erinies\/#primaryimage"},"thumbnailUrl":"https:\/\/iwell-guard.com\/wp-content\/uploads\/2026\/04\/geister_griechenland_erinyen.webp","inLanguage":"ca","description":"Er\u00ednies, les venjadores de la mitologia grega. Perseguidores de la culpa de sang, relaci\u00f3 amb l'Orest\u00edada d'\u00c8squil i la seva transformaci\u00f3 en Eum\u00e8nides."}]}},"_links":{"self":[{"href":"https:\/\/iwell-guard.com\/ca\/wp-json\/wp\/v2\/pages\/171353","targetHints":{"allow":["GET"]}}],"collection":[{"href":"https:\/\/iwell-guard.com\/ca\/wp-json\/wp\/v2\/pages"}],"about":[{"href":"https:\/\/iwell-guard.com\/ca\/wp-json\/wp\/v2\/types\/page"}],"author":[{"embeddable":true,"href":"https:\/\/iwell-guard.com\/ca\/wp-json\/wp\/v2\/users\/3"}],"replies":[{"embeddable":true,"href":"https:\/\/iwell-guard.com\/ca\/wp-json\/wp\/v2\/comments?post=171353"}],"version-history":[{"count":0,"href":"https:\/\/iwell-guard.com\/ca\/wp-json\/wp\/v2\/pages\/171353\/revisions"}],"wp:featuredmedia":[{"embeddable":true,"href":"https:\/\/iwell-guard.com\/ca\/wp-json\/wp\/v2\/media\/1682"}],"wp:attachment":[{"href":"https:\/\/iwell-guard.com\/ca\/wp-json\/wp\/v2\/media?parent=171353"}],"wp:term":[{"taxonomy":"category","embeddable":true,"href":"https:\/\/iwell-guard.com\/ca\/wp-json\/wp\/v2\/categories?post=171353"}],"curies":[{"name":"wp","href":"https:\/\/api.w.org\/{rel}","templated":true}]}}