{"id":171350,"date":"2026-09-05T15:38:39","date_gmt":"2026-09-05T15:38:39","guid":{"rendered":"https:\/\/iwell-guard.com\/?page_id=171350"},"modified":"2026-09-05T15:54:36","modified_gmt":"2026-09-05T15:54:36","slug":"lamia","status":"publish","type":"page","link":"https:\/\/iwell-guard.com\/ca\/lamia\/","title":{"rendered":"Lamia"},"content":{"rendered":"\t\t<div data-elementor-type=\"wp-page\" data-elementor-id=\"171350\" class=\"elementor elementor-171350 elementor-839\" data-elementor-post-type=\"page\">\n\t\t\t\t<div class=\"elementor-element elementor-element-10fdade e-flex e-con-boxed e-con e-parent\" data-id=\"10fdade\" data-element_type=\"container\" data-e-type=\"container\" data-settings=\"{&quot;background_background&quot;:&quot;classic&quot;}\">\n\t\t\t\t\t<div class=\"e-con-inner\">\n\t\t<div class=\"elementor-element elementor-element-herohlft0 e-flex e-con-boxed e-con e-child\" data-id=\"herohlft0\" data-element_type=\"container\" data-e-type=\"container\">\n\t\t\t\t\t<div class=\"e-con-inner\">\n\t\t<div class=\"elementor-element elementor-element-c3ceb64 e-con-full e-flex e-con e-child\" data-id=\"c3ceb64\" data-element_type=\"container\" data-e-type=\"container\">\n\t\t\t\t<div class=\"elementor-element elementor-element-96ae5e1 elementor-widget elementor-widget-heading\" data-id=\"96ae5e1\" data-element_type=\"widget\" data-e-type=\"widget\" data-widget_type=\"heading.default\">\n\t\t\t\t\t<h1 class=\"elementor-heading-title elementor-size-default\">Lamia, dimoni de la tradici\u00f3 grega<\/h1>\t\t\t\t<\/div>\n\t\t\t\t<div class=\"elementor-element elementor-element-e45238a elementor-widget elementor-widget-text-editor\" data-id=\"e45238a\" data-element_type=\"widget\" data-e-type=\"widget\" data-widget_type=\"text-editor.default\">\n\t\t\t\t\t\t\t\t\t<p>Lamia \u00e9s un dimoni de la tradici\u00f3 grega.<\/p><p><strong>Dimoni de sobrepart i seductora, la cara fosca dels mites er\u00f2tics.<\/strong><\/p>\t\t\t\t\t\t\t\t<\/div>\n\t\t\t\t<\/div>\n\t\t<div class=\"elementor-element elementor-element-klsbdg01 e-con-full e-flex e-con e-parent\" data-id=\"klsbdg01\" data-element_type=\"container\" data-e-type=\"container\">\n\t\t\t\t<div class=\"elementor-element elementor-element-klshtm01 elementor-widget elementor-widget-html\" data-id=\"klshtm01\" data-element_type=\"widget\" data-e-type=\"widget\" data-widget_type=\"html.default\">\n\t\t\t\t\t<div class=\"iwg-pill-row\"><span class=\"iwg-klasse-badge\" tabindex=\"0\" data-tooltip=\"Dimoni: \u00e9sser sobrenatural amb efecte generalment nociu o ambivalent. Se situa entre d\u00e9us i humans, causa malaltia, temptaci\u00f3 o desgr\u00e0cia i s'allunya mitjan\u00e7ant conjurs, apotropaics i rituals.\">Dimoni<\/span><a href=\"https:\/\/iwell-guard.com\/ca\/?page_id=171347\" class=\"iwg-kultur-badge\" tabindex=\"0\" data-tooltip=\"Religi\u00f3 i mitologia de la Gr\u00e8cia antiga des de l'\u00e8poca mic\u00e8nica fins a l'antiguitat tardana.\">Gr\u00e8cia<\/a><\/div>\t\t\t\t<\/div>\n\t\t\t\t<\/div>\n\t\t<div class=\"elementor-element elementor-element-3f74855 e-con-full e-flex e-con e-child\" data-id=\"3f74855\" data-element_type=\"container\" data-e-type=\"container\">\n\t\t\t\t<div class=\"elementor-element elementor-element-1c30362 elementor-toc--minimized-on-tablet elementor-widget elementor-widget-table-of-contents\" data-id=\"1c30362\" data-element_type=\"widget\" data-e-type=\"widget\" data-settings=\"{&quot;exclude_headings_by_selector&quot;:[],&quot;no_headings_message&quot;:&quot;No s&#039;ha trobat cap encap\\u00e7alament en aquesta p\\u00e0gina.&quot;,&quot;headings_by_tags&quot;:[&quot;h2&quot;,&quot;h3&quot;],&quot;marker_view&quot;:&quot;bullets&quot;,&quot;icon&quot;:{&quot;value&quot;:&quot;fas fa-circle&quot;,&quot;library&quot;:&quot;fa-solid&quot;,&quot;rendered_tag&quot;:&quot;&lt;svg class=\\&quot;e-font-icon-svg e-fas-circle\\&quot; viewBox=\\&quot;0 0 512 512\\&quot; xmlns=\\&quot;http:\\\/\\\/www.w3.org\\\/2000\\\/svg\\&quot;&gt;&lt;path d=\\&quot;M256 8C119 8 8 119 8 256s111 248 248 248 248-111 248-248S393 8 256 8z\\&quot;&gt;&lt;\\\/path&gt;&lt;\\\/svg&gt;&quot;},&quot;minimize_box&quot;:&quot;yes&quot;,&quot;minimized_on&quot;:&quot;tablet&quot;,&quot;hierarchical_view&quot;:&quot;yes&quot;,&quot;min_height&quot;:{&quot;unit&quot;:&quot;px&quot;,&quot;size&quot;:&quot;&quot;,&quot;sizes&quot;:[]},&quot;min_height_tablet&quot;:{&quot;unit&quot;:&quot;px&quot;,&quot;size&quot;:&quot;&quot;,&quot;sizes&quot;:[]},&quot;min_height_mobile&quot;:{&quot;unit&quot;:&quot;px&quot;,&quot;size&quot;:&quot;&quot;,&quot;sizes&quot;:[]}}\" data-widget_type=\"table-of-contents.default\">\n\t\t\t\t\t\t\t\t\t<div class=\"elementor-toc__header\">\n\t\t\t\t\t\t<h2 class=\"elementor-toc__header-title\">\n\t\t\t\t\u00cdndex\t\t\t<\/h2>\n\t\t\t\t\t\t\t\t\t\t<div class=\"elementor-toc__toggle-button elementor-toc__toggle-button--expand\" role=\"button\" tabindex=\"0\" aria-controls=\"elementor-toc__1c30362\" aria-expanded=\"true\" aria-label=\"Open table of contents\"><svg aria-hidden=\"true\" class=\"e-font-icon-svg e-fas-chevron-down\" viewBox=\"0 0 448 512\" xmlns=\"http:\/\/www.w3.org\/2000\/svg\"><path d=\"M207.029 381.476L12.686 187.132c-9.373-9.373-9.373-24.569 0-33.941l22.667-22.667c9.357-9.357 24.522-9.375 33.901-.04L224 284.505l154.745-154.021c9.379-9.335 24.544-9.317 33.901.04l22.667 22.667c9.373 9.373 9.373 24.569 0 33.941L240.971 381.476c-9.373 9.372-24.569 9.372-33.942 0z\"><\/path><\/svg><\/div>\n\t\t\t\t<div class=\"elementor-toc__toggle-button elementor-toc__toggle-button--collapse\" role=\"button\" tabindex=\"0\" aria-controls=\"elementor-toc__1c30362\" aria-expanded=\"true\" aria-label=\"Close table of contents\"><svg aria-hidden=\"true\" class=\"e-font-icon-svg e-fas-chevron-up\" viewBox=\"0 0 448 512\" xmlns=\"http:\/\/www.w3.org\/2000\/svg\"><path d=\"M240.971 130.524l194.343 194.343c9.373 9.373 9.373 24.569 0 33.941l-22.667 22.667c-9.357 9.357-24.522 9.375-33.901.04L224 227.495 69.255 381.516c-9.379 9.335-24.544 9.317-33.901-.04l-22.667-22.667c-9.373-9.373-9.373-24.569 0-33.941L207.03 130.525c9.372-9.373 24.568-9.373 33.941-.001z\"><\/path><\/svg><\/div>\n\t\t\t\t\t<\/div>\n\t\t\t\t<div id=\"elementor-toc__1c30362\" class=\"elementor-toc__body\">\n\t\t\t<div class=\"elementor-toc__spinner-container\">\n\t\t\t\t<svg class=\"elementor-toc__spinner eicon-animation-spin e-font-icon-svg e-eicon-loading\" aria-hidden=\"true\" viewBox=\"0 0 1000 1000\" xmlns=\"http:\/\/www.w3.org\/2000\/svg\"><path d=\"M500 975V858C696 858 858 696 858 500S696 142 500 142 142 304 142 500H25C25 237 238 25 500 25S975 237 975 500 763 975 500 975Z\"><\/path><\/svg>\t\t\t<\/div>\n\t\t<\/div>\n\t\t\t\t\t\t<\/div>\n\t\t\t\t<\/div>\n\t\t\t\t\t<\/div>\n\t\t\t\t<\/div>\n\t\t<div class=\"elementor-element elementor-element-herorght0 e-con-full e-flex e-con e-child\" data-id=\"herorght0\" data-element_type=\"container\" data-e-type=\"container\">\n\t\t\t\t<div class=\"elementor-element elementor-element-heroimg00 iwg-hero-image elementor-widget elementor-widget-image\" data-id=\"heroimg00\" data-element_type=\"widget\" data-e-type=\"widget\" data-widget_type=\"image.default\">\n\t\t\t\t\t\t\t\t\t\t\t\t\t\t\t<img fetchpriority=\"high\" decoding=\"async\" width=\"683\" height=\"1024\" src=\"https:\/\/iwell-guard.com\/wp-content\/uploads\/2026\/04\/daemonen_griechenland_lamia-683x1024.webp\" class=\"attachment-large size-large wp-image-1700\" alt=\"Lamia\" srcset=\"https:\/\/iwell-guard.com\/wp-content\/uploads\/2026\/04\/daemonen_griechenland_lamia-683x1024.webp 683w, https:\/\/iwell-guard.com\/wp-content\/uploads\/2026\/04\/daemonen_griechenland_lamia-200x300.webp 200w, https:\/\/iwell-guard.com\/wp-content\/uploads\/2026\/04\/daemonen_griechenland_lamia-768x1152.webp 768w, https:\/\/iwell-guard.com\/wp-content\/uploads\/2026\/04\/daemonen_griechenland_lamia.webp 1024w\" sizes=\"(max-width: 683px) 100vw, 683px\" \/>\t\t\t\t\t\t\t\t\t\t\t\t\t\t\t<\/div>\n\t\t\t\t<\/div>\n\t\t\t\t\t<\/div>\n\t\t\t\t<\/div>\n\t\t<div class=\"elementor-element elementor-element-32917199 e-flex e-con-boxed e-con e-parent\" data-id=\"32917199\" data-element_type=\"container\" data-e-type=\"container\">\n\t\t\t\t\t<div class=\"e-con-inner\">\n\t\t<div class=\"elementor-element elementor-element-26e916cb e-flex e-con-boxed e-con e-child\" data-id=\"26e916cb\" data-element_type=\"container\" data-e-type=\"container\">\n\t\t\t\t\t<div class=\"e-con-inner\">\n\t\t<div class=\"elementor-element elementor-element-253a40d4 e-flex e-con-boxed e-con e-child\" data-id=\"253a40d4\" data-element_type=\"container\" data-e-type=\"container\">\n\t\t\t\t\t<div class=\"e-con-inner\">\n\t\t\t\t<div class=\"elementor-element elementor-element-1200c304 elementor-widget elementor-widget-heading\" data-id=\"1200c304\" data-element_type=\"widget\" data-e-type=\"widget\" data-widget_type=\"heading.default\">\n\t\t\t\t\t<div class=\"elementor-heading-title elementor-size-default\">Lamia<\/div>\t\t\t\t<\/div>\n\t\t\t\t<div class=\"elementor-element elementor-element-11758e7f elementor-widget elementor-widget-text-editor\" data-id=\"11758e7f\" data-element_type=\"widget\" data-e-type=\"widget\" data-widget_type=\"text-editor.default\">\n\t\t\t\t\t\t\t\t\t<p>Lamia \u00e9s la figura individual grega d&#8217;una dimoni assassina d&#8217;infants, el nom de la qual esdev\u00e9 m\u00e9s tard un terme gen\u00e8ric. Segons el mite, era una antiga reina l\u00edbia, amant de Zeus, els fills de la qual van ser assassinats per la gelosa Hera, arran del qual Lamia esdev\u00e9 una dona folla que a partir de llavors devora infants aliens.<\/p><p>De la figura individual sorgeix, en l&#8217;<span class=\"iwg-fachbegriff\" data-tooltip=\"\u00c8poca de transici\u00f3 entre l'antiguitat i l'edat mitjana, aproximadament del segle III al VII.\" tabindex=\"0\">antiguitat tardana<\/span> romana, la classe de les <a href=\"https:\/\/iwell-guard.com\/ca\/?page_id=171358\">Lamiae<\/a>; a l&#8217;edat mitjana, <em>lamia<\/em> es converteix en terme teol\u00f2gic per a dimonis i bruixes. En la tradici\u00f3 posterior, especialment en el segle XIX victori\u00e0 (Keats, Burne-Jones), Lamia es transforma en la seductora demon\u00edacament bella amb cos de serp.<\/p>\t\t\t\t\t\t\t\t<\/div>\n\t\t\t\t\t<\/div>\n\t\t\t\t<\/div>\n\t\t<div class=\"elementor-element elementor-element-159dcf9a e-flex e-con-boxed e-con e-child\" data-id=\"159dcf9a\" data-element_type=\"container\" data-e-type=\"container\">\n\t\t\t\t\t<div class=\"e-con-inner\">\n\t\t\t\t<div class=\"elementor-element elementor-element-48cee66f elementor-widget elementor-widget-heading\" data-id=\"48cee66f\" data-element_type=\"widget\" data-e-type=\"widget\" data-widget_type=\"heading.default\">\n\t\t\t\t\t<h2 class=\"elementor-heading-title elementor-size-default\">Resum r\u00e0pid: Lamia<\/h2>\t\t\t\t<\/div>\n\t\t\t\t<div class=\"elementor-element elementor-element-3f50d82c elementor-widget elementor-widget-text-editor\" data-id=\"3f50d82c\" data-element_type=\"widget\" data-e-type=\"widget\" data-widget_type=\"text-editor.default\">\n\t\t\t\t\t\t\t\t\t<p><strong>Tipus:<\/strong> Dimoni de sobrepart, seductora<br>Origen: L\u00edbia\/Nord d&#8217;\u00c0frica en una <span class=\"iwg-fachbegriff\" data-tooltip=\"Un relat transm\u00e8s amb sovint un nucli hist\u00f2ric i trets meravellosos.\" tabindex=\"0\">llegenda<\/span> antiga; filla de Posid\u00f3 o de Belos; amant de Zeus<br>Textos: Arist\u00f2fanes, Diodor, Horaci, Fil\u00f2strat, relats populars<br>Per\u00edode: de l&#8217;arcaisme fins a l&#8217;<span class=\"iwg-fachbegriff\" data-tooltip=\"\u00c8poca de transici\u00f3 entre l'antiguitat i l'edat mitjana, aproximadament del segle III al VII.\" tabindex=\"0\">antiguitat tardana<\/span><br>Difusi\u00f3: Gr\u00e8cia, Roma, m\u00f3n bizant\u00ed<br>Protecci\u00f3: f\u00f3rmules protectores, amulets de sobrepart, noms d&#8217;\u00e0ngels en la recepci\u00f3 judeocristiana<\/p>\t\t\t\t\t\t\t\t<\/div>\n\t\t\t\t\t<\/div>\n\t\t\t\t<\/div>\n\t\t\t\t\t<\/div>\n\t\t\t\t<\/div>\n\t\t\t\t\t<\/div>\n\t\t\t\t<\/div>\n\t\t<div class=\"elementor-element elementor-element-18613602 e-flex e-con-boxed e-con e-parent\" data-id=\"18613602\" data-element_type=\"container\" data-e-type=\"container\">\n\t\t\t\t\t<div class=\"e-con-inner\">\n\t\t\t\t<div class=\"elementor-element elementor-element-262b8a9f elementor-widget elementor-widget-heading\" data-id=\"262b8a9f\" data-element_type=\"widget\" data-e-type=\"widget\" data-widget_type=\"heading.default\">\n\t\t\t\t\t<h2 class=\"elementor-heading-title elementor-size-default\">Contextualitzaci\u00f3 hist\u00f2rica<\/h2>\t\t\t\t<\/div>\n\t\t<div class=\"elementor-element elementor-element-46dcb7d e-con-full e-flex e-con e-child\" data-id=\"46dcb7d\" data-element_type=\"container\" data-e-type=\"container\">\n\t\t<div class=\"elementor-element elementor-element-61d3ab3 e-flex e-con-boxed e-con e-child\" data-id=\"61d3ab3\" data-element_type=\"container\" data-e-type=\"container\">\n\t\t\t\t\t<div class=\"e-con-inner\">\n\t\t\t\t<div class=\"elementor-element elementor-element-117c166 elementor-widget elementor-widget-heading\" data-id=\"117c166\" data-element_type=\"widget\" data-e-type=\"widget\" data-widget_type=\"heading.default\">\n\t\t\t\t\t<div class=\"elementor-heading-title elementor-size-default\">Per\u00edode dels textos<\/div>\t\t\t\t<\/div>\n\t\t\t\t<div class=\"elementor-element elementor-element-73997a0 elementor-widget elementor-widget-text-editor\" data-id=\"73997a0\" data-element_type=\"widget\" data-e-type=\"widget\" data-widget_type=\"text-editor.default\">\n\t\t\t\t\t\t\t\t\t<p>Les primeres mencions es troben en Arist\u00f2fanes (segle V a. C.) com a espectre menjador d&#8217;infants; Diodor dona la llegenda d&#8217;origen (L\u00edbia, aventura amb Zeus, maledicci\u00f3 d&#8217;Hera); Horaci i altres autors romans posteriors anomenen Lamia principalment com a classe; textos populars bizantins mantenen viva la figura fins a l&#8217;edat mitjana.<\/p><p><strong>Situaci\u00f3 mitol\u00f2gica<\/strong><\/p><p>Lamia (singular) \u00e9s, en la <span class=\"iwg-fachbegriff\" data-tooltip=\"El conjunt dels relats sobre d\u00e9us transmesos per una cultura.\" tabindex=\"0\">mitologia<\/span> grega, una dona reial convertida en dimoni. Va ser obligada a menjar-se els seus propis fills, cosa que la va tornar folla. \u00c9s una figura de trag\u00e8dia i transformaci\u00f3. No \u00e9s malvada, sin\u00f3 condemnada pel patiment.<\/p>\t\t\t\t\t\t\t\t<\/div>\n\t\t\t\t\t<\/div>\n\t\t\t\t<\/div>\n\t\t<div class=\"elementor-element elementor-element-d47b156 e-flex e-con-boxed e-con e-child\" data-id=\"d47b156\" data-element_type=\"container\" data-e-type=\"container\">\n\t\t\t\t\t<div class=\"e-con-inner\">\n\t\t\t\t<div class=\"elementor-element elementor-element-ff38c2b elementor-widget elementor-widget-heading\" data-id=\"ff38c2b\" data-element_type=\"widget\" data-e-type=\"widget\" data-widget_type=\"heading.default\">\n\t\t\t\t\t<div class=\"elementor-heading-title elementor-size-default\">\u00c0rea de difusi\u00f3<\/div>\t\t\t\t<\/div>\n\t\t\t\t<div class=\"elementor-element elementor-element-4e49fcc elementor-widget elementor-widget-text-editor\" data-id=\"4e49fcc\" data-element_type=\"widget\" data-e-type=\"widget\" data-widget_type=\"text-editor.default\">\n\t\t\t\t\t\t\t\t\t<p>La <span class=\"iwg-fachbegriff\" data-tooltip=\"Un relat transm\u00e8s amb sovint un nucli hist\u00f2ric i trets meravellosos.\" tabindex=\"0\">llegenda<\/span> prov\u00e9 del nord d&#8217;\u00c0frica, viatja aviat a l&#8217;\u00e0mbit cultural grec i despr\u00e9s, a trav\u00e9s de Roma, a tota la Mediterr\u00e0nia. En la tradici\u00f3 bizantina de l&#8217;antiguitat tardana, Lamia continua molt present en la creen\u00e7a popular i sobreviu fins a figures d&#8217;esglai infantil del grec modern.<\/p>\t\t\t\t\t\t\t\t<\/div>\n\t\t\t\t\t<\/div>\n\t\t\t\t<\/div>\n\t\t\t\t<\/div>\n\t\t<div class=\"elementor-element elementor-element-db03c39 e-con-full e-flex e-con e-child\" data-id=\"db03c39\" data-element_type=\"container\" data-e-type=\"container\">\n\t\t<div class=\"elementor-element elementor-element-229a87b e-flex e-con-boxed e-con e-child\" data-id=\"229a87b\" data-element_type=\"container\" data-e-type=\"container\">\n\t\t\t\t\t<div class=\"e-con-inner\">\n\t\t\t\t<div class=\"elementor-element elementor-element-1f471fc elementor-widget elementor-widget-heading\" data-id=\"1f471fc\" data-element_type=\"widget\" data-e-type=\"widget\" data-widget_type=\"heading.default\">\n\t\t\t\t\t<div class=\"elementor-heading-title elementor-size-default\">Estat de les fonts<\/div>\t\t\t\t<\/div>\n\t\t\t\t<div class=\"elementor-element elementor-element-36b1201 elementor-widget elementor-widget-text-editor\" data-id=\"36b1201\" data-element_type=\"widget\" data-e-type=\"widget\" data-widget_type=\"text-editor.default\">\n\t\t\t\t\t\t\t\t\t<p>No hi ha un corpus textual propi. Lamia apareix a la com\u00e8dia, la prosa hist\u00f2rica, la literatura de l&#8217;antiguitat tardana i en papirs m\u00e0gics. La documentaci\u00f3 m\u00e9s densa prov\u00e9 de breus mencions liter\u00e0ries populars, que es mantenen consistents al llarg dels segles.<\/p>\t\t\t\t\t\t\t\t<\/div>\n\t\t\t\t\t<\/div>\n\t\t\t\t<\/div>\n\t\t\t\t<\/div>\n\t\t\t\t\t<\/div>\n\t\t\t\t<\/div>\n\t\t<div class=\"elementor-element elementor-element-3ae0637c e-flex e-con-boxed e-con e-parent\" data-id=\"3ae0637c\" data-element_type=\"container\" data-e-type=\"container\">\n\t\t\t\t\t<div class=\"e-con-inner\">\n\t\t\t\t<div class=\"elementor-element elementor-element-31d07739 elementor-widget elementor-widget-heading\" data-id=\"31d07739\" data-element_type=\"widget\" data-e-type=\"widget\" data-widget_type=\"heading.default\">\n\t\t\t\t\t<h2 class=\"elementor-heading-title elementor-size-default\">Denominaci\u00f3 i grafies<\/h2>\t\t\t\t<\/div>\n\t\t<div class=\"elementor-element elementor-element-b7642947 e-con-full e-flex e-con e-child\" data-id=\"b7642947\" data-element_type=\"container\" data-e-type=\"container\">\n\t\t\t\t<div class=\"elementor-element elementor-element-a086266 elementor-widget elementor-widget-text-editor\" data-id=\"a086266\" data-element_type=\"widget\" data-e-type=\"widget\" data-widget_type=\"text-editor.default\">\n\t\t\t\t\t\t\t\t\t<p><strong>Grec:<\/strong> <em>\u039b\u03ac\u03bc\u03b9\u03b1<\/em> (Lamia), plural <em>Lamiai<\/em>.<br>Llat\u00ed: <em>Lamia<\/em>, sovint en plural <em>Lamiae<\/em>.<br>Etimologia: relacionada amb termes per a \u00abgola\u00bb, \u00abengoliment\u00bb; concorda amb la seva funci\u00f3 d&#8217;assassina d&#8217;infants.<\/p><p>\u00c9s remarcable el canvi entre la figura individual (la Lamia amb biografia pr\u00f2pia) i la classe (les Lamiai com a grup de dimonis assassines d&#8217;infants). Aquesta duplicitat converteix Lamia en un exemple protot\u00edpic del pas de la figura m\u00edtica individual al fantasma popular.<\/p>\t\t\t\t\t\t\t\t<\/div>\n\t\t\t\t<\/div>\n\t\t\t\t\t<\/div>\n\t\t\t\t<\/div>\n\t\t<div class=\"elementor-element elementor-element-709a44a8 e-flex e-con-boxed e-con e-parent\" data-id=\"709a44a8\" data-element_type=\"container\" data-e-type=\"container\">\n\t\t\t\t\t<div class=\"e-con-inner\">\n\t\t\t\t<div class=\"elementor-element elementor-element-2f585873 elementor-widget elementor-widget-heading\" data-id=\"2f585873\" data-element_type=\"widget\" data-e-type=\"widget\" data-widget_type=\"heading.default\">\n\t\t\t\t\t<h2 class=\"elementor-heading-title elementor-size-default\">Caracter\u00edstiques<\/h2>\t\t\t\t<\/div>\n\t\t<div class=\"elementor-element elementor-element-70621c12 e-con-full e-flex e-con e-child\" data-id=\"70621c12\" data-element_type=\"container\" data-e-type=\"container\">\n\t\t\t\t<div class=\"elementor-element elementor-element-4296eb49 elementor-widget elementor-widget-text-editor\" data-id=\"4296eb49\" data-element_type=\"widget\" data-e-type=\"widget\" data-widget_type=\"text-editor.default\">\n\t\t\t\t\t\t\t\t\t<p><strong>Aparen\u00e7a<\/strong><\/p><p>Dif\u00edcil de fixar: l&#8217;espectre iconogr\u00e0fic va de la dona bella a l&#8217;\u00e9sser h\u00edbrid amb cos de serp. En Arist\u00f2fanes i en les com\u00e8dies de l&#8217;\u00e8poca cl\u00e0ssica \u00e9s un dimoni femen\u00ed concret i amb nom propi; en l&#8217;hel\u00b7lenisme i l&#8217;<span class=\"iwg-fachbegriff\" data-tooltip=\"\u00c8poca de transici\u00f3 entre l'antiguitat i l'edat mitjana, aproximadament del segle III al VII.\" tabindex=\"0\">antiguitat tardana<\/span> es torna cada cop m\u00e9s indefinida. La imatge victoriana de la dona serp (John William Waterhouse, John Keats) \u00e9s una s\u00edntesi tardana de Lamia i Equidna.<\/p><p><strong>Comportament<\/strong><\/p><p>Lamia rapta i devora infants aliens. Vaga de nit per les cases, entra a les cambres de dormir, segresta nadons. En algunes versions, alhora sedu\u00efa homes i els llevava la for\u00e7a vital, una barreja del <span class=\"iwg-fachbegriff\" data-tooltip=\"Un element tem\u00e0tic recurrent en l'art o la narrativa.\" tabindex=\"0\">motiu<\/span> de l&#8217;Empusa i la funci\u00f3 de s\u00facube. A causa de la seva vigil\u00e0ncia (no pot dormir perqu\u00e8 Hera la va maleir), \u00e9s activa tant de dia com de nit.<\/p><p><strong>\u00c0mbit d&#8217;acci\u00f3<\/strong><\/p><p>Mort de nadons, mort al bressol, follia de la mare, p\u00e8rdua de for\u00e7a vital masculina, malsons. En la interpretaci\u00f3 popular arcaica, tamb\u00e9 les morts sobtades inexplicables de nadons. Com a figura did\u00e0ctico-pedag\u00f2gica, serveix des de l&#8217;\u00e8poca cl\u00e0ssica com a amena\u00e7a contra els infants desobedients.<\/p><p><strong>Aparen\u00e7a i simbolisme<\/strong><\/p><p>Lamia es representa amb el tors d&#8217;una dona bell\u00edssima, trista o furiosa, i la part inferior del cos de serp. De vegades tot l&#8217;\u00e9sser \u00e9s serpent\u00ed. T\u00e9 una bellesa i for\u00e7a sobrenaturals. L&#8217;element serpent\u00ed \u00e9s central: transformaci\u00f3 i ver\u00ed.<\/p>\t\t\t\t\t\t\t\t<\/div>\n\t\t\t\t<\/div>\n\t\t\t\t\t<\/div>\n\t\t\t\t<\/div>\n\t\t<div class=\"elementor-element elementor-element-44e71476 e-flex e-con-boxed e-con e-parent\" data-id=\"44e71476\" data-element_type=\"container\" data-e-type=\"container\">\n\t\t\t\t\t<div class=\"e-con-inner\">\n\t\t\t\t<div class=\"elementor-element elementor-element-3c1fc3f0 elementor-widget elementor-widget-heading\" data-id=\"3c1fc3f0\" data-element_type=\"widget\" data-e-type=\"widget\" data-widget_type=\"heading.default\">\n\t\t\t\t\t<h2 class=\"elementor-heading-title elementor-size-default\">Fitxa: Lamia<\/h2>\t\t\t\t<\/div>\n\t\t<div class=\"elementor-element elementor-element-84f33b8e e-con-full e-flex e-con e-child\" data-id=\"84f33b8e\" data-element_type=\"container\" data-e-type=\"container\">\n\t\t\t\t<div class=\"elementor-element elementor-element-hqkdc67p elementor-widget elementor-widget-text-editor\" data-id=\"hqkdc67p\" data-element_type=\"widget\" data-e-type=\"widget\" data-widget_type=\"text-editor.default\">\n\t\t\t\t\t\t\t\t\t<p>Els aspectes m\u00e9s importants de Lamia d&#8217;un cop d&#8217;ull. Trobareu el desenvolupament sobre nom, descripci\u00f3, protecci\u00f3 i paral\u00b7lelismes en els apartats seg\u00fcents.<\/p>\t\t\t\t\t\t\t\t<\/div>\n\t\t\t\t<\/div>\n\t\t<div class=\"elementor-element elementor-element-pemmx7c5 e-con-full e-flex e-con e-child\" data-id=\"pemmx7c5\" data-element_type=\"container\" data-e-type=\"container\">\n\t\t<div class=\"elementor-element elementor-element-pemmx7c1 e-con-full e-flex e-con e-child\" data-id=\"pemmx7c1\" data-element_type=\"container\" data-e-type=\"container\">\n\t\t<div class=\"elementor-element elementor-element-qh9oavvu iwg-steckbrief-card e-flex e-con-boxed e-con e-child\" data-id=\"qh9oavvu\" data-element_type=\"container\" data-e-type=\"container\">\n\t\t\t\t\t<div class=\"e-con-inner\">\n\t\t\t\t<div class=\"elementor-element elementor-element-awzx8k2k elementor-widget elementor-widget-heading\" data-id=\"awzx8k2k\" data-element_type=\"widget\" data-e-type=\"widget\" data-widget_type=\"heading.default\">\n\t\t\t\t\t<div class=\"elementor-heading-title elementor-size-default\">Origen de Lamia<\/div>\t\t\t\t<\/div>\n\t\t\t\t<div class=\"elementor-element elementor-element-x6rowhv0 elementor-widget elementor-widget-text-editor\" data-id=\"x6rowhv0\" data-element_type=\"widget\" data-e-type=\"widget\" data-widget_type=\"text-editor.default\">\n\t\t\t\t\t\t\t\t\t<p>Princesa l\u00edbia, amant de Zeus, male\u00efda per Hera. Per dolor i venjan\u00e7a, es converteix en raptora d&#8217;infants.<\/p>\t\t\t\t\t\t\t\t<\/div>\n\t\t\t\t\t<\/div>\n\t\t\t\t<\/div>\n\t\t<div class=\"elementor-element elementor-element-8e3o4kxs iwg-steckbrief-card e-flex e-con-boxed e-con e-child\" data-id=\"8e3o4kxs\" data-element_type=\"container\" data-e-type=\"container\">\n\t\t\t\t\t<div class=\"e-con-inner\">\n\t\t\t\t<div class=\"elementor-element elementor-element-08rkdgov elementor-widget elementor-widget-heading\" data-id=\"08rkdgov\" data-element_type=\"widget\" data-e-type=\"widget\" data-widget_type=\"heading.default\">\n\t\t\t\t\t<div class=\"elementor-heading-title elementor-size-default\">Grup objectiu de Lamia<\/div>\t\t\t\t<\/div>\n\t\t\t\t<div class=\"elementor-element elementor-element-uwjelx8s elementor-widget elementor-widget-text-editor\" data-id=\"uwjelx8s\" data-element_type=\"widget\" data-e-type=\"widget\" data-widget_type=\"text-editor.default\">\n\t\t\t\t\t\t\t\t\t<p>Principalment nadons i infants petits. Secund\u00e0riament, joves homes adormits (en el sentit del motiu de l&#8217;Empusa de la tradici\u00f3 de l&#8217;antiguitat tardana). Indirectament, mares i pu\u00e8rperes, com aquelles a qui amenacen els fills.<\/p>\t\t\t\t\t\t\t\t<\/div>\n\t\t\t\t\t<\/div>\n\t\t\t\t<\/div>\n\t\t<div class=\"elementor-element elementor-element-jm2n74ec iwg-steckbrief-card e-flex e-con-boxed e-con e-child\" data-id=\"jm2n74ec\" data-element_type=\"container\" data-e-type=\"container\">\n\t\t\t\t\t<div class=\"e-con-inner\">\n\t\t\t\t<div class=\"elementor-element elementor-element-8vufse4c elementor-widget elementor-widget-heading\" data-id=\"8vufse4c\" data-element_type=\"widget\" data-e-type=\"widget\" data-widget_type=\"heading.default\">\n\t\t\t\t\t<div class=\"elementor-heading-title elementor-size-default\">Aparen\u00e7a de Lamia<\/div>\t\t\t\t<\/div>\n\t\t\t\t<div class=\"elementor-element elementor-element-mwb9u015 elementor-widget elementor-widget-text-editor\" data-id=\"mwb9u015\" data-element_type=\"widget\" data-e-type=\"widget\" data-widget_type=\"text-editor.default\">\n\t\t\t\t\t\t\t\t\t<p>Variable: dona bella, vella figura esglaiadora, h\u00edbrid amb cua de serp. En la tradici\u00f3 m\u00e9s recent, sovint amb cos de serp sota la vestidura.<\/p>\t\t\t\t\t\t\t\t<\/div>\n\t\t\t\t\t<\/div>\n\t\t\t\t<\/div>\n\t\t\t\t<\/div>\n\t\t<div class=\"elementor-element elementor-element-pemmx7c2 e-con-full e-flex e-con e-child\" data-id=\"pemmx7c2\" data-element_type=\"container\" data-e-type=\"container\">\n\t\t<div class=\"elementor-element elementor-element-37ss2yr6 iwg-steckbrief-card e-flex e-con-boxed e-con e-child\" data-id=\"37ss2yr6\" data-element_type=\"container\" data-e-type=\"container\">\n\t\t\t\t\t<div class=\"e-con-inner\">\n\t\t\t\t<div class=\"elementor-element elementor-element-3v0wp3wx elementor-widget elementor-widget-heading\" data-id=\"3v0wp3wx\" data-element_type=\"widget\" data-e-type=\"widget\" data-widget_type=\"heading.default\">\n\t\t\t\t\t<div class=\"elementor-heading-title elementor-size-default\">\u00c0mbit d'acci\u00f3<\/div>\t\t\t\t<\/div>\n\t\t\t\t<div class=\"elementor-element elementor-element-w3247g2m elementor-widget elementor-widget-text-editor\" data-id=\"w3247g2m\" data-element_type=\"widget\" data-e-type=\"widget\" data-widget_type=\"text-editor.default\">\n\t\t\t\t\t\t\t\t\t<p>Rapte d&#8217;infants, mort infantil, esgotament i mort de joves homes mitjan\u00e7ant trobades er\u00f2tiques, assetjament nocturn.<\/p>\t\t\t\t\t\t\t\t<\/div>\n\t\t\t\t\t<\/div>\n\t\t\t\t<\/div>\n\t\t<div class=\"elementor-element elementor-element-0qpjal9w iwg-steckbrief-card e-flex e-con-boxed e-con e-child\" data-id=\"0qpjal9w\" data-element_type=\"container\" data-e-type=\"container\">\n\t\t\t\t\t<div class=\"e-con-inner\">\n\t\t\t\t<div class=\"elementor-element elementor-element-6ndoih0o elementor-widget elementor-widget-heading\" data-id=\"6ndoih0o\" data-element_type=\"widget\" data-e-type=\"widget\" data-widget_type=\"heading.default\">\n\t\t\t\t\t<div class=\"elementor-heading-title elementor-size-default\">Defensa contra Lamia<\/div>\t\t\t\t<\/div>\n\t\t\t\t<div class=\"elementor-element elementor-element-6684tyh9 elementor-widget elementor-widget-text-editor\" data-id=\"6684tyh9\" data-element_type=\"widget\" data-e-type=\"widget\" data-widget_type=\"text-editor.default\">\n\t\t\t\t\t\t\t\t\t<p>Amulets de part, f\u00f3rmules de protecci\u00f3 i, m\u00e9s tard, defensa cristiana amb noms d&#8217;\u00e0ngels. A Bizanci, icones del sant Sisinni i oracions de protecci\u00f3.<\/p>\t\t\t\t\t\t\t\t<\/div>\n\t\t\t\t\t<\/div>\n\t\t\t\t<\/div>\n\t\t<div class=\"elementor-element elementor-element-3lfi7x32 iwg-steckbrief-card e-flex e-con-boxed e-con e-child\" data-id=\"3lfi7x32\" data-element_type=\"container\" data-e-type=\"container\">\n\t\t\t\t\t<div class=\"e-con-inner\">\n\t\t\t\t<div class=\"elementor-element elementor-element-0kg99ga1 elementor-widget elementor-widget-heading\" data-id=\"0kg99ga1\" data-element_type=\"widget\" data-e-type=\"widget\" data-widget_type=\"heading.default\">\n\t\t\t\t\t<div class=\"elementor-heading-title elementor-size-default\">Paral\u00b7lels de Lamia<\/div>\t\t\t\t<\/div>\n\t\t\t\t<div class=\"elementor-element elementor-element-n0fum6kp elementor-widget elementor-widget-text-editor\" data-id=\"n0fum6kp\" data-element_type=\"widget\" data-e-type=\"widget\" data-widget_type=\"text-editor.default\">\n\t\t\t\t\t\t\t\t\t<p>En la tradici\u00f3 romana s&#8217;amplia fins a formar la classe de les <a href=\"https:\/\/iwell-guard.com\/ca\/?page_id=171358\">Lamiae<\/a>. Funcionalment emparentades: <a href=\"https:\/\/iwell-guard.com\/ca\/?page_id=171349\">Empusa<\/a> (companya d&#8217;H\u00e8cate, amb component s\u00facube), <a href=\"https:\/\/iwell-guard.com\/ca\/?page_id=171357\">Striga<\/a> (bruixa-vampira romana i <span class=\"iwg-fachbegriff\" data-tooltip=\"\u00c8poca de transici\u00f3 entre l'antiguitat i l'edat mitjana, aproximadament del segle III al VII.\" tabindex=\"0\">tardoantiga<\/span>), <a href=\"https:\/\/iwell-guard.com\/ca\/?page_id=171360\">Lilith<\/a> (jueva, amb funci\u00f3 completa d&#8217;amena\u00e7a per a les pu\u00e8rperes). En la <span class=\"iwg-fachbegriff\" data-tooltip=\"La doctrina cient\u00edfica sobre D\u00e9u i la fe d'una religi\u00f3.\" tabindex=\"0\">teologia<\/span> medieval, sant Jeroni tradueix Lilith a la Vulgata com a <em>lamia<\/em>, i d&#8217;aqu\u00ed sorgeix una identificaci\u00f3 constant entre Lilith i Lamia.<\/p>\t\t\t\t\t\t\t\t<\/div>\n\t\t\t\t\t<\/div>\n\t\t\t\t<\/div>\n\t\t\t\t<\/div>\n\t\t\t\t<\/div>\n\t\t\t\t\t<\/div>\n\t\t\t\t<\/div>\n\t\t<div class=\"elementor-element elementor-element-7533bc7a e-flex e-con-boxed e-con e-parent\" data-id=\"7533bc7a\" data-element_type=\"container\" data-e-type=\"container\">\n\t\t\t\t\t<div class=\"e-con-inner\">\n\t\t\t\t<div class=\"elementor-element elementor-element-2447d18d elementor-widget elementor-widget-heading\" data-id=\"2447d18d\" data-element_type=\"widget\" data-e-type=\"widget\" data-widget_type=\"heading.default\">\n\t\t\t\t\t<h2 class=\"elementor-heading-title elementor-size-default\">Protecci\u00f3 en la vida quotidiana<\/h2>\t\t\t\t<\/div>\n\t\t<div class=\"elementor-element elementor-element-d5d0260c e-con-full e-flex e-con e-child\" data-id=\"d5d0260c\" data-element_type=\"container\" data-e-type=\"container\">\n\t\t\t\t<div class=\"elementor-element elementor-element-341be2ac elementor-widget elementor-widget-text-editor\" data-id=\"341be2ac\" data-element_type=\"widget\" data-e-type=\"widget\" data-widget_type=\"text-editor.default\">\n\t\t\t\t\t\t\t\t\t<p class=\"iwg-h3-demoted\"><strong>Rituals de defensa<\/strong><\/p><p>Rituals de part que protegeixen conjuntament la pu\u00e8rpera i el nad\u00f3. Purificaci\u00f3 simb\u00f2lica de l&#8217;habitaci\u00f3 on es dorm. A Bizanci i, m\u00e9s tard, tamb\u00e9 en el folklore neogrec, s&#8217;invoquen sants, especialment sant Sisinni com a dominador de Lamia.<\/p><p class=\"iwg-h3-demoted\"><strong>Exorcismes<\/strong><\/p><p>Un corpus textual tardoantic i medieval entorn de sant Sisinni transmet f\u00f3rmules de protecci\u00f3 contra Lamia i les seves germanes. Segueixen un esquema fix: acusaci\u00f3 de Lamia, esment dels seus noms, expulsi\u00f3 mitjan\u00e7ant un poder superior.<\/p><p class=\"iwg-h3-demoted\"><strong>Amulets i s\u00edmbols de protecci\u00f3<\/strong><\/p><p>Els amulets bizantins i altmedievals sovint mostren sant Sisinni a cavall traspassant una Lamia fugitiva. Aquest esquema iconogr\u00e0fic, \u00absant genet contra criatura femenina maligna\u00bb, es transmet m\u00e9s tard a sant Jordi i el drac.<\/p><p><strong><span class=\"iwg-fachbegriff\" data-tooltip=\"El conjunt d'actes de veneraci\u00f3 religiosa dedicats a una divinitat o figura sagrada.\" tabindex=\"0\">Culte<\/span> i veneraci\u00f3<\/strong><\/p><p>Lamia no va ser objecte de veneraci\u00f3 oficial, per\u00f2 en rituals privats de vegades era reconeguda o aplacada. La seva trag\u00e8dia la va convertir en subjecte de <span class=\"iwg-fachbegriff\" data-tooltip=\"Pr\u00e0ctiques que, mitjan\u00e7ant accions o f\u00f3rmules especials, pretenen intervenir en el curs dels esdeveniments.\" tabindex=\"0\">m\u00e0gia<\/span>. Els mags negres coneixien els seus noms i segells. En tradicions mist\u00e8riques se la va entendre com una deessa oculta. El respecte envers ella era habitual.<\/p>\t\t\t\t\t\t\t\t<\/div>\n\t\t\t\t<\/div>\n\t\t\t\t\t<\/div>\n\t\t\t\t<\/div>\n\t\t<div class=\"elementor-element elementor-element-5a584676 e-flex e-con-boxed e-con e-parent\" data-id=\"5a584676\" data-element_type=\"container\" data-e-type=\"container\">\n\t\t\t\t\t<div class=\"e-con-inner\">\n\t\t\t\t<div class=\"elementor-element elementor-element-6d0757bf elementor-widget elementor-widget-heading\" data-id=\"6d0757bf\" data-element_type=\"widget\" data-e-type=\"widget\" data-widget_type=\"heading.default\">\n\t\t\t\t\t<h2 class=\"elementor-heading-title elementor-size-default\">Lamia, paral\u00b7lels en altres cultures<\/h2>\t\t\t\t<\/div>\n\t\t<div class=\"elementor-element elementor-element-60563f68 e-con-full e-flex e-con e-child\" data-id=\"60563f68\" data-element_type=\"container\" data-e-type=\"container\">\n\t\t\t\t<div class=\"elementor-element elementor-element-5a93fdd6 elementor-widget elementor-widget-text-editor\" data-id=\"5a93fdd6\" data-element_type=\"widget\" data-e-type=\"widget\" data-widget_type=\"text-editor.default\">\n\t\t\t\t\t\t\t\t\t<p><strong>Mesopot\u00e0mia<\/strong><\/p><p><a href=\"https:\/\/iwell-guard.com\/ca\/?page_id=171336\">Lamashtu<\/a> \u00e9s la variant m\u00e9s antiga i m\u00e9s desenvolupada del complex de l&#8217;assassina d&#8217;infants; si existeix una connexi\u00f3 cultural directa fins a Gr\u00e8cia \u00e9s discutit, per\u00f2 el perfil paral\u00b7lel funcional \u00e9s clar. La ardat-lil\u00ee assiriobabil\u00f2nica tamb\u00e9 hi \u00e9s emparentada.<\/p><p><strong>Roma<\/strong><\/p><p>La strix i les <a href=\"https:\/\/iwell-guard.com\/ca\/?page_id=171358\">Lamiae<\/a> formen el cercle de parentiu rom\u00e0 m\u00e9s estret. L&#8217;<em>strix<\/em> (bruixa mussol) assumeix l&#8217;amena\u00e7a als nadons en la tradici\u00f3 popular; <em>lamiae<\/em> es converteix en el nom de tota una categoria d&#8217;\u00e9ssers.<\/p><p><strong>Edat mitjana<\/strong><\/p><p>Sant Jeroni tradueix a la Vulgata l&#8217;hebreu <em>lilith<\/em> com a <em>lamia<\/em>. L&#8217;escol\u00e0stica mant\u00e9 aquesta identificaci\u00f3; <em>lamia<\/em> esdev\u00e9 un terme gen\u00e8ric per a bruixes, dones demon\u00edaques i s\u00facubes. La <em>strega<\/em> italiana, la <em>bruja<\/em> espanyola i la <em>vedma<\/em> eslava comparteixen aquest perfil.<\/p><p><strong>Recepci\u00f3 moderna<\/strong><\/p><p><span data-nosnippet>La reactivaci\u00f3 victoriana per John Keats (<em>Lamia<\/em>, 1819) transforma l&#8217;assassina d&#8217;infants en una dona-serp bella, demon\u00edaca i tr\u00e0gica. Pintors prerafaelites recullen el <span class=\"iwg-fachbegriff\" data-tooltip=\"Un element tem\u00e0tic recurrent en l'art o la narrativa.\" tabindex=\"0\">motiu<\/span>. Al segle XX s&#8217;estableix en la literatura de fantasia i terror com una figura de dona-serp seductora (per exemple, a Dungeons &amp; Dragons com a classe de monstre pr\u00f2pia).<\/span><\/p>\t\t\t\t\t\t\t\t<\/div>\n\t\t\t\t<\/div>\n\t\t\t\t\t<\/div>\n\t\t\t\t<\/div>\n\t\t<div class=\"elementor-element elementor-element-cpcdf60ce e-flex e-con-boxed e-con e-parent\" data-id=\"cpcdf60ce\" data-element_type=\"container\" data-e-type=\"container\">\n\t\t\t\t\t<div class=\"e-con-inner\">\n\t\t\t\t<div class=\"elementor-element elementor-element-cp4d8002a elementor-widget elementor-widget-heading\" data-id=\"cp4d8002a\" data-element_type=\"widget\" data-e-type=\"widget\" data-widget_type=\"heading.default\">\n\t\t\t\t\t<h2 class=\"elementor-heading-title elementor-size-default\">El mite de Lamia i la ira d'Hera<\/h2>\t\t\t\t<\/div>\n\t\t<div class=\"elementor-element elementor-element-cp91bb373 e-con-full e-flex e-con e-child\" data-id=\"cp91bb373\" data-element_type=\"container\" data-e-type=\"container\">\n\t\t\t\t<div class=\"elementor-element elementor-element-cp837734d elementor-widget elementor-widget-text-editor\" data-id=\"cp837734d\" data-element_type=\"widget\" data-e-type=\"widget\" data-widget_type=\"text-editor.default\">\n\t\t\t\t\t\t\t\t\t<p>La <span class=\"iwg-fachbegriff\" data-tooltip=\"\u00c8poca de la cultura grega i romana, aproximadament entre el 800 aC i el 600 dC\" tabindex=\"0\">antiguitat<\/span> ens ha transm\u00e8s la <span class=\"iwg-fachbegriff\" data-tooltip=\"La transmissi\u00f3 de coneixements i relats al llarg de generacions.\" tabindex=\"0\">tradici\u00f3<\/span> de Lamia com una figura origin\u00e0riament humana o semidivina, que a causa d&#8217;un dest\u00ed terrible es va convertir en un \u00e9sser espant\u00f3s. Segons el relat m\u00e9s est\u00e8s, Lamia era una reina de L\u00edbia i de gran bellesa. Zeus se n&#8217;enamor\u00e0 i ella li va donar fills.<\/p><p>Hera, gelosa esposa de Zeus, es va venjar matant els fills de Lamia o fent que Lamia mateixa els mat\u00e9s. Presa del dolor i la desesperaci\u00f3, Lamia es va transformar, o va ser transformada, en un monstre que, per enveja i dolor, robava i matava els fills d&#8217;altres persones.<\/p><p>Una <span class=\"iwg-fachbegriff\" data-tooltip=\"La transmissi\u00f3 de coneixements i relats al llarg de generacions.\" tabindex=\"0\">tradici\u00f3<\/span> addicional explica que Hera va privar Lamia del son, de manera que vagava sense descans. Zeus, aleshores, li va concedir la capacitat de treure&#8217;s els ulls i deixar-los de banda, un detall peculiar que apareix en diverses fonts.<\/p><p>Aquest relat explica per qu\u00e8 Lamia es va convertir, en l&#8217;imaginari antic, en una figura amb qu\u00e8 espantar els infants. Mares i dides feien servir el seu nom per fer por als nens i aconseguir que estiguessin tranquils. En aquesta funci\u00f3, Lamia forma part d&#8217;un grup de figures femenines amena\u00e7adores per als infants pr\u00f2pies del m\u00f3n antic, entre les quals tamb\u00e9 hi havia Gello i Mormo.<\/p><p>La recerca hi veu, en aquest <span class=\"iwg-fachbegriff\" data-tooltip=\"Un relat transm\u00e8s sobre d\u00e9us, or\u00edgens i l'ordre del m\u00f3n.\" tabindex=\"0\">mite<\/span>, el patr\u00f3 habitual segons el qual un \u00e9sser destru\u00eft pel patiment i la injust\u00edcia converteix el seu dolor en viol\u00e8ncia destructiva. Lamia \u00e9s, aix\u00ed, alhora botxina i <span class=\"iwg-fachbegriff\" data-tooltip=\"Ofrena a una divinitat per expressar gratitud, s\u00faplica o veneraci\u00f3.\" tabindex=\"0\">v\u00edctima<\/span>. Es troben figures femenines terror\u00edfiques emparentades en <a href=\"https:\/\/iwell-guard.com\/ca\/?page_id=171349\">Empusa<\/a> i dins el cercle dels \u00e9ssers funestos de la mitologia grega.<\/p>\t\t\t\t\t\t\t\t<\/div>\n\t\t\t\t<\/div>\n\t\t\t\t\t<\/div>\n\t\t\t\t<\/div>\n\t\t<div class=\"elementor-element elementor-element-cpfcb3dc5 e-flex e-con-boxed e-con e-parent\" data-id=\"cpfcb3dc5\" data-element_type=\"container\" data-e-type=\"container\">\n\t\t\t\t\t<div class=\"e-con-inner\">\n\t\t\t\t<div class=\"elementor-element elementor-element-cpbba95a2 elementor-widget elementor-widget-heading\" data-id=\"cpbba95a2\" data-element_type=\"widget\" data-e-type=\"widget\" data-widget_type=\"heading.default\">\n\t\t\t\t\t<h2 class=\"elementor-heading-title elementor-size-default\">Lamia entre figura individual i terme gen\u00e8ric<\/h2>\t\t\t\t<\/div>\n\t\t<div class=\"elementor-element elementor-element-cpf05eb51 e-con-full e-flex e-con e-child\" data-id=\"cpf05eb51\" data-element_type=\"container\" data-e-type=\"container\">\n\t\t\t\t<div class=\"elementor-element elementor-element-cpa79d5cf elementor-widget elementor-widget-text-editor\" data-id=\"cpa79d5cf\" data-element_type=\"widget\" data-e-type=\"widget\" data-widget_type=\"text-editor.default\">\n\t\t\t\t\t\t\t\t\t<p>Un tret notable de la <span class=\"iwg-fachbegriff\" data-tooltip=\"La transmissi\u00f3 de coneixements i relats al llarg de generacions\" tabindex=\"0\">tradici\u00f3<\/span> sobre Lamia \u00e9s que el nom pot designar tant una figura mitol\u00f2gica individual concreta com tota una classe d&#8217;\u00e9ssers. En algunes fonts, Lamia \u00e9s la reina l\u00edbia del <span class=\"iwg-fachbegriff\" data-tooltip=\"Un relat transm\u00e8s sobre d\u00e9us, or\u00edgens i l'ordre del m\u00f3n\" tabindex=\"0\">mite<\/span> esmentat. En altres textos apareixen les <em>Lamiai<\/em> en plural com una mena de dimonis femenins perillosos.<\/p><p>En aquest segon sentit, les l\u00e0mies s\u00f3n \u00e9ssers seductors que assetgen els homes joves, els sedueixen i els priven de for\u00e7a vital o de sang. De vegades s&#8217;identifiquen o s&#8217;associen estretament amb Empusa i amb les Mormolykeia. Les fonts antigues ofereixen, en aquest punt, una imatge canviant en qu\u00e8 els diferents \u00e9ssers aterridors no estan clarament separats.<\/p><p>La configuraci\u00f3 liter\u00e0ria m\u00e9s c\u00e8lebre d&#8217;aquest tipus es troba en la <em>Vita Apollonii<\/em> de Fil\u00f2strat, del segle III dC. All\u00e0, el savi Apol\u00b7loni de Tiana desemmascara una bella dona que vol casar-se amb un jove com una Lamia o Empusa, un \u00e9sser que volia engreixar i devorar el jove. Aquest episodi va ser represa moltes vegades posteriorment.<\/p><p>La recerca explica l&#8217;oscil\u00b7laci\u00f3 entre figura individual i categoria pel fet que la <span class=\"iwg-fachbegriff\" data-tooltip=\"Creences i pr\u00e0ctiques religioses esteses en la vida quotidiana\" tabindex=\"0\">religiositat popular<\/span> i la <span class=\"iwg-fachbegriff\" data-tooltip=\"El conjunt dels relats m\u00edtics sobre d\u00e9us transmesos per una cultura\" tabindex=\"0\">mitologia<\/span> liter\u00e0ria s&#8217;hi entrellacen. El <span class=\"iwg-fachbegriff\" data-tooltip=\"Un relat transm\u00e8s sobre d\u00e9us, or\u00edgens i l'ordre del m\u00f3n\" tabindex=\"0\">mite<\/span> erudit coneix una \u00fanica Lamia amb la seva pr\u00f2pia hist\u00f2ria pr\u00e8via, mentre que la <span class=\"iwg-fachbegriff\" data-tooltip=\"Denominaci\u00f3 despectiva per a creences considerades religiosament infundades\" tabindex=\"0\">superstici\u00f3<\/span> viva coneix molts \u00e9ssers de tipus l\u00e0mia. Ambd\u00f3s corrents van coexistir al llarg de tota l&#8217;<span class=\"iwg-fachbegriff\" data-tooltip=\"\u00c8poca de la cultura grega i romana, aproximadament del 800 aC al 600 dC\" tabindex=\"0\">Antiguitat<\/span> i es van influir m\u00fatuament.<\/p>\t\t\t\t\t\t\t\t<\/div>\n\t\t\t\t<\/div>\n\t\t\t\t\t<\/div>\n\t\t\t\t<\/div>\n\t\t<div class=\"elementor-element elementor-element-cp991b749 e-flex e-con-boxed e-con e-parent\" data-id=\"cp991b749\" data-element_type=\"container\" data-e-type=\"container\">\n\t\t\t\t\t<div class=\"e-con-inner\">\n\t\t\t\t<div class=\"elementor-element elementor-element-cp8dad4a2 elementor-widget elementor-widget-heading\" data-id=\"cp8dad4a2\" data-element_type=\"widget\" data-e-type=\"widget\" data-widget_type=\"heading.default\">\n\t\t\t\t\t<h2 class=\"elementor-heading-title elementor-size-default\">Lamia a l'edat mitjana i a l'edat moderna primerenca<\/h2>\t\t\t\t<\/div>\n\t\t<div class=\"elementor-element elementor-element-cp564f237 e-con-full e-flex e-con e-child\" data-id=\"cp564f237\" data-element_type=\"container\" data-e-type=\"container\">\n\t\t\t\t<div class=\"elementor-element elementor-element-cp5b06543 elementor-widget elementor-widget-text-editor\" data-id=\"cp5b06543\" data-element_type=\"widget\" data-e-type=\"widget\" data-widget_type=\"text-editor.default\">\n\t\t\t\t\t\t\t\t\t<p>El terme Lamia no va desapar\u00e8ixer amb la fi de l&#8217;<span class=\"iwg-fachbegriff\" data-tooltip=\"\u00c8poca de la cultura grega i romana, aproximadament del 800 aC al 600 dC\" tabindex=\"0\">Antiguitat<\/span>, sin\u00f3 que va ser continuat per la tradici\u00f3 erudita i eclesi\u00e0stica de l&#8217;edat mitjana. En textos llatins, el mot <em>lamia<\/em> servia per traduir i designar diversos \u00e9ssers femenins inquietants.<\/p><p>Escriptors eclesi\u00e0stics i enciclopedistes posteriors van adoptar el terme i el van associar a la idea de dimonis nocturns que resultaven perillosos per als infants o per als qui dormien.<\/p><p>A l&#8217;edat moderna, el mot va adquirir un significat particular i de conseq\u00fc\u00e8ncies importants. En la literatura sobre bruixeria, <em>lamia<\/em> es va convertir en un dels termes llatins per designar la bruixa.<\/p><p>Alguns tractats de l&#8217;\u00e8poca utilitzen la paraula expressament en aquest sentit, de manera que la figura aterridora <span class=\"iwg-fachbegriff\" data-tooltip=\"\u00c8poca de la cultura grega i romana, aproximadament del 800 aC al 600 dC\" tabindex=\"0\">antiga<\/span> es va fondre amb la imatge de la bruixa pr\u00f2pia del temps de les persecucions. Aix\u00ed, l&#8217;antic nom mitol\u00f2gic va adquirir un efecte real i perill\u00f3s en el context dels processos per bruixeria.<\/p><p>Alhora, Lamia va perviure en tradicions populars regionals. En algunes parts del sud d&#8217;Europa, com ara Gr\u00e8cia, Espanya i el Pa\u00eds Basc, hi ha figures folkl\u00f2riques el nom de les quals prov\u00e9 de Lamia. Aquestes figures tardanes, per\u00f2, no s\u00f3n simplement continuacions de la Lamia antiga, sin\u00f3 creacions pr\u00f2pies que nom\u00e9s n&#8217;han pres el nom i alguns trets.<\/p><p>La recerca subratlla que Lamia \u00e9s un bon exemple de la llarga vida dels conceptes mitol\u00f2gics. El nom viatja al llarg dels segles, s&#8217;omple una vegada i una altra de nous continguts i s&#8217;adapta a les diferents concepcions de l&#8217;amena\u00e7a femenina, des de la figura antiga per esporuguir infants, passant per la bruixa del temps de les persecucions, fins a la figura llegend\u00e0ria regional.<\/p>\t\t\t\t\t\t\t\t<\/div>\n\t\t\t\t<\/div>\n\t\t\t\t\t<\/div>\n\t\t\t\t<\/div>\n\t\t<div class=\"elementor-element elementor-element-36dd7469 e-flex e-con-boxed e-con e-parent\" data-id=\"36dd7469\" data-element_type=\"container\" data-e-type=\"container\">\n\t\t\t\t\t<div class=\"e-con-inner\">\n\t\t\t\t<div class=\"elementor-element elementor-element-13760ab4 elementor-widget elementor-widget-heading\" data-id=\"13760ab4\" data-element_type=\"widget\" data-e-type=\"widget\" data-widget_type=\"heading.default\">\n\t\t\t\t\t<div class=\"elementor-heading-title elementor-size-default\">Enlla\u00e7os relacionats<\/div>\t\t\t\t<\/div>\n\t\t<div class=\"elementor-element elementor-element-28c87796 e-con-full e-flex e-con e-child\" data-id=\"28c87796\" data-element_type=\"container\" data-e-type=\"container\">\n\t\t\t\t<div class=\"elementor-element elementor-element-5d6538df elementor-widget elementor-widget-text-editor\" data-id=\"5d6538df\" data-element_type=\"widget\" data-e-type=\"widget\" data-widget_type=\"text-editor.default\">\n\t\t\t\t\t\t\t\t\t<p>Enlla\u00e7os interns recomanats:<\/p><ul><li><a href=\"https:\/\/iwell-guard.com\/ca\/?page_id=171347\">Gr\u00e8cia<\/a> (p\u00e0gina cultural superior)<\/li><li><a href=\"https:\/\/iwell-guard.com\/ca\/?page_id=171349\">Empusa<\/a> (relacionada estructuralment)<\/li><li>Aviat disponible: detall sobre Lamia<\/li><li><a href=\"https:\/\/iwell-guard.com\/ca\/?page_id=171360\">Lilit<\/a> (paral\u00b7lel jueu)<\/li><li><a href=\"https:\/\/iwell-guard.com\/ca\/?page_id=171357\">Striga<\/a> (paral\u00b7lel rom\u00e0)<\/li><\/ul>\t\t\t\t\t\t\t\t<\/div>\n\t\t\t\t<\/div>\n\t\t\t\t\t<\/div>\n\t\t\t\t<\/div>\n\t\t<div class=\"elementor-element elementor-element-grl4kl40 e-flex e-con-boxed e-con e-parent\" data-id=\"grl4kl40\" data-element_type=\"container\" data-e-type=\"container\">\n\t\t\t\t\t<div class=\"e-con-inner\">\n\t\t\t\t<div class=\"elementor-element elementor-element-bzsbfrmh elementor-widget elementor-widget-heading\" data-id=\"bzsbfrmh\" data-element_type=\"widget\" data-e-type=\"widget\" data-widget_type=\"heading.default\">\n\t\t\t\t\t<h2 class=\"elementor-heading-title elementor-size-default\">Bibliografia (selecci\u00f3)<\/h2>\t\t\t\t<\/div>\n\t\t<div class=\"elementor-element elementor-element-2c13224a e-con-full e-flex e-con e-child\" data-id=\"2c13224a\" data-element_type=\"container\" data-e-type=\"container\">\n\t\t\t\t<div class=\"elementor-element elementor-element-0eymh9ub elementor-widget elementor-widget-text-editor\" data-id=\"0eymh9ub\" data-element_type=\"widget\" data-e-type=\"widget\" data-widget_type=\"text-editor.default\">\n\t\t\t\t\t\t\t\t\t<footer class=\"iwg-literatur\" data-nosnippet=\"true\"><p>Una selecci\u00f3 d&#8217;obres fonamentals sobre Lamia i figures relacionades:<\/p><ul><li><span data-nosnippet>Johnston, Sarah Iles: <em><a href=\"https:\/\/www.ucpress.edu\/books\/restless-dead\" target=\"_blank\" rel=\"noopener noreferrer\">Restless Dead. Encounters between the Living and the Dead in Ancient Greece<\/a><\/em>. Berkeley 1999.<\/span><\/li><li><span data-nosnippet>Resnick, Irven M. \/ Kitchell, Kenneth: \u201eThe Lamia in Medieval Thought.\u00bb A: <em>Traditio<\/em> 62 (2007).<\/span><\/li><li><span data-nosnippet>Burkert, Walter: <em>Griechische Religion der archaischen und klassischen Epoche<\/em>. Stuttgart 1977.<\/span><\/li><li><span data-nosnippet>Greenfield, Richard P. H.: <em>Traditions of Belief in Late Byzantine Demonology<\/em>. Amsterdam 1988.<\/span><\/li><\/ul><\/footer>\n<p class=\"iwg-bib-more\"><span data-nosnippet>M\u00e9s obres de refer\u00e8ncia a la <a href=\"https:\/\/iwell-guard.com\/ca\/?page_id=171483\">bibliografia<\/a>.<\/span><\/p>\t\t\t\t\t\t\t\t<\/div>\n\t\t\t\t<\/div>\n\t\t\t\t\t<\/div>\n\t\t\t\t<\/div>\n\t\t<div class=\"elementor-element elementor-element-qv839qv e-flex e-con-boxed e-con e-parent\" data-id=\"qv839qv\" data-element_type=\"container\" data-e-type=\"container\">\n\t\t\t\t\t<div class=\"e-con-inner\">\n\t\t\t\t<div class=\"elementor-element elementor-element-qv839qvh elementor-widget elementor-widget-heading\" data-id=\"qv839qvh\" data-element_type=\"widget\" data-e-type=\"widget\" data-widget_type=\"heading.default\">\n\t\t\t\t\t<h2 class=\"elementor-heading-title elementor-size-default\">S\u00edmbols de protecci\u00f3 relacionats<\/h2>\t\t\t\t<\/div>\n\t\t<div class=\"elementor-element elementor-element-qv839qvb e-con-full e-flex e-con e-parent\" data-id=\"qv839qvb\" data-element_type=\"container\" data-e-type=\"container\">\n\t\t\t\t<div class=\"elementor-element elementor-element-qv839qvt elementor-widget elementor-widget-html\" data-id=\"qv839qvt\" data-element_type=\"widget\" data-e-type=\"widget\" data-widget_type=\"html.default\">\n\t\t\t\t\t<div class=\"iwg-querverweis-grid\" style=\"display:grid;grid-template-columns:repeat(auto-fit,minmax(220px,1fr));gap:16px;margin:16px 0;\"><div class=\"iwg-querverweis-card\"><a href=\"https:\/\/iwell-guard.com\/ca\/?page_id=171654\" class=\"iwg-querverweis-link\"><strong>Mal d'ull<\/strong><br><span class=\"iwg-querverweis-teaser\">Creen\u00e7a global sobre danys, contra la qual protegeixen el nazar boncu\u011fu, el mati i el malocchio<\/span><\/a><\/div><div class=\"iwg-querverweis-card\"><a href=\"https:\/\/iwell-guard.com\/ca\/?page_id=171650\" class=\"iwg-querverweis-link\"><strong>Hamsa<\/strong><br><span class=\"iwg-querverweis-teaser\">M\u00e0 de F\u00e0tima, s\u00edmbol de protecci\u00f3 judeo\u00e0rab amb cinc dits i un ull<\/span><\/a><\/div><\/div><style>.iwg-querverweis-card{padding:16px;border:1px solid var(--e-global-color-f443515,#e6c45a);border-radius:8px;background:rgba(0,0,0,0.22);}.iwg-querverweis-link{color:var(--e-global-color-accent,#e6c45a);text-decoration:none;}.iwg-querverweis-teaser{color:#e8e8e8;font-size:13px;line-height:1.4;}<\/style>\t\t\t\t<\/div>\n\t\t\t\t<\/div>\n\t\t\t\t\t<\/div>\n\t\t\t\t<\/div>\n\t\t<div class=\"elementor-element elementor-element-iwgca-lamia-sec e-flex e-con-boxed e-con e-parent\" data-id=\"iwgca-lamia-sec\" data-element_type=\"container\" data-e-type=\"container\" id=\"iwg-ca-lamia\">\n\t\t\t\t\t<div class=\"e-con-inner\">\n\t\t\t\t<div class=\"elementor-element elementor-element-iwgca-lamia-te iwg-ca-textwrap elementor-widget elementor-widget-text-editor\" data-id=\"iwgca-lamia-te\" data-element_type=\"widget\" data-e-type=\"widget\" data-widget_type=\"text-editor.default\">\n\t\t\t\t\t\t\t\t\t<div data-nosnippet=\"true\"><p class=\"iwg-ca-bridge\">La pr\u00e0ctica de protecci\u00f3 descrita aqu\u00ed \u00e9s una classificaci\u00f3 de tradicions hist\u00f2riques des de la perspectiva de la ci\u00e8ncia de les religions. iWell Guard s&#8217;inspira en aquesta l\u00ednia cultural i hist\u00f2rica d&#8217;objectes de protecci\u00f3 portables i n&#8217;\u00e9s una forma contempor\u00e0nia. <a href=\"\/ueber-iwell-guard\/?utm_source=iwell-guard.com&#038;utm_medium=text-link&#038;utm_campaign=schadwesen-tradition\">M\u00e9s informaci\u00f3 sobre l&#8217;iWell Guard \u2192<\/a><\/p><\/div>\t\t\t\t\t\t\t\t<\/div>\n\t\t\t\t\t<\/div>\n\t\t\t\t<\/div>\n\t\t<div class=\"elementor-element elementor-element-iwgkw2-add-lamia e-flex e-con-boxed e-con e-parent\" data-id=\"iwgkw2-add-lamia\" data-element_type=\"container\" data-e-type=\"container\">\n\t\t\t\t\t<div class=\"e-con-inner\">\n\t\t\t\t<div class=\"elementor-element elementor-element-iwgkw2-add-lamia-t elementor-widget elementor-widget-text-editor\" data-id=\"iwgkw2-add-lamia-t\" data-element_type=\"widget\" data-e-type=\"widget\" data-widget_type=\"text-editor.default\">\n\t\t\t\t\t\t\t\t\t<p>En fonts posteriors, Lamia es descriu cada cop m\u00e9s com un <strong><span class=\"iwg-fachbegriff\" data-tooltip=\"\u00c9sser espiritual al qual s'atribueix un efecte nociu o ambivalent.\" tabindex=\"0\">dimoni<\/span><\/strong> amb forma de dona que persegueix sobretot infants i homes adormits, allunyant-se de les narracions m\u00edtiques m\u00e9s antigues.<\/p>\t\t\t\t\t\t\t\t<\/div>\n\t\t\t\t\t<\/div>\n\t\t\t\t<\/div>\n\t\t<div class=\"elementor-element elementor-element-c7eba35 e-con-boxed e-flex e-con e-parent\" data-id=\"c7eba35\" data-element_type=\"container\" data-e-type=\"container\">\n\t\t\t\t\t<div class=\"e-con-inner\">\n\t\t\t\t<div class=\"elementor-element elementor-element-38595f1 elementor-widget elementor-widget-text-editor\" data-id=\"38595f1\" data-element_type=\"widget\" data-e-type=\"widget\" data-widget_type=\"text-editor.default\">\n\t\t\t\t\t\t\t\t\t\n<h2>Preguntes freq\u00fcents sobre Lamia<\/h2>\n<div class=\"iwg-faq-q\"><h3>Qui era Lamia en la <span class=\"iwg-fachbegriff\" data-tooltip=\"El conjunt de les narracions transmeses sobre d\u00e9us d'una cultura.\" tabindex=\"0\">mitologia<\/span> grega?<\/h3><p>Lamia era origin\u00e0riament una reina l\u00edbia estimada per Zeus. Per gelosia, Hera va provocar la mort dels seus fills, i Lamia es va transformar aleshores en un \u00e9sser mal\u00e8fic que a la nit robava i matava infants.<\/p><p>En la <span class=\"iwg-fachbegriff\" data-tooltip=\"El conjunt de les narracions transmeses sobre d\u00e9us d'una cultura.\" tabindex=\"0\">mitologia<\/span> grecoromana posterior, Lamia va donar lloc a tota una classe de dimonies (les lamiae) amb cos de serp i capacitat de seduir joves. Es consideren un precedent de les posteriors concepcions del s\u00facube.<\/p><\/div>\n<div class=\"iwg-faq-q\"><h3>En qu\u00e8 es diferencia Lamia d&#8217;altres \u00e9ssers semblants?<\/h3><p>Lamia comparteix trets amb Lilith (raptora d&#8217;infants, seductora, forma de serp), amb l&#8217;Empusa grega (seductora capa\u00e7 de canviar de forma) i amb les estriges romanes (dones-ocell vamp\u00edriques). En el Malleus Maleficarum medieval (1487), les lamiae es descriuen, juntament amb altres \u00e9ssers relacionats amb la bruixeria, com una amena\u00e7a real. En la literatura moderna (Lamia, de Keats, 1820), esdev\u00e9 un \u00e9sser melanc\u00f2lic i tr\u00e0gic.<\/p><\/div>\n<script type=\"application\/ld+json\">{\"@context\":\"https:\/\/schema.org\",\"@type\":\"FAQPage\",\"mainEntity\":[{\"@type\":\"Question\",\"name\":\"Qui era Lamia en la mitologia grega?\",\"acceptedAnswer\":{\"@type\":\"Answer\",\"text\":\"Lamia era origin\u00e0riament una reina l\u00edbia estimada per Zeus. Per gelosia, Hera va provocar la mort dels seus fills, i Lamia es va transformar aleshores en un \u00e9sser mal\u00e8fic que a la nit robava i matava infants.En la mitologia grecoromana posterior, Lamia va donar lloc a tota una classe de dimonies (les lamiae) amb cos de serp i capacitat de seduir joves. Es consideren un precedent de les posteriors concepcions del s\u00facube.\"}},{\"@type\":\"Question\",\"name\":\"En qu\u00e8 es diferencia Lamia d'altres \u00e9ssers semblants?\",\"acceptedAnswer\":{\"@type\":\"Answer\",\"text\":\"Lamia comparteix trets amb Lilith (raptora d'infants, seductora, forma de serp), amb l'Empusa grega (seductora capa\u00e7 de canviar de forma) i amb les estriges romanes (dones-ocell vamp\u00edriques). En el Malleus Maleficarum medieval (1487), les lamiae es descriuen, juntament amb altres \u00e9ssers relacionats amb la bruixeria, com una amena\u00e7a real. En la literatura moderna (Lamia, de Keats, 1820), esdev\u00e9 un \u00e9sser melanc\u00f2lic i tr\u00e0gic.\"}}]}<\/script>\t\t\t\t\t\t\t\t<\/div>\n\t\t\t\t\t<\/div>\n\t\t\t\t<\/div>\n\t\t\t\t<\/div>\n\t\t","protected":false},"excerpt":{"rendered":"","protected":false},"author":3,"featured_media":1700,"parent":0,"menu_order":0,"comment_status":"closed","ping_status":"closed","template":"elementor_header_footer","meta":{"_yoast_wpseo_focuskw":"Lamia","_yoast_wpseo_title":"Lamia - Dimoni de sobrepart i seductora","_yoast_wpseo_metadesc":"Lamia, dimoni de sobrepart de la tradici\u00f3 grega. Seductora i raptora d'infants: la cara fosca dels mites er\u00f2tics, d'Homer a Keats.","_yoast_wpseo_meta-robots-noindex":"","_yoast_wpseo_canonical":"","_angie_page":false,"gefaehrdungsstufe":"4","wesen_kultur":"griechenland","wesen_klasse":"daemonen","footnotes":""},"categories":[],"class_list":["post-171350","page","type-page","status-publish","has-post-thumbnail","hentry"],"yoast_head":"<!-- This site is optimized with the Yoast SEO Premium plugin v27.7 (Yoast SEO v28.3) - https:\/\/yoast.com\/product\/yoast-seo-premium-wordpress\/ -->\n<title>Lamia - Dimoni de sobrepart i seductora<\/title>\n<meta name=\"description\" content=\"Lamia, dimoni de sobrepart de la tradici\u00f3 grega. Seductora i raptora d&#039;infants: la cara fosca dels mites er\u00f2tics, d&#039;Homer a Keats.\" \/>\n<meta name=\"robots\" content=\"index, follow, max-snippet:-1, max-image-preview:large, max-video-preview:-1\" \/>\n<link rel=\"canonical\" href=\"https:\/\/iwell-guard.com\/ca\/lamia\/\" \/>\n<meta property=\"og:locale\" content=\"ca_ES\" \/>\n<meta property=\"og:type\" content=\"article\" \/>\n<meta property=\"og:title\" content=\"Lamia\" \/>\n<meta property=\"og:description\" content=\"Lamia, dimoni de sobrepart de la tradici\u00f3 grega. Seductora i raptora d&#039;infants: la cara fosca dels mites er\u00f2tics, d&#039;Homer a Keats.\" \/>\n<meta property=\"og:url\" content=\"https:\/\/iwell-guard.com\/ca\/lamia\/\" \/>\n<meta property=\"og:site_name\" content=\"iWell Guard\" \/>\n<meta property=\"article:modified_time\" content=\"2026-09-05T15:54:36+00:00\" \/>\n<meta property=\"og:image\" content=\"https:\/\/iwell-guard.com\/wp-content\/uploads\/2026\/04\/daemonen_griechenland_lamia.webp\" \/>\n\t<meta property=\"og:image:width\" content=\"1024\" \/>\n\t<meta property=\"og:image:height\" content=\"1536\" \/>\n\t<meta property=\"og:image:type\" content=\"image\/webp\" \/>\n<meta name=\"twitter:card\" content=\"summary_large_image\" \/>\n<script type=\"application\/ld+json\" class=\"yoast-schema-graph\">{\"@context\":\"https:\\\/\\\/schema.org\",\"@graph\":[{\"@type\":\"WebPage\",\"@id\":\"https:\\\/\\\/iwell-guard.com\\\/ca\\\/lamia\\\/\",\"url\":\"https:\\\/\\\/iwell-guard.com\\\/ca\\\/lamia\\\/\",\"name\":\"Lamia - Dimoni de sobrepart i seductora\",\"isPartOf\":{\"@id\":\"https:\\\/\\\/iwell-guard.com\\\/ca\\\/#website\"},\"primaryImageOfPage\":{\"@id\":\"https:\\\/\\\/iwell-guard.com\\\/ca\\\/lamia\\\/#primaryimage\"},\"image\":{\"@id\":\"https:\\\/\\\/iwell-guard.com\\\/ca\\\/lamia\\\/#primaryimage\"},\"thumbnailUrl\":\"https:\\\/\\\/iwell-guard.com\\\/wp-content\\\/uploads\\\/2026\\\/04\\\/daemonen_griechenland_lamia.webp\",\"datePublished\":\"2026-09-05T15:38:39+00:00\",\"dateModified\":\"2026-09-05T15:54:36+00:00\",\"description\":\"Lamia, dimoni de sobrepart de la tradici\u00f3 grega. Seductora i raptora d'infants: la cara fosca dels mites er\u00f2tics, d'Homer a Keats.\",\"breadcrumb\":{\"@id\":\"https:\\\/\\\/iwell-guard.com\\\/ca\\\/lamia\\\/#breadcrumb\"},\"inLanguage\":\"ca\",\"potentialAction\":[{\"@type\":\"ReadAction\",\"target\":[\"https:\\\/\\\/iwell-guard.com\\\/ca\\\/lamia\\\/\"]}]},{\"@type\":\"ImageObject\",\"inLanguage\":\"ca\",\"@id\":\"https:\\\/\\\/iwell-guard.com\\\/ca\\\/lamia\\\/#primaryimage\",\"url\":\"https:\\\/\\\/iwell-guard.com\\\/wp-content\\\/uploads\\\/2026\\\/04\\\/daemonen_griechenland_lamia.webp\",\"contentUrl\":\"https:\\\/\\\/iwell-guard.com\\\/wp-content\\\/uploads\\\/2026\\\/04\\\/daemonen_griechenland_lamia.webp\",\"width\":1024,\"height\":1536,\"caption\":\"Dimonis de la tradici\u00f3 grega.\"},{\"@type\":\"BreadcrumbList\",\"@id\":\"https:\\\/\\\/iwell-guard.com\\\/ca\\\/lamia\\\/#breadcrumb\",\"itemListElement\":[{\"@type\":\"ListItem\",\"position\":1,\"name\":\"Start\",\"item\":\"https:\\\/\\\/iwell-guard.com\\\/ca\\\/?page_id=171333\"},{\"@type\":\"ListItem\",\"position\":2,\"name\":\"Lamia\"}]},{\"@type\":\"WebSite\",\"@id\":\"https:\\\/\\\/iwell-guard.com\\\/ca\\\/#website\",\"url\":\"https:\\\/\\\/iwell-guard.com\\\/ca\\\/\",\"name\":\"iWell Guard\",\"description\":\"Schutz vor dunklen Einfl\u00fcssen\",\"publisher\":{\"@id\":\"https:\\\/\\\/iwell-guard.com\\\/ca\\\/#organization\"},\"potentialAction\":[{\"@type\":\"SearchAction\",\"target\":{\"@type\":\"EntryPoint\",\"urlTemplate\":\"https:\\\/\\\/iwell-guard.com\\\/ca\\\/?s={search_term_string}\"},\"query-input\":{\"@type\":\"PropertyValueSpecification\",\"valueRequired\":true,\"valueName\":\"search_term_string\"}}],\"inLanguage\":\"ca\"},{\"@type\":\"Organization\",\"@id\":\"https:\\\/\\\/iwell-guard.com\\\/ca\\\/#organization\",\"name\":\"Ittermann electronic GmbH\",\"url\":\"https:\\\/\\\/iwell-guard.com\\\/ca\\\/\",\"logo\":{\"@type\":\"ImageObject\",\"inLanguage\":\"ca\",\"@id\":\"https:\\\/\\\/iwell-guard.com\\\/ca\\\/#\\\/schema\\\/logo\\\/image\\\/\",\"url\":\"https:\\\/\\\/iwell-guard.com\\\/wp-content\\\/uploads\\\/2026\\\/05\\\/Ittermann-Logo-1182x237-1.png\",\"contentUrl\":\"https:\\\/\\\/iwell-guard.com\\\/wp-content\\\/uploads\\\/2026\\\/05\\\/Ittermann-Logo-1182x237-1.png\",\"width\":1182,\"height\":237,\"caption\":\"Ittermann electronic GmbH\"},\"image\":{\"@id\":\"https:\\\/\\\/iwell-guard.com\\\/ca\\\/#\\\/schema\\\/logo\\\/image\\\/\"},\"sameAs\":[\"https:\\\/\\\/pantip.com\\\/profile\\\/9367242\",\"https:\\\/\\\/micro.blog\\\/iwellguard\",\"https:\\\/\\\/www.diggerslist.com\\\/iwellguard\\\/about\",\"https:\\\/\\\/skitterphoto.com\\\/photographers\\\/2870314\\\/iwell-guard\",\"https:\\\/\\\/iwellguard.wordpress.com\\\/2026\\\/06\\\/06\\\/iwell-guard\\\/\",\"https:\\\/\\\/hub.docker.com\\\/u\\\/iwellguard\",\"https:\\\/\\\/www.pinterest.com\\\/iwellguard\\\/\",\"https:\\\/\\\/bit.ly\\\/m\\\/iwellguard\",\"https:\\\/\\\/entre-vos-mains.alsace.eu\\\/profiles\\\/iwellguard\\\/activity\",\"https:\\\/\\\/gravatar.com\\\/reallybeded8fd34\",\"https:\\\/\\\/naijamatta.com\\\/iwellguard\",\"https:\\\/\\\/www.goodreads.com\\\/iwellguard\",\"https:\\\/\\\/profile.hatena.ne.jp\\\/iwellguard\\\/\",\"https:\\\/\\\/experiment.com\\\/users\\\/iwellguard\",\"https:\\\/\\\/wakelet.com\\\/@iWellGuard82270\",\"https:\\\/\\\/www.chordie.com\\\/forum\\\/profile.php?id=2555664\",\"https:\\\/\\\/www.instapaper.com\\\/p\\\/17757966\",\"https:\\\/\\\/www.mapleprimes.com\\\/users\\\/iwellguard\",\"https:\\\/\\\/businesslistingplus.com\\\/profile\\\/iwell-guard\\\/\",\"https:\\\/\\\/telegra.ph\\\/iWell-Guard-06-06\",\"https:\\\/\\\/pbase.com\\\/iwellguard\\\/iwellguard\",\"https:\\\/\\\/b.hatena.ne.jp\\\/iwellguard\\\/20260607#bookmark-4788405196491818882\",\"https:\\\/\\\/fliphtml5.com\\\/home\\\/iwellguard\",\"https:\\\/\\\/anyflip.com\\\/homepage\\\/cmiwl#About\",\"https:\\\/\\\/transfur.com\\\/Users\\\/iwellguard\",\"http:\\\/\\\/delphi.larsbo.org\\\/user\\\/iwellguard\",\"https:\\\/\\\/jobs.lajobsportal.org\\\/profiles\\\/8380803-iwell-guard\",\"https:\\\/\\\/md.chaosdorf.de\\\/s\\\/jfbe5SBdJD\",\"https:\\\/\\\/www.lingvolive.com\\\/en-us\\\/profile\\\/9ecaeaca-ce11-4e51-9e71-01d55e2bff36\\\/translations\",\"https:\\\/\\\/www.fitday.com\\\/fitness\\\/forums\\\/members\\\/iwellguard.html\",\"https:\\\/\\\/www.mymeetbook.com\\\/iwellguard\",\"https:\\\/\\\/pxhere.com\\\/en\\\/photographer-me\\\/5040798\",\"https:\\\/\\\/disqus.com\\\/by\\\/iwellguard\\\/about\\\/\",\"https:\\\/\\\/pastelink.net\\\/hjwciqwq\",\"https:\\\/\\\/pubhtml5.com\\\/homepage\\\/scjhn\\\/\",\"https:\\\/\\\/www.bitchute.com\\\/channel\\\/2O2eOKzNqujT\",\"https:\\\/\\\/audiomack.com\\\/iwellguard\"]},{\"@type\":\"Article\",\"@id\":\"https:\\\/\\\/iwell-guard.com\\\/ca\\\/lamia\\\/#article\",\"isPartOf\":{\"@id\":\"https:\\\/\\\/iwell-guard.com\\\/ca\\\/lamia\\\/\"},\"author\":{\"name\":\"Ralf Ittermann\",\"@id\":\"https:\\\/\\\/iwell-guard.com\\\/ca\\\/#\\\/schema\\\/person\\\/ee2a27f1cac3406c7c6fb5820cb7349f\"},\"headline\":\"Lamia\",\"datePublished\":\"2026-09-05T15:38:39+00:00\",\"dateModified\":\"2026-09-05T15:54:36+00:00\",\"mainEntityOfPage\":{\"@id\":\"https:\\\/\\\/iwell-guard.com\\\/ca\\\/lamia\\\/\"},\"publisher\":{\"@id\":\"https:\\\/\\\/iwell-guard.com\\\/ca\\\/#organization\"},\"image\":{\"@id\":\"https:\\\/\\\/iwell-guard.com\\\/ca\\\/lamia\\\/#primaryimage\"},\"thumbnailUrl\":\"https:\\\/\\\/iwell-guard.com\\\/wp-content\\\/uploads\\\/2026\\\/04\\\/daemonen_griechenland_lamia.webp\",\"inLanguage\":\"ca\",\"description\":\"Lamia, dimoni de sobrepart de la tradici\u00f3 grega. Seductora i raptora d'infants: la cara fosca dels mites er\u00f2tics, d'Homer a Keats.\"}]}<\/script>\n<!-- \/ Yoast SEO Premium plugin. -->","yoast_head_json":{"title":"Lamia - Dimoni de sobrepart i seductora","description":"Lamia, dimoni de sobrepart de la tradici\u00f3 grega. Seductora i raptora d'infants: la cara fosca dels mites er\u00f2tics, d'Homer a Keats.","robots":{"index":"index","follow":"follow","max-snippet":"max-snippet:-1","max-image-preview":"max-image-preview:large","max-video-preview":"max-video-preview:-1"},"canonical":"https:\/\/iwell-guard.com\/ca\/lamia\/","og_locale":"ca_ES","og_type":"article","og_title":"Lamia","og_description":"Lamia, dimoni de sobrepart de la tradici\u00f3 grega. Seductora i raptora d'infants: la cara fosca dels mites er\u00f2tics, d'Homer a Keats.","og_url":"https:\/\/iwell-guard.com\/ca\/lamia\/","og_site_name":"iWell Guard","article_modified_time":"2026-09-05T15:54:36+00:00","og_image":[{"width":1024,"height":1536,"url":"https:\/\/iwell-guard.com\/wp-content\/uploads\/2026\/04\/daemonen_griechenland_lamia.webp","type":"image\/webp"}],"twitter_card":"summary_large_image","schema":{"@context":"https:\/\/schema.org","@graph":[{"@type":"Article","@id":"https:\/\/iwell-guard.com\/ca\/lamia\/#article","isPartOf":{"@id":"https:\/\/iwell-guard.com\/ca\/lamia\/"},"author":{"name":"Ralf Ittermann","@id":"https:\/\/iwell-guard.com\/ca\/#\/schema\/person\/ee2a27f1cac3406c7c6fb5820cb7349f"},"headline":"Lamia","datePublished":"2026-09-05T15:38:39+00:00","dateModified":"2026-09-05T15:54:36+00:00","mainEntityOfPage":{"@id":"https:\/\/iwell-guard.com\/ca\/lamia\/"},"publisher":{"@id":"https:\/\/iwell-guard.com\/ca\/#organization"},"image":{"@id":"https:\/\/iwell-guard.com\/ca\/lamia\/#primaryimage"},"thumbnailUrl":"https:\/\/iwell-guard.com\/wp-content\/uploads\/2026\/04\/daemonen_griechenland_lamia.webp","inLanguage":"ca","description":"Lamia, dimoni de sobrepart de la tradici\u00f3 grega. Seductora i raptora d'infants: la cara fosca dels mites er\u00f2tics, d'Homer a Keats."},{"@type":"WebPage","@id":"https:\/\/iwell-guard.com\/ca\/lamia\/","url":"https:\/\/iwell-guard.com\/ca\/lamia\/","name":"Lamia - Dimoni de sobrepart i seductora","isPartOf":{"@id":"https:\/\/iwell-guard.com\/ca\/#website"},"primaryImageOfPage":{"@id":"https:\/\/iwell-guard.com\/ca\/lamia\/#primaryimage"},"image":{"@id":"https:\/\/iwell-guard.com\/ca\/lamia\/#primaryimage"},"thumbnailUrl":"https:\/\/iwell-guard.com\/wp-content\/uploads\/2026\/04\/daemonen_griechenland_lamia.webp","datePublished":"2026-09-05T15:38:39+00:00","dateModified":"2026-09-05T15:54:36+00:00","description":"Lamia, dimoni de sobrepart de la tradici\u00f3 grega. Seductora i raptora d'infants: la cara fosca dels mites er\u00f2tics, d'Homer a Keats.","breadcrumb":{"@id":"https:\/\/iwell-guard.com\/ca\/lamia\/#breadcrumb"},"inLanguage":"ca","potentialAction":[{"@type":"ReadAction","target":["https:\/\/iwell-guard.com\/ca\/lamia\/"]}]},{"@type":"ImageObject","inLanguage":"ca","@id":"https:\/\/iwell-guard.com\/ca\/lamia\/#primaryimage","url":"https:\/\/iwell-guard.com\/wp-content\/uploads\/2026\/04\/daemonen_griechenland_lamia.webp","contentUrl":"https:\/\/iwell-guard.com\/wp-content\/uploads\/2026\/04\/daemonen_griechenland_lamia.webp","width":1024,"height":1536,"caption":"Dimonis de la tradici\u00f3 grega."},{"@type":"BreadcrumbList","@id":"https:\/\/iwell-guard.com\/ca\/lamia\/#breadcrumb","itemListElement":[{"@type":"ListItem","position":1,"name":"Start","item":"https:\/\/iwell-guard.com\/ca\/?page_id=171333"},{"@type":"ListItem","position":2,"name":"Lamia"}]},{"@type":"WebSite","@id":"https:\/\/iwell-guard.com\/ca\/#website","url":"https:\/\/iwell-guard.com\/ca\/","name":"iWell Guard","description":"Schutz vor dunklen Einfl\u00fcssen","publisher":{"@id":"https:\/\/iwell-guard.com\/ca\/#organization"},"potentialAction":[{"@type":"SearchAction","target":{"@type":"EntryPoint","urlTemplate":"https:\/\/iwell-guard.com\/ca\/?s={search_term_string}"},"query-input":{"@type":"PropertyValueSpecification","valueRequired":true,"valueName":"search_term_string"}}],"inLanguage":"ca"},{"@type":"Organization","@id":"https:\/\/iwell-guard.com\/ca\/#organization","name":"Ittermann electronic GmbH","url":"https:\/\/iwell-guard.com\/ca\/","logo":{"@type":"ImageObject","inLanguage":"ca","@id":"https:\/\/iwell-guard.com\/ca\/#\/schema\/logo\/image\/","url":"https:\/\/iwell-guard.com\/wp-content\/uploads\/2026\/05\/Ittermann-Logo-1182x237-1.png","contentUrl":"https:\/\/iwell-guard.com\/wp-content\/uploads\/2026\/05\/Ittermann-Logo-1182x237-1.png","width":1182,"height":237,"caption":"Ittermann electronic GmbH"},"image":{"@id":"https:\/\/iwell-guard.com\/ca\/#\/schema\/logo\/image\/"},"sameAs":["https:\/\/pantip.com\/profile\/9367242","https:\/\/micro.blog\/iwellguard","https:\/\/www.diggerslist.com\/iwellguard\/about","https:\/\/skitterphoto.com\/photographers\/2870314\/iwell-guard","https:\/\/iwellguard.wordpress.com\/2026\/06\/06\/iwell-guard\/","https:\/\/hub.docker.com\/u\/iwellguard","https:\/\/www.pinterest.com\/iwellguard\/","https:\/\/bit.ly\/m\/iwellguard","https:\/\/entre-vos-mains.alsace.eu\/profiles\/iwellguard\/activity","https:\/\/gravatar.com\/reallybeded8fd34","https:\/\/naijamatta.com\/iwellguard","https:\/\/www.goodreads.com\/iwellguard","https:\/\/profile.hatena.ne.jp\/iwellguard\/","https:\/\/experiment.com\/users\/iwellguard","https:\/\/wakelet.com\/@iWellGuard82270","https:\/\/www.chordie.com\/forum\/profile.php?id=2555664","https:\/\/www.instapaper.com\/p\/17757966","https:\/\/www.mapleprimes.com\/users\/iwellguard","https:\/\/businesslistingplus.com\/profile\/iwell-guard\/","https:\/\/telegra.ph\/iWell-Guard-06-06","https:\/\/pbase.com\/iwellguard\/iwellguard","https:\/\/b.hatena.ne.jp\/iwellguard\/20260607#bookmark-4788405196491818882","https:\/\/fliphtml5.com\/home\/iwellguard","https:\/\/anyflip.com\/homepage\/cmiwl#About","https:\/\/transfur.com\/Users\/iwellguard","http:\/\/delphi.larsbo.org\/user\/iwellguard","https:\/\/jobs.lajobsportal.org\/profiles\/8380803-iwell-guard","https:\/\/md.chaosdorf.de\/s\/jfbe5SBdJD","https:\/\/www.lingvolive.com\/en-us\/profile\/9ecaeaca-ce11-4e51-9e71-01d55e2bff36\/translations","https:\/\/www.fitday.com\/fitness\/forums\/members\/iwellguard.html","https:\/\/www.mymeetbook.com\/iwellguard","https:\/\/pxhere.com\/en\/photographer-me\/5040798","https:\/\/disqus.com\/by\/iwellguard\/about\/","https:\/\/pastelink.net\/hjwciqwq","https:\/\/pubhtml5.com\/homepage\/scjhn\/","https:\/\/www.bitchute.com\/channel\/2O2eOKzNqujT","https:\/\/audiomack.com\/iwellguard"]},{"@type":"Person","@id":"https:\/\/iwell-guard.com\/ca\/#\/schema\/person\/ee2a27f1cac3406c7c6fb5820cb7349f","name":"Ralf Ittermann","image":{"@type":"ImageObject","inLanguage":"ca","@id":"https:\/\/secure.gravatar.com\/avatar\/073c0153e350a5005b68eb752b445fea71f6b24a26da9449ad7e155e6b446c9d?s=96&d=mm&r=g","url":"https:\/\/secure.gravatar.com\/avatar\/073c0153e350a5005b68eb752b445fea71f6b24a26da9449ad7e155e6b446c9d?s=96&d=mm&r=g","contentUrl":"https:\/\/secure.gravatar.com\/avatar\/073c0153e350a5005b68eb752b445fea71f6b24a26da9449ad7e155e6b446c9d?s=96&d=mm&r=g","caption":"Ralf Ittermann"},"givenName":"Ralf","familyName":"Ittermann","jobTitle":"Gesch\u00e4ftsf\u00fchrer und redaktioneller Verantwortlicher","url":"https:\/\/iwell-guard.com\/ca\/author\/claude\/","description":"Ralf Ittermann ist Gesch\u00e4ftsf\u00fchrer der Ittermann electronic GmbH und redaktioneller Verantwortlicher des iWell-Guard-Lexikons. Er verbindet langj\u00e4hrige Erfahrung in der Pr\u00e4zisionsfertigung mit medialer Praxis und religionsgeschichtlicher Quellenarbeit.","worksFor":{"@type":"Organization","name":"Ittermann electronic GmbH","url":"https:\/\/ittermann.de\/","address":{"@type":"PostalAddress","streetAddress":"K\u00f6hlergasse 16-18","postalCode":"99842","addressLocality":"Ruhla","addressCountry":"DE"}},"knowsAbout":["Religionsgeschichte","Mythologie","Mediale Praxis","Energetische Diagnostik","Schutzpraxis","Volksglauben","Westliche Esoterik"]},{"@type":"Article","@id":"https:\/\/iwell-guard.com\/ca\/lamia\/#article","isPartOf":{"@id":"https:\/\/iwell-guard.com\/ca\/lamia\/"},"author":{"name":"Ralf Ittermann","@id":"https:\/\/iwell-guard.com\/ca\/#\/schema\/person\/ee2a27f1cac3406c7c6fb5820cb7349f"},"headline":"Lamia","datePublished":"2026-09-05T15:38:39+00:00","dateModified":"2026-09-05T15:54:36+00:00","mainEntityOfPage":{"@id":"https:\/\/iwell-guard.com\/ca\/lamia\/"},"publisher":{"@id":"https:\/\/iwell-guard.com\/ca\/#organization"},"image":{"@id":"https:\/\/iwell-guard.com\/ca\/lamia\/#primaryimage"},"thumbnailUrl":"https:\/\/iwell-guard.com\/wp-content\/uploads\/2026\/04\/daemonen_griechenland_lamia.webp","inLanguage":"ca","description":"Lamia, dimoni de sobrepart de la tradici\u00f3 grega. Seductora i raptora d'infants: la cara fosca dels mites er\u00f2tics, d'Homer a Keats."}]}},"_links":{"self":[{"href":"https:\/\/iwell-guard.com\/ca\/wp-json\/wp\/v2\/pages\/171350","targetHints":{"allow":["GET"]}}],"collection":[{"href":"https:\/\/iwell-guard.com\/ca\/wp-json\/wp\/v2\/pages"}],"about":[{"href":"https:\/\/iwell-guard.com\/ca\/wp-json\/wp\/v2\/types\/page"}],"author":[{"embeddable":true,"href":"https:\/\/iwell-guard.com\/ca\/wp-json\/wp\/v2\/users\/3"}],"replies":[{"embeddable":true,"href":"https:\/\/iwell-guard.com\/ca\/wp-json\/wp\/v2\/comments?post=171350"}],"version-history":[{"count":0,"href":"https:\/\/iwell-guard.com\/ca\/wp-json\/wp\/v2\/pages\/171350\/revisions"}],"wp:featuredmedia":[{"embeddable":true,"href":"https:\/\/iwell-guard.com\/ca\/wp-json\/wp\/v2\/media\/1700"}],"wp:attachment":[{"href":"https:\/\/iwell-guard.com\/ca\/wp-json\/wp\/v2\/media?parent=171350"}],"wp:term":[{"taxonomy":"category","embeddable":true,"href":"https:\/\/iwell-guard.com\/ca\/wp-json\/wp\/v2\/categories?post=171350"}],"curies":[{"name":"wp","href":"https:\/\/api.w.org\/{rel}","templated":true}]}}